{"id":168582,"date":"2026-09-05T14:01:19","date_gmt":"2026-09-05T14:01:19","guid":{"rendered":"https:\/\/iwell-guard.com\/?page_id=168582"},"modified":"2026-09-05T14:14:11","modified_gmt":"2026-09-05T14:14:11","slug":"lamashtu","status":"publish","type":"page","link":"https:\/\/iwell-guard.com\/is\/lamashtu\/","title":{"rendered":"Lamashtu"},"content":{"rendered":"\t\t<div data-elementor-type=\"wp-page\" data-elementor-id=\"168582\" class=\"elementor elementor-168582 elementor-702\" data-elementor-post-type=\"page\">\n\t\t\t\t<div class=\"elementor-element elementor-element-10fdade e-flex e-con-boxed e-con e-parent\" data-id=\"10fdade\" data-element_type=\"container\" data-e-type=\"container\" data-settings=\"{&quot;background_background&quot;:&quot;classic&quot;}\">\n\t\t\t\t\t<div class=\"e-con-inner\">\n\t\t<div class=\"elementor-element elementor-element-herohlft0 e-flex e-con-boxed e-con e-child\" data-id=\"herohlft0\" data-element_type=\"container\" data-e-type=\"container\">\n\t\t\t\t\t<div class=\"e-con-inner\">\n\t\t<div class=\"elementor-element elementor-element-c3ceb64 e-con-full e-flex e-con e-child\" data-id=\"c3ceb64\" data-element_type=\"container\" data-e-type=\"container\">\n\t\t\t\t<div class=\"elementor-element elementor-element-96ae5e1 elementor-widget elementor-widget-heading\" data-id=\"96ae5e1\" data-element_type=\"widget\" data-e-type=\"widget\" data-widget_type=\"heading.default\">\n\t\t\t\t\t<h1 class=\"elementor-heading-title elementor-size-default\">Lamashtu, dj\u00f6full mes\u00f3p\u00f3tam\u00edskrar hef\u00f0ar<\/h1>\t\t\t\t<\/div>\n\t\t\t\t<div class=\"elementor-element elementor-element-e45238a elementor-widget elementor-widget-text-editor\" data-id=\"e45238a\" data-element_type=\"widget\" data-e-type=\"widget\" data-widget_type=\"text-editor.default\">\n\t\t\t\t\t\t\t\t\t<p>Lamashtu er dj\u00f6full mes\u00f3p\u00f3tam\u00edskrar hef\u00f0ar.<\/p><p><strong>Barnsbur\u00f0ar- og barnsfarard\u00eds hins forna Tv\u00edfl\u00e6\u00f0ilands.<\/strong><\/p>\t\t\t\t\t\t\t\t<\/div>\n\t\t\t\t<\/div>\n\t\t<div class=\"elementor-element elementor-element-klsbdg01 e-con-full e-flex e-con e-parent\" data-id=\"klsbdg01\" data-element_type=\"container\" data-e-type=\"container\">\n\t\t\t\t<div class=\"elementor-element elementor-element-klshtm01 elementor-widget elementor-widget-html\" data-id=\"klshtm01\" data-element_type=\"widget\" data-e-type=\"widget\" data-widget_type=\"html.default\">\n\t\t\t\t\t<div class=\"iwg-pill-row\"><span class=\"iwg-klasse-badge\" tabindex=\"0\" data-tooltip=\"Dj\u00f6full \/ d\u00eds: Yfirn\u00e1tt\u00farulegt vera me\u00f0 yfirleitt ska\u00f0lega e\u00f0a tv\u00edr\u00e6\u00f0a virkni. Stendur \u00e1 milli gu\u00f0a og manna, veldur sj\u00fakd\u00f3mum, t\u00e6lingu e\u00f0a \u00f3l\u00e1ni og er varist me\u00f0 \u00e1kv\u00f6r\u00f0unaror\u00f0um, verndargripum og ath\u00f6fnum.\">D\u00eds<\/span><a href=\"https:\/\/iwell-guard.com\/is\/?page_id=168583\" class=\"iwg-kultur-badge\" tabindex=\"0\" data-tooltip=\"Vagga hinna skjalfestu tr\u00faarbrag\u00f0a, S\u00famer, Akkad, Bab\u00fdlon, Ass\u00fdr\u00eda (u.\u00fe.b. 3500 f.Kr. til 330 f.Kr.).\">Mes\u00f3p\u00f3tam\u00eda<\/a><\/div>\t\t\t\t<\/div>\n\t\t\t\t<\/div>\n\t\t<div class=\"elementor-element elementor-element-3f74855 e-con-full e-flex e-con e-child\" data-id=\"3f74855\" data-element_type=\"container\" data-e-type=\"container\">\n\t\t\t\t<div class=\"elementor-element elementor-element-1c30362 elementor-toc--minimized-on-tablet elementor-widget elementor-widget-table-of-contents\" data-id=\"1c30362\" data-element_type=\"widget\" data-e-type=\"widget\" data-settings=\"{&quot;exclude_headings_by_selector&quot;:[],&quot;no_headings_message&quot;:&quot;Engar undirfyrirsagnir fundust \\u00e1 \\u00feessari s\\u00ed\\u00f0u.&quot;,&quot;headings_by_tags&quot;:[&quot;h2&quot;,&quot;h3&quot;],&quot;marker_view&quot;:&quot;bullets&quot;,&quot;minimize_box&quot;:&quot;yes&quot;,&quot;icon&quot;:{&quot;value&quot;:&quot;fas fa-circle&quot;,&quot;library&quot;:&quot;fa-solid&quot;,&quot;rendered_tag&quot;:&quot;&lt;svg class=\\&quot;e-font-icon-svg e-fas-circle\\&quot; viewBox=\\&quot;0 0 512 512\\&quot; xmlns=\\&quot;http:\\\/\\\/www.w3.org\\\/2000\\\/svg\\&quot;&gt;&lt;path d=\\&quot;M256 8C119 8 8 119 8 256s111 248 248 248 248-111 248-248S393 8 256 8z\\&quot;&gt;&lt;\\\/path&gt;&lt;\\\/svg&gt;&quot;},&quot;minimized_on&quot;:&quot;tablet&quot;,&quot;hierarchical_view&quot;:&quot;yes&quot;,&quot;min_height&quot;:{&quot;unit&quot;:&quot;px&quot;,&quot;size&quot;:&quot;&quot;,&quot;sizes&quot;:[]},&quot;min_height_tablet&quot;:{&quot;unit&quot;:&quot;px&quot;,&quot;size&quot;:&quot;&quot;,&quot;sizes&quot;:[]},&quot;min_height_mobile&quot;:{&quot;unit&quot;:&quot;px&quot;,&quot;size&quot;:&quot;&quot;,&quot;sizes&quot;:[]}}\" data-widget_type=\"table-of-contents.default\">\n\t\t\t\t\t\t\t\t\t<div class=\"elementor-toc__header\">\n\t\t\t\t\t\t<h2 class=\"elementor-toc__header-title\">\n\t\t\t\tEfnisyfirlit\t\t\t<\/h2>\n\t\t\t\t\t\t\t\t\t\t<div class=\"elementor-toc__toggle-button elementor-toc__toggle-button--expand\" role=\"button\" tabindex=\"0\" aria-controls=\"elementor-toc__1c30362\" aria-expanded=\"true\" aria-label=\"Open table of contents\"><svg aria-hidden=\"true\" class=\"e-font-icon-svg e-fas-chevron-down\" viewBox=\"0 0 448 512\" xmlns=\"http:\/\/www.w3.org\/2000\/svg\"><path d=\"M207.029 381.476L12.686 187.132c-9.373-9.373-9.373-24.569 0-33.941l22.667-22.667c9.357-9.357 24.522-9.375 33.901-.04L224 284.505l154.745-154.021c9.379-9.335 24.544-9.317 33.901.04l22.667 22.667c9.373 9.373 9.373 24.569 0 33.941L240.971 381.476c-9.373 9.372-24.569 9.372-33.942 0z\"><\/path><\/svg><\/div>\n\t\t\t\t<div class=\"elementor-toc__toggle-button elementor-toc__toggle-button--collapse\" role=\"button\" tabindex=\"0\" aria-controls=\"elementor-toc__1c30362\" aria-expanded=\"true\" aria-label=\"Close table of contents\"><svg aria-hidden=\"true\" class=\"e-font-icon-svg e-fas-chevron-up\" viewBox=\"0 0 448 512\" xmlns=\"http:\/\/www.w3.org\/2000\/svg\"><path d=\"M240.971 130.524l194.343 194.343c9.373 9.373 9.373 24.569 0 33.941l-22.667 22.667c-9.357 9.357-24.522 9.375-33.901.04L224 227.495 69.255 381.516c-9.379 9.335-24.544 9.317-33.901-.04l-22.667-22.667c-9.373-9.373-9.373-24.569 0-33.941L207.03 130.525c9.372-9.373 24.568-9.373 33.941-.001z\"><\/path><\/svg><\/div>\n\t\t\t\t\t<\/div>\n\t\t\t\t<div id=\"elementor-toc__1c30362\" class=\"elementor-toc__body\">\n\t\t\t<div class=\"elementor-toc__spinner-container\">\n\t\t\t\t<svg class=\"elementor-toc__spinner eicon-animation-spin e-font-icon-svg e-eicon-loading\" aria-hidden=\"true\" viewBox=\"0 0 1000 1000\" xmlns=\"http:\/\/www.w3.org\/2000\/svg\"><path d=\"M500 975V858C696 858 858 696 858 500S696 142 500 142 142 304 142 500H25C25 237 238 25 500 25S975 237 975 500 763 975 500 975Z\"><\/path><\/svg>\t\t\t<\/div>\n\t\t<\/div>\n\t\t\t\t\t\t<\/div>\n\t\t\t\t<\/div>\n\t\t\t\t\t<\/div>\n\t\t\t\t<\/div>\n\t\t<div class=\"elementor-element elementor-element-herorght0 e-con-full e-flex e-con e-child\" data-id=\"herorght0\" data-element_type=\"container\" data-e-type=\"container\">\n\t\t\t\t<div class=\"elementor-element elementor-element-heroimg00 iwg-hero-image elementor-widget elementor-widget-image\" data-id=\"heroimg00\" data-element_type=\"widget\" data-e-type=\"widget\" data-widget_type=\"image.default\">\n\t\t\t\t\t\t\t\t\t\t\t\t\t\t\t<img fetchpriority=\"high\" decoding=\"async\" width=\"683\" height=\"1024\" src=\"https:\/\/iwell-guard.com\/wp-content\/uploads\/2026\/04\/Lamashtu-ueber-schlafendem-Kind-683x1024.webp\" class=\"attachment-large size-large wp-image-171178\" alt=\"Lamashtu yfir sofandi barni\" srcset=\"https:\/\/iwell-guard.com\/wp-content\/uploads\/2026\/04\/Lamashtu-ueber-schlafendem-Kind-683x1024.webp 683w, https:\/\/iwell-guard.com\/wp-content\/uploads\/2026\/04\/Lamashtu-ueber-schlafendem-Kind-200x300.webp 200w, https:\/\/iwell-guard.com\/wp-content\/uploads\/2026\/04\/Lamashtu-ueber-schlafendem-Kind-768x1152.webp 768w, https:\/\/iwell-guard.com\/wp-content\/uploads\/2026\/04\/Lamashtu-ueber-schlafendem-Kind.webp 1024w\" sizes=\"(max-width: 683px) 100vw, 683px\" \/>\t\t\t\t\t\t\t\t\t\t\t\t\t\t\t<\/div>\n\t\t\t\t<\/div>\n\t\t\t\t\t<\/div>\n\t\t\t\t<\/div>\n\t\t<div class=\"elementor-element elementor-element-32917199 e-flex e-con-boxed e-con e-parent\" data-id=\"32917199\" data-element_type=\"container\" data-e-type=\"container\">\n\t\t\t\t\t<div class=\"e-con-inner\">\n\t\t<div class=\"elementor-element elementor-element-26e916cb e-flex e-con-boxed e-con e-child\" data-id=\"26e916cb\" data-element_type=\"container\" data-e-type=\"container\">\n\t\t\t\t\t<div class=\"e-con-inner\">\n\t\t<div class=\"elementor-element elementor-element-253a40d4 e-flex e-con-boxed e-con e-child\" data-id=\"253a40d4\" data-element_type=\"container\" data-e-type=\"container\">\n\t\t\t\t\t<div class=\"e-con-inner\">\n\t\t\t\t<div class=\"elementor-element elementor-element-1200c304 elementor-widget elementor-widget-heading\" data-id=\"1200c304\" data-element_type=\"widget\" data-e-type=\"widget\" data-widget_type=\"heading.default\">\n\t\t\t\t\t<h2 class=\"elementor-heading-title elementor-size-default\">Lamashtu<\/h2>\t\t\t\t<\/div>\n\t\t\t\t<div class=\"elementor-element elementor-element-11758e7f elementor-widget elementor-widget-text-editor\" data-id=\"11758e7f\" data-element_type=\"widget\" data-e-type=\"widget\" data-widget_type=\"text-editor.default\">\n\t\t\t\t\t\t\t\t\t<p>Lamashtu telst til \u00feeirra dj\u00f6fla hins forna Tv\u00edfl\u00e6\u00f0ilands sem best er var\u00f0veitt heimildir um. \u00d3l\u00edkt m\u00f6rgum nafnlausum sj\u00fakd\u00f3ms- e\u00f0a vindv\u00e6ttum kemur h\u00fan fram \u00ed fleygr\u00fanatextum sem sj\u00e1lfst\u00e6\u00f0 vera me\u00f0 eigin uppruna, \u00e1kve\u00f0i\u00f0 verksvi\u00f0 og einkennandi myndm\u00e1l. H\u00fan \u00f3gnar \u00feungu\u00f0um konum, s\u00e6ngurkonum og n\u00fdburum, veldur hita og \u00f3r\u00f3leika og er tengd barnadau\u00f0a, f\u00f3sturl\u00e1tum og svok\u00f6llu\u00f0um \u201ebarnar\u00e6ningja&#8220;-minnum.<\/p><p>Til varnar gegn \u00e1r\u00e1sum hennar \u00fer\u00f3a\u00f0i Mes\u00f3p\u00f3tam\u00eda \u00fe\u00e9ttri\u00f0i\u00f0 net \u00e1kv\u00f6r\u00f0unaror\u00f0a, verndargripa og athafna, \u00fear sem verndarv\u00e6ttin Pazuzu var \u00ed mi\u00f0ju alveg fram \u00e1 s\u00ed\u00f0t\u00edma Ass\u00fdr\u00edu og Bab\u00fdl\u00f3n\u00edu.<\/p>\t\t\t\t\t\t\t\t<\/div>\n\t\t\t\t\t<\/div>\n\t\t\t\t<\/div>\n\t\t<div class=\"elementor-element elementor-element-159dcf9a e-flex e-con-boxed e-con e-child\" data-id=\"159dcf9a\" data-element_type=\"container\" data-e-type=\"container\">\n\t\t\t\t\t<div class=\"e-con-inner\">\n\t\t\t\t<div class=\"elementor-element elementor-element-48cee66f elementor-widget elementor-widget-heading\" data-id=\"48cee66f\" data-element_type=\"widget\" data-e-type=\"widget\" data-widget_type=\"heading.default\">\n\t\t\t\t\t<h2 class=\"elementor-heading-title elementor-size-default\">Skyndiyfirlit: Lamashtu<\/h2>\t\t\t\t<\/div>\n\t\t\t\t<div class=\"elementor-element elementor-element-3f50d82c elementor-widget elementor-widget-text-editor\" data-id=\"3f50d82c\" data-element_type=\"widget\" data-e-type=\"widget\" data-widget_type=\"text-editor.default\">\n\t\t\t\t\t\t\t\t\t<p><strong>Ger\u00f0:<\/strong> Sj\u00fakd\u00f3ms- og f\u00e6\u00f0ingard\u00eds<br>Uppruni: D\u00f3ttir himingu\u00f0sins Anu<br>Textar: Lamashtu-runan, \u00e1kv\u00f6r\u00f0unaror\u00f0, sj\u00fakd\u00f3msgreiningart\u00f6flur<br>T\u00edmabil: 2.\u20131. \u00e1r\u00fe\u00fasund f.Kr.<br>\u00datbrei\u00f0sla: Bab\u00fdlon\u00eda, Ass\u00fdr\u00eda, \u00f6nnur \u00e1hrifasv\u00e6\u00f0i<br>V\u00f6rn: Pazuzu-verndargripir, \u00e1kv\u00f6r\u00f0unaror\u00f0, athafnabundin brottrekstur<\/p>\t\t\t\t\t\t\t\t<\/div>\n\t\t\t\t\t<\/div>\n\t\t\t\t<\/div>\n\t\t\t\t\t<\/div>\n\t\t\t\t<\/div>\n\t\t\t\t\t<\/div>\n\t\t\t\t<\/div>\n\t\t<div class=\"elementor-element elementor-element-18613602 e-flex e-con-boxed e-con e-parent\" data-id=\"18613602\" data-element_type=\"container\" data-e-type=\"container\">\n\t\t\t\t\t<div class=\"e-con-inner\">\n\t\t\t\t<div class=\"elementor-element elementor-element-262b8a9f elementor-widget elementor-widget-heading\" data-id=\"262b8a9f\" data-element_type=\"widget\" data-e-type=\"widget\" data-widget_type=\"heading.default\">\n\t\t\t\t\t<h2 class=\"elementor-heading-title elementor-size-default\">Samhengi<\/h2>\t\t\t\t<\/div>\n\t\t<div class=\"elementor-element elementor-element-46dcb7d e-con-full e-flex e-con e-child\" data-id=\"46dcb7d\" data-element_type=\"container\" data-e-type=\"container\">\n\t\t<div class=\"elementor-element elementor-element-61d3ab3 e-flex e-con-boxed e-con e-child\" data-id=\"61d3ab3\" data-element_type=\"container\" data-e-type=\"container\">\n\t\t\t\t\t<div class=\"e-con-inner\">\n\t\t\t\t<div class=\"elementor-element elementor-element-117c166 elementor-widget elementor-widget-heading\" data-id=\"117c166\" data-element_type=\"widget\" data-e-type=\"widget\" data-widget_type=\"heading.default\">\n\t\t\t\t\t<div class=\"elementor-heading-title elementor-size-default\">T\u00edmabil textanna<\/div>\t\t\t\t<\/div>\n\t\t\t\t<div class=\"elementor-element elementor-element-73997a0 elementor-widget elementor-widget-text-editor\" data-id=\"73997a0\" data-element_type=\"widget\" data-e-type=\"widget\" data-widget_type=\"text-editor.default\">\n\t\t\t\t\t\t\t\t\t<p><span class=\"iwg-fachbegriff\" data-tooltip=\"Mi\u00f0lun \u00feekkingar og sagna kynsl\u00f3\u00f0 fram af kynsl\u00f3\u00f0.\" tabindex=\"0\">Munnm\u00e6lin<\/span> um Lamashtu eru vottu\u00f0 b\u00e6\u00f0i \u00e1 s\u00famersku og akkad\u00edsku. \u00de\u00e9ttast er efni\u00f0 \u00e1 2. og 1. \u00e1r\u00fe\u00fasundi f.Kr., s\u00e9rstaklega \u00ed hinni svok\u00f6llu\u00f0u Lamashtu-runu, safna\u00f0ri r\u00f6\u00f0 \u00e1kv\u00f6r\u00f0unaror\u00f0a og athafnafyrirm\u00e6la sem var\u00f0veitt er \u00e1 fj\u00f6lda spjalda.<\/p>\t\t\t\t\t\t\t\t<\/div>\n\t\t\t\t\t<\/div>\n\t\t\t\t<\/div>\n\t\t<div class=\"elementor-element elementor-element-d47b156 e-flex e-con-boxed e-con e-child\" data-id=\"d47b156\" data-element_type=\"container\" data-e-type=\"container\">\n\t\t\t\t\t<div class=\"e-con-inner\">\n\t\t\t\t<div class=\"elementor-element elementor-element-ff38c2b elementor-widget elementor-widget-heading\" data-id=\"ff38c2b\" data-element_type=\"widget\" data-e-type=\"widget\" data-widget_type=\"heading.default\">\n\t\t\t\t\t<div class=\"elementor-heading-title elementor-size-default\">\u00datbrei\u00f0slusv\u00e6\u00f0i<\/div>\t\t\t\t<\/div>\n\t\t\t\t<div class=\"elementor-element elementor-element-4e49fcc elementor-widget elementor-widget-text-editor\" data-id=\"4e49fcc\" data-element_type=\"widget\" data-e-type=\"widget\" data-widget_type=\"text-editor.default\">\n\t\t\t\t\t\t\t\t\t<p>Fundarsta\u00f0ir n\u00e1 fr\u00e1 Nippur, Uruk og Bab\u00fdlon til Assur og N\u00ednev\u00e9. Lamashtu er \u00feannig til sta\u00f0ar \u00ed \u00f6llu menningarsv\u00e6\u00f0i Mes\u00f3p\u00f3tam\u00edu. Hli\u00f0st\u00e6\u00f0ur og eftirfarandi \u00fatg\u00e1fur minnisins m\u00e1 einnig finna \u00e1 austurhluta Mi\u00f0jar\u00f0arhafssv\u00e6\u00f0isins fram \u00e1 <span class=\"iwg-fachbegriff\" data-tooltip=\"Umbreytingart\u00edmabil milli fornaldar og mi\u00f0aldar, u.\u00fe.b. 3. til 7. \u00f6ld.\" tabindex=\"0\">s\u00ed\u00f0forn\u00f6ld<\/span>.<\/p>\t\t\t\t\t\t\t\t<\/div>\n\t\t\t\t\t<\/div>\n\t\t\t\t<\/div>\n\t\t\t\t<\/div>\n\t\t<div class=\"elementor-element elementor-element-db03c39 e-con-full e-flex e-con e-child\" data-id=\"db03c39\" data-element_type=\"container\" data-e-type=\"container\">\n\t\t<div class=\"elementor-element elementor-element-229a87b e-flex e-con-boxed e-con e-child\" data-id=\"229a87b\" data-element_type=\"container\" data-e-type=\"container\">\n\t\t\t\t\t<div class=\"e-con-inner\">\n\t\t\t\t<div class=\"elementor-element elementor-element-1f471fc elementor-widget elementor-widget-heading\" data-id=\"1f471fc\" data-element_type=\"widget\" data-e-type=\"widget\" data-widget_type=\"heading.default\">\n\t\t\t\t\t<div class=\"elementor-heading-title elementor-size-default\">Heimildasta\u00f0a<\/div>\t\t\t\t<\/div>\n\t\t\t\t<div class=\"elementor-element elementor-element-36b1201 elementor-widget elementor-widget-text-editor\" data-id=\"36b1201\" data-element_type=\"widget\" data-e-type=\"widget\" data-widget_type=\"text-editor.default\">\n\t\t\t\t\t\t\t\t\t<p>Lamashtu-runan myndar meginkjarna textanna. \u00dear b\u00e6tast vi\u00f0 einst\u00f6k \u00e1kv\u00f6r\u00f0unaror\u00f0aspj\u00f6ld, l\u00e6knisfr\u00e6\u00f0ileg sj\u00fakd\u00f3msgreiningarspj\u00f6ld, verndargripapl\u00f6tur \u00far bronsi e\u00f0a leir me\u00f0 greyptum \u00e1kv\u00f6r\u00f0unaror\u00f0um, auk myndr\u00e6nna heimilda \u00e1 l\u00e1gmyndum og innsiglum. Fyrir mes\u00f3p\u00f3tam\u00edska d\u00eds er heimildasta\u00f0an \u00f3venju \u00fe\u00e9tt.<\/p>\t\t\t\t\t\t\t\t<\/div>\n\t\t\t\t\t<\/div>\n\t\t\t\t<\/div>\n\t\t\t\t<\/div>\n\t\t\t\t\t<\/div>\n\t\t\t\t<\/div>\n\t\t<div class=\"elementor-element elementor-element-3ae0637c e-flex e-con-boxed e-con e-parent\" data-id=\"3ae0637c\" data-element_type=\"container\" data-e-type=\"container\">\n\t\t\t\t\t<div class=\"e-con-inner\">\n\t\t\t\t<div class=\"elementor-element elementor-element-31d07739 elementor-widget elementor-widget-heading\" data-id=\"31d07739\" data-element_type=\"widget\" data-e-type=\"widget\" data-widget_type=\"heading.default\">\n\t\t\t\t\t<h2 class=\"elementor-heading-title elementor-size-default\">Nafn<\/h2>\t\t\t\t<\/div>\n\t\t<div class=\"elementor-element elementor-element-b7642947 e-con-full e-flex e-con e-child\" data-id=\"b7642947\" data-element_type=\"container\" data-e-type=\"container\">\n\t\t\t\t<div class=\"elementor-element elementor-element-a086266 elementor-widget elementor-widget-text-editor\" data-id=\"a086266\" data-element_type=\"widget\" data-e-type=\"widget\" data-widget_type=\"text-editor.default\">\n\t\t\t\t\t\t\t\t\t<p><strong>Akkad\u00edska:<\/strong> <em>Lama\u0161tu<\/em> (samkv\u00e6mt n\u00fat\u00edma umritun oft skrifa\u00f0 \u201eLamashtu&#8220;).<br>S\u00famerska: <em>Dimme<\/em>, einnig votta\u00f0 sem <em>dD\u00ccM.ME<\/em>.<br>A\u00f0rar rith\u00e6ttir: <em>Labartu<\/em> (eldri evr\u00f3pskar \u00fe\u00fd\u00f0ingar), <em>Lamashtum<\/em>.<br>Titlar og vi\u00f0urnefni: me\u00f0al annars \u201eD\u00f3ttir An\/Anu&#8220;, \u201eHin mikla d\u00f3ttir himins&#8220;.<\/p><p>\u00cd fleygr\u00fanaletri er nafn hennar oft skrifa\u00f0 me\u00f0 gu\u00f0s\u00e1kve\u00f0nisteikninu d, sem tengir hana m\u00e1lfarslega vi\u00f0 <span class=\"iwg-fachbegriff\" data-tooltip=\"Vera sem tilbe\u00f0in er sem gu\u00f0leg innan tr\u00faarbrag\u00f0a.\" tabindex=\"0\">gu\u00f0d\u00f3m<\/span>. \u00cd hlutverki s\u00ednu telst h\u00fan \u00fe\u00f3 d\u00eds: henni er ekki tilbe\u00f0in, heldur er henni varist.<\/p><p>\u00deessi tv\u00f6falda sta\u00f0a, d\u00f3ttir himingu\u00f0s en samt\u00edmis h\u00e6ttuleg vera, er mikilv\u00e6gt einkenni. H\u00fan undirstrikar a\u00f0 \u00ed Mes\u00f3p\u00f3tam\u00edu \u00fe\u00fd\u00f0ir \u201edj\u00f6fullegt&#8220; ekki sj\u00e1lfkrafa \u201eandst\u00e6tt gu\u00f0unum&#8220;. Lamashtu breytir sj\u00e1lfst\u00e6tt og \u00e1 h\u00e6ttulegan h\u00e1tt, en er heimsfr\u00e6\u00f0ilega ekki sta\u00f0sett utan hinnar gu\u00f0legu skipanar.<\/p>\t\t\t\t\t\t\t\t<\/div>\n\t\t\t\t<\/div>\n\t\t\t\t\t<\/div>\n\t\t\t\t<\/div>\n\t\t<div class=\"elementor-element elementor-element-709a44a8 e-flex e-con-boxed e-con e-parent\" data-id=\"709a44a8\" data-element_type=\"container\" data-e-type=\"container\">\n\t\t\t\t\t<div class=\"e-con-inner\">\n\t\t\t\t<div class=\"elementor-element elementor-element-2f585873 elementor-widget elementor-widget-heading\" data-id=\"2f585873\" data-element_type=\"widget\" data-e-type=\"widget\" data-widget_type=\"heading.default\">\n\t\t\t\t\t<h2 class=\"elementor-heading-title elementor-size-default\">L\u00fdsing<\/h2>\t\t\t\t<\/div>\n\t\t<div class=\"elementor-element elementor-element-70621c12 e-con-full e-flex e-con e-child\" data-id=\"70621c12\" data-element_type=\"container\" data-e-type=\"container\">\n\t\t\t\t<div class=\"elementor-element elementor-element-4296eb49 elementor-widget elementor-widget-text-editor\" data-id=\"4296eb49\" data-element_type=\"widget\" data-e-type=\"widget\" data-widget_type=\"text-editor.default\">\n\t\t\t\t\t\t\t\t\t<p><strong>\u00c1sj\u00f3na<\/strong><\/p><p>Lamashtu er l\u00fdst \u00ed textum og myndum sem samsettri veru.<\/p><p>D\u00e6miger\u00f0 einkenni eru lj\u00f3nsh\u00f6fu\u00f0 e\u00f0a lj\u00f3nslegt andlit, asnatennur, mannlegur e\u00f0a a\u00f0 hluta fuglslegur efri hluti l\u00edkamans, kl\u00e6r e\u00f0a fuglakl\u00e6r \u00e1 f\u00f3tum, langt og fl\u00f3ki\u00f0 h\u00e1r og bert brj\u00f3st \u00fear sem h\u00fan gefur d\u00fdrum a\u00f0 drekka, oft gr\u00eds og hundi. \u00cd h\u00f6ndunum heldur h\u00fan oft \u00e1 h\u00f6ggormum.<\/p><p><strong>Heg\u00f0un<\/strong><\/p><p>Textarnir l\u00fdsa verki hennar me\u00f0 endurteknum minnum. H\u00fan skr\u00ed\u00f0ur \u201einn um gluggann eins og h\u00f6ggormur&#8220;, l\u00ed\u00f0ur inn \u00ed h\u00fasi\u00f0, r\u00e9ttir h\u00f6ndina a\u00f0 kvi\u00f0i \u00feunga\u00f0rar konu e\u00f0a tekur n\u00fdburann af brj\u00f3sti m\u00f3\u00f0urinnar.<\/p><p>H\u00fan starfar \u00ed leyni, gjarnan \u00e1 n\u00f3ttunni og \u00e1 veikleikastundum: \u00ed f\u00e6\u00f0ingu, \u00ed s\u00e6ngurlegu, \u00ed svefni barnanna.<\/p><p><strong>Verksvi\u00f0<\/strong><\/p><p>\u00c1hrif hennar sn\u00faa s\u00e9rstaklega a\u00f0 \u00feungu\u00f0um konum og \u00f3f\u00e6ddum b\u00f6rnum (f\u00f3sturl\u00e1t, andvana f\u00e6\u00f0ing), s\u00e6ngurkonum (barnsfarars\u00f3tt, ge\u00f0r\u00e6n \u00f6rm\u00f6gnun), ungb\u00f6rnum og sm\u00e1b\u00f6rnum (skyndilegur barnadau\u00f0i, \u00f3\u00fatsk\u00fdr\u00f0ur hiti, krampar), m\u00e6\u00f0rum me\u00f0 barn \u00e1 brj\u00f3sti (mj\u00f3lkurskortur, s\u00fdkingar) og fer\u00f0al\u00f6ngum og hinum veikbur\u00f0a \u00ed ey\u00f0im\u00f6rkinni. H\u00fan er \u00feannig fyrst og fremst d\u00eds hins heimilislega r\u00fdmis og vi\u00f0kv\u00e6mustu l\u00edfsskei\u00f0anna.<\/p><p><strong>Go\u00f0sagnalegur uppruni<\/strong><\/p><p>Lamashtu er \u00ed textunum k\u00f6llu\u00f0 d\u00f3ttir himingu\u00f0sins Anu. Vegna heg\u00f0unar sinnar er henni varpa\u00f0 ni\u00f0ur af himnum til heims mannanna. Sagan fylgir mynstri sem oft kemur fyrir \u00ed Mes\u00f3p\u00f3tam\u00edu: Vera er gu\u00f0leg a\u00f0 uppruna en h\u00e6ttuleg \u00ed verki. Hi\u00f0 illa er \u00feannig ekki andst\u00e6\u00f0 frumregla, heldur skipan sem hefur fari\u00f0 \u00far b\u00f6ndum.<\/p>\t\t\t\t\t\t\t\t<\/div>\n\t\t\t\t<\/div>\n\t\t\t\t\t<\/div>\n\t\t\t\t<\/div>\n\t\t<div class=\"elementor-element elementor-element-44e71476 e-flex e-con-boxed e-con e-parent\" data-id=\"44e71476\" data-element_type=\"container\" data-e-type=\"container\">\n\t\t\t\t\t<div class=\"e-con-inner\">\n\t\t\t\t<div class=\"elementor-element elementor-element-3c1fc3f0 elementor-widget elementor-widget-heading\" data-id=\"3c1fc3f0\" data-element_type=\"widget\" data-e-type=\"widget\" data-widget_type=\"heading.default\">\n\t\t\t\t\t<h2 class=\"elementor-heading-title elementor-size-default\">Skyndiyfirlit: Lamashtu<\/h2>\t\t\t\t<\/div>\n\t\t<div class=\"elementor-element elementor-element-84f33b8e e-con-full e-flex e-con e-child\" data-id=\"84f33b8e\" data-element_type=\"container\" data-e-type=\"container\">\n\t\t\t\t<div class=\"elementor-element elementor-element-hqkdc67p elementor-widget elementor-widget-text-editor\" data-id=\"hqkdc67p\" data-element_type=\"widget\" data-e-type=\"widget\" data-widget_type=\"text-editor.default\">\n\t\t\t\t\t\t\t\t\t<p>Mikilv\u00e6gustu \u00fe\u00e6ttir Lamashtu \u00ed hnotskurn. N\u00e1nari umfj\u00f6llun um nafn, l\u00fdsingu, varnir og hli\u00f0st\u00e6\u00f0ur m\u00e1 finna \u00ed eftirfarandi k\u00f6flum.<\/p>\t\t\t\t\t\t\t\t<\/div>\n\t\t\t\t<\/div>\n\t\t<div class=\"elementor-element elementor-element-pemmx7c5 e-con-full e-flex e-con e-child\" data-id=\"pemmx7c5\" data-element_type=\"container\" data-e-type=\"container\">\n\t\t<div class=\"elementor-element elementor-element-pemmx7c1 e-con-full e-flex e-con e-child\" data-id=\"pemmx7c1\" data-element_type=\"container\" data-e-type=\"container\">\n\t\t<div class=\"elementor-element elementor-element-qh9oavvu iwg-steckbrief-card e-flex e-con-boxed e-con e-child\" data-id=\"qh9oavvu\" data-element_type=\"container\" data-e-type=\"container\">\n\t\t\t\t\t<div class=\"e-con-inner\">\n\t\t\t\t<div class=\"elementor-element elementor-element-awzx8k2k elementor-widget elementor-widget-heading\" data-id=\"awzx8k2k\" data-element_type=\"widget\" data-e-type=\"widget\" data-widget_type=\"heading.default\">\n\t\t\t\t\t<div class=\"elementor-heading-title elementor-size-default\">Uppruni Lamashtu<\/div>\t\t\t\t<\/div>\n\t\t\t\t<div class=\"elementor-element elementor-element-x6rowhv0 elementor-widget elementor-widget-text-editor\" data-id=\"x6rowhv0\" data-element_type=\"widget\" data-e-type=\"widget\" data-widget_type=\"text-editor.default\">\n\t\t\t\t\t\t\t\t\t<p>D\u00f3ttir himingu\u00f0sins Anu, varpa\u00f0 ni\u00f0ur af himnum. Nafn oft skrifa\u00f0 me\u00f0 gu\u00f0s\u00e1kve\u00f0nisteikni, gu\u00f0legur uppruni, en ekki tilbe\u00f0in.<\/p>\t\t\t\t\t\t\t\t<\/div>\n\t\t\t\t\t<\/div>\n\t\t\t\t<\/div>\n\t\t<div class=\"elementor-element elementor-element-8e3o4kxs iwg-steckbrief-card e-flex e-con-boxed e-con e-child\" data-id=\"8e3o4kxs\" data-element_type=\"container\" data-e-type=\"container\">\n\t\t\t\t\t<div class=\"e-con-inner\">\n\t\t\t\t<div class=\"elementor-element elementor-element-08rkdgov elementor-widget elementor-widget-heading\" data-id=\"08rkdgov\" data-element_type=\"widget\" data-e-type=\"widget\" data-widget_type=\"heading.default\">\n\t\t\t\t\t<div class=\"elementor-heading-title elementor-size-default\">Vi\u00f0takendur<\/div>\t\t\t\t<\/div>\n\t\t\t\t<div class=\"elementor-element elementor-element-uwjelx8s elementor-widget elementor-widget-text-editor\" data-id=\"uwjelx8s\" data-element_type=\"widget\" data-e-type=\"widget\" data-widget_type=\"text-editor.default\">\n\t\t\t\t\t\t\t\t\t<p>\u00deunga\u00f0ar konur, s\u00e6ngurkonur, n\u00fdburar, m\u00e6\u00f0ur me\u00f0 barn \u00e1 brj\u00f3sti, sm\u00e1b\u00f6rn. Verkar a\u00f0allega \u00ed heimilislegu r\u00fdmi og \u00e1 me\u00f0an f\u00e6\u00f0ingu.<\/p>\t\t\t\t\t\t\t\t<\/div>\n\t\t\t\t\t<\/div>\n\t\t\t\t<\/div>\n\t\t<div class=\"elementor-element elementor-element-jm2n74ec iwg-steckbrief-card e-flex e-con-boxed e-con e-child\" data-id=\"jm2n74ec\" data-element_type=\"container\" data-e-type=\"container\">\n\t\t\t\t\t<div class=\"e-con-inner\">\n\t\t\t\t<div class=\"elementor-element elementor-element-8vufse4c elementor-widget elementor-widget-heading\" data-id=\"8vufse4c\" data-element_type=\"widget\" data-e-type=\"widget\" data-widget_type=\"heading.default\">\n\t\t\t\t\t<div class=\"elementor-heading-title elementor-size-default\">\u00c1sj\u00f3na Lamashtu<\/div>\t\t\t\t<\/div>\n\t\t\t\t<div class=\"elementor-element elementor-element-mwb9u015 elementor-widget elementor-widget-text-editor\" data-id=\"mwb9u015\" data-element_type=\"widget\" data-e-type=\"widget\" data-widget_type=\"text-editor.default\">\n\t\t\t\t\t\t\t\t\t<p>Lj\u00f3nsh\u00f6fu\u00f0, asnatennur, fuglakl\u00e6r, fl\u00f3ki\u00f0 h\u00e1r, h\u00f6ggormar \u00ed h\u00f6ndunum. Gefur gr\u00eds og hundi a\u00f0 drekka af brj\u00f3stum s\u00ednum.<\/p>\t\t\t\t\t\t\t\t<\/div>\n\t\t\t\t\t<\/div>\n\t\t\t\t<\/div>\n\t\t\t\t<\/div>\n\t\t<div class=\"elementor-element elementor-element-pemmx7c2 e-con-full e-flex e-con e-child\" data-id=\"pemmx7c2\" data-element_type=\"container\" data-e-type=\"container\">\n\t\t<div class=\"elementor-element elementor-element-37ss2yr6 iwg-steckbrief-card e-flex e-con-boxed e-con e-child\" data-id=\"37ss2yr6\" data-element_type=\"container\" data-e-type=\"container\">\n\t\t\t\t\t<div class=\"e-con-inner\">\n\t\t\t\t<div class=\"elementor-element elementor-element-3v0wp3wx elementor-widget elementor-widget-heading\" data-id=\"3v0wp3wx\" data-element_type=\"widget\" data-e-type=\"widget\" data-widget_type=\"heading.default\">\n\t\t\t\t\t<div class=\"elementor-heading-title elementor-size-default\">I\u00f0ja<\/div>\t\t\t\t<\/div>\n\t\t\t\t<div class=\"elementor-element elementor-element-w3247g2m elementor-widget elementor-widget-text-editor\" data-id=\"w3247g2m\" data-element_type=\"widget\" data-e-type=\"widget\" data-widget_type=\"text-editor.default\">\n\t\t\t\t\t\t\t\t\t<p>Hiti, f\u00f3sturl\u00e1t, barnsfarars\u00f3tt, skyndilegur barnadau\u00f0i, mj\u00f3lkurskortur, \u00f3\u00fatsk\u00fdr\u00f0ir krampar. Sk\u00fdringarvera fyrir \u00e1\u00f0ur \u00f3\u00fatsk\u00fdr\u00f0 dau\u00f0sfall.<\/p>\t\t\t\t\t\t\t\t<\/div>\n\t\t\t\t\t<\/div>\n\t\t\t\t<\/div>\n\t\t<div class=\"elementor-element elementor-element-0qpjal9w iwg-steckbrief-card e-flex e-con-boxed e-con e-child\" data-id=\"0qpjal9w\" data-element_type=\"container\" data-e-type=\"container\">\n\t\t\t\t\t<div class=\"e-con-inner\">\n\t\t\t\t<div class=\"elementor-element elementor-element-6ndoih0o elementor-widget elementor-widget-heading\" data-id=\"6ndoih0o\" data-element_type=\"widget\" data-e-type=\"widget\" data-widget_type=\"heading.default\">\n\t\t\t\t\t<div class=\"elementor-heading-title elementor-size-default\">Verndargripir<\/div>\t\t\t\t<\/div>\n\t\t\t\t<div class=\"elementor-element elementor-element-6684tyh9 elementor-widget elementor-widget-text-editor\" data-id=\"6684tyh9\" data-element_type=\"widget\" data-e-type=\"widget\" data-widget_type=\"text-editor.default\">\n\t\t\t\t\t\t\t\t\t<p>Pazuzu-verndargripir sem meginv\u00f6rn. Margn\u00e1tta athafnalotur <em>\u0101\u0161ipu<\/em>-prestsins, \u00e1kv\u00f6r\u00f0unaror\u00f0 \u00far Lamashtu-rununni, t\u00e1knbundinn brottrekstur ni\u00f0ur eftir \u00e1nni.<\/p>\t\t\t\t\t\t\t\t<\/div>\n\t\t\t\t\t<\/div>\n\t\t\t\t<\/div>\n\t\t<div class=\"elementor-element elementor-element-3lfi7x32 iwg-steckbrief-card e-flex e-con-boxed e-con e-child\" data-id=\"3lfi7x32\" data-element_type=\"container\" data-e-type=\"container\">\n\t\t\t\t\t<div class=\"e-con-inner\">\n\t\t\t\t<div class=\"elementor-element elementor-element-0kg99ga1 elementor-widget elementor-widget-heading\" data-id=\"0kg99ga1\" data-element_type=\"widget\" data-e-type=\"widget\" data-widget_type=\"heading.default\">\n\t\t\t\t\t<div class=\"elementor-heading-title elementor-size-default\">Hli\u00f0st\u00e6\u00f0ur<\/div>\t\t\t\t<\/div>\n\t\t\t\t<div class=\"elementor-element elementor-element-n0fum6kp elementor-widget elementor-widget-text-editor\" data-id=\"n0fum6kp\" data-element_type=\"widget\" data-e-type=\"widget\" data-widget_type=\"text-editor.default\">\n\t\t\t\t\t\t\t\t\t<p>Lilith og <em>ardat-lil\u00ee<\/em> (j\u00fad\u00edsk), Lamia, Gello, Mormo (gr\u00edsk-r\u00f3mverskt), Gellou og Abyzou (<span class=\"iwg-fachbegriff\" data-tooltip=\"Umbreytingart\u00edmabil milli fornaldar og mi\u00f0alda, um 3. til 7. \u00f6ld.\" tabindex=\"0\">s\u00ed\u00f0forn\u00f6ld<\/span>), Pontianak (Su\u00f0austur-As\u00eda).<\/p>\t\t\t\t\t\t\t\t<\/div>\n\t\t\t\t\t<\/div>\n\t\t\t\t<\/div>\n\t\t\t\t<\/div>\n\t\t\t\t<\/div>\n\t\t\t\t\t<\/div>\n\t\t\t\t<\/div>\n\t\t<div class=\"elementor-element elementor-element-7533bc7a e-flex e-con-boxed e-con e-parent\" data-id=\"7533bc7a\" data-element_type=\"container\" data-e-type=\"container\">\n\t\t\t\t\t<div class=\"e-con-inner\">\n\t\t\t\t<div class=\"elementor-element elementor-element-2447d18d elementor-widget elementor-widget-heading\" data-id=\"2447d18d\" data-element_type=\"widget\" data-e-type=\"widget\" data-widget_type=\"heading.default\">\n\t\t\t\t\t<h2 class=\"elementor-heading-title elementor-size-default\">Verndarh\u00e6ttir<\/h2>\t\t\t\t<\/div>\n\t\t<div class=\"elementor-element elementor-element-d5d0260c e-con-full e-flex e-con e-child\" data-id=\"d5d0260c\" data-element_type=\"container\" data-e-type=\"container\">\n\t\t\t\t<div class=\"elementor-element elementor-element-341be2ac elementor-widget elementor-widget-text-editor\" data-id=\"341be2ac\" data-element_type=\"widget\" data-e-type=\"widget\" data-widget_type=\"text-editor.default\">\n\t\t\t\t\t\t\t\t\t<p><strong>Rituals til varnar<\/strong><\/p><p>Gegn Lamashtu voru margra n\u00e1tta l\u00f6ng helgisi\u00f0aferli <em>\u0101\u0161ipu<\/em> (s\u00e6ringaprestsins) t\u00ed\u00f0ku\u00f0. \u00deau sameinu\u00f0u hreinsun s\u00e6ngurkonunnar og barnsins, t\u00e1knr\u00e6na brottrekstur dj\u00f6fulsins, til d\u00e6mis me\u00f0 l\u00edtilli leirmynd sem var send \u201eni\u00f0ur flj\u00f3ti\u00f0&#8220;, og fastm\u00f3ta\u00f0ar f\u00f3rnargj\u00f6r\u00f0ir.<\/p><p><strong>S\u00e6ringar<\/strong><\/p><p>Lamashtu-flokkurinn var\u00f0veitir fj\u00f6lda form\u00fala sem \u00e1kalla dj\u00f6fulinn me\u00f0 nafni, l\u00fdsa uppruna hennar og skipa henni a\u00f0 yfirgefa h\u00fasi\u00f0. \u00de\u00e6r tengdu saman gu\u00f0lega heimild og \u00e1\u00fereifanleg fyrirm\u00e6li fyrir lj\u00f3sm\u00f3\u00f0ur, presta og \u00e6ttingja og g\u00e1fu annars r\u00e1\u00f0\u00ferota a\u00f0st\u00e6\u00f0um \u00e1kve\u00f0na umgj\u00f6r\u00f0.<\/p><p><strong>Verndargripir og verndart\u00e1kn<\/strong><\/p><p>S\u00e9rstaklega \u00feekktar eru verndarpl\u00f6tur me\u00f0 mynd af Lamashtu og <span class=\"iwg-fachbegriff\" data-tooltip=\"M\u00e1lleg ath\u00f6fn sem \u00e6tla\u00f0 er a\u00f0 kalla fram e\u00f0a binda m\u00e1tt.\" tabindex=\"0\">s\u00e6ringu<\/span> gegn henni. Barnshafandi konur b\u00e1ru \u00fe\u00e6r \u00e1 s\u00e9r, og heimili hengdu \u00fe\u00e6r yfir r\u00fam barnsins. Karlkyns <span class=\"iwg-fachbegriff\" data-tooltip=\"Andleg vera sem eignu\u00f0 er ska\u00f0leg e\u00f0a tv\u00edbent \u00e1hrif.\" tabindex=\"0\">dj\u00f6fullinn<\/span> Pazuzu var talinn eina veran sem gat reki\u00f0 Lamashtu \u00e1 brott me\u00f0 \u00e1rangri; Pazuzu-h\u00f6fu\u00f0 og litlar styttur af honum verndu\u00f0u dyr, r\u00fam og barnshafandi konur.<\/p>\t\t\t\t\t\t\t\t<\/div>\n\t\t\t\t<\/div>\n\t\t\t\t\t<\/div>\n\t\t\t\t<\/div>\n\t\t<div class=\"elementor-element elementor-element-5a584676 e-flex e-con-boxed e-con e-parent\" data-id=\"5a584676\" data-element_type=\"container\" data-e-type=\"container\">\n\t\t\t\t\t<div class=\"e-con-inner\">\n\t\t\t\t<div class=\"elementor-element elementor-element-6d0757bf elementor-widget elementor-widget-heading\" data-id=\"6d0757bf\" data-element_type=\"widget\" data-e-type=\"widget\" data-widget_type=\"heading.default\">\n\t\t\t\t\t<h2 class=\"elementor-heading-title elementor-size-default\">Lamashtu, hli\u00f0st\u00e6\u00f0ur \u00ed \u00f6\u00f0rum menningarheimum<\/h2>\t\t\t\t<\/div>\n\t\t<div class=\"elementor-element elementor-element-60563f68 e-con-full e-flex e-con e-child\" data-id=\"60563f68\" data-element_type=\"container\" data-e-type=\"container\">\n\t\t\t\t<div class=\"elementor-element elementor-element-5a93fdd6 elementor-widget elementor-widget-text-editor\" data-id=\"5a93fdd6\" data-element_type=\"widget\" data-e-type=\"widget\" data-widget_type=\"text-editor.default\">\n\t\t\t\t\t\t\t\t\t<p><strong>J\u00fad\u00edsk hef\u00f0<\/strong><\/p><p>Lilith og vera sem kallast <em>ardat-lil\u00ee<\/em> s\u00fdna greinilega samsv\u00f6run \u00ed hlutverki vi\u00f0 Lamashtu. Lilith sem s\u00e1 sem h\u00f3tar s\u00e6ngurkonum og b\u00f6rnum er vel sta\u00f0fest; verndargripir me\u00f0 nafni hennar h\u00e9ldust \u00ed notkun fram \u00e1 <span class=\"iwg-fachbegriff\" data-tooltip=\"Umbreytingart\u00edmabil milli fornaldar og mi\u00f0alda, um 3. til 7. \u00f6ld.\" tabindex=\"0\">s\u00ed\u00f0forn\u00f6ld<\/span> og mi\u00f0aldir.<\/p><p><strong>Gr\u00edsk-r\u00f3mverski heimurinn:<\/strong> Verur eins og Lamia, Gello og Mormo taka vi\u00f0 hlutverki dj\u00f6fulgy\u00f0junnar sem myr\u00f0ir b\u00f6rn. Einnig h\u00e9r m\u00e1 finna verndargripi og galdra\u00feulur gegn dau\u00f0a n\u00fdbura.<\/p><p><strong><span class=\"iwg-fachbegriff\" data-tooltip=\"Umbreytingart\u00edmabil milli fornaldar og mi\u00f0alda, um 3. til 7. \u00f6ld.\" tabindex=\"0\">S\u00ed\u00f0forn\u00f6ld<\/span> og anna\u00f0:<\/strong> Textar um Gellou og Abyzou tengjast bar\u00e1ttunni gegn barnsdau\u00f0a og f\u00f3sturl\u00e1tum og hafa a\u00f0 hluta \u00e1hrif fram \u00ed kristi\u00f0 efni mi\u00f0alda. \u00cd Su\u00f0austur-As\u00edu tekur Pontianak vi\u00f0 samb\u00e6rilegum hlutverkum. Evr\u00f3pskar \u00fej\u00f3\u00f0tr\u00faarverur eins og \u201ebarnar\u00e6ningi&#8220; e\u00f0a \u201emartr\u00f6\u00f0&#8220; (Nachtmahr) gr\u00edpa \u00e1 svipu\u00f0um \u00f3tta \u00e1n \u00feess a\u00f0 vera \u00ed beinum tengslum.<\/p>\t\t\t\t\t\t\t\t<\/div>\n\t\t\t\t<\/div>\n\t\t\t\t\t<\/div>\n\t\t\t\t<\/div>\n\t\t<div class=\"elementor-element elementor-element-cp012dd1d e-flex e-con-boxed e-con e-parent\" data-id=\"cp012dd1d\" data-element_type=\"container\" data-e-type=\"container\">\n\t\t\t\t\t<div class=\"e-con-inner\">\n\t\t\t\t<div class=\"elementor-element elementor-element-cp0758733 elementor-widget elementor-widget-heading\" data-id=\"cp0758733\" data-element_type=\"widget\" data-e-type=\"widget\" data-widget_type=\"heading.default\">\n\t\t\t\t\t<h2 class=\"elementor-heading-title elementor-size-default\">Lamashtu-verndargripirnir: mynd og galdra\u00feula \u00ed einum grip<\/h2>\t\t\t\t<\/div>\n\t\t<div class=\"elementor-element elementor-element-cpa760c39 e-con-full e-flex e-con e-child\" data-id=\"cpa760c39\" data-element_type=\"container\" data-e-type=\"container\">\n\t\t\t\t<div class=\"elementor-element elementor-element-cp97bbf31 elementor-widget elementor-widget-text-editor\" data-id=\"cp97bbf31\" data-element_type=\"widget\" data-e-type=\"widget\" data-widget_type=\"text-editor.default\">\n\t\t\t\t\t\t\t\t\t<p><span class=\"iwg-fachbegriff\" data-tooltip=\"Mes\u00f3p\u00f3tam\u00edsk dj\u00f6fulgy\u00f0ja sem talin var h\u00e6tta \u00feungu\u00f0um konum og n\u00fdburum.\" tabindex=\"0\">Lamashtu<\/span> er ein af f\u00e1um mes\u00f3p\u00f3tam\u00edskum ska\u00f0av\u00f6ldum sem var\u00f0veist hefur um umfangsleg og vel t\u00edmasett myndaefni.<\/p><p>Fr\u00e1 \u00f6\u00f0ru og fyrsta \u00e1r\u00fe\u00fasundi fyrir okkar t\u00edmatal eru fj\u00f6lmargir verndargripir kunnir, oftast \u00far steini e\u00f0a m\u00e1lmi, sem s\u00fdna dj\u00f6fulgy\u00f0juna \u00ed fastm\u00f3ta\u00f0ri myndaform\u00falu. Algengt er a\u00f0 veran s\u00e9 me\u00f0 h\u00f6fu\u00f0 lj\u00f3ns e\u00f0a hunds, asnalegar tennur, hangandi brj\u00f3st og fuglakl\u00e6r.<\/p><p>\u00cd h\u00f6ndunum heldur h\u00fan oft \u00e1 sn\u00e1kum, vi\u00f0 brj\u00f3st hennar sj\u00faga gr\u00eds og hvolpur, og h\u00fan stendur e\u00f0a krj\u00fapir \u00e1 asna. Vi\u00f0 hli\u00f0 hennar eru oft s\u00fdnd skip, kambur, sn\u00e6lda og a\u00f0rir hlutir, sem taldir eru vera gjafir e\u00f0a vistir til fer\u00f0ar, sem \u00e6tla\u00f0 var a\u00f0 f\u00e1 dj\u00f6fulgy\u00f0juna til a\u00f0 fara \u00e1 brott.<\/p><p>Margir \u00feessara verndargripa bera galdra\u00feulur \u00e1 r\u00fanaletri \u00e1 bakhli\u00f0 e\u00f0a hli\u00f0um. Mynd og or\u00f0 mynda\u00f0i \u00feannig eina heild: gripurinn s\u00fdndi \u00f3vininn og haf\u00f0i samt\u00edmis \u00ed s\u00e9r \u00feuluna sem \u00e1tti a\u00f0 b\u00e6la hann ni\u00f0ur. Sl\u00edkir verndargripir voru bornir fyrst og fremst af \u00feungu\u00f0um konum og s\u00e6ngurkonum, \u00fear sem <span class=\"iwg-fachbegriff\" data-tooltip=\"Mes\u00f3p\u00f3tam\u00edsk dj\u00f6fulgy\u00f0ja sem talin var h\u00e6tta \u00feungu\u00f0um konum og n\u00fdburum.\" tabindex=\"0\">Lamashtu<\/span> var talin h\u00e6tta m\u00f3\u00f0ur og barni.<\/p><p>S\u00e9rstakur flokkur gripa eru margf\u00edg\u00fara bronspl\u00f6turnar, oft nefndar \u00ed fr\u00e6\u00f0unum <span class=\"iwg-fachbegriff\" data-tooltip=\"Mes\u00f3p\u00f3tam\u00edsk dj\u00f6fulgy\u00f0ja sem talin var h\u00e6tta \u00feungu\u00f0um konum og n\u00fdburum.\" tabindex=\"0\">Lamashtu<\/span>-pl\u00f6tur. \u00de\u00e6r s\u00fdna \u00ed nokkrum r\u00f6\u00f0um dj\u00f6fulgy\u00f0juna, andst\u00e6\u00f0ing hennar og ra\u00f0ir verndar-<span class=\"iwg-fachbegriff\" data-tooltip=\"Vera sem sameinar \u00ed s\u00e9r einkenni \u00fdmissa l\u00edfvera.\" tabindex=\"0\">blendingsvera<\/span>. Sumar \u00feessara platna voru b\u00fanar hring efst og g\u00e1tu veri\u00f0 hengdar upp, sennilega \u00e1 s\u00e6ngurkonusv\u00e6\u00f0inu.<\/p><p>Fj\u00f6ldi var\u00f0veittra gripa fr\u00e1 \u00fdmsum fundarst\u00f6\u00f0um s\u00fdnir a\u00f0 v\u00f6rn gegn <span class=\"iwg-fachbegriff\" data-tooltip=\"Mes\u00f3p\u00f3tam\u00edsk dj\u00f6fulgy\u00f0ja sem talin var h\u00e6tta \u00feungu\u00f0um konum og n\u00fdburum.\" tabindex=\"0\">Lamashtu<\/span> var eitt af algengustu \u00e1hugam\u00e1lum hins daglega tr\u00faarl\u00edfs \u00ed Mes\u00f3p\u00f3tam\u00edu.<\/p>\t\t\t\t\t\t\t\t<\/div>\n\t\t\t\t<\/div>\n\t\t\t\t\t<\/div>\n\t\t\t\t<\/div>\n\t\t<div class=\"elementor-element elementor-element-cpf23dbed e-flex e-con-boxed e-con e-parent\" data-id=\"cpf23dbed\" data-element_type=\"container\" data-e-type=\"container\">\n\t\t\t\t\t<div class=\"e-con-inner\">\n\t\t\t\t<div class=\"elementor-element elementor-element-cpe1b579a elementor-widget elementor-widget-heading\" data-id=\"cpe1b579a\" data-element_type=\"widget\" data-e-type=\"widget\" data-widget_type=\"heading.default\">\n\t\t\t\t\t<h2 class=\"elementor-heading-title elementor-size-default\">Pazuzu sem andst\u00e6\u00f0 m\u00e1ttarvald: dj\u00f6full gegn dj\u00f6fulgy\u00f0junni<\/h2>\t\t\t\t<\/div>\n\t\t<div class=\"elementor-element elementor-element-cpc618a1d e-con-full e-flex e-con e-child\" data-id=\"cpc618a1d\" data-element_type=\"container\" data-e-type=\"container\">\n\t\t\t\t<div class=\"elementor-element elementor-element-cp4a97aed elementor-widget elementor-widget-text-editor\" data-id=\"cp4a97aed\" data-element_type=\"widget\" data-e-type=\"widget\" data-widget_type=\"text-editor.default\">\n\t\t\t\t\t\t\t\t\t<p>S\u00e9rstakt einkenni varnara\u00f0ger\u00f0a gegn <span class=\"iwg-fachbegriff\" data-tooltip=\"Mes\u00f3p\u00f3tam\u00edsk gy\u00f0ja illra m\u00e1ttarvalda sem talin var h\u00e6tta fyrir \u00feunga\u00f0ar konur og n\u00fdbura.\" tabindex=\"0\">Lamashtu<\/span> er a\u00f0 h\u00f6fu\u00f0andst\u00e6\u00f0ingur hennar var sj\u00e1lfur <span class=\"iwg-fachbegriff\" data-tooltip=\"Andleg vera sem eignu\u00f0 er ska\u00f0leg e\u00f0a tv\u00edbent \u00e1hrif.\" tabindex=\"0\">dj\u00f6full<\/span>. <a href=\"https:\/\/iwell-guard.com\/is\/?page_id=168584\">Pazuzu<\/a>, v\u00e6ngju\u00f0 <span class=\"iwg-fachbegriff\" data-tooltip=\"Vera sem sameinar einkenni \u00fdmissa l\u00edfvera.\" tabindex=\"0\">samsett vera<\/span> me\u00f0 hundslegu andliti, var talinn herra hinna illu vinda, en var \u00fer\u00e1tt fyrir \u00fea\u00f0, e\u00f0a vegna \u00feess, nota\u00f0ur gegn <span class=\"iwg-fachbegriff\" data-tooltip=\"Mes\u00f3p\u00f3tam\u00edsk gy\u00f0ja illra m\u00e1ttarvalda sem talin var h\u00e6tta fyrir \u00feunga\u00f0ar konur og n\u00fdbura.\" tabindex=\"0\">Lamashtu<\/span>.<\/p><p>\u00c1 m\u00f6rgum <span class=\"iwg-fachbegriff\" data-tooltip=\"Mes\u00f3p\u00f3tam\u00edsk gy\u00f0ja illra m\u00e1ttarvalda sem talin var h\u00e6tta fyrir \u00feunga\u00f0ar konur og n\u00fdbura.\" tabindex=\"0\">Lamashtu<\/span>-pl\u00f6tum kemur h\u00f6fu\u00f0 Pazuzu fram \u00e1 efri br\u00fan, l\u00edkt og hann horfi yfir atbur\u00f0ar\u00e1sina fr\u00e1 bakhli\u00f0, e\u00f0a Pazuzu allur \u00fer\u00fdstir gy\u00f0junni a\u00f0 ja\u00f0ri pl\u00f6tunnar og \u00ed \u00e1tt til vatnsins sem h\u00fan \u00e1tti a\u00f0 hverfa aftur til undirheima yfir.<\/p><p>Meginhugmyndin \u00e1 bak vi\u00f0 \u00feetta m\u00e1 l\u00fdsa sem bar\u00e1ttu vi\u00f0 illt me\u00f0 svipu\u00f0um me\u00f0ulum. Pazuzu var engin g\u00f3\u00f0gj\u00f6rn verndarvera, heldur \u00f3gnvekjandi vera, en \u00e1r\u00e1sargirni hans var n\u00fdtt gegn \u00f6\u00f0ru ska\u00f0avaldi.<\/p><p>H\u00f6fu\u00f0 Pazuzu voru einnig borin sem sj\u00e1lfst\u00e6\u00f0 verndargripir og hengd upp \u00e1 h\u00fasum. S\u00fa sta\u00f0reynd a\u00f0 \u00feessar tv\u00e6r verur eru oft sameina\u00f0ar \u00ed einum grip s\u00fdnir a\u00f0 mes\u00f3p\u00f3tam\u00edsk verndarhef\u00f0 hugsa\u00f0i ekki \u00ed einf\u00f6ldum flokkum g\u00f3\u00f0s og ills, heldur \u00fat fr\u00e1 valdajafnv\u00e6gi og hlutverkum.<\/p><p>Auk \u00feess voru a\u00f0rar verndarverur til rei\u00f0u. \u00cd galdra\u00feulunum er <span class=\"iwg-fachbegriff\" data-tooltip=\"Mes\u00f3p\u00f3tam\u00edsk gy\u00f0ja illra m\u00e1ttarvalda sem talin var h\u00e6tta fyrir \u00feunga\u00f0ar konur og n\u00fdbura.\" tabindex=\"0\">Lamashtu<\/span> oft leidd fyrir gu\u00f0i \u00e1 bor\u00f0 vi\u00f0 vatnsgu\u00f0inn Ea og son hans, sem kve\u00f0a upp d\u00f3m og skipa henni a\u00f0 fara.<\/p><p>Rit\u00faaltextarnir l\u00fdsa \u00fev\u00ed hvernig gert var leirl\u00edkneski af gy\u00f0junni, \u00fatb\u00fai\u00f0 me\u00f0 nesti til fer\u00f0arinnar og fjarl\u00e6gt \u00ed vestur e\u00f0a \u00fat \u00ed vatn. Sambland af \u00f3gnvekjandi hj\u00e1lpara, gu\u00f0legum d\u00f3mi og \u00e1\u00fereifanlegri fjarl\u00e6gingu myndar \u00fe\u00e9tt og samfellt kerfi l\u00e6kningar og forvarna.<\/p>\t\t\t\t\t\t\t\t<\/div>\n\t\t\t\t<\/div>\n\t\t\t\t\t<\/div>\n\t\t\t\t<\/div>\n\t\t<div class=\"elementor-element elementor-element-cpccd57e7 e-flex e-con-boxed e-con e-parent\" data-id=\"cpccd57e7\" data-element_type=\"container\" data-e-type=\"container\">\n\t\t\t\t\t<div class=\"e-con-inner\">\n\t\t\t\t<div class=\"elementor-element elementor-element-cpc5dd959 elementor-widget elementor-widget-heading\" data-id=\"cpc5dd959\" data-element_type=\"widget\" data-e-type=\"widget\" data-widget_type=\"heading.default\">\n\t\t\t\t\t<h2 class=\"elementor-heading-title elementor-size-default\">Galdra\u00feulusafni\u00f0 og r\u00f6kfr\u00e6\u00f0i \u00e1k\u00e6runnar<\/h2>\t\t\t\t<\/div>\n\t\t<div class=\"elementor-element elementor-element-cp41425da e-con-full e-flex e-con e-child\" data-id=\"cp41425da\" data-element_type=\"container\" data-e-type=\"container\">\n\t\t\t\t<div class=\"elementor-element elementor-element-cp25cd082 elementor-widget elementor-widget-text-editor\" data-id=\"cp25cd082\" data-element_type=\"widget\" data-e-type=\"widget\" data-widget_type=\"text-editor.default\">\n\t\t\t\t\t\t\t\t\t<p>Textarnir gegn <span class=\"iwg-fachbegriff\" data-tooltip=\"Mes\u00f3p\u00f3tam\u00edsk gy\u00f0ja illra m\u00e1ttarvalda sem talin var h\u00e6tta fyrir \u00feunga\u00f0ar konur og n\u00fdbura.\" tabindex=\"0\">Lamashtu<\/span> hafa var\u00f0veist \u00ed fj\u00f6lt\u00f6flu galdra\u00feulusafni sem hefur veri\u00f0 gefi\u00f0 \u00fat og rannsaka\u00f0 \u00ed ass\u00fdr\u00edufr\u00e6\u00f0um. \u00dea\u00f0 inniheldur galdra\u00feulur, rit\u00faalfyrirm\u00e6li og l\u00fdsingar \u00e1 gy\u00f0junni. Athyglisvert er a\u00f0 textarnir fjalla ekki um <span class=\"iwg-fachbegriff\" data-tooltip=\"Mes\u00f3p\u00f3tam\u00edsk gy\u00f0ja illra m\u00e1ttarvalda sem talin var h\u00e6tta fyrir \u00feunga\u00f0ar konur og n\u00fdbura.\" tabindex=\"0\">Lamashtu<\/span> einfaldlega sem formlausa \u00f3gn, heldur eigna henni \u00e6vis\u00f6gu og pers\u00f3nuleika.<\/p><p>H\u00fan er k\u00f6llu\u00f0 d\u00f3ttir himingu\u00f0sins Anu, sem var hrakin \u00far himnum vegna illrar n\u00e1tt\u00faru sinnar. \u00d3l\u00edkt sj\u00fakd\u00f3msdj\u00f6flum sem eru sendir sem sendibo\u00f0ar, starfar h\u00fan ekki \u00ed umbo\u00f0i gu\u00f0anna, heldur af eigin frumkv\u00e6\u00f0i.<\/p><p>\u00deessi sj\u00e1lfst\u00e6\u00f0i er lykillinn a\u00f0 rit\u00faalstefnunni. Vegna \u00feess a\u00f0 <span class=\"iwg-fachbegriff\" data-tooltip=\"Mes\u00f3p\u00f3tam\u00edsk gy\u00f0ja illra m\u00e1ttarvalda sem talin var h\u00e6tta fyrir \u00feunga\u00f0ar konur og n\u00fdbura.\" tabindex=\"0\">Lamashtu<\/span> er ekki send af gu\u00f0unum, er unnt a\u00f0 lei\u00f0a hana fyrir \u00fe\u00e1 og \u00e1k\u00e6ra hana.<\/p><p>Galdra\u00feulurnar telja upp vo\u00f0averk hennar, h\u00fan h\u00f3tar \u00feungu\u00f0um konum, r\u00e6nir ungb\u00f6rnum, br\u00fdst inn um glugga og dyrahjarir, og \u00fe\u00e6r krefjast \u00feess \u00ed nafni hinna miklu gu\u00f0a a\u00f0 h\u00fan s\u00e9 fjarl\u00e6g\u00f0. Rit\u00faalath\u00f6fnin er \u00fev\u00ed bygg\u00f0 upp eins og r\u00e9ttarh\u00f6ld: \u00dea\u00f0 er \u00e1k\u00e6r\u00f0ur a\u00f0ili, \u00e1k\u00e6ra, d\u00f3mnefnd og d\u00f3mur sem hlj\u00f3\u00f0ar \u00e1 \u00fatleg\u00f0.<\/p><p>Fyrir ranns\u00f3knir eru \u00feessir textar \u00fev\u00ed einnig heimild um mes\u00f3p\u00f3tam\u00edskar hugmyndir um r\u00e9tt, \u00e1byrg\u00f0 og t\u00falkun sj\u00fakd\u00f3ma.<\/p><p>Sj\u00fakd\u00f3mar \u00ed s\u00e6ngurlegu, f\u00f3sturl\u00e1t og barnadau\u00f0i voru ekki skilin sem blind tilviljun, heldur sem \u00e1r\u00e1s nafngreinds m\u00e1ttarvalds sem unnt var a\u00f0 berjast gegn me\u00f0 or\u00f0i, mynd og ath\u00f6fn. \u00dea\u00f0 veitti hinum \u00fej\u00e1\u00f0u \u00farr\u00e6\u00f0i til a\u00f0ger\u00f0a \u00e1 stund sem annars hef\u00f0i einkennst af vanm\u00e6tti.<\/p>\t\t\t\t\t\t\t\t<\/div>\n\t\t\t\t<\/div>\n\t\t\t\t\t<\/div>\n\t\t\t\t<\/div>\n\t\t<div class=\"elementor-element elementor-element-36dd7469 e-flex e-con-boxed e-con e-parent\" data-id=\"36dd7469\" data-element_type=\"container\" data-e-type=\"container\">\n\t\t\t\t\t<div class=\"e-con-inner\">\n\t\t\t\t<div class=\"elementor-element elementor-element-13760ab4 elementor-widget elementor-widget-heading\" data-id=\"13760ab4\" data-element_type=\"widget\" data-e-type=\"widget\" data-widget_type=\"heading.default\">\n\t\t\t\t\t<h2 class=\"elementor-heading-title elementor-size-default\">\u00cdtarefni og tenglar<\/h2>\t\t\t\t<\/div>\n\t\t<div class=\"elementor-element elementor-element-28c87796 e-con-full e-flex e-con e-child\" data-id=\"28c87796\" data-element_type=\"container\" data-e-type=\"container\">\n\t\t\t\t<div class=\"elementor-element elementor-element-5d6538df elementor-widget elementor-widget-text-editor\" data-id=\"5d6538df\" data-element_type=\"widget\" data-e-type=\"widget\" data-widget_type=\"text-editor.default\">\n\t\t\t\t\t\t\t\t\t<p>R\u00e1\u00f0lag\u00f0ir innri tenglar fyrir \u00feessa s\u00ed\u00f0u:<\/p><ul><li><a href=\"https:\/\/iwell-guard.com\/is\/?page_id=168583\">Mes\u00f3p\u00f3tam\u00eda<\/a> (yfirgripsmeiri menningars\u00ed\u00f0a)<\/li><li><a href=\"https:\/\/iwell-guard.com\/is\/?page_id=168584\">Pazuzu<\/a> (bein andst\u00e6\u00f0a og verndardj\u00f6full)<\/li><li><a href=\"https:\/\/iwell-guard.com\/is\/?page_id=168586\">Lil\u00fb og Lil\u012btu<\/a> (n\u00e1ttverur me\u00f0 svipa\u00f0 hlutverk)<\/li><li><a href=\"https:\/\/iwell-guard.com\/is\/?page_id=168607\">Lilith<\/a> (s\u00ed\u00f0ari hli\u00f0st\u00e6\u00f0a \u00ed hef\u00f0 J\u00fadaisma)<\/li><li>Sj\u00fakd\u00f3msdj\u00f6flar um heim allan (samanbur\u00f0arsj\u00f3narhorn)<\/li><li><a href=\"https:\/\/iwell-guard.com\/is\/?page_id=168746\">N\u00e1ttverur<\/a> og <a class=\"iwg-fachbegriff\" href=\"https:\/\/iwell-guard.com\/is\/?page_id=168888\" tabindex=\"0\" data-tooltip=\"Vitundar\u00e1stand \u00fear sem me\u00f0vitund vaknar en l\u00edkaminn er enn lama\u00f0ur vegna REM-l\u00f6munar.\" style=\"color:inherit;text-decoration:none\">svefnl\u00f6mun<\/a> (\u00feemat\u00edsk n\u00e1l\u00e6g\u00f0)<\/li><li>Kvenkyns dj\u00f6flar (yfirlitss\u00ed\u00f0a)<\/li><\/ul>\t\t\t\t\t\t\t\t<\/div>\n\t\t\t\t<\/div>\n\t\t\t\t\t<\/div>\n\t\t\t\t<\/div>\n\t\t<div class=\"elementor-element elementor-element-grl4kl40 e-flex e-con-boxed e-con e-parent\" data-id=\"grl4kl40\" data-element_type=\"container\" data-e-type=\"container\">\n\t\t\t\t\t<div class=\"e-con-inner\">\n\t\t\t\t<div class=\"elementor-element elementor-element-bzsbfrmh elementor-widget elementor-widget-heading\" data-id=\"bzsbfrmh\" data-element_type=\"widget\" data-e-type=\"widget\" data-widget_type=\"heading.default\">\n\t\t\t\t\t<h2 class=\"elementor-heading-title elementor-size-default\">Heimildir (\u00farval)<\/h2>\t\t\t\t<\/div>\n\t\t<div class=\"elementor-element elementor-element-2c13224a e-con-full e-flex e-con e-child\" data-id=\"2c13224a\" data-element_type=\"container\" data-e-type=\"container\">\n\t\t\t\t<div class=\"elementor-element elementor-element-0eymh9ub elementor-widget elementor-widget-text-editor\" data-id=\"0eymh9ub\" data-element_type=\"widget\" data-e-type=\"widget\" data-widget_type=\"text-editor.default\">\n\t\t\t\t\t\t\t\t\t<footer class=\"iwg-literatur\"><p>H\u00e9r er stutt \u00farval helstu verka um Lamashtu og v\u00ed\u00f0ara samhengi mes\u00f3p\u00f3tam\u00edskrar dj\u00f6flafr\u00e6\u00f0i:<\/p><ul><li><span data-nosnippet>Farber, Walter: <em>Lama\u0161tu. An Edition of the Canonical Series of Lama\u0161tu Incantations and Rituals and Related Texts from the Second and First Millennia B.C.<\/em> (Mesopotamian Civilizations 17). Winona Lake 2014.<\/span><\/li><li><span data-nosnippet>Wiggermann, Frans A. M.: <em><a href=\"https:\/\/archive.org\/details\/mesopotamian-protective-spirits\" target=\"_blank\" rel=\"noopener noreferrer\">Mesopotamian Protective Spirits. The Ritual Texts<\/a><\/em> (Cuneiform Monographs 1). Groningen 1992.<\/span><\/li><li><span data-nosnippet>Wiggermann, Frans A. M.: \u201eLama\u0161tu, Daughter of Anu. A Profile.&#8220; \u00cd: M. Stol, <em>Birth in Babylonia and the Bible. Its Mediterranean Setting.<\/em> Groningen 2000, bls. 217, 249.<\/span><\/li><li><span data-nosnippet>Black, Jeremy \/ Green, Anthony: <em><a href=\"https:\/\/www.britishmuseum.org\/collection\/term\/BIB4117\" target=\"_blank\" rel=\"noopener noreferrer\">Gods, Demons and Symbols of Ancient Mesopotamia. An Illustrated Dictionary.<\/a><\/em> London 1992.<\/span><\/li><li><span data-nosnippet>Hee\u00dfel, Nils P.: <em>Pazuzu. Arch\u00e4ologische und philologische Studien zu einem altorientalischen <span class=\"iwg-fachbegriff\" data-tooltip=\"Andleg vera sem talin er hafa ska\u00f0leg e\u00f0a tv\u00edr\u00e6\u00f0 \u00e1hrif.\" tabindex=\"0\">D\u00e4mon<\/span><\/em> (Ancient Magic and <span class=\"iwg-fachbegriff\" data-tooltip=\"Samheiti yfir a\u00f0fer\u00f0ir sem nota\u00f0ar eru til a\u00f0 leita eftir vilja gu\u00f0legrar veru.\" tabindex=\"0\">Divination<\/span> 4). Leiden 2002.<\/span><\/li><li><span data-nosnippet>Stol, Marten: <em>Birth in Babylonia and the Bible. Its Mediterranean Setting.<\/em> Groningen 2000.<\/span><\/li><\/ul><p><em>Athugasemd:<\/em> \u00deetta \u00farval er til lei\u00f0beiningar. Tilv\u00edsanir \u00ed meginm\u00e1li eru v\u00edsvitandi haf\u00f0ar knappar til a\u00f0 vi\u00f0halda yfirlitseinkennum ritstj\u00f3rnars\u00ed\u00f0unnar.<\/p><div data-nosnippet=\"true\" class=\"iwg-litliste\"><\/div><\/footer>\n<p class=\"iwg-bib-more\"><span data-nosnippet>Fleiri grunnrit \u00ed <a href=\"https:\/\/iwell-guard.com\/is\/?page_id=168730\">heimildaskr\u00e1nni<\/a>.<\/span><\/p>\t\t\t\t\t\t\t\t<\/div>\n\t\t\t\t<\/div>\n\t\t\t\t\t<\/div>\n\t\t\t\t<\/div>\n\t\t<div class=\"elementor-element elementor-element-qv702qv e-flex e-con-boxed e-con e-parent\" data-id=\"qv702qv\" data-element_type=\"container\" data-e-type=\"container\">\n\t\t\t\t\t<div class=\"e-con-inner\">\n\t\t\t\t<div class=\"elementor-element elementor-element-qv702qvh elementor-widget elementor-widget-heading\" data-id=\"qv702qvh\" data-element_type=\"widget\" data-e-type=\"widget\" data-widget_type=\"heading.default\">\n\t\t\t\t\t<h2 class=\"elementor-heading-title elementor-size-default\">Tengd verndart\u00e1kn<\/h2>\t\t\t\t<\/div>\n\t\t<div class=\"elementor-element elementor-element-qv702qvb e-con-full e-flex e-con e-parent\" data-id=\"qv702qvb\" data-element_type=\"container\" data-e-type=\"container\">\n\t\t\t\t<div class=\"elementor-element elementor-element-qv702qvt elementor-widget elementor-widget-html\" data-id=\"qv702qvt\" data-element_type=\"widget\" data-e-type=\"widget\" data-widget_type=\"html.default\">\n\t\t\t\t\t<div data-nosnippet=\"true\"><div class=\"iwg-querverweis-grid\" style=\"display:grid;grid-template-columns:repeat(auto-fit,minmax(220px,1fr));gap:16px;margin:16px 0;\"><div class=\"iwg-querverweis-card\"><a href=\"https:\/\/iwell-guard.com\/is\/?page_id=168899\" class=\"iwg-querverweis-link\"><strong>Hamsa<\/strong><br><span class=\"iwg-querverweis-teaser\">H\u00f6nd Fatimu, gy\u00f0ing-arab\u00edskt verndart\u00e1kn me\u00f0 fimm fingrum og auga<\/span><\/a><\/div><div class=\"iwg-querverweis-card\"><a href=\"https:\/\/iwell-guard.com\/is\/?page_id=168901\" class=\"iwg-querverweis-link\"><strong>Illt auga<\/strong><br><span class=\"iwg-querverweis-teaser\">Al\u00fej\u00f3\u00f0leg tr\u00fa \u00e1 illt auga, sem nazar boncu\u011fu, mati og malocchio verjast<\/span><\/a><\/div><\/div><style>.iwg-querverweis-card{padding:16px;border:1px solid var(--e-global-color-f443515,#e6c45a);border-radius:8px;background:rgba(0,0,0,0.22);}.iwg-querverweis-link{color:var(--e-global-color-accent,#e6c45a);text-decoration:none;}.iwg-querverweis-teaser{color:#e8e8e8;font-size:13px;line-height:1.4;}<\/style><\/div>\t\t\t\t<\/div>\n\t\t\t\t<\/div>\n\t\t\t\t\t<\/div>\n\t\t\t\t<\/div>\n\t\t<div class=\"elementor-element elementor-element-iwgca-lamashtu-sec e-flex e-con-boxed e-con e-parent\" data-id=\"iwgca-lamashtu-sec\" data-element_type=\"container\" data-e-type=\"container\" id=\"iwg-ca-lamashtu\">\n\t\t\t\t\t<div class=\"e-con-inner\">\n\t\t\t\t<div class=\"elementor-element elementor-element-iwgca-lamashtu-te iwg-ca-textwrap elementor-widget elementor-widget-text-editor\" data-id=\"iwgca-lamashtu-te\" data-element_type=\"widget\" data-e-type=\"widget\" data-widget_type=\"text-editor.default\">\n\t\t\t\t\t\t\t\t\t<div data-nosnippet=\"true\"><p class=\"iwg-ca-bridge\">Verndarhef\u00f0in sem h\u00e9r er l\u00fdst er tr\u00faars\u00f6gulegt yfirlit yfir s\u00f6guleg fyrirb\u00e6ri. iWell Guard tengist \u00feessari menningars\u00f6gulegu hef\u00f0 verndargripa sem bornir eru \u00e1 l\u00edkamanum og er samt\u00edma\u00fatg\u00e1fa af henni. <a href=\"\/ueber-iwell-guard\/?utm_source=iwell-guard.com&#038;utm_medium=text-link&#038;utm_campaign=schadwesen-tradition\">Meira um iWell Guard \u2192<\/a><\/p><\/div>\t\t\t\t\t\t\t\t<\/div>\n\t\t\t\t\t<\/div>\n\t\t\t\t<\/div>\n\t\t\t\t<section class=\"elementor-section elementor-top-section elementor-element elementor-element-wv-lamashtu-faq-8c2240 elementor-section-boxed elementor-section-height-default elementor-section-height-default\" data-id=\"wv-lamashtu-faq-8c2240\" data-element_type=\"section\" data-e-type=\"section\">\n\t\t\t\t\t\t<div class=\"elementor-container elementor-column-gap-default\">\n\t\t\t\t\t<div class=\"elementor-column elementor-col-100 elementor-top-column elementor-element elementor-element-wv-lamashtu-faq-col-23bab3\" data-id=\"wv-lamashtu-faq-col-23bab3\" data-element_type=\"column\" data-e-type=\"column\">\n\t\t\t<div class=\"elementor-widget-wrap elementor-element-populated\">\n\t\t\t\t\t\t<div class=\"elementor-element elementor-element-wv-lamashtu-h elementor-widget elementor-widget-heading\" data-id=\"wv-lamashtu-h\" data-element_type=\"widget\" data-e-type=\"widget\" data-widget_type=\"heading.default\">\n\t\t\t\t\t<h2 class=\"elementor-heading-title elementor-size-default\">Algengar spurningar um Lamashtu<\/h2>\t\t\t\t<\/div>\n\t\t\t\t<div class=\"elementor-element elementor-element-wv-lamashtu-t elementor-widget elementor-widget-text-editor\" data-id=\"wv-lamashtu-t\" data-element_type=\"widget\" data-e-type=\"widget\" data-widget_type=\"text-editor.default\">\n\t\t\t\t\t\t\t\t\t\n<details class=\"iwg-faq-item\">\n  <summary><strong>Hver var Lamashtu?<\/strong><\/summary>\n  <p>Lamashtu var mes\u00f3p\u00f3tam\u00edsk dj\u00f6flavera sem talin var d\u00f3ttir himingu\u00f0sins Anu. H\u00fan \u00f3gna\u00f0i s\u00e9rstaklega \u00feungu\u00f0um konum og ungb\u00f6rnum, olli f\u00f3sturl\u00e1tum, s\u00e6ngurkonus\u00f3tt og skyndilegum ungbarnadau\u00f0a. Lamashtu er talin ein af elstu skjalfestum ska\u00f0averu-ger\u00f0um \u00ed tr\u00faarbrag\u00f0as\u00f6gu heimsins.<\/p>\n<\/details>\n\n<details class=\"iwg-faq-item\">\n  <summary><strong>Hvernig var f\u00f3lk vari\u00f0 gegn Lamashtu?<\/strong><\/summary>\n  <p>Mikilv\u00e6gasta v\u00f6rnin gegn Lamashtu var Pazuzu-<span class=\"iwg-fachbegriff\" data-tooltip=\"Gripur sem borinn er og talinn hafa verndandi, \u00f3heillaverjandi \u00e1hrif.\" tabindex=\"0\">am\u00falett<\/span>, \u00feversagnarkennt annar <span class=\"iwg-fachbegriff\" data-tooltip=\"Andleg vera sem talin er hafa ska\u00f0leg e\u00f0a tv\u00edr\u00e6\u00f0 \u00e1hrif.\" tabindex=\"0\">dj\u00f6full<\/span>, sem var \u00fe\u00f3 n\u00fdttur sem verndari gegn Lamashtu. Auk \u00feess voru til s\u00e9rstakar galdrataflur (Lamashtu-t\u00f6flur), am\u00falett me\u00f0 d\u00fdragervi og tr\u00faarlegir textar sem minntu dj\u00f6flaveruna \u00e1 eigin veikleika, s\u00e9rstaklega heimkomu hennar til f\u00f6\u00f0urins Anu.<\/p>\n<\/details>\t\t\t\t\t\t\t\t<\/div>\n\t\t\t\t<div class=\"elementor-element elementor-element-wv-lamashtu-s elementor-widget elementor-widget-html\" data-id=\"wv-lamashtu-s\" data-element_type=\"widget\" data-e-type=\"widget\" data-widget_type=\"html.default\">\n\t\t\t\t\t<script type=\"application\/ld+json\">{\"@context\": \"https:\/\/schema.org\", \"@type\": \"FAQPage\", \"mainEntity\": [{\"@type\": \"Question\", \"name\": \"Hver var Lamashtu?\", \"acceptedAnswer\": {\"@type\": \"Answer\", \"text\": \"Lamashtu var mes\u00f3p\u00f3tam\u00edsk dj\u00f6flavera sem talin var d\u00f3ttir himingu\u00f0sins Anu. H\u00fan \u00f3gna\u00f0i s\u00e9rstaklega \u00feungu\u00f0um konum og ungb\u00f6rnum, olli f\u00f3sturl\u00e1tum, s\u00e6ngurkonus\u00f3tt og skyndilegum ungbarnadau\u00f0a. Lamashtu er talin ein af elstu skjalfestum ska\u00f0averu-ger\u00f0um \u00ed tr\u00faarbrag\u00f0as\u00f6gu heimsins.\"}}, {\"@type\": \"Question\", \"name\": \"Hvernig var f\u00f3lk vari\u00f0 gegn Lamashtu?\", \"acceptedAnswer\": {\"@type\": \"Answer\", \"text\": \"Mikilv\u00e6gasta v\u00f6rnin gegn Lamashtu var Pazuzu-am\u00falett, \u00feversagnarkennt annar dj\u00f6full, sem var \u00fe\u00f3 n\u00fdttur sem verndari gegn Lamashtu. Auk \u00feess voru til s\u00e9rstakar galdrataflur (Lamashtu-t\u00f6flur), am\u00falett me\u00f0 d\u00fdragervi og tr\u00faarlegir textar sem minntu dj\u00f6flaveruna \u00e1 eigin veikleika, s\u00e9rstaklega heimkomu hennar til f\u00f6\u00f0urins Anu.\"}}]}<\/script>\t\t\t\t<\/div>\n\t\t\t\t\t<\/div>\n\t\t<\/div>\n\t\t\t\t\t<\/div>\n\t\t<\/section>\n\t\t\t\t<\/div>\n\t\t","protected":false},"excerpt":{"rendered":"","protected":false},"author":3,"featured_media":1708,"parent":0,"menu_order":0,"comment_status":"closed","ping_status":"closed","template":"elementor_header_footer","meta":{"_yoast_wpseo_focuskw":"Lamashtu","_yoast_wpseo_title":"Lamashtu - barnsbur\u00f0ar- og barnsfarard\u00eds","_yoast_wpseo_metadesc":"Lamashtu telst til \u00feeirra dj\u00f6fla Mes\u00f3p\u00f3tam\u00edu til forna sem best er var\u00f0veitt heimildir um. \u00d3l\u00edkt m\u00f6rgum nafnlausum sj\u00fakd\u00f3ms- e\u00f0a vindv\u00e6ttum kemur h\u00fan fram...","_yoast_wpseo_meta-robots-noindex":"","_yoast_wpseo_canonical":"","_angie_page":false,"gefaehrdungsstufe":"4","wesen_kultur":"mesopotamien","wesen_klasse":"daemonen","footnotes":""},"categories":[],"class_list":["post-168582","page","type-page","status-publish","has-post-thumbnail","hentry"],"yoast_head":"<!-- This site is optimized with the Yoast SEO Premium plugin v27.7 (Yoast SEO v28.3) - https:\/\/yoast.com\/product\/yoast-seo-premium-wordpress\/ -->\n<title>Lamashtu - barnsbur\u00f0ar- og barnsfarard\u00eds<\/title>\n<meta name=\"description\" content=\"Lamashtu telst til \u00feeirra dj\u00f6fla Mes\u00f3p\u00f3tam\u00edu til forna sem best er var\u00f0veitt heimildir um. \u00d3l\u00edkt m\u00f6rgum nafnlausum sj\u00fakd\u00f3ms- e\u00f0a vindv\u00e6ttum kemur h\u00fan fram...\" \/>\n<meta name=\"robots\" content=\"index, follow, max-snippet:-1, max-image-preview:large, max-video-preview:-1\" \/>\n<link rel=\"canonical\" href=\"https:\/\/iwell-guard.com\/is\/lamashtu\/\" \/>\n<meta property=\"og:locale\" content=\"is_IS\" \/>\n<meta property=\"og:type\" content=\"article\" \/>\n<meta property=\"og:title\" content=\"Lamashtu\" \/>\n<meta property=\"og:description\" content=\"Lamashtu telst til \u00feeirra dj\u00f6fla Mes\u00f3p\u00f3tam\u00edu til forna sem best er var\u00f0veitt heimildir um. \u00d3l\u00edkt m\u00f6rgum nafnlausum sj\u00fakd\u00f3ms- e\u00f0a vindv\u00e6ttum kemur h\u00fan fram...\" \/>\n<meta property=\"og:url\" content=\"https:\/\/iwell-guard.com\/is\/lamashtu\/\" \/>\n<meta property=\"og:site_name\" content=\"iWell Guard\" \/>\n<meta property=\"article:modified_time\" content=\"2026-09-05T14:14:11+00:00\" \/>\n<meta property=\"og:image\" content=\"https:\/\/iwell-guard.com\/wp-content\/uploads\/2026\/04\/daemonen_mesopotamien_lamashtu.webp\" \/>\n\t<meta property=\"og:image:width\" content=\"1024\" \/>\n\t<meta property=\"og:image:height\" content=\"1536\" \/>\n\t<meta property=\"og:image:type\" content=\"image\/webp\" \/>\n<meta name=\"twitter:card\" content=\"summary_large_image\" \/>\n<script type=\"application\/ld+json\" class=\"yoast-schema-graph\">{\"@context\":\"https:\\\/\\\/schema.org\",\"@graph\":[{\"@type\":\"WebPage\",\"@id\":\"https:\\\/\\\/iwell-guard.com\\\/is\\\/lamashtu\\\/\",\"url\":\"https:\\\/\\\/iwell-guard.com\\\/is\\\/lamashtu\\\/\",\"name\":\"Lamashtu - barnsbur\u00f0ar- og barnsfarard\u00eds\",\"isPartOf\":{\"@id\":\"https:\\\/\\\/iwell-guard.com\\\/is\\\/#website\"},\"primaryImageOfPage\":{\"@id\":\"https:\\\/\\\/iwell-guard.com\\\/is\\\/lamashtu\\\/#primaryimage\"},\"image\":{\"@id\":\"https:\\\/\\\/iwell-guard.com\\\/is\\\/lamashtu\\\/#primaryimage\"},\"thumbnailUrl\":\"https:\\\/\\\/iwell-guard.com\\\/wp-content\\\/uploads\\\/2026\\\/04\\\/daemonen_mesopotamien_lamashtu.webp\",\"datePublished\":\"2026-09-05T14:01:19+00:00\",\"dateModified\":\"2026-09-05T14:14:11+00:00\",\"description\":\"Lamashtu telst til \u00feeirra dj\u00f6fla Mes\u00f3p\u00f3tam\u00edu til forna sem best er var\u00f0veitt heimildir um. \u00d3l\u00edkt m\u00f6rgum nafnlausum sj\u00fakd\u00f3ms- e\u00f0a vindv\u00e6ttum kemur h\u00fan fram...\",\"breadcrumb\":{\"@id\":\"https:\\\/\\\/iwell-guard.com\\\/is\\\/lamashtu\\\/#breadcrumb\"},\"inLanguage\":\"is\",\"potentialAction\":[{\"@type\":\"ReadAction\",\"target\":[\"https:\\\/\\\/iwell-guard.com\\\/is\\\/lamashtu\\\/\"]}]},{\"@type\":\"ImageObject\",\"inLanguage\":\"is\",\"@id\":\"https:\\\/\\\/iwell-guard.com\\\/is\\\/lamashtu\\\/#primaryimage\",\"url\":\"https:\\\/\\\/iwell-guard.com\\\/wp-content\\\/uploads\\\/2026\\\/04\\\/daemonen_mesopotamien_lamashtu.webp\",\"contentUrl\":\"https:\\\/\\\/iwell-guard.com\\\/wp-content\\\/uploads\\\/2026\\\/04\\\/daemonen_mesopotamien_lamashtu.webp\",\"width\":1024,\"height\":1536,\"caption\":\"Dj\u00f6flar \u00far Mes\u00f3p\u00f3tam\u00edu-hef\u00f0inni.\"},{\"@type\":\"BreadcrumbList\",\"@id\":\"https:\\\/\\\/iwell-guard.com\\\/is\\\/lamashtu\\\/#breadcrumb\",\"itemListElement\":[{\"@type\":\"ListItem\",\"position\":1,\"name\":\"Start\",\"item\":\"https:\\\/\\\/iwell-guard.com\\\/is\\\/?page_id=168580\"},{\"@type\":\"ListItem\",\"position\":2,\"name\":\"Lamashtu\"}]},{\"@type\":\"WebSite\",\"@id\":\"https:\\\/\\\/iwell-guard.com\\\/is\\\/#website\",\"url\":\"https:\\\/\\\/iwell-guard.com\\\/is\\\/\",\"name\":\"iWell Guard\",\"description\":\"Schutz vor dunklen Einfl\u00fcssen\",\"publisher\":{\"@id\":\"https:\\\/\\\/iwell-guard.com\\\/is\\\/#organization\"},\"potentialAction\":[{\"@type\":\"SearchAction\",\"target\":{\"@type\":\"EntryPoint\",\"urlTemplate\":\"https:\\\/\\\/iwell-guard.com\\\/is\\\/?s={search_term_string}\"},\"query-input\":{\"@type\":\"PropertyValueSpecification\",\"valueRequired\":true,\"valueName\":\"search_term_string\"}}],\"inLanguage\":\"is\"},{\"@type\":\"Organization\",\"@id\":\"https:\\\/\\\/iwell-guard.com\\\/is\\\/#organization\",\"name\":\"Ittermann electronic GmbH\",\"url\":\"https:\\\/\\\/iwell-guard.com\\\/is\\\/\",\"logo\":{\"@type\":\"ImageObject\",\"inLanguage\":\"is\",\"@id\":\"https:\\\/\\\/iwell-guard.com\\\/is\\\/#\\\/schema\\\/logo\\\/image\\\/\",\"url\":\"https:\\\/\\\/iwell-guard.com\\\/wp-content\\\/uploads\\\/2026\\\/05\\\/Ittermann-Logo-1182x237-1.png\",\"contentUrl\":\"https:\\\/\\\/iwell-guard.com\\\/wp-content\\\/uploads\\\/2026\\\/05\\\/Ittermann-Logo-1182x237-1.png\",\"width\":1182,\"height\":237,\"caption\":\"Ittermann electronic GmbH\"},\"image\":{\"@id\":\"https:\\\/\\\/iwell-guard.com\\\/is\\\/#\\\/schema\\\/logo\\\/image\\\/\"},\"sameAs\":[\"https:\\\/\\\/pantip.com\\\/profile\\\/9367242\",\"https:\\\/\\\/micro.blog\\\/iwellguard\",\"https:\\\/\\\/www.diggerslist.com\\\/iwellguard\\\/about\",\"https:\\\/\\\/skitterphoto.com\\\/photographers\\\/2870314\\\/iwell-guard\",\"https:\\\/\\\/iwellguard.wordpress.com\\\/2026\\\/06\\\/06\\\/iwell-guard\\\/\",\"https:\\\/\\\/hub.docker.com\\\/u\\\/iwellguard\",\"https:\\\/\\\/www.pinterest.com\\\/iwellguard\\\/\",\"https:\\\/\\\/bit.ly\\\/m\\\/iwellguard\",\"https:\\\/\\\/entre-vos-mains.alsace.eu\\\/profiles\\\/iwellguard\\\/activity\",\"https:\\\/\\\/gravatar.com\\\/reallybeded8fd34\",\"https:\\\/\\\/naijamatta.com\\\/iwellguard\",\"https:\\\/\\\/www.goodreads.com\\\/iwellguard\",\"https:\\\/\\\/profile.hatena.ne.jp\\\/iwellguard\\\/\",\"https:\\\/\\\/experiment.com\\\/users\\\/iwellguard\",\"https:\\\/\\\/wakelet.com\\\/@iWellGuard82270\",\"https:\\\/\\\/www.chordie.com\\\/forum\\\/profile.php?id=2555664\",\"https:\\\/\\\/www.instapaper.com\\\/p\\\/17757966\",\"https:\\\/\\\/www.mapleprimes.com\\\/users\\\/iwellguard\",\"https:\\\/\\\/businesslistingplus.com\\\/profile\\\/iwell-guard\\\/\",\"https:\\\/\\\/telegra.ph\\\/iWell-Guard-06-06\",\"https:\\\/\\\/pbase.com\\\/iwellguard\\\/iwellguard\",\"https:\\\/\\\/b.hatena.ne.jp\\\/iwellguard\\\/20260607#bookmark-4788405196491818882\",\"https:\\\/\\\/fliphtml5.com\\\/home\\\/iwellguard\",\"https:\\\/\\\/anyflip.com\\\/homepage\\\/cmiwl#About\",\"https:\\\/\\\/transfur.com\\\/Users\\\/iwellguard\",\"http:\\\/\\\/delphi.larsbo.org\\\/user\\\/iwellguard\",\"https:\\\/\\\/jobs.lajobsportal.org\\\/profiles\\\/8380803-iwell-guard\",\"https:\\\/\\\/md.chaosdorf.de\\\/s\\\/jfbe5SBdJD\",\"https:\\\/\\\/www.lingvolive.com\\\/en-us\\\/profile\\\/9ecaeaca-ce11-4e51-9e71-01d55e2bff36\\\/translations\",\"https:\\\/\\\/www.fitday.com\\\/fitness\\\/forums\\\/members\\\/iwellguard.html\",\"https:\\\/\\\/www.mymeetbook.com\\\/iwellguard\",\"https:\\\/\\\/pxhere.com\\\/en\\\/photographer-me\\\/5040798\",\"https:\\\/\\\/disqus.com\\\/by\\\/iwellguard\\\/about\\\/\",\"https:\\\/\\\/pastelink.net\\\/hjwciqwq\",\"https:\\\/\\\/pubhtml5.com\\\/homepage\\\/scjhn\\\/\",\"https:\\\/\\\/www.bitchute.com\\\/channel\\\/2O2eOKzNqujT\",\"https:\\\/\\\/audiomack.com\\\/iwellguard\"]},{\"@type\":\"Article\",\"@id\":\"https:\\\/\\\/iwell-guard.com\\\/is\\\/lamashtu\\\/#article\",\"isPartOf\":{\"@id\":\"https:\\\/\\\/iwell-guard.com\\\/is\\\/lamashtu\\\/\"},\"author\":{\"name\":\"Ralf Ittermann\",\"@id\":\"https:\\\/\\\/iwell-guard.com\\\/is\\\/#\\\/schema\\\/person\\\/ee2a27f1cac3406c7c6fb5820cb7349f\"},\"headline\":\"Lamashtu\",\"datePublished\":\"2026-09-05T14:01:19+00:00\",\"dateModified\":\"2026-09-05T14:14:11+00:00\",\"mainEntityOfPage\":{\"@id\":\"https:\\\/\\\/iwell-guard.com\\\/is\\\/lamashtu\\\/\"},\"publisher\":{\"@id\":\"https:\\\/\\\/iwell-guard.com\\\/is\\\/#organization\"},\"image\":{\"@id\":\"https:\\\/\\\/iwell-guard.com\\\/is\\\/lamashtu\\\/#primaryimage\"},\"thumbnailUrl\":\"https:\\\/\\\/iwell-guard.com\\\/wp-content\\\/uploads\\\/2026\\\/04\\\/daemonen_mesopotamien_lamashtu.webp\",\"inLanguage\":\"is\",\"description\":\"Lamashtu telst til \u00feeirra dj\u00f6fla Mes\u00f3p\u00f3tam\u00edu til forna sem best er var\u00f0veitt heimildir um. \u00d3l\u00edkt m\u00f6rgum nafnlausum sj\u00fakd\u00f3ms- e\u00f0a vindv\u00e6ttum kemur h\u00fan fram...\"}]}<\/script>\n<!-- \/ Yoast SEO Premium plugin. -->","yoast_head_json":{"title":"Lamashtu - barnsbur\u00f0ar- og barnsfarard\u00eds","description":"Lamashtu telst til \u00feeirra dj\u00f6fla Mes\u00f3p\u00f3tam\u00edu til forna sem best er var\u00f0veitt heimildir um. \u00d3l\u00edkt m\u00f6rgum nafnlausum sj\u00fakd\u00f3ms- e\u00f0a vindv\u00e6ttum kemur h\u00fan fram...","robots":{"index":"index","follow":"follow","max-snippet":"max-snippet:-1","max-image-preview":"max-image-preview:large","max-video-preview":"max-video-preview:-1"},"canonical":"https:\/\/iwell-guard.com\/is\/lamashtu\/","og_locale":"is_IS","og_type":"article","og_title":"Lamashtu","og_description":"Lamashtu telst til \u00feeirra dj\u00f6fla Mes\u00f3p\u00f3tam\u00edu til forna sem best er var\u00f0veitt heimildir um. \u00d3l\u00edkt m\u00f6rgum nafnlausum sj\u00fakd\u00f3ms- e\u00f0a vindv\u00e6ttum kemur h\u00fan fram...","og_url":"https:\/\/iwell-guard.com\/is\/lamashtu\/","og_site_name":"iWell Guard","article_modified_time":"2026-09-05T14:14:11+00:00","og_image":[{"width":1024,"height":1536,"url":"https:\/\/iwell-guard.com\/wp-content\/uploads\/2026\/04\/daemonen_mesopotamien_lamashtu.webp","type":"image\/webp"}],"twitter_card":"summary_large_image","schema":{"@context":"https:\/\/schema.org","@graph":[{"@type":"Article","@id":"https:\/\/iwell-guard.com\/is\/lamashtu\/#article","isPartOf":{"@id":"https:\/\/iwell-guard.com\/is\/lamashtu\/"},"author":{"name":"Ralf Ittermann","@id":"https:\/\/iwell-guard.com\/is\/#\/schema\/person\/ee2a27f1cac3406c7c6fb5820cb7349f"},"headline":"Lamashtu","datePublished":"2026-09-05T14:01:19+00:00","dateModified":"2026-09-05T14:14:11+00:00","mainEntityOfPage":{"@id":"https:\/\/iwell-guard.com\/is\/lamashtu\/"},"publisher":{"@id":"https:\/\/iwell-guard.com\/is\/#organization"},"image":{"@id":"https:\/\/iwell-guard.com\/is\/lamashtu\/#primaryimage"},"thumbnailUrl":"https:\/\/iwell-guard.com\/wp-content\/uploads\/2026\/04\/daemonen_mesopotamien_lamashtu.webp","inLanguage":"is","description":"Lamashtu telst til \u00feeirra dj\u00f6fla Mes\u00f3p\u00f3tam\u00edu til forna sem best er var\u00f0veitt heimildir um. \u00d3l\u00edkt m\u00f6rgum nafnlausum sj\u00fakd\u00f3ms- e\u00f0a vindv\u00e6ttum kemur h\u00fan fram..."},{"@type":"WebPage","@id":"https:\/\/iwell-guard.com\/is\/lamashtu\/","url":"https:\/\/iwell-guard.com\/is\/lamashtu\/","name":"Lamashtu - barnsbur\u00f0ar- og barnsfarard\u00eds","isPartOf":{"@id":"https:\/\/iwell-guard.com\/is\/#website"},"primaryImageOfPage":{"@id":"https:\/\/iwell-guard.com\/is\/lamashtu\/#primaryimage"},"image":{"@id":"https:\/\/iwell-guard.com\/is\/lamashtu\/#primaryimage"},"thumbnailUrl":"https:\/\/iwell-guard.com\/wp-content\/uploads\/2026\/04\/daemonen_mesopotamien_lamashtu.webp","datePublished":"2026-09-05T14:01:19+00:00","dateModified":"2026-09-05T14:14:11+00:00","description":"Lamashtu telst til \u00feeirra dj\u00f6fla Mes\u00f3p\u00f3tam\u00edu til forna sem best er var\u00f0veitt heimildir um. \u00d3l\u00edkt m\u00f6rgum nafnlausum sj\u00fakd\u00f3ms- e\u00f0a vindv\u00e6ttum kemur h\u00fan fram...","breadcrumb":{"@id":"https:\/\/iwell-guard.com\/is\/lamashtu\/#breadcrumb"},"inLanguage":"is","potentialAction":[{"@type":"ReadAction","target":["https:\/\/iwell-guard.com\/is\/lamashtu\/"]}]},{"@type":"ImageObject","inLanguage":"is","@id":"https:\/\/iwell-guard.com\/is\/lamashtu\/#primaryimage","url":"https:\/\/iwell-guard.com\/wp-content\/uploads\/2026\/04\/daemonen_mesopotamien_lamashtu.webp","contentUrl":"https:\/\/iwell-guard.com\/wp-content\/uploads\/2026\/04\/daemonen_mesopotamien_lamashtu.webp","width":1024,"height":1536,"caption":"Dj\u00f6flar \u00far Mes\u00f3p\u00f3tam\u00edu-hef\u00f0inni."},{"@type":"BreadcrumbList","@id":"https:\/\/iwell-guard.com\/is\/lamashtu\/#breadcrumb","itemListElement":[{"@type":"ListItem","position":1,"name":"Start","item":"https:\/\/iwell-guard.com\/is\/?page_id=168580"},{"@type":"ListItem","position":2,"name":"Lamashtu"}]},{"@type":"WebSite","@id":"https:\/\/iwell-guard.com\/is\/#website","url":"https:\/\/iwell-guard.com\/is\/","name":"iWell Guard","description":"Schutz vor dunklen Einfl\u00fcssen","publisher":{"@id":"https:\/\/iwell-guard.com\/is\/#organization"},"potentialAction":[{"@type":"SearchAction","target":{"@type":"EntryPoint","urlTemplate":"https:\/\/iwell-guard.com\/is\/?s={search_term_string}"},"query-input":{"@type":"PropertyValueSpecification","valueRequired":true,"valueName":"search_term_string"}}],"inLanguage":"is"},{"@type":"Organization","@id":"https:\/\/iwell-guard.com\/is\/#organization","name":"Ittermann electronic GmbH","url":"https:\/\/iwell-guard.com\/is\/","logo":{"@type":"ImageObject","inLanguage":"is","@id":"https:\/\/iwell-guard.com\/is\/#\/schema\/logo\/image\/","url":"https:\/\/iwell-guard.com\/wp-content\/uploads\/2026\/05\/Ittermann-Logo-1182x237-1.png","contentUrl":"https:\/\/iwell-guard.com\/wp-content\/uploads\/2026\/05\/Ittermann-Logo-1182x237-1.png","width":1182,"height":237,"caption":"Ittermann electronic GmbH"},"image":{"@id":"https:\/\/iwell-guard.com\/is\/#\/schema\/logo\/image\/"},"sameAs":["https:\/\/pantip.com\/profile\/9367242","https:\/\/micro.blog\/iwellguard","https:\/\/www.diggerslist.com\/iwellguard\/about","https:\/\/skitterphoto.com\/photographers\/2870314\/iwell-guard","https:\/\/iwellguard.wordpress.com\/2026\/06\/06\/iwell-guard\/","https:\/\/hub.docker.com\/u\/iwellguard","https:\/\/www.pinterest.com\/iwellguard\/","https:\/\/bit.ly\/m\/iwellguard","https:\/\/entre-vos-mains.alsace.eu\/profiles\/iwellguard\/activity","https:\/\/gravatar.com\/reallybeded8fd34","https:\/\/naijamatta.com\/iwellguard","https:\/\/www.goodreads.com\/iwellguard","https:\/\/profile.hatena.ne.jp\/iwellguard\/","https:\/\/experiment.com\/users\/iwellguard","https:\/\/wakelet.com\/@iWellGuard82270","https:\/\/www.chordie.com\/forum\/profile.php?id=2555664","https:\/\/www.instapaper.com\/p\/17757966","https:\/\/www.mapleprimes.com\/users\/iwellguard","https:\/\/businesslistingplus.com\/profile\/iwell-guard\/","https:\/\/telegra.ph\/iWell-Guard-06-06","https:\/\/pbase.com\/iwellguard\/iwellguard","https:\/\/b.hatena.ne.jp\/iwellguard\/20260607#bookmark-4788405196491818882","https:\/\/fliphtml5.com\/home\/iwellguard","https:\/\/anyflip.com\/homepage\/cmiwl#About","https:\/\/transfur.com\/Users\/iwellguard","http:\/\/delphi.larsbo.org\/user\/iwellguard","https:\/\/jobs.lajobsportal.org\/profiles\/8380803-iwell-guard","https:\/\/md.chaosdorf.de\/s\/jfbe5SBdJD","https:\/\/www.lingvolive.com\/en-us\/profile\/9ecaeaca-ce11-4e51-9e71-01d55e2bff36\/translations","https:\/\/www.fitday.com\/fitness\/forums\/members\/iwellguard.html","https:\/\/www.mymeetbook.com\/iwellguard","https:\/\/pxhere.com\/en\/photographer-me\/5040798","https:\/\/disqus.com\/by\/iwellguard\/about\/","https:\/\/pastelink.net\/hjwciqwq","https:\/\/pubhtml5.com\/homepage\/scjhn\/","https:\/\/www.bitchute.com\/channel\/2O2eOKzNqujT","https:\/\/audiomack.com\/iwellguard"]},{"@type":"Person","@id":"https:\/\/iwell-guard.com\/is\/#\/schema\/person\/ee2a27f1cac3406c7c6fb5820cb7349f","name":"Ralf Ittermann","image":{"@type":"ImageObject","inLanguage":"is","@id":"https:\/\/secure.gravatar.com\/avatar\/073c0153e350a5005b68eb752b445fea71f6b24a26da9449ad7e155e6b446c9d?s=96&d=mm&r=g","url":"https:\/\/secure.gravatar.com\/avatar\/073c0153e350a5005b68eb752b445fea71f6b24a26da9449ad7e155e6b446c9d?s=96&d=mm&r=g","contentUrl":"https:\/\/secure.gravatar.com\/avatar\/073c0153e350a5005b68eb752b445fea71f6b24a26da9449ad7e155e6b446c9d?s=96&d=mm&r=g","caption":"Ralf Ittermann"},"givenName":"Ralf","familyName":"Ittermann","jobTitle":"Gesch\u00e4ftsf\u00fchrer und redaktioneller Verantwortlicher","url":"https:\/\/iwell-guard.com\/is\/author\/claude\/","description":"Ralf Ittermann ist Gesch\u00e4ftsf\u00fchrer der Ittermann electronic GmbH und redaktioneller Verantwortlicher des iWell-Guard-Lexikons. Er verbindet langj\u00e4hrige Erfahrung in der Pr\u00e4zisionsfertigung mit medialer Praxis und religionsgeschichtlicher Quellenarbeit.","worksFor":{"@type":"Organization","name":"Ittermann electronic GmbH","url":"https:\/\/ittermann.de\/","address":{"@type":"PostalAddress","streetAddress":"K\u00f6hlergasse 16-18","postalCode":"99842","addressLocality":"Ruhla","addressCountry":"DE"}},"knowsAbout":["Religionsgeschichte","Mythologie","Mediale Praxis","Energetische Diagnostik","Schutzpraxis","Volksglauben","Westliche Esoterik"]},{"@type":"Article","@id":"https:\/\/iwell-guard.com\/is\/lamashtu\/#article","isPartOf":{"@id":"https:\/\/iwell-guard.com\/is\/lamashtu\/"},"author":{"name":"Ralf Ittermann","@id":"https:\/\/iwell-guard.com\/is\/#\/schema\/person\/ee2a27f1cac3406c7c6fb5820cb7349f"},"headline":"Lamashtu","datePublished":"2026-09-05T14:01:19+00:00","dateModified":"2026-09-05T14:14:11+00:00","mainEntityOfPage":{"@id":"https:\/\/iwell-guard.com\/is\/lamashtu\/"},"publisher":{"@id":"https:\/\/iwell-guard.com\/is\/#organization"},"image":{"@id":"https:\/\/iwell-guard.com\/is\/lamashtu\/#primaryimage"},"thumbnailUrl":"https:\/\/iwell-guard.com\/wp-content\/uploads\/2026\/04\/daemonen_mesopotamien_lamashtu.webp","inLanguage":"is","description":"Lamashtu telst til \u00feeirra dj\u00f6fla Mes\u00f3p\u00f3tam\u00edu til forna sem best er var\u00f0veitt heimildir um. \u00d3l\u00edkt m\u00f6rgum nafnlausum sj\u00fakd\u00f3ms- e\u00f0a vindv\u00e6ttum kemur h\u00fan fram..."}]}},"_links":{"self":[{"href":"https:\/\/iwell-guard.com\/is\/wp-json\/wp\/v2\/pages\/168582","targetHints":{"allow":["GET"]}}],"collection":[{"href":"https:\/\/iwell-guard.com\/is\/wp-json\/wp\/v2\/pages"}],"about":[{"href":"https:\/\/iwell-guard.com\/is\/wp-json\/wp\/v2\/types\/page"}],"author":[{"embeddable":true,"href":"https:\/\/iwell-guard.com\/is\/wp-json\/wp\/v2\/users\/3"}],"replies":[{"embeddable":true,"href":"https:\/\/iwell-guard.com\/is\/wp-json\/wp\/v2\/comments?post=168582"}],"version-history":[{"count":0,"href":"https:\/\/iwell-guard.com\/is\/wp-json\/wp\/v2\/pages\/168582\/revisions"}],"wp:featuredmedia":[{"embeddable":true,"href":"https:\/\/iwell-guard.com\/is\/wp-json\/wp\/v2\/media\/1708"}],"wp:attachment":[{"href":"https:\/\/iwell-guard.com\/is\/wp-json\/wp\/v2\/media?parent=168582"}],"wp:term":[{"taxonomy":"category","embeddable":true,"href":"https:\/\/iwell-guard.com\/is\/wp-json\/wp\/v2\/categories?post=168582"}],"curies":[{"name":"wp","href":"https:\/\/api.w.org\/{rel}","templated":true}]}}