{"id":168580,"date":"2026-09-05T14:01:18","date_gmt":"2026-09-05T14:01:18","guid":{"rendered":"https:\/\/iwell-guard.com\/?page_id=168580"},"modified":"2026-09-05T14:14:10","modified_gmt":"2026-09-05T14:14:10","slug":"forsida","status":"publish","type":"page","link":"https:\/\/iwell-guard.com\/is\/","title":{"rendered":"Fors\u00ed\u00f0a"},"content":{"rendered":"\t\t<div data-elementor-type=\"wp-page\" data-elementor-id=\"168580\" class=\"elementor elementor-168580 elementor-8\" data-elementor-post-type=\"page\">\n\t\t\t\t<div class=\"elementor-element elementor-element-x-h1-8 iwg-kultur-hero elementor-hidden-desktop e-flex e-con-boxed e-con e-parent\" data-id=\"x-h1-8\" data-element_type=\"container\" data-e-type=\"container\">\n\t\t\t\t\t<div class=\"e-con-inner\">\n\t\t<div class=\"elementor-element elementor-element-khleft-home iwg-kultur-hero-left e-flex e-con-boxed e-con e-child\" data-id=\"khleft-home\" data-element_type=\"container\" data-e-type=\"container\">\n\t\t\t\t\t<div class=\"e-con-inner\">\n\t\t\t\t<div class=\"elementor-element elementor-element-x-h1w-8 elementor-widget elementor-widget-heading\" data-id=\"x-h1w-8\" data-element_type=\"widget\" data-e-type=\"widget\" data-widget_type=\"heading.default\">\n\t\t\t\t\t<h1 class=\"elementor-heading-title elementor-size-default\">iWell Guard. N\u00fat\u00edmalegur verndargripur og lexikon verndarhef\u00f0a.<\/h1>\t\t\t\t<\/div>\n\t\t\t\t<div class=\"elementor-element elementor-element-mh-sub elementor-widget elementor-widget-jet-headline\" data-id=\"mh-sub\" data-element_type=\"widget\" data-e-type=\"widget\" data-widget_type=\"jet-headline.default\">\n\t\t\t\t<div class=\"elementor-widget-container\">\n\t\t\t\t\t<div class=\"jet-headline jet-headline--direction-vertical\"><span class=\"jet-headline__part jet-headline__first\"><span class=\"jet-headline__label\">Verndargripur \u00far \u00fe\u00fdskri framlei\u00f0slu,\n<\/span><\/span><span class=\"jet-headline__part jet-headline__second\"><span class=\"jet-headline__label\">innbl\u00e1sinn af verndarhef\u00f0um margra menningarheima.<\/span><\/span><\/div><style>.elementor-element.elementor-element-mh-sub .jet-headline__first{color:var(--e-global-color-accent);font-family:Montserrat,sans-serif;font-size:51px;font-weight:600;line-height:0.77em;text-transform:uppercase;text-shadow:0px 0px 4px #000000;}@media(max-width:767px){.elementor-element.elementor-element-mh-sub .jet-headline__first{font-size:30px;}}.elementor-element.elementor-element-mh-sub .jet-headline__second{color:var(--e-global-color-text);font-family:Montserrat,sans-serif;font-size:46px;font-weight:400;line-height:0.77em;text-transform:uppercase;text-shadow:0px 0px 4px #000000;}@media(max-width:767px){.elementor-element.elementor-element-mh-sub .jet-headline__second{font-size:26px;}}<\/style>\t\t\t\t<\/div>\n\t\t\t\t<\/div>\n\t\t\t\t<div class=\"elementor-element elementor-element-mh-btn iwg-shop-cta elementor-widget elementor-widget-jet-button\" data-id=\"mh-btn\" data-element_type=\"widget\" data-e-type=\"widget\" data-widget_type=\"jet-button.default\">\n\t\t\t\t<div class=\"elementor-widget-container\">\n\t\t\t\t\t<div class=\"elementor-jet-button jet-elements\"><div class=\"jet-button__container\"><a class=\"jet-button__instance jet-button__instance--icon-left hover-effect-1\" href=\"#schutzobjekte\"><div class=\"jet-button__plane jet-button__plane-normal\"><\/div><div class=\"jet-button__plane jet-button__plane-hover\"><\/div><div class=\"jet-button__state jet-button__state-normal\"><span class=\"jet-button__label\">Fr\u00e6\u00f0ast meira<\/span><\/div><div class=\"jet-button__state jet-button__state-hover\"><span class=\"jet-button__label\">Fr\u00e6\u00f0ast meira<\/span><\/div><\/a><\/div><\/div><style>.elementor-element.elementor-element-mh-btn .jet-button__instance{width:197px;height:61px;}.elementor-element.elementor-element-mh-btn .jet-button__state-normal .jet-button__label{text-align:center;margin:0px 0px 0px 0px;color:#1a1b20;font-family:Montserrat,sans-serif;font-size:14px;font-weight:400;letter-spacing:8.4px;line-height:1.714em;text-transform:uppercase;}.elementor-element.elementor-element-mh-btn .jet-button__state-hover .jet-button__label{text-align:center;margin:0px 0px 0px 0px;color:#FECC76;font-family:Montserrat,sans-serif;font-size:14px;font-weight:400;letter-spacing:8.4px;line-height:1.714em;text-transform:uppercase;}.elementor-element.elementor-element-mh-btn .jet-button__plane-normal{background-color:#FECC76;border-style:solid;border-color:#C99540;border-width:2px 2px 2px 2px;}.elementor-element.elementor-element-mh-btn .jet-button__plane-hover{background-color:rgba(0,0,0,0.55);border-style:solid;border-color:#FECC76;border-width:2px 2px 2px 2px;}<\/style>\t\t\t\t<\/div>\n\t\t\t\t<\/div>\n\t\t\t\t\t<\/div>\n\t\t\t\t<\/div>\n\t\t<div class=\"elementor-element elementor-element-khrght-home iwg-kultur-hero-right iwg-naked-fallback e-flex e-con-boxed e-con e-child\" data-id=\"khrght-home\" data-element_type=\"container\" data-e-type=\"container\">\n\t\t\t\t\t<div class=\"e-con-inner\">\n\t\t\t\t<div class=\"elementor-element elementor-element-x-img-home iwg-hero-image elementor-widget elementor-widget-image\" data-id=\"x-img-home\" data-element_type=\"widget\" data-e-type=\"widget\" data-widget_type=\"image.default\">\n\t\t\t\t\t\t\t\t\t\t\t\t\t\t\t<img fetchpriority=\"high\" decoding=\"async\" width=\"800\" height=\"819\" src=\"https:\/\/iwell-guard.com\/wp-content\/uploads\/2026\/03\/Kriegerin-1000x1024.webp\" class=\"attachment-large size-large wp-image-440\" alt=\"Kriegerin des Lichts\" srcset=\"https:\/\/iwell-guard.com\/wp-content\/uploads\/2026\/03\/Kriegerin-1000x1024.webp 1000w, https:\/\/iwell-guard.com\/wp-content\/uploads\/2026\/03\/Kriegerin-293x300.webp 293w, https:\/\/iwell-guard.com\/wp-content\/uploads\/2026\/03\/Kriegerin-768x786.webp 768w, https:\/\/iwell-guard.com\/wp-content\/uploads\/2026\/03\/Kriegerin.webp 1500w\" sizes=\"(max-width: 800px) 100vw, 800px\" \/>\t\t\t\t\t\t\t\t\t\t\t\t\t\t\t<\/div>\n\t\t\t\t\t<\/div>\n\t\t\t\t<\/div>\n\t\t\t\t\t<\/div>\n\t\t\t\t<\/div>\n\t\t<div data-iwg-plx=\"[{&quot;img&quot;:&quot;https:\\\/\\\/iwell-guard.com\\\/wp-content\\\/uploads\\\/2026\\\/03\\\/Kriegerin.webp&quot;,&quot;imgT&quot;:&quot;https:\\\/\\\/iwell-guard.com\\\/wp-content\\\/uploads\\\/2020\\\/07\\\/Frame-4.png&quot;,&quot;imgM&quot;:&quot;&quot;,&quot;speed&quot;:10,&quot;x&quot;:100,&quot;y&quot;:0,&quot;size&quot;:&quot;contain&quot;,&quot;prop&quot;:&quot;bgposition&quot;,&quot;on&quot;:[&quot;desktop&quot;]}]\" class=\"elementor-element elementor-element-10fdade elementor-hidden-tablet elementor-hidden-mobile e-flex e-con-boxed e-con e-parent\" data-id=\"10fdade\" data-element_type=\"container\" data-e-type=\"container\" data-settings=\"{&quot;background_background&quot;:&quot;classic&quot;}\">\n\t\t\t\t\t<div class=\"e-con-inner\">\n\t\t<div class=\"elementor-element elementor-element-c3ceb64 e-con-full e-flex e-con e-child\" data-id=\"c3ceb64\" data-element_type=\"container\" data-e-type=\"container\">\n\t\t\t\t<div class=\"elementor-element elementor-element-dh-h1 elementor-widget elementor-widget-heading\" data-id=\"dh-h1\" data-element_type=\"widget\" data-e-type=\"widget\" data-widget_type=\"heading.default\">\n\t\t\t\t\t<div class=\"elementor-heading-title elementor-size-default\">iWell Guard. N\u00fat\u00edmalegur verndargripur og lexikon verndarhef\u00f0a.<\/div>\t\t\t\t<\/div>\n\t\t<div class=\"elementor-element elementor-element-b6b4ea0 e-con-full e-flex e-con e-child\" data-id=\"b6b4ea0\" data-element_type=\"container\" data-e-type=\"container\">\n\t\t\t\t<div class=\"elementor-element elementor-element-ad1021f elementor-widget elementor-widget-image\" data-id=\"ad1021f\" data-element_type=\"widget\" data-e-type=\"widget\" data-widget_type=\"image.default\">\n\t\t\t\t\t\t\t\t\t\t\t\t\t\t\t<img decoding=\"async\" width=\"361\" height=\"440\" src=\"https:\/\/iwell-guard.com\/wp-content\/uploads\/2026\/04\/iWell-Guard-Vorderseite-Glow.png\" class=\"attachment-full size-full wp-image-492\" alt=\"iWell Guard Schutzanh\u00e4nger, Vorderseite mit Glow-Effekt\" srcset=\"https:\/\/iwell-guard.com\/wp-content\/uploads\/2026\/04\/iWell-Guard-Vorderseite-Glow.png 361w, https:\/\/iwell-guard.com\/wp-content\/uploads\/2026\/04\/iWell-Guard-Vorderseite-Glow-246x300.png 246w\" sizes=\"(max-width: 361px) 100vw, 361px\" \/>\t\t\t\t\t\t\t\t\t\t\t\t\t\t\t<\/div>\n\t\t\t\t<\/div>\n\t\t\t\t<div class=\"elementor-element elementor-element-de3d67f elementor-widget elementor-widget-jet-headline\" data-id=\"de3d67f\" data-element_type=\"widget\" data-e-type=\"widget\" data-widget_type=\"jet-headline.default\">\n\t\t\t\t<div class=\"elementor-widget-container\">\n\t\t\t\t\t<div class=\"jet-headline jet-headline--direction-vertical\"><span class=\"jet-headline__part jet-headline__first\"><span class=\"jet-headline__label\">Verndargripur \u00far \u00fe\u00fdskri framlei\u00f0slu,\n<\/span><\/span><span class=\"jet-headline__part jet-headline__second\"><span class=\"jet-headline__label\">innbl\u00e1sinn af verndarhef\u00f0um margra menningarheima.<\/span><\/span><\/div><style>.elementor-element.elementor-element-de3d67f .jet-headline__first{color:var(--e-global-color-accent);font-family:Montserrat,sans-serif;font-size:40px;font-weight:600;line-height:1em;text-transform:uppercase;text-shadow:0px 0px 4px #000000;}@media(max-width:767px){.elementor-element.elementor-element-de3d67f .jet-headline__first{font-size:65px;}}.elementor-element.elementor-element-de3d67f .jet-headline__second{color:var(--e-global-color-text);font-family:Montserrat,sans-serif;font-size:37px;font-weight:400;line-height:1em;text-transform:uppercase;text-shadow:0px 0px 4px #000000;}@media(max-width:767px){.elementor-element.elementor-element-de3d67f .jet-headline__second{font-size:65px;}}<\/style>\t\t\t\t<\/div>\n\t\t\t\t<\/div>\n\t\t\t\t<div class=\"elementor-element elementor-element-a619dcc elementor-widget elementor-widget-spacer\" data-id=\"a619dcc\" data-element_type=\"widget\" data-e-type=\"widget\" data-widget_type=\"spacer.default\">\n\t\t\t\t\t\t\t<div class=\"elementor-spacer\">\n\t\t\t<div class=\"elementor-spacer-inner\"><\/div>\n\t\t<\/div>\n\t\t\t\t\t\t<\/div>\n\t\t\t\t<div class=\"elementor-element elementor-element-3483e99 iwg-shop-cta elementor-widget elementor-widget-jet-button\" data-id=\"3483e99\" data-element_type=\"widget\" data-e-type=\"widget\" data-widget_type=\"jet-button.default\">\n\t\t\t\t<div class=\"elementor-widget-container\">\n\t\t\t\t\t<div class=\"elementor-jet-button jet-elements\"><div class=\"jet-button__container\"><a class=\"jet-button__instance jet-button__instance--icon-left hover-effect-1\" href=\"\/schutzanhaenger-iwell-guard-kaufen\/\"><div class=\"jet-button__plane jet-button__plane-normal\"><\/div><div class=\"jet-button__plane jet-button__plane-hover\"><\/div><div class=\"jet-button__state jet-button__state-normal\"><span class=\"jet-button__label\">Kaupa iWell Guard<\/span><\/div><div class=\"jet-button__state jet-button__state-hover\"><span class=\"jet-button__label\">Kaupa iWell Guard<\/span><\/div><\/a><\/div><\/div><style>.elementor-element.elementor-element-3483e99 .jet-button__instance{width:262px;height:92px;}.elementor-element.elementor-element-3483e99 .jet-button__state-normal .jet-button__label{text-align:center;margin:0px 0px 0px 0px;color:#1a1b20;font-family:Montserrat,sans-serif;font-size:16px;font-weight:600;letter-spacing:8.4px;line-height:1.714em;text-transform:uppercase;}.elementor-element.elementor-element-3483e99 .jet-button__state-hover .jet-button__label{text-align:center;margin:0px 0px 0px 0px;color:#FECC76;font-family:Montserrat,sans-serif;font-size:14px;font-weight:400;letter-spacing:8.4px;line-height:1.714em;text-transform:uppercase;}.elementor-element.elementor-element-3483e99 .jet-button__plane-normal{background-color:#FECC76;border-style:solid;border-color:#C99540;border-width:2px 2px 2px 2px;}.elementor-element.elementor-element-3483e99 .jet-button__plane-hover{background-color:rgba(0,0,0,0.55);border-style:solid;border-color:#FECC76;border-width:2px 2px 2px 2px;}<\/style>\t\t\t\t<\/div>\n\t\t\t\t<\/div>\n\t\t\t\t<\/div>\n\t\t<div class=\"elementor-element elementor-element-3f74855 e-con-full e-flex e-con e-child\" data-id=\"3f74855\" data-element_type=\"container\" data-e-type=\"container\">\n\t\t\t\t<\/div>\n\t\t\t\t\t<\/div>\n\t\t\t\t<\/div>\n\t\t<div class=\"elementor-element elementor-element-klar-home e-flex e-con-boxed e-con e-parent\" data-id=\"klar-home\" data-element_type=\"container\" data-e-type=\"container\">\n\t\t\t\t\t<div class=\"e-con-inner\">\n\t\t<div class=\"elementor-element elementor-element-klar-home-inner e-con-full e-flex e-con e-child\" data-id=\"klar-home-inner\" data-element_type=\"container\" data-e-type=\"container\">\n\t\t\t\t<div class=\"elementor-element elementor-element-klar-home-t elementor-widget elementor-widget-text-editor\" data-id=\"klar-home-t\" data-element_type=\"widget\" data-e-type=\"widget\" data-widget_type=\"text-editor.default\">\n\t\t\t\t\t\t\t\t\t<p>iWell Guard sameinar tv\u00f6 verkefni undir einu \u00feaki. N\u00fat\u00edmalegur <strong>verndargripur<\/strong> \u00far \u00fe\u00fdskri h\u00e1t\u00e6kniframlei\u00f0slu heldur \u00e1fram \u00fe\u00fasunda \u00e1ra gamalli hef\u00f0 um verndargripi sem borin eru \u00e1 l\u00edkamanum. Tr\u00faarfr\u00e6\u00f0ileg heimildaskr\u00e1 skjalfestir gu\u00f0i, dj\u00f6fla, anda, lj\u00f3sv\u00e6tti og t\u00f6frai\u00f0kun \u00far \u00f6llum st\u00f3rum menningarheimum.<\/p><p><\/p><h2 id=\"dif-lexikon\">Lexikoni\u00f0 sem \u00feekkingarheimur<\/h2><p>Lexikon \u00feessarar s\u00ed\u00f0u spannar yfir 1.000 <strong>f\u00e6rslur um v\u00e6ttir<\/strong> \u00far meira en 40 <strong>tr\u00faars\u00f6gulega skjalfestum menningarheimum<\/strong>. \u00dev\u00ed er skipt \u00ed fj\u00f3ra <strong>flokka v\u00e6tta<\/strong>: gu\u00f0i, dj\u00f6fla, anda og lj\u00f3sv\u00e6tti. Hver f\u00e6rsla sameinar heimildafr\u00e6\u00f0ilegar tilv\u00edsanir me\u00f0 myndfr\u00e6\u00f0ilegri l\u00fdsingu, \u00fatbrei\u00f0slu og verndari\u00f0kun.<\/p><p>Heimildir eru sta\u00f0alrit samanbur\u00f0ar-<span class=\"iwg-fachbegriff\" data-tooltip=\"Fr\u00e6\u00f0igreinin sem rannsakar tr\u00faarbr\u00f6g\u00f0 \u00e1 samanbur\u00f0arh\u00e1tt og \u00e1n tr\u00faarlegrar afst\u00f6\u00f0u.\" tabindex=\"0\">tr\u00faarbrag\u00f0afr\u00e6\u00f0i<\/span> (Burkert, Eliade, Pauly-Wissowa, Simek, Bott\u00e9ro, Scholem, Schimmel) auk n\u00fdlegra handb\u00f3ka \u00ed tr\u00faars\u00f6gu og <span class=\"iwg-fachbegriff\" data-tooltip=\"Fr\u00e6\u00f0igrein sem rannsakar hversdagsmenningu, si\u00f0i og munnm\u00e6lahef\u00f0ir.\" tabindex=\"0\">\u00fej\u00f3\u00f0fr\u00e6\u00f0i<\/span>. \u00deemami\u00f0st\u00f6\u00f0varnar skiptast eftir menningarsvi\u00f0i (Egyptaland, Mes\u00f3p\u00f3tam\u00eda, Grikkland, R\u00f3m, germ\u00f6nsk tr\u00fa, slavnesk tr\u00fa, keltnesk tr\u00fa, hind\u00faisma, b\u00faddisma, <span class=\"iwg-fachbegriff\" data-tooltip=\"K\u00ednversk tr\u00faarleg og heimspekileg hef\u00f0 sem byggist \u00e1 Dao, Veginum.\" tabindex=\"0\">da\u00f3isma<\/span>, judaisma, kristni, \u00edslam, Japan, K\u00edna, K\u00f3reu, T\u00edbet, vodou) og eftir i\u00f0kunarsvi\u00f0i (ska\u00f0at\u00f6frar, \u00e1start\u00f6frar, nekromant\u00eda, sjaman\u00edsk \u00fatdr\u00e1ttarath\u00f6fn, te\u00farg\u00eda, sigillat\u00f6frar, jar\u00f0sp\u00e1, talnaspeki).<\/p>\t\t\t\t\t\t\t\t<\/div>\n\t\t\t\t<\/div>\n\t\t\t\t\t<\/div>\n\t\t\t\t<\/div>\n\t\t<div class=\"elementor-element elementor-element-x-home-st01 e-flex e-con-boxed e-con e-parent\" data-id=\"x-home-st01\" data-element_type=\"container\" data-e-type=\"container\">\n\t\t\t\t\t<div class=\"e-con-inner\">\n\t\t\t\t<div class=\"elementor-element elementor-element-x-home-st01h elementor-widget elementor-widget-heading\" data-id=\"x-home-st01h\" data-element_type=\"widget\" data-e-type=\"widget\" id=\"schutzobjekte\" data-widget_type=\"heading.default\">\n\t\t\t\t\t<h2 class=\"elementor-heading-title elementor-size-default\">Verndargripir hafa fylgt f\u00f3lki um \u00fe\u00fasundir \u00e1ra<\/h2>\t\t\t\t<\/div>\n\t\t<div class=\"elementor-element elementor-element-x-home-st01-inner e-con-full e-flex e-con e-child\" data-id=\"x-home-st01-inner\" data-element_type=\"container\" data-e-type=\"container\">\n\t\t\t\t<div class=\"elementor-element elementor-element-x-home-st01-innerh3 elementor-widget elementor-widget-heading\" data-id=\"x-home-st01-innerh3\" data-element_type=\"widget\" data-e-type=\"widget\" data-widget_type=\"heading.default\">\n\t\t\t\t\t<div class=\"elementor-heading-title elementor-size-default\">\u00der\u00e1\u00f0ur sem tengir menningarheima<\/div>\t\t\t\t<\/div>\n\t\t\t\t<div class=\"elementor-element elementor-element-x-home-st01-innert elementor-widget elementor-widget-text-editor\" data-id=\"x-home-st01-innert\" data-element_type=\"widget\" data-e-type=\"widget\" data-widget_type=\"text-editor.default\">\n\t\t\t\t\t\t\t\t\t<p>\u00cd n\u00e6r \u00f6llum menningarheimum m\u00e1 finna gripi sem f\u00f3lk bar \u00e1 l\u00edkamanum til a\u00f0 verjast ska\u00f0legum \u00e1hrifum. \u00cd Mes\u00f3p\u00f3tam\u00edu var \u00fea\u00f0 bronshengi <a href=\"https:\/\/iwell-guard.com\/is\/?page_id=168584\">Pazuzu<\/a>, sem \u00feunga\u00f0ar konur b\u00e1ru gegn <a href=\"https:\/\/iwell-guard.com\/is\/?page_id=168582\">Lamashtu<\/a>.<\/p><p>\u00c1 Mi\u00f0jar\u00f0arhafssv\u00e6\u00f0inu fylgja Hamsa-h\u00f6ndin og auga\u00f0 gegn hinu illa auga fj\u00f6lskyldum enn \u00ed dag, kynsl\u00f3\u00f0 eftir kynsl\u00f3\u00f0. \u00cd hef\u00f0 judaismans markar mez\u00fasan \u00e1 dyrastafnum vernda\u00f0 heimili, me\u00f0an litlar b\u00f3kfellsr\u00fallur bornar \u00e1 l\u00edkamanum sinna pers\u00f3nulegri verndarfunkj\u00f3n.<\/p>\n<p>Kristin i\u00f0kun \u00feekkir Krist\u00f3f\u00f3rus-medal\u00edur fyrir fer\u00f0amenn, skap\u00falur fyrir klausturreglur og blessu\u00f0 krosshengi til daglegrar notkunar. \u00cd b\u00faddisma eru <span class=\"iwg-fachbegriff\" data-tooltip=\"Heilagt or\u00f0 e\u00f0a form\u00fala sem er endurtekin \u00ed hind\u00faisma og b\u00faddisma.\" tabindex=\"0\">mantra<\/span>-hj\u00f3l og verndarsn\u00farur daglegir fylgihlutir, og \u00ed t\u00edbeskum klaustrum er bori\u00f0 \u00e1 sig helgigripahengi enn \u00feann dag \u00ed dag. Utan st\u00f3rtr\u00faarbrag\u00f0anna er mynstri\u00f0 jafnvel st\u00f6\u00f0ugt: vestur-afr\u00edsk gris-gris-pungar, slavneskir naveskar, keltneskir verndarhn\u00fatar, jap\u00f6nsk omamori \u00far <span class=\"iwg-fachbegriff\" data-tooltip=\"Frumbyggjatr\u00fa Japans, m\u00f3tu\u00f0 af tilbei\u00f0slu \u00e1 kami.\" tabindex=\"0\">sinto<\/span>-helgid\u00f3mum.<\/p>\n<p>V\u00edsindalegar ranns\u00f3knir l\u00fdsa \u00feessum gripum sem ap\u00f3tropea, \u00fe.e. verndandi bera hluti sem draga vernd s\u00edna af <span class=\"iwg-fachbegriff\" data-tooltip=\"Merki sem stendur \u00ed sta\u00f0 fyrir hugmynd e\u00f0a merkingu.\" tabindex=\"0\">t\u00e1kni<\/span>, efni og athafnabundinni innfl\u00e9ttingu.<\/p><p>\u00deeir eru ekki bara skartgripir heldur hagn\u00fdtir hlutir \u00ed daglegu l\u00edfi. <strong>iWell Guard<\/strong> fellur inn \u00ed \u00feessa menningars\u00f6gulegu \u00fer\u00e1\u00f0arl\u00ednu, me\u00f0 samt\u00edmalegri efnisarkitekt\u00far og sk\u00fdrt skilgreindri virkni. \u00deeir sem vilja lesa n\u00e1nar finna einstakar v\u00e6ttir og menningarlegan bakgrunn \u00ed <a href=\"https:\/\/iwell-guard.com\/is\/?page_id=168727\">lexikoninu<\/a>.<\/p>\t\t\t\t\t\t\t\t<\/div>\n\t\t\t\t<\/div>\n\t\t\t\t\t<\/div>\n\t\t\t\t<\/div>\n\t\t<div class=\"elementor-element elementor-element-x-home-m02 e-flex e-con-boxed e-con e-parent\" data-id=\"x-home-m02\" data-element_type=\"container\" data-e-type=\"container\">\n\t\t\t\t\t<div class=\"e-con-inner\">\n\t\t\t\t<div class=\"elementor-element elementor-element-x-home-m02h elementor-widget elementor-widget-heading\" data-id=\"x-home-m02h\" data-element_type=\"widget\" data-e-type=\"widget\" data-widget_type=\"heading.default\">\n\t\t\t\t\t<h2 class=\"elementor-heading-title elementor-size-default\">Lausnin<\/h2>\t\t\t\t<\/div>\n\t\t<div class=\"elementor-element elementor-element-x-home-m02-inner e-con-full e-flex e-con e-child\" data-id=\"x-home-m02-inner\" data-element_type=\"container\" data-e-type=\"container\">\n\t\t\t\t<div class=\"elementor-element elementor-element-x-home-m02-innerh3 elementor-widget elementor-widget-heading\" data-id=\"x-home-m02-innerh3\" data-element_type=\"widget\" data-e-type=\"widget\" data-widget_type=\"heading.default\">\n\t\t\t\t\t<div class=\"elementor-heading-title elementor-size-default\">Sterkur og m\u00e1ttugur fylgir<\/div>\t\t\t\t<\/div>\n\t\t\t\t<div class=\"elementor-element elementor-element-x-home-m02-innert elementor-widget elementor-widget-text-editor\" data-id=\"x-home-m02-innert\" data-element_type=\"widget\" data-e-type=\"widget\" data-widget_type=\"text-editor.default\">\n\t\t\t\t\t\t\t\t\t<p><em>iWell Guard<\/em> er samt\u00edma\u00fatg\u00e1fa \u00feessarar verndarhef\u00f0ar. Einst\u00f6k t\u00e6knilausn hans \u00e1 heimsv\u00edsu sameinar s\u00e9r\u00fer\u00f3a\u00f0an efnisarkitekt\u00far me\u00f0 fj\u00f6llaga sta\u00f0festingaruppbyggingu, sem l\u00fdst er n\u00e1nar h\u00e9r \u00e1 eftir. A\u00f0 bera hann n\u00e1l\u00e6gt l\u00edkamanum tengist beint hinni fornu i\u00f0kun verndargripa sem bornir eru \u00e1 l\u00edkamanum, allt fr\u00e1 Pazuzu-hengjum \u00ed Mes\u00f3p\u00f3tam\u00edu til Hamsa \u00e1 Mi\u00f0jar\u00f0arhafssv\u00e6\u00f0inu.<\/p>\n<p>Beri\u00f0 hann sem hengi um h\u00e1lsinn e\u00f0a \u00ed vasa fatna\u00f0ar \u00feegar \u00fe\u00e9r finnst \u00fe\u00f6rf fyrir vernd hans.<\/p>\t\t\t\t\t\t\t\t<\/div>\n\t\t\t\t<\/div>\n\t\t\t\t\t<\/div>\n\t\t\t\t<\/div>\n\t\t<div class=\"elementor-element elementor-element-x-home-m03 e-flex e-con-boxed e-con e-parent\" data-id=\"x-home-m03\" data-element_type=\"container\" data-e-type=\"container\">\n\t\t\t\t\t<div class=\"e-con-inner\">\n\t\t\t\t<div class=\"elementor-element elementor-element-x-home-m03h elementor-widget elementor-widget-heading\" data-id=\"x-home-m03h\" data-element_type=\"widget\" data-e-type=\"widget\" data-widget_type=\"heading.default\">\n\t\t\t\t\t<h2 class=\"elementor-heading-title elementor-size-default\">Sj\u00f6 byggingareiningar verndarsvi\u00f0sins<\/h2>\t\t\t\t<\/div>\n\t\t<div class=\"elementor-element elementor-element-x-home-m03-intro e-con-full e-flex e-con e-child\" data-id=\"x-home-m03-intro\" data-element_type=\"container\" data-e-type=\"container\">\n\t\t\t\t<div class=\"elementor-element elementor-element-x-home-m03-introh3 elementor-widget elementor-widget-heading\" data-id=\"x-home-m03-introh3\" data-element_type=\"widget\" data-e-type=\"widget\" data-widget_type=\"heading.default\">\n\t\t\t\t\t<div class=\"elementor-heading-title elementor-size-default\">Yfirlit verndarfunkj\u00f3na<\/div>\t\t\t\t<\/div>\n\t\t\t\t<div class=\"elementor-element elementor-element-x-home-m03-introt elementor-widget elementor-widget-text-editor\" data-id=\"x-home-m03-introt\" data-element_type=\"widget\" data-e-type=\"widget\" data-widget_type=\"text-editor.default\">\n\t\t\t\t\t\t\t\t\t<p>Verndarsvi\u00f0 iWell Guard vinnur \u00e1 \u00e1tta \u00f3h\u00e1\u00f0um l\u00f6gum, sem eru innbygg\u00f0 \u00ed hverja fl\u00eds og halda \u00e1fram virkni gegnum <a href=\"https:\/\/iwell-guard.com\/is\/?page_id=168873\">iWell t\u00e6knina<\/a>.<\/p><p>Sj\u00f6 af \u00feessum l\u00f6gum m\u00e1 l\u00fdsa sem bur\u00f0areiningum sem samanlagt myndu heilst\u00e6tt verndarnet. Or\u00f0alag hinna innbygg\u00f0u verndarform\u00falna er ekki tilgreint \u00e1 \u00feessari s\u00ed\u00f0u; eftirfarandi yfirlit l\u00fdsir a\u00f0eins virkni hvers lags.<\/p><p>Bakgrunnurinn er s\u00fa fastm\u00f3ta\u00f0a r\u00f6kfr\u00e6\u00f0i um leynd verndarform\u00falna sem finnast \u00ed helgisi\u00f0abundinni t\u00f6frahef\u00f0: \u00feekkt or\u00f0alag opnar veikleika, \u00fev\u00ed \u00fea\u00f0 gerir kleift markvissar gagnform\u00falur og undanskots\u00e1kall. N\u00e1kv\u00e6mari \u00fatlistun \u00e1 \u00feessari r\u00f6ksemd, auk eigin verndar\u00e1kv\u00e6\u00f0is gegn markvissum \u00e1r\u00e1sum \u00e1 kerfi\u00f0 sj\u00e1lft, finni\u00f0 \u00fe\u00e9r undir <a href=\"https:\/\/iwell-guard.com\/is\/?page_id=168874\">Verndarfunkj\u00f3nir og sta\u00f0festingar<\/a>.<\/p>\n<blockquote>\n<p data-nosnippet=\"true\"><strong>Athugi\u00f0:<\/strong> Eftirfarandi li\u00f0ir l\u00fdsa virknistefnu einstakra verndarlaga. \u00deeir eru ekki heilsulofor\u00f0 og engin fullyr\u00f0ing um l\u00e6knisfr\u00e6\u00f0ileg \u00e1hrif. Sj\u00e1 <a href=\"https:\/\/iwell-guard.com\/is\/?page_id=168875\">Lagalegar uppl\u00fdsingar<\/a>.<\/p>\n<\/blockquote>\t\t\t\t\t\t\t\t<\/div>\n\t\t\t\t<\/div>\n\t\t<div class=\"elementor-element elementor-element-x-home-m03-b01 e-con-full e-flex e-con e-child\" data-id=\"x-home-m03-b01\" data-element_type=\"container\" data-e-type=\"container\">\n\t\t\t\t<div class=\"elementor-element elementor-element-x-home-m03-b01h elementor-widget elementor-widget-heading\" data-id=\"x-home-m03-b01h\" data-element_type=\"widget\" data-e-type=\"widget\" data-widget_type=\"heading.default\">\n\t\t\t\t\t<div class=\"elementor-heading-title elementor-size-default\">R\u00fdmisbundi\u00f0 verndarsvi\u00f0<\/div>\t\t\t\t<\/div>\n\t\t\t\t<div class=\"elementor-element elementor-element-x-home-m03-b01t elementor-widget elementor-widget-text-editor\" data-id=\"x-home-m03-b01t\" data-element_type=\"widget\" data-e-type=\"widget\" data-widget_type=\"text-editor.default\">\n\t\t\t\t\t\t\t\t\t<p>Fyrsta lagi\u00f0 skilgreinir virknisvi\u00f0 umhverfis fl\u00edsina sem er borin, \u00fear sem \u00e1r\u00e1sir og \u00e1hrif fr\u00e1 <a href=\"https:\/\/iwell-guard.com\/is\/?page_id=168677\">\u00f6ndum<\/a>, <a href=\"https:\/\/iwell-guard.com\/is\/djoflar\/\">dj\u00f6flum<\/a> og <a href=\"https:\/\/iwell-guard.com\/is\/?page_id=168684\">\u00edgr\u00e6\u00f0slum<\/a> eru ger\u00f0 \u00f3virk.<\/p>\t\t\t\t\t\t\t\t<\/div>\n\t\t\t\t<\/div>\n\t\t<div class=\"elementor-element elementor-element-x-home-m03-b02 e-con-full e-flex e-con e-child\" data-id=\"x-home-m03-b02\" data-element_type=\"container\" data-e-type=\"container\">\n\t\t\t\t<div class=\"elementor-element elementor-element-x-home-m03-b02h elementor-widget elementor-widget-heading\" data-id=\"x-home-m03-b02h\" data-element_type=\"widget\" data-e-type=\"widget\" data-widget_type=\"heading.default\">\n\t\t\t\t\t<div class=\"elementor-heading-title elementor-size-default\">V\u00f6rn gegn \u00f6llum myndum svartrar galdrar<\/div>\t\t\t\t<\/div>\n\t\t\t\t<div class=\"elementor-element elementor-element-x-home-m03-b02t elementor-widget elementor-widget-text-editor\" data-id=\"x-home-m03-b02t\" data-element_type=\"widget\" data-e-type=\"widget\" data-widget_type=\"text-editor.default\">\n\t\t\t\t\t\t\t\t\t<p>Anna\u00f0 lagi\u00f0 beinist gegn helstu i\u00f0kunum \u00feessa svi\u00f0s, \u00fear \u00e1 me\u00f0al <a href=\"https:\/\/iwell-guard.com\/is\/?page_id=168683\">b\u00f6lvun<\/a>, <a href=\"https:\/\/iwell-guard.com\/is\/?page_id=168733\">ska\u00f0agaldri<\/a>, <a href=\"https:\/\/iwell-guard.com\/is\/?page_id=168734\">\u00e1stargaldri<\/a>, <a href=\"https:\/\/iwell-guard.com\/is\/?page_id=168737\">svartagaldri (nekromant\u00edu)<\/a>, <a href=\"https:\/\/iwell-guard.com\/is\/?page_id=168742\">t\u00f6lv\u00edsi<\/a>, <a href=\"https:\/\/iwell-guard.com\/is\/?page_id=168743\">jar\u00f0sp\u00e1 (geomant\u00edu)<\/a>, <a href=\"https:\/\/iwell-guard.com\/is\/?page_id=168739\">skuggagaldri<\/a>, <a href=\"https:\/\/iwell-guard.com\/is\/?page_id=168738\">bl\u00f3\u00f0galdri<\/a>, <a href=\"https:\/\/iwell-guard.com\/is\/?page_id=168736\">voodoo-g\u00f6ldrum<\/a> og <a href=\"https:\/\/iwell-guard.com\/is\/?page_id=168740\">\u00e1kalli<\/a>. \u00c6tlunin er a\u00f0 leysa upp tengsl sem \u00feegar hafa myndast vi\u00f0 framandi \u00f6fl.<\/p>\t\t\t\t\t\t\t\t<\/div>\n\t\t\t\t<\/div>\n\t\t<div class=\"elementor-element elementor-element-x-home-m03-b03 e-con-full e-flex e-con e-child\" data-id=\"x-home-m03-b03\" data-element_type=\"container\" data-e-type=\"container\">\n\t\t\t\t<div class=\"elementor-element elementor-element-x-home-m03-b03h elementor-widget elementor-widget-heading\" data-id=\"x-home-m03-b03h\" data-element_type=\"widget\" data-e-type=\"widget\" data-widget_type=\"heading.default\">\n\t\t\t\t\t<div class=\"elementor-heading-title elementor-size-default\">Umbreyting \u00e1hrifa sem \u00feegar hafa \u00e1tt s\u00e9r sta\u00f0<\/div>\t\t\t\t<\/div>\n\t\t\t\t<div class=\"elementor-element elementor-element-x-home-m03-b03t elementor-widget elementor-widget-text-editor\" data-id=\"x-home-m03-b03t\" data-element_type=\"widget\" data-e-type=\"widget\" data-widget_type=\"text-editor.default\">\n\t\t\t\t\t\t\t\t\t<p>\u00deri\u00f0ja lagi\u00f0 vinnur \u00e1 \u00e1r\u00e1sum sem \u00feegar hafa n\u00e1\u00f0 til handhafans me\u00f0 \u00fev\u00ed a\u00f0 flytja tilheyrandi orku \u00ed gegnum <a href=\"https:\/\/iwell-guard.com\/is\/?page_id=168685\">Frumuppsprettuna<\/a> til <a href=\"https:\/\/iwell-guard.com\/is\/?page_id=168686\">Gaiu<\/a>. \u00cd \u00feeim tilvikum sem Gaia getur ekki teki\u00f0 vi\u00f0 orkunni tekur, samkv\u00e6mt skilningi iWell Guard, <a href=\"https:\/\/iwell-guard.com\/is\/?page_id=168688\">erkiengillinn Gabr\u00edel<\/a>, verndari hins fj\u00f3lubl\u00e1a loga, a\u00f0 s\u00e9r a\u00f0 umbreyta henni \u00ed lj\u00f3s.<\/p>\t\t\t\t\t\t\t\t<\/div>\n\t\t\t\t<\/div>\n\t\t<div class=\"elementor-element elementor-element-x-home-m03-b04 e-con-full e-flex e-con e-child\" data-id=\"x-home-m03-b04\" data-element_type=\"container\" data-e-type=\"container\">\n\t\t\t\t<div class=\"elementor-element elementor-element-x-home-m03-b04h elementor-widget elementor-widget-heading\" data-id=\"x-home-m03-b04h\" data-element_type=\"widget\" data-e-type=\"widget\" data-widget_type=\"heading.default\">\n\t\t\t\t\t<div class=\"elementor-heading-title elementor-size-default\">V\u00f6rn gegn \u00edgr\u00e6\u00f0um<\/div>\t\t\t\t<\/div>\n\t\t\t\t<div class=\"elementor-element elementor-element-x-home-m03-b04t elementor-widget elementor-widget-text-editor\" data-id=\"x-home-m03-b04t\" data-element_type=\"widget\" data-e-type=\"widget\" data-widget_type=\"text-editor.default\">\n\t\t\t\t\t\t\t\t\t<p>Fj\u00f3r\u00f0a lagi\u00f0 tekur \u00e1 \u00fev\u00ed svi\u00f0i t\u00e6knilegra og orkulegra \u00edgr\u00e6\u00f0a sem iWell Guard gengur \u00fat fr\u00e1: geimverum (sj\u00e1 <a href=\"https:\/\/iwell-guard.com\/is\/?page_id=168748\">stjarnverur<\/a>, <a href=\"https:\/\/iwell-guard.com\/is\/?page_id=168851\">skri\u00f0d\u00fdraverur<\/a>, <a href=\"https:\/\/iwell-guard.com\/is\/?page_id=168858\">Gr\u00e1ir<\/a>), svartagaldurs\u00edgr\u00e6\u00f0um og rafsegulmagna\u00f0um \u00edgr\u00e6\u00f0um, auk \u00edgr\u00e6\u00f0a sem stj\u00f3rna vitund. \u00cdgr\u00e6\u00f0i sem \u00feegar hafa veri\u00f0 sett skal leysa upp og senda til baka.<\/p>\t\t\t\t\t\t\t\t<\/div>\n\t\t\t\t<\/div>\n\t\t<div class=\"elementor-element elementor-element-x-home-m03-b05 e-con-full e-flex e-con e-child\" data-id=\"x-home-m03-b05\" data-element_type=\"container\" data-e-type=\"container\">\n\t\t\t\t<div class=\"elementor-element elementor-element-x-home-m03-b05h elementor-widget elementor-widget-heading\" data-id=\"x-home-m03-b05h\" data-element_type=\"widget\" data-e-type=\"widget\" data-widget_type=\"heading.default\">\n\t\t\t\t\t<div class=\"elementor-heading-title elementor-size-default\">Tenging vi\u00f0 Frumuppsprettuna og lj\u00f3skrossinn<\/div>\t\t\t\t<\/div>\n\t\t\t\t<div class=\"elementor-element elementor-element-x-home-m03-b05t elementor-widget elementor-widget-text-editor\" data-id=\"x-home-m03-b05t\" data-element_type=\"widget\" data-e-type=\"widget\" data-widget_type=\"text-editor.default\">\n\t\t\t\t\t\t\t\t\t<p>Fimmta lagi\u00f0 myndar tengsl handhafans vi\u00f0 tvo mi\u00f0l\u00e6ga vi\u00f0mi\u00f0unarpunkta: <a href=\"https:\/\/iwell-guard.com\/is\/?page_id=168685\">Frumuppsprettuna<\/a> sem uppruna alls sem er, og <a href=\"https:\/\/iwell-guard.com\/is\/?page_id=168695\">lj\u00f3skrossinn<\/a> sem jafnarma verndart\u00e1kn.<\/p>\t\t\t\t\t\t\t\t<\/div>\n\t\t\t\t<\/div>\n\t\t<div class=\"elementor-element elementor-element-x-home-m03-b06 e-con-full e-flex e-con e-child\" data-id=\"x-home-m03-b06\" data-element_type=\"container\" data-e-type=\"container\">\n\t\t\t\t<div class=\"elementor-element elementor-element-x-home-m03-b06h elementor-widget elementor-widget-heading\" data-id=\"x-home-m03-b06h\" data-element_type=\"widget\" data-e-type=\"widget\" data-widget_type=\"heading.default\">\n\t\t\t\t\t<div class=\"elementor-heading-title elementor-size-default\">V\u00f6rn gegn orkurupli<\/div>\t\t\t\t<\/div>\n\t\t\t\t<div class=\"elementor-element elementor-element-x-home-m03-b06t elementor-widget elementor-widget-text-editor\" data-id=\"x-home-m03-b06t\" data-element_type=\"widget\" data-e-type=\"widget\" data-widget_type=\"text-editor.default\">\n\t\t\t\t\t\t\t\t\t<p>Sj\u00f6tta lagi\u00f0 tekur \u00e1 tilraunum til a\u00f0 draga l\u00edfsorku \u00far handhafanum e\u00f0a n\u00e1 orkulegum yfirr\u00e1\u00f0um yfir honum, s\u00e9rstaklega af h\u00e1lfu <a href=\"https:\/\/iwell-guard.com\/is\/djoflar\/\">dj\u00f6fla<\/a>, myrkra vera og <a href=\"https:\/\/iwell-guard.com\/is\/?page_id=168696\">arkonta<\/a>.<\/p>\t\t\t\t\t\t\t\t<\/div>\n\t\t\t\t<\/div>\n\t\t<div class=\"elementor-element elementor-element-x-home-m03-b07 e-con-full e-flex e-con e-child\" data-id=\"x-home-m03-b07\" data-element_type=\"container\" data-e-type=\"container\">\n\t\t\t\t<div class=\"elementor-element elementor-element-x-home-m03-b07h elementor-widget elementor-widget-heading\" data-id=\"x-home-m03-b07h\" data-element_type=\"widget\" data-e-type=\"widget\" data-widget_type=\"heading.default\">\n\t\t\t\t\t<div class=\"elementor-heading-title elementor-size-default\">\u00c1kall j\u00e1kv\u00e6\u00f0ra vera<\/div>\t\t\t\t<\/div>\n\t\t\t\t<div class=\"elementor-element elementor-element-x-home-m03-b07t elementor-widget elementor-widget-text-editor\" data-id=\"x-home-m03-b07t\" data-element_type=\"widget\" data-e-type=\"widget\" data-widget_type=\"text-editor.default\">\n\t\t\t\t\t\t\t\t\t<p>Sj\u00f6unda lagi\u00f0 virkjar \u00fe\u00e1 hli\u00f0 sem veitir vernd, \u00fe.e. <a href=\"https:\/\/iwell-guard.com\/is\/?page_id=168678\">lj\u00f3svera<\/a> og skyldra afla \u00feeim tengdum. \u00deau virka \u00ed \u00e1tt til varnar \u00e1n \u00feess a\u00f0 handhafinn \u00feurfi a\u00f0 \u00e1kalla \u00feau sj\u00e1lfur.<\/p>\t\t\t\t\t\t\t\t<\/div>\n\t\t\t\t<\/div>\n\t\t<div class=\"elementor-element elementor-element-x-home-m03-out e-con-full e-flex e-con e-child\" data-id=\"x-home-m03-out\" data-element_type=\"container\" data-e-type=\"container\">\n\t\t\t\t<div class=\"elementor-element elementor-element-x-home-m03-outt elementor-widget elementor-widget-text-editor\" data-id=\"x-home-m03-outt\" data-element_type=\"widget\" data-e-type=\"widget\" data-widget_type=\"text-editor.default\">\n\t\t\t\t\t\t\t\t\t<p>\u00cdtarlega l\u00fdsingu \u00e1 virkni allra t\u00edu <span class=\"iwg-fachbegriff\" data-tooltip=\"Heilagt or\u00f0 e\u00f0a form\u00fala sem endurtekin er \u00ed hind\u00faisma og b\u00faddisma.\" tabindex=\"0\">mantru<\/span>-punktanna, \u00fear me\u00f0 tali\u00f0 endurkomu-\u00e1kv\u00e6\u00f0i og lokaform\u00falu, m\u00e1 finna \u00e1 s\u00ed\u00f0unni <a href=\"https:\/\/iwell-guard.com\/is\/?page_id=168874\">Verndarvirkni og sta\u00f0festingar<\/a>; s\u00fa umfj\u00f6llun l\u00fdsir einnig eing\u00f6ngu \u00e1hrifa\u00e1tt hvers punkts og hefur engan b\u00f3kstaflegan or\u00f0alag a\u00f0 geyma.<\/p>\n<hr \/>\n<\/div\t\t\t\t\t\t\t\t<\/div>\n\t\t\t\t<\/div>\n\t\t\t\t\t<\/div>\n\t\t\t\t<\/div>\n\t\t<div class=\"elementor-element elementor-element-x-home-m04 e-flex e-con-boxed e-con e-parent\" data-id=\"x-home-m04\" data-element_type=\"container\" data-e-type=\"container\">\n\t\t\t\t\t<div class=\"e-con-inner\">\n\t\t\t\t<div class=\"elementor-element elementor-element-x-home-m04h elementor-widget elementor-widget-heading\" data-id=\"x-home-m04h\" data-element_type=\"widget\" data-e-type=\"widget\" data-widget_type=\"heading.default\">\n\t\t\t\t\t<h2 class=\"elementor-heading-title elementor-size-default\">\u00dea\u00f0 sem gerir iWell Guard s\u00e9rstakan<\/h2>\t\t\t\t<\/div>\n\t\t<div class=\"elementor-element elementor-element-x-home-m04-inner e-con-full e-flex e-con e-child\" data-id=\"x-home-m04-inner\" data-element_type=\"container\" data-e-type=\"container\">\n\t\t\t\t<div class=\"elementor-element elementor-element-x-home-m04-innerh3 elementor-widget elementor-widget-heading\" data-id=\"x-home-m04-innerh3\" data-element_type=\"widget\" data-e-type=\"widget\" data-widget_type=\"heading.default\">\n\t\t\t\t\t<div class=\"elementor-heading-title elementor-size-default\">iWell t\u00e6knin<\/div>\t\t\t\t<\/div>\n\t\t\t\t<div class=\"elementor-element elementor-element-x-home-m04-innert elementor-widget elementor-widget-text-editor\" data-id=\"x-home-m04-innert\" data-element_type=\"widget\" data-e-type=\"widget\" data-widget_type=\"text-editor.default\">\n\t\t\t\t\t\t\t\t\t<p>\u00cd kjarna hengisins er hin einst\u00e6\u00f0a iWell t\u00e6kni, sem hefur veri\u00f0 \u00fer\u00f3u\u00f0 hj\u00e1 okkur og er einst\u00f6k \u00ed heiminum. H\u00fan flytur ofangreindar sta\u00f0festingar st\u00f6\u00f0ugt inn \u00ed vitundarsvi\u00f0 handhafans, \u00e1n \u00feess a\u00f0 hann \u00feurfi a\u00f0 framkv\u00e6ma neina ath\u00f6fn e\u00f0a <span class=\"iwg-fachbegriff\" data-tooltip=\"Fastm\u00f3tu\u00f0 r\u00f6\u00f0 t\u00e1knger\u00f0ra athafna me\u00f0 tr\u00faarlega e\u00f0a menningarlega merkingu.\" tabindex=\"0\">helgisi\u00f0i<\/span>.<\/p>\n<p><a href=\"https:\/\/iwell-guard.com\/is\/?page_id=168873\">Hvernig iWell t\u00e6knin virkar \u2192<\/a><\/p>\t\t\t\t\t\t\t\t<\/div>\n\t\t\t\t<\/div>\n\t\t\t\t\t<\/div>\n\t\t\t\t<\/div>\n\t\t<div class=\"elementor-element elementor-element-x-home-am01 e-flex e-con-boxed e-con e-parent\" data-id=\"x-home-am01\" data-element_type=\"container\" data-e-type=\"container\">\n\t\t\t\t\t<div class=\"e-con-inner\">\n\t\t\t\t<div class=\"elementor-element elementor-element-x-home-am01h elementor-widget elementor-widget-heading\" data-id=\"x-home-am01h\" data-element_type=\"widget\" data-e-type=\"widget\" data-widget_type=\"heading.default\">\n\t\t\t\t\t<h2 class=\"elementor-heading-title elementor-size-default\">Uppbygging og efni hengisins<\/h2>\t\t\t\t<\/div>\n\t\t<div class=\"elementor-element elementor-element-x-home-am01-inner e-con-full e-flex e-con e-child\" data-id=\"x-home-am01-inner\" data-element_type=\"container\" data-e-type=\"container\">\n\t\t\t\t<div class=\"elementor-element elementor-element-x-home-am01-innerh3 elementor-widget elementor-widget-heading\" data-id=\"x-home-am01-innerh3\" data-element_type=\"widget\" data-e-type=\"widget\" data-widget_type=\"heading.default\">\n\t\t\t\t\t<div class=\"elementor-heading-title elementor-size-default\">Sex meginatri\u00f0i<\/div>\t\t\t\t<\/div>\n\t\t\t\t<div class=\"elementor-element elementor-element-x-home-am01-innert elementor-widget elementor-widget-text-editor\" data-id=\"x-home-am01-innert\" data-element_type=\"widget\" data-e-type=\"widget\" data-widget_type=\"text-editor.default\">\n\t\t\t\t\t\t\t\t\t<p><em>iWell Guard<\/em> er ferningslaga fl\u00f6gur, 2,54 sentimetrar a\u00f0 st\u00e6r\u00f0, borinn \u00e1 sv\u00f6rtu le\u00f0urbandi. Uppbygging hans sameinar i\u00f0na\u00f0arn\u00e1kv\u00e6mni \u00ed framlei\u00f0slu og \u00feau efni sem, samkv\u00e6mt skilningi iWell Guard, bera uppi sta\u00f0festingarbygginguna.<\/p>\n<ul>\n<li><strong>M\u00e1l:<\/strong> 2,54 \u00d7 2,54 cm, svartur kolefnis\u00fer\u00e1\u00f0arammi me\u00f0 gullitu\u00f0um \u00e1herslum<\/li>\n<li><strong>Band:<\/strong> svart le\u00f0ur<\/li>\n<li><strong>Uppbygging:<\/strong> 41 efnislag me\u00f0 gulli, plat\u00ednu, silfri, s\u00edlikoni og Kozyrev-spegilbyggingum<\/li>\n<li><strong>Verndarvirkni:<\/strong> \u00e1tta l\u00f6g, sem l\u00fdst er h\u00e9r a\u00f0 ofan \u00ed kaflanum um sj\u00f6 grunn\u00fe\u00e6tti<\/li>\n<li><strong>Framlei\u00f0sla:<\/strong> framleitt \u00ed \u00de\u00fdskalandi me\u00f0 i\u00f0na\u00f0arn\u00e1kv\u00e6mni, efnis\u00f6flun evr\u00f3psk<\/li>\n<li><strong>Skilar\u00e9ttur:<\/strong> 30 dagar ef vara er send til baka \u00f3skemmd<\/li>\n<\/ul>\n<p>Uppbygging, notkun og p\u00f6ntun eru \u00edtarlega skr\u00e1\u00f0 \u00e1 <a href=\"https:\/\/iwell-guard.com\/is\/?page_id=168681\">yfirlitss\u00ed\u00f0u hengisins<\/a>. \u00deeir sem vilja kynna s\u00e9r t\u00e6knilegan bakgrunn sta\u00f0festingaflutningsins finna n\u00e1nari umfj\u00f6llun \u00e1 s\u00ed\u00f0unni um <a href=\"https:\/\/iwell-guard.com\/is\/?page_id=168873\">iWell t\u00e6knina<\/a>.<\/p>\t\t\t\t\t\t\t\t<\/div>\n\t\t\t\t<\/div>\n\t\t\t\t\t<\/div>\n\t\t\t\t<\/div>\n\t\t<div class=\"elementor-element elementor-element-x-home-er01 e-flex e-con-boxed e-con e-parent\" data-id=\"x-home-er01\" data-element_type=\"container\" data-e-type=\"container\">\n\t\t\t\t\t<div class=\"e-con-inner\">\n\t\t\t\t<div class=\"elementor-element elementor-element-x-home-er01h elementor-widget elementor-widget-heading\" data-id=\"x-home-er01h\" data-element_type=\"widget\" data-e-type=\"widget\" data-widget_type=\"heading.default\">\n\t\t\t\t\t<h2 class=\"elementor-heading-title elementor-size-default\">Raddir \u00far reynslunni<\/h2>\t\t\t\t<\/div>\n\t\t<div class=\"elementor-element elementor-element-x-home-er01-inner e-con-full e-flex e-con e-child\" data-id=\"x-home-er01-inner\" data-element_type=\"container\" data-e-type=\"container\">\n\t\t\t\t<div class=\"elementor-element elementor-element-x-home-er01-lead elementor-widget elementor-widget-text-editor\" data-id=\"x-home-er01-lead\" data-element_type=\"widget\" data-e-type=\"widget\" data-widget_type=\"text-editor.default\">\n\t\t\t\t\t\t\t\t\t<div data-nosnippet=\"true\"><p>Eftirfarandi fr\u00e1sagnir koma fr\u00e1 f\u00f3lki sem ber iWell Guard. \u00de\u00e6r eru birtar or\u00f0r\u00e9tt og l\u00fdsa pers\u00f3nulegri upplifun fyrstu daga og vikna eftir a\u00f0 hengi\u00f0 var teki\u00f0 \u00ed notkun.<\/p><\/div>\t\t\t\t\t\t\t\t<\/div>\n\t\t\t\t<div class=\"elementor-element elementor-element-x-home-er01-cards elementor-widget elementor-widget-text-editor\" data-id=\"x-home-er01-cards\" data-element_type=\"widget\" data-e-type=\"widget\" data-widget_type=\"text-editor.default\">\n\t\t\t\t\t\t\t\t\t<div data-nosnippet=\"true\"><div class=\"iwg-experiences-grid\">\n <article class=\"iwg-experience-card\">\n <blockquote>\u00c9g finn fyrir algj\u00f6rum verndarskj\u00f6ldi \u00ed kringum mig, l\u00edkt og h\u00fd\u00f0i. Eina tengingin sem kemst \u00ed gegn er fr\u00e1 kr\u00fanunni til mi\u00f0s\u00f3larins (uppsprettunnar) og fr\u00e1 r\u00f3tarorkust\u00f6\u00f0inni til jar\u00f0armi\u00f0ju (Gaiu) til jar\u00f0tengingar. A\u00f0komuorka er algj\u00f6rlega \u00fatiloku\u00f0. Enginn <span class=\"iwg-fachbegriff\" data-tooltip=\"\u00datbreidd hugmynd um a\u00f0 \u00f6fundsj\u00fakt augnar\u00e1\u00f0 annarrar pers\u00f3nu geti valdi\u00f0 ska\u00f0a.\" tabindex=\"0\">illur augnar\u00e1\u00f0<\/span> e\u00f0a \u00f6nnur sv\u00f6rt <span class=\"iwg-fachbegriff\" data-tooltip=\"A\u00f0fer\u00f0ir sem \u00e6tla\u00f0 er a\u00f0 hafa \u00e1hrif \u00e1 gang hlutanna me\u00f0 s\u00e9rst\u00f6kum ath\u00f6fnum e\u00f0a form\u00falum.\" tabindex=\"0\">galdur<\/span> kemst \u00ed gegn. \u00c9g finn fyrir kr\u00f6ftugum orkuhring. Hann virkar allt upp \u00e1 7. stj\u00f6rnuplan. Andar og dj\u00f6flar komast bara upp \u00e1 6. plan.<\/blockquote>\n <cite>Holger G. Seehausen Altmark<\/cite>\n <\/article>\n <article class=\"iwg-experience-card\">\n <blockquote>\u00c9g fann hvernig eitthva\u00f0 \u00feyrla\u00f0ist \u00fat \u00far hjartaorkust\u00f6\u00f0inni. \u00c9g fann \u00fea\u00f0 \u00ed h\u00f6f\u00f0inu og \u00ed t\u00f6nnunum, eins og sog \u00ed p\u00fdram\u00edda. \u00dea\u00f0 toga\u00f0i upp \u00ed h\u00f6f\u00f0inu, sem var\u00f0 frj\u00e1lst, og f\u00f3r svo ni\u00f0ur \u00ed f\u00e6turna. \u00c9g fann fyrir tengingu b\u00e6\u00f0i ni\u00f0ur og upp.<\/blockquote>\n <cite>Sabine v. L. aus L.<\/cite>\n <\/article>\n <article class=\"iwg-experience-card\">\n <blockquote>\u00c1\u00f0ur fyrr \u201e\u00e1r\u00e1sir&#8220; n\u00e1l\u00e6gt hjartanu, \u00ed gegnum her\u00f0abla\u00f0i\u00f0 og inn \u00ed brj\u00f3sti\u00f0. \u00derengsli \u00ed brj\u00f3stinu. Eftir a\u00f0 hengi\u00f0 var bori\u00f0 h\u00e6ttu \u00e1r\u00e1sirnar. Fyrstu n\u00f3ttina \u00f3reglulegur svefn og erfitt a\u00f0 sofna vegna skyndilega meiri orku. \u00c1 morgnana engar \u00e1r\u00e1sir um n\u00f3ttina, meiri orka, frj\u00e1lsari <span class=\"iwg-fachbegriff\" data-tooltip=\"L\u00edkamlaus vera sem talin er hafa \u00e1hrif \u00ed heiminum.\" tabindex=\"0\">andi<\/span>.<\/blockquote>\n <cite>Silvia R. aus N.<\/cite>\n <\/article>\n <article class=\"iwg-experience-card\">\n <blockquote>Fyrstu vikuna virtist allt sem \u00e1\u00f0ur haf\u00f0i gerst \u00ed \u00e1r\u00e1sunum endurtaka sig, en \u00e1n neikv\u00e6\u00f0ra \u00e1hrifa. Svo var \u00fea\u00f0 horfi\u00f0. Tilfinningin um a\u00f0 vera skotin \u00ed gegn, \u00fer\u00fdstingurinn \u00e1 hjarta\u00f0, en \u00e1n \u00f3tta og beinna s\u00e1rsauka. Eftir \u00fea\u00f0 var allt fari\u00f0 og allt fannst l\u00e9ttara. H\u00f6fu\u00f0i\u00f0 er frj\u00e1lsara. Fr\u00e1 \u00fev\u00ed hengi\u00f0 var bori\u00f0 hafa engar svartgaldurs\u00e1r\u00e1sir or\u00f0i\u00f0.<\/blockquote>\n <cite>Rosemarie I. aus G.<\/cite>\n <\/article>\n <article class=\"iwg-experience-card\">\n <blockquote>\u00c9g finn fyrir verndarh\u00fd\u00f0i \u00ed kringum mig. Hjarta\u00f0 og enni\u00f0 brug\u00f0ust fyrst vi\u00f0. Allt er ekki lengur svona dramat\u00edskt eins og \u00e1\u00f0ur hj\u00e1 m\u00e9r. \u00c9g er sk\u00fdrt afm\u00f6rku\u00f0. \u00c9g f\u00e6 ekki lengur martra\u00f0ir. K\u00f6tturinn minn svaf alltaf vi\u00f0 h\u00f6fu\u00f0i\u00f0 mitt \u00ed r\u00faminu. Fr\u00e1 \u00fev\u00ed \u00e9g f\u00e9kk hengi\u00f0 sefur h\u00fan \u00ed k\u00f6rfunni sinni. H\u00fan \u00fearf ekki lengur a\u00f0 vernda mig.<\/blockquote>\n <cite>Anja aus F.<\/cite>\n <\/article>\n<\/div>\n<aside class=\"iwg-experiences-disclaimer\">\n <strong>Pers\u00f3nuleg upplifun.<\/strong> S\u00f6gurnar sem h\u00e9r birtast eru einstaklingsbundin reynsla \u00feeirra sem bera hengi\u00f0. \u00de\u00e6r eru ekkert lofor\u00f0 um l\u00e6kningu, engin v\u00edsindaleg sta\u00f0festing \u00e1 virkni og engin trygging fyrir samb\u00e6rilegri upplifun annarra. iWell Guard er ekki l\u00e6kningat\u00e6ki og kemur ekki \u00ed sta\u00f0 l\u00e6knisme\u00f0fer\u00f0ar e\u00f0a s\u00e1lfr\u00e6\u00f0ime\u00f0fer\u00f0ar.\n<\/aside>\n<p class=\"iwg-experiences-cta\"><a href=\"https:\/\/iwell-guard.com\/is\/?page_id=168682\">\u00d6ll safni\u00f0 af reynslus\u00f6gum \u2192<\/a><\/p><\/div>\t\t\t\t\t\t\t\t<\/div>\n\t\t\t\t<\/div>\n\t\t\t\t\t<\/div>\n\t\t\t\t<\/div>\n\t\t<div class=\"elementor-element elementor-element-x-home-s001 e-flex e-con-boxed e-con e-parent\" data-id=\"x-home-s001\" data-element_type=\"container\" data-e-type=\"container\">\n\t\t\t\t\t<div class=\"e-con-inner\">\n\t\t\t\t<div class=\"elementor-element elementor-element-x-home-s001h elementor-widget elementor-widget-heading\" data-id=\"x-home-s001h\" data-element_type=\"widget\" data-e-type=\"widget\" data-widget_type=\"heading.default\">\n\t\t\t\t\t<h2 class=\"elementor-heading-title elementor-size-default\">Verndarhengi og lexikon, tv\u00f6 hlutverk undir sama \u00feaki<\/h2>\t\t\t\t<\/div>\n\t\t<div class=\"elementor-element elementor-element-x-home-s001-inner e-con-full e-flex e-con e-child\" data-id=\"x-home-s001-inner\" data-element_type=\"container\" data-e-type=\"container\">\n\t\t\t\t<div class=\"elementor-element elementor-element-x-home-s001t elementor-widget elementor-widget-text-editor\" data-id=\"x-home-s001t\" data-element_type=\"widget\" data-e-type=\"widget\" data-widget_type=\"text-editor.default\">\n\t\t\t\t\t\t\t\t\t<p>iWell Guard tengir saman tv\u00f6 hlutverk sem koma sjaldan saman \u00ed n\u00faverandi vefumhverfi: l\u00edkamlegt verndarhengi og kerfisbundi\u00f0, heimildagagnr\u00fdni\u00f0 lexikon um gu\u00f0i, dj\u00f6fla, anda, lj\u00f3svera og galdraathafnir \u00far \u00f6llum meginmenningarheimum.<\/p><p>B\u00e1\u00f0ir \u00fe\u00e6ttirnir hafa sama markmi\u00f0: sk\u00fdrleika, innri st\u00f6\u00f0ugleika og hlutl\u00e6ga umgengni vi\u00f0 fyrirb\u00e6ri sem margir hugsa um, en sem brei\u00f0ur almenningur \u00fdmist gerir gr\u00edn a\u00f0 e\u00f0a yfirfyllir \u00ed vi\u00f0skiptalegum tilgangi.<\/p>\n<p>Hengi\u00f0 sj\u00e1lft er hlutur borinn n\u00e1l\u00e6gt l\u00edkamanum me\u00f0 marg\u00fe\u00e6ttri efnisuppbyggingu. \u00dea\u00f0 svarar upplifunum sem margir sem bera \u00fea\u00f0 l\u00fdsa sem orkulegri \u00e1lagi, tilfinningunni um a\u00f0 utana\u00f0komandi orku\u00e1lag geti haft \u00e1hrif \u00e1 eigin sk\u00fdrleika.<\/p><p data-nosnippet=\"true\">\u00c1 s\u00ed\u00f0unni <a href=\"https:\/\/iwell-guard.com\/is\/?page_id=168681\">Um verndarhengi\u00f0<\/a> m\u00e1 finna t\u00e6knilega uppbyggingu, notu\u00f0 efni og n\u00e1kv\u00e6ma notkun. Ekkert lofor\u00f0 um l\u00e6kningu, iWell Guard er ekki l\u00e6kningat\u00e6ki og kemur ekki \u00ed sta\u00f0 l\u00e6knisme\u00f0fer\u00f0ar e\u00f0a s\u00e1lfr\u00e6\u00f0ime\u00f0fer\u00f0ar.<\/p>\t\t\t\t\t\t\t\t<\/div>\n\t\t\t\t<\/div>\n\t\t\t\t\t<\/div>\n\t\t\t\t<\/div>\n\t\t<div class=\"elementor-element elementor-element-x-home-s002 e-flex e-con-boxed e-con e-parent\" data-id=\"x-home-s002\" data-element_type=\"container\" data-e-type=\"container\">\n\t\t\t\t\t<div class=\"e-con-inner\">\n\t\t\t\t<div class=\"elementor-element elementor-element-x-home-s002h elementor-widget elementor-widget-heading\" data-id=\"x-home-s002h\" data-element_type=\"widget\" data-e-type=\"widget\" data-widget_type=\"heading.default\">\n\t\t\t\t\t<h2 class=\"elementor-heading-title elementor-size-default\">Hva\u00f0 lexikoni\u00f0 hefur a\u00f0 geyma<\/h2>\t\t\t\t<\/div>\n\t\t<div class=\"elementor-element elementor-element-x-home-s002-inner e-con-full e-flex e-con e-child\" data-id=\"x-home-s002-inner\" data-element_type=\"container\" data-e-type=\"container\">\n\t\t\t\t<div class=\"elementor-element elementor-element-x-home-s002t elementor-widget elementor-widget-text-editor\" data-id=\"x-home-s002t\" data-element_type=\"widget\" data-e-type=\"widget\" data-widget_type=\"text-editor.default\">\n\t\t\t\t\t\t\t\t\t<p>Lexikonhlutinn er bygg\u00f0ur upp sem v\u00edsindalegt uppflettirit. Hann skiptir efninu \u00ed fj\u00f3ra meginflokka sem gilda sem grunna\u00f0greining \u00ed flestum menningarsamanbur\u00f0arranns\u00f3knum: <a href=\"https:\/\/iwell-guard.com\/is\/?page_id=168679\">gu\u00f0ir<\/a> sem \u00e6\u00f0ri m\u00e1ttarv\u00f6ld og go\u00f0heimspers\u00f3nur, <a href=\"https:\/\/iwell-guard.com\/is\/djoflar\/\">dj\u00f6flar<\/a> sem markvisst ska\u00f0andi e\u00f0a t\u00e6landi \u00f6fl, <a href=\"https:\/\/iwell-guard.com\/is\/?page_id=168677\">andar<\/a> sem millivera bundin sta\u00f0, fj\u00f6lskyldu e\u00f0a hinum l\u00e1tnu, og <a href=\"https:\/\/iwell-guard.com\/is\/?page_id=168678\">lj\u00f3sverur<\/a> sem hj\u00e1lpandi e\u00f0a uppl\u00fdsandi vera.<\/p><p>F\u00e6rslunum er auk \u00feess ra\u00f0a\u00f0 eftir menningarheimum, fr\u00e1 Egyptalandi yfir Mes\u00f3p\u00f3tam\u00edu, Grikkland, R\u00f3m, germanska menningu, slavneska menningu, keltneska menningu, hind\u00faisma, b\u00faddisma, T\u00edbet, Japan, K\u00edna og K\u00f3reu til vodou, \u00edslams, j\u00fadaisma og gnost\u00edskra strauma.<\/p>\n<p>Hver f\u00e6rsla fylgir f\u00f6stu sni\u00f0i: skammskilgreining, menningars\u00f6guleg sta\u00f0setning, heimildasta\u00f0a, l\u00fdsing \u00e1 birtingarmynd og hlutverki, hli\u00f0st\u00e6\u00f0ur \u00ed \u00f6\u00f0rum menningarheimum og \u00farval v\u00edsindalegra heimilda. \u00deessi stranga umgj\u00f6r\u00f0 gerir m\u00f6gulegan beinan samanbur\u00f0 milli vera \u00far mismunandi menningarheimum, til d\u00e6mis hlutverkal\u00edkindi milli <a href=\"https:\/\/iwell-guard.com\/is\/?page_id=168582\">Lamashtu<\/a> (Mes\u00f3p\u00f3tam\u00edu), <a href=\"https:\/\/iwell-guard.com\/is\/?page_id=168607\">Lilith<\/a> (j\u00fad\u00edskrar hef\u00f0ar) og <a href=\"https:\/\/iwell-guard.com\/is\/?page_id=168598\">Empusu<\/a> (Grikklands) sem barna\u00fereifandi vera.<\/p><p>Val veranna fylgir vi\u00f0urkenndum fr\u00e6\u00f0iritum, \u00fear \u00e1 me\u00f0al Hans Bonnet, Wouter J. Hanegraaff, Mircea Eliade, James George Frazer og Jonathan Z. Smith, og ekki vins\u00e6lum <span class=\"iwg-fachbegriff\" data-tooltip=\"Samheiti yfir kenningar sem gera kr\u00f6fu um falda \u00feekkingu sem a\u00f0eins innv\u00edg\u00f0ir hafa a\u00f0gang a\u00f0.\" tabindex=\"0\">es\u00f3terisma<\/span>-heimildum.<\/p>\t\t\t\t\t\t\t\t<\/div>\n\t\t\t\t<\/div>\n\t\t\t\t\t<\/div>\n\t\t\t\t<\/div>\n\t\t<div class=\"elementor-element elementor-element-x-home-s003 e-flex e-con-boxed e-con e-parent\" data-id=\"x-home-s003\" data-element_type=\"container\" data-e-type=\"container\">\n\t\t\t\t\t<div class=\"e-con-inner\">\n\t\t\t\t<div class=\"elementor-element elementor-element-x-home-s003h elementor-widget elementor-widget-heading\" data-id=\"x-home-s003h\" data-element_type=\"widget\" data-e-type=\"widget\" data-widget_type=\"heading.default\">\n\t\t\t\t\t<h2 class=\"elementor-heading-title elementor-size-default\">A\u00f0fer\u00f0ir og galdraathafnir<\/h2>\t\t\t\t<\/div>\n\t\t<div class=\"elementor-element elementor-element-x-home-s003-inner e-con-full e-flex e-con e-child\" data-id=\"x-home-s003-inner\" data-element_type=\"container\" data-e-type=\"container\">\n\t\t\t\t<div class=\"elementor-element elementor-element-x-home-s003t elementor-widget elementor-widget-text-editor\" data-id=\"x-home-s003t\" data-element_type=\"widget\" data-e-type=\"widget\" data-widget_type=\"text-editor.default\">\n\t\t\t\t\t\t\t\t\t<p>Auk \u00feessara vera skr\u00e1ir lex\u00edkoni\u00f0 helstu t\u00f6frahef\u00f0ir sem \u00ed fr\u00e6\u00f0ilegum ranns\u00f3knum eru taldar kjarninn \u00ed hinum svok\u00f6llu\u00f0u \u201esv\u00f6rtu <span class=\"iwg-fachbegriff\" data-tooltip=\"I\u00f0kanir sem reyna me\u00f0 s\u00e9rst\u00f6kum ath\u00f6fnum e\u00f0a form\u00falum a\u00f0 hafa \u00e1hrif \u00e1 framvindu atbur\u00f0a.\" tabindex=\"0\">g\u00f6ldrum<\/span>\u201c: <a href=\"https:\/\/iwell-guard.com\/is\/?page_id=168733\">b\u00f6lvunargaldur<\/a>, <a href=\"https:\/\/iwell-guard.com\/is\/?page_id=168738\">bl\u00f3\u00f0galdur<\/a>, <a href=\"https:\/\/iwell-guard.com\/is\/?page_id=168737\">nekromant\u00edu<\/a>, <a href=\"https:\/\/iwell-guard.com\/is\/?page_id=168736\">voodoo-galdra<\/a>, <a href=\"https:\/\/iwell-guard.com\/is\/?page_id=168878\">sigilgaldur<\/a>, <a href=\"https:\/\/iwell-guard.com\/is\/?page_id=168869\">goet\u00edu<\/a>, <a href=\"https:\/\/iwell-guard.com\/is\/?page_id=168866\">kaosgaldur<\/a> og menningarbundnar a\u00f0fer\u00f0ir eins og <a href=\"https:\/\/iwell-guard.com\/is\/?page_id=168741\">gies<\/a> e\u00f0a <a href=\"https:\/\/iwell-guard.com\/is\/?page_id=168743\">jar\u00f0sp\u00e1d\u00f3m (geomant\u00edu)<\/a>.<\/p><p>Einnig h\u00e9r er umfj\u00f6llunin l\u00fdsandi: Hva\u00f0 segja heimildirnar, hva\u00f0a vitnisbur\u00f0ir eru til, \u00ed hva\u00f0a rit\u00faal- og f\u00e9lagslega samhengi eru i\u00f0kanirnar sta\u00f0festar? Engar lei\u00f0beiningar um framkv\u00e6md eru gefnar, lex\u00edkoni\u00f0 er \u00e6tla\u00f0 til skilnings, ekki til notkunar.<\/p>\n<p>\u00deeir sem vilja kynna s\u00e9r markvisst d\u00f6kk \u00e1hrif, svartagaldurs\u00e1r\u00e1sir e\u00f0a \u00feungb\u00e6ra orkuskynjun finna \u00e1 s\u00ed\u00f0unni <a href=\"https:\/\/iwell-guard.com\/is\/?page_id=168680\">A\u00f0fer\u00f0afr\u00e6\u00f0i<\/a> \u00edtarlega \u00fatlistun \u00e1 \u00feeim a\u00f0fer\u00f0aramma sem iWell Guard byggir \u00e1. <a href=\"https:\/\/iwell-guard.com\/is\/?page_id=168726\">Mi\u00f0lungspr\u00f3fun \u00ed hinu kosm\u00edska uppl\u00fdsingasvi\u00f0i<\/a> l\u00fdsir a\u00f0fer\u00f0inni sem notu\u00f0 var til a\u00f0 sannreyna verur, i\u00f0kanir og \u00e1hrif fyrir hverja einstaka f\u00e6rslu.<\/p>\t\t\t\t\t\t\t\t<\/div>\n\t\t\t\t<\/div>\n\t\t\t\t\t<\/div>\n\t\t\t\t<\/div>\n\t\t<div class=\"elementor-element elementor-element-x-home-s004 e-flex e-con-boxed e-con e-parent\" data-id=\"x-home-s004\" data-element_type=\"container\" data-e-type=\"container\">\n\t\t\t\t\t<div class=\"e-con-inner\">\n\t\t\t\t<div class=\"elementor-element elementor-element-x-home-s004h elementor-widget elementor-widget-heading\" data-id=\"x-home-s004h\" data-element_type=\"widget\" data-e-type=\"widget\" data-widget_type=\"heading.default\">\n\t\t\t\t\t<h2 class=\"elementor-heading-title elementor-size-default\">Hverjir nota iWell Guard<\/h2>\t\t\t\t<\/div>\n\t\t<div class=\"elementor-element elementor-element-x-home-s004-inner e-con-full e-flex e-con e-child\" data-id=\"x-home-s004-inner\" data-element_type=\"container\" data-e-type=\"container\">\n\t\t\t\t<div class=\"elementor-element elementor-element-x-home-s004t elementor-widget elementor-widget-text-editor\" data-id=\"x-home-s004t\" data-element_type=\"widget\" data-e-type=\"widget\" data-widget_type=\"text-editor.default\">\n\t\t\t\t\t\t\t\t\t<p data-nosnippet=\"true\">S\u00ed\u00f0an er \u00e6tlu\u00f0 f\u00f3lki sem telur yfirn\u00e1tt\u00farulega fyrirb\u00e6ri \u00ed \u00fea\u00f0 minnsta m\u00f6guleg, hvort sem \u00fea\u00f0 er vegna eigin reynslu, tr\u00faarlegrar hef\u00f0ar e\u00f0a markviss \u00e1huga. D\u00e6miger\u00f0ir lesendur koma \u00far nokkrum \u00e1ttum. F\u00f3lk sem finnur br\u00e1\u00f0lega fyrir framandi orkulegu \u00e1lagi og leitar a\u00f0 hlutl\u00e6gri innkomu \u00e1n \u00feess a\u00f0 falla \u00ed vi\u00f0skiptalegar heilunarlofor\u00f0 e\u00f0a kreddufastar kerfi.<\/p><p>\u00dear a\u00f0 auki nemendur og fr\u00e6\u00f0imenn \u00ed <span class=\"iwg-fachbegriff\" data-tooltip=\"V\u00edsindin sem rannsaka tr\u00faarbr\u00f6g\u00f0 samanbur\u00f0arlega og \u00e1n tr\u00faarlegrar skuldbindingar.\" tabindex=\"0\">tr\u00faarbrag\u00f0afr\u00e6\u00f0i<\/span>, samanbur\u00f0ar-<span class=\"iwg-fachbegriff\" data-tooltip=\"Heildarsafn arfleiddra gu\u00f0asagna \u00ed einni menningu.\" tabindex=\"0\">go\u00f0afr\u00e6\u00f0i<\/span> e\u00f0a menningarmannfr\u00e6\u00f0i, sem \u00feurfa \u00fe\u00fdskt, vel tengt uppflettirit. Einnig i\u00f0kendur \u00fdmissa andlegra hef\u00f0a sem vilja sta\u00f0setja eigin i\u00f0kun \u00ed v\u00ed\u00f0ara tr\u00faars\u00f6gulegu samhengi.<\/p>\n<p>Fyrir alla \u00ferj\u00e1 h\u00f3pa gildir: efni\u00f0 er sett fram \u00feannig a\u00f0 eigin \u00e1lyktanir s\u00e9u m\u00f6gulegar. Engin falin kennslufr\u00e6\u00f0i, engin \u00f3bein tr\u00faarkrafa og engin tilraun til a\u00f0 setja eina hef\u00f0 ofar \u00f6\u00f0rum. <a href=\"https:\/\/iwell-guard.com\/is\/?page_id=168728\">Menningaryfirliti\u00f0<\/a> gerir menningarsamanbur\u00f0inn kerfisbundinn og s\u00fdnilegan; <a href=\"https:\/\/iwell-guard.com\/is\/?page_id=168729\">Or\u00f0asafni\u00f0<\/a> \u00fatsk\u00fdrir helstu fr\u00e6\u00f0iheiti fr\u00e1 \u201eapotropaeum\u201c til \u201e<a class=\"iwg-fachbegriff\" href=\"https:\/\/iwell-guard.com\/is\/?page_id=168887\" tabindex=\"0\" data-tooltip=\"\u00c6\u00f0ri rit\u00faalgaldrastarfsemi til a\u00f0 tengjast gu\u00f0um e\u00f0a \u00e6\u00f0ri \u00f6ndum; \u00ed n\u00fdplat\u00f3nisma (Iamblichos) sem andst\u00e6\u00f0a vi\u00f0 l\u00e6gri goet\u00edu.\" style=\"color:inherit;text-decoration:none\">\u00feeurg\u00edu<\/a>\u201c \u00e1 n\u00e1kv\u00e6mu m\u00e1li.<\/p>\t\t\t\t\t\t\t\t<\/div>\n\t\t\t\t<\/div>\n\t\t\t\t\t<\/div>\n\t\t\t\t<\/div>\n\t\t<div class=\"elementor-element elementor-element-x-home-s005 e-flex e-con-boxed e-con e-parent\" data-id=\"x-home-s005\" data-element_type=\"container\" data-e-type=\"container\">\n\t\t\t\t\t<div class=\"e-con-inner\">\n\t\t\t\t<div class=\"elementor-element elementor-element-x-home-s005h elementor-widget elementor-widget-heading\" data-id=\"x-home-s005h\" data-element_type=\"widget\" data-e-type=\"widget\" data-widget_type=\"heading.default\">\n\t\t\t\t\t<h2 class=\"elementor-heading-title elementor-size-default\">Hvernig iWell Guard sker sig fr\u00e1 \u00f6\u00f0ru frambo\u00f0i<\/h2>\t\t\t\t<\/div>\n\t\t<div class=\"elementor-element elementor-element-x-home-s005-inner e-con-full e-flex e-con e-child\" data-id=\"x-home-s005-inner\" data-element_type=\"container\" data-e-type=\"container\">\n\t\t\t\t<div class=\"elementor-element elementor-element-x-home-s005t elementor-widget elementor-widget-text-editor\" data-id=\"x-home-s005t\" data-element_type=\"widget\" data-e-type=\"widget\" data-widget_type=\"text-editor.default\">\n\t\t\t\t\t\t\t\t\t<p>\u00dea\u00f0 sem greinir verkefni\u00f0 fr\u00e1 algengu <span class=\"iwg-fachbegriff\" data-tooltip=\"Samheiti fyrir kenningar sem gera kr\u00f6fu um leynda \u00feekkingu sem a\u00f0eins innv\u00edg\u00f0ir hafa a\u00f0gang a\u00f0.\" tabindex=\"0\">es\u00f3ter\u00edu<\/span>-frambo\u00f0i \u00e1 s\u00e9r nokkrar \u00e1st\u00e6\u00f0ur. \u00dear er heimildavinnan: Hver f\u00e6rsla nefnir vi\u00f0urkenndar fr\u00e6\u00f0iheimildir \u00fear sem vi\u00f0komandi vera er sta\u00f0fest, engin yfirtaka \u00far aukablogum, engir \u00f3pr\u00f3fa\u00f0ir listar \u00e1 netinu.<\/p><p>\u00dear vi\u00f0 b\u00e6tist kerfisbundin uppbygging: Fastm\u00f3tu\u00f0 fj\u00f3rf\u00f6ld flokkun og samr\u00e6md uppbygging f\u00e6rslna gera efni\u00f0 samanbur\u00f0arh\u00e6ft og leitanlegt. A\u00f0 lokum \u00fe\u00fdska tungum\u00e1li\u00f0: Samb\u00e6rileg netverkefni eru a\u00f0 mestu \u00e1 ensku, iWell Guard fyllir upp \u00ed \u00feetta gap fyrir \u00fe\u00fdskum\u00e6landi sv\u00e6\u00f0i, \u00e1n \u00feess a\u00f0 einfalda hugt\u00f6k e\u00f0a stytta efni.<\/p>\n<p>Verndarhengi\u00f0 og lex\u00edkoni\u00f0 tengjast efnislega en m\u00e1 nota \u00f3h\u00e1\u00f0 hvort \u00f6\u00f0ru. \u00de\u00fa getur nota\u00f0 lex\u00edkoni\u00f0 einungis sem uppflettirit \u00e1n \u00feess a\u00f0 kaupa hengi\u00f0.<\/p><p>\u00c1 hinn b\u00f3ginn er hengi\u00f0 \u00e6tla\u00f0 \u00feeim sem sam\u00feykkja, e\u00f0a vilja a\u00f0 minnsta kosti kanna me\u00f0 opnum huga, \u00fe\u00e1 heimsmynd og verkanam\u00f3del sem a\u00f0 baki liggur: kosm\u00edska uppl\u00fdsingasvi\u00f0i\u00f0, mi\u00f0lungsuppl\u00fdsingar, orkulega yfirt\u00f6ku af d\u00f6kkum verum. Til a\u00f0 setja \u00feetta \u00ed samhengi er r\u00e1\u00f0lagt a\u00f0 byrja \u00e1 <a href=\"https:\/\/iwell-guard.com\/is\/?page_id=168732\">Algengum spurningum<\/a> og <a href=\"https:\/\/iwell-guard.com\/is\/?page_id=168682\">Reynslus\u00f6gum<\/a>.<\/p>\t\t\t\t\t\t\t\t<\/div>\n\t\t\t\t<\/div>\n\t\t\t\t\t<\/div>\n\t\t\t\t<\/div>\n\t\t<div class=\"elementor-element elementor-element-x-home-s006 e-flex e-con-boxed e-con e-parent\" data-id=\"x-home-s006\" data-element_type=\"container\" data-e-type=\"container\">\n\t\t\t\t\t<div class=\"e-con-inner\">\n\t\t\t\t<div class=\"elementor-element elementor-element-x-home-s006h elementor-widget elementor-widget-heading\" data-id=\"x-home-s006h\" data-element_type=\"widget\" data-e-type=\"widget\" data-widget_type=\"heading.default\">\n\t\t\t\t\t<h2 class=\"elementor-heading-title elementor-size-default\">Gagnasta\u00f0a, uppf\u00e6rslur og ranns\u00f3knara\u00f0fer\u00f0<\/h2>\t\t\t\t<\/div>\n\t\t<div class=\"elementor-element elementor-element-x-home-s006-inner e-con-full e-flex e-con e-child\" data-id=\"x-home-s006-inner\" data-element_type=\"container\" data-e-type=\"container\">\n\t\t\t\t<div class=\"elementor-element elementor-element-x-home-s006t elementor-widget elementor-widget-text-editor\" data-id=\"x-home-s006t\" data-element_type=\"widget\" data-e-type=\"widget\" data-widget_type=\"text-editor.default\">\n\t\t\t\t\t\t\t\t\t<p>Lex\u00edkoni\u00f0 er ekki fullb\u00fai\u00f0 verk heldur er st\u00f6\u00f0ugt b\u00e6tt vi\u00f0 og endursko\u00f0a\u00f0. Hver undirs\u00ed\u00f0a inniheldur uppf\u00e6rsludagsetningu, h\u00f6fundaruppl\u00fdsingar og tilv\u00edsun \u00ed undirliggjandi heimildir.<\/p><p>Hj\u00e1 verum \u00fear sem vitnisbur\u00f0ir byggja \u00e1 f\u00e1um textum, svo sem <a href=\"https:\/\/iwell-guard.com\/is\/?page_id=168585\">Edimmu<\/a> \u00ed mes\u00f3p\u00f3tam\u00edskum \u00e1kallstextum e\u00f0a <a href=\"https:\/\/iwell-guard.com\/is\/?page_id=168605\">Dirae<\/a> \u00ed r\u00f3mverskum b\u00f6lvunarform\u00falum, er heimildagrunnurinn sk\u00fdrt tilgreindur; hj\u00e1 pers\u00f3num me\u00f0 v\u00ed\u00f0t\u00e6ka <span class=\"iwg-fachbegriff\" data-tooltip=\"\u00c1framsending \u00feekkingar og sagna milli kynsl\u00f3\u00f0a.\" tabindex=\"0\">munnm\u00e6lahef\u00f0<\/span> eins og <a href=\"https:\/\/iwell-guard.com\/is\/?page_id=168584\">Pazuzu<\/a>, <a href=\"https:\/\/iwell-guard.com\/is\/?page_id=168767\">Kali<\/a> e\u00f0a <a href=\"https:\/\/iwell-guard.com\/is\/?page_id=168781\">Yamantaka<\/a> er v\u00edsa\u00f0 til sta\u00f0al\u00fatg\u00e1fa.<\/p>\n<p>Ranns\u00f3knin byggir \u00e1 \u00fdmsum heimildum: al\u00fej\u00f3\u00f0legri vi\u00f0urkenndri fr\u00e6\u00f0iritun (Pauly-Wissowa, Reallexikon der \u00e4gyptischen Religionsgeschichte, Encyclopaedia of Religion), tr\u00faarbrag\u00f0a\u00fej\u00f3\u00f0fr\u00e6\u00f0ilegum frumheimildum (vettvangssk\u00fdrslur, \u00fatgefnir textar, hofmyndir) og fr\u00e6\u00f0ilegri aukaritun (Eliade, Hanegraaff, Smith, Frazer).<\/p><p>Yfirlit yfir helstu heimildir sem nota\u00f0ar eru finnur \u00fe\u00fa \u00ed <a href=\"https:\/\/iwell-guard.com\/is\/?page_id=168730\">Heimildaskr\u00e1nni<\/a>. \u00dear sem al\u00fe\u00fd\u00f0legar e\u00f0a es\u00f3ter\u00edskar aukaheimildir eru nota\u00f0ar er \u00fea\u00f0 s\u00e9rstaklega teki\u00f0 fram.<\/p>\t\t\t\t\t\t\t\t<\/div>\n\t\t\t\t<\/div>\n\t\t\t\t\t<\/div>\n\t\t\t\t<\/div>\n\t\t<div class=\"elementor-element elementor-element-x-home-s007 e-flex e-con-boxed e-con e-parent\" data-id=\"x-home-s007\" data-element_type=\"container\" data-e-type=\"container\">\n\t\t\t\t\t<div class=\"e-con-inner\">\n\t\t\t\t<div class=\"elementor-element elementor-element-x-home-s007h elementor-widget elementor-widget-heading\" data-id=\"x-home-s007h\" data-element_type=\"widget\" data-e-type=\"widget\" data-widget_type=\"heading.default\">\n\t\t\t\t\t<h2 class=\"elementor-heading-title elementor-size-default\">Lei\u00f0s\u00f6gn og frekari uppl\u00fdsingar<\/h2>\t\t\t\t<\/div>\n\t\t<div class=\"elementor-element elementor-element-x-home-s007-inner e-con-full e-flex e-con e-child\" data-id=\"x-home-s007-inner\" data-element_type=\"container\" data-e-type=\"container\">\n\t\t\t\t<div class=\"elementor-element elementor-element-x-home-s007t elementor-widget elementor-widget-text-editor\" data-id=\"x-home-s007t\" data-element_type=\"widget\" data-e-type=\"widget\" data-widget_type=\"text-editor.default\">\n\t\t\t\t\t\t\t\t\t<p>Uppbygging s\u00ed\u00f0unnar gerir r\u00e1\u00f0 fyrir tveimur lei\u00f0um inn \u00ed efni\u00f0. Kerfisbundna lei\u00f0in fer um flokkami\u00f0st\u00f6\u00f0varnar <a href=\"https:\/\/iwell-guard.com\/is\/?page_id=168679\">Gu\u00f0ir<\/a>, <a href=\"https:\/\/iwell-guard.com\/is\/djoflar\/\">Dj\u00f6flar<\/a>, <a href=\"https:\/\/iwell-guard.com\/is\/?page_id=168677\">Andar<\/a> og <a href=\"https:\/\/iwell-guard.com\/is\/?page_id=168678\">Lj\u00f3sv\u00e6ttir<\/a>, sem hver inniheldur allar n\u00e1kv\u00e6mari s\u00ed\u00f0ur sinnar flokkunar sem s\u00eda\u00f0an lista.<\/p><p>Menningarlega lei\u00f0in fer um <a href=\"https:\/\/iwell-guard.com\/is\/?page_id=168728\">Menningaryfirliti\u00f0<\/a>, \u00fear sem \u00f6ll skr\u00e1\u00f0 v\u00e6ttir tiltekinnar hef\u00f0ar eru dregin saman, til d\u00e6mis <a href=\"https:\/\/iwell-guard.com\/is\/?page_id=168588\">Egyptaland<\/a> me\u00f0 yfir tuttugu f\u00e6rslum e\u00f0a <a href=\"https:\/\/iwell-guard.com\/is\/?page_id=168642\">b\u00faddismi<\/a> me\u00f0 \u00feeirri einkennandi skiptingu milli indversks Theravada-efnis og t\u00edbetsks Vajrayana. Lesendur sem s\u00e6kjast eftir hagn\u00fdtri n\u00e1lgun finna a\u00f0gang a\u00f0 hinu kosm\u00edska uppl\u00fdsingasvi\u00f0i, mi\u00f0l\u00e6gum uppl\u00fdsingum og \u00e1\u00fereifanlegum verndara\u00f0fer\u00f0um \u00ed gegnum mi\u00f0st\u00f6\u00f0varnar <a href=\"https:\/\/iwell-guard.com\/is\/?page_id=168680\">A\u00f0fer\u00f0afr\u00e6\u00f0i<\/a> og <a href=\"https:\/\/iwell-guard.com\/is\/?page_id=168726\">Pr\u00f3fun<\/a>.<\/p>\t\t\t\t\t\t\t\t<\/div>\n\t\t\t\t<\/div>\n\t\t\t\t\t<\/div>\n\t\t\t\t<\/div>\n\t\t<div class=\"elementor-element elementor-element-x-home-m05 e-flex e-con-boxed e-con e-parent\" data-id=\"x-home-m05\" data-element_type=\"container\" data-e-type=\"container\">\n\t\t\t\t\t<div class=\"e-con-inner\">\n\t\t\t\t<div class=\"elementor-element elementor-element-x-home-m05h elementor-widget elementor-widget-heading\" data-id=\"x-home-m05h\" data-element_type=\"widget\" data-e-type=\"widget\" data-widget_type=\"heading.default\">\n\t\t\t\t\t<h2 class=\"elementor-heading-title elementor-size-default\">V\u00e6ttir og efni \u00ed or\u00f0asafninu<\/h2>\t\t\t\t<\/div>\n\t\t<div class=\"elementor-element elementor-element-x-home-m05-inner e-con-full e-flex e-con e-child\" data-id=\"x-home-m05-inner\" data-element_type=\"container\" data-e-type=\"container\">\n\t\t\t\t<div class=\"elementor-element elementor-element-x-home-m05-innert iwg-class-pill elementor-widget elementor-widget-text-editor\" data-id=\"x-home-m05-innert\" data-element_type=\"widget\" data-e-type=\"widget\" data-widget_type=\"text-editor.default\">\n\t\t\t\t\t\t\t\t\t<p>\u2192 <a href=\"https:\/\/iwell-guard.com\/is\/?page_id=168679\">Gu\u00f0ir<\/a> \u00b7 <a href=\"https:\/\/iwell-guard.com\/is\/djoflar\/\">Dj\u00f6flar<\/a> \u00b7 <a href=\"https:\/\/iwell-guard.com\/is\/?page_id=168677\">Andar<\/a> \u00b7 <a href=\"https:\/\/iwell-guard.com\/is\/?page_id=168678\">Lj\u00f3sv\u00e6ttir<\/a><\/p>\n<p>\u2192 Efni: <a href=\"https:\/\/iwell-guard.com\/is\/?page_id=168683\">B\u00f6lvun<\/a> \u00b7 <a href=\"https:\/\/iwell-guard.com\/is\/?page_id=168684\">\u00cdgr\u00e6\u00f0slur<\/a> \u00b7 <a href=\"https:\/\/iwell-guard.com\/is\/?page_id=168680\">A\u00f0fer\u00f0afr\u00e6\u00f0i<\/a> \u00b7 <a href=\"https:\/\/iwell-guard.com\/is\/?page_id=168726\">Pr\u00f3fun \u00ed hinu kosm\u00edska uppl\u00fdsingasvi\u00f0i<\/a><\/p>\t\t\t\t\t\t\t\t<\/div>\n\t\t\t\t<\/div>\n\t\t\t\t\t<\/div>\n\t\t\t\t<\/div>\n\t\t<div class=\"elementor-element elementor-element-x-home-m06 e-flex e-con-boxed e-con e-parent\" data-id=\"x-home-m06\" data-element_type=\"container\" data-e-type=\"container\">\n\t\t\t\t\t<div class=\"e-con-inner\">\n\t\t\t\t<div class=\"elementor-element elementor-element-x-home-m06h elementor-widget elementor-widget-heading\" data-id=\"x-home-m06h\" data-element_type=\"widget\" data-e-type=\"widget\" data-widget_type=\"heading.default\">\n\t\t\t\t\t<h2 class=\"elementor-heading-title elementor-size-default\">Lokaor\u00f0<\/h2>\t\t\t\t<\/div>\n\t\t<div class=\"elementor-element elementor-element-x-home-m06-inner e-con-full e-flex e-con e-child\" data-id=\"x-home-m06-inner\" data-element_type=\"container\" data-e-type=\"container\">\n\t\t\t\t<div class=\"elementor-element elementor-element-x-home-m06-innert elementor-widget elementor-widget-text-editor\" data-id=\"x-home-m06-innert\" data-element_type=\"widget\" data-e-type=\"widget\" data-widget_type=\"text-editor.default\">\n\t\t\t\t\t\t\t\t\t<p>A\u00f0 bera verndargripi er heg\u00f0un sem er skr\u00e1\u00f0 \u00ed n\u00e1nast \u00f6llum menningarheimum. iWell Guard er hluti af \u00feessari l\u00f6ngu hef\u00f0, me\u00f0 n\u00fat\u00edmalegri efnish\u00f6nnun og sk\u00fdrt l\u00fdstri verkunarlei\u00f0.<\/p>\n<p>\u00deeir sem vilja kynna s\u00e9r hengi\u00f0 n\u00e1nar finna uppl\u00fdsingar um uppbyggingu, notkun og p\u00f6ntun \u00e1 <a href=\"https:\/\/iwell-guard.com\/is\/?page_id=168681\">yfirlitss\u00ed\u00f0unni<\/a>. \u00deeir sem vilja kafa d\u00fdpra \u00e1 fr\u00e6\u00f0ilegan h\u00e1tt finna <a href=\"https:\/\/iwell-guard.com\/is\/?page_id=168727\">or\u00f0asafni\u00f0<\/a> me\u00f0 f\u00e6rslum um v\u00e6ttir, t\u00e1kn og si\u00f0i allra st\u00e6rstu menningarheima. \u00deeir sem vilja vita hva\u00f0 a\u00f0rir notendur segja finna hina \u00edtarlegu <a href=\"https:\/\/iwell-guard.com\/is\/?page_id=168682\">safna\u00f0ar raddir<\/a>.<\/p>\n<p><a href=\"https:\/\/iwell-guard.com\/is\/?page_id=168681\">Hengi\u00f0 \u00ed sm\u00e1atri\u00f0um \u2192<\/a> \u00b7 <a href=\"https:\/\/iwell-guard.com\/is\/?page_id=168727\">Sko\u00f0a or\u00f0asafni\u00f0 \u2192<\/a> \u00b7 <a href=\"https:\/\/iwell-guard.com\/is\/?page_id=168682\">Lesa reynslus\u00f6gur \u2192<\/a><\/p>\n<hr \/>\n\n<p>Verndarhengi\u00f0 lokar hringnum \u00ed hagn\u00fdtri notkun og gerir a\u00f0fer\u00f0ina flytjanlega.<\/p>\t\t\t\t\t\t\t\t<\/div>\n\t\t\t\t<\/div>\n\t\t\t\t\t<\/div>\n\t\t\t\t<\/div>\n\t\t<div class=\"elementor-element elementor-element-iwgkw2-add-home e-flex e-con-boxed e-con e-parent\" data-id=\"iwgkw2-add-home\" data-element_type=\"container\" data-e-type=\"container\">\n\t\t\t\t\t<div class=\"e-con-inner\">\n\t\t\t\t<div class=\"elementor-element elementor-element-iwgkw2-add-home-t elementor-widget elementor-widget-text-editor\" data-id=\"iwgkw2-add-home-t\" data-element_type=\"widget\" data-e-type=\"widget\" data-widget_type=\"text-editor.default\">\n\t\t\t\t\t\t\t\t\t<p>iWell Guard skilgreinir sig sem or\u00f0asafn <em>verndarhef\u00f0a<\/em> og safnar saman sta\u00f0reynanlegri \u00feekkingu um <em>d\u00f6kka<\/em> strauma og \u00e1reitandi <em>\u00e1hrif<\/em> \u00far <span class=\"iwg-fachbegriff\" data-tooltip=\"Heild allra var\u00f0veittra gu\u00f0sagna tiltekinnar menningar.\" tabindex=\"0\">go\u00f0afr\u00e6\u00f0i<\/span>, tr\u00faarbrag\u00f0as\u00f6gu og \u00fej\u00f3\u00f0tr\u00fa.<\/p>\t\t\t\t\t\t\t\t<\/div>\n\t\t\t\t\t<\/div>\n\t\t\t\t<\/div>\n\t\t\t\t<\/div>\n\t\t","protected":false},"excerpt":{"rendered":"","protected":false},"author":2,"featured_media":393,"parent":0,"menu_order":0,"comment_status":"closed","ping_status":"closed","template":"elementor_header_footer","meta":{"_yoast_wpseo_focuskw":"iWell Guard verndargripur","_yoast_wpseo_title":"iWell Guard \u2013 verndargripur og lexikon um d\u00f6kk \u00e1hrif","_yoast_wpseo_metadesc":"iWell Guard sameinar verndargrip \u00far \u00fe\u00fdskri framlei\u00f0slu og tr\u00faarfr\u00e6\u00f0ilegt lexikon um v\u00e6ttir","_yoast_wpseo_meta-robots-noindex":"","_yoast_wpseo_canonical":"","_angie_page":false,"gefaehrdungsstufe":"","wesen_kultur":"","wesen_klasse":"","footnotes":""},"categories":[],"class_list":["post-168580","page","type-page","status-publish","has-post-thumbnail","hentry"],"yoast_head":"<!-- This site is optimized with the Yoast SEO Premium plugin v27.7 (Yoast SEO v28.3) - https:\/\/yoast.com\/product\/yoast-seo-premium-wordpress\/ -->\n<title>iWell Guard \u2013 verndargripur og lexikon um d\u00f6kk \u00e1hrif<\/title>\n<meta name=\"description\" content=\"iWell Guard sameinar verndargrip \u00far \u00fe\u00fdskri framlei\u00f0slu og tr\u00faarfr\u00e6\u00f0ilegt lexikon um v\u00e6ttir\" \/>\n<meta name=\"robots\" content=\"index, follow, max-snippet:-1, max-image-preview:large, max-video-preview:-1\" \/>\n<link rel=\"canonical\" href=\"https:\/\/iwell-guard.com\/is\/\" \/>\n<meta property=\"og:locale\" content=\"is_IS\" \/>\n<meta property=\"og:type\" content=\"article\" \/>\n<meta property=\"og:title\" content=\"Fors\u00ed\u00f0a\" \/>\n<meta property=\"og:description\" content=\"iWell Guard sameinar verndargrip \u00far \u00fe\u00fdskri framlei\u00f0slu og tr\u00faarfr\u00e6\u00f0ilegt lexikon um v\u00e6ttir\" \/>\n<meta property=\"og:url\" content=\"https:\/\/iwell-guard.com\/is\/\" \/>\n<meta property=\"og:site_name\" content=\"iWell Guard\" \/>\n<meta property=\"article:modified_time\" content=\"2026-09-05T14:14:10+00:00\" \/>\n<meta property=\"og:image\" content=\"https:\/\/iwell-guard.com\/wp-content\/uploads\/2026\/03\/Kriegerin-des-Lichts-mit-iWell-Guard-Anhaenger-683x1024.png\" \/>\n\t<meta property=\"og:image:width\" content=\"683\" \/>\n\t<meta property=\"og:image:height\" content=\"1024\" \/>\n\t<meta property=\"og:image:type\" content=\"image\/png\" \/>\n<meta name=\"twitter:card\" content=\"summary_large_image\" \/>\n<script type=\"application\/ld+json\" class=\"yoast-schema-graph\">{\"@context\":\"https:\\\/\\\/schema.org\",\"@graph\":[{\"@type\":\"WebPage\",\"@id\":\"https:\\\/\\\/iwell-guard.com\\\/is\\\/\",\"url\":\"https:\\\/\\\/iwell-guard.com\\\/is\\\/\",\"name\":\"iWell Guard \u2013 verndargripur og lexikon um d\u00f6kk \u00e1hrif\",\"isPartOf\":{\"@id\":\"https:\\\/\\\/iwell-guard.com\\\/is\\\/#website\"},\"primaryImageOfPage\":{\"@id\":\"https:\\\/\\\/iwell-guard.com\\\/is\\\/#primaryimage\"},\"image\":{\"@id\":\"https:\\\/\\\/iwell-guard.com\\\/is\\\/#primaryimage\"},\"thumbnailUrl\":\"https:\\\/\\\/iwell-guard.com\\\/wp-content\\\/uploads\\\/2026\\\/03\\\/Kriegerin-des-Lichts-mit-iWell-Guard-Anhaenger.png\",\"datePublished\":\"2026-09-05T14:01:18+00:00\",\"dateModified\":\"2026-09-05T14:14:10+00:00\",\"description\":\"iWell Guard sameinar verndargrip \u00far \u00fe\u00fdskri framlei\u00f0slu og tr\u00faarfr\u00e6\u00f0ilegt lexikon um v\u00e6ttir\",\"breadcrumb\":{\"@id\":\"https:\\\/\\\/iwell-guard.com\\\/is\\\/#breadcrumb\"},\"inLanguage\":\"is\",\"potentialAction\":[{\"@type\":\"ReadAction\",\"target\":[\"https:\\\/\\\/iwell-guard.com\\\/is\\\/\"]}]},{\"@type\":\"ImageObject\",\"inLanguage\":\"is\",\"@id\":\"https:\\\/\\\/iwell-guard.com\\\/is\\\/#primaryimage\",\"url\":\"https:\\\/\\\/iwell-guard.com\\\/wp-content\\\/uploads\\\/2026\\\/03\\\/Kriegerin-des-Lichts-mit-iWell-Guard-Anhaenger.png\",\"contentUrl\":\"https:\\\/\\\/iwell-guard.com\\\/wp-content\\\/uploads\\\/2026\\\/03\\\/Kriegerin-des-Lichts-mit-iWell-Guard-Anhaenger.png\",\"width\":1024,\"height\":1536,\"caption\":\"Lj\u00f3ssins str\u00ed\u00f0skona me\u00f0 iWell Guard hengi\"},{\"@type\":\"BreadcrumbList\",\"@id\":\"https:\\\/\\\/iwell-guard.com\\\/is\\\/#breadcrumb\",\"itemListElement\":[{\"@type\":\"ListItem\",\"position\":1,\"name\":\"Start\",\"item\":\"https:\\\/\\\/iwell-guard.com\\\/is\\\/?page_id=168580\"},{\"@type\":\"ListItem\",\"position\":2,\"name\":\"Fors\u00ed\u00f0a\"}]},{\"@type\":\"WebSite\",\"@id\":\"https:\\\/\\\/iwell-guard.com\\\/is\\\/#website\",\"url\":\"https:\\\/\\\/iwell-guard.com\\\/is\\\/\",\"name\":\"iWell Guard\",\"description\":\"Schutz vor dunklen Einfl\u00fcssen\",\"publisher\":{\"@id\":\"https:\\\/\\\/iwell-guard.com\\\/is\\\/#organization\"},\"potentialAction\":[{\"@type\":\"SearchAction\",\"target\":{\"@type\":\"EntryPoint\",\"urlTemplate\":\"https:\\\/\\\/iwell-guard.com\\\/is\\\/?s={search_term_string}\"},\"query-input\":{\"@type\":\"PropertyValueSpecification\",\"valueRequired\":true,\"valueName\":\"search_term_string\"}}],\"inLanguage\":\"is\"},{\"@type\":\"Organization\",\"@id\":\"https:\\\/\\\/iwell-guard.com\\\/is\\\/#organization\",\"name\":\"Ittermann electronic GmbH\",\"url\":\"https:\\\/\\\/iwell-guard.com\\\/is\\\/\",\"logo\":{\"@type\":\"ImageObject\",\"inLanguage\":\"is\",\"@id\":\"https:\\\/\\\/iwell-guard.com\\\/is\\\/#\\\/schema\\\/logo\\\/image\\\/\",\"url\":\"https:\\\/\\\/iwell-guard.com\\\/wp-content\\\/uploads\\\/2026\\\/05\\\/Ittermann-Logo-1182x237-1.png\",\"contentUrl\":\"https:\\\/\\\/iwell-guard.com\\\/wp-content\\\/uploads\\\/2026\\\/05\\\/Ittermann-Logo-1182x237-1.png\",\"width\":1182,\"height\":237,\"caption\":\"Ittermann electronic GmbH\"},\"image\":{\"@id\":\"https:\\\/\\\/iwell-guard.com\\\/is\\\/#\\\/schema\\\/logo\\\/image\\\/\"},\"sameAs\":[\"https:\\\/\\\/pantip.com\\\/profile\\\/9367242\",\"https:\\\/\\\/micro.blog\\\/iwellguard\",\"https:\\\/\\\/www.diggerslist.com\\\/iwellguard\\\/about\",\"https:\\\/\\\/skitterphoto.com\\\/photographers\\\/2870314\\\/iwell-guard\",\"https:\\\/\\\/iwellguard.wordpress.com\\\/2026\\\/06\\\/06\\\/iwell-guard\\\/\",\"https:\\\/\\\/hub.docker.com\\\/u\\\/iwellguard\",\"https:\\\/\\\/www.pinterest.com\\\/iwellguard\\\/\",\"https:\\\/\\\/bit.ly\\\/m\\\/iwellguard\",\"https:\\\/\\\/entre-vos-mains.alsace.eu\\\/profiles\\\/iwellguard\\\/activity\",\"https:\\\/\\\/gravatar.com\\\/reallybeded8fd34\",\"https:\\\/\\\/naijamatta.com\\\/iwellguard\",\"https:\\\/\\\/www.goodreads.com\\\/iwellguard\",\"https:\\\/\\\/profile.hatena.ne.jp\\\/iwellguard\\\/\",\"https:\\\/\\\/experiment.com\\\/users\\\/iwellguard\",\"https:\\\/\\\/wakelet.com\\\/@iWellGuard82270\",\"https:\\\/\\\/www.chordie.com\\\/forum\\\/profile.php?id=2555664\",\"https:\\\/\\\/www.instapaper.com\\\/p\\\/17757966\",\"https:\\\/\\\/www.mapleprimes.com\\\/users\\\/iwellguard\",\"https:\\\/\\\/businesslistingplus.com\\\/profile\\\/iwell-guard\\\/\",\"https:\\\/\\\/telegra.ph\\\/iWell-Guard-06-06\",\"https:\\\/\\\/pbase.com\\\/iwellguard\\\/iwellguard\",\"https:\\\/\\\/b.hatena.ne.jp\\\/iwellguard\\\/20260607#bookmark-4788405196491818882\",\"https:\\\/\\\/fliphtml5.com\\\/home\\\/iwellguard\",\"https:\\\/\\\/anyflip.com\\\/homepage\\\/cmiwl#About\",\"https:\\\/\\\/transfur.com\\\/Users\\\/iwellguard\",\"http:\\\/\\\/delphi.larsbo.org\\\/user\\\/iwellguard\",\"https:\\\/\\\/jobs.lajobsportal.org\\\/profiles\\\/8380803-iwell-guard\",\"https:\\\/\\\/md.chaosdorf.de\\\/s\\\/jfbe5SBdJD\",\"https:\\\/\\\/www.lingvolive.com\\\/en-us\\\/profile\\\/9ecaeaca-ce11-4e51-9e71-01d55e2bff36\\\/translations\",\"https:\\\/\\\/www.fitday.com\\\/fitness\\\/forums\\\/members\\\/iwellguard.html\",\"https:\\\/\\\/www.mymeetbook.com\\\/iwellguard\",\"https:\\\/\\\/pxhere.com\\\/en\\\/photographer-me\\\/5040798\",\"https:\\\/\\\/disqus.com\\\/by\\\/iwellguard\\\/about\\\/\",\"https:\\\/\\\/pastelink.net\\\/hjwciqwq\",\"https:\\\/\\\/pubhtml5.com\\\/homepage\\\/scjhn\\\/\",\"https:\\\/\\\/www.bitchute.com\\\/channel\\\/2O2eOKzNqujT\",\"https:\\\/\\\/audiomack.com\\\/iwellguard\"]}]}<\/script>\n<!-- \/ Yoast SEO Premium plugin. -->","yoast_head_json":{"title":"iWell Guard \u2013 verndargripur og lexikon um d\u00f6kk \u00e1hrif","description":"iWell Guard sameinar verndargrip \u00far \u00fe\u00fdskri framlei\u00f0slu og tr\u00faarfr\u00e6\u00f0ilegt lexikon um v\u00e6ttir","robots":{"index":"index","follow":"follow","max-snippet":"max-snippet:-1","max-image-preview":"max-image-preview:large","max-video-preview":"max-video-preview:-1"},"canonical":"https:\/\/iwell-guard.com\/is\/","og_locale":"is_IS","og_type":"article","og_title":"Fors\u00ed\u00f0a","og_description":"iWell Guard sameinar verndargrip \u00far \u00fe\u00fdskri framlei\u00f0slu og tr\u00faarfr\u00e6\u00f0ilegt lexikon um v\u00e6ttir","og_url":"https:\/\/iwell-guard.com\/is\/","og_site_name":"iWell Guard","article_modified_time":"2026-09-05T14:14:10+00:00","og_image":[{"width":683,"height":1024,"url":"https:\/\/iwell-guard.com\/wp-content\/uploads\/2026\/03\/Kriegerin-des-Lichts-mit-iWell-Guard-Anhaenger-683x1024.png","type":"image\/png"}],"twitter_card":"summary_large_image","schema":{"@context":"https:\/\/schema.org","@graph":[{"@type":"WebPage","@id":"https:\/\/iwell-guard.com\/is\/","url":"https:\/\/iwell-guard.com\/is\/","name":"iWell Guard \u2013 verndargripur og lexikon um d\u00f6kk \u00e1hrif","isPartOf":{"@id":"https:\/\/iwell-guard.com\/is\/#website"},"primaryImageOfPage":{"@id":"https:\/\/iwell-guard.com\/is\/#primaryimage"},"image":{"@id":"https:\/\/iwell-guard.com\/is\/#primaryimage"},"thumbnailUrl":"https:\/\/iwell-guard.com\/wp-content\/uploads\/2026\/03\/Kriegerin-des-Lichts-mit-iWell-Guard-Anhaenger.png","datePublished":"2026-09-05T14:01:18+00:00","dateModified":"2026-09-05T14:14:10+00:00","description":"iWell Guard sameinar verndargrip \u00far \u00fe\u00fdskri framlei\u00f0slu og tr\u00faarfr\u00e6\u00f0ilegt lexikon um v\u00e6ttir","breadcrumb":{"@id":"https:\/\/iwell-guard.com\/is\/#breadcrumb"},"inLanguage":"is","potentialAction":[{"@type":"ReadAction","target":["https:\/\/iwell-guard.com\/is\/"]}]},{"@type":"ImageObject","inLanguage":"is","@id":"https:\/\/iwell-guard.com\/is\/#primaryimage","url":"https:\/\/iwell-guard.com\/wp-content\/uploads\/2026\/03\/Kriegerin-des-Lichts-mit-iWell-Guard-Anhaenger.png","contentUrl":"https:\/\/iwell-guard.com\/wp-content\/uploads\/2026\/03\/Kriegerin-des-Lichts-mit-iWell-Guard-Anhaenger.png","width":1024,"height":1536,"caption":"Lj\u00f3ssins str\u00ed\u00f0skona me\u00f0 iWell Guard hengi"},{"@type":"BreadcrumbList","@id":"https:\/\/iwell-guard.com\/is\/#breadcrumb","itemListElement":[{"@type":"ListItem","position":1,"name":"Start","item":"https:\/\/iwell-guard.com\/is\/?page_id=168580"},{"@type":"ListItem","position":2,"name":"Fors\u00ed\u00f0a"}]},{"@type":"WebSite","@id":"https:\/\/iwell-guard.com\/is\/#website","url":"https:\/\/iwell-guard.com\/is\/","name":"iWell Guard","description":"Schutz vor dunklen Einfl\u00fcssen","publisher":{"@id":"https:\/\/iwell-guard.com\/is\/#organization"},"potentialAction":[{"@type":"SearchAction","target":{"@type":"EntryPoint","urlTemplate":"https:\/\/iwell-guard.com\/is\/?s={search_term_string}"},"query-input":{"@type":"PropertyValueSpecification","valueRequired":true,"valueName":"search_term_string"}}],"inLanguage":"is"},{"@type":"Organization","@id":"https:\/\/iwell-guard.com\/is\/#organization","name":"Ittermann electronic GmbH","url":"https:\/\/iwell-guard.com\/is\/","logo":{"@type":"ImageObject","inLanguage":"is","@id":"https:\/\/iwell-guard.com\/is\/#\/schema\/logo\/image\/","url":"https:\/\/iwell-guard.com\/wp-content\/uploads\/2026\/05\/Ittermann-Logo-1182x237-1.png","contentUrl":"https:\/\/iwell-guard.com\/wp-content\/uploads\/2026\/05\/Ittermann-Logo-1182x237-1.png","width":1182,"height":237,"caption":"Ittermann electronic GmbH"},"image":{"@id":"https:\/\/iwell-guard.com\/is\/#\/schema\/logo\/image\/"},"sameAs":["https:\/\/pantip.com\/profile\/9367242","https:\/\/micro.blog\/iwellguard","https:\/\/www.diggerslist.com\/iwellguard\/about","https:\/\/skitterphoto.com\/photographers\/2870314\/iwell-guard","https:\/\/iwellguard.wordpress.com\/2026\/06\/06\/iwell-guard\/","https:\/\/hub.docker.com\/u\/iwellguard","https:\/\/www.pinterest.com\/iwellguard\/","https:\/\/bit.ly\/m\/iwellguard","https:\/\/entre-vos-mains.alsace.eu\/profiles\/iwellguard\/activity","https:\/\/gravatar.com\/reallybeded8fd34","https:\/\/naijamatta.com\/iwellguard","https:\/\/www.goodreads.com\/iwellguard","https:\/\/profile.hatena.ne.jp\/iwellguard\/","https:\/\/experiment.com\/users\/iwellguard","https:\/\/wakelet.com\/@iWellGuard82270","https:\/\/www.chordie.com\/forum\/profile.php?id=2555664","https:\/\/www.instapaper.com\/p\/17757966","https:\/\/www.mapleprimes.com\/users\/iwellguard","https:\/\/businesslistingplus.com\/profile\/iwell-guard\/","https:\/\/telegra.ph\/iWell-Guard-06-06","https:\/\/pbase.com\/iwellguard\/iwellguard","https:\/\/b.hatena.ne.jp\/iwellguard\/20260607#bookmark-4788405196491818882","https:\/\/fliphtml5.com\/home\/iwellguard","https:\/\/anyflip.com\/homepage\/cmiwl#About","https:\/\/transfur.com\/Users\/iwellguard","http:\/\/delphi.larsbo.org\/user\/iwellguard","https:\/\/jobs.lajobsportal.org\/profiles\/8380803-iwell-guard","https:\/\/md.chaosdorf.de\/s\/jfbe5SBdJD","https:\/\/www.lingvolive.com\/en-us\/profile\/9ecaeaca-ce11-4e51-9e71-01d55e2bff36\/translations","https:\/\/www.fitday.com\/fitness\/forums\/members\/iwellguard.html","https:\/\/www.mymeetbook.com\/iwellguard","https:\/\/pxhere.com\/en\/photographer-me\/5040798","https:\/\/disqus.com\/by\/iwellguard\/about\/","https:\/\/pastelink.net\/hjwciqwq","https:\/\/pubhtml5.com\/homepage\/scjhn\/","https:\/\/www.bitchute.com\/channel\/2O2eOKzNqujT","https:\/\/audiomack.com\/iwellguard"]}]}},"_links":{"self":[{"href":"https:\/\/iwell-guard.com\/is\/wp-json\/wp\/v2\/pages\/168580","targetHints":{"allow":["GET"]}}],"collection":[{"href":"https:\/\/iwell-guard.com\/is\/wp-json\/wp\/v2\/pages"}],"about":[{"href":"https:\/\/iwell-guard.com\/is\/wp-json\/wp\/v2\/types\/page"}],"author":[{"embeddable":true,"href":"https:\/\/iwell-guard.com\/is\/wp-json\/wp\/v2\/users\/2"}],"replies":[{"embeddable":true,"href":"https:\/\/iwell-guard.com\/is\/wp-json\/wp\/v2\/comments?post=168580"}],"version-history":[{"count":0,"href":"https:\/\/iwell-guard.com\/is\/wp-json\/wp\/v2\/pages\/168580\/revisions"}],"wp:featuredmedia":[{"embeddable":true,"href":"https:\/\/iwell-guard.com\/is\/wp-json\/wp\/v2\/media\/393"}],"wp:attachment":[{"href":"https:\/\/iwell-guard.com\/is\/wp-json\/wp\/v2\/media?parent=168580"}],"wp:term":[{"taxonomy":"category","embeddable":true,"href":"https:\/\/iwell-guard.com\/is\/wp-json\/wp\/v2\/categories?post=168580"}],"curies":[{"name":"wp","href":"https:\/\/api.w.org\/{rel}","templated":true}]}}