{"id":107047,"date":"2026-08-24T14:07:20","date_gmt":"2026-08-24T14:07:20","guid":{"rendered":"https:\/\/iwell-guard.com\/?page_id=107047"},"modified":"2026-08-26T13:57:21","modified_gmt":"2026-08-26T13:57:21","slug":"rauhnaechte","status":"publish","type":"page","link":"https:\/\/iwell-guard.com\/hu\/rauhnaechte\/","title":{"rendered":"Rauhn\u00e4chte \u2013 A tizenk\u00e9t \u00e9jszaka"},"content":{"rendered":"\t\t<div data-elementor-type=\"wp-page\" data-elementor-id=\"107047\" class=\"elementor elementor-107047 elementor-107038\" data-elementor-post-type=\"page\">\n\t\t\t\t<div class=\"elementor-element elementor-element-iwgs-raeuchern-hero e-flex e-con-boxed e-con e-parent\" data-id=\"iwgs-raeuchern-hero\" data-element_type=\"container\" data-e-type=\"container\">\n\t\t\t\t\t<div class=\"e-con-inner\">\n\t\t<div class=\"elementor-element elementor-element-iw-raeuchern-hero-left e-con-full e-flex e-con e-child\" data-id=\"iw-raeuchern-hero-left\" data-element_type=\"container\" data-e-type=\"container\">\n\t\t\t\t<div class=\"elementor-element elementor-element-iwgs-raeuchern-h1 elementor-widget elementor-widget-heading\" data-id=\"iwgs-raeuchern-h1\" data-element_type=\"widget\" data-e-type=\"widget\" data-widget_type=\"heading.default\">\n\t\t\t\t\t<h1 class=\"elementor-heading-title elementor-size-default\">Rauhn\u00e4chte: a tizenk\u00e9t \u00e9jszaka az \u00f3\u00e9v \u00e9s az \u00faj\u00e9v k\u00f6z\u00f6tt<\/h1>\t\t\t\t<\/div>\n\t\t<div class=\"elementor-element elementor-element-iw-raeuchern-hero-bw e-con-full e-flex e-con e-child\" data-id=\"iw-raeuchern-hero-bw\" data-element_type=\"container\" data-e-type=\"container\">\n\t\t\t\t<div class=\"elementor-element elementor-element-iwgs-raeuchern-pills elementor-widget elementor-widget-html\" data-id=\"iwgs-raeuchern-pills\" data-element_type=\"widget\" data-e-type=\"widget\" data-widget_type=\"html.default\">\n\t\t\t\t\t<div class=\"iwg-pill-row\"><span class=\"iwg-klasse-badge\" tabindex=\"0\" data-tooltip=\"Saj\u00e1t szok\u00e1sokkal rendelkez\u0151 id\u0151szak.\">Szok\u00e1s<\/span><a href=\"https:\/\/iwell-guard.com\/hu\/eszaki-istenek\/\" class=\"iwg-kultur-badge\" tabindex=\"0\" data-tooltip=\"A germ\u00e1n hagyom\u00e1ny \u00e1ttekint\u00e9s\u00e9hez.\">Germ\u00e1n k\u00f6r<\/a><\/div>\t\t\t\t<\/div>\n\t\t\t\t<div class=\"elementor-element elementor-element-iwgs-raeuchern-lead elementor-widget elementor-widget-text-editor\" data-id=\"iwgs-raeuchern-lead\" data-element_type=\"widget\" data-e-type=\"widget\" data-widget_type=\"text-editor.default\">\n\t\t\t\t\t\t\t\t\t<p>A kar\u00e1csony \u00e9s a v\u00edzkereszt k\u00f6z\u00f6tt van egy id\u0151szak, amelynek a n\u00e9metajk\u00fa ter\u00fcleteken saj\u00e1t szab\u00e1lyai voltak. Tizenketteknek, Rauhn\u00e4chte-nek vagy Raun\u00e4chte-nek nevezt\u00e9k. Ezekben az \u00e9jszak\u00e1kban a l\u00e1that\u00f3 \u00e9s a l\u00e1thatatlan vil\u00e1g hat\u00e1ra \u00e1tj\u00e1rhat\u00f3nak sz\u00e1m\u00edtott.<\/p><p>A lexikon sz\u00e1m\u00e1ra ezek az \u00e9jszak\u00e1k az \u00e9v legs\u0171r\u0171bb v\u00e9delmi id\u0151szak\u00e1t jelentik. Szinte minden, amit a hagyom\u00e1ny v\u00e9dekez\u00e9sk\u00e9nt ismer, itt s\u0171r\u00edtve jelenik meg: f\u00fcst, zaj, szentelt v\u00edz, k\u00fcsz\u00f6bre \u00edrt jelek \u00e9s sz\u00e1mos tilalom. Ugyanakkor itt tal\u00e1lkoznak azok az alakok is, akiknek a lexikon m\u00e1s pontjain \u00f6n\u00e1ll\u00f3 sz\u00f3cikk\u00fck van.<\/p>\t\t\t\t\t\t\t\t<\/div>\n\t\t\t\t<\/div>\n\t\t\t\t<\/div>\n\t\t<div class=\"elementor-element elementor-element-iw-raeuchern-hero-img e-con-full e-flex e-con e-child\" data-id=\"iw-raeuchern-hero-img\" data-element_type=\"container\" data-e-type=\"container\">\n\t\t\t\t<div class=\"elementor-element elementor-element-iwgs-raeuchern-himg iwg-hero-image elementor-widget elementor-widget-image\" data-id=\"iwgs-raeuchern-himg\" data-element_type=\"widget\" data-e-type=\"widget\" data-widget_type=\"image.default\">\n\t\t\t\t\t\t\t\t\t\t\t\t\t\t\t<img fetchpriority=\"high\" decoding=\"async\" width=\"683\" height=\"1024\" src=\"https:\/\/iwell-guard.com\/wp-content\/uploads\/2026\/05\/schutzsymbol_universell_raeuchern-683x1024.png\" class=\"attachment-large size-large wp-image-108120\" alt=\"F\u00fcst\u00f6l\u00e9s \u00e9s tiszt\u00edt\u00e1s \u2013 felsz\u00e1ll\u00f3 f\u00fcst mint a megtisztul\u00e1s jelk\u00e9pe\" srcset=\"https:\/\/iwell-guard.com\/wp-content\/uploads\/2026\/05\/schutzsymbol_universell_raeuchern-683x1024.png 683w, https:\/\/iwell-guard.com\/wp-content\/uploads\/2026\/05\/schutzsymbol_universell_raeuchern-200x300.png 200w, https:\/\/iwell-guard.com\/wp-content\/uploads\/2026\/05\/schutzsymbol_universell_raeuchern-768x1152.png 768w, https:\/\/iwell-guard.com\/wp-content\/uploads\/2026\/05\/schutzsymbol_universell_raeuchern.png 1024w\" sizes=\"(max-width: 683px) 100vw, 683px\" \/>\t\t\t\t\t\t\t\t\t\t\t\t\t\t\t<\/div>\n\t\t\t\t<\/div>\n\t\t\t\t\t<\/div>\n\t\t\t\t<\/div>\n\t\t<div class=\"elementor-element elementor-element-iwgs-raeuchern-s0 e-flex e-con-boxed e-con e-parent\" data-id=\"iwgs-raeuchern-s0\" data-element_type=\"container\" data-e-type=\"container\">\n\t\t\t\t\t<div class=\"e-con-inner\">\n\t\t\t\t<div class=\"elementor-element elementor-element-iwgs-raeuchern-s0h elementor-widget elementor-widget-heading\" data-id=\"iwgs-raeuchern-s0h\" data-element_type=\"widget\" data-e-type=\"widget\" data-widget_type=\"heading.default\">\n\t\t\t\t\t<h2 class=\"elementor-heading-title elementor-size-default\">Mi a Rauhn\u00e4chte?<\/h2>\t\t\t\t<\/div>\n\t\t<div class=\"elementor-element elementor-element-iw-raeuchern-s0-bw e-con-full e-flex e-con e-child\" data-id=\"iw-raeuchern-s0-bw\" data-element_type=\"container\" data-e-type=\"container\">\n\t\t\t\t<div class=\"elementor-element elementor-element-iwgs-raeuchern-s0t elementor-widget elementor-widget-text-editor\" data-id=\"iwgs-raeuchern-s0t\" data-element_type=\"widget\" data-e-type=\"widget\" data-widget_type=\"text-editor.default\">\n\t\t\t\t\t\t\t\t\t<p>A Rauhn\u00e4chte a kar\u00e1csony \u00e9s a janu\u00e1r 6-i v\u00edzkereszt \u00fcnnepe k\u00f6z\u00f6tti tizenk\u00e9t \u00e9jszaka. R\u00e9gebbi nev\u00fck a Tizenkettek vagy a Tizenk\u00e9t \u00e9jszaka. Egyes vid\u00e9keken olyan elnevez\u00e9sek is el\u0151fordulnak, mint Innern\u00e4chte, Untern\u00e4chte vagy Gl\u00f6ckeln\u00e4chte.<\/p><p>A n\u00e9pi hit kiv\u00e9teles \u00e1llapotot tulajdon\u00edtott ennek az id\u0151szaknak. Az \u00f3\u00e9v rendje lez\u00e1rult, az \u00faj m\u00e9g nem kezd\u0151d\u00f6tt el, \u00e9s a hagyom\u00e1ny szerint ebben a k\u00f6ztes t\u00e9rben k\u00f3bor szellemek \u00e9s mondai alakok j\u00e1rtak. Ez magyar\u00e1zza az ezekre az \u00e9jszak\u00e1kra feljegyzett v\u00e9dekez\u0151 szok\u00e1sok nagy sz\u00e1m\u00e1t.<\/p><p>Fontos a meg\u00e9rt\u00e9shez: a Rauhn\u00e4chte nem egy l\u00e9ny \u00e9s nem egyetlen szok\u00e1s, hanem egy id\u0151szak, amelyhez sok szok\u00e1s kapcsol\u00f3dott. Hogy mit tettek \u00e9s mit hagytak el ezekben a napokban, v\u00f6lgyr\u0151l v\u00f6lgyre jelent\u0151sen elt\u00e9rt.<\/p>\t\t\t\t\t\t\t\t<\/div>\n\t\t\t\t<\/div>\n\t\t\t\t\t<\/div>\n\t\t\t\t<\/div>\n\t\t<div class=\"elementor-element elementor-element-82e1f70 e-flex e-con-boxed e-con e-parent\" data-id=\"82e1f70\" data-element_type=\"container\" data-e-type=\"container\">\n\t\t\t\t\t<div class=\"e-con-inner\">\n\t\t\t\t<div class=\"elementor-element elementor-element- elementor-widget elementor-widget-heading\" data-id=\"\" data-element_type=\"widget\" data-e-type=\"widget\" data-widget_type=\"heading.default\">\n\t\t\t\t\t<h2 class=\"elementor-heading-title elementor-size-default\">Mikor vannak a Rauhn\u00e4chte? Az id\u0151pontok<\/h2>\t\t\t\t<\/div>\n\t\t<div class=\"elementor-element elementor-element- e-con-full e-flex e-con e-child\" data-id=\"\" data-element_type=\"container\" data-e-type=\"container\">\n\t\t\t\t<div class=\"elementor-element elementor-element- elementor-widget elementor-widget-text-editor\" data-id=\"\" data-element_type=\"widget\" data-e-type=\"widget\" data-widget_type=\"text-editor.default\">\n\t\t\t\t\t\t\t\t\t<p>A legelterjedtebb sz\u00e1m\u00edt\u00e1s december 25. \u00e9s janu\u00e1r 6. k\u00f6z\u00f6tti \u00e9jszak\u00e1kra teszi a Rauhn\u00e4cht\u00e9t. A 2026\/27-es szezonra ez azt jelenti: a sorozat 2026. december 25-r\u0151l 26-\u00e1ra virrad\u00f3 \u00e9jszaka kezd\u0151dik, \u00e9s 2027. janu\u00e1r 5-r\u0151l 6-\u00e1ra virrad\u00f3 \u00e9jszaka \u00e9r v\u00e9get.<\/p><p>Mellette r\u00e9gebbi \u00e9s vid\u00e9kenk\u00e9nti sz\u00e1m\u00edt\u00e1sok is l\u00e9teznek. Sok helyen a Tam\u00e1s-\u00e9jszak\u00e1t, december 20-r\u00f3l 21-\u00e9re virrad\u00f3an, tekintett\u00e9k kezdetnek, mivel a r\u00e9gi napt\u00e1r szerint erre esett az \u00e9v leghosszabb \u00e9jszak\u00e1ja. Ebben a v\u00e1ltozatban a sorozat az \u00faj\u00e9v \u00e9jszak\u00e1j\u00e1ig tart. M\u00e1s vid\u00e9keken a kar\u00e1csony \u00e9jszak\u00e1j\u00e1val, december 24-r\u0151l 25-\u00e9re virrad\u00f3an, kezdt\u00e9k a sz\u00e1m\u00edt\u00e1st.<\/p><p>Aki egyetlen r\u00f6gz\u00edtett d\u00e1tumot keres, a forr\u00e1sokban nem tal\u00e1l ilyet. Vid\u00e9kenk\u00e9nt m\u00e9g a sz\u00e1m is v\u00e1ltozik: a feljegyz\u00e9sek h\u00e1rom \u00e9s tizenk\u00e9t kiemelt \u00e9jszaka k\u00f6z\u00f6tt eml\u00edtenek. Minden sz\u00e1m\u00edt\u00e1sban k\u00f6z\u00f6s az \u00e9v legs\u00f6t\u00e9tebb id\u0151szak\u00e1ra val\u00f3 utal\u00e1s.<\/p>\t\t\t\t\t\t\t\t<\/div>\n\t\t\t\t<\/div>\n\t\t\t\t\t<\/div>\n\t\t\t\t<\/div>\n\t\t<div class=\"elementor-element elementor-element-188289f e-flex e-con-boxed e-con e-parent\" data-id=\"188289f\" data-element_type=\"container\" data-e-type=\"container\">\n\t\t\t\t\t<div class=\"e-con-inner\">\n\t\t\t\t<div class=\"elementor-element elementor-element- elementor-widget elementor-widget-heading\" data-id=\"\" data-element_type=\"widget\" data-e-type=\"widget\" data-widget_type=\"heading.default\">\n\t\t\t\t\t<h2 class=\"elementor-heading-title elementor-size-default\">Rauhn\u00e4chte vagy Raun\u00e4chte? Honnan ered a n\u00e9v<\/h2>\t\t\t\t<\/div>\n\t\t<div class=\"elementor-element elementor-element- e-con-full e-flex e-con e-child\" data-id=\"\" data-element_type=\"container\" data-e-type=\"container\">\n\t\t\t\t<div class=\"elementor-element elementor-element- elementor-widget elementor-widget-text-editor\" data-id=\"\" data-element_type=\"widget\" data-e-type=\"widget\" data-widget_type=\"text-editor.default\">\n\t\t\t\t\t\t\t\t\t<p>Mindk\u00e9t \u00edr\u00e1sm\u00f3d haszn\u00e1latban van, \u00e9s mindkett\u0151 ugyanazt jelenti. A h-val \u00edrt forma a k\u00e9t elterjedt eredetmagyar\u00e1zat egyik\u00e9re utal, a h n\u00e9lk\u00fcli forma a m\u00e1sikra.<\/p><p>Az els\u0151 magyar\u00e1zat a f\u00fcst\u00f6l\u00e9shez vezeti vissza a nevet. Ezeken az \u00e9jszak\u00e1kon t\u00f6mj\u00e9nnel \u00e9s sz\u00e1r\u00edtott f\u00fcvekkel f\u00fcst\u00f6lt\u00e9k a h\u00e1zakat \u00e9s az ist\u00e1ll\u00f3kat, ebb\u0151l eredhettek \u00e1ll\u00edt\u00f3lag a Rauchn\u00e4chte, vagyis a f\u00fcst\u00f6s \u00e9jszak\u00e1k, k\u00e9s\u0151bb pedig a Rauhn\u00e4chte. A m\u00e1sodik magyar\u00e1zat a k\u00f6z\u00e9pfeln\u00e9met ruch sz\u00f3b\u00f3l indul ki, amely durv\u00e1t, sz\u0151r\u00f6set jelent, \u00e9s az ezeken az \u00e9jszak\u00e1kon j\u00e1r\u00f3, pr\u00e9mbe \u00f6lt\u00f6z\u00f6tt ijeszt\u0151 alakokra utal.<\/p><p>A kutat\u00e1s ezt a k\u00e9rd\u00e9st nem d\u00f6nt\u00f6tte el v\u00e9glegesen. Mindk\u00e9t magyar\u00e1zat nyelvileg lehets\u00e9ges, \u00e9s mindkett\u0151 \u00f6sszeegyeztethet\u0151 a feljegyzett szok\u00e1sokkal.<\/p>\t\t\t\t\t\t\t\t<\/div>\n\t\t\t\t<\/div>\n\t\t\t\t\t<\/div>\n\t\t\t\t<\/div>\n\t\t<div class=\"elementor-element elementor-element-2256a9e e-flex e-con-boxed e-con e-parent\" data-id=\"2256a9e\" data-element_type=\"container\" data-e-type=\"container\">\n\t\t\t\t\t<div class=\"e-con-inner\">\n\t\t\t\t<div class=\"elementor-element elementor-element- elementor-widget elementor-widget-heading\" data-id=\"\" data-element_type=\"widget\" data-e-type=\"widget\" data-widget_type=\"heading.default\">\n\t\t\t\t\t<h2 class=\"elementor-heading-title elementor-size-default\">Eredet: honnan ered a szok\u00e1s?<\/h2>\t\t\t\t<\/div>\n\t\t<div class=\"elementor-element elementor-element- e-con-full e-flex e-con e-child\" data-id=\"\" data-element_type=\"container\" data-e-type=\"container\">\n\t\t\t\t<div class=\"elementor-element elementor-element- elementor-widget elementor-widget-text-editor\" data-id=\"\" data-element_type=\"widget\" data-e-type=\"widget\" data-widget_type=\"text-editor.default\">\n\t\t\t\t\t\t\t\t\t<p>A legn\u00e9pszer\u0171bb magyar\u00e1zat napt\u00e1ri jelleg\u0171. Tizenk\u00e9t holdh\u00f3nap k\u00f6r\u00fclbel\u00fcl 354 napot tesz ki, m\u00edg a nap\u00e9v 365 napb\u00f3l \u00e1ll. A tizenegy napos k\u00fcl\u00f6nbs\u00e9get, \u00e9jszak\u00e1kban sz\u00e1molva tizenkett\u0151t, ennek megfelel\u0151en a szok\u00e1sos renden k\u00edv\u00fcli besz\u00fart id\u0151nek tekintett\u00e9k, amelyben m\u00e1s t\u00f6rv\u00e9nyek \u00e9rv\u00e9nyes\u00fcltek.<\/p><p>Ez a sz\u00e1m\u00edt\u00e1s k\u00f6nnyen megjegyezhet\u0151, \u00e9s mind a mai napig tov\u00e1bb \u00f6r\u00f6kl\u0151dik. T\u00f6rt\u00e9neti bizony\u00edt\u00e9kul azonban egy kereszt\u00e9nys\u00e9g el\u0151tti eredetre nem szolg\u00e1l. A n\u00e9prajzkutat\u00e1s t\u00f6bbsz\u00f6r r\u00e1mutatott, hogy a Tizenkettek csak a kereszt\u00e9ny kort\u00f3l kezdve v\u00e1lnak megfoghat\u00f3v\u00e1, \u00e9s hogy a kar\u00e1csony \u00e9s a v\u00edzkereszt k\u00f6z\u00f6tti z\u00e1rt id\u0151szakot az egyh\u00e1z hat\u00e1rozta meg.<\/p><p>A lexikon itt a forr\u00e1sokat k\u00f6veti. Szok\u00e1sok, tilalmak \u00e9s mond\u00e1k a k\u00f6z\u00e9pkor \u00f3ta vannak dokument\u00e1lva, r\u00e9szben egyh\u00e1zi el\u00edt\u00e9l\u00e9sekben, r\u00e9szben jogi forr\u00e1sokban. Ebb\u0151l nem vezethet\u0151 le folytonos vonal a germ\u00e1n \u00fcnnepekhez. Sok minden, ami ma \u0151sr\u00e9ginek sz\u00e1m\u00edt, csak a 19. sz\u00e1zadban nyerte el mai form\u00e1j\u00e1t, amikor gy\u0171jt\u0151k \u00e9s romantikusok a n\u00e9pi szok\u00e1st a figyelem k\u00f6z\u00e9ppontj\u00e1ba emelt\u00e9k.<\/p>\t\t\t\t\t\t\t\t<\/div>\n\t\t\t\t<\/div>\n\t\t\t\t\t<\/div>\n\t\t\t\t<\/div>\n\t\t<div class=\"elementor-element elementor-element-0678d93 e-flex e-con-boxed e-con e-parent\" data-id=\"0678d93\" data-element_type=\"container\" data-e-type=\"container\">\n\t\t\t\t\t<div class=\"e-con-inner\">\n\t\t\t\t<div class=\"elementor-element elementor-element- elementor-widget elementor-widget-heading\" data-id=\"\" data-element_type=\"widget\" data-e-type=\"widget\" data-widget_type=\"heading.default\">\n\t\t\t\t\t<h2 class=\"elementor-heading-title elementor-size-default\">A Rauhn\u00e4chte alakjai<\/h2>\t\t\t\t<\/div>\n\t\t<div class=\"elementor-element elementor-element- e-con-full e-flex e-con e-child\" data-id=\"\" data-element_type=\"container\" data-e-type=\"container\">\n\t\t\t\t<div class=\"elementor-element elementor-element- elementor-widget elementor-widget-text-editor\" data-id=\"\" data-element_type=\"widget\" data-e-type=\"widget\" data-widget_type=\"text-editor.default\">\n\t\t\t\t\t\t\t\t\t<p>Ezeknek az \u00e9jszak\u00e1knak a mond\u00e1iban eg\u00e9sz sereg alak jelenik meg. K\u00f6z\u00fcl\u00fck n\u00e9gy hat\u00e1rozza meg k\u00fcl\u00f6n\u00f6sen er\u0151sen a hagyom\u00e1nyt.<\/p><p><a href=\"https:\/\/iwell-guard.com\/hu\/frau-perchta\/\">Frau Perchta<\/a> az Alpokban \u00e9s Bajororsz\u00e1gban azt vizsg\u00e1lja, elk\u00e9sz\u00fclt-e az \u00e9v munk\u00e1ja. Aki befejezte a fon\u00e1st, \u00e9s rendbe tette a h\u00e1zat, \u00e1ld\u00e1sra sz\u00e1m\u00edthatott; aki hanyag volt, arra megrov\u00e1s v\u00e1rt. <a href=\"https:\/\/iwell-guard.com\/hu\/holla-frau-holle\/\">Frau Holle<\/a> K\u00f6z\u00e9p-N\u00e9metorsz\u00e1gban ugyanezt a szerepet t\u00f6lti be a t\u00e9l n\u0151i alakjak\u00e9nt.<\/p><p>A Vad Vad\u00e1szat a monda szerint ezeken az \u00e9jszak\u00e1kon sz\u00e1guld v\u00e9gig az orsz\u00e1gon: lovasok, kop\u00f3k \u00e9s holtak menete, akikkel senki sem akart tal\u00e1lkozni. A 19. sz\u00e1zadi n\u00e9prajztudom\u00e1ny a vez\u00e9r\u00e9t <a href=\"https:\/\/iwell-guard.com\/hu\/odin\/\">Odinnal<\/a> azonos\u00edtotta, ami Jacob Grimm \u00e9rtelmez\u00e9s\u00e9nek sz\u00e1m\u00edt, \u00e9s a r\u00e9gebbi forr\u00e1sokban nem szerepel \u00edgy.<\/p><p>Ehhez t\u00e1rsul egy eg\u00e9sz K\u00f6z\u00e9p-Eur\u00f3p\u00e1ban elterjedt mot\u00edvum: kar\u00e1csony \u00e9jszak\u00e1j\u00e1n az ist\u00e1ll\u00f3 \u00e1llatai emberi hangon sz\u00f3lalnak meg. Aki kihallgatja \u0151ket, a monda szerint saj\u00e1t hal\u00e1l\u00e1nak megj\u00f6vend\u00f6l\u00e9s\u00e9t hallja. Ez a t\u00f6rt\u00e9net az \u00e9vszak csod\u00e1s mot\u00edvumai k\u00f6z\u00e9 tartozik.<\/p>\t\t\t\t\t\t\t\t<\/div>\n\t\t\t\t<\/div>\n\t\t\t\t\t<\/div>\n\t\t\t\t<\/div>\n\t\t<div class=\"elementor-element elementor-element-df2669e e-flex e-con-boxed e-con e-parent\" data-id=\"df2669e\" data-element_type=\"container\" data-e-type=\"container\">\n\t\t\t\t\t<div class=\"e-con-inner\">\n\t\t\t\t<div class=\"elementor-element elementor-element- elementor-widget elementor-widget-heading\" data-id=\"\" data-element_type=\"widget\" data-e-type=\"widget\" data-widget_type=\"heading.default\">\n\t\t\t\t\t<h2 class=\"elementor-heading-title elementor-size-default\">F\u00fcst\u00f6l\u00e9s a Rauhn\u00e4cht\u00e9ben<\/h2>\t\t\t\t<\/div>\n\t\t<div class=\"elementor-element elementor-element- e-con-full e-flex e-con e-child\" data-id=\"\" data-element_type=\"container\" data-e-type=\"container\">\n\t\t\t\t<div class=\"elementor-element elementor-element- elementor-widget elementor-widget-text-editor\" data-id=\"\" data-element_type=\"widget\" data-e-type=\"widget\" data-widget_type=\"text-editor.default\">\n\t\t\t\t\t\t\t\t\t<p>A f\u00fcst\u00f6l\u00e9s az a szok\u00e1s, amelynek ezek az \u00e9jszak\u00e1k feltehet\u0151en a nev\u00fcket k\u00f6sz\u00f6nhetik. Dokument\u00e1lt, hogy a paraszth\u00e1zakat, szob\u00e1kat \u00e9s ist\u00e1ll\u00f3kat t\u00f6mj\u00e9nnel \u00e9s sz\u00e1r\u00edtott f\u00fcvekkel f\u00fcst\u00f6lt\u00e9k, gyakran maga a h\u00e1zigazda, aki egy serpeny\u0151vel j\u00e1rta v\u00e9gig az \u00f6sszes helyis\u00e9get.<\/p><p>A gyakorlatot m\u00e1r a 16. sz\u00e1zadban le\u00edrt\u00e1k, p\u00e9ld\u00e1ul Johannes Boemus 1520-ban \u00e9s Sebastian Franck 1534-ben. A f\u00fcstnek kett\u0151s jelent\u00e9se volt. Egyr\u00e9szt t\u00e1vol kellett tartania a k\u00f3bor szellemeket, m\u00e1sr\u00e9szt megszentelt f\u00fcstk\u00e9nt egy\u00fattal az egyh\u00e1z \u00e1ltal elismert \u00e1ld\u00e1snak is sz\u00e1m\u00edtott. Sok vid\u00e9ken szenteltvizet is vittek magukkal, \u00e9s azzal hintett\u00e9k meg a port\u00e1t.<\/p><p>A hagyom\u00e1ny h\u00e1rom \u00e9jszak\u00e1t tart klasszikus f\u00fcst\u00f6l\u00e9si \u00e9jszak\u00e1nak: a Tam\u00e1s-\u00e9jszak\u00e1t, az \u00faj\u00e9v \u00e9jszak\u00e1j\u00e1t \u00e9s a v\u00edzkereszt el\u0151est\u00e9j\u00e9t. A sor v\u00e9g\u00e9n a csillag\u00e9nekesek h\u00e1zr\u00f3l h\u00e1zra j\u00e1rtak, \u00e9s megszentelt kr\u00e9t\u00e1val fel\u00edrt\u00e1k a szem\u00f6ld\u00f6kf\u00e1ra a C, M \u00e9s B bet\u0171ket. Ezek a Christus mansionem benedicat latin \u00e1ld\u00e1st jelentik, vagyis hogy Krisztus \u00e1ldja meg ezt a h\u00e1zat, \u00e9s a n\u00e9pi k\u00e9pzeletben a h\u00e1rom kir\u00e1lyok kezd\u0151bet\u0171ik\u00e9nt olvass\u00e1k \u0151ket.<\/p><p>A lexikon a <a href=\"https:\/\/iwell-guard.com\/hu\/fusteoles-es-tisztitas\/\">f\u00fcst\u00f6l\u00e9s<\/a> \u00e9s a <a href=\"https:\/\/iwell-guard.com\/hu\/tomjenfust\/\">t\u00f6mj\u00e9n<\/a> gyakorlat\u00e1t \u00f6n\u00e1ll\u00f3 sz\u00f3cikkekben, hagyom\u00e1nyos v\u00e9dekez\u00e9si formak\u00e9nt mutatja be tov\u00e1bb.<\/p>\t\t\t\t\t\t\t\t<\/div>\n\t\t\t\t<\/div>\n\t\t\t\t\t<\/div>\n\t\t\t\t<\/div>\n\t\t<div class=\"elementor-element elementor-element-79fba3f e-flex e-con-boxed e-con e-parent\" data-id=\"79fba3f\" data-element_type=\"container\" data-e-type=\"container\">\n\t\t\t\t\t<div class=\"e-con-inner\">\n\t\t\t\t<div class=\"elementor-element elementor-element- elementor-widget elementor-widget-heading\" data-id=\"\" data-element_type=\"widget\" data-e-type=\"widget\" data-widget_type=\"heading.default\">\n\t\t\t\t\t<h2 class=\"elementor-heading-title elementor-size-default\">Szab\u00e1lyok \u00e9s tilalmak a Tizenkettekben<\/h2>\t\t\t\t<\/div>\n\t\t<div class=\"elementor-element elementor-element- e-con-full e-flex e-con e-child\" data-id=\"\" data-element_type=\"container\" data-e-type=\"container\">\n\t\t\t\t<div class=\"elementor-element elementor-element- elementor-widget elementor-widget-text-editor\" data-id=\"\" data-element_type=\"widget\" data-e-type=\"widget\" data-widget_type=\"text-editor.default\">\n\t\t\t\t\t\t\t\t\t<p>A Rauhn\u00e4chte mindenekel\u0151tt a tilalmak id\u0151szaka volt. Legismertebb k\u00f6z\u00fcl\u00fck a mos\u00e1s \u00e9s a feh\u00e9rnem\u0171 \u00e9jszak\u00e1ra t\u00f6rt\u00e9n\u0151 kiter\u00edt\u00e9s\u00e9nek tilalma. A hagyom\u00e1ny szerint a Vad Vad\u00e1szat beleakadhatott a kiteregetett v\u00e1szonba, \u00e9s aki feh\u00e9r mosott ruh\u00e1t hagyott kint l\u00f3gni, azt l\u00e1tta a k\u00f6vetkez\u0151 \u00e9vben halotti lepell\u00e9 v\u00e1lni.<\/p><p>Tov\u00e1bbi szab\u00e1lyok a h\u00e1z rendj\u00e9re vonatkoztak. Az elkezdett munk\u00e1t be kellett fejezni, a rokk\u00e1kat \u00e9s ors\u00f3kat le kellett \u00e1ll\u00edtani, a szob\u00e1kat rendbe kellett tenni. Ami k\u00f6lcs\u00f6nben volt, azt visszahozt\u00e1k, hiszen ami ebben az id\u0151ben a h\u00e1zon k\u00edv\u00fcl volt, elveszettnek sz\u00e1m\u00edtott. M\u00e1soknak k\u00f6lcs\u00f6nadni szint\u00e9n elker\u00fclt\u00e9k.<\/p><p>Ehhez viselked\u00e9si szab\u00e1lyok is t\u00e1rsultak. A zaj a nyilv\u00e1nos felvonul\u00e1sokhoz tartozott; otthon visszafogotts\u00e1g uralkodott, \u00e9s egy veszeked\u00e9s a Tizenkettekben \u00e1ll\u00edt\u00f3lag v\u00e9gigvisszhangzott az eg\u00e9sz \u00e9ven. N\u00e9h\u00e1ny vid\u00e9ken tilos volt egyed\u00fcl kint lenni s\u00f6t\u00e9ted\u00e9s ut\u00e1n.<\/p><p>Ezek a szab\u00e1lyok koruk szok\u00e1sbeli el\u0151\u00edr\u00e1sai voltak, \u00e9s nem \u00fatmutat\u00e1sul szolg\u00e1lnak a mai napra. Els\u0151sorban elbesz\u00e9l\u0151 hagyom\u00e1nyk\u00e9nt maradtak fenn, n\u00e9h\u00e1ny vid\u00e9ki t\u00e1jon pedig szok\u00e1sk\u00e9nt.<\/p>\t\t\t\t\t\t\t\t<\/div>\n\t\t\t\t<\/div>\n\t\t\t\t\t<\/div>\n\t\t\t\t<\/div>\n\t\t<div class=\"elementor-element elementor-element-92ffc6f e-flex e-con-boxed e-con e-parent\" data-id=\"92ffc6f\" data-element_type=\"container\" data-e-type=\"container\">\n\t\t\t\t\t<div class=\"e-con-inner\">\n\t\t\t\t<div class=\"elementor-element elementor-element- elementor-widget elementor-widget-heading\" data-id=\"\" data-element_type=\"widget\" data-e-type=\"widget\" data-widget_type=\"heading.default\">\n\t\t\t\t\t<h2 class=\"elementor-heading-title elementor-size-default\">Losn\u00e4chte \u00e9s j\u00f3sl\u00e1sok<\/h2>\t\t\t\t<\/div>\n\t\t<div class=\"elementor-element elementor-element- e-con-full e-flex e-con e-child\" data-id=\"\" data-element_type=\"container\" data-e-type=\"container\">\n\t\t\t\t<div class=\"elementor-element elementor-element- elementor-widget elementor-widget-text-editor\" data-id=\"\" data-element_type=\"widget\" data-e-type=\"widget\" data-widget_type=\"text-editor.default\">\n\t\t\t\t\t\t\t\t\t<p>A v\u00e9dekez\u00e9s mellett ott \u00e1llt az el\u0151rejelz\u00e9s is. A Tizenketteket Losn\u00e4cht\u00e9nek, azaz sorsj\u00f3sl\u00f3 \u00e9jszak\u00e1knak tartott\u00e1k, amelyekb\u0151l ki lehetett olvasni a k\u00f6vetkez\u0151 \u00e9vet. A legelterjedtebb forma a megfeleltet\u00e9s: a tizenk\u00e9t \u00e9jszaka mindegyike az \u00faj \u00e9v egy-egy h\u00f3napj\u00e1t jelk\u00e9pezi, \u00e9s az adott \u00e9jszaka id\u0151j\u00e1r\u00e1sa az adott h\u00f3nap id\u0151j\u00e1r\u00e1s\u00e1nak el\u0151jelek\u00e9nt sz\u00e1m\u00edtott.<\/p><p>Ugyanez a logika \u00e9rv\u00e9nyes\u00fclt az \u00e1lmokra is. Amit a hetedik \u00e9jszak\u00e1n \u00e1lmodtak, az ennek megfelel\u0151en j\u00faliusra vonatkozott. A paraszti mond\u00f3k\u00e1k \u00e9s k\u00e9ziratos napt\u00e1rak gener\u00e1ci\u00f3kon \u00e1t meg\u0151rizt\u00e9k az eff\u00e9le megfigyel\u00e9seket.<\/p><p>Ehhez t\u00e1rsultak az egyszer\u0171 eszk\u00f6z\u00f6kkel v\u00e9gzett j\u00f3sl\u00e1sok is, az alma elv\u00e1g\u00e1s\u00e1t\u00f3l a cip\u0151dob\u00e1l\u00e1son \u00e1t az \u00faj\u00e9vi \u00f3lom\u00f6nt\u00e9sig. Az \u00f3lom\u00f6nt\u0151 k\u00e9szleteket 2018 \u00e1prilisa \u00f3ta nem forgalmazz\u00e1k az Eur\u00f3pai Uni\u00f3ban, mivel \u00f3lomtartalmuk meghaladja a vegyianyag-rendelet hat\u00e1r\u00e9rt\u00e9keit. Hely\u00fcket \u00f3nk\u00e9szletek \u00e9s a viasz\u00f6nt\u00e9s vette \u00e1t.<\/p>\t\t\t\t\t\t\t\t<\/div>\n\t\t\t\t<\/div>\n\t\t\t\t\t<\/div>\n\t\t\t\t<\/div>\n\t\t<div class=\"elementor-element elementor-element-19277ab e-flex e-con-boxed e-con e-parent\" data-id=\"19277ab\" data-element_type=\"container\" data-e-type=\"container\">\n\t\t\t\t\t<div class=\"e-con-inner\">\n\t\t\t\t<div class=\"elementor-element elementor-element- elementor-widget elementor-widget-heading\" data-id=\"\" data-element_type=\"widget\" data-e-type=\"widget\" data-widget_type=\"heading.default\">\n\t\t\t\t\t<h2 class=\"elementor-heading-title elementor-size-default\">Modern Rauhn\u00e4chte: journaling \u00e9s tizenh\u00e1rom k\u00edv\u00e1ns\u00e1g<\/h2>\t\t\t\t<\/div>\n\t\t<div class=\"elementor-element elementor-element- e-con-full e-flex e-con e-child\" data-id=\"\" data-element_type=\"container\" data-e-type=\"container\">\n\t\t\t\t<div class=\"elementor-element elementor-element- elementor-widget elementor-widget-text-editor\" data-id=\"\" data-element_type=\"widget\" data-e-type=\"widget\" data-widget_type=\"text-editor.default\">\n\t\t\t\t\t\t\t\t\t<p>Az 1990-es \u00e9vek \u00f3ta a Rauhn\u00e4chte k\u00f6r\u00fcl \u00faj gyakorlat alakult ki, amelyet \u00fatmutat\u00f3k, tanfolyamok \u00e9s k\u00f6z\u00f6ss\u00e9gi m\u00e9di\u00e1k terjesztettek. Ez a felfog\u00e1s a tizenk\u00e9t \u00e9jszak\u00e1t a sz\u00e1mvet\u00e9s \u00e9s a sz\u00e1nd\u00e9kok id\u0151szak\u00e1nak tekinti, \u00e9s f\u00fczettel, gyerty\u00e1val \u00e9s napi r\u00f6gz\u00edtett k\u00e9rd\u00e9sekkel dolgozik.<\/p><p>A legismertebb a tizenh\u00e1rom k\u00edv\u00e1ns\u00e1g ritu\u00e1l\u00e9ja. \u00cdgy \u00edrj\u00e1k le: a Rauhn\u00e4chte kezdete el\u0151tt tizenh\u00e1rom k\u00edv\u00e1ns\u00e1got \u00edrnak k\u00fcl\u00f6n cetlikre, \u00e9s \u00f6sszehajtogatj\u00e1k \u0151ket. A tizenk\u00e9t \u00e9jszaka mindegyik\u00e9n egy-egy cetlit elolvas\u00e1s n\u00e9lk\u00fcl el\u00e9getnek; a tizenharmadik megmarad, \u00e9s felolvass\u00e1k. Ebben a gyakorlatban ez az a k\u00edv\u00e1ns\u00e1g, amelyr\u0151l az embernek saj\u00e1t mag\u00e1nak kell gondoskodnia.<\/p><p>Ez a ritu\u00e1l\u00e9 t\u00f6rt\u00e9netileg fiatal. A 19. \u00e9s a 20. sz\u00e1zad eleji forr\u00e1sokban nem fordul el\u0151. R\u00e9gebbi mot\u00edvumokat vesz \u00e1t, p\u00e9ld\u00e1ul az \u00e9jszak\u00e1k h\u00f3napokhoz rendel\u00e9s\u00e9t \u00e9s az el\u00e9get\u00e9st mint lez\u00e1r\u00e1st, \u00e9s ezekb\u0151l form\u00e1l modern szok\u00e1st. A lexikon ekk\u00e9nt dokument\u00e1lja.<\/p>\t\t\t\t\t\t\t\t<\/div>\n\t\t\t\t<\/div>\n\t\t\t\t\t<\/div>\n\t\t\t\t<\/div>\n\t\t<div class=\"elementor-element elementor-element-0493a62 e-flex e-con-boxed e-con e-parent\" data-id=\"0493a62\" data-element_type=\"container\" data-e-type=\"container\">\n\t\t\t\t\t<div class=\"e-con-inner\">\n\t\t\t\t<div class=\"elementor-element elementor-element- elementor-widget elementor-widget-heading\" data-id=\"\" data-element_type=\"widget\" data-e-type=\"widget\" data-widget_type=\"heading.default\">\n\t\t\t\t\t<h2 class=\"elementor-heading-title elementor-size-default\">A tizenk\u00e9t \u00e9jszaka \u00e1ttekint\u00e9se<\/h2>\t\t\t\t<\/div>\n\t\t<div class=\"elementor-element elementor-element- e-con-full e-flex e-con e-child\" data-id=\"\" data-element_type=\"container\" data-e-type=\"container\">\n\t\t\t\t<div class=\"elementor-element elementor-element- elementor-widget elementor-widget-text-editor\" data-id=\"\" data-element_type=\"widget\" data-e-type=\"widget\" data-widget_type=\"text-editor.default\">\n\t\t\t\t\t\t\t\t\t<p>A k\u00f6vetkez\u0151 \u00e1ttekint\u00e9s a legelterjedtebb, december 25. \u00e9s janu\u00e1r 6. k\u00f6z\u00f6tti sz\u00e1m\u00edt\u00e1st k\u00f6veti, \u00e9s bemutatja a h\u00f3napokhoz val\u00f3 hozz\u00e1rendel\u00e9st, valamint a hagyom\u00e1ny \u00e1ltal k\u00fcl\u00f6n\u00f6sen kiemelt \u00e9jszak\u00e1kat. A megadott szezon 2026\/27.<\/p><ul><li><strong>El\u0151zm\u00e9ny, december 20\u201321.:<\/strong> a Tam\u00e1s-\u00e9jszaka, sok vid\u00e9ken a kezdet \u00e9s egyben az egyik f\u00fcst\u00f6l\u00e9si \u00e9jszaka.<\/li><li><strong>1. \u00e9jszaka, december 25\u201326.:<\/strong> janu\u00e1rnak felel meg. M\u00e1s sz\u00e1m\u00edt\u00e1sokban a sorozat m\u00e1r a kar\u00e1csony \u00e9jszak\u00e1j\u00e1n kezd\u0151dik.<\/li><li><strong>2. \u00e9jszaka, december 26\u201327.:<\/strong> febru\u00e1rnak felel meg. Istv\u00e1n-nap.<\/li><li><strong>3. \u00e9jszaka, december 27\u201328.:<\/strong> m\u00e1rciusnak felel meg.<\/li><li><strong>4. \u00e9jszaka, december 28\u201329.:<\/strong> \u00e1prilisnak felel meg. Apr\u00f3szentek napja.<\/li><li><strong>5. \u00e9jszaka, december 29\u201330.:<\/strong> m\u00e1jusnak felel meg.<\/li><li><strong>6. \u00e9jszaka, december 30\u201331.:<\/strong> j\u00faniusnak felel meg.<\/li><li><strong>7. \u00e9jszaka, december 31. \u2013 janu\u00e1r 1.:<\/strong> j\u00faliusnak felel meg. Szilveszter \u00e9jszak\u00e1ja, f\u00fcst\u00f6l\u00e9si \u00e9jszaka \u00e9s a klasszikus j\u00f3sl\u00f3 \u00e9jszaka.<\/li><li><strong>8. \u00e9jszaka, janu\u00e1r 1\u20132.:<\/strong> augusztusnak felel meg. \u00daj\u00e9v.<\/li><li><strong>9. \u00e9jszaka, janu\u00e1r 2\u20133.:<\/strong> szeptembernek felel meg.<\/li><li><strong>10. \u00e9jszaka, janu\u00e1r 3\u20134.:<\/strong> okt\u00f3bernek felel meg.<\/li><li><strong>11. \u00e9jszaka, janu\u00e1r 4\u20135.:<\/strong> novembernek felel meg. Gl\u00f6ckler-\u00e9jszaka a Salzkammergutban.<\/li><li><strong>12. \u00e9jszaka, janu\u00e1r 5\u20136.:<\/strong> decembernek felel meg. Perchtennacht, v\u00edzkereszt el\u0151est\u00e9je \u00e9s a sorozat lez\u00e1r\u00e1sa.<\/li><\/ul><p>A n\u00e9gy legfontosabb \u00e9jszakak\u00e9nt a legt\u00f6bb feldolgoz\u00e1s a Tam\u00e1s-\u00e9jszak\u00e1t, a kar\u00e1csony \u00e9jszak\u00e1j\u00e1t, a szilveszter \u00e9jszak\u00e1j\u00e1t \u00e9s a janu\u00e1r 6-ig tart\u00f3 Perchtennachtot emeli ki.<\/p>\t\t\t\t\t\t\t\t<\/div>\n\t\t\t\t<\/div>\n\t\t\t\t\t<\/div>\n\t\t\t\t<\/div>\n\t\t<div class=\"elementor-element elementor-element-87a8df2 e-flex e-con-boxed e-con e-parent\" data-id=\"87a8df2\" data-element_type=\"container\" data-e-type=\"container\">\n\t\t\t\t\t<div class=\"e-con-inner\">\n\t\t\t\t<div class=\"elementor-element elementor-element- elementor-widget elementor-widget-heading\" data-id=\"\" data-element_type=\"widget\" data-e-type=\"widget\" data-widget_type=\"heading.default\">\n\t\t\t\t\t<h2 class=\"elementor-heading-title elementor-size-default\">Rauhn\u00e4chte az Alpokban: Perchtenl\u00e4ufe \u00e9s Gl\u00f6ckler<\/h2>\t\t\t\t<\/div>\n\t\t<div class=\"elementor-element elementor-element- e-con-full e-flex e-con e-child\" data-id=\"\" data-element_type=\"container\" data-e-type=\"container\">\n\t\t\t\t<div class=\"elementor-element elementor-element- elementor-widget elementor-widget-text-editor\" data-id=\"\" data-element_type=\"widget\" data-e-type=\"widget\" data-widget_type=\"text-editor.default\">\n\t\t\t\t\t\t\t\t\t<p>A keleti Alpokban \u0151rizt\u00e9k meg a Tizenkettek a legl\u00e1that\u00f3bb form\u00e1jukat. Ott ezeken az \u00e9jszak\u00e1kon a <a href=\"https:\/\/iwell-guard.com\/hu\/frau-perchta\/\">Perchten<\/a> vonulnak v\u00e9gig a falvakon, k\u00e9t alakban: a Sch\u00f6nperchten d\u00edszes fejd\u00edszekkel, a Schiachperchten pedig d\u00e9moni fa\u00e1larcokkal, pr\u00e9mekkel \u00e9s cseng\u0151kkel.<\/p><p>A legismertebb hagyom\u00e1nyos felvonul\u00e1s a Pongauer Perchtenlauf a Salzburg tartom\u00e1nyban, amelyet v\u00edzkereszt k\u00f6r\u00fcl felv\u00e1ltva t\u00f6bb telep\u00fcl\u00e9sen rendeznek meg. A Salzkammergutban janu\u00e1r 5-\u00e9n vonulnak a Gl\u00f6ckler izz\u00f3 sapkal\u00e1mp\u00e1saikkal; Raurisban a Schnabelperchten j\u00e1rnak.<\/p><p>Ezeket a felvonul\u00e1sokat meg kell k\u00fcl\u00f6nb\u00f6ztetni a <a href=\"https:\/\/iwell-guard.com\/hu\/krampus\/\">Krampust\u00f3l<\/a>. A Krampus az adventhez tartozik Szent Mikl\u00f3s k\u00eds\u00e9r\u0151jek\u00e9nt, \u00e9s december 5-\u00e9n \u00e9s 6-\u00e1n vonul; a Perchten viszont a kar\u00e1csonyi id\u0151szak m\u00e1sik v\u00e9g\u00e9hez tartozik. A modern, sz\u00ednpadias felvonul\u00e1sokon a k\u00e9t alak \u00f6sszemos\u00f3dik.<\/p>\t\t\t\t\t\t\t\t<\/div>\n\t\t\t\t<\/div>\n\t\t\t\t\t<\/div>\n\t\t\t\t<\/div>\n\t\t<div class=\"elementor-element elementor-element-9000290 e-flex e-con-boxed e-con e-parent\" data-id=\"9000290\" data-element_type=\"container\" data-e-type=\"container\">\n\t\t\t\t\t<div class=\"e-con-inner\">\n\t\t\t\t<div class=\"elementor-element elementor-element- elementor-widget elementor-widget-heading\" data-id=\"\" data-element_type=\"widget\" data-e-type=\"widget\" data-widget_type=\"heading.default\">\n\t\t\t\t\t<h2 class=\"elementor-heading-title elementor-size-default\">F\u00fcst, zaj \u00e9s v\u00e9delem: mi tartja \u00f6ssze a Tizenketteket<\/h2>\t\t\t\t<\/div>\n\t\t<div class=\"elementor-element elementor-element- e-con-full e-flex e-con e-child\" data-id=\"\" data-element_type=\"container\" data-e-type=\"container\">\n\t\t\t\t<div class=\"elementor-element elementor-element- elementor-widget elementor-widget-text-editor\" data-id=\"\" data-element_type=\"widget\" data-e-type=\"widget\" data-widget_type=\"text-editor.default\">\n\t\t\t\t\t\t\t\t\t<p>Ha egym\u00e1s mell\u00e9 \u00e1ll\u00edtjuk ezeknek az \u00e9jszak\u00e1knak a szok\u00e1sait, egyetlen minta rajzol\u00f3dik ki. Szinte minden, ami dokument\u00e1lva van, a v\u00e9dekez\u00e9shez tartozik: a f\u00fcst a h\u00e1zban, a szenteltv\u00edz a k\u00fcsz\u00f6b\u00f6n, a kr\u00e9ta az ajt\u00f3 felett, a cseng\u0151k zaja a felvonul\u00e1son, a csend bel\u00fcl.<\/p><p>A n\u00e9prajztudom\u00e1ny ebben egyfajta koncentr\u00e1ci\u00f3t l\u00e1t. Az \u00e9v azon pontj\u00e1n, amelyet a legkev\u00e9sb\u00e9 rendezettnek tartottak, a hagyom\u00e1ny \u00f6sszegy\u0171jti a v\u00e9dekez\u00e9s eszk\u00f6zeit, \u00e9s z\u00e1rt rendbe \u00e1ll\u00edtja \u0151ket. Az ekkor megjelen\u0151 ijeszt\u0151 alakok ennek a rendnek a r\u00e9szei, mivel megjelen\u00e9s\u00fck id\u0151ben hat\u00e1rolt \u00e9s d\u00e1tumhoz k\u00f6t\u00f6tt.<\/p><p>Ez magyar\u00e1zza azt is, hogy ezeknek az \u00e9jszak\u00e1knak oly sok mot\u00edvuma mi\u00e9rt t\u00e9r vissza m\u00e1s kult\u00far\u00e1kban is. A f\u00fcst, a zaj \u00e9s az \u00e1larc a legr\u00e9gebbi \u00e9s legelterjedtebb v\u00e9dekez\u00e9si form\u00e1k k\u00f6z\u00e9 tartozik, \u00e9s a Tizenkettek egyetlen id\u0151szakba gy\u0171jtik \u00f6ssze \u0151ket.<\/p>\t\t\t\t\t\t\t\t<\/div>\n\t\t\t\t<\/div>\n\t\t\t\t\t<\/div>\n\t\t\t\t<\/div>\n\t\t<div class=\"elementor-element elementor-element-918fb03 e-flex e-con-boxed e-con e-parent\" data-id=\"918fb03\" data-element_type=\"container\" data-e-type=\"container\">\n\t\t\t\t\t<div class=\"e-con-inner\">\n\t\t\t\t<div class=\"elementor-element elementor-element- elementor-widget elementor-widget-heading\" data-id=\"\" data-element_type=\"widget\" data-e-type=\"widget\" data-widget_type=\"heading.default\">\n\t\t\t\t\t<h2 class=\"elementor-heading-title elementor-size-default\">Gyakran ism\u00e9telt k\u00e9rd\u00e9sek a Rauhn\u00e4cht\u00e9r\u0151l<\/h2>\t\t\t\t<\/div>\n\t\t<div class=\"elementor-element elementor-element- e-con-full e-flex e-con e-child\" data-id=\"\" data-element_type=\"container\" data-e-type=\"container\">\n\t\t\t\t<div class=\"elementor-element elementor-element- elementor-widget elementor-widget-text-editor\" data-id=\"\" data-element_type=\"widget\" data-e-type=\"widget\" data-widget_type=\"text-editor.default\">\n\t\t\t\t\t\t\t\t\t<p><strong>Mit nem szabad csin\u00e1lni a Rauhn\u00e4cht\u00e9ben?<\/strong><\/p><p>A hagyom\u00e1ny mindenekel\u0151tt h\u00e1rom tilalmat nevez meg. Nem volt szabad ruh\u00e1t mosni, sem \u00e9jszak\u00e1ra kiter\u00edteni, mert a monda szerint a Vad Vad\u00e1szat beleakad. Az elkezdett munk\u00e1t be kellett fejezni, az ors\u00f3kat el kellett tenni. A k\u00f6lcs\u00f6nadott t\u00e1rgyakat visszahozt\u00e1k, \u00e9s ebben az id\u0151ben semmit sem vittek ki a h\u00e1zb\u00f3l. Ezek olyan r\u00e9gi korok szok\u00e1sbeli el\u0151\u00edr\u00e1sai, amelyek ma legink\u00e1bb elbesz\u00e9l\u0151 hagyom\u00e1nyk\u00e9nt \u00e9lnek tov\u00e1bb.<\/p><p><strong>Mit csin\u00e1lnak pontosan a Rauhn\u00e4cht\u00e9ben?<\/strong><\/p><p>N\u00e9gy cselekv\u00e9si ter\u00fclet van dokument\u00e1lva: a h\u00e1z \u00e9s az ist\u00e1ll\u00f3 t\u00f6mj\u00e9nnel \u00e9s f\u00fcvekkel val\u00f3 f\u00fcst\u00f6l\u00e9se, a k\u00fcsz\u00f6bn\u00e9l tartott \u00e1ld\u00e1s szenteltv\u00edzzel \u00e9s a csillag\u00e9nekesek kr\u00e9ta\u00edr\u00e1sa, az id\u0151j\u00e1r\u00e1s \u00e9s az \u00e1lmok \u00e9rtelmez\u00e9se a tizenk\u00e9t h\u00f3nap el\u0151jelek\u00e9nt, valamint az Alpok vid\u00e9k\u00e9nek \u00e1larcos felvonul\u00e1sai. A mai gyakorlatban ehhez t\u00e1rsul a f\u00fczetes sz\u00e1mvet\u00e9s \u00e9s a tizenh\u00e1rom k\u00edv\u00e1ns\u00e1g ritu\u00e1l\u00e9ja, amely fiatal szok\u00e1snak sz\u00e1m\u00edt.<\/p><p><strong>Mi a 12 Rauhn\u00e4chte?<\/strong><\/p><p>A tizenk\u00e9t Rauhn\u00e4chte a kar\u00e1csony \u00e9s a v\u00edzkereszt k\u00f6z\u00f6tti \u00e9jszak\u00e1k, a legelterjedtebb sz\u00e1m\u00edt\u00e1s szerint december 25. \u00e9s janu\u00e1r 6. k\u00f6z\u00f6tt. A r\u00e9gebbi sz\u00e1m\u00edt\u00e1sok a december 21-i Tam\u00e1s-\u00e9jszak\u00e1val vagy a kar\u00e1csony \u00e9jszak\u00e1j\u00e1val kezd\u0151dnek. A tizenk\u00e9t \u00e9jszaka mindegyike a hagyom\u00e1nyban a k\u00f6vetkez\u0151 \u00e9v egy-egy h\u00f3napj\u00e1nak el\u0151jelek\u00e9nt sz\u00e1m\u00edt.<\/p><p><strong>Melyik a 4 legfontosabb Rauhn\u00e4chte?<\/strong><\/p><p>A legt\u00f6bb feldolgoz\u00e1s a december 20\u201321-i Tam\u00e1s-\u00e9jszak\u00e1t mint a r\u00e9gi napt\u00e1r leghosszabb \u00e9jszak\u00e1j\u00e1t, a december 24\u201325-i kar\u00e1csony \u00e9jszak\u00e1j\u00e1t, a szilveszter \u00e9jszak\u00e1j\u00e1t mint klasszikus j\u00f3sl\u00f3 \u00e9jszak\u00e1t, valamint a janu\u00e1r 5\u20136-i Perchtennachtot mint a sorozat lez\u00e1r\u00e1s\u00e1t emeli ki.<\/p>\t\t\t\t\t\t\t\t<\/div>\n\t\t\t\t<div class=\"elementor-element elementor-element-8ab5043 elementor-widget elementor-widget-html\" data-id=\"8ab5043\" data-element_type=\"widget\" data-e-type=\"widget\" data-widget_type=\"html.default\">\n\t\t\t\t\t<script type=\"application\/ld+json\">{\"@context\":\"https:\/\/schema.org\",\"@type\":\"FAQPage\",\"mainEntity\":[{\"@type\":\"Question\",\"name\":\"Mit nem szabad csin\u00e1lni a Rauhn\u00e4cht\u00e9ben?\",\"acceptedAnswer\":{\"@type\":\"Answer\",\"text\":\"A hagyom\u00e1ny mindenekel\u0151tt h\u00e1rom tilalmat nevez meg. Nem volt szabad ruh\u00e1t mosni, sem \u00e9jszak\u00e1ra kiter\u00edteni, mert a monda szerint a Vad Vad\u00e1szat beleakad. Az elkezdett munk\u00e1t be kellett fejezni, az ors\u00f3kat el kellett tenni. A k\u00f6lcs\u00f6nadott t\u00e1rgyakat visszahozt\u00e1k, \u00e9s ebben az id\u0151ben semmit sem vittek ki a h\u00e1zb\u00f3l. Ezek olyan r\u00e9gi korok szok\u00e1sbeli el\u0151\u00edr\u00e1sai, amelyek ma legink\u00e1bb elbesz\u00e9l\u0151 hagyom\u00e1nyk\u00e9nt \u00e9lnek tov\u00e1bb.\"}},{\"@type\":\"Question\",\"name\":\"Mit csin\u00e1lnak pontosan a Rauhn\u00e4cht\u00e9ben?\",\"acceptedAnswer\":{\"@type\":\"Answer\",\"text\":\"N\u00e9gy cselekv\u00e9si ter\u00fclet van dokument\u00e1lva: a h\u00e1z \u00e9s az ist\u00e1ll\u00f3 t\u00f6mj\u00e9nnel \u00e9s f\u00fcvekkel val\u00f3 f\u00fcst\u00f6l\u00e9se, a k\u00fcsz\u00f6bn\u00e9l tartott \u00e1ld\u00e1s szenteltv\u00edzzel \u00e9s a csillag\u00e9nekesek kr\u00e9ta\u00edr\u00e1sa, az id\u0151j\u00e1r\u00e1s \u00e9s az \u00e1lmok \u00e9rtelmez\u00e9se a tizenk\u00e9t h\u00f3nap el\u0151jelek\u00e9nt, valamint az Alpok vid\u00e9k\u00e9nek \u00e1larcos felvonul\u00e1sai. A mai gyakorlatban ehhez t\u00e1rsul a f\u00fczetes sz\u00e1mvet\u00e9s \u00e9s a tizenh\u00e1rom k\u00edv\u00e1ns\u00e1g ritu\u00e1l\u00e9ja, amely fiatal szok\u00e1snak sz\u00e1m\u00edt.\"}},{\"@type\":\"Question\",\"name\":\"Mi a 12 Rauhn\u00e4chte?\",\"acceptedAnswer\":{\"@type\":\"Answer\",\"text\":\"A tizenk\u00e9t Rauhn\u00e4chte a kar\u00e1csony \u00e9s a v\u00edzkereszt k\u00f6z\u00f6tti \u00e9jszak\u00e1k, a legelterjedtebb sz\u00e1m\u00edt\u00e1s szerint december 25. \u00e9s janu\u00e1r 6. k\u00f6z\u00f6tt. A r\u00e9gebbi sz\u00e1m\u00edt\u00e1sok a december 21-i Tam\u00e1s-\u00e9jszak\u00e1val vagy a kar\u00e1csony \u00e9jszak\u00e1j\u00e1val kezd\u0151dnek. A tizenk\u00e9t \u00e9jszaka mindegyike a hagyom\u00e1nyban a k\u00f6vetkez\u0151 \u00e9v egy-egy h\u00f3napj\u00e1nak el\u0151jelek\u00e9nt sz\u00e1m\u00edt.\"}},{\"@type\":\"Question\",\"name\":\"Melyik a 4 legfontosabb Rauhn\u00e4chte?\",\"acceptedAnswer\":{\"@type\":\"Answer\",\"text\":\"A legt\u00f6bb feldolgoz\u00e1s a december 20\u201321-i Tam\u00e1s-\u00e9jszak\u00e1t mint a r\u00e9gi napt\u00e1r leghosszabb \u00e9jszak\u00e1j\u00e1t, a december 24\u201325-i kar\u00e1csony \u00e9jszak\u00e1j\u00e1t, a szilveszter \u00e9jszak\u00e1j\u00e1t mint klasszikus j\u00f3sl\u00f3 \u00e9jszak\u00e1t, valamint a janu\u00e1r 5\u20136-i Perchtennachtot mint a sorozat lez\u00e1r\u00e1s\u00e1t emeli ki.\"}}]}<\/script>\t\t\t\t<\/div>\n\t\t\t\t<\/div>\n\t\t\t\t\t<\/div>\n\t\t\t\t<\/div>\n\t\t<div class=\"elementor-element elementor-element-7b4a206 e-flex e-con-boxed e-con e-parent\" data-id=\"7b4a206\" data-element_type=\"container\" data-e-type=\"container\">\n\t\t\t\t\t<div class=\"e-con-inner\">\n\t\t\t\t<div class=\"elementor-element elementor-element- elementor-widget elementor-widget-heading\" data-id=\"\" data-element_type=\"widget\" data-e-type=\"widget\" data-widget_type=\"heading.default\">\n\t\t\t\t\t<h2 class=\"elementor-heading-title elementor-size-default\">Kapcsol\u00f3d\u00f3 l\u00e9nyek \u00e9s t\u00e9m\u00e1k<\/h2>\t\t\t\t<\/div>\n\t\t<div class=\"elementor-element elementor-element- e-con-full e-flex e-con e-child\" data-id=\"\" data-element_type=\"container\" data-e-type=\"container\">\n\t\t\t\t<div class=\"elementor-element elementor-element- elementor-widget elementor-widget-text-editor\" data-id=\"\" data-element_type=\"widget\" data-e-type=\"widget\" data-widget_type=\"text-editor.default\">\n\t\t\t\t\t\t\t\t\t<p>Ezeknek az \u00e9jszak\u00e1knak az alakjait \u00e9s gyakorlatait a lexikon k\u00fcl\u00f6n-k\u00fcl\u00f6n mutatja be: <a href=\"https:\/\/iwell-guard.com\/hu\/frau-perchta\/\">Frau Perchta \u00e9s a Perchten<\/a> mint a Tizenkettek vizsg\u00e1l\u00f3ja, <a href=\"https:\/\/iwell-guard.com\/hu\/holla-frau-holle\/\">Frau Holle<\/a> mint k\u00f6z\u00e9p-n\u00e9metorsz\u00e1gi megfelel\u0151je, <a href=\"https:\/\/iwell-guard.com\/hu\/odin\/\">Odin<\/a> a Vad Vad\u00e1szattal \u00f6sszef\u00fcgg\u00e9sben, valamint a <a href=\"https:\/\/iwell-guard.com\/hu\/krampus\/\">Krampus<\/a> mint az advent ijeszt\u0151 alakja. A hagyom\u00e1ny \u00e1ttekint\u00e9s\u00e9t a <a href=\"https:\/\/iwell-guard.com\/hu\/eszaki-istenek\/\">germ\u00e1n hagyom\u00e1ny<\/a> oldal ny\u00fajtja; ennek az \u00e9vszaknak a hagyom\u00e1nyos v\u00e9dekez\u00e9si form\u00e1it a <a href=\"https:\/\/iwell-guard.com\/hu\/fusteoles-es-tisztitas\/\">f\u00fcst\u00f6l\u00e9s<\/a> \u00e9s a <a href=\"https:\/\/iwell-guard.com\/hu\/tomjenfust\/\">t\u00f6mj\u00e9n<\/a> sz\u00f3cikkek mutatj\u00e1k be.<\/p>\t\t\t\t\t\t\t\t<\/div>\n\t\t\t\t<\/div>\n\t\t\t\t\t<\/div>\n\t\t\t\t<\/div>\n\t\t<div class=\"elementor-element elementor-element-iwgs-raeuchern-lit e-flex e-con-boxed e-con e-parent\" data-id=\"iwgs-raeuchern-lit\" data-element_type=\"container\" data-e-type=\"container\">\n\t\t\t\t\t<div class=\"e-con-inner\">\n\t\t\t\t<div class=\"elementor-element elementor-element-iwgs-raeuchern-lith elementor-widget elementor-widget-heading\" data-id=\"iwgs-raeuchern-lith\" data-element_type=\"widget\" data-e-type=\"widget\" data-widget_type=\"heading.default\">\n\t\t\t\t\t<h2 class=\"elementor-heading-title elementor-size-default\">Irodalom (v\u00e1logat\u00e1s)<\/h2>\t\t\t\t<\/div>\n\t\t<div class=\"elementor-element elementor-element-iw-raeuchern-lit-bw e-con-full e-flex e-con e-child\" data-id=\"iw-raeuchern-lit-bw\" data-element_type=\"container\" data-e-type=\"container\">\n\t\t\t\t<div class=\"elementor-element elementor-element-iwgs-raeuchern-litt elementor-widget elementor-widget-html\" data-id=\"iwgs-raeuchern-litt\" data-element_type=\"widget\" data-e-type=\"widget\" data-widget_type=\"html.default\">\n\t\t\t\t\t<footer data-nosnippet=\"true\"><ul><li>Handw\u00f6rterbuch des deutschen Aberglaubens. Hrsg. von Hanns B\u00e4chtold-St\u00e4ubli. Bd. 9, Artikel \u201eZw\u00f6lften\". Berlin: de Gruyter, 1938-1941.<\/li><li>Dietz-R\u00fcdiger Moser: Br\u00e4uche und Feste im christlichen Jahreslauf. Brauchformen der Gegenwart in kulturgeschichtlichen Zusammenh\u00e4ngen. Graz: Styria, 1993.<\/li><li>Manfred Becker-Huberti: Feiern, Feste, Jahreszeiten. Lebendige Br\u00e4uche im ganzen Jahr. Freiburg: Herder, 2001.<\/li><li>Marianne Rumpf: Perchten. Popul\u00e4re Glaubensgestalten zwischen Mythos und Katechese. W\u00fcrzburg: K\u00f6nigshausen und Neumann, 1991.<\/li><\/ul><\/footer>\t\t\t\t<\/div>\n\t\t\t\t<\/div>\n\t\t\t\t\t<\/div>\n\t\t\t\t<\/div>\n\t\t<div class=\"elementor-element elementor-element-iwgs-raeuchern-kwd e-flex e-con-boxed e-con e-parent\" data-id=\"iwgs-raeuchern-kwd\" data-element_type=\"container\" data-e-type=\"container\">\n\t\t\t\t\t<div class=\"e-con-inner\">\n\t\t<div class=\"elementor-element elementor-element-iw-raeuchern-kwd-bw e-con-full e-flex e-con e-child\" data-id=\"iw-raeuchern-kwd-bw\" data-element_type=\"container\" data-e-type=\"container\">\n\t\t\t\t<div class=\"elementor-element elementor-element-iwgs-raeuchern-kwdt elementor-widget elementor-widget-text-editor\" data-id=\"iwgs-raeuchern-kwdt\" data-element_type=\"widget\" data-e-type=\"widget\" data-widget_type=\"text-editor.default\">\n\t\t\t\t\t\t\t\t\t<p><em>Kapcsol\u00f3d\u00f3 kulcsfogalmak: rauhnaechte raunaechte tizenk\u00e9t \u00e9jszaka f\u00fcst\u00f6s \u00e9jszak\u00e1k f\u00fcst\u00f6l\u00e9s perchtennacht.<\/em><\/p>\t\t\t\t\t\t\t\t<\/div>\n\t\t\t\t<\/div>\n\t\t\t\t\t<\/div>\n\t\t\t\t<\/div>\n\t\t<div class=\"elementor-element elementor-element-iwgs-raeuchern-cc e-flex e-con-boxed e-con e-parent\" data-id=\"iwgs-raeuchern-cc\" data-element_type=\"container\" data-e-type=\"container\" id=\"iwg-cc-raeuchern\">\n\t\t\t\t\t<div class=\"e-con-inner\">\n\t\t<div class=\"elementor-element elementor-element-iwgs-raeuchern-ccinner e-flex e-con-boxed e-con e-child\" data-id=\"iwgs-raeuchern-ccinner\" data-element_type=\"container\" data-e-type=\"container\" data-settings=\"{&quot;background_background&quot;:&quot;classic&quot;}\">\n\t\t\t\t\t<div class=\"e-con-inner\">\n\t\t\t\t<div class=\"elementor-element elementor-element-iwgs-raeuchern-cch elementor-widget elementor-widget-heading\" data-id=\"iwgs-raeuchern-cch\" data-element_type=\"widget\" data-e-type=\"widget\" data-widget_type=\"heading.default\">\n\t\t\t\t\t<h2 class=\"elementor-heading-title elementor-size-default\">iWell Guard \u00e9s a v\u00e9dekez\u0151 hagyom\u00e1nyok<\/h2>\t\t\t\t<\/div>\n\t\t\t\t<div class=\"elementor-element elementor-element-iwgs-raeuchern-cct elementor-widget elementor-widget-text-editor\" data-id=\"iwgs-raeuchern-cct\" data-element_type=\"widget\" data-e-type=\"widget\" data-widget_type=\"text-editor.default\">\n\t\t\t\t\t\t\t\t\t<p>A f\u00fcst\u00f6l\u00e9si gyakorlatok sokf\u00e9les\u00e9ge azt mutatja, hogy k\u00fcl\u00f6nb\u00f6z\u0151 kontinenseken \u00e9l\u0151 emberek hasonl\u00f3 k\u00f6vetkeztet\u00e9sre jutottak: egy helyis\u00e9g vagy egy ember tudatos cselekv\u00e9sekkel olyan \u00e1llapotba hozhat\u00f3, amely megnehez\u00edti vagy megakad\u00e1lyozza a k\u00fcls\u0151 hat\u00e1st.<\/p><p>Az <a href=\"https:\/\/iwell-guard.com\/hu\/iwellguard-vasarlas\/\">iWell Guard<\/a> ezeket a hagyom\u00e1nyokat veszi \u00e1t, \u00e9s egy hordhat\u00f3 v\u00e9d\u0151jelbe s\u0171r\u00edti \u0151ket. Amit a kult\u00far\u00e1k a f\u00fcst\u00f6l\u00e9ssel a helyis\u00e9g sz\u00e1m\u00e1ra el\u00e9rtek, azt a med\u00e1l az ember sz\u00e1m\u00e1ra hivatott el\u00e9rni: a v\u00e9dekez\u00e9s akarat\u00e1nak tart\u00f3s, magunkkal hordott eml\u00e9keztet\u0151j\u00e9t, amelyet a kult\u00far\u00e1k hagyom\u00e1nyai t\u00e1pl\u00e1lnak.<\/p>\t\t\t\t\t\t\t\t<\/div>\n\t\t\t\t<div class=\"elementor-element elementor-element-iwgs-raeuchern-ccb iwg-cc-button iwg-cc-cta-2026-05-13 elementor-widget elementor-widget-jet-button\" data-id=\"iwgs-raeuchern-ccb\" data-element_type=\"widget\" data-e-type=\"widget\" data-widget_type=\"jet-button.default\">\n\t\t\t\t<div class=\"elementor-widget-container\">\n\t\t\t\t\t<div class=\"elementor-jet-button jet-elements\"><div class=\"jet-button__container\"><a class=\"jet-button__instance jet-button__instance--icon-left hover-effect-1\" href=\"\/schutzanhaenger-iwell-guard-kaufen\/?utm_source=iwell-guard.com&amp;utm_medium=info-box&amp;utm_campaign=schutzsymbole\"><div class=\"jet-button__plane jet-button__plane-normal\"><\/div><div class=\"jet-button__plane jet-button__plane-hover\"><\/div><div class=\"jet-button__state jet-button__state-normal\"><span class=\"jet-button__label\">B\u0151vebben az iWell Guard-r\u00f3l<\/span><\/div><div class=\"jet-button__state jet-button__state-hover\"><span class=\"jet-button__label\">B\u0151vebben az iWell Guard-r\u00f3l<\/span><\/div><\/a><\/div><\/div><style>.elementor-element.elementor-element-iwgs-raeuchern-ccb .jet-button__instance{width:320px;height:56px;}.elementor-element.elementor-element-iwgs-raeuchern-ccb .jet-button__state-normal .jet-button__label{text-align:center;margin:0px 0px 0px 0px;color:#1a1b20;font-family:Montserrat,sans-serif;font-size:13px;font-weight:400;letter-spacing:4px;line-height:1.714em;text-transform:uppercase;}.elementor-element.elementor-element-iwgs-raeuchern-ccb .jet-button__state-hover .jet-button__label{text-align:center;margin:0px 0px 0px 0px;color:#FECC76;font-family:Montserrat,sans-serif;font-size:13px;font-weight:400;letter-spacing:4px;line-height:1.714em;text-transform:uppercase;}.elementor-element.elementor-element-iwgs-raeuchern-ccb .jet-button__plane-normal{background-color:#FECC76;border-style:solid;border-color:#C99540;border-width:2px 2px 2px 2px;}.elementor-element.elementor-element-iwgs-raeuchern-ccb .jet-button__plane-hover{background-color:rgba(0,0,0,0.55);border-style:solid;border-color:#FECC76;border-width:2px 2px 2px 2px;}<\/style>\t\t\t\t<\/div>\n\t\t\t\t<\/div>\n\t\t\t\t<div class=\"elementor-element elementor-element-iwgs-raeuchern-ccd elementor-widget elementor-widget-text-editor\" data-id=\"iwgs-raeuchern-ccd\" data-element_type=\"widget\" data-e-type=\"widget\" data-widget_type=\"text-editor.default\">\n\t\t\t\t\t\t\t\t\t<p style=\"text-align:center;font-size:13px;opacity:0.7;margin-top:14px\" data-nosnippet=\"true\">Az egy\u00e9ni tapasztalatok elt\u00e9rhetnek egym\u00e1st\u00f3l. Nem orvostechnikai eszk\u00f6z. Nem tartalmaz gy\u00f3gyhat\u00e1sra vonatkoz\u00f3 \u00edg\u00e9retet.<\/p>\t\t\t\t\t\t\t\t<\/div>\n\t\t\t\t\t<\/div>\n\t\t\t\t<\/div>\n\t\t\t\t\t<\/div>\n\t\t\t\t<\/div>\n\t\t<div class=\"elementor-element elementor-element-iwgs-raeuchern-disc e-flex e-con-boxed e-con e-parent\" data-id=\"iwgs-raeuchern-disc\" data-element_type=\"container\" data-e-type=\"container\">\n\t\t\t\t\t<div class=\"e-con-inner\">\n\t\t<div class=\"elementor-element elementor-element-iw-raeuchern-disc-bw e-con-full e-flex e-con e-child\" data-id=\"iw-raeuchern-disc-bw\" data-element_type=\"container\" data-e-type=\"container\">\n\t\t\t\t<div class=\"elementor-element elementor-element-iwgs-raeuchern-discw elementor-widget elementor-widget-html\" data-id=\"iwgs-raeuchern-discw\" data-element_type=\"widget\" data-e-type=\"widget\" data-widget_type=\"html.default\">\n\t\t\t\t\t<footer data-nosnippet=\"true\" class=\"iwg-disclaimer-block\"><p data-nosnippet=\"true\">Az iWell Guard <strong>nem orvostechnikai eszk\u00f6z<\/strong>, \u00e9s nem helyettes\u00edti az orvosi vagy pszichoter\u00e1pi\u00e1s kezel\u00e9st. Az itt bemutatott tartalmak vall\u00e1studom\u00e1nyos \u00e9s kult\u00fart\u00f6rt\u00e9neti \u00e9rtelmez\u00e9sek, nem spiritu\u00e1lis hat\u00e1sra vonatkoz\u00f3 \u00edg\u00e9retek.<\/p><\/footer>\t\t\t\t<\/div>\n\t\t\t\t<\/div>\n\t\t\t\t\t<\/div>\n\t\t\t\t<\/div>\n\t\t\t\t<\/div>\n\t\t","protected":false},"excerpt":{"rendered":"<p>F\u00fcst\u00f6l\u00e9s \u00e9s tiszt\u00edt\u00e1s V\u00e9d\u0151eszk\u00f6z-t\u00edpusV\u00e9delmi ir\u00e1nyt\u0171 A f\u00fcst\u00f6l\u00e9s a ritu\u00e1lis tiszt\u00edt\u00e1s egyik leg\u0151sibb form\u00e1ja. Az elv minden\u00fctt azonos: egy anyagot el\u00e9getnek, f\u00fcstje felsz\u00e1ll, \u00e9s a hagyom\u00e1ny szerint nemcsak egy helyis\u00e9g l\u00e9gk\u00f6r\u00e9t v\u00e1ltoztatja meg, hanem annak l\u00e1thatatlan min\u0151s\u00e9g\u00e9t is. A k\u00e1ros hat\u00e1sokat megk\u00f6tik, el\u0171zik vagy semleges\u00edtik; a v\u00e9delmet \u00e9rdeml\u0151 k\u00fcsz\u00f6b\u00f6ket, szem\u00e9lyeket \u00e9s t\u00e1rgyakat a f\u00fcst r\u00e9v\u00e9n megszentelik [&hellip;]<\/p>\n","protected":false},"author":1,"featured_media":4143,"parent":0,"menu_order":0,"comment_status":"closed","ping_status":"closed","template":"elementor_header_footer","meta":{"_yoast_wpseo_focuskw":"rauhn\u00e4chte","_yoast_wpseo_title":"Rauhn\u00e4chte: jelent\u00e9se, ritu\u00e1l\u00e9i \u00e9s d\u00e1tumai","_yoast_wpseo_metadesc":"Mi a Rauhn\u00e4chte? Az \u00e9vek k\u00f6z\u00f6tti tizenk\u00e9t \u00e9jszaka jelent\u00e9se: szok\u00e1sok \u00e9s tilalmak, f\u00fcst\u00f6l\u00e9s \u00e9s j\u00f3sl\u00e1sok, Frau Percht\u00e1t\u00f3l a Vad Vad\u00e1szatig.","_yoast_wpseo_meta-robots-noindex":"","_yoast_wpseo_canonical":"","_angie_page":false,"gefaehrdungsstufe":"","wesen_kultur":"","wesen_klasse":"","footnotes":""},"categories":[],"class_list":["post-107047","page","type-page","status-publish","has-post-thumbnail","hentry"],"yoast_head":"<!-- This site is optimized with the Yoast SEO Premium plugin v27.7 (Yoast SEO v28.3) - https:\/\/yoast.com\/product\/yoast-seo-premium-wordpress\/ -->\n<title>Rauhn\u00e4chte: jelent\u00e9se, ritu\u00e1l\u00e9i \u00e9s d\u00e1tumai<\/title>\n<meta name=\"description\" content=\"Mi a Rauhn\u00e4chte? Az \u00e9vek k\u00f6z\u00f6tti tizenk\u00e9t \u00e9jszaka jelent\u00e9se: szok\u00e1sok \u00e9s tilalmak, f\u00fcst\u00f6l\u00e9s \u00e9s j\u00f3sl\u00e1sok, Frau Percht\u00e1t\u00f3l a Vad Vad\u00e1szatig.\" \/>\n<meta name=\"robots\" content=\"index, follow, max-snippet:-1, max-image-preview:large, max-video-preview:-1\" \/>\n<link rel=\"canonical\" href=\"https:\/\/iwell-guard.com\/hu\/rauhnaechte\/\" \/>\n<meta property=\"og:locale\" content=\"hu_HU\" \/>\n<meta property=\"og:type\" content=\"article\" \/>\n<meta property=\"og:title\" content=\"Rauhn\u00e4chte \u2013 A tizenk\u00e9t \u00e9jszaka\" \/>\n<meta property=\"og:description\" content=\"Mi a Rauhn\u00e4chte? Az \u00e9vek k\u00f6z\u00f6tti tizenk\u00e9t \u00e9jszaka jelent\u00e9se: szok\u00e1sok \u00e9s tilalmak, f\u00fcst\u00f6l\u00e9s \u00e9s j\u00f3sl\u00e1sok, Frau Percht\u00e1t\u00f3l a Vad Vad\u00e1szatig.\" \/>\n<meta property=\"og:url\" content=\"https:\/\/iwell-guard.com\/hu\/rauhnaechte\/\" \/>\n<meta property=\"og:site_name\" content=\"iWell Guard\" \/>\n<meta property=\"article:modified_time\" content=\"2026-08-26T13:57:21+00:00\" \/>\n<meta property=\"og:image\" content=\"https:\/\/iwell-guard.com\/wp-content\/uploads\/2026\/05\/schutzsymbol_universell_raeuchern-683x1024.png\" \/>\n\t<meta property=\"og:image:width\" content=\"683\" \/>\n\t<meta property=\"og:image:height\" content=\"1024\" \/>\n\t<meta property=\"og:image:type\" content=\"image\/png\" \/>\n<meta name=\"twitter:card\" content=\"summary_large_image\" \/>\n<meta name=\"twitter:label1\" content=\"Becs\u00fclt olvas\u00e1si id\u0151\" \/>\n\t<meta name=\"twitter:data1\" content=\"8 perc\" \/>\n<script type=\"application\/ld+json\" class=\"yoast-schema-graph\">{\"@context\":\"https:\\\/\\\/schema.org\",\"@graph\":[{\"@type\":\"WebPage\",\"@id\":\"https:\\\/\\\/iwell-guard.com\\\/hu\\\/rauhnaechte\\\/\",\"url\":\"https:\\\/\\\/iwell-guard.com\\\/hu\\\/rauhnaechte\\\/\",\"name\":\"Rauhn\u00e4chte: jelent\u00e9se, ritu\u00e1l\u00e9i \u00e9s d\u00e1tumai\",\"isPartOf\":{\"@id\":\"https:\\\/\\\/iwell-guard.com\\\/hu\\\/#website\"},\"primaryImageOfPage\":{\"@id\":\"https:\\\/\\\/iwell-guard.com\\\/hu\\\/rauhnaechte\\\/#primaryimage\"},\"image\":{\"@id\":\"https:\\\/\\\/iwell-guard.com\\\/hu\\\/rauhnaechte\\\/#primaryimage\"},\"thumbnailUrl\":\"https:\\\/\\\/iwell-guard.com\\\/wp-content\\\/uploads\\\/2026\\\/05\\\/schutzsymbol_universell_raeuchern.png\",\"datePublished\":\"2026-08-24T14:07:20+00:00\",\"dateModified\":\"2026-08-26T13:57:21+00:00\",\"description\":\"Mi a Rauhn\u00e4chte? Az \u00e9vek k\u00f6z\u00f6tti tizenk\u00e9t \u00e9jszaka jelent\u00e9se: szok\u00e1sok \u00e9s tilalmak, f\u00fcst\u00f6l\u00e9s \u00e9s j\u00f3sl\u00e1sok, Frau Percht\u00e1t\u00f3l a Vad Vad\u00e1szatig.\",\"breadcrumb\":{\"@id\":\"https:\\\/\\\/iwell-guard.com\\\/hu\\\/rauhnaechte\\\/#breadcrumb\"},\"inLanguage\":\"hu\",\"potentialAction\":[{\"@type\":\"ReadAction\",\"target\":[\"https:\\\/\\\/iwell-guard.com\\\/hu\\\/rauhnaechte\\\/\"]}]},{\"@type\":\"ImageObject\",\"inLanguage\":\"hu\",\"@id\":\"https:\\\/\\\/iwell-guard.com\\\/hu\\\/rauhnaechte\\\/#primaryimage\",\"url\":\"https:\\\/\\\/iwell-guard.com\\\/wp-content\\\/uploads\\\/2026\\\/05\\\/schutzsymbol_universell_raeuchern.png\",\"contentUrl\":\"https:\\\/\\\/iwell-guard.com\\\/wp-content\\\/uploads\\\/2026\\\/05\\\/schutzsymbol_universell_raeuchern.png\",\"width\":1024,\"height\":1536,\"caption\":\"F\u00fcst\u00f6l\u00e9s \u00e9s tiszt\u00edt\u00e1s \u2013 felsz\u00e1ll\u00f3 f\u00fcst mint a megtisztul\u00e1s jelk\u00e9pe\"},{\"@type\":\"BreadcrumbList\",\"@id\":\"https:\\\/\\\/iwell-guard.com\\\/hu\\\/rauhnaechte\\\/#breadcrumb\",\"itemListElement\":[{\"@type\":\"ListItem\",\"position\":1,\"name\":\"Start\",\"item\":\"https:\\\/\\\/iwell-guard.com\\\/hu\\\/fooldal\\\/\"},{\"@type\":\"ListItem\",\"position\":2,\"name\":\"Rauhn\u00e4chte \u2013 A tizenk\u00e9t \u00e9jszaka\"}]},{\"@type\":\"WebSite\",\"@id\":\"https:\\\/\\\/iwell-guard.com\\\/hu\\\/#website\",\"url\":\"https:\\\/\\\/iwell-guard.com\\\/hu\\\/\",\"name\":\"iWell Guard\",\"description\":\"Schutz vor dunklen Einfl\u00fcssen\",\"publisher\":{\"@id\":\"https:\\\/\\\/iwell-guard.com\\\/hu\\\/#organization\"},\"potentialAction\":[{\"@type\":\"SearchAction\",\"target\":{\"@type\":\"EntryPoint\",\"urlTemplate\":\"https:\\\/\\\/iwell-guard.com\\\/hu\\\/?s={search_term_string}\"},\"query-input\":{\"@type\":\"PropertyValueSpecification\",\"valueRequired\":true,\"valueName\":\"search_term_string\"}}],\"inLanguage\":\"hu\"},{\"@type\":\"Organization\",\"@id\":\"https:\\\/\\\/iwell-guard.com\\\/hu\\\/#organization\",\"name\":\"Ittermann electronic GmbH\",\"url\":\"https:\\\/\\\/iwell-guard.com\\\/hu\\\/\",\"logo\":{\"@type\":\"ImageObject\",\"inLanguage\":\"hu\",\"@id\":\"https:\\\/\\\/iwell-guard.com\\\/hu\\\/#\\\/schema\\\/logo\\\/image\\\/\",\"url\":\"https:\\\/\\\/iwell-guard.com\\\/wp-content\\\/uploads\\\/2026\\\/05\\\/Ittermann-Logo-1182x237-1.png\",\"contentUrl\":\"https:\\\/\\\/iwell-guard.com\\\/wp-content\\\/uploads\\\/2026\\\/05\\\/Ittermann-Logo-1182x237-1.png\",\"width\":1182,\"height\":237,\"caption\":\"Ittermann electronic GmbH\"},\"image\":{\"@id\":\"https:\\\/\\\/iwell-guard.com\\\/hu\\\/#\\\/schema\\\/logo\\\/image\\\/\"},\"sameAs\":[\"https:\\\/\\\/pantip.com\\\/profile\\\/9367242\",\"https:\\\/\\\/micro.blog\\\/iwellguard\",\"https:\\\/\\\/www.diggerslist.com\\\/iwellguard\\\/about\",\"https:\\\/\\\/skitterphoto.com\\\/photographers\\\/2870314\\\/iwell-guard\",\"https:\\\/\\\/iwellguard.wordpress.com\\\/2026\\\/06\\\/06\\\/iwell-guard\\\/\",\"https:\\\/\\\/hub.docker.com\\\/u\\\/iwellguard\",\"https:\\\/\\\/www.pinterest.com\\\/iwellguard\\\/\",\"https:\\\/\\\/bit.ly\\\/m\\\/iwellguard\",\"https:\\\/\\\/entre-vos-mains.alsace.eu\\\/profiles\\\/iwellguard\\\/activity\",\"https:\\\/\\\/gravatar.com\\\/reallybeded8fd34\",\"https:\\\/\\\/naijamatta.com\\\/iwellguard\",\"https:\\\/\\\/www.goodreads.com\\\/iwellguard\",\"https:\\\/\\\/profile.hatena.ne.jp\\\/iwellguard\\\/\",\"https:\\\/\\\/experiment.com\\\/users\\\/iwellguard\",\"https:\\\/\\\/wakelet.com\\\/@iWellGuard82270\",\"https:\\\/\\\/www.chordie.com\\\/forum\\\/profile.php?id=2555664\",\"https:\\\/\\\/www.instapaper.com\\\/p\\\/17757966\",\"https:\\\/\\\/www.mapleprimes.com\\\/users\\\/iwellguard\",\"https:\\\/\\\/businesslistingplus.com\\\/profile\\\/iwell-guard\\\/\",\"https:\\\/\\\/telegra.ph\\\/iWell-Guard-06-06\",\"https:\\\/\\\/pbase.com\\\/iwellguard\\\/iwellguard\",\"https:\\\/\\\/b.hatena.ne.jp\\\/iwellguard\\\/20260607#bookmark-4788405196491818882\",\"https:\\\/\\\/fliphtml5.com\\\/home\\\/iwellguard\",\"https:\\\/\\\/anyflip.com\\\/homepage\\\/cmiwl#About\",\"https:\\\/\\\/transfur.com\\\/Users\\\/iwellguard\",\"http:\\\/\\\/delphi.larsbo.org\\\/user\\\/iwellguard\",\"https:\\\/\\\/jobs.lajobsportal.org\\\/profiles\\\/8380803-iwell-guard\",\"https:\\\/\\\/md.chaosdorf.de\\\/s\\\/jfbe5SBdJD\",\"https:\\\/\\\/www.lingvolive.com\\\/en-us\\\/profile\\\/9ecaeaca-ce11-4e51-9e71-01d55e2bff36\\\/translations\",\"https:\\\/\\\/www.fitday.com\\\/fitness\\\/forums\\\/members\\\/iwellguard.html\",\"https:\\\/\\\/www.mymeetbook.com\\\/iwellguard\",\"https:\\\/\\\/pxhere.com\\\/en\\\/photographer-me\\\/5040798\",\"https:\\\/\\\/disqus.com\\\/by\\\/iwellguard\\\/about\\\/\",\"https:\\\/\\\/pastelink.net\\\/hjwciqwq\",\"https:\\\/\\\/pubhtml5.com\\\/homepage\\\/scjhn\\\/\",\"https:\\\/\\\/www.bitchute.com\\\/channel\\\/2O2eOKzNqujT\",\"https:\\\/\\\/audiomack.com\\\/iwellguard\"]}]}<\/script>\n<!-- \/ Yoast SEO Premium plugin. -->","yoast_head_json":{"title":"Rauhn\u00e4chte: jelent\u00e9se, ritu\u00e1l\u00e9i \u00e9s d\u00e1tumai","description":"Mi a Rauhn\u00e4chte? Az \u00e9vek k\u00f6z\u00f6tti tizenk\u00e9t \u00e9jszaka jelent\u00e9se: szok\u00e1sok \u00e9s tilalmak, f\u00fcst\u00f6l\u00e9s \u00e9s j\u00f3sl\u00e1sok, Frau Percht\u00e1t\u00f3l a Vad Vad\u00e1szatig.","robots":{"index":"index","follow":"follow","max-snippet":"max-snippet:-1","max-image-preview":"max-image-preview:large","max-video-preview":"max-video-preview:-1"},"canonical":"https:\/\/iwell-guard.com\/hu\/rauhnaechte\/","og_locale":"hu_HU","og_type":"article","og_title":"Rauhn\u00e4chte \u2013 A tizenk\u00e9t \u00e9jszaka","og_description":"Mi a Rauhn\u00e4chte? Az \u00e9vek k\u00f6z\u00f6tti tizenk\u00e9t \u00e9jszaka jelent\u00e9se: szok\u00e1sok \u00e9s tilalmak, f\u00fcst\u00f6l\u00e9s \u00e9s j\u00f3sl\u00e1sok, Frau Percht\u00e1t\u00f3l a Vad Vad\u00e1szatig.","og_url":"https:\/\/iwell-guard.com\/hu\/rauhnaechte\/","og_site_name":"iWell Guard","article_modified_time":"2026-08-26T13:57:21+00:00","og_image":[{"width":683,"height":1024,"url":"https:\/\/iwell-guard.com\/wp-content\/uploads\/2026\/05\/schutzsymbol_universell_raeuchern-683x1024.png","type":"image\/png"}],"twitter_card":"summary_large_image","twitter_misc":{"Becs\u00fclt olvas\u00e1si id\u0151":"8 perc"},"schema":{"@context":"https:\/\/schema.org","@graph":[{"@type":"WebPage","@id":"https:\/\/iwell-guard.com\/hu\/rauhnaechte\/","url":"https:\/\/iwell-guard.com\/hu\/rauhnaechte\/","name":"Rauhn\u00e4chte: jelent\u00e9se, ritu\u00e1l\u00e9i \u00e9s d\u00e1tumai","isPartOf":{"@id":"https:\/\/iwell-guard.com\/hu\/#website"},"primaryImageOfPage":{"@id":"https:\/\/iwell-guard.com\/hu\/rauhnaechte\/#primaryimage"},"image":{"@id":"https:\/\/iwell-guard.com\/hu\/rauhnaechte\/#primaryimage"},"thumbnailUrl":"https:\/\/iwell-guard.com\/wp-content\/uploads\/2026\/05\/schutzsymbol_universell_raeuchern.png","datePublished":"2026-08-24T14:07:20+00:00","dateModified":"2026-08-26T13:57:21+00:00","description":"Mi a Rauhn\u00e4chte? Az \u00e9vek k\u00f6z\u00f6tti tizenk\u00e9t \u00e9jszaka jelent\u00e9se: szok\u00e1sok \u00e9s tilalmak, f\u00fcst\u00f6l\u00e9s \u00e9s j\u00f3sl\u00e1sok, Frau Percht\u00e1t\u00f3l a Vad Vad\u00e1szatig.","breadcrumb":{"@id":"https:\/\/iwell-guard.com\/hu\/rauhnaechte\/#breadcrumb"},"inLanguage":"hu","potentialAction":[{"@type":"ReadAction","target":["https:\/\/iwell-guard.com\/hu\/rauhnaechte\/"]}]},{"@type":"ImageObject","inLanguage":"hu","@id":"https:\/\/iwell-guard.com\/hu\/rauhnaechte\/#primaryimage","url":"https:\/\/iwell-guard.com\/wp-content\/uploads\/2026\/05\/schutzsymbol_universell_raeuchern.png","contentUrl":"https:\/\/iwell-guard.com\/wp-content\/uploads\/2026\/05\/schutzsymbol_universell_raeuchern.png","width":1024,"height":1536,"caption":"F\u00fcst\u00f6l\u00e9s \u00e9s tiszt\u00edt\u00e1s \u2013 felsz\u00e1ll\u00f3 f\u00fcst mint a megtisztul\u00e1s jelk\u00e9pe"},{"@type":"BreadcrumbList","@id":"https:\/\/iwell-guard.com\/hu\/rauhnaechte\/#breadcrumb","itemListElement":[{"@type":"ListItem","position":1,"name":"Start","item":"https:\/\/iwell-guard.com\/hu\/fooldal\/"},{"@type":"ListItem","position":2,"name":"Rauhn\u00e4chte \u2013 A tizenk\u00e9t \u00e9jszaka"}]},{"@type":"WebSite","@id":"https:\/\/iwell-guard.com\/hu\/#website","url":"https:\/\/iwell-guard.com\/hu\/","name":"iWell Guard","description":"Schutz vor dunklen Einfl\u00fcssen","publisher":{"@id":"https:\/\/iwell-guard.com\/hu\/#organization"},"potentialAction":[{"@type":"SearchAction","target":{"@type":"EntryPoint","urlTemplate":"https:\/\/iwell-guard.com\/hu\/?s={search_term_string}"},"query-input":{"@type":"PropertyValueSpecification","valueRequired":true,"valueName":"search_term_string"}}],"inLanguage":"hu"},{"@type":"Organization","@id":"https:\/\/iwell-guard.com\/hu\/#organization","name":"Ittermann electronic GmbH","url":"https:\/\/iwell-guard.com\/hu\/","logo":{"@type":"ImageObject","inLanguage":"hu","@id":"https:\/\/iwell-guard.com\/hu\/#\/schema\/logo\/image\/","url":"https:\/\/iwell-guard.com\/wp-content\/uploads\/2026\/05\/Ittermann-Logo-1182x237-1.png","contentUrl":"https:\/\/iwell-guard.com\/wp-content\/uploads\/2026\/05\/Ittermann-Logo-1182x237-1.png","width":1182,"height":237,"caption":"Ittermann electronic GmbH"},"image":{"@id":"https:\/\/iwell-guard.com\/hu\/#\/schema\/logo\/image\/"},"sameAs":["https:\/\/pantip.com\/profile\/9367242","https:\/\/micro.blog\/iwellguard","https:\/\/www.diggerslist.com\/iwellguard\/about","https:\/\/skitterphoto.com\/photographers\/2870314\/iwell-guard","https:\/\/iwellguard.wordpress.com\/2026\/06\/06\/iwell-guard\/","https:\/\/hub.docker.com\/u\/iwellguard","https:\/\/www.pinterest.com\/iwellguard\/","https:\/\/bit.ly\/m\/iwellguard","https:\/\/entre-vos-mains.alsace.eu\/profiles\/iwellguard\/activity","https:\/\/gravatar.com\/reallybeded8fd34","https:\/\/naijamatta.com\/iwellguard","https:\/\/www.goodreads.com\/iwellguard","https:\/\/profile.hatena.ne.jp\/iwellguard\/","https:\/\/experiment.com\/users\/iwellguard","https:\/\/wakelet.com\/@iWellGuard82270","https:\/\/www.chordie.com\/forum\/profile.php?id=2555664","https:\/\/www.instapaper.com\/p\/17757966","https:\/\/www.mapleprimes.com\/users\/iwellguard","https:\/\/businesslistingplus.com\/profile\/iwell-guard\/","https:\/\/telegra.ph\/iWell-Guard-06-06","https:\/\/pbase.com\/iwellguard\/iwellguard","https:\/\/b.hatena.ne.jp\/iwellguard\/20260607#bookmark-4788405196491818882","https:\/\/fliphtml5.com\/home\/iwellguard","https:\/\/anyflip.com\/homepage\/cmiwl#About","https:\/\/transfur.com\/Users\/iwellguard","http:\/\/delphi.larsbo.org\/user\/iwellguard","https:\/\/jobs.lajobsportal.org\/profiles\/8380803-iwell-guard","https:\/\/md.chaosdorf.de\/s\/jfbe5SBdJD","https:\/\/www.lingvolive.com\/en-us\/profile\/9ecaeaca-ce11-4e51-9e71-01d55e2bff36\/translations","https:\/\/www.fitday.com\/fitness\/forums\/members\/iwellguard.html","https:\/\/www.mymeetbook.com\/iwellguard","https:\/\/pxhere.com\/en\/photographer-me\/5040798","https:\/\/disqus.com\/by\/iwellguard\/about\/","https:\/\/pastelink.net\/hjwciqwq","https:\/\/pubhtml5.com\/homepage\/scjhn\/","https:\/\/www.bitchute.com\/channel\/2O2eOKzNqujT","https:\/\/audiomack.com\/iwellguard"]}]}},"_links":{"self":[{"href":"https:\/\/iwell-guard.com\/hu\/wp-json\/wp\/v2\/pages\/107047","targetHints":{"allow":["GET"]}}],"collection":[{"href":"https:\/\/iwell-guard.com\/hu\/wp-json\/wp\/v2\/pages"}],"about":[{"href":"https:\/\/iwell-guard.com\/hu\/wp-json\/wp\/v2\/types\/page"}],"author":[{"embeddable":true,"href":"https:\/\/iwell-guard.com\/hu\/wp-json\/wp\/v2\/users\/1"}],"replies":[{"embeddable":true,"href":"https:\/\/iwell-guard.com\/hu\/wp-json\/wp\/v2\/comments?post=107047"}],"version-history":[{"count":3,"href":"https:\/\/iwell-guard.com\/hu\/wp-json\/wp\/v2\/pages\/107047\/revisions"}],"predecessor-version":[{"id":107342,"href":"https:\/\/iwell-guard.com\/hu\/wp-json\/wp\/v2\/pages\/107047\/revisions\/107342"}],"wp:featuredmedia":[{"embeddable":true,"href":"https:\/\/iwell-guard.com\/hu\/wp-json\/wp\/v2\/media\/4143"}],"wp:attachment":[{"href":"https:\/\/iwell-guard.com\/hu\/wp-json\/wp\/v2\/media?parent=107047"}],"wp:term":[{"taxonomy":"category","embeddable":true,"href":"https:\/\/iwell-guard.com\/hu\/wp-json\/wp\/v2\/categories?post=107047"}],"curies":[{"name":"wp","href":"https:\/\/api.w.org\/{rel}","templated":true}]}}