{"id":150606,"date":"2026-09-04T05:20:20","date_gmt":"2026-09-04T05:20:20","guid":{"rendered":"https:\/\/iwell-guard.com\/?page_id=150606"},"modified":"2026-09-04T05:53:03","modified_gmt":"2026-09-04T05:53:03","slug":"rauhnachte","status":"publish","type":"page","link":"https:\/\/iwell-guard.com\/hr\/rauhnachte\/","title":{"rendered":"Rauhn\u00e4chte"},"content":{"rendered":"\t\t<div data-elementor-type=\"wp-page\" data-elementor-id=\"150606\" class=\"elementor elementor-150606 elementor-107038\" data-elementor-post-type=\"page\">\n\t\t\t\t<div class=\"elementor-element elementor-element-iwgs-raeuchern-hero e-flex e-con-boxed e-con e-parent\" data-id=\"iwgs-raeuchern-hero\" data-element_type=\"container\" data-e-type=\"container\">\n\t\t\t\t\t<div class=\"e-con-inner\">\n\t\t<div class=\"elementor-element elementor-element-iw-raeuchern-hero-left e-con-full e-flex e-con e-child\" data-id=\"iw-raeuchern-hero-left\" data-element_type=\"container\" data-e-type=\"container\">\n\t\t\t\t<div class=\"elementor-element elementor-element-iwgs-raeuchern-h1 elementor-widget elementor-widget-heading\" data-id=\"iwgs-raeuchern-h1\" data-element_type=\"widget\" data-e-type=\"widget\" data-widget_type=\"heading.default\">\n\t\t\t\t\t<h1 class=\"elementor-heading-title elementor-size-default\">Rauhn\u00e4chte: dvanaest no\u0107i izme\u0111u godina<\/h1>\t\t\t\t<\/div>\n\t\t<div class=\"elementor-element elementor-element-iw-raeuchern-hero-bw e-con-full e-flex e-con e-child\" data-id=\"iw-raeuchern-hero-bw\" data-element_type=\"container\" data-e-type=\"container\">\n\t\t\t\t<div class=\"elementor-element elementor-element-iwgs-raeuchern-pills elementor-widget elementor-widget-html\" data-id=\"iwgs-raeuchern-pills\" data-element_type=\"widget\" data-e-type=\"widget\" data-widget_type=\"html.default\">\n\t\t\t\t\t<div class=\"iwg-pill-row\"><span class=\"iwg-klasse-badge\" tabindex=\"0\" data-tooltip=\"Razdoblje s vlastitim obi\u010dajima.\">Obi\u010daji<\/span><a href=\"https:\/\/iwell-guard.com\/hr\/germanska-tradicija\/\" class=\"iwg-kultur-badge\" tabindex=\"0\" data-tooltip=\"Na pregled germanske predaje.\">Germansko podru\u010dje<\/a><\/div>\t\t\t\t<\/div>\n\t\t\t\t<div class=\"elementor-element elementor-element-iwgs-raeuchern-lead elementor-widget elementor-widget-text-editor\" data-id=\"iwgs-raeuchern-lead\" data-element_type=\"widget\" data-e-type=\"widget\" data-widget_type=\"text-editor.default\">\n\t\t\t\t\t\t\t\t\t<p>Izme\u0111u Bo\u017ei\u0107a i Bogojavljenja postoji razdoblje koje je na njema\u010dkom govornom podru\u010dju imalo svoja posebna pravila. Zvalo se Zw\u00f6lften (Dvanaesterice), Rauhn\u00e4chte ili Raun\u00e4chte. U tim no\u0107ima granica izme\u0111u vidljivog i nevidljivog svijeta smatrala se prohodnom.<\/p><p>Za ovaj leksikon te no\u0107i predstavljaju najgu\u0161\u0107e razdoblje za\u0161tite u godini. Ovdje se, koncentrirano, javlja gotovo sve \u0161to predaja poznaje kao obranu: dim, buka, sveta vodica, znakovi na pragovima i niz zabrana. Istovremeno se u njima okupljaju i likovi koji u leksikonu imaju svoje zasebne stranice.<\/p>\t\t\t\t\t\t\t\t<\/div>\n\t\t\t\t<\/div>\n\t\t\t\t<\/div>\n\t\t<div class=\"elementor-element elementor-element-iw-raeuchern-hero-img e-con-full e-flex e-con e-child\" data-id=\"iw-raeuchern-hero-img\" data-element_type=\"container\" data-e-type=\"container\">\n\t\t\t\t<div class=\"elementor-element elementor-element-iwgs-raeuchern-himg iwg-hero-image elementor-widget elementor-widget-image\" data-id=\"iwgs-raeuchern-himg\" data-element_type=\"widget\" data-e-type=\"widget\" data-widget_type=\"image.default\">\n\t\t\t\t\t\t\t\t\t\t\t\t\t\t\t<img fetchpriority=\"high\" decoding=\"async\" width=\"683\" height=\"1024\" src=\"https:\/\/iwell-guard.com\/wp-content\/uploads\/2026\/05\/schutzsymbol_universell_raeuchern-683x1024.png\" class=\"attachment-large size-large wp-image-151176\" alt=\"Oka\u0111ivanje i \u010di\u0161\u0107enje \u2013 dim koji se uzdi\u017ee kao simbol pro\u010di\u0161\u0107enja\" srcset=\"https:\/\/iwell-guard.com\/wp-content\/uploads\/2026\/05\/schutzsymbol_universell_raeuchern-683x1024.png 683w, https:\/\/iwell-guard.com\/wp-content\/uploads\/2026\/05\/schutzsymbol_universell_raeuchern-200x300.png 200w, https:\/\/iwell-guard.com\/wp-content\/uploads\/2026\/05\/schutzsymbol_universell_raeuchern-768x1152.png 768w, https:\/\/iwell-guard.com\/wp-content\/uploads\/2026\/05\/schutzsymbol_universell_raeuchern.png 1024w\" sizes=\"(max-width: 683px) 100vw, 683px\" \/>\t\t\t\t\t\t\t\t\t\t\t\t\t\t\t<\/div>\n\t\t\t\t<\/div>\n\t\t\t\t\t<\/div>\n\t\t\t\t<\/div>\n\t\t<div class=\"elementor-element elementor-element-iwgs-raeuchern-s0 e-flex e-con-boxed e-con e-parent\" data-id=\"iwgs-raeuchern-s0\" data-element_type=\"container\" data-e-type=\"container\">\n\t\t\t\t\t<div class=\"e-con-inner\">\n\t\t\t\t<div class=\"elementor-element elementor-element-iwgs-raeuchern-s0h elementor-widget elementor-widget-heading\" data-id=\"iwgs-raeuchern-s0h\" data-element_type=\"widget\" data-e-type=\"widget\" data-widget_type=\"heading.default\">\n\t\t\t\t\t<h2 class=\"elementor-heading-title elementor-size-default\">\u0160to su Rauhn\u00e4chte?<\/h2>\t\t\t\t<\/div>\n\t\t<div class=\"elementor-element elementor-element-iw-raeuchern-s0-bw e-con-full e-flex e-con e-child\" data-id=\"iw-raeuchern-s0-bw\" data-element_type=\"container\" data-e-type=\"container\">\n\t\t\t\t<div class=\"elementor-element elementor-element-iwgs-raeuchern-s0t elementor-widget elementor-widget-text-editor\" data-id=\"iwgs-raeuchern-s0t\" data-element_type=\"widget\" data-e-type=\"widget\" data-widget_type=\"text-editor.default\">\n\t\t\t\t\t\t\t\t\t<p>Rauhn\u00e4chte su dvanaest no\u0107i izme\u0111u Bo\u017ei\u0107a i blagdana Sveta Tri Kralja, 6. sije\u010dnja. Starije nazivlje za njih glasi Zw\u00f6lften ili Zw\u00f6lfn\u00e4chte (Dvanaesterice, Dvanaest no\u0107i). U pojedinim krajevima susre\u0107u se i nazivi Innern\u00e4chte, Untern\u00e4chte ili Gl\u00f6ckeln\u00e4chte.<\/p><p>Narodno vjerovanje ovom je razdoblju pripisivalo status izvanrednog stanja. Poredak protekle godine bio je zaklju\u010den, novi jo\u0161 nije po\u010deo, a u tom me\u0111uprostoru, prema predaji, kretali su se lutaju\u0107i duhovi i legendarni likovi. Otuda se obja\u0161njava gustina za\u0161titnih obi\u010daja koji su za ove no\u0107i zabilje\u017eeni.<\/p><p>Va\u017eno za razumijevanje: Rauhn\u00e4chte nisu ni bi\u0107e ni pojedina\u010dan obi\u010daj, ve\u0107 razdoblje na koje se vezalo mno\u0161tvo obi\u010daja. Ono \u0161to se u njima \u010dinilo i \u0161to se izbjegavalo \u010diniti, znatno se razlikovalo od doline do doline.<\/p>\t\t\t\t\t\t\t\t<\/div>\n\t\t\t\t<\/div>\n\t\t\t\t\t<\/div>\n\t\t\t\t<\/div>\n\t\t<div class=\"elementor-element elementor-element-82e1f70 e-flex e-con-boxed e-con e-parent\" data-id=\"82e1f70\" data-element_type=\"container\" data-e-type=\"container\">\n\t\t\t\t\t<div class=\"e-con-inner\">\n\t\t\t\t<div class=\"elementor-element elementor-element- elementor-widget elementor-widget-heading\" data-id=\"\" data-element_type=\"widget\" data-e-type=\"widget\" data-widget_type=\"heading.default\">\n\t\t\t\t\t<h2 class=\"elementor-heading-title elementor-size-default\">Srodna bi\u0107a i teme<\/h2>\t\t\t\t<\/div>\n\t\t<div class=\"elementor-element elementor-element- e-con-full e-flex e-con e-child\" data-id=\"\" data-element_type=\"container\" data-e-type=\"container\">\n\t\t\t\t<div class=\"elementor-element elementor-element- elementor-widget elementor-widget-text-editor\" data-id=\"\" data-element_type=\"widget\" data-e-type=\"widget\" data-widget_type=\"text-editor.default\">\n\t\t\t\t\t\t\t\t\t<p>Prikaze i prakse ovih no\u0107i leksikon opisuje pojedina\u010dno: <a href=\"https:\/\/iwell-guard.com\/hr\/?page_id=150560\">Frau Perchta i Perchte<\/a> kao ispitiva\u010dica dvanaestodnevlja, <a href=\"https:\/\/iwell-guard.com\/hr\/?page_id=150562\">Frau Holle<\/a> kao njezin srednjonjema\u010dki pandan, <a href=\"https:\/\/iwell-guard.com\/hr\/odin\/\">Odin<\/a> u vezi s Divljim lovom te <a href=\"https:\/\/iwell-guard.com\/hr\/?page_id=150559\">Krampus<\/a> kao stra\u0161na prikaza adventa. Pregled tradicije donosi stranica o <a href=\"https:\/\/iwell-guard.com\/hr\/germanska-tradicija\/\">germanskoj predaji<\/a>, a sa\u010duvani oblici za\u0161tite ovog razdoblja opisani su pod <a href=\"https:\/\/iwell-guard.com\/hr\/kadenje-i-procisce-nje\/\">okumljavanjem<\/a> i <a href=\"https:\/\/iwell-guard.com\/hr\/tamjan\/\">tamjanom<\/a>.<\/p>\t\t\t\t\t\t\t\t<\/div>\n\t\t\t\t<\/div>\n\t\t\t\t\t<\/div>\n\t\t\t\t<\/div>\n\t\t<div class=\"elementor-element elementor-element-188289f e-flex e-con-boxed e-con e-parent\" data-id=\"188289f\" data-element_type=\"container\" data-e-type=\"container\">\n\t\t\t\t\t<div class=\"e-con-inner\">\n\t\t\t\t<div class=\"elementor-element elementor-element- elementor-widget elementor-widget-heading\" data-id=\"\" data-element_type=\"widget\" data-e-type=\"widget\" data-widget_type=\"heading.default\">\n\t\t\t\t\t<h2 class=\"elementor-heading-title elementor-size-default\">Srodna bi\u0107a i teme<\/h2>\t\t\t\t<\/div>\n\t\t<div class=\"elementor-element elementor-element- e-con-full e-flex e-con e-child\" data-id=\"\" data-element_type=\"container\" data-e-type=\"container\">\n\t\t\t\t<div class=\"elementor-element elementor-element- elementor-widget elementor-widget-text-editor\" data-id=\"\" data-element_type=\"widget\" data-e-type=\"widget\" data-widget_type=\"text-editor.default\">\n\t\t\t\t\t\t\t\t\t<p>Prikaze i prakse ovih no\u0107i leksikon opisuje pojedina\u010dno: <a href=\"https:\/\/iwell-guard.com\/hr\/?page_id=150560\">Frau Perchta i Perchte<\/a> kao ispitiva\u010dica dvanaestodnevlja, <a href=\"https:\/\/iwell-guard.com\/hr\/?page_id=150562\">Frau Holle<\/a> kao njezin srednjonjema\u010dki pandan, <a href=\"https:\/\/iwell-guard.com\/hr\/odin\/\">Odin<\/a> u vezi s Divljim lovom te <a href=\"https:\/\/iwell-guard.com\/hr\/?page_id=150559\">Krampus<\/a> kao stra\u0161na prikaza adventa. Pregled tradicije donosi stranica o <a href=\"https:\/\/iwell-guard.com\/hr\/germanska-tradicija\/\">germanskoj predaji<\/a>, a sa\u010duvani oblici za\u0161tite ovog razdoblja opisani su pod <a href=\"https:\/\/iwell-guard.com\/hr\/kadenje-i-procisce-nje\/\">okumljavanjem<\/a> i <a href=\"https:\/\/iwell-guard.com\/hr\/tamjan\/\">tamjanom<\/a>.<\/p>\t\t\t\t\t\t\t\t<\/div>\n\t\t\t\t<\/div>\n\t\t\t\t\t<\/div>\n\t\t\t\t<\/div>\n\t\t<div class=\"elementor-element elementor-element-2256a9e e-flex e-con-boxed e-con e-parent\" data-id=\"2256a9e\" data-element_type=\"container\" data-e-type=\"container\">\n\t\t\t\t\t<div class=\"e-con-inner\">\n\t\t\t\t<div class=\"elementor-element elementor-element- elementor-widget elementor-widget-heading\" data-id=\"\" data-element_type=\"widget\" data-e-type=\"widget\" data-widget_type=\"heading.default\">\n\t\t\t\t\t<h2 class=\"elementor-heading-title elementor-size-default\">Srodna bi\u0107a i teme<\/h2>\t\t\t\t<\/div>\n\t\t<div class=\"elementor-element elementor-element- e-con-full e-flex e-con e-child\" data-id=\"\" data-element_type=\"container\" data-e-type=\"container\">\n\t\t\t\t<div class=\"elementor-element elementor-element- elementor-widget elementor-widget-text-editor\" data-id=\"\" data-element_type=\"widget\" data-e-type=\"widget\" data-widget_type=\"text-editor.default\">\n\t\t\t\t\t\t\t\t\t<p>Prikaze i prakse ovih no\u0107i leksikon opisuje pojedina\u010dno: <a href=\"https:\/\/iwell-guard.com\/hr\/?page_id=150560\">Frau Perchta i Perchte<\/a> kao ispitiva\u010dica dvanaestodnevlja, <a href=\"https:\/\/iwell-guard.com\/hr\/?page_id=150562\">Frau Holle<\/a> kao njezin srednjonjema\u010dki pandan, <a href=\"https:\/\/iwell-guard.com\/hr\/odin\/\">Odin<\/a> u vezi s Divljim lovom te <a href=\"https:\/\/iwell-guard.com\/hr\/?page_id=150559\">Krampus<\/a> kao stra\u0161na prikaza adventa. Pregled tradicije donosi stranica o <a href=\"https:\/\/iwell-guard.com\/hr\/germanska-tradicija\/\">germanskoj predaji<\/a>, a sa\u010duvani oblici za\u0161tite ovog razdoblja opisani su pod <a href=\"https:\/\/iwell-guard.com\/hr\/kadenje-i-procisce-nje\/\">okumljavanjem<\/a> i <a href=\"https:\/\/iwell-guard.com\/hr\/tamjan\/\">tamjanom<\/a>.<\/p>\t\t\t\t\t\t\t\t<\/div>\n\t\t\t\t<\/div>\n\t\t\t\t\t<\/div>\n\t\t\t\t<\/div>\n\t\t<div class=\"elementor-element elementor-element-0678d93 e-flex e-con-boxed e-con e-parent\" data-id=\"0678d93\" data-element_type=\"container\" data-e-type=\"container\">\n\t\t\t\t\t<div class=\"e-con-inner\">\n\t\t\t\t<div class=\"elementor-element elementor-element- elementor-widget elementor-widget-heading\" data-id=\"\" data-element_type=\"widget\" data-e-type=\"widget\" data-widget_type=\"heading.default\">\n\t\t\t\t\t<h2 class=\"elementor-heading-title elementor-size-default\">Srodna bi\u0107a i teme<\/h2>\t\t\t\t<\/div>\n\t\t<div class=\"elementor-element elementor-element- e-con-full e-flex e-con e-child\" data-id=\"\" data-element_type=\"container\" data-e-type=\"container\">\n\t\t\t\t<div class=\"elementor-element elementor-element- elementor-widget elementor-widget-text-editor\" data-id=\"\" data-element_type=\"widget\" data-e-type=\"widget\" data-widget_type=\"text-editor.default\">\n\t\t\t\t\t\t\t\t\t<p>Prikaze i prakse ovih no\u0107i leksikon opisuje pojedina\u010dno: <a href=\"https:\/\/iwell-guard.com\/hr\/?page_id=150560\">Frau Perchta i Perchte<\/a> kao ispitiva\u010dica dvanaestodnevlja, <a href=\"https:\/\/iwell-guard.com\/hr\/?page_id=150562\">Frau Holle<\/a> kao njezin srednjonjema\u010dki pandan, <a href=\"https:\/\/iwell-guard.com\/hr\/odin\/\">Odin<\/a> u vezi s Divljim lovom te <a href=\"https:\/\/iwell-guard.com\/hr\/?page_id=150559\">Krampus<\/a> kao stra\u0161na prikaza adventa. Pregled tradicije donosi stranica o <a href=\"https:\/\/iwell-guard.com\/hr\/germanska-tradicija\/\">germanskoj predaji<\/a>, a sa\u010duvani oblici za\u0161tite ovog razdoblja opisani su pod <a href=\"https:\/\/iwell-guard.com\/hr\/kadenje-i-procisce-nje\/\">okumljavanjem<\/a> i <a href=\"https:\/\/iwell-guard.com\/hr\/tamjan\/\">tamjanom<\/a>.<\/p>\t\t\t\t\t\t\t\t<\/div>\n\t\t\t\t<\/div>\n\t\t\t\t\t<\/div>\n\t\t\t\t<\/div>\n\t\t<div class=\"elementor-element elementor-element-df2669e e-flex e-con-boxed e-con e-parent\" data-id=\"df2669e\" data-element_type=\"container\" data-e-type=\"container\">\n\t\t\t\t\t<div class=\"e-con-inner\">\n\t\t\t\t<div class=\"elementor-element elementor-element- elementor-widget elementor-widget-heading\" data-id=\"\" data-element_type=\"widget\" data-e-type=\"widget\" data-widget_type=\"heading.default\">\n\t\t\t\t\t<h2 class=\"elementor-heading-title elementor-size-default\">Srodna bi\u0107a i teme<\/h2>\t\t\t\t<\/div>\n\t\t<div class=\"elementor-element elementor-element- e-con-full e-flex e-con e-child\" data-id=\"\" data-element_type=\"container\" data-e-type=\"container\">\n\t\t\t\t<div class=\"elementor-element elementor-element- elementor-widget elementor-widget-text-editor\" data-id=\"\" data-element_type=\"widget\" data-e-type=\"widget\" data-widget_type=\"text-editor.default\">\n\t\t\t\t\t\t\t\t\t<p>Prikaze i prakse ovih no\u0107i leksikon opisuje pojedina\u010dno: <a href=\"https:\/\/iwell-guard.com\/hr\/?page_id=150560\">Frau Perchta i Perchte<\/a> kao ispitiva\u010dica dvanaestodnevlja, <a href=\"https:\/\/iwell-guard.com\/hr\/?page_id=150562\">Frau Holle<\/a> kao njezin srednjonjema\u010dki pandan, <a href=\"https:\/\/iwell-guard.com\/hr\/odin\/\">Odin<\/a> u vezi s Divljim lovom te <a href=\"https:\/\/iwell-guard.com\/hr\/?page_id=150559\">Krampus<\/a> kao stra\u0161na prikaza adventa. Pregled tradicije donosi stranica o <a href=\"https:\/\/iwell-guard.com\/hr\/germanska-tradicija\/\">germanskoj predaji<\/a>, a sa\u010duvani oblici za\u0161tite ovog razdoblja opisani su pod <a href=\"https:\/\/iwell-guard.com\/hr\/kadenje-i-procisce-nje\/\">okumljavanjem<\/a> i <a href=\"https:\/\/iwell-guard.com\/hr\/tamjan\/\">tamjanom<\/a>.<\/p>\t\t\t\t\t\t\t\t<\/div>\n\t\t\t\t<\/div>\n\t\t\t\t\t<\/div>\n\t\t\t\t<\/div>\n\t\t<div class=\"elementor-element elementor-element-79fba3f e-flex e-con-boxed e-con e-parent\" data-id=\"79fba3f\" data-element_type=\"container\" data-e-type=\"container\">\n\t\t\t\t\t<div class=\"e-con-inner\">\n\t\t\t\t<div class=\"elementor-element elementor-element- elementor-widget elementor-widget-heading\" data-id=\"\" data-element_type=\"widget\" data-e-type=\"widget\" data-widget_type=\"heading.default\">\n\t\t\t\t\t<h2 class=\"elementor-heading-title elementor-size-default\">Srodna bi\u0107a i teme<\/h2>\t\t\t\t<\/div>\n\t\t<div class=\"elementor-element elementor-element- e-con-full e-flex e-con e-child\" data-id=\"\" data-element_type=\"container\" data-e-type=\"container\">\n\t\t\t\t<div class=\"elementor-element elementor-element- elementor-widget elementor-widget-text-editor\" data-id=\"\" data-element_type=\"widget\" data-e-type=\"widget\" data-widget_type=\"text-editor.default\">\n\t\t\t\t\t\t\t\t\t<p>Prikaze i prakse ovih no\u0107i leksikon opisuje pojedina\u010dno: <a href=\"https:\/\/iwell-guard.com\/hr\/?page_id=150560\">Frau Perchta i Perchte<\/a> kao ispitiva\u010dica dvanaestodnevlja, <a href=\"https:\/\/iwell-guard.com\/hr\/?page_id=150562\">Frau Holle<\/a> kao njezin srednjonjema\u010dki pandan, <a href=\"https:\/\/iwell-guard.com\/hr\/odin\/\">Odin<\/a> u vezi s Divljim lovom te <a href=\"https:\/\/iwell-guard.com\/hr\/?page_id=150559\">Krampus<\/a> kao stra\u0161na prikaza adventa. Pregled tradicije donosi stranica o <a href=\"https:\/\/iwell-guard.com\/hr\/germanska-tradicija\/\">germanskoj predaji<\/a>, a sa\u010duvani oblici za\u0161tite ovog razdoblja opisani su pod <a href=\"https:\/\/iwell-guard.com\/hr\/kadenje-i-procisce-nje\/\">okumljavanjem<\/a> i <a href=\"https:\/\/iwell-guard.com\/hr\/tamjan\/\">tamjanom<\/a>.<\/p>\t\t\t\t\t\t\t\t<\/div>\n\t\t\t\t<\/div>\n\t\t\t\t\t<\/div>\n\t\t\t\t<\/div>\n\t\t<div class=\"elementor-element elementor-element-92ffc6f e-flex e-con-boxed e-con e-parent\" data-id=\"92ffc6f\" data-element_type=\"container\" data-e-type=\"container\">\n\t\t\t\t\t<div class=\"e-con-inner\">\n\t\t\t\t<div class=\"elementor-element elementor-element- elementor-widget elementor-widget-heading\" data-id=\"\" data-element_type=\"widget\" data-e-type=\"widget\" data-widget_type=\"heading.default\">\n\t\t\t\t\t<h2 class=\"elementor-heading-title elementor-size-default\">Srodna bi\u0107a i teme<\/h2>\t\t\t\t<\/div>\n\t\t<div class=\"elementor-element elementor-element- e-con-full e-flex e-con e-child\" data-id=\"\" data-element_type=\"container\" data-e-type=\"container\">\n\t\t\t\t<div class=\"elementor-element elementor-element- elementor-widget elementor-widget-text-editor\" data-id=\"\" data-element_type=\"widget\" data-e-type=\"widget\" data-widget_type=\"text-editor.default\">\n\t\t\t\t\t\t\t\t\t<p>Prikaze i prakse ovih no\u0107i leksikon opisuje pojedina\u010dno: <a href=\"https:\/\/iwell-guard.com\/hr\/?page_id=150560\">Frau Perchta i Perchte<\/a> kao ispitiva\u010dica dvanaestodnevlja, <a href=\"https:\/\/iwell-guard.com\/hr\/?page_id=150562\">Frau Holle<\/a> kao njezin srednjonjema\u010dki pandan, <a href=\"https:\/\/iwell-guard.com\/hr\/odin\/\">Odin<\/a> u vezi s Divljim lovom te <a href=\"https:\/\/iwell-guard.com\/hr\/?page_id=150559\">Krampus<\/a> kao stra\u0161na prikaza adventa. Pregled tradicije donosi stranica o <a href=\"https:\/\/iwell-guard.com\/hr\/germanska-tradicija\/\">germanskoj predaji<\/a>, a sa\u010duvani oblici za\u0161tite ovog razdoblja opisani su pod <a href=\"https:\/\/iwell-guard.com\/hr\/kadenje-i-procisce-nje\/\">okumljavanjem<\/a> i <a href=\"https:\/\/iwell-guard.com\/hr\/tamjan\/\">tamjanom<\/a>.<\/p>\t\t\t\t\t\t\t\t<\/div>\n\t\t\t\t<\/div>\n\t\t\t\t\t<\/div>\n\t\t\t\t<\/div>\n\t\t<div class=\"elementor-element elementor-element-19277ab e-flex e-con-boxed e-con e-parent\" data-id=\"19277ab\" data-element_type=\"container\" data-e-type=\"container\">\n\t\t\t\t\t<div class=\"e-con-inner\">\n\t\t\t\t<div class=\"elementor-element elementor-element- elementor-widget elementor-widget-heading\" data-id=\"\" data-element_type=\"widget\" data-e-type=\"widget\" data-widget_type=\"heading.default\">\n\t\t\t\t\t<h2 class=\"elementor-heading-title elementor-size-default\">Srodna bi\u0107a i teme<\/h2>\t\t\t\t<\/div>\n\t\t<div class=\"elementor-element elementor-element- e-con-full e-flex e-con e-child\" data-id=\"\" data-element_type=\"container\" data-e-type=\"container\">\n\t\t\t\t<div class=\"elementor-element elementor-element- elementor-widget elementor-widget-text-editor\" data-id=\"\" data-element_type=\"widget\" data-e-type=\"widget\" data-widget_type=\"text-editor.default\">\n\t\t\t\t\t\t\t\t\t<p>Prikaze i prakse ovih no\u0107i leksikon opisuje pojedina\u010dno: <a href=\"https:\/\/iwell-guard.com\/hr\/?page_id=150560\">Frau Perchta i Perchte<\/a> kao ispitiva\u010dica dvanaestodnevlja, <a href=\"https:\/\/iwell-guard.com\/hr\/?page_id=150562\">Frau Holle<\/a> kao njezin srednjonjema\u010dki pandan, <a href=\"https:\/\/iwell-guard.com\/hr\/odin\/\">Odin<\/a> u vezi s Divljim lovom te <a href=\"https:\/\/iwell-guard.com\/hr\/?page_id=150559\">Krampus<\/a> kao stra\u0161na prikaza adventa. Pregled tradicije donosi stranica o <a href=\"https:\/\/iwell-guard.com\/hr\/germanska-tradicija\/\">germanskoj predaji<\/a>, a sa\u010duvani oblici za\u0161tite ovog razdoblja opisani su pod <a href=\"https:\/\/iwell-guard.com\/hr\/kadenje-i-procisce-nje\/\">okumljavanjem<\/a> i <a href=\"https:\/\/iwell-guard.com\/hr\/tamjan\/\">tamjanom<\/a>.<\/p>\t\t\t\t\t\t\t\t<\/div>\n\t\t\t\t<\/div>\n\t\t\t\t\t<\/div>\n\t\t\t\t<\/div>\n\t\t<div class=\"elementor-element elementor-element-0493a62 e-flex e-con-boxed e-con e-parent\" data-id=\"0493a62\" data-element_type=\"container\" data-e-type=\"container\">\n\t\t\t\t\t<div class=\"e-con-inner\">\n\t\t\t\t<div class=\"elementor-element elementor-element- elementor-widget elementor-widget-heading\" data-id=\"\" data-element_type=\"widget\" data-e-type=\"widget\" data-widget_type=\"heading.default\">\n\t\t\t\t\t<h2 class=\"elementor-heading-title elementor-size-default\">Srodna bi\u0107a i teme<\/h2>\t\t\t\t<\/div>\n\t\t<div class=\"elementor-element elementor-element- e-con-full e-flex e-con e-child\" data-id=\"\" data-element_type=\"container\" data-e-type=\"container\">\n\t\t\t\t<div class=\"elementor-element elementor-element- elementor-widget elementor-widget-text-editor\" data-id=\"\" data-element_type=\"widget\" data-e-type=\"widget\" data-widget_type=\"text-editor.default\">\n\t\t\t\t\t\t\t\t\t<p>Prikaze i prakse ovih no\u0107i leksikon opisuje pojedina\u010dno: <a href=\"https:\/\/iwell-guard.com\/hr\/?page_id=150560\">Frau Perchta i Perchte<\/a> kao ispitiva\u010dica dvanaestodnevlja, <a href=\"https:\/\/iwell-guard.com\/hr\/?page_id=150562\">Frau Holle<\/a> kao njezin srednjonjema\u010dki pandan, <a href=\"https:\/\/iwell-guard.com\/hr\/odin\/\">Odin<\/a> u vezi s Divljim lovom te <a href=\"https:\/\/iwell-guard.com\/hr\/?page_id=150559\">Krampus<\/a> kao stra\u0161na prikaza adventa. Pregled tradicije donosi stranica o <a href=\"https:\/\/iwell-guard.com\/hr\/germanska-tradicija\/\">germanskoj predaji<\/a>, a sa\u010duvani oblici za\u0161tite ovog razdoblja opisani su pod <a href=\"https:\/\/iwell-guard.com\/hr\/kadenje-i-procisce-nje\/\">okumljavanjem<\/a> i <a href=\"https:\/\/iwell-guard.com\/hr\/tamjan\/\">tamjanom<\/a>.<\/p>\t\t\t\t\t\t\t\t<\/div>\n\t\t\t\t<\/div>\n\t\t\t\t\t<\/div>\n\t\t\t\t<\/div>\n\t\t<div class=\"elementor-element elementor-element-87a8df2 e-flex e-con-boxed e-con e-parent\" data-id=\"87a8df2\" data-element_type=\"container\" data-e-type=\"container\">\n\t\t\t\t\t<div class=\"e-con-inner\">\n\t\t\t\t<div class=\"elementor-element elementor-element- elementor-widget elementor-widget-heading\" data-id=\"\" data-element_type=\"widget\" data-e-type=\"widget\" data-widget_type=\"heading.default\">\n\t\t\t\t\t<h2 class=\"elementor-heading-title elementor-size-default\">Srodna bi\u0107a i teme<\/h2>\t\t\t\t<\/div>\n\t\t<div class=\"elementor-element elementor-element- e-con-full e-flex e-con e-child\" data-id=\"\" data-element_type=\"container\" data-e-type=\"container\">\n\t\t\t\t<div class=\"elementor-element elementor-element- elementor-widget elementor-widget-text-editor\" data-id=\"\" data-element_type=\"widget\" data-e-type=\"widget\" data-widget_type=\"text-editor.default\">\n\t\t\t\t\t\t\t\t\t<p>Prikaze i prakse ovih no\u0107i leksikon opisuje pojedina\u010dno: <a href=\"https:\/\/iwell-guard.com\/hr\/?page_id=150560\">Frau Perchta i Perchte<\/a> kao ispitiva\u010dica dvanaestodnevlja, <a href=\"https:\/\/iwell-guard.com\/hr\/?page_id=150562\">Frau Holle<\/a> kao njezin srednjonjema\u010dki pandan, <a href=\"https:\/\/iwell-guard.com\/hr\/odin\/\">Odin<\/a> u vezi s Divljim lovom te <a href=\"https:\/\/iwell-guard.com\/hr\/?page_id=150559\">Krampus<\/a> kao stra\u0161na prikaza adventa. Pregled tradicije donosi stranica o <a href=\"https:\/\/iwell-guard.com\/hr\/germanska-tradicija\/\">germanskoj predaji<\/a>, a sa\u010duvani oblici za\u0161tite ovog razdoblja opisani su pod <a href=\"https:\/\/iwell-guard.com\/hr\/kadenje-i-procisce-nje\/\">okumljavanjem<\/a> i <a href=\"https:\/\/iwell-guard.com\/hr\/tamjan\/\">tamjanom<\/a>.<\/p>\t\t\t\t\t\t\t\t<\/div>\n\t\t\t\t<\/div>\n\t\t\t\t\t<\/div>\n\t\t\t\t<\/div>\n\t\t<div class=\"elementor-element elementor-element-9000290 e-flex e-con-boxed e-con e-parent\" data-id=\"9000290\" data-element_type=\"container\" data-e-type=\"container\">\n\t\t\t\t\t<div class=\"e-con-inner\">\n\t\t\t\t<div class=\"elementor-element elementor-element- elementor-widget elementor-widget-heading\" data-id=\"\" data-element_type=\"widget\" data-e-type=\"widget\" data-widget_type=\"heading.default\">\n\t\t\t\t\t<h2 class=\"elementor-heading-title elementor-size-default\">Srodna bi\u0107a i teme<\/h2>\t\t\t\t<\/div>\n\t\t<div class=\"elementor-element elementor-element- e-con-full e-flex e-con e-child\" data-id=\"\" data-element_type=\"container\" data-e-type=\"container\">\n\t\t\t\t<div class=\"elementor-element elementor-element- elementor-widget elementor-widget-text-editor\" data-id=\"\" data-element_type=\"widget\" data-e-type=\"widget\" data-widget_type=\"text-editor.default\">\n\t\t\t\t\t\t\t\t\t<p>Prikaze i prakse ovih no\u0107i leksikon opisuje pojedina\u010dno: <a href=\"https:\/\/iwell-guard.com\/hr\/?page_id=150560\">Frau Perchta i Perchte<\/a> kao ispitiva\u010dica dvanaestodnevlja, <a href=\"https:\/\/iwell-guard.com\/hr\/?page_id=150562\">Frau Holle<\/a> kao njezin srednjonjema\u010dki pandan, <a href=\"https:\/\/iwell-guard.com\/hr\/odin\/\">Odin<\/a> u vezi s Divljim lovom te <a href=\"https:\/\/iwell-guard.com\/hr\/?page_id=150559\">Krampus<\/a> kao stra\u0161na prikaza adventa. Pregled tradicije donosi stranica o <a href=\"https:\/\/iwell-guard.com\/hr\/germanska-tradicija\/\">germanskoj predaji<\/a>, a sa\u010duvani oblici za\u0161tite ovog razdoblja opisani su pod <a href=\"https:\/\/iwell-guard.com\/hr\/kadenje-i-procisce-nje\/\">okumljavanjem<\/a> i <a href=\"https:\/\/iwell-guard.com\/hr\/tamjan\/\">tamjanom<\/a>.<\/p>\t\t\t\t\t\t\t\t<\/div>\n\t\t\t\t<\/div>\n\t\t\t\t\t<\/div>\n\t\t\t\t<\/div>\n\t\t<div class=\"elementor-element elementor-element-918fb03 e-flex e-con-boxed e-con e-parent\" data-id=\"918fb03\" data-element_type=\"container\" data-e-type=\"container\">\n\t\t\t\t\t<div class=\"e-con-inner\">\n\t\t\t\t<div class=\"elementor-element elementor-element- elementor-widget elementor-widget-heading\" data-id=\"\" data-element_type=\"widget\" data-e-type=\"widget\" data-widget_type=\"heading.default\">\n\t\t\t\t\t<h2 class=\"elementor-heading-title elementor-size-default\">Srodna bi\u0107a i teme<\/h2>\t\t\t\t<\/div>\n\t\t<div class=\"elementor-element elementor-element- e-con-full e-flex e-con e-child\" data-id=\"\" data-element_type=\"container\" data-e-type=\"container\">\n\t\t\t\t<div class=\"elementor-element elementor-element- elementor-widget elementor-widget-text-editor\" data-id=\"\" data-element_type=\"widget\" data-e-type=\"widget\" data-widget_type=\"text-editor.default\">\n\t\t\t\t\t\t\t\t\t<p>Prikaze i prakse ovih no\u0107i leksikon opisuje pojedina\u010dno: <a href=\"https:\/\/iwell-guard.com\/hr\/?page_id=150560\">Frau Perchta i Perchte<\/a> kao ispitiva\u010dica dvanaestodnevlja, <a href=\"https:\/\/iwell-guard.com\/hr\/?page_id=150562\">Frau Holle<\/a> kao njezin srednjonjema\u010dki pandan, <a href=\"https:\/\/iwell-guard.com\/hr\/odin\/\">Odin<\/a> u vezi s Divljim lovom te <a href=\"https:\/\/iwell-guard.com\/hr\/?page_id=150559\">Krampus<\/a> kao stra\u0161na prikaza adventa. Pregled tradicije donosi stranica o <a href=\"https:\/\/iwell-guard.com\/hr\/germanska-tradicija\/\">germanskoj predaji<\/a>, a sa\u010duvani oblici za\u0161tite ovog razdoblja opisani su pod <a href=\"https:\/\/iwell-guard.com\/hr\/kadenje-i-procisce-nje\/\">okumljavanjem<\/a> i <a href=\"https:\/\/iwell-guard.com\/hr\/tamjan\/\">tamjanom<\/a>.<\/p>\t\t\t\t\t\t\t\t<\/div>\n\t\t\t\t<div class=\"elementor-element elementor-element-8ab5043 elementor-widget elementor-widget-html\" data-id=\"8ab5043\" data-element_type=\"widget\" data-e-type=\"widget\" data-widget_type=\"html.default\">\n\t\t\t\t\t<script type=\"application\/ld+json\">{\"@context\": \"https:\/\/schema.org\", \"@type\": \"FAQPage\", \"mainEntity\": [{\"@type\": \"Question\", \"name\": \"\u0160to se ne smije raditi u Rauhn\u00e4chtima?\", \"acceptedAnswer\": {\"@type\": \"Answer\", \"text\": \"Predaja navodi prije svega tri zabrane. Rublje se nije trebalo prati ni ostavljati obje\u0161eno preko no\u0107i, jer se, prema predaji, u njemu zaple\u0107e Divlji lov. Zapo\u010deti poslovi trebali su biti dovr\u0161eni, a kolovrati odlo\u017eeni. Posu\u0111eni predmeti vra\u0107ani su vlasnicima, i u tom razdoblju se ni\u0161ta nije iznosilo iz ku\u0107e. Rije\u010d je o pravilima pona\u0161anja iz pro\u0161lih vremena, koja danas \u017eive prije svega kao pripovjedna ba\u0161tina.\"}}, {\"@type\": \"Question\", \"name\": \"\u0160to se to\u010dno radi u Rauhn\u00e4chtima?\", \"acceptedAnswer\": {\"@type\": \"Answer\", \"text\": \"Predajom su obuhva\u0107ena \u010detiri podru\u010dja djelovanja: okumljavanje ku\u0107e i staje tamjanom i biljem, blagoslov na pragu posve\u0107enom vodom i kredom kojom zvjezdari upisuju znakove, tuma\u010denje vremena i snova kao predznaka za dvanaest mjeseci te maskirani ophodi u alpskom prostoru. U dana\u0161njoj praksi tome se pridru\u017euju osvrt na godinu uz bilje\u017enicu i ritual trinaest \u017eelja, koji se smatra novijim obi\u010dajem.\"}}, {\"@type\": \"Question\", \"name\": \"\u0160to su 12 Rauhn\u00e4chta?\", \"acceptedAnswer\": {\"@type\": \"Answer\", \"text\": \"Dvanaest Rauhn\u00e4chta su no\u0107i izme\u0111u Bo\u017ei\u0107a i Sveta tri kralja, prema najra\u0161irenijem brojanju od 25. prosinca do 6. sije\u010dnja. Starija brojanja zapo\u010dinju s no\u0107i svetog Tome 21. prosinca ili s Badnjom no\u0107i. Svaka od dvanaest no\u0107i u predaji vrijedi kao predznak za jedan mjesec nadolaze\u0107e godine.\"}}, {\"@type\": \"Question\", \"name\": \"Koje su 4 najva\u017enije Rauhn\u00e4cht no\u0107i?\", \"acceptedAnswer\": {\"@type\": \"Answer\", \"text\": \"U ve\u0107ini prikaza isti\u010du se no\u0107 svetog Tome s 20. na 21. prosinca kao najdu\u017ea no\u0107 starog kalendara, Badnja no\u0107 s 24. na 25. prosinca, no\u0107 uo\u010di Nove godine kao klasi\u010dna proro\u010danska no\u0107 te no\u0107 Perchte s 5. na 6. sije\u010dnja kao zavr\u0161etak niza.\"}}]}<\/script>\t\t\t\t<\/div>\n\t\t\t\t<\/div>\n\t\t\t\t\t<\/div>\n\t\t\t\t<\/div>\n\t\t<div class=\"elementor-element elementor-element-7b4a206 e-flex e-con-boxed e-con e-parent\" data-id=\"7b4a206\" data-element_type=\"container\" data-e-type=\"container\">\n\t\t\t\t\t<div class=\"e-con-inner\">\n\t\t\t\t<div class=\"elementor-element elementor-element- elementor-widget elementor-widget-heading\" data-id=\"\" data-element_type=\"widget\" data-e-type=\"widget\" data-widget_type=\"heading.default\">\n\t\t\t\t\t<h2 class=\"elementor-heading-title elementor-size-default\">Srodna bi\u0107a i teme<\/h2>\t\t\t\t<\/div>\n\t\t<div class=\"elementor-element elementor-element- e-con-full e-flex e-con e-child\" data-id=\"\" data-element_type=\"container\" data-e-type=\"container\">\n\t\t\t\t<div class=\"elementor-element elementor-element- elementor-widget elementor-widget-text-editor\" data-id=\"\" data-element_type=\"widget\" data-e-type=\"widget\" data-widget_type=\"text-editor.default\">\n\t\t\t\t\t\t\t\t\t<p>Prikaze i prakse ovih no\u0107i leksikon opisuje pojedina\u010dno: <a href=\"https:\/\/iwell-guard.com\/hr\/?page_id=150560\">Frau Perchta i Perchte<\/a> kao ispitiva\u010dica dvanaestodnevlja, <a href=\"https:\/\/iwell-guard.com\/hr\/?page_id=150562\">Frau Holle<\/a> kao njezin srednjonjema\u010dki pandan, <a href=\"https:\/\/iwell-guard.com\/hr\/odin\/\">Odin<\/a> u vezi s Divljim lovom te <a href=\"https:\/\/iwell-guard.com\/hr\/?page_id=150559\">Krampus<\/a> kao stra\u0161na prikaza adventa. Pregled tradicije donosi stranica o <a href=\"https:\/\/iwell-guard.com\/hr\/germanska-tradicija\/\">germanskoj predaji<\/a>, a sa\u010duvani oblici za\u0161tite ovog razdoblja opisani su pod <a href=\"https:\/\/iwell-guard.com\/hr\/kadenje-i-procisce-nje\/\">okumljavanjem<\/a> i <a href=\"https:\/\/iwell-guard.com\/hr\/tamjan\/\">tamjanom<\/a>.<\/p>\t\t\t\t\t\t\t\t<\/div>\n\t\t\t\t<\/div>\n\t\t\t\t\t<\/div>\n\t\t\t\t<\/div>\n\t\t<div class=\"elementor-element elementor-element-iwgs-raeuchern-lit e-flex e-con-boxed e-con e-parent\" data-id=\"iwgs-raeuchern-lit\" data-element_type=\"container\" data-e-type=\"container\">\n\t\t\t\t\t<div class=\"e-con-inner\">\n\t\t\t\t<div class=\"elementor-element elementor-element-iwgs-raeuchern-lith elementor-widget elementor-widget-heading\" data-id=\"iwgs-raeuchern-lith\" data-element_type=\"widget\" data-e-type=\"widget\" data-widget_type=\"heading.default\">\n\t\t\t\t\t<h2 class=\"elementor-heading-title elementor-size-default\">Literatura (izbor)<\/h2>\t\t\t\t<\/div>\n\t\t<div class=\"elementor-element elementor-element-iw-raeuchern-lit-bw e-con-full e-flex e-con e-child\" data-id=\"iw-raeuchern-lit-bw\" data-element_type=\"container\" data-e-type=\"container\">\n\t\t\t\t<div class=\"elementor-element elementor-element-iwgs-raeuchern-litt elementor-widget elementor-widget-html\" data-id=\"iwgs-raeuchern-litt\" data-element_type=\"widget\" data-e-type=\"widget\" data-widget_type=\"html.default\">\n\t\t\t\t\t<footer data-nosnippet=\"true\"><ul><li>Handw\u00f6rterbuch des deutschen Aberglaubens. Hrsg. von Hanns B\u00e4chtold-St\u00e4ubli. Bd. 9, Artikel \u201eZw\u00f6lften\". Berlin: de Gruyter, 1938-1941.<\/li><li>Dietz-R\u00fcdiger Moser: Br\u00e4uche und Feste im christlichen Jahreslauf. Brauchformen der Gegenwart in kulturgeschichtlichen Zusammenh\u00e4ngen. Graz: Styria, 1993.<\/li><li>Manfred Becker-Huberti: Feiern, Feste, Jahreszeiten. Lebendige Br\u00e4uche im ganzen Jahr. Freiburg: Herder, 2001.<\/li><li>Marianne Rumpf: Perchten. Popul\u00e4re Glaubensgestalten zwischen Mythos und Katechese. W\u00fcrzburg: K\u00f6nigshausen und Neumann, 1991.<\/li><\/ul><\/footer>\t\t\t\t<\/div>\n\t\t\t\t<\/div>\n\t\t\t\t\t<\/div>\n\t\t\t\t<\/div>\n\t\t<div class=\"elementor-element elementor-element-iwgs-raeuchern-kwd e-flex e-con-boxed e-con e-parent\" data-id=\"iwgs-raeuchern-kwd\" data-element_type=\"container\" data-e-type=\"container\">\n\t\t\t\t\t<div class=\"e-con-inner\">\n\t\t<div class=\"elementor-element elementor-element-iw-raeuchern-kwd-bw e-con-full e-flex e-con e-child\" data-id=\"iw-raeuchern-kwd-bw\" data-element_type=\"container\" data-e-type=\"container\">\n\t\t\t\t<div class=\"elementor-element elementor-element-iwgs-raeuchern-kwdt elementor-widget elementor-widget-text-editor\" data-id=\"iwgs-raeuchern-kwdt\" data-element_type=\"widget\" data-e-type=\"widget\" data-widget_type=\"text-editor.default\">\n\t\t\t\t\t\t\t\t\t<p><em>Srodni klju\u010dni pojmovi: rauhnaechte raunaechte zwoelften raeuchern losnaechte perchtennacht.<\/em><\/p>\t\t\t\t\t\t\t\t<\/div>\n\t\t\t\t<\/div>\n\t\t\t\t\t<\/div>\n\t\t\t\t<\/div>\n\t\t<div class=\"elementor-element elementor-element-iwgs-raeuchern-cc e-flex e-con-boxed e-con e-parent\" data-id=\"iwgs-raeuchern-cc\" data-element_type=\"container\" data-e-type=\"container\" id=\"iwg-cc-raeuchern\">\n\t\t\t\t\t<div class=\"e-con-inner\">\n\t\t<div class=\"elementor-element elementor-element-iwgs-raeuchern-ccinner e-flex e-con-boxed e-con e-child\" data-id=\"iwgs-raeuchern-ccinner\" data-element_type=\"container\" data-e-type=\"container\" data-settings=\"{&quot;background_background&quot;:&quot;classic&quot;}\">\n\t\t\t\t\t<div class=\"e-con-inner\">\n\t\t\t\t<div class=\"elementor-element elementor-element-iwgs-raeuchern-cch elementor-widget elementor-widget-heading\" data-id=\"iwgs-raeuchern-cch\" data-element_type=\"widget\" data-e-type=\"widget\" data-widget_type=\"heading.default\">\n\t\t\t\t\t<h2 class=\"elementor-heading-title elementor-size-default\">iWell Guard i tradicije za\u0161tite<\/h2>\t\t\t\t<\/div>\n\t\t\t\t<div class=\"elementor-element elementor-element-iwgs-raeuchern-cct elementor-widget elementor-widget-text-editor\" data-id=\"iwgs-raeuchern-cct\" data-element_type=\"widget\" data-e-type=\"widget\" data-widget_type=\"text-editor.default\">\n\t\t\t\t\t\t\t\t\t<p>Raznolikost praksi okurivanja pokazuje da su ljudi na razli\u010ditim kontinentima do\u0161li do sli\u010dnih zaklju\u010daka: prostor ili osoba mogu ciljanim radnjama biti dovedeni u stanje koje ote\u017eava ili sprje\u010dava utjecaj izvana.<\/p><p><a href=\"https:\/\/iwell-guard.com\/hr\/zastitni-privjesak-iwell-guard-kupiti\/\">iWell Guard<\/a> preuzima te predaje i sa\u017eima ih u za\u0161titnom znaku koji se nosi na tijelu. \u0160to su kulture okurivanjem postizale za prostor, privjesak treba posti\u0107i za osobu: trajno, uz sebe no\u0161eno sje\u0107anje na volju za za\u0161titom, njegovano iz tradicija koje nadilaze kulture.<\/p>\t\t\t\t\t\t\t\t<\/div>\n\t\t\t\t<div class=\"elementor-element elementor-element-iwgs-raeuchern-ccb iwg-cc-button iwg-cc-cta-2026-05-13 elementor-widget elementor-widget-jet-button\" data-id=\"iwgs-raeuchern-ccb\" data-element_type=\"widget\" data-e-type=\"widget\" data-widget_type=\"jet-button.default\">\n\t\t\t\t<div class=\"elementor-widget-container\">\n\t\t\t\t\t<div class=\"elementor-jet-button jet-elements\"><div class=\"jet-button__container\"><a class=\"jet-button__instance jet-button__instance--icon-left hover-effect-1\" href=\"\/schutzanhaenger-iwell-guard-kaufen\/?utm_source=iwell-guard.com&amp;utm_medium=info-box&amp;utm_campaign=schutzsymbole\"><div class=\"jet-button__plane jet-button__plane-normal\"><\/div><div class=\"jet-button__plane jet-button__plane-hover\"><\/div><div class=\"jet-button__state jet-button__state-normal\"><span class=\"jet-button__label\">Vi\u0161e o iWell Guardu<\/span><\/div><div class=\"jet-button__state jet-button__state-hover\"><span class=\"jet-button__label\">Vi\u0161e o iWell Guardu<\/span><\/div><\/a><\/div><\/div><style>.elementor-element.elementor-element-iwgs-raeuchern-ccb .jet-button__instance{width:320px;height:56px;}.elementor-element.elementor-element-iwgs-raeuchern-ccb .jet-button__state-normal .jet-button__label{text-align:center;margin:0px 0px 0px 0px;color:#1a1b20;font-family:Montserrat,sans-serif;font-size:13px;font-weight:400;letter-spacing:4px;line-height:1.714em;text-transform:uppercase;}.elementor-element.elementor-element-iwgs-raeuchern-ccb .jet-button__state-hover .jet-button__label{text-align:center;margin:0px 0px 0px 0px;color:#FECC76;font-family:Montserrat,sans-serif;font-size:13px;font-weight:400;letter-spacing:4px;line-height:1.714em;text-transform:uppercase;}.elementor-element.elementor-element-iwgs-raeuchern-ccb .jet-button__plane-normal{background-color:#FECC76;border-style:solid;border-color:#C99540;border-width:2px 2px 2px 2px;}.elementor-element.elementor-element-iwgs-raeuchern-ccb .jet-button__plane-hover{background-color:rgba(0,0,0,0.55);border-style:solid;border-color:#FECC76;border-width:2px 2px 2px 2px;}<\/style>\t\t\t\t<\/div>\n\t\t\t\t<\/div>\n\t\t\t\t<div class=\"elementor-element elementor-element-iwgs-raeuchern-ccd elementor-widget elementor-widget-text-editor\" data-id=\"iwgs-raeuchern-ccd\" data-element_type=\"widget\" data-e-type=\"widget\" data-widget_type=\"text-editor.default\">\n\t\t\t\t\t\t\t\t\t<p style=\"text-align:center;font-size:13px;opacity:0.7;margin-top:14px\" data-nosnippet=\"true\">Osobna iskustva mogu se razlikovati. Nije medicinski proizvod. Nema obe\u0107anja izlje\u010denja.<\/p>\t\t\t\t\t\t\t\t<\/div>\n\t\t\t\t\t<\/div>\n\t\t\t\t<\/div>\n\t\t\t\t\t<\/div>\n\t\t\t\t<\/div>\n\t\t<div class=\"elementor-element elementor-element-iwgs-raeuchern-disc e-flex e-con-boxed e-con e-parent\" data-id=\"iwgs-raeuchern-disc\" data-element_type=\"container\" data-e-type=\"container\">\n\t\t\t\t\t<div class=\"e-con-inner\">\n\t\t<div class=\"elementor-element elementor-element-iw-raeuchern-disc-bw e-con-full e-flex e-con e-child\" data-id=\"iw-raeuchern-disc-bw\" data-element_type=\"container\" data-e-type=\"container\">\n\t\t\t\t<div class=\"elementor-element elementor-element-iwgs-raeuchern-discw elementor-widget elementor-widget-html\" data-id=\"iwgs-raeuchern-discw\" data-element_type=\"widget\" data-e-type=\"widget\" data-widget_type=\"html.default\">\n\t\t\t\t\t<footer data-nosnippet=\"true\" class=\"iwg-disclaimer-block\"><p data-nosnippet=\"true\">iWell Guard <strong>nije medicinski proizvod<\/strong> i ne zamjenjuje lije\u010dni\u010dko ili psihoterapijsko lije\u010denje. Sadr\u017eaji prikazani ovdje predstavljaju religiolo\u0161ku i kulturno-povijesnu interpretaciju, a ne obe\u0107anje duhovnog djelovanja.<\/p><\/footer>\t\t\t\t<\/div>\n\t\t\t\t<\/div>\n\t\t\t\t\t<\/div>\n\t\t\t\t<\/div>\n\t\t\t\t<\/div>\n\t\t","protected":false},"excerpt":{"rendered":"","protected":false},"author":1,"featured_media":4143,"parent":0,"menu_order":0,"comment_status":"closed","ping_status":"closed","template":"elementor_header_footer","meta":{"_yoast_wpseo_focuskw":"rauhn\u00e4chte","_yoast_wpseo_title":"Rauhn\u00e4chte: zna\u010denje, rituali i datumi","_yoast_wpseo_metadesc":"\u0160to su Rauhn\u00e4chte? Zna\u010denje dvanaest no\u0107i izme\u0111u godina, obi\u010daji i zabrane, ka\u0111enje i proricanje, od Frau Perchte do Divljeg lova.","_yoast_wpseo_meta-robots-noindex":"","_yoast_wpseo_canonical":"","_angie_page":false,"gefaehrdungsstufe":"","wesen_kultur":"","wesen_klasse":"","footnotes":""},"categories":[],"class_list":["post-150606","page","type-page","status-publish","has-post-thumbnail","hentry"],"yoast_head":"<!-- This site is optimized with the Yoast SEO Premium plugin v27.7 (Yoast SEO v28.3) - https:\/\/yoast.com\/product\/yoast-seo-premium-wordpress\/ -->\n<title>Rauhn\u00e4chte: zna\u010denje, rituali i datumi<\/title>\n<meta name=\"description\" content=\"\u0160to su Rauhn\u00e4chte? Zna\u010denje dvanaest no\u0107i izme\u0111u godina, obi\u010daji i zabrane, ka\u0111enje i proricanje, od Frau Perchte do Divljeg lova.\" \/>\n<meta name=\"robots\" content=\"index, follow, max-snippet:-1, max-image-preview:large, max-video-preview:-1\" \/>\n<link rel=\"canonical\" href=\"https:\/\/iwell-guard.com\/hr\/rauhnachte\/\" \/>\n<meta property=\"og:locale\" content=\"hr_HR\" \/>\n<meta property=\"og:type\" content=\"article\" \/>\n<meta property=\"og:title\" content=\"Rauhn\u00e4chte\" \/>\n<meta property=\"og:description\" content=\"\u0160to su Rauhn\u00e4chte? Zna\u010denje dvanaest no\u0107i izme\u0111u godina, obi\u010daji i zabrane, ka\u0111enje i proricanje, od Frau Perchte do Divljeg lova.\" \/>\n<meta property=\"og:url\" content=\"https:\/\/iwell-guard.com\/hr\/rauhnachte\/\" \/>\n<meta property=\"og:site_name\" content=\"iWell Guard\" \/>\n<meta property=\"article:modified_time\" content=\"2026-09-04T05:53:03+00:00\" \/>\n<meta property=\"og:image\" content=\"https:\/\/iwell-guard.com\/wp-content\/uploads\/2026\/05\/schutzsymbol_universell_raeuchern-683x1024.png\" \/>\n\t<meta property=\"og:image:width\" content=\"683\" \/>\n\t<meta property=\"og:image:height\" content=\"1024\" \/>\n\t<meta property=\"og:image:type\" content=\"image\/png\" \/>\n<meta name=\"twitter:card\" content=\"summary_large_image\" \/>\n<script type=\"application\/ld+json\" class=\"yoast-schema-graph\">{\"@context\":\"https:\\\/\\\/schema.org\",\"@graph\":[{\"@type\":\"WebPage\",\"@id\":\"https:\\\/\\\/iwell-guard.com\\\/hr\\\/rauhnachte\\\/\",\"url\":\"https:\\\/\\\/iwell-guard.com\\\/hr\\\/rauhnachte\\\/\",\"name\":\"Rauhn\u00e4chte: zna\u010denje, rituali i datumi\",\"isPartOf\":{\"@id\":\"https:\\\/\\\/iwell-guard.com\\\/hr\\\/#website\"},\"primaryImageOfPage\":{\"@id\":\"https:\\\/\\\/iwell-guard.com\\\/hr\\\/rauhnachte\\\/#primaryimage\"},\"image\":{\"@id\":\"https:\\\/\\\/iwell-guard.com\\\/hr\\\/rauhnachte\\\/#primaryimage\"},\"thumbnailUrl\":\"https:\\\/\\\/iwell-guard.com\\\/wp-content\\\/uploads\\\/2026\\\/05\\\/schutzsymbol_universell_raeuchern.png\",\"datePublished\":\"2026-09-04T05:20:20+00:00\",\"dateModified\":\"2026-09-04T05:53:03+00:00\",\"description\":\"\u0160to su Rauhn\u00e4chte? Zna\u010denje dvanaest no\u0107i izme\u0111u godina, obi\u010daji i zabrane, ka\u0111enje i proricanje, od Frau Perchte do Divljeg lova.\",\"breadcrumb\":{\"@id\":\"https:\\\/\\\/iwell-guard.com\\\/hr\\\/rauhnachte\\\/#breadcrumb\"},\"inLanguage\":\"hr\",\"potentialAction\":[{\"@type\":\"ReadAction\",\"target\":[\"https:\\\/\\\/iwell-guard.com\\\/hr\\\/rauhnachte\\\/\"]}]},{\"@type\":\"ImageObject\",\"inLanguage\":\"hr\",\"@id\":\"https:\\\/\\\/iwell-guard.com\\\/hr\\\/rauhnachte\\\/#primaryimage\",\"url\":\"https:\\\/\\\/iwell-guard.com\\\/wp-content\\\/uploads\\\/2026\\\/05\\\/schutzsymbol_universell_raeuchern.png\",\"contentUrl\":\"https:\\\/\\\/iwell-guard.com\\\/wp-content\\\/uploads\\\/2026\\\/05\\\/schutzsymbol_universell_raeuchern.png\",\"width\":1024,\"height\":1536,\"caption\":\"Oka\u0111ivanje i \u010di\u0161\u0107enje \u2013 dim koji se uzdi\u017ee kao simbol pro\u010di\u0161\u0107enja\"},{\"@type\":\"BreadcrumbList\",\"@id\":\"https:\\\/\\\/iwell-guard.com\\\/hr\\\/rauhnachte\\\/#breadcrumb\",\"itemListElement\":[{\"@type\":\"ListItem\",\"position\":1,\"name\":\"Start\",\"item\":\"https:\\\/\\\/iwell-guard.com\\\/hr\\\/?page_id=149317\"},{\"@type\":\"ListItem\",\"position\":2,\"name\":\"Rauhn\u00e4chte\"}]},{\"@type\":\"WebSite\",\"@id\":\"https:\\\/\\\/iwell-guard.com\\\/hr\\\/#website\",\"url\":\"https:\\\/\\\/iwell-guard.com\\\/hr\\\/\",\"name\":\"iWell Guard\",\"description\":\"Schutz vor dunklen Einfl\u00fcssen\",\"publisher\":{\"@id\":\"https:\\\/\\\/iwell-guard.com\\\/hr\\\/#organization\"},\"potentialAction\":[{\"@type\":\"SearchAction\",\"target\":{\"@type\":\"EntryPoint\",\"urlTemplate\":\"https:\\\/\\\/iwell-guard.com\\\/hr\\\/?s={search_term_string}\"},\"query-input\":{\"@type\":\"PropertyValueSpecification\",\"valueRequired\":true,\"valueName\":\"search_term_string\"}}],\"inLanguage\":\"hr\"},{\"@type\":\"Organization\",\"@id\":\"https:\\\/\\\/iwell-guard.com\\\/hr\\\/#organization\",\"name\":\"Ittermann electronic GmbH\",\"url\":\"https:\\\/\\\/iwell-guard.com\\\/hr\\\/\",\"logo\":{\"@type\":\"ImageObject\",\"inLanguage\":\"hr\",\"@id\":\"https:\\\/\\\/iwell-guard.com\\\/hr\\\/#\\\/schema\\\/logo\\\/image\\\/\",\"url\":\"https:\\\/\\\/iwell-guard.com\\\/wp-content\\\/uploads\\\/2026\\\/05\\\/Ittermann-Logo-1182x237-1.png\",\"contentUrl\":\"https:\\\/\\\/iwell-guard.com\\\/wp-content\\\/uploads\\\/2026\\\/05\\\/Ittermann-Logo-1182x237-1.png\",\"width\":1182,\"height\":237,\"caption\":\"Ittermann electronic GmbH\"},\"image\":{\"@id\":\"https:\\\/\\\/iwell-guard.com\\\/hr\\\/#\\\/schema\\\/logo\\\/image\\\/\"},\"sameAs\":[\"https:\\\/\\\/pantip.com\\\/profile\\\/9367242\",\"https:\\\/\\\/micro.blog\\\/iwellguard\",\"https:\\\/\\\/www.diggerslist.com\\\/iwellguard\\\/about\",\"https:\\\/\\\/skitterphoto.com\\\/photographers\\\/2870314\\\/iwell-guard\",\"https:\\\/\\\/iwellguard.wordpress.com\\\/2026\\\/06\\\/06\\\/iwell-guard\\\/\",\"https:\\\/\\\/hub.docker.com\\\/u\\\/iwellguard\",\"https:\\\/\\\/www.pinterest.com\\\/iwellguard\\\/\",\"https:\\\/\\\/bit.ly\\\/m\\\/iwellguard\",\"https:\\\/\\\/entre-vos-mains.alsace.eu\\\/profiles\\\/iwellguard\\\/activity\",\"https:\\\/\\\/gravatar.com\\\/reallybeded8fd34\",\"https:\\\/\\\/naijamatta.com\\\/iwellguard\",\"https:\\\/\\\/www.goodreads.com\\\/iwellguard\",\"https:\\\/\\\/profile.hatena.ne.jp\\\/iwellguard\\\/\",\"https:\\\/\\\/experiment.com\\\/users\\\/iwellguard\",\"https:\\\/\\\/wakelet.com\\\/@iWellGuard82270\",\"https:\\\/\\\/www.chordie.com\\\/forum\\\/profile.php?id=2555664\",\"https:\\\/\\\/www.instapaper.com\\\/p\\\/17757966\",\"https:\\\/\\\/www.mapleprimes.com\\\/users\\\/iwellguard\",\"https:\\\/\\\/businesslistingplus.com\\\/profile\\\/iwell-guard\\\/\",\"https:\\\/\\\/telegra.ph\\\/iWell-Guard-06-06\",\"https:\\\/\\\/pbase.com\\\/iwellguard\\\/iwellguard\",\"https:\\\/\\\/b.hatena.ne.jp\\\/iwellguard\\\/20260607#bookmark-4788405196491818882\",\"https:\\\/\\\/fliphtml5.com\\\/home\\\/iwellguard\",\"https:\\\/\\\/anyflip.com\\\/homepage\\\/cmiwl#About\",\"https:\\\/\\\/transfur.com\\\/Users\\\/iwellguard\",\"http:\\\/\\\/delphi.larsbo.org\\\/user\\\/iwellguard\",\"https:\\\/\\\/jobs.lajobsportal.org\\\/profiles\\\/8380803-iwell-guard\",\"https:\\\/\\\/md.chaosdorf.de\\\/s\\\/jfbe5SBdJD\",\"https:\\\/\\\/www.lingvolive.com\\\/en-us\\\/profile\\\/9ecaeaca-ce11-4e51-9e71-01d55e2bff36\\\/translations\",\"https:\\\/\\\/www.fitday.com\\\/fitness\\\/forums\\\/members\\\/iwellguard.html\",\"https:\\\/\\\/www.mymeetbook.com\\\/iwellguard\",\"https:\\\/\\\/pxhere.com\\\/en\\\/photographer-me\\\/5040798\",\"https:\\\/\\\/disqus.com\\\/by\\\/iwellguard\\\/about\\\/\",\"https:\\\/\\\/pastelink.net\\\/hjwciqwq\",\"https:\\\/\\\/pubhtml5.com\\\/homepage\\\/scjhn\\\/\",\"https:\\\/\\\/www.bitchute.com\\\/channel\\\/2O2eOKzNqujT\",\"https:\\\/\\\/audiomack.com\\\/iwellguard\"]}]}<\/script>\n<!-- \/ Yoast SEO Premium plugin. -->","yoast_head_json":{"title":"Rauhn\u00e4chte: zna\u010denje, rituali i datumi","description":"\u0160to su Rauhn\u00e4chte? Zna\u010denje dvanaest no\u0107i izme\u0111u godina, obi\u010daji i zabrane, ka\u0111enje i proricanje, od Frau Perchte do Divljeg lova.","robots":{"index":"index","follow":"follow","max-snippet":"max-snippet:-1","max-image-preview":"max-image-preview:large","max-video-preview":"max-video-preview:-1"},"canonical":"https:\/\/iwell-guard.com\/hr\/rauhnachte\/","og_locale":"hr_HR","og_type":"article","og_title":"Rauhn\u00e4chte","og_description":"\u0160to su Rauhn\u00e4chte? Zna\u010denje dvanaest no\u0107i izme\u0111u godina, obi\u010daji i zabrane, ka\u0111enje i proricanje, od Frau Perchte do Divljeg lova.","og_url":"https:\/\/iwell-guard.com\/hr\/rauhnachte\/","og_site_name":"iWell Guard","article_modified_time":"2026-09-04T05:53:03+00:00","og_image":[{"width":683,"height":1024,"url":"https:\/\/iwell-guard.com\/wp-content\/uploads\/2026\/05\/schutzsymbol_universell_raeuchern-683x1024.png","type":"image\/png"}],"twitter_card":"summary_large_image","schema":{"@context":"https:\/\/schema.org","@graph":[{"@type":"WebPage","@id":"https:\/\/iwell-guard.com\/hr\/rauhnachte\/","url":"https:\/\/iwell-guard.com\/hr\/rauhnachte\/","name":"Rauhn\u00e4chte: zna\u010denje, rituali i datumi","isPartOf":{"@id":"https:\/\/iwell-guard.com\/hr\/#website"},"primaryImageOfPage":{"@id":"https:\/\/iwell-guard.com\/hr\/rauhnachte\/#primaryimage"},"image":{"@id":"https:\/\/iwell-guard.com\/hr\/rauhnachte\/#primaryimage"},"thumbnailUrl":"https:\/\/iwell-guard.com\/wp-content\/uploads\/2026\/05\/schutzsymbol_universell_raeuchern.png","datePublished":"2026-09-04T05:20:20+00:00","dateModified":"2026-09-04T05:53:03+00:00","description":"\u0160to su Rauhn\u00e4chte? Zna\u010denje dvanaest no\u0107i izme\u0111u godina, obi\u010daji i zabrane, ka\u0111enje i proricanje, od Frau Perchte do Divljeg lova.","breadcrumb":{"@id":"https:\/\/iwell-guard.com\/hr\/rauhnachte\/#breadcrumb"},"inLanguage":"hr","potentialAction":[{"@type":"ReadAction","target":["https:\/\/iwell-guard.com\/hr\/rauhnachte\/"]}]},{"@type":"ImageObject","inLanguage":"hr","@id":"https:\/\/iwell-guard.com\/hr\/rauhnachte\/#primaryimage","url":"https:\/\/iwell-guard.com\/wp-content\/uploads\/2026\/05\/schutzsymbol_universell_raeuchern.png","contentUrl":"https:\/\/iwell-guard.com\/wp-content\/uploads\/2026\/05\/schutzsymbol_universell_raeuchern.png","width":1024,"height":1536,"caption":"Oka\u0111ivanje i \u010di\u0161\u0107enje \u2013 dim koji se uzdi\u017ee kao simbol pro\u010di\u0161\u0107enja"},{"@type":"BreadcrumbList","@id":"https:\/\/iwell-guard.com\/hr\/rauhnachte\/#breadcrumb","itemListElement":[{"@type":"ListItem","position":1,"name":"Start","item":"https:\/\/iwell-guard.com\/hr\/?page_id=149317"},{"@type":"ListItem","position":2,"name":"Rauhn\u00e4chte"}]},{"@type":"WebSite","@id":"https:\/\/iwell-guard.com\/hr\/#website","url":"https:\/\/iwell-guard.com\/hr\/","name":"iWell Guard","description":"Schutz vor dunklen Einfl\u00fcssen","publisher":{"@id":"https:\/\/iwell-guard.com\/hr\/#organization"},"potentialAction":[{"@type":"SearchAction","target":{"@type":"EntryPoint","urlTemplate":"https:\/\/iwell-guard.com\/hr\/?s={search_term_string}"},"query-input":{"@type":"PropertyValueSpecification","valueRequired":true,"valueName":"search_term_string"}}],"inLanguage":"hr"},{"@type":"Organization","@id":"https:\/\/iwell-guard.com\/hr\/#organization","name":"Ittermann electronic GmbH","url":"https:\/\/iwell-guard.com\/hr\/","logo":{"@type":"ImageObject","inLanguage":"hr","@id":"https:\/\/iwell-guard.com\/hr\/#\/schema\/logo\/image\/","url":"https:\/\/iwell-guard.com\/wp-content\/uploads\/2026\/05\/Ittermann-Logo-1182x237-1.png","contentUrl":"https:\/\/iwell-guard.com\/wp-content\/uploads\/2026\/05\/Ittermann-Logo-1182x237-1.png","width":1182,"height":237,"caption":"Ittermann electronic GmbH"},"image":{"@id":"https:\/\/iwell-guard.com\/hr\/#\/schema\/logo\/image\/"},"sameAs":["https:\/\/pantip.com\/profile\/9367242","https:\/\/micro.blog\/iwellguard","https:\/\/www.diggerslist.com\/iwellguard\/about","https:\/\/skitterphoto.com\/photographers\/2870314\/iwell-guard","https:\/\/iwellguard.wordpress.com\/2026\/06\/06\/iwell-guard\/","https:\/\/hub.docker.com\/u\/iwellguard","https:\/\/www.pinterest.com\/iwellguard\/","https:\/\/bit.ly\/m\/iwellguard","https:\/\/entre-vos-mains.alsace.eu\/profiles\/iwellguard\/activity","https:\/\/gravatar.com\/reallybeded8fd34","https:\/\/naijamatta.com\/iwellguard","https:\/\/www.goodreads.com\/iwellguard","https:\/\/profile.hatena.ne.jp\/iwellguard\/","https:\/\/experiment.com\/users\/iwellguard","https:\/\/wakelet.com\/@iWellGuard82270","https:\/\/www.chordie.com\/forum\/profile.php?id=2555664","https:\/\/www.instapaper.com\/p\/17757966","https:\/\/www.mapleprimes.com\/users\/iwellguard","https:\/\/businesslistingplus.com\/profile\/iwell-guard\/","https:\/\/telegra.ph\/iWell-Guard-06-06","https:\/\/pbase.com\/iwellguard\/iwellguard","https:\/\/b.hatena.ne.jp\/iwellguard\/20260607#bookmark-4788405196491818882","https:\/\/fliphtml5.com\/home\/iwellguard","https:\/\/anyflip.com\/homepage\/cmiwl#About","https:\/\/transfur.com\/Users\/iwellguard","http:\/\/delphi.larsbo.org\/user\/iwellguard","https:\/\/jobs.lajobsportal.org\/profiles\/8380803-iwell-guard","https:\/\/md.chaosdorf.de\/s\/jfbe5SBdJD","https:\/\/www.lingvolive.com\/en-us\/profile\/9ecaeaca-ce11-4e51-9e71-01d55e2bff36\/translations","https:\/\/www.fitday.com\/fitness\/forums\/members\/iwellguard.html","https:\/\/www.mymeetbook.com\/iwellguard","https:\/\/pxhere.com\/en\/photographer-me\/5040798","https:\/\/disqus.com\/by\/iwellguard\/about\/","https:\/\/pastelink.net\/hjwciqwq","https:\/\/pubhtml5.com\/homepage\/scjhn\/","https:\/\/www.bitchute.com\/channel\/2O2eOKzNqujT","https:\/\/audiomack.com\/iwellguard"]}]}},"_links":{"self":[{"href":"https:\/\/iwell-guard.com\/hr\/wp-json\/wp\/v2\/pages\/150606","targetHints":{"allow":["GET"]}}],"collection":[{"href":"https:\/\/iwell-guard.com\/hr\/wp-json\/wp\/v2\/pages"}],"about":[{"href":"https:\/\/iwell-guard.com\/hr\/wp-json\/wp\/v2\/types\/page"}],"author":[{"embeddable":true,"href":"https:\/\/iwell-guard.com\/hr\/wp-json\/wp\/v2\/users\/1"}],"replies":[{"embeddable":true,"href":"https:\/\/iwell-guard.com\/hr\/wp-json\/wp\/v2\/comments?post=150606"}],"version-history":[{"count":0,"href":"https:\/\/iwell-guard.com\/hr\/wp-json\/wp\/v2\/pages\/150606\/revisions"}],"wp:featuredmedia":[{"embeddable":true,"href":"https:\/\/iwell-guard.com\/hr\/wp-json\/wp\/v2\/media\/4143"}],"wp:attachment":[{"href":"https:\/\/iwell-guard.com\/hr\/wp-json\/wp\/v2\/media?parent=150606"}],"wp:term":[{"taxonomy":"category","embeddable":true,"href":"https:\/\/iwell-guard.com\/hr\/wp-json\/wp\/v2\/categories?post=150606"}],"curies":[{"name":"wp","href":"https:\/\/api.w.org\/{rel}","templated":true}]}}