{"id":150597,"date":"2026-09-04T05:20:16","date_gmt":"2026-09-04T05:20:16","guid":{"rendered":"https:\/\/iwell-guard.com\/?page_id=150597"},"modified":"2026-09-04T05:52:48","modified_gmt":"2026-09-04T05:52:48","slug":"alpske-legende","status":"publish","type":"page","link":"https:\/\/iwell-guard.com\/hr\/alpske-legende\/","title":{"rendered":"Alpske legende"},"content":{"rendered":"\t\t<div data-elementor-type=\"wp-page\" data-elementor-id=\"150597\" class=\"elementor elementor-150597 elementor-20578 elementor-bc-flex-widget\" data-elementor-post-type=\"page\">\n\t\t\t\t<div class=\"elementor-element elementor-element-iwgcn-sami-hero iwg-kultur-hero e-flex e-con-boxed e-con e-parent\" data-id=\"iwgcn-sami-hero\" data-element_type=\"container\" data-e-type=\"container\">\n\t\t\t\t\t<div class=\"e-con-inner\">\n\t\t<div class=\"elementor-element elementor-element-iwgcn-sami-hl iwg-kultur-hero-left e-flex e-con-boxed e-con e-child\" data-id=\"iwgcn-sami-hl\" data-element_type=\"container\" data-e-type=\"container\">\n\t\t\t\t\t<div class=\"e-con-inner\">\n\t\t\t\t<div class=\"elementor-element elementor-element-iwgcn-sami-h1 elementor-widget elementor-widget-heading\" data-id=\"iwgcn-sami-h1\" data-element_type=\"widget\" data-e-type=\"widget\" data-widget_type=\"heading.default\">\n\t\t\t\t\t<h1 class=\"elementor-heading-title elementor-size-default\">Perchta, Krampus i svijet legendi Alpa<\/h1>\t\t\t\t<\/div>\n\t\t<div class=\"elementor-element elementor-element-iwgcn-sami-leadc e-con-full e-flex e-con e-child\" data-id=\"iwgcn-sami-leadc\" data-element_type=\"container\" data-e-type=\"container\">\n\t\t\t\t<div class=\"elementor-element elementor-element-iwgcn-sami-lead elementor-widget elementor-widget-text-editor\" data-id=\"iwgcn-sami-lead\" data-element_type=\"widget\" data-e-type=\"widget\" data-widget_type=\"text-editor.default\">\n\t\t\t\t\t\t\t\t\t<p>Svijet legendi alpskog prostora, od Bavarske preko Austrije i \u0160vicarske do Ju\u017enog Tirola, povezuje zimski krug obi\u010daja Rauhn\u00e4chte (dvanaest no\u0107i izme\u0111u Bo\u017ei\u0107a i Bogojavljenja, kojima se u narodnom vjerovanju pripisuju posebne mo\u0107i) s Perchtom i Krampusom, planinskim duhovima kao \u0161to je Kasermandl, no\u0107nim stra\u0161ilima kao \u0161to su Drud i Toggeli, te planinskim legendama o Tatzelwurmu. Ova predaja duboko je povezana sa selja\u010dkim planinskim gospodarstvom, katoli\u010dkom crkvenom godinom i lokalnim obi\u010dajima kao \u0161to su povorke Perchten (Perchtenl\u00e4ufe).<\/p>\n<p class=\"iwg-kwfix\">Alpske legende obuhva\u0107aju mno\u0161tvo regionalno razli\u010ditih bi\u0107a, od \u0161umske \u017eene do planinskog patuljka, koja su i danas \u017eiva u obi\u010dajima, pripovijedanju i turizmu alpskih regija.<\/p>\t\t\t\t\t\t\t\t<\/div>\n\t\t\t\t<\/div>\n\t\t\t\t\t<\/div>\n\t\t\t\t<\/div>\n\t\t<div class=\"elementor-element elementor-element-iwgcn-sami-hr iwg-kultur-hero-right e-flex e-con-boxed e-con e-child\" data-id=\"iwgcn-sami-hr\" data-element_type=\"container\" data-e-type=\"container\">\n\t\t\t\t\t<div class=\"e-con-inner\">\n\t\t\t\t<div class=\"elementor-element elementor-element-iwgcn-sami-himg iwg-hero-image elementor-widget elementor-widget-image\" data-id=\"iwgcn-sami-himg\" data-element_type=\"widget\" data-e-type=\"widget\" data-widget_type=\"image.default\">\n\t\t\t\t\t\t\t\t\t\t\t\t\t\t\t<img fetchpriority=\"high\" decoding=\"async\" width=\"683\" height=\"1024\" src=\"https:\/\/iwell-guard.com\/wp-content\/uploads\/2026\/05\/goetter_sami_beaivi-683x1024.webp\" class=\"attachment-large size-large wp-image-151505\" alt=\"Beaivi - bo\u017eanstva iz samske tradicije, povijesno-ilustrativno\" srcset=\"https:\/\/iwell-guard.com\/wp-content\/uploads\/2026\/05\/goetter_sami_beaivi-683x1024.webp 683w, https:\/\/iwell-guard.com\/wp-content\/uploads\/2026\/05\/goetter_sami_beaivi-200x300.webp 200w, https:\/\/iwell-guard.com\/wp-content\/uploads\/2026\/05\/goetter_sami_beaivi-768x1152.webp 768w, https:\/\/iwell-guard.com\/wp-content\/uploads\/2026\/05\/goetter_sami_beaivi.webp 1024w\" sizes=\"(max-width: 683px) 100vw, 683px\" \/>\t\t\t\t\t\t\t\t\t\t\t\t\t\t\t<\/div>\n\t\t\t\t\t<\/div>\n\t\t\t\t<\/div>\n\t\t\t\t\t<\/div>\n\t\t\t\t<\/div>\n\t\t\t\t<section class=\"elementor-section elementor-top-section elementor-element elementor-element-sec-iwgcomp-sami elementor-section-boxed elementor-section-height-default elementor-section-height-default\" data-id=\"sec-iwgcomp-sami\" data-element_type=\"section\" data-e-type=\"section\">\n\t\t\t\t\t\t<div class=\"elementor-container elementor-column-gap-default\">\n\t\t\t\t\t<div class=\"elementor-column elementor-col-100 elementor-top-column elementor-element elementor-element-col-iwgcomp-sami\" data-id=\"col-iwgcomp-sami\" data-element_type=\"column\" data-e-type=\"column\">\n\t\t\t<div class=\"elementor-widget-wrap elementor-element-populated\">\n\t\t\t\t\t\t<div class=\"elementor-element elementor-element-iwgcomp-sami elementor-widget elementor-widget-text-editor\" data-id=\"iwgcomp-sami\" data-element_type=\"widget\" data-e-type=\"widget\" data-widget_type=\"text-editor.default\">\n\t\t\t\t\t\t\t\t\t<p>Alpska <strong><span class=\"iwg-fachbegriff\" data-tooltip=\"Dvanaest no\u0107i izme\u0111u Bo\u017ei\u0107a i Bogojavljenja, kojima se u narodnom vjerovanju pripisuju posebne mo\u0107i.\" tabindex=\"0\">tradicija Rauhn\u00e4chte<\/span><\/strong> \u010dini okvir za ve\u0107i dio zimskih legendarnih likova alpskog prostora.<\/p>\n<p class=\"iwg-kwfix\">Alpske legende dijele se na likove Rauhn\u00e4chte kao \u0161to su <a href=\"https:\/\/iwell-guard.com\/hr\/?page_id=150560\">Perchta<\/a> i <a href=\"https:\/\/iwell-guard.com\/hr\/?page_id=150559\">Krampus<\/a>, planinske duhove kao \u0161to su <a href=\"https:\/\/iwell-guard.com\/hr\/?page_id=150571\">Kasermandl<\/a> i <a href=\"https:\/\/iwell-guard.com\/hr\/?page_id=150572\">Venedigermandl<\/a>, no\u0107na stra\u0161ila kao \u0161to su <a href=\"https:\/\/iwell-guard.com\/hr\/?page_id=150564\">Drud<\/a> i <a href=\"https:\/\/iwell-guard.com\/hr\/?page_id=150565\">Toggeli<\/a>, te planinske legende o <a href=\"https:\/\/iwell-guard.com\/hr\/tatzelwurm\/\">Tatzelwurmu<\/a>. Pripovijedaju se i danas u Bavarskoj, Austriji, \u0160vicarskoj i Ju\u017enom Tirolu.<\/p>\t\t\t\t\t\t\t\t<\/div>\n\t\t\t\t\t<\/div>\n\t\t<\/div>\n\t\t\t\t\t<\/div>\n\t\t<\/section>\n\t\t<div class=\"elementor-element elementor-element-iwgcn-sami-s0 e-flex e-con-boxed e-con e-parent\" data-id=\"iwgcn-sami-s0\" data-element_type=\"container\" data-e-type=\"container\">\n\t\t\t\t\t<div class=\"e-con-inner\">\n\t\t\t\t<div class=\"elementor-element elementor-element-iwgcn-sami-s0h elementor-widget elementor-widget-heading\" data-id=\"iwgcn-sami-s0h\" data-element_type=\"widget\" data-e-type=\"widget\" data-widget_type=\"heading.default\">\n\t\t\t\t\t<h2 class=\"elementor-heading-title elementor-size-default\">Bavarska, Austrija, \u0160vicarska, Ju\u017eni Tirol: religiozni krajolik Alpa<\/h2>\t\t\t\t<\/div>\n\t\t<div class=\"elementor-element elementor-element-iwgcn-sami-s0-c e-con-full e-flex e-con e-child\" data-id=\"iwgcn-sami-s0-c\" data-element_type=\"container\" data-e-type=\"container\">\n\t\t\t\t<div class=\"elementor-element elementor-element-iwgcn-sami-s0t elementor-widget elementor-widget-text-editor\" data-id=\"iwgcn-sami-s0t\" data-element_type=\"widget\" data-e-type=\"widget\" data-widget_type=\"text-editor.default\">\n\t\t\t\t\t\t\t\t\t<p>Alpski prostor prete\u017eno je rimokatoli\u010dkog obilje\u017eja, s reformiranim ve\u0107inama u dijelovima \u0160vicarske. Svijet legendi razvijao se stolje\u0107ima u polju napetosti izme\u0111u crkvene pobo\u017enosti i starijih, predkr\u0161\u0107anskih predod\u017ebi o prirodnim i planinskim bi\u0107ima, koje su imale prakti\u010dno zna\u010denje u selja\u010dkom planinskom gospodarstvu.<\/p>\n<p>Od Bavarske preko Tirola, Vorarlberga i \u0160vicarske do Ju\u017enog Tirola, imena i pojavni oblici legendarnih likova znatno se razlikuju; Kasermandl u Tirolu nije nu\u017eno istovjetan sli\u010dnom liku u Berner Oberlandu. Ta raznolikost odra\u017eava malu prostornu razdijeljenost alpskih dolina, u kojima su se pripovjedne tradicije stolje\u0107ima razvijale relativno izolirano.<\/p>\n<p class=\"iwg-kwfix\">Osnovne linije te predaje: godi\u0161nji kalendar s Rauhn\u00e4chte kao prijelaznim vremenom, planinski duhovi kao \u010duvari pa\u0161njaka i stoke, no\u0107na stra\u0161ila kao obja\u0161njenje za no\u0107ne more, te planinske legende kao tuma\u010denje neobja\u0161njivih prirodnih pojava u visokim planinama.<\/p>\t\t\t\t\t\t\t\t<\/div>\n\t\t\t\t<\/div>\n\t\t\t\t\t<\/div>\n\t\t\t\t<\/div>\n\t\t<div class=\"elementor-element elementor-element-iwgcn-sami-s1 e-flex e-con-boxed e-con e-parent\" data-id=\"iwgcn-sami-s1\" data-element_type=\"container\" data-e-type=\"container\">\n\t\t\t\t\t<div class=\"e-con-inner\">\n\t\t\t\t<div class=\"elementor-element elementor-element-iwgcn-sami-s1h elementor-widget elementor-widget-heading\" data-id=\"iwgcn-sami-s1h\" data-element_type=\"widget\" data-e-type=\"widget\" data-widget_type=\"heading.default\">\n\t\t\t\t\t<h2 class=\"elementor-heading-title elementor-size-default\">Perchta i Rauhn\u00e4chte<\/h2>\t\t\t\t<\/div>\n\t\t<div class=\"elementor-element elementor-element-iwgcn-sami-s1-c e-con-full e-flex e-con e-child\" data-id=\"iwgcn-sami-s1-c\" data-element_type=\"container\" data-e-type=\"container\">\n\t\t\t\t<div class=\"elementor-element elementor-element-iwgcn-sami-s1t elementor-widget elementor-widget-text-editor\" data-id=\"iwgcn-sami-s1t\" data-element_type=\"widget\" data-e-type=\"widget\" data-widget_type=\"text-editor.default\">\n\t\t\t\t\t\t\t\t\t<p><a href=\"https:\/\/iwell-guard.com\/hr\/?page_id=150560\">Perchta<\/a>, poznata i kao Frau Percht ili Berchta, jedan je od sredi\u0161njih likova zimskih alpskih obi\u010daja, istovremeno \u0161tovana i strahovana kao gospodarica divlja\u010di, ku\u0107e i posluge. Prema predaji, u vrijeme Rauhn\u00e4chte, izme\u0111u Bo\u017ei\u0107a i Bogojavljenja, prolazi sa svojom pratnjom selima i gospodarstvima, provjerava urednost i marljivost te ka\u017enjava nemar.<\/p>\n<p>Na povorkama Perchtenl\u00e4ufe i danas se javljaju Schiachperchten, ru\u017eni likovi s grotesknim maskama i ko\u017eama, te Sch\u00f6nperchten u rasko\u0161nim kostimima, obi\u010daj koji je posebno \u017eiv u Salzburgu, Tirolu i susjednim regijama i koji bu\u010dnim nastupom treba otjerati zle duhove.<\/p>\t\t\t\t\t\t\t\t<\/div>\n\t\t\t\t<\/div>\n\t\t\t\t\t<\/div>\n\t\t\t\t<\/div>\n\t\t<div class=\"elementor-element elementor-element-iwgcn-sami-s2 e-flex e-con-boxed e-con e-parent\" data-id=\"iwgcn-sami-s2\" data-element_type=\"container\" data-e-type=\"container\">\n\t\t\t\t\t<div class=\"e-con-inner\">\n\t\t\t\t<div class=\"elementor-element elementor-element-iwgcn-sami-s2h elementor-widget elementor-widget-heading\" data-id=\"iwgcn-sami-s2h\" data-element_type=\"widget\" data-e-type=\"widget\" data-widget_type=\"heading.default\">\n\t\t\t\t\t<h2 class=\"elementor-heading-title elementor-size-default\">Krampus: pratitelj svetog Nikole<\/h2>\t\t\t\t<\/div>\n\t\t<div class=\"elementor-element elementor-element-iwgcn-sami-s2-c e-con-full e-flex e-con e-child\" data-id=\"iwgcn-sami-s2-c\" data-element_type=\"container\" data-e-type=\"container\">\n\t\t\t\t<div class=\"elementor-element elementor-element-iwgcn-sami-s2t elementor-widget elementor-widget-text-editor\" data-id=\"iwgcn-sami-s2t\" data-element_type=\"widget\" data-e-type=\"widget\" data-widget_type=\"text-editor.default\">\n\t\t\t\t\t\t\t\t\t<p><a href=\"https:\/\/iwell-guard.com\/hr\/?page_id=150559\">Krampus<\/a> se u alpskom prostoru javlja uo\u010di blagdana svetog Nikole, 5. prosinca, kao mra\u010dni protivnik sveca, s rogovima, ko\u017eom, lancem i \u0161ibom, kako bi pla\u0161io neposlu\u0161nu djecu. To\u010dno podrijetlo tog lika religiologija nije kona\u010dno razjasnila; pretpostavlja se spoj predkr\u0161\u0107anskih predod\u017ebi o zimskim demonima s crkvenim obi\u010dajem sv. Nikole.<\/p>\n<p>Povorke Krampusa, ovisno o regiji nazivane i Krampuslauf ili Perchtenlauf, a ponekad i me\u0111usobno isprepletene, danas su me\u0111u najpoznatijim zimskim obi\u010dajima Austrije, Bavarske i Ju\u017enog Tirola i sve vi\u0161e privla\u010de i turisti\u010dki interes.<\/p>\t\t\t\t\t\t\t\t<\/div>\n\t\t\t\t<\/div>\n\t\t\t\t\t<\/div>\n\t\t\t\t<\/div>\n\t\t<div class=\"elementor-element elementor-element-iwgcn-sami-s3 e-flex e-con-boxed e-con e-parent\" data-id=\"iwgcn-sami-s3\" data-element_type=\"container\" data-e-type=\"container\">\n\t\t\t\t\t<div class=\"e-con-inner\">\n\t\t\t\t<div class=\"elementor-element elementor-element-iwgcn-sami-s3h elementor-widget elementor-widget-heading\" data-id=\"iwgcn-sami-s3h\" data-element_type=\"widget\" data-e-type=\"widget\" data-widget_type=\"heading.default\">\n\t\t\t\t\t<h2 class=\"elementor-heading-title elementor-size-default\">Planinski duhovi: Kasermandl, Venedigermandl i Barbegazi<\/h2>\t\t\t\t<\/div>\n\t\t<div class=\"elementor-element elementor-element-iwgcn-sami-s3-c e-con-full e-flex e-con e-child\" data-id=\"iwgcn-sami-s3-c\" data-element_type=\"container\" data-e-type=\"container\">\n\t\t\t\t<div class=\"elementor-element elementor-element-iwgcn-sami-s3t elementor-widget elementor-widget-text-editor\" data-id=\"iwgcn-sami-s3t\" data-element_type=\"widget\" data-e-type=\"widget\" data-widget_type=\"text-editor.default\">\n\t\t\t\t\t\t\t\t\t<p><a href=\"https:\/\/iwell-guard.com\/hr\/?page_id=150571\">Kasermandl<\/a> smatra se malim, obi\u010dno dobrodu\u0161nim duhom koji obitava u udaljenim planinskim kolibama (Kaser), no\u0107u \u010duva stoku i kolibu te poma\u017ee sirarnu u radu, sve dok mu ovaj iskazuje po\u0161tovanje i ostavlja malo mlijeka ili hrane; nezahvalnost ili ismijavanje, prema predaji, ka\u017enjava se nezgodama ili nesre\u0107om.<\/p>\n<p><a href=\"https:\/\/iwell-guard.com\/hr\/?page_id=150572\">Venedigermandl<\/a> je nizak lik iz tirolskih i salzbur\u0161kih planinskih legendi, povezivan s tzv. Venedigerima, strancima iz juga koji su tra\u017eili blago; smatra se da posjeduje znanje o skrivenim rudama i nalazi\u0161tima zlata te povremeno pru\u017ea naznake pastirima ili rudarima. <a href=\"https:\/\/iwell-guard.com\/hr\/?page_id=150570\">Barbegazi<\/a> je snje\u017eni duh francusko-\u0161vicarskih Alpa, s prevelikim, skijama sli\u010dnim stopalima i ledenobradim licem, koji upozorava na lavine i ljeti nestaje u planinskim pukotinama.<\/p>\t\t\t\t\t\t\t\t<\/div>\n\t\t\t\t<\/div>\n\t\t\t\t\t<\/div>\n\t\t\t\t<\/div>\n\t\t<div class=\"elementor-element elementor-element-x-sami-s-faq e-flex e-con-boxed e-con e-parent\" data-id=\"x-sami-s-faq\" data-element_type=\"container\" data-e-type=\"container\">\n\t\t\t\t\t<div class=\"e-con-inner\">\n\t\t\t\t<div class=\"elementor-element elementor-element-x-sami-h-faq elementor-widget elementor-widget-heading\" data-id=\"x-sami-h-faq\" data-element_type=\"widget\" data-e-type=\"widget\" data-widget_type=\"heading.default\">\n\t\t\t\t\t<h2 class=\"elementor-heading-title elementor-size-default\">\u010cesto postavljana pitanja o alpskim legendama<\/h2>\t\t\t\t<\/div>\n\t\t<div class=\"elementor-element elementor-element-iwgcn-sami-s3-c e-con-full e-flex e-con e-child\" data-id=\"iwgcn-sami-s3-c\" data-element_type=\"container\" data-e-type=\"container\">\n\t\t\t\t<div class=\"elementor-element elementor-element-x-sami-t-faq elementor-widget elementor-widget-text-editor\" data-id=\"x-sami-t-faq\" data-element_type=\"widget\" data-e-type=\"widget\" data-widget_type=\"text-editor.default\">\n\t\t\t\t\t\t\t\t\t<h3>\u0160to su Rauhn\u00e4chte?<\/h3>\n<p>Rauhn\u00e4chte su dvanaest no\u0107i izme\u0111u Bo\u017ei\u0107a i Sveta tri kralja, koje se u alpskom prostoru smatraju prijelaznim razdobljem izme\u0111u godina, u kojem Perchta i druga duhovna bi\u0107a navodno hode zemljom. Uz taj obi\u010daj ve\u017eu se okajivanje tamjanom i razli\u010diti oblici predvi\u0111anja.<\/p>\n<h3>Koja je razlika izme\u0111u Perchte i Krampusa?<\/h3>\n<p>Perchta je lik Rauhn\u00e4chte koji provjerava urednost i marljivost te sa svojom pratnjom obilazi seoska imanja, dok se Krampus javlja 5. prosinca kao mra\u010dni pratitelj svetog Nikole i pla\u0161i nepristojnu djecu. U nekim se podru\u010djima ta dva obi\u010daja kombiniraju ili me\u0111usobno zamjenjuju.<\/p>\n<h3>\u0160to je Kasermandl?<\/h3>\n<p>Kasermandl je planinski duh koji obitava u zaba\u010denim planinskim kolibama, no\u0107u \u010duva stoku i kolibu te poma\u017ee sirarima, sve dok mu se iskazuje po\u0161tovanje i ostavlja mali dar, na primjer mlijeko.<\/p>\n<h3>Je li Tatzelwurm stvaran?<\/h3>\n<p>Zoolo\u0161ki dokaz za Tatzelwurma ne postoji. Smatra se motivom planinskih predaja alpskog prostora, kojemu se pripisuju brojna zapa\u017eanja, neka sve do 20. stolje\u0107a, no iz njih se ne mo\u017ee izvesti dokazana \u017eivotinjska vrsta.<\/p>\n<script type=\"application\/ld+json\">{\"@context\": \"https:\/\/schema.org\", \"@type\": \"FAQPage\", \"mainEntity\": [{\"@type\": \"Question\", \"name\": \"\u0160to su Rauhn\u00e4chte?\", \"acceptedAnswer\": {\"@type\": \"Answer\", \"text\": \"Rauhn\u00e4chte su dvanaest no\u0107i izme\u0111u Bo\u017ei\u0107a i Sveta tri kralja, koje se u alpskom prostoru smatraju prijelaznim razdobljem izme\u0111u godina, u kojem Perchta i druga duhovna bi\u0107a navodno hode zemljom. Uz taj obi\u010daj ve\u017eu se okajivanje tamjanom i razli\u010diti oblici predvi\u0111anja.\"}}, {\"@type\": \"Question\", \"name\": \"Koja je razlika izme\u0111u Perchte i Krampusa?\", \"acceptedAnswer\": {\"@type\": \"Answer\", \"text\": \"Perchta je lik Rauhn\u00e4chte koji provjerava urednost i marljivost te sa svojom pratnjom obilazi seoska imanja, dok se Krampus javlja 5. prosinca kao mra\u010dni pratitelj svetog Nikole i pla\u0161i nepristojnu djecu. U nekim se podru\u010djima ta dva obi\u010daja kombiniraju ili me\u0111usobno zamjenjuju.\"}}, {\"@type\": \"Question\", \"name\": \"\u0160to je Kasermandl?\", \"acceptedAnswer\": {\"@type\": \"Answer\", \"text\": \"Kasermandl je planinski duh koji obitava u zaba\u010denim planinskim kolibama, no\u0107u \u010duva stoku i kolibu te poma\u017ee sirarima, sve dok mu se iskazuje po\u0161tovanje i ostavlja mali dar, na primjer mlijeko.\"}}, {\"@type\": \"Question\", \"name\": \"Je li Tatzelwurm stvaran?\", \"acceptedAnswer\": {\"@type\": \"Answer\", \"text\": \"Zoolo\u0161ki dokaz za Tatzelwurma ne postoji. Smatra se motivom planinskih predaja alpskog prostora, kojemu se pripisuju brojna zapa\u017eanja, neka sve do 20. stolje\u0107a, no iz njih se ne mo\u017ee izvesti dokazana \u017eivotinjska vrsta.\"}}]}<\/script>\t\t\t\t\t\t\t\t<\/div>\n\t\t\t\t<\/div>\n\t\t\t\t\t<\/div>\n\t\t\t\t<\/div>\n\t\t<div class=\"elementor-element elementor-element-iwgcn-sami-s4 e-flex e-con-boxed e-con e-parent\" data-id=\"iwgcn-sami-s4\" data-element_type=\"container\" data-e-type=\"container\">\n\t\t\t\t\t<div class=\"e-con-inner\">\n\t\t\t\t<div class=\"elementor-element elementor-element-iwgcn-sami-s4h elementor-widget elementor-widget-heading\" data-id=\"iwgcn-sami-s4h\" data-element_type=\"widget\" data-e-type=\"widget\" data-widget_type=\"heading.default\">\n\t\t\t\t\t<h2 class=\"elementor-heading-title elementor-size-default\">Likovi no\u0107ne more: Drud, Toggeli i Alpdruck<\/h2>\t\t\t\t<\/div>\n\t\t<div class=\"elementor-element elementor-element-iwgcn-sami-s4-c e-con-full e-flex e-con e-child\" data-id=\"iwgcn-sami-s4-c\" data-element_type=\"container\" data-e-type=\"container\">\n\t\t\t\t<div class=\"elementor-element elementor-element-iwgcn-sami-s4t elementor-widget elementor-widget-text-editor\" data-id=\"iwgcn-sami-s4t\" data-element_type=\"widget\" data-e-type=\"widget\" data-widget_type=\"text-editor.default\">\n\t\t\t\t\t\t\t\t\t<p><a href=\"https:\/\/iwell-guard.com\/hr\/?page_id=150564\">Drud<\/a>, poznat i kao Trud, bavarsko-austrijska je predod\u017eba no\u0107nog mu\u010ditelja koji priti\u0161\u0107e spava\u010de na grudi i uzrokuje no\u0107ne more, poznate kao Alpdruck. Kao za\u0161titni znak koristio se Drudov kri\u017e (Drudenfu\u00df), peterokraka zvijezda postavljana iznad vrata i kreveta.<\/p>\n<p>U \u0160vicarskoj je odgovaraju\u0107i lik poznat kao <a href=\"https:\/\/iwell-guard.com\/hr\/?page_id=150565\">Toggeli<\/a>, no\u0107no bi\u0107e koje u obliku ma\u010dke ili druge \u017eivotinje ulazi u spava\u0107u sobu i tako\u0111er uzrokuje no\u0107ne more i osje\u0107aj paralize. Oba se vjerovanja uklapaju u \u0161iroko rasprostranjeni europski obrazac tuma\u010denja Alpdrucka, koji je pojave spava\u010dke fiziologije, poput paralize u snu, tuma\u010dio na pu\u010dki na\u010din.<\/p>\t\t\t\t\t\t\t\t<\/div>\n\t\t\t\t<\/div>\n\t\t\t\t\t<\/div>\n\t\t\t\t<\/div>\n\t\t<div class=\"elementor-element elementor-element-iwgcn-sami-s5 e-flex e-con-boxed e-con e-parent\" data-id=\"iwgcn-sami-s5\" data-element_type=\"container\" data-e-type=\"container\">\n\t\t\t\t\t<div class=\"e-con-inner\">\n\t\t\t\t<div class=\"elementor-element elementor-element-iwgcn-sami-s5h elementor-widget elementor-widget-heading\" data-id=\"iwgcn-sami-s5h\" data-element_type=\"widget\" data-e-type=\"widget\" data-widget_type=\"heading.default\">\n\t\t\t\t\t<h2 class=\"elementor-heading-title elementor-size-default\">Planinske predaje: Tatzelwurm, Habergeiss i Nachtkrapp<\/h2>\t\t\t\t<\/div>\n\t\t<div class=\"elementor-element elementor-element-iwgcn-sami-s5-c e-con-full e-flex e-con e-child\" data-id=\"iwgcn-sami-s5-c\" data-element_type=\"container\" data-e-type=\"container\">\n\t\t\t\t<div class=\"elementor-element elementor-element-iwgcn-sami-s5t elementor-widget elementor-widget-text-editor\" data-id=\"iwgcn-sami-s5t\" data-element_type=\"widget\" data-e-type=\"widget\" data-widget_type=\"text-editor.default\">\n\t\t\t\t\t\t\t\t\t<p><a href=\"https:\/\/iwell-guard.com\/hr\/tatzelwurm\/\">Tatzelwurm<\/a> jedna je od najpoznatijih planinskih predaja alpskog prostora, bi\u0107e ma\u010dje glave, crvolikog ili gu\u0161terolikog tijela s kratkim prednjim nogama, kojemu se pripisuju brojna zapa\u017eanja iz \u0160vicarske, Bavarske i Austrije, neka sve do 20. stolje\u0107a. S prirodoznanstvenog gledi\u0161ta Tatzelwurm se smatra nerazja\u0161njenim motivom predaje bez dokazanog zoolo\u0161kog podrijetla, dok se u kriptozoologiji povremeno povezuje s neotkrivenim vrstama gmazova.<\/p>\n<p><a href=\"https:\/\/iwell-guard.com\/hr\/?page_id=150561\">Habergeiss<\/a>, duhovito, kozoliko mje\u0161ano bi\u0107e, javlja se prije svega u okviru Perchtenlauf obi\u010daja kao bu\u010dna zastra\u0161uju\u0107a pojava. <a href=\"https:\/\/iwell-guard.com\/hr\/?page_id=150569\">Nachtkrapp<\/a>, golema ptica poput gavrana, i <a href=\"https:\/\/iwell-guard.com\/hr\/?page_id=150566\">Butz<\/a>, poznat i kao Butzemann, iz alemansko-\u0161vapskog prostora, djeci su bili no\u0107ne zastra\u0161uju\u0107e figure za onu djecu koja nisu na vrijeme i\u0161la na spavanje, pripovjedni likovi s odgojnom funkcijom, poznati u sli\u010dno obliku u velikom dijelu srednje Europe.<\/p>\t\t\t\t\t\t\t\t<\/div>\n\t\t\t\t<\/div>\n\t\t\t\t\t<\/div>\n\t\t\t\t<\/div>\n\t\t<div class=\"elementor-element elementor-element-iwgcn-sami-s6 e-flex e-con-boxed e-con e-parent\" data-id=\"iwgcn-sami-s6\" data-element_type=\"container\" data-e-type=\"container\">\n\t\t\t\t\t<div class=\"e-con-inner\">\n\t\t\t\t<div class=\"elementor-element elementor-element-iwgcn-sami-s6h elementor-widget elementor-widget-heading\" data-id=\"iwgcn-sami-s6h\" data-element_type=\"widget\" data-e-type=\"widget\" data-widget_type=\"heading.default\">\n\t\t\t\t\t<h2 class=\"elementor-heading-title elementor-size-default\">Obi\u010daji Rauhn\u00e4chte: okajivanje tamjanom, Drudov kri\u017e i za\u0161titni obredi<\/h2>\t\t\t\t<\/div>\n\t\t<div class=\"elementor-element elementor-element-iwgcn-sami-s6-c e-con-full e-flex e-con e-child\" data-id=\"iwgcn-sami-s6-c\" data-element_type=\"container\" data-e-type=\"container\">\n\t\t\t\t<div class=\"elementor-element elementor-element-iwgcn-sami-s6t elementor-widget elementor-widget-text-editor\" data-id=\"iwgcn-sami-s6t\" data-element_type=\"widget\" data-e-type=\"widget\" data-widget_type=\"text-editor.default\">\n\t\t\t\t\t\t\t\t\t<p>Uz zimske za\u0161titne obi\u010daje alpskog prostora spada okajivanje ku\u0107e, staje i planinske kolibe tamjanom i posve\u0107enim biljem tijekom Rauhn\u00e4chte, kako bi se od nadolaze\u0107e godine otjerali zli duhovi i bolest. Drudov kri\u017e, peterokraka zvijezda, postavljao se iznad vrata, staja i kreveta, kako bi se Druda i Toggelija sprije\u010dilo u no\u0107nom pritiskanju.<\/p>\n<p>Na Veliku Gospu, 15. kolovoza, u katoli\u010dkim krajevima alpskog prostora ve\u017eu se kite bilja od sedam, devet ili vi\u0161e biljnih vrsta koje se posve\u0107uju u crkvi, zatim \u010duvaju u ku\u0107i, a u slu\u010daju nevremena ili bolesti djelomi\u010dno se i njima okajuje. Te\u0161ka zvona i valjci koji se nose u Perchtenlauf i Krampuslauf povorkama slu\u017ee istom osnovnom motivu: bukom otjerati zimske demone i zle duhove.<\/p>\t\t\t\t\t\t\t\t<\/div>\n\t\t\t\t<\/div>\n\t\t\t\t\t<\/div>\n\t\t\t\t<\/div>\n\t\t<div class=\"elementor-element elementor-element-cp2d9a92a3 e-flex e-con-boxed e-con e-parent\" data-id=\"cp2d9a92a3\" data-element_type=\"container\" data-e-type=\"container\">\n\t\t\t\t\t<div class=\"e-con-inner\">\n\t\t\t\t<div class=\"elementor-element elementor-element-cp2515827f elementor-widget elementor-widget-heading\" data-id=\"cp2515827f\" data-element_type=\"widget\" data-e-type=\"widget\" data-widget_type=\"heading.default\">\n\t\t\t\t\t<h2 class=\"elementor-heading-title elementor-size-default\">Regionalna raznolikost: od Bavarske do Ju\u017enog Tirola<\/h2>\t\t\t\t<\/div>\n\t\t<div class=\"elementor-element elementor-element-cp25cbddf2 e-flex e-con-boxed e-con e-child\" data-id=\"cp25cbddf2\" data-element_type=\"container\" data-e-type=\"container\">\n\t\t\t\t\t<div class=\"e-con-inner\">\n\t\t\t\t<div class=\"elementor-element elementor-element-cp240cdc6c elementor-widget elementor-widget-text-editor\" data-id=\"cp240cdc6c\" data-element_type=\"widget\" data-e-type=\"widget\" data-widget_type=\"text-editor.default\">\n\t\t\t\t\t\t\t\t\t<p>Alpske predaje nisu jedinstven korpus, ve\u0107 zbirni naziv za pripovjedne tradicije prostora koji se prote\u017ee preko Bavarske, Austrije, \u0160vicarske, Lihten\u0161tajna i Ju\u017enog Tirola, sa svojim dijalektima, krajolicima i povijesnim razvojima.<\/p>\n<p>Bi\u0107a kao \u0161to su <a href=\"https:\/\/iwell-guard.com\/hr\/noergel\/\">N\u00f6rgel<\/a> (N\u00f6rggele) i <a href=\"https:\/\/iwell-guard.com\/hr\/fanggen\/\">F\u00e4nggen<\/a> potvr\u0111eni su prije svega u Ju\u017enom Tirolu i dijelovima Tirola, i blisko su srodni sa <a href=\"https:\/\/iwell-guard.com\/hr\/salige-frau\/\">Salige Frau<\/a>, plahom, ali uslu\u017enom planinskom \u017eenom koja je, prema predaji, pastire podu\u010davala tkanju i ratarstvu. <a href=\"https:\/\/iwell-guard.com\/hr\/dellermannle\/\">Dellerm\u00e4nnle<\/a> potje\u010de iz predaje Vorarlberga, <a href=\"https:\/\/iwell-guard.com\/hr\/?page_id=150567\">Isarnixe<\/a> vezana je za bavarsku rijeku Isar, a <a href=\"https:\/\/iwell-guard.com\/hr\/?page_id=150568\">Wolpertinger<\/a>, bajkovito bi\u0107e sastavljeno od dijelova razli\u010ditih \u017eivotinja, smatra se specifi\u010dno bavarskom predajnom pojavom s humoristi\u010dnim, lova\u010dko-pretjeriva\u010dkim karakterom.<\/p>\n<p>Neki motivi ovih zimskih ophoda maskiranih likova pokazuju daleke paralele s <a href=\"https:\/\/iwell-guard.com\/hr\/germanska-tradicija\/\">germanskom mitologijom<\/a>, primjerice u predstavama o divljim no\u0107nim ophodima, bez da se iz toga mo\u017ee izvesti dosljedan, dokumentiran kontinuitet.<\/p>\n<p>Ova malopodru\u010dna razdijeljenost ote\u017eava op\u0107e izjave o alpskoj predaji; preciznije je govoriti o mre\u017ei lokalnih i regionalnih tradicija koje povezuju zajedni\u010dki temeljni obrasci, planinski duhovi, bi\u0107a no\u0107ne more i planinske nemani, svaka sa svojim vlastitim imenima i oblicima.<\/p>\t\t\t\t\t\t\t\t<\/div>\n\t\t\t\t\t<\/div>\n\t\t\t\t<\/div>\n\t\t\t\t\t<\/div>\n\t\t\t\t<\/div>\n\t\t<div class=\"elementor-element elementor-element-cp2b1a3dae e-flex e-con-boxed e-con e-parent\" data-id=\"cp2b1a3dae\" data-element_type=\"container\" data-e-type=\"container\">\n\t\t\t\t\t<div class=\"e-con-inner\">\n\t\t\t\t<div class=\"elementor-element elementor-element-cp282c06ff elementor-widget elementor-widget-heading\" data-id=\"cp282c06ff\" data-element_type=\"widget\" data-e-type=\"widget\" data-widget_type=\"heading.default\">\n\t\t\t\t\t<h2 class=\"elementor-heading-title elementor-size-default\">Kalendar Rauhn\u00e4chte<\/h2>\t\t\t\t<\/div>\n\t\t<div class=\"elementor-element elementor-element-cp228b4522 e-flex e-con-boxed e-con e-child\" data-id=\"cp228b4522\" data-element_type=\"container\" data-e-type=\"container\">\n\t\t\t\t\t<div class=\"e-con-inner\">\n\t\t\t\t<div class=\"elementor-element elementor-element-cp261454c5 elementor-widget elementor-widget-text-editor\" data-id=\"cp261454c5\" data-element_type=\"widget\" data-e-type=\"widget\" data-widget_type=\"text-editor.default\">\n\t\t\t\t\t\t\t\t\t<p>Dvanaest no\u0107i Rauhn\u00e4chte izme\u0111u Bo\u017ei\u0107a, 24.\/25. prosinca, i Sveta tri kralja, 6. sije\u010dnja, u alpskom prostoru tradicionalno se smatraju prijelaznim vremenom izme\u0111u godina, u kojem se granica izme\u0111u ovoga svijeta i svijeta duhova opisuje kao prohodna. U to se doba, prema predaji, Perchta i njena pratnja, ali i druge duhovne i demonske pojave, kre\u0107u po krajolicima.<\/p>\n<p>Dio obi\u010daja Rauhn\u00e4chte je okumljivanje ku\u0107e i staje biljem i tamjanom radi odgona zlih duhova i blagoslova nadolaze\u0107e godine, kao i razli\u010diti \u017edrijeb i vremenska proricanja. Perchtenl\u00e4ufe, ophodi perchti, \u010desto obilje\u017eavaju prijelaz iz Rauhn\u00e4chte u obi\u010dno vrijeme, uz bu\u010dne ophode koji simboli\u010dno trebaju otjerati zimske demone.<\/p>\n<p>Obi\u010daj Krampusa uo\u010di Nikolinja vremenski prethodi samim Rauhn\u00e4chte, ali se u javnoj percepciji \u010desto zajedno s njima do\u017eivljava kao dio \u0161ireg zimskog kompleksa <span class=\"iwg-fachbegriff\" data-tooltip=\"Dani ili no\u0107i kojima se u narodnom vjerovanju pripisuju posebne, \u010desto opasne mo\u0107i.\" tabindex=\"0\">prijelaznog vremena<\/span>.<\/p>\t\t\t\t\t\t\t\t<\/div>\n\t\t\t\t\t<\/div>\n\t\t\t\t<\/div>\n\t\t\t\t\t<\/div>\n\t\t\t\t<\/div>\n\t\t<div class=\"elementor-element elementor-element-cp295547c2 e-flex e-con-boxed e-con e-parent\" data-id=\"cp295547c2\" data-element_type=\"container\" data-e-type=\"container\">\n\t\t\t\t\t<div class=\"e-con-inner\">\n\t\t\t\t<div class=\"elementor-element elementor-element-cp28944fb0 elementor-widget elementor-widget-heading\" data-id=\"cp28944fb0\" data-element_type=\"widget\" data-e-type=\"widget\" data-widget_type=\"heading.default\">\n\t\t\t\t\t<h2 class=\"elementor-heading-title elementor-size-default\">Izvori: zbirke predaja iz 19. i 20. stolje\u0107a<\/h2>\t\t\t\t<\/div>\n\t\t<div class=\"elementor-element elementor-element-cp23d59da4 e-flex e-con-boxed e-con e-child\" data-id=\"cp23d59da4\" data-element_type=\"container\" data-e-type=\"container\">\n\t\t\t\t\t<div class=\"e-con-inner\">\n\t\t\t\t<div class=\"elementor-element elementor-element-cp2ce157b6 elementor-widget elementor-widget-text-editor\" data-id=\"cp2ce157b6\" data-element_type=\"widget\" data-e-type=\"widget\" data-widget_type=\"text-editor.default\">\n\t\t\t\t\t\t\t\t\t<p>Velik dio danas poznatih alpskih predaja zapisali su u 19. i ranom 20. stolje\u0107u regionalni skuplja\u010di predaja, u okru\u017eenju romanti\u010darske narodoznanosti, po uzoru na bra\u0107u Grimm. Za Tirol se, primjerice, navode zbirke Ignaza Vinzenza Zingerlea, a za druge regije nastala su usporediva djela lokalnih zavi\u010dajnih istra\u017eiva\u010da.<\/p>\n<p>Ove rane zbirke va\u017eni su, ali ne bez problema, izvori: \u010desto su bile naknadno knji\u017eevno obra\u0111ivane, regionalno objedinjavane i ugla\u0111ivane prema tada\u0161njim estetskim shva\u0107anjima, tako da se usmene varijante i njihova izvorna pripovjedna situacija mogu rekonstruirati samo u ograni\u010denoj mjeri.<\/p>\n<p>Moderna narodoznanstvena i religijsko-znanstvena istra\u017eivanja ove predajne likove svrstavaju u \u0161iri kontekst, primjerice europski kompleks predstava o mori, Drud i Toggeli, obja\u0161njavanje neobja\u0161njenih prirodnih pojava, Tatzelwurm, ili likove za pla\u0161enje djece s odgojnom funkcijom, Nachtkrapp i Habergeiss. Digitalni arhivi predaja u posljednjim su desetlje\u0107ima olak\u0161ali pristup ovoj razasutoj gra\u0111i.<\/p>\t\t\t\t\t\t\t\t<\/div>\n\t\t\t\t\t<\/div>\n\t\t\t\t<\/div>\n\t\t\t\t\t<\/div>\n\t\t\t\t<\/div>\n\t\t<div class=\"elementor-element elementor-element-cp2c009332 e-flex e-con-boxed e-con e-parent\" data-id=\"cp2c009332\" data-element_type=\"container\" data-e-type=\"container\">\n\t\t\t\t\t<div class=\"e-con-inner\">\n\t\t\t\t<div class=\"elementor-element elementor-element-cp225c94da elementor-widget elementor-widget-heading\" data-id=\"cp225c94da\" data-element_type=\"widget\" data-e-type=\"widget\" data-widget_type=\"heading.default\">\n\t\t\t\t\t<h2 class=\"elementor-heading-title elementor-size-default\">Od poljske staje do pozornice ophoda perchti: obi\u010daji u promjeni<\/h2>\t\t\t\t<\/div>\n\t\t<div class=\"elementor-element elementor-element-cp2c7191ab e-flex e-con-boxed e-con e-child\" data-id=\"cp2c7191ab\" data-element_type=\"container\" data-e-type=\"container\">\n\t\t\t\t\t<div class=\"e-con-inner\">\n\t\t\t\t<div class=\"elementor-element elementor-element-cp23f4061d elementor-widget elementor-widget-text-editor\" data-id=\"cp23f4061d\" data-element_type=\"widget\" data-e-type=\"widget\" data-widget_type=\"text-editor.default\">\n\t\t\t\t\t\t\t\t\t<p>Mnoge alpske predaje uska su povezane s konkretnim selja\u010dkim radnim kontekstima: planinski duhovi kao Kasermandl ili Barbegazi nastali su u kontekstu ispa\u0161e i planinskog gospodarstva, likovi no\u0107ne more kao Drud i Toggeli obja\u0161njavali su no\u0107na stanja tjeskobe, a planinske predaje kao Tatzelwurm tuma\u010dile su neobja\u0161njiva zapa\u017eanja u visokim planinama.<\/p>\n<p>U 20. i 21. stolje\u0107u dio ovih obi\u010daja, posebno ophodi perchti i krampusa, odvojio se od izvornog selja\u010dkog konteksta i razvio u javno inscenirani, turisti\u010dki marketirani doga\u0111aj, s razra\u0111eno izrezbarenim maskama, organiziranim udrugama i dijelom nadregionalnom publikom.<\/p>\n<p>Likovi kao <a href=\"https:\/\/iwell-guard.com\/hr\/?page_id=150563\">Sennentuntschi<\/a>, predaja o alpinskoj lutki napravljenoj od slame i tkanine koja o\u017eivi i osveti se svojim stvoriteljima, pokazuju istovremeno da svijet alpskih predaja obuhva\u0107a i mra\u010dne, moralno nagla\u0161ene pri\u010de o samo\u0107i, izolaciji i prekora\u010denju granica na planinskoj ispa\u0161i, koje se znatno razlikuju od prete\u017eno za\u0161titni\u010dkih planinskih duhova.<\/p>\n<p>Religijsko-znanstveno se ova promjena mo\u017ee opisati kao prijelaz od \u017eivotno usidrene <span class=\"iwg-fachbegriff\" data-tooltip=\"Preno\u0161enje znanja i pri\u010da kroz generacije.\" tabindex=\"0\">predaje<\/span> ka svjesno njegovanoj kulturnoj ba\u0161tini, bez da su starije za\u0161titne i obja\u0161njavaju\u0107e funkcije predaja pri tom potpuno nestale.<\/p>\t\t\t\t\t\t\t\t<\/div>\n\t\t\t\t\t<\/div>\n\t\t\t\t<\/div>\n\t\t\t\t\t<\/div>\n\t\t\t\t<\/div>\n\t\t<div class=\"elementor-element elementor-element-iwgha-sami-sec e-flex e-con-boxed e-con e-parent\" data-id=\"iwgha-sami-sec\" data-element_type=\"container\" data-e-type=\"container\">\n\t\t\t\t\t<div class=\"e-con-inner\">\n\t\t\t\t<div class=\"elementor-element elementor-element-iwgha-sami-h elementor-widget elementor-widget-heading\" data-id=\"iwgha-sami-h\" data-element_type=\"widget\" data-e-type=\"widget\" data-widget_type=\"heading.default\">\n\t\t\t\t\t<h2 class=\"elementor-heading-title elementor-size-default\">Bi\u0107a ove tradicije (18)<\/h2>\t\t\t\t<\/div>\n\t\t<div class=\"elementor-element elementor-element-iwgha-sami-gc e-flex e-con-boxed e-con e-parent\" data-id=\"iwgha-sami-gc\" data-element_type=\"container\" data-e-type=\"container\">\n\t\t\t\t\t<div class=\"e-con-inner\">\n\t\t\t\t<div class=\"elementor-element elementor-element-iwgha-sami-grid elementor-widget elementor-widget-text-editor\" data-id=\"iwgha-sami-grid\" data-element_type=\"widget\" data-e-type=\"widget\" data-widget_type=\"text-editor.default\">\n\t\t\t\t\t\t\t\t\t<div class=\"iwg-wesen-grid\"><a class=\"iwg-wesen-card\" href=\"https:\/\/iwell-guard.com\/hr\/venedigermandl\/\" aria-label=\"Venedigermandl\"><div class=\"iwg-wesen-card-imgwrap\"><img decoding=\"async\" src=\"https:\/\/iwell-guard.com\/wp-content\/uploads\/2026\/07\/geister_alpin_venedigermandl-200x300.webp\" alt=\"Venedigermandl\" loading=\"lazy\"><\/div><div class=\"iwg-wesen-card-body\"><div class=\"iwg-wesen-card-name\">Venedigermandl<\/div><div class=\"iwg-wesen-card-arrow\">\u2192 Na bi\u0107e<\/div><\/div><\/a><a class=\"iwg-wesen-card\" href=\"https:\/\/iwell-guard.com\/hr\/kasermandl\/\" aria-label=\"Kasermandl\"><div class=\"iwg-wesen-card-imgwrap\"><img decoding=\"async\" src=\"https:\/\/iwell-guard.com\/wp-content\/uploads\/2026\/07\/geister_alpin_kasermandl-200x300.webp\" alt=\"Kasermandl\" loading=\"lazy\"><\/div><div class=\"iwg-wesen-card-body\"><div class=\"iwg-wesen-card-name\">Kasermandl<\/div><div class=\"iwg-wesen-card-arrow\">\u2192 Na bi\u0107e<\/div><\/div><\/a><a class=\"iwg-wesen-card\" href=\"https:\/\/iwell-guard.com\/hr\/barbegazi\/\" aria-label=\"Barbegazi\"><div class=\"iwg-wesen-card-imgwrap\"><img decoding=\"async\" src=\"https:\/\/iwell-guard.com\/wp-content\/uploads\/2026\/07\/geister_alpin_barbegazi-200x300.webp\" alt=\"Barbegazi\" loading=\"lazy\"><\/div><div class=\"iwg-wesen-card-body\"><div class=\"iwg-wesen-card-name\">Barbegazi<\/div><div class=\"iwg-wesen-card-arrow\">\u2192 Na bi\u0107e<\/div><\/div><\/a><a class=\"iwg-wesen-card\" href=\"https:\/\/iwell-guard.com\/hr\/nachtkrapp\/\" aria-label=\"Nachtkrapp\"><div class=\"iwg-wesen-card-imgwrap\"><img decoding=\"async\" src=\"https:\/\/iwell-guard.com\/wp-content\/uploads\/2026\/07\/geister_alpin_nachtkrapp-200x300.webp\" alt=\"Nachtkrapp\" loading=\"lazy\"><\/div><div class=\"iwg-wesen-card-body\"><div class=\"iwg-wesen-card-name\">Nachtkrapp<\/div><div class=\"iwg-wesen-card-arrow\">\u2192 Na bi\u0107e<\/div><\/div><\/a><a class=\"iwg-wesen-card\" href=\"https:\/\/iwell-guard.com\/hr\/wolpertinger\/\" aria-label=\"Wolpertinger\"><div class=\"iwg-wesen-card-imgwrap\"><img decoding=\"async\" src=\"https:\/\/iwell-guard.com\/wp-content\/uploads\/2026\/07\/geister_alpin_wolpertinger-200x300.webp\" alt=\"Wolpertinger\" loading=\"lazy\"><\/div><div class=\"iwg-wesen-card-body\"><div class=\"iwg-wesen-card-name\">Wolpertinger<\/div><div class=\"iwg-wesen-card-arrow\">\u2192 Na bi\u0107e<\/div><\/div><\/a><a class=\"iwg-wesen-card\" href=\"https:\/\/iwell-guard.com\/hr\/isarnixe\/\" aria-label=\"Isarnixe\"><div class=\"iwg-wesen-card-imgwrap\"><img decoding=\"async\" src=\"https:\/\/iwell-guard.com\/wp-content\/uploads\/2026\/07\/geister_alpin_isarnixe-200x300.webp\" alt=\"Isarnixe\" loading=\"lazy\"><\/div><div class=\"iwg-wesen-card-body\"><div class=\"iwg-wesen-card-name\">Isarnixe<\/div><div class=\"iwg-wesen-card-arrow\">\u2192 Na bi\u0107e<\/div><\/div><\/a><a class=\"iwg-wesen-card\" href=\"https:\/\/iwell-guard.com\/hr\/butz\/\" aria-label=\"Butz\"><div class=\"iwg-wesen-card-imgwrap\"><img decoding=\"async\" src=\"https:\/\/iwell-guard.com\/wp-content\/uploads\/2026\/07\/geister_alpin_butz-200x300.webp\" alt=\"Butz\" loading=\"lazy\"><\/div><div class=\"iwg-wesen-card-body\"><div class=\"iwg-wesen-card-name\">Butz<\/div><div class=\"iwg-wesen-card-arrow\">\u2192 Na bi\u0107e<\/div><\/div><\/a><a class=\"iwg-wesen-card\" href=\"https:\/\/iwell-guard.com\/hr\/toggeli\/\" aria-label=\"Toggeli\"><div class=\"iwg-wesen-card-imgwrap\"><img decoding=\"async\" src=\"https:\/\/iwell-guard.com\/wp-content\/uploads\/2026\/07\/daemonen_alpin_toggeli-200x300.webp\" alt=\"Toggeli\" loading=\"lazy\"><\/div><div class=\"iwg-wesen-card-body\"><div class=\"iwg-wesen-card-name\">Toggeli<\/div><div class=\"iwg-wesen-card-arrow\">\u2192 Na bi\u0107e<\/div><\/div><\/a><a class=\"iwg-wesen-card\" href=\"https:\/\/iwell-guard.com\/hr\/sennentuntschi\/\" aria-label=\"Sennentuntschi\"><div class=\"iwg-wesen-card-imgwrap\"><img decoding=\"async\" src=\"https:\/\/iwell-guard.com\/wp-content\/uploads\/2026\/07\/daemonen_alpin_sennentuntschi-200x300.webp\" alt=\"Sennentuntschi\" loading=\"lazy\"><\/div><div class=\"iwg-wesen-card-body\"><div class=\"iwg-wesen-card-name\">Sennentuntschi<\/div><div class=\"iwg-wesen-card-arrow\">\u2192 Na bi\u0107e<\/div><\/div><\/a><a class=\"iwg-wesen-card\" href=\"https:\/\/iwell-guard.com\/hr\/drud\/\" aria-label=\"Drud\"><div class=\"iwg-wesen-card-imgwrap\"><img decoding=\"async\" src=\"https:\/\/iwell-guard.com\/wp-content\/uploads\/2026\/07\/daemonen_alpin_drud-200x300.webp\" alt=\"Drud\" loading=\"lazy\"><\/div><div class=\"iwg-wesen-card-body\"><div class=\"iwg-wesen-card-name\">Drud<\/div><div class=\"iwg-wesen-card-arrow\">\u2192 Na bi\u0107e<\/div><\/div><\/a><a class=\"iwg-wesen-card\" href=\"https:\/\/iwell-guard.com\/hr\/habergeiss\/\" aria-label=\"Habergei\u00df\"><div class=\"iwg-wesen-card-imgwrap\"><img decoding=\"async\" src=\"https:\/\/iwell-guard.com\/wp-content\/uploads\/2026\/07\/daemonen_alpin_habergeiss-200x300.webp\" alt=\"Habergei\u00df\" loading=\"lazy\"><\/div><div class=\"iwg-wesen-card-body\"><div class=\"iwg-wesen-card-name\">Habergei\u00df<\/div><div class=\"iwg-wesen-card-arrow\">\u2192 Na bi\u0107e<\/div><\/div><\/a><a class=\"iwg-wesen-card\" href=\"https:\/\/iwell-guard.com\/hr\/frau-perchta\/\" aria-label=\"Frau Perchta\"><div class=\"iwg-wesen-card-imgwrap\"><img decoding=\"async\" src=\"https:\/\/iwell-guard.com\/wp-content\/uploads\/2026\/07\/geister_alpin_perchta-200x300.webp\" alt=\"Frau Perchta\" loading=\"lazy\"><\/div><div class=\"iwg-wesen-card-body\"><div class=\"iwg-wesen-card-name\">Frau Perchta<\/div><div class=\"iwg-wesen-card-arrow\">\u2192 Na bi\u0107e<\/div><\/div><\/a><a class=\"iwg-wesen-card\" href=\"https:\/\/iwell-guard.com\/hr\/krampus\/\" aria-label=\"Krampus\"><div class=\"iwg-wesen-card-imgwrap\"><img decoding=\"async\" src=\"https:\/\/iwell-guard.com\/wp-content\/uploads\/2026\/07\/daemonen_alpin_krampus-200x300.webp\" alt=\"Krampus\" loading=\"lazy\"><\/div><div class=\"iwg-wesen-card-body\"><div class=\"iwg-wesen-card-name\">Krampus<\/div><div class=\"iwg-wesen-card-arrow\">\u2192 Na bi\u0107e<\/div><\/div><\/a><a class=\"iwg-wesen-card\" href=\"https:\/\/iwell-guard.com\/hr\/tatzelwurm\/\" aria-label=\"Tatzelwurm\"><div class=\"iwg-wesen-card-imgwrap\"><img decoding=\"async\" src=\"https:\/\/iwell-guard.com\/wp-content\/uploads\/2026\/07\/daemonen_alpin_tatzelwurm-200x300.webp\" alt=\"Tatzelwurm\" loading=\"lazy\"><\/div><div class=\"iwg-wesen-card-body\"><div class=\"iwg-wesen-card-name\">Tatzelwurm<\/div><div class=\"iwg-wesen-card-arrow\">\u2192 Na bi\u0107e<\/div><\/div><\/a><a class=\"iwg-wesen-card\" href=\"https:\/\/iwell-guard.com\/hr\/salige-frau\/\" aria-label=\"Salige Frau\"><div class=\"iwg-wesen-card-imgwrap\"><img decoding=\"async\" src=\"https:\/\/iwell-guard.com\/wp-content\/uploads\/2026\/07\/geister_alpin_salige-frau-200x300.webp\" alt=\"Salige Frau\" loading=\"lazy\"><\/div><div class=\"iwg-wesen-card-body\"><div class=\"iwg-wesen-card-name\">Salige Frau<\/div><div class=\"iwg-wesen-card-arrow\">\u2192 Na bi\u0107e<\/div><\/div><\/a><a class=\"iwg-wesen-card\" href=\"https:\/\/iwell-guard.com\/hr\/noergel\/\" aria-label=\"N\u00f6rgel\"><div class=\"iwg-wesen-card-imgwrap\"><img decoding=\"async\" src=\"https:\/\/iwell-guard.com\/wp-content\/uploads\/2026\/07\/geister_alpin_noergel-200x300.webp\" alt=\"N\u00f6rgel\" loading=\"lazy\"><\/div><div class=\"iwg-wesen-card-body\"><div class=\"iwg-wesen-card-name\">N\u00f6rgel<\/div><div class=\"iwg-wesen-card-arrow\">\u2192 Na bi\u0107e<\/div><\/div><\/a><a class=\"iwg-wesen-card\" href=\"https:\/\/iwell-guard.com\/hr\/fanggen\/\" aria-label=\"F\u00e4nggen\"><div class=\"iwg-wesen-card-imgwrap\"><img decoding=\"async\" src=\"https:\/\/iwell-guard.com\/wp-content\/uploads\/2026\/07\/geister_alpin_faenggen-200x300.webp\" alt=\"F\u00e4nggen\" loading=\"lazy\"><\/div><div class=\"iwg-wesen-card-body\"><div class=\"iwg-wesen-card-name\">F\u00e4nggen<\/div><div class=\"iwg-wesen-card-arrow\">\u2192 Na bi\u0107e<\/div><\/div><\/a><a class=\"iwg-wesen-card\" href=\"https:\/\/iwell-guard.com\/hr\/dellermannle\/\" aria-label=\"Dellerm\u00e4nnle\"><div class=\"iwg-wesen-card-imgwrap\"><img decoding=\"async\" src=\"https:\/\/iwell-guard.com\/wp-content\/uploads\/2026\/07\/geister_alpin_dellermaennle-200x300.webp\" alt=\"Dellerm\u00e4nnle\" loading=\"lazy\"><\/div><div class=\"iwg-wesen-card-body\"><div class=\"iwg-wesen-card-name\">Dellerm\u00e4nnle<\/div><div class=\"iwg-wesen-card-arrow\">\u2192 Na bi\u0107e<\/div><\/div><\/a><\/div>\t\t\t\t\t\t\t\t<\/div>\n\t\t\t\t\t<\/div>\n\t\t\t\t<\/div>\n\t\t\t\t\t<\/div>\n\t\t\t\t<\/div>\n\t\t<div class=\"elementor-element elementor-element-iwgkw2-add-sami e-flex e-con-boxed e-con e-parent\" data-id=\"iwgkw2-add-sami\" data-element_type=\"container\" data-e-type=\"container\">\n\t\t\t\t\t<div class=\"e-con-inner\">\n\t\t\t\t<div class=\"elementor-element elementor-element-iwgkw2-add-sami-t elementor-widget elementor-widget-text-editor\" data-id=\"iwgkw2-add-sami-t\" data-element_type=\"widget\" data-e-type=\"widget\" data-widget_type=\"text-editor.default\">\n\t\t\t\t\t\t\t\t\t<p><em>perchtenlauf brauchtum<\/em> i drugi <em>almgeister alpen<\/em> oko Kasermandla, Venedigermandla i Barbegazija povezuju okumljivanje u vrijeme Rauhn\u00e4chte, Drudenfu\u00df i posve\u0107ene kitice bilja u zasebnu praksu za\u0161tite, koja je trebala \u010duvati ku\u0107u, dvori\u0161te i planinsku ispa\u0161u od zimskih demona i bi\u0107a no\u0107ne more.<\/p>\t\t\t\t\t\t\t\t<\/div>\n\t\t\t\t\t<\/div>\n\t\t\t\t<\/div>\n\t\t<div class=\"elementor-element elementor-element-iwgcn-sami-kwd e-flex e-con-boxed e-con e-parent\" data-id=\"iwgcn-sami-kwd\" data-element_type=\"container\" data-e-type=\"container\">\n\t\t\t\t\t<div class=\"e-con-inner\">\n\t\t<div class=\"elementor-element elementor-element-iwgcn-sami-kwd-c e-con-full e-flex e-con e-child\" data-id=\"iwgcn-sami-kwd-c\" data-element_type=\"container\" data-e-type=\"container\">\n\t\t\t\t<div class=\"elementor-element elementor-element-iwgcn-sami-kwdt elementor-widget elementor-widget-text-editor\" data-id=\"iwgcn-sami-kwdt\" data-element_type=\"widget\" data-e-type=\"widget\" data-widget_type=\"text-editor.default\">\n\t\t\t\t\t\t\t\t\t<p><em>Srodni klju\u010dni pojmovi: Perchta Krampus Rauhn\u00e4chte Kasermandl Drud Toggeli Tatzelwurm Habergeiss Salige Frau Alpski prostor Ju\u017eni Tirol Tirol.<\/em><\/p>\t\t\t\t\t\t\t\t<\/div>\n\t\t\t\t<\/div>\n\t\t\t\t\t<\/div>\n\t\t\t\t<\/div>\n\t\t<div class=\"elementor-element elementor-element-iwgcn-sami-cc e-flex e-con-boxed e-con e-parent\" data-id=\"iwgcn-sami-cc\" data-element_type=\"container\" data-e-type=\"container\" id=\"iwg-cc-sami\">\n\t\t\t\t\t<div class=\"e-con-inner\">\n\t\t<div class=\"elementor-element elementor-element-iwgcn-sami-ccinner e-flex e-con-boxed e-con e-parent\" data-id=\"iwgcn-sami-ccinner\" data-element_type=\"container\" data-e-type=\"container\" data-settings=\"{&quot;background_background&quot;:&quot;classic&quot;}\">\n\t\t\t\t\t<div class=\"e-con-inner\">\n\t\t\t\t<div class=\"elementor-element elementor-element-iwgcn-sami-cch elementor-widget elementor-widget-heading\" data-id=\"iwgcn-sami-cch\" data-element_type=\"widget\" data-e-type=\"widget\" data-widget_type=\"heading.default\">\n\t\t\t\t\t<h2 class=\"elementor-heading-title elementor-size-default\">Za\u0161titni predmeti u ovoj kulturnoj tradiciji<\/h2>\t\t\t\t<\/div>\n\t\t\t\t<div class=\"elementor-element elementor-element-iwgcn-sami-cct elementor-widget elementor-widget-text-editor\" data-id=\"iwgcn-sami-cct\" data-element_type=\"widget\" data-e-type=\"widget\" data-widget_type=\"text-editor.default\">\n\t\t\t\t\t\t\t\t\t<p>Alpska tradicija poznaje <a href=\"https:\/\/iwell-guard.com\/hr\/drudenfuss-i-pentagram\/\">Drudenfu\u00df<\/a> nad vratima i krevetima, posve\u0107ene <a href=\"https:\/\/iwell-guard.com\/hr\/?page_id=150573\">kitice bilja<\/a> za Veliku Gospu, <a href=\"https:\/\/iwell-guard.com\/hr\/kadenje-i-procisce-nje\/\">okumljivanje u vrijeme Rauhn\u00e4chte<\/a> ku\u0107e i staje <a href=\"https:\/\/iwell-guard.com\/hr\/tamjan\/\">tamjanom<\/a>, kao i te\u0161ka <a href=\"https:\/\/iwell-guard.com\/hr\/zvona-i-zvoncici-kao-bucna-zastita\/\">zvona<\/a> ophoda perchti i krampusa, \u010dija buka treba otjerati zimske demone. Sveobuhvatan pregled kroz kulture nudi <a href=\"https:\/\/iwell-guard.com\/hr\/schutz-kompass\/\">Kompas za\u0161tite<\/a>.<\/p>\n<div data-nosnippet=\"true\"><p>iWell Guard uklapa se u ovu kulturno-povijesnu liniju nosivih za\u0161titnih predmeta, u suvremenoj materijalnoj arhitekturi, izra\u0111en u Njema\u010dkoj. 41 razina, pravo zlato, platina, srebro. 30-dnevno pravo povrata.<\/p><\/div>\t\t\t\t\t\t\t\t<\/div>\n\t\t\t\t<div class=\"elementor-element elementor-element-iwgcn-sami-ccb iwg-cc-button iwg-cc-cta-2026-05-13 elementor-widget elementor-widget-jet-button\" data-id=\"iwgcn-sami-ccb\" data-element_type=\"widget\" data-e-type=\"widget\" data-widget_type=\"jet-button.default\">\n\t\t\t\t<div class=\"elementor-widget-container\">\n\t\t\t\t\t<div class=\"elementor-jet-button jet-elements\"><div class=\"jet-button__container\"><a class=\"jet-button__instance jet-button__instance--icon-left hover-effect-1\" href=\"\/ueber-iwell-guard\/?utm_source=iwell-guard.com&amp;utm_medium=info-box&amp;utm_campaign=kultur-tradition\"><div class=\"jet-button__plane jet-button__plane-normal\"><\/div><div class=\"jet-button__plane jet-button__plane-hover\"><\/div><div class=\"jet-button__state jet-button__state-normal\"><span class=\"jet-button__label\">Vi\u0161e o iWell Guardu<\/span><\/div><div class=\"jet-button__state jet-button__state-hover\"><span class=\"jet-button__label\">Vi\u0161e o iWell Guardu<\/span><\/div><\/a><\/div><\/div><style>.elementor-element.elementor-element-iwgcn-sami-ccb .jet-button__instance{width:320px;height:56px;}.elementor-element.elementor-element-iwgcn-sami-ccb .jet-button__state-normal .jet-button__label{text-align:center;margin:0px 0px 0px 0px;color:#1a1b20;font-family:Montserrat,sans-serif;font-size:13px;font-weight:400;letter-spacing:4px;line-height:1.714em;text-transform:uppercase;}.elementor-element.elementor-element-iwgcn-sami-ccb .jet-button__state-hover .jet-button__label{text-align:center;margin:0px 0px 0px 0px;color:#FECC76;font-family:Montserrat,sans-serif;font-size:13px;font-weight:400;letter-spacing:4px;line-height:1.714em;text-transform:uppercase;}.elementor-element.elementor-element-iwgcn-sami-ccb .jet-button__plane-normal{background-color:#FECC76;border-style:solid;border-color:#C99540;border-width:2px 2px 2px 2px;}.elementor-element.elementor-element-iwgcn-sami-ccb .jet-button__plane-hover{background-color:rgba(0,0,0,0.55);border-style:solid;border-color:#FECC76;border-width:2px 2px 2px 2px;}<\/style>\t\t\t\t<\/div>\n\t\t\t\t<\/div>\n\t\t\t\t<div class=\"elementor-element elementor-element-iwgcn-sami-ccd elementor-widget elementor-widget-text-editor\" data-id=\"iwgcn-sami-ccd\" data-element_type=\"widget\" data-e-type=\"widget\" data-widget_type=\"text-editor.default\">\n\t\t\t\t\t\t\t\t\t<div data-nosnippet=\"true\"><p style=\"text-align:center;font-size:13px;opacity:0.7;margin-top:14px\" data-nosnippet=\"true\">Osobna iskustva mogu se razlikovati. Nije medicinski proizvod. Nema obe\u0107anja izlje\u010denja.<\/p><\/div>\t\t\t\t\t\t\t\t<\/div>\n\t\t\t\t\t<\/div>\n\t\t\t\t<\/div>\n\t\t\t\t\t<\/div>\n\t\t\t\t<\/div>\n\t\t<div class=\"elementor-element elementor-element-iwgcn-sami-disc e-flex e-con-boxed e-con e-parent\" data-id=\"iwgcn-sami-disc\" data-element_type=\"container\" data-e-type=\"container\">\n\t\t\t\t\t<div class=\"e-con-inner\">\n\t\t\t\t<div class=\"elementor-element elementor-element-iwgcn-sami-discw elementor-widget elementor-widget-html\" data-id=\"iwgcn-sami-discw\" data-element_type=\"widget\" data-e-type=\"widget\" data-widget_type=\"html.default\">\n\t\t\t\t\t<footer data-nosnippet=\"true\" class=\"iwg-disclaimer-block\"><p data-nosnippet=\"true\">iWell Guard <strong>nije medicinski proizvod<\/strong> i ne zamjenjuje lije\u010dni\u010dko ili psihoterapeutsko lije\u010denje. Religijsko-znanstveni sadr\u017eaji predstavljaju kulturno-povijesnu interpretaciju, a ne preporuku duhovne prakse.<\/p><\/footer>\t\t\t\t<\/div>\n\t\t\t\t\t<\/div>\n\t\t\t\t<\/div>\n\t\t\t\t<\/div>\n\t\t","protected":false},"excerpt":{"rendered":"","protected":false},"author":3,"featured_media":20516,"parent":0,"menu_order":0,"comment_status":"closed","ping_status":"closed","template":"elementor_header_footer","meta":{"_yoast_wpseo_focuskw":"alpske-legende","_yoast_wpseo_title":"Alpske legende: Perchta, Krampus i Tatzelwurm","_yoast_wpseo_metadesc":"Perchta, Krampus, Kasermandl i Tatzelwurm: svijet legendi Alpa obja\u0161njen religiolo\u0161ki, s obi\u010dajima Rauhn\u00e4chte iz Bavarske i Ju\u017enog Tirola.","_yoast_wpseo_meta-robots-noindex":"","_yoast_wpseo_canonical":"","_angie_page":false,"gefaehrdungsstufe":"","wesen_kultur":"","wesen_klasse":"","footnotes":""},"categories":[],"class_list":["post-150597","page","type-page","status-publish","has-post-thumbnail","hentry"],"yoast_head":"<!-- This site is optimized with the Yoast SEO Premium plugin v27.7 (Yoast SEO v28.3) - https:\/\/yoast.com\/product\/yoast-seo-premium-wordpress\/ -->\n<title>Alpske legende: Perchta, Krampus i Tatzelwurm<\/title>\n<meta name=\"description\" content=\"Perchta, Krampus, Kasermandl i Tatzelwurm: svijet legendi Alpa obja\u0161njen religiolo\u0161ki, s obi\u010dajima Rauhn\u00e4chte iz Bavarske i Ju\u017enog Tirola.\" \/>\n<meta name=\"robots\" content=\"index, follow, max-snippet:-1, max-image-preview:large, max-video-preview:-1\" \/>\n<link rel=\"canonical\" href=\"https:\/\/iwell-guard.com\/hr\/alpske-legende\/\" \/>\n<meta property=\"og:locale\" content=\"hr_HR\" \/>\n<meta property=\"og:type\" content=\"article\" \/>\n<meta property=\"og:title\" content=\"Alpske legende\" \/>\n<meta property=\"og:description\" content=\"Perchta, Krampus, Kasermandl i Tatzelwurm: svijet legendi Alpa obja\u0161njen religiolo\u0161ki, s obi\u010dajima Rauhn\u00e4chte iz Bavarske i Ju\u017enog Tirola.\" \/>\n<meta property=\"og:url\" content=\"https:\/\/iwell-guard.com\/hr\/alpske-legende\/\" \/>\n<meta property=\"og:site_name\" content=\"iWell Guard\" \/>\n<meta property=\"article:modified_time\" content=\"2026-09-04T05:52:48+00:00\" \/>\n<meta property=\"og:image\" content=\"https:\/\/iwell-guard.com\/wp-content\/uploads\/2026\/07\/daemonen_alpin_krampus.webp\" \/>\n\t<meta property=\"og:image:width\" content=\"1024\" \/>\n\t<meta property=\"og:image:height\" content=\"1536\" \/>\n\t<meta property=\"og:image:type\" content=\"image\/webp\" \/>\n<meta name=\"twitter:card\" content=\"summary_large_image\" \/>\n<script type=\"application\/ld+json\" class=\"yoast-schema-graph\">{\"@context\":\"https:\\\/\\\/schema.org\",\"@graph\":[{\"@type\":\"WebPage\",\"@id\":\"https:\\\/\\\/iwell-guard.com\\\/hr\\\/alpske-legende\\\/\",\"url\":\"https:\\\/\\\/iwell-guard.com\\\/hr\\\/alpske-legende\\\/\",\"name\":\"Alpske legende: Perchta, Krampus i Tatzelwurm\",\"isPartOf\":{\"@id\":\"https:\\\/\\\/iwell-guard.com\\\/hr\\\/#website\"},\"primaryImageOfPage\":{\"@id\":\"https:\\\/\\\/iwell-guard.com\\\/hr\\\/alpske-legende\\\/#primaryimage\"},\"image\":{\"@id\":\"https:\\\/\\\/iwell-guard.com\\\/hr\\\/alpske-legende\\\/#primaryimage\"},\"thumbnailUrl\":\"https:\\\/\\\/iwell-guard.com\\\/wp-content\\\/uploads\\\/2026\\\/07\\\/daemonen_alpin_krampus.webp\",\"datePublished\":\"2026-09-04T05:20:16+00:00\",\"dateModified\":\"2026-09-04T05:52:48+00:00\",\"description\":\"Perchta, Krampus, Kasermandl i Tatzelwurm: svijet legendi Alpa obja\u0161njen religiolo\u0161ki, s obi\u010dajima Rauhn\u00e4chte iz Bavarske i Ju\u017enog Tirola.\",\"breadcrumb\":{\"@id\":\"https:\\\/\\\/iwell-guard.com\\\/hr\\\/alpske-legende\\\/#breadcrumb\"},\"inLanguage\":\"hr\",\"potentialAction\":[{\"@type\":\"ReadAction\",\"target\":[\"https:\\\/\\\/iwell-guard.com\\\/hr\\\/alpske-legende\\\/\"]}]},{\"@type\":\"ImageObject\",\"inLanguage\":\"hr\",\"@id\":\"https:\\\/\\\/iwell-guard.com\\\/hr\\\/alpske-legende\\\/#primaryimage\",\"url\":\"https:\\\/\\\/iwell-guard.com\\\/wp-content\\\/uploads\\\/2026\\\/07\\\/daemonen_alpin_krampus.webp\",\"contentUrl\":\"https:\\\/\\\/iwell-guard.com\\\/wp-content\\\/uploads\\\/2026\\\/07\\\/daemonen_alpin_krampus.webp\",\"width\":1024,\"height\":1536,\"caption\":\"Krampus - demoni iz alpske tradicije, povijesno-ilustrativno\"},{\"@type\":\"BreadcrumbList\",\"@id\":\"https:\\\/\\\/iwell-guard.com\\\/hr\\\/alpske-legende\\\/#breadcrumb\",\"itemListElement\":[{\"@type\":\"ListItem\",\"position\":1,\"name\":\"Start\",\"item\":\"https:\\\/\\\/iwell-guard.com\\\/hr\\\/?page_id=149317\"},{\"@type\":\"ListItem\",\"position\":2,\"name\":\"Alpske legende\"}]},{\"@type\":\"WebSite\",\"@id\":\"https:\\\/\\\/iwell-guard.com\\\/hr\\\/#website\",\"url\":\"https:\\\/\\\/iwell-guard.com\\\/hr\\\/\",\"name\":\"iWell Guard\",\"description\":\"Schutz vor dunklen Einfl\u00fcssen\",\"publisher\":{\"@id\":\"https:\\\/\\\/iwell-guard.com\\\/hr\\\/#organization\"},\"potentialAction\":[{\"@type\":\"SearchAction\",\"target\":{\"@type\":\"EntryPoint\",\"urlTemplate\":\"https:\\\/\\\/iwell-guard.com\\\/hr\\\/?s={search_term_string}\"},\"query-input\":{\"@type\":\"PropertyValueSpecification\",\"valueRequired\":true,\"valueName\":\"search_term_string\"}}],\"inLanguage\":\"hr\"},{\"@type\":\"Organization\",\"@id\":\"https:\\\/\\\/iwell-guard.com\\\/hr\\\/#organization\",\"name\":\"Ittermann electronic GmbH\",\"url\":\"https:\\\/\\\/iwell-guard.com\\\/hr\\\/\",\"logo\":{\"@type\":\"ImageObject\",\"inLanguage\":\"hr\",\"@id\":\"https:\\\/\\\/iwell-guard.com\\\/hr\\\/#\\\/schema\\\/logo\\\/image\\\/\",\"url\":\"https:\\\/\\\/iwell-guard.com\\\/wp-content\\\/uploads\\\/2026\\\/05\\\/Ittermann-Logo-1182x237-1.png\",\"contentUrl\":\"https:\\\/\\\/iwell-guard.com\\\/wp-content\\\/uploads\\\/2026\\\/05\\\/Ittermann-Logo-1182x237-1.png\",\"width\":1182,\"height\":237,\"caption\":\"Ittermann electronic GmbH\"},\"image\":{\"@id\":\"https:\\\/\\\/iwell-guard.com\\\/hr\\\/#\\\/schema\\\/logo\\\/image\\\/\"},\"sameAs\":[\"https:\\\/\\\/pantip.com\\\/profile\\\/9367242\",\"https:\\\/\\\/micro.blog\\\/iwellguard\",\"https:\\\/\\\/www.diggerslist.com\\\/iwellguard\\\/about\",\"https:\\\/\\\/skitterphoto.com\\\/photographers\\\/2870314\\\/iwell-guard\",\"https:\\\/\\\/iwellguard.wordpress.com\\\/2026\\\/06\\\/06\\\/iwell-guard\\\/\",\"https:\\\/\\\/hub.docker.com\\\/u\\\/iwellguard\",\"https:\\\/\\\/www.pinterest.com\\\/iwellguard\\\/\",\"https:\\\/\\\/bit.ly\\\/m\\\/iwellguard\",\"https:\\\/\\\/entre-vos-mains.alsace.eu\\\/profiles\\\/iwellguard\\\/activity\",\"https:\\\/\\\/gravatar.com\\\/reallybeded8fd34\",\"https:\\\/\\\/naijamatta.com\\\/iwellguard\",\"https:\\\/\\\/www.goodreads.com\\\/iwellguard\",\"https:\\\/\\\/profile.hatena.ne.jp\\\/iwellguard\\\/\",\"https:\\\/\\\/experiment.com\\\/users\\\/iwellguard\",\"https:\\\/\\\/wakelet.com\\\/@iWellGuard82270\",\"https:\\\/\\\/www.chordie.com\\\/forum\\\/profile.php?id=2555664\",\"https:\\\/\\\/www.instapaper.com\\\/p\\\/17757966\",\"https:\\\/\\\/www.mapleprimes.com\\\/users\\\/iwellguard\",\"https:\\\/\\\/businesslistingplus.com\\\/profile\\\/iwell-guard\\\/\",\"https:\\\/\\\/telegra.ph\\\/iWell-Guard-06-06\",\"https:\\\/\\\/pbase.com\\\/iwellguard\\\/iwellguard\",\"https:\\\/\\\/b.hatena.ne.jp\\\/iwellguard\\\/20260607#bookmark-4788405196491818882\",\"https:\\\/\\\/fliphtml5.com\\\/home\\\/iwellguard\",\"https:\\\/\\\/anyflip.com\\\/homepage\\\/cmiwl#About\",\"https:\\\/\\\/transfur.com\\\/Users\\\/iwellguard\",\"http:\\\/\\\/delphi.larsbo.org\\\/user\\\/iwellguard\",\"https:\\\/\\\/jobs.lajobsportal.org\\\/profiles\\\/8380803-iwell-guard\",\"https:\\\/\\\/md.chaosdorf.de\\\/s\\\/jfbe5SBdJD\",\"https:\\\/\\\/www.lingvolive.com\\\/en-us\\\/profile\\\/9ecaeaca-ce11-4e51-9e71-01d55e2bff36\\\/translations\",\"https:\\\/\\\/www.fitday.com\\\/fitness\\\/forums\\\/members\\\/iwellguard.html\",\"https:\\\/\\\/www.mymeetbook.com\\\/iwellguard\",\"https:\\\/\\\/pxhere.com\\\/en\\\/photographer-me\\\/5040798\",\"https:\\\/\\\/disqus.com\\\/by\\\/iwellguard\\\/about\\\/\",\"https:\\\/\\\/pastelink.net\\\/hjwciqwq\",\"https:\\\/\\\/pubhtml5.com\\\/homepage\\\/scjhn\\\/\",\"https:\\\/\\\/www.bitchute.com\\\/channel\\\/2O2eOKzNqujT\",\"https:\\\/\\\/audiomack.com\\\/iwellguard\"]}]}<\/script>\n<!-- \/ Yoast SEO Premium plugin. -->","yoast_head_json":{"title":"Alpske legende: Perchta, Krampus i Tatzelwurm","description":"Perchta, Krampus, Kasermandl i Tatzelwurm: svijet legendi Alpa obja\u0161njen religiolo\u0161ki, s obi\u010dajima Rauhn\u00e4chte iz Bavarske i Ju\u017enog Tirola.","robots":{"index":"index","follow":"follow","max-snippet":"max-snippet:-1","max-image-preview":"max-image-preview:large","max-video-preview":"max-video-preview:-1"},"canonical":"https:\/\/iwell-guard.com\/hr\/alpske-legende\/","og_locale":"hr_HR","og_type":"article","og_title":"Alpske legende","og_description":"Perchta, Krampus, Kasermandl i Tatzelwurm: svijet legendi Alpa obja\u0161njen religiolo\u0161ki, s obi\u010dajima Rauhn\u00e4chte iz Bavarske i Ju\u017enog Tirola.","og_url":"https:\/\/iwell-guard.com\/hr\/alpske-legende\/","og_site_name":"iWell Guard","article_modified_time":"2026-09-04T05:52:48+00:00","og_image":[{"width":1024,"height":1536,"url":"https:\/\/iwell-guard.com\/wp-content\/uploads\/2026\/07\/daemonen_alpin_krampus.webp","type":"image\/webp"}],"twitter_card":"summary_large_image","schema":{"@context":"https:\/\/schema.org","@graph":[{"@type":"WebPage","@id":"https:\/\/iwell-guard.com\/hr\/alpske-legende\/","url":"https:\/\/iwell-guard.com\/hr\/alpske-legende\/","name":"Alpske legende: Perchta, Krampus i Tatzelwurm","isPartOf":{"@id":"https:\/\/iwell-guard.com\/hr\/#website"},"primaryImageOfPage":{"@id":"https:\/\/iwell-guard.com\/hr\/alpske-legende\/#primaryimage"},"image":{"@id":"https:\/\/iwell-guard.com\/hr\/alpske-legende\/#primaryimage"},"thumbnailUrl":"https:\/\/iwell-guard.com\/wp-content\/uploads\/2026\/07\/daemonen_alpin_krampus.webp","datePublished":"2026-09-04T05:20:16+00:00","dateModified":"2026-09-04T05:52:48+00:00","description":"Perchta, Krampus, Kasermandl i Tatzelwurm: svijet legendi Alpa obja\u0161njen religiolo\u0161ki, s obi\u010dajima Rauhn\u00e4chte iz Bavarske i Ju\u017enog Tirola.","breadcrumb":{"@id":"https:\/\/iwell-guard.com\/hr\/alpske-legende\/#breadcrumb"},"inLanguage":"hr","potentialAction":[{"@type":"ReadAction","target":["https:\/\/iwell-guard.com\/hr\/alpske-legende\/"]}]},{"@type":"ImageObject","inLanguage":"hr","@id":"https:\/\/iwell-guard.com\/hr\/alpske-legende\/#primaryimage","url":"https:\/\/iwell-guard.com\/wp-content\/uploads\/2026\/07\/daemonen_alpin_krampus.webp","contentUrl":"https:\/\/iwell-guard.com\/wp-content\/uploads\/2026\/07\/daemonen_alpin_krampus.webp","width":1024,"height":1536,"caption":"Krampus - demoni iz alpske tradicije, povijesno-ilustrativno"},{"@type":"BreadcrumbList","@id":"https:\/\/iwell-guard.com\/hr\/alpske-legende\/#breadcrumb","itemListElement":[{"@type":"ListItem","position":1,"name":"Start","item":"https:\/\/iwell-guard.com\/hr\/?page_id=149317"},{"@type":"ListItem","position":2,"name":"Alpske legende"}]},{"@type":"WebSite","@id":"https:\/\/iwell-guard.com\/hr\/#website","url":"https:\/\/iwell-guard.com\/hr\/","name":"iWell Guard","description":"Schutz vor dunklen Einfl\u00fcssen","publisher":{"@id":"https:\/\/iwell-guard.com\/hr\/#organization"},"potentialAction":[{"@type":"SearchAction","target":{"@type":"EntryPoint","urlTemplate":"https:\/\/iwell-guard.com\/hr\/?s={search_term_string}"},"query-input":{"@type":"PropertyValueSpecification","valueRequired":true,"valueName":"search_term_string"}}],"inLanguage":"hr"},{"@type":"Organization","@id":"https:\/\/iwell-guard.com\/hr\/#organization","name":"Ittermann electronic GmbH","url":"https:\/\/iwell-guard.com\/hr\/","logo":{"@type":"ImageObject","inLanguage":"hr","@id":"https:\/\/iwell-guard.com\/hr\/#\/schema\/logo\/image\/","url":"https:\/\/iwell-guard.com\/wp-content\/uploads\/2026\/05\/Ittermann-Logo-1182x237-1.png","contentUrl":"https:\/\/iwell-guard.com\/wp-content\/uploads\/2026\/05\/Ittermann-Logo-1182x237-1.png","width":1182,"height":237,"caption":"Ittermann electronic GmbH"},"image":{"@id":"https:\/\/iwell-guard.com\/hr\/#\/schema\/logo\/image\/"},"sameAs":["https:\/\/pantip.com\/profile\/9367242","https:\/\/micro.blog\/iwellguard","https:\/\/www.diggerslist.com\/iwellguard\/about","https:\/\/skitterphoto.com\/photographers\/2870314\/iwell-guard","https:\/\/iwellguard.wordpress.com\/2026\/06\/06\/iwell-guard\/","https:\/\/hub.docker.com\/u\/iwellguard","https:\/\/www.pinterest.com\/iwellguard\/","https:\/\/bit.ly\/m\/iwellguard","https:\/\/entre-vos-mains.alsace.eu\/profiles\/iwellguard\/activity","https:\/\/gravatar.com\/reallybeded8fd34","https:\/\/naijamatta.com\/iwellguard","https:\/\/www.goodreads.com\/iwellguard","https:\/\/profile.hatena.ne.jp\/iwellguard\/","https:\/\/experiment.com\/users\/iwellguard","https:\/\/wakelet.com\/@iWellGuard82270","https:\/\/www.chordie.com\/forum\/profile.php?id=2555664","https:\/\/www.instapaper.com\/p\/17757966","https:\/\/www.mapleprimes.com\/users\/iwellguard","https:\/\/businesslistingplus.com\/profile\/iwell-guard\/","https:\/\/telegra.ph\/iWell-Guard-06-06","https:\/\/pbase.com\/iwellguard\/iwellguard","https:\/\/b.hatena.ne.jp\/iwellguard\/20260607#bookmark-4788405196491818882","https:\/\/fliphtml5.com\/home\/iwellguard","https:\/\/anyflip.com\/homepage\/cmiwl#About","https:\/\/transfur.com\/Users\/iwellguard","http:\/\/delphi.larsbo.org\/user\/iwellguard","https:\/\/jobs.lajobsportal.org\/profiles\/8380803-iwell-guard","https:\/\/md.chaosdorf.de\/s\/jfbe5SBdJD","https:\/\/www.lingvolive.com\/en-us\/profile\/9ecaeaca-ce11-4e51-9e71-01d55e2bff36\/translations","https:\/\/www.fitday.com\/fitness\/forums\/members\/iwellguard.html","https:\/\/www.mymeetbook.com\/iwellguard","https:\/\/pxhere.com\/en\/photographer-me\/5040798","https:\/\/disqus.com\/by\/iwellguard\/about\/","https:\/\/pastelink.net\/hjwciqwq","https:\/\/pubhtml5.com\/homepage\/scjhn\/","https:\/\/www.bitchute.com\/channel\/2O2eOKzNqujT","https:\/\/audiomack.com\/iwellguard"]}]}},"_links":{"self":[{"href":"https:\/\/iwell-guard.com\/hr\/wp-json\/wp\/v2\/pages\/150597","targetHints":{"allow":["GET"]}}],"collection":[{"href":"https:\/\/iwell-guard.com\/hr\/wp-json\/wp\/v2\/pages"}],"about":[{"href":"https:\/\/iwell-guard.com\/hr\/wp-json\/wp\/v2\/types\/page"}],"author":[{"embeddable":true,"href":"https:\/\/iwell-guard.com\/hr\/wp-json\/wp\/v2\/users\/3"}],"replies":[{"embeddable":true,"href":"https:\/\/iwell-guard.com\/hr\/wp-json\/wp\/v2\/comments?post=150597"}],"version-history":[{"count":0,"href":"https:\/\/iwell-guard.com\/hr\/wp-json\/wp\/v2\/pages\/150597\/revisions"}],"wp:featuredmedia":[{"embeddable":true,"href":"https:\/\/iwell-guard.com\/hr\/wp-json\/wp\/v2\/media\/20516"}],"wp:attachment":[{"href":"https:\/\/iwell-guard.com\/hr\/wp-json\/wp\/v2\/media?parent=150597"}],"wp:term":[{"taxonomy":"category","embeddable":true,"href":"https:\/\/iwell-guard.com\/hr\/wp-json\/wp\/v2\/categories?post=150597"}],"curies":[{"name":"wp","href":"https:\/\/api.w.org\/{rel}","templated":true}]}}