{"id":150595,"date":"2026-09-04T05:20:15","date_gmt":"2026-09-04T05:20:15","guid":{"rendered":"https:\/\/iwell-guard.com\/?page_id=150595"},"modified":"2026-09-04T05:52:44","modified_gmt":"2026-09-04T05:52:44","slug":"rumunjska-mitologija","status":"publish","type":"page","link":"https:\/\/iwell-guard.com\/hr\/rumunjska-mitologija\/","title":{"rendered":"Rumunjska mitologija"},"content":{"rendered":"\t\t<div data-elementor-type=\"wp-page\" data-elementor-id=\"150595\" class=\"elementor elementor-150595 elementor-20574 elementor-bc-flex-widget\" data-elementor-post-type=\"page\">\n\t\t\t\t<div class=\"elementor-element elementor-element-iwgcn-sami-hero iwg-kultur-hero e-flex e-con-boxed e-con e-parent\" data-id=\"iwgcn-sami-hero\" data-element_type=\"container\" data-e-type=\"container\">\n\t\t\t\t\t<div class=\"e-con-inner\">\n\t\t<div class=\"elementor-element elementor-element-iwgcn-sami-hl iwg-kultur-hero-left e-flex e-con-boxed e-con e-child\" data-id=\"iwgcn-sami-hl\" data-element_type=\"container\" data-e-type=\"container\">\n\t\t\t\t\t<div class=\"e-con-inner\">\n\t\t\t\t<div class=\"elementor-element elementor-element-iwgcn-sami-h1 elementor-widget elementor-widget-heading\" data-id=\"iwgcn-sami-h1\" data-element_type=\"widget\" data-e-type=\"widget\" data-widget_type=\"heading.default\">\n\t\t\t\t\t<h1 class=\"elementor-heading-title elementor-size-default\">Strigoi, Iele i duhovni svijet rumunjskih Karpata<\/h1>\t\t\t\t<\/div>\n\t\t<div class=\"elementor-element elementor-element-iwgcn-sami-leadc e-con-full e-flex e-con e-child\" data-id=\"iwgcn-sami-leadc\" data-element_type=\"container\" data-e-type=\"container\">\n\t\t\t\t<div class=\"elementor-element elementor-element-iwgcn-sami-lead elementor-widget elementor-widget-text-editor\" data-id=\"iwgcn-sami-lead\" data-element_type=\"widget\" data-e-type=\"widget\" data-widget_type=\"text-editor.default\">\n\t\t\t\t\t\t\t\t\t<p>Rumunjska narodna predaja povezuje izra\u017eeno vjerovanje o mrtvima, vezano za Strigoi i Moroi, s prirodnim bi\u0107ima kao \u0161to su plesa\u010dice Iele, \u0161umska majka Muma P\u0103durii i vjerovanje o vukodlaku Pricolici. Ove predod\u017ebe nastale su u seoskom dru\u0161tvu koje je, uz rumunjsku pravoslavnu crkvu, stolje\u0107ima njegovalo vlastite obrede za\u0161tite od nemrtvih i duhova, posebno u Transilvaniji, Moldaviji i Vla\u0161koj.<\/p>\n<p class=\"iwg-kwfix\">Rumunjska mitologija znatno se razlikuje od knji\u017eevnog mita o Drakuli, koji potje\u010de iz romana Brama Stokera iz 1897. i tek je labavo povezan sa stvarnom rumunjskom narodnom predajom. Ovaj \u010dlanak uvodi u duhovni svijet rumunjskih Karpata, koji se znatno razlikuje od knji\u017eevnog mita o Drakuli.<\/p>\t\t\t\t\t\t\t\t<\/div>\n\t\t\t\t<\/div>\n\t\t\t\t\t<\/div>\n\t\t\t\t<\/div>\n\t\t<div class=\"elementor-element elementor-element-iwgcn-sami-hr iwg-kultur-hero-right e-flex e-con-boxed e-con e-child\" data-id=\"iwgcn-sami-hr\" data-element_type=\"container\" data-e-type=\"container\">\n\t\t\t\t\t<div class=\"e-con-inner\">\n\t\t\t\t<div class=\"elementor-element elementor-element-iwgcn-sami-himg iwg-hero-image elementor-widget elementor-widget-image\" data-id=\"iwgcn-sami-himg\" data-element_type=\"widget\" data-e-type=\"widget\" data-widget_type=\"image.default\">\n\t\t\t\t\t\t\t\t\t\t\t\t\t\t\t<img fetchpriority=\"high\" decoding=\"async\" width=\"683\" height=\"1024\" src=\"https:\/\/iwell-guard.com\/wp-content\/uploads\/2026\/05\/goetter_sami_beaivi-683x1024.webp\" class=\"attachment-large size-large wp-image-151505\" alt=\"Beaivi - bo\u017eanstva iz samske tradicije, povijesno-ilustrativno\" srcset=\"https:\/\/iwell-guard.com\/wp-content\/uploads\/2026\/05\/goetter_sami_beaivi-683x1024.webp 683w, https:\/\/iwell-guard.com\/wp-content\/uploads\/2026\/05\/goetter_sami_beaivi-200x300.webp 200w, https:\/\/iwell-guard.com\/wp-content\/uploads\/2026\/05\/goetter_sami_beaivi-768x1152.webp 768w, https:\/\/iwell-guard.com\/wp-content\/uploads\/2026\/05\/goetter_sami_beaivi.webp 1024w\" sizes=\"(max-width: 683px) 100vw, 683px\" \/>\t\t\t\t\t\t\t\t\t\t\t\t\t\t\t<\/div>\n\t\t\t\t\t<\/div>\n\t\t\t\t<\/div>\n\t\t\t\t\t<\/div>\n\t\t\t\t<\/div>\n\t\t\t\t<section class=\"elementor-section elementor-top-section elementor-element elementor-element-sec-iwgcomp-sami elementor-section-boxed elementor-section-height-default elementor-section-height-default\" data-id=\"sec-iwgcomp-sami\" data-element_type=\"section\" data-e-type=\"section\">\n\t\t\t\t\t\t<div class=\"elementor-container elementor-column-gap-default\">\n\t\t\t\t\t<div class=\"elementor-column elementor-col-100 elementor-top-column elementor-element elementor-element-col-iwgcomp-sami\" data-id=\"col-iwgcomp-sami\" data-element_type=\"column\" data-e-type=\"column\">\n\t\t\t<div class=\"elementor-widget-wrap elementor-element-populated\">\n\t\t\t\t\t\t<div class=\"elementor-element elementor-element-iwgcomp-sami elementor-widget elementor-widget-text-editor\" data-id=\"iwgcomp-sami\" data-element_type=\"widget\" data-e-type=\"widget\" data-widget_type=\"text-editor.default\">\n\t\t\t\t\t\t\t\t\t<p>Rumunjsko <strong><span class=\"iwg-fachbegriff\" data-tooltip=\"Vjerovanje da se pokojnici pod odre\u0111enim uvjetima vra\u0107aju u svijet \u017eivih kao nemrtvi.\" tabindex=\"0\">vjerovanje o povratku mrtvih<\/span><\/strong> vezano za <a href=\"https:\/\/iwell-guard.com\/hr\/strigoi\/\">Strigoi<\/a> i <a href=\"https:\/\/iwell-guard.com\/hr\/moroi\/\">Moroi<\/a> \u010dini temelj narodne predaje u selima Karpata.<\/p>\n<p class=\"iwg-kwfix\">Rumunjska mitologija obuhva\u0107a vjerovanje o precima i mrtvima, zra\u010dne \u017eene <a href=\"https:\/\/iwell-guard.com\/hr\/iele\/\">Iele<\/a>, \u0161umsko bi\u0107e <a href=\"https:\/\/iwell-guard.com\/hr\/muma-padurii\/\">Muma P\u0103durii<\/a> i vjerovanje o vukodlaku vezano za <a href=\"https:\/\/iwell-guard.com\/hr\/pricolici\/\">Pricolici<\/a>. Ove predaje i danas se pripovijedaju uglavnom u ruralnim podru\u010djima Transilvanije i Moldavije.<\/p>\t\t\t\t\t\t\t\t<\/div>\n\t\t\t\t\t<\/div>\n\t\t<\/div>\n\t\t\t\t\t<\/div>\n\t\t<\/section>\n\t\t<div class=\"elementor-element elementor-element-iwgcn-sami-s0 e-flex e-con-boxed e-con e-parent\" data-id=\"iwgcn-sami-s0\" data-element_type=\"container\" data-e-type=\"container\">\n\t\t\t\t\t<div class=\"e-con-inner\">\n\t\t\t\t<div class=\"elementor-element elementor-element-iwgcn-sami-s0h elementor-widget elementor-widget-heading\" data-id=\"iwgcn-sami-s0h\" data-element_type=\"widget\" data-e-type=\"widget\" data-widget_type=\"heading.default\">\n\t\t\t\t\t<h2 class=\"elementor-heading-title elementor-size-default\">Transilvanija, Moldavija, Vla\u0161ka: religijski krajolik Rumunjske<\/h2>\t\t\t\t<\/div>\n\t\t<div class=\"elementor-element elementor-element-iwgcn-sami-s0-c e-con-full e-flex e-con e-child\" data-id=\"iwgcn-sami-s0-c\" data-element_type=\"container\" data-e-type=\"container\">\n\t\t\t\t<div class=\"elementor-element elementor-element-iwgcn-sami-s0t elementor-widget elementor-widget-text-editor\" data-id=\"iwgcn-sami-s0t\" data-element_type=\"widget\" data-e-type=\"widget\" data-widget_type=\"text-editor.default\">\n\t\t\t\t\t\t\t\t\t<p>Rumunjska je prete\u017eno rumunjsko-pravoslavna, s katoli\u010dkim i reformiranim manjinama, posebno u Transilvaniji, gdje su stolje\u0107ima jedno uz drugo \u017eivjele rumunjske, ma\u0111arske i njema\u010dke, odnosno transilvanske saske skupine stanovni\u0161tva. Narodno vjerovanje o Strigoi, Iele i srodnim bi\u0107ima razvijalo se paralelno s crkvenom pobo\u017eno\u0161\u0107u, \u010desto \u010dvrsto isprepleteno s kr\u0161\u0107anskim blagdanima i kalendarima svetaca.<\/p>\n<p>Posebno u zaba\u010denim podru\u010djima kao \u0161to je Maramure\u0161, u karpatskim dolinama Moldavije i dijelovima Vla\u0161ke, arhai\u010dni pogrebni i za\u0161titni obredi ostali su \u017eivi sve do 20. stolje\u0107a. Etnografi su te predaje po\u010deli dokumentirati krajem 19. stolje\u0107a, kada se rumunjska etnologija uspostavila kao samostalna znanstvena disciplina.<\/p>\n<p class=\"iwg-kwfix\">Glavne odrednice ove predaje: kult predaka i mrtvih vezan za Strigoi i Moroi, kalendar opasnih no\u0107i u kojima se pojavljuju Iele i duhovi, te za\u0161titni obredi koji se do danas prenose u ruralnim podru\u010djima Rumunjske.<\/p>\t\t\t\t\t\t\t\t<\/div>\n\t\t\t\t<\/div>\n\t\t\t\t\t<\/div>\n\t\t\t\t<\/div>\n\t\t<div class=\"elementor-element elementor-element-iwgcn-sami-s1 e-flex e-con-boxed e-con e-parent\" data-id=\"iwgcn-sami-s1\" data-element_type=\"container\" data-e-type=\"container\">\n\t\t\t\t\t<div class=\"e-con-inner\">\n\t\t\t\t<div class=\"elementor-element elementor-element-iwgcn-sami-s1h elementor-widget elementor-widget-heading\" data-id=\"iwgcn-sami-s1h\" data-element_type=\"widget\" data-e-type=\"widget\" data-widget_type=\"heading.default\">\n\t\t\t\t\t<h2 class=\"elementor-heading-title elementor-size-default\">Strigoi i Moroi: dva oblika rumunjskog povratka mrtvih<\/h2>\t\t\t\t<\/div>\n\t\t<div class=\"elementor-element elementor-element-iwgcn-sami-s1-c e-con-full e-flex e-con e-child\" data-id=\"iwgcn-sami-s1-c\" data-element_type=\"container\" data-e-type=\"container\">\n\t\t\t\t<div class=\"elementor-element elementor-element-iwgcn-sami-s1t elementor-widget elementor-widget-text-editor\" data-id=\"iwgcn-sami-s1t\" data-element_type=\"widget\" data-e-type=\"widget\" data-widget_type=\"text-editor.default\">\n\t\t\t\t\t\t\t\t\t<p>Prema rumunjskom narodnom vjerovanju, <a href=\"https:\/\/iwell-guard.com\/hr\/strigoi\/\">Strigoi<\/a> je pokojnik koji se vra\u0107a iz groba da bi \u017eivima oduzeo snagu ili krv. Predaja razlikuje strigoi vii, \u017eive ljude s tom predispozicijom, primjerice kao sedmo dijete istog pola u obitelji ili kao vanbra\u010dno ro\u0111ene, i strigoi mor\u021bi, pokojnike koji se vra\u0107aju nakon smrti, \u010desto zato \u0161to pogrebni obredi nisu ispravno provedeni.<\/p>\n<p><a href=\"https:\/\/iwell-guard.com\/hr\/moroi\/\">Moroi<\/a> se u mnogim regijama smatra bla\u017eim, manje agresivnim oblikom povratka mrtvih, dok se u drugim predajama pojam gotovo poistovje\u0107uje sa Strigoi; jedinstvene, cjelovite rumunjske sistematizacije u usmenoj predaji nema. Naziv potje\u010de od latinskog striga\/strix, izvorno povezanog s no\u0107nim sovama i vje\u0161ti\u010djim bi\u0107ima, srodnog talijanskom strega i predod\u017ebama o vje\u0161tici.<\/p>\n<p>Kao za\u0161tita su vrijedili \u010de\u0161njak na vratima i prozorima, \u017eeljezni \u010davli u lijesu, kolac od hrastova ili tisova drveta proboden kroz srce, a u upornim slu\u010dajevima i dekapitacija te ponovni ukop licem prema dolje.<\/p>\t\t\t\t\t\t\t\t<\/div>\n\t\t\t\t<\/div>\n\t\t\t\t\t<\/div>\n\t\t\t\t<\/div>\n\t\t<div class=\"elementor-element elementor-element-iwgcn-sami-s2 e-flex e-con-boxed e-con e-parent\" data-id=\"iwgcn-sami-s2\" data-element_type=\"container\" data-e-type=\"container\">\n\t\t\t\t\t<div class=\"e-con-inner\">\n\t\t\t\t<div class=\"elementor-element elementor-element-iwgcn-sami-s2h elementor-widget elementor-widget-heading\" data-id=\"iwgcn-sami-s2h\" data-element_type=\"widget\" data-e-type=\"widget\" data-widget_type=\"heading.default\">\n\t\t\t\t\t<h2 class=\"elementor-heading-title elementor-size-default\">Iele: zra\u010dne plesa\u010dice<\/h2>\t\t\t\t<\/div>\n\t\t<div class=\"elementor-element elementor-element-iwgcn-sami-s2-c e-con-full e-flex e-con e-child\" data-id=\"iwgcn-sami-s2-c\" data-element_type=\"container\" data-e-type=\"container\">\n\t\t\t\t<div class=\"elementor-element elementor-element-iwgcn-sami-s2t elementor-widget elementor-widget-text-editor\" data-id=\"iwgcn-sami-s2t\" data-element_type=\"widget\" data-e-type=\"widget\" data-widget_type=\"text-editor.default\">\n\t\t\t\t\t\t\t\t\t<p><a href=\"https:\/\/iwell-guard.com\/hr\/iele\/\">Iele<\/a> se smatraju lijepim, ali opasnim zra\u010dnim \u017eenama koje no\u0107u ple\u0161u na osamljenim mjestima. Njihova svetkovina tradicionalno se poklapa sa S\u00e2nziene, rumunjskim blagdanom oko ljetnog solsticija, oko 24. lipnja, koji spaja predkr\u0161\u0107anske solsticijske obrede s Ivanjdanom. Te se no\u0107i nebo smatra posebno prohodnim za magiju.<\/p>\n<p>Prema predaji, onaj koji promatra ples Iele riskira uzetost, gubitak govora, gubitak sluha ili ludilo; mu\u0161karci su smatrani posebno izlo\u017eenima opasnosti. Za\u0161titu su pru\u017eali obredi s vatrom, kao skakanje preko solsticijskih vatri, te izbjegavanje odre\u0111enih \u010distina i raskri\u017eja u no\u0107ima S\u00e2nziene.<\/p>\t\t\t\t\t\t\t\t<\/div>\n\t\t\t\t<\/div>\n\t\t\t\t\t<\/div>\n\t\t\t\t<\/div>\n\t\t<div class=\"elementor-element elementor-element-iwgcn-sami-s3 e-flex e-con-boxed e-con e-parent\" data-id=\"iwgcn-sami-s3\" data-element_type=\"container\" data-e-type=\"container\">\n\t\t\t\t\t<div class=\"e-con-inner\">\n\t\t\t\t<div class=\"elementor-element elementor-element-iwgcn-sami-s3h elementor-widget elementor-widget-heading\" data-id=\"iwgcn-sami-s3h\" data-element_type=\"widget\" data-e-type=\"widget\" data-widget_type=\"heading.default\">\n\t\t\t\t\t<h2 class=\"elementor-heading-title elementor-size-default\">Muma P\u0103durii, \u0161umska majka<\/h2>\t\t\t\t<\/div>\n\t\t<div class=\"elementor-element elementor-element-iwgcn-sami-s3-c e-con-full e-flex e-con e-child\" data-id=\"iwgcn-sami-s3-c\" data-element_type=\"container\" data-e-type=\"container\">\n\t\t\t\t<div class=\"elementor-element elementor-element-iwgcn-sami-s3t elementor-widget elementor-widget-text-editor\" data-id=\"iwgcn-sami-s3t\" data-element_type=\"widget\" data-e-type=\"widget\" data-widget_type=\"text-editor.default\">\n\t\t\t\t\t\t\t\t\t<p><a href=\"https:\/\/iwell-guard.com\/hr\/muma-padurii\/\">Muma P\u0103durii<\/a>, u prijevodu \u0161umska majka, starica je ru\u017enog izgleda koja obitava duboko u \u0161umi, u kolibi ili \u0161upljem stablu. Smatra se ambivalentnim bi\u0107em: s jedne strane \u0161titi \u017eivotinje i biljke i lije\u010di bolesne dijelove \u0161ume, s druge strane tjera uljeze tjeraju\u0107i ih u ludilo, a djeci se pojavljuje kao stra\u0161ilo koje mami neposlu\u0161ne u \u0161umu.<\/p>\n<p>U pripovijestima koje nalikuju obrascu Ivice i Marice, dijete nadmudri \u0161umsku majku i gurne je u njezinu vlastitu pe\u0107. Muma P\u0103durii se u istra\u017eivanjima uspore\u0111uje s drugim europskim likovima \u0161umske majke i stra\u0161ilima za djecu, kao \u0161to je Baba Jaga, no ne poistovje\u0107uje se s njima.<\/p>\t\t\t\t\t\t\t\t<\/div>\n\t\t\t\t<\/div>\n\t\t\t\t\t<\/div>\n\t\t\t\t<\/div>\n\t\t<div class=\"elementor-element elementor-element-x-sami-s-faq e-flex e-con-boxed e-con e-parent\" data-id=\"x-sami-s-faq\" data-element_type=\"container\" data-e-type=\"container\">\n\t\t\t\t\t<div class=\"e-con-inner\">\n\t\t\t\t<div class=\"elementor-element elementor-element-x-sami-h-faq elementor-widget elementor-widget-heading\" data-id=\"x-sami-h-faq\" data-element_type=\"widget\" data-e-type=\"widget\" data-widget_type=\"heading.default\">\n\t\t\t\t\t<h2 class=\"elementor-heading-title elementor-size-default\">\u010cesto postavljana pitanja o rumunjskoj mitologiji<\/h2>\t\t\t\t<\/div>\n\t\t<div class=\"elementor-element elementor-element-iwgcn-sami-s3-c e-con-full e-flex e-con e-child\" data-id=\"iwgcn-sami-s3-c\" data-element_type=\"container\" data-e-type=\"container\">\n\t\t\t\t<div class=\"elementor-element elementor-element-x-sami-t-faq elementor-widget elementor-widget-text-editor\" data-id=\"x-sami-t-faq\" data-element_type=\"widget\" data-e-type=\"widget\" data-widget_type=\"text-editor.default\">\n\t\t\t\t\t\t\t\t\t<h3>Koja je razlika izme\u0111u Strigoja i Moroja?<\/h3>\n<p>U rumunjskom narodnom vjerovanju Strigoi se smatra pokojnikom koji se vra\u0107a iz groba, dok se Moroi u mnogim regijama opisuje kao bla\u017ei, manje agresivan oblik povratka mrtvih. Jedinstveno razgrani\u010denje koje vrijedi za cijelu Rumunjsku u usmenoj predaji, me\u0111utim, ne postoji.<\/p>\n<h3>Ko je Muma P\u0103durii?<\/h3>\n<p>Muma P\u0103durii, majka \u0161ume, ambivalentan je lik rumunjskog folklora: \u0161titi \u0161umu i \u017eivotinje, ali djeci istovremeno predstavlja stra\u0161ilo koje neposlu\u0161ne mami u \u0161umu.<\/p>\n<h3>Je li Drakula dio rumunjske narodne predaje?<\/h3>\n<p>Ne. Drakula je knji\u017eevni lik kojeg je Bram Stoker stvorio 1897., preuzev\u0161i samo ime povijesnog Vlada III. Narodno vjerovanje u Strigoja u Rumunjskoj znatno je starije i u klju\u010dnim se crtama razlikuje od zapadnog kli\u0161eja o vampiru.<\/p>\n<h3>\u0160to su Iele?<\/h3>\n<p>Iele su plesa\u010dice zraka iz rumunjske mitologije, \u010dija se pojava tradicionalno vezuje uz ljetni praznik S\u00e2nziene. Prema predaji, onome koji promatra njihov no\u0107ni ples prijeti paraliza ili ludilo.<\/p>\n<script type=\"application\/ld+json\">{\"@context\": \"https:\/\/schema.org\", \"@type\": \"FAQPage\", \"mainEntity\": [{\"@type\": \"Question\", \"name\": \"Koja je razlika izme\u0111u Strigoja i Moroja?\", \"acceptedAnswer\": {\"@type\": \"Answer\", \"text\": \"U rumunjskom narodnom vjerovanju Strigoi se smatra pokojnikom koji se vra\u0107a iz groba, dok se Moroi u mnogim regijama opisuje kao bla\u017ei, manje agresivan oblik povratka mrtvih. Jedinstveno razgrani\u010denje koje vrijedi za cijelu Rumunjsku u usmenoj predaji, me\u0111utim, ne postoji.\"}}, {\"@type\": \"Question\", \"name\": \"Ko je Muma P\u0103durii?\", \"acceptedAnswer\": {\"@type\": \"Answer\", \"text\": \"Muma P\u0103durii, majka \u0161ume, ambivalentan je lik rumunjskog folklora: \u0161titi \u0161umu i \u017eivotinje, ali djeci istovremeno predstavlja stra\u0161ilo koje neposlu\u0161ne mami u \u0161umu.\"}}, {\"@type\": \"Question\", \"name\": \"Je li Drakula dio rumunjske narodne predaje?\", \"acceptedAnswer\": {\"@type\": \"Answer\", \"text\": \"Ne. Drakula je knji\u017eevni lik kojeg je Bram Stoker stvorio 1897., preuzev\u0161i samo ime povijesnog Vlada III. Narodno vjerovanje u Strigoja u Rumunjskoj znatno je starije i u klju\u010dnim se crtama razlikuje od zapadnog kli\u0161eja o vampiru.\"}}, {\"@type\": \"Question\", \"name\": \"\u0160to su Iele?\", \"acceptedAnswer\": {\"@type\": \"Answer\", \"text\": \"Iele su plesa\u010dice zraka iz rumunjske mitologije, \u010dija se pojava tradicionalno vezuje uz ljetni praznik S\u00e2nziene. Prema predaji, onome koji promatra njihov no\u0107ni ples prijeti paraliza ili ludilo.\"}}]}<\/script>\t\t\t\t\t\t\t\t<\/div>\n\t\t\t\t<\/div>\n\t\t\t\t\t<\/div>\n\t\t\t\t<\/div>\n\t\t<div class=\"elementor-element elementor-element-iwgcn-sami-s4 e-flex e-con-boxed e-con e-parent\" data-id=\"iwgcn-sami-s4\" data-element_type=\"container\" data-e-type=\"container\">\n\t\t\t\t\t<div class=\"e-con-inner\">\n\t\t\t\t<div class=\"elementor-element elementor-element-iwgcn-sami-s4h elementor-widget elementor-widget-heading\" data-id=\"iwgcn-sami-s4h\" data-element_type=\"widget\" data-e-type=\"widget\" data-widget_type=\"heading.default\">\n\t\t\t\t\t<h2 class=\"elementor-heading-title elementor-size-default\">Pricolici i V\u00e2rcolac: rumunjsko vjerovanje u vukodlake<\/h2>\t\t\t\t<\/div>\n\t\t<div class=\"elementor-element elementor-element-iwgcn-sami-s4-c e-con-full e-flex e-con e-child\" data-id=\"iwgcn-sami-s4-c\" data-element_type=\"container\" data-e-type=\"container\">\n\t\t\t\t<div class=\"elementor-element elementor-element-iwgcn-sami-s4t elementor-widget elementor-widget-text-editor\" data-id=\"iwgcn-sami-s4t\" data-element_type=\"widget\" data-e-type=\"widget\" data-widget_type=\"text-editor.default\">\n\t\t\t\t\t\t\t\t\t<p><a href=\"https:\/\/iwell-guard.com\/hr\/pricolici\/\">Pricolici<\/a> smatra se nemrtvim vukodlakom: \u010dovjekom, \u010desto nasilnim mu\u0161karcem, koji se za \u017eivota ili nakon smrti pretvara u vuka ili psa. Za razliku od Strigoja, Pricolici uvijek zadr\u017eava vu\u010dje osobine; srodan, ali ne istovjetan lik je V\u00e2rcolac, kojem se u nekim regijama pripisuju i vragolanske crte ili mo\u0107 da progut\u0430 Sunce i Mjesec te tako izazove pomr\u010dine.<\/p>\n<p>U ruralnim krajevima Rumunjske neobi\u010dno velike ili agresivne vukove i danas povremeno u narodu povezuju s Pricolicijem. Za\u0161titni obi\u010daji sli\u010dni su onima protiv Strigoja: \u010de\u0161njak, \u017eeljezo i pa\u017eljivo obavljeni pogrebni obredi.<\/p>\t\t\t\t\t\t\t\t<\/div>\n\t\t\t\t<\/div>\n\t\t\t\t\t<\/div>\n\t\t\t\t<\/div>\n\t\t<div class=\"elementor-element elementor-element-iwgcn-sami-s5 e-flex e-con-boxed e-con e-parent\" data-id=\"iwgcn-sami-s5\" data-element_type=\"container\" data-e-type=\"container\">\n\t\t\t\t\t<div class=\"e-con-inner\">\n\t\t\t\t<div class=\"elementor-element elementor-element-iwgcn-sami-s5h elementor-widget elementor-widget-heading\" data-id=\"iwgcn-sami-s5h\" data-element_type=\"widget\" data-e-type=\"widget\" data-widget_type=\"heading.default\">\n\t\t\t\t\t<h2 class=\"elementor-heading-title elementor-size-default\">Sf\u00e2ntul Andrei: kalendar za\u0161titnih obi\u010daja<\/h2>\t\t\t\t<\/div>\n\t\t<div class=\"elementor-element elementor-element-iwgcn-sami-s5-c e-con-full e-flex e-con e-child\" data-id=\"iwgcn-sami-s5-c\" data-element_type=\"container\" data-e-type=\"container\">\n\t\t\t\t<div class=\"elementor-element elementor-element-iwgcn-sami-s5t elementor-widget elementor-widget-text-editor\" data-id=\"iwgcn-sami-s5t\" data-element_type=\"widget\" data-e-type=\"widget\" data-widget_type=\"text-editor.default\">\n\t\t\t\t\t\t\t\t\t<p>No\u0107 svetog Andrije (Sf\u00e2ntul Andrei), s 29. na 30. studenog, u mnogim rumunjskim regijama smatra se no\u0107i u kojoj su Strigoji i vukovi posebno aktivni. Zbog toga su seljaci vje\u0161ali \u010de\u0161njak na vrata i okvire prozora, obilje\u017eavali doma\u0107e \u017eivotinje znakovima od \u010de\u0161njaka i po mogu\u0107nosti izbjegavali samotne putove.<\/p>\n<p>Dodatne za\u0161titne mjere odnosile su se na samo ukapanje: \u017eeljezni \u010davli za lijes, probijanje groba trnovitom granom ili optere\u0107ivanje tijela trebali su sprije\u010diti da pokojnik postane Strigoi. Rumunjska pravoslavna crkva te je obi\u010daje razli\u010dito tolerirala, slu\u017ebeno ih osu\u0111uju\u0107i, ali su u seoskoj praksi opstali kroz generacije.<\/p>\t\t\t\t\t\t\t\t<\/div>\n\t\t\t\t<\/div>\n\t\t\t\t\t<\/div>\n\t\t\t\t<\/div>\n\t\t<div class=\"elementor-element elementor-element-iwgcn-sami-s6 e-flex e-con-boxed e-con e-parent\" data-id=\"iwgcn-sami-s6\" data-element_type=\"container\" data-e-type=\"container\">\n\t\t\t\t\t<div class=\"e-con-inner\">\n\t\t\t\t<div class=\"elementor-element elementor-element-iwgcn-sami-s6h elementor-widget elementor-widget-heading\" data-id=\"iwgcn-sami-s6h\" data-element_type=\"widget\" data-e-type=\"widget\" data-widget_type=\"heading.default\">\n\t\t\t\t\t<h2 class=\"elementor-heading-title elementor-size-default\">Od narodnog vjerovanja do knji\u017eevnog mita o Drakuli<\/h2>\t\t\t\t<\/div>\n\t\t<div class=\"elementor-element elementor-element-iwgcn-sami-s6-c e-con-full e-flex e-con e-child\" data-id=\"iwgcn-sami-s6-c\" data-element_type=\"container\" data-e-type=\"container\">\n\t\t\t\t<div class=\"elementor-element elementor-element-iwgcn-sami-s6t elementor-widget elementor-widget-text-editor\" data-id=\"iwgcn-sami-s6t\" data-element_type=\"widget\" data-e-type=\"widget\" data-widget_type=\"text-editor.default\">\n\t\t\t\t\t\t\t\t\t<p>Povijesni Vlad III. (Vlad \u021aepe\u0219, Nabija\u010d), vla\u0161ki vojvoda 15. stolje\u0107a, izvorno nije povezan s vjerovanjem u Strigoja. Njegov nadimak Dracul upu\u0107uje na pripadnost njegova oca Redu Zmaja, a ne na vraga ili vampira. Bram Stoker je 1897. za svoj roman <em>Drakula<\/em> preuzeo samo ime, oslanjaju\u0107i se prije svega na putopise, primjerice na djelo Emily Gerard <em>The Land Beyond the Forest<\/em> iz 1888., a ne na putovanje u Rumunjsku ili sustavno poznavanje rumunjske narodne predaje.<\/p>\n<p>Knji\u017eevni lik vampira u klju\u010dnim se crtama razlikuje od narodnog Strigoja: strah od kri\u017ea, pla\u0161t i aristokratsko dr\u017eanje izumi su zapadne popularne kulture 19. i 20. stolje\u0107a. Strigoi usmene predaje, naprotiv, obi\u010dno je seljanin \u010diji se povratak obja\u0161njava konkretnim pogre\u0161nim postupcima pri ukopu ili \u017eivotnim okolnostima. S religioznoznanstvenog gledi\u0161ta, razdvajanje narodnog vjerovanja o mrtvima od knji\u017eevnog mita o Drakuli smatra se nu\u017enim za pravilno razumijevanje obiju tradicija.<\/p>\t\t\t\t\t\t\t\t<\/div>\n\t\t\t\t<\/div>\n\t\t\t\t\t<\/div>\n\t\t\t\t<\/div>\n\t\t<div class=\"elementor-element elementor-element-cp2d9a92a3 e-flex e-con-boxed e-con e-parent\" data-id=\"cp2d9a92a3\" data-element_type=\"container\" data-e-type=\"container\">\n\t\t\t\t\t<div class=\"e-con-inner\">\n\t\t\t\t<div class=\"elementor-element elementor-element-cp2515827f elementor-widget elementor-widget-heading\" data-id=\"cp2515827f\" data-element_type=\"widget\" data-e-type=\"widget\" data-widget_type=\"heading.default\">\n\t\t\t\t\t<h2 class=\"elementor-heading-title elementor-size-default\">Regionalna raznolikost: Transilvanija, Moldavija i Vla\u0161ka<\/h2>\t\t\t\t<\/div>\n\t\t<div class=\"elementor-element elementor-element-cp25cbddf2 e-flex e-con-boxed e-con e-child\" data-id=\"cp25cbddf2\" data-element_type=\"container\" data-e-type=\"container\">\n\t\t\t\t\t<div class=\"e-con-inner\">\n\t\t\t\t<div class=\"elementor-element elementor-element-cp240cdc6c elementor-widget elementor-widget-text-editor\" data-id=\"cp240cdc6c\" data-element_type=\"widget\" data-e-type=\"widget\" data-widget_type=\"text-editor.default\">\n\t\t\t\t\t\t\t\t\t<p>Rumunjska nije religijski i folklorno jedinstvena cjelina. Transilvanija (Ardeal), Moldavija i Vla\u0161ka pro\u0161le su kroz vlastite povijesne razvoje, s razli\u010ditim susjedstvima, oblicima vlasti i etni\u010dkim smjesama. Ta raznolikost odra\u017eava se i u narodnom vjerovanju.<\/p>\n<p>U Transilvaniji su Rumunji stolje\u0107ima \u017eivjeli uz ma\u0111arski govorne Sekelje i transilvanske Sase njema\u010dkog podrijetla. Razmjena me\u0111u tim skupinama oblikovala je lokalne motive predaja, bez da je nastala jedinstvena pripovjeda\u010dka tradicija. U Moldaviji i Vla\u0161koj razvili su se, s druge strane, vlastiti oblici vjerovanja u Strigoja i Iele, koji su se mogli razlikovati od doline do doline.<\/p>\n<p>Posebno u zaba\u010denim planinskim regijama kao \u0161to su Maramure\u0161 ili planine Apuseni, stariji pokopni i za\u0161titni obi\u010daji ostali su \u017eivi dulje nego u gradskim sredi\u0161tima. Putnici i etnografi 19. stolje\u0107a te su krajeve nerijetko opisivali kao pribje\u017ei\u0161ta arhai\u010dnih vjerovanja, procjenu koju s dana\u0161njeg religioznoznanstvenog gledi\u0161ta treba \u010ditati s oprezom, jer pretpostavlja stupanj modernizacije koji nije uvijek dokazan.<\/p>\n<p>Uop\u0107ene tvrdnje o rumunjskoj mitologiji zato prikrivaju regionalne razlike koje ostaju va\u017ene za precizniji uvid.<\/p>\t\t\t\t\t\t\t\t<\/div>\n\t\t\t\t\t<\/div>\n\t\t\t\t<\/div>\n\t\t\t\t\t<\/div>\n\t\t\t\t<\/div>\n\t\t<div class=\"elementor-element elementor-element-cp2b1a3dae e-flex e-con-boxed e-con e-parent\" data-id=\"cp2b1a3dae\" data-element_type=\"container\" data-e-type=\"container\">\n\t\t\t\t\t<div class=\"e-con-inner\">\n\t\t\t\t<div class=\"elementor-element elementor-element-cp282c06ff elementor-widget elementor-widget-heading\" data-id=\"cp282c06ff\" data-element_type=\"widget\" data-e-type=\"widget\" data-widget_type=\"heading.default\">\n\t\t\t\t\t<h2 class=\"elementor-heading-title elementor-size-default\">Kalendar duhova: Sf\u00e2ntul Andrei i Rusalii<\/h2>\t\t\t\t<\/div>\n\t\t<div class=\"elementor-element elementor-element-cp228b4522 e-flex e-con-boxed e-con e-child\" data-id=\"cp228b4522\" data-element_type=\"container\" data-e-type=\"container\">\n\t\t\t\t\t<div class=\"e-con-inner\">\n\t\t\t\t<div class=\"elementor-element elementor-element-cp261454c5 elementor-widget elementor-widget-text-editor\" data-id=\"cp261454c5\" data-element_type=\"widget\" data-e-type=\"widget\" data-widget_type=\"text-editor.default\">\n\t\t\t\t\t\t\t\t\t<p>Rumunjska narodna vjera smje\u0161ta opasna razdoblja duhova u crkveni godi\u0161nji kalendar. No\u0107 svetog Andrije, 29.\/30. studenog, u mnogim regijama smatra se no\u0107i u kojoj su Strigoi i vukovi posebno aktivni; seljaci su zato vje\u0161ali \u010de\u0161njak na vrata i prozorske okvire i obilje\u017eavali doma\u0107e \u017eivotinje znakovima od \u010de\u0161njaka.<\/p>\n<p>Tjedan oko Rusalija, pravoslavnog blagdana Duhova, tradicionalno se povezuje s <a href=\"https:\/\/iwell-guard.com\/hr\/iele\/\">Iele<\/a>; u tom razdoblju trebalo bi izbjegavati odre\u0111ene poslove, poput pranja rublja na otvorenom, da se zra\u010dne \u017eene ne bi razljutile. I no\u0107 S\u00e2nziene krajem lipnja, rumunjski praznik ljetnog solsticija, ubraja se u magijom obilje\u017eena <span class=\"iwg-fachbegriff\" data-tooltip=\"Dani ili no\u0107i kojima se u narodnoj vjeri pripisuju posebne, \u010desto opasne mo\u0107i.\" tabindex=\"0\">prijelazna razdoblja<\/span> godine.<\/p>\n<p>Ovaj kalendar opasnih no\u0107i povezuje predkr\u0161\u0107anske predod\u017ebe o prijelazima godi\u0161njih doba s blagdanskim ciklusom pravoslavne crkve, obrazac koji se u sli\u010dnom obliku pronalazi i u drugim dijelovima jugoisto\u010dne i srednje Europe.<\/p>\t\t\t\t\t\t\t\t<\/div>\n\t\t\t\t\t<\/div>\n\t\t\t\t<\/div>\n\t\t\t\t\t<\/div>\n\t\t\t\t<\/div>\n\t\t<div class=\"elementor-element elementor-element-cp295547c2 e-flex e-con-boxed e-con e-parent\" data-id=\"cp295547c2\" data-element_type=\"container\" data-e-type=\"container\">\n\t\t\t\t\t<div class=\"e-con-inner\">\n\t\t\t\t<div class=\"elementor-element elementor-element-cp28944fb0 elementor-widget elementor-widget-heading\" data-id=\"cp28944fb0\" data-element_type=\"widget\" data-e-type=\"widget\" data-widget_type=\"heading.default\">\n\t\t\t\t\t<h2 class=\"elementor-heading-title elementor-size-default\">Izvori: etnografske zbirke i terensko istra\u017eivanje<\/h2>\t\t\t\t<\/div>\n\t\t<div class=\"elementor-element elementor-element-cp23d59da4 e-flex e-con-boxed e-con e-child\" data-id=\"cp23d59da4\" data-element_type=\"container\" data-e-type=\"container\">\n\t\t\t\t\t<div class=\"e-con-inner\">\n\t\t\t\t<div class=\"elementor-element elementor-element-cp2ce157b6 elementor-widget elementor-widget-text-editor\" data-id=\"cp2ce157b6\" data-element_type=\"widget\" data-e-type=\"widget\" data-widget_type=\"text-editor.default\">\n\t\t\t\t\t\t\t\t\t<p>Pisana predaja o rumunjskoj narodnoj religiji potje\u010de uglavnom iz etnografskih zbirki s kraja 19. i po\u010detka 20. stolje\u0107a. Rumunjski folkloristi kao Simion Florea Marian, Tudor Pamfile i Elena Niculi\u021b\u0103-Voronca zapisivali su pri\u010de, obrede i obi\u010daje u selima, \u010desto u izravnoj suradnji s lokalnim pripovjeda\u010dima.<\/p>\n<p>Izvor koji je izvan Rumunjske stekao veliku recepciju je studija <em>The Vampire in Roumania<\/em> britanske etnografkinje Agnes Murgoci, koja je 1926. godine, na temelju vlastitih terenskih zabilje\u0161ki i rumunjskih prethodnih radova, predstavila vjerovanje u Strigoi engleskoj stru\u010dnoj publici. U njoj je ve\u0107 sustavno razlikovala uvjete pod kojima je netko mogao postati Strigoi za \u017eivota ili nakon smrti.<\/p>\n<p>Moderna rumunjska etnologija, primjerice radovi Iona Ghinoiua i Iona Talo\u0219a, smje\u0161ta te starije zbirke u \u0161iri okvir jugoisto\u010dnoeuropskog selja\u010dkog kalendara i kulta mrtvih. Kao i kod mnogih usmenih <span class=\"iwg-fachbegriff\" data-tooltip=\"Preno\u0161enje znanja i pri\u010da kroz generacije.\" tabindex=\"0\">predaja<\/span>, izvori ostaju nepotpuni, regionalno neuskla\u0111eni i sna\u017eno obilje\u017eeni perspektivom pojedinih zapisiva\u010da.<\/p>\t\t\t\t\t\t\t\t<\/div>\n\t\t\t\t\t<\/div>\n\t\t\t\t<\/div>\n\t\t\t\t\t<\/div>\n\t\t\t\t<\/div>\n\t\t<div class=\"elementor-element elementor-element-cp2c009332 e-flex e-con-boxed e-con e-parent\" data-id=\"cp2c009332\" data-element_type=\"container\" data-e-type=\"container\">\n\t\t\t\t\t<div class=\"e-con-inner\">\n\t\t\t\t<div class=\"elementor-element elementor-element-cp225c94da elementor-widget elementor-widget-heading\" data-id=\"cp225c94da\" data-element_type=\"widget\" data-e-type=\"widget\" data-widget_type=\"heading.default\">\n\t\t\t\t\t<h2 class=\"elementor-heading-title elementor-size-default\">Dracula, Vlad \u021aepe\u0219 i razdvajanje mitova<\/h2>\t\t\t\t<\/div>\n\t\t<div class=\"elementor-element elementor-element-cp2c7191ab e-flex e-con-boxed e-con e-child\" data-id=\"cp2c7191ab\" data-element_type=\"container\" data-e-type=\"container\">\n\t\t\t\t\t<div class=\"e-con-inner\">\n\t\t\t\t<div class=\"elementor-element elementor-element-cp23f4061d elementor-widget elementor-widget-text-editor\" data-id=\"cp23f4061d\" data-element_type=\"widget\" data-e-type=\"widget\" data-widget_type=\"text-editor.default\">\n\t\t\t\t\t\t\t\t\t<p>Malo je likova toliko obilje\u017eilo me\u0111unarodnu sliku Rumunjske kao Dracula, iako je ta knji\u017eevna figura tek posredno povezana sa stvarnom narodnom predajom. Bram Stoker napisao je svoj roman 1897. u Londonu, a sam nikada nije putovao u Rumunjsku. Kao izvori su mu poslu\u017eili prije svega putopisi, poput onih Emily Gerard, te starija zapadna vampirska knji\u017eevnost 18. i 19. stolje\u0107a.<\/p>\n<p>Ime Dracula potje\u010de od povijesnog vla\u0161kog vojvode Vlada III., zvanog Vlad \u021aepe\u0219, Nabija\u010d, prema njegovoj zloglasnoj metodi izvr\u0161avanja pogubljenja. Njegov nadimak Dracul odnosio se na \u010dlanstvo njegova oca u Redu Zmaja (latinski draco), vite\u0161kom redu za obranu od Osmanlija, a ne na bilo kakvu vezu s vampirima ili vragom.<\/p>\n<p>Rumunjski <a href=\"https:\/\/iwell-guard.com\/hr\/strigoi\/\">Strigoi<\/a> iz usmene predaje razlikuje se u bitnim to\u010dkama od zapadnog vampira popularne kulture: ne nosi pla\u0161t, izvorno ne mora nu\u017eno bje\u017eati od kri\u017ea ili crkve, a njegov povratak naj\u010de\u0161\u0107e se obja\u0161njava konkretnim kr\u0161enjem pogrebnih obi\u010daja, a ne natprirodnim prokletstvom aristokratskog podrijetla.<\/p>\n<p>Zato se u religijskim znanostima smatra va\u017enim razlikovati knji\u017eevni mit o Draculi, kao samostalan fenomen zapadne <span class=\"iwg-fachbegriff\" data-tooltip=\"Preno\u0161enje znanja i pri\u010da kroz generacije.\" tabindex=\"0\">predaje<\/span>, od stvarne rumunjske narodne religije vezane za Strigoi i Moroi. Obje tradicije imaju svoje izvore, svoje funkcije i svoju povijest nastanka.<\/p>\t\t\t\t\t\t\t\t<\/div>\n\t\t\t\t\t<\/div>\n\t\t\t\t<\/div>\n\t\t\t\t\t<\/div>\n\t\t\t\t<\/div>\n\t\t<div class=\"elementor-element elementor-element-iwgha-sami-sec e-flex e-con-boxed e-con e-parent\" data-id=\"iwgha-sami-sec\" data-element_type=\"container\" data-e-type=\"container\">\n\t\t\t\t\t<div class=\"e-con-inner\">\n\t\t\t\t<div class=\"elementor-element elementor-element-iwgha-sami-h elementor-widget elementor-widget-heading\" data-id=\"iwgha-sami-h\" data-element_type=\"widget\" data-e-type=\"widget\" data-widget_type=\"heading.default\">\n\t\t\t\t\t<h2 class=\"elementor-heading-title elementor-size-default\">Bi\u0107a ove tradicije (5)<\/h2>\t\t\t\t<\/div>\n\t\t<div class=\"elementor-element elementor-element-iwgha-sami-gc e-flex e-con-boxed e-con e-parent\" data-id=\"iwgha-sami-gc\" data-element_type=\"container\" data-e-type=\"container\">\n\t\t\t\t\t<div class=\"e-con-inner\">\n\t\t\t\t<div class=\"elementor-element elementor-element-iwgha-sami-grid elementor-widget elementor-widget-text-editor\" data-id=\"iwgha-sami-grid\" data-element_type=\"widget\" data-e-type=\"widget\" data-widget_type=\"text-editor.default\">\n\t\t\t\t\t\t\t\t\t<div class=\"iwg-wesen-grid\"><a class=\"iwg-wesen-card\" href=\"https:\/\/iwell-guard.com\/hr\/muma-padurii\/\" aria-label=\"Muma P\u0103durii\"><div class=\"iwg-wesen-card-imgwrap\"><img decoding=\"async\" src=\"https:\/\/iwell-guard.com\/wp-content\/uploads\/2026\/07\/geister_rumaenisch_muma-padurii-200x300.webp\" alt=\"Muma P\u0103durii\" loading=\"lazy\"><\/div><div class=\"iwg-wesen-card-body\"><div class=\"iwg-wesen-card-name\">Muma P\u0103durii<\/div><div class=\"iwg-wesen-card-arrow\">\u2192 Na bi\u0107e<\/div><\/div><\/a><a class=\"iwg-wesen-card\" href=\"https:\/\/iwell-guard.com\/hr\/iele\/\" aria-label=\"Iele\"><div class=\"iwg-wesen-card-imgwrap\"><img decoding=\"async\" src=\"https:\/\/iwell-guard.com\/wp-content\/uploads\/2026\/07\/geister_rumaenisch_iele-200x300.webp\" alt=\"Iele\" loading=\"lazy\"><\/div><div class=\"iwg-wesen-card-body\"><div class=\"iwg-wesen-card-name\">Iele<\/div><div class=\"iwg-wesen-card-arrow\">\u2192 Na bi\u0107e<\/div><\/div><\/a><a class=\"iwg-wesen-card\" href=\"https:\/\/iwell-guard.com\/hr\/strigoi\/\" aria-label=\"Strigoi\"><div class=\"iwg-wesen-card-imgwrap\"><img decoding=\"async\" src=\"https:\/\/iwell-guard.com\/wp-content\/uploads\/2026\/07\/daemonen_rumaenisch_strigoi-200x300.webp\" alt=\"Strigoi\" loading=\"lazy\"><\/div><div class=\"iwg-wesen-card-body\"><div class=\"iwg-wesen-card-name\">Strigoi<\/div><div class=\"iwg-wesen-card-arrow\">\u2192 Na bi\u0107e<\/div><\/div><\/a><a class=\"iwg-wesen-card\" href=\"https:\/\/iwell-guard.com\/hr\/pricolici\/\" aria-label=\"Pricolici\"><div class=\"iwg-wesen-card-imgwrap\"><img decoding=\"async\" src=\"https:\/\/iwell-guard.com\/wp-content\/uploads\/2026\/07\/daemonen_rumaenisch_pricolici-200x300.webp\" alt=\"Pricolici\" loading=\"lazy\"><\/div><div class=\"iwg-wesen-card-body\"><div class=\"iwg-wesen-card-name\">Pricolici<\/div><div class=\"iwg-wesen-card-arrow\">\u2192 Na bi\u0107e<\/div><\/div><\/a><a class=\"iwg-wesen-card\" href=\"https:\/\/iwell-guard.com\/hr\/moroi\/\" aria-label=\"Moroi\"><div class=\"iwg-wesen-card-imgwrap\"><img decoding=\"async\" src=\"https:\/\/iwell-guard.com\/wp-content\/uploads\/2026\/07\/daemonen_rumaenisch_moroi-200x300.webp\" alt=\"Moroi\" loading=\"lazy\"><\/div><div class=\"iwg-wesen-card-body\"><div class=\"iwg-wesen-card-name\">Moroi<\/div><div class=\"iwg-wesen-card-arrow\">\u2192 Na bi\u0107e<\/div><\/div><\/a><\/div>\t\t\t\t\t\t\t\t<\/div>\n\t\t\t\t\t<\/div>\n\t\t\t\t<\/div>\n\t\t\t\t\t<\/div>\n\t\t\t\t<\/div>\n\t\t<div class=\"elementor-element elementor-element-iwgkw2-add-sami e-flex e-con-boxed e-con e-parent\" data-id=\"iwgkw2-add-sami\" data-element_type=\"container\" data-e-type=\"container\">\n\t\t\t\t\t<div class=\"e-con-inner\">\n\t\t\t\t<div class=\"elementor-element elementor-element-iwgkw2-add-sami-t elementor-widget elementor-widget-text-editor\" data-id=\"iwgkw2-add-sami-t\" data-element_type=\"widget\" data-e-type=\"widget\" data-widget_type=\"text-editor.default\">\n\t\t\t\t\t\t\t\t\t<p><em>Vjera u strigoi<\/em> i \u0161iri <em>rumunjski narodni vjera<\/em> oko Iele, Muma P\u0103durii i Pricolici povezuju kult predaka, pogrebne obi\u010daje i za\u0161titne rituale u samostalnu za\u0161titnu praksu koja je trebala \u010duvati obitelji i sela od nemrtvih i prirodnih duhova.<\/p>\t\t\t\t\t\t\t\t<\/div>\n\t\t\t\t\t<\/div>\n\t\t\t\t<\/div>\n\t\t<div class=\"elementor-element elementor-element-iwgcn-sami-kwd e-flex e-con-boxed e-con e-parent\" data-id=\"iwgcn-sami-kwd\" data-element_type=\"container\" data-e-type=\"container\">\n\t\t\t\t\t<div class=\"e-con-inner\">\n\t\t<div class=\"elementor-element elementor-element-iwgcn-sami-kwd-c e-con-full e-flex e-con e-child\" data-id=\"iwgcn-sami-kwd-c\" data-element_type=\"container\" data-e-type=\"container\">\n\t\t\t\t<div class=\"elementor-element elementor-element-iwgcn-sami-kwdt elementor-widget elementor-widget-text-editor\" data-id=\"iwgcn-sami-kwdt\" data-element_type=\"widget\" data-e-type=\"widget\" data-widget_type=\"text-editor.default\">\n\t\t\t\t\t\t\t\t\t<p><em>Srodni klju\u010dni pojmovi: Strigoi Moroi Iele Pricolici Muma Padurii S\u00e2nziene V\u00e2rcolac Transilvanija Karpati Vla\u0161ka.<\/em><\/p>\t\t\t\t\t\t\t\t<\/div>\n\t\t\t\t<\/div>\n\t\t\t\t\t<\/div>\n\t\t\t\t<\/div>\n\t\t<div class=\"elementor-element elementor-element-iwgcn-sami-cc e-flex e-con-boxed e-con e-parent\" data-id=\"iwgcn-sami-cc\" data-element_type=\"container\" data-e-type=\"container\" id=\"iwg-cc-sami\">\n\t\t\t\t\t<div class=\"e-con-inner\">\n\t\t<div class=\"elementor-element elementor-element-iwgcn-sami-ccinner e-flex e-con-boxed e-con e-parent\" data-id=\"iwgcn-sami-ccinner\" data-element_type=\"container\" data-e-type=\"container\" data-settings=\"{&quot;background_background&quot;:&quot;classic&quot;}\">\n\t\t\t\t\t<div class=\"e-con-inner\">\n\t\t\t\t<div class=\"elementor-element elementor-element-iwgcn-sami-cch elementor-widget elementor-widget-heading\" data-id=\"iwgcn-sami-cch\" data-element_type=\"widget\" data-e-type=\"widget\" data-widget_type=\"heading.default\">\n\t\t\t\t\t<h2 class=\"elementor-heading-title elementor-size-default\">Za\u0161titni predmeti u ovoj kulturnoj tradiciji<\/h2>\t\t\t\t<\/div>\n\t\t\t\t<div class=\"elementor-element elementor-element-iwgcn-sami-cct elementor-widget elementor-widget-text-editor\" data-id=\"iwgcn-sami-cct\" data-element_type=\"widget\" data-e-type=\"widget\" data-widget_type=\"text-editor.default\">\n\t\t\t\t\t\t\t\t\t<p>Rumunjska tradicija poznaje <a href=\"https:\/\/iwell-guard.com\/hr\/cesnjak-kao-zastita\/\">\u010de\u0161njak<\/a> na vratima i prozorskim okvirima, <a href=\"https:\/\/iwell-guard.com\/hr\/zeljezo-i-hladno-zeljezo\/\">\u017eeljezne<\/a> \u010davle i no\u017eeve u lijesu, posve\u0107ene trnove i gran\u010dice bijelog trna te zvonjavu <a href=\"https:\/\/iwell-guard.com\/hr\/zvona-i-zvoncici-kao-bucna-zastita\/\">crkvenih zvona<\/a> za odbijanje Strigoi i zlih duhova; prenosivi osobni amuleti u narodnoj predaji zabilje\u017eeni su rje\u0111e nego za\u0161tita ku\u0107e i groba. Sveobuhvatan, me\u0111ukulturni pregled nudi <a href=\"https:\/\/iwell-guard.com\/hr\/schutz-kompass\/\">Kompas za\u0161tite<\/a>.<\/p>\n<div data-nosnippet=\"true\"><p>iWell Guard uklapa se u tu kulturno-povijesnu liniju prenosivih za\u0161titnih predmeta, u suvremenoj materijalnoj arhitekturi, izra\u0111en u Njema\u010dkoj. 41 razina, pravo zlato, platina, srebro. Pravo povrata u 30 dana.<\/p><\/div>\t\t\t\t\t\t\t\t<\/div>\n\t\t\t\t<div class=\"elementor-element elementor-element-iwgcn-sami-ccb iwg-cc-button iwg-cc-cta-2026-05-13 elementor-widget elementor-widget-jet-button\" data-id=\"iwgcn-sami-ccb\" data-element_type=\"widget\" data-e-type=\"widget\" data-widget_type=\"jet-button.default\">\n\t\t\t\t<div class=\"elementor-widget-container\">\n\t\t\t\t\t<div class=\"elementor-jet-button jet-elements\"><div class=\"jet-button__container\"><a class=\"jet-button__instance jet-button__instance--icon-left hover-effect-1\" href=\"\/ueber-iwell-guard\/?utm_source=iwell-guard.com&amp;utm_medium=info-box&amp;utm_campaign=kultur-tradition\"><div class=\"jet-button__plane jet-button__plane-normal\"><\/div><div class=\"jet-button__plane jet-button__plane-hover\"><\/div><div class=\"jet-button__state jet-button__state-normal\"><span class=\"jet-button__label\">Vi\u0161e o iWell Guardu<\/span><\/div><div class=\"jet-button__state jet-button__state-hover\"><span class=\"jet-button__label\">Vi\u0161e o iWell Guardu<\/span><\/div><\/a><\/div><\/div><style>.elementor-element.elementor-element-iwgcn-sami-ccb .jet-button__instance{width:320px;height:56px;}.elementor-element.elementor-element-iwgcn-sami-ccb .jet-button__state-normal .jet-button__label{text-align:center;margin:0px 0px 0px 0px;color:#1a1b20;font-family:Montserrat,sans-serif;font-size:13px;font-weight:400;letter-spacing:4px;line-height:1.714em;text-transform:uppercase;}.elementor-element.elementor-element-iwgcn-sami-ccb .jet-button__state-hover .jet-button__label{text-align:center;margin:0px 0px 0px 0px;color:#FECC76;font-family:Montserrat,sans-serif;font-size:13px;font-weight:400;letter-spacing:4px;line-height:1.714em;text-transform:uppercase;}.elementor-element.elementor-element-iwgcn-sami-ccb .jet-button__plane-normal{background-color:#FECC76;border-style:solid;border-color:#C99540;border-width:2px 2px 2px 2px;}.elementor-element.elementor-element-iwgcn-sami-ccb .jet-button__plane-hover{background-color:rgba(0,0,0,0.55);border-style:solid;border-color:#FECC76;border-width:2px 2px 2px 2px;}<\/style>\t\t\t\t<\/div>\n\t\t\t\t<\/div>\n\t\t\t\t<div class=\"elementor-element elementor-element-iwgcn-sami-ccd elementor-widget elementor-widget-text-editor\" data-id=\"iwgcn-sami-ccd\" data-element_type=\"widget\" data-e-type=\"widget\" data-widget_type=\"text-editor.default\">\n\t\t\t\t\t\t\t\t\t<div data-nosnippet=\"true\"><p style=\"text-align:center;font-size:13px;opacity:0.7;margin-top:14px\" data-nosnippet=\"true\">Osobna iskustva mogu se razlikovati. Nije medicinski proizvod. Nema obe\u0107anja izlje\u010denja.<\/p><\/div>\t\t\t\t\t\t\t\t<\/div>\n\t\t\t\t\t<\/div>\n\t\t\t\t<\/div>\n\t\t\t\t\t<\/div>\n\t\t\t\t<\/div>\n\t\t<div class=\"elementor-element elementor-element-iwgcn-sami-disc e-flex e-con-boxed e-con e-parent\" data-id=\"iwgcn-sami-disc\" data-element_type=\"container\" data-e-type=\"container\">\n\t\t\t\t\t<div class=\"e-con-inner\">\n\t\t\t\t<div class=\"elementor-element elementor-element-iwgcn-sami-discw elementor-widget elementor-widget-html\" data-id=\"iwgcn-sami-discw\" data-element_type=\"widget\" data-e-type=\"widget\" data-widget_type=\"html.default\">\n\t\t\t\t\t<footer data-nosnippet=\"true\" class=\"iwg-disclaimer-block\"><p data-nosnippet=\"true\">iWell Guard <strong>nije medicinski proizvod<\/strong> i ne zamjenjuje lije\u010dni\u010dko ili psihoterapeutsko lije\u010denje. Religijsko-znanstveni sadr\u017eaji predstavljaju kulturno-povijesnu interpretaciju, a ne preporuku duhovne prakse.<\/p><\/footer>\t\t\t\t<\/div>\n\t\t\t\t\t<\/div>\n\t\t\t\t<\/div>\n\t\t\t\t<\/div>\n\t\t","protected":false},"excerpt":{"rendered":"","protected":false},"author":3,"featured_media":20175,"parent":0,"menu_order":0,"comment_status":"closed","ping_status":"closed","template":"elementor_header_footer","meta":{"_yoast_wpseo_focuskw":"rumunjska mitologija","_yoast_wpseo_title":"Rumunjska mitologija: Strigoi, Iele i Moroi","_yoast_wpseo_metadesc":"Strigoi, Moroi, Iele i Pricolici: rumunjska narodna predaja religioznanstveno obja\u0161njena, s razgrani\u010denjem od knji\u017eevnog mita o Drakuli.","_yoast_wpseo_meta-robots-noindex":"","_yoast_wpseo_canonical":"","_angie_page":false,"gefaehrdungsstufe":"","wesen_kultur":"","wesen_klasse":"","footnotes":""},"categories":[],"class_list":["post-150595","page","type-page","status-publish","has-post-thumbnail","hentry"],"yoast_head":"<!-- This site is optimized with the Yoast SEO Premium plugin v27.7 (Yoast SEO v28.3) - https:\/\/yoast.com\/product\/yoast-seo-premium-wordpress\/ -->\n<title>Rumunjska mitologija: Strigoi, Iele i Moroi<\/title>\n<meta name=\"description\" content=\"Strigoi, Moroi, Iele i Pricolici: rumunjska narodna predaja religioznanstveno obja\u0161njena, s razgrani\u010denjem od knji\u017eevnog mita o Drakuli.\" \/>\n<meta name=\"robots\" content=\"index, follow, max-snippet:-1, max-image-preview:large, max-video-preview:-1\" \/>\n<link rel=\"canonical\" href=\"https:\/\/iwell-guard.com\/hr\/rumunjska-mitologija\/\" \/>\n<meta property=\"og:locale\" content=\"hr_HR\" \/>\n<meta property=\"og:type\" content=\"article\" \/>\n<meta property=\"og:title\" content=\"Rumunjska mitologija\" \/>\n<meta property=\"og:description\" content=\"Strigoi, Moroi, Iele i Pricolici: rumunjska narodna predaja religioznanstveno obja\u0161njena, s razgrani\u010denjem od knji\u017eevnog mita o Drakuli.\" \/>\n<meta property=\"og:url\" content=\"https:\/\/iwell-guard.com\/hr\/rumunjska-mitologija\/\" \/>\n<meta property=\"og:site_name\" content=\"iWell Guard\" \/>\n<meta property=\"article:modified_time\" content=\"2026-09-04T05:52:44+00:00\" \/>\n<meta property=\"og:image\" content=\"https:\/\/iwell-guard.com\/wp-content\/uploads\/2026\/07\/daemonen_rumaenisch_strigoi.webp\" \/>\n\t<meta property=\"og:image:width\" content=\"1024\" \/>\n\t<meta property=\"og:image:height\" content=\"1536\" \/>\n\t<meta property=\"og:image:type\" content=\"image\/webp\" \/>\n<meta name=\"twitter:card\" content=\"summary_large_image\" \/>\n<script type=\"application\/ld+json\" class=\"yoast-schema-graph\">{\"@context\":\"https:\\\/\\\/schema.org\",\"@graph\":[{\"@type\":\"WebPage\",\"@id\":\"https:\\\/\\\/iwell-guard.com\\\/hr\\\/rumunjska-mitologija\\\/\",\"url\":\"https:\\\/\\\/iwell-guard.com\\\/hr\\\/rumunjska-mitologija\\\/\",\"name\":\"Rumunjska mitologija: Strigoi, Iele i Moroi\",\"isPartOf\":{\"@id\":\"https:\\\/\\\/iwell-guard.com\\\/hr\\\/#website\"},\"primaryImageOfPage\":{\"@id\":\"https:\\\/\\\/iwell-guard.com\\\/hr\\\/rumunjska-mitologija\\\/#primaryimage\"},\"image\":{\"@id\":\"https:\\\/\\\/iwell-guard.com\\\/hr\\\/rumunjska-mitologija\\\/#primaryimage\"},\"thumbnailUrl\":\"https:\\\/\\\/iwell-guard.com\\\/wp-content\\\/uploads\\\/2026\\\/07\\\/daemonen_rumaenisch_strigoi.webp\",\"datePublished\":\"2026-09-04T05:20:15+00:00\",\"dateModified\":\"2026-09-04T05:52:44+00:00\",\"description\":\"Strigoi, Moroi, Iele i Pricolici: rumunjska narodna predaja religioznanstveno obja\u0161njena, s razgrani\u010denjem od knji\u017eevnog mita o Drakuli.\",\"breadcrumb\":{\"@id\":\"https:\\\/\\\/iwell-guard.com\\\/hr\\\/rumunjska-mitologija\\\/#breadcrumb\"},\"inLanguage\":\"hr\",\"potentialAction\":[{\"@type\":\"ReadAction\",\"target\":[\"https:\\\/\\\/iwell-guard.com\\\/hr\\\/rumunjska-mitologija\\\/\"]}]},{\"@type\":\"ImageObject\",\"inLanguage\":\"hr\",\"@id\":\"https:\\\/\\\/iwell-guard.com\\\/hr\\\/rumunjska-mitologija\\\/#primaryimage\",\"url\":\"https:\\\/\\\/iwell-guard.com\\\/wp-content\\\/uploads\\\/2026\\\/07\\\/daemonen_rumaenisch_strigoi.webp\",\"contentUrl\":\"https:\\\/\\\/iwell-guard.com\\\/wp-content\\\/uploads\\\/2026\\\/07\\\/daemonen_rumaenisch_strigoi.webp\",\"width\":1024,\"height\":1536,\"caption\":\"Strigoi, demon rumunjske predaje\"},{\"@type\":\"BreadcrumbList\",\"@id\":\"https:\\\/\\\/iwell-guard.com\\\/hr\\\/rumunjska-mitologija\\\/#breadcrumb\",\"itemListElement\":[{\"@type\":\"ListItem\",\"position\":1,\"name\":\"Start\",\"item\":\"https:\\\/\\\/iwell-guard.com\\\/hr\\\/?page_id=149317\"},{\"@type\":\"ListItem\",\"position\":2,\"name\":\"Rumunjska mitologija\"}]},{\"@type\":\"WebSite\",\"@id\":\"https:\\\/\\\/iwell-guard.com\\\/hr\\\/#website\",\"url\":\"https:\\\/\\\/iwell-guard.com\\\/hr\\\/\",\"name\":\"iWell Guard\",\"description\":\"Schutz vor dunklen Einfl\u00fcssen\",\"publisher\":{\"@id\":\"https:\\\/\\\/iwell-guard.com\\\/hr\\\/#organization\"},\"potentialAction\":[{\"@type\":\"SearchAction\",\"target\":{\"@type\":\"EntryPoint\",\"urlTemplate\":\"https:\\\/\\\/iwell-guard.com\\\/hr\\\/?s={search_term_string}\"},\"query-input\":{\"@type\":\"PropertyValueSpecification\",\"valueRequired\":true,\"valueName\":\"search_term_string\"}}],\"inLanguage\":\"hr\"},{\"@type\":\"Organization\",\"@id\":\"https:\\\/\\\/iwell-guard.com\\\/hr\\\/#organization\",\"name\":\"Ittermann electronic GmbH\",\"url\":\"https:\\\/\\\/iwell-guard.com\\\/hr\\\/\",\"logo\":{\"@type\":\"ImageObject\",\"inLanguage\":\"hr\",\"@id\":\"https:\\\/\\\/iwell-guard.com\\\/hr\\\/#\\\/schema\\\/logo\\\/image\\\/\",\"url\":\"https:\\\/\\\/iwell-guard.com\\\/wp-content\\\/uploads\\\/2026\\\/05\\\/Ittermann-Logo-1182x237-1.png\",\"contentUrl\":\"https:\\\/\\\/iwell-guard.com\\\/wp-content\\\/uploads\\\/2026\\\/05\\\/Ittermann-Logo-1182x237-1.png\",\"width\":1182,\"height\":237,\"caption\":\"Ittermann electronic GmbH\"},\"image\":{\"@id\":\"https:\\\/\\\/iwell-guard.com\\\/hr\\\/#\\\/schema\\\/logo\\\/image\\\/\"},\"sameAs\":[\"https:\\\/\\\/pantip.com\\\/profile\\\/9367242\",\"https:\\\/\\\/micro.blog\\\/iwellguard\",\"https:\\\/\\\/www.diggerslist.com\\\/iwellguard\\\/about\",\"https:\\\/\\\/skitterphoto.com\\\/photographers\\\/2870314\\\/iwell-guard\",\"https:\\\/\\\/iwellguard.wordpress.com\\\/2026\\\/06\\\/06\\\/iwell-guard\\\/\",\"https:\\\/\\\/hub.docker.com\\\/u\\\/iwellguard\",\"https:\\\/\\\/www.pinterest.com\\\/iwellguard\\\/\",\"https:\\\/\\\/bit.ly\\\/m\\\/iwellguard\",\"https:\\\/\\\/entre-vos-mains.alsace.eu\\\/profiles\\\/iwellguard\\\/activity\",\"https:\\\/\\\/gravatar.com\\\/reallybeded8fd34\",\"https:\\\/\\\/naijamatta.com\\\/iwellguard\",\"https:\\\/\\\/www.goodreads.com\\\/iwellguard\",\"https:\\\/\\\/profile.hatena.ne.jp\\\/iwellguard\\\/\",\"https:\\\/\\\/experiment.com\\\/users\\\/iwellguard\",\"https:\\\/\\\/wakelet.com\\\/@iWellGuard82270\",\"https:\\\/\\\/www.chordie.com\\\/forum\\\/profile.php?id=2555664\",\"https:\\\/\\\/www.instapaper.com\\\/p\\\/17757966\",\"https:\\\/\\\/www.mapleprimes.com\\\/users\\\/iwellguard\",\"https:\\\/\\\/businesslistingplus.com\\\/profile\\\/iwell-guard\\\/\",\"https:\\\/\\\/telegra.ph\\\/iWell-Guard-06-06\",\"https:\\\/\\\/pbase.com\\\/iwellguard\\\/iwellguard\",\"https:\\\/\\\/b.hatena.ne.jp\\\/iwellguard\\\/20260607#bookmark-4788405196491818882\",\"https:\\\/\\\/fliphtml5.com\\\/home\\\/iwellguard\",\"https:\\\/\\\/anyflip.com\\\/homepage\\\/cmiwl#About\",\"https:\\\/\\\/transfur.com\\\/Users\\\/iwellguard\",\"http:\\\/\\\/delphi.larsbo.org\\\/user\\\/iwellguard\",\"https:\\\/\\\/jobs.lajobsportal.org\\\/profiles\\\/8380803-iwell-guard\",\"https:\\\/\\\/md.chaosdorf.de\\\/s\\\/jfbe5SBdJD\",\"https:\\\/\\\/www.lingvolive.com\\\/en-us\\\/profile\\\/9ecaeaca-ce11-4e51-9e71-01d55e2bff36\\\/translations\",\"https:\\\/\\\/www.fitday.com\\\/fitness\\\/forums\\\/members\\\/iwellguard.html\",\"https:\\\/\\\/www.mymeetbook.com\\\/iwellguard\",\"https:\\\/\\\/pxhere.com\\\/en\\\/photographer-me\\\/5040798\",\"https:\\\/\\\/disqus.com\\\/by\\\/iwellguard\\\/about\\\/\",\"https:\\\/\\\/pastelink.net\\\/hjwciqwq\",\"https:\\\/\\\/pubhtml5.com\\\/homepage\\\/scjhn\\\/\",\"https:\\\/\\\/www.bitchute.com\\\/channel\\\/2O2eOKzNqujT\",\"https:\\\/\\\/audiomack.com\\\/iwellguard\"]}]}<\/script>\n<!-- \/ Yoast SEO Premium plugin. -->","yoast_head_json":{"title":"Rumunjska mitologija: Strigoi, Iele i Moroi","description":"Strigoi, Moroi, Iele i Pricolici: rumunjska narodna predaja religioznanstveno obja\u0161njena, s razgrani\u010denjem od knji\u017eevnog mita o Drakuli.","robots":{"index":"index","follow":"follow","max-snippet":"max-snippet:-1","max-image-preview":"max-image-preview:large","max-video-preview":"max-video-preview:-1"},"canonical":"https:\/\/iwell-guard.com\/hr\/rumunjska-mitologija\/","og_locale":"hr_HR","og_type":"article","og_title":"Rumunjska mitologija","og_description":"Strigoi, Moroi, Iele i Pricolici: rumunjska narodna predaja religioznanstveno obja\u0161njena, s razgrani\u010denjem od knji\u017eevnog mita o Drakuli.","og_url":"https:\/\/iwell-guard.com\/hr\/rumunjska-mitologija\/","og_site_name":"iWell Guard","article_modified_time":"2026-09-04T05:52:44+00:00","og_image":[{"width":1024,"height":1536,"url":"https:\/\/iwell-guard.com\/wp-content\/uploads\/2026\/07\/daemonen_rumaenisch_strigoi.webp","type":"image\/webp"}],"twitter_card":"summary_large_image","schema":{"@context":"https:\/\/schema.org","@graph":[{"@type":"WebPage","@id":"https:\/\/iwell-guard.com\/hr\/rumunjska-mitologija\/","url":"https:\/\/iwell-guard.com\/hr\/rumunjska-mitologija\/","name":"Rumunjska mitologija: Strigoi, Iele i Moroi","isPartOf":{"@id":"https:\/\/iwell-guard.com\/hr\/#website"},"primaryImageOfPage":{"@id":"https:\/\/iwell-guard.com\/hr\/rumunjska-mitologija\/#primaryimage"},"image":{"@id":"https:\/\/iwell-guard.com\/hr\/rumunjska-mitologija\/#primaryimage"},"thumbnailUrl":"https:\/\/iwell-guard.com\/wp-content\/uploads\/2026\/07\/daemonen_rumaenisch_strigoi.webp","datePublished":"2026-09-04T05:20:15+00:00","dateModified":"2026-09-04T05:52:44+00:00","description":"Strigoi, Moroi, Iele i Pricolici: rumunjska narodna predaja religioznanstveno obja\u0161njena, s razgrani\u010denjem od knji\u017eevnog mita o Drakuli.","breadcrumb":{"@id":"https:\/\/iwell-guard.com\/hr\/rumunjska-mitologija\/#breadcrumb"},"inLanguage":"hr","potentialAction":[{"@type":"ReadAction","target":["https:\/\/iwell-guard.com\/hr\/rumunjska-mitologija\/"]}]},{"@type":"ImageObject","inLanguage":"hr","@id":"https:\/\/iwell-guard.com\/hr\/rumunjska-mitologija\/#primaryimage","url":"https:\/\/iwell-guard.com\/wp-content\/uploads\/2026\/07\/daemonen_rumaenisch_strigoi.webp","contentUrl":"https:\/\/iwell-guard.com\/wp-content\/uploads\/2026\/07\/daemonen_rumaenisch_strigoi.webp","width":1024,"height":1536,"caption":"Strigoi, demon rumunjske predaje"},{"@type":"BreadcrumbList","@id":"https:\/\/iwell-guard.com\/hr\/rumunjska-mitologija\/#breadcrumb","itemListElement":[{"@type":"ListItem","position":1,"name":"Start","item":"https:\/\/iwell-guard.com\/hr\/?page_id=149317"},{"@type":"ListItem","position":2,"name":"Rumunjska mitologija"}]},{"@type":"WebSite","@id":"https:\/\/iwell-guard.com\/hr\/#website","url":"https:\/\/iwell-guard.com\/hr\/","name":"iWell Guard","description":"Schutz vor dunklen Einfl\u00fcssen","publisher":{"@id":"https:\/\/iwell-guard.com\/hr\/#organization"},"potentialAction":[{"@type":"SearchAction","target":{"@type":"EntryPoint","urlTemplate":"https:\/\/iwell-guard.com\/hr\/?s={search_term_string}"},"query-input":{"@type":"PropertyValueSpecification","valueRequired":true,"valueName":"search_term_string"}}],"inLanguage":"hr"},{"@type":"Organization","@id":"https:\/\/iwell-guard.com\/hr\/#organization","name":"Ittermann electronic GmbH","url":"https:\/\/iwell-guard.com\/hr\/","logo":{"@type":"ImageObject","inLanguage":"hr","@id":"https:\/\/iwell-guard.com\/hr\/#\/schema\/logo\/image\/","url":"https:\/\/iwell-guard.com\/wp-content\/uploads\/2026\/05\/Ittermann-Logo-1182x237-1.png","contentUrl":"https:\/\/iwell-guard.com\/wp-content\/uploads\/2026\/05\/Ittermann-Logo-1182x237-1.png","width":1182,"height":237,"caption":"Ittermann electronic GmbH"},"image":{"@id":"https:\/\/iwell-guard.com\/hr\/#\/schema\/logo\/image\/"},"sameAs":["https:\/\/pantip.com\/profile\/9367242","https:\/\/micro.blog\/iwellguard","https:\/\/www.diggerslist.com\/iwellguard\/about","https:\/\/skitterphoto.com\/photographers\/2870314\/iwell-guard","https:\/\/iwellguard.wordpress.com\/2026\/06\/06\/iwell-guard\/","https:\/\/hub.docker.com\/u\/iwellguard","https:\/\/www.pinterest.com\/iwellguard\/","https:\/\/bit.ly\/m\/iwellguard","https:\/\/entre-vos-mains.alsace.eu\/profiles\/iwellguard\/activity","https:\/\/gravatar.com\/reallybeded8fd34","https:\/\/naijamatta.com\/iwellguard","https:\/\/www.goodreads.com\/iwellguard","https:\/\/profile.hatena.ne.jp\/iwellguard\/","https:\/\/experiment.com\/users\/iwellguard","https:\/\/wakelet.com\/@iWellGuard82270","https:\/\/www.chordie.com\/forum\/profile.php?id=2555664","https:\/\/www.instapaper.com\/p\/17757966","https:\/\/www.mapleprimes.com\/users\/iwellguard","https:\/\/businesslistingplus.com\/profile\/iwell-guard\/","https:\/\/telegra.ph\/iWell-Guard-06-06","https:\/\/pbase.com\/iwellguard\/iwellguard","https:\/\/b.hatena.ne.jp\/iwellguard\/20260607#bookmark-4788405196491818882","https:\/\/fliphtml5.com\/home\/iwellguard","https:\/\/anyflip.com\/homepage\/cmiwl#About","https:\/\/transfur.com\/Users\/iwellguard","http:\/\/delphi.larsbo.org\/user\/iwellguard","https:\/\/jobs.lajobsportal.org\/profiles\/8380803-iwell-guard","https:\/\/md.chaosdorf.de\/s\/jfbe5SBdJD","https:\/\/www.lingvolive.com\/en-us\/profile\/9ecaeaca-ce11-4e51-9e71-01d55e2bff36\/translations","https:\/\/www.fitday.com\/fitness\/forums\/members\/iwellguard.html","https:\/\/www.mymeetbook.com\/iwellguard","https:\/\/pxhere.com\/en\/photographer-me\/5040798","https:\/\/disqus.com\/by\/iwellguard\/about\/","https:\/\/pastelink.net\/hjwciqwq","https:\/\/pubhtml5.com\/homepage\/scjhn\/","https:\/\/www.bitchute.com\/channel\/2O2eOKzNqujT","https:\/\/audiomack.com\/iwellguard"]}]}},"_links":{"self":[{"href":"https:\/\/iwell-guard.com\/hr\/wp-json\/wp\/v2\/pages\/150595","targetHints":{"allow":["GET"]}}],"collection":[{"href":"https:\/\/iwell-guard.com\/hr\/wp-json\/wp\/v2\/pages"}],"about":[{"href":"https:\/\/iwell-guard.com\/hr\/wp-json\/wp\/v2\/types\/page"}],"author":[{"embeddable":true,"href":"https:\/\/iwell-guard.com\/hr\/wp-json\/wp\/v2\/users\/3"}],"replies":[{"embeddable":true,"href":"https:\/\/iwell-guard.com\/hr\/wp-json\/wp\/v2\/comments?post=150595"}],"version-history":[{"count":0,"href":"https:\/\/iwell-guard.com\/hr\/wp-json\/wp\/v2\/pages\/150595\/revisions"}],"wp:featuredmedia":[{"embeddable":true,"href":"https:\/\/iwell-guard.com\/hr\/wp-json\/wp\/v2\/media\/20175"}],"wp:attachment":[{"href":"https:\/\/iwell-guard.com\/hr\/wp-json\/wp\/v2\/media?parent=150595"}],"wp:term":[{"taxonomy":"category","embeddable":true,"href":"https:\/\/iwell-guard.com\/hr\/wp-json\/wp\/v2\/categories?post=150595"}],"curies":[{"name":"wp","href":"https:\/\/api.w.org\/{rel}","templated":true}]}}