{"id":150591,"date":"2026-09-04T05:20:13","date_gmt":"2026-09-04T05:20:13","guid":{"rendered":"https:\/\/iwell-guard.com\/?page_id=150591"},"modified":"2026-09-04T05:52:40","modified_gmt":"2026-09-04T05:52:40","slug":"baltijska-mitologija","status":"publish","type":"page","link":"https:\/\/iwell-guard.com\/hr\/baltijska-mitologija\/","title":{"rendered":"Baltijska mitologija"},"content":{"rendered":"\t\t<div data-elementor-type=\"wp-page\" data-elementor-id=\"150591\" class=\"elementor elementor-150591 elementor-20568 elementor-bc-flex-widget\" data-elementor-post-type=\"page\">\n\t\t\t\t<div class=\"elementor-element elementor-element-iwgcn-sami-hero iwg-kultur-hero e-flex e-con-boxed e-con e-parent\" data-id=\"iwgcn-sami-hero\" data-element_type=\"container\" data-e-type=\"container\">\n\t\t\t\t\t<div class=\"e-con-inner\">\n\t\t<div class=\"elementor-element elementor-element-iwgcn-sami-hl iwg-kultur-hero-left e-flex e-con-boxed e-con e-child\" data-id=\"iwgcn-sami-hl\" data-element_type=\"container\" data-e-type=\"container\">\n\t\t\t\t\t<div class=\"e-con-inner\">\n\t\t\t\t<div class=\"elementor-element elementor-element-iwgcn-sami-h1 elementor-widget elementor-widget-heading\" data-id=\"iwgcn-sami-h1\" data-element_type=\"widget\" data-e-type=\"widget\" data-widget_type=\"heading.default\">\n\t\t\t\t\t<h1 class=\"elementor-heading-title elementor-size-default\">Baltijski bogovi, Perk\u016bnas i mitologija Litve i Latvije<\/h1>\t\t\t\t<\/div>\n\t\t<div class=\"elementor-element elementor-element-iwgcn-sami-leadc e-con-full e-flex e-con e-child\" data-id=\"iwgcn-sami-leadc\" data-element_type=\"container\" data-e-type=\"container\">\n\t\t\t\t<div class=\"elementor-element elementor-element-iwgcn-sami-lead elementor-widget elementor-widget-text-editor\" data-id=\"iwgcn-sami-lead\" data-element_type=\"widget\" data-e-type=\"widget\" data-widget_type=\"text-editor.default\">\n\t\t\t\t\t\t\t\t\t<p>Balti, Litvanci i Letonci, raspore\u0111eni po dana\u0161njim dr\u017eavama Litvi i Latviji, sa\u010duvali su najdulje o\u010duvanu predkr\u0161\u0107ansku religiju Europe, s pokr\u0161tavanjem koje je u Litvi dovr\u0161eno tek 1387., a na podru\u010dju \u017demaitije \u010dak 1413. Narodne pjesme poznate kao daine, kult ku\u0107ne vatre oko bo\u017eice Gabije i \u0161tovanje ku\u0107ne zmije \u017daltys \u010dine samostalan, indoeuropski osobito arhai\u010dan religijski sloj.<\/p>\n<p class=\"iwg-kwfix\">Baltijski svijet bogova \u010dvrsto je povezan s ku\u0107om, ognji\u0161tem i mo\u0107ima krajolika.<\/p>\t\t\t\t\t\t\t\t<\/div>\n\t\t\t\t<\/div>\n\t\t\t\t\t<\/div>\n\t\t\t\t<\/div>\n\t\t<div class=\"elementor-element elementor-element-iwgcn-sami-hr iwg-kultur-hero-right e-flex e-con-boxed e-con e-child\" data-id=\"iwgcn-sami-hr\" data-element_type=\"container\" data-e-type=\"container\">\n\t\t\t\t\t<div class=\"e-con-inner\">\n\t\t\t\t<div class=\"elementor-element elementor-element-iwgcn-sami-himg iwg-hero-image elementor-widget elementor-widget-image\" data-id=\"iwgcn-sami-himg\" data-element_type=\"widget\" data-e-type=\"widget\" data-widget_type=\"image.default\">\n\t\t\t\t\t\t\t\t\t\t\t\t\t\t\t<img fetchpriority=\"high\" decoding=\"async\" width=\"683\" height=\"1024\" src=\"https:\/\/iwell-guard.com\/wp-content\/uploads\/2026\/05\/goetter_sami_beaivi-683x1024.webp\" class=\"attachment-large size-large wp-image-151505\" alt=\"Beaivi - bo\u017eanstva iz samske tradicije, povijesno-ilustrativno\" srcset=\"https:\/\/iwell-guard.com\/wp-content\/uploads\/2026\/05\/goetter_sami_beaivi-683x1024.webp 683w, https:\/\/iwell-guard.com\/wp-content\/uploads\/2026\/05\/goetter_sami_beaivi-200x300.webp 200w, https:\/\/iwell-guard.com\/wp-content\/uploads\/2026\/05\/goetter_sami_beaivi-768x1152.webp 768w, https:\/\/iwell-guard.com\/wp-content\/uploads\/2026\/05\/goetter_sami_beaivi.webp 1024w\" sizes=\"(max-width: 683px) 100vw, 683px\" \/>\t\t\t\t\t\t\t\t\t\t\t\t\t\t\t<\/div>\n\t\t\t\t\t<\/div>\n\t\t\t\t<\/div>\n\t\t\t\t\t<\/div>\n\t\t\t\t<\/div>\n\t\t\t\t<section class=\"elementor-section elementor-top-section elementor-element elementor-element-sec-iwgcomp-sami elementor-section-boxed elementor-section-height-default elementor-section-height-default\" data-id=\"sec-iwgcomp-sami\" data-element_type=\"section\" data-e-type=\"section\">\n\t\t\t\t\t\t<div class=\"elementor-container elementor-column-gap-default\">\n\t\t\t\t\t<div class=\"elementor-column elementor-col-100 elementor-top-column elementor-element elementor-element-col-iwgcomp-sami\" data-id=\"col-iwgcomp-sami\" data-element_type=\"column\" data-e-type=\"column\">\n\t\t\t<div class=\"elementor-widget-wrap elementor-element-populated\">\n\t\t\t\t\t\t<div class=\"elementor-element elementor-element-iwgcomp-sami elementor-widget elementor-widget-text-editor\" data-id=\"iwgcomp-sami\" data-element_type=\"widget\" data-e-type=\"widget\" data-widget_type=\"text-editor.default\">\n\t\t\t\t\t\t\t\t\t<p>Baltijska predaja <strong><span class=\"iwg-fachbegriff\" data-tooltip=\"Kratke, usmeno preno\u0161ene narodne pjesme Litve i Latvije, najva\u017eniji izvor predkr\u0161\u0107anskih vjerovanja.\" tabindex=\"0\">daina<\/span><\/strong> \u010dini temelj rekonstrukcije predkr\u0161\u0107anske religije na Baltiku.<\/p>\n<p class=\"iwg-kwfix\">Baltijski bogovi dijele se na nebeske i vremenske mo\u0107i oko boga gromovnika Perk\u016bnasa, ku\u0107ne duhove kao \u0161to su Kaukas i Aitvaras, te mno\u0161tvo maj\u010dinskih bo\u017eanstava koja vladaju \u0161umom, vatrom i vodom. Ti motivi njeguju se u Litvi i Latviji i danas.<\/p>\t\t\t\t\t\t\t\t<\/div>\n\t\t\t\t\t<\/div>\n\t\t<\/div>\n\t\t\t\t\t<\/div>\n\t\t<\/section>\n\t\t<div class=\"elementor-element elementor-element-iwgcn-sami-s0 e-flex e-con-boxed e-con e-parent\" data-id=\"iwgcn-sami-s0\" data-element_type=\"container\" data-e-type=\"container\">\n\t\t\t\t\t<div class=\"e-con-inner\">\n\t\t\t\t<div class=\"elementor-element elementor-element-iwgcn-sami-s0h elementor-widget elementor-widget-heading\" data-id=\"iwgcn-sami-s0h\" data-element_type=\"widget\" data-e-type=\"widget\" data-widget_type=\"heading.default\">\n\t\t\t\t\t<h2 class=\"elementor-heading-title elementor-size-default\">Balti, jezik i naseljeno podru\u010dje<\/h2>\t\t\t\t<\/div>\n\t\t<div class=\"elementor-element elementor-element-iwgcn-sami-s0-c e-con-full e-flex e-con e-child\" data-id=\"iwgcn-sami-s0-c\" data-element_type=\"container\" data-e-type=\"container\">\n\t\t\t\t<div class=\"elementor-element elementor-element-iwgcn-sami-s0t elementor-widget elementor-widget-text-editor\" data-id=\"iwgcn-sami-s0t\" data-element_type=\"widget\" data-e-type=\"widget\" data-widget_type=\"text-editor.default\">\n\t\t\t\t\t\t\t\t\t<p>Baltijska jezi\u010dna obitelj, samostalna grana indoeuropskih jezika, obuhva\u0107a \u017eivu\u0107e jezike litavski i latvijski, kao i zapadnobaltijski jezik Prusa, izumro u 17. stolje\u0107u. S jezikoslovnog gledi\u0161ta baltijski jezici smatraju se osobito arhai\u010dnima i zato va\u017enima za rekonstrukciju indoeuropskih odnosa.<\/p><p>Naseljeno podru\u010dje obuhva\u0107a dana\u0161nje dr\u017eave Litvu i Latviju na Balti\u010dkom moru. Pokr\u0161tavanje Litve provedeno je slu\u017ebeno tek 1387. pod velikim knezom Jogailom, a podru\u010dje \u017demaitije (Donja Litva) slijedilo je 1413. kao jedno od posljednjih poganskih podru\u010dja Europe; izvje\u0161taji o predkr\u0161\u0107anskim praksama pojedina\u010dno se\u017eu sve do 18. stolje\u0107a.<\/p>\n<p class=\"iwg-kwfix\">Nebo i ognji\u0161te ure\u0111uju svijet bogova Balta: gore bog gromovnik Perk\u016bnas, u ku\u0107i bo\u017eica vatre Gabija, u krajoliku brojna maj\u010dinska bo\u017eanstva. Predaja daina Litve i Latvije to znanje \u010duva \u017eivim do danas.<\/p>\t\t\t\t\t\t\t\t<\/div>\n\t\t\t\t<\/div>\n\t\t\t\t\t<\/div>\n\t\t\t\t<\/div>\n\t\t<div class=\"elementor-element elementor-element-iwgcn-sami-s1 e-flex e-con-boxed e-con e-parent\" data-id=\"iwgcn-sami-s1\" data-element_type=\"container\" data-e-type=\"container\">\n\t\t\t\t\t<div class=\"e-con-inner\">\n\t\t\t\t<div class=\"elementor-element elementor-element-iwgcn-sami-s1h elementor-widget elementor-widget-heading\" data-id=\"iwgcn-sami-s1h\" data-element_type=\"widget\" data-e-type=\"widget\" data-widget_type=\"heading.default\">\n\t\t\t\t\t<h2 class=\"elementor-heading-title elementor-size-default\">Panteon: Dievas, Perk\u016bnas, Laima, Saul\u0117<\/h2>\t\t\t\t<\/div>\n\t\t<div class=\"elementor-element elementor-element-iwgcn-sami-s1-c e-con-full e-flex e-con e-child\" data-id=\"iwgcn-sami-s1-c\" data-element_type=\"container\" data-e-type=\"container\">\n\t\t\t\t<div class=\"elementor-element elementor-element-iwgcn-sami-s1t elementor-widget elementor-widget-text-editor\" data-id=\"iwgcn-sami-s1t\" data-element_type=\"widget\" data-e-type=\"widget\" data-widget_type=\"text-editor.default\">\n\t\t\t\t\t\t\t\t\t<p>Dievas, litavski, odnosno Dievs, latvijski, ozna\u010dava boga neba, dalek, ure\u0111uju\u0107i lik. Perk\u016bnas, litavski, i P\u0113rkons, latvijski, bog je gromovnik, nadle\u017ean za oluje, plodnost i pravdu. Laima je bo\u017eica sudbine i sre\u0107e, koja bdije nad ro\u0111enjem i \u017eivotnim putem, a Saul\u0117, litavski, odnosno Saule, latvijski, \u017eensko je bo\u017eanstvo sunca. U Latviji se uz Dievsa i Laimu javlja i M\u0101ra kao bo\u017eanstvo zemlje i majke.<\/p><p>Velinas, litavski, odnosno Velns, latvijski, lik je podzemlja i mrtvih, koji se nakon pokr\u0161tavanja sve vi\u0161e stapao s kr\u0161\u0107anskim vragom. Uz te velike likove, predaja poznaje i posebna bo\u017eanstva za pojedina podru\u010dja, poput boga vjetra <a href=\"https:\/\/iwell-guard.com\/hr\/vejopatis\/\">V\u0117jopatisa<\/a> ili latvijskog ku\u0107nog duha <a href=\"https:\/\/iwell-guard.com\/hr\/majas-gars\/\">M\u0101jas garsa<\/a>, koji bdije nad ku\u0107om i dvori\u0161tem. Latvijska predaja poznaje osim toga i razgranat sustav od otprilike sedamdeset \u201emajki&#8221; (m\u0101tes), personificiranih vladarica pojedinih podru\u010dja prirode, kao \u0161to su \u0161uma, more, vjetar ili vatra.<\/p>\t\t\t\t\t\t\t\t<\/div>\n\t\t\t\t<\/div>\n\t\t\t\t\t<\/div>\n\t\t\t\t<\/div>\n\t\t<div class=\"elementor-element elementor-element-iwgcn-sami-s2 e-flex e-con-boxed e-con e-parent\" data-id=\"iwgcn-sami-s2\" data-element_type=\"container\" data-e-type=\"container\">\n\t\t\t\t\t<div class=\"e-con-inner\">\n\t\t\t\t<div class=\"elementor-element elementor-element-iwgcn-sami-s2h elementor-widget elementor-widget-heading\" data-id=\"iwgcn-sami-s2h\" data-element_type=\"widget\" data-e-type=\"widget\" data-widget_type=\"heading.default\">\n\t\t\t\t\t<h2 class=\"elementor-heading-title elementor-size-default\">Daine kao religijsko-povijesni izvor<\/h2>\t\t\t\t<\/div>\n\t\t<div class=\"elementor-element elementor-element-iwgcn-sami-s2-c e-con-full e-flex e-con e-child\" data-id=\"iwgcn-sami-s2-c\" data-element_type=\"container\" data-e-type=\"container\">\n\t\t\t\t<div class=\"elementor-element elementor-element-iwgcn-sami-s2t elementor-widget elementor-widget-text-editor\" data-id=\"iwgcn-sami-s2t\" data-element_type=\"widget\" data-e-type=\"widget\" data-widget_type=\"text-editor.default\">\n\t\t\t\t\t\t\t\t\t<p>Daine su kratke, naj\u010de\u0161\u0107e \u010detverostihe litavske i latvijske narodne pjesme, koje su se usmeno prenosile kroz generacije i smatraju se prozorom u predkr\u0161\u0107anska vjerovanja koji je jedva kr\u0161\u0107anski preoblikovan. Latvijski pravnik i etnolog Kri\u0161j\u0101nis Barons prikupio je izme\u0111u 1894. i 1915. gotovo 218.000 daina u \u0161est svezaka, a ukupni latvijski korpus svih prikuplja\u010da procjenjuje se na vi\u0161e od milijun tekstova.<\/p><p>Ormar za daine, izra\u0111en oko 1880. prema Baronsovom nacrtu i s vi\u0161e od 350.000 listi\u0107a, od 2001. dio je UNESCO-ove svjetske ba\u0161tine dokumenata i danas se \u010duva u Latvijskoj nacionalnoj knji\u017enici. I u Litvi prikupljene narodne pjesme, pri\u010de i imena mjesta \u010dine klju\u010dan izvor za religijsko-povijesnu rekonstrukciju.<\/p>\t\t\t\t\t\t\t\t<\/div>\n\t\t\t\t<\/div>\n\t\t\t\t\t<\/div>\n\t\t\t\t<\/div>\n\t\t<div class=\"elementor-element elementor-element-iwgcn-sami-s3 e-flex e-con-boxed e-con e-parent\" data-id=\"iwgcn-sami-s3\" data-element_type=\"container\" data-e-type=\"container\">\n\t\t\t\t\t<div class=\"e-con-inner\">\n\t\t\t\t<div class=\"elementor-element elementor-element-iwgcn-sami-s3h elementor-widget elementor-widget-heading\" data-id=\"iwgcn-sami-s3h\" data-element_type=\"widget\" data-e-type=\"widget\" data-widget_type=\"heading.default\">\n\t\t\t\t\t<h2 class=\"elementor-heading-title elementor-size-default\">Kult vatre oko Gabije<\/h2>\t\t\t\t<\/div>\n\t\t<div class=\"elementor-element elementor-element-iwgcn-sami-s3-c e-con-full e-flex e-con e-child\" data-id=\"iwgcn-sami-s3-c\" data-element_type=\"container\" data-e-type=\"container\">\n\t\t\t\t<div class=\"elementor-element elementor-element-iwgcn-sami-s3t elementor-widget elementor-widget-text-editor\" data-id=\"iwgcn-sami-s3t\" data-element_type=\"widget\" data-e-type=\"widget\" data-widget_type=\"text-editor.default\">\n\t\t\t\t\t\t\t\t\t<p><a href=\"https:\/\/iwell-guard.com\/hr\/gabija\/\">Gabija<\/a> je litavska bo\u017eica ognji\u0161ta, \u010duvarica ku\u0107e i obitelji, koja se zami\u0161ljala u zoomorfnom obliku kao ma\u010dka, roda ili pijetao, ili kao \u017eena odjevena u crveno. Njezin kult zahtijevao je po\u0161tovanje prema vatri: nije se smjela pljuvati ni gaziti, \u017ear se no\u0107u bri\u017eno pokrivao umjesto gasio, a kruh i sol smatrali su se prikladnim <span class=\"iwg-fachbegriff\" data-tooltip=\"Dar bo\u017eanstvu kao izraz zahvale, molbe ili po\u0161tovanja.\" tabindex=\"0\">\u017ertvenim darovima<\/span>.<\/p><p>Glavni izvor za ovaj kult djelo je De diis Samagitarum poljskog u\u010denjaka Jana \u0141asickog, objavljeno 1615. U Latviji se s Uguns m\u0101te, majkom vatre, javlja srodan lik unutar latvijskog sustava majki.<\/p>\t\t\t\t\t\t\t\t<\/div>\n\t\t\t\t<\/div>\n\t\t\t\t\t<\/div>\n\t\t\t\t<\/div>\n\t\t<div class=\"elementor-element elementor-element-x-sami-s-faq e-flex e-con-boxed e-con e-parent\" data-id=\"x-sami-s-faq\" data-element_type=\"container\" data-e-type=\"container\">\n\t\t\t\t\t<div class=\"e-con-inner\">\n\t\t\t\t<div class=\"elementor-element elementor-element-x-sami-h-faq elementor-widget elementor-widget-heading\" data-id=\"x-sami-h-faq\" data-element_type=\"widget\" data-e-type=\"widget\" data-widget_type=\"heading.default\">\n\t\t\t\t\t<h2 class=\"elementor-heading-title elementor-size-default\">\u010cesto postavljana pitanja o baltijskoj mitologiji<\/h2>\t\t\t\t<\/div>\n\t\t<div class=\"elementor-element elementor-element-iwgcn-sami-s3-c e-con-full e-flex e-con e-child\" data-id=\"iwgcn-sami-s3-c\" data-element_type=\"container\" data-e-type=\"container\">\n\t\t\t\t<div class=\"elementor-element elementor-element-x-sami-t-faq elementor-widget elementor-widget-text-editor\" data-id=\"x-sami-t-faq\" data-element_type=\"widget\" data-e-type=\"widget\" data-widget_type=\"text-editor.default\">\n\t\t\t\t\t\t\t\t\t<h3>Tko su Balti?<\/h3>\n<p>Balti obuhva\u0107aju Litavce i Latvijce, kao i Pruse, koji su izumrli u 17. stolje\u0107u. Govore jezicima posebne, iznimno arhai\u010dne grane indoeuropske jezi\u010dne porodice i naseljavaju podru\u010dje dana\u0161nje Litve i Latvije uz Balti\u010dko more.<\/p>\n<h3>Za\u0161to je Litva pokr\u0161tena tako kasno?<\/h3>\n<p>Litva je slu\u017ebeno primila kr\u0161\u0107anstvo 1387. godine, a podru\u010dje \u017demaitije (Ni\u017ea Litva) tek 1413. godine. Litva se time smatra podru\u010djem Europe koje je najdulje ostalo predkr\u0161\u0107ansko, \u010demu su pogodovali njezina politi\u010dka snaga kao velike vojvodine i njezin rubni polo\u017eaj.<\/p>\n<h3>\u0160to su daine?<\/h3>\n<p>Daine su kratke litavske i latvijske narodne pjesme koje su se prenosile usmenom predajom i ubrajaju se u najva\u017enije izvore predkr\u0161\u0107anske religije. Kri\u0161j\u0101nis Barons sam je u Latviji prikupio gotovo 218.000 tih pjesama, koje se \u010duvaju u ormaru s dainama u Latvijskoj nacionalnoj knji\u017enici.<\/p>\n<h3>\u0160to je ku\u0107na zmija Zaltys?<\/h3>\n<p>Zaltys, litavski, odnosno Zalktis, latvijski, naziv je za smukulju, koja se smatrala svetom ku\u0107nom \u017eivotinjom, hranjenom mlijekom i koju se nije smjelo ubiti. Smatrala se za\u0161titnicom ku\u0107e i stoke, a djelomi\u010dno se povezivala s latvijskom majkom mlijeka Piena m\u0101te.<\/p>\n<script type=\"application\/ld+json\">{\"@context\": \"https:\/\/schema.org\", \"@type\": \"FAQPage\", \"mainEntity\": [{\"@type\": \"Question\", \"name\": \"Tko su Balti?\", \"acceptedAnswer\": {\"@type\": \"Answer\", \"text\": \"Balti obuhva\u0107aju Litavce i Latvijce, kao i Pruse, koji su izumrli u 17. stolje\u0107u. Govore jezicima posebne, iznimno arhai\u010dne grane indoeuropske jezi\u010dne porodice i naseljavaju podru\u010dje dana\u0161nje Litve i Latvije uz Balti\u010dko more.\"}}, {\"@type\": \"Question\", \"name\": \"Za\u0161to je Litva pokr\u0161tena tako kasno?\", \"acceptedAnswer\": {\"@type\": \"Answer\", \"text\": \"Litva je slu\u017ebeno primila kr\u0161\u0107anstvo 1387. godine, a podru\u010dje \u017demaitije (Ni\u017ea Litva) tek 1413. godine. Litva se time smatra podru\u010djem Europe koje je najdulje ostalo predkr\u0161\u0107ansko, \u010demu su pogodovali njezina politi\u010dka snaga kao velike vojvodine i njezin rubni polo\u017eaj.\"}}, {\"@type\": \"Question\", \"name\": \"\u0160to su daine?\", \"acceptedAnswer\": {\"@type\": \"Answer\", \"text\": \"Daine su kratke litavske i latvijske narodne pjesme koje su se prenosile usmenom predajom i ubrajaju se u najva\u017enije izvore predkr\u0161\u0107anske religije. Kri\u0161j\u0101nis Barons sam je u Latviji prikupio gotovo 218.000 tih pjesama, koje se \u010duvaju u ormaru s dainama u Latvijskoj nacionalnoj knji\u017enici.\"}}, {\"@type\": \"Question\", \"name\": \"\u0160to je ku\u0107na zmija Zaltys?\", \"acceptedAnswer\": {\"@type\": \"Answer\", \"text\": \"Zaltys, litavski, odnosno Zalktis, latvijski, naziv je za smukulju, koja se smatrala svetom ku\u0107nom \u017eivotinjom, hranjenom mlijekom i koju se nije smjelo ubiti. Smatrala se za\u0161titnicom ku\u0107e i stoke, a djelomi\u010dno se povezivala s latvijskom majkom mlijeka Piena m\u0101te.\"}}]}<\/script>\t\t\t\t\t\t\t\t<\/div>\n\t\t\t\t<\/div>\n\t\t\t\t\t<\/div>\n\t\t\t\t<\/div>\n\t\t<div class=\"elementor-element elementor-element-iwgcn-sami-s4 e-flex e-con-boxed e-con e-parent\" data-id=\"iwgcn-sami-s4\" data-element_type=\"container\" data-e-type=\"container\">\n\t\t\t\t\t<div class=\"e-con-inner\">\n\t\t\t\t<div class=\"elementor-element elementor-element-iwgcn-sami-s4h elementor-widget elementor-widget-heading\" data-id=\"iwgcn-sami-s4h\" data-element_type=\"widget\" data-e-type=\"widget\" data-widget_type=\"heading.default\">\n\t\t\t\t\t<h2 class=\"elementor-heading-title elementor-size-default\">Ku\u0107na zmija Zaltys i njezino \u0161tovanje<\/h2>\t\t\t\t<\/div>\n\t\t<div class=\"elementor-element elementor-element-iwgcn-sami-s4-c e-con-full e-flex e-con e-child\" data-id=\"iwgcn-sami-s4-c\" data-element_type=\"container\" data-e-type=\"container\">\n\t\t\t\t<div class=\"elementor-element elementor-element-iwgcn-sami-s4t elementor-widget elementor-widget-text-editor\" data-id=\"iwgcn-sami-s4t\" data-element_type=\"widget\" data-e-type=\"widget\" data-widget_type=\"text-editor.default\">\n\t\t\t\t\t\t\t\t\t<p><a href=\"https:\/\/iwell-guard.com\/hr\/zaltys\/\">\u017daltys<\/a>, litavski, odnosno Zalktis, latvijski, naziv je za smukulju, koja se u balti\u010dkoj tradiciji smatrala svetom, sretnom ku\u0107nom \u017eivotinjom. Redovito su je hranili mlijekom, a njezina prisutnost u ku\u0107i ili staji zna\u010dila je za\u0161titu za stanovnike i stoku; poznata je poslovica koja ka\u017ee da sunce pla\u010de kada ugleda mrtvu Zaltys.<\/p><p>Tabu na ubijanje smukulja etnografski je potvr\u0111en sve do novijeg vremena, izme\u0111u ostalih ga opisuju religiolozi Jonas Balys i Haralds Biezais te Marija Gimbutas. \u0160tovanje Zaltys povremeno je zabilje\u017eeno i kod Prusa.<\/p>\t\t\t\t\t\t\t\t<\/div>\n\t\t\t\t<\/div>\n\t\t\t\t\t<\/div>\n\t\t\t\t<\/div>\n\t\t<div class=\"elementor-element elementor-element-iwgcn-sami-s5 e-flex e-con-boxed e-con e-parent\" data-id=\"iwgcn-sami-s5\" data-element_type=\"container\" data-e-type=\"container\">\n\t\t\t\t\t<div class=\"e-con-inner\">\n\t\t\t\t<div class=\"elementor-element elementor-element-iwgcn-sami-s5h elementor-widget elementor-widget-heading\" data-id=\"iwgcn-sami-s5h\" data-element_type=\"widget\" data-e-type=\"widget\" data-widget_type=\"heading.default\">\n\t\t\t\t\t<h2 class=\"elementor-heading-title elementor-size-default\">\u0160umske majke: Me\u017ea m\u0101te i Medeina<\/h2>\t\t\t\t<\/div>\n\t\t<div class=\"elementor-element elementor-element-iwgcn-sami-s5-c e-con-full e-flex e-con e-child\" data-id=\"iwgcn-sami-s5-c\" data-element_type=\"container\" data-e-type=\"container\">\n\t\t\t\t<div class=\"elementor-element elementor-element-iwgcn-sami-s5t elementor-widget elementor-widget-text-editor\" data-id=\"iwgcn-sami-s5t\" data-element_type=\"widget\" data-e-type=\"widget\" data-widget_type=\"text-editor.default\">\n\t\t\t\t\t\t\t\t\t<p><a href=\"https:\/\/iwell-guard.com\/hr\/meza-mate\/\">Me\u017ea m\u0101te<\/a>, latvijska \u0161umska majka, pripada opse\u017enom sustavu latvijskih maj\u010dinskih bo\u017eanstava (m\u0101tes) i \u0161titi lovce, \u0161umske radnike i pastire; kao njezin partner ponekad se navodi Me\u017eat\u0113vs, \u0161umski otac. U Litvi sli\u010dnu funkciju vladarice \u0161ume i divlja\u010di ima <a href=\"https:\/\/iwell-guard.com\/hr\/medeina\/\">Medeina<\/a>, \u010dija je atributna \u017eivotinja zec.<\/p><p>Ve\u0107 je Hipatijska kronika iz 1252. godine, a kasnije u 15. stolje\u0107u i poljski kroni\u010dar Jan D\u0142ugosz, uspore\u0111ivao Medeinu s rimskom bo\u017eicom lova Dianom. Litavisti\u010dki istra\u017eiva\u010d Algirdas Julien Greimas protuma\u010dio je Medeinu kao djevi\u010dansku, lova\u010dku pojavu, koja se dijelom prikazivala i kao vu\u010dica.<\/p>\t\t\t\t\t\t\t\t<\/div>\n\t\t\t\t<\/div>\n\t\t\t\t\t<\/div>\n\t\t\t\t<\/div>\n\t\t<div class=\"elementor-element elementor-element-iwgcn-sami-s6 e-flex e-con-boxed e-con e-parent\" data-id=\"iwgcn-sami-s6\" data-element_type=\"container\" data-e-type=\"container\">\n\t\t\t\t\t<div class=\"e-con-inner\">\n\t\t\t\t<div class=\"elementor-element elementor-element-iwgcn-sami-s6h elementor-widget elementor-widget-heading\" data-id=\"iwgcn-sami-s6h\" data-element_type=\"widget\" data-e-type=\"widget\" data-widget_type=\"heading.default\">\n\t\t\t\t\t<h2 class=\"elementor-heading-title elementor-size-default\">Prisilno pokr\u0161tavanje i suvremeno ponovno prisvajanje<\/h2>\t\t\t\t<\/div>\n\t\t<div class=\"elementor-element elementor-element-iwgcn-sami-s6-c e-con-full e-flex e-con e-child\" data-id=\"iwgcn-sami-s6-c\" data-element_type=\"container\" data-e-type=\"container\">\n\t\t\t\t<div class=\"elementor-element elementor-element-iwgcn-sami-s6t elementor-widget elementor-widget-text-editor\" data-id=\"iwgcn-sami-s6t\" data-element_type=\"widget\" data-e-type=\"widget\" data-widget_type=\"text-editor.default\">\n\t\t\t\t\t\t\t\t\t<p>Pokr\u0161tavanje Balta bio je iznimno dug i djelomi\u010dno nasilan proces. Redovni\u010dke dr\u017eave Njema\u010dkog reda i Reda ma\u010dono\u0161a od 13. stolje\u0107a su misionarile pod vojnim pritiskom, dok je Litva, kao samostalna velika vojvodina, kr\u0161tenje prihvatila tek 1387. godine iz politi\u010dkog ra\u010duna. Izvje\u0161taji o zabranjenim \u017ertvama vatri, drve\u0107u i zmijama se\u017eu sve do 18. stolje\u0107a.<\/p><p>Od kraja 20. stolje\u0107a, a posebno nakon neovisnosti Litve i Latvije 1990. i 1991. godine, odvija se kulturno ponovno prisvajanje, vidljivo u neopaganskom pokretu Romuva u Litvi i pokretu Dievtur\u012bba u Latviji, te u njegovanju daina, festivala narodnih pjesama i obi\u010daja vezanih uz ku\u0107ne duhove kao \u0161to su <a href=\"https:\/\/iwell-guard.com\/hr\/kaukas\/\">Kaukas<\/a> i <a href=\"https:\/\/iwell-guard.com\/hr\/aitvaras\/\">Aitvaras<\/a>. Standardna religiolo\u0161ka djela potje\u010du od Marije Gimbutas, Algirdasa Juliena Greimasa, Haraldsa Biezaisa i Norbertasa V\u0117liusa.<\/p>\t\t\t\t\t\t\t\t<\/div>\n\t\t\t\t<\/div>\n\t\t\t\t\t<\/div>\n\t\t\t\t<\/div>\n\t\t<div class=\"elementor-element elementor-element-cp2d9a92a3 e-flex e-con-boxed e-con e-parent\" data-id=\"cp2d9a92a3\" data-element_type=\"container\" data-e-type=\"container\">\n\t\t\t\t\t<div class=\"e-con-inner\">\n\t\t\t\t<div class=\"elementor-element elementor-element-cp2515827f elementor-widget elementor-widget-heading\" data-id=\"cp2515827f\" data-element_type=\"widget\" data-e-type=\"widget\" data-widget_type=\"heading.default\">\n\t\t\t\t\t<h2 class=\"elementor-heading-title elementor-size-default\">Dva jezika, jedan kulturni prostor i njegove unutarnje razlike<\/h2>\t\t\t\t<\/div>\n\t\t<div class=\"elementor-element elementor-element-cp25cbddf2 e-flex e-con-boxed e-con e-child\" data-id=\"cp25cbddf2\" data-element_type=\"container\" data-e-type=\"container\">\n\t\t\t\t\t<div class=\"e-con-inner\">\n\t\t\t\t<div class=\"elementor-element elementor-element-cp240cdc6c elementor-widget elementor-widget-text-editor\" data-id=\"cp240cdc6c\" data-element_type=\"widget\" data-e-type=\"widget\" data-widget_type=\"text-editor.default\">\n\t\t\t\t\t\t\t\t\t<p>Balti\u010dkom kulturnom prostoru pripadaju Litavci i Latvijci, kao i Prusi, koji su izumrli u 17. stolje\u0107u i \u010diji je jezik sa\u010duvan samo fragmentarno. Litavski i latvijski jezik uistinu su blisko srodni, ali su odavno samostalni jezici, a i religijske predstave oba naroda znatno se razlikuju u pojedinostima.<\/p><p>Posebno je uo\u010dljiva razlika u latvijskom sustavu majki, koji je, s procijenjenih sedamdesetak personificiranih prirodnih majki (m\u0101tes), znatno razgranatiji od litavske predaje, u kojoj su umjesto toga u prvom planu pojedine, jasno oblikovane pojave kao Medeina ili Gabija.<\/p><p>I obi\u010daji su se regionalno razlikovali, ovisno o krajoliku, obalnom ili kontinentalnom polo\u017eaju i gospodarskoj usmjerenosti, primjerice zemljoradnji, ribarstvu ili \u0161umarstvu. Uop\u0107ene tvrdnje o \u201ebalti\u010dkoj religiji\u201d prikrivaju tu unutarnju raznolikost, i izme\u0111u oba naroda i unutar njih.<\/p><p>Obje tradicije zajedni\u010dko imaju sredi\u0161nje mjesto boga grmljavine, litavski Perk\u016bnas, latvijski P\u0113rkons, va\u017enost ku\u0107nog ognji\u0161ta, \u0161tovanje ku\u0107ne zmije Zaltys te daine kao najva\u017eniju vrstu usmenih izvora. Ipak, i ti zajedni\u010dki elementi regionalno su razli\u010dito potvr\u0111eni.<\/p>\t\t\t\t\t\t\t\t<\/div>\n\t\t\t\t\t<\/div>\n\t\t\t\t<\/div>\n\t\t\t\t\t<\/div>\n\t\t\t\t<\/div>\n\t\t<div class=\"elementor-element elementor-element-cp2b1a3dae e-flex e-con-boxed e-con e-parent\" data-id=\"cp2b1a3dae\" data-element_type=\"container\" data-e-type=\"container\">\n\t\t\t\t\t<div class=\"e-con-inner\">\n\t\t\t\t<div class=\"elementor-element elementor-element-cp282c06ff elementor-widget elementor-widget-heading\" data-id=\"cp282c06ff\" data-element_type=\"widget\" data-e-type=\"widget\" data-widget_type=\"heading.default\">\n\t\t\t\t\t<h2 class=\"elementor-heading-title elementor-size-default\">Daine, maj\u010dinska bo\u017eanstva i sile balti\u010dkog svjetonazora<\/h2>\t\t\t\t<\/div>\n\t\t<div class=\"elementor-element elementor-element-cp228b4522 e-flex e-con-boxed e-con e-child\" data-id=\"cp228b4522\" data-element_type=\"container\" data-e-type=\"container\">\n\t\t\t\t\t<div class=\"e-con-inner\">\n\t\t\t\t<div class=\"elementor-element elementor-element-cp261454c5 elementor-widget elementor-widget-text-editor\" data-id=\"cp261454c5\" data-element_type=\"widget\" data-e-type=\"widget\" data-widget_type=\"text-editor.default\">\n\t\t\t\t\t\t\t\t\t<p>Najpoznatija religijska ba\u0161tina Balta su daine, kratke, obi\u010dno \u010detverostihe narodne pjesme koje \u010duvaju religijske predod\u017ebe u zgusnutom, formulai\u010dnom jeziku. Opjevavaju svakodnevicu doma, polja i obitelji, kao i velike likove panteona, a smatraju se relativno malo pro\u017eetima kr\u0161\u0107anstvom.<\/p><p>Latvijski etnograf Kri\u0161j\u0101nis Barons prikupio je izme\u0111u 1894. i 1915. gotovo 218.000 daina i razvrstao ih u \u0161est svezaka; njegov sustav do danas \u010dini temelj latvijskih istra\u017eivanja narodne pjesme. Cjelokupni latvijski korpus, uklju\u010duju\u0107i kasnije zbirke, procjenjuje se na vi\u0161e od milijun tekstova, a u Litvi postoje usporedivo opse\u017ene zbirke.<\/p><p>Balti\u010dki pogled na svijet poznaje dalekog nebeskog boga, Dievasa odnosno Dievsa, sredi\u0161njeg boga groma, Perk\u016bnasa odnosno P\u0113rkonsa, te bo\u017eanstva sudbine, sunca i zemlje kao \u0161to su Laima, Saul\u0117 i, u Latviji, M\u0101ra. Uz njih u Latviji postoji razgranat sustav od oko sedamdeset maj\u010dinskih bo\u017eanstava koja vladaju pojedinim podru\u010djima krajolika i \u017eivota, od \u0161umske majke <a href=\"https:\/\/iwell-guard.com\/hr\/meza-mate\/\">Me\u017ea m\u0101te<\/a>, preko majke vatre Uguns m\u0101te, do majke mora J\u016bras m\u0101te.<\/p><p>Ku\u0107a i dvori\u0161te imaju svoje za\u0161titni\u010dke sile: bo\u017eicu vatre <a href=\"https:\/\/iwell-guard.com\/hr\/gabija\/\">Gabiju<\/a>, ku\u0107nu zmiju <a href=\"https:\/\/iwell-guard.com\/hr\/zaltys\/\">Zaltysa<\/a> te ambivalentne ku\u0107ne duhove kao \u0161to su <a href=\"https:\/\/iwell-guard.com\/hr\/kaukas\/\">Kaukas<\/a> i vatreni <a href=\"https:\/\/iwell-guard.com\/hr\/aitvaras\/\">Aitvaras<\/a>, koji donose bogatstvo, ali kod nepo\u0161tivanja i nesre\u0107u. Za pojedina podru\u010dja prirode stoje i druge figure, poput litavskog boga vjetra <a href=\"https:\/\/iwell-guard.com\/hr\/vejopatis\/\">V\u0117jopatisa<\/a>, latvijskog ku\u0107nog duha <a href=\"https:\/\/iwell-guard.com\/hr\/majas-gars\/\">M\u0101jas garsa<\/a> te u ranonovovjekovnim izvorima spomenutog bo\u017eanstva <a href=\"https:\/\/iwell-guard.com\/hr\/jagaubis\/\">Jagaubisa<\/a>.<\/p><p>O to\u010dnoj sistematici tog panteona u istra\u017eivanjima ne postoji potpuna suglasnost, jer rani pisani izvori potje\u010du od kr\u0161\u0107anskih kroni\u010dara i misionara, a kasnije prikupljanje narodnih pjesama zapo\u010delo je tek u 19. stolje\u0107u. Marija Gimbutas, Algirdas Julien Greimas i Haralds Biezais iznijeli su razli\u010dita, djelomi\u010dno suprotstavljena tuma\u010denja tog materijala.<\/p>\t\t\t\t\t\t\t\t<\/div>\n\t\t\t\t\t<\/div>\n\t\t\t\t<\/div>\n\t\t\t\t\t<\/div>\n\t\t\t\t<\/div>\n\t\t<div class=\"elementor-element elementor-element-cp295547c2 e-flex e-con-boxed e-con e-parent\" data-id=\"cp295547c2\" data-element_type=\"container\" data-e-type=\"container\">\n\t\t\t\t\t<div class=\"e-con-inner\">\n\t\t\t\t<div class=\"elementor-element elementor-element-cp28944fb0 elementor-widget elementor-widget-heading\" data-id=\"cp28944fb0\" data-element_type=\"widget\" data-e-type=\"widget\" data-widget_type=\"heading.default\">\n\t\t\t\t\t<h2 class=\"elementor-heading-title elementor-size-default\">Izvori: kronike, misionarska izvje\u0161\u0107a i zbirke narodnih pjesama<\/h2>\t\t\t\t<\/div>\n\t\t<div class=\"elementor-element elementor-element-cp23d59da4 e-flex e-con-boxed e-con e-child\" data-id=\"cp23d59da4\" data-element_type=\"container\" data-e-type=\"container\">\n\t\t\t\t\t<div class=\"e-con-inner\">\n\t\t\t\t<div class=\"elementor-element elementor-element-cp2ce157b6 elementor-widget elementor-widget-text-editor\" data-id=\"cp2ce157b6\" data-element_type=\"widget\" data-e-type=\"widget\" data-widget_type=\"text-editor.default\">\n\t\t\t\t\t\t\t\t\t<p>Najranija pisana <span class=\"iwg-fachbegriff\" data-tooltip=\"Preno\u0161enje znanja i pri\u010da kroz generacije.\" tabindex=\"0\">predaja<\/span> o balti\u010dkoj religiji potje\u010de izvana, prije svega od kr\u0161\u0107anskih kroni\u010dara i misionara u vezi s kri\u017earskim pohodima Njema\u010dkog reda i Reda ma\u010dono\u0161a na Baltiku. Me\u0111u najranije izvore ubraja se Kronika Henrika od Latvije iz razdoblja 1225. do 1227. te Livonska rimovana kronika.<\/p><p>U 14. stolje\u0107u kroni\u010dar Reda Peter von Dusburg (1326) izvijestio je o praksama Prusa, u 16. stolje\u0107u slijedili su spomi Simona Grunaua koji se smatraju sporni (1519. do 1529.). Jednim od najva\u017enijih ranonovovjekovnih izvora smatra se 1615. tiskano djelo De diis Samagitarum poljskog u\u010denjaka Jana \u0141asickog, koje navodi brojna bo\u017eanstva i rituale Litve i \u017demaitije, me\u0111u kojima se spominje i bo\u017eanstvo imenom <a href=\"https:\/\/iwell-guard.com\/hr\/jagaubis\/\">Jagaubis<\/a>, \u010dija to\u010dna nadle\u017enost u izvorima nije jednozna\u010dno prenesena.<\/p><p>Ti rani tekstovi bogati su podacima, ali duboko pristrani, jer im je cilj bio uglavnom opravdanje misije ili borba protiv obi\u010daja koji su se smatrali <span class=\"iwg-fachbegriff\" data-tooltip=\"Iz kr\u0161\u0107anske perspektive: pripadanje predkr\u0161\u0107anskoj ili nekr\u0161\u0107anskoj religiji.\" tabindex=\"0\">poganskima<\/span>, a ne njihov neutralan opis.<\/p><p>Drugu, mla\u0111u skupinu izvora \u010dine daine, pri\u010de i imena mjesta prikupljeni u 19. i ranom 20. stolje\u0107u. Latvijski pravnik Kri\u0161j\u0101nis Barons, a potom istra\u017eiva\u010di kao Jonas Balys u Litvi, time su sastavili opse\u017ean, uglavnom usmeno oblikovan korpus koji je znatno manje pro\u017eet kr\u0161\u0107anskom namjerom tuma\u010denja od ranijih kronika.<\/p><p>U 20. stolje\u0107u pridodane su sustavne znanstvene analize, primjerice Marije Gimbutas, koja je povezala arheolo\u0161ke i jezi\u010dne nalaze, Algirdasa Juliena Greimasa, koji je mitove analizirao strukturalisti\u010dki, te Haraldsa Biezaisa, koji je u \u0161vedskom izgnanstvu obra\u0111ivao prije svega latvijsku gra\u0111u i kriti\u010dki ispitivao teze o matrijarhatu. Norbertas V\u0117lius svojom vi\u0161esve\u0161\u010danom zbirkom izvora postavio je va\u017ean temelj za daljnja istra\u017eivanja.<\/p><p>Istra\u017eiva\u010di u cjelini isti\u010du da je stanje izvora o balti\u010dkoj religiji nejedinstveno i raspore\u0111eno kroz stolje\u0107a, pa svaki cjeloviti prikaz nu\u017eno nosi znatne nesigurnosti i regionalne praznine.<\/p>\t\t\t\t\t\t\t\t<\/div>\n\t\t\t\t\t<\/div>\n\t\t\t\t<\/div>\n\t\t\t\t\t<\/div>\n\t\t\t\t<\/div>\n\t\t<div class=\"elementor-element elementor-element-cp2c009332 e-flex e-con-boxed e-con e-parent\" data-id=\"cp2c009332\" data-element_type=\"container\" data-e-type=\"container\">\n\t\t\t\t\t<div class=\"e-con-inner\">\n\t\t\t\t<div class=\"elementor-element elementor-element-cp225c94da elementor-widget elementor-widget-heading\" data-id=\"cp225c94da\" data-element_type=\"widget\" data-e-type=\"widget\" data-widget_type=\"heading.default\">\n\t\t\t\t\t<h2 class=\"elementor-heading-title elementor-size-default\">Prisilno misionarstvo, potiskivanje i dana\u0161nja ponovna prisvajanja<\/h2>\t\t\t\t<\/div>\n\t\t<div class=\"elementor-element elementor-element-cp2c7191ab e-flex e-con-boxed e-con e-child\" data-id=\"cp2c7191ab\" data-element_type=\"container\" data-e-type=\"container\">\n\t\t\t\t\t<div class=\"e-con-inner\">\n\t\t\t\t<div class=\"elementor-element elementor-element-cp23f4061d elementor-widget elementor-widget-text-editor\" data-id=\"cp23f4061d\" data-element_type=\"widget\" data-e-type=\"widget\" data-widget_type=\"text-editor.default\">\n\t\t\t\t\t\t\t\t\t<p>Kristijanizacija Balta bila je dug i djelomi\u010dno nasilan proces. Njema\u010dki red i Red ma\u010dono\u0161a misionirali su od 13. stolje\u0107a me\u0111u Prusima i stanovnicima Latvije i Estonije uz vojni pritisak, uz znatne gubitke \u017eivota i samostalne kulture, a jezik Prusa izumro je u 17. stolje\u0107u.<\/p><p>Litva kao samostalna velika kne\u017eevina 1387. godine, pod velikim knezom Jogailom, prihvatila je kr\u0161\u0107anstvo iz politi\u010dkog ra\u010duna, da bi se zape\u010datila veza s Poljskom i oduzela temelj krsta\u0161kim pohodima Njema\u010dkog reda. Podru\u010dje \u017demaitije (Donje Litve) slijedilo je tek 1413., nakon pobjede nad Redom kod Tannenberga 1410. godine. Izvje\u0161taji o daljnjim \u017ertvama vatri, drve\u0107u, zmijama i drugim svetim predmetima pojedina\u010dno se prote\u017eu sve do 18. stolje\u0107a.<\/p><p>U 19. i 20. stolje\u0107u religijski se pritisak povezao s jezi\u010dnim i kulturnim, pod carskom, a potom sovjetskom vla\u0161\u0107u litavski i latvijski jezik i kultura bili su povremeno sna\u017eno ograni\u010davani.<\/p><p>Od kraja 20. stolje\u0107a, posebice nakon ponovnog stjecanja nezavisnosti Litve i Latvije 1990. i 1991. godine, primjetan je novi interes za predkr\u0161\u0107ansku <span class=\"iwg-fachbegriff\" data-tooltip=\"Preno\u0161enje znanja i pri\u010da kroz generacije.\" tabindex=\"0\">predaju<\/span>. To se vidi u novopaganskom pokretu Romuva u Litvi, koji je 2015. godine tamo pro\u0161ao slu\u017ebeni postupak priznavanja, te u pokretu Dievtur\u012bba u Latviji, koji je nastao jo\u0161 u razdoblju izme\u0111u dva svjetska rata.<\/p><p>Taj interes vidljiv je i u njegovanju Daina, na festivalima narodne pjesme koji su na UNESCO-ovu Reprezentativnom popisu nematerijalne kulturne ba\u0161tine, te u sve ve\u0107em akademskom i umjetni\u010dkom bavljenju predkr\u0161\u0107anskim motivima.<\/p><p>Ipak, ne mo\u017ee se govoriti o \u0161irokoj obnovi starih vjerovanja kao stvarno prakticiranoj ve\u0107inskoj praksi. Ve\u0107ina Litavaca i Latvijaca konfesionalno je kr\u0161\u0107anska, a bavljenje predkr\u0161\u0107anskom pro\u0161lo\u0161\u0107u prije svega je oblik kulturnog samopotvr\u0111ivanja i povijesne obrade.<\/p>\t\t\t\t\t\t\t\t<\/div>\n\t\t\t\t\t<\/div>\n\t\t\t\t<\/div>\n\t\t\t\t\t<\/div>\n\t\t\t\t<\/div>\n\t\t<div class=\"elementor-element elementor-element-iwgha-sami-sec e-flex e-con-boxed e-con e-parent\" data-id=\"iwgha-sami-sec\" data-element_type=\"container\" data-e-type=\"container\">\n\t\t\t\t\t<div class=\"e-con-inner\">\n\t\t\t\t<div class=\"elementor-element elementor-element-iwgha-sami-h elementor-widget elementor-widget-heading\" data-id=\"iwgha-sami-h\" data-element_type=\"widget\" data-e-type=\"widget\" data-widget_type=\"heading.default\">\n\t\t\t\t\t<h2 class=\"elementor-heading-title elementor-size-default\">Bi\u0107a ove tradicije (9)<\/h2>\t\t\t\t<\/div>\n\t\t<div class=\"elementor-element elementor-element-iwgha-sami-gc e-flex e-con-boxed e-con e-parent\" data-id=\"iwgha-sami-gc\" data-element_type=\"container\" data-e-type=\"container\">\n\t\t\t\t\t<div class=\"e-con-inner\">\n\t\t\t\t<div class=\"elementor-element elementor-element-iwgha-sami-grid elementor-widget elementor-widget-text-editor\" data-id=\"iwgha-sami-grid\" data-element_type=\"widget\" data-e-type=\"widget\" data-widget_type=\"text-editor.default\">\n\t\t\t\t\t\t\t\t\t<div class=\"iwg-wesen-grid\"><a class=\"iwg-wesen-card\" href=\"https:\/\/iwell-guard.com\/hr\/meza-mate\/\" aria-label=\"Me\u017ea m\u0101te\"><div class=\"iwg-wesen-card-imgwrap\"><img decoding=\"async\" src=\"https:\/\/iwell-guard.com\/wp-content\/uploads\/2026\/07\/goetter_baltikum_meza-mate-200x300.webp\" alt=\"Me\u017ea m\u0101te\" loading=\"lazy\"><\/div><div class=\"iwg-wesen-card-body\"><div class=\"iwg-wesen-card-name\">Me\u017ea m\u0101te<\/div><div class=\"iwg-wesen-card-arrow\">\u2192 Na bi\u0107e<\/div><\/div><\/a><a class=\"iwg-wesen-card\" href=\"https:\/\/iwell-guard.com\/hr\/medeina\/\" aria-label=\"Medeina\"><div class=\"iwg-wesen-card-imgwrap\"><img decoding=\"async\" src=\"https:\/\/iwell-guard.com\/wp-content\/uploads\/2026\/07\/goetter_baltikum_medeina-200x300.webp\" alt=\"Medeina\" loading=\"lazy\"><\/div><div class=\"iwg-wesen-card-body\"><div class=\"iwg-wesen-card-name\">Medeina<\/div><div class=\"iwg-wesen-card-arrow\">\u2192 Na bi\u0107e<\/div><\/div><\/a><a class=\"iwg-wesen-card\" href=\"https:\/\/iwell-guard.com\/hr\/jagaubis\/\" aria-label=\"Jagaubis\"><div class=\"iwg-wesen-card-imgwrap\"><img decoding=\"async\" src=\"https:\/\/iwell-guard.com\/wp-content\/uploads\/2026\/07\/geister_baltisch_jagaubis-200x300.webp\" alt=\"Jagaubis\" loading=\"lazy\"><\/div><div class=\"iwg-wesen-card-body\"><div class=\"iwg-wesen-card-name\">Jagaubis<\/div><div class=\"iwg-wesen-card-arrow\">\u2192 Na bi\u0107e<\/div><\/div><\/a><a class=\"iwg-wesen-card\" href=\"https:\/\/iwell-guard.com\/hr\/gabija\/\" aria-label=\"Gabija\"><div class=\"iwg-wesen-card-imgwrap\"><img decoding=\"async\" src=\"https:\/\/iwell-guard.com\/wp-content\/uploads\/2026\/07\/goetter_baltisch_gabija-200x300.webp\" alt=\"Gabija\" loading=\"lazy\"><\/div><div class=\"iwg-wesen-card-body\"><div class=\"iwg-wesen-card-name\">Gabija<\/div><div class=\"iwg-wesen-card-arrow\">\u2192 Na bi\u0107e<\/div><\/div><\/a><a class=\"iwg-wesen-card\" href=\"https:\/\/iwell-guard.com\/hr\/vejopatis\/\" aria-label=\"Vejopatis\"><div class=\"iwg-wesen-card-imgwrap\"><img decoding=\"async\" src=\"https:\/\/iwell-guard.com\/wp-content\/uploads\/2026\/07\/goetter_baltisch_vejopatis-200x300.webp\" alt=\"Vejopatis\" loading=\"lazy\"><\/div><div class=\"iwg-wesen-card-body\"><div class=\"iwg-wesen-card-name\">Vejopatis<\/div><div class=\"iwg-wesen-card-arrow\">\u2192 Na bi\u0107e<\/div><\/div><\/a><a class=\"iwg-wesen-card\" href=\"https:\/\/iwell-guard.com\/hr\/zaltys\/\" aria-label=\"\u017daltys\"><div class=\"iwg-wesen-card-imgwrap\"><img decoding=\"async\" src=\"https:\/\/iwell-guard.com\/wp-content\/uploads\/2026\/07\/geister_baltisch_zaltys-200x300.webp\" alt=\"\u017daltys\" loading=\"lazy\"><\/div><div class=\"iwg-wesen-card-body\"><div class=\"iwg-wesen-card-name\">\u017daltys<\/div><div class=\"iwg-wesen-card-arrow\">\u2192 Na bi\u0107e<\/div><\/div><\/a><a class=\"iwg-wesen-card\" href=\"https:\/\/iwell-guard.com\/hr\/majas-gars\/\" aria-label=\"M\u0101jas gars\"><div class=\"iwg-wesen-card-imgwrap\"><img decoding=\"async\" src=\"https:\/\/iwell-guard.com\/wp-content\/uploads\/2026\/07\/geister_baltisch_majas-gars-200x300.webp\" alt=\"M\u0101jas gars\" loading=\"lazy\"><\/div><div class=\"iwg-wesen-card-body\"><div class=\"iwg-wesen-card-name\">M\u0101jas gars<\/div><div class=\"iwg-wesen-card-arrow\">\u2192 Na bi\u0107e<\/div><\/div><\/a><a class=\"iwg-wesen-card\" href=\"https:\/\/iwell-guard.com\/hr\/kaukas\/\" aria-label=\"Kaukas\"><div class=\"iwg-wesen-card-imgwrap\"><img decoding=\"async\" src=\"https:\/\/iwell-guard.com\/wp-content\/uploads\/2026\/07\/geister_baltisch_kaukas-200x300.webp\" alt=\"Kaukas\" loading=\"lazy\"><\/div><div class=\"iwg-wesen-card-body\"><div class=\"iwg-wesen-card-name\">Kaukas<\/div><div class=\"iwg-wesen-card-arrow\">\u2192 Na bi\u0107e<\/div><\/div><\/a><a class=\"iwg-wesen-card\" href=\"https:\/\/iwell-guard.com\/hr\/aitvaras\/\" aria-label=\"Aitvaras\"><div class=\"iwg-wesen-card-imgwrap\"><img decoding=\"async\" src=\"https:\/\/iwell-guard.com\/wp-content\/uploads\/2026\/07\/geister_baltisch_aitvaras-200x300.webp\" alt=\"Aitvaras\" loading=\"lazy\"><\/div><div class=\"iwg-wesen-card-body\"><div class=\"iwg-wesen-card-name\">Aitvaras<\/div><div class=\"iwg-wesen-card-arrow\">\u2192 Na bi\u0107e<\/div><\/div><\/a><\/div>\t\t\t\t\t\t\t\t<\/div>\n\t\t\t\t\t<\/div>\n\t\t\t\t<\/div>\n\t\t\t\t\t<\/div>\n\t\t\t\t<\/div>\n\t\t<div class=\"elementor-element elementor-element-iwgkw2-add-sami e-flex e-con-boxed e-con e-parent\" data-id=\"iwgkw2-add-sami\" data-element_type=\"container\" data-e-type=\"container\">\n\t\t\t\t\t<div class=\"e-con-inner\">\n\t\t\t\t<div class=\"elementor-element elementor-element-iwgkw2-add-sami-t elementor-widget elementor-widget-text-editor\" data-id=\"iwgkw2-add-sami-t\" data-element_type=\"widget\" data-e-type=\"widget\" data-widget_type=\"text-editor.default\">\n\t\t\t\t\t\t\t\t\t<p>Litavsko-latvijski <em>Gabija kult vatre<\/em> povezuje ku\u0107no ognji\u0161te, \u017ertvene prinose i pravila \u010disto\u0107e u samostalnu praksu za\u0161tite ku\u0107e i obitelji, dok je <em>ku\u0107na zmija Zaltys<\/em> smatrana \u017eivom za\u0161titnom \u017eivotinjom za blagostanje i sigurnost dvori\u0161ta i stoke.<\/p>\t\t\t\t\t\t\t\t<\/div>\n\t\t\t\t\t<\/div>\n\t\t\t\t<\/div>\n\t\t<div class=\"elementor-element elementor-element-iwgcn-sami-kwd e-flex e-con-boxed e-con e-parent\" data-id=\"iwgcn-sami-kwd\" data-element_type=\"container\" data-e-type=\"container\">\n\t\t\t\t\t<div class=\"e-con-inner\">\n\t\t<div class=\"elementor-element elementor-element-iwgcn-sami-kwd-c e-con-full e-flex e-con e-child\" data-id=\"iwgcn-sami-kwd-c\" data-element_type=\"container\" data-e-type=\"container\">\n\t\t\t\t<div class=\"elementor-element elementor-element-iwgcn-sami-kwdt elementor-widget elementor-widget-text-editor\" data-id=\"iwgcn-sami-kwdt\" data-element_type=\"widget\" data-e-type=\"widget\" data-widget_type=\"text-editor.default\">\n\t\t\t\t\t\t\t\t\t<p><em>Srodni klju\u010dni pojmovi: Perk\u016bnas P\u0113rkons Dievas Dievs Laima Saul\u0117 Gabija Zaltys Dainas Litva Latvija.<\/em><\/p>\t\t\t\t\t\t\t\t<\/div>\n\t\t\t\t<\/div>\n\t\t\t\t\t<\/div>\n\t\t\t\t<\/div>\n\t\t<div class=\"elementor-element elementor-element-iwgcn-sami-cc e-flex e-con-boxed e-con e-parent\" data-id=\"iwgcn-sami-cc\" data-element_type=\"container\" data-e-type=\"container\" id=\"iwg-cc-sami\">\n\t\t\t\t\t<div class=\"e-con-inner\">\n\t\t<div class=\"elementor-element elementor-element-iwgcn-sami-ccinner e-flex e-con-boxed e-con e-parent\" data-id=\"iwgcn-sami-ccinner\" data-element_type=\"container\" data-e-type=\"container\" data-settings=\"{&quot;background_background&quot;:&quot;classic&quot;}\">\n\t\t\t\t\t<div class=\"e-con-inner\">\n\t\t\t\t<div class=\"elementor-element elementor-element-iwgcn-sami-cch elementor-widget elementor-widget-heading\" data-id=\"iwgcn-sami-cch\" data-element_type=\"widget\" data-e-type=\"widget\" data-widget_type=\"heading.default\">\n\t\t\t\t\t<h2 class=\"elementor-heading-title elementor-size-default\">Za\u0161titni predmeti u ovoj kulturnoj tradiciji<\/h2>\t\t\t\t<\/div>\n\t\t\t\t<div class=\"elementor-element elementor-element-iwgcn-sami-cct elementor-widget elementor-widget-text-editor\" data-id=\"iwgcn-sami-cct\" data-element_type=\"widget\" data-e-type=\"widget\" data-widget_type=\"text-editor.default\">\n\t\t\t\t\t\t\t\t\t<p>Baltska tradicija poznaje bri\u017eno \u010duvano ognji\u0161te Gabije, ku\u0107nu zmiju Zaltys hranjenu mlijekom kao \u017eivu za\u0161titnu \u017eivotinju, te dvojake ku\u0107ne duhove kao \u0161to su Kaukas i ognjeni Aitvaras, koji donose blagostanje, ali u slu\u010daju nepo\u0161tivanja i nesre\u0107u; nosivi amuleti u izvorima su rje\u0111e potvr\u0111eni od ovih oblika za\u0161tite vezanih za ku\u0107u i dvori\u0161te, usporedivi tek s <a href=\"https:\/\/iwell-guard.com\/hr\/zeljezo-i-hladno-zeljezo\/\">\u017eeljezom<\/a> ili <a href=\"https:\/\/iwell-guard.com\/hr\/zastitna-vrecica-i-breverl\/\">za\u0161titnim vre\u0107icama<\/a> drugih kultura. Pregled za\u0161titnih predmeta raznih tradicija nudi <a href=\"https:\/\/iwell-guard.com\/hr\/schutz-kompass\/\">Kompas za\u0161tite<\/a>.<\/p><div data-nosnippet=\"true\"><p>iWell Guard uklapa se u tu kulturnopovijesnu liniju nosivih za\u0161titnih predmeta, u suvremenoj materijalnoj arhitekturi, izra\u0111en u Njema\u010dkoj. 41 razina, pravo zlato, platina, srebro. Pravo povrata u roku od 30 dana.<\/p><\/div>\t\t\t\t\t\t\t\t<\/div>\n\t\t\t\t<div class=\"elementor-element elementor-element-iwgcn-sami-ccb iwg-cc-button iwg-cc-cta-2026-05-13 elementor-widget elementor-widget-jet-button\" data-id=\"iwgcn-sami-ccb\" data-element_type=\"widget\" data-e-type=\"widget\" data-widget_type=\"jet-button.default\">\n\t\t\t\t<div class=\"elementor-widget-container\">\n\t\t\t\t\t<div class=\"elementor-jet-button jet-elements\"><div class=\"jet-button__container\"><a class=\"jet-button__instance jet-button__instance--icon-left hover-effect-1\" href=\"\/ueber-iwell-guard\/?utm_source=iwell-guard.com&amp;utm_medium=info-box&amp;utm_campaign=kultur-tradition\"><div class=\"jet-button__plane jet-button__plane-normal\"><\/div><div class=\"jet-button__plane jet-button__plane-hover\"><\/div><div class=\"jet-button__state jet-button__state-normal\"><span class=\"jet-button__label\">Vi\u0161e o iWell Guardu<\/span><\/div><div class=\"jet-button__state jet-button__state-hover\"><span class=\"jet-button__label\">Vi\u0161e o iWell Guardu<\/span><\/div><\/a><\/div><\/div><style>.elementor-element.elementor-element-iwgcn-sami-ccb .jet-button__instance{width:320px;height:56px;}.elementor-element.elementor-element-iwgcn-sami-ccb .jet-button__state-normal .jet-button__label{text-align:center;margin:0px 0px 0px 0px;color:#1a1b20;font-family:Montserrat,sans-serif;font-size:13px;font-weight:400;letter-spacing:4px;line-height:1.714em;text-transform:uppercase;}.elementor-element.elementor-element-iwgcn-sami-ccb .jet-button__state-hover .jet-button__label{text-align:center;margin:0px 0px 0px 0px;color:#FECC76;font-family:Montserrat,sans-serif;font-size:13px;font-weight:400;letter-spacing:4px;line-height:1.714em;text-transform:uppercase;}.elementor-element.elementor-element-iwgcn-sami-ccb .jet-button__plane-normal{background-color:#FECC76;border-style:solid;border-color:#C99540;border-width:2px 2px 2px 2px;}.elementor-element.elementor-element-iwgcn-sami-ccb .jet-button__plane-hover{background-color:rgba(0,0,0,0.55);border-style:solid;border-color:#FECC76;border-width:2px 2px 2px 2px;}<\/style>\t\t\t\t<\/div>\n\t\t\t\t<\/div>\n\t\t\t\t<div class=\"elementor-element elementor-element-iwgcn-sami-ccd elementor-widget elementor-widget-text-editor\" data-id=\"iwgcn-sami-ccd\" data-element_type=\"widget\" data-e-type=\"widget\" data-widget_type=\"text-editor.default\">\n\t\t\t\t\t\t\t\t\t<div data-nosnippet=\"true\"><p style=\"text-align:center;font-size:13px;opacity:0.7;margin-top:14px\" data-nosnippet=\"true\">Osobna iskustva mogu se razlikovati. Nije medicinski proizvod. Nema obe\u0107anja izlje\u010denja.<\/p><\/div>\t\t\t\t\t\t\t\t<\/div>\n\t\t\t\t\t<\/div>\n\t\t\t\t<\/div>\n\t\t\t\t\t<\/div>\n\t\t\t\t<\/div>\n\t\t<div class=\"elementor-element elementor-element-iwgcn-sami-disc e-flex e-con-boxed e-con e-parent\" data-id=\"iwgcn-sami-disc\" data-element_type=\"container\" data-e-type=\"container\">\n\t\t\t\t\t<div class=\"e-con-inner\">\n\t\t\t\t<div class=\"elementor-element elementor-element-iwgcn-sami-discw elementor-widget elementor-widget-html\" data-id=\"iwgcn-sami-discw\" data-element_type=\"widget\" data-e-type=\"widget\" data-widget_type=\"html.default\">\n\t\t\t\t\t<footer data-nosnippet=\"true\" class=\"iwg-disclaimer-block\"><p data-nosnippet=\"true\">iWell Guard <strong>nije medicinski proizvod<\/strong> i ne zamjenjuje lije\u010dni\u010dko ili psihoterapeutsko lije\u010denje. Religijsko-znanstveni sadr\u017eaji predstavljaju kulturno-povijesnu interpretaciju, a ne preporuku duhovne prakse.<\/p><\/footer>\t\t\t\t<\/div>\n\t\t\t\t\t<\/div>\n\t\t\t\t<\/div>\n\t\t\t\t<\/div>\n\t\t","protected":false},"excerpt":{"rendered":"","protected":false},"author":3,"featured_media":20404,"parent":0,"menu_order":0,"comment_status":"closed","ping_status":"closed","template":"elementor_header_footer","meta":{"_yoast_wpseo_focuskw":"baltijska mitologija","_yoast_wpseo_title":"Baltijska mitologija: bogovi Litve i Latvije","_yoast_wpseo_metadesc":"Perk\u016bnas, Gabija i ku\u0107na zmija \u017daltys: baltijska mitologija Litve i Latvije obja\u0161njena na religijsko-znanstvenim temeljima.","_yoast_wpseo_meta-robots-noindex":"","_yoast_wpseo_canonical":"","_angie_page":false,"gefaehrdungsstufe":"","wesen_kultur":"","wesen_klasse":"","footnotes":""},"categories":[],"class_list":["post-150591","page","type-page","status-publish","has-post-thumbnail","hentry"],"yoast_head":"<!-- This site is optimized with the Yoast SEO Premium plugin v27.7 (Yoast SEO v28.3) - https:\/\/yoast.com\/product\/yoast-seo-premium-wordpress\/ -->\n<title>Baltijska mitologija: bogovi Litve i Latvije<\/title>\n<meta name=\"description\" content=\"Perk\u016bnas, Gabija i ku\u0107na zmija \u017daltys: baltijska mitologija Litve i Latvije obja\u0161njena na religijsko-znanstvenim temeljima.\" \/>\n<meta name=\"robots\" content=\"index, follow, max-snippet:-1, max-image-preview:large, max-video-preview:-1\" \/>\n<link rel=\"canonical\" href=\"https:\/\/iwell-guard.com\/hr\/baltijska-mitologija\/\" \/>\n<meta property=\"og:locale\" content=\"hr_HR\" \/>\n<meta property=\"og:type\" content=\"article\" \/>\n<meta property=\"og:title\" content=\"Baltijska mitologija\" \/>\n<meta property=\"og:description\" content=\"Perk\u016bnas, Gabija i ku\u0107na zmija \u017daltys: baltijska mitologija Litve i Latvije obja\u0161njena na religijsko-znanstvenim temeljima.\" \/>\n<meta property=\"og:url\" content=\"https:\/\/iwell-guard.com\/hr\/baltijska-mitologija\/\" \/>\n<meta property=\"og:site_name\" content=\"iWell Guard\" \/>\n<meta property=\"article:modified_time\" content=\"2026-09-04T05:52:40+00:00\" \/>\n<meta property=\"og:image\" content=\"https:\/\/iwell-guard.com\/wp-content\/uploads\/2026\/07\/goetter_baltikum_medeina.webp\" \/>\n\t<meta property=\"og:image:width\" content=\"1024\" \/>\n\t<meta property=\"og:image:height\" content=\"1536\" \/>\n\t<meta property=\"og:image:type\" content=\"image\/webp\" \/>\n<meta name=\"twitter:card\" content=\"summary_large_image\" \/>\n<script type=\"application\/ld+json\" class=\"yoast-schema-graph\">{\"@context\":\"https:\\\/\\\/schema.org\",\"@graph\":[{\"@type\":\"WebPage\",\"@id\":\"https:\\\/\\\/iwell-guard.com\\\/hr\\\/baltijska-mitologija\\\/\",\"url\":\"https:\\\/\\\/iwell-guard.com\\\/hr\\\/baltijska-mitologija\\\/\",\"name\":\"Baltijska mitologija: bogovi Litve i Latvije\",\"isPartOf\":{\"@id\":\"https:\\\/\\\/iwell-guard.com\\\/hr\\\/#website\"},\"primaryImageOfPage\":{\"@id\":\"https:\\\/\\\/iwell-guard.com\\\/hr\\\/baltijska-mitologija\\\/#primaryimage\"},\"image\":{\"@id\":\"https:\\\/\\\/iwell-guard.com\\\/hr\\\/baltijska-mitologija\\\/#primaryimage\"},\"thumbnailUrl\":\"https:\\\/\\\/iwell-guard.com\\\/wp-content\\\/uploads\\\/2026\\\/07\\\/goetter_baltikum_medeina.webp\",\"datePublished\":\"2026-09-04T05:20:13+00:00\",\"dateModified\":\"2026-09-04T05:52:40+00:00\",\"description\":\"Perk\u016bnas, Gabija i ku\u0107na zmija \u017daltys: baltijska mitologija Litve i Latvije obja\u0161njena na religijsko-znanstvenim temeljima.\",\"breadcrumb\":{\"@id\":\"https:\\\/\\\/iwell-guard.com\\\/hr\\\/baltijska-mitologija\\\/#breadcrumb\"},\"inLanguage\":\"hr\",\"potentialAction\":[{\"@type\":\"ReadAction\",\"target\":[\"https:\\\/\\\/iwell-guard.com\\\/hr\\\/baltijska-mitologija\\\/\"]}]},{\"@type\":\"ImageObject\",\"inLanguage\":\"hr\",\"@id\":\"https:\\\/\\\/iwell-guard.com\\\/hr\\\/baltijska-mitologija\\\/#primaryimage\",\"url\":\"https:\\\/\\\/iwell-guard.com\\\/wp-content\\\/uploads\\\/2026\\\/07\\\/goetter_baltikum_medeina.webp\",\"contentUrl\":\"https:\\\/\\\/iwell-guard.com\\\/wp-content\\\/uploads\\\/2026\\\/07\\\/goetter_baltikum_medeina.webp\",\"width\":1024,\"height\":1536,\"caption\":\"Medeina, bo\u017eica balti\u010dke tradicije\"},{\"@type\":\"BreadcrumbList\",\"@id\":\"https:\\\/\\\/iwell-guard.com\\\/hr\\\/baltijska-mitologija\\\/#breadcrumb\",\"itemListElement\":[{\"@type\":\"ListItem\",\"position\":1,\"name\":\"Start\",\"item\":\"https:\\\/\\\/iwell-guard.com\\\/hr\\\/?page_id=149317\"},{\"@type\":\"ListItem\",\"position\":2,\"name\":\"Baltijska mitologija\"}]},{\"@type\":\"WebSite\",\"@id\":\"https:\\\/\\\/iwell-guard.com\\\/hr\\\/#website\",\"url\":\"https:\\\/\\\/iwell-guard.com\\\/hr\\\/\",\"name\":\"iWell Guard\",\"description\":\"Schutz vor dunklen Einfl\u00fcssen\",\"publisher\":{\"@id\":\"https:\\\/\\\/iwell-guard.com\\\/hr\\\/#organization\"},\"potentialAction\":[{\"@type\":\"SearchAction\",\"target\":{\"@type\":\"EntryPoint\",\"urlTemplate\":\"https:\\\/\\\/iwell-guard.com\\\/hr\\\/?s={search_term_string}\"},\"query-input\":{\"@type\":\"PropertyValueSpecification\",\"valueRequired\":true,\"valueName\":\"search_term_string\"}}],\"inLanguage\":\"hr\"},{\"@type\":\"Organization\",\"@id\":\"https:\\\/\\\/iwell-guard.com\\\/hr\\\/#organization\",\"name\":\"Ittermann electronic GmbH\",\"url\":\"https:\\\/\\\/iwell-guard.com\\\/hr\\\/\",\"logo\":{\"@type\":\"ImageObject\",\"inLanguage\":\"hr\",\"@id\":\"https:\\\/\\\/iwell-guard.com\\\/hr\\\/#\\\/schema\\\/logo\\\/image\\\/\",\"url\":\"https:\\\/\\\/iwell-guard.com\\\/wp-content\\\/uploads\\\/2026\\\/05\\\/Ittermann-Logo-1182x237-1.png\",\"contentUrl\":\"https:\\\/\\\/iwell-guard.com\\\/wp-content\\\/uploads\\\/2026\\\/05\\\/Ittermann-Logo-1182x237-1.png\",\"width\":1182,\"height\":237,\"caption\":\"Ittermann electronic GmbH\"},\"image\":{\"@id\":\"https:\\\/\\\/iwell-guard.com\\\/hr\\\/#\\\/schema\\\/logo\\\/image\\\/\"},\"sameAs\":[\"https:\\\/\\\/pantip.com\\\/profile\\\/9367242\",\"https:\\\/\\\/micro.blog\\\/iwellguard\",\"https:\\\/\\\/www.diggerslist.com\\\/iwellguard\\\/about\",\"https:\\\/\\\/skitterphoto.com\\\/photographers\\\/2870314\\\/iwell-guard\",\"https:\\\/\\\/iwellguard.wordpress.com\\\/2026\\\/06\\\/06\\\/iwell-guard\\\/\",\"https:\\\/\\\/hub.docker.com\\\/u\\\/iwellguard\",\"https:\\\/\\\/www.pinterest.com\\\/iwellguard\\\/\",\"https:\\\/\\\/bit.ly\\\/m\\\/iwellguard\",\"https:\\\/\\\/entre-vos-mains.alsace.eu\\\/profiles\\\/iwellguard\\\/activity\",\"https:\\\/\\\/gravatar.com\\\/reallybeded8fd34\",\"https:\\\/\\\/naijamatta.com\\\/iwellguard\",\"https:\\\/\\\/www.goodreads.com\\\/iwellguard\",\"https:\\\/\\\/profile.hatena.ne.jp\\\/iwellguard\\\/\",\"https:\\\/\\\/experiment.com\\\/users\\\/iwellguard\",\"https:\\\/\\\/wakelet.com\\\/@iWellGuard82270\",\"https:\\\/\\\/www.chordie.com\\\/forum\\\/profile.php?id=2555664\",\"https:\\\/\\\/www.instapaper.com\\\/p\\\/17757966\",\"https:\\\/\\\/www.mapleprimes.com\\\/users\\\/iwellguard\",\"https:\\\/\\\/businesslistingplus.com\\\/profile\\\/iwell-guard\\\/\",\"https:\\\/\\\/telegra.ph\\\/iWell-Guard-06-06\",\"https:\\\/\\\/pbase.com\\\/iwellguard\\\/iwellguard\",\"https:\\\/\\\/b.hatena.ne.jp\\\/iwellguard\\\/20260607#bookmark-4788405196491818882\",\"https:\\\/\\\/fliphtml5.com\\\/home\\\/iwellguard\",\"https:\\\/\\\/anyflip.com\\\/homepage\\\/cmiwl#About\",\"https:\\\/\\\/transfur.com\\\/Users\\\/iwellguard\",\"http:\\\/\\\/delphi.larsbo.org\\\/user\\\/iwellguard\",\"https:\\\/\\\/jobs.lajobsportal.org\\\/profiles\\\/8380803-iwell-guard\",\"https:\\\/\\\/md.chaosdorf.de\\\/s\\\/jfbe5SBdJD\",\"https:\\\/\\\/www.lingvolive.com\\\/en-us\\\/profile\\\/9ecaeaca-ce11-4e51-9e71-01d55e2bff36\\\/translations\",\"https:\\\/\\\/www.fitday.com\\\/fitness\\\/forums\\\/members\\\/iwellguard.html\",\"https:\\\/\\\/www.mymeetbook.com\\\/iwellguard\",\"https:\\\/\\\/pxhere.com\\\/en\\\/photographer-me\\\/5040798\",\"https:\\\/\\\/disqus.com\\\/by\\\/iwellguard\\\/about\\\/\",\"https:\\\/\\\/pastelink.net\\\/hjwciqwq\",\"https:\\\/\\\/pubhtml5.com\\\/homepage\\\/scjhn\\\/\",\"https:\\\/\\\/www.bitchute.com\\\/channel\\\/2O2eOKzNqujT\",\"https:\\\/\\\/audiomack.com\\\/iwellguard\"]}]}<\/script>\n<!-- \/ Yoast SEO Premium plugin. -->","yoast_head_json":{"title":"Baltijska mitologija: bogovi Litve i Latvije","description":"Perk\u016bnas, Gabija i ku\u0107na zmija \u017daltys: baltijska mitologija Litve i Latvije obja\u0161njena na religijsko-znanstvenim temeljima.","robots":{"index":"index","follow":"follow","max-snippet":"max-snippet:-1","max-image-preview":"max-image-preview:large","max-video-preview":"max-video-preview:-1"},"canonical":"https:\/\/iwell-guard.com\/hr\/baltijska-mitologija\/","og_locale":"hr_HR","og_type":"article","og_title":"Baltijska mitologija","og_description":"Perk\u016bnas, Gabija i ku\u0107na zmija \u017daltys: baltijska mitologija Litve i Latvije obja\u0161njena na religijsko-znanstvenim temeljima.","og_url":"https:\/\/iwell-guard.com\/hr\/baltijska-mitologija\/","og_site_name":"iWell Guard","article_modified_time":"2026-09-04T05:52:40+00:00","og_image":[{"width":1024,"height":1536,"url":"https:\/\/iwell-guard.com\/wp-content\/uploads\/2026\/07\/goetter_baltikum_medeina.webp","type":"image\/webp"}],"twitter_card":"summary_large_image","schema":{"@context":"https:\/\/schema.org","@graph":[{"@type":"WebPage","@id":"https:\/\/iwell-guard.com\/hr\/baltijska-mitologija\/","url":"https:\/\/iwell-guard.com\/hr\/baltijska-mitologija\/","name":"Baltijska mitologija: bogovi Litve i Latvije","isPartOf":{"@id":"https:\/\/iwell-guard.com\/hr\/#website"},"primaryImageOfPage":{"@id":"https:\/\/iwell-guard.com\/hr\/baltijska-mitologija\/#primaryimage"},"image":{"@id":"https:\/\/iwell-guard.com\/hr\/baltijska-mitologija\/#primaryimage"},"thumbnailUrl":"https:\/\/iwell-guard.com\/wp-content\/uploads\/2026\/07\/goetter_baltikum_medeina.webp","datePublished":"2026-09-04T05:20:13+00:00","dateModified":"2026-09-04T05:52:40+00:00","description":"Perk\u016bnas, Gabija i ku\u0107na zmija \u017daltys: baltijska mitologija Litve i Latvije obja\u0161njena na religijsko-znanstvenim temeljima.","breadcrumb":{"@id":"https:\/\/iwell-guard.com\/hr\/baltijska-mitologija\/#breadcrumb"},"inLanguage":"hr","potentialAction":[{"@type":"ReadAction","target":["https:\/\/iwell-guard.com\/hr\/baltijska-mitologija\/"]}]},{"@type":"ImageObject","inLanguage":"hr","@id":"https:\/\/iwell-guard.com\/hr\/baltijska-mitologija\/#primaryimage","url":"https:\/\/iwell-guard.com\/wp-content\/uploads\/2026\/07\/goetter_baltikum_medeina.webp","contentUrl":"https:\/\/iwell-guard.com\/wp-content\/uploads\/2026\/07\/goetter_baltikum_medeina.webp","width":1024,"height":1536,"caption":"Medeina, bo\u017eica balti\u010dke tradicije"},{"@type":"BreadcrumbList","@id":"https:\/\/iwell-guard.com\/hr\/baltijska-mitologija\/#breadcrumb","itemListElement":[{"@type":"ListItem","position":1,"name":"Start","item":"https:\/\/iwell-guard.com\/hr\/?page_id=149317"},{"@type":"ListItem","position":2,"name":"Baltijska mitologija"}]},{"@type":"WebSite","@id":"https:\/\/iwell-guard.com\/hr\/#website","url":"https:\/\/iwell-guard.com\/hr\/","name":"iWell Guard","description":"Schutz vor dunklen Einfl\u00fcssen","publisher":{"@id":"https:\/\/iwell-guard.com\/hr\/#organization"},"potentialAction":[{"@type":"SearchAction","target":{"@type":"EntryPoint","urlTemplate":"https:\/\/iwell-guard.com\/hr\/?s={search_term_string}"},"query-input":{"@type":"PropertyValueSpecification","valueRequired":true,"valueName":"search_term_string"}}],"inLanguage":"hr"},{"@type":"Organization","@id":"https:\/\/iwell-guard.com\/hr\/#organization","name":"Ittermann electronic GmbH","url":"https:\/\/iwell-guard.com\/hr\/","logo":{"@type":"ImageObject","inLanguage":"hr","@id":"https:\/\/iwell-guard.com\/hr\/#\/schema\/logo\/image\/","url":"https:\/\/iwell-guard.com\/wp-content\/uploads\/2026\/05\/Ittermann-Logo-1182x237-1.png","contentUrl":"https:\/\/iwell-guard.com\/wp-content\/uploads\/2026\/05\/Ittermann-Logo-1182x237-1.png","width":1182,"height":237,"caption":"Ittermann electronic GmbH"},"image":{"@id":"https:\/\/iwell-guard.com\/hr\/#\/schema\/logo\/image\/"},"sameAs":["https:\/\/pantip.com\/profile\/9367242","https:\/\/micro.blog\/iwellguard","https:\/\/www.diggerslist.com\/iwellguard\/about","https:\/\/skitterphoto.com\/photographers\/2870314\/iwell-guard","https:\/\/iwellguard.wordpress.com\/2026\/06\/06\/iwell-guard\/","https:\/\/hub.docker.com\/u\/iwellguard","https:\/\/www.pinterest.com\/iwellguard\/","https:\/\/bit.ly\/m\/iwellguard","https:\/\/entre-vos-mains.alsace.eu\/profiles\/iwellguard\/activity","https:\/\/gravatar.com\/reallybeded8fd34","https:\/\/naijamatta.com\/iwellguard","https:\/\/www.goodreads.com\/iwellguard","https:\/\/profile.hatena.ne.jp\/iwellguard\/","https:\/\/experiment.com\/users\/iwellguard","https:\/\/wakelet.com\/@iWellGuard82270","https:\/\/www.chordie.com\/forum\/profile.php?id=2555664","https:\/\/www.instapaper.com\/p\/17757966","https:\/\/www.mapleprimes.com\/users\/iwellguard","https:\/\/businesslistingplus.com\/profile\/iwell-guard\/","https:\/\/telegra.ph\/iWell-Guard-06-06","https:\/\/pbase.com\/iwellguard\/iwellguard","https:\/\/b.hatena.ne.jp\/iwellguard\/20260607#bookmark-4788405196491818882","https:\/\/fliphtml5.com\/home\/iwellguard","https:\/\/anyflip.com\/homepage\/cmiwl#About","https:\/\/transfur.com\/Users\/iwellguard","http:\/\/delphi.larsbo.org\/user\/iwellguard","https:\/\/jobs.lajobsportal.org\/profiles\/8380803-iwell-guard","https:\/\/md.chaosdorf.de\/s\/jfbe5SBdJD","https:\/\/www.lingvolive.com\/en-us\/profile\/9ecaeaca-ce11-4e51-9e71-01d55e2bff36\/translations","https:\/\/www.fitday.com\/fitness\/forums\/members\/iwellguard.html","https:\/\/www.mymeetbook.com\/iwellguard","https:\/\/pxhere.com\/en\/photographer-me\/5040798","https:\/\/disqus.com\/by\/iwellguard\/about\/","https:\/\/pastelink.net\/hjwciqwq","https:\/\/pubhtml5.com\/homepage\/scjhn\/","https:\/\/www.bitchute.com\/channel\/2O2eOKzNqujT","https:\/\/audiomack.com\/iwellguard"]}]}},"_links":{"self":[{"href":"https:\/\/iwell-guard.com\/hr\/wp-json\/wp\/v2\/pages\/150591","targetHints":{"allow":["GET"]}}],"collection":[{"href":"https:\/\/iwell-guard.com\/hr\/wp-json\/wp\/v2\/pages"}],"about":[{"href":"https:\/\/iwell-guard.com\/hr\/wp-json\/wp\/v2\/types\/page"}],"author":[{"embeddable":true,"href":"https:\/\/iwell-guard.com\/hr\/wp-json\/wp\/v2\/users\/3"}],"replies":[{"embeddable":true,"href":"https:\/\/iwell-guard.com\/hr\/wp-json\/wp\/v2\/comments?post=150591"}],"version-history":[{"count":0,"href":"https:\/\/iwell-guard.com\/hr\/wp-json\/wp\/v2\/pages\/150591\/revisions"}],"wp:featuredmedia":[{"embeddable":true,"href":"https:\/\/iwell-guard.com\/hr\/wp-json\/wp\/v2\/media\/20404"}],"wp:attachment":[{"href":"https:\/\/iwell-guard.com\/hr\/wp-json\/wp\/v2\/media?parent=150591"}],"wp:term":[{"taxonomy":"category","embeddable":true,"href":"https:\/\/iwell-guard.com\/hr\/wp-json\/wp\/v2\/categories?post=150591"}],"curies":[{"name":"wp","href":"https:\/\/api.w.org\/{rel}","templated":true}]}}