{"id":150569,"date":"2026-09-04T05:20:00","date_gmt":"2026-09-04T05:20:00","guid":{"rendered":"https:\/\/iwell-guard.com\/?page_id=150569"},"modified":"2026-09-04T05:51:58","modified_gmt":"2026-09-04T05:51:58","slug":"nachtkrapp","status":"publish","type":"page","link":"https:\/\/iwell-guard.com\/hr\/nachtkrapp\/","title":{"rendered":"Nachtkrapp"},"content":{"rendered":"\t\t<div data-elementor-type=\"wp-page\" data-elementor-id=\"150569\" class=\"elementor elementor-150569 elementor-20494\" data-elementor-post-type=\"page\">\n\t\t\t\t<div class=\"elementor-element elementor-element-10fdade e-flex e-con-boxed e-con e-parent\" data-id=\"10fdade\" data-element_type=\"container\" data-e-type=\"container\" data-settings=\"{&quot;background_background&quot;:&quot;classic&quot;}\">\n\t\t\t\t\t<div class=\"e-con-inner\">\n\t\t<div class=\"elementor-element elementor-element-herohlft0 e-flex e-con-boxed e-con e-child\" data-id=\"herohlft0\" data-element_type=\"container\" data-e-type=\"container\">\n\t\t\t\t\t<div class=\"e-con-inner\">\n\t\t<div class=\"elementor-element elementor-element-c3ceb64 e-con-full e-flex e-con e-child\" data-id=\"c3ceb64\" data-element_type=\"container\" data-e-type=\"container\">\n\t\t\t\t<div class=\"elementor-element elementor-element-96ae5e1 elementor-widget elementor-widget-heading\" data-id=\"96ae5e1\" data-element_type=\"widget\" data-e-type=\"widget\" data-widget_type=\"heading.default\">\n\t\t\t\t\t<h1 class=\"elementor-heading-title elementor-size-default\">Nachtkrapp, crna ptica sumraka<\/h1>\t\t\t\t<\/div>\n\t\t\t\t<div class=\"elementor-element elementor-element-e45238a elementor-widget elementor-widget-text-editor\" data-id=\"e45238a\" data-element_type=\"widget\" data-e-type=\"widget\" data-widget_type=\"text-editor.default\">\n\t\t\t\t\t\t\t\t\t<p>Nachtkrapp je <span class=\"iwg-fachbegriff\" data-tooltip=\"Netjelesno bi\u0107e kojemu se pripisuje djelovanje u svijetu.\" tabindex=\"0\">duh<\/span> alpske tradicije.<\/p><p><strong>Crna ptica koja odnosi neposlu\u0161nu djecu u no\u0107.<\/strong> Nachtkrapp se smatra stra\u0161nom pticom alpskih predaja koja navodno mami djecu u tamu.<\/p>\t\t\t\t\t\t\t\t<\/div>\n\t\t\t\t<\/div>\n\t\t<div class=\"elementor-element elementor-element-klsbdg01 e-con-full e-flex e-con e-parent\" data-id=\"klsbdg01\" data-element_type=\"container\" data-e-type=\"container\">\n\t\t\t\t<div class=\"elementor-element elementor-element-klshtm01 elementor-widget elementor-widget-html\" data-id=\"klshtm01\" data-element_type=\"widget\" data-e-type=\"widget\" data-widget_type=\"html.default\">\n\t\t\t\t\t<div class=\"iwg-pill-row\"><span class=\"iwg-klasse-badge\" tabindex=\"0\" data-tooltip=\"Duh: Netjelesno ili polutjelesno bi\u0107e, pokojnici, prirodna bi\u0107a, ku\u0107ni duhovi ili \u010duvari pragova. Djeluje u svakodnevnom \u017eivotu, \u010desto vezano za mjesta ili obitelji.\">Duh<\/span><a href=\"https:\/\/iwell-guard.com\/hr\/?page_id=150597\" class=\"iwg-kultur-badge\" tabindex=\"0\" data-tooltip=\"Svijet predaja alpskog prostora: Bavarska, Austrija, \u0160vicarska i Ju\u017eni Tirol, od planinskih duhova do bi\u0107a Rauhn\u00e4chte.\">Alpski prostor<\/a><\/div>\t\t\t\t<\/div>\n\t\t\t\t<\/div>\n\t\t<div class=\"elementor-element elementor-element-3f74855 e-con-full e-flex e-con e-child\" data-id=\"3f74855\" data-element_type=\"container\" data-e-type=\"container\">\n\t\t\t\t<div class=\"elementor-element elementor-element-1c30362 elementor-toc--minimized-on-tablet elementor-widget elementor-widget-table-of-contents\" data-id=\"1c30362\" data-element_type=\"widget\" data-e-type=\"widget\" data-settings=\"{&quot;exclude_headings_by_selector&quot;:[],&quot;no_headings_message&quot;:&quot;Na ovoj stranici nisu prona\\u0111eni naslovi.&quot;,&quot;headings_by_tags&quot;:[&quot;h2&quot;,&quot;h3&quot;],&quot;marker_view&quot;:&quot;bullets&quot;,&quot;icon&quot;:{&quot;value&quot;:&quot;fas fa-circle&quot;,&quot;library&quot;:&quot;fa-solid&quot;,&quot;rendered_tag&quot;:&quot;&lt;svg class=\\&quot;e-font-icon-svg e-fas-circle\\&quot; viewBox=\\&quot;0 0 512 512\\&quot; xmlns=\\&quot;http:\\\/\\\/www.w3.org\\\/2000\\\/svg\\&quot;&gt;&lt;path d=\\&quot;M256 8C119 8 8 119 8 256s111 248 248 248 248-111 248-248S393 8 256 8z\\&quot;&gt;&lt;\\\/path&gt;&lt;\\\/svg&gt;&quot;},&quot;minimize_box&quot;:&quot;yes&quot;,&quot;minimized_on&quot;:&quot;tablet&quot;,&quot;hierarchical_view&quot;:&quot;yes&quot;,&quot;min_height&quot;:{&quot;unit&quot;:&quot;px&quot;,&quot;size&quot;:&quot;&quot;,&quot;sizes&quot;:[]},&quot;min_height_tablet&quot;:{&quot;unit&quot;:&quot;px&quot;,&quot;size&quot;:&quot;&quot;,&quot;sizes&quot;:[]},&quot;min_height_mobile&quot;:{&quot;unit&quot;:&quot;px&quot;,&quot;size&quot;:&quot;&quot;,&quot;sizes&quot;:[]}}\" data-widget_type=\"table-of-contents.default\">\n\t\t\t\t\t\t\t\t\t<div class=\"elementor-toc__header\">\n\t\t\t\t\t\t<h2 class=\"elementor-toc__header-title\">\n\t\t\t\tSadr\u017eaj\t\t\t<\/h2>\n\t\t\t\t\t\t\t\t\t\t<div class=\"elementor-toc__toggle-button elementor-toc__toggle-button--expand\" role=\"button\" tabindex=\"0\" aria-controls=\"elementor-toc__1c30362\" aria-expanded=\"true\" aria-label=\"Open table of contents\"><svg aria-hidden=\"true\" class=\"e-font-icon-svg e-fas-chevron-down\" viewBox=\"0 0 448 512\" xmlns=\"http:\/\/www.w3.org\/2000\/svg\"><path d=\"M207.029 381.476L12.686 187.132c-9.373-9.373-9.373-24.569 0-33.941l22.667-22.667c9.357-9.357 24.522-9.375 33.901-.04L224 284.505l154.745-154.021c9.379-9.335 24.544-9.317 33.901.04l22.667 22.667c9.373 9.373 9.373 24.569 0 33.941L240.971 381.476c-9.373 9.372-24.569 9.372-33.942 0z\"><\/path><\/svg><\/div>\n\t\t\t\t<div class=\"elementor-toc__toggle-button elementor-toc__toggle-button--collapse\" role=\"button\" tabindex=\"0\" aria-controls=\"elementor-toc__1c30362\" aria-expanded=\"true\" aria-label=\"Close table of contents\"><svg aria-hidden=\"true\" class=\"e-font-icon-svg e-fas-chevron-up\" viewBox=\"0 0 448 512\" xmlns=\"http:\/\/www.w3.org\/2000\/svg\"><path d=\"M240.971 130.524l194.343 194.343c9.373 9.373 9.373 24.569 0 33.941l-22.667 22.667c-9.357 9.357-24.522 9.375-33.901.04L224 227.495 69.255 381.516c-9.379 9.335-24.544 9.317-33.901-.04l-22.667-22.667c-9.373-9.373-9.373-24.569 0-33.941L207.03 130.525c9.372-9.373 24.568-9.373 33.941-.001z\"><\/path><\/svg><\/div>\n\t\t\t\t\t<\/div>\n\t\t\t\t<div id=\"elementor-toc__1c30362\" class=\"elementor-toc__body\">\n\t\t\t<div class=\"elementor-toc__spinner-container\">\n\t\t\t\t<svg class=\"elementor-toc__spinner eicon-animation-spin e-font-icon-svg e-eicon-loading\" aria-hidden=\"true\" viewBox=\"0 0 1000 1000\" xmlns=\"http:\/\/www.w3.org\/2000\/svg\"><path d=\"M500 975V858C696 858 858 696 858 500S696 142 500 142 142 304 142 500H25C25 237 238 25 500 25S975 237 975 500 763 975 500 975Z\"><\/path><\/svg>\t\t\t<\/div>\n\t\t<\/div>\n\t\t\t\t\t\t<\/div>\n\t\t\t\t<\/div>\n\t\t\t\t\t<\/div>\n\t\t\t\t<\/div>\n\t\t<div class=\"elementor-element elementor-element-herorght0 e-con-full e-flex e-con e-child\" data-id=\"herorght0\" data-element_type=\"container\" data-e-type=\"container\">\n\t\t\t\t<div class=\"elementor-element elementor-element-heroimg00 iwg-hero-image elementor-widget elementor-widget-image\" data-id=\"heroimg00\" data-element_type=\"widget\" data-e-type=\"widget\" data-widget_type=\"image.default\">\n\t\t\t\t\t\t\t\t\t\t\t\t\t\t\t<img fetchpriority=\"high\" decoding=\"async\" width=\"683\" height=\"1024\" src=\"https:\/\/iwell-guard.com\/wp-content\/uploads\/2026\/07\/geister_alpin_nachtkrapp-683x1024.webp\" class=\"attachment-large size-large wp-image-150624\" alt=\"Nachtkrapp \u2013 duh iz alpske tradicije, povijesno-ilustrativno\" srcset=\"https:\/\/iwell-guard.com\/wp-content\/uploads\/2026\/07\/geister_alpin_nachtkrapp-683x1024.webp 683w, https:\/\/iwell-guard.com\/wp-content\/uploads\/2026\/07\/geister_alpin_nachtkrapp-200x300.webp 200w, https:\/\/iwell-guard.com\/wp-content\/uploads\/2026\/07\/geister_alpin_nachtkrapp-768x1152.webp 768w, https:\/\/iwell-guard.com\/wp-content\/uploads\/2026\/07\/geister_alpin_nachtkrapp.webp 1024w\" sizes=\"(max-width: 683px) 100vw, 683px\" \/>\t\t\t\t\t\t\t\t\t\t\t\t\t\t\t<\/div>\n\t\t\t\t<\/div>\n\t\t\t\t\t<\/div>\n\t\t\t\t<\/div>\n\t\t<div class=\"elementor-element elementor-element-32917199 e-flex e-con-boxed e-con e-parent\" data-id=\"32917199\" data-element_type=\"container\" data-e-type=\"container\">\n\t\t\t\t\t<div class=\"e-con-inner\">\n\t\t<div class=\"elementor-element elementor-element-26e916cb e-flex e-con-boxed e-con e-child\" data-id=\"26e916cb\" data-element_type=\"container\" data-e-type=\"container\">\n\t\t\t\t\t<div class=\"e-con-inner\">\n\t\t<div class=\"elementor-element elementor-element-253a40d4 e-flex e-con-boxed e-con e-child\" data-id=\"253a40d4\" data-element_type=\"container\" data-e-type=\"container\">\n\t\t\t\t\t<div class=\"e-con-inner\">\n\t\t\t\t<div class=\"elementor-element elementor-element-1200c304 elementor-widget elementor-widget-heading\" data-id=\"1200c304\" data-element_type=\"widget\" data-e-type=\"widget\" data-widget_type=\"heading.default\">\n\t\t\t\t\t<div class=\"elementor-heading-title elementor-size-default\">Nachtkrapp<\/div>\t\t\t\t<\/div>\n\t\t\t\t<div class=\"elementor-element elementor-element-11758e7f elementor-widget elementor-widget-text-editor\" data-id=\"11758e7f\" data-element_type=\"widget\" data-e-type=\"widget\" data-widget_type=\"text-editor.default\">\n\t\t\t\t\t\t\t\t\t<p>Nachtkrapp je dje\u010dji stra\u0161ilo iz ju\u017enonjema\u010dko-austrijskog podalpskog prostora: golema, gavranocrna ptica koja no\u0107u leti kroz tamu i odnosi djecu koja su i nakon pada no\u0107i jo\u0161 vani. Iza te stra\u0161ne prilike ne stoji toliko samostalno bi\u0107e s vlastitim nakanama, koliko jednostavno pravilo pona\u0161anja za djecu.<\/p><p>Ovisno o kraju, prikaz se\u017ee od krvolo\u010dne ptice do blage prilike koja neposlu\u0161nu djecu samo uljuljka u san. Prilika je ra\u0161irena u Bavarskoj, \u0160vapskoj, Frankoniji i Austriji, a pismeno je zabilje\u017eena prije svega od 19. stolje\u0107a u rje\u010dnicima i etnografskim zbirkama.<\/p>\t\t\t\t\t\t\t\t<\/div>\n\t\t\t\t\t<\/div>\n\t\t\t\t<\/div>\n\t\t<div class=\"elementor-element elementor-element-159dcf9a e-flex e-con-boxed e-con e-child\" data-id=\"159dcf9a\" data-element_type=\"container\" data-e-type=\"container\">\n\t\t\t\t\t<div class=\"e-con-inner\">\n\t\t\t\t<div class=\"elementor-element elementor-element-48cee66f elementor-widget elementor-widget-heading\" data-id=\"48cee66f\" data-element_type=\"widget\" data-e-type=\"widget\" data-widget_type=\"heading.default\">\n\t\t\t\t\t<div class=\"elementor-heading-title elementor-size-default\">Na prvi pogled: Nachtkrapp<\/div>\t\t\t\t<\/div>\n\t\t\t\t<div class=\"elementor-element elementor-element-3f50d82c elementor-widget elementor-widget-text-editor\" data-id=\"3f50d82c\" data-element_type=\"widget\" data-e-type=\"widget\" data-widget_type=\"text-editor.default\">\n\t\t\t\t\t\t\t\t\t<p><strong>Tip:<\/strong> dje\u010dje stra\u0161ilo, golema gavranocrna ptica<br>Podrijetlo: ju\u017enonjema\u010dko-austrijski podalpski prostor, s dosezima do sredi\u0161nje Tiringije i Gradi\u0161\u0107a<br>Tekstovi: Grimmov njema\u010dki rje\u010dnik, Priru\u010dni rje\u010dnik njema\u010dkog praznovjerja<br>Razdoblje: usmeno vjerojatno starije, pismeno prije svega od 19. stolje\u0107a<br>Izgled: golema, potpuno crna ptica, rje\u0111e zami\u0161ljena samo kao sjena<\/p>\t\t\t\t\t\t\t\t<\/div>\n\t\t\t\t\t<\/div>\n\t\t\t\t<\/div>\n\t\t\t\t\t<\/div>\n\t\t\t\t<\/div>\n\t\t\t\t\t<\/div>\n\t\t\t\t<\/div>\n\t\t<div class=\"elementor-element elementor-element-18613602 e-flex e-con-boxed e-con e-parent\" data-id=\"18613602\" data-element_type=\"container\" data-e-type=\"container\">\n\t\t\t\t\t<div class=\"e-con-inner\">\n\t\t\t\t<div class=\"elementor-element elementor-element-262b8a9f elementor-widget elementor-widget-heading\" data-id=\"262b8a9f\" data-element_type=\"widget\" data-e-type=\"widget\" data-widget_type=\"heading.default\">\n\t\t\t\t\t<h2 class=\"elementor-heading-title elementor-size-default\">Podrijetlo i izvori<\/h2>\t\t\t\t<\/div>\n\t\t<div class=\"elementor-element elementor-element-46dcb7d e-con-full e-flex e-con e-child\" data-id=\"46dcb7d\" data-element_type=\"container\" data-e-type=\"container\">\n\t\t<div class=\"elementor-element elementor-element-61d3ab3 e-flex e-con-boxed e-con e-child\" data-id=\"61d3ab3\" data-element_type=\"container\" data-e-type=\"container\">\n\t\t\t\t\t<div class=\"e-con-inner\">\n\t\t\t\t<div class=\"elementor-element elementor-element-117c166 elementor-widget elementor-widget-heading\" data-id=\"117c166\" data-element_type=\"widget\" data-e-type=\"widget\" data-widget_type=\"heading.default\">\n\t\t\t\t\t<h3 class=\"elementor-heading-title elementor-size-default\">Zeitraum der Texte<\/h3>\t\t\t\t<\/div>\n\t\t\t\t<div class=\"elementor-element elementor-element-73997a0 elementor-widget elementor-widget-text-editor\" data-id=\"73997a0\" data-element_type=\"widget\" data-e-type=\"widget\" data-widget_type=\"text-editor.default\">\n\t\t\t\t\t\t\t\t\t<p>Usmeno vjerojatno starije, pismeno zabilje\u017eeno prije svega od 19. stolje\u0107a u rje\u010dnicima i etnografskim zbirkama.<\/p>\t\t\t\t\t\t\t\t<\/div>\n\t\t\t\t\t<\/div>\n\t\t\t\t<\/div>\n\t\t<div class=\"elementor-element elementor-element-d47b156 e-flex e-con-boxed e-con e-child\" data-id=\"d47b156\" data-element_type=\"container\" data-e-type=\"container\">\n\t\t\t\t\t<div class=\"e-con-inner\">\n\t\t\t\t<div class=\"elementor-element elementor-element-ff38c2b elementor-widget elementor-widget-heading\" data-id=\"ff38c2b\" data-element_type=\"widget\" data-e-type=\"widget\" data-widget_type=\"heading.default\">\n\t\t\t\t\t<h3 class=\"elementor-heading-title elementor-size-default\">Verbreitungsraum<\/h3>\t\t\t\t<\/div>\n\t\t\t\t<div class=\"elementor-element elementor-element-4e49fcc elementor-widget elementor-widget-text-editor\" data-id=\"4e49fcc\" data-element_type=\"widget\" data-e-type=\"widget\" data-widget_type=\"text-editor.default\">\n\t\t\t\t\t\t\t\t\t<p>Bavarska, \u0160vapska, Frankonija i Austrija, s dosezima do sredi\u0161nje Tiringije i Gradi\u0161\u0107a.<\/p>\t\t\t\t\t\t\t\t<\/div>\n\t\t\t\t\t<\/div>\n\t\t\t\t<\/div>\n\t\t\t\t<\/div>\n\t\t<div class=\"elementor-element elementor-element-db03c39 e-con-full e-flex e-con e-child\" data-id=\"db03c39\" data-element_type=\"container\" data-e-type=\"container\">\n\t\t<div class=\"elementor-element elementor-element-229a87b e-flex e-con-boxed e-con e-child\" data-id=\"229a87b\" data-element_type=\"container\" data-e-type=\"container\">\n\t\t\t\t\t<div class=\"e-con-inner\">\n\t\t\t\t<div class=\"elementor-element elementor-element-1f471fc elementor-widget elementor-widget-heading\" data-id=\"1f471fc\" data-element_type=\"widget\" data-e-type=\"widget\" data-widget_type=\"heading.default\">\n\t\t\t\t\t<h3 class=\"elementor-heading-title elementor-size-default\">Quellenlage<\/h3>\t\t\t\t<\/div>\n\t\t\t\t<div class=\"elementor-element elementor-element-36b1201 elementor-widget elementor-widget-text-editor\" data-id=\"36b1201\" data-element_type=\"widget\" data-e-type=\"widget\" data-widget_type=\"text-editor.default\">\n\t\t\t\t\t\t\t\t\t<p>Prije svega leksikografski zabilje\u017eeno, primjerice u Grimmovu rje\u010dniku i Priru\u010dnom rje\u010dniku njema\u010dkog praznovjerja, uz regionalne obi\u010daje; zaokru\u017eena rana zbirka predaja izostaje.<\/p>\t\t\t\t\t\t\t\t<\/div>\n\t\t\t\t\t<\/div>\n\t\t\t\t<\/div>\n\t\t\t\t<\/div>\n\t\t\t\t\t<\/div>\n\t\t\t\t<\/div>\n\t\t<div class=\"elementor-element elementor-element-3ae0637c e-flex e-con-boxed e-con e-parent\" data-id=\"3ae0637c\" data-element_type=\"container\" data-e-type=\"container\">\n\t\t\t\t\t<div class=\"e-con-inner\">\n\t\t\t\t<div class=\"elementor-element elementor-element-31d07739 elementor-widget elementor-widget-heading\" data-id=\"31d07739\" data-element_type=\"widget\" data-e-type=\"widget\" data-widget_type=\"heading.default\">\n\t\t\t\t\t<h2 class=\"elementor-heading-title elementor-size-default\">Ime i varijante<\/h2>\t\t\t\t<\/div>\n\t\t<div class=\"elementor-element elementor-element-b7642947 e-con-full e-flex e-con e-child\" data-id=\"b7642947\" data-element_type=\"container\" data-e-type=\"container\">\n\t\t\t\t<div class=\"elementor-element elementor-element-a086266 elementor-widget elementor-widget-text-editor\" data-id=\"a086266\" data-element_type=\"widget\" data-e-type=\"widget\" data-widget_type=\"text-editor.default\">\n\t\t\t\t\t\t\t\t\t<p><strong>Gornjonjema\u010dki:<\/strong> Odredbena rije\u010d Krabb, tako\u0111er Krapp, Krabbe ili Grabbe, potje\u010de od starovisokonjema\u010dkog hraban i u gornjonjema\u010dkim dijalektima ozna\u010dava gavrana ili srodne vranaste ptice. Pravo podrijetlo same sagovne prilike u znanosti se smatra kona\u010dno nerije\u0161enim. U Frankoniji je zabilje\u017een ina\u010dica Nachtgiger, a u Gradi\u0161\u0107u predaja poznaje bla\u017ei oblik, dobrog Nachtkrappa.<\/p>\t\t\t\t\t\t\t\t<\/div>\n\t\t\t\t<\/div>\n\t\t\t\t\t<\/div>\n\t\t\t\t<\/div>\n\t\t<div class=\"elementor-element elementor-element-709a44a8 e-flex e-con-boxed e-con e-parent\" data-id=\"709a44a8\" data-element_type=\"container\" data-e-type=\"container\">\n\t\t\t\t\t<div class=\"e-con-inner\">\n\t\t\t\t<div class=\"elementor-element elementor-element-2f585873 elementor-widget elementor-widget-heading\" data-id=\"2f585873\" data-element_type=\"widget\" data-e-type=\"widget\" data-widget_type=\"heading.default\">\n\t\t\t\t\t<h2 class=\"elementor-heading-title elementor-size-default\">Izgled<\/h2>\t\t\t\t<\/div>\n\t\t<div class=\"elementor-element elementor-element-70621c12 e-con-full e-flex e-con e-child\" data-id=\"70621c12\" data-element_type=\"container\" data-e-type=\"container\">\n\t\t\t\t<div class=\"elementor-element elementor-element-4296eb49 elementor-widget elementor-widget-text-editor\" data-id=\"4296eb49\" data-element_type=\"widget\" data-e-type=\"widget\" data-widget_type=\"text-editor.default\">\n\t\t\t\t\t\t\t\t\t<p><strong>Izgled<\/strong><\/p><p>Nachtkrapp se prikazuje kao golema, potpuno crna ptica sa \u0161irokim zamahom krila, ponekad i samo kao crna sjena koja se \u010duje kako prolazi no\u0107nim nebom, bez da se jasno vidi. U ju\u017eno\u0161vapskoj predaji nosi vre\u0107u u kojoj odnosi ugrabljenu djecu, dok mu se u austrijskim ina\u010dicama otvoreno pripisuje da djecu pro\u017edire.<\/p><p><strong>Djelovanje<\/strong><\/p><p>Nachtkrapp postaje djelatan \u010dim padne sumrak a djeca jo\u0161 nisu u ku\u0107i. Nisko doleti i zgrabi one koji su zaostali, u stro\u017eim ina\u010dicama da ih pojede, u bla\u017eim da ih zadr\u017ei do jutra ili jednostavno uljuljka u san. Djelovanje se u praksi ne temeljilo na stvarnom napadu, ve\u0107 na preventivnom pona\u0161anju koje je pri\u010da izazivala.<\/p>\t\t\t\t\t\t\t\t<\/div>\n\t\t\t\t<\/div>\n\t\t\t\t\t<\/div>\n\t\t\t\t<\/div>\n\t\t<div class=\"elementor-element elementor-element-44e71476 e-flex e-con-boxed e-con e-parent\" data-id=\"44e71476\" data-element_type=\"container\" data-e-type=\"container\">\n\t\t\t\t\t<div class=\"e-con-inner\">\n\t\t\t\t<div class=\"elementor-element elementor-element-3c1fc3f0 elementor-widget elementor-widget-heading\" data-id=\"3c1fc3f0\" data-element_type=\"widget\" data-e-type=\"widget\" data-widget_type=\"heading.default\">\n\t\t\t\t\t<h2 class=\"elementor-heading-title elementor-size-default\">Profil: Nachtkrapp<\/h2>\t\t\t\t<\/div>\n\t\t<div class=\"elementor-element elementor-element-84f33b8e e-con-full e-flex e-con e-child\" data-id=\"84f33b8e\" data-element_type=\"container\" data-e-type=\"container\">\n\t\t\t\t<div class=\"elementor-element elementor-element-hqkdc67p elementor-widget elementor-widget-text-editor\" data-id=\"hqkdc67p\" data-element_type=\"widget\" data-e-type=\"widget\" data-widget_type=\"text-editor.default\">\n\t\t\t\t\t\t\t\t\t<p>Najva\u017eniji aspekti stra\u0161ne ptice na prvi pogled.<\/p>\t\t\t\t\t\t\t\t<\/div>\n\t\t\t\t<\/div>\n\t\t<div class=\"elementor-element elementor-element-pemmx7c5 e-con-full e-flex e-con e-child\" data-id=\"pemmx7c5\" data-element_type=\"container\" data-e-type=\"container\">\n\t\t<div class=\"elementor-element elementor-element-pemmx7c1 e-con-full e-flex e-con e-child\" data-id=\"pemmx7c1\" data-element_type=\"container\" data-e-type=\"container\">\n\t\t<div class=\"elementor-element elementor-element-qh9oavvu iwg-steckbrief-card e-flex e-con-boxed e-con e-child\" data-id=\"qh9oavvu\" data-element_type=\"container\" data-e-type=\"container\">\n\t\t\t\t\t<div class=\"e-con-inner\">\n\t\t\t\t<div class=\"elementor-element elementor-element-awzx8k2k elementor-widget elementor-widget-heading\" data-id=\"awzx8k2k\" data-element_type=\"widget\" data-e-type=\"widget\" data-widget_type=\"heading.default\">\n\t\t\t\t\t<div class=\"elementor-heading-title elementor-size-default\">Tradicija<\/div>\t\t\t\t<\/div>\n\t\t\t\t<div class=\"elementor-element elementor-element-x6rowhv0 elementor-widget elementor-widget-text-editor\" data-id=\"x6rowhv0\" data-element_type=\"widget\" data-e-type=\"widget\" data-widget_type=\"text-editor.default\">\n\t\t\t\t\t\t\t\t\t<p>Dje\u010dje stra\u0161ilo ju\u017enonjema\u010dko-austrijskog podalpskog prostora, prije svega leksikografski potvr\u0111eno, bez zasebne rane zbirke predaja.<\/p>\t\t\t\t\t\t\t\t<\/div>\n\t\t\t\t\t<\/div>\n\t\t\t\t<\/div>\n\t\t<div class=\"elementor-element elementor-element-8e3o4kxs iwg-steckbrief-card e-flex e-con-boxed e-con e-child\" data-id=\"8e3o4kxs\" data-element_type=\"container\" data-e-type=\"container\">\n\t\t\t\t\t<div class=\"e-con-inner\">\n\t\t\t\t<div class=\"elementor-element elementor-element-08rkdgov elementor-widget elementor-widget-heading\" data-id=\"08rkdgov\" data-element_type=\"widget\" data-e-type=\"widget\" data-widget_type=\"heading.default\">\n\t\t\t\t\t<div class=\"elementor-heading-title elementor-size-default\">Zadu\u017een za<\/div>\t\t\t\t<\/div>\n\t\t\t\t<div class=\"elementor-element elementor-element-uwjelx8s elementor-widget elementor-widget-text-editor\" data-id=\"uwjelx8s\" data-element_type=\"widget\" data-e-type=\"widget\" data-widget_type=\"text-editor.default\">\n\t\t\t\t\t\t\t\t\t<p>Djeca koja su i nakon pada mraka jo\u0161 na otvorenom: krik Nachtkrappa trebao ih je pravovremeno natjerati u ku\u0107u.<\/p>\t\t\t\t\t\t\t\t<\/div>\n\t\t\t\t\t<\/div>\n\t\t\t\t<\/div>\n\t\t<div class=\"elementor-element elementor-element-jm2n74ec iwg-steckbrief-card e-flex e-con-boxed e-con e-child\" data-id=\"jm2n74ec\" data-element_type=\"container\" data-e-type=\"container\">\n\t\t\t\t\t<div class=\"e-con-inner\">\n\t\t\t\t<div class=\"elementor-element elementor-element-8vufse4c elementor-widget elementor-widget-heading\" data-id=\"8vufse4c\" data-element_type=\"widget\" data-e-type=\"widget\" data-widget_type=\"heading.default\">\n\t\t\t\t\t<div class=\"elementor-heading-title elementor-size-default\">Prikaz<\/div>\t\t\t\t<\/div>\n\t\t\t\t<div class=\"elementor-element elementor-element-mwb9u015 elementor-widget elementor-widget-text-editor\" data-id=\"mwb9u015\" data-element_type=\"widget\" data-e-type=\"widget\" data-widget_type=\"text-editor.default\">\n\t\t\t\t\t\t\t\t\t<p>Golema, gavranocrna ptica sa \u0161irokim zamahom krila, rje\u0111e zami\u0161ljena samo kao tamna sjena na no\u0107nom nebu.<\/p>\t\t\t\t\t\t\t\t<\/div>\n\t\t\t\t\t<\/div>\n\t\t\t\t<\/div>\n\t\t\t\t<\/div>\n\t\t<div class=\"elementor-element elementor-element-pemmx7c2 e-con-full e-flex e-con e-child\" data-id=\"pemmx7c2\" data-element_type=\"container\" data-e-type=\"container\">\n\t\t<div class=\"elementor-element elementor-element-37ss2yr6 iwg-steckbrief-card e-flex e-con-boxed e-con e-child\" data-id=\"37ss2yr6\" data-element_type=\"container\" data-e-type=\"container\">\n\t\t\t\t\t<div class=\"e-con-inner\">\n\t\t\t\t<div class=\"elementor-element elementor-element-3v0wp3wx elementor-widget elementor-widget-heading\" data-id=\"3v0wp3wx\" data-element_type=\"widget\" data-e-type=\"widget\" data-widget_type=\"heading.default\">\n\t\t\t\t\t<div class=\"elementor-heading-title elementor-size-default\">Djelokrug<\/div>\t\t\t\t<\/div>\n\t\t\t\t<div class=\"elementor-element elementor-element-w3247g2m elementor-widget elementor-widget-text-editor\" data-id=\"w3247g2m\" data-element_type=\"widget\" data-e-type=\"widget\" data-widget_type=\"text-editor.default\">\n\t\t\t\t\t\t\t\t\t<p>Od stroge austrijske ina\u010dice koja pro\u017edire djecu, do blage gradi\u0161\u0107anske varijante koja ih samo uljuljka u san.<\/p>\t\t\t\t\t\t\t\t<\/div>\n\t\t\t\t\t<\/div>\n\t\t\t\t<\/div>\n\t\t<div class=\"elementor-element elementor-element-0qpjal9w iwg-steckbrief-card e-flex e-con-boxed e-con e-child\" data-id=\"0qpjal9w\" data-element_type=\"container\" data-e-type=\"container\">\n\t\t\t\t\t<div class=\"e-con-inner\">\n\t\t\t\t<div class=\"elementor-element elementor-element-6ndoih0o elementor-widget elementor-widget-heading\" data-id=\"6ndoih0o\" data-element_type=\"widget\" data-e-type=\"widget\" data-widget_type=\"heading.default\">\n\t\t\t\t\t<div class=\"elementor-heading-title elementor-size-default\">Postupanje<\/div>\t\t\t\t<\/div>\n\t\t\t\t<div class=\"elementor-element elementor-element-6684tyh9 elementor-widget elementor-widget-text-editor\" data-id=\"6684tyh9\" data-element_type=\"widget\" data-e-type=\"widget\" data-widget_type=\"text-editor.default\">\n\t\t\t\t\t\t\t\t\t<p>Ne obredna za\u0161tita, ve\u0107 samo pravilo pona\u0161anja: pravovremeno vratiti se u roditeljski dom kad padne sumrak.<\/p>\t\t\t\t\t\t\t\t<\/div>\n\t\t\t\t\t<\/div>\n\t\t\t\t<\/div>\n\t\t<div class=\"elementor-element elementor-element-3lfi7x32 iwg-steckbrief-card e-flex e-con-boxed e-con e-child\" data-id=\"3lfi7x32\" data-element_type=\"container\" data-e-type=\"container\">\n\t\t\t\t\t<div class=\"e-con-inner\">\n\t\t\t\t<div class=\"elementor-element elementor-element-0kg99ga1 elementor-widget elementor-widget-heading\" data-id=\"0kg99ga1\" data-element_type=\"widget\" data-e-type=\"widget\" data-widget_type=\"heading.default\">\n\t\t\t\t\t<div class=\"elementor-heading-title elementor-size-default\">Srodno<\/div>\t\t\t\t<\/div>\n\t\t\t\t<div class=\"elementor-element elementor-element-n0fum6kp elementor-widget elementor-widget-text-editor\" data-id=\"n0fum6kp\" data-element_type=\"widget\" data-e-type=\"widget\" data-widget_type=\"text-editor.default\">\n\t\t\t\t\t\t\t\t\t<p>Engleski boggart kao usporediva prijete\u0107a prilika, skandinavski nattramn kao samostalno vjerovanje o no\u0107noj gavranovoj ptici.<\/p>\t\t\t\t\t\t\t\t<\/div>\n\t\t\t\t\t<\/div>\n\t\t\t\t<\/div>\n\t\t\t\t<\/div>\n\t\t\t\t<\/div>\n\t\t\t\t\t<\/div>\n\t\t\t\t<\/div>\n\t\t<div class=\"elementor-element elementor-element-7533bc7a e-flex e-con-boxed e-con e-parent\" data-id=\"7533bc7a\" data-element_type=\"container\" data-e-type=\"container\">\n\t\t\t\t\t<div class=\"e-con-inner\">\n\t\t\t\t<div class=\"elementor-element elementor-element-2447d18d elementor-widget elementor-widget-heading\" data-id=\"2447d18d\" data-element_type=\"widget\" data-e-type=\"widget\" data-widget_type=\"heading.default\">\n\t\t\t\t\t<h2 class=\"elementor-heading-title elementor-size-default\">Od rije\u010di za gavrana do stra\u0161ne prilike sumraka<\/h2>\t\t\t\t<\/div>\n\t\t<div class=\"elementor-element elementor-element-d5d0260c e-con-full e-flex e-con e-child\" data-id=\"d5d0260c\" data-element_type=\"container\" data-e-type=\"container\">\n\t\t\t\t<div class=\"elementor-element elementor-element-341be2ac elementor-widget elementor-widget-text-editor\" data-id=\"341be2ac\" data-element_type=\"widget\" data-e-type=\"widget\" data-widget_type=\"text-editor.default\">\n\t\t\t\t\t\t\t\t\t<p>Odredbena rije\u010d Krabb, tako\u0111er Krapp, Krabbe ili Grabbe, potje\u010de od starovisokonjema\u010dkog hraban i u gornjonjema\u010dkim dijalektima ozna\u010dava gavrana ili srodne vranaste ptice; pravo podrijetlo sagovne prilike u znanosti se smatra kona\u010dno nerije\u0161enim. Nachtkrapp je uglavnom dokumentiran preko jezi\u010dne gra\u0111e: Grimmov rje\u010dnik bilje\u017ei rije\u010d jednako kao i Priru\u010dni rje\u010dnik njema\u010dkog praznovjerja, dok zasebna rana zbirka predaja o Nachtkrappu izostaje.<\/p><p>Prilika je ra\u0161irena u Bavarskoj, \u0160vapskoj, Frankoniji i Austriji; u Frankoniji je zabilje\u017eena ina\u010dica Nachtgiger, a u sredi\u0161njoj Tiringiji se javljaju no\u0107ni gavrani u jatu. U Gradi\u0161\u0107u predaja poznaje dobrog Nachtkrappa, koji neposlu\u0161nu djecu ne odnosi, ve\u0107 ih samo blago uljuljka u san, \u0161to upu\u0107uje na to koliko sna\u017eno prilika regionalno oscilira izme\u0111u prijetnje i pukog upozorenja. U Murrhardtu se sagovna prilika spaja sa stvarnim uzorom: tamo\u0161nja pokladna figura Nachtkrabb preuzima obilje\u017eja \u0107uka (Waldrapp), ptice tamnog perja i golog crvenog lica, \u010dije su kolonije u toj regiji povijesno potvr\u0111ene.<\/p>\t\t\t\t\t\t\t\t<\/div>\n\t\t\t\t<\/div>\n\t\t\t\t\t<\/div>\n\t\t\t\t<\/div>\n\t\t<div class=\"elementor-element elementor-element-5a584676 e-flex e-con-boxed e-con e-parent\" data-id=\"5a584676\" data-element_type=\"container\" data-e-type=\"container\">\n\t\t\t\t\t<div class=\"e-con-inner\">\n\t\t\t\t<div class=\"elementor-element elementor-element-6d0757bf elementor-widget elementor-widget-heading\" data-id=\"6d0757bf\" data-element_type=\"widget\" data-e-type=\"widget\" data-widget_type=\"heading.default\">\n\t\t\t\t\t<h2 class=\"elementor-heading-title elementor-size-default\">Naslje\u0111e i klasifikacija<\/h2>\t\t\t\t<\/div>\n\t\t<div class=\"elementor-element elementor-element-60563f68 e-con-full e-flex e-con e-child\" data-id=\"60563f68\" data-element_type=\"container\" data-e-type=\"container\">\n\t\t\t\t<div class=\"elementor-element elementor-element-5a93fdd6 elementor-widget elementor-widget-text-editor\" data-id=\"5a93fdd6\" data-element_type=\"widget\" data-e-type=\"widget\" data-widget_type=\"text-editor.default\">\n\t\t\t\t\t\t\t\t\t<p>Nachtkrapp \u017eivi dalje u regionalnim obi\u010dajima, primjerice u pokladnoj figuri Nachtkrabb iz Murrhardta, koja je dokumentirana u tamo\u0161njem muzeju Carl-Schweizer-Museum. U suvremenoj knji\u017eevnosti likom se poslu\u017eila Heiderose Kesselring za istoimenu dje\u010dju knjigu, ali poznatost ostaje regionalno ograni\u010dena i temelji se prije svega na usmenom preno\u0161enju unutar obitelji.<\/p><p>Religiologijski Nachtkrapp pripada \u0161iroko rasprostranjenom tipu figure koja pla\u0161i djecu, preta\u010du\u0107i pravilo pona\u0161anja u pripovjedni oblik. Za razliku od bi\u0107a s vlastitim kultom ili utvr\u0111enim ritualima, on nema ni obo\u017eavanje ni protumagiju, ve\u0107 djeluje isklju\u010divo preko strahaod tame koju osobno predstavlja. Njegova blizina starijoj slici gavrana kao ptice nesre\u0107e i smrti pokazuje kako se stvarno promatranje prirode i moralna odgojna namjera spajaju u jedinom liku.<\/p>\t\t\t\t\t\t\t\t<\/div>\n\t\t\t\t<\/div>\n\t\t\t\t\t<\/div>\n\t\t\t\t<\/div>\n\t\t<div class=\"elementor-element elementor-element-cp9a031aa e-flex e-con-boxed e-con e-parent\" data-id=\"cp9a031aa\" data-element_type=\"container\" data-e-type=\"container\">\n\t\t\t\t\t<div class=\"e-con-inner\">\n\t\t\t\t<div class=\"elementor-element elementor-element-cp9193514 elementor-widget elementor-widget-heading\" data-id=\"cp9193514\" data-element_type=\"widget\" data-e-type=\"widget\" data-widget_type=\"heading.default\">\n\t\t\t\t\t<h2 class=\"elementor-heading-title elementor-size-default\">Povratak ku\u0107i prije sumraka kao jedina za\u0161tita<\/h2>\t\t\t\t<\/div>\n\t\t<div class=\"elementor-element elementor-element-cp02ca0ee e-con-full e-flex e-con e-child\" data-id=\"cp02ca0ee\" data-element_type=\"container\" data-e-type=\"container\">\n\t\t\t\t<div class=\"elementor-element elementor-element-cp444e0f1 elementor-widget elementor-widget-text-editor\" data-id=\"cp444e0f1\" data-element_type=\"widget\" data-e-type=\"widget\" data-widget_type=\"text-editor.default\">\n\t\t\t\t\t\t\t\t\t<p>Predaja ne poznaje nikakvu magiju obrane protiv Nachtkrappa, nego samo pravilo pona\u0161anja koje on sam treba provesti: djeca trebaju biti u ku\u0107i kad pada mrak. Roditeljski dom sa zaklju\u010danim vratima u pri\u010dama vrijedi kao jedino sigurno mjesto; upaljeno svjetlo u prozoru obilje\u017eava to mjesto i istovremeno doziva djecu ku\u0107i. Gdje su se zvona koristila za ve\u010dernje zvonjenje, ona su slu\u017eila i kao \u010dujan signal za polazak ku\u0107i prije sumraka. Samostalna magijska protuobrana za Nachtkrappa iz izvora se ne mo\u017ee potvrditi.<\/p>\t\t\t\t\t\t\t\t<\/div>\n\t\t\t\t<\/div>\n\t\t\t\t\t<\/div>\n\t\t\t\t<\/div>\n\t\t<div class=\"elementor-element elementor-element-cp11de5b2 e-flex e-con-boxed e-con e-parent\" data-id=\"cp11de5b2\" data-element_type=\"container\" data-e-type=\"container\">\n\t\t\t\t\t<div class=\"e-con-inner\">\n\t\t\t\t<div class=\"elementor-element elementor-element-cp8d35271 elementor-widget elementor-widget-heading\" data-id=\"cp8d35271\" data-element_type=\"widget\" data-e-type=\"widget\" data-widget_type=\"heading.default\">\n\t\t\t\t\t<h2 class=\"elementor-heading-title elementor-size-default\">Usporedba pla\u0161e\u0107ih ptica i no\u0107nih bi\u0107a<\/h2>\t\t\t\t<\/div>\n\t\t<div class=\"elementor-element elementor-element-cp02f26b8 e-con-full e-flex e-con e-child\" data-id=\"cp02f26b8\" data-element_type=\"container\" data-e-type=\"container\">\n\t\t\t\t<div class=\"elementor-element elementor-element-cp58c4390 elementor-widget elementor-widget-text-editor\" data-id=\"cp58c4390\" data-element_type=\"widget\" data-e-type=\"widget\" data-widget_type=\"text-editor.default\">\n\t\t\t\t\t\t\t\t\t<p>Kao \u010dista figura koja pla\u0161i djecu, Nachtkrapp stoji uz engleski <a href=\"https:\/\/iwell-guard.com\/hr\/boggart\/\">Boggart<\/a>, koji je tako\u0111er kori\u0161ten za opomenu i strah u ku\u0107i i na imanju, no s \u0161irim podru\u010djem djelovanja. Ne\u0161to slabiju paralelu nudi engleski <a href=\"https:\/\/iwell-guard.com\/hr\/black-shuck\/\">Black Shuck<\/a>, no\u0107na, zloslutna \u017eivotinjska pojava koja isto tamu ispunjava prijete\u0107im likom. U skandinavskom jezi\u010dnom prostoru poznato je s nattramn ili nattravn samostalno vjerovanje o no\u0107noj ptici gavranu, koje dodu\u0161e deli istu sliku, ali se predaje odvojeno od ju\u017enonjema\u010dko-austrijske tradicije. Unutar alpskog prostora Nachtkrappu su blizu divlja povorka <a href=\"https:\/\/iwell-guard.com\/hr\/?page_id=150559\">Krampusa<\/a> i bu\u010dna <a href=\"https:\/\/iwell-guard.com\/hr\/?page_id=150561\">Habergeiss<\/a>, druge figure straha i upozorenja iz vremena Rauhn\u00e4chte, iako su te vezane za utvr\u0111ene datume, a ne za svakodnevni sumrak.<\/p>\t\t\t\t\t\t\t\t<\/div>\n\t\t\t\t<\/div>\n\t\t\t\t\t<\/div>\n\t\t\t\t<\/div>\n\t\t<div class=\"elementor-element elementor-element-cp406577c e-flex e-con-boxed e-con e-parent\" data-id=\"cp406577c\" data-element_type=\"container\" data-e-type=\"container\">\n\t\t\t\t\t<div class=\"e-con-inner\">\n\t\t\t\t<div class=\"elementor-element elementor-element-cpdd9c543 elementor-widget elementor-widget-heading\" data-id=\"cpdd9c543\" data-element_type=\"widget\" data-e-type=\"widget\" data-widget_type=\"heading.default\">\n\t\t\t\t\t<h2 class=\"elementor-heading-title elementor-size-default\">\u010cesto postavljana pitanja o Nachtkrappu<\/h2>\t\t\t\t<\/div>\n\t\t<div class=\"elementor-element elementor-element-cp9e731bb e-con-full e-flex e-con e-child\" data-id=\"cp9e731bb\" data-element_type=\"container\" data-e-type=\"container\">\n\t\t\t\t<div class=\"elementor-element elementor-element-cpa7c898c elementor-widget elementor-widget-text-editor\" data-id=\"cpa7c898c\" data-element_type=\"widget\" data-e-type=\"widget\" data-widget_type=\"text-editor.default\">\n\t\t\t\t\t\t\t\t\t<p><strong>Jede li Nachtkrapp stvarno djecu?<\/strong><\/p><p>U stro\u017eim austrijskim ina\u010dicama to mu se pripisuje, u bla\u017eim varijantama, primjerice u Burgenlandu, on samo uljuljkuje neposlu\u0161nu djecu u san. Ta raznolikost pokazuje da se radi o odgojnoj figuri upozorenja \u010dija se strogost razlikovala prema pripovjeda\u010du i regiji.<\/p><p><strong>Odakle dolazi ime Nachtkrapp?<\/strong><\/p><p>Odredbena rije\u010d Krabb potje\u010de od starovisokonjema\u010dke rije\u010di za gavrana i u ju\u017enonjema\u010dkim dijalektima ozna\u010dava vrane op\u0107enito. Podrijetlo samog predajnog lika, me\u0111utim, nije kona\u010dno razja\u0161njeno.<\/p><p><strong>Postoji li stvarna \u017eivotinja iza predaje?<\/strong><\/p><p>Za pokladnu figuru iz Murrhardta kao mogu\u0107 uzor smatra se \u0107ubasti ibis, tamno perjata ptica iz obitelji ibisa s crvenim licem. Za predajni lik u cjelini to se ne mo\u017ee generalizirati, jer se on prije svega hrani no\u0107nim dozivanjem i letenjem velikih ptica.<\/p>\t\t\t\t\t\t\t\t<\/div>\n\t\t\t\t<\/div>\n\t\t\t\t\t<\/div>\n\t\t\t\t<\/div>\n\t\t<div class=\"elementor-element elementor-element-36dd7469 e-flex e-con-boxed e-con e-parent\" data-id=\"36dd7469\" data-element_type=\"container\" data-e-type=\"container\">\n\t\t\t\t\t<div class=\"e-con-inner\">\n\t\t\t\t<div class=\"elementor-element elementor-element-13760ab4 elementor-widget elementor-widget-heading\" data-id=\"13760ab4\" data-element_type=\"widget\" data-e-type=\"widget\" data-widget_type=\"heading.default\">\n\t\t\t\t\t<h2 class=\"elementor-heading-title elementor-size-default\">Daljnje poveznice<\/h2>\t\t\t\t<\/div>\n\t\t<div class=\"elementor-element elementor-element-28c87796 e-con-full e-flex e-con e-child\" data-id=\"28c87796\" data-element_type=\"container\" data-e-type=\"container\">\n\t\t\t\t<div class=\"elementor-element elementor-element-5d6538df elementor-widget elementor-widget-text-editor\" data-id=\"5d6538df\" data-element_type=\"widget\" data-e-type=\"widget\" data-widget_type=\"text-editor.default\">\n\t\t\t\t\t\t\t\t\t<p>Preporu\u010dene interne poveznice:<\/p><ul><li><a href=\"https:\/\/iwell-guard.com\/hr\/?page_id=150597\">Alpski prostor<\/a> \u2013 sva bi\u0107a alpskog svijeta predaje<\/li><li><a href=\"https:\/\/iwell-guard.com\/hr\/?page_id=150559\">Krampus<\/a>, <a href=\"https:\/\/iwell-guard.com\/hr\/?page_id=150561\">Habergeiss<\/a> \u2013 druge figure straha i upozorenja iz vremena Rauhn\u00e4chte<\/li><li><a href=\"https:\/\/iwell-guard.com\/hr\/divlji-covjek\/\">Divlji \u010dovjek<\/a>, <a href=\"https:\/\/iwell-guard.com\/hr\/alp\/\">Alp<\/a> \u2013 srodni alpski likovi predaje<\/li><li><a href=\"https:\/\/iwell-guard.com\/hr\/svijeca-zastite\/\">Za\u0161titna svije\u0107a<\/a>, <a href=\"https:\/\/iwell-guard.com\/hr\/zvona-i-zvoncici-kao-bucna-zastita\/\">Zvona<\/a>, <a href=\"https:\/\/iwell-guard.com\/hr\/zastita-kuce-i-ritual-praga\/\">Za\u0161tita doma<\/a> \u2013 predajni oblici za\u0161tite<\/li><li><a href=\"https:\/\/iwell-guard.com\/hr\/schutz-kompass\/\">Kompas za\u0161tite<\/a> \u2013 pregled za\u0161titnih sredstava<\/li><\/ul>\t\t\t\t\t\t\t\t<\/div>\n\t\t\t\t<\/div>\n\t\t\t\t\t<\/div>\n\t\t\t\t<\/div>\n\t\t<div class=\"elementor-element elementor-element-grl4kl40 e-flex e-con-boxed e-con e-parent\" data-id=\"grl4kl40\" data-element_type=\"container\" data-e-type=\"container\">\n\t\t\t\t\t<div class=\"e-con-inner\">\n\t\t\t\t<div class=\"elementor-element elementor-element-bzsbfrmh elementor-widget elementor-widget-heading\" data-id=\"bzsbfrmh\" data-element_type=\"widget\" data-e-type=\"widget\" data-widget_type=\"heading.default\">\n\t\t\t\t\t<h2 class=\"elementor-heading-title elementor-size-default\">Literatura (izbor)<\/h2>\t\t\t\t<\/div>\n\t\t<div class=\"elementor-element elementor-element-2c13224a e-con-full e-flex e-con e-child\" data-id=\"2c13224a\" data-element_type=\"container\" data-e-type=\"container\">\n\t\t\t\t<div class=\"elementor-element elementor-element-0eymh9ub elementor-widget elementor-widget-text-editor\" data-id=\"0eymh9ub\" data-element_type=\"widget\" data-e-type=\"widget\" data-widget_type=\"text-editor.default\">\n\t\t\t\t\t\t\t\t\t<footer class=\"iwg-literatur\" data-nosnippet=\"true\"><p>Izbor klju\u010dnih izvora i studija:<\/p><ul><li><span data-nosnippet>Grimm, Jacob und Wilhelm: <em>Deutsches W\u00f6rterbuch<\/em>. Leipzig 1854-1961 (natuknica Nachtrabe).<\/span><\/li><li><span data-nosnippet>B\u00e4chtold-St\u00e4ubli, Hanns (Hg.): <em>Handw\u00f6rterbuch des deutschen Aberglaubens<\/em>. Berlin\/Leipzig 1927-1942 (\u010dl. Nachtrabe).<\/span><\/li><li><span data-nosnippet>Vernaleken, Theodor: <em>Alpensagen<\/em>. Wien 1858.<\/span><\/li><li><span data-nosnippet>Ejdestam, Julius: <em>Svenskt folklivslexikon<\/em>. Stockholm 1975.<\/span><\/li><li><span data-nosnippet>Beitl, Richard und Beitl, Klaus: <em>W\u00f6rterbuch der deutschen Volkskunde<\/em>. 3. Auflage, Stuttgart 1974.<\/span><\/li><\/ul><\/footer>\n<p class=\"iwg-bib-more\"><span data-nosnippet>Ostala standardna djela u <a href=\"https:\/\/iwell-guard.com\/hr\/literatura\/\">popisu literature<\/a>.<\/span><\/p>\t\t\t\t\t\t\t\t<\/div>\n\t\t\t\t<\/div>\n\t\t\t\t\t<\/div>\n\t\t\t\t<\/div>\n\t\t<div class=\"elementor-element elementor-element-iwgkw2-add-hulijing e-flex e-con-boxed e-con e-parent\" data-id=\"iwgkw2-add-hulijing\" data-element_type=\"container\" data-e-type=\"container\">\n\t\t\t\t\t<div class=\"e-con-inner\">\n\t\t\t\t<div class=\"elementor-element elementor-element-iwgkw2-add-hulijing-t elementor-widget elementor-widget-text-editor\" data-id=\"iwgkw2-add-hulijing-t\" data-element_type=\"widget\" data-e-type=\"widget\" data-widget_type=\"text-editor.default\">\n\t\t\t\t\t\t\t\t\t<p>Govori li se o predaji Nachtkrapp ili jednostavno o dje\u010djem stra\u0161ilu Nachtkrapp: uvijek se misli na istu pedago\u0161ku figuru upozorenja iz ju\u017enonjema\u010dko-austrijske dje\u010dje folklore, koja je od dozivanja no\u0107ne ptice stvorila djelotvorno pravilo za povratak ku\u0107i prije mraka.<\/p>\t\t\t\t\t\t\t\t<\/div>\n\t\t\t\t\t<\/div>\n\t\t\t\t<\/div>\n\t\t\t\t<\/div>\n\t\t","protected":false},"excerpt":{"rendered":"","protected":false},"author":3,"featured_media":20526,"parent":0,"menu_order":0,"comment_status":"closed","ping_status":"closed","template":"elementor_header_footer","meta":{"_yoast_wpseo_focuskw":"nachtkrapp","_yoast_wpseo_title":"Nachtkrapp \u2013 stra\u0161na ptica alpskih predaja","_yoast_wpseo_metadesc":"Nachtkrapp: no\u0107na stra\u0161na ptica iz ju\u017enonjema\u010dko-austrijske dje\u010dje folklore. Podrijetlo, izgled i predaja u pregledu.","_yoast_wpseo_meta-robots-noindex":"","_yoast_wpseo_canonical":"","_angie_page":false,"gefaehrdungsstufe":"1","wesen_kultur":"alpin","wesen_klasse":"geister","footnotes":""},"categories":[],"class_list":["post-150569","page","type-page","status-publish","has-post-thumbnail","hentry"],"yoast_head":"<!-- This site is optimized with the Yoast SEO Premium plugin v27.7 (Yoast SEO v28.3) - https:\/\/yoast.com\/product\/yoast-seo-premium-wordpress\/ -->\n<title>Nachtkrapp \u2013 stra\u0161na ptica alpskih predaja<\/title>\n<meta name=\"description\" content=\"Nachtkrapp: no\u0107na stra\u0161na ptica iz ju\u017enonjema\u010dko-austrijske dje\u010dje folklore. Podrijetlo, izgled i predaja u pregledu.\" \/>\n<meta name=\"robots\" content=\"index, follow, max-snippet:-1, max-image-preview:large, max-video-preview:-1\" \/>\n<link rel=\"canonical\" href=\"https:\/\/iwell-guard.com\/hr\/nachtkrapp\/\" \/>\n<meta property=\"og:locale\" content=\"hr_HR\" \/>\n<meta property=\"og:type\" content=\"article\" \/>\n<meta property=\"og:title\" content=\"Nachtkrapp\" \/>\n<meta property=\"og:description\" content=\"Nachtkrapp: no\u0107na stra\u0161na ptica iz ju\u017enonjema\u010dko-austrijske dje\u010dje folklore. Podrijetlo, izgled i predaja u pregledu.\" \/>\n<meta property=\"og:url\" content=\"https:\/\/iwell-guard.com\/hr\/nachtkrapp\/\" \/>\n<meta property=\"og:site_name\" content=\"iWell Guard\" \/>\n<meta property=\"article:modified_time\" content=\"2026-09-04T05:51:58+00:00\" \/>\n<meta property=\"og:image\" content=\"https:\/\/iwell-guard.com\/wp-content\/uploads\/2026\/07\/geister_alpin_nachtkrapp.webp\" \/>\n\t<meta property=\"og:image:width\" content=\"1024\" \/>\n\t<meta property=\"og:image:height\" content=\"1536\" \/>\n\t<meta property=\"og:image:type\" content=\"image\/webp\" \/>\n<meta name=\"twitter:card\" content=\"summary_large_image\" \/>\n<script type=\"application\/ld+json\" class=\"yoast-schema-graph\">{\"@context\":\"https:\\\/\\\/schema.org\",\"@graph\":[{\"@type\":\"Article\",\"@id\":\"https:\\\/\\\/iwell-guard.com\\\/hr\\\/nachtkrapp\\\/#article\",\"isPartOf\":{\"@id\":\"https:\\\/\\\/iwell-guard.com\\\/hr\\\/nachtkrapp\\\/\"},\"author\":{\"name\":\"Ralf Ittermann\",\"@id\":\"https:\\\/\\\/iwell-guard.com\\\/hr\\\/#\\\/schema\\\/person\\\/ee2a27f1cac3406c7c6fb5820cb7349f\"},\"headline\":\"Nachtkrapp\",\"datePublished\":\"2026-09-04T05:20:00+00:00\",\"dateModified\":\"2026-09-04T05:51:58+00:00\",\"mainEntityOfPage\":{\"@id\":\"https:\\\/\\\/iwell-guard.com\\\/hr\\\/nachtkrapp\\\/\"},\"publisher\":{\"@id\":\"https:\\\/\\\/iwell-guard.com\\\/hr\\\/#organization\"},\"image\":{\"@id\":\"https:\\\/\\\/iwell-guard.com\\\/hr\\\/nachtkrapp\\\/#primaryimage\"},\"thumbnailUrl\":\"https:\\\/\\\/iwell-guard.com\\\/wp-content\\\/uploads\\\/2026\\\/07\\\/geister_alpin_nachtkrapp.webp\",\"inLanguage\":\"hr\",\"description\":\"Nachtkrapp: no\u0107na stra\u0161na ptica iz ju\u017enonjema\u010dko-austrijske dje\u010dje folklore. Podrijetlo, izgled i predaja u pregledu.\"},{\"@type\":\"WebPage\",\"@id\":\"https:\\\/\\\/iwell-guard.com\\\/hr\\\/nachtkrapp\\\/\",\"url\":\"https:\\\/\\\/iwell-guard.com\\\/hr\\\/nachtkrapp\\\/\",\"name\":\"Nachtkrapp \u2013 stra\u0161na ptica alpskih predaja\",\"isPartOf\":{\"@id\":\"https:\\\/\\\/iwell-guard.com\\\/hr\\\/#website\"},\"primaryImageOfPage\":{\"@id\":\"https:\\\/\\\/iwell-guard.com\\\/hr\\\/nachtkrapp\\\/#primaryimage\"},\"image\":{\"@id\":\"https:\\\/\\\/iwell-guard.com\\\/hr\\\/nachtkrapp\\\/#primaryimage\"},\"thumbnailUrl\":\"https:\\\/\\\/iwell-guard.com\\\/wp-content\\\/uploads\\\/2026\\\/07\\\/geister_alpin_nachtkrapp.webp\",\"datePublished\":\"2026-09-04T05:20:00+00:00\",\"dateModified\":\"2026-09-04T05:51:58+00:00\",\"description\":\"Nachtkrapp: no\u0107na stra\u0161na ptica iz ju\u017enonjema\u010dko-austrijske dje\u010dje folklore. Podrijetlo, izgled i predaja u pregledu.\",\"breadcrumb\":{\"@id\":\"https:\\\/\\\/iwell-guard.com\\\/hr\\\/nachtkrapp\\\/#breadcrumb\"},\"inLanguage\":\"hr\",\"potentialAction\":[{\"@type\":\"ReadAction\",\"target\":[\"https:\\\/\\\/iwell-guard.com\\\/hr\\\/nachtkrapp\\\/\"]}]},{\"@type\":\"ImageObject\",\"inLanguage\":\"hr\",\"@id\":\"https:\\\/\\\/iwell-guard.com\\\/hr\\\/nachtkrapp\\\/#primaryimage\",\"url\":\"https:\\\/\\\/iwell-guard.com\\\/wp-content\\\/uploads\\\/2026\\\/07\\\/geister_alpin_nachtkrapp.webp\",\"contentUrl\":\"https:\\\/\\\/iwell-guard.com\\\/wp-content\\\/uploads\\\/2026\\\/07\\\/geister_alpin_nachtkrapp.webp\",\"width\":1024,\"height\":1536,\"caption\":\"Nachtkrapp \u2013 duh iz alpske tradicije, povijesno-ilustrativno\"},{\"@type\":\"BreadcrumbList\",\"@id\":\"https:\\\/\\\/iwell-guard.com\\\/hr\\\/nachtkrapp\\\/#breadcrumb\",\"itemListElement\":[{\"@type\":\"ListItem\",\"position\":1,\"name\":\"Start\",\"item\":\"https:\\\/\\\/iwell-guard.com\\\/hr\\\/?page_id=149317\"},{\"@type\":\"ListItem\",\"position\":2,\"name\":\"Nachtkrapp\"}]},{\"@type\":\"WebSite\",\"@id\":\"https:\\\/\\\/iwell-guard.com\\\/hr\\\/#website\",\"url\":\"https:\\\/\\\/iwell-guard.com\\\/hr\\\/\",\"name\":\"iWell Guard\",\"description\":\"Schutz vor dunklen Einfl\u00fcssen\",\"publisher\":{\"@id\":\"https:\\\/\\\/iwell-guard.com\\\/hr\\\/#organization\"},\"potentialAction\":[{\"@type\":\"SearchAction\",\"target\":{\"@type\":\"EntryPoint\",\"urlTemplate\":\"https:\\\/\\\/iwell-guard.com\\\/hr\\\/?s={search_term_string}\"},\"query-input\":{\"@type\":\"PropertyValueSpecification\",\"valueRequired\":true,\"valueName\":\"search_term_string\"}}],\"inLanguage\":\"hr\"},{\"@type\":\"Organization\",\"@id\":\"https:\\\/\\\/iwell-guard.com\\\/hr\\\/#organization\",\"name\":\"Ittermann electronic GmbH\",\"url\":\"https:\\\/\\\/iwell-guard.com\\\/hr\\\/\",\"logo\":{\"@type\":\"ImageObject\",\"inLanguage\":\"hr\",\"@id\":\"https:\\\/\\\/iwell-guard.com\\\/hr\\\/#\\\/schema\\\/logo\\\/image\\\/\",\"url\":\"https:\\\/\\\/iwell-guard.com\\\/wp-content\\\/uploads\\\/2026\\\/05\\\/Ittermann-Logo-1182x237-1.png\",\"contentUrl\":\"https:\\\/\\\/iwell-guard.com\\\/wp-content\\\/uploads\\\/2026\\\/05\\\/Ittermann-Logo-1182x237-1.png\",\"width\":1182,\"height\":237,\"caption\":\"Ittermann electronic GmbH\"},\"image\":{\"@id\":\"https:\\\/\\\/iwell-guard.com\\\/hr\\\/#\\\/schema\\\/logo\\\/image\\\/\"},\"sameAs\":[\"https:\\\/\\\/pantip.com\\\/profile\\\/9367242\",\"https:\\\/\\\/micro.blog\\\/iwellguard\",\"https:\\\/\\\/www.diggerslist.com\\\/iwellguard\\\/about\",\"https:\\\/\\\/skitterphoto.com\\\/photographers\\\/2870314\\\/iwell-guard\",\"https:\\\/\\\/iwellguard.wordpress.com\\\/2026\\\/06\\\/06\\\/iwell-guard\\\/\",\"https:\\\/\\\/hub.docker.com\\\/u\\\/iwellguard\",\"https:\\\/\\\/www.pinterest.com\\\/iwellguard\\\/\",\"https:\\\/\\\/bit.ly\\\/m\\\/iwellguard\",\"https:\\\/\\\/entre-vos-mains.alsace.eu\\\/profiles\\\/iwellguard\\\/activity\",\"https:\\\/\\\/gravatar.com\\\/reallybeded8fd34\",\"https:\\\/\\\/naijamatta.com\\\/iwellguard\",\"https:\\\/\\\/www.goodreads.com\\\/iwellguard\",\"https:\\\/\\\/profile.hatena.ne.jp\\\/iwellguard\\\/\",\"https:\\\/\\\/experiment.com\\\/users\\\/iwellguard\",\"https:\\\/\\\/wakelet.com\\\/@iWellGuard82270\",\"https:\\\/\\\/www.chordie.com\\\/forum\\\/profile.php?id=2555664\",\"https:\\\/\\\/www.instapaper.com\\\/p\\\/17757966\",\"https:\\\/\\\/www.mapleprimes.com\\\/users\\\/iwellguard\",\"https:\\\/\\\/businesslistingplus.com\\\/profile\\\/iwell-guard\\\/\",\"https:\\\/\\\/telegra.ph\\\/iWell-Guard-06-06\",\"https:\\\/\\\/pbase.com\\\/iwellguard\\\/iwellguard\",\"https:\\\/\\\/b.hatena.ne.jp\\\/iwellguard\\\/20260607#bookmark-4788405196491818882\",\"https:\\\/\\\/fliphtml5.com\\\/home\\\/iwellguard\",\"https:\\\/\\\/anyflip.com\\\/homepage\\\/cmiwl#About\",\"https:\\\/\\\/transfur.com\\\/Users\\\/iwellguard\",\"http:\\\/\\\/delphi.larsbo.org\\\/user\\\/iwellguard\",\"https:\\\/\\\/jobs.lajobsportal.org\\\/profiles\\\/8380803-iwell-guard\",\"https:\\\/\\\/md.chaosdorf.de\\\/s\\\/jfbe5SBdJD\",\"https:\\\/\\\/www.lingvolive.com\\\/en-us\\\/profile\\\/9ecaeaca-ce11-4e51-9e71-01d55e2bff36\\\/translations\",\"https:\\\/\\\/www.fitday.com\\\/fitness\\\/forums\\\/members\\\/iwellguard.html\",\"https:\\\/\\\/www.mymeetbook.com\\\/iwellguard\",\"https:\\\/\\\/pxhere.com\\\/en\\\/photographer-me\\\/5040798\",\"https:\\\/\\\/disqus.com\\\/by\\\/iwellguard\\\/about\\\/\",\"https:\\\/\\\/pastelink.net\\\/hjwciqwq\",\"https:\\\/\\\/pubhtml5.com\\\/homepage\\\/scjhn\\\/\",\"https:\\\/\\\/www.bitchute.com\\\/channel\\\/2O2eOKzNqujT\",\"https:\\\/\\\/audiomack.com\\\/iwellguard\"]},{\"@type\":\"Person\",\"@id\":\"https:\\\/\\\/iwell-guard.com\\\/hr\\\/#\\\/schema\\\/person\\\/ee2a27f1cac3406c7c6fb5820cb7349f\",\"name\":\"Ralf Ittermann\",\"image\":{\"@type\":\"ImageObject\",\"inLanguage\":\"hr\",\"@id\":\"https:\\\/\\\/secure.gravatar.com\\\/avatar\\\/073c0153e350a5005b68eb752b445fea71f6b24a26da9449ad7e155e6b446c9d?s=96&d=mm&r=g\",\"url\":\"https:\\\/\\\/secure.gravatar.com\\\/avatar\\\/073c0153e350a5005b68eb752b445fea71f6b24a26da9449ad7e155e6b446c9d?s=96&d=mm&r=g\",\"contentUrl\":\"https:\\\/\\\/secure.gravatar.com\\\/avatar\\\/073c0153e350a5005b68eb752b445fea71f6b24a26da9449ad7e155e6b446c9d?s=96&d=mm&r=g\",\"caption\":\"Ralf Ittermann\"},\"givenName\":\"Ralf\",\"familyName\":\"Ittermann\",\"jobTitle\":\"Gesch\u00e4ftsf\u00fchrer und redaktioneller Verantwortlicher\",\"url\":\"https:\\\/\\\/iwell-guard.com\\\/hr\\\/author\\\/claude\\\/\",\"description\":\"Ralf Ittermann ist Gesch\u00e4ftsf\u00fchrer der Ittermann electronic GmbH und redaktioneller Verantwortlicher des iWell-Guard-Lexikons. Er verbindet langj\u00e4hrige Erfahrung in der Pr\u00e4zisionsfertigung mit medialer Praxis und religionsgeschichtlicher Quellenarbeit.\",\"worksFor\":{\"@type\":\"Organization\",\"name\":\"Ittermann electronic GmbH\",\"url\":\"https:\\\/\\\/ittermann.de\\\/\",\"address\":{\"@type\":\"PostalAddress\",\"streetAddress\":\"K\u00f6hlergasse 16-18\",\"postalCode\":\"99842\",\"addressLocality\":\"Ruhla\",\"addressCountry\":\"DE\"}},\"knowsAbout\":[\"Religionsgeschichte\",\"Mythologie\",\"Mediale Praxis\",\"Energetische Diagnostik\",\"Schutzpraxis\",\"Volksglauben\",\"Westliche Esoterik\"]},{\"@type\":\"Article\",\"@id\":\"https:\\\/\\\/iwell-guard.com\\\/hr\\\/nachtkrapp\\\/#article\",\"isPartOf\":{\"@id\":\"https:\\\/\\\/iwell-guard.com\\\/hr\\\/nachtkrapp\\\/\"},\"author\":{\"name\":\"Ralf Ittermann\",\"@id\":\"https:\\\/\\\/iwell-guard.com\\\/hr\\\/#\\\/schema\\\/person\\\/ee2a27f1cac3406c7c6fb5820cb7349f\"},\"headline\":\"Nachtkrapp\",\"datePublished\":\"2026-09-04T05:20:00+00:00\",\"dateModified\":\"2026-09-04T05:51:58+00:00\",\"mainEntityOfPage\":{\"@id\":\"https:\\\/\\\/iwell-guard.com\\\/hr\\\/nachtkrapp\\\/\"},\"publisher\":{\"@id\":\"https:\\\/\\\/iwell-guard.com\\\/hr\\\/#organization\"},\"image\":{\"@id\":\"https:\\\/\\\/iwell-guard.com\\\/hr\\\/nachtkrapp\\\/#primaryimage\"},\"thumbnailUrl\":\"https:\\\/\\\/iwell-guard.com\\\/wp-content\\\/uploads\\\/2026\\\/07\\\/geister_alpin_nachtkrapp.webp\",\"inLanguage\":\"hr\",\"description\":\"Nachtkrapp: no\u0107na stra\u0161na ptica iz ju\u017enonjema\u010dko-austrijske dje\u010dje folklore. Podrijetlo, izgled i predaja u pregledu.\"}]}<\/script>\n<!-- \/ Yoast SEO Premium plugin. -->","yoast_head_json":{"title":"Nachtkrapp \u2013 stra\u0161na ptica alpskih predaja","description":"Nachtkrapp: no\u0107na stra\u0161na ptica iz ju\u017enonjema\u010dko-austrijske dje\u010dje folklore. Podrijetlo, izgled i predaja u pregledu.","robots":{"index":"index","follow":"follow","max-snippet":"max-snippet:-1","max-image-preview":"max-image-preview:large","max-video-preview":"max-video-preview:-1"},"canonical":"https:\/\/iwell-guard.com\/hr\/nachtkrapp\/","og_locale":"hr_HR","og_type":"article","og_title":"Nachtkrapp","og_description":"Nachtkrapp: no\u0107na stra\u0161na ptica iz ju\u017enonjema\u010dko-austrijske dje\u010dje folklore. Podrijetlo, izgled i predaja u pregledu.","og_url":"https:\/\/iwell-guard.com\/hr\/nachtkrapp\/","og_site_name":"iWell Guard","article_modified_time":"2026-09-04T05:51:58+00:00","og_image":[{"width":1024,"height":1536,"url":"https:\/\/iwell-guard.com\/wp-content\/uploads\/2026\/07\/geister_alpin_nachtkrapp.webp","type":"image\/webp"}],"twitter_card":"summary_large_image","schema":{"@context":"https:\/\/schema.org","@graph":[{"@type":"Article","@id":"https:\/\/iwell-guard.com\/hr\/nachtkrapp\/#article","isPartOf":{"@id":"https:\/\/iwell-guard.com\/hr\/nachtkrapp\/"},"author":{"name":"Ralf Ittermann","@id":"https:\/\/iwell-guard.com\/hr\/#\/schema\/person\/ee2a27f1cac3406c7c6fb5820cb7349f"},"headline":"Nachtkrapp","datePublished":"2026-09-04T05:20:00+00:00","dateModified":"2026-09-04T05:51:58+00:00","mainEntityOfPage":{"@id":"https:\/\/iwell-guard.com\/hr\/nachtkrapp\/"},"publisher":{"@id":"https:\/\/iwell-guard.com\/hr\/#organization"},"image":{"@id":"https:\/\/iwell-guard.com\/hr\/nachtkrapp\/#primaryimage"},"thumbnailUrl":"https:\/\/iwell-guard.com\/wp-content\/uploads\/2026\/07\/geister_alpin_nachtkrapp.webp","inLanguage":"hr","description":"Nachtkrapp: no\u0107na stra\u0161na ptica iz ju\u017enonjema\u010dko-austrijske dje\u010dje folklore. Podrijetlo, izgled i predaja u pregledu."},{"@type":"WebPage","@id":"https:\/\/iwell-guard.com\/hr\/nachtkrapp\/","url":"https:\/\/iwell-guard.com\/hr\/nachtkrapp\/","name":"Nachtkrapp \u2013 stra\u0161na ptica alpskih predaja","isPartOf":{"@id":"https:\/\/iwell-guard.com\/hr\/#website"},"primaryImageOfPage":{"@id":"https:\/\/iwell-guard.com\/hr\/nachtkrapp\/#primaryimage"},"image":{"@id":"https:\/\/iwell-guard.com\/hr\/nachtkrapp\/#primaryimage"},"thumbnailUrl":"https:\/\/iwell-guard.com\/wp-content\/uploads\/2026\/07\/geister_alpin_nachtkrapp.webp","datePublished":"2026-09-04T05:20:00+00:00","dateModified":"2026-09-04T05:51:58+00:00","description":"Nachtkrapp: no\u0107na stra\u0161na ptica iz ju\u017enonjema\u010dko-austrijske dje\u010dje folklore. Podrijetlo, izgled i predaja u pregledu.","breadcrumb":{"@id":"https:\/\/iwell-guard.com\/hr\/nachtkrapp\/#breadcrumb"},"inLanguage":"hr","potentialAction":[{"@type":"ReadAction","target":["https:\/\/iwell-guard.com\/hr\/nachtkrapp\/"]}]},{"@type":"ImageObject","inLanguage":"hr","@id":"https:\/\/iwell-guard.com\/hr\/nachtkrapp\/#primaryimage","url":"https:\/\/iwell-guard.com\/wp-content\/uploads\/2026\/07\/geister_alpin_nachtkrapp.webp","contentUrl":"https:\/\/iwell-guard.com\/wp-content\/uploads\/2026\/07\/geister_alpin_nachtkrapp.webp","width":1024,"height":1536,"caption":"Nachtkrapp \u2013 duh iz alpske tradicije, povijesno-ilustrativno"},{"@type":"BreadcrumbList","@id":"https:\/\/iwell-guard.com\/hr\/nachtkrapp\/#breadcrumb","itemListElement":[{"@type":"ListItem","position":1,"name":"Start","item":"https:\/\/iwell-guard.com\/hr\/?page_id=149317"},{"@type":"ListItem","position":2,"name":"Nachtkrapp"}]},{"@type":"WebSite","@id":"https:\/\/iwell-guard.com\/hr\/#website","url":"https:\/\/iwell-guard.com\/hr\/","name":"iWell Guard","description":"Schutz vor dunklen Einfl\u00fcssen","publisher":{"@id":"https:\/\/iwell-guard.com\/hr\/#organization"},"potentialAction":[{"@type":"SearchAction","target":{"@type":"EntryPoint","urlTemplate":"https:\/\/iwell-guard.com\/hr\/?s={search_term_string}"},"query-input":{"@type":"PropertyValueSpecification","valueRequired":true,"valueName":"search_term_string"}}],"inLanguage":"hr"},{"@type":"Organization","@id":"https:\/\/iwell-guard.com\/hr\/#organization","name":"Ittermann electronic GmbH","url":"https:\/\/iwell-guard.com\/hr\/","logo":{"@type":"ImageObject","inLanguage":"hr","@id":"https:\/\/iwell-guard.com\/hr\/#\/schema\/logo\/image\/","url":"https:\/\/iwell-guard.com\/wp-content\/uploads\/2026\/05\/Ittermann-Logo-1182x237-1.png","contentUrl":"https:\/\/iwell-guard.com\/wp-content\/uploads\/2026\/05\/Ittermann-Logo-1182x237-1.png","width":1182,"height":237,"caption":"Ittermann electronic GmbH"},"image":{"@id":"https:\/\/iwell-guard.com\/hr\/#\/schema\/logo\/image\/"},"sameAs":["https:\/\/pantip.com\/profile\/9367242","https:\/\/micro.blog\/iwellguard","https:\/\/www.diggerslist.com\/iwellguard\/about","https:\/\/skitterphoto.com\/photographers\/2870314\/iwell-guard","https:\/\/iwellguard.wordpress.com\/2026\/06\/06\/iwell-guard\/","https:\/\/hub.docker.com\/u\/iwellguard","https:\/\/www.pinterest.com\/iwellguard\/","https:\/\/bit.ly\/m\/iwellguard","https:\/\/entre-vos-mains.alsace.eu\/profiles\/iwellguard\/activity","https:\/\/gravatar.com\/reallybeded8fd34","https:\/\/naijamatta.com\/iwellguard","https:\/\/www.goodreads.com\/iwellguard","https:\/\/profile.hatena.ne.jp\/iwellguard\/","https:\/\/experiment.com\/users\/iwellguard","https:\/\/wakelet.com\/@iWellGuard82270","https:\/\/www.chordie.com\/forum\/profile.php?id=2555664","https:\/\/www.instapaper.com\/p\/17757966","https:\/\/www.mapleprimes.com\/users\/iwellguard","https:\/\/businesslistingplus.com\/profile\/iwell-guard\/","https:\/\/telegra.ph\/iWell-Guard-06-06","https:\/\/pbase.com\/iwellguard\/iwellguard","https:\/\/b.hatena.ne.jp\/iwellguard\/20260607#bookmark-4788405196491818882","https:\/\/fliphtml5.com\/home\/iwellguard","https:\/\/anyflip.com\/homepage\/cmiwl#About","https:\/\/transfur.com\/Users\/iwellguard","http:\/\/delphi.larsbo.org\/user\/iwellguard","https:\/\/jobs.lajobsportal.org\/profiles\/8380803-iwell-guard","https:\/\/md.chaosdorf.de\/s\/jfbe5SBdJD","https:\/\/www.lingvolive.com\/en-us\/profile\/9ecaeaca-ce11-4e51-9e71-01d55e2bff36\/translations","https:\/\/www.fitday.com\/fitness\/forums\/members\/iwellguard.html","https:\/\/www.mymeetbook.com\/iwellguard","https:\/\/pxhere.com\/en\/photographer-me\/5040798","https:\/\/disqus.com\/by\/iwellguard\/about\/","https:\/\/pastelink.net\/hjwciqwq","https:\/\/pubhtml5.com\/homepage\/scjhn\/","https:\/\/www.bitchute.com\/channel\/2O2eOKzNqujT","https:\/\/audiomack.com\/iwellguard"]},{"@type":"Person","@id":"https:\/\/iwell-guard.com\/hr\/#\/schema\/person\/ee2a27f1cac3406c7c6fb5820cb7349f","name":"Ralf Ittermann","image":{"@type":"ImageObject","inLanguage":"hr","@id":"https:\/\/secure.gravatar.com\/avatar\/073c0153e350a5005b68eb752b445fea71f6b24a26da9449ad7e155e6b446c9d?s=96&d=mm&r=g","url":"https:\/\/secure.gravatar.com\/avatar\/073c0153e350a5005b68eb752b445fea71f6b24a26da9449ad7e155e6b446c9d?s=96&d=mm&r=g","contentUrl":"https:\/\/secure.gravatar.com\/avatar\/073c0153e350a5005b68eb752b445fea71f6b24a26da9449ad7e155e6b446c9d?s=96&d=mm&r=g","caption":"Ralf Ittermann"},"givenName":"Ralf","familyName":"Ittermann","jobTitle":"Gesch\u00e4ftsf\u00fchrer und redaktioneller Verantwortlicher","url":"https:\/\/iwell-guard.com\/hr\/author\/claude\/","description":"Ralf Ittermann ist Gesch\u00e4ftsf\u00fchrer der Ittermann electronic GmbH und redaktioneller Verantwortlicher des iWell-Guard-Lexikons. Er verbindet langj\u00e4hrige Erfahrung in der Pr\u00e4zisionsfertigung mit medialer Praxis und religionsgeschichtlicher Quellenarbeit.","worksFor":{"@type":"Organization","name":"Ittermann electronic GmbH","url":"https:\/\/ittermann.de\/","address":{"@type":"PostalAddress","streetAddress":"K\u00f6hlergasse 16-18","postalCode":"99842","addressLocality":"Ruhla","addressCountry":"DE"}},"knowsAbout":["Religionsgeschichte","Mythologie","Mediale Praxis","Energetische Diagnostik","Schutzpraxis","Volksglauben","Westliche Esoterik"]},{"@type":"Article","@id":"https:\/\/iwell-guard.com\/hr\/nachtkrapp\/#article","isPartOf":{"@id":"https:\/\/iwell-guard.com\/hr\/nachtkrapp\/"},"author":{"name":"Ralf Ittermann","@id":"https:\/\/iwell-guard.com\/hr\/#\/schema\/person\/ee2a27f1cac3406c7c6fb5820cb7349f"},"headline":"Nachtkrapp","datePublished":"2026-09-04T05:20:00+00:00","dateModified":"2026-09-04T05:51:58+00:00","mainEntityOfPage":{"@id":"https:\/\/iwell-guard.com\/hr\/nachtkrapp\/"},"publisher":{"@id":"https:\/\/iwell-guard.com\/hr\/#organization"},"image":{"@id":"https:\/\/iwell-guard.com\/hr\/nachtkrapp\/#primaryimage"},"thumbnailUrl":"https:\/\/iwell-guard.com\/wp-content\/uploads\/2026\/07\/geister_alpin_nachtkrapp.webp","inLanguage":"hr","description":"Nachtkrapp: no\u0107na stra\u0161na ptica iz ju\u017enonjema\u010dko-austrijske dje\u010dje folklore. Podrijetlo, izgled i predaja u pregledu."}]}},"_links":{"self":[{"href":"https:\/\/iwell-guard.com\/hr\/wp-json\/wp\/v2\/pages\/150569","targetHints":{"allow":["GET"]}}],"collection":[{"href":"https:\/\/iwell-guard.com\/hr\/wp-json\/wp\/v2\/pages"}],"about":[{"href":"https:\/\/iwell-guard.com\/hr\/wp-json\/wp\/v2\/types\/page"}],"author":[{"embeddable":true,"href":"https:\/\/iwell-guard.com\/hr\/wp-json\/wp\/v2\/users\/3"}],"replies":[{"embeddable":true,"href":"https:\/\/iwell-guard.com\/hr\/wp-json\/wp\/v2\/comments?post=150569"}],"version-history":[{"count":0,"href":"https:\/\/iwell-guard.com\/hr\/wp-json\/wp\/v2\/pages\/150569\/revisions"}],"wp:featuredmedia":[{"embeddable":true,"href":"https:\/\/iwell-guard.com\/hr\/wp-json\/wp\/v2\/media\/20526"}],"wp:attachment":[{"href":"https:\/\/iwell-guard.com\/hr\/wp-json\/wp\/v2\/media?parent=150569"}],"wp:term":[{"taxonomy":"category","embeddable":true,"href":"https:\/\/iwell-guard.com\/hr\/wp-json\/wp\/v2\/categories?post=150569"}],"curies":[{"name":"wp","href":"https:\/\/api.w.org\/{rel}","templated":true}]}}