{"id":150565,"date":"2026-09-04T05:19:58","date_gmt":"2026-09-04T05:19:58","guid":{"rendered":"https:\/\/iwell-guard.com\/?page_id=150565"},"modified":"2026-09-04T05:51:54","modified_gmt":"2026-09-04T05:51:54","slug":"toggeli","status":"publish","type":"page","link":"https:\/\/iwell-guard.com\/hr\/toggeli\/","title":{"rendered":"Toggeli"},"content":{"rendered":"\t\t<div data-elementor-type=\"wp-page\" data-elementor-id=\"150565\" class=\"elementor elementor-150565 elementor-20486\" data-elementor-post-type=\"page\">\n\t\t\t\t<div class=\"elementor-element elementor-element-10fdade e-flex e-con-boxed e-con e-parent\" data-id=\"10fdade\" data-element_type=\"container\" data-e-type=\"container\" data-settings=\"{&quot;background_background&quot;:&quot;classic&quot;}\">\n\t\t\t\t\t<div class=\"e-con-inner\">\n\t\t<div class=\"elementor-element elementor-element-herohlft0 e-flex e-con-boxed e-con e-child\" data-id=\"herohlft0\" data-element_type=\"container\" data-e-type=\"container\">\n\t\t\t\t\t<div class=\"e-con-inner\">\n\t\t<div class=\"elementor-element elementor-element-c3ceb64 e-con-full e-flex e-con e-child\" data-id=\"c3ceb64\" data-element_type=\"container\" data-e-type=\"container\">\n\t\t\t\t<div class=\"elementor-element elementor-element-96ae5e1 elementor-widget elementor-widget-heading\" data-id=\"96ae5e1\" data-element_type=\"widget\" data-e-type=\"widget\" data-widget_type=\"heading.default\">\n\t\t\t\t\t<h1 class=\"elementor-heading-title elementor-size-default\">Toggeli, no\u0107na mora unutarnjo\u0161vicarskih Alpa<\/h1>\t\t\t\t<\/div>\n\t\t\t\t<div class=\"elementor-element elementor-element-e45238a elementor-widget elementor-widget-text-editor\" data-id=\"e45238a\" data-element_type=\"widget\" data-e-type=\"widget\" data-widget_type=\"text-editor.default\">\n\t\t\t\t\t\t\t\t\t<p>Toggeli je <span class=\"iwg-fachbegriff\" data-tooltip=\"Duhovno bi\u0107e kojemu se pripisuje \u0161tetno ili proturje\u010dno djelovanje.\" tabindex=\"0\">demon<\/span> alpske tradicije.<\/p><p><strong>Duh mora koji spava\u010dima oduzima zrak.<\/strong><\/p>\t\t\t\t\t\t\t\t<\/div>\n\t\t\t\t<\/div>\n\t\t<div class=\"elementor-element elementor-element-klsbdg01 e-con-full e-flex e-con e-parent\" data-id=\"klsbdg01\" data-element_type=\"container\" data-e-type=\"container\">\n\t\t\t\t<div class=\"elementor-element elementor-element-klshtm01 elementor-widget elementor-widget-html\" data-id=\"klshtm01\" data-element_type=\"widget\" data-e-type=\"widget\" data-widget_type=\"html.default\">\n\t\t\t\t\t<div class=\"iwg-pill-row\"><span class=\"iwg-klasse-badge\" tabindex=\"0\" data-tooltip=\"Demon: Natprirodno bi\u0107e s uglavnom \u0161tetnim ili dvojakim djelovanjem. Stoji izme\u0111u bogova i ljudi, uzrokuje bolest, isku\u0161enje ili nesre\u0107u, a od njega se \u0161titi zazivanjem, apotropejskim predmetima i ritualima.\">Demon<\/span><a href=\"https:\/\/iwell-guard.com\/hr\/?page_id=150597\" class=\"iwg-kultur-badge\" tabindex=\"0\" data-tooltip=\"Predajni svijet alpskog prostora: Bavarska, Austrija, \u0160vicarska i Ju\u017eni Tirol, od gorskih duhova do likova Rauhn\u00e4chte.\">Alpski prostor<\/a><\/div>\t\t\t\t<\/div>\n\t\t\t\t<\/div>\n\t\t<div class=\"elementor-element elementor-element-3f74855 e-con-full e-flex e-con e-child\" data-id=\"3f74855\" data-element_type=\"container\" data-e-type=\"container\">\n\t\t\t\t<div class=\"elementor-element elementor-element-1c30362 elementor-toc--minimized-on-tablet elementor-widget elementor-widget-table-of-contents\" data-id=\"1c30362\" data-element_type=\"widget\" data-e-type=\"widget\" data-settings=\"{&quot;exclude_headings_by_selector&quot;:[],&quot;no_headings_message&quot;:&quot;Na ovoj stranici nisu prona\\u0111eni naslovi.&quot;,&quot;headings_by_tags&quot;:[&quot;h2&quot;,&quot;h3&quot;],&quot;marker_view&quot;:&quot;bullets&quot;,&quot;icon&quot;:{&quot;value&quot;:&quot;fas fa-circle&quot;,&quot;library&quot;:&quot;fa-solid&quot;,&quot;rendered_tag&quot;:&quot;&lt;svg class=\\&quot;e-font-icon-svg e-fas-circle\\&quot; viewBox=\\&quot;0 0 512 512\\&quot; xmlns=\\&quot;http:\\\/\\\/www.w3.org\\\/2000\\\/svg\\&quot;&gt;&lt;path d=\\&quot;M256 8C119 8 8 119 8 256s111 248 248 248 248-111 248-248S393 8 256 8z\\&quot;&gt;&lt;\\\/path&gt;&lt;\\\/svg&gt;&quot;},&quot;minimize_box&quot;:&quot;yes&quot;,&quot;minimized_on&quot;:&quot;tablet&quot;,&quot;hierarchical_view&quot;:&quot;yes&quot;,&quot;min_height&quot;:{&quot;unit&quot;:&quot;px&quot;,&quot;size&quot;:&quot;&quot;,&quot;sizes&quot;:[]},&quot;min_height_tablet&quot;:{&quot;unit&quot;:&quot;px&quot;,&quot;size&quot;:&quot;&quot;,&quot;sizes&quot;:[]},&quot;min_height_mobile&quot;:{&quot;unit&quot;:&quot;px&quot;,&quot;size&quot;:&quot;&quot;,&quot;sizes&quot;:[]}}\" data-widget_type=\"table-of-contents.default\">\n\t\t\t\t\t\t\t\t\t<div class=\"elementor-toc__header\">\n\t\t\t\t\t\t<h2 class=\"elementor-toc__header-title\">\n\t\t\t\tSadr\u017eaj\t\t\t<\/h2>\n\t\t\t\t\t\t\t\t\t\t<div class=\"elementor-toc__toggle-button elementor-toc__toggle-button--expand\" role=\"button\" tabindex=\"0\" aria-controls=\"elementor-toc__1c30362\" aria-expanded=\"true\" aria-label=\"Open table of contents\"><svg aria-hidden=\"true\" class=\"e-font-icon-svg e-fas-chevron-down\" viewBox=\"0 0 448 512\" xmlns=\"http:\/\/www.w3.org\/2000\/svg\"><path d=\"M207.029 381.476L12.686 187.132c-9.373-9.373-9.373-24.569 0-33.941l22.667-22.667c9.357-9.357 24.522-9.375 33.901-.04L224 284.505l154.745-154.021c9.379-9.335 24.544-9.317 33.901.04l22.667 22.667c9.373 9.373 9.373 24.569 0 33.941L240.971 381.476c-9.373 9.372-24.569 9.372-33.942 0z\"><\/path><\/svg><\/div>\n\t\t\t\t<div class=\"elementor-toc__toggle-button elementor-toc__toggle-button--collapse\" role=\"button\" tabindex=\"0\" aria-controls=\"elementor-toc__1c30362\" aria-expanded=\"true\" aria-label=\"Close table of contents\"><svg aria-hidden=\"true\" class=\"e-font-icon-svg e-fas-chevron-up\" viewBox=\"0 0 448 512\" xmlns=\"http:\/\/www.w3.org\/2000\/svg\"><path d=\"M240.971 130.524l194.343 194.343c9.373 9.373 9.373 24.569 0 33.941l-22.667 22.667c-9.357 9.357-24.522 9.375-33.901.04L224 227.495 69.255 381.516c-9.379 9.335-24.544 9.317-33.901-.04l-22.667-22.667c-9.373-9.373-9.373-24.569 0-33.941L207.03 130.525c9.372-9.373 24.568-9.373 33.941-.001z\"><\/path><\/svg><\/div>\n\t\t\t\t\t<\/div>\n\t\t\t\t<div id=\"elementor-toc__1c30362\" class=\"elementor-toc__body\">\n\t\t\t<div class=\"elementor-toc__spinner-container\">\n\t\t\t\t<svg class=\"elementor-toc__spinner eicon-animation-spin e-font-icon-svg e-eicon-loading\" aria-hidden=\"true\" viewBox=\"0 0 1000 1000\" xmlns=\"http:\/\/www.w3.org\/2000\/svg\"><path d=\"M500 975V858C696 858 858 696 858 500S696 142 500 142 142 304 142 500H25C25 237 238 25 500 25S975 237 975 500 763 975 500 975Z\"><\/path><\/svg>\t\t\t<\/div>\n\t\t<\/div>\n\t\t\t\t\t\t<\/div>\n\t\t\t\t<\/div>\n\t\t\t\t\t<\/div>\n\t\t\t\t<\/div>\n\t\t<div class=\"elementor-element elementor-element-herorght0 e-con-full e-flex e-con e-child\" data-id=\"herorght0\" data-element_type=\"container\" data-e-type=\"container\">\n\t\t\t\t<div class=\"elementor-element elementor-element-heroimg00 iwg-hero-image elementor-widget elementor-widget-image\" data-id=\"heroimg00\" data-element_type=\"widget\" data-e-type=\"widget\" data-widget_type=\"image.default\">\n\t\t\t\t\t\t\t\t\t\t\t\t\t\t\t<img fetchpriority=\"high\" decoding=\"async\" width=\"683\" height=\"1024\" src=\"https:\/\/iwell-guard.com\/wp-content\/uploads\/2026\/07\/daemonen_alpin_toggeli-683x1024.webp\" class=\"attachment-large size-large wp-image-150628\" alt=\"Toggeli \u2013 demoni iz alpske tradicije, povijesno-ilustrativno\" srcset=\"https:\/\/iwell-guard.com\/wp-content\/uploads\/2026\/07\/daemonen_alpin_toggeli-683x1024.webp 683w, https:\/\/iwell-guard.com\/wp-content\/uploads\/2026\/07\/daemonen_alpin_toggeli-200x300.webp 200w, https:\/\/iwell-guard.com\/wp-content\/uploads\/2026\/07\/daemonen_alpin_toggeli-768x1152.webp 768w, https:\/\/iwell-guard.com\/wp-content\/uploads\/2026\/07\/daemonen_alpin_toggeli.webp 1024w\" sizes=\"(max-width: 683px) 100vw, 683px\" \/>\t\t\t\t\t\t\t\t\t\t\t\t\t\t\t<\/div>\n\t\t\t\t<\/div>\n\t\t\t\t\t<\/div>\n\t\t\t\t<\/div>\n\t\t<div class=\"elementor-element elementor-element-32917199 e-flex e-con-boxed e-con e-parent\" data-id=\"32917199\" data-element_type=\"container\" data-e-type=\"container\">\n\t\t\t\t\t<div class=\"e-con-inner\">\n\t\t<div class=\"elementor-element elementor-element-26e916cb e-flex e-con-boxed e-con e-child\" data-id=\"26e916cb\" data-element_type=\"container\" data-e-type=\"container\">\n\t\t\t\t\t<div class=\"e-con-inner\">\n\t\t<div class=\"elementor-element elementor-element-253a40d4 e-flex e-con-boxed e-con e-child\" data-id=\"253a40d4\" data-element_type=\"container\" data-e-type=\"container\">\n\t\t\t\t\t<div class=\"e-con-inner\">\n\t\t\t\t<div class=\"elementor-element elementor-element-1200c304 elementor-widget elementor-widget-heading\" data-id=\"1200c304\" data-element_type=\"widget\" data-e-type=\"widget\" data-widget_type=\"heading.default\">\n\t\t\t\t\t<div class=\"elementor-heading-title elementor-size-default\">Toggeli<\/div>\t\t\t\t<\/div>\n\t\t\t\t<div class=\"elementor-element elementor-element-11758e7f elementor-widget elementor-widget-text-editor\" data-id=\"11758e7f\" data-element_type=\"widget\" data-e-type=\"widget\" data-widget_type=\"text-editor.default\">\n\t\t\t\t\t\t\t\t\t<p>Toggeli je no\u0107ni duh mora unutarnjo\u0161vicarskih Alpa koji sjeda na grudi spavaju\u0107ih ljudi dok im ne zastane dah. U pojedinim krajevima Lucerna zove se i Schr\u00e4ttli, a pripada ra\u0161irenoj obitelji duhova Alpa i no\u0107ne more u njema\u010dkom govornom podru\u010dju.<\/p><p>Srodan op\u0107enitijem bi\u0107u Alp, Toggeli osim toga mu\u010di i stoku u staji te im \u010dupa grive u tzv. \u010dvorove. Njegovo je glavno podru\u010dje \u0161irenja u kantonu Lucern i oko planine Pilatus, s ograncima u druge dijelove sredi\u0161nje \u0160vicarske.<\/p>\t\t\t\t\t\t\t\t<\/div>\n\t\t\t\t\t<\/div>\n\t\t\t\t<\/div>\n\t\t<div class=\"elementor-element elementor-element-159dcf9a e-flex e-con-boxed e-con e-child\" data-id=\"159dcf9a\" data-element_type=\"container\" data-e-type=\"container\">\n\t\t\t\t\t<div class=\"e-con-inner\">\n\t\t\t\t<div class=\"elementor-element elementor-element-48cee66f elementor-widget elementor-widget-heading\" data-id=\"48cee66f\" data-element_type=\"widget\" data-e-type=\"widget\" data-widget_type=\"heading.default\">\n\t\t\t\t\t<div class=\"elementor-heading-title elementor-size-default\">U pregledu: Toggeli<\/div>\t\t\t\t<\/div>\n\t\t\t\t<div class=\"elementor-element elementor-element-3f50d82c elementor-widget elementor-widget-text-editor\" data-id=\"3f50d82c\" data-element_type=\"widget\" data-e-type=\"widget\" data-widget_type=\"text-editor.default\">\n\t\t\t\t\t\t\t\t\t<p><strong>Tip:<\/strong> No\u0107ni duh mora, mu\u010di i stoku u staji<br>Podrijetlo: usmeno predano, folklorno zabilje\u017eeno od 19. stolje\u0107a<br>Tekstovi: zbirke predaja L\u00fctolfa i Rochholza, Schweizerisches Idiotikon<br>Vrijeme: no\u0107u, posebno u spava\u0107im prostorijama i stajama<br>Pojavni oblik: nevidljiv ili sjenovit duh pritiska, u nekim krajevima nazivan i Schr\u00e4ttli<\/p>\t\t\t\t\t\t\t\t<\/div>\n\t\t\t\t\t<\/div>\n\t\t\t\t<\/div>\n\t\t\t\t\t<\/div>\n\t\t\t\t<\/div>\n\t\t\t\t\t<\/div>\n\t\t\t\t<\/div>\n\t\t<div class=\"elementor-element elementor-element-18613602 e-flex e-con-boxed e-con e-parent\" data-id=\"18613602\" data-element_type=\"container\" data-e-type=\"container\">\n\t\t\t\t\t<div class=\"e-con-inner\">\n\t\t\t\t<div class=\"elementor-element elementor-element-262b8a9f elementor-widget elementor-widget-heading\" data-id=\"262b8a9f\" data-element_type=\"widget\" data-e-type=\"widget\" data-widget_type=\"heading.default\">\n\t\t\t\t\t<h2 class=\"elementor-heading-title elementor-size-default\">Povijesni okvir<\/h2>\t\t\t\t<\/div>\n\t\t<div class=\"elementor-element elementor-element-46dcb7d e-con-full e-flex e-con e-child\" data-id=\"46dcb7d\" data-element_type=\"container\" data-e-type=\"container\">\n\t\t<div class=\"elementor-element elementor-element-61d3ab3 e-flex e-con-boxed e-con e-child\" data-id=\"61d3ab3\" data-element_type=\"container\" data-e-type=\"container\">\n\t\t\t\t\t<div class=\"e-con-inner\">\n\t\t\t\t<div class=\"elementor-element elementor-element-117c166 elementor-widget elementor-widget-heading\" data-id=\"117c166\" data-element_type=\"widget\" data-e-type=\"widget\" data-widget_type=\"heading.default\">\n\t\t\t\t\t<h3 class=\"elementor-heading-title elementor-size-default\">Zeitraum der Texte<\/h3>\t\t\t\t<\/div>\n\t\t\t\t<div class=\"elementor-element elementor-element-73997a0 elementor-widget elementor-widget-text-editor\" data-id=\"73997a0\" data-element_type=\"widget\" data-e-type=\"widget\" data-widget_type=\"text-editor.default\">\n\t\t\t\t\t\t\t\t\t<p>Folklorno bilje\u017eenje provedeno je u 19. stolje\u0107u, prije svega od strane Aloisa L\u00fctolfa i Ernsta Ludwiga Rochholza; vjerovanje u Alpa i no\u0107nu moru samo po sebi potvr\u0111eno je u njema\u010dkom govornom podru\u010dju od srednjeg vijeka.<\/p>\t\t\t\t\t\t\t\t<\/div>\n\t\t\t\t\t<\/div>\n\t\t\t\t<\/div>\n\t\t<div class=\"elementor-element elementor-element-d47b156 e-flex e-con-boxed e-con e-child\" data-id=\"d47b156\" data-element_type=\"container\" data-e-type=\"container\">\n\t\t\t\t\t<div class=\"e-con-inner\">\n\t\t\t\t<div class=\"elementor-element elementor-element-ff38c2b elementor-widget elementor-widget-heading\" data-id=\"ff38c2b\" data-element_type=\"widget\" data-e-type=\"widget\" data-widget_type=\"heading.default\">\n\t\t\t\t\t<h3 class=\"elementor-heading-title elementor-size-default\">Verbreitungsraum<\/h3>\t\t\t\t<\/div>\n\t\t\t\t<div class=\"elementor-element elementor-element-4e49fcc elementor-widget elementor-widget-text-editor\" data-id=\"4e49fcc\" data-element_type=\"widget\" data-e-type=\"widget\" data-widget_type=\"text-editor.default\">\n\t\t\t\t\t\t\t\t\t<p>Glavno podru\u010dje \u0161irenja nalazi se u unutarnjoj \u0160vicarskoj, prije svega u kantonu Lucern i oko planine Pilatus, s ograncima u druge dijelove sredi\u0161nje \u0160vicarske.<\/p>\t\t\t\t\t\t\t\t<\/div>\n\t\t\t\t\t<\/div>\n\t\t\t\t<\/div>\n\t\t\t\t<\/div>\n\t\t<div class=\"elementor-element elementor-element-db03c39 e-con-full e-flex e-con e-child\" data-id=\"db03c39\" data-element_type=\"container\" data-e-type=\"container\">\n\t\t<div class=\"elementor-element elementor-element-229a87b e-flex e-con-boxed e-con e-child\" data-id=\"229a87b\" data-element_type=\"container\" data-e-type=\"container\">\n\t\t\t\t\t<div class=\"e-con-inner\">\n\t\t\t\t<div class=\"elementor-element elementor-element-1f471fc elementor-widget elementor-widget-heading\" data-id=\"1f471fc\" data-element_type=\"widget\" data-e-type=\"widget\" data-widget_type=\"heading.default\">\n\t\t\t\t\t<h3 class=\"elementor-heading-title elementor-size-default\">Quellenlage<\/h3>\t\t\t\t<\/div>\n\t\t\t\t<div class=\"elementor-element elementor-element-36b1201 elementor-widget elementor-widget-text-editor\" data-id=\"36b1201\" data-element_type=\"widget\" data-e-type=\"widget\" data-widget_type=\"text-editor.default\">\n\t\t\t\t\t\t\t\t\t<p>Zbirke predaja L\u00fctolfa i Rochholza, kao i Schweizerisches Idiotikon, dokumentiraju taj pojam kao ustaljeni dio unutarnjo\u0161vicarskog rje\u010dnika, uz to i regionalna istra\u017eivanja pripovijedanja.<\/p>\t\t\t\t\t\t\t\t<\/div>\n\t\t\t\t\t<\/div>\n\t\t\t\t<\/div>\n\t\t\t\t<\/div>\n\t\t\t\t\t<\/div>\n\t\t\t\t<\/div>\n\t\t<div class=\"elementor-element elementor-element-3ae0637c e-flex e-con-boxed e-con e-parent\" data-id=\"3ae0637c\" data-element_type=\"container\" data-e-type=\"container\">\n\t\t\t\t\t<div class=\"e-con-inner\">\n\t\t\t\t<div class=\"elementor-element elementor-element-31d07739 elementor-widget elementor-widget-heading\" data-id=\"31d07739\" data-element_type=\"widget\" data-e-type=\"widget\" data-widget_type=\"heading.default\">\n\t\t\t\t\t<h2 class=\"elementor-heading-title elementor-size-default\">Ime i varijante<\/h2>\t\t\t\t<\/div>\n\t\t<div class=\"elementor-element elementor-element-b7642947 e-con-full e-flex e-con e-child\" data-id=\"b7642947\" data-element_type=\"container\" data-e-type=\"container\">\n\t\t\t\t<div class=\"elementor-element elementor-element-a086266 elementor-widget elementor-widget-text-editor\" data-id=\"a086266\" data-element_type=\"widget\" data-e-type=\"widget\" data-widget_type=\"text-editor.default\">\n\t\t\t\t\t\t\t\t\t<p><strong>Naziv:<\/strong> Toggeli, pi\u0161e se i kao Toggel, a u pojedinim krajevima Lucerna naziva se i Schr\u00e4ttli. Schweizerisches Idiotikon bilje\u017ei pojam kao ustaljeni dio unutarnjo\u0161vicarskog rje\u010dnika.<\/p>\t\t\t\t\t\t\t\t<\/div>\n\t\t\t\t<\/div>\n\t\t\t\t\t<\/div>\n\t\t\t\t<\/div>\n\t\t<div class=\"elementor-element elementor-element-709a44a8 e-flex e-con-boxed e-con e-parent\" data-id=\"709a44a8\" data-element_type=\"container\" data-e-type=\"container\">\n\t\t\t\t\t<div class=\"e-con-inner\">\n\t\t\t\t<div class=\"elementor-element elementor-element-2f585873 elementor-widget elementor-widget-heading\" data-id=\"2f585873\" data-element_type=\"widget\" data-e-type=\"widget\" data-widget_type=\"heading.default\">\n\t\t\t\t\t<h2 class=\"elementor-heading-title elementor-size-default\">Izgled<\/h2>\t\t\t\t<\/div>\n\t\t<div class=\"elementor-element elementor-element-70621c12 e-con-full e-flex e-con e-child\" data-id=\"70621c12\" data-element_type=\"container\" data-e-type=\"container\">\n\t\t\t\t<div class=\"elementor-element elementor-element-4296eb49 elementor-widget elementor-widget-text-editor\" data-id=\"4296eb49\" data-element_type=\"widget\" data-e-type=\"widget\" data-widget_type=\"text-editor.default\">\n\t\t\t\t\t\t\t\t\t<p><strong>Pojavni oblik<\/strong><\/p><p>Za razliku od mnogih drugih predajnih bi\u0107a, Toggeli u predaji nema gotovo nikakav \u010dvrst vanjski oblik; djeluje uglavnom nevidljivo ili tek sjenovito u tami. Vidljivi tragovi njegova djelovanja su, naprotiv, precizno opisani: zapletene, u \u010dvorove uvijene konjske grive, tzv. \u010dvorovi ili pletenice Alpa.<\/p><p><strong>Djelovanje<\/strong><\/p><p>Toggeli pohodi ljude u snu i sjeda im na grudi dok im ne zastane dah. U staji mu\u010di \u017eivotinje i zaple\u0107e im grive. Pogo\u0111eni su govorili o osje\u0107aju oduzetosti koji se mo\u017ee povezati s danas medicinski poznatom paralizom u snu, iako sama predaja ne poznaje to tuma\u010denje.<\/p>\t\t\t\t\t\t\t\t<\/div>\n\t\t\t\t<\/div>\n\t\t\t\t\t<\/div>\n\t\t\t\t<\/div>\n\t\t<div class=\"elementor-element elementor-element-44e71476 e-flex e-con-boxed e-con e-parent\" data-id=\"44e71476\" data-element_type=\"container\" data-e-type=\"container\">\n\t\t\t\t\t<div class=\"e-con-inner\">\n\t\t\t\t<div class=\"elementor-element elementor-element-3c1fc3f0 elementor-widget elementor-widget-heading\" data-id=\"3c1fc3f0\" data-element_type=\"widget\" data-e-type=\"widget\" data-widget_type=\"heading.default\">\n\t\t\t\t\t<h2 class=\"elementor-heading-title elementor-size-default\">Profil: Toggeli<\/h2>\t\t\t\t<\/div>\n\t\t<div class=\"elementor-element elementor-element-84f33b8e e-con-full e-flex e-con e-child\" data-id=\"84f33b8e\" data-element_type=\"container\" data-e-type=\"container\">\n\t\t\t\t<div class=\"elementor-element elementor-element-hqkdc67p elementor-widget elementor-widget-text-editor\" data-id=\"hqkdc67p\" data-element_type=\"widget\" data-e-type=\"widget\" data-widget_type=\"text-editor.default\">\n\t\t\t\t\t\t\t\t\t<p>Najva\u017eniji aspekti duha mora na jedan pogled.<\/p>\t\t\t\t\t\t\t\t<\/div>\n\t\t\t\t<\/div>\n\t\t<div class=\"elementor-element elementor-element-pemmx7c5 e-con-full e-flex e-con e-child\" data-id=\"pemmx7c5\" data-element_type=\"container\" data-e-type=\"container\">\n\t\t<div class=\"elementor-element elementor-element-pemmx7c1 e-con-full e-flex e-con e-child\" data-id=\"pemmx7c1\" data-element_type=\"container\" data-e-type=\"container\">\n\t\t<div class=\"elementor-element elementor-element-qh9oavvu iwg-steckbrief-card e-flex e-con-boxed e-con e-child\" data-id=\"qh9oavvu\" data-element_type=\"container\" data-e-type=\"container\">\n\t\t\t\t\t<div class=\"e-con-inner\">\n\t\t\t\t<div class=\"elementor-element elementor-element-awzx8k2k elementor-widget elementor-widget-heading\" data-id=\"awzx8k2k\" data-element_type=\"widget\" data-e-type=\"widget\" data-widget_type=\"heading.default\">\n\t\t\t\t\t<div class=\"elementor-heading-title elementor-size-default\">Kulturni kontekst<\/div>\t\t\t\t<\/div>\n\t\t\t\t<div class=\"elementor-element elementor-element-x6rowhv0 elementor-widget elementor-widget-text-editor\" data-id=\"x6rowhv0\" data-element_type=\"widget\" data-e-type=\"widget\" data-widget_type=\"text-editor.default\">\n\t\t\t\t\t\t\t\t\t<p>Unutarnjo\u0161vicarski oblik ra\u0161irene obitelji duhova Alpa i no\u0107ne more, zabilje\u017een od 19. stolje\u0107a od strane L\u00fctolfa i Rochholza.<\/p>\t\t\t\t\t\t\t\t<\/div>\n\t\t\t\t\t<\/div>\n\t\t\t\t<\/div>\n\t\t<div class=\"elementor-element elementor-element-8e3o4kxs iwg-steckbrief-card e-flex e-con-boxed e-con e-child\" data-id=\"8e3o4kxs\" data-element_type=\"container\" data-e-type=\"container\">\n\t\t\t\t\t<div class=\"e-con-inner\">\n\t\t\t\t<div class=\"elementor-element elementor-element-08rkdgov elementor-widget elementor-widget-heading\" data-id=\"08rkdgov\" data-element_type=\"widget\" data-e-type=\"widget\" data-widget_type=\"heading.default\">\n\t\t\t\t\t<div class=\"elementor-heading-title elementor-size-default\">Odnosi se na<\/div>\t\t\t\t<\/div>\n\t\t\t\t<div class=\"elementor-element elementor-element-uwjelx8s elementor-widget elementor-widget-text-editor\" data-id=\"uwjelx8s\" data-element_type=\"widget\" data-e-type=\"widget\" data-widget_type=\"text-editor.default\">\n\t\t\t\t\t\t\t\t\t<p>Ljudi u snu, kojima oduzima dah, i stoka u staji, kojoj zaple\u0107e grive.<\/p>\t\t\t\t\t\t\t\t<\/div>\n\t\t\t\t\t<\/div>\n\t\t\t\t<\/div>\n\t\t<div class=\"elementor-element elementor-element-jm2n74ec iwg-steckbrief-card e-flex e-con-boxed e-con e-child\" data-id=\"jm2n74ec\" data-element_type=\"container\" data-e-type=\"container\">\n\t\t\t\t\t<div class=\"e-con-inner\">\n\t\t\t\t<div class=\"elementor-element elementor-element-8vufse4c elementor-widget elementor-widget-heading\" data-id=\"8vufse4c\" data-element_type=\"widget\" data-e-type=\"widget\" data-widget_type=\"heading.default\">\n\t\t\t\t\t<div class=\"elementor-heading-title elementor-size-default\">Prikaz<\/div>\t\t\t\t<\/div>\n\t\t\t\t<div class=\"elementor-element elementor-element-mwb9u015 elementor-widget elementor-widget-text-editor\" data-id=\"mwb9u015\" data-element_type=\"widget\" data-e-type=\"widget\" data-widget_type=\"text-editor.default\">\n\t\t\t\t\t\t\t\t\t<p>Nevidljiv ili sjenovit, bez \u010dvrstog vanjskog oblika; prepoznatljiv samo po tragovima svojeg djelovanja, kao \u0161to su zapletene grive.<\/p>\t\t\t\t\t\t\t\t<\/div>\n\t\t\t\t\t<\/div>\n\t\t\t\t<\/div>\n\t\t\t\t<\/div>\n\t\t<div class=\"elementor-element elementor-element-pemmx7c2 e-con-full e-flex e-con e-child\" data-id=\"pemmx7c2\" data-element_type=\"container\" data-e-type=\"container\">\n\t\t<div class=\"elementor-element elementor-element-37ss2yr6 iwg-steckbrief-card e-flex e-con-boxed e-con e-child\" data-id=\"37ss2yr6\" data-element_type=\"container\" data-e-type=\"container\">\n\t\t\t\t\t<div class=\"e-con-inner\">\n\t\t\t\t<div class=\"elementor-element elementor-element-3v0wp3wx elementor-widget elementor-widget-heading\" data-id=\"3v0wp3wx\" data-element_type=\"widget\" data-e-type=\"widget\" data-widget_type=\"heading.default\">\n\t\t\t\t\t<div class=\"elementor-heading-title elementor-size-default\">Djelokrug<\/div>\t\t\t\t<\/div>\n\t\t\t\t<div class=\"elementor-element elementor-element-w3247g2m elementor-widget elementor-widget-text-editor\" data-id=\"w3247g2m\" data-element_type=\"widget\" data-e-type=\"widget\" data-widget_type=\"text-editor.default\">\n\t\t\t\t\t\t\t\t\t<p>No\u0107ni pritisak na ljude i mu\u010denje stoke u staji, oboje izraz iste predod\u017ebe o duhu pritiska.<\/p>\t\t\t\t\t\t\t\t<\/div>\n\t\t\t\t\t<\/div>\n\t\t\t\t<\/div>\n\t\t<div class=\"elementor-element elementor-element-0qpjal9w iwg-steckbrief-card e-flex e-con-boxed e-con e-child\" data-id=\"0qpjal9w\" data-element_type=\"container\" data-e-type=\"container\">\n\t\t\t\t\t<div class=\"e-con-inner\">\n\t\t\t\t<div class=\"elementor-element elementor-element-6ndoih0o elementor-widget elementor-widget-heading\" data-id=\"6ndoih0o\" data-element_type=\"widget\" data-e-type=\"widget\" data-widget_type=\"heading.default\">\n\t\t\t\t\t<div class=\"elementor-heading-title elementor-size-default\">Obrambeni oblici<\/div>\t\t\t\t<\/div>\n\t\t\t\t<div class=\"elementor-element elementor-element-6684tyh9 elementor-widget elementor-widget-text-editor\" data-id=\"6684tyh9\" data-element_type=\"widget\" data-e-type=\"widget\" data-widget_type=\"text-editor.default\">\n\t\t\t\t\t\t\t\t\t<p>Obrnuto postavljene cipele ispred kreveta, no\u017e s otvorenom o\u0161tricom te kosa nagnuta na vrata staje s nao\u0161trenom stranom prema gore.<\/p>\t\t\t\t\t\t\t\t<\/div>\n\t\t\t\t\t<\/div>\n\t\t\t\t<\/div>\n\t\t<div class=\"elementor-element elementor-element-3lfi7x32 iwg-steckbrief-card e-flex e-con-boxed e-con e-child\" data-id=\"3lfi7x32\" data-element_type=\"container\" data-e-type=\"container\">\n\t\t\t\t\t<div class=\"e-con-inner\">\n\t\t\t\t<div class=\"elementor-element elementor-element-0kg99ga1 elementor-widget elementor-widget-heading\" data-id=\"0kg99ga1\" data-element_type=\"widget\" data-e-type=\"widget\" data-widget_type=\"heading.default\">\n\t\t\t\t\t<div class=\"elementor-heading-title elementor-size-default\">Razgrani\u010denje<\/div>\t\t\t\t<\/div>\n\t\t\t\t<div class=\"elementor-element elementor-element-n0fum6kp elementor-widget elementor-widget-text-editor\" data-id=\"n0fum6kp\" data-element_type=\"widget\" data-e-type=\"widget\" data-widget_type=\"text-editor.default\">\n\t\t\t\t\t\t\t\t\t<p>Srodan op\u0107enitijem bi\u0107u <a href=\"https:\/\/iwell-guard.com\/hr\/alp\/\">Alp<\/a>, od kojeg se razlikuje kao regionalno u unutarnjoj \u0160vicarskoj ukorijenjen zasebni oblik.<\/p>\t\t\t\t\t\t\t\t<\/div>\n\t\t\t\t\t<\/div>\n\t\t\t\t<\/div>\n\t\t\t\t<\/div>\n\t\t\t\t<\/div>\n\t\t\t\t\t<\/div>\n\t\t\t\t<\/div>\n\t\t<div class=\"elementor-element elementor-element-7533bc7a e-flex e-con-boxed e-con e-parent\" data-id=\"7533bc7a\" data-element_type=\"container\" data-e-type=\"container\">\n\t\t\t\t\t<div class=\"e-con-inner\">\n\t\t\t\t<div class=\"elementor-element elementor-element-2447d18d elementor-widget elementor-widget-heading\" data-id=\"2447d18d\" data-element_type=\"widget\" data-e-type=\"widget\" data-widget_type=\"heading.default\">\n\t\t\t\t\t<h2 class=\"elementor-heading-title elementor-size-default\">Od zbirke predaja do unutarnjo\u0161vicarskog lika no\u0107ne more<\/h2>\t\t\t\t<\/div>\n\t\t<div class=\"elementor-element elementor-element-d5d0260c e-con-full e-flex e-con e-child\" data-id=\"d5d0260c\" data-element_type=\"container\" data-e-type=\"container\">\n\t\t\t\t<div class=\"elementor-element elementor-element-341be2ac elementor-widget elementor-widget-text-editor\" data-id=\"341be2ac\" data-element_type=\"widget\" data-e-type=\"widget\" data-widget_type=\"text-editor.default\">\n\t\t\t\t\t\t\t\t\t<p>Toggeli, pi\u0161e se i kao Toggel, a u pojedinim krajevima Lucerna naziva se i Schr\u00e4ttli, pripada ra\u0161irenoj obitelji duhova Alpa i no\u0107ne more u njema\u010dkom govornom podru\u010dju. Folklorno bilje\u017eenje provedeno je u 19. stolje\u0107u, prije svega od strane Aloisa L\u00fctolfa, koji je sakupljao predaje iz Lucerna, Uria, Schwyza, Unterwaldena i Zuga, i Ernsta Ludwiga Rochholza, \u010dije Schweizersagen iz Aargaua dokumentiraju srodne likove no\u0107ne more.<\/p><p>U pripovijedanim ina\u010dicama Toggeli se naj\u010de\u0161\u0107e javlja kao agresivan i zlo\u0107udan duh \u010dije podrijetlo ostaje nepoznato; ponegdje se povezuje s op\u010dinjenim ili pokojnim ljudima, bez da se ustalila jedinstvena pri\u010da o podrijetlu. Kasno, tek u 19. stolje\u0107u zapo\u010deto pismeno bilje\u017eenje ne zna\u010di da je samo vjerovanje mlado: vjerovanje u Alpa i no\u0107nu moru potvr\u0111eno je u cijelom njema\u010dkom govornom podru\u010dju od srednjeg vijeka.<\/p>\t\t\t\t\t\t\t\t<\/div>\n\t\t\t\t<\/div>\n\t\t\t\t\t<\/div>\n\t\t\t\t<\/div>\n\t\t<div class=\"elementor-element elementor-element-5a584676 e-flex e-con-boxed e-con e-parent\" data-id=\"5a584676\" data-element_type=\"container\" data-e-type=\"container\">\n\t\t\t\t\t<div class=\"e-con-inner\">\n\t\t\t\t<div class=\"elementor-element elementor-element-6d0757bf elementor-widget elementor-widget-heading\" data-id=\"6d0757bf\" data-element_type=\"widget\" data-e-type=\"widget\" data-widget_type=\"heading.default\">\n\t\t\t\t\t<h2 class=\"elementor-heading-title elementor-size-default\">Recepcija i klasifikacija<\/h2>\t\t\t\t<\/div>\n\t\t<div class=\"elementor-element elementor-element-60563f68 e-con-full e-flex e-con e-child\" data-id=\"60563f68\" data-element_type=\"container\" data-e-type=\"container\">\n\t\t\t\t<div class=\"elementor-element elementor-element-5a93fdd6 elementor-widget elementor-widget-text-editor\" data-id=\"5a93fdd6\" data-element_type=\"widget\" data-e-type=\"widget\" data-widget_type=\"text-editor.default\">\n\t\t\t\t\t\t\t\t\t<p>Toggeli je danas poznat prije svega regionalno, a predstavljen je, me\u0111u ostalim, u serijalu Mysteri\u00f6se Schweiz \u0161vicarske televizije kao primjer unutarnjo\u0161vicarskih predaja o no\u0107noj mori. U zakladi M\u00e4rchenstiftung Schweiz zabilje\u017eeno je vi\u0161e ina\u010dica, me\u0111u njima i pripovijesti pod naslovom Mittel gegen das Toggeli. Izvan unutarnje \u0160vicarske ovaj lik ostao je relativno malo poznat.<\/p><p>Religijskopovijesno se Toggeli mo\u017ee shvatiti kao pu\u010dko tuma\u010denje paralize u snu i op\u0107enitih no\u0107nih osje\u0107aja gu\u0161enja. Bitno je razgrani\u010denje: Toggeli se smatra zasebnim, regionalno u unutarnjoj \u0160vicarskoj ukorijenjenim oblikom s vlastitim imenom i vlastitim pripovjednim pojedinostima, i nije jednostavno istovjetan s op\u0107enitijim bi\u0107em Alp, \u010dak i ako oba \u010dine istu osnovnu obitelj duhova no\u0107ne more i dijele isto klju\u010dno djelovanje, sjedenje na grudima spava\u010da. Isto tako, treba ga razlikovati od bavarsko-austrijske Drude, samostalnog lika iz iste \u0161ire tradicije no\u0107ne more.<\/p>\t\t\t\t\t\t\t\t<\/div>\n\t\t\t\t<\/div>\n\t\t\t\t\t<\/div>\n\t\t\t\t<\/div>\n\t\t<div class=\"elementor-element elementor-element-cp9a031aa e-flex e-con-boxed e-con e-parent\" data-id=\"cp9a031aa\" data-element_type=\"container\" data-e-type=\"container\">\n\t\t\t\t\t<div class=\"e-con-inner\">\n\t\t\t\t<div class=\"elementor-element elementor-element-cp9193514 elementor-widget elementor-widget-heading\" data-id=\"cp9193514\" data-element_type=\"widget\" data-e-type=\"widget\" data-widget_type=\"heading.default\">\n\t\t\t\t\t<h2 class=\"elementor-heading-title elementor-size-default\">Nao\u0161trena o\u0161trica kao princip za\u0161tite<\/h2>\t\t\t\t<\/div>\n\t\t<div class=\"elementor-element elementor-element-cp02ca0ee e-con-full e-flex e-con e-child\" data-id=\"cp02ca0ee\" data-element_type=\"container\" data-e-type=\"container\">\n\t\t\t\t<div class=\"elementor-element elementor-element-cp444e0f1 elementor-widget elementor-widget-text-editor\" data-id=\"cp444e0f1\" data-element_type=\"widget\" data-e-type=\"widget\" data-widget_type=\"text-editor.default\">\n\t\t\t\t\t\t\t\t\t<p>Protiv Toggelija predaja je poznavala nekoliko konkretnih protumjera. Obrnuto postavljene cipele ispred kreveta trebale su zbuniti duha, tako da ne prona\u0111e put do spava\u010da. No\u017e s otvorenom o\u0161tricom, utisnut u zid ili u krevet, smatrao se djelotvornim za\u0161titnim sredstvom, jednako kao i kosa naslonjena na vrata staje s dengelom, nao\u0161trenom stranom, prema gore. Ova sredstva ujedinjuje princip o\u0161tre o\u0161trice koja je nevidljivom uljezu trebala zaprije\u010diti pristup.<\/p>\t\t\t\t\t\t\t\t<\/div>\n\t\t\t\t<\/div>\n\t\t\t\t\t<\/div>\n\t\t\t\t<\/div>\n\t\t<div class=\"elementor-element elementor-element-cp11de5b2 e-flex e-con-boxed e-con e-parent\" data-id=\"cp11de5b2\" data-element_type=\"container\" data-e-type=\"container\">\n\t\t\t\t\t<div class=\"e-con-inner\">\n\t\t\t\t<div class=\"elementor-element elementor-element-cp8d35271 elementor-widget elementor-widget-heading\" data-id=\"cp8d35271\" data-element_type=\"widget\" data-e-type=\"widget\" data-widget_type=\"heading.default\">\n\t\t\t\t\t<h2 class=\"elementor-heading-title elementor-size-default\">Alp, Drud i Pesanta: srodni duhovi pritiska<\/h2>\t\t\t\t<\/div>\n\t\t<div class=\"elementor-element elementor-element-cp02f26b8 e-con-full e-flex e-con e-child\" data-id=\"cp02f26b8\" data-element_type=\"container\" data-e-type=\"container\">\n\t\t\t\t<div class=\"elementor-element elementor-element-cp58c4390 elementor-widget elementor-widget-text-editor\" data-id=\"cp58c4390\" data-element_type=\"widget\" data-e-type=\"widget\" data-widget_type=\"text-editor.default\">\n\t\t\t\t\t\t\t\t\t<p>Bliska usporedba nalazi se u katalonskom <a href=\"https:\/\/iwell-guard.com\/hr\/pesanta\/\">Pesanti<\/a> (Pesanta), ogromnom crnom psu koji se tako\u0111er postavlja na grudi usnulih osoba i oduzima im dah. Dok Pesanta kao crni pas ima \u010dvrsti \u017eivotinjski oblik, Toggeli u ve\u0107ini unutra\u0161njo\u0161vicarskih verzija ostaje svjesno neodre\u0111en. Unutar njema\u010dkogovorne obitelji no\u0107nih stra\u0161ila, Toggeli se osim toga razlikuje od op\u0107enitijeg <a href=\"https:\/\/iwell-guard.com\/hr\/alp\/\">Alpa<\/a> i od <a href=\"https:\/\/iwell-guard.com\/hr\/?page_id=150564\">Druda<\/a>: sva tri lika dijele sredi\u0161nji u\u010dinak no\u0107nog pritiska na grudima, ali svaki ostaje samostalna, regionalno obilje\u017eena ina\u010dica s vlastitim imenom.<\/p>\t\t\t\t\t\t\t\t<\/div>\n\t\t\t\t<\/div>\n\t\t\t\t\t<\/div>\n\t\t\t\t<\/div>\n\t\t<div class=\"elementor-element elementor-element-cp406577c e-flex e-con-boxed e-con e-parent\" data-id=\"cp406577c\" data-element_type=\"container\" data-e-type=\"container\">\n\t\t\t\t\t<div class=\"e-con-inner\">\n\t\t\t\t<div class=\"elementor-element elementor-element-cpdd9c543 elementor-widget elementor-widget-heading\" data-id=\"cpdd9c543\" data-element_type=\"widget\" data-e-type=\"widget\" data-widget_type=\"heading.default\">\n\t\t\t\t\t<h2 class=\"elementor-heading-title elementor-size-default\">\u010cesto postavljana pitanja o Toggeliju<\/h2>\t\t\t\t<\/div>\n\t\t<div class=\"elementor-element elementor-element-cp9e731bb e-con-full e-flex e-con e-child\" data-id=\"cp9e731bb\" data-element_type=\"container\" data-e-type=\"container\">\n\t\t\t\t<div class=\"elementor-element elementor-element-cpa7c898c elementor-widget elementor-widget-text-editor\" data-id=\"cpa7c898c\" data-element_type=\"widget\" data-e-type=\"widget\" data-widget_type=\"text-editor.default\">\n\t\t\t\t\t\t\t\t\t<p><strong>Je li Toggeli isto \u0161to i Alp?<\/strong><\/p><p>Oba pripadaju istoj temeljnoj obitelji no\u0107nih duhova i dijele sredi\u0161nji u\u010dinak, sjedenje na grudima usnulih osoba. Toggeli se, me\u0111utim, smatra regionalnom, prije svega u unutra\u0161njoj \u0160vicarskoj ukorijenjenom ina\u010dicom s vlastitim imenom i vlastitim pripovjednim pojedinostima.<\/p><p><strong>\u0160to po predaji poma\u017ee protiv Toggelija?<\/strong><\/p><p>Uobi\u010dajeno je bilo postavljanje obrnutih cipela ispred kreveta, no\u017e s otvorenom o\u0161tricom te kosa naslonjena na vrata staje s nao\u0161trenom stranom okrenutom prema gore. Svim tim sredstvima zajedni\u010dka je o\u0161tra rub, koja je duhu trebala prije\u010diti pristup.<\/p><p><strong>Za\u0161to Toggeli navodno zaple\u0107e konjske grive?<\/strong><\/p><p>Zamr\u0161ene grive prona\u0111ene ujutro smatrale su se vidljivim dokazom no\u0107nog posjeta Toggelija u staji. Obja\u0161njenje je nejasnu, svakodnevnu neugodnost pripisivalo poznatom uzroku.<\/p>\t\t\t\t\t\t\t\t<\/div>\n\t\t\t\t<\/div>\n\t\t\t\t\t<\/div>\n\t\t\t\t<\/div>\n\t\t<div class=\"elementor-element elementor-element-36dd7469 e-flex e-con-boxed e-con e-parent\" data-id=\"36dd7469\" data-element_type=\"container\" data-e-type=\"container\">\n\t\t\t\t\t<div class=\"e-con-inner\">\n\t\t\t\t<div class=\"elementor-element elementor-element-13760ab4 elementor-widget elementor-widget-heading\" data-id=\"13760ab4\" data-element_type=\"widget\" data-e-type=\"widget\" data-widget_type=\"heading.default\">\n\t\t\t\t\t<h2 class=\"elementor-heading-title elementor-size-default\">Daljnje poveznice<\/h2>\t\t\t\t<\/div>\n\t\t<div class=\"elementor-element elementor-element-28c87796 e-con-full e-flex e-con e-child\" data-id=\"28c87796\" data-element_type=\"container\" data-e-type=\"container\">\n\t\t\t\t<div class=\"elementor-element elementor-element-5d6538df elementor-widget elementor-widget-text-editor\" data-id=\"5d6538df\" data-element_type=\"widget\" data-e-type=\"widget\" data-widget_type=\"text-editor.default\">\n\t\t\t\t\t\t\t\t\t<p>Preporu\u010dene interne poveznice:<\/p><ul><li><a href=\"https:\/\/iwell-guard.com\/hr\/?page_id=150597\">Alpski prostor<\/a> \u2013 sva bi\u0107a alpske pripovjedne tradicije<\/li><li><a href=\"https:\/\/iwell-guard.com\/hr\/alp\/\">Alp<\/a>, <a href=\"https:\/\/iwell-guard.com\/hr\/?page_id=150564\">Drud<\/a> \u2013 srodni no\u0107ni duhovi za razgrani\u010denje<\/li><li><a href=\"https:\/\/iwell-guard.com\/hr\/?page_id=150569\">Nachtkrapp<\/a>, <a href=\"https:\/\/iwell-guard.com\/hr\/?page_id=150566\">Butz<\/a> \u2013 druga no\u0107na predajna bi\u0107a regije<\/li><li><a href=\"https:\/\/iwell-guard.com\/hr\/zeljezo-i-hladno-zeljezo\/\">\u017deljezo<\/a>, <a href=\"https:\/\/iwell-guard.com\/hr\/zastita-kuce-i-ritual-praga\/\">Za\u0161tita doma<\/a> \u2013 predajna za\u0161titna sredstva<\/li><li><a href=\"https:\/\/iwell-guard.com\/hr\/schutz-kompass\/\">Kompas za\u0161tite<\/a> \u2013 pregled za\u0161titnih sredstava<\/li><\/ul>\t\t\t\t\t\t\t\t<\/div>\n\t\t\t\t<\/div>\n\t\t\t\t\t<\/div>\n\t\t\t\t<\/div>\n\t\t<div class=\"elementor-element elementor-element-grl4kl40 e-flex e-con-boxed e-con e-parent\" data-id=\"grl4kl40\" data-element_type=\"container\" data-e-type=\"container\">\n\t\t\t\t\t<div class=\"e-con-inner\">\n\t\t\t\t<div class=\"elementor-element elementor-element-bzsbfrmh elementor-widget elementor-widget-heading\" data-id=\"bzsbfrmh\" data-element_type=\"widget\" data-e-type=\"widget\" data-widget_type=\"heading.default\">\n\t\t\t\t\t<h2 class=\"elementor-heading-title elementor-size-default\">Literatura (izbor)<\/h2>\t\t\t\t<\/div>\n\t\t<div class=\"elementor-element elementor-element-2c13224a e-con-full e-flex e-con e-child\" data-id=\"2c13224a\" data-element_type=\"container\" data-e-type=\"container\">\n\t\t\t\t<div class=\"elementor-element elementor-element-0eymh9ub elementor-widget elementor-widget-text-editor\" data-id=\"0eymh9ub\" data-element_type=\"widget\" data-e-type=\"widget\" data-widget_type=\"text-editor.default\">\n\t\t\t\t\t\t\t\t\t<footer class=\"iwg-literatur\" data-nosnippet=\"true\"><p>Izbor klju\u010dnih izvora i studija:<\/p><ul><li><span data-nosnippet>L\u00fctolf, Alois: <em>Sagen, Br\u00e4uche, Legenden aus den f\u00fcnf Orten Luzern, Uri, Schwyz, Unterwalden und Zug<\/em>. Luzern 1862.<\/span><\/li><li><span data-nosnippet>Rochholz, Ernst Ludwig: <em>Schweizersagen aus dem Aargau<\/em>. Aarau 1856.<\/span><\/li><li><span data-nosnippet>B\u00e4chtold-St\u00e4ubli, Hanns (Hg.): <em>Handw\u00f6rterbuch des deutschen Aberglaubens, Artikel Alp und Trud<\/em>. Berlin\/Leipzig 1927\u20131942.<\/span><\/li><\/ul><\/footer>\n<p class=\"iwg-bib-more\"><span data-nosnippet>Ostala standardna djela u <a href=\"https:\/\/iwell-guard.com\/hr\/literatura\/\">popisu literature<\/a>.<\/span><\/p>\t\t\t\t\t\t\t\t<\/div>\n\t\t\t\t<\/div>\n\t\t\t\t\t<\/div>\n\t\t\t\t<\/div>\n\t\t<div class=\"elementor-element elementor-element-iwgkw2-add-hulijing e-flex e-con-boxed e-con e-parent\" data-id=\"iwgkw2-add-hulijing\" data-element_type=\"container\" data-e-type=\"container\">\n\t\t\t\t\t<div class=\"e-con-inner\">\n\t\t\t\t<div class=\"elementor-element elementor-element-iwgkw2-add-hulijing-t elementor-widget elementor-widget-text-editor\" data-id=\"iwgkw2-add-hulijing-t\" data-element_type=\"widget\" data-e-type=\"widget\" data-widget_type=\"text-editor.default\">\n\t\t\t\t\t\t\t\t\t<p>Poznat i kao toggeli alpdruck i nachtmahr schweizer alpen, ovaj lik predstavlja unutra\u0161njo\u0161vicarsku ina\u010dicu jednog europskog obrasca: obja\u0161njenje no\u0107ne stegnutosti u prsima kroz personificiranog duha pritiska.<\/p>\t\t\t\t\t\t\t\t<\/div>\n\t\t\t\t\t<\/div>\n\t\t\t\t<\/div>\n\t\t\t\t<\/div>\n\t\t","protected":false},"excerpt":{"rendered":"","protected":false},"author":3,"featured_media":20522,"parent":0,"menu_order":0,"comment_status":"closed","ping_status":"closed","template":"elementor_header_footer","meta":{"_yoast_wpseo_focuskw":"toggeli","_yoast_wpseo_title":"Toggeli \u2013 duh mora \u0161vicarskih Alpa","_yoast_wpseo_metadesc":"Toggeli: duh mora \u0161vicarskih Alpa, srodan bi\u0107u Alp. Podrijetlo, djelovanje i predani oblici za\u0161tite u pregledu.","_yoast_wpseo_meta-robots-noindex":"","_yoast_wpseo_canonical":"","_angie_page":false,"gefaehrdungsstufe":"2","wesen_kultur":"alpin","wesen_klasse":"daemonen","footnotes":""},"categories":[],"class_list":["post-150565","page","type-page","status-publish","has-post-thumbnail","hentry"],"yoast_head":"<!-- This site is optimized with the Yoast SEO Premium plugin v27.7 (Yoast SEO v28.3) - https:\/\/yoast.com\/product\/yoast-seo-premium-wordpress\/ -->\n<title>Toggeli \u2013 duh mora \u0161vicarskih Alpa<\/title>\n<meta name=\"description\" content=\"Toggeli: duh mora \u0161vicarskih Alpa, srodan bi\u0107u Alp. Podrijetlo, djelovanje i predani oblici za\u0161tite u pregledu.\" \/>\n<meta name=\"robots\" content=\"index, follow, max-snippet:-1, max-image-preview:large, max-video-preview:-1\" \/>\n<link rel=\"canonical\" href=\"https:\/\/iwell-guard.com\/hr\/toggeli\/\" \/>\n<meta property=\"og:locale\" content=\"hr_HR\" \/>\n<meta property=\"og:type\" content=\"article\" \/>\n<meta property=\"og:title\" content=\"Toggeli\" \/>\n<meta property=\"og:description\" content=\"Toggeli: duh mora \u0161vicarskih Alpa, srodan bi\u0107u Alp. Podrijetlo, djelovanje i predani oblici za\u0161tite u pregledu.\" \/>\n<meta property=\"og:url\" content=\"https:\/\/iwell-guard.com\/hr\/toggeli\/\" \/>\n<meta property=\"og:site_name\" content=\"iWell Guard\" \/>\n<meta property=\"article:modified_time\" content=\"2026-09-04T05:51:54+00:00\" \/>\n<meta property=\"og:image\" content=\"https:\/\/iwell-guard.com\/wp-content\/uploads\/2026\/07\/daemonen_alpin_toggeli.webp\" \/>\n\t<meta property=\"og:image:width\" content=\"1024\" \/>\n\t<meta property=\"og:image:height\" content=\"1536\" \/>\n\t<meta property=\"og:image:type\" content=\"image\/webp\" \/>\n<meta name=\"twitter:card\" content=\"summary_large_image\" \/>\n<script type=\"application\/ld+json\" class=\"yoast-schema-graph\">{\"@context\":\"https:\\\/\\\/schema.org\",\"@graph\":[{\"@type\":\"Article\",\"@id\":\"https:\\\/\\\/iwell-guard.com\\\/hr\\\/toggeli\\\/#article\",\"isPartOf\":{\"@id\":\"https:\\\/\\\/iwell-guard.com\\\/hr\\\/toggeli\\\/\"},\"author\":{\"name\":\"Ralf Ittermann\",\"@id\":\"https:\\\/\\\/iwell-guard.com\\\/hr\\\/#\\\/schema\\\/person\\\/ee2a27f1cac3406c7c6fb5820cb7349f\"},\"headline\":\"Toggeli\",\"datePublished\":\"2026-09-04T05:19:58+00:00\",\"dateModified\":\"2026-09-04T05:51:54+00:00\",\"mainEntityOfPage\":{\"@id\":\"https:\\\/\\\/iwell-guard.com\\\/hr\\\/toggeli\\\/\"},\"publisher\":{\"@id\":\"https:\\\/\\\/iwell-guard.com\\\/hr\\\/#organization\"},\"image\":{\"@id\":\"https:\\\/\\\/iwell-guard.com\\\/hr\\\/toggeli\\\/#primaryimage\"},\"thumbnailUrl\":\"https:\\\/\\\/iwell-guard.com\\\/wp-content\\\/uploads\\\/2026\\\/07\\\/daemonen_alpin_toggeli.webp\",\"inLanguage\":\"hr\",\"description\":\"Toggeli: duh mora \u0161vicarskih Alpa, srodan bi\u0107u Alp. Podrijetlo, djelovanje i predani oblici za\u0161tite u pregledu.\"},{\"@type\":\"WebPage\",\"@id\":\"https:\\\/\\\/iwell-guard.com\\\/hr\\\/toggeli\\\/\",\"url\":\"https:\\\/\\\/iwell-guard.com\\\/hr\\\/toggeli\\\/\",\"name\":\"Toggeli \u2013 duh mora \u0161vicarskih Alpa\",\"isPartOf\":{\"@id\":\"https:\\\/\\\/iwell-guard.com\\\/hr\\\/#website\"},\"primaryImageOfPage\":{\"@id\":\"https:\\\/\\\/iwell-guard.com\\\/hr\\\/toggeli\\\/#primaryimage\"},\"image\":{\"@id\":\"https:\\\/\\\/iwell-guard.com\\\/hr\\\/toggeli\\\/#primaryimage\"},\"thumbnailUrl\":\"https:\\\/\\\/iwell-guard.com\\\/wp-content\\\/uploads\\\/2026\\\/07\\\/daemonen_alpin_toggeli.webp\",\"datePublished\":\"2026-09-04T05:19:58+00:00\",\"dateModified\":\"2026-09-04T05:51:54+00:00\",\"description\":\"Toggeli: duh mora \u0161vicarskih Alpa, srodan bi\u0107u Alp. Podrijetlo, djelovanje i predani oblici za\u0161tite u pregledu.\",\"breadcrumb\":{\"@id\":\"https:\\\/\\\/iwell-guard.com\\\/hr\\\/toggeli\\\/#breadcrumb\"},\"inLanguage\":\"hr\",\"potentialAction\":[{\"@type\":\"ReadAction\",\"target\":[\"https:\\\/\\\/iwell-guard.com\\\/hr\\\/toggeli\\\/\"]}]},{\"@type\":\"ImageObject\",\"inLanguage\":\"hr\",\"@id\":\"https:\\\/\\\/iwell-guard.com\\\/hr\\\/toggeli\\\/#primaryimage\",\"url\":\"https:\\\/\\\/iwell-guard.com\\\/wp-content\\\/uploads\\\/2026\\\/07\\\/daemonen_alpin_toggeli.webp\",\"contentUrl\":\"https:\\\/\\\/iwell-guard.com\\\/wp-content\\\/uploads\\\/2026\\\/07\\\/daemonen_alpin_toggeli.webp\",\"width\":1024,\"height\":1536,\"caption\":\"Toggeli \u2013 demoni iz alpske tradicije, povijesno-ilustrativno\"},{\"@type\":\"BreadcrumbList\",\"@id\":\"https:\\\/\\\/iwell-guard.com\\\/hr\\\/toggeli\\\/#breadcrumb\",\"itemListElement\":[{\"@type\":\"ListItem\",\"position\":1,\"name\":\"Start\",\"item\":\"https:\\\/\\\/iwell-guard.com\\\/hr\\\/?page_id=149317\"},{\"@type\":\"ListItem\",\"position\":2,\"name\":\"Toggeli\"}]},{\"@type\":\"WebSite\",\"@id\":\"https:\\\/\\\/iwell-guard.com\\\/hr\\\/#website\",\"url\":\"https:\\\/\\\/iwell-guard.com\\\/hr\\\/\",\"name\":\"iWell Guard\",\"description\":\"Schutz vor dunklen Einfl\u00fcssen\",\"publisher\":{\"@id\":\"https:\\\/\\\/iwell-guard.com\\\/hr\\\/#organization\"},\"potentialAction\":[{\"@type\":\"SearchAction\",\"target\":{\"@type\":\"EntryPoint\",\"urlTemplate\":\"https:\\\/\\\/iwell-guard.com\\\/hr\\\/?s={search_term_string}\"},\"query-input\":{\"@type\":\"PropertyValueSpecification\",\"valueRequired\":true,\"valueName\":\"search_term_string\"}}],\"inLanguage\":\"hr\"},{\"@type\":\"Organization\",\"@id\":\"https:\\\/\\\/iwell-guard.com\\\/hr\\\/#organization\",\"name\":\"Ittermann electronic GmbH\",\"url\":\"https:\\\/\\\/iwell-guard.com\\\/hr\\\/\",\"logo\":{\"@type\":\"ImageObject\",\"inLanguage\":\"hr\",\"@id\":\"https:\\\/\\\/iwell-guard.com\\\/hr\\\/#\\\/schema\\\/logo\\\/image\\\/\",\"url\":\"https:\\\/\\\/iwell-guard.com\\\/wp-content\\\/uploads\\\/2026\\\/05\\\/Ittermann-Logo-1182x237-1.png\",\"contentUrl\":\"https:\\\/\\\/iwell-guard.com\\\/wp-content\\\/uploads\\\/2026\\\/05\\\/Ittermann-Logo-1182x237-1.png\",\"width\":1182,\"height\":237,\"caption\":\"Ittermann electronic GmbH\"},\"image\":{\"@id\":\"https:\\\/\\\/iwell-guard.com\\\/hr\\\/#\\\/schema\\\/logo\\\/image\\\/\"},\"sameAs\":[\"https:\\\/\\\/pantip.com\\\/profile\\\/9367242\",\"https:\\\/\\\/micro.blog\\\/iwellguard\",\"https:\\\/\\\/www.diggerslist.com\\\/iwellguard\\\/about\",\"https:\\\/\\\/skitterphoto.com\\\/photographers\\\/2870314\\\/iwell-guard\",\"https:\\\/\\\/iwellguard.wordpress.com\\\/2026\\\/06\\\/06\\\/iwell-guard\\\/\",\"https:\\\/\\\/hub.docker.com\\\/u\\\/iwellguard\",\"https:\\\/\\\/www.pinterest.com\\\/iwellguard\\\/\",\"https:\\\/\\\/bit.ly\\\/m\\\/iwellguard\",\"https:\\\/\\\/entre-vos-mains.alsace.eu\\\/profiles\\\/iwellguard\\\/activity\",\"https:\\\/\\\/gravatar.com\\\/reallybeded8fd34\",\"https:\\\/\\\/naijamatta.com\\\/iwellguard\",\"https:\\\/\\\/www.goodreads.com\\\/iwellguard\",\"https:\\\/\\\/profile.hatena.ne.jp\\\/iwellguard\\\/\",\"https:\\\/\\\/experiment.com\\\/users\\\/iwellguard\",\"https:\\\/\\\/wakelet.com\\\/@iWellGuard82270\",\"https:\\\/\\\/www.chordie.com\\\/forum\\\/profile.php?id=2555664\",\"https:\\\/\\\/www.instapaper.com\\\/p\\\/17757966\",\"https:\\\/\\\/www.mapleprimes.com\\\/users\\\/iwellguard\",\"https:\\\/\\\/businesslistingplus.com\\\/profile\\\/iwell-guard\\\/\",\"https:\\\/\\\/telegra.ph\\\/iWell-Guard-06-06\",\"https:\\\/\\\/pbase.com\\\/iwellguard\\\/iwellguard\",\"https:\\\/\\\/b.hatena.ne.jp\\\/iwellguard\\\/20260607#bookmark-4788405196491818882\",\"https:\\\/\\\/fliphtml5.com\\\/home\\\/iwellguard\",\"https:\\\/\\\/anyflip.com\\\/homepage\\\/cmiwl#About\",\"https:\\\/\\\/transfur.com\\\/Users\\\/iwellguard\",\"http:\\\/\\\/delphi.larsbo.org\\\/user\\\/iwellguard\",\"https:\\\/\\\/jobs.lajobsportal.org\\\/profiles\\\/8380803-iwell-guard\",\"https:\\\/\\\/md.chaosdorf.de\\\/s\\\/jfbe5SBdJD\",\"https:\\\/\\\/www.lingvolive.com\\\/en-us\\\/profile\\\/9ecaeaca-ce11-4e51-9e71-01d55e2bff36\\\/translations\",\"https:\\\/\\\/www.fitday.com\\\/fitness\\\/forums\\\/members\\\/iwellguard.html\",\"https:\\\/\\\/www.mymeetbook.com\\\/iwellguard\",\"https:\\\/\\\/pxhere.com\\\/en\\\/photographer-me\\\/5040798\",\"https:\\\/\\\/disqus.com\\\/by\\\/iwellguard\\\/about\\\/\",\"https:\\\/\\\/pastelink.net\\\/hjwciqwq\",\"https:\\\/\\\/pubhtml5.com\\\/homepage\\\/scjhn\\\/\",\"https:\\\/\\\/www.bitchute.com\\\/channel\\\/2O2eOKzNqujT\",\"https:\\\/\\\/audiomack.com\\\/iwellguard\"]},{\"@type\":\"Person\",\"@id\":\"https:\\\/\\\/iwell-guard.com\\\/hr\\\/#\\\/schema\\\/person\\\/ee2a27f1cac3406c7c6fb5820cb7349f\",\"name\":\"Ralf Ittermann\",\"image\":{\"@type\":\"ImageObject\",\"inLanguage\":\"hr\",\"@id\":\"https:\\\/\\\/secure.gravatar.com\\\/avatar\\\/073c0153e350a5005b68eb752b445fea71f6b24a26da9449ad7e155e6b446c9d?s=96&d=mm&r=g\",\"url\":\"https:\\\/\\\/secure.gravatar.com\\\/avatar\\\/073c0153e350a5005b68eb752b445fea71f6b24a26da9449ad7e155e6b446c9d?s=96&d=mm&r=g\",\"contentUrl\":\"https:\\\/\\\/secure.gravatar.com\\\/avatar\\\/073c0153e350a5005b68eb752b445fea71f6b24a26da9449ad7e155e6b446c9d?s=96&d=mm&r=g\",\"caption\":\"Ralf Ittermann\"},\"givenName\":\"Ralf\",\"familyName\":\"Ittermann\",\"jobTitle\":\"Gesch\u00e4ftsf\u00fchrer und redaktioneller Verantwortlicher\",\"url\":\"https:\\\/\\\/iwell-guard.com\\\/hr\\\/author\\\/claude\\\/\",\"description\":\"Ralf Ittermann ist Gesch\u00e4ftsf\u00fchrer der Ittermann electronic GmbH und redaktioneller Verantwortlicher des iWell-Guard-Lexikons. Er verbindet langj\u00e4hrige Erfahrung in der Pr\u00e4zisionsfertigung mit medialer Praxis und religionsgeschichtlicher Quellenarbeit.\",\"worksFor\":{\"@type\":\"Organization\",\"name\":\"Ittermann electronic GmbH\",\"url\":\"https:\\\/\\\/ittermann.de\\\/\",\"address\":{\"@type\":\"PostalAddress\",\"streetAddress\":\"K\u00f6hlergasse 16-18\",\"postalCode\":\"99842\",\"addressLocality\":\"Ruhla\",\"addressCountry\":\"DE\"}},\"knowsAbout\":[\"Religionsgeschichte\",\"Mythologie\",\"Mediale Praxis\",\"Energetische Diagnostik\",\"Schutzpraxis\",\"Volksglauben\",\"Westliche Esoterik\"]},{\"@type\":\"Article\",\"@id\":\"https:\\\/\\\/iwell-guard.com\\\/hr\\\/toggeli\\\/#article\",\"isPartOf\":{\"@id\":\"https:\\\/\\\/iwell-guard.com\\\/hr\\\/toggeli\\\/\"},\"author\":{\"name\":\"Ralf Ittermann\",\"@id\":\"https:\\\/\\\/iwell-guard.com\\\/hr\\\/#\\\/schema\\\/person\\\/ee2a27f1cac3406c7c6fb5820cb7349f\"},\"headline\":\"Toggeli\",\"datePublished\":\"2026-09-04T05:19:58+00:00\",\"dateModified\":\"2026-09-04T05:51:54+00:00\",\"mainEntityOfPage\":{\"@id\":\"https:\\\/\\\/iwell-guard.com\\\/hr\\\/toggeli\\\/\"},\"publisher\":{\"@id\":\"https:\\\/\\\/iwell-guard.com\\\/hr\\\/#organization\"},\"image\":{\"@id\":\"https:\\\/\\\/iwell-guard.com\\\/hr\\\/toggeli\\\/#primaryimage\"},\"thumbnailUrl\":\"https:\\\/\\\/iwell-guard.com\\\/wp-content\\\/uploads\\\/2026\\\/07\\\/daemonen_alpin_toggeli.webp\",\"inLanguage\":\"hr\",\"description\":\"Toggeli: duh mora \u0161vicarskih Alpa, srodan bi\u0107u Alp. Podrijetlo, djelovanje i predani oblici za\u0161tite u pregledu.\"}]}<\/script>\n<!-- \/ Yoast SEO Premium plugin. -->","yoast_head_json":{"title":"Toggeli \u2013 duh mora \u0161vicarskih Alpa","description":"Toggeli: duh mora \u0161vicarskih Alpa, srodan bi\u0107u Alp. Podrijetlo, djelovanje i predani oblici za\u0161tite u pregledu.","robots":{"index":"index","follow":"follow","max-snippet":"max-snippet:-1","max-image-preview":"max-image-preview:large","max-video-preview":"max-video-preview:-1"},"canonical":"https:\/\/iwell-guard.com\/hr\/toggeli\/","og_locale":"hr_HR","og_type":"article","og_title":"Toggeli","og_description":"Toggeli: duh mora \u0161vicarskih Alpa, srodan bi\u0107u Alp. Podrijetlo, djelovanje i predani oblici za\u0161tite u pregledu.","og_url":"https:\/\/iwell-guard.com\/hr\/toggeli\/","og_site_name":"iWell Guard","article_modified_time":"2026-09-04T05:51:54+00:00","og_image":[{"width":1024,"height":1536,"url":"https:\/\/iwell-guard.com\/wp-content\/uploads\/2026\/07\/daemonen_alpin_toggeli.webp","type":"image\/webp"}],"twitter_card":"summary_large_image","schema":{"@context":"https:\/\/schema.org","@graph":[{"@type":"Article","@id":"https:\/\/iwell-guard.com\/hr\/toggeli\/#article","isPartOf":{"@id":"https:\/\/iwell-guard.com\/hr\/toggeli\/"},"author":{"name":"Ralf Ittermann","@id":"https:\/\/iwell-guard.com\/hr\/#\/schema\/person\/ee2a27f1cac3406c7c6fb5820cb7349f"},"headline":"Toggeli","datePublished":"2026-09-04T05:19:58+00:00","dateModified":"2026-09-04T05:51:54+00:00","mainEntityOfPage":{"@id":"https:\/\/iwell-guard.com\/hr\/toggeli\/"},"publisher":{"@id":"https:\/\/iwell-guard.com\/hr\/#organization"},"image":{"@id":"https:\/\/iwell-guard.com\/hr\/toggeli\/#primaryimage"},"thumbnailUrl":"https:\/\/iwell-guard.com\/wp-content\/uploads\/2026\/07\/daemonen_alpin_toggeli.webp","inLanguage":"hr","description":"Toggeli: duh mora \u0161vicarskih Alpa, srodan bi\u0107u Alp. Podrijetlo, djelovanje i predani oblici za\u0161tite u pregledu."},{"@type":"WebPage","@id":"https:\/\/iwell-guard.com\/hr\/toggeli\/","url":"https:\/\/iwell-guard.com\/hr\/toggeli\/","name":"Toggeli \u2013 duh mora \u0161vicarskih Alpa","isPartOf":{"@id":"https:\/\/iwell-guard.com\/hr\/#website"},"primaryImageOfPage":{"@id":"https:\/\/iwell-guard.com\/hr\/toggeli\/#primaryimage"},"image":{"@id":"https:\/\/iwell-guard.com\/hr\/toggeli\/#primaryimage"},"thumbnailUrl":"https:\/\/iwell-guard.com\/wp-content\/uploads\/2026\/07\/daemonen_alpin_toggeli.webp","datePublished":"2026-09-04T05:19:58+00:00","dateModified":"2026-09-04T05:51:54+00:00","description":"Toggeli: duh mora \u0161vicarskih Alpa, srodan bi\u0107u Alp. Podrijetlo, djelovanje i predani oblici za\u0161tite u pregledu.","breadcrumb":{"@id":"https:\/\/iwell-guard.com\/hr\/toggeli\/#breadcrumb"},"inLanguage":"hr","potentialAction":[{"@type":"ReadAction","target":["https:\/\/iwell-guard.com\/hr\/toggeli\/"]}]},{"@type":"ImageObject","inLanguage":"hr","@id":"https:\/\/iwell-guard.com\/hr\/toggeli\/#primaryimage","url":"https:\/\/iwell-guard.com\/wp-content\/uploads\/2026\/07\/daemonen_alpin_toggeli.webp","contentUrl":"https:\/\/iwell-guard.com\/wp-content\/uploads\/2026\/07\/daemonen_alpin_toggeli.webp","width":1024,"height":1536,"caption":"Toggeli \u2013 demoni iz alpske tradicije, povijesno-ilustrativno"},{"@type":"BreadcrumbList","@id":"https:\/\/iwell-guard.com\/hr\/toggeli\/#breadcrumb","itemListElement":[{"@type":"ListItem","position":1,"name":"Start","item":"https:\/\/iwell-guard.com\/hr\/?page_id=149317"},{"@type":"ListItem","position":2,"name":"Toggeli"}]},{"@type":"WebSite","@id":"https:\/\/iwell-guard.com\/hr\/#website","url":"https:\/\/iwell-guard.com\/hr\/","name":"iWell Guard","description":"Schutz vor dunklen Einfl\u00fcssen","publisher":{"@id":"https:\/\/iwell-guard.com\/hr\/#organization"},"potentialAction":[{"@type":"SearchAction","target":{"@type":"EntryPoint","urlTemplate":"https:\/\/iwell-guard.com\/hr\/?s={search_term_string}"},"query-input":{"@type":"PropertyValueSpecification","valueRequired":true,"valueName":"search_term_string"}}],"inLanguage":"hr"},{"@type":"Organization","@id":"https:\/\/iwell-guard.com\/hr\/#organization","name":"Ittermann electronic GmbH","url":"https:\/\/iwell-guard.com\/hr\/","logo":{"@type":"ImageObject","inLanguage":"hr","@id":"https:\/\/iwell-guard.com\/hr\/#\/schema\/logo\/image\/","url":"https:\/\/iwell-guard.com\/wp-content\/uploads\/2026\/05\/Ittermann-Logo-1182x237-1.png","contentUrl":"https:\/\/iwell-guard.com\/wp-content\/uploads\/2026\/05\/Ittermann-Logo-1182x237-1.png","width":1182,"height":237,"caption":"Ittermann electronic GmbH"},"image":{"@id":"https:\/\/iwell-guard.com\/hr\/#\/schema\/logo\/image\/"},"sameAs":["https:\/\/pantip.com\/profile\/9367242","https:\/\/micro.blog\/iwellguard","https:\/\/www.diggerslist.com\/iwellguard\/about","https:\/\/skitterphoto.com\/photographers\/2870314\/iwell-guard","https:\/\/iwellguard.wordpress.com\/2026\/06\/06\/iwell-guard\/","https:\/\/hub.docker.com\/u\/iwellguard","https:\/\/www.pinterest.com\/iwellguard\/","https:\/\/bit.ly\/m\/iwellguard","https:\/\/entre-vos-mains.alsace.eu\/profiles\/iwellguard\/activity","https:\/\/gravatar.com\/reallybeded8fd34","https:\/\/naijamatta.com\/iwellguard","https:\/\/www.goodreads.com\/iwellguard","https:\/\/profile.hatena.ne.jp\/iwellguard\/","https:\/\/experiment.com\/users\/iwellguard","https:\/\/wakelet.com\/@iWellGuard82270","https:\/\/www.chordie.com\/forum\/profile.php?id=2555664","https:\/\/www.instapaper.com\/p\/17757966","https:\/\/www.mapleprimes.com\/users\/iwellguard","https:\/\/businesslistingplus.com\/profile\/iwell-guard\/","https:\/\/telegra.ph\/iWell-Guard-06-06","https:\/\/pbase.com\/iwellguard\/iwellguard","https:\/\/b.hatena.ne.jp\/iwellguard\/20260607#bookmark-4788405196491818882","https:\/\/fliphtml5.com\/home\/iwellguard","https:\/\/anyflip.com\/homepage\/cmiwl#About","https:\/\/transfur.com\/Users\/iwellguard","http:\/\/delphi.larsbo.org\/user\/iwellguard","https:\/\/jobs.lajobsportal.org\/profiles\/8380803-iwell-guard","https:\/\/md.chaosdorf.de\/s\/jfbe5SBdJD","https:\/\/www.lingvolive.com\/en-us\/profile\/9ecaeaca-ce11-4e51-9e71-01d55e2bff36\/translations","https:\/\/www.fitday.com\/fitness\/forums\/members\/iwellguard.html","https:\/\/www.mymeetbook.com\/iwellguard","https:\/\/pxhere.com\/en\/photographer-me\/5040798","https:\/\/disqus.com\/by\/iwellguard\/about\/","https:\/\/pastelink.net\/hjwciqwq","https:\/\/pubhtml5.com\/homepage\/scjhn\/","https:\/\/www.bitchute.com\/channel\/2O2eOKzNqujT","https:\/\/audiomack.com\/iwellguard"]},{"@type":"Person","@id":"https:\/\/iwell-guard.com\/hr\/#\/schema\/person\/ee2a27f1cac3406c7c6fb5820cb7349f","name":"Ralf Ittermann","image":{"@type":"ImageObject","inLanguage":"hr","@id":"https:\/\/secure.gravatar.com\/avatar\/073c0153e350a5005b68eb752b445fea71f6b24a26da9449ad7e155e6b446c9d?s=96&d=mm&r=g","url":"https:\/\/secure.gravatar.com\/avatar\/073c0153e350a5005b68eb752b445fea71f6b24a26da9449ad7e155e6b446c9d?s=96&d=mm&r=g","contentUrl":"https:\/\/secure.gravatar.com\/avatar\/073c0153e350a5005b68eb752b445fea71f6b24a26da9449ad7e155e6b446c9d?s=96&d=mm&r=g","caption":"Ralf Ittermann"},"givenName":"Ralf","familyName":"Ittermann","jobTitle":"Gesch\u00e4ftsf\u00fchrer und redaktioneller Verantwortlicher","url":"https:\/\/iwell-guard.com\/hr\/author\/claude\/","description":"Ralf Ittermann ist Gesch\u00e4ftsf\u00fchrer der Ittermann electronic GmbH und redaktioneller Verantwortlicher des iWell-Guard-Lexikons. Er verbindet langj\u00e4hrige Erfahrung in der Pr\u00e4zisionsfertigung mit medialer Praxis und religionsgeschichtlicher Quellenarbeit.","worksFor":{"@type":"Organization","name":"Ittermann electronic GmbH","url":"https:\/\/ittermann.de\/","address":{"@type":"PostalAddress","streetAddress":"K\u00f6hlergasse 16-18","postalCode":"99842","addressLocality":"Ruhla","addressCountry":"DE"}},"knowsAbout":["Religionsgeschichte","Mythologie","Mediale Praxis","Energetische Diagnostik","Schutzpraxis","Volksglauben","Westliche Esoterik"]},{"@type":"Article","@id":"https:\/\/iwell-guard.com\/hr\/toggeli\/#article","isPartOf":{"@id":"https:\/\/iwell-guard.com\/hr\/toggeli\/"},"author":{"name":"Ralf Ittermann","@id":"https:\/\/iwell-guard.com\/hr\/#\/schema\/person\/ee2a27f1cac3406c7c6fb5820cb7349f"},"headline":"Toggeli","datePublished":"2026-09-04T05:19:58+00:00","dateModified":"2026-09-04T05:51:54+00:00","mainEntityOfPage":{"@id":"https:\/\/iwell-guard.com\/hr\/toggeli\/"},"publisher":{"@id":"https:\/\/iwell-guard.com\/hr\/#organization"},"image":{"@id":"https:\/\/iwell-guard.com\/hr\/toggeli\/#primaryimage"},"thumbnailUrl":"https:\/\/iwell-guard.com\/wp-content\/uploads\/2026\/07\/daemonen_alpin_toggeli.webp","inLanguage":"hr","description":"Toggeli: duh mora \u0161vicarskih Alpa, srodan bi\u0107u Alp. Podrijetlo, djelovanje i predani oblici za\u0161tite u pregledu."}]}},"_links":{"self":[{"href":"https:\/\/iwell-guard.com\/hr\/wp-json\/wp\/v2\/pages\/150565","targetHints":{"allow":["GET"]}}],"collection":[{"href":"https:\/\/iwell-guard.com\/hr\/wp-json\/wp\/v2\/pages"}],"about":[{"href":"https:\/\/iwell-guard.com\/hr\/wp-json\/wp\/v2\/types\/page"}],"author":[{"embeddable":true,"href":"https:\/\/iwell-guard.com\/hr\/wp-json\/wp\/v2\/users\/3"}],"replies":[{"embeddable":true,"href":"https:\/\/iwell-guard.com\/hr\/wp-json\/wp\/v2\/comments?post=150565"}],"version-history":[{"count":0,"href":"https:\/\/iwell-guard.com\/hr\/wp-json\/wp\/v2\/pages\/150565\/revisions"}],"wp:featuredmedia":[{"embeddable":true,"href":"https:\/\/iwell-guard.com\/hr\/wp-json\/wp\/v2\/media\/20522"}],"wp:attachment":[{"href":"https:\/\/iwell-guard.com\/hr\/wp-json\/wp\/v2\/media?parent=150565"}],"wp:term":[{"taxonomy":"category","embeddable":true,"href":"https:\/\/iwell-guard.com\/hr\/wp-json\/wp\/v2\/categories?post=150565"}],"curies":[{"name":"wp","href":"https:\/\/api.w.org\/{rel}","templated":true}]}}