{"id":150005,"date":"2026-09-04T05:15:21","date_gmt":"2026-09-04T05:15:21","guid":{"rendered":"https:\/\/iwell-guard.com\/?page_id=150005"},"modified":"2026-09-04T05:37:34","modified_gmt":"2026-09-04T05:37:34","slug":"cesnjak-kao-zastita","status":"publish","type":"page","link":"https:\/\/iwell-guard.com\/hr\/cesnjak-kao-zastita\/","title":{"rendered":"\u010ce\u0161njak kao za\u0161tita"},"content":{"rendered":"\t\t<div data-elementor-type=\"wp-page\" data-elementor-id=\"150005\" class=\"elementor elementor-150005 elementor-3778 elementor-bc-flex-widget\" data-elementor-post-type=\"page\">\n\t\t\t\t<div class=\"elementor-element elementor-element-iwgs-knoblauch-hero e-flex e-con-boxed e-con e-parent\" data-id=\"iwgs-knoblauch-hero\" data-element_type=\"container\" data-e-type=\"container\">\n\t\t\t\t\t<div class=\"e-con-inner\">\n\t\t<div class=\"elementor-element elementor-element-iw-knoblauch-hero-left e-con-full e-flex e-con e-child\" data-id=\"iw-knoblauch-hero-left\" data-element_type=\"container\" data-e-type=\"container\">\n\t\t\t\t<div class=\"elementor-element elementor-element-iwgs-knoblauch-h1 elementor-widget elementor-widget-heading\" data-id=\"iwgs-knoblauch-h1\" data-element_type=\"widget\" data-e-type=\"widget\" data-widget_type=\"heading.default\">\n\t\t\t\t\t<h1 class=\"elementor-heading-title elementor-size-default\">\u010ce\u0161njak kao za\u0161tita<\/h1>\t\t\t\t<\/div>\n\t\t<div class=\"elementor-element elementor-element-iw-knoblauch-hero-bw e-con-full e-flex e-con e-child\" data-id=\"iw-knoblauch-hero-bw\" data-element_type=\"container\" data-e-type=\"container\">\n\t\t\t\t<div class=\"elementor-element elementor-element-iwgs-knoblauch-pills elementor-widget elementor-widget-html\" data-id=\"iwgs-knoblauch-pills\" data-element_type=\"widget\" data-e-type=\"widget\" data-widget_type=\"html.default\">\n\t\t\t\t\t<div class=\"iwg-pill-row\"><span class=\"iwg-klasse-badge\" tabindex=\"0\" data-tooltip=\"Vrsta za\u0161titnog sredstva.\">Za\u0161titna tvar<\/span><a href=\"https:\/\/iwell-guard.com\/hr\/?page_id=149994\" class=\"iwg-kultur-badge\" tabindex=\"0\" data-tooltip=\"Pregled.\">Za\u0161titne tvari i biljke<\/a><\/div>\t\t\t\t<\/div>\n\t\t\t\t<div class=\"elementor-element elementor-element-iwgs-knoblauch-lead elementor-widget elementor-widget-text-editor\" data-id=\"iwgs-knoblauch-lead\" data-element_type=\"widget\" data-e-type=\"widget\" data-widget_type=\"text-editor.default\">\n\t\t\t\t\t\t\t\t\t<p>\u010ce\u0161njak spada u najpoznatija za\u0161titna sredstva narodne predaje, mnogo \u0161ire od one poznatosti koju mu daju legende o vampirima.<\/p><p>Ta glavica s prepoznatljivim mirisom smatrala se u brojnim kulturama za\u0161titnom biljkom: protiv bi\u0107a koja si\u0161u krv, protiv urokljivog pogleda, protiv demona i protiv op\u0107e \u0161tetnosti koja dolazi iz svijeta duhova. Ta za\u0161titna funkcija zabilje\u017eena je od Europe preko Bliskog istoka sve do Isto\u010dne Azije.<\/p>\n<p>Kao dio <a href=\"https:\/\/iwell-guard.com\/hr\/?page_id=149994\">za\u0161titnih tvari i za\u0161titnih biljaka<\/a>, \u010de\u0161njak pripada skupini biljnih za\u0161titnih sredstava \u010dije djelovanje <span class=\"iwg-fachbegriff\" data-tooltip=\"Preno\u0161enje znanja i pri\u010da kroz generacije.\" tabindex=\"0\">predaja<\/span> uglavnom pripisuje mirisu, o\u0161trini i prirodnoj tjerala\u010dkoj snazi te biljke. Pri tome je folklornu za\u0161titnu funkciju potrebno strogo razlikovati od medicinskih tvrdnji o djelovanju: ono \u0161to <span class=\"iwg-fachbegriff\" data-tooltip=\"Preno\u0161enje znanja i pri\u010da kroz generacije.\" tabindex=\"0\">predaja<\/span> opisuje jest <span class=\"iwg-fachbegriff\" data-tooltip=\"Religijske predstave i obi\u010daji ra\u0161ireni u svakodnevnom \u017eivotu.\" tabindex=\"0\">narodno vjerovanje<\/span>, a ne dokazano ljekovito djelovanje.<\/p>\t\t\t\t\t\t\t\t<\/div>\n\t\t\t\t<\/div>\n\t\t\t\t<\/div>\n\t\t<div class=\"elementor-element elementor-element-iw-knoblauch-hero-img e-con-full e-flex e-con e-child\" data-id=\"iw-knoblauch-hero-img\" data-element_type=\"container\" data-e-type=\"container\">\n\t\t\t\t<div class=\"elementor-element elementor-element-iwgs-knoblauch-himg iwg-hero-image elementor-widget elementor-widget-image\" data-id=\"iwgs-knoblauch-himg\" data-element_type=\"widget\" data-e-type=\"widget\" data-widget_type=\"image.default\">\n\t\t\t\t\t\t\t\t\t\t\t\t\t\t\t<img fetchpriority=\"high\" decoding=\"async\" width=\"683\" height=\"1024\" src=\"https:\/\/iwell-guard.com\/wp-content\/uploads\/2026\/05\/schutzsymbol_mediterran_knoblauch-683x1024.png\" class=\"attachment-large size-large wp-image-151192\" alt=\"\u010ce\u0161njak kao za\u0161tita, povijesno-ilustrativno\" srcset=\"https:\/\/iwell-guard.com\/wp-content\/uploads\/2026\/05\/schutzsymbol_mediterran_knoblauch-683x1024.png 683w, https:\/\/iwell-guard.com\/wp-content\/uploads\/2026\/05\/schutzsymbol_mediterran_knoblauch-200x300.png 200w, https:\/\/iwell-guard.com\/wp-content\/uploads\/2026\/05\/schutzsymbol_mediterran_knoblauch-768x1152.png 768w, https:\/\/iwell-guard.com\/wp-content\/uploads\/2026\/05\/schutzsymbol_mediterran_knoblauch.png 1024w\" sizes=\"(max-width: 683px) 100vw, 683px\" \/>\t\t\t\t\t\t\t\t\t\t\t\t\t\t\t<\/div>\n\t\t\t\t<\/div>\n\t\t\t\t\t<\/div>\n\t\t\t\t<\/div>\n\t\t<div class=\"elementor-element elementor-element-iwgs-knoblauch-s0 e-flex e-con-boxed e-con e-parent\" data-id=\"iwgs-knoblauch-s0\" data-element_type=\"container\" data-e-type=\"container\">\n\t\t\t\t\t<div class=\"e-con-inner\">\n\t\t\t\t<div class=\"elementor-element elementor-element-iwgs-knoblauch-s0h elementor-widget elementor-widget-heading\" data-id=\"iwgs-knoblauch-s0h\" data-element_type=\"widget\" data-e-type=\"widget\" data-widget_type=\"heading.default\">\n\t\t\t\t\t<h2 class=\"elementor-heading-title elementor-size-default\">Pregled<\/h2>\t\t\t\t<\/div>\n\t\t<div class=\"elementor-element elementor-element-iw-knoblauch-s0-bw e-con-full e-flex e-con e-child\" data-id=\"iw-knoblauch-s0-bw\" data-element_type=\"container\" data-e-type=\"container\">\n\t\t\t\t<div class=\"elementor-element elementor-element-iwgs-knoblauch-s0t elementor-widget elementor-widget-text-editor\" data-id=\"iwgs-knoblauch-s0t\" data-element_type=\"widget\" data-e-type=\"widget\" data-widget_type=\"text-editor.default\">\n\t\t\t\t\t\t\t\t\t<p>U <span class=\"iwg-fachbegriff\" data-tooltip=\"Preno\u0161enje znanja i pri\u010da kroz generacije.\" tabindex=\"0\">predaji<\/span> \u010de\u0161njak se smatra jednim od najva\u017enijih za\u0161titnih sredstava protiv vampira i vampirskih bi\u0107a u isto\u010dnoj Europi i na Sredozemlju. Osim toga, u mnogim kulturama koristi se protiv urokljivog pogleda, demona i duhova bolesti.<\/p><p>Uobi\u010dajeni oblici primjene su suhi vijenci od \u010de\u0161njaka iznad vrata i prozora, \u010de\u0161njakovi re\u017enjevi na krevetima za spavanje i dje\u010djim kreveti\u0107ima, kao i trljanje pragova i otvora na zidovima. Za\u0161titno djelovanje pripisuje se posebnoj o\u0161trini i prodornom mirisu biljke.<\/p>\t\t\t\t\t\t\t\t<\/div>\n\t\t\t\t<\/div>\n\t\t\t\t\t<\/div>\n\t\t\t\t<\/div>\n\t\t<div class=\"elementor-element elementor-element-iwgs-knoblauch-s1 e-flex e-con-boxed e-con e-parent\" data-id=\"iwgs-knoblauch-s1\" data-element_type=\"container\" data-e-type=\"container\">\n\t\t\t\t\t<div class=\"e-con-inner\">\n\t\t\t\t<div class=\"elementor-element elementor-element-iwgs-knoblauch-s1h elementor-widget elementor-widget-heading\" data-id=\"iwgs-knoblauch-s1h\" data-element_type=\"widget\" data-e-type=\"widget\" data-widget_type=\"heading.default\">\n\t\t\t\t\t<h2 class=\"elementor-heading-title elementor-size-default\">Podrijetlo i predaja<\/h2>\t\t\t\t<\/div>\n\t\t<div class=\"elementor-element elementor-element-iw-knoblauch-s1-bw e-con-full e-flex e-con e-child\" data-id=\"iw-knoblauch-s1-bw\" data-element_type=\"container\" data-e-type=\"container\">\n\t\t\t\t<div class=\"elementor-element elementor-element-iwgs-knoblauch-s1t elementor-widget elementor-widget-text-editor\" data-id=\"iwgs-knoblauch-s1t\" data-element_type=\"widget\" data-e-type=\"widget\" data-widget_type=\"text-editor.default\">\n\t\t\t\t\t\t\t\t\t<p>Za\u0161titna magijska upotreba \u010de\u0161njaka zabilje\u017eena je u pisanim izvorima jo\u0161 od <span class=\"iwg-fachbegriff\" data-tooltip=\"Epoha gr\u010dke i rimske kulture, otprilike od 800. pr. Kr. do 600. po. Kr.\" tabindex=\"0\">antike<\/span>. Egipatski papirusi i starogr\u010dki izvori upu\u0107uju na tjerala\u010dku mo\u0107 \u010de\u0161njaka protiv duhovnih bi\u0107a. U gr\u010dkom narodnom vjerovanju \u010de\u0161njak se stavljao na raskrsnice, koje su se smatrale mjestima okupljanja Hekate i njezine pratnje duhova, s ciljem da ih se udalji.<\/p>\n<p>U Europi je veza izme\u0111u \u010de\u0161njaka i za\u0161tite od vampira dokumentirana od srednjeg vijeka, no u svom ra\u0161irenom obliku ponajvi\u0161e je oblikovana balkanskom predajom 17. do 19. stolje\u0107a.<\/p><p><span data-nosnippet>Austrijski i srpski zapisi iz tog razdoblja, sa\u010duvani u vampirolo\u0161kim izvorima kao \u0161to je slu\u010daj Arnauda Paolea (1726), opisuju \u010de\u0161njak kao jedno od standardnih sredstava kod sumnje na vampirizam: stavljao se u usta osumnji\u010denog, na pragove pogo\u0111ene ku\u0107e, u grob.<\/span><\/p>\n<p>Istodobno postoji i tradicija upotrebe \u010de\u0161njaka kao za\u0161tite od urokljivog pogleda, neovisna o predaji o vampirima.<\/p><p>Ona je posebno izra\u017eena na Sredozemlju: u Gr\u010dkoj, ju\u017enoj Italiji, Turskoj i na Bliskom istoku, no\u0161enje komadi\u0107a \u010de\u0161njaka ili vje\u0161anje vijenaca od \u010de\u0161njaka smatra se za\u0161titom od nazara, urokljivog pogleda. Zajedno sa <a href=\"https:\/\/iwell-guard.com\/hr\/?page_id=150011\">solju<\/a> i plavim amuletima protiv urokljivog oka, \u010de\u0161njak u tom podru\u010dju \u010dini klasi\u010dan komplet za\u0161titnih sredstava.<\/p>\t\t\t\t\t\t\t\t<\/div>\n\t\t\t\t<\/div>\n\t\t\t\t\t<\/div>\n\t\t\t\t<\/div>\n\t\t<div class=\"elementor-element elementor-element-iwgs-knoblauch-s2 e-flex e-con-boxed e-con e-parent\" data-id=\"iwgs-knoblauch-s2\" data-element_type=\"container\" data-e-type=\"container\">\n\t\t\t\t\t<div class=\"e-con-inner\">\n\t\t\t\t<div class=\"elementor-element elementor-element-iwgs-knoblauch-s2h elementor-widget elementor-widget-heading\" data-id=\"iwgs-knoblauch-s2h\" data-element_type=\"widget\" data-e-type=\"widget\" data-widget_type=\"heading.default\">\n\t\t\t\t\t<h2 class=\"elementor-heading-title elementor-size-default\">Princip djelovanja prema predaji<\/h2>\t\t\t\t<\/div>\n\t\t<div class=\"elementor-element elementor-element-iw-knoblauch-s2-bw e-con-full e-flex e-con e-child\" data-id=\"iw-knoblauch-s2-bw\" data-element_type=\"container\" data-e-type=\"container\">\n\t\t\t\t<div class=\"elementor-element elementor-element-iwgs-knoblauch-s2t elementor-widget elementor-widget-text-editor\" data-id=\"iwgs-knoblauch-s2t\" data-element_type=\"widget\" data-e-type=\"widget\" data-widget_type=\"text-editor.default\">\n\t\t\t\t\t\t\t\t\t<p><span class=\"iwg-fachbegriff\" data-tooltip=\"Preno\u0161enje znanja i pri\u010da kroz generacije.\" tabindex=\"0\">Predaja<\/span> za\u0161titno djelovanje \u010de\u0161njaka pripisuje nekolicini svojstava.<\/p>\n<p>Prodoran miris naj\u010de\u0161\u0107e se navodi kao obja\u0161njenje. Bi\u0107a koja su prema narodnom vjerovanju vezana za odre\u0111ena svojstva zraka, tamu, ti\u0161inu, hladno\u0107u, prema toj logici ne mogu podnijeti sna\u017enu osjetilnu prisutnost \u010de\u0161njaka.<\/p><p>Miris kao grani\u010dni obilje\u017eiva\u010d \u0161iroko je prisutan u narodnoj predaji: ono \u0161to sna\u017eno miri\u0161e mo\u017ee udaljiti nevidljivo.<\/p>\n<p>U kr\u0161\u0107anski oblikovanim europskim kulturama postoji i simboli\u010dko tuma\u010denje: glavica koja se stvara pod zemljom i prelazi u novi element kad se izvu\u010de smatra se biljkom granice, posrednikom izme\u0111u podzemne i zemaljske sfere. To je svojstvo, prema narodnoj logici, \u010dini prikladnim sredstvom protiv bi\u0107a koja se kre\u0107u istim granicama.<\/p>\n<p><span class=\"iwg-fachbegriff\" data-tooltip=\"Preno\u0161enje znanja i pri\u010da kroz generacije.\" tabindex=\"0\">Predaja<\/span> kao obja\u0161njenje navodi i sna\u017enu vitalnost biljke: \u010de\u0161njak raste u uvjetima u kojima druge biljke ne uspijevaju, njegove lukovice pre\u017eivljavaju su\u0161u i hladno\u0107u. Ta \u017eivotna snaga, prema narodnom shva\u0107anju, prenosi se na njegovu za\u0161titnu funkciju.<\/p>\t\t\t\t\t\t\t\t<\/div>\n\t\t\t\t<\/div>\n\t\t\t\t\t<\/div>\n\t\t\t\t<\/div>\n\t\t<div class=\"elementor-element elementor-element-iwgs-knoblauch-s3 e-flex e-con-boxed e-con e-parent\" data-id=\"iwgs-knoblauch-s3\" data-element_type=\"container\" data-e-type=\"container\">\n\t\t\t\t\t<div class=\"e-con-inner\">\n\t\t\t\t<div class=\"elementor-element elementor-element-iwgs-knoblauch-s3h elementor-widget elementor-widget-heading\" data-id=\"iwgs-knoblauch-s3h\" data-element_type=\"widget\" data-e-type=\"widget\" data-widget_type=\"heading.default\">\n\t\t\t\t\t<h2 class=\"elementor-heading-title elementor-size-default\">Rasprostranjenost kroz kulture<\/h2>\t\t\t\t<\/div>\n\t\t<div class=\"elementor-element elementor-element-iw-knoblauch-s3-bw e-con-full e-flex e-con e-child\" data-id=\"iw-knoblauch-s3-bw\" data-element_type=\"container\" data-e-type=\"container\">\n\t\t\t\t<div class=\"elementor-element elementor-element-iwgs-knoblauch-s3t elementor-widget elementor-widget-text-editor\" data-id=\"iwgs-knoblauch-s3t\" data-element_type=\"widget\" data-e-type=\"widget\" data-widget_type=\"text-editor.default\">\n\t\t\t\t\t\t\t\t\t<p>Upotreba \u010de\u0161njaka kao za\u0161titnog sredstva zabilje\u017eena je na vi\u0161e kontinenata, iako s razli\u010ditim naglascima.<\/p>\n<p>U <strong>isto\u010dnoj Europi<\/strong> veza sa za\u0161titom od vampira najizra\u017eenija je. Od Srbije preko Rumunjske, Ukrajine i Bulgarske do Poljske, \u010de\u0161njak spada u standardnu opremu za\u0161tite od vampira i vampirskih bi\u0107a. \u010ce\u0161njak u hrani, iznad vrata i na krevetima dosljedno se javlja u etnografskim izvje\u0161tajima iz 19. i ranog 20. stolje\u0107a.<\/p>\n<p>Na <strong>Sredozemlju<\/strong> u prvom je planu za\u0161tita od urokljivog pogleda. Vijenci od \u010de\u0161njaka iznad ulaznih vrata, komadi\u0107i \u010de\u0161njaka na dje\u010djim kreveti\u0107ima i no\u0161enje malih komadi\u0107a \u010de\u0161njaka ra\u0161ireni su u Gr\u010dkoj, ju\u017enoj Italiji, \u0160panjolskoj i na Levantu.<\/p>\n<p>Na <strong>Bliskom istoku<\/strong> se u nekim islamskim narodnim tradicijama \u010de\u0161njak opisuje kao za\u0161titno sredstvo protiv d\u017eina i \u0161tetnih duhovnih bi\u0107a.<\/p>\n<p>U <strong>Isto\u010dnoj Aziji<\/strong> japanska narodna predaja u ograni\u010denoj mjeri koristi \u010de\u0161njak kao za\u0161titu od demona i zlih duhova, sli\u010dna upotreba javlja se i u nekim kineskim regionalnim kulturama.<\/p>\n<p>U <strong>indijskoj<\/strong> narodnoj predaji \u010de\u0161njak se povremeno spominje u obrednim za\u0161titama od demona i zlih utjecaja, iako tamo igra manje sredi\u0161nju ulogu nego u europskim tradicijama.<\/p>\t\t\t\t\t\t\t\t<\/div>\n\t\t\t\t<\/div>\n\t\t\t\t\t<\/div>\n\t\t\t\t<\/div>\n\t\t<div class=\"elementor-element elementor-element-iwgs-knoblauch-s4 e-flex e-con-boxed e-con e-parent\" data-id=\"iwgs-knoblauch-s4\" data-element_type=\"container\" data-e-type=\"container\">\n\t\t\t\t\t<div class=\"e-con-inner\">\n\t\t\t\t<div class=\"elementor-element elementor-element-iwgs-knoblauch-s4h elementor-widget elementor-widget-heading\" data-id=\"iwgs-knoblauch-s4h\" data-element_type=\"widget\" data-e-type=\"widget\" data-widget_type=\"heading.default\">\n\t\t\t\t\t<h2 class=\"elementor-heading-title elementor-size-default\">Protiv \u010dega se koristi<\/h2>\t\t\t\t<\/div>\n\t\t<div class=\"elementor-element elementor-element-iw-knoblauch-s4-bw e-con-full e-flex e-con e-child\" data-id=\"iw-knoblauch-s4-bw\" data-element_type=\"container\" data-e-type=\"container\">\n\t\t\t\t<div class=\"elementor-element elementor-element-iwgs-knoblauch-s4t elementor-widget elementor-widget-text-editor\" data-id=\"iwgs-knoblauch-s4t\" data-element_type=\"widget\" data-e-type=\"widget\" data-widget_type=\"text-editor.default\">\n\t\t\t\t\t\t\t\t\t<p>Prema predajama, \u010de\u0161njak se ponajvi\u0161e koristio protiv sljede\u0107ih vrsta bi\u0107a i utjecaja:<\/p>\n<p>Protiv <strong>vampira i krvopija<\/strong>: Ovo je narodski najpoznatije podru\u010dje. U isto\u010dnoeuropskoj <span class=\"iwg-fachbegriff\" data-tooltip=\"Preno\u0161enje znanja i pri\u010da kroz generacije.\" tabindex=\"0\">predaji<\/span> \u010de\u0161njak je dio osnovnog skupa sredstava za obranu od vampira. Strigoji, vrkolaci, upiri i srodna bi\u0107a navodno ne mogu podnijeti \u010de\u0161njak.<\/p>\n<p>Protiv <strong>uroka<\/strong>: U mediteranskom prostoru i na Bliskom istoku \u010de\u0161njak se smatra u\u010dinkovitim protuotrovom protiv djelovanja urokljivog pogleda, koji se u tim kulturama shva\u0107a kao stvarna \u0161tetna sila.<\/p>\n<p>Protiv <strong>demona i \u0161tetnih duhovnih bi\u0107a<\/strong>: U vi\u0161e kultura \u010de\u0161njak se koristi za \u010di\u0161\u0107enje prostora od demonske nazo\u010dnosti ili za sprje\u010davanje demona da u\u0111u.<\/p>\n<p>Protiv <strong>duhova bolesti<\/strong>: U nekim narodnim tradicijama, u kojima se bolest smatra izazvanom duhovnim bi\u0107ima, \u010de\u0161njak slu\u017ei kao za\u0161tita od prodora tih duhova.<\/p>\t\t\t\t\t\t\t\t<\/div>\n\t\t\t\t<\/div>\n\t\t\t\t\t<\/div>\n\t\t\t\t<\/div>\n\t\t<div class=\"elementor-element elementor-element-iwgs-knoblauch-s5 e-flex e-con-boxed e-con e-parent\" data-id=\"iwgs-knoblauch-s5\" data-element_type=\"container\" data-e-type=\"container\">\n\t\t\t\t\t<div class=\"e-con-inner\">\n\t\t\t\t<div class=\"elementor-element elementor-element-iwgs-knoblauch-s5h elementor-widget elementor-widget-heading\" data-id=\"iwgs-knoblauch-s5h\" data-element_type=\"widget\" data-e-type=\"widget\" data-widget_type=\"heading.default\">\n\t\t\t\t\t<h2 class=\"elementor-heading-title elementor-size-default\">Primjena i granice<\/h2>\t\t\t\t<\/div>\n\t\t<div class=\"elementor-element elementor-element-iw-knoblauch-s5-bw e-con-full e-flex e-con e-child\" data-id=\"iw-knoblauch-s5-bw\" data-element_type=\"container\" data-e-type=\"container\">\n\t\t\t\t<div class=\"elementor-element elementor-element-iwgs-knoblauch-s5t elementor-widget elementor-widget-text-editor\" data-id=\"iwgs-knoblauch-s5t\" data-element_type=\"widget\" data-e-type=\"widget\" data-widget_type=\"text-editor.default\">\n\t\t\t\t\t\t\t\t\t<p>Osu\u0161eni vijenci \u010de\u0161njaka iznad vrata i prozora najrasprostranjeniji su oblik. Pojedini \u010de\u0161njevi stavljaju se u pukotine, dovratke ili ispod dovratnika. U nekim isto\u010dnoeuropskim tradicijama \u010de\u0161njak se u\u0161iva u odje\u0107u ili nosi u za\u0161titnoj vre\u0107ici. Prije spavanja \u010de\u0161njevi se stavljaju ispod jastuka ili u jastu\u010dnicu.<\/p>\n<p>Neke predaje zahtijevaju svje\u017ei \u010de\u0161njak za za\u0161titno djelovanje; su\u0161eni ili u octu konzerviran \u010de\u0161njak u odre\u0111enim tradicijama smatra se slabijim. Drugi izvori ne vide razliku.<\/p>\n<p>Va\u017eno: folklorna predaja o za\u0161titnom djelovanju \u010de\u0161njaka odnosi se isklju\u010divo na obranu od duhovnih bi\u0107a i natprirodnih utjecaja, kako je opisuje <span class=\"iwg-fachbegriff\" data-tooltip=\"Preno\u0161enje znanja i pri\u010da kroz generacije.\" tabindex=\"0\">predaja<\/span>. S time nije povezana nikakva medicinska tvrdnja o djelovanju.<\/p>\t\t\t\t\t\t\t\t<\/div>\n\t\t\t\t<\/div>\n\t\t\t\t\t<\/div>\n\t\t\t\t<\/div>\n\t\t<div class=\"elementor-element elementor-element-iwgs-knoblauch-lit e-flex e-con-boxed e-con e-parent\" data-id=\"iwgs-knoblauch-lit\" data-element_type=\"container\" data-e-type=\"container\">\n\t\t\t\t\t<div class=\"e-con-inner\">\n\t\t\t\t<div class=\"elementor-element elementor-element-iwgs-knoblauch-lith elementor-widget elementor-widget-heading\" data-id=\"iwgs-knoblauch-lith\" data-element_type=\"widget\" data-e-type=\"widget\" data-widget_type=\"heading.default\">\n\t\t\t\t\t<h2 class=\"elementor-heading-title elementor-size-default\">Literatura (izbor)<\/h2>\t\t\t\t<\/div>\n\t\t<div class=\"elementor-element elementor-element-iw-knoblauch-lit-bw e-con-full e-flex e-con e-child\" data-id=\"iw-knoblauch-lit-bw\" data-element_type=\"container\" data-e-type=\"container\">\n\t\t\t\t<div class=\"elementor-element elementor-element-iwgs-knoblauch-litt elementor-widget elementor-widget-html\" data-id=\"iwgs-knoblauch-litt\" data-element_type=\"widget\" data-e-type=\"widget\" data-widget_type=\"html.default\">\n\t\t\t\t\t<footer data-nosnippet=\"true\"><ul><li>Handw\u00f6rterbuch des deutschen Aberglaubens. Hrsg. von Hanns B\u00e4chtold-St\u00e4ubli und Eduard Hoffmann-Krayer. Berlin \/ Leipzig 1927-1942. Artikel \"Knoblauch\".<\/li><li>Paul Barber: Vampires, Burial, and Death. Yale University Press, 1988.<\/li><li>Alan Dundes (Hrsg.): The Evil Eye: A Casebook. University of Wisconsin Press, 1992.<\/li><li>Montague Summers: The Vampire in Europe. London 1929.<\/li><li>Leander Petzoldt: Kleines Lexikon der D\u00e4monen und Elementargeister. M\u00fcnchen 1990.<\/li><\/ul><\/footer>\t\t\t\t<\/div>\n\t\t\t\t<\/div>\n\t\t\t\t\t<\/div>\n\t\t\t\t<\/div>\n\t\t<div class=\"elementor-element elementor-element-iwgs-knoblauch-kwd e-flex e-con-boxed e-con e-parent\" data-id=\"iwgs-knoblauch-kwd\" data-element_type=\"container\" data-e-type=\"container\">\n\t\t\t\t\t<div class=\"e-con-inner\">\n\t\t<div class=\"elementor-element elementor-element-iw-knoblauch-kwd-bw e-con-full e-flex e-con e-child\" data-id=\"iw-knoblauch-kwd-bw\" data-element_type=\"container\" data-e-type=\"container\">\n\t\t\t\t<div class=\"elementor-element elementor-element-iwgs-knoblauch-kwdt elementor-widget elementor-widget-text-editor\" data-id=\"iwgs-knoblauch-kwdt\" data-element_type=\"widget\" data-e-type=\"widget\" data-widget_type=\"text-editor.default\">\n\t\t\t\t\t\t\t\t\t<p><em>Srodni klju\u010dni pojmovi: cesnjak zastita vampir uroci.<\/em><\/p>\t\t\t\t\t\t\t\t<\/div>\n\t\t\t\t<\/div>\n\t\t\t\t\t<\/div>\n\t\t\t\t<\/div>\n\t\t<div class=\"elementor-element elementor-element-iwgs-knoblauch-cc e-flex e-con-boxed e-con e-parent\" data-id=\"iwgs-knoblauch-cc\" data-element_type=\"container\" data-e-type=\"container\" id=\"iwg-cc-knoblauch\">\n\t\t\t\t\t<div class=\"e-con-inner\">\n\t\t<div class=\"elementor-element elementor-element-iwgs-knoblauch-ccinner e-flex e-con-boxed e-con e-parent\" data-id=\"iwgs-knoblauch-ccinner\" data-element_type=\"container\" data-e-type=\"container\" data-settings=\"{&quot;background_background&quot;:&quot;classic&quot;}\">\n\t\t\t\t\t<div class=\"e-con-inner\">\n\t\t\t\t<div class=\"elementor-element elementor-element-iwgs-knoblauch-cch elementor-widget elementor-widget-heading\" data-id=\"iwgs-knoblauch-cch\" data-element_type=\"widget\" data-e-type=\"widget\" data-widget_type=\"heading.default\">\n\t\t\t\t\t<h2 class=\"elementor-heading-title elementor-size-default\">iWell Guard i tradicije za\u0161tite<\/h2>\t\t\t\t<\/div>\n\t\t\t\t<div class=\"elementor-element elementor-element-iwgs-knoblauch-cct elementor-widget elementor-widget-text-editor\" data-id=\"iwgs-knoblauch-cct\" data-element_type=\"widget\" data-e-type=\"widget\" data-widget_type=\"text-editor.default\">\n\t\t\t\t\t\t\t\t\t<p>\u010ce\u0161njak pokazuje kako se obi\u010dna biljka u mnogim kulturama, istovremeno i neovisno jedna od druge, shva\u0107ala kao nositelj za\u0161tite. Ovo ponavljaju\u0107e uvjerenje da odre\u0111ene prirodne tvari u sebi nose za\u0161titnu snagu \u010dini pozadinu za koncept <a href=\"https:\/\/iwell-guard.com\/hr\/zastitni-privjesak-iwell-guard-kupiti\/\">iWell Guard<\/a>, koji kao nosivi za\u0161titni predmet povezuje razli\u010dite tradicije ljudskog razmi\u0161ljanja o za\u0161titi.<\/p>\t\t\t\t\t\t\t\t<\/div>\n\t\t\t\t<div class=\"elementor-element elementor-element-iwgs-knoblauch-ccb iwg-cc-button iwg-cc-cta-2026-05-13 elementor-widget elementor-widget-jet-button\" data-id=\"iwgs-knoblauch-ccb\" data-element_type=\"widget\" data-e-type=\"widget\" data-widget_type=\"jet-button.default\">\n\t\t\t\t<div class=\"elementor-widget-container\">\n\t\t\t\t\t<div class=\"elementor-jet-button jet-elements\"><div class=\"jet-button__container\"><a class=\"jet-button__instance jet-button__instance--icon-left hover-effect-1\" href=\"\/schutzanhaenger-iwell-guard-kaufen\/?utm_source=iwell-guard.com&amp;utm_medium=info-box&amp;utm_campaign=schutzsymbole\"><div class=\"jet-button__plane jet-button__plane-normal\"><\/div><div class=\"jet-button__plane jet-button__plane-hover\"><\/div><div class=\"jet-button__state jet-button__state-normal\"><span class=\"jet-button__label\">Vi\u0161e o iWell Guardu<\/span><\/div><div class=\"jet-button__state jet-button__state-hover\"><span class=\"jet-button__label\">Vi\u0161e o iWell Guardu<\/span><\/div><\/a><\/div><\/div><style>.elementor-element.elementor-element-iwgs-knoblauch-ccb .jet-button__instance{width:320px;height:56px;}.elementor-element.elementor-element-iwgs-knoblauch-ccb .jet-button__state-normal .jet-button__label{text-align:center;margin:0px 0px 0px 0px;color:#1a1b20;font-family:Montserrat,sans-serif;font-size:13px;font-weight:400;letter-spacing:4px;line-height:1.714em;text-transform:uppercase;}.elementor-element.elementor-element-iwgs-knoblauch-ccb .jet-button__state-hover .jet-button__label{text-align:center;margin:0px 0px 0px 0px;color:#FECC76;font-family:Montserrat,sans-serif;font-size:13px;font-weight:400;letter-spacing:4px;line-height:1.714em;text-transform:uppercase;}.elementor-element.elementor-element-iwgs-knoblauch-ccb .jet-button__plane-normal{background-color:#FECC76;border-style:solid;border-color:#C99540;border-width:2px 2px 2px 2px;}.elementor-element.elementor-element-iwgs-knoblauch-ccb .jet-button__plane-hover{background-color:rgba(0,0,0,0.55);border-style:solid;border-color:#FECC76;border-width:2px 2px 2px 2px;}<\/style>\t\t\t\t<\/div>\n\t\t\t\t<\/div>\n\t\t\t\t<div class=\"elementor-element elementor-element-iwgs-knoblauch-ccd elementor-widget elementor-widget-text-editor\" data-id=\"iwgs-knoblauch-ccd\" data-element_type=\"widget\" data-e-type=\"widget\" data-widget_type=\"text-editor.default\">\n\t\t\t\t\t\t\t\t\t<p style=\"text-align:center;font-size:13px;opacity:0.7;margin-top:14px\" data-nosnippet=\"true\">Osobna iskustva mogu se razlikovati. Nije medicinski proizvod. Nema obe\u0107anja izlje\u010denja.<\/p>\t\t\t\t\t\t\t\t<\/div>\n\t\t\t\t\t<\/div>\n\t\t\t\t<\/div>\n\t\t\t\t\t<\/div>\n\t\t\t\t<\/div>\n\t\t<div class=\"elementor-element elementor-element-iwgs-knoblauch-disc e-flex e-con-boxed e-con e-parent\" data-id=\"iwgs-knoblauch-disc\" data-element_type=\"container\" data-e-type=\"container\">\n\t\t\t\t\t<div class=\"e-con-inner\">\n\t\t<div class=\"elementor-element elementor-element-iw-knoblauch-disc-bw e-con-full e-flex e-con e-child\" data-id=\"iw-knoblauch-disc-bw\" data-element_type=\"container\" data-e-type=\"container\">\n\t\t\t\t<div class=\"elementor-element elementor-element-iwgs-knoblauch-discw elementor-widget elementor-widget-html\" data-id=\"iwgs-knoblauch-discw\" data-element_type=\"widget\" data-e-type=\"widget\" data-widget_type=\"html.default\">\n\t\t\t\t\t<footer data-nosnippet=\"true\" class=\"iwg-disclaimer-block\"><p data-nosnippet=\"true\">iWell Guard <strong>nije medicinski proizvod<\/strong> i ne zamjenjuje lije\u010dni\u010dko ili psihoterapijsko lije\u010denje. Sadr\u017eaji prikazani ovdje predstavljaju religiolo\u0161ku i kulturno-povijesnu interpretaciju, a ne obe\u0107anje duhovnog djelovanja.<\/p><\/footer>\t\t\t\t<\/div>\n\t\t\t\t<\/div>\n\t\t\t\t\t<\/div>\n\t\t\t\t<\/div>\n\t\t\t\t<\/div>\n\t\t","protected":false},"excerpt":{"rendered":"","protected":false},"author":3,"featured_media":4112,"parent":0,"menu_order":0,"comment_status":"closed","ping_status":"closed","template":"elementor_header_footer","meta":{"_yoast_wpseo_focuskw":"cesnjak zastita","_yoast_wpseo_title":"\u010ce\u0161njak kao za\u0161tita od zlih utjecaja","_yoast_wpseo_metadesc":"Prema predaji, \u010de\u0161njak \u0161titi od vampira, urokljivog pogleda i demona. Podrijetlo, princip djelovanja i rasprostranjenost kroz kulture.","_yoast_wpseo_meta-robots-noindex":"","_yoast_wpseo_canonical":"","_angie_page":false,"gefaehrdungsstufe":"","wesen_kultur":"","wesen_klasse":"","footnotes":""},"categories":[],"class_list":["post-150005","page","type-page","status-publish","has-post-thumbnail","hentry"],"yoast_head":"<!-- This site is optimized with the Yoast SEO Premium plugin v27.7 (Yoast SEO v28.3) - https:\/\/yoast.com\/product\/yoast-seo-premium-wordpress\/ -->\n<title>\u010ce\u0161njak kao za\u0161tita od zlih utjecaja<\/title>\n<meta name=\"description\" content=\"Prema predaji, \u010de\u0161njak \u0161titi od vampira, urokljivog pogleda i demona. Podrijetlo, princip djelovanja i rasprostranjenost kroz kulture.\" \/>\n<meta name=\"robots\" content=\"index, follow, max-snippet:-1, max-image-preview:large, max-video-preview:-1\" \/>\n<link rel=\"canonical\" href=\"https:\/\/iwell-guard.com\/hr\/cesnjak-kao-zastita\/\" \/>\n<meta property=\"og:locale\" content=\"hr_HR\" \/>\n<meta property=\"og:type\" content=\"article\" \/>\n<meta property=\"og:title\" content=\"\u010ce\u0161njak kao za\u0161tita\" \/>\n<meta property=\"og:description\" content=\"Prema predaji, \u010de\u0161njak \u0161titi od vampira, urokljivog pogleda i demona. Podrijetlo, princip djelovanja i rasprostranjenost kroz kulture.\" \/>\n<meta property=\"og:url\" content=\"https:\/\/iwell-guard.com\/hr\/cesnjak-kao-zastita\/\" \/>\n<meta property=\"og:site_name\" content=\"iWell Guard\" \/>\n<meta property=\"article:modified_time\" content=\"2026-09-04T05:37:34+00:00\" \/>\n<meta property=\"og:image\" content=\"https:\/\/iwell-guard.com\/wp-content\/uploads\/2026\/05\/schutzsymbol_mediterran_knoblauch.png\" \/>\n\t<meta property=\"og:image:width\" content=\"1024\" \/>\n\t<meta property=\"og:image:height\" content=\"1536\" \/>\n\t<meta property=\"og:image:type\" content=\"image\/png\" \/>\n<meta name=\"twitter:card\" content=\"summary_large_image\" \/>\n<script type=\"application\/ld+json\" class=\"yoast-schema-graph\">{\"@context\":\"https:\\\/\\\/schema.org\",\"@graph\":[{\"@type\":\"WebPage\",\"@id\":\"https:\\\/\\\/iwell-guard.com\\\/hr\\\/cesnjak-kao-zastita\\\/\",\"url\":\"https:\\\/\\\/iwell-guard.com\\\/hr\\\/cesnjak-kao-zastita\\\/\",\"name\":\"\u010ce\u0161njak kao za\u0161tita od zlih utjecaja\",\"isPartOf\":{\"@id\":\"https:\\\/\\\/iwell-guard.com\\\/hr\\\/#website\"},\"primaryImageOfPage\":{\"@id\":\"https:\\\/\\\/iwell-guard.com\\\/hr\\\/cesnjak-kao-zastita\\\/#primaryimage\"},\"image\":{\"@id\":\"https:\\\/\\\/iwell-guard.com\\\/hr\\\/cesnjak-kao-zastita\\\/#primaryimage\"},\"thumbnailUrl\":\"https:\\\/\\\/iwell-guard.com\\\/wp-content\\\/uploads\\\/2026\\\/05\\\/schutzsymbol_mediterran_knoblauch.png\",\"datePublished\":\"2026-09-04T05:15:21+00:00\",\"dateModified\":\"2026-09-04T05:37:34+00:00\",\"description\":\"Prema predaji, \u010de\u0161njak \u0161titi od vampira, urokljivog pogleda i demona. Podrijetlo, princip djelovanja i rasprostranjenost kroz kulture.\",\"breadcrumb\":{\"@id\":\"https:\\\/\\\/iwell-guard.com\\\/hr\\\/cesnjak-kao-zastita\\\/#breadcrumb\"},\"inLanguage\":\"hr\",\"potentialAction\":[{\"@type\":\"ReadAction\",\"target\":[\"https:\\\/\\\/iwell-guard.com\\\/hr\\\/cesnjak-kao-zastita\\\/\"]}]},{\"@type\":\"ImageObject\",\"inLanguage\":\"hr\",\"@id\":\"https:\\\/\\\/iwell-guard.com\\\/hr\\\/cesnjak-kao-zastita\\\/#primaryimage\",\"url\":\"https:\\\/\\\/iwell-guard.com\\\/wp-content\\\/uploads\\\/2026\\\/05\\\/schutzsymbol_mediterran_knoblauch.png\",\"contentUrl\":\"https:\\\/\\\/iwell-guard.com\\\/wp-content\\\/uploads\\\/2026\\\/05\\\/schutzsymbol_mediterran_knoblauch.png\",\"width\":1024,\"height\":1536,\"caption\":\"\u010ce\u0161njak kao za\u0161tita, povijesno-ilustrativno\"},{\"@type\":\"BreadcrumbList\",\"@id\":\"https:\\\/\\\/iwell-guard.com\\\/hr\\\/cesnjak-kao-zastita\\\/#breadcrumb\",\"itemListElement\":[{\"@type\":\"ListItem\",\"position\":1,\"name\":\"Start\",\"item\":\"https:\\\/\\\/iwell-guard.com\\\/hr\\\/?page_id=149317\"},{\"@type\":\"ListItem\",\"position\":2,\"name\":\"\u010ce\u0161njak kao za\u0161tita\"}]},{\"@type\":\"WebSite\",\"@id\":\"https:\\\/\\\/iwell-guard.com\\\/hr\\\/#website\",\"url\":\"https:\\\/\\\/iwell-guard.com\\\/hr\\\/\",\"name\":\"iWell Guard\",\"description\":\"Schutz vor dunklen Einfl\u00fcssen\",\"publisher\":{\"@id\":\"https:\\\/\\\/iwell-guard.com\\\/hr\\\/#organization\"},\"potentialAction\":[{\"@type\":\"SearchAction\",\"target\":{\"@type\":\"EntryPoint\",\"urlTemplate\":\"https:\\\/\\\/iwell-guard.com\\\/hr\\\/?s={search_term_string}\"},\"query-input\":{\"@type\":\"PropertyValueSpecification\",\"valueRequired\":true,\"valueName\":\"search_term_string\"}}],\"inLanguage\":\"hr\"},{\"@type\":\"Organization\",\"@id\":\"https:\\\/\\\/iwell-guard.com\\\/hr\\\/#organization\",\"name\":\"Ittermann electronic GmbH\",\"url\":\"https:\\\/\\\/iwell-guard.com\\\/hr\\\/\",\"logo\":{\"@type\":\"ImageObject\",\"inLanguage\":\"hr\",\"@id\":\"https:\\\/\\\/iwell-guard.com\\\/hr\\\/#\\\/schema\\\/logo\\\/image\\\/\",\"url\":\"https:\\\/\\\/iwell-guard.com\\\/wp-content\\\/uploads\\\/2026\\\/05\\\/Ittermann-Logo-1182x237-1.png\",\"contentUrl\":\"https:\\\/\\\/iwell-guard.com\\\/wp-content\\\/uploads\\\/2026\\\/05\\\/Ittermann-Logo-1182x237-1.png\",\"width\":1182,\"height\":237,\"caption\":\"Ittermann electronic GmbH\"},\"image\":{\"@id\":\"https:\\\/\\\/iwell-guard.com\\\/hr\\\/#\\\/schema\\\/logo\\\/image\\\/\"},\"sameAs\":[\"https:\\\/\\\/pantip.com\\\/profile\\\/9367242\",\"https:\\\/\\\/micro.blog\\\/iwellguard\",\"https:\\\/\\\/www.diggerslist.com\\\/iwellguard\\\/about\",\"https:\\\/\\\/skitterphoto.com\\\/photographers\\\/2870314\\\/iwell-guard\",\"https:\\\/\\\/iwellguard.wordpress.com\\\/2026\\\/06\\\/06\\\/iwell-guard\\\/\",\"https:\\\/\\\/hub.docker.com\\\/u\\\/iwellguard\",\"https:\\\/\\\/www.pinterest.com\\\/iwellguard\\\/\",\"https:\\\/\\\/bit.ly\\\/m\\\/iwellguard\",\"https:\\\/\\\/entre-vos-mains.alsace.eu\\\/profiles\\\/iwellguard\\\/activity\",\"https:\\\/\\\/gravatar.com\\\/reallybeded8fd34\",\"https:\\\/\\\/naijamatta.com\\\/iwellguard\",\"https:\\\/\\\/www.goodreads.com\\\/iwellguard\",\"https:\\\/\\\/profile.hatena.ne.jp\\\/iwellguard\\\/\",\"https:\\\/\\\/experiment.com\\\/users\\\/iwellguard\",\"https:\\\/\\\/wakelet.com\\\/@iWellGuard82270\",\"https:\\\/\\\/www.chordie.com\\\/forum\\\/profile.php?id=2555664\",\"https:\\\/\\\/www.instapaper.com\\\/p\\\/17757966\",\"https:\\\/\\\/www.mapleprimes.com\\\/users\\\/iwellguard\",\"https:\\\/\\\/businesslistingplus.com\\\/profile\\\/iwell-guard\\\/\",\"https:\\\/\\\/telegra.ph\\\/iWell-Guard-06-06\",\"https:\\\/\\\/pbase.com\\\/iwellguard\\\/iwellguard\",\"https:\\\/\\\/b.hatena.ne.jp\\\/iwellguard\\\/20260607#bookmark-4788405196491818882\",\"https:\\\/\\\/fliphtml5.com\\\/home\\\/iwellguard\",\"https:\\\/\\\/anyflip.com\\\/homepage\\\/cmiwl#About\",\"https:\\\/\\\/transfur.com\\\/Users\\\/iwellguard\",\"http:\\\/\\\/delphi.larsbo.org\\\/user\\\/iwellguard\",\"https:\\\/\\\/jobs.lajobsportal.org\\\/profiles\\\/8380803-iwell-guard\",\"https:\\\/\\\/md.chaosdorf.de\\\/s\\\/jfbe5SBdJD\",\"https:\\\/\\\/www.lingvolive.com\\\/en-us\\\/profile\\\/9ecaeaca-ce11-4e51-9e71-01d55e2bff36\\\/translations\",\"https:\\\/\\\/www.fitday.com\\\/fitness\\\/forums\\\/members\\\/iwellguard.html\",\"https:\\\/\\\/www.mymeetbook.com\\\/iwellguard\",\"https:\\\/\\\/pxhere.com\\\/en\\\/photographer-me\\\/5040798\",\"https:\\\/\\\/disqus.com\\\/by\\\/iwellguard\\\/about\\\/\",\"https:\\\/\\\/pastelink.net\\\/hjwciqwq\",\"https:\\\/\\\/pubhtml5.com\\\/homepage\\\/scjhn\\\/\",\"https:\\\/\\\/www.bitchute.com\\\/channel\\\/2O2eOKzNqujT\",\"https:\\\/\\\/audiomack.com\\\/iwellguard\"]}]}<\/script>\n<!-- \/ Yoast SEO Premium plugin. -->","yoast_head_json":{"title":"\u010ce\u0161njak kao za\u0161tita od zlih utjecaja","description":"Prema predaji, \u010de\u0161njak \u0161titi od vampira, urokljivog pogleda i demona. Podrijetlo, princip djelovanja i rasprostranjenost kroz kulture.","robots":{"index":"index","follow":"follow","max-snippet":"max-snippet:-1","max-image-preview":"max-image-preview:large","max-video-preview":"max-video-preview:-1"},"canonical":"https:\/\/iwell-guard.com\/hr\/cesnjak-kao-zastita\/","og_locale":"hr_HR","og_type":"article","og_title":"\u010ce\u0161njak kao za\u0161tita","og_description":"Prema predaji, \u010de\u0161njak \u0161titi od vampira, urokljivog pogleda i demona. Podrijetlo, princip djelovanja i rasprostranjenost kroz kulture.","og_url":"https:\/\/iwell-guard.com\/hr\/cesnjak-kao-zastita\/","og_site_name":"iWell Guard","article_modified_time":"2026-09-04T05:37:34+00:00","og_image":[{"width":1024,"height":1536,"url":"https:\/\/iwell-guard.com\/wp-content\/uploads\/2026\/05\/schutzsymbol_mediterran_knoblauch.png","type":"image\/png"}],"twitter_card":"summary_large_image","schema":{"@context":"https:\/\/schema.org","@graph":[{"@type":"WebPage","@id":"https:\/\/iwell-guard.com\/hr\/cesnjak-kao-zastita\/","url":"https:\/\/iwell-guard.com\/hr\/cesnjak-kao-zastita\/","name":"\u010ce\u0161njak kao za\u0161tita od zlih utjecaja","isPartOf":{"@id":"https:\/\/iwell-guard.com\/hr\/#website"},"primaryImageOfPage":{"@id":"https:\/\/iwell-guard.com\/hr\/cesnjak-kao-zastita\/#primaryimage"},"image":{"@id":"https:\/\/iwell-guard.com\/hr\/cesnjak-kao-zastita\/#primaryimage"},"thumbnailUrl":"https:\/\/iwell-guard.com\/wp-content\/uploads\/2026\/05\/schutzsymbol_mediterran_knoblauch.png","datePublished":"2026-09-04T05:15:21+00:00","dateModified":"2026-09-04T05:37:34+00:00","description":"Prema predaji, \u010de\u0161njak \u0161titi od vampira, urokljivog pogleda i demona. Podrijetlo, princip djelovanja i rasprostranjenost kroz kulture.","breadcrumb":{"@id":"https:\/\/iwell-guard.com\/hr\/cesnjak-kao-zastita\/#breadcrumb"},"inLanguage":"hr","potentialAction":[{"@type":"ReadAction","target":["https:\/\/iwell-guard.com\/hr\/cesnjak-kao-zastita\/"]}]},{"@type":"ImageObject","inLanguage":"hr","@id":"https:\/\/iwell-guard.com\/hr\/cesnjak-kao-zastita\/#primaryimage","url":"https:\/\/iwell-guard.com\/wp-content\/uploads\/2026\/05\/schutzsymbol_mediterran_knoblauch.png","contentUrl":"https:\/\/iwell-guard.com\/wp-content\/uploads\/2026\/05\/schutzsymbol_mediterran_knoblauch.png","width":1024,"height":1536,"caption":"\u010ce\u0161njak kao za\u0161tita, povijesno-ilustrativno"},{"@type":"BreadcrumbList","@id":"https:\/\/iwell-guard.com\/hr\/cesnjak-kao-zastita\/#breadcrumb","itemListElement":[{"@type":"ListItem","position":1,"name":"Start","item":"https:\/\/iwell-guard.com\/hr\/?page_id=149317"},{"@type":"ListItem","position":2,"name":"\u010ce\u0161njak kao za\u0161tita"}]},{"@type":"WebSite","@id":"https:\/\/iwell-guard.com\/hr\/#website","url":"https:\/\/iwell-guard.com\/hr\/","name":"iWell Guard","description":"Schutz vor dunklen Einfl\u00fcssen","publisher":{"@id":"https:\/\/iwell-guard.com\/hr\/#organization"},"potentialAction":[{"@type":"SearchAction","target":{"@type":"EntryPoint","urlTemplate":"https:\/\/iwell-guard.com\/hr\/?s={search_term_string}"},"query-input":{"@type":"PropertyValueSpecification","valueRequired":true,"valueName":"search_term_string"}}],"inLanguage":"hr"},{"@type":"Organization","@id":"https:\/\/iwell-guard.com\/hr\/#organization","name":"Ittermann electronic GmbH","url":"https:\/\/iwell-guard.com\/hr\/","logo":{"@type":"ImageObject","inLanguage":"hr","@id":"https:\/\/iwell-guard.com\/hr\/#\/schema\/logo\/image\/","url":"https:\/\/iwell-guard.com\/wp-content\/uploads\/2026\/05\/Ittermann-Logo-1182x237-1.png","contentUrl":"https:\/\/iwell-guard.com\/wp-content\/uploads\/2026\/05\/Ittermann-Logo-1182x237-1.png","width":1182,"height":237,"caption":"Ittermann electronic GmbH"},"image":{"@id":"https:\/\/iwell-guard.com\/hr\/#\/schema\/logo\/image\/"},"sameAs":["https:\/\/pantip.com\/profile\/9367242","https:\/\/micro.blog\/iwellguard","https:\/\/www.diggerslist.com\/iwellguard\/about","https:\/\/skitterphoto.com\/photographers\/2870314\/iwell-guard","https:\/\/iwellguard.wordpress.com\/2026\/06\/06\/iwell-guard\/","https:\/\/hub.docker.com\/u\/iwellguard","https:\/\/www.pinterest.com\/iwellguard\/","https:\/\/bit.ly\/m\/iwellguard","https:\/\/entre-vos-mains.alsace.eu\/profiles\/iwellguard\/activity","https:\/\/gravatar.com\/reallybeded8fd34","https:\/\/naijamatta.com\/iwellguard","https:\/\/www.goodreads.com\/iwellguard","https:\/\/profile.hatena.ne.jp\/iwellguard\/","https:\/\/experiment.com\/users\/iwellguard","https:\/\/wakelet.com\/@iWellGuard82270","https:\/\/www.chordie.com\/forum\/profile.php?id=2555664","https:\/\/www.instapaper.com\/p\/17757966","https:\/\/www.mapleprimes.com\/users\/iwellguard","https:\/\/businesslistingplus.com\/profile\/iwell-guard\/","https:\/\/telegra.ph\/iWell-Guard-06-06","https:\/\/pbase.com\/iwellguard\/iwellguard","https:\/\/b.hatena.ne.jp\/iwellguard\/20260607#bookmark-4788405196491818882","https:\/\/fliphtml5.com\/home\/iwellguard","https:\/\/anyflip.com\/homepage\/cmiwl#About","https:\/\/transfur.com\/Users\/iwellguard","http:\/\/delphi.larsbo.org\/user\/iwellguard","https:\/\/jobs.lajobsportal.org\/profiles\/8380803-iwell-guard","https:\/\/md.chaosdorf.de\/s\/jfbe5SBdJD","https:\/\/www.lingvolive.com\/en-us\/profile\/9ecaeaca-ce11-4e51-9e71-01d55e2bff36\/translations","https:\/\/www.fitday.com\/fitness\/forums\/members\/iwellguard.html","https:\/\/www.mymeetbook.com\/iwellguard","https:\/\/pxhere.com\/en\/photographer-me\/5040798","https:\/\/disqus.com\/by\/iwellguard\/about\/","https:\/\/pastelink.net\/hjwciqwq","https:\/\/pubhtml5.com\/homepage\/scjhn\/","https:\/\/www.bitchute.com\/channel\/2O2eOKzNqujT","https:\/\/audiomack.com\/iwellguard"]}]}},"_links":{"self":[{"href":"https:\/\/iwell-guard.com\/hr\/wp-json\/wp\/v2\/pages\/150005","targetHints":{"allow":["GET"]}}],"collection":[{"href":"https:\/\/iwell-guard.com\/hr\/wp-json\/wp\/v2\/pages"}],"about":[{"href":"https:\/\/iwell-guard.com\/hr\/wp-json\/wp\/v2\/types\/page"}],"author":[{"embeddable":true,"href":"https:\/\/iwell-guard.com\/hr\/wp-json\/wp\/v2\/users\/3"}],"replies":[{"embeddable":true,"href":"https:\/\/iwell-guard.com\/hr\/wp-json\/wp\/v2\/comments?post=150005"}],"version-history":[{"count":0,"href":"https:\/\/iwell-guard.com\/hr\/wp-json\/wp\/v2\/pages\/150005\/revisions"}],"wp:featuredmedia":[{"embeddable":true,"href":"https:\/\/iwell-guard.com\/hr\/wp-json\/wp\/v2\/media\/4112"}],"wp:attachment":[{"href":"https:\/\/iwell-guard.com\/hr\/wp-json\/wp\/v2\/media?parent=150005"}],"wp:term":[{"taxonomy":"category","embeddable":true,"href":"https:\/\/iwell-guard.com\/hr\/wp-json\/wp\/v2\/categories?post=150005"}],"curies":[{"name":"wp","href":"https:\/\/api.w.org\/{rel}","templated":true}]}}