{"id":150003,"date":"2026-09-04T05:15:20","date_gmt":"2026-09-04T05:15:20","guid":{"rendered":"https:\/\/iwell-guard.com\/?page_id=150003"},"modified":"2026-09-04T05:37:30","modified_gmt":"2026-09-04T05:37:30","slug":"gospina-trava","status":"publish","type":"page","link":"https:\/\/iwell-guard.com\/hr\/gospina-trava\/","title":{"rendered":"Gospina trava"},"content":{"rendered":"\t\t<div data-elementor-type=\"wp-page\" data-elementor-id=\"150003\" class=\"elementor elementor-150003 elementor-3776 elementor-bc-flex-widget\" data-elementor-post-type=\"page\">\n\t\t\t\t<div class=\"elementor-element elementor-element-iwgs-johanniskraut-hero e-flex e-con-boxed e-con e-parent\" data-id=\"iwgs-johanniskraut-hero\" data-element_type=\"container\" data-e-type=\"container\">\n\t\t\t\t\t<div class=\"e-con-inner\">\n\t\t<div class=\"elementor-element elementor-element-iw-johanniskraut-hero-left e-con-full e-flex e-con e-child\" data-id=\"iw-johanniskraut-hero-left\" data-element_type=\"container\" data-e-type=\"container\">\n\t\t\t\t<div class=\"elementor-element elementor-element-iwgs-johanniskraut-h1 elementor-widget elementor-widget-heading\" data-id=\"iwgs-johanniskraut-h1\" data-element_type=\"widget\" data-e-type=\"widget\" data-widget_type=\"heading.default\">\n\t\t\t\t\t<h1 class=\"elementor-heading-title elementor-size-default\">Gospina trava \u2014 za\u0161titna biljka Ivanjskog solsticija<\/h1>\t\t\t\t<\/div>\n\t\t<div class=\"elementor-element elementor-element-iw-johanniskraut-hero-bw e-con-full e-flex e-con e-child\" data-id=\"iw-johanniskraut-hero-bw\" data-element_type=\"container\" data-e-type=\"container\">\n\t\t\t\t<div class=\"elementor-element elementor-element-iwgs-johanniskraut-pills elementor-widget elementor-widget-html\" data-id=\"iwgs-johanniskraut-pills\" data-element_type=\"widget\" data-e-type=\"widget\" data-widget_type=\"html.default\">\n\t\t\t\t\t<div class=\"iwg-pill-row\"><span class=\"iwg-klasse-badge\" tabindex=\"0\" data-tooltip=\"Vrsta za\u0161titnog sredstva.\">Za\u0161titna tvar<\/span><a href=\"https:\/\/iwell-guard.com\/hr\/?page_id=149994\" class=\"iwg-kultur-badge\" tabindex=\"0\" data-tooltip=\"Pregled.\">Za\u0161titne tvari i biljke<\/a><\/div>\t\t\t\t<\/div>\n\t\t\t\t<div class=\"elementor-element elementor-element-iwgs-johanniskraut-lead elementor-widget elementor-widget-text-editor\" data-id=\"iwgs-johanniskraut-lead\" data-element_type=\"widget\" data-e-type=\"widget\" data-widget_type=\"text-editor.default\">\n\t\t\t\t\t\t\t\t\t<p>Gospina trava nosi u latinskoj botanici jedan od najizra\u017eajnijih narodnih naziva koje je ljekovita biljka ikad dobila: <em>Fuga daemonum<\/em>, bijeg demona.<\/p><p>Ovaj naziv, potvr\u0111en jo\u0161 od srednjeg vijeka u botani\u010dkim i teolo\u0161kim tekstovima, sa\u017eima sr\u017e narodne <span class=\"iwg-fachbegriff\" data-tooltip=\"Preno\u0161enje znanja i pri\u010da kroz generacije.\" tabindex=\"0\">predaje<\/span>: biljka koja oko Ivanjdana, 24. lipnja, stoji u punom cvatu, trebala je dr\u017eati demone, alpe i \u0161tetne duhovna bi\u0107a daleko od ku\u0107e i osobe.<\/p>\n<p>Gospina trava dio je <a href=\"https:\/\/iwell-guard.com\/hr\/?page_id=149994\">za\u0161titnih tvari i za\u0161titnih biljaka<\/a> i me\u0111u za\u0161titnim biljkama zauzima posebno mjesto, jer je jedina biljka iz te skupine koja nosi crkveno prihva\u0107en latinski za\u0161titni naziv: naziv <em>Fuga daemonum<\/em> pokazuje da je \u010dak i srednjovjekovna crkva poznavala ovu za\u0161titnu pripisanu mo\u0107, dokumentirala je i uvrstila u svoju botaniku, bez odbacivanja.<\/p><p>Va\u017eno: ova stranica bavi se isklju\u010divo folklornom za\u0161titnom predajom. Medicinske ili farmakolo\u0161ke tvrdnje o biljci nisu predmet ovog \u010dlanka. Blizina solsticiju do danas obilje\u017eava narodno shva\u0107anje gospine trave kao za\u0161titne biljke.<\/p>\t\t\t\t\t\t\t\t<\/div>\n\t\t\t\t<\/div>\n\t\t\t\t<\/div>\n\t\t<div class=\"elementor-element elementor-element-iw-johanniskraut-hero-img e-con-full e-flex e-con e-child\" data-id=\"iw-johanniskraut-hero-img\" data-element_type=\"container\" data-e-type=\"container\">\n\t\t\t\t<div class=\"elementor-element elementor-element-iwgs-johanniskraut-himg iwg-hero-image elementor-widget elementor-widget-image\" data-id=\"iwgs-johanniskraut-himg\" data-element_type=\"widget\" data-e-type=\"widget\" data-widget_type=\"image.default\">\n\t\t\t\t\t\t\t\t\t\t\t\t\t\t\t<img fetchpriority=\"high\" decoding=\"async\" width=\"683\" height=\"1024\" src=\"https:\/\/iwell-guard.com\/wp-content\/uploads\/2026\/05\/schutzsymbol_germanisch_johanniskraut-683x1024.png\" class=\"attachment-large size-large wp-image-151193\" alt=\"Gospina trava \u2013 za\u0161titna biljka ljetnog solsticija, povijesno-ilustrativno\" srcset=\"https:\/\/iwell-guard.com\/wp-content\/uploads\/2026\/05\/schutzsymbol_germanisch_johanniskraut-683x1024.png 683w, https:\/\/iwell-guard.com\/wp-content\/uploads\/2026\/05\/schutzsymbol_germanisch_johanniskraut-200x300.png 200w, https:\/\/iwell-guard.com\/wp-content\/uploads\/2026\/05\/schutzsymbol_germanisch_johanniskraut-768x1152.png 768w, https:\/\/iwell-guard.com\/wp-content\/uploads\/2026\/05\/schutzsymbol_germanisch_johanniskraut.png 1024w\" sizes=\"(max-width: 683px) 100vw, 683px\" \/>\t\t\t\t\t\t\t\t\t\t\t\t\t\t\t<\/div>\n\t\t\t\t<\/div>\n\t\t\t\t\t<\/div>\n\t\t\t\t<\/div>\n\t\t<div class=\"elementor-element elementor-element-iwgs-johanniskraut-s0 e-flex e-con-boxed e-con e-parent\" data-id=\"iwgs-johanniskraut-s0\" data-element_type=\"container\" data-e-type=\"container\">\n\t\t\t\t\t<div class=\"e-con-inner\">\n\t\t\t\t<div class=\"elementor-element elementor-element-iwgs-johanniskraut-s0h elementor-widget elementor-widget-heading\" data-id=\"iwgs-johanniskraut-s0h\" data-element_type=\"widget\" data-e-type=\"widget\" data-widget_type=\"heading.default\">\n\t\t\t\t\t<h2 class=\"elementor-heading-title elementor-size-default\">Pregled<\/h2>\t\t\t\t<\/div>\n\t\t<div class=\"elementor-element elementor-element-iw-johanniskraut-s0-bw e-con-full e-flex e-con e-child\" data-id=\"iw-johanniskraut-s0-bw\" data-element_type=\"container\" data-e-type=\"container\">\n\t\t\t\t<div class=\"elementor-element elementor-element-iwgs-johanniskraut-s0t elementor-widget elementor-widget-text-editor\" data-id=\"iwgs-johanniskraut-s0t\" data-element_type=\"widget\" data-e-type=\"widget\" data-widget_type=\"text-editor.default\">\n\t\t\t\t\t\t\t\t\t<p>U <span class=\"iwg-fachbegriff\" data-tooltip=\"Preno\u0161enje znanja i pri\u010da kroz generacije.\" tabindex=\"0\">predaji<\/span> gospina trava (kantarion) smatra se biljkom za\u0161titnicom od demona, mora i op\u0107eg no\u0107nog djelovanja zlih sila. Zelje se su\u0161i i vje\u0161a u snopovima iznad ulaza, na okvire prozora i uz krevete.<\/p><p>Osobito sna\u017enim smatra se kantarion ubran na Ivanje. Zlatno\u017euti cvjetovi i crvena boja koja se dobiva trljanjem listova u <span class=\"iwg-fachbegriff\" data-tooltip=\"Preno\u0161enje znanja i pri\u010da kroz generacije.\" tabindex=\"0\">predaji<\/span> tuma\u010de se kao znak svjetlosne mo\u0107i koja potiskuje tamu.<\/p>\t\t\t\t\t\t\t\t<\/div>\n\t\t\t\t<\/div>\n\t\t\t\t\t<\/div>\n\t\t\t\t<\/div>\n\t\t<div class=\"elementor-element elementor-element-iwgs-johanniskraut-s1 e-flex e-con-boxed e-con e-parent\" data-id=\"iwgs-johanniskraut-s1\" data-element_type=\"container\" data-e-type=\"container\">\n\t\t\t\t\t<div class=\"e-con-inner\">\n\t\t\t\t<div class=\"elementor-element elementor-element-iwgs-johanniskraut-s1h elementor-widget elementor-widget-heading\" data-id=\"iwgs-johanniskraut-s1h\" data-element_type=\"widget\" data-e-type=\"widget\" data-widget_type=\"heading.default\">\n\t\t\t\t\t<h2 class=\"elementor-heading-title elementor-size-default\">Podrijetlo i predaja<\/h2>\t\t\t\t<\/div>\n\t\t<div class=\"elementor-element elementor-element-iw-johanniskraut-s1-bw e-con-full e-flex e-con e-child\" data-id=\"iw-johanniskraut-s1-bw\" data-element_type=\"container\" data-e-type=\"container\">\n\t\t\t\t<div class=\"elementor-element elementor-element-iwgs-johanniskraut-s1t elementor-widget elementor-widget-text-editor\" data-id=\"iwgs-johanniskraut-s1t\" data-element_type=\"widget\" data-e-type=\"widget\" data-widget_type=\"text-editor.default\">\n\t\t\t\t\t\t\t\t\t<p>Naziv gospina trava (njem. Johanniskraut) upu\u0107uje na Ivana Krstitelja, \u010diji se blagdan slavi 24. lipnja. Ljetni solsticij pada malo prije tog datuma, i u narodnoj predaji solsticijski su se ognjevi predkr\u0161\u0107anskog obi\u010daja stopili s kr\u0161\u0107anskim \u0161tovanjem sveca.<\/p><p>Biljke ubrane u to vrijeme smatrale su se posebno sna\u017enima, jer su u sebi upile najvi\u0161e sun\u010deve snage.<\/p>\n<p><em>Hypericum perforatum<\/em>, botani\u010dki naziv biljke, u samom nazivu vrste sadr\u017ei naznaku: listovi, kada se prislone svjetlu, pokazuju fine perforacije, koje su u narodnoj predaji protuma\u010dene kao ubodi ili o\u017eiljci od rana. Ta veza s patnjom Krstitelja poja\u010dala je religijsko zna\u010denje biljke.<\/p>\n<p>U srednjovjekovnoj botanici Konrada von Megenberga (<em>Buch der Natur<\/em>, 14. stolje\u0107e) gospina trava spominje se u kontekstu obrane od demona i alpa. Paracelsus, lije\u010dnik i prirodni filozof s po\u010detka 16. stolje\u0107a, opisuje biljku u vezi sa svjetlom, \u010di\u0161\u0107enjem i obranom od duhova.<\/p>\n<p>U njema\u010dkoj narodnoj predaji, opse\u017eno dokumentiranoj u priru\u010dniku njema\u010dkog praznovjerja (Handw\u00f6rterbuch des deutschen Aberglaubens), vje\u0161anje snopova gospine trave o Ivanjdanu ubraja se me\u0111u najra\u0161irenije ku\u0107ne prakse. Onaj koji bi na Ivanjdan zaboravio ubrati svje\u017eu travu i objesiti je iznad vrata, u nekim krajevima smatran je neza\u0161ti\u0107enim za nadolaze\u0107u godinu.<\/p>\t\t\t\t\t\t\t\t<\/div>\n\t\t\t\t<\/div>\n\t\t\t\t\t<\/div>\n\t\t\t\t<\/div>\n\t\t<div class=\"elementor-element elementor-element-iwgs-johanniskraut-s2 e-flex e-con-boxed e-con e-parent\" data-id=\"iwgs-johanniskraut-s2\" data-element_type=\"container\" data-e-type=\"container\">\n\t\t\t\t\t<div class=\"e-con-inner\">\n\t\t\t\t<div class=\"elementor-element elementor-element-iwgs-johanniskraut-s2h elementor-widget elementor-widget-heading\" data-id=\"iwgs-johanniskraut-s2h\" data-element_type=\"widget\" data-e-type=\"widget\" data-widget_type=\"heading.default\">\n\t\t\t\t\t<h2 class=\"elementor-heading-title elementor-size-default\">Princip djelovanja prema predaji<\/h2>\t\t\t\t<\/div>\n\t\t<div class=\"elementor-element elementor-element-iw-johanniskraut-s2-bw e-con-full e-flex e-con e-child\" data-id=\"iw-johanniskraut-s2-bw\" data-element_type=\"container\" data-e-type=\"container\">\n\t\t\t\t<div class=\"elementor-element elementor-element-iwgs-johanniskraut-s2t elementor-widget elementor-widget-text-editor\" data-id=\"iwgs-johanniskraut-s2t\" data-element_type=\"widget\" data-e-type=\"widget\" data-widget_type=\"text-editor.default\">\n\t\t\t\t\t\t\t\t\t<p><span class=\"iwg-fachbegriff\" data-tooltip=\"Preno\u0161enje znanja i pri\u010da kroz generacije.\" tabindex=\"0\">Predaja<\/span> za\u0161titno djelovanje gospine trave obrazla\u017ee na vi\u0161e razina.<\/p>\n<p>Pripisivanje svjetlosti najsna\u017enije je tuma\u010denje. Biljka intenzivno cvjeta \u017euto u vrijeme najduljih dnevnih sati u godini, a crvena boja hiperikin, koja izlazi iz istrljanih cvjetova, tuma\u010dena je kao zgusnuto sun\u010devo svjetlo ili kao simboli\u010dka krv sun\u010devog sveca. Bi\u0107a koja tra\u017ee tamu, prema logici te predaje, ne mogu odoljeti ovoj koncentriranoj svjetlosnoj snazi.<\/p>\n<p>Tome se pridodaje i vrijeme berbe: biljke ubrane na Ivanjdan, prema narodnom vjerovanju, stoje na vrhuncu svoje prirodne snage. Granica izme\u0111u obi\u010dne jakosti biljke i njezinog za\u0161titnog djelovanja u ovom shva\u0107anju ne le\u017ei u kemiji, ve\u0107 u trenutku berbe i s njim povezanom kosmi\u010dkom rasporedu energije.<\/p>\n<p>Naposljetku, crkveni naziv <em>Fuga daemonum<\/em> doprinosi dubini predaje: kad je i latinsko-u\u010dena botanika srednjeg vijeka ovu biljku spominjala u vezi obrane od demona, narodna praksa je time dobila potvrdu u pisanoj kulturi kakvu druge za\u0161titne biljke nisu imale.<\/p>\t\t\t\t\t\t\t\t<\/div>\n\t\t\t\t<\/div>\n\t\t\t\t\t<\/div>\n\t\t\t\t<\/div>\n\t\t<div class=\"elementor-element elementor-element-iwgs-johanniskraut-s3 e-flex e-con-boxed e-con e-parent\" data-id=\"iwgs-johanniskraut-s3\" data-element_type=\"container\" data-e-type=\"container\">\n\t\t\t\t\t<div class=\"e-con-inner\">\n\t\t\t\t<div class=\"elementor-element elementor-element-iwgs-johanniskraut-s3h elementor-widget elementor-widget-heading\" data-id=\"iwgs-johanniskraut-s3h\" data-element_type=\"widget\" data-e-type=\"widget\" data-widget_type=\"heading.default\">\n\t\t\t\t\t<h2 class=\"elementor-heading-title elementor-size-default\">Rasprostranjenost kroz kulture<\/h2>\t\t\t\t<\/div>\n\t\t<div class=\"elementor-element elementor-element-iw-johanniskraut-s3-bw e-con-full e-flex e-con e-child\" data-id=\"iw-johanniskraut-s3-bw\" data-element_type=\"container\" data-e-type=\"container\">\n\t\t\t\t<div class=\"elementor-element elementor-element-iwgs-johanniskraut-s3t elementor-widget elementor-widget-text-editor\" data-id=\"iwgs-johanniskraut-s3t\" data-element_type=\"widget\" data-e-type=\"widget\" data-widget_type=\"text-editor.default\">\n\t\t\t\t\t\t\t\t\t<p>Gospina trava kao za\u0161titna biljka prije svega je srednjoeuropska pojava, ali je ostavila trag i u susjednim kulturama.<\/p>\n<p>U <strong>srednjoj i zapadnoj Europi<\/strong> obredna praksa vezana za Ivanjdan opse\u017eno je dokumentirana. Od Bavarske preko Austrije, \u0160vicarske, Francuske do Poljske i balti\u010dkih zemalja, vje\u0161anje gospine trave o Ivanjdanu javlja se kao ujedna\u010den za\u0161titni obi\u010daj.<\/p>\n<p>U <strong>Skandinaviji<\/strong> poznate su sli\u010dne prakse s biljkama solsticija. Sama biljka je rje\u0111a, ali logika solsticijske biljke kao za\u0161titnog sredstva nalazi svoje istovrijednice u lokalnim biljkama poput valerijane.<\/p>\n<p>U <strong>ju\u017enoj Europi<\/strong> i na <strong>Mediteranu<\/strong> Ivanjdan je tako\u0111er poznat kao datum branja \u010darobnih biljaka, a u nekim podru\u010djima Italije i Gr\u010dke gospina trava ima sli\u010dnu ulogu kao u njema\u010dkom govornom podru\u010dju.<\/p>\n<p>U <strong>sjevernoj Africi i na Bliskom istoku<\/strong> biljka je manje prisutna kao za\u0161titno sredstvo, ali se u nekim berberskim i arapskim izvorima narodne medicine povezuje s obranom od duhova.<\/p>\t\t\t\t\t\t\t\t<\/div>\n\t\t\t\t<\/div>\n\t\t\t\t\t<\/div>\n\t\t\t\t<\/div>\n\t\t<div class=\"elementor-element elementor-element-iwgs-johanniskraut-s4 e-flex e-con-boxed e-con e-parent\" data-id=\"iwgs-johanniskraut-s4\" data-element_type=\"container\" data-e-type=\"container\">\n\t\t\t\t\t<div class=\"e-con-inner\">\n\t\t\t\t<div class=\"elementor-element elementor-element-iwgs-johanniskraut-s4h elementor-widget elementor-widget-heading\" data-id=\"iwgs-johanniskraut-s4h\" data-element_type=\"widget\" data-e-type=\"widget\" data-widget_type=\"heading.default\">\n\t\t\t\t\t<h2 class=\"elementor-heading-title elementor-size-default\">Protiv \u010dega se koristi<\/h2>\t\t\t\t<\/div>\n\t\t<div class=\"elementor-element elementor-element-iw-johanniskraut-s4-bw e-con-full e-flex e-con e-child\" data-id=\"iw-johanniskraut-s4-bw\" data-element_type=\"container\" data-e-type=\"container\">\n\t\t\t\t<div class=\"elementor-element elementor-element-iwgs-johanniskraut-s4t elementor-widget elementor-widget-text-editor\" data-id=\"iwgs-johanniskraut-s4t\" data-element_type=\"widget\" data-e-type=\"widget\" data-widget_type=\"text-editor.default\">\n\t\t\t\t\t\t\t\t\t<p>Prema predajama, gospina trava se smatra za\u0161titom osobito protiv:<\/p>\n<p>Protiv <strong>demona i demonskog utjecaja<\/strong>: naziv <em>Fuga daemonum<\/em> izravno upu\u0107uje na to. Trava bi trebala tjerati demone iz prostorija i prisiliti ih da napuste ku\u0107anstvo u kojem je obje\u0161ena.<\/p>\n<p>Protiv <strong>alpova i no\u0107nih mora<\/strong>: u srednjoeuropskoj narodnoj predaji alp, no\u0107ni duh koji sjeda na spava\u010de i mu\u010di ih no\u0107nim morama, glavna je meta za\u0161titne prakse s gospinom travom. Snopovi trave na okvirima kreveta i iznad vrata spava\u0107e sobe trebaju dr\u017eati alp na distanci.<\/p>\n<p>Protiv <strong>vje\u0161tica i \u0161tetnih \u010dini<\/strong>: gospina trava obje\u0161ena na vrata i prozore smatra se i za\u0161titom od ulaska vje\u0161tica ili djelovanja \u0161tetnih \u010dini usmjerenih protiv ku\u0107e.<\/p>\n<p>Protiv <strong>op\u0107e zle djelotvornosti u vrijeme solsticija<\/strong>: u narodnoj praksi Ivanje ozna\u010dava po\u010detak &#8220;opasnije polovice godine&#8221;, u kojoj bi natprirodne sile trebale biti aktivnije. Svje\u017ea trava smatra se sezonskom za\u0161titnom opremom za to razdoblje.<\/p>\t\t\t\t\t\t\t\t<\/div>\n\t\t\t\t<\/div>\n\t\t\t\t\t<\/div>\n\t\t\t\t<\/div>\n\t\t<div class=\"elementor-element elementor-element-iwgs-johanniskraut-s5 e-flex e-con-boxed e-con e-parent\" data-id=\"iwgs-johanniskraut-s5\" data-element_type=\"container\" data-e-type=\"container\">\n\t\t\t\t\t<div class=\"e-con-inner\">\n\t\t\t\t<div class=\"elementor-element elementor-element-iwgs-johanniskraut-s5h elementor-widget elementor-widget-heading\" data-id=\"iwgs-johanniskraut-s5h\" data-element_type=\"widget\" data-e-type=\"widget\" data-widget_type=\"heading.default\">\n\t\t\t\t\t<h2 class=\"elementor-heading-title elementor-size-default\">Primjena i granice<\/h2>\t\t\t\t<\/div>\n\t\t<div class=\"elementor-element elementor-element-iw-johanniskraut-s5-bw e-con-full e-flex e-con e-child\" data-id=\"iw-johanniskraut-s5-bw\" data-element_type=\"container\" data-e-type=\"container\">\n\t\t\t\t<div class=\"elementor-element elementor-element-iwgs-johanniskraut-s5t elementor-widget elementor-widget-text-editor\" data-id=\"iwgs-johanniskraut-s5t\" data-element_type=\"widget\" data-e-type=\"widget\" data-widget_type=\"text-editor.default\">\n\t\t\t\t\t\t\t\t\t<p>Osu\u0161eni snopovi vje\u0161aju se iznad ulaza, u okvire prozora i u spava\u0107e sobe. Prema <span class=\"iwg-fachbegriff\" data-tooltip=\"Preno\u0161enje znanja i pri\u010da kroz generacije.\" tabindex=\"0\">predaji<\/span>, optimalno vrijeme je sam Ivanjski dan ili neposredno prije njega: trava tada rezana nosi punu snagu sunca. Trava sabrana izvan tog razdoblja smatra se, u stro\u017eem tuma\u010denju <span class=\"iwg-fachbegriff\" data-tooltip=\"Preno\u0161enje znanja i pri\u010da kroz generacije.\" tabindex=\"0\">predaje<\/span>, manje djelotvornom.<\/p>\n<p>Neke tradicije zahtijevaju da se trava bere bez \u017eeljeznog alata, dakle golim rukama ili drvenim no\u017eem, da se ne bi remetila prirodna snaga. Druge takvo ograni\u010denje ne poznaju.<\/p>\n<p>Za\u0161titno djelovanje vezano je za mjesto na kojem trava visi: \u0161titi prostor, a ne osobu koja prostor napu\u0161ta. Za osobnu za\u0161titu na putu, u drugim predajama trava se u\u0161ivala u za\u0161titnu vre\u0107icu.<\/p>\n<p>Nijedna medicinska tvrdnja o djelovanju nije povezana s ovom <span class=\"iwg-fachbegriff\" data-tooltip=\"Preno\u0161enje znanja i pri\u010da kroz generacije.\" tabindex=\"0\">predajom<\/span>.<\/p>\t\t\t\t\t\t\t\t<\/div>\n\t\t\t\t<\/div>\n\t\t\t\t\t<\/div>\n\t\t\t\t<\/div>\n\t\t<div class=\"elementor-element elementor-element-iwgs-johanniskraut-lit e-flex e-con-boxed e-con e-parent\" data-id=\"iwgs-johanniskraut-lit\" data-element_type=\"container\" data-e-type=\"container\">\n\t\t\t\t\t<div class=\"e-con-inner\">\n\t\t\t\t<div class=\"elementor-element elementor-element-iwgs-johanniskraut-lith elementor-widget elementor-widget-heading\" data-id=\"iwgs-johanniskraut-lith\" data-element_type=\"widget\" data-e-type=\"widget\" data-widget_type=\"heading.default\">\n\t\t\t\t\t<h2 class=\"elementor-heading-title elementor-size-default\">Literatura (izbor)<\/h2>\t\t\t\t<\/div>\n\t\t<div class=\"elementor-element elementor-element-iw-johanniskraut-lit-bw e-con-full e-flex e-con e-child\" data-id=\"iw-johanniskraut-lit-bw\" data-element_type=\"container\" data-e-type=\"container\">\n\t\t\t\t<div class=\"elementor-element elementor-element-iwgs-johanniskraut-litt elementor-widget elementor-widget-html\" data-id=\"iwgs-johanniskraut-litt\" data-element_type=\"widget\" data-e-type=\"widget\" data-widget_type=\"html.default\">\n\t\t\t\t\t<footer data-nosnippet=\"true\"><ul><li>Handw\u00f6rterbuch des deutschen Aberglaubens. Hrsg. von Hanns B\u00e4chtold-St\u00e4ubli und Eduard Hoffmann-Krayer. Berlin \/ Leipzig 1927-1942. \u010clanak \"Johanniskraut\".<\/li><li>Konrad von Megenberg: Buch der Natur. 14. Jahrhundert (Hrsg. Franz Pfeiffer, Stuttgart 1861).<\/li><li>Marzell, Heinrich: W\u00f6rterbuch der deutschen Pflanzennamen. Leipzig 1943-1979.<\/li><li>Richard Kieckhefer: Magic in the Middle Ages. Cambridge University Press, 1989.<\/li><li>Jacob Grimm: Deutsche Mythologie. 4. Auflage, Berlin 1875-1878.<\/li><\/ul><\/footer>\t\t\t\t<\/div>\n\t\t\t\t<\/div>\n\t\t\t\t\t<\/div>\n\t\t\t\t<\/div>\n\t\t<div class=\"elementor-element elementor-element-iwgs-johanniskraut-kwd e-flex e-con-boxed e-con e-parent\" data-id=\"iwgs-johanniskraut-kwd\" data-element_type=\"container\" data-e-type=\"container\">\n\t\t\t\t\t<div class=\"e-con-inner\">\n\t\t<div class=\"elementor-element elementor-element-iw-johanniskraut-kwd-bw e-con-full e-flex e-con e-child\" data-id=\"iw-johanniskraut-kwd-bw\" data-element_type=\"container\" data-e-type=\"container\">\n\t\t\t\t<div class=\"elementor-element elementor-element-iwgs-johanniskraut-kwdt elementor-widget elementor-widget-text-editor\" data-id=\"iwgs-johanniskraut-kwdt\" data-element_type=\"widget\" data-e-type=\"widget\" data-widget_type=\"text-editor.default\">\n\t\t\t\t\t\t\t\t\t<p><em>Srodni klju\u010dni pojmovi: gospina trava za\u0161tita fuga daemonum demonska trava <span class=\"iwg-fachbegriff\" data-tooltip=\"Religijske predod\u017ebe i obi\u010daji ra\u0161ireni u svakodnevnom \u017eivotu.\" tabindex=\"0\">narodno vjerovanje<\/span>.<\/em><\/p>\t\t\t\t\t\t\t\t<\/div>\n\t\t\t\t<\/div>\n\t\t\t\t\t<\/div>\n\t\t\t\t<\/div>\n\t\t<div class=\"elementor-element elementor-element-iwgs-johanniskraut-cc e-flex e-con-boxed e-con e-parent\" data-id=\"iwgs-johanniskraut-cc\" data-element_type=\"container\" data-e-type=\"container\" id=\"iwg-cc-johanniskraut\">\n\t\t\t\t\t<div class=\"e-con-inner\">\n\t\t<div class=\"elementor-element elementor-element-iwgs-johanniskraut-ccinner e-flex e-con-boxed e-con e-parent\" data-id=\"iwgs-johanniskraut-ccinner\" data-element_type=\"container\" data-e-type=\"container\" data-settings=\"{&quot;background_background&quot;:&quot;classic&quot;}\">\n\t\t\t\t\t<div class=\"e-con-inner\">\n\t\t\t\t<div class=\"elementor-element elementor-element-iwgs-johanniskraut-cch elementor-widget elementor-widget-heading\" data-id=\"iwgs-johanniskraut-cch\" data-element_type=\"widget\" data-e-type=\"widget\" data-widget_type=\"heading.default\">\n\t\t\t\t\t<h2 class=\"elementor-heading-title elementor-size-default\">iWell Guard i tradicije za\u0161tite<\/h2>\t\t\t\t<\/div>\n\t\t\t\t<div class=\"elementor-element elementor-element-iwgs-johanniskraut-cct elementor-widget elementor-widget-text-editor\" data-id=\"iwgs-johanniskraut-cct\" data-element_type=\"widget\" data-e-type=\"widget\" data-widget_type=\"text-editor.default\">\n\t\t\t\t\t\t\t\t\t<p><span class=\"iwg-fachbegriff\" data-tooltip=\"Preno\u0161enje znanja i pri\u010da kroz generacije.\" tabindex=\"0\">Predaja<\/span> o gospinoj travi pokazuje kako su svjetlost i priroda zajedno oblikovale za\u0161titnu predod\u017ebu koja je stolje\u0107ima ostala \u017eiva.<\/p><p>Ideja da odre\u0111ene biljke i tvari, sabrane u pravo vrijeme i na pravom mjestu, razvijaju za\u0161titno djelovanje povezuje se s konceptom <a href=\"https:\/\/iwell-guard.com\/hr\/zastitni-privjesak-iwell-guard-kupiti\/\">iWell Guard<\/a>, predmeta koji u sebi objedinjuje nizove predaja za\u0161titne misli mnogih kultura.<\/p>\t\t\t\t\t\t\t\t<\/div>\n\t\t\t\t<div class=\"elementor-element elementor-element-iwgs-johanniskraut-ccb iwg-cc-button iwg-cc-cta-2026-05-13 elementor-widget elementor-widget-jet-button\" data-id=\"iwgs-johanniskraut-ccb\" data-element_type=\"widget\" data-e-type=\"widget\" data-widget_type=\"jet-button.default\">\n\t\t\t\t<div class=\"elementor-widget-container\">\n\t\t\t\t\t<div class=\"elementor-jet-button jet-elements\"><div class=\"jet-button__container\"><a class=\"jet-button__instance jet-button__instance--icon-left hover-effect-1\" href=\"\/schutzanhaenger-iwell-guard-kaufen\/?utm_source=iwell-guard.com&amp;utm_medium=info-box&amp;utm_campaign=schutzsymbole\"><div class=\"jet-button__plane jet-button__plane-normal\"><\/div><div class=\"jet-button__plane jet-button__plane-hover\"><\/div><div class=\"jet-button__state jet-button__state-normal\"><span class=\"jet-button__label\">Vi\u0161e o iWell Guardu<\/span><\/div><div class=\"jet-button__state jet-button__state-hover\"><span class=\"jet-button__label\">Vi\u0161e o iWell Guardu<\/span><\/div><\/a><\/div><\/div><style>.elementor-element.elementor-element-iwgs-johanniskraut-ccb .jet-button__instance{width:320px;height:56px;}.elementor-element.elementor-element-iwgs-johanniskraut-ccb .jet-button__state-normal .jet-button__label{text-align:center;margin:0px 0px 0px 0px;color:#1a1b20;font-family:Montserrat,sans-serif;font-size:13px;font-weight:400;letter-spacing:4px;line-height:1.714em;text-transform:uppercase;}.elementor-element.elementor-element-iwgs-johanniskraut-ccb .jet-button__state-hover .jet-button__label{text-align:center;margin:0px 0px 0px 0px;color:#FECC76;font-family:Montserrat,sans-serif;font-size:13px;font-weight:400;letter-spacing:4px;line-height:1.714em;text-transform:uppercase;}.elementor-element.elementor-element-iwgs-johanniskraut-ccb .jet-button__plane-normal{background-color:#FECC76;border-style:solid;border-color:#C99540;border-width:2px 2px 2px 2px;}.elementor-element.elementor-element-iwgs-johanniskraut-ccb .jet-button__plane-hover{background-color:rgba(0,0,0,0.55);border-style:solid;border-color:#FECC76;border-width:2px 2px 2px 2px;}<\/style>\t\t\t\t<\/div>\n\t\t\t\t<\/div>\n\t\t\t\t<div class=\"elementor-element elementor-element-iwgs-johanniskraut-ccd elementor-widget elementor-widget-text-editor\" data-id=\"iwgs-johanniskraut-ccd\" data-element_type=\"widget\" data-e-type=\"widget\" data-widget_type=\"text-editor.default\">\n\t\t\t\t\t\t\t\t\t<p style=\"text-align:center;font-size:13px;opacity:0.7;margin-top:14px\" data-nosnippet=\"true\">Osobna iskustva mogu se razlikovati. Nije medicinski proizvod. Nema obe\u0107anja izlje\u010denja.<\/p>\t\t\t\t\t\t\t\t<\/div>\n\t\t\t\t\t<\/div>\n\t\t\t\t<\/div>\n\t\t\t\t\t<\/div>\n\t\t\t\t<\/div>\n\t\t<div class=\"elementor-element elementor-element-iwgs-johanniskraut-disc e-flex e-con-boxed e-con e-parent\" data-id=\"iwgs-johanniskraut-disc\" data-element_type=\"container\" data-e-type=\"container\">\n\t\t\t\t\t<div class=\"e-con-inner\">\n\t\t<div class=\"elementor-element elementor-element-iw-johanniskraut-disc-bw e-con-full e-flex e-con e-child\" data-id=\"iw-johanniskraut-disc-bw\" data-element_type=\"container\" data-e-type=\"container\">\n\t\t\t\t<div class=\"elementor-element elementor-element-iwgs-johanniskraut-discw elementor-widget elementor-widget-html\" data-id=\"iwgs-johanniskraut-discw\" data-element_type=\"widget\" data-e-type=\"widget\" data-widget_type=\"html.default\">\n\t\t\t\t\t<footer data-nosnippet=\"true\" class=\"iwg-disclaimer-block\"><p data-nosnippet=\"true\">iWell Guard <strong>nije medicinski proizvod<\/strong> i ne zamjenjuje lije\u010dni\u010dko ili psihoterapijsko lije\u010denje. Sadr\u017eaji prikazani ovdje predstavljaju religiolo\u0161ku i kulturno-povijesnu interpretaciju, a ne obe\u0107anje duhovnog djelovanja.<\/p><\/footer>\t\t\t\t<\/div>\n\t\t\t\t<\/div>\n\t\t\t\t\t<\/div>\n\t\t\t\t<\/div>\n\t\t\t\t<\/div>\n\t\t","protected":false},"excerpt":{"rendered":"","protected":false},"author":3,"featured_media":4111,"parent":0,"menu_order":0,"comment_status":"closed","ping_status":"closed","template":"elementor_header_footer","meta":{"_yoast_wpseo_focuskw":"gospina trava za\u0161tita","_yoast_wpseo_title":"Gospina trava kao za\u0161titna biljka","_yoast_wpseo_metadesc":"Fuga daemonum: Predaja gospinoj travi pripisuje mo\u0107 tjeranja demona i no\u0107nih duhova. Podrijetlo, princip djelovanja, primjena.","_yoast_wpseo_meta-robots-noindex":"","_yoast_wpseo_canonical":"","_angie_page":false,"gefaehrdungsstufe":"","wesen_kultur":"","wesen_klasse":"","footnotes":""},"categories":[],"class_list":["post-150003","page","type-page","status-publish","has-post-thumbnail","hentry"],"yoast_head":"<!-- This site is optimized with the Yoast SEO Premium plugin v27.7 (Yoast SEO v28.3) - https:\/\/yoast.com\/product\/yoast-seo-premium-wordpress\/ -->\n<title>Gospina trava kao za\u0161titna biljka<\/title>\n<meta name=\"description\" content=\"Fuga daemonum: Predaja gospinoj travi pripisuje mo\u0107 tjeranja demona i no\u0107nih duhova. Podrijetlo, princip djelovanja, primjena.\" \/>\n<meta name=\"robots\" content=\"index, follow, max-snippet:-1, max-image-preview:large, max-video-preview:-1\" \/>\n<link rel=\"canonical\" href=\"https:\/\/iwell-guard.com\/hr\/gospina-trava\/\" \/>\n<meta property=\"og:locale\" content=\"hr_HR\" \/>\n<meta property=\"og:type\" content=\"article\" \/>\n<meta property=\"og:title\" content=\"Gospina trava\" \/>\n<meta property=\"og:description\" content=\"Fuga daemonum: Predaja gospinoj travi pripisuje mo\u0107 tjeranja demona i no\u0107nih duhova. Podrijetlo, princip djelovanja, primjena.\" \/>\n<meta property=\"og:url\" content=\"https:\/\/iwell-guard.com\/hr\/gospina-trava\/\" \/>\n<meta property=\"og:site_name\" content=\"iWell Guard\" \/>\n<meta property=\"article:modified_time\" content=\"2026-09-04T05:37:30+00:00\" \/>\n<meta property=\"og:image\" content=\"https:\/\/iwell-guard.com\/wp-content\/uploads\/2026\/05\/schutzsymbol_germanisch_johanniskraut.png\" \/>\n\t<meta property=\"og:image:width\" content=\"1024\" \/>\n\t<meta property=\"og:image:height\" content=\"1536\" \/>\n\t<meta property=\"og:image:type\" content=\"image\/png\" \/>\n<meta name=\"twitter:card\" content=\"summary_large_image\" \/>\n<script type=\"application\/ld+json\" class=\"yoast-schema-graph\">{\"@context\":\"https:\\\/\\\/schema.org\",\"@graph\":[{\"@type\":\"WebPage\",\"@id\":\"https:\\\/\\\/iwell-guard.com\\\/hr\\\/gospina-trava\\\/\",\"url\":\"https:\\\/\\\/iwell-guard.com\\\/hr\\\/gospina-trava\\\/\",\"name\":\"Gospina trava kao za\u0161titna biljka\",\"isPartOf\":{\"@id\":\"https:\\\/\\\/iwell-guard.com\\\/hr\\\/#website\"},\"primaryImageOfPage\":{\"@id\":\"https:\\\/\\\/iwell-guard.com\\\/hr\\\/gospina-trava\\\/#primaryimage\"},\"image\":{\"@id\":\"https:\\\/\\\/iwell-guard.com\\\/hr\\\/gospina-trava\\\/#primaryimage\"},\"thumbnailUrl\":\"https:\\\/\\\/iwell-guard.com\\\/wp-content\\\/uploads\\\/2026\\\/05\\\/schutzsymbol_germanisch_johanniskraut.png\",\"datePublished\":\"2026-09-04T05:15:20+00:00\",\"dateModified\":\"2026-09-04T05:37:30+00:00\",\"description\":\"Fuga daemonum: Predaja gospinoj travi pripisuje mo\u0107 tjeranja demona i no\u0107nih duhova. Podrijetlo, princip djelovanja, primjena.\",\"breadcrumb\":{\"@id\":\"https:\\\/\\\/iwell-guard.com\\\/hr\\\/gospina-trava\\\/#breadcrumb\"},\"inLanguage\":\"hr\",\"potentialAction\":[{\"@type\":\"ReadAction\",\"target\":[\"https:\\\/\\\/iwell-guard.com\\\/hr\\\/gospina-trava\\\/\"]}]},{\"@type\":\"ImageObject\",\"inLanguage\":\"hr\",\"@id\":\"https:\\\/\\\/iwell-guard.com\\\/hr\\\/gospina-trava\\\/#primaryimage\",\"url\":\"https:\\\/\\\/iwell-guard.com\\\/wp-content\\\/uploads\\\/2026\\\/05\\\/schutzsymbol_germanisch_johanniskraut.png\",\"contentUrl\":\"https:\\\/\\\/iwell-guard.com\\\/wp-content\\\/uploads\\\/2026\\\/05\\\/schutzsymbol_germanisch_johanniskraut.png\",\"width\":1024,\"height\":1536,\"caption\":\"Gospina trava \u2013 za\u0161titna biljka ljetnog solsticija, povijesno-ilustrativno\"},{\"@type\":\"BreadcrumbList\",\"@id\":\"https:\\\/\\\/iwell-guard.com\\\/hr\\\/gospina-trava\\\/#breadcrumb\",\"itemListElement\":[{\"@type\":\"ListItem\",\"position\":1,\"name\":\"Start\",\"item\":\"https:\\\/\\\/iwell-guard.com\\\/hr\\\/?page_id=149317\"},{\"@type\":\"ListItem\",\"position\":2,\"name\":\"Gospina trava\"}]},{\"@type\":\"WebSite\",\"@id\":\"https:\\\/\\\/iwell-guard.com\\\/hr\\\/#website\",\"url\":\"https:\\\/\\\/iwell-guard.com\\\/hr\\\/\",\"name\":\"iWell Guard\",\"description\":\"Schutz vor dunklen Einfl\u00fcssen\",\"publisher\":{\"@id\":\"https:\\\/\\\/iwell-guard.com\\\/hr\\\/#organization\"},\"potentialAction\":[{\"@type\":\"SearchAction\",\"target\":{\"@type\":\"EntryPoint\",\"urlTemplate\":\"https:\\\/\\\/iwell-guard.com\\\/hr\\\/?s={search_term_string}\"},\"query-input\":{\"@type\":\"PropertyValueSpecification\",\"valueRequired\":true,\"valueName\":\"search_term_string\"}}],\"inLanguage\":\"hr\"},{\"@type\":\"Organization\",\"@id\":\"https:\\\/\\\/iwell-guard.com\\\/hr\\\/#organization\",\"name\":\"Ittermann electronic GmbH\",\"url\":\"https:\\\/\\\/iwell-guard.com\\\/hr\\\/\",\"logo\":{\"@type\":\"ImageObject\",\"inLanguage\":\"hr\",\"@id\":\"https:\\\/\\\/iwell-guard.com\\\/hr\\\/#\\\/schema\\\/logo\\\/image\\\/\",\"url\":\"https:\\\/\\\/iwell-guard.com\\\/wp-content\\\/uploads\\\/2026\\\/05\\\/Ittermann-Logo-1182x237-1.png\",\"contentUrl\":\"https:\\\/\\\/iwell-guard.com\\\/wp-content\\\/uploads\\\/2026\\\/05\\\/Ittermann-Logo-1182x237-1.png\",\"width\":1182,\"height\":237,\"caption\":\"Ittermann electronic GmbH\"},\"image\":{\"@id\":\"https:\\\/\\\/iwell-guard.com\\\/hr\\\/#\\\/schema\\\/logo\\\/image\\\/\"},\"sameAs\":[\"https:\\\/\\\/pantip.com\\\/profile\\\/9367242\",\"https:\\\/\\\/micro.blog\\\/iwellguard\",\"https:\\\/\\\/www.diggerslist.com\\\/iwellguard\\\/about\",\"https:\\\/\\\/skitterphoto.com\\\/photographers\\\/2870314\\\/iwell-guard\",\"https:\\\/\\\/iwellguard.wordpress.com\\\/2026\\\/06\\\/06\\\/iwell-guard\\\/\",\"https:\\\/\\\/hub.docker.com\\\/u\\\/iwellguard\",\"https:\\\/\\\/www.pinterest.com\\\/iwellguard\\\/\",\"https:\\\/\\\/bit.ly\\\/m\\\/iwellguard\",\"https:\\\/\\\/entre-vos-mains.alsace.eu\\\/profiles\\\/iwellguard\\\/activity\",\"https:\\\/\\\/gravatar.com\\\/reallybeded8fd34\",\"https:\\\/\\\/naijamatta.com\\\/iwellguard\",\"https:\\\/\\\/www.goodreads.com\\\/iwellguard\",\"https:\\\/\\\/profile.hatena.ne.jp\\\/iwellguard\\\/\",\"https:\\\/\\\/experiment.com\\\/users\\\/iwellguard\",\"https:\\\/\\\/wakelet.com\\\/@iWellGuard82270\",\"https:\\\/\\\/www.chordie.com\\\/forum\\\/profile.php?id=2555664\",\"https:\\\/\\\/www.instapaper.com\\\/p\\\/17757966\",\"https:\\\/\\\/www.mapleprimes.com\\\/users\\\/iwellguard\",\"https:\\\/\\\/businesslistingplus.com\\\/profile\\\/iwell-guard\\\/\",\"https:\\\/\\\/telegra.ph\\\/iWell-Guard-06-06\",\"https:\\\/\\\/pbase.com\\\/iwellguard\\\/iwellguard\",\"https:\\\/\\\/b.hatena.ne.jp\\\/iwellguard\\\/20260607#bookmark-4788405196491818882\",\"https:\\\/\\\/fliphtml5.com\\\/home\\\/iwellguard\",\"https:\\\/\\\/anyflip.com\\\/homepage\\\/cmiwl#About\",\"https:\\\/\\\/transfur.com\\\/Users\\\/iwellguard\",\"http:\\\/\\\/delphi.larsbo.org\\\/user\\\/iwellguard\",\"https:\\\/\\\/jobs.lajobsportal.org\\\/profiles\\\/8380803-iwell-guard\",\"https:\\\/\\\/md.chaosdorf.de\\\/s\\\/jfbe5SBdJD\",\"https:\\\/\\\/www.lingvolive.com\\\/en-us\\\/profile\\\/9ecaeaca-ce11-4e51-9e71-01d55e2bff36\\\/translations\",\"https:\\\/\\\/www.fitday.com\\\/fitness\\\/forums\\\/members\\\/iwellguard.html\",\"https:\\\/\\\/www.mymeetbook.com\\\/iwellguard\",\"https:\\\/\\\/pxhere.com\\\/en\\\/photographer-me\\\/5040798\",\"https:\\\/\\\/disqus.com\\\/by\\\/iwellguard\\\/about\\\/\",\"https:\\\/\\\/pastelink.net\\\/hjwciqwq\",\"https:\\\/\\\/pubhtml5.com\\\/homepage\\\/scjhn\\\/\",\"https:\\\/\\\/www.bitchute.com\\\/channel\\\/2O2eOKzNqujT\",\"https:\\\/\\\/audiomack.com\\\/iwellguard\"]}]}<\/script>\n<!-- \/ Yoast SEO Premium plugin. -->","yoast_head_json":{"title":"Gospina trava kao za\u0161titna biljka","description":"Fuga daemonum: Predaja gospinoj travi pripisuje mo\u0107 tjeranja demona i no\u0107nih duhova. Podrijetlo, princip djelovanja, primjena.","robots":{"index":"index","follow":"follow","max-snippet":"max-snippet:-1","max-image-preview":"max-image-preview:large","max-video-preview":"max-video-preview:-1"},"canonical":"https:\/\/iwell-guard.com\/hr\/gospina-trava\/","og_locale":"hr_HR","og_type":"article","og_title":"Gospina trava","og_description":"Fuga daemonum: Predaja gospinoj travi pripisuje mo\u0107 tjeranja demona i no\u0107nih duhova. Podrijetlo, princip djelovanja, primjena.","og_url":"https:\/\/iwell-guard.com\/hr\/gospina-trava\/","og_site_name":"iWell Guard","article_modified_time":"2026-09-04T05:37:30+00:00","og_image":[{"width":1024,"height":1536,"url":"https:\/\/iwell-guard.com\/wp-content\/uploads\/2026\/05\/schutzsymbol_germanisch_johanniskraut.png","type":"image\/png"}],"twitter_card":"summary_large_image","schema":{"@context":"https:\/\/schema.org","@graph":[{"@type":"WebPage","@id":"https:\/\/iwell-guard.com\/hr\/gospina-trava\/","url":"https:\/\/iwell-guard.com\/hr\/gospina-trava\/","name":"Gospina trava kao za\u0161titna biljka","isPartOf":{"@id":"https:\/\/iwell-guard.com\/hr\/#website"},"primaryImageOfPage":{"@id":"https:\/\/iwell-guard.com\/hr\/gospina-trava\/#primaryimage"},"image":{"@id":"https:\/\/iwell-guard.com\/hr\/gospina-trava\/#primaryimage"},"thumbnailUrl":"https:\/\/iwell-guard.com\/wp-content\/uploads\/2026\/05\/schutzsymbol_germanisch_johanniskraut.png","datePublished":"2026-09-04T05:15:20+00:00","dateModified":"2026-09-04T05:37:30+00:00","description":"Fuga daemonum: Predaja gospinoj travi pripisuje mo\u0107 tjeranja demona i no\u0107nih duhova. Podrijetlo, princip djelovanja, primjena.","breadcrumb":{"@id":"https:\/\/iwell-guard.com\/hr\/gospina-trava\/#breadcrumb"},"inLanguage":"hr","potentialAction":[{"@type":"ReadAction","target":["https:\/\/iwell-guard.com\/hr\/gospina-trava\/"]}]},{"@type":"ImageObject","inLanguage":"hr","@id":"https:\/\/iwell-guard.com\/hr\/gospina-trava\/#primaryimage","url":"https:\/\/iwell-guard.com\/wp-content\/uploads\/2026\/05\/schutzsymbol_germanisch_johanniskraut.png","contentUrl":"https:\/\/iwell-guard.com\/wp-content\/uploads\/2026\/05\/schutzsymbol_germanisch_johanniskraut.png","width":1024,"height":1536,"caption":"Gospina trava \u2013 za\u0161titna biljka ljetnog solsticija, povijesno-ilustrativno"},{"@type":"BreadcrumbList","@id":"https:\/\/iwell-guard.com\/hr\/gospina-trava\/#breadcrumb","itemListElement":[{"@type":"ListItem","position":1,"name":"Start","item":"https:\/\/iwell-guard.com\/hr\/?page_id=149317"},{"@type":"ListItem","position":2,"name":"Gospina trava"}]},{"@type":"WebSite","@id":"https:\/\/iwell-guard.com\/hr\/#website","url":"https:\/\/iwell-guard.com\/hr\/","name":"iWell Guard","description":"Schutz vor dunklen Einfl\u00fcssen","publisher":{"@id":"https:\/\/iwell-guard.com\/hr\/#organization"},"potentialAction":[{"@type":"SearchAction","target":{"@type":"EntryPoint","urlTemplate":"https:\/\/iwell-guard.com\/hr\/?s={search_term_string}"},"query-input":{"@type":"PropertyValueSpecification","valueRequired":true,"valueName":"search_term_string"}}],"inLanguage":"hr"},{"@type":"Organization","@id":"https:\/\/iwell-guard.com\/hr\/#organization","name":"Ittermann electronic GmbH","url":"https:\/\/iwell-guard.com\/hr\/","logo":{"@type":"ImageObject","inLanguage":"hr","@id":"https:\/\/iwell-guard.com\/hr\/#\/schema\/logo\/image\/","url":"https:\/\/iwell-guard.com\/wp-content\/uploads\/2026\/05\/Ittermann-Logo-1182x237-1.png","contentUrl":"https:\/\/iwell-guard.com\/wp-content\/uploads\/2026\/05\/Ittermann-Logo-1182x237-1.png","width":1182,"height":237,"caption":"Ittermann electronic GmbH"},"image":{"@id":"https:\/\/iwell-guard.com\/hr\/#\/schema\/logo\/image\/"},"sameAs":["https:\/\/pantip.com\/profile\/9367242","https:\/\/micro.blog\/iwellguard","https:\/\/www.diggerslist.com\/iwellguard\/about","https:\/\/skitterphoto.com\/photographers\/2870314\/iwell-guard","https:\/\/iwellguard.wordpress.com\/2026\/06\/06\/iwell-guard\/","https:\/\/hub.docker.com\/u\/iwellguard","https:\/\/www.pinterest.com\/iwellguard\/","https:\/\/bit.ly\/m\/iwellguard","https:\/\/entre-vos-mains.alsace.eu\/profiles\/iwellguard\/activity","https:\/\/gravatar.com\/reallybeded8fd34","https:\/\/naijamatta.com\/iwellguard","https:\/\/www.goodreads.com\/iwellguard","https:\/\/profile.hatena.ne.jp\/iwellguard\/","https:\/\/experiment.com\/users\/iwellguard","https:\/\/wakelet.com\/@iWellGuard82270","https:\/\/www.chordie.com\/forum\/profile.php?id=2555664","https:\/\/www.instapaper.com\/p\/17757966","https:\/\/www.mapleprimes.com\/users\/iwellguard","https:\/\/businesslistingplus.com\/profile\/iwell-guard\/","https:\/\/telegra.ph\/iWell-Guard-06-06","https:\/\/pbase.com\/iwellguard\/iwellguard","https:\/\/b.hatena.ne.jp\/iwellguard\/20260607#bookmark-4788405196491818882","https:\/\/fliphtml5.com\/home\/iwellguard","https:\/\/anyflip.com\/homepage\/cmiwl#About","https:\/\/transfur.com\/Users\/iwellguard","http:\/\/delphi.larsbo.org\/user\/iwellguard","https:\/\/jobs.lajobsportal.org\/profiles\/8380803-iwell-guard","https:\/\/md.chaosdorf.de\/s\/jfbe5SBdJD","https:\/\/www.lingvolive.com\/en-us\/profile\/9ecaeaca-ce11-4e51-9e71-01d55e2bff36\/translations","https:\/\/www.fitday.com\/fitness\/forums\/members\/iwellguard.html","https:\/\/www.mymeetbook.com\/iwellguard","https:\/\/pxhere.com\/en\/photographer-me\/5040798","https:\/\/disqus.com\/by\/iwellguard\/about\/","https:\/\/pastelink.net\/hjwciqwq","https:\/\/pubhtml5.com\/homepage\/scjhn\/","https:\/\/www.bitchute.com\/channel\/2O2eOKzNqujT","https:\/\/audiomack.com\/iwellguard"]}]}},"_links":{"self":[{"href":"https:\/\/iwell-guard.com\/hr\/wp-json\/wp\/v2\/pages\/150003","targetHints":{"allow":["GET"]}}],"collection":[{"href":"https:\/\/iwell-guard.com\/hr\/wp-json\/wp\/v2\/pages"}],"about":[{"href":"https:\/\/iwell-guard.com\/hr\/wp-json\/wp\/v2\/types\/page"}],"author":[{"embeddable":true,"href":"https:\/\/iwell-guard.com\/hr\/wp-json\/wp\/v2\/users\/3"}],"replies":[{"embeddable":true,"href":"https:\/\/iwell-guard.com\/hr\/wp-json\/wp\/v2\/comments?post=150003"}],"version-history":[{"count":0,"href":"https:\/\/iwell-guard.com\/hr\/wp-json\/wp\/v2\/pages\/150003\/revisions"}],"wp:featuredmedia":[{"embeddable":true,"href":"https:\/\/iwell-guard.com\/hr\/wp-json\/wp\/v2\/media\/4111"}],"wp:attachment":[{"href":"https:\/\/iwell-guard.com\/hr\/wp-json\/wp\/v2\/media?parent=150003"}],"wp:term":[{"taxonomy":"category","embeddable":true,"href":"https:\/\/iwell-guard.com\/hr\/wp-json\/wp\/v2\/categories?post=150003"}],"curies":[{"name":"wp","href":"https:\/\/api.w.org\/{rel}","templated":true}]}}