{"id":149991,"date":"2026-09-04T05:15:13","date_gmt":"2026-09-04T05:15:13","guid":{"rendered":"https:\/\/iwell-guard.com\/?page_id=149991"},"modified":"2026-09-04T05:37:16","modified_gmt":"2026-09-04T05:37:16","slug":"zvona-i-zvoncici-kao-bucna-zastita","status":"publish","type":"page","link":"https:\/\/iwell-guard.com\/hr\/zvona-i-zvoncici-kao-bucna-zastita\/","title":{"rendered":"Zvona i zvon\u010di\u0107i kao bu\u010dna za\u0161tita"},"content":{"rendered":"\t\t<div data-elementor-type=\"wp-page\" data-elementor-id=\"149991\" class=\"elementor elementor-149991 elementor-3748 elementor-bc-flex-widget\" data-elementor-post-type=\"page\">\n\t\t\t\t<div class=\"elementor-element elementor-element-iwgs-glocken-hero e-flex e-con-boxed e-con e-parent\" data-id=\"iwgs-glocken-hero\" data-element_type=\"container\" data-e-type=\"container\">\n\t\t\t\t\t<div class=\"e-con-inner\">\n\t\t<div class=\"elementor-element elementor-element-iwgs-glocken-hl e-flex e-con-boxed e-con e-parent\" data-id=\"iwgs-glocken-hl\" data-element_type=\"container\" data-e-type=\"container\">\n\t\t\t\t\t<div class=\"e-con-inner\">\n\t\t<div class=\"elementor-element elementor-element-iwgs-glocken-hlbox e-con-full e-flex e-con e-parent\" data-id=\"iwgs-glocken-hlbox\" data-element_type=\"container\" data-e-type=\"container\">\n\t\t\t\t<div class=\"elementor-element elementor-element-iwgs-glocken-h1 elementor-widget elementor-widget-heading\" data-id=\"iwgs-glocken-h1\" data-element_type=\"widget\" data-e-type=\"widget\" data-widget_type=\"heading.default\">\n\t\t\t\t\t<h1 class=\"elementor-heading-title elementor-size-default\">Zvona i zvon\u010di\u0107i: bu\u010dna za\u0161tita protiv \u0161tetnih duhova<\/h1>\t\t\t\t<\/div>\n\t\t\t\t<div class=\"elementor-element elementor-element-iwgs-glocken-lead elementor-widget elementor-widget-text-editor\" data-id=\"iwgs-glocken-lead\" data-element_type=\"widget\" data-e-type=\"widget\" data-widget_type=\"text-editor.default\">\n\t\t\t\t\t\t\t\t\t<p>Zvona i zvon\u010di\u0107i ubrajaju se me\u0111u najra\u0161irenija bu\u010dna za\u0161titna sredstva. Osnovna zamisao je akusti\u010dna odbrana od \u0161tetnih duhova: glasan, jasan ili produljen zvuk trebao je odagnati \u0161tetne utjecaje. Ovaj \u010dlanak religijskopovijesno smje\u0161ta bu\u010dnu za\u0161titu i prat\u00e2 njezine tragove od <span class=\"iwg-fachbegriff\" data-tooltip=\"Epoha gr\u010dke i rimske kulture, otprilike od 800. pr. Kr. do 600. po. Kr.\" tabindex=\"0\">antike<\/span> do dana\u0161nje recepcije. Pri tome se razlikuje izme\u0111u povijesno dokumentiranih <span class=\"iwg-fachbegriff\" data-tooltip=\"Ukupnost predanih obi\u010daja jedne zajednice.\" tabindex=\"0\">obi\u010daja<\/span> i modernog tuma\u010denja.<\/p>\t\t\t\t\t\t\t\t<\/div>\n\t\t\t\t<\/div>\n\t\t\t\t<div class=\"elementor-element elementor-element-iwgs-glocken-pills elementor-widget elementor-widget-html\" data-id=\"iwgs-glocken-pills\" data-element_type=\"widget\" data-e-type=\"widget\" data-widget_type=\"html.default\">\n\t\t\t\t\t<div class=\"iwg-pill-row\"><span class=\"iwg-klasse-badge\" tabindex=\"0\" data-tooltip=\"Za\u0161titni simbol, amulet ili apotropejski predmet.\">Za\u0161titni simbol<\/span><a href=\"https:\/\/iwell-guard.com\/hr\/zastitni-simboli\/\" class=\"iwg-kultur-badge\" tabindex=\"0\" data-tooltip=\"Tradicija za\u0161tite: Kulturno sveobuhvatno\">Kulturno sveobuhvatno<\/a><span class=\"iwg-tradition-badge\" tabindex=\"0\" data-tooltip=\"Ritualna radnja za odbijanje zla.\">Obredna za\u0161tita<\/span><\/div>\t\t\t\t<\/div>\n\t\t\t\t\t<\/div>\n\t\t\t\t<\/div>\n\t\t<div class=\"elementor-element elementor-element-iwgs-glocken-hr e-con-full e-flex e-con e-parent\" data-id=\"iwgs-glocken-hr\" data-element_type=\"container\" data-e-type=\"container\">\n\t\t\t\t<div class=\"elementor-element elementor-element-iwgs-glocken-himg iwg-hero-image elementor-widget elementor-widget-image\" data-id=\"iwgs-glocken-himg\" data-element_type=\"widget\" data-e-type=\"widget\" data-widget_type=\"image.default\">\n\t\t\t\t\t\t\t\t\t\t\t\t\t\t\t<img fetchpriority=\"high\" decoding=\"async\" width=\"683\" height=\"1024\" src=\"https:\/\/iwell-guard.com\/wp-content\/uploads\/2026\/05\/schutzsymbol_universell_glocken-683x1024.webp\" class=\"attachment-large size-large wp-image-151206\" alt=\"Zvona - za\u0161titni simbol, muzejska ilustracija\" srcset=\"https:\/\/iwell-guard.com\/wp-content\/uploads\/2026\/05\/schutzsymbol_universell_glocken-683x1024.webp 683w, https:\/\/iwell-guard.com\/wp-content\/uploads\/2026\/05\/schutzsymbol_universell_glocken-200x300.webp 200w, https:\/\/iwell-guard.com\/wp-content\/uploads\/2026\/05\/schutzsymbol_universell_glocken-768x1152.webp 768w, https:\/\/iwell-guard.com\/wp-content\/uploads\/2026\/05\/schutzsymbol_universell_glocken.webp 1024w\" sizes=\"(max-width: 683px) 100vw, 683px\" \/>\t\t\t\t\t\t\t\t\t\t\t\t\t\t\t<\/div>\n\t\t\t\t<\/div>\n\t\t\t\t\t<\/div>\n\t\t\t\t<\/div>\n\t\t<div class=\"elementor-element elementor-element-iwgs-glocken-s0 e-flex e-con-boxed e-con e-parent\" data-id=\"iwgs-glocken-s0\" data-element_type=\"container\" data-e-type=\"container\">\n\t\t\t\t\t<div class=\"e-con-inner\">\n\t\t\t\t<div class=\"elementor-element elementor-element-iwgs-glocken-s0h elementor-widget elementor-widget-heading\" data-id=\"iwgs-glocken-s0h\" data-element_type=\"widget\" data-e-type=\"widget\" data-widget_type=\"heading.default\">\n\t\t\t\t\t<h2 class=\"elementor-heading-title elementor-size-default\">Kontekst: zvona i zvon\u010di\u0107i kao bu\u010dna za\u0161tita<\/h2>\t\t\t\t<\/div>\n\t\t<div class=\"elementor-element elementor-element-iwgs-glocken-s0box e-con-full e-flex e-con e-parent\" data-id=\"iwgs-glocken-s0box\" data-element_type=\"container\" data-e-type=\"container\">\n\t\t\t\t<div class=\"elementor-element elementor-element-iwgs-glocken-s0t elementor-widget elementor-widget-text-editor\" data-id=\"iwgs-glocken-s0t\" data-element_type=\"widget\" data-e-type=\"widget\" data-widget_type=\"text-editor.default\">\n\t\t\t\t\t\t\t\t\t<p>Zvona i zvon\u010di\u0107i su zvu\u010dni predmeti kojima se u mnogim kulturama pripisuje odbojno zna\u010denje. Zvono proizvodi pun, daleko \u010dujan ton, dok manji zvon\u010di\u0107 stvara svjetliji, \u010desto ponavljani zvuk.<\/p><p>Osnovna zamisao je akusti\u010dna odbrana. U mnogim sustavima narodnog vjerovanja smatralo se da se \u0161tetni utjecaji mogu odagnati zvukom. Glasan ili svijetao zvuk trebao ih je dr\u017eati podalje ili ih rastjerati.<\/p><p>Zvona i zvon\u010di\u0107i samo su najpoznatiji primjeri. I \u010degrtaljke, bubnjevi, zvi\u017edaljke te glasno dovikivanje ljudi pripadaju bu\u010dnoj za\u0161titi i slijede isto na\u010delo.<\/p><p>Upotreba se kre\u0107e od male zvon\u010dice pri\u010dvr\u0161\u0107ene na odje\u0107u ili \u017eivotinju do velikog zvona postavljenog na gra\u0111evini. Oba nose istu osnovnu zamisao, samo u razli\u010ditim veli\u010dinama.<\/p><p>Unutar <a href=\"https:\/\/iwell-guard.com\/hr\/zastitni-simboli\/\">za\u0161titnih simbola<\/a> zvona i zvon\u010di\u0107i pripadaju skupini akusti\u010dnih za\u0161titnih sredstava. Ne djeluju putem slike ili tvari, nego putem zvuka.<\/p><p>Bu\u010dna za\u0161tita time je manje predmet, a vi\u0161e radnja. Tek zvonjenje ili tresanje \u010dini zvono ili zvon\u010di\u0107 za\u0161titnim sredstvom u u\u017eem smislu.<\/p><p>Zvona i zvon\u010di\u0107i razlikuju se ne samo po veli\u010dini, nego i po namjeni. Veliko zvono vezano je za fiksno mjesto i namjerno se zvoni, a mali zvon\u010di\u0107 prati nositelja i ogla\u0161ava se pri svakom pokretu. Oba oblika nose istu osnovnu zamisao akusti\u010dne odbrane.<\/p>\t\t\t\t\t\t\t\t<\/div>\n\t\t\t\t<\/div>\n\t\t\t\t\t<\/div>\n\t\t\t\t<\/div>\n\t\t<div class=\"elementor-element elementor-element-iwgs-glocken-s1 e-flex e-con-boxed e-con e-parent\" data-id=\"iwgs-glocken-s1\" data-element_type=\"container\" data-e-type=\"container\">\n\t\t\t\t\t<div class=\"e-con-inner\">\n\t\t\t\t<div class=\"elementor-element elementor-element-iwgs-glocken-s1h elementor-widget elementor-widget-heading\" data-id=\"iwgs-glocken-s1h\" data-element_type=\"widget\" data-e-type=\"widget\" data-widget_type=\"heading.default\">\n\t\t\t\t\t<h2 class=\"elementor-heading-title elementor-size-default\">Podrijetlo i povijesna dubina bu\u010dne za\u0161tite<\/h2>\t\t\t\t<\/div>\n\t\t<div class=\"elementor-element elementor-element-iwgs-glocken-s1box e-con-full e-flex e-con e-parent\" data-id=\"iwgs-glocken-s1box\" data-element_type=\"container\" data-e-type=\"container\">\n\t\t\t\t<div class=\"elementor-element elementor-element-iwgs-glocken-s1t elementor-widget elementor-widget-text-editor\" data-id=\"iwgs-glocken-s1t\" data-element_type=\"widget\" data-e-type=\"widget\" data-widget_type=\"text-editor.default\">\n\t\t\t\t\t\t\t\t\t<p>Zvu\u010dni predmeti ubrajaju se me\u0111u najstarije \u010dovjekove tvorevine. \u010cegrtaljke i jednostavni zvon\u010di\u0107i poznati su iz vrlo ranih razdoblja, \u010desto u vezi s <span class=\"iwg-fachbegriff\" data-tooltip=\"Ukupnost religijskih obrednih radnji posve\u0107enih bo\u017eanstvu ili svetom bi\u0107u.\" tabindex=\"0\">kultom<\/span> i <span class=\"iwg-fachbegriff\" data-tooltip=\"Ure\u0111eni slijed simboli\u010dkih radnji s religijskim ili kulturnim zna\u010denjem.\" tabindex=\"0\">ritualom<\/span>.<\/p><p>Zvono u svom razvijenom obliku potvr\u0111eno je od <span class=\"iwg-fachbegriff\" data-tooltip=\"Epoha gr\u010dke i rimske kulture, otprilike od 800. pr. Kr. do 600. po. Kr.\" tabindex=\"0\">antike<\/span>. Iz Kine, Bliskog istoka i mediteranskog prostora sa\u010duvana su metalna zvona i zvon\u010di\u0107i, koji su djelomi\u010dno kori\u0161teni u kultne svrhe.<\/p><p>U Kini zvono ima posebno duboku povijest. Ve\u0107 u <span class=\"iwg-fachbegriff\" data-tooltip=\"Prapovijesna epoha u kojoj je bronca bila najva\u017eniji metal za izradu predmeta.\" tabindex=\"0\">bronzanom dobu<\/span> izra\u0111ivana su umjetni\u010dki obra\u0111ena zvona koja su imala va\u017enu ulogu u glazbi i <span class=\"iwg-fachbegriff\" data-tooltip=\"Ure\u0111eni slijed simboli\u010dkih radnji s religijskim ili kulturnim zna\u010denjem.\" tabindex=\"0\">ritualu<\/span>.<\/p><p>U anti\u010dkom mediteranskom prostoru zvon\u010di\u0107i i mala zvona bili su poznati kao zvu\u010dni i kao za\u0161titni predmeti. Javljaju se na odje\u0107i, na \u017eivotinjama i u kultnom podru\u010dju.<\/p><p>U europskom srednjem vijeku crkveno zvono postalo je sredi\u0161nji zvu\u010dni predmet. S njim su se povezivale religijske i narodne predod\u017ebe, od kojih neke nose odbojno tuma\u010denje.<\/p><p>Sve u svemu, pokazuje se da je zvuku u mnogim kulturama pripisano zna\u010denje koje nadilazi samo \u010dujno. Bu\u010dna za\u0161tita se\u017ee kroz duga razdoblja i mnoge kulture.<\/p><p>S kristijanizacijom Europe zvono je postalo trajan dio crkvenog \u017eivota. Zvona su bila <span class=\"iwg-fachbegriff\" data-tooltip=\"Predana svetome kroz religijski obred i time izdvojena iz svakodnevnog.\" tabindex=\"0\">posve\u0107ivana<\/span> i dobivala imena, a njihovo zvonjenje ure\u0111ivalo je dan i godinu. Uz tu crkvenu upotrebu nadovezivale su se brojne narodne predod\u017ebe.<\/p>\t\t\t\t\t\t\t\t<\/div>\n\t\t\t\t<\/div>\n\t\t\t\t\t<\/div>\n\t\t\t\t<\/div>\n\t\t<div class=\"elementor-element elementor-element-iwgs-glocken-s2 e-flex e-con-boxed e-con e-parent\" data-id=\"iwgs-glocken-s2\" data-element_type=\"container\" data-e-type=\"container\">\n\t\t\t\t\t<div class=\"e-con-inner\">\n\t\t\t\t<div class=\"elementor-element elementor-element-iwgs-glocken-s2h elementor-widget elementor-widget-heading\" data-id=\"iwgs-glocken-s2h\" data-element_type=\"widget\" data-e-type=\"widget\" data-widget_type=\"heading.default\">\n\t\t\t\t\t<h2 class=\"elementor-heading-title elementor-size-default\">Osnovna zamisao o odbojnom zvuku<\/h2>\t\t\t\t<\/div>\n\t\t<div class=\"elementor-element elementor-element-iwgs-glocken-s2box e-con-full e-flex e-con e-parent\" data-id=\"iwgs-glocken-s2box\" data-element_type=\"container\" data-e-type=\"container\">\n\t\t\t\t<div class=\"elementor-element elementor-element-iwgs-glocken-s2t elementor-widget elementor-widget-text-editor\" data-id=\"iwgs-glocken-s2t\" data-element_type=\"widget\" data-e-type=\"widget\" data-widget_type=\"text-editor.default\">\n\t\t\t\t\t\t\t\t\t<p>Rasprostranjena je pomisao da se \u0161tetna bi\u0107a pla\u0161e buke. Glasni i nagli zvukovi smatrali su se ne\u010dim \u0161to tjera ili odbija takva bi\u0107a.<\/p><p>Druga pomisao odnosi se na \u010disto\u0107u i svjetlinu zvuka. Svijetli ton zvona shva\u0107ao se kao jasan i \u010dist. Ta jasnost smatrala se protuslikom utjecajima koji su se do\u017eivljavali kao ne\u010disti.<\/p><p>Uz to dolazi i doseg zvuka. Zvono se \u010duje nadaleko. Njegov ton ispunjava cijeli prostor ili cijelo podru\u010dje. Taj doseg tuma\u010dio se kao slika daleko se\u017eu\u0107e za\u0161tite.<\/p><p>Kod ponavljanog zvuka praporca va\u017enu ulogu ima trajnost. Zvonce pri\u010dvr\u0161\u0107eno na \u017eivotinji ili na odje\u0107i ogla\u0161ava se pri svakom pokretu. Prati nositelja, a njegov zvuk se nastavlja.<\/p><p>Jo\u0161 jedna pomisao odnosi se na najavljuju\u0107e djelovanje. Zvuk zvona pokazuje neko kretanje ili doga\u0111aj. U nekim predajama trebao je i prekinuti pribli\u017eavanje \u0161tetnog utjecaja.<\/p><p>Ovdje opisane predod\u017ebe kulturnopovijesna su obja\u0161njenja. Opisuju za\u0161to je zvuku pripisano odbojno zna\u010denje i dokumentiraju vjerovanje. Nisu dokaz o stvarnom djelovanju. Znanost opisuje predod\u017ebu, ne potvr\u0111uju\u0107i je.<\/p><p>Uz to dolazi i predod\u017eba o zvonu kao glasu. Zvono koje odzvanja u mnogim je predajama shva\u0107ano kao dozivaju\u0107i glas koji ispunjava neko podru\u010dje. Ovo tuma\u010denje povezivalo je zvuk s predod\u017ebom <span class=\"iwg-fachbegriff\" data-tooltip=\"Mole\u0107ivo ili zaklinju\u0107e obra\u0107anje bo\u017eanstvu ili mo\u0107i.\" tabindex=\"0\">zazivanja<\/span>, koje je trebalo otjerati \u0161tetne utjecaje.<\/p><p>Uz to dolazi i pomisao o naglom prekidu. Svijetli, neo\u010dekivani zvuk shva\u0107ao se kao ne\u0161to \u0161to razbija i mijenja stanje. U nekim predajama upravo je to nagli oglas trebao poremetiti djelovanje \u0161tetnog utjecaja.<\/p>\t\t\t\t\t\t\t\t<\/div>\n\t\t\t\t<\/div>\n\t\t\t\t\t<\/div>\n\t\t\t\t<\/div>\n\t\t<div class=\"elementor-element elementor-element-iwgs-glocken-s3 e-flex e-con-boxed e-con e-parent\" data-id=\"iwgs-glocken-s3\" data-element_type=\"container\" data-e-type=\"container\">\n\t\t\t\t\t<div class=\"e-con-inner\">\n\t\t\t\t<div class=\"elementor-element elementor-element-iwgs-glocken-s3h elementor-widget elementor-widget-heading\" data-id=\"iwgs-glocken-s3h\" data-element_type=\"widget\" data-e-type=\"widget\" data-widget_type=\"heading.default\">\n\t\t\t\t\t<h2 class=\"elementor-heading-title elementor-size-default\">Primjeri iz antike i Bliskog istoka<\/h2>\t\t\t\t<\/div>\n\t\t<div class=\"elementor-element elementor-element-iwgs-glocken-s3box e-con-full e-flex e-con e-parent\" data-id=\"iwgs-glocken-s3box\" data-element_type=\"container\" data-e-type=\"container\">\n\t\t\t\t<div class=\"elementor-element elementor-element-iwgs-glocken-s3t elementor-widget elementor-widget-text-editor\" data-id=\"iwgs-glocken-s3t\" data-element_type=\"widget\" data-e-type=\"widget\" data-widget_type=\"text-editor.default\">\n\t\t\t\t\t\t\t\t\t<p>Iz anti\u010dkog mediteranskog prostora sa\u010duvana su brojna mala bronzana zvonca i praporci. Pri\u010dvr\u0161\u0107ivali su se na odje\u0107u, na vrata i na \u017eivotinje, a djelomi\u010dno su bili povezani s odbojnim zna\u010denjem.<\/p><p>U gr\u010dkom i rimskom svijetu praporci se javljaju na amuletima i na dje\u010djem nakitu. Zvuk je trebao pratiti nositelja i dr\u017eati podalje \u0161tetne utjecaje.<\/p><p>Na Bliskom istoku zvonca su zabilje\u017eena na sve\u010danoj i kultnoj odje\u0107i. Iz religijskih tekstova poznato je da su zvonca na sve\u0107eni\u010dkom ruhu imala va\u017enu ulogu.<\/p><p>U Mezopotamiji i u susjednim kulturama zvu\u010dni predmeti kori\u0161teni su u ritualnom podru\u010dju. Bubnjevi i \u010degrtaljke bili su dio radnji koje su, me\u0111u ostalim, trebale slu\u017eiti odbrani od zla.<\/p><p>I glasno dozivanje te stvaranje buke od strane ljudi poznato je iz anti\u010dkih izvora. Kod odre\u0111enih prigoda zajedni\u010dka buka trebala je otjerati \u0161tetne utjecaje.<\/p><p>Ovi primjeri pokazuju da zvuk u anti\u010dkom mediteranskom prostoru i na Bliskom istoku nije slu\u017eio samo glazbi. Bio je dio mre\u017ee predod\u017ebi na koju se nadovezivalo odbojno tuma\u010denje.<\/p><p>I iz faraonskog Egipta sa\u010duvana su mala metalna zvonca koja su se pri\u010dvr\u0161\u0107ivala na nakit i na odje\u0107u. Njihov zvuk trebao je pratiti nositelja i smatran je va\u017enim. Uklapaju se u \u0161irok spektar zna\u010denja u kojem zvuk upu\u0107uje na vi\u0161e od pukog \u010dujnog.<\/p>\t\t\t\t\t\t\t\t<\/div>\n\t\t\t\t<\/div>\n\t\t\t\t\t<\/div>\n\t\t\t\t<\/div>\n\t\t<div class=\"elementor-element elementor-element-iwgs-glocken-s4 e-flex e-con-boxed e-con e-parent\" data-id=\"iwgs-glocken-s4\" data-element_type=\"container\" data-e-type=\"container\">\n\t\t\t\t\t<div class=\"e-con-inner\">\n\t\t\t\t<div class=\"elementor-element elementor-element-iwgs-glocken-s4h elementor-widget elementor-widget-heading\" data-id=\"iwgs-glocken-s4h\" data-element_type=\"widget\" data-e-type=\"widget\" data-widget_type=\"heading.default\">\n\t\t\t\t\t<h2 class=\"elementor-heading-title elementor-size-default\">Primjeri iz europske narodne magije<\/h2>\t\t\t\t<\/div>\n\t\t<div class=\"elementor-element elementor-element-iwgs-glocken-s4box e-con-full e-flex e-con e-parent\" data-id=\"iwgs-glocken-s4box\" data-element_type=\"container\" data-e-type=\"container\">\n\t\t\t\t<div class=\"elementor-element elementor-element-iwgs-glocken-s4t elementor-widget elementor-widget-text-editor\" data-id=\"iwgs-glocken-s4t\" data-element_type=\"widget\" data-e-type=\"widget\" data-widget_type=\"text-editor.default\">\n\t\t\t\t\t\t\t\t\t<p>U europskoj narodnoj magiji buka kao za\u0161tita ima istaknutu ulogu. Etnografske zbirke govore o bu\u010dnim obi\u010dajima kojima su se u odre\u0111enim godi\u0161njim razdobljima trebali otjerati \u0161tetni utjecaji.<\/p><p>Posebno su poznati bu\u010dni ophodi u tamnom dijelu godine. Sa zvonima, praporcima, bi\u010devima i glasnim uzvicima skupine su prolazile selima. Takvi obi\u010daji zabilje\u017eeni su u mnogim regijama alpskog prostora.<\/p><p>Praporci su se pri\u010dvr\u0161\u0107ivali na \u017eivotinje, prije svega na stoku na pa\u0161njaku. Praporac je slu\u017eio pronalasku \u017eivotinje, a istodobno mu se pripisivalo i za\u0161titno zna\u010denje.<\/p><p>Crkvenom zvonu u narodnoj magiji, iznad njegove religijske funkcije, pripisivalo se i odbojno zna\u010denje. Etnografski izvori govore o zvonjavi za nevremena i u drugim situacijama koje su se do\u017eivljavale kao ugro\u017eavaju\u0107e.<\/p><p>Izvje\u0161taji o takvim bu\u010dnim obi\u010dajima dokumentiraju o\u010dekivanja onih koji su ih primjenjivali, a ne dokazano djelovanje. Pokazuju da se zvuk shva\u0107ao kao sredstvo tjeranja zla.<\/p><p>Neki od ovih obi\u010daja, poput zimskih bu\u010dnih ophoda, sa\u010duvani su do danas kao <span class=\"iwg-fachbegriff\" data-tooltip=\"Ukupnost predaja i obi\u010daja jedne zajednice.\" tabindex=\"0\">obi\u010daj<\/span>. Njihovo izvorno odbojno tuma\u010denje pri tome je \u010desto potisnuto u drugi plan.<\/p><p>Etnografski izvori nadalje bilje\u017ee zvonca na konjskoj opremi i na sanjkama. Zvonca su slu\u017eila najavi pribli\u017eavanja zaprege, a istodobno su im pripisivali i odbojno zna\u010denje. Priru\u010dni rje\u010dnik njema\u010dkog praznovjerja svrstava ovaj <span class=\"iwg-fachbegriff\" data-tooltip=\"Predajom prenesena radnja koja se u zajednici redovito ponavlja.\" tabindex=\"0\">obi\u010daj<\/span> u predod\u017ebu o prate\u0107em zvuku.<\/p>\t\t\t\t\t\t\t\t<\/div>\n\t\t\t\t<\/div>\n\t\t\t\t\t<\/div>\n\t\t\t\t<\/div>\n\t\t<div class=\"elementor-element elementor-element-iwgs-glocken-s5 e-flex e-con-boxed e-con e-parent\" data-id=\"iwgs-glocken-s5\" data-element_type=\"container\" data-e-type=\"container\">\n\t\t\t\t\t<div class=\"e-con-inner\">\n\t\t\t\t<div class=\"elementor-element elementor-element-iwgs-glocken-s5h elementor-widget elementor-widget-heading\" data-id=\"iwgs-glocken-s5h\" data-element_type=\"widget\" data-e-type=\"widget\" data-widget_type=\"heading.default\">\n\t\t\t\t\t<h2 class=\"elementor-heading-title elementor-size-default\">Primjeri iz Azije i drugih kultura<\/h2>\t\t\t\t<\/div>\n\t\t<div class=\"elementor-element elementor-element-iwgs-glocken-s5box e-con-full e-flex e-con e-parent\" data-id=\"iwgs-glocken-s5box\" data-element_type=\"container\" data-e-type=\"container\">\n\t\t\t\t<div class=\"elementor-element elementor-element-iwgs-glocken-s5t elementor-widget elementor-widget-text-editor\" data-id=\"iwgs-glocken-s5t\" data-element_type=\"widget\" data-e-type=\"widget\" data-widget_type=\"text-editor.default\">\n\t\t\t\t\t\t\t\t\t<p>U isto\u010dnoj Aziji zvona imaju va\u017enu ulogu u religijskim kontekstima. U hramovima se zvona zvone, a njihovom zvuku pripisuje se pro\u010di\u0161\u0107avaju\u0107e i ure\u0111uju\u0107e zna\u010denje.<\/p><p>U budisti\u010dkoj tradiciji zvona i zvon\u010di\u0107i pripadaju ritualnom priboru. Njihov zvuk ra\u0161\u010dlanjuje radnje i povezuje se s predstavama o \u010disto\u0107i i pa\u017enji.<\/p><p>Na isto\u010dnoazijskim gra\u0111evinama uobi\u010dajeni su vjetrozvon\u010di\u0107i koji zazvone pri svakom dahu vjetra. Njihovom zvuku pripisuje se dijelom za\u0161titno, a dijelom sre\u0107u donose\u0107e zna\u010denje.<\/p><p>U ju\u017enoj Aziji zvona se koriste u hramovima i kod ku\u0107ne molitve. Zvuk prati ritualne radnje i obilje\u017eava njihov po\u010detak.<\/p><p>Kroz sve ove prostore vidljivo je da su zvuku zvona i zvon\u010di\u0107a u mnogim kulturama pridavana zna\u010denja koja nadilaze glazbu. Bu\u010dna za\u0161tita nije <span class=\"iwg-fachbegriff\" data-tooltip=\"Element sadr\u017eaja koji se ponavlja u umjetnosti ili pripovijedanju.\" tabindex=\"0\">motiv<\/span> jedne pojedina\u010dne tradicije.<\/p><p>Raznolikost primjera pokazuje da bu\u010dnu za\u0161titu treba shvatiti kao princip. On se javlja svugdje gdje se zvuku pridaje zna\u010denje odbijanja ili pro\u010di\u0161\u0107avanja.<\/p><p>U dijelovima Afrike zvona i \u010degrtaljke pripadaju ritualnom priboru i prate ples i <span class=\"iwg-fachbegriff\" data-tooltip=\"Mole\u0107ivo ili zaklinju\u0107e obra\u0107anje bo\u017eanstvu ili sili.\" tabindex=\"0\">zazivanje<\/span>. Njihov zvuk ra\u0161\u010dlanjuje radnju i povezuje se s predstavom o pro\u010di\u0161\u0107avanju odre\u0111enog podru\u010dja. Ovi primjeri pokazuju da je odbijaju\u0107i zvuk imao svoje mjesto i izvan Euroazije.<\/p><p>U Mongoliji i dijelovima srednje Azije zvon\u010di\u0107i i zvona pripadaju priboru ritualnih specijalista i pri\u010dvr\u0161\u0107eni su na njihovu odje\u0107u i bubnjeve. Njihov zvuk prati ritualnu radnju i povezuje se s pro\u010di\u0161\u0107avanjem i odbijanjem. I ovi primjeri pokazuju \u0161iroku ra\u0161irenost zvu\u010dne za\u0161tite.<\/p>\t\t\t\t\t\t\t\t<\/div>\n\t\t\t\t<\/div>\n\t\t\t\t\t<\/div>\n\t\t\t\t<\/div>\n\t\t<div class=\"elementor-element elementor-element-iwgs-glocken-s6 e-flex e-con-boxed e-con e-parent\" data-id=\"iwgs-glocken-s6\" data-element_type=\"container\" data-e-type=\"container\">\n\t\t\t\t\t<div class=\"e-con-inner\">\n\t\t\t\t<div class=\"elementor-element elementor-element-iwgs-glocken-s6h elementor-widget elementor-widget-heading\" data-id=\"iwgs-glocken-s6h\" data-element_type=\"widget\" data-e-type=\"widget\" data-widget_type=\"heading.default\">\n\t\t\t\t\t<h2 class=\"elementor-heading-title elementor-size-default\">Primjena u ritualu i svakodnevici<\/h2>\t\t\t\t<\/div>\n\t\t<div class=\"elementor-element elementor-element-iwgs-glocken-s6box e-con-full e-flex e-con e-parent\" data-id=\"iwgs-glocken-s6box\" data-element_type=\"container\" data-e-type=\"container\">\n\t\t\t\t<div class=\"elementor-element elementor-element-iwgs-glocken-s6t elementor-widget elementor-widget-text-editor\" data-id=\"iwgs-glocken-s6t\" data-element_type=\"widget\" data-e-type=\"widget\" data-widget_type=\"text-editor.default\">\n\t\t\t\t\t\t\t\t\t<p>Bu\u010dna za\u0161tita se u svakodnevnom \u017eivotu primjenjivala na razne na\u010dine. Zvonce pri\u010dvr\u0161\u0107eno na \u017eivotinju ili odje\u0107u zazvonilo bi pri svakom pokretu i time neprestano pratilo svog nositelja.<\/p><p>Zvona i vjetrozvon\u010di\u0107i postavljeni na gra\u0111evinama zazvonili bi pri vjetru ili otvaranju vrata. Njihov zvuk bio je vezan za odre\u0111eno mjesto i ogla\u0161avao se \u010dim bi se tamo dogodio pokret.<\/p><p>Bu\u010dne povorke i zajedni\u010dko stvaranje buke bili su vezani za odre\u0111ena vremena. Buka se stvarala ciljano posebno u tamnom dijelu godine i u vrijeme prijelaza godine.<\/p><p>Zvonjava crkvenog zvona slijedila je \u010dvrst poredak, ali je bila vezana i za posebne prigode. Kod nevremena i u situacijama koje su se do\u017eivljavale kao prijete\u0107e, zvonilo se dodatno.<\/p><p>U ritualnim kontekstima, prije svega u religijama Azije, zvonjava zvona dio je utvr\u0111enih postupaka. Zvuk ra\u0161\u010dlanjuje radnju i obilje\u017eava njezine dijelove.<\/p><p>Jedinstvenog ritualnog poretka za bu\u010dnu za\u0161titu nema. To\u010dan oblik ovisio je o regiji, prigodi i tradiciji, \u0161to je etnolo\u0161ka istra\u017eivanja vi\u0161e puta zabilje\u017eila.<\/p><p>Materijal i izrada zvona tako\u0111er su se smatrali zna\u010dajnima. Lijevanje zvona bio je zahtjevan postupak koji je \u010desto pratio blagoslovnim rije\u010dima. Ta pa\u017eljiva izrada sama je pripadala predstavama koje su zvuku zvona davale njegovo posebno zna\u010denje.<\/p>\t\t\t\t\t\t\t\t<\/div>\n\t\t\t\t<\/div>\n\t\t\t\t\t<\/div>\n\t\t\t\t<\/div>\n\t\t<div class=\"elementor-element elementor-element-iwgs-glocken-s7 e-flex e-con-boxed e-con e-parent\" data-id=\"iwgs-glocken-s7\" data-element_type=\"container\" data-e-type=\"container\">\n\t\t\t\t\t<div class=\"e-con-inner\">\n\t\t\t\t<div class=\"elementor-element elementor-element-iwgs-glocken-s7h elementor-widget elementor-widget-heading\" data-id=\"iwgs-glocken-s7h\" data-element_type=\"widget\" data-e-type=\"widget\" data-widget_type=\"heading.default\">\n\t\t\t\t\t<h2 class=\"elementor-heading-title elementor-size-default\">Srodni oblici za\u0161tite i razgrani\u010denje<\/h2>\t\t\t\t<\/div>\n\t\t<div class=\"elementor-element elementor-element-iwgs-glocken-s7box e-con-full e-flex e-con e-parent\" data-id=\"iwgs-glocken-s7box\" data-element_type=\"container\" data-e-type=\"container\">\n\t\t\t\t<div class=\"elementor-element elementor-element-iwgs-glocken-s7t elementor-widget elementor-widget-text-editor\" data-id=\"iwgs-glocken-s7t\" data-element_type=\"widget\" data-e-type=\"widget\" data-widget_type=\"text-editor.default\">\n\t\t\t\t\t\t\t\t\t<p>Bu\u010dna za\u0161tita u srodstvu je sa za\u0161titnim sredstvima koja se nose na tijelu. Zvonce pri\u010dvr\u0161\u0107eno na odje\u0107u istovremeno je <a href=\"https:\/\/iwell-guard.com\/hr\/?page_id=149870\">amulet ili talisman<\/a>, koji, me\u0111utim, djeluje putem zvuka, a ne slike.<\/p><p>Bu\u010dna za\u0161tita je usko povezana s za\u0161titom pragova. Zvona na vratima i ulazima povezuju mjesto otvora s odbijaju\u0107im zvukom.<\/p><p>Od slikovnog amuleta i apotropejske tvari bu\u010dna za\u0161tita se izrazito razlikuje. Slika i tvar u mnogim predstavama djeluju trajno i tiho. Bu\u010dna za\u0161tita djeluje u trenutku zvuka.<\/p><p>Unutar akusti\u010dnih za\u0161titnih sredstava zvona i zvon\u010di\u0107i stoje uz ostale zvu\u010dne predmete. I \u010degrtaljke, bubnjevi, zvi\u017edaljke i ljudsko dozivanje pripadaju ovoj skupini.<\/p><p>Postoji granica prema \u010disto glazbenoj ili signalnoj upotrebi. Zvono koje samo pokazuje vrijeme ili prati glazbu ne nosi nu\u017eno odbijaju\u0107e zna\u010denje.<\/p><p>Ovo razgrani\u010denje poma\u017ee da se bu\u010dna za\u0161tita to\u010dno odredi. Ona je akusti\u010dno za\u0161titno sredstvo koje djeluje u trenutku zvuka i razlikuje se od tihih amuleta i od \u010diste signalne funkcije.<\/p><p>Unutar akusti\u010dnih za\u0161titnih sredstava postoji, nadalje, i veza s izgovorenom i pjevanom rije\u010di. I <span class=\"iwg-fachbegriff\" data-tooltip=\"Mole\u0107ivo ili zaklinju\u0107e obra\u0107anje bo\u017eanstvu ili sili.\" tabindex=\"0\">zazivanje<\/span>, blagoslovna izreka i pjevanje kori\u0161teni su s odbijaju\u0107im zna\u010denjem. Zvono i zvonce time se svrstavaju u \u0161irok\u043e polje zvu\u010dnih radnji.<\/p>\t\t\t\t\t\t\t\t<\/div>\n\t\t\t\t<\/div>\n\t\t\t\t\t<\/div>\n\t\t\t\t<\/div>\n\t\t<div class=\"elementor-element elementor-element-iwgs-glocken-s8 e-flex e-con-boxed e-con e-parent\" data-id=\"iwgs-glocken-s8\" data-element_type=\"container\" data-e-type=\"container\">\n\t\t\t\t\t<div class=\"e-con-inner\">\n\t\t\t\t<div class=\"elementor-element elementor-element-iwgs-glocken-s8h elementor-widget elementor-widget-heading\" data-id=\"iwgs-glocken-s8h\" data-element_type=\"widget\" data-e-type=\"widget\" data-widget_type=\"heading.default\">\n\t\t\t\t\t<h2 class=\"elementor-heading-title elementor-size-default\">Suvremena recepcija bu\u010dne za\u0161tite<\/h2>\t\t\t\t<\/div>\n\t\t<div class=\"elementor-element elementor-element-iwgs-glocken-s8box e-con-full e-flex e-con e-parent\" data-id=\"iwgs-glocken-s8box\" data-element_type=\"container\" data-e-type=\"container\">\n\t\t\t\t<div class=\"elementor-element elementor-element-iwgs-glocken-s8t elementor-widget elementor-widget-text-editor\" data-id=\"iwgs-glocken-s8t\" data-element_type=\"widget\" data-e-type=\"widget\" data-widget_type=\"text-editor.default\">\n\t\t\t\t\t\t\t\t\t<p>Neki obredi buke ostali su do danas \u017eivi kao <span class=\"iwg-fachbegriff\" data-tooltip=\"Ukupnost predaje o obredima jedne zajednice.\" tabindex=\"0\">obi\u010daj<\/span>. Bu\u010dne procesije u tamnom dijelu godine i danas se njeguju u mnogim regijama alpskog prostora, \u010desto kao zajedni\u010dka sve\u010danost.<\/p><p>Kod tih dana\u0161njih obi\u010daja u prvom je planu obi\u010dno zajedni\u010dko do\u017eivljavanje. Izvorno odbojno tuma\u010denje je poznato, ali se rijetko do\u017eivljava kao doslovno zami\u0161ljeno za\u0161titno sredstvo.<\/p><p>U modernoj <span class=\"iwg-fachbegriff\" data-tooltip=\"Zbirni naziv za u\u010denja koja tvrde da posjeduju skriveno znanje dostupno samo upu\u0107enima.\" tabindex=\"0\">ezoterici<\/span> zvuk i ton zvona povremeno se povezuju s pro\u010di\u0161\u0107avaju\u0107im djelovanjem. Takvim praksama pripisuju se u\u010dinci koji nisu dokazani. Treba ih promatrati kriti\u010dki.<\/p><p>Vjetrena zvonca danas su vrlo ra\u0161irena kao ukras. Njihovo staro za\u0161titno ili sre\u0107u donose\u0107e tuma\u010denje pri tome je uglavnom u drugom planu.<\/p><p>Za <span class=\"iwg-fachbegriff\" data-tooltip=\"Znanost koja usporedno i bez vjerske pripadnosti istra\u017euje religije.\" tabindex=\"0\">religiologiju<\/span> bu\u010dna za\u0161tita je pou\u010dan primjer. Pokazuje kako je jedno osjetilno iskustvo, zvuk, moglo postati temelj odbojnog tuma\u010denja.<\/p><p>Onaj koji se danas bavi bu\u010dnom za\u0161titom u tome pronalazi prije svega kulturnohistorijsku temu. Ozbiljan pristup razdvaja dokumentiranu povijest obi\u010daja od modernih obe\u0107anja djelovanja koja ne izdr\u017eavaju provjeru.<\/p><p>U zvonarstvu se stara zvona danas evidentiraju, datiraju i opisuju prema zvuku i <span class=\"iwg-fachbegriff\" data-tooltip=\"Tekst urezan ili uklesan u \u010dvrsti nosa\u010d.\" tabindex=\"0\">natpisu<\/span>. Mnoga nose natpise koji prizivaju za\u0161titu od nevremena i nesre\u0107e. Ti natpisi izravno svjedo\u010de da se zvuku zvona, osim vjerske funkcije, pripisivalo i odbojno zna\u010denje.<\/p>\t\t\t\t\t\t\t\t<\/div>\n\t\t\t\t<\/div>\n\t\t\t\t\t<\/div>\n\t\t\t\t<\/div>\n\t\t<div class=\"elementor-element elementor-element-iwgs-glocken-lit e-flex e-con-boxed e-con e-parent\" data-id=\"iwgs-glocken-lit\" data-element_type=\"container\" data-e-type=\"container\">\n\t\t\t\t\t<div class=\"e-con-inner\">\n\t\t\t\t<div class=\"elementor-element elementor-element-iwgs-glocken-lith elementor-widget elementor-widget-heading\" data-id=\"iwgs-glocken-lith\" data-element_type=\"widget\" data-e-type=\"widget\" data-widget_type=\"heading.default\">\n\t\t\t\t\t<h2 class=\"elementor-heading-title elementor-size-default\">Literatura (izbor)<\/h2>\t\t\t\t<\/div>\n\t\t<div class=\"elementor-element elementor-element-iwgs-glocken-litbox e-con-full e-flex e-con e-parent\" data-id=\"iwgs-glocken-litbox\" data-element_type=\"container\" data-e-type=\"container\">\n\t\t\t\t<div class=\"elementor-element elementor-element-iwgs-glocken-litt elementor-widget elementor-widget-html\" data-id=\"iwgs-glocken-litt\" data-element_type=\"widget\" data-e-type=\"widget\" data-widget_type=\"html.default\">\n\t\t\t\t\t<footer data-nosnippet=\"true\"><ul><li>Hanns B\u00e4chtold-St\u00e4ubli (ur.): <em>Handw\u00f6rterbuch des deutschen Aberglaubens<\/em> (1927-1942)<\/li><li>Liselotte Hansmann, Lenz Kriss-Rettenbeck: <em>Amulett und Talisman. Erscheinungsform und Geschichte<\/em> (1966)<\/li><li>Percival Price: <em>Bells and Man<\/em> (1983)<\/li><li>Wolfram Eberhard: <em>Lexikon chinesischer Symbole<\/em> (1983)<\/li><li>Dietz-R\u00fcdiger Moser: <em>Fastnacht, Fasching, Karneval. Das Fest der verkehrten Welt<\/em> (1986)<\/li><\/ul><\/footer>\t\t\t\t<\/div>\n\t\t\t\t<\/div>\n\t\t\t\t\t<\/div>\n\t\t\t\t<\/div>\n\t\t<div class=\"elementor-element elementor-element-iwgs-glocken-kwd e-flex e-con-boxed e-con e-parent\" data-id=\"iwgs-glocken-kwd\" data-element_type=\"container\" data-e-type=\"container\">\n\t\t\t\t\t<div class=\"e-con-inner\">\n\t\t\t\t<div class=\"elementor-element elementor-element-iwgs-glocken-kwdt elementor-widget elementor-widget-text-editor\" data-id=\"iwgs-glocken-kwdt\" data-element_type=\"widget\" data-e-type=\"widget\" data-widget_type=\"text-editor.default\">\n\t\t\t\t\t\t\t\t\t<p><em>Srodni klju\u010dni pojmovi: zvona kao za\u0161tita zvon\u010di\u0107i zvuk buka akusti\u010dna obrana vjetreno zvonce bu\u010dna procesija crkveno zvono <span class=\"iwg-fachbegriff\" data-tooltip=\"Odbojan od nesre\u0107e: o znakovima i predmetima koji trebaju odbiti \u0161tetne utjecaje.\" tabindex=\"0\">apotropejski<\/span> za\u0161tita zvukom.<\/em><\/p>\t\t\t\t\t\t\t\t<\/div>\n\t\t\t\t\t<\/div>\n\t\t\t\t<\/div>\n\t\t<div class=\"elementor-element elementor-element-iwgs-glocken-cc e-flex e-con-boxed e-con e-parent\" data-id=\"iwgs-glocken-cc\" data-element_type=\"container\" data-e-type=\"container\" id=\"iwg-cc-glocken\">\n\t\t\t\t\t<div class=\"e-con-inner\">\n\t\t<div class=\"elementor-element elementor-element-iwgs-glocken-ccinner e-flex e-con-boxed e-con e-parent\" data-id=\"iwgs-glocken-ccinner\" data-element_type=\"container\" data-e-type=\"container\" data-settings=\"{&quot;background_background&quot;:&quot;classic&quot;}\">\n\t\t\t\t\t<div class=\"e-con-inner\">\n\t\t\t\t<div class=\"elementor-element elementor-element-iwgs-glocken-cch elementor-widget elementor-widget-heading\" data-id=\"iwgs-glocken-cch\" data-element_type=\"widget\" data-e-type=\"widget\" data-widget_type=\"heading.default\">\n\t\t\t\t\t<h2 class=\"elementor-heading-title elementor-size-default\">iWell Guard i tradicije za\u0161tite<\/h2>\t\t\t\t<\/div>\n\t\t\t\t<div class=\"elementor-element elementor-element-iwgs-glocken-cct elementor-widget elementor-widget-text-editor\" data-id=\"iwgs-glocken-cct\" data-element_type=\"widget\" data-e-type=\"widget\" data-widget_type=\"text-editor.default\">\n\t\t\t\t\t\t\t\t\t<p>iWell Guard se nastavlja na kulturnopovijesnu tradiciju nosivih za\u0161titnih predmeta, kojoj pripada i zvono. Moderan pratitelj za ljude koji \u017eive sa za\u0161titnim simbolima: izra\u0111en u Njema\u010dkoj, 41 slojeva od pravog zlata, platine i srebra, s pravom povrata u roku od 30 dana.<\/p>\t\t\t\t\t\t\t\t<\/div>\n\t\t\t\t<div class=\"elementor-element elementor-element-iwgs-glocken-ccb iwg-cc-button iwg-cc-cta-2026-05-13 elementor-widget elementor-widget-jet-button\" data-id=\"iwgs-glocken-ccb\" data-element_type=\"widget\" data-e-type=\"widget\" data-widget_type=\"jet-button.default\">\n\t\t\t\t<div class=\"elementor-widget-container\">\n\t\t\t\t\t<div class=\"elementor-jet-button jet-elements\"><div class=\"jet-button__container\"><a class=\"jet-button__instance jet-button__instance--icon-left hover-effect-1\" href=\"\/schutzanhaenger-iwell-guard-kaufen\/?utm_source=iwell-guard.com&amp;utm_medium=info-box&amp;utm_campaign=schutzsymbole\"><div class=\"jet-button__plane jet-button__plane-normal\"><\/div><div class=\"jet-button__plane jet-button__plane-hover\"><\/div><div class=\"jet-button__state jet-button__state-normal\"><span class=\"jet-button__label\">Vi\u0161e o iWell Guardu<\/span><\/div><div class=\"jet-button__state jet-button__state-hover\"><span class=\"jet-button__label\">Vi\u0161e o iWell Guardu<\/span><\/div><\/a><\/div><\/div><style>.elementor-element.elementor-element-iwgs-glocken-ccb .jet-button__instance{width:320px;height:56px;}.elementor-element.elementor-element-iwgs-glocken-ccb .jet-button__state-normal .jet-button__label{text-align:center;margin:0px 0px 0px 0px;color:#1a1b20;font-family:Montserrat,sans-serif;font-size:13px;font-weight:400;letter-spacing:4px;line-height:1.714em;text-transform:uppercase;}.elementor-element.elementor-element-iwgs-glocken-ccb .jet-button__state-hover .jet-button__label{text-align:center;margin:0px 0px 0px 0px;color:#FECC76;font-family:Montserrat,sans-serif;font-size:13px;font-weight:400;letter-spacing:4px;line-height:1.714em;text-transform:uppercase;}.elementor-element.elementor-element-iwgs-glocken-ccb .jet-button__plane-normal{background-color:#FECC76;border-style:solid;border-color:#C99540;border-width:2px 2px 2px 2px;}.elementor-element.elementor-element-iwgs-glocken-ccb .jet-button__plane-hover{background-color:rgba(0,0,0,0.55);border-style:solid;border-color:#FECC76;border-width:2px 2px 2px 2px;}<\/style>\t\t\t\t<\/div>\n\t\t\t\t<\/div>\n\t\t\t\t<div class=\"elementor-element elementor-element-iwgs-glocken-ccd elementor-widget elementor-widget-text-editor\" data-id=\"iwgs-glocken-ccd\" data-element_type=\"widget\" data-e-type=\"widget\" data-widget_type=\"text-editor.default\">\n\t\t\t\t\t\t\t\t\t<p style=\"text-align:center;font-size:13px;opacity:0.7;margin-top:14px\" data-nosnippet=\"true\">Osobna iskustva mogu se razlikovati. Nije medicinski proizvod. Nema obe\u0107anja izlje\u010denja.<\/p>\t\t\t\t\t\t\t\t<\/div>\n\t\t\t\t\t<\/div>\n\t\t\t\t<\/div>\n\t\t\t\t\t<\/div>\n\t\t\t\t<\/div>\n\t\t<div class=\"elementor-element elementor-element-iwgs-glocken-disc e-flex e-con-boxed e-con e-parent\" data-id=\"iwgs-glocken-disc\" data-element_type=\"container\" data-e-type=\"container\">\n\t\t\t\t\t<div class=\"e-con-inner\">\n\t\t\t\t<div class=\"elementor-element elementor-element-iwgs-glocken-discw elementor-widget elementor-widget-html\" data-id=\"iwgs-glocken-discw\" data-element_type=\"widget\" data-e-type=\"widget\" data-widget_type=\"html.default\">\n\t\t\t\t\t<footer data-nosnippet=\"true\" class=\"iwg-disclaimer-block\"><p data-nosnippet=\"true\">iWell Guard <strong>nije medicinski proizvod<\/strong> i ne zamjenjuje lije\u010dni\u010dko ili psihoterapijsko lije\u010denje. Sadr\u017eaji prikazani ovdje predstavljaju religiolo\u0161ku i kulturno-povijesnu interpretaciju, a ne obe\u0107anje duhovnog djelovanja.<\/p><\/footer>\t\t\t\t<\/div>\n\t\t\t\t\t<\/div>\n\t\t\t\t<\/div>\n\t\t\t\t<\/div>\n\t\t","protected":false},"excerpt":{"rendered":"","protected":false},"author":3,"featured_media":3583,"parent":0,"menu_order":0,"comment_status":"closed","ping_status":"closed","template":"elementor_header_footer","meta":{"_yoast_wpseo_focuskw":"Zvona kao za\u0161tita","_yoast_wpseo_title":"Zvona i zvon\u010di\u0107i kao za\u0161tita","_yoast_wpseo_metadesc":"Zvona i zvon\u010di\u0107i kao bu\u010dna za\u0161tita: za\u0161to se zvuk koristio protiv \u0161tetnih utjecaja, s primjerima iz antike, narodne magije i Azije.","_yoast_wpseo_meta-robots-noindex":"","_yoast_wpseo_canonical":"","_angie_page":false,"gefaehrdungsstufe":"","wesen_kultur":"","wesen_klasse":"","footnotes":""},"categories":[],"class_list":["post-149991","page","type-page","status-publish","has-post-thumbnail","hentry"],"yoast_head":"<!-- This site is optimized with the Yoast SEO Premium plugin v27.7 (Yoast SEO v28.3) - https:\/\/yoast.com\/product\/yoast-seo-premium-wordpress\/ -->\n<title>Zvona i zvon\u010di\u0107i kao za\u0161tita<\/title>\n<meta name=\"description\" content=\"Zvona i zvon\u010di\u0107i kao bu\u010dna za\u0161tita: za\u0161to se zvuk koristio protiv \u0161tetnih utjecaja, s primjerima iz antike, narodne magije i Azije.\" \/>\n<meta name=\"robots\" content=\"index, follow, max-snippet:-1, max-image-preview:large, max-video-preview:-1\" \/>\n<link rel=\"canonical\" href=\"https:\/\/iwell-guard.com\/hr\/zvona-i-zvoncici-kao-bucna-zastita\/\" \/>\n<meta property=\"og:locale\" content=\"hr_HR\" \/>\n<meta property=\"og:type\" content=\"article\" \/>\n<meta property=\"og:title\" content=\"Zvona i zvon\u010di\u0107i kao bu\u010dna za\u0161tita\" \/>\n<meta property=\"og:description\" content=\"Zvona i zvon\u010di\u0107i kao bu\u010dna za\u0161tita: za\u0161to se zvuk koristio protiv \u0161tetnih utjecaja, s primjerima iz antike, narodne magije i Azije.\" \/>\n<meta property=\"og:url\" content=\"https:\/\/iwell-guard.com\/hr\/zvona-i-zvoncici-kao-bucna-zastita\/\" \/>\n<meta property=\"og:site_name\" content=\"iWell Guard\" \/>\n<meta property=\"article:modified_time\" content=\"2026-09-04T05:37:16+00:00\" \/>\n<meta property=\"og:image\" content=\"https:\/\/iwell-guard.com\/wp-content\/uploads\/2026\/05\/schutzsymbol_universell_glocken.webp\" \/>\n\t<meta property=\"og:image:width\" content=\"1024\" \/>\n\t<meta property=\"og:image:height\" content=\"1536\" \/>\n\t<meta property=\"og:image:type\" content=\"image\/webp\" \/>\n<meta name=\"twitter:card\" content=\"summary_large_image\" \/>\n<script type=\"application\/ld+json\" class=\"yoast-schema-graph\">{\"@context\":\"https:\\\/\\\/schema.org\",\"@graph\":[{\"@type\":\"WebPage\",\"@id\":\"https:\\\/\\\/iwell-guard.com\\\/hr\\\/zvona-i-zvoncici-kao-bucna-zastita\\\/\",\"url\":\"https:\\\/\\\/iwell-guard.com\\\/hr\\\/zvona-i-zvoncici-kao-bucna-zastita\\\/\",\"name\":\"Zvona i zvon\u010di\u0107i kao za\u0161tita\",\"isPartOf\":{\"@id\":\"https:\\\/\\\/iwell-guard.com\\\/hr\\\/#website\"},\"primaryImageOfPage\":{\"@id\":\"https:\\\/\\\/iwell-guard.com\\\/hr\\\/zvona-i-zvoncici-kao-bucna-zastita\\\/#primaryimage\"},\"image\":{\"@id\":\"https:\\\/\\\/iwell-guard.com\\\/hr\\\/zvona-i-zvoncici-kao-bucna-zastita\\\/#primaryimage\"},\"thumbnailUrl\":\"https:\\\/\\\/iwell-guard.com\\\/wp-content\\\/uploads\\\/2026\\\/05\\\/schutzsymbol_universell_glocken.webp\",\"datePublished\":\"2026-09-04T05:15:13+00:00\",\"dateModified\":\"2026-09-04T05:37:16+00:00\",\"description\":\"Zvona i zvon\u010di\u0107i kao bu\u010dna za\u0161tita: za\u0161to se zvuk koristio protiv \u0161tetnih utjecaja, s primjerima iz antike, narodne magije i Azije.\",\"breadcrumb\":{\"@id\":\"https:\\\/\\\/iwell-guard.com\\\/hr\\\/zvona-i-zvoncici-kao-bucna-zastita\\\/#breadcrumb\"},\"inLanguage\":\"hr\",\"potentialAction\":[{\"@type\":\"ReadAction\",\"target\":[\"https:\\\/\\\/iwell-guard.com\\\/hr\\\/zvona-i-zvoncici-kao-bucna-zastita\\\/\"]}]},{\"@type\":\"ImageObject\",\"inLanguage\":\"hr\",\"@id\":\"https:\\\/\\\/iwell-guard.com\\\/hr\\\/zvona-i-zvoncici-kao-bucna-zastita\\\/#primaryimage\",\"url\":\"https:\\\/\\\/iwell-guard.com\\\/wp-content\\\/uploads\\\/2026\\\/05\\\/schutzsymbol_universell_glocken.webp\",\"contentUrl\":\"https:\\\/\\\/iwell-guard.com\\\/wp-content\\\/uploads\\\/2026\\\/05\\\/schutzsymbol_universell_glocken.webp\",\"width\":1024,\"height\":1536,\"caption\":\"Za\u0161titni simbol. Muzejska ilustracija u stilu mrtve prirode.\"},{\"@type\":\"BreadcrumbList\",\"@id\":\"https:\\\/\\\/iwell-guard.com\\\/hr\\\/zvona-i-zvoncici-kao-bucna-zastita\\\/#breadcrumb\",\"itemListElement\":[{\"@type\":\"ListItem\",\"position\":1,\"name\":\"Start\",\"item\":\"https:\\\/\\\/iwell-guard.com\\\/hr\\\/?page_id=149317\"},{\"@type\":\"ListItem\",\"position\":2,\"name\":\"Zvona i zvon\u010di\u0107i kao bu\u010dna za\u0161tita\"}]},{\"@type\":\"WebSite\",\"@id\":\"https:\\\/\\\/iwell-guard.com\\\/hr\\\/#website\",\"url\":\"https:\\\/\\\/iwell-guard.com\\\/hr\\\/\",\"name\":\"iWell Guard\",\"description\":\"Schutz vor dunklen Einfl\u00fcssen\",\"publisher\":{\"@id\":\"https:\\\/\\\/iwell-guard.com\\\/hr\\\/#organization\"},\"potentialAction\":[{\"@type\":\"SearchAction\",\"target\":{\"@type\":\"EntryPoint\",\"urlTemplate\":\"https:\\\/\\\/iwell-guard.com\\\/hr\\\/?s={search_term_string}\"},\"query-input\":{\"@type\":\"PropertyValueSpecification\",\"valueRequired\":true,\"valueName\":\"search_term_string\"}}],\"inLanguage\":\"hr\"},{\"@type\":\"Organization\",\"@id\":\"https:\\\/\\\/iwell-guard.com\\\/hr\\\/#organization\",\"name\":\"Ittermann electronic GmbH\",\"url\":\"https:\\\/\\\/iwell-guard.com\\\/hr\\\/\",\"logo\":{\"@type\":\"ImageObject\",\"inLanguage\":\"hr\",\"@id\":\"https:\\\/\\\/iwell-guard.com\\\/hr\\\/#\\\/schema\\\/logo\\\/image\\\/\",\"url\":\"https:\\\/\\\/iwell-guard.com\\\/wp-content\\\/uploads\\\/2026\\\/05\\\/Ittermann-Logo-1182x237-1.png\",\"contentUrl\":\"https:\\\/\\\/iwell-guard.com\\\/wp-content\\\/uploads\\\/2026\\\/05\\\/Ittermann-Logo-1182x237-1.png\",\"width\":1182,\"height\":237,\"caption\":\"Ittermann electronic GmbH\"},\"image\":{\"@id\":\"https:\\\/\\\/iwell-guard.com\\\/hr\\\/#\\\/schema\\\/logo\\\/image\\\/\"},\"sameAs\":[\"https:\\\/\\\/pantip.com\\\/profile\\\/9367242\",\"https:\\\/\\\/micro.blog\\\/iwellguard\",\"https:\\\/\\\/www.diggerslist.com\\\/iwellguard\\\/about\",\"https:\\\/\\\/skitterphoto.com\\\/photographers\\\/2870314\\\/iwell-guard\",\"https:\\\/\\\/iwellguard.wordpress.com\\\/2026\\\/06\\\/06\\\/iwell-guard\\\/\",\"https:\\\/\\\/hub.docker.com\\\/u\\\/iwellguard\",\"https:\\\/\\\/www.pinterest.com\\\/iwellguard\\\/\",\"https:\\\/\\\/bit.ly\\\/m\\\/iwellguard\",\"https:\\\/\\\/entre-vos-mains.alsace.eu\\\/profiles\\\/iwellguard\\\/activity\",\"https:\\\/\\\/gravatar.com\\\/reallybeded8fd34\",\"https:\\\/\\\/naijamatta.com\\\/iwellguard\",\"https:\\\/\\\/www.goodreads.com\\\/iwellguard\",\"https:\\\/\\\/profile.hatena.ne.jp\\\/iwellguard\\\/\",\"https:\\\/\\\/experiment.com\\\/users\\\/iwellguard\",\"https:\\\/\\\/wakelet.com\\\/@iWellGuard82270\",\"https:\\\/\\\/www.chordie.com\\\/forum\\\/profile.php?id=2555664\",\"https:\\\/\\\/www.instapaper.com\\\/p\\\/17757966\",\"https:\\\/\\\/www.mapleprimes.com\\\/users\\\/iwellguard\",\"https:\\\/\\\/businesslistingplus.com\\\/profile\\\/iwell-guard\\\/\",\"https:\\\/\\\/telegra.ph\\\/iWell-Guard-06-06\",\"https:\\\/\\\/pbase.com\\\/iwellguard\\\/iwellguard\",\"https:\\\/\\\/b.hatena.ne.jp\\\/iwellguard\\\/20260607#bookmark-4788405196491818882\",\"https:\\\/\\\/fliphtml5.com\\\/home\\\/iwellguard\",\"https:\\\/\\\/anyflip.com\\\/homepage\\\/cmiwl#About\",\"https:\\\/\\\/transfur.com\\\/Users\\\/iwellguard\",\"http:\\\/\\\/delphi.larsbo.org\\\/user\\\/iwellguard\",\"https:\\\/\\\/jobs.lajobsportal.org\\\/profiles\\\/8380803-iwell-guard\",\"https:\\\/\\\/md.chaosdorf.de\\\/s\\\/jfbe5SBdJD\",\"https:\\\/\\\/www.lingvolive.com\\\/en-us\\\/profile\\\/9ecaeaca-ce11-4e51-9e71-01d55e2bff36\\\/translations\",\"https:\\\/\\\/www.fitday.com\\\/fitness\\\/forums\\\/members\\\/iwellguard.html\",\"https:\\\/\\\/www.mymeetbook.com\\\/iwellguard\",\"https:\\\/\\\/pxhere.com\\\/en\\\/photographer-me\\\/5040798\",\"https:\\\/\\\/disqus.com\\\/by\\\/iwellguard\\\/about\\\/\",\"https:\\\/\\\/pastelink.net\\\/hjwciqwq\",\"https:\\\/\\\/pubhtml5.com\\\/homepage\\\/scjhn\\\/\",\"https:\\\/\\\/www.bitchute.com\\\/channel\\\/2O2eOKzNqujT\",\"https:\\\/\\\/audiomack.com\\\/iwellguard\"]}]}<\/script>\n<!-- \/ Yoast SEO Premium plugin. -->","yoast_head_json":{"title":"Zvona i zvon\u010di\u0107i kao za\u0161tita","description":"Zvona i zvon\u010di\u0107i kao bu\u010dna za\u0161tita: za\u0161to se zvuk koristio protiv \u0161tetnih utjecaja, s primjerima iz antike, narodne magije i Azije.","robots":{"index":"index","follow":"follow","max-snippet":"max-snippet:-1","max-image-preview":"max-image-preview:large","max-video-preview":"max-video-preview:-1"},"canonical":"https:\/\/iwell-guard.com\/hr\/zvona-i-zvoncici-kao-bucna-zastita\/","og_locale":"hr_HR","og_type":"article","og_title":"Zvona i zvon\u010di\u0107i kao bu\u010dna za\u0161tita","og_description":"Zvona i zvon\u010di\u0107i kao bu\u010dna za\u0161tita: za\u0161to se zvuk koristio protiv \u0161tetnih utjecaja, s primjerima iz antike, narodne magije i Azije.","og_url":"https:\/\/iwell-guard.com\/hr\/zvona-i-zvoncici-kao-bucna-zastita\/","og_site_name":"iWell Guard","article_modified_time":"2026-09-04T05:37:16+00:00","og_image":[{"width":1024,"height":1536,"url":"https:\/\/iwell-guard.com\/wp-content\/uploads\/2026\/05\/schutzsymbol_universell_glocken.webp","type":"image\/webp"}],"twitter_card":"summary_large_image","schema":{"@context":"https:\/\/schema.org","@graph":[{"@type":"WebPage","@id":"https:\/\/iwell-guard.com\/hr\/zvona-i-zvoncici-kao-bucna-zastita\/","url":"https:\/\/iwell-guard.com\/hr\/zvona-i-zvoncici-kao-bucna-zastita\/","name":"Zvona i zvon\u010di\u0107i kao za\u0161tita","isPartOf":{"@id":"https:\/\/iwell-guard.com\/hr\/#website"},"primaryImageOfPage":{"@id":"https:\/\/iwell-guard.com\/hr\/zvona-i-zvoncici-kao-bucna-zastita\/#primaryimage"},"image":{"@id":"https:\/\/iwell-guard.com\/hr\/zvona-i-zvoncici-kao-bucna-zastita\/#primaryimage"},"thumbnailUrl":"https:\/\/iwell-guard.com\/wp-content\/uploads\/2026\/05\/schutzsymbol_universell_glocken.webp","datePublished":"2026-09-04T05:15:13+00:00","dateModified":"2026-09-04T05:37:16+00:00","description":"Zvona i zvon\u010di\u0107i kao bu\u010dna za\u0161tita: za\u0161to se zvuk koristio protiv \u0161tetnih utjecaja, s primjerima iz antike, narodne magije i Azije.","breadcrumb":{"@id":"https:\/\/iwell-guard.com\/hr\/zvona-i-zvoncici-kao-bucna-zastita\/#breadcrumb"},"inLanguage":"hr","potentialAction":[{"@type":"ReadAction","target":["https:\/\/iwell-guard.com\/hr\/zvona-i-zvoncici-kao-bucna-zastita\/"]}]},{"@type":"ImageObject","inLanguage":"hr","@id":"https:\/\/iwell-guard.com\/hr\/zvona-i-zvoncici-kao-bucna-zastita\/#primaryimage","url":"https:\/\/iwell-guard.com\/wp-content\/uploads\/2026\/05\/schutzsymbol_universell_glocken.webp","contentUrl":"https:\/\/iwell-guard.com\/wp-content\/uploads\/2026\/05\/schutzsymbol_universell_glocken.webp","width":1024,"height":1536,"caption":"Za\u0161titni simbol. Muzejska ilustracija u stilu mrtve prirode."},{"@type":"BreadcrumbList","@id":"https:\/\/iwell-guard.com\/hr\/zvona-i-zvoncici-kao-bucna-zastita\/#breadcrumb","itemListElement":[{"@type":"ListItem","position":1,"name":"Start","item":"https:\/\/iwell-guard.com\/hr\/?page_id=149317"},{"@type":"ListItem","position":2,"name":"Zvona i zvon\u010di\u0107i kao bu\u010dna za\u0161tita"}]},{"@type":"WebSite","@id":"https:\/\/iwell-guard.com\/hr\/#website","url":"https:\/\/iwell-guard.com\/hr\/","name":"iWell Guard","description":"Schutz vor dunklen Einfl\u00fcssen","publisher":{"@id":"https:\/\/iwell-guard.com\/hr\/#organization"},"potentialAction":[{"@type":"SearchAction","target":{"@type":"EntryPoint","urlTemplate":"https:\/\/iwell-guard.com\/hr\/?s={search_term_string}"},"query-input":{"@type":"PropertyValueSpecification","valueRequired":true,"valueName":"search_term_string"}}],"inLanguage":"hr"},{"@type":"Organization","@id":"https:\/\/iwell-guard.com\/hr\/#organization","name":"Ittermann electronic GmbH","url":"https:\/\/iwell-guard.com\/hr\/","logo":{"@type":"ImageObject","inLanguage":"hr","@id":"https:\/\/iwell-guard.com\/hr\/#\/schema\/logo\/image\/","url":"https:\/\/iwell-guard.com\/wp-content\/uploads\/2026\/05\/Ittermann-Logo-1182x237-1.png","contentUrl":"https:\/\/iwell-guard.com\/wp-content\/uploads\/2026\/05\/Ittermann-Logo-1182x237-1.png","width":1182,"height":237,"caption":"Ittermann electronic GmbH"},"image":{"@id":"https:\/\/iwell-guard.com\/hr\/#\/schema\/logo\/image\/"},"sameAs":["https:\/\/pantip.com\/profile\/9367242","https:\/\/micro.blog\/iwellguard","https:\/\/www.diggerslist.com\/iwellguard\/about","https:\/\/skitterphoto.com\/photographers\/2870314\/iwell-guard","https:\/\/iwellguard.wordpress.com\/2026\/06\/06\/iwell-guard\/","https:\/\/hub.docker.com\/u\/iwellguard","https:\/\/www.pinterest.com\/iwellguard\/","https:\/\/bit.ly\/m\/iwellguard","https:\/\/entre-vos-mains.alsace.eu\/profiles\/iwellguard\/activity","https:\/\/gravatar.com\/reallybeded8fd34","https:\/\/naijamatta.com\/iwellguard","https:\/\/www.goodreads.com\/iwellguard","https:\/\/profile.hatena.ne.jp\/iwellguard\/","https:\/\/experiment.com\/users\/iwellguard","https:\/\/wakelet.com\/@iWellGuard82270","https:\/\/www.chordie.com\/forum\/profile.php?id=2555664","https:\/\/www.instapaper.com\/p\/17757966","https:\/\/www.mapleprimes.com\/users\/iwellguard","https:\/\/businesslistingplus.com\/profile\/iwell-guard\/","https:\/\/telegra.ph\/iWell-Guard-06-06","https:\/\/pbase.com\/iwellguard\/iwellguard","https:\/\/b.hatena.ne.jp\/iwellguard\/20260607#bookmark-4788405196491818882","https:\/\/fliphtml5.com\/home\/iwellguard","https:\/\/anyflip.com\/homepage\/cmiwl#About","https:\/\/transfur.com\/Users\/iwellguard","http:\/\/delphi.larsbo.org\/user\/iwellguard","https:\/\/jobs.lajobsportal.org\/profiles\/8380803-iwell-guard","https:\/\/md.chaosdorf.de\/s\/jfbe5SBdJD","https:\/\/www.lingvolive.com\/en-us\/profile\/9ecaeaca-ce11-4e51-9e71-01d55e2bff36\/translations","https:\/\/www.fitday.com\/fitness\/forums\/members\/iwellguard.html","https:\/\/www.mymeetbook.com\/iwellguard","https:\/\/pxhere.com\/en\/photographer-me\/5040798","https:\/\/disqus.com\/by\/iwellguard\/about\/","https:\/\/pastelink.net\/hjwciqwq","https:\/\/pubhtml5.com\/homepage\/scjhn\/","https:\/\/www.bitchute.com\/channel\/2O2eOKzNqujT","https:\/\/audiomack.com\/iwellguard"]}]}},"_links":{"self":[{"href":"https:\/\/iwell-guard.com\/hr\/wp-json\/wp\/v2\/pages\/149991","targetHints":{"allow":["GET"]}}],"collection":[{"href":"https:\/\/iwell-guard.com\/hr\/wp-json\/wp\/v2\/pages"}],"about":[{"href":"https:\/\/iwell-guard.com\/hr\/wp-json\/wp\/v2\/types\/page"}],"author":[{"embeddable":true,"href":"https:\/\/iwell-guard.com\/hr\/wp-json\/wp\/v2\/users\/3"}],"replies":[{"embeddable":true,"href":"https:\/\/iwell-guard.com\/hr\/wp-json\/wp\/v2\/comments?post=149991"}],"version-history":[{"count":0,"href":"https:\/\/iwell-guard.com\/hr\/wp-json\/wp\/v2\/pages\/149991\/revisions"}],"wp:featuredmedia":[{"embeddable":true,"href":"https:\/\/iwell-guard.com\/hr\/wp-json\/wp\/v2\/media\/3583"}],"wp:attachment":[{"href":"https:\/\/iwell-guard.com\/hr\/wp-json\/wp\/v2\/media?parent=149991"}],"wp:term":[{"taxonomy":"category","embeddable":true,"href":"https:\/\/iwell-guard.com\/hr\/wp-json\/wp\/v2\/categories?post=149991"}],"curies":[{"name":"wp","href":"https:\/\/api.w.org\/{rel}","templated":true}]}}