{"id":149989,"date":"2026-09-04T05:15:11","date_gmt":"2026-09-04T05:15:11","guid":{"rendered":"https:\/\/iwell-guard.com\/?page_id=149989"},"modified":"2026-09-04T05:37:11","modified_gmt":"2026-09-04T05:37:11","slug":"zastitne-boje-plava-crvena-crna","status":"publish","type":"page","link":"https:\/\/iwell-guard.com\/hr\/zastitne-boje-plava-crvena-crna\/","title":{"rendered":"Za\u0161titne boje \u2013 plava, crvena i crna kao odbrana"},"content":{"rendered":"\t\t<div data-elementor-type=\"wp-page\" data-elementor-id=\"149989\" class=\"elementor elementor-149989 elementor-3745 elementor-bc-flex-widget\" data-elementor-post-type=\"page\">\n\t\t\t\t<div class=\"elementor-element elementor-element-iwgs-schutzfarben-hero e-flex e-con-boxed e-con e-parent\" data-id=\"iwgs-schutzfarben-hero\" data-element_type=\"container\" data-e-type=\"container\">\n\t\t\t\t\t<div class=\"e-con-inner\">\n\t\t<div class=\"elementor-element elementor-element-iwgs-schutzfarben-hl e-flex e-con-boxed e-con e-parent\" data-id=\"iwgs-schutzfarben-hl\" data-element_type=\"container\" data-e-type=\"container\">\n\t\t\t\t\t<div class=\"e-con-inner\">\n\t\t<div class=\"elementor-element elementor-element-iwgs-schutzfarben-hlbox e-con-full e-flex e-con e-parent\" data-id=\"iwgs-schutzfarben-hlbox\" data-element_type=\"container\" data-e-type=\"container\">\n\t\t\t\t<div class=\"elementor-element elementor-element-iwgs-schutzfarben-h1 elementor-widget elementor-widget-heading\" data-id=\"iwgs-schutzfarben-h1\" data-element_type=\"widget\" data-e-type=\"widget\" data-widget_type=\"heading.default\">\n\t\t\t\t\t<h1 class=\"elementor-heading-title elementor-size-default\">Za\u0161titne boje: boje s odbojnim zna\u010denjem<\/h1>\t\t\t\t<\/div>\n\t\t\t\t<div class=\"elementor-element elementor-element-iwgs-schutzfarben-lead elementor-widget elementor-widget-text-editor\" data-id=\"iwgs-schutzfarben-lead\" data-element_type=\"widget\" data-e-type=\"widget\" data-widget_type=\"text-editor.default\">\n\t\t\t\t\t\t\t\t\t<p>U mnogim kulturama odre\u0111enim bojama pripisuje se odbojno zna\u010denje. Plava, crvena i crna posebno se \u010desto pojavljuju kao za\u0161titne boje, svaka sa svojim vlastitim obja\u0161njenjem. Ovaj \u010dlanak religijskopovijesno smje\u0161ta princip za\u0161titne boje i prati njegove tragove od <span class=\"iwg-fachbegriff\" data-tooltip=\"Epoha gr\u010dke i rimske kulture, otprilike od 800. pr. Kr. do 600. po. Kr.\" tabindex=\"0\">antike<\/span> do dana\u0161nje recepcije. Pri tome se razlikuje izme\u0111u povijesno dokumentiranih <span class=\"iwg-fachbegriff\" data-tooltip=\"Ukupnost predanih obi\u010daja jedne zajednice.\" tabindex=\"0\">obi\u010daja<\/span> i suvremenog tuma\u010denja.<\/p>\t\t\t\t\t\t\t\t<\/div>\n\t\t\t\t<\/div>\n\t\t\t\t<div class=\"elementor-element elementor-element-iwgs-schutzfarben-pills elementor-widget elementor-widget-html\" data-id=\"iwgs-schutzfarben-pills\" data-element_type=\"widget\" data-e-type=\"widget\" data-widget_type=\"html.default\">\n\t\t\t\t\t<div class=\"iwg-pill-row\"><span class=\"iwg-klasse-badge\" tabindex=\"0\" data-tooltip=\"Za\u0161titni simbol, amajlija ili apotropejski predmet.\">Za\u0161titni simbol<\/span><a href=\"https:\/\/iwell-guard.com\/hr\/zastitni-simboli\/\" class=\"iwg-kultur-badge\" tabindex=\"0\" data-tooltip=\"Za\u0161titna tradicija: Interkulturno\">Interkulturno<\/a><span class=\"iwg-tradition-badge\" tabindex=\"0\" data-tooltip=\"Op\u0107e djelotvorno na\u010delo na kojem se temelje za\u0161titni obi\u010daji.\">Za\u0161titno na\u010delo<\/span><\/div>\t\t\t\t<\/div>\n\t\t\t\t\t<\/div>\n\t\t\t\t<\/div>\n\t\t<div class=\"elementor-element elementor-element-iwgs-schutzfarben-hr e-con-full e-flex e-con e-parent\" data-id=\"iwgs-schutzfarben-hr\" data-element_type=\"container\" data-e-type=\"container\">\n\t\t\t\t<div class=\"elementor-element elementor-element-iwgs-schutzfarben-himg iwg-hero-image elementor-widget elementor-widget-image\" data-id=\"iwgs-schutzfarben-himg\" data-element_type=\"widget\" data-e-type=\"widget\" data-widget_type=\"image.default\">\n\t\t\t\t\t\t\t\t\t\t\t\t\t\t\t<img fetchpriority=\"high\" decoding=\"async\" width=\"683\" height=\"1024\" src=\"https:\/\/iwell-guard.com\/wp-content\/uploads\/2026\/05\/schutzsymbol_universell_schutzfarben-683x1024.webp\" class=\"attachment-large size-large wp-image-151207\" alt=\"Za\u0161titne boje - za\u0161titni simbol, muzejska ilustracija\" srcset=\"https:\/\/iwell-guard.com\/wp-content\/uploads\/2026\/05\/schutzsymbol_universell_schutzfarben-683x1024.webp 683w, https:\/\/iwell-guard.com\/wp-content\/uploads\/2026\/05\/schutzsymbol_universell_schutzfarben-200x300.webp 200w, https:\/\/iwell-guard.com\/wp-content\/uploads\/2026\/05\/schutzsymbol_universell_schutzfarben-768x1152.webp 768w, https:\/\/iwell-guard.com\/wp-content\/uploads\/2026\/05\/schutzsymbol_universell_schutzfarben.webp 1024w\" sizes=\"(max-width: 683px) 100vw, 683px\" \/>\t\t\t\t\t\t\t\t\t\t\t\t\t\t\t<\/div>\n\t\t\t\t<\/div>\n\t\t\t\t\t<\/div>\n\t\t\t\t<\/div>\n\t\t<div class=\"elementor-element elementor-element-iwgs-schutzfarben-s0 e-flex e-con-boxed e-con e-parent\" data-id=\"iwgs-schutzfarben-s0\" data-element_type=\"container\" data-e-type=\"container\">\n\t\t\t\t\t<div class=\"e-con-inner\">\n\t\t\t\t<div class=\"elementor-element elementor-element-iwgs-schutzfarben-s0h elementor-widget elementor-widget-heading\" data-id=\"iwgs-schutzfarben-s0h\" data-element_type=\"widget\" data-e-type=\"widget\" data-widget_type=\"heading.default\">\n\t\t\t\t\t<h2 class=\"elementor-heading-title elementor-size-default\">Obja\u0161njenje: \u0161to je za\u0161titna boja<\/h2>\t\t\t\t<\/div>\n\t\t<div class=\"elementor-element elementor-element-iwgs-schutzfarben-s0box e-con-full e-flex e-con e-parent\" data-id=\"iwgs-schutzfarben-s0box\" data-element_type=\"container\" data-e-type=\"container\">\n\t\t\t\t<div class=\"elementor-element elementor-element-iwgs-schutzfarben-s0t elementor-widget elementor-widget-text-editor\" data-id=\"iwgs-schutzfarben-s0t\" data-element_type=\"widget\" data-e-type=\"widget\" data-widget_type=\"text-editor.default\">\n\t\t\t\t\t\t\t\t\t<p>Za\u0161titna boja je boja kojoj se pripisuje odbojno zna\u010denje. Koristi se na predmetima, odje\u0107i, nakitu ili na gra\u0111evinama s o\u010dekivanjem da \u0107e odbiti \u0161tetne utjecaje.<\/p><p>Posebnost za\u0161titne boje je u tome \u0161to je zna\u010denje vezano za samu boju, a ne za odre\u0111eni <span class=\"iwg-fachbegriff\" data-tooltip=\"Element koji se ponavlja u sadr\u017eaju umjetnosti ili pri\u010de.\" tabindex=\"0\">motiv<\/span>. Plava vrpca, crveni konopac ili osoba odjevena u crno nose boju kao nositelja tog tuma\u010denja.<\/p><p>Koja se boja smatra za\u0161titnom, sna\u017eno ovisi o kulturi. Plava, crvena i crna naj\u010de\u0161\u0107e su za\u0161titne boje, no i druge boje mogu regionalno preuzeti tu ulogu.<\/p><p>Za\u0161titna boja rijetko se javlja sama. Naj\u010de\u0161\u0107e je povezana s predmetom, poput perle, vrpce, kamena ili komada tkanine. Boja tada poja\u010dava pripisano zna\u010denje predmeta.<\/p><p>Unutar <a href=\"https:\/\/iwell-guard.com\/hr\/zastitni-simboli\/\">za\u0161titnih simbola<\/a> za\u0161titna boja ubraja se u svojstva koja predmet \u010dine za\u0161titnim znakom. Ona stoji uz materijal, oblik i <span class=\"iwg-fachbegriff\" data-tooltip=\"Element koji se ponavlja u sadr\u017eaju umjetnosti ili pri\u010de.\" tabindex=\"0\">motiv<\/span>.<\/p><p>Za\u0161titna boja time je manje samostalan <span class=\"iwg-fachbegriff\" data-tooltip=\"Znak koji zastupa neku predstavu ili zna\u010denje.\" tabindex=\"0\">simbol<\/span>, a vi\u0161e dosljedan princip. Pokazuje da nositelj odbojnog tuma\u010denja mo\u017ee biti ne samo slika i tvar, nego i boja.<\/p><p>Za\u0161titna boja rijetko je jednozna\u010dna, jer se ista boja u razli\u010ditim kulturama mo\u017ee tuma\u010diti veoma razli\u010dito. Ono \u0161to u jednoj tradiciji vrijedi kao za\u0161titno, u drugoj mo\u017ee biti povezano sa \u017ealo\u0161\u0107u ili opasno\u0161\u0107u. Ta vi\u0161ezna\u010dnost pripada samoj naravi simbolike boja.<\/p>\t\t\t\t\t\t\t\t<\/div>\n\t\t\t\t<\/div>\n\t\t\t\t\t<\/div>\n\t\t\t\t<\/div>\n\t\t<div class=\"elementor-element elementor-element-iwgs-schutzfarben-s1 e-flex e-con-boxed e-con e-parent\" data-id=\"iwgs-schutzfarben-s1\" data-element_type=\"container\" data-e-type=\"container\">\n\t\t\t\t\t<div class=\"e-con-inner\">\n\t\t\t\t<div class=\"elementor-element elementor-element-iwgs-schutzfarben-s1h elementor-widget elementor-widget-heading\" data-id=\"iwgs-schutzfarben-s1h\" data-element_type=\"widget\" data-e-type=\"widget\" data-widget_type=\"heading.default\">\n\t\t\t\t\t<h2 class=\"elementor-heading-title elementor-size-default\">Podrijetlo i povijesna dubina za\u0161titnih boja<\/h2>\t\t\t\t<\/div>\n\t\t<div class=\"elementor-element elementor-element-iwgs-schutzfarben-s1box e-con-full e-flex e-con e-parent\" data-id=\"iwgs-schutzfarben-s1box\" data-element_type=\"container\" data-e-type=\"container\">\n\t\t\t\t<div class=\"elementor-element elementor-element-iwgs-schutzfarben-s1t elementor-widget elementor-widget-text-editor\" data-id=\"iwgs-schutzfarben-s1t\" data-element_type=\"widget\" data-e-type=\"widget\" data-widget_type=\"text-editor.default\">\n\t\t\t\t\t\t\t\t\t<p>Povezivanje boja sa zna\u010denjima veoma je staro. Ve\u0107 u ranim kulturama dobivali su se pigmenti boja i namjenski koristili, primjerice pri pokopima i u <span class=\"iwg-fachbegriff\" data-tooltip=\"Ukupnost obreda vjerskog po\u0161tovanja prema bo\u017eanstvu ili svetoj pojavi.\" tabindex=\"0\">kultu<\/span>. S bojama su se rano povezivale odre\u0111ene predstave.<\/p><p>Zna\u010denje boje \u010desto je bilo povezano s pote\u0161ko\u0107om njezine proizvodnje. Neke boje bile su rijetke i skupe, druge lako dostupne. Te razlike oblikovale su vrijednost pojedinih boja.<\/p><p>Plava je u mnogim regijama bila te\u0161ko dobivana boja. Odre\u0111eni plavi pigmenti i plava staklena masa smatrali su se vrijednima. Ta skupocjenost jedan je od pozadinskih razloga posebnog polo\u017eaja plave boje.<\/p><p>Crvena je boja krvi i vatre i ubraja se u najstarije kori\u0161tene boje. Crveni oker poznat je ve\u0107 iz prapovijesnih razdoblja, \u0161to pokazuje duboku povijest te boje.<\/p><p>Crna je boja no\u0107i, tame i \u017ealosti. U mnogim kulturama povezivala se sa smr\u0107u, ali istodobno se koristila i u za\u0161titnim obi\u010dajima, \u0161to pokazuje njezino dvostruko zna\u010denje.<\/p><p>Sve u svemu, odbojno tuma\u010denje boja prote\u017ee se kroz duge razdoblja i mnoge kulture. Koja se boja smatrala za\u0161titnom, ovisilo je pri tome o regiji.<\/p><p>Izumom umjetnih boja u devetnaestom stolje\u0107u boja je postala op\u0107enito dostupna i izgubila dio svoje ranije skupocjenosti. Ta je promjena utjecala i na odnos prema bojama u <span class=\"iwg-fachbegriff\" data-tooltip=\"Ukupnost predanih obi\u010daja jedne zajednice.\" tabindex=\"0\">obi\u010dajima<\/span>. Staro vrednovanje rijetkih nijansi boja danas se mo\u017ee rekonstruirati prije svega iz starijih izvora.<\/p>\t\t\t\t\t\t\t\t<\/div>\n\t\t\t\t<\/div>\n\t\t\t\t\t<\/div>\n\t\t\t\t<\/div>\n\t\t<div class=\"elementor-element elementor-element-iwgs-schutzfarben-s2 e-flex e-con-boxed e-con e-parent\" data-id=\"iwgs-schutzfarben-s2\" data-element_type=\"container\" data-e-type=\"container\">\n\t\t\t\t\t<div class=\"e-con-inner\">\n\t\t\t\t<div class=\"elementor-element elementor-element-iwgs-schutzfarben-s2h elementor-widget elementor-widget-heading\" data-id=\"iwgs-schutzfarben-s2h\" data-element_type=\"widget\" data-e-type=\"widget\" data-widget_type=\"heading.default\">\n\t\t\t\t\t<h2 class=\"elementor-heading-title elementor-size-default\">Temeljna predstava o za\u0161titnoj boji<\/h2>\t\t\t\t<\/div>\n\t\t<div class=\"elementor-element elementor-element-iwgs-schutzfarben-s2box e-con-full e-flex e-con e-parent\" data-id=\"iwgs-schutzfarben-s2box\" data-element_type=\"container\" data-e-type=\"container\">\n\t\t\t\t<div class=\"elementor-element elementor-element-iwgs-schutzfarben-s2t elementor-widget elementor-widget-text-editor\" data-id=\"iwgs-schutzfarben-s2t\" data-element_type=\"widget\" data-e-type=\"widget\" data-widget_type=\"text-editor.default\">\n\t\t\t\t\t\t\t\t\t<p>Kod plave boje va\u017ena je zamisao veza s nebom i vodom. Plava se povezivala s prostranstvom, jasno\u0161\u0107u i \u010disto\u0107om. Ta je povezanost tu boju u nekoliko kultura u\u010dinila omiljenom za\u0161titnom bojom.<\/p><p>Na Bliskom istoku i u mediteranskom prostoru plava je usko povezana s odbijanjem pogleda koji se smatra \u0161tetnim. Plava perla s okom, <a href=\"https:\/\/iwell-guard.com\/hr\/?page_id=149861\">Nazar Boncu\u011fu<\/a>, najpoznatiji je primjer te povezanosti.<\/p><p>Kod crvene boje sredi\u0161nja je poveznica s krvlju i \u017eivotom. Crvena se smatrala bojom \u017eivotne snage. Neka predanja shva\u0107ala su crvenu boju kao sredstvo za odvra\u0107anje ili vezivanje \u0161tetnih utjecaja s osobe.<\/p><p>Crvena je nadalje bila povezana s vatrom, koja se sama smatrala pro\u010di\u0161\u0107uju\u0107om i odbojnom. Crvena boja se zato mogla shvatiti kao djeli\u0107 te mo\u0107i vatre.<\/p><p>Kod crne boje ra\u0161irena je zamisao skrivanja. Crna boja smatra se neupadljivom i, prema nekim predajama, mo\u017ee nositelja izmaknuti pogledu koji se smatra \u0161tetnim.<\/p><p>Ovdje opisane predstave kulturnopovijesna su obja\u0161njenja. One opisuju za\u0161to je odre\u0111enim bojama pripisano odbojno zna\u010denje i dokumentiraju vjerovanje. One nisu dokaz djelovanja. Znanost opisuje predstavu, ne potvr\u0111uju\u0107i je.<\/p><p>Kod plave boje u nekoliko predaja igra ulogu i zamisao da se ta boja rijetko javlja u \u017eivoj prirodi. Ba\u0161 neobi\u010dnost dubokog plavog tona mogla je doprinijeti tome da joj se pripi\u0161e posebno zna\u010denje. Boja se time smatrala istodobno upadljivom i zna\u010dajnom.<\/p>\t\t\t\t\t\t\t\t<\/div>\n\t\t\t\t<\/div>\n\t\t\t\t\t<\/div>\n\t\t\t\t<\/div>\n\t\t<div class=\"elementor-element elementor-element-iwgs-schutzfarben-s3 e-flex e-con-boxed e-con e-parent\" data-id=\"iwgs-schutzfarben-s3\" data-element_type=\"container\" data-e-type=\"container\">\n\t\t\t\t\t<div class=\"e-con-inner\">\n\t\t\t\t<div class=\"elementor-element elementor-element-iwgs-schutzfarben-s3h elementor-widget elementor-widget-heading\" data-id=\"iwgs-schutzfarben-s3h\" data-element_type=\"widget\" data-e-type=\"widget\" data-widget_type=\"heading.default\">\n\t\t\t\t\t<h2 class=\"elementor-heading-title elementor-size-default\">Primjeri iz antike i Bliskog istoka<\/h2>\t\t\t\t<\/div>\n\t\t<div class=\"elementor-element elementor-element-iwgs-schutzfarben-s3box e-con-full e-flex e-con e-parent\" data-id=\"iwgs-schutzfarben-s3box\" data-element_type=\"container\" data-e-type=\"container\">\n\t\t\t\t<div class=\"elementor-element elementor-element-iwgs-schutzfarben-s3t elementor-widget elementor-widget-text-editor\" data-id=\"iwgs-schutzfarben-s3t\" data-element_type=\"widget\" data-e-type=\"widget\" data-widget_type=\"text-editor.default\">\n\t\t\t\t\t\t\t\t\t<p>U faraonskom Egiptu boje su bile \u010dvrsto povezane sa zna\u010denjima. Plavi i zeleni tonovi povezivani su s nebom, vodom i obnovom, a plavi amuleti i perle brojno su potvr\u0111eni.<\/p><p>U Egiptu su plavo staklo i plavi kamen lapis lazuli kori\u0161teni za nakit i amulete. Oba materijala imala su posebno zna\u010denje zbog svoje boje i vrijednosti.<\/p><p>U Mezopotamiji su obojeni kamenovi i staklo kori\u0161teni za amulete. Boja kamena \u010desto je bila dio njegovog pripisanog zna\u010denja, a ne samo ukras.<\/p><p>Na Bliskom istoku plava perla za oko, protiv pogleda koji se smatrao \u0161tetnim, vrlo je ra\u0161irena. Veza izme\u0111u plave boje i motiva oka u toj regiji se\u017ee daleko u pro\u0161lost.<\/p><p>Crvene boje kori\u0161tene su u <span class=\"iwg-fachbegriff\" data-tooltip=\"Razdoblje gr\u010dke i rimske kulture, otprilike od 800. pr. Kr. do 600. po. Kr.\" tabindex=\"0\">antici<\/span> za odje\u0107u, nakit i oslikavanje. U nekim kontekstima crveni konopac ili crvena vrpca imaju zna\u010denje koje nadilazi ukras.<\/p><p>Ovi primjeri pokazuju da boje u anti\u010dkom Sredozemlju i na Bliskom istoku nisu bile shva\u0107ane samo kao ukras. Bile su dio mre\u017ee zna\u010denja na koju se nadovezivalo tuma\u010denje za\u0161tite.<\/p><p>I u gr\u010dkom i rimskom svijetu crvena je bila usko povezana s podru\u010djem \u017eivota i prijelaza. Na vjen\u010danjima se javljaju crvene tkanine i crveni vela, a crvene boje kori\u0161tene su za odje\u0107u od zna\u010daja. Boja je tamo nosila zna\u010denje koje je nadilazilo puki ukras.<\/p>\t\t\t\t\t\t\t\t<\/div>\n\t\t\t\t<\/div>\n\t\t\t\t\t<\/div>\n\t\t\t\t<\/div>\n\t\t<div class=\"elementor-element elementor-element-iwgs-schutzfarben-s4 e-flex e-con-boxed e-con e-parent\" data-id=\"iwgs-schutzfarben-s4\" data-element_type=\"container\" data-e-type=\"container\">\n\t\t\t\t\t<div class=\"e-con-inner\">\n\t\t\t\t<div class=\"elementor-element elementor-element-iwgs-schutzfarben-s4h elementor-widget elementor-widget-heading\" data-id=\"iwgs-schutzfarben-s4h\" data-element_type=\"widget\" data-e-type=\"widget\" data-widget_type=\"heading.default\">\n\t\t\t\t\t<h2 class=\"elementor-heading-title elementor-size-default\">Primjeri iz europske narodne magije<\/h2>\t\t\t\t<\/div>\n\t\t<div class=\"elementor-element elementor-element-iwgs-schutzfarben-s4box e-con-full e-flex e-con e-parent\" data-id=\"iwgs-schutzfarben-s4box\" data-element_type=\"container\" data-e-type=\"container\">\n\t\t\t\t<div class=\"elementor-element elementor-element-iwgs-schutzfarben-s4t elementor-widget elementor-widget-text-editor\" data-id=\"iwgs-schutzfarben-s4t\" data-element_type=\"widget\" data-e-type=\"widget\" data-widget_type=\"text-editor.default\">\n\t\t\t\t\t\t\t\t\t<p>U europskoj narodnoj magiji crvena boja ima istaknutu ulogu. Etnografske zbirke bilje\u017ee crvene vrpce i crvene konopce koji su stavljani djeci, \u017eivotinjama i mladencima.<\/p><p>Crvena vrpca vezala se novoro\u0111en\u010dadi oko zape\u0161\u0107a ili privezivala za kolijevku. Stoci su tako\u0111er stavljane crvene vrpce. Ovi obi\u010daji zabilje\u017eeni su u mnogim europskim regijama.<\/p><p>Plava se u europskoj narodnoj magiji javlja me\u0111u ostalim u obliku plavih perli i plavih staklenih elemenata. Postavljani su na odje\u0107u i nakit i povezivani s obranom od pogleda koji se smatrao \u0161tetnim.<\/p><p>Crna je u Europi sna\u017eno povezana s tugom. U nekim obi\u010dajima crna odje\u0107a ili crni element nosili su se istovremeno s za\u0161titnim zna\u010denjem, primjerice na pogrebima.<\/p><p>Izvje\u0161taji o obi\u010dajima vezanim za boje dokumentiraju o\u010dekivanja korisnika, a ne dokazano djelovanje. Pokazuju da su boje shva\u0107ane kao nositelji zna\u010denja koje pru\u017ea sigurnost.<\/p><p>S opadanjem magijskih ku\u0107nih obi\u010daja mnogi od tih obi\u010daja izgubili su svoju svakodnevnu ulogu. Crvena vrpca za novoro\u0111en\u010dad ostala je u nekim krajevima dulje sa\u010duvana kao <span class=\"iwg-fachbegriff\" data-tooltip=\"Predaja koja se u zajednici redovito ponavlja.\" tabindex=\"0\">obi\u010daj<\/span>.<\/p><p>Etnografske zbirke bilje\u017ee nadalje upotrebu zelenih i bijelih elemenata u pojedinim za\u0161titnim obi\u010dajima. Zelena je povezivana s rastom i \u017eivotnom snagom, bijela s \u010disto\u0107om. Ovi primjeri pokazuju da je europska narodna magija, uz plavu, crvenu i crnu, zna\u010denjem obilje\u017eavala i druge boje.<\/p>\t\t\t\t\t\t\t\t<\/div>\n\t\t\t\t<\/div>\n\t\t\t\t\t<\/div>\n\t\t\t\t<\/div>\n\t\t<div class=\"elementor-element elementor-element-iwgs-schutzfarben-s5 e-flex e-con-boxed e-con e-parent\" data-id=\"iwgs-schutzfarben-s5\" data-element_type=\"container\" data-e-type=\"container\">\n\t\t\t\t\t<div class=\"e-con-inner\">\n\t\t\t\t<div class=\"elementor-element elementor-element-iwgs-schutzfarben-s5h elementor-widget elementor-widget-heading\" data-id=\"iwgs-schutzfarben-s5h\" data-element_type=\"widget\" data-e-type=\"widget\" data-widget_type=\"heading.default\">\n\t\t\t\t\t<h2 class=\"elementor-heading-title elementor-size-default\">Primjeri iz Azije i drugih kultura<\/h2>\t\t\t\t<\/div>\n\t\t<div class=\"elementor-element elementor-element-iwgs-schutzfarben-s5box e-con-full e-flex e-con e-parent\" data-id=\"iwgs-schutzfarben-s5box\" data-element_type=\"container\" data-e-type=\"container\">\n\t\t\t\t<div class=\"elementor-element elementor-element-iwgs-schutzfarben-s5t elementor-widget elementor-widget-text-editor\" data-id=\"iwgs-schutzfarben-s5t\" data-element_type=\"widget\" data-e-type=\"widget\" data-widget_type=\"text-editor.default\">\n\t\t\t\t\t\t\t\t\t<p>U Kini je crvena najva\u017enija za\u0161titna i sretna boja. Crvene omotnice, crveni konopci i crvene vrpce koriste se za blagdane i na prijelazima u \u017eivotu. I crveni znakovi na vratima dio su <span class=\"iwg-fachbegriff\" data-tooltip=\"Predaja koja se u zajednici redovito ponavlja.\" tabindex=\"0\">obi\u010daja<\/span>.<\/p><p>U Ju\u017enoj Aziji crvenom konopcu vezanom oko zape\u0161\u0107a pripisuje se za\u0161titno zna\u010denje. I crveni znakovi na \u010delu te crveni prah dio su ritualnog podru\u010dja.<\/p><p>Na Bliskom istoku i u Turskoj plava perla za oko vrlo je ra\u0161irena. Plava boja tamo je usko povezana s obranom od pogleda koji se smatra \u0161tetnim i obilje\u017eava brojne za\u0161titne predmete.<\/p><p>U raznim kulturama crnoj oznaci, primjerice crnoj to\u010dki na licu djeteta, pripisuje se odvra\u0107aju\u0107e zna\u010denje. Trebala bi usmjeriti pogled dalje od djeteta.<\/p><p>Kroz sve ove prostore pokazuje se da je vi\u0161e boja u mnogim kulturama povezano s obranom. Koja boja ima tu ulogu razlikuje se ovisno o predaji.<\/p><p>Raznolikost primjera pokazuje da se za\u0161titnu boju treba shvatiti kao princip. Ona se javlja svugdje gdje se boji, zbog njezinih veza, pripisuje posebno zna\u010denje.<\/p><p>U isto\u010dnoazijskom poretku boja i \u017euta je vezana za visoko zna\u010denje, jer je u Kini dugo bila pridr\u017eana za vladarsku sferu. U ritualnim kontekstima javljaju se \u017euti papiri i \u017eune trake sa spisom, kojima se pripisivalo za\u0161titno zna\u010denje. Poredak boja bio je time usko povezan s dru\u0161tvenim i kozmolo\u0161kim predod\u017ebama.<\/p>\t\t\t\t\t\t\t\t<\/div>\n\t\t\t\t<\/div>\n\t\t\t\t\t<\/div>\n\t\t\t\t<\/div>\n\t\t<div class=\"elementor-element elementor-element-iwgs-schutzfarben-s6 e-flex e-con-boxed e-con e-parent\" data-id=\"iwgs-schutzfarben-s6\" data-element_type=\"container\" data-e-type=\"container\">\n\t\t\t\t\t<div class=\"e-con-inner\">\n\t\t\t\t<div class=\"elementor-element elementor-element-iwgs-schutzfarben-s6h elementor-widget elementor-widget-heading\" data-id=\"iwgs-schutzfarben-s6h\" data-element_type=\"widget\" data-e-type=\"widget\" data-widget_type=\"heading.default\">\n\t\t\t\t\t<h2 class=\"elementor-heading-title elementor-size-default\">Primjena u ritualu i svakodnevici<\/h2>\t\t\t\t<\/div>\n\t\t<div class=\"elementor-element elementor-element-iwgs-schutzfarben-s6box e-con-full e-flex e-con e-parent\" data-id=\"iwgs-schutzfarben-s6box\" data-element_type=\"container\" data-e-type=\"container\">\n\t\t\t\t<div class=\"elementor-element elementor-element-iwgs-schutzfarben-s6t elementor-widget elementor-widget-text-editor\" data-id=\"iwgs-schutzfarben-s6t\" data-element_type=\"widget\" data-e-type=\"widget\" data-widget_type=\"text-editor.default\">\n\t\t\t\t\t\t\t\t\t<p>Za\u0161titne boje u svakodnevnom \u017eivotu naj\u010de\u0161\u0107e su se koristile putem predmeta. Obojena vrpca, obojena perla ili obojeni komad tkanine nosili su boju, a time i pripisano zna\u010denje.<\/p><p>Obi\u010daji vezani za boje \u010desto su bili povezani s \u017eivotnim doga\u0111ajima. Kod ro\u0111enja, vjen\u010danja i u djetinjstvu stavljale su se obojene vrpce i perle, jer su te \u017eivotne faze smatrane posebno osjetljivima.<\/p><p>Za\u0161titna boja \u010desto se nosila na tijelu. Crvena vrpca oko zape\u0161\u0107a ili plava perla oko vrata pratila je nositelja na razli\u010ditim mjestima i trebala ga trajno pratiti.<\/p><p>Na zgradama se za\u0161titne boje javljaju u obliku obojenih premaza, obojenih vrata i obojenih elemenata na prozorima. U nekim regijama plavo obojena vrata i okviri prozora povezuju se sa za\u0161titnim zna\u010denjem.<\/p><p>Neki su obi\u010daji povezivali stavljanje za\u0161titne boje s izgovorenim rije\u010dima ili s odre\u0111enim trenutkom. Boja je tada bila dio \u0161ire radnje.<\/p><p>Jedinstvenog ritualnog poretka za za\u0161titne boje nema. Koja se boja kada i kako koristila, ovisilo je o regiji i predaji, \u0161to je etnografska istra\u017eivanja vi\u0161e puta zabilje\u017eila.<\/p><p>I samo bojenje bilo je povezano s odre\u0111enim predod\u017ebama. U nekim predajama trenutak bojenja ili podrijetlo boje smatrani su zna\u010dajnima. Takve odredbe pokazuju da nije samo dovr\u0161ena boja, nego i njezino dobivanje moglo biti uklopljeno u <span class=\"iwg-fachbegriff\" data-tooltip=\"Predaja koja se u zajednici redovito ponavlja.\" tabindex=\"0\">obi\u010daj<\/span>.<\/p>\t\t\t\t\t\t\t\t<\/div>\n\t\t\t\t<\/div>\n\t\t\t\t\t<\/div>\n\t\t\t\t<\/div>\n\t\t<div class=\"elementor-element elementor-element-iwgs-schutzfarben-s7 e-flex e-con-boxed e-con e-parent\" data-id=\"iwgs-schutzfarben-s7\" data-element_type=\"container\" data-e-type=\"container\">\n\t\t\t\t\t<div class=\"e-con-inner\">\n\t\t\t\t<div class=\"elementor-element elementor-element-iwgs-schutzfarben-s7h elementor-widget elementor-widget-heading\" data-id=\"iwgs-schutzfarben-s7h\" data-element_type=\"widget\" data-e-type=\"widget\" data-widget_type=\"heading.default\">\n\t\t\t\t\t<h2 class=\"elementor-heading-title elementor-size-default\">Srodni oblici za\u0161tite i razgrani\u010denje<\/h2>\t\t\t\t<\/div>\n\t\t<div class=\"elementor-element elementor-element-iwgs-schutzfarben-s7box e-con-full e-flex e-con e-parent\" data-id=\"iwgs-schutzfarben-s7box\" data-element_type=\"container\" data-e-type=\"container\">\n\t\t\t\t<div class=\"elementor-element elementor-element-iwgs-schutzfarben-s7t elementor-widget elementor-widget-text-editor\" data-id=\"iwgs-schutzfarben-s7t\" data-element_type=\"widget\" data-e-type=\"widget\" data-widget_type=\"text-editor.default\">\n\t\t\t\t\t\t\t\t\t<p>Za\u0161titna boja u uskoj je vezi s amuletima. Mnogi <a href=\"https:\/\/iwell-guard.com\/hr\/?page_id=149870\">amuleti i talismani<\/a> nose odre\u0111enu boju koja je povezana s njihovim pripisanim zna\u010denjem. Boja i <span class=\"iwg-fachbegriff\" data-tooltip=\"Ponavljaju\u0107i sadr\u017eajni element u umjetnosti ili pripovijedanju.\" tabindex=\"0\">motiv<\/span> tada djeluju zajedno.<\/p><p>Za\u0161titna boja usko je povezana s plavom perlicom oka. Kod Nazar Boncu\u011fua plava boja i motiv oka nerazdvojivi su. Perlica pokazuje kako se boja i slika mogu spojiti u za\u0161titni znak.<\/p><p>Za\u0161titna boja razlikuje se od apotropejske tvari. Kod soli i \u017eeljeza zna\u010denje se odnosi na materijal. Kod za\u0161titne boje odnosi se na boju, koja se mo\u017ee nanijeti na vrlo razli\u010dite materijale.<\/p><p>Postoji granica prema \u010disto ukrasnom bojanju. \u0160arena odje\u0107a ili obojena fasada ne nosi nu\u017eno za\u0161titno zna\u010denje. Odlu\u010duju\u0107e je pripisuje li se boji odbojna funkcija.<\/p><p>Za\u0161titnu boju treba razgrani\u010diti i od boje kao \u010distog znaka statusa ili \u017ealosti. Crna kao boja \u017ealosti prije svega slijedi dru\u0161tvenu konvenciju, a ne za\u0161titno tuma\u010denje.<\/p><p>Ovo razgrani\u010denje poma\u017ee precizno odrediti pojam za\u0161titne boje. Ona je svojstvo koje predmete mo\u017ee pretvoriti u za\u0161titne znakove i razlikuje se od tvari, <span class=\"iwg-fachbegriff\" data-tooltip=\"Ponavljaju\u0107i sadr\u017eajni element u umjetnosti ili pripovijedanju.\" tabindex=\"0\">motiva<\/span> i \u010distog ukrasa.<\/p><p>Unutar za\u0161titnih boja postoji i veza s oblikom u kojem se boja nosi. Vrpca, uzica i perlica same su nositelji zna\u010denja. Kod za\u0161titne boje boja i odabrani oblik djeluju zajedno i nije ih uvijek mogu\u0107e jasno razdvojiti.<\/p>\t\t\t\t\t\t\t\t<\/div>\n\t\t\t\t<\/div>\n\t\t\t\t\t<\/div>\n\t\t\t\t<\/div>\n\t\t<div class=\"elementor-element elementor-element-iwgs-schutzfarben-s8 e-flex e-con-boxed e-con e-parent\" data-id=\"iwgs-schutzfarben-s8\" data-element_type=\"container\" data-e-type=\"container\">\n\t\t\t\t\t<div class=\"e-con-inner\">\n\t\t\t\t<div class=\"elementor-element elementor-element-iwgs-schutzfarben-s8h elementor-widget elementor-widget-heading\" data-id=\"iwgs-schutzfarben-s8h\" data-element_type=\"widget\" data-e-type=\"widget\" data-widget_type=\"heading.default\">\n\t\t\t\t\t<h2 class=\"elementor-heading-title elementor-size-default\">Suvremena recepcija za\u0161titnih boja<\/h2>\t\t\t\t<\/div>\n\t\t<div class=\"elementor-element elementor-element-iwgs-schutzfarben-s8box e-con-full e-flex e-con e-parent\" data-id=\"iwgs-schutzfarben-s8box\" data-element_type=\"container\" data-e-type=\"container\">\n\t\t\t\t<div class=\"elementor-element elementor-element-iwgs-schutzfarben-s8t elementor-widget elementor-widget-text-editor\" data-id=\"iwgs-schutzfarben-s8t\" data-element_type=\"widget\" data-e-type=\"widget\" data-widget_type=\"text-editor.default\">\n\t\t\t\t\t\t\t\t\t<p>Neki obi\u010daji vezani za boje \u017eivi su i danas. Plava perlica oka \u0161iroko je rasprostranjena u sredozemnom podru\u010dju i \u0161ire. Crvene vrpce u vi\u0161e kultura jo\u0161 se stavljaju djeci.<\/p><p>U suvremenoj <span class=\"iwg-fachbegriff\" data-tooltip=\"Zbirni pojam za u\u010denja koja tvrde da posjeduju skriveno znanje dostupno samo upu\u0107enima.\" tabindex=\"0\">ezoterici<\/span> boje se \u010desto povezuju sa svojstvima i u\u010dincima. Postoje brojna u\u010denja o boji koja pojedinim bojama pripisuju odre\u0111ene mo\u0107i. Takve pripisane vrijednosti nisu potvr\u0111ene.<\/p><p>Ova suvremena u\u010denja o boji treba promatrati kriti\u010dki. Boje treba shvatiti kao kulturne simbole s dugom povijesti zna\u010denja, a ne kao nositelje provjerljivih u\u010dinaka.<\/p><p>U reklami i dizajnu koriste se u\u010dinci boja, no u smislu percepcije i raspolo\u017eenja. Ovaj psiholo\u0161ki opisani u\u010dinak treba razlikovati od magijskog za\u0161titnog tuma\u010denja.<\/p><p>Za <span class=\"iwg-fachbegriff\" data-tooltip=\"Znanost koja religije istra\u017euje uspore\u0111uju\u0107i ih, bez vjerske pripadnosti.\" tabindex=\"0\">religiologiju<\/span> za\u0161titne boje su instruktivan primjer. Pokazuju kako su vidljiva svojstva svijeta, boje neba, krvi i no\u0107i, mogla postati temelj za\u0161titnih tuma\u010denja.<\/p><p>Onaj koji se danas bavi za\u0161titnim bojama u njima pronalazi prije svega kulturno-povijesnu temu. Objektivan pristup razdvaja dokumentiranu povijest obi\u010daja od suvremenih obe\u0107anja u\u010dinka koja ne prolaze provjeru.<\/p><p>I jezikoslovlje se bavilo nazivima boja i pokazalo da kulture razli\u010dito razdjeljuju svoje boje. Koji se tonovi smatraju jednom bojom i koje zna\u010denje nose kulturno je uvjetovano. Ovaj nalaz potvr\u0111uje opa\u017eanje da se izbor za\u0161titne boje razlikuje od regije do regije.<\/p>\t\t\t\t\t\t\t\t<\/div>\n\t\t\t\t<\/div>\n\t\t\t\t\t<\/div>\n\t\t\t\t<\/div>\n\t\t<div class=\"elementor-element elementor-element-iwgs-schutzfarben-lit e-flex e-con-boxed e-con e-parent\" data-id=\"iwgs-schutzfarben-lit\" data-element_type=\"container\" data-e-type=\"container\">\n\t\t\t\t\t<div class=\"e-con-inner\">\n\t\t\t\t<div class=\"elementor-element elementor-element-iwgs-schutzfarben-lith elementor-widget elementor-widget-heading\" data-id=\"iwgs-schutzfarben-lith\" data-element_type=\"widget\" data-e-type=\"widget\" data-widget_type=\"heading.default\">\n\t\t\t\t\t<h2 class=\"elementor-heading-title elementor-size-default\">Literatura (izbor)<\/h2>\t\t\t\t<\/div>\n\t\t<div class=\"elementor-element elementor-element-iwgs-schutzfarben-litbox e-con-full e-flex e-con e-parent\" data-id=\"iwgs-schutzfarben-litbox\" data-element_type=\"container\" data-e-type=\"container\">\n\t\t\t\t<div class=\"elementor-element elementor-element-iwgs-schutzfarben-litt elementor-widget elementor-widget-html\" data-id=\"iwgs-schutzfarben-litt\" data-element_type=\"widget\" data-e-type=\"widget\" data-widget_type=\"html.default\">\n\t\t\t\t\t<footer data-nosnippet=\"true\"><ul><li>Michel Pastoureau: <em>Plava. Povijest jedne boje<\/em> (2000)<\/li><li>Michel Pastoureau: <em>Crna. Povijest jedne boje<\/em> (2008)<\/li><li>Liselotte Hansmann, Lenz Kriss-Rettenbeck: <em>Amulet i talisman. Oblici pojavljivanja i povijest<\/em> (1966)<\/li><li>Hanns B\u00e4chtold-St\u00e4ubli (ur.): <em>Priru\u010dni rje\u010dnik njema\u010dkog praznovjerja<\/em> (1927-1942)<\/li><li>Wolfram Eberhard: <em>Leksikon kineskih simbola<\/em> (1983)<\/li><\/ul><\/footer>\t\t\t\t<\/div>\n\t\t\t\t<\/div>\n\t\t\t\t\t<\/div>\n\t\t\t\t<\/div>\n\t\t<div class=\"elementor-element elementor-element-iwgs-schutzfarben-kwd e-flex e-con-boxed e-con e-parent\" data-id=\"iwgs-schutzfarben-kwd\" data-element_type=\"container\" data-e-type=\"container\">\n\t\t\t\t\t<div class=\"e-con-inner\">\n\t\t\t\t<div class=\"elementor-element elementor-element-iwgs-schutzfarben-kwdt elementor-widget elementor-widget-text-editor\" data-id=\"iwgs-schutzfarben-kwdt\" data-element_type=\"widget\" data-e-type=\"widget\" data-widget_type=\"text-editor.default\">\n\t\t\t\t\t\t\t\t\t<p><em>Srodni klju\u010dni pojmovi: za\u0161titne boje, simbolika boja, plava, crvena, crna, crvena vrpca, plava perlica, boja, za\u0161tita, <span class=\"iwg-fachbegriff\" data-tooltip=\"Onaj koji odbija zlo: o znakovima i predmetima koji trebaju odbiti \u0161tetne utjecaje.\" tabindex=\"0\">apotropejsko<\/span>.<\/em><\/p>\t\t\t\t\t\t\t\t<\/div>\n\t\t\t\t\t<\/div>\n\t\t\t\t<\/div>\n\t\t<div class=\"elementor-element elementor-element-iwgs-schutzfarben-cc e-flex e-con-boxed e-con e-parent\" data-id=\"iwgs-schutzfarben-cc\" data-element_type=\"container\" data-e-type=\"container\" id=\"iwg-cc-schutzfarben\">\n\t\t\t\t\t<div class=\"e-con-inner\">\n\t\t<div class=\"elementor-element elementor-element-iwgs-schutzfarben-ccinner e-flex e-con-boxed e-con e-parent\" data-id=\"iwgs-schutzfarben-ccinner\" data-element_type=\"container\" data-e-type=\"container\" data-settings=\"{&quot;background_background&quot;:&quot;classic&quot;}\">\n\t\t\t\t\t<div class=\"e-con-inner\">\n\t\t\t\t<div class=\"elementor-element elementor-element-iwgs-schutzfarben-cch elementor-widget elementor-widget-heading\" data-id=\"iwgs-schutzfarben-cch\" data-element_type=\"widget\" data-e-type=\"widget\" data-widget_type=\"heading.default\">\n\t\t\t\t\t<h2 class=\"elementor-heading-title elementor-size-default\">iWell Guard i tradicije za\u0161tite<\/h2>\t\t\t\t<\/div>\n\t\t\t\t<div class=\"elementor-element elementor-element-iwgs-schutzfarben-cct elementor-widget elementor-widget-text-editor\" data-id=\"iwgs-schutzfarben-cct\" data-element_type=\"widget\" data-e-type=\"widget\" data-widget_type=\"text-editor.default\">\n\t\t\t\t\t\t\t\t\t<p>iWell Guard nastavlja kulturno-povijesnu tradiciju nosivih za\u0161titnih predmeta, kojoj pripada i za\u0161titna boja. Moderan pratitelj za ljude koji \u017eive sa za\u0161titnim simbolima: izra\u0111en u Njema\u010dkoj, 41 slojeva od pravog zlata, platine i srebra, s 30-dnevnim pravom povrata.<\/p>\t\t\t\t\t\t\t\t<\/div>\n\t\t\t\t<div class=\"elementor-element elementor-element-iwgs-schutzfarben-ccb iwg-cc-button iwg-cc-cta-2026-05-13 elementor-widget elementor-widget-jet-button\" data-id=\"iwgs-schutzfarben-ccb\" data-element_type=\"widget\" data-e-type=\"widget\" data-widget_type=\"jet-button.default\">\n\t\t\t\t<div class=\"elementor-widget-container\">\n\t\t\t\t\t<div class=\"elementor-jet-button jet-elements\"><div class=\"jet-button__container\"><a class=\"jet-button__instance jet-button__instance--icon-left hover-effect-1\" href=\"\/schutzanhaenger-iwell-guard-kaufen\/?utm_source=iwell-guard.com&amp;utm_medium=info-box&amp;utm_campaign=schutzsymbole\"><div class=\"jet-button__plane jet-button__plane-normal\"><\/div><div class=\"jet-button__plane jet-button__plane-hover\"><\/div><div class=\"jet-button__state jet-button__state-normal\"><span class=\"jet-button__label\">Vi\u0161e o iWell Guardu<\/span><\/div><div class=\"jet-button__state jet-button__state-hover\"><span class=\"jet-button__label\">Vi\u0161e o iWell Guardu<\/span><\/div><\/a><\/div><\/div><style>.elementor-element.elementor-element-iwgs-schutzfarben-ccb .jet-button__instance{width:320px;height:56px;}.elementor-element.elementor-element-iwgs-schutzfarben-ccb .jet-button__state-normal .jet-button__label{text-align:center;margin:0px 0px 0px 0px;color:#1a1b20;font-family:Montserrat,sans-serif;font-size:13px;font-weight:400;letter-spacing:4px;line-height:1.714em;text-transform:uppercase;}.elementor-element.elementor-element-iwgs-schutzfarben-ccb .jet-button__state-hover .jet-button__label{text-align:center;margin:0px 0px 0px 0px;color:#FECC76;font-family:Montserrat,sans-serif;font-size:13px;font-weight:400;letter-spacing:4px;line-height:1.714em;text-transform:uppercase;}.elementor-element.elementor-element-iwgs-schutzfarben-ccb .jet-button__plane-normal{background-color:#FECC76;border-style:solid;border-color:#C99540;border-width:2px 2px 2px 2px;}.elementor-element.elementor-element-iwgs-schutzfarben-ccb .jet-button__plane-hover{background-color:rgba(0,0,0,0.55);border-style:solid;border-color:#FECC76;border-width:2px 2px 2px 2px;}<\/style>\t\t\t\t<\/div>\n\t\t\t\t<\/div>\n\t\t\t\t<div class=\"elementor-element elementor-element-iwgs-schutzfarben-ccd elementor-widget elementor-widget-text-editor\" data-id=\"iwgs-schutzfarben-ccd\" data-element_type=\"widget\" data-e-type=\"widget\" data-widget_type=\"text-editor.default\">\n\t\t\t\t\t\t\t\t\t<p style=\"text-align:center;font-size:13px;opacity:0.7;margin-top:14px\" data-nosnippet=\"true\">Osobna iskustva mogu se razlikovati. Nije medicinski proizvod. Nema obe\u0107anja izlje\u010denja.<\/p>\t\t\t\t\t\t\t\t<\/div>\n\t\t\t\t\t<\/div>\n\t\t\t\t<\/div>\n\t\t\t\t\t<\/div>\n\t\t\t\t<\/div>\n\t\t<div class=\"elementor-element elementor-element-iwgs-schutzfarben-disc e-flex e-con-boxed e-con e-parent\" data-id=\"iwgs-schutzfarben-disc\" data-element_type=\"container\" data-e-type=\"container\">\n\t\t\t\t\t<div class=\"e-con-inner\">\n\t\t\t\t<div class=\"elementor-element elementor-element-iwgs-schutzfarben-discw elementor-widget elementor-widget-html\" data-id=\"iwgs-schutzfarben-discw\" data-element_type=\"widget\" data-e-type=\"widget\" data-widget_type=\"html.default\">\n\t\t\t\t\t<footer data-nosnippet=\"true\" class=\"iwg-disclaimer-block\"><p data-nosnippet=\"true\">iWell Guard <strong>nije medicinski proizvod<\/strong> i ne zamjenjuje lije\u010dni\u010dko ili psihoterapijsko lije\u010denje. Sadr\u017eaji prikazani ovdje predstavljaju religiolo\u0161ku i kulturno-povijesnu interpretaciju, a ne obe\u0107anje duhovnog djelovanja.<\/p><\/footer>\t\t\t\t<\/div>\n\t\t\t\t\t<\/div>\n\t\t\t\t<\/div>\n\t\t\t\t<\/div>\n\t\t","protected":false},"excerpt":{"rendered":"","protected":false},"author":3,"featured_media":3582,"parent":0,"menu_order":0,"comment_status":"closed","ping_status":"closed","template":"elementor_header_footer","meta":{"_yoast_wpseo_focuskw":"Za\u0161titne boje","_yoast_wpseo_title":"Za\u0161titne boje: plava, crvena i crna","_yoast_wpseo_metadesc":"Za\u0161titne boje s odbojnim zna\u010denjem: za\u0161to se plava, crvena i crna smatraju za\u0161titnim bojama, s primjerima iz antike, narodne magije i Azije.","_yoast_wpseo_meta-robots-noindex":"","_yoast_wpseo_canonical":"","_angie_page":false,"gefaehrdungsstufe":"","wesen_kultur":"","wesen_klasse":"","footnotes":""},"categories":[],"class_list":["post-149989","page","type-page","status-publish","has-post-thumbnail","hentry"],"yoast_head":"<!-- This site is optimized with the Yoast SEO Premium plugin v27.7 (Yoast SEO v28.3) - https:\/\/yoast.com\/product\/yoast-seo-premium-wordpress\/ -->\n<title>Za\u0161titne boje: plava, crvena i crna<\/title>\n<meta name=\"description\" content=\"Za\u0161titne boje s odbojnim zna\u010denjem: za\u0161to se plava, crvena i crna smatraju za\u0161titnim bojama, s primjerima iz antike, narodne magije i Azije.\" \/>\n<meta name=\"robots\" content=\"index, follow, max-snippet:-1, max-image-preview:large, max-video-preview:-1\" \/>\n<link rel=\"canonical\" href=\"https:\/\/iwell-guard.com\/hr\/zastitne-boje-plava-crvena-crna\/\" \/>\n<meta property=\"og:locale\" content=\"hr_HR\" \/>\n<meta property=\"og:type\" content=\"article\" \/>\n<meta property=\"og:title\" content=\"Za\u0161titne boje \u2013 plava, crvena i crna kao odbrana\" \/>\n<meta property=\"og:description\" content=\"Za\u0161titne boje s odbojnim zna\u010denjem: za\u0161to se plava, crvena i crna smatraju za\u0161titnim bojama, s primjerima iz antike, narodne magije i Azije.\" \/>\n<meta property=\"og:url\" content=\"https:\/\/iwell-guard.com\/hr\/zastitne-boje-plava-crvena-crna\/\" \/>\n<meta property=\"og:site_name\" content=\"iWell Guard\" \/>\n<meta property=\"article:modified_time\" content=\"2026-09-04T05:37:11+00:00\" \/>\n<meta property=\"og:image\" content=\"https:\/\/iwell-guard.com\/wp-content\/uploads\/2026\/05\/schutzsymbol_universell_schutzfarben.webp\" \/>\n\t<meta property=\"og:image:width\" content=\"1024\" \/>\n\t<meta property=\"og:image:height\" content=\"1536\" \/>\n\t<meta property=\"og:image:type\" content=\"image\/webp\" \/>\n<meta name=\"twitter:card\" content=\"summary_large_image\" \/>\n<script type=\"application\/ld+json\" class=\"yoast-schema-graph\">{\"@context\":\"https:\\\/\\\/schema.org\",\"@graph\":[{\"@type\":\"WebPage\",\"@id\":\"https:\\\/\\\/iwell-guard.com\\\/hr\\\/zastitne-boje-plava-crvena-crna\\\/\",\"url\":\"https:\\\/\\\/iwell-guard.com\\\/hr\\\/zastitne-boje-plava-crvena-crna\\\/\",\"name\":\"Za\u0161titne boje: plava, crvena i crna\",\"isPartOf\":{\"@id\":\"https:\\\/\\\/iwell-guard.com\\\/hr\\\/#website\"},\"primaryImageOfPage\":{\"@id\":\"https:\\\/\\\/iwell-guard.com\\\/hr\\\/zastitne-boje-plava-crvena-crna\\\/#primaryimage\"},\"image\":{\"@id\":\"https:\\\/\\\/iwell-guard.com\\\/hr\\\/zastitne-boje-plava-crvena-crna\\\/#primaryimage\"},\"thumbnailUrl\":\"https:\\\/\\\/iwell-guard.com\\\/wp-content\\\/uploads\\\/2026\\\/05\\\/schutzsymbol_universell_schutzfarben.webp\",\"datePublished\":\"2026-09-04T05:15:11+00:00\",\"dateModified\":\"2026-09-04T05:37:11+00:00\",\"description\":\"Za\u0161titne boje s odbojnim zna\u010denjem: za\u0161to se plava, crvena i crna smatraju za\u0161titnim bojama, s primjerima iz antike, narodne magije i Azije.\",\"breadcrumb\":{\"@id\":\"https:\\\/\\\/iwell-guard.com\\\/hr\\\/zastitne-boje-plava-crvena-crna\\\/#breadcrumb\"},\"inLanguage\":\"hr\",\"potentialAction\":[{\"@type\":\"ReadAction\",\"target\":[\"https:\\\/\\\/iwell-guard.com\\\/hr\\\/zastitne-boje-plava-crvena-crna\\\/\"]}]},{\"@type\":\"ImageObject\",\"inLanguage\":\"hr\",\"@id\":\"https:\\\/\\\/iwell-guard.com\\\/hr\\\/zastitne-boje-plava-crvena-crna\\\/#primaryimage\",\"url\":\"https:\\\/\\\/iwell-guard.com\\\/wp-content\\\/uploads\\\/2026\\\/05\\\/schutzsymbol_universell_schutzfarben.webp\",\"contentUrl\":\"https:\\\/\\\/iwell-guard.com\\\/wp-content\\\/uploads\\\/2026\\\/05\\\/schutzsymbol_universell_schutzfarben.webp\",\"width\":1024,\"height\":1536,\"caption\":\"Za\u0161titni simbol. Muzejska ilustracija u stilu mrtve prirode.\"},{\"@type\":\"BreadcrumbList\",\"@id\":\"https:\\\/\\\/iwell-guard.com\\\/hr\\\/zastitne-boje-plava-crvena-crna\\\/#breadcrumb\",\"itemListElement\":[{\"@type\":\"ListItem\",\"position\":1,\"name\":\"Start\",\"item\":\"https:\\\/\\\/iwell-guard.com\\\/hr\\\/?page_id=149317\"},{\"@type\":\"ListItem\",\"position\":2,\"name\":\"Za\u0161titne boje \u2013 plava, crvena i crna kao odbrana\"}]},{\"@type\":\"WebSite\",\"@id\":\"https:\\\/\\\/iwell-guard.com\\\/hr\\\/#website\",\"url\":\"https:\\\/\\\/iwell-guard.com\\\/hr\\\/\",\"name\":\"iWell Guard\",\"description\":\"Schutz vor dunklen Einfl\u00fcssen\",\"publisher\":{\"@id\":\"https:\\\/\\\/iwell-guard.com\\\/hr\\\/#organization\"},\"potentialAction\":[{\"@type\":\"SearchAction\",\"target\":{\"@type\":\"EntryPoint\",\"urlTemplate\":\"https:\\\/\\\/iwell-guard.com\\\/hr\\\/?s={search_term_string}\"},\"query-input\":{\"@type\":\"PropertyValueSpecification\",\"valueRequired\":true,\"valueName\":\"search_term_string\"}}],\"inLanguage\":\"hr\"},{\"@type\":\"Organization\",\"@id\":\"https:\\\/\\\/iwell-guard.com\\\/hr\\\/#organization\",\"name\":\"Ittermann electronic GmbH\",\"url\":\"https:\\\/\\\/iwell-guard.com\\\/hr\\\/\",\"logo\":{\"@type\":\"ImageObject\",\"inLanguage\":\"hr\",\"@id\":\"https:\\\/\\\/iwell-guard.com\\\/hr\\\/#\\\/schema\\\/logo\\\/image\\\/\",\"url\":\"https:\\\/\\\/iwell-guard.com\\\/wp-content\\\/uploads\\\/2026\\\/05\\\/Ittermann-Logo-1182x237-1.png\",\"contentUrl\":\"https:\\\/\\\/iwell-guard.com\\\/wp-content\\\/uploads\\\/2026\\\/05\\\/Ittermann-Logo-1182x237-1.png\",\"width\":1182,\"height\":237,\"caption\":\"Ittermann electronic GmbH\"},\"image\":{\"@id\":\"https:\\\/\\\/iwell-guard.com\\\/hr\\\/#\\\/schema\\\/logo\\\/image\\\/\"},\"sameAs\":[\"https:\\\/\\\/pantip.com\\\/profile\\\/9367242\",\"https:\\\/\\\/micro.blog\\\/iwellguard\",\"https:\\\/\\\/www.diggerslist.com\\\/iwellguard\\\/about\",\"https:\\\/\\\/skitterphoto.com\\\/photographers\\\/2870314\\\/iwell-guard\",\"https:\\\/\\\/iwellguard.wordpress.com\\\/2026\\\/06\\\/06\\\/iwell-guard\\\/\",\"https:\\\/\\\/hub.docker.com\\\/u\\\/iwellguard\",\"https:\\\/\\\/www.pinterest.com\\\/iwellguard\\\/\",\"https:\\\/\\\/bit.ly\\\/m\\\/iwellguard\",\"https:\\\/\\\/entre-vos-mains.alsace.eu\\\/profiles\\\/iwellguard\\\/activity\",\"https:\\\/\\\/gravatar.com\\\/reallybeded8fd34\",\"https:\\\/\\\/naijamatta.com\\\/iwellguard\",\"https:\\\/\\\/www.goodreads.com\\\/iwellguard\",\"https:\\\/\\\/profile.hatena.ne.jp\\\/iwellguard\\\/\",\"https:\\\/\\\/experiment.com\\\/users\\\/iwellguard\",\"https:\\\/\\\/wakelet.com\\\/@iWellGuard82270\",\"https:\\\/\\\/www.chordie.com\\\/forum\\\/profile.php?id=2555664\",\"https:\\\/\\\/www.instapaper.com\\\/p\\\/17757966\",\"https:\\\/\\\/www.mapleprimes.com\\\/users\\\/iwellguard\",\"https:\\\/\\\/businesslistingplus.com\\\/profile\\\/iwell-guard\\\/\",\"https:\\\/\\\/telegra.ph\\\/iWell-Guard-06-06\",\"https:\\\/\\\/pbase.com\\\/iwellguard\\\/iwellguard\",\"https:\\\/\\\/b.hatena.ne.jp\\\/iwellguard\\\/20260607#bookmark-4788405196491818882\",\"https:\\\/\\\/fliphtml5.com\\\/home\\\/iwellguard\",\"https:\\\/\\\/anyflip.com\\\/homepage\\\/cmiwl#About\",\"https:\\\/\\\/transfur.com\\\/Users\\\/iwellguard\",\"http:\\\/\\\/delphi.larsbo.org\\\/user\\\/iwellguard\",\"https:\\\/\\\/jobs.lajobsportal.org\\\/profiles\\\/8380803-iwell-guard\",\"https:\\\/\\\/md.chaosdorf.de\\\/s\\\/jfbe5SBdJD\",\"https:\\\/\\\/www.lingvolive.com\\\/en-us\\\/profile\\\/9ecaeaca-ce11-4e51-9e71-01d55e2bff36\\\/translations\",\"https:\\\/\\\/www.fitday.com\\\/fitness\\\/forums\\\/members\\\/iwellguard.html\",\"https:\\\/\\\/www.mymeetbook.com\\\/iwellguard\",\"https:\\\/\\\/pxhere.com\\\/en\\\/photographer-me\\\/5040798\",\"https:\\\/\\\/disqus.com\\\/by\\\/iwellguard\\\/about\\\/\",\"https:\\\/\\\/pastelink.net\\\/hjwciqwq\",\"https:\\\/\\\/pubhtml5.com\\\/homepage\\\/scjhn\\\/\",\"https:\\\/\\\/www.bitchute.com\\\/channel\\\/2O2eOKzNqujT\",\"https:\\\/\\\/audiomack.com\\\/iwellguard\"]}]}<\/script>\n<!-- \/ Yoast SEO Premium plugin. -->","yoast_head_json":{"title":"Za\u0161titne boje: plava, crvena i crna","description":"Za\u0161titne boje s odbojnim zna\u010denjem: za\u0161to se plava, crvena i crna smatraju za\u0161titnim bojama, s primjerima iz antike, narodne magije i Azije.","robots":{"index":"index","follow":"follow","max-snippet":"max-snippet:-1","max-image-preview":"max-image-preview:large","max-video-preview":"max-video-preview:-1"},"canonical":"https:\/\/iwell-guard.com\/hr\/zastitne-boje-plava-crvena-crna\/","og_locale":"hr_HR","og_type":"article","og_title":"Za\u0161titne boje \u2013 plava, crvena i crna kao odbrana","og_description":"Za\u0161titne boje s odbojnim zna\u010denjem: za\u0161to se plava, crvena i crna smatraju za\u0161titnim bojama, s primjerima iz antike, narodne magije i Azije.","og_url":"https:\/\/iwell-guard.com\/hr\/zastitne-boje-plava-crvena-crna\/","og_site_name":"iWell Guard","article_modified_time":"2026-09-04T05:37:11+00:00","og_image":[{"width":1024,"height":1536,"url":"https:\/\/iwell-guard.com\/wp-content\/uploads\/2026\/05\/schutzsymbol_universell_schutzfarben.webp","type":"image\/webp"}],"twitter_card":"summary_large_image","schema":{"@context":"https:\/\/schema.org","@graph":[{"@type":"WebPage","@id":"https:\/\/iwell-guard.com\/hr\/zastitne-boje-plava-crvena-crna\/","url":"https:\/\/iwell-guard.com\/hr\/zastitne-boje-plava-crvena-crna\/","name":"Za\u0161titne boje: plava, crvena i crna","isPartOf":{"@id":"https:\/\/iwell-guard.com\/hr\/#website"},"primaryImageOfPage":{"@id":"https:\/\/iwell-guard.com\/hr\/zastitne-boje-plava-crvena-crna\/#primaryimage"},"image":{"@id":"https:\/\/iwell-guard.com\/hr\/zastitne-boje-plava-crvena-crna\/#primaryimage"},"thumbnailUrl":"https:\/\/iwell-guard.com\/wp-content\/uploads\/2026\/05\/schutzsymbol_universell_schutzfarben.webp","datePublished":"2026-09-04T05:15:11+00:00","dateModified":"2026-09-04T05:37:11+00:00","description":"Za\u0161titne boje s odbojnim zna\u010denjem: za\u0161to se plava, crvena i crna smatraju za\u0161titnim bojama, s primjerima iz antike, narodne magije i Azije.","breadcrumb":{"@id":"https:\/\/iwell-guard.com\/hr\/zastitne-boje-plava-crvena-crna\/#breadcrumb"},"inLanguage":"hr","potentialAction":[{"@type":"ReadAction","target":["https:\/\/iwell-guard.com\/hr\/zastitne-boje-plava-crvena-crna\/"]}]},{"@type":"ImageObject","inLanguage":"hr","@id":"https:\/\/iwell-guard.com\/hr\/zastitne-boje-plava-crvena-crna\/#primaryimage","url":"https:\/\/iwell-guard.com\/wp-content\/uploads\/2026\/05\/schutzsymbol_universell_schutzfarben.webp","contentUrl":"https:\/\/iwell-guard.com\/wp-content\/uploads\/2026\/05\/schutzsymbol_universell_schutzfarben.webp","width":1024,"height":1536,"caption":"Za\u0161titni simbol. Muzejska ilustracija u stilu mrtve prirode."},{"@type":"BreadcrumbList","@id":"https:\/\/iwell-guard.com\/hr\/zastitne-boje-plava-crvena-crna\/#breadcrumb","itemListElement":[{"@type":"ListItem","position":1,"name":"Start","item":"https:\/\/iwell-guard.com\/hr\/?page_id=149317"},{"@type":"ListItem","position":2,"name":"Za\u0161titne boje \u2013 plava, crvena i crna kao odbrana"}]},{"@type":"WebSite","@id":"https:\/\/iwell-guard.com\/hr\/#website","url":"https:\/\/iwell-guard.com\/hr\/","name":"iWell Guard","description":"Schutz vor dunklen Einfl\u00fcssen","publisher":{"@id":"https:\/\/iwell-guard.com\/hr\/#organization"},"potentialAction":[{"@type":"SearchAction","target":{"@type":"EntryPoint","urlTemplate":"https:\/\/iwell-guard.com\/hr\/?s={search_term_string}"},"query-input":{"@type":"PropertyValueSpecification","valueRequired":true,"valueName":"search_term_string"}}],"inLanguage":"hr"},{"@type":"Organization","@id":"https:\/\/iwell-guard.com\/hr\/#organization","name":"Ittermann electronic GmbH","url":"https:\/\/iwell-guard.com\/hr\/","logo":{"@type":"ImageObject","inLanguage":"hr","@id":"https:\/\/iwell-guard.com\/hr\/#\/schema\/logo\/image\/","url":"https:\/\/iwell-guard.com\/wp-content\/uploads\/2026\/05\/Ittermann-Logo-1182x237-1.png","contentUrl":"https:\/\/iwell-guard.com\/wp-content\/uploads\/2026\/05\/Ittermann-Logo-1182x237-1.png","width":1182,"height":237,"caption":"Ittermann electronic GmbH"},"image":{"@id":"https:\/\/iwell-guard.com\/hr\/#\/schema\/logo\/image\/"},"sameAs":["https:\/\/pantip.com\/profile\/9367242","https:\/\/micro.blog\/iwellguard","https:\/\/www.diggerslist.com\/iwellguard\/about","https:\/\/skitterphoto.com\/photographers\/2870314\/iwell-guard","https:\/\/iwellguard.wordpress.com\/2026\/06\/06\/iwell-guard\/","https:\/\/hub.docker.com\/u\/iwellguard","https:\/\/www.pinterest.com\/iwellguard\/","https:\/\/bit.ly\/m\/iwellguard","https:\/\/entre-vos-mains.alsace.eu\/profiles\/iwellguard\/activity","https:\/\/gravatar.com\/reallybeded8fd34","https:\/\/naijamatta.com\/iwellguard","https:\/\/www.goodreads.com\/iwellguard","https:\/\/profile.hatena.ne.jp\/iwellguard\/","https:\/\/experiment.com\/users\/iwellguard","https:\/\/wakelet.com\/@iWellGuard82270","https:\/\/www.chordie.com\/forum\/profile.php?id=2555664","https:\/\/www.instapaper.com\/p\/17757966","https:\/\/www.mapleprimes.com\/users\/iwellguard","https:\/\/businesslistingplus.com\/profile\/iwell-guard\/","https:\/\/telegra.ph\/iWell-Guard-06-06","https:\/\/pbase.com\/iwellguard\/iwellguard","https:\/\/b.hatena.ne.jp\/iwellguard\/20260607#bookmark-4788405196491818882","https:\/\/fliphtml5.com\/home\/iwellguard","https:\/\/anyflip.com\/homepage\/cmiwl#About","https:\/\/transfur.com\/Users\/iwellguard","http:\/\/delphi.larsbo.org\/user\/iwellguard","https:\/\/jobs.lajobsportal.org\/profiles\/8380803-iwell-guard","https:\/\/md.chaosdorf.de\/s\/jfbe5SBdJD","https:\/\/www.lingvolive.com\/en-us\/profile\/9ecaeaca-ce11-4e51-9e71-01d55e2bff36\/translations","https:\/\/www.fitday.com\/fitness\/forums\/members\/iwellguard.html","https:\/\/www.mymeetbook.com\/iwellguard","https:\/\/pxhere.com\/en\/photographer-me\/5040798","https:\/\/disqus.com\/by\/iwellguard\/about\/","https:\/\/pastelink.net\/hjwciqwq","https:\/\/pubhtml5.com\/homepage\/scjhn\/","https:\/\/www.bitchute.com\/channel\/2O2eOKzNqujT","https:\/\/audiomack.com\/iwellguard"]}]}},"_links":{"self":[{"href":"https:\/\/iwell-guard.com\/hr\/wp-json\/wp\/v2\/pages\/149989","targetHints":{"allow":["GET"]}}],"collection":[{"href":"https:\/\/iwell-guard.com\/hr\/wp-json\/wp\/v2\/pages"}],"about":[{"href":"https:\/\/iwell-guard.com\/hr\/wp-json\/wp\/v2\/types\/page"}],"author":[{"embeddable":true,"href":"https:\/\/iwell-guard.com\/hr\/wp-json\/wp\/v2\/users\/3"}],"replies":[{"embeddable":true,"href":"https:\/\/iwell-guard.com\/hr\/wp-json\/wp\/v2\/comments?post=149989"}],"version-history":[{"count":0,"href":"https:\/\/iwell-guard.com\/hr\/wp-json\/wp\/v2\/pages\/149989\/revisions"}],"wp:featuredmedia":[{"embeddable":true,"href":"https:\/\/iwell-guard.com\/hr\/wp-json\/wp\/v2\/media\/3582"}],"wp:attachment":[{"href":"https:\/\/iwell-guard.com\/hr\/wp-json\/wp\/v2\/media?parent=149989"}],"wp:term":[{"taxonomy":"category","embeddable":true,"href":"https:\/\/iwell-guard.com\/hr\/wp-json\/wp\/v2\/categories?post=149989"}],"curies":[{"name":"wp","href":"https:\/\/api.w.org\/{rel}","templated":true}]}}