{"id":149988,"date":"2026-09-04T05:15:11","date_gmt":"2026-09-04T05:15:11","guid":{"rendered":"https:\/\/iwell-guard.com\/?page_id=149988"},"modified":"2026-09-04T05:37:08","modified_gmt":"2026-09-04T05:37:08","slug":"zrcalo-kao-sredstvo-zastite-princip-odbijanja","status":"publish","type":"page","link":"https:\/\/iwell-guard.com\/hr\/zrcalo-kao-sredstvo-zastite-princip-odbijanja\/","title":{"rendered":"Zrcalo kao sredstvo za\u0161tite \u2013 princip odbijanja"},"content":{"rendered":"\t\t<div data-elementor-type=\"wp-page\" data-elementor-id=\"149988\" class=\"elementor elementor-149988 elementor-3743 elementor-bc-flex-widget\" data-elementor-post-type=\"page\">\n\t\t\t\t<div class=\"elementor-element elementor-element-iwgs-spiegelabweh-hero e-flex e-con-boxed e-con e-parent\" data-id=\"iwgs-spiegelabweh-hero\" data-element_type=\"container\" data-e-type=\"container\">\n\t\t\t\t\t<div class=\"e-con-inner\">\n\t\t<div class=\"elementor-element elementor-element-iwgs-spiegelabweh-hl e-flex e-con-boxed e-con e-parent\" data-id=\"iwgs-spiegelabweh-hl\" data-element_type=\"container\" data-e-type=\"container\">\n\t\t\t\t\t<div class=\"e-con-inner\">\n\t\t<div class=\"elementor-element elementor-element-iwgs-spiegelabweh-hlbox e-con-full e-flex e-con e-parent\" data-id=\"iwgs-spiegelabweh-hlbox\" data-element_type=\"container\" data-e-type=\"container\">\n\t\t\t\t<div class=\"elementor-element elementor-element-iwgs-spiegelabweh-h1 elementor-widget elementor-widget-heading\" data-id=\"iwgs-spiegelabweh-h1\" data-element_type=\"widget\" data-e-type=\"widget\" data-widget_type=\"heading.default\">\n\t\t\t\t\t<h1 class=\"elementor-heading-title elementor-size-default\">Zrcalo kao sredstvo za\u0161tite: slanje zla nazad<\/h1>\t\t\t\t<\/div>\n\t\t\t\t<div class=\"elementor-element elementor-element-iwgs-spiegelabweh-lead elementor-widget elementor-widget-text-editor\" data-id=\"iwgs-spiegelabweh-lead\" data-element_type=\"widget\" data-e-type=\"widget\" data-widget_type=\"text-editor.default\">\n\t\t\t\t\t\t\t\t\t<p>Zrcalo je jedan od najrasprostranjenijih predmeta kojima se pripisuje za\u0161titno zna\u010denje. Osnovna zamisao je princip odbijanja: \u0161tetan utjecaj trebao bi biti odbijen od odsjajne povr\u0161ine i vratiti se na svoje polazi\u0161te.<\/p><p>Ovaj \u010dlanak religijskoznanstveno obja\u0161njava za\u0161titno zrcalo i pratedi njegove tragove od <span class=\"iwg-fachbegriff\" data-tooltip=\"Epoha gr\u010dke i rimske kulture, otprilike od 800. pr. Kr. do 600. n. Kr.\" tabindex=\"0\">antike<\/span> do dana\u0161nje recepcije. Pri tome se razdvaja povijesno dokumentirani <span class=\"iwg-fachbegriff\" data-tooltip=\"Sveukupnost predanih obi\u010daja jedne zajednice.\" tabindex=\"0\">obi\u010daj<\/span> od suvremenog tuma\u010denja.<\/p>\n<p class=\"iwg-kwfix\">Zrcalo kao sredstvo za\u0161tite trebalo bi vratiti zlo po\u0161iljatelju.<\/p>\t\t\t\t\t\t\t\t<\/div>\n\t\t\t\t<\/div>\n\t\t\t\t<div class=\"elementor-element elementor-element-iwgs-spiegelabweh-pills elementor-widget elementor-widget-html\" data-id=\"iwgs-spiegelabweh-pills\" data-element_type=\"widget\" data-e-type=\"widget\" data-widget_type=\"html.default\">\n\t\t\t\t\t<div class=\"iwg-pill-row\"><span class=\"iwg-klasse-badge\" tabindex=\"0\" data-tooltip=\"Za\u0161titni simbol, amajlija ili apotropejski predmet.\">Za\u0161titni simbol<\/span><a href=\"https:\/\/iwell-guard.com\/hr\/zastitni-simboli\/\" class=\"iwg-kultur-badge\" tabindex=\"0\" data-tooltip=\"Za\u0161titna tradicija: Interkulturno\">Interkulturno<\/a><span class=\"iwg-tradition-badge\" tabindex=\"0\" data-tooltip=\"Op\u0107e djelotvorno na\u010delo na kojem se temelje za\u0161titni obi\u010daji.\">Za\u0161titno na\u010delo<\/span><\/div>\t\t\t\t<\/div>\n\t\t\t\t\t<\/div>\n\t\t\t\t<\/div>\n\t\t<div class=\"elementor-element elementor-element-iwgs-spiegelabweh-hr e-con-full e-flex e-con e-parent\" data-id=\"iwgs-spiegelabweh-hr\" data-element_type=\"container\" data-e-type=\"container\">\n\t\t\t\t<div class=\"elementor-element elementor-element-iwgs-spiegelabweh-himg iwg-hero-image elementor-widget elementor-widget-image\" data-id=\"iwgs-spiegelabweh-himg\" data-element_type=\"widget\" data-e-type=\"widget\" data-widget_type=\"image.default\">\n\t\t\t\t\t\t\t\t\t\t\t\t\t\t\t<img fetchpriority=\"high\" decoding=\"async\" width=\"683\" height=\"1024\" src=\"https:\/\/iwell-guard.com\/wp-content\/uploads\/2026\/05\/schutzsymbol_universell_spiegel-abwehr-683x1024.webp\" class=\"attachment-large size-large wp-image-151209\" alt=\"Zrcalo za\u0161tita - za\u0161titni simbol, muzejska ilustracija\" srcset=\"https:\/\/iwell-guard.com\/wp-content\/uploads\/2026\/05\/schutzsymbol_universell_spiegel-abwehr-683x1024.webp 683w, https:\/\/iwell-guard.com\/wp-content\/uploads\/2026\/05\/schutzsymbol_universell_spiegel-abwehr-200x300.webp 200w, https:\/\/iwell-guard.com\/wp-content\/uploads\/2026\/05\/schutzsymbol_universell_spiegel-abwehr-768x1152.webp 768w, https:\/\/iwell-guard.com\/wp-content\/uploads\/2026\/05\/schutzsymbol_universell_spiegel-abwehr.webp 1024w\" sizes=\"(max-width: 683px) 100vw, 683px\" \/>\t\t\t\t\t\t\t\t\t\t\t\t\t\t\t<\/div>\n\t\t\t\t<\/div>\n\t\t\t\t\t<\/div>\n\t\t\t\t<\/div>\n\t\t<div class=\"elementor-element elementor-element-iwgs-spiegelabweh-s0 e-flex e-con-boxed e-con e-parent\" data-id=\"iwgs-spiegelabweh-s0\" data-element_type=\"container\" data-e-type=\"container\">\n\t\t\t\t\t<div class=\"e-con-inner\">\n\t\t\t\t<div class=\"elementor-element elementor-element-iwgs-spiegelabweh-s0h elementor-widget elementor-widget-heading\" data-id=\"iwgs-spiegelabweh-s0h\" data-element_type=\"widget\" data-e-type=\"widget\" data-widget_type=\"heading.default\">\n\t\t\t\t\t<h2 class=\"elementor-heading-title elementor-size-default\">Obja\u0161njenje: \u0161to je za\u0161titno zrcalo<\/h2>\t\t\t\t<\/div>\n\t\t<div class=\"elementor-element elementor-element-iwgs-spiegelabweh-s0box e-con-full e-flex e-con e-parent\" data-id=\"iwgs-spiegelabweh-s0box\" data-element_type=\"container\" data-e-type=\"container\">\n\t\t\t\t<div class=\"elementor-element elementor-element-iwgs-spiegelabweh-s0t elementor-widget elementor-widget-text-editor\" data-id=\"iwgs-spiegelabweh-s0t\" data-element_type=\"widget\" data-e-type=\"widget\" data-widget_type=\"text-editor.default\">\n\t\t\t\t\t\t\t\t\t<p>Za\u0161titno zrcalo je zrcalo ili odsjajna povr\u0161ina kojoj se pripisuje za\u0161titna funkcija. Postavlja se na ku\u0107e, na vrata, na prozore ili na tijelo i trebalo bi odbijati \u0161tetne utjecaje.<\/p><p>Temeljna zamisao je odbijanje. Zrcalo vra\u0107a svjetlost i sliku koja na njega padne. Ovo svakodnevno svojstvo preneseno je na predod\u017ebu da se i \u0161tetan utjecaj mo\u017ee odbiti.<\/p><p>Za\u0161titno zrcalo se \u010desto usmjerava protiv pogleda koji se smatra \u0161tetnim, a koji se u mnogim kulturama shva\u0107a kao izvor nesre\u0107e. Zrcalo bi taj pogled trebalo vratiti na njegovo polazi\u0161te.<\/p><p>Oblici se\u017eu od malog zrcalca u\u0161ivenog u tkaninu ili nakit do velikog zrcala postavljenog na zid ku\u0107e. Ula\u0161tene metalne povr\u0161ine i blistavi predmeti tako\u0111er su kori\u0161teni u toj funkciji.<\/p><p>Unutar <a href=\"https:\/\/iwell-guard.com\/hr\/zastitni-simboli\/\">za\u0161titnih simbola<\/a> zrcalo pripada skupini za\u0161titnih predmeta koji se tuma\u010de ne preko slikovnog motiva, nego preko fizi\u010dkog svojstva. To svojstvo je odraz.<\/p><p>Za\u0161titno zrcalo stoji tako izme\u0111u predmeta i <span class=\"iwg-fachbegriff\" data-tooltip=\"Znak koji predstavlja neku predod\u017ebu ili zna\u010denje.\" tabindex=\"0\">simbola<\/span>. Ono je stvarno zrcalo sa stvarnim odrazom, kojem se istovremeno pripisuje zna\u010denje koje prema\u0161uje optiku.<\/p><p>Za\u0161titno zrcalo je tijesno povezano s predod\u017ebom o pogledu koji se smatra \u0161tetnim, a koja je ra\u0161irena u mnogim kulturama. Taj pogled se shva\u0107a kao ne\u0161to \u0161to izlazi iz \u010dovjeka i poga\u0111a cilj. Zrcalo se upravo na tu predod\u017ebu nadovezuje, jer treba usmjeriti pogled natrag.<\/p>\t\t\t\t\t\t\t\t<\/div>\n\t\t\t\t<\/div>\n\t\t\t\t\t<\/div>\n\t\t\t\t<\/div>\n\t\t<div class=\"elementor-element elementor-element-iwgs-spiegelabweh-s1 e-flex e-con-boxed e-con e-parent\" data-id=\"iwgs-spiegelabweh-s1\" data-element_type=\"container\" data-e-type=\"container\">\n\t\t\t\t\t<div class=\"e-con-inner\">\n\t\t\t\t<div class=\"elementor-element elementor-element-iwgs-spiegelabweh-s1h elementor-widget elementor-widget-heading\" data-id=\"iwgs-spiegelabweh-s1h\" data-element_type=\"widget\" data-e-type=\"widget\" data-widget_type=\"heading.default\">\n\t\t\t\t\t<h2 class=\"elementor-heading-title elementor-size-default\">Podrijetlo i povijesna dubina za\u0161titnog zrcala<\/h2>\t\t\t\t<\/div>\n\t\t<div class=\"elementor-element elementor-element-iwgs-spiegelabweh-s1box e-con-full e-flex e-con e-parent\" data-id=\"iwgs-spiegelabweh-s1box\" data-element_type=\"container\" data-e-type=\"container\">\n\t\t\t\t<div class=\"elementor-element elementor-element-iwgs-spiegelabweh-s1t elementor-widget elementor-widget-text-editor\" data-id=\"iwgs-spiegelabweh-s1t\" data-element_type=\"widget\" data-e-type=\"widget\" data-widget_type=\"text-editor.default\">\n\t\t\t\t\t\t\t\t\t<p>Zrcala su poznata od prapovijesti, najprije kao ula\u0161teni kamenovi i metalne povr\u0161ine, kasnije kao staklena zrcala. Uz zrcalo se rano vezalo zna\u010denje koje je nadilazilo samo odra\u017eavanje.<\/p><p>Iz starog Orijenta i iz Egipta poznata su zrcala kao predmeti s kultnim zna\u010denjem. Pojavljuju se u grobnicama i u hramskom podru\u010dju, \u010dime im se pripisuje uloga koja nadilazi svakodnevnu funkciju.<\/p><p>U Kini zrcalo ima posebno duboku povijest. Bronzana zrcala izra\u0111ivana su od ranog <span class=\"iwg-fachbegriff\" data-tooltip=\"Prapovijesna epoha u kojoj je bronca bila najva\u017eniji metal za izradu predmeta.\" tabindex=\"0\">bronzanog doba<\/span>, \u010desto s kozmolo\u0161kim uzorcima na pole\u0111ini, i smatrana su zna\u010dajnim predmetima.<\/p><p>Iz Kine potje\u010de i najpoznatije za\u0161titno zrcalo, osmerokutno zrcalo s okvirom od simbola, koje se postavlja iznad vrata. Ono je detaljno obra\u0111eno u \u010dlanku o <a href=\"https:\/\/iwell-guard.com\/hr\/?page_id=149883\">bagua zrcalu<\/a>.<\/p><p>U Europi se stakleno zrcalo pro\u0161irilo od kasnog srednjeg vijeka. Uz njega se vezalo mnogo obi\u010daja i predod\u017ebi, od kojih neki preuzimaju za\u0161titno tuma\u010denje.<\/p><p>Sve u svemu, pokazuje se da je zrcalu u mnogim kulturama dano zna\u010denje koje nadilazi samo odra\u017eavanje. Za\u0161titno tuma\u010denje je dio tog \u0161irokog polja zna\u010denja.<\/p><p>Sa \u0161irenjem venecijanskog staklenog zrcala u ranom novom vijeku zrcalo je postalo op\u0107enito dostupno i privuklo je mnoge nove predod\u017ebe. Bistro, ravno stakleno zrcalo zamijenilo je starija metalna zrcala i oblikovalo odnos prema tom predmetu. Na ovu \u0161iroku promjenu nadovezali su se i mnogi predani obi\u010daji vezani za zrcalo.<\/p>\t\t\t\t\t\t\t\t<\/div>\n\t\t\t\t<\/div>\n\t\t\t\t\t<\/div>\n\t\t\t\t<\/div>\n\t\t<div class=\"elementor-element elementor-element-iwgs-spiegelabweh-s2 e-flex e-con-boxed e-con e-parent\" data-id=\"iwgs-spiegelabweh-s2\" data-element_type=\"container\" data-e-type=\"container\">\n\t\t\t\t\t<div class=\"e-con-inner\">\n\t\t\t\t<div class=\"elementor-element elementor-element-iwgs-spiegelabweh-s2h elementor-widget elementor-widget-heading\" data-id=\"iwgs-spiegelabweh-s2h\" data-element_type=\"widget\" data-e-type=\"widget\" data-widget_type=\"heading.default\">\n\t\t\t\t\t<h2 class=\"elementor-heading-title elementor-size-default\">Temeljna predod\u017eba o odbijanju<\/h2>\t\t\t\t<\/div>\n\t\t<div class=\"elementor-element elementor-element-iwgs-spiegelabweh-s2box e-con-full e-flex e-con e-parent\" data-id=\"iwgs-spiegelabweh-s2box\" data-element_type=\"container\" data-e-type=\"container\">\n\t\t\t\t<div class=\"elementor-element elementor-element-iwgs-spiegelabweh-s2t elementor-widget elementor-widget-text-editor\" data-id=\"iwgs-spiegelabweh-s2t\" data-element_type=\"widget\" data-e-type=\"widget\" data-widget_type=\"text-editor.default\">\n\t\t\t\t\t\t\t\t\t<p>Misaona jezgra za\u0161titnog zrcala je predod\u017eba o odbijanju. Zrcalo vidljivo vra\u0107a ono \u0161to na njega pada. To vidljivo svojstvo postalo je temelj prenesenog tuma\u010denja.<\/p><p>U mnogim kulturama pretpostavlja se da \u0161tetni utjecaji potje\u010du iz nekog izvora i usmjereni su na cilj. Kada takav utjecaj pogodi zrcalo, prema toj predod\u017ebi ne bi trebao prodrijeti, nego se okrenuti natrag.<\/p><p>Ova predod\u017eba se \u010desto usmjerava protiv pogleda koji se smatra \u0161tetnim. Pogled se shva\u0107a kao ne\u0161to \u0161to se \u0161alje. Zrcalo bi trebalo uhvatiti taj pogled i vratiti ga na njegovo polazi\u0161te.<\/p><p>Druga zamisao je odvra\u0107anje pomo\u0107u odraza. Neka predanja polaze od toga da \u0161tetno bi\u0107e biva zaustavljeno ili zbunjeno vlastitim odrazom u zrcalu, prije nego \u0161to nastavi dalje.<\/p><p>S tim je tijesno povezana ideja blje\u0161tavila. Blistave i sjajne povr\u0161ine smatrane su u mnogim kulturama sredstvom za privla\u010denje pogleda i time odvra\u0107anje od njegova stvarnog cilja.<\/p><p>Ovdje prikazana predod\u017eba je kulturnopovijesno obja\u0161njenje. Ona opisuje za\u0161to je zrcalu pripisano za\u0161titno zna\u010denje i dokumentira jedno vjerovanje. Ona nije dokaz djelovanja. Znanost opisuje predod\u017ebu, ali ju ne potvr\u0111uje.<\/p>\t\t\t\t\t\t\t\t<\/div>\n\t\t\t\t<\/div>\n\t\t\t\t\t<\/div>\n\t\t\t\t<\/div>\n\t\t<div class=\"elementor-element elementor-element-iwgs-spiegelabweh-s3 e-flex e-con-boxed e-con e-parent\" data-id=\"iwgs-spiegelabweh-s3\" data-element_type=\"container\" data-e-type=\"container\">\n\t\t\t\t\t<div class=\"e-con-inner\">\n\t\t\t\t<div class=\"elementor-element elementor-element-iwgs-spiegelabweh-s3h elementor-widget elementor-widget-heading\" data-id=\"iwgs-spiegelabweh-s3h\" data-element_type=\"widget\" data-e-type=\"widget\" data-widget_type=\"heading.default\">\n\t\t\t\t\t<h2 class=\"elementor-heading-title elementor-size-default\">Primjeri iz antike i Bliskog istoka<\/h2>\t\t\t\t<\/div>\n\t\t<div class=\"elementor-element elementor-element-iwgs-spiegelabweh-s3box e-con-full e-flex e-con e-parent\" data-id=\"iwgs-spiegelabweh-s3box\" data-element_type=\"container\" data-e-type=\"container\">\n\t\t\t\t<div class=\"elementor-element elementor-element-iwgs-spiegelabweh-s3t elementor-widget elementor-widget-text-editor\" data-id=\"iwgs-spiegelabweh-s3t\" data-element_type=\"widget\" data-e-type=\"widget\" data-widget_type=\"text-editor.default\">\n\t\t\t\t\t\t\t\t\t<p>Iz faraonskog Egipta poznata su zrcala kao grobni prilozi i kao kultni predmeti. U vezi s odre\u0111enim bo\u017eanstvima i predod\u017ebama o svjetlu pridavano im je zna\u010denje koje je nadilazilo svakodnevnu funkciju.<\/p><p>U gr\u010dkom i rimskom svijetu zrcala su bila ra\u0161iren predmet, \u010desto izra\u0111ena od ugla\u010danog metala. <span class=\"iwg-fachbegriff\" data-tooltip=\"Epoha gr\u010dke i rimske kulture, otprilike od 800. pr. Kr. do 600. po. Kr.\" tabindex=\"0\">Anti\u010dki<\/span> tekstovi spominju zrcala u vezi s predod\u017ebama o slici, du\u0161i i pogledu.<\/p><p>Na Bliskom istoku poznati su mali zrcalni elementi na nakitu i amuletima. Blistavi i sjajni privjesci trebali su privu\u0107i pogled na sebe i time ga odvratiti od svog nositelja.<\/p><p>Iz anti\u010dke <span class=\"iwg-fachbegriff\" data-tooltip=\"Prakse koje posebnim radnjama ili formulama \u017eele utjecati na tijek doga\u0111aja.\" tabindex=\"0\">magije<\/span> poznati su postupci u kojima zrcalo ili sjajna povr\u0161ina imaju ulogu. Ti se postupci uglavnom odnose na gledanje i tuma\u010denje, ali dodiruju i \u0161iri okvir zna\u010denja zrcala.<\/p><p>Op\u0107enito se u anti\u010dkom Sredozemlju pokazuje da je zrcalo imalo \u0161iroko polje zna\u010denja. Za\u0161titno tuma\u010denje stoji u njemu uz predod\u017ebe o slici, du\u0161i i <span class=\"iwg-fachbegriff\" data-tooltip=\"Tuma\u010denje znakova radi spoznavanja skrivenoga ili budu\u0107ega.\" tabindex=\"0\">vra\u010danju<\/span>.<\/p><p>Ovi primjeri jasno pokazuju da zrcalo u <span class=\"iwg-fachbegriff\" data-tooltip=\"Epoha gr\u010dke i rimske kulture, otprilike od 800. pr. Kr. do 600. po. Kr.\" tabindex=\"0\">antici<\/span> nije bilo samo predmet svakodnevne upotrebe. Bilo je uklopljeno u mre\u017eu predod\u017ebi na koju se kasnije tuma\u010denje za\u0161tite mog\u043b\u043e nadovezati.<\/p><p>I iz etru\u0161\u010danskog svijeta sa\u010duvana su bogato ukra\u0161ena bronzana zrcala \u010dije pole\u0111ine prikazuju prizore iz <span class=\"iwg-fachbegriff\" data-tooltip=\"Predaja o bogovima, podrijetlu i poretku svijeta.\" tabindex=\"0\">mita<\/span> i <span class=\"iwg-fachbegriff\" data-tooltip=\"Sveukupnost obrednih \u0161tovanja usmjerenih prema bo\u017eanstvu ili svetoj pojavi.\" tabindex=\"0\">kulta<\/span>. Ta su zrcala kori\u0161tena kao grobni prilozi i smatrana su predmetima \u010dije zna\u010denje nadilazi svakodnevicu. Ona se uklapaju u \u0161iroko <span class=\"iwg-fachbegriff\" data-tooltip=\"Epoha gr\u010dke i rimske kulture, otprilike od 800. pr. Kr. do 600. po. Kr.\" tabindex=\"0\">anti\u010dko<\/span> polje zna\u010denja na koje se kasnije tuma\u010denje za\u0161tite nadovezalo.<\/p>\t\t\t\t\t\t\t\t<\/div>\n\t\t\t\t<\/div>\n\t\t\t\t\t<\/div>\n\t\t\t\t<\/div>\n\t\t<div class=\"elementor-element elementor-element-iwgs-spiegelabweh-s4 e-flex e-con-boxed e-con e-parent\" data-id=\"iwgs-spiegelabweh-s4\" data-element_type=\"container\" data-e-type=\"container\">\n\t\t\t\t\t<div class=\"e-con-inner\">\n\t\t\t\t<div class=\"elementor-element elementor-element-iwgs-spiegelabweh-s4h elementor-widget elementor-widget-heading\" data-id=\"iwgs-spiegelabweh-s4h\" data-element_type=\"widget\" data-e-type=\"widget\" data-widget_type=\"heading.default\">\n\t\t\t\t\t<h2 class=\"elementor-heading-title elementor-size-default\">Primjeri iz europske narodne magije<\/h2>\t\t\t\t<\/div>\n\t\t<div class=\"elementor-element elementor-element-iwgs-spiegelabweh-s4box e-con-full e-flex e-con e-parent\" data-id=\"iwgs-spiegelabweh-s4box\" data-element_type=\"container\" data-e-type=\"container\">\n\t\t\t\t<div class=\"elementor-element elementor-element-iwgs-spiegelabweh-s4t elementor-widget elementor-widget-text-editor\" data-id=\"iwgs-spiegelabweh-s4t\" data-element_type=\"widget\" data-e-type=\"widget\" data-widget_type=\"text-editor.default\">\n\t\t\t\t\t\t\t\t\t<p>U europskoj narodnoj magiji zrcalo je povezano s brojnim obi\u010dajima. Etnografske zbirke svjedo\u010de o zrcalima koja su postavljana na mjestima koja su se smatrala opasnima ili su kori\u0161tena u posebnim prigodama.<\/p><p>Ra\u0161iren <span class=\"iwg-fachbegriff\" data-tooltip=\"Predaja koja se u zajednici redovito ponavlja u obliku odre\u0111ene radnje.\" tabindex=\"0\">obi\u010daj<\/span> jest prekrivanje ili okretanje zrcala u slu\u010daju smrti u obitelji. Etnografski izvori o tome svjedo\u010de u mnogim krajevima. Precizno tuma\u010denje tog obi\u010daja u znanosti nije jednozna\u010dno.<\/p><p>Blistavi privjesci i mali zrcalni elementi u nekim su krajevima pri\u010dvr\u0161\u0107ivani na odje\u0107u i nakit. Trebali su privu\u0107i na sebe pogled koji se smatrao \u0161tetnim i time ga odvratiti od nositelja.<\/p><p>Zrcala pri\u010dvr\u0161\u0107ena na ku\u0107e poznata su u nekim podru\u010djima. Postavljana su na prozore ili vrata i trebala su odbiti utjecaj koji dolazi izvana.<\/p><p>Zapisi o zrcalnim obi\u010dajima dokumentiraju o\u010dekivanja onih koji su ih primjenjivali, a ne dokazano djelovanje. Oni pokazuju da se zrcalo shva\u0107alo kao predmet posebnog zna\u010denja.<\/p><p>S opadanjem magijskih ku\u0107nih obi\u010daja mnogi od tih zrcalnih obi\u010daja izgubili su svoju svakodnevnu ulogu. Neki, poput prekrivanja zrcala u slu\u010daju smrti, ostali su regionalno dugo o\u010duvani.<\/p><p>Iz njema\u010dkog govornog podru\u010dja etnografske zbirke svjedo\u010de da su zrcala u dnevnoj sobi u odre\u0111enim prigodama prekrivana ili okretana. Osim u slu\u010daju smrti, to se spominje i za vrijeme nevremena i pri ro\u0111enju djeteta. Priru\u010dni rje\u010dnik njema\u010dkog praznovjerja (Handw\u00f6rterbuch des deutschen Aberglaubens) svrstava te obi\u010daje u predod\u017ebu da zrcalna povr\u0161ina u osjetljivim trenutcima zahtijeva posebnu pa\u017enju.<\/p>\t\t\t\t\t\t\t\t<\/div>\n\t\t\t\t<\/div>\n\t\t\t\t\t<\/div>\n\t\t\t\t<\/div>\n\t\t<div class=\"elementor-element elementor-element-iwgs-spiegelabweh-s5 e-flex e-con-boxed e-con e-parent\" data-id=\"iwgs-spiegelabweh-s5\" data-element_type=\"container\" data-e-type=\"container\">\n\t\t\t\t\t<div class=\"e-con-inner\">\n\t\t\t\t<div class=\"elementor-element elementor-element-iwgs-spiegelabweh-s5h elementor-widget elementor-widget-heading\" data-id=\"iwgs-spiegelabweh-s5h\" data-element_type=\"widget\" data-e-type=\"widget\" data-widget_type=\"heading.default\">\n\t\t\t\t\t<h2 class=\"elementor-heading-title elementor-size-default\">Primjeri iz Azije i drugih kultura<\/h2>\t\t\t\t<\/div>\n\t\t<div class=\"elementor-element elementor-element-iwgs-spiegelabweh-s5box e-con-full e-flex e-con e-parent\" data-id=\"iwgs-spiegelabweh-s5box\" data-element_type=\"container\" data-e-type=\"container\">\n\t\t\t\t<div class=\"elementor-element elementor-element-iwgs-spiegelabweh-s5t elementor-widget elementor-widget-text-editor\" data-id=\"iwgs-spiegelabweh-s5t\" data-element_type=\"widget\" data-e-type=\"widget\" data-widget_type=\"text-editor.default\">\n\t\t\t\t\t\t\t\t\t<p>U Kini za\u0161titno zrcalo ima posebno \u010dvrsto mjesto. Osmerokutno <a href=\"https:\/\/iwell-guard.com\/hr\/?page_id=149883\">Bagua zrcalo<\/a> postavlja se iznad vrata i treba odbiti utjecaje koji dolaze izvana. Jo\u0161 se i danas koristi.<\/p><p>U mongolskoj i tibetsko-budisti\u010dkoj tradiciji svoju ulogu ima Toli, okrugla metalna zrcalna plo\u010da. Koristi se, me\u0111u ostalim, u obrednom podru\u010dju i povezuje se s \u010disto\u0107om i za\u0161titom.<\/p><p>U ju\u017enoj Aziji ra\u0161ireni su mali ogledalca na vezovima i tekstilu. Ta zrcalna vez ukra\u0161ava odje\u0107u i tkanine, a istovremeno se povezuje s predod\u017ebom da odvra\u0107a pogled koji se smatra \u0161tetnim.<\/p><p>U raznim kulturama ugla\u010dane metalne povr\u0161ine i blistavi predmeti kori\u0161teni su na sli\u010dan na\u010din. Blistavost se smatrala sredstvom koje privla\u010di pogled na sebe i time ga \u010dinilo nedjelotvornim.<\/p><p>Kroz sve te prostore vidljivo je da se zrcalu u mnogim kulturama pridavalo za\u0161titno tuma\u010denje. Ideja odbijanja nije <span class=\"iwg-fachbegriff\" data-tooltip=\"Element sadr\u017eaja koji se ponavlja u umjetnosti ili pripovijedanju.\" tabindex=\"0\">motiv<\/span> jedne pojedina\u010dne tradicije.<\/p><p>Raznolikost primjera pokazuje da se za\u0161titno zrcalo treba shvatiti kao princip. On se javlja svugdje gdje se odraz zrcala prenosi na \u0161tetne utjecaje.<\/p><p>U dijelovima Ju\u017ene i Srednje Amerike sa\u010duvane su ugla\u010dane kamene plo\u010de od obsidijana kojima je u predkolonijalnom razdoblju pripisivano posebno zna\u010denje. Kori\u0161tene su za gledanje i tuma\u010denje i povezivane s predod\u017ebama o svjetlu i odra\u017eavanju. Ovi primjeri pokazuju da tuma\u010denje zrcalne povr\u0161ine nije bilo ograni\u010deno na euroazijski prostor.<\/p>\t\t\t\t\t\t\t\t<\/div>\n\t\t\t\t<\/div>\n\t\t\t\t\t<\/div>\n\t\t\t\t<\/div>\n\t\t<div class=\"elementor-element elementor-element-iwgs-spiegelabweh-s6 e-flex e-con-boxed e-con e-parent\" data-id=\"iwgs-spiegelabweh-s6\" data-element_type=\"container\" data-e-type=\"container\">\n\t\t\t\t\t<div class=\"e-con-inner\">\n\t\t\t\t<div class=\"elementor-element elementor-element-iwgs-spiegelabweh-s6h elementor-widget elementor-widget-heading\" data-id=\"iwgs-spiegelabweh-s6h\" data-element_type=\"widget\" data-e-type=\"widget\" data-widget_type=\"heading.default\">\n\t\t\t\t\t<h2 class=\"elementor-heading-title elementor-size-default\">Primjena u ritualu i svakodnevici<\/h2>\t\t\t\t<\/div>\n\t\t<div class=\"elementor-element elementor-element-iwgs-spiegelabweh-s6box e-con-full e-flex e-con e-parent\" data-id=\"iwgs-spiegelabweh-s6box\" data-element_type=\"container\" data-e-type=\"container\">\n\t\t\t\t<div class=\"elementor-element elementor-element-iwgs-spiegelabweh-s6t elementor-widget elementor-widget-text-editor\" data-id=\"iwgs-spiegelabweh-s6t\" data-element_type=\"widget\" data-e-type=\"widget\" data-widget_type=\"text-editor.default\">\n\t\t\t\t\t\t\t\t\t<p>Zrcalo za obranu postavljalo se u svakodnevnom \u017eivotu prije svega na ulazima. Iznad vrata i na prozorima trebalo je odbiti utjecaj koji dolazi izvana. Ova upotreba povezuje ga sa za\u0161titom pragova.<\/p><p>Kao prenosivi element, zrcalo se ugra\u0111ivalo u nakit, odje\u0107u i amulete. Male sjajne povr\u0161ine pratile su svog nositelja i trebale su odvratiti pogled koji se smatrao \u0161tetnim.<\/p><p>U ritualnim kontekstima zrcalo je ponekad igralo ulogu u radnjama koje su trebale osigurati mjesto ili osobu. Zrcalo se tada ciljano usmjeravalo, primjerice prema strani koja se smatrala ugro\u017eenom.<\/p><p>Usmjerenje je \u010desto bilo va\u017eno. Zrcalo za obranu trebalo je biti okrenuto prema van, prema ulici, prema susjednom posjedu ili prema otvorenom polju. Okrenuto prema unutra, u mnogim je predajama smatrano neprikladnim.<\/p><p>Neki su obi\u010daji povezivali postavljanje zrcala s izgovorenim rije\u010dima ili s odre\u0111enim trenutkom. Zrcalo je tada bilo dio ve\u0107e radnje, a ne samo postavljeni predmet.<\/p><p>Jedinstvenog ritualnog poretka za zrcalo za obranu nema. To\u010dan oblik ovisio je o regiji i tradiciji, \u0161to je etnolo\u0161ka istra\u017eivanja vi\u0161e puta zabilje\u017eila.<\/p><p>I trenutak postavljanja bio je u nekim predajama odre\u0111en. Zrcalo je trebalo postaviti u odre\u0111eno doba dana ili na odre\u0111eni dan, da bi mu se pripisano zna\u010denje ostvarilo. Takve odredbe pokazuju da je zrcalo za obranu moglo biti uklopljeno u ure\u0111eni <span class=\"iwg-fachbegriff\" data-tooltip=\"Predana radnja koja se redovito ponavlja u zajednici.\" tabindex=\"0\">obi\u010daj<\/span>.<\/p>\t\t\t\t\t\t\t\t<\/div>\n\t\t\t\t<\/div>\n\t\t\t\t\t<\/div>\n\t\t\t\t<\/div>\n\t\t<div class=\"elementor-element elementor-element-iwgs-spiegelabweh-s7 e-flex e-con-boxed e-con e-parent\" data-id=\"iwgs-spiegelabweh-s7\" data-element_type=\"container\" data-e-type=\"container\">\n\t\t\t\t\t<div class=\"e-con-inner\">\n\t\t\t\t<div class=\"elementor-element elementor-element-iwgs-spiegelabweh-s7h elementor-widget elementor-widget-heading\" data-id=\"iwgs-spiegelabweh-s7h\" data-element_type=\"widget\" data-e-type=\"widget\" data-widget_type=\"heading.default\">\n\t\t\t\t\t<h2 class=\"elementor-heading-title elementor-size-default\">Srodni oblici za\u0161tite i razgrani\u010denje<\/h2>\t\t\t\t<\/div>\n\t\t<div class=\"elementor-element elementor-element-iwgs-spiegelabweh-s7box e-con-full e-flex e-con e-parent\" data-id=\"iwgs-spiegelabweh-s7box\" data-element_type=\"container\" data-e-type=\"container\">\n\t\t\t\t<div class=\"elementor-element elementor-element-iwgs-spiegelabweh-s7t elementor-widget elementor-widget-text-editor\" data-id=\"iwgs-spiegelabweh-s7t\" data-element_type=\"widget\" data-e-type=\"widget\" data-widget_type=\"text-editor.default\">\n\t\t\t\t\t\t\t\t\t<p>Zrcalo za obranu u bliskoj je srodnosti s motivom oka protiv \u0161tetnog pogleda. <a href=\"https:\/\/iwell-guard.com\/hr\/?page_id=149861\">Nazar Boncugu<\/a> usmjeren je, kao i zrcalo, protiv pogleda, ali djeluje slikovnim motivom umjesto refleksijom.<\/p><p>Zrcalo je usko povezano sa svim sjajnim za\u0161titnim elementima. Blistavi privjesci, perle i metalne povr\u0161ine dijele sa zrcalom ideju da sjaj privla\u010di pogled i odvra\u0107a ga.<\/p><p>Od \u010distog slikovnog amuleta zrcalo se razlikuje po svom fizi\u010dkom svojstvu. Slikovni amulet nosi naslikan ili urezan <span class=\"iwg-fachbegriff\" data-tooltip=\"Element sadr\u017eaja koji se ponavlja u umjetnosti ili pripovijedanju.\" tabindex=\"0\">motiv<\/span>. Zrcalo, s druge strane, stvarno odbija svjetlost, i na to se stvarno svojstvo nadovezuje tuma\u010denje.<\/p><p>Granica postoji prema zrcalu kao instrumentu proricanja. U nekim tradicijama sjajna povr\u0161ina slu\u017ei gledanju i tuma\u010denju. Ta se upotreba mora razlikovati od zrcala za obranu, \u010dak i kad oba koriste isti predmet.<\/p><p>Zrcalo za obranu treba razlikovati i od zrcala kao pukog ukrasa. Dekorativno zrcalo ne nosi nu\u017eno za\u0161titno tuma\u010denje. Odlu\u010duju\u0107a je pripisana mu funkcija odbijanja.<\/p><p>Ovo razgrani\u010denje poma\u017ee precizno odrediti zrcalo za obranu. To je predmet kojemu se, zbog njegove refleksije, pripisuje odbijaju\u0107a funkcija, a razlikuje se od slikovnih amuleta i od zrcala za proricanje.<\/p><p>Granica postoji i prema zrcalu kao sredstvu samopromatranja. U toj svakodnevnoj upotrebi zrcalo slu\u017ei provjeri vlastitog izgleda i ne nosi za\u0161titno tuma\u010denje. Tek pripisana funkcija odbijanja pretvara svakodnevni predmet u zrcalo za obranu.<\/p>\t\t\t\t\t\t\t\t<\/div>\n\t\t\t\t<\/div>\n\t\t\t\t\t<\/div>\n\t\t\t\t<\/div>\n\t\t<div class=\"elementor-element elementor-element-iwgs-spiegelabweh-s8 e-flex e-con-boxed e-con e-parent\" data-id=\"iwgs-spiegelabweh-s8\" data-element_type=\"container\" data-e-type=\"container\">\n\t\t\t\t\t<div class=\"e-con-inner\">\n\t\t\t\t<div class=\"elementor-element elementor-element-iwgs-spiegelabweh-s8h elementor-widget elementor-widget-heading\" data-id=\"iwgs-spiegelabweh-s8h\" data-element_type=\"widget\" data-e-type=\"widget\" data-widget_type=\"heading.default\">\n\t\t\t\t\t<h2 class=\"elementor-heading-title elementor-size-default\">Suvremena recepcija zrcala za obranu<\/h2>\t\t\t\t<\/div>\n\t\t<div class=\"elementor-element elementor-element-iwgs-spiegelabweh-s8box e-con-full e-flex e-con e-parent\" data-id=\"iwgs-spiegelabweh-s8box\" data-element_type=\"container\" data-e-type=\"container\">\n\t\t\t\t<div class=\"elementor-element elementor-element-iwgs-spiegelabweh-s8t elementor-widget elementor-widget-text-editor\" data-id=\"iwgs-spiegelabweh-s8t\" data-element_type=\"widget\" data-e-type=\"widget\" data-widget_type=\"text-editor.default\">\n\t\t\t\t\t\t\t\t\t<p>Bagua zrcalo i danas je u uporabi te se u isto\u010dnoazijski obojenim okru\u017eenjima postavlja iznad vrata. I u zapadnim zemljama nudi se i koristi u vezi s naukama o prostoru.<\/p><p>U suvremenoj <span class=\"iwg-fachbegriff\" data-tooltip=\"Zbirni pojam za u\u010denja koja tvrde da posjeduju skriveno znanje dostupno samo upu\u0107enima.\" tabindex=\"0\">ezoterici<\/span> zrcalo se \u010desto opisuje kao sredstvo obrane. Postoje upute prema kojima se zrcalo treba usmjeriti radi za\u0161tite. Takvim ponudama pripisuju se u\u010dinci koji nisu dokazani.<\/p><p>Te se suvremene prakse trebaju promatrati kriti\u010dki. Zrcalo treba shvatiti kao kulturni <span class=\"iwg-fachbegriff\" data-tooltip=\"Znak koji zastupa neku predod\u017ebu ili zna\u010denje.\" tabindex=\"0\">simbol<\/span> i predmet s dugom povijesti zna\u010denja, a ne kao provjerljivo za\u0161titno sredstvo.<\/p><p>U popularnoj kulturi zrcalo se \u010desto pojavljuje kao mjesto prijelaza i opasnosti. Filmovi i pripovijesti preuzimaju staro, slojevito zna\u010denje zrcala i povezuju ga s jezovitim motivima.<\/p><p>Za <span class=\"iwg-fachbegriff\" data-tooltip=\"Znanost koja istra\u017euje religije uspore\u0111uju\u0107i ih, bez vjerske pripadnosti.\" tabindex=\"0\">religiologiju<\/span> zrcalo za obranu pou\u010dan je primjer. Pokazuje kako je fizi\u010dko svojstvo, refleksija, moglo postati temelj obrambenog tuma\u010denja.<\/p><p>Onaj tko se danas bavi zrcalom za obranu, u njemu nalazi prije svega kulturnopovijesnu temu. Objektivan pristup razdvaja dokumentiranu povijest obi\u010daja od suvremenih obe\u0107anja u\u010dinka koja ne izdr\u017ee provjeru.<\/p><p>U istra\u017eivanju graditeljstva i materijalne kulture, zrcala i sjajni elementi postavljeni na ku\u0107ama priznat su predmet prou\u010davanja. Bilje\u017ee se i tuma\u010de kao svjedo\u010danstva minulog ku\u0107nog obi\u010daja. Na taj na\u010din zrcalo za obranu ostaje doku\u010divo i tamo gdje je vjerovanje na kojem se temelji ve\u0107 davno izgubilo svoju \u017eivost.<\/p>\t\t\t\t\t\t\t\t<\/div>\n\t\t\t\t<\/div>\n\t\t\t\t\t<\/div>\n\t\t\t\t<\/div>\n\t\t<div class=\"elementor-element elementor-element-iwgs-spiegelabweh-lit e-flex e-con-boxed e-con e-parent\" data-id=\"iwgs-spiegelabweh-lit\" data-element_type=\"container\" data-e-type=\"container\">\n\t\t\t\t\t<div class=\"e-con-inner\">\n\t\t\t\t<div class=\"elementor-element elementor-element-iwgs-spiegelabweh-lith elementor-widget elementor-widget-heading\" data-id=\"iwgs-spiegelabweh-lith\" data-element_type=\"widget\" data-e-type=\"widget\" data-widget_type=\"heading.default\">\n\t\t\t\t\t<h2 class=\"elementor-heading-title elementor-size-default\">Literatura (izbor)<\/h2>\t\t\t\t<\/div>\n\t\t<div class=\"elementor-element elementor-element-iwgs-spiegelabweh-litbox e-con-full e-flex e-con e-parent\" data-id=\"iwgs-spiegelabweh-litbox\" data-element_type=\"container\" data-e-type=\"container\">\n\t\t\t\t<div class=\"elementor-element elementor-element-iwgs-spiegelabweh-litt elementor-widget elementor-widget-html\" data-id=\"iwgs-spiegelabweh-litt\" data-element_type=\"widget\" data-e-type=\"widget\" data-widget_type=\"html.default\">\n\t\t\t\t\t<footer data-nosnippet=\"true\"><ul><li>Liselotte Hansmann, Lenz Kriss-Rettenbeck: <em>Amulett und Talisman. Erscheinungsform und Geschichte<\/em> (1966)<\/li><li>Alan Dundes (Hrsg.): <em>The Evil Eye. A Casebook<\/em> (1981)<\/li><li>Hanns B\u00e4chtold-St\u00e4ubli (Hrsg.): <em>Handw\u00f6rterbuch des deutschen Aberglaubens<\/em> (1927-1942)<\/li><li>Wolfram Eberhard: <em>Lexikon chinesischer Symbole<\/em> (1983)<\/li><li>Sabine Melchior-Bonnet: <em>Der Spiegel. Geschichte eines Kultobjekts<\/em> (1994)<\/li><\/ul><\/footer>\t\t\t\t<\/div>\n\t\t\t\t<\/div>\n\t\t\t\t\t<\/div>\n\t\t\t\t<\/div>\n\t\t<div class=\"elementor-element elementor-element-iwgs-spiegelabweh-kwd e-flex e-con-boxed e-con e-parent\" data-id=\"iwgs-spiegelabweh-kwd\" data-element_type=\"container\" data-e-type=\"container\">\n\t\t\t\t\t<div class=\"e-con-inner\">\n\t\t\t\t<div class=\"elementor-element elementor-element-iwgs-spiegelabweh-kwdt elementor-widget elementor-widget-text-editor\" data-id=\"iwgs-spiegelabweh-kwdt\" data-element_type=\"widget\" data-e-type=\"widget\" data-widget_type=\"text-editor.default\">\n\t\t\t\t\t\t\t\t\t<p><em>Srodni klju\u010dni pojmovi: zrcalo kao za\u0161titno sredstvo, bagua zrcalo, toli, odbijanje, <span class=\"iwg-fachbegriff\" data-tooltip=\"Ra\u0161ireno vjerovanje da zavidan pogled druge osobe mo\u017ee nanijeti \u0161tetu.\" tabindex=\"0\">urokljivo oko<\/span>, vez sa zrcalima, blistavi privjesci, refleksija, <span class=\"iwg-fachbegriff\" data-tooltip=\"Odbojan od zla: o znakovima i predmetima koji trebaju odbijati \u0161tetne utjecaje.\" tabindex=\"0\">apotropejsko<\/span>, zrcalo za obranu.<\/em><\/p>\t\t\t\t\t\t\t\t<\/div>\n\t\t\t\t\t<\/div>\n\t\t\t\t<\/div>\n\t\t<div class=\"elementor-element elementor-element-iwgs-spiegelabweh-cc e-flex e-con-boxed e-con e-parent\" data-id=\"iwgs-spiegelabweh-cc\" data-element_type=\"container\" data-e-type=\"container\" id=\"iwg-cc-spiegel-abwehr\">\n\t\t\t\t\t<div class=\"e-con-inner\">\n\t\t<div class=\"elementor-element elementor-element-iwgs-spiegelabweh-ccinner e-flex e-con-boxed e-con e-parent\" data-id=\"iwgs-spiegelabweh-ccinner\" data-element_type=\"container\" data-e-type=\"container\" data-settings=\"{&quot;background_background&quot;:&quot;classic&quot;}\">\n\t\t\t\t\t<div class=\"e-con-inner\">\n\t\t\t\t<div class=\"elementor-element elementor-element-iwgs-spiegelabweh-cch elementor-widget elementor-widget-heading\" data-id=\"iwgs-spiegelabweh-cch\" data-element_type=\"widget\" data-e-type=\"widget\" data-widget_type=\"heading.default\">\n\t\t\t\t\t<h2 class=\"elementor-heading-title elementor-size-default\">iWell Guard i tradicije za\u0161tite<\/h2>\t\t\t\t<\/div>\n\t\t\t\t<div class=\"elementor-element elementor-element-iwgs-spiegelabweh-cct elementor-widget elementor-widget-text-editor\" data-id=\"iwgs-spiegelabweh-cct\" data-element_type=\"widget\" data-e-type=\"widget\" data-widget_type=\"text-editor.default\">\n\t\t\t\t\t\t\t\t\t<p>iWell Guard nastavlja kulturno-povijesnu tradiciju prenosivih za\u0161titnih predmeta, kojoj pripada i za\u0161titno zrcalo. Suvremeni pratitelj za osobe koje \u017eive sa za\u0161titnim simbolima: proizveden u Njema\u010dkoj, 41 slojeva od pravog zlata, platine i srebra, s 30-dnevnim pravom povrata.<\/p>\t\t\t\t\t\t\t\t<\/div>\n\t\t\t\t<div class=\"elementor-element elementor-element-iwgs-spiegelabweh-ccb iwg-cc-button iwg-cc-cta-2026-05-13 elementor-widget elementor-widget-jet-button\" data-id=\"iwgs-spiegelabweh-ccb\" data-element_type=\"widget\" data-e-type=\"widget\" data-widget_type=\"jet-button.default\">\n\t\t\t\t<div class=\"elementor-widget-container\">\n\t\t\t\t\t<div class=\"elementor-jet-button jet-elements\"><div class=\"jet-button__container\"><a class=\"jet-button__instance jet-button__instance--icon-left hover-effect-1\" href=\"\/schutzanhaenger-iwell-guard-kaufen\/?utm_source=iwell-guard.com&amp;utm_medium=info-box&amp;utm_campaign=schutzsymbole\"><div class=\"jet-button__plane jet-button__plane-normal\"><\/div><div class=\"jet-button__plane jet-button__plane-hover\"><\/div><div class=\"jet-button__state jet-button__state-normal\"><span class=\"jet-button__label\">Vi\u0161e o iWell Guardu<\/span><\/div><div class=\"jet-button__state jet-button__state-hover\"><span class=\"jet-button__label\">Vi\u0161e o iWell Guardu<\/span><\/div><\/a><\/div><\/div><style>.elementor-element.elementor-element-iwgs-spiegelabweh-ccb .jet-button__instance{width:320px;height:56px;}.elementor-element.elementor-element-iwgs-spiegelabweh-ccb .jet-button__state-normal .jet-button__label{text-align:center;margin:0px 0px 0px 0px;color:#1a1b20;font-family:Montserrat,sans-serif;font-size:13px;font-weight:400;letter-spacing:4px;line-height:1.714em;text-transform:uppercase;}.elementor-element.elementor-element-iwgs-spiegelabweh-ccb .jet-button__state-hover .jet-button__label{text-align:center;margin:0px 0px 0px 0px;color:#FECC76;font-family:Montserrat,sans-serif;font-size:13px;font-weight:400;letter-spacing:4px;line-height:1.714em;text-transform:uppercase;}.elementor-element.elementor-element-iwgs-spiegelabweh-ccb .jet-button__plane-normal{background-color:#FECC76;border-style:solid;border-color:#C99540;border-width:2px 2px 2px 2px;}.elementor-element.elementor-element-iwgs-spiegelabweh-ccb .jet-button__plane-hover{background-color:rgba(0,0,0,0.55);border-style:solid;border-color:#FECC76;border-width:2px 2px 2px 2px;}<\/style>\t\t\t\t<\/div>\n\t\t\t\t<\/div>\n\t\t\t\t<div class=\"elementor-element elementor-element-iwgs-spiegelabweh-ccd elementor-widget elementor-widget-text-editor\" data-id=\"iwgs-spiegelabweh-ccd\" data-element_type=\"widget\" data-e-type=\"widget\" data-widget_type=\"text-editor.default\">\n\t\t\t\t\t\t\t\t\t<p style=\"text-align:center;font-size:13px;opacity:0.7;margin-top:14px\" data-nosnippet=\"true\">Osobna iskustva mogu se razlikovati. Nije medicinski proizvod. Nema obe\u0107anja izlje\u010denja.<\/p>\t\t\t\t\t\t\t\t<\/div>\n\t\t\t\t\t<\/div>\n\t\t\t\t<\/div>\n\t\t\t\t\t<\/div>\n\t\t\t\t<\/div>\n\t\t<div class=\"elementor-element elementor-element-iwgs-spiegelabweh-disc e-flex e-con-boxed e-con e-parent\" data-id=\"iwgs-spiegelabweh-disc\" data-element_type=\"container\" data-e-type=\"container\">\n\t\t\t\t\t<div class=\"e-con-inner\">\n\t\t\t\t<div class=\"elementor-element elementor-element-iwgs-spiegelabweh-discw elementor-widget elementor-widget-html\" data-id=\"iwgs-spiegelabweh-discw\" data-element_type=\"widget\" data-e-type=\"widget\" data-widget_type=\"html.default\">\n\t\t\t\t\t<footer data-nosnippet=\"true\" class=\"iwg-disclaimer-block\"><p data-nosnippet=\"true\">iWell Guard <strong>nije medicinski proizvod<\/strong> i ne zamjenjuje lije\u010dni\u010dko ili psihoterapijsko lije\u010denje. Sadr\u017eaji prikazani ovdje predstavljaju religiolo\u0161ku i kulturno-povijesnu interpretaciju, a ne obe\u0107anje duhovnog djelovanja.<\/p><\/footer>\t\t\t\t<\/div>\n\t\t\t\t\t<\/div>\n\t\t\t\t<\/div>\n\t\t\t\t<\/div>\n\t\t","protected":false},"excerpt":{"rendered":"","protected":false},"author":3,"featured_media":3580,"parent":0,"menu_order":0,"comment_status":"closed","ping_status":"closed","template":"elementor_header_footer","meta":{"_yoast_wpseo_focuskw":"Zrcalo kao sredstvo za\u0161tite","_yoast_wpseo_title":"Zrcalo kao sredstvo za\u0161tite \u2013 princip odbijanja","_yoast_wpseo_metadesc":"Zrcalo kao sredstvo za\u0161tite: princip odbijanja, od bagua zrcala do europske narodne magije, religijskoznanstveno obja\u0161njeno.","_yoast_wpseo_meta-robots-noindex":"","_yoast_wpseo_canonical":"","_angie_page":false,"gefaehrdungsstufe":"","wesen_kultur":"","wesen_klasse":"","footnotes":""},"categories":[],"class_list":["post-149988","page","type-page","status-publish","has-post-thumbnail","hentry"],"yoast_head":"<!-- This site is optimized with the Yoast SEO Premium plugin v27.7 (Yoast SEO v28.3) - https:\/\/yoast.com\/product\/yoast-seo-premium-wordpress\/ -->\n<title>Zrcalo kao sredstvo za\u0161tite \u2013 princip odbijanja<\/title>\n<meta name=\"description\" content=\"Zrcalo kao sredstvo za\u0161tite: princip odbijanja, od bagua zrcala do europske narodne magije, religijskoznanstveno obja\u0161njeno.\" \/>\n<meta name=\"robots\" content=\"index, follow, max-snippet:-1, max-image-preview:large, max-video-preview:-1\" \/>\n<link rel=\"canonical\" href=\"https:\/\/iwell-guard.com\/hr\/zrcalo-kao-sredstvo-zastite-princip-odbijanja\/\" \/>\n<meta property=\"og:locale\" content=\"hr_HR\" \/>\n<meta property=\"og:type\" content=\"article\" \/>\n<meta property=\"og:title\" content=\"Zrcalo kao sredstvo za\u0161tite \u2013 princip odbijanja\" \/>\n<meta property=\"og:description\" content=\"Zrcalo kao sredstvo za\u0161tite: princip odbijanja, od bagua zrcala do europske narodne magije, religijskoznanstveno obja\u0161njeno.\" \/>\n<meta property=\"og:url\" content=\"https:\/\/iwell-guard.com\/hr\/zrcalo-kao-sredstvo-zastite-princip-odbijanja\/\" \/>\n<meta property=\"og:site_name\" content=\"iWell Guard\" \/>\n<meta property=\"article:modified_time\" content=\"2026-09-04T05:37:08+00:00\" \/>\n<meta property=\"og:image\" content=\"https:\/\/iwell-guard.com\/wp-content\/uploads\/2026\/05\/schutzsymbol_universell_spiegel-abwehr.webp\" \/>\n\t<meta property=\"og:image:width\" content=\"1024\" \/>\n\t<meta property=\"og:image:height\" content=\"1536\" \/>\n\t<meta property=\"og:image:type\" content=\"image\/webp\" \/>\n<meta name=\"twitter:card\" content=\"summary_large_image\" \/>\n<script type=\"application\/ld+json\" class=\"yoast-schema-graph\">{\"@context\":\"https:\\\/\\\/schema.org\",\"@graph\":[{\"@type\":\"WebPage\",\"@id\":\"https:\\\/\\\/iwell-guard.com\\\/hr\\\/zrcalo-kao-sredstvo-zastite-princip-odbijanja\\\/\",\"url\":\"https:\\\/\\\/iwell-guard.com\\\/hr\\\/zrcalo-kao-sredstvo-zastite-princip-odbijanja\\\/\",\"name\":\"Zrcalo kao sredstvo za\u0161tite \u2013 princip odbijanja\",\"isPartOf\":{\"@id\":\"https:\\\/\\\/iwell-guard.com\\\/hr\\\/#website\"},\"primaryImageOfPage\":{\"@id\":\"https:\\\/\\\/iwell-guard.com\\\/hr\\\/zrcalo-kao-sredstvo-zastite-princip-odbijanja\\\/#primaryimage\"},\"image\":{\"@id\":\"https:\\\/\\\/iwell-guard.com\\\/hr\\\/zrcalo-kao-sredstvo-zastite-princip-odbijanja\\\/#primaryimage\"},\"thumbnailUrl\":\"https:\\\/\\\/iwell-guard.com\\\/wp-content\\\/uploads\\\/2026\\\/05\\\/schutzsymbol_universell_spiegel-abwehr.webp\",\"datePublished\":\"2026-09-04T05:15:11+00:00\",\"dateModified\":\"2026-09-04T05:37:08+00:00\",\"description\":\"Zrcalo kao sredstvo za\u0161tite: princip odbijanja, od bagua zrcala do europske narodne magije, religijskoznanstveno obja\u0161njeno.\",\"breadcrumb\":{\"@id\":\"https:\\\/\\\/iwell-guard.com\\\/hr\\\/zrcalo-kao-sredstvo-zastite-princip-odbijanja\\\/#breadcrumb\"},\"inLanguage\":\"hr\",\"potentialAction\":[{\"@type\":\"ReadAction\",\"target\":[\"https:\\\/\\\/iwell-guard.com\\\/hr\\\/zrcalo-kao-sredstvo-zastite-princip-odbijanja\\\/\"]}]},{\"@type\":\"ImageObject\",\"inLanguage\":\"hr\",\"@id\":\"https:\\\/\\\/iwell-guard.com\\\/hr\\\/zrcalo-kao-sredstvo-zastite-princip-odbijanja\\\/#primaryimage\",\"url\":\"https:\\\/\\\/iwell-guard.com\\\/wp-content\\\/uploads\\\/2026\\\/05\\\/schutzsymbol_universell_spiegel-abwehr.webp\",\"contentUrl\":\"https:\\\/\\\/iwell-guard.com\\\/wp-content\\\/uploads\\\/2026\\\/05\\\/schutzsymbol_universell_spiegel-abwehr.webp\",\"width\":1024,\"height\":1536,\"caption\":\"Za\u0161titni simbol. Muzejska ilustracija u stilu mrtve prirode.\"},{\"@type\":\"BreadcrumbList\",\"@id\":\"https:\\\/\\\/iwell-guard.com\\\/hr\\\/zrcalo-kao-sredstvo-zastite-princip-odbijanja\\\/#breadcrumb\",\"itemListElement\":[{\"@type\":\"ListItem\",\"position\":1,\"name\":\"Start\",\"item\":\"https:\\\/\\\/iwell-guard.com\\\/hr\\\/?page_id=149317\"},{\"@type\":\"ListItem\",\"position\":2,\"name\":\"Zrcalo kao sredstvo za\u0161tite \u2013 princip odbijanja\"}]},{\"@type\":\"WebSite\",\"@id\":\"https:\\\/\\\/iwell-guard.com\\\/hr\\\/#website\",\"url\":\"https:\\\/\\\/iwell-guard.com\\\/hr\\\/\",\"name\":\"iWell Guard\",\"description\":\"Schutz vor dunklen Einfl\u00fcssen\",\"publisher\":{\"@id\":\"https:\\\/\\\/iwell-guard.com\\\/hr\\\/#organization\"},\"potentialAction\":[{\"@type\":\"SearchAction\",\"target\":{\"@type\":\"EntryPoint\",\"urlTemplate\":\"https:\\\/\\\/iwell-guard.com\\\/hr\\\/?s={search_term_string}\"},\"query-input\":{\"@type\":\"PropertyValueSpecification\",\"valueRequired\":true,\"valueName\":\"search_term_string\"}}],\"inLanguage\":\"hr\"},{\"@type\":\"Organization\",\"@id\":\"https:\\\/\\\/iwell-guard.com\\\/hr\\\/#organization\",\"name\":\"Ittermann electronic GmbH\",\"url\":\"https:\\\/\\\/iwell-guard.com\\\/hr\\\/\",\"logo\":{\"@type\":\"ImageObject\",\"inLanguage\":\"hr\",\"@id\":\"https:\\\/\\\/iwell-guard.com\\\/hr\\\/#\\\/schema\\\/logo\\\/image\\\/\",\"url\":\"https:\\\/\\\/iwell-guard.com\\\/wp-content\\\/uploads\\\/2026\\\/05\\\/Ittermann-Logo-1182x237-1.png\",\"contentUrl\":\"https:\\\/\\\/iwell-guard.com\\\/wp-content\\\/uploads\\\/2026\\\/05\\\/Ittermann-Logo-1182x237-1.png\",\"width\":1182,\"height\":237,\"caption\":\"Ittermann electronic GmbH\"},\"image\":{\"@id\":\"https:\\\/\\\/iwell-guard.com\\\/hr\\\/#\\\/schema\\\/logo\\\/image\\\/\"},\"sameAs\":[\"https:\\\/\\\/pantip.com\\\/profile\\\/9367242\",\"https:\\\/\\\/micro.blog\\\/iwellguard\",\"https:\\\/\\\/www.diggerslist.com\\\/iwellguard\\\/about\",\"https:\\\/\\\/skitterphoto.com\\\/photographers\\\/2870314\\\/iwell-guard\",\"https:\\\/\\\/iwellguard.wordpress.com\\\/2026\\\/06\\\/06\\\/iwell-guard\\\/\",\"https:\\\/\\\/hub.docker.com\\\/u\\\/iwellguard\",\"https:\\\/\\\/www.pinterest.com\\\/iwellguard\\\/\",\"https:\\\/\\\/bit.ly\\\/m\\\/iwellguard\",\"https:\\\/\\\/entre-vos-mains.alsace.eu\\\/profiles\\\/iwellguard\\\/activity\",\"https:\\\/\\\/gravatar.com\\\/reallybeded8fd34\",\"https:\\\/\\\/naijamatta.com\\\/iwellguard\",\"https:\\\/\\\/www.goodreads.com\\\/iwellguard\",\"https:\\\/\\\/profile.hatena.ne.jp\\\/iwellguard\\\/\",\"https:\\\/\\\/experiment.com\\\/users\\\/iwellguard\",\"https:\\\/\\\/wakelet.com\\\/@iWellGuard82270\",\"https:\\\/\\\/www.chordie.com\\\/forum\\\/profile.php?id=2555664\",\"https:\\\/\\\/www.instapaper.com\\\/p\\\/17757966\",\"https:\\\/\\\/www.mapleprimes.com\\\/users\\\/iwellguard\",\"https:\\\/\\\/businesslistingplus.com\\\/profile\\\/iwell-guard\\\/\",\"https:\\\/\\\/telegra.ph\\\/iWell-Guard-06-06\",\"https:\\\/\\\/pbase.com\\\/iwellguard\\\/iwellguard\",\"https:\\\/\\\/b.hatena.ne.jp\\\/iwellguard\\\/20260607#bookmark-4788405196491818882\",\"https:\\\/\\\/fliphtml5.com\\\/home\\\/iwellguard\",\"https:\\\/\\\/anyflip.com\\\/homepage\\\/cmiwl#About\",\"https:\\\/\\\/transfur.com\\\/Users\\\/iwellguard\",\"http:\\\/\\\/delphi.larsbo.org\\\/user\\\/iwellguard\",\"https:\\\/\\\/jobs.lajobsportal.org\\\/profiles\\\/8380803-iwell-guard\",\"https:\\\/\\\/md.chaosdorf.de\\\/s\\\/jfbe5SBdJD\",\"https:\\\/\\\/www.lingvolive.com\\\/en-us\\\/profile\\\/9ecaeaca-ce11-4e51-9e71-01d55e2bff36\\\/translations\",\"https:\\\/\\\/www.fitday.com\\\/fitness\\\/forums\\\/members\\\/iwellguard.html\",\"https:\\\/\\\/www.mymeetbook.com\\\/iwellguard\",\"https:\\\/\\\/pxhere.com\\\/en\\\/photographer-me\\\/5040798\",\"https:\\\/\\\/disqus.com\\\/by\\\/iwellguard\\\/about\\\/\",\"https:\\\/\\\/pastelink.net\\\/hjwciqwq\",\"https:\\\/\\\/pubhtml5.com\\\/homepage\\\/scjhn\\\/\",\"https:\\\/\\\/www.bitchute.com\\\/channel\\\/2O2eOKzNqujT\",\"https:\\\/\\\/audiomack.com\\\/iwellguard\"]}]}<\/script>\n<!-- \/ Yoast SEO Premium plugin. -->","yoast_head_json":{"title":"Zrcalo kao sredstvo za\u0161tite \u2013 princip odbijanja","description":"Zrcalo kao sredstvo za\u0161tite: princip odbijanja, od bagua zrcala do europske narodne magije, religijskoznanstveno obja\u0161njeno.","robots":{"index":"index","follow":"follow","max-snippet":"max-snippet:-1","max-image-preview":"max-image-preview:large","max-video-preview":"max-video-preview:-1"},"canonical":"https:\/\/iwell-guard.com\/hr\/zrcalo-kao-sredstvo-zastite-princip-odbijanja\/","og_locale":"hr_HR","og_type":"article","og_title":"Zrcalo kao sredstvo za\u0161tite \u2013 princip odbijanja","og_description":"Zrcalo kao sredstvo za\u0161tite: princip odbijanja, od bagua zrcala do europske narodne magije, religijskoznanstveno obja\u0161njeno.","og_url":"https:\/\/iwell-guard.com\/hr\/zrcalo-kao-sredstvo-zastite-princip-odbijanja\/","og_site_name":"iWell Guard","article_modified_time":"2026-09-04T05:37:08+00:00","og_image":[{"width":1024,"height":1536,"url":"https:\/\/iwell-guard.com\/wp-content\/uploads\/2026\/05\/schutzsymbol_universell_spiegel-abwehr.webp","type":"image\/webp"}],"twitter_card":"summary_large_image","schema":{"@context":"https:\/\/schema.org","@graph":[{"@type":"WebPage","@id":"https:\/\/iwell-guard.com\/hr\/zrcalo-kao-sredstvo-zastite-princip-odbijanja\/","url":"https:\/\/iwell-guard.com\/hr\/zrcalo-kao-sredstvo-zastite-princip-odbijanja\/","name":"Zrcalo kao sredstvo za\u0161tite \u2013 princip odbijanja","isPartOf":{"@id":"https:\/\/iwell-guard.com\/hr\/#website"},"primaryImageOfPage":{"@id":"https:\/\/iwell-guard.com\/hr\/zrcalo-kao-sredstvo-zastite-princip-odbijanja\/#primaryimage"},"image":{"@id":"https:\/\/iwell-guard.com\/hr\/zrcalo-kao-sredstvo-zastite-princip-odbijanja\/#primaryimage"},"thumbnailUrl":"https:\/\/iwell-guard.com\/wp-content\/uploads\/2026\/05\/schutzsymbol_universell_spiegel-abwehr.webp","datePublished":"2026-09-04T05:15:11+00:00","dateModified":"2026-09-04T05:37:08+00:00","description":"Zrcalo kao sredstvo za\u0161tite: princip odbijanja, od bagua zrcala do europske narodne magije, religijskoznanstveno obja\u0161njeno.","breadcrumb":{"@id":"https:\/\/iwell-guard.com\/hr\/zrcalo-kao-sredstvo-zastite-princip-odbijanja\/#breadcrumb"},"inLanguage":"hr","potentialAction":[{"@type":"ReadAction","target":["https:\/\/iwell-guard.com\/hr\/zrcalo-kao-sredstvo-zastite-princip-odbijanja\/"]}]},{"@type":"ImageObject","inLanguage":"hr","@id":"https:\/\/iwell-guard.com\/hr\/zrcalo-kao-sredstvo-zastite-princip-odbijanja\/#primaryimage","url":"https:\/\/iwell-guard.com\/wp-content\/uploads\/2026\/05\/schutzsymbol_universell_spiegel-abwehr.webp","contentUrl":"https:\/\/iwell-guard.com\/wp-content\/uploads\/2026\/05\/schutzsymbol_universell_spiegel-abwehr.webp","width":1024,"height":1536,"caption":"Za\u0161titni simbol. Muzejska ilustracija u stilu mrtve prirode."},{"@type":"BreadcrumbList","@id":"https:\/\/iwell-guard.com\/hr\/zrcalo-kao-sredstvo-zastite-princip-odbijanja\/#breadcrumb","itemListElement":[{"@type":"ListItem","position":1,"name":"Start","item":"https:\/\/iwell-guard.com\/hr\/?page_id=149317"},{"@type":"ListItem","position":2,"name":"Zrcalo kao sredstvo za\u0161tite \u2013 princip odbijanja"}]},{"@type":"WebSite","@id":"https:\/\/iwell-guard.com\/hr\/#website","url":"https:\/\/iwell-guard.com\/hr\/","name":"iWell Guard","description":"Schutz vor dunklen Einfl\u00fcssen","publisher":{"@id":"https:\/\/iwell-guard.com\/hr\/#organization"},"potentialAction":[{"@type":"SearchAction","target":{"@type":"EntryPoint","urlTemplate":"https:\/\/iwell-guard.com\/hr\/?s={search_term_string}"},"query-input":{"@type":"PropertyValueSpecification","valueRequired":true,"valueName":"search_term_string"}}],"inLanguage":"hr"},{"@type":"Organization","@id":"https:\/\/iwell-guard.com\/hr\/#organization","name":"Ittermann electronic GmbH","url":"https:\/\/iwell-guard.com\/hr\/","logo":{"@type":"ImageObject","inLanguage":"hr","@id":"https:\/\/iwell-guard.com\/hr\/#\/schema\/logo\/image\/","url":"https:\/\/iwell-guard.com\/wp-content\/uploads\/2026\/05\/Ittermann-Logo-1182x237-1.png","contentUrl":"https:\/\/iwell-guard.com\/wp-content\/uploads\/2026\/05\/Ittermann-Logo-1182x237-1.png","width":1182,"height":237,"caption":"Ittermann electronic GmbH"},"image":{"@id":"https:\/\/iwell-guard.com\/hr\/#\/schema\/logo\/image\/"},"sameAs":["https:\/\/pantip.com\/profile\/9367242","https:\/\/micro.blog\/iwellguard","https:\/\/www.diggerslist.com\/iwellguard\/about","https:\/\/skitterphoto.com\/photographers\/2870314\/iwell-guard","https:\/\/iwellguard.wordpress.com\/2026\/06\/06\/iwell-guard\/","https:\/\/hub.docker.com\/u\/iwellguard","https:\/\/www.pinterest.com\/iwellguard\/","https:\/\/bit.ly\/m\/iwellguard","https:\/\/entre-vos-mains.alsace.eu\/profiles\/iwellguard\/activity","https:\/\/gravatar.com\/reallybeded8fd34","https:\/\/naijamatta.com\/iwellguard","https:\/\/www.goodreads.com\/iwellguard","https:\/\/profile.hatena.ne.jp\/iwellguard\/","https:\/\/experiment.com\/users\/iwellguard","https:\/\/wakelet.com\/@iWellGuard82270","https:\/\/www.chordie.com\/forum\/profile.php?id=2555664","https:\/\/www.instapaper.com\/p\/17757966","https:\/\/www.mapleprimes.com\/users\/iwellguard","https:\/\/businesslistingplus.com\/profile\/iwell-guard\/","https:\/\/telegra.ph\/iWell-Guard-06-06","https:\/\/pbase.com\/iwellguard\/iwellguard","https:\/\/b.hatena.ne.jp\/iwellguard\/20260607#bookmark-4788405196491818882","https:\/\/fliphtml5.com\/home\/iwellguard","https:\/\/anyflip.com\/homepage\/cmiwl#About","https:\/\/transfur.com\/Users\/iwellguard","http:\/\/delphi.larsbo.org\/user\/iwellguard","https:\/\/jobs.lajobsportal.org\/profiles\/8380803-iwell-guard","https:\/\/md.chaosdorf.de\/s\/jfbe5SBdJD","https:\/\/www.lingvolive.com\/en-us\/profile\/9ecaeaca-ce11-4e51-9e71-01d55e2bff36\/translations","https:\/\/www.fitday.com\/fitness\/forums\/members\/iwellguard.html","https:\/\/www.mymeetbook.com\/iwellguard","https:\/\/pxhere.com\/en\/photographer-me\/5040798","https:\/\/disqus.com\/by\/iwellguard\/about\/","https:\/\/pastelink.net\/hjwciqwq","https:\/\/pubhtml5.com\/homepage\/scjhn\/","https:\/\/www.bitchute.com\/channel\/2O2eOKzNqujT","https:\/\/audiomack.com\/iwellguard"]}]}},"_links":{"self":[{"href":"https:\/\/iwell-guard.com\/hr\/wp-json\/wp\/v2\/pages\/149988","targetHints":{"allow":["GET"]}}],"collection":[{"href":"https:\/\/iwell-guard.com\/hr\/wp-json\/wp\/v2\/pages"}],"about":[{"href":"https:\/\/iwell-guard.com\/hr\/wp-json\/wp\/v2\/types\/page"}],"author":[{"embeddable":true,"href":"https:\/\/iwell-guard.com\/hr\/wp-json\/wp\/v2\/users\/3"}],"replies":[{"embeddable":true,"href":"https:\/\/iwell-guard.com\/hr\/wp-json\/wp\/v2\/comments?post=149988"}],"version-history":[{"count":0,"href":"https:\/\/iwell-guard.com\/hr\/wp-json\/wp\/v2\/pages\/149988\/revisions"}],"wp:featuredmedia":[{"embeddable":true,"href":"https:\/\/iwell-guard.com\/hr\/wp-json\/wp\/v2\/media\/3580"}],"wp:attachment":[{"href":"https:\/\/iwell-guard.com\/hr\/wp-json\/wp\/v2\/media?parent=149988"}],"wp:term":[{"taxonomy":"category","embeddable":true,"href":"https:\/\/iwell-guard.com\/hr\/wp-json\/wp\/v2\/categories?post=149988"}],"curies":[{"name":"wp","href":"https:\/\/api.w.org\/{rel}","templated":true}]}}