{"id":149981,"date":"2026-09-04T05:15:07","date_gmt":"2026-09-04T05:15:07","guid":{"rendered":"https:\/\/iwell-guard.com\/?page_id=149981"},"modified":"2026-09-04T05:36:58","modified_gmt":"2026-09-04T05:36:58","slug":"jarebika-zastitno-stablo-narodne-magije","status":"publish","type":"page","link":"https:\/\/iwell-guard.com\/hr\/jarebika-zastitno-stablo-narodne-magije\/","title":{"rendered":"Jarebika \u2013 za\u0161titno stablo i za\u0161titno drvo narodne magije"},"content":{"rendered":"\t\t<div data-elementor-type=\"wp-page\" data-elementor-id=\"149981\" class=\"elementor elementor-149981 elementor-3737 elementor-bc-flex-widget\" data-elementor-post-type=\"page\">\n\t\t\t\t<div class=\"elementor-element elementor-element-iwgs-eberesche-hero e-flex e-con-boxed e-con e-parent\" data-id=\"iwgs-eberesche-hero\" data-element_type=\"container\" data-e-type=\"container\">\n\t\t\t\t\t<div class=\"e-con-inner\">\n\t\t<div class=\"elementor-element elementor-element-iw-eberesche-hero-bw e-con-full e-flex e-con e-child\" data-id=\"iw-eberesche-hero-bw\" data-element_type=\"container\" data-e-type=\"container\">\n\t\t<div class=\"elementor-element elementor-element-iwgs-eberesche-hl e-flex e-con-boxed e-con e-parent\" data-id=\"iwgs-eberesche-hl\" data-element_type=\"container\" data-e-type=\"container\">\n\t\t\t\t\t<div class=\"e-con-inner\">\n\t\t<div class=\"elementor-element elementor-element-iwgs-eberesche-hlbox e-con-full e-flex e-con e-parent\" data-id=\"iwgs-eberesche-hlbox\" data-element_type=\"container\" data-e-type=\"container\">\n\t\t\t\t<div class=\"elementor-element elementor-element-iwgs-eberesche-h1 elementor-widget elementor-widget-heading\" data-id=\"iwgs-eberesche-h1\" data-element_type=\"widget\" data-e-type=\"widget\" data-widget_type=\"heading.default\">\n\t\t\t\t\t<h1 class=\"elementor-heading-title elementor-size-default\">Jarebika: za\u0161titno stablo i za\u0161titno drvo europske narodne magije<\/h1>\t\t\t\t<\/div>\n\t\t\t\t<div class=\"elementor-element elementor-element-iwgs-eberesche-lead elementor-widget elementor-widget-text-editor\" data-id=\"iwgs-eberesche-lead\" data-element_type=\"widget\" data-e-type=\"widget\" data-widget_type=\"text-editor.default\">\n\t\t\t\t\t\t\t\t\t<p>Jarebika, poznata i kao gorska jarebika, u europskoj narodnoj magiji smatrana je za\u0161titnim stablom. Njezinu drvu, granama i jarko crvenim bobicama pripisivala se mo\u0107 odbijanja vra\u010danja, grmljavine i \u0161tetnih \u010dini.<\/p><p>Posebno u srednjoj i sjevernoj Europi ovo stablo bilo je povezano s brojnim za\u0161titnim obi\u010dajima. Narodoznanstveno jarebika pripada za\u0161titnim biljkama <span class=\"iwg-fachbegriff\" data-tooltip=\"Religioznost koja se \u017eivi u svakodnevici, \u010desto usporedno sa slu\u017ebenim naukom.\" tabindex=\"0\">pu\u010dke pobo\u017enosti<\/span>. Ovaj \u010dlanak predstavlja podrijetlo, <span class=\"iwg-fachbegriff\" data-tooltip=\"Predana, u zajednici redovito ponavljana radnja.\" tabindex=\"0\">obi\u010daj<\/span> i tuma\u010denje za\u0161titnog stabla.<\/p>\t\t\t\t\t\t\t\t<\/div>\n\t\t\t\t<\/div>\n\t\t\t\t<div class=\"elementor-element elementor-element-iwgs-eberesche-pills elementor-widget elementor-widget-html\" data-id=\"iwgs-eberesche-pills\" data-element_type=\"widget\" data-e-type=\"widget\" data-widget_type=\"html.default\">\n\t\t\t\t\t<div class=\"iwg-pill-row\"><span class=\"iwg-klasse-badge\" tabindex=\"0\" data-tooltip=\"Za\u0161titni simbol, amulet ili apotropejski predmet.\">Za\u0161titni simbol<\/span><a href=\"https:\/\/iwell-guard.com\/hr\/zastitni-simboli\/\" class=\"iwg-kultur-badge\" tabindex=\"0\" data-tooltip=\"Za\u0161titna tradicija: Europska narodna magija\">Europska narodna magija<\/a><span class=\"iwg-tradition-badge\" tabindex=\"0\" data-tooltip=\"Komad drveta kojemu se pripisuje za\u0161titna mo\u0107.\">Za\u0161titno drvo<\/span><\/div>\t\t\t\t<\/div>\n\t\t\t\t\t<\/div>\n\t\t\t\t<\/div>\n\t\t<div class=\"elementor-element elementor-element-iwgs-eberesche-hr e-con-full e-flex e-con e-parent\" data-id=\"iwgs-eberesche-hr\" data-element_type=\"container\" data-e-type=\"container\">\n\t\t\t\t<div class=\"elementor-element elementor-element-iwgs-eberesche-himg iwg-hero-image elementor-widget elementor-widget-image\" data-id=\"iwgs-eberesche-himg\" data-element_type=\"widget\" data-e-type=\"widget\" data-widget_type=\"image.default\">\n\t\t\t\t\t\t\t\t\t\t\t\t\t\t\t<img fetchpriority=\"high\" decoding=\"async\" width=\"683\" height=\"1024\" src=\"https:\/\/iwell-guard.com\/wp-content\/uploads\/2026\/05\/schutzsymbol_volksmagie_eberesche-683x1024.webp\" class=\"attachment-large size-large wp-image-151216\" alt=\"Jarebika - za\u0161titni simbol, muzejska ilustracija\" srcset=\"https:\/\/iwell-guard.com\/wp-content\/uploads\/2026\/05\/schutzsymbol_volksmagie_eberesche-683x1024.webp 683w, https:\/\/iwell-guard.com\/wp-content\/uploads\/2026\/05\/schutzsymbol_volksmagie_eberesche-200x300.webp 200w, https:\/\/iwell-guard.com\/wp-content\/uploads\/2026\/05\/schutzsymbol_volksmagie_eberesche-768x1152.webp 768w, https:\/\/iwell-guard.com\/wp-content\/uploads\/2026\/05\/schutzsymbol_volksmagie_eberesche.webp 1024w\" sizes=\"(max-width: 683px) 100vw, 683px\" \/>\t\t\t\t\t\t\t\t\t\t\t\t\t\t\t<\/div>\n\t\t\t\t<\/div>\n\t\t\t\t<\/div>\n\t\t\t\t\t<\/div>\n\t\t\t\t<\/div>\n\t\t<div class=\"elementor-element elementor-element-iwgs-eberesche-s0 e-flex e-con-boxed e-con e-parent\" data-id=\"iwgs-eberesche-s0\" data-element_type=\"container\" data-e-type=\"container\">\n\t\t\t\t\t<div class=\"e-con-inner\">\n\t\t\t\t<div class=\"elementor-element elementor-element-iwgs-eberesche-s0h elementor-widget elementor-widget-heading\" data-id=\"iwgs-eberesche-s0h\" data-element_type=\"widget\" data-e-type=\"widget\" data-widget_type=\"heading.default\">\n\t\t\t\t\t<h2 class=\"elementor-heading-title elementor-size-default\">Uvod<\/h2>\t\t\t\t<\/div>\n\t\t<div class=\"elementor-element elementor-element-iw-eberesche-s0-bw e-con-full e-flex e-con e-child\" data-id=\"iw-eberesche-s0-bw\" data-element_type=\"container\" data-e-type=\"container\">\n\t\t<div class=\"elementor-element elementor-element-iwgs-eberesche-s0box e-con-full e-flex e-con e-parent\" data-id=\"iwgs-eberesche-s0box\" data-element_type=\"container\" data-e-type=\"container\">\n\t\t\t\t<div class=\"elementor-element elementor-element-iwgs-eberesche-s0t elementor-widget elementor-widget-text-editor\" data-id=\"iwgs-eberesche-s0t\" data-element_type=\"widget\" data-e-type=\"widget\" data-widget_type=\"text-editor.default\">\n\t\t\t\t\t\t\t\t\t<p>Jarebika, botani\u010dki Sorbus aucuparia, listopadno je stablo ra\u0161ireno po cijeloj Europi. U narodnoj magiji smatrana je jednim od najva\u017enijih za\u0161titnih stabala. Pripisivala joj se mo\u0107 da odbija vra\u010danje, grmljavinu i \u0161tetne sile.<\/p><p>Stablo nosi brojne narodne nazive. Uobi\u010dajeni su gorska jarebika, drudovo stablo, jarebikovac i planinska jarebika. Naziv gorska jarebika upu\u0107uje na to da ptice jedu njezine bobice, a naziv drudovo stablo na pripisanu za\u0161titnu funkciju protiv Drude.<\/p><p>Narodoznanstveno jarebika pripada skupini za\u0161titnih biljaka, drve\u0107a i bilja kojima se pripisivala odbijaju\u0107a mo\u0107. Time se nalazi u nizu sa zovom, borovicom i lijeskom.<\/p><p>Za razliku od izra\u0111enih <a href=\"https:\/\/iwell-guard.com\/hr\/zastitni-simboli\/\">za\u0161titnih simbola<\/a>, jarebika je bila \u017eiva za\u0161tita. Cijelo stablo, pojedine grane, drvo i bobice mogli su se koristiti ovisno o <span class=\"iwg-fachbegriff\" data-tooltip=\"Predana, u zajednici redovito ponavljana radnja.\" tabindex=\"0\">obi\u010daju<\/span>.<\/p><p>Za\u0161titno zna\u010denje bilo je raspodijeljeno na razli\u010dite dijelove biljke. Drvo se koristilo za izradu pribora i \u0161tapova, grane za postavljanje na ku\u0107e i staje, a crvene bobice kao nakit i sredstvo obrane.<\/p><p data-nosnippet=\"true\">Valja naglasiti da za\u0161titno djelovanje jarebike opisuje povijesnu vjersku predstavu. Stablo je narodoznanstveno svjedo\u010danstvo, a ne djelotvorno za\u0161titno sredstvo u prirodoznanstvenom smislu. S time nisu povezana nikakva obe\u0107anja o lije\u010denju.<\/p>\t\t\t\t\t\t\t\t<\/div>\n\t\t\t\t<\/div>\n\t\t\t\t<\/div>\n\t\t\t\t\t<\/div>\n\t\t\t\t<\/div>\n\t\t<div class=\"elementor-element elementor-element-iwgs-eberesche-s1 e-flex e-con-boxed e-con e-parent\" data-id=\"iwgs-eberesche-s1\" data-element_type=\"container\" data-e-type=\"container\">\n\t\t\t\t\t<div class=\"e-con-inner\">\n\t\t\t\t<div class=\"elementor-element elementor-element-iwgs-eberesche-s1h elementor-widget elementor-widget-heading\" data-id=\"iwgs-eberesche-s1h\" data-element_type=\"widget\" data-e-type=\"widget\" data-widget_type=\"heading.default\">\n\t\t\t\t\t<h2 class=\"elementor-heading-title elementor-size-default\">Podrijetlo i povijest<\/h2>\t\t\t\t<\/div>\n\t\t<div class=\"elementor-element elementor-element-iw-eberesche-s1-bw e-con-full e-flex e-con e-child\" data-id=\"iw-eberesche-s1-bw\" data-element_type=\"container\" data-e-type=\"container\">\n\t\t<div class=\"elementor-element elementor-element-iwgs-eberesche-s1box e-con-full e-flex e-con e-parent\" data-id=\"iwgs-eberesche-s1box\" data-element_type=\"container\" data-e-type=\"container\">\n\t\t\t\t<div class=\"elementor-element elementor-element-iwgs-eberesche-s1t elementor-widget elementor-widget-text-editor\" data-id=\"iwgs-eberesche-s1t\" data-element_type=\"widget\" data-e-type=\"widget\" data-widget_type=\"text-editor.default\">\n\t\t\t\t\t\t\t\t\t<p>Jarebika raste na gotovo cijelom podru\u010dju Europe, od nizina do planinskih podru\u010dja. Njezina \u0161iroka ra\u0161irenost i upadljivost zbog crvenih bobica rano su je u\u010dinile stablom koje je u narodnom vjerovanju imalo posebnu ulogu.<\/p><p>Ve\u0107 u predkr\u0161\u0107ansko doba stablo je vjerojatno imalo kultno zna\u010denje, iako su izvori za to oskudni. U nordijskoj <span class=\"iwg-fachbegriff\" data-tooltip=\"Preno\u0161enje znanja i pripovijesti kroz generacije.\" tabindex=\"0\">predaji<\/span> jarebika se javlja u vezi s bogom Thorom, \u0161to upu\u0107uje na staro po\u0161tovanje ovog stabla.<\/p><p>Pouzdani dokazi o za\u0161titnim obi\u010dajima potje\u010du iz srednjeg vijeka i ranog novog vijeka. U to je doba vjerovanje u vra\u010danje bilo ra\u0161ireno, a jarebika je smatrana provjerenim sredstvom obrane od \u0161tetnih sila.<\/p><p>Narodoznanstvene zbirke iz 19. stolje\u0107a bogato dokumentiraju obi\u010daje vezane za jarebiku. Pokazuju da je stablo u Njema\u010dkoj, Engleskoj, Skandinaviji i na Baltiku bilo povezano sa sli\u010dnim za\u0161titnim predstavama.<\/p><p>Posebno se na selu <span class=\"iwg-fachbegriff\" data-tooltip=\"Predana, u zajednici redovito ponavljana radnja.\" tabindex=\"0\">obi\u010daj<\/span> dugo odr\u017eao. Jo\u0161 u 19., a pojedina\u010dno i u 20. stolje\u0107u, gran\u010dice jarebike stavljale su se kao za\u0161tita na staje i ku\u0107e, posebno u no\u0107i uo\u010di 1. svibnja (Walpurgisnacht).<\/p><p>Povijest jarebike kao za\u0161titnog stabla pokazuje dugi kontinuitet. Od pretpostavljenog predkr\u0161\u0107anskog kultnog stabla, preko sredstva obrane u ranom novom vijeku, do dokumentiranog <span class=\"iwg-fachbegriff\" data-tooltip=\"Predana, u zajednici redovito ponavljana radnja.\" tabindex=\"0\">obi\u010daja<\/span> u 19. stolje\u0107u, mogu\u0107e ju je pratiti kroz vrijeme.<\/p><p>U anglosaksonskoj i nordijskoj <span class=\"iwg-fachbegriff\" data-tooltip=\"Preno\u0161enje znanja i pripovijesti kroz generacije.\" tabindex=\"0\">predaji<\/span> jarebika se osim toga javlja u pri\u010di prema kojoj je stablo pru\u017eilo oslonac bogu Thoru dok je prelazio bujicu.<\/p><p>Takvi pripovjedni motivi mogu se pratiti samo u srednjovjekovnim zapisima i ne dopu\u0161taju pouzdane zaklju\u010dke o predkr\u0161\u0107anskom <span class=\"iwg-fachbegriff\" data-tooltip=\"Skup vjerskih obrednih radnji posve\u0107enih bo\u017eanstvu ili svetoj pojavi.\" tabindex=\"0\">kultu<\/span>, ali pokazuju staru povezanost stabla s predstavom za\u0161tite i postojanosti.<\/p>\t\t\t\t\t\t\t\t<\/div>\n\t\t\t\t<\/div>\n\t\t\t\t<\/div>\n\t\t\t\t\t<\/div>\n\t\t\t\t<\/div>\n\t\t<div class=\"elementor-element elementor-element-iwgs-eberesche-s2 e-flex e-con-boxed e-con e-parent\" data-id=\"iwgs-eberesche-s2\" data-element_type=\"container\" data-e-type=\"container\">\n\t\t\t\t\t<div class=\"e-con-inner\">\n\t\t\t\t<div class=\"elementor-element elementor-element-iwgs-eberesche-s2h elementor-widget elementor-widget-heading\" data-id=\"iwgs-eberesche-s2h\" data-element_type=\"widget\" data-e-type=\"widget\" data-widget_type=\"heading.default\">\n\t\t\t\t\t<h2 class=\"elementor-heading-title elementor-size-default\">Oblik, materijal i izrada<\/h2>\t\t\t\t<\/div>\n\t\t<div class=\"elementor-element elementor-element-iw-eberesche-s2-bw e-con-full e-flex e-con e-child\" data-id=\"iw-eberesche-s2-bw\" data-element_type=\"container\" data-e-type=\"container\">\n\t\t<div class=\"elementor-element elementor-element-iwgs-eberesche-s2box e-con-full e-flex e-con e-parent\" data-id=\"iwgs-eberesche-s2box\" data-element_type=\"container\" data-e-type=\"container\">\n\t\t\t\t<div class=\"elementor-element elementor-element-iwgs-eberesche-s2t elementor-widget elementor-widget-text-editor\" data-id=\"iwgs-eberesche-s2t\" data-element_type=\"widget\" data-e-type=\"widget\" data-widget_type=\"text-editor.default\">\n\t\t\t\t\t\t\t\t\t<p>Jarebika je malo do srednje veliko listopadno stablo s perastim listovima. Upadljive su njezine u jesen jarko crvene bobice koje vise u gustim \u0161titastim cvatovima. Te crvene bobice imaju va\u017enu ulogu u narodnoj magiji.<\/p><p>Koristili su se razli\u010diti dijelovi stabla. Svje\u017ee gran\u010dice s listovima i bobicama slu\u017eile su za pri\u010dvr\u0161\u0107ivanje. Rezale su se u odre\u0111enim vremenima i pri\u010dvr\u0161\u0107ivale na vrata, prozore i stupove staja.<\/p><p>Drvo jarebike je \u017eilavo i elasti\u010dno. Od njega su se izra\u0111ivale dr\u0161ke za alat, \u0161tapovi za \u0161etnju i pastirski \u0161tapovi, dr\u0161ke za bi\u010deve i sitne alatke. Takvim predmetima od drveta jarebike pripisivala se za\u0161titna svojstva.<\/p><p>Od bobica su se izra\u0111ivale ogrlice. Niske crvenih bobica jarebike nosile su se kao nakit ili su se vje\u0161ale u ku\u0107i. Sna\u017ena crvena boja smatrala se pri tome zna\u010dajnom.<\/p><p>Posebna izrada u ritualnom smislu obi\u010dno nije bila potrebna. Va\u017ean je bio, me\u0111utim, pravi trenutak rezanja. Neki su obi\u010daji propisivali da se gran\u010dice ubiru odre\u0111enih dana ili bez alata od \u017eeljeza.<\/p><p>I mjesto rasta stabla imalo je zna\u010denje. Jarebika koja je rasla na stijeni ili u ra\u0161ljama drugog stabla, dakle nije korijenila u tlu, smatrala se posebno mo\u0107nom. Takva su se stabla nazivala lete\u0107a jarebika.<\/p><p>Na nekim mjestima jarebika je vrijedila i kao vremenski pokazatelj, \u010diji urod bobica navodno omogu\u0107uje predvi\u0111anje dolaze\u0107e zime. Prema tom vjerovanju, stablo bogato plodom navije\u0161talo je te\u0161ku, snje\u017enu godinu. Ovo vremensko pravilo isprva nema veze s obrambenom funkcijom, ali pokazuje kako je jarebika bila usko povezana sa selja\u010dkim svijetom \u017eivota.<\/p>\t\t\t\t\t\t\t\t<\/div>\n\t\t\t\t<\/div>\n\t\t\t\t<\/div>\n\t\t\t\t\t<\/div>\n\t\t\t\t<\/div>\n\t\t<div class=\"elementor-element elementor-element-iwgs-eberesche-s3 e-flex e-con-boxed e-con e-parent\" data-id=\"iwgs-eberesche-s3\" data-element_type=\"container\" data-e-type=\"container\">\n\t\t\t\t\t<div class=\"e-con-inner\">\n\t\t\t\t<div class=\"elementor-element elementor-element-iwgs-eberesche-s3h elementor-widget elementor-widget-heading\" data-id=\"iwgs-eberesche-s3h\" data-element_type=\"widget\" data-e-type=\"widget\" data-widget_type=\"heading.default\">\n\t\t\t\t\t<h2 class=\"elementor-heading-title elementor-size-default\">Narodoznanstvena podloga i vjerovanja<\/h2>\t\t\t\t<\/div>\n\t\t<div class=\"elementor-element elementor-element-iw-eberesche-s3-bw e-con-full e-flex e-con e-child\" data-id=\"iw-eberesche-s3-bw\" data-element_type=\"container\" data-e-type=\"container\">\n\t\t<div class=\"elementor-element elementor-element-iwgs-eberesche-s3box e-con-full e-flex e-con e-parent\" data-id=\"iwgs-eberesche-s3box\" data-element_type=\"container\" data-e-type=\"container\">\n\t\t\t\t<div class=\"elementor-element elementor-element-iwgs-eberesche-s3t elementor-widget elementor-widget-text-editor\" data-id=\"iwgs-eberesche-s3t\" data-element_type=\"widget\" data-e-type=\"widget\" data-widget_type=\"text-editor.default\">\n\t\t\t\t\t\t\t\t\t<p>U temelju vjerovanja o jarebici stajala je predstava da odre\u0111ena stabla posjeduju za\u0161titnu snagu, suprotstavljenu vra\u010danju. Jarebika je vrijedila kao jedno od najdjelotvornijih takvih stabala.<\/p><p>Sredi\u0161nju ulogu igrala je crvena boja bobica. Crvena je u europskoj narodnoj magiji uglavnom vrijedila kao obrambena boja, koja je trebala odbijati \u0161tetne sile i zle poglede. Crvene bobice jarebike u prirodi su utjelovljivale tu za\u0161titnu boju.<\/p><p>Stablo se koristilo protiv raznih opasnosti. Trebalo je odbijati vje\u0161tice i njihove \u010dini, sprje\u010davati no\u0107nu moru i \u0161tititi ljude i stoku od zla pogleda. Ovakvo nakupljanje funkcija tipi\u010dno je za za\u0161titne biljke.<\/p><p>Jarebika je vrijedila kao za\u0161tita i od udara grmljavine. U tom svojstvu bila je u konkurenciji i vezi s drugim stablima kojima se pripisivala za\u0161tita od gromova. Ovdje se osje\u0107a nordijska poveznica s bogom grmljavine Thorom.<\/p><p>Posebno po\u0161tovanje lete\u0107e jarebike, odnosno stabla koje ne korijeni u tlu, obja\u0161njava se ra\u0161irenom logikom narodne magije. Sve \u0161to je izraslo na neobi\u010dan na\u010din i naizgled se protivilo prirodnom poretku, smatralo se posebno mo\u0107nim.<\/p><p>Jarebika je time povezivala vi\u0161e predstava. Bila je stablo obrane od vra\u010danja, za\u0161tita od munje i nositeljica zna\u010dajne crvene boje. Ta bogata zna\u010denjska slojevitost u\u010dinila je jarebiku jednim od najva\u017enijih stabala narodne magije.<\/p><p>Protiv \u0161tetnog pogleda postojala je predstava da je \u010dovjek ili \u017eivotinja s gran\u010dicom jarebike za\u0161ti\u0107en od zla pogleda.<\/p><p>Prema toj logici, gran\u010dica je na sebe usmjeravala \u0161tetnu pa\u017enju, sli\u010dno upadljivom <span class=\"iwg-fachbegriff\" data-tooltip=\"Predmet koji se nosi na tijelu i kojemu se pripisuje za\u0161titno, zlo odbijaju\u0107e djelovanje.\" tabindex=\"0\">amuletu<\/span>, i tako \u0161titila stvarnog nositelja. Ta predstava povezivala je za\u0161titno stablo sa \u0161irokim podru\u010djem obrane od zla pogleda.<\/p>\t\t\t\t\t\t\t\t<\/div>\n\t\t\t\t<\/div>\n\t\t\t\t<\/div>\n\t\t\t\t\t<\/div>\n\t\t\t\t<\/div>\n\t\t<div class=\"elementor-element elementor-element-iwgs-eberesche-s4 e-flex e-con-boxed e-con e-parent\" data-id=\"iwgs-eberesche-s4\" data-element_type=\"container\" data-e-type=\"container\">\n\t\t\t\t\t<div class=\"e-con-inner\">\n\t\t\t\t<div class=\"elementor-element elementor-element-iwgs-eberesche-s4h elementor-widget elementor-widget-heading\" data-id=\"iwgs-eberesche-s4h\" data-element_type=\"widget\" data-e-type=\"widget\" data-widget_type=\"heading.default\">\n\t\t\t\t\t<h2 class=\"elementor-heading-title elementor-size-default\">Primjena i obi\u010daj<\/h2>\t\t\t\t<\/div>\n\t\t<div class=\"elementor-element elementor-element-iw-eberesche-s4-bw e-con-full e-flex e-con e-child\" data-id=\"iw-eberesche-s4-bw\" data-element_type=\"container\" data-e-type=\"container\">\n\t\t<div class=\"elementor-element elementor-element-iwgs-eberesche-s4box e-con-full e-flex e-con e-parent\" data-id=\"iwgs-eberesche-s4box\" data-element_type=\"container\" data-e-type=\"container\">\n\t\t\t\t<div class=\"elementor-element elementor-element-iwgs-eberesche-s4t elementor-widget elementor-widget-text-editor\" data-id=\"iwgs-eberesche-s4t\" data-element_type=\"widget\" data-e-type=\"widget\" data-widget_type=\"text-editor.default\">\n\t\t\t\t\t\t\t\t\t<p>Ra\u0161iren <span class=\"iwg-fachbegriff\" data-tooltip=\"Predana radnja koja se redovito ponavlja u zajednici.\" tabindex=\"0\">obi\u010daj<\/span> bilo je pri\u010dvr\u0161\u0107ivanje gran\u010dica jarebike na ku\u0107u i staju. Posebno u no\u0107i Walpurgis, kada su vje\u0161tice, po vjerovanju, bile najaktivnije, svje\u017ee gran\u010dice pri\u010dvr\u0161\u0107ivale su se na vrata i stupove staja.<\/p><p>U staji je jarebika trebala \u0161tititi stoku. Gran\u010dice su se postavljale iznad vrata staje ili umetale unutra, kako bi za\u0161titile konje i krave od bolesti, no\u0107ne more i vra\u010danja.<\/p><p>Predmeti i \u0161tapovi od drveta jarebike imali su svoje vlastito zna\u010denje. Pastirski \u0161tap od drveta jarebike trebao je \u0161tititi stado, dr\u0161ka bi\u010da trebala je \u0161tititi vu\u010dnu stoku. I mje\u0161alice te alati za mje\u0161anje od tog drveta smatrali su se povoljnima.<\/p><p>Kod vrata i pragova jarebika se koristila sli\u010dno drugim za\u0161titnim sredstvima za gradnju. Umetnuta gran\u010dica ili komad drveta na pragu trebao je sprje\u010davati ulazak \u0161tetnih sila.<\/p><p>Crvene bobice nizale su se u ogrlice i stavljale djeci ili \u017eivotinjama. Te niske bobica povezivale su za\u0161titu stabla s obrambenim djelovanjem crvene boje.<\/p><p>Taj <span class=\"iwg-fachbegriff\" data-tooltip=\"Predana radnja koja se redovito ponavlja u zajednici.\" tabindex=\"0\">obi\u010daj<\/span> bio je jednostavan za izvo\u0111enje i nije bio vezan za posebnu osobu. Svako je ku\u0107anstvo moglo rezati i pri\u010dvr\u0161\u0107ivati gran\u010dice. Ta pristupa\u010dnost doprinijela je \u0161irokoj rasprostranjenosti obi\u010daja vezanih za jarebiku.<\/p><p>Osim toga, bio je ra\u0161iren <span class=\"iwg-fachbegriff\" data-tooltip=\"Predana radnja koja se redovito ponavlja u zajednici.\" tabindex=\"0\">obi\u010daj<\/span> mje\u0161anja svje\u017ee iskravljenog maslaca mje\u0161alicom od drveta jarebike. Ako mje\u0161anje maslaca ne bi uspjelo, to se \u010desto tuma\u010dilo kao djelo vje\u0161tice koja je mlijeku oduzela snagu. Alat za mje\u0161anje od za\u0161titnog drveta trebao je sprije\u010diti takve \u010dini i osigurati uspjeh posla.<\/p>\t\t\t\t\t\t\t\t<\/div>\n\t\t\t\t<\/div>\n\t\t\t\t<\/div>\n\t\t\t\t\t<\/div>\n\t\t\t\t<\/div>\n\t\t<div class=\"elementor-element elementor-element-iwgs-eberesche-s5 e-flex e-con-boxed e-con e-parent\" data-id=\"iwgs-eberesche-s5\" data-element_type=\"container\" data-e-type=\"container\">\n\t\t\t\t\t<div class=\"e-con-inner\">\n\t\t\t\t<div class=\"elementor-element elementor-element-iwgs-eberesche-s5h elementor-widget elementor-widget-heading\" data-id=\"iwgs-eberesche-s5h\" data-element_type=\"widget\" data-e-type=\"widget\" data-widget_type=\"heading.default\">\n\t\t\t\t\t<h2 class=\"elementor-heading-title elementor-size-default\">Regionalne varijante i srodni pojmovi<\/h2>\t\t\t\t<\/div>\n\t\t<div class=\"elementor-element elementor-element-iw-eberesche-s5-bw e-con-full e-flex e-con e-child\" data-id=\"iw-eberesche-s5-bw\" data-element_type=\"container\" data-e-type=\"container\">\n\t\t<div class=\"elementor-element elementor-element-iwgs-eberesche-s5box e-con-full e-flex e-con e-parent\" data-id=\"iwgs-eberesche-s5box\" data-element_type=\"container\" data-e-type=\"container\">\n\t\t\t\t<div class=\"elementor-element elementor-element-iwgs-eberesche-s5t elementor-widget elementor-widget-text-editor\" data-id=\"iwgs-eberesche-s5t\" data-element_type=\"widget\" data-e-type=\"widget\" data-widget_type=\"text-editor.default\">\n\t\t\t\t\t\t\t\t\t<p>Obi\u010daji vezani za jarebiku razlikuju se prema regijama. U sjevernoj Njema\u010dkoj i na podru\u010dju Baltika naglasak je bio na za\u0161titi stoke pomo\u0107u zataknutih granjica. U srednjogorskim podru\u010djima bila je nagla\u0161enija za\u0161tita od vje\u0161tica i no\u0107nih pritisaka.<\/p><p>U \u0160kotskoj i Irskoj jarebika, tamo nazivana rowan, smatrala se posebno mo\u0107nim za\u0161titnim stablom. Uobi\u010dajeno za\u0161titno sredstvo bili su kri\u017eevi vezani od dviju gran\u010dica jarebike, spojenih crvenim koncem.<\/p><p>U Skandinaviji je jarebika bila \u010dvrsto povezana sa za\u0161titom ku\u0107e i doma. I tamo je posebnu ulogu imala takozvana lete\u0107a jarebika, stablo koje raste na drugim stablima.<\/p><p>Jarebika je srodna drugim za\u0161titnim biljkama europske narodne magije. Bazga se smatrala ku\u0107nim stablom i za\u0161titom, borovica pro\u010di\u0161\u0107uju\u0107im tamjanskim drvom, a lijeska prutom s posebnom snagom.<\/p><p>Kao i <a href=\"https:\/\/iwell-guard.com\/hr\/zastitni-simboli\/\">Hagstein<\/a>, jarebika pripada prirodnim predmetima \u010dija se za\u0161titna mo\u0107 izvodila ne iz ljudske izrade, ve\u0107 iz same biljke. Oboje predstavljaju za\u0161titnu magiju koja se oslanja na prirodu.<\/p><p>Unato\u010d regionalnim razlikama, prepoznaje se zajedni\u010dki obrazac. Svugdje se crveni plodovi smatraju va\u017enima, svugdje je za\u0161tita usmjerena protiv vje\u0161ti\u010darenja i no\u0107nih pritisaka, i svugdje stablo ima \u010dvrsto mjesto u za\u0161titi ku\u0107e i stoke.<\/p><p>U Walesu se drvo jarebike koristilo za dr\u0161ke vilinskih \u0161tapi\u0107a i za vretena, a na nekim crkvenim dvori\u0161tima stablo se ciljano sadilo kako bi se osigurao mir pokojnika. Ova uporaba blizu crkve pokazuje da se jarebika, sli\u010dno drugim za\u0161titnim biljkama, koristila bez sukoba izme\u0111u narodno-magijskog i kr\u0161\u0107anskog podru\u010dja.<\/p>\t\t\t\t\t\t\t\t<\/div>\n\t\t\t\t<\/div>\n\t\t\t\t<\/div>\n\t\t\t\t\t<\/div>\n\t\t\t\t<\/div>\n\t\t<div class=\"elementor-element elementor-element-iwgs-eberesche-s6 e-flex e-con-boxed e-con e-parent\" data-id=\"iwgs-eberesche-s6\" data-element_type=\"container\" data-e-type=\"container\">\n\t\t\t\t\t<div class=\"e-con-inner\">\n\t\t\t\t<div class=\"elementor-element elementor-element-iwgs-eberesche-s6h elementor-widget elementor-widget-heading\" data-id=\"iwgs-eberesche-s6h\" data-element_type=\"widget\" data-e-type=\"widget\" data-widget_type=\"heading.default\">\n\t\t\t\t\t<h2 class=\"elementor-heading-title elementor-size-default\">Zna\u010denje kao za\u0161titno sredstvo<\/h2>\t\t\t\t<\/div>\n\t\t<div class=\"elementor-element elementor-element-iw-eberesche-s6-bw e-con-full e-flex e-con e-child\" data-id=\"iw-eberesche-s6-bw\" data-element_type=\"container\" data-e-type=\"container\">\n\t\t<div class=\"elementor-element elementor-element-iwgs-eberesche-s6box e-con-full e-flex e-con e-parent\" data-id=\"iwgs-eberesche-s6box\" data-element_type=\"container\" data-e-type=\"container\">\n\t\t\t\t<div class=\"elementor-element elementor-element-iwgs-eberesche-s6t elementor-widget elementor-widget-text-editor\" data-id=\"iwgs-eberesche-s6t\" data-element_type=\"widget\" data-e-type=\"widget\" data-widget_type=\"text-editor.default\">\n\t\t\t\t\t\t\t\t\t<p>Za\u0161titno zna\u010denje jarebike temelji se na povezivanju vi\u0161e predod\u017ebi. Stablo se smatralo po svojoj naravi suprotstavljenim vje\u0161ti\u010darenju, a njegovi crveni plodovi nosili su obrambenu za\u0161titnu boju.<\/p><p>Sredi\u0161nju ulogu imala je za\u0161tita stoke. Budu\u0107i da su se bolesti stoke \u010desto tuma\u010dile kao posljedica \u010dini, sredstvo za\u0161tite u koje se vjerovalo bilo je od velike va\u017enosti za selja\u010dko gospodarstvo. Jarebika je ispunjavala to o\u010dekivanje.<\/p><p>Za\u0161tita ku\u0107e nadopunjavala je za\u0161titu stoke. Gran\u010dice zataknute na vrata i prozore trebale su osigurati cijelo imanje protiv prodora \u0161tetnih sila, sli\u010dno urezanim za\u0161titnim znakovima.<\/p><p>Pripisana za\u0161tita od munje pro\u0161irila je za\u0161titnu funkciju na prirodnu opasnost. U vremenu bez tehni\u010dke za\u0161tite od munje, vjerovanje u stablo koje odbija munju bilo je za ljude od velike va\u017enosti.<\/p><p>Za ljude je vrijednost jarebike bila u njezinoj dostupnosti. Stablo je raslo posvuda, a njegove gran\u010dice mogle su se besplatno rezati. Za\u0161tita je tako bila dostupna svakom doma\u0107instvu.<\/p><p>Treba naglasiti da ovo za\u0161titno zna\u010denje odra\u017eava povijesne vjerske predod\u017ebe. Stvarna za\u0161tita od bolesti, \u010dini ili munje nije povezana s jarebikom. Njezina vrijednost le\u017ei u kulturnopovijesnoj poruci o nekada\u0161njem na\u010dinu razmi\u0161ljanja.<\/p>\t\t\t\t\t\t\t\t<\/div>\n\t\t\t\t<\/div>\n\t\t\t\t<\/div>\n\t\t\t\t\t<\/div>\n\t\t\t\t<\/div>\n\t\t<div class=\"elementor-element elementor-element-iwgs-eberesche-s7 e-flex e-con-boxed e-con e-parent\" data-id=\"iwgs-eberesche-s7\" data-element_type=\"container\" data-e-type=\"container\">\n\t\t\t\t\t<div class=\"e-con-inner\">\n\t\t\t\t<div class=\"elementor-element elementor-element-iwgs-eberesche-s7h elementor-widget elementor-widget-heading\" data-id=\"iwgs-eberesche-s7h\" data-element_type=\"widget\" data-e-type=\"widget\" data-widget_type=\"heading.default\">\n\t\t\t\t\t<h2 class=\"elementor-heading-title elementor-size-default\">Stanje izvora i povijest istra\u017eivanja<\/h2>\t\t\t\t<\/div>\n\t\t<div class=\"elementor-element elementor-element-iw-eberesche-s7-bw e-con-full e-flex e-con e-child\" data-id=\"iw-eberesche-s7-bw\" data-element_type=\"container\" data-e-type=\"container\">\n\t\t<div class=\"elementor-element elementor-element-iwgs-eberesche-s7box e-con-full e-flex e-con e-parent\" data-id=\"iwgs-eberesche-s7box\" data-element_type=\"container\" data-e-type=\"container\">\n\t\t\t\t<div class=\"elementor-element elementor-element-iwgs-eberesche-s7t elementor-widget elementor-widget-text-editor\" data-id=\"iwgs-eberesche-s7t\" data-element_type=\"widget\" data-e-type=\"widget\" data-widget_type=\"text-editor.default\">\n\t\t\t\t\t\t\t\t\t<p>Izvorna gra\u0111a o jarebici kao za\u0161titnom stablu gusta je za <span class=\"iwg-fachbegriff\" data-tooltip=\"Razdoblje otprilike od 15. do 18. stolje\u0107a.\" tabindex=\"0\">rano novo doba<\/span> i 19. stolje\u0107e, ali je za starija razdoblja oskudna. Mnogo toga o pretkr\u0161\u0107anskom vremenu ostaje naga\u0111anje.<\/p><p>Za nordijsku <span class=\"iwg-fachbegriff\" data-tooltip=\"Preno\u0161enje znanja i pri\u010da kroz generacije.\" tabindex=\"0\">predaju<\/span> srednjovjekovni islandski spisi donose naznake o zna\u010denju jarebike u vezi s bogom Thorom. Ti podaci su, me\u0111utim, \u0161krti i treba ih tuma\u010diti s oprezom.<\/p><p>Najva\u017eniju osnovu \u010dine folkloristi\u010dke zbirke iz 19. i po\u010detka 20. stolje\u0107a. Istra\u017eiva\u010di su putem anketiranja prikupili gustu gra\u0111u o obi\u010dajima koja pokazuje regionalnu raznolikost obi\u010daja vezanih za jarebiku.<\/p><p>Priru\u010dni rje\u010dnik njema\u010dkog praznovjerja (Handw\u00f6rterbuch des deutschen Aberglaubens) donosi opse\u017ean \u010dlanak o jarebici. Sustavno raspore\u0111uje obi\u010daje i povezuje ih s predod\u017ebama o vje\u0161ti\u010darenju, no\u0107nim pritiscima i za\u0161titnoj boji.<\/p><p>Metodolo\u0161ka te\u0161ko\u0107a le\u017ei u zaklju\u010divanju iz novijih obi\u010daja o pretkr\u0161\u0107anskom kultnom zna\u010denju. Istra\u017eivanja ovdje upozoravaju na opreznost, jer se kasniji obi\u010daji ne mogu jednostavno projicirati u daleku pro\u0161lost.<\/p><p>Povijest istra\u017eivanja pokazuje da jarebika pripada me\u0111u najbolje dokumentirana za\u0161titna stabla Europe. Folkloristi\u010dka prikuplja\u010dka djelatnost sveobuhvatno je osvijetlila njezinu raznoliku ulogu u narodnoj magiji.<\/p><p>Stalan problem u istra\u017eivanju je zamjena jarebike s drugim stablima u starijim tekstovima. Narodni nazivi nisu jednozna\u010dni, a pojmovi kao Quitsche ili Drudenbaum kori\u0161teni su regionalno razli\u010dito. Precizno utvr\u0111ivanje o kojem se stablu radi u nekom izvoru zahtijeva stoga usporedbu s regionalnom jezi\u010dnom uporabom.<\/p>\t\t\t\t\t\t\t\t<\/div>\n\t\t\t\t<\/div>\n\t\t\t\t<\/div>\n\t\t\t\t\t<\/div>\n\t\t\t\t<\/div>\n\t\t<div class=\"elementor-element elementor-element-iwgs-eberesche-s8 e-flex e-con-boxed e-con e-parent\" data-id=\"iwgs-eberesche-s8\" data-element_type=\"container\" data-e-type=\"container\">\n\t\t\t\t\t<div class=\"e-con-inner\">\n\t\t\t\t<div class=\"elementor-element elementor-element-iwgs-eberesche-s8h elementor-widget elementor-widget-heading\" data-id=\"iwgs-eberesche-s8h\" data-element_type=\"widget\" data-e-type=\"widget\" data-widget_type=\"heading.default\">\n\t\t\t\t\t<h2 class=\"elementor-heading-title elementor-size-default\">Suvremena recepcija<\/h2>\t\t\t\t<\/div>\n\t\t<div class=\"elementor-element elementor-element-iw-eberesche-s8-bw e-con-full e-flex e-con e-child\" data-id=\"iw-eberesche-s8-bw\" data-element_type=\"container\" data-e-type=\"container\">\n\t\t<div class=\"elementor-element elementor-element-iwgs-eberesche-s8box e-con-full e-flex e-con e-parent\" data-id=\"iwgs-eberesche-s8box\" data-element_type=\"container\" data-e-type=\"container\">\n\t\t\t\t<div class=\"elementor-element elementor-element-iwgs-eberesche-s8t elementor-widget elementor-widget-text-editor\" data-id=\"iwgs-eberesche-s8t\" data-element_type=\"widget\" data-e-type=\"widget\" data-widget_type=\"text-editor.default\">\n\t\t\t\t\t\t\t\t\t<p>Jarebika je danas poznata prije svega kao ukrasno drvo i biljka koja privla\u010di ptice. Njezine crvene bobice va\u017ean su izvor hrane za ptice, \u0161to je \u010dini omiljenom u prirodno ure\u0111enim vrtovima.<\/p><p>U suvremenoj prirodnoj medicini i <span class=\"iwg-fachbegriff\" data-tooltip=\"Zbirni pojam za u\u010denja koja tvrde da posjeduju skriveno znanje dostupno samo upu\u0107enima.\" tabindex=\"0\">ezoteriji<\/span> jarebika se povremeno spominje kao za\u0161titno drvo. Priru\u010dni\u010dka literatura opisuje je kao drvo s odbojnom snagom. Ti prikazi nadovezuju se na stara vjerovanja, ali ih treba razlikovati od povijesne <span class=\"iwg-fachbegriff\" data-tooltip=\"Preno\u0161enje znanja i pri\u010da kroz generacije.\" tabindex=\"0\">predaje<\/span>.<\/p><p>U njegovanju tradicije i zavi\u010dajnoj kulturi znanje o jarebici kao za\u0161titnom drvu i dalje \u017eivi. Pri preno\u0161enju regionalne narodne kulture obja\u0161njava se ovo drvo i njegov stari <span class=\"iwg-fachbegriff\" data-tooltip=\"Predani, u zajednici redovito ponavljani postupak.\" tabindex=\"0\">obi\u010daj<\/span>.<\/p><p>U keltski inspiriranom modernom paganizmu jarebika igra ulogu pod nazivom Rowan. Tamo se tuma\u010di kao za\u0161titno drvo, pri \u010demu se povijesna <span class=\"iwg-fachbegriff\" data-tooltip=\"Preno\u0161enje znanja i pri\u010da kroz generacije.\" tabindex=\"0\">predaja<\/span> i moderno reinterpretiranje isprepli\u0107u.<\/p><div data-nosnippet=\"true\"><p>Onaj koji \u017eeli bolje razumjeti ulogu jarebike u nordijskom i keltskom narodnom vjerovanju, treba potra\u017eiti etnolo\u0161ke priru\u010dnike i pregled za\u0161titnih simbola. Ezoterijski vodi\u010di \u010desto prikazuju povijest ovog za\u0161titnog drveta znatno pojednostavljeno.<\/p><\/div><p>Suvremena recepcija time pokazuje dva pravca. Jarebika je cijenjeno prirodno drvo, a istovremeno nastavlja \u017eivjeti kao za\u0161titno drvo u njegovanju tradicije i modernom paganizmu, no tamo u novom, reinterpretiranom obliku.<\/p>\t\t\t\t\t\t\t\t<\/div>\n\t\t\t\t<\/div>\n\t\t\t\t<\/div>\n\t\t\t\t\t<\/div>\n\t\t\t\t<\/div>\n\t\t<div class=\"elementor-element elementor-element-iwgs-eberesche-lit e-flex e-con-boxed e-con e-parent\" data-id=\"iwgs-eberesche-lit\" data-element_type=\"container\" data-e-type=\"container\">\n\t\t\t\t\t<div class=\"e-con-inner\">\n\t\t\t\t<div class=\"elementor-element elementor-element-iwgs-eberesche-lith elementor-widget elementor-widget-heading\" data-id=\"iwgs-eberesche-lith\" data-element_type=\"widget\" data-e-type=\"widget\" data-widget_type=\"heading.default\">\n\t\t\t\t\t<h2 class=\"elementor-heading-title elementor-size-default\">Literatura (izbor)<\/h2>\t\t\t\t<\/div>\n\t\t<div class=\"elementor-element elementor-element-iw-eberesche-lit-bw e-con-full e-flex e-con e-child\" data-id=\"iw-eberesche-lit-bw\" data-element_type=\"container\" data-e-type=\"container\">\n\t\t<div class=\"elementor-element elementor-element-iwgs-eberesche-litbox e-con-full e-flex e-con e-parent\" data-id=\"iwgs-eberesche-litbox\" data-element_type=\"container\" data-e-type=\"container\">\n\t\t\t\t<div class=\"elementor-element elementor-element-iwgs-eberesche-litt elementor-widget elementor-widget-html\" data-id=\"iwgs-eberesche-litt\" data-element_type=\"widget\" data-e-type=\"widget\" data-widget_type=\"html.default\">\n\t\t\t\t\t<footer data-nosnippet=\"true\"><ul><li>Hanns B\u00e4chtold-St\u00e4ubli (ur.): <em>Handw\u00f6rterbuch des deutschen Aberglaubens<\/em> (1927-1942)<\/li><li>Heinrich Marzell: <em>W\u00f6rterbuch der deutschen Pflanzennamen<\/em> (1943-1979)<\/li><li>Adolf Wuttke: <em>Der deutsche Volksaberglaube der Gegenwart<\/em> (1869)<\/li><li>Wolf-Dieter Storl: <em>Pflanzen der Kelten<\/em> (2000)<\/li><li>Doris Laudert: <em>Mythos Baum. Geschichte, Brauchtum, 40 Baumportr\u00e4ts<\/em> (1998)<\/li><\/ul><\/footer>\t\t\t\t<\/div>\n\t\t\t\t<\/div>\n\t\t\t\t<\/div>\n\t\t\t\t\t<\/div>\n\t\t\t\t<\/div>\n\t\t<div class=\"elementor-element elementor-element-iwgs-eberesche-kwd e-flex e-con-boxed e-con e-parent\" data-id=\"iwgs-eberesche-kwd\" data-element_type=\"container\" data-e-type=\"container\">\n\t\t\t\t\t<div class=\"e-con-inner\">\n\t\t<div class=\"elementor-element elementor-element-iw-eberesche-kwd-bw e-con-full e-flex e-con e-child\" data-id=\"iw-eberesche-kwd-bw\" data-element_type=\"container\" data-e-type=\"container\">\n\t\t\t\t<div class=\"elementor-element elementor-element-iwgs-eberesche-kwdt elementor-widget elementor-widget-text-editor\" data-id=\"iwgs-eberesche-kwdt\" data-element_type=\"widget\" data-e-type=\"widget\" data-widget_type=\"text-editor.default\">\n\t\t\t\t\t\t\t\t\t<p><em>Srodni klju\u010dni pojmovi: jarebika Sorbus aucuparia za\u0161titno drvo drvo drude Rowan Valpurgina no\u0107 obrana od vje\u0161tica lete\u0107a jarebika za\u0161titno drvo za\u0161tita stoke za\u0161tita od munje.<\/em><\/p>\t\t\t\t\t\t\t\t<\/div>\n\t\t\t\t<\/div>\n\t\t\t\t\t<\/div>\n\t\t\t\t<\/div>\n\t\t<div class=\"elementor-element elementor-element-iwgs-eberesche-cc e-flex e-con-boxed e-con e-parent\" data-id=\"iwgs-eberesche-cc\" data-element_type=\"container\" data-e-type=\"container\" id=\"iwg-cc-eberesche\">\n\t\t\t\t\t<div class=\"e-con-inner\">\n\t\t<div class=\"elementor-element elementor-element-iwgs-eberesche-ccinner e-flex e-con-boxed e-con e-parent\" data-id=\"iwgs-eberesche-ccinner\" data-element_type=\"container\" data-e-type=\"container\" data-settings=\"{&quot;background_background&quot;:&quot;classic&quot;}\">\n\t\t\t\t\t<div class=\"e-con-inner\">\n\t\t\t\t<div class=\"elementor-element elementor-element-iwgs-eberesche-cch elementor-widget elementor-widget-heading\" data-id=\"iwgs-eberesche-cch\" data-element_type=\"widget\" data-e-type=\"widget\" data-widget_type=\"heading.default\">\n\t\t\t\t\t<h2 class=\"elementor-heading-title elementor-size-default\">iWell Guard i tradicije za\u0161tite<\/h2>\t\t\t\t<\/div>\n\t\t\t\t<div class=\"elementor-element elementor-element-iwgs-eberesche-cct elementor-widget elementor-widget-text-editor\" data-id=\"iwgs-eberesche-cct\" data-element_type=\"widget\" data-e-type=\"widget\" data-widget_type=\"text-editor.default\">\n\t\t\t\t\t\t\t\t\t<p>iWell Guard nastavlja kulturnopovijesnu liniju prenosivih za\u0161titnih predmeta, kojoj pripada i jarebika. Moderan pratitelj za ljude koji \u017eive sa za\u0161titnim simbolima: izra\u0111en u Njema\u010dkoj, 41 slojeva od pravog zlata, platine i srebra, s pravom povrata u roku od 30 dana.<\/p>\t\t\t\t\t\t\t\t<\/div>\n\t\t\t\t<div class=\"elementor-element elementor-element-iwgs-eberesche-ccb iwg-cc-button iwg-cc-cta-2026-05-13 elementor-widget elementor-widget-jet-button\" data-id=\"iwgs-eberesche-ccb\" data-element_type=\"widget\" data-e-type=\"widget\" data-widget_type=\"jet-button.default\">\n\t\t\t\t<div class=\"elementor-widget-container\">\n\t\t\t\t\t<div class=\"elementor-jet-button jet-elements\"><div class=\"jet-button__container\"><a class=\"jet-button__instance jet-button__instance--icon-left hover-effect-1\" href=\"\/schutzanhaenger-iwell-guard-kaufen\/?utm_source=iwell-guard.com&amp;utm_medium=info-box&amp;utm_campaign=schutzsymbole\"><div class=\"jet-button__plane jet-button__plane-normal\"><\/div><div class=\"jet-button__plane jet-button__plane-hover\"><\/div><div class=\"jet-button__state jet-button__state-normal\"><span class=\"jet-button__label\">Vi\u0161e o iWell Guardu<\/span><\/div><div class=\"jet-button__state jet-button__state-hover\"><span class=\"jet-button__label\">Vi\u0161e o iWell Guardu<\/span><\/div><\/a><\/div><\/div><style>.elementor-element.elementor-element-iwgs-eberesche-ccb .jet-button__instance{width:320px;height:56px;}.elementor-element.elementor-element-iwgs-eberesche-ccb .jet-button__state-normal .jet-button__label{text-align:center;margin:0px 0px 0px 0px;color:#1a1b20;font-family:Montserrat,sans-serif;font-size:13px;font-weight:400;letter-spacing:4px;line-height:1.714em;text-transform:uppercase;}.elementor-element.elementor-element-iwgs-eberesche-ccb .jet-button__state-hover .jet-button__label{text-align:center;margin:0px 0px 0px 0px;color:#FECC76;font-family:Montserrat,sans-serif;font-size:13px;font-weight:400;letter-spacing:4px;line-height:1.714em;text-transform:uppercase;}.elementor-element.elementor-element-iwgs-eberesche-ccb .jet-button__plane-normal{background-color:#FECC76;border-style:solid;border-color:#C99540;border-width:2px 2px 2px 2px;}.elementor-element.elementor-element-iwgs-eberesche-ccb .jet-button__plane-hover{background-color:rgba(0,0,0,0.55);border-style:solid;border-color:#FECC76;border-width:2px 2px 2px 2px;}<\/style>\t\t\t\t<\/div>\n\t\t\t\t<\/div>\n\t\t\t\t<div class=\"elementor-element elementor-element-iwgs-eberesche-ccd elementor-widget elementor-widget-text-editor\" data-id=\"iwgs-eberesche-ccd\" data-element_type=\"widget\" data-e-type=\"widget\" data-widget_type=\"text-editor.default\">\n\t\t\t\t\t\t\t\t\t<p style=\"text-align:center;font-size:13px;opacity:0.7;margin-top:14px\" data-nosnippet=\"true\">Osobna iskustva mogu se razlikovati. Nije medicinski proizvod. Nema obe\u0107anja izlje\u010denja.<\/p>\t\t\t\t\t\t\t\t<\/div>\n\t\t\t\t\t<\/div>\n\t\t\t\t<\/div>\n\t\t\t\t\t<\/div>\n\t\t\t\t<\/div>\n\t\t<div class=\"elementor-element elementor-element-iwgs-eberesche-disc e-flex e-con-boxed e-con e-parent\" data-id=\"iwgs-eberesche-disc\" data-element_type=\"container\" data-e-type=\"container\">\n\t\t\t\t\t<div class=\"e-con-inner\">\n\t\t<div class=\"elementor-element elementor-element-iw-eberesche-disc-bw e-con-full e-flex e-con e-child\" data-id=\"iw-eberesche-disc-bw\" data-element_type=\"container\" data-e-type=\"container\">\n\t\t\t\t<div class=\"elementor-element elementor-element-iwgs-eberesche-discw elementor-widget elementor-widget-html\" data-id=\"iwgs-eberesche-discw\" data-element_type=\"widget\" data-e-type=\"widget\" data-widget_type=\"html.default\">\n\t\t\t\t\t<footer data-nosnippet=\"true\" class=\"iwg-disclaimer-block\"><p data-nosnippet=\"true\">iWell Guard <strong>nije medicinski proizvod<\/strong> i ne zamjenjuje lije\u010dni\u010dko ili psihoterapijsko lije\u010denje. Sadr\u017eaji prikazani ovdje predstavljaju religiolo\u0161ku i kulturno-povijesnu interpretaciju, a ne obe\u0107anje duhovnog djelovanja.<\/p><\/footer>\t\t\t\t<\/div>\n\t\t\t\t<\/div>\n\t\t\t\t\t<\/div>\n\t\t\t\t<\/div>\n\t\t\t\t<\/div>\n\t\t","protected":false},"excerpt":{"rendered":"","protected":false},"author":3,"featured_media":3573,"parent":0,"menu_order":0,"comment_status":"closed","ping_status":"closed","template":"elementor_header_footer","meta":{"_yoast_wpseo_focuskw":"Jarebika","_yoast_wpseo_title":"Jarebika: za\u0161titno stablo europske narodne magije","_yoast_wpseo_metadesc":"Jarebika je smatrana za\u0161titnim stablom i za\u0161titnim drvom protiv vra\u010danja i grmljavine. Podrijetlo, obi\u010daji i narodoznanstveno tuma\u010denje za\u0161titnog stabla.","_yoast_wpseo_meta-robots-noindex":"","_yoast_wpseo_canonical":"","_angie_page":false,"gefaehrdungsstufe":"","wesen_kultur":"","wesen_klasse":"","footnotes":""},"categories":[],"class_list":["post-149981","page","type-page","status-publish","has-post-thumbnail","hentry"],"yoast_head":"<!-- This site is optimized with the Yoast SEO Premium plugin v27.7 (Yoast SEO v28.3) - https:\/\/yoast.com\/product\/yoast-seo-premium-wordpress\/ -->\n<title>Jarebika: za\u0161titno stablo europske narodne magije<\/title>\n<meta name=\"description\" content=\"Jarebika je smatrana za\u0161titnim stablom i za\u0161titnim drvom protiv vra\u010danja i grmljavine. Podrijetlo, obi\u010daji i narodoznanstveno tuma\u010denje za\u0161titnog stabla.\" \/>\n<meta name=\"robots\" content=\"index, follow, max-snippet:-1, max-image-preview:large, max-video-preview:-1\" \/>\n<link rel=\"canonical\" href=\"https:\/\/iwell-guard.com\/hr\/jarebika-zastitno-stablo-narodne-magije\/\" \/>\n<meta property=\"og:locale\" content=\"hr_HR\" \/>\n<meta property=\"og:type\" content=\"article\" \/>\n<meta property=\"og:title\" content=\"Jarebika \u2013 za\u0161titno stablo i za\u0161titno drvo narodne magije\" \/>\n<meta property=\"og:description\" content=\"Jarebika je smatrana za\u0161titnim stablom i za\u0161titnim drvom protiv vra\u010danja i grmljavine. Podrijetlo, obi\u010daji i narodoznanstveno tuma\u010denje za\u0161titnog stabla.\" \/>\n<meta property=\"og:url\" content=\"https:\/\/iwell-guard.com\/hr\/jarebika-zastitno-stablo-narodne-magije\/\" \/>\n<meta property=\"og:site_name\" content=\"iWell Guard\" \/>\n<meta property=\"article:modified_time\" content=\"2026-09-04T05:36:58+00:00\" \/>\n<meta property=\"og:image\" content=\"https:\/\/iwell-guard.com\/wp-content\/uploads\/2026\/05\/schutzsymbol_volksmagie_eberesche.webp\" \/>\n\t<meta property=\"og:image:width\" content=\"1024\" \/>\n\t<meta property=\"og:image:height\" content=\"1536\" \/>\n\t<meta property=\"og:image:type\" content=\"image\/webp\" \/>\n<meta name=\"twitter:card\" content=\"summary_large_image\" \/>\n<script type=\"application\/ld+json\" class=\"yoast-schema-graph\">{\"@context\":\"https:\\\/\\\/schema.org\",\"@graph\":[{\"@type\":\"WebPage\",\"@id\":\"https:\\\/\\\/iwell-guard.com\\\/hr\\\/jarebika-zastitno-stablo-narodne-magije\\\/\",\"url\":\"https:\\\/\\\/iwell-guard.com\\\/hr\\\/jarebika-zastitno-stablo-narodne-magije\\\/\",\"name\":\"Jarebika: za\u0161titno stablo europske narodne magije\",\"isPartOf\":{\"@id\":\"https:\\\/\\\/iwell-guard.com\\\/hr\\\/#website\"},\"primaryImageOfPage\":{\"@id\":\"https:\\\/\\\/iwell-guard.com\\\/hr\\\/jarebika-zastitno-stablo-narodne-magije\\\/#primaryimage\"},\"image\":{\"@id\":\"https:\\\/\\\/iwell-guard.com\\\/hr\\\/jarebika-zastitno-stablo-narodne-magije\\\/#primaryimage\"},\"thumbnailUrl\":\"https:\\\/\\\/iwell-guard.com\\\/wp-content\\\/uploads\\\/2026\\\/05\\\/schutzsymbol_volksmagie_eberesche.webp\",\"datePublished\":\"2026-09-04T05:15:07+00:00\",\"dateModified\":\"2026-09-04T05:36:58+00:00\",\"description\":\"Jarebika je smatrana za\u0161titnim stablom i za\u0161titnim drvom protiv vra\u010danja i grmljavine. Podrijetlo, obi\u010daji i narodoznanstveno tuma\u010denje za\u0161titnog stabla.\",\"breadcrumb\":{\"@id\":\"https:\\\/\\\/iwell-guard.com\\\/hr\\\/jarebika-zastitno-stablo-narodne-magije\\\/#breadcrumb\"},\"inLanguage\":\"hr\",\"potentialAction\":[{\"@type\":\"ReadAction\",\"target\":[\"https:\\\/\\\/iwell-guard.com\\\/hr\\\/jarebika-zastitno-stablo-narodne-magije\\\/\"]}]},{\"@type\":\"ImageObject\",\"inLanguage\":\"hr\",\"@id\":\"https:\\\/\\\/iwell-guard.com\\\/hr\\\/jarebika-zastitno-stablo-narodne-magije\\\/#primaryimage\",\"url\":\"https:\\\/\\\/iwell-guard.com\\\/wp-content\\\/uploads\\\/2026\\\/05\\\/schutzsymbol_volksmagie_eberesche.webp\",\"contentUrl\":\"https:\\\/\\\/iwell-guard.com\\\/wp-content\\\/uploads\\\/2026\\\/05\\\/schutzsymbol_volksmagie_eberesche.webp\",\"width\":1024,\"height\":1536,\"caption\":\"Za\u0161titni simbol. Muzejska ilustracija u stilu mrtve prirode.\"},{\"@type\":\"BreadcrumbList\",\"@id\":\"https:\\\/\\\/iwell-guard.com\\\/hr\\\/jarebika-zastitno-stablo-narodne-magije\\\/#breadcrumb\",\"itemListElement\":[{\"@type\":\"ListItem\",\"position\":1,\"name\":\"Start\",\"item\":\"https:\\\/\\\/iwell-guard.com\\\/hr\\\/?page_id=149317\"},{\"@type\":\"ListItem\",\"position\":2,\"name\":\"Jarebika \u2013 za\u0161titno stablo i za\u0161titno drvo narodne magije\"}]},{\"@type\":\"WebSite\",\"@id\":\"https:\\\/\\\/iwell-guard.com\\\/hr\\\/#website\",\"url\":\"https:\\\/\\\/iwell-guard.com\\\/hr\\\/\",\"name\":\"iWell Guard\",\"description\":\"Schutz vor dunklen Einfl\u00fcssen\",\"publisher\":{\"@id\":\"https:\\\/\\\/iwell-guard.com\\\/hr\\\/#organization\"},\"potentialAction\":[{\"@type\":\"SearchAction\",\"target\":{\"@type\":\"EntryPoint\",\"urlTemplate\":\"https:\\\/\\\/iwell-guard.com\\\/hr\\\/?s={search_term_string}\"},\"query-input\":{\"@type\":\"PropertyValueSpecification\",\"valueRequired\":true,\"valueName\":\"search_term_string\"}}],\"inLanguage\":\"hr\"},{\"@type\":\"Organization\",\"@id\":\"https:\\\/\\\/iwell-guard.com\\\/hr\\\/#organization\",\"name\":\"Ittermann electronic GmbH\",\"url\":\"https:\\\/\\\/iwell-guard.com\\\/hr\\\/\",\"logo\":{\"@type\":\"ImageObject\",\"inLanguage\":\"hr\",\"@id\":\"https:\\\/\\\/iwell-guard.com\\\/hr\\\/#\\\/schema\\\/logo\\\/image\\\/\",\"url\":\"https:\\\/\\\/iwell-guard.com\\\/wp-content\\\/uploads\\\/2026\\\/05\\\/Ittermann-Logo-1182x237-1.png\",\"contentUrl\":\"https:\\\/\\\/iwell-guard.com\\\/wp-content\\\/uploads\\\/2026\\\/05\\\/Ittermann-Logo-1182x237-1.png\",\"width\":1182,\"height\":237,\"caption\":\"Ittermann electronic GmbH\"},\"image\":{\"@id\":\"https:\\\/\\\/iwell-guard.com\\\/hr\\\/#\\\/schema\\\/logo\\\/image\\\/\"},\"sameAs\":[\"https:\\\/\\\/pantip.com\\\/profile\\\/9367242\",\"https:\\\/\\\/micro.blog\\\/iwellguard\",\"https:\\\/\\\/www.diggerslist.com\\\/iwellguard\\\/about\",\"https:\\\/\\\/skitterphoto.com\\\/photographers\\\/2870314\\\/iwell-guard\",\"https:\\\/\\\/iwellguard.wordpress.com\\\/2026\\\/06\\\/06\\\/iwell-guard\\\/\",\"https:\\\/\\\/hub.docker.com\\\/u\\\/iwellguard\",\"https:\\\/\\\/www.pinterest.com\\\/iwellguard\\\/\",\"https:\\\/\\\/bit.ly\\\/m\\\/iwellguard\",\"https:\\\/\\\/entre-vos-mains.alsace.eu\\\/profiles\\\/iwellguard\\\/activity\",\"https:\\\/\\\/gravatar.com\\\/reallybeded8fd34\",\"https:\\\/\\\/naijamatta.com\\\/iwellguard\",\"https:\\\/\\\/www.goodreads.com\\\/iwellguard\",\"https:\\\/\\\/profile.hatena.ne.jp\\\/iwellguard\\\/\",\"https:\\\/\\\/experiment.com\\\/users\\\/iwellguard\",\"https:\\\/\\\/wakelet.com\\\/@iWellGuard82270\",\"https:\\\/\\\/www.chordie.com\\\/forum\\\/profile.php?id=2555664\",\"https:\\\/\\\/www.instapaper.com\\\/p\\\/17757966\",\"https:\\\/\\\/www.mapleprimes.com\\\/users\\\/iwellguard\",\"https:\\\/\\\/businesslistingplus.com\\\/profile\\\/iwell-guard\\\/\",\"https:\\\/\\\/telegra.ph\\\/iWell-Guard-06-06\",\"https:\\\/\\\/pbase.com\\\/iwellguard\\\/iwellguard\",\"https:\\\/\\\/b.hatena.ne.jp\\\/iwellguard\\\/20260607#bookmark-4788405196491818882\",\"https:\\\/\\\/fliphtml5.com\\\/home\\\/iwellguard\",\"https:\\\/\\\/anyflip.com\\\/homepage\\\/cmiwl#About\",\"https:\\\/\\\/transfur.com\\\/Users\\\/iwellguard\",\"http:\\\/\\\/delphi.larsbo.org\\\/user\\\/iwellguard\",\"https:\\\/\\\/jobs.lajobsportal.org\\\/profiles\\\/8380803-iwell-guard\",\"https:\\\/\\\/md.chaosdorf.de\\\/s\\\/jfbe5SBdJD\",\"https:\\\/\\\/www.lingvolive.com\\\/en-us\\\/profile\\\/9ecaeaca-ce11-4e51-9e71-01d55e2bff36\\\/translations\",\"https:\\\/\\\/www.fitday.com\\\/fitness\\\/forums\\\/members\\\/iwellguard.html\",\"https:\\\/\\\/www.mymeetbook.com\\\/iwellguard\",\"https:\\\/\\\/pxhere.com\\\/en\\\/photographer-me\\\/5040798\",\"https:\\\/\\\/disqus.com\\\/by\\\/iwellguard\\\/about\\\/\",\"https:\\\/\\\/pastelink.net\\\/hjwciqwq\",\"https:\\\/\\\/pubhtml5.com\\\/homepage\\\/scjhn\\\/\",\"https:\\\/\\\/www.bitchute.com\\\/channel\\\/2O2eOKzNqujT\",\"https:\\\/\\\/audiomack.com\\\/iwellguard\"]}]}<\/script>\n<!-- \/ Yoast SEO Premium plugin. -->","yoast_head_json":{"title":"Jarebika: za\u0161titno stablo europske narodne magije","description":"Jarebika je smatrana za\u0161titnim stablom i za\u0161titnim drvom protiv vra\u010danja i grmljavine. Podrijetlo, obi\u010daji i narodoznanstveno tuma\u010denje za\u0161titnog stabla.","robots":{"index":"index","follow":"follow","max-snippet":"max-snippet:-1","max-image-preview":"max-image-preview:large","max-video-preview":"max-video-preview:-1"},"canonical":"https:\/\/iwell-guard.com\/hr\/jarebika-zastitno-stablo-narodne-magije\/","og_locale":"hr_HR","og_type":"article","og_title":"Jarebika \u2013 za\u0161titno stablo i za\u0161titno drvo narodne magije","og_description":"Jarebika je smatrana za\u0161titnim stablom i za\u0161titnim drvom protiv vra\u010danja i grmljavine. Podrijetlo, obi\u010daji i narodoznanstveno tuma\u010denje za\u0161titnog stabla.","og_url":"https:\/\/iwell-guard.com\/hr\/jarebika-zastitno-stablo-narodne-magije\/","og_site_name":"iWell Guard","article_modified_time":"2026-09-04T05:36:58+00:00","og_image":[{"width":1024,"height":1536,"url":"https:\/\/iwell-guard.com\/wp-content\/uploads\/2026\/05\/schutzsymbol_volksmagie_eberesche.webp","type":"image\/webp"}],"twitter_card":"summary_large_image","schema":{"@context":"https:\/\/schema.org","@graph":[{"@type":"WebPage","@id":"https:\/\/iwell-guard.com\/hr\/jarebika-zastitno-stablo-narodne-magije\/","url":"https:\/\/iwell-guard.com\/hr\/jarebika-zastitno-stablo-narodne-magije\/","name":"Jarebika: za\u0161titno stablo europske narodne magije","isPartOf":{"@id":"https:\/\/iwell-guard.com\/hr\/#website"},"primaryImageOfPage":{"@id":"https:\/\/iwell-guard.com\/hr\/jarebika-zastitno-stablo-narodne-magije\/#primaryimage"},"image":{"@id":"https:\/\/iwell-guard.com\/hr\/jarebika-zastitno-stablo-narodne-magije\/#primaryimage"},"thumbnailUrl":"https:\/\/iwell-guard.com\/wp-content\/uploads\/2026\/05\/schutzsymbol_volksmagie_eberesche.webp","datePublished":"2026-09-04T05:15:07+00:00","dateModified":"2026-09-04T05:36:58+00:00","description":"Jarebika je smatrana za\u0161titnim stablom i za\u0161titnim drvom protiv vra\u010danja i grmljavine. Podrijetlo, obi\u010daji i narodoznanstveno tuma\u010denje za\u0161titnog stabla.","breadcrumb":{"@id":"https:\/\/iwell-guard.com\/hr\/jarebika-zastitno-stablo-narodne-magije\/#breadcrumb"},"inLanguage":"hr","potentialAction":[{"@type":"ReadAction","target":["https:\/\/iwell-guard.com\/hr\/jarebika-zastitno-stablo-narodne-magije\/"]}]},{"@type":"ImageObject","inLanguage":"hr","@id":"https:\/\/iwell-guard.com\/hr\/jarebika-zastitno-stablo-narodne-magije\/#primaryimage","url":"https:\/\/iwell-guard.com\/wp-content\/uploads\/2026\/05\/schutzsymbol_volksmagie_eberesche.webp","contentUrl":"https:\/\/iwell-guard.com\/wp-content\/uploads\/2026\/05\/schutzsymbol_volksmagie_eberesche.webp","width":1024,"height":1536,"caption":"Za\u0161titni simbol. Muzejska ilustracija u stilu mrtve prirode."},{"@type":"BreadcrumbList","@id":"https:\/\/iwell-guard.com\/hr\/jarebika-zastitno-stablo-narodne-magije\/#breadcrumb","itemListElement":[{"@type":"ListItem","position":1,"name":"Start","item":"https:\/\/iwell-guard.com\/hr\/?page_id=149317"},{"@type":"ListItem","position":2,"name":"Jarebika \u2013 za\u0161titno stablo i za\u0161titno drvo narodne magije"}]},{"@type":"WebSite","@id":"https:\/\/iwell-guard.com\/hr\/#website","url":"https:\/\/iwell-guard.com\/hr\/","name":"iWell Guard","description":"Schutz vor dunklen Einfl\u00fcssen","publisher":{"@id":"https:\/\/iwell-guard.com\/hr\/#organization"},"potentialAction":[{"@type":"SearchAction","target":{"@type":"EntryPoint","urlTemplate":"https:\/\/iwell-guard.com\/hr\/?s={search_term_string}"},"query-input":{"@type":"PropertyValueSpecification","valueRequired":true,"valueName":"search_term_string"}}],"inLanguage":"hr"},{"@type":"Organization","@id":"https:\/\/iwell-guard.com\/hr\/#organization","name":"Ittermann electronic GmbH","url":"https:\/\/iwell-guard.com\/hr\/","logo":{"@type":"ImageObject","inLanguage":"hr","@id":"https:\/\/iwell-guard.com\/hr\/#\/schema\/logo\/image\/","url":"https:\/\/iwell-guard.com\/wp-content\/uploads\/2026\/05\/Ittermann-Logo-1182x237-1.png","contentUrl":"https:\/\/iwell-guard.com\/wp-content\/uploads\/2026\/05\/Ittermann-Logo-1182x237-1.png","width":1182,"height":237,"caption":"Ittermann electronic GmbH"},"image":{"@id":"https:\/\/iwell-guard.com\/hr\/#\/schema\/logo\/image\/"},"sameAs":["https:\/\/pantip.com\/profile\/9367242","https:\/\/micro.blog\/iwellguard","https:\/\/www.diggerslist.com\/iwellguard\/about","https:\/\/skitterphoto.com\/photographers\/2870314\/iwell-guard","https:\/\/iwellguard.wordpress.com\/2026\/06\/06\/iwell-guard\/","https:\/\/hub.docker.com\/u\/iwellguard","https:\/\/www.pinterest.com\/iwellguard\/","https:\/\/bit.ly\/m\/iwellguard","https:\/\/entre-vos-mains.alsace.eu\/profiles\/iwellguard\/activity","https:\/\/gravatar.com\/reallybeded8fd34","https:\/\/naijamatta.com\/iwellguard","https:\/\/www.goodreads.com\/iwellguard","https:\/\/profile.hatena.ne.jp\/iwellguard\/","https:\/\/experiment.com\/users\/iwellguard","https:\/\/wakelet.com\/@iWellGuard82270","https:\/\/www.chordie.com\/forum\/profile.php?id=2555664","https:\/\/www.instapaper.com\/p\/17757966","https:\/\/www.mapleprimes.com\/users\/iwellguard","https:\/\/businesslistingplus.com\/profile\/iwell-guard\/","https:\/\/telegra.ph\/iWell-Guard-06-06","https:\/\/pbase.com\/iwellguard\/iwellguard","https:\/\/b.hatena.ne.jp\/iwellguard\/20260607#bookmark-4788405196491818882","https:\/\/fliphtml5.com\/home\/iwellguard","https:\/\/anyflip.com\/homepage\/cmiwl#About","https:\/\/transfur.com\/Users\/iwellguard","http:\/\/delphi.larsbo.org\/user\/iwellguard","https:\/\/jobs.lajobsportal.org\/profiles\/8380803-iwell-guard","https:\/\/md.chaosdorf.de\/s\/jfbe5SBdJD","https:\/\/www.lingvolive.com\/en-us\/profile\/9ecaeaca-ce11-4e51-9e71-01d55e2bff36\/translations","https:\/\/www.fitday.com\/fitness\/forums\/members\/iwellguard.html","https:\/\/www.mymeetbook.com\/iwellguard","https:\/\/pxhere.com\/en\/photographer-me\/5040798","https:\/\/disqus.com\/by\/iwellguard\/about\/","https:\/\/pastelink.net\/hjwciqwq","https:\/\/pubhtml5.com\/homepage\/scjhn\/","https:\/\/www.bitchute.com\/channel\/2O2eOKzNqujT","https:\/\/audiomack.com\/iwellguard"]}]}},"_links":{"self":[{"href":"https:\/\/iwell-guard.com\/hr\/wp-json\/wp\/v2\/pages\/149981","targetHints":{"allow":["GET"]}}],"collection":[{"href":"https:\/\/iwell-guard.com\/hr\/wp-json\/wp\/v2\/pages"}],"about":[{"href":"https:\/\/iwell-guard.com\/hr\/wp-json\/wp\/v2\/types\/page"}],"author":[{"embeddable":true,"href":"https:\/\/iwell-guard.com\/hr\/wp-json\/wp\/v2\/users\/3"}],"replies":[{"embeddable":true,"href":"https:\/\/iwell-guard.com\/hr\/wp-json\/wp\/v2\/comments?post=149981"}],"version-history":[{"count":0,"href":"https:\/\/iwell-guard.com\/hr\/wp-json\/wp\/v2\/pages\/149981\/revisions"}],"wp:featuredmedia":[{"embeddable":true,"href":"https:\/\/iwell-guard.com\/hr\/wp-json\/wp\/v2\/media\/3573"}],"wp:attachment":[{"href":"https:\/\/iwell-guard.com\/hr\/wp-json\/wp\/v2\/media?parent=149981"}],"wp:term":[{"taxonomy":"category","embeddable":true,"href":"https:\/\/iwell-guard.com\/hr\/wp-json\/wp\/v2\/categories?post=149981"}],"curies":[{"name":"wp","href":"https:\/\/api.w.org\/{rel}","templated":true}]}}