{"id":149973,"date":"2026-09-04T05:15:03","date_gmt":"2026-09-04T05:15:03","guid":{"rendered":"https:\/\/iwell-guard.com\/?page_id=149973"},"modified":"2026-09-04T05:36:45","modified_gmt":"2026-09-04T05:36:45","slug":"amuletni-pojas-inuita-zastita-iz-arktika","status":"publish","type":"page","link":"https:\/\/iwell-guard.com\/hr\/amuletni-pojas-inuita-zastita-iz-arktika\/","title":{"rendered":"Amuletni pojas Inuita: za\u0161tita iz Arktika"},"content":{"rendered":"\t\t<div data-elementor-type=\"wp-page\" data-elementor-id=\"149973\" class=\"elementor elementor-149973 elementor-3729 elementor-bc-flex-widget\" data-elementor-post-type=\"page\">\n\t\t\t\t<div class=\"elementor-element elementor-element-iwgs-inuitamulett-hero e-flex e-con-boxed e-con e-parent\" data-id=\"iwgs-inuitamulett-hero\" data-element_type=\"container\" data-e-type=\"container\">\n\t\t\t\t\t<div class=\"e-con-inner\">\n\t\t<div class=\"elementor-element elementor-element-iwgs-inuitamulett-hl e-flex e-con-boxed e-con e-parent\" data-id=\"iwgs-inuitamulett-hl\" data-element_type=\"container\" data-e-type=\"container\">\n\t\t\t\t\t<div class=\"e-con-inner\">\n\t\t<div class=\"elementor-element elementor-element-iwgs-inuitamulett-hlbox e-con-full e-flex e-con e-parent\" data-id=\"iwgs-inuitamulett-hlbox\" data-element_type=\"container\" data-e-type=\"container\">\n\t\t\t\t<div class=\"elementor-element elementor-element-iwgs-inuitamulett-h1 elementor-widget elementor-widget-heading\" data-id=\"iwgs-inuitamulett-h1\" data-element_type=\"widget\" data-e-type=\"widget\" data-widget_type=\"heading.default\">\n\t\t\t\t\t<h1 class=\"elementor-heading-title elementor-size-default\">Amuletni pojas Inuita: no\u0161ena za\u0161tita s pri\u0161ivenim amuletima<\/h1>\t\t\t\t<\/div>\n\t\t\t\t<div class=\"elementor-element elementor-element-iwgs-inuitamulett-lead elementor-widget elementor-widget-text-editor\" data-id=\"iwgs-inuitamulett-lead\" data-element_type=\"widget\" data-e-type=\"widget\" data-widget_type=\"text-editor.default\">\n\t\t\t\t\t\t\t\t\t<p>Amuletni pojas je odjevni predmet zabilje\u017een u Arktiku kod raznih inuitskih skupina, na koji je pri\u010dvr\u0161\u0107eno mnogo malih za\u0161titnih amuleta. Na ko\u017enom remenu ili pojasu nizali su se ili pri\u0161ivali predmeti od kosti, zuba, drveta, tkanine ili dijelova \u017eivotinja.<\/p><p>Svaki od tih amuleta imao je vlastito zna\u010denje i trebao je svojem nositelju pru\u017eiti pomo\u0107. S religiologijskog gledi\u0161ta amuletni pojas primjer je toga kako se mnogo pojedina\u010dnih za\u0161titnih predmeta spaja u jednu no\u0161enu cjelinu. Ovaj tekst opisuje njegovo podrijetlo, oblik i zna\u010denje iz vanjske perspektive, bez obe\u0107anja djelovanja.<\/p>\n<p class=\"iwg-kwfix\">Amuletni pojas Inuita opremljen je brojnim pri\u0161ivenim za\u0161titnim figurama.<\/p>\t\t\t\t\t\t\t\t<\/div>\n\t\t\t\t<\/div>\n\t\t\t\t<div class=\"elementor-element elementor-element-iwgs-inuitamulett-pills elementor-widget elementor-widget-html\" data-id=\"iwgs-inuitamulett-pills\" data-element_type=\"widget\" data-e-type=\"widget\" data-widget_type=\"html.default\">\n\t\t\t\t\t<div class=\"iwg-pill-row\"><span class=\"iwg-klasse-badge\" tabindex=\"0\" data-tooltip=\"Za\u0161titni simbol, amulet ili apotropejski predmet.\">Za\u0161titni simbol<\/span><a href=\"https:\/\/iwell-guard.com\/hr\/inuiti-arktik-sedna-tornit-zastita\/\" class=\"iwg-kultur-badge\" tabindex=\"0\" data-tooltip=\"Za\u0161titna tradicija: Inuiti\">Inuiti<\/a><span class=\"iwg-tradition-badge\" tabindex=\"0\" data-tooltip=\"Za\u0161titni predmet koji se nosi na tijelu.\">No\u0161eni amulet<\/span><\/div>\t\t\t\t<\/div>\n\t\t\t\t\t<\/div>\n\t\t\t\t<\/div>\n\t\t<div class=\"elementor-element elementor-element-iwgs-inuitamulett-hr e-con-full e-flex e-con e-parent\" data-id=\"iwgs-inuitamulett-hr\" data-element_type=\"container\" data-e-type=\"container\">\n\t\t\t\t<div class=\"elementor-element elementor-element-iwgs-inuitamulett-himg iwg-hero-image elementor-widget elementor-widget-image\" data-id=\"iwgs-inuitamulett-himg\" data-element_type=\"widget\" data-e-type=\"widget\" data-widget_type=\"image.default\">\n\t\t\t\t\t\t\t\t\t\t\t\t\t\t\t<img fetchpriority=\"high\" decoding=\"async\" width=\"683\" height=\"1024\" src=\"https:\/\/iwell-guard.com\/wp-content\/uploads\/2026\/05\/schutzsymbol_inuit_amulettguertel-683x1024.webp\" class=\"attachment-large size-large wp-image-151225\" alt=\"Amuletni pojas - za\u0161titni simbol, muzejska ilustracija\" srcset=\"https:\/\/iwell-guard.com\/wp-content\/uploads\/2026\/05\/schutzsymbol_inuit_amulettguertel-683x1024.webp 683w, https:\/\/iwell-guard.com\/wp-content\/uploads\/2026\/05\/schutzsymbol_inuit_amulettguertel-200x300.webp 200w, https:\/\/iwell-guard.com\/wp-content\/uploads\/2026\/05\/schutzsymbol_inuit_amulettguertel-768x1152.webp 768w, https:\/\/iwell-guard.com\/wp-content\/uploads\/2026\/05\/schutzsymbol_inuit_amulettguertel.webp 1024w\" sizes=\"(max-width: 683px) 100vw, 683px\" \/>\t\t\t\t\t\t\t\t\t\t\t\t\t\t\t<\/div>\n\t\t\t\t<\/div>\n\t\t\t\t\t<\/div>\n\t\t\t\t<\/div>\n\t\t<div class=\"elementor-element elementor-element-iwgs-inuitamulett-s0 e-flex e-con-boxed e-con e-parent\" data-id=\"iwgs-inuitamulett-s0\" data-element_type=\"container\" data-e-type=\"container\">\n\t\t\t\t\t<div class=\"e-con-inner\">\n\t\t\t\t<div class=\"elementor-element elementor-element-iwgs-inuitamulett-s0h elementor-widget elementor-widget-heading\" data-id=\"iwgs-inuitamulett-s0h\" data-element_type=\"widget\" data-e-type=\"widget\" data-widget_type=\"heading.default\">\n\t\t\t\t\t<h2 class=\"elementor-heading-title elementor-size-default\">Kontekst amuletnog pojasa<\/h2>\t\t\t\t<\/div>\n\t\t<div class=\"elementor-element elementor-element-iwgs-inuitamulett-s0box e-con-full e-flex e-con e-parent\" data-id=\"iwgs-inuitamulett-s0box\" data-element_type=\"container\" data-e-type=\"container\">\n\t\t\t\t<div class=\"elementor-element elementor-element-iwgs-inuitamulett-s0t elementor-widget elementor-widget-text-editor\" data-id=\"iwgs-inuitamulett-s0t\" data-element_type=\"widget\" data-e-type=\"widget\" data-widget_type=\"text-editor.default\">\n\t\t\t\t\t\t\t\t\t<p>Amuletni pojas je odjevni predmet ili dodatak na koji je pri\u010dvr\u0161\u0107eno vi\u0161e, ponekad mnogo, malih amuleta. Koristio se kod raznih inuitskih skupina u sjevernoameri\u010dkom Arktiku i na Grenlandu.<\/p><p>Inuiti su autohtoni narodi Arktika, \u010dije se naseljeno podru\u010dje prote\u017ee od Sibira preko Aljaske i sjeverne Kanade do Grenlanda. U starijoj literaturi za njih se koristi i naziv Eskimi, koji se danas \u010desto izbjegava.<\/p><p>Amuletni pojas povezuje princip pojedina\u010dnog amuleta s principom no\u0161enog ansambla. Umjesto jednog jedinog za\u0161titnog predmeta osoba na sebi nosi mnogo predmeta, od kojih svaki ima svoje zna\u010denje.<\/p><p>Pojedina\u010dni amuleti izra\u0111eni su od raznih materijala, \u010desto od dijelova \u017eivotinja, od kosti, zuba ili drveta, od komadi\u0107a tkanine ili malih predmeta. Svaki <span class=\"iwg-fachbegriff\" data-tooltip=\"No\u0161eni predmet kojemu se pripisuje za\u0161titno, zlo odvra\u0107aju\u0107e djelovanje.\" tabindex=\"0\">amulet<\/span> povezan je s odre\u0111enim zna\u010denjem.<\/p><p>Religiologijski amuletni pojas pripada \u0161irem kontekstu <a href=\"https:\/\/iwell-guard.com\/hr\/zastitni-simboli\/\">za\u0161titnih simbola<\/a> i no\u0161enih amuleta. \u010clanak o <a href=\"https:\/\/iwell-guard.com\/hr\/?page_id=149870\">amuletu i talismanu<\/a> obja\u0161njava pripadaju\u0107e pojmove.<\/p><p>Za razliku od pojedina\u010dnog <span class=\"iwg-fachbegriff\" data-tooltip=\"No\u0161eni predmet kojemu se pripisuje za\u0161titno, zlo odvra\u0107aju\u0107e djelovanje.\" tabindex=\"0\">amuleta<\/span>, koji osoba nosi oko vrata, amuletni pojas ujedinjuje mnoge za\u0161titne predmete na jednoj nosivoj vrpci. Ovo objedinjavanje njegova je prepoznatljiva zna\u010dajka i razlikuje ga od slobodne zbirke pojedina\u010dnih komada.<\/p><p>Za objektivan prikaz va\u017eno je napomenuti da amuletni pojas nije jedinstven, \u010dvrsto utvr\u0111en predmet. Njegov oblik, njegovi amuleti i njihovo zna\u010denje razlikovali su se regionalno i ovisili o pojedinoj osobi.<\/p>\t\t\t\t\t\t\t\t<\/div>\n\t\t\t\t<\/div>\n\t\t\t\t\t<\/div>\n\t\t\t\t<\/div>\n\t\t<div class=\"elementor-element elementor-element-iwgs-inuitamulett-s1 e-flex e-con-boxed e-con e-parent\" data-id=\"iwgs-inuitamulett-s1\" data-element_type=\"container\" data-e-type=\"container\">\n\t\t\t\t\t<div class=\"e-con-inner\">\n\t\t\t\t<div class=\"elementor-element elementor-element-iwgs-inuitamulett-s1h elementor-widget elementor-widget-heading\" data-id=\"iwgs-inuitamulett-s1h\" data-element_type=\"widget\" data-e-type=\"widget\" data-widget_type=\"heading.default\">\n\t\t\t\t\t<h2 class=\"elementor-heading-title elementor-size-default\">Podrijetlo i povijest<\/h2>\t\t\t\t<\/div>\n\t\t<div class=\"elementor-element elementor-element-iwgs-inuitamulett-s1box e-con-full e-flex e-con e-parent\" data-id=\"iwgs-inuitamulett-s1box\" data-element_type=\"container\" data-e-type=\"container\">\n\t\t\t\t<div class=\"elementor-element elementor-element-iwgs-inuitamulett-s1t elementor-widget elementor-widget-text-editor\" data-id=\"iwgs-inuitamulett-s1t\" data-element_type=\"widget\" data-e-type=\"widget\" data-widget_type=\"text-editor.default\">\n\t\t\t\t\t\t\t\t\t<p>Religija Inuita prije kr\u0161\u0107anske misije bila je obilje\u017eena predod\u017ebom o o\u017eivljenom svijetu, u kojem su \u017eivotinje, prirodne sile i duhovi imali udio u \u017eivotu ljudi. Amuleti su bili dio tog svijeta.<\/p><p>Koliko je stara upotreba amuleta i amuletnih pojasa ne mo\u017ee se to\u010dno utvrditi. Arheolo\u0161ki nalazi malih izrezbarenih predmeta i etnografski izvje\u0161taji iz 19. i po\u010detka 20. stolje\u0107a svjedo\u010de, me\u0111utim, o dugoj tradiciji.<\/p><p>Va\u017eni izvori su zapisi istra\u017eiva\u010dkih putnika i etnologa koji su krajem 19. i u 20. stolje\u0107u djelovali u Arktiku. Oni su dokumentirali amulete, njihovo zna\u010denje i njihovo pri\u010dvr\u0161\u0107ivanje na odje\u0107u i pojaseve.<\/p><p>Posebno je opse\u017eno o religiji Inuita izvijestila Peta Thule ekspedicija pod vodstvom Knuda Rasmussena. Njihovi zapisi iz 1920-ih godina ubrajaju se me\u0111u najva\u017enije izvore o amuletima i njihovoj upotrebi.<\/p><p>Uz Knuda Rasmussena, religiju Inuita dokumentirali su i drugi etnolozi, me\u0111u njima istra\u017eiva\u010di koji su djelovali kod Iglulika i Netsilika. Njihovi zapisi pokazuju da je upotreba amuleta bila regionalno vrlo razli\u010dito izra\u017eena. Jedinstven opis amuletnog pojasa ne bi odgovarao toj raznolikosti.<\/p><p>S kr\u0161\u0107anskom misijom i dubokim promjenama 20. stolje\u0107a otvorena upotreba amuleta po\u010dela je opadati. Mnogo znanja o njihovu zna\u010denju preno\u0161eno je samo djelomi\u010dno.<\/p><p>Danas se mnogi amuletni pojasevi i pojedina\u010dni amuleti nalaze u muzejima u Sjevernoj Americi i Europi. Oni su svjedo\u010danstva jedne religije \u010dije je otvoreno prakticiranje prekinuto misijom.<\/p>\t\t\t\t\t\t\t\t<\/div>\n\t\t\t\t<\/div>\n\t\t\t\t\t<\/div>\n\t\t\t\t<\/div>\n\t\t<div class=\"elementor-element elementor-element-iwgs-inuitamulett-s2 e-flex e-con-boxed e-con e-parent\" data-id=\"iwgs-inuitamulett-s2\" data-element_type=\"container\" data-e-type=\"container\">\n\t\t\t\t\t<div class=\"e-con-inner\">\n\t\t\t\t<div class=\"elementor-element elementor-element-iwgs-inuitamulett-s2h elementor-widget elementor-widget-heading\" data-id=\"iwgs-inuitamulett-s2h\" data-element_type=\"widget\" data-e-type=\"widget\" data-widget_type=\"heading.default\">\n\t\t\t\t\t<h2 class=\"elementor-heading-title elementor-size-default\">Oblik, materijal i izrada<\/h2>\t\t\t\t<\/div>\n\t\t<div class=\"elementor-element elementor-element-iwgs-inuitamulett-s2box e-con-full e-flex e-con e-parent\" data-id=\"iwgs-inuitamulett-s2box\" data-element_type=\"container\" data-e-type=\"container\">\n\t\t\t\t<div class=\"elementor-element elementor-element-iwgs-inuitamulett-s2t elementor-widget elementor-widget-text-editor\" data-id=\"iwgs-inuitamulett-s2t\" data-element_type=\"widget\" data-e-type=\"widget\" data-widget_type=\"text-editor.default\">\n\t\t\t\t\t\t\t\t\t<p>Amuletni pojas u svojoj sr\u017ei \u010dini nosivi remen, \u010desto od ko\u017ee, na koji su pri\u010dvr\u0161\u0107eni amuleti. Osim toga, amuleti su se mogli i izravno \u0161ivati na odje\u0107u, primjerice na unutarnju stranu odjevnog predmeta.<\/p><p>Pojedina\u010dni amuleti su mali i izra\u0111eni od razli\u010ditih materijala. Spominju se dijelovi \u017eivotinja, poput zubi, kand\u017ei, kljunova ili malih kostiju, nadalje izrezbarene figure od kosti ili drveta te mali predmeti iz svakodnevnog \u017eivota.<\/p><p>I komadi tkanine, perle te predmeti uvedeni nakon europskog kontakta mogli su slu\u017eiti kao amuleti. Izbor je bio otvoren i ovisio je o zna\u010denju koje je pripisano pojedinom predmetu.<\/p><p>S rastu\u0107im kontaktom s kitolovcima i trgovcima, u upotrebu amuleta ulazili su novi predmeti. Dugmeta, kovanice i komadi metala nalaze se na pojasevima iz 19. i po\u010detka 20. stolje\u0107a. Takvi nalazi pokazuju da tradicija nije bila okamenjena, ve\u0107 je mogla prihvatiti nove materijale.<\/p><p>Broj amuleta na jednom pojasu mogao je biti znatan. Neki sa\u010duvani pojasevi nose mnogo desetaka predmeta. Svaki od njih upu\u0107uje na svoje vlastito zna\u010denje ili na odre\u0111enu osobu.<\/p><p>Izbor amuleta nije bio proizvoljan. \u010cesto ga je odredio ritualni specijalist, u istra\u017eivanjima \u010desto nazivan <span class=\"iwg-fachbegriff\" data-tooltip=\"Religijski specijalist kojemu se pripisuje posredovanje izme\u0111u ljudi i svijeta duhova.\" tabindex=\"0\">\u0161aman<\/span>, ili je proizlazio iz susreta do\u017eivljenog kao zna\u010dajan.<\/p><p>Ovaj tekst ne daje uputu za izradu amuletnog pojasa. Zna\u010denje amuleta bilo je vezano za religiju Inuita. Preslika bez tog konteksta ostala bi samo preuzimanje vanjskog oblika.<\/p>\t\t\t\t\t\t\t\t<\/div>\n\t\t\t\t<\/div>\n\t\t\t\t\t<\/div>\n\t\t\t\t<\/div>\n\t\t<div class=\"elementor-element elementor-element-iwgs-inuitamulett-s3 e-flex e-con-boxed e-con e-parent\" data-id=\"iwgs-inuitamulett-s3\" data-element_type=\"container\" data-e-type=\"container\">\n\t\t\t\t\t<div class=\"e-con-inner\">\n\t\t\t\t<div class=\"elementor-element elementor-element-iwgs-inuitamulett-s3h elementor-widget elementor-widget-heading\" data-id=\"iwgs-inuitamulett-s3h\" data-element_type=\"widget\" data-e-type=\"widget\" data-widget_type=\"heading.default\">\n\t\t\t\t\t<h2 class=\"elementor-heading-title elementor-size-default\">Religijska i mitolo\u0161ka podloga<\/h2>\t\t\t\t<\/div>\n\t\t<div class=\"elementor-element elementor-element-iwgs-inuitamulett-s3box e-con-full e-flex e-con e-parent\" data-id=\"iwgs-inuitamulett-s3box\" data-element_type=\"container\" data-e-type=\"container\">\n\t\t\t\t<div class=\"elementor-element elementor-element-iwgs-inuitamulett-s3t elementor-widget elementor-widget-text-editor\" data-id=\"iwgs-inuitamulett-s3t\" data-element_type=\"widget\" data-e-type=\"widget\" data-widget_type=\"text-editor.default\">\n\t\t\t\t\t\t\t\t\t<p>Religija Inuita poznavala je mno\u0161tvo duhova i mo\u0107nih bi\u0107a povezanih s \u017eivotinjama, vremenom i morem. Poznata je gospodarica morskih \u017eivotinja, od koje je ovisila lovna sre\u0107a.<\/p><p>U tom svijetu <span class=\"iwg-fachbegriff\" data-tooltip=\"No\u0161eni predmet kojem se pripisuje za\u0161titno, zlo odbijaju\u0107e djelovanje.\" tabindex=\"0\">amulet<\/span> je slu\u017eio uspostavljanju ure\u0111enog odnosa s duhovnim silama. <span class=\"iwg-fachbegriff\" data-tooltip=\"No\u0161eni predmet kojem se pripisuje za\u0161titno, zlo odbijaju\u0107e djelovanje.\" tabindex=\"0\">Amulet<\/span> je mogao biti povezan s odre\u0111enom \u017eivotinjom, sposobno\u0161\u0107u ili <span class=\"iwg-fachbegriff\" data-tooltip=\"Bezbitno bi\u0107e kojemu se pripisuje djelovanje u svijetu.\" tabindex=\"0\">duhom<\/span> \u010diju je pomo\u0107 trebao posredovati.<\/p><p>Mnogi amuleti bili su povezani sa \u017eivotinjama. Dio \u017eivotinje ili njezin izrezbareni oblik trebao je nositelju prenijeti svojstva te \u017eivotinje, poput izdr\u017eljivosti, snage ili osjetila koja tu \u017eivotinju odlikuju.<\/p><p>Drugi amuleti bili su povezani s predod\u017ebama o samoj osobi, primjerice s njezinom \u017eivotnom snagom ili s duhovima koji su je pratili. Amuletni pojas je tako bio i izraz posebne \u017eivotne pri\u010de svog nositelja.<\/p><p>Neki amuleti dodjeljivali su se ve\u0107 djetetu i trebali su ga pratiti cijeli \u017eivot. U zapisima etnologa nalaze se izvje\u0161taji o amuletima povezanima s imenom pokojne osobe i <span class=\"iwg-fachbegriff\" data-tooltip=\"Bezbitno bi\u0107e kojemu se pripisuje djelovanje u svijetu.\" tabindex=\"0\">duhom<\/span> koji je s njom bio povezan.<\/p><p>Amuletni pojas tako je odra\u017eavao i predod\u017ebu da je osoba uklopljena u mre\u017eu odnosa s precima i duhovima.<\/p><p>Znanstveno se amuletni pojas mo\u017ee shvatiti kao sa\u017eeti izraz odnosa izme\u0111u \u010dovjeka i o\u017eivljenog svijeta. Svaki <span class=\"iwg-fachbegriff\" data-tooltip=\"No\u0161eni predmet kojem se pripisuje za\u0161titno, zlo odbijaju\u0107e djelovanje.\" tabindex=\"0\">amulet<\/span> predstavlja jedan takav odnos, a cijeli pojas njihov ukupan zbroj.<\/p><p>Va\u017eno je da amuleti nisu djelovali sami po sebi. Njihovo zna\u010denje proizlazilo je iz predod\u017ebi, propisa i pri\u010da koje su bile s njima povezane. Bez tog konteksta oni ostaju samo ukrasni predmeti.<\/p>\t\t\t\t\t\t\t\t<\/div>\n\t\t\t\t<\/div>\n\t\t\t\t\t<\/div>\n\t\t\t\t<\/div>\n\t\t<div class=\"elementor-element elementor-element-iwgs-inuitamulett-s4 e-flex e-con-boxed e-con e-parent\" data-id=\"iwgs-inuitamulett-s4\" data-element_type=\"container\" data-e-type=\"container\">\n\t\t\t\t\t<div class=\"e-con-inner\">\n\t\t\t\t<div class=\"elementor-element elementor-element-iwgs-inuitamulett-s4h elementor-widget elementor-widget-heading\" data-id=\"iwgs-inuitamulett-s4h\" data-element_type=\"widget\" data-e-type=\"widget\" data-widget_type=\"heading.default\">\n\t\t\t\t\t<h2 class=\"elementor-heading-title elementor-size-default\">Obredna upotreba i nositelji<\/h2>\t\t\t\t<\/div>\n\t\t<div class=\"elementor-element elementor-element-iwgs-inuitamulett-s4box e-con-full e-flex e-con e-parent\" data-id=\"iwgs-inuitamulett-s4box\" data-element_type=\"container\" data-e-type=\"container\">\n\t\t\t\t<div class=\"elementor-element elementor-element-iwgs-inuitamulett-s4t elementor-widget elementor-widget-text-editor\" data-id=\"iwgs-inuitamulett-s4t\" data-element_type=\"widget\" data-e-type=\"widget\" data-widget_type=\"text-editor.default\">\n\t\t\t\t\t\t\t\t\t<p>Amuletni pojas nosio se na tijelu i pratio svog nositelja u svakodnevnom \u017eivotu. Za razliku od ritualnog predmeta koji se koristi samo prigodom odre\u0111enih doga\u0111aja, pojas je bio trajno no\u0161ena za\u0161tita.<\/p><p>Amuleti su \u010desto bili vezani za pojedinu osobu i njezinu \u017eivotnu fazu. Neki amuleti dodjeljivali su se djeci, drugi su odrasle pratili u lovu, na putovanjima ili u vrijeme bolesti.<\/p><p>S amuletima su \u010desto bila povezana pravila pona\u0161anja. Moglo je biti propisano izbjegavanje odre\u0111ene hrane ili suzdr\u017eavanje od odre\u0111enih postupaka, kako bi se o\u010duvalo zna\u010denje amuleta.<\/p><p>Izbor i predaja amuleta mogli su biti u rukama ritualnog specijalista. On je odre\u0111ivao koji je <span class=\"iwg-fachbegriff\" data-tooltip=\"No\u0161eni predmet kojem se pripisuje za\u0161titno, zlo odbijaju\u0107e djelovanje.\" tabindex=\"0\">amulet<\/span> pripadao odre\u0111enoj osobi i koja su za njega vrijedila pravila.<\/p><p>Nositelji amuleta i amuletnih pojasa bili su mu\u0161karci, \u017eene i djeca. Koji su amuleti pripadali kojoj osobi, ovisilo je o njezinu spolu, dobi, zada\u0107ama i \u017eivotnoj pri\u010di.<\/p><p>U etnografskim izvje\u0161tajima nalaze se naznake da su pojedini amuleti bili vezani za odre\u0111ena razdoblja \u017eivota. <span class=\"iwg-fachbegriff\" data-tooltip=\"No\u0161eni predmet kojem se pripisuje za\u0161titno, zlo odbijaju\u0107e djelovanje.\" tabindex=\"0\">Amulet<\/span> se mogao odlo\u017eiti ili zamijeniti odrastanjem ili preuzimanjem novih zada\u0107a. Amuletni pojas time nije bio kruti predmet, ve\u0107 se mijenjao tijekom \u017eivota.<\/p><p>S kr\u0161\u0107anskom misijom otvorena upotreba amuleta bila je potisnuta. Neki amuleti su odlo\u017eeni, drugi su i dalje potajno kori\u0161teni. Tradicija je time slabila, bez da je potpuno i\u0161\u010deznula.<\/p>\t\t\t\t\t\t\t\t<\/div>\n\t\t\t\t<\/div>\n\t\t\t\t\t<\/div>\n\t\t\t\t<\/div>\n\t\t<div class=\"elementor-element elementor-element-iwgs-inuitamulett-s5 e-flex e-con-boxed e-con e-parent\" data-id=\"iwgs-inuitamulett-s5\" data-element_type=\"container\" data-e-type=\"container\">\n\t\t\t\t\t<div class=\"e-con-inner\">\n\t\t\t\t<div class=\"elementor-element elementor-element-iwgs-inuitamulett-s5h elementor-widget elementor-widget-heading\" data-id=\"iwgs-inuitamulett-s5h\" data-element_type=\"widget\" data-e-type=\"widget\" data-widget_type=\"heading.default\">\n\t\t\t\t\t<h2 class=\"elementor-heading-title elementor-size-default\">Regionalne varijante i srodni pojmovi<\/h2>\t\t\t\t<\/div>\n\t\t<div class=\"elementor-element elementor-element-iwgs-inuitamulett-s5box e-con-full e-flex e-con e-parent\" data-id=\"iwgs-inuitamulett-s5box\" data-element_type=\"container\" data-e-type=\"container\">\n\t\t\t\t<div class=\"elementor-element elementor-element-iwgs-inuitamulett-s5t elementor-widget elementor-widget-text-editor\" data-id=\"iwgs-inuitamulett-s5t\" data-element_type=\"widget\" data-e-type=\"widget\" data-widget_type=\"text-editor.default\">\n\t\t\t\t\t\t\t\t\t<p>Kori\u0161tenje amuleta bilo je vrlo ra\u0161ireno na cijelom arkti\u010dkom podru\u010dju, no to\u010dan oblik razlikovao se od skupine do skupine. Kod nekih inuitskih skupina zabilje\u017eeni su izra\u017eeni pojasevi s amuletima, kod drugih su se amuleti nosili pojedina\u010dno pri\u010dvr\u0161\u0107eni na odje\u0107u.<\/p><p>Kori\u0161teni materijali ovisili su o podru\u010dju. Gdje su postojale odre\u0111ene \u017eivotinje, njihovi dijelovi postajali su amuleti. Ovisno o regiji i vremenu, u upotrebu amuleta uklju\u010divani su i uvezeni predmeti.<\/p><p>S pojasom s amuletima povezani su pojedina\u010dni amuleti koji se nose na tijelu u brojnim kulturama. \u010clanak o <a href=\"https:\/\/iwell-guard.com\/hr\/?page_id=149870\">amuletu i talismanu<\/a> obja\u0161njava kako se takvi predmeti pojmovno mogu razumjeti.<\/p><p>I kod drugih arkti\u010dkih i sjevernih naroda, primjerice kod Yupika na Aljasci i u Sibiru, zabilje\u017eeni su amuleti i njihova povezanost s odje\u0107om. Oni pripadaju \u0161irem arkti\u010dkom kontekstu.<\/p><p>Materijali amuleta istovremeno otkrivaju podatke o \u017eivotnom svijetu pojedine skupine. Gdje su polarni medvjed, mor\u017e ili odre\u0111ene ptice imali veliku ulogu u lovu, njihovi dijelovi \u010de\u0161\u0107e se pojavljuju na pojasevima. Pojas s amuletima tako je svjedo\u010danstvo o tome koje su \u017eivotinje i koje zada\u0107e obilje\u017eavale \u017eivot zajednice.<\/p><p>Znanstveno se pojas s amuletima mo\u017ee usporediti s drugim skupovima za\u0161titnih predmeta, primjerice s medicinskom vre\u0107icom naroda Plains, opisanom u posebnom \u010dlanku. Oba objedinjuju mnoga pojedina\u010dna zna\u010denja.<\/p><p>Unutar podru\u010dja <a href=\"https:\/\/iwell-guard.com\/hr\/zastitni-simboli\/\">za\u0161titnih simbola<\/a> pojas s amuletima primjer je toga kako se pojedina\u010dni amuleti spajaju u jedinstvenu no\u0161enu cjelinu. On pokazuje princip okupljanja za\u0161titnih predmeta.<\/p>\t\t\t\t\t\t\t\t<\/div>\n\t\t\t\t<\/div>\n\t\t\t\t\t<\/div>\n\t\t\t\t<\/div>\n\t\t<div class=\"elementor-element elementor-element-iwgs-inuitamulett-s6 e-flex e-con-boxed e-con e-parent\" data-id=\"iwgs-inuitamulett-s6\" data-element_type=\"container\" data-e-type=\"container\">\n\t\t\t\t\t<div class=\"e-con-inner\">\n\t\t\t\t<div class=\"elementor-element elementor-element-iwgs-inuitamulett-s6h elementor-widget elementor-widget-heading\" data-id=\"iwgs-inuitamulett-s6h\" data-element_type=\"widget\" data-e-type=\"widget\" data-widget_type=\"heading.default\">\n\t\t\t\t\t<h2 class=\"elementor-heading-title elementor-size-default\">Zna\u010denje kao za\u0161titnog predmeta<\/h2>\t\t\t\t<\/div>\n\t\t<div class=\"elementor-element elementor-element-iwgs-inuitamulett-s6box e-con-full e-flex e-con e-parent\" data-id=\"iwgs-inuitamulett-s6box\" data-element_type=\"container\" data-e-type=\"container\">\n\t\t\t\t<div class=\"elementor-element elementor-element-iwgs-inuitamulett-s6t elementor-widget elementor-widget-text-editor\" data-id=\"iwgs-inuitamulett-s6t\" data-element_type=\"widget\" data-e-type=\"widget\" data-widget_type=\"text-editor.default\">\n\t\t\t\t\t\t\t\t\t<p>Pojas s amuletima smatrao se za\u0161titnim jer je u sebi ujedinjavao mnoge pojedina\u010dne amulete, a time i mnoge odnose s duhovnim silama. Za\u0161tita se odnosila na \u017eivot, zdravlje i uspjeh u zada\u0107ama nositelja.<\/p><p>Za\u0161tita nije shva\u0107ana kao mehani\u010dko djelovanje predmeta, nego kao posljedica ure\u0111enih odnosa koje su amuleti predstavljali. Pojas je te odnose dr\u017eao stalno prisutnima na tijelu.<\/p><p>Razli\u010diti amuleti \u0161titili su razli\u010dita podru\u010dja. Jedan je mogao biti povezan s lovom, drugi sa zdravljem, tre\u0107i s putovanjem. Cijeli pojas tako je pokrivao \u0161iroko polje potreba.<\/p><p>Znanstveno se za\u0161titna funkcija mo\u017ee opisati kao dio suo\u010davanja s nesigurno\u0161\u0107u. U te\u0161kom \u017eivotnom svijetu Arktika, obilje\u017eenom hladno\u0107om, lovom i bole\u0161\u0107u, pojas s amuletima davao je osje\u0107aj da se nije bez potpore.<\/p><p data-nosnippet=\"true\">Ovaj tekst ne daje nikakve izjave o stvarnim za\u0161titnim u\u010dincima. Opisuje se samo koje su zna\u010denje Inuiti pridavali pojasu s amuletima. Obe\u0107anja o izlje\u010denju i tvrdnje o djelovanju izri\u010dito su isklju\u010deni.<\/p><p>Valja naglasiti da je za\u0161titno zna\u010denje pojasa s amuletima bilo vezano za religiju Inuita. Izvan tog konteksta pojasevi su povijesna svjedo\u010danstva, a ne za\u0161titni predmeti koji djeluju sami po sebi.<\/p>\t\t\t\t\t\t\t\t<\/div>\n\t\t\t\t<\/div>\n\t\t\t\t\t<\/div>\n\t\t\t\t<\/div>\n\t\t<div class=\"elementor-element elementor-element-iwgs-inuitamulett-s7 e-flex e-con-boxed e-con e-parent\" data-id=\"iwgs-inuitamulett-s7\" data-element_type=\"container\" data-e-type=\"container\">\n\t\t\t\t\t<div class=\"e-con-inner\">\n\t\t\t\t<div class=\"elementor-element elementor-element-iwgs-inuitamulett-s7h elementor-widget elementor-widget-heading\" data-id=\"iwgs-inuitamulett-s7h\" data-element_type=\"widget\" data-e-type=\"widget\" data-widget_type=\"heading.default\">\n\t\t\t\t\t<h2 class=\"elementor-heading-title elementor-size-default\">Povijest istra\u017eivanja, eti\u010dka pitanja i kulturno prisvajanje<\/h2>\t\t\t\t<\/div>\n\t\t<div class=\"elementor-element elementor-element-iwgs-inuitamulett-s7box e-con-full e-flex e-con e-parent\" data-id=\"iwgs-inuitamulett-s7box\" data-element_type=\"container\" data-e-type=\"container\">\n\t\t\t\t<div class=\"elementor-element elementor-element-iwgs-inuitamulett-s7t elementor-widget elementor-widget-text-editor\" data-id=\"iwgs-inuitamulett-s7t\" data-element_type=\"widget\" data-e-type=\"widget\" data-widget_type=\"text-editor.default\">\n\t\t\t\t\t\t\t\t\t<p>Istra\u017eivanje amuleta Inuita usko je povezano s <span class=\"iwg-fachbegriff\" data-tooltip=\"Znanost koja komparativno istra\u017euje kulture i dru\u0161tva.\" tabindex=\"0\">etnologijom<\/span> Arktika. Istra\u017eiva\u010di i etnolozi 19. i 20. stolje\u0107a sakupljali su amulete i pojaseve s amuletima te dokumentirali njihovo zna\u010denje.<\/p><p>Peta Thule ekspedicija pod vodstvom Knuda Rasmussena donijela je posebno bogate zapise o religiji i amuletima Inuita. Ti zapisi i danas su va\u017ena osnova istra\u017eivanja.<\/p><p>Eti\u010dko pitanje odnosi se na podrijetlo predmeta u muzejima. Mnogi pojasevi s amuletima sakupljeni su tijekom istra\u017eivanja, dijelom kupljeni, dijelom ste\u010deni u nejednakim uvjetima. O postupanju s takvim zbirkama danas se iznova promi\u0161lja.<\/p><p>Kako su amuleti bili \u010dvrsto vezani za pojedine osobe, neki predmeti imaju posebno zna\u010denje za njihove potomke. Muzeji se stoga sve vi\u0161e savjetuju s inuitskim zajednicama o primjerenom postupanju.<\/p><p>Kulturno posvajanje inuitskih amuleta od strane ezoteri\u010dne industrije zaseban je problem. Kopirani amuleti i upute odvajaju predmete od njihova religijskog konteksta i indigeni glasovi na to gledaju kriti\u010dki.<\/p><p>Ozbiljan prikaz opisuje pojas s amuletima iz vanjske perspektive, navodi podrijetlo muzejskih predmeta i odustaje od svake upute za izradu kopija. Po\u0161tuje zna\u010denje koje ti predmeti imaju za Inuite.<\/p>\t\t\t\t\t\t\t\t<\/div>\n\t\t\t\t<\/div>\n\t\t\t\t\t<\/div>\n\t\t\t\t<\/div>\n\t\t<div class=\"elementor-element elementor-element-iwgs-inuitamulett-s8 e-flex e-con-boxed e-con e-parent\" data-id=\"iwgs-inuitamulett-s8\" data-element_type=\"container\" data-e-type=\"container\">\n\t\t\t\t\t<div class=\"e-con-inner\">\n\t\t\t\t<div class=\"elementor-element elementor-element-iwgs-inuitamulett-s8h elementor-widget elementor-widget-heading\" data-id=\"iwgs-inuitamulett-s8h\" data-element_type=\"widget\" data-e-type=\"widget\" data-widget_type=\"heading.default\">\n\t\t\t\t\t<h2 class=\"elementor-heading-title elementor-size-default\">Suvremena recepcija<\/h2>\t\t\t\t<\/div>\n\t\t<div class=\"elementor-element elementor-element-iwgs-inuitamulett-s8box e-con-full e-flex e-con e-parent\" data-id=\"iwgs-inuitamulett-s8box\" data-element_type=\"container\" data-e-type=\"container\">\n\t\t\t\t<div class=\"elementor-element elementor-element-iwgs-inuitamulett-s8t elementor-widget elementor-widget-text-editor\" data-id=\"iwgs-inuitamulett-s8t\" data-element_type=\"widget\" data-e-type=\"widget\" data-widget_type=\"text-editor.default\">\n\t\t\t\t\t\t\t\t\t<p>Za dana\u0161nje Inuite tradicija amuleta dio je njihove povijesti i njihove kulturne obnove. Nakon preokreta 20. stolje\u0107a, umjetnice i umjetnici nastavljaju se na predane oblike.<\/p><p>Inuitski muzeji i kulturne ustanove izla\u017eu amulete i pojaseve s amuletima i obja\u0161njavaju njihovo zna\u010denje iz perspektive samih Inuita. Time doprinose priznavanju vlastite religijske povijesti.<\/p><p>O podrijetlu muzejskih predmeta i mogu\u0107im povratima pregovara se. Takvi razgovori dio su \u0161ireg promi\u0161ljanja o postupanju sa zbirkama iz indigenih kultura.<\/p><p>U ezoteri\u010dnoj industriji amuleti se ponekad plasiraju s pozivanjem na arkti\u010dke ili \u0161amanske uzore. Znanstveno gledano, to je zaseban oblik recepcije koji treba razlikovati od religije Inuita.<\/p><p>U umjetnosti i umjetni\u010dkom obrtu inuitski stvaratelji nastavljaju tradiciju amuleta. U rezbarijama i nakitu preuzimaju se i nastavljaju predani motivi. Ta djela povezuju podrijetlo i sada\u0161njost.<\/p><p>Zainteresiranim \u010ditateljicama i \u010ditateljima preporu\u010duje se svjestan pristup. Stjecanje znanja o pojasu s amuletima legitimno je, ali opona\u0161anje njegove religijske prakse nije. Druge za\u0161titne predmete predstavlja podru\u010dje <a href=\"https:\/\/iwell-guard.com\/hr\/zastitni-simboli\/\">za\u0161titni simboli<\/a>.<\/p>\t\t\t\t\t\t\t\t<\/div>\n\t\t\t\t<\/div>\n\t\t\t\t\t<\/div>\n\t\t\t\t<\/div>\n\t\t<div class=\"elementor-element elementor-element-iwgs-inuitamulett-lit e-flex e-con-boxed e-con e-parent\" data-id=\"iwgs-inuitamulett-lit\" data-element_type=\"container\" data-e-type=\"container\">\n\t\t\t\t\t<div class=\"e-con-inner\">\n\t\t\t\t<div class=\"elementor-element elementor-element-iwgs-inuitamulett-lith elementor-widget elementor-widget-heading\" data-id=\"iwgs-inuitamulett-lith\" data-element_type=\"widget\" data-e-type=\"widget\" data-widget_type=\"heading.default\">\n\t\t\t\t\t<h2 class=\"elementor-heading-title elementor-size-default\">Literatura (izbor)<\/h2>\t\t\t\t<\/div>\n\t\t<div class=\"elementor-element elementor-element-iwgs-inuitamulett-litbox e-con-full e-flex e-con e-parent\" data-id=\"iwgs-inuitamulett-litbox\" data-element_type=\"container\" data-e-type=\"container\">\n\t\t\t\t<div class=\"elementor-element elementor-element-iwgs-inuitamulett-litt elementor-widget elementor-widget-html\" data-id=\"iwgs-inuitamulett-litt\" data-element_type=\"widget\" data-e-type=\"widget\" data-widget_type=\"html.default\">\n\t\t\t\t\t<footer data-nosnippet=\"true\"><ul><li>Knud Rasmussen: <em>Intellectual Culture of the Iglulik Eskimos<\/em> (1929)<\/li><li>Franz Boas: <em>The Central Eskimo<\/em> (1888)<\/li><li>Daniel Merkur: <em>Becoming Half Hidden: Shamanism and Initiation among the Inuit<\/em> (1991)<\/li><li>Birgitte Sonne: <em>Worldviews of the Greenlanders<\/em> (2017)<\/li><li>Bernard Saladin d'Anglure: <em>\u00catre et rena\u00eetre inuit<\/em> (2006)<\/li><\/ul><\/footer>\t\t\t\t<\/div>\n\t\t\t\t<\/div>\n\t\t\t\t\t<\/div>\n\t\t\t\t<\/div>\n\t\t<div class=\"elementor-element elementor-element-iwgs-inuitamulett-kwd e-flex e-con-boxed e-con e-parent\" data-id=\"iwgs-inuitamulett-kwd\" data-element_type=\"container\" data-e-type=\"container\">\n\t\t\t\t\t<div class=\"e-con-inner\">\n\t\t\t\t<div class=\"elementor-element elementor-element-iwgs-inuitamulett-kwdt elementor-widget elementor-widget-text-editor\" data-id=\"iwgs-inuitamulett-kwdt\" data-element_type=\"widget\" data-e-type=\"widget\" data-widget_type=\"text-editor.default\">\n\t\t\t\t\t\t\t\t\t<p><em>Srodni klju\u010dni pojmovi: pojas s amuletima Inuiti Arktika za\u0161titni amulet Knud Rasmussen Thule ekspedicija Grenland <span class=\"iwg-fachbegriff\" data-tooltip=\"Religijski specijalist kojemu se pripisuje posredovanje izme\u0111u ljudi i svijeta duhova.\" tabindex=\"0\">\u0161aman<\/span> \u017eivotinjski amulet indigena religija no\u0161ena za\u0161tita Eskim.<\/em><\/p>\t\t\t\t\t\t\t\t<\/div>\n\t\t\t\t\t<\/div>\n\t\t\t\t<\/div>\n\t\t<div class=\"elementor-element elementor-element-iwgs-inuitamulett-cc e-flex e-con-boxed e-con e-parent\" data-id=\"iwgs-inuitamulett-cc\" data-element_type=\"container\" data-e-type=\"container\" id=\"iwg-cc-inuit-amulettguertel\">\n\t\t\t\t\t<div class=\"e-con-inner\">\n\t\t<div class=\"elementor-element elementor-element-iwgs-inuitamulett-ccinner e-flex e-con-boxed e-con e-parent\" data-id=\"iwgs-inuitamulett-ccinner\" data-element_type=\"container\" data-e-type=\"container\" data-settings=\"{&quot;background_background&quot;:&quot;classic&quot;}\">\n\t\t\t\t\t<div class=\"e-con-inner\">\n\t\t\t\t<div class=\"elementor-element elementor-element-iwgs-inuitamulett-cch elementor-widget elementor-widget-heading\" data-id=\"iwgs-inuitamulett-cch\" data-element_type=\"widget\" data-e-type=\"widget\" data-widget_type=\"heading.default\">\n\t\t\t\t\t<h2 class=\"elementor-heading-title elementor-size-default\">iWell Guard i tradicije za\u0161tite<\/h2>\t\t\t\t<\/div>\n\t\t\t\t<div class=\"elementor-element elementor-element-iwgs-inuitamulett-cct elementor-widget elementor-widget-text-editor\" data-id=\"iwgs-inuitamulett-cct\" data-element_type=\"widget\" data-e-type=\"widget\" data-widget_type=\"text-editor.default\">\n\t\t\t\t\t\t\t\t\t<p>iWell Guard nastavlja kulturno-povijesnu tradiciju prenosivih za\u0161titnih predmeta, kojoj pripada i amuletni pojas. Suvremeni pratitelj za ljude koji \u017eive sa za\u0161titnim simbolima: izra\u0111en u Njema\u010dkoj, 41 slojeva od pravog zlata, platine i srebra, s 30-dnevnim pravom povrata.<\/p>\t\t\t\t\t\t\t\t<\/div>\n\t\t\t\t<div class=\"elementor-element elementor-element-iwgs-inuitamulett-ccb iwg-cc-button iwg-cc-cta-2026-05-13 elementor-widget elementor-widget-jet-button\" data-id=\"iwgs-inuitamulett-ccb\" data-element_type=\"widget\" data-e-type=\"widget\" data-widget_type=\"jet-button.default\">\n\t\t\t\t<div class=\"elementor-widget-container\">\n\t\t\t\t\t<div class=\"elementor-jet-button jet-elements\"><div class=\"jet-button__container\"><a class=\"jet-button__instance jet-button__instance--icon-left hover-effect-1\" href=\"\/schutzanhaenger-iwell-guard-kaufen\/?utm_source=iwell-guard.com&amp;utm_medium=info-box&amp;utm_campaign=schutzsymbole\"><div class=\"jet-button__plane jet-button__plane-normal\"><\/div><div class=\"jet-button__plane jet-button__plane-hover\"><\/div><div class=\"jet-button__state jet-button__state-normal\"><span class=\"jet-button__label\">Vi\u0161e o iWell Guardu<\/span><\/div><div class=\"jet-button__state jet-button__state-hover\"><span class=\"jet-button__label\">Vi\u0161e o iWell Guardu<\/span><\/div><\/a><\/div><\/div><style>.elementor-element.elementor-element-iwgs-inuitamulett-ccb .jet-button__instance{width:320px;height:56px;}.elementor-element.elementor-element-iwgs-inuitamulett-ccb .jet-button__state-normal .jet-button__label{text-align:center;margin:0px 0px 0px 0px;color:#1a1b20;font-family:Montserrat,sans-serif;font-size:13px;font-weight:400;letter-spacing:4px;line-height:1.714em;text-transform:uppercase;}.elementor-element.elementor-element-iwgs-inuitamulett-ccb .jet-button__state-hover .jet-button__label{text-align:center;margin:0px 0px 0px 0px;color:#FECC76;font-family:Montserrat,sans-serif;font-size:13px;font-weight:400;letter-spacing:4px;line-height:1.714em;text-transform:uppercase;}.elementor-element.elementor-element-iwgs-inuitamulett-ccb .jet-button__plane-normal{background-color:#FECC76;border-style:solid;border-color:#C99540;border-width:2px 2px 2px 2px;}.elementor-element.elementor-element-iwgs-inuitamulett-ccb .jet-button__plane-hover{background-color:rgba(0,0,0,0.55);border-style:solid;border-color:#FECC76;border-width:2px 2px 2px 2px;}<\/style>\t\t\t\t<\/div>\n\t\t\t\t<\/div>\n\t\t\t\t<div class=\"elementor-element elementor-element-iwgs-inuitamulett-ccd elementor-widget elementor-widget-text-editor\" data-id=\"iwgs-inuitamulett-ccd\" data-element_type=\"widget\" data-e-type=\"widget\" data-widget_type=\"text-editor.default\">\n\t\t\t\t\t\t\t\t\t<p style=\"text-align:center;font-size:13px;opacity:0.7;margin-top:14px\" data-nosnippet=\"true\">Osobna iskustva mogu se razlikovati. Nije medicinski proizvod. Nema obe\u0107anja izlje\u010denja.<\/p>\t\t\t\t\t\t\t\t<\/div>\n\t\t\t\t\t<\/div>\n\t\t\t\t<\/div>\n\t\t\t\t\t<\/div>\n\t\t\t\t<\/div>\n\t\t<div class=\"elementor-element elementor-element-iwgs-inuitamulett-disc e-flex e-con-boxed e-con e-parent\" data-id=\"iwgs-inuitamulett-disc\" data-element_type=\"container\" data-e-type=\"container\">\n\t\t\t\t\t<div class=\"e-con-inner\">\n\t\t\t\t<div class=\"elementor-element elementor-element-iwgs-inuitamulett-discw elementor-widget elementor-widget-html\" data-id=\"iwgs-inuitamulett-discw\" data-element_type=\"widget\" data-e-type=\"widget\" data-widget_type=\"html.default\">\n\t\t\t\t\t<footer data-nosnippet=\"true\" class=\"iwg-disclaimer-block\"><p data-nosnippet=\"true\">iWell Guard <strong>nije medicinski proizvod<\/strong> i ne zamjenjuje lije\u010dni\u010dko ili psihoterapijsko lije\u010denje. Sadr\u017eaji prikazani ovdje predstavljaju religiolo\u0161ku i kulturno-povijesnu interpretaciju, a ne obe\u0107anje duhovnog djelovanja.<\/p><\/footer>\t\t\t\t<\/div>\n\t\t\t\t\t<\/div>\n\t\t\t\t<\/div>\n\t\t\t\t<\/div>\n\t\t","protected":false},"excerpt":{"rendered":"","protected":false},"author":3,"featured_media":3564,"parent":0,"menu_order":0,"comment_status":"closed","ping_status":"closed","template":"elementor_header_footer","meta":{"_yoast_wpseo_focuskw":"Amuletni pojas","_yoast_wpseo_title":"Amuletni pojas Inuita: za\u0161tita Arktika","_yoast_wpseo_metadesc":"Amuletni pojas Inuita s pri\u0161ivenim za\u0161titnim amuletima: podrijetlo, oblik i religijsko zna\u010denje u Arktiku, religiologijski obja\u0161njeno.","_yoast_wpseo_meta-robots-noindex":"","_yoast_wpseo_canonical":"","_angie_page":false,"gefaehrdungsstufe":"","wesen_kultur":"","wesen_klasse":"","footnotes":""},"categories":[],"class_list":["post-149973","page","type-page","status-publish","has-post-thumbnail","hentry"],"yoast_head":"<!-- This site is optimized with the Yoast SEO Premium plugin v27.7 (Yoast SEO v28.3) - https:\/\/yoast.com\/product\/yoast-seo-premium-wordpress\/ -->\n<title>Amuletni pojas Inuita: za\u0161tita Arktika<\/title>\n<meta name=\"description\" content=\"Amuletni pojas Inuita s pri\u0161ivenim za\u0161titnim amuletima: podrijetlo, oblik i religijsko zna\u010denje u Arktiku, religiologijski obja\u0161njeno.\" \/>\n<meta name=\"robots\" content=\"index, follow, max-snippet:-1, max-image-preview:large, max-video-preview:-1\" \/>\n<link rel=\"canonical\" href=\"https:\/\/iwell-guard.com\/hr\/amuletni-pojas-inuita-zastita-iz-arktika\/\" \/>\n<meta property=\"og:locale\" content=\"hr_HR\" \/>\n<meta property=\"og:type\" content=\"article\" \/>\n<meta property=\"og:title\" content=\"Amuletni pojas Inuita: za\u0161tita iz Arktika\" \/>\n<meta property=\"og:description\" content=\"Amuletni pojas Inuita s pri\u0161ivenim za\u0161titnim amuletima: podrijetlo, oblik i religijsko zna\u010denje u Arktiku, religiologijski obja\u0161njeno.\" \/>\n<meta property=\"og:url\" content=\"https:\/\/iwell-guard.com\/hr\/amuletni-pojas-inuita-zastita-iz-arktika\/\" \/>\n<meta property=\"og:site_name\" content=\"iWell Guard\" \/>\n<meta property=\"article:modified_time\" content=\"2026-09-04T05:36:45+00:00\" \/>\n<meta property=\"og:image\" content=\"https:\/\/iwell-guard.com\/wp-content\/uploads\/2026\/05\/schutzsymbol_inuit_amulettguertel.webp\" \/>\n\t<meta property=\"og:image:width\" content=\"1024\" \/>\n\t<meta property=\"og:image:height\" content=\"1536\" \/>\n\t<meta property=\"og:image:type\" content=\"image\/webp\" \/>\n<meta name=\"twitter:card\" content=\"summary_large_image\" \/>\n<script type=\"application\/ld+json\" class=\"yoast-schema-graph\">{\"@context\":\"https:\\\/\\\/schema.org\",\"@graph\":[{\"@type\":\"WebPage\",\"@id\":\"https:\\\/\\\/iwell-guard.com\\\/hr\\\/amuletni-pojas-inuita-zastita-iz-arktika\\\/\",\"url\":\"https:\\\/\\\/iwell-guard.com\\\/hr\\\/amuletni-pojas-inuita-zastita-iz-arktika\\\/\",\"name\":\"Amuletni pojas Inuita: za\u0161tita Arktika\",\"isPartOf\":{\"@id\":\"https:\\\/\\\/iwell-guard.com\\\/hr\\\/#website\"},\"primaryImageOfPage\":{\"@id\":\"https:\\\/\\\/iwell-guard.com\\\/hr\\\/amuletni-pojas-inuita-zastita-iz-arktika\\\/#primaryimage\"},\"image\":{\"@id\":\"https:\\\/\\\/iwell-guard.com\\\/hr\\\/amuletni-pojas-inuita-zastita-iz-arktika\\\/#primaryimage\"},\"thumbnailUrl\":\"https:\\\/\\\/iwell-guard.com\\\/wp-content\\\/uploads\\\/2026\\\/05\\\/schutzsymbol_inuit_amulettguertel.webp\",\"datePublished\":\"2026-09-04T05:15:03+00:00\",\"dateModified\":\"2026-09-04T05:36:45+00:00\",\"description\":\"Amuletni pojas Inuita s pri\u0161ivenim za\u0161titnim amuletima: podrijetlo, oblik i religijsko zna\u010denje u Arktiku, religiologijski obja\u0161njeno.\",\"breadcrumb\":{\"@id\":\"https:\\\/\\\/iwell-guard.com\\\/hr\\\/amuletni-pojas-inuita-zastita-iz-arktika\\\/#breadcrumb\"},\"inLanguage\":\"hr\",\"potentialAction\":[{\"@type\":\"ReadAction\",\"target\":[\"https:\\\/\\\/iwell-guard.com\\\/hr\\\/amuletni-pojas-inuita-zastita-iz-arktika\\\/\"]}]},{\"@type\":\"ImageObject\",\"inLanguage\":\"hr\",\"@id\":\"https:\\\/\\\/iwell-guard.com\\\/hr\\\/amuletni-pojas-inuita-zastita-iz-arktika\\\/#primaryimage\",\"url\":\"https:\\\/\\\/iwell-guard.com\\\/wp-content\\\/uploads\\\/2026\\\/05\\\/schutzsymbol_inuit_amulettguertel.webp\",\"contentUrl\":\"https:\\\/\\\/iwell-guard.com\\\/wp-content\\\/uploads\\\/2026\\\/05\\\/schutzsymbol_inuit_amulettguertel.webp\",\"width\":1024,\"height\":1536,\"caption\":\"Za\u0161titni simbol. Muzejska ilustracija u stilu mrtve prirode.\"},{\"@type\":\"BreadcrumbList\",\"@id\":\"https:\\\/\\\/iwell-guard.com\\\/hr\\\/amuletni-pojas-inuita-zastita-iz-arktika\\\/#breadcrumb\",\"itemListElement\":[{\"@type\":\"ListItem\",\"position\":1,\"name\":\"Start\",\"item\":\"https:\\\/\\\/iwell-guard.com\\\/hr\\\/?page_id=149317\"},{\"@type\":\"ListItem\",\"position\":2,\"name\":\"Amuletni pojas Inuita: za\u0161tita iz Arktika\"}]},{\"@type\":\"WebSite\",\"@id\":\"https:\\\/\\\/iwell-guard.com\\\/hr\\\/#website\",\"url\":\"https:\\\/\\\/iwell-guard.com\\\/hr\\\/\",\"name\":\"iWell Guard\",\"description\":\"Schutz vor dunklen Einfl\u00fcssen\",\"publisher\":{\"@id\":\"https:\\\/\\\/iwell-guard.com\\\/hr\\\/#organization\"},\"potentialAction\":[{\"@type\":\"SearchAction\",\"target\":{\"@type\":\"EntryPoint\",\"urlTemplate\":\"https:\\\/\\\/iwell-guard.com\\\/hr\\\/?s={search_term_string}\"},\"query-input\":{\"@type\":\"PropertyValueSpecification\",\"valueRequired\":true,\"valueName\":\"search_term_string\"}}],\"inLanguage\":\"hr\"},{\"@type\":\"Organization\",\"@id\":\"https:\\\/\\\/iwell-guard.com\\\/hr\\\/#organization\",\"name\":\"Ittermann electronic GmbH\",\"url\":\"https:\\\/\\\/iwell-guard.com\\\/hr\\\/\",\"logo\":{\"@type\":\"ImageObject\",\"inLanguage\":\"hr\",\"@id\":\"https:\\\/\\\/iwell-guard.com\\\/hr\\\/#\\\/schema\\\/logo\\\/image\\\/\",\"url\":\"https:\\\/\\\/iwell-guard.com\\\/wp-content\\\/uploads\\\/2026\\\/05\\\/Ittermann-Logo-1182x237-1.png\",\"contentUrl\":\"https:\\\/\\\/iwell-guard.com\\\/wp-content\\\/uploads\\\/2026\\\/05\\\/Ittermann-Logo-1182x237-1.png\",\"width\":1182,\"height\":237,\"caption\":\"Ittermann electronic GmbH\"},\"image\":{\"@id\":\"https:\\\/\\\/iwell-guard.com\\\/hr\\\/#\\\/schema\\\/logo\\\/image\\\/\"},\"sameAs\":[\"https:\\\/\\\/pantip.com\\\/profile\\\/9367242\",\"https:\\\/\\\/micro.blog\\\/iwellguard\",\"https:\\\/\\\/www.diggerslist.com\\\/iwellguard\\\/about\",\"https:\\\/\\\/skitterphoto.com\\\/photographers\\\/2870314\\\/iwell-guard\",\"https:\\\/\\\/iwellguard.wordpress.com\\\/2026\\\/06\\\/06\\\/iwell-guard\\\/\",\"https:\\\/\\\/hub.docker.com\\\/u\\\/iwellguard\",\"https:\\\/\\\/www.pinterest.com\\\/iwellguard\\\/\",\"https:\\\/\\\/bit.ly\\\/m\\\/iwellguard\",\"https:\\\/\\\/entre-vos-mains.alsace.eu\\\/profiles\\\/iwellguard\\\/activity\",\"https:\\\/\\\/gravatar.com\\\/reallybeded8fd34\",\"https:\\\/\\\/naijamatta.com\\\/iwellguard\",\"https:\\\/\\\/www.goodreads.com\\\/iwellguard\",\"https:\\\/\\\/profile.hatena.ne.jp\\\/iwellguard\\\/\",\"https:\\\/\\\/experiment.com\\\/users\\\/iwellguard\",\"https:\\\/\\\/wakelet.com\\\/@iWellGuard82270\",\"https:\\\/\\\/www.chordie.com\\\/forum\\\/profile.php?id=2555664\",\"https:\\\/\\\/www.instapaper.com\\\/p\\\/17757966\",\"https:\\\/\\\/www.mapleprimes.com\\\/users\\\/iwellguard\",\"https:\\\/\\\/businesslistingplus.com\\\/profile\\\/iwell-guard\\\/\",\"https:\\\/\\\/telegra.ph\\\/iWell-Guard-06-06\",\"https:\\\/\\\/pbase.com\\\/iwellguard\\\/iwellguard\",\"https:\\\/\\\/b.hatena.ne.jp\\\/iwellguard\\\/20260607#bookmark-4788405196491818882\",\"https:\\\/\\\/fliphtml5.com\\\/home\\\/iwellguard\",\"https:\\\/\\\/anyflip.com\\\/homepage\\\/cmiwl#About\",\"https:\\\/\\\/transfur.com\\\/Users\\\/iwellguard\",\"http:\\\/\\\/delphi.larsbo.org\\\/user\\\/iwellguard\",\"https:\\\/\\\/jobs.lajobsportal.org\\\/profiles\\\/8380803-iwell-guard\",\"https:\\\/\\\/md.chaosdorf.de\\\/s\\\/jfbe5SBdJD\",\"https:\\\/\\\/www.lingvolive.com\\\/en-us\\\/profile\\\/9ecaeaca-ce11-4e51-9e71-01d55e2bff36\\\/translations\",\"https:\\\/\\\/www.fitday.com\\\/fitness\\\/forums\\\/members\\\/iwellguard.html\",\"https:\\\/\\\/www.mymeetbook.com\\\/iwellguard\",\"https:\\\/\\\/pxhere.com\\\/en\\\/photographer-me\\\/5040798\",\"https:\\\/\\\/disqus.com\\\/by\\\/iwellguard\\\/about\\\/\",\"https:\\\/\\\/pastelink.net\\\/hjwciqwq\",\"https:\\\/\\\/pubhtml5.com\\\/homepage\\\/scjhn\\\/\",\"https:\\\/\\\/www.bitchute.com\\\/channel\\\/2O2eOKzNqujT\",\"https:\\\/\\\/audiomack.com\\\/iwellguard\"]}]}<\/script>\n<!-- \/ Yoast SEO Premium plugin. -->","yoast_head_json":{"title":"Amuletni pojas Inuita: za\u0161tita Arktika","description":"Amuletni pojas Inuita s pri\u0161ivenim za\u0161titnim amuletima: podrijetlo, oblik i religijsko zna\u010denje u Arktiku, religiologijski obja\u0161njeno.","robots":{"index":"index","follow":"follow","max-snippet":"max-snippet:-1","max-image-preview":"max-image-preview:large","max-video-preview":"max-video-preview:-1"},"canonical":"https:\/\/iwell-guard.com\/hr\/amuletni-pojas-inuita-zastita-iz-arktika\/","og_locale":"hr_HR","og_type":"article","og_title":"Amuletni pojas Inuita: za\u0161tita iz Arktika","og_description":"Amuletni pojas Inuita s pri\u0161ivenim za\u0161titnim amuletima: podrijetlo, oblik i religijsko zna\u010denje u Arktiku, religiologijski obja\u0161njeno.","og_url":"https:\/\/iwell-guard.com\/hr\/amuletni-pojas-inuita-zastita-iz-arktika\/","og_site_name":"iWell Guard","article_modified_time":"2026-09-04T05:36:45+00:00","og_image":[{"width":1024,"height":1536,"url":"https:\/\/iwell-guard.com\/wp-content\/uploads\/2026\/05\/schutzsymbol_inuit_amulettguertel.webp","type":"image\/webp"}],"twitter_card":"summary_large_image","schema":{"@context":"https:\/\/schema.org","@graph":[{"@type":"WebPage","@id":"https:\/\/iwell-guard.com\/hr\/amuletni-pojas-inuita-zastita-iz-arktika\/","url":"https:\/\/iwell-guard.com\/hr\/amuletni-pojas-inuita-zastita-iz-arktika\/","name":"Amuletni pojas Inuita: za\u0161tita Arktika","isPartOf":{"@id":"https:\/\/iwell-guard.com\/hr\/#website"},"primaryImageOfPage":{"@id":"https:\/\/iwell-guard.com\/hr\/amuletni-pojas-inuita-zastita-iz-arktika\/#primaryimage"},"image":{"@id":"https:\/\/iwell-guard.com\/hr\/amuletni-pojas-inuita-zastita-iz-arktika\/#primaryimage"},"thumbnailUrl":"https:\/\/iwell-guard.com\/wp-content\/uploads\/2026\/05\/schutzsymbol_inuit_amulettguertel.webp","datePublished":"2026-09-04T05:15:03+00:00","dateModified":"2026-09-04T05:36:45+00:00","description":"Amuletni pojas Inuita s pri\u0161ivenim za\u0161titnim amuletima: podrijetlo, oblik i religijsko zna\u010denje u Arktiku, religiologijski obja\u0161njeno.","breadcrumb":{"@id":"https:\/\/iwell-guard.com\/hr\/amuletni-pojas-inuita-zastita-iz-arktika\/#breadcrumb"},"inLanguage":"hr","potentialAction":[{"@type":"ReadAction","target":["https:\/\/iwell-guard.com\/hr\/amuletni-pojas-inuita-zastita-iz-arktika\/"]}]},{"@type":"ImageObject","inLanguage":"hr","@id":"https:\/\/iwell-guard.com\/hr\/amuletni-pojas-inuita-zastita-iz-arktika\/#primaryimage","url":"https:\/\/iwell-guard.com\/wp-content\/uploads\/2026\/05\/schutzsymbol_inuit_amulettguertel.webp","contentUrl":"https:\/\/iwell-guard.com\/wp-content\/uploads\/2026\/05\/schutzsymbol_inuit_amulettguertel.webp","width":1024,"height":1536,"caption":"Za\u0161titni simbol. Muzejska ilustracija u stilu mrtve prirode."},{"@type":"BreadcrumbList","@id":"https:\/\/iwell-guard.com\/hr\/amuletni-pojas-inuita-zastita-iz-arktika\/#breadcrumb","itemListElement":[{"@type":"ListItem","position":1,"name":"Start","item":"https:\/\/iwell-guard.com\/hr\/?page_id=149317"},{"@type":"ListItem","position":2,"name":"Amuletni pojas Inuita: za\u0161tita iz Arktika"}]},{"@type":"WebSite","@id":"https:\/\/iwell-guard.com\/hr\/#website","url":"https:\/\/iwell-guard.com\/hr\/","name":"iWell Guard","description":"Schutz vor dunklen Einfl\u00fcssen","publisher":{"@id":"https:\/\/iwell-guard.com\/hr\/#organization"},"potentialAction":[{"@type":"SearchAction","target":{"@type":"EntryPoint","urlTemplate":"https:\/\/iwell-guard.com\/hr\/?s={search_term_string}"},"query-input":{"@type":"PropertyValueSpecification","valueRequired":true,"valueName":"search_term_string"}}],"inLanguage":"hr"},{"@type":"Organization","@id":"https:\/\/iwell-guard.com\/hr\/#organization","name":"Ittermann electronic GmbH","url":"https:\/\/iwell-guard.com\/hr\/","logo":{"@type":"ImageObject","inLanguage":"hr","@id":"https:\/\/iwell-guard.com\/hr\/#\/schema\/logo\/image\/","url":"https:\/\/iwell-guard.com\/wp-content\/uploads\/2026\/05\/Ittermann-Logo-1182x237-1.png","contentUrl":"https:\/\/iwell-guard.com\/wp-content\/uploads\/2026\/05\/Ittermann-Logo-1182x237-1.png","width":1182,"height":237,"caption":"Ittermann electronic GmbH"},"image":{"@id":"https:\/\/iwell-guard.com\/hr\/#\/schema\/logo\/image\/"},"sameAs":["https:\/\/pantip.com\/profile\/9367242","https:\/\/micro.blog\/iwellguard","https:\/\/www.diggerslist.com\/iwellguard\/about","https:\/\/skitterphoto.com\/photographers\/2870314\/iwell-guard","https:\/\/iwellguard.wordpress.com\/2026\/06\/06\/iwell-guard\/","https:\/\/hub.docker.com\/u\/iwellguard","https:\/\/www.pinterest.com\/iwellguard\/","https:\/\/bit.ly\/m\/iwellguard","https:\/\/entre-vos-mains.alsace.eu\/profiles\/iwellguard\/activity","https:\/\/gravatar.com\/reallybeded8fd34","https:\/\/naijamatta.com\/iwellguard","https:\/\/www.goodreads.com\/iwellguard","https:\/\/profile.hatena.ne.jp\/iwellguard\/","https:\/\/experiment.com\/users\/iwellguard","https:\/\/wakelet.com\/@iWellGuard82270","https:\/\/www.chordie.com\/forum\/profile.php?id=2555664","https:\/\/www.instapaper.com\/p\/17757966","https:\/\/www.mapleprimes.com\/users\/iwellguard","https:\/\/businesslistingplus.com\/profile\/iwell-guard\/","https:\/\/telegra.ph\/iWell-Guard-06-06","https:\/\/pbase.com\/iwellguard\/iwellguard","https:\/\/b.hatena.ne.jp\/iwellguard\/20260607#bookmark-4788405196491818882","https:\/\/fliphtml5.com\/home\/iwellguard","https:\/\/anyflip.com\/homepage\/cmiwl#About","https:\/\/transfur.com\/Users\/iwellguard","http:\/\/delphi.larsbo.org\/user\/iwellguard","https:\/\/jobs.lajobsportal.org\/profiles\/8380803-iwell-guard","https:\/\/md.chaosdorf.de\/s\/jfbe5SBdJD","https:\/\/www.lingvolive.com\/en-us\/profile\/9ecaeaca-ce11-4e51-9e71-01d55e2bff36\/translations","https:\/\/www.fitday.com\/fitness\/forums\/members\/iwellguard.html","https:\/\/www.mymeetbook.com\/iwellguard","https:\/\/pxhere.com\/en\/photographer-me\/5040798","https:\/\/disqus.com\/by\/iwellguard\/about\/","https:\/\/pastelink.net\/hjwciqwq","https:\/\/pubhtml5.com\/homepage\/scjhn\/","https:\/\/www.bitchute.com\/channel\/2O2eOKzNqujT","https:\/\/audiomack.com\/iwellguard"]}]}},"_links":{"self":[{"href":"https:\/\/iwell-guard.com\/hr\/wp-json\/wp\/v2\/pages\/149973","targetHints":{"allow":["GET"]}}],"collection":[{"href":"https:\/\/iwell-guard.com\/hr\/wp-json\/wp\/v2\/pages"}],"about":[{"href":"https:\/\/iwell-guard.com\/hr\/wp-json\/wp\/v2\/types\/page"}],"author":[{"embeddable":true,"href":"https:\/\/iwell-guard.com\/hr\/wp-json\/wp\/v2\/users\/3"}],"replies":[{"embeddable":true,"href":"https:\/\/iwell-guard.com\/hr\/wp-json\/wp\/v2\/comments?post=149973"}],"version-history":[{"count":0,"href":"https:\/\/iwell-guard.com\/hr\/wp-json\/wp\/v2\/pages\/149973\/revisions"}],"wp:featuredmedia":[{"embeddable":true,"href":"https:\/\/iwell-guard.com\/hr\/wp-json\/wp\/v2\/media\/3564"}],"wp:attachment":[{"href":"https:\/\/iwell-guard.com\/hr\/wp-json\/wp\/v2\/media?parent=149973"}],"wp:term":[{"taxonomy":"category","embeddable":true,"href":"https:\/\/iwell-guard.com\/hr\/wp-json\/wp\/v2\/categories?post=149973"}],"curies":[{"name":"wp","href":"https:\/\/api.w.org\/{rel}","templated":true}]}}