{"id":149956,"date":"2026-09-04T05:14:54","date_gmt":"2026-09-04T05:14:54","guid":{"rendered":"https:\/\/iwell-guard.com\/?page_id=149956"},"modified":"2026-09-04T05:36:22","modified_gmt":"2026-09-04T05:36:22","slug":"eleggua-zastitna-glava-na-ulazu","status":"publish","type":"page","link":"https:\/\/iwell-guard.com\/hr\/eleggua-zastitna-glava-na-ulazu\/","title":{"rendered":"Eleggua \u2013 za\u0161titna glava na ku\u0107nom ulazu"},"content":{"rendered":"\t\t<div data-elementor-type=\"wp-page\" data-elementor-id=\"149956\" class=\"elementor elementor-149956 elementor-3712 elementor-bc-flex-widget\" data-elementor-post-type=\"page\">\n\t\t\t\t<div class=\"elementor-element elementor-element-iwgs-eleggua-hero e-flex e-con-boxed e-con e-parent\" data-id=\"iwgs-eleggua-hero\" data-element_type=\"container\" data-e-type=\"container\">\n\t\t\t\t\t<div class=\"e-con-inner\">\n\t\t<div class=\"elementor-element elementor-element-iwgs-eleggua-hl e-flex e-con-boxed e-con e-parent\" data-id=\"iwgs-eleggua-hl\" data-element_type=\"container\" data-e-type=\"container\">\n\t\t\t\t\t<div class=\"e-con-inner\">\n\t\t<div class=\"elementor-element elementor-element-iwgs-eleggua-hlbox e-con-full e-flex e-con e-parent\" data-id=\"iwgs-eleggua-hlbox\" data-element_type=\"container\" data-e-type=\"container\">\n\t\t\t\t<div class=\"elementor-element elementor-element-iwgs-eleggua-h1 elementor-widget elementor-widget-heading\" data-id=\"iwgs-eleggua-h1\" data-element_type=\"widget\" data-e-type=\"widget\" data-widget_type=\"heading.default\">\n\t\t\t\t\t<h1 class=\"elementor-heading-title elementor-size-default\">Eleggua \u2013 za\u0161titna glava na ku\u0107nom ulazu u santeriji<\/h1>\t\t\t\t<\/div>\n\t\t\t\t<div class=\"elementor-element elementor-element-iwgs-eleggua-lead elementor-widget elementor-widget-text-editor\" data-id=\"iwgs-eleggua-lead\" data-element_type=\"widget\" data-e-type=\"widget\" data-widget_type=\"text-editor.default\">\n\t\t\t\t\t\t\t\t\t<p>Eleggua je va\u017ena pojava u santeriji, kubanskoj religiji sa zapadnoafri\u010dkim korijenima. Na ku\u0107nom ulazu ga predstavlja mala glava od cementa s umetnutim \u0161koljkama kauri.<\/p>\n<p class=\"iwg-kwfix\">Eleggua se postavlja kao za\u0161titna glava na ku\u0107nom ulazu i \u010duva prag.<\/p>\t\t\t\t\t\t\t\t<\/div>\n\t\t\t\t<\/div>\n\t\t\t\t<div class=\"elementor-element elementor-element-iwgs-eleggua-pills elementor-widget elementor-widget-html\" data-id=\"iwgs-eleggua-pills\" data-element_type=\"widget\" data-e-type=\"widget\" data-widget_type=\"html.default\">\n\t\t\t\t\t<div class=\"iwg-pill-row\"><span class=\"iwg-klasse-badge\" tabindex=\"0\" data-tooltip=\"Za\u0161titni simbol, amulet ili apotropejski predmet.\">Za\u0161titni simbol<\/span><a href=\"https:\/\/iwell-guard.com\/hr\/afrikansko-karipske-tradicije-vodu-santeria-candomble\/\" class=\"iwg-kultur-badge\" tabindex=\"0\" data-tooltip=\"Za\u0161titna tradicija: Afroameri\u010dke i karipske tradicije\">Afroameri\u010dke i karipske tradicije<\/a><span class=\"iwg-tradition-badge\" tabindex=\"0\" data-tooltip=\"Lik kojemu se pripisuje za\u0161titno djelovanje.\">Za\u0161titna figura<\/span><\/div>\t\t\t\t<\/div>\n\t\t\t\t\t<\/div>\n\t\t\t\t<\/div>\n\t\t<div class=\"elementor-element elementor-element-iwgs-eleggua-hr e-con-full e-flex e-con e-parent\" data-id=\"iwgs-eleggua-hr\" data-element_type=\"container\" data-e-type=\"container\">\n\t\t\t\t<div class=\"elementor-element elementor-element-iwgs-eleggua-himg iwg-hero-image elementor-widget elementor-widget-image\" data-id=\"iwgs-eleggua-himg\" data-element_type=\"widget\" data-e-type=\"widget\" data-widget_type=\"image.default\">\n\t\t\t\t\t\t\t\t\t\t\t\t\t\t\t<img fetchpriority=\"high\" decoding=\"async\" width=\"683\" height=\"1024\" src=\"https:\/\/iwell-guard.com\/wp-content\/uploads\/2026\/05\/schutzsymbol_afrika_eleggua-683x1024.webp\" class=\"attachment-large size-large wp-image-151235\" alt=\"Eleggua \u2013 za\u0161titni simbol, muzejska ilustracija\" srcset=\"https:\/\/iwell-guard.com\/wp-content\/uploads\/2026\/05\/schutzsymbol_afrika_eleggua-683x1024.webp 683w, https:\/\/iwell-guard.com\/wp-content\/uploads\/2026\/05\/schutzsymbol_afrika_eleggua-200x300.webp 200w, https:\/\/iwell-guard.com\/wp-content\/uploads\/2026\/05\/schutzsymbol_afrika_eleggua-768x1152.webp 768w, https:\/\/iwell-guard.com\/wp-content\/uploads\/2026\/05\/schutzsymbol_afrika_eleggua.webp 1024w\" sizes=\"(max-width: 683px) 100vw, 683px\" \/>\t\t\t\t\t\t\t\t\t\t\t\t\t\t\t<\/div>\n\t\t\t\t<\/div>\n\t\t\t\t\t<\/div>\n\t\t\t\t<\/div>\n\t\t<div class=\"elementor-element elementor-element-iwgs-eleggua-s0 e-flex e-con-boxed e-con e-parent\" data-id=\"iwgs-eleggua-s0\" data-element_type=\"container\" data-e-type=\"container\">\n\t\t\t\t\t<div class=\"e-con-inner\">\n\t\t\t\t<div class=\"elementor-element elementor-element-iwgs-eleggua-s0h elementor-widget elementor-widget-heading\" data-id=\"iwgs-eleggua-s0h\" data-element_type=\"widget\" data-e-type=\"widget\" data-widget_type=\"heading.default\">\n\t\t\t\t\t<h2 class=\"elementor-heading-title elementor-size-default\">Uvod<\/h2>\t\t\t\t<\/div>\n\t\t<div class=\"elementor-element elementor-element-iwgs-eleggua-s0box e-con-full e-flex e-con e-parent\" data-id=\"iwgs-eleggua-s0box\" data-element_type=\"container\" data-e-type=\"container\">\n\t\t\t\t<div class=\"elementor-element elementor-element-iwgs-eleggua-s0t elementor-widget elementor-widget-text-editor\" data-id=\"iwgs-eleggua-s0t\" data-element_type=\"widget\" data-e-type=\"widget\" data-widget_type=\"text-editor.default\">\n\t\t\t\t\t\t\t\t\t<p>Eleggua je va\u017ena pojava u santeriji. Santerija je religija koja se razvila na Kubi iz zapadnoafri\u010dkih korijena i ubraja se u <a href=\"https:\/\/iwell-guard.com\/hr\/afrikansko-karipske-tradicije-vodu-santeria-candomble\/\">afroameri\u010dke i karipske tradicije<\/a>.<\/p><p>Eleggua je jedan od orisha, po\u0161tovanih pojava santerije. On je pojava putova, vrata i pragova, \u010duvar prijelaza.<\/p><p>Na ku\u0107nom ulazu Elegguu predstavlja mali predmet. Naj\u010de\u0161\u0107e se sastoji od glave od cementa u koju su umetnute \u0161koljke kauri koje \u010dine o\u010di i usta.<\/p><p>Ta glava Elegguae postavlja se na ulazu ku\u0107e ili se \u010duva u njegovoj blizini. Odatle Eleggua \u010duva prag i \u0161titi ku\u0107u od nesre\u0107e.<\/p><p>U <span class=\"iwg-fachbegriff\" data-tooltip=\"Znanost koja religije istra\u017euje uspore\u0111uju\u0107i ih, bez vjerskog opredjeljenja.\" tabindex=\"0\">religiologiji<\/span> glava Elegguae dobar je primjer za\u0161titne figure koja \u010duva mjesto. Vezana je za prag i \u010duva prijelaz prema izvana i prema unutra.<\/p><p>Ova stranica prikazuje Elegguu s gledi\u0161ta za\u0161tite. Predstavlja pojavu Elegguae, njezino mjesto u santeriji i glavu Elegguae na ku\u0107nom ulazu.<\/p>\t\t\t\t\t\t\t\t<\/div>\n\t\t\t\t<\/div>\n\t\t\t\t\t<\/div>\n\t\t\t\t<\/div>\n\t\t<div class=\"elementor-element elementor-element-iwgs-eleggua-s1 e-flex e-con-boxed e-con e-parent\" data-id=\"iwgs-eleggua-s1\" data-element_type=\"container\" data-e-type=\"container\">\n\t\t\t\t\t<div class=\"e-con-inner\">\n\t\t\t\t<div class=\"elementor-element elementor-element-iwgs-eleggua-s1h elementor-widget elementor-widget-heading\" data-id=\"iwgs-eleggua-s1h\" data-element_type=\"widget\" data-e-type=\"widget\" data-widget_type=\"heading.default\">\n\t\t\t\t\t<h2 class=\"elementor-heading-title elementor-size-default\">Santerija i njezina povijest<\/h2>\t\t\t\t<\/div>\n\t\t<div class=\"elementor-element elementor-element-iwgs-eleggua-s1box e-con-full e-flex e-con e-parent\" data-id=\"iwgs-eleggua-s1box\" data-element_type=\"container\" data-e-type=\"container\">\n\t\t\t\t<div class=\"elementor-element elementor-element-iwgs-eleggua-s1t elementor-widget elementor-widget-text-editor\" data-id=\"iwgs-eleggua-s1t\" data-element_type=\"widget\" data-e-type=\"widget\" data-widget_type=\"text-editor.default\">\n\t\t\t\t\t\t\t\t\t<p>Santerija je religija koja se oblikovala na Kubi. Njezini korijeni potje\u010du od Yoruba, naroda u dana\u0161njoj Nigeriji i susjednim podru\u010djima zapadne Afrike.<\/p><p>Tijekom transatlantske trgovine robljem brojni Yoruba bili su odvedeni na Kubu. S njima je putovala i njihova religija, s njezinim orishama i njihovim predstavama.<\/p><p>Na Kubi su Yoruba nai\u0161li na katoli\u010danstvo \u0161panjolske kolonijalne vlasti. Pod pritiskom okolnosti obje su predaje na razne na\u010dine povezane.<\/p><p>Tako su orishe dijelom bile povezane s katoli\u010dkim svecima. Ta veza omogu\u0107ila je nastavak tradicionalnog po\u0161tovanja pod krinkom katoli\u010dke <span class=\"iwg-fachbegriff\" data-tooltip=\"Osobni religiozni stav i praksa \u010dovjeka.\" tabindex=\"0\">pobo\u017enosti<\/span>.<\/p><p>Naziv santerija upu\u0107uje na tu vezu. Prikladniji naziv, koji mnogi sljedbenici preferiraju, jest Regla de Ocha ili religija orisha.<\/p><p>Santerija je time religija mje\u0161ovitog podrijetla. \u010cuva zapadnoafri\u010dku ba\u0161tinu Yoruba i povezuje je s utjecajima koje je primila na Kubi.<\/p>\t\t\t\t\t\t\t\t<\/div>\n\t\t\t\t<\/div>\n\t\t\t\t\t<\/div>\n\t\t\t\t<\/div>\n\t\t<div class=\"elementor-element elementor-element-iwgs-eleggua-s2 e-flex e-con-boxed e-con e-parent\" data-id=\"iwgs-eleggua-s2\" data-element_type=\"container\" data-e-type=\"container\">\n\t\t\t\t\t<div class=\"e-con-inner\">\n\t\t\t\t<div class=\"elementor-element elementor-element-iwgs-eleggua-s2h elementor-widget elementor-widget-heading\" data-id=\"iwgs-eleggua-s2h\" data-element_type=\"widget\" data-e-type=\"widget\" data-widget_type=\"heading.default\">\n\t\t\t\t\t<h2 class=\"elementor-heading-title elementor-size-default\">Eleggua, orisha putova<\/h2>\t\t\t\t<\/div>\n\t\t<div class=\"elementor-element elementor-element-iwgs-eleggua-s2box e-con-full e-flex e-con e-parent\" data-id=\"iwgs-eleggua-s2box\" data-element_type=\"container\" data-e-type=\"container\">\n\t\t\t\t<div class=\"elementor-element elementor-element-iwgs-eleggua-s2t elementor-widget elementor-widget-text-editor\" data-id=\"iwgs-eleggua-s2t\" data-element_type=\"widget\" data-e-type=\"widget\" data-widget_type=\"text-editor.default\">\n\t\t\t\t\t\t\t\t\t<p>Eleggua je jedan od najva\u017enijih orisha santerije. On je pojava putova, vrata, pragova i raskri\u017eja.<\/p><p>Kao \u010duvar prijelaza, Eleggua ima klju\u010dan polo\u017eaj. On otvara i zatvara putove. Bez njega, prema shva\u0107anju santerije, ni\u0161ta ne mo\u017ee uspjeti.<\/p><p>Zbog toga se Eleggua na mnogim prigodama prvo zaziva. On je pojava kojom svaka radnja zapo\u010dinje, jer on mora otvoriti put za ono \u0161to se tra\u017ei.<\/p><p>Eleggua ima slojevit karakter. Smatra se \u010duvarom i pomaga\u010dem, ali istovremeno nepredvidivim i sklonim \u0161alama. Ta slojevitost pripada njegovoj biti.<\/p><p>Eleggua se \u010desto povezuje s crvenom i crnom bojom. Te se boje pojavljuju na njegovim predmetima i na svemu \u0161to mu je <span class=\"iwg-fachbegriff\" data-tooltip=\"Predano svetome kroz religijski \u010din i time izdvojeno iz svakodnevnoga.\" tabindex=\"0\">posve\u0107eno<\/span>.<\/p><p>Kao orisha pragova, Eleggua je po svojoj naravi povezan s ku\u0107nim ulazom. Ulaz je prag ku\u0107e, a njegovo \u010duvanje vlastita je Elegguaeva zada\u0107a.<\/p>\t\t\t\t\t\t\t\t<\/div>\n\t\t\t\t<\/div>\n\t\t\t\t\t<\/div>\n\t\t\t\t<\/div>\n\t\t<div class=\"elementor-element elementor-element-iwgs-eleggua-s3 e-flex e-con-boxed e-con e-parent\" data-id=\"iwgs-eleggua-s3\" data-element_type=\"container\" data-e-type=\"container\">\n\t\t\t\t\t<div class=\"e-con-inner\">\n\t\t\t\t<div class=\"elementor-element elementor-element-iwgs-eleggua-s3h elementor-widget elementor-widget-heading\" data-id=\"iwgs-eleggua-s3h\" data-element_type=\"widget\" data-e-type=\"widget\" data-widget_type=\"heading.default\">\n\t\t\t\t\t<h2 class=\"elementor-heading-title elementor-size-default\">Glava od cementa i \u0161koljaka kauri<\/h2>\t\t\t\t<\/div>\n\t\t<div class=\"elementor-element elementor-element-iwgs-eleggua-s3box e-con-full e-flex e-con e-parent\" data-id=\"iwgs-eleggua-s3box\" data-element_type=\"container\" data-e-type=\"container\">\n\t\t\t\t<div class=\"elementor-element elementor-element-iwgs-eleggua-s3t elementor-widget elementor-widget-text-editor\" data-id=\"iwgs-eleggua-s3t\" data-element_type=\"widget\" data-e-type=\"widget\" data-widget_type=\"text-editor.default\">\n\t\t\t\t\t\t\t\t\t<p>Na ku\u0107nom ulazu Elegguu predstavlja mali predmet. Naj\u010de\u0161\u0107e ima oblik glave i izra\u0111en je od cementa.<\/p><p>Cement se oblikuje u okrugao oblik koji nagovije\u0161ta glavu. U taj oblik ume\u0107u se \u0161koljke kauri koje \u010dine o\u010di, usta i ponekad druge crte lica.<\/p><p>\u0160koljka kauri ima posebno zna\u010denje u afroameri\u010dkim i karipskim religijama. U zapadnoj Africi slu\u017eila je kao plate\u017eno sredstvo, a u santeriji se koristi za svete predmete.<\/p><p>Na glavi Elegguae \u0161koljke kauri \u010dine lice. Daju glavi njezine crte i njezin pogled. Od jednostavnog cementa tako nastaje figura s licem.<\/p><p>U unutra\u0161njost glave pri izradi se ume\u0107u odabrani sastojci. Tek zbog tih sastojaka glava postaje ono za \u0161to se smatra, predstavljanje Elegguae.<\/p><p>Glava Elegguae time je spoj slike i posude. Cementni oblik sa \u0161koljkama kauri daje vidljivo lice, a umetnuti sastojci daju skriveno srce.<\/p>\t\t\t\t\t\t\t\t<\/div>\n\t\t\t\t<\/div>\n\t\t\t\t\t<\/div>\n\t\t\t\t<\/div>\n\t\t<div class=\"elementor-element elementor-element-iwgs-eleggua-s4 e-flex e-con-boxed e-con e-parent\" data-id=\"iwgs-eleggua-s4\" data-element_type=\"container\" data-e-type=\"container\">\n\t\t\t\t\t<div class=\"e-con-inner\">\n\t\t\t\t<div class=\"elementor-element elementor-element-iwgs-eleggua-s4h elementor-widget elementor-widget-heading\" data-id=\"iwgs-eleggua-s4h\" data-element_type=\"widget\" data-e-type=\"widget\" data-widget_type=\"heading.default\">\n\t\t\t\t\t<h2 class=\"elementor-heading-title elementor-size-default\">Eleggua na ku\u0107nom ulazu<\/h2>\t\t\t\t<\/div>\n\t\t<div class=\"elementor-element elementor-element-iwgs-eleggua-s4box e-con-full e-flex e-con e-parent\" data-id=\"iwgs-eleggua-s4box\" data-element_type=\"container\" data-e-type=\"container\">\n\t\t\t\t<div class=\"elementor-element elementor-element-iwgs-eleggua-s4t elementor-widget elementor-widget-text-editor\" data-id=\"iwgs-eleggua-s4t\" data-element_type=\"widget\" data-e-type=\"widget\" data-widget_type=\"text-editor.default\">\n\t\t\t\t\t\t\t\t\t<p>Eleggua glava ima svoje mjesto na ulazu u ku\u0107u. Tamo \u010duva prag doma i nadgleda prijelaz izme\u0111u vanjskog i unutarnjeg svijeta.<\/p><p>Glava se postavlja ili dr\u017ei u blizini vrata. S tog mjesta usmjerava svoju pa\u017enju na sve \u0161to ulazi u ku\u0107u ili je napu\u0161ta.<\/p><p>Elegguina je zada\u0107a na ulazu za\u0161tita. Treba odbijati zlo od praga i sprje\u010davati da \u0161tetni utjecaji u\u0111u u ku\u0107u.<\/p><p>Eleggua glava se ne ostavlja samoj sebi. O njoj se skrbi i dobiva darove. Ta se pa\u017enja smatra dijelom odnosa izme\u0111u doma\u0107instva i orishe.<\/p><p>Elegguina povezanost s ulazom u ku\u0107u proizlazi iz njegove naravi. Kao orisha pragova i prijelaza, ulaz je mjesto koje mu po prirodi pripada.<\/p><p>Eleggua glava na ulazu u ku\u0107u tako se svrstava me\u0111u za\u0161titne figure koje \u010duvaju odre\u0111eno mjesto. Kao i drugi \u010duvari vrata, vezan je za prag i s njega nadgleda za\u0161ti\u0107eno podru\u010dje.<\/p>\t\t\t\t\t\t\t\t<\/div>\n\t\t\t\t<\/div>\n\t\t\t\t\t<\/div>\n\t\t\t\t<\/div>\n\t\t<div class=\"elementor-element elementor-element-iwgs-eleggua-s5 e-flex e-con-boxed e-con e-parent\" data-id=\"iwgs-eleggua-s5\" data-element_type=\"container\" data-e-type=\"container\">\n\t\t\t\t\t<div class=\"e-con-inner\">\n\t\t\t\t<div class=\"elementor-element elementor-element-iwgs-eleggua-s5h elementor-widget elementor-widget-heading\" data-id=\"iwgs-eleggua-s5h\" data-element_type=\"widget\" data-e-type=\"widget\" data-widget_type=\"heading.default\">\n\t\t\t\t\t<h2 class=\"elementor-heading-title elementor-size-default\">Eleggua i \u010duvari pragova<\/h2>\t\t\t\t<\/div>\n\t\t<div class=\"elementor-element elementor-element-iwgs-eleggua-s5box e-con-full e-flex e-con e-parent\" data-id=\"iwgs-eleggua-s5box\" data-element_type=\"container\" data-e-type=\"container\">\n\t\t\t\t<div class=\"elementor-element elementor-element-iwgs-eleggua-s5t elementor-widget elementor-widget-text-editor\" data-id=\"iwgs-eleggua-s5t\" data-element_type=\"widget\" data-e-type=\"widget\" data-widget_type=\"text-editor.default\">\n\t\t\t\t\t\t\t\t\t<p>Eleggua na ulazu u ku\u0107u mo\u017ee se promatrati u \u0161irem okviru \u010duvara pragova. Za\u0161tita vrata i praga rasprostranjena je zamisao.<\/p><p>Prag ku\u0107e u mnogim kulturama smatra se ugro\u017eenim mjestom. On je granica izme\u0111u za\u0161ti\u0107ene unutra\u0161njosti i neza\u0161ti\u0107enog vanjskog svijeta.<\/p><p>Iz tog razloga brojne tradicije poznaju za\u0161titne znakove i za\u0161titne figure koje se postavljaju na vrata. One trebaju \u010duvati prag i sprje\u010davati zlo da u\u0111e.<\/p><p>U \u017eidovskoj tradiciji mezuza \u010duva dovratak. U drugim kulturama na ulazu stoje \u010duvari vrata, za\u0161titne slike ili za\u0161titni znakovi. Eleggua glava spada u taj niz.<\/p><p>Eleggua se od mnogih tih znakova razlikuje time \u0161to je po\u0161tovana orisha. Nije samo znak, nego uprisutnjenje lika s kojim se njeguje odnos.<\/p><p>Eleggua je tako izraz \u010duvara praga u santeriji. On povezuje rasprostranjenu zamisao o za\u0161titi vrata s po\u0161tovanjem odre\u0111ene orishe kojoj pragovi po naravi pripadaju.<\/p>\t\t\t\t\t\t\t\t<\/div>\n\t\t\t\t<\/div>\n\t\t\t\t\t<\/div>\n\t\t\t\t<\/div>\n\t\t<div class=\"elementor-element elementor-element-iwgs-eleggua-s6 e-flex e-con-boxed e-con e-parent\" data-id=\"iwgs-eleggua-s6\" data-element_type=\"container\" data-e-type=\"container\">\n\t\t\t\t\t<div class=\"e-con-inner\">\n\t\t\t\t<div class=\"elementor-element elementor-element-iwgs-eleggua-s6h elementor-widget elementor-widget-heading\" data-id=\"iwgs-eleggua-s6h\" data-element_type=\"widget\" data-e-type=\"widget\" data-widget_type=\"heading.default\">\n\t\t\t\t\t<h2 class=\"elementor-heading-title elementor-size-default\">Eleggua i korijeni u religiji Yoruba<\/h2>\t\t\t\t<\/div>\n\t\t<div class=\"elementor-element elementor-element-iwgs-eleggua-s6box e-con-full e-flex e-con e-parent\" data-id=\"iwgs-eleggua-s6box\" data-element_type=\"container\" data-e-type=\"container\">\n\t\t\t\t<div class=\"elementor-element elementor-element-iwgs-eleggua-s6t elementor-widget elementor-widget-text-editor\" data-id=\"iwgs-eleggua-s6t\" data-element_type=\"widget\" data-e-type=\"widget\" data-widget_type=\"text-editor.default\">\n\t\t\t\t\t\t\t\t\t<p>Eleggua ima korijene u religiji Yoruba. Tamo mu odgovara lik koji jednako \u010duva putove, vrata i raskri\u017eja.<\/p><p>U religiji Yoruba taj je lik \u010duvar pragova i nezaobilazni posrednik. I tamo se prizivan prije svih drugih na mnogim prigodama.<\/p><p>S odvo\u0111enjem pripadnika Yoruba na Kubu ta se zamisao prenijela preko Atlantika. Na Kubi je postala likom Elegguae, uklopljenim u novu religiju santeriju.<\/p><p>Srodni likovi javljaju se i u drugim afroameri\u010dkim karipskim religijama. I u vudu tradiciji i u drugim predajama postoje \u010duvari putova i pragova sa sli\u010dnim zada\u0107ama.<\/p><p>Ta srodnost pokazuje da Eleggua nije izoliran slu\u010daj. Pripada skupini \u010duvara pragova koji nastavljaju zajedni\u010dku zapadnoafri\u010dku ba\u0161tinu u razli\u010ditim religijama.<\/p><p>Eleggua je time svjedo\u010danstvo kulturne postojanosti. U njemu je lik iz religije Yoruba nastavio postojati preko Atlantika i u santeriji prona\u0161ao novi, vlastiti oblik.<\/p>\t\t\t\t\t\t\t\t<\/div>\n\t\t\t\t<\/div>\n\t\t\t\t\t<\/div>\n\t\t\t\t<\/div>\n\t\t<div class=\"elementor-element elementor-element-iwgs-eleggua-s7 e-flex e-con-boxed e-con e-parent\" data-id=\"iwgs-eleggua-s7\" data-element_type=\"container\" data-e-type=\"container\">\n\t\t\t\t\t<div class=\"e-con-inner\">\n\t\t\t\t<div class=\"elementor-element elementor-element-iwgs-eleggua-s7h elementor-widget elementor-widget-heading\" data-id=\"iwgs-eleggua-s7h\" data-element_type=\"widget\" data-e-type=\"widget\" data-widget_type=\"heading.default\">\n\t\t\t\t\t<h2 class=\"elementor-heading-title elementor-size-default\">Uprisutnjenje umjesto prikaza<\/h2>\t\t\t\t<\/div>\n\t\t<div class=\"elementor-element elementor-element-iwgs-eleggua-s7box e-con-full e-flex e-con e-parent\" data-id=\"iwgs-eleggua-s7box\" data-element_type=\"container\" data-e-type=\"container\">\n\t\t\t\t<div class=\"elementor-element elementor-element-iwgs-eleggua-s7t elementor-widget elementor-widget-text-editor\" data-id=\"iwgs-eleggua-s7t\" data-element_type=\"widget\" data-e-type=\"widget\" data-widget_type=\"text-editor.default\">\n\t\t\t\t\t\t\t\t\t<p>Eleggua glava slijedi svoje vlastito shva\u0107anje. Nije samo prikaz Elegguae, nego se smatra njegovim uprisutnjenjem.<\/p><p>Ta razlika je va\u017ena. Prikaz samo predstavlja lik. Uprisutnjenje, s druge strane, \u010dini lik prisutnim na mjestu, tako da je s njim mogu\u0107 odnos.<\/p><p>U Eleggua glavi Eleggua postaje prisutan. Glava je mjesto na kojem se njeguje odnos izme\u0111u doma\u0107instva i orishe.<\/p><p>Ta prisutnost se stvara samim izradbenim postupkom. Ugra\u0111eni sastojci, kaurijeve \u0161koljke i prate\u0107ih obredne radnje pretvaraju cementni oblik u uprisutnjenje Elegguae.<\/p><p>Iz tog se shva\u0107anja izvodi i skrb za glavu. Jer je Eleggua u njoj prisutan, glava se ne tretira kao obi\u010dan predmet, nego se prema njoj pokazuje pa\u017enja.<\/p><p>Eleggua glava tako pokazuje shva\u0107anje ra\u0161ireno u afroameri\u010dkim karipskim religijama. Predmet nije samo slika, nego mjesto prisutnosti po\u0161tovanog lika.<\/p>\t\t\t\t\t\t\t\t<\/div>\n\t\t\t\t<\/div>\n\t\t\t\t\t<\/div>\n\t\t\t\t<\/div>\n\t\t<div class=\"elementor-element elementor-element-iwgs-eleggua-s8 e-flex e-con-boxed e-con e-parent\" data-id=\"iwgs-eleggua-s8\" data-element_type=\"container\" data-e-type=\"container\">\n\t\t\t\t\t<div class=\"e-con-inner\">\n\t\t\t\t<div class=\"elementor-element elementor-element-iwgs-eleggua-s8h elementor-widget elementor-widget-heading\" data-id=\"iwgs-eleggua-s8h\" data-element_type=\"widget\" data-e-type=\"widget\" data-widget_type=\"heading.default\">\n\t\t\t\t\t<h2 class=\"elementor-heading-title elementor-size-default\">Suvremena recepcija<\/h2>\t\t\t\t<\/div>\n\t\t<div class=\"elementor-element elementor-element-iwgs-eleggua-s8box e-con-full e-flex e-con e-parent\" data-id=\"iwgs-eleggua-s8box\" data-element_type=\"container\" data-e-type=\"container\">\n\t\t\t\t<div class=\"elementor-element elementor-element-iwgs-eleggua-s8t elementor-widget elementor-widget-text-editor\" data-id=\"iwgs-eleggua-s8t\" data-element_type=\"widget\" data-e-type=\"widget\" data-widget_type=\"text-editor.default\">\n\t\t\t\t\t\t\t\t\t<p>Santeria je danas \u017eiva religija. Prakticira je danas mnogo ljudi na Kubi, u Sjedinjenim Dr\u017eavama i u drugim zemljama.<\/p><p>Eleggua spada me\u0111u orishe koje igraju va\u017enu ulogu u dana\u0161njoj santeriji. Eleggua glava na ulazu u ku\u0107u uobi\u010dajena je u domovima pripadnika ove religije.<\/p><p>U javnoj percepciji santeria se, \u010desto pod nazivom vudu, mnogo puta prikazuje kao tema strave. Takav prikaz ne odgovara stvarnosti te religije.<\/p><p>Sustavno razmatranje prepoznaje santeriju kao ono \u0161to jest, kao razvijenu religiju sa zapadnoafri\u010dkim korijenima, s vlastitim poretkom i s po\u0161tovanim likovima.<\/p><p>Eleggua je u okviru te religije \u010duvar pragova. Eleggua glava na ulazu u ku\u0107u vidljiv je oblik u kojem ta za\u0161tita postoji u svakodnevnom \u017eivotu.<\/p><p>Eleggua glava tako ostaje upe\u010datljiv primjer za\u0161titne figure na ulazu u ku\u0107u. U njoj se povezuju ba\u0161tina Yoruba, povijest santerije i zamisao da prag ku\u0107e treba \u010duvara.<\/p>\t\t\t\t\t\t\t\t<\/div>\n\t\t\t\t<\/div>\n\t\t\t\t\t<\/div>\n\t\t\t\t<\/div>\n\t\t<div class=\"elementor-element elementor-element-iwgs-eleggua-lit e-flex e-con-boxed e-con e-parent\" data-id=\"iwgs-eleggua-lit\" data-element_type=\"container\" data-e-type=\"container\">\n\t\t\t\t\t<div class=\"e-con-inner\">\n\t\t\t\t<div class=\"elementor-element elementor-element-iwgs-eleggua-lith elementor-widget elementor-widget-heading\" data-id=\"iwgs-eleggua-lith\" data-element_type=\"widget\" data-e-type=\"widget\" data-widget_type=\"heading.default\">\n\t\t\t\t\t<h2 class=\"elementor-heading-title elementor-size-default\">Literatura (izbor)<\/h2>\t\t\t\t<\/div>\n\t\t<div class=\"elementor-element elementor-element-iwgs-eleggua-litbox e-con-full e-flex e-con e-parent\" data-id=\"iwgs-eleggua-litbox\" data-element_type=\"container\" data-e-type=\"container\">\n\t\t\t\t<div class=\"elementor-element elementor-element-iwgs-eleggua-litt elementor-widget elementor-widget-html\" data-id=\"iwgs-eleggua-litt\" data-element_type=\"widget\" data-e-type=\"widget\" data-widget_type=\"html.default\">\n\t\t\t\t\t<footer data-nosnippet=\"true\"><ul><li>George Brandon: <em>Santeria from Africa to the New World<\/em> (1993)<\/li><li>Joseph M. Murphy: <em>Santeria. African Spirits in America<\/em> (1988)<\/li><li>Miguel Barnet: <em>Afro-Cuban Religions<\/em> (2001)<\/li><li>David H. Brown: <em>Santeria Enthroned. Art, Ritual, and Innovation in an Afro-Cuban Religion<\/em> (2003)<\/li><li>Robert Farris Thompson: <em>Flash of the Spirit. African and Afro-American Art and Philosophy<\/em> (1983)<\/li><\/ul><\/footer>\t\t\t\t<\/div>\n\t\t\t\t<\/div>\n\t\t\t\t\t<\/div>\n\t\t\t\t<\/div>\n\t\t<div class=\"elementor-element elementor-element-iwgs-eleggua-kwd e-flex e-con-boxed e-con e-parent\" data-id=\"iwgs-eleggua-kwd\" data-element_type=\"container\" data-e-type=\"container\">\n\t\t\t\t\t<div class=\"e-con-inner\">\n\t\t\t\t<div class=\"elementor-element elementor-element-iwgs-eleggua-kwdt elementor-widget elementor-widget-text-editor\" data-id=\"iwgs-eleggua-kwdt\" data-element_type=\"widget\" data-e-type=\"widget\" data-widget_type=\"text-editor.default\">\n\t\t\t\t\t\t\t\t\t<p><em>Srodni klju\u010dni pojmovi: Eleggua, santeria, orisha, ulaz u ku\u0107u, \u010duvar pragova, kaurijeve \u0161koljke, Yoruba, Kuba.<\/em><\/p>\t\t\t\t\t\t\t\t<\/div>\n\t\t\t\t\t<\/div>\n\t\t\t\t<\/div>\n\t\t<div class=\"elementor-element elementor-element-iwgs-eleggua-cc e-flex e-con-boxed e-con e-parent\" data-id=\"iwgs-eleggua-cc\" data-element_type=\"container\" data-e-type=\"container\" id=\"iwg-cc-eleggua\">\n\t\t\t\t\t<div class=\"e-con-inner\">\n\t\t<div class=\"elementor-element elementor-element-iwgs-eleggua-ccinner e-flex e-con-boxed e-con e-parent\" data-id=\"iwgs-eleggua-ccinner\" data-element_type=\"container\" data-e-type=\"container\" data-settings=\"{&quot;background_background&quot;:&quot;classic&quot;}\">\n\t\t\t\t\t<div class=\"e-con-inner\">\n\t\t\t\t<div class=\"elementor-element elementor-element-iwgs-eleggua-cch elementor-widget elementor-widget-heading\" data-id=\"iwgs-eleggua-cch\" data-element_type=\"widget\" data-e-type=\"widget\" data-widget_type=\"heading.default\">\n\t\t\t\t\t<h2 class=\"elementor-heading-title elementor-size-default\">iWell Guard i tradicije za\u0161tite<\/h2>\t\t\t\t<\/div>\n\t\t\t\t<div class=\"elementor-element elementor-element-iwgs-eleggua-cct elementor-widget elementor-widget-text-editor\" data-id=\"iwgs-eleggua-cct\" data-element_type=\"widget\" data-e-type=\"widget\" data-widget_type=\"text-editor.default\">\n\t\t\t\t\t\t\t\t\t<p>iWell Guard pripada kulturnopovijesnoj liniji nosivih za\u0161titnih predmeta, kojoj pripada i Eleggua glava. Moderan pratitelj za ljude koji \u017eive sa za\u0161titnim simbolima: izra\u0111en u Njema\u010dkoj, 41 slojeva od pravog zlata, platine i srebra, s 30-dnevnim pravom povrata.<\/p>\t\t\t\t\t\t\t\t<\/div>\n\t\t\t\t<div class=\"elementor-element elementor-element-iwgs-eleggua-ccb iwg-cc-button iwg-cc-cta-2026-05-13 elementor-widget elementor-widget-jet-button\" data-id=\"iwgs-eleggua-ccb\" data-element_type=\"widget\" data-e-type=\"widget\" data-widget_type=\"jet-button.default\">\n\t\t\t\t<div class=\"elementor-widget-container\">\n\t\t\t\t\t<div class=\"elementor-jet-button jet-elements\"><div class=\"jet-button__container\"><a class=\"jet-button__instance jet-button__instance--icon-left hover-effect-1\" href=\"\/schutzanhaenger-iwell-guard-kaufen\/?utm_source=iwell-guard.com&amp;utm_medium=info-box&amp;utm_campaign=schutzsymbole\"><div class=\"jet-button__plane jet-button__plane-normal\"><\/div><div class=\"jet-button__plane jet-button__plane-hover\"><\/div><div class=\"jet-button__state jet-button__state-normal\"><span class=\"jet-button__label\">Vi\u0161e o iWell Guardu<\/span><\/div><div class=\"jet-button__state jet-button__state-hover\"><span class=\"jet-button__label\">Vi\u0161e o iWell Guardu<\/span><\/div><\/a><\/div><\/div><style>.elementor-element.elementor-element-iwgs-eleggua-ccb .jet-button__instance{width:320px;height:56px;}.elementor-element.elementor-element-iwgs-eleggua-ccb .jet-button__state-normal .jet-button__label{text-align:center;margin:0px 0px 0px 0px;color:#1a1b20;font-family:Montserrat,sans-serif;font-size:13px;font-weight:400;letter-spacing:4px;line-height:1.714em;text-transform:uppercase;}.elementor-element.elementor-element-iwgs-eleggua-ccb .jet-button__state-hover .jet-button__label{text-align:center;margin:0px 0px 0px 0px;color:#FECC76;font-family:Montserrat,sans-serif;font-size:13px;font-weight:400;letter-spacing:4px;line-height:1.714em;text-transform:uppercase;}.elementor-element.elementor-element-iwgs-eleggua-ccb .jet-button__plane-normal{background-color:#FECC76;border-style:solid;border-color:#C99540;border-width:2px 2px 2px 2px;}.elementor-element.elementor-element-iwgs-eleggua-ccb .jet-button__plane-hover{background-color:rgba(0,0,0,0.55);border-style:solid;border-color:#FECC76;border-width:2px 2px 2px 2px;}<\/style>\t\t\t\t<\/div>\n\t\t\t\t<\/div>\n\t\t\t\t<div class=\"elementor-element elementor-element-iwgs-eleggua-ccd elementor-widget elementor-widget-text-editor\" data-id=\"iwgs-eleggua-ccd\" data-element_type=\"widget\" data-e-type=\"widget\" data-widget_type=\"text-editor.default\">\n\t\t\t\t\t\t\t\t\t<p style=\"text-align:center;font-size:13px;opacity:0.7;margin-top:14px\" data-nosnippet=\"true\">Osobna iskustva mogu se razlikovati. Nije medicinski proizvod. Nema obe\u0107anja izlje\u010denja.<\/p>\t\t\t\t\t\t\t\t<\/div>\n\t\t\t\t\t<\/div>\n\t\t\t\t<\/div>\n\t\t\t\t\t<\/div>\n\t\t\t\t<\/div>\n\t\t<div class=\"elementor-element elementor-element-iwgs-eleggua-disc e-flex e-con-boxed e-con e-parent\" data-id=\"iwgs-eleggua-disc\" data-element_type=\"container\" data-e-type=\"container\">\n\t\t\t\t\t<div class=\"e-con-inner\">\n\t\t\t\t<div class=\"elementor-element elementor-element-iwgs-eleggua-discw elementor-widget elementor-widget-html\" data-id=\"iwgs-eleggua-discw\" data-element_type=\"widget\" data-e-type=\"widget\" data-widget_type=\"html.default\">\n\t\t\t\t\t<footer data-nosnippet=\"true\" class=\"iwg-disclaimer-block\"><p data-nosnippet=\"true\">iWell Guard <strong>nije medicinski proizvod<\/strong> i ne zamjenjuje lije\u010dni\u010dko ili psihoterapijsko lije\u010denje. Sadr\u017eaji prikazani ovdje predstavljaju religiolo\u0161ku i kulturno-povijesnu interpretaciju, a ne obe\u0107anje duhovnog djelovanja.<\/p><\/footer>\t\t\t\t<\/div>\n\t\t\t\t\t<\/div>\n\t\t\t\t<\/div>\n\t\t\t\t<\/div>\n\t\t","protected":false},"excerpt":{"rendered":"","protected":false},"author":3,"featured_media":3554,"parent":0,"menu_order":0,"comment_status":"closed","ping_status":"closed","template":"elementor_header_footer","meta":{"_yoast_wpseo_focuskw":"Eleggua","_yoast_wpseo_title":"Eleggua \u2013 za\u0161titna glava santerije","_yoast_wpseo_metadesc":"Eleggua je za\u0161titna glava na ku\u0107nom ulazu u santeriji, izra\u0111ena od cementa s u\u0161icama kauri. Podrijetlo i zna\u010denje obja\u0161njeni na sa\u017eet na\u010din.","_yoast_wpseo_meta-robots-noindex":"","_yoast_wpseo_canonical":"","_angie_page":false,"gefaehrdungsstufe":"","wesen_kultur":"","wesen_klasse":"","footnotes":""},"categories":[],"class_list":["post-149956","page","type-page","status-publish","has-post-thumbnail","hentry"],"yoast_head":"<!-- This site is optimized with the Yoast SEO Premium plugin v27.7 (Yoast SEO v28.3) - https:\/\/yoast.com\/product\/yoast-seo-premium-wordpress\/ -->\n<title>Eleggua \u2013 za\u0161titna glava santerije<\/title>\n<meta name=\"description\" content=\"Eleggua je za\u0161titna glava na ku\u0107nom ulazu u santeriji, izra\u0111ena od cementa s u\u0161icama kauri. Podrijetlo i zna\u010denje obja\u0161njeni na sa\u017eet na\u010din.\" \/>\n<meta name=\"robots\" content=\"index, follow, max-snippet:-1, max-image-preview:large, max-video-preview:-1\" \/>\n<link rel=\"canonical\" href=\"https:\/\/iwell-guard.com\/hr\/eleggua-zastitna-glava-na-ulazu\/\" \/>\n<meta property=\"og:locale\" content=\"hr_HR\" \/>\n<meta property=\"og:type\" content=\"article\" \/>\n<meta property=\"og:title\" content=\"Eleggua \u2013 za\u0161titna glava na ku\u0107nom ulazu\" \/>\n<meta property=\"og:description\" content=\"Eleggua je za\u0161titna glava na ku\u0107nom ulazu u santeriji, izra\u0111ena od cementa s u\u0161icama kauri. Podrijetlo i zna\u010denje obja\u0161njeni na sa\u017eet na\u010din.\" \/>\n<meta property=\"og:url\" content=\"https:\/\/iwell-guard.com\/hr\/eleggua-zastitna-glava-na-ulazu\/\" \/>\n<meta property=\"og:site_name\" content=\"iWell Guard\" \/>\n<meta property=\"article:modified_time\" content=\"2026-09-04T05:36:22+00:00\" \/>\n<meta property=\"og:image\" content=\"https:\/\/iwell-guard.com\/wp-content\/uploads\/2026\/05\/schutzsymbol_afrika_eleggua.webp\" \/>\n\t<meta property=\"og:image:width\" content=\"1024\" \/>\n\t<meta property=\"og:image:height\" content=\"1536\" \/>\n\t<meta property=\"og:image:type\" content=\"image\/webp\" \/>\n<meta name=\"twitter:card\" content=\"summary_large_image\" \/>\n<script type=\"application\/ld+json\" class=\"yoast-schema-graph\">{\"@context\":\"https:\\\/\\\/schema.org\",\"@graph\":[{\"@type\":\"WebPage\",\"@id\":\"https:\\\/\\\/iwell-guard.com\\\/hr\\\/eleggua-zastitna-glava-na-ulazu\\\/\",\"url\":\"https:\\\/\\\/iwell-guard.com\\\/hr\\\/eleggua-zastitna-glava-na-ulazu\\\/\",\"name\":\"Eleggua \u2013 za\u0161titna glava santerije\",\"isPartOf\":{\"@id\":\"https:\\\/\\\/iwell-guard.com\\\/hr\\\/#website\"},\"primaryImageOfPage\":{\"@id\":\"https:\\\/\\\/iwell-guard.com\\\/hr\\\/eleggua-zastitna-glava-na-ulazu\\\/#primaryimage\"},\"image\":{\"@id\":\"https:\\\/\\\/iwell-guard.com\\\/hr\\\/eleggua-zastitna-glava-na-ulazu\\\/#primaryimage\"},\"thumbnailUrl\":\"https:\\\/\\\/iwell-guard.com\\\/wp-content\\\/uploads\\\/2026\\\/05\\\/schutzsymbol_afrika_eleggua.webp\",\"datePublished\":\"2026-09-04T05:14:54+00:00\",\"dateModified\":\"2026-09-04T05:36:22+00:00\",\"description\":\"Eleggua je za\u0161titna glava na ku\u0107nom ulazu u santeriji, izra\u0111ena od cementa s u\u0161icama kauri. Podrijetlo i zna\u010denje obja\u0161njeni na sa\u017eet na\u010din.\",\"breadcrumb\":{\"@id\":\"https:\\\/\\\/iwell-guard.com\\\/hr\\\/eleggua-zastitna-glava-na-ulazu\\\/#breadcrumb\"},\"inLanguage\":\"hr\",\"potentialAction\":[{\"@type\":\"ReadAction\",\"target\":[\"https:\\\/\\\/iwell-guard.com\\\/hr\\\/eleggua-zastitna-glava-na-ulazu\\\/\"]}]},{\"@type\":\"ImageObject\",\"inLanguage\":\"hr\",\"@id\":\"https:\\\/\\\/iwell-guard.com\\\/hr\\\/eleggua-zastitna-glava-na-ulazu\\\/#primaryimage\",\"url\":\"https:\\\/\\\/iwell-guard.com\\\/wp-content\\\/uploads\\\/2026\\\/05\\\/schutzsymbol_afrika_eleggua.webp\",\"contentUrl\":\"https:\\\/\\\/iwell-guard.com\\\/wp-content\\\/uploads\\\/2026\\\/05\\\/schutzsymbol_afrika_eleggua.webp\",\"width\":1024,\"height\":1536,\"caption\":\"Za\u0161titni simbol. Muzejska ilustracija u stilu mrtve prirode.\"},{\"@type\":\"BreadcrumbList\",\"@id\":\"https:\\\/\\\/iwell-guard.com\\\/hr\\\/eleggua-zastitna-glava-na-ulazu\\\/#breadcrumb\",\"itemListElement\":[{\"@type\":\"ListItem\",\"position\":1,\"name\":\"Start\",\"item\":\"https:\\\/\\\/iwell-guard.com\\\/hr\\\/?page_id=149317\"},{\"@type\":\"ListItem\",\"position\":2,\"name\":\"Eleggua \u2013 za\u0161titna glava na ku\u0107nom ulazu\"}]},{\"@type\":\"WebSite\",\"@id\":\"https:\\\/\\\/iwell-guard.com\\\/hr\\\/#website\",\"url\":\"https:\\\/\\\/iwell-guard.com\\\/hr\\\/\",\"name\":\"iWell Guard\",\"description\":\"Schutz vor dunklen Einfl\u00fcssen\",\"publisher\":{\"@id\":\"https:\\\/\\\/iwell-guard.com\\\/hr\\\/#organization\"},\"potentialAction\":[{\"@type\":\"SearchAction\",\"target\":{\"@type\":\"EntryPoint\",\"urlTemplate\":\"https:\\\/\\\/iwell-guard.com\\\/hr\\\/?s={search_term_string}\"},\"query-input\":{\"@type\":\"PropertyValueSpecification\",\"valueRequired\":true,\"valueName\":\"search_term_string\"}}],\"inLanguage\":\"hr\"},{\"@type\":\"Organization\",\"@id\":\"https:\\\/\\\/iwell-guard.com\\\/hr\\\/#organization\",\"name\":\"Ittermann electronic GmbH\",\"url\":\"https:\\\/\\\/iwell-guard.com\\\/hr\\\/\",\"logo\":{\"@type\":\"ImageObject\",\"inLanguage\":\"hr\",\"@id\":\"https:\\\/\\\/iwell-guard.com\\\/hr\\\/#\\\/schema\\\/logo\\\/image\\\/\",\"url\":\"https:\\\/\\\/iwell-guard.com\\\/wp-content\\\/uploads\\\/2026\\\/05\\\/Ittermann-Logo-1182x237-1.png\",\"contentUrl\":\"https:\\\/\\\/iwell-guard.com\\\/wp-content\\\/uploads\\\/2026\\\/05\\\/Ittermann-Logo-1182x237-1.png\",\"width\":1182,\"height\":237,\"caption\":\"Ittermann electronic GmbH\"},\"image\":{\"@id\":\"https:\\\/\\\/iwell-guard.com\\\/hr\\\/#\\\/schema\\\/logo\\\/image\\\/\"},\"sameAs\":[\"https:\\\/\\\/pantip.com\\\/profile\\\/9367242\",\"https:\\\/\\\/micro.blog\\\/iwellguard\",\"https:\\\/\\\/www.diggerslist.com\\\/iwellguard\\\/about\",\"https:\\\/\\\/skitterphoto.com\\\/photographers\\\/2870314\\\/iwell-guard\",\"https:\\\/\\\/iwellguard.wordpress.com\\\/2026\\\/06\\\/06\\\/iwell-guard\\\/\",\"https:\\\/\\\/hub.docker.com\\\/u\\\/iwellguard\",\"https:\\\/\\\/www.pinterest.com\\\/iwellguard\\\/\",\"https:\\\/\\\/bit.ly\\\/m\\\/iwellguard\",\"https:\\\/\\\/entre-vos-mains.alsace.eu\\\/profiles\\\/iwellguard\\\/activity\",\"https:\\\/\\\/gravatar.com\\\/reallybeded8fd34\",\"https:\\\/\\\/naijamatta.com\\\/iwellguard\",\"https:\\\/\\\/www.goodreads.com\\\/iwellguard\",\"https:\\\/\\\/profile.hatena.ne.jp\\\/iwellguard\\\/\",\"https:\\\/\\\/experiment.com\\\/users\\\/iwellguard\",\"https:\\\/\\\/wakelet.com\\\/@iWellGuard82270\",\"https:\\\/\\\/www.chordie.com\\\/forum\\\/profile.php?id=2555664\",\"https:\\\/\\\/www.instapaper.com\\\/p\\\/17757966\",\"https:\\\/\\\/www.mapleprimes.com\\\/users\\\/iwellguard\",\"https:\\\/\\\/businesslistingplus.com\\\/profile\\\/iwell-guard\\\/\",\"https:\\\/\\\/telegra.ph\\\/iWell-Guard-06-06\",\"https:\\\/\\\/pbase.com\\\/iwellguard\\\/iwellguard\",\"https:\\\/\\\/b.hatena.ne.jp\\\/iwellguard\\\/20260607#bookmark-4788405196491818882\",\"https:\\\/\\\/fliphtml5.com\\\/home\\\/iwellguard\",\"https:\\\/\\\/anyflip.com\\\/homepage\\\/cmiwl#About\",\"https:\\\/\\\/transfur.com\\\/Users\\\/iwellguard\",\"http:\\\/\\\/delphi.larsbo.org\\\/user\\\/iwellguard\",\"https:\\\/\\\/jobs.lajobsportal.org\\\/profiles\\\/8380803-iwell-guard\",\"https:\\\/\\\/md.chaosdorf.de\\\/s\\\/jfbe5SBdJD\",\"https:\\\/\\\/www.lingvolive.com\\\/en-us\\\/profile\\\/9ecaeaca-ce11-4e51-9e71-01d55e2bff36\\\/translations\",\"https:\\\/\\\/www.fitday.com\\\/fitness\\\/forums\\\/members\\\/iwellguard.html\",\"https:\\\/\\\/www.mymeetbook.com\\\/iwellguard\",\"https:\\\/\\\/pxhere.com\\\/en\\\/photographer-me\\\/5040798\",\"https:\\\/\\\/disqus.com\\\/by\\\/iwellguard\\\/about\\\/\",\"https:\\\/\\\/pastelink.net\\\/hjwciqwq\",\"https:\\\/\\\/pubhtml5.com\\\/homepage\\\/scjhn\\\/\",\"https:\\\/\\\/www.bitchute.com\\\/channel\\\/2O2eOKzNqujT\",\"https:\\\/\\\/audiomack.com\\\/iwellguard\"]}]}<\/script>\n<!-- \/ Yoast SEO Premium plugin. -->","yoast_head_json":{"title":"Eleggua \u2013 za\u0161titna glava santerije","description":"Eleggua je za\u0161titna glava na ku\u0107nom ulazu u santeriji, izra\u0111ena od cementa s u\u0161icama kauri. Podrijetlo i zna\u010denje obja\u0161njeni na sa\u017eet na\u010din.","robots":{"index":"index","follow":"follow","max-snippet":"max-snippet:-1","max-image-preview":"max-image-preview:large","max-video-preview":"max-video-preview:-1"},"canonical":"https:\/\/iwell-guard.com\/hr\/eleggua-zastitna-glava-na-ulazu\/","og_locale":"hr_HR","og_type":"article","og_title":"Eleggua \u2013 za\u0161titna glava na ku\u0107nom ulazu","og_description":"Eleggua je za\u0161titna glava na ku\u0107nom ulazu u santeriji, izra\u0111ena od cementa s u\u0161icama kauri. Podrijetlo i zna\u010denje obja\u0161njeni na sa\u017eet na\u010din.","og_url":"https:\/\/iwell-guard.com\/hr\/eleggua-zastitna-glava-na-ulazu\/","og_site_name":"iWell Guard","article_modified_time":"2026-09-04T05:36:22+00:00","og_image":[{"width":1024,"height":1536,"url":"https:\/\/iwell-guard.com\/wp-content\/uploads\/2026\/05\/schutzsymbol_afrika_eleggua.webp","type":"image\/webp"}],"twitter_card":"summary_large_image","schema":{"@context":"https:\/\/schema.org","@graph":[{"@type":"WebPage","@id":"https:\/\/iwell-guard.com\/hr\/eleggua-zastitna-glava-na-ulazu\/","url":"https:\/\/iwell-guard.com\/hr\/eleggua-zastitna-glava-na-ulazu\/","name":"Eleggua \u2013 za\u0161titna glava santerije","isPartOf":{"@id":"https:\/\/iwell-guard.com\/hr\/#website"},"primaryImageOfPage":{"@id":"https:\/\/iwell-guard.com\/hr\/eleggua-zastitna-glava-na-ulazu\/#primaryimage"},"image":{"@id":"https:\/\/iwell-guard.com\/hr\/eleggua-zastitna-glava-na-ulazu\/#primaryimage"},"thumbnailUrl":"https:\/\/iwell-guard.com\/wp-content\/uploads\/2026\/05\/schutzsymbol_afrika_eleggua.webp","datePublished":"2026-09-04T05:14:54+00:00","dateModified":"2026-09-04T05:36:22+00:00","description":"Eleggua je za\u0161titna glava na ku\u0107nom ulazu u santeriji, izra\u0111ena od cementa s u\u0161icama kauri. Podrijetlo i zna\u010denje obja\u0161njeni na sa\u017eet na\u010din.","breadcrumb":{"@id":"https:\/\/iwell-guard.com\/hr\/eleggua-zastitna-glava-na-ulazu\/#breadcrumb"},"inLanguage":"hr","potentialAction":[{"@type":"ReadAction","target":["https:\/\/iwell-guard.com\/hr\/eleggua-zastitna-glava-na-ulazu\/"]}]},{"@type":"ImageObject","inLanguage":"hr","@id":"https:\/\/iwell-guard.com\/hr\/eleggua-zastitna-glava-na-ulazu\/#primaryimage","url":"https:\/\/iwell-guard.com\/wp-content\/uploads\/2026\/05\/schutzsymbol_afrika_eleggua.webp","contentUrl":"https:\/\/iwell-guard.com\/wp-content\/uploads\/2026\/05\/schutzsymbol_afrika_eleggua.webp","width":1024,"height":1536,"caption":"Za\u0161titni simbol. Muzejska ilustracija u stilu mrtve prirode."},{"@type":"BreadcrumbList","@id":"https:\/\/iwell-guard.com\/hr\/eleggua-zastitna-glava-na-ulazu\/#breadcrumb","itemListElement":[{"@type":"ListItem","position":1,"name":"Start","item":"https:\/\/iwell-guard.com\/hr\/?page_id=149317"},{"@type":"ListItem","position":2,"name":"Eleggua \u2013 za\u0161titna glava na ku\u0107nom ulazu"}]},{"@type":"WebSite","@id":"https:\/\/iwell-guard.com\/hr\/#website","url":"https:\/\/iwell-guard.com\/hr\/","name":"iWell Guard","description":"Schutz vor dunklen Einfl\u00fcssen","publisher":{"@id":"https:\/\/iwell-guard.com\/hr\/#organization"},"potentialAction":[{"@type":"SearchAction","target":{"@type":"EntryPoint","urlTemplate":"https:\/\/iwell-guard.com\/hr\/?s={search_term_string}"},"query-input":{"@type":"PropertyValueSpecification","valueRequired":true,"valueName":"search_term_string"}}],"inLanguage":"hr"},{"@type":"Organization","@id":"https:\/\/iwell-guard.com\/hr\/#organization","name":"Ittermann electronic GmbH","url":"https:\/\/iwell-guard.com\/hr\/","logo":{"@type":"ImageObject","inLanguage":"hr","@id":"https:\/\/iwell-guard.com\/hr\/#\/schema\/logo\/image\/","url":"https:\/\/iwell-guard.com\/wp-content\/uploads\/2026\/05\/Ittermann-Logo-1182x237-1.png","contentUrl":"https:\/\/iwell-guard.com\/wp-content\/uploads\/2026\/05\/Ittermann-Logo-1182x237-1.png","width":1182,"height":237,"caption":"Ittermann electronic GmbH"},"image":{"@id":"https:\/\/iwell-guard.com\/hr\/#\/schema\/logo\/image\/"},"sameAs":["https:\/\/pantip.com\/profile\/9367242","https:\/\/micro.blog\/iwellguard","https:\/\/www.diggerslist.com\/iwellguard\/about","https:\/\/skitterphoto.com\/photographers\/2870314\/iwell-guard","https:\/\/iwellguard.wordpress.com\/2026\/06\/06\/iwell-guard\/","https:\/\/hub.docker.com\/u\/iwellguard","https:\/\/www.pinterest.com\/iwellguard\/","https:\/\/bit.ly\/m\/iwellguard","https:\/\/entre-vos-mains.alsace.eu\/profiles\/iwellguard\/activity","https:\/\/gravatar.com\/reallybeded8fd34","https:\/\/naijamatta.com\/iwellguard","https:\/\/www.goodreads.com\/iwellguard","https:\/\/profile.hatena.ne.jp\/iwellguard\/","https:\/\/experiment.com\/users\/iwellguard","https:\/\/wakelet.com\/@iWellGuard82270","https:\/\/www.chordie.com\/forum\/profile.php?id=2555664","https:\/\/www.instapaper.com\/p\/17757966","https:\/\/www.mapleprimes.com\/users\/iwellguard","https:\/\/businesslistingplus.com\/profile\/iwell-guard\/","https:\/\/telegra.ph\/iWell-Guard-06-06","https:\/\/pbase.com\/iwellguard\/iwellguard","https:\/\/b.hatena.ne.jp\/iwellguard\/20260607#bookmark-4788405196491818882","https:\/\/fliphtml5.com\/home\/iwellguard","https:\/\/anyflip.com\/homepage\/cmiwl#About","https:\/\/transfur.com\/Users\/iwellguard","http:\/\/delphi.larsbo.org\/user\/iwellguard","https:\/\/jobs.lajobsportal.org\/profiles\/8380803-iwell-guard","https:\/\/md.chaosdorf.de\/s\/jfbe5SBdJD","https:\/\/www.lingvolive.com\/en-us\/profile\/9ecaeaca-ce11-4e51-9e71-01d55e2bff36\/translations","https:\/\/www.fitday.com\/fitness\/forums\/members\/iwellguard.html","https:\/\/www.mymeetbook.com\/iwellguard","https:\/\/pxhere.com\/en\/photographer-me\/5040798","https:\/\/disqus.com\/by\/iwellguard\/about\/","https:\/\/pastelink.net\/hjwciqwq","https:\/\/pubhtml5.com\/homepage\/scjhn\/","https:\/\/www.bitchute.com\/channel\/2O2eOKzNqujT","https:\/\/audiomack.com\/iwellguard"]}]}},"_links":{"self":[{"href":"https:\/\/iwell-guard.com\/hr\/wp-json\/wp\/v2\/pages\/149956","targetHints":{"allow":["GET"]}}],"collection":[{"href":"https:\/\/iwell-guard.com\/hr\/wp-json\/wp\/v2\/pages"}],"about":[{"href":"https:\/\/iwell-guard.com\/hr\/wp-json\/wp\/v2\/types\/page"}],"author":[{"embeddable":true,"href":"https:\/\/iwell-guard.com\/hr\/wp-json\/wp\/v2\/users\/3"}],"replies":[{"embeddable":true,"href":"https:\/\/iwell-guard.com\/hr\/wp-json\/wp\/v2\/comments?post=149956"}],"version-history":[{"count":0,"href":"https:\/\/iwell-guard.com\/hr\/wp-json\/wp\/v2\/pages\/149956\/revisions"}],"wp:featuredmedia":[{"embeddable":true,"href":"https:\/\/iwell-guard.com\/hr\/wp-json\/wp\/v2\/media\/3554"}],"wp:attachment":[{"href":"https:\/\/iwell-guard.com\/hr\/wp-json\/wp\/v2\/media?parent=149956"}],"wp:term":[{"taxonomy":"category","embeddable":true,"href":"https:\/\/iwell-guard.com\/hr\/wp-json\/wp\/v2\/categories?post=149956"}],"curies":[{"name":"wp","href":"https:\/\/api.w.org\/{rel}","templated":true}]}}