{"id":149911,"date":"2026-09-04T05:14:32","date_gmt":"2026-09-04T05:14:32","guid":{"rendered":"https:\/\/iwell-guard.com\/?page_id=149911"},"modified":"2026-09-04T05:35:16","modified_gmt":"2026-09-04T05:35:16","slug":"awen-znak-nadahnuca","status":"publish","type":"page","link":"https:\/\/iwell-guard.com\/hr\/awen-znak-nadahnuca\/","title":{"rendered":"Awen \u2013 znak nadahnu\u0107a"},"content":{"rendered":"\t\t<div data-elementor-type=\"wp-page\" data-elementor-id=\"149911\" class=\"elementor elementor-149911 elementor-3665 elementor-bc-flex-widget\" data-elementor-post-type=\"page\">\n\t\t\t\t<div class=\"elementor-element elementor-element-iwgs-awen-hero e-flex e-con-boxed e-con e-parent\" data-id=\"iwgs-awen-hero\" data-element_type=\"container\" data-e-type=\"container\">\n\t\t\t\t\t<div class=\"e-con-inner\">\n\t\t<div class=\"elementor-element elementor-element-iwgs-awen-hl e-flex e-con-boxed e-con e-parent\" data-id=\"iwgs-awen-hl\" data-element_type=\"container\" data-e-type=\"container\">\n\t\t\t\t\t<div class=\"e-con-inner\">\n\t\t<div class=\"elementor-element elementor-element-iwgs-awen-hlbox e-con-full e-flex e-con e-parent\" data-id=\"iwgs-awen-hlbox\" data-element_type=\"container\" data-e-type=\"container\">\n\t\t\t\t<div class=\"elementor-element elementor-element-iwgs-awen-h1 elementor-widget elementor-widget-heading\" data-id=\"iwgs-awen-h1\" data-element_type=\"widget\" data-e-type=\"widget\" data-widget_type=\"heading.default\">\n\t\t\t\t\t<h1 class=\"elementor-heading-title elementor-size-default\">Awen \u2013 znak pjesni\u010dkog nadahnu\u0107a<\/h1>\t\t\t\t<\/div>\n\t\t\t\t<div class=\"elementor-element elementor-element-iwgs-awen-lead elementor-widget elementor-widget-text-editor\" data-id=\"iwgs-awen-lead\" data-element_type=\"widget\" data-e-type=\"widget\" data-widget_type=\"text-editor.default\">\n\t\t\t\t\t\t\t\t\t<p>Awen je znak od tri zrake, \u010desto s tri to\u010dke iznad njih. Predstavlja pjesni\u010dko nadahnu\u0107e. Rije\u010d je stara, dok je sam <span class=\"iwg-fachbegriff\" data-tooltip=\"Znak koji simbolizira neku ideju ili zna\u010denje.\" tabindex=\"0\">simbol<\/span> nastao tek u 18. stolje\u0107u.<\/p>\t\t\t\t\t\t\t\t<\/div>\n\t\t\t\t<\/div>\n\t\t\t\t<div class=\"elementor-element elementor-element-iwgs-awen-pills elementor-widget elementor-widget-html\" data-id=\"iwgs-awen-pills\" data-element_type=\"widget\" data-e-type=\"widget\" data-widget_type=\"html.default\">\n\t\t\t\t\t<div class=\"iwg-pill-row\"><span class=\"iwg-klasse-badge\" tabindex=\"0\" data-tooltip=\"Za\u0161titni simbol, amulet ili apotropejski predmet.\">Za\u0161titni simbol<\/span><a href=\"https:\/\/iwell-guard.com\/hr\/keltski\/\" class=\"iwg-kultur-badge\" tabindex=\"0\" data-tooltip=\"Za\u0161titna tradicija: keltska\">Keltski<\/a><span class=\"iwg-tradition-badge\" tabindex=\"0\" data-tooltip=\"Znak koji simboli\u010dki predstavlja neko zna\u010denje.\">Simbol<\/span><\/div>\t\t\t\t<\/div>\n\t\t\t\t\t<\/div>\n\t\t\t\t<\/div>\n\t\t<div class=\"elementor-element elementor-element-iwgs-awen-hr e-con-full e-flex e-con e-parent\" data-id=\"iwgs-awen-hr\" data-element_type=\"container\" data-e-type=\"container\">\n\t\t\t\t<div class=\"elementor-element elementor-element-iwgs-awen-himg iwg-hero-image elementor-widget elementor-widget-image\" data-id=\"iwgs-awen-himg\" data-element_type=\"widget\" data-e-type=\"widget\" data-widget_type=\"image.default\">\n\t\t\t\t\t\t\t\t\t\t\t\t\t\t\t<img fetchpriority=\"high\" decoding=\"async\" width=\"683\" height=\"1024\" src=\"https:\/\/iwell-guard.com\/wp-content\/uploads\/2026\/05\/schutzsymbol_keltisch_awen-683x1024.webp\" class=\"attachment-large size-large wp-image-151300\" alt=\"Awen \u2013 za\u0161titni simbol, muzejska ilustracija\" srcset=\"https:\/\/iwell-guard.com\/wp-content\/uploads\/2026\/05\/schutzsymbol_keltisch_awen-683x1024.webp 683w, https:\/\/iwell-guard.com\/wp-content\/uploads\/2026\/05\/schutzsymbol_keltisch_awen-200x300.webp 200w, https:\/\/iwell-guard.com\/wp-content\/uploads\/2026\/05\/schutzsymbol_keltisch_awen-768x1152.webp 768w, https:\/\/iwell-guard.com\/wp-content\/uploads\/2026\/05\/schutzsymbol_keltisch_awen.webp 1024w\" sizes=\"(max-width: 683px) 100vw, 683px\" \/>\t\t\t\t\t\t\t\t\t\t\t\t\t\t\t<\/div>\n\t\t\t\t<\/div>\n\t\t\t\t\t<\/div>\n\t\t\t\t<\/div>\n\t\t<div class=\"elementor-element elementor-element-iwgs-awen-s0 e-flex e-con-boxed e-con e-parent\" data-id=\"iwgs-awen-s0\" data-element_type=\"container\" data-e-type=\"container\">\n\t\t\t\t\t<div class=\"e-con-inner\">\n\t\t\t\t<div class=\"elementor-element elementor-element-iwgs-awen-s0h elementor-widget elementor-widget-heading\" data-id=\"iwgs-awen-s0h\" data-element_type=\"widget\" data-e-type=\"widget\" data-widget_type=\"heading.default\">\n\t\t\t\t\t<h2 class=\"elementor-heading-title elementor-size-default\">Uvod<\/h2>\t\t\t\t<\/div>\n\t\t<div class=\"elementor-element elementor-element-iwgs-awen-s0box e-con-full e-flex e-con e-parent\" data-id=\"iwgs-awen-s0box\" data-element_type=\"container\" data-e-type=\"container\">\n\t\t\t\t<div class=\"elementor-element elementor-element-iwgs-awen-s0t elementor-widget elementor-widget-text-editor\" data-id=\"iwgs-awen-s0t\" data-element_type=\"widget\" data-e-type=\"widget\" data-widget_type=\"text-editor.default\">\n\t\t\t\t\t\t\t\t\t<p>Awen je znak iz <a href=\"https:\/\/iwell-guard.com\/hr\/keltski\/\">keltske<\/a> tradicije, to\u010dnije iz vel\u0161ke <span class=\"iwg-fachbegriff\" data-tooltip=\"Preno\u0161enje znanja i pri\u010da kroz generacije.\" tabindex=\"0\">predaje<\/span>. Sastoji se od tri zrake ili linije koje se prema dolje razilaze, a iznad njih obi\u010dno stoje tri to\u010dke.<\/p><p>Rije\u010d Awen dolazi iz vel\u0161kog jezika. Ozna\u010dava pjesni\u010dko nadahnu\u0107e, stvarala\u010dki poticaj, gotovo dah ili udah iz kojega proizlaze poezija i spoznaja.<\/p><p>Awen je time prije svega znak nadahnu\u0107a i stvarala\u010dke snage. Nije za\u0161titni amulet u u\u017eem smislu, nego znak koji nosi zna\u010denje.<\/p><p>U dana\u0161njoj upotrebi Awen ipak nosi i za\u0161titno i blagoslivljaju\u0107e zna\u010denje. U suvremenim druidskim pokretima to je znak duhovne povezanosti koji se nosi i kao znak za\u0161tite i blagoslova.<\/p><p>Pri razumijevanju Awena va\u017eno je precizno razlikovanje. Rije\u010d Awen je stara i se\u017ee u srednjovjekovnu vel\u0161ku <span class=\"iwg-fachbegriff\" data-tooltip=\"Preno\u0161enje znanja i pri\u010da kroz generacije.\" tabindex=\"0\">predaju<\/span>. <span class=\"iwg-fachbegriff\" data-tooltip=\"Znak koji simbolizira neku ideju ili zna\u010denje.\" tabindex=\"0\">Simbol<\/span> od tri zrake, s druge strane, znatno je mla\u0111i.<\/p><p>Ova razlika izme\u0111u stare rije\u010di i mladog <span class=\"iwg-fachbegriff\" data-tooltip=\"Znak koji simbolizira neku ideju ili zna\u010denje.\" tabindex=\"0\">simbola<\/span> prote\u017ee se kroz cijeli prikaz. Osobito je va\u017ena jer se Awen \u010desto pau\u0161alno prikazuje kao staro keltsko znamenje.<\/p>\t\t\t\t\t\t\t\t<\/div>\n\t\t\t\t<\/div>\n\t\t\t\t\t<\/div>\n\t\t\t\t<\/div>\n\t\t<div class=\"elementor-element elementor-element-iwgs-awen-s1 e-flex e-con-boxed e-con e-parent\" data-id=\"iwgs-awen-s1\" data-element_type=\"container\" data-e-type=\"container\">\n\t\t\t\t\t<div class=\"e-con-inner\">\n\t\t\t\t<div class=\"elementor-element elementor-element-iwgs-awen-s1h elementor-widget elementor-widget-heading\" data-id=\"iwgs-awen-s1h\" data-element_type=\"widget\" data-e-type=\"widget\" data-widget_type=\"heading.default\">\n\t\t\t\t\t<h2 class=\"elementor-heading-title elementor-size-default\">Rije\u010d Awen<\/h2>\t\t\t\t<\/div>\n\t\t<div class=\"elementor-element elementor-element-iwgs-awen-s1box e-con-full e-flex e-con e-parent\" data-id=\"iwgs-awen-s1box\" data-element_type=\"container\" data-e-type=\"container\">\n\t\t\t\t<div class=\"elementor-element elementor-element-iwgs-awen-s1t elementor-widget elementor-widget-text-editor\" data-id=\"iwgs-awen-s1t\" data-element_type=\"widget\" data-e-type=\"widget\" data-widget_type=\"text-editor.default\">\n\t\t\t\t\t\t\t\t\t<p>Pojam Awen je star. Potvr\u0111en je u srednjovjekovnoj vel\u0161koj knji\u017eevnosti, gdje ozna\u010dava pjesni\u010dko nadahnu\u0107e.<\/p><p>Vel\u0161ka <span class=\"iwg-fachbegriff\" data-tooltip=\"Preno\u0161enje znanja i pri\u010da kroz generacije.\" tabindex=\"0\">predaja<\/span> poznavala je lik barda, pjesnika i pjeva\u010da. Poezija se nije smatrala samo vje\u0161tinom, nego darom koji je pjesniku pristizao. Taj pristi\u017eu\u0107i dar jest Awen.<\/p><p>Awen se tako shva\u0107ao kao snaga koja dolazi izvana ili odozgo. Pjesnik ju je primao, nije je stvarao sam iz sebe. Bila je gotovo poput daha koji ga je ispunjavao.<\/p><p>U vel\u0161kim pripovijestima Awen se povezuje s odre\u0111enim likovima. Poznata je pri\u010da o kotlu iz kojega se dobiva nadahnu\u0107e, i o pjesniku koji time postaje vidjelac i pjeva\u010d.<\/p><p>Rije\u010d Awen pripada dakle stvarnoj, staroj tradiciji. Vel\u0161ka kultura poznavala je taj pojam i predod\u017ebu o pristi\u017eu\u0107em pjesni\u010dkom nadahnu\u0107u.<\/p><p>Ono \u0161to stara <span class=\"iwg-fachbegriff\" data-tooltip=\"Preno\u0161enje znanja i pri\u010da kroz generacije.\" tabindex=\"0\">predaja<\/span> ipak ne poznaje, jest odre\u0111eni nacrtani <span class=\"iwg-fachbegriff\" data-tooltip=\"Znak koji simbolizira neku ideju ili zna\u010denje.\" tabindex=\"0\">simbol<\/span> za Awen. Rije\u010d je stara, znak od tri zrake nije.<\/p>\t\t\t\t\t\t\t\t<\/div>\n\t\t\t\t<\/div>\n\t\t\t\t\t<\/div>\n\t\t\t\t<\/div>\n\t\t<div class=\"elementor-element elementor-element-iwgs-awen-s2 e-flex e-con-boxed e-con e-parent\" data-id=\"iwgs-awen-s2\" data-element_type=\"container\" data-e-type=\"container\">\n\t\t\t\t\t<div class=\"e-con-inner\">\n\t\t\t\t<div class=\"elementor-element elementor-element-iwgs-awen-s2h elementor-widget elementor-widget-heading\" data-id=\"iwgs-awen-s2h\" data-element_type=\"widget\" data-e-type=\"widget\" data-widget_type=\"heading.default\">\n\t\t\t\t\t<h2 class=\"elementor-heading-title elementor-size-default\">Simbol triju zraka<\/h2>\t\t\t\t<\/div>\n\t\t<div class=\"elementor-element elementor-element-iwgs-awen-s2box e-con-full e-flex e-con e-parent\" data-id=\"iwgs-awen-s2box\" data-element_type=\"container\" data-e-type=\"container\">\n\t\t\t\t<div class=\"elementor-element elementor-element-iwgs-awen-s2t elementor-widget elementor-widget-text-editor\" data-id=\"iwgs-awen-s2t\" data-element_type=\"widget\" data-e-type=\"widget\" data-widget_type=\"text-editor.default\">\n\t\t\t\t\t\t\t\t\t<p>Nacrtani Awen-<span class=\"iwg-fachbegriff\" data-tooltip=\"Znak koji simbolizira neku ideju ili zna\u010denje.\" tabindex=\"0\">simbol<\/span> sastoji se od tri zrake. One se razilaze odozgo prema dolje, a iznad njih obi\u010dno stoje tri to\u010dke. Cijeli znak \u010desto je uokviren jednim ili vi\u0161e krugova.<\/p><p>Ovaj <span class=\"iwg-fachbegriff\" data-tooltip=\"Znak koji simbolizira neku ideju ili zna\u010denje.\" tabindex=\"0\">simbol<\/span> nije star. Nastao je krajem 18. stolje\u0107a. Njegov tvorac bio je Vel\u0161anin Edward Williams, poznat pod imenom Iolo Morganwg.<\/p><p>Iolo Morganwg bio je pjesnik i sakuplja\u010d koji se strastveno zalagao za vel\u0161ku ba\u0161tinu. Osnovao je skup\u0161tinu vel\u0161kih pjesnika i za taj pokret razvio vlastiti simboli\u010dki svijet.<\/p><p>Za taj novodobni druidski pokret Iolo Morganwg stvorio je Awen-<span class=\"iwg-fachbegriff\" data-tooltip=\"Znak koji simbolizira neku ideju ili zna\u010denje.\" tabindex=\"0\">simbol<\/span> od tri zrake. Bila je to novotvorevina, iako se oslanjala na stare pojmove i predod\u017ebe.<\/p><p>Iolo Morganwg je pojedine stvari prikazivao starima, a zapravo ih je sam stvorio ili oblikovao. Istra\u017eivanja su to poslije razotkrila. Awen-<span class=\"iwg-fachbegriff\" data-tooltip=\"Znak koji simbolizira neku ideju ili zna\u010denje.\" tabindex=\"0\">simbol<\/span> pripada tim tvorevinama 18. stolje\u0107a.<\/p><p>Time je jasna razlika. Rije\u010d Awen je srednjovjekovna i izvorna. Nacrtani <span class=\"iwg-fachbegriff\" data-tooltip=\"Znak koji simbolizira neku ideju ili zna\u010denje.\" tabindex=\"0\">simbol<\/span> od tri zrake tvorevina je kasnog 18. stolje\u0107a. Oboje pripada zajedno, ali su razli\u010dite starosti.<\/p>\t\t\t\t\t\t\t\t<\/div>\n\t\t\t\t<\/div>\n\t\t\t\t\t<\/div>\n\t\t\t\t<\/div>\n\t\t<div class=\"elementor-element elementor-element-iwgs-awen-s3 e-flex e-con-boxed e-con e-parent\" data-id=\"iwgs-awen-s3\" data-element_type=\"container\" data-e-type=\"container\">\n\t\t\t\t\t<div class=\"e-con-inner\">\n\t\t\t\t<div class=\"elementor-element elementor-element-iwgs-awen-s3h elementor-widget elementor-widget-heading\" data-id=\"iwgs-awen-s3h\" data-element_type=\"widget\" data-e-type=\"widget\" data-widget_type=\"heading.default\">\n\t\t\t\t\t<h2 class=\"elementor-heading-title elementor-size-default\">Iolo Morganwg i vel\u0161ko preporod<\/h2>\t\t\t\t<\/div>\n\t\t<div class=\"elementor-element elementor-element-iwgs-awen-s3box e-con-full e-flex e-con e-parent\" data-id=\"iwgs-awen-s3box\" data-element_type=\"container\" data-e-type=\"container\">\n\t\t\t\t<div class=\"elementor-element elementor-element-iwgs-awen-s3t elementor-widget elementor-widget-text-editor\" data-id=\"iwgs-awen-s3t\" data-element_type=\"widget\" data-e-type=\"widget\" data-widget_type=\"text-editor.default\">\n\t\t\t\t\t\t\t\t\t<p>Za razumijevanje Awen-<span class=\"iwg-fachbegriff\" data-tooltip=\"Znak koji zastupa neku predod\u017ebu ili zna\u010denje.\" tabindex=\"0\">simbola<\/span> vrijedi pogledati vrijeme njegova nastanka. Kasno 18. stolje\u0107e bilo je razdoblje u kojem je sna\u017eno raslo zanimanje za stare kulture Britanskih otoka.<\/p><p>U Walesu je nastao pokret koji je htio njegovati i o\u017eivjeti valjsku ba\u0161tinu, valjski jezik i valjsko pjesni\u0161tvo. Iolo Morganwg bio je jedna od pokreta\u010dkih li\u010dnosti toga pokreta.<\/p><p>Osnovao je sve\u010dani skup pjesnika koji se nadovezivao na stare predod\u017ebe o bardima i druidima. Za taj skup stvorio je obi\u010daje, obrede i znakove.<\/p><p>Awen-<span class=\"iwg-fachbegriff\" data-tooltip=\"Znak koji zastupa neku predod\u017ebu ili zna\u010denje.\" tabindex=\"0\">simbol<\/span> pripada toj tvorevini. Od po\u010detka je bio znak modernog druidskog pokreta, a ne preno\u0161eni stari <span class=\"iwg-fachbegriff\" data-tooltip=\"Znak koji zastupa neku predod\u017ebu ili zna\u010denje.\" tabindex=\"0\">simbol<\/span>.<\/p><p>Taj pokret nije bio pusta prijevara. Bio je no\u0161en istinskim entuzijazmom za valjsku ba\u0161tinu i mnogo je doprinio njegovanju valjske kulture. Neki njegovi obi\u010daji traju do danas.<\/p><p>Ipak, bio je to pokret novoga doba koji je htio o\u017eivjeti staro, ali i stvoriti novo. Awen-<span class=\"iwg-fachbegriff\" data-tooltip=\"Znak koji zastupa neku predod\u017ebu ili zna\u010denje.\" tabindex=\"0\">simbol<\/span> proizvod je toga pokreta i posteno je da ga se tako i naziva.<\/p>\t\t\t\t\t\t\t\t<\/div>\n\t\t\t\t<\/div>\n\t\t\t\t\t<\/div>\n\t\t\t\t<\/div>\n\t\t<div class=\"elementor-element elementor-element-iwgs-awen-s4 e-flex e-con-boxed e-con e-parent\" data-id=\"iwgs-awen-s4\" data-element_type=\"container\" data-e-type=\"container\">\n\t\t\t\t\t<div class=\"e-con-inner\">\n\t\t\t\t<div class=\"elementor-element elementor-element-iwgs-awen-s4h elementor-widget elementor-widget-heading\" data-id=\"iwgs-awen-s4h\" data-element_type=\"widget\" data-e-type=\"widget\" data-widget_type=\"heading.default\">\n\t\t\t\t\t<h2 class=\"elementor-heading-title elementor-size-default\">Tuma\u010denje znaka<\/h2>\t\t\t\t<\/div>\n\t\t<div class=\"elementor-element elementor-element-iwgs-awen-s4box e-con-full e-flex e-con e-parent\" data-id=\"iwgs-awen-s4box\" data-element_type=\"container\" data-e-type=\"container\">\n\t\t\t\t<div class=\"elementor-element elementor-element-iwgs-awen-s4t elementor-widget elementor-widget-text-editor\" data-id=\"iwgs-awen-s4t\" data-element_type=\"widget\" data-e-type=\"widget\" data-widget_type=\"text-editor.default\">\n\t\t\t\t\t\t\t\t\t<p>Awen-<span class=\"iwg-fachbegriff\" data-tooltip=\"Znak koji zastupa neku predod\u017ebu ili zna\u010denje.\" tabindex=\"0\">simbol<\/span> od tri zrake povezan je s tuma\u010denjem koje obja\u0161njava njegove dijelove. To tuma\u010denje pripada modernoj druidskoj tradiciji.<\/p><p>Tri zrake tuma\u010de se na razli\u010dite na\u010dine. Pro\u0161ireno je tuma\u010denje po kojem predstavljaju tri zrake svjetla ili tri vida bo\u017eanskog djelovanja.<\/p><p>Tri to\u010dke iznad zraka tako\u0111er se tuma\u010de, na primjer kao to\u010dke iz kojih izvire svjetlost ili kao simboli temeljnih sila. I krugovi koji ih okru\u017euju nose odre\u0111eno zna\u010denje.<\/p><p>U cjelini, Awen-<span class=\"iwg-fachbegriff\" data-tooltip=\"Znak koji zastupa neku predod\u017ebu ili zna\u010denje.\" tabindex=\"0\">simbol<\/span> predstavlja nadahnu\u0107e, stvarala\u010dki poticaj i skladno djelovanje sila. To je znak duhovne stvarala\u010dke mo\u0107i.<\/p><p>Ova tuma\u010denja su smislena i puna zna\u010denja za prista\u0161e druidskog pokreta. Ona pripadaju \u017eivoj sada\u0161njosti tog znaka.<\/p><p>Va\u017eno je znati da su ta tuma\u010denja dio moderne druidske tradicije. Nisu staro, preno\u0161eno znanje, ve\u0107 pripadaju svijetu simbola koji se razvija od 18. stolje\u0107a.<\/p>\t\t\t\t\t\t\t\t<\/div>\n\t\t\t\t<\/div>\n\t\t\t\t\t<\/div>\n\t\t\t\t<\/div>\n\t\t<div class=\"elementor-element elementor-element-iwgs-awen-s5 e-flex e-con-boxed e-con e-parent\" data-id=\"iwgs-awen-s5\" data-element_type=\"container\" data-e-type=\"container\">\n\t\t\t\t\t<div class=\"e-con-inner\">\n\t\t\t\t<div class=\"elementor-element elementor-element-iwgs-awen-s5h elementor-widget elementor-widget-heading\" data-id=\"iwgs-awen-s5h\" data-element_type=\"widget\" data-e-type=\"widget\" data-widget_type=\"heading.default\">\n\t\t\t\t\t<h2 class=\"elementor-heading-title elementor-size-default\">Awen kao znak za\u0161tite i blagoslova<\/h2>\t\t\t\t<\/div>\n\t\t<div class=\"elementor-element elementor-element-iwgs-awen-s5box e-con-full e-flex e-con e-parent\" data-id=\"iwgs-awen-s5box\" data-element_type=\"container\" data-e-type=\"container\">\n\t\t\t\t<div class=\"elementor-element elementor-element-iwgs-awen-s5t elementor-widget elementor-widget-text-editor\" data-id=\"iwgs-awen-s5t\" data-element_type=\"widget\" data-e-type=\"widget\" data-widget_type=\"text-editor.default\">\n\t\t\t\t\t\t\t\t\t<p>Awen je prije svega znak nadahnu\u0107a, a ne odbojni za\u0161titni amulet. U dana\u0161njoj upotrebi ipak nosi i za\u0161titno i blagoslovno zna\u010denje.<\/p><p>U modernim druidskim pokretima Awen se koristi kao sredi\u0161nji vjerski i prepoznatljivi znak. Onaj koji ga nosi izra\u017eava pripadnost toj duhovnoj tradiciji.<\/p><p>U tom smislu Awen dobiva vezu sa za\u0161titom. Svog nositelja stavlja pod znak nadahnu\u0107a i duhovne povezanosti te se smatra znakom blagoslova i dobre sile.<\/p><p>Time Awen manje pripada odbojnim <span class=\"iwg-fachbegriff\" data-tooltip=\"Mno\u017eina od apotropejon: predmeti i znakovi koji odbijaju zlo.\" tabindex=\"0\">apotropejima<\/span>, a vi\u0161e znakovima blagoslova. Ne odbija strahom i ne odvra\u0107a pogled, ve\u0107 stavlja pod dobru, stvarala\u010dku silu.<\/p><p>U tom pogledu Awen sli\u010di drugim znakovima blagoslova koji ne odbijaju, ve\u0107 <span class=\"iwg-fachbegriff\" data-tooltip=\"Predati predmet, mjesto ili osobu svetom putem religijskog \u010dina.\" tabindex=\"0\">posve\u0107uju<\/span> i stavljaju pod dobar predznak. Njegova za\u0161tita je povezanost s nadahnjuju\u0107om silom.<\/p><p>Za to\u010dan prikaz va\u017eno je Awen pravilno smjestiti. To je moderni znak nadahnu\u0107a i duhovnog blagoslova koji je u druidskom pokretu dobio i za\u0161titno zna\u010denje.<\/p>\t\t\t\t\t\t\t\t<\/div>\n\t\t\t\t<\/div>\n\t\t\t\t\t<\/div>\n\t\t\t\t<\/div>\n\t\t<div class=\"elementor-element elementor-element-iwgs-awen-s6 e-flex e-con-boxed e-con e-parent\" data-id=\"iwgs-awen-s6\" data-element_type=\"container\" data-e-type=\"container\">\n\t\t\t\t\t<div class=\"e-con-inner\">\n\t\t\t\t<div class=\"elementor-element elementor-element-iwgs-awen-s6h elementor-widget elementor-widget-heading\" data-id=\"iwgs-awen-s6h\" data-element_type=\"widget\" data-e-type=\"widget\" data-widget_type=\"heading.default\">\n\t\t\t\t\t<h2 class=\"elementor-heading-title elementor-size-default\">Moderni druidski pokret<\/h2>\t\t\t\t<\/div>\n\t\t<div class=\"elementor-element elementor-element-iwgs-awen-s6box e-con-full e-flex e-con e-parent\" data-id=\"iwgs-awen-s6box\" data-element_type=\"container\" data-e-type=\"container\">\n\t\t\t\t<div class=\"elementor-element elementor-element-iwgs-awen-s6t elementor-widget elementor-widget-text-editor\" data-id=\"iwgs-awen-s6t\" data-element_type=\"widget\" data-e-type=\"widget\" data-widget_type=\"text-editor.default\">\n\t\t\t\t\t\t\t\t\t<p>Awen-<span class=\"iwg-fachbegriff\" data-tooltip=\"Znak koji zastupa neku predod\u017ebu ili zna\u010denje.\" tabindex=\"0\">simbol<\/span> tijesno je povezan s modernim druidskim pokretom. Taj se pokret poziva na stare druide, sve\u0107enike i u\u010dene ljude keltskog svijeta.<\/p><p>O povijesnim druidima pouzdano se zna malo. Nisu ostavili vlastite spise. Znanje o njima temelji se na malobrojnim vanjskim izvje\u0161tajima, prije svega iz anti\u010dke knji\u017eevnosti.<\/p><p>Moderni druidski pokret nastao je tek u novom vijeku, od 18. stolje\u0107a nadalje. On nije neprekinut nastavak starih druida, ve\u0107 novovjekovna tvorevina koja se poziva na tu staru li\u010dnost.<\/p><p>Unutar tog pokreta postoje razne struje. Neki se smatraju kulturnim pokretom za njegovanje keltske ba\u0161tine, drugi vjerskom ili duhovnom zajednicom.<\/p><p>U svim tim strujama Awen je povezuju\u0107i znak. On je gotovo prepoznatljivi znak modernog druidskog pokreta, sli\u010dno kao kri\u017e za kr\u0161\u0107anstvo.<\/p><p>Awen je time dobar primjer znaka koji je stvoren u modernom pokretu i koji u tom pokretu ima sredi\u0161nje mjesto. Mlad je, ali \u010dvrsto ukorijenjen u svojoj tradiciji.<\/p>\t\t\t\t\t\t\t\t<\/div>\n\t\t\t\t<\/div>\n\t\t\t\t\t<\/div>\n\t\t\t\t<\/div>\n\t\t<div class=\"elementor-element elementor-element-iwgs-awen-s7 e-flex e-con-boxed e-con e-parent\" data-id=\"iwgs-awen-s7\" data-element_type=\"container\" data-e-type=\"container\">\n\t\t\t\t\t<div class=\"e-con-inner\">\n\t\t\t\t<div class=\"elementor-element elementor-element-iwgs-awen-s7h elementor-widget elementor-widget-heading\" data-id=\"iwgs-awen-s7h\" data-element_type=\"widget\" data-e-type=\"widget\" data-widget_type=\"heading.default\">\n\t\t\t\t\t<h2 class=\"elementor-heading-title elementor-size-default\">Stara rije\u010d, mladi znak<\/h2>\t\t\t\t<\/div>\n\t\t<div class=\"elementor-element elementor-element-iwgs-awen-s7box e-con-full e-flex e-con e-parent\" data-id=\"iwgs-awen-s7box\" data-element_type=\"container\" data-e-type=\"container\">\n\t\t\t\t<div class=\"elementor-element elementor-element-iwgs-awen-s7t elementor-widget elementor-widget-text-editor\" data-id=\"iwgs-awen-s7t\" data-element_type=\"widget\" data-e-type=\"widget\" data-widget_type=\"text-editor.default\">\n\t\t\t\t\t\t\t\t\t<p>Kod Awena je razlikovanje starog izraza od mlade oznake klju\u010dna to\u010dka. Oboje pripada zajedno, ali su razli\u010dite starosti, i to bi trebalo jasno navesti.<\/p><p>Rije\u010d Awen je stara. Zabilje\u017eena je u srednjovjekovnoj vel\u0161koj knji\u017eevnosti, gdje ozna\u010dava pjesni\u010dko nadahnu\u0107e. Predod\u017eba o dotjecaju\u0107em stvarala\u010dkom daru je izvorna i predana kroz predaju.<\/p><p>Nacrtani <span class=\"iwg-fachbegriff\" data-tooltip=\"Znak koji predstavlja neku predod\u017ebu ili zna\u010denje.\" tabindex=\"0\">simbol<\/span> od tri zrake je, naprotiv, mlad. Nastao je krajem 18. stolje\u0107a kao djelo Iola Morganwga za moderni druidski pokret.<\/p><p>Ovo razlikovanje nije usputna napomena. U dana\u0161njoj slici Awen-<span class=\"iwg-fachbegriff\" data-tooltip=\"Znak koji predstavlja neku predod\u017ebu ili zna\u010denje.\" tabindex=\"0\">simbol<\/span> se \u010desto prikazuje kao prastari keltski ili druidski znak. Takav prikaz nije \u010dinjeni\u010dno odr\u017eiv.<\/p><p>Ispravno je, naprotiv, ovako: stara rije\u010d i stara predod\u017eba povezane su u 18. stolje\u0107u s novostvorenim <span class=\"iwg-fachbegriff\" data-tooltip=\"Znak koji predstavlja neku predod\u017ebu ili zna\u010denje.\" tabindex=\"0\">simbolom<\/span>. Taj se <span class=\"iwg-fachbegriff\" data-tooltip=\"Znak koji predstavlja neku predod\u017ebu ili zna\u010denje.\" tabindex=\"0\">simbol<\/span> nadovezuje na staro, ali je sam po sebi novotvorina.<\/p><p>Iskren prikaz Awena navodi oboje. Vrednuje staru rije\u010d i staru predod\u017ebu nadahnu\u0107a, a <span class=\"iwg-fachbegriff\" data-tooltip=\"Znak koji predstavlja neku predod\u017ebu ili zna\u010denje.\" tabindex=\"0\">simbol<\/span> jasno svrstava kao tvorevinu novog doba. Tako se Awen ne umjetno postarava, ali mu se ni zna\u010denje ne umanjuje.<\/p>\t\t\t\t\t\t\t\t<\/div>\n\t\t\t\t<\/div>\n\t\t\t\t\t<\/div>\n\t\t\t\t<\/div>\n\t\t<div class=\"elementor-element elementor-element-iwgs-awen-s8 e-flex e-con-boxed e-con e-parent\" data-id=\"iwgs-awen-s8\" data-element_type=\"container\" data-e-type=\"container\">\n\t\t\t\t\t<div class=\"e-con-inner\">\n\t\t\t\t<div class=\"elementor-element elementor-element-iwgs-awen-s8h elementor-widget elementor-widget-heading\" data-id=\"iwgs-awen-s8h\" data-element_type=\"widget\" data-e-type=\"widget\" data-widget_type=\"heading.default\">\n\t\t\t\t\t<h2 class=\"elementor-heading-title elementor-size-default\">Suvremena recepcija<\/h2>\t\t\t\t<\/div>\n\t\t<div class=\"elementor-element elementor-element-iwgs-awen-s8box e-con-full e-flex e-con e-parent\" data-id=\"iwgs-awen-s8box\" data-element_type=\"container\" data-e-type=\"container\">\n\t\t\t\t<div class=\"elementor-element elementor-element-iwgs-awen-s8t elementor-widget elementor-widget-text-editor\" data-id=\"iwgs-awen-s8t\" data-element_type=\"widget\" data-e-type=\"widget\" data-widget_type=\"text-editor.default\">\n\t\t\t\t\t\t\t\t\t<p>Awen-<span class=\"iwg-fachbegriff\" data-tooltip=\"Znak koji predstavlja neku predod\u017ebu ili zna\u010denje.\" tabindex=\"0\">simbol<\/span> danas je \u0161iroko rasprostranjen. Javlja se kao ogrlica, kao tetova\u017ea i kao <span class=\"iwg-fachbegriff\" data-tooltip=\"Element sadr\u017eaja koji se ponavlja u umjetnosti ili pripovijedanju.\" tabindex=\"0\">motiv<\/span> u oblikovanju. Posebno je popularan u vezi s keltskom kulturom i duhovno\u0161\u0107u.<\/p><p>U modernom druidskom pokretu Awen ima svoje \u010dvrsto mjesto kao sredi\u0161nji znak. Tamo stoji za nadahnu\u0107e, za duhovnu povezanost i za pripadnost toj tradiciji.<\/p><p>Izvan druidskog pokreta Awen se nosi kao op\u0107i znak nadahnu\u0107a, kreativnosti i prirodno povezane duhovnosti. U toj upotrebi njegovo to\u010dno podrijetlo \u010desto nije poznato.<\/p><p>Kao i kod mnogih znakova, i kod Awena je va\u017eno \u010dinjeni\u010dno razumijevanje. Rije\u010d je stara, znak je mlad. Onaj koji prikazuje Awen trebao bi poznavati tu razliku i navesti ju.<\/p><p>Ovo razumijevanje ne umanjuje Awen. On ostaje dojmljiv znak lijepog, jasnog oblika i dirljivog zna\u010denja, stvarala\u010dkog nadahnu\u0107a.<\/p><p>Awen je time pou\u010dan primjer. Pokazuje kako se moderni pokret mo\u017ee nadovezati na staru rije\u010d i iz nje stvoriti novi, \u017eivi znak koji se danas nosi \u0161irom svijeta.<\/p>\t\t\t\t\t\t\t\t<\/div>\n\t\t\t\t<\/div>\n\t\t\t\t\t<\/div>\n\t\t\t\t<\/div>\n\t\t<div class=\"elementor-element elementor-element-iwgs-awen-lit e-flex e-con-boxed e-con e-parent\" data-id=\"iwgs-awen-lit\" data-element_type=\"container\" data-e-type=\"container\">\n\t\t\t\t\t<div class=\"e-con-inner\">\n\t\t\t\t<div class=\"elementor-element elementor-element-iwgs-awen-lith elementor-widget elementor-widget-heading\" data-id=\"iwgs-awen-lith\" data-element_type=\"widget\" data-e-type=\"widget\" data-widget_type=\"heading.default\">\n\t\t\t\t\t<h2 class=\"elementor-heading-title elementor-size-default\">Literatura (izbor)<\/h2>\t\t\t\t<\/div>\n\t\t<div class=\"elementor-element elementor-element-iwgs-awen-litbox e-con-full e-flex e-con e-parent\" data-id=\"iwgs-awen-litbox\" data-element_type=\"container\" data-e-type=\"container\">\n\t\t\t\t<div class=\"elementor-element elementor-element-iwgs-awen-litt elementor-widget elementor-widget-html\" data-id=\"iwgs-awen-litt\" data-element_type=\"widget\" data-e-type=\"widget\" data-widget_type=\"html.default\">\n\t\t\t\t\t<footer data-nosnippet=\"true\"><ul><li>Ronald Hutton: <em>Blood and Mistletoe. The History of the Druids in Britain<\/em> (2009)<\/li><li>Ronald Hutton: <em>The Druids<\/em> (2007)<\/li><li>Bernhard Maier: <em>Die Religion der Kelten<\/em> (2001)<\/li><li>Geraint H. Jenkins (ur.): <em>A Rattleskull Genius. The Many Faces of Iolo Morganwg<\/em> (2005)<\/li><li>Juliette Wood: studije o vel\u0161koj predaji<\/li><\/ul><\/footer>\t\t\t\t<\/div>\n\t\t\t\t<\/div>\n\t\t\t\t\t<\/div>\n\t\t\t\t<\/div>\n\t\t<div class=\"elementor-element elementor-element-iwgs-awen-kwd e-flex e-con-boxed e-con e-parent\" data-id=\"iwgs-awen-kwd\" data-element_type=\"container\" data-e-type=\"container\">\n\t\t\t\t\t<div class=\"e-con-inner\">\n\t\t\t\t<div class=\"elementor-element elementor-element-iwgs-awen-kwdt elementor-widget elementor-widget-text-editor\" data-id=\"iwgs-awen-kwdt\" data-element_type=\"widget\" data-e-type=\"widget\" data-widget_type=\"text-editor.default\">\n\t\t\t\t\t\t\t\t\t<p><em>Povezani klju\u010dni pojmovi: Awen nadahnu\u0107e Iolo Morganwg druidi Wales tri zrake bard Gorsedd.<\/em><\/p>\t\t\t\t\t\t\t\t<\/div>\n\t\t\t\t\t<\/div>\n\t\t\t\t<\/div>\n\t\t<div class=\"elementor-element elementor-element-iwgs-awen-cc e-flex e-con-boxed e-con e-parent\" data-id=\"iwgs-awen-cc\" data-element_type=\"container\" data-e-type=\"container\" id=\"iwg-cc-awen\">\n\t\t\t\t\t<div class=\"e-con-inner\">\n\t\t<div class=\"elementor-element elementor-element-iwgs-awen-ccinner e-flex e-con-boxed e-con e-parent\" data-id=\"iwgs-awen-ccinner\" data-element_type=\"container\" data-e-type=\"container\" data-settings=\"{&quot;background_background&quot;:&quot;classic&quot;}\">\n\t\t\t\t\t<div class=\"e-con-inner\">\n\t\t\t\t<div class=\"elementor-element elementor-element-iwgs-awen-cch elementor-widget elementor-widget-heading\" data-id=\"iwgs-awen-cch\" data-element_type=\"widget\" data-e-type=\"widget\" data-widget_type=\"heading.default\">\n\t\t\t\t\t<h2 class=\"elementor-heading-title elementor-size-default\">iWell Guard i tradicije za\u0161tite<\/h2>\t\t\t\t<\/div>\n\t\t\t\t<div class=\"elementor-element elementor-element-iwgs-awen-cct elementor-widget elementor-widget-text-editor\" data-id=\"iwgs-awen-cct\" data-element_type=\"widget\" data-e-type=\"widget\" data-widget_type=\"text-editor.default\">\n\t\t\t\t\t\t\t\t\t<p>iWell Guard nastavlja kulturno-povijesnu liniju nosivih za\u0161titnih predmeta, kojoj pripada i Awen. Moderan pratitelj za ljude koji \u017eive sa za\u0161titnim simbolima: izra\u0111en u Njema\u010dkoj, 41 slojeva od pravog zlata, platine i srebra, s 30-dnevnim pravom povrata.<\/p>\t\t\t\t\t\t\t\t<\/div>\n\t\t\t\t<div class=\"elementor-element elementor-element-iwgs-awen-ccb iwg-cc-button iwg-cc-cta-2026-05-13 elementor-widget elementor-widget-jet-button\" data-id=\"iwgs-awen-ccb\" data-element_type=\"widget\" data-e-type=\"widget\" data-widget_type=\"jet-button.default\">\n\t\t\t\t<div class=\"elementor-widget-container\">\n\t\t\t\t\t<div class=\"elementor-jet-button jet-elements\"><div class=\"jet-button__container\"><a class=\"jet-button__instance jet-button__instance--icon-left hover-effect-1\" href=\"\/schutzanhaenger-iwell-guard-kaufen\/?utm_source=iwell-guard.com&amp;utm_medium=info-box&amp;utm_campaign=schutzsymbole\"><div class=\"jet-button__plane jet-button__plane-normal\"><\/div><div class=\"jet-button__plane jet-button__plane-hover\"><\/div><div class=\"jet-button__state jet-button__state-normal\"><span class=\"jet-button__label\">Vi\u0161e o iWell Guardu<\/span><\/div><div class=\"jet-button__state jet-button__state-hover\"><span class=\"jet-button__label\">Vi\u0161e o iWell Guardu<\/span><\/div><\/a><\/div><\/div><style>.elementor-element.elementor-element-iwgs-awen-ccb .jet-button__instance{width:320px;height:56px;}.elementor-element.elementor-element-iwgs-awen-ccb .jet-button__state-normal .jet-button__label{text-align:center;margin:0px 0px 0px 0px;color:#1a1b20;font-family:Montserrat,sans-serif;font-size:13px;font-weight:400;letter-spacing:4px;line-height:1.714em;text-transform:uppercase;}.elementor-element.elementor-element-iwgs-awen-ccb .jet-button__state-hover .jet-button__label{text-align:center;margin:0px 0px 0px 0px;color:#FECC76;font-family:Montserrat,sans-serif;font-size:13px;font-weight:400;letter-spacing:4px;line-height:1.714em;text-transform:uppercase;}.elementor-element.elementor-element-iwgs-awen-ccb .jet-button__plane-normal{background-color:#FECC76;border-style:solid;border-color:#C99540;border-width:2px 2px 2px 2px;}.elementor-element.elementor-element-iwgs-awen-ccb .jet-button__plane-hover{background-color:rgba(0,0,0,0.55);border-style:solid;border-color:#FECC76;border-width:2px 2px 2px 2px;}<\/style>\t\t\t\t<\/div>\n\t\t\t\t<\/div>\n\t\t\t\t<div class=\"elementor-element elementor-element-iwgs-awen-ccd elementor-widget elementor-widget-text-editor\" data-id=\"iwgs-awen-ccd\" data-element_type=\"widget\" data-e-type=\"widget\" data-widget_type=\"text-editor.default\">\n\t\t\t\t\t\t\t\t\t<p style=\"text-align:center;font-size:13px;opacity:0.7;margin-top:14px\" data-nosnippet=\"true\">Osobna iskustva mogu se razlikovati. Nije medicinski proizvod. Nema obe\u0107anja izlje\u010denja.<\/p>\t\t\t\t\t\t\t\t<\/div>\n\t\t\t\t\t<\/div>\n\t\t\t\t<\/div>\n\t\t\t\t\t<\/div>\n\t\t\t\t<\/div>\n\t\t<div class=\"elementor-element elementor-element-iwgs-awen-disc e-flex e-con-boxed e-con e-parent\" data-id=\"iwgs-awen-disc\" data-element_type=\"container\" data-e-type=\"container\">\n\t\t\t\t\t<div class=\"e-con-inner\">\n\t\t\t\t<div class=\"elementor-element elementor-element-iwgs-awen-discw elementor-widget elementor-widget-html\" data-id=\"iwgs-awen-discw\" data-element_type=\"widget\" data-e-type=\"widget\" data-widget_type=\"html.default\">\n\t\t\t\t\t<footer data-nosnippet=\"true\" class=\"iwg-disclaimer-block\"><p data-nosnippet=\"true\">iWell Guard <strong>nije medicinski proizvod<\/strong> i ne zamjenjuje lije\u010dni\u010dko ili psihoterapijsko lije\u010denje. Sadr\u017eaji prikazani ovdje predstavljaju religiolo\u0161ku i kulturno-povijesnu interpretaciju, a ne obe\u0107anje duhovnog djelovanja.<\/p><\/footer>\t\t\t\t<\/div>\n\t\t\t\t\t<\/div>\n\t\t\t\t<\/div>\n\t\t\t\t<\/div>\n\t\t","protected":false},"excerpt":{"rendered":"","protected":false},"author":3,"featured_media":3489,"parent":0,"menu_order":0,"comment_status":"closed","ping_status":"closed","template":"elementor_header_footer","meta":{"_yoast_wpseo_focuskw":"Awen","_yoast_wpseo_title":"Awen \u2013 keltski znak nadahnu\u0107a","_yoast_wpseo_metadesc":"Awen je znak od tri zrake koji predstavlja nadahnu\u0107e. Podrijetlo rije\u010di i simbola razumljivo obja\u0161njeno.","_yoast_wpseo_meta-robots-noindex":"","_yoast_wpseo_canonical":"","_angie_page":false,"gefaehrdungsstufe":"","wesen_kultur":"","wesen_klasse":"","footnotes":""},"categories":[],"class_list":["post-149911","page","type-page","status-publish","has-post-thumbnail","hentry"],"yoast_head":"<!-- This site is optimized with the Yoast SEO Premium plugin v27.7 (Yoast SEO v28.3) - https:\/\/yoast.com\/product\/yoast-seo-premium-wordpress\/ -->\n<title>Awen \u2013 keltski znak nadahnu\u0107a<\/title>\n<meta name=\"description\" content=\"Awen je znak od tri zrake koji predstavlja nadahnu\u0107e. Podrijetlo rije\u010di i simbola razumljivo obja\u0161njeno.\" \/>\n<meta name=\"robots\" content=\"index, follow, max-snippet:-1, max-image-preview:large, max-video-preview:-1\" \/>\n<link rel=\"canonical\" href=\"https:\/\/iwell-guard.com\/hr\/awen-znak-nadahnuca\/\" \/>\n<meta property=\"og:locale\" content=\"hr_HR\" \/>\n<meta property=\"og:type\" content=\"article\" \/>\n<meta property=\"og:title\" content=\"Awen \u2013 znak nadahnu\u0107a\" \/>\n<meta property=\"og:description\" content=\"Awen je znak od tri zrake koji predstavlja nadahnu\u0107e. Podrijetlo rije\u010di i simbola razumljivo obja\u0161njeno.\" \/>\n<meta property=\"og:url\" content=\"https:\/\/iwell-guard.com\/hr\/awen-znak-nadahnuca\/\" \/>\n<meta property=\"og:site_name\" content=\"iWell Guard\" \/>\n<meta property=\"article:modified_time\" content=\"2026-09-04T05:35:16+00:00\" \/>\n<meta property=\"og:image\" content=\"https:\/\/iwell-guard.com\/wp-content\/uploads\/2026\/05\/schutzsymbol_keltisch_awen.webp\" \/>\n\t<meta property=\"og:image:width\" content=\"1024\" \/>\n\t<meta property=\"og:image:height\" content=\"1536\" \/>\n\t<meta property=\"og:image:type\" content=\"image\/webp\" \/>\n<meta name=\"twitter:card\" content=\"summary_large_image\" \/>\n<script type=\"application\/ld+json\" class=\"yoast-schema-graph\">{\"@context\":\"https:\\\/\\\/schema.org\",\"@graph\":[{\"@type\":\"WebPage\",\"@id\":\"https:\\\/\\\/iwell-guard.com\\\/hr\\\/awen-znak-nadahnuca\\\/\",\"url\":\"https:\\\/\\\/iwell-guard.com\\\/hr\\\/awen-znak-nadahnuca\\\/\",\"name\":\"Awen \u2013 keltski znak nadahnu\u0107a\",\"isPartOf\":{\"@id\":\"https:\\\/\\\/iwell-guard.com\\\/hr\\\/#website\"},\"primaryImageOfPage\":{\"@id\":\"https:\\\/\\\/iwell-guard.com\\\/hr\\\/awen-znak-nadahnuca\\\/#primaryimage\"},\"image\":{\"@id\":\"https:\\\/\\\/iwell-guard.com\\\/hr\\\/awen-znak-nadahnuca\\\/#primaryimage\"},\"thumbnailUrl\":\"https:\\\/\\\/iwell-guard.com\\\/wp-content\\\/uploads\\\/2026\\\/05\\\/schutzsymbol_keltisch_awen.webp\",\"datePublished\":\"2026-09-04T05:14:32+00:00\",\"dateModified\":\"2026-09-04T05:35:16+00:00\",\"description\":\"Awen je znak od tri zrake koji predstavlja nadahnu\u0107e. Podrijetlo rije\u010di i simbola razumljivo obja\u0161njeno.\",\"breadcrumb\":{\"@id\":\"https:\\\/\\\/iwell-guard.com\\\/hr\\\/awen-znak-nadahnuca\\\/#breadcrumb\"},\"inLanguage\":\"hr\",\"potentialAction\":[{\"@type\":\"ReadAction\",\"target\":[\"https:\\\/\\\/iwell-guard.com\\\/hr\\\/awen-znak-nadahnuca\\\/\"]}]},{\"@type\":\"ImageObject\",\"inLanguage\":\"hr\",\"@id\":\"https:\\\/\\\/iwell-guard.com\\\/hr\\\/awen-znak-nadahnuca\\\/#primaryimage\",\"url\":\"https:\\\/\\\/iwell-guard.com\\\/wp-content\\\/uploads\\\/2026\\\/05\\\/schutzsymbol_keltisch_awen.webp\",\"contentUrl\":\"https:\\\/\\\/iwell-guard.com\\\/wp-content\\\/uploads\\\/2026\\\/05\\\/schutzsymbol_keltisch_awen.webp\",\"width\":1024,\"height\":1536,\"caption\":\"Za\u0161titni simbol. Muzejska ilustracija u stilu mrtve prirode.\"},{\"@type\":\"BreadcrumbList\",\"@id\":\"https:\\\/\\\/iwell-guard.com\\\/hr\\\/awen-znak-nadahnuca\\\/#breadcrumb\",\"itemListElement\":[{\"@type\":\"ListItem\",\"position\":1,\"name\":\"Start\",\"item\":\"https:\\\/\\\/iwell-guard.com\\\/hr\\\/?page_id=149317\"},{\"@type\":\"ListItem\",\"position\":2,\"name\":\"Awen \u2013 znak nadahnu\u0107a\"}]},{\"@type\":\"WebSite\",\"@id\":\"https:\\\/\\\/iwell-guard.com\\\/hr\\\/#website\",\"url\":\"https:\\\/\\\/iwell-guard.com\\\/hr\\\/\",\"name\":\"iWell Guard\",\"description\":\"Schutz vor dunklen Einfl\u00fcssen\",\"publisher\":{\"@id\":\"https:\\\/\\\/iwell-guard.com\\\/hr\\\/#organization\"},\"potentialAction\":[{\"@type\":\"SearchAction\",\"target\":{\"@type\":\"EntryPoint\",\"urlTemplate\":\"https:\\\/\\\/iwell-guard.com\\\/hr\\\/?s={search_term_string}\"},\"query-input\":{\"@type\":\"PropertyValueSpecification\",\"valueRequired\":true,\"valueName\":\"search_term_string\"}}],\"inLanguage\":\"hr\"},{\"@type\":\"Organization\",\"@id\":\"https:\\\/\\\/iwell-guard.com\\\/hr\\\/#organization\",\"name\":\"Ittermann electronic GmbH\",\"url\":\"https:\\\/\\\/iwell-guard.com\\\/hr\\\/\",\"logo\":{\"@type\":\"ImageObject\",\"inLanguage\":\"hr\",\"@id\":\"https:\\\/\\\/iwell-guard.com\\\/hr\\\/#\\\/schema\\\/logo\\\/image\\\/\",\"url\":\"https:\\\/\\\/iwell-guard.com\\\/wp-content\\\/uploads\\\/2026\\\/05\\\/Ittermann-Logo-1182x237-1.png\",\"contentUrl\":\"https:\\\/\\\/iwell-guard.com\\\/wp-content\\\/uploads\\\/2026\\\/05\\\/Ittermann-Logo-1182x237-1.png\",\"width\":1182,\"height\":237,\"caption\":\"Ittermann electronic GmbH\"},\"image\":{\"@id\":\"https:\\\/\\\/iwell-guard.com\\\/hr\\\/#\\\/schema\\\/logo\\\/image\\\/\"},\"sameAs\":[\"https:\\\/\\\/pantip.com\\\/profile\\\/9367242\",\"https:\\\/\\\/micro.blog\\\/iwellguard\",\"https:\\\/\\\/www.diggerslist.com\\\/iwellguard\\\/about\",\"https:\\\/\\\/skitterphoto.com\\\/photographers\\\/2870314\\\/iwell-guard\",\"https:\\\/\\\/iwellguard.wordpress.com\\\/2026\\\/06\\\/06\\\/iwell-guard\\\/\",\"https:\\\/\\\/hub.docker.com\\\/u\\\/iwellguard\",\"https:\\\/\\\/www.pinterest.com\\\/iwellguard\\\/\",\"https:\\\/\\\/bit.ly\\\/m\\\/iwellguard\",\"https:\\\/\\\/entre-vos-mains.alsace.eu\\\/profiles\\\/iwellguard\\\/activity\",\"https:\\\/\\\/gravatar.com\\\/reallybeded8fd34\",\"https:\\\/\\\/naijamatta.com\\\/iwellguard\",\"https:\\\/\\\/www.goodreads.com\\\/iwellguard\",\"https:\\\/\\\/profile.hatena.ne.jp\\\/iwellguard\\\/\",\"https:\\\/\\\/experiment.com\\\/users\\\/iwellguard\",\"https:\\\/\\\/wakelet.com\\\/@iWellGuard82270\",\"https:\\\/\\\/www.chordie.com\\\/forum\\\/profile.php?id=2555664\",\"https:\\\/\\\/www.instapaper.com\\\/p\\\/17757966\",\"https:\\\/\\\/www.mapleprimes.com\\\/users\\\/iwellguard\",\"https:\\\/\\\/businesslistingplus.com\\\/profile\\\/iwell-guard\\\/\",\"https:\\\/\\\/telegra.ph\\\/iWell-Guard-06-06\",\"https:\\\/\\\/pbase.com\\\/iwellguard\\\/iwellguard\",\"https:\\\/\\\/b.hatena.ne.jp\\\/iwellguard\\\/20260607#bookmark-4788405196491818882\",\"https:\\\/\\\/fliphtml5.com\\\/home\\\/iwellguard\",\"https:\\\/\\\/anyflip.com\\\/homepage\\\/cmiwl#About\",\"https:\\\/\\\/transfur.com\\\/Users\\\/iwellguard\",\"http:\\\/\\\/delphi.larsbo.org\\\/user\\\/iwellguard\",\"https:\\\/\\\/jobs.lajobsportal.org\\\/profiles\\\/8380803-iwell-guard\",\"https:\\\/\\\/md.chaosdorf.de\\\/s\\\/jfbe5SBdJD\",\"https:\\\/\\\/www.lingvolive.com\\\/en-us\\\/profile\\\/9ecaeaca-ce11-4e51-9e71-01d55e2bff36\\\/translations\",\"https:\\\/\\\/www.fitday.com\\\/fitness\\\/forums\\\/members\\\/iwellguard.html\",\"https:\\\/\\\/www.mymeetbook.com\\\/iwellguard\",\"https:\\\/\\\/pxhere.com\\\/en\\\/photographer-me\\\/5040798\",\"https:\\\/\\\/disqus.com\\\/by\\\/iwellguard\\\/about\\\/\",\"https:\\\/\\\/pastelink.net\\\/hjwciqwq\",\"https:\\\/\\\/pubhtml5.com\\\/homepage\\\/scjhn\\\/\",\"https:\\\/\\\/www.bitchute.com\\\/channel\\\/2O2eOKzNqujT\",\"https:\\\/\\\/audiomack.com\\\/iwellguard\"]}]}<\/script>\n<!-- \/ Yoast SEO Premium plugin. -->","yoast_head_json":{"title":"Awen \u2013 keltski znak nadahnu\u0107a","description":"Awen je znak od tri zrake koji predstavlja nadahnu\u0107e. Podrijetlo rije\u010di i simbola razumljivo obja\u0161njeno.","robots":{"index":"index","follow":"follow","max-snippet":"max-snippet:-1","max-image-preview":"max-image-preview:large","max-video-preview":"max-video-preview:-1"},"canonical":"https:\/\/iwell-guard.com\/hr\/awen-znak-nadahnuca\/","og_locale":"hr_HR","og_type":"article","og_title":"Awen \u2013 znak nadahnu\u0107a","og_description":"Awen je znak od tri zrake koji predstavlja nadahnu\u0107e. Podrijetlo rije\u010di i simbola razumljivo obja\u0161njeno.","og_url":"https:\/\/iwell-guard.com\/hr\/awen-znak-nadahnuca\/","og_site_name":"iWell Guard","article_modified_time":"2026-09-04T05:35:16+00:00","og_image":[{"width":1024,"height":1536,"url":"https:\/\/iwell-guard.com\/wp-content\/uploads\/2026\/05\/schutzsymbol_keltisch_awen.webp","type":"image\/webp"}],"twitter_card":"summary_large_image","schema":{"@context":"https:\/\/schema.org","@graph":[{"@type":"WebPage","@id":"https:\/\/iwell-guard.com\/hr\/awen-znak-nadahnuca\/","url":"https:\/\/iwell-guard.com\/hr\/awen-znak-nadahnuca\/","name":"Awen \u2013 keltski znak nadahnu\u0107a","isPartOf":{"@id":"https:\/\/iwell-guard.com\/hr\/#website"},"primaryImageOfPage":{"@id":"https:\/\/iwell-guard.com\/hr\/awen-znak-nadahnuca\/#primaryimage"},"image":{"@id":"https:\/\/iwell-guard.com\/hr\/awen-znak-nadahnuca\/#primaryimage"},"thumbnailUrl":"https:\/\/iwell-guard.com\/wp-content\/uploads\/2026\/05\/schutzsymbol_keltisch_awen.webp","datePublished":"2026-09-04T05:14:32+00:00","dateModified":"2026-09-04T05:35:16+00:00","description":"Awen je znak od tri zrake koji predstavlja nadahnu\u0107e. Podrijetlo rije\u010di i simbola razumljivo obja\u0161njeno.","breadcrumb":{"@id":"https:\/\/iwell-guard.com\/hr\/awen-znak-nadahnuca\/#breadcrumb"},"inLanguage":"hr","potentialAction":[{"@type":"ReadAction","target":["https:\/\/iwell-guard.com\/hr\/awen-znak-nadahnuca\/"]}]},{"@type":"ImageObject","inLanguage":"hr","@id":"https:\/\/iwell-guard.com\/hr\/awen-znak-nadahnuca\/#primaryimage","url":"https:\/\/iwell-guard.com\/wp-content\/uploads\/2026\/05\/schutzsymbol_keltisch_awen.webp","contentUrl":"https:\/\/iwell-guard.com\/wp-content\/uploads\/2026\/05\/schutzsymbol_keltisch_awen.webp","width":1024,"height":1536,"caption":"Za\u0161titni simbol. Muzejska ilustracija u stilu mrtve prirode."},{"@type":"BreadcrumbList","@id":"https:\/\/iwell-guard.com\/hr\/awen-znak-nadahnuca\/#breadcrumb","itemListElement":[{"@type":"ListItem","position":1,"name":"Start","item":"https:\/\/iwell-guard.com\/hr\/?page_id=149317"},{"@type":"ListItem","position":2,"name":"Awen \u2013 znak nadahnu\u0107a"}]},{"@type":"WebSite","@id":"https:\/\/iwell-guard.com\/hr\/#website","url":"https:\/\/iwell-guard.com\/hr\/","name":"iWell Guard","description":"Schutz vor dunklen Einfl\u00fcssen","publisher":{"@id":"https:\/\/iwell-guard.com\/hr\/#organization"},"potentialAction":[{"@type":"SearchAction","target":{"@type":"EntryPoint","urlTemplate":"https:\/\/iwell-guard.com\/hr\/?s={search_term_string}"},"query-input":{"@type":"PropertyValueSpecification","valueRequired":true,"valueName":"search_term_string"}}],"inLanguage":"hr"},{"@type":"Organization","@id":"https:\/\/iwell-guard.com\/hr\/#organization","name":"Ittermann electronic GmbH","url":"https:\/\/iwell-guard.com\/hr\/","logo":{"@type":"ImageObject","inLanguage":"hr","@id":"https:\/\/iwell-guard.com\/hr\/#\/schema\/logo\/image\/","url":"https:\/\/iwell-guard.com\/wp-content\/uploads\/2026\/05\/Ittermann-Logo-1182x237-1.png","contentUrl":"https:\/\/iwell-guard.com\/wp-content\/uploads\/2026\/05\/Ittermann-Logo-1182x237-1.png","width":1182,"height":237,"caption":"Ittermann electronic GmbH"},"image":{"@id":"https:\/\/iwell-guard.com\/hr\/#\/schema\/logo\/image\/"},"sameAs":["https:\/\/pantip.com\/profile\/9367242","https:\/\/micro.blog\/iwellguard","https:\/\/www.diggerslist.com\/iwellguard\/about","https:\/\/skitterphoto.com\/photographers\/2870314\/iwell-guard","https:\/\/iwellguard.wordpress.com\/2026\/06\/06\/iwell-guard\/","https:\/\/hub.docker.com\/u\/iwellguard","https:\/\/www.pinterest.com\/iwellguard\/","https:\/\/bit.ly\/m\/iwellguard","https:\/\/entre-vos-mains.alsace.eu\/profiles\/iwellguard\/activity","https:\/\/gravatar.com\/reallybeded8fd34","https:\/\/naijamatta.com\/iwellguard","https:\/\/www.goodreads.com\/iwellguard","https:\/\/profile.hatena.ne.jp\/iwellguard\/","https:\/\/experiment.com\/users\/iwellguard","https:\/\/wakelet.com\/@iWellGuard82270","https:\/\/www.chordie.com\/forum\/profile.php?id=2555664","https:\/\/www.instapaper.com\/p\/17757966","https:\/\/www.mapleprimes.com\/users\/iwellguard","https:\/\/businesslistingplus.com\/profile\/iwell-guard\/","https:\/\/telegra.ph\/iWell-Guard-06-06","https:\/\/pbase.com\/iwellguard\/iwellguard","https:\/\/b.hatena.ne.jp\/iwellguard\/20260607#bookmark-4788405196491818882","https:\/\/fliphtml5.com\/home\/iwellguard","https:\/\/anyflip.com\/homepage\/cmiwl#About","https:\/\/transfur.com\/Users\/iwellguard","http:\/\/delphi.larsbo.org\/user\/iwellguard","https:\/\/jobs.lajobsportal.org\/profiles\/8380803-iwell-guard","https:\/\/md.chaosdorf.de\/s\/jfbe5SBdJD","https:\/\/www.lingvolive.com\/en-us\/profile\/9ecaeaca-ce11-4e51-9e71-01d55e2bff36\/translations","https:\/\/www.fitday.com\/fitness\/forums\/members\/iwellguard.html","https:\/\/www.mymeetbook.com\/iwellguard","https:\/\/pxhere.com\/en\/photographer-me\/5040798","https:\/\/disqus.com\/by\/iwellguard\/about\/","https:\/\/pastelink.net\/hjwciqwq","https:\/\/pubhtml5.com\/homepage\/scjhn\/","https:\/\/www.bitchute.com\/channel\/2O2eOKzNqujT","https:\/\/audiomack.com\/iwellguard"]}]}},"_links":{"self":[{"href":"https:\/\/iwell-guard.com\/hr\/wp-json\/wp\/v2\/pages\/149911","targetHints":{"allow":["GET"]}}],"collection":[{"href":"https:\/\/iwell-guard.com\/hr\/wp-json\/wp\/v2\/pages"}],"about":[{"href":"https:\/\/iwell-guard.com\/hr\/wp-json\/wp\/v2\/types\/page"}],"author":[{"embeddable":true,"href":"https:\/\/iwell-guard.com\/hr\/wp-json\/wp\/v2\/users\/3"}],"replies":[{"embeddable":true,"href":"https:\/\/iwell-guard.com\/hr\/wp-json\/wp\/v2\/comments?post=149911"}],"version-history":[{"count":0,"href":"https:\/\/iwell-guard.com\/hr\/wp-json\/wp\/v2\/pages\/149911\/revisions"}],"wp:featuredmedia":[{"embeddable":true,"href":"https:\/\/iwell-guard.com\/hr\/wp-json\/wp\/v2\/media\/3489"}],"wp:attachment":[{"href":"https:\/\/iwell-guard.com\/hr\/wp-json\/wp\/v2\/media?parent=149911"}],"wp:term":[{"taxonomy":"category","embeddable":true,"href":"https:\/\/iwell-guard.com\/hr\/wp-json\/wp\/v2\/categories?post=149911"}],"curies":[{"name":"wp","href":"https:\/\/api.w.org\/{rel}","templated":true}]}}