{"id":149878,"date":"2026-09-04T05:14:16","date_gmt":"2026-09-04T05:14:16","guid":{"rendered":"https:\/\/iwell-guard.com\/?page_id=149878"},"modified":"2026-09-04T05:34:25","modified_gmt":"2026-09-04T05:34:25","slug":"crveni-konac-zastitna-vrpca","status":"publish","type":"page","link":"https:\/\/iwell-guard.com\/hr\/crveni-konac-zastitna-vrpca\/","title":{"rendered":"Crveni konac \u2013 za\u0161titna vrpca protiv urokljivog oka"},"content":{"rendered":"\t\t<div data-elementor-type=\"wp-page\" data-elementor-id=\"149878\" class=\"elementor elementor-149878 elementor-3621 elementor-bc-flex-widget\" data-elementor-post-type=\"page\">\n\t\t\t\t<div class=\"elementor-element elementor-element-iwgs-roterfaden-hero e-flex e-con-boxed e-con e-parent\" data-id=\"iwgs-roterfaden-hero\" data-element_type=\"container\" data-e-type=\"container\">\n\t\t\t\t\t<div class=\"e-con-inner\">\n\t\t<div class=\"elementor-element elementor-element-iwgs-roterfaden-hl e-flex e-con-boxed e-con e-parent\" data-id=\"iwgs-roterfaden-hl\" data-element_type=\"container\" data-e-type=\"container\">\n\t\t\t\t\t<div class=\"e-con-inner\">\n\t\t<div class=\"elementor-element elementor-element-iwgs-roterfaden-hlbox e-con-full e-flex e-con e-parent\" data-id=\"iwgs-roterfaden-hlbox\" data-element_type=\"container\" data-e-type=\"container\">\n\t\t\t\t<div class=\"elementor-element elementor-element-iwgs-roterfaden-h1 elementor-widget elementor-widget-heading\" data-id=\"iwgs-roterfaden-h1\" data-element_type=\"widget\" data-e-type=\"widget\" data-widget_type=\"heading.default\">\n\t\t\t\t\t<h1 class=\"elementor-heading-title elementor-size-default\">Crveni konac \u2013 kabalisti\u010dka za\u0161titna vrpca protiv urokljivog oka<\/h1>\t\t\t\t<\/div>\n\t\t\t\t<div class=\"elementor-element elementor-element-iwgs-roterfaden-lead elementor-widget elementor-widget-text-editor\" data-id=\"iwgs-roterfaden-lead\" data-element_type=\"widget\" data-e-type=\"widget\" data-widget_type=\"text-editor.default\">\n\t\t\t\t\t\t\t\t\t<p>Crveni konac je kabalisti\u010dka za\u0161titna vrpca \u017eidovske <span class=\"iwg-fachbegriff\" data-tooltip=\"Preno\u0161enje znanja i pri\u010da kroz generacije.\" tabindex=\"0\">predaje<\/span>, koja se nosi oko zape\u0161\u0107a protiv urokljivog oka. Crveni konac oko zape\u0161\u0107a smatra se za\u0161titom od urokljivog oka.<\/p><p>Postao je poznat prije svega kroz narodnu <span class=\"iwg-fachbegriff\" data-tooltip=\"Struja \u017eidovske mistike s glavnim djelima kao \u0161to su Sefer Jecira i Zohar.\" tabindex=\"0\">kabalu<\/span>, ali ideja o odbijanju zla crvenom bojom mnogo je starija i ra\u0161irena je u brojnim kulturama.<\/p>\t\t\t\t\t\t\t\t<\/div>\n\t\t\t\t<\/div>\n\t\t\t\t<div class=\"elementor-element elementor-element-iwgs-roterfaden-pills elementor-widget elementor-widget-html\" data-id=\"iwgs-roterfaden-pills\" data-element_type=\"widget\" data-e-type=\"widget\" data-widget_type=\"html.default\">\n\t\t\t\t\t<div class=\"iwg-pill-row\"><span class=\"iwg-klasse-badge\" tabindex=\"0\" data-tooltip=\"Za\u0161titni simbol, amulet ili apotropejski predmet.\">Za\u0161titni simbol<\/span><a href=\"https:\/\/iwell-guard.com\/hr\/judaizam\/\" class=\"iwg-kultur-badge\" tabindex=\"0\" data-tooltip=\"Za\u0161titna tradicija: judaizam\">Judaizam<\/a><span class=\"iwg-tradition-badge\" tabindex=\"0\" data-tooltip=\"Vrpca kojoj se pripisuje za\u0161titno djelovanje.\">Za\u0161titna vrpca<\/span><\/div>\t\t\t\t<\/div>\n\t\t\t\t\t<\/div>\n\t\t\t\t<\/div>\n\t\t<div class=\"elementor-element elementor-element-iwgs-roterfaden-hr e-con-full e-flex e-con e-parent\" data-id=\"iwgs-roterfaden-hr\" data-element_type=\"container\" data-e-type=\"container\">\n\t\t\t\t<div class=\"elementor-element elementor-element-iwgs-roterfaden-himg iwg-hero-image elementor-widget elementor-widget-image\" data-id=\"iwgs-roterfaden-himg\" data-element_type=\"widget\" data-e-type=\"widget\" data-widget_type=\"image.default\">\n\t\t\t\t\t\t\t\t\t\t\t\t\t\t\t<img fetchpriority=\"high\" decoding=\"async\" width=\"683\" height=\"1024\" src=\"https:\/\/iwell-guard.com\/wp-content\/uploads\/2026\/05\/schutzsymbol_judentum_roter-faden-683x1024.webp\" class=\"attachment-large size-large wp-image-151278\" alt=\"Crveni konac - za\u0161titni simbol, muzejska ilustracija\" srcset=\"https:\/\/iwell-guard.com\/wp-content\/uploads\/2026\/05\/schutzsymbol_judentum_roter-faden-683x1024.webp 683w, https:\/\/iwell-guard.com\/wp-content\/uploads\/2026\/05\/schutzsymbol_judentum_roter-faden-200x300.webp 200w, https:\/\/iwell-guard.com\/wp-content\/uploads\/2026\/05\/schutzsymbol_judentum_roter-faden-768x1152.webp 768w, https:\/\/iwell-guard.com\/wp-content\/uploads\/2026\/05\/schutzsymbol_judentum_roter-faden.webp 1024w\" sizes=\"(max-width: 683px) 100vw, 683px\" \/>\t\t\t\t\t\t\t\t\t\t\t\t\t\t\t<\/div>\n\t\t\t\t<\/div>\n\t\t\t\t\t<\/div>\n\t\t\t\t<\/div>\n\t\t<div class=\"elementor-element elementor-element-iwgs-roterfaden-s0 e-flex e-con-boxed e-con e-parent\" data-id=\"iwgs-roterfaden-s0\" data-element_type=\"container\" data-e-type=\"container\">\n\t\t\t\t\t<div class=\"e-con-inner\">\n\t\t\t\t<div class=\"elementor-element elementor-element-iwgs-roterfaden-s0h elementor-widget elementor-widget-heading\" data-id=\"iwgs-roterfaden-s0h\" data-element_type=\"widget\" data-e-type=\"widget\" data-widget_type=\"heading.default\">\n\t\t\t\t\t<h2 class=\"elementor-heading-title elementor-size-default\">Uvod<\/h2>\t\t\t\t<\/div>\n\t\t<div class=\"elementor-element elementor-element-iwgs-roterfaden-s0box e-con-full e-flex e-con e-parent\" data-id=\"iwgs-roterfaden-s0box\" data-element_type=\"container\" data-e-type=\"container\">\n\t\t\t\t<div class=\"elementor-element elementor-element-iwgs-roterfaden-s0t elementor-widget elementor-widget-text-editor\" data-id=\"iwgs-roterfaden-s0t\" data-element_type=\"widget\" data-e-type=\"widget\" data-widget_type=\"text-editor.default\">\n\t\t\t\t\t\t\t\t\t<p>Crveni konac jednostavan je za\u0161titni predmet. Rije\u010d je o tankoj vrpci od crvene vune koja se nosi oko zape\u0161\u0107a. Unato\u010d svojoj jednostavnosti, crveni konac ubraja se me\u0111u najpoznatije za\u0161titne znakove povezane sa \u017eidovskom tradicijom, a posebno s narodnom <span class=\"iwg-fachbegriff\" data-tooltip=\"Struja \u017eidovske mistike s glavnim djelima kao \u0161to su Sefer Jecira i Zohar.\" tabindex=\"0\">kabalom<\/span>.<\/p><p>Njegova je zada\u0107a jasno odre\u0111ena. Crveni konac treba svog nositelja \u0161tititi od urokljivog oka. Usmjeren je protiv one \u0161tetne posljedice gledanja koja se opisuje u <a href=\"https:\/\/iwell-guard.com\/hr\/zli-pogled\/\">vjerovanju u urokljivo oko<\/a>. Konac je sredstvo obrane za svakodnevni \u017eivot.<\/p><p>U <span class=\"iwg-fachbegriff\" data-tooltip=\"Znanost koja religije istra\u017euje usporedno i bez vjerske pripadnosti.\" tabindex=\"0\">religiologiji<\/span> se crveni konac tuma\u010di s pa\u017enjom. Danas ra\u0161iren oblik, vrpca s Rahelina groba, relativno je novija pojava. Temeljna ideja, me\u0111utim, da se crvenom bojom odbija zlo, veoma je stara. Oba sloja pripadaju cjelovitom prikazu.<\/p><p>Crveni konac je tako\u0111er dobar primjer toga kako za\u0161titni obi\u010daj nadilazi granice jedne kulture. Crveni za\u0161titni konci poznati su ne samo u \u017eidovskom okru\u017eenju. Susre\u0107u se u mnogim dijelovima svijeta i upu\u0107uju na \u0161iroko rasprostranjenu predod\u017ebu o crvenoj boji.<\/p><p>Crveni konac ubraja se me\u0111u najjednostavnije za\u0161titne predmete op\u0107enito. Ne nosi nikakav <span class=\"iwg-fachbegriff\" data-tooltip=\"Tekst urezan ili uklesan u trajan nositelj.\" tabindex=\"0\">natpis<\/span> ni sliku, sastoji se samo od boje i oblika. Ba\u0161 ta jednostavnost jedna je od njegovih snaga. Za\u0161titni znak koji zahtijeva tako malo napora dostupan je svakome i lako se prenosi dalje.<\/p>\t\t\t\t\t\t\t\t<\/div>\n\t\t\t\t<\/div>\n\t\t\t\t\t<\/div>\n\t\t\t\t<\/div>\n\t\t<div class=\"elementor-element elementor-element-iwgs-roterfaden-s1 e-flex e-con-boxed e-con e-parent\" data-id=\"iwgs-roterfaden-s1\" data-element_type=\"container\" data-e-type=\"container\">\n\t\t\t\t\t<div class=\"e-con-inner\">\n\t\t\t\t<div class=\"elementor-element elementor-element-iwgs-roterfaden-s1h elementor-widget elementor-widget-heading\" data-id=\"iwgs-roterfaden-s1h\" data-element_type=\"widget\" data-e-type=\"widget\" data-widget_type=\"heading.default\">\n\t\t\t\t\t<h2 class=\"elementor-heading-title elementor-size-default\">Crvena boja kao za\u0161titna boja<\/h2>\t\t\t\t<\/div>\n\t\t<div class=\"elementor-element elementor-element-iwgs-roterfaden-s1box e-con-full e-flex e-con e-parent\" data-id=\"iwgs-roterfaden-s1box\" data-element_type=\"container\" data-e-type=\"container\">\n\t\t\t\t<div class=\"elementor-element elementor-element-iwgs-roterfaden-s1t elementor-widget elementor-widget-text-editor\" data-id=\"iwgs-roterfaden-s1t\" data-element_type=\"widget\" data-e-type=\"widget\" data-widget_type=\"text-editor.default\">\n\t\t\t\t\t\t\t\t\t<p>U sr\u017ei zna\u010denja crvenog konca stoji boja. Crvena je u brojnim kulturama vrijedila kao boja posebne snage. Povezivala se s krvlju, sa \u017eivotom i s vatrom. Iz te povezanosti proiza\u0161la je predod\u017eba da crvena boja ima za\u0161titno i odbijaju\u0107e djelovanje.<\/p><p>Ta se predod\u017eba mo\u017ee pratiti daleko u pro\u0161lost. Ve\u0107 u ranim vremenima grobovi i predmeti obojeni su crvenim pigmentom, i mnogo govori u prilog tome da je s time bilo povezano za\u0161titno zna\u010denje. Crvena boja bila je time od davnina vi\u0161e od obi\u010dnog bojenja.<\/p><p>Crvena je uz to upadljiva, u o\u010di upadaju\u0107a boja. Ta osobina dobro se uklapa u odbijanje urokljivog oka. Sjajno crveni znak privla\u010di pa\u017enju na sebe. Mo\u017ee uhvatiti \u0161tetan pogled prije nego \u0161to dosegne za\u0161ti\u0107enu osobu. Boja i funkcija ovdje djeluju zajedno.<\/p><p>Crveni konac je time u prvom redu obojeni za\u0161titni znak. Njegovo djelovanje pripisuje se boji, a ne samom materijalu. Vuna je bila rasprostranjen, lako dostupan materijal. Bilo je va\u017eno da je konac crven, jer se prema ra\u0161irenoj predod\u017ebi upravo u boji krila za\u0161titna mo\u0107.<\/p><p>Za\u0161titno zna\u010denje crvene boje mo\u017ee se pratiti sve do prapovijesnog doba. Ve\u0107 su se u starim pokopima koristili crveni pigmenti, i mnogo govori u prilog za\u0161titnoj namjeri. I crvena odje\u0107a za djecu preno\u0161ena je kao za\u0161titni obi\u010daj u mnogim europskim regijama. Boja je zna\u010denje nosila kroz dugo vremensko razdoblje.<\/p>\t\t\t\t\t\t\t\t<\/div>\n\t\t\t\t<\/div>\n\t\t\t\t\t<\/div>\n\t\t\t\t<\/div>\n\t\t<div class=\"elementor-element elementor-element-iwgs-roterfaden-s2 e-flex e-con-boxed e-con e-parent\" data-id=\"iwgs-roterfaden-s2\" data-element_type=\"container\" data-e-type=\"container\">\n\t\t\t\t\t<div class=\"e-con-inner\">\n\t\t\t\t<div class=\"elementor-element elementor-element-iwgs-roterfaden-s2h elementor-widget elementor-widget-heading\" data-id=\"iwgs-roterfaden-s2h\" data-element_type=\"widget\" data-e-type=\"widget\" data-widget_type=\"heading.default\">\n\t\t\t\t\t<h2 class=\"elementor-heading-title elementor-size-default\">Crveni konac i kabala<\/h2>\t\t\t\t<\/div>\n\t\t<div class=\"elementor-element elementor-element-iwgs-roterfaden-s2box e-con-full e-flex e-con e-parent\" data-id=\"iwgs-roterfaden-s2box\" data-element_type=\"container\" data-e-type=\"container\">\n\t\t\t\t<div class=\"elementor-element elementor-element-iwgs-roterfaden-s2t elementor-widget elementor-widget-text-editor\" data-id=\"iwgs-roterfaden-s2t\" data-element_type=\"widget\" data-e-type=\"widget\" data-widget_type=\"text-editor.default\">\n\t\t\t\t\t\t\t\t\t<p>Crveni konac postao je poznat prije svega u vezi s <span class=\"iwg-fachbegriff\" data-tooltip=\"Strujanje \u017eidovske mistike s glavnim djelima kao Sefer Jezira i Sohar.\" tabindex=\"0\">Kabalom<\/span>. <span class=\"iwg-fachbegriff\" data-tooltip=\"Strujanje \u017eidovske mistike s glavnim djelima kao Sefer Jezira i Sohar.\" tabindex=\"0\">Kabala<\/span> je misti\u010dno strujanje judaizma koje se bavi skrivenim zna\u010denjima svetih tekstova i biti Boga. U njezinu narodnom okru\u017eenju nastali su brojni za\u0161titni obi\u010daji.<\/p><p>Crveni konac spada u te narodne, kabalisti\u010dki obojene obi\u010daje. On nije nauka u\u010dene <span class=\"iwg-fachbegriff\" data-tooltip=\"Strujanje \u017eidovske mistike s glavnim djelima kao Sefer Jezira i Sohar.\" tabindex=\"0\">Kabale<\/span>, nego praksa koja se razvila u okru\u017eenju tog strujanja. Takvi obi\u010daji povezuju misti\u010dne predod\u017ebe s potrebama svakodnevnog \u017eivota, me\u0111u njima i s \u017eeljom za za\u0161titom.<\/p><p>U posljednjim desetlje\u0107ima crveni konac do\u017eivio je sna\u017eno \u0161irenje. Ustanove koje su kabalisti\u010dke ideje prenosile \u0161iroj publici u\u010dinile su ovaj <span class=\"iwg-fachbegriff\" data-tooltip=\"Predana, u zajednici redovito ponavljana radnja.\" tabindex=\"0\">obi\u010daj<\/span> me\u0111unarodno poznatim. Poznate osobe koje su nosile crveni konac dodatno su doprinijele njegovu \u0161irenju.<\/p><p>Ta suvremena popularnost ne smije nas ipak zavarati u pogledu starosti tog obi\u010daja. Danas ra\u0161iren oblik crvenog konca novija je pojava. <span class=\"iwg-fachbegriff\" data-tooltip=\"Predana, u zajednici redovito ponavljana radnja.\" tabindex=\"0\">Obi\u010daj<\/span> u svom sada\u0161njem obliku postao je \u0161iroko vidljiv tek u novije vrijeme, iako se nadovezuje na starije predod\u017ebe.<\/p><p><span class=\"iwg-fachbegriff\" data-tooltip=\"Strujanje \u017eidovske mistike s glavnim djelima kao Sefer Jezira i Sohar.\" tabindex=\"0\">Kabala<\/span> se, me\u0111u ostalim, bavi skrivenim putovima kojima bo\u017eanski <span class=\"iwg-fachbegriff\" data-tooltip=\"Iskazivanje spasa i za\u0161tite, \u010desto u ustaljenom jezi\u010dnom obliku.\" tabindex=\"0\">blagoslov<\/span> dolazi u svijet. U njezinu narodnom okru\u017eenju nastali su brojni obi\u010daji koji su htjeli taj <span class=\"iwg-fachbegriff\" data-tooltip=\"Iskazivanje spasa i za\u0161tite, \u010desto u ustaljenom jezi\u010dnom obliku.\" tabindex=\"0\">blagoslov<\/span> u\u010diniti korisnim za svakodnevni \u017eivot. Crveni konac je jedan takav <span class=\"iwg-fachbegriff\" data-tooltip=\"Predana, u zajednici redovito ponavljana radnja.\" tabindex=\"0\">obi\u010daj<\/span> koji povezuje misti\u010dnu predod\u017ebu s prakti\u010dnom potrebom za za\u0161titom.<\/p>\t\t\t\t\t\t\t\t<\/div>\n\t\t\t\t<\/div>\n\t\t\t\t\t<\/div>\n\t\t\t\t<\/div>\n\t\t<div class=\"elementor-element elementor-element-iwgs-roterfaden-s3 e-flex e-con-boxed e-con e-parent\" data-id=\"iwgs-roterfaden-s3\" data-element_type=\"container\" data-e-type=\"container\">\n\t\t\t\t\t<div class=\"e-con-inner\">\n\t\t\t\t<div class=\"elementor-element elementor-element-iwgs-roterfaden-s3h elementor-widget elementor-widget-heading\" data-id=\"iwgs-roterfaden-s3h\" data-element_type=\"widget\" data-e-type=\"widget\" data-widget_type=\"heading.default\">\n\t\t\t\t\t<h2 class=\"elementor-heading-title elementor-size-default\">Grob Rahele<\/h2>\t\t\t\t<\/div>\n\t\t<div class=\"elementor-element elementor-element-iwgs-roterfaden-s3box e-con-full e-flex e-con e-parent\" data-id=\"iwgs-roterfaden-s3box\" data-element_type=\"container\" data-e-type=\"container\">\n\t\t\t\t<div class=\"elementor-element elementor-element-iwgs-roterfaden-s3t elementor-widget elementor-widget-text-editor\" data-id=\"iwgs-roterfaden-s3t\" data-element_type=\"widget\" data-e-type=\"widget\" data-widget_type=\"text-editor.default\">\n\t\t\t\t\t\t\t\t\t<p>Danas najpoznatiji oblik crvenog konca vezan je za odre\u0111eno mjesto, grob Rahele. Rahela je jedna od praroditeljki Izraela, a njezin predani grob nalazi se u blizini Betlehema. To je va\u017eno mjesto \u017eidovske <span class=\"iwg-fachbegriff\" data-tooltip=\"Do\u017eivljeni religiozni stav i praksa jedne osobe.\" tabindex=\"0\">pobo\u017enosti<\/span>.<\/p><p>Prema ra\u0161irenom <span class=\"iwg-fachbegriff\" data-tooltip=\"Predana, u zajednici redovito ponavljana radnja.\" tabindex=\"0\">obi\u010daju<\/span>, crveni konac se namotava oko tog groba. Tim dodirom sa svetim mjestom konac bi trebao dobiti za\u0161titnu mo\u0107. Zatim se dugi konac re\u017ee na kratke komade koji slu\u017ee kao pojedina\u010dne za\u0161titne vrpce.<\/p><p>Ti pojedina\u010dni komadi zatim se nose kao narukvica ili se poklanjaju drugima. Povezanost s grobom Rahele daje koncu njegovo posebno zna\u010denje. On vi\u0161e nije samo crveni vuneni konac, nego vrpca koja se povezuje s po\u0161tovanim mjestom.<\/p><p>Ovaj <span class=\"iwg-fachbegriff\" data-tooltip=\"Predana, u zajednici redovito ponavljana radnja.\" tabindex=\"0\">obi\u010daj<\/span> pokazuje ponavljaju\u0107i obrazac u prou\u010davanju amuleta. Predmet dobiva svoju mo\u0107 dodirom sa svetim mjestom ili svetom osobom. I u drugim tradicijama vrpce, tkanine i mali predmeti <span class=\"iwg-fachbegriff\" data-tooltip=\"Religioznim \u010dinom predano svetom i time izdvojeno iz svakodnevnog.\" tabindex=\"0\">posve\u0107uju<\/span> se na grobovima i sveti\u0161tima. Crveni konac s groba Rahele slijedi taj obrazac.<\/p><p>Rahela se u \u017eidovskoj <span class=\"iwg-fachbegriff\" data-tooltip=\"Preno\u0161enje znanja i pri\u010da kroz nara\u0161taje.\" tabindex=\"0\">predaji<\/span> smatra pla\u010du\u0107om majkom koja se zala\u017ee za svoju djecu i posreduje za njih. Ta predod\u017eba \u010dini njezin grob mjestom utjehe i molbe. Crveni konac koji se povezuje s tim mjestom u sebi nosi ne\u0161to od te maj\u010dinske bri\u017enosti.<\/p>\t\t\t\t\t\t\t\t<\/div>\n\t\t\t\t<\/div>\n\t\t\t\t\t<\/div>\n\t\t\t\t<\/div>\n\t\t<div class=\"elementor-element elementor-element-iwgs-roterfaden-s4 e-flex e-con-boxed e-con e-parent\" data-id=\"iwgs-roterfaden-s4\" data-element_type=\"container\" data-e-type=\"container\">\n\t\t\t\t\t<div class=\"e-con-inner\">\n\t\t\t\t<div class=\"elementor-element elementor-element-iwgs-roterfaden-s4h elementor-widget elementor-widget-heading\" data-id=\"iwgs-roterfaden-s4h\" data-element_type=\"widget\" data-e-type=\"widget\" data-widget_type=\"heading.default\">\n\t\t\t\t\t<h2 class=\"elementor-heading-title elementor-size-default\">No\u0161en na lijevom zape\u0161\u0107u<\/h2>\t\t\t\t<\/div>\n\t\t<div class=\"elementor-element elementor-element-iwgs-roterfaden-s4box e-con-full e-flex e-con e-parent\" data-id=\"iwgs-roterfaden-s4box\" data-element_type=\"container\" data-e-type=\"container\">\n\t\t\t\t<div class=\"elementor-element elementor-element-iwgs-roterfaden-s4t elementor-widget elementor-widget-text-editor\" data-id=\"iwgs-roterfaden-s4t\" data-element_type=\"widget\" data-e-type=\"widget\" data-widget_type=\"text-editor.default\">\n\t\t\t\t\t\t\t\t\t<p>Crveni konac se, prema ra\u0161irenoj predod\u017ebi, nosi na lijevom zape\u0161\u0107u. Ta odredba nije slu\u010dajna. U kabalisti\u010dkom poimanju svijeta lijeva strana je primaju\u0107a strana \u010dovjeka.<\/p><p>Desna i lijeva strana u tom mi\u0161ljenju nose razli\u010dita zna\u010denja. Desna strana smatra se daruju\u0107om, a lijeva primaju\u0107om. Onaj koji \u017eeli primiti za\u0161titu i <span class=\"iwg-fachbegriff\" data-tooltip=\"Iskazivanje spasa i za\u0161tite, \u010desto u ustaljenom jezi\u010dnom obliku.\" tabindex=\"0\">blagoslov<\/span>, znak zato nosi na strani koja je pridru\u017eena tom primanju.<\/p><p>Uz stavljanje konca \u010desto su vezane kratke molitve ili rije\u010di blagoslova. Vrpca se tada obi\u010dno zatvara u nekoliko \u010dvorova. I \u010dvorovi imaju svoje zna\u010denje, jer vezivanje i sputavanje u mnogim tradicijama spadaju u radnje kojima se za\u0161tita utvr\u0111uje.<\/p><p>Te precizne odrednice, strana, \u010dvorovi, popratne rije\u010di, pokazuju da je crveni konac vi\u0161e od pukog vrpce. On je dio ure\u0111ene prakse. Prema shva\u0107anju tog obi\u010daja, pravilno no\u0161enje spada u u\u010dinkovitost za\u0161tite.<\/p><p>Prilikom stavljanja crvenog konca \u010desto se vezuje sedam \u010dvorova, a uz svaki \u010dvor mo\u017ee se izgovoriti rije\u010d blagoslova. Broj sedam smatra se u mnogim tradicijama zna\u010dajnim. Vezivanje \u010dvorova pri tome nije usputno, jer vezivanje i utvr\u0111ivanje spadaju u ra\u0161irene radnje za\u0161titne prakse.<\/p>\t\t\t\t\t\t\t\t<\/div>\n\t\t\t\t<\/div>\n\t\t\t\t\t<\/div>\n\t\t\t\t<\/div>\n\t\t<div class=\"elementor-element elementor-element-iwgs-roterfaden-s5 e-flex e-con-boxed e-con e-parent\" data-id=\"iwgs-roterfaden-s5\" data-element_type=\"container\" data-e-type=\"container\">\n\t\t\t\t\t<div class=\"e-con-inner\">\n\t\t\t\t<div class=\"elementor-element elementor-element-iwgs-roterfaden-s5h elementor-widget elementor-widget-heading\" data-id=\"iwgs-roterfaden-s5h\" data-element_type=\"widget\" data-e-type=\"widget\" data-widget_type=\"heading.default\">\n\t\t\t\t\t<h2 class=\"elementor-heading-title elementor-size-default\">Za\u0161tita od uroka<\/h2>\t\t\t\t<\/div>\n\t\t<div class=\"elementor-element elementor-element-iwgs-roterfaden-s5box e-con-full e-flex e-con e-parent\" data-id=\"iwgs-roterfaden-s5box\" data-element_type=\"container\" data-e-type=\"container\">\n\t\t\t\t<div class=\"elementor-element elementor-element-iwgs-roterfaden-s5t elementor-widget elementor-widget-text-editor\" data-id=\"iwgs-roterfaden-s5t\" data-element_type=\"widget\" data-e-type=\"widget\" data-widget_type=\"text-editor.default\">\n\t\t\t\t\t\t\t\t\t<p>Glavni zadatak crvenog konca je odbijanje uroka. Urok je predstava da pogled mo\u017ee nanijeti \u0161tetu, \u010desto potaknut zavi\u0161\u0107u. Prema toj predstavi, onaj koji ne\u0161to lijepo, zdravo ili uspje\u0161no gleda sa zlobom, mo\u017ee mu nanijeti \u0161tetu.<\/p><p>Crveni konac djeluje protiv te \u0161tete. Kao upadljiv crveni znak na zape\u0161\u0107u, treba privu\u0107i pogled na sebe i upiti njegovu \u0161tetnu snagu. Umjesto da pogodi za\u0161ti\u0107enu osobu, pa\u017enja se usmjerava na crvenu vrpcu.<\/p><p>To na\u010delo djelovanja crveni konac dijeli s drugim za\u0161titnim predmetima protiv uroka. I plavi <a href=\"https:\/\/iwell-guard.com\/hr\/?page_id=149861\">nazar bond\u017euk (Nazar Boncu\u011fu)<\/a> djeluje na principu privla\u010denja pogleda. Oba predmeta slijede istu ideju: \u0161tetnom pogledu suprotstaviti upadljiv predmet koji ga odvra\u0107a i vezuje na sebe.<\/p><p>Crveni konac tako pripada velikoj, kulturama zajedni\u010dkoj obitelji za\u0161titnih predmeta. Vjerovanje u urok ra\u0161iren je po cijelom Sredozemlju i na Bliskom istoku, u \u017eidovskom, kr\u0161\u0107anskom i islamskom okru\u017eenju. Crveni konac jedan je od najjednostavnijih, a istodobno i najra\u0161irenijih odgovora na tu staru bojazan.<\/p><p>U narodnom vjerovanju urok se \u010desto povezuje sa zavi\u0161\u0107u. Zbog toga se posebno ugro\u017eenima smatraju oni koji privla\u010de pa\u017enju i divljenje. Crveni konac se zato rado stavlja upravo maloj djeci, trudnicama i osobama u sretnim \u017eivotnim razdobljima, jer se smatraju posebno vidljivima.<\/p>\t\t\t\t\t\t\t\t<\/div>\n\t\t\t\t<\/div>\n\t\t\t\t\t<\/div>\n\t\t\t\t<\/div>\n\t\t<div class=\"elementor-element elementor-element-iwgs-roterfaden-s6 e-flex e-con-boxed e-con e-parent\" data-id=\"iwgs-roterfaden-s6\" data-element_type=\"container\" data-e-type=\"container\">\n\t\t\t\t\t<div class=\"e-con-inner\">\n\t\t\t\t<div class=\"elementor-element elementor-element-iwgs-roterfaden-s6h elementor-widget elementor-widget-heading\" data-id=\"iwgs-roterfaden-s6h\" data-element_type=\"widget\" data-e-type=\"widget\" data-widget_type=\"heading.default\">\n\t\t\t\t\t<h2 class=\"elementor-heading-title elementor-size-default\">Crveni konac u drugim kulturama<\/h2>\t\t\t\t<\/div>\n\t\t<div class=\"elementor-element elementor-element-iwgs-roterfaden-s6box e-con-full e-flex e-con e-parent\" data-id=\"iwgs-roterfaden-s6box\" data-element_type=\"container\" data-e-type=\"container\">\n\t\t\t\t<div class=\"elementor-element elementor-element-iwgs-roterfaden-s6t elementor-widget elementor-widget-text-editor\" data-id=\"iwgs-roterfaden-s6t\" data-element_type=\"widget\" data-e-type=\"widget\" data-widget_type=\"text-editor.default\">\n\t\t\t\t\t\t\t\t\t<p>Crveni za\u0161titni konac nikako nije ograni\u010den na \u017eidovsko okru\u017eenje. U mnogo se kultura crveni konci i vrpce nose kao za\u0161tita. Ta velika ra\u0161irenost va\u017ean je pokazatelj starosti i op\u0107enitosti te ideje.<\/p><p>U hinduisti\u010dkoj tradiciji posve\u0107eni konci vezuju se oko zape\u0161\u0107a, \u010desto u crvenim i \u017eutim tonovima. Stavljaju se prilikom religijskih obreda i smatraju se znakom blagoslova i za\u0161tite. I ovdje je konac jednostavan za\u0161titni predmet koji se nosi na tijelu.<\/p><p>U slavenskim i drugim europskim tradicijama crveni konci tako\u0111er su poznati kao za\u0161tita za djecu i stoku. U dijelovima isto\u010dne Azije crvene vrpce imaju svoju ulogu u vlastitim predstavama. Pojedinosti se razlikuju, ali osnovna ideja upadljivo je sli\u010dna.<\/p><p>Ta kulturama zajedni\u010dka ra\u0161irenost pokazuje da crveni konac po\u010diva na veoma temeljnoj ideji. Veza crvene boje i za\u0161tite nije vlasni\u0161tvo jedne pojedina\u010dne kulture. Crveni konac kabalisti\u010dke tradicije samo je poseban izraz jednog svjetski ra\u0161irenog za\u0161titnog obi\u010daja.<\/p><p>Zanimljiv primjer srodnosti tih obi\u010daja je hinduisti\u010dki za\u0161titni konac koji se vezuje oko zape\u0161\u0107a prilikom religijskih obreda. Obi\u010dno je crven ili crveno-\u017eut i slijedi sli\u010dno razmi\u0161ljanje. Takve paralele pokazuju da crveni za\u0161titni konac ima veoma \u0161iroku, kulturama zajedni\u010dku podlogu.<\/p>\t\t\t\t\t\t\t\t<\/div>\n\t\t\t\t<\/div>\n\t\t\t\t\t<\/div>\n\t\t\t\t<\/div>\n\t\t<div class=\"elementor-element elementor-element-iwgs-roterfaden-s7 e-flex e-con-boxed e-con e-parent\" data-id=\"iwgs-roterfaden-s7\" data-element_type=\"container\" data-e-type=\"container\">\n\t\t\t\t\t<div class=\"e-con-inner\">\n\t\t\t\t<div class=\"elementor-element elementor-element-iwgs-roterfaden-s7h elementor-widget elementor-widget-heading\" data-id=\"iwgs-roterfaden-s7h\" data-element_type=\"widget\" data-e-type=\"widget\" data-widget_type=\"heading.default\">\n\t\t\t\t\t<h2 class=\"elementor-heading-title elementor-size-default\">Stari korijeni i moderna ra\u0161irenost<\/h2>\t\t\t\t<\/div>\n\t\t<div class=\"elementor-element elementor-element-iwgs-roterfaden-s7box e-con-full e-flex e-con e-parent\" data-id=\"iwgs-roterfaden-s7box\" data-element_type=\"container\" data-e-type=\"container\">\n\t\t\t\t<div class=\"elementor-element elementor-element-iwgs-roterfaden-s7t elementor-widget elementor-widget-text-editor\" data-id=\"iwgs-roterfaden-s7t\" data-element_type=\"widget\" data-e-type=\"widget\" data-widget_type=\"text-editor.default\">\n\t\t\t\t\t\t\t\t\t<p>Pri prikazu crvenog konca va\u017eno je razlikovati dvije razine. Jedna se odnosi na stare korijene, druga na modernu ra\u0161irenost. Obje pripadaju zajedno, ali nisu isto.<\/p><p>Stari korijeni le\u017ee u predstavi o za\u0161titnoj snazi crvene boje i u predanim obi\u010dajima odbijanja zla crvenim koncima. I hebrejska Biblija poznaje crveni ili grimizni konac u pojedinim odlomcima. Osnovna ideja time je stara i dobro potvr\u0111ena.<\/p><p>Moderna ra\u0161irenost, s druge strane, odnosi se na danas poznat oblik, narukvicu s Rahelina groba. Taj poseban izraz obi\u010daja postao je \u0161iroko vidljiv tek u posljednjim desetlje\u0107ima. Za to je najvi\u0161e zaslu\u017eno preno\u0161enje kabalisti\u010dkih ideja \u0161irokoj, me\u0111unarodnoj publici.<\/p><p>Precizan prikaz razdvaja obje razine. On po\u0161tuje stare korijene crvenog za\u0161titnog konca, a istodobno navodi da je dana\u0161nji, \u0161iroko poznat oblik zapravo mlad. Tako se crveni konac ne prikazuje umjetno starijim, ali mu se ni ne umanjuje zna\u010denje.<\/p><p>I hebrejska Biblija poznaje grimizni konac u pojedinim pripovijestima, primjerice kao oznaku na prozoru ili na ruci. Ti primjeri pokazuju da je crveni konac kao znak s dubokim zna\u010denjem drevan. Ipak, nisu isto \u0161to i dana\u0161nja za\u0161titna narukvica, koja je kasniji izraz te ideje.<\/p>\t\t\t\t\t\t\t\t<\/div>\n\t\t\t\t<\/div>\n\t\t\t\t\t<\/div>\n\t\t\t\t<\/div>\n\t\t<div class=\"elementor-element elementor-element-iwgs-roterfaden-s8 e-flex e-con-boxed e-con e-parent\" data-id=\"iwgs-roterfaden-s8\" data-element_type=\"container\" data-e-type=\"container\">\n\t\t\t\t\t<div class=\"e-con-inner\">\n\t\t\t\t<div class=\"elementor-element elementor-element-iwgs-roterfaden-s8h elementor-widget elementor-widget-heading\" data-id=\"iwgs-roterfaden-s8h\" data-element_type=\"widget\" data-e-type=\"widget\" data-widget_type=\"heading.default\">\n\t\t\t\t\t<h2 class=\"elementor-heading-title elementor-size-default\">Suvremena recepcija<\/h2>\t\t\t\t<\/div>\n\t\t<div class=\"elementor-element elementor-element-iwgs-roterfaden-s8box e-con-full e-flex e-con e-parent\" data-id=\"iwgs-roterfaden-s8box\" data-element_type=\"container\" data-e-type=\"container\">\n\t\t\t\t<div class=\"elementor-element elementor-element-iwgs-roterfaden-s8t elementor-widget elementor-widget-text-editor\" data-id=\"iwgs-roterfaden-s8t\" data-element_type=\"widget\" data-e-type=\"widget\" data-widget_type=\"text-editor.default\">\n\t\t\t\t\t\t\t\t\t<p>Crveni konac danas je ra\u0161iren po cijelome svijetu. Kao jednostavna crvena narukvica lako se izra\u0111uje, lako se nosi i razumljiv je preko kulturnih granica. Ta jednostavnost znatno je doprinijela njegovu brzom \u0161irenju.<\/p><p>Za neke je crveni konac znak s jasnom religijskom i kabalisti\u010dkom podlogom. Za druge je postao op\u0107a za\u0161titna i sretna vrpca koja se nosi bez preciznog znanja o njegovu podrijetlu. U modi se crvena vrp\u010dica \u010desto javlja kao jednostavan nakit.<\/p><p>Taj pomak u zna\u010denju \u010desto se opa\u017ea kod ra\u0161irenih za\u0161titnih znakova. Znak s \u010dvrstim religijskim zna\u010denjem postaje op\u0107i znak za\u0161tite, sre\u0107e ili duhovnog stava. Crveni konac taj je put pre\u0161ao u kratkom vremenu.<\/p><p>U svojoj sr\u017ei crveni konac i dalje ostaje ono \u0161to je uvijek bio, jednostavna obojena za\u0161titna vrpca. Podsje\u0107a da za\u0161titni znakovi ne moraju biti skupi ili umjetni\u010dki izra\u0111eni. Tanak crveni konac oko zape\u0161\u0107a dovoljan je da u\u010dini vidljivom veoma staru i ra\u0161irenu predstavu.<\/p><p>Prednost crvenog konca danas je njegova nenametljivost. Neupadljivo se prilago\u0111ava zape\u0161\u0107u i time se uklapa i u moderan svakodnevni \u017eivot, u kojem upadljiv nakit nije uvijek po\u017eeljan. Ta tiha prisutnost doprinijela je trajnoj popularnosti te jednostavne vrpce.<\/p>\t\t\t\t\t\t\t\t<\/div>\n\t\t\t\t<\/div>\n\t\t\t\t\t<\/div>\n\t\t\t\t<\/div>\n\t\t<div class=\"elementor-element elementor-element-iwgs-roterfaden-lit e-flex e-con-boxed e-con e-parent\" data-id=\"iwgs-roterfaden-lit\" data-element_type=\"container\" data-e-type=\"container\">\n\t\t\t\t\t<div class=\"e-con-inner\">\n\t\t\t\t<div class=\"elementor-element elementor-element-iwgs-roterfaden-lith elementor-widget elementor-widget-heading\" data-id=\"iwgs-roterfaden-lith\" data-element_type=\"widget\" data-e-type=\"widget\" data-widget_type=\"heading.default\">\n\t\t\t\t\t<h2 class=\"elementor-heading-title elementor-size-default\">Literatura (izbor)<\/h2>\t\t\t\t<\/div>\n\t\t<div class=\"elementor-element elementor-element-iwgs-roterfaden-litbox e-con-full e-flex e-con e-parent\" data-id=\"iwgs-roterfaden-litbox\" data-element_type=\"container\" data-e-type=\"container\">\n\t\t\t\t<div class=\"elementor-element elementor-element-iwgs-roterfaden-litt elementor-widget elementor-widget-html\" data-id=\"iwgs-roterfaden-litt\" data-element_type=\"widget\" data-e-type=\"widget\" data-widget_type=\"html.default\">\n\t\t\t\t\t<footer data-nosnippet=\"true\"><ul><li>Joshua Trachtenberg: <em>Jewish Magic and Superstition<\/em> (1939)<\/li><li>Alan Dundes (ur.): <em>The Evil Eye. A Casebook<\/em> (1981)<\/li><li>T. Schrire: <em>Hebrew Amulets<\/em> (1966)<\/li><li>Siegfried Seligmann: <em>Der b\u00f6se Blick und Verwandtes<\/em> (1910)<\/li><li>Leksikon judaizma, \u010dlanak o narodnim obi\u010dajima i amuletima<\/li><\/ul><\/footer>\t\t\t\t<\/div>\n\t\t\t\t<\/div>\n\t\t\t\t\t<\/div>\n\t\t\t\t<\/div>\n\t\t<div class=\"elementor-element elementor-element-iwgs-roterfaden-kwd e-flex e-con-boxed e-con e-parent\" data-id=\"iwgs-roterfaden-kwd\" data-element_type=\"container\" data-e-type=\"container\">\n\t\t\t\t\t<div class=\"e-con-inner\">\n\t\t\t\t<div class=\"elementor-element elementor-element-iwgs-roterfaden-kwdt elementor-widget elementor-widget-text-editor\" data-id=\"iwgs-roterfaden-kwdt\" data-element_type=\"widget\" data-e-type=\"widget\" data-widget_type=\"text-editor.default\">\n\t\t\t\t\t\t\t\t\t<p><em>Srodni klju\u010dni pojmovi: crveni konac za\u0161titna vrpca <span class=\"iwg-fachbegriff\" data-tooltip=\"Ra\u0161irena predstava da zavidan pogled druge osobe mo\u017ee nanijeti \u0161tetu.\" tabindex=\"0\">urok<\/span> <span class=\"iwg-fachbegriff\" data-tooltip=\"Pravac \u017eidovske mistike s glavnim djelima kao \u0161to su Sefer Jecira i Zohar.\" tabindex=\"0\">Kabala<\/span> Rahela zape\u0161\u0107e vuna za\u0161titna boja crvena.<\/em><\/p>\t\t\t\t\t\t\t\t<\/div>\n\t\t\t\t\t<\/div>\n\t\t\t\t<\/div>\n\t\t<div class=\"elementor-element elementor-element-iwgs-roterfaden-cc e-flex e-con-boxed e-con e-parent\" data-id=\"iwgs-roterfaden-cc\" data-element_type=\"container\" data-e-type=\"container\" id=\"iwg-cc-roter-faden\">\n\t\t\t\t\t<div class=\"e-con-inner\">\n\t\t<div class=\"elementor-element elementor-element-iwgs-roterfaden-ccinner e-flex e-con-boxed e-con e-parent\" data-id=\"iwgs-roterfaden-ccinner\" data-element_type=\"container\" data-e-type=\"container\" data-settings=\"{&quot;background_background&quot;:&quot;classic&quot;}\">\n\t\t\t\t\t<div class=\"e-con-inner\">\n\t\t\t\t<div class=\"elementor-element elementor-element-iwgs-roterfaden-cch elementor-widget elementor-widget-heading\" data-id=\"iwgs-roterfaden-cch\" data-element_type=\"widget\" data-e-type=\"widget\" data-widget_type=\"heading.default\">\n\t\t\t\t\t<h2 class=\"elementor-heading-title elementor-size-default\">iWell Guard i tradicije za\u0161tite<\/h2>\t\t\t\t<\/div>\n\t\t\t\t<div class=\"elementor-element elementor-element-iwgs-roterfaden-cct elementor-widget elementor-widget-text-editor\" data-id=\"iwgs-roterfaden-cct\" data-element_type=\"widget\" data-e-type=\"widget\" data-widget_type=\"text-editor.default\">\n\t\t\t\t\t\t\t\t\t<p>iWell Guard se uklapa u kulturno-povijesnu tradiciju nosivih za\u0161titnih predmeta, kojoj pripada i crveni konac. Moderan pratitelj za ljude koji \u017eive sa za\u0161titnim simbolima: izra\u0111en u Njema\u010dkoj, 41 slojeva pravog zlata, platine i srebra, s pravom na povrat u roku od 30 dana.<\/p>\t\t\t\t\t\t\t\t<\/div>\n\t\t\t\t<div class=\"elementor-element elementor-element-iwgs-roterfaden-ccb iwg-cc-button iwg-cc-cta-2026-05-13 elementor-widget elementor-widget-jet-button\" data-id=\"iwgs-roterfaden-ccb\" data-element_type=\"widget\" data-e-type=\"widget\" data-widget_type=\"jet-button.default\">\n\t\t\t\t<div class=\"elementor-widget-container\">\n\t\t\t\t\t<div class=\"elementor-jet-button jet-elements\"><div class=\"jet-button__container\"><a class=\"jet-button__instance jet-button__instance--icon-left hover-effect-1\" href=\"\/schutzanhaenger-iwell-guard-kaufen\/?utm_source=iwell-guard.com&amp;utm_medium=info-box&amp;utm_campaign=schutzsymbole\"><div class=\"jet-button__plane jet-button__plane-normal\"><\/div><div class=\"jet-button__plane jet-button__plane-hover\"><\/div><div class=\"jet-button__state jet-button__state-normal\"><span class=\"jet-button__label\">Vi\u0161e o iWell Guardu<\/span><\/div><div class=\"jet-button__state jet-button__state-hover\"><span class=\"jet-button__label\">Vi\u0161e o iWell Guardu<\/span><\/div><\/a><\/div><\/div><style>.elementor-element.elementor-element-iwgs-roterfaden-ccb .jet-button__instance{width:320px;height:56px;}.elementor-element.elementor-element-iwgs-roterfaden-ccb .jet-button__state-normal .jet-button__label{text-align:center;margin:0px 0px 0px 0px;color:#1a1b20;font-family:Montserrat,sans-serif;font-size:13px;font-weight:400;letter-spacing:4px;line-height:1.714em;text-transform:uppercase;}.elementor-element.elementor-element-iwgs-roterfaden-ccb .jet-button__state-hover .jet-button__label{text-align:center;margin:0px 0px 0px 0px;color:#FECC76;font-family:Montserrat,sans-serif;font-size:13px;font-weight:400;letter-spacing:4px;line-height:1.714em;text-transform:uppercase;}.elementor-element.elementor-element-iwgs-roterfaden-ccb .jet-button__plane-normal{background-color:#FECC76;border-style:solid;border-color:#C99540;border-width:2px 2px 2px 2px;}.elementor-element.elementor-element-iwgs-roterfaden-ccb .jet-button__plane-hover{background-color:rgba(0,0,0,0.55);border-style:solid;border-color:#FECC76;border-width:2px 2px 2px 2px;}<\/style>\t\t\t\t<\/div>\n\t\t\t\t<\/div>\n\t\t\t\t<div class=\"elementor-element elementor-element-iwgs-roterfaden-ccd elementor-widget elementor-widget-text-editor\" data-id=\"iwgs-roterfaden-ccd\" data-element_type=\"widget\" data-e-type=\"widget\" data-widget_type=\"text-editor.default\">\n\t\t\t\t\t\t\t\t\t<p style=\"text-align:center;font-size:13px;opacity:0.7;margin-top:14px\" data-nosnippet=\"true\">Osobna iskustva mogu se razlikovati. Nije medicinski proizvod. Nema obe\u0107anja izlje\u010denja.<\/p>\t\t\t\t\t\t\t\t<\/div>\n\t\t\t\t\t<\/div>\n\t\t\t\t<\/div>\n\t\t\t\t\t<\/div>\n\t\t\t\t<\/div>\n\t\t<div class=\"elementor-element elementor-element-iwgs-roterfaden-disc e-flex e-con-boxed e-con e-parent\" data-id=\"iwgs-roterfaden-disc\" data-element_type=\"container\" data-e-type=\"container\">\n\t\t\t\t\t<div class=\"e-con-inner\">\n\t\t\t\t<div class=\"elementor-element elementor-element-iwgs-roterfaden-discw elementor-widget elementor-widget-html\" data-id=\"iwgs-roterfaden-discw\" data-element_type=\"widget\" data-e-type=\"widget\" data-widget_type=\"html.default\">\n\t\t\t\t\t<footer data-nosnippet=\"true\" class=\"iwg-disclaimer-block\"><p data-nosnippet=\"true\">iWell Guard <strong>nije medicinski proizvod<\/strong> i ne zamjenjuje lije\u010dni\u010dko ili psihoterapijsko lije\u010denje. Sadr\u017eaji prikazani ovdje predstavljaju religiolo\u0161ku i kulturno-povijesnu interpretaciju, a ne obe\u0107anje duhovnog djelovanja.<\/p><\/footer>\t\t\t\t<\/div>\n\t\t\t\t\t<\/div>\n\t\t\t\t<\/div>\n\t\t\t\t<\/div>\n\t\t","protected":false},"excerpt":{"rendered":"","protected":false},"author":3,"featured_media":3511,"parent":0,"menu_order":0,"comment_status":"closed","ping_status":"closed","template":"elementor_header_footer","meta":{"_yoast_wpseo_focuskw":"crveni konac","_yoast_wpseo_title":"Crveni konac \u2013 za\u0161titna vrpca kabale","_yoast_wpseo_metadesc":"Crveni konac oko zape\u0161\u0107a smatra se za\u0161titom od urokljivog oka. Obja\u0161njeni su podrijetlo, kabalisti\u010dka podloga i zna\u010denje.","_yoast_wpseo_meta-robots-noindex":"","_yoast_wpseo_canonical":"","_angie_page":false,"gefaehrdungsstufe":"","wesen_kultur":"","wesen_klasse":"","footnotes":""},"categories":[],"class_list":["post-149878","page","type-page","status-publish","has-post-thumbnail","hentry"],"yoast_head":"<!-- This site is optimized with the Yoast SEO Premium plugin v27.7 (Yoast SEO v28.3) - https:\/\/yoast.com\/product\/yoast-seo-premium-wordpress\/ -->\n<title>Crveni konac \u2013 za\u0161titna vrpca kabale<\/title>\n<meta name=\"description\" content=\"Crveni konac oko zape\u0161\u0107a smatra se za\u0161titom od urokljivog oka. Obja\u0161njeni su podrijetlo, kabalisti\u010dka podloga i zna\u010denje.\" \/>\n<meta name=\"robots\" content=\"index, follow, max-snippet:-1, max-image-preview:large, max-video-preview:-1\" \/>\n<link rel=\"canonical\" href=\"https:\/\/iwell-guard.com\/hr\/crveni-konac-zastitna-vrpca\/\" \/>\n<meta property=\"og:locale\" content=\"hr_HR\" \/>\n<meta property=\"og:type\" content=\"article\" \/>\n<meta property=\"og:title\" content=\"Crveni konac \u2013 za\u0161titna vrpca protiv urokljivog oka\" \/>\n<meta property=\"og:description\" content=\"Crveni konac oko zape\u0161\u0107a smatra se za\u0161titom od urokljivog oka. Obja\u0161njeni su podrijetlo, kabalisti\u010dka podloga i zna\u010denje.\" \/>\n<meta property=\"og:url\" content=\"https:\/\/iwell-guard.com\/hr\/crveni-konac-zastitna-vrpca\/\" \/>\n<meta property=\"og:site_name\" content=\"iWell Guard\" \/>\n<meta property=\"article:modified_time\" content=\"2026-09-04T05:34:25+00:00\" \/>\n<meta property=\"og:image\" content=\"https:\/\/iwell-guard.com\/wp-content\/uploads\/2026\/05\/schutzsymbol_judentum_roter-faden.webp\" \/>\n\t<meta property=\"og:image:width\" content=\"1024\" \/>\n\t<meta property=\"og:image:height\" content=\"1536\" \/>\n\t<meta property=\"og:image:type\" content=\"image\/webp\" \/>\n<meta name=\"twitter:card\" content=\"summary_large_image\" \/>\n<script type=\"application\/ld+json\" class=\"yoast-schema-graph\">{\"@context\":\"https:\\\/\\\/schema.org\",\"@graph\":[{\"@type\":\"WebPage\",\"@id\":\"https:\\\/\\\/iwell-guard.com\\\/hr\\\/crveni-konac-zastitna-vrpca\\\/\",\"url\":\"https:\\\/\\\/iwell-guard.com\\\/hr\\\/crveni-konac-zastitna-vrpca\\\/\",\"name\":\"Crveni konac \u2013 za\u0161titna vrpca kabale\",\"isPartOf\":{\"@id\":\"https:\\\/\\\/iwell-guard.com\\\/hr\\\/#website\"},\"primaryImageOfPage\":{\"@id\":\"https:\\\/\\\/iwell-guard.com\\\/hr\\\/crveni-konac-zastitna-vrpca\\\/#primaryimage\"},\"image\":{\"@id\":\"https:\\\/\\\/iwell-guard.com\\\/hr\\\/crveni-konac-zastitna-vrpca\\\/#primaryimage\"},\"thumbnailUrl\":\"https:\\\/\\\/iwell-guard.com\\\/wp-content\\\/uploads\\\/2026\\\/05\\\/schutzsymbol_judentum_roter-faden.webp\",\"datePublished\":\"2026-09-04T05:14:16+00:00\",\"dateModified\":\"2026-09-04T05:34:25+00:00\",\"description\":\"Crveni konac oko zape\u0161\u0107a smatra se za\u0161titom od urokljivog oka. Obja\u0161njeni su podrijetlo, kabalisti\u010dka podloga i zna\u010denje.\",\"breadcrumb\":{\"@id\":\"https:\\\/\\\/iwell-guard.com\\\/hr\\\/crveni-konac-zastitna-vrpca\\\/#breadcrumb\"},\"inLanguage\":\"hr\",\"potentialAction\":[{\"@type\":\"ReadAction\",\"target\":[\"https:\\\/\\\/iwell-guard.com\\\/hr\\\/crveni-konac-zastitna-vrpca\\\/\"]}]},{\"@type\":\"ImageObject\",\"inLanguage\":\"hr\",\"@id\":\"https:\\\/\\\/iwell-guard.com\\\/hr\\\/crveni-konac-zastitna-vrpca\\\/#primaryimage\",\"url\":\"https:\\\/\\\/iwell-guard.com\\\/wp-content\\\/uploads\\\/2026\\\/05\\\/schutzsymbol_judentum_roter-faden.webp\",\"contentUrl\":\"https:\\\/\\\/iwell-guard.com\\\/wp-content\\\/uploads\\\/2026\\\/05\\\/schutzsymbol_judentum_roter-faden.webp\",\"width\":1024,\"height\":1536,\"caption\":\"Za\u0161titni simbol. Muzejska ilustracija u stilu mrtve prirode.\"},{\"@type\":\"BreadcrumbList\",\"@id\":\"https:\\\/\\\/iwell-guard.com\\\/hr\\\/crveni-konac-zastitna-vrpca\\\/#breadcrumb\",\"itemListElement\":[{\"@type\":\"ListItem\",\"position\":1,\"name\":\"Start\",\"item\":\"https:\\\/\\\/iwell-guard.com\\\/hr\\\/?page_id=149317\"},{\"@type\":\"ListItem\",\"position\":2,\"name\":\"Crveni konac \u2013 za\u0161titna vrpca protiv urokljivog oka\"}]},{\"@type\":\"WebSite\",\"@id\":\"https:\\\/\\\/iwell-guard.com\\\/hr\\\/#website\",\"url\":\"https:\\\/\\\/iwell-guard.com\\\/hr\\\/\",\"name\":\"iWell Guard\",\"description\":\"Schutz vor dunklen Einfl\u00fcssen\",\"publisher\":{\"@id\":\"https:\\\/\\\/iwell-guard.com\\\/hr\\\/#organization\"},\"potentialAction\":[{\"@type\":\"SearchAction\",\"target\":{\"@type\":\"EntryPoint\",\"urlTemplate\":\"https:\\\/\\\/iwell-guard.com\\\/hr\\\/?s={search_term_string}\"},\"query-input\":{\"@type\":\"PropertyValueSpecification\",\"valueRequired\":true,\"valueName\":\"search_term_string\"}}],\"inLanguage\":\"hr\"},{\"@type\":\"Organization\",\"@id\":\"https:\\\/\\\/iwell-guard.com\\\/hr\\\/#organization\",\"name\":\"Ittermann electronic GmbH\",\"url\":\"https:\\\/\\\/iwell-guard.com\\\/hr\\\/\",\"logo\":{\"@type\":\"ImageObject\",\"inLanguage\":\"hr\",\"@id\":\"https:\\\/\\\/iwell-guard.com\\\/hr\\\/#\\\/schema\\\/logo\\\/image\\\/\",\"url\":\"https:\\\/\\\/iwell-guard.com\\\/wp-content\\\/uploads\\\/2026\\\/05\\\/Ittermann-Logo-1182x237-1.png\",\"contentUrl\":\"https:\\\/\\\/iwell-guard.com\\\/wp-content\\\/uploads\\\/2026\\\/05\\\/Ittermann-Logo-1182x237-1.png\",\"width\":1182,\"height\":237,\"caption\":\"Ittermann electronic GmbH\"},\"image\":{\"@id\":\"https:\\\/\\\/iwell-guard.com\\\/hr\\\/#\\\/schema\\\/logo\\\/image\\\/\"},\"sameAs\":[\"https:\\\/\\\/pantip.com\\\/profile\\\/9367242\",\"https:\\\/\\\/micro.blog\\\/iwellguard\",\"https:\\\/\\\/www.diggerslist.com\\\/iwellguard\\\/about\",\"https:\\\/\\\/skitterphoto.com\\\/photographers\\\/2870314\\\/iwell-guard\",\"https:\\\/\\\/iwellguard.wordpress.com\\\/2026\\\/06\\\/06\\\/iwell-guard\\\/\",\"https:\\\/\\\/hub.docker.com\\\/u\\\/iwellguard\",\"https:\\\/\\\/www.pinterest.com\\\/iwellguard\\\/\",\"https:\\\/\\\/bit.ly\\\/m\\\/iwellguard\",\"https:\\\/\\\/entre-vos-mains.alsace.eu\\\/profiles\\\/iwellguard\\\/activity\",\"https:\\\/\\\/gravatar.com\\\/reallybeded8fd34\",\"https:\\\/\\\/naijamatta.com\\\/iwellguard\",\"https:\\\/\\\/www.goodreads.com\\\/iwellguard\",\"https:\\\/\\\/profile.hatena.ne.jp\\\/iwellguard\\\/\",\"https:\\\/\\\/experiment.com\\\/users\\\/iwellguard\",\"https:\\\/\\\/wakelet.com\\\/@iWellGuard82270\",\"https:\\\/\\\/www.chordie.com\\\/forum\\\/profile.php?id=2555664\",\"https:\\\/\\\/www.instapaper.com\\\/p\\\/17757966\",\"https:\\\/\\\/www.mapleprimes.com\\\/users\\\/iwellguard\",\"https:\\\/\\\/businesslistingplus.com\\\/profile\\\/iwell-guard\\\/\",\"https:\\\/\\\/telegra.ph\\\/iWell-Guard-06-06\",\"https:\\\/\\\/pbase.com\\\/iwellguard\\\/iwellguard\",\"https:\\\/\\\/b.hatena.ne.jp\\\/iwellguard\\\/20260607#bookmark-4788405196491818882\",\"https:\\\/\\\/fliphtml5.com\\\/home\\\/iwellguard\",\"https:\\\/\\\/anyflip.com\\\/homepage\\\/cmiwl#About\",\"https:\\\/\\\/transfur.com\\\/Users\\\/iwellguard\",\"http:\\\/\\\/delphi.larsbo.org\\\/user\\\/iwellguard\",\"https:\\\/\\\/jobs.lajobsportal.org\\\/profiles\\\/8380803-iwell-guard\",\"https:\\\/\\\/md.chaosdorf.de\\\/s\\\/jfbe5SBdJD\",\"https:\\\/\\\/www.lingvolive.com\\\/en-us\\\/profile\\\/9ecaeaca-ce11-4e51-9e71-01d55e2bff36\\\/translations\",\"https:\\\/\\\/www.fitday.com\\\/fitness\\\/forums\\\/members\\\/iwellguard.html\",\"https:\\\/\\\/www.mymeetbook.com\\\/iwellguard\",\"https:\\\/\\\/pxhere.com\\\/en\\\/photographer-me\\\/5040798\",\"https:\\\/\\\/disqus.com\\\/by\\\/iwellguard\\\/about\\\/\",\"https:\\\/\\\/pastelink.net\\\/hjwciqwq\",\"https:\\\/\\\/pubhtml5.com\\\/homepage\\\/scjhn\\\/\",\"https:\\\/\\\/www.bitchute.com\\\/channel\\\/2O2eOKzNqujT\",\"https:\\\/\\\/audiomack.com\\\/iwellguard\"]}]}<\/script>\n<!-- \/ Yoast SEO Premium plugin. -->","yoast_head_json":{"title":"Crveni konac \u2013 za\u0161titna vrpca kabale","description":"Crveni konac oko zape\u0161\u0107a smatra se za\u0161titom od urokljivog oka. Obja\u0161njeni su podrijetlo, kabalisti\u010dka podloga i zna\u010denje.","robots":{"index":"index","follow":"follow","max-snippet":"max-snippet:-1","max-image-preview":"max-image-preview:large","max-video-preview":"max-video-preview:-1"},"canonical":"https:\/\/iwell-guard.com\/hr\/crveni-konac-zastitna-vrpca\/","og_locale":"hr_HR","og_type":"article","og_title":"Crveni konac \u2013 za\u0161titna vrpca protiv urokljivog oka","og_description":"Crveni konac oko zape\u0161\u0107a smatra se za\u0161titom od urokljivog oka. Obja\u0161njeni su podrijetlo, kabalisti\u010dka podloga i zna\u010denje.","og_url":"https:\/\/iwell-guard.com\/hr\/crveni-konac-zastitna-vrpca\/","og_site_name":"iWell Guard","article_modified_time":"2026-09-04T05:34:25+00:00","og_image":[{"width":1024,"height":1536,"url":"https:\/\/iwell-guard.com\/wp-content\/uploads\/2026\/05\/schutzsymbol_judentum_roter-faden.webp","type":"image\/webp"}],"twitter_card":"summary_large_image","schema":{"@context":"https:\/\/schema.org","@graph":[{"@type":"WebPage","@id":"https:\/\/iwell-guard.com\/hr\/crveni-konac-zastitna-vrpca\/","url":"https:\/\/iwell-guard.com\/hr\/crveni-konac-zastitna-vrpca\/","name":"Crveni konac \u2013 za\u0161titna vrpca kabale","isPartOf":{"@id":"https:\/\/iwell-guard.com\/hr\/#website"},"primaryImageOfPage":{"@id":"https:\/\/iwell-guard.com\/hr\/crveni-konac-zastitna-vrpca\/#primaryimage"},"image":{"@id":"https:\/\/iwell-guard.com\/hr\/crveni-konac-zastitna-vrpca\/#primaryimage"},"thumbnailUrl":"https:\/\/iwell-guard.com\/wp-content\/uploads\/2026\/05\/schutzsymbol_judentum_roter-faden.webp","datePublished":"2026-09-04T05:14:16+00:00","dateModified":"2026-09-04T05:34:25+00:00","description":"Crveni konac oko zape\u0161\u0107a smatra se za\u0161titom od urokljivog oka. Obja\u0161njeni su podrijetlo, kabalisti\u010dka podloga i zna\u010denje.","breadcrumb":{"@id":"https:\/\/iwell-guard.com\/hr\/crveni-konac-zastitna-vrpca\/#breadcrumb"},"inLanguage":"hr","potentialAction":[{"@type":"ReadAction","target":["https:\/\/iwell-guard.com\/hr\/crveni-konac-zastitna-vrpca\/"]}]},{"@type":"ImageObject","inLanguage":"hr","@id":"https:\/\/iwell-guard.com\/hr\/crveni-konac-zastitna-vrpca\/#primaryimage","url":"https:\/\/iwell-guard.com\/wp-content\/uploads\/2026\/05\/schutzsymbol_judentum_roter-faden.webp","contentUrl":"https:\/\/iwell-guard.com\/wp-content\/uploads\/2026\/05\/schutzsymbol_judentum_roter-faden.webp","width":1024,"height":1536,"caption":"Za\u0161titni simbol. Muzejska ilustracija u stilu mrtve prirode."},{"@type":"BreadcrumbList","@id":"https:\/\/iwell-guard.com\/hr\/crveni-konac-zastitna-vrpca\/#breadcrumb","itemListElement":[{"@type":"ListItem","position":1,"name":"Start","item":"https:\/\/iwell-guard.com\/hr\/?page_id=149317"},{"@type":"ListItem","position":2,"name":"Crveni konac \u2013 za\u0161titna vrpca protiv urokljivog oka"}]},{"@type":"WebSite","@id":"https:\/\/iwell-guard.com\/hr\/#website","url":"https:\/\/iwell-guard.com\/hr\/","name":"iWell Guard","description":"Schutz vor dunklen Einfl\u00fcssen","publisher":{"@id":"https:\/\/iwell-guard.com\/hr\/#organization"},"potentialAction":[{"@type":"SearchAction","target":{"@type":"EntryPoint","urlTemplate":"https:\/\/iwell-guard.com\/hr\/?s={search_term_string}"},"query-input":{"@type":"PropertyValueSpecification","valueRequired":true,"valueName":"search_term_string"}}],"inLanguage":"hr"},{"@type":"Organization","@id":"https:\/\/iwell-guard.com\/hr\/#organization","name":"Ittermann electronic GmbH","url":"https:\/\/iwell-guard.com\/hr\/","logo":{"@type":"ImageObject","inLanguage":"hr","@id":"https:\/\/iwell-guard.com\/hr\/#\/schema\/logo\/image\/","url":"https:\/\/iwell-guard.com\/wp-content\/uploads\/2026\/05\/Ittermann-Logo-1182x237-1.png","contentUrl":"https:\/\/iwell-guard.com\/wp-content\/uploads\/2026\/05\/Ittermann-Logo-1182x237-1.png","width":1182,"height":237,"caption":"Ittermann electronic GmbH"},"image":{"@id":"https:\/\/iwell-guard.com\/hr\/#\/schema\/logo\/image\/"},"sameAs":["https:\/\/pantip.com\/profile\/9367242","https:\/\/micro.blog\/iwellguard","https:\/\/www.diggerslist.com\/iwellguard\/about","https:\/\/skitterphoto.com\/photographers\/2870314\/iwell-guard","https:\/\/iwellguard.wordpress.com\/2026\/06\/06\/iwell-guard\/","https:\/\/hub.docker.com\/u\/iwellguard","https:\/\/www.pinterest.com\/iwellguard\/","https:\/\/bit.ly\/m\/iwellguard","https:\/\/entre-vos-mains.alsace.eu\/profiles\/iwellguard\/activity","https:\/\/gravatar.com\/reallybeded8fd34","https:\/\/naijamatta.com\/iwellguard","https:\/\/www.goodreads.com\/iwellguard","https:\/\/profile.hatena.ne.jp\/iwellguard\/","https:\/\/experiment.com\/users\/iwellguard","https:\/\/wakelet.com\/@iWellGuard82270","https:\/\/www.chordie.com\/forum\/profile.php?id=2555664","https:\/\/www.instapaper.com\/p\/17757966","https:\/\/www.mapleprimes.com\/users\/iwellguard","https:\/\/businesslistingplus.com\/profile\/iwell-guard\/","https:\/\/telegra.ph\/iWell-Guard-06-06","https:\/\/pbase.com\/iwellguard\/iwellguard","https:\/\/b.hatena.ne.jp\/iwellguard\/20260607#bookmark-4788405196491818882","https:\/\/fliphtml5.com\/home\/iwellguard","https:\/\/anyflip.com\/homepage\/cmiwl#About","https:\/\/transfur.com\/Users\/iwellguard","http:\/\/delphi.larsbo.org\/user\/iwellguard","https:\/\/jobs.lajobsportal.org\/profiles\/8380803-iwell-guard","https:\/\/md.chaosdorf.de\/s\/jfbe5SBdJD","https:\/\/www.lingvolive.com\/en-us\/profile\/9ecaeaca-ce11-4e51-9e71-01d55e2bff36\/translations","https:\/\/www.fitday.com\/fitness\/forums\/members\/iwellguard.html","https:\/\/www.mymeetbook.com\/iwellguard","https:\/\/pxhere.com\/en\/photographer-me\/5040798","https:\/\/disqus.com\/by\/iwellguard\/about\/","https:\/\/pastelink.net\/hjwciqwq","https:\/\/pubhtml5.com\/homepage\/scjhn\/","https:\/\/www.bitchute.com\/channel\/2O2eOKzNqujT","https:\/\/audiomack.com\/iwellguard"]}]}},"_links":{"self":[{"href":"https:\/\/iwell-guard.com\/hr\/wp-json\/wp\/v2\/pages\/149878","targetHints":{"allow":["GET"]}}],"collection":[{"href":"https:\/\/iwell-guard.com\/hr\/wp-json\/wp\/v2\/pages"}],"about":[{"href":"https:\/\/iwell-guard.com\/hr\/wp-json\/wp\/v2\/types\/page"}],"author":[{"embeddable":true,"href":"https:\/\/iwell-guard.com\/hr\/wp-json\/wp\/v2\/users\/3"}],"replies":[{"embeddable":true,"href":"https:\/\/iwell-guard.com\/hr\/wp-json\/wp\/v2\/comments?post=149878"}],"version-history":[{"count":0,"href":"https:\/\/iwell-guard.com\/hr\/wp-json\/wp\/v2\/pages\/149878\/revisions"}],"wp:featuredmedia":[{"embeddable":true,"href":"https:\/\/iwell-guard.com\/hr\/wp-json\/wp\/v2\/media\/3511"}],"wp:attachment":[{"href":"https:\/\/iwell-guard.com\/hr\/wp-json\/wp\/v2\/media?parent=149878"}],"wp:term":[{"taxonomy":"category","embeddable":true,"href":"https:\/\/iwell-guard.com\/hr\/wp-json\/wp\/v2\/categories?post=149878"}],"curies":[{"name":"wp","href":"https:\/\/api.w.org\/{rel}","templated":true}]}}