{"id":149862,"date":"2026-09-04T05:14:08","date_gmt":"2026-09-04T05:14:08","guid":{"rendered":"https:\/\/iwell-guard.com\/?page_id=149862"},"modified":"2026-09-04T05:34:00","modified_gmt":"2026-09-04T05:34:00","slug":"krscanske-zastitne-medaljice-benedikt-marija-kristofor","status":"publish","type":"page","link":"https:\/\/iwell-guard.com\/hr\/krscanske-zastitne-medaljice-benedikt-marija-kristofor\/","title":{"rendered":"Kr\u0161\u0107anske za\u0161titne medaljice \u2013 Benedikt, Marija, Kristofor"},"content":{"rendered":"\t\t<div data-elementor-type=\"wp-page\" data-elementor-id=\"149862\" class=\"elementor elementor-149862 elementor-3592 elementor-bc-flex-widget\" data-elementor-post-type=\"page\">\n\t\t\t\t<div class=\"elementor-element elementor-element-iwgs-christliches-hero e-flex e-con-boxed e-con e-parent\" data-id=\"iwgs-christliches-hero\" data-element_type=\"container\" data-e-type=\"container\">\n\t\t\t\t\t<div class=\"e-con-inner\">\n\t\t<div class=\"elementor-element elementor-element-iwgs-christliches-hl e-flex e-con-boxed e-con e-parent\" data-id=\"iwgs-christliches-hl\" data-element_type=\"container\" data-e-type=\"container\">\n\t\t\t\t\t<div class=\"e-con-inner\">\n\t\t<div class=\"elementor-element elementor-element-iwgs-christliches-hlbox e-con-full e-flex e-con e-parent\" data-id=\"iwgs-christliches-hlbox\" data-element_type=\"container\" data-e-type=\"container\">\n\t\t\t\t<div class=\"elementor-element elementor-element-iwgs-christliches-h1 elementor-widget elementor-widget-heading\" data-id=\"iwgs-christliches-h1\" data-element_type=\"widget\" data-e-type=\"widget\" data-widget_type=\"heading.default\">\n\t\t\t\t\t<h1 class=\"elementor-heading-title elementor-size-default\">Kr\u0161\u0107anske za\u0161titne medaljice \u2013 medaljica svetog Benedikta, \u010cudotvorna medaljica i medaljica svetog Kristofora<\/h1>\t\t\t\t<\/div>\n\t\t\t\t<div class=\"elementor-element elementor-element-iwgs-christliches-lead elementor-widget elementor-widget-text-editor\" data-id=\"iwgs-christliches-lead\" data-element_type=\"widget\" data-e-type=\"widget\" data-widget_type=\"text-editor.default\">\n\t\t\t\t\t\t\t\t\t<p>Ovaj pregled cjelovito prikazuje najva\u017enije kr\u0161\u0107anske za\u0161titne medaljice, njihovu povezanost sa svecima i tradiciju njihova no\u0161enja. Kr\u0161\u0107anske za\u0161titne medaljice ubrajaju se me\u0111u naj\u010de\u0161\u0107e no\u0161ene religijske predmete zapadnog svijeta. Medaljica svetog Benedikta, \u010cudotvorna medaljica i medaljica svetog Kristofora spajaju staru potrebu za za\u0161titom s vjerskim svijetom Crkve, i to na na\u010din koji se jasno razlikuje od magijskih amuleta.<\/p>\t\t\t\t\t\t\t\t<\/div>\n\t\t\t\t<\/div>\n\t\t\t\t<div class=\"elementor-element elementor-element-iwgs-christliches-pills elementor-widget elementor-widget-html\" data-id=\"iwgs-christliches-pills\" data-element_type=\"widget\" data-e-type=\"widget\" data-widget_type=\"html.default\">\n\t\t\t\t\t<div class=\"iwg-pill-row\"><span class=\"iwg-klasse-badge\" tabindex=\"0\" data-tooltip=\"Za\u0161titni simbol, amulet ili apotropejski predmet.\">Za\u0161titni simbol<\/span><a href=\"https:\/\/iwell-guard.com\/hr\/krscanstvo\/\" class=\"iwg-kultur-badge\" tabindex=\"0\" data-tooltip=\"Za\u0161titna tradicija: kr\u0161\u0107anstvo\">Kr\u0161\u0107anstvo<\/a><span class=\"iwg-tradition-badge\" tabindex=\"0\" data-tooltip=\"Posve\u0107eni znak Katoli\u010dke crkve.\">Sakramental<\/span><\/div>\t\t\t\t<\/div>\n\t\t\t\t\t<\/div>\n\t\t\t\t<\/div>\n\t\t<div class=\"elementor-element elementor-element-iwgs-christliches-hr e-con-full e-flex e-con e-parent\" data-id=\"iwgs-christliches-hr\" data-element_type=\"container\" data-e-type=\"container\">\n\t\t\t\t<div class=\"elementor-element elementor-element-iwgs-christliches-himg iwg-hero-image elementor-widget elementor-widget-image\" data-id=\"iwgs-christliches-himg\" data-element_type=\"widget\" data-e-type=\"widget\" data-widget_type=\"image.default\">\n\t\t\t\t\t\t\t\t\t\t\t\t\t\t\t<img fetchpriority=\"high\" decoding=\"async\" width=\"683\" height=\"1024\" src=\"https:\/\/iwell-guard.com\/wp-content\/uploads\/2026\/05\/schutzsymbol_christentum_schutzmedaillen-2-683x1024.webp\" class=\"attachment-large size-large wp-image-151341\" alt=\"Benediktov medaljon, \u010cudotvorna medalja, Sveti Kristofor\" srcset=\"https:\/\/iwell-guard.com\/wp-content\/uploads\/2026\/05\/schutzsymbol_christentum_schutzmedaillen-2-683x1024.webp 683w, https:\/\/iwell-guard.com\/wp-content\/uploads\/2026\/05\/schutzsymbol_christentum_schutzmedaillen-2-200x300.webp 200w, https:\/\/iwell-guard.com\/wp-content\/uploads\/2026\/05\/schutzsymbol_christentum_schutzmedaillen-2-768x1152.webp 768w, https:\/\/iwell-guard.com\/wp-content\/uploads\/2026\/05\/schutzsymbol_christentum_schutzmedaillen-2.webp 1024w\" sizes=\"(max-width: 683px) 100vw, 683px\" \/>\t\t\t\t\t\t\t\t\t\t\t\t\t\t\t<\/div>\n\t\t\t\t<\/div>\n\t\t\t\t\t<\/div>\n\t\t\t\t<\/div>\n\t\t<div class=\"elementor-element elementor-element-iwgs-christliches-s0 e-flex e-con-boxed e-con e-parent\" data-id=\"iwgs-christliches-s0\" data-element_type=\"container\" data-e-type=\"container\">\n\t\t\t\t\t<div class=\"e-con-inner\">\n\t\t\t\t<div class=\"elementor-element elementor-element-iwgs-christliches-s0h elementor-widget elementor-widget-heading\" data-id=\"iwgs-christliches-s0h\" data-element_type=\"widget\" data-e-type=\"widget\" data-widget_type=\"heading.default\">\n\t\t\t\t\t<h2 class=\"elementor-heading-title elementor-size-default\">Uvod<\/h2>\t\t\t\t<\/div>\n\t\t<div class=\"elementor-element elementor-element-iwgs-christliches-s0box e-con-full e-flex e-con e-parent\" data-id=\"iwgs-christliches-s0box\" data-element_type=\"container\" data-e-type=\"container\">\n\t\t\t\t<div class=\"elementor-element elementor-element-iwgs-christliches-s0t elementor-widget elementor-widget-text-editor\" data-id=\"iwgs-christliches-s0t\" data-element_type=\"widget\" data-e-type=\"widget\" data-widget_type=\"text-editor.default\">\n\t\t\t\t\t\t\t\t\t<p>Kr\u0161\u0107anske za\u0161titne medaljice su mali, obi\u010dno okrugli ili ovalni metalni privjesci koji nose religijsku sliku, a \u010desto i kratak <span class=\"iwg-fachbegriff\" data-tooltip=\"Tekst urezan ili uklesan u \u010dvrsti nosa\u010d.\" tabindex=\"0\">natpis<\/span>. Nose se o lan\u010di\u0107u oko vrata, pri\u010dvr\u0161\u0107uju na krunice, postavljaju u vozilima ili vje\u0161aju u domovima. U katoli\u010dkoj tradiciji <a href=\"https:\/\/iwell-guard.com\/hr\/krscanstvo\/\">kr\u0161\u0107anstva<\/a> izrazito su ra\u0161irene.<\/p><p>U crkvenom jeziku takve medaljice ubrajaju se u sakramentale. To su posve\u0107eni znakovi i \u010dini usmjereni prema sakramentima, a koji sami po sebi nisu sakramenti. Za\u0161titna medaljica je dakle blagoslovljeni predmet koji vjeru \u010dini vidljivom i podsje\u0107a na nju, a nije predmet s vlastitom, automatski djeluju\u0107om mo\u0107i.<\/p><p>Ta razlika je bitna za razumijevanje medaljica. Obja\u0161njava za\u0161to Crkva poti\u010de no\u0161enje medaljica, a istodobno upozorava na praznovjernu uporabu. Za\u0161titna medaljica, prema crkvenom nau\u010davanju, ne djeluje kao magijski <span class=\"iwg-fachbegriff\" data-tooltip=\"No\u0161eni predmet kojem se pripisuje za\u0161titno, od zla \u010duvaju\u0107e djelovanje.\" tabindex=\"0\">amulet<\/span>, nego kao znak povjerenja u Boga i zagovora svetaca.<\/p><p>Za\u0161titne medaljice ubrajaju se me\u0111u naj\u010de\u0161\u0107e izra\u0111ivane religijske predmete uop\u0107e. \u0160ire se u hodo\u010dasni\u010dkim mjestima, crkvenim trgovinama i preko redovni\u010dkih zajednica te dopiru do ljudi u svim \u017eivotnim situacijama.<\/p><p>Od djeteta kojemu baka daruje medaljicu do putnika koji u automobilu pri\u010dvrsti plo\u010dicu, krug onih koji nose takve znakove je vrlo \u0161irok. Ta ra\u0161irenost \u010dini medaljicu pou\u010dnim primjerom \u017eive <span class=\"iwg-fachbegriff\" data-tooltip=\"\u017diva religijska stav i praksa jednog \u010dovjeka.\" tabindex=\"0\">pobo\u017enosti<\/span>.<\/p>\t\t\t\t\t\t\t\t<\/div>\n\t\t\t\t<\/div>\n\t\t\t\t\t<\/div>\n\t\t\t\t<\/div>\n\t\t<div class=\"elementor-element elementor-element-iwgs-christliches-s1 e-flex e-con-boxed e-con e-parent\" data-id=\"iwgs-christliches-s1\" data-element_type=\"container\" data-e-type=\"container\">\n\t\t\t\t\t<div class=\"e-con-inner\">\n\t\t\t\t<div class=\"elementor-element elementor-element-iwgs-christliches-s1h elementor-widget elementor-widget-heading\" data-id=\"iwgs-christliches-s1h\" data-element_type=\"widget\" data-e-type=\"widget\" data-widget_type=\"heading.default\">\n\t\t\t\t\t<h2 class=\"elementor-heading-title elementor-size-default\">Medaljice u povijesti kr\u0161\u0107anstva<\/h2>\t\t\t\t<\/div>\n\t\t<div class=\"elementor-element elementor-element-iwgs-christliches-s1box e-con-full e-flex e-con e-parent\" data-id=\"iwgs-christliches-s1box\" data-element_type=\"container\" data-e-type=\"container\">\n\t\t\t\t<div class=\"elementor-element elementor-element-iwgs-christliches-s1t elementor-widget elementor-widget-text-editor\" data-id=\"iwgs-christliches-s1t\" data-element_type=\"widget\" data-e-type=\"widget\" data-widget_type=\"text-editor.default\">\n\t\t\t\t\t\t\t\t\t<p>No\u0161enje posve\u0107enih znakova u kr\u0161\u0107anstvu je veoma staro. Ve\u0107 u <span class=\"iwg-fachbegriff\" data-tooltip=\"Prijelazno razdoblje izme\u0111u antike i srednjeg vijeka, otprilike od 3. do 7. stolje\u0107a.\" tabindex=\"0\">kasnoj antici<\/span> vjernici su nosili male privjeske, nazivane enkolpiji, \u010desto s kri\u017eem ili <span class=\"iwg-fachbegriff\" data-tooltip=\"Ostatak ili predmet sveca kojemu se u pobo\u017enosti iskazuje po\u0161tovanje.\" tabindex=\"0\">relikvijom<\/span>. <span class=\"iwg-fachbegriff\" data-tooltip=\"Osoba koja poduzima religijski motiviran put do svetog mjesta.\" tabindex=\"0\">Hodo\u010dasnici<\/span> donosili su iz velikih hodo\u010dasni\u010dkih mjesta male uspomene, tzv. hodo\u010dasni\u010dka znamenja, koja su do\u010daravala posve\u0107eni cilj putovanja.<\/p><p>Iz tih ranih oblika tijekom srednjeg vijeka i novoga doba razvila se lijevana ili kovana medaljica. S razvojem u\u010dinkovite tehnike kovanja medaljice su se mogle izra\u0111ivati u velikom broju. Time su postale dostupne i dopirale su do \u0161irokih slojeva stanovni\u0161tva, ne samo do pojedina\u010dnih hodo\u010dasnika.<\/p><p>U 19. i ranom 20. stolje\u0107u za\u0161titna medaljica do\u017eivjela je procvat. Marijanska ukazanja, kanonizacije i velika hodo\u010da\u0161\u0107a dala su povod novim tipovima medaljica, od kojih neke i danas ubrajaju se me\u0111u najpoznatije. Medaljica je tako postala sastavni dio katoli\u010dke <span class=\"iwg-fachbegriff\" data-tooltip=\"\u017diva religijska stav i praksa jednog \u010dovjeka.\" tabindex=\"0\">pobo\u017enosti<\/span>.<\/p><p>Va\u017enu ulogu u \u0161irenju imale su bratov\u0161tine i redovi. Oni su promicali odre\u0111ene medaljice, vezali ih uz svoje oblike pobo\u017enosti i pridonosili tome da neki tip postane poznat izvan pojedinih regija.<\/p><p>Usavr\u0161avanjem tehnike kovanja medaljice su se mogle izra\u0111ivati i u vrlo velikom broju i uz niske tro\u0161kove. Tek je time za\u0161titna medaljica od rijetke uspomene postala svakodnevni pratitelj \u0161irokih slojeva stanovni\u0161tva.<\/p>\t\t\t\t\t\t\t\t<\/div>\n\t\t\t\t<\/div>\n\t\t\t\t\t<\/div>\n\t\t\t\t<\/div>\n\t\t<div class=\"elementor-element elementor-element-iwgs-christliches-s2 e-flex e-con-boxed e-con e-parent\" data-id=\"iwgs-christliches-s2\" data-element_type=\"container\" data-e-type=\"container\">\n\t\t\t\t\t<div class=\"e-con-inner\">\n\t\t\t\t<div class=\"elementor-element elementor-element-iwgs-christliches-s2h elementor-widget elementor-widget-heading\" data-id=\"iwgs-christliches-s2h\" data-element_type=\"widget\" data-e-type=\"widget\" data-widget_type=\"heading.default\">\n\t\t\t\t\t<h2 class=\"elementor-heading-title elementor-size-default\">Medaljica svetog Benedikta<\/h2>\t\t\t\t<\/div>\n\t\t<div class=\"elementor-element elementor-element-iwgs-christliches-s2box e-con-full e-flex e-con e-parent\" data-id=\"iwgs-christliches-s2box\" data-element_type=\"container\" data-e-type=\"container\">\n\t\t\t\t<div class=\"elementor-element elementor-element-iwgs-christliches-s2t elementor-widget elementor-widget-text-editor\" data-id=\"iwgs-christliches-s2t\" data-element_type=\"widget\" data-e-type=\"widget\" data-widget_type=\"text-editor.default\">\n\t\t\t\t\t\t\t\t\t<p><span data-nosnippet>Medaljica svetog Benedikta najpoznatiji je oblik koji se izri\u010dito smatra za\u0161titnom medaljicom. Prikazuje svetog Benedikta iz Nursije, utemeljitelja zapadnog mona\u0161tva, s kri\u017eem i knjigom, redovni\u010dkim pravilom. Njezin danas uobi\u010dajeni oblik potje\u010de od jubilarnog izdanja koje je 1880. godine kovano u opatiji Montecassino.<\/span><\/p><p>Posebnost medaljice svetog Benedikta jesu brojna slova koja prekrivaju njezinu prednju i pozadnju stranu. Ona su po\u010detna slova latinske molitveno-blagoslovne formule koja moli za za\u0161titu od zla i poziva na okretanje od njega. Medaljica tako nosi zgusnutu <span class=\"iwg-fachbegriff\" data-tooltip=\"Jezi\u010dno obra\u0107anje \u010dovjeka bo\u017eanstvu.\" tabindex=\"0\">molitvu<\/span> u obliku znakova.<\/p><p>U katoli\u010dkoj praksi medaljica svetog Benedikta smatra se znakom za\u0161tite od duhovne \u0161tete. Blagoslivlja se, nosi te postavlja na ku\u0107e ili iznad vrata. I ovdje vrijedi crkveno gledi\u0161te da ne djeluje metal, nego <span class=\"iwg-fachbegriff\" data-tooltip=\"Jezi\u010dno obra\u0107anje \u010dovjeka bo\u017eanstvu.\" tabindex=\"0\">molitva<\/span> i vjera koju medaljica izra\u017eava.<\/p><p>Opatija Montecassino, mjesto podrijetla benediktinskog reda, tijesno je povezana s medaljicom i blagoslivlja je na poseban na\u010din. U narodu medaljica svetog Benedikta posebno se smatra znakom protiv duhovnog napada te se koristi i u vezi s crkvenom <span class=\"iwg-fachbegriff\" data-tooltip=\"Jezi\u010dno obra\u0107anje \u010dovjeka bo\u017eanstvu.\" tabindex=\"0\">molitvom<\/span> za oslobo\u0111enje.<\/p><p>Gusti niz slova \u010dini je jednom od najprepoznatljivijih medaljica, jer svoju za\u0161titnu molitvu nosi vidljivo na vlastitoj povr\u0161ini.<\/p>\t\t\t\t\t\t\t\t<\/div>\n\t\t\t\t<\/div>\n\t\t\t\t\t<\/div>\n\t\t\t\t<\/div>\n\t\t<div class=\"elementor-element elementor-element-iwgs-christliches-s3 e-flex e-con-boxed e-con e-parent\" data-id=\"iwgs-christliches-s3\" data-element_type=\"container\" data-e-type=\"container\">\n\t\t\t\t\t<div class=\"e-con-inner\">\n\t\t\t\t<div class=\"elementor-element elementor-element-iwgs-christliches-s3h elementor-widget elementor-widget-heading\" data-id=\"iwgs-christliches-s3h\" data-element_type=\"widget\" data-e-type=\"widget\" data-widget_type=\"heading.default\">\n\t\t\t\t\t<h2 class=\"elementor-heading-title elementor-size-default\">\u010cudotvorna medaljica<\/h2>\t\t\t\t<\/div>\n\t\t<div class=\"elementor-element elementor-element-iwgs-christliches-s3box e-con-full e-flex e-con e-parent\" data-id=\"iwgs-christliches-s3box\" data-element_type=\"container\" data-e-type=\"container\">\n\t\t\t\t<div class=\"elementor-element elementor-element-iwgs-christliches-s3t elementor-widget elementor-widget-text-editor\" data-id=\"iwgs-christliches-s3t\" data-element_type=\"widget\" data-e-type=\"widget\" data-widget_type=\"text-editor.default\">\n\t\t\t\t\t\t\t\t\t<p><span data-nosnippet>\u010cudotvorna medaljica potje\u010de od doga\u0111aja iz 1830. godine u Parizu. Redovnica Katarina Labour\u00e9 izvijestila je o ukazanjima Bogorodice Marije, tijekom kojih je, kako je izvijestila, dobila zadatak da se po to\u010dno odre\u0111enom predlo\u0161ku iskuje medaljica. Medaljica prikazuje Mariju s <span class=\"iwg-fachbegriff\" data-tooltip=\"Molbeno ili zazivno obra\u0107anje bo\u017eanstvu ili sili.\" tabindex=\"0\">zazivom<\/span> koji priznaje njezinu \u010disto\u0107u od ro\u0111enja.<\/span><\/p><p>\u0160irenje medaljice bilo je brzo i opse\u017eno. Ve\u0107 nekoliko godina nakon ukazanja bilo je u opticaju milijune primjeraka. Naziv \u010cudotvorna medaljica nastao je jer su brojni nositelji izvje\u0161tavali o usli\u0161anim molitvama i pomo\u0107i koje su povezivali s medaljicom.<\/p><p>\u010cudotvorna medaljica je Marijina medaljica. Njezina za\u0161titna zamisao tijesno je povezana sa zagovorom Marije. Onaj koji je nosi, prema katoli\u010dkom shva\u0107anju, povjerava se za\u0161titi Bogorodice. Medaljica je time manje znak obrane, a vi\u0161e izraz okretanja i molbe za pratnju.<\/p><p>Brzo \u0161irenje \u010cudotvorne medaljice dogodilo se u vremenu velike nesigurnosti. Tridesetih godina 19. stolje\u0107a epidemije kolere potresle su Europu, pa je potreba za za\u0161titom i utjehom bila velika.<\/p><p>Kapela u pari\u0161koj Rue du Bac, u kojoj je Katarina Labour\u00e9 do\u017eivjela svoja ukazanja, postala je vrlo posje\u0107eno hodo\u010dasni\u010dko mjesto. Do danas je jedno od najpoznatijih Marijinih sveti\u0161ta u gradu i privla\u010di brojne <span class=\"iwg-fachbegriff\" data-tooltip=\"Osoba koja poduzima vjerski motivirano putovanje na sveto mjesto.\" tabindex=\"0\">hodo\u010dasnike<\/span>.<\/p>\t\t\t\t\t\t\t\t<\/div>\n\t\t\t\t<\/div>\n\t\t\t\t\t<\/div>\n\t\t\t\t<\/div>\n\t\t<div class=\"elementor-element elementor-element-iwgs-christliches-s4 e-flex e-con-boxed e-con e-parent\" data-id=\"iwgs-christliches-s4\" data-element_type=\"container\" data-e-type=\"container\">\n\t\t\t\t\t<div class=\"e-con-inner\">\n\t\t\t\t<div class=\"elementor-element elementor-element-iwgs-christliches-s4h elementor-widget elementor-widget-heading\" data-id=\"iwgs-christliches-s4h\" data-element_type=\"widget\" data-e-type=\"widget\" data-widget_type=\"heading.default\">\n\t\t\t\t\t<h2 class=\"elementor-heading-title elementor-size-default\">Medaljica svetog Kristofora<\/h2>\t\t\t\t<\/div>\n\t\t<div class=\"elementor-element elementor-element-iwgs-christliches-s4box e-con-full e-flex e-con e-parent\" data-id=\"iwgs-christliches-s4box\" data-element_type=\"container\" data-e-type=\"container\">\n\t\t\t\t<div class=\"elementor-element elementor-element-iwgs-christliches-s4t elementor-widget elementor-widget-text-editor\" data-id=\"iwgs-christliches-s4t\" data-element_type=\"widget\" data-e-type=\"widget\" data-widget_type=\"text-editor.default\">\n\t\t\t\t\t\t\t\t\t<p>Medaljica svetog Kristofora klasi\u010dna je medaljica za\u0161tite na putovanjima. Prikazuje svetog Kristofora koji je, prema <span class=\"iwg-fachbegriff\" data-tooltip=\"Pou\u010dna pri\u010da, naj\u010de\u0161\u0107e o \u017eivotu svetaca.\" tabindex=\"0\">legendi<\/span>, prenio dijete preko nabujale rijeke i pri tome shvatio da na le\u0111ima nosi samog Krista. Ime Kristofor zna\u010di u prijevodu nositelj Krista.<\/p><p>Iz te <span class=\"iwg-fachbegriff\" data-tooltip=\"Pou\u010dna pri\u010da, naj\u010de\u0161\u0107e o \u017eivotu svetaca.\" tabindex=\"0\">legende<\/span> obja\u0161njava se ulogu sveca kao za\u0161titnika putnika. Onaj koji je pred sobom imao opasan put stavljao se pod njegovu za\u0161titu. S pro\u0161irenjem automobila u 20. stolje\u0107u medaljica svetog Kristofora postala je tipi\u010dnom plo\u010dicom u vozilu i privjeskom mnogih putnika.<\/p><p>Medaljica svetog Kristofora primjer je kako za\u0161titna medaljica mo\u017ee biti vezana za konkretno \u017eivotno podru\u010dje. Dok medaljica svetog Benedikta op\u0107enito treba \u0161tititi od zla, medaljica svetog Kristofora odnosi se na situaciju putovanja. Obje pripadaju istoj obitelji posve\u0107enih znakova, ali se obra\u0107aju razli\u010ditim potrebama.<\/p><p>Kristofor je u srednjem vijeku bio jedan od \u010cetrnaest svetih pomo\u0107nika, skupine svetaca koji su zazivani u posebnim nevoljama. Bilo je ra\u0161ireno vjerovanje da ve\u0107 sam pogled na sliku svetog Kristofora ujutro \u010duva od nagle, nepripremljene smrti tog dana.<\/p><p>Iz te predod\u017ebe obja\u0161njava se za\u0161to su velike slike svetog Kristofora postavljane na crkve i putove. Dana\u0161nja medaljica u vozilu nastavlja tu staru vezu slike i za\u0161tite na putovanju.<\/p>\t\t\t\t\t\t\t\t<\/div>\n\t\t\t\t<\/div>\n\t\t\t\t\t<\/div>\n\t\t\t\t<\/div>\n\t\t<div class=\"elementor-element elementor-element-iwgs-christliches-s5 e-flex e-con-boxed e-con e-parent\" data-id=\"iwgs-christliches-s5\" data-element_type=\"container\" data-e-type=\"container\">\n\t\t\t\t\t<div class=\"e-con-inner\">\n\t\t\t\t<div class=\"elementor-element elementor-element-iwgs-christliches-s5h elementor-widget elementor-widget-heading\" data-id=\"iwgs-christliches-s5h\" data-element_type=\"widget\" data-e-type=\"widget\" data-widget_type=\"heading.default\">\n\t\t\t\t\t<h2 class=\"elementor-heading-title elementor-size-default\">Ostale medaljice i \u0161kapular<\/h2>\t\t\t\t<\/div>\n\t\t<div class=\"elementor-element elementor-element-iwgs-christliches-s5box e-con-full e-flex e-con e-parent\" data-id=\"iwgs-christliches-s5box\" data-element_type=\"container\" data-e-type=\"container\">\n\t\t\t\t<div class=\"elementor-element elementor-element-iwgs-christliches-s5t elementor-widget elementor-widget-text-editor\" data-id=\"iwgs-christliches-s5t\" data-element_type=\"widget\" data-e-type=\"widget\" data-widget_type=\"text-editor.default\">\n\t\t\t\t\t\t\t\t\t<p>Uz tri velika tipa postoje brojne druge za\u0161titne medaljice. Rasprostranjene su medaljice pojedinih svetaca koji se smatraju za\u0161titnicima odre\u0111enih zanimanja, potreba ili \u017eivotnih situacija. I an\u0111elske medaljice, posebno one an\u0111ela \u010duvara, pripadaju ovoj skupini i rado se daju djeci.<\/p><p>Blisko srodan s medaljicom je \u0161kapular. Sastoji se od dva mala komada tkanine koji se, povezani vrpcama, nose preko prsa i le\u0111a. Najpoznatiji je sme\u0111i \u0161kapular, koji potje\u010de iz karmeli\u0107anske tradicije. Danas se \u010desto nosi \u0161kapularska medaljica koja zamjenjuje komad tkanine.<\/p><p>Ta raznolikost pokazuje da kr\u0161\u0107anska za\u0161titna medaljica nije jednoobrazan predmet, nego \u010ditava vrsta. Svim oblicima zajedni\u010dko je da nose religijsku sliku na tijelu i time vidljivo odr\u017eavaju vezu sa svecem, s Marijom ili s Kristom.<\/p><p>Sa \u0161kapularom je povezana posebna tradicija pobo\u017enosti koja potje\u010de od karmeli\u0107anskog reda i vezana je za Bogorodicu. Onaj koji nosi \u0161kapular obvezuje se na odre\u0111ene molitve i stavlja se pod za\u0161titu Marije.<\/p><p>Nadalje su rasprostranjene medaljice an\u0111ela \u010duvara, koje se \u010desto daju djeci. One povezuju misao o nebeskom pratitelju s no\u0161enim znakom i time tako\u0111er pripadaju velikoj obitelji za\u0161titnih medaljica.<\/p>\t\t\t\t\t\t\t\t<\/div>\n\t\t\t\t<\/div>\n\t\t\t\t\t<\/div>\n\t\t\t\t<\/div>\n\t\t<div class=\"elementor-element elementor-element-iwgs-christliches-s6 e-flex e-con-boxed e-con e-parent\" data-id=\"iwgs-christliches-s6\" data-element_type=\"container\" data-e-type=\"container\">\n\t\t\t\t\t<div class=\"e-con-inner\">\n\t\t\t\t<div class=\"elementor-element elementor-element-iwgs-christliches-s6h elementor-widget elementor-widget-heading\" data-id=\"iwgs-christliches-s6h\" data-element_type=\"widget\" data-e-type=\"widget\" data-widget_type=\"heading.default\">\n\t\t\t\t\t<h2 class=\"elementor-heading-title elementor-size-default\">Materijal, izrada i blagoslov<\/h2>\t\t\t\t<\/div>\n\t\t<div class=\"elementor-element elementor-element-iwgs-christliches-s6box e-con-full e-flex e-con e-parent\" data-id=\"iwgs-christliches-s6box\" data-element_type=\"container\" data-e-type=\"container\">\n\t\t\t\t<div class=\"elementor-element elementor-element-iwgs-christliches-s6t elementor-widget elementor-widget-text-editor\" data-id=\"iwgs-christliches-s6t\" data-element_type=\"widget\" data-e-type=\"widget\" data-widget_type=\"text-editor.default\">\n\t\t\t\t\t\t\t\t\t<p>Za\u0161titne medaljice izra\u0111uju se od razli\u010ditih materijala. Uobi\u010dajene su jednostavne medaljice od aluminija ili neplemenitog metala, a postoje i komadi od srebra i zlata. Po crkvenom shva\u0107anju, izbor materijala ni\u0161ta ne govori o duhovnom zna\u010denju, jer ono ne ovisi o vrijednosti metala.<\/p><p>Oblikovanje slijedi utvr\u0111ene ikonografske tipove. Medaljica na jednoj strani obi\u010dno prikazuje glavni motiv, primjerice svetog ili Mariju, a na drugoj strani dodatni znak ili <span class=\"iwg-fachbegriff\" data-tooltip=\"Tekst urezan ili uklesan u \u010dvrstu podlogu.\" tabindex=\"0\">natpis<\/span>. Ovaj slikovni jezik ostao je stabilan kroz dugo vrijeme, tako da su veliki tipovi medaljica lako prepoznatljivi.<\/p><p>Bitna je <span class=\"iwg-fachbegriff\" data-tooltip=\"Obredni \u010din kojim se udjeljuje blagoslov.\" tabindex=\"0\">blagoslovljenost<\/span>. Medaljicu blagoslivlja sve\u0107enik ili \u0111akon, \u010dime ona postaje sakramental. Tek taj <span class=\"iwg-fachbegriff\" data-tooltip=\"Zaziv spasa i za\u0161tite, \u010desto u ustaljenom jezi\u010dnom obliku.\" tabindex=\"0\">blagoslov<\/span> pretvara otisnuti metal u posve\u0107eni predmet. <span class=\"iwg-fachbegriff\" data-tooltip=\"Obredni \u010din kojim se predmet, mjesto ili osoba predaje religijskoj sferi.\" tabindex=\"0\">Posveta<\/span> nagla\u0161ava da je medaljica uklopljena u vjeru i u <span class=\"iwg-fachbegriff\" data-tooltip=\"Jezi\u010dno obra\u0107anje \u010dovjeka bo\u017eanstvu.\" tabindex=\"0\">molitvu<\/span> Crkve.<\/p><p>Medaljicu mo\u017ee blagosloviti svaki sve\u0107enik ili \u0111akon, posebno mjesto posvete nije potrebno. Time je za\u0161titna medaljica namjerno lako dostupna. Njezin duhovni rang ne ovisi ni o materijalu ni o cijeni, nego jedino o <span class=\"iwg-fachbegriff\" data-tooltip=\"Zaziv spasa i za\u0161tite, \u010desto u ustaljenom jezi\u010dnom obliku.\" tabindex=\"0\">blagoslovu<\/span> i o vjeri onoga koji je nosi.<\/p><p>Ba\u0161 zbog toga su i jednostavne medaljice od neplemenitog metala, kakve se u velikom broju dijele na hodo\u010dasni\u010dkim mjestima, punopravni sakramentali, jednako kao i skupi primjerci od zlata.<\/p>\t\t\t\t\t\t\t\t<\/div>\n\t\t\t\t<\/div>\n\t\t\t\t\t<\/div>\n\t\t\t\t<\/div>\n\t\t<div class=\"elementor-element elementor-element-iwgs-christliches-s7 e-flex e-con-boxed e-con e-parent\" data-id=\"iwgs-christliches-s7\" data-element_type=\"container\" data-e-type=\"container\">\n\t\t\t\t\t<div class=\"e-con-inner\">\n\t\t\t\t<div class=\"elementor-element elementor-element-iwgs-christliches-s7h elementor-widget elementor-widget-heading\" data-id=\"iwgs-christliches-s7h\" data-element_type=\"widget\" data-e-type=\"widget\" data-widget_type=\"heading.default\">\n\t\t\t\t\t<h2 class=\"elementor-heading-title elementor-size-default\">Sakramental, ne amulet<\/h2>\t\t\t\t<\/div>\n\t\t<div class=\"elementor-element elementor-element-iwgs-christliches-s7box e-con-full e-flex e-con e-parent\" data-id=\"iwgs-christliches-s7box\" data-element_type=\"container\" data-e-type=\"container\">\n\t\t\t\t<div class=\"elementor-element elementor-element-iwgs-christliches-s7t elementor-widget elementor-widget-text-editor\" data-id=\"iwgs-christliches-s7t\" data-element_type=\"widget\" data-e-type=\"widget\" data-widget_type=\"text-editor.default\">\n\t\t\t\t\t\t\t\t\t<p>Katoli\u010dki nauk pridaje veliku va\u017enost razlikovanju sakramentala od magi\u010dnog <span class=\"iwg-fachbegriff\" data-tooltip=\"Predmet koji se nosi na tijelu i kojemu se pripisuje za\u0161titno, od zla \u010duvaju\u0107e djelovanje.\" tabindex=\"0\">amuleta<\/span>. Prema magijskom shva\u0107anju, <span class=\"iwg-fachbegriff\" data-tooltip=\"Predmet koji se nosi na tijelu i kojemu se pripisuje za\u0161titno, od zla \u010duvaju\u0107e djelovanje.\" tabindex=\"0\">amulet<\/span> djeluje sam po sebi, gotovo mehani\u010dki, \u010dim se stavi na tijelo. Za\u0161titna medaljica, prema crkvenom nau\u010davanju, ne djeluje na taj na\u010din.<\/p><p>Medaljica je znak. Ona podsje\u0107a onoga koji je nosi na njegovu vjeru, usmjerava njegovu <span class=\"iwg-fachbegriff\" data-tooltip=\"Jezi\u010dno obra\u0107anje \u010dovjeka bo\u017eanstvu.\" tabindex=\"0\">molitvu<\/span> i tra\u017ei zagovor svetog ili Marije. Za\u0161tita koja se o\u010dekuje dolazi od Boga, a ne od samog predmeta. Crkva izri\u010dito upozorava na to da se medaljici ne smije pripisivati automatsko djelovanje, jer bi to bio <span class=\"iwg-fachbegriff\" data-tooltip=\"Pejorativan naziv za vjerovanja koja se smatraju religijski neopravdanima.\" tabindex=\"0\">praznovjerje<\/span>.<\/p><p>Ova razlika je zanimljiva i s religijsko-znanstvenog gledi\u0161ta. Ona pokazuje da no\u0161enje za\u0161titnih znakova ne mora nu\u017eno biti tuma\u010deno magijski. Kr\u0161\u0107anska za\u0161titna medaljica primjer je modela u kojem je noseni znak u potpunosti usmjeren na <span class=\"iwg-fachbegriff\" data-tooltip=\"Jezi\u010dno obra\u0107anje \u010dovjeka bo\u017eanstvu.\" tabindex=\"0\">molitvu<\/span>, vjeru i zagovor.<\/p><p>Katekizam Katoli\u010dke Crkve izri\u010dito upozorava da se religijski znakovi ne smiju upotrebljavati praznovjerno. Prema crkvenom nau\u010davanju, <span class=\"iwg-fachbegriff\" data-tooltip=\"Pejorativan naziv za vjerovanja koja se smatraju religijski neopravdanima.\" tabindex=\"0\">praznovjerje<\/span> postoji onda kada se predmetu pripisuje gotovo mehani\u010dko djelovanje, neovisno o unutarnjem stavu \u010dovjeka.<\/p><p>Za\u0161titna medaljica, naprotiv, treba podupirati vjeru, ne zamijeniti je. Ovo razgrani\u010denje izme\u0111u <span class=\"iwg-fachbegriff\" data-tooltip=\"\u017diva religijska stav i praksa \u010dovjeka.\" tabindex=\"0\">pobo\u017enosti<\/span> i <span class=\"iwg-fachbegriff\" data-tooltip=\"Pejorativan naziv za vjerovanja koja se smatraju religijski neopravdanima.\" tabindex=\"0\">praznovjerja<\/span> bilo je Crkvi trajna zada\u0107a kroz stolje\u0107a.<\/p>\t\t\t\t\t\t\t\t<\/div>\n\t\t\t\t<\/div>\n\t\t\t\t\t<\/div>\n\t\t\t\t<\/div>\n\t\t<div class=\"elementor-element elementor-element-iwgs-christliches-s8 e-flex e-con-boxed e-con e-parent\" data-id=\"iwgs-christliches-s8\" data-element_type=\"container\" data-e-type=\"container\">\n\t\t\t\t\t<div class=\"e-con-inner\">\n\t\t\t\t<div class=\"elementor-element elementor-element-iwgs-christliches-s8h elementor-widget elementor-widget-heading\" data-id=\"iwgs-christliches-s8h\" data-element_type=\"widget\" data-e-type=\"widget\" data-widget_type=\"heading.default\">\n\t\t\t\t\t<h2 class=\"elementor-heading-title elementor-size-default\">Rasprostranjenost i suvremena recepcija<\/h2>\t\t\t\t<\/div>\n\t\t<div class=\"elementor-element elementor-element-iwgs-christliches-s8box e-con-full e-flex e-con e-parent\" data-id=\"iwgs-christliches-s8box\" data-element_type=\"container\" data-e-type=\"container\">\n\t\t\t\t<div class=\"elementor-element elementor-element-iwgs-christliches-s8t elementor-widget elementor-widget-text-editor\" data-id=\"iwgs-christliches-s8t\" data-element_type=\"widget\" data-e-type=\"widget\" data-widget_type=\"text-editor.default\">\n\t\t\t\t\t\t\t\t\t<p>Kr\u0161\u0107anske za\u0161titne medaljice do danas su izrazito ra\u0161irene. U zemljama s katoli\u010dkom tradicijom pripadaju prvoj pri\u010desti, kr\u0161tenju i mnogim drugim prigodama u kojima se poklanjaju. Time su \u010desto povezane s odre\u0111enim \u017eivotnim doga\u0111ajem i osobnim sje\u0107anjem.<\/p><p>Osim strogo religijske upotrebe, neke medaljice steknule su i kulturno zna\u010denje. Plo\u010dica sa svetim Kristoforom u automobilu ponegdje se postavlja gotovo samo po sebi, i to i kod ljudi koji su daleko od crkvene prakse. Tu se zna\u010denje pomi\u010de od posve\u0107enog znaka prema op\u0107em simbolu sre\u0107e i za\u0161tite.<\/p><p>U samoj katoli\u010dkoj <span class=\"iwg-fachbegriff\" data-tooltip=\"\u017diva religijska stav i praksa \u010dovjeka.\" tabindex=\"0\">pobo\u017enosti<\/span> za\u0161titna medaljica ostaje \u017eiva. Ona je primjer toga kako potreba za nosivim za\u0161titnim znakom traje kroz stolje\u0107a i kako je jedna velika religija toj potrebi dala svoj, teolo\u0161ki promi\u0161ljen oblik.<\/p><p>Za\u0161titne medaljice susre\u0107emo na mnogim mjestima sve do novije povijesti. Vojnici su ih nosili u ratovima 20. stolje\u0107a, iseljenici su ih ponijeli na svoja putovanja, a i danas se poklanjaju za kr\u0161tenje, prvu pri\u010dest i krizmu.<\/p><p>U toj postojanosti pokazuje se da je za\u0161titna medaljica vi\u0161e od povijesnog predmeta. Ona je \u017eivi oblik u kojem se spajaju potreba za za\u0161titom i religijsko ispovijedanje vjere.<\/p>\t\t\t\t\t\t\t\t<\/div>\n\t\t\t\t<\/div>\n\t\t\t\t\t<\/div>\n\t\t\t\t<\/div>\n\t\t<div class=\"elementor-element elementor-element-iwgs-christliches-lit e-flex e-con-boxed e-con e-parent\" data-id=\"iwgs-christliches-lit\" data-element_type=\"container\" data-e-type=\"container\">\n\t\t\t\t\t<div class=\"e-con-inner\">\n\t\t\t\t<div class=\"elementor-element elementor-element-iwgs-christliches-lith elementor-widget elementor-widget-heading\" data-id=\"iwgs-christliches-lith\" data-element_type=\"widget\" data-e-type=\"widget\" data-widget_type=\"heading.default\">\n\t\t\t\t\t<h2 class=\"elementor-heading-title elementor-size-default\">Literatura (izbor)<\/h2>\t\t\t\t<\/div>\n\t\t<div class=\"elementor-element elementor-element-iwgs-christliches-litbox e-con-full e-flex e-con e-parent\" data-id=\"iwgs-christliches-litbox\" data-element_type=\"container\" data-e-type=\"container\">\n\t\t\t\t<div class=\"elementor-element elementor-element-iwgs-christliches-litt elementor-widget elementor-widget-html\" data-id=\"iwgs-christliches-litt\" data-element_type=\"widget\" data-e-type=\"widget\" data-widget_type=\"html.default\">\n\t\t\t\t\t<footer data-nosnippet=\"true\"><ul><li>Lexikon f\u00fcr Theologie und Kirche, \u010dlanak <em>Sakramentalien<\/em> i <em>Medaille<\/em><\/li><li>Arnold Angenendt: <em>Geschichte der Religiosit\u00e4t im Mittelalter<\/em> (1997)<\/li><li>Hans D\u00fcnninger: <em>Wallfahrt und Bilderkult<\/em> (Studien)<\/li><li>Katekizam Katoli\u010dke crkve, odlomak o sakramentalima<\/li><li>Lenz Kriss-Rettenbeck: <em>Bilder und Zeichen religi\u00f6sen Volksglaubens<\/em> (1971)<\/li><\/ul><\/footer>\t\t\t\t<\/div>\n\t\t\t\t<\/div>\n\t\t\t\t\t<\/div>\n\t\t\t\t<\/div>\n\t\t<div class=\"elementor-element elementor-element-iwgs-christliches-kwd e-flex e-con-boxed e-con e-parent\" data-id=\"iwgs-christliches-kwd\" data-element_type=\"container\" data-e-type=\"container\">\n\t\t\t\t\t<div class=\"e-con-inner\">\n\t\t\t\t<div class=\"elementor-element elementor-element-iwgs-christliches-kwdt elementor-widget elementor-widget-text-editor\" data-id=\"iwgs-christliches-kwdt\" data-element_type=\"widget\" data-e-type=\"widget\" data-widget_type=\"text-editor.default\">\n\t\t\t\t\t\t\t\t\t<p><em>Srodni pojmovi: Benediktova medaljica, \u010cudotvorna medaljica, sveti Kristofor, sakramental, \u0161kapular, medaljica sveca, <span class=\"iwg-fachbegriff\" data-tooltip=\"Zaziv blagoslova i za\u0161tite, \u010desto u ustaljenom jezi\u010dnom obliku.\" tabindex=\"0\">blagoslov<\/span>, za\u0161tita na putovanjima.<\/em><\/p>\t\t\t\t\t\t\t\t<\/div>\n\t\t\t\t\t<\/div>\n\t\t\t\t<\/div>\n\t\t<div class=\"elementor-element elementor-element-iwgs-christliches-cc e-flex e-con-boxed e-con e-parent\" data-id=\"iwgs-christliches-cc\" data-element_type=\"container\" data-e-type=\"container\" id=\"iwg-cc-christliche-schutzmedaillen\">\n\t\t\t\t\t<div class=\"e-con-inner\">\n\t\t<div class=\"elementor-element elementor-element-iwgs-christliches-ccinner e-flex e-con-boxed e-con e-parent\" data-id=\"iwgs-christliches-ccinner\" data-element_type=\"container\" data-e-type=\"container\" data-settings=\"{&quot;background_background&quot;:&quot;classic&quot;}\">\n\t\t\t\t\t<div class=\"e-con-inner\">\n\t\t\t\t<div class=\"elementor-element elementor-element-iwgs-christliches-cch elementor-widget elementor-widget-heading\" data-id=\"iwgs-christliches-cch\" data-element_type=\"widget\" data-e-type=\"widget\" data-widget_type=\"heading.default\">\n\t\t\t\t\t<h2 class=\"elementor-heading-title elementor-size-default\">iWell Guard i tradicije za\u0161tite<\/h2>\t\t\t\t<\/div>\n\t\t\t\t<div class=\"elementor-element elementor-element-iwgs-christliches-cct elementor-widget elementor-widget-text-editor\" data-id=\"iwgs-christliches-cct\" data-element_type=\"widget\" data-e-type=\"widget\" data-widget_type=\"text-editor.default\">\n\t\t\t\t\t\t\t\t\t<p>iWell Guard nastavlja kulturnopovijesnu tradiciju nosivih za\u0161titnih predmeta, kojoj pripadaju i kr\u0161\u0107anske za\u0161titne medaljice. Suvremeni pratitelj za ljude koji \u017eive sa za\u0161titnim simbolima: izra\u0111en u Njema\u010dkoj, 41 slojeva od pravog zlata, platine i srebra, s pravom povrata u roku od 30 dana.<\/p>\t\t\t\t\t\t\t\t<\/div>\n\t\t\t\t<div class=\"elementor-element elementor-element-iwgs-christliches-ccb iwg-cc-button iwg-cc-cta-2026-05-13 elementor-widget elementor-widget-jet-button\" data-id=\"iwgs-christliches-ccb\" data-element_type=\"widget\" data-e-type=\"widget\" data-widget_type=\"jet-button.default\">\n\t\t\t\t<div class=\"elementor-widget-container\">\n\t\t\t\t\t<div class=\"elementor-jet-button jet-elements\"><div class=\"jet-button__container\"><a class=\"jet-button__instance jet-button__instance--icon-left hover-effect-1\" href=\"\/schutzanhaenger-iwell-guard-kaufen\/?utm_source=iwell-guard.com&amp;utm_medium=info-box&amp;utm_campaign=schutzsymbole\"><div class=\"jet-button__plane jet-button__plane-normal\"><\/div><div class=\"jet-button__plane jet-button__plane-hover\"><\/div><div class=\"jet-button__state jet-button__state-normal\"><span class=\"jet-button__label\">Vi\u0161e o iWell Guardu<\/span><\/div><div class=\"jet-button__state jet-button__state-hover\"><span class=\"jet-button__label\">Vi\u0161e o iWell Guardu<\/span><\/div><\/a><\/div><\/div><style>.elementor-element.elementor-element-iwgs-christliches-ccb .jet-button__instance{width:320px;height:56px;}.elementor-element.elementor-element-iwgs-christliches-ccb .jet-button__state-normal .jet-button__label{text-align:center;margin:0px 0px 0px 0px;color:#1a1b20;font-family:Montserrat,sans-serif;font-size:13px;font-weight:400;letter-spacing:4px;line-height:1.714em;text-transform:uppercase;}.elementor-element.elementor-element-iwgs-christliches-ccb .jet-button__state-hover .jet-button__label{text-align:center;margin:0px 0px 0px 0px;color:#FECC76;font-family:Montserrat,sans-serif;font-size:13px;font-weight:400;letter-spacing:4px;line-height:1.714em;text-transform:uppercase;}.elementor-element.elementor-element-iwgs-christliches-ccb .jet-button__plane-normal{background-color:#FECC76;border-style:solid;border-color:#C99540;border-width:2px 2px 2px 2px;}.elementor-element.elementor-element-iwgs-christliches-ccb .jet-button__plane-hover{background-color:rgba(0,0,0,0.55);border-style:solid;border-color:#FECC76;border-width:2px 2px 2px 2px;}<\/style>\t\t\t\t<\/div>\n\t\t\t\t<\/div>\n\t\t\t\t<div class=\"elementor-element elementor-element-iwgs-christliches-ccd elementor-widget elementor-widget-text-editor\" data-id=\"iwgs-christliches-ccd\" data-element_type=\"widget\" data-e-type=\"widget\" data-widget_type=\"text-editor.default\">\n\t\t\t\t\t\t\t\t\t<p style=\"text-align:center;font-size:13px;opacity:0.7;margin-top:14px\" data-nosnippet=\"true\">Osobna iskustva mogu se razlikovati. Nije medicinski proizvod. Nema obe\u0107anja izlje\u010denja.<\/p>\t\t\t\t\t\t\t\t<\/div>\n\t\t\t\t\t<\/div>\n\t\t\t\t<\/div>\n\t\t\t\t\t<\/div>\n\t\t\t\t<\/div>\n\t\t<div class=\"elementor-element elementor-element-iwgs-christliches-disc e-flex e-con-boxed e-con e-parent\" data-id=\"iwgs-christliches-disc\" data-element_type=\"container\" data-e-type=\"container\">\n\t\t\t\t\t<div class=\"e-con-inner\">\n\t\t\t\t<div class=\"elementor-element elementor-element-iwgs-christliches-discw elementor-widget elementor-widget-html\" data-id=\"iwgs-christliches-discw\" data-element_type=\"widget\" data-e-type=\"widget\" data-widget_type=\"html.default\">\n\t\t\t\t\t<footer data-nosnippet=\"true\" class=\"iwg-disclaimer-block\"><p data-nosnippet=\"true\">iWell Guard <strong>nije medicinski proizvod<\/strong> i ne zamjenjuje lije\u010dni\u010dko ili psihoterapijsko lije\u010denje. Sadr\u017eaji prikazani ovdje predstavljaju religiolo\u0161ku i kulturno-povijesnu interpretaciju, a ne obe\u0107anje duhovnog djelovanja.<\/p><\/footer>\t\t\t\t<\/div>\n\t\t\t\t\t<\/div>\n\t\t\t\t<\/div>\n\t\t\t\t<\/div>\n\t\t","protected":false},"excerpt":{"rendered":"","protected":false},"author":3,"featured_media":3436,"parent":0,"menu_order":0,"comment_status":"closed","ping_status":"closed","template":"elementor_header_footer","meta":{"_yoast_wpseo_focuskw":"kr\u0161\u0107anske za\u0161titne medaljice","_yoast_wpseo_title":"Kr\u0161\u0107anske za\u0161titne medaljice \u2013 pregled","_yoast_wpseo_metadesc":"Medaljica svetog Benedikta, \u010cudotvorna medaljica, medaljica svetog Kristofora: podrijetlo, zna\u010denje i uporaba kr\u0161\u0107anskih za\u0161titnih medaljica.","_yoast_wpseo_meta-robots-noindex":"","_yoast_wpseo_canonical":"","_angie_page":false,"gefaehrdungsstufe":"","wesen_kultur":"","wesen_klasse":"","footnotes":""},"categories":[],"class_list":["post-149862","page","type-page","status-publish","has-post-thumbnail","hentry"],"yoast_head":"<!-- This site is optimized with the Yoast SEO Premium plugin v27.7 (Yoast SEO v28.3) - https:\/\/yoast.com\/product\/yoast-seo-premium-wordpress\/ -->\n<title>Kr\u0161\u0107anske za\u0161titne medaljice \u2013 pregled<\/title>\n<meta name=\"description\" content=\"Medaljica svetog Benedikta, \u010cudotvorna medaljica, medaljica svetog Kristofora: podrijetlo, zna\u010denje i uporaba kr\u0161\u0107anskih za\u0161titnih medaljica.\" \/>\n<meta name=\"robots\" content=\"index, follow, max-snippet:-1, max-image-preview:large, max-video-preview:-1\" \/>\n<link rel=\"canonical\" href=\"https:\/\/iwell-guard.com\/hr\/krscanske-zastitne-medaljice-benedikt-marija-kristofor\/\" \/>\n<meta property=\"og:locale\" content=\"hr_HR\" \/>\n<meta property=\"og:type\" content=\"article\" \/>\n<meta property=\"og:title\" content=\"Kr\u0161\u0107anske za\u0161titne medaljice \u2013 Benedikt, Marija, Kristofor\" \/>\n<meta property=\"og:description\" content=\"Medaljica svetog Benedikta, \u010cudotvorna medaljica, medaljica svetog Kristofora: podrijetlo, zna\u010denje i uporaba kr\u0161\u0107anskih za\u0161titnih medaljica.\" \/>\n<meta property=\"og:url\" content=\"https:\/\/iwell-guard.com\/hr\/krscanske-zastitne-medaljice-benedikt-marija-kristofor\/\" \/>\n<meta property=\"og:site_name\" content=\"iWell Guard\" \/>\n<meta property=\"article:modified_time\" content=\"2026-09-04T05:34:00+00:00\" \/>\n<meta property=\"og:image\" content=\"https:\/\/iwell-guard.com\/wp-content\/uploads\/2026\/05\/schutzsymbol_christentum_schutzmedaillen-2.webp\" \/>\n\t<meta property=\"og:image:width\" content=\"1024\" \/>\n\t<meta property=\"og:image:height\" content=\"1536\" \/>\n\t<meta property=\"og:image:type\" content=\"image\/webp\" \/>\n<meta name=\"twitter:card\" content=\"summary_large_image\" \/>\n<script type=\"application\/ld+json\" class=\"yoast-schema-graph\">{\"@context\":\"https:\\\/\\\/schema.org\",\"@graph\":[{\"@type\":\"WebPage\",\"@id\":\"https:\\\/\\\/iwell-guard.com\\\/hr\\\/krscanske-zastitne-medaljice-benedikt-marija-kristofor\\\/\",\"url\":\"https:\\\/\\\/iwell-guard.com\\\/hr\\\/krscanske-zastitne-medaljice-benedikt-marija-kristofor\\\/\",\"name\":\"Kr\u0161\u0107anske za\u0161titne medaljice \u2013 pregled\",\"isPartOf\":{\"@id\":\"https:\\\/\\\/iwell-guard.com\\\/hr\\\/#website\"},\"primaryImageOfPage\":{\"@id\":\"https:\\\/\\\/iwell-guard.com\\\/hr\\\/krscanske-zastitne-medaljice-benedikt-marija-kristofor\\\/#primaryimage\"},\"image\":{\"@id\":\"https:\\\/\\\/iwell-guard.com\\\/hr\\\/krscanske-zastitne-medaljice-benedikt-marija-kristofor\\\/#primaryimage\"},\"thumbnailUrl\":\"https:\\\/\\\/iwell-guard.com\\\/wp-content\\\/uploads\\\/2026\\\/05\\\/schutzsymbol_christentum_schutzmedaillen-2.webp\",\"datePublished\":\"2026-09-04T05:14:08+00:00\",\"dateModified\":\"2026-09-04T05:34:00+00:00\",\"description\":\"Medaljica svetog Benedikta, \u010cudotvorna medaljica, medaljica svetog Kristofora: podrijetlo, zna\u010denje i uporaba kr\u0161\u0107anskih za\u0161titnih medaljica.\",\"breadcrumb\":{\"@id\":\"https:\\\/\\\/iwell-guard.com\\\/hr\\\/krscanske-zastitne-medaljice-benedikt-marija-kristofor\\\/#breadcrumb\"},\"inLanguage\":\"hr\",\"potentialAction\":[{\"@type\":\"ReadAction\",\"target\":[\"https:\\\/\\\/iwell-guard.com\\\/hr\\\/krscanske-zastitne-medaljice-benedikt-marija-kristofor\\\/\"]}]},{\"@type\":\"ImageObject\",\"inLanguage\":\"hr\",\"@id\":\"https:\\\/\\\/iwell-guard.com\\\/hr\\\/krscanske-zastitne-medaljice-benedikt-marija-kristofor\\\/#primaryimage\",\"url\":\"https:\\\/\\\/iwell-guard.com\\\/wp-content\\\/uploads\\\/2026\\\/05\\\/schutzsymbol_christentum_schutzmedaillen-2.webp\",\"contentUrl\":\"https:\\\/\\\/iwell-guard.com\\\/wp-content\\\/uploads\\\/2026\\\/05\\\/schutzsymbol_christentum_schutzmedaillen-2.webp\",\"width\":1024,\"height\":1536,\"caption\":\"Za\u0161titni simbol. Muzejska ilustracija u stilu mrtve prirode.\"},{\"@type\":\"BreadcrumbList\",\"@id\":\"https:\\\/\\\/iwell-guard.com\\\/hr\\\/krscanske-zastitne-medaljice-benedikt-marija-kristofor\\\/#breadcrumb\",\"itemListElement\":[{\"@type\":\"ListItem\",\"position\":1,\"name\":\"Start\",\"item\":\"https:\\\/\\\/iwell-guard.com\\\/hr\\\/?page_id=149317\"},{\"@type\":\"ListItem\",\"position\":2,\"name\":\"Kr\u0161\u0107anske za\u0161titne medaljice \u2013 Benedikt, Marija, Kristofor\"}]},{\"@type\":\"WebSite\",\"@id\":\"https:\\\/\\\/iwell-guard.com\\\/hr\\\/#website\",\"url\":\"https:\\\/\\\/iwell-guard.com\\\/hr\\\/\",\"name\":\"iWell Guard\",\"description\":\"Schutz vor dunklen Einfl\u00fcssen\",\"publisher\":{\"@id\":\"https:\\\/\\\/iwell-guard.com\\\/hr\\\/#organization\"},\"potentialAction\":[{\"@type\":\"SearchAction\",\"target\":{\"@type\":\"EntryPoint\",\"urlTemplate\":\"https:\\\/\\\/iwell-guard.com\\\/hr\\\/?s={search_term_string}\"},\"query-input\":{\"@type\":\"PropertyValueSpecification\",\"valueRequired\":true,\"valueName\":\"search_term_string\"}}],\"inLanguage\":\"hr\"},{\"@type\":\"Organization\",\"@id\":\"https:\\\/\\\/iwell-guard.com\\\/hr\\\/#organization\",\"name\":\"Ittermann electronic GmbH\",\"url\":\"https:\\\/\\\/iwell-guard.com\\\/hr\\\/\",\"logo\":{\"@type\":\"ImageObject\",\"inLanguage\":\"hr\",\"@id\":\"https:\\\/\\\/iwell-guard.com\\\/hr\\\/#\\\/schema\\\/logo\\\/image\\\/\",\"url\":\"https:\\\/\\\/iwell-guard.com\\\/wp-content\\\/uploads\\\/2026\\\/05\\\/Ittermann-Logo-1182x237-1.png\",\"contentUrl\":\"https:\\\/\\\/iwell-guard.com\\\/wp-content\\\/uploads\\\/2026\\\/05\\\/Ittermann-Logo-1182x237-1.png\",\"width\":1182,\"height\":237,\"caption\":\"Ittermann electronic GmbH\"},\"image\":{\"@id\":\"https:\\\/\\\/iwell-guard.com\\\/hr\\\/#\\\/schema\\\/logo\\\/image\\\/\"},\"sameAs\":[\"https:\\\/\\\/pantip.com\\\/profile\\\/9367242\",\"https:\\\/\\\/micro.blog\\\/iwellguard\",\"https:\\\/\\\/www.diggerslist.com\\\/iwellguard\\\/about\",\"https:\\\/\\\/skitterphoto.com\\\/photographers\\\/2870314\\\/iwell-guard\",\"https:\\\/\\\/iwellguard.wordpress.com\\\/2026\\\/06\\\/06\\\/iwell-guard\\\/\",\"https:\\\/\\\/hub.docker.com\\\/u\\\/iwellguard\",\"https:\\\/\\\/www.pinterest.com\\\/iwellguard\\\/\",\"https:\\\/\\\/bit.ly\\\/m\\\/iwellguard\",\"https:\\\/\\\/entre-vos-mains.alsace.eu\\\/profiles\\\/iwellguard\\\/activity\",\"https:\\\/\\\/gravatar.com\\\/reallybeded8fd34\",\"https:\\\/\\\/naijamatta.com\\\/iwellguard\",\"https:\\\/\\\/www.goodreads.com\\\/iwellguard\",\"https:\\\/\\\/profile.hatena.ne.jp\\\/iwellguard\\\/\",\"https:\\\/\\\/experiment.com\\\/users\\\/iwellguard\",\"https:\\\/\\\/wakelet.com\\\/@iWellGuard82270\",\"https:\\\/\\\/www.chordie.com\\\/forum\\\/profile.php?id=2555664\",\"https:\\\/\\\/www.instapaper.com\\\/p\\\/17757966\",\"https:\\\/\\\/www.mapleprimes.com\\\/users\\\/iwellguard\",\"https:\\\/\\\/businesslistingplus.com\\\/profile\\\/iwell-guard\\\/\",\"https:\\\/\\\/telegra.ph\\\/iWell-Guard-06-06\",\"https:\\\/\\\/pbase.com\\\/iwellguard\\\/iwellguard\",\"https:\\\/\\\/b.hatena.ne.jp\\\/iwellguard\\\/20260607#bookmark-4788405196491818882\",\"https:\\\/\\\/fliphtml5.com\\\/home\\\/iwellguard\",\"https:\\\/\\\/anyflip.com\\\/homepage\\\/cmiwl#About\",\"https:\\\/\\\/transfur.com\\\/Users\\\/iwellguard\",\"http:\\\/\\\/delphi.larsbo.org\\\/user\\\/iwellguard\",\"https:\\\/\\\/jobs.lajobsportal.org\\\/profiles\\\/8380803-iwell-guard\",\"https:\\\/\\\/md.chaosdorf.de\\\/s\\\/jfbe5SBdJD\",\"https:\\\/\\\/www.lingvolive.com\\\/en-us\\\/profile\\\/9ecaeaca-ce11-4e51-9e71-01d55e2bff36\\\/translations\",\"https:\\\/\\\/www.fitday.com\\\/fitness\\\/forums\\\/members\\\/iwellguard.html\",\"https:\\\/\\\/www.mymeetbook.com\\\/iwellguard\",\"https:\\\/\\\/pxhere.com\\\/en\\\/photographer-me\\\/5040798\",\"https:\\\/\\\/disqus.com\\\/by\\\/iwellguard\\\/about\\\/\",\"https:\\\/\\\/pastelink.net\\\/hjwciqwq\",\"https:\\\/\\\/pubhtml5.com\\\/homepage\\\/scjhn\\\/\",\"https:\\\/\\\/www.bitchute.com\\\/channel\\\/2O2eOKzNqujT\",\"https:\\\/\\\/audiomack.com\\\/iwellguard\"]}]}<\/script>\n<!-- \/ Yoast SEO Premium plugin. -->","yoast_head_json":{"title":"Kr\u0161\u0107anske za\u0161titne medaljice \u2013 pregled","description":"Medaljica svetog Benedikta, \u010cudotvorna medaljica, medaljica svetog Kristofora: podrijetlo, zna\u010denje i uporaba kr\u0161\u0107anskih za\u0161titnih medaljica.","robots":{"index":"index","follow":"follow","max-snippet":"max-snippet:-1","max-image-preview":"max-image-preview:large","max-video-preview":"max-video-preview:-1"},"canonical":"https:\/\/iwell-guard.com\/hr\/krscanske-zastitne-medaljice-benedikt-marija-kristofor\/","og_locale":"hr_HR","og_type":"article","og_title":"Kr\u0161\u0107anske za\u0161titne medaljice \u2013 Benedikt, Marija, Kristofor","og_description":"Medaljica svetog Benedikta, \u010cudotvorna medaljica, medaljica svetog Kristofora: podrijetlo, zna\u010denje i uporaba kr\u0161\u0107anskih za\u0161titnih medaljica.","og_url":"https:\/\/iwell-guard.com\/hr\/krscanske-zastitne-medaljice-benedikt-marija-kristofor\/","og_site_name":"iWell Guard","article_modified_time":"2026-09-04T05:34:00+00:00","og_image":[{"width":1024,"height":1536,"url":"https:\/\/iwell-guard.com\/wp-content\/uploads\/2026\/05\/schutzsymbol_christentum_schutzmedaillen-2.webp","type":"image\/webp"}],"twitter_card":"summary_large_image","schema":{"@context":"https:\/\/schema.org","@graph":[{"@type":"WebPage","@id":"https:\/\/iwell-guard.com\/hr\/krscanske-zastitne-medaljice-benedikt-marija-kristofor\/","url":"https:\/\/iwell-guard.com\/hr\/krscanske-zastitne-medaljice-benedikt-marija-kristofor\/","name":"Kr\u0161\u0107anske za\u0161titne medaljice \u2013 pregled","isPartOf":{"@id":"https:\/\/iwell-guard.com\/hr\/#website"},"primaryImageOfPage":{"@id":"https:\/\/iwell-guard.com\/hr\/krscanske-zastitne-medaljice-benedikt-marija-kristofor\/#primaryimage"},"image":{"@id":"https:\/\/iwell-guard.com\/hr\/krscanske-zastitne-medaljice-benedikt-marija-kristofor\/#primaryimage"},"thumbnailUrl":"https:\/\/iwell-guard.com\/wp-content\/uploads\/2026\/05\/schutzsymbol_christentum_schutzmedaillen-2.webp","datePublished":"2026-09-04T05:14:08+00:00","dateModified":"2026-09-04T05:34:00+00:00","description":"Medaljica svetog Benedikta, \u010cudotvorna medaljica, medaljica svetog Kristofora: podrijetlo, zna\u010denje i uporaba kr\u0161\u0107anskih za\u0161titnih medaljica.","breadcrumb":{"@id":"https:\/\/iwell-guard.com\/hr\/krscanske-zastitne-medaljice-benedikt-marija-kristofor\/#breadcrumb"},"inLanguage":"hr","potentialAction":[{"@type":"ReadAction","target":["https:\/\/iwell-guard.com\/hr\/krscanske-zastitne-medaljice-benedikt-marija-kristofor\/"]}]},{"@type":"ImageObject","inLanguage":"hr","@id":"https:\/\/iwell-guard.com\/hr\/krscanske-zastitne-medaljice-benedikt-marija-kristofor\/#primaryimage","url":"https:\/\/iwell-guard.com\/wp-content\/uploads\/2026\/05\/schutzsymbol_christentum_schutzmedaillen-2.webp","contentUrl":"https:\/\/iwell-guard.com\/wp-content\/uploads\/2026\/05\/schutzsymbol_christentum_schutzmedaillen-2.webp","width":1024,"height":1536,"caption":"Za\u0161titni simbol. Muzejska ilustracija u stilu mrtve prirode."},{"@type":"BreadcrumbList","@id":"https:\/\/iwell-guard.com\/hr\/krscanske-zastitne-medaljice-benedikt-marija-kristofor\/#breadcrumb","itemListElement":[{"@type":"ListItem","position":1,"name":"Start","item":"https:\/\/iwell-guard.com\/hr\/?page_id=149317"},{"@type":"ListItem","position":2,"name":"Kr\u0161\u0107anske za\u0161titne medaljice \u2013 Benedikt, Marija, Kristofor"}]},{"@type":"WebSite","@id":"https:\/\/iwell-guard.com\/hr\/#website","url":"https:\/\/iwell-guard.com\/hr\/","name":"iWell Guard","description":"Schutz vor dunklen Einfl\u00fcssen","publisher":{"@id":"https:\/\/iwell-guard.com\/hr\/#organization"},"potentialAction":[{"@type":"SearchAction","target":{"@type":"EntryPoint","urlTemplate":"https:\/\/iwell-guard.com\/hr\/?s={search_term_string}"},"query-input":{"@type":"PropertyValueSpecification","valueRequired":true,"valueName":"search_term_string"}}],"inLanguage":"hr"},{"@type":"Organization","@id":"https:\/\/iwell-guard.com\/hr\/#organization","name":"Ittermann electronic GmbH","url":"https:\/\/iwell-guard.com\/hr\/","logo":{"@type":"ImageObject","inLanguage":"hr","@id":"https:\/\/iwell-guard.com\/hr\/#\/schema\/logo\/image\/","url":"https:\/\/iwell-guard.com\/wp-content\/uploads\/2026\/05\/Ittermann-Logo-1182x237-1.png","contentUrl":"https:\/\/iwell-guard.com\/wp-content\/uploads\/2026\/05\/Ittermann-Logo-1182x237-1.png","width":1182,"height":237,"caption":"Ittermann electronic GmbH"},"image":{"@id":"https:\/\/iwell-guard.com\/hr\/#\/schema\/logo\/image\/"},"sameAs":["https:\/\/pantip.com\/profile\/9367242","https:\/\/micro.blog\/iwellguard","https:\/\/www.diggerslist.com\/iwellguard\/about","https:\/\/skitterphoto.com\/photographers\/2870314\/iwell-guard","https:\/\/iwellguard.wordpress.com\/2026\/06\/06\/iwell-guard\/","https:\/\/hub.docker.com\/u\/iwellguard","https:\/\/www.pinterest.com\/iwellguard\/","https:\/\/bit.ly\/m\/iwellguard","https:\/\/entre-vos-mains.alsace.eu\/profiles\/iwellguard\/activity","https:\/\/gravatar.com\/reallybeded8fd34","https:\/\/naijamatta.com\/iwellguard","https:\/\/www.goodreads.com\/iwellguard","https:\/\/profile.hatena.ne.jp\/iwellguard\/","https:\/\/experiment.com\/users\/iwellguard","https:\/\/wakelet.com\/@iWellGuard82270","https:\/\/www.chordie.com\/forum\/profile.php?id=2555664","https:\/\/www.instapaper.com\/p\/17757966","https:\/\/www.mapleprimes.com\/users\/iwellguard","https:\/\/businesslistingplus.com\/profile\/iwell-guard\/","https:\/\/telegra.ph\/iWell-Guard-06-06","https:\/\/pbase.com\/iwellguard\/iwellguard","https:\/\/b.hatena.ne.jp\/iwellguard\/20260607#bookmark-4788405196491818882","https:\/\/fliphtml5.com\/home\/iwellguard","https:\/\/anyflip.com\/homepage\/cmiwl#About","https:\/\/transfur.com\/Users\/iwellguard","http:\/\/delphi.larsbo.org\/user\/iwellguard","https:\/\/jobs.lajobsportal.org\/profiles\/8380803-iwell-guard","https:\/\/md.chaosdorf.de\/s\/jfbe5SBdJD","https:\/\/www.lingvolive.com\/en-us\/profile\/9ecaeaca-ce11-4e51-9e71-01d55e2bff36\/translations","https:\/\/www.fitday.com\/fitness\/forums\/members\/iwellguard.html","https:\/\/www.mymeetbook.com\/iwellguard","https:\/\/pxhere.com\/en\/photographer-me\/5040798","https:\/\/disqus.com\/by\/iwellguard\/about\/","https:\/\/pastelink.net\/hjwciqwq","https:\/\/pubhtml5.com\/homepage\/scjhn\/","https:\/\/www.bitchute.com\/channel\/2O2eOKzNqujT","https:\/\/audiomack.com\/iwellguard"]}]}},"_links":{"self":[{"href":"https:\/\/iwell-guard.com\/hr\/wp-json\/wp\/v2\/pages\/149862","targetHints":{"allow":["GET"]}}],"collection":[{"href":"https:\/\/iwell-guard.com\/hr\/wp-json\/wp\/v2\/pages"}],"about":[{"href":"https:\/\/iwell-guard.com\/hr\/wp-json\/wp\/v2\/types\/page"}],"author":[{"embeddable":true,"href":"https:\/\/iwell-guard.com\/hr\/wp-json\/wp\/v2\/users\/3"}],"replies":[{"embeddable":true,"href":"https:\/\/iwell-guard.com\/hr\/wp-json\/wp\/v2\/comments?post=149862"}],"version-history":[{"count":0,"href":"https:\/\/iwell-guard.com\/hr\/wp-json\/wp\/v2\/pages\/149862\/revisions"}],"wp:featuredmedia":[{"embeddable":true,"href":"https:\/\/iwell-guard.com\/hr\/wp-json\/wp\/v2\/media\/3436"}],"wp:attachment":[{"href":"https:\/\/iwell-guard.com\/hr\/wp-json\/wp\/v2\/media?parent=149862"}],"wp:term":[{"taxonomy":"category","embeddable":true,"href":"https:\/\/iwell-guard.com\/hr\/wp-json\/wp\/v2\/categories?post=149862"}],"curies":[{"name":"wp","href":"https:\/\/api.w.org\/{rel}","templated":true}]}}