{"id":149843,"date":"2026-09-04T05:13:56","date_gmt":"2026-09-04T05:13:56","guid":{"rendered":"https:\/\/iwell-guard.com\/?page_id=149843"},"modified":"2026-09-04T05:33:33","modified_gmt":"2026-09-04T05:33:33","slug":"ceridwen","status":"publish","type":"page","link":"https:\/\/iwell-guard.com\/hr\/ceridwen\/","title":{"rendered":"Ceridwen"},"content":{"rendered":"\t\t<div data-elementor-type=\"wp-page\" data-elementor-id=\"149843\" class=\"elementor elementor-149843 elementor-3050 elementor-bc-flex-widget\" data-elementor-post-type=\"page\">\n\t\t\t\t<div class=\"elementor-element elementor-element-4574f70 e-flex e-con-boxed e-con e-parent\" data-id=\"4574f70\" data-element_type=\"container\" data-e-type=\"container\" data-settings=\"{&quot;background_background&quot;:&quot;classic&quot;}\">\n\t\t\t\t\t<div class=\"e-con-inner\">\n\t\t<div class=\"elementor-element elementor-element-e92efab e-flex e-con-boxed e-con e-child\" data-id=\"e92efab\" data-element_type=\"container\" data-e-type=\"container\">\n\t\t\t\t\t<div class=\"e-con-inner\">\n\t\t<div class=\"elementor-element elementor-element-7241c66 e-con-full e-flex e-con e-child\" data-id=\"7241c66\" data-element_type=\"container\" data-e-type=\"container\">\n\t\t\t\t<div class=\"elementor-element elementor-element-f71b140 elementor-widget elementor-widget-heading\" data-id=\"f71b140\" data-element_type=\"widget\" data-e-type=\"widget\" data-widget_type=\"heading.default\">\n\t\t\t\t\t<h1 class=\"elementor-heading-title elementor-size-default\">Ceridwen, vel\u0161ka boginja inspiracije<\/h1>\t\t\t\t<\/div>\n\t\t\t\t<div class=\"elementor-element elementor-element-e0cb8c4 elementor-widget elementor-widget-text-editor\" data-id=\"e0cb8c4\" data-element_type=\"widget\" data-e-type=\"widget\" data-widget_type=\"text-editor.default\">\n\t\t\t\t\t\t\t\t\t<p>Ceridwen, poznata i kao Cerridwen, sredi\u0161nja je figura vel\u0161ke <span class=\"iwg-fachbegriff\" data-tooltip=\"Sveukupnost predanih pripovijesti o bogovima jedne kulture.\" tabindex=\"0\">mitologije<\/span> te se u srednjovjekovnoj tradiciji opisuje kao gospodarica kotla nadahnu\u0107a.<\/p><p>Njezina pri\u010da stoji u sredi\u0161tu djela \u00abHanes Taliesin\u00bb, \u017eivotne pri\u010de legendarnog vel\u0161kog pjesnika Taliesina, \u010diji najstariji fragmentarni zapisi se\u017eu u 9. stolje\u0107e, dok je potpuna verzija sa\u010duvana tek u kasnosrednjovjekovnim rukopisima.<\/p>\t\t\t\t\t\t\t\t<\/div>\n\t\t\t\t<\/div>\n\t\t<div class=\"elementor-element elementor-element-9182ee4 e-con-full e-flex e-con e-parent\" data-id=\"9182ee4\" data-element_type=\"container\" data-e-type=\"container\">\n\t\t\t\t<div class=\"elementor-element elementor-element-b9737c5 elementor-widget elementor-widget-html\" data-id=\"b9737c5\" data-element_type=\"widget\" data-e-type=\"widget\" data-widget_type=\"html.default\">\n\t\t\t\t\t<div class=\"iwg-pill-row\"><span class=\"iwg-klasse-badge\" tabindex=\"0\" data-tooltip=\"Bog \/ bo\u017eica: Personificirana najvi\u0161a mo\u0107 u panteonu jedne kulture, s jasnim nadle\u017enostima \u2014 sile prirode, sudbina, rat, plodnost. Po\u0161tovana kroz kultove, \u017ertve i hramske institucije.\">Bog<\/span><a href=\"https:\/\/iwell-guard.com\/hr\/keltski\/\" class=\"iwg-kultur-badge\" tabindex=\"0\" data-tooltip=\"Keltska religija zapadne Europe i Britanskih ostrva, mitolo\u0161ki prenesena kroz irsko-vel\u0161ke tekstove.\">Keltski<\/a><\/div>\t\t\t\t<\/div>\n\t\t\t\t<\/div>\n\t\t<div class=\"elementor-element elementor-element-d0b42c6 e-con-full e-flex e-con e-child\" data-id=\"d0b42c6\" data-element_type=\"container\" data-e-type=\"container\">\n\t\t\t\t<div class=\"elementor-element elementor-element-1a79296 elementor-toc--minimized-on-tablet elementor-widget elementor-widget-table-of-contents\" data-id=\"1a79296\" data-element_type=\"widget\" data-e-type=\"widget\" data-settings=\"{&quot;exclude_headings_by_selector&quot;:[],&quot;no_headings_message&quot;:&quot;Na ovoj stranici nisu prona\\u0111eni naslovi.&quot;,&quot;headings_by_tags&quot;:[&quot;h2&quot;,&quot;h3&quot;],&quot;marker_view&quot;:&quot;bullets&quot;,&quot;icon&quot;:{&quot;value&quot;:&quot;fas fa-circle&quot;,&quot;library&quot;:&quot;fa-solid&quot;,&quot;rendered_tag&quot;:&quot;&lt;svg class=\\&quot;e-font-icon-svg e-fas-circle\\&quot; viewBox=\\&quot;0 0 512 512\\&quot; xmlns=\\&quot;http:\\\/\\\/www.w3.org\\\/2000\\\/svg\\&quot;&gt;&lt;path d=\\&quot;M256 8C119 8 8 119 8 256s111 248 248 248 248-111 248-248S393 8 256 8z\\&quot;&gt;&lt;\\\/path&gt;&lt;\\\/svg&gt;&quot;},&quot;minimize_box&quot;:&quot;yes&quot;,&quot;minimized_on&quot;:&quot;tablet&quot;,&quot;hierarchical_view&quot;:&quot;yes&quot;,&quot;min_height&quot;:{&quot;unit&quot;:&quot;px&quot;,&quot;size&quot;:&quot;&quot;,&quot;sizes&quot;:[]},&quot;min_height_tablet&quot;:{&quot;unit&quot;:&quot;px&quot;,&quot;size&quot;:&quot;&quot;,&quot;sizes&quot;:[]},&quot;min_height_mobile&quot;:{&quot;unit&quot;:&quot;px&quot;,&quot;size&quot;:&quot;&quot;,&quot;sizes&quot;:[]}}\" data-widget_type=\"table-of-contents.default\">\n\t\t\t\t\t\t\t\t\t<div class=\"elementor-toc__header\">\n\t\t\t\t\t\t<h2 class=\"elementor-toc__header-title\">\n\t\t\t\tSadr\u017eaj\t\t\t<\/h2>\n\t\t\t\t\t\t\t\t\t\t<div class=\"elementor-toc__toggle-button elementor-toc__toggle-button--expand\" role=\"button\" tabindex=\"0\" aria-controls=\"elementor-toc__1a79296\" aria-expanded=\"true\" aria-label=\"Open table of contents\"><svg aria-hidden=\"true\" class=\"e-font-icon-svg e-fas-chevron-down\" viewBox=\"0 0 448 512\" xmlns=\"http:\/\/www.w3.org\/2000\/svg\"><path d=\"M207.029 381.476L12.686 187.132c-9.373-9.373-9.373-24.569 0-33.941l22.667-22.667c9.357-9.357 24.522-9.375 33.901-.04L224 284.505l154.745-154.021c9.379-9.335 24.544-9.317 33.901.04l22.667 22.667c9.373 9.373 9.373 24.569 0 33.941L240.971 381.476c-9.373 9.372-24.569 9.372-33.942 0z\"><\/path><\/svg><\/div>\n\t\t\t\t<div class=\"elementor-toc__toggle-button elementor-toc__toggle-button--collapse\" role=\"button\" tabindex=\"0\" aria-controls=\"elementor-toc__1a79296\" aria-expanded=\"true\" aria-label=\"Close table of contents\"><svg aria-hidden=\"true\" class=\"e-font-icon-svg e-fas-chevron-up\" viewBox=\"0 0 448 512\" xmlns=\"http:\/\/www.w3.org\/2000\/svg\"><path d=\"M240.971 130.524l194.343 194.343c9.373 9.373 9.373 24.569 0 33.941l-22.667 22.667c-9.357 9.357-24.522 9.375-33.901.04L224 227.495 69.255 381.516c-9.379 9.335-24.544 9.317-33.901-.04l-22.667-22.667c-9.373-9.373-9.373-24.569 0-33.941L207.03 130.525c9.372-9.373 24.568-9.373 33.941-.001z\"><\/path><\/svg><\/div>\n\t\t\t\t\t<\/div>\n\t\t\t\t<div id=\"elementor-toc__1a79296\" class=\"elementor-toc__body\">\n\t\t\t<div class=\"elementor-toc__spinner-container\">\n\t\t\t\t<svg class=\"elementor-toc__spinner eicon-animation-spin e-font-icon-svg e-eicon-loading\" aria-hidden=\"true\" viewBox=\"0 0 1000 1000\" xmlns=\"http:\/\/www.w3.org\/2000\/svg\"><path d=\"M500 975V858C696 858 858 696 858 500S696 142 500 142 142 304 142 500H25C25 237 238 25 500 25S975 237 975 500 763 975 500 975Z\"><\/path><\/svg>\t\t\t<\/div>\n\t\t<\/div>\n\t\t\t\t\t\t<\/div>\n\t\t\t\t<\/div>\n\t\t\t\t\t<\/div>\n\t\t\t\t<\/div>\n\t\t<div class=\"elementor-element elementor-element-3e12ecb e-con-full e-flex e-con e-child\" data-id=\"3e12ecb\" data-element_type=\"container\" data-e-type=\"container\">\n\t\t\t\t<div class=\"elementor-element elementor-element-8e63264 iwg-hero-image elementor-widget elementor-widget-image\" data-id=\"8e63264\" data-element_type=\"widget\" data-e-type=\"widget\" data-widget_type=\"image.default\">\n\t\t\t\t\t\t\t\t\t\t\t\t\t\t\t<img fetchpriority=\"high\" decoding=\"async\" width=\"683\" height=\"1024\" src=\"https:\/\/iwell-guard.com\/wp-content\/uploads\/2026\/05\/goetter_keltisch_ceridwen-683x1024.webp\" class=\"attachment-large size-large wp-image-151450\" alt=\"Ceridwen - bo\u017eica iz keltske tradicije, povijesno-ilustrativno\" srcset=\"https:\/\/iwell-guard.com\/wp-content\/uploads\/2026\/05\/goetter_keltisch_ceridwen-683x1024.webp 683w, https:\/\/iwell-guard.com\/wp-content\/uploads\/2026\/05\/goetter_keltisch_ceridwen-200x300.webp 200w, https:\/\/iwell-guard.com\/wp-content\/uploads\/2026\/05\/goetter_keltisch_ceridwen-768x1152.webp 768w, https:\/\/iwell-guard.com\/wp-content\/uploads\/2026\/05\/goetter_keltisch_ceridwen.webp 1024w\" sizes=\"(max-width: 683px) 100vw, 683px\" \/>\t\t\t\t\t\t\t\t\t\t\t\t\t\t\t<\/div>\n\t\t\t\t<\/div>\n\t\t\t\t\t<\/div>\n\t\t\t\t<\/div>\n\t\t<div class=\"elementor-element elementor-element-166156e e-con-boxed e-flex e-con e-parent\" data-id=\"166156e\" data-element_type=\"container\" data-e-type=\"container\">\n\t\t\t\t\t<div class=\"e-con-inner\">\n\t\t<div class=\"elementor-element elementor-element-02670c8 e-con-full e-flex e-con e-child\" data-id=\"02670c8\" data-element_type=\"container\" data-e-type=\"container\">\n\t\t\t\t<div class=\"elementor-element elementor-element-bad60e7 elementor-widget elementor-widget-heading\" data-id=\"bad60e7\" data-element_type=\"widget\" data-e-type=\"widget\" data-widget_type=\"heading.default\">\n\t\t\t\t\t<h2 class=\"elementor-heading-title elementor-size-default\">Stanje izvora i knji\u017eevna tradicija<\/h2>\t\t\t\t<\/div>\n\t\t\t\t<div class=\"elementor-element elementor-element-247b67c elementor-widget elementor-widget-text-editor\" data-id=\"247b67c\" data-element_type=\"widget\" data-e-type=\"widget\" data-widget_type=\"text-editor.default\">\n\t\t\t\t\t\t\t\t\t<p>Najva\u017eniji izvor za Ceridwen je \u00abHanes Taliesin\u00bb, koja je u potpunom obliku sa\u010duvana kod Elisa Gruffydda u 16. stolje\u0107u i kod Johna Jonesa u \u00abLlanstephanskim rukopisima\u00bb. Fragmenti koji upu\u0107uju na znatno stariju tradiciju nalaze se u \u00abKnjizi Taliesina\u00bb i \u00abKnjizi Aneirina\u00bb, obje iz 13. stolje\u0107a.<\/p><p>Patrick K. Ford je u djelu \u00abThe Mabinogi and Other Medieval Welsh Tales\u00bb (1977) obradio tekstualnu slo\u017eenost Ceridwenine tradicije i pokazao da se sredi\u0161nja pri\u010da o pretvorbi kotla javlja u vi\u0161e vel\u0161kih i bretonskih varijanti.<\/p>\n\n<p>Marged Haycock je u svojim radovima o \u00abKnjizi Taliesina\u00bb ukazala na to da su mnoge pjesme pripisane Taliesinu nastale tek izme\u0111u 9. i 12. stolje\u0107a, dok pri\u010da o Ceridwen sadr\u017ei knji\u017eevno starije slojeve. Istra\u017eivanje se time suo\u010dava s tipi\u010dnim problemom rekonstrukcije mogu\u0107e drevne mitske podloge iz kasnosrednjovjekovnog teksta.<\/p>\t\t\t\t\t\t\t\t<\/div>\n\t\t\t\t<\/div>\n\t\t<div class=\"elementor-element elementor-element-35cf2c8 e-con-full e-flex e-con e-child\" data-id=\"35cf2c8\" data-element_type=\"container\" data-e-type=\"container\">\n\t\t\t\t<div class=\"elementor-element elementor-element-20f5c6c elementor-widget elementor-widget-heading\" data-id=\"20f5c6c\" data-element_type=\"widget\" data-e-type=\"widget\" data-widget_type=\"heading.default\">\n\t\t\t\t\t<h2 class=\"elementor-heading-title elementor-size-default\">Pri\u010da o kotlu<\/h2>\t\t\t\t<\/div>\n\t\t\t\t<div class=\"elementor-element elementor-element-2172be2 elementor-widget elementor-widget-text-editor\" data-id=\"2172be2\" data-element_type=\"widget\" data-e-type=\"widget\" data-widget_type=\"text-editor.default\">\n\t\t\t\t\t\t\t\t\t<p>Sredi\u0161nja pri\u010da govori: Ceridwen \u017eivi sa svojim mu\u017eem Tegidom Foelom uz jezero Llyn Tegid (danas Bala Lake u Gwyneddu) i ima dvoje djece, lijepu Creirwy i ru\u017enog Morfrana (poznatog i kao Afagddu).<\/p><p>Da bi Morfranu, unato\u010d njegovu neprivla\u010dnom izgledu, podarila mudrost i nadahnu\u0107e, Ceridwen kuha poseban napitak u kotlu nadahnu\u0107a (\u00abpair awen\u00bb). Napitak mora vreti godinu i dan, a samo prve tri kapi imaju magi\u010dno djelovanje; ostatak je smrtonosni otrov.<\/p>\n\n<p>Kotao \u010duva dje\u010dak Gwion Bach. Prilikom mije\u0161anja tri kapi prsnu na njegov palac, koji on nagonski stavlja u usta. Odmah stje\u010de sveobuhvatno znanje koje je bilo namijenjeno Morfranu. Upla\u0161en, on bje\u017ei, a kotao se razbija.<\/p><p>Ceridwen ga progoni kroz niz pretvorbi: Gwion postaje zec, ona postaje kuja, on postaje riba, ona postaje vidra, on postaje ptica, ona postaje sokol, on postaje zrno \u017eita, ona postaje koko\u0161 koja pro\u017edire zrno. Devet mjeseci kasnije ra\u0111a dijete Taliesina, koje baca u more u ko\u017enoj vre\u0107i, gdje ga pronalazi i uzgaja mladi princ Elphin.<\/p>\t\t\t\t\t\t\t\t<\/div>\n\t\t\t\t<\/div>\n\t\t<div class=\"elementor-element elementor-element-1953bdc e-con-full e-flex e-con e-child\" data-id=\"1953bdc\" data-element_type=\"container\" data-e-type=\"container\">\n\t\t\t\t<div class=\"elementor-element elementor-element-0dce562 elementor-widget elementor-widget-heading\" data-id=\"0dce562\" data-element_type=\"widget\" data-e-type=\"widget\" data-widget_type=\"heading.default\">\n\t\t\t\t\t<h2 class=\"elementor-heading-title elementor-size-default\">Simbolika kotla<\/h2>\t\t\t\t<\/div>\n\t\t\t\t<div class=\"elementor-element elementor-element-ce22367 elementor-widget elementor-widget-text-editor\" data-id=\"ce22367\" data-element_type=\"widget\" data-e-type=\"widget\" data-widget_type=\"text-editor.default\">\n\t\t\t\t\t\t\t\t\t<p>Kotao Ceridwen pripada najzna\u010dajnijim simbolima vel\u0161ke tradicije. Stoji u nizu s drugim \u010dudotvornim kotlovima, primjerice kotlom Brana iz \u00abMabinogija\u00bb, koji o\u017eivljava mrtve, ili kotlom Dagde u irskoj tradiciji, koji daje neizmjernu hranu.<\/p><p>Helmut Birkhan je u djelu \u00abKelten\u00bb (1997) identificirao kotao kao sredi\u0161nji sakralni predmet keltske religije, koji je konkretno opipljiv u arheolo\u0161kim nalazima kao \u0161to su Gundestrupski kotao i kotlovi iz Br\u00e5 i Rynkebyja.<\/p>\n\n<p>Miranda Aldhouse-Green je u djelu \u00abThe Quest for the Shaman\u00bb (2005) razmotrila mogu\u0107nost da simbolika kotla potje\u010de od \u0161amanskih obreda nadahnu\u0107a i uvo\u0111enja, u kojima je tvar u teku\u0107em obliku bila povezana sa stjecanjem izvanrednog znanja. Ta hipoteza ostaje spekulativna, ali je motivirana \u010destom pojavom motiva kotla u keltskoj likovnoj umjetnosti i pripovjednoj tradiciji.<\/p>\t\t\t\t\t\t\t\t<\/div>\n\t\t\t\t<\/div>\n\t\t<div class=\"elementor-element elementor-element-f058627 e-con-full e-flex e-con e-child\" data-id=\"f058627\" data-element_type=\"container\" data-e-type=\"container\">\n\t\t\t\t<div class=\"elementor-element elementor-element-36a825d elementor-widget elementor-widget-heading\" data-id=\"36a825d\" data-element_type=\"widget\" data-e-type=\"widget\" data-widget_type=\"heading.default\">\n\t\t\t\t\t<h2 class=\"elementor-heading-title elementor-size-default\">Je li Ceridwen boginja?<\/h2>\t\t\t\t<\/div>\n\t\t\t\t<div class=\"elementor-element elementor-element-19b670d elementor-widget elementor-widget-text-editor\" data-id=\"19b670d\" data-element_type=\"widget\" data-e-type=\"widget\" data-widget_type=\"text-editor.default\">\n\t\t\t\t\t\t\t\t\t<p>Je li Ceridwen izvorno bila boginja, predmet je spora u istra\u017eivanju. \u00abHanes Taliesin\u00bb ju prikazuje kao mo\u0107nu \u010darobnicu, bez izri\u010ditog nazivanja boginjom.<\/p><p>Bernhard Maier ju u djelu \u00abDie Religion der Kelten\u00bb (2001) svrstava prije kao knji\u017eevno oblikovanu figuru koja u sebi ujedinjuje osobine starijih bo\u017eanstava nadahnu\u0107a i pretvorbe. John T. Koch je pak u nekoliko rasprava zagovarao njezinu istovjetnost sa starom vel\u0161kom boginjom pjesni\u0161tva i preobrazbe.<\/p>\n\n<p>Imenom potvr\u0111ene galoromske boginje nadahnu\u0107a nema, ali natpisi posve\u0107eni Sironi, Belisami i Brigantiji pokazuju postojanje \u017eenskih lokalnih bo\u017eanstava s nadle\u017enostima za nadahnu\u0107e i lije\u010denje. Strukturnu blizinu s irskom Brigid, koja me\u0111u ostalim vlada pjesni\u0161tvom, rano je istaknula Marie-Louise Sjoestedt.<\/p><p>Ona pak odbacuje izravnu istovjetnost. Dana\u0161nje ve\u0107insko mi\u0161ljenje smatra Ceridwen knji\u017eevno oblikovanom mitskom figurom u kojoj odjekuje starija mitska podloga, bez mogu\u0107nosti rekonstrukcije zaokru\u017eene \u00abreligije Ceridwen\u00bb.<\/p>\t\t\t\t\t\t\t\t<\/div>\n\t\t\t\t<\/div>\n\t\t<div class=\"elementor-element elementor-element-f2120e1 e-con-full e-flex e-con e-child\" data-id=\"f2120e1\" data-element_type=\"container\" data-e-type=\"container\">\n\t\t\t\t<div class=\"elementor-element elementor-element-499463a elementor-widget elementor-widget-heading\" data-id=\"499463a\" data-element_type=\"widget\" data-e-type=\"widget\" data-widget_type=\"heading.default\">\n\t\t\t\t\t<h2 class=\"elementor-heading-title elementor-size-default\">Ceridwen i Taliesin<\/h2>\t\t\t\t<\/div>\n\t\t\t\t<div class=\"elementor-element elementor-element-2ce9478 elementor-widget elementor-widget-text-editor\" data-id=\"2ce9478\" data-element_type=\"widget\" data-e-type=\"widget\" data-widget_type=\"text-editor.default\">\n\t\t\t\t\t\t\t\t\t<p>Ponovno ro\u0111enje Gwiona Bacha kao Taliesina povezuje Ceridwenina tradiciju s povijesno utvr\u0111enim Taliesinom, vel\u0161kim dvorskim pjesnikom iz 6. stolje\u0107a, kojemu \u00abKnjiga Taliesina\u00bb pripisuje dio njegovih pjesama.<\/p><p>U kasnijim pripovijestima Taliesin postaje arhetipska figura nadahnutog pjesnika koji poznaje sva doba i sve pretvorbe. Njegove poznate autobiografske pjesme (\u00abBio sam prisutan pri stvaranju svijeta\u00bb; \u00abBio sam Plavi losos\u00bb) pretpostavljaju iskustva mitskog progona od strane Ceridwen.<\/p>\n\n<p>Time Ceridwen ima dvostruku ulogu: ona je istodobno progoniteljica i rodilja pjesnika. Marged Haycock je taj aspekt protuma\u010dila kao model inicijacijske maj\u010dinske figure koja svojim progonom uop\u0107e stvara kasniju vje\u0161tinu upu\u0107enoga.<\/p><p>Time Ceridwen pripada tipolo\u0161kom nizu u\u010diteljica i protivnica, kao irska Sc\u00e1thach, koja izobra\u017eava C\u00fachulainna, ili nordijska Gunnl\u00f6d, koja \u010duva medovinu pjesni\u0161tva.<\/p>\t\t\t\t\t\t\t\t<\/div>\n\t\t\t\t<\/div>\n\t\t<div class=\"elementor-element elementor-element-9d40b4c e-con-full e-flex e-con e-child\" data-id=\"9d40b4c\" data-element_type=\"container\" data-e-type=\"container\">\n\t\t\t\t<div class=\"elementor-element elementor-element-657e109 elementor-widget elementor-widget-heading\" data-id=\"657e109\" data-element_type=\"widget\" data-e-type=\"widget\" data-widget_type=\"heading.default\">\n\t\t\t\t\t<h2 class=\"elementor-heading-title elementor-size-default\">Llyn Tegid i veza s krajolikom<\/h2>\t\t\t\t<\/div>\n\t\t\t\t<div class=\"elementor-element elementor-element-07226c8 elementor-widget elementor-widget-text-editor\" data-id=\"07226c8\" data-element_type=\"widget\" data-e-type=\"widget\" data-widget_type=\"text-editor.default\">\n\t\t\t\t\t\t\t\t\t<p>Jezero Llyn Tegid (Bala Lake) na sjeverozapadu Walesa glavno je mjesto radnje pripovijesti o Ceridwen. Sa svojih 6 kilometara duljine najve\u0107e je prirodno jezero u Walesu i jo\u0161 od <span class=\"iwg-fachbegriff\" data-tooltip=\"Razdoblje gr\u010dke i rimske kulture, otprilike od 800. pr. Kr. do 600. po. Kr.\" tabindex=\"0\">antike<\/span> povezano je s brojnim predajama.<\/p><p>Srednjovjekovni tekstovi prikazuju ga kao boravi\u0161te Tegida Foela, \u010dije ime zna\u010di \u00abTegid \u0106elavi\u00bb i moglo bi upu\u0107ivati na starije jezersko bo\u017eanstvo. Povezanost Ceridwen s jezerom svrstava je u tipi\u010dan obrazac keltske <span class=\"iwg-fachbegriff\" data-tooltip=\"Skup predanih pri\u010da o bo\u017eanstvima jedne kulture.\" tabindex=\"0\">mitologije<\/span>, u kojem se \u017eenski likovi povezuju sa staja\u0107om vodom.<\/p>\n\n<p>Brynley Roberts u svojim studijama o vel\u0161koj toponimiji upozorio je na mogu\u0107nost da je jezero izvorno slu\u017eilo kao <span class=\"iwg-fachbegriff\" data-tooltip=\"Sveto mjesto posve\u0107eno \u0161tovanju bo\u017eanstva.\" tabindex=\"0\">sveti\u0161te<\/span> na kojem su se odr\u017eavali obredi inspiracije i posve\u0107enja. Arheolo\u0161kih dokaza nema, ali gustina predaja povezanih s Llyn Tegidom podupire pretpostavku o drevnom sakralnom zna\u010denju.<\/p>\t\t\t\t\t\t\t\t<\/div>\n\t\t\t\t<\/div>\n\t\t<div class=\"elementor-element elementor-element-c283f72 e-con-full e-flex e-con e-child\" data-id=\"c283f72\" data-element_type=\"container\" data-e-type=\"container\">\n\t\t\t\t<div class=\"elementor-element elementor-element-6b2f780 elementor-widget elementor-widget-heading\" data-id=\"6b2f780\" data-element_type=\"widget\" data-e-type=\"widget\" data-widget_type=\"heading.default\">\n\t\t\t\t\t<h2 class=\"elementor-heading-title elementor-size-default\">Recepcija i moderno oblikovanje<\/h2>\t\t\t\t<\/div>\n\t\t\t\t<div class=\"elementor-element elementor-element-e7c3738 elementor-widget elementor-widget-text-editor\" data-id=\"e7c3738\" data-element_type=\"widget\" data-e-type=\"widget\" data-widget_type=\"text-editor.default\">\n\t\t\t\t\t\t\t\t\t<p>U vel\u0161kom romantizmu 18. i 19. stolje\u0107a Ceridwen je do\u017eivjela knji\u017eevnu renesansu, prije svega zahvaljuju\u0107i Iolu Morganwgu (Edwardu Williamsu), koji je izmislio velik dio moderne \u00abkeltske\u00bb bardske tradicije i predstavio Ceridwen kao vrhovnu boginju vel\u0161kih druida.<\/p><p>Ta rekonstrukcija danas je prepoznata kao izum 19. stolje\u0107a, ali je trajno obilje\u017eila javnu predstavu o Ceridwen. Ronald Hutton u djelu \u00abBlood and Mistletoe\u00bb (2009) temeljito je obradio tu povijest recepcije.<\/p>\n\n<p>U modernoj neopaganskoj tradiciji, posebno u vel\u0161ki obojenoj struji druidizma i u pokretu wicca, Ceridwen je sredi\u0161nja boginja nadahnu\u0107a i vje\u0161ti\u010dje umjetnosti. Njezin kotli\u0107 smatra se <span class=\"iwg-fachbegriff\" data-tooltip=\"Znak koji predstavlja neku zamisao ili zna\u010denje.\" tabindex=\"0\">simbolom<\/span> transformacije, stvarala\u010dkog spoznanja i \u017eenske mo\u0107i.<\/p><p>Ova moderna recepcija manje se temelji na srednjovjekovnim tekstovima, a vi\u0161e na slici druida koju su stvorili Iolo Morganwg i njegovi nasljednici. Izravna veza s predkr\u0161\u0107anskom vel\u0161kom religijom nije potvr\u0111ena, \u0161to su Bernhard Maier i Ronald Hutton vi\u0161e puta nagla\u0161avali.<\/p>\t\t\t\t\t\t\t\t<\/div>\n\t\t\t\t<\/div>\n\t\t<div class=\"elementor-element elementor-element-f42b448 e-con-full e-flex e-con e-child\" data-id=\"f42b448\" data-element_type=\"container\" data-e-type=\"container\">\n\t\t\t\t<div class=\"elementor-element elementor-element-d155c5e elementor-widget elementor-widget-heading\" data-id=\"d155c5e\" data-element_type=\"widget\" data-e-type=\"widget\" data-widget_type=\"heading.default\">\n\t\t\t\t\t<h2 class=\"elementor-heading-title elementor-size-default\">Awen kao sredi\u0161nji pojam<\/h2>\t\t\t\t<\/div>\n\t\t\t\t<div class=\"elementor-element elementor-element-a91c6ee elementor-widget elementor-widget-text-editor\" data-id=\"a91c6ee\" data-element_type=\"widget\" data-e-type=\"widget\" data-widget_type=\"text-editor.default\">\n\t\t\t\t\t\t\t\t\t<p>S Ceridwen je usko povezan pojam awen, koji u vel\u0161koj tradiciji ozna\u010dava \u00abbo\u017eansko nadahnu\u0107e\u00bb koje pjesnika \u010dini savr\u0161enim bardom (bardd). Pojam se javlja ve\u0107 u ranim Taliesinovim pjesmama, a u srednjovjekovnoj bardskoj \u0161koli razmatra se kao neizostavno svojstvo pjesni\u0161tva.<\/p><p>Tri kapi iz Ceridwenina kotli\u0107a u tekstovima se tuma\u010de kao materijalna manifestacija awena, koji se ovdje pojavljuje ne kao apstraktno svojstvo, nego kao tvarno prenosiva supstanca.<\/p>\n\n<p>Patrick Sims-Williams u djelu \u00abReligion and Literature in Western England, 600-800\u00bb (1990) pokazao je da je predod\u017eba o awenu bila duboko ukorijenjena u keltsko-kr\u0161\u0107anskim prijelaznim oblicima, i u vel\u0161koj i u irskoj tradiciji.<\/p><p>Pripovijest o Ceridwen smatra se njihovom najva\u017enijom mitskom kondenzacijom na vel\u0161kom podru\u010dju. Kasnija vel\u0161ka bardska \u0161kola, posebno u okru\u017eenju eisteddfod tradicije, sa\u010duvala je awen kao temeljni pojam, no bez neposredne mitske veze s Ceridwen.<\/p>\t\t\t\t\t\t\t\t<\/div>\n\t\t\t\t<\/div>\n\t\t<div class=\"elementor-element elementor-element-9033a31 e-con-full e-flex e-con e-child\" data-id=\"9033a31\" data-element_type=\"container\" data-e-type=\"container\">\n\t\t\t\t<div class=\"elementor-element elementor-element-b392acd elementor-widget elementor-widget-heading\" data-id=\"b392acd\" data-element_type=\"widget\" data-e-type=\"widget\" data-widget_type=\"heading.default\">\n\t\t\t\t\t<h2 class=\"elementor-heading-title elementor-size-default\">Rukopisna predaja djela Hanes Taliesin<\/h2>\t\t\t\t<\/div>\n\t\t\t\t<div class=\"elementor-element elementor-element-e07c572 elementor-widget elementor-widget-text-editor\" data-id=\"e07c572\" data-element_type=\"widget\" data-e-type=\"widget\" data-widget_type=\"text-editor.default\">\n\t\t\t\t\t\t\t\t\t<p>Najva\u017eniji izvor o Ceridwen jest \u00abYstoria Taliesin\u00bb, odnosno \u00abHanes Taliesin\u00bb.<\/p><p>Nije sadr\u017ean u najstarijim vel\u0161kim zbornim rukopisima, \u00abLlyfr Aneirin\u00bb i \u00abLlyfr Taliesin\u00bb iz 13. i 14. stolje\u0107a, nego je sa\u010duvan tek u proznom obliku pripovijesti, \u010diji najstariji potpuni svjedok teksta jest rukopis \u00abNLW MS 5276D\u00bb (poznat i kao \u00abElis Gruffyddova kronika\u00bb, sredina 16. stolje\u0107a).<\/p><p>Patrick Ford u djelu \u00abYstoria Taliesin\u00bb (Cardiff 1992) rekonstruirao je povijest izdanja i pokazao da je pripovijest u usmenoj predaji znatno starija, ali u svojoj knji\u017eevnoj verziji nosi slojeve iz ranog novog vijeka.<\/p><p>Izdanje s engleskim prijevodom prvi je put objavljeno u \u00abMabinogion\u00bb svescima Lady Charlotte Guest (1838. do 1849.), koja je tekst uvrstila kao dodatak u mabinogijski <span class=\"iwg-fachbegriff\" data-tooltip=\"Zbirka spisa koja se u nekoj religiji smatra obvezuju\u0107om i svetom.\" tabindex=\"0\">kanon<\/span>.<\/p>\n<p>Marged Haycock u djelu \u00abLegendary Poems from the Book of Taliesin\u00bb (Aberystwyth 2007. i drugo izdanje 2015.) filolo\u0161ki je obradila takozvane \u00ablegendarne\u00bb pjesme sadr\u017eane u najstarijim Taliesinovim rukopisima i pokazuje da se lik Ceridwen u njima vi\u0161e puta spominje kao \u00abpeiryanvic ceridwen\u00bb, \u00abborbena Ceridwen\u00bb, odnosno kao \u010duvarica kotli\u0107a (\u00abpeir ceridwen\u00bb), bez razrade pripovjedne epizode.<\/p><p>Ovi kratki navodi najstariji su pjesni\u010dki svjedoci za taj lik i vjerojatno se datiraju u 9. do 11. stolje\u0107e. Pokazuju da je kompleks kotli\u0107a znatno stariji od razvijene pripovijesti u proznom obliku ranog novog vijeka.<\/p>\t\t\t\t\t\t\t\t<\/div>\n\t\t\t\t<\/div>\n\t\t<div class=\"elementor-element elementor-element-947832b e-con-full e-flex e-con e-child\" data-id=\"947832b\" data-element_type=\"container\" data-e-type=\"container\">\n\t\t\t\t<div class=\"elementor-element elementor-element-6e1b492 elementor-widget elementor-widget-heading\" data-id=\"6e1b492\" data-element_type=\"widget\" data-e-type=\"widget\" data-widget_type=\"heading.default\">\n\t\t\t\t\t<h2 class=\"elementor-heading-title elementor-size-default\">Awen, nadahnu\u0107e i bardska kultura<\/h2>\t\t\t\t<\/div>\n\t\t\t\t<div class=\"elementor-element elementor-element-e0a1d98 elementor-widget elementor-widget-text-editor\" data-id=\"e0a1d98\" data-element_type=\"widget\" data-e-type=\"widget\" data-widget_type=\"text-editor.default\">\n\t\t\t\t\t\t\t\t\t<p>Sredi\u0161nja tvar u pri\u010di o Ceridwen, tri kapi iz kotla nadahnu\u0107a, u vel\u0161kom izvorniku nosi naziv \u00abawen\u00bb. Taj se pojam jezikoslovno mo\u017ee povezati s korijenom *au- \u00abpuhati, di\u0161ati\u00bb i u izvornom zna\u010denju ozna\u010dava \u00abnadahnu\u0107e\u00bb, \u00abbo\u017eanski dah\u00bb.<\/p><p>U \u00abCyfraith Hywel Dda\u00bb (\u00abZakonima Hywela Dda\u00bb, rukopisi od 12. stolje\u0107a) \u00abawen\u00bb je ve\u0107 potvr\u0111en kao stru\u010dni termin dvorskih pjesnika (pencerdd).<\/p><p>Vel\u0161ki pjesnik Iolo Goch (14. stolje\u0107e), dvorski pjesnik Owaina Glynd\u0175ra, u nekoliko pjesama poziva se na \u00abawen Ceridwen\u00bb kao izvor svoje pjesni\u010dke mo\u0107i.<\/p><p>Iolo Morganwg (Edward Williams, 1747. do 1826.) tu je liniju u 18. i ranom 19. stolje\u0107u prenio u neodruidski kontekst i u djelu \u00abBarddas\u00bb povezao simboliku Awen s grafi\u010dkim znakom triju zraka, koji nastavlja \u017eivjeti u dana\u0161njoj eisteddfod tradiciji.<\/p>\n<p>John T. Koch u djelu \u00abCeltic Culture. A Historical Encyclopedia\u00bb (Santa Barbara, 2006.) i u svojim radovima o vel\u0161koj bardskoj kulturi nagla\u0161ava tehni\u010dku funkciju koncepta Awen. Tu je zada\u0107u ispunjavala i u srednjovjekovnom obrazovanju bardova i u kasnijim pravilima eisteddfoda. Slu\u017eila je kao samolegitimacija profesionalnih pjesnika, koji su svoju umjetnost tako mogli prikazati kao bo\u017eanski dar, a ne samo kao nau\u010denu vje\u0161tinu.<\/p><p>Pri\u010da o Ceridwen, sa svojom smjenom mu\u010dnog pripremanja koje traje godinu dana i naglog nadahnu\u0107a putem tri kapi, tu dvostruku narav bardske umjetnosti kodificira na knji\u017eevni na\u010din.<\/p>\t\t\t\t\t\t\t\t<\/div>\n\t\t\t\t<\/div>\n\t\t<div class=\"elementor-element elementor-element-345679a e-con-full e-flex e-con e-child\" data-id=\"345679a\" data-element_type=\"container\" data-e-type=\"container\">\n\t\t\t\t<div class=\"elementor-element elementor-element-dd21ba4 elementor-widget elementor-widget-heading\" data-id=\"dd21ba4\" data-element_type=\"widget\" data-e-type=\"widget\" data-widget_type=\"heading.default\">\n\t\t\t\t\t<h2 class=\"elementor-heading-title elementor-size-default\">Motiv preobrazbe u komparativnoj perspektivi<\/h2>\t\t\t\t<\/div>\n\t\t\t\t<div class=\"elementor-element elementor-element-bc4739c elementor-widget elementor-widget-text-editor\" data-id=\"bc4739c\" data-element_type=\"widget\" data-e-type=\"widget\" data-widget_type=\"text-editor.default\">\n\t\t\t\t\t\t\t\t\t<p>Potjera izme\u0111u Ceridwen i Gwiona pripada \u0161iroko rasprostranjenom pripovjednom <span class=\"iwg-fachbegriff\" data-tooltip=\"Ponavljaju\u0107i sadr\u017eajni element u umjetnosti ili pripovijedanju.\" tabindex=\"0\">motivu<\/span> koji se naziva \u00abnatjecanje u preobrazbi\u00bb.<\/p><p>Sli\u010dne sekvence nalaze se u gr\u010dkoj tradiciji (potjera Zeusa za Nemezidom, Apolona za Dafne), u keltskom podru\u010dju (potjera za \u00c9ta\u00edn u \u00abTochmarc \u00c9ta\u00edne\u00bb), u nordijskoj Eddi (Loki i Heimdallr) i u \u0161kotskoj narodnoj tradiciji. Stith Thompson taj je <span class=\"iwg-fachbegriff\" data-tooltip=\"Ponavljaju\u0107i sadr\u017eajni element u umjetnosti ili pripovijedanju.\" tabindex=\"0\">motiv<\/span> u svom \u00abMotif-Index of Folk-Literature\u00bb pod oznakom D610 katalogizirao kao univerzalni pripovjedni obrazac.<\/p>\n\n<p>Unutar keltske tradicije ta je sekvenca posebno razra\u0111ena, jer sadr\u017ei ne samo dramatiku potjere, nego i odnos u\u010diteljice i u\u010denika te odnos rodilje i djeteta.<\/p><p>John Carey tu je slojevitost protuma\u010dio kao naznaku arhai\u010dne inicijacijske strukture, u kojoj je onaj koji se inicira simboli\u010dki progutan od u\u010diteljice i ponovno ro\u0111en. Izravna obredna potvrda te prakse ne postoji, ali se taj <span class=\"iwg-fachbegriff\" data-tooltip=\"Ponavljaju\u0107i sadr\u017eajni element u umjetnosti ili pripovijedanju.\" tabindex=\"0\">motiv<\/span> mo\u017ee u\u010diniti uvjerljivim na temelju brojnih usporednih primjera iz povijesti religija.<\/p>\t\t\t\t\t\t\t\t<\/div>\n\t\t\t\t<\/div>\n\t\t\t\t\t<\/div>\n\t\t\t\t<\/div>\n\t\t\t\t<\/div>\n\t\t","protected":false},"excerpt":{"rendered":"","protected":false},"author":3,"featured_media":3240,"parent":0,"menu_order":0,"comment_status":"closed","ping_status":"closed","template":"elementor_header_footer","meta":{"_yoast_wpseo_focuskw":"Ceridwen","_yoast_wpseo_title":"Ceridwen \u2013 vel\u0161ka boginja inspiracije | iWell Guard","_yoast_wpseo_metadesc":"Ceridwen je vel\u0161ka boginja vje\u0161tica i \u010duvarica kotla nadahnu\u0107a Awen. Majka Taliesina. Mit, druidizam i bardska tradicija.","_yoast_wpseo_meta-robots-noindex":"","_yoast_wpseo_canonical":"","_angie_page":false,"gefaehrdungsstufe":"3","wesen_kultur":"keltisch","wesen_klasse":"goetter","footnotes":""},"categories":[],"class_list":["post-149843","page","type-page","status-publish","has-post-thumbnail","hentry"],"yoast_head":"<!-- This site is optimized with the Yoast SEO Premium plugin v27.7 (Yoast SEO v28.3) - https:\/\/yoast.com\/product\/yoast-seo-premium-wordpress\/ -->\n<title>Ceridwen \u2013 vel\u0161ka boginja inspiracije | iWell Guard<\/title>\n<meta name=\"description\" content=\"Ceridwen je vel\u0161ka boginja vje\u0161tica i \u010duvarica kotla nadahnu\u0107a Awen. Majka Taliesina. Mit, druidizam i bardska tradicija.\" \/>\n<meta name=\"robots\" content=\"index, follow, max-snippet:-1, max-image-preview:large, max-video-preview:-1\" \/>\n<link rel=\"canonical\" href=\"https:\/\/iwell-guard.com\/hr\/ceridwen\/\" \/>\n<meta property=\"og:locale\" content=\"hr_HR\" \/>\n<meta property=\"og:type\" content=\"article\" \/>\n<meta property=\"og:title\" content=\"Ceridwen\" \/>\n<meta property=\"og:description\" content=\"Ceridwen je vel\u0161ka boginja vje\u0161tica i \u010duvarica kotla nadahnu\u0107a Awen. Majka Taliesina. Mit, druidizam i bardska tradicija.\" \/>\n<meta property=\"og:url\" content=\"https:\/\/iwell-guard.com\/hr\/ceridwen\/\" \/>\n<meta property=\"og:site_name\" content=\"iWell Guard\" \/>\n<meta property=\"article:modified_time\" content=\"2026-09-04T05:33:33+00:00\" \/>\n<meta property=\"og:image\" content=\"https:\/\/iwell-guard.com\/wp-content\/uploads\/2026\/05\/goetter_keltisch_ceridwen.webp\" \/>\n\t<meta property=\"og:image:width\" content=\"1024\" \/>\n\t<meta property=\"og:image:height\" content=\"1536\" \/>\n\t<meta property=\"og:image:type\" content=\"image\/webp\" \/>\n<meta name=\"twitter:card\" content=\"summary_large_image\" \/>\n<script type=\"application\/ld+json\" class=\"yoast-schema-graph\">{\"@context\":\"https:\\\/\\\/schema.org\",\"@graph\":[{\"@type\":\"WebPage\",\"@id\":\"https:\\\/\\\/iwell-guard.com\\\/hr\\\/ceridwen\\\/\",\"url\":\"https:\\\/\\\/iwell-guard.com\\\/hr\\\/ceridwen\\\/\",\"name\":\"Ceridwen \u2013 vel\u0161ka boginja inspiracije | iWell Guard\",\"isPartOf\":{\"@id\":\"https:\\\/\\\/iwell-guard.com\\\/hr\\\/#website\"},\"primaryImageOfPage\":{\"@id\":\"https:\\\/\\\/iwell-guard.com\\\/hr\\\/ceridwen\\\/#primaryimage\"},\"image\":{\"@id\":\"https:\\\/\\\/iwell-guard.com\\\/hr\\\/ceridwen\\\/#primaryimage\"},\"thumbnailUrl\":\"https:\\\/\\\/iwell-guard.com\\\/wp-content\\\/uploads\\\/2026\\\/05\\\/goetter_keltisch_ceridwen.webp\",\"datePublished\":\"2026-09-04T05:13:56+00:00\",\"dateModified\":\"2026-09-04T05:33:33+00:00\",\"description\":\"Ceridwen je vel\u0161ka boginja vje\u0161tica i \u010duvarica kotla nadahnu\u0107a Awen. Majka Taliesina. Mit, druidizam i bardska tradicija.\",\"breadcrumb\":{\"@id\":\"https:\\\/\\\/iwell-guard.com\\\/hr\\\/ceridwen\\\/#breadcrumb\"},\"inLanguage\":\"hr\",\"potentialAction\":[{\"@type\":\"ReadAction\",\"target\":[\"https:\\\/\\\/iwell-guard.com\\\/hr\\\/ceridwen\\\/\"]}]},{\"@type\":\"ImageObject\",\"inLanguage\":\"hr\",\"@id\":\"https:\\\/\\\/iwell-guard.com\\\/hr\\\/ceridwen\\\/#primaryimage\",\"url\":\"https:\\\/\\\/iwell-guard.com\\\/wp-content\\\/uploads\\\/2026\\\/05\\\/goetter_keltisch_ceridwen.webp\",\"contentUrl\":\"https:\\\/\\\/iwell-guard.com\\\/wp-content\\\/uploads\\\/2026\\\/05\\\/goetter_keltisch_ceridwen.webp\",\"width\":1024,\"height\":1536,\"caption\":\"Bo\u017eanstva iz keltske tradicije.\"},{\"@type\":\"BreadcrumbList\",\"@id\":\"https:\\\/\\\/iwell-guard.com\\\/hr\\\/ceridwen\\\/#breadcrumb\",\"itemListElement\":[{\"@type\":\"ListItem\",\"position\":1,\"name\":\"Start\",\"item\":\"https:\\\/\\\/iwell-guard.com\\\/hr\\\/?page_id=149317\"},{\"@type\":\"ListItem\",\"position\":2,\"name\":\"Ceridwen\"}]},{\"@type\":\"WebSite\",\"@id\":\"https:\\\/\\\/iwell-guard.com\\\/hr\\\/#website\",\"url\":\"https:\\\/\\\/iwell-guard.com\\\/hr\\\/\",\"name\":\"iWell Guard\",\"description\":\"Schutz vor dunklen Einfl\u00fcssen\",\"publisher\":{\"@id\":\"https:\\\/\\\/iwell-guard.com\\\/hr\\\/#organization\"},\"potentialAction\":[{\"@type\":\"SearchAction\",\"target\":{\"@type\":\"EntryPoint\",\"urlTemplate\":\"https:\\\/\\\/iwell-guard.com\\\/hr\\\/?s={search_term_string}\"},\"query-input\":{\"@type\":\"PropertyValueSpecification\",\"valueRequired\":true,\"valueName\":\"search_term_string\"}}],\"inLanguage\":\"hr\"},{\"@type\":\"Organization\",\"@id\":\"https:\\\/\\\/iwell-guard.com\\\/hr\\\/#organization\",\"name\":\"Ittermann electronic GmbH\",\"url\":\"https:\\\/\\\/iwell-guard.com\\\/hr\\\/\",\"logo\":{\"@type\":\"ImageObject\",\"inLanguage\":\"hr\",\"@id\":\"https:\\\/\\\/iwell-guard.com\\\/hr\\\/#\\\/schema\\\/logo\\\/image\\\/\",\"url\":\"https:\\\/\\\/iwell-guard.com\\\/wp-content\\\/uploads\\\/2026\\\/05\\\/Ittermann-Logo-1182x237-1.png\",\"contentUrl\":\"https:\\\/\\\/iwell-guard.com\\\/wp-content\\\/uploads\\\/2026\\\/05\\\/Ittermann-Logo-1182x237-1.png\",\"width\":1182,\"height\":237,\"caption\":\"Ittermann electronic GmbH\"},\"image\":{\"@id\":\"https:\\\/\\\/iwell-guard.com\\\/hr\\\/#\\\/schema\\\/logo\\\/image\\\/\"},\"sameAs\":[\"https:\\\/\\\/pantip.com\\\/profile\\\/9367242\",\"https:\\\/\\\/micro.blog\\\/iwellguard\",\"https:\\\/\\\/www.diggerslist.com\\\/iwellguard\\\/about\",\"https:\\\/\\\/skitterphoto.com\\\/photographers\\\/2870314\\\/iwell-guard\",\"https:\\\/\\\/iwellguard.wordpress.com\\\/2026\\\/06\\\/06\\\/iwell-guard\\\/\",\"https:\\\/\\\/hub.docker.com\\\/u\\\/iwellguard\",\"https:\\\/\\\/www.pinterest.com\\\/iwellguard\\\/\",\"https:\\\/\\\/bit.ly\\\/m\\\/iwellguard\",\"https:\\\/\\\/entre-vos-mains.alsace.eu\\\/profiles\\\/iwellguard\\\/activity\",\"https:\\\/\\\/gravatar.com\\\/reallybeded8fd34\",\"https:\\\/\\\/naijamatta.com\\\/iwellguard\",\"https:\\\/\\\/www.goodreads.com\\\/iwellguard\",\"https:\\\/\\\/profile.hatena.ne.jp\\\/iwellguard\\\/\",\"https:\\\/\\\/experiment.com\\\/users\\\/iwellguard\",\"https:\\\/\\\/wakelet.com\\\/@iWellGuard82270\",\"https:\\\/\\\/www.chordie.com\\\/forum\\\/profile.php?id=2555664\",\"https:\\\/\\\/www.instapaper.com\\\/p\\\/17757966\",\"https:\\\/\\\/www.mapleprimes.com\\\/users\\\/iwellguard\",\"https:\\\/\\\/businesslistingplus.com\\\/profile\\\/iwell-guard\\\/\",\"https:\\\/\\\/telegra.ph\\\/iWell-Guard-06-06\",\"https:\\\/\\\/pbase.com\\\/iwellguard\\\/iwellguard\",\"https:\\\/\\\/b.hatena.ne.jp\\\/iwellguard\\\/20260607#bookmark-4788405196491818882\",\"https:\\\/\\\/fliphtml5.com\\\/home\\\/iwellguard\",\"https:\\\/\\\/anyflip.com\\\/homepage\\\/cmiwl#About\",\"https:\\\/\\\/transfur.com\\\/Users\\\/iwellguard\",\"http:\\\/\\\/delphi.larsbo.org\\\/user\\\/iwellguard\",\"https:\\\/\\\/jobs.lajobsportal.org\\\/profiles\\\/8380803-iwell-guard\",\"https:\\\/\\\/md.chaosdorf.de\\\/s\\\/jfbe5SBdJD\",\"https:\\\/\\\/www.lingvolive.com\\\/en-us\\\/profile\\\/9ecaeaca-ce11-4e51-9e71-01d55e2bff36\\\/translations\",\"https:\\\/\\\/www.fitday.com\\\/fitness\\\/forums\\\/members\\\/iwellguard.html\",\"https:\\\/\\\/www.mymeetbook.com\\\/iwellguard\",\"https:\\\/\\\/pxhere.com\\\/en\\\/photographer-me\\\/5040798\",\"https:\\\/\\\/disqus.com\\\/by\\\/iwellguard\\\/about\\\/\",\"https:\\\/\\\/pastelink.net\\\/hjwciqwq\",\"https:\\\/\\\/pubhtml5.com\\\/homepage\\\/scjhn\\\/\",\"https:\\\/\\\/www.bitchute.com\\\/channel\\\/2O2eOKzNqujT\",\"https:\\\/\\\/audiomack.com\\\/iwellguard\"]},{\"@type\":\"Article\",\"@id\":\"https:\\\/\\\/iwell-guard.com\\\/hr\\\/ceridwen\\\/#article\",\"isPartOf\":{\"@id\":\"https:\\\/\\\/iwell-guard.com\\\/hr\\\/ceridwen\\\/\"},\"author\":{\"name\":\"Ralf Ittermann\",\"@id\":\"https:\\\/\\\/iwell-guard.com\\\/hr\\\/#\\\/schema\\\/person\\\/ee2a27f1cac3406c7c6fb5820cb7349f\"},\"headline\":\"Ceridwen\",\"datePublished\":\"2026-09-04T05:13:56+00:00\",\"dateModified\":\"2026-09-04T05:33:33+00:00\",\"mainEntityOfPage\":{\"@id\":\"https:\\\/\\\/iwell-guard.com\\\/hr\\\/ceridwen\\\/\"},\"publisher\":{\"@id\":\"https:\\\/\\\/iwell-guard.com\\\/hr\\\/#organization\"},\"image\":{\"@id\":\"https:\\\/\\\/iwell-guard.com\\\/hr\\\/ceridwen\\\/#primaryimage\"},\"thumbnailUrl\":\"https:\\\/\\\/iwell-guard.com\\\/wp-content\\\/uploads\\\/2026\\\/05\\\/goetter_keltisch_ceridwen.webp\",\"inLanguage\":\"hr\",\"description\":\"Ceridwen je vel\u0161ka boginja vje\u0161tica i \u010duvarica kotla nadahnu\u0107a Awen. Majka Taliesina. Mit, druidizam i bardska tradicija.\"}]}<\/script>\n<!-- \/ Yoast SEO Premium plugin. -->","yoast_head_json":{"title":"Ceridwen \u2013 vel\u0161ka boginja inspiracije | iWell Guard","description":"Ceridwen je vel\u0161ka boginja vje\u0161tica i \u010duvarica kotla nadahnu\u0107a Awen. Majka Taliesina. Mit, druidizam i bardska tradicija.","robots":{"index":"index","follow":"follow","max-snippet":"max-snippet:-1","max-image-preview":"max-image-preview:large","max-video-preview":"max-video-preview:-1"},"canonical":"https:\/\/iwell-guard.com\/hr\/ceridwen\/","og_locale":"hr_HR","og_type":"article","og_title":"Ceridwen","og_description":"Ceridwen je vel\u0161ka boginja vje\u0161tica i \u010duvarica kotla nadahnu\u0107a Awen. Majka Taliesina. Mit, druidizam i bardska tradicija.","og_url":"https:\/\/iwell-guard.com\/hr\/ceridwen\/","og_site_name":"iWell Guard","article_modified_time":"2026-09-04T05:33:33+00:00","og_image":[{"width":1024,"height":1536,"url":"https:\/\/iwell-guard.com\/wp-content\/uploads\/2026\/05\/goetter_keltisch_ceridwen.webp","type":"image\/webp"}],"twitter_card":"summary_large_image","schema":{"@context":"https:\/\/schema.org","@graph":[{"@type":"Article","@id":"https:\/\/iwell-guard.com\/hr\/ceridwen\/#article","isPartOf":{"@id":"https:\/\/iwell-guard.com\/hr\/ceridwen\/"},"author":{"name":"Ralf Ittermann","@id":"https:\/\/iwell-guard.com\/hr\/#\/schema\/person\/ee2a27f1cac3406c7c6fb5820cb7349f"},"headline":"Ceridwen","datePublished":"2026-09-04T05:13:56+00:00","dateModified":"2026-09-04T05:33:33+00:00","mainEntityOfPage":{"@id":"https:\/\/iwell-guard.com\/hr\/ceridwen\/"},"publisher":{"@id":"https:\/\/iwell-guard.com\/hr\/#organization"},"image":{"@id":"https:\/\/iwell-guard.com\/hr\/ceridwen\/#primaryimage"},"thumbnailUrl":"https:\/\/iwell-guard.com\/wp-content\/uploads\/2026\/05\/goetter_keltisch_ceridwen.webp","inLanguage":"hr","description":"Ceridwen je vel\u0161ka boginja vje\u0161tica i \u010duvarica kotla nadahnu\u0107a Awen. Majka Taliesina. Mit, druidizam i bardska tradicija."},{"@type":"WebPage","@id":"https:\/\/iwell-guard.com\/hr\/ceridwen\/","url":"https:\/\/iwell-guard.com\/hr\/ceridwen\/","name":"Ceridwen \u2013 vel\u0161ka boginja inspiracije | iWell Guard","isPartOf":{"@id":"https:\/\/iwell-guard.com\/hr\/#website"},"primaryImageOfPage":{"@id":"https:\/\/iwell-guard.com\/hr\/ceridwen\/#primaryimage"},"image":{"@id":"https:\/\/iwell-guard.com\/hr\/ceridwen\/#primaryimage"},"thumbnailUrl":"https:\/\/iwell-guard.com\/wp-content\/uploads\/2026\/05\/goetter_keltisch_ceridwen.webp","datePublished":"2026-09-04T05:13:56+00:00","dateModified":"2026-09-04T05:33:33+00:00","description":"Ceridwen je vel\u0161ka boginja vje\u0161tica i \u010duvarica kotla nadahnu\u0107a Awen. Majka Taliesina. Mit, druidizam i bardska tradicija.","breadcrumb":{"@id":"https:\/\/iwell-guard.com\/hr\/ceridwen\/#breadcrumb"},"inLanguage":"hr","potentialAction":[{"@type":"ReadAction","target":["https:\/\/iwell-guard.com\/hr\/ceridwen\/"]}]},{"@type":"ImageObject","inLanguage":"hr","@id":"https:\/\/iwell-guard.com\/hr\/ceridwen\/#primaryimage","url":"https:\/\/iwell-guard.com\/wp-content\/uploads\/2026\/05\/goetter_keltisch_ceridwen.webp","contentUrl":"https:\/\/iwell-guard.com\/wp-content\/uploads\/2026\/05\/goetter_keltisch_ceridwen.webp","width":1024,"height":1536,"caption":"Bo\u017eanstva iz keltske tradicije."},{"@type":"BreadcrumbList","@id":"https:\/\/iwell-guard.com\/hr\/ceridwen\/#breadcrumb","itemListElement":[{"@type":"ListItem","position":1,"name":"Start","item":"https:\/\/iwell-guard.com\/hr\/?page_id=149317"},{"@type":"ListItem","position":2,"name":"Ceridwen"}]},{"@type":"WebSite","@id":"https:\/\/iwell-guard.com\/hr\/#website","url":"https:\/\/iwell-guard.com\/hr\/","name":"iWell Guard","description":"Schutz vor dunklen Einfl\u00fcssen","publisher":{"@id":"https:\/\/iwell-guard.com\/hr\/#organization"},"potentialAction":[{"@type":"SearchAction","target":{"@type":"EntryPoint","urlTemplate":"https:\/\/iwell-guard.com\/hr\/?s={search_term_string}"},"query-input":{"@type":"PropertyValueSpecification","valueRequired":true,"valueName":"search_term_string"}}],"inLanguage":"hr"},{"@type":"Organization","@id":"https:\/\/iwell-guard.com\/hr\/#organization","name":"Ittermann electronic GmbH","url":"https:\/\/iwell-guard.com\/hr\/","logo":{"@type":"ImageObject","inLanguage":"hr","@id":"https:\/\/iwell-guard.com\/hr\/#\/schema\/logo\/image\/","url":"https:\/\/iwell-guard.com\/wp-content\/uploads\/2026\/05\/Ittermann-Logo-1182x237-1.png","contentUrl":"https:\/\/iwell-guard.com\/wp-content\/uploads\/2026\/05\/Ittermann-Logo-1182x237-1.png","width":1182,"height":237,"caption":"Ittermann electronic GmbH"},"image":{"@id":"https:\/\/iwell-guard.com\/hr\/#\/schema\/logo\/image\/"},"sameAs":["https:\/\/pantip.com\/profile\/9367242","https:\/\/micro.blog\/iwellguard","https:\/\/www.diggerslist.com\/iwellguard\/about","https:\/\/skitterphoto.com\/photographers\/2870314\/iwell-guard","https:\/\/iwellguard.wordpress.com\/2026\/06\/06\/iwell-guard\/","https:\/\/hub.docker.com\/u\/iwellguard","https:\/\/www.pinterest.com\/iwellguard\/","https:\/\/bit.ly\/m\/iwellguard","https:\/\/entre-vos-mains.alsace.eu\/profiles\/iwellguard\/activity","https:\/\/gravatar.com\/reallybeded8fd34","https:\/\/naijamatta.com\/iwellguard","https:\/\/www.goodreads.com\/iwellguard","https:\/\/profile.hatena.ne.jp\/iwellguard\/","https:\/\/experiment.com\/users\/iwellguard","https:\/\/wakelet.com\/@iWellGuard82270","https:\/\/www.chordie.com\/forum\/profile.php?id=2555664","https:\/\/www.instapaper.com\/p\/17757966","https:\/\/www.mapleprimes.com\/users\/iwellguard","https:\/\/businesslistingplus.com\/profile\/iwell-guard\/","https:\/\/telegra.ph\/iWell-Guard-06-06","https:\/\/pbase.com\/iwellguard\/iwellguard","https:\/\/b.hatena.ne.jp\/iwellguard\/20260607#bookmark-4788405196491818882","https:\/\/fliphtml5.com\/home\/iwellguard","https:\/\/anyflip.com\/homepage\/cmiwl#About","https:\/\/transfur.com\/Users\/iwellguard","http:\/\/delphi.larsbo.org\/user\/iwellguard","https:\/\/jobs.lajobsportal.org\/profiles\/8380803-iwell-guard","https:\/\/md.chaosdorf.de\/s\/jfbe5SBdJD","https:\/\/www.lingvolive.com\/en-us\/profile\/9ecaeaca-ce11-4e51-9e71-01d55e2bff36\/translations","https:\/\/www.fitday.com\/fitness\/forums\/members\/iwellguard.html","https:\/\/www.mymeetbook.com\/iwellguard","https:\/\/pxhere.com\/en\/photographer-me\/5040798","https:\/\/disqus.com\/by\/iwellguard\/about\/","https:\/\/pastelink.net\/hjwciqwq","https:\/\/pubhtml5.com\/homepage\/scjhn\/","https:\/\/www.bitchute.com\/channel\/2O2eOKzNqujT","https:\/\/audiomack.com\/iwellguard"]},{"@type":"Person","@id":"https:\/\/iwell-guard.com\/hr\/#\/schema\/person\/ee2a27f1cac3406c7c6fb5820cb7349f","name":"Ralf Ittermann","image":{"@type":"ImageObject","inLanguage":"hr","@id":"https:\/\/secure.gravatar.com\/avatar\/073c0153e350a5005b68eb752b445fea71f6b24a26da9449ad7e155e6b446c9d?s=96&d=mm&r=g","url":"https:\/\/secure.gravatar.com\/avatar\/073c0153e350a5005b68eb752b445fea71f6b24a26da9449ad7e155e6b446c9d?s=96&d=mm&r=g","contentUrl":"https:\/\/secure.gravatar.com\/avatar\/073c0153e350a5005b68eb752b445fea71f6b24a26da9449ad7e155e6b446c9d?s=96&d=mm&r=g","caption":"Ralf Ittermann"},"givenName":"Ralf","familyName":"Ittermann","jobTitle":"Gesch\u00e4ftsf\u00fchrer und redaktioneller Verantwortlicher","url":"https:\/\/iwell-guard.com\/hr\/author\/claude\/","description":"Ralf Ittermann ist Gesch\u00e4ftsf\u00fchrer der Ittermann electronic GmbH und redaktioneller Verantwortlicher des iWell-Guard-Lexikons. Er verbindet langj\u00e4hrige Erfahrung in der Pr\u00e4zisionsfertigung mit medialer Praxis und religionsgeschichtlicher Quellenarbeit.","worksFor":{"@type":"Organization","name":"Ittermann electronic GmbH","url":"https:\/\/ittermann.de\/","address":{"@type":"PostalAddress","streetAddress":"K\u00f6hlergasse 16-18","postalCode":"99842","addressLocality":"Ruhla","addressCountry":"DE"}},"knowsAbout":["Religionsgeschichte","Mythologie","Mediale Praxis","Energetische Diagnostik","Schutzpraxis","Volksglauben","Westliche Esoterik"]},{"@type":"Article","@id":"https:\/\/iwell-guard.com\/hr\/ceridwen\/#article","isPartOf":{"@id":"https:\/\/iwell-guard.com\/hr\/ceridwen\/"},"author":{"name":"Ralf Ittermann","@id":"https:\/\/iwell-guard.com\/hr\/#\/schema\/person\/ee2a27f1cac3406c7c6fb5820cb7349f"},"headline":"Ceridwen","datePublished":"2026-09-04T05:13:56+00:00","dateModified":"2026-09-04T05:33:33+00:00","mainEntityOfPage":{"@id":"https:\/\/iwell-guard.com\/hr\/ceridwen\/"},"publisher":{"@id":"https:\/\/iwell-guard.com\/hr\/#organization"},"image":{"@id":"https:\/\/iwell-guard.com\/hr\/ceridwen\/#primaryimage"},"thumbnailUrl":"https:\/\/iwell-guard.com\/wp-content\/uploads\/2026\/05\/goetter_keltisch_ceridwen.webp","inLanguage":"hr","description":"Ceridwen je vel\u0161ka boginja vje\u0161tica i \u010duvarica kotla nadahnu\u0107a Awen. Majka Taliesina. Mit, druidizam i bardska tradicija."}]}},"_links":{"self":[{"href":"https:\/\/iwell-guard.com\/hr\/wp-json\/wp\/v2\/pages\/149843","targetHints":{"allow":["GET"]}}],"collection":[{"href":"https:\/\/iwell-guard.com\/hr\/wp-json\/wp\/v2\/pages"}],"about":[{"href":"https:\/\/iwell-guard.com\/hr\/wp-json\/wp\/v2\/types\/page"}],"author":[{"embeddable":true,"href":"https:\/\/iwell-guard.com\/hr\/wp-json\/wp\/v2\/users\/3"}],"replies":[{"embeddable":true,"href":"https:\/\/iwell-guard.com\/hr\/wp-json\/wp\/v2\/comments?post=149843"}],"version-history":[{"count":0,"href":"https:\/\/iwell-guard.com\/hr\/wp-json\/wp\/v2\/pages\/149843\/revisions"}],"wp:featuredmedia":[{"embeddable":true,"href":"https:\/\/iwell-guard.com\/hr\/wp-json\/wp\/v2\/media\/3240"}],"wp:attachment":[{"href":"https:\/\/iwell-guard.com\/hr\/wp-json\/wp\/v2\/media?parent=149843"}],"wp:term":[{"taxonomy":"category","embeddable":true,"href":"https:\/\/iwell-guard.com\/hr\/wp-json\/wp\/v2\/categories?post=149843"}],"curies":[{"name":"wp","href":"https:\/\/api.w.org\/{rel}","templated":true}]}}