{"id":149829,"date":"2026-09-04T05:13:50","date_gmt":"2026-09-04T05:13:50","guid":{"rendered":"https:\/\/iwell-guard.com\/?page_id=149829"},"modified":"2026-09-04T05:33:12","modified_gmt":"2026-09-04T05:33:12","slug":"sventovid","status":"publish","type":"page","link":"https:\/\/iwell-guard.com\/hr\/sventovid\/","title":{"rendered":"Sventovid"},"content":{"rendered":"\t\t<div data-elementor-type=\"wp-page\" data-elementor-id=\"149829\" class=\"elementor elementor-149829 elementor-3034 elementor-bc-flex-widget\" data-elementor-post-type=\"page\">\n\t\t\t\t<div class=\"elementor-element elementor-element-6a6ca0a e-flex e-con-boxed e-con e-parent\" data-id=\"6a6ca0a\" data-element_type=\"container\" data-e-type=\"container\" data-settings=\"{&quot;background_background&quot;:&quot;classic&quot;}\">\n\t\t\t\t\t<div class=\"e-con-inner\">\n\t\t<div class=\"elementor-element elementor-element-44c5de4 e-flex e-con-boxed e-con e-child\" data-id=\"44c5de4\" data-element_type=\"container\" data-e-type=\"container\">\n\t\t\t\t\t<div class=\"e-con-inner\">\n\t\t<div class=\"elementor-element elementor-element-2310235 e-con-full e-flex e-con e-child\" data-id=\"2310235\" data-element_type=\"container\" data-e-type=\"container\">\n\t\t\t\t<div class=\"elementor-element elementor-element-b843a02 elementor-widget elementor-widget-heading\" data-id=\"b843a02\" data-element_type=\"widget\" data-e-type=\"widget\" data-widget_type=\"heading.default\">\n\t\t\t\t\t<h1 class=\"elementor-heading-title elementor-size-default\">Sventovid, slavenski bog rata i proro\u0161tva<\/h1>\t\t\t\t<\/div>\n\t\t\t\t<div class=\"elementor-element elementor-element-a65a288 elementor-widget elementor-widget-text-editor\" data-id=\"a65a288\" data-element_type=\"widget\" data-e-type=\"widget\" data-widget_type=\"text-editor.default\">\n\t\t\t\t\t\t\t\t\t<p>Sventovid je \u010detveroglavi slavenski bog rata i proro\u0161tva koji je kao vrhovni bog Zapadnih Slavena bio \u0161tovan u <span class=\"iwg-fachbegriff\" data-tooltip=\"Gra\u0111evina namijenjena \u0161tovanju jednog ili vi\u0161e bo\u017eanstava.\" tabindex=\"0\">hramu<\/span> u Arkoni na R\u00fcgenu.<\/p><p>Sventovid (tako\u0111er Svantovit, Svetovid, latinski Svantovithus ili Suantevit) je sredi\u0161nje <span class=\"iwg-fachbegriff\" data-tooltip=\"Bi\u0107e koje se u nekoj religiji \u0161tuje kao bo\u017eansko.\" tabindex=\"0\">bo\u017eanstvo<\/span> polabskoslavenskog i pomorskoslavenskog panteona visokog srednjeg vijeka i jedan od rijetkih slavenskih bogova \u010diji su <span class=\"iwg-fachbegriff\" data-tooltip=\"Gra\u0111evina namijenjena \u0161tovanju jednog ili vi\u0161e bo\u017eanstava.\" tabindex=\"0\">hram<\/span>, kip i kultna praksa detaljno opisani u suvremenim izvorima.<\/p><p>Njegovo glavno <span class=\"iwg-fachbegriff\" data-tooltip=\"Sveto mjesto posve\u0107eno \u0161tovanju bo\u017eanstva.\" tabindex=\"0\">sveti\u0161te<\/span> stajalo je do 1168. na otoku R\u00fcgenu u Arkoni; njegovo razaranje od strane danskog kralja Valdemara I. jedan je od najbolje dokumentiranih doga\u0111aja slavenske religijske povijesti. Sventovid je bio bog rata, bog proro\u0161tva i vrhovni bog Ranaca, balti\u010dkih Slavena s otoka R\u00fcgena.<\/p>\t\t\t\t\t\t\t\t<\/div>\n\t\t\t\t<\/div>\n\t\t<div class=\"elementor-element elementor-element-85fe1e7 e-con-full e-flex e-con e-parent\" data-id=\"85fe1e7\" data-element_type=\"container\" data-e-type=\"container\">\n\t\t\t\t<div class=\"elementor-element elementor-element-cc0d3fb elementor-widget elementor-widget-html\" data-id=\"cc0d3fb\" data-element_type=\"widget\" data-e-type=\"widget\" data-widget_type=\"html.default\">\n\t\t\t\t\t<div class=\"iwg-pill-row\"><span class=\"iwg-klasse-badge\" tabindex=\"0\" data-tooltip=\"Bog \/ bo\u017eica: Personificirana najvi\u0161a mo\u0107 u panteonu jedne kulture, s jasnim nadle\u017enostima \u2014 sile prirode, sudbina, rat, plodnost. \u0160tuju ga kroz kultove, \u017ertve i hramske institucije.\">Bog<\/span><a href=\"https:\/\/iwell-guard.com\/hr\/slavenska\/\" class=\"iwg-kultur-badge\" tabindex=\"0\" data-tooltip=\"Slavenska mitologija i narodna religija, kr\u0161\u0107anski nadslojena od 10. stolje\u0107a.\">Slavenski<\/a><\/div>\t\t\t\t<\/div>\n\t\t\t\t<\/div>\n\t\t<div class=\"elementor-element elementor-element-c68ed40 e-con-full e-flex e-con e-child\" data-id=\"c68ed40\" data-element_type=\"container\" data-e-type=\"container\">\n\t\t\t\t<div class=\"elementor-element elementor-element-1f27fb4 elementor-toc--minimized-on-tablet elementor-widget elementor-widget-table-of-contents\" data-id=\"1f27fb4\" data-element_type=\"widget\" data-e-type=\"widget\" data-settings=\"{&quot;exclude_headings_by_selector&quot;:[],&quot;no_headings_message&quot;:&quot;Na ovoj stranici nisu prona\\u0111eni naslovi.&quot;,&quot;headings_by_tags&quot;:[&quot;h2&quot;,&quot;h3&quot;],&quot;marker_view&quot;:&quot;bullets&quot;,&quot;icon&quot;:{&quot;value&quot;:&quot;fas fa-circle&quot;,&quot;library&quot;:&quot;fa-solid&quot;,&quot;rendered_tag&quot;:&quot;&lt;svg class=\\&quot;e-font-icon-svg e-fas-circle\\&quot; viewBox=\\&quot;0 0 512 512\\&quot; xmlns=\\&quot;http:\\\/\\\/www.w3.org\\\/2000\\\/svg\\&quot;&gt;&lt;path d=\\&quot;M256 8C119 8 8 119 8 256s111 248 248 248 248-111 248-248S393 8 256 8z\\&quot;&gt;&lt;\\\/path&gt;&lt;\\\/svg&gt;&quot;},&quot;minimize_box&quot;:&quot;yes&quot;,&quot;minimized_on&quot;:&quot;tablet&quot;,&quot;hierarchical_view&quot;:&quot;yes&quot;,&quot;min_height&quot;:{&quot;unit&quot;:&quot;px&quot;,&quot;size&quot;:&quot;&quot;,&quot;sizes&quot;:[]},&quot;min_height_tablet&quot;:{&quot;unit&quot;:&quot;px&quot;,&quot;size&quot;:&quot;&quot;,&quot;sizes&quot;:[]},&quot;min_height_mobile&quot;:{&quot;unit&quot;:&quot;px&quot;,&quot;size&quot;:&quot;&quot;,&quot;sizes&quot;:[]}}\" data-widget_type=\"table-of-contents.default\">\n\t\t\t\t\t\t\t\t\t<div class=\"elementor-toc__header\">\n\t\t\t\t\t\t<h2 class=\"elementor-toc__header-title\">\n\t\t\t\tSadr\u017eaj\t\t\t<\/h2>\n\t\t\t\t\t\t\t\t\t\t<div class=\"elementor-toc__toggle-button elementor-toc__toggle-button--expand\" role=\"button\" tabindex=\"0\" aria-controls=\"elementor-toc__1f27fb4\" aria-expanded=\"true\" aria-label=\"Open table of contents\"><svg aria-hidden=\"true\" class=\"e-font-icon-svg e-fas-chevron-down\" viewBox=\"0 0 448 512\" xmlns=\"http:\/\/www.w3.org\/2000\/svg\"><path d=\"M207.029 381.476L12.686 187.132c-9.373-9.373-9.373-24.569 0-33.941l22.667-22.667c9.357-9.357 24.522-9.375 33.901-.04L224 284.505l154.745-154.021c9.379-9.335 24.544-9.317 33.901.04l22.667 22.667c9.373 9.373 9.373 24.569 0 33.941L240.971 381.476c-9.373 9.372-24.569 9.372-33.942 0z\"><\/path><\/svg><\/div>\n\t\t\t\t<div class=\"elementor-toc__toggle-button elementor-toc__toggle-button--collapse\" role=\"button\" tabindex=\"0\" aria-controls=\"elementor-toc__1f27fb4\" aria-expanded=\"true\" aria-label=\"Close table of contents\"><svg aria-hidden=\"true\" class=\"e-font-icon-svg e-fas-chevron-up\" viewBox=\"0 0 448 512\" xmlns=\"http:\/\/www.w3.org\/2000\/svg\"><path d=\"M240.971 130.524l194.343 194.343c9.373 9.373 9.373 24.569 0 33.941l-22.667 22.667c-9.357 9.357-24.522 9.375-33.901.04L224 227.495 69.255 381.516c-9.379 9.335-24.544 9.317-33.901-.04l-22.667-22.667c-9.373-9.373-9.373-24.569 0-33.941L207.03 130.525c9.372-9.373 24.568-9.373 33.941-.001z\"><\/path><\/svg><\/div>\n\t\t\t\t\t<\/div>\n\t\t\t\t<div id=\"elementor-toc__1f27fb4\" class=\"elementor-toc__body\">\n\t\t\t<div class=\"elementor-toc__spinner-container\">\n\t\t\t\t<svg class=\"elementor-toc__spinner eicon-animation-spin e-font-icon-svg e-eicon-loading\" aria-hidden=\"true\" viewBox=\"0 0 1000 1000\" xmlns=\"http:\/\/www.w3.org\/2000\/svg\"><path d=\"M500 975V858C696 858 858 696 858 500S696 142 500 142 142 304 142 500H25C25 237 238 25 500 25S975 237 975 500 763 975 500 975Z\"><\/path><\/svg>\t\t\t<\/div>\n\t\t<\/div>\n\t\t\t\t\t\t<\/div>\n\t\t\t\t<\/div>\n\t\t\t\t\t<\/div>\n\t\t\t\t<\/div>\n\t\t<div class=\"elementor-element elementor-element-f58836f e-con-full e-flex e-con e-child\" data-id=\"f58836f\" data-element_type=\"container\" data-e-type=\"container\">\n\t\t\t\t<div class=\"elementor-element elementor-element-dbefaff iwg-hero-image elementor-widget elementor-widget-image\" data-id=\"dbefaff\" data-element_type=\"widget\" data-e-type=\"widget\" data-widget_type=\"image.default\">\n\t\t\t\t\t\t\t\t\t\t\t\t\t\t\t<img fetchpriority=\"high\" decoding=\"async\" width=\"683\" height=\"1024\" src=\"https:\/\/iwell-guard.com\/wp-content\/uploads\/2026\/05\/goetter_slawisch_sventovid-1-683x1024.webp\" class=\"attachment-large size-large wp-image-151422\" alt=\"Sventovid \u2013 bog iz slavenske tradicije, povijesno-ilustrativni prikaz\" srcset=\"https:\/\/iwell-guard.com\/wp-content\/uploads\/2026\/05\/goetter_slawisch_sventovid-1-683x1024.webp 683w, https:\/\/iwell-guard.com\/wp-content\/uploads\/2026\/05\/goetter_slawisch_sventovid-1-200x300.webp 200w, https:\/\/iwell-guard.com\/wp-content\/uploads\/2026\/05\/goetter_slawisch_sventovid-1-768x1152.webp 768w, https:\/\/iwell-guard.com\/wp-content\/uploads\/2026\/05\/goetter_slawisch_sventovid-1.webp 1024w\" sizes=\"(max-width: 683px) 100vw, 683px\" \/>\t\t\t\t\t\t\t\t\t\t\t\t\t\t\t<\/div>\n\t\t\t\t<\/div>\n\t\t\t\t\t<\/div>\n\t\t\t\t<\/div>\n\t\t<div class=\"elementor-element elementor-element-ad97c2d e-con-boxed e-flex e-con e-parent\" data-id=\"ad97c2d\" data-element_type=\"container\" data-e-type=\"container\">\n\t\t\t\t\t<div class=\"e-con-inner\">\n\t\t<div class=\"elementor-element elementor-element-26dce64 e-con-full e-flex e-con e-child\" data-id=\"26dce64\" data-element_type=\"container\" data-e-type=\"container\">\n\t\t\t\t<div class=\"elementor-element elementor-element-5983496 elementor-widget elementor-widget-heading\" data-id=\"5983496\" data-element_type=\"widget\" data-e-type=\"widget\" data-widget_type=\"heading.default\">\n\t\t\t\t\t<h2 class=\"elementor-heading-title elementor-size-default\">Izvori i prve potvrde<\/h2>\t\t\t\t<\/div>\n\t\t\t\t<div class=\"elementor-element elementor-element-22244d4 elementor-widget elementor-widget-text-editor\" data-id=\"22244d4\" data-element_type=\"widget\" data-e-type=\"widget\" data-widget_type=\"text-editor.default\">\n\t\t\t\t\t\t\t\t\t<p>Najva\u017eniji izvor za Sventovida je \u00abGesta Danorum\u00bb Saksa Grammatika (oko 1200.), knjiga XIV, poglavlje 39, u kojem je op\u0161irno opisano dansko osvajanje Arkone 1168. godine. Saksa, koji je kao danski dvorski sve\u0107enik ispitivao svjedoke, daje detaljan opis hrama, kipa i kultne prakse.<\/p><p>Ovaj izvor je religijsko-povijesno posebno vrijedan iz dva razloga: nastao je vremenski blizu doga\u0111aju, a potje\u010de iz tabora pobjednika koji su kip i <span class=\"iwg-fachbegriff\" data-tooltip=\"Gra\u0111evina namijenjena \u0161tovanju jednog ili vi\u0161e bo\u017eanstava.\" tabindex=\"0\">hram<\/span> vidjeli svojim o\u010dima prije nego \u0161to su ih razorili.<\/p>\n<p>Drugi glavni izvor je \u00abChronica Slavorum\u00bb Helmolda iz Bosaua (oko 1170.), koja je nastala istodobno s osvajanjem i temelji se na izravnim informacijama iz misionarskog okru\u017eenja.<\/p><p>Helmold opisuje Sventovida kao \u00abnajuglednijeg me\u0111u svim bogovima Slavena\u00bb, kojemu su ostali bogovi samo polubogovi. Tre\u0107i izvor je \u00abKnytlinga saga\u00bb (13. stolje\u0107e), danska kraljevska saga koja tako\u0111er opisuje osvajanje Arkone.<\/p>\n<p>Dodatni spomeni nalaze se kod Adama Bremenskog (\u00abGesta Hammaburgensis ecclesiae pontificum\u00bb, 1075.), kod Thietmara iz Merseburga (o ranoj fazi polabskoslavenskog paganstva, dodu\u0161e bez izravnog spominjanja Sventovida) te u danskim analima 12. i 13. stolje\u0107a.<\/p>\t\t\t\t\t\t\t\t<\/div>\n\t\t\t\t<\/div>\n\t\t<div class=\"elementor-element elementor-element-a749920 e-con-full e-flex e-con e-child\" data-id=\"a749920\" data-element_type=\"container\" data-e-type=\"container\">\n\t\t\t\t<div class=\"elementor-element elementor-element-97f33a5 elementor-widget elementor-widget-heading\" data-id=\"97f33a5\" data-element_type=\"widget\" data-e-type=\"widget\" data-widget_type=\"heading.default\">\n\t\t\t\t\t<h2 class=\"elementor-heading-title elementor-size-default\">Hram i kultno kompleks Arkone<\/h2>\t\t\t\t<\/div>\n\t\t\t\t<div class=\"elementor-element elementor-element-d105bb5 elementor-widget elementor-widget-text-editor\" data-id=\"d105bb5\" data-element_type=\"widget\" data-e-type=\"widget\" data-widget_type=\"text-editor.default\">\n\t\t\t\t\t\t\t\t\t<p><span class=\"iwg-fachbegriff\" data-tooltip=\"Gra\u0111evina namijenjena \u0161tovanju jednog ili vi\u0161e bo\u017eanstava.\" tabindex=\"0\">Hram<\/span> je stajao na rtu na sjeveroisto\u010dnom vrhu R\u00fcgena, za\u0161ti\u0107en polukru\u017enim zemljanim nasipom koji je zatvarao pristup s kopnene strane; strma obala \u0161titila je stranu prema moru.<\/p><p><span data-nosnippet>Arheolo\u0161ka istra\u017eivanja od Carla Schuchhardta (1921.) i posebno Joachima Herrmanna (1962. do 1971.) rekonstruirala su kompleks: sveto podru\u010dje povr\u0161ine oko 4 hektara, u \u010dijoj se unutra\u0161njosti nalazila sama gra\u0111evina hrama. <span class=\"iwg-fachbegriff\" data-tooltip=\"Gra\u0111evina namijenjena \u0161tovanju jednog ili vi\u0161e bo\u017eanstava.\" tabindex=\"0\">Hram<\/span> je bio \u010detvrtasta drvena konstrukcija s crvenim zidnim tkaninama i unutarnjim sveti\u0161tem koje je od vanjskog prostora bilo odvojeno zastorima.<\/span><\/p>\n<p>U unutra\u0161njosti se nalazio glavni Sventovidov kip. Prema Saksovom opisu, bio je nadljudske veli\u010dine, izra\u0111en od drveta, s \u010detiri glave ili lica koja su gledala u \u010detiri strane svijeta. Dva lica bila su usmjerena prema napijed, dva prema natrag, s jednim parom okrenutim lijevo, a drugim desno.<\/p><p>Bog je u desnoj ruci dr\u017eao rog za pi\u0107e, a lijevom se rukom naslanjao na luk. Na zidu su bili obje\u0161eni njegovo sedlo, orma i ogroman ma\u010d \u010dija je o\u0161trica bila ukra\u0161ena srebrnim ukrasima.<\/p>\t\t\t\t\t\t\t\t<\/div>\n\t\t\t\t<\/div>\n\t\t<div class=\"elementor-element elementor-element-4a8d3a5 e-con-full e-flex e-con e-child\" data-id=\"4a8d3a5\" data-element_type=\"container\" data-e-type=\"container\">\n\t\t\t\t<div class=\"elementor-element elementor-element-71e5a3d elementor-widget elementor-widget-heading\" data-id=\"71e5a3d\" data-element_type=\"widget\" data-e-type=\"widget\" data-widget_type=\"heading.default\">\n\t\t\t\t\t<h2 class=\"elementor-heading-title elementor-size-default\">Ikonografija i simboli<\/h2>\t\t\t\t<\/div>\n\t\t\t\t<div class=\"elementor-element elementor-element-1a8327e elementor-widget elementor-widget-text-editor\" data-id=\"1a8327e\" data-element_type=\"widget\" data-e-type=\"widget\" data-widget_type=\"text-editor.default\">\n\t\t\t\t\t\t\t\t\t<p>Najupe\u010datljivije ikonografsko obilje\u017eje Sventovida jesu njegove \u010detiri glave. Ta \u00ab\u010detverolikost\u00bb obi\u010dno se tuma\u010di kao kozmolo\u0161ki <span class=\"iwg-fachbegriff\" data-tooltip=\"Znak koji predstavlja neku predod\u017ebu ili zna\u010denje.\" tabindex=\"0\">simbol<\/span>: bog gleda u sve strane svijeta i nadzire cijeli svijet.<\/p><p><span data-nosnippet>Sli\u010dan prikaz \u010detverolikog boga poznat je i po slavnom Zbru\u010dkom <span class=\"iwg-fachbegriff\" data-tooltip=\"Slika ili kip koji se \u0161tuje kao bo\u017eanski.\" tabindex=\"0\">idolu<\/span> (prona\u0111enom 1848. u Galiciji, danas u Arheolo\u0161kom muzeju u Krakovu), vapnena\u010dkom stupu s \u010detiri reljefna prikaza bo\u017eanstava na kockastoj glavi.<\/span><\/p><p>Prikazuje li Zbru\u010dki <span class=\"iwg-fachbegriff\" data-tooltip=\"Slika ili kip koji se \u0161tuje kao bo\u017eanski.\" tabindex=\"0\">idol<\/span> Sventovida ili neko drugo <span class=\"iwg-fachbegriff\" data-tooltip=\"Bi\u0107e koje se unutar neke religije \u0161tuje kao bo\u017eansko.\" tabindex=\"0\">bo\u017eanstvo<\/span>, ostaje sporno, no formalna srodnost je o\u010dita i podupire pretpostavku da je vi\u0161evlasje bilo tipi\u010dno obilje\u017eje <span class=\"iwg-fachbegriff\" data-tooltip=\"Nauka o sadr\u017eaju slika i njihovu zna\u010denju.\" tabindex=\"0\">ikonografije<\/span> zapadnoslavenskih i isto\u010dnoslavenskih bogova.<\/p>\n<p>Rog za pi\u0107e u desnoj ruci ima sredi\u0161nju ulogu u proro\u010danskom ritualu (vidi dolje). Luk i ma\u010d su ratni\u010dki atributi. Bijeli konj, koji je pripadao <span class=\"iwg-fachbegriff\" data-tooltip=\"Gra\u0111evina namijenjena \u0161tovanju jednog ili vi\u0161e bo\u017eanstava.\" tabindex=\"0\">hramu<\/span>, glavna je prat\u0435\u045b\u0430 \u017eivotinja. Bijela boja je <span class=\"iwg-fachbegriff\" data-tooltip=\"Ono \u0161to pripada svetom ili religijskom podru\u010dju, za razliku od svjetovnog.\" tabindex=\"0\">sakralna<\/span> i u balti\u010dko-slavenskom <span class=\"iwg-fachbegriff\" data-tooltip=\"Ukupnost bogova neke religije ili kulture.\" tabindex=\"0\">panteonu<\/span> bila je povezana s najvi\u0161im bogovima.<\/p>\t\t\t\t\t\t\t\t<\/div>\n\t\t\t\t<\/div>\n\t\t<div class=\"elementor-element elementor-element-4d5ebe0 e-con-full e-flex e-con e-child\" data-id=\"4d5ebe0\" data-element_type=\"container\" data-e-type=\"container\">\n\t\t\t\t<div class=\"elementor-element elementor-element-e559cc8 elementor-widget elementor-widget-heading\" data-id=\"e559cc8\" data-element_type=\"widget\" data-e-type=\"widget\" data-widget_type=\"heading.default\">\n\t\t\t\t\t<h2 class=\"elementor-heading-title elementor-size-default\">Proro\u0161tvo i kultna praksa<\/h2>\t\t\t\t<\/div>\n\t\t\t\t<div class=\"elementor-element elementor-element-bcbe50a elementor-widget elementor-widget-text-editor\" data-id=\"bcbe50a\" data-element_type=\"widget\" data-e-type=\"widget\" data-widget_type=\"text-editor.default\">\n\t\t\t\t\t\t\t\t\t<p>Saxo Grammaticus opisuje dvije glavne prakse kulta u Arkoni. Godi\u0161nja svetkovina \u017eetve odr\u017eavala se nakon \u017eetve \u017eita: sve\u0107enik je zagledao u rog za pi\u0107e statue, u koji je prethodne godine ulio vino. Ako se razina vina nije promijenila, to je najavljivalo dobru \u017eetvenu godinu; ako je opala, prijetila je glad.<\/p><p>Zatim se rog ispraznio i napunio novim vinom; sve\u0107enik je otpio prvi gutljaj, izrekao <span class=\"iwg-fachbegriff\" data-tooltip=\"Izgovaranje blagoslova i za\u0161tite, \u010desto u ustaljenom jezi\u010dnom obliku.\" tabindex=\"0\">blagoslov<\/span> nad Ranima, a svetkovina je zavr\u0161avala jedenjem ogromne okrugle medene poga\u010de, iza koje se sve\u0107enik skrivao da bi pitao okupljene vide li ga.<\/p>\n<p>Najpoznatije <span class=\"iwg-fachbegriff\" data-tooltip=\"Mjesto ili ustanova na kojoj se tra\u017ei bo\u017eanska poruka.\" tabindex=\"0\">proro\u010di\u0161te<\/span> bilo je konjsko <span class=\"iwg-fachbegriff\" data-tooltip=\"Mjesto ili ustanova na kojoj se tra\u017ei bo\u017eanska poruka.\" tabindex=\"0\">proro\u010di\u0161te<\/span>. U <span class=\"iwg-fachbegriff\" data-tooltip=\"Gra\u0111evina posve\u0107ena \u0161tovanju jednog ili vi\u0161e bo\u017eanstava.\" tabindex=\"0\">hramu<\/span> se dr\u017eao bijeli konj kojeg je dodirivati mogao samo veliki sve\u0107enik. Prije vojnih pohoda u zemlju su se postavljala tri para koplja, ukri\u017eenih u redove, a konj se triput vodio preko njih.<\/p><p>Ako je konj koraknuo desnom prednjom nogom, to je najavljivalo pobjedu; ako lijevom, pohod se otkazivao ili odga\u0111ao. Ova je praksa religijskopovijesno posebno zanimljiva jer je strukturno povezana s indoeuropskim kompleksom konjskog proricanja (hippomanteia), koji je potvr\u0111en i kod Hetita, Skita, Germana (Tacit, \u00abGermania\u00bb, poglavlje 10) i perzijskih magova.<\/p>\t\t\t\t\t\t\t\t<\/div>\n\t\t\t\t<\/div>\n\t\t<div class=\"elementor-element elementor-element-5dc7e79 e-con-full e-flex e-con e-child\" data-id=\"5dc7e79\" data-element_type=\"container\" data-e-type=\"container\">\n\t\t\t\t<div class=\"elementor-element elementor-element-909e93f elementor-widget elementor-widget-heading\" data-id=\"909e93f\" data-element_type=\"widget\" data-e-type=\"widget\" data-widget_type=\"heading.default\">\n\t\t\t\t\t<h2 class=\"elementor-heading-title elementor-size-default\">Blago i danak<\/h2>\t\t\t\t<\/div>\n\t\t\t\t<div class=\"elementor-element elementor-element-61c1c28 elementor-widget elementor-widget-text-editor\" data-id=\"61c1c28\" data-element_type=\"widget\" data-e-type=\"widget\" data-widget_type=\"text-editor.default\">\n\t\t\t\t\t\t\t\t\t<p><span class=\"iwg-fachbegriff\" data-tooltip=\"Gra\u0111evina posve\u0107ena \u0161tovanju jednog ili vi\u0161e bo\u017eanstava.\" tabindex=\"0\">Hram<\/span> u Arkoni bio je nevjerojatno bogat. Saxo opisuje ogromne koli\u010dine zlata, srebra, tkanina i drago kamenja koje su se \u010duvale u riznici kao ratni plijen, danak ili zavjetni dar. Svaki je Ranin morao godi\u0161nje upla\u0107ivati odre\u0111enu svotu <span class=\"iwg-fachbegriff\" data-tooltip=\"Gra\u0111evina posve\u0107ena \u0161tovanju jednog ili vi\u0161e bo\u017eanstava.\" tabindex=\"0\">hramu<\/span>; tre\u0107ina svakog ratnog plijena predavala se Sventovidu.<\/p><p><span class=\"iwg-fachbegriff\" data-tooltip=\"Gra\u0111evina posve\u0107ena \u0161tovanju jednog ili vi\u0161e bo\u017eanstava.\" tabindex=\"0\">Hram<\/span> je imao vlastite vojnike i konjicu (prema Saxu tri stotine konjanika), koji su bili pod vrhovnom zapovijedi velikog sve\u0107enika. Ova vojno-religijska povezanost jedinstvena je zna\u010dajka polabsko-slavenske religije i pokazuje koliko je Sventovid nadi\u0161ao ulogu obi\u010dnog plemenskog boga.<\/p>\t\t\t\t\t\t\t\t<\/div>\n\t\t\t\t<\/div>\n\t\t<div class=\"elementor-element elementor-element-5f28234 e-con-full e-flex e-con e-child\" data-id=\"5f28234\" data-element_type=\"container\" data-e-type=\"container\">\n\t\t\t\t<div class=\"elementor-element elementor-element-d2a127a elementor-widget elementor-widget-heading\" data-id=\"d2a127a\" data-element_type=\"widget\" data-e-type=\"widget\" data-widget_type=\"heading.default\">\n\t\t\t\t\t<h2 class=\"elementor-heading-title elementor-size-default\">Uni\u0161tenje Arkone 1168.<\/h2>\t\t\t\t<\/div>\n\t\t\t\t<div class=\"elementor-element elementor-element-8a7f284 elementor-widget elementor-widget-text-editor\" data-id=\"8a7f284\" data-element_type=\"widget\" data-e-type=\"widget\" data-widget_type=\"text-editor.default\">\n\t\t\t\t\t\t\t\t\t<p>Prilikom danskog osvajanja pod kraljem Valdemarom I. i biskupom Absalonom Roskildskim u lipnju 1168. godine Arkona je opsjednuta i nakon kratke obrane osvojena. Saxo Grammaticus, \u010diji se izvje\u0161taj temelji na svjedo\u010danstvima Absalona iz prve ruke, opisuje uni\u0161tenje statue: sru\u0161ena je, isje\u010dena na komade i spaljena.<\/p><p>Riznica je oplja\u010dkana, a hramski okrug razoren. Rani su na mjestu prisilno pokr\u0161teni; podru\u010dje je stavljeno pod nadle\u017enost biskupije Roskilde i uklopljeno u dansko vladaju\u0107e podru\u010dje. Tim uni\u0161tenjem slu\u017ebeno je okon\u010dana poganska religija na R\u00fcgenu, iako su narodni obredi i <span class=\"iwg-fachbegriff\" data-tooltip=\"Prenesena narodna kultura s obi\u010dajima, pripovijestima i pjesmama.\" tabindex=\"0\">folklor<\/span> jo\u0161 dugo \u017eivjeli dalje.<\/p>\t\t\t\t\t\t\t\t<\/div>\n\t\t\t\t<\/div>\n\t\t<div class=\"elementor-element elementor-element-f94f7f9 e-con-full e-flex e-con e-child\" data-id=\"f94f7f9\" data-element_type=\"container\" data-e-type=\"container\">\n\t\t\t\t<div class=\"elementor-element elementor-element-7f7a1d9 elementor-widget elementor-widget-heading\" data-id=\"7f7a1d9\" data-element_type=\"widget\" data-e-type=\"widget\" data-widget_type=\"heading.default\">\n\t\t\t\t\t<h2 class=\"elementor-heading-title elementor-size-default\">Religijskopovijesno mjesto i identitet<\/h2>\t\t\t\t<\/div>\n\t\t\t\t<div class=\"elementor-element elementor-element-c5122d9 elementor-widget elementor-widget-text-editor\" data-id=\"c5122d9\" data-element_type=\"widget\" data-e-type=\"widget\" data-widget_type=\"text-editor.default\">\n\t\t\t\t\t\t\t\t\t<p>Sventovid je u istra\u017eivanjima opetovano dovo\u0111en u vezu s drugim slavenskim bogovima. Helmold iz Bosaua isti\u010de njegov nadre\u0111eni polo\u017eaj nad drugim bogovima, \u0161to govori u prilog henoteisti\u010dkoj strukturi ranskog panteona: jedan vrhovni bog s podre\u0111enim polubogovima.<\/p><p><span data-nosnippet>Aleksander Br\u00fcckner smatrao je Sventovida regionalnom varijantom op\u0107eslavenskog gromovnika Peruna, \u0161to dana\u0161nja istra\u017eivanja u velikoj mjeri odbacuju. Aleksander Gieysztor (\u00abMitologia S\u0142owian\u00bb, 1982.) vidio je u Sventovidu samostalno vrhovno bo\u017eanstvo balti\u010dkih Slavena s kosmolo\u0161kom funkcijom, koju ozna\u010dava njegova \u010detverolikost.<\/span><\/p>\n<p><span data-nosnippet>Ji\u0159\u00ed Dynda predlo\u017eio je 2014. godine da se Sventovid tuma\u010di kao balti\u010dko-slavenska prilagodba \u0161ire rasprostranjenog indoeuropskog \u00abboga svjetonazora\u00bb, \u010dija \u010detverolikost simbolizira kozmi\u010dko gledanje. Strukturalne paralele nalaze se u hetitskom hatijskom <span class=\"iwg-fachbegriff\" data-tooltip=\"Ukupnost bogova jedne religije ili kulture.\" tabindex=\"0\">panteonu<\/span> i u hinduisti\u010dkom Brahmi, koji je tako\u0111er prikazan s \u010detiri lica. Ova tipolo\u0161ka usporedba ostaje, me\u0111utim, hipotetska.<\/span><\/p>\t\t\t\t\t\t\t\t<\/div>\n\t\t\t\t<\/div>\n\t\t<div class=\"elementor-element elementor-element-ea0bae3 e-con-full e-flex e-con e-child\" data-id=\"ea0bae3\" data-element_type=\"container\" data-e-type=\"container\">\n\t\t\t\t<div class=\"elementor-element elementor-element-b5e2d9a elementor-widget elementor-widget-heading\" data-id=\"b5e2d9a\" data-element_type=\"widget\" data-e-type=\"widget\" data-widget_type=\"heading.default\">\n\t\t\t\t\t<h2 class=\"elementor-heading-title elementor-size-default\">Etimologija<\/h2>\t\t\t\t<\/div>\n\t\t\t\t<div class=\"elementor-element elementor-element-d9c3b25 elementor-widget elementor-widget-text-editor\" data-id=\"d9c3b25\" data-element_type=\"widget\" data-e-type=\"widget\" data-widget_type=\"text-editor.default\">\n\t\t\t\t\t\t\t\t\t<p>Ime \u00abSventovit\u00bb sastavljeno je od praslavenskog \u00absv\u0119t\u044a\u00bb (<span class=\"iwg-fachbegriff\" data-tooltip=\"Ono \u0161to pripada bo\u017eanskome i time je izuzeto iz svakodnevne uporabe.\" tabindex=\"0\">svet<\/span>) i \u00abvit\u044a\u00bb (gospodar, pobjednik ili svjetlosna pojava). Zna\u010denje bi prema tome bilo \u00abSveti gospodar\u00bb ili \u00ab<span class=\"iwg-fachbegriff\" data-tooltip=\"Ono \u0161to pripada bo\u017eanskome i time je izuzeto iz svakodnevne uporabe.\" tabindex=\"0\">sveto<\/span>-blistavi\u00bb. Je li druga sastavnica povezana sa staroruskim \u00abvit\u00bb (vidjeti, gledati), \u0161to bi dodatno motiviralo \u010detverolikost, jezikoslovno je predmet raspre.<\/p><p>Kasnija isto\u010dnoslavenska <span class=\"iwg-fachbegriff\" data-tooltip=\"Preno\u0161enje znanja i pripovijesti kroz generacije.\" tabindex=\"0\">predaja<\/span> spojila je ime sa svetim Vidom (Vitusom); ostrvo R\u00fcgen i grad Sveti Vid (Slovenija, Hrvatska) povezuju kr\u0161\u0107anskog sveca sa starim bogom na sinkretisti\u010dki na\u010din.<\/p>\t\t\t\t\t\t\t\t<\/div>\n\t\t\t\t<\/div>\n\t\t<div class=\"elementor-element elementor-element-4b68bda e-con-full e-flex e-con e-child\" data-id=\"4b68bda\" data-element_type=\"container\" data-e-type=\"container\">\n\t\t\t\t<div class=\"elementor-element elementor-element-76e0f0b elementor-widget elementor-widget-heading\" data-id=\"76e0f0b\" data-element_type=\"widget\" data-e-type=\"widget\" data-widget_type=\"heading.default\">\n\t\t\t\t\t<h2 class=\"elementor-heading-title elementor-size-default\">Naknadni odjek<\/h2>\t\t\t\t<\/div>\n\t\t\t\t<div class=\"elementor-element elementor-element-54cb4d0 elementor-widget elementor-widget-text-editor\" data-id=\"54cb4d0\" data-element_type=\"widget\" data-e-type=\"widget\" data-widget_type=\"text-editor.default\">\n\t\t\t\t\t\t\t\t\t<p>Nakon razaranja Arkone slu\u017ebeni <span class=\"iwg-fachbegriff\" data-tooltip=\"Ukupnost religijskih obreda \u0161tovanja neke bo\u017eice, boga ili svetog bi\u0107a.\" tabindex=\"0\">kult<\/span> Sventovida potpuno je nestao. Tragovi u narodnom predanju su rijetki, ali postoje: nekoliko rugijskih predaja o \u00abSwantewitu\u00bb na Witowskom brdu, pri\u010de o potonulim <span class=\"iwg-fachbegriff\" data-tooltip=\"Gra\u0111evina namijenjena \u0161tovanju jednog ili vi\u0161e bo\u017eanstava.\" tabindex=\"0\">hramovima<\/span> i o bijelom konju iz poganskih vremena.<\/p><p>U 19. stolje\u0107u Sventovid je postao identifikacijska figura poljske i \u010de\u0161ke romantike; Aleksander Br\u00fcckner, Joseph Koll\u00e1r i drugi panslavenski mislioci pozivali su se na njega kao na <span class=\"iwg-fachbegriff\" data-tooltip=\"Znak koji predstavlja neku zamisao ili zna\u010denje.\" tabindex=\"0\">simbol<\/span> samostalne slavenske visoke kulture.<\/p>\n<p>Danas je Arkona arheolo\u0161ki park, ostaci grada dostupni su posjetiteljima, a sam <span class=\"iwg-fachbegriff\" data-tooltip=\"Gra\u0111evina namijenjena \u0161tovanju jednog ili vi\u0161e bo\u017eanstava.\" tabindex=\"0\">hram<\/span> mogu\u0107e je rekonstruirati samo na temelju temelja i nalaza. U suvremenom rodnoverskom i neopaganskom pokretu srednje i isto\u010dne Europe Sventovid ima va\u017enu ulogu kao rekonstruirani vrhovni bog; ovo suvremeno \u0161tovanje je, gledano religijskopovijesno, novokonstrukcija.<\/p>\t\t\t\t\t\t\t\t<\/div>\n\t\t\t\t<\/div>\n\t\t<div class=\"elementor-element elementor-element-d924bdf e-con-full e-flex e-con e-child\" data-id=\"d924bdf\" data-element_type=\"container\" data-e-type=\"container\">\n\t\t\t\t<div class=\"elementor-element elementor-element-891430a elementor-widget elementor-widget-heading\" data-id=\"891430a\" data-element_type=\"widget\" data-e-type=\"widget\" data-widget_type=\"heading.default\">\n\t\t\t\t\t<h2 class=\"elementor-heading-title elementor-size-default\">Izvori<\/h2>\t\t\t\t<\/div>\n\t\t\t\t<div class=\"elementor-element elementor-element-e816673 elementor-widget elementor-widget-text-editor\" data-id=\"e816673\" data-element_type=\"widget\" data-e-type=\"widget\" data-widget_type=\"text-editor.default\">\n\t\t\t\t\t\t\t\t\t<footer class=\"iwg-literatur\"><p><span data-nosnippet>Saxo Grammaticus, \u00abGesta Danorum\u00bb, knjiga XIV (oko 1200.), kriti\u010dko izdanje Karsten Friis-Jensen, Oxford 2015. Helmold od Bosaua, \u00abChronica Slavorum\u00bb (oko 1170.), prijevod Heinz Stoob, Darmstadt 1963. \u00abKnytlinga saga\u00bb (13. stolje\u0107e). Adam Bremenski, \u00abGesta Hammaburgensis ecclesiae pontificum\u00bb (1075.). Thietmar od Merseburga, \u00abChronicon\u00bb (po\u010detak 11. stolje\u0107a). Danski anali 12. i 13. stolje\u0107a.<\/span><\/p>\n<ul><li><span data-nosnippet>Carl Schuchhardt, \u00abArkona, Rethra, Vineta\u00bb, Berlin 1926.<\/span><\/li><li><span data-nosnippet>Joachim Herrmann, \u00abDie Slawen in Deutschland\u00bb, Berlin 1985.<\/span><\/li><li><span data-nosnippet>Joachim Herrmann (ur.), \u00abSlawische Burgen in Deutschland\u00bb, Berlin 1976.<\/span><\/li><li><span data-nosnippet>Aleksander Br\u00fcckner, \u00abMitologia s\u0142owia\u0144ska\u00bb, Krakov 1918.<\/span><\/li><li><span data-nosnippet>Aleksander Gieysztor, \u00abMitologia S\u0142owian\u00bb, Var\u0161ava 1982.<\/span><\/li><li><span data-nosnippet>Henryk \u0141owmia\u0144ski, \u00abReligia S\u0142owian i jej upadek\u00bb, Var\u0161ava 1979.<\/span><\/li><li><span data-nosnippet>Vladimir Toporov i Vja\u010deslav Ivanov, \u00abIssledovaniya v oblasti slavyanskikh drevnostey\u00bb, Moskva 1974.<\/span><\/li><li><span data-nosnippet>Ji\u0159\u00ed Dynda, \u00abThe Four-Faced God: Slavic Cosmology Reconsidered\u00bb, Studia Mythologica Slavica 17, 2014.<\/span><\/li><li><span data-nosnippet>Leszek S\u0142upecki, \u00abSlavonic <span class=\"iwg-fachbegriff\" data-tooltip=\"Istozna\u010dno s poganski; pripadanje predkr\u0161\u0107anskoj religiji.\" tabindex=\"0\">Pagan<\/span> Sanctuaries\u00bb, Var\u0161ava 1994.<\/span><\/li><\/ul><\/footer>\t\t\t\t\t\t\t\t<\/div>\n\t\t\t\t<\/div>\n\t\t<div class=\"elementor-element elementor-element-65c12ca e-con-full e-flex e-con e-child\" data-id=\"65c12ca\" data-element_type=\"container\" data-e-type=\"container\">\n\t\t\t\t<div class=\"elementor-element elementor-element-87486b7 elementor-widget elementor-widget-heading\" data-id=\"87486b7\" data-element_type=\"widget\" data-e-type=\"widget\" data-widget_type=\"heading.default\">\n\t\t\t\t\t<h2 class=\"elementor-heading-title elementor-size-default\">Povijest izvora: Saxo i Helmold<\/h2>\t\t\t\t<\/div>\n\t\t\t\t<div class=\"elementor-element elementor-element-c1a8290 elementor-widget elementor-widget-text-editor\" data-id=\"c1a8290\" data-element_type=\"widget\" data-e-type=\"widget\" data-widget_type=\"text-editor.default\">\n\t\t\t\t\t\t\t\t\t<p>\u00abGesta Danorum\u00bb Saxa Grammaticusa najva\u017eniji je, ali ne bezproblemati\u010dan izvor za Sventovida. Saxo je bio dvorski sve\u0107enik biskupa Absalona od Roskildea, koji je vojno vodio osvajanje Arkone. Njegov opis hrama i kultne prakse temelji se izravno na svjedo\u010danstvima danskih pobjednika.<\/p><p>Ipak, Saxovo izvje\u0161\u0107e u cijelosti je obilje\u017eeno kr\u0161\u0107ansko-polemi\u010dkom tendencijom: poganska religija prikazana je kao zabludna, glupa i \u0111avolska, a njeni obredi kao praznovjerje. Znanstvena analiza mora kriti\u010dki uzeti u obzir tu tendenciju i poku\u0161ati odvojiti polemi\u010dke naslage od etnografskih \u010dinjenica.<\/p>\n<p>\u00abChronica Slavorum\u00bb Helmolda od Bosaua (oko 1170.) drugi je glavni izvor, pisan iz perspektive sjevernonjema\u010dke misije me\u0111u Slavenima. Helmold je bio sve\u0107enik u Bosauu u Holsteinu i radio je za misionarski aktivnog biskupa L\u00fcbecka.<\/p><p>Njegov opis Sventovida tako\u0111er je kr\u0161\u0107anski obojen, ali sadr\u017ei vrijedne pojedinosti o polo\u017eaju boga u ranskom <span class=\"iwg-fachbegriff\" data-tooltip=\"Ukupnost bogova neke religije ili kulture.\" tabindex=\"0\">panteonu<\/span> i o kultnoj praksi.<\/p><p>Helmold isti\u010de da su Rani smatrali Sventovida \u00abvrhovnim bogom\u00bb i da su mu, prije svih drugih bogova, prinosili <span class=\"iwg-fachbegriff\" data-tooltip=\"Dar bo\u017eanstvu kojim se izra\u017eava zahvala, molba ili \u0161tovanje.\" tabindex=\"0\">\u017ertve<\/span>. Ova henoteisti\u010dka karakterizacija povijesno je zna\u010dajna i mo\u017eda razlikuje ranski <span class=\"iwg-fachbegriff\" data-tooltip=\"Ukupnost bogova neke religije ili kulture.\" tabindex=\"0\">panteon<\/span> od politeisti\u010dkog isto\u010dnoslavenskog <span class=\"iwg-fachbegriff\" data-tooltip=\"Ukupnost bogova neke religije ili kulture.\" tabindex=\"0\">panteona<\/span> Kijevske Rusije.<\/p>\t\t\t\t\t\t\t\t<\/div>\n\t\t\t\t<\/div>\n\t\t<div class=\"elementor-element elementor-element-e306f95 e-con-full e-flex e-con e-child\" data-id=\"e306f95\" data-element_type=\"container\" data-e-type=\"container\">\n\t\t\t\t<div class=\"elementor-element elementor-element-5bec20f elementor-widget elementor-widget-heading\" data-id=\"5bec20f\" data-element_type=\"widget\" data-e-type=\"widget\" data-widget_type=\"heading.default\">\n\t\t\t\t\t<h2 class=\"elementor-heading-title elementor-size-default\">Arheolo\u0161ko istra\u017eivanje Arkone<\/h2>\t\t\t\t<\/div>\n\t\t\t\t<div class=\"elementor-element elementor-element-7b1f075 elementor-widget elementor-widget-text-editor\" data-id=\"7b1f075\" data-element_type=\"widget\" data-e-type=\"widget\" data-widget_type=\"text-editor.default\">\n\t\t\t\t\t\t\t\t\t<p><span data-nosnippet>Arheolo\u0161ko istra\u017eivanje Arkone zapo\u010delo je ve\u0107 u 19. stolje\u0107u prvim iskopavanjima. Glavni posao obavio je Carl Schuchhardt izme\u0111u 1921. i 1925. godine, \u010dije djelo \u00abArkona, Rethra, Vineta\u00bb (Berlin 1926.) do danas predstavlja va\u017enu referencu.<\/span><\/p><p>Schuchhardt je identificirao ostatke bedema, izmjerio prostor utvrde i otkrio temelje nekoliko drvenih gra\u0111evina. Zbog erozije strme obale velik dio nekada\u0161nje utvrde ve\u0107 je tada bio odlomljen i potonuo u more.<\/p>\n<p><span data-nosnippet>Drugo veliko razdoblje iskopavanja, pod vodstvom Joachima Herrmanna izme\u0111u 1962. i 1971. godine, donijelo je dodatne nalaze i preciznije razra\u0111enu stratigrafiju. Herrmannove publikacije (\u00abDie Slawen in Deutschland\u00bb, Berlin 1985.; \u00abSlawische Burgen in Deutschland\u00bb, Berlin 1976.) i danas su temeljno djelo baltoslavenske <span class=\"iwg-fachbegriff\" data-tooltip=\"Znanost koja prou\u010dava pro\u0161le kulture na temelju materijalnih nalaza.\" tabindex=\"0\">arheologije<\/span>.<\/span><\/p><p>Time je Saxov opis hrama u osnovnim crtama potvr\u0111en, uz nalaze koji dokazuju pravokutnu gra\u0111evinu i unutarnje sveti\u0161te koje je opisao Saxo.<\/p>\n<p>Erozija obale kontinuirano se nastavlja. Danas (stanje iz 2020-ih godina) sa\u010duvano je jo\u0161 samo oko 60 posto izvorne utvrde; preostalih 40 posto potonulo je u more u posljednja dva stolje\u0107a. Potpuna rekonstrukcija time nije mogu\u0107a; dana\u0161nje spoznaje uvelike se temelje na nalazima Schuchhardta i Herrmanna.<\/p>\t\t\t\t\t\t\t\t<\/div>\n\t\t\t\t<\/div>\n\t\t<div class=\"elementor-element elementor-element-38b53ee e-con-full e-flex e-con e-child\" data-id=\"38b53ee\" data-element_type=\"container\" data-e-type=\"container\">\n\t\t\t\t<div class=\"elementor-element elementor-element-dcb40b4 elementor-widget elementor-widget-heading\" data-id=\"dcb40b4\" data-element_type=\"widget\" data-e-type=\"widget\" data-widget_type=\"heading.default\">\n\t\t\t\t\t<h2 class=\"elementor-heading-title elementor-size-default\">Zbru\u010dki idol i ikonografija \u010detverolica bogova<\/h2>\t\t\t\t<\/div>\n\t\t\t\t<div class=\"elementor-element elementor-element-b7c3e21 elementor-widget elementor-widget-text-editor\" data-id=\"b7c3e21\" data-element_type=\"widget\" data-e-type=\"widget\" data-widget_type=\"text-editor.default\">\n\t\t\t\t\t\t\t\t\t<p>Najva\u017eniji predmet usporedbe sa statuom Sventovida je Zbru\u010dki <span class=\"iwg-fachbegriff\" data-tooltip=\"Slika ili kip koji se \u0161tuje kao bo\u017eanski.\" tabindex=\"0\">idol<\/span>, kamen vapnena\u010dki stup s \u010detverolikim bo\u017eanskim <span class=\"iwg-fachbegriff\" data-tooltip=\"Plasti\u010dno izdignut prikaz izra\u0111en iz plohe.\" tabindex=\"0\">reljefom<\/span>, koji je 1848. godine otkriven u rijeci Zbru\u010d u Galiciji (danas Ukrajina).<\/p><p><span class=\"iwg-fachbegriff\" data-tooltip=\"Slika ili kip koji se \u0161tuje kao bo\u017eanski.\" tabindex=\"0\">Idol<\/span> je visok oko 2,67 metara i na svakoj od svoje \u010detiri strane prikazuje razli\u010dite bo\u017eanske reljefe raspore\u0111ene u tri razine jednu iznad druge. Na kockastoj glavi nalaze se \u010detiri lica koja podsje\u0107aju na Saxov opis Sventovida.<\/p>\n<p>Identifikacija pojedinih reljefa s konkretnim slavenskim bogovima je predmet spora. Boris Rybakov je poku\u0161ao sve prikazane figure identificirati s poznatim bogovima (Perun, Moko\u0161, Lada, Da\u017ebog), no te identifikacije nisu uvjerljivo potkrijepljene.<\/p><p><span data-nosnippet>Sigurna je samo formalna srodnost \u010detverolike kompozicije s Saxovim opisom. Leszek S\u0142upecki je u djelu \u00abSlavonic <span class=\"iwg-fachbegriff\" data-tooltip=\"Istozna\u010dno s paganski; pripadanje predkr\u0161\u0107anskoj religiji.\" tabindex=\"0\">Pagan<\/span> Sanctuaries\u00bb (Var\u0161ava 1994.) usporedno analizirao Zbru\u010dki <span class=\"iwg-fachbegriff\" data-tooltip=\"Slika ili kip koji se \u0161tuje kao bo\u017eanski.\" tabindex=\"0\">idol<\/span> i druge slavenske bo\u017eanske idole te ukazao na op\u0107e zna\u010denje vi\u0161eglavosti za slavensku bo\u017eansku <span class=\"iwg-fachbegriff\" data-tooltip=\"Nauka o slikovnim sadr\u017eajima i njihovu zna\u010denju.\" tabindex=\"0\">ikonografiju<\/span>.<\/span><\/p>\t\t\t\t\t\t\t\t<\/div>\n\t\t\t\t<\/div>\n\t\t<div class=\"elementor-element elementor-element-44c1ed8 e-con-full e-flex e-con e-child\" data-id=\"44c1ed8\" data-element_type=\"container\" data-e-type=\"container\">\n\t\t\t\t<div class=\"elementor-element elementor-element-fb9ac7e elementor-widget elementor-widget-heading\" data-id=\"fb9ac7e\" data-element_type=\"widget\" data-e-type=\"widget\" data-widget_type=\"heading.default\">\n\t\t\t\t\t<h2 class=\"elementor-heading-title elementor-size-default\">Drugi vi\u0161eglavi bogovi balti\u010dkih Slavena<\/h2>\t\t\t\t<\/div>\n\t\t\t\t<div class=\"elementor-element elementor-element-9d16e33 elementor-widget elementor-widget-text-editor\" data-id=\"9d16e33\" data-element_type=\"widget\" data-e-type=\"widget\" data-widget_type=\"text-editor.default\">\n\t\t\t\t\t\t\t\t\t<p>Osim Sventovida, balti\u010dki Slaveni \u0161tovali su i druge vi\u0161eglave bogove. Triglav (troglavi) \u0161tovan je u Stettinu (danas Szczecin) i u Brandenburgu; njegovo glavno kultno mjesto u Stettinu uni\u0161tio je u 12. stolje\u0107u biskup Otto od Bamberg\u0430.<\/p><p>Svaro\u017ei\u0107 (sin Svaroga) imao je <span class=\"iwg-fachbegriff\" data-tooltip=\"Sveto mjesto posve\u0107eno \u0161tovanju bo\u017eanstva.\" tabindex=\"0\">sveti\u0161te<\/span> u Retri (mogu\u0107e u dana\u0161njem Mecklenburgu), koje opisuju Adam Bremenski i Thietmar iz Merseburga. Rugievit (sedmoglavi) i Porevit (peteroglavi) tako\u0111er su bili \u0161tovani na R\u00fcgenu, u Garzu ili Charenzi, a njihova sveti\u0161ta uni\u0161tena su 1168. godine istovremeno s Arkonom.<\/p>\n<p>Visoka koncentracija vi\u0161eglavih bogova kod balti\u010dkih Slavena posebnost je te regije. Isto\u010dnoslavenska tradicija ne poznaje usporedivu vi\u0161eglavost; Vladimirov <span class=\"iwg-fachbegriff\" data-tooltip=\"Skup svih bogova jedne religije ili kulture.\" tabindex=\"0\">panteon<\/span> Kijevske Rusije prikazuje jednoglave bogove. Vi\u0161eglavost je time zapadnoslavensko-balti\u010dka posebnost, koju treba religijsko-povijesno tuma\u010diti kao vlastitu tradiciju.<\/p>\t\t\t\t\t\t\t\t<\/div>\n\t\t\t\t<\/div>\n\t\t<div class=\"elementor-element elementor-element-a696ddb e-con-full e-flex e-con e-child\" data-id=\"a696ddb\" data-element_type=\"container\" data-e-type=\"container\">\n\t\t\t\t<div class=\"elementor-element elementor-element-5e2b95b elementor-widget elementor-widget-heading\" data-id=\"5e2b95b\" data-element_type=\"widget\" data-e-type=\"widget\" data-widget_type=\"heading.default\">\n\t\t\t\t\t<h2 class=\"elementor-heading-title elementor-size-default\">Tradicija konjskog proro\u010di\u0161ta<\/h2>\t\t\t\t<\/div>\n\t\t\t\t<div class=\"elementor-element elementor-element-42259d6 elementor-widget elementor-widget-text-editor\" data-id=\"42259d6\" data-element_type=\"widget\" data-e-type=\"widget\" data-widget_type=\"text-editor.default\">\n\t\t\t\t\t\t\t\t\t<p><span class=\"iwg-fachbegriff\" data-tooltip=\"Mjesto ili ustanova gdje se tra\u017ei bo\u017eanska odluka.\" tabindex=\"0\">Proro\u010di\u0161te<\/span> konja u Arkoni povijesno je posebno zanimljivo jer nastavlja indoeuropsku tradiciju potvr\u0111enu u brojnim drugim kulturama.<\/p><p>Tacit u djelu \u00abGermania\u00bb, poglavlje 10, opisuje sli\u010dno konjsko <span class=\"iwg-fachbegriff\" data-tooltip=\"Mjesto ili ustanova gdje se tra\u017ei bo\u017eanska odluka.\" tabindex=\"0\">proro\u010di\u0161te<\/span> Germana: sveti bijeli konji su se ispitivali prilikom izbora kraljeva i odluka o ratu, a njihovo kretanje preko prekri\u017eenih kopalja tuma\u010dilo se kao znak. Sli\u010dna konjska <span class=\"iwg-fachbegriff\" data-tooltip=\"Mjesto ili ustanova gdje se tra\u017ei bo\u017eanska odluka.\" tabindex=\"0\">proro\u010di\u0161ta<\/span> potvr\u0111ena su i kod Skita, kod hetitskih te kod perzijskih magova.<\/p>\n<p>Hipomantija (konjsko <span class=\"iwg-fachbegriff\" data-tooltip=\"Tuma\u010denje znakova radi otkrivanja skrivenog ili budu\u0107eg.\" tabindex=\"0\">proricanje<\/span>) jedna je od najstarijih indoeuropskih religijskih tehnika. Vladimir Toporov je ovu tradiciju sustavno analizirao u okviru indoeuropske komparativne <span class=\"iwg-fachbegriff\" data-tooltip=\"Skup svih predanih pripovijesti o bogovima jedne kulture.\" tabindex=\"0\">mitologije<\/span> i ukazao na njezino zna\u010denje za izbor kraljeva i odluke o ratu u indoeuropskim dru\u0161tvima.<\/p><p>Sventovidovo <span class=\"iwg-fachbegriff\" data-tooltip=\"Mjesto ili ustanova gdje se tra\u017ei bo\u017eanska odluka.\" tabindex=\"0\">proro\u010di\u0161te<\/span> u Arkoni dakle nije izolirana pojava, ve\u0107 kasna i posebno dobro dokumentirana verzija \u0161iroko rasprostranjenog religijskog kompleksa.<\/p>\t\t\t\t\t\t\t\t<\/div>\n\t\t\t\t<\/div>\n\t\t<div class=\"elementor-element elementor-element-ccc5cf3 e-con-full e-flex e-con e-child\" data-id=\"ccc5cf3\" data-element_type=\"container\" data-e-type=\"container\">\n\t\t\t\t<div class=\"elementor-element elementor-element-43f48d5 elementor-widget elementor-widget-heading\" data-id=\"43f48d5\" data-element_type=\"widget\" data-e-type=\"widget\" data-widget_type=\"heading.default\">\n\t\t\t\t\t<h2 class=\"elementor-heading-title elementor-size-default\">Gospodarska i politi\u010dka va\u017enost Arkone<\/h2>\t\t\t\t<\/div>\n\t\t\t\t<div class=\"elementor-element elementor-element-513f951 elementor-widget elementor-widget-text-editor\" data-id=\"513f951\" data-element_type=\"widget\" data-e-type=\"widget\" data-widget_type=\"text-editor.default\">\n\t\t\t\t\t\t\t\t\t<p>Arkona nije bila samo religijsko sredi\u0161te, ve\u0107 i gospodarska i politi\u010dka sila prvog reda na zapadnom Baltiku. Rani, slavensko pleme koje je nastanjivalo otok R\u00fcgen, bavili su se dalekose\u017enom pomorskom trgovinom i kontrolirali balti\u010dku trgovinu ambrom.<\/p><p>Hramsko blago Arkone bilo je toliko legendarno da o njemu govore i njema\u010dki i danski izvori. Saxo opisuje ogromne koli\u010dine zlata, srebra, tkanina i dragulj\u0430 koji su se kao danak, ratna plja\u010dka ili darovi \u010duvali u blagajni.<\/p>\n<p><span class=\"iwg-fachbegriff\" data-tooltip=\"Gra\u0111evina namijenjena \u0161tovanju jednog ili vi\u0161e bo\u017eanstava.\" tabindex=\"0\">Hram<\/span> je imao svoje vlastite vojnike i konjicu (tristo konjanika prema Saxu), koji su bili pod vrhovnim zapovjedni\u0161tvom velikog sve\u0107enika i vodili ratne pohode u ime boga.<\/p><p>Ova vojno-religijska povezanost jedinstvena je u slavenskom prostoru i podsje\u0107a prije na <span class=\"iwg-fachbegriff\" data-tooltip=\"Gra\u0111evina namijenjena \u0161tovanju jednog ili vi\u0161e bo\u017eanstava.\" tabindex=\"0\">hramske<\/span> dr\u017eave staroisto\u010dnih visokih kultura (Sumer, Babilon) nego na <span class=\"iwg-fachbegriff\" data-tooltip=\"Skup svih bogova jedne religije ili kulture.\" tabindex=\"0\">panteonske<\/span> strukture ostatka indoeuropskog svijeta. To Arkonu \u010dini religijsko-povijesno posebno interesantnim slu\u010dajem.<\/p>\t\t\t\t\t\t\t\t<\/div>\n\t\t\t\t<\/div>\n\t\t<div class=\"elementor-element elementor-element-962925c e-con-full e-flex e-con e-child\" data-id=\"962925c\" data-element_type=\"container\" data-e-type=\"container\">\n\t\t\t\t<div class=\"elementor-element elementor-element-7c896b7 elementor-widget elementor-widget-heading\" data-id=\"7c896b7\" data-element_type=\"widget\" data-e-type=\"widget\" data-widget_type=\"heading.default\">\n\t\t\t\t\t<h2 class=\"elementor-heading-title elementor-size-default\">Uni\u0161tenje i njegove dugoro\u010dne posljedice<\/h2>\t\t\t\t<\/div>\n\t\t\t\t<div class=\"elementor-element elementor-element-472d6f4 elementor-widget elementor-widget-text-editor\" data-id=\"472d6f4\" data-element_type=\"widget\" data-e-type=\"widget\" data-widget_type=\"text-editor.default\">\n\t\t\t\t\t\t\t\t\t<p>Uni\u0161tenje Arkone 15. lipnja 1168. od strane dansko-pomorske vojske pod vodstvom Valdemara I. i biskupa Absalona ozna\u010dilo je kona\u010dan kraj poganske religije na podru\u010dju Balti\u010dkog mora.<\/p><p>Dok su drugi zapadnoslavenski bogovi (Triglav u Szczecinu, Svaro\u017ei\u0107 u Retri) nestali ve\u0107 desetlje\u0107ima ranije, Arkona je bila posljednja velika poganska utvrda srednje Europe. Njeno uni\u0161tenje u danskoj historiografiji tretira se kao prijelomni datum i povijesno predstavlja prekretnicu: uni\u0161tenjem Arkone slavensko-poganska religioznost prestala je postojati kao slu\u017ebena praksa.<\/p>\n<p>U desetlje\u0107ima koja su slijedila ransko stanovni\u0161tvo silom je pokr\u0161teno. Otok R\u00fcgen potpao je pod biskupiju Roskilde, a potom pod biskupiju Schwerin.<\/p><p>Do 15. stolje\u0107a ranski jezik na nekim mjestima jo\u0161 je bio \u017eiv, ali je zatim potpuno nestao u korist njema\u010dkog jezika. Poganska religija sa\u010duvala se u tragovima u nekim narodnim obi\u010dajima, ali vi\u0161e nije imala institucionalizirani oblik.<\/p>\t\t\t\t\t\t\t\t<\/div>\n\t\t\t\t<\/div>\n\t\t<div class=\"elementor-element elementor-element-36bf597 e-con-full e-flex e-con e-child\" data-id=\"36bf597\" data-element_type=\"container\" data-e-type=\"container\">\n\t\t\t\t<div class=\"elementor-element elementor-element-0ab17ea elementor-widget elementor-widget-heading\" data-id=\"0ab17ea\" data-element_type=\"widget\" data-e-type=\"widget\" data-widget_type=\"heading.default\">\n\t\t\t\t\t<h2 class=\"elementor-heading-title elementor-size-default\">Sventovid u suvremenoj percepciji<\/h2>\t\t\t\t<\/div>\n\t\t\t\t<div class=\"elementor-element elementor-element-3dcb598 elementor-widget elementor-widget-text-editor\" data-id=\"3dcb598\" data-element_type=\"widget\" data-e-type=\"widget\" data-widget_type=\"text-editor.default\">\n\t\t\t\t\t\t\t\t\t<p>S pojavom slavenske nacionalne romantike u 19. stolje\u0107u Sventovid je postao identifikacijska figura. \u010ce\u0161ki, poljski i ukrajinski pisci pozivali su se na njega kao na <span class=\"iwg-fachbegriff\" data-tooltip=\"Znak koji predstavlja ideju ili zna\u010denje.\" tabindex=\"0\">simbol<\/span> samostalne slavenske visoke kulture uni\u0161tene njema\u010dkom i danskom ekspanzijom.<\/p><p>Joseph Koll\u00e1r, Aleksander Br\u00fcckner i drugi panslavenski mislioci u svojim su djelima opetovano tematizirali Sventovida. U suvremenom rodnoverskom i neopaganskom pokretu Sventovid je jedno od najva\u017enijih glavnih bo\u017eanstava rekonstruiranog panteona, \u010desto prikazivan kao panslavensko vrhovno bo\u017eanstvo.<\/p>\n<p>Danas je Arkona arheolo\u0161ki park i jedna od najposje\u0107enijih kulturno-povijesnih lokaliteta R\u00fcgena. Svjetionici Kap Arkona stoje na podru\u010dju nekada\u0161njeg poganskog sveti\u0161ta; ostaci gradine djelomi\u010dno su dostupni posjetiteljima. Onaj koji s litice pogleda na Balti\u010dko more gleda mjesto na kojem je 1168. uni\u0161tena posljednja poganska utvrda srednje Europe.<\/p>\t\t\t\t\t\t\t\t<\/div>\n\t\t\t\t<\/div>\n\t\t\t\t\t<\/div>\n\t\t\t\t<\/div>\n\t\t\t\t<\/div>\n\t\t","protected":false},"excerpt":{"rendered":"","protected":false},"author":3,"featured_media":3270,"parent":0,"menu_order":0,"comment_status":"closed","ping_status":"closed","template":"elementor_header_footer","meta":{"_yoast_wpseo_focuskw":"Sventovid","_yoast_wpseo_title":"Sventovid \u2013 vrhovni bog Zapadnih Slavena | iWell Guard","_yoast_wpseo_metadesc":"Sventovid je \u010detveroglavi vrhovni bog Zapadnih Slavena, za\u0161titnik otoka R\u00fcgena i bo\u017eanstvo rata i mira.","_yoast_wpseo_meta-robots-noindex":"","_yoast_wpseo_canonical":"","_angie_page":false,"gefaehrdungsstufe":"","wesen_kultur":"","wesen_klasse":"","footnotes":""},"categories":[],"class_list":["post-149829","page","type-page","status-publish","has-post-thumbnail","hentry"],"yoast_head":"<!-- This site is optimized with the Yoast SEO Premium plugin v27.7 (Yoast SEO v28.3) - https:\/\/yoast.com\/product\/yoast-seo-premium-wordpress\/ -->\n<title>Sventovid \u2013 vrhovni bog Zapadnih Slavena | iWell Guard<\/title>\n<meta name=\"description\" content=\"Sventovid je \u010detveroglavi vrhovni bog Zapadnih Slavena, za\u0161titnik otoka R\u00fcgena i bo\u017eanstvo rata i mira.\" \/>\n<meta name=\"robots\" content=\"index, follow, max-snippet:-1, max-image-preview:large, max-video-preview:-1\" \/>\n<link rel=\"canonical\" href=\"https:\/\/iwell-guard.com\/hr\/sventovid\/\" \/>\n<meta property=\"og:locale\" content=\"hr_HR\" \/>\n<meta property=\"og:type\" content=\"article\" \/>\n<meta property=\"og:title\" content=\"Sventovid\" \/>\n<meta property=\"og:description\" content=\"Sventovid je \u010detveroglavi vrhovni bog Zapadnih Slavena, za\u0161titnik otoka R\u00fcgena i bo\u017eanstvo rata i mira.\" \/>\n<meta property=\"og:url\" content=\"https:\/\/iwell-guard.com\/hr\/sventovid\/\" \/>\n<meta property=\"og:site_name\" content=\"iWell Guard\" \/>\n<meta property=\"article:modified_time\" content=\"2026-09-04T05:33:12+00:00\" \/>\n<meta property=\"og:image\" content=\"https:\/\/iwell-guard.com\/wp-content\/uploads\/2026\/05\/goetter_slawisch_sventovid-1.webp\" \/>\n\t<meta property=\"og:image:width\" content=\"1024\" \/>\n\t<meta property=\"og:image:height\" content=\"1536\" \/>\n\t<meta property=\"og:image:type\" content=\"image\/webp\" \/>\n<meta name=\"twitter:card\" content=\"summary_large_image\" \/>\n<script type=\"application\/ld+json\" class=\"yoast-schema-graph\">{\"@context\":\"https:\\\/\\\/schema.org\",\"@graph\":[{\"@type\":\"WebPage\",\"@id\":\"https:\\\/\\\/iwell-guard.com\\\/hr\\\/sventovid\\\/\",\"url\":\"https:\\\/\\\/iwell-guard.com\\\/hr\\\/sventovid\\\/\",\"name\":\"Sventovid \u2013 vrhovni bog Zapadnih Slavena | iWell Guard\",\"isPartOf\":{\"@id\":\"https:\\\/\\\/iwell-guard.com\\\/hr\\\/#website\"},\"primaryImageOfPage\":{\"@id\":\"https:\\\/\\\/iwell-guard.com\\\/hr\\\/sventovid\\\/#primaryimage\"},\"image\":{\"@id\":\"https:\\\/\\\/iwell-guard.com\\\/hr\\\/sventovid\\\/#primaryimage\"},\"thumbnailUrl\":\"https:\\\/\\\/iwell-guard.com\\\/wp-content\\\/uploads\\\/2026\\\/05\\\/goetter_slawisch_sventovid-1.webp\",\"datePublished\":\"2026-09-04T05:13:50+00:00\",\"dateModified\":\"2026-09-04T05:33:12+00:00\",\"description\":\"Sventovid je \u010detveroglavi vrhovni bog Zapadnih Slavena, za\u0161titnik otoka R\u00fcgena i bo\u017eanstvo rata i mira.\",\"breadcrumb\":{\"@id\":\"https:\\\/\\\/iwell-guard.com\\\/hr\\\/sventovid\\\/#breadcrumb\"},\"inLanguage\":\"hr\",\"potentialAction\":[{\"@type\":\"ReadAction\",\"target\":[\"https:\\\/\\\/iwell-guard.com\\\/hr\\\/sventovid\\\/\"]}]},{\"@type\":\"ImageObject\",\"inLanguage\":\"hr\",\"@id\":\"https:\\\/\\\/iwell-guard.com\\\/hr\\\/sventovid\\\/#primaryimage\",\"url\":\"https:\\\/\\\/iwell-guard.com\\\/wp-content\\\/uploads\\\/2026\\\/05\\\/goetter_slawisch_sventovid-1.webp\",\"contentUrl\":\"https:\\\/\\\/iwell-guard.com\\\/wp-content\\\/uploads\\\/2026\\\/05\\\/goetter_slawisch_sventovid-1.webp\",\"width\":1024,\"height\":1536,\"caption\":\"Bogovi iz slavenske tradicije.\"},{\"@type\":\"BreadcrumbList\",\"@id\":\"https:\\\/\\\/iwell-guard.com\\\/hr\\\/sventovid\\\/#breadcrumb\",\"itemListElement\":[{\"@type\":\"ListItem\",\"position\":1,\"name\":\"Start\",\"item\":\"https:\\\/\\\/iwell-guard.com\\\/hr\\\/?page_id=149317\"},{\"@type\":\"ListItem\",\"position\":2,\"name\":\"Sventovid\"}]},{\"@type\":\"WebSite\",\"@id\":\"https:\\\/\\\/iwell-guard.com\\\/hr\\\/#website\",\"url\":\"https:\\\/\\\/iwell-guard.com\\\/hr\\\/\",\"name\":\"iWell Guard\",\"description\":\"Schutz vor dunklen Einfl\u00fcssen\",\"publisher\":{\"@id\":\"https:\\\/\\\/iwell-guard.com\\\/hr\\\/#organization\"},\"potentialAction\":[{\"@type\":\"SearchAction\",\"target\":{\"@type\":\"EntryPoint\",\"urlTemplate\":\"https:\\\/\\\/iwell-guard.com\\\/hr\\\/?s={search_term_string}\"},\"query-input\":{\"@type\":\"PropertyValueSpecification\",\"valueRequired\":true,\"valueName\":\"search_term_string\"}}],\"inLanguage\":\"hr\"},{\"@type\":\"Organization\",\"@id\":\"https:\\\/\\\/iwell-guard.com\\\/hr\\\/#organization\",\"name\":\"Ittermann electronic GmbH\",\"url\":\"https:\\\/\\\/iwell-guard.com\\\/hr\\\/\",\"logo\":{\"@type\":\"ImageObject\",\"inLanguage\":\"hr\",\"@id\":\"https:\\\/\\\/iwell-guard.com\\\/hr\\\/#\\\/schema\\\/logo\\\/image\\\/\",\"url\":\"https:\\\/\\\/iwell-guard.com\\\/wp-content\\\/uploads\\\/2026\\\/05\\\/Ittermann-Logo-1182x237-1.png\",\"contentUrl\":\"https:\\\/\\\/iwell-guard.com\\\/wp-content\\\/uploads\\\/2026\\\/05\\\/Ittermann-Logo-1182x237-1.png\",\"width\":1182,\"height\":237,\"caption\":\"Ittermann electronic GmbH\"},\"image\":{\"@id\":\"https:\\\/\\\/iwell-guard.com\\\/hr\\\/#\\\/schema\\\/logo\\\/image\\\/\"},\"sameAs\":[\"https:\\\/\\\/pantip.com\\\/profile\\\/9367242\",\"https:\\\/\\\/micro.blog\\\/iwellguard\",\"https:\\\/\\\/www.diggerslist.com\\\/iwellguard\\\/about\",\"https:\\\/\\\/skitterphoto.com\\\/photographers\\\/2870314\\\/iwell-guard\",\"https:\\\/\\\/iwellguard.wordpress.com\\\/2026\\\/06\\\/06\\\/iwell-guard\\\/\",\"https:\\\/\\\/hub.docker.com\\\/u\\\/iwellguard\",\"https:\\\/\\\/www.pinterest.com\\\/iwellguard\\\/\",\"https:\\\/\\\/bit.ly\\\/m\\\/iwellguard\",\"https:\\\/\\\/entre-vos-mains.alsace.eu\\\/profiles\\\/iwellguard\\\/activity\",\"https:\\\/\\\/gravatar.com\\\/reallybeded8fd34\",\"https:\\\/\\\/naijamatta.com\\\/iwellguard\",\"https:\\\/\\\/www.goodreads.com\\\/iwellguard\",\"https:\\\/\\\/profile.hatena.ne.jp\\\/iwellguard\\\/\",\"https:\\\/\\\/experiment.com\\\/users\\\/iwellguard\",\"https:\\\/\\\/wakelet.com\\\/@iWellGuard82270\",\"https:\\\/\\\/www.chordie.com\\\/forum\\\/profile.php?id=2555664\",\"https:\\\/\\\/www.instapaper.com\\\/p\\\/17757966\",\"https:\\\/\\\/www.mapleprimes.com\\\/users\\\/iwellguard\",\"https:\\\/\\\/businesslistingplus.com\\\/profile\\\/iwell-guard\\\/\",\"https:\\\/\\\/telegra.ph\\\/iWell-Guard-06-06\",\"https:\\\/\\\/pbase.com\\\/iwellguard\\\/iwellguard\",\"https:\\\/\\\/b.hatena.ne.jp\\\/iwellguard\\\/20260607#bookmark-4788405196491818882\",\"https:\\\/\\\/fliphtml5.com\\\/home\\\/iwellguard\",\"https:\\\/\\\/anyflip.com\\\/homepage\\\/cmiwl#About\",\"https:\\\/\\\/transfur.com\\\/Users\\\/iwellguard\",\"http:\\\/\\\/delphi.larsbo.org\\\/user\\\/iwellguard\",\"https:\\\/\\\/jobs.lajobsportal.org\\\/profiles\\\/8380803-iwell-guard\",\"https:\\\/\\\/md.chaosdorf.de\\\/s\\\/jfbe5SBdJD\",\"https:\\\/\\\/www.lingvolive.com\\\/en-us\\\/profile\\\/9ecaeaca-ce11-4e51-9e71-01d55e2bff36\\\/translations\",\"https:\\\/\\\/www.fitday.com\\\/fitness\\\/forums\\\/members\\\/iwellguard.html\",\"https:\\\/\\\/www.mymeetbook.com\\\/iwellguard\",\"https:\\\/\\\/pxhere.com\\\/en\\\/photographer-me\\\/5040798\",\"https:\\\/\\\/disqus.com\\\/by\\\/iwellguard\\\/about\\\/\",\"https:\\\/\\\/pastelink.net\\\/hjwciqwq\",\"https:\\\/\\\/pubhtml5.com\\\/homepage\\\/scjhn\\\/\",\"https:\\\/\\\/www.bitchute.com\\\/channel\\\/2O2eOKzNqujT\",\"https:\\\/\\\/audiomack.com\\\/iwellguard\"]}]}<\/script>\n<!-- \/ Yoast SEO Premium plugin. -->","yoast_head_json":{"title":"Sventovid \u2013 vrhovni bog Zapadnih Slavena | iWell Guard","description":"Sventovid je \u010detveroglavi vrhovni bog Zapadnih Slavena, za\u0161titnik otoka R\u00fcgena i bo\u017eanstvo rata i mira.","robots":{"index":"index","follow":"follow","max-snippet":"max-snippet:-1","max-image-preview":"max-image-preview:large","max-video-preview":"max-video-preview:-1"},"canonical":"https:\/\/iwell-guard.com\/hr\/sventovid\/","og_locale":"hr_HR","og_type":"article","og_title":"Sventovid","og_description":"Sventovid je \u010detveroglavi vrhovni bog Zapadnih Slavena, za\u0161titnik otoka R\u00fcgena i bo\u017eanstvo rata i mira.","og_url":"https:\/\/iwell-guard.com\/hr\/sventovid\/","og_site_name":"iWell Guard","article_modified_time":"2026-09-04T05:33:12+00:00","og_image":[{"width":1024,"height":1536,"url":"https:\/\/iwell-guard.com\/wp-content\/uploads\/2026\/05\/goetter_slawisch_sventovid-1.webp","type":"image\/webp"}],"twitter_card":"summary_large_image","schema":{"@context":"https:\/\/schema.org","@graph":[{"@type":"WebPage","@id":"https:\/\/iwell-guard.com\/hr\/sventovid\/","url":"https:\/\/iwell-guard.com\/hr\/sventovid\/","name":"Sventovid \u2013 vrhovni bog Zapadnih Slavena | iWell Guard","isPartOf":{"@id":"https:\/\/iwell-guard.com\/hr\/#website"},"primaryImageOfPage":{"@id":"https:\/\/iwell-guard.com\/hr\/sventovid\/#primaryimage"},"image":{"@id":"https:\/\/iwell-guard.com\/hr\/sventovid\/#primaryimage"},"thumbnailUrl":"https:\/\/iwell-guard.com\/wp-content\/uploads\/2026\/05\/goetter_slawisch_sventovid-1.webp","datePublished":"2026-09-04T05:13:50+00:00","dateModified":"2026-09-04T05:33:12+00:00","description":"Sventovid je \u010detveroglavi vrhovni bog Zapadnih Slavena, za\u0161titnik otoka R\u00fcgena i bo\u017eanstvo rata i mira.","breadcrumb":{"@id":"https:\/\/iwell-guard.com\/hr\/sventovid\/#breadcrumb"},"inLanguage":"hr","potentialAction":[{"@type":"ReadAction","target":["https:\/\/iwell-guard.com\/hr\/sventovid\/"]}]},{"@type":"ImageObject","inLanguage":"hr","@id":"https:\/\/iwell-guard.com\/hr\/sventovid\/#primaryimage","url":"https:\/\/iwell-guard.com\/wp-content\/uploads\/2026\/05\/goetter_slawisch_sventovid-1.webp","contentUrl":"https:\/\/iwell-guard.com\/wp-content\/uploads\/2026\/05\/goetter_slawisch_sventovid-1.webp","width":1024,"height":1536,"caption":"Bogovi iz slavenske tradicije."},{"@type":"BreadcrumbList","@id":"https:\/\/iwell-guard.com\/hr\/sventovid\/#breadcrumb","itemListElement":[{"@type":"ListItem","position":1,"name":"Start","item":"https:\/\/iwell-guard.com\/hr\/?page_id=149317"},{"@type":"ListItem","position":2,"name":"Sventovid"}]},{"@type":"WebSite","@id":"https:\/\/iwell-guard.com\/hr\/#website","url":"https:\/\/iwell-guard.com\/hr\/","name":"iWell Guard","description":"Schutz vor dunklen Einfl\u00fcssen","publisher":{"@id":"https:\/\/iwell-guard.com\/hr\/#organization"},"potentialAction":[{"@type":"SearchAction","target":{"@type":"EntryPoint","urlTemplate":"https:\/\/iwell-guard.com\/hr\/?s={search_term_string}"},"query-input":{"@type":"PropertyValueSpecification","valueRequired":true,"valueName":"search_term_string"}}],"inLanguage":"hr"},{"@type":"Organization","@id":"https:\/\/iwell-guard.com\/hr\/#organization","name":"Ittermann electronic GmbH","url":"https:\/\/iwell-guard.com\/hr\/","logo":{"@type":"ImageObject","inLanguage":"hr","@id":"https:\/\/iwell-guard.com\/hr\/#\/schema\/logo\/image\/","url":"https:\/\/iwell-guard.com\/wp-content\/uploads\/2026\/05\/Ittermann-Logo-1182x237-1.png","contentUrl":"https:\/\/iwell-guard.com\/wp-content\/uploads\/2026\/05\/Ittermann-Logo-1182x237-1.png","width":1182,"height":237,"caption":"Ittermann electronic GmbH"},"image":{"@id":"https:\/\/iwell-guard.com\/hr\/#\/schema\/logo\/image\/"},"sameAs":["https:\/\/pantip.com\/profile\/9367242","https:\/\/micro.blog\/iwellguard","https:\/\/www.diggerslist.com\/iwellguard\/about","https:\/\/skitterphoto.com\/photographers\/2870314\/iwell-guard","https:\/\/iwellguard.wordpress.com\/2026\/06\/06\/iwell-guard\/","https:\/\/hub.docker.com\/u\/iwellguard","https:\/\/www.pinterest.com\/iwellguard\/","https:\/\/bit.ly\/m\/iwellguard","https:\/\/entre-vos-mains.alsace.eu\/profiles\/iwellguard\/activity","https:\/\/gravatar.com\/reallybeded8fd34","https:\/\/naijamatta.com\/iwellguard","https:\/\/www.goodreads.com\/iwellguard","https:\/\/profile.hatena.ne.jp\/iwellguard\/","https:\/\/experiment.com\/users\/iwellguard","https:\/\/wakelet.com\/@iWellGuard82270","https:\/\/www.chordie.com\/forum\/profile.php?id=2555664","https:\/\/www.instapaper.com\/p\/17757966","https:\/\/www.mapleprimes.com\/users\/iwellguard","https:\/\/businesslistingplus.com\/profile\/iwell-guard\/","https:\/\/telegra.ph\/iWell-Guard-06-06","https:\/\/pbase.com\/iwellguard\/iwellguard","https:\/\/b.hatena.ne.jp\/iwellguard\/20260607#bookmark-4788405196491818882","https:\/\/fliphtml5.com\/home\/iwellguard","https:\/\/anyflip.com\/homepage\/cmiwl#About","https:\/\/transfur.com\/Users\/iwellguard","http:\/\/delphi.larsbo.org\/user\/iwellguard","https:\/\/jobs.lajobsportal.org\/profiles\/8380803-iwell-guard","https:\/\/md.chaosdorf.de\/s\/jfbe5SBdJD","https:\/\/www.lingvolive.com\/en-us\/profile\/9ecaeaca-ce11-4e51-9e71-01d55e2bff36\/translations","https:\/\/www.fitday.com\/fitness\/forums\/members\/iwellguard.html","https:\/\/www.mymeetbook.com\/iwellguard","https:\/\/pxhere.com\/en\/photographer-me\/5040798","https:\/\/disqus.com\/by\/iwellguard\/about\/","https:\/\/pastelink.net\/hjwciqwq","https:\/\/pubhtml5.com\/homepage\/scjhn\/","https:\/\/www.bitchute.com\/channel\/2O2eOKzNqujT","https:\/\/audiomack.com\/iwellguard"]}]}},"_links":{"self":[{"href":"https:\/\/iwell-guard.com\/hr\/wp-json\/wp\/v2\/pages\/149829","targetHints":{"allow":["GET"]}}],"collection":[{"href":"https:\/\/iwell-guard.com\/hr\/wp-json\/wp\/v2\/pages"}],"about":[{"href":"https:\/\/iwell-guard.com\/hr\/wp-json\/wp\/v2\/types\/page"}],"author":[{"embeddable":true,"href":"https:\/\/iwell-guard.com\/hr\/wp-json\/wp\/v2\/users\/3"}],"replies":[{"embeddable":true,"href":"https:\/\/iwell-guard.com\/hr\/wp-json\/wp\/v2\/comments?post=149829"}],"version-history":[{"count":0,"href":"https:\/\/iwell-guard.com\/hr\/wp-json\/wp\/v2\/pages\/149829\/revisions"}],"wp:featuredmedia":[{"embeddable":true,"href":"https:\/\/iwell-guard.com\/hr\/wp-json\/wp\/v2\/media\/3270"}],"wp:attachment":[{"href":"https:\/\/iwell-guard.com\/hr\/wp-json\/wp\/v2\/media?parent=149829"}],"wp:term":[{"taxonomy":"category","embeddable":true,"href":"https:\/\/iwell-guard.com\/hr\/wp-json\/wp\/v2\/categories?post=149829"}],"curies":[{"name":"wp","href":"https:\/\/api.w.org\/{rel}","templated":true}]}}