{"id":149799,"date":"2026-09-04T05:13:35","date_gmt":"2026-09-04T05:13:35","guid":{"rendered":"https:\/\/iwell-guard.com\/?page_id=149799"},"modified":"2026-09-04T05:32:29","modified_gmt":"2026-09-04T05:32:29","slug":"freyr","status":"publish","type":"page","link":"https:\/\/iwell-guard.com\/hr\/freyr\/","title":{"rendered":"Freyr"},"content":{"rendered":"\t\t<div data-elementor-type=\"wp-page\" data-elementor-id=\"149799\" class=\"elementor elementor-149799 elementor-3004 elementor-bc-flex-widget\" data-elementor-post-type=\"page\">\n\t\t\t\t<div class=\"elementor-element elementor-element-933a9cd e-flex e-con-boxed e-con e-parent\" data-id=\"933a9cd\" data-element_type=\"container\" data-e-type=\"container\" data-settings=\"{&quot;background_background&quot;:&quot;classic&quot;}\">\n\t\t\t\t\t<div class=\"e-con-inner\">\n\t\t<div class=\"elementor-element elementor-element-d30192b e-flex e-con-boxed e-con e-child\" data-id=\"d30192b\" data-element_type=\"container\" data-e-type=\"container\">\n\t\t\t\t\t<div class=\"e-con-inner\">\n\t\t<div class=\"elementor-element elementor-element-d91b927 e-con-full e-flex e-con e-child\" data-id=\"d91b927\" data-element_type=\"container\" data-e-type=\"container\">\n\t\t\t\t<div class=\"elementor-element elementor-element-9444766 elementor-widget elementor-widget-heading\" data-id=\"9444766\" data-element_type=\"widget\" data-e-type=\"widget\" data-widget_type=\"heading.default\">\n\t\t\t\t\t<h1 class=\"elementor-heading-title elementor-size-default\">Freyr, vanski bog plodnosti<\/h1>\t\t\t\t<\/div>\n\t\t\t\t<div class=\"elementor-element elementor-element-a2f0e3c elementor-widget elementor-widget-text-editor\" data-id=\"a2f0e3c\" data-element_type=\"widget\" data-e-type=\"widget\" data-widget_type=\"text-editor.default\">\n\t\t\t\t\t\t\t\t\t<p>Freyr je vanski bog plodnosti, mira i \u017eetve, koji u nordijskoj <span class=\"iwg-fachbegriff\" data-tooltip=\"Preno\u0161enje znanja i pri\u010da kroz generacije.\" tabindex=\"0\">predaji<\/span> ima visok ugled.<\/p><p>Freyr (poznat i kao Frey) jedan je od najva\u017enijih bogova u germanskom <span class=\"iwg-fachbegriff\" data-tooltip=\"Ukupnost bogova neke religije ili kulture.\" tabindex=\"0\">panteonu<\/span>. Potje\u010de iz roda Vana, u Asgard je stigao kao zalog mira nakon rata Asa i Vana, a smatra se bogom plodnosti, mira, ki\u0161e, \u017eetve i blagostanja.<\/p><p>Njegovo je prebivali\u0161te Alfheim, brod Skidbladnir, a vepar Gullinbursti. Adam Bremenski spominje ga pod imenom Fricco uz Thora i Wodana kao jednog od tri glavna bo\u017eanstva hrama u Uppsali. Religiologija smatra Freyra sredi\u0161njim bo\u017eanstvom plodnosti sjevernogermanskog prostora, \u010diji je <span class=\"iwg-fachbegriff\" data-tooltip=\"Ukupnost obrednih \u010dina \u0161tovanja nekog bo\u017eanstva ili svete pojave.\" tabindex=\"0\">kult<\/span> bio \u017eiv sve do dubokog 11. stolje\u0107a.<\/p>\t\t\t\t\t\t\t\t<\/div>\n\t\t\t\t<\/div>\n\t\t<div class=\"elementor-element elementor-element-ea66aeb e-con-full e-flex e-con e-parent\" data-id=\"ea66aeb\" data-element_type=\"container\" data-e-type=\"container\">\n\t\t\t\t<div class=\"elementor-element elementor-element-5e06d38 elementor-widget elementor-widget-html\" data-id=\"5e06d38\" data-element_type=\"widget\" data-e-type=\"widget\" data-widget_type=\"html.default\">\n\t\t\t\t\t<div class=\"iwg-pill-row\"><span class=\"iwg-klasse-badge\" tabindex=\"0\" data-tooltip=\"Bog \/ bo\u017eica: Personificirana najvi\u0161a mo\u0107 u panteonu jedne kulture, s jasnim nadle\u017enostima \u2014 sile prirode, sudbina, rat, plodnost. Po\u0161tovan kroz kultove, \u017ertve i hramske institucije.\">Bog<\/span><a href=\"https:\/\/iwell-guard.com\/hr\/germanska-tradicija\/\" class=\"iwg-kultur-badge\" tabindex=\"0\" data-tooltip=\"Predkr\u0161\u0107anski svijet bogova i duhova sjeverne i srednje Europe.\">Germanski<\/a><\/div>\t\t\t\t<\/div>\n\t\t\t\t<\/div>\n\t\t<div class=\"elementor-element elementor-element-f4331f2 e-con-full e-flex e-con e-child\" data-id=\"f4331f2\" data-element_type=\"container\" data-e-type=\"container\">\n\t\t\t\t<div class=\"elementor-element elementor-element-cc3c41e elementor-toc--minimized-on-tablet elementor-widget elementor-widget-table-of-contents\" data-id=\"cc3c41e\" data-element_type=\"widget\" data-e-type=\"widget\" data-settings=\"{&quot;exclude_headings_by_selector&quot;:[],&quot;no_headings_message&quot;:&quot;Na ovoj stranici nisu prona\\u0111eni naslovi.&quot;,&quot;headings_by_tags&quot;:[&quot;h2&quot;,&quot;h3&quot;],&quot;marker_view&quot;:&quot;bullets&quot;,&quot;icon&quot;:{&quot;value&quot;:&quot;fas fa-circle&quot;,&quot;library&quot;:&quot;fa-solid&quot;,&quot;rendered_tag&quot;:&quot;&lt;svg class=\\&quot;e-font-icon-svg e-fas-circle\\&quot; viewBox=\\&quot;0 0 512 512\\&quot; xmlns=\\&quot;http:\\\/\\\/www.w3.org\\\/2000\\\/svg\\&quot;&gt;&lt;path d=\\&quot;M256 8C119 8 8 119 8 256s111 248 248 248 248-111 248-248S393 8 256 8z\\&quot;&gt;&lt;\\\/path&gt;&lt;\\\/svg&gt;&quot;},&quot;minimize_box&quot;:&quot;yes&quot;,&quot;minimized_on&quot;:&quot;tablet&quot;,&quot;hierarchical_view&quot;:&quot;yes&quot;,&quot;min_height&quot;:{&quot;unit&quot;:&quot;px&quot;,&quot;size&quot;:&quot;&quot;,&quot;sizes&quot;:[]},&quot;min_height_tablet&quot;:{&quot;unit&quot;:&quot;px&quot;,&quot;size&quot;:&quot;&quot;,&quot;sizes&quot;:[]},&quot;min_height_mobile&quot;:{&quot;unit&quot;:&quot;px&quot;,&quot;size&quot;:&quot;&quot;,&quot;sizes&quot;:[]}}\" data-widget_type=\"table-of-contents.default\">\n\t\t\t\t\t\t\t\t\t<div class=\"elementor-toc__header\">\n\t\t\t\t\t\t<h2 class=\"elementor-toc__header-title\">\n\t\t\t\tSadr\u017eaj\t\t\t<\/h2>\n\t\t\t\t\t\t\t\t\t\t<div class=\"elementor-toc__toggle-button elementor-toc__toggle-button--expand\" role=\"button\" tabindex=\"0\" aria-controls=\"elementor-toc__cc3c41e\" aria-expanded=\"true\" aria-label=\"Open table of contents\"><svg aria-hidden=\"true\" class=\"e-font-icon-svg e-fas-chevron-down\" viewBox=\"0 0 448 512\" xmlns=\"http:\/\/www.w3.org\/2000\/svg\"><path d=\"M207.029 381.476L12.686 187.132c-9.373-9.373-9.373-24.569 0-33.941l22.667-22.667c9.357-9.357 24.522-9.375 33.901-.04L224 284.505l154.745-154.021c9.379-9.335 24.544-9.317 33.901.04l22.667 22.667c9.373 9.373 9.373 24.569 0 33.941L240.971 381.476c-9.373 9.372-24.569 9.372-33.942 0z\"><\/path><\/svg><\/div>\n\t\t\t\t<div class=\"elementor-toc__toggle-button elementor-toc__toggle-button--collapse\" role=\"button\" tabindex=\"0\" aria-controls=\"elementor-toc__cc3c41e\" aria-expanded=\"true\" aria-label=\"Close table of contents\"><svg aria-hidden=\"true\" class=\"e-font-icon-svg e-fas-chevron-up\" viewBox=\"0 0 448 512\" xmlns=\"http:\/\/www.w3.org\/2000\/svg\"><path d=\"M240.971 130.524l194.343 194.343c9.373 9.373 9.373 24.569 0 33.941l-22.667 22.667c-9.357 9.357-24.522 9.375-33.901.04L224 227.495 69.255 381.516c-9.379 9.335-24.544 9.317-33.901-.04l-22.667-22.667c-9.373-9.373-9.373-24.569 0-33.941L207.03 130.525c9.372-9.373 24.568-9.373 33.941-.001z\"><\/path><\/svg><\/div>\n\t\t\t\t\t<\/div>\n\t\t\t\t<div id=\"elementor-toc__cc3c41e\" class=\"elementor-toc__body\">\n\t\t\t<div class=\"elementor-toc__spinner-container\">\n\t\t\t\t<svg class=\"elementor-toc__spinner eicon-animation-spin e-font-icon-svg e-eicon-loading\" aria-hidden=\"true\" viewBox=\"0 0 1000 1000\" xmlns=\"http:\/\/www.w3.org\/2000\/svg\"><path d=\"M500 975V858C696 858 858 696 858 500S696 142 500 142 142 304 142 500H25C25 237 238 25 500 25S975 237 975 500 763 975 500 975Z\"><\/path><\/svg>\t\t\t<\/div>\n\t\t<\/div>\n\t\t\t\t\t\t<\/div>\n\t\t\t\t<\/div>\n\t\t\t\t\t<\/div>\n\t\t\t\t<\/div>\n\t\t<div class=\"elementor-element elementor-element-ce7695c e-con-full e-flex e-con e-child\" data-id=\"ce7695c\" data-element_type=\"container\" data-e-type=\"container\">\n\t\t\t\t<div class=\"elementor-element elementor-element-2d0cb50 iwg-hero-image elementor-widget elementor-widget-image\" data-id=\"2d0cb50\" data-element_type=\"widget\" data-e-type=\"widget\" data-widget_type=\"image.default\">\n\t\t\t\t\t\t\t\t\t\t\t\t\t\t\t<img fetchpriority=\"high\" decoding=\"async\" width=\"683\" height=\"1024\" src=\"https:\/\/iwell-guard.com\/wp-content\/uploads\/2026\/05\/goetter_germanisch_freyr-683x1024.webp\" class=\"attachment-large size-large wp-image-151471\" alt=\"Freyr - bogovi iz germanske tradicije, povijesno-ilustrativno\" srcset=\"https:\/\/iwell-guard.com\/wp-content\/uploads\/2026\/05\/goetter_germanisch_freyr-683x1024.webp 683w, https:\/\/iwell-guard.com\/wp-content\/uploads\/2026\/05\/goetter_germanisch_freyr-200x300.webp 200w, https:\/\/iwell-guard.com\/wp-content\/uploads\/2026\/05\/goetter_germanisch_freyr-768x1152.webp 768w, https:\/\/iwell-guard.com\/wp-content\/uploads\/2026\/05\/goetter_germanisch_freyr.webp 1024w\" sizes=\"(max-width: 683px) 100vw, 683px\" \/>\t\t\t\t\t\t\t\t\t\t\t\t\t\t\t<\/div>\n\t\t\t\t<\/div>\n\t\t\t\t\t<\/div>\n\t\t\t\t<\/div>\n\t\t<div class=\"elementor-element elementor-element-1476e69 e-con-boxed e-flex e-con e-parent\" data-id=\"1476e69\" data-element_type=\"container\" data-e-type=\"container\">\n\t\t\t\t\t<div class=\"e-con-inner\">\n\t\t<div class=\"elementor-element elementor-element-4b86009 e-con-full e-flex e-con e-child\" data-id=\"4b86009\" data-element_type=\"container\" data-e-type=\"container\">\n\t\t\t\t<div class=\"elementor-element elementor-element-65d34d5 elementor-widget elementor-widget-heading\" data-id=\"65d34d5\" data-element_type=\"widget\" data-e-type=\"widget\" data-widget_type=\"heading.default\">\n\t\t\t\t\t<h2 class=\"elementor-heading-title elementor-size-default\">Mit i podrijetlo<\/h2>\t\t\t\t<\/div>\n\t\t\t\t<div class=\"elementor-element elementor-element-497d4b5 elementor-widget elementor-widget-text-editor\" data-id=\"497d4b5\" data-element_type=\"widget\" data-e-type=\"widget\" data-widget_type=\"text-editor.default\">\n\t\t\t\t\t\t\t\t\t<p>Snorri Sturluson predstavlja Freyra u \u00abProsa-Eddi\u00bb (Gylfaginning 24): \u00abFreyr je najuzvi\u0161eniji me\u0111u Asima, on vlada ki\u0161om i sun\u010devom svjetlo\u0161\u0107u te rastom zemlje, njega treba prizivati za dobru \u017eetvu i mir. On odlu\u010duje i o blagostanju ljudi.\u00bb Ovaj kratak opis obuhva\u0107a \u010ditav raspon njegovih funkcija: vrijeme, poljodjelstvo, mir, materijalno blagostanje.<\/p>\n<p>Ime Freyr u prijevodu zna\u010di \u00abgospodar\u00bb i izvorno je titula (usporediva s latinskim dominus), a ne osobno ime. Ova jezi\u010dna \u010dinjenica pokazuje da je pravo, staro ime ove pojave izgubljeno ili zamijenjeno tabuiziranom rije\u010di Freyr.<\/p><p><span data-nosnippet>Sli\u010dno je i s Freyjom, \u010dije ime zna\u010di \u00abgospodarica\u00bb. Edgar Polome je u djelu \u00abEssays on Germanic Religion\u00bb (1989) predlo\u017eio da je izvorno bezimeni glavni bog Vana nastavio \u017eivjeti u predaji pod titulom Freyr.<\/span><\/p>\n<p>Freyrov je otac Njord, a majka Njordova bezimena sestra. Sa Freyjom, svojom sestrom i suprugom (prema vanskoj tradiciji), te s Gerd, veli\u010danstvenom, koju stje\u010de na silu, ima brojno potomstvo.<\/p><p>\u00abYnglinga saga\u00bb spominje Fjolnira, poluznanog kralja \u0161vedskih Ynglinga, kao Freyrova sina. Time se \u0161vedska kraljevska loza Ynglinga smatra Freyrovim potomstvom.<\/p>\n\n<p>Freyr je glavna nordijska pojava mu\u0161ke plodnosti, ali nije jednostavno jednofunkcionalno <span class=\"iwg-fachbegriff\" data-tooltip=\"Bi\u0107e koje se u nekoj religiji \u0161tuje kao bo\u017eansko.\" tabindex=\"0\">bo\u017eanstvo<\/span>. Njegove pripovijesti obuhva\u0107aju regulaciju vremena, sun\u010devu svjetlost, ki\u0161u, poljodjelstvo, plovidbu (putem Skidbladnira) i mir. Ta funkcionalna \u0161irina navela je istra\u017eiva\u010de da Freyra ne klasificiraju kao \u010distog boga tre\u0107e funkcije, ve\u0107 kao slo\u017eenu pojavu \u010diji profil obuhvatno prikazuje uvjete blagostanja.<\/p>\n<p>Titularna narav imena Freyr (\u00abgospodar\u00bb) u istra\u017eivanjima je vi\u0161e puta pokrenula pitanje kako je moglo glasiti izvorno ime tog boga. Edgar Polome je u svojim raspravama pretpostavio zabranjeno, tabuizirano ime koje je zamijenjeno titulom.<\/p><p>Ova teza o tabuu jezikoslovno je uvjerljiva, ali ju je te\u0161ko empirijski potvrditi. Drugi istra\u017eiva\u010di (Jan de Vries, Rudolf Simek) smatraju da su Freyr i Freyja od po\u010detka bili titularna imena, bez postojanja izvornog osobnog imena.<\/p>\t\t\t\t\t\t\t\t<\/div>\n\t\t\t\t<\/div>\n\t\t<div class=\"elementor-element elementor-element-3d329d2 e-con-full e-flex e-con e-child\" data-id=\"3d329d2\" data-element_type=\"container\" data-e-type=\"container\">\n\t\t\t\t<div class=\"elementor-element elementor-element-9142137 elementor-widget elementor-widget-heading\" data-id=\"9142137\" data-element_type=\"widget\" data-e-type=\"widget\" data-widget_type=\"heading.default\">\n\t\t\t\t\t<h2 class=\"elementor-heading-title elementor-size-default\">Simboli i atributi<\/h2>\t\t\t\t<\/div>\n\t\t\t\t<div class=\"elementor-element elementor-element-0eea007 elementor-widget elementor-widget-text-editor\" data-id=\"0eea007\" data-element_type=\"widget\" data-e-type=\"widget\" data-widget_type=\"text-editor.default\">\n\t\t\t\t\t\t\t\t\t<p>Freyrov vepar Gullinbursti (\u00abZlatne \u010dekinje\u00bb) opisan je detaljno u Snorrijevoj \u00abSkaldskaparmal\u00bb. Patuljci Brokk i Eitri iskovali su ga od svinjske ko\u017ee. Vepar mo\u017ee tr\u010dati kroz zrak i vodu, br\u017ee od svakog konja, a njegov sjaj rasvjetljuje no\u0107.<\/p><p>Vepar je u nordijskoj simbolici sna\u017enije nego drugdje povezan s ratom i plodno\u0161\u0107u. Beowulf, vikin\u0161ka kaciga iz Sutton Hoo (Engleska, 7. stolje\u0107e) i brojne skandinavske dr\u0161ke ma\u010deva prikazuju veprovske motive.<\/p>\n<p>Njegov brod Skidbladnir, tako\u0111er djelo patuljaka, najbolji je od svih brodova. Uvijek ima povoljan vjetar \u010dim se razapnu jedra, a mo\u017ee se preklopiti kao krpa i staviti u torbu. Brod je <span class=\"iwg-fachbegriff\" data-tooltip=\"Znak koji zastupa neku ideju ili zna\u010denje.\" tabindex=\"0\">simbol<\/span> njegove pomorske mo\u0107i (ba\u0161tine njegova oca Njorda) i njegove prakti\u010dne, pragmati\u010dne funkcije.<\/p>\n<p>Njegov ma\u010d spominje se u \u00abSkirnismal\u00bb i u \u00abGylfaginning\u00bb. Bori se sam od sebe kada ga vodi znalac. Freyr daje ma\u010d svome sluzi Skirniru kao nagradu za posredovanje u tra\u017eenju Gerdine ruke.<\/p><p>Zbog toga Freyr u Ragnar\u00f6ku pada u borbi protiv ognjenog giganta Surta, jer nema vi\u0161e ma\u010d. Ova pojedinost nagovije\u0161tena je u \u00abVoluspa\u00bb 53.<\/p>\n<p>Njegovo prebivali\u0161te Alfheim, u prijevodu \u00abzemlja vilenjaka\u00bb, spominje se u \u00abGrimnismal\u00bb 5 kao dar Freyru prigodom prvog nicanja zubi. Ova povezanost sa svjetlosnim vilenjacima (Liosalfar) do\u017eivjela je u istra\u017eivanjima razli\u010dita tuma\u010denja.<\/p><p>Edgar Polome je u tome vidio vezu plodnosti i <span class=\"iwg-fachbegriff\" data-tooltip=\"\u0160tovanje preminulih \u010dlanova obitelji kao djeluju\u0107ih za\u0161titni\u010dkih sila.\" tabindex=\"0\">kulta predaka<\/span>, dok Rudolf Simek tu odredbu tuma\u010di kao naznaku stare odnosa vlasti izme\u0111u Freyra i vilenjaka.<\/p>\t\t\t\t\t\t\t\t<\/div>\n\t\t\t\t<\/div>\n\t\t<div class=\"elementor-element elementor-element-e0141a0 e-con-full e-flex e-con e-child\" data-id=\"e0141a0\" data-element_type=\"container\" data-e-type=\"container\">\n\t\t\t\t<div class=\"elementor-element elementor-element-8ed9638 elementor-widget elementor-widget-heading\" data-id=\"8ed9638\" data-element_type=\"widget\" data-e-type=\"widget\" data-widget_type=\"heading.default\">\n\t\t\t\t\t<h2 class=\"elementor-heading-title elementor-size-default\">Kult i \u0161tovanje<\/h2>\t\t\t\t<\/div>\n\t\t\t\t<div class=\"elementor-element elementor-element-8192270 elementor-widget elementor-widget-text-editor\" data-id=\"8192270\" data-element_type=\"widget\" data-e-type=\"widget\" data-widget_type=\"text-editor.default\">\n\t\t\t\t\t\t\t\t\t<p>Adam Bremenski u djelu \u00abGesta Hammaburgensis ecclesiae pontificum\u00bb (oko 1075) opisuje <span class=\"iwg-fachbegriff\" data-tooltip=\"Gra\u0111evina namijenjena obo\u017eavanju jednog ili vi\u0161e bo\u017eanstava.\" tabindex=\"0\">hram<\/span> u Uppsali s tri kultne slike: Thor u sredini, Wodan i Fricco s obje strane. Fricco je Freyr.<\/p><p>Adam navodi da je Friccova slika prikazana s ogromnim falusom. Ovaj fali\u010dki prikaz potvr\u0111uju i arheolo\u0161ki nalazi, primjerice statueta iz Rallingea (\u0160vedska, 10.\/11. stolje\u0107e), mala bronzana figura s izrazito vidljivim falusom.<\/p>\n<p>\u00abVoluspa\u00bb, \u00abYnglinga saga\u00bb i nekoliko islandskih saga govore o blagdanu Yule i o Disablotu, u kojima je Freyr imao posebnu ulogu. Njegov nerast Gullinbursti dao je ime jaljskom nerastu (sonargoltr).<\/p><p>Na Yule bi se sve\u010dano stavljala ruka na le\u0111a nerasta i polagale zakletve. Ovaj obi\u010daj opisan je detaljno u \u00abHervarar saga ok Heidreks\u00bb (13. stolje\u0107e, s starijom gra\u0111om).<\/p>\n<p><span data-nosnippet>Toponimi s elementom Freyr izuzetno su brojni u \u0160vedskoj i Norve\u0161koj: Frysta, Frola, Frostad, Fryskos, Froshulf, kao i mnogi drugi toponimi s elementima Frey-, Fro- i Freys-. Magnus Olsen u djelu \u00abHedenske kultminder\u00bb (1915) skupio je oko dvjesto takvih toponima. Ova gusta tragova nagla\u0161ava sredi\u0161nju kultnu va\u017enost Freyra, posebno u srednjoj \u0160vedskoj i jugoisto\u010dnoj Norve\u0161koj.<\/span><\/p>\n<p>\u00abFlateyjarbok\u00bb (kraj 14. stolje\u0107a, s starijom gra\u0111om) donosi izvje\u0161taj o kolskoj vo\u017enji Freyrove statue kroz \u0160vedsku, u pratnji sve\u0107enice koja se smatrala Freyrovom \u017eenom (gydja). Putovanje je zavr\u0161ilo blagoslovom polja za plodnost. Ovaj izvje\u0161taj tipolo\u0161ki odgovara Nerthusinoj <span class=\"iwg-fachbegriff\" data-tooltip=\"Sve\u010dana religijska procesija.\" tabindex=\"0\">procesiji<\/span> kod Tacita i pokazuje kontinuitet putuju\u0107ih rituala plodnosti kroz stolje\u0107a.<\/p>\t\t\t\t\t\t\t\t<\/div>\n\t\t\t\t<\/div>\n\t\t<div class=\"elementor-element elementor-element-a724180 e-con-full e-flex e-con e-child\" data-id=\"a724180\" data-element_type=\"container\" data-e-type=\"container\">\n\t\t\t\t<div class=\"elementor-element elementor-element-12968d3 elementor-widget elementor-widget-heading\" data-id=\"12968d3\" data-element_type=\"widget\" data-e-type=\"widget\" data-widget_type=\"heading.default\">\n\t\t\t\t\t<h2 class=\"elementor-heading-title elementor-size-default\">Va\u017eni mitovi<\/h2>\t\t\t\t<\/div>\n\t\t\t\t<div class=\"elementor-element elementor-element-4cc99a4 elementor-widget elementor-widget-text-editor\" data-id=\"4cc99a4\" data-element_type=\"widget\" data-e-type=\"widget\" data-widget_type=\"text-editor.default\">\n\t\t\t\t\t\t\t\t\t<p>Sredi\u0161nji <span class=\"iwg-fachbegriff\" data-tooltip=\"Predana pri\u010da o bogovima, podrijetlu i poretku svijeta.\" tabindex=\"0\">mit<\/span> jest Freyrovo udvaranje Gerd, divovkinji. Eddska pjesma \u00abSkirnismal\u00bb opse\u017eno pripovijeda: Freyr se potajno smjesti na Odinovo prijestolje Hlidskjalf, s kojeg se vide svi svjetovi. Ugleda Gerd u Jotunheimu i zaljubi se. Bolestan od \u010de\u017enje, \u0161alje svog sluge Skirnira da je zaprosi u njegovo ime.<\/p><p>Skirnir ja\u0161e na Freyrovu konju kroz vatrene plamenove u Jotunheim. Nudi Gerd jedanaest zlatnih jabuka, zatim prsten Draupnir, a naposljetku prijeti ma\u010dem i razornom <span class=\"iwg-fachbegriff\" data-tooltip=\"Jezi\u010dna formula kojom se osobi ili stvari \u017eeli nanijeti zlo.\" tabindex=\"0\">kletvom<\/span>. Gerd pristaje. Ona postaje Freyrova \u017eena. Freyr je pak predao svoj ma\u010d i morat \u0107e se na Ragnaroku suprotstaviti Surtu bez oru\u017eja.<\/p>\n<p>S religijskopovijesnog gledi\u0161ta \u00abSkirnismal\u00bb je jedan od najbogatijih izvora. Magnus Olsen, Ursula Dronke, John Lindow i Anatoly Liberman tuma\u010dili su ga kao svadbeni ritual koji mitolo\u0161ki prikazuje sjedinjenje Sunca (Freyr) i Zemlje (Gerd, od gardr, \u201eogra\u0111eno\u201c).<\/p><p>Prijetnja <span class=\"iwg-fachbegriff\" data-tooltip=\"Jezi\u010dna formula kojom se osobi ili stvari \u017eeli nanijeti zlo.\" tabindex=\"0\">kletvom<\/span> tuma\u010dena je kao odraz ritualnog tijeka udvaranja: Freyr-Mjesec mora obe\u0107anjima, darovima i prijetnjama omek\u0161ati Zemljinu boginju kako bi osigurao plodnost.<\/p>\n<p>Drugi <span class=\"iwg-fachbegriff\" data-tooltip=\"Predana pri\u010da o bogovima, podrijetlu i poretku svijeta.\" tabindex=\"0\">mit<\/span> jest Freyrova smrt u Ragnaroku. U \u00abVoluspi\u00bb 53 i u Snorrijevoj \u00abGylfaginningu\u00bb 51 kratko se navodi: Freyr se bori protiv Surta i pada. Snorri dodaje da se Freyr bori bez svojega ma\u010da i zato gubi.<\/p><p>Ova klju\u010dna scena pokazuje da Freyrovo udvaranje Gerd nije samo ljubavna pri\u010da, ve\u0107 ima kozmi\u010dke posljedice: predajom ma\u010da Freyr sam pe\u010dati svoju eshatolo\u0161ku propast.<\/p>\n<p>Tre\u0107i <span class=\"iwg-fachbegriff\" data-tooltip=\"Predana pri\u010da o bogovima, podrijetlu i poretku svijeta.\" tabindex=\"0\">mit<\/span> jest Freyrova uloga kao praotca dinastije Ynglinga. \u00abYnglingatal\u00bb Thjodolfra iz Hvinija (oko 880) i \u00abYnglinga saga\u00bb Snorrija Sturlusona (oko 1230) navode \u0161vedske kraljeve od Freyra (poznatog i kao Yngvi-Freyr) preko Fjolnira sve do povijesnih kraljeva zapadne Norve\u0161ke.<\/p><p>Ova genealogija religijskopovijesno je iznimno va\u017ena, jer pokazuje kako je bog plodnosti postao praotac povijesne dinastije.<\/p>\n\n<p>\u00abSkirnismal\u00bb je jedna od najva\u017enijih eddskih pjesama. Govori o Freyrovu udvaranju Gerd, ali ispod pripovjedne povr\u0161ine krije bogatu znanstvenu gra\u0111u.<\/p><p>Skirnirove prijetnje <span class=\"iwg-fachbegriff\" data-tooltip=\"Jezi\u010dna formula kojom se osobi ili stvari \u017eeli nanijeti zlo.\" tabindex=\"0\">kletvom<\/span> (strofe 26-36) pripadaju vrsti magijskih proklinjanja i sadr\u017ee izraze koji imaju paralele u runskoj magiji i u vedskoj praksi zazivanja. Istra\u017eivanja Magnusa Olsena, preko Anatolyja Libermana do Ursule Dronke, iskoristila su ove strofe kao vrijednu gra\u0111u za rekonstrukciju nordijske prakse kletve.<\/p>\n<p>Alternativno tuma\u010denje \u00abSkirnismala\u00bb iznio je Anatoly Liberman u djelu \u00abIn Prayer and Laughter\u00bb (2016). Liberman u pjesmi vidi humorno, gotovo satiri\u010dno prikazivanje bo\u017eanskog procesa udvaranja, koje odra\u017eava naduti stil udvaranja ratnika vikin\u0161kog doba. Ovo tuma\u010denje suprotstavlja se tradicionalnom sakralnom tuma\u010denju Magnusa Olsena i pokazuje slojevitost eddskih tekstova.<\/p>\t\t\t\t\t\t\t\t<\/div>\n\t\t\t\t<\/div>\n\t\t<div class=\"elementor-element elementor-element-f74dc7f e-con-full e-flex e-con e-child\" data-id=\"f74dc7f\" data-element_type=\"container\" data-e-type=\"container\">\n\t\t\t\t<div class=\"elementor-element elementor-element-d986ccb elementor-widget elementor-widget-heading\" data-id=\"d986ccb\" data-element_type=\"widget\" data-e-type=\"widget\" data-widget_type=\"heading.default\">\n\t\t\t\t\t<h2 class=\"elementor-heading-title elementor-size-default\">Odnosi u panteonu<\/h2>\t\t\t\t<\/div>\n\t\t\t\t<div class=\"elementor-element elementor-element-ee6589b elementor-widget elementor-widget-text-editor\" data-id=\"ee6589b\" data-element_type=\"widget\" data-e-type=\"widget\" data-widget_type=\"text-editor.default\">\n\t\t\t\t\t\t\t\t\t<p>Frej je sin Njordov, brat Frejin. S Frejom je po vanskoj tradiciji imao potomke, ali kasniji izvori tu vezu ostavljaju u pozadini. S Gerd je o\u017eenjen po asovskom obi\u010daju, njihov sin je Fjolnir, prvi mitski kralj iz roda Ynglinga.<\/p>\n<p>Sa Skirnirom, svojim slugom, ima blizak odnos. Skirnir je njegov glasnik, njegov provodad\u017eija, njegovo drugo ja. Neki su istra\u017eiva\u010di (Magnus Olsen, Folke Str\u00f6m) u Skirniru vidjeli hipostazu samoga Freja, drugi oblik svjetlosnog bi\u0107a. Ovo tuma\u010denje je sporno, ali bliska povezanost dvaju likova u \u00bbSkirnism\u00e1lu\u00ab upada u o\u010di.<\/p>\n<p>Prema Odinu i Toru Frej se u izvorima naj\u010de\u0161\u0107e javlja kao ravnopravno vrhovno bo\u017eanstvo. \u00bbV\u00f6lusp\u00e1\u00ab, \u00bbGr\u00edmnism\u00e1l\u00ab i sage \u010desto spominju sva trojica zajedno.<\/p><p>Trijada Tor\u2013Odin\u2013Fricco Adama Bremenskog potvr\u0111uje ovu hijerarhiju za kasnu vikin\u0161ku fazu. \u00bbLokasenna\u00ab 36-37 prikazuje spor izme\u0111u Lokija i Freja, u kojem Loki ismijava Frejevo odbacivanje ma\u010da.<\/p>\t\t\t\t\t\t\t\t<\/div>\n\t\t\t\t<\/div>\n\t\t<div class=\"elementor-element elementor-element-942dcb1 e-con-full e-flex e-con e-child\" data-id=\"942dcb1\" data-element_type=\"container\" data-e-type=\"container\">\n\t\t\t\t<div class=\"elementor-element elementor-element-17811c4 elementor-widget elementor-widget-heading\" data-id=\"17811c4\" data-element_type=\"widget\" data-e-type=\"widget\" data-widget_type=\"heading.default\">\n\t\t\t\t\t<h2 class=\"elementor-heading-title elementor-size-default\">Recepcija i utjecaj<\/h2>\t\t\t\t<\/div>\n\t\t\t\t<div class=\"elementor-element elementor-element-28bd99a elementor-widget elementor-widget-text-editor\" data-id=\"28bd99a\" data-element_type=\"widget\" data-e-type=\"widget\" data-widget_type=\"text-editor.default\">\n\t\t\t\t\t\t\t\t\t<p>U islandskim sagama, prije svega u \u00bbHrafnkels saga Freysgo\u00f0a\u00ab (13. stolje\u0107e), Frej ima sredi\u0161nju ulogu. Hrafnkell je Frejev goda, sve\u0107enik koji bogu posve\u0107uje konja. Onaj tko taj konj ja\u0161e, biva ubijen.<\/p><p>Saga pripovijeda sukob oko toga konja, tijekom kojega Hrafnkell gubi vjeru i okre\u0107e le\u0111a svom hramu. Ova psiholo\u0161ka konverzija usred mitski obojene pripovijesti jedan je od najzanimljivijih povijesnih dokumenata sagalne knji\u017eevnosti.<\/p>\n<p>U <span class=\"iwg-fachbegriff\" data-tooltip=\"Znanost koja istra\u017euje svakodnevnu kulturu, obi\u010daje i predaje.\" tabindex=\"0\">etnologiji<\/span> Frejevo sje\u0107anje \u017eivi dalje u bo\u017ei\u0107nom vepru (Yule-vepar). \u0160vedski <span class=\"iwg-fachbegriff\" data-tooltip=\"Predaja koja se u zajednici redovito ponavlja.\" tabindex=\"0\">obi\u010daj<\/span> Julgrisena (bo\u017ei\u0107ni vepar, \u010desto pleten od slame) ostao je \u017eiv u ruralnim podru\u010djima do 19. stolje\u0107a. I norve\u0161ki <span class=\"iwg-fachbegriff\" data-tooltip=\"Predaja koja se u zajednici redovito ponavlja.\" tabindex=\"0\">obi\u010daj<\/span> zakletve na Sonarg\u00f6ltra (zakletva na vepra o Yulu) sa\u010duvao se u ostacima.<\/p>\n<p><span data-nosnippet>U nordijskom romantizmu Freja su preuzeli Adam \u00d6hlenschl\u00e4ger i Esaias Tegn\u00e9r, ali je ostao u sjeni Tora i Odina. Richard Wagner ga nije uveo u \u00bbPrsten Nibelunga\u00ab. U 20. stolje\u0107u Frej je dobio na zna\u010denju u komparativnoj <span class=\"iwg-fachbegriff\" data-tooltip=\"Znanost koja prou\u010dava religije uspore\u0111uju\u0107i ih, bez vjerske pripadnosti.\" tabindex=\"0\">religiologiji<\/span>, prije svega zahvaljuju\u0107i djelu Folkea Str\u00f6ma \u00bbDiser, nornor, valkyrjor\u00ab (1954) i \u010dlancima Edgara Polomea.<\/span><\/p>\t\t\t\t\t\t\t\t<\/div>\n\t\t\t\t<\/div>\n\t\t<div class=\"elementor-element elementor-element-8b78832 e-con-full e-flex e-con e-child\" data-id=\"8b78832\" data-element_type=\"container\" data-e-type=\"container\">\n\t\t\t\t<div class=\"elementor-element elementor-element-8bee288 elementor-widget elementor-widget-heading\" data-id=\"8bee288\" data-element_type=\"widget\" data-e-type=\"widget\" data-widget_type=\"heading.default\">\n\t\t\t\t\t<h2 class=\"elementor-heading-title elementor-size-default\">Religijsko-znanstvena klasifikacija<\/h2>\t\t\t\t<\/div>\n\t\t\t\t<div class=\"elementor-element elementor-element-cd0797c elementor-widget elementor-widget-text-editor\" data-id=\"cd0797c\" data-element_type=\"widget\" data-e-type=\"widget\" data-widget_type=\"text-editor.default\">\n\t\t\t\t\t\t\t\t\t<p>Frej je glavni nordijski predstavnik tre\u0107e indoeuropske funkcije (plodnost, gospodarstvo, blagostanje) prema klasifikaciji Georgesa Dum\u00e9zila. Ova klasifikacija u znanosti je uglavnom neupitna. Frejeve funkcije tipolo\u0161ki odgovaraju keltskom Cernunnosu, indijskim Vasuima i dijelu gr\u010dke tradicije Demetra-Perzefona.<\/p>\n<p><span data-nosnippet>Bliska veza izme\u0111u Freja i povijesne \u0161vedske dinastije Ynglinga religijsko-povijesno je zapa\u017eena. Folke Str\u00f6m je u djelu \u00bbSveriges hedna nutid\u00ab (1961) pokazao da ta veza vjerojatno se\u017ee u staru sakralnu koncepciju kraljevstva, u kojoj je kralj bio utjelovljenje plodnosti zemlje.<\/span><\/p><p>Ova teorija sakralnog kraljevstva u znanosti je sporna, ali slu\u010daj Ynglinga jedan je od njezinih najsna\u017enijih primjera.<\/p>\n<p>Fali\u010dki prikaz Freja u Uppsali i u statuetama iz Rallingea uklapa se u sl\u0438\u043a\u0443 boga plodnosti \u010diji <span class=\"iwg-fachbegriff\" data-tooltip=\"Cjelina obrednih radnji po\u0161tovanja prema bo\u017eanstvu ili svetom bi\u0107u.\" tabindex=\"0\">kult<\/span> u sredi\u0161te stavlja mu\u017eevnu rasplodnu mo\u0107.<\/p><p><span data-nosnippet>Usporedivi su prikazi Hermesa u Gr\u010dkoj i Priapa u Rimu. Mircea Eliade je u djelu \u00bbPatterns in Comparative Religion\u00ab (1958) falus klasificirao kao univerzalni simbol plodnosti i Freja svrstao u taj niz.<\/span><\/p>\n\n<p>Fali\u010dki prikaz Freja u Uppsali i u statuetama iz Rallingea ubraja se u najjasnije ikonografske dokaze bo\u017eanstva plodnosti u germanskoj religijskoj povijesti. Adam Bremenski opisuje uppsalski prikaz s neobi\u010dnom izravno\u0161\u0107u: \u00bbcum ingenti priapo\u00ab (s ogromnim udom).<\/p><p>Bronzana statueta iz Rallingea (S\u00f6dermanland, \u0160vedska, 10.\/11. stolje\u0107e, danas u Statens Historiska Museum u Stockholmu) prikazuje sjede\u0107eg, bradatog mu\u0161karca s jasno vidljivim uzdignutim udom i \u0161iljastom kapom.<\/p>\n<p><span data-nosnippet>Ova ikonografska izravnost u znanosti je vi\u0161e puta pokrenula raspravu o kultnoj praksi. Folke Str\u00f6m je u djelu \u00bbSveriges hedna nutid\u00ab (1961) iznio tezu da je Frejev obred plodnosti sadr\u017eavao stvarne seksualne komponente, poput ritualnih brakova ili simboli\u010dkih sjedinjenja.<\/span><\/p><p>Adam Bremenski u svom opisu uppsalskog hrama spominje pjevanje tijekom \u017ertvenih obreda, koje smatra nedoli\u010dnim. Ovi navodi upu\u0107uju na ekstati\u010dko-tjelesnu dimenziju po\u0161tovanja Freja, koja se u kr\u0161\u0107anski obojenom 13. stolje\u0107u uglavnom izgubila.<\/p>\n<p>Istra\u017eivanja posljednjih desetlje\u0107a, prije svega arheolo\u0161ka istra\u017eivanja u Uppsali (Else R\u00f6sdahl, Anders Andr\u00e9n) i religijsko-fenomenolo\u0161ki radovi Jensa Petera Schj\u00f8dta, upotpunila su slika Freja.<\/p><p>On nije samo bog plodnosti, ve\u0107 i kraljevski bog Ynglinga, nije samo ljubavnik, ve\u0107 i politi\u010dka inkarnacija \u0161vedske dinastije. Ova slojevitost \u010dini ga jednim od najslo\u017eenijih bo\u017eanskih likova u nordijskoj religijskoj povijesti.<\/p>\t\t\t\t\t\t\t\t<\/div>\n\t\t\t\t<\/div>\n\t\t<div class=\"elementor-element elementor-element-a05cd52 e-con-full e-flex e-con e-child\" data-id=\"a05cd52\" data-element_type=\"container\" data-e-type=\"container\">\n\t\t\t\t<div class=\"elementor-element elementor-element-85b78b0 elementor-widget elementor-widget-heading\" data-id=\"85b78b0\" data-element_type=\"widget\" data-e-type=\"widget\" data-widget_type=\"heading.default\">\n\t\t\t\t\t<h2 class=\"elementor-heading-title elementor-size-default\">Izvori i dodatna literatura<\/h2>\t\t\t\t<\/div>\n\t\t\t\t<div class=\"elementor-element elementor-element-8542dba elementor-widget elementor-widget-text-editor\" data-id=\"8542dba\" data-element_type=\"widget\" data-e-type=\"widget\" data-widget_type=\"text-editor.default\">\n\t\t\t\t\t\t\t\t\t<footer class=\"iwg-literatur\"><p><span data-nosnippet>Primarni izvori: \u00abProsa-Edda\u00bb (Snorri Sturluson, Gylfaginning 24, parafraza Skirnismal u Skaldskaparmal), \u00abLieder-Edda\u00bb (\u00abSkirnismal\u00bb, \u00abGrimnismal\u00bb, \u00abLokasenna\u00bb, \u00abVoluspa\u00bb), \u00abYnglinga saga\u00bb i \u00abYnglingatal\u00bb, \u00abHrafnkels saga Freysgoda\u00bb, \u00abGesta Hammaburgensis\u00bb (Adam Bremenski, oko 1075.), \u00abFlateyjarbok\u00bb (kraj 14. st.). Skaldski tekstovi u izdanju Finnur Jonsson \u00abDen norsk-islandske Skjaldedigtning\u00bb (1912-15).<\/span><\/p>\n<p>Sekundarna literatura:<\/p><ul><li><span data-nosnippet>Jan de Vries \u00abAltgermanische Religionsgeschichte\u00bb (1956.\/57.).<\/span><\/li><li><span data-nosnippet>Folke Strom \u00abNordisk hedendom\u00bb (2. izd. 1985.) i \u00abSveriges hedna nutid\u00bb (1961.).<\/span><\/li><li><span data-nosnippet>Edgar Polome \u00abEssays on Germanic Religion\u00bb (1989.).<\/span><\/li><li><span data-nosnippet>Anatoly Liberman \u00abIn Prayer and Laughter\u00bb (2016., o Skirnismal).<\/span><\/li><li><span data-nosnippet>Magnus Olsen \u00abHedenske kultminder\u00bb (1915.).<\/span><\/li><li><span data-nosnippet>Ursula Dronke \u00abEdda\u00bb svezak 2 (1997., komentar na Skirnismal).<\/span><\/li><\/ul>\n<p class=\"iwg-bib-more\"><span data-nosnippet>Ostala standardna djela u <a href=\"https:\/\/iwell-guard.com\/hr\/literatura\/\">Popisu literature<\/a>.<\/span><\/p><\/footer>\t\t\t\t\t\t\t\t<\/div>\n\t\t\t\t<\/div>\n\t\t\t\t\t<\/div>\n\t\t\t\t<\/div>\n\t\t\t\t<\/div>\n\t\t","protected":false},"excerpt":{"rendered":"","protected":false},"author":3,"featured_media":3219,"parent":0,"menu_order":0,"comment_status":"closed","ping_status":"closed","template":"elementor_header_footer","meta":{"_yoast_wpseo_focuskw":"Freyr","_yoast_wpseo_title":"Freyr \u2013 vanski bog plodnosti | iWell Guard","_yoast_wpseo_metadesc":"Freyr je germansko-nordijski bog plodnosti, mira i sunca. Brat Freyje, sin Njorda, gospodar Alfheima. Mit i kult.","_yoast_wpseo_meta-robots-noindex":"","_yoast_wpseo_canonical":"","_angie_page":false,"gefaehrdungsstufe":"","wesen_kultur":"","wesen_klasse":"","footnotes":""},"categories":[],"class_list":["post-149799","page","type-page","status-publish","has-post-thumbnail","hentry"],"yoast_head":"<!-- This site is optimized with the Yoast SEO Premium plugin v27.7 (Yoast SEO v28.3) - https:\/\/yoast.com\/product\/yoast-seo-premium-wordpress\/ -->\n<title>Freyr \u2013 vanski bog plodnosti | iWell Guard<\/title>\n<meta name=\"description\" content=\"Freyr je germansko-nordijski bog plodnosti, mira i sunca. Brat Freyje, sin Njorda, gospodar Alfheima. Mit i kult.\" \/>\n<meta name=\"robots\" content=\"index, follow, max-snippet:-1, max-image-preview:large, max-video-preview:-1\" \/>\n<link rel=\"canonical\" href=\"https:\/\/iwell-guard.com\/hr\/freyr\/\" \/>\n<meta property=\"og:locale\" content=\"hr_HR\" \/>\n<meta property=\"og:type\" content=\"article\" \/>\n<meta property=\"og:title\" content=\"Freyr\" \/>\n<meta property=\"og:description\" content=\"Freyr je germansko-nordijski bog plodnosti, mira i sunca. Brat Freyje, sin Njorda, gospodar Alfheima. Mit i kult.\" \/>\n<meta property=\"og:url\" content=\"https:\/\/iwell-guard.com\/hr\/freyr\/\" \/>\n<meta property=\"og:site_name\" content=\"iWell Guard\" \/>\n<meta property=\"article:modified_time\" content=\"2026-09-04T05:32:29+00:00\" \/>\n<meta property=\"og:image\" content=\"https:\/\/iwell-guard.com\/wp-content\/uploads\/2026\/05\/goetter_germanisch_freyr.webp\" \/>\n\t<meta property=\"og:image:width\" content=\"1024\" \/>\n\t<meta property=\"og:image:height\" content=\"1536\" \/>\n\t<meta property=\"og:image:type\" content=\"image\/webp\" \/>\n<meta name=\"twitter:card\" content=\"summary_large_image\" \/>\n<script type=\"application\/ld+json\" class=\"yoast-schema-graph\">{\"@context\":\"https:\\\/\\\/schema.org\",\"@graph\":[{\"@type\":\"WebPage\",\"@id\":\"https:\\\/\\\/iwell-guard.com\\\/hr\\\/freyr\\\/\",\"url\":\"https:\\\/\\\/iwell-guard.com\\\/hr\\\/freyr\\\/\",\"name\":\"Freyr \u2013 vanski bog plodnosti | iWell Guard\",\"isPartOf\":{\"@id\":\"https:\\\/\\\/iwell-guard.com\\\/hr\\\/#website\"},\"primaryImageOfPage\":{\"@id\":\"https:\\\/\\\/iwell-guard.com\\\/hr\\\/freyr\\\/#primaryimage\"},\"image\":{\"@id\":\"https:\\\/\\\/iwell-guard.com\\\/hr\\\/freyr\\\/#primaryimage\"},\"thumbnailUrl\":\"https:\\\/\\\/iwell-guard.com\\\/wp-content\\\/uploads\\\/2026\\\/05\\\/goetter_germanisch_freyr.webp\",\"datePublished\":\"2026-09-04T05:13:35+00:00\",\"dateModified\":\"2026-09-04T05:32:29+00:00\",\"description\":\"Freyr je germansko-nordijski bog plodnosti, mira i sunca. Brat Freyje, sin Njorda, gospodar Alfheima. Mit i kult.\",\"breadcrumb\":{\"@id\":\"https:\\\/\\\/iwell-guard.com\\\/hr\\\/freyr\\\/#breadcrumb\"},\"inLanguage\":\"hr\",\"potentialAction\":[{\"@type\":\"ReadAction\",\"target\":[\"https:\\\/\\\/iwell-guard.com\\\/hr\\\/freyr\\\/\"]}]},{\"@type\":\"ImageObject\",\"inLanguage\":\"hr\",\"@id\":\"https:\\\/\\\/iwell-guard.com\\\/hr\\\/freyr\\\/#primaryimage\",\"url\":\"https:\\\/\\\/iwell-guard.com\\\/wp-content\\\/uploads\\\/2026\\\/05\\\/goetter_germanisch_freyr.webp\",\"contentUrl\":\"https:\\\/\\\/iwell-guard.com\\\/wp-content\\\/uploads\\\/2026\\\/05\\\/goetter_germanisch_freyr.webp\",\"width\":1024,\"height\":1536,\"caption\":\"Bogovi iz germanske tradicije.\"},{\"@type\":\"BreadcrumbList\",\"@id\":\"https:\\\/\\\/iwell-guard.com\\\/hr\\\/freyr\\\/#breadcrumb\",\"itemListElement\":[{\"@type\":\"ListItem\",\"position\":1,\"name\":\"Start\",\"item\":\"https:\\\/\\\/iwell-guard.com\\\/hr\\\/?page_id=149317\"},{\"@type\":\"ListItem\",\"position\":2,\"name\":\"Freyr\"}]},{\"@type\":\"WebSite\",\"@id\":\"https:\\\/\\\/iwell-guard.com\\\/hr\\\/#website\",\"url\":\"https:\\\/\\\/iwell-guard.com\\\/hr\\\/\",\"name\":\"iWell Guard\",\"description\":\"Schutz vor dunklen Einfl\u00fcssen\",\"publisher\":{\"@id\":\"https:\\\/\\\/iwell-guard.com\\\/hr\\\/#organization\"},\"potentialAction\":[{\"@type\":\"SearchAction\",\"target\":{\"@type\":\"EntryPoint\",\"urlTemplate\":\"https:\\\/\\\/iwell-guard.com\\\/hr\\\/?s={search_term_string}\"},\"query-input\":{\"@type\":\"PropertyValueSpecification\",\"valueRequired\":true,\"valueName\":\"search_term_string\"}}],\"inLanguage\":\"hr\"},{\"@type\":\"Organization\",\"@id\":\"https:\\\/\\\/iwell-guard.com\\\/hr\\\/#organization\",\"name\":\"Ittermann electronic GmbH\",\"url\":\"https:\\\/\\\/iwell-guard.com\\\/hr\\\/\",\"logo\":{\"@type\":\"ImageObject\",\"inLanguage\":\"hr\",\"@id\":\"https:\\\/\\\/iwell-guard.com\\\/hr\\\/#\\\/schema\\\/logo\\\/image\\\/\",\"url\":\"https:\\\/\\\/iwell-guard.com\\\/wp-content\\\/uploads\\\/2026\\\/05\\\/Ittermann-Logo-1182x237-1.png\",\"contentUrl\":\"https:\\\/\\\/iwell-guard.com\\\/wp-content\\\/uploads\\\/2026\\\/05\\\/Ittermann-Logo-1182x237-1.png\",\"width\":1182,\"height\":237,\"caption\":\"Ittermann electronic GmbH\"},\"image\":{\"@id\":\"https:\\\/\\\/iwell-guard.com\\\/hr\\\/#\\\/schema\\\/logo\\\/image\\\/\"},\"sameAs\":[\"https:\\\/\\\/pantip.com\\\/profile\\\/9367242\",\"https:\\\/\\\/micro.blog\\\/iwellguard\",\"https:\\\/\\\/www.diggerslist.com\\\/iwellguard\\\/about\",\"https:\\\/\\\/skitterphoto.com\\\/photographers\\\/2870314\\\/iwell-guard\",\"https:\\\/\\\/iwellguard.wordpress.com\\\/2026\\\/06\\\/06\\\/iwell-guard\\\/\",\"https:\\\/\\\/hub.docker.com\\\/u\\\/iwellguard\",\"https:\\\/\\\/www.pinterest.com\\\/iwellguard\\\/\",\"https:\\\/\\\/bit.ly\\\/m\\\/iwellguard\",\"https:\\\/\\\/entre-vos-mains.alsace.eu\\\/profiles\\\/iwellguard\\\/activity\",\"https:\\\/\\\/gravatar.com\\\/reallybeded8fd34\",\"https:\\\/\\\/naijamatta.com\\\/iwellguard\",\"https:\\\/\\\/www.goodreads.com\\\/iwellguard\",\"https:\\\/\\\/profile.hatena.ne.jp\\\/iwellguard\\\/\",\"https:\\\/\\\/experiment.com\\\/users\\\/iwellguard\",\"https:\\\/\\\/wakelet.com\\\/@iWellGuard82270\",\"https:\\\/\\\/www.chordie.com\\\/forum\\\/profile.php?id=2555664\",\"https:\\\/\\\/www.instapaper.com\\\/p\\\/17757966\",\"https:\\\/\\\/www.mapleprimes.com\\\/users\\\/iwellguard\",\"https:\\\/\\\/businesslistingplus.com\\\/profile\\\/iwell-guard\\\/\",\"https:\\\/\\\/telegra.ph\\\/iWell-Guard-06-06\",\"https:\\\/\\\/pbase.com\\\/iwellguard\\\/iwellguard\",\"https:\\\/\\\/b.hatena.ne.jp\\\/iwellguard\\\/20260607#bookmark-4788405196491818882\",\"https:\\\/\\\/fliphtml5.com\\\/home\\\/iwellguard\",\"https:\\\/\\\/anyflip.com\\\/homepage\\\/cmiwl#About\",\"https:\\\/\\\/transfur.com\\\/Users\\\/iwellguard\",\"http:\\\/\\\/delphi.larsbo.org\\\/user\\\/iwellguard\",\"https:\\\/\\\/jobs.lajobsportal.org\\\/profiles\\\/8380803-iwell-guard\",\"https:\\\/\\\/md.chaosdorf.de\\\/s\\\/jfbe5SBdJD\",\"https:\\\/\\\/www.lingvolive.com\\\/en-us\\\/profile\\\/9ecaeaca-ce11-4e51-9e71-01d55e2bff36\\\/translations\",\"https:\\\/\\\/www.fitday.com\\\/fitness\\\/forums\\\/members\\\/iwellguard.html\",\"https:\\\/\\\/www.mymeetbook.com\\\/iwellguard\",\"https:\\\/\\\/pxhere.com\\\/en\\\/photographer-me\\\/5040798\",\"https:\\\/\\\/disqus.com\\\/by\\\/iwellguard\\\/about\\\/\",\"https:\\\/\\\/pastelink.net\\\/hjwciqwq\",\"https:\\\/\\\/pubhtml5.com\\\/homepage\\\/scjhn\\\/\",\"https:\\\/\\\/www.bitchute.com\\\/channel\\\/2O2eOKzNqujT\",\"https:\\\/\\\/audiomack.com\\\/iwellguard\"]}]}<\/script>\n<!-- \/ Yoast SEO Premium plugin. -->","yoast_head_json":{"title":"Freyr \u2013 vanski bog plodnosti | iWell Guard","description":"Freyr je germansko-nordijski bog plodnosti, mira i sunca. Brat Freyje, sin Njorda, gospodar Alfheima. Mit i kult.","robots":{"index":"index","follow":"follow","max-snippet":"max-snippet:-1","max-image-preview":"max-image-preview:large","max-video-preview":"max-video-preview:-1"},"canonical":"https:\/\/iwell-guard.com\/hr\/freyr\/","og_locale":"hr_HR","og_type":"article","og_title":"Freyr","og_description":"Freyr je germansko-nordijski bog plodnosti, mira i sunca. Brat Freyje, sin Njorda, gospodar Alfheima. Mit i kult.","og_url":"https:\/\/iwell-guard.com\/hr\/freyr\/","og_site_name":"iWell Guard","article_modified_time":"2026-09-04T05:32:29+00:00","og_image":[{"width":1024,"height":1536,"url":"https:\/\/iwell-guard.com\/wp-content\/uploads\/2026\/05\/goetter_germanisch_freyr.webp","type":"image\/webp"}],"twitter_card":"summary_large_image","schema":{"@context":"https:\/\/schema.org","@graph":[{"@type":"WebPage","@id":"https:\/\/iwell-guard.com\/hr\/freyr\/","url":"https:\/\/iwell-guard.com\/hr\/freyr\/","name":"Freyr \u2013 vanski bog plodnosti | iWell Guard","isPartOf":{"@id":"https:\/\/iwell-guard.com\/hr\/#website"},"primaryImageOfPage":{"@id":"https:\/\/iwell-guard.com\/hr\/freyr\/#primaryimage"},"image":{"@id":"https:\/\/iwell-guard.com\/hr\/freyr\/#primaryimage"},"thumbnailUrl":"https:\/\/iwell-guard.com\/wp-content\/uploads\/2026\/05\/goetter_germanisch_freyr.webp","datePublished":"2026-09-04T05:13:35+00:00","dateModified":"2026-09-04T05:32:29+00:00","description":"Freyr je germansko-nordijski bog plodnosti, mira i sunca. Brat Freyje, sin Njorda, gospodar Alfheima. Mit i kult.","breadcrumb":{"@id":"https:\/\/iwell-guard.com\/hr\/freyr\/#breadcrumb"},"inLanguage":"hr","potentialAction":[{"@type":"ReadAction","target":["https:\/\/iwell-guard.com\/hr\/freyr\/"]}]},{"@type":"ImageObject","inLanguage":"hr","@id":"https:\/\/iwell-guard.com\/hr\/freyr\/#primaryimage","url":"https:\/\/iwell-guard.com\/wp-content\/uploads\/2026\/05\/goetter_germanisch_freyr.webp","contentUrl":"https:\/\/iwell-guard.com\/wp-content\/uploads\/2026\/05\/goetter_germanisch_freyr.webp","width":1024,"height":1536,"caption":"Bogovi iz germanske tradicije."},{"@type":"BreadcrumbList","@id":"https:\/\/iwell-guard.com\/hr\/freyr\/#breadcrumb","itemListElement":[{"@type":"ListItem","position":1,"name":"Start","item":"https:\/\/iwell-guard.com\/hr\/?page_id=149317"},{"@type":"ListItem","position":2,"name":"Freyr"}]},{"@type":"WebSite","@id":"https:\/\/iwell-guard.com\/hr\/#website","url":"https:\/\/iwell-guard.com\/hr\/","name":"iWell Guard","description":"Schutz vor dunklen Einfl\u00fcssen","publisher":{"@id":"https:\/\/iwell-guard.com\/hr\/#organization"},"potentialAction":[{"@type":"SearchAction","target":{"@type":"EntryPoint","urlTemplate":"https:\/\/iwell-guard.com\/hr\/?s={search_term_string}"},"query-input":{"@type":"PropertyValueSpecification","valueRequired":true,"valueName":"search_term_string"}}],"inLanguage":"hr"},{"@type":"Organization","@id":"https:\/\/iwell-guard.com\/hr\/#organization","name":"Ittermann electronic GmbH","url":"https:\/\/iwell-guard.com\/hr\/","logo":{"@type":"ImageObject","inLanguage":"hr","@id":"https:\/\/iwell-guard.com\/hr\/#\/schema\/logo\/image\/","url":"https:\/\/iwell-guard.com\/wp-content\/uploads\/2026\/05\/Ittermann-Logo-1182x237-1.png","contentUrl":"https:\/\/iwell-guard.com\/wp-content\/uploads\/2026\/05\/Ittermann-Logo-1182x237-1.png","width":1182,"height":237,"caption":"Ittermann electronic GmbH"},"image":{"@id":"https:\/\/iwell-guard.com\/hr\/#\/schema\/logo\/image\/"},"sameAs":["https:\/\/pantip.com\/profile\/9367242","https:\/\/micro.blog\/iwellguard","https:\/\/www.diggerslist.com\/iwellguard\/about","https:\/\/skitterphoto.com\/photographers\/2870314\/iwell-guard","https:\/\/iwellguard.wordpress.com\/2026\/06\/06\/iwell-guard\/","https:\/\/hub.docker.com\/u\/iwellguard","https:\/\/www.pinterest.com\/iwellguard\/","https:\/\/bit.ly\/m\/iwellguard","https:\/\/entre-vos-mains.alsace.eu\/profiles\/iwellguard\/activity","https:\/\/gravatar.com\/reallybeded8fd34","https:\/\/naijamatta.com\/iwellguard","https:\/\/www.goodreads.com\/iwellguard","https:\/\/profile.hatena.ne.jp\/iwellguard\/","https:\/\/experiment.com\/users\/iwellguard","https:\/\/wakelet.com\/@iWellGuard82270","https:\/\/www.chordie.com\/forum\/profile.php?id=2555664","https:\/\/www.instapaper.com\/p\/17757966","https:\/\/www.mapleprimes.com\/users\/iwellguard","https:\/\/businesslistingplus.com\/profile\/iwell-guard\/","https:\/\/telegra.ph\/iWell-Guard-06-06","https:\/\/pbase.com\/iwellguard\/iwellguard","https:\/\/b.hatena.ne.jp\/iwellguard\/20260607#bookmark-4788405196491818882","https:\/\/fliphtml5.com\/home\/iwellguard","https:\/\/anyflip.com\/homepage\/cmiwl#About","https:\/\/transfur.com\/Users\/iwellguard","http:\/\/delphi.larsbo.org\/user\/iwellguard","https:\/\/jobs.lajobsportal.org\/profiles\/8380803-iwell-guard","https:\/\/md.chaosdorf.de\/s\/jfbe5SBdJD","https:\/\/www.lingvolive.com\/en-us\/profile\/9ecaeaca-ce11-4e51-9e71-01d55e2bff36\/translations","https:\/\/www.fitday.com\/fitness\/forums\/members\/iwellguard.html","https:\/\/www.mymeetbook.com\/iwellguard","https:\/\/pxhere.com\/en\/photographer-me\/5040798","https:\/\/disqus.com\/by\/iwellguard\/about\/","https:\/\/pastelink.net\/hjwciqwq","https:\/\/pubhtml5.com\/homepage\/scjhn\/","https:\/\/www.bitchute.com\/channel\/2O2eOKzNqujT","https:\/\/audiomack.com\/iwellguard"]}]}},"_links":{"self":[{"href":"https:\/\/iwell-guard.com\/hr\/wp-json\/wp\/v2\/pages\/149799","targetHints":{"allow":["GET"]}}],"collection":[{"href":"https:\/\/iwell-guard.com\/hr\/wp-json\/wp\/v2\/pages"}],"about":[{"href":"https:\/\/iwell-guard.com\/hr\/wp-json\/wp\/v2\/types\/page"}],"author":[{"embeddable":true,"href":"https:\/\/iwell-guard.com\/hr\/wp-json\/wp\/v2\/users\/3"}],"replies":[{"embeddable":true,"href":"https:\/\/iwell-guard.com\/hr\/wp-json\/wp\/v2\/comments?post=149799"}],"version-history":[{"count":0,"href":"https:\/\/iwell-guard.com\/hr\/wp-json\/wp\/v2\/pages\/149799\/revisions"}],"wp:featuredmedia":[{"embeddable":true,"href":"https:\/\/iwell-guard.com\/hr\/wp-json\/wp\/v2\/media\/3219"}],"wp:attachment":[{"href":"https:\/\/iwell-guard.com\/hr\/wp-json\/wp\/v2\/media?parent=149799"}],"wp:term":[{"taxonomy":"category","embeddable":true,"href":"https:\/\/iwell-guard.com\/hr\/wp-json\/wp\/v2\/categories?post=149799"}],"curies":[{"name":"wp","href":"https:\/\/api.w.org\/{rel}","templated":true}]}}