{"id":149796,"date":"2026-09-04T05:13:33","date_gmt":"2026-09-04T05:13:33","guid":{"rendered":"https:\/\/iwell-guard.com\/?page_id=149796"},"modified":"2026-09-04T05:32:25","modified_gmt":"2026-09-04T05:32:25","slug":"baldur","status":"publish","type":"page","link":"https:\/\/iwell-guard.com\/hr\/baldur\/","title":{"rendered":"Baldur"},"content":{"rendered":"\t\t<div data-elementor-type=\"wp-page\" data-elementor-id=\"149796\" class=\"elementor elementor-149796 elementor-3001 elementor-bc-flex-widget\" data-elementor-post-type=\"page\">\n\t\t\t\t<div class=\"elementor-element elementor-element-aceda2a e-flex e-con-boxed e-con e-parent\" data-id=\"aceda2a\" data-element_type=\"container\" data-e-type=\"container\" data-settings=\"{&quot;background_background&quot;:&quot;classic&quot;}\">\n\t\t\t\t\t<div class=\"e-con-inner\">\n\t\t<div class=\"elementor-element elementor-element-d9a5e77 e-flex e-con-boxed e-con e-child\" data-id=\"d9a5e77\" data-element_type=\"container\" data-e-type=\"container\">\n\t\t\t\t\t<div class=\"e-con-inner\">\n\t\t<div class=\"elementor-element elementor-element-6f33b93 e-con-full e-flex e-con e-child\" data-id=\"6f33b93\" data-element_type=\"container\" data-e-type=\"container\">\n\t\t\t\t<div class=\"elementor-element elementor-element-9d2b74a elementor-widget elementor-widget-heading\" data-id=\"9d2b74a\" data-element_type=\"widget\" data-e-type=\"widget\" data-widget_type=\"heading.default\">\n\t\t\t\t\t<h1 class=\"elementor-heading-title elementor-size-default\">Baldur, bog svjetlosti i sin Odina<\/h1>\t\t\t\t<\/div>\n\t\t\t\t<div class=\"elementor-element elementor-element-1120e02 elementor-widget elementor-widget-text-editor\" data-id=\"1120e02\" data-element_type=\"widget\" data-e-type=\"widget\" data-widget_type=\"text-editor.default\">\n\t\t\t\t\t\t\t\t\t<p>Baldur, u staronordijskom obliku Baldr, svijetli je bog germanske <span class=\"iwg-fachbegriff\" data-tooltip=\"Ukupnost predanih pripovijesti o bogovima jedne kulture.\" tabindex=\"0\">mitologije<\/span>, sin Odina i Frigg.<\/p><p>Njegova smrt uzrokovana gran\u010dicom imele, koju je uz Lokijevu prijevaru bacila ruka slijepog Hodra, ubraja se me\u0111u najdirljivije pri\u010de nordijske <span class=\"iwg-fachbegriff\" data-tooltip=\"Preno\u0161enje znanja i pripovijesti kroz generacije.\" tabindex=\"0\">predaje<\/span>. Baldur se smatra <span class=\"iwg-fachbegriff\" data-tooltip=\"Slikovita predod\u017eba koja predstavlja apstraktnu misao.\" tabindex=\"0\">simbolom<\/span> ljepote, \u010disto\u0107e i nevine smrti. U zbivanjima Ragnar\u00f6ka njegova smrt ozna\u010dava po\u010detak kraja svijeta, a njegov povratak nakon svjetskog po\u017eara donosi nadu u novi, izlije\u010deni svijet. Kao bog svjetlosti, on utjelovljuje \u010disto i blistavo u germanskom svijetu bogova.<\/p>\t\t\t\t\t\t\t\t<\/div>\n\t\t\t\t<\/div>\n\t\t<div class=\"elementor-element elementor-element-4611dfe e-con-full e-flex e-con e-parent\" data-id=\"4611dfe\" data-element_type=\"container\" data-e-type=\"container\">\n\t\t\t\t<div class=\"elementor-element elementor-element-cdc708a elementor-widget elementor-widget-html\" data-id=\"cdc708a\" data-element_type=\"widget\" data-e-type=\"widget\" data-widget_type=\"html.default\">\n\t\t\t\t\t<div class=\"iwg-pill-row\"><span class=\"iwg-klasse-badge\" tabindex=\"0\" data-tooltip=\"Bog \/ bo\u017eica: Personificirana najvi\u0161a mo\u0107 u panteonu jedne kulture, s jasnim nadle\u017enostima \u2014 sile prirode, sudbina, rat, plodnost. Po\u0161tovan kroz kultove, \u017ertve i hramske institucije.\">Bog<\/span><a href=\"https:\/\/iwell-guard.com\/hr\/germanska-tradicija\/\" class=\"iwg-kultur-badge\" tabindex=\"0\" data-tooltip=\"Predkr\u0161\u0107anski svijet bogova i duhova sjeverne i srednje Europe.\">Germanski<\/a><\/div>\t\t\t\t<\/div>\n\t\t\t\t<\/div>\n\t\t<div class=\"elementor-element elementor-element-cca5d83 e-con-full e-flex e-con e-child\" data-id=\"cca5d83\" data-element_type=\"container\" data-e-type=\"container\">\n\t\t\t\t<div class=\"elementor-element elementor-element-5cd35bd elementor-toc--minimized-on-tablet elementor-widget elementor-widget-table-of-contents\" data-id=\"5cd35bd\" data-element_type=\"widget\" data-e-type=\"widget\" data-settings=\"{&quot;exclude_headings_by_selector&quot;:[],&quot;no_headings_message&quot;:&quot;Na ovoj stranici nisu prona\\u0111eni naslovi.&quot;,&quot;headings_by_tags&quot;:[&quot;h2&quot;,&quot;h3&quot;],&quot;marker_view&quot;:&quot;bullets&quot;,&quot;icon&quot;:{&quot;value&quot;:&quot;fas fa-circle&quot;,&quot;library&quot;:&quot;fa-solid&quot;,&quot;rendered_tag&quot;:&quot;&lt;svg class=\\&quot;e-font-icon-svg e-fas-circle\\&quot; viewBox=\\&quot;0 0 512 512\\&quot; xmlns=\\&quot;http:\\\/\\\/www.w3.org\\\/2000\\\/svg\\&quot;&gt;&lt;path d=\\&quot;M256 8C119 8 8 119 8 256s111 248 248 248 248-111 248-248S393 8 256 8z\\&quot;&gt;&lt;\\\/path&gt;&lt;\\\/svg&gt;&quot;},&quot;minimize_box&quot;:&quot;yes&quot;,&quot;minimized_on&quot;:&quot;tablet&quot;,&quot;hierarchical_view&quot;:&quot;yes&quot;,&quot;min_height&quot;:{&quot;unit&quot;:&quot;px&quot;,&quot;size&quot;:&quot;&quot;,&quot;sizes&quot;:[]},&quot;min_height_tablet&quot;:{&quot;unit&quot;:&quot;px&quot;,&quot;size&quot;:&quot;&quot;,&quot;sizes&quot;:[]},&quot;min_height_mobile&quot;:{&quot;unit&quot;:&quot;px&quot;,&quot;size&quot;:&quot;&quot;,&quot;sizes&quot;:[]}}\" data-widget_type=\"table-of-contents.default\">\n\t\t\t\t\t\t\t\t\t<div class=\"elementor-toc__header\">\n\t\t\t\t\t\t<h2 class=\"elementor-toc__header-title\">\n\t\t\t\tSadr\u017eaj\t\t\t<\/h2>\n\t\t\t\t\t\t\t\t\t\t<div class=\"elementor-toc__toggle-button elementor-toc__toggle-button--expand\" role=\"button\" tabindex=\"0\" aria-controls=\"elementor-toc__5cd35bd\" aria-expanded=\"true\" aria-label=\"Open table of contents\"><svg aria-hidden=\"true\" class=\"e-font-icon-svg e-fas-chevron-down\" viewBox=\"0 0 448 512\" xmlns=\"http:\/\/www.w3.org\/2000\/svg\"><path d=\"M207.029 381.476L12.686 187.132c-9.373-9.373-9.373-24.569 0-33.941l22.667-22.667c9.357-9.357 24.522-9.375 33.901-.04L224 284.505l154.745-154.021c9.379-9.335 24.544-9.317 33.901.04l22.667 22.667c9.373 9.373 9.373 24.569 0 33.941L240.971 381.476c-9.373 9.372-24.569 9.372-33.942 0z\"><\/path><\/svg><\/div>\n\t\t\t\t<div class=\"elementor-toc__toggle-button elementor-toc__toggle-button--collapse\" role=\"button\" tabindex=\"0\" aria-controls=\"elementor-toc__5cd35bd\" aria-expanded=\"true\" aria-label=\"Close table of contents\"><svg aria-hidden=\"true\" class=\"e-font-icon-svg e-fas-chevron-up\" viewBox=\"0 0 448 512\" xmlns=\"http:\/\/www.w3.org\/2000\/svg\"><path d=\"M240.971 130.524l194.343 194.343c9.373 9.373 9.373 24.569 0 33.941l-22.667 22.667c-9.357 9.357-24.522 9.375-33.901.04L224 227.495 69.255 381.516c-9.379 9.335-24.544 9.317-33.901-.04l-22.667-22.667c-9.373-9.373-9.373-24.569 0-33.941L207.03 130.525c9.372-9.373 24.568-9.373 33.941-.001z\"><\/path><\/svg><\/div>\n\t\t\t\t\t<\/div>\n\t\t\t\t<div id=\"elementor-toc__5cd35bd\" class=\"elementor-toc__body\">\n\t\t\t<div class=\"elementor-toc__spinner-container\">\n\t\t\t\t<svg class=\"elementor-toc__spinner eicon-animation-spin e-font-icon-svg e-eicon-loading\" aria-hidden=\"true\" viewBox=\"0 0 1000 1000\" xmlns=\"http:\/\/www.w3.org\/2000\/svg\"><path d=\"M500 975V858C696 858 858 696 858 500S696 142 500 142 142 304 142 500H25C25 237 238 25 500 25S975 237 975 500 763 975 500 975Z\"><\/path><\/svg>\t\t\t<\/div>\n\t\t<\/div>\n\t\t\t\t\t\t<\/div>\n\t\t\t\t<\/div>\n\t\t\t\t\t<\/div>\n\t\t\t\t<\/div>\n\t\t<div class=\"elementor-element elementor-element-8013b31 e-con-full e-flex e-con e-child\" data-id=\"8013b31\" data-element_type=\"container\" data-e-type=\"container\">\n\t\t\t\t<div class=\"elementor-element elementor-element-09c30a0 iwg-hero-image elementor-widget elementor-widget-image\" data-id=\"09c30a0\" data-element_type=\"widget\" data-e-type=\"widget\" data-widget_type=\"image.default\">\n\t\t\t\t\t\t\t\t\t\t\t\t\t\t\t<img fetchpriority=\"high\" decoding=\"async\" width=\"683\" height=\"1024\" src=\"https:\/\/iwell-guard.com\/wp-content\/uploads\/2026\/05\/goetter_germanisch_baldur-683x1024.webp\" class=\"attachment-large size-large wp-image-151472\" alt=\"Baldur - bog iz germanske tradicije, povijesno-ilustrativno\" srcset=\"https:\/\/iwell-guard.com\/wp-content\/uploads\/2026\/05\/goetter_germanisch_baldur-683x1024.webp 683w, https:\/\/iwell-guard.com\/wp-content\/uploads\/2026\/05\/goetter_germanisch_baldur-200x300.webp 200w, https:\/\/iwell-guard.com\/wp-content\/uploads\/2026\/05\/goetter_germanisch_baldur-768x1152.webp 768w, https:\/\/iwell-guard.com\/wp-content\/uploads\/2026\/05\/goetter_germanisch_baldur.webp 1024w\" sizes=\"(max-width: 683px) 100vw, 683px\" \/>\t\t\t\t\t\t\t\t\t\t\t\t\t\t\t<\/div>\n\t\t\t\t<\/div>\n\t\t\t\t\t<\/div>\n\t\t\t\t<\/div>\n\t\t<div class=\"elementor-element elementor-element-f0c459d e-con-boxed e-flex e-con e-parent\" data-id=\"f0c459d\" data-element_type=\"container\" data-e-type=\"container\">\n\t\t\t\t\t<div class=\"e-con-inner\">\n\t\t<div class=\"elementor-element elementor-element-72db403 e-con-full e-flex e-con e-child\" data-id=\"72db403\" data-element_type=\"container\" data-e-type=\"container\">\n\t\t\t\t<div class=\"elementor-element elementor-element-99f2d96 elementor-widget elementor-widget-heading\" data-id=\"99f2d96\" data-element_type=\"widget\" data-e-type=\"widget\" data-widget_type=\"heading.default\">\n\t\t\t\t\t<h2 class=\"elementor-heading-title elementor-size-default\">Mit i podrijetlo<\/h2>\t\t\t\t<\/div>\n\t\t\t\t<div class=\"elementor-element elementor-element-842ff73 elementor-widget elementor-widget-text-editor\" data-id=\"842ff73\" data-element_type=\"widget\" data-e-type=\"widget\" data-widget_type=\"text-editor.default\">\n\t\t\t\t\t\t\t\t\t<p>Snorri Sturluson u \u00abProznoj Eddi\u00bb (Gylfaginning 22) naziva Baldura \u00abnajmudrijim od Asa, najljep\u0161eg lica i najmilostivijim\u00bb. Ka\u017ee se da je tako blijed da je po njemu nazvana najsvjetlija biljka: kamilica (staronordijski baldursbra, \u00abBaldurova trepavica\u00bb).<\/p><p>Njegovo prebivali\u0161te je Breidablik, dvorana u kojoj se ne trpi ni\u0161ta ne\u010disto. Baldurova \u017eena je Nanna, a sin mu je Forseti, bog suda.<\/p>\n<p><span data-nosnippet>Istra\u017eivanja u Balduru vide sredi\u0161nju figuru edske <span class=\"iwg-fachbegriff\" data-tooltip=\"Ukupnost predanih pripovijesti o bogovima jedne kulture.\" tabindex=\"0\">mitologije<\/span>, \u010diji to\u010dan religijski pozadinski smisao ostaje predmet rasprav\u0435. Sophus Bugge (1881-89) tuma\u010dio ga je kao odraz kr\u0161\u0107anske figure Krista, tezu koja se danas uglavnom odbacuje.<\/span><\/p><p><span data-nosnippet>Karl Helm (1946) protuma\u010dio ga je kao boga oluje, Georges Dum\u00e9zil (1953) kao umiru\u0107eg i vra\u0107aju\u0107eg se vladara indoeuropskog tipa, poput protute\u017ee Mitri. Jan de Vries i Rudolf Simek zastupaju tuma\u010denje boga svjetlosti i \u017ertvene figure, \u010dija smrt ozna\u010dava kozmolo\u0161ki prevrat.<\/span><\/p>\n<p>Saxo Grammaticus u djelu \u00abGesta Danorum\u00bb (knjiga 3, oko 1200.) donosi znatno druga\u010diju verziju. Baldur je ovdje polubog, sin Odina, koji se s Hodrom (Hotherusom) bori za ruku princeze Nanne.<\/p><p>Baldur na kraju umire od magi\u010dnog ma\u010da koji je pripadao \u0161umskoj \u017eeni. Ta eum\u0435rizirana verzija prikazuje Baldura kao smrtnog junaka i smrt premje\u0161ta u vite\u017eki sukob. Istra\u017eivanja u obje verzije, edskoj i saksonskoj, vide odraze starije, predknji\u017eevne tradicije.<\/p>\n\n<p>Saxo Grammaticusova eumerizirana verzija u \u00abGesta Danorum\u00bb (knjiga 3) zaslu\u017euje posebnu pa\u017enju. Kod Saxa je Baldur dansko-norve\u0161ki polubog, sin Odina, koji se sa \u0161vedskim knezom Hotherusom (Hodrom) bori za ruku princeze Nanne.<\/p><p>Borba se odvija kroz nekoliko bitaka, a Baldur naposljetku pogiba od magi\u010dnog ma\u010da koji je Hotherus dobio od \u0161umske \u017eene. Ta verzija temeljno se razlikuje od edske: nema motiva imele, nema nevine <span class=\"iwg-fachbegriff\" data-tooltip=\"Dar bo\u017eanstvu kojim se izra\u017eava zahvala, molba ili po\u0161tovanje.\" tabindex=\"0\">\u017ertve<\/span>, nema slijepog brata, nego konvencionalnu juna\u010dku borbu za \u017eenu.<\/p>\n<p><span data-nosnippet>Istra\u017eivanja od Sophusa Bugge\u043e\u0432ih \u00abStudija\u00bb (1881-89) raspravljaju o odnosu obiju verzija. Neki istra\u017eiva\u010di (Bugge, Olrik) u Saxovoj verziji vidjeli su kasno krivotvorenje koje je pogansko svelo na herojsko.<\/span><\/p><p>Drugi (Dum\u00e9zil, von See) \u010ditali su je kao alternativnu tradiciju koja \u010duva starijeg, manje sakraliziranog Baldurovog <span class=\"iwg-fachbegriff\" data-tooltip=\"Predana pripovijest o bogovima, podrijetlu i poretku svijeta.\" tabindex=\"0\">mit<\/span>. Suvremena istra\u017eivanja te\u017ee vi\u0161eslojnom tuma\u010denju: obje verzije odra\u017eavaju stvarne, ali razli\u010dite mitske tradicije, \u010diji odnos nije bio linearan, nego komplementaran.<\/p>\t\t\t\t\t\t\t\t<\/div>\n\t\t\t\t<\/div>\n\t\t<div class=\"elementor-element elementor-element-55da0bd e-con-full e-flex e-con e-child\" data-id=\"55da0bd\" data-element_type=\"container\" data-e-type=\"container\">\n\t\t\t\t<div class=\"elementor-element elementor-element-93689d4 elementor-widget elementor-widget-heading\" data-id=\"93689d4\" data-element_type=\"widget\" data-e-type=\"widget\" data-widget_type=\"heading.default\">\n\t\t\t\t\t<h2 class=\"elementor-heading-title elementor-size-default\">Simboli i atributi<\/h2>\t\t\t\t<\/div>\n\t\t\t\t<div class=\"elementor-element elementor-element-8c64625 elementor-widget elementor-widget-text-editor\" data-id=\"8c64625\" data-element_type=\"widget\" data-e-type=\"widget\" data-widget_type=\"text-editor.default\">\n\t\t\t\t\t\t\t\t\t<p>Najva\u017enije obilje\u017eje Baldura je njegov blistavi izgled. Snorri ga opisuje kao tako svijetlog da iz njega izlaze zrake. Biljka nazvana po njemu, baldursbra (Matricaria, kamilica), nosi tu svijetlu simboliku dalje u narodno vjerovanje. U Danskoj i \u0160vedskoj biljka se do 19. stolje\u0107a koristila kao za\u0161tita od zlih duhova.<\/p>\n<p>Njegova dvorana Breidablik (\u00ab\u0161iroko blistava\u00bb) spominje se u \u00abGrimnismalu\u00bb 12: \u00abBreidablik se zove sedma (dvorana), gdje je Baldur izabrao svoje prebivali\u0161te, u zemlji koju znam kao najmanje ne\u010distu\u00bb.<\/p><p>Njegov brod Hringhorni smatra se najve\u0107im od svih brodova; na njemu je Baldur spaljen nakon smrti. Njegov konj spominje se u \u00abGrimnismalu\u00bb 30, ali njegovo ime nije sa\u010duvano.<\/p>\n<p>Gran\u010dica imele, kojom je ubijen, njegov je paradoksalan protuobilje\u017eje. Imela (Viscum album) smatrala se u <span class=\"iwg-fachbegriff\" data-tooltip=\"Razdoblje gr\u010dke i rimske kulture, otprilike od 800. pr. Kr. do 600. po. Kr.\" tabindex=\"0\">antici<\/span> <span class=\"iwg-fachbegriff\" data-tooltip=\"Pripadaju\u0107e bo\u017eanskom i time izuzeto iz svakodnevne upotrebe.\" tabindex=\"0\">svetom<\/span> biljkom, a u Plinijevoj \u00abNaturalis Historia\u00bb (knjiga 16, 95) opisana je kao biljka koju su rezali keltski druidi.<\/p><p><span data-nosnippet>U germanskoj narodnoj predaji gran\u010dica imele nastavlja \u017eivjeti kao dvosmislen <span class=\"iwg-fachbegriff\" data-tooltip=\"Znak koji zastupni\u010dki stoji za predod\u017ebu ili zna\u010denje.\" tabindex=\"0\">simbol<\/span>: istovremeno za\u0161titni i smrtonosan. Tu dvozna\u010dnost James George Frazer u djelu \u00abThe Golden Bough\u00bb (1890.) u\u010dinio je sredi\u0161njim <span class=\"iwg-fachbegriff\" data-tooltip=\"Znak koji zastupni\u010dki stoji za predod\u017ebu ili zna\u010denje.\" tabindex=\"0\">simbolom<\/span> svoje komparativne <span class=\"iwg-fachbegriff\" data-tooltip=\"Ukupnost predanih pripovijesti o bogovima jedne kulture.\" tabindex=\"0\">mitologije<\/span>.<\/span><\/p>\t\t\t\t\t\t\t\t<\/div>\n\t\t\t\t<\/div>\n\t\t<div class=\"elementor-element elementor-element-80cb920 e-con-full e-flex e-con e-child\" data-id=\"80cb920\" data-element_type=\"container\" data-e-type=\"container\">\n\t\t\t\t<div class=\"elementor-element elementor-element-7bdec8e elementor-widget elementor-widget-heading\" data-id=\"7bdec8e\" data-element_type=\"widget\" data-e-type=\"widget\" data-widget_type=\"heading.default\">\n\t\t\t\t\t<h2 class=\"elementor-heading-title elementor-size-default\">Kult i \u0161tovanje<\/h2>\t\t\t\t<\/div>\n\t\t\t\t<div class=\"elementor-element elementor-element-e85c1dd elementor-widget elementor-widget-text-editor\" data-id=\"e85c1dd\" data-element_type=\"widget\" data-e-type=\"widget\" data-widget_type=\"text-editor.default\">\n\t\t\t\t\t\t\t\t\t<p>Izravni kultni dokazi o Baldru rijetki su. Adam Bremenski ga ne spominje. Toponimi s elementom Baldr javljaju se prije svega u Norve\u0161koj (Baldrshagi, \u201eBaldurov gaj\u201d) i, u usporedbi s toponimima vezanim za Thora ili Odina, malobrojni su.<\/p><p>Folke Str\u00f6m je ovaj tanki trag protuma\u010dio kao znak da je Baldur prvenstveno knji\u017eevna pojava kasne eddi\u010dke faze, a ne \u0161iroko po\u0161tovano kultno bo\u017eanstvo.<\/p>\n<p>\u201eSaga o Frid\u00fej\u00f3fu\u201d i druge islandske vrelo spominju Baldurovu smrt u ritualno-mitskom kontekstu, ali bez izri\u010ditih kultnih oblika.<\/p><p>Snorrijev opis pogreba u Gylfaginningu 49 najdetaljniji je prikaz bo\u017eanskog pogreba u Eddi: brod se natovari drvom, giganta Hyrrokkin ga guraju u vodu, Thor posve\u0107uje pogrebnu loma\u010du \u010deki\u0107em Mj\u00f6llnirom, a jedan patuljak biva zgnje\u010den jer se pribli\u017eio Thoru.<\/p><p>Ta scena djeluje kao mitski predlo\u017eak za povijesne pokope brodovima, primjerice za vikin\u0161ke nalaze u Osebergu (834. godine) i Gokstadu (kraj 9. stolje\u0107a).<\/p>\n<p><span data-nosnippet>R\u00e9gis Boyer je u djelu \u201eLa religion des anciens Scandinaves\u201d (1981) iznio tezu da je <span class=\"iwg-fachbegriff\" data-tooltip=\"Predaja o bogovima, podrijetlu i poretku svijeta.\" tabindex=\"0\">mit<\/span> o Baldurovoj smrti i povratku odra\u017eavao inicijacijski ili godi\u0161nji ritual, vjerojatno vezan uz solsticij. Izravni ritualni dokazi izostaju, ali neizravni tragovi u narodnim vatrenim obredima o Ivanju dobro su potvr\u0111eni u Skandinaviji.<\/span><\/p>\t\t\t\t\t\t\t\t<\/div>\n\t\t\t\t<\/div>\n\t\t<div class=\"elementor-element elementor-element-81d981c e-con-full e-flex e-con e-child\" data-id=\"81d981c\" data-element_type=\"container\" data-e-type=\"container\">\n\t\t\t\t<div class=\"elementor-element elementor-element-e4dde74 elementor-widget elementor-widget-heading\" data-id=\"e4dde74\" data-element_type=\"widget\" data-e-type=\"widget\" data-widget_type=\"heading.default\">\n\t\t\t\t\t<h2 class=\"elementor-heading-title elementor-size-default\">Va\u017eni mitovi<\/h2>\t\t\t\t<\/div>\n\t\t\t\t<div class=\"elementor-element elementor-element-d04084a elementor-widget elementor-widget-text-editor\" data-id=\"d04084a\" data-element_type=\"widget\" data-e-type=\"widget\" data-widget_type=\"text-editor.default\">\n\t\t\t\t\t\t\t\t\t<p>Sredi\u0161nja je pri\u010da Baldurova smrt. Snorri u Gylfaginningu 49 pripovijeda: Baldur sanja vlastitu smrt. Frigg, njegova majka, tra\u017ei od svih bi\u0107a da se zakletvom obve\u017eu da mu ne\u0107e nauditi.<\/p><p>Jedino imelu izostavlja, jer je smatra premladom. Asi se zabavljaju bacaju\u0107i razne predmete na Baldura, koji ga ne poga\u0111aju. Loki, u obliku \u017eene, izmami od Frigg tu tajnu.<\/p><p>Izra\u0111uje strijelu od imelina drva i daje ju slijepom H\u00f6du, vodi mu ruku, i H\u00f6d smrtno poga\u0111a Baldura. Asi su bez rije\u010di od boli. Hermod, Baldurov brat, ja\u0161e na Sleipniru u Hel da izmoli Baldurov povratak.<\/p><p>Hel pristaje, ako sva bi\u0107a opla\u010du Baldura. Svi pla\u010du, samo stara giganta zvana \u00de\u00f6kk, iza koje se krije Loki, odbija proliti suzu. Baldur ostaje u Hel do nakon Ragnar\u00f6ka.<\/p>\n<p>\u201eV\u00f6lusp\u00e1\u201d 31\u201333 pripovijeda taj <span class=\"iwg-fachbegriff\" data-tooltip=\"Predaja o bogovima, podrijetlu i poretku svijeta.\" tabindex=\"0\">mit<\/span> kratko i zgusnuto. Sredi\u0161nje su prije svega strofe o sudbini H\u00f6da i o Valiju, osvetni\u010dkom sinu koga je zametnuo Odin, koji ubija H\u00f6da. Ta genealogija pokazuje da Baldurova smrt nije kraj pri\u010de: ona pokre\u0107e lanac osvete koji kulminira Ragnar\u00f6kom.<\/p>\n<p>Tre\u0107i <span class=\"iwg-fachbegriff\" data-tooltip=\"Predaja o bogovima, podrijetlu i poretku svijeta.\" tabindex=\"0\">mit<\/span> je Baldurov povratak nakon svjetskog po\u017eara. \u201eV\u00f6lusp\u00e1\u201d 62 opisuje kako zemlja izranja iz mora, kako se Baldur i H\u00f6d izmiruju, kako svanjuje novi svijet. Taj Baldurov povratak jedan je od najsna\u017enijih motiva nordijske eshatologije i imao je dug utjecaj na kr\u0161\u0107ansku recepciju nordijske <span class=\"iwg-fachbegriff\" data-tooltip=\"Ukupnost predanih pri\u010da o bogovima jedne kulture.\" tabindex=\"0\">mitologije<\/span>.<\/p>\n\n<p>Posebno je upe\u010datljiva epizoda Hermodova jahanja u Hel radi Baldurova osloboditelja. Snorri u Gylfaginningu 49 detaljno opisuje: Hermod ja\u0161e devet no\u0107i kroz tamne, duboke dolove, prelazi zlatni mosti\u0107 Gjallarbr\u00fa, \u010dija ga \u010duvarica M\u00f3dgud pita za svrhu putovanja, i naposljetku dolazi do Helove dvorane.<\/p><p>Tamo Baldur sjedi na po\u010dasnom mjestu, a Hel obe\u0107ava da \u0107e ga vratiti ako sva bi\u0107a za njim zapla\u010du.<\/p><p>Hermod se s tom porukom vra\u0107a. Asi \u0161alju glasnike u sve svjetove, i sva bi\u0107a pla\u010du, osim jedne stare gigante zvane \u00de\u00f6kk koja sjedi u \u0161pilji. Ona ka\u017ee: \u201eSuhih o\u010diju \u00de\u00f6kk \u0107e oplakati Baldura. \u0160to Hel ima, neka i zadr\u017ei!\u201d Snorri primje\u0107uje da mnogi smatraju da je ta \u00de\u00f6kk bila Loki.<\/p>\n<p>Istra\u017eivanja su epizodu o Hermodu protuma\u010dila kao jedan od najva\u017enijih dokaza \u0161amanisti\u010dke pozadine nordijske <span class=\"iwg-fachbegriff\" data-tooltip=\"Ukupnost predanih pri\u010da o bogovima jedne kulture.\" tabindex=\"0\">mitologije<\/span>. Hermod ja\u0161e na Odinovu konju Sleipniru, osmonogom \u0161amanskom konju, kroz podzemni svijet, prelazi granice i sti\u017ee do svijeta mrtvih.<\/p><p>Taj na\u010din putovanja tipolo\u0161ki odgovara \u0161amanskom letu, kakav je zabilje\u017een u brojnim sibirsko-mongolskim tradicijama. Mircea Eliade je u djelu \u201eLe chamanisme et les techniques archa\u00efques de l&#8217;<span lang=\"fr\">extase<\/span>\u201d (1951) nordijsku <span class=\"iwg-fachbegriff\" data-tooltip=\"Ukupnost predanih pri\u010da o bogovima jedne kulture.\" tabindex=\"0\">mitologiju<\/span> smjestio u taj kontekst.<\/p>\t\t\t\t\t\t\t\t<\/div>\n\t\t\t\t<\/div>\n\t\t<div class=\"elementor-element elementor-element-c36b63c e-con-full e-flex e-con e-child\" data-id=\"c36b63c\" data-element_type=\"container\" data-e-type=\"container\">\n\t\t\t\t<div class=\"elementor-element elementor-element-1ecc8fc elementor-widget elementor-widget-heading\" data-id=\"1ecc8fc\" data-element_type=\"widget\" data-e-type=\"widget\" data-widget_type=\"heading.default\">\n\t\t\t\t\t<h2 class=\"elementor-heading-title elementor-size-default\">Odnosi u panteonu<\/h2>\t\t\t\t<\/div>\n\t\t\t\t<div class=\"elementor-element elementor-element-36e5f1a elementor-widget elementor-widget-text-editor\" data-id=\"36e5f1a\" data-element_type=\"widget\" data-e-type=\"widget\" data-widget_type=\"text-editor.default\">\n\t\t\t\t\t\t\t\t\t<p>Baldur je sin Odina i Frigg, otac Forsetija (boga suda), brat H\u00f6da (Slijepoga), polubrat Thora, Hermoda i mnogih drugih Odinovih sinova.<\/p><p>Njegova \u017eena Nanna umire od boli kad Baldur pogine, i s njim biva spaljena na Hringhorniju. Forseti, njihov sin, naslje\u0111uje prebivali\u0161te Glitnir, dvoranu sa srebrnim krovom i zlatnim stupovima.<\/p>\n<p>Prema Lokiju Baldur stoji u paradoksalnom odnosu. Loki je kao asovski suputnik \u010desto povezan s Baldurom i Asima, ali postaje sredstvo njegove smrti.<\/p><p>\u201eLokasenna\u201d 28 prikazuje kako Loki u sva\u0111i s Frigg nagovje\u0161\u0107uje Baldurovu smrt. Ta antagonisti\u010dka dinamika u kasnijoj predaji sve vi\u0161e ja\u010da i kulminira u slici Lokija kao razaratelja poretka.<\/p>\n<p>Prema Hel, Lokijevoj k\u0107eri i gospodarici podzemnog svijeta, Baldur je njezin posebni gost. Hermod mora jahati devet no\u0107i kroz tamne dolove da bi stigao do Helove dvorane. Tamo ga ona prima na po\u010dasnom mjestu, s Baldurom uz sebe. Ta scena ubraja se me\u0111u najupe\u010datljivije prikaze eddi\u010dkog podzemnog svijeta.<\/p>\t\t\t\t\t\t\t\t<\/div>\n\t\t\t\t<\/div>\n\t\t<div class=\"elementor-element elementor-element-f5d4549 e-con-full e-flex e-con e-child\" data-id=\"f5d4549\" data-element_type=\"container\" data-e-type=\"container\">\n\t\t\t\t<div class=\"elementor-element elementor-element-1bcaaf8 elementor-widget elementor-widget-heading\" data-id=\"1bcaaf8\" data-element_type=\"widget\" data-e-type=\"widget\" data-widget_type=\"heading.default\">\n\t\t\t\t\t<h2 class=\"elementor-heading-title elementor-size-default\">Recepcija i utjecaj<\/h2>\t\t\t\t<\/div>\n\t\t\t\t<div class=\"elementor-element elementor-element-1ba3e6e elementor-widget elementor-widget-text-editor\" data-id=\"1ba3e6e\" data-element_type=\"widget\" data-e-type=\"widget\" data-widget_type=\"text-editor.default\">\n\t\t\t\t\t\t\t\t\t<p><span data-nosnippet>U kr\u0161\u0107anskoj recepciji srednjeg vijeka Baldur je rano tuma\u010den kao prefiguracija Krista. Sophus Bugge je tu tezu op\u0161irno razradio u djelu \u00abStudien \u00fcber die Entstehung der nordischen G\u00f6tter- und Heldensagen\u00bb (1881-89). Danas se Kristova teza smatra pretjeranom, ali pojedine paralele (bog koji umire i vra\u0107a se, nevino <span class=\"iwg-fachbegriff\" data-tooltip=\"Dar bo\u017eanstvu kojim se izra\u017eava zahvala, molba ili po\u0161tovanje.\" tabindex=\"0\">\u017ertvovanje<\/span>, kozmi\u010dke posljedice) i danas se tipolo\u0161ki prepoznaju.<\/span><\/p>\n<p><span data-nosnippet>Jacob Grimm je Baldurom posvetio zasebno poglavlje u djelu \u00abDeutsche <span class=\"iwg-fachbegriff\" data-tooltip=\"Skup predaja o bogovima jedne kulture.\" tabindex=\"0\">Mythologie<\/span>\u00bb (1835). U njemu je vidio boga svjetlosti u naj\u010distijem obliku. U 19. stolje\u0107u Baldur je postao popularan u skandinavskom romantizmu i slikarstvu.<\/span><\/p><p><span data-nosnippet>Djelo Adama \u00d6hlenschl\u00e4gera \u00abBaldur hin gode\u00bb (1808) predstavlja dramsku obradu te gra\u0111e. I u nacionalno-romanti\u010dnoj knji\u017eevnosti \u0160vedske i Norve\u0161ke Baldur se javlja kao <span class=\"iwg-fachbegriff\" data-tooltip=\"Slikovita predstava koja predstavlja apstraktnu ideju.\" tabindex=\"0\">simbol<\/span> \u010disto\u0107e i tragi\u010dne ljepote.<\/span><\/p>\n<p>Richard Wagner Baldura nije uvrstio u \u00abPrsten Nibelunga\u00bb, vjerojatno jer se ta gra\u0111a doimala manje herojskom i manje sukobima bogatom od pri\u010da o Wotanu i Siegfriedu.<\/p><p><span data-nosnippet>U 20. stolje\u0107u Baldur je postao sredi\u0161nja figura u komparativnoj <span class=\"iwg-fachbegriff\" data-tooltip=\"Skup predaja o bogovima jedne kulture.\" tabindex=\"0\">mitologiji<\/span>, prije svega zahvaljuju\u0107i djelu Jamesa Georgea Frazera \u00abThe Golden Bough\u00bb (12 sv., 1890-1915), u kojem je mit o imeli postao polazna to\u010dka opse\u017ene teorije o bogovima koji umiru i uskrsavaju.<\/span><\/p>\t\t\t\t\t\t\t\t<\/div>\n\t\t\t\t<\/div>\n\t\t<div class=\"elementor-element elementor-element-bb2c714 e-con-full e-flex e-con e-child\" data-id=\"bb2c714\" data-element_type=\"container\" data-e-type=\"container\">\n\t\t\t\t<div class=\"elementor-element elementor-element-cbe191d elementor-widget elementor-widget-heading\" data-id=\"cbe191d\" data-element_type=\"widget\" data-e-type=\"widget\" data-widget_type=\"heading.default\">\n\t\t\t\t\t<h2 class=\"elementor-heading-title elementor-size-default\">Religijsko-znanstvena klasifikacija<\/h2>\t\t\t\t<\/div>\n\t\t\t\t<div class=\"elementor-element elementor-element-4ae3e8b elementor-widget elementor-widget-text-editor\" data-id=\"4ae3e8b\" data-element_type=\"widget\" data-e-type=\"widget\" data-widget_type=\"text-editor.default\">\n\t\t\t\t\t\t\t\t\t<p>U komparativnoj <span class=\"iwg-fachbegriff\" data-tooltip=\"Ukupnost predanih pripovijesti o bogovima jedne kulture.\" tabindex=\"0\">mitologiji<\/span> Baldur se svrstava u tip &#8220;umiru\u0107eg i uskrsavaju\u0107eg boga&#8221;, uz Adonisa, Tamuza, Ozirisa i Krista.<\/p><p><span data-nosnippet>Ovu tipolo\u0161ku klasifikaciju popularizirao je Frazer, a kasnije su je sistematizirali istra\u017eiva\u010di poput Mircee Eliadea (\u00abLe mythe de l&#8217;eternel retour\u00bb, 1949). Kritiku je iznio Jonathan Z. Smith (\u00abDrudgery Divine\u00bb, 1990), koji je tipolo\u0161ko izjedna\u010davanje ocijenio kao preveliko generaliziranje.<\/span><\/p>\n<p><span data-nosnippet>Georges Dumezil je u djelima \u00abLoki\u00bb (1948) i \u00abMythe et epopee\u00bb (1968-73) poku\u0161ao svrstati Baldura u indoeuropski model triju funkcija. Baldur je, prema njemu, \u010disti, nepodijeljeni suveren, \u010dija smrt uzdrma poredak.<\/span><\/p><p>Ovo tuma\u010denje preuzeli su i usavr\u0161ili Edgar Polome i Jens Peter Schjodt. Polome u Baldura vidi aspekt tjelesne savr\u0161enosti suverenosti, za razliku od Odina (magijsko-duhovni aspekt) i Tyra (pravni aspekt).<\/p>\n<p><span data-nosnippet>Simboliku imele s keltskim paralelama usporedili su keltolozi i indoeuropeisti poput Marie-Louise Sj\u00f6stedt u djelu \u00abDieux et heros des Celtes\u00bb (1940). U obje tradicije imela se pojavljuje kao <span class=\"iwg-fachbegriff\" data-tooltip=\"Ono \u0161to pripada bo\u017eanskom i time je izuzeto iz svakodnevne upotrebe.\" tabindex=\"0\">sveto<\/span>-paradoksalna biljka, koja mo\u017ee donijeti i iscjeljenje i smrt.<\/span><\/p>\n\n<p><span data-nosnippet>Frazerova teza o umiru\u0107em i uskrsavaju\u0107em bogu do\u017eivjela je u novijim istra\u017eivanjima diferencijaciju. Jonathan Z. Smith je u djelu \u00abDrudgery Divine\u00bb (1990) pokazao da tipolo\u0161ko izjedna\u010davanje Baldura, Krista, Adonisa, Ozirisa i Tamuza krije vi\u0161e razlika nego sli\u010dnosti.<\/span><\/p><p>Krist je mesijanski spasiteljski lik, Adonis je vegetativni element ljubavnih misterija, Oziris je kozmogonijski kralj, a Tamuz agrarni vegetacijski demon. Baldur se ne uklapa jednozna\u010dno u ove nizove. Njegova posebnost le\u017ei u kombinaciji kozmolo\u0161kog navjestitelja Ragnar\u00f6ka i simbola nade za obnovu nakon propasti.<\/p>\n<p>U komparativnim indoeuropskim istra\u017eivanjima Baldur je vi\u0161e puta uspore\u0111ivan s indijskim Tvashtarom, keltskim Lugom i litavskim Velinasom. Ove usporedbe su tipolo\u0161ke naravi i nisu genetski nu\u017ene. Pravo indoeuropsko podrijetlo Baldurova lika ostaje otvoreno pitanje.<\/p><p><span data-nosnippet>Edgar Polome je u djelu \u00abOld Norse Religious Terminology\u00bb (1969) i kasnijim radovima zastupao tezu da je Baldur izvorno nordijska tvorevina kasne vikin\u0161ke faze, koja odzvanja starijim indoeuropskim elementima, ali nije njihov izravni nasljednik.<\/span><\/p>\t\t\t\t\t\t\t\t<\/div>\n\t\t\t\t<\/div>\n\t\t<div class=\"elementor-element elementor-element-229bf7a e-con-full e-flex e-con e-child\" data-id=\"229bf7a\" data-element_type=\"container\" data-e-type=\"container\">\n\t\t\t\t<div class=\"elementor-element elementor-element-59ec109 elementor-widget elementor-widget-heading\" data-id=\"59ec109\" data-element_type=\"widget\" data-e-type=\"widget\" data-widget_type=\"heading.default\">\n\t\t\t\t\t<h2 class=\"elementor-heading-title elementor-size-default\">Izvori i dodatna literatura<\/h2>\t\t\t\t<\/div>\n\t\t\t\t<div class=\"elementor-element elementor-element-3147572 elementor-widget elementor-widget-text-editor\" data-id=\"3147572\" data-element_type=\"widget\" data-e-type=\"widget\" data-widget_type=\"text-editor.default\">\n\t\t\t\t\t\t\t\t\t<footer class=\"iwg-literatur\"><p><span data-nosnippet>Primarni izvori: \u00abProsa-Edda\u00bb (Snorri Sturluson, oko 1220), \u00abVoluspa\u00bb i \u00abGrimnismal\u00bb (Pjesni\u010dka Edda, Codex Regius), \u00abBaldrs draumar\u00bb (Pjesni\u010dka Edda), \u00abGesta Danorum\u00bb knjiga 3 (Saxo Grammaticus, oko 1200). Skaldske pjesme kod Finnura Jonssona \u00abDen norsk-islandske Skjaldedigtning\u00bb (1912-15).<\/span><\/p>\n<p>Sekundarna literatura:<\/p><ul><li><span data-nosnippet>Jan de Vries \u00abAltgermanische Religionsgeschichte\u00bb (1956\/57).<\/span><\/li><li>Georges Dumezil \u00abLoki\u00bb (1948).<\/li><li><span data-nosnippet>James George Frazer \u00abThe Golden Bough\u00bb (1890-1915).<\/span><\/li><li><span data-nosnippet>Sophus Bugge \u00abStudien \u00fcber die Entstehung der nordischen G\u00f6tter- und Heldensagen\u00bb (1881-89).<\/span><\/li><li>Karl Helm \u00abWodan\u00bb (1946).<\/li><li><span data-nosnippet>R\u00e9gis Boyer \u00abLa religion des anciens Scandinaves\u00bb (1981).<\/span><\/li><li><span data-nosnippet>Margaret Clunies Ross \u00abProlonged Ech\u00f6s\u00bb (1994\/98).<\/span><\/li><\/ul>\n<p class=\"iwg-bib-more\"><span data-nosnippet>Ostala standardna djela u <a href=\"https:\/\/iwell-guard.com\/hr\/literatura\/\">popisu literature<\/a>.<\/span><\/p><\/footer>\t\t\t\t\t\t\t\t<\/div>\n\t\t\t\t<\/div>\n\t\t\t\t\t<\/div>\n\t\t\t\t<\/div>\n\t\t\t\t<\/div>\n\t\t","protected":false},"excerpt":{"rendered":"","protected":false},"author":3,"featured_media":3218,"parent":0,"menu_order":0,"comment_status":"closed","ping_status":"closed","template":"elementor_header_footer","meta":{"_yoast_wpseo_focuskw":"Baldur","_yoast_wpseo_title":"Baldur \u2013 bog svjetlosti i sin Odina | iWell Guard","_yoast_wpseo_metadesc":"Baldur je germansko-nordijski bog svjetlosti i \u010disto\u0107e, sin Odina i Frigg. Njegova smrt uzrokovana Lokijem najavljuje Ragnar\u00f6k.","_yoast_wpseo_meta-robots-noindex":"","_yoast_wpseo_canonical":"","_angie_page":false,"gefaehrdungsstufe":"","wesen_kultur":"","wesen_klasse":"","footnotes":""},"categories":[],"class_list":["post-149796","page","type-page","status-publish","has-post-thumbnail","hentry"],"yoast_head":"<!-- This site is optimized with the Yoast SEO Premium plugin v27.7 (Yoast SEO v28.3) - https:\/\/yoast.com\/product\/yoast-seo-premium-wordpress\/ -->\n<title>Baldur \u2013 bog svjetlosti i sin Odina | iWell Guard<\/title>\n<meta name=\"description\" content=\"Baldur je germansko-nordijski bog svjetlosti i \u010disto\u0107e, sin Odina i Frigg. Njegova smrt uzrokovana Lokijem najavljuje Ragnar\u00f6k.\" \/>\n<meta name=\"robots\" content=\"index, follow, max-snippet:-1, max-image-preview:large, max-video-preview:-1\" \/>\n<link rel=\"canonical\" href=\"https:\/\/iwell-guard.com\/hr\/baldur\/\" \/>\n<meta property=\"og:locale\" content=\"hr_HR\" \/>\n<meta property=\"og:type\" content=\"article\" \/>\n<meta property=\"og:title\" content=\"Baldur\" \/>\n<meta property=\"og:description\" content=\"Baldur je germansko-nordijski bog svjetlosti i \u010disto\u0107e, sin Odina i Frigg. Njegova smrt uzrokovana Lokijem najavljuje Ragnar\u00f6k.\" \/>\n<meta property=\"og:url\" content=\"https:\/\/iwell-guard.com\/hr\/baldur\/\" \/>\n<meta property=\"og:site_name\" content=\"iWell Guard\" \/>\n<meta property=\"article:modified_time\" content=\"2026-09-04T05:32:25+00:00\" \/>\n<meta property=\"og:image\" content=\"https:\/\/iwell-guard.com\/wp-content\/uploads\/2026\/05\/goetter_germanisch_baldur.webp\" \/>\n\t<meta property=\"og:image:width\" content=\"1024\" \/>\n\t<meta property=\"og:image:height\" content=\"1536\" \/>\n\t<meta property=\"og:image:type\" content=\"image\/webp\" \/>\n<meta name=\"twitter:card\" content=\"summary_large_image\" \/>\n<script type=\"application\/ld+json\" class=\"yoast-schema-graph\">{\"@context\":\"https:\\\/\\\/schema.org\",\"@graph\":[{\"@type\":\"WebPage\",\"@id\":\"https:\\\/\\\/iwell-guard.com\\\/hr\\\/baldur\\\/\",\"url\":\"https:\\\/\\\/iwell-guard.com\\\/hr\\\/baldur\\\/\",\"name\":\"Baldur \u2013 bog svjetlosti i sin Odina | iWell Guard\",\"isPartOf\":{\"@id\":\"https:\\\/\\\/iwell-guard.com\\\/hr\\\/#website\"},\"primaryImageOfPage\":{\"@id\":\"https:\\\/\\\/iwell-guard.com\\\/hr\\\/baldur\\\/#primaryimage\"},\"image\":{\"@id\":\"https:\\\/\\\/iwell-guard.com\\\/hr\\\/baldur\\\/#primaryimage\"},\"thumbnailUrl\":\"https:\\\/\\\/iwell-guard.com\\\/wp-content\\\/uploads\\\/2026\\\/05\\\/goetter_germanisch_baldur.webp\",\"datePublished\":\"2026-09-04T05:13:33+00:00\",\"dateModified\":\"2026-09-04T05:32:25+00:00\",\"description\":\"Baldur je germansko-nordijski bog svjetlosti i \u010disto\u0107e, sin Odina i Frigg. Njegova smrt uzrokovana Lokijem najavljuje Ragnar\u00f6k.\",\"breadcrumb\":{\"@id\":\"https:\\\/\\\/iwell-guard.com\\\/hr\\\/baldur\\\/#breadcrumb\"},\"inLanguage\":\"hr\",\"potentialAction\":[{\"@type\":\"ReadAction\",\"target\":[\"https:\\\/\\\/iwell-guard.com\\\/hr\\\/baldur\\\/\"]}]},{\"@type\":\"ImageObject\",\"inLanguage\":\"hr\",\"@id\":\"https:\\\/\\\/iwell-guard.com\\\/hr\\\/baldur\\\/#primaryimage\",\"url\":\"https:\\\/\\\/iwell-guard.com\\\/wp-content\\\/uploads\\\/2026\\\/05\\\/goetter_germanisch_baldur.webp\",\"contentUrl\":\"https:\\\/\\\/iwell-guard.com\\\/wp-content\\\/uploads\\\/2026\\\/05\\\/goetter_germanisch_baldur.webp\",\"width\":1024,\"height\":1536,\"caption\":\"Bogovi iz germanske tradicije.\"},{\"@type\":\"BreadcrumbList\",\"@id\":\"https:\\\/\\\/iwell-guard.com\\\/hr\\\/baldur\\\/#breadcrumb\",\"itemListElement\":[{\"@type\":\"ListItem\",\"position\":1,\"name\":\"Start\",\"item\":\"https:\\\/\\\/iwell-guard.com\\\/hr\\\/?page_id=149317\"},{\"@type\":\"ListItem\",\"position\":2,\"name\":\"Baldur\"}]},{\"@type\":\"WebSite\",\"@id\":\"https:\\\/\\\/iwell-guard.com\\\/hr\\\/#website\",\"url\":\"https:\\\/\\\/iwell-guard.com\\\/hr\\\/\",\"name\":\"iWell Guard\",\"description\":\"Schutz vor dunklen Einfl\u00fcssen\",\"publisher\":{\"@id\":\"https:\\\/\\\/iwell-guard.com\\\/hr\\\/#organization\"},\"potentialAction\":[{\"@type\":\"SearchAction\",\"target\":{\"@type\":\"EntryPoint\",\"urlTemplate\":\"https:\\\/\\\/iwell-guard.com\\\/hr\\\/?s={search_term_string}\"},\"query-input\":{\"@type\":\"PropertyValueSpecification\",\"valueRequired\":true,\"valueName\":\"search_term_string\"}}],\"inLanguage\":\"hr\"},{\"@type\":\"Organization\",\"@id\":\"https:\\\/\\\/iwell-guard.com\\\/hr\\\/#organization\",\"name\":\"Ittermann electronic GmbH\",\"url\":\"https:\\\/\\\/iwell-guard.com\\\/hr\\\/\",\"logo\":{\"@type\":\"ImageObject\",\"inLanguage\":\"hr\",\"@id\":\"https:\\\/\\\/iwell-guard.com\\\/hr\\\/#\\\/schema\\\/logo\\\/image\\\/\",\"url\":\"https:\\\/\\\/iwell-guard.com\\\/wp-content\\\/uploads\\\/2026\\\/05\\\/Ittermann-Logo-1182x237-1.png\",\"contentUrl\":\"https:\\\/\\\/iwell-guard.com\\\/wp-content\\\/uploads\\\/2026\\\/05\\\/Ittermann-Logo-1182x237-1.png\",\"width\":1182,\"height\":237,\"caption\":\"Ittermann electronic GmbH\"},\"image\":{\"@id\":\"https:\\\/\\\/iwell-guard.com\\\/hr\\\/#\\\/schema\\\/logo\\\/image\\\/\"},\"sameAs\":[\"https:\\\/\\\/pantip.com\\\/profile\\\/9367242\",\"https:\\\/\\\/micro.blog\\\/iwellguard\",\"https:\\\/\\\/www.diggerslist.com\\\/iwellguard\\\/about\",\"https:\\\/\\\/skitterphoto.com\\\/photographers\\\/2870314\\\/iwell-guard\",\"https:\\\/\\\/iwellguard.wordpress.com\\\/2026\\\/06\\\/06\\\/iwell-guard\\\/\",\"https:\\\/\\\/hub.docker.com\\\/u\\\/iwellguard\",\"https:\\\/\\\/www.pinterest.com\\\/iwellguard\\\/\",\"https:\\\/\\\/bit.ly\\\/m\\\/iwellguard\",\"https:\\\/\\\/entre-vos-mains.alsace.eu\\\/profiles\\\/iwellguard\\\/activity\",\"https:\\\/\\\/gravatar.com\\\/reallybeded8fd34\",\"https:\\\/\\\/naijamatta.com\\\/iwellguard\",\"https:\\\/\\\/www.goodreads.com\\\/iwellguard\",\"https:\\\/\\\/profile.hatena.ne.jp\\\/iwellguard\\\/\",\"https:\\\/\\\/experiment.com\\\/users\\\/iwellguard\",\"https:\\\/\\\/wakelet.com\\\/@iWellGuard82270\",\"https:\\\/\\\/www.chordie.com\\\/forum\\\/profile.php?id=2555664\",\"https:\\\/\\\/www.instapaper.com\\\/p\\\/17757966\",\"https:\\\/\\\/www.mapleprimes.com\\\/users\\\/iwellguard\",\"https:\\\/\\\/businesslistingplus.com\\\/profile\\\/iwell-guard\\\/\",\"https:\\\/\\\/telegra.ph\\\/iWell-Guard-06-06\",\"https:\\\/\\\/pbase.com\\\/iwellguard\\\/iwellguard\",\"https:\\\/\\\/b.hatena.ne.jp\\\/iwellguard\\\/20260607#bookmark-4788405196491818882\",\"https:\\\/\\\/fliphtml5.com\\\/home\\\/iwellguard\",\"https:\\\/\\\/anyflip.com\\\/homepage\\\/cmiwl#About\",\"https:\\\/\\\/transfur.com\\\/Users\\\/iwellguard\",\"http:\\\/\\\/delphi.larsbo.org\\\/user\\\/iwellguard\",\"https:\\\/\\\/jobs.lajobsportal.org\\\/profiles\\\/8380803-iwell-guard\",\"https:\\\/\\\/md.chaosdorf.de\\\/s\\\/jfbe5SBdJD\",\"https:\\\/\\\/www.lingvolive.com\\\/en-us\\\/profile\\\/9ecaeaca-ce11-4e51-9e71-01d55e2bff36\\\/translations\",\"https:\\\/\\\/www.fitday.com\\\/fitness\\\/forums\\\/members\\\/iwellguard.html\",\"https:\\\/\\\/www.mymeetbook.com\\\/iwellguard\",\"https:\\\/\\\/pxhere.com\\\/en\\\/photographer-me\\\/5040798\",\"https:\\\/\\\/disqus.com\\\/by\\\/iwellguard\\\/about\\\/\",\"https:\\\/\\\/pastelink.net\\\/hjwciqwq\",\"https:\\\/\\\/pubhtml5.com\\\/homepage\\\/scjhn\\\/\",\"https:\\\/\\\/www.bitchute.com\\\/channel\\\/2O2eOKzNqujT\",\"https:\\\/\\\/audiomack.com\\\/iwellguard\"]}]}<\/script>\n<!-- \/ Yoast SEO Premium plugin. -->","yoast_head_json":{"title":"Baldur \u2013 bog svjetlosti i sin Odina | iWell Guard","description":"Baldur je germansko-nordijski bog svjetlosti i \u010disto\u0107e, sin Odina i Frigg. Njegova smrt uzrokovana Lokijem najavljuje Ragnar\u00f6k.","robots":{"index":"index","follow":"follow","max-snippet":"max-snippet:-1","max-image-preview":"max-image-preview:large","max-video-preview":"max-video-preview:-1"},"canonical":"https:\/\/iwell-guard.com\/hr\/baldur\/","og_locale":"hr_HR","og_type":"article","og_title":"Baldur","og_description":"Baldur je germansko-nordijski bog svjetlosti i \u010disto\u0107e, sin Odina i Frigg. Njegova smrt uzrokovana Lokijem najavljuje Ragnar\u00f6k.","og_url":"https:\/\/iwell-guard.com\/hr\/baldur\/","og_site_name":"iWell Guard","article_modified_time":"2026-09-04T05:32:25+00:00","og_image":[{"width":1024,"height":1536,"url":"https:\/\/iwell-guard.com\/wp-content\/uploads\/2026\/05\/goetter_germanisch_baldur.webp","type":"image\/webp"}],"twitter_card":"summary_large_image","schema":{"@context":"https:\/\/schema.org","@graph":[{"@type":"WebPage","@id":"https:\/\/iwell-guard.com\/hr\/baldur\/","url":"https:\/\/iwell-guard.com\/hr\/baldur\/","name":"Baldur \u2013 bog svjetlosti i sin Odina | iWell Guard","isPartOf":{"@id":"https:\/\/iwell-guard.com\/hr\/#website"},"primaryImageOfPage":{"@id":"https:\/\/iwell-guard.com\/hr\/baldur\/#primaryimage"},"image":{"@id":"https:\/\/iwell-guard.com\/hr\/baldur\/#primaryimage"},"thumbnailUrl":"https:\/\/iwell-guard.com\/wp-content\/uploads\/2026\/05\/goetter_germanisch_baldur.webp","datePublished":"2026-09-04T05:13:33+00:00","dateModified":"2026-09-04T05:32:25+00:00","description":"Baldur je germansko-nordijski bog svjetlosti i \u010disto\u0107e, sin Odina i Frigg. Njegova smrt uzrokovana Lokijem najavljuje Ragnar\u00f6k.","breadcrumb":{"@id":"https:\/\/iwell-guard.com\/hr\/baldur\/#breadcrumb"},"inLanguage":"hr","potentialAction":[{"@type":"ReadAction","target":["https:\/\/iwell-guard.com\/hr\/baldur\/"]}]},{"@type":"ImageObject","inLanguage":"hr","@id":"https:\/\/iwell-guard.com\/hr\/baldur\/#primaryimage","url":"https:\/\/iwell-guard.com\/wp-content\/uploads\/2026\/05\/goetter_germanisch_baldur.webp","contentUrl":"https:\/\/iwell-guard.com\/wp-content\/uploads\/2026\/05\/goetter_germanisch_baldur.webp","width":1024,"height":1536,"caption":"Bogovi iz germanske tradicije."},{"@type":"BreadcrumbList","@id":"https:\/\/iwell-guard.com\/hr\/baldur\/#breadcrumb","itemListElement":[{"@type":"ListItem","position":1,"name":"Start","item":"https:\/\/iwell-guard.com\/hr\/?page_id=149317"},{"@type":"ListItem","position":2,"name":"Baldur"}]},{"@type":"WebSite","@id":"https:\/\/iwell-guard.com\/hr\/#website","url":"https:\/\/iwell-guard.com\/hr\/","name":"iWell Guard","description":"Schutz vor dunklen Einfl\u00fcssen","publisher":{"@id":"https:\/\/iwell-guard.com\/hr\/#organization"},"potentialAction":[{"@type":"SearchAction","target":{"@type":"EntryPoint","urlTemplate":"https:\/\/iwell-guard.com\/hr\/?s={search_term_string}"},"query-input":{"@type":"PropertyValueSpecification","valueRequired":true,"valueName":"search_term_string"}}],"inLanguage":"hr"},{"@type":"Organization","@id":"https:\/\/iwell-guard.com\/hr\/#organization","name":"Ittermann electronic GmbH","url":"https:\/\/iwell-guard.com\/hr\/","logo":{"@type":"ImageObject","inLanguage":"hr","@id":"https:\/\/iwell-guard.com\/hr\/#\/schema\/logo\/image\/","url":"https:\/\/iwell-guard.com\/wp-content\/uploads\/2026\/05\/Ittermann-Logo-1182x237-1.png","contentUrl":"https:\/\/iwell-guard.com\/wp-content\/uploads\/2026\/05\/Ittermann-Logo-1182x237-1.png","width":1182,"height":237,"caption":"Ittermann electronic GmbH"},"image":{"@id":"https:\/\/iwell-guard.com\/hr\/#\/schema\/logo\/image\/"},"sameAs":["https:\/\/pantip.com\/profile\/9367242","https:\/\/micro.blog\/iwellguard","https:\/\/www.diggerslist.com\/iwellguard\/about","https:\/\/skitterphoto.com\/photographers\/2870314\/iwell-guard","https:\/\/iwellguard.wordpress.com\/2026\/06\/06\/iwell-guard\/","https:\/\/hub.docker.com\/u\/iwellguard","https:\/\/www.pinterest.com\/iwellguard\/","https:\/\/bit.ly\/m\/iwellguard","https:\/\/entre-vos-mains.alsace.eu\/profiles\/iwellguard\/activity","https:\/\/gravatar.com\/reallybeded8fd34","https:\/\/naijamatta.com\/iwellguard","https:\/\/www.goodreads.com\/iwellguard","https:\/\/profile.hatena.ne.jp\/iwellguard\/","https:\/\/experiment.com\/users\/iwellguard","https:\/\/wakelet.com\/@iWellGuard82270","https:\/\/www.chordie.com\/forum\/profile.php?id=2555664","https:\/\/www.instapaper.com\/p\/17757966","https:\/\/www.mapleprimes.com\/users\/iwellguard","https:\/\/businesslistingplus.com\/profile\/iwell-guard\/","https:\/\/telegra.ph\/iWell-Guard-06-06","https:\/\/pbase.com\/iwellguard\/iwellguard","https:\/\/b.hatena.ne.jp\/iwellguard\/20260607#bookmark-4788405196491818882","https:\/\/fliphtml5.com\/home\/iwellguard","https:\/\/anyflip.com\/homepage\/cmiwl#About","https:\/\/transfur.com\/Users\/iwellguard","http:\/\/delphi.larsbo.org\/user\/iwellguard","https:\/\/jobs.lajobsportal.org\/profiles\/8380803-iwell-guard","https:\/\/md.chaosdorf.de\/s\/jfbe5SBdJD","https:\/\/www.lingvolive.com\/en-us\/profile\/9ecaeaca-ce11-4e51-9e71-01d55e2bff36\/translations","https:\/\/www.fitday.com\/fitness\/forums\/members\/iwellguard.html","https:\/\/www.mymeetbook.com\/iwellguard","https:\/\/pxhere.com\/en\/photographer-me\/5040798","https:\/\/disqus.com\/by\/iwellguard\/about\/","https:\/\/pastelink.net\/hjwciqwq","https:\/\/pubhtml5.com\/homepage\/scjhn\/","https:\/\/www.bitchute.com\/channel\/2O2eOKzNqujT","https:\/\/audiomack.com\/iwellguard"]}]}},"_links":{"self":[{"href":"https:\/\/iwell-guard.com\/hr\/wp-json\/wp\/v2\/pages\/149796","targetHints":{"allow":["GET"]}}],"collection":[{"href":"https:\/\/iwell-guard.com\/hr\/wp-json\/wp\/v2\/pages"}],"about":[{"href":"https:\/\/iwell-guard.com\/hr\/wp-json\/wp\/v2\/types\/page"}],"author":[{"embeddable":true,"href":"https:\/\/iwell-guard.com\/hr\/wp-json\/wp\/v2\/users\/3"}],"replies":[{"embeddable":true,"href":"https:\/\/iwell-guard.com\/hr\/wp-json\/wp\/v2\/comments?post=149796"}],"version-history":[{"count":0,"href":"https:\/\/iwell-guard.com\/hr\/wp-json\/wp\/v2\/pages\/149796\/revisions"}],"wp:featuredmedia":[{"embeddable":true,"href":"https:\/\/iwell-guard.com\/hr\/wp-json\/wp\/v2\/media\/3218"}],"wp:attachment":[{"href":"https:\/\/iwell-guard.com\/hr\/wp-json\/wp\/v2\/media?parent=149796"}],"wp:term":[{"taxonomy":"category","embeddable":true,"href":"https:\/\/iwell-guard.com\/hr\/wp-json\/wp\/v2\/categories?post=149796"}],"curies":[{"name":"wp","href":"https:\/\/api.w.org\/{rel}","templated":true}]}}