{"id":149778,"date":"2026-09-04T05:13:25","date_gmt":"2026-09-04T05:13:25","guid":{"rendered":"https:\/\/iwell-guard.com\/?page_id=149778"},"modified":"2026-09-04T05:31:59","modified_gmt":"2026-09-04T05:31:59","slug":"ragnarok-propast-svijeta-nordijska-mitologija","status":"publish","type":"page","link":"https:\/\/iwell-guard.com\/hr\/ragnarok-propast-svijeta-nordijska-mitologija\/","title":{"rendered":"Ragnar\u00f6k \u2013 propast svijeta u nordijskoj mitologiji"},"content":{"rendered":"\t\t<div data-elementor-type=\"wp-page\" data-elementor-id=\"149778\" class=\"elementor elementor-149778 elementor-2928 elementor-bc-flex-widget\" data-elementor-post-type=\"page\">\n\t\t\t\t<div class=\"elementor-element elementor-element-hero4f726b9 e-flex e-con-boxed e-con e-parent\" data-id=\"hero4f726b9\" data-element_type=\"container\" data-e-type=\"container\">\n\t\t\t\t\t<div class=\"e-con-inner\">\n\t\t\t\t<div class=\"elementor-element elementor-element-heroimg268171a iwg-hero-image elementor-widget elementor-widget-image\" data-id=\"heroimg268171a\" data-element_type=\"widget\" data-e-type=\"widget\" data-widget_type=\"image.default\">\n\t\t\t\t\t\t\t\t\t\t\t\t\t\t\t<img fetchpriority=\"high\" decoding=\"async\" width=\"683\" height=\"1024\" src=\"https:\/\/iwell-guard.com\/wp-content\/uploads\/2026\/05\/phaenomene_germanisch_ragnaroek-683x1024.webp\" class=\"attachment-large size-large wp-image-151401\" alt=\"Ragnar\u00f6k - fenomeni iz germanske tradicije, povijesno-ilustrativno\" srcset=\"https:\/\/iwell-guard.com\/wp-content\/uploads\/2026\/05\/phaenomene_germanisch_ragnaroek-683x1024.webp 683w, https:\/\/iwell-guard.com\/wp-content\/uploads\/2026\/05\/phaenomene_germanisch_ragnaroek-200x300.webp 200w, https:\/\/iwell-guard.com\/wp-content\/uploads\/2026\/05\/phaenomene_germanisch_ragnaroek-768x1152.webp 768w, https:\/\/iwell-guard.com\/wp-content\/uploads\/2026\/05\/phaenomene_germanisch_ragnaroek.webp 1024w\" sizes=\"(max-width: 683px) 100vw, 683px\" \/>\t\t\t\t\t\t\t\t\t\t\t\t\t\t\t<\/div>\n\t\t\t\t\t<\/div>\n\t\t\t\t<\/div>\n\t\t<div class=\"elementor-element elementor-element-iwgw-ragnaroek-hero e-flex e-con-boxed e-con e-parent\" data-id=\"iwgw-ragnaroek-hero\" data-element_type=\"container\" data-e-type=\"container\">\n\t\t\t\t\t<div class=\"e-con-inner\">\n\t\t\t\t<div class=\"elementor-element elementor-element-iwgw-ragnaroek-h1 elementor-widget elementor-widget-heading\" data-id=\"iwgw-ragnaroek-h1\" data-element_type=\"widget\" data-e-type=\"widget\" data-widget_type=\"heading.default\">\n\t\t\t\t\t<h1 class=\"elementor-heading-title elementor-size-default\">Ragnar\u00f6k \u2013 propast i obnova svijeta u nordijskom mitu<\/h1>\t\t\t\t<\/div>\n\t\t\t\t<div class=\"elementor-element elementor-element-iwgw-ragnaroek-pills elementor-widget elementor-widget-html\" data-id=\"iwgw-ragnaroek-pills\" data-element_type=\"widget\" data-e-type=\"widget\" data-widget_type=\"html.default\">\n\t\t\t\t\t<div class=\"iwg-pill-row\"><span class=\"iwg-klasse-badge\" tabindex=\"0\" data-tooltip=\"Mit tradicije Germanska.\">Mit<\/span><a href=\"https:\/\/iwell-guard.com\/hr\/germanska-tradicija\/\" class=\"iwg-kultur-badge\" tabindex=\"0\" data-tooltip=\"Mitologija tradicije Germanska.\">Germanska<\/a><span class=\"iwg-tradition-badge\" tabindex=\"0\" data-tooltip=\"Eshatolo\u0161ki mit.\">Eshatolo\u0161ki mit<\/span><\/div>\t\t\t\t<\/div>\n\t\t\t\t<div class=\"elementor-element elementor-element-iwgw-ragnaroek-lead elementor-widget elementor-widget-text-editor\" data-id=\"iwgw-ragnaroek-lead\" data-element_type=\"widget\" data-e-type=\"widget\" data-widget_type=\"text-editor.default\">\n\t\t\t\t\t\t\t\t\t<p>Ragnar\u00f6k je eshatolo\u0161ki <span class=\"iwg-fachbegriff\" data-tooltip=\"Predaja koja govori o bogovima, podrijetlu i poretku svijeta.\" tabindex=\"0\">mit<\/span> nordijske <span class=\"iwg-fachbegriff\" data-tooltip=\"Preno\u0161enje znanja i pri\u010da kroz generacije.\" tabindex=\"0\">predaje<\/span>. Govori o propasti bogova i svijeta u borbi protiv neprijateljskih sila te o uzdizanju obnovljene zemlje iz mora. Time povezuje kraj vremena i novi po\u010detak u jedinstvenu veliku pri\u010du.<\/p>\t\t\t\t\t\t\t\t<\/div>\n\t\t\t\t\t<\/div>\n\t\t\t\t<\/div>\n\t\t<div class=\"elementor-element elementor-element-iwgw-ragnaroek-s0 e-flex e-con-boxed e-con e-parent\" data-id=\"iwgw-ragnaroek-s0\" data-element_type=\"container\" data-e-type=\"container\">\n\t\t\t\t\t<div class=\"e-con-inner\">\n\t\t\t\t<div class=\"elementor-element elementor-element-iwgw-ragnaroek-s0h elementor-widget elementor-widget-heading\" data-id=\"iwgw-ragnaroek-s0h\" data-element_type=\"widget\" data-e-type=\"widget\" data-widget_type=\"heading.default\">\n\t\t\t\t\t<h2 class=\"elementor-heading-title elementor-size-default\">Uvod<\/h2>\t\t\t\t<\/div>\n\t\t\t\t<div class=\"elementor-element elementor-element-iwgw-ragnaroek-s0t elementor-widget elementor-widget-text-editor\" data-id=\"iwgw-ragnaroek-s0t\" data-element_type=\"widget\" data-e-type=\"widget\" data-widget_type=\"text-editor.default\">\n\t\t\t\t\t\t\t\t\t<p>Ragnar\u00f6k u nordijskoj <span class=\"iwg-fachbegriff\" data-tooltip=\"Ukupnost predanih pri\u010da o bogovima jedne kulture.\" tabindex=\"0\">mitologiji<\/span> ozna\u010dava doga\u0111aje na kraju svijeta: propast bogova, uru\u0161avanje kozmosa i naknadnu obnovu zemlje. Ne radi se o osobi ili bi\u0107u, nego o <span class=\"iwg-fachbegriff\" data-tooltip=\"Predaja koja govori o bogovima, podrijetlu i poretku svijeta.\" tabindex=\"0\">mitu<\/span>, povezanom nizu doga\u0111aja koji <span class=\"iwg-fachbegriff\" data-tooltip=\"Preno\u0161enje znanja i pri\u010da kroz generacije.\" tabindex=\"0\">predaja<\/span> opisuje kao predodre\u0111enu sudbinu svih sila.<\/p><p>Unutar religije <a href=\"https:\/\/iwell-guard.com\/hr\/germanska-tradicija\/\">germanskog<\/a> svijeta, to\u010dnije staronordijske <span class=\"iwg-fachbegriff\" data-tooltip=\"Preno\u0161enje znanja i pri\u010da kroz generacije.\" tabindex=\"0\">predaje<\/span> Skandinavije i Islanda, Ragnar\u00f6k zauzima posebno mjesto.<\/p><p>To je jedini opse\u017eno razra\u0111en mit o kraju svijeta, i on je tijesno povezan s predod\u017ebom da su i sami bogovi podvrgnuti sudbini. Za razliku od besmrtnih bogova drugih religija, nordijski bogovi znaju za svoj kraj, a ipak mu idu u susret.<\/p><p>Religijsko-znanstveno gledano, Ragnar\u00f6k spada u eshatologije, nau\u010davanja o posljednjim stvarima. Karakteristi\u010dno je povezivanje propasti i obnove: <span class=\"iwg-fachbegriff\" data-tooltip=\"Predaja koja govori o bogovima, podrijetlu i poretku svijeta.\" tabindex=\"0\">mit<\/span> ne zavr\u0161ava uni\u0161tenjem, nego uzdizanjem novog, pro\u010di\u0161\u0107enog svijeta.<\/p><p>Time se razlikuje od \u010disto katastrofi\u010dne predod\u017ebe i pribli\u017eava cikli\u010dkom modelu, u kojem se kraj i po\u010detak isprepli\u0107u.<\/p>\t\t\t\t\t\t\t\t<\/div>\n\t\t\t\t\t<\/div>\n\t\t\t\t<\/div>\n\t\t<div class=\"elementor-element elementor-element-iwgw-ragnaroek-s1 e-flex e-con-boxed e-con e-parent\" data-id=\"iwgw-ragnaroek-s1\" data-element_type=\"container\" data-e-type=\"container\">\n\t\t\t\t\t<div class=\"e-con-inner\">\n\t\t\t\t<div class=\"elementor-element elementor-element-iwgw-ragnaroek-s1h elementor-widget elementor-widget-heading\" data-id=\"iwgw-ragnaroek-s1h\" data-element_type=\"widget\" data-e-type=\"widget\" data-widget_type=\"heading.default\">\n\t\t\t\t\t<h2 class=\"elementor-heading-title elementor-size-default\">Ime i etimologija<\/h2>\t\t\t\t<\/div>\n\t\t\t\t<div class=\"elementor-element elementor-element-iwgw-ragnaroek-s1t elementor-widget elementor-widget-text-editor\" data-id=\"iwgw-ragnaroek-s1t\" data-element_type=\"widget\" data-e-type=\"widget\" data-widget_type=\"text-editor.default\">\n\t\t\t\t\t\t\t\t\t<p>Staronordijski pojam <em>ragnar\u00f6k<\/em> slo\u017een je od <em>ragna<\/em>, genitiva mno\u017eine rije\u010di <em>regin<\/em>, savjetuju\u0107e sile ili bogovi, i <em>r\u00f6k<\/em>, sudbina, propast ili podrijetlo. Doslovno zna\u010denje je dakle sudbina bogova ili propast sila.<\/p><p>Uz to se u izvorima javlja i oblik <em>ragnar\u00f8kkr<\/em>, izveden od <em>r\u00f8kkr<\/em>, sumrak, koji doga\u0111aj tuma\u010di kao sumrak bogova.<\/p><p>Ovo drugo tuma\u010denje jezi\u010dno je vjerojatno sekundarno, ali je razvilo veliku recepcijsku povijest. Preko njema\u010dkog prijevoda G\u00f6tterd\u00e4mmerung pojam je postao poznat daleko izvan stru\u010dne znanosti, ne najmanje zahvaljuju\u0107i glazbi 19. stolje\u0107a.<\/p><p>Znanost danas naj\u010de\u0161\u0107e daje prednost obliku Ragnar\u00f6k sa zna\u010denjem sudbina bogova, jer je bli\u017ei starijoj <span class=\"iwg-fachbegriff\" data-tooltip=\"Preno\u0161enje znanja i pri\u010da kroz generacije.\" tabindex=\"0\">predaji<\/span>. Oba tuma\u010denja su ipak stara i stoje za dva aspekta istog <span class=\"iwg-fachbegriff\" data-tooltip=\"Predaja koja govori o bogovima, podrijetlu i poretku svijeta.\" tabindex=\"0\">mita<\/span>: predodre\u0111enu propast s jedne strane i ga\u0161enje bo\u017eanskih svjetlosnih sila s druge.<\/p>\t\t\t\t\t\t\t\t<\/div>\n\t\t\t\t\t<\/div>\n\t\t\t\t<\/div>\n\t\t<div class=\"elementor-element elementor-element-iwgw-ragnaroek-s2 e-flex e-con-boxed e-con e-parent\" data-id=\"iwgw-ragnaroek-s2\" data-element_type=\"container\" data-e-type=\"container\">\n\t\t\t\t\t<div class=\"e-con-inner\">\n\t\t\t\t<div class=\"elementor-element elementor-element-iwgw-ragnaroek-s2h elementor-widget elementor-widget-heading\" data-id=\"iwgw-ragnaroek-s2h\" data-element_type=\"widget\" data-e-type=\"widget\" data-widget_type=\"heading.default\">\n\t\t\t\t\t<h2 class=\"elementor-heading-title elementor-size-default\">Predznaci i tijek pri\u010de<\/h2>\t\t\t\t<\/div>\n\t\t\t\t<div class=\"elementor-element elementor-element-iwgw-ragnaroek-s2t elementor-widget elementor-widget-text-editor\" data-id=\"iwgw-ragnaroek-s2t\" data-element_type=\"widget\" data-e-type=\"widget\" data-widget_type=\"text-editor.default\">\n\t\t\t\t\t\t\t\t\t<p><span class=\"iwg-fachbegriff\" data-tooltip=\"Predaja o bogovima, podrijetlu i poretku svijeta.\" tabindex=\"0\">Mit<\/span> opisuje Ragnar\u00f6k kao doga\u0111aj koji najavljuje niz predznaka. Prethodi mu <em>Fimbulwinter<\/em>, trostruka, neprekidna zima bez ljeta izme\u0111u, pra\u0107ena ratom, moralnim propadanjem i raspadom ljudskog poretka.<\/p><p>Bra\u0107a ubijaju jedni druge, sve veze se raspadaju. <em>V\u00f6lusp\u00e1<\/em> sa\u017eima ovo propadanje u prodorne stihove koji govore o vremenu sjekira, vremenu ma\u010deva, vremenu vjetra i vremenu vukova, shva\u0107aju\u0107i dru\u0161tveni kaos kao predznak kozmi\u010dkog.<\/p><p>Slijede kozmi\u010dki znakovi: vukovi pro\u017ediru Sunce i Mjesec, zvijezde padaju, zemlja se trese i sve okove pucaju. Neprijateljske sile postaju slobodne.<\/p><p>Okovani vuk Fenrir se osloba, morska zmija J\u00f6rmungandr izlazi iz mora, brod mrtvih Naglfar se pribli\u017eava sa silama dubine, a ognjeni divovi kre\u0107u predvo\u0111eni Surtom iz Muspellsheima i spaljuju svijet.<\/p><p>Tako\u0111er i okovani Loki se osloba i staje na stranu neprijatelja. Heimdall, \u010duvar bogova, pu\u0161e u rog Gjallarhorn i poziva bogove i pale ratnike okupljene u Valhalli na posljednju bitku na polju Vigrid.<\/p><p>Na velikom bojnom polju sukobljavaju se bogovi i neprijatelji. <a href=\"https:\/\/iwell-guard.com\/hr\/odin\/\">Odin<\/a> pada u borbi protiv vuka Fenrira, kojeg osve\u0107uje njegov sin Vidar.<\/p><p><a href=\"https:\/\/iwell-guard.com\/hr\/thor\/\">Thor<\/a> ubija morsku zmiju, ali nakon devet koraka i sam podlije\u017ee njezinu otrovu. Freyr pada u sukobu sa Surtom, \u010duvar Heimdall i Loki ubijaju jedan drugoga, a isto se dogodi psu Garmu i bogu rata Tyru.<\/p><p>Naposljetku Surtova vatra obuhva\u0107a cijeli svijet, i zemlja progutana plamenom tone u more. Pri\u010da se ovdje ne zavr\u0161ava: iz vode se izdi\u017ee nova, zelena zemlja.<\/p><p>Bogovi kao Vidar, Vali i Thorovi sinovi pre\u017eivljavaju, Balder se vra\u0107a iz carstva mrtvih, ljudski par Lif i Lifthrasir sklonio se u <span class=\"iwg-fachbegriff\" data-tooltip=\"Sveti \u0161umski predjel koji je slu\u017eio kao kultno mjesto.\" tabindex=\"0\">gaju<\/span>, i po\u010dinje novi tijek svijeta.<\/p>\t\t\t\t\t\t\t\t<\/div>\n\t\t\t\t\t<\/div>\n\t\t\t\t<\/div>\n\t\t<div class=\"elementor-element elementor-element-iwgw-ragnaroek-s3 e-flex e-con-boxed e-con e-parent\" data-id=\"iwgw-ragnaroek-s3\" data-element_type=\"container\" data-e-type=\"container\">\n\t\t\t\t\t<div class=\"e-con-inner\">\n\t\t\t\t<div class=\"elementor-element elementor-element-iwgw-ragnaroek-s3h elementor-widget elementor-widget-heading\" data-id=\"iwgw-ragnaroek-s3h\" data-element_type=\"widget\" data-e-type=\"widget\" data-widget_type=\"heading.default\">\n\t\t\t\t\t<h2 class=\"elementor-heading-title elementor-size-default\">Mitologija i predaja<\/h2>\t\t\t\t<\/div>\n\t\t\t\t<div class=\"elementor-element elementor-element-iwgw-ragnaroek-s3t elementor-widget elementor-widget-text-editor\" data-id=\"iwgw-ragnaroek-s3t\" data-element_type=\"widget\" data-e-type=\"widget\" data-widget_type=\"text-editor.default\">\n\t\t\t\t\t\t\t\t\t<p>Najva\u017eniji izvori za Ragnar\u00f6k su dva teksta iz 13. stolje\u0107a s Islanda. Eddska pjesma <em>V\u00f6lusp\u00e1<\/em>, Pjesma proro\u010dice, opisuje gustim, naslu\u0107uju\u0107im jezikom cijeli tijek svijeta od stvaranja preko propasti do obnove.<\/p><p>Snorri Sturluson u svojoj <em>Prozai\u010dnoj Eddi<\/em> sustavno sa\u017eima <span class=\"iwg-fachbegriff\" data-tooltip=\"Predaja o bogovima, podrijetlu i poretku svijeta.\" tabindex=\"0\">mit<\/span>, citiraju\u0107i pri tome starije pjesme, ali ih ure\u0111uje prema vlastitom shva\u0107anju.<\/p><p>Druge eddske pjesme, poput <em>Vaf\u00fer\u00fa\u00f0nism\u00e1l<\/em>, donose pojedine gradivne dijelove, primjerice o pre\u017eivjelima i o Fimbulwinteru. <span class=\"iwg-fachbegriff\" data-tooltip=\"Preno\u0161enje znanja i pri\u010da kroz generacije.\" tabindex=\"0\">Predaja<\/span> tako nije ni jedinstvena ni bez proturje\u010dja: redoslijed doga\u0111aja, likovi koji u njima sudjeluju i pojedinosti razlikuju se me\u0111u izvorima. Ne\u0161to od onoga \u0161to se smatra ustaljenom slikom potje\u010de od Snorrijeve uredni\u010dke ruke.<\/p><p>Tome se pridodaje i problem datiranja. Pisani izvori nastali su na kr\u0161\u0107anskom Islandu, vi\u0161e od dva stolje\u0107a nakon slu\u017ebenog prihva\u0107anja kr\u0161\u0107anstva. Starija istra\u017eivanja vidjela su u povezanosti propasti i obnovljenog svijeta, u kojem se javlja vi\u0161a, neimenovana mo\u0107na sila, kr\u0161\u0107anski utjecaj.<\/p><p>Novija istra\u017eivanja prosu\u0111uju opreznije: jezgra <span class=\"iwg-fachbegriff\" data-tooltip=\"Predaja o bogovima, podrijetlu i poretku svijeta.\" tabindex=\"0\">mita<\/span>, borba bogova protiv sila kaosa i njihova predodre\u0111ena propast, smatra se <span class=\"iwg-fachbegriff\" data-tooltip=\"Potje\u010de iz vremena prije \u0161irenja kr\u0161\u0107anstva.\" tabindex=\"0\">predkr\u0161\u0107anskom<\/span>, no sa\u010duvani oblik oblikovan je i kr\u0161\u0107anskim okolnostima zapisivanja.<\/p>\t\t\t\t\t\t\t\t<\/div>\n\t\t\t\t\t<\/div>\n\t\t\t\t<\/div>\n\t\t<div class=\"elementor-element elementor-element-iwgw-ragnaroek-s4 e-flex e-con-boxed e-con e-parent\" data-id=\"iwgw-ragnaroek-s4\" data-element_type=\"container\" data-e-type=\"container\">\n\t\t\t\t\t<div class=\"e-con-inner\">\n\t\t\t\t<div class=\"elementor-element elementor-element-iwgw-ragnaroek-s4h elementor-widget elementor-widget-heading\" data-id=\"iwgw-ragnaroek-s4h\" data-element_type=\"widget\" data-e-type=\"widget\" data-widget_type=\"heading.default\">\n\t\t\t\t\t<h2 class=\"elementor-heading-title elementor-size-default\">Mjesto u kultu i sustavu vjerovanja<\/h2>\t\t\t\t<\/div>\n\t\t\t\t<div class=\"elementor-element elementor-element-iwgw-ragnaroek-s4t elementor-widget elementor-widget-text-editor\" data-id=\"iwgw-ragnaroek-s4t\" data-element_type=\"widget\" data-e-type=\"widget\" data-widget_type=\"text-editor.default\">\n\t\t\t\t\t\t\t\t\t<p>Za razliku od \u0161tovanog bi\u0107a, Ragnar\u00f6k nije bio predmet vlastitog kulta. Nisu postojali obredi koji bi se izravno odnosili na eshatolo\u0161ki mit. Njegovo zna\u010denje le\u017ealo je u sustavu vjerovanja i u tuma\u010denju ljudske egzistencije, a ne u kultnoj praksi.<\/p><p>Ipak, misao o predodre\u0111enom kraju pro\u017eimala je vjersku predod\u017ebu svijeta. Okupljanje palih ratnika u dvorani vrhovnog boga, priprema na posljednju bitku opisana u izvorima, povezivala je sudbinu pojedinih mrtvih s kozmi\u010dkim zbivanjem.<\/p><p>Onaj koji je \u010dasno pao u borbi trebao je na kraju stati na stranu bogova. Tako je ideal hrabrosti dobio eshatolo\u0161ko opravdanje.<\/p><p>Sa religijskopovijesnog gledi\u0161ta Ragnar\u00f6k se \u010desto tuma\u010di kao izraz stava u kojem su i sami bogovi podlo\u017eni sudbini, ali joj se ipak suprotstavljaju uspravno. Ta predod\u017eba oblikovala je shva\u0107anje \u010dasti, hrabrosti i postojanosti.<\/p><p>Jesu li ljudi vikin\u0161kog doba <span class=\"iwg-fachbegriff\" data-tooltip=\"Predaja o bogovima, podrijetlu i poretku svijeta.\" tabindex=\"0\">mit<\/span> shva\u0107ali kao skoro nadolaze\u0107i, kao daleku propast ili kao slikovito tuma\u010denje svjetskog poretka, iz izvora se ne mo\u017ee jednozna\u010dno utvrditi.<\/p>\t\t\t\t\t\t\t\t<\/div>\n\t\t\t\t\t<\/div>\n\t\t\t\t<\/div>\n\t\t<div class=\"elementor-element elementor-element-iwgw-ragnaroek-s5 e-flex e-con-boxed e-con e-parent\" data-id=\"iwgw-ragnaroek-s5\" data-element_type=\"container\" data-e-type=\"container\">\n\t\t\t\t\t<div class=\"e-con-inner\">\n\t\t\t\t<div class=\"elementor-element elementor-element-iwgw-ragnaroek-s5h elementor-widget elementor-widget-heading\" data-id=\"iwgw-ragnaroek-s5h\" data-element_type=\"widget\" data-e-type=\"widget\" data-widget_type=\"heading.default\">\n\t\t\t\t\t<h2 class=\"elementor-heading-title elementor-size-default\">Za\u0161titno tuma\u010denje i suo\u010davanje s propa\u0161\u0107u<\/h2>\t\t\t\t<\/div>\n\t\t\t\t<div class=\"elementor-element elementor-element-iwgw-ragnaroek-s5t elementor-widget elementor-widget-text-editor\" data-id=\"iwgw-ragnaroek-s5t\" data-element_type=\"widget\" data-e-type=\"widget\" data-widget_type=\"text-editor.default\">\n\t\t\t\t\t\t\t\t\t<p>Kako se Ragnar\u00f6k smatrao neizbje\u017enim, sudbinom odre\u0111enim doga\u0111ajem, <span class=\"iwg-fachbegriff\" data-tooltip=\"Preno\u0161enje znanja i pri\u010da kroz generacije.\" tabindex=\"0\">predaja<\/span> nije poznavala nikakvu apotropejsku praksu koja bi ga mogla sprije\u010diti. Propast bogova nije se mogla zaustaviti \u010darolijom, <span class=\"iwg-fachbegriff\" data-tooltip=\"Dar bo\u017eanstvu kao izraz zahvale, molbe ili po\u0161tovanja.\" tabindex=\"0\">\u017ertvom<\/span> ili <span class=\"iwg-fachbegriff\" data-tooltip=\"Predmet koji se nosi na tijelu i kojemu se pripisuje za\u0161titno, zlo odbijaju\u0107e djelovanje.\" tabindex=\"0\">amuletom<\/span>. Za\u0161tita u u\u017eem smislu stoga nije tema <span class=\"iwg-fachbegriff\" data-tooltip=\"Predana pri\u010da o bogovima, podrijetlu i poretku svijeta.\" tabindex=\"0\">mita<\/span>.<\/p><p>Suo\u010davanje s propa\u0161\u0107u odvijalo se, \u0161tovi\u0161e, na drugoj razini. Bogovi sami djeluju predostro\u017eno: ve\u017eu vuka i ostala kaoti\u010dna bi\u0107a, poku\u0161avaju odgoditi nesre\u0107u, iako znaju da \u0107e ona do\u0107i.<\/p><p>Ovo sputavanje razornih sila dr\u017ei svijet na okupu za odre\u0111eno vrijeme. U <span class=\"iwg-fachbegriff\" data-tooltip=\"Predana pri\u010da o bogovima, podrijetlu i poretku svijeta.\" tabindex=\"0\">mitu<\/span> to je model djelovanja koje \u010duva poredak, ali ne mo\u017ee pore\u0107i kraj.<\/p><p>Za ljude odgovaraju\u0107i stav le\u017ei u prihva\u0107anju sudbine i \u010dasnom pona\u0161anju unutar postavljenih granica. Znanstveno gledano, Ragnar\u00f6k se tako mo\u017ee \u010ditati kao <span class=\"iwg-fachbegriff\" data-tooltip=\"Predana pri\u010da o bogovima, podrijetlu i poretku svijeta.\" tabindex=\"0\">mit<\/span> koji ne obe\u0107ava za\u0161titu od kraja, nego nudi tuma\u010denje kako \u017eivjeti sa sigurno\u0161\u0107u kraja.<\/p><p>Utjeha ne le\u017ei u odbrani, nego u izgledu obnovljenog svijeta koji se nakon propasti uzdi\u017ee iz mora.<\/p>\t\t\t\t\t\t\t\t<\/div>\n\t\t\t\t\t<\/div>\n\t\t\t\t<\/div>\n\t\t<div class=\"elementor-element elementor-element-iwgw-ragnaroek-s6 e-flex e-con-boxed e-con e-parent\" data-id=\"iwgw-ragnaroek-s6\" data-element_type=\"container\" data-e-type=\"container\">\n\t\t\t\t\t<div class=\"e-con-inner\">\n\t\t\t\t<div class=\"elementor-element elementor-element-iwgw-ragnaroek-s6h elementor-widget elementor-widget-heading\" data-id=\"iwgw-ragnaroek-s6h\" data-element_type=\"widget\" data-e-type=\"widget\" data-widget_type=\"heading.default\">\n\t\t\t\t\t<h2 class=\"elementor-heading-title elementor-size-default\">Slikovna i materijalna svjedo\u010danstva<\/h2>\t\t\t\t<\/div>\n\t\t\t\t<div class=\"elementor-element elementor-element-iwgw-ragnaroek-s6t elementor-widget elementor-widget-text-editor\" data-id=\"iwgw-ragnaroek-s6t\" data-element_type=\"widget\" data-e-type=\"widget\" data-widget_type=\"text-editor.default\">\n\t\t\t\t\t\t\t\t\t<p>Osim knji\u017eevnih izvora, postoji i niz slikovnih svjedo\u010danstava koja se povezuju s pripovijetkom o Ragnar\u00f6ku. Kameni spomenik iz vikin\u0161kog doba u Ledbergu u \u0160vedskoj prikazuje lik kojeg napada \u017eivotinja za nogu, \u0161to se \u010desto tuma\u010dilo kao Odin i vuk Fenrir.<\/p><p>Na kri\u017eu iz Gosfortha u engleskom Cumbriji, kr\u0161\u0107anskom spomeniku iz 10. stolje\u0107a, nalaze se prizori koji se tuma\u010de kao svezan Loki, Heimdall s rogom i Vidarova borba s vukom.<\/p><p>Ova tuma\u010denja nisu bez prijepora, jer prikazi nemaju natpise i dopu\u0161taju vi\u0161e tuma\u010denja. Ona ipak pokazuju da su motivi mita o kraju svijeta likovno oblikovani ve\u0107 u vikin\u0161ko doba, dakle prije pismenog zapisa u <em>V\u00f6lusp\u00e1<\/em> i <em>Prozai\u010dnoj Eddi<\/em>.<\/p><p>Posebno je zanimljiv Gosforth kri\u017e: on povezuje kr\u0161\u0107ansku i pogansku slikovnu tradiciju na jednom jedinom spomeniku i svjedo\u010di da je <span class=\"iwg-fachbegriff\" data-tooltip=\"Predana pri\u010da o bogovima, podrijetlu i poretku svijeta.\" tabindex=\"0\">mit<\/span> u prijelaznom razdoblju ostao \u017eiv i bio iznova tuma\u010den.<\/p><p>Znanstveno su takva svjedo\u010danstva vrijedna jer otvaraju neovisan pristup <span class=\"iwg-fachbegriff\" data-tooltip=\"Preno\u0161enje znanja i pri\u010da kroz generacije.\" tabindex=\"0\">predaji<\/span>. Ona potvr\u0111uju pretpostavku da je postojala predkr\u0161\u0107anska jezgra, ali istovremeno pozivaju na oprez: slika i tekst ne moraju pretpostavljati istu verziju <span class=\"iwg-fachbegriff\" data-tooltip=\"Predana pri\u010da o bogovima, podrijetlu i poretku svijeta.\" tabindex=\"0\">mita<\/span>, a neke identifikacije po\u010divaju vi\u0161e na o\u010dekivanjima istra\u017eiva\u010da nego na jasnim obilje\u017ejima.<\/p>\t\t\t\t\t\t\t\t<\/div>\n\t\t\t\t\t<\/div>\n\t\t\t\t<\/div>\n\t\t<div class=\"elementor-element elementor-element-iwgw-ragnaroek-s7 e-flex e-con-boxed e-con e-parent\" data-id=\"iwgw-ragnaroek-s7\" data-element_type=\"container\" data-e-type=\"container\">\n\t\t\t\t\t<div class=\"e-con-inner\">\n\t\t\t\t<div class=\"elementor-element elementor-element-iwgw-ragnaroek-s7h elementor-widget elementor-widget-heading\" data-id=\"iwgw-ragnaroek-s7h\" data-element_type=\"widget\" data-e-type=\"widget\" data-widget_type=\"heading.default\">\n\t\t\t\t\t<h2 class=\"elementor-heading-title elementor-size-default\">Paralele u drugim kulturama<\/h2>\t\t\t\t<\/div>\n\t\t\t\t<div class=\"elementor-element elementor-element-iwgw-ragnaroek-s7t elementor-widget elementor-widget-text-editor\" data-id=\"iwgw-ragnaroek-s7t\" data-element_type=\"widget\" data-e-type=\"widget\" data-widget_type=\"text-editor.default\">\n\t\t\t\t\t\t\t\t\t<p>Mitovi o kraju svijeta ra\u0161ireni su u povijesti religija, a Ragnar\u00f6k se mo\u017ee usporediti s nekoliko njih. U iranskoj <span class=\"iwg-fachbegriff\" data-tooltip=\"Preno\u0161enje znanja i pri\u010da kroz generacije.\" tabindex=\"0\">predaji<\/span> postoji predstava o velikom sukobu izme\u0111u sila dobra i zla, na \u010dijem se kraju uspostavlja pro\u010di\u0161\u0107en, obnovljen svijet.<\/p><p>\u017didovsko-kr\u0161\u0107anska apokaliptika tako\u0111er poznaje posljednju bitku, sud i novo nebo i novu zemlju.<\/p><p>Kod Ragnar\u00f6ka je upe\u010datljiva povezanost propasti i povratka, koja ga pribli\u017eava cikli\u010dkoj slici svijeta, poput one u indijskim predstavama o uzastopnim svjetskim epohama. Istodobno doga\u0111aj ostaje jedinstven i usmjeren, \u010dime se pribli\u017eava linearnoj apokaliptici. Ragnar\u00f6k tako stoji izme\u0111u cikli\u010dkog i linearnog modela.<\/p><p>Unutar germanskog svijeta samog, borba bogova protiv velikana i kaoti\u010dnih bi\u0107a je stalan <span class=\"iwg-fachbegriff\" data-tooltip=\"Element sadr\u017eaja koji se ponavlja u umjetnosti ili pripovijetci.\" tabindex=\"0\">motiv<\/span>, koji u Ragnar\u00f6ku dose\u017ee svoj vrhunac i kraj.<\/p><p>Znanstveno je kod svih usporedbi potreban oprez: sli\u010dnosti pokazuju ra\u0161irene obrasce tuma\u010denja, ali ne dokazuju izravnu ovisnost. Pitanje koliko sa\u010duvana verzija duguje kr\u0161\u0107anskom zapisu ostaje pri tome va\u017ean dio raspreve.<\/p>\t\t\t\t\t\t\t\t<\/div>\n\t\t\t\t\t<\/div>\n\t\t\t\t<\/div>\n\t\t<div class=\"elementor-element elementor-element-iwgw-ragnaroek-s8 e-flex e-con-boxed e-con e-parent\" data-id=\"iwgw-ragnaroek-s8\" data-element_type=\"container\" data-e-type=\"container\">\n\t\t\t\t\t<div class=\"e-con-inner\">\n\t\t\t\t<div class=\"elementor-element elementor-element-iwgw-ragnaroek-s8h elementor-widget elementor-widget-heading\" data-id=\"iwgw-ragnaroek-s8h\" data-element_type=\"widget\" data-e-type=\"widget\" data-widget_type=\"heading.default\">\n\t\t\t\t\t<h2 class=\"elementor-heading-title elementor-size-default\">Suvremena recepcija i istra\u017eivanja<\/h2>\t\t\t\t<\/div>\n\t\t\t\t<div class=\"elementor-element elementor-element-iwgw-ragnaroek-s8t elementor-widget elementor-widget-text-editor\" data-id=\"iwgw-ragnaroek-s8t\" data-element_type=\"widget\" data-e-type=\"widget\" data-widget_type=\"text-editor.default\">\n\t\t\t\t\t\t\t\t\t<p>Ragnar\u00f6k spada me\u0111u najutjecajnije mitove germanske <span class=\"iwg-fachbegriff\" data-tooltip=\"Preno\u0161enje znanja i pripovijesti kroz generacije.\" tabindex=\"0\">predaje<\/span>. Preko romanti\u010dnog odu\u0161evljenja srednjim vijekom u 19. stolje\u0107u, a posebno preko scenskog djela Richarda Wagnera \u010diji se zavr\u0161ni dio naziva Sumrak bogova, taj je <span class=\"iwg-fachbegriff\" data-tooltip=\"Predana pri\u010da o bogovima, podrijetlu i poretku svijeta.\" tabindex=\"0\">mit<\/span> postao poznat \u0161irokoj publici.<\/p><p>Otada je mnogo puta preuzet u knji\u017eevnosti, likovnoj umjetnosti, filmu, igrama i popularnoj kulturi, \u010desto znatno izmijenjen i udaljen od izvorne gra\u0111e.<\/p><p>Znanstveno istra\u017eivanje bavilo se ponajvi\u0161e dvama pitanjima.<\/p><p>Prvo se odnosi na starost i vjerodostojnost predaje. Koliko je od onoga \u0161to je sa\u010duvano u V\u00f6luspi i Prozai\u010dnoj Eddi predkr\u0161\u0107ansko, a koliko je kr\u0161\u0107anski kontekst zapisivanja oblikovao mit? Rudolf Simek, Jan de Vries, Gro Steinsland i John Lindow ovdje su postavili razli\u010dite naglaske. Novija istra\u017eivanja prete\u017eno pretpostavljaju predkr\u0161\u0107ansku jezgru, no sa\u010duvani oblik tuma\u010de kao sukreiran u kr\u0161\u0107ansko doba.<\/p><p>Drugo se pitanje odnosi na tuma\u010denje: je li Ragnar\u00f6k pesimisti\u010dan mit o propasti ili mit o nadi i obnovi? Istra\u017eivanja uglavnom isti\u010du da se oboje isprepli\u0107e i da upravo u toj napetosti <span class=\"iwg-fachbegriff\" data-tooltip=\"Predana pri\u010da o bogovima, podrijetlu i poretku svijeta.\" tabindex=\"0\">mit<\/span> ima svoju osobitost.<\/p><p>Kriti\u010dki se razmatra i moderno prisvajanje mita, primjerice kad se <span class=\"iwg-fachbegriff\" data-tooltip=\"Predana pri\u010da o bogovima, podrijetlu i poretku svijeta.\" tabindex=\"0\">mit<\/span> ideolo\u0161ki instrumentalizira ili pogre\u0161no shva\u0107a kao puku fantaziju o propasti. Pristup blizak izvorima naprotiv isti\u010de da Ragnar\u00f6k u jedinstvenom pripovjednom luku povezuje kraj i po\u010detak.<\/p>\t\t\t\t\t\t\t\t<\/div>\n\t\t\t\t\t<\/div>\n\t\t\t\t<\/div>\n\t\t<div class=\"elementor-element elementor-element-iwgw-ragnaroek-lit e-flex e-con-boxed e-con e-parent\" data-id=\"iwgw-ragnaroek-lit\" data-element_type=\"container\" data-e-type=\"container\">\n\t\t\t\t\t<div class=\"e-con-inner\">\n\t\t\t\t<div class=\"elementor-element elementor-element-iwgw-ragnaroek-lith elementor-widget elementor-widget-heading\" data-id=\"iwgw-ragnaroek-lith\" data-element_type=\"widget\" data-e-type=\"widget\" data-widget_type=\"heading.default\">\n\t\t\t\t\t<h2 class=\"elementor-heading-title elementor-size-default\">Literatura (izbor)<\/h2>\t\t\t\t<\/div>\n\t\t\t\t<div class=\"elementor-element elementor-element-iwgw-ragnaroek-litt elementor-widget elementor-widget-text-editor\" data-id=\"iwgw-ragnaroek-litt\" data-element_type=\"widget\" data-e-type=\"widget\" data-widget_type=\"text-editor.default\">\n\t\t\t\t\t\t\t\t\t<ul><li>Rudolf Simek: <em>Lexikon der germanischen <span class=\"iwg-fachbegriff\" data-tooltip=\"Ukupnost predaja o bogovima jedne kulture.\" tabindex=\"0\">Mythologie<\/span><\/em> (1984)<\/li><li>Jan de Vries: <em>Altgermanische Religionsgeschichte<\/em> (1956\u20131957)<\/li><li><span data-nosnippet>Gro Steinsland: <em>Norr\u00f8n religion. Myter, riter, samfunn<\/em> (2005)<\/span><\/li><li><span data-nosnippet>John Lindow: <em>Norse Mythology. A Guide to the Gods, Heroes, Rituals, and Beliefs<\/em> (2001)<\/span><\/li><li>Andreas Nordberg: <em>Krigarna i Odins sal<\/em> (2003)<\/li><\/ul>\t\t\t\t\t\t\t\t<\/div>\n\t\t\t\t\t<\/div>\n\t\t\t\t<\/div>\n\t\t<div class=\"elementor-element elementor-element-iwgkw2-add-ragnaroek e-flex e-con-boxed e-con e-parent\" data-id=\"iwgkw2-add-ragnaroek\" data-element_type=\"container\" data-e-type=\"container\">\n\t\t\t\t\t<div class=\"e-con-inner\">\n\t\t\t\t<div class=\"elementor-element elementor-element-iwgkw2-add-ragnaroek-t elementor-widget elementor-widget-text-editor\" data-id=\"iwgkw2-add-ragnaroek-t\" data-element_type=\"widget\" data-e-type=\"widget\" data-widget_type=\"text-editor.default\">\n\t\t\t\t\t\t\t\t\t<p>Kao <em>propast svijeta<\/em> nordijske <span class=\"iwg-fachbegriff\" data-tooltip=\"Preno\u0161enje znanja i pri\u010da kroz generacije.\" tabindex=\"0\">predaje<\/span>, Ragnar\u00f6k opisuje pad Asa u borbi protiv J\u00f6tnara, Fenrira i Surta, te ponovni nastanak o\u010di\u0161\u0107enog svijeta iz voda.<\/p>\t\t\t\t\t\t\t\t<\/div>\n\t\t\t\t\t<\/div>\n\t\t\t\t<\/div>\n\t\t<div class=\"elementor-element elementor-element-iwgw-ragnaroek-kwd e-flex e-con-boxed e-con e-parent\" data-id=\"iwgw-ragnaroek-kwd\" data-element_type=\"container\" data-e-type=\"container\">\n\t\t\t\t\t<div class=\"e-con-inner\">\n\t\t\t\t<div class=\"elementor-element elementor-element-iwgw-ragnaroek-kwdt elementor-widget elementor-widget-text-editor\" data-id=\"iwgw-ragnaroek-kwdt\" data-element_type=\"widget\" data-e-type=\"widget\" data-widget_type=\"text-editor.default\">\n\t\t\t\t\t\t\t\t\t<p><em>Srodni klju\u010dni pojmovi: Ragnar\u00f6k G\u00f6tterd\u00e4mmerung Fimbulwinter V\u00f6lusp\u00e1 Edda mit o svr\u0161etku svijeta eshatologija regin.<\/em><\/p>\t\t\t\t\t\t\t\t<\/div>\n\t\t\t\t\t<\/div>\n\t\t\t\t<\/div>\n\t\t<div class=\"elementor-element elementor-element-iwgw-ragnaroek-cc e-flex e-con-boxed e-con e-parent\" data-id=\"iwgw-ragnaroek-cc\" data-element_type=\"container\" data-e-type=\"container\" id=\"iwg-cc-ragnaroek\">\n\t\t\t\t\t<div class=\"e-con-inner\">\n\t\t<div class=\"elementor-element elementor-element-iwgw-ragnaroek-ccinner e-flex e-con-boxed e-con e-parent\" data-id=\"iwgw-ragnaroek-ccinner\" data-element_type=\"container\" data-e-type=\"container\" data-settings=\"{&quot;background_background&quot;:&quot;classic&quot;}\">\n\t\t\t\t\t<div class=\"e-con-inner\">\n\t\t\t\t<div class=\"elementor-element elementor-element-iwgw-ragnaroek-cch elementor-widget elementor-widget-heading\" data-id=\"iwgw-ragnaroek-cch\" data-element_type=\"widget\" data-e-type=\"widget\" data-widget_type=\"heading.default\">\n\t\t\t\t\t<h2 class=\"elementor-heading-title elementor-size-default\">iWell Guard i tradicije za\u0161tite<\/h2>\t\t\t\t<\/div>\n\t\t\t\t<div class=\"elementor-element elementor-element-iwgw-ragnaroek-cct elementor-widget elementor-widget-text-editor\" data-id=\"iwgw-ragnaroek-cct\" data-element_type=\"widget\" data-e-type=\"widget\" data-widget_type=\"text-editor.default\">\n\t\t\t\t\t\t\t\t\t<div data-nosnippet=\"true\"><p>iWell Guard nastavlja kulturnopovijesnu tradiciju nosivih za\u0161titnih predmeta, u tradiciji <a href=\"https:\/\/iwell-guard.com\/hr\/germanska-tradicija\/\">germanske kulture<\/a> i mnogih drugih kultura \u0161irom svijeta. 41 razina, pravo zlato, platina, srebro, izra\u0111eno u Njema\u010dkoj. Pravo na povrat u roku od 30 dana.<\/p><\/div>\t\t\t\t\t\t\t\t<\/div>\n\t\t\t\t<div class=\"elementor-element elementor-element-iwgw-ragnaroek-ccb iwg-cc-button iwg-cc-cta-2026-05-13 elementor-widget elementor-widget-jet-button\" data-id=\"iwgw-ragnaroek-ccb\" data-element_type=\"widget\" data-e-type=\"widget\" data-widget_type=\"jet-button.default\">\n\t\t\t\t<div class=\"elementor-widget-container\">\n\t\t\t\t\t<div class=\"elementor-jet-button jet-elements\"><div class=\"jet-button__container\"><a class=\"jet-button__instance jet-button__instance--icon-left hover-effect-1\" href=\"\/ueber-iwell-guard\/?utm_source=iwell-guard.com&amp;utm_medium=info-box&amp;utm_campaign=wesen-tradition\"><div class=\"jet-button__plane jet-button__plane-normal\"><\/div><div class=\"jet-button__plane jet-button__plane-hover\"><\/div><div class=\"jet-button__state jet-button__state-normal\"><span class=\"jet-button__label\">Vi\u0161e o iWell Guardu<\/span><\/div><div class=\"jet-button__state jet-button__state-hover\"><span class=\"jet-button__label\">Vi\u0161e o iWell Guardu<\/span><\/div><\/a><\/div><\/div><style>.elementor-element.elementor-element-iwgw-ragnaroek-ccb .jet-button__instance{width:320px;height:56px;}.elementor-element.elementor-element-iwgw-ragnaroek-ccb .jet-button__state-normal .jet-button__label{text-align:center;margin:0px 0px 0px 0px;color:#1a1b20;font-family:Montserrat,sans-serif;font-size:13px;font-weight:400;letter-spacing:4px;line-height:1.714em;text-transform:uppercase;}.elementor-element.elementor-element-iwgw-ragnaroek-ccb .jet-button__state-hover .jet-button__label{text-align:center;margin:0px 0px 0px 0px;color:#FECC76;font-family:Montserrat,sans-serif;font-size:13px;font-weight:400;letter-spacing:4px;line-height:1.714em;text-transform:uppercase;}.elementor-element.elementor-element-iwgw-ragnaroek-ccb .jet-button__plane-normal{background-color:#FECC76;border-style:solid;border-color:#C99540;border-width:2px 2px 2px 2px;}.elementor-element.elementor-element-iwgw-ragnaroek-ccb .jet-button__plane-hover{background-color:rgba(0,0,0,0.55);border-style:solid;border-color:#FECC76;border-width:2px 2px 2px 2px;}<\/style>\t\t\t\t<\/div>\n\t\t\t\t<\/div>\n\t\t\t\t<div class=\"elementor-element elementor-element-iwgw-ragnaroek-ccd elementor-widget elementor-widget-text-editor\" data-id=\"iwgw-ragnaroek-ccd\" data-element_type=\"widget\" data-e-type=\"widget\" data-widget_type=\"text-editor.default\">\n\t\t\t\t\t\t\t\t\t<div data-nosnippet=\"true\"><p style=\"text-align:center;font-size:13px;opacity:0.7;margin-top:14px\" data-nosnippet=\"true\">Osobna iskustva mogu se razlikovati. Nije medicinski proizvod. Nema obe\u0107anja izlje\u010denja.<\/p><\/div>\t\t\t\t\t\t\t\t<\/div>\n\t\t\t\t\t<\/div>\n\t\t\t\t<\/div>\n\t\t\t\t\t<\/div>\n\t\t\t\t<\/div>\n\t\t<div class=\"elementor-element elementor-element-iwgw-ragnaroek-disc e-flex e-con-boxed e-con e-parent\" data-id=\"iwgw-ragnaroek-disc\" data-element_type=\"container\" data-e-type=\"container\">\n\t\t\t\t\t<div class=\"e-con-inner\">\n\t\t\t\t<div class=\"elementor-element elementor-element-iwgw-ragnaroek-discw elementor-widget elementor-widget-html\" data-id=\"iwgw-ragnaroek-discw\" data-element_type=\"widget\" data-e-type=\"widget\" data-widget_type=\"html.default\">\n\t\t\t\t\t<footer data-nosnippet=\"true\" class=\"iwg-disclaimer-block\"><p data-nosnippet=\"true\">iWell Guard <strong>nije medicinski proizvod<\/strong> i ne zamjenjuje lije\u010dni\u010dko ili psihoterapeutsko lije\u010denje. Religijsko-znanstveni sadr\u017eaji predstavljaju kulturno-povijesnu interpretaciju, a ne preporuku duhovne prakse.<\/p><\/footer>\t\t\t\t<\/div>\n\t\t\t\t\t<\/div>\n\t\t\t\t<\/div>\n\t\t\t\t<\/div>\n\t\t","protected":false},"excerpt":{"rendered":"","protected":false},"author":3,"featured_media":3372,"parent":0,"menu_order":0,"comment_status":"closed","ping_status":"closed","template":"elementor_header_footer","meta":{"_yoast_wpseo_focuskw":"Ragnar\u00f6k nordijska mitologija propast svijeta","_yoast_wpseo_title":"Ragnar\u00f6k - propast i obnova svijeta","_yoast_wpseo_metadesc":"Ragnar\u00f6k je eshatolo\u0161ki mit nordijske predaje: propast i obnova svijeta. Religijsko-znanstveno tuma\u010denje s izvorima.","_yoast_wpseo_meta-robots-noindex":"","_yoast_wpseo_canonical":"","_angie_page":false,"gefaehrdungsstufe":"","wesen_kultur":"","wesen_klasse":"","footnotes":""},"categories":[],"class_list":["post-149778","page","type-page","status-publish","has-post-thumbnail","hentry"],"yoast_head":"<!-- This site is optimized with the Yoast SEO Premium plugin v27.7 (Yoast SEO v28.3) - https:\/\/yoast.com\/product\/yoast-seo-premium-wordpress\/ -->\n<title>Ragnar\u00f6k - propast i obnova svijeta<\/title>\n<meta name=\"description\" content=\"Ragnar\u00f6k je eshatolo\u0161ki mit nordijske predaje: propast i obnova svijeta. Religijsko-znanstveno tuma\u010denje s izvorima.\" \/>\n<meta name=\"robots\" content=\"index, follow, max-snippet:-1, max-image-preview:large, max-video-preview:-1\" \/>\n<link rel=\"canonical\" href=\"https:\/\/iwell-guard.com\/hr\/ragnarok-propast-svijeta-nordijska-mitologija\/\" \/>\n<meta property=\"og:locale\" content=\"hr_HR\" \/>\n<meta property=\"og:type\" content=\"article\" \/>\n<meta property=\"og:title\" content=\"Ragnar\u00f6k \u2013 propast svijeta u nordijskoj mitologiji\" \/>\n<meta property=\"og:description\" content=\"Ragnar\u00f6k je eshatolo\u0161ki mit nordijske predaje: propast i obnova svijeta. Religijsko-znanstveno tuma\u010denje s izvorima.\" \/>\n<meta property=\"og:url\" content=\"https:\/\/iwell-guard.com\/hr\/ragnarok-propast-svijeta-nordijska-mitologija\/\" \/>\n<meta property=\"og:site_name\" content=\"iWell Guard\" \/>\n<meta property=\"article:modified_time\" content=\"2026-09-04T05:31:59+00:00\" \/>\n<meta property=\"og:image\" content=\"https:\/\/iwell-guard.com\/wp-content\/uploads\/2026\/05\/phaenomene_germanisch_ragnaroek.webp\" \/>\n\t<meta property=\"og:image:width\" content=\"1024\" \/>\n\t<meta property=\"og:image:height\" content=\"1536\" \/>\n\t<meta property=\"og:image:type\" content=\"image\/webp\" \/>\n<meta name=\"twitter:card\" content=\"summary_large_image\" \/>\n<script type=\"application\/ld+json\" class=\"yoast-schema-graph\">{\"@context\":\"https:\\\/\\\/schema.org\",\"@graph\":[{\"@type\":\"WebPage\",\"@id\":\"https:\\\/\\\/iwell-guard.com\\\/hr\\\/ragnarok-propast-svijeta-nordijska-mitologija\\\/\",\"url\":\"https:\\\/\\\/iwell-guard.com\\\/hr\\\/ragnarok-propast-svijeta-nordijska-mitologija\\\/\",\"name\":\"Ragnar\u00f6k - propast i obnova svijeta\",\"isPartOf\":{\"@id\":\"https:\\\/\\\/iwell-guard.com\\\/hr\\\/#website\"},\"primaryImageOfPage\":{\"@id\":\"https:\\\/\\\/iwell-guard.com\\\/hr\\\/ragnarok-propast-svijeta-nordijska-mitologija\\\/#primaryimage\"},\"image\":{\"@id\":\"https:\\\/\\\/iwell-guard.com\\\/hr\\\/ragnarok-propast-svijeta-nordijska-mitologija\\\/#primaryimage\"},\"thumbnailUrl\":\"https:\\\/\\\/iwell-guard.com\\\/wp-content\\\/uploads\\\/2026\\\/05\\\/phaenomene_germanisch_ragnaroek.webp\",\"datePublished\":\"2026-09-04T05:13:25+00:00\",\"dateModified\":\"2026-09-04T05:31:59+00:00\",\"description\":\"Ragnar\u00f6k je eshatolo\u0161ki mit nordijske predaje: propast i obnova svijeta. Religijsko-znanstveno tuma\u010denje s izvorima.\",\"breadcrumb\":{\"@id\":\"https:\\\/\\\/iwell-guard.com\\\/hr\\\/ragnarok-propast-svijeta-nordijska-mitologija\\\/#breadcrumb\"},\"inLanguage\":\"hr\",\"potentialAction\":[{\"@type\":\"ReadAction\",\"target\":[\"https:\\\/\\\/iwell-guard.com\\\/hr\\\/ragnarok-propast-svijeta-nordijska-mitologija\\\/\"]}]},{\"@type\":\"ImageObject\",\"inLanguage\":\"hr\",\"@id\":\"https:\\\/\\\/iwell-guard.com\\\/hr\\\/ragnarok-propast-svijeta-nordijska-mitologija\\\/#primaryimage\",\"url\":\"https:\\\/\\\/iwell-guard.com\\\/wp-content\\\/uploads\\\/2026\\\/05\\\/phaenomene_germanisch_ragnaroek.webp\",\"contentUrl\":\"https:\\\/\\\/iwell-guard.com\\\/wp-content\\\/uploads\\\/2026\\\/05\\\/phaenomene_germanisch_ragnaroek.webp\",\"width\":1024,\"height\":1536,\"caption\":\"fenomeni iz germanske tradicije.\"},{\"@type\":\"BreadcrumbList\",\"@id\":\"https:\\\/\\\/iwell-guard.com\\\/hr\\\/ragnarok-propast-svijeta-nordijska-mitologija\\\/#breadcrumb\",\"itemListElement\":[{\"@type\":\"ListItem\",\"position\":1,\"name\":\"Start\",\"item\":\"https:\\\/\\\/iwell-guard.com\\\/hr\\\/?page_id=149317\"},{\"@type\":\"ListItem\",\"position\":2,\"name\":\"Ragnar\u00f6k \u2013 propast svijeta u nordijskoj mitologiji\"}]},{\"@type\":\"WebSite\",\"@id\":\"https:\\\/\\\/iwell-guard.com\\\/hr\\\/#website\",\"url\":\"https:\\\/\\\/iwell-guard.com\\\/hr\\\/\",\"name\":\"iWell Guard\",\"description\":\"Schutz vor dunklen Einfl\u00fcssen\",\"publisher\":{\"@id\":\"https:\\\/\\\/iwell-guard.com\\\/hr\\\/#organization\"},\"potentialAction\":[{\"@type\":\"SearchAction\",\"target\":{\"@type\":\"EntryPoint\",\"urlTemplate\":\"https:\\\/\\\/iwell-guard.com\\\/hr\\\/?s={search_term_string}\"},\"query-input\":{\"@type\":\"PropertyValueSpecification\",\"valueRequired\":true,\"valueName\":\"search_term_string\"}}],\"inLanguage\":\"hr\"},{\"@type\":\"Organization\",\"@id\":\"https:\\\/\\\/iwell-guard.com\\\/hr\\\/#organization\",\"name\":\"Ittermann electronic GmbH\",\"url\":\"https:\\\/\\\/iwell-guard.com\\\/hr\\\/\",\"logo\":{\"@type\":\"ImageObject\",\"inLanguage\":\"hr\",\"@id\":\"https:\\\/\\\/iwell-guard.com\\\/hr\\\/#\\\/schema\\\/logo\\\/image\\\/\",\"url\":\"https:\\\/\\\/iwell-guard.com\\\/wp-content\\\/uploads\\\/2026\\\/05\\\/Ittermann-Logo-1182x237-1.png\",\"contentUrl\":\"https:\\\/\\\/iwell-guard.com\\\/wp-content\\\/uploads\\\/2026\\\/05\\\/Ittermann-Logo-1182x237-1.png\",\"width\":1182,\"height\":237,\"caption\":\"Ittermann electronic GmbH\"},\"image\":{\"@id\":\"https:\\\/\\\/iwell-guard.com\\\/hr\\\/#\\\/schema\\\/logo\\\/image\\\/\"},\"sameAs\":[\"https:\\\/\\\/pantip.com\\\/profile\\\/9367242\",\"https:\\\/\\\/micro.blog\\\/iwellguard\",\"https:\\\/\\\/www.diggerslist.com\\\/iwellguard\\\/about\",\"https:\\\/\\\/skitterphoto.com\\\/photographers\\\/2870314\\\/iwell-guard\",\"https:\\\/\\\/iwellguard.wordpress.com\\\/2026\\\/06\\\/06\\\/iwell-guard\\\/\",\"https:\\\/\\\/hub.docker.com\\\/u\\\/iwellguard\",\"https:\\\/\\\/www.pinterest.com\\\/iwellguard\\\/\",\"https:\\\/\\\/bit.ly\\\/m\\\/iwellguard\",\"https:\\\/\\\/entre-vos-mains.alsace.eu\\\/profiles\\\/iwellguard\\\/activity\",\"https:\\\/\\\/gravatar.com\\\/reallybeded8fd34\",\"https:\\\/\\\/naijamatta.com\\\/iwellguard\",\"https:\\\/\\\/www.goodreads.com\\\/iwellguard\",\"https:\\\/\\\/profile.hatena.ne.jp\\\/iwellguard\\\/\",\"https:\\\/\\\/experiment.com\\\/users\\\/iwellguard\",\"https:\\\/\\\/wakelet.com\\\/@iWellGuard82270\",\"https:\\\/\\\/www.chordie.com\\\/forum\\\/profile.php?id=2555664\",\"https:\\\/\\\/www.instapaper.com\\\/p\\\/17757966\",\"https:\\\/\\\/www.mapleprimes.com\\\/users\\\/iwellguard\",\"https:\\\/\\\/businesslistingplus.com\\\/profile\\\/iwell-guard\\\/\",\"https:\\\/\\\/telegra.ph\\\/iWell-Guard-06-06\",\"https:\\\/\\\/pbase.com\\\/iwellguard\\\/iwellguard\",\"https:\\\/\\\/b.hatena.ne.jp\\\/iwellguard\\\/20260607#bookmark-4788405196491818882\",\"https:\\\/\\\/fliphtml5.com\\\/home\\\/iwellguard\",\"https:\\\/\\\/anyflip.com\\\/homepage\\\/cmiwl#About\",\"https:\\\/\\\/transfur.com\\\/Users\\\/iwellguard\",\"http:\\\/\\\/delphi.larsbo.org\\\/user\\\/iwellguard\",\"https:\\\/\\\/jobs.lajobsportal.org\\\/profiles\\\/8380803-iwell-guard\",\"https:\\\/\\\/md.chaosdorf.de\\\/s\\\/jfbe5SBdJD\",\"https:\\\/\\\/www.lingvolive.com\\\/en-us\\\/profile\\\/9ecaeaca-ce11-4e51-9e71-01d55e2bff36\\\/translations\",\"https:\\\/\\\/www.fitday.com\\\/fitness\\\/forums\\\/members\\\/iwellguard.html\",\"https:\\\/\\\/www.mymeetbook.com\\\/iwellguard\",\"https:\\\/\\\/pxhere.com\\\/en\\\/photographer-me\\\/5040798\",\"https:\\\/\\\/disqus.com\\\/by\\\/iwellguard\\\/about\\\/\",\"https:\\\/\\\/pastelink.net\\\/hjwciqwq\",\"https:\\\/\\\/pubhtml5.com\\\/homepage\\\/scjhn\\\/\",\"https:\\\/\\\/www.bitchute.com\\\/channel\\\/2O2eOKzNqujT\",\"https:\\\/\\\/audiomack.com\\\/iwellguard\"]}]}<\/script>\n<!-- \/ Yoast SEO Premium plugin. -->","yoast_head_json":{"title":"Ragnar\u00f6k - propast i obnova svijeta","description":"Ragnar\u00f6k je eshatolo\u0161ki mit nordijske predaje: propast i obnova svijeta. Religijsko-znanstveno tuma\u010denje s izvorima.","robots":{"index":"index","follow":"follow","max-snippet":"max-snippet:-1","max-image-preview":"max-image-preview:large","max-video-preview":"max-video-preview:-1"},"canonical":"https:\/\/iwell-guard.com\/hr\/ragnarok-propast-svijeta-nordijska-mitologija\/","og_locale":"hr_HR","og_type":"article","og_title":"Ragnar\u00f6k \u2013 propast svijeta u nordijskoj mitologiji","og_description":"Ragnar\u00f6k je eshatolo\u0161ki mit nordijske predaje: propast i obnova svijeta. Religijsko-znanstveno tuma\u010denje s izvorima.","og_url":"https:\/\/iwell-guard.com\/hr\/ragnarok-propast-svijeta-nordijska-mitologija\/","og_site_name":"iWell Guard","article_modified_time":"2026-09-04T05:31:59+00:00","og_image":[{"width":1024,"height":1536,"url":"https:\/\/iwell-guard.com\/wp-content\/uploads\/2026\/05\/phaenomene_germanisch_ragnaroek.webp","type":"image\/webp"}],"twitter_card":"summary_large_image","schema":{"@context":"https:\/\/schema.org","@graph":[{"@type":"WebPage","@id":"https:\/\/iwell-guard.com\/hr\/ragnarok-propast-svijeta-nordijska-mitologija\/","url":"https:\/\/iwell-guard.com\/hr\/ragnarok-propast-svijeta-nordijska-mitologija\/","name":"Ragnar\u00f6k - propast i obnova svijeta","isPartOf":{"@id":"https:\/\/iwell-guard.com\/hr\/#website"},"primaryImageOfPage":{"@id":"https:\/\/iwell-guard.com\/hr\/ragnarok-propast-svijeta-nordijska-mitologija\/#primaryimage"},"image":{"@id":"https:\/\/iwell-guard.com\/hr\/ragnarok-propast-svijeta-nordijska-mitologija\/#primaryimage"},"thumbnailUrl":"https:\/\/iwell-guard.com\/wp-content\/uploads\/2026\/05\/phaenomene_germanisch_ragnaroek.webp","datePublished":"2026-09-04T05:13:25+00:00","dateModified":"2026-09-04T05:31:59+00:00","description":"Ragnar\u00f6k je eshatolo\u0161ki mit nordijske predaje: propast i obnova svijeta. Religijsko-znanstveno tuma\u010denje s izvorima.","breadcrumb":{"@id":"https:\/\/iwell-guard.com\/hr\/ragnarok-propast-svijeta-nordijska-mitologija\/#breadcrumb"},"inLanguage":"hr","potentialAction":[{"@type":"ReadAction","target":["https:\/\/iwell-guard.com\/hr\/ragnarok-propast-svijeta-nordijska-mitologija\/"]}]},{"@type":"ImageObject","inLanguage":"hr","@id":"https:\/\/iwell-guard.com\/hr\/ragnarok-propast-svijeta-nordijska-mitologija\/#primaryimage","url":"https:\/\/iwell-guard.com\/wp-content\/uploads\/2026\/05\/phaenomene_germanisch_ragnaroek.webp","contentUrl":"https:\/\/iwell-guard.com\/wp-content\/uploads\/2026\/05\/phaenomene_germanisch_ragnaroek.webp","width":1024,"height":1536,"caption":"fenomeni iz germanske tradicije."},{"@type":"BreadcrumbList","@id":"https:\/\/iwell-guard.com\/hr\/ragnarok-propast-svijeta-nordijska-mitologija\/#breadcrumb","itemListElement":[{"@type":"ListItem","position":1,"name":"Start","item":"https:\/\/iwell-guard.com\/hr\/?page_id=149317"},{"@type":"ListItem","position":2,"name":"Ragnar\u00f6k \u2013 propast svijeta u nordijskoj mitologiji"}]},{"@type":"WebSite","@id":"https:\/\/iwell-guard.com\/hr\/#website","url":"https:\/\/iwell-guard.com\/hr\/","name":"iWell Guard","description":"Schutz vor dunklen Einfl\u00fcssen","publisher":{"@id":"https:\/\/iwell-guard.com\/hr\/#organization"},"potentialAction":[{"@type":"SearchAction","target":{"@type":"EntryPoint","urlTemplate":"https:\/\/iwell-guard.com\/hr\/?s={search_term_string}"},"query-input":{"@type":"PropertyValueSpecification","valueRequired":true,"valueName":"search_term_string"}}],"inLanguage":"hr"},{"@type":"Organization","@id":"https:\/\/iwell-guard.com\/hr\/#organization","name":"Ittermann electronic GmbH","url":"https:\/\/iwell-guard.com\/hr\/","logo":{"@type":"ImageObject","inLanguage":"hr","@id":"https:\/\/iwell-guard.com\/hr\/#\/schema\/logo\/image\/","url":"https:\/\/iwell-guard.com\/wp-content\/uploads\/2026\/05\/Ittermann-Logo-1182x237-1.png","contentUrl":"https:\/\/iwell-guard.com\/wp-content\/uploads\/2026\/05\/Ittermann-Logo-1182x237-1.png","width":1182,"height":237,"caption":"Ittermann electronic GmbH"},"image":{"@id":"https:\/\/iwell-guard.com\/hr\/#\/schema\/logo\/image\/"},"sameAs":["https:\/\/pantip.com\/profile\/9367242","https:\/\/micro.blog\/iwellguard","https:\/\/www.diggerslist.com\/iwellguard\/about","https:\/\/skitterphoto.com\/photographers\/2870314\/iwell-guard","https:\/\/iwellguard.wordpress.com\/2026\/06\/06\/iwell-guard\/","https:\/\/hub.docker.com\/u\/iwellguard","https:\/\/www.pinterest.com\/iwellguard\/","https:\/\/bit.ly\/m\/iwellguard","https:\/\/entre-vos-mains.alsace.eu\/profiles\/iwellguard\/activity","https:\/\/gravatar.com\/reallybeded8fd34","https:\/\/naijamatta.com\/iwellguard","https:\/\/www.goodreads.com\/iwellguard","https:\/\/profile.hatena.ne.jp\/iwellguard\/","https:\/\/experiment.com\/users\/iwellguard","https:\/\/wakelet.com\/@iWellGuard82270","https:\/\/www.chordie.com\/forum\/profile.php?id=2555664","https:\/\/www.instapaper.com\/p\/17757966","https:\/\/www.mapleprimes.com\/users\/iwellguard","https:\/\/businesslistingplus.com\/profile\/iwell-guard\/","https:\/\/telegra.ph\/iWell-Guard-06-06","https:\/\/pbase.com\/iwellguard\/iwellguard","https:\/\/b.hatena.ne.jp\/iwellguard\/20260607#bookmark-4788405196491818882","https:\/\/fliphtml5.com\/home\/iwellguard","https:\/\/anyflip.com\/homepage\/cmiwl#About","https:\/\/transfur.com\/Users\/iwellguard","http:\/\/delphi.larsbo.org\/user\/iwellguard","https:\/\/jobs.lajobsportal.org\/profiles\/8380803-iwell-guard","https:\/\/md.chaosdorf.de\/s\/jfbe5SBdJD","https:\/\/www.lingvolive.com\/en-us\/profile\/9ecaeaca-ce11-4e51-9e71-01d55e2bff36\/translations","https:\/\/www.fitday.com\/fitness\/forums\/members\/iwellguard.html","https:\/\/www.mymeetbook.com\/iwellguard","https:\/\/pxhere.com\/en\/photographer-me\/5040798","https:\/\/disqus.com\/by\/iwellguard\/about\/","https:\/\/pastelink.net\/hjwciqwq","https:\/\/pubhtml5.com\/homepage\/scjhn\/","https:\/\/www.bitchute.com\/channel\/2O2eOKzNqujT","https:\/\/audiomack.com\/iwellguard"]}]}},"_links":{"self":[{"href":"https:\/\/iwell-guard.com\/hr\/wp-json\/wp\/v2\/pages\/149778","targetHints":{"allow":["GET"]}}],"collection":[{"href":"https:\/\/iwell-guard.com\/hr\/wp-json\/wp\/v2\/pages"}],"about":[{"href":"https:\/\/iwell-guard.com\/hr\/wp-json\/wp\/v2\/types\/page"}],"author":[{"embeddable":true,"href":"https:\/\/iwell-guard.com\/hr\/wp-json\/wp\/v2\/users\/3"}],"replies":[{"embeddable":true,"href":"https:\/\/iwell-guard.com\/hr\/wp-json\/wp\/v2\/comments?post=149778"}],"version-history":[{"count":0,"href":"https:\/\/iwell-guard.com\/hr\/wp-json\/wp\/v2\/pages\/149778\/revisions"}],"wp:featuredmedia":[{"embeddable":true,"href":"https:\/\/iwell-guard.com\/hr\/wp-json\/wp\/v2\/media\/3372"}],"wp:attachment":[{"href":"https:\/\/iwell-guard.com\/hr\/wp-json\/wp\/v2\/media?parent=149778"}],"wp:term":[{"taxonomy":"category","embeddable":true,"href":"https:\/\/iwell-guard.com\/hr\/wp-json\/wp\/v2\/categories?post=149778"}],"curies":[{"name":"wp","href":"https:\/\/api.w.org\/{rel}","templated":true}]}}