{"id":149771,"date":"2026-09-04T05:13:22","date_gmt":"2026-09-04T05:13:22","guid":{"rendered":"https:\/\/iwell-guard.com\/?page_id=149771"},"modified":"2026-09-04T05:31:50","modified_gmt":"2026-09-04T05:31:50","slug":"sin-bog-mjeseca-ura-harrana","status":"publish","type":"page","link":"https:\/\/iwell-guard.com\/hr\/sin-bog-mjeseca-ura-harrana\/","title":{"rendered":"Sin \u2013 bog Mjeseca iz Ura i Harrana"},"content":{"rendered":"\t\t<div data-elementor-type=\"wp-page\" data-elementor-id=\"149771\" class=\"elementor elementor-149771 elementor-2921 elementor-bc-flex-widget\" data-elementor-post-type=\"page\">\n\t\t\t\t<div class=\"elementor-element elementor-element-hero2b91e78 e-flex e-con-boxed e-con e-parent\" data-id=\"hero2b91e78\" data-element_type=\"container\" data-e-type=\"container\">\n\t\t\t\t\t<div class=\"e-con-inner\">\n\t\t\t\t<div class=\"elementor-element elementor-element-heroimg44d3a7a iwg-hero-image elementor-widget elementor-widget-image\" data-id=\"heroimg44d3a7a\" data-element_type=\"widget\" data-e-type=\"widget\" data-widget_type=\"image.default\">\n\t\t\t\t\t\t\t\t\t\t\t\t\t\t\t<img fetchpriority=\"high\" decoding=\"async\" width=\"683\" height=\"1024\" src=\"https:\/\/iwell-guard.com\/wp-content\/uploads\/2026\/05\/goetter_mesopotamien_sin-683x1024.webp\" class=\"attachment-large size-large wp-image-151391\" alt=\"Sin \u2013 bog iz mezopotamske tradicije, povijesno-ilustrativni prikaz\" srcset=\"https:\/\/iwell-guard.com\/wp-content\/uploads\/2026\/05\/goetter_mesopotamien_sin-683x1024.webp 683w, https:\/\/iwell-guard.com\/wp-content\/uploads\/2026\/05\/goetter_mesopotamien_sin-200x300.webp 200w, https:\/\/iwell-guard.com\/wp-content\/uploads\/2026\/05\/goetter_mesopotamien_sin-768x1152.webp 768w, https:\/\/iwell-guard.com\/wp-content\/uploads\/2026\/05\/goetter_mesopotamien_sin.webp 1024w\" sizes=\"(max-width: 683px) 100vw, 683px\" \/>\t\t\t\t\t\t\t\t\t\t\t\t\t\t\t<\/div>\n\t\t\t\t\t<\/div>\n\t\t\t\t<\/div>\n\t\t<div class=\"elementor-element elementor-element-iwgw-sin-hero e-flex e-con-boxed e-con e-parent\" data-id=\"iwgw-sin-hero\" data-element_type=\"container\" data-e-type=\"container\">\n\t\t\t\t\t<div class=\"e-con-inner\">\n\t\t\t\t<div class=\"elementor-element elementor-element-iwgw-sin-h1 elementor-widget elementor-widget-heading\" data-id=\"iwgw-sin-h1\" data-element_type=\"widget\" data-e-type=\"widget\" data-widget_type=\"heading.default\">\n\t\t\t\t\t<h1 class=\"elementor-heading-title elementor-size-default\">Sin \u2013 mezopotamski bog Mjeseca i gospodar no\u0107i<\/h1>\t\t\t\t<\/div>\n\t\t\t\t<div class=\"elementor-element elementor-element-iwgw-sin-pills elementor-widget elementor-widget-html\" data-id=\"iwgw-sin-pills\" data-element_type=\"widget\" data-e-type=\"widget\" data-widget_type=\"html.default\">\n\t\t\t\t\t<div class=\"iwg-pill-row\"><span class=\"iwg-klasse-badge\" tabindex=\"0\" data-tooltip=\"Bog tradicije Mezopotamije.\">Bog<\/span><a href=\"https:\/\/iwell-guard.com\/hr\/mezopotamija\/\" class=\"iwg-kultur-badge\" tabindex=\"0\" data-tooltip=\"Mitologija tradicije Mezopotamije.\">Mezopotamija<\/a><span class=\"iwg-tradition-badge\" tabindex=\"0\" data-tooltip=\"Bo\u017eanstvo Mjeseca.\">Bo\u017eanstvo Mjeseca<\/span><\/div>\t\t\t\t<\/div>\n\t\t\t\t<div class=\"elementor-element elementor-element-iwgw-sin-lead elementor-widget elementor-widget-text-editor\" data-id=\"iwgw-sin-lead\" data-element_type=\"widget\" data-e-type=\"widget\" data-widget_type=\"text-editor.default\">\n\t\t\t\t\t\t\t\t\t\nSin (poznat i kao bog Mjeseca Nanna u sumerskom <span class=\"iwg-fachbegriff\" data-tooltip=\"Sveukupnost bogova neke religije ili kulture.\" tabindex=\"0\">panteonu<\/span>) utjelovljivao je Mjesec, a time i poredak vremena. Kao gospodar no\u0107nog neba upravljao je mjesecima i blagdanima, smatran je mudrim broja\u010dem dana i ocem va\u017enih bogova babilonskog panteona. U Uru i Harranu njegovi hramski kultovi opstali su daleko u islamsku <span class=\"iwg-fachbegriff\" data-tooltip=\"Prijelazno razdoblje izme\u0111u antike i srednjeg vijeka, otprilike od 3. do 7. stolje\u0107a.\" tabindex=\"0\">kasnu antiku<\/span>.\t\t\t\t\t\t\t\t<\/div>\n\t\t\t\t\t<\/div>\n\t\t\t\t<\/div>\n\t\t<div class=\"elementor-element elementor-element-iwgw-sin-s0 e-flex e-con-boxed e-con e-parent\" data-id=\"iwgw-sin-s0\" data-element_type=\"container\" data-e-type=\"container\">\n\t\t\t\t\t<div class=\"e-con-inner\">\n\t\t\t\t<div class=\"elementor-element elementor-element-iwgw-sin-s0h elementor-widget elementor-widget-heading\" data-id=\"iwgw-sin-s0h\" data-element_type=\"widget\" data-e-type=\"widget\" data-widget_type=\"heading.default\">\n\t\t\t\t\t<h2 class=\"elementor-heading-title elementor-size-default\">Uvod<\/h2>\t\t\t\t<\/div>\n\t\t\t\t<div class=\"elementor-element elementor-element-iwgw-sin-s0t elementor-widget elementor-widget-text-editor\" data-id=\"iwgw-sin-s0t\" data-element_type=\"widget\" data-e-type=\"widget\" data-widget_type=\"text-editor.default\">\n\t\t\t\t\t\t\t\t\t<p>Sin, na sumerskom nazivan Nanna ili Suen, ubraja se me\u0111u najstarija i najpostojanija bo\u017eanstva <a href=\"https:\/\/iwell-guard.com\/hr\/mezopotamija\/\">Mezopotamije<\/a>. Kao bog Mjeseca zauzimao je istaknuto mjesto u panteonu, jer je Mjesec strukturirao kalendar, a time i cjelokupni religijski i gospodarski \u017eivot.<\/p><p>U teolo\u0161kom sustavu Sin je smatran sinom Enlila i Ninlil, \u010dime je bio \u010dvrsto ukorijenjen u najvi\u0161oj obitelji bogova.<\/p><p>Iz Sina su proiza\u0161la druga va\u017ena bo\u017eanstva. Njegovo dijete bio je bog Sunca \u0160ama\u0161, a osim njega i bo\u017eica I\u0161tar u svojem obliku planeta Venere.<\/p><p>Time je Sin stajao na izvoru onih nebeskih bo\u017eanstava koja su bila sredi\u0161nja za mezopotamsku astralnu religiju. Mjesec kao otac Sunca i Venere odra\u017eava veliko po\u0161tovanje koje je no\u0107no nebo imalo u toj kulturi.<\/p><p>Religijsko-povijesno zanimljiva je dugotrajnost Sinova kulta. Dok su druga bo\u017eanstva gubila na zna\u010daju, Sin je tijekom tisu\u0107lje\u0107a zadr\u017eao vjerne sljedbenike. Posebno je <span class=\"iwg-fachbegriff\" data-tooltip=\"Sveto mjesto posve\u0107eno \u0161tovanju bo\u017eanstva.\" tabindex=\"0\">sveti\u0161te<\/span> u Harranu na sjeveru Mezopotamije ostalo \u017eivo sredi\u0161te \u0161tovanja Mjeseca sve do <span class=\"iwg-fachbegriff\" data-tooltip=\"Prijelazno razdoblje izme\u0111u antike i srednjeg vijeka, otprilike od 3. do 7. stolje\u0107a.\" tabindex=\"0\">kasne antike<\/span>.<\/p>\t\t\t\t\t\t\t\t<\/div>\n\t\t\t\t\t<\/div>\n\t\t\t\t<\/div>\n\t\t<div class=\"elementor-element elementor-element-iwgw-sin-s1 e-flex e-con-boxed e-con e-parent\" data-id=\"iwgw-sin-s1\" data-element_type=\"container\" data-e-type=\"container\">\n\t\t\t\t\t<div class=\"e-con-inner\">\n\t\t\t\t<div class=\"elementor-element elementor-element-iwgw-sin-s1h elementor-widget elementor-widget-heading\" data-id=\"iwgw-sin-s1h\" data-element_type=\"widget\" data-e-type=\"widget\" data-widget_type=\"heading.default\">\n\t\t\t\t\t<h2 class=\"elementor-heading-title elementor-size-default\">Ime i etimologija<\/h2>\t\t\t\t<\/div>\n\t\t\t\t<div class=\"elementor-element elementor-element-iwgw-sin-s1t elementor-widget elementor-widget-text-editor\" data-id=\"iwgw-sin-s1t\" data-element_type=\"widget\" data-e-type=\"widget\" data-widget_type=\"text-editor.default\">\n\t\t\t\t\t\t\t\t\t<p>Bog nosi dva glavna imena, \u010diji je odnos dugo zaokupljao istra\u017eiva\u010de. Sumersko ime Nanna starije je; uz njega stoji oblik Suen, iz kojega je glasovnim razvojem u akadskom nastalo ime Sin. U mnogim tekstovima pojavljuje se pisanje kao spoj znakova koji predstavljaju Nannu i Suena.<\/p><p>To\u010dno zna\u010denje imena Nanna nije u potpunosti razja\u0161njeno. Predlo\u017eena su tuma\u010denja koja ga povezuju sa svijetlim nebeskim tijelom ili s pojmovima za sjaj i uzvi\u0161enost. Etimologija imena Suen tako\u0111er je neizvjesna. Va\u017enije od jezi\u010dno-povijesnog izvo\u0111enja jest zapa\u017eanje da su se oba imena koristila tijekom cijele mezopotamske povijesti, \u010desto usporedno.<\/p><p>Sin je nosio mnoge nadimke koji opisuju njegove funkcije. Zvali su ga sjajni bik, gospodar krune, mudri gospodar ili broja\u010d dana. Veza s bikom potje\u010de od mjese\u010deva srpa, \u010diji je oblik podsje\u0107ao na bikove rogove. Te slike pro\u017eimaju hvalospjeve i molitve i oblikuju religijsko poimanje ovog boga.<\/p>\t\t\t\t\t\t\t\t<\/div>\n\t\t\t\t\t<\/div>\n\t\t\t\t<\/div>\n\t\t<div class=\"elementor-element elementor-element-iwgw-sin-s2 e-flex e-con-boxed e-con e-parent\" data-id=\"iwgw-sin-s2\" data-element_type=\"container\" data-e-type=\"container\">\n\t\t\t\t\t<div class=\"e-con-inner\">\n\t\t\t\t<div class=\"elementor-element elementor-element-iwgw-sin-s2h elementor-widget elementor-widget-heading\" data-id=\"iwgw-sin-s2h\" data-element_type=\"widget\" data-e-type=\"widget\" data-widget_type=\"heading.default\">\n\t\t\t\t\t<h2 class=\"elementor-heading-title elementor-size-default\">Opis i ikonografija<\/h2>\t\t\t\t<\/div>\n\t\t\t\t<div class=\"elementor-element elementor-element-iwgw-sin-s2t elementor-widget elementor-widget-text-editor\" data-id=\"iwgw-sin-s2t\" data-element_type=\"widget\" data-e-type=\"widget\" data-widget_type=\"text-editor.default\">\n\t\t\t\t\t\t\t\t\t<p>Jasan i tijekom stolje\u0107a stabilan <span class=\"iwg-fachbegriff\" data-tooltip=\"Znak koji predstavlja neku ideju ili zna\u010denje.\" tabindex=\"0\">simbol<\/span> Sina jest le\u017ee\u0107i mjese\u010dev srp. Pojavljuje se na cilindri\u010dnim pe\u010datima, grani\u010dnim kamenima, stelama i u hramskoj umjetnosti. Srp je \u010desto prikazan tako da podsje\u0107a na brod, \u0161to se uklapa u predod\u017ebu da bog Mjeseca no\u0107u prolazi nebom kao na plovilu.<\/p><p>U antropomorfnim prikazima Sin se javlja kao bradati bog na prijestolju s rogatom krunom. Neke slike prikazuju ga s polumjesecom nad glavom ili u ruci.<\/p><p>Na babilonskim grani\u010dnim kamenima, tako zvanim kudurima, mjese\u010dev srp ubraja se me\u0111u naj\u010de\u0161\u0107e prikazivane bo\u017eanske simbole i tamo se obi\u010dno nalazi uz sun\u010devu zvijezdu \u0160ama\u0161a i Venerinu zvijezdu I\u0161tar.<\/p><p>Knji\u017eevni opisi isti\u010du Sinovu svjetlost. Njegov sjaj opisuje se kao blag, ali i prodoran. Rasvjetljava no\u0107 bez da je rastjeruje i omogu\u0107uje snala\u017eenje u tami.<\/p><p>Rast i opadanje Mjeseca tuma\u010deni su mitski i povezivani s redovitim pojavljivanjem i i\u0161\u010dezavanjem boga. Ta cikli\u010dka priroda u\u010dinila je Sina simbolom pouzdanog, obnavljaju\u0107eg poretka.<\/p>\t\t\t\t\t\t\t\t<\/div>\n\t\t\t\t\t<\/div>\n\t\t\t\t<\/div>\n\t\t<div class=\"elementor-element elementor-element-iwgw-sin-s3 e-flex e-con-boxed e-con e-parent\" data-id=\"iwgw-sin-s3\" data-element_type=\"container\" data-e-type=\"container\">\n\t\t\t\t\t<div class=\"e-con-inner\">\n\t\t\t\t<div class=\"elementor-element elementor-element-iwgw-sin-s3h elementor-widget elementor-widget-heading\" data-id=\"iwgw-sin-s3h\" data-element_type=\"widget\" data-e-type=\"widget\" data-widget_type=\"heading.default\">\n\t\t\t\t\t<h2 class=\"elementor-heading-title elementor-size-default\">Mitolo\u0161ke pri\u010de<\/h2>\t\t\t\t<\/div>\n\t\t\t\t<div class=\"elementor-element elementor-element-iwgw-sin-s3t elementor-widget elementor-widget-text-editor\" data-id=\"iwgw-sin-s3t\" data-element_type=\"widget\" data-e-type=\"widget\" data-widget_type=\"text-editor.default\">\n\t\t\t\t\t\t\t\t\t<p>Ro\u0111enje boga Sina opisano je u pri\u010di o Enlilu i Ninlil. Nakon \u0161to je Enlil nasrnuo na bo\u017eicu Ninlil, skup\u0161tina bogova ga izgoni u podzemni svijet. Ninlil, koja je od njega za\u010dela boga Mjeseca, slijedi ga.<\/p><p>Da dijete, koje treba pripadati svijetlom nebu, ne bi ostalo u podzemlju, Enlil i Ninlil kroz dalje susrete daju podzemnom svijetu zamjenska bo\u017eanstva. Tako Sin dolazi na nebo, dok podzemna bo\u017eanstva nastanjuju dubinu.<\/p><p>Sin se pojavljuje i u mitovima u kojima ga napadaju demoni. Jedna prizivna pri\u010da opisuje kako zle sile zatamnjuju Mjesec. U jednoj sa\u010duvanoj pri\u010di sedam zlih demona udru\u017euje se da opkole Sina na nebu i utrnu njegovu svjetlost.<\/p><p>Pomr\u010dina Mjeseca smatrala se zlim znamenom, napadom neprijateljskih bi\u0107a na boga. U takvim slu\u010dajevima sve\u0107enici prizivanja zvali su druge bogove na pomo\u0107, da bi Sin ponovno stekao svoju svjetlost. Ovaj pripovjedni motiv izravno povezuje <span class=\"iwg-fachbegriff\" data-tooltip=\"Predaja o bogovima, podrijetlu i poretku svijeta.\" tabindex=\"0\">mit<\/span> i <span class=\"iwg-fachbegriff\" data-tooltip=\"Ure\u0111en slijed simboli\u010dnih radnji s religijskim ili kulturnim zna\u010denjem.\" tabindex=\"0\">ritual<\/span>.<\/p><p>U hvalospjevima se Sin prikazuje kao mudri savjetnik koji zajedno sa svojim sinom \u0160ama\u0161em nadzire pravo i istinu. Dok \u0160ama\u0161, bog Sunca, sve vidi danju, Sin prodire u no\u0107.<\/p><p>Iz ove konstelacije proizlazi predod\u017eba o neprekidnom bo\u017eanskom pogledu kojemu ni\u0161ta ne ostaje skriveno. Ka\u017ee se da sudbinu mjeseca odre\u0111uje Sin, zbog \u010dega se njegova mjese\u010dna pojava pratila s posebnom pa\u017enjom.<\/p><p>Poseban pripovjedni motiv odnosi se na san u kojem se Sin otkriva ljudima. Posljednji babilonski kralj Nabonid u svojim natpisima navodi da mu se bog Mjeseca ukazao u snu i nalo\u017eio mu da ponovno izgradi njegov zapu\u0161teni <span class=\"iwg-fachbegriff\" data-tooltip=\"Gra\u0111evina namijenjena \u0161tovanju jednog ili vi\u0161e bo\u017eanstava.\" tabindex=\"0\">hram<\/span> u Harranu.<\/p><p>Takvi tekstovi nisu mitovi u strogom smislu, ali pokazuju kako su mitske predod\u017ebe o govore\u0107em, upu\u0107uju\u0107em bogu djelovale sve do kraljevskog samoprikazivanja.<\/p><p>I u hvalospjevima koji se pripisuju Enheduanni, kao i u molitvama velikih sve\u0107enica, Sin se pojavljuje kao bog koji usli\u0161ava molbe i \u0161alje znamenja. Tuma\u010denje tih znamenja, prije svega mjese\u010devih mijena i polo\u017eaja mjese\u010devog srpa, bilo je predmet razvijene prakse promatranja i tuma\u010denja.<\/p>\t\t\t\t\t\t\t\t<\/div>\n\t\t\t\t\t<\/div>\n\t\t\t\t<\/div>\n\t\t<div class=\"elementor-element elementor-element-iwgw-sin-s4 e-flex e-con-boxed e-con e-parent\" data-id=\"iwgw-sin-s4\" data-element_type=\"container\" data-e-type=\"container\">\n\t\t\t\t\t<div class=\"e-con-inner\">\n\t\t\t\t<div class=\"elementor-element elementor-element-iwgw-sin-s4h elementor-widget elementor-widget-heading\" data-id=\"iwgw-sin-s4h\" data-element_type=\"widget\" data-e-type=\"widget\" data-widget_type=\"heading.default\">\n\t\t\t\t\t<h2 class=\"elementor-heading-title elementor-size-default\">Kult i \u0161tovanje<\/h2>\t\t\t\t<\/div>\n\t\t\t\t<div class=\"elementor-element elementor-element-iwgw-sin-s4t elementor-widget elementor-widget-text-editor\" data-id=\"iwgw-sin-s4t\" data-element_type=\"widget\" data-e-type=\"widget\" data-widget_type=\"text-editor.default\">\n\t\t\t\t\t\t\t\t\t<p>Najva\u017enije kultno sredi\u0161te Sina na jugu Mezopotamije bio je grad Ur. Tamo se nalazio <span class=\"iwg-fachbegriff\" data-tooltip=\"Gra\u0111evina namijenjena \u0161tovanju jednog ili vi\u0161e bo\u017eanstava.\" tabindex=\"0\">hram<\/span> Eki\u0161nugal, a slavna zigurat u Uru, stepenasta hramska platforma, bila je <span class=\"iwg-fachbegriff\" data-tooltip=\"Predana svetom kroz religijski \u010din i time izdvojena iz svakodnevnog.\" tabindex=\"0\">posve\u0107ena<\/span> bogu Mjeseca. Kralj Ur-Nammu i njegov sin \u0160ulgi podigli su monumentalni zigurat u obliku u kojem njegove ru\u0161evine i danas svjedo\u010de o njemu.<\/p><p>Za tre\u0107e dinastije Ura <span class=\"iwg-fachbegriff\" data-tooltip=\"Sveukupnost religijskih obreda \u0161tovanja neke bo\u017eanske ili svete pojave.\" tabindex=\"0\">kult<\/span> je do\u017eivio poseban procvat.<\/p><p>Istaknutu ulogu imala je slu\u017eba velike sve\u0107enice boga Mjeseca, koju su \u010desto obavljale kraljevske k\u0107eri. Najpoznatija nositeljica te slu\u017ebe bila je Enheduanna, k\u0107i kralja Sargona Akadskog, kojoj se pripisuju knji\u017eevni hvalospjevi.<\/p><p>Ta je slu\u017eba postojala stolje\u0107ima, i jo\u0161 je kralj Nabonid postavio svoju k\u0107er za sve\u0107enicu u Uru, pozivaju\u0107i se pri tome na bo\u017eanski izbor koji je bio nazna\u010den mjese\u010devim predznakom.<\/p><p>Na sjeveru Mezopotamije Harran je bio drugo veliko sredi\u0161te \u0161tovanja Mjeseca. Tamo\u0161nji <span class=\"iwg-fachbegriff\" data-tooltip=\"Gra\u0111evina namijenjena \u0161tovanju jednog ili vi\u0161e bo\u017eanstava.\" tabindex=\"0\">hram<\/span> Sina, nazvan Ehulhul, u\u017eivao je iznimno dugotrajan ugled.<\/p><p>Jo\u0161 u prvom tisu\u0107lje\u0107u prije na\u0161e ere novoasirski i novobabilonski vladari pokazivali su veliko zanimanje za to <span class=\"iwg-fachbegriff\" data-tooltip=\"Sveto mjesto posve\u0107eno \u0161tovanju neke bo\u017eanske pojave.\" tabindex=\"0\">sveti\u0161te<\/span>. Posljednji babilonski kralj Nabonid posvetio je posebnu pa\u017enju Sinu iz Harrana, dao je obnoviti <span class=\"iwg-fachbegriff\" data-tooltip=\"Gra\u0111evina namijenjena \u0161tovanju jednog ili vi\u0161e bo\u017eanstava.\" tabindex=\"0\">hram<\/span> i proveo je nekoliko godina daleko od Babilona, \u0161to je nai\u0161lo na otpor sve\u0107enstva drugih bogova, prije svega Marduka.<\/p><p>I Nabonidova majka, \u010diji dugi \u017eivotni vijek bilje\u017ei posebni <span class=\"iwg-fachbegriff\" data-tooltip=\"Tekst urezan ili uklesan u trajni nosa\u010d.\" tabindex=\"0\">natpis<\/span>, bila je sna\u017eno povezana sa Sinovim <span class=\"iwg-fachbegriff\" data-tooltip=\"Sveukupnost religijskih obreda \u0161tovanja neke bo\u017eanske ili svete pojave.\" tabindex=\"0\">kultom<\/span> u Harranu.<\/p><p><span class=\"iwg-fachbegriff\" data-tooltip=\"Sveukupnost religijskih obreda \u0161tovanja neke bo\u017eanske ili svete pojave.\" tabindex=\"0\">Kult<\/span> je obuhva\u0107ao svakodnevne <span class=\"iwg-fachbegriff\" data-tooltip=\"Dar bo\u017eanstvu kao izraz zahvale, molbe ili \u0161tovanja.\" tabindex=\"0\">\u017ertve<\/span>, mjese\u010dne blagdane vezane za mjese\u010deve mijene i molitve. Mlad mjesec, u\u0161tap i i\u0161\u010deznu\u0107e Mjeseca bili su <span class=\"iwg-fachbegriff\" data-tooltip=\"Pripadaju\u0107e utvr\u0111enom religijskom obrednom slijedu.\" tabindex=\"0\">ritualno<\/span> zna\u010dajni trenuci, u kojima su se izvodili posebni obredi. Dan i\u0161\u010deznu\u0107a Mjeseca smatrao se osjetljivim i bio je povezan s obredima \u017ealosti i pokore.<\/p><p><span class=\"iwg-fachbegriff\" data-tooltip=\"Gra\u0111evina namijenjena \u0161tovanju jednog ili vi\u0161e bo\u017eanstava.\" tabindex=\"0\">Hramovi<\/span> su raspolagali velikim zemlji\u0161nim posjedima i slojevitim sve\u0107enstvom s pjeva\u010dima, sve\u0107enicima \u017ealosti i upravnim osobljem. Iz Ura potje\u010du bogati arheolo\u0161ki nalazi, me\u0111u njima <span class=\"iwg-fachbegriff\" data-tooltip=\"Sveto mjesto posve\u0107eno \u0161tovanju neke bo\u017eanske pojave.\" tabindex=\"0\">sveti\u0161te<\/span> slu\u017ebe velike sve\u0107enice, Gipar, koje daju uvid u materijalnu kulturu Sinovog kulta.<\/p>\t\t\t\t\t\t\t\t<\/div>\n\t\t\t\t\t<\/div>\n\t\t\t\t<\/div>\n\t\t<div class=\"elementor-element elementor-element-iwgw-sin-s5 e-flex e-con-boxed e-con e-parent\" data-id=\"iwgw-sin-s5\" data-element_type=\"container\" data-e-type=\"container\">\n\t\t\t\t\t<div class=\"e-con-inner\">\n\t\t\t\t<div class=\"elementor-element elementor-element-iwgw-sin-s5h elementor-widget elementor-widget-heading\" data-id=\"iwgw-sin-s5h\" data-element_type=\"widget\" data-e-type=\"widget\" data-widget_type=\"heading.default\">\n\t\t\t\t\t<h2 class=\"elementor-heading-title elementor-size-default\">Za\u0161titna praksa i apotropejski elementi<\/h2>\t\t\t\t<\/div>\n\t\t\t\t<div class=\"elementor-element elementor-element-iwgw-sin-s5t elementor-widget elementor-widget-text-editor\" data-id=\"iwgw-sin-s5t\" data-element_type=\"widget\" data-e-type=\"widget\" data-widget_type=\"text-editor.default\">\n\t\t\t\t\t\t\t\t\t<p>Sin je bio tijesno povezan s podru\u010djem za\u0161tite i odbijanja nesre\u0107e, jer je njegova svjetlost obasjavala no\u0107nu tamu u kojoj su demonske sile smatrane posebno aktivnima.<\/p><p>Molitve upu\u0107ene Sinu tra\u017eile su njegovu svjetlost kao pomo\u0107 i vodstvo. Kako je Mjesec ure\u0111ivao kalendar, njegova pouzdanost bila je istovremeno i za\u0161tita od kaosa neobuhva\u0107enog vremena.<\/p><p>Posebnu ulogu Sin je imao u vezi s pomr\u010dinama Mjeseca. Pomr\u010dina se smatrala napadom neprijateljskih bi\u0107a na boga i lo\u0161im predznakom, prije svega za kralja.<\/p><p>Postojali su posebni ritualni tekstovi kojima se htjelo odvratiti \u0161tetne posljedice pomr\u010dine. Poznat postupak bio je ritual zamjenskog kralja, u kojem je zamjenik simboli\u010dki preuzimao na sebe nesre\u0107u koju je najavljivao znak, dok je pravi kralj ostajao za\u0161ti\u0107en.<\/p><p>U zazivima je Sin prizivan zajedno s drugim bo\u017eanstvima radi lije\u010denja bolesnih i tjeranja zlih duhova. Bog Mjeseca se tu ne javlja kao izolirana za\u0161titni\u010dka sila, nego kao dio \u0161ire bo\u017eanske pomo\u0107i.<\/p><p>Kako se Sin smatrao mudrim i pravednim bogom, vjerovalo se da podupire one koji su nepravedno pritisnuti. Njegova blaga, ali postojana svjetlost bila je <span class=\"iwg-fachbegriff\" data-tooltip=\"Slikovita predstava koja stoji za apstraktnu misao.\" tabindex=\"0\">simbol<\/span> nade da i najtamnija no\u0107 ima svoj kraj.<\/p>\t\t\t\t\t\t\t\t<\/div>\n\t\t\t\t\t<\/div>\n\t\t\t\t<\/div>\n\t\t<div class=\"elementor-element elementor-element-iwgw-sin-s6 e-flex e-con-boxed e-con e-parent\" data-id=\"iwgw-sin-s6\" data-element_type=\"container\" data-e-type=\"container\">\n\t\t\t\t\t<div class=\"e-con-inner\">\n\t\t\t\t<div class=\"elementor-element elementor-element-iwgw-sin-s6h elementor-widget elementor-widget-heading\" data-id=\"iwgw-sin-s6h\" data-element_type=\"widget\" data-e-type=\"widget\" data-widget_type=\"heading.default\">\n\t\t\t\t\t<h2 class=\"elementor-heading-title elementor-size-default\">Paralele u drugim kulturama<\/h2>\t\t\t\t<\/div>\n\t\t\t\t<div class=\"elementor-element elementor-element-iwgw-sin-s6t elementor-widget elementor-widget-text-editor\" data-id=\"iwgw-sin-s6t\" data-element_type=\"widget\" data-e-type=\"widget\" data-widget_type=\"text-editor.default\">\n\t\t\t\t\t\t\t\t\t<p>Bo\u017eanstva Mjeseca potvr\u0111ena su u mnogim kulturama starog Orijenta i \u0161ire. Na zapadnosemitskom podru\u010dju postojala su vlastita bo\u017eanstva Mjeseca, a i u ju\u017enoj Arabiji Mjesec je bio u sredi\u0161tu zna\u010dajnih kultova. Veza Mjeseca, kalendara i vremenskog poretka ponavljaju\u0107i je obrazac, jer je mjese\u010dev ciklus za predmoderna dru\u0161tva bio najprirodnija osnova ra\u010dunanja vremena.<\/p><p>Upada u o\u010di da se u mezopotamskom sustavu bog Mjeseca Sin smatra ocem boga Sunca. U mnogim drugim mitolo\u0161kim sustavima, primjerice u gr\u010dkom, taj odnos je obrnut ili druga\u010dije postavljen, pa Sunce ima vode\u0107e mjesto. Mezopotamsko isticanje Mjeseca odra\u017eava va\u017enost no\u0107nog promatranja neba i lunarnog kalendara.<\/p><p>Sinov <span class=\"iwg-fachbegriff\" data-tooltip=\"Ukupnost obrednih radnji po\u0161tovanja neke bo\u017eanske ili svete pojave.\" tabindex=\"0\">kult<\/span> u Harranu poseban je slu\u010daj vjerskog kontinuiteta. Dok je drugdje starodrevna mezopotamska religija davno izumrla, u Harranu su se oblici obo\u017eavanja nebeskih tijela odr\u017eali sve do <span class=\"iwg-fachbegriff\" data-tooltip=\"Prijelazno razdoblje izme\u0111u antike i srednjeg vijeka, otprilike od 3. do 7. stolje\u0107a.\" tabindex=\"0\">kasne antike<\/span>. Kasniji izvori spominju zajednicu u Harranu koja je njegovala astralne kultove.<\/p><p>Vrednovanje ovih izvje\u0161taja u znanosti je sporno, ali oni pokazuju koliko je dugotrajno djelovalo obo\u017eavanje Mjeseca na tom mjestu.<\/p>\t\t\t\t\t\t\t\t<\/div>\n\t\t\t\t\t<\/div>\n\t\t\t\t<\/div>\n\t\t<div class=\"elementor-element elementor-element-iwgw-sin-s7 e-flex e-con-boxed e-con e-parent\" data-id=\"iwgw-sin-s7\" data-element_type=\"container\" data-e-type=\"container\">\n\t\t\t\t\t<div class=\"e-con-inner\">\n\t\t\t\t<div class=\"elementor-element elementor-element-iwgw-sin-s7h elementor-widget elementor-widget-heading\" data-id=\"iwgw-sin-s7h\" data-element_type=\"widget\" data-e-type=\"widget\" data-widget_type=\"heading.default\">\n\t\t\t\t\t<h2 class=\"elementor-heading-title elementor-size-default\">Suvremena recepcija i istra\u017eivanja<\/h2>\t\t\t\t<\/div>\n\t\t\t\t<div class=\"elementor-element elementor-element-iwgw-sin-s7t elementor-widget elementor-widget-text-editor\" data-id=\"iwgw-sin-s7t\" data-element_type=\"widget\" data-e-type=\"widget\" data-widget_type=\"text-editor.default\">\n\t\t\t\t\t\t\t\t\t<p>Istra\u017eivanje Sinova kulta oslanja se na \u0161irok temelj izvora. Iskopavanja u Uru, prije svega radovi Leonarda Woolleya u prvoj polovici dvadesetog stolje\u0107a, otkrila su <span class=\"iwg-fachbegriff\" data-tooltip=\"Gra\u0111evina namijenjena po\u0161tovanju jednog ili vi\u0161e bo\u017eanstava.\" tabindex=\"0\">hramove<\/span>, zigurat, Gipar i brojne nalaze.<\/p><p>Tome se pridru\u017euju klinopisni tekstovi, uklju\u010duju\u0107i himne, molitve, ritualne tekstove i upravne isprave, koji dokumentiraju <span class=\"iwg-fachbegriff\" data-tooltip=\"Ukupnost obrednih radnji po\u0161tovanja neke bo\u017eanske ili svete pojave.\" tabindex=\"0\">kult<\/span> u njegovim razli\u010ditim razdobljima. Natpisi Nabonida \u010dine poseban, opse\u017eno prou\u010davan izvorni sklop o kasnoj fazi obo\u017eavanja Mjeseca.<\/p><p>Trajno raspravljana tema je vjerska politika Nabonida. Njegovo davanje prednosti Sinu u odnosu na Marduka u kasnijim, njemu neprijateljskim tekstovima prikazano je kao pogre\u0161ka. Istra\u017eivanje se trudi razdvojiti te tendenciozne izvore od vlastitih izjava kralja i rekonstruirati pozadinu sukoba izme\u0111u sve\u0107eni\u010dkih redova.<\/p><p>Va\u017ena istra\u017eiva\u010dka tema je astralna dimenzija mezopotamske religije. Sin je u sredi\u0161tu pitanja kako su promatranje neba, kalendarski sustav i vjersko tuma\u010denje djelovali zajedno.<\/p><p>Mezopotamski u\u010denjaci razvili su razra\u0111eno tuma\u010denje predznaka, u kojem su mjese\u010deve pojave imale sredi\u0161nju ulogu. Ovi tekstovi zanimljivi su ne samo s religijsko-povijesnog, nego i sa znanstveno-povijesnog gledi\u0161ta, jer se ubrajaju me\u0111u korijene kasnije astronomije.<\/p><p>I lik Enheduanne je posljednjih desetlje\u0107a privukao mnogo pa\u017enje. Kao vrhovna sve\u0107enica boga Mjeseca i navodna autorica himni, smatra se jednom od najranijih poimeni\u010dno poznatih autorica u povijesti knji\u017eevnosti.<\/p><p>Pripisivanje tekstova u struci se razmatra na razne na\u010dine. Sve u svemu, Sin ostaje lik na kojem se mogu izvrsno prou\u010davati sredi\u0161nje teme mezopotamske religijske povijesti.<\/p>\t\t\t\t\t\t\t\t<\/div>\n\t\t\t\t\t<\/div>\n\t\t\t\t<\/div>\n\t\t<div class=\"elementor-element elementor-element-iwgw-sin-lit e-flex e-con-boxed e-con e-parent\" data-id=\"iwgw-sin-lit\" data-element_type=\"container\" data-e-type=\"container\">\n\t\t\t\t\t<div class=\"e-con-inner\">\n\t\t\t\t<div class=\"elementor-element elementor-element-iwgw-sin-lith elementor-widget elementor-widget-heading\" data-id=\"iwgw-sin-lith\" data-element_type=\"widget\" data-e-type=\"widget\" data-widget_type=\"heading.default\">\n\t\t\t\t\t<h2 class=\"elementor-heading-title elementor-size-default\">Literatura (izbor)<\/h2>\t\t\t\t<\/div>\n\t\t\t\t<div class=\"elementor-element elementor-element-iwgw-sin-litt elementor-widget elementor-widget-text-editor\" data-id=\"iwgw-sin-litt\" data-element_type=\"widget\" data-e-type=\"widget\" data-widget_type=\"text-editor.default\">\n\t\t\t\t\t\t\t\t\t<ul><li><span data-nosnippet>Jeremy Black, Anthony Green: <em>Gods, Demons and Symbols of Ancient Mesopotamia<\/em> (1992)<\/span><\/li><li>Jean Bott\u00e9ro: <em>Die \u00e4lteste Religion. Mesopotamien<\/em> (2001)<\/li><li>Thorkild Jacobsen: <em>The Treasures of Darkness. A History of Mesopotamian Religion<\/em> (1976)<\/li><li>Mark E. Cohen: <em>The Cultic Calendars of the Ancient Near East<\/em> (1993)<\/li><li>Wilfred G. Lambert: <em>Babylonian Oracle Questions<\/em> (2007)<\/li><\/ul>\t\t\t\t\t\t\t\t<\/div>\n\t\t\t\t\t<\/div>\n\t\t\t\t<\/div>\n\t\t<div class=\"elementor-element elementor-element-iwgkw2-add-sin e-flex e-con-boxed e-con e-parent\" data-id=\"iwgkw2-add-sin\" data-element_type=\"container\" data-e-type=\"container\">\n\t\t\t\t\t<div class=\"e-con-inner\">\n\t\t\t\t<div class=\"elementor-element elementor-element-iwgkw2-add-sin-t elementor-widget elementor-widget-text-editor\" data-id=\"iwgkw2-add-sin-t\" data-element_type=\"widget\" data-e-type=\"widget\" data-widget_type=\"text-editor.default\">\n\t\t\t\t\t\t\t\t\t<p>Sin se smatra <em>mezopotamskim<\/em> bogom Mjeseca iz Ura i Harrana, \u010dija se krunska rogovlja i simbolika mjese\u010devog polumjeseca prenosila od starosumerskog Nanne sve do kasnobabilonske kraljevske ideologije.<\/p>\t\t\t\t\t\t\t\t<\/div>\n\t\t\t\t\t<\/div>\n\t\t\t\t<\/div>\n\t\t<div class=\"elementor-element elementor-element-iwgw-sin-kwd e-flex e-con-boxed e-con e-parent\" data-id=\"iwgw-sin-kwd\" data-element_type=\"container\" data-e-type=\"container\">\n\t\t\t\t\t<div class=\"e-con-inner\">\n\t\t\t\t<div class=\"elementor-element elementor-element-iwgw-sin-kwdt elementor-widget elementor-widget-text-editor\" data-id=\"iwgw-sin-kwdt\" data-element_type=\"widget\" data-e-type=\"widget\" data-widget_type=\"text-editor.default\">\n\t\t\t\t\t\t\t\t\t<p><em>Povezani klju\u010dni pojmovi: Sin Nanna Suen Ur Harran bog Mjeseca zigurat Enheduanna \u0160ama\u0161.<\/em><\/p>\t\t\t\t\t\t\t\t<\/div>\n\t\t\t\t\t<\/div>\n\t\t\t\t<\/div>\n\t\t<div class=\"elementor-element elementor-element-iwgw-sin-cc e-flex e-con-boxed e-con e-parent\" data-id=\"iwgw-sin-cc\" data-element_type=\"container\" data-e-type=\"container\" id=\"iwg-cc-sin\">\n\t\t\t\t\t<div class=\"e-con-inner\">\n\t\t<div class=\"elementor-element elementor-element-iwgw-sin-ccinner e-flex e-con-boxed e-con e-parent\" data-id=\"iwgw-sin-ccinner\" data-element_type=\"container\" data-e-type=\"container\" data-settings=\"{&quot;background_background&quot;:&quot;classic&quot;}\">\n\t\t\t\t\t<div class=\"e-con-inner\">\n\t\t\t\t<div class=\"elementor-element elementor-element-iwgw-sin-cch elementor-widget elementor-widget-heading\" data-id=\"iwgw-sin-cch\" data-element_type=\"widget\" data-e-type=\"widget\" data-widget_type=\"heading.default\">\n\t\t\t\t\t<h2 class=\"elementor-heading-title elementor-size-default\">iWell Guard i tradicije za\u0161tite<\/h2>\t\t\t\t<\/div>\n\t\t\t\t<div class=\"elementor-element elementor-element-iwgw-sin-cct elementor-widget elementor-widget-text-editor\" data-id=\"iwgw-sin-cct\" data-element_type=\"widget\" data-e-type=\"widget\" data-widget_type=\"text-editor.default\">\n\t\t\t\t\t\t\t\t\t<div data-nosnippet=\"true\"><p>iWell Guard nastavlja kulturnopovijesnu tradiciju nosivih za\u0161titnih predmeta, u tradiciji <a href=\"https:\/\/iwell-guard.com\/hr\/mezopotamija\/\">Mezopotamije<\/a> i mnogih drugih kultura svijeta. 41 razina, pravo zlato, platina, srebro, izra\u0111eno u Njema\u010dkoj. 30-dnevno pravo povrata.<\/p><\/div>\t\t\t\t\t\t\t\t<\/div>\n\t\t\t\t<div class=\"elementor-element elementor-element-iwgw-sin-ccb iwg-cc-button iwg-cc-cta-2026-05-13 elementor-widget elementor-widget-jet-button\" data-id=\"iwgw-sin-ccb\" data-element_type=\"widget\" data-e-type=\"widget\" data-widget_type=\"jet-button.default\">\n\t\t\t\t<div class=\"elementor-widget-container\">\n\t\t\t\t\t<div class=\"elementor-jet-button jet-elements\"><div class=\"jet-button__container\"><a class=\"jet-button__instance jet-button__instance--icon-left hover-effect-1\" href=\"\/ueber-iwell-guard\/?utm_source=iwell-guard.com&amp;utm_medium=info-box&amp;utm_campaign=wesen-tradition\"><div class=\"jet-button__plane jet-button__plane-normal\"><\/div><div class=\"jet-button__plane jet-button__plane-hover\"><\/div><div class=\"jet-button__state jet-button__state-normal\"><span class=\"jet-button__label\">Vi\u0161e o iWell Guardu<\/span><\/div><div class=\"jet-button__state jet-button__state-hover\"><span class=\"jet-button__label\">Vi\u0161e o iWell Guardu<\/span><\/div><\/a><\/div><\/div><style>.elementor-element.elementor-element-iwgw-sin-ccb .jet-button__instance{width:320px;height:56px;}.elementor-element.elementor-element-iwgw-sin-ccb .jet-button__state-normal .jet-button__label{text-align:center;margin:0px 0px 0px 0px;color:#1a1b20;font-family:Montserrat,sans-serif;font-size:13px;font-weight:400;letter-spacing:4px;line-height:1.714em;text-transform:uppercase;}.elementor-element.elementor-element-iwgw-sin-ccb .jet-button__state-hover .jet-button__label{text-align:center;margin:0px 0px 0px 0px;color:#FECC76;font-family:Montserrat,sans-serif;font-size:13px;font-weight:400;letter-spacing:4px;line-height:1.714em;text-transform:uppercase;}.elementor-element.elementor-element-iwgw-sin-ccb .jet-button__plane-normal{background-color:#FECC76;border-style:solid;border-color:#C99540;border-width:2px 2px 2px 2px;}.elementor-element.elementor-element-iwgw-sin-ccb .jet-button__plane-hover{background-color:rgba(0,0,0,0.55);border-style:solid;border-color:#FECC76;border-width:2px 2px 2px 2px;}<\/style>\t\t\t\t<\/div>\n\t\t\t\t<\/div>\n\t\t\t\t<div class=\"elementor-element elementor-element-iwgw-sin-ccd elementor-widget elementor-widget-text-editor\" data-id=\"iwgw-sin-ccd\" data-element_type=\"widget\" data-e-type=\"widget\" data-widget_type=\"text-editor.default\">\n\t\t\t\t\t\t\t\t\t<div data-nosnippet=\"true\"><p style=\"text-align:center;font-size:13px;opacity:0.7;margin-top:14px\" data-nosnippet=\"true\">Osobna iskustva mogu se razlikovati. Nije medicinski proizvod. Nema obe\u0107anja izlje\u010denja.<\/p><\/div>\t\t\t\t\t\t\t\t<\/div>\n\t\t\t\t\t<\/div>\n\t\t\t\t<\/div>\n\t\t\t\t\t<\/div>\n\t\t\t\t<\/div>\n\t\t<div class=\"elementor-element elementor-element-iwgw-sin-disc e-flex e-con-boxed e-con e-parent\" data-id=\"iwgw-sin-disc\" data-element_type=\"container\" data-e-type=\"container\">\n\t\t\t\t\t<div class=\"e-con-inner\">\n\t\t\t\t<div class=\"elementor-element elementor-element-iwgw-sin-discw elementor-widget elementor-widget-html\" data-id=\"iwgw-sin-discw\" data-element_type=\"widget\" data-e-type=\"widget\" data-widget_type=\"html.default\">\n\t\t\t\t\t<footer data-nosnippet=\"true\" class=\"iwg-disclaimer-block\"><p data-nosnippet=\"true\">iWell Guard <strong>nije medicinski proizvod<\/strong> i ne zamjenjuje lije\u010dni\u010dko ili psihoterapeutsko lije\u010denje. Religijsko-znanstveni sadr\u017eaji predstavljaju kulturno-povijesnu interpretaciju, a ne preporuku duhovne prakse.<\/p><\/footer>\t\t\t\t<\/div>\n\t\t\t\t\t<\/div>\n\t\t\t\t<\/div>\n\t\t\t\t<\/div>\n\t\t","protected":false},"excerpt":{"rendered":"","protected":false},"author":3,"featured_media":3382,"parent":0,"menu_order":0,"comment_status":"closed","ping_status":"closed","template":"elementor_header_footer","meta":{"_yoast_wpseo_focuskw":"Sin, mezopotamski bog Mjeseca","_yoast_wpseo_title":"Sin \u2013 mezopotamski bog Mjeseca iz Ura i Harrana","_yoast_wpseo_metadesc":"Sin, na sumerskom Nanna, bio je mezopotamski bog Mjeseca s kultnim sredi\u0161tima u Uru i Harranu, \u010duvar vremena i kalendara.","_yoast_wpseo_meta-robots-noindex":"","_yoast_wpseo_canonical":"","_angie_page":false,"gefaehrdungsstufe":"2","wesen_kultur":"mesopotamien","wesen_klasse":"goetter","footnotes":""},"categories":[],"class_list":["post-149771","page","type-page","status-publish","has-post-thumbnail","hentry"],"yoast_head":"<!-- This site is optimized with the Yoast SEO Premium plugin v27.7 (Yoast SEO v28.3) - https:\/\/yoast.com\/product\/yoast-seo-premium-wordpress\/ -->\n<title>Sin \u2013 mezopotamski bog Mjeseca iz Ura i Harrana<\/title>\n<meta name=\"description\" content=\"Sin, na sumerskom Nanna, bio je mezopotamski bog Mjeseca s kultnim sredi\u0161tima u Uru i Harranu, \u010duvar vremena i kalendara.\" \/>\n<meta name=\"robots\" content=\"index, follow, max-snippet:-1, max-image-preview:large, max-video-preview:-1\" \/>\n<link rel=\"canonical\" href=\"https:\/\/iwell-guard.com\/hr\/sin-bog-mjeseca-ura-harrana\/\" \/>\n<meta property=\"og:locale\" content=\"hr_HR\" \/>\n<meta property=\"og:type\" content=\"article\" \/>\n<meta property=\"og:title\" content=\"Sin \u2013 bog Mjeseca iz Ura i Harrana\" \/>\n<meta property=\"og:description\" content=\"Sin, na sumerskom Nanna, bio je mezopotamski bog Mjeseca s kultnim sredi\u0161tima u Uru i Harranu, \u010duvar vremena i kalendara.\" \/>\n<meta property=\"og:url\" content=\"https:\/\/iwell-guard.com\/hr\/sin-bog-mjeseca-ura-harrana\/\" \/>\n<meta property=\"og:site_name\" content=\"iWell Guard\" \/>\n<meta property=\"article:modified_time\" content=\"2026-09-04T05:31:50+00:00\" \/>\n<meta property=\"og:image\" content=\"https:\/\/iwell-guard.com\/wp-content\/uploads\/2026\/05\/goetter_mesopotamien_sin.webp\" \/>\n\t<meta property=\"og:image:width\" content=\"1024\" \/>\n\t<meta property=\"og:image:height\" content=\"1536\" \/>\n\t<meta property=\"og:image:type\" content=\"image\/webp\" \/>\n<meta name=\"twitter:card\" content=\"summary_large_image\" \/>\n<script type=\"application\/ld+json\" class=\"yoast-schema-graph\">{\"@context\":\"https:\\\/\\\/schema.org\",\"@graph\":[{\"@type\":\"WebPage\",\"@id\":\"https:\\\/\\\/iwell-guard.com\\\/hr\\\/sin-bog-mjeseca-ura-harrana\\\/\",\"url\":\"https:\\\/\\\/iwell-guard.com\\\/hr\\\/sin-bog-mjeseca-ura-harrana\\\/\",\"name\":\"Sin \u2013 mezopotamski bog Mjeseca iz Ura i Harrana\",\"isPartOf\":{\"@id\":\"https:\\\/\\\/iwell-guard.com\\\/hr\\\/#website\"},\"primaryImageOfPage\":{\"@id\":\"https:\\\/\\\/iwell-guard.com\\\/hr\\\/sin-bog-mjeseca-ura-harrana\\\/#primaryimage\"},\"image\":{\"@id\":\"https:\\\/\\\/iwell-guard.com\\\/hr\\\/sin-bog-mjeseca-ura-harrana\\\/#primaryimage\"},\"thumbnailUrl\":\"https:\\\/\\\/iwell-guard.com\\\/wp-content\\\/uploads\\\/2026\\\/05\\\/goetter_mesopotamien_sin.webp\",\"datePublished\":\"2026-09-04T05:13:22+00:00\",\"dateModified\":\"2026-09-04T05:31:50+00:00\",\"description\":\"Sin, na sumerskom Nanna, bio je mezopotamski bog Mjeseca s kultnim sredi\u0161tima u Uru i Harranu, \u010duvar vremena i kalendara.\",\"breadcrumb\":{\"@id\":\"https:\\\/\\\/iwell-guard.com\\\/hr\\\/sin-bog-mjeseca-ura-harrana\\\/#breadcrumb\"},\"inLanguage\":\"hr\",\"potentialAction\":[{\"@type\":\"ReadAction\",\"target\":[\"https:\\\/\\\/iwell-guard.com\\\/hr\\\/sin-bog-mjeseca-ura-harrana\\\/\"]}]},{\"@type\":\"ImageObject\",\"inLanguage\":\"hr\",\"@id\":\"https:\\\/\\\/iwell-guard.com\\\/hr\\\/sin-bog-mjeseca-ura-harrana\\\/#primaryimage\",\"url\":\"https:\\\/\\\/iwell-guard.com\\\/wp-content\\\/uploads\\\/2026\\\/05\\\/goetter_mesopotamien_sin.webp\",\"contentUrl\":\"https:\\\/\\\/iwell-guard.com\\\/wp-content\\\/uploads\\\/2026\\\/05\\\/goetter_mesopotamien_sin.webp\",\"width\":1024,\"height\":1536,\"caption\":\"Bogovi iz mezopotamske tradicije.\"},{\"@type\":\"BreadcrumbList\",\"@id\":\"https:\\\/\\\/iwell-guard.com\\\/hr\\\/sin-bog-mjeseca-ura-harrana\\\/#breadcrumb\",\"itemListElement\":[{\"@type\":\"ListItem\",\"position\":1,\"name\":\"Start\",\"item\":\"https:\\\/\\\/iwell-guard.com\\\/hr\\\/?page_id=149317\"},{\"@type\":\"ListItem\",\"position\":2,\"name\":\"Sin \u2013 bog Mjeseca iz Ura i Harrana\"}]},{\"@type\":\"WebSite\",\"@id\":\"https:\\\/\\\/iwell-guard.com\\\/hr\\\/#website\",\"url\":\"https:\\\/\\\/iwell-guard.com\\\/hr\\\/\",\"name\":\"iWell Guard\",\"description\":\"Schutz vor dunklen Einfl\u00fcssen\",\"publisher\":{\"@id\":\"https:\\\/\\\/iwell-guard.com\\\/hr\\\/#organization\"},\"potentialAction\":[{\"@type\":\"SearchAction\",\"target\":{\"@type\":\"EntryPoint\",\"urlTemplate\":\"https:\\\/\\\/iwell-guard.com\\\/hr\\\/?s={search_term_string}\"},\"query-input\":{\"@type\":\"PropertyValueSpecification\",\"valueRequired\":true,\"valueName\":\"search_term_string\"}}],\"inLanguage\":\"hr\"},{\"@type\":\"Organization\",\"@id\":\"https:\\\/\\\/iwell-guard.com\\\/hr\\\/#organization\",\"name\":\"Ittermann electronic GmbH\",\"url\":\"https:\\\/\\\/iwell-guard.com\\\/hr\\\/\",\"logo\":{\"@type\":\"ImageObject\",\"inLanguage\":\"hr\",\"@id\":\"https:\\\/\\\/iwell-guard.com\\\/hr\\\/#\\\/schema\\\/logo\\\/image\\\/\",\"url\":\"https:\\\/\\\/iwell-guard.com\\\/wp-content\\\/uploads\\\/2026\\\/05\\\/Ittermann-Logo-1182x237-1.png\",\"contentUrl\":\"https:\\\/\\\/iwell-guard.com\\\/wp-content\\\/uploads\\\/2026\\\/05\\\/Ittermann-Logo-1182x237-1.png\",\"width\":1182,\"height\":237,\"caption\":\"Ittermann electronic GmbH\"},\"image\":{\"@id\":\"https:\\\/\\\/iwell-guard.com\\\/hr\\\/#\\\/schema\\\/logo\\\/image\\\/\"},\"sameAs\":[\"https:\\\/\\\/pantip.com\\\/profile\\\/9367242\",\"https:\\\/\\\/micro.blog\\\/iwellguard\",\"https:\\\/\\\/www.diggerslist.com\\\/iwellguard\\\/about\",\"https:\\\/\\\/skitterphoto.com\\\/photographers\\\/2870314\\\/iwell-guard\",\"https:\\\/\\\/iwellguard.wordpress.com\\\/2026\\\/06\\\/06\\\/iwell-guard\\\/\",\"https:\\\/\\\/hub.docker.com\\\/u\\\/iwellguard\",\"https:\\\/\\\/www.pinterest.com\\\/iwellguard\\\/\",\"https:\\\/\\\/bit.ly\\\/m\\\/iwellguard\",\"https:\\\/\\\/entre-vos-mains.alsace.eu\\\/profiles\\\/iwellguard\\\/activity\",\"https:\\\/\\\/gravatar.com\\\/reallybeded8fd34\",\"https:\\\/\\\/naijamatta.com\\\/iwellguard\",\"https:\\\/\\\/www.goodreads.com\\\/iwellguard\",\"https:\\\/\\\/profile.hatena.ne.jp\\\/iwellguard\\\/\",\"https:\\\/\\\/experiment.com\\\/users\\\/iwellguard\",\"https:\\\/\\\/wakelet.com\\\/@iWellGuard82270\",\"https:\\\/\\\/www.chordie.com\\\/forum\\\/profile.php?id=2555664\",\"https:\\\/\\\/www.instapaper.com\\\/p\\\/17757966\",\"https:\\\/\\\/www.mapleprimes.com\\\/users\\\/iwellguard\",\"https:\\\/\\\/businesslistingplus.com\\\/profile\\\/iwell-guard\\\/\",\"https:\\\/\\\/telegra.ph\\\/iWell-Guard-06-06\",\"https:\\\/\\\/pbase.com\\\/iwellguard\\\/iwellguard\",\"https:\\\/\\\/b.hatena.ne.jp\\\/iwellguard\\\/20260607#bookmark-4788405196491818882\",\"https:\\\/\\\/fliphtml5.com\\\/home\\\/iwellguard\",\"https:\\\/\\\/anyflip.com\\\/homepage\\\/cmiwl#About\",\"https:\\\/\\\/transfur.com\\\/Users\\\/iwellguard\",\"http:\\\/\\\/delphi.larsbo.org\\\/user\\\/iwellguard\",\"https:\\\/\\\/jobs.lajobsportal.org\\\/profiles\\\/8380803-iwell-guard\",\"https:\\\/\\\/md.chaosdorf.de\\\/s\\\/jfbe5SBdJD\",\"https:\\\/\\\/www.lingvolive.com\\\/en-us\\\/profile\\\/9ecaeaca-ce11-4e51-9e71-01d55e2bff36\\\/translations\",\"https:\\\/\\\/www.fitday.com\\\/fitness\\\/forums\\\/members\\\/iwellguard.html\",\"https:\\\/\\\/www.mymeetbook.com\\\/iwellguard\",\"https:\\\/\\\/pxhere.com\\\/en\\\/photographer-me\\\/5040798\",\"https:\\\/\\\/disqus.com\\\/by\\\/iwellguard\\\/about\\\/\",\"https:\\\/\\\/pastelink.net\\\/hjwciqwq\",\"https:\\\/\\\/pubhtml5.com\\\/homepage\\\/scjhn\\\/\",\"https:\\\/\\\/www.bitchute.com\\\/channel\\\/2O2eOKzNqujT\",\"https:\\\/\\\/audiomack.com\\\/iwellguard\"]},{\"@type\":\"Article\",\"@id\":\"https:\\\/\\\/iwell-guard.com\\\/hr\\\/sin-bog-mjeseca-ura-harrana\\\/#article\",\"isPartOf\":{\"@id\":\"https:\\\/\\\/iwell-guard.com\\\/hr\\\/sin-bog-mjeseca-ura-harrana\\\/\"},\"author\":{\"name\":\"Ralf Ittermann\",\"@id\":\"https:\\\/\\\/iwell-guard.com\\\/hr\\\/#\\\/schema\\\/person\\\/ee2a27f1cac3406c7c6fb5820cb7349f\"},\"headline\":\"Sin \u2013 bog Mjeseca iz Ura i Harrana\",\"datePublished\":\"2026-09-04T05:13:22+00:00\",\"dateModified\":\"2026-09-04T05:31:50+00:00\",\"mainEntityOfPage\":{\"@id\":\"https:\\\/\\\/iwell-guard.com\\\/hr\\\/sin-bog-mjeseca-ura-harrana\\\/\"},\"publisher\":{\"@id\":\"https:\\\/\\\/iwell-guard.com\\\/hr\\\/#organization\"},\"image\":{\"@id\":\"https:\\\/\\\/iwell-guard.com\\\/hr\\\/sin-bog-mjeseca-ura-harrana\\\/#primaryimage\"},\"thumbnailUrl\":\"https:\\\/\\\/iwell-guard.com\\\/wp-content\\\/uploads\\\/2026\\\/05\\\/goetter_mesopotamien_sin.webp\",\"inLanguage\":\"hr\",\"description\":\"Sin, na sumerskom Nanna, bio je mezopotamski bog Mjeseca s kultnim sredi\u0161tima u Uru i Harranu, \u010duvar vremena i kalendara.\"}]}<\/script>\n<!-- \/ Yoast SEO Premium plugin. -->","yoast_head_json":{"title":"Sin \u2013 mezopotamski bog Mjeseca iz Ura i Harrana","description":"Sin, na sumerskom Nanna, bio je mezopotamski bog Mjeseca s kultnim sredi\u0161tima u Uru i Harranu, \u010duvar vremena i kalendara.","robots":{"index":"index","follow":"follow","max-snippet":"max-snippet:-1","max-image-preview":"max-image-preview:large","max-video-preview":"max-video-preview:-1"},"canonical":"https:\/\/iwell-guard.com\/hr\/sin-bog-mjeseca-ura-harrana\/","og_locale":"hr_HR","og_type":"article","og_title":"Sin \u2013 bog Mjeseca iz Ura i Harrana","og_description":"Sin, na sumerskom Nanna, bio je mezopotamski bog Mjeseca s kultnim sredi\u0161tima u Uru i Harranu, \u010duvar vremena i kalendara.","og_url":"https:\/\/iwell-guard.com\/hr\/sin-bog-mjeseca-ura-harrana\/","og_site_name":"iWell Guard","article_modified_time":"2026-09-04T05:31:50+00:00","og_image":[{"width":1024,"height":1536,"url":"https:\/\/iwell-guard.com\/wp-content\/uploads\/2026\/05\/goetter_mesopotamien_sin.webp","type":"image\/webp"}],"twitter_card":"summary_large_image","schema":{"@context":"https:\/\/schema.org","@graph":[{"@type":"Article","@id":"https:\/\/iwell-guard.com\/hr\/sin-bog-mjeseca-ura-harrana\/#article","isPartOf":{"@id":"https:\/\/iwell-guard.com\/hr\/sin-bog-mjeseca-ura-harrana\/"},"author":{"name":"Ralf Ittermann","@id":"https:\/\/iwell-guard.com\/hr\/#\/schema\/person\/ee2a27f1cac3406c7c6fb5820cb7349f"},"headline":"Sin \u2013 bog Mjeseca iz Ura i Harrana","datePublished":"2026-09-04T05:13:22+00:00","dateModified":"2026-09-04T05:31:50+00:00","mainEntityOfPage":{"@id":"https:\/\/iwell-guard.com\/hr\/sin-bog-mjeseca-ura-harrana\/"},"publisher":{"@id":"https:\/\/iwell-guard.com\/hr\/#organization"},"image":{"@id":"https:\/\/iwell-guard.com\/hr\/sin-bog-mjeseca-ura-harrana\/#primaryimage"},"thumbnailUrl":"https:\/\/iwell-guard.com\/wp-content\/uploads\/2026\/05\/goetter_mesopotamien_sin.webp","inLanguage":"hr","description":"Sin, na sumerskom Nanna, bio je mezopotamski bog Mjeseca s kultnim sredi\u0161tima u Uru i Harranu, \u010duvar vremena i kalendara."},{"@type":"WebPage","@id":"https:\/\/iwell-guard.com\/hr\/sin-bog-mjeseca-ura-harrana\/","url":"https:\/\/iwell-guard.com\/hr\/sin-bog-mjeseca-ura-harrana\/","name":"Sin \u2013 mezopotamski bog Mjeseca iz Ura i Harrana","isPartOf":{"@id":"https:\/\/iwell-guard.com\/hr\/#website"},"primaryImageOfPage":{"@id":"https:\/\/iwell-guard.com\/hr\/sin-bog-mjeseca-ura-harrana\/#primaryimage"},"image":{"@id":"https:\/\/iwell-guard.com\/hr\/sin-bog-mjeseca-ura-harrana\/#primaryimage"},"thumbnailUrl":"https:\/\/iwell-guard.com\/wp-content\/uploads\/2026\/05\/goetter_mesopotamien_sin.webp","datePublished":"2026-09-04T05:13:22+00:00","dateModified":"2026-09-04T05:31:50+00:00","description":"Sin, na sumerskom Nanna, bio je mezopotamski bog Mjeseca s kultnim sredi\u0161tima u Uru i Harranu, \u010duvar vremena i kalendara.","breadcrumb":{"@id":"https:\/\/iwell-guard.com\/hr\/sin-bog-mjeseca-ura-harrana\/#breadcrumb"},"inLanguage":"hr","potentialAction":[{"@type":"ReadAction","target":["https:\/\/iwell-guard.com\/hr\/sin-bog-mjeseca-ura-harrana\/"]}]},{"@type":"ImageObject","inLanguage":"hr","@id":"https:\/\/iwell-guard.com\/hr\/sin-bog-mjeseca-ura-harrana\/#primaryimage","url":"https:\/\/iwell-guard.com\/wp-content\/uploads\/2026\/05\/goetter_mesopotamien_sin.webp","contentUrl":"https:\/\/iwell-guard.com\/wp-content\/uploads\/2026\/05\/goetter_mesopotamien_sin.webp","width":1024,"height":1536,"caption":"Bogovi iz mezopotamske tradicije."},{"@type":"BreadcrumbList","@id":"https:\/\/iwell-guard.com\/hr\/sin-bog-mjeseca-ura-harrana\/#breadcrumb","itemListElement":[{"@type":"ListItem","position":1,"name":"Start","item":"https:\/\/iwell-guard.com\/hr\/?page_id=149317"},{"@type":"ListItem","position":2,"name":"Sin \u2013 bog Mjeseca iz Ura i Harrana"}]},{"@type":"WebSite","@id":"https:\/\/iwell-guard.com\/hr\/#website","url":"https:\/\/iwell-guard.com\/hr\/","name":"iWell Guard","description":"Schutz vor dunklen Einfl\u00fcssen","publisher":{"@id":"https:\/\/iwell-guard.com\/hr\/#organization"},"potentialAction":[{"@type":"SearchAction","target":{"@type":"EntryPoint","urlTemplate":"https:\/\/iwell-guard.com\/hr\/?s={search_term_string}"},"query-input":{"@type":"PropertyValueSpecification","valueRequired":true,"valueName":"search_term_string"}}],"inLanguage":"hr"},{"@type":"Organization","@id":"https:\/\/iwell-guard.com\/hr\/#organization","name":"Ittermann electronic GmbH","url":"https:\/\/iwell-guard.com\/hr\/","logo":{"@type":"ImageObject","inLanguage":"hr","@id":"https:\/\/iwell-guard.com\/hr\/#\/schema\/logo\/image\/","url":"https:\/\/iwell-guard.com\/wp-content\/uploads\/2026\/05\/Ittermann-Logo-1182x237-1.png","contentUrl":"https:\/\/iwell-guard.com\/wp-content\/uploads\/2026\/05\/Ittermann-Logo-1182x237-1.png","width":1182,"height":237,"caption":"Ittermann electronic GmbH"},"image":{"@id":"https:\/\/iwell-guard.com\/hr\/#\/schema\/logo\/image\/"},"sameAs":["https:\/\/pantip.com\/profile\/9367242","https:\/\/micro.blog\/iwellguard","https:\/\/www.diggerslist.com\/iwellguard\/about","https:\/\/skitterphoto.com\/photographers\/2870314\/iwell-guard","https:\/\/iwellguard.wordpress.com\/2026\/06\/06\/iwell-guard\/","https:\/\/hub.docker.com\/u\/iwellguard","https:\/\/www.pinterest.com\/iwellguard\/","https:\/\/bit.ly\/m\/iwellguard","https:\/\/entre-vos-mains.alsace.eu\/profiles\/iwellguard\/activity","https:\/\/gravatar.com\/reallybeded8fd34","https:\/\/naijamatta.com\/iwellguard","https:\/\/www.goodreads.com\/iwellguard","https:\/\/profile.hatena.ne.jp\/iwellguard\/","https:\/\/experiment.com\/users\/iwellguard","https:\/\/wakelet.com\/@iWellGuard82270","https:\/\/www.chordie.com\/forum\/profile.php?id=2555664","https:\/\/www.instapaper.com\/p\/17757966","https:\/\/www.mapleprimes.com\/users\/iwellguard","https:\/\/businesslistingplus.com\/profile\/iwell-guard\/","https:\/\/telegra.ph\/iWell-Guard-06-06","https:\/\/pbase.com\/iwellguard\/iwellguard","https:\/\/b.hatena.ne.jp\/iwellguard\/20260607#bookmark-4788405196491818882","https:\/\/fliphtml5.com\/home\/iwellguard","https:\/\/anyflip.com\/homepage\/cmiwl#About","https:\/\/transfur.com\/Users\/iwellguard","http:\/\/delphi.larsbo.org\/user\/iwellguard","https:\/\/jobs.lajobsportal.org\/profiles\/8380803-iwell-guard","https:\/\/md.chaosdorf.de\/s\/jfbe5SBdJD","https:\/\/www.lingvolive.com\/en-us\/profile\/9ecaeaca-ce11-4e51-9e71-01d55e2bff36\/translations","https:\/\/www.fitday.com\/fitness\/forums\/members\/iwellguard.html","https:\/\/www.mymeetbook.com\/iwellguard","https:\/\/pxhere.com\/en\/photographer-me\/5040798","https:\/\/disqus.com\/by\/iwellguard\/about\/","https:\/\/pastelink.net\/hjwciqwq","https:\/\/pubhtml5.com\/homepage\/scjhn\/","https:\/\/www.bitchute.com\/channel\/2O2eOKzNqujT","https:\/\/audiomack.com\/iwellguard"]},{"@type":"Person","@id":"https:\/\/iwell-guard.com\/hr\/#\/schema\/person\/ee2a27f1cac3406c7c6fb5820cb7349f","name":"Ralf Ittermann","image":{"@type":"ImageObject","inLanguage":"hr","@id":"https:\/\/secure.gravatar.com\/avatar\/073c0153e350a5005b68eb752b445fea71f6b24a26da9449ad7e155e6b446c9d?s=96&d=mm&r=g","url":"https:\/\/secure.gravatar.com\/avatar\/073c0153e350a5005b68eb752b445fea71f6b24a26da9449ad7e155e6b446c9d?s=96&d=mm&r=g","contentUrl":"https:\/\/secure.gravatar.com\/avatar\/073c0153e350a5005b68eb752b445fea71f6b24a26da9449ad7e155e6b446c9d?s=96&d=mm&r=g","caption":"Ralf Ittermann"},"givenName":"Ralf","familyName":"Ittermann","jobTitle":"Gesch\u00e4ftsf\u00fchrer und redaktioneller Verantwortlicher","url":"https:\/\/iwell-guard.com\/hr\/author\/claude\/","description":"Ralf Ittermann ist Gesch\u00e4ftsf\u00fchrer der Ittermann electronic GmbH und redaktioneller Verantwortlicher des iWell-Guard-Lexikons. Er verbindet langj\u00e4hrige Erfahrung in der Pr\u00e4zisionsfertigung mit medialer Praxis und religionsgeschichtlicher Quellenarbeit.","worksFor":{"@type":"Organization","name":"Ittermann electronic GmbH","url":"https:\/\/ittermann.de\/","address":{"@type":"PostalAddress","streetAddress":"K\u00f6hlergasse 16-18","postalCode":"99842","addressLocality":"Ruhla","addressCountry":"DE"}},"knowsAbout":["Religionsgeschichte","Mythologie","Mediale Praxis","Energetische Diagnostik","Schutzpraxis","Volksglauben","Westliche Esoterik"]},{"@type":"Article","@id":"https:\/\/iwell-guard.com\/hr\/sin-bog-mjeseca-ura-harrana\/#article","isPartOf":{"@id":"https:\/\/iwell-guard.com\/hr\/sin-bog-mjeseca-ura-harrana\/"},"author":{"name":"Ralf Ittermann","@id":"https:\/\/iwell-guard.com\/hr\/#\/schema\/person\/ee2a27f1cac3406c7c6fb5820cb7349f"},"headline":"Sin \u2013 bog Mjeseca iz Ura i Harrana","datePublished":"2026-09-04T05:13:22+00:00","dateModified":"2026-09-04T05:31:50+00:00","mainEntityOfPage":{"@id":"https:\/\/iwell-guard.com\/hr\/sin-bog-mjeseca-ura-harrana\/"},"publisher":{"@id":"https:\/\/iwell-guard.com\/hr\/#organization"},"image":{"@id":"https:\/\/iwell-guard.com\/hr\/sin-bog-mjeseca-ura-harrana\/#primaryimage"},"thumbnailUrl":"https:\/\/iwell-guard.com\/wp-content\/uploads\/2026\/05\/goetter_mesopotamien_sin.webp","inLanguage":"hr","description":"Sin, na sumerskom Nanna, bio je mezopotamski bog Mjeseca s kultnim sredi\u0161tima u Uru i Harranu, \u010duvar vremena i kalendara."}]}},"_links":{"self":[{"href":"https:\/\/iwell-guard.com\/hr\/wp-json\/wp\/v2\/pages\/149771","targetHints":{"allow":["GET"]}}],"collection":[{"href":"https:\/\/iwell-guard.com\/hr\/wp-json\/wp\/v2\/pages"}],"about":[{"href":"https:\/\/iwell-guard.com\/hr\/wp-json\/wp\/v2\/types\/page"}],"author":[{"embeddable":true,"href":"https:\/\/iwell-guard.com\/hr\/wp-json\/wp\/v2\/users\/3"}],"replies":[{"embeddable":true,"href":"https:\/\/iwell-guard.com\/hr\/wp-json\/wp\/v2\/comments?post=149771"}],"version-history":[{"count":0,"href":"https:\/\/iwell-guard.com\/hr\/wp-json\/wp\/v2\/pages\/149771\/revisions"}],"wp:featuredmedia":[{"embeddable":true,"href":"https:\/\/iwell-guard.com\/hr\/wp-json\/wp\/v2\/media\/3382"}],"wp:attachment":[{"href":"https:\/\/iwell-guard.com\/hr\/wp-json\/wp\/v2\/media?parent=149771"}],"wp:term":[{"taxonomy":"category","embeddable":true,"href":"https:\/\/iwell-guard.com\/hr\/wp-json\/wp\/v2\/categories?post=149771"}],"curies":[{"name":"wp","href":"https:\/\/api.w.org\/{rel}","templated":true}]}}