{"id":149768,"date":"2026-09-04T05:13:20","date_gmt":"2026-09-04T05:13:20","guid":{"rendered":"https:\/\/iwell-guard.com\/?page_id=149768"},"modified":"2026-09-04T05:31:45","modified_gmt":"2026-09-04T05:31:45","slug":"kronos-titan-vladar-zlatnog-doba","status":"publish","type":"page","link":"https:\/\/iwell-guard.com\/hr\/kronos-titan-vladar-zlatnog-doba\/","title":{"rendered":"Kronos \u2013 titan i vladar Zlatnog doba"},"content":{"rendered":"\t\t<div data-elementor-type=\"wp-page\" data-elementor-id=\"149768\" class=\"elementor elementor-149768 elementor-2918 elementor-bc-flex-widget\" data-elementor-post-type=\"page\">\n\t\t\t\t<div class=\"elementor-element elementor-element-herof597b9c e-flex e-con-boxed e-con e-parent\" data-id=\"herof597b9c\" data-element_type=\"container\" data-e-type=\"container\">\n\t\t\t\t\t<div class=\"e-con-inner\">\n\t\t\t\t<div class=\"elementor-element elementor-element-heroimg20a558e iwg-hero-image elementor-widget elementor-widget-image\" data-id=\"heroimg20a558e\" data-element_type=\"widget\" data-e-type=\"widget\" data-widget_type=\"image.default\">\n\t\t\t\t\t\t\t\t\t\t\t\t\t\t\t<img fetchpriority=\"high\" decoding=\"async\" width=\"683\" height=\"1024\" src=\"https:\/\/iwell-guard.com\/wp-content\/uploads\/2026\/05\/goetter_griechenland_kronos-683x1024.webp\" class=\"attachment-large size-large wp-image-151399\" alt=\"Kronos - bogovi iz gr\u010dke tradicije, povijesno-ilustrativno\" srcset=\"https:\/\/iwell-guard.com\/wp-content\/uploads\/2026\/05\/goetter_griechenland_kronos-683x1024.webp 683w, https:\/\/iwell-guard.com\/wp-content\/uploads\/2026\/05\/goetter_griechenland_kronos-200x300.webp 200w, https:\/\/iwell-guard.com\/wp-content\/uploads\/2026\/05\/goetter_griechenland_kronos-768x1152.webp 768w, https:\/\/iwell-guard.com\/wp-content\/uploads\/2026\/05\/goetter_griechenland_kronos.webp 1024w\" sizes=\"(max-width: 683px) 100vw, 683px\" \/>\t\t\t\t\t\t\t\t\t\t\t\t\t\t\t<\/div>\n\t\t\t\t\t<\/div>\n\t\t\t\t<\/div>\n\t\t<div class=\"elementor-element elementor-element-iwgw-kronos-hero e-flex e-con-boxed e-con e-parent\" data-id=\"iwgw-kronos-hero\" data-element_type=\"container\" data-e-type=\"container\">\n\t\t\t\t\t<div class=\"e-con-inner\">\n\t\t\t\t<div class=\"elementor-element elementor-element-iwgw-kronos-h1 elementor-widget elementor-widget-heading\" data-id=\"iwgw-kronos-h1\" data-element_type=\"widget\" data-e-type=\"widget\" data-widget_type=\"heading.default\">\n\t\t\t\t\t<h1 class=\"elementor-heading-title elementor-size-default\">Kronos \u2013 titan, otac Zeusa i svrgnuti vladar<\/h1>\t\t\t\t<\/div>\n\t\t\t\t<div class=\"elementor-element elementor-element-iwgw-kronos-pills elementor-widget elementor-widget-html\" data-id=\"iwgw-kronos-pills\" data-element_type=\"widget\" data-e-type=\"widget\" data-widget_type=\"html.default\">\n\t\t\t\t\t<div class=\"iwg-pill-row\"><span class=\"iwg-klasse-badge\" tabindex=\"0\" data-tooltip=\"Titan tradicije Gr\u010dka.\">Titan<\/span><a href=\"https:\/\/iwell-guard.com\/hr\/grcka\/\" class=\"iwg-kultur-badge\" tabindex=\"0\" data-tooltip=\"Mitologija tradicije Gr\u010dka.\">Gr\u010dka<\/a><span class=\"iwg-tradition-badge\" tabindex=\"0\" data-tooltip=\"Prapo\u010detno bo\u017eanstvo.\">Prapo\u010detno bo\u017eanstvo<\/span><\/div>\t\t\t\t<\/div>\n\t\t\t\t<div class=\"elementor-element elementor-element-iwgw-kronos-lead elementor-widget elementor-widget-text-editor\" data-id=\"iwgw-kronos-lead\" data-element_type=\"widget\" data-e-type=\"widget\" data-widget_type=\"text-editor.default\">\n\t\t\t\t\t\t\t\t\t<p>Kronos je najmla\u0111i od titana, sin Uranosa i Geje, otac Zeusa. Kastrira svog oca, pro\u017edire svoju djecu i naposljetku ga svrgne Zeus. Istovremeno se njegova vladavina smatra Zlatnim dobom.<\/p>\t\t\t\t\t\t\t\t<\/div>\n\t\t\t\t\t<\/div>\n\t\t\t\t<\/div>\n\t\t<div class=\"elementor-element elementor-element-iwgw-kronos-s0 e-flex e-con-boxed e-con e-parent\" data-id=\"iwgw-kronos-s0\" data-element_type=\"container\" data-e-type=\"container\">\n\t\t\t\t\t<div class=\"e-con-inner\">\n\t\t\t\t<div class=\"elementor-element elementor-element-iwgw-kronos-s0h elementor-widget elementor-widget-heading\" data-id=\"iwgw-kronos-s0h\" data-element_type=\"widget\" data-e-type=\"widget\" data-widget_type=\"heading.default\">\n\t\t\t\t\t<h2 class=\"elementor-heading-title elementor-size-default\">Uvod<\/h2>\t\t\t\t<\/div>\n\t\t\t\t<div class=\"elementor-element elementor-element-iwgw-kronos-s0t elementor-widget elementor-widget-text-editor\" data-id=\"iwgw-kronos-s0t\" data-element_type=\"widget\" data-e-type=\"widget\" data-widget_type=\"text-editor.default\">\n\t\t\t\t\t\t\t\t\t<p>Kronos pripada generaciji titana, onih rodova bogova koji u <a href=\"https:\/\/iwell-guard.com\/hr\/grcka\/\">gr\u010dkoj<\/a> <span class=\"iwg-fachbegriff\" data-tooltip=\"Ukupnost predanih pripovijesti o bogovima jedne kulture.\" tabindex=\"0\">mitologiji<\/span> stoje izme\u0111u najstarijih prasila i olimpskih bogova. On je najmla\u0111i sin boga neba Uranosa i bo\u017eice zemlje Geje te nakon svrgavanja svog oca preuzima vlast nad svijetom.<\/p><p>Time je Kronos sredi\u0161nja figura srednje faze gr\u010dkog mita o postanku svijeta, tzv. sukcesijskog mita, u kojem se vlast nad svijetom prenosi kroz tri generacije.<\/p><p>S religijsko-znanstvenog gledi\u0161ta Kronos je dvostruka figura. S jedne strane stoji okrutni vladar koji sakati svog oca i pro\u017edire vlastitu djecu da bi osigurao svoju vlast.<\/p><p>S druge strane stoji kralj Zlatnog doba, za \u010dije vladavine su ljudi \u017eivjeli bezbri\u017eno i bez muke. Ta napetost izme\u0111u zastra\u0161uju\u0107e figure i mirotvornog kralja \u010dini Kronosa posebno zanimljivom figurom za razumijevanje gr\u010dkih predod\u017ebi o povijesti i vremenu.<\/p><p>Najva\u017eniji izvor je Hesiodova <em>Teogonija<\/em>, koja detaljno pripovijeda <span class=\"iwg-fachbegriff\" data-tooltip=\"Predana pripovijest o bogovima, podrijetlu i poretku svijeta.\" tabindex=\"0\">mit<\/span> o slijedu vladara svijeta. Uz nju stoje brojna kasnija predanja, mitografska djela i izjedna\u010davanje s rimskim Saturnom, koji su tijekom <span class=\"iwg-fachbegriff\" data-tooltip=\"Razdoblje gr\u010dke i rimske kulture, otprilike od 800. pr. Kr. do 600. po. Kr.\" tabindex=\"0\">antike<\/span> dodatno oblikovali sliku Kronosa. Orfi\u010dka poezija donosi vlastitu, od Hesiodove razli\u010ditu verziju slijeda bogova.<\/p>\t\t\t\t\t\t\t\t<\/div>\n\t\t\t\t\t<\/div>\n\t\t\t\t<\/div>\n\t\t<div class=\"elementor-element elementor-element-iwgw-kronos-s1 e-flex e-con-boxed e-con e-parent\" data-id=\"iwgw-kronos-s1\" data-element_type=\"container\" data-e-type=\"container\">\n\t\t\t\t\t<div class=\"e-con-inner\">\n\t\t\t\t<div class=\"elementor-element elementor-element-iwgw-kronos-s1h elementor-widget elementor-widget-heading\" data-id=\"iwgw-kronos-s1h\" data-element_type=\"widget\" data-e-type=\"widget\" data-widget_type=\"heading.default\">\n\t\t\t\t\t<h2 class=\"elementor-heading-title elementor-size-default\">Ime i etimologija<\/h2>\t\t\t\t<\/div>\n\t\t\t\t<div class=\"elementor-element elementor-element-iwgw-kronos-s1t elementor-widget elementor-widget-text-editor\" data-id=\"iwgw-kronos-s1t\" data-element_type=\"widget\" data-e-type=\"widget\" data-widget_type=\"text-editor.default\">\n\t\t\t\t\t\t\t\t\t<p>Ime Kronos jezikoslovno nije sigurno protuma\u010deno. Ve\u0107 u <span class=\"iwg-fachbegriff\" data-tooltip=\"Razdoblje gr\u010dke i rimske kulture, otprilike od 800. pr. Kr. do 600. po. Kr.\" tabindex=\"0\">antici<\/span> \u010desto je povezivano s gr\u010dkom rije\u010di za vrijeme, Chronosom. To izjedna\u010davanje jezikoslovno nije odr\u017eivo, jer se ta dva imena druk\u010dije pi\u0161u i nagla\u0161avaju.<\/p><p>Ipak je imalo veliki utjecaj: ve\u0107 u <span class=\"iwg-fachbegriff\" data-tooltip=\"Razdoblje gr\u010dke i rimske kulture, otprilike od 800. pr. Kr. do 600. po. Kr.\" tabindex=\"0\">antici<\/span>, posebice u stoi\u010dkoj i orfi\u010dkoj spekulaciji, Kronos je protuma\u010den kao personifikacija vremena, koje pro\u017edire svoju vlastitu djecu, odnosno sve \u0161to je postalo.<\/p><p>Druga <span class=\"iwg-fachbegriff\" data-tooltip=\"Razdoblje gr\u010dke i rimske kulture, otprilike od 800. pr. Kr. do 600. po. Kr.\" tabindex=\"0\">anti\u010dka<\/span> tuma\u010denja povezivala su ime s glagolom za \u017eetvu ili s pojmovima iz podru\u010dja poljoprivrede, \u0161to se uklapalo u njegov atribut, srp. I ta obja\u0161njenja su narodnoetimolo\u0161ka i nisu potvr\u0111ena.<\/p><p>Suvremena istra\u017eivanja skloniji su smatrati ime Kronos predgr\u010dkim, odnosno naslije\u0111enom rije\u010di iz jezi\u010dnog sloja koji se govorio prije dolaska gr\u010dkog stanovni\u0161tva na Egej. Sigurna etimologija ne postoji.<\/p><p>U rimskoj <span class=\"iwg-fachbegriff\" data-tooltip=\"Preno\u0161enje znanja i pripovijesti kroz generacije.\" tabindex=\"0\">predaji<\/span> Kronos je izjedna\u010den sa Saturnom. Ta identifikacija bila je toliko utjecajna da su mnoge crte Kronosa u latinskom kulturnom prostoru nastavile \u017eivjeti pod imenom Saturn, primjerice predod\u017eba o Zlatnom dobu i blagdan Saturnalija.<\/p><p>Razlikovanje izme\u0111u gr\u010dkog Kronosa i rimskog Saturna va\u017eno je u istra\u017eivanjima jer su obje figure pro\u0161le svoj vlastiti razvoj.<\/p>\t\t\t\t\t\t\t\t<\/div>\n\t\t\t\t\t<\/div>\n\t\t\t\t<\/div>\n\t\t<div class=\"elementor-element elementor-element-iwgw-kronos-s2 e-flex e-con-boxed e-con e-parent\" data-id=\"iwgw-kronos-s2\" data-element_type=\"container\" data-e-type=\"container\">\n\t\t\t\t\t<div class=\"e-con-inner\">\n\t\t\t\t<div class=\"elementor-element elementor-element-iwgw-kronos-s2h elementor-widget elementor-widget-heading\" data-id=\"iwgw-kronos-s2h\" data-element_type=\"widget\" data-e-type=\"widget\" data-widget_type=\"heading.default\">\n\t\t\t\t\t<h2 class=\"elementor-heading-title elementor-size-default\">Opis i ikonografija<\/h2>\t\t\t\t<\/div>\n\t\t\t\t<div class=\"elementor-element elementor-element-iwgw-kronos-s2t elementor-widget elementor-widget-text-editor\" data-id=\"iwgw-kronos-s2t\" data-element_type=\"widget\" data-e-type=\"widget\" data-widget_type=\"text-editor.default\">\n\t\t\t\t\t\t\t\t\t<p>Kron je u likovnoj umjetnosti <span class=\"iwg-fachbegriff\" data-tooltip=\"Razdoblje gr\u010dke i rimske kulture, otprilike od 800. pr. Kr. do 600. po. Kr.\" tabindex=\"0\">antike<\/span> prikazivan rje\u0111e i manje ujedna\u010deno nego olimpijski bogovi. Kada se prikazuje, obi\u010dno se pokazuje kao bradati, ostarjeli mu\u0161karac, dostojanstven, ali bez mladena\u010dke snage koja odlikuje, primjerice, Zeusa.<\/p><p>Njegov istaknuti atribut je srp ili zakrivljeno o\u0161trica, kojom je prema <span class=\"iwg-fachbegriff\" data-tooltip=\"Predaja koja pripovijeda o bogovima, podrijetlu i poretku svijeta.\" tabindex=\"0\">mitu<\/span> osakatio svojega oca Urana. Taj alat, u izvorima nazvan harpe, njegov je stalni prepoznatljivi znak.<\/p><p>Kron se \u010desto prikazuje s pokrivenom glavom, s ogrta\u010dem preba\u010denim preko zatiljka. Ovo prekrivanje tuma\u010dilo se kao znak njegove povezanosti sa skrivenom, jezovitom stranom svijeta, ili kao naznaka njegova statusa svrgnutog vladara, prognanog u dubinu. U rimskoj ikonografiji Saturna ova se osobina nastavila.<\/p><p>Prizori koji prikazuju <span class=\"iwg-fachbegriff\" data-tooltip=\"Predaja koja pripovijeda o bogovima, podrijetlu i poretku svijeta.\" tabindex=\"0\">mit<\/span> pokazuju Krona uglavnom u dva trenutka: prilikom osaka\u0107ivanja Urana i prilikom pro\u017ediranja svoje djece.<\/p><p>Ova druga scena, u kojoj Kron prinosi dojen\u010de ustima ili prima kamen umotan u pelene, posebno je preuzeta u kasnijoj umjetnosti i ubraja se me\u0111u najsna\u017enije slike cijele <span class=\"iwg-fachbegriff\" data-tooltip=\"Cjelina predanih pripovijesti o bogovima jedne kulture.\" tabindex=\"0\">mitologije<\/span>. U samoj <span class=\"iwg-fachbegriff\" data-tooltip=\"Razdoblje gr\u010dke i rimske kulture, otprilike od 800. pr. Kr. do 600. po. Kr.\" tabindex=\"0\">antici<\/span> pak prevladava smireni, vladarski prikaz. Kao kralj Zlatnog doba povremeno je prikazivan na prijestolju.<\/p>\t\t\t\t\t\t\t\t<\/div>\n\t\t\t\t\t<\/div>\n\t\t\t\t<\/div>\n\t\t<div class=\"elementor-element elementor-element-iwgw-kronos-s3 e-flex e-con-boxed e-con e-parent\" data-id=\"iwgw-kronos-s3\" data-element_type=\"container\" data-e-type=\"container\">\n\t\t\t\t\t<div class=\"e-con-inner\">\n\t\t\t\t<div class=\"elementor-element elementor-element-iwgw-kronos-s3h elementor-widget elementor-widget-heading\" data-id=\"iwgw-kronos-s3h\" data-element_type=\"widget\" data-e-type=\"widget\" data-widget_type=\"heading.default\">\n\t\t\t\t\t<h2 class=\"elementor-heading-title elementor-size-default\">Mitolo\u0161ke pri\u010de<\/h2>\t\t\t\t<\/div>\n\t\t\t\t<div class=\"elementor-element elementor-element-iwgw-kronos-s3t elementor-widget elementor-widget-text-editor\" data-id=\"iwgw-kronos-s3t\" data-element_type=\"widget\" data-e-type=\"widget\" data-widget_type=\"text-editor.default\">\n\t\t\t\t\t\t\t\t\t<p>Pri\u010da o Kronu po\u010dinje sukobom izme\u0111u prvobitnih sila. Uran, nebo, sjedinio se s Gajom, zemljom, ali je njihovu zajedni\u010dku djecu, me\u0111u njima Titane, zadr\u017eavao u utrobi zemlje. Gaja, optere\u0107ena tim teretom, skovala je plan i izradila srp od tvrdog kamena.<\/p><p>Od svih njezine djece samo je Kron, najmla\u0111i od Titana, bio spreman djelovati protiv oca. Kad se Uran ponovno pribli\u017eio Gaji, Kron mu je odsjekao spolovilo i bacio ga u more.<\/p><p>Iz krvi i dijelova koji su pali u more nastala su druga bi\u0107a, me\u0111u njima, prema jednoj <span class=\"iwg-fachbegriff\" data-tooltip=\"Preno\u0161enje znanja i pripovijesti kroz generacije.\" tabindex=\"0\">predaji<\/span>, Afrodita, kao i Erinije i Giganti.<\/p><p>Tim udarcem Kron je postao vladar svijeta. Uzeo je za \u017eene svoju sestru Reju i s njom rodio niz djece koja su postala prva generacija olimpijskih bogova.<\/p><p>Ali Uran i Gaja prorekli su Kronu da \u0107e i njega jednoga dana sru\u0161iti vlastiti sin. Da bi izbjegao to proro\u010danstvo, Kron je pro\u017edirao svako svoje dijete odmah nakon ro\u0111enja: Hestiju, Demetru, Heru, Hada i Posejdona.<\/p><p>Kad je trebalo roditi \u0161esto dijete, Zeusa, Reja je smislila prijevaru. Tajno je rodila dojen\u010de na Kreti i umjesto djeteta dala Kronu kamen umotan u pelene, koji je on nesvjesno progutao. Zeus je rastao skriven.<\/p><p>Kad je odrastao, natjerao je Krona da povrati pro\u017edrutu bra\u0107u i sestre, prvo kamen, zatim bogove. Slijedio je veliki rat izme\u0111u Titana pod Kronom i mla\u0111ih bogova pod <a href=\"https:\/\/iwell-guard.com\/hr\/zeus\/\">Zeusom<\/a>, Titanomahija.<\/p><p>Rat je zavr\u0161io pobjedom Olimpljana. Pora\u017eeni Titani su prognani u Tartar, najdublje podru\u010dje podzemnog svijeta.<\/p><p>O kasnijoj sudbini Krona postoje razli\u010dite predaje. Prema jednoj verziji, on ostaje zato\u010den u Tartaru.<\/p><p>Prema drugoj, bla\u017eoj tradiciji, nakon pomirenja postaje vladar Otoka bla\u017eenih, gdje pravedni mrtvi vode sretan \u017eivot. Ova druga linija povezuje se s predod\u017ebom o Zlatnom dobu, koje je prema predaji vladalo pod njegovom vla\u0161\u0107u.<\/p>\t\t\t\t\t\t\t\t<\/div>\n\t\t\t\t\t<\/div>\n\t\t\t\t<\/div>\n\t\t<div class=\"elementor-element elementor-element-iwgw-kronos-s4 e-flex e-con-boxed e-con e-parent\" data-id=\"iwgw-kronos-s4\" data-element_type=\"container\" data-e-type=\"container\">\n\t\t\t\t\t<div class=\"e-con-inner\">\n\t\t\t\t<div class=\"elementor-element elementor-element-iwgw-kronos-s4h elementor-widget elementor-widget-heading\" data-id=\"iwgw-kronos-s4h\" data-element_type=\"widget\" data-e-type=\"widget\" data-widget_type=\"heading.default\">\n\t\t\t\t\t<h2 class=\"elementor-heading-title elementor-size-default\">Kult i \u0161tovanje<\/h2>\t\t\t\t<\/div>\n\t\t\t\t<div class=\"elementor-element elementor-element-iwgw-kronos-s4t elementor-widget elementor-widget-text-editor\" data-id=\"iwgw-kronos-s4t\" data-element_type=\"widget\" data-e-type=\"widget\" data-widget_type=\"text-editor.default\">\n\t\t\t\t\t\t\t\t\t<p>U usporedbi s olimpijskim bogovima, <span class=\"iwg-fachbegriff\" data-tooltip=\"Cjelina religijskih obreda \u0161tovanja posve\u0107enih bo\u017eanstvu ili svetom bi\u0107u.\" tabindex=\"0\">kult<\/span> Krona u Gr\u010dkoj bio je manjeg obujma, ali postojao je. Najva\u017eniji blagdan posve\u0107en njemu bile su Kronije, koje su se slavile u Ateni i drugim mjestima.<\/p><p>Padale su u vrijeme nakon \u017eetve i imale su osobit karakter: tog dana dru\u0161tveni poredak privremeno je bio ukinut ili opu\u0161ten. Gospodari i robovi zajedno su sudjelovali u obroku, a na nekim mjestima gospodari su slu\u017eili svoje robove.<\/p><p>Religioznoznanstveno gledano, ovo obredno preokretanje od velike je va\u017enosti. Blagdan je na ograni\u010deno vrijeme obnavljao stanje Zlatnog doba, u kojem prema <span class=\"iwg-fachbegriff\" data-tooltip=\"Predaja koja pripovijeda o bogovima, podrijetlu i poretku svijeta.\" tabindex=\"0\">mitu<\/span> nije bilo vladavine, muke niti dru\u0161tvenih razlika.<\/p><p>Blagdan je stoga bio obredno sje\u0107anje na izgubljeno prvobitno doba jednakosti. Rimske Saturnalije, blagdan Saturna koji se izjedna\u010davao s Kronom, imale su isti karakter i slavile su se jo\u0161 izra\u017eenije.<\/p><p>Sveti\u0161ta Krona potvr\u0111ena su na vi\u0161e mjesta, me\u0111u njima u Olimpiji, gdje je brdo iznad <span class=\"iwg-fachbegriff\" data-tooltip=\"Sveto mjesto posve\u0107eno \u0161tovanju bo\u017eanstva.\" tabindex=\"0\">sveti\u0161ta<\/span> nosilo ime tog Titana. U Ateni je postojalo zajedni\u010dko okru\u017eje za Krona i Reju.<\/p><p><span class=\"iwg-fachbegriff\" data-tooltip=\"Cjelina religijskih obreda \u0161tovanja posve\u0107enih bo\u017eanstvu ili svetom bi\u0107u.\" tabindex=\"0\">Kult<\/span> je pritom ostao u sjeni velikih olimpijskih bo\u017eanstava. Kron je bio <span class=\"iwg-fachbegriff\" data-tooltip=\"Bi\u0107e \u0161tovano kao bo\u017eansko unutar neke religije.\" tabindex=\"0\">bo\u017eanstvo<\/span> pro\u0161losti, svrgnutog svjetskog poretka, a taj status ogledao se u ograni\u010denoj, ali zna\u010dajnoj kultnoj prisutnosti.<\/p>\t\t\t\t\t\t\t\t<\/div>\n\t\t\t\t\t<\/div>\n\t\t\t\t<\/div>\n\t\t<div class=\"elementor-element elementor-element-iwgw-kronos-s5 e-flex e-con-boxed e-con e-parent\" data-id=\"iwgw-kronos-s5\" data-element_type=\"container\" data-e-type=\"container\">\n\t\t\t\t\t<div class=\"e-con-inner\">\n\t\t\t\t<div class=\"elementor-element elementor-element-iwgw-kronos-s5h elementor-widget elementor-widget-heading\" data-id=\"iwgw-kronos-s5h\" data-element_type=\"widget\" data-e-type=\"widget\" data-widget_type=\"heading.default\">\n\t\t\t\t\t<h2 class=\"elementor-heading-title elementor-size-default\">Za\u0161titna praksa i apotropejski elementi<\/h2>\t\t\t\t<\/div>\n\t\t\t\t<div class=\"elementor-element elementor-element-iwgw-kronos-s5t elementor-widget elementor-widget-text-editor\" data-id=\"iwgw-kronos-s5t\" data-element_type=\"widget\" data-e-type=\"widget\" data-widget_type=\"text-editor.default\">\n\t\t\t\t\t\t\t\t\t<p>Kronos nije bio lik protiv kojeg je postojala izra\u017eena praksa odbrane, kakva je postojala protiv demona ili zlih duhova. Kao svrgnuti titan izgnan u Tartar, bio je uklonjen iz aktivnog djelovanja u svijetu. Prava apotropejska praksa protiv Kronosa nije zabilje\u017eena.<\/p><p>Ipak, lik Kronosa nosio je zlokobnu, prijete\u0107u komponentu koja je nastavila djelovati u zami\u0161ljanju. Otac koji pro\u017edire vlastitu djecu bio je slika strave.<\/p><p>U kasnijem tuma\u010denju, prije svega rimskom i kasnoanti\u010dkom, u kojem je Kronos izjedna\u010den s Hronosom, vremenom, ta strana dobila je na te\u017eini: vrijeme, koje sve stvara i sve iznova uni\u0161tava, postalo je simboli\u010dki izraz prolaznosti. To tuma\u010denje bilo je pak filozofsko i knji\u017eevno, a ne kultno.<\/p><p>U ritualnom podru\u010dju prije se mo\u017ee uo\u010diti suprotnost obrani. Svetkovina Kronija nije bila usmjerena na to da se titan udalji, nego na to da se njegovo doba, Zlatno doba, privremeno vrati. Sve\u010dano opu\u0161tanje poretka bilo je kontrolirano pribli\u017eavanje podru\u010dju Kronosa.<\/p><p>Gdje su apotropejske predod\u017ebe povezivane sa Saturnom, na primjer u kasnoanti\u010dkoj astrologiji u kojoj se planet Saturn smatrao zlokobnim, radi se o razvoju koji daleko prelazi gr\u010dkog Kronosa i pripada rimsko-orijentalnom tuma\u010denju zvijezda.<\/p>\t\t\t\t\t\t\t\t<\/div>\n\t\t\t\t\t<\/div>\n\t\t\t\t<\/div>\n\t\t<div class=\"elementor-element elementor-element-iwgw-kronos-s6 e-flex e-con-boxed e-con e-parent\" data-id=\"iwgw-kronos-s6\" data-element_type=\"container\" data-e-type=\"container\">\n\t\t\t\t\t<div class=\"e-con-inner\">\n\t\t\t\t<div class=\"elementor-element elementor-element-iwgw-kronos-s6h elementor-widget elementor-widget-heading\" data-id=\"iwgw-kronos-s6h\" data-element_type=\"widget\" data-e-type=\"widget\" data-widget_type=\"heading.default\">\n\t\t\t\t\t<h2 class=\"elementor-heading-title elementor-size-default\">Paralele u drugim kulturama<\/h2>\t\t\t\t<\/div>\n\t\t\t\t<div class=\"elementor-element elementor-element-iwgw-kronos-s6t elementor-widget elementor-widget-text-editor\" data-id=\"iwgw-kronos-s6t\" data-element_type=\"widget\" data-e-type=\"widget\" data-widget_type=\"text-editor.default\">\n\t\t\t\t\t\t\t\t\t<p><span class=\"iwg-fachbegriff\" data-tooltip=\"Predana pri\u010da o bogovima, izvorima i poretku svijeta.\" tabindex=\"0\">Mit<\/span> o padu boga neba i o slijedu vladara svijeta ima blisku paralelu u kulturama starog Bliskog istoka i Male Azije. Poredbena znanost je od dvadesetog stolje\u0107a otkrila dalekose\u017ene povezanosti u tom pogledu.<\/p><p>Najjasniju usporedbu nudi hetitski <span class=\"iwg-fachbegriff\" data-tooltip=\"Predana pri\u010da o bogovima, izvorima i poretku svijeta.\" tabindex=\"0\">mit<\/span> o kraljevstvu na nebu, sa\u010duvan na klinopisnim plo\u010dicama iz Male Azije. Tamo bog Kumarbi kastrira svog prethodnika Anua ujedom, a njega samog svrgava kasnija generacija bogova.<\/p><p>Podudarnost s pripovijesti o Kronosu, u slijedu generacija vladara i u <span class=\"iwg-fachbegriff\" data-tooltip=\"Ponavljaju\u0107i sadr\u017eajni element u umjetnosti ili pripovijesti.\" tabindex=\"0\">motivu<\/span> kastracije, smatra se toliko bliskom da se op\u0107e pretpostavlja povijesna veza, preuzimanje ili zajedni\u010dko isto\u010dno naslije\u0111e.<\/p><p>I u babilonskom stvarala\u010dkom epu postoji slijed generacija bogova sa nasilnim promjenama vlasti. U nordijskoj <span class=\"iwg-fachbegriff\" data-tooltip=\"Sveukupnost predanih pri\u010da o bogovima jedne kulture.\" tabindex=\"0\">mitologiji<\/span> sukob izme\u0111u prastarih velikana i mla\u0111ih bogova stoji u dalekoj tematskoj srodnosti.<\/p><p><span class=\"iwg-fachbegriff\" data-tooltip=\"Ponavljaju\u0107i sadr\u017eajni element u umjetnosti ili pripovijesti.\" tabindex=\"0\">Motiv<\/span> Zlatnog doba, bezbri\u017enog prapo\u010detnog vremena pod dobrostivim vladarom, poznat je u mnogim kulturama, od staroisto\u010dne predod\u017ebe rajskog prapo\u010detnog stanja do indijskih predod\u017eaba o svjetskim dobima.<\/p><p>Kronos tako povezuje dva \u0161iroko rasprostranjena motivska kruga: nasilan slijed bogova i izgubljeno prapo\u010detno doba bla\u017eenstva. Znanost u gr\u010dkoj teogoniji vidi samostalnu obradu gra\u0111e koja u velikoj mjeri potje\u010de s Bliskog istoka.<\/p>\t\t\t\t\t\t\t\t<\/div>\n\t\t\t\t\t<\/div>\n\t\t\t\t<\/div>\n\t\t<div class=\"elementor-element elementor-element-iwgw-kronos-s7 e-flex e-con-boxed e-con e-parent\" data-id=\"iwgw-kronos-s7\" data-element_type=\"container\" data-e-type=\"container\">\n\t\t\t\t\t<div class=\"e-con-inner\">\n\t\t\t\t<div class=\"elementor-element elementor-element-iwgw-kronos-s7h elementor-widget elementor-widget-heading\" data-id=\"iwgw-kronos-s7h\" data-element_type=\"widget\" data-e-type=\"widget\" data-widget_type=\"heading.default\">\n\t\t\t\t\t<h2 class=\"elementor-heading-title elementor-size-default\">Suvremena recepcija i istra\u017eivanja<\/h2>\t\t\t\t<\/div>\n\t\t\t\t<div class=\"elementor-element elementor-element-iwgw-kronos-s7t elementor-widget elementor-widget-text-editor\" data-id=\"iwgw-kronos-s7t\" data-element_type=\"widget\" data-e-type=\"widget\" data-widget_type=\"text-editor.default\">\n\t\t\t\t\t\t\t\t\t<p>Kronos je prisutan do danas prije svega kroz dva pravca djelovanja. Prvi je izjedna\u010davanje s vremenom. Kroz <span class=\"iwg-fachbegriff\" data-tooltip=\"Razdoblje gr\u010dke i rimske kulture, otprilike od 800. pr. Kr. do 600. po. Kr.\" tabindex=\"0\">anti\u010dku<\/span> spekulaciju, srednjovjekovnu alegoriju i umjetnost novog vijeka nastao je lik starog Oca Vremena sa srpom i pje\u0161\u010danim satom, spoj Kronosa, Hronosa i Saturna.<\/p><p>Drugi pravac je slika titana koji pro\u017edire djecu, koja je u likovnoj umjetnosti novog vijeka dobila sna\u017ene oblike i postala ustaljeni <span class=\"iwg-fachbegriff\" data-tooltip=\"Ponavljaju\u0107i sadr\u017eajni element u umjetnosti ili pripovijesti.\" tabindex=\"0\">motiv<\/span> europske povijesti umjetnosti.<\/p><p>U popularnoj kulturi Kronos se \u010desto pojavljuje, uglavnom u ulozi svemo\u0107nog, prijete\u0107eg prabo\u017eanstva, \u010desto spojen s obilje\u017ejima drugih titana ili pomije\u0161an s imenom Hronos. I izraz saturnalije u\u0161ao je u op\u0107i jezik kao naziv za razuzdanu svetkovinu.<\/p><p>Znanstvena istra\u017eivanja obradila su Kronosa na vi\u0161e razina. U sredi\u0161tu je dugo vremena pitanje o isto\u010dnim korijenima mitologije o slijedu vladara.<\/p><p>Martin Litchfield West i drugi razradili su veze s hetitskom i babilonskom <span class=\"iwg-fachbegriff\" data-tooltip=\"Preno\u0161enje znanja i pri\u010da kroz generacije.\" tabindex=\"0\">predajom<\/span>. Uz to stoji istra\u017eivanje Kronosovog kulta i svetkovine Kronija, koja je kao primjer ritualnog obrata izazvala veliko zanimanje.<\/p><p>Walter Burkert smjestio je Kronosa u okvir gr\u010dke povijesti religije, Fritz Graf u istra\u017eivanje mitova, a Timothy Gantz je sabrao izvore. Kronos ostaje klju\u010dan primjer toga kako su Grci promi\u0161ljali o podrijetlu svijeta, o postanku poretka i o izgubljenom boljem vremenu.<\/p>\t\t\t\t\t\t\t\t<\/div>\n\t\t\t\t\t<\/div>\n\t\t\t\t<\/div>\n\t\t<div class=\"elementor-element elementor-element-iwgw-kronos-lit e-flex e-con-boxed e-con e-parent\" data-id=\"iwgw-kronos-lit\" data-element_type=\"container\" data-e-type=\"container\">\n\t\t\t\t\t<div class=\"e-con-inner\">\n\t\t\t\t<div class=\"elementor-element elementor-element-iwgw-kronos-lith elementor-widget elementor-widget-heading\" data-id=\"iwgw-kronos-lith\" data-element_type=\"widget\" data-e-type=\"widget\" data-widget_type=\"heading.default\">\n\t\t\t\t\t<h2 class=\"elementor-heading-title elementor-size-default\">Literatura (izbor)<\/h2>\t\t\t\t<\/div>\n\t\t\t\t<div class=\"elementor-element elementor-element-iwgw-kronos-litt elementor-widget elementor-widget-text-editor\" data-id=\"iwgw-kronos-litt\" data-element_type=\"widget\" data-e-type=\"widget\" data-widget_type=\"text-editor.default\">\n\t\t\t\t\t\t\t\t\t<ul><li>Martin Litchfield West: <em>The East Face of Helicon. West Asiatic Elements in Greek Poetry and Myth<\/em> (1997)<\/li><li>Walter Burkert: <em>Griechische Religion der archaischen und klassischen Epoche<\/em> (1977)<\/li><li>Martin Persson Nilsson: <em>Geschichte der griechischen Religion<\/em> (1941\u20131950)<\/li><li>Timothy Gantz: <em>Early Greek Myth. A Guide to Literary and Artistic Sources<\/em> (1993)<\/li><li>Fritz Graf: <em>Griechische <span class=\"iwg-fachbegriff\" data-tooltip=\"Sveukupnost predanih pri\u010da o bogovima jedne kulture.\" tabindex=\"0\">Mythologie<\/span>. Eine Einf\u00fchrung<\/em> (1985)<\/li><li>Walter Burkert: <em>Die orientalisierende Epoche in der griechischen Religion und Literatur<\/em> (1984)<\/li><\/ul>\t\t\t\t\t\t\t\t<\/div>\n\t\t\t\t\t<\/div>\n\t\t\t\t<\/div>\n\t\t<div class=\"elementor-element elementor-element-iwgw-kronos-kwd e-flex e-con-boxed e-con e-parent\" data-id=\"iwgw-kronos-kwd\" data-element_type=\"container\" data-e-type=\"container\">\n\t\t\t\t\t<div class=\"e-con-inner\">\n\t\t\t\t<div class=\"elementor-element elementor-element-iwgw-kronos-kwdt elementor-widget elementor-widget-text-editor\" data-id=\"iwgw-kronos-kwdt\" data-element_type=\"widget\" data-e-type=\"widget\" data-widget_type=\"text-editor.default\">\n\t\t\t\t\t\t\t\t\t<p><em>Povezani klju\u010dni pojmovi: Kronos, titan, Zeus, Reja, Uran, titanomahija, Zlatno doba, Tartar.<\/em><\/p>\t\t\t\t\t\t\t\t<\/div>\n\t\t\t\t\t<\/div>\n\t\t\t\t<\/div>\n\t\t<div class=\"elementor-element elementor-element-iwgw-kronos-cc e-flex e-con-boxed e-con e-parent\" data-id=\"iwgw-kronos-cc\" data-element_type=\"container\" data-e-type=\"container\" id=\"iwg-cc-kronos\">\n\t\t\t\t\t<div class=\"e-con-inner\">\n\t\t<div class=\"elementor-element elementor-element-iwgw-kronos-ccinner e-flex e-con-boxed e-con e-parent\" data-id=\"iwgw-kronos-ccinner\" data-element_type=\"container\" data-e-type=\"container\" data-settings=\"{&quot;background_background&quot;:&quot;classic&quot;}\">\n\t\t\t\t\t<div class=\"e-con-inner\">\n\t\t\t\t<div class=\"elementor-element elementor-element-iwgw-kronos-cch elementor-widget elementor-widget-heading\" data-id=\"iwgw-kronos-cch\" data-element_type=\"widget\" data-e-type=\"widget\" data-widget_type=\"heading.default\">\n\t\t\t\t\t<h2 class=\"elementor-heading-title elementor-size-default\">iWell Guard i tradicije za\u0161tite<\/h2>\t\t\t\t<\/div>\n\t\t\t\t<div class=\"elementor-element elementor-element-iwgw-kronos-cct elementor-widget elementor-widget-text-editor\" data-id=\"iwgw-kronos-cct\" data-element_type=\"widget\" data-e-type=\"widget\" data-widget_type=\"text-editor.default\">\n\t\t\t\t\t\t\t\t\t<div data-nosnippet=\"true\"><p>iWell Guard nastavlja kulturno-povijesnu tradiciju nosivih za\u0161titnih predmeta, u tradiciji <a href=\"https:\/\/iwell-guard.com\/hr\/grcka\/\">Gr\u010dke<\/a> i mnogih drugih kultura po cijelome svijetu. 41 razina, pravo zlato, platina, srebro, izra\u0111eno u Njema\u010dkoj. 30-dnevno pravo povrata.<\/p><\/div>\t\t\t\t\t\t\t\t<\/div>\n\t\t\t\t<div class=\"elementor-element elementor-element-iwgw-kronos-ccb iwg-cc-button iwg-cc-cta-2026-05-13 elementor-widget elementor-widget-jet-button\" data-id=\"iwgw-kronos-ccb\" data-element_type=\"widget\" data-e-type=\"widget\" data-widget_type=\"jet-button.default\">\n\t\t\t\t<div class=\"elementor-widget-container\">\n\t\t\t\t\t<div class=\"elementor-jet-button jet-elements\"><div class=\"jet-button__container\"><a class=\"jet-button__instance jet-button__instance--icon-left hover-effect-1\" href=\"\/ueber-iwell-guard\/?utm_source=iwell-guard.com&amp;utm_medium=info-box&amp;utm_campaign=wesen-tradition\"><div class=\"jet-button__plane jet-button__plane-normal\"><\/div><div class=\"jet-button__plane jet-button__plane-hover\"><\/div><div class=\"jet-button__state jet-button__state-normal\"><span class=\"jet-button__label\">Vi\u0161e o iWell Guardu<\/span><\/div><div class=\"jet-button__state jet-button__state-hover\"><span class=\"jet-button__label\">Vi\u0161e o iWell Guardu<\/span><\/div><\/a><\/div><\/div><style>.elementor-element.elementor-element-iwgw-kronos-ccb .jet-button__instance{width:320px;height:56px;}.elementor-element.elementor-element-iwgw-kronos-ccb .jet-button__state-normal .jet-button__label{text-align:center;margin:0px 0px 0px 0px;color:#1a1b20;font-family:Montserrat,sans-serif;font-size:13px;font-weight:400;letter-spacing:4px;line-height:1.714em;text-transform:uppercase;}.elementor-element.elementor-element-iwgw-kronos-ccb .jet-button__state-hover .jet-button__label{text-align:center;margin:0px 0px 0px 0px;color:#FECC76;font-family:Montserrat,sans-serif;font-size:13px;font-weight:400;letter-spacing:4px;line-height:1.714em;text-transform:uppercase;}.elementor-element.elementor-element-iwgw-kronos-ccb .jet-button__plane-normal{background-color:#FECC76;border-style:solid;border-color:#C99540;border-width:2px 2px 2px 2px;}.elementor-element.elementor-element-iwgw-kronos-ccb .jet-button__plane-hover{background-color:rgba(0,0,0,0.55);border-style:solid;border-color:#FECC76;border-width:2px 2px 2px 2px;}<\/style>\t\t\t\t<\/div>\n\t\t\t\t<\/div>\n\t\t\t\t<div class=\"elementor-element elementor-element-iwgw-kronos-ccd elementor-widget elementor-widget-text-editor\" data-id=\"iwgw-kronos-ccd\" data-element_type=\"widget\" data-e-type=\"widget\" data-widget_type=\"text-editor.default\">\n\t\t\t\t\t\t\t\t\t<div data-nosnippet=\"true\"><p style=\"text-align:center;font-size:13px;opacity:0.7;margin-top:14px\" data-nosnippet=\"true\">Osobna iskustva mogu se razlikovati. Nije medicinski proizvod. Nema obe\u0107anja izlje\u010denja.<\/p><\/div>\t\t\t\t\t\t\t\t<\/div>\n\t\t\t\t\t<\/div>\n\t\t\t\t<\/div>\n\t\t\t\t\t<\/div>\n\t\t\t\t<\/div>\n\t\t<div class=\"elementor-element elementor-element-iwgw-kronos-disc e-flex e-con-boxed e-con e-parent\" data-id=\"iwgw-kronos-disc\" data-element_type=\"container\" data-e-type=\"container\">\n\t\t\t\t\t<div class=\"e-con-inner\">\n\t\t\t\t<div class=\"elementor-element elementor-element-iwgw-kronos-discw elementor-widget elementor-widget-html\" data-id=\"iwgw-kronos-discw\" data-element_type=\"widget\" data-e-type=\"widget\" data-widget_type=\"html.default\">\n\t\t\t\t\t<footer data-nosnippet=\"true\" class=\"iwg-disclaimer-block\"><p data-nosnippet=\"true\">iWell Guard <strong>nije medicinski proizvod<\/strong> i ne zamjenjuje lije\u010dni\u010dko ili psihoterapeutsko lije\u010denje. Religijsko-znanstveni sadr\u017eaji predstavljaju kulturno-povijesnu interpretaciju, a ne preporuku duhovne prakse.<\/p><\/footer>\t\t\t\t<\/div>\n\t\t\t\t\t<\/div>\n\t\t\t\t<\/div>\n\t\t\t\t<\/div>\n\t\t","protected":false},"excerpt":{"rendered":"","protected":false},"author":3,"featured_media":3374,"parent":0,"menu_order":0,"comment_status":"closed","ping_status":"closed","template":"elementor_header_footer","meta":{"_yoast_wpseo_focuskw":"Kronos titan","_yoast_wpseo_title":"Kronos \u2013 titan i otac Zeusa","_yoast_wpseo_metadesc":"Kronos, titan gr\u010dke mitologije, otac Zeusa i vladar Zlatnog doba.","_yoast_wpseo_meta-robots-noindex":"","_yoast_wpseo_canonical":"","_angie_page":false,"gefaehrdungsstufe":"","wesen_kultur":"","wesen_klasse":"","footnotes":""},"categories":[],"class_list":["post-149768","page","type-page","status-publish","has-post-thumbnail","hentry"],"yoast_head":"<!-- This site is optimized with the Yoast SEO Premium plugin v27.7 (Yoast SEO v28.3) - https:\/\/yoast.com\/product\/yoast-seo-premium-wordpress\/ -->\n<title>Kronos \u2013 titan i otac Zeusa<\/title>\n<meta name=\"description\" content=\"Kronos, titan gr\u010dke mitologije, otac Zeusa i vladar Zlatnog doba.\" \/>\n<meta name=\"robots\" content=\"index, follow, max-snippet:-1, max-image-preview:large, max-video-preview:-1\" \/>\n<link rel=\"canonical\" href=\"https:\/\/iwell-guard.com\/hr\/kronos-titan-vladar-zlatnog-doba\/\" \/>\n<meta property=\"og:locale\" content=\"hr_HR\" \/>\n<meta property=\"og:type\" content=\"article\" \/>\n<meta property=\"og:title\" content=\"Kronos \u2013 titan i vladar Zlatnog doba\" \/>\n<meta property=\"og:description\" content=\"Kronos, titan gr\u010dke mitologije, otac Zeusa i vladar Zlatnog doba.\" \/>\n<meta property=\"og:url\" content=\"https:\/\/iwell-guard.com\/hr\/kronos-titan-vladar-zlatnog-doba\/\" \/>\n<meta property=\"og:site_name\" content=\"iWell Guard\" \/>\n<meta property=\"article:modified_time\" content=\"2026-09-04T05:31:45+00:00\" \/>\n<meta property=\"og:image\" content=\"https:\/\/iwell-guard.com\/wp-content\/uploads\/2026\/05\/goetter_griechenland_kronos.webp\" \/>\n\t<meta property=\"og:image:width\" content=\"1024\" \/>\n\t<meta property=\"og:image:height\" content=\"1536\" \/>\n\t<meta property=\"og:image:type\" content=\"image\/webp\" \/>\n<meta name=\"twitter:card\" content=\"summary_large_image\" \/>\n<script type=\"application\/ld+json\" class=\"yoast-schema-graph\">{\"@context\":\"https:\\\/\\\/schema.org\",\"@graph\":[{\"@type\":\"WebPage\",\"@id\":\"https:\\\/\\\/iwell-guard.com\\\/hr\\\/kronos-titan-vladar-zlatnog-doba\\\/\",\"url\":\"https:\\\/\\\/iwell-guard.com\\\/hr\\\/kronos-titan-vladar-zlatnog-doba\\\/\",\"name\":\"Kronos \u2013 titan i otac Zeusa\",\"isPartOf\":{\"@id\":\"https:\\\/\\\/iwell-guard.com\\\/hr\\\/#website\"},\"primaryImageOfPage\":{\"@id\":\"https:\\\/\\\/iwell-guard.com\\\/hr\\\/kronos-titan-vladar-zlatnog-doba\\\/#primaryimage\"},\"image\":{\"@id\":\"https:\\\/\\\/iwell-guard.com\\\/hr\\\/kronos-titan-vladar-zlatnog-doba\\\/#primaryimage\"},\"thumbnailUrl\":\"https:\\\/\\\/iwell-guard.com\\\/wp-content\\\/uploads\\\/2026\\\/05\\\/goetter_griechenland_kronos.webp\",\"datePublished\":\"2026-09-04T05:13:20+00:00\",\"dateModified\":\"2026-09-04T05:31:45+00:00\",\"description\":\"Kronos, titan gr\u010dke mitologije, otac Zeusa i vladar Zlatnog doba.\",\"breadcrumb\":{\"@id\":\"https:\\\/\\\/iwell-guard.com\\\/hr\\\/kronos-titan-vladar-zlatnog-doba\\\/#breadcrumb\"},\"inLanguage\":\"hr\",\"potentialAction\":[{\"@type\":\"ReadAction\",\"target\":[\"https:\\\/\\\/iwell-guard.com\\\/hr\\\/kronos-titan-vladar-zlatnog-doba\\\/\"]}]},{\"@type\":\"ImageObject\",\"inLanguage\":\"hr\",\"@id\":\"https:\\\/\\\/iwell-guard.com\\\/hr\\\/kronos-titan-vladar-zlatnog-doba\\\/#primaryimage\",\"url\":\"https:\\\/\\\/iwell-guard.com\\\/wp-content\\\/uploads\\\/2026\\\/05\\\/goetter_griechenland_kronos.webp\",\"contentUrl\":\"https:\\\/\\\/iwell-guard.com\\\/wp-content\\\/uploads\\\/2026\\\/05\\\/goetter_griechenland_kronos.webp\",\"width\":1024,\"height\":1536,\"caption\":\"Bogovi iz gr\u010dke tradicije.\"},{\"@type\":\"BreadcrumbList\",\"@id\":\"https:\\\/\\\/iwell-guard.com\\\/hr\\\/kronos-titan-vladar-zlatnog-doba\\\/#breadcrumb\",\"itemListElement\":[{\"@type\":\"ListItem\",\"position\":1,\"name\":\"Start\",\"item\":\"https:\\\/\\\/iwell-guard.com\\\/hr\\\/?page_id=149317\"},{\"@type\":\"ListItem\",\"position\":2,\"name\":\"Kronos \u2013 titan i vladar Zlatnog doba\"}]},{\"@type\":\"WebSite\",\"@id\":\"https:\\\/\\\/iwell-guard.com\\\/hr\\\/#website\",\"url\":\"https:\\\/\\\/iwell-guard.com\\\/hr\\\/\",\"name\":\"iWell Guard\",\"description\":\"Schutz vor dunklen Einfl\u00fcssen\",\"publisher\":{\"@id\":\"https:\\\/\\\/iwell-guard.com\\\/hr\\\/#organization\"},\"potentialAction\":[{\"@type\":\"SearchAction\",\"target\":{\"@type\":\"EntryPoint\",\"urlTemplate\":\"https:\\\/\\\/iwell-guard.com\\\/hr\\\/?s={search_term_string}\"},\"query-input\":{\"@type\":\"PropertyValueSpecification\",\"valueRequired\":true,\"valueName\":\"search_term_string\"}}],\"inLanguage\":\"hr\"},{\"@type\":\"Organization\",\"@id\":\"https:\\\/\\\/iwell-guard.com\\\/hr\\\/#organization\",\"name\":\"Ittermann electronic GmbH\",\"url\":\"https:\\\/\\\/iwell-guard.com\\\/hr\\\/\",\"logo\":{\"@type\":\"ImageObject\",\"inLanguage\":\"hr\",\"@id\":\"https:\\\/\\\/iwell-guard.com\\\/hr\\\/#\\\/schema\\\/logo\\\/image\\\/\",\"url\":\"https:\\\/\\\/iwell-guard.com\\\/wp-content\\\/uploads\\\/2026\\\/05\\\/Ittermann-Logo-1182x237-1.png\",\"contentUrl\":\"https:\\\/\\\/iwell-guard.com\\\/wp-content\\\/uploads\\\/2026\\\/05\\\/Ittermann-Logo-1182x237-1.png\",\"width\":1182,\"height\":237,\"caption\":\"Ittermann electronic GmbH\"},\"image\":{\"@id\":\"https:\\\/\\\/iwell-guard.com\\\/hr\\\/#\\\/schema\\\/logo\\\/image\\\/\"},\"sameAs\":[\"https:\\\/\\\/pantip.com\\\/profile\\\/9367242\",\"https:\\\/\\\/micro.blog\\\/iwellguard\",\"https:\\\/\\\/www.diggerslist.com\\\/iwellguard\\\/about\",\"https:\\\/\\\/skitterphoto.com\\\/photographers\\\/2870314\\\/iwell-guard\",\"https:\\\/\\\/iwellguard.wordpress.com\\\/2026\\\/06\\\/06\\\/iwell-guard\\\/\",\"https:\\\/\\\/hub.docker.com\\\/u\\\/iwellguard\",\"https:\\\/\\\/www.pinterest.com\\\/iwellguard\\\/\",\"https:\\\/\\\/bit.ly\\\/m\\\/iwellguard\",\"https:\\\/\\\/entre-vos-mains.alsace.eu\\\/profiles\\\/iwellguard\\\/activity\",\"https:\\\/\\\/gravatar.com\\\/reallybeded8fd34\",\"https:\\\/\\\/naijamatta.com\\\/iwellguard\",\"https:\\\/\\\/www.goodreads.com\\\/iwellguard\",\"https:\\\/\\\/profile.hatena.ne.jp\\\/iwellguard\\\/\",\"https:\\\/\\\/experiment.com\\\/users\\\/iwellguard\",\"https:\\\/\\\/wakelet.com\\\/@iWellGuard82270\",\"https:\\\/\\\/www.chordie.com\\\/forum\\\/profile.php?id=2555664\",\"https:\\\/\\\/www.instapaper.com\\\/p\\\/17757966\",\"https:\\\/\\\/www.mapleprimes.com\\\/users\\\/iwellguard\",\"https:\\\/\\\/businesslistingplus.com\\\/profile\\\/iwell-guard\\\/\",\"https:\\\/\\\/telegra.ph\\\/iWell-Guard-06-06\",\"https:\\\/\\\/pbase.com\\\/iwellguard\\\/iwellguard\",\"https:\\\/\\\/b.hatena.ne.jp\\\/iwellguard\\\/20260607#bookmark-4788405196491818882\",\"https:\\\/\\\/fliphtml5.com\\\/home\\\/iwellguard\",\"https:\\\/\\\/anyflip.com\\\/homepage\\\/cmiwl#About\",\"https:\\\/\\\/transfur.com\\\/Users\\\/iwellguard\",\"http:\\\/\\\/delphi.larsbo.org\\\/user\\\/iwellguard\",\"https:\\\/\\\/jobs.lajobsportal.org\\\/profiles\\\/8380803-iwell-guard\",\"https:\\\/\\\/md.chaosdorf.de\\\/s\\\/jfbe5SBdJD\",\"https:\\\/\\\/www.lingvolive.com\\\/en-us\\\/profile\\\/9ecaeaca-ce11-4e51-9e71-01d55e2bff36\\\/translations\",\"https:\\\/\\\/www.fitday.com\\\/fitness\\\/forums\\\/members\\\/iwellguard.html\",\"https:\\\/\\\/www.mymeetbook.com\\\/iwellguard\",\"https:\\\/\\\/pxhere.com\\\/en\\\/photographer-me\\\/5040798\",\"https:\\\/\\\/disqus.com\\\/by\\\/iwellguard\\\/about\\\/\",\"https:\\\/\\\/pastelink.net\\\/hjwciqwq\",\"https:\\\/\\\/pubhtml5.com\\\/homepage\\\/scjhn\\\/\",\"https:\\\/\\\/www.bitchute.com\\\/channel\\\/2O2eOKzNqujT\",\"https:\\\/\\\/audiomack.com\\\/iwellguard\"]}]}<\/script>\n<!-- \/ Yoast SEO Premium plugin. -->","yoast_head_json":{"title":"Kronos \u2013 titan i otac Zeusa","description":"Kronos, titan gr\u010dke mitologije, otac Zeusa i vladar Zlatnog doba.","robots":{"index":"index","follow":"follow","max-snippet":"max-snippet:-1","max-image-preview":"max-image-preview:large","max-video-preview":"max-video-preview:-1"},"canonical":"https:\/\/iwell-guard.com\/hr\/kronos-titan-vladar-zlatnog-doba\/","og_locale":"hr_HR","og_type":"article","og_title":"Kronos \u2013 titan i vladar Zlatnog doba","og_description":"Kronos, titan gr\u010dke mitologije, otac Zeusa i vladar Zlatnog doba.","og_url":"https:\/\/iwell-guard.com\/hr\/kronos-titan-vladar-zlatnog-doba\/","og_site_name":"iWell Guard","article_modified_time":"2026-09-04T05:31:45+00:00","og_image":[{"width":1024,"height":1536,"url":"https:\/\/iwell-guard.com\/wp-content\/uploads\/2026\/05\/goetter_griechenland_kronos.webp","type":"image\/webp"}],"twitter_card":"summary_large_image","schema":{"@context":"https:\/\/schema.org","@graph":[{"@type":"WebPage","@id":"https:\/\/iwell-guard.com\/hr\/kronos-titan-vladar-zlatnog-doba\/","url":"https:\/\/iwell-guard.com\/hr\/kronos-titan-vladar-zlatnog-doba\/","name":"Kronos \u2013 titan i otac Zeusa","isPartOf":{"@id":"https:\/\/iwell-guard.com\/hr\/#website"},"primaryImageOfPage":{"@id":"https:\/\/iwell-guard.com\/hr\/kronos-titan-vladar-zlatnog-doba\/#primaryimage"},"image":{"@id":"https:\/\/iwell-guard.com\/hr\/kronos-titan-vladar-zlatnog-doba\/#primaryimage"},"thumbnailUrl":"https:\/\/iwell-guard.com\/wp-content\/uploads\/2026\/05\/goetter_griechenland_kronos.webp","datePublished":"2026-09-04T05:13:20+00:00","dateModified":"2026-09-04T05:31:45+00:00","description":"Kronos, titan gr\u010dke mitologije, otac Zeusa i vladar Zlatnog doba.","breadcrumb":{"@id":"https:\/\/iwell-guard.com\/hr\/kronos-titan-vladar-zlatnog-doba\/#breadcrumb"},"inLanguage":"hr","potentialAction":[{"@type":"ReadAction","target":["https:\/\/iwell-guard.com\/hr\/kronos-titan-vladar-zlatnog-doba\/"]}]},{"@type":"ImageObject","inLanguage":"hr","@id":"https:\/\/iwell-guard.com\/hr\/kronos-titan-vladar-zlatnog-doba\/#primaryimage","url":"https:\/\/iwell-guard.com\/wp-content\/uploads\/2026\/05\/goetter_griechenland_kronos.webp","contentUrl":"https:\/\/iwell-guard.com\/wp-content\/uploads\/2026\/05\/goetter_griechenland_kronos.webp","width":1024,"height":1536,"caption":"Bogovi iz gr\u010dke tradicije."},{"@type":"BreadcrumbList","@id":"https:\/\/iwell-guard.com\/hr\/kronos-titan-vladar-zlatnog-doba\/#breadcrumb","itemListElement":[{"@type":"ListItem","position":1,"name":"Start","item":"https:\/\/iwell-guard.com\/hr\/?page_id=149317"},{"@type":"ListItem","position":2,"name":"Kronos \u2013 titan i vladar Zlatnog doba"}]},{"@type":"WebSite","@id":"https:\/\/iwell-guard.com\/hr\/#website","url":"https:\/\/iwell-guard.com\/hr\/","name":"iWell Guard","description":"Schutz vor dunklen Einfl\u00fcssen","publisher":{"@id":"https:\/\/iwell-guard.com\/hr\/#organization"},"potentialAction":[{"@type":"SearchAction","target":{"@type":"EntryPoint","urlTemplate":"https:\/\/iwell-guard.com\/hr\/?s={search_term_string}"},"query-input":{"@type":"PropertyValueSpecification","valueRequired":true,"valueName":"search_term_string"}}],"inLanguage":"hr"},{"@type":"Organization","@id":"https:\/\/iwell-guard.com\/hr\/#organization","name":"Ittermann electronic GmbH","url":"https:\/\/iwell-guard.com\/hr\/","logo":{"@type":"ImageObject","inLanguage":"hr","@id":"https:\/\/iwell-guard.com\/hr\/#\/schema\/logo\/image\/","url":"https:\/\/iwell-guard.com\/wp-content\/uploads\/2026\/05\/Ittermann-Logo-1182x237-1.png","contentUrl":"https:\/\/iwell-guard.com\/wp-content\/uploads\/2026\/05\/Ittermann-Logo-1182x237-1.png","width":1182,"height":237,"caption":"Ittermann electronic GmbH"},"image":{"@id":"https:\/\/iwell-guard.com\/hr\/#\/schema\/logo\/image\/"},"sameAs":["https:\/\/pantip.com\/profile\/9367242","https:\/\/micro.blog\/iwellguard","https:\/\/www.diggerslist.com\/iwellguard\/about","https:\/\/skitterphoto.com\/photographers\/2870314\/iwell-guard","https:\/\/iwellguard.wordpress.com\/2026\/06\/06\/iwell-guard\/","https:\/\/hub.docker.com\/u\/iwellguard","https:\/\/www.pinterest.com\/iwellguard\/","https:\/\/bit.ly\/m\/iwellguard","https:\/\/entre-vos-mains.alsace.eu\/profiles\/iwellguard\/activity","https:\/\/gravatar.com\/reallybeded8fd34","https:\/\/naijamatta.com\/iwellguard","https:\/\/www.goodreads.com\/iwellguard","https:\/\/profile.hatena.ne.jp\/iwellguard\/","https:\/\/experiment.com\/users\/iwellguard","https:\/\/wakelet.com\/@iWellGuard82270","https:\/\/www.chordie.com\/forum\/profile.php?id=2555664","https:\/\/www.instapaper.com\/p\/17757966","https:\/\/www.mapleprimes.com\/users\/iwellguard","https:\/\/businesslistingplus.com\/profile\/iwell-guard\/","https:\/\/telegra.ph\/iWell-Guard-06-06","https:\/\/pbase.com\/iwellguard\/iwellguard","https:\/\/b.hatena.ne.jp\/iwellguard\/20260607#bookmark-4788405196491818882","https:\/\/fliphtml5.com\/home\/iwellguard","https:\/\/anyflip.com\/homepage\/cmiwl#About","https:\/\/transfur.com\/Users\/iwellguard","http:\/\/delphi.larsbo.org\/user\/iwellguard","https:\/\/jobs.lajobsportal.org\/profiles\/8380803-iwell-guard","https:\/\/md.chaosdorf.de\/s\/jfbe5SBdJD","https:\/\/www.lingvolive.com\/en-us\/profile\/9ecaeaca-ce11-4e51-9e71-01d55e2bff36\/translations","https:\/\/www.fitday.com\/fitness\/forums\/members\/iwellguard.html","https:\/\/www.mymeetbook.com\/iwellguard","https:\/\/pxhere.com\/en\/photographer-me\/5040798","https:\/\/disqus.com\/by\/iwellguard\/about\/","https:\/\/pastelink.net\/hjwciqwq","https:\/\/pubhtml5.com\/homepage\/scjhn\/","https:\/\/www.bitchute.com\/channel\/2O2eOKzNqujT","https:\/\/audiomack.com\/iwellguard"]}]}},"_links":{"self":[{"href":"https:\/\/iwell-guard.com\/hr\/wp-json\/wp\/v2\/pages\/149768","targetHints":{"allow":["GET"]}}],"collection":[{"href":"https:\/\/iwell-guard.com\/hr\/wp-json\/wp\/v2\/pages"}],"about":[{"href":"https:\/\/iwell-guard.com\/hr\/wp-json\/wp\/v2\/types\/page"}],"author":[{"embeddable":true,"href":"https:\/\/iwell-guard.com\/hr\/wp-json\/wp\/v2\/users\/3"}],"replies":[{"embeddable":true,"href":"https:\/\/iwell-guard.com\/hr\/wp-json\/wp\/v2\/comments?post=149768"}],"version-history":[{"count":0,"href":"https:\/\/iwell-guard.com\/hr\/wp-json\/wp\/v2\/pages\/149768\/revisions"}],"wp:featuredmedia":[{"embeddable":true,"href":"https:\/\/iwell-guard.com\/hr\/wp-json\/wp\/v2\/media\/3374"}],"wp:attachment":[{"href":"https:\/\/iwell-guard.com\/hr\/wp-json\/wp\/v2\/media?parent=149768"}],"wp:term":[{"taxonomy":"category","embeddable":true,"href":"https:\/\/iwell-guard.com\/hr\/wp-json\/wp\/v2\/categories?post=149768"}],"curies":[{"name":"wp","href":"https:\/\/api.w.org\/{rel}","templated":true}]}}