{"id":149764,"date":"2026-09-04T05:13:18","date_gmt":"2026-09-04T05:13:18","guid":{"rendered":"https:\/\/iwell-guard.com\/?page_id=149764"},"modified":"2026-09-04T05:31:41","modified_gmt":"2026-09-04T05:31:41","slug":"ceres-rimska-bozica-zitarica-i-poljodjelstva","status":"publish","type":"page","link":"https:\/\/iwell-guard.com\/hr\/ceres-rimska-bozica-zitarica-i-poljodjelstva\/","title":{"rendered":"Ceres \u2013 rimska bo\u017eica \u017eitarica i poljodjelstva"},"content":{"rendered":"\t\t<div data-elementor-type=\"wp-page\" data-elementor-id=\"149764\" class=\"elementor elementor-149764 elementor-2914 elementor-bc-flex-widget\" data-elementor-post-type=\"page\">\n\t\t\t\t<div class=\"elementor-element elementor-element-hero4a1e70c e-flex e-con-boxed e-con e-parent\" data-id=\"hero4a1e70c\" data-element_type=\"container\" data-e-type=\"container\">\n\t\t\t\t\t<div class=\"e-con-inner\">\n\t\t\t\t<div class=\"elementor-element elementor-element-heroimg61869a4 iwg-hero-image elementor-widget elementor-widget-image\" data-id=\"heroimg61869a4\" data-element_type=\"widget\" data-e-type=\"widget\" data-widget_type=\"image.default\">\n\t\t\t\t\t\t\t\t\t\t\t\t\t\t\t<img fetchpriority=\"high\" decoding=\"async\" width=\"683\" height=\"1024\" src=\"https:\/\/iwell-guard.com\/wp-content\/uploads\/2026\/05\/goetter_rom_ceres-683x1024.webp\" class=\"attachment-large size-large wp-image-151385\" alt=\"Ceres - bo\u017eica iz rimske tradicije, povijesno-ilustrativno\" srcset=\"https:\/\/iwell-guard.com\/wp-content\/uploads\/2026\/05\/goetter_rom_ceres-683x1024.webp 683w, https:\/\/iwell-guard.com\/wp-content\/uploads\/2026\/05\/goetter_rom_ceres-200x300.webp 200w, https:\/\/iwell-guard.com\/wp-content\/uploads\/2026\/05\/goetter_rom_ceres-768x1152.webp 768w, https:\/\/iwell-guard.com\/wp-content\/uploads\/2026\/05\/goetter_rom_ceres.webp 1024w\" sizes=\"(max-width: 683px) 100vw, 683px\" \/>\t\t\t\t\t\t\t\t\t\t\t\t\t\t\t<\/div>\n\t\t\t\t\t<\/div>\n\t\t\t\t<\/div>\n\t\t<div class=\"elementor-element elementor-element-iwgw-ceres-hero e-flex e-con-boxed e-con e-parent\" data-id=\"iwgw-ceres-hero\" data-element_type=\"container\" data-e-type=\"container\">\n\t\t\t\t\t<div class=\"e-con-inner\">\n\t\t\t\t<div class=\"elementor-element elementor-element-iwgw-ceres-h1 elementor-widget elementor-widget-heading\" data-id=\"iwgw-ceres-h1\" data-element_type=\"widget\" data-e-type=\"widget\" data-widget_type=\"heading.default\">\n\t\t\t\t\t<h1 class=\"elementor-heading-title elementor-size-default\">Ceres \u2013 bo\u017eica \u017eitarica, poljodjelstva i plebsa<\/h1>\t\t\t\t<\/div>\n\t\t\t\t<div class=\"elementor-element elementor-element-iwgw-ceres-pills elementor-widget elementor-widget-html\" data-id=\"iwgw-ceres-pills\" data-element_type=\"widget\" data-e-type=\"widget\" data-widget_type=\"html.default\">\n\t\t\t\t\t<div class=\"iwg-pill-row\"><span class=\"iwg-klasse-badge\" tabindex=\"0\" data-tooltip=\"Bo\u017eica tradicije Rim.\">Bo\u017eica<\/span><a href=\"https:\/\/iwell-guard.com\/hr\/rim\/\" class=\"iwg-kultur-badge\" tabindex=\"0\" data-tooltip=\"Mitologija tradicije Rim.\">Rim<\/a><span class=\"iwg-tradition-badge\" tabindex=\"0\" data-tooltip=\"Bo\u017eanstvo plodnosti.\">Bo\u017eanstvo plodnosti<\/span><\/div>\t\t\t\t<\/div>\n\t\t\t\t<div class=\"elementor-element elementor-element-iwgw-ceres-lead elementor-widget elementor-widget-text-editor\" data-id=\"iwgw-ceres-lead\" data-element_type=\"widget\" data-e-type=\"widget\" data-widget_type=\"text-editor.default\">\n\t\t\t\t\t\t\t\t\t<p>Ceres je za Rimljane bila bo\u017eica \u017eitarica, poljodjelstva i rasta. Njezin <span class=\"iwg-fachbegriff\" data-tooltip=\"Ukupnost religijskih \u010dina \u0161tovanja posve\u0107enih nekom bo\u017eanstvu ili svetoj pojavi.\" tabindex=\"0\">kult<\/span> bio je tijesno povezan s opskrbom grada i s politi\u010dkom ulogom plebsa.<\/p>\t\t\t\t\t\t\t\t<\/div>\n\t\t\t\t\t<\/div>\n\t\t\t\t<\/div>\n\t\t<div class=\"elementor-element elementor-element-iwgw-ceres-s0 e-flex e-con-boxed e-con e-parent\" data-id=\"iwgw-ceres-s0\" data-element_type=\"container\" data-e-type=\"container\">\n\t\t\t\t\t<div class=\"e-con-inner\">\n\t\t\t\t<div class=\"elementor-element elementor-element-iwgw-ceres-s0h elementor-widget elementor-widget-heading\" data-id=\"iwgw-ceres-s0h\" data-element_type=\"widget\" data-e-type=\"widget\" data-widget_type=\"heading.default\">\n\t\t\t\t\t<h2 class=\"elementor-heading-title elementor-size-default\">Uvod<\/h2>\t\t\t\t<\/div>\n\t\t\t\t<div class=\"elementor-element elementor-element-iwgw-ceres-s0t elementor-widget elementor-widget-text-editor\" data-id=\"iwgw-ceres-s0t\" data-element_type=\"widget\" data-e-type=\"widget\" data-widget_type=\"text-editor.default\">\n\t\t\t\t\t\t\t\t\t<p>Ceres pripada me\u0111u najstarija i najva\u017enija bo\u017eanstva rimske religije. Bila je bo\u017eica \u017eitarica, poljodjelstva i op\u0107enito rasta poljskih plodova. Time je njezino podru\u010dje djelovanja doticalo jednu od temeljnih pretpostavki rimskog \u017eivota, jer je opskrba grada \u017eitom bila trajna br\u0438\u0433\u0430 dr\u017eave i dru\u0161tva.<\/p><p>S religijsko-povijesnog gledi\u0161ta Ceres je zna\u010dajna iz vi\u0161e razloga. Bila je starorimsko, vjerojatno ve\u0107 u italskoj ranoj povijesti \u0161tovano <span class=\"iwg-fachbegriff\" data-tooltip=\"Bi\u0107e koje se u nekoj religiji \u0161tuje kao bo\u017eansko.\" tabindex=\"0\">bo\u017eanstvo<\/span>, \u010dije ime potje\u010de od korijena koji zna\u010di rasti.<\/p><p>Istodobno je ve\u0107 rano bila oblikovana pod gr\u010dkim utjecajem i u velikoj mjeri izjedna\u010dena s gr\u010dkom Demetrom. Njezin <span class=\"iwg-fachbegriff\" data-tooltip=\"Ukupnost religijskih \u010dina \u0161tovanja posve\u0107enih nekom bo\u017eanstvu ili svetoj pojavi.\" tabindex=\"0\">kult<\/span> na Aventinu tijesno ju je povezivao i s plebsom, neplemenitim dijelom rimskog gra\u0111anstva, daju\u0107i joj izrazito politi\u010dku dimenziju.<\/p><p>Ceres tako predstavlja primjer slojevitosti <a href=\"https:\/\/iwell-guard.com\/hr\/rim\/\">rimske<\/a> religije. U njoj se spajaju prastari agrarni kult, preuzimanje gr\u010dkih predstava i mitova te konkretna dru\u0161tvena i politi\u010dka funkcija unutar grada. Bila je istodobno bo\u017eica polja i bo\u017eica s \u010dvrstom ulogom u strukturi rimskog dru\u0161tva.<\/p><p>Dr\u017eavna va\u017enost Ceres ogleda se u opskrbi glavnog grada \u017eitom, koja je s rastom broja stanovnika postala trajna politi\u010dka zada\u0107a.<\/p><p>Plebejski edili, povezani s aventinskim <span class=\"iwg-fachbegriff\" data-tooltip=\"Sveto mjesto posve\u0107eno \u0161tovanju bo\u017eanstva.\" tabindex=\"0\">sveti\u0161tem<\/span>, me\u0111u ostalim su nadzirali tr\u017ei\u0161te \u017eitom. Time je Ceres predstavljala ne samo rast \u017eita na polju, nego i njegovu ure\u0111enu raspodjelu u gradu.<\/p>\t\t\t\t\t\t\t\t<\/div>\n\t\t\t\t\t<\/div>\n\t\t\t\t<\/div>\n\t\t<div class=\"elementor-element elementor-element-iwgw-ceres-s1 e-flex e-con-boxed e-con e-parent\" data-id=\"iwgw-ceres-s1\" data-element_type=\"container\" data-e-type=\"container\">\n\t\t\t\t\t<div class=\"e-con-inner\">\n\t\t\t\t<div class=\"elementor-element elementor-element-iwgw-ceres-s1h elementor-widget elementor-widget-heading\" data-id=\"iwgw-ceres-s1h\" data-element_type=\"widget\" data-e-type=\"widget\" data-widget_type=\"heading.default\">\n\t\t\t\t\t<h2 class=\"elementor-heading-title elementor-size-default\">Ime i etimologija<\/h2>\t\t\t\t<\/div>\n\t\t\t\t<div class=\"elementor-element elementor-element-iwgw-ceres-s1t elementor-widget elementor-widget-text-editor\" data-id=\"iwgw-ceres-s1t\" data-element_type=\"widget\" data-e-type=\"widget\" data-widget_type=\"text-editor.default\">\n\t\t\t\t\t\t\t\t\t<p>Ime <em>Ceres<\/em> jezi\u010dno se izvodi od indoeuropskog korijena koji ozna\u010dava rast, stvaranje i hranjenje. Isti korijen nalazi se u latinskim rije\u010dima <em>crescere<\/em>, rasti, i <em>creare<\/em>, stvarati ili proizvoditi. Ime tako izravno obilje\u017eava Ceres kao mo\u0107 koja daje da biljke, a posebno \u017eitarice, rastu.<\/p><p>Ova prozirna etimologija religijsko-povijesno je znakovita. Pokazuje da je Ceres po svojoj naravi bila funkcionalno bo\u017eanstvo \u010dije je ime ozna\u010davalo njezinu zada\u0107u. Takva govore\u0107a imena bogova uobi\u010dajena su u starorimskoj religiji i upu\u0107uju na to da su mnoga bo\u017eanstva izvorno bila tijesno vezana za odre\u0111eno podru\u010dje djelovanja.<\/p><p>Od imena <em>Ceres<\/em> izveden je pridjev koji se javlja u nazivu blagdana <em>Cerialia<\/em>, kao i rije\u010d <em>cerealis<\/em>, od koje se do danas izvode nazivi za proizvode od \u017eitarica.<\/p><p>Ovaj jezi\u010dni trag pokazuje koliko je \u010dvrsto Ceres ostala povezana s pojmom \u017eita. Iako je bo\u017eica tijekom vremena oboga\u0107ena gr\u010dkim mitovima, njezina jezgra ostala je podru\u010dje \u017eita i poljskih plodova.<\/p>\t\t\t\t\t\t\t\t<\/div>\n\t\t\t\t\t<\/div>\n\t\t\t\t<\/div>\n\t\t<div class=\"elementor-element elementor-element-iwgw-ceres-s2 e-flex e-con-boxed e-con e-parent\" data-id=\"iwgw-ceres-s2\" data-element_type=\"container\" data-e-type=\"container\">\n\t\t\t\t\t<div class=\"e-con-inner\">\n\t\t\t\t<div class=\"elementor-element elementor-element-iwgw-ceres-s2h elementor-widget elementor-widget-heading\" data-id=\"iwgw-ceres-s2h\" data-element_type=\"widget\" data-e-type=\"widget\" data-widget_type=\"heading.default\">\n\t\t\t\t\t<h2 class=\"elementor-heading-title elementor-size-default\">Opis i ikonografija<\/h2>\t\t\t\t<\/div>\n\t\t\t\t<div class=\"elementor-element elementor-element-iwgw-ceres-s2t elementor-widget elementor-widget-text-editor\" data-id=\"iwgw-ceres-s2t\" data-element_type=\"widget\" data-e-type=\"widget\" data-widget_type=\"text-editor.default\">\n\t\t\t\t\t\t\t\t\t<p>U slikovnoj <span class=\"iwg-fachbegriff\" data-tooltip=\"Preno\u0161enje znanja i pri\u010da kroz generacije.\" tabindex=\"0\">predaji<\/span> Ceres se prikazuje kao dostojanstvena, sazrela \u017eena, \u010desto sjede\u0107a ili stoje\u0107a, u dugoj odje\u0107i. Njezin najva\u017eniji atribut su klasovi \u017eita koje dr\u017ei u ruci ili koji joj u obliku vijenca krase glavu. Uz to se javljaju \u010dahure maka, rog izobilja, ko\u0161ara s plodovima i ponekad zublja.<\/p><p>Zublja upu\u0107uje na mitski krug preuzet od gr\u010dke Demetre, u kojem bo\u017eica sa zubljama tra\u017ei svoju otetu k\u0107er.<\/p><p>Rog izobilja i ko\u0161ara s plodovima simboliziraju obilje i \u017eetvu, mak polja na kojima su \u017eito i mak rasli jedno uz drugo. Ceres se ponekad prikazuje s kolima koje vuku zmije, \u0161to je tako\u0111er <span class=\"iwg-fachbegriff\" data-tooltip=\"Ponavljaju\u0107i sadr\u017eajni element u umjetnosti ili pripovijedanju.\" tabindex=\"0\">motiv<\/span> preuzet iz gr\u010dkog kulturnog kruga.<\/p><p>Ikonografija dosljedno nagla\u0161ava zrelost, obilje i maj\u010dinsko dostojanstvo. Ceres nije mladena\u010dka, nego odrasla, daruju\u0107a pojava. Ta likovna govore\u0107a slika odgovarala je njezinoj funkciji bo\u017eice temelja prehrane.<\/p><p>Na kovanicama Republike i Carstva \u010desto se javlja, obi\u010dno u vezi s dr\u017eavnom opskrbom \u017eitom, \u0161to pokazuje koliko je njezina slika bila tijesno povezana s idejom opskrbe i blagostanja.<\/p>\t\t\t\t\t\t\t\t<\/div>\n\t\t\t\t\t<\/div>\n\t\t\t\t<\/div>\n\t\t<div class=\"elementor-element elementor-element-iwgw-ceres-s3 e-flex e-con-boxed e-con e-parent\" data-id=\"iwgw-ceres-s3\" data-element_type=\"container\" data-e-type=\"container\">\n\t\t\t\t\t<div class=\"e-con-inner\">\n\t\t\t\t<div class=\"elementor-element elementor-element-iwgw-ceres-s3h elementor-widget elementor-widget-heading\" data-id=\"iwgw-ceres-s3h\" data-element_type=\"widget\" data-e-type=\"widget\" data-widget_type=\"heading.default\">\n\t\t\t\t\t<h2 class=\"elementor-heading-title elementor-size-default\">Mitolo\u0161ke pri\u010de i predaja<\/h2>\t\t\t\t<\/div>\n\t\t\t\t<div class=\"elementor-element elementor-element-iwgw-ceres-s3t elementor-widget elementor-widget-text-editor\" data-id=\"iwgw-ceres-s3t\" data-element_type=\"widget\" data-e-type=\"widget\" data-widget_type=\"text-editor.default\">\n\t\t\t\t\t\t\t\t\t<p>Najpoznatiji <span class=\"iwg-fachbegriff\" data-tooltip=\"Preno\u0161ena pri\u010da o bogovima, podrijetlima i poretku svijeta.\" tabindex=\"0\">mit<\/span> o Ceres je pri\u010da o otmici njezine k\u0107eri Proserpine. Prenesen je u rimskoj knji\u017eevnosti prije svega zahvaljuju\u0107i Ovidiju, koji ga pripovijeda i u <em>Metamorfozama<\/em> i u <em>Fastima<\/em>, a potom i kasnijem epu Klaudijana.<\/p><p><span class=\"iwg-fachbegriff\" data-tooltip=\"Preno\u0161ena pri\u010da o bogovima, podrijetlima i poretku svijeta.\" tabindex=\"0\">Mit<\/span> je uglavnom preuzet iz gr\u010dke pri\u010de o Demetri i Perzefoni, ali je uklopljen u rimski jezik i rimski kontekst.<\/p><p>Prema pri\u010di, Proserpinu otima bog podzemnog svijeta. Ceres je u o\u010daju tra\u017ei s bakljama i pri tome zanemaruje svoju zada\u0107u, tako da zemlja postaje neplodna i prijeti glad.<\/p><p>Naposljetku se posti\u017ee nagodba prema kojoj Proserpina jedan dio godine provodi u podzemnom svijetu, a drugi dio uz majku. Time se mitski tuma\u010di smjena godi\u0161njih doba, posebice smjena razdoblja rasta i mirovanja vegetacije.<\/p><p>Uz to, rimska tradicija prenosi pri\u010de koje povezuju Ceres s samim gradom Rimom. Njezin <span class=\"iwg-fachbegriff\" data-tooltip=\"Gra\u0111evina posve\u0107ena \u0161tovanju jednog ili vi\u0161e bo\u017eanstava.\" tabindex=\"0\">hram<\/span> na Aventinu navodno je osnovan rano u razdoblju Republike, a s njim se povezivalo i sje\u0107anje na socijalnu ulogu tog kulta.<\/p><p>Mitska <span class=\"iwg-fachbegriff\" data-tooltip=\"Preno\u0161enje znanja i pri\u010da kroz generacije.\" tabindex=\"0\">predaja<\/span> o Ceres tako je dvostruko obilje\u017eena: velikim, gr\u010dkim utjecajem pro\u017eetim mitskim krugom o majci i k\u0107eri, te specifi\u010dno rimskim povezivanjem bo\u017eice s povijesti plebsa i opskrbom \u017eitom.<\/p><p>Rimska tradicija poznavala je i vlastitu pri\u010du o uvo\u0111enju kulta Ceres u vezi s te\u0161kom gla\u0111u u ranoj Republici.<\/p><p>Prema izreci iz Sibilinskih knjiga, aventinski <span class=\"iwg-fachbegriff\" data-tooltip=\"Gra\u0111evina posve\u0107ena \u0161tovanju jednog ili vi\u0161e bo\u017eanstava.\" tabindex=\"0\">hram<\/span> navodno je osnovan da bi se umilostivila bo\u017eica i osigurala opskrba. Ta <span class=\"iwg-fachbegriff\" data-tooltip=\"Preno\u0161enje znanja i pri\u010da kroz generacije.\" tabindex=\"0\">predaja<\/span> izravno je povezivala Ceres s brigom za svagda\u0161nji kruh i s prevladavanjem kriza.<\/p>\t\t\t\t\t\t\t\t<\/div>\n\t\t\t\t\t<\/div>\n\t\t\t\t<\/div>\n\t\t<div class=\"elementor-element elementor-element-iwgw-ceres-s4 e-flex e-con-boxed e-con e-parent\" data-id=\"iwgw-ceres-s4\" data-element_type=\"container\" data-e-type=\"container\">\n\t\t\t\t\t<div class=\"e-con-inner\">\n\t\t\t\t<div class=\"elementor-element elementor-element-iwgw-ceres-s4h elementor-widget elementor-widget-heading\" data-id=\"iwgw-ceres-s4h\" data-element_type=\"widget\" data-e-type=\"widget\" data-widget_type=\"heading.default\">\n\t\t\t\t\t<h2 class=\"elementor-heading-title elementor-size-default\">Kult i \u0161tovanje<\/h2>\t\t\t\t<\/div>\n\t\t\t\t<div class=\"elementor-element elementor-element-iwgw-ceres-s4t elementor-widget elementor-widget-text-editor\" data-id=\"iwgw-ceres-s4t\" data-element_type=\"widget\" data-e-type=\"widget\" data-widget_type=\"text-editor.default\">\n\t\t\t\t\t\t\t\t\t<p><span class=\"iwg-fachbegriff\" data-tooltip=\"Cjelokupnost vjerskih obreda \u0161tovanja neka bo\u017eanstva ili svetog bi\u0107a.\" tabindex=\"0\">Kult<\/span> Cerere u Rimu imao je vi\u0161e slojeva. Staro, seosko \u0161tovanje odnosilo se na nju kao za\u0161titnicu usjeva i \u017eetve.<\/p><p>Kod poljskih radova, sjetve i \u017eetve \u017eita, <span class=\"iwg-fachbegriff\" data-tooltip=\"Dar bo\u017eanstvu kao izraz zahvale, molbe ili \u0161tovanja.\" tabindex=\"0\">\u017ertve<\/span> Cereri bile su dio uobi\u010dajenih obreda. Ona je imala ulogu i u okviru ku\u0107anstva i obitelji, primjerice u odre\u0111enim obredima vezanim za smrt i \u010disto\u0107u.<\/p><p>Najva\u017enije gradsko <span class=\"iwg-fachbegriff\" data-tooltip=\"Sveto mjesto posve\u0107eno \u0161tovanju nekog bo\u017eanstva.\" tabindex=\"0\">sveti\u0161te<\/span> bio je <span class=\"iwg-fachbegriff\" data-tooltip=\"Gra\u0111evina namijenjena \u0161tovanju jednog ili vi\u0161e bo\u017eanstava.\" tabindex=\"0\">hram<\/span> Cerere, Libera i Libere na Aventinu. Ova trojica bo\u017eanstava bila su izjedna\u010dena s gr\u010dkom trijadom Demetre, Dioniza i Perzefone. Aventinski <span class=\"iwg-fachbegriff\" data-tooltip=\"Gra\u0111evina namijenjena \u0161tovanju jednog ili vi\u0161e bo\u017eanstava.\" tabindex=\"0\">hram<\/span> bio je usko povezan s plebejcima.<\/p><p>Ovdje su se pohranjivale odluke plebejaca, a plebejski slu\u017ebenici, edili, imali su posebnu vezu s ovim <span class=\"iwg-fachbegriff\" data-tooltip=\"Cjelokupnost vjerskih obreda \u0161tovanja neka bo\u017eanstva ili svetog bi\u0107a.\" tabindex=\"0\">kultom<\/span>. Kult Cerere bio je time vjerska referentna to\u010dka neplemi\u0107kog gra\u0111anstva.<\/p><p>Sredi\u0161nji blagdan bile su <em>Cerialia<\/em> u travnju, koje su bile povezane s igrama u Cirkusu. Zabilje\u017een je poseban <span class=\"iwg-fachbegriff\" data-tooltip=\"Predana radnja koja se u zajednici redovito ponavlja.\" tabindex=\"0\">obi\u010daj<\/span> u kojem su se lisice s upaljenim zubljama gonile kroz Cirkus, \u010dije se pravo zna\u010denje ve\u0107 u <span class=\"iwg-fachbegriff\" data-tooltip=\"Razdoblje gr\u010dke i rimske kulture, otprilike od 800. pr. Kr. do 600. n. Kr.\" tabindex=\"0\">antici<\/span> nije mogao sa sigurno\u0161\u0107u objasniti.<\/p><p>Uz to je postojao i gr\u010dki utjecajima obilje\u017een \u017eenski blagdan u \u010dast Cerere, koji su \u017eene slavile vi\u0161ednevnim odricanjem. Kult Cerere tako je spajao seosku agrarnu pobo\u017enost, gradsku politiku i preuzete gr\u010dke oblike slavljenja.<\/p><p><span class=\"iwg-fachbegriff\" data-tooltip=\"Gra\u0111evina namijenjena \u0161tovanju jednog ili vi\u0161e bo\u017eanstava.\" tabindex=\"0\">Hram<\/span> Cerere, Libera i Libere na Aventinu, prema <span class=\"iwg-fachbegriff\" data-tooltip=\"Preno\u0161enje znanja i pri\u010da kroz generacije.\" tabindex=\"0\">predaji<\/span>, <span class=\"iwg-fachbegriff\" data-tooltip=\"Posve\u0107eno vjerskim obredom i time izdvojeno iz svakodnevice.\" tabindex=\"0\">posve\u0107en<\/span> je 493. godine prije na\u0161e ere i smatra se jednim od najstarijih <span class=\"iwg-fachbegriff\" data-tooltip=\"Gra\u0111evina namijenjena \u0161tovanju jednog ili vi\u0161e bo\u017eanstava.\" tabindex=\"0\">hramova<\/span> s izrazito gr\u010dkim obilje\u017ejima u Rimu.<\/p><p>Bio je bogato opremljen djelima gr\u010dkih umjetnika, a njegov polo\u017eaj izvan starog gradskog sredi\u0161ta, u podru\u010dju plebejskog stanovni\u0161tva, dodatno je nagla\u0161avao njegovu dru\u0161tvenu pripadnost.<\/p><p>Ovdje su se pohranjivale odluke plebejaca, a <span class=\"iwg-fachbegriff\" data-tooltip=\"Sveto mjesto posve\u0107eno \u0161tovanju nekog bo\u017eanstva.\" tabindex=\"0\">sveti\u0161te<\/span> je slu\u017eilo kao arhiv edila.<\/p><p>Cerialia su se protezala kroz vi\u0161e dana u travnju i zavr\u0161avala igrama u Cirkusu. Ovidije u Fastima opisuje poseban <span class=\"iwg-fachbegriff\" data-tooltip=\"Predana radnja koja se u zajednici redovito ponavlja.\" tabindex=\"0\">obi\u010daj<\/span> vezivanja upaljenih zubalja za repove lisica i gonjenja \u017eivotinja kroz trkali\u0161te, a istovremeno priznaje da ve\u0107 u njegovo doba nitko nije sa sigurno\u0161\u0107u znao izvorno zna\u010denje.<\/p><p>Uz Cerialia postojao je i \u017eenski blagdan izveden iz gr\u010dkog slavlja Demetre, koji su udane \u017eene slavile u jeku ljeta vi\u0161ednevnim odricanjem, a u kojem mu\u0161karci nisu sudjelovali.<\/p>\t\t\t\t\t\t\t\t<\/div>\n\t\t\t\t\t<\/div>\n\t\t\t\t<\/div>\n\t\t<div class=\"elementor-element elementor-element-iwgw-ceres-s5 e-flex e-con-boxed e-con e-parent\" data-id=\"iwgw-ceres-s5\" data-element_type=\"container\" data-e-type=\"container\">\n\t\t\t\t\t<div class=\"e-con-inner\">\n\t\t\t\t<div class=\"elementor-element elementor-element-iwgw-ceres-s5h elementor-widget elementor-widget-heading\" data-id=\"iwgw-ceres-s5h\" data-element_type=\"widget\" data-e-type=\"widget\" data-widget_type=\"heading.default\">\n\t\t\t\t\t<h2 class=\"elementor-heading-title elementor-size-default\">Za\u0161titna praksa i apotropejski elementi<\/h2>\t\t\t\t<\/div>\n\t\t\t\t<div class=\"elementor-element elementor-element-iwgw-ceres-s5t elementor-widget elementor-widget-text-editor\" data-id=\"iwgw-ceres-s5t\" data-element_type=\"widget\" data-e-type=\"widget\" data-widget_type=\"text-editor.default\">\n\t\t\t\t\t\t\t\t\t<p>Ceres je prije svega bila plodonosno i hraniteljsko <span class=\"iwg-fachbegriff\" data-tooltip=\"Bi\u0107e \u0161tovano kao bo\u017eansko unutar neke religije.\" tabindex=\"0\">bo\u017eanstvo<\/span>, a ne obrambeno. Praksa usmjerena na nju prije svega je bila usmjerena na osiguravanje rasta i uspijevanja poljskih usjeva, \u010dime se jam\u010dila prehrana zajednice. <span class=\"iwg-fachbegriff\" data-tooltip=\"Dar bo\u017eanstvu kojim se izra\u017eava zahvala, molba ili \u0161tovanje.\" tabindex=\"0\">\u017drtve<\/span> i molitve upu\u0107ene Ceres pratile su tijek poljoprivredne godine.<\/p><p>Ipak, postojala su podru\u010dja u kojima je njezin <span class=\"iwg-fachbegriff\" data-tooltip=\"Ukupnost religijskih \u0161tovateljskih radnji posve\u0107enih nekom bo\u017eanstvu ili svetom bi\u0107u.\" tabindex=\"0\">kult<\/span> imao ure\u0111uju\u0107u i za\u0161titnu funkciju. Tako je Ceres bila povezana s predod\u017ebama o pravu i dru\u0161tvenom poretku.<\/p><p>Tko bi po\u010dinio odre\u0111ene te\u0161ke prijestupe, primjerice protiv poretka plebsa, mogao je pasti boginji, odnosno njegova osoba i imovina smatrali su se njoj <span class=\"iwg-fachbegriff\" data-tooltip=\"Predano svetom putem religijskog \u010dina i time izdvojeno iz svakodnevnog.\" tabindex=\"0\">posve\u0107enima<\/span>. Ta veza pokazuje da je kult Cerere slu\u017eio i stabilizaciji dru\u0161tvenog poretka.<\/p><p>U ku\u0107nom i obiteljskom podru\u010dju Ceres se pojavljuje u obredima vezanima uz smrt i \u010di\u0161\u0107enje. Kod smrtnog slu\u010daja u obitelji postojali su propisi prema kojima je <span class=\"iwg-fachbegriff\" data-tooltip=\"Dar bo\u017eanstvu kojim se izra\u017eava zahvala, molba ili \u0161tovanje.\" tabindex=\"0\">\u017ertva<\/span> Ceres vra\u0107ala obitelj u ure\u0111eno religijsko stanje.<\/p><p>I ovdje je funkcija manje obrana, a vi\u0161e ponovna uspostava reda. U cjelini, za\u0161tita koju je Ceres pru\u017eala bila je za\u0161tita \u017eivotnih temelja te dru\u0161tvenog i obrednog poretka, a ne obrana od pojedina\u010dnih zlih sila. Time se jasno razlikuje od izrazitih za\u0161titni\u010dkih ili obrambenih bo\u017eanstava.<\/p><p>Ceres je imala ure\u0111uju\u0107u funkciju i u bra\u010dnom pravu i u podru\u010dju \u010disto\u0107e. Kod odre\u0111enih prijestupa protiv bra\u010dnog poretka bile su predvi\u0111ene <span class=\"iwg-fachbegriff\" data-tooltip=\"Dar bo\u017eanstvu kojim se izra\u017eava zahvala, molba ili \u0161tovanje.\" tabindex=\"0\">\u017ertve<\/span> Ceres, a njezin <span class=\"iwg-fachbegriff\" data-tooltip=\"Ukupnost religijskih \u0161tovateljskih radnji posve\u0107enih nekom bo\u017eanstvu ili svetom bi\u0107u.\" tabindex=\"0\">kult<\/span> bio je povezan s predod\u017ebama o bra\u010dnoj vjernosti i moralnom poretku. Tako se njezino djelovanje protezalo od sjetve na polju sve do poretka obitelji.<\/p>\t\t\t\t\t\t\t\t<\/div>\n\t\t\t\t\t<\/div>\n\t\t\t\t<\/div>\n\t\t<div class=\"elementor-element elementor-element-iwgw-ceres-s6 e-flex e-con-boxed e-con e-parent\" data-id=\"iwgw-ceres-s6\" data-element_type=\"container\" data-e-type=\"container\">\n\t\t\t\t\t<div class=\"e-con-inner\">\n\t\t\t\t<div class=\"elementor-element elementor-element-iwgw-ceres-s6h elementor-widget elementor-widget-heading\" data-id=\"iwgw-ceres-s6h\" data-element_type=\"widget\" data-e-type=\"widget\" data-widget_type=\"heading.default\">\n\t\t\t\t\t<h2 class=\"elementor-heading-title elementor-size-default\">Paralele u drugim kulturama<\/h2>\t\t\t\t<\/div>\n\t\t\t\t<div class=\"elementor-element elementor-element-iwgw-ceres-s6t elementor-widget elementor-widget-text-editor\" data-id=\"iwgw-ceres-s6t\" data-element_type=\"widget\" data-e-type=\"widget\" data-widget_type=\"text-editor.default\">\n\t\t\t\t\t\t\t\t\t<p>Najuo\u010dljivija paralela s Ceres jest gr\u010dka boginja Demetra. Ve\u0107 rano izjedna\u010dena je s njom, a \u010ditav mitski krug o majci i otetoj k\u0107eri preuzet je iz gr\u010dkog podru\u010dja.<\/p><p>I aventinski <span class=\"iwg-fachbegriff\" data-tooltip=\"Gra\u0111evina namijenjena \u0161tovanju jednog ili vi\u0161e bo\u017eanstava.\" tabindex=\"0\">hram<\/span> sa svojom trijadom oslanjao se na gr\u010dke uzore. Ipak, Ceres je ostala samostalno rimsko <span class=\"iwg-fachbegriff\" data-tooltip=\"Bi\u0107e \u0161tovano kao bo\u017eansko unutar neke religije.\" tabindex=\"0\">bo\u017eanstvo<\/span>, \u010dije je ime, \u010diji je najstariji <span class=\"iwg-fachbegriff\" data-tooltip=\"Ukupnost religijskih \u0161tovateljskih radnji posve\u0107enih nekom bo\u017eanstvu ili svetom bi\u0107u.\" tabindex=\"0\">kult<\/span> i \u010dija je povezanost s plebsom bila specifi\u010dno rimska.<\/p><p>Izvan gr\u010dkog podru\u010dja Ceres pripada ra\u0161irenom tipu \u017eitnih i zemljinih boginja koje se susre\u0107u u mnogim poljoprivrednim kulturama.<\/p><p>Takva bo\u017eanstva utjelovljuju plodnost obra\u0111ene zemlje i \u010desto su povezana s mitovima o smjeni godi\u0161njih doba te o smrti i povratku vegetacije. <span class=\"iwg-fachbegriff\" data-tooltip=\"Predaja o bogovima, podrijetlu i poretku svijeta.\" tabindex=\"0\">Mit<\/span> o privremenom nestanku k\u0107eri u podzemni svijet poznat je primjer tog ra\u0161irenog pripovjednog obrasca.<\/p><p>Sa znanstvenog gledi\u0161ta Ceres je dobar primjer toga kako religija povezuje staro doma\u0107e funkcionalno bo\u017eanstvo sa stranim mitovima i oblicima slavlja, a da pritom ne napu\u0161ta svoju izvornu jezgru. Rimska Ceres nije ni \u010dista Demetra ni \u010dista starotalijanska boginja sjetve, nego lik u kojem djeluju obje te slojevitosti zajedno.<\/p>\t\t\t\t\t\t\t\t<\/div>\n\t\t\t\t\t<\/div>\n\t\t\t\t<\/div>\n\t\t<div class=\"elementor-element elementor-element-iwgw-ceres-s7 e-flex e-con-boxed e-con e-parent\" data-id=\"iwgw-ceres-s7\" data-element_type=\"container\" data-e-type=\"container\">\n\t\t\t\t\t<div class=\"e-con-inner\">\n\t\t\t\t<div class=\"elementor-element elementor-element-iwgw-ceres-s7h elementor-widget elementor-widget-heading\" data-id=\"iwgw-ceres-s7h\" data-element_type=\"widget\" data-e-type=\"widget\" data-widget_type=\"heading.default\">\n\t\t\t\t\t<h2 class=\"elementor-heading-title elementor-size-default\">Suvremena recepcija i istra\u017eivanja<\/h2>\t\t\t\t<\/div>\n\t\t\t\t<div class=\"elementor-element elementor-element-iwgw-ceres-s7t elementor-widget elementor-widget-text-editor\" data-id=\"iwgw-ceres-s7t\" data-element_type=\"widget\" data-e-type=\"widget\" data-widget_type=\"text-editor.default\">\n\t\t\t\t\t\t\t\t\t<p>U istra\u017eivanjima rimske religije Cerera je \u010desto obra\u0111ivana tema, jer se u njoj spajaju nekoliko velikih pitanja: odnos doma\u0107e i gr\u010dke religije, veza <span class=\"iwg-fachbegriff\" data-tooltip=\"Ukupnost religijskih obreda \u0161tovanja neke bo\u017eice, boga ili svetog bi\u0107a.\" tabindex=\"0\">kulta<\/span> i politike te uloga agrarnog kulta.<\/p><p>Georg Wissowa i Kurt Latte svrstavali su Cereru u starorimski svijet bogova, Georges Dum\u00e9zil i drugi raspravljali su o njezinu mjestu u sustavu funkcija, a novija istra\u017eivanja posebno isti\u010du socijalnu dimenziju kulta na Aventinu.<\/p><p>Osobito je intenzivno istra\u017eivana veza Cerere s plebejima. Aventinski <span class=\"iwg-fachbegriff\" data-tooltip=\"Gra\u0111evina namijenjena \u0161tovanju jednog ili vi\u0161e bo\u017eanstava.\" tabindex=\"0\">hram<\/span> kao mjesto plebejskih odluka i uloga edila \u010dine kult Cerere klju\u010dnim za razumijevanje ranorimske socijalne povijesti. I Cerealia, kao i gr\u010dki utjecani \u017eenski blagdan, predmet su religijsko-povijesnih studija.<\/p><p>U dana\u0161njoj op\u0107oj kulturi Cerera je prisutna prije svega putem jezika. Nazivi za \u017eitne proizvode potje\u010du od njezina imena, a bo\u017eica se u umjetnosti, knji\u017eevnosti i alegoriji redovito javlja kao utjelovljenje \u017eetve i plodnosti.<\/p><p>Za <span class=\"iwg-fachbegriff\" data-tooltip=\"Znanost koja komparativno i bez vjerske pripadnosti istra\u017euje religije.\" tabindex=\"0\">religiologiju<\/span> Cerera ostaje va\u017ean primjer slojevitosti rimske religije i uske povezanosti <span class=\"iwg-fachbegriff\" data-tooltip=\"Ukupnost religijskih obreda \u0161tovanja neke bo\u017eice, boga ili svetog bi\u0107a.\" tabindex=\"0\">kulta<\/span>, gospodarstva i dru\u0161tva.<\/p><p>Istra\u017eivanja tako\u0111er isti\u010du vezu Cerere s prevladavanjem kriza. Posezanje za Sibilinskim knjigama i osnivanje aventinskog hrama smatraju se ranim primjerom kako je Rim na gospodarsku nevolju odgovarao uvo\u0111enjem novog kulta.<\/p><p>Slojevitost staroitalskog kulta usjeva, gr\u010dkog preoblikovanja i politi\u010dke funkcije \u010dini Cereru uzoritim primjerom povijesti religije.<\/p><p>Time ona i u dana\u0161njoj znanosti ostaje mnogostruko istra\u017eivan primjer.<\/p>\t\t\t\t\t\t\t\t<\/div>\n\t\t\t\t\t<\/div>\n\t\t\t\t<\/div>\n\t\t<div class=\"elementor-element elementor-element-iwgw-ceres-lit e-flex e-con-boxed e-con e-parent\" data-id=\"iwgw-ceres-lit\" data-element_type=\"container\" data-e-type=\"container\">\n\t\t\t\t\t<div class=\"e-con-inner\">\n\t\t\t\t<div class=\"elementor-element elementor-element-iwgw-ceres-lith elementor-widget elementor-widget-heading\" data-id=\"iwgw-ceres-lith\" data-element_type=\"widget\" data-e-type=\"widget\" data-widget_type=\"heading.default\">\n\t\t\t\t\t<h2 class=\"elementor-heading-title elementor-size-default\">Literatura (izbor)<\/h2>\t\t\t\t<\/div>\n\t\t\t\t<div class=\"elementor-element elementor-element-iwgw-ceres-litt elementor-widget elementor-widget-text-editor\" data-id=\"iwgw-ceres-litt\" data-element_type=\"widget\" data-e-type=\"widget\" data-widget_type=\"text-editor.default\">\n\t\t\t\t\t\t\t\t\t<div data-nosnippet=\"true\"><ul><li>Georg Wissowa: <em>Religion und Kultus der R\u00f6mer<\/em> (1912)<\/li><li>Kurt Latte: <em>R\u00f6mische Religionsgeschichte<\/em> (1960)<\/li><li>Georges Dum\u00e9zil: <em>La religion romaine archa\u00efque<\/em> (1966)<\/li><li><span data-nosnippet>Mary Beard, John North, Simon Price: <em>Religions of Rome<\/em> (1998)<\/span><\/li><li>J\u00f6rg R\u00fcpke: <em>Die Religion der R\u00f6mer<\/em> (2001)<\/li><\/ul><\/div>\t\t\t\t\t\t\t\t<\/div>\n\t\t\t\t\t<\/div>\n\t\t\t\t<\/div>\n\t\t<div class=\"elementor-element elementor-element-iwgw-ceres-kwd e-flex e-con-boxed e-con e-parent\" data-id=\"iwgw-ceres-kwd\" data-element_type=\"container\" data-e-type=\"container\">\n\t\t\t\t\t<div class=\"e-con-inner\">\n\t\t\t\t<div class=\"elementor-element elementor-element-iwgw-ceres-kwdt elementor-widget elementor-widget-text-editor\" data-id=\"iwgw-ceres-kwdt\" data-element_type=\"widget\" data-e-type=\"widget\" data-widget_type=\"text-editor.default\">\n\t\t\t\t\t\t\t\t\t<p><em>Srodni klju\u010dni pojmovi: Cerera Cerealia Liber Libera Aventin plebs \u017eito Demetra ratarstvo.<\/em><\/p>\t\t\t\t\t\t\t\t<\/div>\n\t\t\t\t\t<\/div>\n\t\t\t\t<\/div>\n\t\t<div class=\"elementor-element elementor-element-iwgw-ceres-cc e-flex e-con-boxed e-con e-parent\" data-id=\"iwgw-ceres-cc\" data-element_type=\"container\" data-e-type=\"container\" id=\"iwg-cc-ceres\">\n\t\t\t\t\t<div class=\"e-con-inner\">\n\t\t<div class=\"elementor-element elementor-element-iwgw-ceres-ccinner e-flex e-con-boxed e-con e-parent\" data-id=\"iwgw-ceres-ccinner\" data-element_type=\"container\" data-e-type=\"container\" data-settings=\"{&quot;background_background&quot;:&quot;classic&quot;}\">\n\t\t\t\t\t<div class=\"e-con-inner\">\n\t\t\t\t<div class=\"elementor-element elementor-element-iwgw-ceres-cch elementor-widget elementor-widget-heading\" data-id=\"iwgw-ceres-cch\" data-element_type=\"widget\" data-e-type=\"widget\" data-widget_type=\"heading.default\">\n\t\t\t\t\t<h2 class=\"elementor-heading-title elementor-size-default\">iWell Guard i tradicije za\u0161tite<\/h2>\t\t\t\t<\/div>\n\t\t\t\t<div class=\"elementor-element elementor-element-iwgw-ceres-cct elementor-widget elementor-widget-text-editor\" data-id=\"iwgw-ceres-cct\" data-element_type=\"widget\" data-e-type=\"widget\" data-widget_type=\"text-editor.default\">\n\t\t\t\t\t\t\t\t\t<div data-nosnippet=\"true\"><p>iWell Guard nastavlja kulturnopovijesnu tradiciju prenosivih za\u0161titnih predmeta, u tradiciji <a href=\"https:\/\/iwell-guard.com\/hr\/rim\/\">Rima<\/a> i mnogih drugih kultura \u0161irom svijeta. 41 razina, pravo zlato, platina, srebro, izra\u0111eno u Njema\u010dkoj. Pravo povrata u 30 dana.<\/p><\/div>\t\t\t\t\t\t\t\t<\/div>\n\t\t\t\t<div class=\"elementor-element elementor-element-iwgw-ceres-ccb iwg-cc-button iwg-cc-cta-2026-05-13 elementor-widget elementor-widget-jet-button\" data-id=\"iwgw-ceres-ccb\" data-element_type=\"widget\" data-e-type=\"widget\" data-widget_type=\"jet-button.default\">\n\t\t\t\t<div class=\"elementor-widget-container\">\n\t\t\t\t\t<div class=\"elementor-jet-button jet-elements\"><div class=\"jet-button__container\"><a class=\"jet-button__instance jet-button__instance--icon-left hover-effect-1\" href=\"\/ueber-iwell-guard\/?utm_source=iwell-guard.com&amp;utm_medium=info-box&amp;utm_campaign=wesen-tradition\"><div class=\"jet-button__plane jet-button__plane-normal\"><\/div><div class=\"jet-button__plane jet-button__plane-hover\"><\/div><div class=\"jet-button__state jet-button__state-normal\"><span class=\"jet-button__label\">Vi\u0161e o iWell Guardu<\/span><\/div><div class=\"jet-button__state jet-button__state-hover\"><span class=\"jet-button__label\">Vi\u0161e o iWell Guardu<\/span><\/div><\/a><\/div><\/div><style>.elementor-element.elementor-element-iwgw-ceres-ccb .jet-button__instance{width:320px;height:56px;}.elementor-element.elementor-element-iwgw-ceres-ccb .jet-button__state-normal .jet-button__label{text-align:center;margin:0px 0px 0px 0px;color:#1a1b20;font-family:Montserrat,sans-serif;font-size:13px;font-weight:400;letter-spacing:4px;line-height:1.714em;text-transform:uppercase;}.elementor-element.elementor-element-iwgw-ceres-ccb .jet-button__state-hover .jet-button__label{text-align:center;margin:0px 0px 0px 0px;color:#FECC76;font-family:Montserrat,sans-serif;font-size:13px;font-weight:400;letter-spacing:4px;line-height:1.714em;text-transform:uppercase;}.elementor-element.elementor-element-iwgw-ceres-ccb .jet-button__plane-normal{background-color:#FECC76;border-style:solid;border-color:#C99540;border-width:2px 2px 2px 2px;}.elementor-element.elementor-element-iwgw-ceres-ccb .jet-button__plane-hover{background-color:rgba(0,0,0,0.55);border-style:solid;border-color:#FECC76;border-width:2px 2px 2px 2px;}<\/style>\t\t\t\t<\/div>\n\t\t\t\t<\/div>\n\t\t\t\t<div class=\"elementor-element elementor-element-iwgw-ceres-ccd elementor-widget elementor-widget-text-editor\" data-id=\"iwgw-ceres-ccd\" data-element_type=\"widget\" data-e-type=\"widget\" data-widget_type=\"text-editor.default\">\n\t\t\t\t\t\t\t\t\t<div data-nosnippet=\"true\"><p style=\"text-align:center;font-size:13px;opacity:0.7;margin-top:14px\" data-nosnippet=\"true\">Osobna iskustva mogu se razlikovati. Nije medicinski proizvod. Nema obe\u0107anja izlje\u010denja.<\/p><\/div>\t\t\t\t\t\t\t\t<\/div>\n\t\t\t\t\t<\/div>\n\t\t\t\t<\/div>\n\t\t\t\t\t<\/div>\n\t\t\t\t<\/div>\n\t\t<div class=\"elementor-element elementor-element-iwgw-ceres-disc e-flex e-con-boxed e-con e-parent\" data-id=\"iwgw-ceres-disc\" data-element_type=\"container\" data-e-type=\"container\">\n\t\t\t\t\t<div class=\"e-con-inner\">\n\t\t\t\t<div class=\"elementor-element elementor-element-iwgw-ceres-discw elementor-widget elementor-widget-html\" data-id=\"iwgw-ceres-discw\" data-element_type=\"widget\" data-e-type=\"widget\" data-widget_type=\"html.default\">\n\t\t\t\t\t<footer data-nosnippet=\"true\" class=\"iwg-disclaimer-block\"><p data-nosnippet=\"true\">iWell Guard <strong>nije medicinski proizvod<\/strong> i ne zamjenjuje lije\u010dni\u010dko ili psihoterapeutsko lije\u010denje. Religijsko-znanstveni sadr\u017eaji predstavljaju kulturno-povijesnu interpretaciju, a ne preporuku duhovne prakse.<\/p><\/footer>\t\t\t\t<\/div>\n\t\t\t\t\t<\/div>\n\t\t\t\t<\/div>\n\t\t\t\t<\/div>\n\t\t","protected":false},"excerpt":{"rendered":"","protected":false},"author":3,"featured_media":3389,"parent":0,"menu_order":0,"comment_status":"closed","ping_status":"closed","template":"elementor_header_footer","meta":{"_yoast_wpseo_focuskw":"Ceres rimska bo\u017eica","_yoast_wpseo_title":"Ceres \u2013 rimska bo\u017eica \u017eitarica","_yoast_wpseo_metadesc":"Ceres je rimska bo\u017eica \u017eitarica i poljodjelstva. Religijsko-znanstveno tuma\u010denje Cerialia, plebejskog kulta i izvora.","_yoast_wpseo_meta-robots-noindex":"","_yoast_wpseo_canonical":"","_angie_page":false,"gefaehrdungsstufe":"","wesen_kultur":"","wesen_klasse":"","footnotes":""},"categories":[],"class_list":["post-149764","page","type-page","status-publish","has-post-thumbnail","hentry"],"yoast_head":"<!-- This site is optimized with the Yoast SEO Premium plugin v27.7 (Yoast SEO v28.3) - https:\/\/yoast.com\/product\/yoast-seo-premium-wordpress\/ -->\n<title>Ceres \u2013 rimska bo\u017eica \u017eitarica<\/title>\n<meta name=\"description\" content=\"Ceres je rimska bo\u017eica \u017eitarica i poljodjelstva. Religijsko-znanstveno tuma\u010denje Cerialia, plebejskog kulta i izvora.\" \/>\n<meta name=\"robots\" content=\"index, follow, max-snippet:-1, max-image-preview:large, max-video-preview:-1\" \/>\n<link rel=\"canonical\" href=\"https:\/\/iwell-guard.com\/hr\/ceres-rimska-bozica-zitarica-i-poljodjelstva\/\" \/>\n<meta property=\"og:locale\" content=\"hr_HR\" \/>\n<meta property=\"og:type\" content=\"article\" \/>\n<meta property=\"og:title\" content=\"Ceres \u2013 rimska bo\u017eica \u017eitarica i poljodjelstva\" \/>\n<meta property=\"og:description\" content=\"Ceres je rimska bo\u017eica \u017eitarica i poljodjelstva. Religijsko-znanstveno tuma\u010denje Cerialia, plebejskog kulta i izvora.\" \/>\n<meta property=\"og:url\" content=\"https:\/\/iwell-guard.com\/hr\/ceres-rimska-bozica-zitarica-i-poljodjelstva\/\" \/>\n<meta property=\"og:site_name\" content=\"iWell Guard\" \/>\n<meta property=\"article:modified_time\" content=\"2026-09-04T05:31:41+00:00\" \/>\n<meta property=\"og:image\" content=\"https:\/\/iwell-guard.com\/wp-content\/uploads\/2026\/05\/goetter_rom_ceres.webp\" \/>\n\t<meta property=\"og:image:width\" content=\"1024\" \/>\n\t<meta property=\"og:image:height\" content=\"1536\" \/>\n\t<meta property=\"og:image:type\" content=\"image\/webp\" \/>\n<meta name=\"twitter:card\" content=\"summary_large_image\" \/>\n<script type=\"application\/ld+json\" class=\"yoast-schema-graph\">{\"@context\":\"https:\\\/\\\/schema.org\",\"@graph\":[{\"@type\":\"WebPage\",\"@id\":\"https:\\\/\\\/iwell-guard.com\\\/hr\\\/ceres-rimska-bozica-zitarica-i-poljodjelstva\\\/\",\"url\":\"https:\\\/\\\/iwell-guard.com\\\/hr\\\/ceres-rimska-bozica-zitarica-i-poljodjelstva\\\/\",\"name\":\"Ceres \u2013 rimska bo\u017eica \u017eitarica\",\"isPartOf\":{\"@id\":\"https:\\\/\\\/iwell-guard.com\\\/hr\\\/#website\"},\"primaryImageOfPage\":{\"@id\":\"https:\\\/\\\/iwell-guard.com\\\/hr\\\/ceres-rimska-bozica-zitarica-i-poljodjelstva\\\/#primaryimage\"},\"image\":{\"@id\":\"https:\\\/\\\/iwell-guard.com\\\/hr\\\/ceres-rimska-bozica-zitarica-i-poljodjelstva\\\/#primaryimage\"},\"thumbnailUrl\":\"https:\\\/\\\/iwell-guard.com\\\/wp-content\\\/uploads\\\/2026\\\/05\\\/goetter_rom_ceres.webp\",\"datePublished\":\"2026-09-04T05:13:18+00:00\",\"dateModified\":\"2026-09-04T05:31:41+00:00\",\"description\":\"Ceres je rimska bo\u017eica \u017eitarica i poljodjelstva. Religijsko-znanstveno tuma\u010denje Cerialia, plebejskog kulta i izvora.\",\"breadcrumb\":{\"@id\":\"https:\\\/\\\/iwell-guard.com\\\/hr\\\/ceres-rimska-bozica-zitarica-i-poljodjelstva\\\/#breadcrumb\"},\"inLanguage\":\"hr\",\"potentialAction\":[{\"@type\":\"ReadAction\",\"target\":[\"https:\\\/\\\/iwell-guard.com\\\/hr\\\/ceres-rimska-bozica-zitarica-i-poljodjelstva\\\/\"]}]},{\"@type\":\"ImageObject\",\"inLanguage\":\"hr\",\"@id\":\"https:\\\/\\\/iwell-guard.com\\\/hr\\\/ceres-rimska-bozica-zitarica-i-poljodjelstva\\\/#primaryimage\",\"url\":\"https:\\\/\\\/iwell-guard.com\\\/wp-content\\\/uploads\\\/2026\\\/05\\\/goetter_rom_ceres.webp\",\"contentUrl\":\"https:\\\/\\\/iwell-guard.com\\\/wp-content\\\/uploads\\\/2026\\\/05\\\/goetter_rom_ceres.webp\",\"width\":1024,\"height\":1536,\"caption\":\"Bogovi iz rimske tradicije.\"},{\"@type\":\"BreadcrumbList\",\"@id\":\"https:\\\/\\\/iwell-guard.com\\\/hr\\\/ceres-rimska-bozica-zitarica-i-poljodjelstva\\\/#breadcrumb\",\"itemListElement\":[{\"@type\":\"ListItem\",\"position\":1,\"name\":\"Start\",\"item\":\"https:\\\/\\\/iwell-guard.com\\\/hr\\\/?page_id=149317\"},{\"@type\":\"ListItem\",\"position\":2,\"name\":\"Ceres \u2013 rimska bo\u017eica \u017eitarica i poljodjelstva\"}]},{\"@type\":\"WebSite\",\"@id\":\"https:\\\/\\\/iwell-guard.com\\\/hr\\\/#website\",\"url\":\"https:\\\/\\\/iwell-guard.com\\\/hr\\\/\",\"name\":\"iWell Guard\",\"description\":\"Schutz vor dunklen Einfl\u00fcssen\",\"publisher\":{\"@id\":\"https:\\\/\\\/iwell-guard.com\\\/hr\\\/#organization\"},\"potentialAction\":[{\"@type\":\"SearchAction\",\"target\":{\"@type\":\"EntryPoint\",\"urlTemplate\":\"https:\\\/\\\/iwell-guard.com\\\/hr\\\/?s={search_term_string}\"},\"query-input\":{\"@type\":\"PropertyValueSpecification\",\"valueRequired\":true,\"valueName\":\"search_term_string\"}}],\"inLanguage\":\"hr\"},{\"@type\":\"Organization\",\"@id\":\"https:\\\/\\\/iwell-guard.com\\\/hr\\\/#organization\",\"name\":\"Ittermann electronic GmbH\",\"url\":\"https:\\\/\\\/iwell-guard.com\\\/hr\\\/\",\"logo\":{\"@type\":\"ImageObject\",\"inLanguage\":\"hr\",\"@id\":\"https:\\\/\\\/iwell-guard.com\\\/hr\\\/#\\\/schema\\\/logo\\\/image\\\/\",\"url\":\"https:\\\/\\\/iwell-guard.com\\\/wp-content\\\/uploads\\\/2026\\\/05\\\/Ittermann-Logo-1182x237-1.png\",\"contentUrl\":\"https:\\\/\\\/iwell-guard.com\\\/wp-content\\\/uploads\\\/2026\\\/05\\\/Ittermann-Logo-1182x237-1.png\",\"width\":1182,\"height\":237,\"caption\":\"Ittermann electronic GmbH\"},\"image\":{\"@id\":\"https:\\\/\\\/iwell-guard.com\\\/hr\\\/#\\\/schema\\\/logo\\\/image\\\/\"},\"sameAs\":[\"https:\\\/\\\/pantip.com\\\/profile\\\/9367242\",\"https:\\\/\\\/micro.blog\\\/iwellguard\",\"https:\\\/\\\/www.diggerslist.com\\\/iwellguard\\\/about\",\"https:\\\/\\\/skitterphoto.com\\\/photographers\\\/2870314\\\/iwell-guard\",\"https:\\\/\\\/iwellguard.wordpress.com\\\/2026\\\/06\\\/06\\\/iwell-guard\\\/\",\"https:\\\/\\\/hub.docker.com\\\/u\\\/iwellguard\",\"https:\\\/\\\/www.pinterest.com\\\/iwellguard\\\/\",\"https:\\\/\\\/bit.ly\\\/m\\\/iwellguard\",\"https:\\\/\\\/entre-vos-mains.alsace.eu\\\/profiles\\\/iwellguard\\\/activity\",\"https:\\\/\\\/gravatar.com\\\/reallybeded8fd34\",\"https:\\\/\\\/naijamatta.com\\\/iwellguard\",\"https:\\\/\\\/www.goodreads.com\\\/iwellguard\",\"https:\\\/\\\/profile.hatena.ne.jp\\\/iwellguard\\\/\",\"https:\\\/\\\/experiment.com\\\/users\\\/iwellguard\",\"https:\\\/\\\/wakelet.com\\\/@iWellGuard82270\",\"https:\\\/\\\/www.chordie.com\\\/forum\\\/profile.php?id=2555664\",\"https:\\\/\\\/www.instapaper.com\\\/p\\\/17757966\",\"https:\\\/\\\/www.mapleprimes.com\\\/users\\\/iwellguard\",\"https:\\\/\\\/businesslistingplus.com\\\/profile\\\/iwell-guard\\\/\",\"https:\\\/\\\/telegra.ph\\\/iWell-Guard-06-06\",\"https:\\\/\\\/pbase.com\\\/iwellguard\\\/iwellguard\",\"https:\\\/\\\/b.hatena.ne.jp\\\/iwellguard\\\/20260607#bookmark-4788405196491818882\",\"https:\\\/\\\/fliphtml5.com\\\/home\\\/iwellguard\",\"https:\\\/\\\/anyflip.com\\\/homepage\\\/cmiwl#About\",\"https:\\\/\\\/transfur.com\\\/Users\\\/iwellguard\",\"http:\\\/\\\/delphi.larsbo.org\\\/user\\\/iwellguard\",\"https:\\\/\\\/jobs.lajobsportal.org\\\/profiles\\\/8380803-iwell-guard\",\"https:\\\/\\\/md.chaosdorf.de\\\/s\\\/jfbe5SBdJD\",\"https:\\\/\\\/www.lingvolive.com\\\/en-us\\\/profile\\\/9ecaeaca-ce11-4e51-9e71-01d55e2bff36\\\/translations\",\"https:\\\/\\\/www.fitday.com\\\/fitness\\\/forums\\\/members\\\/iwellguard.html\",\"https:\\\/\\\/www.mymeetbook.com\\\/iwellguard\",\"https:\\\/\\\/pxhere.com\\\/en\\\/photographer-me\\\/5040798\",\"https:\\\/\\\/disqus.com\\\/by\\\/iwellguard\\\/about\\\/\",\"https:\\\/\\\/pastelink.net\\\/hjwciqwq\",\"https:\\\/\\\/pubhtml5.com\\\/homepage\\\/scjhn\\\/\",\"https:\\\/\\\/www.bitchute.com\\\/channel\\\/2O2eOKzNqujT\",\"https:\\\/\\\/audiomack.com\\\/iwellguard\"]}]}<\/script>\n<!-- \/ Yoast SEO Premium plugin. -->","yoast_head_json":{"title":"Ceres \u2013 rimska bo\u017eica \u017eitarica","description":"Ceres je rimska bo\u017eica \u017eitarica i poljodjelstva. Religijsko-znanstveno tuma\u010denje Cerialia, plebejskog kulta i izvora.","robots":{"index":"index","follow":"follow","max-snippet":"max-snippet:-1","max-image-preview":"max-image-preview:large","max-video-preview":"max-video-preview:-1"},"canonical":"https:\/\/iwell-guard.com\/hr\/ceres-rimska-bozica-zitarica-i-poljodjelstva\/","og_locale":"hr_HR","og_type":"article","og_title":"Ceres \u2013 rimska bo\u017eica \u017eitarica i poljodjelstva","og_description":"Ceres je rimska bo\u017eica \u017eitarica i poljodjelstva. Religijsko-znanstveno tuma\u010denje Cerialia, plebejskog kulta i izvora.","og_url":"https:\/\/iwell-guard.com\/hr\/ceres-rimska-bozica-zitarica-i-poljodjelstva\/","og_site_name":"iWell Guard","article_modified_time":"2026-09-04T05:31:41+00:00","og_image":[{"width":1024,"height":1536,"url":"https:\/\/iwell-guard.com\/wp-content\/uploads\/2026\/05\/goetter_rom_ceres.webp","type":"image\/webp"}],"twitter_card":"summary_large_image","schema":{"@context":"https:\/\/schema.org","@graph":[{"@type":"WebPage","@id":"https:\/\/iwell-guard.com\/hr\/ceres-rimska-bozica-zitarica-i-poljodjelstva\/","url":"https:\/\/iwell-guard.com\/hr\/ceres-rimska-bozica-zitarica-i-poljodjelstva\/","name":"Ceres \u2013 rimska bo\u017eica \u017eitarica","isPartOf":{"@id":"https:\/\/iwell-guard.com\/hr\/#website"},"primaryImageOfPage":{"@id":"https:\/\/iwell-guard.com\/hr\/ceres-rimska-bozica-zitarica-i-poljodjelstva\/#primaryimage"},"image":{"@id":"https:\/\/iwell-guard.com\/hr\/ceres-rimska-bozica-zitarica-i-poljodjelstva\/#primaryimage"},"thumbnailUrl":"https:\/\/iwell-guard.com\/wp-content\/uploads\/2026\/05\/goetter_rom_ceres.webp","datePublished":"2026-09-04T05:13:18+00:00","dateModified":"2026-09-04T05:31:41+00:00","description":"Ceres je rimska bo\u017eica \u017eitarica i poljodjelstva. Religijsko-znanstveno tuma\u010denje Cerialia, plebejskog kulta i izvora.","breadcrumb":{"@id":"https:\/\/iwell-guard.com\/hr\/ceres-rimska-bozica-zitarica-i-poljodjelstva\/#breadcrumb"},"inLanguage":"hr","potentialAction":[{"@type":"ReadAction","target":["https:\/\/iwell-guard.com\/hr\/ceres-rimska-bozica-zitarica-i-poljodjelstva\/"]}]},{"@type":"ImageObject","inLanguage":"hr","@id":"https:\/\/iwell-guard.com\/hr\/ceres-rimska-bozica-zitarica-i-poljodjelstva\/#primaryimage","url":"https:\/\/iwell-guard.com\/wp-content\/uploads\/2026\/05\/goetter_rom_ceres.webp","contentUrl":"https:\/\/iwell-guard.com\/wp-content\/uploads\/2026\/05\/goetter_rom_ceres.webp","width":1024,"height":1536,"caption":"Bogovi iz rimske tradicije."},{"@type":"BreadcrumbList","@id":"https:\/\/iwell-guard.com\/hr\/ceres-rimska-bozica-zitarica-i-poljodjelstva\/#breadcrumb","itemListElement":[{"@type":"ListItem","position":1,"name":"Start","item":"https:\/\/iwell-guard.com\/hr\/?page_id=149317"},{"@type":"ListItem","position":2,"name":"Ceres \u2013 rimska bo\u017eica \u017eitarica i poljodjelstva"}]},{"@type":"WebSite","@id":"https:\/\/iwell-guard.com\/hr\/#website","url":"https:\/\/iwell-guard.com\/hr\/","name":"iWell Guard","description":"Schutz vor dunklen Einfl\u00fcssen","publisher":{"@id":"https:\/\/iwell-guard.com\/hr\/#organization"},"potentialAction":[{"@type":"SearchAction","target":{"@type":"EntryPoint","urlTemplate":"https:\/\/iwell-guard.com\/hr\/?s={search_term_string}"},"query-input":{"@type":"PropertyValueSpecification","valueRequired":true,"valueName":"search_term_string"}}],"inLanguage":"hr"},{"@type":"Organization","@id":"https:\/\/iwell-guard.com\/hr\/#organization","name":"Ittermann electronic GmbH","url":"https:\/\/iwell-guard.com\/hr\/","logo":{"@type":"ImageObject","inLanguage":"hr","@id":"https:\/\/iwell-guard.com\/hr\/#\/schema\/logo\/image\/","url":"https:\/\/iwell-guard.com\/wp-content\/uploads\/2026\/05\/Ittermann-Logo-1182x237-1.png","contentUrl":"https:\/\/iwell-guard.com\/wp-content\/uploads\/2026\/05\/Ittermann-Logo-1182x237-1.png","width":1182,"height":237,"caption":"Ittermann electronic GmbH"},"image":{"@id":"https:\/\/iwell-guard.com\/hr\/#\/schema\/logo\/image\/"},"sameAs":["https:\/\/pantip.com\/profile\/9367242","https:\/\/micro.blog\/iwellguard","https:\/\/www.diggerslist.com\/iwellguard\/about","https:\/\/skitterphoto.com\/photographers\/2870314\/iwell-guard","https:\/\/iwellguard.wordpress.com\/2026\/06\/06\/iwell-guard\/","https:\/\/hub.docker.com\/u\/iwellguard","https:\/\/www.pinterest.com\/iwellguard\/","https:\/\/bit.ly\/m\/iwellguard","https:\/\/entre-vos-mains.alsace.eu\/profiles\/iwellguard\/activity","https:\/\/gravatar.com\/reallybeded8fd34","https:\/\/naijamatta.com\/iwellguard","https:\/\/www.goodreads.com\/iwellguard","https:\/\/profile.hatena.ne.jp\/iwellguard\/","https:\/\/experiment.com\/users\/iwellguard","https:\/\/wakelet.com\/@iWellGuard82270","https:\/\/www.chordie.com\/forum\/profile.php?id=2555664","https:\/\/www.instapaper.com\/p\/17757966","https:\/\/www.mapleprimes.com\/users\/iwellguard","https:\/\/businesslistingplus.com\/profile\/iwell-guard\/","https:\/\/telegra.ph\/iWell-Guard-06-06","https:\/\/pbase.com\/iwellguard\/iwellguard","https:\/\/b.hatena.ne.jp\/iwellguard\/20260607#bookmark-4788405196491818882","https:\/\/fliphtml5.com\/home\/iwellguard","https:\/\/anyflip.com\/homepage\/cmiwl#About","https:\/\/transfur.com\/Users\/iwellguard","http:\/\/delphi.larsbo.org\/user\/iwellguard","https:\/\/jobs.lajobsportal.org\/profiles\/8380803-iwell-guard","https:\/\/md.chaosdorf.de\/s\/jfbe5SBdJD","https:\/\/www.lingvolive.com\/en-us\/profile\/9ecaeaca-ce11-4e51-9e71-01d55e2bff36\/translations","https:\/\/www.fitday.com\/fitness\/forums\/members\/iwellguard.html","https:\/\/www.mymeetbook.com\/iwellguard","https:\/\/pxhere.com\/en\/photographer-me\/5040798","https:\/\/disqus.com\/by\/iwellguard\/about\/","https:\/\/pastelink.net\/hjwciqwq","https:\/\/pubhtml5.com\/homepage\/scjhn\/","https:\/\/www.bitchute.com\/channel\/2O2eOKzNqujT","https:\/\/audiomack.com\/iwellguard"]}]}},"_links":{"self":[{"href":"https:\/\/iwell-guard.com\/hr\/wp-json\/wp\/v2\/pages\/149764","targetHints":{"allow":["GET"]}}],"collection":[{"href":"https:\/\/iwell-guard.com\/hr\/wp-json\/wp\/v2\/pages"}],"about":[{"href":"https:\/\/iwell-guard.com\/hr\/wp-json\/wp\/v2\/types\/page"}],"author":[{"embeddable":true,"href":"https:\/\/iwell-guard.com\/hr\/wp-json\/wp\/v2\/users\/3"}],"replies":[{"embeddable":true,"href":"https:\/\/iwell-guard.com\/hr\/wp-json\/wp\/v2\/comments?post=149764"}],"version-history":[{"count":0,"href":"https:\/\/iwell-guard.com\/hr\/wp-json\/wp\/v2\/pages\/149764\/revisions"}],"wp:featuredmedia":[{"embeddable":true,"href":"https:\/\/iwell-guard.com\/hr\/wp-json\/wp\/v2\/media\/3389"}],"wp:attachment":[{"href":"https:\/\/iwell-guard.com\/hr\/wp-json\/wp\/v2\/media?parent=149764"}],"wp:term":[{"taxonomy":"category","embeddable":true,"href":"https:\/\/iwell-guard.com\/hr\/wp-json\/wp\/v2\/categories?post=149764"}],"curies":[{"name":"wp","href":"https:\/\/api.w.org\/{rel}","templated":true}]}}