{"id":149763,"date":"2026-09-04T05:13:18","date_gmt":"2026-09-04T05:13:18","guid":{"rendered":"https:\/\/iwell-guard.com\/?page_id=149763"},"modified":"2026-09-04T05:31:38","modified_gmt":"2026-09-04T05:31:38","slug":"manes-obozavani-duhovi-pokojnika","status":"publish","type":"page","link":"https:\/\/iwell-guard.com\/hr\/manes-obozavani-duhovi-pokojnika\/","title":{"rendered":"Manes \u2013 obo\u017eavani duhovi pokojnika"},"content":{"rendered":"\t\t<div data-elementor-type=\"wp-page\" data-elementor-id=\"149763\" class=\"elementor elementor-149763 elementor-2913 elementor-bc-flex-widget\" data-elementor-post-type=\"page\">\n\t\t\t\t<div class=\"elementor-element elementor-element-heroddf97ec e-flex e-con-boxed e-con e-parent\" data-id=\"heroddf97ec\" data-element_type=\"container\" data-e-type=\"container\">\n\t\t\t\t\t<div class=\"e-con-inner\">\n\t\t\t\t<div class=\"elementor-element elementor-element-heroimgb8292d6 iwg-hero-image elementor-widget elementor-widget-image\" data-id=\"heroimgb8292d6\" data-element_type=\"widget\" data-e-type=\"widget\" data-widget_type=\"image.default\">\n\t\t\t\t\t\t\t\t\t\t\t\t\t\t\t<img fetchpriority=\"high\" decoding=\"async\" width=\"683\" height=\"1024\" src=\"https:\/\/iwell-guard.com\/wp-content\/uploads\/2026\/05\/geister_rom_manen-683x1024.webp\" class=\"attachment-large size-large wp-image-151386\" alt=\"Mani - duhovi iz rimske tradicije, povijesno-ilustrativno\" srcset=\"https:\/\/iwell-guard.com\/wp-content\/uploads\/2026\/05\/geister_rom_manen-683x1024.webp 683w, https:\/\/iwell-guard.com\/wp-content\/uploads\/2026\/05\/geister_rom_manen-200x300.webp 200w, https:\/\/iwell-guard.com\/wp-content\/uploads\/2026\/05\/geister_rom_manen-768x1152.webp 768w, https:\/\/iwell-guard.com\/wp-content\/uploads\/2026\/05\/geister_rom_manen.webp 1024w\" sizes=\"(max-width: 683px) 100vw, 683px\" \/>\t\t\t\t\t\t\t\t\t\t\t\t\t\t\t<\/div>\n\t\t\t\t\t<\/div>\n\t\t\t\t<\/div>\n\t\t<div class=\"elementor-element elementor-element-iwgw-manen-hero e-flex e-con-boxed e-con e-parent\" data-id=\"iwgw-manen-hero\" data-element_type=\"container\" data-e-type=\"container\">\n\t\t\t\t\t<div class=\"e-con-inner\">\n\t\t\t\t<div class=\"elementor-element elementor-element-iwgw-manen-h1 elementor-widget elementor-widget-heading\" data-id=\"iwgw-manen-h1\" data-element_type=\"widget\" data-e-type=\"widget\" data-widget_type=\"heading.default\">\n\t\t\t\t\t<h1 class=\"elementor-heading-title elementor-size-default\">Di Manes \u2013 duhovi mrtvih rimske religije<\/h1>\t\t\t\t<\/div>\n\t\t\t\t<div class=\"elementor-element elementor-element-iwgw-manen-pills elementor-widget elementor-widget-html\" data-id=\"iwgw-manen-pills\" data-element_type=\"widget\" data-e-type=\"widget\" data-widget_type=\"html.default\">\n\t\t\t\t\t<div class=\"iwg-pill-row\"><span class=\"iwg-klasse-badge\" tabindex=\"0\" data-tooltip=\"Duhovi mrtvih tradicije Rim.\">Duhovi mrtvih<\/span><a href=\"https:\/\/iwell-guard.com\/hr\/rim\/\" class=\"iwg-kultur-badge\" tabindex=\"0\" data-tooltip=\"Mitologija tradicije Rim.\">Rim<\/a><span class=\"iwg-tradition-badge\" tabindex=\"0\" data-tooltip=\"Duhovi predaka.\">Duhovi predaka<\/span><\/div>\t\t\t\t<\/div>\n\t\t\t\t<div class=\"elementor-element elementor-element-iwgw-manen-lead elementor-widget elementor-widget-text-editor\" data-id=\"iwgw-manen-lead\" data-element_type=\"widget\" data-e-type=\"widget\" data-widget_type=\"text-editor.default\">\n\t\t\t\t\t\t\t\t\t\nManes (latinski: Di Manes) bili su za Rimljane obo\u017eavani duhovi pokojnika, kojima se iskazivalo bo\u017eansko po\u0161tovanje. Njihov <span class=\"iwg-fachbegriff\" data-tooltip=\"Sveukupnost religijskih obreda po\u0161tovanja neke bo\u017eanske ili svete pojave.\" tabindex=\"0\">kult<\/span> obilje\u017eavao je odnos prema mrtvima od rane Republike do daleko u carsko doba. Manes su se smatrali za\u0161titni\u010dkim bi\u0107ima obitelji te su se prizivali u ku\u0107nim obredima kao \u0161to su Lemuria i Parentalia.\nKao duhovi mrtvih rimske religije, Manes su se po\u0161tovali u ku\u0107nim obredima kao Lemuria i Parentalia.\t\t\t\t\t\t\t\t<\/div>\n\t\t\t\t\t<\/div>\n\t\t\t\t<\/div>\n\t\t<div class=\"elementor-element elementor-element-iwgw-manen-s0 e-flex e-con-boxed e-con e-parent\" data-id=\"iwgw-manen-s0\" data-element_type=\"container\" data-e-type=\"container\">\n\t\t\t\t\t<div class=\"e-con-inner\">\n\t\t\t\t<div class=\"elementor-element elementor-element-iwgw-manen-s0h elementor-widget elementor-widget-heading\" data-id=\"iwgw-manen-s0h\" data-element_type=\"widget\" data-e-type=\"widget\" data-widget_type=\"heading.default\">\n\t\t\t\t\t<h2 class=\"elementor-heading-title elementor-size-default\">Uvod<\/h2>\t\t\t\t<\/div>\n\t\t\t\t<div class=\"elementor-element elementor-element-iwgw-manen-s0t elementor-widget elementor-widget-text-editor\" data-id=\"iwgw-manen-s0t\" data-element_type=\"widget\" data-e-type=\"widget\" data-widget_type=\"text-editor.default\">\n\t\t\t\t\t\t\t\t\t<p><em>Di Manes<\/em>, kra\u0107e Manes, pripadaju temeljnim predod\u017ebama rimske religije. Tim su pojmom Rimljani nazivali duhove pokojnika koji su nakon smrti prelazili u zajedni\u010dko, bo\u017eanski zami\u0161ljeno stanje.<\/p><p>Za razliku od nekih drugih religija, predod\u017eba o sudbini pojedinca nakon smrti u Rimu bila je slabo razvijena. U sredi\u0161tu nije bila individualna du\u0161a, nego sveukupnost mrtvih, kojoj se dugovala njega i po\u0161tovanje.<\/p><p>S religijskopovijesnog gledi\u0161ta, Manes su primjer bliske povezanosti obitelji, sje\u0107anja i religije u Rimu. Skrb za mrtve bila je du\u017enost \u017eivu\u0107e rodbine, a njezino zanemarivanje smatralo se religijskim i dru\u0161tvenim propustom. Kult Manesa bio je tako \u010dvrsto ugra\u0111en u strukturu obitelji i njezinog kontinuiteta.<\/p><p>Manes su bili u promjenjivom odnosu s drugim zagrobnim silama <a href=\"https:\/\/iwell-guard.com\/hr\/rim\/\">rimskog<\/a> svijeta, poput Lara te zloglasnih Larvi i Lemura.<\/p><p>Dok su se Manes obi\u010dno prikazivali kao primatelji du\u017enog po\u0161tovanja, nepokopani ili zanemareni mrtvi mogli su se zami\u0161ljati kao nespokojni, opasni duhovi. Ta raznolikost odra\u017eava va\u017enost pravilnog odnosa prema smrti u rimskom mi\u0161ljenju.<\/p><p>Jezi\u010dno i pravno, Manes su bili \u010dvrsto ukorijenjeni u javnom \u017eivotu. Zakon dvanaest plo\u010da, najstarije pismeno utvr\u0111eno rimsko pravo, ve\u0107 je sadr\u017eavao odredbe o pogrebnom pravu, \u010dime je neizravno \u0161titio podru\u010dje mrtvih.<\/p><p>Pojam Di Manes javlja se jednako u posvetnim formulama, u nadgrobnoj epigrafiji i u pravnom jeziku, \u0161to pokazuje koliko je ta predod\u017eba pro\u017eimala cijelu zajednicu kao ne\u0161to samo po sebi razumljivo.<\/p>\t\t\t\t\t\t\t\t<\/div>\n\t\t\t\t\t<\/div>\n\t\t\t\t<\/div>\n\t\t<div class=\"elementor-element elementor-element-iwgw-manen-s1 e-flex e-con-boxed e-con e-parent\" data-id=\"iwgw-manen-s1\" data-element_type=\"container\" data-e-type=\"container\">\n\t\t\t\t\t<div class=\"e-con-inner\">\n\t\t\t\t<div class=\"elementor-element elementor-element-iwgw-manen-s1h elementor-widget elementor-widget-heading\" data-id=\"iwgw-manen-s1h\" data-element_type=\"widget\" data-e-type=\"widget\" data-widget_type=\"heading.default\">\n\t\t\t\t\t<h2 class=\"elementor-heading-title elementor-size-default\">Ime i etimologija<\/h2>\t\t\t\t<\/div>\n\t\t\t\t<div class=\"elementor-element elementor-element-iwgw-manen-s1t elementor-widget elementor-widget-text-editor\" data-id=\"iwgw-manen-s1t\" data-element_type=\"widget\" data-e-type=\"widget\" data-widget_type=\"text-editor.default\">\n\t\t\t\t\t\t\t\t\t<p>Pojam <em>Manes<\/em> koristi se samo u mno\u017eini i naj\u010de\u0161\u0107e se povezuje s izrazom <em>Di Manes<\/em>, dobri bogovi. <span class=\"iwg-fachbegriff\" data-tooltip=\"Epoha gr\u010dke i rimske kulture, otprilike od 800. pr. Kr. do 600. po. Kr.\" tabindex=\"0\">Anti\u010dko<\/span> tuma\u010denje jezika povezivalo je rije\u010d sa starim latinskim pridjevom <em>manus<\/em>, koji je zna\u010dio dobar.<\/p><p><em>Di Manes<\/em> bili bi tako doslovno dobri bogovi, eufemisti\u010dki naziv tipi\u010dan za oprezan rimski odnos prema podru\u010dju smrti.<\/p><p>Ovo tuma\u010denje kao ubla\u017eavaju\u0107eg naziva religijskopovijesno je znakovito. Pokazuje da su se Rimljani mrtvima obra\u0107ali s mje\u0161avinom po\u0161tovanja i straha, izbjegavaju\u0107i da ih izravno nazovu prijete\u0107ima. Sli\u010dne eufemisti\u010dke strategije nalaze se i u drugim osjetljivim podru\u010djima anti\u010dke religije.<\/p><p>S Manesima je usko povezana bo\u017eica <em>Mania<\/em>, koja se u izvorima djelomi\u010dno javlja kao majka ili gospodarica Manesa. I ovdje je to\u010dan odnos nejasan.<\/p><p>Va\u017eno je da je pojam <em>Manes<\/em> ostao kolektivan. \u010cak i kad se odnosio na pojedinog pokojnika, primjerice u nadgrobnoj formuli, ozna\u010davao ga je kao dio sveukupnosti mrtvih, a ne kao izoliranu pojedina\u010dnu du\u0161u.<\/p>\t\t\t\t\t\t\t\t<\/div>\n\t\t\t\t\t<\/div>\n\t\t\t\t<\/div>\n\t\t<div class=\"elementor-element elementor-element-iwgw-manen-s2 e-flex e-con-boxed e-con e-parent\" data-id=\"iwgw-manen-s2\" data-element_type=\"container\" data-e-type=\"container\">\n\t\t\t\t\t<div class=\"e-con-inner\">\n\t\t\t\t<div class=\"elementor-element elementor-element-iwgw-manen-s2h elementor-widget elementor-widget-heading\" data-id=\"iwgw-manen-s2h\" data-element_type=\"widget\" data-e-type=\"widget\" data-widget_type=\"heading.default\">\n\t\t\t\t\t<h2 class=\"elementor-heading-title elementor-size-default\">Opis i ikonografija<\/h2>\t\t\t\t<\/div>\n\t\t\t\t<div class=\"elementor-element elementor-element-iwgw-manen-s2t elementor-widget elementor-widget-text-editor\" data-id=\"iwgw-manen-s2t\" data-element_type=\"widget\" data-e-type=\"widget\" data-widget_type=\"text-editor.default\">\n\t\t\t\t\t\t\t\t\t<p>Manes nisu imali \u010dvrst likovni oblik. Za razliku od Lara, koji su prikazivani kao plesne figure, Manes su ostali gotovo bez oblika. Umjesto kroz statue u ku\u0107nom sveti\u0161tu, njihovo prisustvo odr\u017eavalo se kroz grob, nadgrobni natpis i ritualni \u010din.<\/p><p>Najva\u017eniji vidljivi trag vjerovanja u Manese jest nadgrobni natpis. Bezbrojni rimski nadgrobni spomenici po\u010dinju formulom <em>D M<\/em> ili <em>D M S<\/em>, kraticom za <em>Dis Manibus<\/em> ili <em>Dis Manibus Sacrum<\/em>, <span class=\"iwg-fachbegriff\" data-tooltip=\"Predano svetom putem religijskog \u010dina i time izdvojeno iz svakodnevice.\" tabindex=\"0\">posve\u0107eno<\/span> Manesima pokojnika.<\/p><p>Ta posveta pretvarala je grob u religijski odre\u0111eno mjesto i stavljala pokojnika pod za\u0161titu i u zajednicu Manesa.<\/p><p>Kad se mrtvi ipak likovno prikazuju, primjerice u knji\u017eevnim opisima pojava, obi\u010dno se zami\u0161ljaju kao blijede, sjenovite prilike. Prilikom no\u0107nih obreda Lemuria svjesno se izbjegavalo gledati nespokojne duhove; upravo pogled na njih trebalo je izbje\u0107i.<\/p><p>Ikonografija Manesa je tako prije svega ikonografija mjesta i pisma, a ne slike. Grobnica, grobno podru\u010dje i uklesana posveta bili su njihov oblik pojavljivanja.<\/p>\t\t\t\t\t\t\t\t<\/div>\n\t\t\t\t\t<\/div>\n\t\t\t\t<\/div>\n\t\t<div class=\"elementor-element elementor-element-iwgw-manen-s3 e-flex e-con-boxed e-con e-parent\" data-id=\"iwgw-manen-s3\" data-element_type=\"container\" data-e-type=\"container\">\n\t\t\t\t\t<div class=\"e-con-inner\">\n\t\t\t\t<div class=\"elementor-element elementor-element-iwgw-manen-s3h elementor-widget elementor-widget-heading\" data-id=\"iwgw-manen-s3h\" data-element_type=\"widget\" data-e-type=\"widget\" data-widget_type=\"heading.default\">\n\t\t\t\t\t<h2 class=\"elementor-heading-title elementor-size-default\">Mitolo\u0161ke pri\u010de i predaja<\/h2>\t\t\t\t<\/div>\n\t\t\t\t<div class=\"elementor-element elementor-element-iwgw-manen-s3t elementor-widget elementor-widget-text-editor\" data-id=\"iwgw-manen-s3t\" data-element_type=\"widget\" data-e-type=\"widget\" data-widget_type=\"text-editor.default\">\n\t\t\t\t\t\t\t\t\t<p>Mani su manje predmet pripovijesti nego obreda. Ipak postoji bogata knji\u017eevna <span class=\"iwg-fachbegriff\" data-tooltip=\"Preno\u0161enje znanja i pripovijesti kroz generacije.\" tabindex=\"0\">predaja<\/span> koja rimsko poimanje odnosa \u017eivih prema mrtvima \u010dini opipljivim. Pjesnik Ovidije u svojim <em>Fasti<\/em> posve\u0107uje opse\u017ene odlomke i Parentalijama i Lemurijama, \u010dime pru\u017ea jedan od najva\u017enijih izvora.<\/p><p>Ovidije izvje\u0161tava da je jednom u ranom Rimu njega mrtvih bila zanemarena zbog rata. Nakon toga su mrtvi kao nemirni duhovi navodno pohodili grad, i tek je ponovno uvo\u0111enje obreda uspostavilo red. Ta pripovijest obja\u0161njava nu\u017enost svetkovina posve\u0107enih mrtvima i nagla\u0161ava zamisao da zanemareni mani mogu postati opasni.<\/p><p>Za Lemurije Ovidije prenosi dojmljiv ku\u0107ni ritual. Otac obitelji ustaje u pono\u0107, hoda bosonog ku\u0107om, baca crni grah preko ramena te pritom izgovara utvr\u0111enu formulu kojom duhove poziva da napuste ku\u0107u.<\/p><p>Takva mjesta pokazuju da je odnos prema mrtvima u Rimu bio precizno ure\u0111en te da su postojale \u010dvrste formule i radnje kojima se odnos prema njima uspostavljao. Sveobuhvatna mitologija zagrobnog \u017eivota s razra\u0111enom topografijom podzemnog svijeta bila je pak prije stvar knji\u017eevnosti pod utjecajem gr\u010dke poezije.<\/p><p>Vergilije u Eneidi daje dojmljivu slika \u0161tovanja mrtvih kada Eneja na grobu svojeg oca Anhiza prinosi sve\u010danu <span class=\"iwg-fachbegriff\" data-tooltip=\"Dar bo\u017eanstvu kojim se izra\u017eava zahvala, molba ili po\u0161tovanje.\" tabindex=\"0\">\u017ertvu<\/span> i priziva o\u010deve mane.<\/p><p>Prizor prikazuje njegu grobnice kao svetu du\u017enost i izraz pietas, povezanosti s precima. I Ciceron nekoliko puta spominje mane, primjerice kad u svojem djelu o zakonima navodi da prava mrtvih zami\u0161ljenih kao bo\u017eanska treba smatrati <span class=\"iwg-fachbegriff\" data-tooltip=\"Ono \u0161to pripada bo\u017eanskome i time je izuzeto iz svakodnevne upotrebe.\" tabindex=\"0\">svetim<\/span>.<\/p>\t\t\t\t\t\t\t\t<\/div>\n\t\t\t\t\t<\/div>\n\t\t\t\t<\/div>\n\t\t<div class=\"elementor-element elementor-element-iwgw-manen-s4 e-flex e-con-boxed e-con e-parent\" data-id=\"iwgw-manen-s4\" data-element_type=\"container\" data-e-type=\"container\">\n\t\t\t\t\t<div class=\"e-con-inner\">\n\t\t\t\t<div class=\"elementor-element elementor-element-iwgw-manen-s4h elementor-widget elementor-widget-heading\" data-id=\"iwgw-manen-s4h\" data-element_type=\"widget\" data-e-type=\"widget\" data-widget_type=\"heading.default\">\n\t\t\t\t\t<h2 class=\"elementor-heading-title elementor-size-default\">Kult i \u0161tovanje<\/h2>\t\t\t\t<\/div>\n\t\t\t\t<div class=\"elementor-element elementor-element-iwgw-manen-s4t elementor-widget elementor-widget-text-editor\" data-id=\"iwgw-manen-s4t\" data-element_type=\"widget\" data-e-type=\"widget\" data-widget_type=\"text-editor.default\">\n\t\t\t\t\t\t\t\t\t<p>Kult mana imao je privatni i javno ure\u0111en dio. U sredi\u0161tu je bila njega grobnice od strane obitelji. Na odre\u0111ene dane uku\u0107ani su donosili darove na grob, primjerice vino, mlijeko, ulje, cvije\u0107e i hranu. Va\u017eno je bilo ispunjenje du\u017enosti i trajno sje\u0107anje, materijalna vrijednost dara nije igrala ulogu.<\/p><p>Sredi\u0161nja javna svetkovina mrtvih bile su <em>Parentalia<\/em> u velja\u010di, koje su trajale nekoliko dana i vrhunac dosezale na blagdan <em>Feralia<\/em>.<\/p><p>U tom razdoblju javni poslovi djelomi\u010dno su po\u010divali, <span class=\"iwg-fachbegriff\" data-tooltip=\"Gra\u0111evina namijenjena \u0161tovanju jednog ili vi\u0161e bo\u017eanstava.\" tabindex=\"0\">hramovi<\/span> su ostajali zatvoreni, a obitelji su odlazile do grobova radi opskrbe mana. Zaklju\u010dak je \u010dini blagdan <em>Caristia<\/em>, dan obiteljskog mirenja me\u0111u \u017eivima, koji je smisleno nadopunjavao njegu mrtvih.<\/p><p>U svibnju su slijedile <em>Lemuria<\/em>, svetkovina nemirnih duhova. Za razliku od prete\u017eno skrbnih Parentalija, Lemurije su imale odbojni karakter. Ovdje je rije\u010d bila o umirivanju i izgonu duhova koji su lutali ku\u0107om.<\/p><p>Postojanje obiju svetkovina jedne uz drugu pokazuje dvostruku prirodu rimskog vjerovanja u mrtve, s jedne strane bri\u017eno \u0161tovanje mana, s druge strane potrebnu odbranu od nemirnih mrtvih. Cijeli taj sklop po\u010divao je na na\u010delu da su \u017eivi prema mrtvima imali trajnu obvezu.<\/p><p>Parentalia su, prema <span class=\"iwg-fachbegriff\" data-tooltip=\"Preno\u0161enje znanja i pripovijesti kroz generacije.\" tabindex=\"0\">predaji<\/span>, po\u010dinjala trinaestog velja\u010de i trajala do dvadeset i prvog, dana Feralija, koji se smatrao javnim zaklju\u010dkom. U tom razdoblju vrijedila su ograni\u010denja javnog \u017eivota. Ovidije u Fastima izvje\u0161tava da se vjen\u010danja nisu odr\u017eavala jer je to vrijeme pripadalo mrtvima te da su du\u017enosnici skidali svoja obilje\u017eja.<\/p><p>Prvih osam dana bilo je rezervirano za privatnu njegu mrtvih u pojedina\u010dnim obiteljima, tek su Feralije imale javni karakter. Sljede\u0107eg dana, na Caristiju ili Cara Cognatio, okupljala se \u017eiva rodbina na zajedni\u010dkom obroku koji je izrijekom slu\u017eio pomirenju me\u0111u \u017eivima.<\/p><p>Lemurije u svibnju padale su na deveti, jedanaesti i trinaesti dan mjeseca. Ovidije njihovo ime izvodi od Lemura, lutaju\u0107ih duhova, i etiolo\u0161ki povezuje svetkovinu s okajanjem za Rema, kojeg je ubio Romul.<\/p><p>I to je knji\u017eevna konstrukcija koja je <span class=\"iwg-fachbegriff\" data-tooltip=\"Utvr\u0111ena, ponavljaju\u0107a religijska radnja.\" tabindex=\"0\">obredu<\/span> dala predpovijest. Tijekom Lemurija <span class=\"iwg-fachbegriff\" data-tooltip=\"Gra\u0111evina namijenjena \u0161tovanju jednog ili vi\u0161e bo\u017eanstava.\" tabindex=\"0\">hramovi<\/span> su ostajali zatvoreni i nisu se odr\u017eavala vjen\u010danja, \u0161to se smatralo nepovoljnim.<\/p>\t\t\t\t\t\t\t\t<\/div>\n\t\t\t\t\t<\/div>\n\t\t\t\t<\/div>\n\t\t<div class=\"elementor-element elementor-element-iwgw-manen-s5 e-flex e-con-boxed e-con e-parent\" data-id=\"iwgw-manen-s5\" data-element_type=\"container\" data-e-type=\"container\">\n\t\t\t\t\t<div class=\"e-con-inner\">\n\t\t\t\t<div class=\"elementor-element elementor-element-iwgw-manen-s5h elementor-widget elementor-widget-heading\" data-id=\"iwgw-manen-s5h\" data-element_type=\"widget\" data-e-type=\"widget\" data-widget_type=\"heading.default\">\n\t\t\t\t\t<h2 class=\"elementor-heading-title elementor-size-default\">Za\u0161titna praksa i apotropejski elementi<\/h2>\t\t\t\t<\/div>\n\t\t\t\t<div class=\"elementor-element elementor-element-iwgw-manen-s5t elementor-widget elementor-widget-text-editor\" data-id=\"iwgw-manen-s5t\" data-element_type=\"widget\" data-e-type=\"widget\" data-widget_type=\"text-editor.default\">\n\t\t\t\t\t\t\t\t\t<p>U odnosu prema Manima za\u0161tita je prije svega bila za\u0161tita kroz pravilnu skrb. Sve dok su mrtvi bili propisno pokopani i redovito zbrinjavani, Mani su se smatrali dobrohotnim, dobrim bo\u017eanstvima \u010dija blizina nije predstavljala prijetnju.<\/p><p>Prema rimskom vjerovanju, opasnost je prijetila kada bi du\u017enost bila zanemarena, kada bi netko ostao nepokopan ili kada bi grob bio oskvrnut.<\/p><p>Za takve slu\u010dajeve rimska religija poznavala je obredne postupke odbijanja. Najpoznatiji primjer je bacanje grahorica tijekom Lemurija. Otac obitelji koristio je crno grahorje, izgovarao odre\u0111enu formulu i izvodio \u010din u strogo utvr\u0111enom redoslijedu u no\u0107nim satima.<\/p><p>Cilj <span class=\"iwg-fachbegriff\" data-tooltip=\"Ure\u0111eni slijed simboli\u010dnih \u010dina s religijskim ili kulturnim zna\u010denjem.\" tabindex=\"0\">rituala<\/span> bio je umiriti duhove i navesti ih da napuste ku\u0107u. Zna\u010dajno je da onaj koji je izvodio obred nije smio gledati duhove i morao se dr\u017eati utvr\u0111enih rije\u010di i pokreta.<\/p><p>Za\u0161titnu funkciju imalo je i pravo groba. Grobovi su se smatrali <em>loci religiosi<\/em>, mjestima religijskog karaktera, \u010dije je oskvrnjivanje povla\u010dilo kaznu. Nadgrobni natpisi ponekad sadr\u017ee kletve protiv mogu\u0107ih oskvrnitelja grobova i stavljaju grob pod za\u0161titu Mana.<\/p><p>Tako su se pravni propisi i religijska vjerovanja spajali u za\u0161titu koja nije toliko \u0161titila \u017eiv\u0435 od mrtvih, koliko je mrtve \u0161titila od \u017eivih. U cjelini, praksa za\u0161tite sastojala se u o\u010duvanju poretka izme\u0111u ta dva podru\u010dja.<\/p><p>Jo\u0161 jedan oblik ure\u0111enog odnosa prema mrtvima bilo je pomirenje u slu\u010daju neobi\u010dne smrti. Onaj koji je ostao nepokopan, primjerice zato \u0161to tijelo nije bilo prona\u0111eno, smatrao se izlo\u017eenim opasnosti da luta bez po\u010dinka, zbog \u010dega se u takvim slu\u010dajevima mogao podignuti prazan grob, kenotaf.<\/p><p>Time se pokojniku simboli\u010dno dodjeljivalo mjesto i omogu\u0107avao mu se prijelaz u zajednicu Mana.<\/p>\t\t\t\t\t\t\t\t<\/div>\n\t\t\t\t\t<\/div>\n\t\t\t\t<\/div>\n\t\t<div class=\"elementor-element elementor-element-iwgw-manen-s6 e-flex e-con-boxed e-con e-parent\" data-id=\"iwgw-manen-s6\" data-element_type=\"container\" data-e-type=\"container\">\n\t\t\t\t\t<div class=\"e-con-inner\">\n\t\t\t\t<div class=\"elementor-element elementor-element-iwgw-manen-s6h elementor-widget elementor-widget-heading\" data-id=\"iwgw-manen-s6h\" data-element_type=\"widget\" data-e-type=\"widget\" data-widget_type=\"heading.default\">\n\t\t\t\t\t<h2 class=\"elementor-heading-title elementor-size-default\">Paralele u drugim kulturama<\/h2>\t\t\t\t<\/div>\n\t\t\t\t<div class=\"elementor-element elementor-element-iwgw-manen-s6t elementor-widget elementor-widget-text-editor\" data-id=\"iwgw-manen-s6t\" data-element_type=\"widget\" data-e-type=\"widget\" data-widget_type=\"text-editor.default\">\n\t\t\t\t\t\t\t\t\t<p>Rimski kult Mana dobro se uklapa u \u0161iroko polje kulta predaka i mrtvih koje se susre\u0107e u brojnim kulturama.<\/p><p>Unutar rimske religije Mani stoje uz Lare i Penate, ali i uz Larve i Lemure koji su se smatrali opasnima. Dok su Lari bili vi\u0161e vezani za odre\u0111eno mjesto, Mani su se odnosili na mrtve kao takve.<\/p><p>Gr\u010dku paralelu nudi \u0161tovanje pokojnika u okviru gr\u010dkih kultova mrtvih, primjerice njega grobova i predod\u017eba o sjenama u podzemnom svijetu. I gr\u010dki svijet poznavao je dane u kojima se posebno intenzivno mislilo na mrtve, kao i obrede kojima su se odbijali nespokojni duhovi.<\/p><p>Potpuno izjedna\u010davanje ipak nije mogu\u0107e, jer su religijski okviri bili razli\u010diti. Rimski naglasak na obiteljskoj du\u017enosti i pravno za\u0161ti\u0107enom grobnom mjestu ima svoj vlastiti pe\u010dat.<\/p><p>U znanstvenom smislu, Mani pripadaju tipu kolektivnog kulta predaka, u kojem je u prvom planu zajednica mrtvih i njihov trajni odnos prema \u017eivima, a ne individualna sudbina u zagrobnom \u017eivotu. Rimski oblik toga kulta iznimno je dobro dokumentiran natpisima i pokazuje koliko su religija, obitelj i kultura sje\u0107anja bile me\u0111usobno povezane.<\/p>\t\t\t\t\t\t\t\t<\/div>\n\t\t\t\t\t<\/div>\n\t\t\t\t<\/div>\n\t\t<div class=\"elementor-element elementor-element-iwgw-manen-s7 e-flex e-con-boxed e-con e-parent\" data-id=\"iwgw-manen-s7\" data-element_type=\"container\" data-e-type=\"container\">\n\t\t\t\t\t<div class=\"e-con-inner\">\n\t\t\t\t<div class=\"elementor-element elementor-element-iwgw-manen-s7h elementor-widget elementor-widget-heading\" data-id=\"iwgw-manen-s7h\" data-element_type=\"widget\" data-e-type=\"widget\" data-widget_type=\"heading.default\">\n\t\t\t\t\t<h2 class=\"elementor-heading-title elementor-size-default\">Suvremena recepcija i istra\u017eivanja<\/h2>\t\t\t\t<\/div>\n\t\t\t\t<div class=\"elementor-element elementor-element-iwgw-manen-s7t elementor-widget elementor-widget-text-editor\" data-id=\"iwgw-manen-s7t\" data-element_type=\"widget\" data-e-type=\"widget\" data-widget_type=\"text-editor.default\">\n\t\t\t\t\t\t\t\t\t<p>Mani su sredi\u0161nja tema u istra\u017eivanju rimske religije, jer se odnose na odnos prema smrti, a time na temeljno podru\u010dje svake religije.<\/p><p>Georg Wissowa i Kurt Latte podrobno su se bavili kultom mrtvih, a u novijim istra\u017eivanjima, me\u0111u ostalima, John Scheid i J\u00f6rg R\u00fcpke izradili su obredne i dru\u0161tvene dimenzije Parentalija i Lemurija.<\/p><p>Va\u017enu skupinu izvora \u010dine brojni nadgrobni natpisi s formulom <em>Dis Manibus<\/em>. Oni istra\u017eiva\u010dima omogu\u0107uju da prat\u0435 rasprostranjenost kulta Mana po cijelom Carstvu, kroz sve dru\u0161tvene slojeve i u dugom razdoblju. <span class=\"iwg-fachbegriff\" data-tooltip=\"Znanost o natpisima.\" tabindex=\"0\">Epigrafija<\/span> je tako pokazala koliko je predod\u017eba o Manima bila samorazumljivo ukorijenjena u rimskoj svakodnevici.<\/p><p>U dana\u0161njoj op\u0107oj kulturi pojam Mana manje je poznat nego, primjerice, pojam glavnih rimskih bo\u017eanstava, ali se redovito javlja u prou\u010davanju anti\u010dkih pogrebnih obi\u010daja, u muzejima i u povijesnom obrazovanju.<\/p><p>Kratica <em>D M<\/em> na nadgrobnim spomenicima poznata je svakome tko se bavi rimskom <span class=\"iwg-fachbegriff\" data-tooltip=\"Znanost o natpisima.\" tabindex=\"0\">epigrafijom<\/span>. Za <span class=\"iwg-fachbegriff\" data-tooltip=\"Znanost koja istra\u017euje religije uspore\u0111uju\u0107i ih, bez vjerske pripadnosti.\" tabindex=\"0\">religiologiju<\/span> Mani ostaju va\u017ean primjer toga kako je jedno dru\u0161tvo <span class=\"iwg-fachbegriff\" data-tooltip=\"Ono \u0161to pripada utvr\u0111enom religijskom obrednom slijedu.\" tabindex=\"0\">ritualno<\/span> ure\u0111ivalo odnos izme\u0111u \u017eivih i mrtvih.<\/p><p>Novija istra\u017eivanja osobito su istaknula dru\u0161tvenu funkciju obred\u00e2 posve\u0107enih mrtvima. Parentalia i naknadna Caristia bili su obredi za mrtve, a istovremeno i prigode u kojima se obitelj, preko granice izme\u0111u \u017eivota i smrti, potvr\u0111ivala kao trajna zajednica.<\/p><p>Nadgrobni natpisi, koji \u010desto bilje\u017ee dru\u0161tveni status, dob i obiteljske veze pokojnika, stoga se u istra\u017eivanjima smatraju istovremeno religijskim i prvorazrednim izvorom za dru\u0161tvenu povijest.<\/p>\t\t\t\t\t\t\t\t<\/div>\n\t\t\t\t\t<\/div>\n\t\t\t\t<\/div>\n\t\t<div class=\"elementor-element elementor-element-iwgw-manen-lit e-flex e-con-boxed e-con e-parent\" data-id=\"iwgw-manen-lit\" data-element_type=\"container\" data-e-type=\"container\">\n\t\t\t\t\t<div class=\"e-con-inner\">\n\t\t\t\t<div class=\"elementor-element elementor-element-iwgw-manen-lith elementor-widget elementor-widget-heading\" data-id=\"iwgw-manen-lith\" data-element_type=\"widget\" data-e-type=\"widget\" data-widget_type=\"heading.default\">\n\t\t\t\t\t<h2 class=\"elementor-heading-title elementor-size-default\">Literatura (izbor)<\/h2>\t\t\t\t<\/div>\n\t\t\t\t<div class=\"elementor-element elementor-element-iwgw-manen-litt elementor-widget elementor-widget-text-editor\" data-id=\"iwgw-manen-litt\" data-element_type=\"widget\" data-e-type=\"widget\" data-widget_type=\"text-editor.default\">\n\t\t\t\t\t\t\t\t\t<div data-nosnippet=\"true\"><ul><li>Georg Wissowa: <em>Religion und Kultus der R\u00f6mer<\/em> (1912)<\/li><li>Kurt Latte: <em>R\u00f6mische Religionsgeschichte<\/em> (1960)<\/li><li><span data-nosnippet>Mary Beard, John North, Simon Price: <em>Religions of Rome<\/em> (1998)<\/span><\/li><li>John Scheid: <em>An Introduction to Roman Religion<\/em> (2003)<\/li><li>J\u00f6rg R\u00fcpke: <em>Die Religion der R\u00f6mer<\/em> (2001)<\/li><\/ul><\/div>\t\t\t\t\t\t\t\t<\/div>\n\t\t\t\t\t<\/div>\n\t\t\t\t<\/div>\n\t\t<div class=\"elementor-element elementor-element-iwgw-manen-kwd e-flex e-con-boxed e-con e-parent\" data-id=\"iwgw-manen-kwd\" data-element_type=\"container\" data-e-type=\"container\">\n\t\t\t\t\t<div class=\"e-con-inner\">\n\t\t\t\t<div class=\"elementor-element elementor-element-iwgw-manen-kwdt elementor-widget elementor-widget-text-editor\" data-id=\"iwgw-manen-kwdt\" data-element_type=\"widget\" data-e-type=\"widget\" data-widget_type=\"text-editor.default\">\n\t\t\t\t\t\t\t\t\t<p><em>Povezani klju\u010dni pojmovi: Mani Di Manes Parentalia Lemuria Feralia kult mrtvih Dis Manibus preci.<\/em><\/p>\t\t\t\t\t\t\t\t<\/div>\n\t\t\t\t\t<\/div>\n\t\t\t\t<\/div>\n\t\t<div class=\"elementor-element elementor-element-iwgw-manen-cc e-flex e-con-boxed e-con e-parent\" data-id=\"iwgw-manen-cc\" data-element_type=\"container\" data-e-type=\"container\" id=\"iwg-cc-manen\">\n\t\t\t\t\t<div class=\"e-con-inner\">\n\t\t<div class=\"elementor-element elementor-element-iwgw-manen-ccinner e-flex e-con-boxed e-con e-parent\" data-id=\"iwgw-manen-ccinner\" data-element_type=\"container\" data-e-type=\"container\" data-settings=\"{&quot;background_background&quot;:&quot;classic&quot;}\">\n\t\t\t\t\t<div class=\"e-con-inner\">\n\t\t\t\t<div class=\"elementor-element elementor-element-iwgw-manen-cch elementor-widget elementor-widget-heading\" data-id=\"iwgw-manen-cch\" data-element_type=\"widget\" data-e-type=\"widget\" data-widget_type=\"heading.default\">\n\t\t\t\t\t<h2 class=\"elementor-heading-title elementor-size-default\">iWell Guard i tradicije za\u0161tite<\/h2>\t\t\t\t<\/div>\n\t\t\t\t<div class=\"elementor-element elementor-element-iwgw-manen-cct elementor-widget elementor-widget-text-editor\" data-id=\"iwgw-manen-cct\" data-element_type=\"widget\" data-e-type=\"widget\" data-widget_type=\"text-editor.default\">\n\t\t\t\t\t\t\t\t\t<div data-nosnippet=\"true\"><p>iWell Guard nastavlja kulturnopovijesnu tradiciju prenosivih za\u0161titnih predmeta, u tradiciji <a href=\"https:\/\/iwell-guard.com\/hr\/rim\/\">Rima<\/a> i mnogih drugih kultura \u0161irom svijeta. 41 razina, pravo zlato, platina, srebro, izra\u0111eno u Njema\u010dkoj. Pravo povrata u 30 dana.<\/p><\/div>\t\t\t\t\t\t\t\t<\/div>\n\t\t\t\t<div class=\"elementor-element elementor-element-iwgw-manen-ccb iwg-cc-button iwg-cc-cta-2026-05-13 elementor-widget elementor-widget-jet-button\" data-id=\"iwgw-manen-ccb\" data-element_type=\"widget\" data-e-type=\"widget\" data-widget_type=\"jet-button.default\">\n\t\t\t\t<div class=\"elementor-widget-container\">\n\t\t\t\t\t<div class=\"elementor-jet-button jet-elements\"><div class=\"jet-button__container\"><a class=\"jet-button__instance jet-button__instance--icon-left hover-effect-1\" href=\"\/ueber-iwell-guard\/?utm_source=iwell-guard.com&amp;utm_medium=info-box&amp;utm_campaign=wesen-tradition\"><div class=\"jet-button__plane jet-button__plane-normal\"><\/div><div class=\"jet-button__plane jet-button__plane-hover\"><\/div><div class=\"jet-button__state jet-button__state-normal\"><span class=\"jet-button__label\">Vi\u0161e o iWell Guardu<\/span><\/div><div class=\"jet-button__state jet-button__state-hover\"><span class=\"jet-button__label\">Vi\u0161e o iWell Guardu<\/span><\/div><\/a><\/div><\/div><style>.elementor-element.elementor-element-iwgw-manen-ccb .jet-button__instance{width:320px;height:56px;}.elementor-element.elementor-element-iwgw-manen-ccb .jet-button__state-normal .jet-button__label{text-align:center;margin:0px 0px 0px 0px;color:#1a1b20;font-family:Montserrat,sans-serif;font-size:13px;font-weight:400;letter-spacing:4px;line-height:1.714em;text-transform:uppercase;}.elementor-element.elementor-element-iwgw-manen-ccb .jet-button__state-hover .jet-button__label{text-align:center;margin:0px 0px 0px 0px;color:#FECC76;font-family:Montserrat,sans-serif;font-size:13px;font-weight:400;letter-spacing:4px;line-height:1.714em;text-transform:uppercase;}.elementor-element.elementor-element-iwgw-manen-ccb .jet-button__plane-normal{background-color:#FECC76;border-style:solid;border-color:#C99540;border-width:2px 2px 2px 2px;}.elementor-element.elementor-element-iwgw-manen-ccb .jet-button__plane-hover{background-color:rgba(0,0,0,0.55);border-style:solid;border-color:#FECC76;border-width:2px 2px 2px 2px;}<\/style>\t\t\t\t<\/div>\n\t\t\t\t<\/div>\n\t\t\t\t<div class=\"elementor-element elementor-element-iwgw-manen-ccd elementor-widget elementor-widget-text-editor\" data-id=\"iwgw-manen-ccd\" data-element_type=\"widget\" data-e-type=\"widget\" data-widget_type=\"text-editor.default\">\n\t\t\t\t\t\t\t\t\t<div data-nosnippet=\"true\"><p style=\"text-align:center;font-size:13px;opacity:0.7;margin-top:14px\" data-nosnippet=\"true\">Osobna iskustva mogu se razlikovati. Nije medicinski proizvod. Nema obe\u0107anja izlje\u010denja.<\/p><\/div>\t\t\t\t\t\t\t\t<\/div>\n\t\t\t\t\t<\/div>\n\t\t\t\t<\/div>\n\t\t\t\t\t<\/div>\n\t\t\t\t<\/div>\n\t\t<div class=\"elementor-element elementor-element-iwgw-manen-disc e-flex e-con-boxed e-con e-parent\" data-id=\"iwgw-manen-disc\" data-element_type=\"container\" data-e-type=\"container\">\n\t\t\t\t\t<div class=\"e-con-inner\">\n\t\t\t\t<div class=\"elementor-element elementor-element-iwgw-manen-discw elementor-widget elementor-widget-html\" data-id=\"iwgw-manen-discw\" data-element_type=\"widget\" data-e-type=\"widget\" data-widget_type=\"html.default\">\n\t\t\t\t\t<footer data-nosnippet=\"true\" class=\"iwg-disclaimer-block\"><p data-nosnippet=\"true\">iWell Guard <strong>nije medicinski proizvod<\/strong> i ne zamjenjuje lije\u010dni\u010dko ili psihoterapeutsko lije\u010denje. Religijsko-znanstveni sadr\u017eaji predstavljaju kulturno-povijesnu interpretaciju, a ne preporuku duhovne prakse.<\/p><\/footer>\t\t\t\t<\/div>\n\t\t\t\t\t<\/div>\n\t\t\t\t<\/div>\n\t\t\t\t<\/div>\n\t\t","protected":false},"excerpt":{"rendered":"","protected":false},"author":3,"featured_media":3388,"parent":0,"menu_order":0,"comment_status":"closed","ping_status":"closed","template":"elementor_header_footer","meta":{"_yoast_wpseo_focuskw":"Manes rimski duhovi mrtvih","_yoast_wpseo_title":"Manes \u2013 duhovi mrtvih rimske religije","_yoast_wpseo_metadesc":"Manes su obo\u017eavani duhovi pokojnika u rimskoj vjeri. Religijskopovijesno tuma\u010denje uz Parentalia, Lemuria i kult.","_yoast_wpseo_meta-robots-noindex":"","_yoast_wpseo_canonical":"","_angie_page":false,"gefaehrdungsstufe":"2","wesen_kultur":"rom","wesen_klasse":"geister","footnotes":""},"categories":[],"class_list":["post-149763","page","type-page","status-publish","has-post-thumbnail","hentry"],"yoast_head":"<!-- This site is optimized with the Yoast SEO Premium plugin v27.7 (Yoast SEO v28.3) - https:\/\/yoast.com\/product\/yoast-seo-premium-wordpress\/ -->\n<title>Manes \u2013 duhovi mrtvih rimske religije<\/title>\n<meta name=\"description\" content=\"Manes su obo\u017eavani duhovi pokojnika u rimskoj vjeri. Religijskopovijesno tuma\u010denje uz Parentalia, Lemuria i kult.\" \/>\n<meta name=\"robots\" content=\"index, follow, max-snippet:-1, max-image-preview:large, max-video-preview:-1\" \/>\n<link rel=\"canonical\" href=\"https:\/\/iwell-guard.com\/hr\/manes-obozavani-duhovi-pokojnika\/\" \/>\n<meta property=\"og:locale\" content=\"hr_HR\" \/>\n<meta property=\"og:type\" content=\"article\" \/>\n<meta property=\"og:title\" content=\"Manes \u2013 obo\u017eavani duhovi pokojnika\" \/>\n<meta property=\"og:description\" content=\"Manes su obo\u017eavani duhovi pokojnika u rimskoj vjeri. Religijskopovijesno tuma\u010denje uz Parentalia, Lemuria i kult.\" \/>\n<meta property=\"og:url\" content=\"https:\/\/iwell-guard.com\/hr\/manes-obozavani-duhovi-pokojnika\/\" \/>\n<meta property=\"og:site_name\" content=\"iWell Guard\" \/>\n<meta property=\"article:modified_time\" content=\"2026-09-04T05:31:38+00:00\" \/>\n<meta property=\"og:image\" content=\"https:\/\/iwell-guard.com\/wp-content\/uploads\/2026\/05\/geister_rom_manen.webp\" \/>\n\t<meta property=\"og:image:width\" content=\"1024\" \/>\n\t<meta property=\"og:image:height\" content=\"1536\" \/>\n\t<meta property=\"og:image:type\" content=\"image\/webp\" \/>\n<meta name=\"twitter:card\" content=\"summary_large_image\" \/>\n<script type=\"application\/ld+json\" class=\"yoast-schema-graph\">{\"@context\":\"https:\\\/\\\/schema.org\",\"@graph\":[{\"@type\":\"WebPage\",\"@id\":\"https:\\\/\\\/iwell-guard.com\\\/hr\\\/manes-obozavani-duhovi-pokojnika\\\/\",\"url\":\"https:\\\/\\\/iwell-guard.com\\\/hr\\\/manes-obozavani-duhovi-pokojnika\\\/\",\"name\":\"Manes \u2013 duhovi mrtvih rimske religije\",\"isPartOf\":{\"@id\":\"https:\\\/\\\/iwell-guard.com\\\/hr\\\/#website\"},\"primaryImageOfPage\":{\"@id\":\"https:\\\/\\\/iwell-guard.com\\\/hr\\\/manes-obozavani-duhovi-pokojnika\\\/#primaryimage\"},\"image\":{\"@id\":\"https:\\\/\\\/iwell-guard.com\\\/hr\\\/manes-obozavani-duhovi-pokojnika\\\/#primaryimage\"},\"thumbnailUrl\":\"https:\\\/\\\/iwell-guard.com\\\/wp-content\\\/uploads\\\/2026\\\/05\\\/geister_rom_manen.webp\",\"datePublished\":\"2026-09-04T05:13:18+00:00\",\"dateModified\":\"2026-09-04T05:31:38+00:00\",\"description\":\"Manes su obo\u017eavani duhovi pokojnika u rimskoj vjeri. Religijskopovijesno tuma\u010denje uz Parentalia, Lemuria i kult.\",\"breadcrumb\":{\"@id\":\"https:\\\/\\\/iwell-guard.com\\\/hr\\\/manes-obozavani-duhovi-pokojnika\\\/#breadcrumb\"},\"inLanguage\":\"hr\",\"potentialAction\":[{\"@type\":\"ReadAction\",\"target\":[\"https:\\\/\\\/iwell-guard.com\\\/hr\\\/manes-obozavani-duhovi-pokojnika\\\/\"]}]},{\"@type\":\"ImageObject\",\"inLanguage\":\"hr\",\"@id\":\"https:\\\/\\\/iwell-guard.com\\\/hr\\\/manes-obozavani-duhovi-pokojnika\\\/#primaryimage\",\"url\":\"https:\\\/\\\/iwell-guard.com\\\/wp-content\\\/uploads\\\/2026\\\/05\\\/geister_rom_manen.webp\",\"contentUrl\":\"https:\\\/\\\/iwell-guard.com\\\/wp-content\\\/uploads\\\/2026\\\/05\\\/geister_rom_manen.webp\",\"width\":1024,\"height\":1536,\"caption\":\"Duhovi iz rimske tradicije.\"},{\"@type\":\"BreadcrumbList\",\"@id\":\"https:\\\/\\\/iwell-guard.com\\\/hr\\\/manes-obozavani-duhovi-pokojnika\\\/#breadcrumb\",\"itemListElement\":[{\"@type\":\"ListItem\",\"position\":1,\"name\":\"Start\",\"item\":\"https:\\\/\\\/iwell-guard.com\\\/hr\\\/?page_id=149317\"},{\"@type\":\"ListItem\",\"position\":2,\"name\":\"Manes \u2013 obo\u017eavani duhovi pokojnika\"}]},{\"@type\":\"WebSite\",\"@id\":\"https:\\\/\\\/iwell-guard.com\\\/hr\\\/#website\",\"url\":\"https:\\\/\\\/iwell-guard.com\\\/hr\\\/\",\"name\":\"iWell Guard\",\"description\":\"Schutz vor dunklen Einfl\u00fcssen\",\"publisher\":{\"@id\":\"https:\\\/\\\/iwell-guard.com\\\/hr\\\/#organization\"},\"potentialAction\":[{\"@type\":\"SearchAction\",\"target\":{\"@type\":\"EntryPoint\",\"urlTemplate\":\"https:\\\/\\\/iwell-guard.com\\\/hr\\\/?s={search_term_string}\"},\"query-input\":{\"@type\":\"PropertyValueSpecification\",\"valueRequired\":true,\"valueName\":\"search_term_string\"}}],\"inLanguage\":\"hr\"},{\"@type\":\"Organization\",\"@id\":\"https:\\\/\\\/iwell-guard.com\\\/hr\\\/#organization\",\"name\":\"Ittermann electronic GmbH\",\"url\":\"https:\\\/\\\/iwell-guard.com\\\/hr\\\/\",\"logo\":{\"@type\":\"ImageObject\",\"inLanguage\":\"hr\",\"@id\":\"https:\\\/\\\/iwell-guard.com\\\/hr\\\/#\\\/schema\\\/logo\\\/image\\\/\",\"url\":\"https:\\\/\\\/iwell-guard.com\\\/wp-content\\\/uploads\\\/2026\\\/05\\\/Ittermann-Logo-1182x237-1.png\",\"contentUrl\":\"https:\\\/\\\/iwell-guard.com\\\/wp-content\\\/uploads\\\/2026\\\/05\\\/Ittermann-Logo-1182x237-1.png\",\"width\":1182,\"height\":237,\"caption\":\"Ittermann electronic GmbH\"},\"image\":{\"@id\":\"https:\\\/\\\/iwell-guard.com\\\/hr\\\/#\\\/schema\\\/logo\\\/image\\\/\"},\"sameAs\":[\"https:\\\/\\\/pantip.com\\\/profile\\\/9367242\",\"https:\\\/\\\/micro.blog\\\/iwellguard\",\"https:\\\/\\\/www.diggerslist.com\\\/iwellguard\\\/about\",\"https:\\\/\\\/skitterphoto.com\\\/photographers\\\/2870314\\\/iwell-guard\",\"https:\\\/\\\/iwellguard.wordpress.com\\\/2026\\\/06\\\/06\\\/iwell-guard\\\/\",\"https:\\\/\\\/hub.docker.com\\\/u\\\/iwellguard\",\"https:\\\/\\\/www.pinterest.com\\\/iwellguard\\\/\",\"https:\\\/\\\/bit.ly\\\/m\\\/iwellguard\",\"https:\\\/\\\/entre-vos-mains.alsace.eu\\\/profiles\\\/iwellguard\\\/activity\",\"https:\\\/\\\/gravatar.com\\\/reallybeded8fd34\",\"https:\\\/\\\/naijamatta.com\\\/iwellguard\",\"https:\\\/\\\/www.goodreads.com\\\/iwellguard\",\"https:\\\/\\\/profile.hatena.ne.jp\\\/iwellguard\\\/\",\"https:\\\/\\\/experiment.com\\\/users\\\/iwellguard\",\"https:\\\/\\\/wakelet.com\\\/@iWellGuard82270\",\"https:\\\/\\\/www.chordie.com\\\/forum\\\/profile.php?id=2555664\",\"https:\\\/\\\/www.instapaper.com\\\/p\\\/17757966\",\"https:\\\/\\\/www.mapleprimes.com\\\/users\\\/iwellguard\",\"https:\\\/\\\/businesslistingplus.com\\\/profile\\\/iwell-guard\\\/\",\"https:\\\/\\\/telegra.ph\\\/iWell-Guard-06-06\",\"https:\\\/\\\/pbase.com\\\/iwellguard\\\/iwellguard\",\"https:\\\/\\\/b.hatena.ne.jp\\\/iwellguard\\\/20260607#bookmark-4788405196491818882\",\"https:\\\/\\\/fliphtml5.com\\\/home\\\/iwellguard\",\"https:\\\/\\\/anyflip.com\\\/homepage\\\/cmiwl#About\",\"https:\\\/\\\/transfur.com\\\/Users\\\/iwellguard\",\"http:\\\/\\\/delphi.larsbo.org\\\/user\\\/iwellguard\",\"https:\\\/\\\/jobs.lajobsportal.org\\\/profiles\\\/8380803-iwell-guard\",\"https:\\\/\\\/md.chaosdorf.de\\\/s\\\/jfbe5SBdJD\",\"https:\\\/\\\/www.lingvolive.com\\\/en-us\\\/profile\\\/9ecaeaca-ce11-4e51-9e71-01d55e2bff36\\\/translations\",\"https:\\\/\\\/www.fitday.com\\\/fitness\\\/forums\\\/members\\\/iwellguard.html\",\"https:\\\/\\\/www.mymeetbook.com\\\/iwellguard\",\"https:\\\/\\\/pxhere.com\\\/en\\\/photographer-me\\\/5040798\",\"https:\\\/\\\/disqus.com\\\/by\\\/iwellguard\\\/about\\\/\",\"https:\\\/\\\/pastelink.net\\\/hjwciqwq\",\"https:\\\/\\\/pubhtml5.com\\\/homepage\\\/scjhn\\\/\",\"https:\\\/\\\/www.bitchute.com\\\/channel\\\/2O2eOKzNqujT\",\"https:\\\/\\\/audiomack.com\\\/iwellguard\"]},{\"@type\":\"Article\",\"@id\":\"https:\\\/\\\/iwell-guard.com\\\/hr\\\/manes-obozavani-duhovi-pokojnika\\\/#article\",\"isPartOf\":{\"@id\":\"https:\\\/\\\/iwell-guard.com\\\/hr\\\/manes-obozavani-duhovi-pokojnika\\\/\"},\"author\":{\"name\":\"Ralf Ittermann\",\"@id\":\"https:\\\/\\\/iwell-guard.com\\\/hr\\\/#\\\/schema\\\/person\\\/ee2a27f1cac3406c7c6fb5820cb7349f\"},\"headline\":\"Manes \u2013 obo\u017eavani duhovi pokojnika\",\"datePublished\":\"2026-09-04T05:13:18+00:00\",\"dateModified\":\"2026-09-04T05:31:38+00:00\",\"mainEntityOfPage\":{\"@id\":\"https:\\\/\\\/iwell-guard.com\\\/hr\\\/manes-obozavani-duhovi-pokojnika\\\/\"},\"publisher\":{\"@id\":\"https:\\\/\\\/iwell-guard.com\\\/hr\\\/#organization\"},\"image\":{\"@id\":\"https:\\\/\\\/iwell-guard.com\\\/hr\\\/manes-obozavani-duhovi-pokojnika\\\/#primaryimage\"},\"thumbnailUrl\":\"https:\\\/\\\/iwell-guard.com\\\/wp-content\\\/uploads\\\/2026\\\/05\\\/geister_rom_manen.webp\",\"inLanguage\":\"hr\",\"description\":\"Manes su obo\u017eavani duhovi pokojnika u rimskoj vjeri. Religijskopovijesno tuma\u010denje uz Parentalia, Lemuria i kult.\"}]}<\/script>\n<!-- \/ Yoast SEO Premium plugin. -->","yoast_head_json":{"title":"Manes \u2013 duhovi mrtvih rimske religije","description":"Manes su obo\u017eavani duhovi pokojnika u rimskoj vjeri. Religijskopovijesno tuma\u010denje uz Parentalia, Lemuria i kult.","robots":{"index":"index","follow":"follow","max-snippet":"max-snippet:-1","max-image-preview":"max-image-preview:large","max-video-preview":"max-video-preview:-1"},"canonical":"https:\/\/iwell-guard.com\/hr\/manes-obozavani-duhovi-pokojnika\/","og_locale":"hr_HR","og_type":"article","og_title":"Manes \u2013 obo\u017eavani duhovi pokojnika","og_description":"Manes su obo\u017eavani duhovi pokojnika u rimskoj vjeri. Religijskopovijesno tuma\u010denje uz Parentalia, Lemuria i kult.","og_url":"https:\/\/iwell-guard.com\/hr\/manes-obozavani-duhovi-pokojnika\/","og_site_name":"iWell Guard","article_modified_time":"2026-09-04T05:31:38+00:00","og_image":[{"width":1024,"height":1536,"url":"https:\/\/iwell-guard.com\/wp-content\/uploads\/2026\/05\/geister_rom_manen.webp","type":"image\/webp"}],"twitter_card":"summary_large_image","schema":{"@context":"https:\/\/schema.org","@graph":[{"@type":"Article","@id":"https:\/\/iwell-guard.com\/hr\/manes-obozavani-duhovi-pokojnika\/#article","isPartOf":{"@id":"https:\/\/iwell-guard.com\/hr\/manes-obozavani-duhovi-pokojnika\/"},"author":{"name":"Ralf Ittermann","@id":"https:\/\/iwell-guard.com\/hr\/#\/schema\/person\/ee2a27f1cac3406c7c6fb5820cb7349f"},"headline":"Manes \u2013 obo\u017eavani duhovi pokojnika","datePublished":"2026-09-04T05:13:18+00:00","dateModified":"2026-09-04T05:31:38+00:00","mainEntityOfPage":{"@id":"https:\/\/iwell-guard.com\/hr\/manes-obozavani-duhovi-pokojnika\/"},"publisher":{"@id":"https:\/\/iwell-guard.com\/hr\/#organization"},"image":{"@id":"https:\/\/iwell-guard.com\/hr\/manes-obozavani-duhovi-pokojnika\/#primaryimage"},"thumbnailUrl":"https:\/\/iwell-guard.com\/wp-content\/uploads\/2026\/05\/geister_rom_manen.webp","inLanguage":"hr","description":"Manes su obo\u017eavani duhovi pokojnika u rimskoj vjeri. Religijskopovijesno tuma\u010denje uz Parentalia, Lemuria i kult."},{"@type":"WebPage","@id":"https:\/\/iwell-guard.com\/hr\/manes-obozavani-duhovi-pokojnika\/","url":"https:\/\/iwell-guard.com\/hr\/manes-obozavani-duhovi-pokojnika\/","name":"Manes \u2013 duhovi mrtvih rimske religije","isPartOf":{"@id":"https:\/\/iwell-guard.com\/hr\/#website"},"primaryImageOfPage":{"@id":"https:\/\/iwell-guard.com\/hr\/manes-obozavani-duhovi-pokojnika\/#primaryimage"},"image":{"@id":"https:\/\/iwell-guard.com\/hr\/manes-obozavani-duhovi-pokojnika\/#primaryimage"},"thumbnailUrl":"https:\/\/iwell-guard.com\/wp-content\/uploads\/2026\/05\/geister_rom_manen.webp","datePublished":"2026-09-04T05:13:18+00:00","dateModified":"2026-09-04T05:31:38+00:00","description":"Manes su obo\u017eavani duhovi pokojnika u rimskoj vjeri. Religijskopovijesno tuma\u010denje uz Parentalia, Lemuria i kult.","breadcrumb":{"@id":"https:\/\/iwell-guard.com\/hr\/manes-obozavani-duhovi-pokojnika\/#breadcrumb"},"inLanguage":"hr","potentialAction":[{"@type":"ReadAction","target":["https:\/\/iwell-guard.com\/hr\/manes-obozavani-duhovi-pokojnika\/"]}]},{"@type":"ImageObject","inLanguage":"hr","@id":"https:\/\/iwell-guard.com\/hr\/manes-obozavani-duhovi-pokojnika\/#primaryimage","url":"https:\/\/iwell-guard.com\/wp-content\/uploads\/2026\/05\/geister_rom_manen.webp","contentUrl":"https:\/\/iwell-guard.com\/wp-content\/uploads\/2026\/05\/geister_rom_manen.webp","width":1024,"height":1536,"caption":"Duhovi iz rimske tradicije."},{"@type":"BreadcrumbList","@id":"https:\/\/iwell-guard.com\/hr\/manes-obozavani-duhovi-pokojnika\/#breadcrumb","itemListElement":[{"@type":"ListItem","position":1,"name":"Start","item":"https:\/\/iwell-guard.com\/hr\/?page_id=149317"},{"@type":"ListItem","position":2,"name":"Manes \u2013 obo\u017eavani duhovi pokojnika"}]},{"@type":"WebSite","@id":"https:\/\/iwell-guard.com\/hr\/#website","url":"https:\/\/iwell-guard.com\/hr\/","name":"iWell Guard","description":"Schutz vor dunklen Einfl\u00fcssen","publisher":{"@id":"https:\/\/iwell-guard.com\/hr\/#organization"},"potentialAction":[{"@type":"SearchAction","target":{"@type":"EntryPoint","urlTemplate":"https:\/\/iwell-guard.com\/hr\/?s={search_term_string}"},"query-input":{"@type":"PropertyValueSpecification","valueRequired":true,"valueName":"search_term_string"}}],"inLanguage":"hr"},{"@type":"Organization","@id":"https:\/\/iwell-guard.com\/hr\/#organization","name":"Ittermann electronic GmbH","url":"https:\/\/iwell-guard.com\/hr\/","logo":{"@type":"ImageObject","inLanguage":"hr","@id":"https:\/\/iwell-guard.com\/hr\/#\/schema\/logo\/image\/","url":"https:\/\/iwell-guard.com\/wp-content\/uploads\/2026\/05\/Ittermann-Logo-1182x237-1.png","contentUrl":"https:\/\/iwell-guard.com\/wp-content\/uploads\/2026\/05\/Ittermann-Logo-1182x237-1.png","width":1182,"height":237,"caption":"Ittermann electronic GmbH"},"image":{"@id":"https:\/\/iwell-guard.com\/hr\/#\/schema\/logo\/image\/"},"sameAs":["https:\/\/pantip.com\/profile\/9367242","https:\/\/micro.blog\/iwellguard","https:\/\/www.diggerslist.com\/iwellguard\/about","https:\/\/skitterphoto.com\/photographers\/2870314\/iwell-guard","https:\/\/iwellguard.wordpress.com\/2026\/06\/06\/iwell-guard\/","https:\/\/hub.docker.com\/u\/iwellguard","https:\/\/www.pinterest.com\/iwellguard\/","https:\/\/bit.ly\/m\/iwellguard","https:\/\/entre-vos-mains.alsace.eu\/profiles\/iwellguard\/activity","https:\/\/gravatar.com\/reallybeded8fd34","https:\/\/naijamatta.com\/iwellguard","https:\/\/www.goodreads.com\/iwellguard","https:\/\/profile.hatena.ne.jp\/iwellguard\/","https:\/\/experiment.com\/users\/iwellguard","https:\/\/wakelet.com\/@iWellGuard82270","https:\/\/www.chordie.com\/forum\/profile.php?id=2555664","https:\/\/www.instapaper.com\/p\/17757966","https:\/\/www.mapleprimes.com\/users\/iwellguard","https:\/\/businesslistingplus.com\/profile\/iwell-guard\/","https:\/\/telegra.ph\/iWell-Guard-06-06","https:\/\/pbase.com\/iwellguard\/iwellguard","https:\/\/b.hatena.ne.jp\/iwellguard\/20260607#bookmark-4788405196491818882","https:\/\/fliphtml5.com\/home\/iwellguard","https:\/\/anyflip.com\/homepage\/cmiwl#About","https:\/\/transfur.com\/Users\/iwellguard","http:\/\/delphi.larsbo.org\/user\/iwellguard","https:\/\/jobs.lajobsportal.org\/profiles\/8380803-iwell-guard","https:\/\/md.chaosdorf.de\/s\/jfbe5SBdJD","https:\/\/www.lingvolive.com\/en-us\/profile\/9ecaeaca-ce11-4e51-9e71-01d55e2bff36\/translations","https:\/\/www.fitday.com\/fitness\/forums\/members\/iwellguard.html","https:\/\/www.mymeetbook.com\/iwellguard","https:\/\/pxhere.com\/en\/photographer-me\/5040798","https:\/\/disqus.com\/by\/iwellguard\/about\/","https:\/\/pastelink.net\/hjwciqwq","https:\/\/pubhtml5.com\/homepage\/scjhn\/","https:\/\/www.bitchute.com\/channel\/2O2eOKzNqujT","https:\/\/audiomack.com\/iwellguard"]},{"@type":"Person","@id":"https:\/\/iwell-guard.com\/hr\/#\/schema\/person\/ee2a27f1cac3406c7c6fb5820cb7349f","name":"Ralf Ittermann","image":{"@type":"ImageObject","inLanguage":"hr","@id":"https:\/\/secure.gravatar.com\/avatar\/073c0153e350a5005b68eb752b445fea71f6b24a26da9449ad7e155e6b446c9d?s=96&d=mm&r=g","url":"https:\/\/secure.gravatar.com\/avatar\/073c0153e350a5005b68eb752b445fea71f6b24a26da9449ad7e155e6b446c9d?s=96&d=mm&r=g","contentUrl":"https:\/\/secure.gravatar.com\/avatar\/073c0153e350a5005b68eb752b445fea71f6b24a26da9449ad7e155e6b446c9d?s=96&d=mm&r=g","caption":"Ralf Ittermann"},"givenName":"Ralf","familyName":"Ittermann","jobTitle":"Gesch\u00e4ftsf\u00fchrer und redaktioneller Verantwortlicher","url":"https:\/\/iwell-guard.com\/hr\/author\/claude\/","description":"Ralf Ittermann ist Gesch\u00e4ftsf\u00fchrer der Ittermann electronic GmbH und redaktioneller Verantwortlicher des iWell-Guard-Lexikons. Er verbindet langj\u00e4hrige Erfahrung in der Pr\u00e4zisionsfertigung mit medialer Praxis und religionsgeschichtlicher Quellenarbeit.","worksFor":{"@type":"Organization","name":"Ittermann electronic GmbH","url":"https:\/\/ittermann.de\/","address":{"@type":"PostalAddress","streetAddress":"K\u00f6hlergasse 16-18","postalCode":"99842","addressLocality":"Ruhla","addressCountry":"DE"}},"knowsAbout":["Religionsgeschichte","Mythologie","Mediale Praxis","Energetische Diagnostik","Schutzpraxis","Volksglauben","Westliche Esoterik"]},{"@type":"Article","@id":"https:\/\/iwell-guard.com\/hr\/manes-obozavani-duhovi-pokojnika\/#article","isPartOf":{"@id":"https:\/\/iwell-guard.com\/hr\/manes-obozavani-duhovi-pokojnika\/"},"author":{"name":"Ralf Ittermann","@id":"https:\/\/iwell-guard.com\/hr\/#\/schema\/person\/ee2a27f1cac3406c7c6fb5820cb7349f"},"headline":"Manes \u2013 obo\u017eavani duhovi pokojnika","datePublished":"2026-09-04T05:13:18+00:00","dateModified":"2026-09-04T05:31:38+00:00","mainEntityOfPage":{"@id":"https:\/\/iwell-guard.com\/hr\/manes-obozavani-duhovi-pokojnika\/"},"publisher":{"@id":"https:\/\/iwell-guard.com\/hr\/#organization"},"image":{"@id":"https:\/\/iwell-guard.com\/hr\/manes-obozavani-duhovi-pokojnika\/#primaryimage"},"thumbnailUrl":"https:\/\/iwell-guard.com\/wp-content\/uploads\/2026\/05\/geister_rom_manen.webp","inLanguage":"hr","description":"Manes su obo\u017eavani duhovi pokojnika u rimskoj vjeri. Religijskopovijesno tuma\u010denje uz Parentalia, Lemuria i kult."}]}},"_links":{"self":[{"href":"https:\/\/iwell-guard.com\/hr\/wp-json\/wp\/v2\/pages\/149763","targetHints":{"allow":["GET"]}}],"collection":[{"href":"https:\/\/iwell-guard.com\/hr\/wp-json\/wp\/v2\/pages"}],"about":[{"href":"https:\/\/iwell-guard.com\/hr\/wp-json\/wp\/v2\/types\/page"}],"author":[{"embeddable":true,"href":"https:\/\/iwell-guard.com\/hr\/wp-json\/wp\/v2\/users\/3"}],"replies":[{"embeddable":true,"href":"https:\/\/iwell-guard.com\/hr\/wp-json\/wp\/v2\/comments?post=149763"}],"version-history":[{"count":0,"href":"https:\/\/iwell-guard.com\/hr\/wp-json\/wp\/v2\/pages\/149763\/revisions"}],"wp:featuredmedia":[{"embeddable":true,"href":"https:\/\/iwell-guard.com\/hr\/wp-json\/wp\/v2\/media\/3388"}],"wp:attachment":[{"href":"https:\/\/iwell-guard.com\/hr\/wp-json\/wp\/v2\/media?parent=149763"}],"wp:term":[{"taxonomy":"category","embeddable":true,"href":"https:\/\/iwell-guard.com\/hr\/wp-json\/wp\/v2\/categories?post=149763"}],"curies":[{"name":"wp","href":"https:\/\/api.w.org\/{rel}","templated":true}]}}