{"id":149762,"date":"2026-09-04T05:13:18","date_gmt":"2026-09-04T05:13:18","guid":{"rendered":"https:\/\/iwell-guard.com\/?page_id=149762"},"modified":"2026-09-04T05:31:37","modified_gmt":"2026-09-04T05:31:37","slug":"lari-rimski-zastitni-duhovi-doma","status":"publish","type":"page","link":"https:\/\/iwell-guard.com\/hr\/lari-rimski-zastitni-duhovi-doma\/","title":{"rendered":"Lari \u2013 rimski za\u0161titni duhovi doma"},"content":{"rendered":"\t\t<div data-elementor-type=\"wp-page\" data-elementor-id=\"149762\" class=\"elementor elementor-149762 elementor-2912 elementor-bc-flex-widget\" data-elementor-post-type=\"page\">\n\t\t\t\t<div class=\"elementor-element elementor-element-heroddfb9ef e-flex e-con-boxed e-con e-parent\" data-id=\"heroddfb9ef\" data-element_type=\"container\" data-e-type=\"container\">\n\t\t\t\t\t<div class=\"e-con-inner\">\n\t\t\t\t<div class=\"elementor-element elementor-element-heroimg581263b iwg-hero-image elementor-widget elementor-widget-image\" data-id=\"heroimg581263b\" data-element_type=\"widget\" data-e-type=\"widget\" data-widget_type=\"image.default\">\n\t\t\t\t\t\t\t\t\t\t\t\t\t\t\t<img fetchpriority=\"high\" decoding=\"async\" width=\"683\" height=\"1024\" src=\"https:\/\/iwell-guard.com\/wp-content\/uploads\/2026\/05\/geister_rom_laren-1-683x1024.webp\" class=\"attachment-large size-large wp-image-151387\" alt=\"Lari \u2013 duhovi iz rimske tradicije, povijesno-ilustrativno\" srcset=\"https:\/\/iwell-guard.com\/wp-content\/uploads\/2026\/05\/geister_rom_laren-1-683x1024.webp 683w, https:\/\/iwell-guard.com\/wp-content\/uploads\/2026\/05\/geister_rom_laren-1-200x300.webp 200w, https:\/\/iwell-guard.com\/wp-content\/uploads\/2026\/05\/geister_rom_laren-1-768x1152.webp 768w, https:\/\/iwell-guard.com\/wp-content\/uploads\/2026\/05\/geister_rom_laren-1.webp 1024w\" sizes=\"(max-width: 683px) 100vw, 683px\" \/>\t\t\t\t\t\t\t\t\t\t\t\t\t\t\t<\/div>\n\t\t\t\t\t<\/div>\n\t\t\t\t<\/div>\n\t\t<div class=\"elementor-element elementor-element-iwgw-laren-hero e-flex e-con-boxed e-con e-parent\" data-id=\"iwgw-laren-hero\" data-element_type=\"container\" data-e-type=\"container\">\n\t\t\t\t\t<div class=\"e-con-inner\">\n\t\t\t\t<div class=\"elementor-element elementor-element-iwgw-laren-h1 elementor-widget elementor-widget-heading\" data-id=\"iwgw-laren-h1\" data-element_type=\"widget\" data-e-type=\"widget\" data-widget_type=\"heading.default\">\n\t\t\t\t\t<h1 class=\"elementor-heading-title elementor-size-default\">Lari \u2013 za\u0161titni duhovi doma, obitelji i raskri\u017eja<\/h1>\t\t\t\t<\/div>\n\t\t\t\t<div class=\"elementor-element elementor-element-iwgw-laren-pills elementor-widget elementor-widget-html\" data-id=\"iwgw-laren-pills\" data-element_type=\"widget\" data-e-type=\"widget\" data-widget_type=\"html.default\">\n\t\t\t\t\t<div class=\"iwg-pill-row\"><span class=\"iwg-klasse-badge\" tabindex=\"0\" data-tooltip=\"Za\u0161titni duhovi tradicije Rim.\">Za\u0161titni duhovi<\/span><a href=\"https:\/\/iwell-guard.com\/hr\/rim\/\" class=\"iwg-kultur-badge\" tabindex=\"0\" data-tooltip=\"Mitologija tradicije Rim.\">Rim<\/a><span class=\"iwg-tradition-badge\" tabindex=\"0\" data-tooltip=\"Duhovi doma.\">Duhovi doma<\/span><\/div>\t\t\t\t<\/div>\n\t\t\t\t<div class=\"elementor-element elementor-element-iwgw-laren-lead elementor-widget elementor-widget-text-editor\" data-id=\"iwgw-laren-lead\" data-element_type=\"widget\" data-e-type=\"widget\" data-widget_type=\"text-editor.default\">\n\t\t\t\t\t\t\t\t\t<p>Lari su jedne od najprisnijih pojava rimske svakodnevne religije. Kao za\u0161titni duhovi bdjeli su nad domom, obitelji i raskri\u017ejima puteva. Njihov <span class=\"iwg-fachbegriff\" data-tooltip=\"Ukupnost religijskih obreda \u0161tovanja neke bo\u017eanske ili svete pojave.\" tabindex=\"0\">kult<\/span> povezivao je privatni dom i javni prostor.<\/p>\t\t\t\t\t\t\t\t<\/div>\n\t\t\t\t\t<\/div>\n\t\t\t\t<\/div>\n\t\t<div class=\"elementor-element elementor-element-iwgw-laren-s0 e-flex e-con-boxed e-con e-parent\" data-id=\"iwgw-laren-s0\" data-element_type=\"container\" data-e-type=\"container\">\n\t\t\t\t\t<div class=\"e-con-inner\">\n\t\t\t\t<div class=\"elementor-element elementor-element-iwgw-laren-s0h elementor-widget elementor-widget-heading\" data-id=\"iwgw-laren-s0h\" data-element_type=\"widget\" data-e-type=\"widget\" data-widget_type=\"heading.default\">\n\t\t\t\t\t<h2 class=\"elementor-heading-title elementor-size-default\">Uvod<\/h2>\t\t\t\t<\/div>\n\t\t\t\t<div class=\"elementor-element elementor-element-iwgw-laren-s0t elementor-widget elementor-widget-text-editor\" data-id=\"iwgw-laren-s0t\" data-element_type=\"widget\" data-e-type=\"widget\" data-widget_type=\"text-editor.default\">\n\t\t\t\t\t\t\t\t\t<p>Lari se ubrajaju me\u0111u najkarakteristi\u010dnije pojave rimske religije. Nisu bili veliki bogovi s razvijenim mitovima, nego za\u0161titni duhovi tijesno vezani za konkretna mjesta i dru\u0161tvene zajednice.<\/p><p>U sredi\u0161tu je bio <em>Lar familiaris<\/em>, za\u0161titni duh pojedinog doma i njegovih stanovnika, koji su prema rimskom shva\u0107anju uklju\u010divali i robove. Uz njega su postojali i <em>Lares compitales<\/em>, koji su se \u0161tovali na <em>compita<\/em>, raskri\u017ejima puteva, i \u0161titili susjedstvo.<\/p><p>S religijskopovijesnog gledi\u0161ta lari su primjer tijesne povezanosti religije i dru\u0161tvenog poretka u rimskom mi\u0161ljenju. Gdje su ljudi \u017eivjeli zajedno ili gdje su se granice doticale, tamo su djelovali i lari. <span class=\"iwg-fachbegriff\" data-tooltip=\"Ukupnost religijskih obreda \u0161tovanja neke bo\u017eanske ili svete pojave.\" tabindex=\"0\">Kult<\/span> je time bio manje vezan za doktrinu, a vi\u0161e za praksu i mjesto.<\/p><p>U starijim istra\u017eivanjima lari su se \u010desto tuma\u010dili kao duhovi predaka, dok su u novijim radovima shva\u0107eni prije kao duhovi mjesta koji osiguravaju napredak odre\u0111enog podru\u010dja. Precizno razgrani\u010denje od <a href=\"https:\/\/iwell-guard.com\/hr\/rim\/\">rimskih<\/a> Mana i Penata ostalo je nejasno i u <span class=\"iwg-fachbegriff\" data-tooltip=\"Razdoblje gr\u010dke i rimske kulture, otprilike od 800. pr. Kr. do 600. po. Kr.\" tabindex=\"0\">antici<\/span>.<\/p><p>Zna\u010denje lara sezalo je od najmanjeg selja\u010dkog imanja do glavnoga grada. Car Augustan povezao je kult lara s reformom gradskih okruga i spojio ga sa svojim vlastitim Genijem. Tako je pu\u010dki kult doma postao dio dr\u017eavnog religijskog poretka.<\/p>\t\t\t\t\t\t\t\t<\/div>\n\t\t\t\t\t<\/div>\n\t\t\t\t<\/div>\n\t\t<div class=\"elementor-element elementor-element-iwgw-laren-s1 e-flex e-con-boxed e-con e-parent\" data-id=\"iwgw-laren-s1\" data-element_type=\"container\" data-e-type=\"container\">\n\t\t\t\t\t<div class=\"e-con-inner\">\n\t\t\t\t<div class=\"elementor-element elementor-element-iwgw-laren-s1h elementor-widget elementor-widget-heading\" data-id=\"iwgw-laren-s1h\" data-element_type=\"widget\" data-e-type=\"widget\" data-widget_type=\"heading.default\">\n\t\t\t\t\t<h2 class=\"elementor-heading-title elementor-size-default\">Ime i etimologija<\/h2>\t\t\t\t<\/div>\n\t\t\t\t<div class=\"elementor-element elementor-element-iwgw-laren-s1t elementor-widget elementor-widget-text-editor\" data-id=\"iwgw-laren-s1t\" data-element_type=\"widget\" data-e-type=\"widget\" data-widget_type=\"text-editor.default\">\n\t\t\t\t\t\t\t\t\t<p>Ime <em>Lar<\/em>, u mno\u017eini <em>Lares<\/em>, jezi\u010dno nije potpuno razja\u0161njeno. Sama <span class=\"iwg-fachbegriff\" data-tooltip=\"Razdoblje gr\u010dke i rimske kulture, otprilike od 800. pr. Kr. do 600. po. Kr.\" tabindex=\"0\">antika<\/span> poznavala je vi\u0161e tuma\u010denja, bez da se ijedno kona\u010dno nametnulo.<\/p><p>Ra\u0161ireno je mi\u0161ljenje suvremenih istra\u017eiva\u010da da rije\u010d potje\u010de iz etru\u0161\u010danskog korijena, jer se <em>lar<\/em> u etru\u0161\u010danskom javlja kao dio osobnih imena i kao naziv za gospodara ili knez. Nije mogu\u0107e sa sigurno\u0161\u0107u utvrditi je li iz toga proiza\u0161ao religijski pojam ili je, obrnuto, posrijedi preuzimanje latinske rije\u010di.<\/p><p>Druga linija tuma\u010denja povezuje ime s pojmovima za mrtve ili za pogreb, \u010dime podupire stariju tezu o duhu pretka. Same izvore jednom govore o <em>Lares<\/em> kao sinovima bo\u017eice po imenu <em>Mania<\/em> ili <em>Lara<\/em>, \u0161to opet upu\u0107uje na povezanost s podzemljem.<\/p><p>Va\u017eno je da su Rimljani preferirali mno\u017einu. Iako se o <em>Lar familiaris<\/em> govori u jednini, u doma\u0107oj kapeli obi\u010dno se javljaju dva lika lara.<\/p><p>Mno\u017eina je odgovarala predod\u017ebi da se radi o skupini istovrsnih za\u0161titnih duhova, a ne o pojedina\u010dnoj osobi s biografijom. Time je pojam ostao prilagodljiv i mogao se prenositi na razli\u010dita podru\u010dja, od doma preko raskri\u017eja do polja, morskih puteva i \u010ditavih putovanja.<\/p>\t\t\t\t\t\t\t\t<\/div>\n\t\t\t\t\t<\/div>\n\t\t\t\t<\/div>\n\t\t<div class=\"elementor-element elementor-element-iwgw-laren-s2 e-flex e-con-boxed e-con e-parent\" data-id=\"iwgw-laren-s2\" data-element_type=\"container\" data-e-type=\"container\">\n\t\t\t\t\t<div class=\"e-con-inner\">\n\t\t\t\t<div class=\"elementor-element elementor-element-iwgw-laren-s2h elementor-widget elementor-widget-heading\" data-id=\"iwgw-laren-s2h\" data-element_type=\"widget\" data-e-type=\"widget\" data-widget_type=\"heading.default\">\n\t\t\t\t\t<h2 class=\"elementor-heading-title elementor-size-default\">Opis i ikonografija<\/h2>\t\t\t\t<\/div>\n\t\t\t\t<div class=\"elementor-element elementor-element-iwgw-laren-s2t elementor-widget elementor-widget-text-editor\" data-id=\"iwgw-laren-s2t\" data-element_type=\"widget\" data-e-type=\"widget\" data-widget_type=\"text-editor.default\">\n\t\t\t\t\t\t\t\t\t<p>Slikovni prikaz lara dobro je poznat zahvaljuju\u0107i brojnim nalazima iz Pompeja, Herkulaneuma i drugih mjesta. Tipi\u010dni lar prikazuje se kao mladena\u010dka mu\u0161ka figura u kratkoj, opasanoj tunici, \u010desto u plesnom koraku ili s podignutom nogom, u \u017eivahnom pokretu.<\/p><p>U rukama naj\u010de\u0161\u0107e dr\u017ei piju\u0107i rog, <em>rhyton<\/em>, i plosnatu \u017ertvenu posudu, <em>pateru<\/em>, a ponekad i kabao.<\/p><p>Figure su stajale u <em>Lariju<\/em>, ku\u0107nom sveti\u0161tu koje je, ovisno o bogatstvu doma, bilo oblikovano kao naslikana ni\u0161a, mali drveni hramski objekt ili razra\u0111ena zidna slika. \u010cesto su prikazana dva ple\u0161u\u0107a lara s obje strane sredi\u0161nje figure.<\/p><p>Ta sredi\u0161nja figura obi\u010dno je <em>Genij<\/em> doma\u0107ina, koji prikazuje mu\u0161karca u togi i pokrivene glave prilikom <span class=\"iwg-fachbegriff\" data-tooltip=\"Dar bo\u017eanstvu radi izra\u017eavanja zahvale, molbe ili \u0161tovanja.\" tabindex=\"0\">\u017ertve<\/span>. Ispod te scene \u010desto se povija zmija, koja se tuma\u010di kao za\u0161titni duh mjesta ili kao otjelovljenje plodne snage doma.<\/p><p>Pokretljivost likova lara upada u o\u010di i razlikuje ih od mirne dostojanstvenosti mnogih drugih rimskih bo\u017eanskih slika. Djeluju vi\u0161e kao poslu\u017eni, \u017eivahni duhovi nego kao veli\u010danstvena bo\u017eanstva. Ta ikonografija ostala je iznena\u0111uju\u0107e stabilna kroz stolje\u0107a i bila je ra\u0161irena po \u010ditavom rimskom zapadu, \u0161to upu\u0107uje na \u010dvrstu likovnu tradiciju ku\u0107noga kulta.<\/p>\t\t\t\t\t\t\t\t<\/div>\n\t\t\t\t\t<\/div>\n\t\t\t\t<\/div>\n\t\t<div class=\"elementor-element elementor-element-iwgw-laren-s3 e-flex e-con-boxed e-con e-parent\" data-id=\"iwgw-laren-s3\" data-element_type=\"container\" data-e-type=\"container\">\n\t\t\t\t\t<div class=\"e-con-inner\">\n\t\t\t\t<div class=\"elementor-element elementor-element-iwgw-laren-s3h elementor-widget elementor-widget-heading\" data-id=\"iwgw-laren-s3h\" data-element_type=\"widget\" data-e-type=\"widget\" data-widget_type=\"heading.default\">\n\t\t\t\t\t<h2 class=\"elementor-heading-title elementor-size-default\">Mitolo\u0161ke pri\u010de i predaja<\/h2>\t\t\t\t<\/div>\n\t\t\t\t<div class=\"elementor-element elementor-element-iwgw-laren-s3t elementor-widget elementor-widget-text-editor\" data-id=\"iwgw-laren-s3t\" data-element_type=\"widget\" data-e-type=\"widget\" data-widget_type=\"text-editor.default\">\n\t\t\t\t\t\t\t\t\t<p>Za razliku od velikih bo\u017eanstava, Lari nisu imali razvijenu mitologiju. Bili su duhovi funkcije, \u010dije je zna\u010denje po\u010divalo u praksi, a ne u pripovijestima. Ipak, postoje neka knji\u017eevna mjesta koja im daju predznanje.<\/p><p>Pjesnik Ovidije u svojim <em>Fasti<\/em> pripovijeda o nimfi Lari, koju je Jupiter kaznio zbog njezine brbljavosti i poslao u podzemni svijet.<\/p><p>Na putu tamo Merkur s njom za\u010dinje blizance, <em>Lares<\/em>, koji od tada \u010duvaju na raskri\u017ejima. Ova pri\u010da knji\u017eevna je konstrukcija carskog doba, \u010dija je svrha bila darovati kultu Lara mitsko podrijetlo.<\/p><p>U Plautovoj komediji <em>Lar familiaris<\/em> pojavljuje se \u010dak kao lik koji govori na pozornici. U prologu <em>Aulularije<\/em> obja\u0161njava da \u010duva ku\u0107u i blago skriveno u njoj te da se brine za stanovnike, ovisno o tome koliko ga bri\u017eno \u0161tuju.<\/p><p>Ovo mjesto vrijedno je za povijest religije jer pokazuje kako se ku\u0107ni duh do\u017eivljavao u svakodnevici, kao pa\u017eljivog promatra\u010da koji nagra\u0111uje <span class=\"iwg-fachbegriff\" data-tooltip=\"\u017divi religiozni stav i praksa jedne osobe.\" tabindex=\"0\">pobo\u017enost<\/span> i lo\u0161e prima nemar.<\/p><p>Sveukupno je <span class=\"iwg-fachbegriff\" data-tooltip=\"Preno\u0161enje znanja i pri\u010da kroz generacije.\" tabindex=\"0\">predaja<\/span> o Larima ostala fragmentarna. Njihovu povijest lak\u0161e je rekonstruirati iz arheolo\u0161kih nalaza, natpisa i uzgrednih spomena u knji\u017eevnosti nego iz zatvorenog mitskog kruga. Ba\u0161 ta oskudnost izvora \u010dini ih va\u017enim svjedo\u010danstvom da je rimska religija u velikoj mjeri bila religija djelovanja.<\/p>\t\t\t\t\t\t\t\t<\/div>\n\t\t\t\t\t<\/div>\n\t\t\t\t<\/div>\n\t\t<div class=\"elementor-element elementor-element-iwgw-laren-s4 e-flex e-con-boxed e-con e-parent\" data-id=\"iwgw-laren-s4\" data-element_type=\"container\" data-e-type=\"container\">\n\t\t\t\t\t<div class=\"e-con-inner\">\n\t\t\t\t<div class=\"elementor-element elementor-element-iwgw-laren-s4h elementor-widget elementor-widget-heading\" data-id=\"iwgw-laren-s4h\" data-element_type=\"widget\" data-e-type=\"widget\" data-widget_type=\"heading.default\">\n\t\t\t\t\t<h2 class=\"elementor-heading-title elementor-size-default\">Kult i \u0161tovanje<\/h2>\t\t\t\t<\/div>\n\t\t\t\t<div class=\"elementor-element elementor-element-iwgw-laren-s4t elementor-widget elementor-widget-text-editor\" data-id=\"iwgw-laren-s4t\" data-element_type=\"widget\" data-e-type=\"widget\" data-widget_type=\"text-editor.default\">\n\t\t\t\t\t\t\t\t\t<p>Kult Lara bio je duboko usidren u ku\u0107anskom \u017eivotu. Svakoga dana doma\u0107in ili doma\u0107ica mogli su Larima prinijeti male darove: dio hrane, tamjan, vino ili cvije\u0107e.<\/p><p>Posebnu pa\u017enju Lari su dobivali na kalende, none i ide svakoga mjeseca, kao i u klju\u010dnim trenucima obiteljskog \u017eivota. Kada bi mladi\u0107 navukao <em>toga virilis<\/em>, kada bi mladenka u\u0161la u novu ku\u0107u ili kada bi se neko vratio s putovanja, <span class=\"iwg-fachbegriff\" data-tooltip=\"Dar bo\u017eanstvu radi izra\u017eavanja zahvale, molbe ili po\u010dasti.\" tabindex=\"0\">\u017ertva<\/span> Larima bila je sastavni dio tog obreda.<\/p><p>U javnom prostoru \u0161tovani su <em>Lares compitales<\/em>. Na raskri\u017ejima puteva stajala su mala sveti\u0161ta \u010diji je <span class=\"iwg-fachbegriff\" data-tooltip=\"Ukupnost obrednih radnji \u0161tovanja jednog bo\u017eanstva ili svete pojave.\" tabindex=\"0\">kult<\/span> vodila susjedska udru\u017eenja. Godi\u0161nji zimski blagdan <em>Compitalia<\/em> bio je pomi\u010dni blagdan \u010diji je datum svake godine odre\u0111ivao magistrat.<\/p><p>Prilikom tog blagdana sveti\u0161ta su se ukra\u0161avala, prinosile su se \u017ertve i stanovni\u0161tvo je zajedni\u010dki slavilo. Ta udru\u017eenja, <em>collegia compitalicia<\/em>, imala su tijekom vremena znatnu politi\u010dku te\u017einu, zbog \u010dega su u kasnoj Republici bila vi\u0161e puta ograni\u010davana.<\/p><p>Augusto je kult raskri\u017eja iznova organizirao od 7. godine prije na\u0161e ere. Grad je podijelio na okruge i naredio da se na raskri\u017ejima \u0161tuju <em>Lares Augusti<\/em> zajedno s njegovim vlastitim Genijem.<\/p><p>Nositelji kulta bili su <em>vicomagistri<\/em>, \u010desto oslobo\u0111enici, kojima je time dodijeljena religijska i dru\u0161tvena ulogu. Na taj je na\u010din ku\u0107ni kult bio uklopljen u strukturu carske religije.<\/p><p>Prema <span class=\"iwg-fachbegriff\" data-tooltip=\"Preno\u0161enje znanja i pri\u010da kroz generacije.\" tabindex=\"0\">predaji<\/span>, vremenska dubina kulta Lara se\u017ee daleko u ranu pro\u0161lost. Compitalia su spadala u stalne datume republikanskog blagdanskog kalendara, no njihov je to\u010dan datum svake godine iznova odredio praetor ili neki drugi magistrat, kratko nakon Saturnalija, umjesto da bude nepomi\u010dno utvr\u0111en.<\/p><p>Taj pomi\u010dni termin povezivao je blagdan sa zavr\u0161etkom seoske radne godine. Katon Stariji u svojem djelu o poljodjelstvu spominje \u0161tovanje Lara od strane upravitelja imanja i njegove \u017eene, \u010dime pokazuje da je <span class=\"iwg-fachbegriff\" data-tooltip=\"Ukupnost obrednih radnji \u0161tovanja jednog bo\u017eanstva ili svete pojave.\" tabindex=\"0\">kult<\/span> imao svoje stalno mjesto i na velikim seoskim posjedima.<\/p><p>Dionizije Halikarna\u0161ki pripisuje osnivanje sveti\u0161ta na raskri\u017ejima kralju Serviju Tuliju, etiolo\u0161ko datiranje unatrag \u010dija je svrha bila naglasiti visok rang tog kulta. U kasnoj Republici collegia compitalicia bila su vi\u0161e puta raspu\u0161tana odlukom Senata, jer su se smatrala okupljali\u0161tima gradskih nemira, a pod Cezarom su ponovno bila ograni\u010dena.<\/p><p>Augustovska reorganizacija od 7. godine prije na\u0161e ere pretvorila je tu potencijalno nemirnu ustanovu u ure\u0111eni element gradske uprave. Rim je podijeljen na \u010detrnaest regija i brojne vicuse, a na svakom ure\u0111enom raskri\u017eju od tada je stajalo <span class=\"iwg-fachbegriff\" data-tooltip=\"Malo sveto mjesto \u010duvanja ili molitveni prostor.\" tabindex=\"0\">sveti\u0161te<\/span> Lares Augusti.<\/p>\t\t\t\t\t\t\t\t<\/div>\n\t\t\t\t\t<\/div>\n\t\t\t\t<\/div>\n\t\t<div class=\"elementor-element elementor-element-iwgw-laren-s5 e-flex e-con-boxed e-con e-parent\" data-id=\"iwgw-laren-s5\" data-element_type=\"container\" data-e-type=\"container\">\n\t\t\t\t\t<div class=\"e-con-inner\">\n\t\t\t\t<div class=\"elementor-element elementor-element-iwgw-laren-s5h elementor-widget elementor-widget-heading\" data-id=\"iwgw-laren-s5h\" data-element_type=\"widget\" data-e-type=\"widget\" data-widget_type=\"heading.default\">\n\t\t\t\t\t<h2 class=\"elementor-heading-title elementor-size-default\">Za\u0161titna praksa i apotropejski elementi<\/h2>\t\t\t\t<\/div>\n\t\t\t\t<div class=\"elementor-element elementor-element-iwgw-laren-s5t elementor-widget elementor-widget-text-editor\" data-id=\"iwgw-laren-s5t\" data-element_type=\"widget\" data-e-type=\"widget\" data-widget_type=\"text-editor.default\">\n\t\t\t\t\t\t\t\t\t<p>Lari su se smatrali \u010duvarima dobrobiti jasno odre\u0111enog prostora. U ku\u0107i su, prema rimskom vjerovanju, osiguravali napredak obitelji, odr\u017eanje imovine i ure\u0111en tijek svakodnevnog \u017eivota. Ku\u0107no sveti\u0161te bilo je time religiozno sredi\u0161te doma, u kojemu se njegovala veza izme\u0111u stanovnika i za\u0161titni\u010dkih sila.<\/p><p>Za\u0161titna praksa sastojala se prije svega u redovitoj pa\u017enji. Onaj koji je brinuo o Larima mogao je, prema rimskom shva\u0107anju, pouzdano vjerovati da \u0107e oni \u010duvati ku\u0107u. Onaj koji ih je zanemarivao, riskirao je njihovo nezadovoljstvo, kako to jasno pokazuje lik iz Plautove komedije.<\/p><p>Rije\u010d je, dakle, o odnosu uzajamne obveze koji je odgovarao op\u0107em rimskom na\u010delu dara i protudara u odnosu s bogovima.<\/p><p>Na raskri\u017ejima je kult Lara imao dodatno, prostorno zna\u010denje. Raskri\u017eja su se smatrala mjestima na kojima se dodiruju granice i na kojima se stje\u010de kretanje. <em>Lares compitales<\/em> trebali su urediti taj nepregledni prostor i osigurati okolinu stanovni\u0161tva.<\/p><p>Na blagdan Compitalia mjestimi\u010dno su se vje\u0161ale i vunene lutkice te vunene loptice, obi\u010daj koji se u istra\u017eivanjima tuma\u010di kao za\u0161titni ili pomirbeni \u010din. Svim tim obi\u010dajima zajedni\u010dko je da nisu bili usmjereni toliko na obranu od pojedina\u010dnih prijetnji, koliko na trajno odr\u017eavanje ure\u0111enog, za\u0161ti\u0107enog prostora.<\/p>\t\t\t\t\t\t\t\t<\/div>\n\t\t\t\t\t<\/div>\n\t\t\t\t<\/div>\n\t\t<div class=\"elementor-element elementor-element-iwgw-laren-s6 e-flex e-con-boxed e-con e-parent\" data-id=\"iwgw-laren-s6\" data-element_type=\"container\" data-e-type=\"container\">\n\t\t\t\t\t<div class=\"e-con-inner\">\n\t\t\t\t<div class=\"elementor-element elementor-element-iwgw-laren-s6h elementor-widget elementor-widget-heading\" data-id=\"iwgw-laren-s6h\" data-element_type=\"widget\" data-e-type=\"widget\" data-widget_type=\"heading.default\">\n\t\t\t\t\t<h2 class=\"elementor-heading-title elementor-size-default\">Paralele u drugim kulturama<\/h2>\t\t\t\t<\/div>\n\t\t\t\t<div class=\"elementor-element elementor-element-iwgw-laren-s6t elementor-widget elementor-widget-text-editor\" data-id=\"iwgw-laren-s6t\" data-element_type=\"widget\" data-e-type=\"widget\" data-widget_type=\"text-editor.default\">\n\t\t\t\t\t\t\t\t\t<p>Lari predstavljaju tip za\u0161titni\u010dkih duhova koji ima svoje usporedbe u mnogim kulturama. Unutar same rimske religije oni su tijesno povezani s Penatima, za\u0161titnicima ostave, i s Genijem gospodara ku\u0107e.<\/p><p>Penati i Lari su u ku\u0107nom sveti\u0161tu \u010desto bili \u0161tovani zajedno, ali su pojmovno ostali razdvojeni. Penati su bili \u010dvr\u0161\u0107e vezani za samu supstancu ku\u0107e i njezine zalihe hrane, dok su Lari bili vezani za mjesto i zajednicu.<\/p><p>Gr\u010dku paralelu najlak\u0161e je prona\u0107i u predod\u017ebama o ku\u0107nim bo\u017eanstvima i za\u0161titni\u010dkim demonima, poput <em>agathos daimona<\/em>, dobrog <span class=\"iwg-fachbegriff\" data-tooltip=\"Netjelesno bi\u0107e kojemu se pripisuje djelovanje u svijetu.\" tabindex=\"0\">duha<\/span>, koji se u nekim gr\u010dkim kontekstima prikazivao kao zmija i \u0161tovao radi dobrobiti ku\u0107e.<\/p><p>Izravnog izjedna\u010davanja, me\u0111utim, nema. Lari su specifi\u010dno rimska pojava, vjerojatno oblikovana i etru\u0161\u010danskim predod\u017ebama.<\/p><p>Znanstveno gledano, Lari pripadaju \u0161irokom podru\u010dju ku\u0107nih i mjesnih duhova, koje obuhva\u0107a ku\u0107na bo\u017eanstva razli\u010ditih kultura sve do duhova predaka i duhova pragova.<\/p><p>Ovim likovima zajedni\u010dko je to da se ne bave velikim kozmi\u010dkim pitanjima, nego \u0161tite bliski \u017eivotni prostor. Lari su za to posebno dobro dokumentiran primjer, jer arheolo\u0161ka <span class=\"iwg-fachbegriff\" data-tooltip=\"Preno\u0161enje znanja i pri\u010da kroz generacije.\" tabindex=\"0\">predaja<\/span> rimskoga svijeta zorno prikazuje ku\u0107nu <span class=\"iwg-fachbegriff\" data-tooltip=\"Do\u017eivljena religiozna stav i praksa jedne osobe.\" tabindex=\"0\">pobo\u017enost<\/span>.<\/p><p>Posebnu su ulogu Lari imali u kretanju preko granica. Postojali su ne samo Lares familiares i compitales, nego i Lares viales kao za\u0161titnici cesta, Lares permarini za morske putove i Lares praestites, koji su se smatrali \u010duvarima cijeloga grada i imali vlastito <span class=\"iwg-fachbegriff\" data-tooltip=\"Sveto mjesto posve\u0107eno \u0161tovanju bo\u017eanstva.\" tabindex=\"0\">sveti\u0161te<\/span>.<\/p><p>Ta raznolikost pokazuje da se pojam Lara mogao primijeniti svugdje gdje je trebalo staviti pod za\u0161titu neki prostor ili put. Ovidije u Fastima spominje stari <span class=\"iwg-fachbegriff\" data-tooltip=\"Gra\u0111evina posve\u0107ena \u0161tovanju jednog ili vi\u0161e bo\u017eanstava.\" tabindex=\"0\">hram<\/span> Lares praestites na Sacra Via, \u010dija je slika prikazivala dva lika s psom, pri \u010demu se pas tuma\u010dio kao <span class=\"iwg-fachbegriff\" data-tooltip=\"Slikovita predod\u017eba koja predstavlja apstraktnu misao.\" tabindex=\"0\">simbol<\/span> bdijenja.<\/p>\t\t\t\t\t\t\t\t<\/div>\n\t\t\t\t\t<\/div>\n\t\t\t\t<\/div>\n\t\t<div class=\"elementor-element elementor-element-iwgw-laren-s7 e-flex e-con-boxed e-con e-parent\" data-id=\"iwgw-laren-s7\" data-element_type=\"container\" data-e-type=\"container\">\n\t\t\t\t\t<div class=\"e-con-inner\">\n\t\t\t\t<div class=\"elementor-element elementor-element-iwgw-laren-s7h elementor-widget elementor-widget-heading\" data-id=\"iwgw-laren-s7h\" data-element_type=\"widget\" data-e-type=\"widget\" data-widget_type=\"heading.default\">\n\t\t\t\t\t<h2 class=\"elementor-heading-title elementor-size-default\">Suvremena recepcija i istra\u017eivanja<\/h2>\t\t\t\t<\/div>\n\t\t\t\t<div class=\"elementor-element elementor-element-iwgw-laren-s7t elementor-widget elementor-widget-text-editor\" data-id=\"iwgw-laren-s7t\" data-element_type=\"widget\" data-e-type=\"widget\" data-widget_type=\"text-editor.default\">\n\t\t\t\t\t\t\t\t\t<p>U modernoj su znanosti Lari opse\u017eno obra\u0111ivana tema, prije svega jer pru\u017eaju uvid u \u017eivu religiju izvan velikih dr\u017eavnih kultova. Ve\u0107 je Georg Wissowa o njima pisao u svom prikazu rimske religije, a Kurt Latte se pozabavio pitanjem njihova podrijetla.<\/p><p>Starija linija istra\u017eivanja tuma\u010dila je Lare kao obo\u017eene pretke, dok novija linija, koju zastupaju me\u0111u ostalima John Scheid i drugi, sna\u017enije nagla\u0161ava njihovu ulogu mjesnih duhova.<\/p><p>Arheolo\u0161ka istra\u017eivanja lararija u Pompejima i Herkulaneju znatno su izo\u0161trila slika ku\u0107noga kulta. Pokazuju da je gotovo svaka ku\u0107a, bez obzira na bogatstvo, imala larsko sveti\u0161te, te zorno prikazuju vezu Lara, Genija i zmije.<\/p><p>Augustovski kompitalni kult tako\u0111er je dobro potvr\u0111en natpisima i reljefima i smatra se uzornim primjerom uklapanja narodne religije u carski poredak.<\/p><p>U dana\u0161njoj op\u0107oj kulturi Lari su manje poznati od velikih bogova, ali se redovito javljaju u prikazima rimskoga svakodnevnog \u017eivota, primjerice u muzejima, u povijesnom obrazovanju i u popularnim knjigama o <span class=\"iwg-fachbegriff\" data-tooltip=\"Razdoblje gr\u010dke i rimske kulture, otprilike od 800. pr. Kr. do 600. po. Kr.\" tabindex=\"0\">anti\u010dkom<\/span> Rimu.<\/p><p>Za <span class=\"iwg-fachbegriff\" data-tooltip=\"Znanost koja usporedno i bez vjerske pripadnosti istra\u017euje religije.\" tabindex=\"0\">religiologiju<\/span> ostaju va\u017ean primjer da je rimska religija u prvom redu bila stvar prakse, mjesta i dru\u0161tvene zajednice.<\/p>\t\t\t\t\t\t\t\t<\/div>\n\t\t\t\t\t<\/div>\n\t\t\t\t<\/div>\n\t\t<div class=\"elementor-element elementor-element-iwgw-laren-lit e-flex e-con-boxed e-con e-parent\" data-id=\"iwgw-laren-lit\" data-element_type=\"container\" data-e-type=\"container\">\n\t\t\t\t\t<div class=\"e-con-inner\">\n\t\t\t\t<div class=\"elementor-element elementor-element-iwgw-laren-lith elementor-widget elementor-widget-heading\" data-id=\"iwgw-laren-lith\" data-element_type=\"widget\" data-e-type=\"widget\" data-widget_type=\"heading.default\">\n\t\t\t\t\t<h2 class=\"elementor-heading-title elementor-size-default\">Literatura (izbor)<\/h2>\t\t\t\t<\/div>\n\t\t\t\t<div class=\"elementor-element elementor-element-iwgw-laren-litt elementor-widget elementor-widget-text-editor\" data-id=\"iwgw-laren-litt\" data-element_type=\"widget\" data-e-type=\"widget\" data-widget_type=\"text-editor.default\">\n\t\t\t\t\t\t\t\t\t<div data-nosnippet=\"true\"><ul><li>Georg Wissowa: <em>Religion und Kultus der R\u00f6mer<\/em> (1912)<\/li><li>Kurt Latte: <em>R\u00f6mische Religionsgeschichte<\/em> (1960)<\/li><li><span data-nosnippet>Mary Beard, John North, Simon Price: <em>Religions of Rome<\/em> (1998)<\/span><\/li><li>John Scheid: <em>An Introduction to Roman Religion<\/em> (2003)<\/li><li>J\u00f6rg R\u00fcpke: <em>Die Religion der R\u00f6mer<\/em> (2001)<\/li><\/ul><\/div>\t\t\t\t\t\t\t\t<\/div>\n\t\t\t\t\t<\/div>\n\t\t\t\t<\/div>\n\t\t<div class=\"elementor-element elementor-element-iwgw-laren-kwd e-flex e-con-boxed e-con e-parent\" data-id=\"iwgw-laren-kwd\" data-element_type=\"container\" data-e-type=\"container\">\n\t\t\t\t\t<div class=\"e-con-inner\">\n\t\t\t\t<div class=\"elementor-element elementor-element-iwgw-laren-kwdt elementor-widget elementor-widget-text-editor\" data-id=\"iwgw-laren-kwdt\" data-element_type=\"widget\" data-e-type=\"widget\" data-widget_type=\"text-editor.default\">\n\t\t\t\t\t\t\t\t\t<p><em>Srodni klju\u010dni pojmovi: Lari Lares familiares compitales Lararium Penati Compitalia doma\u0107instvo raskri\u017eje.<\/em><\/p>\t\t\t\t\t\t\t\t<\/div>\n\t\t\t\t\t<\/div>\n\t\t\t\t<\/div>\n\t\t<div class=\"elementor-element elementor-element-iwgw-laren-cc e-flex e-con-boxed e-con e-parent\" data-id=\"iwgw-laren-cc\" data-element_type=\"container\" data-e-type=\"container\" id=\"iwg-cc-laren\">\n\t\t\t\t\t<div class=\"e-con-inner\">\n\t\t<div class=\"elementor-element elementor-element-iwgw-laren-ccinner e-flex e-con-boxed e-con e-parent\" data-id=\"iwgw-laren-ccinner\" data-element_type=\"container\" data-e-type=\"container\" data-settings=\"{&quot;background_background&quot;:&quot;classic&quot;}\">\n\t\t\t\t\t<div class=\"e-con-inner\">\n\t\t\t\t<div class=\"elementor-element elementor-element-iwgw-laren-cch elementor-widget elementor-widget-heading\" data-id=\"iwgw-laren-cch\" data-element_type=\"widget\" data-e-type=\"widget\" data-widget_type=\"heading.default\">\n\t\t\t\t\t<h2 class=\"elementor-heading-title elementor-size-default\">iWell Guard i tradicije za\u0161tite<\/h2>\t\t\t\t<\/div>\n\t\t\t\t<div class=\"elementor-element elementor-element-iwgw-laren-cct elementor-widget elementor-widget-text-editor\" data-id=\"iwgw-laren-cct\" data-element_type=\"widget\" data-e-type=\"widget\" data-widget_type=\"text-editor.default\">\n\t\t\t\t\t\t\t\t\t<div data-nosnippet=\"true\"><p>iWell Guard nastavlja kulturnopovijesnu tradiciju prenosivih za\u0161titnih predmeta, u tradiciji <a href=\"https:\/\/iwell-guard.com\/hr\/rim\/\">Rima<\/a> i mnogih drugih kultura \u0161irom svijeta. 41 razina, pravo zlato, platina, srebro, izra\u0111eno u Njema\u010dkoj. Pravo povrata u 30 dana.<\/p><\/div>\t\t\t\t\t\t\t\t<\/div>\n\t\t\t\t<div class=\"elementor-element elementor-element-iwgw-laren-ccb iwg-cc-button iwg-cc-cta-2026-05-13 elementor-widget elementor-widget-jet-button\" data-id=\"iwgw-laren-ccb\" data-element_type=\"widget\" data-e-type=\"widget\" data-widget_type=\"jet-button.default\">\n\t\t\t\t<div class=\"elementor-widget-container\">\n\t\t\t\t\t<div class=\"elementor-jet-button jet-elements\"><div class=\"jet-button__container\"><a class=\"jet-button__instance jet-button__instance--icon-left hover-effect-1\" href=\"\/ueber-iwell-guard\/?utm_source=iwell-guard.com&amp;utm_medium=info-box&amp;utm_campaign=wesen-tradition\"><div class=\"jet-button__plane jet-button__plane-normal\"><\/div><div class=\"jet-button__plane jet-button__plane-hover\"><\/div><div class=\"jet-button__state jet-button__state-normal\"><span class=\"jet-button__label\">Vi\u0161e o iWell Guardu<\/span><\/div><div class=\"jet-button__state jet-button__state-hover\"><span class=\"jet-button__label\">Vi\u0161e o iWell Guardu<\/span><\/div><\/a><\/div><\/div><style>.elementor-element.elementor-element-iwgw-laren-ccb .jet-button__instance{width:320px;height:56px;}.elementor-element.elementor-element-iwgw-laren-ccb .jet-button__state-normal .jet-button__label{text-align:center;margin:0px 0px 0px 0px;color:#1a1b20;font-family:Montserrat,sans-serif;font-size:13px;font-weight:400;letter-spacing:4px;line-height:1.714em;text-transform:uppercase;}.elementor-element.elementor-element-iwgw-laren-ccb .jet-button__state-hover .jet-button__label{text-align:center;margin:0px 0px 0px 0px;color:#FECC76;font-family:Montserrat,sans-serif;font-size:13px;font-weight:400;letter-spacing:4px;line-height:1.714em;text-transform:uppercase;}.elementor-element.elementor-element-iwgw-laren-ccb .jet-button__plane-normal{background-color:#FECC76;border-style:solid;border-color:#C99540;border-width:2px 2px 2px 2px;}.elementor-element.elementor-element-iwgw-laren-ccb .jet-button__plane-hover{background-color:rgba(0,0,0,0.55);border-style:solid;border-color:#FECC76;border-width:2px 2px 2px 2px;}<\/style>\t\t\t\t<\/div>\n\t\t\t\t<\/div>\n\t\t\t\t<div class=\"elementor-element elementor-element-iwgw-laren-ccd elementor-widget elementor-widget-text-editor\" data-id=\"iwgw-laren-ccd\" data-element_type=\"widget\" data-e-type=\"widget\" data-widget_type=\"text-editor.default\">\n\t\t\t\t\t\t\t\t\t<div data-nosnippet=\"true\"><p style=\"text-align:center;font-size:13px;opacity:0.7;margin-top:14px\" data-nosnippet=\"true\">Osobna iskustva mogu se razlikovati. Nije medicinski proizvod. Nema obe\u0107anja izlje\u010denja.<\/p><\/div>\t\t\t\t\t\t\t\t<\/div>\n\t\t\t\t\t<\/div>\n\t\t\t\t<\/div>\n\t\t\t\t\t<\/div>\n\t\t\t\t<\/div>\n\t\t<div class=\"elementor-element elementor-element-iwgw-laren-disc e-flex e-con-boxed e-con e-parent\" data-id=\"iwgw-laren-disc\" data-element_type=\"container\" data-e-type=\"container\">\n\t\t\t\t\t<div class=\"e-con-inner\">\n\t\t\t\t<div class=\"elementor-element elementor-element-iwgw-laren-discw elementor-widget elementor-widget-html\" data-id=\"iwgw-laren-discw\" data-element_type=\"widget\" data-e-type=\"widget\" data-widget_type=\"html.default\">\n\t\t\t\t\t<footer data-nosnippet=\"true\" class=\"iwg-disclaimer-block\"><p data-nosnippet=\"true\">iWell Guard <strong>nije medicinski proizvod<\/strong> i ne zamjenjuje lije\u010dni\u010dko ili psihoterapeutsko lije\u010denje. Religijsko-znanstveni sadr\u017eaji predstavljaju kulturno-povijesnu interpretaciju, a ne preporuku duhovne prakse.<\/p><\/footer>\t\t\t\t<\/div>\n\t\t\t\t\t<\/div>\n\t\t\t\t<\/div>\n\t\t\t\t<section class=\"elementor-section elementor-top-section elementor-element elementor-element-p3-laren-cl-780abb elementor-section-boxed elementor-section-height-default elementor-section-height-default\" data-id=\"p3-laren-cl-780abb\" data-element_type=\"section\" data-e-type=\"section\">\n\t\t\t\t\t\t<div class=\"elementor-container elementor-column-gap-default\">\n\t\t\t\t\t<div class=\"elementor-column elementor-col-100 elementor-top-column elementor-element elementor-element-p3-laren-cl-col-d67ccc\" data-id=\"p3-laren-cl-col-d67ccc\" data-element_type=\"column\" data-e-type=\"column\">\n\t\t\t<div class=\"elementor-widget-wrap elementor-element-populated\">\n\t\t\t\t\t\t<div class=\"elementor-element elementor-element-p3-laren-cl-h elementor-widget elementor-widget-heading\" data-id=\"p3-laren-cl-h\" data-element_type=\"widget\" data-e-type=\"widget\" data-widget_type=\"heading.default\">\n\t\t\t\t\t<h2 class=\"elementor-heading-title elementor-size-default\">Pregled rimskih ku\u0107nih duhova<\/h2>\t\t\t\t<\/div>\n\t\t\t\t<div class=\"elementor-element elementor-element-p3-laren-cl-t elementor-widget elementor-widget-text-editor\" data-id=\"p3-laren-cl-t\" data-element_type=\"widget\" data-e-type=\"widget\" data-widget_type=\"text-editor.default\">\n\t\t\t\t\t\t\t\t\t\nLari su samo dio \u0161irega sustava rimskih ku\u0107nih duhova i ku\u0107nih bo\u017eanstava. Rimska religija poznavala je vi\u0161e vrsta bi\u0107a koja su \u0161titila obiteljski \u017eivot, svako sa svojom funkcijom i vlastitim <span class=\"iwg-fachbegriff\" data-tooltip=\"Utvr\u0111en, ponavljaju\u0107i religiozni obred.\" tabindex=\"0\">obredom<\/span>. Tko \u010dita o rimskim ku\u0107nim duhovima, treba poznavati cijelu tu strukturu.<\/p>\n<p>Najva\u017eniji rimski ku\u0107ni duhovi i ku\u0107na bo\u017eanstva su: <strong>Lari<\/strong> (za\u0161titnici ku\u0107e i raskri\u017eja, prisutni na pragu i uz ognji\u0161te), <strong>Penati<\/strong> (za\u0161titni\u010dka bo\u017eanstva ostave i ku\u0107ne opskrbe), <a href=\"https:\/\/iwell-guard.com\/hr\/?page_id=149763\">Mani<\/a> (obo\u017eena duhovi umrlih \u010dlanova obitelji) i <a href=\"https:\/\/iwell-guard.com\/hr\/genij\/\">Genij<\/a> odnosno <a href=\"https:\/\/iwell-guard.com\/hr\/juno\/\">Junona<\/a> (osobni za\u0161titni\u010dki duh mu\u0161karca odnosno \u017eene).<\/p><p>Zajedno su \u010dinili Lararij, ku\u0107no sveti\u0161te gdje se svakodnevno prinosila \u017ertva, kruh, vino, tamjan. Lari i Penati tako pripadaju jedinstvenom zna\u010denjskom sklopu koji strukturira rimsku ku\u0107nu religiju.<\/p>\t\t\t\t\t\t\t\t<\/div>\n\t\t\t\t\t<\/div>\n\t\t<\/div>\n\t\t\t\t\t<\/div>\n\t\t<\/section>\n\t\t\t\t<section class=\"elementor-section elementor-top-section elementor-element elementor-element-p3-laren-faq-647c32 elementor-section-boxed elementor-section-height-default elementor-section-height-default\" data-id=\"p3-laren-faq-647c32\" data-element_type=\"section\" data-e-type=\"section\">\n\t\t\t\t\t\t<div class=\"elementor-container elementor-column-gap-default\">\n\t\t\t\t\t<div class=\"elementor-column elementor-col-100 elementor-top-column elementor-element elementor-element-p3-laren-faq-col-23f703\" data-id=\"p3-laren-faq-col-23f703\" data-element_type=\"column\" data-e-type=\"column\">\n\t\t\t<div class=\"elementor-widget-wrap elementor-element-populated\">\n\t\t\t\t\t\t<div class=\"elementor-element elementor-element-p3-laren-faq-h elementor-widget elementor-widget-heading\" data-id=\"p3-laren-faq-h\" data-element_type=\"widget\" data-e-type=\"widget\" data-widget_type=\"heading.default\">\n\t\t\t\t\t<h2 class=\"elementor-heading-title elementor-size-default\">\u010cesto postavljana pitanja o Pregledu rimskih ku\u0107nih duhova<\/h2>\t\t\t\t<\/div>\n\t\t\t\t<div class=\"elementor-element elementor-element-p3-laren-faq-t elementor-widget elementor-widget-text-editor\" data-id=\"p3-laren-faq-t\" data-element_type=\"widget\" data-e-type=\"widget\" data-widget_type=\"text-editor.default\">\n\t\t\t\t\t\t\t\t\t\n<details class=\"iwg-faq-item\">\n  <summary><strong>Koji rimski ku\u0107ni duhovi postoje?<\/strong><\/summary>\n  <p>Rimska religija poznaje \u010detiri glavne klase ku\u0107nih duhova: Lare (za\u0161titne duhove praga i ognji\u0161ta), Penate (bogove zaliha i opskrbe), Manes (obo\u017eene pretke) i Genija odnosno Junonu (osobnog za\u0161titnog duha). Svi su se zajedno \u0161tovali na lararijumu, ku\u0107nom sveti\u0161tu.<\/p>\n<\/details>\n\n<details class=\"iwg-faq-item\">\n  <summary><strong>Koja je razlika izme\u0111u Lara i Penata?<\/strong><\/summary>\n  <p>Lari su \u010duvali ku\u0107u i obitelj kao cjelinu, posebno na pragu, ognji\u0161tu i raskri\u017ejima. Penati su bili zadu\u017eeni posebno za smo\u010dnicu i ku\u0107nu opskrbu. Oboje su se zajedno \u0161tovali na lararijumu, ali su imali komplementarne funkcije: Lari = za\u0161tita, Penati = opskrba.<\/p>\n<\/details>\t\t\t\t\t\t\t\t<\/div>\n\t\t\t\t<div class=\"elementor-element elementor-element-p3-laren-faq-s elementor-widget elementor-widget-html\" data-id=\"p3-laren-faq-s\" data-element_type=\"widget\" data-e-type=\"widget\" data-widget_type=\"html.default\">\n\t\t\t\t\t<script type=\"application\/ld+json\">{\"@context\": \"https:\/\/schema.org\", \"@type\": \"FAQPage\", \"mainEntity\": [{\"@type\": \"Question\", \"name\": \"Koji rimski ku\u0107ni duhovi postoje?\", \"acceptedAnswer\": {\"@type\": \"Answer\", \"text\": \"Rimska religija poznaje \u010detiri glavne klase ku\u0107nih duhova: Lare (za\u0161titne duhove praga i ognji\u0161ta), Penate (bogove zaliha i opskrbe), Manes (obo\u017eene pretke) i Genija odnosno Junonu (osobnog za\u0161titnog duha). Svi su se zajedno \u0161tovali na lararijumu, ku\u0107nom sveti\u0161tu.\"}}, {\"@type\": \"Question\", \"name\": \"Koja je razlika izme\u0111u Lara i Penata?\", \"acceptedAnswer\": {\"@type\": \"Answer\", \"text\": \"Lari su \u010duvali ku\u0107u i obitelj kao cjelinu, posebno na pragu, ognji\u0161tu i raskri\u017ejima. Penati su bili zadu\u017eeni posebno za smo\u010dnicu i ku\u0107nu opskrbu. Oboje su se zajedno \u0161tovali na lararijumu, ali su imali komplementarne funkcije: Lari = za\u0161tita, Penati = opskrba.\"}}]}<\/script>\t\t\t\t<\/div>\n\t\t\t\t\t<\/div>\n\t\t<\/div>\n\t\t\t\t\t<\/div>\n\t\t<\/section>\n\t\t\t\t<\/div>\n\t\t","protected":false},"excerpt":{"rendered":"","protected":false},"author":3,"featured_media":3387,"parent":0,"menu_order":0,"comment_status":"closed","ping_status":"closed","template":"elementor_header_footer","meta":{"_yoast_wpseo_focuskw":"Lari rimski za\u0161titni duhovi","_yoast_wpseo_title":"Lari \u2013 rimski za\u0161titni duhovi doma","_yoast_wpseo_metadesc":"Lari su rimski za\u0161titni duhovi doma, obitelji i raskri\u017eja. Religioznopovijesna analiza s kultom i izvorima.","_yoast_wpseo_meta-robots-noindex":"","_yoast_wpseo_canonical":"","_angie_page":false,"gefaehrdungsstufe":"","wesen_kultur":"","wesen_klasse":"","footnotes":""},"categories":[],"class_list":["post-149762","page","type-page","status-publish","has-post-thumbnail","hentry"],"yoast_head":"<!-- This site is optimized with the Yoast SEO Premium plugin v27.7 (Yoast SEO v28.3) - https:\/\/yoast.com\/product\/yoast-seo-premium-wordpress\/ -->\n<title>Lari \u2013 rimski za\u0161titni duhovi doma<\/title>\n<meta name=\"description\" content=\"Lari su rimski za\u0161titni duhovi doma, obitelji i raskri\u017eja. Religioznopovijesna analiza s kultom i izvorima.\" \/>\n<meta name=\"robots\" content=\"index, follow, max-snippet:-1, max-image-preview:large, max-video-preview:-1\" \/>\n<link rel=\"canonical\" href=\"https:\/\/iwell-guard.com\/hr\/lari-rimski-zastitni-duhovi-doma\/\" \/>\n<meta property=\"og:locale\" content=\"hr_HR\" \/>\n<meta property=\"og:type\" content=\"article\" \/>\n<meta property=\"og:title\" content=\"Lari \u2013 rimski za\u0161titni duhovi doma\" \/>\n<meta property=\"og:description\" content=\"Lari su rimski za\u0161titni duhovi doma, obitelji i raskri\u017eja. Religioznopovijesna analiza s kultom i izvorima.\" \/>\n<meta property=\"og:url\" content=\"https:\/\/iwell-guard.com\/hr\/lari-rimski-zastitni-duhovi-doma\/\" \/>\n<meta property=\"og:site_name\" content=\"iWell Guard\" \/>\n<meta property=\"article:modified_time\" content=\"2026-09-04T05:31:37+00:00\" \/>\n<meta property=\"og:image\" content=\"https:\/\/iwell-guard.com\/wp-content\/uploads\/2026\/05\/geister_rom_laren-1.webp\" \/>\n\t<meta property=\"og:image:width\" content=\"1024\" \/>\n\t<meta property=\"og:image:height\" content=\"1536\" \/>\n\t<meta property=\"og:image:type\" content=\"image\/webp\" \/>\n<meta name=\"twitter:card\" content=\"summary_large_image\" \/>\n<script type=\"application\/ld+json\" class=\"yoast-schema-graph\">{\"@context\":\"https:\\\/\\\/schema.org\",\"@graph\":[{\"@type\":\"WebPage\",\"@id\":\"https:\\\/\\\/iwell-guard.com\\\/hr\\\/lari-rimski-zastitni-duhovi-doma\\\/\",\"url\":\"https:\\\/\\\/iwell-guard.com\\\/hr\\\/lari-rimski-zastitni-duhovi-doma\\\/\",\"name\":\"Lari \u2013 rimski za\u0161titni duhovi doma\",\"isPartOf\":{\"@id\":\"https:\\\/\\\/iwell-guard.com\\\/hr\\\/#website\"},\"primaryImageOfPage\":{\"@id\":\"https:\\\/\\\/iwell-guard.com\\\/hr\\\/lari-rimski-zastitni-duhovi-doma\\\/#primaryimage\"},\"image\":{\"@id\":\"https:\\\/\\\/iwell-guard.com\\\/hr\\\/lari-rimski-zastitni-duhovi-doma\\\/#primaryimage\"},\"thumbnailUrl\":\"https:\\\/\\\/iwell-guard.com\\\/wp-content\\\/uploads\\\/2026\\\/05\\\/geister_rom_laren-1.webp\",\"datePublished\":\"2026-09-04T05:13:18+00:00\",\"dateModified\":\"2026-09-04T05:31:37+00:00\",\"description\":\"Lari su rimski za\u0161titni duhovi doma, obitelji i raskri\u017eja. Religioznopovijesna analiza s kultom i izvorima.\",\"breadcrumb\":{\"@id\":\"https:\\\/\\\/iwell-guard.com\\\/hr\\\/lari-rimski-zastitni-duhovi-doma\\\/#breadcrumb\"},\"inLanguage\":\"hr\",\"potentialAction\":[{\"@type\":\"ReadAction\",\"target\":[\"https:\\\/\\\/iwell-guard.com\\\/hr\\\/lari-rimski-zastitni-duhovi-doma\\\/\"]}]},{\"@type\":\"ImageObject\",\"inLanguage\":\"hr\",\"@id\":\"https:\\\/\\\/iwell-guard.com\\\/hr\\\/lari-rimski-zastitni-duhovi-doma\\\/#primaryimage\",\"url\":\"https:\\\/\\\/iwell-guard.com\\\/wp-content\\\/uploads\\\/2026\\\/05\\\/geister_rom_laren-1.webp\",\"contentUrl\":\"https:\\\/\\\/iwell-guard.com\\\/wp-content\\\/uploads\\\/2026\\\/05\\\/geister_rom_laren-1.webp\",\"width\":1024,\"height\":1536,\"caption\":\"Duhovi iz rimske tradicije.\"},{\"@type\":\"BreadcrumbList\",\"@id\":\"https:\\\/\\\/iwell-guard.com\\\/hr\\\/lari-rimski-zastitni-duhovi-doma\\\/#breadcrumb\",\"itemListElement\":[{\"@type\":\"ListItem\",\"position\":1,\"name\":\"Start\",\"item\":\"https:\\\/\\\/iwell-guard.com\\\/hr\\\/?page_id=149317\"},{\"@type\":\"ListItem\",\"position\":2,\"name\":\"Lari \u2013 rimski za\u0161titni duhovi doma\"}]},{\"@type\":\"WebSite\",\"@id\":\"https:\\\/\\\/iwell-guard.com\\\/hr\\\/#website\",\"url\":\"https:\\\/\\\/iwell-guard.com\\\/hr\\\/\",\"name\":\"iWell Guard\",\"description\":\"Schutz vor dunklen Einfl\u00fcssen\",\"publisher\":{\"@id\":\"https:\\\/\\\/iwell-guard.com\\\/hr\\\/#organization\"},\"potentialAction\":[{\"@type\":\"SearchAction\",\"target\":{\"@type\":\"EntryPoint\",\"urlTemplate\":\"https:\\\/\\\/iwell-guard.com\\\/hr\\\/?s={search_term_string}\"},\"query-input\":{\"@type\":\"PropertyValueSpecification\",\"valueRequired\":true,\"valueName\":\"search_term_string\"}}],\"inLanguage\":\"hr\"},{\"@type\":\"Organization\",\"@id\":\"https:\\\/\\\/iwell-guard.com\\\/hr\\\/#organization\",\"name\":\"Ittermann electronic GmbH\",\"url\":\"https:\\\/\\\/iwell-guard.com\\\/hr\\\/\",\"logo\":{\"@type\":\"ImageObject\",\"inLanguage\":\"hr\",\"@id\":\"https:\\\/\\\/iwell-guard.com\\\/hr\\\/#\\\/schema\\\/logo\\\/image\\\/\",\"url\":\"https:\\\/\\\/iwell-guard.com\\\/wp-content\\\/uploads\\\/2026\\\/05\\\/Ittermann-Logo-1182x237-1.png\",\"contentUrl\":\"https:\\\/\\\/iwell-guard.com\\\/wp-content\\\/uploads\\\/2026\\\/05\\\/Ittermann-Logo-1182x237-1.png\",\"width\":1182,\"height\":237,\"caption\":\"Ittermann electronic GmbH\"},\"image\":{\"@id\":\"https:\\\/\\\/iwell-guard.com\\\/hr\\\/#\\\/schema\\\/logo\\\/image\\\/\"},\"sameAs\":[\"https:\\\/\\\/pantip.com\\\/profile\\\/9367242\",\"https:\\\/\\\/micro.blog\\\/iwellguard\",\"https:\\\/\\\/www.diggerslist.com\\\/iwellguard\\\/about\",\"https:\\\/\\\/skitterphoto.com\\\/photographers\\\/2870314\\\/iwell-guard\",\"https:\\\/\\\/iwellguard.wordpress.com\\\/2026\\\/06\\\/06\\\/iwell-guard\\\/\",\"https:\\\/\\\/hub.docker.com\\\/u\\\/iwellguard\",\"https:\\\/\\\/www.pinterest.com\\\/iwellguard\\\/\",\"https:\\\/\\\/bit.ly\\\/m\\\/iwellguard\",\"https:\\\/\\\/entre-vos-mains.alsace.eu\\\/profiles\\\/iwellguard\\\/activity\",\"https:\\\/\\\/gravatar.com\\\/reallybeded8fd34\",\"https:\\\/\\\/naijamatta.com\\\/iwellguard\",\"https:\\\/\\\/www.goodreads.com\\\/iwellguard\",\"https:\\\/\\\/profile.hatena.ne.jp\\\/iwellguard\\\/\",\"https:\\\/\\\/experiment.com\\\/users\\\/iwellguard\",\"https:\\\/\\\/wakelet.com\\\/@iWellGuard82270\",\"https:\\\/\\\/www.chordie.com\\\/forum\\\/profile.php?id=2555664\",\"https:\\\/\\\/www.instapaper.com\\\/p\\\/17757966\",\"https:\\\/\\\/www.mapleprimes.com\\\/users\\\/iwellguard\",\"https:\\\/\\\/businesslistingplus.com\\\/profile\\\/iwell-guard\\\/\",\"https:\\\/\\\/telegra.ph\\\/iWell-Guard-06-06\",\"https:\\\/\\\/pbase.com\\\/iwellguard\\\/iwellguard\",\"https:\\\/\\\/b.hatena.ne.jp\\\/iwellguard\\\/20260607#bookmark-4788405196491818882\",\"https:\\\/\\\/fliphtml5.com\\\/home\\\/iwellguard\",\"https:\\\/\\\/anyflip.com\\\/homepage\\\/cmiwl#About\",\"https:\\\/\\\/transfur.com\\\/Users\\\/iwellguard\",\"http:\\\/\\\/delphi.larsbo.org\\\/user\\\/iwellguard\",\"https:\\\/\\\/jobs.lajobsportal.org\\\/profiles\\\/8380803-iwell-guard\",\"https:\\\/\\\/md.chaosdorf.de\\\/s\\\/jfbe5SBdJD\",\"https:\\\/\\\/www.lingvolive.com\\\/en-us\\\/profile\\\/9ecaeaca-ce11-4e51-9e71-01d55e2bff36\\\/translations\",\"https:\\\/\\\/www.fitday.com\\\/fitness\\\/forums\\\/members\\\/iwellguard.html\",\"https:\\\/\\\/www.mymeetbook.com\\\/iwellguard\",\"https:\\\/\\\/pxhere.com\\\/en\\\/photographer-me\\\/5040798\",\"https:\\\/\\\/disqus.com\\\/by\\\/iwellguard\\\/about\\\/\",\"https:\\\/\\\/pastelink.net\\\/hjwciqwq\",\"https:\\\/\\\/pubhtml5.com\\\/homepage\\\/scjhn\\\/\",\"https:\\\/\\\/www.bitchute.com\\\/channel\\\/2O2eOKzNqujT\",\"https:\\\/\\\/audiomack.com\\\/iwellguard\"]}]}<\/script>\n<!-- \/ Yoast SEO Premium plugin. -->","yoast_head_json":{"title":"Lari \u2013 rimski za\u0161titni duhovi doma","description":"Lari su rimski za\u0161titni duhovi doma, obitelji i raskri\u017eja. Religioznopovijesna analiza s kultom i izvorima.","robots":{"index":"index","follow":"follow","max-snippet":"max-snippet:-1","max-image-preview":"max-image-preview:large","max-video-preview":"max-video-preview:-1"},"canonical":"https:\/\/iwell-guard.com\/hr\/lari-rimski-zastitni-duhovi-doma\/","og_locale":"hr_HR","og_type":"article","og_title":"Lari \u2013 rimski za\u0161titni duhovi doma","og_description":"Lari su rimski za\u0161titni duhovi doma, obitelji i raskri\u017eja. Religioznopovijesna analiza s kultom i izvorima.","og_url":"https:\/\/iwell-guard.com\/hr\/lari-rimski-zastitni-duhovi-doma\/","og_site_name":"iWell Guard","article_modified_time":"2026-09-04T05:31:37+00:00","og_image":[{"width":1024,"height":1536,"url":"https:\/\/iwell-guard.com\/wp-content\/uploads\/2026\/05\/geister_rom_laren-1.webp","type":"image\/webp"}],"twitter_card":"summary_large_image","schema":{"@context":"https:\/\/schema.org","@graph":[{"@type":"WebPage","@id":"https:\/\/iwell-guard.com\/hr\/lari-rimski-zastitni-duhovi-doma\/","url":"https:\/\/iwell-guard.com\/hr\/lari-rimski-zastitni-duhovi-doma\/","name":"Lari \u2013 rimski za\u0161titni duhovi doma","isPartOf":{"@id":"https:\/\/iwell-guard.com\/hr\/#website"},"primaryImageOfPage":{"@id":"https:\/\/iwell-guard.com\/hr\/lari-rimski-zastitni-duhovi-doma\/#primaryimage"},"image":{"@id":"https:\/\/iwell-guard.com\/hr\/lari-rimski-zastitni-duhovi-doma\/#primaryimage"},"thumbnailUrl":"https:\/\/iwell-guard.com\/wp-content\/uploads\/2026\/05\/geister_rom_laren-1.webp","datePublished":"2026-09-04T05:13:18+00:00","dateModified":"2026-09-04T05:31:37+00:00","description":"Lari su rimski za\u0161titni duhovi doma, obitelji i raskri\u017eja. Religioznopovijesna analiza s kultom i izvorima.","breadcrumb":{"@id":"https:\/\/iwell-guard.com\/hr\/lari-rimski-zastitni-duhovi-doma\/#breadcrumb"},"inLanguage":"hr","potentialAction":[{"@type":"ReadAction","target":["https:\/\/iwell-guard.com\/hr\/lari-rimski-zastitni-duhovi-doma\/"]}]},{"@type":"ImageObject","inLanguage":"hr","@id":"https:\/\/iwell-guard.com\/hr\/lari-rimski-zastitni-duhovi-doma\/#primaryimage","url":"https:\/\/iwell-guard.com\/wp-content\/uploads\/2026\/05\/geister_rom_laren-1.webp","contentUrl":"https:\/\/iwell-guard.com\/wp-content\/uploads\/2026\/05\/geister_rom_laren-1.webp","width":1024,"height":1536,"caption":"Duhovi iz rimske tradicije."},{"@type":"BreadcrumbList","@id":"https:\/\/iwell-guard.com\/hr\/lari-rimski-zastitni-duhovi-doma\/#breadcrumb","itemListElement":[{"@type":"ListItem","position":1,"name":"Start","item":"https:\/\/iwell-guard.com\/hr\/?page_id=149317"},{"@type":"ListItem","position":2,"name":"Lari \u2013 rimski za\u0161titni duhovi doma"}]},{"@type":"WebSite","@id":"https:\/\/iwell-guard.com\/hr\/#website","url":"https:\/\/iwell-guard.com\/hr\/","name":"iWell Guard","description":"Schutz vor dunklen Einfl\u00fcssen","publisher":{"@id":"https:\/\/iwell-guard.com\/hr\/#organization"},"potentialAction":[{"@type":"SearchAction","target":{"@type":"EntryPoint","urlTemplate":"https:\/\/iwell-guard.com\/hr\/?s={search_term_string}"},"query-input":{"@type":"PropertyValueSpecification","valueRequired":true,"valueName":"search_term_string"}}],"inLanguage":"hr"},{"@type":"Organization","@id":"https:\/\/iwell-guard.com\/hr\/#organization","name":"Ittermann electronic GmbH","url":"https:\/\/iwell-guard.com\/hr\/","logo":{"@type":"ImageObject","inLanguage":"hr","@id":"https:\/\/iwell-guard.com\/hr\/#\/schema\/logo\/image\/","url":"https:\/\/iwell-guard.com\/wp-content\/uploads\/2026\/05\/Ittermann-Logo-1182x237-1.png","contentUrl":"https:\/\/iwell-guard.com\/wp-content\/uploads\/2026\/05\/Ittermann-Logo-1182x237-1.png","width":1182,"height":237,"caption":"Ittermann electronic GmbH"},"image":{"@id":"https:\/\/iwell-guard.com\/hr\/#\/schema\/logo\/image\/"},"sameAs":["https:\/\/pantip.com\/profile\/9367242","https:\/\/micro.blog\/iwellguard","https:\/\/www.diggerslist.com\/iwellguard\/about","https:\/\/skitterphoto.com\/photographers\/2870314\/iwell-guard","https:\/\/iwellguard.wordpress.com\/2026\/06\/06\/iwell-guard\/","https:\/\/hub.docker.com\/u\/iwellguard","https:\/\/www.pinterest.com\/iwellguard\/","https:\/\/bit.ly\/m\/iwellguard","https:\/\/entre-vos-mains.alsace.eu\/profiles\/iwellguard\/activity","https:\/\/gravatar.com\/reallybeded8fd34","https:\/\/naijamatta.com\/iwellguard","https:\/\/www.goodreads.com\/iwellguard","https:\/\/profile.hatena.ne.jp\/iwellguard\/","https:\/\/experiment.com\/users\/iwellguard","https:\/\/wakelet.com\/@iWellGuard82270","https:\/\/www.chordie.com\/forum\/profile.php?id=2555664","https:\/\/www.instapaper.com\/p\/17757966","https:\/\/www.mapleprimes.com\/users\/iwellguard","https:\/\/businesslistingplus.com\/profile\/iwell-guard\/","https:\/\/telegra.ph\/iWell-Guard-06-06","https:\/\/pbase.com\/iwellguard\/iwellguard","https:\/\/b.hatena.ne.jp\/iwellguard\/20260607#bookmark-4788405196491818882","https:\/\/fliphtml5.com\/home\/iwellguard","https:\/\/anyflip.com\/homepage\/cmiwl#About","https:\/\/transfur.com\/Users\/iwellguard","http:\/\/delphi.larsbo.org\/user\/iwellguard","https:\/\/jobs.lajobsportal.org\/profiles\/8380803-iwell-guard","https:\/\/md.chaosdorf.de\/s\/jfbe5SBdJD","https:\/\/www.lingvolive.com\/en-us\/profile\/9ecaeaca-ce11-4e51-9e71-01d55e2bff36\/translations","https:\/\/www.fitday.com\/fitness\/forums\/members\/iwellguard.html","https:\/\/www.mymeetbook.com\/iwellguard","https:\/\/pxhere.com\/en\/photographer-me\/5040798","https:\/\/disqus.com\/by\/iwellguard\/about\/","https:\/\/pastelink.net\/hjwciqwq","https:\/\/pubhtml5.com\/homepage\/scjhn\/","https:\/\/www.bitchute.com\/channel\/2O2eOKzNqujT","https:\/\/audiomack.com\/iwellguard"]}]}},"_links":{"self":[{"href":"https:\/\/iwell-guard.com\/hr\/wp-json\/wp\/v2\/pages\/149762","targetHints":{"allow":["GET"]}}],"collection":[{"href":"https:\/\/iwell-guard.com\/hr\/wp-json\/wp\/v2\/pages"}],"about":[{"href":"https:\/\/iwell-guard.com\/hr\/wp-json\/wp\/v2\/types\/page"}],"author":[{"embeddable":true,"href":"https:\/\/iwell-guard.com\/hr\/wp-json\/wp\/v2\/users\/3"}],"replies":[{"embeddable":true,"href":"https:\/\/iwell-guard.com\/hr\/wp-json\/wp\/v2\/comments?post=149762"}],"version-history":[{"count":0,"href":"https:\/\/iwell-guard.com\/hr\/wp-json\/wp\/v2\/pages\/149762\/revisions"}],"wp:featuredmedia":[{"embeddable":true,"href":"https:\/\/iwell-guard.com\/hr\/wp-json\/wp\/v2\/media\/3387"}],"wp:attachment":[{"href":"https:\/\/iwell-guard.com\/hr\/wp-json\/wp\/v2\/media?parent=149762"}],"wp:term":[{"taxonomy":"category","embeddable":true,"href":"https:\/\/iwell-guard.com\/hr\/wp-json\/wp\/v2\/categories?post=149762"}],"curies":[{"name":"wp","href":"https:\/\/api.w.org\/{rel}","templated":true}]}}