{"id":149748,"date":"2026-09-04T05:13:10","date_gmt":"2026-09-04T05:13:10","guid":{"rendered":"https:\/\/iwell-guard.com\/?page_id=149748"},"modified":"2026-09-04T05:31:15","modified_gmt":"2026-09-04T05:31:15","slug":"stallo-ljudozderski-div-samske-tradicije","status":"publish","type":"page","link":"https:\/\/iwell-guard.com\/hr\/stallo-ljudozderski-div-samske-tradicije\/","title":{"rendered":"Stallo &#8211; Ljudo\u017ederski div samske tradicije"},"content":{"rendered":"\t\t<div data-elementor-type=\"wp-page\" data-elementor-id=\"149748\" class=\"elementor elementor-149748 elementor-2667 elementor-bc-flex-widget\" data-elementor-post-type=\"page\">\n\t\t\t\t<div class=\"elementor-element elementor-element-iwgw-stallo-hero e-flex e-con-boxed e-con e-parent\" data-id=\"iwgw-stallo-hero\" data-element_type=\"container\" data-e-type=\"container\" data-settings=\"{&quot;background_background&quot;:&quot;classic&quot;}\">\n\t\t\t\t\t<div class=\"e-con-inner\">\n\t\t<div class=\"elementor-element elementor-element-iwgw-stallo-hl e-flex e-con-boxed e-con e-child\" data-id=\"iwgw-stallo-hl\" data-element_type=\"container\" data-e-type=\"container\">\n\t\t\t\t\t<div class=\"e-con-inner\">\n\t\t<div class=\"elementor-element elementor-element-iwgw-stallo-htxt e-con-full e-flex e-con e-child\" data-id=\"iwgw-stallo-htxt\" data-element_type=\"container\" data-e-type=\"container\">\n\t\t\t\t<div class=\"elementor-element elementor-element-iwgw-stallo-h1 elementor-widget elementor-widget-heading\" data-id=\"iwgw-stallo-h1\" data-element_type=\"widget\" data-e-type=\"widget\" data-widget_type=\"heading.default\">\n\t\t\t\t\t<h1 class=\"elementor-heading-title elementor-size-default\">Stallo - Ljudo\u017ederski div i trickster antagonist samske tradicije<\/h1>\t\t\t\t<\/div>\n\t\t\t\t<div class=\"elementor-element elementor-element-iwgw-stallo-lead elementor-widget elementor-widget-text-editor\" data-id=\"iwgw-stallo-lead\" data-element_type=\"widget\" data-e-type=\"widget\" data-widget_type=\"text-editor.default\">\n\t\t\t\t\t\t\t\t\t<p>Stallo, u dijalektalnim varijantama i Staaloe ili Staaloh, ljudo\u017ederski je div samske pripovjedne tradicije. Javlja se kao antagonist u brojnim pripovijestima u kojima ga samski protagonisti pobje\u0111uju lukavstvom. Religijsko-znanstveno pripada \u0161irokoj kategoriji divovskih antagonista u sjevernoeuropskim mitologijama.<\/p>\t\t\t\t\t\t\t\t<\/div>\n\t\t\t\t<\/div>\n\t\t<div class=\"elementor-element elementor-element-iwgw-stallo-pillc e-con-full e-flex e-con e-child\" data-id=\"iwgw-stallo-pillc\" data-element_type=\"container\" data-e-type=\"container\">\n\t\t\t\t<div class=\"elementor-element elementor-element-iwgw-stallo-pills elementor-widget elementor-widget-html\" data-id=\"iwgw-stallo-pills\" data-element_type=\"widget\" data-e-type=\"widget\" data-widget_type=\"html.default\">\n\t\t\t\t\t<div class=\"iwg-pill-row\"><span class=\"iwg-klasse-badge\" tabindex=\"0\" data-tooltip=\"Div tradicije Sami.\">Div<\/span><a href=\"https:\/\/iwell-guard.com\/hr\/sami-i-finougorska-tradicija-noaidi-bubanj\/\" class=\"iwg-kultur-badge\" tabindex=\"0\" data-tooltip=\"Mitologija tradicije Sami.\">Sami<\/a><span class=\"iwg-tradition-badge\" tabindex=\"0\" data-tooltip=\"Divovsko bi\u0107e i antagonist.\">Divovsko bi\u0107e i antagonist<\/span><\/div>\t\t\t\t<\/div>\n\t\t\t\t<\/div>\n\t\t<div class=\"elementor-element elementor-element-iwgw-stallo-tocc e-con-full e-flex e-con e-child\" data-id=\"iwgw-stallo-tocc\" data-element_type=\"container\" data-e-type=\"container\">\n\t\t\t\t<div class=\"elementor-element elementor-element-iwgw-stallo-toc elementor-toc--minimized-on-tablet elementor-widget elementor-widget-table-of-contents\" data-id=\"iwgw-stallo-toc\" data-element_type=\"widget\" data-e-type=\"widget\" data-settings=\"{&quot;headings_by_tags&quot;:[&quot;h2&quot;,&quot;h3&quot;],&quot;minimize_box&quot;:&quot;yes&quot;,&quot;marker_view&quot;:&quot;bullets&quot;,&quot;no_headings_message&quot;:&quot;Na ovoj stranici nisu prona\\u0111eni naslovi.&quot;,&quot;exclude_headings_by_selector&quot;:[],&quot;icon&quot;:{&quot;value&quot;:&quot;fas fa-circle&quot;,&quot;library&quot;:&quot;fa-solid&quot;,&quot;rendered_tag&quot;:&quot;&lt;svg class=\\&quot;e-font-icon-svg e-fas-circle\\&quot; viewBox=\\&quot;0 0 512 512\\&quot; xmlns=\\&quot;http:\\\/\\\/www.w3.org\\\/2000\\\/svg\\&quot;&gt;&lt;path d=\\&quot;M256 8C119 8 8 119 8 256s111 248 248 248 248-111 248-248S393 8 256 8z\\&quot;&gt;&lt;\\\/path&gt;&lt;\\\/svg&gt;&quot;},&quot;minimized_on&quot;:&quot;tablet&quot;,&quot;hierarchical_view&quot;:&quot;yes&quot;,&quot;min_height&quot;:{&quot;unit&quot;:&quot;px&quot;,&quot;size&quot;:&quot;&quot;,&quot;sizes&quot;:[]},&quot;min_height_tablet&quot;:{&quot;unit&quot;:&quot;px&quot;,&quot;size&quot;:&quot;&quot;,&quot;sizes&quot;:[]},&quot;min_height_mobile&quot;:{&quot;unit&quot;:&quot;px&quot;,&quot;size&quot;:&quot;&quot;,&quot;sizes&quot;:[]}}\" data-widget_type=\"table-of-contents.default\">\n\t\t\t\t\t\t\t\t\t<div class=\"elementor-toc__header\">\n\t\t\t\t\t\t<h2 class=\"elementor-toc__header-title\">\n\t\t\t\tSadr\u017eaj\t\t\t<\/h2>\n\t\t\t\t\t\t\t\t\t\t<div class=\"elementor-toc__toggle-button elementor-toc__toggle-button--expand\" role=\"button\" tabindex=\"0\" aria-controls=\"elementor-toc__iwgw-stallo-toc\" aria-expanded=\"true\" aria-label=\"Open table of contents\"><svg aria-hidden=\"true\" class=\"e-font-icon-svg e-fas-chevron-down\" viewBox=\"0 0 448 512\" xmlns=\"http:\/\/www.w3.org\/2000\/svg\"><path d=\"M207.029 381.476L12.686 187.132c-9.373-9.373-9.373-24.569 0-33.941l22.667-22.667c9.357-9.357 24.522-9.375 33.901-.04L224 284.505l154.745-154.021c9.379-9.335 24.544-9.317 33.901.04l22.667 22.667c9.373 9.373 9.373 24.569 0 33.941L240.971 381.476c-9.373 9.372-24.569 9.372-33.942 0z\"><\/path><\/svg><\/div>\n\t\t\t\t<div class=\"elementor-toc__toggle-button elementor-toc__toggle-button--collapse\" role=\"button\" tabindex=\"0\" aria-controls=\"elementor-toc__iwgw-stallo-toc\" aria-expanded=\"true\" aria-label=\"Close table of contents\"><svg aria-hidden=\"true\" class=\"e-font-icon-svg e-fas-chevron-up\" viewBox=\"0 0 448 512\" xmlns=\"http:\/\/www.w3.org\/2000\/svg\"><path d=\"M240.971 130.524l194.343 194.343c9.373 9.373 9.373 24.569 0 33.941l-22.667 22.667c-9.357 9.357-24.522 9.375-33.901.04L224 227.495 69.255 381.516c-9.379 9.335-24.544 9.317-33.901-.04l-22.667-22.667c-9.373-9.373-9.373-24.569 0-33.941L207.03 130.525c9.372-9.373 24.568-9.373 33.941-.001z\"><\/path><\/svg><\/div>\n\t\t\t\t\t<\/div>\n\t\t\t\t<div id=\"elementor-toc__iwgw-stallo-toc\" class=\"elementor-toc__body\">\n\t\t\t<div class=\"elementor-toc__spinner-container\">\n\t\t\t\t<svg class=\"elementor-toc__spinner eicon-animation-spin e-font-icon-svg e-eicon-loading\" aria-hidden=\"true\" viewBox=\"0 0 1000 1000\" xmlns=\"http:\/\/www.w3.org\/2000\/svg\"><path d=\"M500 975V858C696 858 858 696 858 500S696 142 500 142 142 304 142 500H25C25 237 238 25 500 25S975 237 975 500 763 975 500 975Z\"><\/path><\/svg>\t\t\t<\/div>\n\t\t<\/div>\n\t\t\t\t\t\t<\/div>\n\t\t\t\t<\/div>\n\t\t\t\t\t<\/div>\n\t\t\t\t<\/div>\n\t\t<div class=\"elementor-element elementor-element-iwgw-stallo-hr e-con-full e-flex e-con e-child\" data-id=\"iwgw-stallo-hr\" data-element_type=\"container\" data-e-type=\"container\">\n\t\t\t\t<div class=\"elementor-element elementor-element-iwgw-stallo-heroimg iwg-hero-image elementor-widget elementor-widget-image\" data-id=\"iwgw-stallo-heroimg\" data-element_type=\"widget\" data-e-type=\"widget\" data-widget_type=\"image.default\">\n\t\t\t\t\t\t\t\t\t\t\t\t\t\t\t<img fetchpriority=\"high\" decoding=\"async\" width=\"683\" height=\"1024\" src=\"https:\/\/iwell-guard.com\/wp-content\/uploads\/2026\/05\/goetter_sami_stallo-683x1024.webp\" class=\"attachment-large size-large wp-image-151499\" alt=\"Stallo \u2013 bogovi iz sami tradicije, povijesno-ilustrativno\" srcset=\"https:\/\/iwell-guard.com\/wp-content\/uploads\/2026\/05\/goetter_sami_stallo-683x1024.webp 683w, https:\/\/iwell-guard.com\/wp-content\/uploads\/2026\/05\/goetter_sami_stallo-200x300.webp 200w, https:\/\/iwell-guard.com\/wp-content\/uploads\/2026\/05\/goetter_sami_stallo-768x1152.webp 768w, https:\/\/iwell-guard.com\/wp-content\/uploads\/2026\/05\/goetter_sami_stallo.webp 1024w\" sizes=\"(max-width: 683px) 100vw, 683px\" \/>\t\t\t\t\t\t\t\t\t\t\t\t\t\t\t<\/div>\n\t\t\t\t<\/div>\n\t\t\t\t\t<\/div>\n\t\t\t\t<\/div>\n\t\t\t\t<section class=\"elementor-section elementor-top-section elementor-element elementor-element-sec-iwgcomp-stallo elementor-section-boxed elementor-section-height-default elementor-section-height-default\" data-id=\"sec-iwgcomp-stallo\" data-element_type=\"section\" data-e-type=\"section\">\n\t\t\t\t\t\t<div class=\"elementor-container elementor-column-gap-default\">\n\t\t\t\t\t<div class=\"elementor-column elementor-col-100 elementor-top-column elementor-element elementor-element-col-iwgcomp-stallo\" data-id=\"col-iwgcomp-stallo\" data-element_type=\"column\" data-e-type=\"column\">\n\t\t\t<div class=\"elementor-widget-wrap elementor-element-populated\">\n\t\t\t\t\t\t<div class=\"elementor-element elementor-element-iwgcomp-stallo elementor-widget elementor-widget-text-editor\" data-id=\"iwgcomp-stallo\" data-element_type=\"widget\" data-e-type=\"widget\" data-widget_type=\"text-editor.default\">\n\t\t\t\t\t\t\t\t\t<p>Stallo se smatra <strong>divovskim antagonistom<\/strong> u pripovijestima samskih selja\u010dkih zajednica, ljudo\u017ederskim outsiderom.<\/p>\t\t\t\t\t\t\t\t<\/div>\n\t\t\t\t\t<\/div>\n\t\t<\/div>\n\t\t\t\t\t<\/div>\n\t\t<\/section>\n\t\t<div class=\"elementor-element elementor-element-iwgw-stallo-s0 e-flex e-con-boxed e-con e-parent\" data-id=\"iwgw-stallo-s0\" data-element_type=\"container\" data-e-type=\"container\">\n\t\t\t\t\t<div class=\"e-con-inner\">\n\t\t\t\t<div class=\"elementor-element elementor-element-iwgw-stallo-s0h elementor-widget elementor-widget-heading\" data-id=\"iwgw-stallo-s0h\" data-element_type=\"widget\" data-e-type=\"widget\" data-widget_type=\"heading.default\">\n\t\t\t\t\t<h2 class=\"elementor-heading-title elementor-size-default\">Uvod i kratki profil<\/h2>\t\t\t\t<\/div>\n\t\t<div class=\"elementor-element elementor-element-iwgw-stallo-s0c e-con-full e-flex e-con e-child\" data-id=\"iwgw-stallo-s0c\" data-element_type=\"container\" data-e-type=\"container\">\n\t\t\t\t<div class=\"elementor-element elementor-element-iwgw-stallo-s0t elementor-widget elementor-widget-text-editor\" data-id=\"iwgw-stallo-s0t\" data-element_type=\"widget\" data-e-type=\"widget\" data-widget_type=\"text-editor.default\">\n\t\t\t\t\t\t\t\t\t<p>Stallo pripada pripovjednom sloju samske tradicije, koji je manje povezan sa stvarnom vjerskom <span class=\"iwg-fachbegriff\" data-tooltip=\"Znanstveno u\u010denje o Bogu i vjerovanjima neke religije.\" tabindex=\"0\">teologijom<\/span>, a vi\u0161e s mitolo\u0161ko-narativnom tradicijom. Za razliku od <a href=\"https:\/\/iwell-guard.com\/hr\/?page_id=149745\">Beaivija<\/a>, <a href=\"https:\/\/iwell-guard.com\/hr\/?page_id=149747\">R\u00e1hke<\/a> ili Akki, Stallo nije kultna figura, nego narativno bi\u0107e koje se javlja u brojnim pripovijestima.<\/p><p>Pripovijesti o Stallu ra\u0161irene su na samskim jezi\u010dnim podru\u010djima, od sjeverne \u0160vedske preko Norve\u0161ke do Finske i Rusije. U njima se Stallo naj\u010de\u0161\u0107e prikazuje kao glup i grub div kojeg pametniji Sami pobje\u0111uju lukavstvom. Ova konstelacija trickstera i antiheroja predstavlja zaseban fenomen u fenomenologiji religije.<\/p><p>Religijsko-znanstveno je to\u010dan polo\u017eaj Stalla izme\u0111u religije i <span class=\"iwg-fachbegriff\" data-tooltip=\"Predana narodna kultura s obi\u010dajima, pripovijestima i pjesmama.\" tabindex=\"0\">folklora<\/span> osporavan. Neki istra\u017eiva\u010di (Pentik\u00e4inen) u njemu vide povijesno preobra\u017eenog antagonista, drugi (Rydving) \u010disto narativnu figuru, a tre\u0107i (Kaikkonen) upu\u0107uju na njegovu \u0161amansku funkciju inicijacijske figure.<\/p><p>I narativni div Stallo obra\u0111en je u novijim istra\u017eivanjima pro\u0161irenim pristupima koji povezuju etnografsku to\u010dnost, jezi\u010dno-kriti\u010dku provjeru <span class=\"iwg-fachbegriff\" data-tooltip=\"Preno\u0161enje znanja i pripovijesti kroz generacije.\" tabindex=\"0\">predaje<\/span> i komparativno uvr\u0161tavanje. Samski znanstvenici danas sami pripadaju tim istra\u017eivanjima i ispravljaju starija zapadna tuma\u010denja Stalla, u kojima su se djelomi\u010dno odra\u017eavala kolonijalna gledi\u0161ta.<\/p><p>U \u0161irem znanstvenom usporedbenom kontekstu Stallo, o kojem se pripovijeda od sjeverne \u0160vedske preko Norve\u0161ke do Finske i Rusije, uklapa se u obrazac cirkumpolarne religijsko-narativne topografije. \u010cinjenica da njezina temeljna struktura ostaje stabilna kroz tisu\u0107e kilometara smatra se jednim od najzapa\u017eenijih nalaza struke i i danas je predmet rasprav\u0435.<\/p>\t\t\t\t\t\t\t\t<\/div>\n\t\t\t\t<\/div>\n\t\t\t\t\t<\/div>\n\t\t\t\t<\/div>\n\t\t<div class=\"elementor-element elementor-element-iwgw-stallo-s1 e-flex e-con-boxed e-con e-parent\" data-id=\"iwgw-stallo-s1\" data-element_type=\"container\" data-e-type=\"container\">\n\t\t\t\t\t<div class=\"e-con-inner\">\n\t\t\t\t<div class=\"elementor-element elementor-element-iwgw-stallo-s1h elementor-widget elementor-widget-heading\" data-id=\"iwgw-stallo-s1h\" data-element_type=\"widget\" data-e-type=\"widget\" data-widget_type=\"heading.default\">\n\t\t\t\t\t<h2 class=\"elementor-heading-title elementor-size-default\">Ime i etimologija<\/h2>\t\t\t\t<\/div>\n\t\t<div class=\"elementor-element elementor-element-iwgw-stallo-s1c e-con-full e-flex e-con e-child\" data-id=\"iwgw-stallo-s1c\" data-element_type=\"container\" data-e-type=\"container\">\n\t\t\t\t<div class=\"elementor-element elementor-element-iwgw-stallo-s1t elementor-widget elementor-widget-text-editor\" data-id=\"iwgw-stallo-s1t\" data-element_type=\"widget\" data-e-type=\"widget\" data-widget_type=\"text-editor.default\">\n\t\t\t\t\t\t\t\t\t<p>Etimologija imena Stallo nije kona\u010dno razja\u0161njena. Jedna hipoteza povezuje ga sa staronordijskim <em>stallari<\/em>, \u0161to je izvorno zna\u010dilo konju\u0161ar ili mar\u0161al i u staronordijskoj sagi predstavljalo po\u010dasnu funkciju.<\/p><p>Druga hipoteza upu\u0107uje na samostalan samski korijen sa zna\u010denjem div ili velikan. Ovo pitanje metodolo\u0161ki je va\u017eno, jer bi etimolo\u0161ka veza sa staronordijskim pojmom upu\u0107ivala na kulturno-povijesni sloj kontakta.<\/p><p>Dijalektalne varijante su Staaloe u ju\u017enosamskom, Staaloh u umesamskom, St\u00e1llu u lulesamskom jezi\u010dnom uporabi. Raznolikost oblika odgovara op\u0107oj dijalektalnoj diferencijaciji samskog jezika i potvr\u0111uje \u0161iroku rasprostranjenost figure.<\/p><p>Nadalje se religijsko-sociolo\u0161ki mo\u017ee pitati kakvu su funkciju pripovijesti o Stallu imale u dru\u0161tvenom poretku tradicionalne samske zajednice, primjerice kao pouke o lukavstvu, opasnosti i zajedni\u0161tvu.<\/p><p>Vjersko poimanje i dru\u0161tvena praksa nisu bili odvojeni ni ovdje, nego usko povezani. Ta povezanost predstavlja zasebno polje religijsko-antropolo\u0161kog istra\u017eivanja, koje su sustavno prou\u010davali posebno H\u00e5kan Rydving i Konsta Kaikkonen.<\/p><p>Jo\u0161 jedna razina odnosi se na dana\u0161nje zna\u010denje Stalla za samsku identitetsku politiku. U okviru samske samouprave i me\u0111unarodnopravnog priznanja prava autohtonih naroda i narativne figure tradicije stje\u010du novu vidljivost. Odnos religijskog istra\u017eivanja i politi\u010dkog samopotvr\u0111ivanja pri tome \u010dini zasebno radno podru\u010dje, koje se posljednjih godina intenzivnije obra\u0111uje.<\/p>\t\t\t\t\t\t\t\t<\/div>\n\t\t\t\t<\/div>\n\t\t\t\t\t<\/div>\n\t\t\t\t<\/div>\n\t\t<div class=\"elementor-element elementor-element-iwgw-stallo-s2 e-flex e-con-boxed e-con e-parent\" data-id=\"iwgw-stallo-s2\" data-element_type=\"container\" data-e-type=\"container\">\n\t\t\t\t\t<div class=\"e-con-inner\">\n\t\t\t\t<div class=\"elementor-element elementor-element-iwgw-stallo-s2h elementor-widget elementor-widget-heading\" data-id=\"iwgw-stallo-s2h\" data-element_type=\"widget\" data-e-type=\"widget\" data-widget_type=\"heading.default\">\n\t\t\t\t\t<h2 class=\"elementor-heading-title elementor-size-default\">Opis i karakter<\/h2>\t\t\t\t<\/div>\n\t\t<div class=\"elementor-element elementor-element-iwgw-stallo-s2c e-con-full e-flex e-con e-child\" data-id=\"iwgw-stallo-s2c\" data-element_type=\"container\" data-e-type=\"container\">\n\t\t\t\t<div class=\"elementor-element elementor-element-iwgw-stallo-s2t elementor-widget elementor-widget-text-editor\" data-id=\"iwgw-stallo-s2t\" data-element_type=\"widget\" data-e-type=\"widget\" data-widget_type=\"text-editor.default\">\n\t\t\t\t\t\t\t\t\t<p>Stallo se u pripovijestima obi\u010dno opisuje kao velik, sna\u017ean, ali glup i grub div. \u010cesto je opremljen \u017eeljeznom opremom, \u010dime se razlikuje od Samijaca koji su tradicionalno koristili drvo, kosti i rogove. Ta asimetrija materijala znanstveno je zanimljiva.<\/p><p>Karakterno je Stallo gladan, nasilan, ali lako prevaren. U pripovijestima ga Sami naj\u010de\u0161\u0107e pobje\u0111uju lukavstvom, primjerice mame\u0107i ga u zamku, opijaju\u0107i ga ili varaju\u0107i ga nekom alegorijom. Ova konstelacija trickstera i lukavstva tipi\u010dna je za fenomenologiju pripovijedanja.<\/p><p>Ikonografski Stallo u tradicionalnoj kulturi nije prikazivan. U suvremenoj samskoj umjetnosti i knji\u017eevnosti javlja se \u010de\u0161\u0107e, \u010desto kao kriti\u010dno-humoristi\u010dna figura, a ponekad kao alegorija kolonijalne prijetnje. Ovo suvremeno preuzimanje predstavlja zaseban fenomen u fenomenologiji religije.<\/p>\t\t\t\t\t\t\t\t<\/div>\n\t\t\t\t<\/div>\n\t\t\t\t\t<\/div>\n\t\t\t\t<\/div>\n\t\t<div class=\"elementor-element elementor-element-iwgw-stallo-s3 e-flex e-con-boxed e-con e-parent\" data-id=\"iwgw-stallo-s3\" data-element_type=\"container\" data-e-type=\"container\">\n\t\t\t\t\t<div class=\"e-con-inner\">\n\t\t\t\t<div class=\"elementor-element elementor-element-iwgw-stallo-s3h elementor-widget elementor-widget-heading\" data-id=\"iwgw-stallo-s3h\" data-element_type=\"widget\" data-e-type=\"widget\" data-widget_type=\"heading.default\">\n\t\t\t\t\t<h2 class=\"elementor-heading-title elementor-size-default\">Pripovijesti o Stallu i njihova struktura<\/h2>\t\t\t\t<\/div>\n\t\t<div class=\"elementor-element elementor-element-iwgw-stallo-s3c e-con-full e-flex e-con e-child\" data-id=\"iwgw-stallo-s3c\" data-element_type=\"container\" data-e-type=\"container\">\n\t\t\t\t<div class=\"elementor-element elementor-element-iwgw-stallo-s3t elementor-widget elementor-widget-text-editor\" data-id=\"iwgw-stallo-s3t\" data-element_type=\"widget\" data-e-type=\"widget\" data-widget_type=\"text-editor.default\">\n\t\t\t\t\t\t\t\t\t<p>Tipi\u010dna pripovijest o Stallu slijedi ustaljeni narativni obrazac: Sami susre\u0107e Stalla, dospijeva u opasnost, pronalazi lukavo rje\u0161enje, pobje\u0111uje Stalla i vra\u0107a se s ulovom. Ova struktura nalikuje pripovijestima o trikstericima mnogih kultura.<\/p><p>Konkretne pripovijesti razlikuju se u detaljima. U jednoj poznatoj pri\u010di sami lovac nagovara Stalla da zajedno jedu, mami ga u pukotinu u stijeni i tamo ga ubija.<\/p><p>U drugoj pri\u010di dva brata mame Stalla u kolibu, gdje mu u vrat probijaju vrelu \u017eeljeznu \u0161ipku. Ta nasilna rje\u0161enja tipi\u010dna su za fenomenologiju ove pripovjedne tradicije.<\/p><p>Znanstveno je pripovjedna literatura o Stallu opse\u017eno dokumentirana u velikim samskim zbirkama pripovijesti, primjerice kod Justa Knuda Qvigstada i Konrada Nielsena. Te zbirke predstavljaju samostalno istra\u017eiva\u010dko polje i religijsko-etnolo\u0161ki su vrijedne.<\/p>\t\t\t\t\t\t\t\t<\/div>\n\t\t\t\t<\/div>\n\t\t\t\t\t<\/div>\n\t\t\t\t<\/div>\n\t\t<div class=\"elementor-element elementor-element-iwgw-stallo-s4 e-flex e-con-boxed e-con e-parent\" data-id=\"iwgw-stallo-s4\" data-element_type=\"container\" data-e-type=\"container\">\n\t\t\t\t\t<div class=\"e-con-inner\">\n\t\t\t\t<div class=\"elementor-element elementor-element-iwgw-stallo-s4h elementor-widget elementor-widget-heading\" data-id=\"iwgw-stallo-s4h\" data-element_type=\"widget\" data-e-type=\"widget\" data-widget_type=\"heading.default\">\n\t\t\t\t\t<h2 class=\"elementor-heading-title elementor-size-default\">Povijesna tuma\u010denja<\/h2>\t\t\t\t<\/div>\n\t\t<div class=\"elementor-element elementor-element-iwgw-stallo-s4c e-con-full e-flex e-con e-child\" data-id=\"iwgw-stallo-s4c\" data-element_type=\"container\" data-e-type=\"container\">\n\t\t\t\t<div class=\"elementor-element elementor-element-iwgw-stallo-s4t elementor-widget elementor-widget-text-editor\" data-id=\"iwgw-stallo-s4t\" data-element_type=\"widget\" data-e-type=\"widget\" data-widget_type=\"text-editor.default\">\n\t\t\t\t\t\t\t\t\t<p>Jedna istaknuta hipoteza starije znanosti tuma\u010dila je Stalla kao preobra\u017eeno sje\u0107anje na nesamske uljeze, primjerice skandinavske vikin\u0161ke plja\u010dka\u0161ke pohode ili ruske kolonizatore. Prednost te hipoteze je \u0161to obja\u0161njava asimetriju materijala (Stallo s \u017eeljezom, Sami s drvom).<\/p><p>Znanstveno je ta hipoteza plauzibilna, ali ne posve uvjerljiva. Pri\u010de o Stallu postoje i u podru\u010djima gdje nije potvr\u0111en izravan dodir sa strancima uljezima. \u010cisto povijesno-racionaliziraju\u0107e tuma\u010denje stoga je nedovoljno.<\/p><p>Alternativno tuma\u010denje vidi u Stallu kosmolo\u0161ku antagonisti\u010dku figuru koja u svakoj kulturi slu\u017ei kao nu\u017ena protute\u017ea kulturnom vlastitom identitetu. Ovo strukturalisti\u010dko \u010ditanje religijsko-fenomenolo\u0161ki je produktivno i odgovara \u0161irem razredu velikanskih antagonista u mnogim mitologijama.<\/p>\t\t\t\t\t\t\t\t<\/div>\n\t\t\t\t<\/div>\n\t\t\t\t\t<\/div>\n\t\t\t\t<\/div>\n\t\t<div class=\"elementor-element elementor-element-iwgw-stallo-s5 e-flex e-con-boxed e-con e-parent\" data-id=\"iwgw-stallo-s5\" data-element_type=\"container\" data-e-type=\"container\">\n\t\t\t\t\t<div class=\"e-con-inner\">\n\t\t\t\t<div class=\"elementor-element elementor-element-iwgw-stallo-s5h elementor-widget elementor-widget-heading\" data-id=\"iwgw-stallo-s5h\" data-element_type=\"widget\" data-e-type=\"widget\" data-widget_type=\"heading.default\">\n\t\t\t\t\t<h2 class=\"elementor-heading-title elementor-size-default\">Stallo i \u0161amanski inicijacijski obred<\/h2>\t\t\t\t<\/div>\n\t\t<div class=\"elementor-element elementor-element-iwgw-stallo-s5c e-con-full e-flex e-con e-child\" data-id=\"iwgw-stallo-s5c\" data-element_type=\"container\" data-e-type=\"container\">\n\t\t\t\t<div class=\"elementor-element elementor-element-iwgw-stallo-s5t elementor-widget elementor-widget-text-editor\" data-id=\"iwgw-stallo-s5t\" data-element_type=\"widget\" data-e-type=\"widget\" data-widget_type=\"text-editor.default\">\n\t\t\t\t\t\t\t\t\t<p>Konsta Kaikkonen i nekoliko drugih istra\u017eiva\u010da predlo\u017eili su da se Stallo tuma\u010di kao inicijacijska figura samskog <span class=\"iwg-fachbegriff\" data-tooltip=\"Religijski sustav u kojem specijalisti komuniciraju s duhovnim svijetom.\" tabindex=\"0\">\u0161amanizma<\/span>. Mladi kandidati za <em>noaidi<\/em> morali su u simboli\u010dkom sukobu sa Stallu sli\u010dnim figurama dokazati svoju sposobnost. Ova hipoteza je sporna, ali ima heuristi\u010dku vrijednost.<\/p><p>Ako je to tuma\u010denje to\u010dno, Stallo ne bi bio samo pripovjedna, ve\u0107 i ritualna figura. Religijsko-fenomenolo\u0161ko zna\u010denje bilo bi znatno, jer bi to pomaklo granicu izme\u0111u <span class=\"iwg-fachbegriff\" data-tooltip=\"Predana narodna kultura s obi\u010dajima, pripovijestima i pjesmama.\" tabindex=\"0\">folklora<\/span> i religije u samskoj tradiciji.<\/p><p>Metodolo\u0161ki je ovu hipotezu te\u0161ko provjeriti, jer je izravna ritualna praksa uglavnom prekinuta zbog misionarskog djelovanja. Neizravni tragovi u pripovijestima mogu poduprijeti hipotezu, ali je ne mogu kona\u010dno dokazati. Ova metodolo\u0161ka opreznost znanstveno je nu\u017ena.<\/p>\t\t\t\t\t\t\t\t<\/div>\n\t\t\t\t<\/div>\n\t\t\t\t\t<\/div>\n\t\t\t\t<\/div>\n\t\t<div class=\"elementor-element elementor-element-iwgw-stallo-s6 e-flex e-con-boxed e-con e-parent\" data-id=\"iwgw-stallo-s6\" data-element_type=\"container\" data-e-type=\"container\">\n\t\t\t\t\t<div class=\"e-con-inner\">\n\t\t\t\t<div class=\"elementor-element elementor-element-iwgw-stallo-s6h elementor-widget elementor-widget-heading\" data-id=\"iwgw-stallo-s6h\" data-element_type=\"widget\" data-e-type=\"widget\" data-widget_type=\"heading.default\">\n\t\t\t\t\t<h2 class=\"elementor-heading-title elementor-size-default\">Stallo u usporedbi s velikanskim antagonistima<\/h2>\t\t\t\t<\/div>\n\t\t<div class=\"elementor-element elementor-element-iwgw-stallo-s6c e-con-full e-flex e-con e-child\" data-id=\"iwgw-stallo-s6c\" data-element_type=\"container\" data-e-type=\"container\">\n\t\t\t\t<div class=\"elementor-element elementor-element-iwgw-stallo-s6t elementor-widget elementor-widget-text-editor\" data-id=\"iwgw-stallo-s6t\" data-element_type=\"widget\" data-e-type=\"widget\" data-widget_type=\"text-editor.default\">\n\t\t\t\t\t\t\t\t\t<p>Stallo pripada \u0161irokom razredu velikanskih antagonista u sjevernoeuropskim mitologijama. Strukturno usporedivi su staronordijski j\u00f6tuni, finski <em>j\u00e4tit<\/em>, ruski velikani <em>volot<\/em> i pri\u010de o velikanima <a href=\"https:\/\/iwell-guard.com\/hr\/inuiti-arktik-sedna-tornit-zastita\/\">Inuita<\/a>, u kojima se pobje\u0111uju mitolo\u0161ka prethodna bi\u0107a.<\/p><p>U usporedbi sa staronordijskim j\u00f6tunima, Stallo je znatno jednostavnije osmi\u0161ljen. On nema vlastitu mitolo\u0161ku genealogiju kao svijet j\u00f6tuna \u00datgar\u00f0, nema vlastite bogove, nema vlastitu <span class=\"iwg-fachbegriff\" data-tooltip=\"Znanstveno nau\u010davanje o Bogu i vjeri neke religije.\" tabindex=\"0\">teologiju<\/span>. Stallo je vi\u0161e stereotipna figura nego potpuno razvijen mitolo\u0161ki protupol.<\/p><p>Ta pripovjedno-tehni\u010dka jednostavnost znanstveno je vrijedna. Pokazuje da samska tradicija koristi velikanske antagoniste kao pripovjedne alate, bez razvijanja u zaseban mitolo\u0161ki svijet. Religijsko-fenomenolo\u0161ki je ta funkcionalnost samostalna.<\/p>\t\t\t\t\t\t\t\t<\/div>\n\t\t\t\t<\/div>\n\t\t\t\t\t<\/div>\n\t\t\t\t<\/div>\n\t\t<div class=\"elementor-element elementor-element-iwgw-stallo-s7 e-flex e-con-boxed e-con e-parent\" data-id=\"iwgw-stallo-s7\" data-element_type=\"container\" data-e-type=\"container\">\n\t\t\t\t\t<div class=\"e-con-inner\">\n\t\t\t\t<div class=\"elementor-element elementor-element-iwgw-stallo-s7h elementor-widget elementor-widget-heading\" data-id=\"iwgw-stallo-s7h\" data-element_type=\"widget\" data-e-type=\"widget\" data-widget_type=\"heading.default\">\n\t\t\t\t\t<h2 class=\"elementor-heading-title elementor-size-default\">Stallo u suvremenoj prisvojbi<\/h2>\t\t\t\t<\/div>\n\t\t<div class=\"elementor-element elementor-element-iwgw-stallo-s7c e-con-full e-flex e-con e-child\" data-id=\"iwgw-stallo-s7c\" data-element_type=\"container\" data-e-type=\"container\">\n\t\t\t\t<div class=\"elementor-element elementor-element-iwgw-stallo-s7t elementor-widget elementor-widget-text-editor\" data-id=\"iwgw-stallo-s7t\" data-element_type=\"widget\" data-e-type=\"widget\" data-widget_type=\"text-editor.default\">\n\t\t\t\t\t\t\t\t\t<p>U suvremenoj samskoj kulturi Stallo je produktivna figura. Pisci kao Nils-Aslak Valkeap\u00e4\u00e4, umjetnici kao Britta Marakatt-Labba i filma\u0161i kao Nils Gaup preuzeli su Stalla, \u010desto kao alegoriju kolonijalne prijetnje ili kao <span class=\"iwg-fachbegriff\" data-tooltip=\"Znak koji zastupa neku predstavu ili zna\u010denje.\" tabindex=\"0\">simbol<\/span> samopotvr\u0111ivanja protiv vanjskih mo\u0107i.<\/p><p>Film <em>Pathfinder<\/em> (Ofela\u0161, 1987) Nilsa Gaupa istaknuto je prikazao Stallu sli\u010dne figure te time u\u010dinio ovu figuru dostupnom me\u0111unarodnoj javnosti. Ta recepcija religijsko-fenomenolo\u0161ki je zaseban fenomen.<\/p><p>U pedago\u0161koj praksi samskih \u0161kola Stallo se koristi kao identifikacijska figura. Didakti\u010dka funkcija sastoji se u primjeru pametnog Samija koji lukavo\u0161\u0107u pobje\u0111uje sirovu silu. Ta pedago\u0161ka prisvojba zasebno je polje religijske didaktike.<\/p>\t\t\t\t\t\t\t\t<\/div>\n\t\t\t\t<\/div>\n\t\t\t\t\t<\/div>\n\t\t\t\t<\/div>\n\t\t<div class=\"elementor-element elementor-element-iwgw-stallo-s8 e-flex e-con-boxed e-con e-parent\" data-id=\"iwgw-stallo-s8\" data-element_type=\"container\" data-e-type=\"container\">\n\t\t\t\t\t<div class=\"e-con-inner\">\n\t\t\t\t<div class=\"elementor-element elementor-element-iwgw-stallo-s8h elementor-widget elementor-widget-heading\" data-id=\"iwgw-stallo-s8h\" data-element_type=\"widget\" data-e-type=\"widget\" data-widget_type=\"heading.default\">\n\t\t\t\t\t<h2 class=\"elementor-heading-title elementor-size-default\">Istra\u017eivanje i sada\u0161nje stanje<\/h2>\t\t\t\t<\/div>\n\t\t<div class=\"elementor-element elementor-element-iwgw-stallo-s8c e-con-full e-flex e-con e-child\" data-id=\"iwgw-stallo-s8c\" data-element_type=\"container\" data-e-type=\"container\">\n\t\t\t\t<div class=\"elementor-element elementor-element-iwgw-stallo-s8t elementor-widget elementor-widget-text-editor\" data-id=\"iwgw-stallo-s8t\" data-element_type=\"widget\" data-e-type=\"widget\" data-widget_type=\"text-editor.default\">\n\t\t\t\t\t\t\t\t\t<p>Istra\u017eivanje Stalla je opse\u017eno. Just Knud Qvigstad predstavio je u svojim djelima <em>Lappische M\u00e4rchen- und Sagenvarianten<\/em> (1925-1929) temeljnu zbirku. Juha Pentik\u00e4inen, H\u00e5kan Rydving i Konsta Kaikkonen izradili su religijsko-antropolo\u0161ku obradu.<\/p><p>U komparativnoj religijskoj fenomenologiji Stallo se tretira kao primjer sjevernoeuropskih velikanskih antagonista. Ovo uvr\u0161tavanje omogu\u0107uje strukturne usporedbe koje su znanstveno produktivne.<\/p><p>Konkretne istra\u017eiva\u010dke praznine postoje u to\u010dnom razgrani\u010denju <span class=\"iwg-fachbegriff\" data-tooltip=\"Ono \u0161to pripada utvr\u0111enom religijskom slijedu radnji.\" tabindex=\"0\">ritualno<\/span>-religijske i pripovjedno-folklorne funkcije Stalla. To razgrani\u010denje metodolo\u0161ki je te\u0161ko, ali va\u017eno za precizno znanstveno smje\u0161tanje ove figure.<\/p>\t\t\t\t\t\t\t\t<\/div>\n\t\t\t\t<\/div>\n\t\t\t\t\t<\/div>\n\t\t\t\t<\/div>\n\t\t<div class=\"elementor-element elementor-element-iwgw-stallo-s9 e-flex e-con-boxed e-con e-parent\" data-id=\"iwgw-stallo-s9\" data-element_type=\"container\" data-e-type=\"container\">\n\t\t\t\t\t<div class=\"e-con-inner\">\n\t\t\t\t<div class=\"elementor-element elementor-element-iwgw-stallo-s9h elementor-widget elementor-widget-heading\" data-id=\"iwgw-stallo-s9h\" data-element_type=\"widget\" data-e-type=\"widget\" data-widget_type=\"heading.default\">\n\t\t\t\t\t<h2 class=\"elementor-heading-title elementor-size-default\">Poveznice u leksikonu<\/h2>\t\t\t\t<\/div>\n\t\t<div class=\"elementor-element elementor-element-iwgw-stallo-s9c e-con-full e-flex e-con e-child\" data-id=\"iwgw-stallo-s9c\" data-element_type=\"container\" data-e-type=\"container\">\n\t\t\t\t<div class=\"elementor-element elementor-element-iwgw-stallo-s9t elementor-widget elementor-widget-text-editor\" data-id=\"iwgw-stallo-s9t\" data-element_type=\"widget\" data-e-type=\"widget\" data-widget_type=\"text-editor.default\">\n\t\t\t\t\t\t\t\t\t<p>Stallo se povezuje s bi\u0107ima <a href=\"https:\/\/iwell-guard.com\/hr\/?page_id=149745\">Beaivi<\/a>, <a href=\"https:\/\/iwell-guard.com\/hr\/?page_id=149746\">M\u00e1nnu<\/a>, <a href=\"https:\/\/iwell-guard.com\/hr\/?page_id=149747\">R\u00e1hka<\/a>, <a href=\"https:\/\/iwell-guard.com\/hr\/?page_id=149749\">Sara-Akka<\/a>, <a href=\"https:\/\/iwell-guard.com\/hr\/?page_id=149750\">Uksakka<\/a>, <a href=\"https:\/\/iwell-guard.com\/hr\/?page_id=149751\">Juksakka<\/a>, <a href=\"https:\/\/iwell-guard.com\/hr\/?page_id=149752\">Madderakka<\/a>, <a href=\"https:\/\/iwell-guard.com\/hr\/?page_id=149753\">Jabmiidaibmu<\/a> i <a href=\"https:\/\/iwell-guard.com\/hr\/?page_id=149754\">Saivo<\/a>. Kulturno \u010dvori\u0161te <a href=\"https:\/\/iwell-guard.com\/hr\/sami-i-finougorska-tradicija-noaidi-bubanj\/\">Samska tradicija<\/a> okvir je za ovu pripovjednu tradiciju. Strukturno sli\u010dni velikanski antagonisti nalaze se u mnogim sjevernoeuropskim mitologijama, primjerice kod staronordijskih j\u00f6tuna.<\/p>\t\t\t\t\t\t\t\t<\/div>\n\t\t\t\t<\/div>\n\t\t\t\t\t<\/div>\n\t\t\t\t<\/div>\n\t\t<div class=\"elementor-element elementor-element-cp27f479d8 e-flex e-con-boxed e-con e-parent\" data-id=\"cp27f479d8\" data-element_type=\"container\" data-e-type=\"container\">\n\t\t\t\t\t<div class=\"e-con-inner\">\n\t\t\t\t<div class=\"elementor-element elementor-element-cp22e03f85 elementor-widget elementor-widget-heading\" data-id=\"cp22e03f85\" data-element_type=\"widget\" data-e-type=\"widget\" data-widget_type=\"heading.default\">\n\t\t\t\t\t<h2 class=\"elementor-heading-title elementor-size-default\">Stallo u samskoj pripovjednoj ba\u0161tini<\/h2>\t\t\t\t<\/div>\n\t\t<div class=\"elementor-element elementor-element-cp2d7af954 e-flex e-con-boxed e-con e-child\" data-id=\"cp2d7af954\" data-element_type=\"container\" data-e-type=\"container\">\n\t\t\t\t\t<div class=\"e-con-inner\">\n\t\t\t\t<div class=\"elementor-element elementor-element-cp2d72ad29 elementor-widget elementor-widget-text-editor\" data-id=\"cp2d72ad29\" data-element_type=\"widget\" data-e-type=\"widget\" data-widget_type=\"text-editor.default\">\n\t\t\t\t\t\t\t\t\t<p>Stallo, na severnosamskom <em>St\u00e1llu<\/em>, nije <span class=\"iwg-fachbegriff\" data-tooltip=\"Bi\u0107e koje se u okviru neke religije po\u0161tuje kao bo\u017eansko.\" tabindex=\"0\">bo\u017eanstvo<\/span>, ve\u0107 lik iz samske pripovjeda\u010dke predaje, usmeno preno\u0161enih pri\u010da i predaja.<\/p><p>U tim se pripovijestima javlja kao velik, glup i pro\u017edrljiv nakaza koji \u017eivi u divljini, prijeti ljudima i posebno vreba djecu i pojedine putnike. Unato\u010d svojoj opasnosti, tupoglav je, pa ga ljudski junaci redovito nadmudre lukavstvom.<\/p><p>Tipi\u010dan je pripovjedni obrazac u kojem dijete ili mudra \u017eena prevari Stalla: navede ga se da samog sebe ozlijedi, upadne u jamu ili napadne svoje vlastite bli\u017enje.<\/p><p>U nekim pripovijestima Stallo ima psa kojeg se tako\u0111er treba pobijediti, te bogatstvo u srebru koje pobjedni\u010dki junak na kraju osvoji. Stallo se \u010desto povezuje sa \u017eeljeznim alatom, primjerice \u017eeljeznom \u0161ipkom kojom privla\u010di ili tra\u017ei svoju <span class=\"iwg-fachbegriff\" data-tooltip=\"Dar bo\u017eanstvu radi izra\u017eavanja zahvale, molbe ili po\u0161tovanja.\" tabindex=\"0\">\u017ertvu<\/span>.<\/p><p>Finska i norve\u0161ka folkloristika, primjerice u krugu zbirki Justa Knuda Qvigstada, koji je po\u010detkom 20. stolje\u0107a zabilje\u017eio i objavio brojne samske pripovijesti, dokumentirala je veliki broj pri\u010da o Stallu.<\/p><p>Te zbirke najva\u017eniji su izvor, jer samska kultura dugo nije imala vlastitu pismenost, a pripovjedna ba\u0161tina zapisana je tek kasno. Stallo u toj <span class=\"iwg-fachbegriff\" data-tooltip=\"Preno\u0161enje znanja i pripovijesti kroz generacije.\" tabindex=\"0\">predaji<\/span> spada me\u0111u naj\u010de\u0161\u0107e zabilje\u017eene likove, a u pripovijestima je slu\u017eio i kao pedago\u0161ka figura kojom su djecu upozoravali na opasnosti divljine.<\/p>\t\t\t\t\t\t\t\t<\/div>\n\t\t\t\t\t<\/div>\n\t\t\t\t<\/div>\n\t\t\t\t\t<\/div>\n\t\t\t\t<\/div>\n\t\t<div class=\"elementor-element elementor-element-cp2cec7cfd e-flex e-con-boxed e-con e-parent\" data-id=\"cp2cec7cfd\" data-element_type=\"container\" data-e-type=\"container\">\n\t\t\t\t\t<div class=\"e-con-inner\">\n\t\t\t\t<div class=\"elementor-element elementor-element-cp239c0ae7 elementor-widget elementor-widget-heading\" data-id=\"cp239c0ae7\" data-element_type=\"widget\" data-e-type=\"widget\" data-widget_type=\"heading.default\">\n\t\t\t\t\t<h2 class=\"elementor-heading-title elementor-size-default\">Stallo-jame i arheolo\u0161ka rasprava<\/h2>\t\t\t\t<\/div>\n\t\t<div class=\"elementor-element elementor-element-cp2fca4ed6 e-flex e-con-boxed e-con e-child\" data-id=\"cp2fca4ed6\" data-element_type=\"container\" data-e-type=\"container\">\n\t\t\t\t\t<div class=\"e-con-inner\">\n\t\t\t\t<div class=\"elementor-element elementor-element-cp235194de elementor-widget elementor-widget-text-editor\" data-id=\"cp235194de\" data-element_type=\"widget\" data-e-type=\"widget\" data-widget_type=\"text-editor.default\">\n\t\t\t\t\t\t\t\t\t<p>U sjeverno\u0161vedskom i norve\u0161kom planinskom krajoliku <span class=\"iwg-fachbegriff\" data-tooltip=\"Znanost koja istra\u017euje pro\u0161le kulture na temelju materijalnih nalaza.\" tabindex=\"0\">arheologija<\/span> poznaje odre\u0111enu vrstu temelja ku\u0107a koje se u istra\u017eivanjima nazivaju Stallo-jamama ili Stallo-mjestima.<\/p><p>Rije\u010d je o okruglim ili ovalnim, blago u tlo ukopanim strukturama koje naj\u010de\u0161\u0107e le\u017ee u nizovima uzdu\u017e vi\u0161ih polo\u017eaja i datiraju u <span class=\"iwg-fachbegriff\" data-tooltip=\"Prapovijesno razdoblje nakon bronzanog doba, obilje\u017eeno obradom \u017eeljeza.\" tabindex=\"0\">\u017eeljezno doba<\/span> i ranije srednjovjekovlje, otprilike u prvo tisu\u0107lje\u0107e na\u0161e ere.<\/p><p>Naziv potje\u010de od samskih informanata koji su ove tragove u tlu u novije doba povezali s legendarnim bi\u0107em Stallom, bez da mora postojati povijesna veza. U <span class=\"iwg-fachbegriff\" data-tooltip=\"Znanost koja istra\u017euje pro\u0161le kulture na temelju materijalnih nalaza.\" tabindex=\"0\">arheologiji<\/span> je desetlje\u0107ima sporno tko je ta mjesta zapravo podigao i koristio.<\/p><p>Starije shva\u0107anje vidjelo je u njima tragove norve\u0161kih ubira\u010da poreza ili stranih lovaca. Inge Zachrisson i drugi su, naprotiv, argumentirali da je rije\u010d o naseobinskim tragovima samog samskog stanovni\u0161tva, mogu\u0107e povezanima s ranim, intenzivnijim oblikom uzgoja sobova.<\/p><p>Rasprava se doti\u010de temeljnog pitanja sjevernoskandinavske povijesti, naime otkad i u kojem obliku su Sami koristili visoke planine i kako se mijenjao njihov na\u010din privre\u0111ivanja. Stallo-jame su u tome klju\u010dan nalaz, jer se dobro mogu datirati.<\/p><p>Znanstveno je posebno zanimljivo naknadno imenovanje: pokazuje kako je kasnije stanovni\u0161tvo neshva\u0107ene tragove pro\u0161losti povezalo s pripovjednim likom i tako ih protuma\u010dilo. Ime Stallo tako je od legendarnog bi\u0107a postalo arheolo\u0161ki stru\u010dni pojam, bez da <span class=\"iwg-fachbegriff\" data-tooltip=\"Predana pripovijest koja \u010desto ima povijesnu jezgru i \u010dudesne osobine.\" tabindex=\"0\">predaja<\/span> sama ne\u0161to govori o stvarnim graditeljima.<\/p>\t\t\t\t\t\t\t\t<\/div>\n\t\t\t\t\t<\/div>\n\t\t\t\t<\/div>\n\t\t\t\t\t<\/div>\n\t\t\t\t<\/div>\n\t\t<div class=\"elementor-element elementor-element-cp2c949df5 e-flex e-con-boxed e-con e-parent\" data-id=\"cp2c949df5\" data-element_type=\"container\" data-e-type=\"container\">\n\t\t\t\t\t<div class=\"e-con-inner\">\n\t\t\t\t<div class=\"elementor-element elementor-element-cp266503be elementor-widget elementor-widget-heading\" data-id=\"cp266503be\" data-element_type=\"widget\" data-e-type=\"widget\" data-widget_type=\"heading.default\">\n\t\t\t\t\t<h2 class=\"elementor-heading-title elementor-size-default\">Tuma\u010denja Stallova lika u istra\u017eivanjima<\/h2>\t\t\t\t<\/div>\n\t\t<div class=\"elementor-element elementor-element-cp2900f5e8 e-flex e-con-boxed e-con e-child\" data-id=\"cp2900f5e8\" data-element_type=\"container\" data-e-type=\"container\">\n\t\t\t\t\t<div class=\"e-con-inner\">\n\t\t\t\t<div class=\"elementor-element elementor-element-cp2fff0e3e elementor-widget elementor-widget-text-editor\" data-id=\"cp2fff0e3e\" data-element_type=\"widget\" data-e-type=\"widget\" data-widget_type=\"text-editor.default\">\n\t\t\t\t\t\t\t\t\t<p>Pitanje \u0161to Stallo izvorno predstavlja bavi <span class=\"iwg-fachbegriff\" data-tooltip=\"Znanost koja istra\u017euje svakodnevnu kulturu, obi\u010daje i predane predod\u017ebe.\" tabindex=\"0\">folkloristiku<\/span> i <span class=\"iwg-fachbegriff\" data-tooltip=\"Znanost koja religije istra\u017euje uspore\u0111uju\u0107i ih, bez vjerskog opredjeljenja.\" tabindex=\"0\">religiologiju<\/span> od 19. stolje\u0107a. Vi\u0161e tuma\u010denja postoji jedno pored drugoga, bez da se ijedno kona\u010dno nametnulo.<\/p><p>Ra\u0161ireno tuma\u010denje vidi u Stallu pripovjednu obradu povijesnih iskustava ugroze. Sami su stolje\u0107ima bili izlo\u017eeni stranom ubiranju poreza, nasilju i konkurentskim skupinama stanovni\u0161tva. Opasan, ali glup Stallo, kojeg se mo\u017ee pobijediti lukavstvom, prema tom \u010ditanju bio bi slika premo\u0107nog, ali nadmudrivog stranca.<\/p><p>U prilog tom shva\u0107anju govori \u010dinjenica da se Stallo u mnogim pripovijestima povezuje sa \u017eeljezom, srebrom i bogatstvom, dakle dobrima koja su bila povezana sa stranim trgovcima i mo\u0107nicima. Jezi\u010dno se ime povremeno povezuje sa staronordijskom rije\u010di za \u010delik, \u0161to bi podupiralo ovaj smjer, ali to nije potvr\u0111eno.<\/p><p>Drugo tuma\u010denje isti\u010de funkciju Stalla unutar same pripovjedne zajednice. Kao stra\u0161ilo slu\u017eio je odgoju i preno\u0161enju pravila pona\u0161anja, primjerice upozorenju da se ne treba samostalno udaljavati previ\u0161e od naselja. Tre\u0107i su Stalla povezivali sa starijim predod\u017ebama o divljim duhovima ili s mrtvima.<\/p><p>Novija istra\u017eivanja, primjerice radovi u okviru samske folkloristike, skloni su pretpostaviti vi\u0161e takvih slojeva i ne svode Stalla na jedan jedini korijen. On tako ostaje slojevit lik \u010dija popularnost u pripovjednoj ba\u0161tini mo\u017eda po\u010diva ba\u0161 na tome \u0161to u jednoj figuri sjedinjuje prijetnju i njezino nadvladavanje.<\/p>\t\t\t\t\t\t\t\t<\/div>\n\t\t\t\t\t<\/div>\n\t\t\t\t<\/div>\n\t\t\t\t\t<\/div>\n\t\t\t\t<\/div>\n\t\t<div class=\"elementor-element elementor-element-iwgw-stallo-lit e-flex e-con-boxed e-con e-parent\" data-id=\"iwgw-stallo-lit\" data-element_type=\"container\" data-e-type=\"container\">\n\t\t\t\t\t<div class=\"e-con-inner\">\n\t\t\t\t<div class=\"elementor-element elementor-element-iwgw-stallo-lith elementor-widget elementor-widget-heading\" data-id=\"iwgw-stallo-lith\" data-element_type=\"widget\" data-e-type=\"widget\" data-widget_type=\"heading.default\">\n\t\t\t\t\t<h2 class=\"elementor-heading-title elementor-size-default\">Literatura (izbor)<\/h2>\t\t\t\t<\/div>\n\t\t<div class=\"elementor-element elementor-element-iwgw-stallo-litc e-con-full e-flex e-con e-child\" data-id=\"iwgw-stallo-litc\" data-element_type=\"container\" data-e-type=\"container\">\n\t\t\t\t<div class=\"elementor-element elementor-element-iwgw-stallo-litt elementor-widget elementor-widget-text-editor\" data-id=\"iwgw-stallo-litt\" data-element_type=\"widget\" data-e-type=\"widget\" data-widget_type=\"text-editor.default\">\n\t\t\t\t\t\t\t\t\t<ul><li>Just Knud Qvigstad: <em>Lappische M\u00e4rchen- und Sagenvarianten<\/em> (Oslo 1925-1929)<\/li><li>H\u00e5kan Rydving: <em>The End of Drum-Time<\/em> (Uppsala 1993)<\/li><li>Juha Pentik\u00e4inen: <em>Saamelaiset. Pohjoisen kansan mytologia<\/em> (Helsinki 1995)<\/li><li>Konsta Kaikkonen: <em>Sami Pre-Christian Religion<\/em> (Helsinki 2020)<\/li><li><span data-nosnippet>Nils Gaup: <em>Ofela\u0161 (Pathfinder)<\/em> (film, 1987)<\/span><\/li><li>Anna Lia Berthelsen: <em>The Sami People<\/em> (Fairbanks 2002)<\/li><\/ul>\t\t\t\t\t\t\t\t<\/div>\n\t\t\t\t<\/div>\n\t\t\t\t\t<\/div>\n\t\t\t\t<\/div>\n\t\t<div class=\"elementor-element elementor-element-iwgkw2-add-stallo e-flex e-con-boxed e-con e-parent\" data-id=\"iwgkw2-add-stallo\" data-element_type=\"container\" data-e-type=\"container\">\n\t\t\t\t\t<div class=\"e-con-inner\">\n\t\t\t\t<div class=\"elementor-element elementor-element-iwgkw2-add-stallo-t elementor-widget elementor-widget-text-editor\" data-id=\"iwgkw2-add-stallo-t\" data-element_type=\"widget\" data-e-type=\"widget\" data-widget_type=\"text-editor.default\">\n\t\t\t\t\t\t\t\t\t<p>Stallo se u s\u00e1mskim pripovijestima javlja kao <em>ljudo\u017ederski<\/em> div i trikster-protivnik koji junake stavlja na ku\u0161nju, a u pu\u010dkim pripovijestima obilje\u017eava granice izme\u0111u divljine i naseljenog prostora.<\/p>\t\t\t\t\t\t\t\t<\/div>\n\t\t\t\t\t<\/div>\n\t\t\t\t<\/div>\n\t\t<div class=\"elementor-element elementor-element-iwgw-stallo-kwd e-flex e-con-boxed e-con e-parent\" data-id=\"iwgw-stallo-kwd\" data-element_type=\"container\" data-e-type=\"container\">\n\t\t\t\t\t<div class=\"e-con-inner\">\n\t\t<div class=\"elementor-element elementor-element-iwgw-stallo-kwdc e-con-full e-flex e-con e-child\" data-id=\"iwgw-stallo-kwdc\" data-element_type=\"container\" data-e-type=\"container\">\n\t\t\t\t<div class=\"elementor-element elementor-element-iwgw-stallo-kwdt elementor-widget elementor-widget-text-editor\" data-id=\"iwgw-stallo-kwdt\" data-element_type=\"widget\" data-e-type=\"widget\" data-widget_type=\"text-editor.default\">\n\t\t\t\t\t\t\t\t\t<p><em>Srodni klju\u010dni pojmovi: Stallo Staaloe St\u00e1llu Sami div protivnik trikster-pripovijest Qvigstad.<\/em><\/p>\t\t\t\t\t\t\t\t<\/div>\n\t\t\t\t<\/div>\n\t\t\t\t\t<\/div>\n\t\t\t\t<\/div>\n\t\t<div class=\"elementor-element elementor-element-iwgw-stallo-cc e-flex e-con-boxed e-con e-parent\" data-id=\"iwgw-stallo-cc\" data-element_type=\"container\" data-e-type=\"container\" id=\"iwg-cc-stallo\">\n\t\t\t\t\t<div class=\"e-con-inner\">\n\t\t<div class=\"elementor-element elementor-element-iwgw-stallo-ccinner e-flex e-con-boxed e-con e-parent\" data-id=\"iwgw-stallo-ccinner\" data-element_type=\"container\" data-e-type=\"container\" data-settings=\"{&quot;background_background&quot;:&quot;classic&quot;}\">\n\t\t\t\t\t<div class=\"e-con-inner\">\n\t\t\t\t<div class=\"elementor-element elementor-element-iwgw-stallo-cch elementor-widget elementor-widget-heading\" data-id=\"iwgw-stallo-cch\" data-element_type=\"widget\" data-e-type=\"widget\" data-widget_type=\"heading.default\">\n\t\t\t\t\t<h2 class=\"elementor-heading-title elementor-size-default\">iWell Guard i tradicije za\u0161tite<\/h2>\t\t\t\t<\/div>\n\t\t\t\t<div class=\"elementor-element elementor-element-iwgw-stallo-cct elementor-widget elementor-widget-text-editor\" data-id=\"iwgw-stallo-cct\" data-element_type=\"widget\" data-e-type=\"widget\" data-widget_type=\"text-editor.default\">\n\t\t\t\t\t\t\t\t\t<div data-nosnippet=\"true\"><p>iWell Guard nastavlja kulturno-povijesnu tradiciju nosivih za\u0161titnih predmeta, u tradiciji <a href=\"https:\/\/iwell-guard.com\/hr\/sami-i-finougorska-tradicija-noaidi-bubanj\/\">Samija<\/a> i mnogih drugih kultura po cijelom svijetu. 41 razina, pravo zlato, platina, srebro, izra\u0111eno u Njema\u010dkoj. 30-dnevno pravo povrata.<\/p><\/div>\t\t\t\t\t\t\t\t<\/div>\n\t\t\t\t<div class=\"elementor-element elementor-element-iwgw-stallo-ccb iwg-cc-button iwg-cc-cta-2026-05-13 elementor-widget elementor-widget-jet-button\" data-id=\"iwgw-stallo-ccb\" data-element_type=\"widget\" data-e-type=\"widget\" data-widget_type=\"jet-button.default\">\n\t\t\t\t<div class=\"elementor-widget-container\">\n\t\t\t\t\t<div class=\"elementor-jet-button jet-elements\"><div class=\"jet-button__container\"><a class=\"jet-button__instance jet-button__instance--icon-left hover-effect-1\" href=\"\/ueber-iwell-guard\/?utm_source=iwell-guard.com&amp;utm_medium=info-box&amp;utm_campaign=wesen-tradition\"><div class=\"jet-button__plane jet-button__plane-normal\"><\/div><div class=\"jet-button__plane jet-button__plane-hover\"><\/div><div class=\"jet-button__state jet-button__state-normal\"><span class=\"jet-button__label\">Vi\u0161e o iWell Guardu<\/span><\/div><div class=\"jet-button__state jet-button__state-hover\"><span class=\"jet-button__label\">Vi\u0161e o iWell Guardu<\/span><\/div><\/a><\/div><\/div><style>.elementor-element.elementor-element-iwgw-stallo-ccb .jet-button__instance{width:320px;height:56px;}.elementor-element.elementor-element-iwgw-stallo-ccb .jet-button__state-normal .jet-button__label{text-align:center;margin:0px 0px 0px 0px;color:#1a1b20;font-family:Montserrat,sans-serif;font-size:13px;font-weight:400;letter-spacing:4px;line-height:1.714em;text-transform:uppercase;}.elementor-element.elementor-element-iwgw-stallo-ccb .jet-button__state-hover .jet-button__label{text-align:center;margin:0px 0px 0px 0px;color:#FECC76;font-family:Montserrat,sans-serif;font-size:13px;font-weight:400;letter-spacing:4px;line-height:1.714em;text-transform:uppercase;}.elementor-element.elementor-element-iwgw-stallo-ccb .jet-button__plane-normal{background-color:#FECC76;border-style:solid;border-color:#C99540;border-width:2px 2px 2px 2px;}.elementor-element.elementor-element-iwgw-stallo-ccb .jet-button__plane-hover{background-color:rgba(0,0,0,0.55);border-style:solid;border-color:#FECC76;border-width:2px 2px 2px 2px;}<\/style>\t\t\t\t<\/div>\n\t\t\t\t<\/div>\n\t\t\t\t<div class=\"elementor-element elementor-element-iwgw-stallo-ccd elementor-widget elementor-widget-text-editor\" data-id=\"iwgw-stallo-ccd\" data-element_type=\"widget\" data-e-type=\"widget\" data-widget_type=\"text-editor.default\">\n\t\t\t\t\t\t\t\t\t<div data-nosnippet=\"true\"><p style=\"text-align:center;font-size:13px;opacity:0.7;margin-top:14px\" data-nosnippet=\"true\">Osobna iskustva mogu se razlikovati. Nije medicinski proizvod. Nema obe\u0107anja izlje\u010denja.<\/p><\/div>\t\t\t\t\t\t\t\t<\/div>\n\t\t\t\t\t<\/div>\n\t\t\t\t<\/div>\n\t\t\t\t\t<\/div>\n\t\t\t\t<\/div>\n\t\t<div class=\"elementor-element elementor-element-iwgw-stallo-disc e-flex e-con-boxed e-con e-parent\" data-id=\"iwgw-stallo-disc\" data-element_type=\"container\" data-e-type=\"container\">\n\t\t\t\t\t<div class=\"e-con-inner\">\n\t\t\t\t<div class=\"elementor-element elementor-element-iwgw-stallo-discw elementor-widget elementor-widget-html\" data-id=\"iwgw-stallo-discw\" data-element_type=\"widget\" data-e-type=\"widget\" data-widget_type=\"html.default\">\n\t\t\t\t\t<footer data-nosnippet=\"true\" class=\"iwg-disclaimer-block\"><p data-nosnippet=\"true\">iWell Guard <strong>nije medicinski proizvod<\/strong> i ne zamjenjuje lije\u010dni\u010dko ili psihoterapeutsko lije\u010denje. Religijsko-znanstveni sadr\u017eaji predstavljaju kulturno-povijesnu interpretaciju, a ne preporuku duhovne prakse.<\/p><\/footer>\t\t\t\t<\/div>\n\t\t\t\t\t<\/div>\n\t\t\t\t<\/div>\n\t\t\t\t<\/div>\n\t\t","protected":false},"excerpt":{"rendered":"","protected":false},"author":3,"featured_media":2896,"parent":0,"menu_order":0,"comment_status":"closed","ping_status":"closed","template":"elementor_header_footer","meta":{"_yoast_wpseo_focuskw":"Stallo, samski div","_yoast_wpseo_title":"Stallo - Divovski antagonist samskih pripovijesti","_yoast_wpseo_metadesc":"Stallo je ljudo\u017ederski div samske tradicije. Religijsko-znanstveno tuma\u010denje pripovijesti o ovom antagonistu.","_yoast_wpseo_meta-robots-noindex":"","_yoast_wpseo_canonical":"","_angie_page":false,"gefaehrdungsstufe":"4","wesen_kultur":"sami","wesen_klasse":"geister","footnotes":""},"categories":[],"class_list":["post-149748","page","type-page","status-publish","has-post-thumbnail","hentry"],"yoast_head":"<!-- This site is optimized with the Yoast SEO Premium plugin v27.7 (Yoast SEO v28.3) - https:\/\/yoast.com\/product\/yoast-seo-premium-wordpress\/ -->\n<title>Stallo - Divovski antagonist samskih pripovijesti<\/title>\n<meta name=\"description\" content=\"Stallo je ljudo\u017ederski div samske tradicije. Religijsko-znanstveno tuma\u010denje pripovijesti o ovom antagonistu.\" \/>\n<meta name=\"robots\" content=\"index, follow, max-snippet:-1, max-image-preview:large, max-video-preview:-1\" \/>\n<link rel=\"canonical\" href=\"https:\/\/iwell-guard.com\/hr\/stallo-ljudozderski-div-samske-tradicije\/\" \/>\n<meta property=\"og:locale\" content=\"hr_HR\" \/>\n<meta property=\"og:type\" content=\"article\" \/>\n<meta property=\"og:title\" content=\"Stallo - Ljudo\u017ederski div samske tradicije\" \/>\n<meta property=\"og:description\" content=\"Stallo je ljudo\u017ederski div samske tradicije. Religijsko-znanstveno tuma\u010denje pripovijesti o ovom antagonistu.\" \/>\n<meta property=\"og:url\" content=\"https:\/\/iwell-guard.com\/hr\/stallo-ljudozderski-div-samske-tradicije\/\" \/>\n<meta property=\"og:site_name\" content=\"iWell Guard\" \/>\n<meta property=\"article:modified_time\" content=\"2026-09-04T05:31:15+00:00\" \/>\n<meta property=\"og:image\" content=\"https:\/\/iwell-guard.com\/wp-content\/uploads\/2026\/05\/goetter_sami_stallo.webp\" \/>\n\t<meta property=\"og:image:width\" content=\"1024\" \/>\n\t<meta property=\"og:image:height\" content=\"1536\" \/>\n\t<meta property=\"og:image:type\" content=\"image\/webp\" \/>\n<meta name=\"twitter:card\" content=\"summary_large_image\" \/>\n<script type=\"application\/ld+json\" class=\"yoast-schema-graph\">{\"@context\":\"https:\\\/\\\/schema.org\",\"@graph\":[{\"@type\":\"WebPage\",\"@id\":\"https:\\\/\\\/iwell-guard.com\\\/hr\\\/stallo-ljudozderski-div-samske-tradicije\\\/\",\"url\":\"https:\\\/\\\/iwell-guard.com\\\/hr\\\/stallo-ljudozderski-div-samske-tradicije\\\/\",\"name\":\"Stallo - Divovski antagonist samskih pripovijesti\",\"isPartOf\":{\"@id\":\"https:\\\/\\\/iwell-guard.com\\\/hr\\\/#website\"},\"primaryImageOfPage\":{\"@id\":\"https:\\\/\\\/iwell-guard.com\\\/hr\\\/stallo-ljudozderski-div-samske-tradicije\\\/#primaryimage\"},\"image\":{\"@id\":\"https:\\\/\\\/iwell-guard.com\\\/hr\\\/stallo-ljudozderski-div-samske-tradicije\\\/#primaryimage\"},\"thumbnailUrl\":\"https:\\\/\\\/iwell-guard.com\\\/wp-content\\\/uploads\\\/2026\\\/05\\\/goetter_sami_stallo.webp\",\"datePublished\":\"2026-09-04T05:13:10+00:00\",\"dateModified\":\"2026-09-04T05:31:15+00:00\",\"description\":\"Stallo je ljudo\u017ederski div samske tradicije. Religijsko-znanstveno tuma\u010denje pripovijesti o ovom antagonistu.\",\"breadcrumb\":{\"@id\":\"https:\\\/\\\/iwell-guard.com\\\/hr\\\/stallo-ljudozderski-div-samske-tradicije\\\/#breadcrumb\"},\"inLanguage\":\"hr\",\"potentialAction\":[{\"@type\":\"ReadAction\",\"target\":[\"https:\\\/\\\/iwell-guard.com\\\/hr\\\/stallo-ljudozderski-div-samske-tradicije\\\/\"]}]},{\"@type\":\"ImageObject\",\"inLanguage\":\"hr\",\"@id\":\"https:\\\/\\\/iwell-guard.com\\\/hr\\\/stallo-ljudozderski-div-samske-tradicije\\\/#primaryimage\",\"url\":\"https:\\\/\\\/iwell-guard.com\\\/wp-content\\\/uploads\\\/2026\\\/05\\\/goetter_sami_stallo.webp\",\"contentUrl\":\"https:\\\/\\\/iwell-guard.com\\\/wp-content\\\/uploads\\\/2026\\\/05\\\/goetter_sami_stallo.webp\",\"width\":1024,\"height\":1536,\"caption\":\"Bogovi iz s\u00e1mske tradicije.\"},{\"@type\":\"BreadcrumbList\",\"@id\":\"https:\\\/\\\/iwell-guard.com\\\/hr\\\/stallo-ljudozderski-div-samske-tradicije\\\/#breadcrumb\",\"itemListElement\":[{\"@type\":\"ListItem\",\"position\":1,\"name\":\"Start\",\"item\":\"https:\\\/\\\/iwell-guard.com\\\/hr\\\/?page_id=149317\"},{\"@type\":\"ListItem\",\"position\":2,\"name\":\"Stallo &#8211; Ljudo\u017ederski div samske tradicije\"}]},{\"@type\":\"WebSite\",\"@id\":\"https:\\\/\\\/iwell-guard.com\\\/hr\\\/#website\",\"url\":\"https:\\\/\\\/iwell-guard.com\\\/hr\\\/\",\"name\":\"iWell Guard\",\"description\":\"Schutz vor dunklen Einfl\u00fcssen\",\"publisher\":{\"@id\":\"https:\\\/\\\/iwell-guard.com\\\/hr\\\/#organization\"},\"potentialAction\":[{\"@type\":\"SearchAction\",\"target\":{\"@type\":\"EntryPoint\",\"urlTemplate\":\"https:\\\/\\\/iwell-guard.com\\\/hr\\\/?s={search_term_string}\"},\"query-input\":{\"@type\":\"PropertyValueSpecification\",\"valueRequired\":true,\"valueName\":\"search_term_string\"}}],\"inLanguage\":\"hr\"},{\"@type\":\"Organization\",\"@id\":\"https:\\\/\\\/iwell-guard.com\\\/hr\\\/#organization\",\"name\":\"Ittermann electronic GmbH\",\"url\":\"https:\\\/\\\/iwell-guard.com\\\/hr\\\/\",\"logo\":{\"@type\":\"ImageObject\",\"inLanguage\":\"hr\",\"@id\":\"https:\\\/\\\/iwell-guard.com\\\/hr\\\/#\\\/schema\\\/logo\\\/image\\\/\",\"url\":\"https:\\\/\\\/iwell-guard.com\\\/wp-content\\\/uploads\\\/2026\\\/05\\\/Ittermann-Logo-1182x237-1.png\",\"contentUrl\":\"https:\\\/\\\/iwell-guard.com\\\/wp-content\\\/uploads\\\/2026\\\/05\\\/Ittermann-Logo-1182x237-1.png\",\"width\":1182,\"height\":237,\"caption\":\"Ittermann electronic GmbH\"},\"image\":{\"@id\":\"https:\\\/\\\/iwell-guard.com\\\/hr\\\/#\\\/schema\\\/logo\\\/image\\\/\"},\"sameAs\":[\"https:\\\/\\\/pantip.com\\\/profile\\\/9367242\",\"https:\\\/\\\/micro.blog\\\/iwellguard\",\"https:\\\/\\\/www.diggerslist.com\\\/iwellguard\\\/about\",\"https:\\\/\\\/skitterphoto.com\\\/photographers\\\/2870314\\\/iwell-guard\",\"https:\\\/\\\/iwellguard.wordpress.com\\\/2026\\\/06\\\/06\\\/iwell-guard\\\/\",\"https:\\\/\\\/hub.docker.com\\\/u\\\/iwellguard\",\"https:\\\/\\\/www.pinterest.com\\\/iwellguard\\\/\",\"https:\\\/\\\/bit.ly\\\/m\\\/iwellguard\",\"https:\\\/\\\/entre-vos-mains.alsace.eu\\\/profiles\\\/iwellguard\\\/activity\",\"https:\\\/\\\/gravatar.com\\\/reallybeded8fd34\",\"https:\\\/\\\/naijamatta.com\\\/iwellguard\",\"https:\\\/\\\/www.goodreads.com\\\/iwellguard\",\"https:\\\/\\\/profile.hatena.ne.jp\\\/iwellguard\\\/\",\"https:\\\/\\\/experiment.com\\\/users\\\/iwellguard\",\"https:\\\/\\\/wakelet.com\\\/@iWellGuard82270\",\"https:\\\/\\\/www.chordie.com\\\/forum\\\/profile.php?id=2555664\",\"https:\\\/\\\/www.instapaper.com\\\/p\\\/17757966\",\"https:\\\/\\\/www.mapleprimes.com\\\/users\\\/iwellguard\",\"https:\\\/\\\/businesslistingplus.com\\\/profile\\\/iwell-guard\\\/\",\"https:\\\/\\\/telegra.ph\\\/iWell-Guard-06-06\",\"https:\\\/\\\/pbase.com\\\/iwellguard\\\/iwellguard\",\"https:\\\/\\\/b.hatena.ne.jp\\\/iwellguard\\\/20260607#bookmark-4788405196491818882\",\"https:\\\/\\\/fliphtml5.com\\\/home\\\/iwellguard\",\"https:\\\/\\\/anyflip.com\\\/homepage\\\/cmiwl#About\",\"https:\\\/\\\/transfur.com\\\/Users\\\/iwellguard\",\"http:\\\/\\\/delphi.larsbo.org\\\/user\\\/iwellguard\",\"https:\\\/\\\/jobs.lajobsportal.org\\\/profiles\\\/8380803-iwell-guard\",\"https:\\\/\\\/md.chaosdorf.de\\\/s\\\/jfbe5SBdJD\",\"https:\\\/\\\/www.lingvolive.com\\\/en-us\\\/profile\\\/9ecaeaca-ce11-4e51-9e71-01d55e2bff36\\\/translations\",\"https:\\\/\\\/www.fitday.com\\\/fitness\\\/forums\\\/members\\\/iwellguard.html\",\"https:\\\/\\\/www.mymeetbook.com\\\/iwellguard\",\"https:\\\/\\\/pxhere.com\\\/en\\\/photographer-me\\\/5040798\",\"https:\\\/\\\/disqus.com\\\/by\\\/iwellguard\\\/about\\\/\",\"https:\\\/\\\/pastelink.net\\\/hjwciqwq\",\"https:\\\/\\\/pubhtml5.com\\\/homepage\\\/scjhn\\\/\",\"https:\\\/\\\/www.bitchute.com\\\/channel\\\/2O2eOKzNqujT\",\"https:\\\/\\\/audiomack.com\\\/iwellguard\"]},{\"@type\":\"Article\",\"@id\":\"https:\\\/\\\/iwell-guard.com\\\/hr\\\/stallo-ljudozderski-div-samske-tradicije\\\/#article\",\"isPartOf\":{\"@id\":\"https:\\\/\\\/iwell-guard.com\\\/hr\\\/stallo-ljudozderski-div-samske-tradicije\\\/\"},\"author\":{\"name\":\"Ralf Ittermann\",\"@id\":\"https:\\\/\\\/iwell-guard.com\\\/hr\\\/#\\\/schema\\\/person\\\/ee2a27f1cac3406c7c6fb5820cb7349f\"},\"headline\":\"Stallo &#8211; Ljudo\u017ederski div samske tradicije\",\"datePublished\":\"2026-09-04T05:13:10+00:00\",\"dateModified\":\"2026-09-04T05:31:15+00:00\",\"mainEntityOfPage\":{\"@id\":\"https:\\\/\\\/iwell-guard.com\\\/hr\\\/stallo-ljudozderski-div-samske-tradicije\\\/\"},\"publisher\":{\"@id\":\"https:\\\/\\\/iwell-guard.com\\\/hr\\\/#organization\"},\"image\":{\"@id\":\"https:\\\/\\\/iwell-guard.com\\\/hr\\\/stallo-ljudozderski-div-samske-tradicije\\\/#primaryimage\"},\"thumbnailUrl\":\"https:\\\/\\\/iwell-guard.com\\\/wp-content\\\/uploads\\\/2026\\\/05\\\/goetter_sami_stallo.webp\",\"inLanguage\":\"hr\",\"description\":\"Stallo je ljudo\u017ederski div samske tradicije. Religijsko-znanstveno tuma\u010denje pripovijesti o ovom antagonistu.\"}]}<\/script>\n<!-- \/ Yoast SEO Premium plugin. -->","yoast_head_json":{"title":"Stallo - Divovski antagonist samskih pripovijesti","description":"Stallo je ljudo\u017ederski div samske tradicije. Religijsko-znanstveno tuma\u010denje pripovijesti o ovom antagonistu.","robots":{"index":"index","follow":"follow","max-snippet":"max-snippet:-1","max-image-preview":"max-image-preview:large","max-video-preview":"max-video-preview:-1"},"canonical":"https:\/\/iwell-guard.com\/hr\/stallo-ljudozderski-div-samske-tradicije\/","og_locale":"hr_HR","og_type":"article","og_title":"Stallo - Ljudo\u017ederski div samske tradicije","og_description":"Stallo je ljudo\u017ederski div samske tradicije. Religijsko-znanstveno tuma\u010denje pripovijesti o ovom antagonistu.","og_url":"https:\/\/iwell-guard.com\/hr\/stallo-ljudozderski-div-samske-tradicije\/","og_site_name":"iWell Guard","article_modified_time":"2026-09-04T05:31:15+00:00","og_image":[{"width":1024,"height":1536,"url":"https:\/\/iwell-guard.com\/wp-content\/uploads\/2026\/05\/goetter_sami_stallo.webp","type":"image\/webp"}],"twitter_card":"summary_large_image","schema":{"@context":"https:\/\/schema.org","@graph":[{"@type":"Article","@id":"https:\/\/iwell-guard.com\/hr\/stallo-ljudozderski-div-samske-tradicije\/#article","isPartOf":{"@id":"https:\/\/iwell-guard.com\/hr\/stallo-ljudozderski-div-samske-tradicije\/"},"author":{"name":"Ralf Ittermann","@id":"https:\/\/iwell-guard.com\/hr\/#\/schema\/person\/ee2a27f1cac3406c7c6fb5820cb7349f"},"headline":"Stallo &#8211; Ljudo\u017ederski div samske tradicije","datePublished":"2026-09-04T05:13:10+00:00","dateModified":"2026-09-04T05:31:15+00:00","mainEntityOfPage":{"@id":"https:\/\/iwell-guard.com\/hr\/stallo-ljudozderski-div-samske-tradicije\/"},"publisher":{"@id":"https:\/\/iwell-guard.com\/hr\/#organization"},"image":{"@id":"https:\/\/iwell-guard.com\/hr\/stallo-ljudozderski-div-samske-tradicije\/#primaryimage"},"thumbnailUrl":"https:\/\/iwell-guard.com\/wp-content\/uploads\/2026\/05\/goetter_sami_stallo.webp","inLanguage":"hr","description":"Stallo je ljudo\u017ederski div samske tradicije. Religijsko-znanstveno tuma\u010denje pripovijesti o ovom antagonistu."},{"@type":"WebPage","@id":"https:\/\/iwell-guard.com\/hr\/stallo-ljudozderski-div-samske-tradicije\/","url":"https:\/\/iwell-guard.com\/hr\/stallo-ljudozderski-div-samske-tradicije\/","name":"Stallo - Divovski antagonist samskih pripovijesti","isPartOf":{"@id":"https:\/\/iwell-guard.com\/hr\/#website"},"primaryImageOfPage":{"@id":"https:\/\/iwell-guard.com\/hr\/stallo-ljudozderski-div-samske-tradicije\/#primaryimage"},"image":{"@id":"https:\/\/iwell-guard.com\/hr\/stallo-ljudozderski-div-samske-tradicije\/#primaryimage"},"thumbnailUrl":"https:\/\/iwell-guard.com\/wp-content\/uploads\/2026\/05\/goetter_sami_stallo.webp","datePublished":"2026-09-04T05:13:10+00:00","dateModified":"2026-09-04T05:31:15+00:00","description":"Stallo je ljudo\u017ederski div samske tradicije. Religijsko-znanstveno tuma\u010denje pripovijesti o ovom antagonistu.","breadcrumb":{"@id":"https:\/\/iwell-guard.com\/hr\/stallo-ljudozderski-div-samske-tradicije\/#breadcrumb"},"inLanguage":"hr","potentialAction":[{"@type":"ReadAction","target":["https:\/\/iwell-guard.com\/hr\/stallo-ljudozderski-div-samske-tradicije\/"]}]},{"@type":"ImageObject","inLanguage":"hr","@id":"https:\/\/iwell-guard.com\/hr\/stallo-ljudozderski-div-samske-tradicije\/#primaryimage","url":"https:\/\/iwell-guard.com\/wp-content\/uploads\/2026\/05\/goetter_sami_stallo.webp","contentUrl":"https:\/\/iwell-guard.com\/wp-content\/uploads\/2026\/05\/goetter_sami_stallo.webp","width":1024,"height":1536,"caption":"Bogovi iz s\u00e1mske tradicije."},{"@type":"BreadcrumbList","@id":"https:\/\/iwell-guard.com\/hr\/stallo-ljudozderski-div-samske-tradicije\/#breadcrumb","itemListElement":[{"@type":"ListItem","position":1,"name":"Start","item":"https:\/\/iwell-guard.com\/hr\/?page_id=149317"},{"@type":"ListItem","position":2,"name":"Stallo &#8211; Ljudo\u017ederski div samske tradicije"}]},{"@type":"WebSite","@id":"https:\/\/iwell-guard.com\/hr\/#website","url":"https:\/\/iwell-guard.com\/hr\/","name":"iWell Guard","description":"Schutz vor dunklen Einfl\u00fcssen","publisher":{"@id":"https:\/\/iwell-guard.com\/hr\/#organization"},"potentialAction":[{"@type":"SearchAction","target":{"@type":"EntryPoint","urlTemplate":"https:\/\/iwell-guard.com\/hr\/?s={search_term_string}"},"query-input":{"@type":"PropertyValueSpecification","valueRequired":true,"valueName":"search_term_string"}}],"inLanguage":"hr"},{"@type":"Organization","@id":"https:\/\/iwell-guard.com\/hr\/#organization","name":"Ittermann electronic GmbH","url":"https:\/\/iwell-guard.com\/hr\/","logo":{"@type":"ImageObject","inLanguage":"hr","@id":"https:\/\/iwell-guard.com\/hr\/#\/schema\/logo\/image\/","url":"https:\/\/iwell-guard.com\/wp-content\/uploads\/2026\/05\/Ittermann-Logo-1182x237-1.png","contentUrl":"https:\/\/iwell-guard.com\/wp-content\/uploads\/2026\/05\/Ittermann-Logo-1182x237-1.png","width":1182,"height":237,"caption":"Ittermann electronic GmbH"},"image":{"@id":"https:\/\/iwell-guard.com\/hr\/#\/schema\/logo\/image\/"},"sameAs":["https:\/\/pantip.com\/profile\/9367242","https:\/\/micro.blog\/iwellguard","https:\/\/www.diggerslist.com\/iwellguard\/about","https:\/\/skitterphoto.com\/photographers\/2870314\/iwell-guard","https:\/\/iwellguard.wordpress.com\/2026\/06\/06\/iwell-guard\/","https:\/\/hub.docker.com\/u\/iwellguard","https:\/\/www.pinterest.com\/iwellguard\/","https:\/\/bit.ly\/m\/iwellguard","https:\/\/entre-vos-mains.alsace.eu\/profiles\/iwellguard\/activity","https:\/\/gravatar.com\/reallybeded8fd34","https:\/\/naijamatta.com\/iwellguard","https:\/\/www.goodreads.com\/iwellguard","https:\/\/profile.hatena.ne.jp\/iwellguard\/","https:\/\/experiment.com\/users\/iwellguard","https:\/\/wakelet.com\/@iWellGuard82270","https:\/\/www.chordie.com\/forum\/profile.php?id=2555664","https:\/\/www.instapaper.com\/p\/17757966","https:\/\/www.mapleprimes.com\/users\/iwellguard","https:\/\/businesslistingplus.com\/profile\/iwell-guard\/","https:\/\/telegra.ph\/iWell-Guard-06-06","https:\/\/pbase.com\/iwellguard\/iwellguard","https:\/\/b.hatena.ne.jp\/iwellguard\/20260607#bookmark-4788405196491818882","https:\/\/fliphtml5.com\/home\/iwellguard","https:\/\/anyflip.com\/homepage\/cmiwl#About","https:\/\/transfur.com\/Users\/iwellguard","http:\/\/delphi.larsbo.org\/user\/iwellguard","https:\/\/jobs.lajobsportal.org\/profiles\/8380803-iwell-guard","https:\/\/md.chaosdorf.de\/s\/jfbe5SBdJD","https:\/\/www.lingvolive.com\/en-us\/profile\/9ecaeaca-ce11-4e51-9e71-01d55e2bff36\/translations","https:\/\/www.fitday.com\/fitness\/forums\/members\/iwellguard.html","https:\/\/www.mymeetbook.com\/iwellguard","https:\/\/pxhere.com\/en\/photographer-me\/5040798","https:\/\/disqus.com\/by\/iwellguard\/about\/","https:\/\/pastelink.net\/hjwciqwq","https:\/\/pubhtml5.com\/homepage\/scjhn\/","https:\/\/www.bitchute.com\/channel\/2O2eOKzNqujT","https:\/\/audiomack.com\/iwellguard"]},{"@type":"Person","@id":"https:\/\/iwell-guard.com\/hr\/#\/schema\/person\/ee2a27f1cac3406c7c6fb5820cb7349f","name":"Ralf Ittermann","image":{"@type":"ImageObject","inLanguage":"hr","@id":"https:\/\/secure.gravatar.com\/avatar\/073c0153e350a5005b68eb752b445fea71f6b24a26da9449ad7e155e6b446c9d?s=96&d=mm&r=g","url":"https:\/\/secure.gravatar.com\/avatar\/073c0153e350a5005b68eb752b445fea71f6b24a26da9449ad7e155e6b446c9d?s=96&d=mm&r=g","contentUrl":"https:\/\/secure.gravatar.com\/avatar\/073c0153e350a5005b68eb752b445fea71f6b24a26da9449ad7e155e6b446c9d?s=96&d=mm&r=g","caption":"Ralf Ittermann"},"givenName":"Ralf","familyName":"Ittermann","jobTitle":"Gesch\u00e4ftsf\u00fchrer und redaktioneller Verantwortlicher","url":"https:\/\/iwell-guard.com\/hr\/author\/claude\/","description":"Ralf Ittermann ist Gesch\u00e4ftsf\u00fchrer der Ittermann electronic GmbH und redaktioneller Verantwortlicher des iWell-Guard-Lexikons. Er verbindet langj\u00e4hrige Erfahrung in der Pr\u00e4zisionsfertigung mit medialer Praxis und religionsgeschichtlicher Quellenarbeit.","worksFor":{"@type":"Organization","name":"Ittermann electronic GmbH","url":"https:\/\/ittermann.de\/","address":{"@type":"PostalAddress","streetAddress":"K\u00f6hlergasse 16-18","postalCode":"99842","addressLocality":"Ruhla","addressCountry":"DE"}},"knowsAbout":["Religionsgeschichte","Mythologie","Mediale Praxis","Energetische Diagnostik","Schutzpraxis","Volksglauben","Westliche Esoterik"]},{"@type":"Article","@id":"https:\/\/iwell-guard.com\/hr\/stallo-ljudozderski-div-samske-tradicije\/#article","isPartOf":{"@id":"https:\/\/iwell-guard.com\/hr\/stallo-ljudozderski-div-samske-tradicije\/"},"author":{"name":"Ralf Ittermann","@id":"https:\/\/iwell-guard.com\/hr\/#\/schema\/person\/ee2a27f1cac3406c7c6fb5820cb7349f"},"headline":"Stallo &#8211; Ljudo\u017ederski div samske tradicije","datePublished":"2026-09-04T05:13:10+00:00","dateModified":"2026-09-04T05:31:15+00:00","mainEntityOfPage":{"@id":"https:\/\/iwell-guard.com\/hr\/stallo-ljudozderski-div-samske-tradicije\/"},"publisher":{"@id":"https:\/\/iwell-guard.com\/hr\/#organization"},"image":{"@id":"https:\/\/iwell-guard.com\/hr\/stallo-ljudozderski-div-samske-tradicije\/#primaryimage"},"thumbnailUrl":"https:\/\/iwell-guard.com\/wp-content\/uploads\/2026\/05\/goetter_sami_stallo.webp","inLanguage":"hr","description":"Stallo je ljudo\u017ederski div samske tradicije. Religijsko-znanstveno tuma\u010denje pripovijesti o ovom antagonistu."}]}},"_links":{"self":[{"href":"https:\/\/iwell-guard.com\/hr\/wp-json\/wp\/v2\/pages\/149748","targetHints":{"allow":["GET"]}}],"collection":[{"href":"https:\/\/iwell-guard.com\/hr\/wp-json\/wp\/v2\/pages"}],"about":[{"href":"https:\/\/iwell-guard.com\/hr\/wp-json\/wp\/v2\/types\/page"}],"author":[{"embeddable":true,"href":"https:\/\/iwell-guard.com\/hr\/wp-json\/wp\/v2\/users\/3"}],"replies":[{"embeddable":true,"href":"https:\/\/iwell-guard.com\/hr\/wp-json\/wp\/v2\/comments?post=149748"}],"version-history":[{"count":0,"href":"https:\/\/iwell-guard.com\/hr\/wp-json\/wp\/v2\/pages\/149748\/revisions"}],"wp:featuredmedia":[{"embeddable":true,"href":"https:\/\/iwell-guard.com\/hr\/wp-json\/wp\/v2\/media\/2896"}],"wp:attachment":[{"href":"https:\/\/iwell-guard.com\/hr\/wp-json\/wp\/v2\/media?parent=149748"}],"wp:term":[{"taxonomy":"category","embeddable":true,"href":"https:\/\/iwell-guard.com\/hr\/wp-json\/wp\/v2\/categories?post=149748"}],"curies":[{"name":"wp","href":"https:\/\/api.w.org\/{rel}","templated":true}]}}