{"id":149745,"date":"2026-09-04T05:13:09","date_gmt":"2026-09-04T05:13:09","guid":{"rendered":"https:\/\/iwell-guard.com\/?page_id=149745"},"modified":"2026-09-04T05:31:11","modified_gmt":"2026-09-04T05:31:11","slug":"beaivi-boginja-sunca-samijaca","status":"publish","type":"page","link":"https:\/\/iwell-guard.com\/hr\/beaivi-boginja-sunca-samijaca\/","title":{"rendered":"Beaivi \u2013 bo\u017eica Sunca kod Samijaca"},"content":{"rendered":"\t\t<div data-elementor-type=\"wp-page\" data-elementor-id=\"149745\" class=\"elementor elementor-149745 elementor-2664 elementor-bc-flex-widget\" data-elementor-post-type=\"page\">\n\t\t\t\t<div class=\"elementor-element elementor-element-iwgw-beaivi-hero e-flex e-con-boxed e-con e-parent\" data-id=\"iwgw-beaivi-hero\" data-element_type=\"container\" data-e-type=\"container\" data-settings=\"{&quot;background_background&quot;:&quot;classic&quot;}\">\n\t\t\t\t\t<div class=\"e-con-inner\">\n\t\t<div class=\"elementor-element elementor-element-iwgw-beaivi-hl e-flex e-con-boxed e-con e-child\" data-id=\"iwgw-beaivi-hl\" data-element_type=\"container\" data-e-type=\"container\">\n\t\t\t\t\t<div class=\"e-con-inner\">\n\t\t<div class=\"elementor-element elementor-element-iwgw-beaivi-htxt e-con-full e-flex e-con e-child\" data-id=\"iwgw-beaivi-htxt\" data-element_type=\"container\" data-e-type=\"container\">\n\t\t\t\t<div class=\"elementor-element elementor-element-iwgw-beaivi-h1 elementor-widget elementor-widget-heading\" data-id=\"iwgw-beaivi-h1\" data-element_type=\"widget\" data-e-type=\"widget\" data-widget_type=\"heading.default\">\n\t\t\t\t\t<h1 class=\"elementor-heading-title elementor-size-default\">Beaivi \u2013 bo\u017eica Sunca i darovateljica \u017eivota u samskoj religiji<\/h1>\t\t\t\t<\/div>\n\t\t\t\t<div class=\"elementor-element elementor-element-iwgw-beaivi-lead elementor-widget elementor-widget-text-editor\" data-id=\"iwgw-beaivi-lead\" data-element_type=\"widget\" data-e-type=\"widget\" data-widget_type=\"text-editor.default\">\n\t\t\t\t\t\t\t\t\t<p>Beaivi, pisano i Beaivvi ili u sjevernosamskom standardnom obliku Beaivi, personificirano je Sunce kao <span class=\"iwg-fachbegriff\" data-tooltip=\"Bi\u0107e koje se u nekoj religiji \u0161tuje kao bo\u017eansko.\" tabindex=\"0\">bo\u017eanstvo<\/span> samske tradicije. Smatrana je darovateljicom \u017eivota, majkom sobova i sredi\u0161njom religijskom figurom, \u010dije je \u0161tovanje detaljno rekonstruirao H\u00e5kan Rydving i Juha Pentik\u00e4inen.<\/p>\t\t\t\t\t\t\t\t<\/div>\n\t\t\t\t<\/div>\n\t\t<div class=\"elementor-element elementor-element-iwgw-beaivi-pillc e-con-full e-flex e-con e-child\" data-id=\"iwgw-beaivi-pillc\" data-element_type=\"container\" data-e-type=\"container\">\n\t\t\t\t<div class=\"elementor-element elementor-element-iwgw-beaivi-pills elementor-widget elementor-widget-html\" data-id=\"iwgw-beaivi-pills\" data-element_type=\"widget\" data-e-type=\"widget\" data-widget_type=\"html.default\">\n\t\t\t\t\t<div class=\"iwg-pill-row\"><span class=\"iwg-klasse-badge\" tabindex=\"0\" data-tooltip=\"Bo\u017eica tradicije Sami.\">Bo\u017eica<\/span><a href=\"https:\/\/iwell-guard.com\/hr\/sami-i-finougorska-tradicija-noaidi-bubanj\/\" class=\"iwg-kultur-badge\" tabindex=\"0\" data-tooltip=\"Mitologija tradicije Sami.\">Sami<\/a><span class=\"iwg-tradition-badge\" tabindex=\"0\" data-tooltip=\"Bo\u017eica Sunca i \u017eivota.\">Bo\u017eica Sunca i \u017eivota<\/span><\/div>\t\t\t\t<\/div>\n\t\t\t\t<\/div>\n\t\t<div class=\"elementor-element elementor-element-iwgw-beaivi-tocc e-con-full e-flex e-con e-child\" data-id=\"iwgw-beaivi-tocc\" data-element_type=\"container\" data-e-type=\"container\">\n\t\t\t\t<div class=\"elementor-element elementor-element-iwgw-beaivi-toc elementor-toc--minimized-on-tablet elementor-widget elementor-widget-table-of-contents\" data-id=\"iwgw-beaivi-toc\" data-element_type=\"widget\" data-e-type=\"widget\" data-settings=\"{&quot;headings_by_tags&quot;:[&quot;h2&quot;,&quot;h3&quot;],&quot;minimize_box&quot;:&quot;yes&quot;,&quot;marker_view&quot;:&quot;bullets&quot;,&quot;no_headings_message&quot;:&quot;Na ovoj stranici nisu prona\\u0111eni naslovi.&quot;,&quot;exclude_headings_by_selector&quot;:[],&quot;icon&quot;:{&quot;value&quot;:&quot;fas fa-circle&quot;,&quot;library&quot;:&quot;fa-solid&quot;,&quot;rendered_tag&quot;:&quot;&lt;svg class=\\&quot;e-font-icon-svg e-fas-circle\\&quot; viewBox=\\&quot;0 0 512 512\\&quot; xmlns=\\&quot;http:\\\/\\\/www.w3.org\\\/2000\\\/svg\\&quot;&gt;&lt;path d=\\&quot;M256 8C119 8 8 119 8 256s111 248 248 248 248-111 248-248S393 8 256 8z\\&quot;&gt;&lt;\\\/path&gt;&lt;\\\/svg&gt;&quot;},&quot;minimized_on&quot;:&quot;tablet&quot;,&quot;hierarchical_view&quot;:&quot;yes&quot;,&quot;min_height&quot;:{&quot;unit&quot;:&quot;px&quot;,&quot;size&quot;:&quot;&quot;,&quot;sizes&quot;:[]},&quot;min_height_tablet&quot;:{&quot;unit&quot;:&quot;px&quot;,&quot;size&quot;:&quot;&quot;,&quot;sizes&quot;:[]},&quot;min_height_mobile&quot;:{&quot;unit&quot;:&quot;px&quot;,&quot;size&quot;:&quot;&quot;,&quot;sizes&quot;:[]}}\" data-widget_type=\"table-of-contents.default\">\n\t\t\t\t\t\t\t\t\t<div class=\"elementor-toc__header\">\n\t\t\t\t\t\t<h2 class=\"elementor-toc__header-title\">\n\t\t\t\tSadr\u017eaj\t\t\t<\/h2>\n\t\t\t\t\t\t\t\t\t\t<div class=\"elementor-toc__toggle-button elementor-toc__toggle-button--expand\" role=\"button\" tabindex=\"0\" aria-controls=\"elementor-toc__iwgw-beaivi-toc\" aria-expanded=\"true\" aria-label=\"Open table of contents\"><svg aria-hidden=\"true\" class=\"e-font-icon-svg e-fas-chevron-down\" viewBox=\"0 0 448 512\" xmlns=\"http:\/\/www.w3.org\/2000\/svg\"><path d=\"M207.029 381.476L12.686 187.132c-9.373-9.373-9.373-24.569 0-33.941l22.667-22.667c9.357-9.357 24.522-9.375 33.901-.04L224 284.505l154.745-154.021c9.379-9.335 24.544-9.317 33.901.04l22.667 22.667c9.373 9.373 9.373 24.569 0 33.941L240.971 381.476c-9.373 9.372-24.569 9.372-33.942 0z\"><\/path><\/svg><\/div>\n\t\t\t\t<div class=\"elementor-toc__toggle-button elementor-toc__toggle-button--collapse\" role=\"button\" tabindex=\"0\" aria-controls=\"elementor-toc__iwgw-beaivi-toc\" aria-expanded=\"true\" aria-label=\"Close table of contents\"><svg aria-hidden=\"true\" class=\"e-font-icon-svg e-fas-chevron-up\" viewBox=\"0 0 448 512\" xmlns=\"http:\/\/www.w3.org\/2000\/svg\"><path d=\"M240.971 130.524l194.343 194.343c9.373 9.373 9.373 24.569 0 33.941l-22.667 22.667c-9.357 9.357-24.522 9.375-33.901.04L224 227.495 69.255 381.516c-9.379 9.335-24.544 9.317-33.901-.04l-22.667-22.667c-9.373-9.373-9.373-24.569 0-33.941L207.03 130.525c9.372-9.373 24.568-9.373 33.941-.001z\"><\/path><\/svg><\/div>\n\t\t\t\t\t<\/div>\n\t\t\t\t<div id=\"elementor-toc__iwgw-beaivi-toc\" class=\"elementor-toc__body\">\n\t\t\t<div class=\"elementor-toc__spinner-container\">\n\t\t\t\t<svg class=\"elementor-toc__spinner eicon-animation-spin e-font-icon-svg e-eicon-loading\" aria-hidden=\"true\" viewBox=\"0 0 1000 1000\" xmlns=\"http:\/\/www.w3.org\/2000\/svg\"><path d=\"M500 975V858C696 858 858 696 858 500S696 142 500 142 142 304 142 500H25C25 237 238 25 500 25S975 237 975 500 763 975 500 975Z\"><\/path><\/svg>\t\t\t<\/div>\n\t\t<\/div>\n\t\t\t\t\t\t<\/div>\n\t\t\t\t<\/div>\n\t\t\t\t\t<\/div>\n\t\t\t\t<\/div>\n\t\t<div class=\"elementor-element elementor-element-iwgw-beaivi-hr e-con-full e-flex e-con e-child\" data-id=\"iwgw-beaivi-hr\" data-element_type=\"container\" data-e-type=\"container\">\n\t\t\t\t<div class=\"elementor-element elementor-element-iwgw-beaivi-heroimg iwg-hero-image elementor-widget elementor-widget-image\" data-id=\"iwgw-beaivi-heroimg\" data-element_type=\"widget\" data-e-type=\"widget\" data-widget_type=\"image.default\">\n\t\t\t\t\t\t\t\t\t\t\t\t\t\t\t<img fetchpriority=\"high\" decoding=\"async\" width=\"683\" height=\"1024\" src=\"https:\/\/iwell-guard.com\/wp-content\/uploads\/2026\/05\/goetter_sami_beaivi-683x1024.webp\" class=\"attachment-large size-large wp-image-151505\" alt=\"Beaivi - bo\u017eanstva iz samske tradicije, povijesno-ilustrativno\" srcset=\"https:\/\/iwell-guard.com\/wp-content\/uploads\/2026\/05\/goetter_sami_beaivi-683x1024.webp 683w, https:\/\/iwell-guard.com\/wp-content\/uploads\/2026\/05\/goetter_sami_beaivi-200x300.webp 200w, https:\/\/iwell-guard.com\/wp-content\/uploads\/2026\/05\/goetter_sami_beaivi-768x1152.webp 768w, https:\/\/iwell-guard.com\/wp-content\/uploads\/2026\/05\/goetter_sami_beaivi.webp 1024w\" sizes=\"(max-width: 683px) 100vw, 683px\" \/>\t\t\t\t\t\t\t\t\t\t\t\t\t\t\t<\/div>\n\t\t\t\t<\/div>\n\t\t\t\t\t<\/div>\n\t\t\t\t<\/div>\n\t\t<div class=\"elementor-element elementor-element-iwgw-beaivi-s0 e-flex e-con-boxed e-con e-parent\" data-id=\"iwgw-beaivi-s0\" data-element_type=\"container\" data-e-type=\"container\">\n\t\t\t\t\t<div class=\"e-con-inner\">\n\t\t\t\t<div class=\"elementor-element elementor-element-iwgw-beaivi-s0h elementor-widget elementor-widget-heading\" data-id=\"iwgw-beaivi-s0h\" data-element_type=\"widget\" data-e-type=\"widget\" data-widget_type=\"heading.default\">\n\t\t\t\t\t<h2 class=\"elementor-heading-title elementor-size-default\">Uvod i kratki profil<\/h2>\t\t\t\t<\/div>\n\t\t<div class=\"elementor-element elementor-element-iwgw-beaivi-s0c e-con-full e-flex e-con e-child\" data-id=\"iwgw-beaivi-s0c\" data-element_type=\"container\" data-e-type=\"container\">\n\t\t\t\t<div class=\"elementor-element elementor-element-iwgw-beaivi-s0t elementor-widget elementor-widget-text-editor\" data-id=\"iwgw-beaivi-s0t\" data-element_type=\"widget\" data-e-type=\"widget\" data-widget_type=\"text-editor.default\">\n\t\t\t\t\t\t\t\t\t<p>Beaivi je u samskom religijskom svijetu sredi\u0161nje svjetlosno bo\u017eanstvo i jedna od najbolje dokumentiranih figura predkr\u0161\u0107anske <a href=\"https:\/\/iwell-guard.com\/hr\/sami-i-finougorska-tradicija-noaidi-bubanj\/\">samske<\/a> religije.<\/p><p>Za razliku od mnogih mediteranskih solarnih kultova, Beaivi je \u017eenskog roda, \u010dime se uklapa u \u0161iru cirkumpolarnu i sjevernoeuropsku tradiciju \u017eenskih sun\u010devih bo\u017eanstava. Sa stajali\u0161ta religijske znanosti pripada istoj rodnoj kategoriji kao germanska S\u00f3l, balti\u010dka Saul\u0117 i japanska Amaterasu.<\/p><p>Izvori o Beaivi bogatiji su nego za mnoga druga samska bo\u017eanstva. Obuhva\u0107aju \u0161amanske slikarije na bubnjevima iz 17. i 18. stolje\u0107a, izvje\u0161taje luteranskih misionara poput Johannesa Schefferusa, Knuda Leema i Jensa Kildala, kao i etnografske zapise Larsa Levija L\u00e6stadiusa iz 19. stolje\u0107a. Ta \u0161irina izvora \u010dini Beaivi religijsko-znanstveno dobro istra\u017eenom.<\/p><p>Znanstveno gledano, Beaivi nije samo astronomska pojava, nego sveobuhvatno bo\u017eanstvo \u017eivota. Predstavlja plodnost, brojnost sobova, zdravlje i kozmolo\u0161ki poredak. Ta funkcionalna \u0161irina fenomenolo\u0161ki je tipi\u010dna za arkti\u010dke sun\u010deve bo\u017eice, \u010dije je zna\u010denje povezano s dihotomijom polarnog dana i polarne no\u0107i, klju\u010dnom za opstanak.<\/p><p>Upravo sun\u010deva bo\u017eica Beaivi pokazuje koliko je novija istra\u017eivanja izo\u0161trila metodologiju: etnografska preciznost, kriti\u010dka provjera jezi\u010dne <span class=\"iwg-fachbegriff\" data-tooltip=\"Preno\u0161enje znanja i pri\u010da kroz generacije.\" tabindex=\"0\">predaje<\/span> i komparativni pristup danas se isprepli\u0107u. Bitnu ulogu u tome imaju sami samski znanstvenici i znanstvenice, koji preispituju starija zapadnja\u010dka tuma\u010denja Beaivi i ispravljaju ona koja su bila obojena kolonijalnim obrascima mi\u0161ljenja.<\/p><p>Beaivi se kao \u017eensko sun\u010devo bo\u017eanstvo uklapa u cirkumpolarnu religijsku topografiju koja ostaje za\u010du\u0111uju\u0107e ujedna\u010dena diljem arkti\u010dkog prostora. \u010cinjenica da takve strukture ostaju stabilne kroz tisu\u0107e kilometara jedan je od najupe\u010datljivijih nalaza komparativne <span class=\"iwg-fachbegriff\" data-tooltip=\"Znanost koja istra\u017euje religije usporedno i bez vjerske pripadnosti.\" tabindex=\"0\">religijske znanosti<\/span> i o tome se i danas vode rasprave.<\/p>\t\t\t\t\t\t\t\t<\/div>\n\t\t\t\t<\/div>\n\t\t\t\t\t<\/div>\n\t\t\t\t<\/div>\n\t\t<div class=\"elementor-element elementor-element-iwgw-beaivi-s1 e-flex e-con-boxed e-con e-parent\" data-id=\"iwgw-beaivi-s1\" data-element_type=\"container\" data-e-type=\"container\">\n\t\t\t\t\t<div class=\"e-con-inner\">\n\t\t\t\t<div class=\"elementor-element elementor-element-iwgw-beaivi-s1h elementor-widget elementor-widget-heading\" data-id=\"iwgw-beaivi-s1h\" data-element_type=\"widget\" data-e-type=\"widget\" data-widget_type=\"heading.default\">\n\t\t\t\t\t<h2 class=\"elementor-heading-title elementor-size-default\">Ime i etimologija<\/h2>\t\t\t\t<\/div>\n\t\t<div class=\"elementor-element elementor-element-iwgw-beaivi-s1c e-con-full e-flex e-con e-child\" data-id=\"iwgw-beaivi-s1c\" data-element_type=\"container\" data-e-type=\"container\">\n\t\t\t\t<div class=\"elementor-element elementor-element-iwgw-beaivi-s1t elementor-widget elementor-widget-text-editor\" data-id=\"iwgw-beaivi-s1t\" data-element_type=\"widget\" data-e-type=\"widget\" data-widget_type=\"text-editor.default\">\n\t\t\t\t\t\t\t\t\t<p>Ime Beaivi pripada temeljnom samskom rje\u010dniku i istovremeno ozna\u010dava Sunce kao nebesko tijelo i kao <span class=\"iwg-fachbegriff\" data-tooltip=\"Bi\u0107e koje se u nekoj religiji \u0161tuje kao bo\u017eansko.\" tabindex=\"0\">bo\u017eanstvo<\/span>. Dijalektalne varijante uklju\u010duju P\u00e4ivi na ju\u017enosamskom podru\u010dju, Peivve na inarisamskom te Paeivvi na skoltsamskom. Ta raznolikost odgovara dijalektalnoj razdijeljenosti samskog jezika, koji se sastoji od vi\u0161e jezi\u010dnih varijeteta koje su me\u0111usobno tek djelomi\u010dno razumljive.<\/p><p>Etimolo\u0161ki Beaivi pripada praindouralskom korijenu za Sunce, koji se javlja i u finskom <em>p\u00e4iv\u00e4<\/em>, estonskom <em>p\u00e4ev<\/em> te u daljim srodnicima ove uralske jezi\u010dne porodice. Znanstveno je ta jezi\u010dnopovijesna dubina znamenita jer upu\u0107uje na veoma staru slojevitost religijskog pojmovnog oblikovanja, koja se\u017ee barem do protouralskog razdoblja.<\/p><p>U religijskoj se uporabi jezika \u010desto javlja po\u010dasni oblik <em>Beaivvi-\u00c1h\u010d\u010di<\/em> ili <em>Beaivvi-Eadni<\/em>, doslovno Sun\u010dev otac ili Sun\u010deva majka, ovisno o regionalnoj rodnoj pripadnosti. Istovremena prisutnost obaju oblika u razli\u010ditim regijama znanstveno je zanimljiva i upu\u0107uje na fleksibilnu rodnu pripadnost Sunca.<\/p><p>Religijskosociolo\u0161ki se mo\u017ee pitati kakvu je ulogu Beaivi imala u strukturi tradicionalne samske zajednice. Budu\u0107i da je kult Sunca bio povezan s brojno\u0161\u0107u sobova, zdravljem i ritmom polarnog dana i polarne no\u0107i, religijsko se ovdje nikada nije odvajalo od svakodnevne \u017eivotne prakse.<\/p><p>Ta bliska povezanost \u010dini vlastito religijskoantropolo\u0161ko polje istra\u017eivanja, koje su sustavno obradili prije svega H\u00e5kan Rydving i Konsta Kaikkonen.<\/p><p>Tome se pridru\u017euje suvremeno zna\u010denje Beaivi za samsku politiku identiteta. S pro\u0161irenjem samske samouprave i me\u0111unarodnopravnim priznanjem prava autohtonih naroda, figure kao bo\u017eica Sunca ponovno ja\u010de stupaju u javnu svijest. Kako se pri tome povezuju istra\u017eivanje religije i politi\u010dka samopotvrda, zasebno je podru\u010dje rada kojem znanost posljednjih godina posve\u0107uje znatno vi\u0161e pa\u017enje.<\/p>\t\t\t\t\t\t\t\t<\/div>\n\t\t\t\t<\/div>\n\t\t\t\t\t<\/div>\n\t\t\t\t<\/div>\n\t\t<div class=\"elementor-element elementor-element-iwgw-beaivi-s2 e-flex e-con-boxed e-con e-parent\" data-id=\"iwgw-beaivi-s2\" data-element_type=\"container\" data-e-type=\"container\">\n\t\t\t\t\t<div class=\"e-con-inner\">\n\t\t\t\t<div class=\"elementor-element elementor-element-iwgw-beaivi-s2h elementor-widget elementor-widget-heading\" data-id=\"iwgw-beaivi-s2h\" data-element_type=\"widget\" data-e-type=\"widget\" data-widget_type=\"heading.default\">\n\t\t\t\t\t<h2 class=\"elementor-heading-title elementor-size-default\">Opis i ikonografija<\/h2>\t\t\t\t<\/div>\n\t\t<div class=\"elementor-element elementor-element-iwgw-beaivi-s2c e-con-full e-flex e-con e-child\" data-id=\"iwgw-beaivi-s2c\" data-element_type=\"container\" data-e-type=\"container\">\n\t\t\t\t<div class=\"elementor-element elementor-element-iwgw-beaivi-s2t elementor-widget elementor-widget-text-editor\" data-id=\"iwgw-beaivi-s2t\" data-element_type=\"widget\" data-e-type=\"widget\" data-widget_type=\"text-editor.default\">\n\t\t\t\t\t\t\t\t\t<p>U etnografskim izvorima Beaivi se opisuje kao blaga, \u017eivot daruju\u0107a majka \u010dije zrake grije zemlju i poma\u017eu sobovima da napreduju. Obi\u010dno nije prikazana kao antropomorfna figura, ve\u0107 kao samo Sunce, koje svoje zrake \u0161alje u svim smjerovima kao ruke ili noge.<\/p><p>Ikonografski je Beaivi na samskim \u0161amanskim bubnjevima, <em>goavddis<\/em> ili <em>gievrie<\/em>, \u010desto prikazana u gornjoj polovici kao sredi\u0161nje kolo ili kri\u017e.<\/p><p>Poznata istra\u017eivanja slika na bubnjevima koje je u 20. stolje\u0107u provela Ernst Manker pokazala su da je Beaivi prisutna na gotovo svakom sa\u010duvanom bubnju, te da je obi\u010dno smje\u0161tena u sredi\u0161tu ili gornjem dijelu gornjeg registra stvarnosti.<\/p><p>Ta ikonografska sredi\u0161nja pozicija odgovara njezinu teolo\u0161kom zna\u010denju. Znanstveno je ikonografija bubnjeva jedan od najva\u017enijih izvora za samsku religiju, jer potje\u010de iz same predkr\u0161\u0107anske tradicije i nije oblikovana misionarskim filterom. Ona nadopunjuje pisane izvje\u0161taje autohtonim vizualnim izvorom, \u0161to je s metodolo\u0161kog gledi\u0161ta religijske znanosti posebno vrijedno.<\/p>\t\t\t\t\t\t\t\t<\/div>\n\t\t\t\t<\/div>\n\t\t\t\t\t<\/div>\n\t\t\t\t<\/div>\n\t\t<div class=\"elementor-element elementor-element-iwgw-beaivi-s3 e-flex e-con-boxed e-con e-parent\" data-id=\"iwgw-beaivi-s3\" data-element_type=\"container\" data-e-type=\"container\">\n\t\t\t\t\t<div class=\"e-con-inner\">\n\t\t\t\t<div class=\"elementor-element elementor-element-iwgw-beaivi-s3h elementor-widget elementor-widget-heading\" data-id=\"iwgw-beaivi-s3h\" data-element_type=\"widget\" data-e-type=\"widget\" data-widget_type=\"heading.default\">\n\t\t\t\t\t<h2 class=\"elementor-heading-title elementor-size-default\">Beaivi i uzgoj sobova<\/h2>\t\t\t\t<\/div>\n\t\t<div class=\"elementor-element elementor-element-iwgw-beaivi-s3c e-con-full e-flex e-con e-child\" data-id=\"iwgw-beaivi-s3c\" data-element_type=\"container\" data-e-type=\"container\">\n\t\t\t\t<div class=\"elementor-element elementor-element-iwgw-beaivi-s3t elementor-widget elementor-widget-text-editor\" data-id=\"iwgw-beaivi-s3t\" data-element_type=\"widget\" data-e-type=\"widget\" data-widget_type=\"text-editor.default\">\n\t\t\t\t\t\t\t\t\t<p>Sredi\u0161nji ekonomski zna\u010daj Beaivi le\u017eao je u njezinoj vezi s uzgojem sobova. Beaivi je bila \u010duvarica ljetnih pa\u0161njaka na kojima su pasla stada sobova, a njezine zrake poticale su rast mahovine koja je sobovima bila potrebna. Uzajamnost izme\u0111u Beaivi i sami uzgajiva\u010da sobova bila je religijsko-ekonomski temeljna.<\/p><p>Veliki ljetni blagdan, koji je u mnogim regijama bio povezan s ivanjskom no\u0107i ili sa zimskim solsticijem, slavio je Beaivi \u017ertvenim darovima. U nekim regijama \u017ertvovani su bijeli ili svijetli sobovi, u drugima mlije\u010dni proizvodi i maslac. Ove \u017ertvene prakse detaljno su dokumentirane u izvje\u0161tajima luteranskih misionara, no \u010desto na pejorativan na\u010din.<\/p><p>Znanstveno gledano, isprepletenost sunca i uzgoja sobova paradigmatski je slu\u010daj ekolo\u0161ki utemeljene <span class=\"iwg-fachbegriff\" data-tooltip=\"Znanstvena nauka o Bogu i o vjeri neke religije.\" tabindex=\"0\">teologije<\/span>, usporediva s isprepleteno\u0161\u0107u Sedne i morskih \u017eivotinja kod <a href=\"https:\/\/iwell-guard.com\/hr\/inuiti-arktik-sedna-tornit-zastita\/\">Inuita<\/a>. Religija nije bila apstraktan sustav vjerovanja, nego izravna regulacija prakse opstanka putem sakralne uzajamnosti.<\/p>\t\t\t\t\t\t\t\t<\/div>\n\t\t\t\t<\/div>\n\t\t\t\t\t<\/div>\n\t\t\t\t<\/div>\n\t\t<div class=\"elementor-element elementor-element-iwgw-beaivi-s4 e-flex e-con-boxed e-con e-parent\" data-id=\"iwgw-beaivi-s4\" data-element_type=\"container\" data-e-type=\"container\">\n\t\t\t\t\t<div class=\"e-con-inner\">\n\t\t\t\t<div class=\"elementor-element elementor-element-iwgw-beaivi-s4h elementor-widget elementor-widget-heading\" data-id=\"iwgw-beaivi-s4h\" data-element_type=\"widget\" data-e-type=\"widget\" data-widget_type=\"heading.default\">\n\t\t\t\t\t<h2 class=\"elementor-heading-title elementor-size-default\">Sun\u010dani blagdan i ivanjska no\u0107<\/h2>\t\t\t\t<\/div>\n\t\t<div class=\"elementor-element elementor-element-iwgw-beaivi-s4c e-con-full e-flex e-con e-child\" data-id=\"iwgw-beaivi-s4c\" data-element_type=\"container\" data-e-type=\"container\">\n\t\t\t\t<div class=\"elementor-element elementor-element-iwgw-beaivi-s4t elementor-widget elementor-widget-text-editor\" data-id=\"iwgw-beaivi-s4t\" data-element_type=\"widget\" data-e-type=\"widget\" data-widget_type=\"text-editor.default\">\n\t\t\t\t\t\t\t\t\t<p>Glavni blagdan Beaivi bio je vezan uz solsticij. U ivanjskoj no\u0107i, kada sunce u sjevernim sami krajevima ne zalazi, Beaivi se posebno slavila. I zimski solsticij, kad se sunce vra\u0107a nakon duge polarne no\u0107i, bio je religijski nabijen trenutak.<\/p><p>\u0160amani, koje su Sami zvali <em>noaidi<\/em>, mogli su u transu prizvati sunce i moliti za toplinu. Kultna praksa odvijala se kod svetih kamenova, <em>sieidi<\/em>, na kojima su se prinosili <span class=\"iwg-fachbegriff\" data-tooltip=\"Dar bo\u017eanstvu radi izra\u017eavanja zahvale, molbe ili po\u0161tovanja.\" tabindex=\"0\">\u017ertveni darovi<\/span>. Ova praksa sieidi religijsko-etnolo\u0161ki je dobro dokumentirana i jedan je od najva\u017enijih dijelova predkr\u0161\u0107anske sami religije.<\/p><p>Misionari su primijetili konkurenciju kr\u0161\u0107anskoj blagdanskoj semantici, \u0161to je dovelo do ciljanih zabrana sun\u010danih blagdana. Znanstveno gledano, ova povijest sukoba samostalno je podru\u010dje istra\u017eivanja i primjer religijsko-politi\u010dkih sukoba sjevernoeuropske misije.<\/p>\t\t\t\t\t\t\t\t<\/div>\n\t\t\t\t<\/div>\n\t\t\t\t\t<\/div>\n\t\t\t\t<\/div>\n\t\t<div class=\"elementor-element elementor-element-iwgw-beaivi-s5 e-flex e-con-boxed e-con e-parent\" data-id=\"iwgw-beaivi-s5\" data-element_type=\"container\" data-e-type=\"container\">\n\t\t\t\t\t<div class=\"e-con-inner\">\n\t\t\t\t<div class=\"elementor-element elementor-element-iwgw-beaivi-s5h elementor-widget elementor-widget-heading\" data-id=\"iwgw-beaivi-s5h\" data-element_type=\"widget\" data-e-type=\"widget\" data-widget_type=\"heading.default\">\n\t\t\t\t\t<h2 class=\"elementor-heading-title elementor-size-default\">Beaivi i njezina k\u0107er Sara-Akka<\/h2>\t\t\t\t<\/div>\n\t\t<div class=\"elementor-element elementor-element-iwgw-beaivi-s5c e-con-full e-flex e-con e-child\" data-id=\"iwgw-beaivi-s5c\" data-element_type=\"container\" data-e-type=\"container\">\n\t\t\t\t<div class=\"elementor-element elementor-element-iwgw-beaivi-s5t elementor-widget elementor-widget-text-editor\" data-id=\"iwgw-beaivi-s5t\" data-element_type=\"widget\" data-e-type=\"widget\" data-widget_type=\"text-editor.default\">\n\t\t\t\t\t\t\t\t\t<p>U predkr\u0161\u0107anskoj sami <span class=\"iwg-fachbegriff\" data-tooltip=\"Znanstvena nauka o Bogu i o vjeri neke religije.\" tabindex=\"0\">teologiji<\/span> Beaivi je tijesno povezana s obitelji Akka. Posebno se bo\u017eica poro\u0111aja <a href=\"https:\/\/iwell-guard.com\/hr\/?page_id=149749\">Sara-Akka<\/a> u nekim izvorima opisuje kao njezina k\u0107i ili pomo\u0107nica. Sunce i ro\u0111enje teolo\u0161ki su u sami tradiciji tijesno povezani, jer novoro\u0111eno dijete dolazi na svjetlo i predaje se principu svjetlosti.<\/p><p>Znanstveno gledano, ova isprepletenost sunca i ro\u0111enja samostalna je pojava koja je vi\u0161e puta potvr\u0111ena u cirkumpolarnoj religiji. Sun\u010dana bo\u017eica <a href=\"https:\/\/iwell-guard.com\/hr\/inuiti-arktik-sedna-tornit-zastita\/\">Inuita<\/a>, Malina, ima sli\u010dne funkcije na podru\u010dju \u017eenske prakse. Ove strukturne podudarnosti religijsko-fenomenolo\u0161ki su znakovite.<\/p><p>Odnos izme\u0111u Beaivi i Akka regionalno je razli\u010dito nagla\u0161en. U nekim regijama Beaivi je majka svih Akka, u drugima samostalna veli\u010dina koja je s Akkama u suradni\u010dkom, ali ne genealo\u0161kom odnosu. Ova varijacija znanstveno se ne mo\u017ee razrje\u0161iti, nego se treba po\u0161tovati kao regionalna posebnost.<\/p>\t\t\t\t\t\t\t\t<\/div>\n\t\t\t\t<\/div>\n\t\t\t\t\t<\/div>\n\t\t\t\t<\/div>\n\t\t<div class=\"elementor-element elementor-element-iwgw-beaivi-s6 e-flex e-con-boxed e-con e-parent\" data-id=\"iwgw-beaivi-s6\" data-element_type=\"container\" data-e-type=\"container\">\n\t\t\t\t\t<div class=\"e-con-inner\">\n\t\t\t\t<div class=\"elementor-element elementor-element-iwgw-beaivi-s6h elementor-widget elementor-widget-heading\" data-id=\"iwgw-beaivi-s6h\" data-element_type=\"widget\" data-e-type=\"widget\" data-widget_type=\"heading.default\">\n\t\t\t\t\t<h2 class=\"elementor-heading-title elementor-size-default\">Beaivi u cirkumpolarnoj usporedbi<\/h2>\t\t\t\t<\/div>\n\t\t<div class=\"elementor-element elementor-element-iwgw-beaivi-s6c e-con-full e-flex e-con e-child\" data-id=\"iwgw-beaivi-s6c\" data-element_type=\"container\" data-e-type=\"container\">\n\t\t\t\t<div class=\"elementor-element elementor-element-iwgw-beaivi-s6t elementor-widget elementor-widget-text-editor\" data-id=\"iwgw-beaivi-s6t\" data-element_type=\"widget\" data-e-type=\"widget\" data-widget_type=\"text-editor.default\">\n\t\t\t\t\t\t\t\t\t<p>Beaivi pripada \u0161irokoj klasi \u017eenskih sun\u010danih bo\u017eanstava cirkumpolarne i sjevernoeuropske regije. Strukturno usporedive su germanska S\u00f3l, balti\u010dka Saul\u0117, finsko-ugarska P\u00e4iv\u00e4t\u00e4r, japanska Amaterasu, nenetska <em>Khaer<\/em> i sun\u010dana bo\u017eica <a href=\"https:\/\/iwell-guard.com\/hr\/inuiti-arktik-sedna-tornit-zastita\/\">Inuita<\/a>, Malina. Ovo pripisivanje spola suncu \u010dini samostalno religijsko-fenomenolo\u0161ko podru\u010dje.<\/p><p>Za razliku od gr\u010dke tradicije Helios-Sol, sjeverno \u017eensko sunce manje nagla\u0161ava astronomsko-kozmolo\u0161ki aspekt, a vi\u0161e funkciju koja daje \u017eivot i vezana je za plodnost. Religijsko-fenomenolo\u0161ki to odgovara maj\u010dinskoj <span class=\"iwg-fachbegriff\" data-tooltip=\"Znanstvena nauka o Bogu i o vjeri neke religije.\" tabindex=\"0\">teologiji<\/span>, koja je \u0161iroko rasprostranjena u sjevernoeuropskoj tradiciji i razlikuje se od mediteranskih koncepcija sunca kao oca.<\/p><p>Religijsko-povijesna rasprava o postanku ovog sloja stara je i nije kona\u010dno razja\u0161njena. Dok je Marija Gimbutas pretpostavila paneuroazijski sloj majke bo\u017eice, dana\u0161nja istra\u017eivanja opreznija su i upu\u0107uju na strukturne podudarnosti bez nu\u017enog povijesnog posredovanja.<\/p>\t\t\t\t\t\t\t\t<\/div>\n\t\t\t\t<\/div>\n\t\t\t\t\t<\/div>\n\t\t\t\t<\/div>\n\t\t<div class=\"elementor-element elementor-element-iwgw-beaivi-s7 e-flex e-con-boxed e-con e-parent\" data-id=\"iwgw-beaivi-s7\" data-element_type=\"container\" data-e-type=\"container\">\n\t\t\t\t\t<div class=\"e-con-inner\">\n\t\t\t\t<div class=\"elementor-element elementor-element-iwgw-beaivi-s7h elementor-widget elementor-widget-heading\" data-id=\"iwgw-beaivi-s7h\" data-element_type=\"widget\" data-e-type=\"widget\" data-widget_type=\"heading.default\">\n\t\t\t\t\t<h2 class=\"elementor-heading-title elementor-size-default\">Kr\u0161\u0107anska misija i potiskivanje<\/h2>\t\t\t\t<\/div>\n\t\t<div class=\"elementor-element elementor-element-iwgw-beaivi-s7c e-con-full e-flex e-con e-child\" data-id=\"iwgw-beaivi-s7c\" data-element_type=\"container\" data-e-type=\"container\">\n\t\t\t\t<div class=\"elementor-element elementor-element-iwgw-beaivi-s7t elementor-widget elementor-widget-text-editor\" data-id=\"iwgw-beaivi-s7t\" data-element_type=\"widget\" data-e-type=\"widget\" data-widget_type=\"text-editor.default\">\n\t\t\t\t\t\t\t\t\t<p>Kr\u0161\u0107anska misija me\u0111u Samima po\u010dela je u srednjem vijeku, ali se intenzivirala u 17. i 18. stolje\u0107u pod \u0161vedskom, norve\u0161kom i finskom krunom. Luteranski misionari kao Thomas von Westen, Knud Leem, a posebno Lars Levi L\u00e6stadius u 19. stolje\u0107u, provodili su strogu politiku protiv predkr\u0161\u0107anske sami religije.<\/p><p>Beaivi je djelomi\u010dno kr\u0161\u0107anski preoblikovana u Mariju kao majku svjetlosti, a djelomi\u010dno progonjena kao pogansko <span class=\"iwg-fachbegriff\" data-tooltip=\"Omalova\u017eavaju\u0107i naziv za predmet obo\u017eavanja smatran la\u017enim.\" tabindex=\"0\">idolsko po\u010delo<\/span>. \u0160amanski bubnjevi javno su spaljivani, kamenovi sieidi razarani, \u0161amanske prakse kriminalizirane. Ova represija je predkr\u0161\u0107ansku religiju velikim dijelom istisnula iz javnog prostora, bez da je potpuno iskorijeni.<\/p><p>Znanstveno gledano, ova povijest misije samostalno je podru\u010dje istra\u017eivanja koje se posljednjih desetlje\u0107a iznova obra\u0111uje u postkolonijalnoj perspektivi. Dana\u0161nja sami kulturna revitalizacija djelomi\u010dno se poziva na Beaivi i druge predkr\u0161\u0107anske likove, bez zahtjeva za neprekinutim kontinuitetom.<\/p>\t\t\t\t\t\t\t\t<\/div>\n\t\t\t\t<\/div>\n\t\t\t\t\t<\/div>\n\t\t\t\t<\/div>\n\t\t<div class=\"elementor-element elementor-element-iwgw-beaivi-s8 e-flex e-con-boxed e-con e-parent\" data-id=\"iwgw-beaivi-s8\" data-element_type=\"container\" data-e-type=\"container\">\n\t\t\t\t\t<div class=\"e-con-inner\">\n\t\t\t\t<div class=\"elementor-element elementor-element-iwgw-beaivi-s8h elementor-widget elementor-widget-heading\" data-id=\"iwgw-beaivi-s8h\" data-element_type=\"widget\" data-e-type=\"widget\" data-widget_type=\"heading.default\">\n\t\t\t\t\t<h2 class=\"elementor-heading-title elementor-size-default\">Suvremena recepcija i istra\u017eivanja<\/h2>\t\t\t\t<\/div>\n\t\t<div class=\"elementor-element elementor-element-iwgw-beaivi-s8c e-con-full e-flex e-con e-child\" data-id=\"iwgw-beaivi-s8c\" data-element_type=\"container\" data-e-type=\"container\">\n\t\t\t\t<div class=\"elementor-element elementor-element-iwgw-beaivi-s8t elementor-widget elementor-widget-text-editor\" data-id=\"iwgw-beaivi-s8t\" data-element_type=\"widget\" data-e-type=\"widget\" data-widget_type=\"text-editor.default\">\n\t\t\t\t\t\t\t\t\t<p>Znanstveno istra\u017eivanje o Beaivi danas je vrlo razgranato. Djelo <em>The End of Drum-Time<\/em> (1993) H\u00e5kana Rydvinga i njegovi kasniji radovi postavili su samsku religiju na novu metodolo\u0161ku osnovu. Juha Pentik\u00e4inen, Anna Lia Berthelsen i Konsta Kaikkonen istra\u017eivali su daljnje aspekte.<\/p><p>U suvremenoj samskoj kulturi Beaivi je prisutna u umjetnosti, knji\u017eevnosti i glazbi. Pjevanje joik uklju\u010duje je, umjetnici kao Britta Marakatt-Labba prikazali su je likovno. Ta kulturna renesansa religijskofenomenolo\u0161ki predstavlja zna\u010dajan doprinos vidljivosti te tradicije.<\/p><p>Institucionalno priznanje samske religije danas je uglavnom postignuto. Beaivi se prenosi u samskim \u0161kolama i dio je akademskih programa u Troms\u00f8u, Ume\u00e5u i Helsinkiju. Znanstveno se istra\u017eivanje o Beaivi nalazi u fazi produktivne ponovne procjene.<\/p>\t\t\t\t\t\t\t\t<\/div>\n\t\t\t\t<\/div>\n\t\t\t\t\t<\/div>\n\t\t\t\t<\/div>\n\t\t<div class=\"elementor-element elementor-element-iwgw-beaivi-s9 e-flex e-con-boxed e-con e-parent\" data-id=\"iwgw-beaivi-s9\" data-element_type=\"container\" data-e-type=\"container\">\n\t\t\t\t\t<div class=\"e-con-inner\">\n\t\t\t\t<div class=\"elementor-element elementor-element-iwgw-beaivi-s9h elementor-widget elementor-widget-heading\" data-id=\"iwgw-beaivi-s9h\" data-element_type=\"widget\" data-e-type=\"widget\" data-widget_type=\"heading.default\">\n\t\t\t\t\t<h2 class=\"elementor-heading-title elementor-size-default\">Poveznice u leksikonu<\/h2>\t\t\t\t<\/div>\n\t\t<div class=\"elementor-element elementor-element-iwgw-beaivi-s9c e-con-full e-flex e-con e-child\" data-id=\"iwgw-beaivi-s9c\" data-element_type=\"container\" data-e-type=\"container\">\n\t\t\t\t<div class=\"elementor-element elementor-element-iwgw-beaivi-s9t elementor-widget elementor-widget-text-editor\" data-id=\"iwgw-beaivi-s9t\" data-element_type=\"widget\" data-e-type=\"widget\" data-widget_type=\"text-editor.default\">\n\t\t\t\t\t\t\t\t\t<p>Beaivi se povezuje s <a href=\"https:\/\/iwell-guard.com\/hr\/?page_id=149746\">M\u00e1nnu<\/a>, <a href=\"https:\/\/iwell-guard.com\/hr\/?page_id=149747\">R\u00e1hka<\/a>, <a href=\"https:\/\/iwell-guard.com\/hr\/?page_id=149748\">Stallo<\/a>, <a href=\"https:\/\/iwell-guard.com\/hr\/?page_id=149749\">Sara-Akka<\/a>, <a href=\"https:\/\/iwell-guard.com\/hr\/?page_id=149750\">Uksakka<\/a>, <a href=\"https:\/\/iwell-guard.com\/hr\/?page_id=149751\">Juksakka<\/a>, <a href=\"https:\/\/iwell-guard.com\/hr\/?page_id=149752\">Madderakka<\/a>, <a href=\"https:\/\/iwell-guard.com\/hr\/?page_id=149753\">Jabmiidaibmu<\/a> i <a href=\"https:\/\/iwell-guard.com\/hr\/?page_id=149754\">Saivo<\/a>. Kulturno \u010dvori\u0161te <a href=\"https:\/\/iwell-guard.com\/hr\/sami-i-finougorska-tradicija-noaidi-bubanj\/\">Samska tradicija<\/a> okvir je sun\u010dane <span class=\"iwg-fachbegriff\" data-tooltip=\"Znanstveno u\u010denje o Bogu i o vjerovanju neke religije.\" tabindex=\"0\">teologije<\/span>. Usporedive sun\u010dane bo\u017eice nalaze se u nizu natuknica o <a href=\"https:\/\/iwell-guard.com\/hr\/inuiti-arktik-sedna-tornit-zastita\/\">Inuitima<\/a> kod <em>Maline<\/em>.<\/p>\t\t\t\t\t\t\t\t<\/div>\n\t\t\t\t<\/div>\n\t\t\t\t\t<\/div>\n\t\t\t\t<\/div>\n\t\t<div class=\"elementor-element elementor-element-cp2407d132 e-flex e-con-boxed e-con e-parent\" data-id=\"cp2407d132\" data-element_type=\"container\" data-e-type=\"container\">\n\t\t\t\t\t<div class=\"e-con-inner\">\n\t\t\t\t<div class=\"elementor-element elementor-element-cp21669eb1 elementor-widget elementor-widget-heading\" data-id=\"cp21669eb1\" data-element_type=\"widget\" data-e-type=\"widget\" data-widget_type=\"heading.default\">\n\t\t\t\t\t<h2 class=\"elementor-heading-title elementor-size-default\">Beaivi u samskom godi\u0161njem ciklusu i \u017ertva za zimski solsticij<\/h2>\t\t\t\t<\/div>\n\t\t<div class=\"elementor-element elementor-element-cp23ff3f04 e-flex e-con-boxed e-con e-child\" data-id=\"cp23ff3f04\" data-element_type=\"container\" data-e-type=\"container\">\n\t\t\t\t\t<div class=\"e-con-inner\">\n\t\t\t\t<div class=\"elementor-element elementor-element-cp23f2b794 elementor-widget elementor-widget-text-editor\" data-id=\"cp23f2b794\" data-element_type=\"widget\" data-e-type=\"widget\" data-widget_type=\"text-editor.default\">\n\t\t\t\t\t\t\t\t\t<p>Beaivi, sunce, imala je u predkr\u0161\u0107anskoj samskoj religiji istaknuto mjesto, koje se obja\u0161njava \u017eivotnim uvjetima dalekog sjevera. U zimskim mjesecima sunce na velikim podru\u010djima samskog naseljenog prostora potpuno i\u0161\u010dezava ili se uzdi\u017ee samo tik iznad horizonta. Njegov povratak u prolje\u0107e nije bio ne\u0161to samo po sebi razumljivo, ve\u0107 egzistencijalno zna\u010dajan doga\u0111aj.<\/p><p>Ranonovovjekovni izvori, prije svega izvje\u0161taji misionara i slu\u017ebenika iz 17. i 18. stolje\u0107a, prenose da su Sami u vrijeme zimskog solsticija prinosili <span class=\"iwg-fachbegriff\" data-tooltip=\"Dar bo\u017eanstvu radi izra\u017eavanja zahvale, molbe ili po\u0161tovanja.\" tabindex=\"0\">\u017ertvu<\/span> Beaivi.<\/p><p>Spominje se, me\u0111u ostalim, prino\u0161enje \u017eenskih \u017eivotinja i <span class=\"iwg-fachbegriff\" data-tooltip=\"Predana, u zajednici redovito ponavljana radnja.\" tabindex=\"0\">obi\u010daj<\/span> u kojem su ulogu igrali prepleteni prstenovi od gran\u010dica, povezivani s vra\u0107anjem sunca. Te izvje\u0161taje treba \u010ditati s oprezom, jer su njihovi autori samsku religiju opisivali izvana i \u010desto s ciljem pokr\u0161tavanja.<\/p><p>Beaivi je smatrana darovateljicom svjetla, topline i time plodnosti, i za sobolja stada i za biljke kojima se ona hrane. Sa suncem se povezivala i predod\u017eba duhovnog zdravlja; u nekim predajama zazivana je radi o\u010duvanja razuma.<\/p><p><span data-nosnippet>Najva\u017eniji rani izvori, poput spisa Johannesa Schefferusa, \u010dije je djelo <em>Lapponia<\/em> objavljeno 1673., te kasnijih misionarskih zapisa, intenzivno su prou\u010davani u znanstvenom istra\u017eivanju. Oni prikazuju Beaivi kao sredi\u0161nji lik vjerovanja koje je bilo \u010dvrsto vezano za ekstreman godi\u0161nji ciklus polarne regije.<\/span><\/p>\t\t\t\t\t\t\t\t<\/div>\n\t\t\t\t\t<\/div>\n\t\t\t\t<\/div>\n\t\t\t\t\t<\/div>\n\t\t\t\t<\/div>\n\t\t<div class=\"elementor-element elementor-element-cp2a9998cb e-flex e-con-boxed e-con e-parent\" data-id=\"cp2a9998cb\" data-element_type=\"container\" data-e-type=\"container\">\n\t\t\t\t\t<div class=\"e-con-inner\">\n\t\t\t\t<div class=\"elementor-element elementor-element-cp279aeee7 elementor-widget elementor-widget-heading\" data-id=\"cp279aeee7\" data-element_type=\"widget\" data-e-type=\"widget\" data-widget_type=\"heading.default\">\n\t\t\t\t\t<h2 class=\"elementor-heading-title elementor-size-default\">Sunce na samskim \u0161amanskim bubnjevima<\/h2>\t\t\t\t<\/div>\n\t\t<div class=\"elementor-element elementor-element-cp2a24edbe e-flex e-con-boxed e-con e-child\" data-id=\"cp2a24edbe\" data-element_type=\"container\" data-e-type=\"container\">\n\t\t\t\t\t<div class=\"e-con-inner\">\n\t\t\t\t<div class=\"elementor-element elementor-element-cp2b688a68 elementor-widget elementor-widget-text-editor\" data-id=\"cp2b688a68\" data-element_type=\"widget\" data-e-type=\"widget\" data-widget_type=\"text-editor.default\">\n\t\t\t\t\t\t\t\t\t<p>Najva\u017eniji sa\u010duvani likovni dokazi predkr\u0161\u0107anske samske religije su \u0161amanski bubnjevi, na samskom jeziku nazivani <em>goavddis<\/em> ili srodnim izrazima.<\/p><p>Te bubnjeve koristio je vjerski specijalist, noaidi, da bi u\u0161ao u trans ili da bi kretanjem pokaziva\u010da preko oslikane bubnjeve ko\u017ee protuma\u010dio predznake. Na membrani mnogih bubnjeva prikazano je sunce, \u010desto kao sredi\u0161nji <span class=\"iwg-fachbegriff\" data-tooltip=\"Ponavljaju\u0107i sadr\u017eajni element u umjetnosti ili pripovijedanju.\" tabindex=\"0\">motiv<\/span>.<\/p><p>Sun\u010dani znak tipi\u010dno se prikazuje kao romb ili kvadrat s \u010detiri zrake koje pokazuju u \u010detiri strane svijeta. Sunce je \u010desto smje\u0161teno u sredini bubnja, a ostali likovi, bo\u017eanstva, \u017eivotinje, krajolici, raspore\u0111eni su oko njega ili uz njegove zrake.<\/p><p>Taj sredi\u0161nji polo\u017eaj u istra\u017eivanjima se tuma\u010di kao izraz va\u017enosti Beaivi za cjelokupnu slikru svijeta, pri \u010demu sunce ure\u0111uje i strukturira prostor.<\/p><p>Ve\u0107ina sa\u010duvanih bubnjeva bila je zauzeta u 17. i 18. stolje\u0107u od strane misionara i vlasti te je dospjela u europske zbirke; mnogi su i uni\u0161teni. Njihovo istra\u017eivanje povezano je s imenom Ernsta Mankera, koji je sredinom 20. stolje\u0107a dokumentirao opse\u017ean korpus poznatih bubnjeva i sustavno zabilje\u017eio njihove slikovne motive.<\/p><p>Tuma\u010denje pojedinih likova ostaje te\u0161ko, jer je znanje o njihovom to\u010dnom zna\u010denju uglavnom izgubljeno sa zadnjim noaidima, a pisana obja\u0161njenja \u010desto potje\u010du od crkvenih vanjskih promatra\u010da.<\/p><p>Bubnjevi su ipak nezaobilazni, jer su jedini opse\u017eni likovni samosvjedo\u010danstva stare samske religije, a Beaivi u njima zauzima vidljivo sredi\u0161nje mjesto.<\/p>\t\t\t\t\t\t\t\t<\/div>\n\t\t\t\t\t<\/div>\n\t\t\t\t<\/div>\n\t\t\t\t\t<\/div>\n\t\t\t\t<\/div>\n\t\t<div class=\"elementor-element elementor-element-cp2e73dfba e-flex e-con-boxed e-con e-parent\" data-id=\"cp2e73dfba\" data-element_type=\"container\" data-e-type=\"container\">\n\t\t\t\t\t<div class=\"e-con-inner\">\n\t\t\t\t<div class=\"elementor-element elementor-element-cp29f09c35 elementor-widget elementor-widget-heading\" data-id=\"cp29f09c35\" data-element_type=\"widget\" data-e-type=\"widget\" data-widget_type=\"heading.default\">\n\t\t\t\t\t<h2 class=\"elementor-heading-title elementor-size-default\">Kritika izvora o samskoj religiji sunca<\/h2>\t\t\t\t<\/div>\n\t\t<div class=\"elementor-element elementor-element-cp2fe5f0bd e-flex e-con-boxed e-con e-child\" data-id=\"cp2fe5f0bd\" data-element_type=\"container\" data-e-type=\"container\">\n\t\t\t\t\t<div class=\"e-con-inner\">\n\t\t\t\t<div class=\"elementor-element elementor-element-cp254f97b5 elementor-widget elementor-widget-text-editor\" data-id=\"cp254f97b5\" data-element_type=\"widget\" data-e-type=\"widget\" data-widget_type=\"text-editor.default\">\n\t\t\t\t\t\t\t\t\t<p>Prou\u010davanje Beaivija suo\u010dava se s temeljnim metodolo\u0161kim problemom: ne postoje pisana samosvjedo\u010danstva predkr\u0161\u0107anske samske religije.<\/p><p>Sami dugo nisu imali vlastitu pismenu tradiciju, pa je njihova vjera opisivana skoro isklju\u010divo izvana, od strane kr\u0161\u0107anskih misionara, sve\u0107enika i dr\u017eavnih slu\u017ebenika. Ti su autori imali svoje pretpostavke i ciljeve, \u010desto borbu protiv onoga \u0161to su smatrali paganstvom.<\/p><p>To se izravno odra\u017eava na sliku o Beaiviju. Rani izvje\u0161taji \u010desto su svrstavali samska bo\u017eanstva prema uzoru na gr\u010dko-rimsku <span class=\"iwg-fachbegriff\" data-tooltip=\"Ukupnost predaje o bogovima jedne kulture.\" tabindex=\"0\">mitologiju<\/span> ili prema kr\u0161\u0107anskim kategorijama, \u010dime su mo\u017eda stvorili sustavniji <span class=\"iwg-fachbegriff\" data-tooltip=\"Ukupnost bogova jedne religije ili kulture.\" tabindex=\"0\">panteon<\/span> nego \u0161to ga je poznavala \u017eiva religija.<\/p><p>I imena i nadle\u017enosti bo\u017eanstava znatno variraju izme\u0111u izvora te izme\u0111u raznih samskih regija. Samska kultura nikada nije bila jedinstvena; obuhva\u0107ala je vi\u0161e jezika i razli\u010dite na\u010dine \u017eivota, od primorskog ribolova do nomadskog uzgoja sobova.<\/p><p>Novija istra\u017eivanja, primjerice radovi H\u00e5kana Rydvinga i drugih, zbog toga nagla\u0161avaju potrebu stroge kritike izvora. Rydving je u istra\u017eivanjima o religijskim promjenama kod Samija pokazao koliko su sa\u010duvani izvje\u0161taji obilje\u017eeni perspektivom misionarenja.<\/p><p>Za Beaivija to zna\u010di da je sredi\u0161nja ulogu Sunca u samskoj vjeri dobro potvr\u0111ena, kroz bubnjeve, kroz podudarne izvje\u0161taje i kroz razumljivu logiku polarnog godi\u0161njeg ciklusa, ali da mnogi detalji kulta i vjerovanja ostaju neizvjesni. Tko pi\u0161e o Beaiviju, mora otvoreno navesti te granice znanja.<\/p>\t\t\t\t\t\t\t\t<\/div>\n\t\t\t\t\t<\/div>\n\t\t\t\t<\/div>\n\t\t\t\t\t<\/div>\n\t\t\t\t<\/div>\n\t\t<div class=\"elementor-element elementor-element-iwgw-beaivi-lit e-flex e-con-boxed e-con e-parent\" data-id=\"iwgw-beaivi-lit\" data-element_type=\"container\" data-e-type=\"container\">\n\t\t\t\t\t<div class=\"e-con-inner\">\n\t\t\t\t<div class=\"elementor-element elementor-element-iwgw-beaivi-lith elementor-widget elementor-widget-heading\" data-id=\"iwgw-beaivi-lith\" data-element_type=\"widget\" data-e-type=\"widget\" data-widget_type=\"heading.default\">\n\t\t\t\t\t<h2 class=\"elementor-heading-title elementor-size-default\">Literatura (izbor)<\/h2>\t\t\t\t<\/div>\n\t\t<div class=\"elementor-element elementor-element-iwgw-beaivi-litc e-con-full e-flex e-con e-child\" data-id=\"iwgw-beaivi-litc\" data-element_type=\"container\" data-e-type=\"container\">\n\t\t\t\t<div class=\"elementor-element elementor-element-iwgw-beaivi-litt elementor-widget elementor-widget-text-editor\" data-id=\"iwgw-beaivi-litt\" data-element_type=\"widget\" data-e-type=\"widget\" data-widget_type=\"text-editor.default\">\n\t\t\t\t\t\t\t\t\t<ul><li><span data-nosnippet>H\u00e5kan Rydving: <em>The End of Drum-Time. Religious Change Among the Lule Saami, 1670s-1740s<\/em> (Uppsala 1993)<\/span><\/li><li>Juha Pentik\u00e4inen: <em>Saamelaiset. Pohjoisen kansan mytologia<\/em> (Helsinki 1995)<\/li><li>Ernst Manker: <em>Die Lappische Zaubertrommel<\/em> (Stockholm 1938-1950)<\/li><li>Johannes Schefferus: <em>Lapponia<\/em> (Frankfurt 1673)<\/li><li>Lars Levi L\u00e6stadius: <em>Fragmenter i lappska mythologien<\/em> (Manuskript ca. 1840)<\/li><li>Anna Lia Berthelsen: <em>The Sami People. Traditions in Transition<\/em> (Fairbanks 2002)<\/li><\/ul>\t\t\t\t\t\t\t\t<\/div>\n\t\t\t\t<\/div>\n\t\t\t\t\t<\/div>\n\t\t\t\t<\/div>\n\t\t<div class=\"elementor-element elementor-element-iwgw-beaivi-kwd e-flex e-con-boxed e-con e-parent\" data-id=\"iwgw-beaivi-kwd\" data-element_type=\"container\" data-e-type=\"container\">\n\t\t\t\t\t<div class=\"e-con-inner\">\n\t\t<div class=\"elementor-element elementor-element-iwgw-beaivi-kwdc e-con-full e-flex e-con e-child\" data-id=\"iwgw-beaivi-kwdc\" data-element_type=\"container\" data-e-type=\"container\">\n\t\t\t\t<div class=\"elementor-element elementor-element-iwgw-beaivi-kwdt elementor-widget elementor-widget-text-editor\" data-id=\"iwgw-beaivi-kwdt\" data-element_type=\"widget\" data-e-type=\"widget\" data-widget_type=\"text-editor.default\">\n\t\t\t\t\t\t\t\t\t<p><em>Povezani klju\u010dni pojmovi: Beaivi P\u00e4ivi Peivve Sami boginja Sunca Goavddis Sieidi Noaidi ljetni solsticij.<\/em><\/p>\t\t\t\t\t\t\t\t<\/div>\n\t\t\t\t<\/div>\n\t\t\t\t\t<\/div>\n\t\t\t\t<\/div>\n\t\t<div class=\"elementor-element elementor-element-iwgw-beaivi-cc e-flex e-con-boxed e-con e-parent\" data-id=\"iwgw-beaivi-cc\" data-element_type=\"container\" data-e-type=\"container\" id=\"iwg-cc-beaivi\">\n\t\t\t\t\t<div class=\"e-con-inner\">\n\t\t<div class=\"elementor-element elementor-element-iwgw-beaivi-ccinner e-flex e-con-boxed e-con e-parent\" data-id=\"iwgw-beaivi-ccinner\" data-element_type=\"container\" data-e-type=\"container\" data-settings=\"{&quot;background_background&quot;:&quot;classic&quot;}\">\n\t\t\t\t\t<div class=\"e-con-inner\">\n\t\t\t\t<div class=\"elementor-element elementor-element-iwgw-beaivi-cch elementor-widget elementor-widget-heading\" data-id=\"iwgw-beaivi-cch\" data-element_type=\"widget\" data-e-type=\"widget\" data-widget_type=\"heading.default\">\n\t\t\t\t\t<h2 class=\"elementor-heading-title elementor-size-default\">iWell Guard i tradicije za\u0161tite<\/h2>\t\t\t\t<\/div>\n\t\t\t\t<div class=\"elementor-element elementor-element-iwgw-beaivi-cct elementor-widget elementor-widget-text-editor\" data-id=\"iwgw-beaivi-cct\" data-element_type=\"widget\" data-e-type=\"widget\" data-widget_type=\"text-editor.default\">\n\t\t\t\t\t\t\t\t\t<div data-nosnippet=\"true\"><p>iWell Guard nastavlja kulturno-povijesnu tradiciju nosivih za\u0161titnih predmeta, u tradiciji <a href=\"https:\/\/iwell-guard.com\/hr\/sami-i-finougorska-tradicija-noaidi-bubanj\/\">Samija<\/a> i mnogih drugih kultura po cijelom svijetu. 41 razina, pravo zlato, platina, srebro, izra\u0111eno u Njema\u010dkoj. 30-dnevno pravo povrata.<\/p><\/div>\t\t\t\t\t\t\t\t<\/div>\n\t\t\t\t<div class=\"elementor-element elementor-element-iwgw-beaivi-ccb iwg-cc-button iwg-cc-cta-2026-05-13 elementor-widget elementor-widget-jet-button\" data-id=\"iwgw-beaivi-ccb\" data-element_type=\"widget\" data-e-type=\"widget\" data-widget_type=\"jet-button.default\">\n\t\t\t\t<div class=\"elementor-widget-container\">\n\t\t\t\t\t<div class=\"elementor-jet-button jet-elements\"><div class=\"jet-button__container\"><a class=\"jet-button__instance jet-button__instance--icon-left hover-effect-1\" href=\"\/ueber-iwell-guard\/?utm_source=iwell-guard.com&amp;utm_medium=info-box&amp;utm_campaign=wesen-tradition\"><div class=\"jet-button__plane jet-button__plane-normal\"><\/div><div class=\"jet-button__plane jet-button__plane-hover\"><\/div><div class=\"jet-button__state jet-button__state-normal\"><span class=\"jet-button__label\">Vi\u0161e o iWell Guardu<\/span><\/div><div class=\"jet-button__state jet-button__state-hover\"><span class=\"jet-button__label\">Vi\u0161e o iWell Guardu<\/span><\/div><\/a><\/div><\/div><style>.elementor-element.elementor-element-iwgw-beaivi-ccb .jet-button__instance{width:320px;height:56px;}.elementor-element.elementor-element-iwgw-beaivi-ccb .jet-button__state-normal .jet-button__label{text-align:center;margin:0px 0px 0px 0px;color:#1a1b20;font-family:Montserrat,sans-serif;font-size:13px;font-weight:400;letter-spacing:4px;line-height:1.714em;text-transform:uppercase;}.elementor-element.elementor-element-iwgw-beaivi-ccb .jet-button__state-hover .jet-button__label{text-align:center;margin:0px 0px 0px 0px;color:#FECC76;font-family:Montserrat,sans-serif;font-size:13px;font-weight:400;letter-spacing:4px;line-height:1.714em;text-transform:uppercase;}.elementor-element.elementor-element-iwgw-beaivi-ccb .jet-button__plane-normal{background-color:#FECC76;border-style:solid;border-color:#C99540;border-width:2px 2px 2px 2px;}.elementor-element.elementor-element-iwgw-beaivi-ccb .jet-button__plane-hover{background-color:rgba(0,0,0,0.55);border-style:solid;border-color:#FECC76;border-width:2px 2px 2px 2px;}<\/style>\t\t\t\t<\/div>\n\t\t\t\t<\/div>\n\t\t\t\t<div class=\"elementor-element elementor-element-iwgw-beaivi-ccd elementor-widget elementor-widget-text-editor\" data-id=\"iwgw-beaivi-ccd\" data-element_type=\"widget\" data-e-type=\"widget\" data-widget_type=\"text-editor.default\">\n\t\t\t\t\t\t\t\t\t<div data-nosnippet=\"true\"><p style=\"text-align:center;font-size:13px;opacity:0.7;margin-top:14px\" data-nosnippet=\"true\">Osobna iskustva mogu se razlikovati. Nije medicinski proizvod. Nema obe\u0107anja izlje\u010denja.<\/p><\/div>\t\t\t\t\t\t\t\t<\/div>\n\t\t\t\t\t<\/div>\n\t\t\t\t<\/div>\n\t\t\t\t\t<\/div>\n\t\t\t\t<\/div>\n\t\t<div class=\"elementor-element elementor-element-iwgw-beaivi-disc e-flex e-con-boxed e-con e-parent\" data-id=\"iwgw-beaivi-disc\" data-element_type=\"container\" data-e-type=\"container\">\n\t\t\t\t\t<div class=\"e-con-inner\">\n\t\t\t\t<div class=\"elementor-element elementor-element-iwgw-beaivi-discw elementor-widget elementor-widget-html\" data-id=\"iwgw-beaivi-discw\" data-element_type=\"widget\" data-e-type=\"widget\" data-widget_type=\"html.default\">\n\t\t\t\t\t<footer data-nosnippet=\"true\" class=\"iwg-disclaimer-block\"><p data-nosnippet=\"true\">iWell Guard <strong>nije medicinski proizvod<\/strong> i ne zamjenjuje lije\u010dni\u010dko ili psihoterapeutsko lije\u010denje. Religijsko-znanstveni sadr\u017eaji predstavljaju kulturno-povijesnu interpretaciju, a ne preporuku duhovne prakse.<\/p><\/footer>\t\t\t\t<\/div>\n\t\t\t\t\t<\/div>\n\t\t\t\t<\/div>\n\t\t\t\t<\/div>\n\t\t","protected":false},"excerpt":{"rendered":"","protected":false},"author":3,"featured_media":2890,"parent":0,"menu_order":0,"comment_status":"closed","ping_status":"closed","template":"elementor_header_footer","meta":{"_yoast_wpseo_focuskw":"Beaivi, samska bo\u017eica Sunca","_yoast_wpseo_title":"Beaivi \u2013 bo\u017eica Sunca i darovateljica \u017eivota kod Samijaca","_yoast_wpseo_metadesc":"Beaivi je bo\u017eica Sunca Samijaca i majka \u017eivota. Religijskopovijesna klasifikacija predkr\u0161\u0107anske samske religije.","_yoast_wpseo_meta-robots-noindex":"","_yoast_wpseo_canonical":"","_angie_page":false,"gefaehrdungsstufe":"","wesen_kultur":"","wesen_klasse":"","footnotes":""},"categories":[],"class_list":["post-149745","page","type-page","status-publish","has-post-thumbnail","hentry"],"yoast_head":"<!-- This site is optimized with the Yoast SEO Premium plugin v27.7 (Yoast SEO v28.3) - https:\/\/yoast.com\/product\/yoast-seo-premium-wordpress\/ -->\n<title>Beaivi \u2013 bo\u017eica Sunca i darovateljica \u017eivota kod Samijaca<\/title>\n<meta name=\"description\" content=\"Beaivi je bo\u017eica Sunca Samijaca i majka \u017eivota. Religijskopovijesna klasifikacija predkr\u0161\u0107anske samske religije.\" \/>\n<meta name=\"robots\" content=\"index, follow, max-snippet:-1, max-image-preview:large, max-video-preview:-1\" \/>\n<link rel=\"canonical\" href=\"https:\/\/iwell-guard.com\/hr\/beaivi-boginja-sunca-samijaca\/\" \/>\n<meta property=\"og:locale\" content=\"hr_HR\" \/>\n<meta property=\"og:type\" content=\"article\" \/>\n<meta property=\"og:title\" content=\"Beaivi \u2013 bo\u017eica Sunca kod Samijaca\" \/>\n<meta property=\"og:description\" content=\"Beaivi je bo\u017eica Sunca Samijaca i majka \u017eivota. Religijskopovijesna klasifikacija predkr\u0161\u0107anske samske religije.\" \/>\n<meta property=\"og:url\" content=\"https:\/\/iwell-guard.com\/hr\/beaivi-boginja-sunca-samijaca\/\" \/>\n<meta property=\"og:site_name\" content=\"iWell Guard\" \/>\n<meta property=\"article:modified_time\" content=\"2026-09-04T05:31:11+00:00\" \/>\n<meta property=\"og:image\" content=\"https:\/\/iwell-guard.com\/wp-content\/uploads\/2026\/05\/goetter_sami_beaivi.webp\" \/>\n\t<meta property=\"og:image:width\" content=\"1024\" \/>\n\t<meta property=\"og:image:height\" content=\"1536\" \/>\n\t<meta property=\"og:image:type\" content=\"image\/webp\" \/>\n<meta name=\"twitter:card\" content=\"summary_large_image\" \/>\n<script type=\"application\/ld+json\" class=\"yoast-schema-graph\">{\"@context\":\"https:\\\/\\\/schema.org\",\"@graph\":[{\"@type\":\"WebPage\",\"@id\":\"https:\\\/\\\/iwell-guard.com\\\/hr\\\/beaivi-boginja-sunca-samijaca\\\/\",\"url\":\"https:\\\/\\\/iwell-guard.com\\\/hr\\\/beaivi-boginja-sunca-samijaca\\\/\",\"name\":\"Beaivi \u2013 bo\u017eica Sunca i darovateljica \u017eivota kod Samijaca\",\"isPartOf\":{\"@id\":\"https:\\\/\\\/iwell-guard.com\\\/hr\\\/#website\"},\"primaryImageOfPage\":{\"@id\":\"https:\\\/\\\/iwell-guard.com\\\/hr\\\/beaivi-boginja-sunca-samijaca\\\/#primaryimage\"},\"image\":{\"@id\":\"https:\\\/\\\/iwell-guard.com\\\/hr\\\/beaivi-boginja-sunca-samijaca\\\/#primaryimage\"},\"thumbnailUrl\":\"https:\\\/\\\/iwell-guard.com\\\/wp-content\\\/uploads\\\/2026\\\/05\\\/goetter_sami_beaivi.webp\",\"datePublished\":\"2026-09-04T05:13:09+00:00\",\"dateModified\":\"2026-09-04T05:31:11+00:00\",\"description\":\"Beaivi je bo\u017eica Sunca Samijaca i majka \u017eivota. Religijskopovijesna klasifikacija predkr\u0161\u0107anske samske religije.\",\"breadcrumb\":{\"@id\":\"https:\\\/\\\/iwell-guard.com\\\/hr\\\/beaivi-boginja-sunca-samijaca\\\/#breadcrumb\"},\"inLanguage\":\"hr\",\"potentialAction\":[{\"@type\":\"ReadAction\",\"target\":[\"https:\\\/\\\/iwell-guard.com\\\/hr\\\/beaivi-boginja-sunca-samijaca\\\/\"]}]},{\"@type\":\"ImageObject\",\"inLanguage\":\"hr\",\"@id\":\"https:\\\/\\\/iwell-guard.com\\\/hr\\\/beaivi-boginja-sunca-samijaca\\\/#primaryimage\",\"url\":\"https:\\\/\\\/iwell-guard.com\\\/wp-content\\\/uploads\\\/2026\\\/05\\\/goetter_sami_beaivi.webp\",\"contentUrl\":\"https:\\\/\\\/iwell-guard.com\\\/wp-content\\\/uploads\\\/2026\\\/05\\\/goetter_sami_beaivi.webp\",\"width\":1024,\"height\":1536,\"caption\":\"Bogovi iz s\u00e1mske tradicije.\"},{\"@type\":\"BreadcrumbList\",\"@id\":\"https:\\\/\\\/iwell-guard.com\\\/hr\\\/beaivi-boginja-sunca-samijaca\\\/#breadcrumb\",\"itemListElement\":[{\"@type\":\"ListItem\",\"position\":1,\"name\":\"Start\",\"item\":\"https:\\\/\\\/iwell-guard.com\\\/hr\\\/?page_id=149317\"},{\"@type\":\"ListItem\",\"position\":2,\"name\":\"Beaivi \u2013 bo\u017eica Sunca kod Samijaca\"}]},{\"@type\":\"WebSite\",\"@id\":\"https:\\\/\\\/iwell-guard.com\\\/hr\\\/#website\",\"url\":\"https:\\\/\\\/iwell-guard.com\\\/hr\\\/\",\"name\":\"iWell Guard\",\"description\":\"Schutz vor dunklen Einfl\u00fcssen\",\"publisher\":{\"@id\":\"https:\\\/\\\/iwell-guard.com\\\/hr\\\/#organization\"},\"potentialAction\":[{\"@type\":\"SearchAction\",\"target\":{\"@type\":\"EntryPoint\",\"urlTemplate\":\"https:\\\/\\\/iwell-guard.com\\\/hr\\\/?s={search_term_string}\"},\"query-input\":{\"@type\":\"PropertyValueSpecification\",\"valueRequired\":true,\"valueName\":\"search_term_string\"}}],\"inLanguage\":\"hr\"},{\"@type\":\"Organization\",\"@id\":\"https:\\\/\\\/iwell-guard.com\\\/hr\\\/#organization\",\"name\":\"Ittermann electronic GmbH\",\"url\":\"https:\\\/\\\/iwell-guard.com\\\/hr\\\/\",\"logo\":{\"@type\":\"ImageObject\",\"inLanguage\":\"hr\",\"@id\":\"https:\\\/\\\/iwell-guard.com\\\/hr\\\/#\\\/schema\\\/logo\\\/image\\\/\",\"url\":\"https:\\\/\\\/iwell-guard.com\\\/wp-content\\\/uploads\\\/2026\\\/05\\\/Ittermann-Logo-1182x237-1.png\",\"contentUrl\":\"https:\\\/\\\/iwell-guard.com\\\/wp-content\\\/uploads\\\/2026\\\/05\\\/Ittermann-Logo-1182x237-1.png\",\"width\":1182,\"height\":237,\"caption\":\"Ittermann electronic GmbH\"},\"image\":{\"@id\":\"https:\\\/\\\/iwell-guard.com\\\/hr\\\/#\\\/schema\\\/logo\\\/image\\\/\"},\"sameAs\":[\"https:\\\/\\\/pantip.com\\\/profile\\\/9367242\",\"https:\\\/\\\/micro.blog\\\/iwellguard\",\"https:\\\/\\\/www.diggerslist.com\\\/iwellguard\\\/about\",\"https:\\\/\\\/skitterphoto.com\\\/photographers\\\/2870314\\\/iwell-guard\",\"https:\\\/\\\/iwellguard.wordpress.com\\\/2026\\\/06\\\/06\\\/iwell-guard\\\/\",\"https:\\\/\\\/hub.docker.com\\\/u\\\/iwellguard\",\"https:\\\/\\\/www.pinterest.com\\\/iwellguard\\\/\",\"https:\\\/\\\/bit.ly\\\/m\\\/iwellguard\",\"https:\\\/\\\/entre-vos-mains.alsace.eu\\\/profiles\\\/iwellguard\\\/activity\",\"https:\\\/\\\/gravatar.com\\\/reallybeded8fd34\",\"https:\\\/\\\/naijamatta.com\\\/iwellguard\",\"https:\\\/\\\/www.goodreads.com\\\/iwellguard\",\"https:\\\/\\\/profile.hatena.ne.jp\\\/iwellguard\\\/\",\"https:\\\/\\\/experiment.com\\\/users\\\/iwellguard\",\"https:\\\/\\\/wakelet.com\\\/@iWellGuard82270\",\"https:\\\/\\\/www.chordie.com\\\/forum\\\/profile.php?id=2555664\",\"https:\\\/\\\/www.instapaper.com\\\/p\\\/17757966\",\"https:\\\/\\\/www.mapleprimes.com\\\/users\\\/iwellguard\",\"https:\\\/\\\/businesslistingplus.com\\\/profile\\\/iwell-guard\\\/\",\"https:\\\/\\\/telegra.ph\\\/iWell-Guard-06-06\",\"https:\\\/\\\/pbase.com\\\/iwellguard\\\/iwellguard\",\"https:\\\/\\\/b.hatena.ne.jp\\\/iwellguard\\\/20260607#bookmark-4788405196491818882\",\"https:\\\/\\\/fliphtml5.com\\\/home\\\/iwellguard\",\"https:\\\/\\\/anyflip.com\\\/homepage\\\/cmiwl#About\",\"https:\\\/\\\/transfur.com\\\/Users\\\/iwellguard\",\"http:\\\/\\\/delphi.larsbo.org\\\/user\\\/iwellguard\",\"https:\\\/\\\/jobs.lajobsportal.org\\\/profiles\\\/8380803-iwell-guard\",\"https:\\\/\\\/md.chaosdorf.de\\\/s\\\/jfbe5SBdJD\",\"https:\\\/\\\/www.lingvolive.com\\\/en-us\\\/profile\\\/9ecaeaca-ce11-4e51-9e71-01d55e2bff36\\\/translations\",\"https:\\\/\\\/www.fitday.com\\\/fitness\\\/forums\\\/members\\\/iwellguard.html\",\"https:\\\/\\\/www.mymeetbook.com\\\/iwellguard\",\"https:\\\/\\\/pxhere.com\\\/en\\\/photographer-me\\\/5040798\",\"https:\\\/\\\/disqus.com\\\/by\\\/iwellguard\\\/about\\\/\",\"https:\\\/\\\/pastelink.net\\\/hjwciqwq\",\"https:\\\/\\\/pubhtml5.com\\\/homepage\\\/scjhn\\\/\",\"https:\\\/\\\/www.bitchute.com\\\/channel\\\/2O2eOKzNqujT\",\"https:\\\/\\\/audiomack.com\\\/iwellguard\"]}]}<\/script>\n<!-- \/ Yoast SEO Premium plugin. -->","yoast_head_json":{"title":"Beaivi \u2013 bo\u017eica Sunca i darovateljica \u017eivota kod Samijaca","description":"Beaivi je bo\u017eica Sunca Samijaca i majka \u017eivota. Religijskopovijesna klasifikacija predkr\u0161\u0107anske samske religije.","robots":{"index":"index","follow":"follow","max-snippet":"max-snippet:-1","max-image-preview":"max-image-preview:large","max-video-preview":"max-video-preview:-1"},"canonical":"https:\/\/iwell-guard.com\/hr\/beaivi-boginja-sunca-samijaca\/","og_locale":"hr_HR","og_type":"article","og_title":"Beaivi \u2013 bo\u017eica Sunca kod Samijaca","og_description":"Beaivi je bo\u017eica Sunca Samijaca i majka \u017eivota. Religijskopovijesna klasifikacija predkr\u0161\u0107anske samske religije.","og_url":"https:\/\/iwell-guard.com\/hr\/beaivi-boginja-sunca-samijaca\/","og_site_name":"iWell Guard","article_modified_time":"2026-09-04T05:31:11+00:00","og_image":[{"width":1024,"height":1536,"url":"https:\/\/iwell-guard.com\/wp-content\/uploads\/2026\/05\/goetter_sami_beaivi.webp","type":"image\/webp"}],"twitter_card":"summary_large_image","schema":{"@context":"https:\/\/schema.org","@graph":[{"@type":"WebPage","@id":"https:\/\/iwell-guard.com\/hr\/beaivi-boginja-sunca-samijaca\/","url":"https:\/\/iwell-guard.com\/hr\/beaivi-boginja-sunca-samijaca\/","name":"Beaivi \u2013 bo\u017eica Sunca i darovateljica \u017eivota kod Samijaca","isPartOf":{"@id":"https:\/\/iwell-guard.com\/hr\/#website"},"primaryImageOfPage":{"@id":"https:\/\/iwell-guard.com\/hr\/beaivi-boginja-sunca-samijaca\/#primaryimage"},"image":{"@id":"https:\/\/iwell-guard.com\/hr\/beaivi-boginja-sunca-samijaca\/#primaryimage"},"thumbnailUrl":"https:\/\/iwell-guard.com\/wp-content\/uploads\/2026\/05\/goetter_sami_beaivi.webp","datePublished":"2026-09-04T05:13:09+00:00","dateModified":"2026-09-04T05:31:11+00:00","description":"Beaivi je bo\u017eica Sunca Samijaca i majka \u017eivota. Religijskopovijesna klasifikacija predkr\u0161\u0107anske samske religije.","breadcrumb":{"@id":"https:\/\/iwell-guard.com\/hr\/beaivi-boginja-sunca-samijaca\/#breadcrumb"},"inLanguage":"hr","potentialAction":[{"@type":"ReadAction","target":["https:\/\/iwell-guard.com\/hr\/beaivi-boginja-sunca-samijaca\/"]}]},{"@type":"ImageObject","inLanguage":"hr","@id":"https:\/\/iwell-guard.com\/hr\/beaivi-boginja-sunca-samijaca\/#primaryimage","url":"https:\/\/iwell-guard.com\/wp-content\/uploads\/2026\/05\/goetter_sami_beaivi.webp","contentUrl":"https:\/\/iwell-guard.com\/wp-content\/uploads\/2026\/05\/goetter_sami_beaivi.webp","width":1024,"height":1536,"caption":"Bogovi iz s\u00e1mske tradicije."},{"@type":"BreadcrumbList","@id":"https:\/\/iwell-guard.com\/hr\/beaivi-boginja-sunca-samijaca\/#breadcrumb","itemListElement":[{"@type":"ListItem","position":1,"name":"Start","item":"https:\/\/iwell-guard.com\/hr\/?page_id=149317"},{"@type":"ListItem","position":2,"name":"Beaivi \u2013 bo\u017eica Sunca kod Samijaca"}]},{"@type":"WebSite","@id":"https:\/\/iwell-guard.com\/hr\/#website","url":"https:\/\/iwell-guard.com\/hr\/","name":"iWell Guard","description":"Schutz vor dunklen Einfl\u00fcssen","publisher":{"@id":"https:\/\/iwell-guard.com\/hr\/#organization"},"potentialAction":[{"@type":"SearchAction","target":{"@type":"EntryPoint","urlTemplate":"https:\/\/iwell-guard.com\/hr\/?s={search_term_string}"},"query-input":{"@type":"PropertyValueSpecification","valueRequired":true,"valueName":"search_term_string"}}],"inLanguage":"hr"},{"@type":"Organization","@id":"https:\/\/iwell-guard.com\/hr\/#organization","name":"Ittermann electronic GmbH","url":"https:\/\/iwell-guard.com\/hr\/","logo":{"@type":"ImageObject","inLanguage":"hr","@id":"https:\/\/iwell-guard.com\/hr\/#\/schema\/logo\/image\/","url":"https:\/\/iwell-guard.com\/wp-content\/uploads\/2026\/05\/Ittermann-Logo-1182x237-1.png","contentUrl":"https:\/\/iwell-guard.com\/wp-content\/uploads\/2026\/05\/Ittermann-Logo-1182x237-1.png","width":1182,"height":237,"caption":"Ittermann electronic GmbH"},"image":{"@id":"https:\/\/iwell-guard.com\/hr\/#\/schema\/logo\/image\/"},"sameAs":["https:\/\/pantip.com\/profile\/9367242","https:\/\/micro.blog\/iwellguard","https:\/\/www.diggerslist.com\/iwellguard\/about","https:\/\/skitterphoto.com\/photographers\/2870314\/iwell-guard","https:\/\/iwellguard.wordpress.com\/2026\/06\/06\/iwell-guard\/","https:\/\/hub.docker.com\/u\/iwellguard","https:\/\/www.pinterest.com\/iwellguard\/","https:\/\/bit.ly\/m\/iwellguard","https:\/\/entre-vos-mains.alsace.eu\/profiles\/iwellguard\/activity","https:\/\/gravatar.com\/reallybeded8fd34","https:\/\/naijamatta.com\/iwellguard","https:\/\/www.goodreads.com\/iwellguard","https:\/\/profile.hatena.ne.jp\/iwellguard\/","https:\/\/experiment.com\/users\/iwellguard","https:\/\/wakelet.com\/@iWellGuard82270","https:\/\/www.chordie.com\/forum\/profile.php?id=2555664","https:\/\/www.instapaper.com\/p\/17757966","https:\/\/www.mapleprimes.com\/users\/iwellguard","https:\/\/businesslistingplus.com\/profile\/iwell-guard\/","https:\/\/telegra.ph\/iWell-Guard-06-06","https:\/\/pbase.com\/iwellguard\/iwellguard","https:\/\/b.hatena.ne.jp\/iwellguard\/20260607#bookmark-4788405196491818882","https:\/\/fliphtml5.com\/home\/iwellguard","https:\/\/anyflip.com\/homepage\/cmiwl#About","https:\/\/transfur.com\/Users\/iwellguard","http:\/\/delphi.larsbo.org\/user\/iwellguard","https:\/\/jobs.lajobsportal.org\/profiles\/8380803-iwell-guard","https:\/\/md.chaosdorf.de\/s\/jfbe5SBdJD","https:\/\/www.lingvolive.com\/en-us\/profile\/9ecaeaca-ce11-4e51-9e71-01d55e2bff36\/translations","https:\/\/www.fitday.com\/fitness\/forums\/members\/iwellguard.html","https:\/\/www.mymeetbook.com\/iwellguard","https:\/\/pxhere.com\/en\/photographer-me\/5040798","https:\/\/disqus.com\/by\/iwellguard\/about\/","https:\/\/pastelink.net\/hjwciqwq","https:\/\/pubhtml5.com\/homepage\/scjhn\/","https:\/\/www.bitchute.com\/channel\/2O2eOKzNqujT","https:\/\/audiomack.com\/iwellguard"]}]}},"_links":{"self":[{"href":"https:\/\/iwell-guard.com\/hr\/wp-json\/wp\/v2\/pages\/149745","targetHints":{"allow":["GET"]}}],"collection":[{"href":"https:\/\/iwell-guard.com\/hr\/wp-json\/wp\/v2\/pages"}],"about":[{"href":"https:\/\/iwell-guard.com\/hr\/wp-json\/wp\/v2\/types\/page"}],"author":[{"embeddable":true,"href":"https:\/\/iwell-guard.com\/hr\/wp-json\/wp\/v2\/users\/3"}],"replies":[{"embeddable":true,"href":"https:\/\/iwell-guard.com\/hr\/wp-json\/wp\/v2\/comments?post=149745"}],"version-history":[{"count":0,"href":"https:\/\/iwell-guard.com\/hr\/wp-json\/wp\/v2\/pages\/149745\/revisions"}],"wp:featuredmedia":[{"embeddable":true,"href":"https:\/\/iwell-guard.com\/hr\/wp-json\/wp\/v2\/media\/2890"}],"wp:attachment":[{"href":"https:\/\/iwell-guard.com\/hr\/wp-json\/wp\/v2\/media?parent=149745"}],"wp:term":[{"taxonomy":"category","embeddable":true,"href":"https:\/\/iwell-guard.com\/hr\/wp-json\/wp\/v2\/categories?post=149745"}],"curies":[{"name":"wp","href":"https:\/\/api.w.org\/{rel}","templated":true}]}}