{"id":149736,"date":"2026-09-04T05:13:05","date_gmt":"2026-09-04T05:13:05","guid":{"rendered":"https:\/\/iwell-guard.com\/?page_id=149736"},"modified":"2026-09-04T05:30:58","modified_gmt":"2026-09-04T05:30:58","slug":"sila-svjetski-dah-gospodar-vremena-inuita","status":"publish","type":"page","link":"https:\/\/iwell-guard.com\/hr\/sila-svjetski-dah-gospodar-vremena-inuita\/","title":{"rendered":"Sila &#8211; svjetski dah i gospodar vremena Inuita"},"content":{"rendered":"\t\t<div data-elementor-type=\"wp-page\" data-elementor-id=\"149736\" class=\"elementor elementor-149736 elementor-2655 elementor-bc-flex-widget\" data-elementor-post-type=\"page\">\n\t\t\t\t<div class=\"elementor-element elementor-element-iwgw-sila-hero e-flex e-con-boxed e-con e-parent\" data-id=\"iwgw-sila-hero\" data-element_type=\"container\" data-e-type=\"container\" data-settings=\"{&quot;background_background&quot;:&quot;classic&quot;}\">\n\t\t\t\t\t<div class=\"e-con-inner\">\n\t\t<div class=\"elementor-element elementor-element-iwgw-sila-hl e-flex e-con-boxed e-con e-child\" data-id=\"iwgw-sila-hl\" data-element_type=\"container\" data-e-type=\"container\">\n\t\t\t\t\t<div class=\"e-con-inner\">\n\t\t<div class=\"elementor-element elementor-element-iwgw-sila-htxt e-con-full e-flex e-con e-child\" data-id=\"iwgw-sila-htxt\" data-element_type=\"container\" data-e-type=\"container\">\n\t\t\t\t<div class=\"elementor-element elementor-element-iwgw-sila-h1 elementor-widget elementor-widget-heading\" data-id=\"iwgw-sila-h1\" data-element_type=\"widget\" data-e-type=\"widget\" data-widget_type=\"heading.default\">\n\t\t\t\t\t<h1 class=\"elementor-heading-title elementor-size-default\">Sila - svjetski dah, vrijeme i svijest u inuitskom mi\u0161ljenju<\/h1>\t\t\t\t<\/div>\n\t\t\t\t<div class=\"elementor-element elementor-element-iwgw-sila-lead elementor-widget elementor-widget-text-editor\" data-id=\"iwgw-sila-lead\" data-element_type=\"widget\" data-e-type=\"widget\" data-widget_type=\"text-editor.default\">\n\t\t\t\t\t\t\t\t\t<p>Sila u predod\u017ebi sredi\u0161njih arkti\u010dkih <a href=\"https:\/\/iwell-guard.com\/hr\/inuiti-arktik-sedna-tornit-zastita\/\">Inuita<\/a> nije bog u u\u017eem smislu rije\u010di, nego je ure\u0111uju\u0107e na\u010delo zraka, vremena, daha i razuma.<\/p><p>Ko poznaje Silu, poznaje istovremeno i vrijeme, mi\u0161ljenje i poredak svijeta, jer inuitski jezik obuhva\u0107a sve te sfere jednim jedinim pojmom. Religiolo\u0161ki gledano, Sila je jedan od konceptualno najdubljih pojmova cijele cirkumpolarne povijesti religije.<\/p>\t\t\t\t\t\t\t\t<\/div>\n\t\t\t\t<\/div>\n\t\t<div class=\"elementor-element elementor-element-iwgw-sila-pillc e-con-full e-flex e-con e-child\" data-id=\"iwgw-sila-pillc\" data-element_type=\"container\" data-e-type=\"container\">\n\t\t\t\t<div class=\"elementor-element elementor-element-iwgw-sila-pills elementor-widget elementor-widget-html\" data-id=\"iwgw-sila-pills\" data-element_type=\"widget\" data-e-type=\"widget\" data-widget_type=\"html.default\">\n\t\t\t\t\t<div class=\"iwg-pill-row\"><span class=\"iwg-klasse-badge\" tabindex=\"0\" data-tooltip=\"Duh vremena tradicije Inuita.\">Duh vremena<\/span><a href=\"https:\/\/iwell-guard.com\/hr\/inuiti-arktik-sedna-tornit-zastita\/\" class=\"iwg-kultur-badge\" tabindex=\"0\" data-tooltip=\"Mitologija tradicije Inuita.\">Inuiti<\/a><span class=\"iwg-tradition-badge\" tabindex=\"0\" data-tooltip=\"Svjetsko i vremensko na\u010delo.\">Svjetsko i vremensko na\u010delo<\/span><\/div>\t\t\t\t<\/div>\n\t\t\t\t<\/div>\n\t\t<div class=\"elementor-element elementor-element-iwgw-sila-tocc e-con-full e-flex e-con e-child\" data-id=\"iwgw-sila-tocc\" data-element_type=\"container\" data-e-type=\"container\">\n\t\t\t\t<div class=\"elementor-element elementor-element-iwgw-sila-toc elementor-toc--minimized-on-tablet elementor-widget elementor-widget-table-of-contents\" data-id=\"iwgw-sila-toc\" data-element_type=\"widget\" data-e-type=\"widget\" data-settings=\"{&quot;headings_by_tags&quot;:[&quot;h2&quot;,&quot;h3&quot;],&quot;minimize_box&quot;:&quot;yes&quot;,&quot;marker_view&quot;:&quot;bullets&quot;,&quot;no_headings_message&quot;:&quot;Na ovoj stranici nisu prona\\u0111eni naslovi.&quot;,&quot;exclude_headings_by_selector&quot;:[],&quot;icon&quot;:{&quot;value&quot;:&quot;fas fa-circle&quot;,&quot;library&quot;:&quot;fa-solid&quot;,&quot;rendered_tag&quot;:&quot;&lt;svg class=\\&quot;e-font-icon-svg e-fas-circle\\&quot; viewBox=\\&quot;0 0 512 512\\&quot; xmlns=\\&quot;http:\\\/\\\/www.w3.org\\\/2000\\\/svg\\&quot;&gt;&lt;path d=\\&quot;M256 8C119 8 8 119 8 256s111 248 248 248 248-111 248-248S393 8 256 8z\\&quot;&gt;&lt;\\\/path&gt;&lt;\\\/svg&gt;&quot;},&quot;minimized_on&quot;:&quot;tablet&quot;,&quot;hierarchical_view&quot;:&quot;yes&quot;,&quot;min_height&quot;:{&quot;unit&quot;:&quot;px&quot;,&quot;size&quot;:&quot;&quot;,&quot;sizes&quot;:[]},&quot;min_height_tablet&quot;:{&quot;unit&quot;:&quot;px&quot;,&quot;size&quot;:&quot;&quot;,&quot;sizes&quot;:[]},&quot;min_height_mobile&quot;:{&quot;unit&quot;:&quot;px&quot;,&quot;size&quot;:&quot;&quot;,&quot;sizes&quot;:[]}}\" data-widget_type=\"table-of-contents.default\">\n\t\t\t\t\t\t\t\t\t<div class=\"elementor-toc__header\">\n\t\t\t\t\t\t<h2 class=\"elementor-toc__header-title\">\n\t\t\t\tSadr\u017eaj\t\t\t<\/h2>\n\t\t\t\t\t\t\t\t\t\t<div class=\"elementor-toc__toggle-button elementor-toc__toggle-button--expand\" role=\"button\" tabindex=\"0\" aria-controls=\"elementor-toc__iwgw-sila-toc\" aria-expanded=\"true\" aria-label=\"Open table of contents\"><svg aria-hidden=\"true\" class=\"e-font-icon-svg e-fas-chevron-down\" viewBox=\"0 0 448 512\" xmlns=\"http:\/\/www.w3.org\/2000\/svg\"><path d=\"M207.029 381.476L12.686 187.132c-9.373-9.373-9.373-24.569 0-33.941l22.667-22.667c9.357-9.357 24.522-9.375 33.901-.04L224 284.505l154.745-154.021c9.379-9.335 24.544-9.317 33.901.04l22.667 22.667c9.373 9.373 9.373 24.569 0 33.941L240.971 381.476c-9.373 9.372-24.569 9.372-33.942 0z\"><\/path><\/svg><\/div>\n\t\t\t\t<div class=\"elementor-toc__toggle-button elementor-toc__toggle-button--collapse\" role=\"button\" tabindex=\"0\" aria-controls=\"elementor-toc__iwgw-sila-toc\" aria-expanded=\"true\" aria-label=\"Close table of contents\"><svg aria-hidden=\"true\" class=\"e-font-icon-svg e-fas-chevron-up\" viewBox=\"0 0 448 512\" xmlns=\"http:\/\/www.w3.org\/2000\/svg\"><path d=\"M240.971 130.524l194.343 194.343c9.373 9.373 9.373 24.569 0 33.941l-22.667 22.667c-9.357 9.357-24.522 9.375-33.901.04L224 227.495 69.255 381.516c-9.379 9.335-24.544 9.317-33.901-.04l-22.667-22.667c-9.373-9.373-9.373-24.569 0-33.941L207.03 130.525c9.372-9.373 24.568-9.373 33.941-.001z\"><\/path><\/svg><\/div>\n\t\t\t\t\t<\/div>\n\t\t\t\t<div id=\"elementor-toc__iwgw-sila-toc\" class=\"elementor-toc__body\">\n\t\t\t<div class=\"elementor-toc__spinner-container\">\n\t\t\t\t<svg class=\"elementor-toc__spinner eicon-animation-spin e-font-icon-svg e-eicon-loading\" aria-hidden=\"true\" viewBox=\"0 0 1000 1000\" xmlns=\"http:\/\/www.w3.org\/2000\/svg\"><path d=\"M500 975V858C696 858 858 696 858 500S696 142 500 142 142 304 142 500H25C25 237 238 25 500 25S975 237 975 500 763 975 500 975Z\"><\/path><\/svg>\t\t\t<\/div>\n\t\t<\/div>\n\t\t\t\t\t\t<\/div>\n\t\t\t\t<\/div>\n\t\t\t\t\t<\/div>\n\t\t\t\t<\/div>\n\t\t<div class=\"elementor-element elementor-element-iwgw-sila-hr e-con-full e-flex e-con e-child\" data-id=\"iwgw-sila-hr\" data-element_type=\"container\" data-e-type=\"container\">\n\t\t\t\t<div class=\"elementor-element elementor-element-iwgw-sila-heroimg iwg-hero-image elementor-widget elementor-widget-image\" data-id=\"iwgw-sila-heroimg\" data-element_type=\"widget\" data-e-type=\"widget\" data-widget_type=\"image.default\">\n\t\t\t\t\t\t\t\t\t\t\t\t\t\t\t<img fetchpriority=\"high\" decoding=\"async\" width=\"683\" height=\"1024\" src=\"https:\/\/iwell-guard.com\/wp-content\/uploads\/2026\/05\/geister_inuit_sila-683x1024.webp\" class=\"attachment-large size-large wp-image-151514\" alt=\"Sila \u2013 duhovi iz inuitske tradicije, povijesno-ilustrativno\" srcset=\"https:\/\/iwell-guard.com\/wp-content\/uploads\/2026\/05\/geister_inuit_sila-683x1024.webp 683w, https:\/\/iwell-guard.com\/wp-content\/uploads\/2026\/05\/geister_inuit_sila-200x300.webp 200w, https:\/\/iwell-guard.com\/wp-content\/uploads\/2026\/05\/geister_inuit_sila-768x1152.webp 768w, https:\/\/iwell-guard.com\/wp-content\/uploads\/2026\/05\/geister_inuit_sila.webp 1024w\" sizes=\"(max-width: 683px) 100vw, 683px\" \/>\t\t\t\t\t\t\t\t\t\t\t\t\t\t\t<\/div>\n\t\t\t\t<\/div>\n\t\t\t\t\t<\/div>\n\t\t\t\t<\/div>\n\t\t<div class=\"elementor-element elementor-element-iwgw-sila-s0 e-flex e-con-boxed e-con e-parent\" data-id=\"iwgw-sila-s0\" data-element_type=\"container\" data-e-type=\"container\">\n\t\t\t\t\t<div class=\"e-con-inner\">\n\t\t\t\t<div class=\"elementor-element elementor-element-iwgw-sila-s0h elementor-widget elementor-widget-heading\" data-id=\"iwgw-sila-s0h\" data-element_type=\"widget\" data-e-type=\"widget\" data-widget_type=\"heading.default\">\n\t\t\t\t\t<h2 class=\"elementor-heading-title elementor-size-default\">Uvod i kratki profil<\/h2>\t\t\t\t<\/div>\n\t\t<div class=\"elementor-element elementor-element-iwgw-sila-s0c e-con-full e-flex e-con e-child\" data-id=\"iwgw-sila-s0c\" data-element_type=\"container\" data-e-type=\"container\">\n\t\t\t\t<div class=\"elementor-element elementor-element-iwgw-sila-s0t elementor-widget elementor-widget-text-editor\" data-id=\"iwgw-sila-s0t\" data-element_type=\"widget\" data-e-type=\"widget\" data-widget_type=\"text-editor.default\">\n\t\t\t\t\t\t\t\t\t<p>Sila pripada u religiolo\u0161koj klasifikaciji me\u0111u rijetke pojmove koji istovremeno ozna\u010davaju kozmolo\u0161ko, meteorolo\u0161ko i spoznajno na\u010delo. Knud Rasmussen, koji je taj pojam u svojim zapisima 5. Thule ekspedicije protuma\u010dio kao religijski klju\u010d sredi\u0161njih arkti\u010dkih Inuita, preveo ga je kao svjetski razum, dok drugi autori, poput Daniela Merkura i Fr\u00e9d\u00e9rica Laugranda, govore o svjetskom dahu.<\/p><p>Ta raznolikost prijevoda nije izraz nejasnosti, nego odra\u017eava semanti\u010dku dubinu same rije\u010di, koja u zapadnom vokabularu nema izravnu istovrijednicu.<\/p><p>Sila, za razliku od <a href=\"https:\/\/iwell-guard.com\/hr\/?page_id=149735\">Sedne<\/a>, nije uklopljena u narativnu biografiju. Sila nema prste, nema \u010damac, nema oca, nema zaru\u010dnika. Sila je nevidljiv, svepro\u017eimaju\u0107i uvjet u kojem se kre\u0107u \u017eivotinje i ljudi.<\/p><p>Ba\u0161 zato Inuiti vrijeme smatraju o\u010ditovanjem promi\u0161ljene, promatra\u010dke, a ponekad i ka\u017enjavaju\u0107e instance. Posredovanje izme\u0111u \u010dovjeka i svijeta odvija se kroz dah samoga svijeta, bez potrebe da se bog predstavlja kao osoba.<\/p><p>Ta dvostruka narav, kao vrijeme i kao razum, \u010dini Silu pojmom-mostom izme\u0111u opa\u017eanja prirode i religijske refleksije. Dana\u0161nja klimatska rasprava preuzela je taj pojam: kada inuitski starci ka\u017eu da se Sila promijenila, time se ne misli samo na vrijeme, nego na svjetski poredak u krizi.<\/p><p>Ta aktualnost \u010dini Silu mo\u017eda naj\u017eivljim pojmom inuitske povijesti religije i razlikuje ga od isklju\u010divo povijesnih koncepata drugih religija.<\/p>\t\t\t\t\t\t\t\t<\/div>\n\t\t\t\t<\/div>\n\t\t\t\t\t<\/div>\n\t\t\t\t<\/div>\n\t\t<div class=\"elementor-element elementor-element-iwgw-sila-s1 e-flex e-con-boxed e-con e-parent\" data-id=\"iwgw-sila-s1\" data-element_type=\"container\" data-e-type=\"container\">\n\t\t\t\t\t<div class=\"e-con-inner\">\n\t\t\t\t<div class=\"elementor-element elementor-element-iwgw-sila-s1h elementor-widget elementor-widget-heading\" data-id=\"iwgw-sila-s1h\" data-element_type=\"widget\" data-e-type=\"widget\" data-widget_type=\"heading.default\">\n\t\t\t\t\t<h2 class=\"elementor-heading-title elementor-size-default\">Etimologija i jezi\u010dna slojevitost<\/h2>\t\t\t\t<\/div>\n\t\t<div class=\"elementor-element elementor-element-iwgw-sila-s1c e-con-full e-flex e-con e-child\" data-id=\"iwgw-sila-s1c\" data-element_type=\"container\" data-e-type=\"container\">\n\t\t\t\t<div class=\"elementor-element elementor-element-iwgw-sila-s1t elementor-widget elementor-widget-text-editor\" data-id=\"iwgw-sila-s1t\" data-element_type=\"widget\" data-e-type=\"widget\" data-widget_type=\"text-editor.default\">\n\t\t\t\t\t\t\t\t\t<p>Rije\u010d <em>sila<\/em> potvr\u0111ena je u cijelom inuitskom jezi\u010dnom podru\u010dju, od \u010cukotke do Grenlanda, u skoro istovjetnom obliku, \u0161to upu\u0107uje na veliku dubinu te predod\u017ebe. Zna\u010denja obuhva\u0107aju: vrijeme izvana, vanjski svijet, nebo, razum, um, mudrost, pravilnu procjenu situacije.<\/p><p>Iz toga je izveden izraz <em>silatujuq<\/em>, koji ozna\u010dava pametnog, mudrog \u010dovjeka, doslovno onoga koji posjeduje Silu. Ta tvorba rije\u010di klju\u010dna je za fenomenologiju religije, jer pokazuje da se mudrost tu prije svega razumije kao posjedovanje Sile, a manje kao spoznajno postignu\u0107e.<\/p><p>Da isti korijen nosi i meteorolo\u0161ko i intelektualno zna\u010denje, nije jezi\u010dnopovijesna slu\u010dajnost. U znanosti se u tome vidi autohtona teorija spoznaje, u kojoj pravilna procjena okoline i pravilno mi\u0161ljenje \u010dine jedinstvo.<\/p><p>Ko ne znade pro\u010ditati vrijeme, nije pametan, i obrnuto: ko nije pametan, ne primje\u0107uje znakove vremena. Ta povezanost fenomenolo\u0161ki je jedinstvena pojava bez izravne paralele u europskim jezicima.<\/p><p>U religijskom govoru dodatno se javlja slo\u017eeni izraz <em>sila inua<\/em>, doslovno osoba Sile ili \u010dovjek vremena. Taj izraz ozna\u010dava kvazi-osobnu instancu kojoj se u \u0161amanskom govoru mo\u017ee obratiti, bez da time nastaje potpuno razvijena bo\u017eanska figura.<\/p><p>Ta lebdjenja izme\u0111u na\u010dela i osobe znanstveno su posebno pou\u010dna i odgovaraju vrsti modalne <span class=\"iwg-fachbegriff\" data-tooltip=\"Znanstveno u\u010denje o Bogu i o vjerovanju odre\u0111ene religije.\" tabindex=\"0\">teologije<\/span>: Sili se, ovisno o kontekstu, pripisuje vi\u0161e ili manje osobnih obilje\u017eja.<\/p>\t\t\t\t\t\t\t\t<\/div>\n\t\t\t\t<\/div>\n\t\t\t\t\t<\/div>\n\t\t\t\t<\/div>\n\t\t<div class=\"elementor-element elementor-element-iwgw-sila-s2 e-flex e-con-boxed e-con e-parent\" data-id=\"iwgw-sila-s2\" data-element_type=\"container\" data-e-type=\"container\">\n\t\t\t\t\t<div class=\"e-con-inner\">\n\t\t\t\t<div class=\"elementor-element elementor-element-iwgw-sila-s2h elementor-widget elementor-widget-heading\" data-id=\"iwgw-sila-s2h\" data-element_type=\"widget\" data-e-type=\"widget\" data-widget_type=\"heading.default\">\n\t\t\t\t\t<h2 class=\"elementor-heading-title elementor-size-default\">Opis u etnografskim izvorima<\/h2>\t\t\t\t<\/div>\n\t\t<div class=\"elementor-element elementor-element-iwgw-sila-s2c e-con-full e-flex e-con e-child\" data-id=\"iwgw-sila-s2c\" data-element_type=\"container\" data-e-type=\"container\">\n\t\t\t\t<div class=\"elementor-element elementor-element-iwgw-sila-s2t elementor-widget elementor-widget-text-editor\" data-id=\"iwgw-sila-s2t\" data-element_type=\"widget\" data-e-type=\"widget\" data-widget_type=\"text-editor.default\">\n\t\t\t\t\t\t\t\t\t<p>Najstariji i najdetaljniji opisi Sile potje\u010du iz Rasmussenovih razgovora s iglulik \u0161amanima Auom, Ivaluardjukom i Kibkarjukom u 1920-im godinama.<\/p><p>Aua je Rasmussenu objasnio da je Sila mo\u0107 \u010diji je glas tako tih da ga \u010duju samo djeca, a \u010dija se poruka, kad se javi, mo\u017ee pretvoriti u oluju, snje\u017enu vijavicu i glad. Ta izjava postala je u znanstvenom standardnom repertoaru o arkti\u010dkoj religiji klasi\u010dno mjesto.<\/p><p>Sila je prema tome u svakom pogledu bila istovremeno okolno vrijeme i budna instanca koja bilje\u017ei ljudsko pona\u0161anje. Drugi iglulik <span class=\"iwg-fachbegriff\" data-tooltip=\"Religijski specijalist kojemu se pripisuje posredovanje izme\u0111u ljudi i svijeta duhova.\" tabindex=\"0\">\u0161aman<\/span> rekao je: Mrtvi, sunce i mjesec, svi oni pripadaju Sili, jer sve \u0161to se dogodilo jest Sila.<\/p><p>Iz toga Merkur zaklju\u010duje da je Sila u iglulik <span class=\"iwg-fachbegriff\" data-tooltip=\"Znanstveno u\u010denje o Bogu i o vjerovanju odre\u0111ene religije.\" tabindex=\"0\">teologiji<\/span> vrsta monisti\u010dkog pozadinskog na\u010dela koje obuhva\u0107a osobna bo\u017eanstva, ne apsorbiraju\u0107i ih. Ta interpretacija je znanstveno kontroverzna, ali je u kasnijim istra\u017eivanjima imala znatan utjecaj.<\/p><p>Na Grenlandu Hinrich Rink prenosi pojam u obliku <em>silap inua<\/em>, u srednjokanadskoj tundri kao <em>sila<\/em>, a kod Mackenzie Inuita djelomi\u010dno kao <em>hila<\/em>. Unato\u010d dijalektalnim razlikama, religijska funkcija ostaje dosljedna.<\/p><p>Stabilnost pojma kroz tisu\u0107e kilometara znanstveno je izuzetno zapa\u017eena i upu\u0107uje na veoma stari konceptualni slog, koji vjerojatno se\u017ee u praeskimosko-aleutski jezi\u010dni stupanj i tako bi mogao biti stariji od nekoliko tisu\u0107lje\u0107a.<\/p>\t\t\t\t\t\t\t\t<\/div>\n\t\t\t\t<\/div>\n\t\t\t\t\t<\/div>\n\t\t\t\t<\/div>\n\t\t<div class=\"elementor-element elementor-element-iwgw-sila-s3 e-flex e-con-boxed e-con e-parent\" data-id=\"iwgw-sila-s3\" data-element_type=\"container\" data-e-type=\"container\">\n\t\t\t\t\t<div class=\"e-con-inner\">\n\t\t\t\t<div class=\"elementor-element elementor-element-iwgw-sila-s3h elementor-widget elementor-widget-heading\" data-id=\"iwgw-sila-s3h\" data-element_type=\"widget\" data-e-type=\"widget\" data-widget_type=\"heading.default\">\n\t\t\t\t\t<h2 class=\"elementor-heading-title elementor-size-default\">Sila kao vrijeme i kozmolo\u0161ko na\u010delo<\/h2>\t\t\t\t<\/div>\n\t\t<div class=\"elementor-element elementor-element-iwgw-sila-s3c e-con-full e-flex e-con e-child\" data-id=\"iwgw-sila-s3c\" data-element_type=\"container\" data-e-type=\"container\">\n\t\t\t\t<div class=\"elementor-element elementor-element-iwgw-sila-s3t elementor-widget elementor-widget-text-editor\" data-id=\"iwgw-sila-s3t\" data-element_type=\"widget\" data-e-type=\"widget\" data-widget_type=\"text-editor.default\">\n\t\t\t\t\t\t\t\t\t<p>U svakodnevnom \u017eivotu Arktika, Sila kao vremenske prilike odlu\u010duje o \u017eivotu i smrti. Nagli whiteout, blizzardi, pucanje morskog leda smatraju se izrazom instance koja reagira na ljudsko pona\u0161anje, a nikako slu\u010dajnim prirodnim doga\u0111ajima.<\/p><p>Znanstveno gledano, to nije <span class=\"iwg-fachbegriff\" data-tooltip=\"Predstava prema kojoj i \u017eivotinje, biljke i stvari imaju du\u0161u.\" tabindex=\"0\">animizam<\/span> u klasi\u010dnom smislu, nego ekolo\u0161ka <span class=\"iwg-fachbegriff\" data-tooltip=\"Znanstvena nauka o Bogu i o vjerovanju neke religije.\" tabindex=\"0\">teologija<\/span>, u kojoj se vrijeme smatra veli\u010dinom kojoj se mo\u017ee obra\u0107ati kao osobi. Ta razlika prema <span class=\"iwg-fachbegriff\" data-tooltip=\"Predstava prema kojoj i \u017eivotinje, biljke i stvari imaju du\u0161u.\" tabindex=\"0\">animizmu<\/span> starijih istra\u017eiva\u010dkih definicija analiti\u010dki je va\u017ena.<\/p><p>Kozmolo\u0161ki se Sila u nekim iglulik\u0161kim iskazima opisuje kao biv\u0161i velikan koji je nakon smrti ra\u0161iren po svijetu i \u010diji dah sada pokre\u0107e vjetar.<\/p><p>Druge pri\u010de poznaju Silu samo kao okolni element, bez genealo\u0161ke pri\u010de. Ta razlika znanstveno nije proturje\u010dje, nego odraz \u010dinjenice da inuitska religija nije dogmatski sustav, nego \u017eivi u usmenoj tradiciji i oblikuje se ovisno o kontekstu.<\/p><p>Va\u017ena je isprepletenost s drugim instancama. Sila stoji pored <a href=\"https:\/\/iwell-guard.com\/hr\/?page_id=149735\">Sedne<\/a> kao gospodarice morskih \u017eivotinja, pored <a href=\"https:\/\/iwell-guard.com\/hr\/?page_id=149742\">Igaluka<\/a>, mjeseca, i pored <a href=\"https:\/\/iwell-guard.com\/hr\/?page_id=149740\">Pinge<\/a>, koja bdije nad kopnenim \u017eivotinjama.<\/p><p>Mo\u0107 je raspodijeljena, Sila predstavlja sveobuhvatni okvir. Ta raspodjela je religijsko-fenomenolo\u0161ki zaseban obrazac i inuitsku religiju \u010dini teologijom odnosa, a ne hijerarhijom. Svijet bo\u017eanstava organiziran je poput mre\u017ee, o piramidalnom poretku ne mo\u017ee biti govora.<\/p>\t\t\t\t\t\t\t\t<\/div>\n\t\t\t\t<\/div>\n\t\t\t\t\t<\/div>\n\t\t\t\t<\/div>\n\t\t<div class=\"elementor-element elementor-element-iwgw-sila-s4 e-flex e-con-boxed e-con e-parent\" data-id=\"iwgw-sila-s4\" data-element_type=\"container\" data-e-type=\"container\">\n\t\t\t\t\t<div class=\"e-con-inner\">\n\t\t\t\t<div class=\"elementor-element elementor-element-iwgw-sila-s4h elementor-widget elementor-widget-heading\" data-id=\"iwgw-sila-s4h\" data-element_type=\"widget\" data-e-type=\"widget\" data-widget_type=\"heading.default\">\n\t\t\t\t\t<h2 class=\"elementor-heading-title elementor-size-default\">Sila kao razum i eti\u010dka instanca<\/h2>\t\t\t\t<\/div>\n\t\t<div class=\"elementor-element elementor-element-iwgw-sila-s4c e-con-full e-flex e-con e-child\" data-id=\"iwgw-sila-s4c\" data-element_type=\"container\" data-e-type=\"container\">\n\t\t\t\t<div class=\"elementor-element elementor-element-iwgw-sila-s4t elementor-widget elementor-widget-text-editor\" data-id=\"iwgw-sila-s4t\" data-element_type=\"widget\" data-e-type=\"widget\" data-widget_type=\"text-editor.default\">\n\t\t\t\t\t\t\t\t\t<p>Semanti\u010dka dvosmislenost \u010dini Silu eti\u010dkom veli\u010dinom. Onaj tko prekr\u0161i <em>pittailiniq<\/em>, tabue, izgubit \u0107e \u017eivotinje, a osim toga i svoju silu, odnosno postat \u0107e nerazuman, pogre\u0161no procjenjivati vrijeme, izgubiti se, smrznuti se.<\/p><p>Pogre\u0161ka razuma i vremenska nesre\u0107a time su dva pojavna oblika istog kr\u0161enja svjetskog poretka. Ta isprepletenost znanstveno je duboko zna\u010dajna, jer pokazuje da inuitska etika funkcionira preko kategorija razboritosti, a ne preko kategorija krivnje.<\/p><p>Kod Iglulika Rasmussen navodi pojam koji opisuje kao inuitski stoicizam: pravi stav u oluji je strpljivo, jasno, sili sukladno podno\u0161enje, a ne o\u010dajno oduprijeti se vjetru.<\/p><p>Onaj koji pro\u0111e kroz vrijeme bez da izgubi svoju silu, ne\u0107e se smrznuti. Disciplina obuzdavanja afekata religijski je oblik predanosti Sili. Ta kontrola afekata izazvala je znatnu raspravu u etnopsiholo\u0161kim istra\u017eivanjima.<\/p><p>Ova veza izme\u0111u vremena, razuma i eti\u010dke samodiscipline privukla je znatnu pa\u017enju u filozofiji religije druge polovice 20. stolje\u0107a, primjerice u radovima Merkura i u raspravi o arkti\u010dkoj <span class=\"iwg-fachbegriff\" data-tooltip=\"Netjelesno bi\u0107e kojemu se pripisuje djelovanje u svijetu.\" tabindex=\"0\">duhovnoj<\/span> ekologiji kod Tima Ingolda.<\/p><p>Strukturna blizina anti\u010dkim stoi\u010dkim etikama je upadljiva, ali ne bi trebala voditi prebrzoj identifikaciji, jer su kulturno-povijesni konteksti razli\u010diti i inuitska etika proiza\u0161la je iz druk\u010dije povijesne situacije.<\/p>\t\t\t\t\t\t\t\t<\/div>\n\t\t\t\t<\/div>\n\t\t\t\t\t<\/div>\n\t\t\t\t<\/div>\n\t\t<div class=\"elementor-element elementor-element-iwgw-sila-s5 e-flex e-con-boxed e-con e-parent\" data-id=\"iwgw-sila-s5\" data-element_type=\"container\" data-e-type=\"container\">\n\t\t\t\t\t<div class=\"e-con-inner\">\n\t\t\t\t<div class=\"elementor-element elementor-element-iwgw-sila-s5h elementor-widget elementor-widget-heading\" data-id=\"iwgw-sila-s5h\" data-element_type=\"widget\" data-e-type=\"widget\" data-widget_type=\"heading.default\">\n\t\t\t\t\t<h2 class=\"elementor-heading-title elementor-size-default\">\u0160amanska praksa i vremenski ritual<\/h2>\t\t\t\t<\/div>\n\t\t<div class=\"elementor-element elementor-element-iwgw-sila-s5c e-con-full e-flex e-con e-child\" data-id=\"iwgw-sila-s5c\" data-element_type=\"container\" data-e-type=\"container\">\n\t\t\t\t<div class=\"elementor-element elementor-element-iwgw-sila-s5t elementor-widget elementor-widget-text-editor\" data-id=\"iwgw-sila-s5t\" data-element_type=\"widget\" data-e-type=\"widget\" data-widget_type=\"text-editor.default\">\n\t\t\t\t\t\t\t\t\t<p>Angakkuit, \u0161amani, imali su uz putovanje do Sedne jo\u0161 jednu zada\u0107u, manje dramati\u010dnu, ali svakodnevno bli\u017eu: smirivanje ili poticanje vremena. Ta praksa bila je upu\u0107ena Sili.<\/p><p>Kad je prijetila oluja, <span class=\"iwg-fachbegriff\" data-tooltip=\"Religijski specijalist kojemu se pripisuje posredovanje izme\u0111u ljudi i svijeta duhova.\" tabindex=\"0\">\u0161aman<\/span> je mogao u\u0107i u trans i zazvati Silu, nekad zadr\u017eavaju\u0107i dah, nekad udaraju\u0107i bi\u010dem od tuljanove ko\u017ee po zraku. Te su prakse dokumentirane manje dramati\u010dno od putovanja do Sedne, ali su u svakodnevici religijske prakse jednako zna\u010dajne.<\/p><p>Druge prakse sastojale su se od crtanja malih slika ili izgovaranja starih rije\u010di koje su se smatrale oblicima Sile. Va\u017ean je bio stav: Silu se ne moli, prema Sili se pravilno postavlja.<\/p><p>Razlika prema magijsko-instrumentalnoj <span class=\"iwg-fachbegriff\" data-tooltip=\"Jezi\u010dni ritual kojim se treba prizvati ili vezati neka mo\u0107.\" tabindex=\"0\">zazivanju<\/span> znanstveno je presudna i razlikuje inuitsku praksu od srodnih sibirskih tradicija, u kojima je zazivanje vremena \u010desto bilo konkretnije i manipulativnije oblikovano.<\/p><p><span class=\"iwg-fachbegriff\" data-tooltip=\"Koji odbija zlo: odnosi se na znakove i predmete koji trebaju dr\u017eati podalje \u0161tetne utjecaje.\" tabindex=\"0\">Apotropejski<\/span> su Inuiti djelovali i jezikom. Odre\u0111ene rije\u010di prema Sili bile su tabu, druge su se morale izgovarati. Onaj tko je koreo dijete, nije govorio preo\u0161tro, jer je Sila to mogla zabilje\u017eiti i vrijeme bi se zatim okrenulo protiv onoga koji kori.<\/p><p>Ova fina konstelacija pokazuje kako su religijski poredak, odgoj i regulacija vremena bili me\u0111usobno isprepleteni. Znanstveno je to paradigmatski primjer sveprisutne religioznosti koja nije ograni\u010dena na ritualne otoke.<\/p>\t\t\t\t\t\t\t\t<\/div>\n\t\t\t\t<\/div>\n\t\t\t\t\t<\/div>\n\t\t\t\t<\/div>\n\t\t<div class=\"elementor-element elementor-element-iwgw-sila-s6 e-flex e-con-boxed e-con e-parent\" data-id=\"iwgw-sila-s6\" data-element_type=\"container\" data-e-type=\"container\">\n\t\t\t\t\t<div class=\"e-con-inner\">\n\t\t\t\t<div class=\"elementor-element elementor-element-iwgw-sila-s6h elementor-widget elementor-widget-heading\" data-id=\"iwgw-sila-s6h\" data-element_type=\"widget\" data-e-type=\"widget\" data-widget_type=\"heading.default\">\n\t\t\t\t\t<h2 class=\"elementor-heading-title elementor-size-default\">Sila u usporedbi s drugim konceptima vremena<\/h2>\t\t\t\t<\/div>\n\t\t<div class=\"elementor-element elementor-element-iwgw-sila-s6c e-con-full e-flex e-con e-child\" data-id=\"iwgw-sila-s6c\" data-element_type=\"container\" data-e-type=\"container\">\n\t\t\t\t<div class=\"elementor-element elementor-element-iwgw-sila-s6t elementor-widget elementor-widget-text-editor\" data-id=\"iwgw-sila-s6t\" data-element_type=\"widget\" data-e-type=\"widget\" data-widget_type=\"text-editor.default\">\n\t\t\t\t\t\t\t\t\t<p>Znanstveno je Sila poseban jer se ne mo\u017ee usporediti ni s mediteranskim tipom Zeusa ni s indoeuropskim modelom boga groma. Srodniji je kineskom <em><span class=\"iwg-fachbegriff\" data-tooltip=\"U kineskoj predod\u017ebi djelatna \u017eivotna sila koja pro\u017eima sve.\" tabindex=\"0\">qiju<\/span><\/em>, stoi\u010dkoj <em>pneumi<\/em> i polinezijskoj <em>mani<\/em>, no specifi\u010dno je arkti\u010dki usidren u ovisnosti lova\u010dkog dru\u0161tva o vremenu. Ta je usporedivost religijskofenomenolo\u0161ki produktivna, ali ne bi trebala prerano dovesti do univerzalisti\u010dkih konstrukcija.<\/p><p>Unutar cirkumpolarne regije najbli\u017ea paralela pokazuje se u samskoj predod\u017ebi <em>Ilmarisa<\/em> ili nenetskom <em>Numu<\/em>, koji tako\u0111er obuhva\u0107a vrijeme i nebo kao monisti\u010dko na\u010delo.<\/p><p>I ovdje je personalizacija slaba, dok je doseg pojma velik. Ta se podudarnost name\u0107e kao trag stare cirkumpolarne slojevitosti religijskog oblikovanja pojmova \u010dija povijest jo\u0161 nije u potpunosti istra\u017eena.<\/p><p>Poveznica s europskom filozofijom prirode povla\u010dena je vi\u0161e puta. Hugh Brody i Tim Ingold argumentirali su da se Sila mo\u017ee \u010ditati kao autohtona varijanta \u0161irokog pojma atmosferskog, koji se u zapadnoj fenomenologiji javlja primjerice kod Hermanna Schmitza ili Gernota B\u00f6hmea.<\/p><p>Religijska dubina Sile ipak nadilazi svaku zapadnu filozofiju atmosfere, jer djeluje izvan opisnog i ima izravnu prakti\u010dnu relevantnost.<\/p>\t\t\t\t\t\t\t\t<\/div>\n\t\t\t\t<\/div>\n\t\t\t\t\t<\/div>\n\t\t\t\t<\/div>\n\t\t<div class=\"elementor-element elementor-element-iwgw-sila-s7 e-flex e-con-boxed e-con e-parent\" data-id=\"iwgw-sila-s7\" data-element_type=\"container\" data-e-type=\"container\">\n\t\t\t\t\t<div class=\"e-con-inner\">\n\t\t\t\t<div class=\"elementor-element elementor-element-iwgw-sila-s7h elementor-widget elementor-widget-heading\" data-id=\"iwgw-sila-s7h\" data-element_type=\"widget\" data-e-type=\"widget\" data-widget_type=\"heading.default\">\n\t\t\t\t\t<h2 class=\"elementor-heading-title elementor-size-default\">Sila i klimatske promjene<\/h2>\t\t\t\t<\/div>\n\t\t<div class=\"elementor-element elementor-element-iwgw-sila-s7c e-con-full e-flex e-con e-child\" data-id=\"iwgw-sila-s7c\" data-element_type=\"container\" data-e-type=\"container\">\n\t\t\t\t<div class=\"elementor-element elementor-element-iwgw-sila-s7t elementor-widget elementor-widget-text-editor\" data-id=\"iwgw-sila-s7t\" data-element_type=\"widget\" data-e-type=\"widget\" data-widget_type=\"text-editor.default\">\n\t\t\t\t\t\t\t\t\t<p>Od 1990-ih Sila je postala sredi\u0161nji pojam inuitskog govora o klimi. Inuitski starci, primjerice u izvje\u0161tajima Inuit Tapiriit Kanatami i Inuit Circumpolar Council, opisuju klimatske promjene prije svega kao gubitak predvidljivosti Sile, a manje kao porast temperature. Vrijeme postaje nepredvidljivo, \u0161to istovremeno zna\u010di da vi\u0161e ne odgovara predanoj razumnosti.<\/p><p>Znanstveno je to zanimljivo jer se tradicionalni religijski pojam pretvara u jezik ekolo\u0161ke krize, bez da vodi u fundamentalisti\u010dku obnovu. Znanstvenica Sheila Watt-Cloutier u djelu <em>The Right to Be Cold<\/em> koristi Silu kao prijevodni pojam za me\u0111unarodnu klimatsku raspravu, \u010dime pokazuje kako autohtoni religijski koncepti mogu postati globalno politi\u010dki djelatni.<\/p><p>Ta aktualnost pokazuje da Sila nije pro\u0161li religijski fenomen, nego \u017eiv i mijenjaju\u0107i se pojam. Inuitska nauka o etici vremena tako se susre\u0107e s globalnim znanstvenim i politi\u010dkim raspravama, bez gubitka vlastite dubine.<\/p><p>Znanstveno je to paradigmatski primjer aktiviranja tradicionalnih pojmova za suvremene globalne rasprave, koji ima metodolo\u0161ki zna\u010daj daleko izvan inuitske tradicije.<\/p>\t\t\t\t\t\t\t\t<\/div>\n\t\t\t\t<\/div>\n\t\t\t\t\t<\/div>\n\t\t\t\t<\/div>\n\t\t<div class=\"elementor-element elementor-element-iwgw-sila-s8 e-flex e-con-boxed e-con e-parent\" data-id=\"iwgw-sila-s8\" data-element_type=\"container\" data-e-type=\"container\">\n\t\t\t\t\t<div class=\"e-con-inner\">\n\t\t\t\t<div class=\"elementor-element elementor-element-iwgw-sila-s8h elementor-widget elementor-widget-heading\" data-id=\"iwgw-sila-s8h\" data-element_type=\"widget\" data-e-type=\"widget\" data-widget_type=\"heading.default\">\n\t\t\t\t\t<h2 class=\"elementor-heading-title elementor-size-default\">Povijest istra\u017eivanja i recepcija<\/h2>\t\t\t\t<\/div>\n\t\t<div class=\"elementor-element elementor-element-iwgw-sila-s8c e-con-full e-flex e-con e-child\" data-id=\"iwgw-sila-s8c\" data-element_type=\"container\" data-e-type=\"container\">\n\t\t\t\t<div class=\"elementor-element elementor-element-iwgw-sila-s8t elementor-widget elementor-widget-text-editor\" data-id=\"iwgw-sila-s8t\" data-element_type=\"widget\" data-e-type=\"widget\" data-widget_type=\"text-editor.default\">\n\t\t\t\t\t\t\t\t\t<p>Istra\u017eivanje Sile prolazi kroz tri faze. Polarni istra\u017eiva\u010di kasnog 19. i ranog 20. stolje\u0107a najprije su fragmentarno dokumentirali pojam (Boas, Rink, Birket-Smith). Rasmussen je 1929. dao temelj koji je desetlje\u0107ima ostao neupitan. Daniel Merkur i Mircea Eliade izgradili su na tome znanstvenu sintezu koja je bila <span class=\"iwg-fachbegriff\" data-tooltip=\"Ono \u0161to pripada obvezuju\u0107e prihva\u0107enom skupu spisa neke religije.\" tabindex=\"0\">kanonska<\/span> za drugu polovicu 20. stolje\u0107a.<\/p><p>Od 1990-ih Fr\u00e9d\u00e9ric Laugrand i Jarich Oosten posve\u0107uju se detaljnijem regionalnom razlikovanju pojma Sila. Pokazuju da Iglulik, Netsilik, Baffin i Grenland razvijaju blago razli\u010dite konotacije, bez da se osnovna struktura raspada.<\/p><p>\u010cetvrta faza obilje\u017eava ekolo\u0161ku i politi\u010dku aktualizaciju od 2000-ih, u kojoj same inuitske autorice i autori objavljuju o Sili i time znatno mijenjaju stanje istra\u017eivanja.<\/p><p>Unutar samog inuitskog kulturnog prostora Sila je u\u0161la u \u0161kolsko i visoko\u0161kolsko obrazovanje. Preno\u0161enje pojma mla\u0111oj generaciji danas je dio svjesnog o\u010duvanja jezika i znanja, koje znanost pratiti, ali ne zamjenjuje.<\/p><p>Ta dvostrukost izme\u0111u autohtone zajednice znanja i akademskog istra\u017eivanja religijskofenomenolo\u0161ki je zaseban aspekt i primjer postkolonijalnog preoblikovanja <span class=\"iwg-fachbegriff\" data-tooltip=\"Znanost koja istra\u017euje religije uspore\u0111uju\u0107i ih, bez vjerske pripadnosti.\" tabindex=\"0\">religiologije<\/span>.<\/p>\t\t\t\t\t\t\t\t<\/div>\n\t\t\t\t<\/div>\n\t\t\t\t\t<\/div>\n\t\t\t\t<\/div>\n\t\t<div class=\"elementor-element elementor-element-iwgw-sila-s9 e-flex e-con-boxed e-con e-parent\" data-id=\"iwgw-sila-s9\" data-element_type=\"container\" data-e-type=\"container\">\n\t\t\t\t\t<div class=\"e-con-inner\">\n\t\t\t\t<div class=\"elementor-element elementor-element-iwgw-sila-s9h elementor-widget elementor-widget-heading\" data-id=\"iwgw-sila-s9h\" data-element_type=\"widget\" data-e-type=\"widget\" data-widget_type=\"heading.default\">\n\t\t\t\t\t<h2 class=\"elementor-heading-title elementor-size-default\">Poveznice u inuitskom leksikonu<\/h2>\t\t\t\t<\/div>\n\t\t<div class=\"elementor-element elementor-element-iwgw-sila-s9c e-con-full e-flex e-con e-child\" data-id=\"iwgw-sila-s9c\" data-element_type=\"container\" data-e-type=\"container\">\n\t\t\t\t<div class=\"elementor-element elementor-element-iwgw-sila-s9t elementor-widget elementor-widget-text-editor\" data-id=\"iwgw-sila-s9t\" data-element_type=\"widget\" data-e-type=\"widget\" data-widget_type=\"text-editor.default\">\n\t\t\t\t\t\t\t\t\t<p>Tko \u017eeli dublje razumjeti povezanost Sile s drugim instancama, u leksikonu pronalazi natuknice o <a href=\"https:\/\/iwell-guard.com\/hr\/?page_id=149735\">Sedni<\/a>, <a href=\"https:\/\/iwell-guard.com\/hr\/?page_id=149742\">Igaluku<\/a>, <a href=\"https:\/\/iwell-guard.com\/hr\/?page_id=149740\">Pingi<\/a>, <a href=\"https:\/\/iwell-guard.com\/hr\/?page_id=149737\">Tornarssuku<\/a>, <a href=\"https:\/\/iwell-guard.com\/hr\/?page_id=149741\">Nanooku<\/a>, <a href=\"https:\/\/iwell-guard.com\/hr\/?page_id=149738\">Tupilaku<\/a>, <a href=\"https:\/\/iwell-guard.com\/hr\/?page_id=149739\">Anguti<\/a>, <a href=\"https:\/\/iwell-guard.com\/hr\/?page_id=149743\">Malini<\/a> i <a href=\"https:\/\/iwell-guard.com\/hr\/?page_id=149744\">Qailertetangu<\/a>. Nadre\u0111eno tome, kulturno \u010dvori\u0161te <a href=\"https:\/\/iwell-guard.com\/hr\/inuiti-arktik-sedna-tornit-zastita\/\">Inuitska tradicija<\/a> okvir je religijske topografije sredi\u0161nje Arktike.<\/p><p>Tko \u017eeli razumjeti Silu u \u0161irem cirkumpolarnom kontekstu, kod <a href=\"https:\/\/iwell-guard.com\/hr\/sami-i-finougorska-tradicija-noaidi-bubanj\/\">samskih<\/a> pojmova vremena i atmosfere pronalazi va\u017ene paralele, posebno u konstelaciji Beaivi-Sara.<\/p>\t\t\t\t\t\t\t\t<\/div>\n\t\t\t\t<\/div>\n\t\t\t\t\t<\/div>\n\t\t\t\t<\/div>\n\t\t<div class=\"elementor-element elementor-element-cp2cd38ede e-flex e-con-boxed e-con e-parent\" data-id=\"cp2cd38ede\" data-element_type=\"container\" data-e-type=\"container\">\n\t\t\t\t\t<div class=\"e-con-inner\">\n\t\t\t\t<div class=\"elementor-element elementor-element-cp20442d65 elementor-widget elementor-widget-heading\" data-id=\"cp20442d65\" data-element_type=\"widget\" data-e-type=\"widget\" data-widget_type=\"heading.default\">\n\t\t\t\t\t<h2 class=\"elementor-heading-title elementor-size-default\">Zrak, razum i vrijeme: te\u0161ko\u0107a prevo\u0111enja pojma Sila<\/h2>\t\t\t\t<\/div>\n\t\t<div class=\"elementor-element elementor-element-cp2b5f2985 e-flex e-con-boxed e-con e-child\" data-id=\"cp2b5f2985\" data-element_type=\"container\" data-e-type=\"container\">\n\t\t\t\t\t<div class=\"e-con-inner\">\n\t\t\t\t<div class=\"elementor-element elementor-element-cp266dd50f elementor-widget elementor-widget-text-editor\" data-id=\"cp266dd50f\" data-element_type=\"widget\" data-e-type=\"widget\" data-widget_type=\"text-editor.default\">\n\t\t\t\t\t\t\t\t\t<p>Pojam <em>Sila<\/em>, potvr\u0111en u razli\u010ditim zapisima kao <em>Silap Inua<\/em> ili <em>Sila Inua<\/em>, pripada predod\u017ebama inuitskih tradicija koje se posebno postojano izmi\u010du zapadnim prijevodnim kategorijama. Rije\u010d obuhva\u0107a polje zna\u010denja koje se u njema\u010dkome jeziku raspodjeljuje na vi\u0161e odvojenih pojmova.<\/p><p><em>Sila<\/em> mo\u017ee ozna\u010davati vanjski svijet u smislu vremena i klime, mo\u017ee zna\u010diti zrak i nebo, a istovremeno mo\u017ee zna\u010diti razum, um ili svijest. Za dijete koje po\u010dinje postajati razumno mo\u017ee se koristiti izraz koji sadr\u017ei Sila.<\/p><p>Ta \u0161irina zna\u010denja nije manjkavost jezika, nego izraz druga\u010dijeg poimanja svijeta. Sila povezuje ono sveobuhvatno izvana s razumijevanjem iznutra. Predod\u017eba o <em>Silap Inua<\/em>, Inui ili gospodaru Sile, tu vezu zami\u0161lja kao osobnu mo\u0107.<\/p><p>Inua, \u010desto prevo\u0111eno kao vlasnik ili stanovnik, u inuitskim tradicijama ozna\u010dava unutarnju osobu neke mjesta, \u017eivotinje ili pojave. Silap Inua je dakle osobna nutarnja strana \u010ditavog okolnog poretka, a ne bog vremena u europskom smislu.<\/p><p>Knud Rasmussen, koji je tijekom Pete Thule ekspedicije zapisivao razgovore sa \u0161amanima, zabilje\u017eio je nekoliko izjava u kojima se Sila pojavljuje kao velika, neuhvatljiva mo\u0107 koja se ne mo\u017ee oslovljavati obi\u010dnim rije\u010dima i koja se o\u010dituje kroz vrijeme, kroz oluju i kroz pona\u0161anje \u017eivotinja.<\/p><p>Rasmussenovi zapisi vrijedni su, ali su prijevodi prijevoda, posredovani tuma\u010dima i njegovim vlastitim traganjem za uhvatljivom <span class=\"iwg-fachbegriff\" data-tooltip=\"Znanstveni nauk o Bogu i o vjerovanju neke religije.\" tabindex=\"0\">teologijom<\/span>. Neki istra\u017eiva\u010di pretpostavljaju da je zatvorenost s kojom se Sila u dijelu sekundarne literature pojavljuje kao vrhovno bo\u017eanstvo dijelom u\u010dinak same okolnosti zapisivanja.<\/p><p>Za precizan prikaz iz toga slijede dvije stvari. Prvo, Sila se ne bi trebala prenagljeno svoditi na boga vremena, jer bi se time izgubila veza s razumom i \u017eivotnim poretkom, koja je bitna za inuitsku predod\u017ebu.<\/p><p>Drugo, kod svake tvrdnje o Sili treba imati na umu kolonijalno posredovanje. Izvori su oskudni, te\u0161ko provjerljivi jer su jednojezi\u010dni, i obojeni interesom sakuplja\u010da za ure\u0111en religijski sustav.<\/p>\t\t\t\t\t\t\t\t<\/div>\n\t\t\t\t\t<\/div>\n\t\t\t\t<\/div>\n\t\t\t\t\t<\/div>\n\t\t\t\t<\/div>\n\t\t<div class=\"elementor-element elementor-element-iwgw-sila-lit e-flex e-con-boxed e-con e-parent\" data-id=\"iwgw-sila-lit\" data-element_type=\"container\" data-e-type=\"container\">\n\t\t\t\t\t<div class=\"e-con-inner\">\n\t\t\t\t<div class=\"elementor-element elementor-element-iwgw-sila-lith elementor-widget elementor-widget-heading\" data-id=\"iwgw-sila-lith\" data-element_type=\"widget\" data-e-type=\"widget\" data-widget_type=\"heading.default\">\n\t\t\t\t\t<h2 class=\"elementor-heading-title elementor-size-default\">Literatura (izbor)<\/h2>\t\t\t\t<\/div>\n\t\t<div class=\"elementor-element elementor-element-iwgw-sila-litc e-con-full e-flex e-con e-child\" data-id=\"iwgw-sila-litc\" data-element_type=\"container\" data-e-type=\"container\">\n\t\t\t\t<div class=\"elementor-element elementor-element-iwgw-sila-litt elementor-widget elementor-widget-text-editor\" data-id=\"iwgw-sila-litt\" data-element_type=\"widget\" data-e-type=\"widget\" data-widget_type=\"text-editor.default\">\n\t\t\t\t\t\t\t\t\t<ul><li>Knud Rasmussen: <em>Intellectual Culture of the Iglulik Eskimos<\/em> (Kopenhagen 1929)<\/li><li>Daniel Merkur: <em>Powers Which We Do Not Know<\/em> (Moscow ID 1991)<\/li><li>Fr\u00e9d\u00e9ric Laugrand i Jarich Oosten: <em>Inuit Shamanism and Christianity<\/em> (Montreal 2010)<\/li><li>Hinrich Rink: <em>Tales and Traditions of the Eskimo<\/em> (Edinburgh 1875)<\/li><li>Sheila Watt-Cloutier: <em>The Right to Be Cold<\/em> (Toronto 2015)<\/li><li>Tim Ingold: <em>The Perception of the Environment<\/em> (London 2000)<\/li><\/ul>\t\t\t\t\t\t\t\t<\/div>\n\t\t\t\t<\/div>\n\t\t\t\t\t<\/div>\n\t\t\t\t<\/div>\n\t\t<div class=\"elementor-element elementor-element-iwgw-sila-kwd e-flex e-con-boxed e-con e-parent\" data-id=\"iwgw-sila-kwd\" data-element_type=\"container\" data-e-type=\"container\">\n\t\t\t\t\t<div class=\"e-con-inner\">\n\t\t<div class=\"elementor-element elementor-element-iwgw-sila-kwdc e-con-full e-flex e-con e-child\" data-id=\"iwgw-sila-kwdc\" data-element_type=\"container\" data-e-type=\"container\">\n\t\t\t\t<div class=\"elementor-element elementor-element-iwgw-sila-kwdt elementor-widget elementor-widget-text-editor\" data-id=\"iwgw-sila-kwdt\" data-element_type=\"widget\" data-e-type=\"widget\" data-widget_type=\"text-editor.default\">\n\t\t\t\t\t\t\t\t\t<p><em>Srodni klju\u010dni pojmovi: Sila Silap Inua Dah svijeta Princip vremena Inuitski razum Pittailiniq Iglulik.<\/em><\/p>\t\t\t\t\t\t\t\t<\/div>\n\t\t\t\t<\/div>\n\t\t\t\t\t<\/div>\n\t\t\t\t<\/div>\n\t\t<div class=\"elementor-element elementor-element-iwgw-sila-cc e-flex e-con-boxed e-con e-parent\" data-id=\"iwgw-sila-cc\" data-element_type=\"container\" data-e-type=\"container\" id=\"iwg-cc-sila\">\n\t\t\t\t\t<div class=\"e-con-inner\">\n\t\t<div class=\"elementor-element elementor-element-iwgw-sila-ccinner e-flex e-con-boxed e-con e-parent\" data-id=\"iwgw-sila-ccinner\" data-element_type=\"container\" data-e-type=\"container\" data-settings=\"{&quot;background_background&quot;:&quot;classic&quot;}\">\n\t\t\t\t\t<div class=\"e-con-inner\">\n\t\t\t\t<div class=\"elementor-element elementor-element-iwgw-sila-cch elementor-widget elementor-widget-heading\" data-id=\"iwgw-sila-cch\" data-element_type=\"widget\" data-e-type=\"widget\" data-widget_type=\"heading.default\">\n\t\t\t\t\t<h2 class=\"elementor-heading-title elementor-size-default\">iWell Guard i tradicije za\u0161tite<\/h2>\t\t\t\t<\/div>\n\t\t\t\t<div class=\"elementor-element elementor-element-iwgw-sila-cct elementor-widget elementor-widget-text-editor\" data-id=\"iwgw-sila-cct\" data-element_type=\"widget\" data-e-type=\"widget\" data-widget_type=\"text-editor.default\">\n\t\t\t\t\t\t\t\t\t<div data-nosnippet=\"true\"><p>iWell Guard nastavlja se na kulturno-povijesnu tradiciju nosivih za\u0161titnih predmeta, u tradiciji <a href=\"https:\/\/iwell-guard.com\/hr\/inuiti-arktik-sedna-tornit-zastita\/\">Inuita<\/a> i mnogih drugih kultura po svijetu. 41 razina, pravo zlato, platina, srebro, izra\u0111eno u Njema\u010dkoj. 30-dnevno pravo povrata.<\/p><\/div>\t\t\t\t\t\t\t\t<\/div>\n\t\t\t\t<div class=\"elementor-element elementor-element-iwgw-sila-ccb iwg-cc-button iwg-cc-cta-2026-05-13 elementor-widget elementor-widget-jet-button\" data-id=\"iwgw-sila-ccb\" data-element_type=\"widget\" data-e-type=\"widget\" data-widget_type=\"jet-button.default\">\n\t\t\t\t<div class=\"elementor-widget-container\">\n\t\t\t\t\t<div class=\"elementor-jet-button jet-elements\"><div class=\"jet-button__container\"><a class=\"jet-button__instance jet-button__instance--icon-left hover-effect-1\" href=\"\/ueber-iwell-guard\/?utm_source=iwell-guard.com&amp;utm_medium=info-box&amp;utm_campaign=wesen-tradition\"><div class=\"jet-button__plane jet-button__plane-normal\"><\/div><div class=\"jet-button__plane jet-button__plane-hover\"><\/div><div class=\"jet-button__state jet-button__state-normal\"><span class=\"jet-button__label\">Vi\u0161e o iWell Guardu<\/span><\/div><div class=\"jet-button__state jet-button__state-hover\"><span class=\"jet-button__label\">Vi\u0161e o iWell Guardu<\/span><\/div><\/a><\/div><\/div><style>.elementor-element.elementor-element-iwgw-sila-ccb .jet-button__instance{width:320px;height:56px;}.elementor-element.elementor-element-iwgw-sila-ccb .jet-button__state-normal .jet-button__label{text-align:center;margin:0px 0px 0px 0px;color:#1a1b20;font-family:Montserrat,sans-serif;font-size:13px;font-weight:400;letter-spacing:4px;line-height:1.714em;text-transform:uppercase;}.elementor-element.elementor-element-iwgw-sila-ccb .jet-button__state-hover .jet-button__label{text-align:center;margin:0px 0px 0px 0px;color:#FECC76;font-family:Montserrat,sans-serif;font-size:13px;font-weight:400;letter-spacing:4px;line-height:1.714em;text-transform:uppercase;}.elementor-element.elementor-element-iwgw-sila-ccb .jet-button__plane-normal{background-color:#FECC76;border-style:solid;border-color:#C99540;border-width:2px 2px 2px 2px;}.elementor-element.elementor-element-iwgw-sila-ccb .jet-button__plane-hover{background-color:rgba(0,0,0,0.55);border-style:solid;border-color:#FECC76;border-width:2px 2px 2px 2px;}<\/style>\t\t\t\t<\/div>\n\t\t\t\t<\/div>\n\t\t\t\t<div class=\"elementor-element elementor-element-iwgw-sila-ccd elementor-widget elementor-widget-text-editor\" data-id=\"iwgw-sila-ccd\" data-element_type=\"widget\" data-e-type=\"widget\" data-widget_type=\"text-editor.default\">\n\t\t\t\t\t\t\t\t\t<div data-nosnippet=\"true\"><p style=\"text-align:center;font-size:13px;opacity:0.7;margin-top:14px\" data-nosnippet=\"true\">Osobna iskustva mogu se razlikovati. Nije medicinski proizvod. Nema obe\u0107anja izlje\u010denja.<\/p><\/div>\t\t\t\t\t\t\t\t<\/div>\n\t\t\t\t\t<\/div>\n\t\t\t\t<\/div>\n\t\t\t\t\t<\/div>\n\t\t\t\t<\/div>\n\t\t<div class=\"elementor-element elementor-element-iwgw-sila-disc e-flex e-con-boxed e-con e-parent\" data-id=\"iwgw-sila-disc\" data-element_type=\"container\" data-e-type=\"container\">\n\t\t\t\t\t<div class=\"e-con-inner\">\n\t\t\t\t<div class=\"elementor-element elementor-element-iwgw-sila-discw elementor-widget elementor-widget-html\" data-id=\"iwgw-sila-discw\" data-element_type=\"widget\" data-e-type=\"widget\" data-widget_type=\"html.default\">\n\t\t\t\t\t<footer data-nosnippet=\"true\" class=\"iwg-disclaimer-block\"><p data-nosnippet=\"true\">iWell Guard <strong>nije medicinski proizvod<\/strong> i ne zamjenjuje lije\u010dni\u010dko ili psihoterapeutsko lije\u010denje. Religijsko-znanstveni sadr\u017eaji predstavljaju kulturno-povijesnu interpretaciju, a ne preporuku duhovne prakse.<\/p><\/footer>\t\t\t\t<\/div>\n\t\t\t\t\t<\/div>\n\t\t\t\t<\/div>\n\t\t\t\t<\/div>\n\t\t","protected":false},"excerpt":{"rendered":"","protected":false},"author":3,"featured_media":2879,"parent":0,"menu_order":0,"comment_status":"closed","ping_status":"closed","template":"elementor_header_footer","meta":{"_yoast_wpseo_focuskw":"Sila svjetski dah Inuita","_yoast_wpseo_title":"Sila - svjetski dah Inuita, vrijeme i razum","_yoast_wpseo_metadesc":"Sila je arkti\u010dko svjetsko na\u010delo vremena, zraka i razuma. Religiolo\u0161ka analiza s mitom, \u0161amanskom praksom, izvorima i tabuima.","_yoast_wpseo_meta-robots-noindex":"","_yoast_wpseo_canonical":"","_angie_page":false,"gefaehrdungsstufe":"2","wesen_kultur":"inuit","wesen_klasse":"geister","footnotes":""},"categories":[],"class_list":["post-149736","page","type-page","status-publish","has-post-thumbnail","hentry"],"yoast_head":"<!-- This site is optimized with the Yoast SEO Premium plugin v27.7 (Yoast SEO v28.3) - https:\/\/yoast.com\/product\/yoast-seo-premium-wordpress\/ -->\n<title>Sila - svjetski dah Inuita, vrijeme i razum<\/title>\n<meta name=\"description\" content=\"Sila je arkti\u010dko svjetsko na\u010delo vremena, zraka i razuma. Religiolo\u0161ka analiza s mitom, \u0161amanskom praksom, izvorima i tabuima.\" \/>\n<meta name=\"robots\" content=\"index, follow, max-snippet:-1, max-image-preview:large, max-video-preview:-1\" \/>\n<link rel=\"canonical\" href=\"https:\/\/iwell-guard.com\/hr\/sila-svjetski-dah-gospodar-vremena-inuita\/\" \/>\n<meta property=\"og:locale\" content=\"hr_HR\" \/>\n<meta property=\"og:type\" content=\"article\" \/>\n<meta property=\"og:title\" content=\"Sila - svjetski dah i gospodar vremena Inuita\" \/>\n<meta property=\"og:description\" content=\"Sila je arkti\u010dko svjetsko na\u010delo vremena, zraka i razuma. Religiolo\u0161ka analiza s mitom, \u0161amanskom praksom, izvorima i tabuima.\" \/>\n<meta property=\"og:url\" content=\"https:\/\/iwell-guard.com\/hr\/sila-svjetski-dah-gospodar-vremena-inuita\/\" \/>\n<meta property=\"og:site_name\" content=\"iWell Guard\" \/>\n<meta property=\"article:modified_time\" content=\"2026-09-04T05:30:58+00:00\" \/>\n<meta property=\"og:image\" content=\"https:\/\/iwell-guard.com\/wp-content\/uploads\/2026\/05\/geister_inuit_sila.webp\" \/>\n\t<meta property=\"og:image:width\" content=\"1024\" \/>\n\t<meta property=\"og:image:height\" content=\"1536\" \/>\n\t<meta property=\"og:image:type\" content=\"image\/webp\" \/>\n<meta name=\"twitter:card\" content=\"summary_large_image\" \/>\n<script type=\"application\/ld+json\" class=\"yoast-schema-graph\">{\"@context\":\"https:\\\/\\\/schema.org\",\"@graph\":[{\"@type\":\"WebPage\",\"@id\":\"https:\\\/\\\/iwell-guard.com\\\/hr\\\/sila-svjetski-dah-gospodar-vremena-inuita\\\/\",\"url\":\"https:\\\/\\\/iwell-guard.com\\\/hr\\\/sila-svjetski-dah-gospodar-vremena-inuita\\\/\",\"name\":\"Sila - svjetski dah Inuita, vrijeme i razum\",\"isPartOf\":{\"@id\":\"https:\\\/\\\/iwell-guard.com\\\/hr\\\/#website\"},\"primaryImageOfPage\":{\"@id\":\"https:\\\/\\\/iwell-guard.com\\\/hr\\\/sila-svjetski-dah-gospodar-vremena-inuita\\\/#primaryimage\"},\"image\":{\"@id\":\"https:\\\/\\\/iwell-guard.com\\\/hr\\\/sila-svjetski-dah-gospodar-vremena-inuita\\\/#primaryimage\"},\"thumbnailUrl\":\"https:\\\/\\\/iwell-guard.com\\\/wp-content\\\/uploads\\\/2026\\\/05\\\/geister_inuit_sila.webp\",\"datePublished\":\"2026-09-04T05:13:05+00:00\",\"dateModified\":\"2026-09-04T05:30:58+00:00\",\"description\":\"Sila je arkti\u010dko svjetsko na\u010delo vremena, zraka i razuma. Religiolo\u0161ka analiza s mitom, \u0161amanskom praksom, izvorima i tabuima.\",\"breadcrumb\":{\"@id\":\"https:\\\/\\\/iwell-guard.com\\\/hr\\\/sila-svjetski-dah-gospodar-vremena-inuita\\\/#breadcrumb\"},\"inLanguage\":\"hr\",\"potentialAction\":[{\"@type\":\"ReadAction\",\"target\":[\"https:\\\/\\\/iwell-guard.com\\\/hr\\\/sila-svjetski-dah-gospodar-vremena-inuita\\\/\"]}]},{\"@type\":\"ImageObject\",\"inLanguage\":\"hr\",\"@id\":\"https:\\\/\\\/iwell-guard.com\\\/hr\\\/sila-svjetski-dah-gospodar-vremena-inuita\\\/#primaryimage\",\"url\":\"https:\\\/\\\/iwell-guard.com\\\/wp-content\\\/uploads\\\/2026\\\/05\\\/geister_inuit_sila.webp\",\"contentUrl\":\"https:\\\/\\\/iwell-guard.com\\\/wp-content\\\/uploads\\\/2026\\\/05\\\/geister_inuit_sila.webp\",\"width\":1024,\"height\":1536,\"caption\":\"Duhovi iz inuitske tradicije.\"},{\"@type\":\"BreadcrumbList\",\"@id\":\"https:\\\/\\\/iwell-guard.com\\\/hr\\\/sila-svjetski-dah-gospodar-vremena-inuita\\\/#breadcrumb\",\"itemListElement\":[{\"@type\":\"ListItem\",\"position\":1,\"name\":\"Start\",\"item\":\"https:\\\/\\\/iwell-guard.com\\\/hr\\\/?page_id=149317\"},{\"@type\":\"ListItem\",\"position\":2,\"name\":\"Sila &#8211; svjetski dah i gospodar vremena Inuita\"}]},{\"@type\":\"WebSite\",\"@id\":\"https:\\\/\\\/iwell-guard.com\\\/hr\\\/#website\",\"url\":\"https:\\\/\\\/iwell-guard.com\\\/hr\\\/\",\"name\":\"iWell Guard\",\"description\":\"Schutz vor dunklen Einfl\u00fcssen\",\"publisher\":{\"@id\":\"https:\\\/\\\/iwell-guard.com\\\/hr\\\/#organization\"},\"potentialAction\":[{\"@type\":\"SearchAction\",\"target\":{\"@type\":\"EntryPoint\",\"urlTemplate\":\"https:\\\/\\\/iwell-guard.com\\\/hr\\\/?s={search_term_string}\"},\"query-input\":{\"@type\":\"PropertyValueSpecification\",\"valueRequired\":true,\"valueName\":\"search_term_string\"}}],\"inLanguage\":\"hr\"},{\"@type\":\"Organization\",\"@id\":\"https:\\\/\\\/iwell-guard.com\\\/hr\\\/#organization\",\"name\":\"Ittermann electronic GmbH\",\"url\":\"https:\\\/\\\/iwell-guard.com\\\/hr\\\/\",\"logo\":{\"@type\":\"ImageObject\",\"inLanguage\":\"hr\",\"@id\":\"https:\\\/\\\/iwell-guard.com\\\/hr\\\/#\\\/schema\\\/logo\\\/image\\\/\",\"url\":\"https:\\\/\\\/iwell-guard.com\\\/wp-content\\\/uploads\\\/2026\\\/05\\\/Ittermann-Logo-1182x237-1.png\",\"contentUrl\":\"https:\\\/\\\/iwell-guard.com\\\/wp-content\\\/uploads\\\/2026\\\/05\\\/Ittermann-Logo-1182x237-1.png\",\"width\":1182,\"height\":237,\"caption\":\"Ittermann electronic GmbH\"},\"image\":{\"@id\":\"https:\\\/\\\/iwell-guard.com\\\/hr\\\/#\\\/schema\\\/logo\\\/image\\\/\"},\"sameAs\":[\"https:\\\/\\\/pantip.com\\\/profile\\\/9367242\",\"https:\\\/\\\/micro.blog\\\/iwellguard\",\"https:\\\/\\\/www.diggerslist.com\\\/iwellguard\\\/about\",\"https:\\\/\\\/skitterphoto.com\\\/photographers\\\/2870314\\\/iwell-guard\",\"https:\\\/\\\/iwellguard.wordpress.com\\\/2026\\\/06\\\/06\\\/iwell-guard\\\/\",\"https:\\\/\\\/hub.docker.com\\\/u\\\/iwellguard\",\"https:\\\/\\\/www.pinterest.com\\\/iwellguard\\\/\",\"https:\\\/\\\/bit.ly\\\/m\\\/iwellguard\",\"https:\\\/\\\/entre-vos-mains.alsace.eu\\\/profiles\\\/iwellguard\\\/activity\",\"https:\\\/\\\/gravatar.com\\\/reallybeded8fd34\",\"https:\\\/\\\/naijamatta.com\\\/iwellguard\",\"https:\\\/\\\/www.goodreads.com\\\/iwellguard\",\"https:\\\/\\\/profile.hatena.ne.jp\\\/iwellguard\\\/\",\"https:\\\/\\\/experiment.com\\\/users\\\/iwellguard\",\"https:\\\/\\\/wakelet.com\\\/@iWellGuard82270\",\"https:\\\/\\\/www.chordie.com\\\/forum\\\/profile.php?id=2555664\",\"https:\\\/\\\/www.instapaper.com\\\/p\\\/17757966\",\"https:\\\/\\\/www.mapleprimes.com\\\/users\\\/iwellguard\",\"https:\\\/\\\/businesslistingplus.com\\\/profile\\\/iwell-guard\\\/\",\"https:\\\/\\\/telegra.ph\\\/iWell-Guard-06-06\",\"https:\\\/\\\/pbase.com\\\/iwellguard\\\/iwellguard\",\"https:\\\/\\\/b.hatena.ne.jp\\\/iwellguard\\\/20260607#bookmark-4788405196491818882\",\"https:\\\/\\\/fliphtml5.com\\\/home\\\/iwellguard\",\"https:\\\/\\\/anyflip.com\\\/homepage\\\/cmiwl#About\",\"https:\\\/\\\/transfur.com\\\/Users\\\/iwellguard\",\"http:\\\/\\\/delphi.larsbo.org\\\/user\\\/iwellguard\",\"https:\\\/\\\/jobs.lajobsportal.org\\\/profiles\\\/8380803-iwell-guard\",\"https:\\\/\\\/md.chaosdorf.de\\\/s\\\/jfbe5SBdJD\",\"https:\\\/\\\/www.lingvolive.com\\\/en-us\\\/profile\\\/9ecaeaca-ce11-4e51-9e71-01d55e2bff36\\\/translations\",\"https:\\\/\\\/www.fitday.com\\\/fitness\\\/forums\\\/members\\\/iwellguard.html\",\"https:\\\/\\\/www.mymeetbook.com\\\/iwellguard\",\"https:\\\/\\\/pxhere.com\\\/en\\\/photographer-me\\\/5040798\",\"https:\\\/\\\/disqus.com\\\/by\\\/iwellguard\\\/about\\\/\",\"https:\\\/\\\/pastelink.net\\\/hjwciqwq\",\"https:\\\/\\\/pubhtml5.com\\\/homepage\\\/scjhn\\\/\",\"https:\\\/\\\/www.bitchute.com\\\/channel\\\/2O2eOKzNqujT\",\"https:\\\/\\\/audiomack.com\\\/iwellguard\"]},{\"@type\":\"Article\",\"@id\":\"https:\\\/\\\/iwell-guard.com\\\/hr\\\/sila-svjetski-dah-gospodar-vremena-inuita\\\/#article\",\"isPartOf\":{\"@id\":\"https:\\\/\\\/iwell-guard.com\\\/hr\\\/sila-svjetski-dah-gospodar-vremena-inuita\\\/\"},\"author\":{\"name\":\"Ralf Ittermann\",\"@id\":\"https:\\\/\\\/iwell-guard.com\\\/hr\\\/#\\\/schema\\\/person\\\/ee2a27f1cac3406c7c6fb5820cb7349f\"},\"headline\":\"Sila &#8211; svjetski dah i gospodar vremena Inuita\",\"datePublished\":\"2026-09-04T05:13:05+00:00\",\"dateModified\":\"2026-09-04T05:30:58+00:00\",\"mainEntityOfPage\":{\"@id\":\"https:\\\/\\\/iwell-guard.com\\\/hr\\\/sila-svjetski-dah-gospodar-vremena-inuita\\\/\"},\"publisher\":{\"@id\":\"https:\\\/\\\/iwell-guard.com\\\/hr\\\/#organization\"},\"image\":{\"@id\":\"https:\\\/\\\/iwell-guard.com\\\/hr\\\/sila-svjetski-dah-gospodar-vremena-inuita\\\/#primaryimage\"},\"thumbnailUrl\":\"https:\\\/\\\/iwell-guard.com\\\/wp-content\\\/uploads\\\/2026\\\/05\\\/geister_inuit_sila.webp\",\"inLanguage\":\"hr\",\"description\":\"Sila je arkti\u010dko svjetsko na\u010delo vremena, zraka i razuma. Religiolo\u0161ka analiza s mitom, \u0161amanskom praksom, izvorima i tabuima.\"}]}<\/script>\n<!-- \/ Yoast SEO Premium plugin. -->","yoast_head_json":{"title":"Sila - svjetski dah Inuita, vrijeme i razum","description":"Sila je arkti\u010dko svjetsko na\u010delo vremena, zraka i razuma. Religiolo\u0161ka analiza s mitom, \u0161amanskom praksom, izvorima i tabuima.","robots":{"index":"index","follow":"follow","max-snippet":"max-snippet:-1","max-image-preview":"max-image-preview:large","max-video-preview":"max-video-preview:-1"},"canonical":"https:\/\/iwell-guard.com\/hr\/sila-svjetski-dah-gospodar-vremena-inuita\/","og_locale":"hr_HR","og_type":"article","og_title":"Sila - svjetski dah i gospodar vremena Inuita","og_description":"Sila je arkti\u010dko svjetsko na\u010delo vremena, zraka i razuma. Religiolo\u0161ka analiza s mitom, \u0161amanskom praksom, izvorima i tabuima.","og_url":"https:\/\/iwell-guard.com\/hr\/sila-svjetski-dah-gospodar-vremena-inuita\/","og_site_name":"iWell Guard","article_modified_time":"2026-09-04T05:30:58+00:00","og_image":[{"width":1024,"height":1536,"url":"https:\/\/iwell-guard.com\/wp-content\/uploads\/2026\/05\/geister_inuit_sila.webp","type":"image\/webp"}],"twitter_card":"summary_large_image","schema":{"@context":"https:\/\/schema.org","@graph":[{"@type":"Article","@id":"https:\/\/iwell-guard.com\/hr\/sila-svjetski-dah-gospodar-vremena-inuita\/#article","isPartOf":{"@id":"https:\/\/iwell-guard.com\/hr\/sila-svjetski-dah-gospodar-vremena-inuita\/"},"author":{"name":"Ralf Ittermann","@id":"https:\/\/iwell-guard.com\/hr\/#\/schema\/person\/ee2a27f1cac3406c7c6fb5820cb7349f"},"headline":"Sila &#8211; svjetski dah i gospodar vremena Inuita","datePublished":"2026-09-04T05:13:05+00:00","dateModified":"2026-09-04T05:30:58+00:00","mainEntityOfPage":{"@id":"https:\/\/iwell-guard.com\/hr\/sila-svjetski-dah-gospodar-vremena-inuita\/"},"publisher":{"@id":"https:\/\/iwell-guard.com\/hr\/#organization"},"image":{"@id":"https:\/\/iwell-guard.com\/hr\/sila-svjetski-dah-gospodar-vremena-inuita\/#primaryimage"},"thumbnailUrl":"https:\/\/iwell-guard.com\/wp-content\/uploads\/2026\/05\/geister_inuit_sila.webp","inLanguage":"hr","description":"Sila je arkti\u010dko svjetsko na\u010delo vremena, zraka i razuma. Religiolo\u0161ka analiza s mitom, \u0161amanskom praksom, izvorima i tabuima."},{"@type":"WebPage","@id":"https:\/\/iwell-guard.com\/hr\/sila-svjetski-dah-gospodar-vremena-inuita\/","url":"https:\/\/iwell-guard.com\/hr\/sila-svjetski-dah-gospodar-vremena-inuita\/","name":"Sila - svjetski dah Inuita, vrijeme i razum","isPartOf":{"@id":"https:\/\/iwell-guard.com\/hr\/#website"},"primaryImageOfPage":{"@id":"https:\/\/iwell-guard.com\/hr\/sila-svjetski-dah-gospodar-vremena-inuita\/#primaryimage"},"image":{"@id":"https:\/\/iwell-guard.com\/hr\/sila-svjetski-dah-gospodar-vremena-inuita\/#primaryimage"},"thumbnailUrl":"https:\/\/iwell-guard.com\/wp-content\/uploads\/2026\/05\/geister_inuit_sila.webp","datePublished":"2026-09-04T05:13:05+00:00","dateModified":"2026-09-04T05:30:58+00:00","description":"Sila je arkti\u010dko svjetsko na\u010delo vremena, zraka i razuma. Religiolo\u0161ka analiza s mitom, \u0161amanskom praksom, izvorima i tabuima.","breadcrumb":{"@id":"https:\/\/iwell-guard.com\/hr\/sila-svjetski-dah-gospodar-vremena-inuita\/#breadcrumb"},"inLanguage":"hr","potentialAction":[{"@type":"ReadAction","target":["https:\/\/iwell-guard.com\/hr\/sila-svjetski-dah-gospodar-vremena-inuita\/"]}]},{"@type":"ImageObject","inLanguage":"hr","@id":"https:\/\/iwell-guard.com\/hr\/sila-svjetski-dah-gospodar-vremena-inuita\/#primaryimage","url":"https:\/\/iwell-guard.com\/wp-content\/uploads\/2026\/05\/geister_inuit_sila.webp","contentUrl":"https:\/\/iwell-guard.com\/wp-content\/uploads\/2026\/05\/geister_inuit_sila.webp","width":1024,"height":1536,"caption":"Duhovi iz inuitske tradicije."},{"@type":"BreadcrumbList","@id":"https:\/\/iwell-guard.com\/hr\/sila-svjetski-dah-gospodar-vremena-inuita\/#breadcrumb","itemListElement":[{"@type":"ListItem","position":1,"name":"Start","item":"https:\/\/iwell-guard.com\/hr\/?page_id=149317"},{"@type":"ListItem","position":2,"name":"Sila &#8211; svjetski dah i gospodar vremena Inuita"}]},{"@type":"WebSite","@id":"https:\/\/iwell-guard.com\/hr\/#website","url":"https:\/\/iwell-guard.com\/hr\/","name":"iWell Guard","description":"Schutz vor dunklen Einfl\u00fcssen","publisher":{"@id":"https:\/\/iwell-guard.com\/hr\/#organization"},"potentialAction":[{"@type":"SearchAction","target":{"@type":"EntryPoint","urlTemplate":"https:\/\/iwell-guard.com\/hr\/?s={search_term_string}"},"query-input":{"@type":"PropertyValueSpecification","valueRequired":true,"valueName":"search_term_string"}}],"inLanguage":"hr"},{"@type":"Organization","@id":"https:\/\/iwell-guard.com\/hr\/#organization","name":"Ittermann electronic GmbH","url":"https:\/\/iwell-guard.com\/hr\/","logo":{"@type":"ImageObject","inLanguage":"hr","@id":"https:\/\/iwell-guard.com\/hr\/#\/schema\/logo\/image\/","url":"https:\/\/iwell-guard.com\/wp-content\/uploads\/2026\/05\/Ittermann-Logo-1182x237-1.png","contentUrl":"https:\/\/iwell-guard.com\/wp-content\/uploads\/2026\/05\/Ittermann-Logo-1182x237-1.png","width":1182,"height":237,"caption":"Ittermann electronic GmbH"},"image":{"@id":"https:\/\/iwell-guard.com\/hr\/#\/schema\/logo\/image\/"},"sameAs":["https:\/\/pantip.com\/profile\/9367242","https:\/\/micro.blog\/iwellguard","https:\/\/www.diggerslist.com\/iwellguard\/about","https:\/\/skitterphoto.com\/photographers\/2870314\/iwell-guard","https:\/\/iwellguard.wordpress.com\/2026\/06\/06\/iwell-guard\/","https:\/\/hub.docker.com\/u\/iwellguard","https:\/\/www.pinterest.com\/iwellguard\/","https:\/\/bit.ly\/m\/iwellguard","https:\/\/entre-vos-mains.alsace.eu\/profiles\/iwellguard\/activity","https:\/\/gravatar.com\/reallybeded8fd34","https:\/\/naijamatta.com\/iwellguard","https:\/\/www.goodreads.com\/iwellguard","https:\/\/profile.hatena.ne.jp\/iwellguard\/","https:\/\/experiment.com\/users\/iwellguard","https:\/\/wakelet.com\/@iWellGuard82270","https:\/\/www.chordie.com\/forum\/profile.php?id=2555664","https:\/\/www.instapaper.com\/p\/17757966","https:\/\/www.mapleprimes.com\/users\/iwellguard","https:\/\/businesslistingplus.com\/profile\/iwell-guard\/","https:\/\/telegra.ph\/iWell-Guard-06-06","https:\/\/pbase.com\/iwellguard\/iwellguard","https:\/\/b.hatena.ne.jp\/iwellguard\/20260607#bookmark-4788405196491818882","https:\/\/fliphtml5.com\/home\/iwellguard","https:\/\/anyflip.com\/homepage\/cmiwl#About","https:\/\/transfur.com\/Users\/iwellguard","http:\/\/delphi.larsbo.org\/user\/iwellguard","https:\/\/jobs.lajobsportal.org\/profiles\/8380803-iwell-guard","https:\/\/md.chaosdorf.de\/s\/jfbe5SBdJD","https:\/\/www.lingvolive.com\/en-us\/profile\/9ecaeaca-ce11-4e51-9e71-01d55e2bff36\/translations","https:\/\/www.fitday.com\/fitness\/forums\/members\/iwellguard.html","https:\/\/www.mymeetbook.com\/iwellguard","https:\/\/pxhere.com\/en\/photographer-me\/5040798","https:\/\/disqus.com\/by\/iwellguard\/about\/","https:\/\/pastelink.net\/hjwciqwq","https:\/\/pubhtml5.com\/homepage\/scjhn\/","https:\/\/www.bitchute.com\/channel\/2O2eOKzNqujT","https:\/\/audiomack.com\/iwellguard"]},{"@type":"Person","@id":"https:\/\/iwell-guard.com\/hr\/#\/schema\/person\/ee2a27f1cac3406c7c6fb5820cb7349f","name":"Ralf Ittermann","image":{"@type":"ImageObject","inLanguage":"hr","@id":"https:\/\/secure.gravatar.com\/avatar\/073c0153e350a5005b68eb752b445fea71f6b24a26da9449ad7e155e6b446c9d?s=96&d=mm&r=g","url":"https:\/\/secure.gravatar.com\/avatar\/073c0153e350a5005b68eb752b445fea71f6b24a26da9449ad7e155e6b446c9d?s=96&d=mm&r=g","contentUrl":"https:\/\/secure.gravatar.com\/avatar\/073c0153e350a5005b68eb752b445fea71f6b24a26da9449ad7e155e6b446c9d?s=96&d=mm&r=g","caption":"Ralf Ittermann"},"givenName":"Ralf","familyName":"Ittermann","jobTitle":"Gesch\u00e4ftsf\u00fchrer und redaktioneller Verantwortlicher","url":"https:\/\/iwell-guard.com\/hr\/author\/claude\/","description":"Ralf Ittermann ist Gesch\u00e4ftsf\u00fchrer der Ittermann electronic GmbH und redaktioneller Verantwortlicher des iWell-Guard-Lexikons. Er verbindet langj\u00e4hrige Erfahrung in der Pr\u00e4zisionsfertigung mit medialer Praxis und religionsgeschichtlicher Quellenarbeit.","worksFor":{"@type":"Organization","name":"Ittermann electronic GmbH","url":"https:\/\/ittermann.de\/","address":{"@type":"PostalAddress","streetAddress":"K\u00f6hlergasse 16-18","postalCode":"99842","addressLocality":"Ruhla","addressCountry":"DE"}},"knowsAbout":["Religionsgeschichte","Mythologie","Mediale Praxis","Energetische Diagnostik","Schutzpraxis","Volksglauben","Westliche Esoterik"]},{"@type":"Article","@id":"https:\/\/iwell-guard.com\/hr\/sila-svjetski-dah-gospodar-vremena-inuita\/#article","isPartOf":{"@id":"https:\/\/iwell-guard.com\/hr\/sila-svjetski-dah-gospodar-vremena-inuita\/"},"author":{"name":"Ralf Ittermann","@id":"https:\/\/iwell-guard.com\/hr\/#\/schema\/person\/ee2a27f1cac3406c7c6fb5820cb7349f"},"headline":"Sila &#8211; svjetski dah i gospodar vremena Inuita","datePublished":"2026-09-04T05:13:05+00:00","dateModified":"2026-09-04T05:30:58+00:00","mainEntityOfPage":{"@id":"https:\/\/iwell-guard.com\/hr\/sila-svjetski-dah-gospodar-vremena-inuita\/"},"publisher":{"@id":"https:\/\/iwell-guard.com\/hr\/#organization"},"image":{"@id":"https:\/\/iwell-guard.com\/hr\/sila-svjetski-dah-gospodar-vremena-inuita\/#primaryimage"},"thumbnailUrl":"https:\/\/iwell-guard.com\/wp-content\/uploads\/2026\/05\/geister_inuit_sila.webp","inLanguage":"hr","description":"Sila je arkti\u010dko svjetsko na\u010delo vremena, zraka i razuma. Religiolo\u0161ka analiza s mitom, \u0161amanskom praksom, izvorima i tabuima."}]}},"_links":{"self":[{"href":"https:\/\/iwell-guard.com\/hr\/wp-json\/wp\/v2\/pages\/149736","targetHints":{"allow":["GET"]}}],"collection":[{"href":"https:\/\/iwell-guard.com\/hr\/wp-json\/wp\/v2\/pages"}],"about":[{"href":"https:\/\/iwell-guard.com\/hr\/wp-json\/wp\/v2\/types\/page"}],"author":[{"embeddable":true,"href":"https:\/\/iwell-guard.com\/hr\/wp-json\/wp\/v2\/users\/3"}],"replies":[{"embeddable":true,"href":"https:\/\/iwell-guard.com\/hr\/wp-json\/wp\/v2\/comments?post=149736"}],"version-history":[{"count":0,"href":"https:\/\/iwell-guard.com\/hr\/wp-json\/wp\/v2\/pages\/149736\/revisions"}],"wp:featuredmedia":[{"embeddable":true,"href":"https:\/\/iwell-guard.com\/hr\/wp-json\/wp\/v2\/media\/2879"}],"wp:attachment":[{"href":"https:\/\/iwell-guard.com\/hr\/wp-json\/wp\/v2\/media?parent=149736"}],"wp:term":[{"taxonomy":"category","embeddable":true,"href":"https:\/\/iwell-guard.com\/hr\/wp-json\/wp\/v2\/categories?post=149736"}],"curies":[{"name":"wp","href":"https:\/\/api.w.org\/{rel}","templated":true}]}}