{"id":149735,"date":"2026-09-04T05:13:04","date_gmt":"2026-09-04T05:13:04","guid":{"rendered":"https:\/\/iwell-guard.com\/?page_id=149735"},"modified":"2026-09-04T05:30:58","modified_gmt":"2026-09-04T05:30:58","slug":"sedna-gospodarica-mora-inuita","status":"publish","type":"page","link":"https:\/\/iwell-guard.com\/hr\/sedna-gospodarica-mora-inuita\/","title":{"rendered":"Sedna \u2013 gospodarica mora Inuita"},"content":{"rendered":"\t\t<div data-elementor-type=\"wp-page\" data-elementor-id=\"149735\" class=\"elementor elementor-149735 elementor-2654 elementor-bc-flex-widget\" data-elementor-post-type=\"page\">\n\t\t\t\t<div class=\"elementor-element elementor-element-iwgw-sedna-hero e-flex e-con-boxed e-con e-parent\" data-id=\"iwgw-sedna-hero\" data-element_type=\"container\" data-e-type=\"container\" data-settings=\"{&quot;background_background&quot;:&quot;classic&quot;}\">\n\t\t\t\t\t<div class=\"e-con-inner\">\n\t\t<div class=\"elementor-element elementor-element-iwgw-sedna-hl e-flex e-con-boxed e-con e-child\" data-id=\"iwgw-sedna-hl\" data-element_type=\"container\" data-e-type=\"container\">\n\t\t\t\t\t<div class=\"e-con-inner\">\n\t\t<div class=\"elementor-element elementor-element-iwgw-sedna-htxt e-con-full e-flex e-con e-child\" data-id=\"iwgw-sedna-htxt\" data-element_type=\"container\" data-e-type=\"container\">\n\t\t\t\t<div class=\"elementor-element elementor-element-iwgw-sedna-h1 elementor-widget elementor-widget-heading\" data-id=\"iwgw-sedna-h1\" data-element_type=\"widget\" data-e-type=\"widget\" data-widget_type=\"heading.default\">\n\t\t\t\t\t<h1 class=\"elementor-heading-title elementor-size-default\">Sedna \u2013 gospodarica mora i \u010duvarica \u017eivotinja u inuitskom panteonu<\/h1>\t\t\t\t<\/div>\n\t\t\t\t<div class=\"elementor-element elementor-element-iwgw-sedna-lead elementor-widget elementor-widget-text-editor\" data-id=\"iwgw-sedna-lead\" data-element_type=\"widget\" data-e-type=\"widget\" data-widget_type=\"text-editor.default\">\n\t\t\t\t\t\t\t\t\t<p>Sedna, u polarnoj tradiciji Inuita poznata pod brojnim imenima kao Nuliajuk, Takannakapsaluk ili Arnakuagsak, smatra se gospodaricom morskih \u017eivotinja i ubraja se me\u0111u najgu\u0161\u0107e dokumentirane likove cirkumpolarne povijesti religije. Zapisi Knuda Rasmussena s 5. Thule ekspedicije u\u010dinili su njezin lik klju\u010dnim za svako ozbiljno religijskoznanstveno razmatranje arkti\u010dkih dru\u0161tava opstanka.<\/p>\t\t\t\t\t\t\t\t<\/div>\n\t\t\t\t<\/div>\n\t\t<div class=\"elementor-element elementor-element-iwgw-sedna-pillc e-con-full e-flex e-con e-child\" data-id=\"iwgw-sedna-pillc\" data-element_type=\"container\" data-e-type=\"container\">\n\t\t\t\t<div class=\"elementor-element elementor-element-iwgw-sedna-pills elementor-widget elementor-widget-html\" data-id=\"iwgw-sedna-pills\" data-element_type=\"widget\" data-e-type=\"widget\" data-widget_type=\"html.default\">\n\t\t\t\t\t<div class=\"iwg-pill-row\"><span class=\"iwg-klasse-badge\" tabindex=\"0\" data-tooltip=\"Morsko bi\u0107e tradicije Inuita.\">Morsko bi\u0107e<\/span><a href=\"https:\/\/iwell-guard.com\/hr\/inuiti-arktik-sedna-tornit-zastita\/\" class=\"iwg-kultur-badge\" tabindex=\"0\" data-tooltip=\"Mitologija tradicije Inuita.\">Inuiti<\/a><span class=\"iwg-tradition-badge\" tabindex=\"0\" data-tooltip=\"Gospodarica \u017eivotinja.\">Gospodarica \u017eivotinja<\/span><\/div>\t\t\t\t<\/div>\n\t\t\t\t<\/div>\n\t\t<div class=\"elementor-element elementor-element-iwgw-sedna-tocc e-con-full e-flex e-con e-child\" data-id=\"iwgw-sedna-tocc\" data-element_type=\"container\" data-e-type=\"container\">\n\t\t\t\t<div class=\"elementor-element elementor-element-iwgw-sedna-toc elementor-toc--minimized-on-tablet elementor-widget elementor-widget-table-of-contents\" data-id=\"iwgw-sedna-toc\" data-element_type=\"widget\" data-e-type=\"widget\" data-settings=\"{&quot;headings_by_tags&quot;:[&quot;h2&quot;,&quot;h3&quot;],&quot;minimize_box&quot;:&quot;yes&quot;,&quot;marker_view&quot;:&quot;bullets&quot;,&quot;no_headings_message&quot;:&quot;Na ovoj stranici nisu prona\\u0111eni naslovi.&quot;,&quot;exclude_headings_by_selector&quot;:[],&quot;icon&quot;:{&quot;value&quot;:&quot;fas fa-circle&quot;,&quot;library&quot;:&quot;fa-solid&quot;,&quot;rendered_tag&quot;:&quot;&lt;svg class=\\&quot;e-font-icon-svg e-fas-circle\\&quot; viewBox=\\&quot;0 0 512 512\\&quot; xmlns=\\&quot;http:\\\/\\\/www.w3.org\\\/2000\\\/svg\\&quot;&gt;&lt;path d=\\&quot;M256 8C119 8 8 119 8 256s111 248 248 248 248-111 248-248S393 8 256 8z\\&quot;&gt;&lt;\\\/path&gt;&lt;\\\/svg&gt;&quot;},&quot;minimized_on&quot;:&quot;tablet&quot;,&quot;hierarchical_view&quot;:&quot;yes&quot;,&quot;min_height&quot;:{&quot;unit&quot;:&quot;px&quot;,&quot;size&quot;:&quot;&quot;,&quot;sizes&quot;:[]},&quot;min_height_tablet&quot;:{&quot;unit&quot;:&quot;px&quot;,&quot;size&quot;:&quot;&quot;,&quot;sizes&quot;:[]},&quot;min_height_mobile&quot;:{&quot;unit&quot;:&quot;px&quot;,&quot;size&quot;:&quot;&quot;,&quot;sizes&quot;:[]}}\" data-widget_type=\"table-of-contents.default\">\n\t\t\t\t\t\t\t\t\t<div class=\"elementor-toc__header\">\n\t\t\t\t\t\t<h2 class=\"elementor-toc__header-title\">\n\t\t\t\tSadr\u017eaj\t\t\t<\/h2>\n\t\t\t\t\t\t\t\t\t\t<div class=\"elementor-toc__toggle-button elementor-toc__toggle-button--expand\" role=\"button\" tabindex=\"0\" aria-controls=\"elementor-toc__iwgw-sedna-toc\" aria-expanded=\"true\" aria-label=\"Open table of contents\"><svg aria-hidden=\"true\" class=\"e-font-icon-svg e-fas-chevron-down\" viewBox=\"0 0 448 512\" xmlns=\"http:\/\/www.w3.org\/2000\/svg\"><path d=\"M207.029 381.476L12.686 187.132c-9.373-9.373-9.373-24.569 0-33.941l22.667-22.667c9.357-9.357 24.522-9.375 33.901-.04L224 284.505l154.745-154.021c9.379-9.335 24.544-9.317 33.901.04l22.667 22.667c9.373 9.373 9.373 24.569 0 33.941L240.971 381.476c-9.373 9.372-24.569 9.372-33.942 0z\"><\/path><\/svg><\/div>\n\t\t\t\t<div class=\"elementor-toc__toggle-button elementor-toc__toggle-button--collapse\" role=\"button\" tabindex=\"0\" aria-controls=\"elementor-toc__iwgw-sedna-toc\" aria-expanded=\"true\" aria-label=\"Close table of contents\"><svg aria-hidden=\"true\" class=\"e-font-icon-svg e-fas-chevron-up\" viewBox=\"0 0 448 512\" xmlns=\"http:\/\/www.w3.org\/2000\/svg\"><path d=\"M240.971 130.524l194.343 194.343c9.373 9.373 9.373 24.569 0 33.941l-22.667 22.667c-9.357 9.357-24.522 9.375-33.901.04L224 227.495 69.255 381.516c-9.379 9.335-24.544 9.317-33.901-.04l-22.667-22.667c-9.373-9.373-9.373-24.569 0-33.941L207.03 130.525c9.372-9.373 24.568-9.373 33.941-.001z\"><\/path><\/svg><\/div>\n\t\t\t\t\t<\/div>\n\t\t\t\t<div id=\"elementor-toc__iwgw-sedna-toc\" class=\"elementor-toc__body\">\n\t\t\t<div class=\"elementor-toc__spinner-container\">\n\t\t\t\t<svg class=\"elementor-toc__spinner eicon-animation-spin e-font-icon-svg e-eicon-loading\" aria-hidden=\"true\" viewBox=\"0 0 1000 1000\" xmlns=\"http:\/\/www.w3.org\/2000\/svg\"><path d=\"M500 975V858C696 858 858 696 858 500S696 142 500 142 142 304 142 500H25C25 237 238 25 500 25S975 237 975 500 763 975 500 975Z\"><\/path><\/svg>\t\t\t<\/div>\n\t\t<\/div>\n\t\t\t\t\t\t<\/div>\n\t\t\t\t<\/div>\n\t\t\t\t\t<\/div>\n\t\t\t\t<\/div>\n\t\t<div class=\"elementor-element elementor-element-iwgw-sedna-hr e-con-full e-flex e-con e-child\" data-id=\"iwgw-sedna-hr\" data-element_type=\"container\" data-e-type=\"container\">\n\t\t\t\t<div class=\"elementor-element elementor-element-iwgw-sedna-heroimg iwg-hero-image elementor-widget elementor-widget-image\" data-id=\"iwgw-sedna-heroimg\" data-element_type=\"widget\" data-e-type=\"widget\" data-widget_type=\"image.default\">\n\t\t\t\t\t\t\t\t\t\t\t\t\t\t\t<img fetchpriority=\"high\" decoding=\"async\" width=\"683\" height=\"1024\" src=\"https:\/\/iwell-guard.com\/wp-content\/uploads\/2026\/05\/goetter_inuit_sedna-1-683x1024.webp\" class=\"attachment-large size-large wp-image-151508\" alt=\"Sedna \u2013 bogovi iz inuitske tradicije, povijesno-ilustrativno\" srcset=\"https:\/\/iwell-guard.com\/wp-content\/uploads\/2026\/05\/goetter_inuit_sedna-1-683x1024.webp 683w, https:\/\/iwell-guard.com\/wp-content\/uploads\/2026\/05\/goetter_inuit_sedna-1-200x300.webp 200w, https:\/\/iwell-guard.com\/wp-content\/uploads\/2026\/05\/goetter_inuit_sedna-1-768x1152.webp 768w, https:\/\/iwell-guard.com\/wp-content\/uploads\/2026\/05\/goetter_inuit_sedna-1.webp 1024w\" sizes=\"(max-width: 683px) 100vw, 683px\" \/>\t\t\t\t\t\t\t\t\t\t\t\t\t\t\t<\/div>\n\t\t\t\t<\/div>\n\t\t\t\t\t<\/div>\n\t\t\t\t<\/div>\n\t\t\t\t<section class=\"elementor-section elementor-top-section elementor-element elementor-element-sec-iwgcomp-sedna elementor-section-boxed elementor-section-height-default elementor-section-height-default\" data-id=\"sec-iwgcomp-sedna\" data-element_type=\"section\" data-e-type=\"section\">\n\t\t\t\t\t\t<div class=\"elementor-container elementor-column-gap-default\">\n\t\t\t\t\t<div class=\"elementor-column elementor-col-100 elementor-top-column elementor-element elementor-element-col-iwgcomp-sedna\" data-id=\"col-iwgcomp-sedna\" data-element_type=\"column\" data-e-type=\"column\">\n\t\t\t<div class=\"elementor-widget-wrap elementor-element-populated\">\n\t\t\t\t\t\t<div class=\"elementor-element elementor-element-iwgcomp-sedna elementor-widget elementor-widget-text-editor\" data-id=\"iwgcomp-sedna\" data-element_type=\"widget\" data-e-type=\"widget\" data-widget_type=\"text-editor.default\">\n\t\t\t\t\t\t\t\t\t<p><strong><span class=\"iwg-fachbegriff\" data-tooltip=\"Sveukupnost religijskih obreda \u0161tovanja neke bo\u017eanske ili svete figure.\" tabindex=\"0\">Kult<\/span><\/strong> inuitske gospodarice mora Sedne oblikuje lova\u010dke i za\u0161titne obrede arkti\u010dke regije do danas.<\/p>\t\t\t\t\t\t\t\t<\/div>\n\t\t\t\t\t<\/div>\n\t\t<\/div>\n\t\t\t\t\t<\/div>\n\t\t<\/section>\n\t\t<div class=\"elementor-element elementor-element-iwgw-sedna-s0 e-flex e-con-boxed e-con e-parent\" data-id=\"iwgw-sedna-s0\" data-element_type=\"container\" data-e-type=\"container\">\n\t\t\t\t\t<div class=\"e-con-inner\">\n\t\t\t\t<div class=\"elementor-element elementor-element-iwgw-sedna-s0h elementor-widget elementor-widget-heading\" data-id=\"iwgw-sedna-s0h\" data-element_type=\"widget\" data-e-type=\"widget\" data-widget_type=\"heading.default\">\n\t\t\t\t\t<h2 class=\"elementor-heading-title elementor-size-default\">Uvod i kratki profil<\/h2>\t\t\t\t<\/div>\n\t\t<div class=\"elementor-element elementor-element-iwgw-sedna-s0c e-con-full e-flex e-con e-child\" data-id=\"iwgw-sedna-s0c\" data-element_type=\"container\" data-e-type=\"container\">\n\t\t\t\t<div class=\"elementor-element elementor-element-iwgw-sedna-s0t elementor-widget elementor-widget-text-editor\" data-id=\"iwgw-sedna-s0t\" data-element_type=\"widget\" data-e-type=\"widget\" data-widget_type=\"text-editor.default\">\n\t\t\t\t\t\t\t\t\t<p>Sedna je najistaknutiji numinozni lik centralnoarkti\u010dke <a href=\"https:\/\/iwell-guard.com\/hr\/inuiti-arktik-sedna-tornit-zastita\/\">inuitske<\/a> tradicije. Prema predajama, prebiva na dnu mora i nadzire zalihe tuljana, kitova i mor\u017eeva koje su neophodne za opstanak.<\/p><p>Za razliku od mnogih panarkti\u010dkih bo\u017eanstava, Sedna ima cjelovitu narativnu biografiju koja je prikazuje kao nekada\u0161nju ljudsku \u017eenu \u010dije je saka\u0107enje i potapanje doveli do njezina polo\u017eaja gospodarice \u017eivotinja. Ta narativna dubina \u010dini je slu\u010dajem koji je religijskoznanstveno posebno pogodan za obradu.<\/p><p>Znanstveno se Sedna klasificira kao inkarnacija u Sibiru i Sjevernoj Americi ra\u0161irenog tipa gospodarice \u017eivotinja. Knud Rasmussen, Ann Fienup-Riordan i Daniel Merkur podjednako su pokazali da njezina funkcija nadzora nad divlja\u010di predstavlja sredi\u0161nju ekonomsko-religijsku poveznicu tradicionalnog inuitskog dru\u0161tva. Prema inuitskom vjerovanju, onaj koji kr\u0161i tabue protiv nje zatvara lovi\u0161ta.<\/p><p>Sednina mo\u0107 nije moralno-prosu\u0111uju\u0107a u zapadnom smislu, ve\u0107 je ure\u0111ena reciprocitetom. Ona zadr\u017eava svoje \u017eivotinje ili ih osloba\u0111a, ovisno o tome po\u0161tuje li na\u010din \u017eivota ljudi njezin sustav tabua.<\/p><p>Ta se mehanika u istra\u017eivanjima raspravlja kao religijska ekonomija resursa koja povezuje socijalnu koheziju i regulaciju lova. Time je Sedna istovremeno teolo\u0161ka i dru\u0161tveno-politi\u010dka instanca, \u010dime se razlikuje od mnogih drugih bo\u017eanskih likova.<\/p><p>Jer Sedna posjeduje neobi\u010dno zatvorenu narativnu biografiju, upravo su na njoj noviji znanstveni pristupi testirali pro\u0161irene metode: povezuje etnografsku detaljnost, jezi\u010dnu kritiku izvora i komparativnu perspektivu. Danas u tome bitno sudjeluju znanstvenice i znanstvenici iz same inuitske zajednice, koji preispituju i ispravljaju starija, dijelom kolonijalno obojena tuma\u010denja gospodarice mora.<\/p>\t\t\t\t\t\t\t\t<\/div>\n\t\t\t\t<\/div>\n\t\t\t\t\t<\/div>\n\t\t\t\t<\/div>\n\t\t<div class=\"elementor-element elementor-element-iwgw-sedna-s1 e-flex e-con-boxed e-con e-parent\" data-id=\"iwgw-sedna-s1\" data-element_type=\"container\" data-e-type=\"container\">\n\t\t\t\t\t<div class=\"e-con-inner\">\n\t\t\t\t<div class=\"elementor-element elementor-element-iwgw-sedna-s1h elementor-widget elementor-widget-heading\" data-id=\"iwgw-sedna-s1h\" data-element_type=\"widget\" data-e-type=\"widget\" data-widget_type=\"heading.default\">\n\t\t\t\t\t<h2 class=\"elementor-heading-title elementor-size-default\">Ime, etimologija i regionalne varijante<\/h2>\t\t\t\t<\/div>\n\t\t<div class=\"elementor-element elementor-element-iwgw-sedna-s1c e-con-full e-flex e-con e-child\" data-id=\"iwgw-sedna-s1c\" data-element_type=\"container\" data-e-type=\"container\">\n\t\t\t\t<div class=\"elementor-element elementor-element-iwgw-sedna-s1t elementor-widget elementor-widget-text-editor\" data-id=\"iwgw-sedna-s1t\" data-element_type=\"widget\" data-e-type=\"widget\" data-widget_type=\"text-editor.default\">\n\t\t\t\t\t\t\t\t\t<p>Danas uobi\u010dajeno ime Sedna potje\u010de iz inuktituta regije Baffin, a <span class=\"iwg-fachbegriff\" data-tooltip=\"Pripadaju\u0107e obvezuju\u0107e prihva\u0107enom korpusu spisa jedne religije.\" tabindex=\"0\">kanonski<\/span> je utvr\u0111eno krajem 19. stolje\u0107a zapisima Franza Boasa. Sedninu izvorno <span class=\"iwg-fachbegriff\" data-tooltip=\"Odbojan od zla: o znakovima i predmetima koji trebaju odbiti \u0161tetne utjecaje.\" tabindex=\"0\">apotropejski<\/span> tabuizirano ime u pripovjednim se situacijama \u010desto izbjegava. Umjesto njega kru\u017ee po\u010dasna imena kao Nuliajuk, \u0161to u prijevodu zna\u010di ona kojoj se stalno udvaraju, a koje dominira u regijama Netsilik i Iglulik.<\/p><p>Kod Aivilingmiuta i Iglulingmiuta uobi\u010dajen je oblik Takannakapsaluk, na Grenlandu Arnakuagsak ili Arnarquassaaq. Regionalna raznolikost nadilazi jezi\u010dnu razinu i uz svaku varijantu dolaze pomalo izmijenjeni mitski nizovi.<\/p><p>Tako varijanta s Igluliku sna\u017enije isti\u010de nizove usvajanja i udaje, dok varijanta s Baffina u prvi plan stavlja oca Angutu i dramu s brodom. Na Aljasci postoje srodni koncepti koji se, me\u0111utim, funkcionalno djelomi\u010dno razlikuju od centralnoarkti\u010dke Sedne.<\/p><p>Etimolo\u0161ki, Daniel Merkur ime Nuliajuk tuma\u010di u smislu \u017eene kojoj se duhovi neprestano udvaraju i u tome vidi odraz \u0161amanskog putovanja: <span class=\"iwg-fachbegriff\" data-tooltip=\"Religijski specijalist kojemu se pripisuje posredovanje izme\u0111u ljudi i svijeta duhova.\" tabindex=\"0\">\u0161aman<\/span> je mora potra\u017eiti kao udvara\u010d koji osvaja njezinu naklonost.<\/p><p>Drugi oblici imena odra\u017eavaju funkciju: <em>Arnaq<\/em> jednostavno zna\u010di \u017eena, <em>nuna<\/em> zemlja ili svijet, tako da nadimci kao \u017eena pod morem ostaju semanti\u010dki prozirni. Raznolikost imena odgovara fenomenologiji religije koja bilje\u017ei da se mo\u0107ni numinozni likovi \u010desto oslovljavaju samo opisno.<\/p>\t\t\t\t\t\t\t\t<\/div>\n\t\t\t\t<\/div>\n\t\t\t\t\t<\/div>\n\t\t\t\t<\/div>\n\t\t<div class=\"elementor-element elementor-element-iwgw-sedna-s2 e-flex e-con-boxed e-con e-parent\" data-id=\"iwgw-sedna-s2\" data-element_type=\"container\" data-e-type=\"container\">\n\t\t\t\t\t<div class=\"e-con-inner\">\n\t\t\t\t<div class=\"elementor-element elementor-element-iwgw-sedna-s2h elementor-widget elementor-widget-heading\" data-id=\"iwgw-sedna-s2h\" data-element_type=\"widget\" data-e-type=\"widget\" data-widget_type=\"heading.default\">\n\t\t\t\t\t<h2 class=\"elementor-heading-title elementor-size-default\">Opis i ikonografija<\/h2>\t\t\t\t<\/div>\n\t\t<div class=\"elementor-element elementor-element-iwgw-sedna-s2c e-con-full e-flex e-con e-child\" data-id=\"iwgw-sedna-s2c\" data-element_type=\"container\" data-e-type=\"container\">\n\t\t\t\t<div class=\"elementor-element elementor-element-iwgw-sedna-s2t elementor-widget elementor-widget-text-editor\" data-id=\"iwgw-sedna-s2t\" data-element_type=\"widget\" data-e-type=\"widget\" data-widget_type=\"text-editor.default\">\n\t\t\t\t\t\t\t\t\t<p>Sedna se u sa\u010duvanim pripovijestima opisuje kao golema \u017eena na dnu mora, \u010dije su ruke ili posve nestale ili su se pretvorile u tuljanje peraje.<\/p><p>Njezina kosa je duga, te\u0161ka i trajno zapetljana, jer je bez prstiju vi\u0161e ne mo\u017ee sama po\u010de\u0161ljati. Prema vi\u0161e izvje\u0161taja, upravo iz te zapetljane kose nastaju bolesti i nesta\u0161ica lovnih \u017eivotinja. Ta tjelesna ranjivost predstavlja u religijskoj fenomenologiji zaseban <span class=\"iwg-fachbegriff\" data-tooltip=\"Element sadr\u017eaja koji se ponavlja u umjetnosti ili pripovijedanju.\" tabindex=\"0\">motiv<\/span>.<\/p><p>Vizualni prikazi bili su u tradicionalnoj kulturi Inuita rijetki, jer je figurativno prikazivanje gospodarice mora samo po sebi bilo pod tabuom. Tek je suvremena inuitska umjetnost, od 1950-ih godina, primjerice u Cape Dorsetu (Kinngait) i Pangnirtungu, u\u010dinila Sednu ikonografski prepoznatljivim <span class=\"iwg-fachbegriff\" data-tooltip=\"Element sadr\u017eaja koji se ponavlja u umjetnosti ili pripovijedanju.\" tabindex=\"0\">motivom<\/span>.<\/p><p>Kamene grafike umjetnika poput Ningiukulu Teevee, Kenojuak Ashevak ili Pitseolak Ashoona \u010desto je prikazuju kao bi\u0107e s ljudskim gornjim dijelom tijela i ribljom peraje.<\/p><p>Suvremenu likovnu tradiciju znanstveno treba razlikovati od predkr\u0161\u0107anske tradicije. U Rasmussenovim zapisima \u0161amani izvje\u0161tavaju da su Sednu mogli vidjeti samo u posebnim transnim stanjima te da se svaki preuranjeni prikaz smatrao drskim. Dana\u0161nja likovna tradicija stoga je manje reprodukcija povijesne ikonografije, a vi\u0161e vlastito suvremeno prisvajanje te figure.<\/p><p>Simboli\u010dki su joj pridru\u017eene same vodene \u017eivotinje: prstenaste tuljane, bradate tuljane, mor\u017eeve, bjelune i narvale. U pripovijestima o njezinu nastanku te su \u017eivotinje nastale iz odsje\u010denih zglobova prstiju, etiolo\u0161ki <span class=\"iwg-fachbegriff\" data-tooltip=\"Element sadr\u017eaja koji se ponavlja u umjetnosti ili pripovijedanju.\" tabindex=\"0\">motiv<\/span> koji \u010dini vidljivom gospodarsku ovisnost o <span class=\"iwg-fachbegriff\" data-tooltip=\"Ure\u0111eni slijed simboli\u010dnih radnji s religijskim ili kulturnim zna\u010denjem.\" tabindex=\"0\">ritualu<\/span>.<\/p><p>Onaj tko ulovi tuljana, prema religijsko-mitskom shva\u0107anju dobio je dio Sednina vlastitog tijela, \u0161to utemeljuje obavezu na po\u0161tovanje pri postupanju s njim.<\/p>\t\t\t\t\t\t\t\t<\/div>\n\t\t\t\t<\/div>\n\t\t\t\t\t<\/div>\n\t\t\t\t<\/div>\n\t\t<div class=\"elementor-element elementor-element-iwgw-sedna-s3 e-flex e-con-boxed e-con e-parent\" data-id=\"iwgw-sedna-s3\" data-element_type=\"container\" data-e-type=\"container\">\n\t\t\t\t\t<div class=\"e-con-inner\">\n\t\t\t\t<div class=\"elementor-element elementor-element-iwgw-sedna-s3h elementor-widget elementor-widget-heading\" data-id=\"iwgw-sedna-s3h\" data-element_type=\"widget\" data-e-type=\"widget\" data-widget_type=\"heading.default\">\n\t\t\t\t\t<h2 class=\"elementor-heading-title elementor-size-default\">Sredi\u0161nji mit o saka\u0107enju<\/h2>\t\t\t\t<\/div>\n\t\t<div class=\"elementor-element elementor-element-iwgw-sedna-s3c e-con-full e-flex e-con e-child\" data-id=\"iwgw-sedna-s3c\" data-element_type=\"container\" data-e-type=\"container\">\n\t\t\t\t<div class=\"elementor-element elementor-element-iwgw-sedna-s3t elementor-widget elementor-widget-text-editor\" data-id=\"iwgw-sedna-s3t\" data-element_type=\"widget\" data-e-type=\"widget\" data-widget_type=\"text-editor.default\">\n\t\t\t\t\t\t\t\t\t<p>Sredi\u0161nja pripovijest u gotovo svim varijantama slijedi \u010dvrstu osnovnu strukturu, kako su dokumentirali Franz Boas, Knud Rasmussen i kasnije Daniel Merkur. Sedna je k\u0107i mu\u0161karca <a href=\"https:\/\/iwell-guard.com\/hr\/?page_id=149739\">Angute<\/a>. Odbija udati se za ljudskog mu\u0161karca.<\/p><p>Naposljetku prihva\u0107a udvara\u010da koji se otkriva kao burnjak, pas ili nepoznati stranac. Nakon vjen\u010danja prepoznaje istinsku prirodu svog mu\u017ea i doziva svog oca.<\/p><p>Anguta je preuzima \u010damcem umiak, \u017eenskim \u010damcem. Tijekom bijega mu\u017e-burnjak podigne oluju. Da bi spasio \u010damac od propadanja, Anguta baca svoju k\u0107er u more.<\/p><p>Kad se ona uhvati za rub \u010damca, on joj odsijeca zglobove prstiju. Iz prvog zgloba nastaju mali tuljani, iz drugog brkati tuljani, iz tre\u0107eg mor\u017eevi i kitovi. Ta postupna geneza morskih \u017eivotinja tipi\u010dan je <span class=\"iwg-fachbegriff\" data-tooltip=\"Element sadr\u017eaja koji se ponavlja u umjetnosti ili pripovijesti.\" tabindex=\"0\">motiv<\/span> etiolo\u0161ke pripovjedne knji\u017eevnosti.<\/p><p>Sedna, saka\u0107ena, tone na morsko dno i tamo postaje gospodaricom \u017eivotinja. Ostaje ambivalentna prema ocu koji ju je izdao, prema ljudima \u010dije prekr\u0161aje tabua uzrokuju da joj se kosa zamrsi, i prema \u0161amanima koji u transu silaze do nje.<\/p><p><span class=\"iwg-fachbegriff\" data-tooltip=\"Predana pripovijest o bogovima, podrijetlu i poretku svijeta.\" tabindex=\"0\">Mit<\/span> je prije svega etiolo\u0161ki model za postanak lova\u010dke ekonomije, a ne kaznena pri\u010da. Znanstveno gledano, rije\u010d je o paradigmatskom slu\u010daju kosmogonijske mitologije, u kojoj svijet nastaje iz ozljede, a ne iz poretka.<\/p>\t\t\t\t\t\t\t\t<\/div>\n\t\t\t\t<\/div>\n\t\t\t\t\t<\/div>\n\t\t\t\t<\/div>\n\t\t<div class=\"elementor-element elementor-element-iwgw-sedna-s4 e-flex e-con-boxed e-con e-parent\" data-id=\"iwgw-sedna-s4\" data-element_type=\"container\" data-e-type=\"container\">\n\t\t\t\t\t<div class=\"e-con-inner\">\n\t\t\t\t<div class=\"elementor-element elementor-element-iwgw-sedna-s4h elementor-widget elementor-widget-heading\" data-id=\"iwgw-sedna-s4h\" data-element_type=\"widget\" data-e-type=\"widget\" data-widget_type=\"heading.default\">\n\t\t\t\t\t<h2 class=\"elementor-heading-title elementor-size-default\">\u0160amansko putovanje u dubinu<\/h2>\t\t\t\t<\/div>\n\t\t<div class=\"elementor-element elementor-element-iwgw-sedna-s4c e-con-full e-flex e-con e-child\" data-id=\"iwgw-sedna-s4c\" data-element_type=\"container\" data-e-type=\"container\">\n\t\t\t\t<div class=\"elementor-element elementor-element-iwgw-sedna-s4t elementor-widget elementor-widget-text-editor\" data-id=\"iwgw-sedna-s4t\" data-element_type=\"widget\" data-e-type=\"widget\" data-widget_type=\"text-editor.default\">\n\t\t\t\t\t\t\t\t\t<p>Kada bi lova\u010dka sre\u0107a dugo izostajala, prema inuitskom vjerovanju bila je sredi\u0161nja du\u017enost angakkuqa, \u0161amana, si\u0107i do Sedne. Rasmussen je u djelu <em>Intellectual Culture of the Iglulik Eskimos<\/em> dao jedan od najdetaljnijih opisa tog putovanja, koji je u znanstvenom diskursu postao standardnim mjestom cirkumpolarnih istra\u017eivanja \u0161amanizma.<\/p><p><span class=\"iwg-fachbegriff\" data-tooltip=\"Religijski specijalist kojemu se pripisuje posredovanje izme\u0111u ljudi i svijeta duhova.\" tabindex=\"0\">\u0160aman<\/span> pada u trans uz pomo\u0107 bubnjanja, pjevanja i tehnika disanja. Njegov dvojnik ili njegova du\u0161a napu\u0161ta tijelo, prolazi kroz ledenu tundru, prelazi klanac s rotiraju\u0107im santama leda, brzu bujicu s o\u0161trim ledenim plo\u010dama nalik no\u017eevima i naposljetku psa koji \u010duva ulaz u Sednin dom.<\/p><p>Stigav\u0161i u ku\u0107u, nalazi Sednu sa zamr\u0161enom kosom u kojoj su se zapetljale \u017eivotinje.<\/p><p>Zadatak \u0161amana je da joj po\u010de\u0161lja i o\u010disti kosu i da se pona\u0161a pomirljivo. Za vrijeme tog \u010dina ljudska zajednica u iglu, pod vodstvom pomo\u0107nog \u0161amana, priznaje svoje prekr\u0161aje tabua.<\/p><p>Sedna osloba\u0111a \u017eivotinje tek kada su prijestupi izgovoreni. Mircea Eliade obradio je tu praksu u djelu <em><span class=\"iwg-fachbegriff\" data-tooltip=\"Religijski sustav u kojem specijalisti komuniciraju sa svijetom duhova.\" tabindex=\"0\">\u0160amanizam<\/span> i arhai\u010dne tehnike ekstaze<\/em> kao primjer \u0161amanske medijacije.<\/p><p>Daniel Merkur nagla\u0161ava da to putovanje treba shvatiti kao kolektivni krizni ritual, u kojem se gospodarska kriza religijski simbolizira i zajedni\u010dki razrje\u0161ava. Kao individualnu praksu ozdravljenja bilo bi ga pogre\u0161no tuma\u010diti. Dru\u0161tvena funkcija je barem toliko va\u017ena koliko i teolo\u0161ka, i u praksi se te dvije funkcije ne mogu odvojiti.<\/p>\t\t\t\t\t\t\t\t<\/div>\n\t\t\t\t<\/div>\n\t\t\t\t\t<\/div>\n\t\t\t\t<\/div>\n\t\t<div class=\"elementor-element elementor-element-iwgw-sedna-s5 e-flex e-con-boxed e-con e-parent\" data-id=\"iwgw-sedna-s5\" data-element_type=\"container\" data-e-type=\"container\">\n\t\t\t\t\t<div class=\"e-con-inner\">\n\t\t\t\t<div class=\"elementor-element elementor-element-iwgw-sedna-s5h elementor-widget elementor-widget-heading\" data-id=\"iwgw-sedna-s5h\" data-element_type=\"widget\" data-e-type=\"widget\" data-widget_type=\"heading.default\">\n\t\t\t\t\t<h2 class=\"elementor-heading-title elementor-size-default\">Tabu, pittailiniq i apotropejska praksa<\/h2>\t\t\t\t<\/div>\n\t\t<div class=\"elementor-element elementor-element-iwgw-sedna-s5c e-con-full e-flex e-con e-child\" data-id=\"iwgw-sedna-s5c\" data-element_type=\"container\" data-e-type=\"container\">\n\t\t\t\t<div class=\"elementor-element elementor-element-iwgw-sedna-s5t elementor-widget elementor-widget-text-editor\" data-id=\"iwgw-sedna-s5t\" data-element_type=\"widget\" data-e-type=\"widget\" data-widget_type=\"text-editor.default\">\n\t\t\t\t\t\t\t\t\t<p>Sustav tabua koji okru\u017euje Sednu poznat je u inuitskom jeziku kao <em>pittailiniq<\/em>, \u0161to zna\u010di ono \u0161to se mora izbjegavati. Ove zabrane utemeljene su na lovnoj i egzistencijalnoj ekonomiji, a nemaju moralno zna\u010denje u kr\u0161\u0107anskom smislu.<\/p><p>Onaj tko mije\u0161a \u017eivotinje s kopna i mora u istom jelu, tko ne postupa propisno s tuljanjim mesom, tko za vrijeme menstruacije rasijeca tuljane ili tko prikriva smrtni slu\u010daj, po ovom vjerovanju uprlja Sedninu kosu.<\/p><p><span class=\"iwg-fachbegriff\" data-tooltip=\"Otklanjaju\u0107i nesre\u0107u: o znakovima i predmetima koji trebaju dr\u017eati podalje \u0161tetne utjecaje.\" tabindex=\"0\">Apotropejski<\/span> djeluju prije svega obveze \u010di\u0161\u0107enja nakon ro\u0111enja i smrti, odvojeno \u010duvanje alata za tuljane i karibue, postupanje s prvom ulovljenom \u017eivotinjom te vra\u0107anje vode u usta ubijenog tuljana kao znak po\u0161tovanja.<\/p><p>Ovaj posljednji gest, u znanstvenoj literaturi nazivan pogrebom tuljana, smatra se sredi\u0161njim darom utjehe du\u0161i \u017eivotinje, a posredno i Sedni.<\/p><p>Zabilje\u017eeni su i za\u0161titni amuleti nazvani <em>aarnguaq<\/em>. Mogu biti izra\u0111eni od kostiju, kand\u017ei ili ostataka kljunova ubijenih \u017eivotinja i vje\u0161aju se dojen\u010dadi ili lovcima.<\/p><p>Umjesto da djeluju magijski, u smislu mehani\u010dkog u\u010dinka, oni upu\u0107uju na njegovan odnos s ne-ljudskim osobama od kojih ovisi opstanak. Ova etika odnosa jasno razlikuje inuitsku religiju od magijsko-instrumentalnih tradicija.<\/p>\t\t\t\t\t\t\t\t<\/div>\n\t\t\t\t<\/div>\n\t\t\t\t\t<\/div>\n\t\t\t\t<\/div>\n\t\t<div class=\"elementor-element elementor-element-iwgw-sedna-s6 e-flex e-con-boxed e-con e-parent\" data-id=\"iwgw-sedna-s6\" data-element_type=\"container\" data-e-type=\"container\">\n\t\t\t\t\t<div class=\"e-con-inner\">\n\t\t\t\t<div class=\"elementor-element elementor-element-iwgw-sedna-s6h elementor-widget elementor-widget-heading\" data-id=\"iwgw-sedna-s6h\" data-element_type=\"widget\" data-e-type=\"widget\" data-widget_type=\"heading.default\">\n\t\t\t\t\t<h2 class=\"elementor-heading-title elementor-size-default\">Sedna u kontekstu cirkumpolarne religije<\/h2>\t\t\t\t<\/div>\n\t\t<div class=\"elementor-element elementor-element-iwgw-sedna-s6c e-con-full e-flex e-con e-child\" data-id=\"iwgw-sedna-s6c\" data-element_type=\"container\" data-e-type=\"container\">\n\t\t\t\t<div class=\"elementor-element elementor-element-iwgw-sedna-s6t elementor-widget elementor-widget-text-editor\" data-id=\"iwgw-sedna-s6t\" data-element_type=\"widget\" data-e-type=\"widget\" data-widget_type=\"text-editor.default\">\n\t\t\t\t\t\t\t\t\t<p>U religijskoj fenomenologiji Sedna pripada \u0161iroj obitelji gospodarica \u017eivotinja, koju su Adolf Friedrich, a kasnije i Otto Zerries, sustavno opisali za sjevernu Euroaziju i Sjevernu Ameriku. Paralele se nalaze u \u010dukotskoj predod\u017ebi o <em>keletima<\/em>, u korja\u010dkim i itelmenskim gospodaricama mora te u jupi\u010dkoj <a href=\"https:\/\/iwell-guard.com\/hr\/?page_id=149744\">Qailertetang<\/a>, koja se u nekim pripovijestima pojavljuje \u010dak kao Sednina pratilja.<\/p><p>U \u0161irem cirkumpolarnom usporedbenom kontekstu ona se pribli\u017eava finsko-ugarskoj <em>Mehts\u00e4-Em\u00e4<\/em>, odnosno Majci \u0160ume, i <a href=\"https:\/\/iwell-guard.com\/hr\/sami-i-finougorska-tradicija-noaidi-bubanj\/\">s\u00e1mskim<\/a> gospodaricama \u017eivotinja poput <em>Leibolmm\u00e1i<\/em>. Strukturna podudarnost le\u017ei u recipro\u010dnoj logici: plijen se smatra darom numinozne osobe, nikako pukim resursom.<\/p><p>U subarkti\u010dkom cirkumpolarnom diskursu Ann Fienup-Riordan pokazala je za <em>jupi\u010dku<\/em> tradiciju da se strukturno sli\u010dna bi\u0107a ondje javljaju kao skup odnosa i tabua. Jedinstvena personifikacija tu izostaje.<\/p><p>Inuitska tradicija centralnoarkti\u010dkog obilje\u017eja, naprotiv, ja\u010de te\u017ei personalizaciji u jednoj velikoj figuri, Sedni. Ta razlika unutar cirkumpolarnog prostora znanstveno je pou\u010dna, jer pokazuje da religijski oblik ne proizlazi nu\u017eno iz ekolo\u0161ke konfiguracije.<\/p>\t\t\t\t\t\t\t\t<\/div>\n\t\t\t\t<\/div>\n\t\t\t\t\t<\/div>\n\t\t\t\t<\/div>\n\t\t<div class=\"elementor-element elementor-element-iwgw-sedna-s7 e-flex e-con-boxed e-con e-parent\" data-id=\"iwgw-sedna-s7\" data-element_type=\"container\" data-e-type=\"container\">\n\t\t\t\t\t<div class=\"e-con-inner\">\n\t\t\t\t<div class=\"elementor-element elementor-element-iwgw-sedna-s7h elementor-widget elementor-widget-heading\" data-id=\"iwgw-sedna-s7h\" data-element_type=\"widget\" data-e-type=\"widget\" data-widget_type=\"heading.default\">\n\t\t\t\t\t<h2 class=\"elementor-heading-title elementor-size-default\">Kolonijalna povijest i kr\u0161\u0107ansko preslojavanje<\/h2>\t\t\t\t<\/div>\n\t\t<div class=\"elementor-element elementor-element-iwgw-sedna-s7c e-con-full e-flex e-con e-child\" data-id=\"iwgw-sedna-s7c\" data-element_type=\"container\" data-e-type=\"container\">\n\t\t\t\t<div class=\"elementor-element elementor-element-iwgw-sedna-s7t elementor-widget elementor-widget-text-editor\" data-id=\"iwgw-sedna-s7t\" data-element_type=\"widget\" data-e-type=\"widget\" data-widget_type=\"text-editor.default\">\n\t\t\t\t\t\t\t\t\t<p>S misionarenjem me\u0111u Inuitima od strane moravskih i anglikanskih misionara od 18. stolje\u0107a, u Kanadi poja\u010dano u 19. i ranom 20. stolje\u0107u, Sednin <span class=\"iwg-fachbegriff\" data-tooltip=\"Ukupnost religijskih obreda \u0161tovanja neke bo\u017eice ili svete figure.\" tabindex=\"0\">kult<\/span> dospio je pod znatan pritisak.<\/p><p>\u0160amani su na mnogim mjestima ozlogla\u0161eni kao vra\u010devi, a njihovi bubnjevi javno spaljivani. Praksa angakkuq formalno je zamrla u mnogim regijama, \u0161to, me\u0111utim, ne zna\u010di da su Sednine pripovijesti nestale.<\/p><p>Znanstveno je dobro dokumentirana transformacija u podru\u010dje pripovjedne knji\u017eevnosti i kasnije suvremene umjetnosti. Sedna je postala knji\u017eevno-umjetni\u010dki simbol identiteta kolonijalno ugro\u017eene kulture. Nakon uspostave teritorija Nunavut 1999. postala je dio \u0161kolskih kurikuluma i muzejske pedagogije.<\/p><p>Pokret za restituciju autohtonih religija od 2000-ih godina doveo je do ponovnog otkrivanja \u0161amanskih praksi u dekonfesionaliziranom obliku. Znanstveno je promatranje ovdje deskriptivno: radi se o mje\u0161ovitom obliku sje\u0107anja, konstrukcije identiteta i djelomi\u010dne obnove obreda, a ne o neprekinutom kontinuitetu. Ova postkolonijalna konfiguracija samostalno je znanstveno istra\u017eiva\u010dko podru\u010dje.<\/p>\t\t\t\t\t\t\t\t<\/div>\n\t\t\t\t<\/div>\n\t\t\t\t\t<\/div>\n\t\t\t\t<\/div>\n\t\t<div class=\"elementor-element elementor-element-iwgw-sedna-s8 e-flex e-con-boxed e-con e-parent\" data-id=\"iwgw-sedna-s8\" data-element_type=\"container\" data-e-type=\"container\">\n\t\t\t\t\t<div class=\"e-con-inner\">\n\t\t\t\t<div class=\"elementor-element elementor-element-iwgw-sedna-s8h elementor-widget elementor-widget-heading\" data-id=\"iwgw-sedna-s8h\" data-element_type=\"widget\" data-e-type=\"widget\" data-widget_type=\"heading.default\">\n\t\t\t\t\t<h2 class=\"elementor-heading-title elementor-size-default\">Suvremena recepcija, istra\u017eivanje i umjetnost<\/h2>\t\t\t\t<\/div>\n\t\t<div class=\"elementor-element elementor-element-iwgw-sedna-s8c e-con-full e-flex e-con e-child\" data-id=\"iwgw-sedna-s8c\" data-element_type=\"container\" data-e-type=\"container\">\n\t\t\t\t<div class=\"elementor-element elementor-element-iwgw-sedna-s8t elementor-widget elementor-widget-text-editor\" data-id=\"iwgw-sedna-s8t\" data-element_type=\"widget\" data-e-type=\"widget\" data-widget_type=\"text-editor.default\">\n\t\t\t\t\t\t\t\t\t<p>U neautohtonoj recepciji Sedna je postala najpoznatija figura arkti\u010dke religije. Astronomski, transneptunski objekt otkriven 2003. nosi naziv 90377 Sedna, \u0161to dokazuje doma\u0161aj figure izvan u\u017ee znanstvene sfere.<\/p><p>U popularnoj kulturi prisutna je u romanima, filmovima, stripovima i igrama, \u010desto u znatno pojednostavljenom, a ponekad problemati\u010dno romantiziranom obliku.<\/p><p>Unutar samih inuitskih zajednica stav prema ovoj vanjskoj recepciji je ambivalentan. Dok se vidljivost pozdravlja kao kulturno priznanje, glasovi kao \u0161to su inuitska kustosica Heather Igloliorte ili knji\u017eevnica Rachel Qitsualik kritiziraju da vanjske uporabe \u010desto zanemaruju religijske veze i svode figuru na estetsku sirenu.<\/p><p>Znanstveno istra\u017eivanje posljednjih dvadesetak godina, primjerice kod Fr\u00e9d\u00e9rica Laugranda, Jaricha Oostena i Anne Lije Berthelsen, nagla\u0161ava potrebu \u010ditanja Sedne kao \u010dvori\u0161ta mre\u017ee odnosa izme\u0111u ljudi, \u017eivotinja i zemlje, umjesto kao izolirane slike bo\u017eanstva.<\/p><p>U ovom tuma\u010denju postaje klju\u010dnom figurom ekolo\u0161ke antropologije religije Arktika. Ovaj teorijski pomak ima znatan utjecaj na razumijevanje cjelokupne arkti\u010dke religijske povijesti.<\/p>\t\t\t\t\t\t\t\t<\/div>\n\t\t\t\t<\/div>\n\t\t\t\t\t<\/div>\n\t\t\t\t<\/div>\n\t\t<div class=\"elementor-element elementor-element-iwgw-sedna-s9 e-flex e-con-boxed e-con e-parent\" data-id=\"iwgw-sedna-s9\" data-element_type=\"container\" data-e-type=\"container\">\n\t\t\t\t\t<div class=\"e-con-inner\">\n\t\t\t\t<div class=\"elementor-element elementor-element-iwgw-sedna-s9h elementor-widget elementor-widget-heading\" data-id=\"iwgw-sedna-s9h\" data-element_type=\"widget\" data-e-type=\"widget\" data-widget_type=\"heading.default\">\n\t\t\t\t\t<h2 class=\"elementor-heading-title elementor-size-default\">Sedna u leksikonu inuitske tradicije<\/h2>\t\t\t\t<\/div>\n\t\t<div class=\"elementor-element elementor-element-iwgw-sedna-s9c e-con-full e-flex e-con e-child\" data-id=\"iwgw-sedna-s9c\" data-element_type=\"container\" data-e-type=\"container\">\n\t\t\t\t<div class=\"elementor-element elementor-element-iwgw-sedna-s9t elementor-widget elementor-widget-text-editor\" data-id=\"iwgw-sedna-s9t\" data-element_type=\"widget\" data-e-type=\"widget\" data-widget_type=\"text-editor.default\">\n\t\t\t\t\t\t\t\t\t<p>Za dublje razumijevanje inuitskog svijeta predod\u017ebi preporu\u010duju se natuknice o <a href=\"https:\/\/iwell-guard.com\/hr\/?page_id=149736\">Sili<\/a>, prostoru daha svijeta, o <a href=\"https:\/\/iwell-guard.com\/hr\/?page_id=149739\">Anguti<\/a>, njezinu ocu, o <a href=\"https:\/\/iwell-guard.com\/hr\/?page_id=149737\">Tornarssuku<\/a>, \u0161amanskom pomo\u0107nom duhu, o <a href=\"https:\/\/iwell-guard.com\/hr\/?page_id=149741\">Nanooku<\/a>, duhu bijelog medvjeda, i o <a href=\"https:\/\/iwell-guard.com\/hr\/?page_id=149744\">Qailertetang<\/a>, pratilji koja daje vrijeme.<\/p><p>Sveobuhvatan uvid u religijsko-povijesni okvir daje kulturna cjelina <a href=\"https:\/\/iwell-guard.com\/hr\/inuiti-arktik-sedna-tornit-zastita\/\">Inuitska tradicija<\/a>. Onaj tko tra\u017ei veze s gospodaricama \u017eivotinja drugih kultura, prona\u0107i \u0107e u <a href=\"https:\/\/iwell-guard.com\/hr\/sami-i-finougorska-tradicija-noaidi-bubanj\/\">saamskim<\/a> natuknicama strukturno sli\u010dne konfiguracije, primjerice kod <em>Madderakke<\/em>.<\/p>\t\t\t\t\t\t\t\t<\/div>\n\t\t\t\t<\/div>\n\t\t\t\t\t<\/div>\n\t\t\t\t<\/div>\n\t\t<div class=\"elementor-element elementor-element-cp29452ded e-flex e-con-boxed e-con e-parent\" data-id=\"cp29452ded\" data-element_type=\"container\" data-e-type=\"container\">\n\t\t\t\t\t<div class=\"e-con-inner\">\n\t\t\t\t<div class=\"elementor-element elementor-element-cp24dd8067 elementor-widget elementor-widget-heading\" data-id=\"cp24dd8067\" data-element_type=\"widget\" data-e-type=\"widget\" data-widget_type=\"heading.default\">\n\t\t\t\t\t<h2 class=\"elementor-heading-title elementor-size-default\">Regionalna raznolikost pripovijesti i njezinih imena<\/h2>\t\t\t\t<\/div>\n\t\t<div class=\"elementor-element elementor-element-cp24eec498 e-flex e-con-boxed e-con e-child\" data-id=\"cp24eec498\" data-element_type=\"container\" data-e-type=\"container\">\n\t\t\t\t\t<div class=\"e-con-inner\">\n\t\t\t\t<div class=\"elementor-element elementor-element-cp27817669 elementor-widget elementor-widget-text-editor\" data-id=\"cp27817669\" data-element_type=\"widget\" data-e-type=\"widget\" data-widget_type=\"text-editor.default\">\n\t\t\t\t\t\t\t\t\t<p>Sedna nije jedinstveno ime jednog panarkti\u010dkog <span class=\"iwg-fachbegriff\" data-tooltip=\"Bi\u0107e koje se u nekoj religiji po\u0161tuje kao bo\u017eansko.\" tabindex=\"0\">bo\u017eanstva<\/span>, ve\u0107 naziv koji se u znanstvenoj literaturi uvrije\u017eio za lik koji se u razli\u010ditim inuitskim i jupi\u010dkim regijama pojavljuje pod veoma razli\u010ditim imenima.<\/p><p>Kod Inuita oko Hudsonovog zaljeva i u isto\u010dnoj Arktici poznata je kao Nuliajuk ili Takannaaluk, na zapadu se javljaju oblici kao Arnakuagsak, a ime Sedna potje\u010de iz zapisa Franza Boasa o otoku Baffin s kraja 19. stolje\u0107a.<\/p><p>Ta raznolikost nije sporedna pojedinost, ve\u0107 upu\u0107uje na regionalnu samostalnost pojedinih zajednica. I sama pri\u010da varira. U nekim verzijama, kasnija gospodarica mora je \u017eena koja se udaje za psa ili za pticu u ljudskom obliku, u drugima djevojka koja odbija udaju.<\/p><p>Mnogim ina\u010dicama zajedni\u010dko je da je otac vodi u kajaku, da je za oluje bacaju preko palube i da se ona uhvati za rub kajaka, dok joj prsti ne budu odsje\u010deni. Iz odsje\u010denih prstiju nastaju morski sisavci.<\/p><p>Glavni izvori o Sedni su zapisi Franza Boasa te opse\u017eni materijali Pete Thule ekspedicije pod vodstvom Knuda Rasmussena iz 1920-ih godina.<\/p><p>Oba izvorna kompleksa vrijedna su, ali su filtrirana kroz jezik, izbor i interese onih koji su ih zapisivali. Panarkti\u010dka Sedna konstrukcija je vanjske perspektive. Svaka tvrdnja trebala bi zato navesti konkretnu regiju i tamo uobi\u010dajeno ime.<\/p>\t\t\t\t\t\t\t\t<\/div>\n\t\t\t\t\t<\/div>\n\t\t\t\t<\/div>\n\t\t\t\t\t<\/div>\n\t\t\t\t<\/div>\n\t\t<div class=\"elementor-element elementor-element-cp22aea445 e-flex e-con-boxed e-con e-parent\" data-id=\"cp22aea445\" data-element_type=\"container\" data-e-type=\"container\">\n\t\t\t\t\t<div class=\"e-con-inner\">\n\t\t\t\t<div class=\"elementor-element elementor-element-cp292b3d5a elementor-widget elementor-widget-heading\" data-id=\"cp292b3d5a\" data-element_type=\"widget\" data-e-type=\"widget\" data-widget_type=\"heading.default\">\n\t\t\t\t\t<h2 class=\"elementor-heading-title elementor-size-default\">\u0160amanov silazak k gospodarici mora<\/h2>\t\t\t\t<\/div>\n\t\t<div class=\"elementor-element elementor-element-cp2e8a031f e-flex e-con-boxed e-con e-child\" data-id=\"cp2e8a031f\" data-element_type=\"container\" data-e-type=\"container\">\n\t\t\t\t\t<div class=\"e-con-inner\">\n\t\t\t\t<div class=\"elementor-element elementor-element-cp26b91245 elementor-widget elementor-widget-text-editor\" data-id=\"cp26b91245\" data-element_type=\"widget\" data-e-type=\"widget\" data-widget_type=\"text-editor.default\">\n\t\t\t\t\t\t\t\t\t<p>Vlastita obredna tradicija povezana je s vjerovanjem da gospodarica mora nadzire pristup morskim sisavcima. Kada bi tuljani, mor\u017eevi i kitovi izostali, \u010dime bi zajednica bila ugro\u017eena gla\u0111u, to se smatralo znakom da je gospodarica srdita.<\/p><p>Kao uzrok navodila su se kr\u0161enja tabua, na primjer prekr\u0161aji vezani za ro\u0111enje, smrt ili postupanje s ulovljenim \u017eivotinjama. Prijestupi ljudi, prema predod\u017ebi, nakupljali su se kao prljav\u0161tina ili \u010dvorovi u kosi gospodarice.<\/p><p>U toj situaciji djelovao je <em>angakkuq<\/em>, <span class=\"iwg-fachbegriff\" data-tooltip=\"Religijski specijalist kojemu se pripisuje posredovanje izme\u0111u ljudi i svijeta duhova.\" tabindex=\"0\">\u0161aman<\/span>. Knud Rasmussen je iz podru\u010dja oko Hudsonovog zaljeva zabilje\u017eio detaljan opis takvog <span class=\"iwg-fachbegriff\" data-tooltip=\"Utvr\u0111ena, ponavljaju\u0107a religijska radnja.\" tabindex=\"0\">obreda<\/span>.<\/p><p><span class=\"iwg-fachbegriff\" data-tooltip=\"Religijski specijalist kojemu se pripisuje posredovanje izme\u0111u ljudi i svijeta duhova.\" tabindex=\"0\">\u0160aman<\/span> u transu odlazi na duhovno putovanje na morsko dno, pri \u010demu mora prije\u0107i prepreke, poput ponora, okretaju\u0107e ledene plo\u010de ili psa koji \u010duva ulaz.<\/p><p>Kada stigne u ku\u0107u gospodarice, on joj \u010de\u0161lja i ure\u0111uje kosu, jer ona to zbog nedostatka prstiju ne mo\u017ee u\u010diniti sama. Time uklanja nakupljenu prljav\u0161tinu i prijestupe.<\/p><p>U zamjenu gospodarica mora ponovno pustiti morske sisavce. Nakon povratka iz transa <span class=\"iwg-fachbegriff\" data-tooltip=\"Religijski specijalist kojemu se pripisuje posredovanje izme\u0111u ljudi i svijeta duhova.\" tabindex=\"0\">\u0161aman<\/span> je \u010desto pozivao okupljene da otvoreno priznaju svoje prekr\u0161aje tabua.<\/p><p>Znanstveno gledano, ovaj <span class=\"iwg-fachbegriff\" data-tooltip=\"Utvr\u0111ena, ponavljaju\u0107a religijska radnja.\" tabindex=\"0\">obred<\/span> povezuje kozmolo\u0161ko obja\u0161njenje neuspjeha u lovu s dru\u0161tvenom funkcijom: skriveno lo\u0161e pona\u0161anje \u010dinio je javnim i uspostavljao je ponovno red izme\u0111u ljudi, \u017eivotinja i gospodarice mora.<\/p>\t\t\t\t\t\t\t\t<\/div>\n\t\t\t\t\t<\/div>\n\t\t\t\t<\/div>\n\t\t\t\t\t<\/div>\n\t\t\t\t<\/div>\n\t\t<div class=\"elementor-element elementor-element-iwgw-sedna-lit e-flex e-con-boxed e-con e-parent\" data-id=\"iwgw-sedna-lit\" data-element_type=\"container\" data-e-type=\"container\">\n\t\t\t\t\t<div class=\"e-con-inner\">\n\t\t\t\t<div class=\"elementor-element elementor-element-iwgw-sedna-lith elementor-widget elementor-widget-heading\" data-id=\"iwgw-sedna-lith\" data-element_type=\"widget\" data-e-type=\"widget\" data-widget_type=\"heading.default\">\n\t\t\t\t\t<h2 class=\"elementor-heading-title elementor-size-default\">Literatura (izbor)<\/h2>\t\t\t\t<\/div>\n\t\t<div class=\"elementor-element elementor-element-iwgw-sedna-litc e-con-full e-flex e-con e-child\" data-id=\"iwgw-sedna-litc\" data-element_type=\"container\" data-e-type=\"container\">\n\t\t\t\t<div class=\"elementor-element elementor-element-iwgw-sedna-litt elementor-widget elementor-widget-text-editor\" data-id=\"iwgw-sedna-litt\" data-element_type=\"widget\" data-e-type=\"widget\" data-widget_type=\"text-editor.default\">\n\t\t\t\t\t\t\t\t\t<ul><li><span data-nosnippet>Knud Rasmussen: <em>Intellectual Culture of the Iglulik Eskimos<\/em> (Report of the Fifth Thule Expedition, Bd. VII.1, Kopenhagen 1929)<\/span><\/li><li>Franz Boas: <em>The Central Eskimo<\/em> (Washington 1888)<\/li><li><span data-nosnippet>Daniel Merkur: <em>Becoming Half Hidden: Shamanism and <span class=\"iwg-fachbegriff\" data-tooltip=\"Ritualni prijelaz kojim netko biva primljen u novi status ili zajednicu.\" tabindex=\"0\">inicijaciju<\/span> among the Inuit<\/em> (Stockholm 1985)<\/span><\/li><li><span data-nosnippet>Ann Fienup-Riordan: <em>Boundaries and Passages: Rule and <span class=\"iwg-fachbegriff\" data-tooltip=\"Ure\u0111en slijed simboli\u010dnih radnji s religijskim ili kulturnim zna\u010denjem.\" tabindex=\"0\">ritual<\/span> in Yup&#8217;ik Eskimo Oral Tradition<\/em> (Norman 1994)<\/span><\/li><li>Fr\u00e9d\u00e9ric Laugrand und Jarich Oosten: <em>Inuit Shamanism and Christianity<\/em> (Montreal 2010)<\/li><li>Mircea Eliade: <em><span class=\"iwg-fachbegriff\" data-tooltip=\"Religijski sustav u kojem specijalisti komuniciraju sa svijetom duhova.\" tabindex=\"0\">\u0160amanizam<\/span> und archaische Ekstasetechnik<\/em> (Stuttgart 1957)<\/li><\/ul>\t\t\t\t\t\t\t\t<\/div>\n\t\t\t\t<\/div>\n\t\t\t\t\t<\/div>\n\t\t\t\t<\/div>\n\t\t<div class=\"elementor-element elementor-element-iwgkw-add-sedna e-flex e-con-boxed e-con e-parent\" data-id=\"iwgkw-add-sedna\" data-element_type=\"container\" data-e-type=\"container\">\n\t\t\t\t\t<div class=\"e-con-inner\">\n\t\t\t\t<div class=\"elementor-element elementor-element-iwgkw-add-sedna-t elementor-widget elementor-widget-text-editor\" data-id=\"iwgkw-add-sedna-t\" data-element_type=\"widget\" data-e-type=\"widget\" data-widget_type=\"text-editor.default\">\n\t\t\t\t\t\t\t\t\t<p>U inuitskom <span class=\"iwg-fachbegriff\" data-tooltip=\"Ukupnost bogova jedne religije ili kulture.\" tabindex=\"0\">panteonu<\/span> Sedna se smatra <em>\u010duvarkom<\/em> morskih \u017eivotinja: tuljani, kitovi i ribe, prema tradicionalnoj predod\u017ebi, nastaju iz njezina tijela i pod njezinom su kontrolom.<\/p><p>Ako zajednica prekr\u0161i lovne i propise o \u010disto\u0107i, \u010duvarka zadr\u017eava \u017eivotinje, a <em>Angakkoq<\/em> mora u transu si\u0107i do nje kako bi joj po\u010de\u0161ljao kosu i tako ponovno otvorio lovi\u0161ta.<\/p>\t\t\t\t\t\t\t\t<\/div>\n\t\t\t\t\t<\/div>\n\t\t\t\t<\/div>\n\t\t<div class=\"elementor-element elementor-element-iwgw-sedna-kwd e-flex e-con-boxed e-con e-parent\" data-id=\"iwgw-sedna-kwd\" data-element_type=\"container\" data-e-type=\"container\">\n\t\t\t\t\t<div class=\"e-con-inner\">\n\t\t<div class=\"elementor-element elementor-element-iwgw-sedna-kwdc e-con-full e-flex e-con e-child\" data-id=\"iwgw-sedna-kwdc\" data-element_type=\"container\" data-e-type=\"container\">\n\t\t\t\t<div class=\"elementor-element elementor-element-iwgw-sedna-kwdt elementor-widget elementor-widget-text-editor\" data-id=\"iwgw-sedna-kwdt\" data-element_type=\"widget\" data-e-type=\"widget\" data-widget_type=\"text-editor.default\">\n\t\t\t\t\t\t\t\t\t<p><em>Srodni klju\u010dni pojmovi: Sedna Nuliajuk Takannakapsaluk Angakkuq Iglulik gospodarica mora gospodarica tuljana Pittailiniq.<\/em><\/p>\t\t\t\t\t\t\t\t<\/div>\n\t\t\t\t<\/div>\n\t\t\t\t\t<\/div>\n\t\t\t\t<\/div>\n\t\t<div class=\"elementor-element elementor-element-iwgw-sedna-cc e-flex e-con-boxed e-con e-parent\" data-id=\"iwgw-sedna-cc\" data-element_type=\"container\" data-e-type=\"container\" id=\"iwg-cc-sedna\">\n\t\t\t\t\t<div class=\"e-con-inner\">\n\t\t<div class=\"elementor-element elementor-element-iwgw-sedna-ccinner e-flex e-con-boxed e-con e-parent\" data-id=\"iwgw-sedna-ccinner\" data-element_type=\"container\" data-e-type=\"container\" data-settings=\"{&quot;background_background&quot;:&quot;classic&quot;}\">\n\t\t\t\t\t<div class=\"e-con-inner\">\n\t\t\t\t<div class=\"elementor-element elementor-element-iwgw-sedna-cch elementor-widget elementor-widget-heading\" data-id=\"iwgw-sedna-cch\" data-element_type=\"widget\" data-e-type=\"widget\" data-widget_type=\"heading.default\">\n\t\t\t\t\t<h2 class=\"elementor-heading-title elementor-size-default\">iWell Guard i tradicije za\u0161tite<\/h2>\t\t\t\t<\/div>\n\t\t\t\t<div class=\"elementor-element elementor-element-iwgw-sedna-cct elementor-widget elementor-widget-text-editor\" data-id=\"iwgw-sedna-cct\" data-element_type=\"widget\" data-e-type=\"widget\" data-widget_type=\"text-editor.default\">\n\t\t\t\t\t\t\t\t\t<div data-nosnippet=\"true\"><p>iWell Guard nastavlja se na kulturno-povijesnu tradiciju nosivih za\u0161titnih predmeta, u tradiciji <a href=\"https:\/\/iwell-guard.com\/hr\/inuiti-arktik-sedna-tornit-zastita\/\">Inuita<\/a> i mnogih drugih kultura po svijetu. 41 razina, pravo zlato, platina, srebro, izra\u0111eno u Njema\u010dkoj. 30-dnevno pravo povrata.<\/p><\/div>\t\t\t\t\t\t\t\t<\/div>\n\t\t\t\t<div class=\"elementor-element elementor-element-iwgw-sedna-ccb iwg-cc-button iwg-cc-cta-2026-05-13 elementor-widget elementor-widget-jet-button\" data-id=\"iwgw-sedna-ccb\" data-element_type=\"widget\" data-e-type=\"widget\" data-widget_type=\"jet-button.default\">\n\t\t\t\t<div class=\"elementor-widget-container\">\n\t\t\t\t\t<div class=\"elementor-jet-button jet-elements\"><div class=\"jet-button__container\"><a class=\"jet-button__instance jet-button__instance--icon-left hover-effect-1\" href=\"\/ueber-iwell-guard\/?utm_source=iwell-guard.com&amp;utm_medium=info-box&amp;utm_campaign=wesen-tradition\"><div class=\"jet-button__plane jet-button__plane-normal\"><\/div><div class=\"jet-button__plane jet-button__plane-hover\"><\/div><div class=\"jet-button__state jet-button__state-normal\"><span class=\"jet-button__label\">Vi\u0161e o iWell Guardu<\/span><\/div><div class=\"jet-button__state jet-button__state-hover\"><span class=\"jet-button__label\">Vi\u0161e o iWell Guardu<\/span><\/div><\/a><\/div><\/div><style>.elementor-element.elementor-element-iwgw-sedna-ccb .jet-button__instance{width:320px;height:56px;}.elementor-element.elementor-element-iwgw-sedna-ccb .jet-button__state-normal .jet-button__label{text-align:center;margin:0px 0px 0px 0px;color:#1a1b20;font-family:Montserrat,sans-serif;font-size:13px;font-weight:400;letter-spacing:4px;line-height:1.714em;text-transform:uppercase;}.elementor-element.elementor-element-iwgw-sedna-ccb .jet-button__state-hover .jet-button__label{text-align:center;margin:0px 0px 0px 0px;color:#FECC76;font-family:Montserrat,sans-serif;font-size:13px;font-weight:400;letter-spacing:4px;line-height:1.714em;text-transform:uppercase;}.elementor-element.elementor-element-iwgw-sedna-ccb .jet-button__plane-normal{background-color:#FECC76;border-style:solid;border-color:#C99540;border-width:2px 2px 2px 2px;}.elementor-element.elementor-element-iwgw-sedna-ccb .jet-button__plane-hover{background-color:rgba(0,0,0,0.55);border-style:solid;border-color:#FECC76;border-width:2px 2px 2px 2px;}<\/style>\t\t\t\t<\/div>\n\t\t\t\t<\/div>\n\t\t\t\t<div class=\"elementor-element elementor-element-iwgw-sedna-ccd elementor-widget elementor-widget-text-editor\" data-id=\"iwgw-sedna-ccd\" data-element_type=\"widget\" data-e-type=\"widget\" data-widget_type=\"text-editor.default\">\n\t\t\t\t\t\t\t\t\t<div data-nosnippet=\"true\"><p style=\"text-align:center;font-size:13px;opacity:0.7;margin-top:14px\" data-nosnippet=\"true\">Osobna iskustva mogu se razlikovati. Nije medicinski proizvod. Nema obe\u0107anja izlje\u010denja.<\/p><\/div>\t\t\t\t\t\t\t\t<\/div>\n\t\t\t\t\t<\/div>\n\t\t\t\t<\/div>\n\t\t\t\t\t<\/div>\n\t\t\t\t<\/div>\n\t\t<div class=\"elementor-element elementor-element-iwgw-sedna-disc e-flex e-con-boxed e-con e-parent\" data-id=\"iwgw-sedna-disc\" data-element_type=\"container\" data-e-type=\"container\">\n\t\t\t\t\t<div class=\"e-con-inner\">\n\t\t\t\t<div class=\"elementor-element elementor-element-iwgw-sedna-discw elementor-widget elementor-widget-html\" data-id=\"iwgw-sedna-discw\" data-element_type=\"widget\" data-e-type=\"widget\" data-widget_type=\"html.default\">\n\t\t\t\t\t<footer data-nosnippet=\"true\" class=\"iwg-disclaimer-block\"><p data-nosnippet=\"true\">iWell Guard <strong>nije medicinski proizvod<\/strong> i ne zamjenjuje lije\u010dni\u010dko ili psihoterapeutsko lije\u010denje. Religijsko-znanstveni sadr\u017eaji predstavljaju kulturno-povijesnu interpretaciju, a ne preporuku duhovne prakse.<\/p><\/footer>\t\t\t\t<\/div>\n\t\t\t\t\t<\/div>\n\t\t\t\t<\/div>\n\t\t\t\t<\/div>\n\t\t","protected":false},"excerpt":{"rendered":"","protected":false},"author":3,"featured_media":2885,"parent":0,"menu_order":0,"comment_status":"closed","ping_status":"closed","template":"elementor_header_footer","meta":{"_yoast_wpseo_focuskw":"Sedna inuitska morska bo\u017eica","_yoast_wpseo_title":"Sedna \u2013 gospodarica mora Inuita, mit i kult","_yoast_wpseo_metadesc":"Sedna se smatra gospodaricom morskih \u017eivotinja u inuitskom panteonu. Religijskoznanstvena obrada: mit, \u0161amanska praksa, izvori.","_yoast_wpseo_meta-robots-noindex":"","_yoast_wpseo_canonical":"","_angie_page":false,"gefaehrdungsstufe":"3","wesen_kultur":"inuit","wesen_klasse":"geister","footnotes":""},"categories":[],"class_list":["post-149735","page","type-page","status-publish","has-post-thumbnail","hentry"],"yoast_head":"<!-- This site is optimized with the Yoast SEO Premium plugin v27.7 (Yoast SEO v28.3) - https:\/\/yoast.com\/product\/yoast-seo-premium-wordpress\/ -->\n<title>Sedna \u2013 gospodarica mora Inuita, mit i kult<\/title>\n<meta name=\"description\" content=\"Sedna se smatra gospodaricom morskih \u017eivotinja u inuitskom panteonu. Religijskoznanstvena obrada: mit, \u0161amanska praksa, izvori.\" \/>\n<meta name=\"robots\" content=\"index, follow, max-snippet:-1, max-image-preview:large, max-video-preview:-1\" \/>\n<link rel=\"canonical\" href=\"https:\/\/iwell-guard.com\/hr\/sedna-gospodarica-mora-inuita\/\" \/>\n<meta property=\"og:locale\" content=\"hr_HR\" \/>\n<meta property=\"og:type\" content=\"article\" \/>\n<meta property=\"og:title\" content=\"Sedna \u2013 gospodarica mora Inuita\" \/>\n<meta property=\"og:description\" content=\"Sedna se smatra gospodaricom morskih \u017eivotinja u inuitskom panteonu. Religijskoznanstvena obrada: mit, \u0161amanska praksa, izvori.\" \/>\n<meta property=\"og:url\" content=\"https:\/\/iwell-guard.com\/hr\/sedna-gospodarica-mora-inuita\/\" \/>\n<meta property=\"og:site_name\" content=\"iWell Guard\" \/>\n<meta property=\"article:modified_time\" content=\"2026-09-04T05:30:58+00:00\" \/>\n<meta property=\"og:image\" content=\"https:\/\/iwell-guard.com\/wp-content\/uploads\/2026\/05\/goetter_inuit_sedna-1.webp\" \/>\n\t<meta property=\"og:image:width\" content=\"1024\" \/>\n\t<meta property=\"og:image:height\" content=\"1536\" \/>\n\t<meta property=\"og:image:type\" content=\"image\/webp\" \/>\n<meta name=\"twitter:card\" content=\"summary_large_image\" \/>\n<script type=\"application\/ld+json\" class=\"yoast-schema-graph\">{\"@context\":\"https:\\\/\\\/schema.org\",\"@graph\":[{\"@type\":\"WebPage\",\"@id\":\"https:\\\/\\\/iwell-guard.com\\\/hr\\\/sedna-gospodarica-mora-inuita\\\/\",\"url\":\"https:\\\/\\\/iwell-guard.com\\\/hr\\\/sedna-gospodarica-mora-inuita\\\/\",\"name\":\"Sedna \u2013 gospodarica mora Inuita, mit i kult\",\"isPartOf\":{\"@id\":\"https:\\\/\\\/iwell-guard.com\\\/hr\\\/#website\"},\"primaryImageOfPage\":{\"@id\":\"https:\\\/\\\/iwell-guard.com\\\/hr\\\/sedna-gospodarica-mora-inuita\\\/#primaryimage\"},\"image\":{\"@id\":\"https:\\\/\\\/iwell-guard.com\\\/hr\\\/sedna-gospodarica-mora-inuita\\\/#primaryimage\"},\"thumbnailUrl\":\"https:\\\/\\\/iwell-guard.com\\\/wp-content\\\/uploads\\\/2026\\\/05\\\/goetter_inuit_sedna-1.webp\",\"datePublished\":\"2026-09-04T05:13:04+00:00\",\"dateModified\":\"2026-09-04T05:30:58+00:00\",\"description\":\"Sedna se smatra gospodaricom morskih \u017eivotinja u inuitskom panteonu. Religijskoznanstvena obrada: mit, \u0161amanska praksa, izvori.\",\"breadcrumb\":{\"@id\":\"https:\\\/\\\/iwell-guard.com\\\/hr\\\/sedna-gospodarica-mora-inuita\\\/#breadcrumb\"},\"inLanguage\":\"hr\",\"potentialAction\":[{\"@type\":\"ReadAction\",\"target\":[\"https:\\\/\\\/iwell-guard.com\\\/hr\\\/sedna-gospodarica-mora-inuita\\\/\"]}]},{\"@type\":\"ImageObject\",\"inLanguage\":\"hr\",\"@id\":\"https:\\\/\\\/iwell-guard.com\\\/hr\\\/sedna-gospodarica-mora-inuita\\\/#primaryimage\",\"url\":\"https:\\\/\\\/iwell-guard.com\\\/wp-content\\\/uploads\\\/2026\\\/05\\\/goetter_inuit_sedna-1.webp\",\"contentUrl\":\"https:\\\/\\\/iwell-guard.com\\\/wp-content\\\/uploads\\\/2026\\\/05\\\/goetter_inuit_sedna-1.webp\",\"width\":1024,\"height\":1536,\"caption\":\"Bogovi iz inuitske tradicije.\"},{\"@type\":\"BreadcrumbList\",\"@id\":\"https:\\\/\\\/iwell-guard.com\\\/hr\\\/sedna-gospodarica-mora-inuita\\\/#breadcrumb\",\"itemListElement\":[{\"@type\":\"ListItem\",\"position\":1,\"name\":\"Start\",\"item\":\"https:\\\/\\\/iwell-guard.com\\\/hr\\\/?page_id=149317\"},{\"@type\":\"ListItem\",\"position\":2,\"name\":\"Sedna \u2013 gospodarica mora Inuita\"}]},{\"@type\":\"WebSite\",\"@id\":\"https:\\\/\\\/iwell-guard.com\\\/hr\\\/#website\",\"url\":\"https:\\\/\\\/iwell-guard.com\\\/hr\\\/\",\"name\":\"iWell Guard\",\"description\":\"Schutz vor dunklen Einfl\u00fcssen\",\"publisher\":{\"@id\":\"https:\\\/\\\/iwell-guard.com\\\/hr\\\/#organization\"},\"potentialAction\":[{\"@type\":\"SearchAction\",\"target\":{\"@type\":\"EntryPoint\",\"urlTemplate\":\"https:\\\/\\\/iwell-guard.com\\\/hr\\\/?s={search_term_string}\"},\"query-input\":{\"@type\":\"PropertyValueSpecification\",\"valueRequired\":true,\"valueName\":\"search_term_string\"}}],\"inLanguage\":\"hr\"},{\"@type\":\"Organization\",\"@id\":\"https:\\\/\\\/iwell-guard.com\\\/hr\\\/#organization\",\"name\":\"Ittermann electronic GmbH\",\"url\":\"https:\\\/\\\/iwell-guard.com\\\/hr\\\/\",\"logo\":{\"@type\":\"ImageObject\",\"inLanguage\":\"hr\",\"@id\":\"https:\\\/\\\/iwell-guard.com\\\/hr\\\/#\\\/schema\\\/logo\\\/image\\\/\",\"url\":\"https:\\\/\\\/iwell-guard.com\\\/wp-content\\\/uploads\\\/2026\\\/05\\\/Ittermann-Logo-1182x237-1.png\",\"contentUrl\":\"https:\\\/\\\/iwell-guard.com\\\/wp-content\\\/uploads\\\/2026\\\/05\\\/Ittermann-Logo-1182x237-1.png\",\"width\":1182,\"height\":237,\"caption\":\"Ittermann electronic GmbH\"},\"image\":{\"@id\":\"https:\\\/\\\/iwell-guard.com\\\/hr\\\/#\\\/schema\\\/logo\\\/image\\\/\"},\"sameAs\":[\"https:\\\/\\\/pantip.com\\\/profile\\\/9367242\",\"https:\\\/\\\/micro.blog\\\/iwellguard\",\"https:\\\/\\\/www.diggerslist.com\\\/iwellguard\\\/about\",\"https:\\\/\\\/skitterphoto.com\\\/photographers\\\/2870314\\\/iwell-guard\",\"https:\\\/\\\/iwellguard.wordpress.com\\\/2026\\\/06\\\/06\\\/iwell-guard\\\/\",\"https:\\\/\\\/hub.docker.com\\\/u\\\/iwellguard\",\"https:\\\/\\\/www.pinterest.com\\\/iwellguard\\\/\",\"https:\\\/\\\/bit.ly\\\/m\\\/iwellguard\",\"https:\\\/\\\/entre-vos-mains.alsace.eu\\\/profiles\\\/iwellguard\\\/activity\",\"https:\\\/\\\/gravatar.com\\\/reallybeded8fd34\",\"https:\\\/\\\/naijamatta.com\\\/iwellguard\",\"https:\\\/\\\/www.goodreads.com\\\/iwellguard\",\"https:\\\/\\\/profile.hatena.ne.jp\\\/iwellguard\\\/\",\"https:\\\/\\\/experiment.com\\\/users\\\/iwellguard\",\"https:\\\/\\\/wakelet.com\\\/@iWellGuard82270\",\"https:\\\/\\\/www.chordie.com\\\/forum\\\/profile.php?id=2555664\",\"https:\\\/\\\/www.instapaper.com\\\/p\\\/17757966\",\"https:\\\/\\\/www.mapleprimes.com\\\/users\\\/iwellguard\",\"https:\\\/\\\/businesslistingplus.com\\\/profile\\\/iwell-guard\\\/\",\"https:\\\/\\\/telegra.ph\\\/iWell-Guard-06-06\",\"https:\\\/\\\/pbase.com\\\/iwellguard\\\/iwellguard\",\"https:\\\/\\\/b.hatena.ne.jp\\\/iwellguard\\\/20260607#bookmark-4788405196491818882\",\"https:\\\/\\\/fliphtml5.com\\\/home\\\/iwellguard\",\"https:\\\/\\\/anyflip.com\\\/homepage\\\/cmiwl#About\",\"https:\\\/\\\/transfur.com\\\/Users\\\/iwellguard\",\"http:\\\/\\\/delphi.larsbo.org\\\/user\\\/iwellguard\",\"https:\\\/\\\/jobs.lajobsportal.org\\\/profiles\\\/8380803-iwell-guard\",\"https:\\\/\\\/md.chaosdorf.de\\\/s\\\/jfbe5SBdJD\",\"https:\\\/\\\/www.lingvolive.com\\\/en-us\\\/profile\\\/9ecaeaca-ce11-4e51-9e71-01d55e2bff36\\\/translations\",\"https:\\\/\\\/www.fitday.com\\\/fitness\\\/forums\\\/members\\\/iwellguard.html\",\"https:\\\/\\\/www.mymeetbook.com\\\/iwellguard\",\"https:\\\/\\\/pxhere.com\\\/en\\\/photographer-me\\\/5040798\",\"https:\\\/\\\/disqus.com\\\/by\\\/iwellguard\\\/about\\\/\",\"https:\\\/\\\/pastelink.net\\\/hjwciqwq\",\"https:\\\/\\\/pubhtml5.com\\\/homepage\\\/scjhn\\\/\",\"https:\\\/\\\/www.bitchute.com\\\/channel\\\/2O2eOKzNqujT\",\"https:\\\/\\\/audiomack.com\\\/iwellguard\"]},{\"@type\":\"Article\",\"@id\":\"https:\\\/\\\/iwell-guard.com\\\/hr\\\/sedna-gospodarica-mora-inuita\\\/#article\",\"isPartOf\":{\"@id\":\"https:\\\/\\\/iwell-guard.com\\\/hr\\\/sedna-gospodarica-mora-inuita\\\/\"},\"author\":{\"name\":\"Ralf Ittermann\",\"@id\":\"https:\\\/\\\/iwell-guard.com\\\/hr\\\/#\\\/schema\\\/person\\\/ee2a27f1cac3406c7c6fb5820cb7349f\"},\"headline\":\"Sedna \u2013 gospodarica mora Inuita\",\"datePublished\":\"2026-09-04T05:13:04+00:00\",\"dateModified\":\"2026-09-04T05:30:58+00:00\",\"mainEntityOfPage\":{\"@id\":\"https:\\\/\\\/iwell-guard.com\\\/hr\\\/sedna-gospodarica-mora-inuita\\\/\"},\"publisher\":{\"@id\":\"https:\\\/\\\/iwell-guard.com\\\/hr\\\/#organization\"},\"image\":{\"@id\":\"https:\\\/\\\/iwell-guard.com\\\/hr\\\/sedna-gospodarica-mora-inuita\\\/#primaryimage\"},\"thumbnailUrl\":\"https:\\\/\\\/iwell-guard.com\\\/wp-content\\\/uploads\\\/2026\\\/05\\\/goetter_inuit_sedna-1.webp\",\"inLanguage\":\"hr\",\"description\":\"Sedna se smatra gospodaricom morskih \u017eivotinja u inuitskom panteonu. Religijskoznanstvena obrada: mit, \u0161amanska praksa, izvori.\"}]}<\/script>\n<!-- \/ Yoast SEO Premium plugin. -->","yoast_head_json":{"title":"Sedna \u2013 gospodarica mora Inuita, mit i kult","description":"Sedna se smatra gospodaricom morskih \u017eivotinja u inuitskom panteonu. Religijskoznanstvena obrada: mit, \u0161amanska praksa, izvori.","robots":{"index":"index","follow":"follow","max-snippet":"max-snippet:-1","max-image-preview":"max-image-preview:large","max-video-preview":"max-video-preview:-1"},"canonical":"https:\/\/iwell-guard.com\/hr\/sedna-gospodarica-mora-inuita\/","og_locale":"hr_HR","og_type":"article","og_title":"Sedna \u2013 gospodarica mora Inuita","og_description":"Sedna se smatra gospodaricom morskih \u017eivotinja u inuitskom panteonu. Religijskoznanstvena obrada: mit, \u0161amanska praksa, izvori.","og_url":"https:\/\/iwell-guard.com\/hr\/sedna-gospodarica-mora-inuita\/","og_site_name":"iWell Guard","article_modified_time":"2026-09-04T05:30:58+00:00","og_image":[{"width":1024,"height":1536,"url":"https:\/\/iwell-guard.com\/wp-content\/uploads\/2026\/05\/goetter_inuit_sedna-1.webp","type":"image\/webp"}],"twitter_card":"summary_large_image","schema":{"@context":"https:\/\/schema.org","@graph":[{"@type":"Article","@id":"https:\/\/iwell-guard.com\/hr\/sedna-gospodarica-mora-inuita\/#article","isPartOf":{"@id":"https:\/\/iwell-guard.com\/hr\/sedna-gospodarica-mora-inuita\/"},"author":{"name":"Ralf Ittermann","@id":"https:\/\/iwell-guard.com\/hr\/#\/schema\/person\/ee2a27f1cac3406c7c6fb5820cb7349f"},"headline":"Sedna \u2013 gospodarica mora Inuita","datePublished":"2026-09-04T05:13:04+00:00","dateModified":"2026-09-04T05:30:58+00:00","mainEntityOfPage":{"@id":"https:\/\/iwell-guard.com\/hr\/sedna-gospodarica-mora-inuita\/"},"publisher":{"@id":"https:\/\/iwell-guard.com\/hr\/#organization"},"image":{"@id":"https:\/\/iwell-guard.com\/hr\/sedna-gospodarica-mora-inuita\/#primaryimage"},"thumbnailUrl":"https:\/\/iwell-guard.com\/wp-content\/uploads\/2026\/05\/goetter_inuit_sedna-1.webp","inLanguage":"hr","description":"Sedna se smatra gospodaricom morskih \u017eivotinja u inuitskom panteonu. Religijskoznanstvena obrada: mit, \u0161amanska praksa, izvori."},{"@type":"WebPage","@id":"https:\/\/iwell-guard.com\/hr\/sedna-gospodarica-mora-inuita\/","url":"https:\/\/iwell-guard.com\/hr\/sedna-gospodarica-mora-inuita\/","name":"Sedna \u2013 gospodarica mora Inuita, mit i kult","isPartOf":{"@id":"https:\/\/iwell-guard.com\/hr\/#website"},"primaryImageOfPage":{"@id":"https:\/\/iwell-guard.com\/hr\/sedna-gospodarica-mora-inuita\/#primaryimage"},"image":{"@id":"https:\/\/iwell-guard.com\/hr\/sedna-gospodarica-mora-inuita\/#primaryimage"},"thumbnailUrl":"https:\/\/iwell-guard.com\/wp-content\/uploads\/2026\/05\/goetter_inuit_sedna-1.webp","datePublished":"2026-09-04T05:13:04+00:00","dateModified":"2026-09-04T05:30:58+00:00","description":"Sedna se smatra gospodaricom morskih \u017eivotinja u inuitskom panteonu. Religijskoznanstvena obrada: mit, \u0161amanska praksa, izvori.","breadcrumb":{"@id":"https:\/\/iwell-guard.com\/hr\/sedna-gospodarica-mora-inuita\/#breadcrumb"},"inLanguage":"hr","potentialAction":[{"@type":"ReadAction","target":["https:\/\/iwell-guard.com\/hr\/sedna-gospodarica-mora-inuita\/"]}]},{"@type":"ImageObject","inLanguage":"hr","@id":"https:\/\/iwell-guard.com\/hr\/sedna-gospodarica-mora-inuita\/#primaryimage","url":"https:\/\/iwell-guard.com\/wp-content\/uploads\/2026\/05\/goetter_inuit_sedna-1.webp","contentUrl":"https:\/\/iwell-guard.com\/wp-content\/uploads\/2026\/05\/goetter_inuit_sedna-1.webp","width":1024,"height":1536,"caption":"Bogovi iz inuitske tradicije."},{"@type":"BreadcrumbList","@id":"https:\/\/iwell-guard.com\/hr\/sedna-gospodarica-mora-inuita\/#breadcrumb","itemListElement":[{"@type":"ListItem","position":1,"name":"Start","item":"https:\/\/iwell-guard.com\/hr\/?page_id=149317"},{"@type":"ListItem","position":2,"name":"Sedna \u2013 gospodarica mora Inuita"}]},{"@type":"WebSite","@id":"https:\/\/iwell-guard.com\/hr\/#website","url":"https:\/\/iwell-guard.com\/hr\/","name":"iWell Guard","description":"Schutz vor dunklen Einfl\u00fcssen","publisher":{"@id":"https:\/\/iwell-guard.com\/hr\/#organization"},"potentialAction":[{"@type":"SearchAction","target":{"@type":"EntryPoint","urlTemplate":"https:\/\/iwell-guard.com\/hr\/?s={search_term_string}"},"query-input":{"@type":"PropertyValueSpecification","valueRequired":true,"valueName":"search_term_string"}}],"inLanguage":"hr"},{"@type":"Organization","@id":"https:\/\/iwell-guard.com\/hr\/#organization","name":"Ittermann electronic GmbH","url":"https:\/\/iwell-guard.com\/hr\/","logo":{"@type":"ImageObject","inLanguage":"hr","@id":"https:\/\/iwell-guard.com\/hr\/#\/schema\/logo\/image\/","url":"https:\/\/iwell-guard.com\/wp-content\/uploads\/2026\/05\/Ittermann-Logo-1182x237-1.png","contentUrl":"https:\/\/iwell-guard.com\/wp-content\/uploads\/2026\/05\/Ittermann-Logo-1182x237-1.png","width":1182,"height":237,"caption":"Ittermann electronic GmbH"},"image":{"@id":"https:\/\/iwell-guard.com\/hr\/#\/schema\/logo\/image\/"},"sameAs":["https:\/\/pantip.com\/profile\/9367242","https:\/\/micro.blog\/iwellguard","https:\/\/www.diggerslist.com\/iwellguard\/about","https:\/\/skitterphoto.com\/photographers\/2870314\/iwell-guard","https:\/\/iwellguard.wordpress.com\/2026\/06\/06\/iwell-guard\/","https:\/\/hub.docker.com\/u\/iwellguard","https:\/\/www.pinterest.com\/iwellguard\/","https:\/\/bit.ly\/m\/iwellguard","https:\/\/entre-vos-mains.alsace.eu\/profiles\/iwellguard\/activity","https:\/\/gravatar.com\/reallybeded8fd34","https:\/\/naijamatta.com\/iwellguard","https:\/\/www.goodreads.com\/iwellguard","https:\/\/profile.hatena.ne.jp\/iwellguard\/","https:\/\/experiment.com\/users\/iwellguard","https:\/\/wakelet.com\/@iWellGuard82270","https:\/\/www.chordie.com\/forum\/profile.php?id=2555664","https:\/\/www.instapaper.com\/p\/17757966","https:\/\/www.mapleprimes.com\/users\/iwellguard","https:\/\/businesslistingplus.com\/profile\/iwell-guard\/","https:\/\/telegra.ph\/iWell-Guard-06-06","https:\/\/pbase.com\/iwellguard\/iwellguard","https:\/\/b.hatena.ne.jp\/iwellguard\/20260607#bookmark-4788405196491818882","https:\/\/fliphtml5.com\/home\/iwellguard","https:\/\/anyflip.com\/homepage\/cmiwl#About","https:\/\/transfur.com\/Users\/iwellguard","http:\/\/delphi.larsbo.org\/user\/iwellguard","https:\/\/jobs.lajobsportal.org\/profiles\/8380803-iwell-guard","https:\/\/md.chaosdorf.de\/s\/jfbe5SBdJD","https:\/\/www.lingvolive.com\/en-us\/profile\/9ecaeaca-ce11-4e51-9e71-01d55e2bff36\/translations","https:\/\/www.fitday.com\/fitness\/forums\/members\/iwellguard.html","https:\/\/www.mymeetbook.com\/iwellguard","https:\/\/pxhere.com\/en\/photographer-me\/5040798","https:\/\/disqus.com\/by\/iwellguard\/about\/","https:\/\/pastelink.net\/hjwciqwq","https:\/\/pubhtml5.com\/homepage\/scjhn\/","https:\/\/www.bitchute.com\/channel\/2O2eOKzNqujT","https:\/\/audiomack.com\/iwellguard"]},{"@type":"Person","@id":"https:\/\/iwell-guard.com\/hr\/#\/schema\/person\/ee2a27f1cac3406c7c6fb5820cb7349f","name":"Ralf Ittermann","image":{"@type":"ImageObject","inLanguage":"hr","@id":"https:\/\/secure.gravatar.com\/avatar\/073c0153e350a5005b68eb752b445fea71f6b24a26da9449ad7e155e6b446c9d?s=96&d=mm&r=g","url":"https:\/\/secure.gravatar.com\/avatar\/073c0153e350a5005b68eb752b445fea71f6b24a26da9449ad7e155e6b446c9d?s=96&d=mm&r=g","contentUrl":"https:\/\/secure.gravatar.com\/avatar\/073c0153e350a5005b68eb752b445fea71f6b24a26da9449ad7e155e6b446c9d?s=96&d=mm&r=g","caption":"Ralf Ittermann"},"givenName":"Ralf","familyName":"Ittermann","jobTitle":"Gesch\u00e4ftsf\u00fchrer und redaktioneller Verantwortlicher","url":"https:\/\/iwell-guard.com\/hr\/author\/claude\/","description":"Ralf Ittermann ist Gesch\u00e4ftsf\u00fchrer der Ittermann electronic GmbH und redaktioneller Verantwortlicher des iWell-Guard-Lexikons. Er verbindet langj\u00e4hrige Erfahrung in der Pr\u00e4zisionsfertigung mit medialer Praxis und religionsgeschichtlicher Quellenarbeit.","worksFor":{"@type":"Organization","name":"Ittermann electronic GmbH","url":"https:\/\/ittermann.de\/","address":{"@type":"PostalAddress","streetAddress":"K\u00f6hlergasse 16-18","postalCode":"99842","addressLocality":"Ruhla","addressCountry":"DE"}},"knowsAbout":["Religionsgeschichte","Mythologie","Mediale Praxis","Energetische Diagnostik","Schutzpraxis","Volksglauben","Westliche Esoterik"]},{"@type":"Article","@id":"https:\/\/iwell-guard.com\/hr\/sedna-gospodarica-mora-inuita\/#article","isPartOf":{"@id":"https:\/\/iwell-guard.com\/hr\/sedna-gospodarica-mora-inuita\/"},"author":{"name":"Ralf Ittermann","@id":"https:\/\/iwell-guard.com\/hr\/#\/schema\/person\/ee2a27f1cac3406c7c6fb5820cb7349f"},"headline":"Sedna \u2013 gospodarica mora Inuita","datePublished":"2026-09-04T05:13:04+00:00","dateModified":"2026-09-04T05:30:58+00:00","mainEntityOfPage":{"@id":"https:\/\/iwell-guard.com\/hr\/sedna-gospodarica-mora-inuita\/"},"publisher":{"@id":"https:\/\/iwell-guard.com\/hr\/#organization"},"image":{"@id":"https:\/\/iwell-guard.com\/hr\/sedna-gospodarica-mora-inuita\/#primaryimage"},"thumbnailUrl":"https:\/\/iwell-guard.com\/wp-content\/uploads\/2026\/05\/goetter_inuit_sedna-1.webp","inLanguage":"hr","description":"Sedna se smatra gospodaricom morskih \u017eivotinja u inuitskom panteonu. Religijskoznanstvena obrada: mit, \u0161amanska praksa, izvori."}]}},"_links":{"self":[{"href":"https:\/\/iwell-guard.com\/hr\/wp-json\/wp\/v2\/pages\/149735","targetHints":{"allow":["GET"]}}],"collection":[{"href":"https:\/\/iwell-guard.com\/hr\/wp-json\/wp\/v2\/pages"}],"about":[{"href":"https:\/\/iwell-guard.com\/hr\/wp-json\/wp\/v2\/types\/page"}],"author":[{"embeddable":true,"href":"https:\/\/iwell-guard.com\/hr\/wp-json\/wp\/v2\/users\/3"}],"replies":[{"embeddable":true,"href":"https:\/\/iwell-guard.com\/hr\/wp-json\/wp\/v2\/comments?post=149735"}],"version-history":[{"count":0,"href":"https:\/\/iwell-guard.com\/hr\/wp-json\/wp\/v2\/pages\/149735\/revisions"}],"wp:featuredmedia":[{"embeddable":true,"href":"https:\/\/iwell-guard.com\/hr\/wp-json\/wp\/v2\/media\/2885"}],"wp:attachment":[{"href":"https:\/\/iwell-guard.com\/hr\/wp-json\/wp\/v2\/media?parent=149735"}],"wp:term":[{"taxonomy":"category","embeddable":true,"href":"https:\/\/iwell-guard.com\/hr\/wp-json\/wp\/v2\/categories?post=149735"}],"curies":[{"name":"wp","href":"https:\/\/api.w.org\/{rel}","templated":true}]}}