{"id":149730,"date":"2026-09-04T05:13:02","date_gmt":"2026-09-04T05:13:02","guid":{"rendered":"https:\/\/iwell-guard.com\/?page_id=149730"},"modified":"2026-09-04T05:30:53","modified_gmt":"2026-09-04T05:30:53","slug":"mimi-duhovi-stijena-arnhem-land","status":"publish","type":"page","link":"https:\/\/iwell-guard.com\/hr\/mimi-duhovi-stijena-arnhem-land\/","title":{"rendered":"Mimi duhovi \u2013 Vitki duhovi stijena Aborid\u017eina Arnhem Landa"},"content":{"rendered":"\t\t<div data-elementor-type=\"wp-page\" data-elementor-id=\"149730\" class=\"elementor elementor-149730 elementor-2650 elementor-bc-flex-widget\" data-elementor-post-type=\"page\">\n\t\t\t\t<div class=\"elementor-element elementor-element-iwgw-mimigeiste-hero e-flex e-con-boxed e-con e-parent\" data-id=\"iwgw-mimigeiste-hero\" data-element_type=\"container\" data-e-type=\"container\" data-settings=\"{&quot;background_background&quot;:&quot;classic&quot;}\">\n\t\t\t\t\t<div class=\"e-con-inner\">\n\t\t<div class=\"elementor-element elementor-element-iwgw-mimigeiste-hl e-flex e-con-boxed e-con e-child\" data-id=\"iwgw-mimigeiste-hl\" data-element_type=\"container\" data-e-type=\"container\">\n\t\t\t\t\t<div class=\"e-con-inner\">\n\t\t<div class=\"elementor-element elementor-element-iwgw-mimigeiste-htxt e-con-full e-flex e-con e-child\" data-id=\"iwgw-mimigeiste-htxt\" data-element_type=\"container\" data-e-type=\"container\">\n\t\t\t\t<div class=\"elementor-element elementor-element-iwgw-mimigeiste-h1 elementor-widget elementor-widget-heading\" data-id=\"iwgw-mimigeiste-h1\" data-element_type=\"widget\" data-e-type=\"widget\" data-widget_type=\"heading.default\">\n\t\t\t\t\t<h1 class=\"elementor-heading-title elementor-size-default\">Mimi duhovi, vitki duhovi stijena i \u0161pilja aborid\u017einske tradicije Arnhem Landa<\/h1>\t\t\t\t<\/div>\n\t\t\t\t<div class=\"elementor-element elementor-element-iwgw-mimigeiste-lead elementor-widget elementor-widget-text-editor\" data-id=\"iwgw-mimigeiste-lead\" data-element_type=\"widget\" data-e-type=\"widget\" data-widget_type=\"text-editor.default\">\n\t\t\t\t\t\t\t\t\t<p>Mimi duhovi (tako\u0111er <em>Mimih<\/em>) su vitki, stidljivi duhovi stijena i \u0161pilja aborid\u017einske tradicije zapadnog Arnhem Landa u sjevernoj Australiji. Toliko su vitki da se mogu skriti u pukotinama stijena, a toliko su stidljivi da se pojavljuju samo u potpunoj bezvjetrini.<\/p>\t\t\t\t\t\t\t\t<\/div>\n\t\t\t\t<\/div>\n\t\t<div class=\"elementor-element elementor-element-iwgw-mimigeiste-pillc e-con-full e-flex e-con e-child\" data-id=\"iwgw-mimigeiste-pillc\" data-element_type=\"container\" data-e-type=\"container\">\n\t\t\t\t<div class=\"elementor-element elementor-element-iwgw-mimigeiste-pills elementor-widget elementor-widget-html\" data-id=\"iwgw-mimigeiste-pills\" data-element_type=\"widget\" data-e-type=\"widget\" data-widget_type=\"html.default\">\n\t\t\t\t\t<div class=\"iwg-pill-row\"><span class=\"iwg-klasse-badge\" tabindex=\"0\" data-tooltip=\"Prirodni duh tradicije Aborid\u017eina.\">Prirodni duh<\/span><a href=\"https:\/\/iwell-guard.com\/hr\/aboridzinska-australija-dreamtime-tjukurpa\/\" class=\"iwg-kultur-badge\" tabindex=\"0\" data-tooltip=\"Mitologija tradicije Aborid\u017eina.\">Aborid\u017eini<\/a><span class=\"iwg-tradition-badge\" tabindex=\"0\" data-tooltip=\"Duhovi stijena.\">Duhovi stijena<\/span><\/div>\t\t\t\t<\/div>\n\t\t\t\t<\/div>\n\t\t<div class=\"elementor-element elementor-element-iwgw-mimigeiste-tocc e-con-full e-flex e-con e-child\" data-id=\"iwgw-mimigeiste-tocc\" data-element_type=\"container\" data-e-type=\"container\">\n\t\t\t\t<div class=\"elementor-element elementor-element-iwgw-mimigeiste-toc elementor-toc--minimized-on-tablet elementor-widget elementor-widget-table-of-contents\" data-id=\"iwgw-mimigeiste-toc\" data-element_type=\"widget\" data-e-type=\"widget\" data-settings=\"{&quot;headings_by_tags&quot;:[&quot;h2&quot;,&quot;h3&quot;],&quot;minimize_box&quot;:&quot;yes&quot;,&quot;marker_view&quot;:&quot;bullets&quot;,&quot;no_headings_message&quot;:&quot;Na ovoj stranici nisu prona\\u0111eni naslovi.&quot;,&quot;exclude_headings_by_selector&quot;:[],&quot;icon&quot;:{&quot;value&quot;:&quot;fas fa-circle&quot;,&quot;library&quot;:&quot;fa-solid&quot;,&quot;rendered_tag&quot;:&quot;&lt;svg class=\\&quot;e-font-icon-svg e-fas-circle\\&quot; viewBox=\\&quot;0 0 512 512\\&quot; xmlns=\\&quot;http:\\\/\\\/www.w3.org\\\/2000\\\/svg\\&quot;&gt;&lt;path d=\\&quot;M256 8C119 8 8 119 8 256s111 248 248 248 248-111 248-248S393 8 256 8z\\&quot;&gt;&lt;\\\/path&gt;&lt;\\\/svg&gt;&quot;},&quot;minimized_on&quot;:&quot;tablet&quot;,&quot;hierarchical_view&quot;:&quot;yes&quot;,&quot;min_height&quot;:{&quot;unit&quot;:&quot;px&quot;,&quot;size&quot;:&quot;&quot;,&quot;sizes&quot;:[]},&quot;min_height_tablet&quot;:{&quot;unit&quot;:&quot;px&quot;,&quot;size&quot;:&quot;&quot;,&quot;sizes&quot;:[]},&quot;min_height_mobile&quot;:{&quot;unit&quot;:&quot;px&quot;,&quot;size&quot;:&quot;&quot;,&quot;sizes&quot;:[]}}\" data-widget_type=\"table-of-contents.default\">\n\t\t\t\t\t\t\t\t\t<div class=\"elementor-toc__header\">\n\t\t\t\t\t\t<h2 class=\"elementor-toc__header-title\">\n\t\t\t\tSadr\u017eaj\t\t\t<\/h2>\n\t\t\t\t\t\t\t\t\t\t<div class=\"elementor-toc__toggle-button elementor-toc__toggle-button--expand\" role=\"button\" tabindex=\"0\" aria-controls=\"elementor-toc__iwgw-mimigeiste-toc\" aria-expanded=\"true\" aria-label=\"Open table of contents\"><svg aria-hidden=\"true\" class=\"e-font-icon-svg e-fas-chevron-down\" viewBox=\"0 0 448 512\" xmlns=\"http:\/\/www.w3.org\/2000\/svg\"><path d=\"M207.029 381.476L12.686 187.132c-9.373-9.373-9.373-24.569 0-33.941l22.667-22.667c9.357-9.357 24.522-9.375 33.901-.04L224 284.505l154.745-154.021c9.379-9.335 24.544-9.317 33.901.04l22.667 22.667c9.373 9.373 9.373 24.569 0 33.941L240.971 381.476c-9.373 9.372-24.569 9.372-33.942 0z\"><\/path><\/svg><\/div>\n\t\t\t\t<div class=\"elementor-toc__toggle-button elementor-toc__toggle-button--collapse\" role=\"button\" tabindex=\"0\" aria-controls=\"elementor-toc__iwgw-mimigeiste-toc\" aria-expanded=\"true\" aria-label=\"Close table of contents\"><svg aria-hidden=\"true\" class=\"e-font-icon-svg e-fas-chevron-up\" viewBox=\"0 0 448 512\" xmlns=\"http:\/\/www.w3.org\/2000\/svg\"><path d=\"M240.971 130.524l194.343 194.343c9.373 9.373 9.373 24.569 0 33.941l-22.667 22.667c-9.357 9.357-24.522 9.375-33.901.04L224 227.495 69.255 381.516c-9.379 9.335-24.544 9.317-33.901-.04l-22.667-22.667c-9.373-9.373-9.373-24.569 0-33.941L207.03 130.525c9.372-9.373 24.568-9.373 33.941-.001z\"><\/path><\/svg><\/div>\n\t\t\t\t\t<\/div>\n\t\t\t\t<div id=\"elementor-toc__iwgw-mimigeiste-toc\" class=\"elementor-toc__body\">\n\t\t\t<div class=\"elementor-toc__spinner-container\">\n\t\t\t\t<svg class=\"elementor-toc__spinner eicon-animation-spin e-font-icon-svg e-eicon-loading\" aria-hidden=\"true\" viewBox=\"0 0 1000 1000\" xmlns=\"http:\/\/www.w3.org\/2000\/svg\"><path d=\"M500 975V858C696 858 858 696 858 500S696 142 500 142 142 304 142 500H25C25 237 238 25 500 25S975 237 975 500 763 975 500 975Z\"><\/path><\/svg>\t\t\t<\/div>\n\t\t<\/div>\n\t\t\t\t\t\t<\/div>\n\t\t\t\t<\/div>\n\t\t\t\t\t<\/div>\n\t\t\t\t<\/div>\n\t\t<div class=\"elementor-element elementor-element-iwgw-mimigeiste-hr e-con-full e-flex e-con e-child\" data-id=\"iwgw-mimigeiste-hr\" data-element_type=\"container\" data-e-type=\"container\">\n\t\t\t\t<div class=\"elementor-element elementor-element-iwgw-mimigeiste-heroimg iwg-hero-image elementor-widget elementor-widget-image\" data-id=\"iwgw-mimigeiste-heroimg\" data-element_type=\"widget\" data-e-type=\"widget\" data-widget_type=\"image.default\">\n\t\t\t\t\t\t\t\t\t\t\t\t\t\t\t<img fetchpriority=\"high\" decoding=\"async\" width=\"683\" height=\"1024\" src=\"https:\/\/iwell-guard.com\/wp-content\/uploads\/2026\/05\/geister_aboriginal_mimi-geister-683x1024.webp\" class=\"attachment-large size-large wp-image-151526\" alt=\"Mimi duhovi - duhovi iz aborid\u017einske tradicije, povijesno-ilustrativno\" srcset=\"https:\/\/iwell-guard.com\/wp-content\/uploads\/2026\/05\/geister_aboriginal_mimi-geister-683x1024.webp 683w, https:\/\/iwell-guard.com\/wp-content\/uploads\/2026\/05\/geister_aboriginal_mimi-geister-200x300.webp 200w, https:\/\/iwell-guard.com\/wp-content\/uploads\/2026\/05\/geister_aboriginal_mimi-geister-768x1152.webp 768w, https:\/\/iwell-guard.com\/wp-content\/uploads\/2026\/05\/geister_aboriginal_mimi-geister.webp 1024w\" sizes=\"(max-width: 683px) 100vw, 683px\" \/>\t\t\t\t\t\t\t\t\t\t\t\t\t\t\t<\/div>\n\t\t\t\t<\/div>\n\t\t\t\t\t<\/div>\n\t\t\t\t<\/div>\n\t\t<div class=\"elementor-element elementor-element-iwgw-mimigeiste-s0 e-flex e-con-boxed e-con e-parent\" data-id=\"iwgw-mimigeiste-s0\" data-element_type=\"container\" data-e-type=\"container\">\n\t\t\t\t\t<div class=\"e-con-inner\">\n\t\t\t\t<div class=\"elementor-element elementor-element-iwgw-mimigeiste-s0h elementor-widget elementor-widget-heading\" data-id=\"iwgw-mimigeiste-s0h\" data-element_type=\"widget\" data-e-type=\"widget\" data-widget_type=\"heading.default\">\n\t\t\t\t\t<h2 class=\"elementor-heading-title elementor-size-default\">Uvod i kratki profil<\/h2>\t\t\t\t<\/div>\n\t\t<div class=\"elementor-element elementor-element-iwgw-mimigeiste-s0c e-con-full e-flex e-con e-child\" data-id=\"iwgw-mimigeiste-s0c\" data-element_type=\"container\" data-e-type=\"container\">\n\t\t\t\t<div class=\"elementor-element elementor-element-iwgw-mimigeiste-s0t elementor-widget elementor-widget-text-editor\" data-id=\"iwgw-mimigeiste-s0t\" data-element_type=\"widget\" data-e-type=\"widget\" data-widget_type=\"text-editor.default\">\n\t\t\t\t\t\t\t\t\t<p>Mimi duhovi pripadaju religijskoj povijesti aborid\u017einskih zajednica zapadnog Arnhem Landa, posebice Kunwinjku, Mayali, Dangbon i Rembarrnga. Iz unutarnje perspektive tradicije rije\u010d je o stvarnim bi\u0107ima koja \u017eive u stijenama i \u0161piljama arnhemlandskog plateaua; iz vanjske perspektive religijske etnologije radi se o obitelji duhova vezanih za odre\u0111ena mjesta, s pou\u010dnom i opominju\u0107om funkcijom.<\/p><p>Unutar <a href=\"https:\/\/iwell-guard.com\/hr\/aboridzinska-australija-dreamtime-tjukurpa\/\">aborid\u017einske tradicije<\/a> Mimi duhovi su posebno zanimljivi jer im sami Aborid\u017eini pripisuju izum slikarstva na stijenama: prema predaji, u vrijeme Dreaminga Mimi su naslikali prve slike, a ljudi su od njih nau\u010dili slikati. Ta mitska genealogija slika na stijenama \u010dini Mimi duhove klju\u010dnom figurom povijesti aborid\u017einske umjetnosti.<\/p><p>Fenomenologijski gledano, Mimi duhovi pripadaju \u0161iroj skupini \u201evilinskog naroda\u201c, malenih, stidljivih duhova vezanih za odre\u0111ena mjesta, koji se pojavljuju u mnogim autohtonim tradicijama \u0161irom svijeta i uglavnom su povezani s pou\u010dnom i opominju\u0107om funkcijom.<\/p>\t\t\t\t\t\t\t\t<\/div>\n\t\t\t\t<\/div>\n\t\t\t\t\t<\/div>\n\t\t\t\t<\/div>\n\t\t<div class=\"elementor-element elementor-element-iwgw-mimigeiste-s1 e-flex e-con-boxed e-con e-parent\" data-id=\"iwgw-mimigeiste-s1\" data-element_type=\"container\" data-e-type=\"container\">\n\t\t\t\t\t<div class=\"e-con-inner\">\n\t\t\t\t<div class=\"elementor-element elementor-element-iwgw-mimigeiste-s1h elementor-widget elementor-widget-heading\" data-id=\"iwgw-mimigeiste-s1h\" data-element_type=\"widget\" data-e-type=\"widget\" data-widget_type=\"heading.default\">\n\t\t\t\t\t<h2 class=\"elementor-heading-title elementor-size-default\">Ime i etimologija<\/h2>\t\t\t\t<\/div>\n\t\t<div class=\"elementor-element elementor-element-iwgw-mimigeiste-s1c e-con-full e-flex e-con e-child\" data-id=\"iwgw-mimigeiste-s1c\" data-element_type=\"container\" data-e-type=\"container\">\n\t\t\t\t<div class=\"elementor-element elementor-element-iwgw-mimigeiste-s1t elementor-widget elementor-widget-text-editor\" data-id=\"iwgw-mimigeiste-s1t\" data-element_type=\"widget\" data-e-type=\"widget\" data-widget_type=\"text-editor.default\">\n\t\t\t\t\t\t\t\t\t<p>Ime <em>Mimi<\/em> (tako\u0111er <em>Mimih<\/em>) potvr\u0111eno je u ve\u0107ini aborid\u017einskih jezika Arnhem Landa. Etimologija nije kona\u010dno razja\u0161njena; jedno tradicionalno tuma\u010denje povezuje rije\u010d s onomatopejskim korijenom koji opona\u0161a tiho \u0161i\u0161tanje ili \u0161apat duhova.<\/p><p><span data-nosnippet>Kod Yolngua u isto\u010dnom Arnhem Landu nazivaju se malo druga\u010dije, <em>Wapitja<\/em> ili <em>Yawk<\/em>, s djelomi\u010dno druga\u010dijim svojstvima. Howard Morphy je u djelu <em>Aboriginal Art<\/em> (1998) sustavno dokumentirao te regionalne varijacije.<\/span><\/p><p>U starijim etnografskim izvje\u0161tajima Mimi duhovi se \u010desto nazivaju \u201emimih spirits\u201c, anglizacija koja je danas manje uobi\u010dajena. Standardni je danas oblik <em>Mimi duhovi<\/em> (na njema\u010dkom) odnosno <em>Mimi spirits<\/em> (na engleskom).<\/p>\t\t\t\t\t\t\t\t<\/div>\n\t\t\t\t<\/div>\n\t\t\t\t\t<\/div>\n\t\t\t\t<\/div>\n\t\t<div class=\"elementor-element elementor-element-iwgw-mimigeiste-s2 e-flex e-con-boxed e-con e-parent\" data-id=\"iwgw-mimigeiste-s2\" data-element_type=\"container\" data-e-type=\"container\">\n\t\t\t\t\t<div class=\"e-con-inner\">\n\t\t\t\t<div class=\"elementor-element elementor-element-iwgw-mimigeiste-s2h elementor-widget elementor-widget-heading\" data-id=\"iwgw-mimigeiste-s2h\" data-element_type=\"widget\" data-e-type=\"widget\" data-widget_type=\"heading.default\">\n\t\t\t\t\t<h2 class=\"elementor-heading-title elementor-size-default\">Opis i ikonografija<\/h2>\t\t\t\t<\/div>\n\t\t<div class=\"elementor-element elementor-element-iwgw-mimigeiste-s2c e-con-full e-flex e-con e-child\" data-id=\"iwgw-mimigeiste-s2c\" data-element_type=\"container\" data-e-type=\"container\">\n\t\t\t\t<div class=\"elementor-element elementor-element-iwgw-mimigeiste-s2t elementor-widget elementor-widget-text-editor\" data-id=\"iwgw-mimigeiste-s2t\" data-element_type=\"widget\" data-e-type=\"widget\" data-widget_type=\"text-editor.default\">\n\t\t\t\t\t\t\t\t\t<p>Mimi duhovi opisuju se kao izrazito vitka, izdu\u017eena bi\u0107a, tako vitka da se mogu skriti u pukotinama stijena, i tako osjetljiva da bi im i najslabiji vjetar mogao slomiti vratne kosti. Zato svoje pukotine u stijenama napu\u0161taju samo u potpunoj bezvjetrini. Imaju ljudska lica, ali pretjerano duge udove; \u010desto im se pripisuje i dugo koplje u ruci.<\/p><p>Slike na stijenama u \u201eMimi stilu\u201c ubrajaju se me\u0111u najstarije o\u010duvane slike na stijenama Arnhem Landa. Tipi\u010dno prikazuju vitke, \u017eivo pokrenute figure, lovce s kopljima, plesa\u010de, \u017eene sa \u0161tapovima za kopanje. Taj \u201edynamic figures style\u201c datira se i do 12.000 godina unazad, \u010dime Mimi slike na stijenama postaju najstarija o\u010duvana umjetni\u010dka djela Australije.<\/p><p>Posebno zna\u010denje ima tradicija Mimi duhova u \u201ebark paintingu\u201c (slikarstvu na kori) 20. stolje\u0107a. Aborid\u017einski umjetnici kao Yirawala, Crusoe Kuningbal i Spider Namirrkki prenijeli su teme Mimi duhova u moderne medije. Ta djela danas se \u010duvaju u brojnim muzejima po svijetu (npr. National Museum Canberra, British Museum, Mus\u00e9e du Quai Branly Paris).<\/p>\t\t\t\t\t\t\t\t<\/div>\n\t\t\t\t<\/div>\n\t\t\t\t\t<\/div>\n\t\t\t\t<\/div>\n\t\t<div class=\"elementor-element elementor-element-iwgw-mimigeiste-s3 e-flex e-con-boxed e-con e-parent\" data-id=\"iwgw-mimigeiste-s3\" data-element_type=\"container\" data-e-type=\"container\">\n\t\t\t\t\t<div class=\"e-con-inner\">\n\t\t\t\t<div class=\"elementor-element elementor-element-iwgw-mimigeiste-s3h elementor-widget elementor-widget-heading\" data-id=\"iwgw-mimigeiste-s3h\" data-element_type=\"widget\" data-e-type=\"widget\" data-widget_type=\"heading.default\">\n\t\t\t\t\t<h2 class=\"elementor-heading-title elementor-size-default\">Mitolo\u0161ke pri\u010de<\/h2>\t\t\t\t<\/div>\n\t\t<div class=\"elementor-element elementor-element-iwgw-mimigeiste-s3c e-con-full e-flex e-con e-child\" data-id=\"iwgw-mimigeiste-s3c\" data-element_type=\"container\" data-e-type=\"container\">\n\t\t\t\t<div class=\"elementor-element elementor-element-iwgw-mimigeiste-s3t elementor-widget elementor-widget-text-editor\" data-id=\"iwgw-mimigeiste-s3t\" data-element_type=\"widget\" data-e-type=\"widget\" data-widget_type=\"text-editor.default\">\n\t\t\t\t\t\t\t\t\t<p>Sredi\u0161nja pri\u010da o Mimi duhovima je \u201eMimi pouka\u201c: u vrijeme Dreaminga Mimi duhovi \u017eivjeli su mirno u stijenama. Bili su vrhunski lovci i vrhunski slikari. Kada su vidjeli prve ljude, iz samilosti su ih nau\u010dili loviti, paliti vatru i slikati. Dana\u0161nja umjetnost i kultura Kunwinjku smatra se izravnom ba\u0161tinom Mimi duhova.<\/p><p>Druga pri\u010da opisuje strategije skrivanja Mimi duhova: kada zapu\u0161e vjetar, Mimi duhovi povla\u010de se duboko u stijene; u bezvjetrini se odva\u017euju iza\u0107i. Onaj koji vidi Mimi <span class=\"iwg-fachbegriff\" data-tooltip=\"Bezobli\u010dno bi\u0107e kojemu se pripisuje djelovanje u svijetu.\" tabindex=\"0\">duha<\/span>, ne treba mu se obra\u0107ati, jer su stidljivi i, uvrije\u0111eni, povla\u010de se.<\/p><p>Tre\u0107a pri\u010da govori o opasnim susretima s Mimi duhovima: ako lovac ostane predu\u0433\u043e u \u0161pilji, Mimi duhovi ga mogu \u201eodnijeti\u201c, <span class=\"iwg-fachbegriff\" data-tooltip=\"Ponavljaju\u0107i sadr\u017eajni element u umjetnosti ili pri\u010di.\" tabindex=\"0\">motiv<\/span> koji podsje\u0107a na europske pri\u010de o otmicama vila i koji se koristi u brojnim aborid\u017einskim opominju\u0107im pri\u010dama za djecu.<\/p>\t\t\t\t\t\t\t\t<\/div>\n\t\t\t\t<\/div>\n\t\t\t\t\t<\/div>\n\t\t\t\t<\/div>\n\t\t<div class=\"elementor-element elementor-element-iwgw-mimigeiste-s4 e-flex e-con-boxed e-con e-parent\" data-id=\"iwgw-mimigeiste-s4\" data-element_type=\"container\" data-e-type=\"container\">\n\t\t\t\t\t<div class=\"e-con-inner\">\n\t\t\t\t<div class=\"elementor-element elementor-element-iwgw-mimigeiste-s4h elementor-widget elementor-widget-heading\" data-id=\"iwgw-mimigeiste-s4h\" data-element_type=\"widget\" data-e-type=\"widget\" data-widget_type=\"heading.default\">\n\t\t\t\t\t<h2 class=\"elementor-heading-title elementor-size-default\">Kult i \u0161tovanje<\/h2>\t\t\t\t<\/div>\n\t\t<div class=\"elementor-element elementor-element-iwgw-mimigeiste-s4c e-con-full e-flex e-con e-child\" data-id=\"iwgw-mimigeiste-s4c\" data-element_type=\"container\" data-e-type=\"container\">\n\t\t\t\t<div class=\"elementor-element elementor-element-iwgw-mimigeiste-s4t elementor-widget elementor-widget-text-editor\" data-id=\"iwgw-mimigeiste-s4t\" data-element_type=\"widget\" data-e-type=\"widget\" data-widget_type=\"text-editor.default\">\n\t\t\t\t\t\t\t\t\t<p>Mimi duhovi nemaju formalni <span class=\"iwg-fachbegriff\" data-tooltip=\"Skup obreda i \u010dinova po\u0161tovanja prema bo\u017eanstvu ili svetom bi\u0107u.\" tabindex=\"0\">kult<\/span>; oni su prije predmet svakodnevnog opreza i povremenog <span class=\"iwg-fachbegriff\" data-tooltip=\"Mole\u0107ivo ili zazivateljsko obra\u0107anje bo\u017eanstvu ili sili.\" tabindex=\"0\">zazivanja<\/span>. Prije ulaska u \u0161pilju tiho ih se \u201eobavje\u0161tava\u201c: kratkim zvi\u017edukom, rije\u010dju po\u0161tovanja, ponekad dodirom stijene.<\/p><p>Posebna je praksa godi\u0161nje \u201eobnavljanje\u201c odre\u0111enih slika Mimi duhova na stijenama, koje provode plemenski starci: kao i kod <a href=\"https:\/\/iwell-guard.com\/hr\/?page_id=149726\">Wandjina<\/a> u Kimberleyu, slika na stijeni se <span class=\"iwg-fachbegriff\" data-tooltip=\"Ono \u0161to pripada utvr\u0111enom vjerskom obrednom slijedu.\" tabindex=\"0\">ritualno<\/span> preslikava, \u0161to se shva\u0107a kao potvrda \u017eive veze izme\u0111u ljudi i Mimi duhova.<\/p><p>U suvremenoj aborid\u017einskoj praksi zajednica Maningrida, Gunbalanya i drugih zajednica Arnhem Landa, teme Mimi duhova i dalje su \u017eive u umjetnosti. Nekoliko umjetnika djeluje u \u201eMimi tradiciji\u201c kroz generacije, tradiciji koja je istodobno religijski i ekonomski zna\u010dajna (kroz prodaju djela).<\/p>\t\t\t\t\t\t\t\t<\/div>\n\t\t\t\t<\/div>\n\t\t\t\t\t<\/div>\n\t\t\t\t<\/div>\n\t\t<div class=\"elementor-element elementor-element-iwgw-mimigeiste-s5 e-flex e-con-boxed e-con e-parent\" data-id=\"iwgw-mimigeiste-s5\" data-element_type=\"container\" data-e-type=\"container\">\n\t\t\t\t\t<div class=\"e-con-inner\">\n\t\t\t\t<div class=\"elementor-element elementor-element-iwgw-mimigeiste-s5h elementor-widget elementor-widget-heading\" data-id=\"iwgw-mimigeiste-s5h\" data-element_type=\"widget\" data-e-type=\"widget\" data-widget_type=\"heading.default\">\n\t\t\t\t\t<h2 class=\"elementor-heading-title elementor-size-default\">Za\u0161titna praksa i apotropejski elementi<\/h2>\t\t\t\t<\/div>\n\t\t<div class=\"elementor-element elementor-element-iwgw-mimigeiste-s5c e-con-full e-flex e-con e-child\" data-id=\"iwgw-mimigeiste-s5c\" data-element_type=\"container\" data-e-type=\"container\">\n\t\t\t\t<div class=\"elementor-element elementor-element-iwgw-mimigeiste-s5t elementor-widget elementor-widget-text-editor\" data-id=\"iwgw-mimigeiste-s5t\" data-element_type=\"widget\" data-e-type=\"widget\" data-widget_type=\"text-editor.default\">\n\t\t\t\t\t\t\t\t\t<p>Religijskoznanstveno opisano: apotropejske prakse u mimi-kompleksu usmjerene su na po\u0161tovanje pe\u0107ina i stijena. Zabranjeno je glasno govorenje u pe\u0107inama, neovla\u0161teno prekrivanje mimi-slika na stijenama bojom, uklanjanje fragmenata stijena i boravak u pe\u0107ini nakon zalaska sunca.<\/p><p>Posebna za\u0161titna praksa jest no\u0161enje malih koplja ili rezbarenih drvenih figura prilikom posjeta pe\u0107ini; te predmete smatraju \u201edarom\u201c mimijima koji osigurava mirno susretanje.<\/p><p>U etnografskoj vanjskoj perspektivi ove prakse predstavljaju pravila koja strukturiraju svakodnevicu, povezuju\u0107i ekolo\u0161ku opreznost (za\u0161titu pe\u0107inskih ekosustava) s religijskom praksom (po\u0161tovanjem duhova). Mary Douglas u djelu <em>Reinheit und Gef\u00e4hrdung<\/em> (1966) opisala je sli\u010dne tabu-strukture s religijsko-antropolo\u0161kog gledi\u0161ta.<\/p>\t\t\t\t\t\t\t\t<\/div>\n\t\t\t\t<\/div>\n\t\t\t\t\t<\/div>\n\t\t\t\t<\/div>\n\t\t<div class=\"elementor-element elementor-element-iwgw-mimigeiste-s6 e-flex e-con-boxed e-con e-parent\" data-id=\"iwgw-mimigeiste-s6\" data-element_type=\"container\" data-e-type=\"container\">\n\t\t\t\t\t<div class=\"e-con-inner\">\n\t\t\t\t<div class=\"elementor-element elementor-element-iwgw-mimigeiste-s6h elementor-widget elementor-widget-heading\" data-id=\"iwgw-mimigeiste-s6h\" data-element_type=\"widget\" data-e-type=\"widget\" data-widget_type=\"heading.default\">\n\t\t\t\t\t<h2 class=\"elementor-heading-title elementor-size-default\">Paralele u drugim kulturama<\/h2>\t\t\t\t<\/div>\n\t\t<div class=\"elementor-element elementor-element-iwgw-mimigeiste-s6c e-con-full e-flex e-con e-child\" data-id=\"iwgw-mimigeiste-s6c\" data-element_type=\"container\" data-e-type=\"container\">\n\t\t\t\t<div class=\"elementor-element elementor-element-iwgw-mimigeiste-s6t elementor-widget elementor-widget-text-editor\" data-id=\"iwgw-mimigeiste-s6t\" data-element_type=\"widget\" data-e-type=\"widget\" data-widget_type=\"text-editor.default\">\n\t\t\t\t\t\t\t\t\t<p>Tanki, stidljivi duhovi stijena religijsko-fenomenolo\u0161ki su \u0161iroko potvr\u0111eni. Strukturno usporedivi su irska bi\u0107a <em>s\u00eddh<\/em>, \u0161kotske vile, japanski <em>tsuchigumo<\/em> u starijim ina\u010dicama i sjevernoameri\u010dki memegwesi iz tradicije Algonquin narod\u00e2. U svim slu\u010dajevima rije\u010d je o bi\u0107ima vezanima za odre\u0111eno mjesto, stidljivima, s pou\u010dnim i opominju\u0107im funkcijama.<\/p><p>Religijsko-fenomenolo\u0161ki zanimljiva je povezanost mimija s pou\u010davanjem lova, vatre i umjetnosti. Ta \u201ekulturno-juna\u010dka\u201c funkcija tipolo\u0161ki ih povezuje s Prometejem (vatra), Hermesom (umjetnost) i mnogim drugim likovima kulturnih u\u010ditelja. Aborid\u017einska ina\u010dica posebno je zanimljiva jer u ulogu u\u010ditelja ne stavlja jednu figuru, nego \u010ditavu skupinu duhova.<\/p><p>U Sibiru su mimiji sli\u010dni \u0161amanskim pomo\u0107nim duhovima kao \u0161to je <a href=\"https:\/\/iwell-guard.com\/hr\/?page_id=149724\">Asbuiga<\/a>, koji tako\u0111er slu\u017ee kao pou\u010dni posrednici. Izravnu povijesnu vezu, me\u0111utim, nije opravdano pretpostaviti; rije\u010d je o tipolo\u0161koj konvergenciji.<\/p>\t\t\t\t\t\t\t\t<\/div>\n\t\t\t\t<\/div>\n\t\t\t\t\t<\/div>\n\t\t\t\t<\/div>\n\t\t<div class=\"elementor-element elementor-element-iwgw-mimigeiste-s7 e-flex e-con-boxed e-con e-parent\" data-id=\"iwgw-mimigeiste-s7\" data-element_type=\"container\" data-e-type=\"container\">\n\t\t\t\t\t<div class=\"e-con-inner\">\n\t\t\t\t<div class=\"elementor-element elementor-element-iwgw-mimigeiste-s7h elementor-widget elementor-widget-heading\" data-id=\"iwgw-mimigeiste-s7h\" data-element_type=\"widget\" data-e-type=\"widget\" data-widget_type=\"heading.default\">\n\t\t\t\t\t<h2 class=\"elementor-heading-title elementor-size-default\">Suvremena recepcija i istra\u017eivanja<\/h2>\t\t\t\t<\/div>\n\t\t<div class=\"elementor-element elementor-element-iwgw-mimigeiste-s7c e-con-full e-flex e-con e-child\" data-id=\"iwgw-mimigeiste-s7c\" data-element_type=\"container\" data-e-type=\"container\">\n\t\t\t\t<div class=\"elementor-element elementor-element-iwgw-mimigeiste-s7t elementor-widget elementor-widget-text-editor\" data-id=\"iwgw-mimigeiste-s7t\" data-element_type=\"widget\" data-e-type=\"widget\" data-widget_type=\"text-editor.default\">\n\t\t\t\t\t\t\t\t\t<p><span data-nosnippet>Najva\u017eniji rani izvor jest djelo Charlesa P. Mountforda <em>Records of the American-Australian Scientific Expedition to Arnhem Land<\/em> (1956), opse\u017ena dokumentacija koja okuplja mnoge materijale vezane za mimi. Ronald M. i Catherine H. Berndt u vi\u0161e su radova produbili mimi-tradiciju.<\/span><\/p><p>Howard Morphyjevo djelo <em>Aboriginal Art<\/em> (Phaidon 1998) i Luke Taylorovo djelo <em>Seeing the Inside<\/em> (1996) najva\u017enije su suvremene umjetni\u010dko-povijesne studije o mimi-slikama na stijenama i njihovu prijenosu u moderne medije.<\/p><p>U suvremenom aborid\u017einskom samoprikazu mimiji su me\u0111unarodno prisutni kroz tradiciju slikanja na kori (bark painting) regije Maningrida. Umjetni\u010dka udruga Bukit Larrtjpi i druge domoroda\u010dke institucije njeguju mimi-tradiciju kao kulturnu i ekonomsku ba\u0161tinu.<\/p>\t\t\t\t\t\t\t\t<\/div>\n\t\t\t\t<\/div>\n\t\t\t\t\t<\/div>\n\t\t\t\t<\/div>\n\t\t<div class=\"elementor-element elementor-element-iwgw-mimigeiste-s8 e-flex e-con-boxed e-con e-parent\" data-id=\"iwgw-mimigeiste-s8\" data-element_type=\"container\" data-e-type=\"container\">\n\t\t\t\t\t<div class=\"e-con-inner\">\n\t\t\t\t<div class=\"elementor-element elementor-element-iwgw-mimigeiste-s8h elementor-widget elementor-widget-heading\" data-id=\"iwgw-mimigeiste-s8h\" data-element_type=\"widget\" data-e-type=\"widget\" data-widget_type=\"heading.default\">\n\t\t\t\t\t<h2 class=\"elementor-heading-title elementor-size-default\">Znanstvene rasprave i otvorena pitanja<\/h2>\t\t\t\t<\/div>\n\t\t<div class=\"elementor-element elementor-element-iwgw-mimigeiste-s8c e-con-full e-flex e-con e-child\" data-id=\"iwgw-mimigeiste-s8c\" data-element_type=\"container\" data-e-type=\"container\">\n\t\t\t\t<div class=\"elementor-element elementor-element-iwgw-mimigeiste-s8t elementor-widget elementor-widget-text-editor\" data-id=\"iwgw-mimigeiste-s8t\" data-element_type=\"widget\" data-e-type=\"widget\" data-widget_type=\"text-editor.default\">\n\t\t\t\t\t\t\t\t\t<p>Nekoliko istra\u017eiva\u010dkih raspri kru\u017ei oko mimija. Prvo: koliko je stara mimi-tradicija? Slike na stijenama u mimi-stilu arheolo\u0161ki su datirane do 12.000 godina, ali nije nu\u017eno utvr\u0111eno je li dana\u0161nja \u017eiva predstava o mimijima kontinuirana izvedenica tih starih slika.<\/p><p>Drugo: kakav je odnos mimija prema ve\u0107im stvoriteljskim bi\u0107ima kao \u0161to su <a href=\"https:\/\/iwell-guard.com\/hr\/?page_id=149725\">Rainbow Serpent<\/a> ili <a href=\"https:\/\/iwell-guard.com\/hr\/?page_id=149726\">Wandjina<\/a>? Mimiji su jasno \u201emanji\u201c duhovi, ali njihova pou\u010dna funkcija \u010dini ih religijsko-povijesno va\u017enima.<\/p><p>Tre\u0107e: kakvu ulogu mimiji igraju u suvremenoj aborid\u017einskoj umjetni\u010dkoj praksi? Komercijalna uporaba mimi-slika religijsko-sociolo\u0161ki je zanimljiva i ti\u010de se pitanja domoroda\u010dkih vlasni\u010dkih prava na tradicionalne slikovne motive.<\/p>\t\t\t\t\t\t\t\t<\/div>\n\t\t\t\t<\/div>\n\t\t\t\t\t<\/div>\n\t\t\t\t<\/div>\n\t\t<div class=\"elementor-element elementor-element-iwgw-mimigeiste-s9 e-flex e-con-boxed e-con e-parent\" data-id=\"iwgw-mimigeiste-s9\" data-element_type=\"container\" data-e-type=\"container\">\n\t\t\t\t\t<div class=\"e-con-inner\">\n\t\t\t\t<div class=\"elementor-element elementor-element-iwgw-mimigeiste-s9h elementor-widget elementor-widget-heading\" data-id=\"iwgw-mimigeiste-s9h\" data-element_type=\"widget\" data-e-type=\"widget\" data-widget_type=\"heading.default\">\n\t\t\t\t\t<h2 class=\"elementor-heading-title elementor-size-default\">Mimi-slike na stijenama i povijest aborid\u017einske umjetnosti<\/h2>\t\t\t\t<\/div>\n\t\t<div class=\"elementor-element elementor-element-iwgw-mimigeiste-s9c e-con-full e-flex e-con e-child\" data-id=\"iwgw-mimigeiste-s9c\" data-element_type=\"container\" data-e-type=\"container\">\n\t\t\t\t<div class=\"elementor-element elementor-element-iwgw-mimigeiste-s9t elementor-widget elementor-widget-text-editor\" data-id=\"iwgw-mimigeiste-s9t\" data-element_type=\"widget\" data-e-type=\"widget\" data-widget_type=\"text-editor.default\">\n\t\t\t\t\t\t\t\t\t<p>Posebnu pa\u017enju zaslu\u017euje polo\u017eaj mimi-slika na stijenama u povijesti aborid\u017einske umjetnosti. Takozvana tradicija \u201edynamic figures style\u201c smatra se jednim od najstarijih sa\u010duvanih umjetni\u010dkih stilova u svijetu; arheolo\u0161ke datacije se\u017eu do kasnog pleistocena.<\/p><p>Te slike na stijenama tipi\u010dno prikazuju tanke, dinami\u010dno pokretne figure u scenama lova i plesa. Paul Ta\u00e7on u nekoliko je \u010dlanaka razradio datiranje i tuma\u010denje tih slika; njegov rad danas je standard.<\/p><p>Mitska identifikacija tih slika s mimi-duhovima \u010dini ih religijsko-povijesno posebno zanimljivima. U aborid\u017einskoj unutarnjoj perspektivi te slike nisu djela ljudi, nego djela mimija, ontologija koja izaziva zapadne koncepte umjetnosti.<\/p>\t\t\t\t\t\t\t\t<\/div>\n\t\t\t\t<\/div>\n\t\t\t\t\t<\/div>\n\t\t\t\t<\/div>\n\t\t<div class=\"elementor-element elementor-element-iwgw-mimigeiste-s10 e-flex e-con-boxed e-con e-parent\" data-id=\"iwgw-mimigeiste-s10\" data-element_type=\"container\" data-e-type=\"container\">\n\t\t\t\t\t<div class=\"e-con-inner\">\n\t\t\t\t<div class=\"elementor-element elementor-element-iwgw-mimigeiste-s10h elementor-widget elementor-widget-heading\" data-id=\"iwgw-mimigeiste-s10h\" data-element_type=\"widget\" data-e-type=\"widget\" data-widget_type=\"heading.default\">\n\t\t\t\t\t<h2 class=\"elementor-heading-title elementor-size-default\">Mimiji u suvremenoj tradiciji slikanja na kori (bark painting)<\/h2>\t\t\t\t<\/div>\n\t\t<div class=\"elementor-element elementor-element-iwgw-mimigeiste-s10c e-con-full e-flex e-con e-child\" data-id=\"iwgw-mimigeiste-s10c\" data-element_type=\"container\" data-e-type=\"container\">\n\t\t\t\t<div class=\"elementor-element elementor-element-iwgw-mimigeiste-s10t elementor-widget elementor-widget-text-editor\" data-id=\"iwgw-mimigeiste-s10t\" data-element_type=\"widget\" data-e-type=\"widget\" data-widget_type=\"text-editor.default\">\n\t\t\t\t\t\t\t\t\t<p><span data-nosnippet>Tradicija slikanja na kori (bark painting) Arnhem Landa od 1950-ih godina stekla je me\u0111unarodnu pozornost. Poznati umjetnici kao Yirawala (Kunwinjku, 1903, 1976), Crusoe Kuningbal, John Mawurndjul i Spider Namirrkki prenijeli su mimi-teme u moderne medije i u\u010dinili ih dostupnima me\u0111unarodnom tr\u017ei\u0161tu umjetnina.<\/span><\/p><p>Howard Morphy u djelu <em>Becoming Art<\/em> (2007) pokazao je kako je prijelaz od ritualnog slikanja na stijenama do tr\u017ei\u0161no prilago\u0111enog slikanja na kori promijenio religijsku funkciju prikaza mimija. Slike su se \u201eosamostalile\u201c i uklopile u globalno tr\u017ei\u0161te umjetnina.<\/p><p>Religijsko-sociolo\u0161ki ovaj razvoj je dvozna\u010dan. S jedne strane osigurava ekonomski opstanak aborid\u017einskih zajednica; s druge strane pretvara tajne religijske sadr\u017eaje u javnu robu. Aborid\u017einski umjetnici i njihove zajednice razvili su mehanizme za suo\u010davanje s tom napeto\u0161\u0107u.<\/p>\t\t\t\t\t\t\t\t<\/div>\n\t\t\t\t<\/div>\n\t\t\t\t\t<\/div>\n\t\t\t\t<\/div>\n\t\t<div class=\"elementor-element elementor-element-iwgw-mimigeiste-s11 e-flex e-con-boxed e-con e-parent\" data-id=\"iwgw-mimigeiste-s11\" data-element_type=\"container\" data-e-type=\"container\">\n\t\t\t\t\t<div class=\"e-con-inner\">\n\t\t\t\t<div class=\"elementor-element elementor-element-iwgw-mimigeiste-s11h elementor-widget elementor-widget-heading\" data-id=\"iwgw-mimigeiste-s11h\" data-element_type=\"widget\" data-e-type=\"widget\" data-widget_type=\"heading.default\">\n\t\t\t\t\t<h2 class=\"elementor-heading-title elementor-size-default\">Metodolo\u0161ka refleksija i izvori<\/h2>\t\t\t\t<\/div>\n\t\t<div class=\"elementor-element elementor-element-iwgw-mimigeiste-s11c e-con-full e-flex e-con e-child\" data-id=\"iwgw-mimigeiste-s11c\" data-element_type=\"container\" data-e-type=\"container\">\n\t\t\t\t<div class=\"elementor-element elementor-element-iwgw-mimigeiste-s11t elementor-widget elementor-widget-text-editor\" data-id=\"iwgw-mimigeiste-s11t\" data-element_type=\"widget\" data-e-type=\"widget\" data-widget_type=\"text-editor.default\">\n\t\t\t\t\t\t\t\t\t<p>U istra\u017eivanju mimija javlja se nekoliko metodolo\u0161kih problema. Prvo: arheolo\u0161ko datiranje mimi-slika na stijenama te\u0161ko je i predmet je trajnih raspri. Razli\u010dite metode datiranja daju razli\u010dite rezultate; konsenzusna kronologija jo\u0161 ne postoji.<\/p><p>Drugo: velik dio znanja o mimijima nije \u201eograni\u010den\u201c u najstro\u017eem smislu, ali je ipak duboko ukorijenjen u lokalnu praksu. Potreban je pa\u017eljiv rad s izvorima, uskla\u0111en s tradicionalnim vlasnicima.<\/p><p>Tre\u0107e: umjetni\u010dko-povijesna i religijsko-antropolo\u0161ka perspektiva na mimije trebale bi suradni\u010dki djelovati. Obje discipline imaju svoje prednosti; izolirano razmatranje ne dopire do dubine mimi-tradicije.<\/p><p>Onima koji \u017eelju prou\u010diti mimi-kompleks u njegovoj \u0161irini, na pregledoj stranici <a href=\"https:\/\/iwell-guard.com\/hr\/aboridzinska-australija-dreamtime-tjukurpa\/\">Aborid\u017einska tradicija<\/a> nalaze se najva\u017enije poveznice prema srodnim likovima kao \u0161to su <a href=\"https:\/\/iwell-guard.com\/hr\/?page_id=149726\">Wandjina<\/a>, <a href=\"https:\/\/iwell-guard.com\/hr\/?page_id=149725\">Rainbow Serpent<\/a> i <a href=\"https:\/\/iwell-guard.com\/hr\/?page_id=149734\">Namarrkon<\/a>.<\/p>\t\t\t\t\t\t\t\t<\/div>\n\t\t\t\t<\/div>\n\t\t\t\t\t<\/div>\n\t\t\t\t<\/div>\n\t\t<div class=\"elementor-element elementor-element-iwgw-mimigeiste-s12 e-flex e-con-boxed e-con e-parent\" data-id=\"iwgw-mimigeiste-s12\" data-element_type=\"container\" data-e-type=\"container\">\n\t\t\t\t\t<div class=\"e-con-inner\">\n\t\t\t\t<div class=\"elementor-element elementor-element-iwgw-mimigeiste-s12h elementor-widget elementor-widget-heading\" data-id=\"iwgw-mimigeiste-s12h\" data-element_type=\"widget\" data-e-type=\"widget\" data-widget_type=\"heading.default\">\n\t\t\t\t\t<h2 class=\"elementor-heading-title elementor-size-default\">Mimiji i aborid\u017einsko tr\u017ei\u0161te umjetnina<\/h2>\t\t\t\t<\/div>\n\t\t<div class=\"elementor-element elementor-element-iwgw-mimigeiste-s12c e-con-full e-flex e-con e-child\" data-id=\"iwgw-mimigeiste-s12c\" data-element_type=\"container\" data-e-type=\"container\">\n\t\t\t\t<div class=\"elementor-element elementor-element-iwgw-mimigeiste-s12t elementor-widget elementor-widget-text-editor\" data-id=\"iwgw-mimigeiste-s12t\" data-element_type=\"widget\" data-e-type=\"widget\" data-widget_type=\"text-editor.default\">\n\t\t\t\t\t\t\t\t\t<p>Mimi tradicija danas je me\u0111unarodno prisutna, prije svega kroz tradiciju slikanja na kori (bark painting) regije Maningrida. Poznati umjetnici kao John Mawurndjul, Spider Namirrkki i drugi preveli su mimi teme u me\u0111unarodni umjetni\u010dki jezik.<\/p><p><span data-nosnippet>Howard Morphy je u djelu <em>Becoming Art<\/em> (2007) pokazao kako je prelazak iz ritualnog slikanja na stijenama u tr\u017ei\u0161no slikanje na kori transformirao mimi tradiciju, bez da je poni\u0161tio. Slike kru\u017ee na globalnom tr\u017ei\u0161tu, ali zadr\u017eavaju svoju ritualnu vezu sa zajednicom Maningride.<\/span><\/p><p>Ova dvostruka funkcija (komercijalna i <span class=\"iwg-fachbegriff\" data-tooltip=\"Ono \u0161to pripada utvr\u0111enom vjerskom obrednom slijedu.\" tabindex=\"0\">ritualna<\/span>) predstavlja zanimljiv studijski primjer u religijskoj antropologiji. Ona pokazuje kako autohtona religija mo\u017ee opstati i transformirati se u modernim tr\u017ei\u0161nim uvjetima.<\/p>\t\t\t\t\t\t\t\t<\/div>\n\t\t\t\t<\/div>\n\t\t\t\t\t<\/div>\n\t\t\t\t<\/div>\n\t\t<div class=\"elementor-element elementor-element-iwgw-mimigeiste-s13 e-flex e-con-boxed e-con e-parent\" data-id=\"iwgw-mimigeiste-s13\" data-element_type=\"container\" data-e-type=\"container\">\n\t\t\t\t\t<div class=\"e-con-inner\">\n\t\t\t\t<div class=\"elementor-element elementor-element-iwgw-mimigeiste-s13h elementor-widget elementor-widget-heading\" data-id=\"iwgw-mimigeiste-s13h\" data-element_type=\"widget\" data-e-type=\"widget\" data-widget_type=\"heading.default\">\n\t\t\t\t\t<h2 class=\"elementor-heading-title elementor-size-default\">Mimi i periodizacija povijesti umjetnosti Aborid\u017eina<\/h2>\t\t\t\t<\/div>\n\t\t<div class=\"elementor-element elementor-element-iwgw-mimigeiste-s13c e-con-full e-flex e-con e-child\" data-id=\"iwgw-mimigeiste-s13c\" data-element_type=\"container\" data-e-type=\"container\">\n\t\t\t\t<div class=\"elementor-element elementor-element-iwgw-mimigeiste-s13t elementor-widget elementor-widget-text-editor\" data-id=\"iwgw-mimigeiste-s13t\" data-element_type=\"widget\" data-e-type=\"widget\" data-widget_type=\"text-editor.default\">\n\t\t\t\t\t\t\t\t\t<p>Detaljniju analizu zaslu\u017euje periodizacija stijenskih slika Arnhem Landa u povijesti umjetnosti. Istra\u017eivanja razlikuju vi\u0161e stilskih faza: \u201eDynamic Figures\u201c (vjerojatno stariji od 10.000 godina, \u010desto mimi stijenske slike), \u201eYam Style\u201c, \u201eX-Ray Style\u201c (mla\u0111i, s bi\u0107ima kao Namarrkon).<\/p><p>Paul Ta\u00e7on, Christopher Chippindale i George Chaloupka u vi\u0161e standardnih djela utvrdili su ovu kronologiju. Mimi stijenske slike ubrajaju se me\u0111u najstarija sa\u010duvana umjetni\u010dka djela svijeta, povijesno iznimno zna\u010dajan nalaz.<\/p><p>U suvremenim istra\u017eivanjima ova kronologija se dodatno usavr\u0161ava i kriti\u010dki razmatra. Nove metode datiranja (uran-torij datiranje) donose precizniije rezultate; neke mimi slike sada se datiraju i do 30.000 godina, \u0161to ponovno otvara raspravu o datiranju.<\/p>\t\t\t\t\t\t\t\t<\/div>\n\t\t\t\t<\/div>\n\t\t\t\t\t<\/div>\n\t\t\t\t<\/div>\n\t\t<div class=\"elementor-element elementor-element-iwgw-mimigeiste-s14 e-flex e-con-boxed e-con e-parent\" data-id=\"iwgw-mimigeiste-s14\" data-element_type=\"container\" data-e-type=\"container\">\n\t\t\t\t\t<div class=\"e-con-inner\">\n\t\t\t\t<div class=\"elementor-element elementor-element-iwgw-mimigeiste-s14h elementor-widget elementor-widget-heading\" data-id=\"iwgw-mimigeiste-s14h\" data-element_type=\"widget\" data-e-type=\"widget\" data-widget_type=\"heading.default\">\n\t\t\t\t\t<h2 class=\"elementor-heading-title elementor-size-default\">Mimi i tajno znanje<\/h2>\t\t\t\t<\/div>\n\t\t<div class=\"elementor-element elementor-element-iwgw-mimigeiste-s14c e-con-full e-flex e-con e-child\" data-id=\"iwgw-mimigeiste-s14c\" data-element_type=\"container\" data-e-type=\"container\">\n\t\t\t\t<div class=\"elementor-element elementor-element-iwgw-mimigeiste-s14t elementor-widget elementor-widget-text-editor\" data-id=\"iwgw-mimigeiste-s14t\" data-element_type=\"widget\" data-e-type=\"widget\" data-widget_type=\"text-editor.default\">\n\t\t\t\t\t\t\t\t\t<p>Posebnu metodolo\u0161ku analizu zaslu\u017euje pitanje tajnog znanja. Velik dio znanja vezanog za mimi nije \u201eograni\u010den\u201c (restricted) u najstro\u017eem smislu, odnosno nije uvjetovan inicijacijom, ali je ipak ukorijenjen u lokalne kontekste u kojima se ne bi trebao javno prikazivati.<\/p><p><span data-nosnippet>Howard Morphy je u djelu <em>Aboriginal Art<\/em> (1998) predlo\u017eio diferenciranu podjelu na vi\u0161e razina znanja: \u201einside knowledge\u201c (uvjetovano inicijacijom), \u201eoutside knowledge\u201c (za cijelu zajednicu), \u201epublic knowledge\u201c (za \u0161iru javnost). Mimi tradicija obuhva\u0107a elemente sve tri razine.<\/span><\/p><p>Za suvremena istra\u017eivanja to zna\u010di: odgovoran rad s izvorima mora razlikovati te razine i obra\u0111ivati ih na odgovaraju\u0107i na\u010din ovisno o kontekstu. Ova metodolo\u0161ka pa\u017eljivost standard je od 1990-ih godina.<\/p>\t\t\t\t\t\t\t\t<\/div>\n\t\t\t\t<\/div>\n\t\t\t\t\t<\/div>\n\t\t\t\t<\/div>\n\t\t<div class=\"elementor-element elementor-element-iwgw-mimigeiste-s15 e-flex e-con-boxed e-con e-parent\" data-id=\"iwgw-mimigeiste-s15\" data-element_type=\"container\" data-e-type=\"container\">\n\t\t\t\t\t<div class=\"e-con-inner\">\n\t\t\t\t<div class=\"elementor-element elementor-element-iwgw-mimigeiste-s15h elementor-widget elementor-widget-heading\" data-id=\"iwgw-mimigeiste-s15h\" data-element_type=\"widget\" data-e-type=\"widget\" data-widget_type=\"heading.default\">\n\t\t\t\t\t<h2 class=\"elementor-heading-title elementor-size-default\">Mimi i tradicija znanja Aborid\u017eina<\/h2>\t\t\t\t<\/div>\n\t\t<div class=\"elementor-element elementor-element-iwgw-mimigeiste-s15c e-con-full e-flex e-con e-child\" data-id=\"iwgw-mimigeiste-s15c\" data-element_type=\"container\" data-e-type=\"container\">\n\t\t\t\t<div class=\"elementor-element elementor-element-iwgw-mimigeiste-s15t elementor-widget elementor-widget-text-editor\" data-id=\"iwgw-mimigeiste-s15t\" data-element_type=\"widget\" data-e-type=\"widget\" data-widget_type=\"text-editor.default\">\n\t\t\t\t\t\t\t\t\t<p>Detaljniju studiju zaslu\u017euje mimi kao dio \u0161ire tradicije znanja Aborid\u017eina. Aborid\u017einska tradicija ne shva\u0107a se samo kao religijska, nego kao cjelovit oblik znanja koji povezuje religiju, ekologiju, dru\u0161tveni poredak i prakti\u010dne vje\u0161tine.<\/p><p><span data-nosnippet>Tyson Yunkaporta je u djelu <em>Sand Talk<\/em> (2019) konceptualizirao sustav znanja Aborid\u017eina kao \u201erelacijsko obrasno mi\u0161ljenje\u201c (relational pattern thinking). Mimi tradicija uklapa se u ovaj sustav: povezuje ekolo\u0161ku opreznost (opasnosti \u0161pilja), umjetni\u010dku tradiciju (slikanje na stijenama), pedago\u0161ku funkciju (podu\u010davanje lova) i religijsku praksu (odnos s duhovima).<\/span><\/p><p>Fenomenologija religije ovo smatra va\u017enim zapa\u017eanjem: autohtona religija nije odvojeno podru\u010dje \u201evjerovanja\u201c, nego integralni dio sveobuhvatne ekologije znanja. Ovo shva\u0107anje utjecalo je na suvremena religijska istra\u017eivanja \u0161irom svijeta.<\/p>\t\t\t\t\t\t\t\t<\/div>\n\t\t\t\t<\/div>\n\t\t\t\t\t<\/div>\n\t\t\t\t<\/div>\n\t\t<div class=\"elementor-element elementor-element-iwgw-mimigeiste-s16 e-flex e-con-boxed e-con e-parent\" data-id=\"iwgw-mimigeiste-s16\" data-element_type=\"container\" data-e-type=\"container\">\n\t\t\t\t\t<div class=\"e-con-inner\">\n\t\t\t\t<div class=\"elementor-element elementor-element-iwgw-mimigeiste-s16h elementor-widget elementor-widget-heading\" data-id=\"iwgw-mimigeiste-s16h\" data-element_type=\"widget\" data-e-type=\"widget\" data-widget_type=\"heading.default\">\n\t\t\t\t\t<h2 class=\"elementor-heading-title elementor-size-default\">Mimi i datiranje stijenskih slika Aborid\u017eina<\/h2>\t\t\t\t<\/div>\n\t\t<div class=\"elementor-element elementor-element-iwgw-mimigeiste-s16c e-con-full e-flex e-con e-child\" data-id=\"iwgw-mimigeiste-s16c\" data-element_type=\"container\" data-e-type=\"container\">\n\t\t\t\t<div class=\"elementor-element elementor-element-iwgw-mimigeiste-s16t elementor-widget elementor-widget-text-editor\" data-id=\"iwgw-mimigeiste-s16t\" data-element_type=\"widget\" data-e-type=\"widget\" data-widget_type=\"text-editor.default\">\n\t\t\t\t\t\t\t\t\t<p>Aktualan pravac istra\u017eivanja odnosi se na arheolo\u0161ko datiranje mimi stijenskih slika. Takozvane \u201eDynamic Figures\u201c dugo su se datirale na 6000 do 8000 godina; novije metode datiranja (uran-torij, luminescencija) daju djelomi\u010dno starije rezultate.<\/p><p>Paul Ta\u00e7on, Christopher Chippindale i drugi raspravljali su o pitanju datiranja u vi\u0161e radova. Neke stijenske slike sada se datiraju i do 30.000 godina, \u0161to bi mimi tradiciju svrstalo me\u0111u najstarije sa\u010duvane umjetni\u010dke prakse svijeta.<\/p><p>S povijesno-religijskog gledi\u0161ta ovo je datiranje od najve\u0107e va\u017enosti. Zna\u010dilo bi da predstava o mimi duhovima pripada me\u0111u najstarije religijske koncepte koje poznajemo. Istra\u017eivanje se ovdje nalazi u metodolo\u0161ki plodnoj fazi.<\/p>\t\t\t\t\t\t\t\t<\/div>\n\t\t\t\t<\/div>\n\t\t\t\t\t<\/div>\n\t\t\t\t<\/div>\n\t\t<div class=\"elementor-element elementor-element-cp21604241 e-flex e-con-boxed e-con e-parent\" data-id=\"cp21604241\" data-element_type=\"container\" data-e-type=\"container\">\n\t\t\t\t\t<div class=\"e-con-inner\">\n\t\t\t\t<div class=\"elementor-element elementor-element-cp2421a483 elementor-widget elementor-widget-heading\" data-id=\"cp2421a483\" data-element_type=\"widget\" data-e-type=\"widget\" data-widget_type=\"heading.default\">\n\t\t\t\t\t<h2 class=\"elementor-heading-title elementor-size-default\">Tanki i pla\u0161ljivi: mimih u stijenskoj umjetnosti Arnhem Landa<\/h2>\t\t\t\t<\/div>\n\t\t<div class=\"elementor-element elementor-element-cp20d64a9e e-flex e-con-boxed e-con e-child\" data-id=\"cp20d64a9e\" data-element_type=\"container\" data-e-type=\"container\">\n\t\t\t\t\t<div class=\"e-con-inner\">\n\t\t\t\t<div class=\"elementor-element elementor-element-cp22fc4a0c elementor-widget elementor-widget-text-editor\" data-id=\"cp22fc4a0c\" data-element_type=\"widget\" data-e-type=\"widget\" data-widget_type=\"text-editor.default\">\n\t\t\t\t\t\t\t\t\t<p><em>Mimih<\/em>, u zapadnim tekstovima \u010desto nazivani mimi duhovima, spadaju me\u0111u likove australske <span class=\"iwg-fachbegriff\" data-tooltip=\"Preno\u0161enje znanja i pri\u010da kroz generacije.\" tabindex=\"0\">predaje<\/span> koji su naj\u010dvr\u0161\u0107e povezani s odre\u0111enim likovnim korpusom. \u010cvrst su dio stjenske umjetnosti zapadnog Arnhem Landa, regije na sjeveru kontinenta \u010dija su plemenska podru\u010dja naseljena, me\u0111u ostalima, govornicima jezika Kunwinjku i srodnih jezika.<\/p><p>U pripovijestima ovih zajednica Mimih su mr\u0161ava, izdu\u017eenih udova bi\u0107a koja \u017eive u pukotinama i \u0161upljinama pje\u0161\u010danih klisura. Njihovo je tijelo tako lomljivo da bi im jak nalet vjetra slomio vrat, zbog \u010dega se pojavljuju samo kad je vjetar posve utihnuo, a u opasnosti se povla\u010de u stijenu tako da je napuhnu kao mekano tijesto.<\/p><p>Ta zamisao stoji u zanimljivom odnosu prema samoj stjenskoj umjetnosti. Mnoge dinami\u010dne, fino iscrtane figure u starijim slojevima slikarstva Arnhem Landa prikazuju mr\u0161ave, u pokretu zamrznute prilike koje love, tr\u010de ili ple\u0161u. U <span class=\"iwg-fachbegriff\" data-tooltip=\"Preno\u0161enje znanja i pri\u010da kroz generacije.\" tabindex=\"0\">predaji<\/span> tradicionalnih vlasnika zemlje slike te vrste dijelom se pripisuju samim Mimih bi\u0107ima.<\/p><p>Prema tom tuma\u010denju najstarije slike nisu naslikali ljudi, nego Mimih, koji su ljude tek potom nau\u010dili loviti, slikati i izvoditi odre\u0111ene obrede. Mimih se tako pojavljuju kao posrednici kulturnih vje\u0161tina, sli\u010dno drugim predljudskim bi\u0107ima australskih tradicija.<\/p><p>Arheolo\u0161ka istra\u017eivanja, primjerice radovi Georgea Chaloupke i kasnijih stru\u010dnjaka, izdvojila su za stjensku umjetnost Arnhem Landa dugi slijed stilskih faza koji obuhva\u0107a mnogo tisu\u0107lje\u0107a. Va\u017eno je ne suprotstavljati doma\u0107e pripisivanje Mimih bi\u0107ima arheolo\u0161koj stilskoj kronologiji.<\/p><p>Oboje odgovara na razli\u010dita pitanja. Arheolo\u0161ka kronologija smje\u0161ta slike u vremenski slijed, dok ih doma\u0107a <span class=\"iwg-fachbegriff\" data-tooltip=\"Preno\u0161enje znanja i pri\u010da kroz generacije.\" tabindex=\"0\">predaja<\/span> smje\u0161ta u shva\u0107anje svijeta u kojem se granica izme\u0111u ljudskog i predljudskog autorstva povla\u010di druga\u010dije.<\/p><p>Mimih pri tome nisu isklju\u010divo bi\u0107a pro\u0161losti. U brojnim zajednicama vjeruje se da su i danas prisutni, bezopasni do \u0107udljivi, ponekad korisni, a ponekad otimaju ljude.<\/p><p>Rezbarene drvene figure Mimih od druge polovice 20. stolje\u0107a pripadaju i \u0161iroko poznatoj umjetni\u010dkoj proizvodnji regije, primjer kako se stara predod\u017eba o duhovima prenosi u nove oblike izra\u017eavanja bez gubitka svog mjesta u \u017eivoj tradiciji.<\/p>\t\t\t\t\t\t\t\t<\/div>\n\t\t\t\t\t<\/div>\n\t\t\t\t<\/div>\n\t\t\t\t\t<\/div>\n\t\t\t\t<\/div>\n\t\t<div class=\"elementor-element elementor-element-iwgw-mimigeiste-lit e-flex e-con-boxed e-con e-parent\" data-id=\"iwgw-mimigeiste-lit\" data-element_type=\"container\" data-e-type=\"container\">\n\t\t\t\t\t<div class=\"e-con-inner\">\n\t\t\t\t<div class=\"elementor-element elementor-element-iwgw-mimigeiste-lith elementor-widget elementor-widget-heading\" data-id=\"iwgw-mimigeiste-lith\" data-element_type=\"widget\" data-e-type=\"widget\" data-widget_type=\"heading.default\">\n\t\t\t\t\t<h2 class=\"elementor-heading-title elementor-size-default\">Literatura (izbor)<\/h2>\t\t\t\t<\/div>\n\t\t<div class=\"elementor-element elementor-element-iwgw-mimigeiste-litc e-con-full e-flex e-con e-child\" data-id=\"iwgw-mimigeiste-litc\" data-element_type=\"container\" data-e-type=\"container\">\n\t\t\t\t<div class=\"elementor-element elementor-element-iwgw-mimigeiste-litt elementor-widget elementor-widget-text-editor\" data-id=\"iwgw-mimigeiste-litt\" data-element_type=\"widget\" data-e-type=\"widget\" data-widget_type=\"text-editor.default\">\n\t\t\t\t\t\t\t\t\t<ul><li>Charles P. Mountford: <em>Records of the American-Australian Scientific Expedition to Arnhem Land<\/em> (1956)<\/li><li><span data-nosnippet>Ronald M. Berndt &#038; Catherine H. Berndt: <em>Man, Land and Myth in North Australia<\/em> (1970)<\/span><\/li><li>Howard Morphy: <em>Aboriginal Art<\/em> (Phaidon 1998)<\/li><li>Luke Taylor: <em>Seeing the Inside<\/em> (1996)<\/li><li>Tony Swain: <em>A Place for Strangers<\/em> (1993)<\/li><li>Lynne Hume: <em>Ancestral Power<\/em> (2002)<\/li><\/ul>\t\t\t\t\t\t\t\t<\/div>\n\t\t\t\t<\/div>\n\t\t\t\t\t<\/div>\n\t\t\t\t<\/div>\n\t\t<div class=\"elementor-element elementor-element-iwgkw2-add-mimigeister e-flex e-con-boxed e-con e-parent\" data-id=\"iwgkw2-add-mimigeister\" data-element_type=\"container\" data-e-type=\"container\">\n\t\t\t\t\t<div class=\"e-con-inner\">\n\t\t\t\t<div class=\"elementor-element elementor-element-iwgkw2-add-mimigeister-t elementor-widget elementor-widget-text-editor\" data-id=\"iwgkw2-add-mimigeister-t\" data-element_type=\"widget\" data-e-type=\"widget\" data-widget_type=\"text-editor.default\">\n\t\t\t\t\t\t\t\t\t<p><em><span class=\"iwg-fachbegriff\" data-tooltip=\"Predana pri\u010da o bogovima, podrijetlu i poretku svijeta.\" tabindex=\"0\">mit<\/span><\/em> o mimi duhovima prenosi ih kao mr\u0161ave stanovnike stjenskih pukotina Arnhem Landa koji su ljude nau\u010dili lovu, plesu i vatri; najva\u017eniji <em>izvori<\/em> su stjenske slike te zapisi jezi\u010dnih zajednica Yolngu i Kunwinjku.<\/p>\t\t\t\t\t\t\t\t<\/div>\n\t\t\t\t\t<\/div>\n\t\t\t\t<\/div>\n\t\t<div class=\"elementor-element elementor-element-iwgw-mimigeiste-kwd e-flex e-con-boxed e-con e-parent\" data-id=\"iwgw-mimigeiste-kwd\" data-element_type=\"container\" data-e-type=\"container\">\n\t\t\t\t\t<div class=\"e-con-inner\">\n\t\t<div class=\"elementor-element elementor-element-iwgw-mimigeiste-kwdc e-con-full e-flex e-con e-child\" data-id=\"iwgw-mimigeiste-kwdc\" data-element_type=\"container\" data-e-type=\"container\">\n\t\t\t\t<div class=\"elementor-element elementor-element-iwgw-mimigeiste-kwdt elementor-widget elementor-widget-text-editor\" data-id=\"iwgw-mimigeiste-kwdt\" data-element_type=\"widget\" data-e-type=\"widget\" data-widget_type=\"text-editor.default\">\n\t\t\t\t\t\t\t\t\t<p><em>Srodni klju\u010dni pojmovi: Mimi Mimih Arnhem Land stjenski duhovi u\u010ditelji lova Kunwinjku.<\/em><\/p>\t\t\t\t\t\t\t\t<\/div>\n\t\t\t\t<\/div>\n\t\t\t\t\t<\/div>\n\t\t\t\t<\/div>\n\t\t<div class=\"elementor-element elementor-element-iwgw-mimigeiste-cc e-flex e-con-boxed e-con e-parent\" data-id=\"iwgw-mimigeiste-cc\" data-element_type=\"container\" data-e-type=\"container\" id=\"iwg-cc-mimi-geister\">\n\t\t\t\t\t<div class=\"e-con-inner\">\n\t\t<div class=\"elementor-element elementor-element-iwgw-mimigeiste-ccinner e-flex e-con-boxed e-con e-parent\" data-id=\"iwgw-mimigeiste-ccinner\" data-element_type=\"container\" data-e-type=\"container\" data-settings=\"{&quot;background_background&quot;:&quot;classic&quot;}\">\n\t\t\t\t\t<div class=\"e-con-inner\">\n\t\t\t\t<div class=\"elementor-element elementor-element-iwgw-mimigeiste-cch elementor-widget elementor-widget-heading\" data-id=\"iwgw-mimigeiste-cch\" data-element_type=\"widget\" data-e-type=\"widget\" data-widget_type=\"heading.default\">\n\t\t\t\t\t<h2 class=\"elementor-heading-title elementor-size-default\">iWell Guard i tradicije za\u0161tite<\/h2>\t\t\t\t<\/div>\n\t\t\t\t<div class=\"elementor-element elementor-element-iwgw-mimigeiste-cct elementor-widget elementor-widget-text-editor\" data-id=\"iwgw-mimigeiste-cct\" data-element_type=\"widget\" data-e-type=\"widget\" data-widget_type=\"text-editor.default\">\n\t\t\t\t\t\t\t\t\t<div data-nosnippet=\"true\"><p>iWell Guard nastavlja se na kulturnopovijesnu tradiciju nosivih za\u0161titnih predmeta, u tradiciji <a href=\"https:\/\/iwell-guard.com\/hr\/aboridzinska-australija-dreamtime-tjukurpa\/\">Aborid\u017eina<\/a> i mnogih drugih kultura \u0161irom svijeta. 41 razina, pravo zlato, platina, srebro, izra\u0111eno u Njema\u010dkoj. 30-dnevno pravo na povrat.<\/p><\/div>\t\t\t\t\t\t\t\t<\/div>\n\t\t\t\t<div class=\"elementor-element elementor-element-iwgw-mimigeiste-ccb iwg-cc-button iwg-cc-cta-2026-05-13 elementor-widget elementor-widget-jet-button\" data-id=\"iwgw-mimigeiste-ccb\" data-element_type=\"widget\" data-e-type=\"widget\" data-widget_type=\"jet-button.default\">\n\t\t\t\t<div class=\"elementor-widget-container\">\n\t\t\t\t\t<div class=\"elementor-jet-button jet-elements\"><div class=\"jet-button__container\"><a class=\"jet-button__instance jet-button__instance--icon-left hover-effect-1\" href=\"\/ueber-iwell-guard\/?utm_source=iwell-guard.com&amp;utm_medium=info-box&amp;utm_campaign=wesen-tradition\"><div class=\"jet-button__plane jet-button__plane-normal\"><\/div><div class=\"jet-button__plane jet-button__plane-hover\"><\/div><div class=\"jet-button__state jet-button__state-normal\"><span class=\"jet-button__label\">Vi\u0161e o iWell Guardu<\/span><\/div><div class=\"jet-button__state jet-button__state-hover\"><span class=\"jet-button__label\">Vi\u0161e o iWell Guardu<\/span><\/div><\/a><\/div><\/div><style>.elementor-element.elementor-element-iwgw-mimigeiste-ccb .jet-button__instance{width:320px;height:56px;}.elementor-element.elementor-element-iwgw-mimigeiste-ccb .jet-button__state-normal .jet-button__label{text-align:center;margin:0px 0px 0px 0px;color:#1a1b20;font-family:Montserrat,sans-serif;font-size:13px;font-weight:400;letter-spacing:4px;line-height:1.714em;text-transform:uppercase;}.elementor-element.elementor-element-iwgw-mimigeiste-ccb .jet-button__state-hover .jet-button__label{text-align:center;margin:0px 0px 0px 0px;color:#FECC76;font-family:Montserrat,sans-serif;font-size:13px;font-weight:400;letter-spacing:4px;line-height:1.714em;text-transform:uppercase;}.elementor-element.elementor-element-iwgw-mimigeiste-ccb .jet-button__plane-normal{background-color:#FECC76;border-style:solid;border-color:#C99540;border-width:2px 2px 2px 2px;}.elementor-element.elementor-element-iwgw-mimigeiste-ccb .jet-button__plane-hover{background-color:rgba(0,0,0,0.55);border-style:solid;border-color:#FECC76;border-width:2px 2px 2px 2px;}<\/style>\t\t\t\t<\/div>\n\t\t\t\t<\/div>\n\t\t\t\t<div class=\"elementor-element elementor-element-iwgw-mimigeiste-ccd elementor-widget elementor-widget-text-editor\" data-id=\"iwgw-mimigeiste-ccd\" data-element_type=\"widget\" data-e-type=\"widget\" data-widget_type=\"text-editor.default\">\n\t\t\t\t\t\t\t\t\t<div data-nosnippet=\"true\"><p style=\"text-align:center;font-size:13px;opacity:0.7;margin-top:14px\" data-nosnippet=\"true\">Osobna iskustva mogu se razlikovati. Nije medicinski proizvod. Nema obe\u0107anja izlje\u010denja.<\/p><\/div>\t\t\t\t\t\t\t\t<\/div>\n\t\t\t\t\t<\/div>\n\t\t\t\t<\/div>\n\t\t\t\t\t<\/div>\n\t\t\t\t<\/div>\n\t\t<div class=\"elementor-element elementor-element-iwgw-mimigeiste-disc e-flex e-con-boxed e-con e-parent\" data-id=\"iwgw-mimigeiste-disc\" data-element_type=\"container\" data-e-type=\"container\">\n\t\t\t\t\t<div class=\"e-con-inner\">\n\t\t\t\t<div class=\"elementor-element elementor-element-iwgw-mimigeiste-discw elementor-widget elementor-widget-html\" data-id=\"iwgw-mimigeiste-discw\" data-element_type=\"widget\" data-e-type=\"widget\" data-widget_type=\"html.default\">\n\t\t\t\t\t<footer data-nosnippet=\"true\" class=\"iwg-disclaimer-block\"><p data-nosnippet=\"true\">iWell Guard <strong>nije medicinski proizvod<\/strong> i ne zamjenjuje lije\u010dni\u010dko ili psihoterapeutsko lije\u010denje. Religijsko-znanstveni sadr\u017eaji predstavljaju kulturno-povijesnu interpretaciju, a ne preporuku duhovne prakse.<\/p><\/footer>\t\t\t\t<\/div>\n\t\t\t\t\t<\/div>\n\t\t\t\t<\/div>\n\t\t\t\t<\/div>\n\t\t","protected":false},"excerpt":{"rendered":"","protected":false},"author":3,"featured_media":2867,"parent":0,"menu_order":0,"comment_status":"closed","ping_status":"closed","template":"elementor_header_footer","meta":{"_yoast_wpseo_focuskw":"Mimi duhovi Aborid\u017eini Arnhem Land","_yoast_wpseo_title":"Mimi duhovi \u2013 Aborid\u017einski duhovi stijena, mit i izvori","_yoast_wpseo_metadesc":"Mimi duhovi su vitki duhovi stijena i \u0161pilja Aborid\u017eina Arnhem Landa. Religijsko-znanstveno tuma\u010denje s mitom i izvorima.","_yoast_wpseo_meta-robots-noindex":"","_yoast_wpseo_canonical":"","_angie_page":false,"gefaehrdungsstufe":"3","wesen_kultur":"aboriginal","wesen_klasse":"geister","footnotes":""},"categories":[],"class_list":["post-149730","page","type-page","status-publish","has-post-thumbnail","hentry"],"yoast_head":"<!-- This site is optimized with the Yoast SEO Premium plugin v27.7 (Yoast SEO v28.3) - https:\/\/yoast.com\/product\/yoast-seo-premium-wordpress\/ -->\n<title>Mimi duhovi \u2013 Aborid\u017einski duhovi stijena, mit i izvori<\/title>\n<meta name=\"description\" content=\"Mimi duhovi su vitki duhovi stijena i \u0161pilja Aborid\u017eina Arnhem Landa. Religijsko-znanstveno tuma\u010denje s mitom i izvorima.\" \/>\n<meta name=\"robots\" content=\"index, follow, max-snippet:-1, max-image-preview:large, max-video-preview:-1\" \/>\n<link rel=\"canonical\" href=\"https:\/\/iwell-guard.com\/hr\/mimi-duhovi-stijena-arnhem-land\/\" \/>\n<meta property=\"og:locale\" content=\"hr_HR\" \/>\n<meta property=\"og:type\" content=\"article\" \/>\n<meta property=\"og:title\" content=\"Mimi duhovi \u2013 Vitki duhovi stijena Aborid\u017eina Arnhem Landa\" \/>\n<meta property=\"og:description\" content=\"Mimi duhovi su vitki duhovi stijena i \u0161pilja Aborid\u017eina Arnhem Landa. Religijsko-znanstveno tuma\u010denje s mitom i izvorima.\" \/>\n<meta property=\"og:url\" content=\"https:\/\/iwell-guard.com\/hr\/mimi-duhovi-stijena-arnhem-land\/\" \/>\n<meta property=\"og:site_name\" content=\"iWell Guard\" \/>\n<meta property=\"article:modified_time\" content=\"2026-09-04T05:30:53+00:00\" \/>\n<meta property=\"og:image\" content=\"https:\/\/iwell-guard.com\/wp-content\/uploads\/2026\/05\/geister_aboriginal_mimi-geister.webp\" \/>\n\t<meta property=\"og:image:width\" content=\"1024\" \/>\n\t<meta property=\"og:image:height\" content=\"1536\" \/>\n\t<meta property=\"og:image:type\" content=\"image\/webp\" \/>\n<meta name=\"twitter:card\" content=\"summary_large_image\" \/>\n<script type=\"application\/ld+json\" class=\"yoast-schema-graph\">{\"@context\":\"https:\\\/\\\/schema.org\",\"@graph\":[{\"@type\":\"WebPage\",\"@id\":\"https:\\\/\\\/iwell-guard.com\\\/hr\\\/mimi-duhovi-stijena-arnhem-land\\\/\",\"url\":\"https:\\\/\\\/iwell-guard.com\\\/hr\\\/mimi-duhovi-stijena-arnhem-land\\\/\",\"name\":\"Mimi duhovi \u2013 Aborid\u017einski duhovi stijena, mit i izvori\",\"isPartOf\":{\"@id\":\"https:\\\/\\\/iwell-guard.com\\\/hr\\\/#website\"},\"primaryImageOfPage\":{\"@id\":\"https:\\\/\\\/iwell-guard.com\\\/hr\\\/mimi-duhovi-stijena-arnhem-land\\\/#primaryimage\"},\"image\":{\"@id\":\"https:\\\/\\\/iwell-guard.com\\\/hr\\\/mimi-duhovi-stijena-arnhem-land\\\/#primaryimage\"},\"thumbnailUrl\":\"https:\\\/\\\/iwell-guard.com\\\/wp-content\\\/uploads\\\/2026\\\/05\\\/geister_aboriginal_mimi-geister.webp\",\"datePublished\":\"2026-09-04T05:13:02+00:00\",\"dateModified\":\"2026-09-04T05:30:53+00:00\",\"description\":\"Mimi duhovi su vitki duhovi stijena i \u0161pilja Aborid\u017eina Arnhem Landa. Religijsko-znanstveno tuma\u010denje s mitom i izvorima.\",\"breadcrumb\":{\"@id\":\"https:\\\/\\\/iwell-guard.com\\\/hr\\\/mimi-duhovi-stijena-arnhem-land\\\/#breadcrumb\"},\"inLanguage\":\"hr\",\"potentialAction\":[{\"@type\":\"ReadAction\",\"target\":[\"https:\\\/\\\/iwell-guard.com\\\/hr\\\/mimi-duhovi-stijena-arnhem-land\\\/\"]}]},{\"@type\":\"ImageObject\",\"inLanguage\":\"hr\",\"@id\":\"https:\\\/\\\/iwell-guard.com\\\/hr\\\/mimi-duhovi-stijena-arnhem-land\\\/#primaryimage\",\"url\":\"https:\\\/\\\/iwell-guard.com\\\/wp-content\\\/uploads\\\/2026\\\/05\\\/geister_aboriginal_mimi-geister.webp\",\"contentUrl\":\"https:\\\/\\\/iwell-guard.com\\\/wp-content\\\/uploads\\\/2026\\\/05\\\/geister_aboriginal_mimi-geister.webp\",\"width\":1024,\"height\":1536,\"caption\":\"Duhovi iz aborid\u017einske tradicije.\"},{\"@type\":\"BreadcrumbList\",\"@id\":\"https:\\\/\\\/iwell-guard.com\\\/hr\\\/mimi-duhovi-stijena-arnhem-land\\\/#breadcrumb\",\"itemListElement\":[{\"@type\":\"ListItem\",\"position\":1,\"name\":\"Start\",\"item\":\"https:\\\/\\\/iwell-guard.com\\\/hr\\\/?page_id=149317\"},{\"@type\":\"ListItem\",\"position\":2,\"name\":\"Mimi duhovi \u2013 Vitki duhovi stijena Aborid\u017eina Arnhem Landa\"}]},{\"@type\":\"WebSite\",\"@id\":\"https:\\\/\\\/iwell-guard.com\\\/hr\\\/#website\",\"url\":\"https:\\\/\\\/iwell-guard.com\\\/hr\\\/\",\"name\":\"iWell Guard\",\"description\":\"Schutz vor dunklen Einfl\u00fcssen\",\"publisher\":{\"@id\":\"https:\\\/\\\/iwell-guard.com\\\/hr\\\/#organization\"},\"potentialAction\":[{\"@type\":\"SearchAction\",\"target\":{\"@type\":\"EntryPoint\",\"urlTemplate\":\"https:\\\/\\\/iwell-guard.com\\\/hr\\\/?s={search_term_string}\"},\"query-input\":{\"@type\":\"PropertyValueSpecification\",\"valueRequired\":true,\"valueName\":\"search_term_string\"}}],\"inLanguage\":\"hr\"},{\"@type\":\"Organization\",\"@id\":\"https:\\\/\\\/iwell-guard.com\\\/hr\\\/#organization\",\"name\":\"Ittermann electronic GmbH\",\"url\":\"https:\\\/\\\/iwell-guard.com\\\/hr\\\/\",\"logo\":{\"@type\":\"ImageObject\",\"inLanguage\":\"hr\",\"@id\":\"https:\\\/\\\/iwell-guard.com\\\/hr\\\/#\\\/schema\\\/logo\\\/image\\\/\",\"url\":\"https:\\\/\\\/iwell-guard.com\\\/wp-content\\\/uploads\\\/2026\\\/05\\\/Ittermann-Logo-1182x237-1.png\",\"contentUrl\":\"https:\\\/\\\/iwell-guard.com\\\/wp-content\\\/uploads\\\/2026\\\/05\\\/Ittermann-Logo-1182x237-1.png\",\"width\":1182,\"height\":237,\"caption\":\"Ittermann electronic GmbH\"},\"image\":{\"@id\":\"https:\\\/\\\/iwell-guard.com\\\/hr\\\/#\\\/schema\\\/logo\\\/image\\\/\"},\"sameAs\":[\"https:\\\/\\\/pantip.com\\\/profile\\\/9367242\",\"https:\\\/\\\/micro.blog\\\/iwellguard\",\"https:\\\/\\\/www.diggerslist.com\\\/iwellguard\\\/about\",\"https:\\\/\\\/skitterphoto.com\\\/photographers\\\/2870314\\\/iwell-guard\",\"https:\\\/\\\/iwellguard.wordpress.com\\\/2026\\\/06\\\/06\\\/iwell-guard\\\/\",\"https:\\\/\\\/hub.docker.com\\\/u\\\/iwellguard\",\"https:\\\/\\\/www.pinterest.com\\\/iwellguard\\\/\",\"https:\\\/\\\/bit.ly\\\/m\\\/iwellguard\",\"https:\\\/\\\/entre-vos-mains.alsace.eu\\\/profiles\\\/iwellguard\\\/activity\",\"https:\\\/\\\/gravatar.com\\\/reallybeded8fd34\",\"https:\\\/\\\/naijamatta.com\\\/iwellguard\",\"https:\\\/\\\/www.goodreads.com\\\/iwellguard\",\"https:\\\/\\\/profile.hatena.ne.jp\\\/iwellguard\\\/\",\"https:\\\/\\\/experiment.com\\\/users\\\/iwellguard\",\"https:\\\/\\\/wakelet.com\\\/@iWellGuard82270\",\"https:\\\/\\\/www.chordie.com\\\/forum\\\/profile.php?id=2555664\",\"https:\\\/\\\/www.instapaper.com\\\/p\\\/17757966\",\"https:\\\/\\\/www.mapleprimes.com\\\/users\\\/iwellguard\",\"https:\\\/\\\/businesslistingplus.com\\\/profile\\\/iwell-guard\\\/\",\"https:\\\/\\\/telegra.ph\\\/iWell-Guard-06-06\",\"https:\\\/\\\/pbase.com\\\/iwellguard\\\/iwellguard\",\"https:\\\/\\\/b.hatena.ne.jp\\\/iwellguard\\\/20260607#bookmark-4788405196491818882\",\"https:\\\/\\\/fliphtml5.com\\\/home\\\/iwellguard\",\"https:\\\/\\\/anyflip.com\\\/homepage\\\/cmiwl#About\",\"https:\\\/\\\/transfur.com\\\/Users\\\/iwellguard\",\"http:\\\/\\\/delphi.larsbo.org\\\/user\\\/iwellguard\",\"https:\\\/\\\/jobs.lajobsportal.org\\\/profiles\\\/8380803-iwell-guard\",\"https:\\\/\\\/md.chaosdorf.de\\\/s\\\/jfbe5SBdJD\",\"https:\\\/\\\/www.lingvolive.com\\\/en-us\\\/profile\\\/9ecaeaca-ce11-4e51-9e71-01d55e2bff36\\\/translations\",\"https:\\\/\\\/www.fitday.com\\\/fitness\\\/forums\\\/members\\\/iwellguard.html\",\"https:\\\/\\\/www.mymeetbook.com\\\/iwellguard\",\"https:\\\/\\\/pxhere.com\\\/en\\\/photographer-me\\\/5040798\",\"https:\\\/\\\/disqus.com\\\/by\\\/iwellguard\\\/about\\\/\",\"https:\\\/\\\/pastelink.net\\\/hjwciqwq\",\"https:\\\/\\\/pubhtml5.com\\\/homepage\\\/scjhn\\\/\",\"https:\\\/\\\/www.bitchute.com\\\/channel\\\/2O2eOKzNqujT\",\"https:\\\/\\\/audiomack.com\\\/iwellguard\"]},{\"@type\":\"Article\",\"@id\":\"https:\\\/\\\/iwell-guard.com\\\/hr\\\/mimi-duhovi-stijena-arnhem-land\\\/#article\",\"isPartOf\":{\"@id\":\"https:\\\/\\\/iwell-guard.com\\\/hr\\\/mimi-duhovi-stijena-arnhem-land\\\/\"},\"author\":{\"name\":\"Ralf Ittermann\",\"@id\":\"https:\\\/\\\/iwell-guard.com\\\/hr\\\/#\\\/schema\\\/person\\\/ee2a27f1cac3406c7c6fb5820cb7349f\"},\"headline\":\"Mimi duhovi \u2013 Vitki duhovi stijena Aborid\u017eina Arnhem Landa\",\"datePublished\":\"2026-09-04T05:13:02+00:00\",\"dateModified\":\"2026-09-04T05:30:53+00:00\",\"mainEntityOfPage\":{\"@id\":\"https:\\\/\\\/iwell-guard.com\\\/hr\\\/mimi-duhovi-stijena-arnhem-land\\\/\"},\"publisher\":{\"@id\":\"https:\\\/\\\/iwell-guard.com\\\/hr\\\/#organization\"},\"image\":{\"@id\":\"https:\\\/\\\/iwell-guard.com\\\/hr\\\/mimi-duhovi-stijena-arnhem-land\\\/#primaryimage\"},\"thumbnailUrl\":\"https:\\\/\\\/iwell-guard.com\\\/wp-content\\\/uploads\\\/2026\\\/05\\\/geister_aboriginal_mimi-geister.webp\",\"inLanguage\":\"hr\",\"description\":\"Mimi duhovi su vitki duhovi stijena i \u0161pilja Aborid\u017eina Arnhem Landa. Religijsko-znanstveno tuma\u010denje s mitom i izvorima.\"}]}<\/script>\n<!-- \/ Yoast SEO Premium plugin. -->","yoast_head_json":{"title":"Mimi duhovi \u2013 Aborid\u017einski duhovi stijena, mit i izvori","description":"Mimi duhovi su vitki duhovi stijena i \u0161pilja Aborid\u017eina Arnhem Landa. Religijsko-znanstveno tuma\u010denje s mitom i izvorima.","robots":{"index":"index","follow":"follow","max-snippet":"max-snippet:-1","max-image-preview":"max-image-preview:large","max-video-preview":"max-video-preview:-1"},"canonical":"https:\/\/iwell-guard.com\/hr\/mimi-duhovi-stijena-arnhem-land\/","og_locale":"hr_HR","og_type":"article","og_title":"Mimi duhovi \u2013 Vitki duhovi stijena Aborid\u017eina Arnhem Landa","og_description":"Mimi duhovi su vitki duhovi stijena i \u0161pilja Aborid\u017eina Arnhem Landa. Religijsko-znanstveno tuma\u010denje s mitom i izvorima.","og_url":"https:\/\/iwell-guard.com\/hr\/mimi-duhovi-stijena-arnhem-land\/","og_site_name":"iWell Guard","article_modified_time":"2026-09-04T05:30:53+00:00","og_image":[{"width":1024,"height":1536,"url":"https:\/\/iwell-guard.com\/wp-content\/uploads\/2026\/05\/geister_aboriginal_mimi-geister.webp","type":"image\/webp"}],"twitter_card":"summary_large_image","schema":{"@context":"https:\/\/schema.org","@graph":[{"@type":"Article","@id":"https:\/\/iwell-guard.com\/hr\/mimi-duhovi-stijena-arnhem-land\/#article","isPartOf":{"@id":"https:\/\/iwell-guard.com\/hr\/mimi-duhovi-stijena-arnhem-land\/"},"author":{"name":"Ralf Ittermann","@id":"https:\/\/iwell-guard.com\/hr\/#\/schema\/person\/ee2a27f1cac3406c7c6fb5820cb7349f"},"headline":"Mimi duhovi \u2013 Vitki duhovi stijena Aborid\u017eina Arnhem Landa","datePublished":"2026-09-04T05:13:02+00:00","dateModified":"2026-09-04T05:30:53+00:00","mainEntityOfPage":{"@id":"https:\/\/iwell-guard.com\/hr\/mimi-duhovi-stijena-arnhem-land\/"},"publisher":{"@id":"https:\/\/iwell-guard.com\/hr\/#organization"},"image":{"@id":"https:\/\/iwell-guard.com\/hr\/mimi-duhovi-stijena-arnhem-land\/#primaryimage"},"thumbnailUrl":"https:\/\/iwell-guard.com\/wp-content\/uploads\/2026\/05\/geister_aboriginal_mimi-geister.webp","inLanguage":"hr","description":"Mimi duhovi su vitki duhovi stijena i \u0161pilja Aborid\u017eina Arnhem Landa. Religijsko-znanstveno tuma\u010denje s mitom i izvorima."},{"@type":"WebPage","@id":"https:\/\/iwell-guard.com\/hr\/mimi-duhovi-stijena-arnhem-land\/","url":"https:\/\/iwell-guard.com\/hr\/mimi-duhovi-stijena-arnhem-land\/","name":"Mimi duhovi \u2013 Aborid\u017einski duhovi stijena, mit i izvori","isPartOf":{"@id":"https:\/\/iwell-guard.com\/hr\/#website"},"primaryImageOfPage":{"@id":"https:\/\/iwell-guard.com\/hr\/mimi-duhovi-stijena-arnhem-land\/#primaryimage"},"image":{"@id":"https:\/\/iwell-guard.com\/hr\/mimi-duhovi-stijena-arnhem-land\/#primaryimage"},"thumbnailUrl":"https:\/\/iwell-guard.com\/wp-content\/uploads\/2026\/05\/geister_aboriginal_mimi-geister.webp","datePublished":"2026-09-04T05:13:02+00:00","dateModified":"2026-09-04T05:30:53+00:00","description":"Mimi duhovi su vitki duhovi stijena i \u0161pilja Aborid\u017eina Arnhem Landa. Religijsko-znanstveno tuma\u010denje s mitom i izvorima.","breadcrumb":{"@id":"https:\/\/iwell-guard.com\/hr\/mimi-duhovi-stijena-arnhem-land\/#breadcrumb"},"inLanguage":"hr","potentialAction":[{"@type":"ReadAction","target":["https:\/\/iwell-guard.com\/hr\/mimi-duhovi-stijena-arnhem-land\/"]}]},{"@type":"ImageObject","inLanguage":"hr","@id":"https:\/\/iwell-guard.com\/hr\/mimi-duhovi-stijena-arnhem-land\/#primaryimage","url":"https:\/\/iwell-guard.com\/wp-content\/uploads\/2026\/05\/geister_aboriginal_mimi-geister.webp","contentUrl":"https:\/\/iwell-guard.com\/wp-content\/uploads\/2026\/05\/geister_aboriginal_mimi-geister.webp","width":1024,"height":1536,"caption":"Duhovi iz aborid\u017einske tradicije."},{"@type":"BreadcrumbList","@id":"https:\/\/iwell-guard.com\/hr\/mimi-duhovi-stijena-arnhem-land\/#breadcrumb","itemListElement":[{"@type":"ListItem","position":1,"name":"Start","item":"https:\/\/iwell-guard.com\/hr\/?page_id=149317"},{"@type":"ListItem","position":2,"name":"Mimi duhovi \u2013 Vitki duhovi stijena Aborid\u017eina Arnhem Landa"}]},{"@type":"WebSite","@id":"https:\/\/iwell-guard.com\/hr\/#website","url":"https:\/\/iwell-guard.com\/hr\/","name":"iWell Guard","description":"Schutz vor dunklen Einfl\u00fcssen","publisher":{"@id":"https:\/\/iwell-guard.com\/hr\/#organization"},"potentialAction":[{"@type":"SearchAction","target":{"@type":"EntryPoint","urlTemplate":"https:\/\/iwell-guard.com\/hr\/?s={search_term_string}"},"query-input":{"@type":"PropertyValueSpecification","valueRequired":true,"valueName":"search_term_string"}}],"inLanguage":"hr"},{"@type":"Organization","@id":"https:\/\/iwell-guard.com\/hr\/#organization","name":"Ittermann electronic GmbH","url":"https:\/\/iwell-guard.com\/hr\/","logo":{"@type":"ImageObject","inLanguage":"hr","@id":"https:\/\/iwell-guard.com\/hr\/#\/schema\/logo\/image\/","url":"https:\/\/iwell-guard.com\/wp-content\/uploads\/2026\/05\/Ittermann-Logo-1182x237-1.png","contentUrl":"https:\/\/iwell-guard.com\/wp-content\/uploads\/2026\/05\/Ittermann-Logo-1182x237-1.png","width":1182,"height":237,"caption":"Ittermann electronic GmbH"},"image":{"@id":"https:\/\/iwell-guard.com\/hr\/#\/schema\/logo\/image\/"},"sameAs":["https:\/\/pantip.com\/profile\/9367242","https:\/\/micro.blog\/iwellguard","https:\/\/www.diggerslist.com\/iwellguard\/about","https:\/\/skitterphoto.com\/photographers\/2870314\/iwell-guard","https:\/\/iwellguard.wordpress.com\/2026\/06\/06\/iwell-guard\/","https:\/\/hub.docker.com\/u\/iwellguard","https:\/\/www.pinterest.com\/iwellguard\/","https:\/\/bit.ly\/m\/iwellguard","https:\/\/entre-vos-mains.alsace.eu\/profiles\/iwellguard\/activity","https:\/\/gravatar.com\/reallybeded8fd34","https:\/\/naijamatta.com\/iwellguard","https:\/\/www.goodreads.com\/iwellguard","https:\/\/profile.hatena.ne.jp\/iwellguard\/","https:\/\/experiment.com\/users\/iwellguard","https:\/\/wakelet.com\/@iWellGuard82270","https:\/\/www.chordie.com\/forum\/profile.php?id=2555664","https:\/\/www.instapaper.com\/p\/17757966","https:\/\/www.mapleprimes.com\/users\/iwellguard","https:\/\/businesslistingplus.com\/profile\/iwell-guard\/","https:\/\/telegra.ph\/iWell-Guard-06-06","https:\/\/pbase.com\/iwellguard\/iwellguard","https:\/\/b.hatena.ne.jp\/iwellguard\/20260607#bookmark-4788405196491818882","https:\/\/fliphtml5.com\/home\/iwellguard","https:\/\/anyflip.com\/homepage\/cmiwl#About","https:\/\/transfur.com\/Users\/iwellguard","http:\/\/delphi.larsbo.org\/user\/iwellguard","https:\/\/jobs.lajobsportal.org\/profiles\/8380803-iwell-guard","https:\/\/md.chaosdorf.de\/s\/jfbe5SBdJD","https:\/\/www.lingvolive.com\/en-us\/profile\/9ecaeaca-ce11-4e51-9e71-01d55e2bff36\/translations","https:\/\/www.fitday.com\/fitness\/forums\/members\/iwellguard.html","https:\/\/www.mymeetbook.com\/iwellguard","https:\/\/pxhere.com\/en\/photographer-me\/5040798","https:\/\/disqus.com\/by\/iwellguard\/about\/","https:\/\/pastelink.net\/hjwciqwq","https:\/\/pubhtml5.com\/homepage\/scjhn\/","https:\/\/www.bitchute.com\/channel\/2O2eOKzNqujT","https:\/\/audiomack.com\/iwellguard"]},{"@type":"Person","@id":"https:\/\/iwell-guard.com\/hr\/#\/schema\/person\/ee2a27f1cac3406c7c6fb5820cb7349f","name":"Ralf Ittermann","image":{"@type":"ImageObject","inLanguage":"hr","@id":"https:\/\/secure.gravatar.com\/avatar\/073c0153e350a5005b68eb752b445fea71f6b24a26da9449ad7e155e6b446c9d?s=96&d=mm&r=g","url":"https:\/\/secure.gravatar.com\/avatar\/073c0153e350a5005b68eb752b445fea71f6b24a26da9449ad7e155e6b446c9d?s=96&d=mm&r=g","contentUrl":"https:\/\/secure.gravatar.com\/avatar\/073c0153e350a5005b68eb752b445fea71f6b24a26da9449ad7e155e6b446c9d?s=96&d=mm&r=g","caption":"Ralf Ittermann"},"givenName":"Ralf","familyName":"Ittermann","jobTitle":"Gesch\u00e4ftsf\u00fchrer und redaktioneller Verantwortlicher","url":"https:\/\/iwell-guard.com\/hr\/author\/claude\/","description":"Ralf Ittermann ist Gesch\u00e4ftsf\u00fchrer der Ittermann electronic GmbH und redaktioneller Verantwortlicher des iWell-Guard-Lexikons. Er verbindet langj\u00e4hrige Erfahrung in der Pr\u00e4zisionsfertigung mit medialer Praxis und religionsgeschichtlicher Quellenarbeit.","worksFor":{"@type":"Organization","name":"Ittermann electronic GmbH","url":"https:\/\/ittermann.de\/","address":{"@type":"PostalAddress","streetAddress":"K\u00f6hlergasse 16-18","postalCode":"99842","addressLocality":"Ruhla","addressCountry":"DE"}},"knowsAbout":["Religionsgeschichte","Mythologie","Mediale Praxis","Energetische Diagnostik","Schutzpraxis","Volksglauben","Westliche Esoterik"]},{"@type":"Article","@id":"https:\/\/iwell-guard.com\/hr\/mimi-duhovi-stijena-arnhem-land\/#article","isPartOf":{"@id":"https:\/\/iwell-guard.com\/hr\/mimi-duhovi-stijena-arnhem-land\/"},"author":{"name":"Ralf Ittermann","@id":"https:\/\/iwell-guard.com\/hr\/#\/schema\/person\/ee2a27f1cac3406c7c6fb5820cb7349f"},"headline":"Mimi duhovi \u2013 Vitki duhovi stijena Aborid\u017eina Arnhem Landa","datePublished":"2026-09-04T05:13:02+00:00","dateModified":"2026-09-04T05:30:53+00:00","mainEntityOfPage":{"@id":"https:\/\/iwell-guard.com\/hr\/mimi-duhovi-stijena-arnhem-land\/"},"publisher":{"@id":"https:\/\/iwell-guard.com\/hr\/#organization"},"image":{"@id":"https:\/\/iwell-guard.com\/hr\/mimi-duhovi-stijena-arnhem-land\/#primaryimage"},"thumbnailUrl":"https:\/\/iwell-guard.com\/wp-content\/uploads\/2026\/05\/geister_aboriginal_mimi-geister.webp","inLanguage":"hr","description":"Mimi duhovi su vitki duhovi stijena i \u0161pilja Aborid\u017eina Arnhem Landa. Religijsko-znanstveno tuma\u010denje s mitom i izvorima."}]}},"_links":{"self":[{"href":"https:\/\/iwell-guard.com\/hr\/wp-json\/wp\/v2\/pages\/149730","targetHints":{"allow":["GET"]}}],"collection":[{"href":"https:\/\/iwell-guard.com\/hr\/wp-json\/wp\/v2\/pages"}],"about":[{"href":"https:\/\/iwell-guard.com\/hr\/wp-json\/wp\/v2\/types\/page"}],"author":[{"embeddable":true,"href":"https:\/\/iwell-guard.com\/hr\/wp-json\/wp\/v2\/users\/3"}],"replies":[{"embeddable":true,"href":"https:\/\/iwell-guard.com\/hr\/wp-json\/wp\/v2\/comments?post=149730"}],"version-history":[{"count":0,"href":"https:\/\/iwell-guard.com\/hr\/wp-json\/wp\/v2\/pages\/149730\/revisions"}],"wp:featuredmedia":[{"embeddable":true,"href":"https:\/\/iwell-guard.com\/hr\/wp-json\/wp\/v2\/media\/2867"}],"wp:attachment":[{"href":"https:\/\/iwell-guard.com\/hr\/wp-json\/wp\/v2\/media?parent=149730"}],"wp:term":[{"taxonomy":"category","embeddable":true,"href":"https:\/\/iwell-guard.com\/hr\/wp-json\/wp\/v2\/categories?post=149730"}],"curies":[{"name":"wp","href":"https:\/\/api.w.org\/{rel}","templated":true}]}}