{"id":149718,"date":"2026-09-04T05:12:55","date_gmt":"2026-09-04T05:12:55","guid":{"rendered":"https:\/\/iwell-guard.com\/?page_id=149718"},"modified":"2026-09-04T05:53:18","modified_gmt":"2026-09-04T05:53:18","slug":"ulgen-bog-svjetlosti-altajaca","status":"publish","type":"page","link":"https:\/\/iwell-guard.com\/hr\/ulgen-bog-svjetlosti-altajaca\/","title":{"rendered":"\u00dclgen \u2013 bog svjetlosti Altajaca"},"content":{"rendered":"\t\t<div data-elementor-type=\"wp-page\" data-elementor-id=\"149718\" class=\"elementor elementor-149718 elementor-2637 elementor-bc-flex-widget\" data-elementor-post-type=\"page\">\n\t\t\t\t<div class=\"elementor-element elementor-element-iwgw-uelgen-hero e-flex e-con-boxed e-con e-parent\" data-id=\"iwgw-uelgen-hero\" data-element_type=\"container\" data-e-type=\"container\" data-settings=\"{&quot;background_background&quot;:&quot;classic&quot;}\">\n\t\t\t\t\t<div class=\"e-con-inner\">\n\t\t<div class=\"elementor-element elementor-element-iwgw-uelgen-hl e-flex e-con-boxed e-con e-child\" data-id=\"iwgw-uelgen-hl\" data-element_type=\"container\" data-e-type=\"container\">\n\t\t\t\t\t<div class=\"e-con-inner\">\n\t\t<div class=\"elementor-element elementor-element-iwgw-uelgen-htxt e-con-full e-flex e-con e-child\" data-id=\"iwgw-uelgen-htxt\" data-element_type=\"container\" data-e-type=\"container\">\n\t\t\t\t<div class=\"elementor-element elementor-element-iwgw-uelgen-h1 elementor-widget elementor-widget-heading\" data-id=\"iwgw-uelgen-h1\" data-element_type=\"widget\" data-e-type=\"widget\" data-widget_type=\"heading.default\">\n\t\t\t\t\t<h1 class=\"elementor-heading-title elementor-size-default\">\u00dclgen, altajski bog svjetlosti i tvorac gornjeg svijeta<\/h1>\t\t\t\t<\/div>\n\t\t\t\t<div class=\"elementor-element elementor-element-iwgw-uelgen-lead elementor-widget elementor-widget-text-editor\" data-id=\"iwgw-uelgen-lead\" data-element_type=\"widget\" data-e-type=\"widget\" data-widget_type=\"text-editor.default\">\n\t\t\t\t\t\t\t\t\t<p>\u00dclgen (starotursko <em>\u00dclg\u00e4n<\/em>) je u ju\u017enosibirsko-tengristi\u010dkoj vjeri tvorac i bog svjetlosti gornjeg svijeta, za\u0161titnik bijelih \u0161amana i mitski protupol vladara podzemlja <a href=\"https:\/\/iwell-guard.com\/hr\/erlik-khan-vladar-podzemlja-altajaca\/\">Erlika Khana<\/a>.<\/p>\t\t\t\t\t\t\t\t<\/div>\n\t\t\t\t<\/div>\n\t\t<div class=\"elementor-element elementor-element-iwgw-uelgen-pillc e-con-full e-flex e-con e-child\" data-id=\"iwgw-uelgen-pillc\" data-element_type=\"container\" data-e-type=\"container\">\n\t\t\t\t<div class=\"elementor-element elementor-element-iwgw-uelgen-pills elementor-widget elementor-widget-html\" data-id=\"iwgw-uelgen-pills\" data-element_type=\"widget\" data-e-type=\"widget\" data-widget_type=\"html.default\">\n\t\t\t\t\t<div class=\"iwg-pill-row\"><span class=\"iwg-klasse-badge\" tabindex=\"0\" data-tooltip=\"Tvorac tradicije Sibir \/ tengrizam.\">Tvorac<\/span><a href=\"https:\/\/iwell-guard.com\/hr\/sibirski-samanizam-i-tengrizam\/\" class=\"iwg-kultur-badge\" tabindex=\"0\" data-tooltip=\"Mitologija tradicije Sibir \/ tengrizam.\">Sibir \/ tengrizam<\/a><span class=\"iwg-tradition-badge\" tabindex=\"0\" data-tooltip=\"Vrhovno bo\u017eanstvo.\">Vrhovno bo\u017eanstvo<\/span><\/div>\t\t\t\t<\/div>\n\t\t\t\t<\/div>\n\t\t<div class=\"elementor-element elementor-element-iwgw-uelgen-tocc e-con-full e-flex e-con e-child\" data-id=\"iwgw-uelgen-tocc\" data-element_type=\"container\" data-e-type=\"container\">\n\t\t\t\t<div class=\"elementor-element elementor-element-iwgw-uelgen-toc elementor-toc--minimized-on-tablet elementor-widget elementor-widget-table-of-contents\" data-id=\"iwgw-uelgen-toc\" data-element_type=\"widget\" data-e-type=\"widget\" data-settings=\"{&quot;headings_by_tags&quot;:[&quot;h2&quot;,&quot;h3&quot;],&quot;minimize_box&quot;:&quot;yes&quot;,&quot;marker_view&quot;:&quot;bullets&quot;,&quot;no_headings_message&quot;:&quot;Na ovoj stranici nisu prona\\u0111eni naslovi.&quot;,&quot;exclude_headings_by_selector&quot;:[],&quot;icon&quot;:{&quot;value&quot;:&quot;fas fa-circle&quot;,&quot;library&quot;:&quot;fa-solid&quot;,&quot;rendered_tag&quot;:&quot;&lt;svg class=\\&quot;e-font-icon-svg e-fas-circle\\&quot; viewBox=\\&quot;0 0 512 512\\&quot; xmlns=\\&quot;http:\\\/\\\/www.w3.org\\\/2000\\\/svg\\&quot;&gt;&lt;path d=\\&quot;M256 8C119 8 8 119 8 256s111 248 248 248 248-111 248-248S393 8 256 8z\\&quot;&gt;&lt;\\\/path&gt;&lt;\\\/svg&gt;&quot;},&quot;minimized_on&quot;:&quot;tablet&quot;,&quot;hierarchical_view&quot;:&quot;yes&quot;,&quot;min_height&quot;:{&quot;unit&quot;:&quot;px&quot;,&quot;size&quot;:&quot;&quot;,&quot;sizes&quot;:[]},&quot;min_height_tablet&quot;:{&quot;unit&quot;:&quot;px&quot;,&quot;size&quot;:&quot;&quot;,&quot;sizes&quot;:[]},&quot;min_height_mobile&quot;:{&quot;unit&quot;:&quot;px&quot;,&quot;size&quot;:&quot;&quot;,&quot;sizes&quot;:[]}}\" data-widget_type=\"table-of-contents.default\">\n\t\t\t\t\t\t\t\t\t<div class=\"elementor-toc__header\">\n\t\t\t\t\t\t<h2 class=\"elementor-toc__header-title\">\n\t\t\t\tSadr\u017eaj\t\t\t<\/h2>\n\t\t\t\t\t\t\t\t\t\t<div class=\"elementor-toc__toggle-button elementor-toc__toggle-button--expand\" role=\"button\" tabindex=\"0\" aria-controls=\"elementor-toc__iwgw-uelgen-toc\" aria-expanded=\"true\" aria-label=\"Open table of contents\"><svg aria-hidden=\"true\" class=\"e-font-icon-svg e-fas-chevron-down\" viewBox=\"0 0 448 512\" xmlns=\"http:\/\/www.w3.org\/2000\/svg\"><path d=\"M207.029 381.476L12.686 187.132c-9.373-9.373-9.373-24.569 0-33.941l22.667-22.667c9.357-9.357 24.522-9.375 33.901-.04L224 284.505l154.745-154.021c9.379-9.335 24.544-9.317 33.901.04l22.667 22.667c9.373 9.373 9.373 24.569 0 33.941L240.971 381.476c-9.373 9.372-24.569 9.372-33.942 0z\"><\/path><\/svg><\/div>\n\t\t\t\t<div class=\"elementor-toc__toggle-button elementor-toc__toggle-button--collapse\" role=\"button\" tabindex=\"0\" aria-controls=\"elementor-toc__iwgw-uelgen-toc\" aria-expanded=\"true\" aria-label=\"Close table of contents\"><svg aria-hidden=\"true\" class=\"e-font-icon-svg e-fas-chevron-up\" viewBox=\"0 0 448 512\" xmlns=\"http:\/\/www.w3.org\/2000\/svg\"><path d=\"M240.971 130.524l194.343 194.343c9.373 9.373 9.373 24.569 0 33.941l-22.667 22.667c-9.357 9.357-24.522 9.375-33.901.04L224 227.495 69.255 381.516c-9.379 9.335-24.544 9.317-33.901-.04l-22.667-22.667c-9.373-9.373-9.373-24.569 0-33.941L207.03 130.525c9.372-9.373 24.568-9.373 33.941-.001z\"><\/path><\/svg><\/div>\n\t\t\t\t\t<\/div>\n\t\t\t\t<div id=\"elementor-toc__iwgw-uelgen-toc\" class=\"elementor-toc__body\">\n\t\t\t<div class=\"elementor-toc__spinner-container\">\n\t\t\t\t<svg class=\"elementor-toc__spinner eicon-animation-spin e-font-icon-svg e-eicon-loading\" aria-hidden=\"true\" viewBox=\"0 0 1000 1000\" xmlns=\"http:\/\/www.w3.org\/2000\/svg\"><path d=\"M500 975V858C696 858 858 696 858 500S696 142 500 142 142 304 142 500H25C25 237 238 25 500 25S975 237 975 500 763 975 500 975Z\"><\/path><\/svg>\t\t\t<\/div>\n\t\t<\/div>\n\t\t\t\t\t\t<\/div>\n\t\t\t\t<\/div>\n\t\t\t\t\t<\/div>\n\t\t\t\t<\/div>\n\t\t<div class=\"elementor-element elementor-element-iwgw-uelgen-hr e-con-full e-flex e-con e-child\" data-id=\"iwgw-uelgen-hr\" data-element_type=\"container\" data-e-type=\"container\">\n\t\t\t\t<div class=\"elementor-element elementor-element-iwgw-uelgen-heroimg iwg-hero-image elementor-widget elementor-widget-image\" data-id=\"iwgw-uelgen-heroimg\" data-element_type=\"widget\" data-e-type=\"widget\" data-widget_type=\"image.default\">\n\t\t\t\t\t\t\t\t\t\t\t\t\t\t\t<img fetchpriority=\"high\" decoding=\"async\" width=\"683\" height=\"1024\" src=\"https:\/\/iwell-guard.com\/wp-content\/uploads\/2026\/05\/goetter_sibirisch-tengrismus_uelgen-683x1024.webp\" class=\"attachment-large size-large wp-image-151535\" alt=\"Uelgen - bogovi iz sibirsko-tengristi\u010dke tradicije, povijesno-ilustrativno\" srcset=\"https:\/\/iwell-guard.com\/wp-content\/uploads\/2026\/05\/goetter_sibirisch-tengrismus_uelgen-683x1024.webp 683w, https:\/\/iwell-guard.com\/wp-content\/uploads\/2026\/05\/goetter_sibirisch-tengrismus_uelgen-200x300.webp 200w, https:\/\/iwell-guard.com\/wp-content\/uploads\/2026\/05\/goetter_sibirisch-tengrismus_uelgen-768x1152.webp 768w, https:\/\/iwell-guard.com\/wp-content\/uploads\/2026\/05\/goetter_sibirisch-tengrismus_uelgen.webp 1024w\" sizes=\"(max-width: 683px) 100vw, 683px\" \/>\t\t\t\t\t\t\t\t\t\t\t\t\t\t\t<\/div>\n\t\t\t\t<\/div>\n\t\t\t\t\t<\/div>\n\t\t\t\t<\/div>\n\t\t\t\t<section class=\"elementor-section elementor-top-section elementor-element elementor-element-sec-iwgcomp-uelgen elementor-section-boxed elementor-section-height-default elementor-section-height-default\" data-id=\"sec-iwgcomp-uelgen\" data-element_type=\"section\" data-e-type=\"section\">\n\t\t\t\t\t\t<div class=\"elementor-container elementor-column-gap-default\">\n\t\t\t\t\t<div class=\"elementor-column elementor-col-100 elementor-top-column elementor-element elementor-element-col-iwgcomp-uelgen\" data-id=\"col-iwgcomp-uelgen\" data-element_type=\"column\" data-e-type=\"column\">\n\t\t\t<div class=\"elementor-widget-wrap elementor-element-populated\">\n\t\t\t\t\t\t<div class=\"elementor-element elementor-element-iwgcomp-uelgen elementor-widget elementor-widget-text-editor\" data-id=\"iwgcomp-uelgen\" data-element_type=\"widget\" data-e-type=\"widget\" data-widget_type=\"text-editor.default\">\n\t\t\t\t\t\t\t\t\t<p>\u00dclgen, <strong>altajski bog svjetlosti<\/strong>, u altajskom <span class=\"iwg-fachbegriff\" data-tooltip=\"Religijski sustav u kojem posebni specijalisti komuniciraju sa svijetom duhova.\" tabindex=\"0\">\u0161amanizmu<\/span> smatra se tvorcem i najvi\u0161im visokim bo\u017eanstvom gornjeg svijeta.<\/p>\t\t\t\t\t\t\t\t<\/div>\n\t\t\t\t\t<\/div>\n\t\t<\/div>\n\t\t\t\t\t<\/div>\n\t\t<\/section>\n\t\t<div class=\"elementor-element elementor-element-iwgw-uelgen-s0 e-flex e-con-boxed e-con e-parent\" data-id=\"iwgw-uelgen-s0\" data-element_type=\"container\" data-e-type=\"container\">\n\t\t\t\t\t<div class=\"e-con-inner\">\n\t\t\t\t<div class=\"elementor-element elementor-element-iwgw-uelgen-s0h elementor-widget elementor-widget-heading\" data-id=\"iwgw-uelgen-s0h\" data-element_type=\"widget\" data-e-type=\"widget\" data-widget_type=\"heading.default\">\n\t\t\t\t\t<h2 class=\"elementor-heading-title elementor-size-default\">Uvod i kratki profil<\/h2>\t\t\t\t<\/div>\n\t\t<div class=\"elementor-element elementor-element-iwgw-uelgen-s0c e-con-full e-flex e-con e-child\" data-id=\"iwgw-uelgen-s0c\" data-element_type=\"container\" data-e-type=\"container\">\n\t\t\t\t<div class=\"elementor-element elementor-element-iwgw-uelgen-s0t elementor-widget elementor-widget-text-editor\" data-id=\"iwgw-uelgen-s0t\" data-element_type=\"widget\" data-e-type=\"widget\" data-widget_type=\"text-editor.default\">\n\t\t\t\t\t\t\t\t\t<p>\u00dclgen je specijalizacija kompleksa visokog bo\u017eanstva <a href=\"https:\/\/iwell-guard.com\/hr\/tengri-bog-neba\/\">Tengrija<\/a> unutar altajske, telengitske, \u0161orske i tuvinske religije. Dok je Tengri cjelokupni nebeski svod, \u00dclgen nastanjuje najvi\u0161ih devet nebesa i smatra se osobno prizivanim tvora\u010dkim akterom. Anohin ga je 1924. opisao kao \u201estvarno prizivanog visokog boga Altajaca\u201c.<\/p><p>Unutar <a href=\"https:\/\/iwell-guard.com\/hr\/sibirski-samanizam-i-tengrizam\/\">sibirsko-tengristi\u010dke tradicije<\/a> \u00dclgen je gornji vrh vi\u0161erazinske ku\u0107e bogova; <a href=\"https:\/\/iwell-guard.com\/hr\/erlik-khan-vladar-podzemlja-altajaca\/\">Erlik Khan<\/a> je njegov dualni protupol, a <a href=\"https:\/\/iwell-guard.com\/hr\/yer-sub-duh-zemlje-i-vode\/\">Yer-Sub<\/a> njegova zemljom vezana nadopuna.<\/p><p>Religijsko-sociolo\u0161ka poanta \u00dclgena je da on, za razliku od udaljenog Tengrija, predstavlja aktivnog tvora\u010dkog aktera kojemu se mo\u017ee izravno moliti. Time popunjava praznu prostoru koji ostavlja <em>deus otiosus<\/em> Tengri; u toj funkciji tipolo\u0161ki je usporediviji s gr\u010dkim Zeusom ili nordijskim Odinom nego s neizmjernim nebom samim.<\/p>\t\t\t\t\t\t\t\t<\/div>\n\t\t\t\t<\/div>\n\t\t\t\t\t<\/div>\n\t\t\t\t<\/div>\n\t\t<div class=\"elementor-element elementor-element-iwgw-uelgen-s1 e-flex e-con-boxed e-con e-parent\" data-id=\"iwgw-uelgen-s1\" data-element_type=\"container\" data-e-type=\"container\">\n\t\t\t\t\t<div class=\"e-con-inner\">\n\t\t\t\t<div class=\"elementor-element elementor-element-iwgw-uelgen-s1h elementor-widget elementor-widget-heading\" data-id=\"iwgw-uelgen-s1h\" data-element_type=\"widget\" data-e-type=\"widget\" data-widget_type=\"heading.default\">\n\t\t\t\t\t<h2 class=\"elementor-heading-title elementor-size-default\">Ime i etimologija<\/h2>\t\t\t\t<\/div>\n\t\t<div class=\"elementor-element elementor-element-iwgw-uelgen-s1c e-con-full e-flex e-con e-child\" data-id=\"iwgw-uelgen-s1c\" data-element_type=\"container\" data-e-type=\"container\">\n\t\t\t\t<div class=\"elementor-element elementor-element-iwgw-uelgen-s1t elementor-widget elementor-widget-text-editor\" data-id=\"iwgw-uelgen-s1t\" data-element_type=\"widget\" data-e-type=\"widget\" data-widget_type=\"text-editor.default\">\n\t\t\t\t\t\t\t\t\t<p>Rije\u010d <em>\u00fclg\u00e4n \/ \u00fclgen<\/em> starotursko je podrijetla i u istra\u017eivanjima se povezuje sa zna\u010denjima \u201evelik, uzvi\u0161en, mo\u0107an\u201c; u nekim rje\u010dnicima i \u201eonaj koji dijeli, djelitelj\u201c (od <em>\u00fcl\u0113-<\/em> \u201edijeliti, raspodjeljivati\u201c), \u0161to se podudara s predstavom da on ljudima dodjeljuje udjele \u017eivota. Srodni oblici su hakaski <em>\u00dclg\u00e4n<\/em>, \u0161orski <em>\u00dclgen<\/em>.<\/p><p>Kod Mongola nema izravnog pandana; tu se ta ulogu djelomi\u010dno preuzima <em>M\u00f6ngke Tngri<\/em>, djelomi\u010dno budisti\u010dki obojenim bodhisattvama kao \u0161to je <a href=\"https:\/\/iwell-guard.com\/hr\/khormusta-vrhovni-nebeski-bog-mongola\/\">Khormusta<\/a>. Ta asimetrija \u010dini \u00dclgena specifi\u010dno ju\u017enosibirsko-turskom pojavom.<\/p><p>Alternativna etimologija povezuje ime s <em>\u00fcligen<\/em>, \u201edarovatelj\u201c, \u0161to se podudara s mitolo\u0161kom predstavom da \u00dclgen dijeli bogatstvo i plodnost. Obje etimologije jezikoslovno su spojive i mogle su povijesno djelovati zajedno.<\/p>\t\t\t\t\t\t\t\t<\/div>\n\t\t\t\t<\/div>\n\t\t\t\t\t<\/div>\n\t\t\t\t<\/div>\n\t\t<div class=\"elementor-element elementor-element-iwgw-uelgen-s2 e-flex e-con-boxed e-con e-parent\" data-id=\"iwgw-uelgen-s2\" data-element_type=\"container\" data-e-type=\"container\">\n\t\t\t\t\t<div class=\"e-con-inner\">\n\t\t\t\t<div class=\"elementor-element elementor-element-iwgw-uelgen-s2h elementor-widget elementor-widget-heading\" data-id=\"iwgw-uelgen-s2h\" data-element_type=\"widget\" data-e-type=\"widget\" data-widget_type=\"heading.default\">\n\t\t\t\t\t<h2 class=\"elementor-heading-title elementor-size-default\">Opis i ikonografija<\/h2>\t\t\t\t<\/div>\n\t\t<div class=\"elementor-element elementor-element-iwgw-uelgen-s2c e-con-full e-flex e-con e-child\" data-id=\"iwgw-uelgen-s2c\" data-element_type=\"container\" data-e-type=\"container\">\n\t\t\t\t<div class=\"elementor-element elementor-element-iwgw-uelgen-s2t elementor-widget elementor-widget-text-editor\" data-id=\"iwgw-uelgen-s2t\" data-element_type=\"widget\" data-e-type=\"widget\" data-widget_type=\"text-editor.default\">\n\t\t\t\t\t\t\t\t\t<p>\u00dclgen se opisuje kao starac bijele brade na zlatnom prijestolju u najvi\u0161em nebu. Nosi pla\u0161t vezen suncem i mjesecom, u desnoj ruci dr\u017ei svjetle\u0107i luk od materijala poput duge, u lijevoj pehar pun kobiljeg mlijeka. Njegov glasnik je bijeli orao.<\/p><p>U altajskim dijagramima bubnjeva kod Anohina i Potapova \u00dclgen stoji na samom vrhu; ispod njega granaju se devet k\u0107eri (<em>Kysh-Kyz<\/em>) i devet sinova koji upravljaju pojedinim nebeskim podru\u010djima. Ta mitologija devet sinova i k\u0107eri klasi\u010dna je sibirska ikonografija visokog bo\u017eanstva, koja se ponavlja i kod <a href=\"https:\/\/iwell-guard.com\/hr\/erlik-khan-vladar-podzemlja-altajaca\/\">Erlika Khana<\/a>, dodu\u0161e kao odraz prema dolje.<\/p><p>U modernom kontekstu Altajske Republike \u00dclgen je ikonografski konsolidiran; poznati zidni prikaz u Domu kulture u Gorno-Altajsku prikazuje ga u standardnom obliku bijele brade. Ta moderna ikonografija oslanja se na Anohinove etnografske skice i stvara zaokru\u017eenu slikovnu formu koja u povijesnom materijalu nikada nije postojala u tom obliku.<\/p>\t\t\t\t\t\t\t\t<\/div>\n\t\t\t\t<\/div>\n\t\t\t\t\t<\/div>\n\t\t\t\t<\/div>\n\t\t<div class=\"elementor-element elementor-element-iwgw-uelgen-s3 e-flex e-con-boxed e-con e-parent\" data-id=\"iwgw-uelgen-s3\" data-element_type=\"container\" data-e-type=\"container\">\n\t\t\t\t\t<div class=\"e-con-inner\">\n\t\t\t\t<div class=\"elementor-element elementor-element-iwgw-uelgen-s3h elementor-widget elementor-widget-heading\" data-id=\"iwgw-uelgen-s3h\" data-element_type=\"widget\" data-e-type=\"widget\" data-widget_type=\"heading.default\">\n\t\t\t\t\t<h2 class=\"elementor-heading-title elementor-size-default\">Mitolo\u0161ke pri\u010de<\/h2>\t\t\t\t<\/div>\n\t\t<div class=\"elementor-element elementor-element-iwgw-uelgen-s3c e-con-full e-flex e-con e-child\" data-id=\"iwgw-uelgen-s3c\" data-element_type=\"container\" data-e-type=\"container\">\n\t\t\t\t<div class=\"elementor-element elementor-element-iwgw-uelgen-s3t elementor-widget elementor-widget-text-editor\" data-id=\"iwgw-uelgen-s3t\" data-element_type=\"widget\" data-e-type=\"widget\" data-widget_type=\"text-editor.default\">\n\t\t\t\t\t\t\t\t\t<p>Altajska pri\u010da o stvaranju opisuje \u00dclgena kako sam pluta u prapotopu, nala\u017ee ptici (nekad patki, nekad Erliku u obliku ptice) da donese ilova\u010du s dna te od nje oblikuje zemlju.<\/p><p>Nakon \u0161to se Erlik odvojio, \u00dclgen stvara prvog \u010dovjeka od gline i o\u017eivljuje ga stavljaju\u0107i mu sunce u glavu, <span class=\"iwg-fachbegriff\" data-tooltip=\"Ponavljaju\u0107i sadr\u017eajni element u umjetnosti ili pripovijedanju.\" tabindex=\"0\">motiv<\/span> koji ima paralele sve do kr\u0161\u0107anske misli o stvaranju, ali je nastao sasvim neovisno.<\/p><p>Druga pri\u010da opisuje podizanje svjetskog stabla, kozmi\u010dke ari\u0161, \u010diji korijeni dose\u017eu Erlikovo kraljevstvo, a vrh se spaja s \u00dclgenovim prijestoljem. Na toj osi kre\u0107e se bijeli <span class=\"iwg-fachbegriff\" data-tooltip=\"Religijski specijalist kojemu se pripisuje posredovanje izme\u0111u ljudi i svijeta duhova.\" tabindex=\"0\">\u0161aman<\/span> na svome putovanju prema gore. Mircea Eliade taj je <span class=\"iwg-fachbegriff\" data-tooltip=\"Ponavljaju\u0107i sadr\u017eajni element u umjetnosti ili pripovijedanju.\" tabindex=\"0\">motiv<\/span> pod nazivom \u201eAxis Mundi\u201c u\u010dinio sredi\u0161njom kategorijom svog modela <span class=\"iwg-fachbegriff\" data-tooltip=\"Religijski sustav u kojem posebni specijalisti komuniciraju sa svijetom duhova.\" tabindex=\"0\">\u0161amanizma<\/span>.<\/p><p>Tre\u0107a pri\u010da opisuje spor izme\u0111u \u00dclgena i Erlika oko prvog \u010dovjeka: Erlik poku\u0161ava udahnuti dah u tijelo od gline, ali \u00dclgen ga preduhitri. Iz bijesa Erlik stvara prve bolesti i komarce, tipi\u010dan etiolo\u0161ki <span class=\"iwg-fachbegriff\" data-tooltip=\"Predana pri\u010da o bogovima, podrijetlu i poretku svijeta.\" tabindex=\"0\">mit<\/span>, koji obja\u0161njava postojanje zla bez moralnog dualizma.<\/p>\t\t\t\t\t\t\t\t<\/div>\n\t\t\t\t<\/div>\n\t\t\t\t\t<\/div>\n\t\t\t\t<\/div>\n\t\t<div class=\"elementor-element elementor-element-iwgw-uelgen-s4 e-flex e-con-boxed e-con e-parent\" data-id=\"iwgw-uelgen-s4\" data-element_type=\"container\" data-e-type=\"container\">\n\t\t\t\t\t<div class=\"e-con-inner\">\n\t\t\t\t<div class=\"elementor-element elementor-element-iwgw-uelgen-s4h elementor-widget elementor-widget-heading\" data-id=\"iwgw-uelgen-s4h\" data-element_type=\"widget\" data-e-type=\"widget\" data-widget_type=\"heading.default\">\n\t\t\t\t\t<h2 class=\"elementor-heading-title elementor-size-default\">Kult i \u0161tovanje<\/h2>\t\t\t\t<\/div>\n\t\t<div class=\"elementor-element elementor-element-iwgw-uelgen-s4c e-con-full e-flex e-con e-child\" data-id=\"iwgw-uelgen-s4c\" data-element_type=\"container\" data-e-type=\"container\">\n\t\t\t\t<div class=\"elementor-element elementor-element-iwgw-uelgen-s4t elementor-widget elementor-widget-text-editor\" data-id=\"iwgw-uelgen-s4t\" data-element_type=\"widget\" data-e-type=\"widget\" data-widget_type=\"text-editor.default\">\n\t\t\t\t\t\t\t\t\t<p>\u00dclgenov <span class=\"iwg-fachbegriff\" data-tooltip=\"Ukupnost religijskih obrednih radnji posve\u0107enih bo\u017eanstvu ili svetom bi\u0107u.\" tabindex=\"0\">kult<\/span> bio je na altajskoj visoravni javni proljetni kult. Na svetoj gori u svibnju je \u017ertvovan mladi svjetlosni konj (bijeli ili svjetlo\u017euti); \u0161amani su u ekstati\u010dnim seansama jahali \u201ekroz devet nebesa\u201c i prenosili \u00dclgenu molbe plemena. Anokhin je detaljno zabilje\u017eio jednu od tih seansi (1909, objavljeno 1924).<\/p><p>U osobnoj sferi \u00dclgen je bio sredi\u0161nja <span class=\"iwg-fachbegriff\" data-tooltip=\"Molbeno ili prizivno obra\u0107anje bo\u017eanstvu ili mo\u0107i.\" tabindex=\"0\">invokacija<\/span> bijelih \u0161amana (<em>aq kam<\/em>), dok su se crni \u0161amani obra\u0107ali <a href=\"https:\/\/iwell-guard.com\/hr\/erlik-khan-vladar-podzemlja-altajaca\/\">Erlik Khanu<\/a>. Njegov blagdan \u010desto je padao na proslavu ljetnog solsticija i preklapao se s kasnijim mongolskim kompleksom Naadam.<\/p><p>Posebnim oblikom \u00dclgenova \u0161tovanja bio je <em>tagyl<\/em>&#8211;<span class=\"iwg-fachbegriff\" data-tooltip=\"Ure\u0111en slijed simboli\u010dkih radnji s religijskim ili kulturnim zna\u010denjem.\" tabindex=\"0\">ritual<\/span>: na ravnoj stijeni podizao se mali kameni \u017ertvenik na kojem se prinosilo kobilje mlijeko i pecivo od maslaca. Takvi stjenski \u017ertvenici djelomi\u010dno su arheolo\u0161ki sa\u010duvani u ju\u017enosibirskim visokim stepama i mogu sezati sve do <span class=\"iwg-fachbegriff\" data-tooltip=\"Prapovijesno razdoblje u kojem je bronca bila najva\u017eniji metal za izradu predmeta.\" tabindex=\"0\">bronzanog doba<\/span>, bez da je religijska identifikacija nu\u017eno neprekinuta.<\/p>\t\t\t\t\t\t\t\t<\/div>\n\t\t\t\t<\/div>\n\t\t\t\t\t<\/div>\n\t\t\t\t<\/div>\n\t\t<div class=\"elementor-element elementor-element-iwgw-uelgen-s5 e-flex e-con-boxed e-con e-parent\" data-id=\"iwgw-uelgen-s5\" data-element_type=\"container\" data-e-type=\"container\">\n\t\t\t\t\t<div class=\"e-con-inner\">\n\t\t\t\t<div class=\"elementor-element elementor-element-iwgw-uelgen-s5h elementor-widget elementor-widget-heading\" data-id=\"iwgw-uelgen-s5h\" data-element_type=\"widget\" data-e-type=\"widget\" data-widget_type=\"heading.default\">\n\t\t\t\t\t<h2 class=\"elementor-heading-title elementor-size-default\">Za\u0161titna praksa i apotropejski elementi<\/h2>\t\t\t\t<\/div>\n\t\t<div class=\"elementor-element elementor-element-iwgw-uelgen-s5c e-con-full e-flex e-con e-child\" data-id=\"iwgw-uelgen-s5c\" data-element_type=\"container\" data-e-type=\"container\">\n\t\t\t\t<div class=\"elementor-element elementor-element-iwgw-uelgen-s5t elementor-widget elementor-widget-text-editor\" data-id=\"iwgw-uelgen-s5t\" data-element_type=\"widget\" data-e-type=\"widget\" data-widget_type=\"text-editor.default\">\n\t\t\t\t\t\t\t\t\t<p>Za\u0161titna praksa u \u00dclgenovu kompleksu bila je pozitivno obilje\u017eena: nije se toliko radilo o odbijanju zla koliko o \u201evra\u0107anju u red\u201c. Apotropejski elementi bili su vezivanje bijelih traka tkanine (<em>kyira<\/em>) na ari\u0161e na gorskim prijevojima, podizanje malih kamenih piramida (<em>obo<\/em>) i izbjegavanje buke i sva\u0111e na prijevojima.<\/p><p data-nosnippet=\"true\">U slu\u010daju bolesti djeteta mogao se prizvati bijeli <span class=\"iwg-fachbegriff\" data-tooltip=\"Religijski specijalist kojem se pripisuje posredovanje izme\u0111u ljudi i svijeta duhova.\" tabindex=\"0\">\u0161aman<\/span>, koji je molio \u00dclgena za \u201evra\u0107anje dijela \u017eivota\u201c. U konceptualnom smislu rije\u010d je o molbi za kosmi\u010dki red, a ne o obe\u0107anju izlje\u010denja. Religiologijski gledano, ova praksa pripada \u201eritualima obnove\u201c, koji su dokumentirani i u mnogim drugim domoroda\u010dkim tradicijama.<\/p><p>Klju\u010dna je razdioba: \u00dclgen je bio primatelj molbi, ne sam iscjelitelj. Iscjeljivanje je bilo zada\u0107a \u0161amana kao posrednika, va\u017ena religijsko-sociolo\u0161ka razlika koju je Roberte Hamayon (1990) o\u0161tro istaknula nasuprot Eliadeovu modelu.<\/p>\t\t\t\t\t\t\t\t<\/div>\n\t\t\t\t<\/div>\n\t\t\t\t\t<\/div>\n\t\t\t\t<\/div>\n\t\t<div class=\"elementor-element elementor-element-iwgw-uelgen-s6 e-flex e-con-boxed e-con e-parent\" data-id=\"iwgw-uelgen-s6\" data-element_type=\"container\" data-e-type=\"container\">\n\t\t\t\t\t<div class=\"e-con-inner\">\n\t\t\t\t<div class=\"elementor-element elementor-element-iwgw-uelgen-s6h elementor-widget elementor-widget-heading\" data-id=\"iwgw-uelgen-s6h\" data-element_type=\"widget\" data-e-type=\"widget\" data-widget_type=\"heading.default\">\n\t\t\t\t\t<h2 class=\"elementor-heading-title elementor-size-default\">Paralele u drugim kulturama<\/h2>\t\t\t\t<\/div>\n\t\t<div class=\"elementor-element elementor-element-iwgw-uelgen-s6c e-con-full e-flex e-con e-child\" data-id=\"iwgw-uelgen-s6c\" data-element_type=\"container\" data-e-type=\"container\">\n\t\t\t\t<div class=\"elementor-element elementor-element-iwgw-uelgen-s6t elementor-widget elementor-widget-text-editor\" data-id=\"iwgw-uelgen-s6t\" data-element_type=\"widget\" data-e-type=\"widget\" data-widget_type=\"text-editor.default\">\n\t\t\t\t\t\t\t\t\t<p>Strukturno usporediv s germanskim Tyrom, vedskim Varunom u njegovoj svjetlosnoj funkciji, rimskim Jupiterom kao bogom prava i poretka, a u Sibiru s jakutskim <em>Aar Tojonom<\/em>. Fenomenologijom religije se isti\u010de da \u00dclgen, za razliku od udaljenog Tengrija, posjeduje konkretnu pri\u010du o stvaranju, bez da time postaje demijurg-tvorac poput Yaldabaotha u gnosticizmu.<\/p><p>Bliska paralela nalazi se u finskom Ukku, koji je tako\u0111er \u201eaktivnije vrhovno bo\u017eanstvo\u201c ispod apstraktnog nebeskog sloja. Finski istra\u017eiva\u010d Kalevale Juha Pentik\u00e4inen u djelu <em>Shamanism and Culture<\/em> (1998) povukao je tipolo\u0161ke usporedbe izme\u0111u sibirskih i finsko-ugarskih vrhovnih bo\u017eanstava.<\/p><p>Specifi\u010dno altajska zna\u010dajka je stroga podjela na \u201ebijele\u201c i \u201ecrne\u201c \u0161amane s odvojenim adresatima invokacije. Ovaj model je u sibirskoj usporedbi rijedak i \u010dini \u00dclgena posebno interesantnim s fenomenologijskog gledi\u0161ta religije.<\/p>\t\t\t\t\t\t\t\t<\/div>\n\t\t\t\t<\/div>\n\t\t\t\t\t<\/div>\n\t\t\t\t<\/div>\n\t\t<div class=\"elementor-element elementor-element-iwgw-uelgen-s7 e-flex e-con-boxed e-con e-parent\" data-id=\"iwgw-uelgen-s7\" data-element_type=\"container\" data-e-type=\"container\">\n\t\t\t\t\t<div class=\"e-con-inner\">\n\t\t\t\t<div class=\"elementor-element elementor-element-iwgw-uelgen-s7h elementor-widget elementor-widget-heading\" data-id=\"iwgw-uelgen-s7h\" data-element_type=\"widget\" data-e-type=\"widget\" data-widget_type=\"heading.default\">\n\t\t\t\t\t<h2 class=\"elementor-heading-title elementor-size-default\">Suvremena recepcija i istra\u017eivanja<\/h2>\t\t\t\t<\/div>\n\t\t<div class=\"elementor-element elementor-element-iwgw-uelgen-s7c e-con-full e-flex e-con e-child\" data-id=\"iwgw-uelgen-s7c\" data-element_type=\"container\" data-e-type=\"container\">\n\t\t\t\t<div class=\"elementor-element elementor-element-iwgw-uelgen-s7t elementor-widget elementor-widget-text-editor\" data-id=\"iwgw-uelgen-s7t\" data-element_type=\"widget\" data-e-type=\"widget\" data-widget_type=\"text-editor.default\">\n\t\t\t\t\t\t\t\t\t<p>U modernom altajskom kulturnom radu \u00dclgen je ponovno visoko cijenjen, krasi po\u0161tanske marke, narodne sve\u010danosti, \u0161kolske ud\u017ebenike Altajske Republike. Znanstveno klasi\u010dni prikazi: Anokhin (1924), L. P. Potapov (<em>Altaiskij \u0161amanizm<\/em>, 1991), Mircea Eliade (1951), Vladimir Basilov (1984) i u novije vrijeme Andrei Znamenski (2007).<\/p><p>Finski religiolog Juha Pentik\u00e4inen (<em>Shamanism and Culture<\/em>, 1998) svrstava \u00dclgena u \u0161iri cirkumpolarni niz svjetlosnih bo\u017eanstava.<\/p><p>U suvremenom Altaju \u00dclgenov <span class=\"iwg-fachbegriff\" data-tooltip=\"Ukupnost religijskih obrednih radnji posve\u0107enih bo\u017eanstvu ili svetom bi\u0107u.\" tabindex=\"0\">kult<\/span> nalazi se u napetosti: s jedne strane se pozicionira kao \u201eautenti\u010dna domoroda\u010dka religija\u201c nasuprot ruskom kr\u0161\u0107anstvu, a s druge je i sam prekriven elementima new agea koji nemaju korijene u etnografskoj tradiciji. Andrei Znamenski je tu napetost detaljno analizirao u svojoj oxfordskoj knjizi.<\/p><p>Posebni istra\u017eiva\u010dki pravac bavi se arheolo\u0161kim tragovima ritual\u00e2 usmjerenih na \u00dclgena; M. P. Grjaznow i V. D. Kubarew dokumentirali su stjenske crte\u017ee u Tuvi i na Altaju koji su protuma\u010deni kao \u00dclgenovi jaha\u010di, bez da je ta identifikacija sigurna.<\/p>\t\t\t\t\t\t\t\t<\/div>\n\t\t\t\t<\/div>\n\t\t\t\t\t<\/div>\n\t\t\t\t<\/div>\n\t\t<div class=\"elementor-element elementor-element-iwgw-uelgen-s8 e-flex e-con-boxed e-con e-parent\" data-id=\"iwgw-uelgen-s8\" data-element_type=\"container\" data-e-type=\"container\">\n\t\t\t\t\t<div class=\"e-con-inner\">\n\t\t\t\t<div class=\"elementor-element elementor-element-iwgw-uelgen-s8h elementor-widget elementor-widget-heading\" data-id=\"iwgw-uelgen-s8h\" data-element_type=\"widget\" data-e-type=\"widget\" data-widget_type=\"heading.default\">\n\t\t\t\t\t<h2 class=\"elementor-heading-title elementor-size-default\">Znanstvene rasprave i otvorena pitanja<\/h2>\t\t\t\t<\/div>\n\t\t<div class=\"elementor-element elementor-element-iwgw-uelgen-s8c e-con-full e-flex e-con e-child\" data-id=\"iwgw-uelgen-s8c\" data-element_type=\"container\" data-e-type=\"container\">\n\t\t\t\t<div class=\"elementor-element elementor-element-iwgw-uelgen-s8t elementor-widget elementor-widget-text-editor\" data-id=\"iwgw-uelgen-s8t\" data-element_type=\"widget\" data-e-type=\"widget\" data-widget_type=\"text-editor.default\">\n\t\t\t\t\t\t\t\t\t<p>Tri istra\u017eiva\u010dke rasprave obilje\u017eavaju izu\u010davanje \u00dclgena. Prvo: je li \u00dclgen odvojen dio Tengrija ili samostalan altajski sloj? Anokhin i Potapov skloni su prvom tuma\u010denju, Roux i Hamayon drugom.<\/p><p>Drugo: koliko je kontinuirano \u00dclgenovo \u0161tovanje od predislamskog vremena do 19.\/20. stolje\u0107a? Pisani izvori uglavnom nedostaju; etnografska <span class=\"iwg-fachbegriff\" data-tooltip=\"Preno\u0161enje znanja i pripovijesti kroz generacije.\" tabindex=\"0\">predaja<\/span> sustavno je zabilje\u017eena tek od Radloffa (1860-ih).<\/p><p>Tre\u0107e: koliki je udio ruskog prikupljanja podataka u samoj konsolidaciji slike o \u00dclgenu? Andrei Znamenski je ovdje iznio va\u017enu samokriti\u010dku refleksiju: mnogo od onoga \u0161to znamo o \u00dclgenu tako\u0111er je proizvod carske i sovjetske etnografije, a ne samo altajske unutarnje perspektive.<\/p>\t\t\t\t\t\t\t\t<\/div>\n\t\t\t\t<\/div>\n\t\t\t\t\t<\/div>\n\t\t\t\t<\/div>\n\t\t<div class=\"elementor-element elementor-element-iwgw-uelgen-s9 e-flex e-con-boxed e-con e-parent\" data-id=\"iwgw-uelgen-s9\" data-element_type=\"container\" data-e-type=\"container\">\n\t\t\t\t\t<div class=\"e-con-inner\">\n\t\t\t\t<div class=\"elementor-element elementor-element-iwgw-uelgen-s9h elementor-widget elementor-widget-heading\" data-id=\"iwgw-uelgen-s9h\" data-element_type=\"widget\" data-e-type=\"widget\" data-widget_type=\"heading.default\">\n\t\t\t\t\t<h2 class=\"elementor-heading-title elementor-size-default\">\u00dclgen u usporedbi s vrhovnim bo\u017eanstvima susjednih naroda<\/h2>\t\t\t\t<\/div>\n\t\t<div class=\"elementor-element elementor-element-iwgw-uelgen-s9c e-con-full e-flex e-con e-child\" data-id=\"iwgw-uelgen-s9c\" data-element_type=\"container\" data-e-type=\"container\">\n\t\t\t\t<div class=\"elementor-element elementor-element-iwgw-uelgen-s9t elementor-widget elementor-widget-text-editor\" data-id=\"iwgw-uelgen-s9t\" data-element_type=\"widget\" data-e-type=\"widget\" data-widget_type=\"text-editor.default\">\n\t\t\t\t\t\t\t\t\t<p>Sustavna usporedba \u00dclgena s drugim sibirskim visokim bo\u017eanstvima religiologijski je pou\u010dna. U odnosu na tunguski <a href=\"https:\/\/iwell-guard.com\/hr\/buga-vrhovni-bog-evenki\/\">Buga<\/a>, \u00dclgen je znatno osobniji i obdaren bogatijom mitologijom; u odnosu na jakutskog <em>\u00dcr\u00fcn Aar Tojona<\/em> zami\u0161ljen je kao sna\u017enije stvoriteljski aktivan. U odnosu na mongolskog <a href=\"https:\/\/iwell-guard.com\/hr\/khormusta-vrhovni-nebeski-bog-mongola\/\">Khormustu<\/a> kod njega nedostaju iransko-budisti\u010dki slojevi.<\/p><p>Ove usporedbe pokazuju da ju\u017enosibirska religija nije homogen sloj, nego spektar razli\u010dito profiliranih likova visokog boga, svaki s vlastitom mitologijom, ikonografijom i ritualnom praksom. Vladimir Basilov je u djelu <em>Shamanism in Siberia<\/em> (1984) predstavio prvu sustavnu komparativnu studiju.<\/p><p>Fenomenologijski gledano, \u00dclgen je posebno interesantan jer popunjava praznino izme\u0111u udaljenog Tengrija i konkretnih specijaliziranih bo\u017eanstava. Ta posredni\u010dka uloga \u010dini ga jednim od \u201enaj\u017eivljih\u201c visokih bo\u017eanstava Sibira.<\/p>\t\t\t\t\t\t\t\t<\/div>\n\t\t\t\t<\/div>\n\t\t\t\t\t<\/div>\n\t\t\t\t<\/div>\n\t\t<div class=\"elementor-element elementor-element-iwgw-uelgen-s10 e-flex e-con-boxed e-con e-parent\" data-id=\"iwgw-uelgen-s10\" data-element_type=\"container\" data-e-type=\"container\">\n\t\t\t\t\t<div class=\"e-con-inner\">\n\t\t\t\t<div class=\"elementor-element elementor-element-iwgw-uelgen-s10h elementor-widget elementor-widget-heading\" data-id=\"iwgw-uelgen-s10h\" data-element_type=\"widget\" data-e-type=\"widget\" data-widget_type=\"heading.default\">\n\t\t\t\t\t<h2 class=\"elementor-heading-title elementor-size-default\">Izvori i veza s kulturnim \u010dvori\u0161tem<\/h2>\t\t\t\t<\/div>\n\t\t<div class=\"elementor-element elementor-element-iwgw-uelgen-s10c e-con-full e-flex e-con e-child\" data-id=\"iwgw-uelgen-s10c\" data-element_type=\"container\" data-e-type=\"container\">\n\t\t\t\t<div class=\"elementor-element elementor-element-iwgw-uelgen-s10t elementor-widget elementor-widget-text-editor\" data-id=\"iwgw-uelgen-s10t\" data-element_type=\"widget\" data-e-type=\"widget\" data-widget_type=\"text-editor.default\">\n\t\t\t\t\t\t\t\t\t<p>Tko \u017eeli prou\u010diti kompleks \u00dclgena u cijelosti, na pregled\u043d\u043e\u0458 stranici <a href=\"https:\/\/iwell-guard.com\/hr\/sibirski-samanizam-i-tengrizam\/\">Sibirsko-tengrijanska tradicija<\/a> prona\u0107i \u0107e najva\u017enije poveznice na srodne likove poput <a href=\"https:\/\/iwell-guard.com\/hr\/tengri-bog-neba\/\">Tengrija<\/a>, <a href=\"https:\/\/iwell-guard.com\/hr\/erlik-khan-vladar-podzemlja-altajaca\/\">Erlik Kana<\/a> i maj\u010dinske za\u0161titni\u010dke figure <a href=\"https:\/\/iwell-guard.com\/hr\/umai-majka-boginja-djece-turaka\/\">Umai<\/a>.<\/p><p>Djelo A. V. Anohina <em>Materijali o <span class=\"iwg-fachbegriff\" data-tooltip=\"Religijski sustav u kojem specijalisti komuniciraju sa svijetom duhova.\" tabindex=\"0\">\u0161amanizmu<\/span> Altajaca<\/em> (1924) najva\u017eniji je primarni izvor i donosi detaljne opise \u0161est cjelovitih \u0161amanskih seansi koje je autor osobno zabilje\u017eio. Djelo L. P. Potapova <em>Altaiskij \u0161amanizm<\/em> (1991) najva\u017enija je sovjetsko-ruska sinteza.<\/p><p>Za cirkumpolarni kontekst valja spomenuti djelo Juhe Pentik\u00e4inena <em>Shamanism and Culture<\/em> (1998), koje \u00dclgena smje\u0161ta u \u0161iri niz bogova svjetlosti od Skandinavije do Sibira.<\/p>\t\t\t\t\t\t\t\t<\/div>\n\t\t\t\t<\/div>\n\t\t\t\t\t<\/div>\n\t\t\t\t<\/div>\n\t\t<div class=\"elementor-element elementor-element-iwgw-uelgen-s11 e-flex e-con-boxed e-con e-parent\" data-id=\"iwgw-uelgen-s11\" data-element_type=\"container\" data-e-type=\"container\">\n\t\t\t\t\t<div class=\"e-con-inner\">\n\t\t\t\t<div class=\"elementor-element elementor-element-iwgw-uelgen-s11h elementor-widget elementor-widget-heading\" data-id=\"iwgw-uelgen-s11h\" data-element_type=\"widget\" data-e-type=\"widget\" data-widget_type=\"heading.default\">\n\t\t\t\t\t<h2 class=\"elementor-heading-title elementor-size-default\">Fenomenologija religije svjetlosti<\/h2>\t\t\t\t<\/div>\n\t\t<div class=\"elementor-element elementor-element-iwgw-uelgen-s11c e-con-full e-flex e-con e-child\" data-id=\"iwgw-uelgen-s11c\" data-element_type=\"container\" data-e-type=\"container\">\n\t\t\t\t<div class=\"elementor-element elementor-element-iwgw-uelgen-s11t elementor-widget elementor-widget-text-editor\" data-id=\"iwgw-uelgen-s11t\" data-element_type=\"widget\" data-e-type=\"widget\" data-widget_type=\"text-editor.default\">\n\t\t\t\t\t\t\t\t\t<p>\u00dclgen je ud\u017ebeni\u010dki primjer religiofenomenolo\u0161ke kategorije \u201ebog svjetlosti\u201c, koju je Wilhelm Schmidt razradio u svojoj teoriji visokog boga, a poslije i Friedrich Heiler u djelu <em>Erscheinungsformen und Wesen der Religion<\/em> (1961). Karakteristi\u010dna je povezanost svjetlosti, visine, stvaranja i eti\u010dkog poretka.<\/p><p>U usporedbi s drugim bo\u017eanstvima svjetlosti, primjerice vedskim Suryom, egipatskim Rom ili zoroastrijskim Hvar Khshaetom, kod \u00dclgena nedostaje izravna identifikacija sa sun\u010devim diskom; on je prije \u201esvjetle\u0107i visoki bog\u201c iza astralnih pojava. To ga tipolo\u0161ki pribli\u017eava indoeuropskim visokim bo\u017eanstvima kao \u0161to su Varuna ili Tyr, vi\u0161e nego indoiranskim solarnim bo\u017eanstvima.<\/p><p>Povezanost sa Svjetskim drvom temeljni je motiv koji je odlu\u010duju\u0107e oblikovao Eliadeov koncept \u201eAxis Mundi\u201c. Iako se Eliadeova teorija danas gleda kriti\u010dki, materijal iz \u00dclgenova kompleksa ostaje jedan od najuvjerljivijih primjera vertikalnih kosmi\u010dkih posredni\u010dkih struktura.<\/p>\t\t\t\t\t\t\t\t<\/div>\n\t\t\t\t<\/div>\n\t\t\t\t\t<\/div>\n\t\t\t\t<\/div>\n\t\t<div class=\"elementor-element elementor-element-iwgw-uelgen-s12 e-flex e-con-boxed e-con e-parent\" data-id=\"iwgw-uelgen-s12\" data-element_type=\"container\" data-e-type=\"container\">\n\t\t\t\t\t<div class=\"e-con-inner\">\n\t\t\t\t<div class=\"elementor-element elementor-element-iwgw-uelgen-s12h elementor-widget elementor-widget-heading\" data-id=\"iwgw-uelgen-s12h\" data-element_type=\"widget\" data-e-type=\"widget\" data-widget_type=\"heading.default\">\n\t\t\t\t\t<h2 class=\"elementor-heading-title elementor-size-default\">Metodolo\u0161ka refleksija<\/h2>\t\t\t\t<\/div>\n\t\t<div class=\"elementor-element elementor-element-iwgw-uelgen-s12c e-con-full e-flex e-con e-child\" data-id=\"iwgw-uelgen-s12c\" data-element_type=\"container\" data-e-type=\"container\">\n\t\t\t\t<div class=\"elementor-element elementor-element-iwgw-uelgen-s12t elementor-widget elementor-widget-text-editor\" data-id=\"iwgw-uelgen-s12t\" data-element_type=\"widget\" data-e-type=\"widget\" data-widget_type=\"text-editor.default\">\n\t\t\t\t\t\t\t\t\t<p>U istra\u017eivanju \u00dclgena javljaju se brojni metodolo\u0161ki problemi. Prvo: altajsku religiju su u 19. stolje\u0107u bilje\u017eili uglavnom rusko-pravoslavni misionari, a ne\u0161to kasnije ruski etnografi. Obje su skupine imale interpretativne predrasude koje iskrivljuju prenesenu sliku.<\/p><p>Drugo: detaljni zapisi seansa A. V. Anokhina (1909) izvanredan su izvor, ali su obilje\u017eeni samom prisutno\u0161\u0107u posmatra\u010da. Metodolo\u0161ka rasprava o \u201eparticipativnom opa\u017eanju\u201c u religijskoj etnologiji izravno se odnosi na Anokhinov materijal.<\/p><p>Tre\u0107e: suvremena re-tengrizacija u Republici Altaj konstruira konsolidiranu \u00dclgenovu slikovnu tradiciju koja u povijesnom materijalu nije postojala u tako zatvorenom obliku. Ta konstrukcija zanimljiva je sa stajali\u0161ta sociologije religije, ali se ne smije zamijeniti s povijesnim slojem.<\/p>\t\t\t\t\t\t\t\t<\/div>\n\t\t\t\t<\/div>\n\t\t\t\t\t<\/div>\n\t\t\t\t<\/div>\n\t\t<div class=\"elementor-element elementor-element-iwgw-uelgen-s13 e-flex e-con-boxed e-con e-parent\" data-id=\"iwgw-uelgen-s13\" data-element_type=\"container\" data-e-type=\"container\">\n\t\t\t\t\t<div class=\"e-con-inner\">\n\t\t\t\t<div class=\"elementor-element elementor-element-iwgw-uelgen-s13h elementor-widget elementor-widget-heading\" data-id=\"iwgw-uelgen-s13h\" data-element_type=\"widget\" data-e-type=\"widget\" data-widget_type=\"heading.default\">\n\t\t\t\t\t<h2 class=\"elementor-heading-title elementor-size-default\">\u00dclgen i predod\u017eba Svjetskog drveta<\/h2>\t\t\t\t<\/div>\n\t\t<div class=\"elementor-element elementor-element-iwgw-uelgen-s13c e-con-full e-flex e-con e-child\" data-id=\"iwgw-uelgen-s13c\" data-element_type=\"container\" data-e-type=\"container\">\n\t\t\t\t<div class=\"elementor-element elementor-element-iwgw-uelgen-s13t elementor-widget elementor-widget-text-editor\" data-id=\"iwgw-uelgen-s13t\" data-element_type=\"widget\" data-e-type=\"widget\" data-widget_type=\"text-editor.default\">\n\t\t\t\t\t\t\t\t\t<p>Sredi\u0161nja religijsko-simboli\u010dka predod\u017eba u \u00dclgenovu kompleksu jest Svjetsko drvo, <em>baj-terek<\/em>: kozmi\u010dki ari\u0161 ili breza \u010dije korijenje se\u017ee u podzemni svijet, a kro\u0161nja zavr\u0161ava pod \u00dclgenovim tronom. Du\u017e te osi bijeli <span class=\"iwg-fachbegriff\" data-tooltip=\"Religijski specijalist kojemu se pripisuje posredovanje izme\u0111u ljudi i svijeta duhova.\" tabindex=\"0\">\u0161aman<\/span> izvodi svoje uzdizanje.<\/p><p>Mircea Eliade u\u010dinio je ovaj <span class=\"iwg-fachbegriff\" data-tooltip=\"Ponavljaju\u0107i sadr\u017eajni element u umjetnosti ili pripovijedanju.\" tabindex=\"0\">motiv<\/span> sredi\u0161njom kategorijom svog modela <span class=\"iwg-fachbegriff\" data-tooltip=\"Religijski sustav u kojem specijalisti stupaju u odnos sa svijetom duhova.\" tabindex=\"0\">\u0161amanizma<\/span> i sustavno ga razradio pod nazivom \u201eAxis Mundi\u201c u djelima <em>Le sacr\u00e9 et le profane<\/em> (1957) i <em>Le chamanisme<\/em> (1951). Iako se Eliadeov model danas gleda kriti\u010dki, \u00dclgenovo Svjetsko drvo ostaje jedan od najuvjerljivijih primjera vertikalne kozmi\u010dke posredni\u010dke strukture u nekoj autohtonoj religiji.<\/p><p>Suvremeni altajski umjetnici preuzimaju predod\u017ebu Svjetskog drveta; vidljiva je na brojnim zidnim slikama, suvenirima i izlo\u017ebama narodne umjetnosti. Ta recepcija zanimljiva je sa stajali\u0161ta sociologije religije jer religijski <span class=\"iwg-fachbegriff\" data-tooltip=\"Ponavljaju\u0107i sadr\u017eajni element u umjetnosti ili pripovijedanju.\" tabindex=\"0\">motiv<\/span> pretvara u kulturni identitetski simbol.<\/p>\t\t\t\t\t\t\t\t<\/div>\n\t\t\t\t<\/div>\n\t\t\t\t\t<\/div>\n\t\t\t\t<\/div>\n\t\t<div class=\"elementor-element elementor-element-iwgw-uelgen-s14 e-flex e-con-boxed e-con e-parent\" data-id=\"iwgw-uelgen-s14\" data-element_type=\"container\" data-e-type=\"container\">\n\t\t\t\t\t<div class=\"e-con-inner\">\n\t\t\t\t<div class=\"elementor-element elementor-element-iwgw-uelgen-s14h elementor-widget elementor-widget-heading\" data-id=\"iwgw-uelgen-s14h\" data-element_type=\"widget\" data-e-type=\"widget\" data-widget_type=\"heading.default\">\n\t\t\t\t\t<h2 class=\"elementor-heading-title elementor-size-default\">\u00dclgen u svjetlu suvremenih znanstvenih rasprav\u0430<\/h2>\t\t\t\t<\/div>\n\t\t<div class=\"elementor-element elementor-element-iwgw-uelgen-s14c e-con-full e-flex e-con e-child\" data-id=\"iwgw-uelgen-s14c\" data-element_type=\"container\" data-e-type=\"container\">\n\t\t\t\t<div class=\"elementor-element elementor-element-iwgw-uelgen-s14t elementor-widget elementor-widget-text-editor\" data-id=\"iwgw-uelgen-s14t\" data-element_type=\"widget\" data-e-type=\"widget\" data-widget_type=\"text-editor.default\">\n\t\t\t\t\t\t\t\t\t<p>Suvremeno istra\u017eivanje \u00dclgena stoji u nekoliko produktivnih napetosti. S jedne strane etablirana rusko-sovjetska \u0161kola (Potapov, Tokarev), koja radi s obiljem empirijskog materijala; s druge strane zapadna fenomenologija religije (Eliade, Pentik\u00e4inen), koja traga za op\u0107im religijskim strukturama.<\/p><p>Obje \u0161kole nadopunjuju se, a ne poklapaju se u potpunosti. Roberte Hamayon je tu napetost izrijekom razlo\u017eila u djelu <em>La chasse \u00e0 l&#8217;\u00e2me<\/em> (1990) i zagovarala tre\u0107e, socio-ekonomski utemeljeno tuma\u010denje.<\/p><p>Andrei Znamenski je u svojim djelima od 2003. sustavno obradio metodolo\u0161ke probleme istra\u017eivanja <span class=\"iwg-fachbegriff\" data-tooltip=\"Religijski sustav u kojem specijalisti stupaju u odnos sa svijetom duhova.\" tabindex=\"0\">\u0161amanizma<\/span>: koliko je slika koju istra\u017eivanje stvara zapravo u\u010dinak samog istra\u017eivanja? Taj refleksivni zaokret danas obilje\u017eava i istra\u017eivanje \u00dclgena. Za mlade religiologe to je pou\u010dan primjer.<\/p>\t\t\t\t\t\t\t\t<\/div>\n\t\t\t\t<\/div>\n\t\t\t\t\t<\/div>\n\t\t\t\t<\/div>\n\t\t<div class=\"elementor-element elementor-element-cp2bb9b29e e-flex e-con-boxed e-con e-parent\" data-id=\"cp2bb9b29e\" data-element_type=\"container\" data-e-type=\"container\">\n\t\t\t\t\t<div class=\"e-con-inner\">\n\t\t\t\t<div class=\"elementor-element elementor-element-cp26f84b97 elementor-widget elementor-widget-heading\" data-id=\"cp26f84b97\" data-element_type=\"widget\" data-e-type=\"widget\" data-widget_type=\"heading.default\">\n\t\t\t\t\t<h2 class=\"elementor-heading-title elementor-size-default\">\u00dclgen u religiji altajskih Turaka: izvori i zapisiva\u010di<\/h2>\t\t\t\t<\/div>\n\t\t<div class=\"elementor-element elementor-element-cp237ddc15 e-flex e-con-boxed e-con e-child\" data-id=\"cp237ddc15\" data-element_type=\"container\" data-e-type=\"container\">\n\t\t\t\t\t<div class=\"e-con-inner\">\n\t\t\t\t<div class=\"elementor-element elementor-element-cp28067a54 elementor-widget elementor-widget-text-editor\" data-id=\"cp28067a54\" data-element_type=\"widget\" data-e-type=\"widget\" data-widget_type=\"text-editor.default\">\n\t\t\t\t\t\t\t\t\t<p><span class=\"iwg-fachbegriff\" data-tooltip=\"Bi\u0107e koje se u okviru neke religije po\u0161tuje kao bo\u017eansko.\" tabindex=\"0\">Bo\u017eanstvo<\/span> \u00dclgen, u pisanju i <em>\u00dclg\u00e4n<\/em> ili <em>Bai \u00dclgen<\/em>, poznato je prije svega iz religije turkijskih narod\u00e2 altajskog gorja. Najva\u017enije opise dugujemo etnografiji 19. i ranog 20. stolje\u0107a.<\/p><p>Poseban zna\u010daj imaju radovi istra\u017eiva\u010da Wilhelma Radloffa te misionara i jezikoslovca Wassilija Werbizkog, koji su u 19. stolje\u0107u djelovali me\u0111u Altajcima i prikupljali tekstove, molitve i opise obredne prakse.<\/p><p>U tim izvorima \u00dclgen se pojavljuje kao visoko, dobrohotno nebesko bo\u017eanstvo koje boravi u jednom od gornjih nebeskih slojeva. U mnogim predajama njemu je suprotstavljen Erlik, gospodar podzemnog svijeta. \u00dclgen se povezuje sa stvaranjem, plodno\u0161\u0107u, stokom i dobrobiti ljudi.<\/p><p>Za razliku od dalekog, nedjelatnog nebeskog boga, \u00dclgen je bio adresat konkretnih obreda; njemu su se prinosile \u017ertve \u017eivotinja, posebno konja, a \u0161amanski stru\u010dnjak stupao je s njim u dodir putem obrednih pjevanja.<\/p><p>Prilikom kori\u0161tenja ovih izvora treba imati na umu da je Werbizki bio misionar i altajsku religiju promatrao iz kr\u0161\u0107anske perspektive, dok je Radloff bio vi\u0161e jezikoslovno i etnolo\u0161ki usmjeren. Oboje su, uz to, dokumentirali religiju koja je ve\u0107 bila pod utjecajem dodira s budizmom, kr\u0161\u0107anstvom i ruskom vla\u0161\u0107u.<\/p><p>Neki istra\u017eiva\u010di u dualisti\u010dkom suprotstavljanju \u00dclgena i Erlika naziru mogu\u0107i iransko-zoroastrijski ili kr\u0161\u0107anski utjecaj. To pitanje nije kona\u010dno razja\u0161njeno, ali upozorava da se preneseni prikaz \u00dclgena ne smije bez provjere smatrati pradrevnim i nepromijenjenim. Srodna nebeska bo\u017eanstva poznaju i susjedne <a href=\"https:\/\/iwell-guard.com\/hr\/sibirski-samanizam-i-tengrizam\/\">unutarnjoazijske kulture<\/a>.<\/p>\t\t\t\t\t\t\t\t<\/div>\n\t\t\t\t\t<\/div>\n\t\t\t\t<\/div>\n\t\t\t\t\t<\/div>\n\t\t\t\t<\/div>\n\t\t<div class=\"elementor-element elementor-element-cp299b431d e-flex e-con-boxed e-con e-parent\" data-id=\"cp299b431d\" data-element_type=\"container\" data-e-type=\"container\">\n\t\t\t\t\t<div class=\"e-con-inner\">\n\t\t\t\t<div class=\"elementor-element elementor-element-cp206c9790 elementor-widget elementor-widget-heading\" data-id=\"cp206c9790\" data-element_type=\"widget\" data-e-type=\"widget\" data-widget_type=\"heading.default\">\n\t\t\t\t\t<h2 class=\"elementor-heading-title elementor-size-default\">\u0160amansko putovanje na nebo k \u00dclgenu: obredni tekst u detalje<\/h2>\t\t\t\t<\/div>\n\t\t<div class=\"elementor-element elementor-element-cp262fe7ef e-flex e-con-boxed e-con e-child\" data-id=\"cp262fe7ef\" data-element_type=\"container\" data-e-type=\"container\">\n\t\t\t\t\t<div class=\"e-con-inner\">\n\t\t\t\t<div class=\"elementor-element elementor-element-cp213fcfa0 elementor-widget elementor-widget-text-editor\" data-id=\"cp213fcfa0\" data-element_type=\"widget\" data-e-type=\"widget\" data-widget_type=\"text-editor.default\">\n\t\t\t\t\t\t\t\t\t<p>Jedno od najimpresivnijih svjedo\u010danstava altajske religije jest opis obrednog putovanja na nebo k \u00dclgenu, kako ga je, me\u0111u ostalima, prenio Wilhelm Radloff, a kasnije ga je op\u0161irno obradio religiolog Mircea Eliade u svojoj studiji o <span class=\"iwg-fachbegriff\" data-tooltip=\"Religijski sustav u kojem stru\u010dnjaci op\u0107e s duhovnim svijetom.\" tabindex=\"0\">\u0161amanizmu<\/span>. <span class=\"iwg-fachbegriff\" data-tooltip=\"Ure\u0111eni slijed simboli\u010dkih radnji s religijskim ili kulturnim zna\u010denjem.\" tabindex=\"0\">Obred<\/span> je slu\u017eio prino\u0161enju konjske \u017ertve \u00dclgenu i trebao je osigurati njegovu dobrohotnost prema zajednici.<\/p><p>Tijek obreda, kako je prikazan u izvorima, odvijao se u vi\u0161e koraka. Nakon priprema, koje su uklju\u010divale odabir i obredno pripremanje \u017ertvene \u017eivotinje, \u0161amanski stru\u010dnjak simboli\u010dno se penjao po nizu urez\u00e2 na brezi, koji su predstavljali uzastopne nebeske slojeve.<\/p><p>U obrednim pjevanjima opisivao je uspon od sloja do sloja, na putu bi susretao razna bi\u0107a i naposljetku se pribli\u017eavao \u00dclgenovu prebivali\u0161tu. U tom trenutku iznosio je molbe zajednice i poku\u0161avao iz dobivenih odgovora izvu\u0107i informacije o budu\u0107nosti, primjerice o narednoj \u017eetvi ili prirastu stada.<\/p><p>Prilikom ocjenjivanja ovog prikaza potreban je oprez. Tekst koji je Radloff zabilje\u017eio konkretna je izvedba vezana za odre\u0111eno mjesto i vrijeme, a ne bezvremenski scenarij. Eliade ga je generalizirao kao uzorni primjer \u0161amanskog putovanja na nebo, ali kasnija istra\u017eivanja kritizirala su njegovu tendenciju uop\u0107avanja.<\/p><p>Mo\u017ee se zaklju\u010diti da \u00dclgen u altajskoj praksi nije bio samo teolo\u0161ka predstava, nego cilj razra\u0111ene obredne radnje u kojoj su slojevitost neba i uspon stru\u010dnjaka konkretno prikazivani.<\/p>\t\t\t\t\t\t\t\t<\/div>\n\t\t\t\t\t<\/div>\n\t\t\t\t<\/div>\n\t\t\t\t\t<\/div>\n\t\t\t\t<\/div>\n\t\t<div class=\"elementor-element elementor-element-cp25359e9f e-flex e-con-boxed e-con e-parent\" data-id=\"cp25359e9f\" data-element_type=\"container\" data-e-type=\"container\">\n\t\t\t\t\t<div class=\"e-con-inner\">\n\t\t\t\t<div class=\"elementor-element elementor-element-cp239a60e9 elementor-widget elementor-widget-heading\" data-id=\"cp239a60e9\" data-element_type=\"widget\" data-e-type=\"widget\" data-widget_type=\"heading.default\">\n\t\t\t\t\t<h2 class=\"elementor-heading-title elementor-size-default\">\u00dclgen i Erlik: dualisti\u010dki odnos i njegova tuma\u010denja<\/h2>\t\t\t\t<\/div>\n\t\t<div class=\"elementor-element elementor-element-cp2c94b71a e-flex e-con-boxed e-con e-child\" data-id=\"cp2c94b71a\" data-element_type=\"container\" data-e-type=\"container\">\n\t\t\t\t\t<div class=\"e-con-inner\">\n\t\t\t\t<div class=\"elementor-element elementor-element-cp27d463c9 elementor-widget elementor-widget-text-editor\" data-id=\"cp27d463c9\" data-element_type=\"widget\" data-e-type=\"widget\" data-widget_type=\"text-editor.default\">\n\t\t\t\t\t\t\t\t\t<p>Za preneseni prikaz \u00dclgena karakteristi\u010dna je njegova tijesna povezanost s protulikom <a href=\"https:\/\/iwell-guard.com\/hr\/sibirski-samanizam-i-tengrizam\/\">Erlikom<\/a>. U brojnim altajskim pripovijestima ta dvojica se pojavljuju kao komplementaran par: \u00dclgen gore na nebu, pridru\u017een svjetlu, stvaranju i \u017eivotu, Erlik dolje, pridru\u017een podzemnom svijetu, bolesti i smrti.<\/p><p>Neke pri\u010de o stvaranju svijeta prikazuju obojicu kao sudionike u stvaranju svijeta, pri \u010demu Erlikov doprinos u svijet \u010desto unosi nesavr\u0161eno ili \u0161tetno.<\/p><p>Ovaj dualisti\u010dki odnos intenzivno zaokuplja istra\u017eivanje. Jedno od pitanja jest je li izra\u017eeni dualizam izvorno obilje\u017eje altajske religije ili je poja\u010dan dodirima s dualisti\u010dkim religijskim sustavima, primjerice sa zoroastrijskim predod\u017ebama koje su stizale unutarnjoazijskim trgova\u010dkim putovima, ili s kr\u0161\u0107anskim predod\u017ebama o Bogu i vragu putem ruske misije.<\/p><p>Jasan odgovor nije mogu\u0107, jer izvori potje\u010du iz vremena u kojem su takvi dodiri ve\u0107 postojali.<\/p><p>Va\u017eno je i to da suprotnost izme\u0111u \u00dclgena i Erlika ne treba pogre\u0161no shvatiti kao jednostavnu borbu dobra i zla. U mnogim pripovijestima Erlik nije \u010disti protivnik, nego nu\u017ean dio svjetskog poretka, s kojim se trebalo pomiriti isto kao i s \u00dclgenom.<\/p><p>\u0160amanski stru\u010dnjaci op\u0107ili su i s gornjim i s donjim svijetom. Odnos ovih dviju sila stoga se bolje opisuje kao napeta komplementarnost nego kao moralni dualizam. Za razumijevanje \u00dclgena iz toga slijedi da se njegov zna\u010daj potpuno otkriva tek u odnosu na Erlika: on je nebeski pol dvopolnog tuma\u010denja svijeta.<\/p>\t\t\t\t\t\t\t\t<\/div>\n\t\t\t\t\t<\/div>\n\t\t\t\t<\/div>\n\t\t\t\t\t<\/div>\n\t\t\t\t<\/div>\n\t\t<div class=\"elementor-element elementor-element-iwgw-uelgen-lit e-flex e-con-boxed e-con e-parent\" data-id=\"iwgw-uelgen-lit\" data-element_type=\"container\" data-e-type=\"container\">\n\t\t\t\t\t<div class=\"e-con-inner\">\n\t\t\t\t<div class=\"elementor-element elementor-element-iwgw-uelgen-lith elementor-widget elementor-widget-heading\" data-id=\"iwgw-uelgen-lith\" data-element_type=\"widget\" data-e-type=\"widget\" data-widget_type=\"heading.default\">\n\t\t\t\t\t<h2 class=\"elementor-heading-title elementor-size-default\">Literatura (izbor)<\/h2>\t\t\t\t<\/div>\n\t\t<div class=\"elementor-element elementor-element-iwgw-uelgen-litc e-con-full e-flex e-con e-child\" data-id=\"iwgw-uelgen-litc\" data-element_type=\"container\" data-e-type=\"container\">\n\t\t\t\t<div class=\"elementor-element elementor-element-iwgw-uelgen-litt elementor-widget elementor-widget-text-editor\" data-id=\"iwgw-uelgen-litt\" data-element_type=\"widget\" data-e-type=\"widget\" data-widget_type=\"text-editor.default\">\n\t\t\t\t\t\t\t\t\t<ul><li>A. V. Anohin: <em>Materijali o <span class=\"iwg-fachbegriff\" data-tooltip=\"Religijski sustav u kojem specijalisti komuniciraju sa svijetom duhova.\" tabindex=\"0\">\u0161amanizmu<\/span> Altajaca<\/em> (1924)<\/li><li>L. P. Potapov: <em>Altaiskij \u0161amanizm<\/em> (1991)<\/li><li>Mircea Eliade: <em>Le chamanisme<\/em> (1951)<\/li><li>Vladimir Basilov: <em>Shamanism in Siberia<\/em> (1984)<\/li><li>Juha Pentik\u00e4inen: <em>Shamanism and Culture<\/em> (1998)<\/li><li>Andrei Znamenski: <em>Shamanism and Western Imagination<\/em> (2007)<\/li><li>Roberte Hamayon: <em>La chasse \u00e0 l&#8217;\u00e2me<\/em> (1990)<\/li><\/ul>\t\t\t\t\t\t\t\t<\/div>\n\t\t\t\t<\/div>\n\t\t\t\t\t<\/div>\n\t\t\t\t<\/div>\n\t\t<div class=\"elementor-element elementor-element-iwgkw-add-uelgen e-flex e-con-boxed e-con e-parent\" data-id=\"iwgkw-add-uelgen\" data-element_type=\"container\" data-e-type=\"container\">\n\t\t\t\t\t<div class=\"e-con-inner\">\n\t\t\t\t<div class=\"elementor-element elementor-element-iwgkw-add-uelgen-t elementor-widget elementor-widget-text-editor\" data-id=\"iwgkw-add-uelgen-t\" data-element_type=\"widget\" data-e-type=\"widget\" data-widget_type=\"text-editor.default\">\n\t\t\t\t\t\t\t\t\t<p>Altajski bog svjetlosti u izvorima se prenosi u dva uobi\u010dajena oblika transkripcije: <strong>\u00dclgen<\/strong> u turkolo\u0161koj standardnoj formi i <strong>Uelgen<\/strong> u njema\u010dkim tekstovima bez posebnih znakova.<\/p><p>Oba se oblika odnose na istu figuru, koja se u zapisima Wilhelma Radloffa i kasnijih sibirskih religijskih istra\u017eivanja javlja kao stvoritelj gornjega svijeta i suprotnost podzemnome Erliku. Dvojno pisanje olak\u0161ava pronala\u017eenje u starijim bibliografijama i u digitalnim katalozima, u kojima se preglasovi obra\u0111uju na razli\u010dite na\u010dine.<\/p>\t\t\t\t\t\t\t\t<\/div>\n\t\t\t\t\t<\/div>\n\t\t\t\t<\/div>\n\t\t<div class=\"elementor-element elementor-element-iwgkw2-add-uelgen e-flex e-con-boxed e-con e-parent\" data-id=\"iwgkw2-add-uelgen\" data-element_type=\"container\" data-e-type=\"container\">\n\t\t\t\t\t<div class=\"e-con-inner\">\n\t\t\t\t<div class=\"elementor-element elementor-element-iwgkw2-add-uelgen-t elementor-widget elementor-widget-text-editor\" data-id=\"iwgkw2-add-uelgen-t\" data-element_type=\"widget\" data-e-type=\"widget\" data-widget_type=\"text-editor.default\">\n\t\t\t\t\t\t\t\t\t<p><em>Altajski<\/em> mit o stvaranju poznaje \u00dclgena kao svijetloga gospodara neba gornjega svijeta, \u010diji protivnik Erlik vlada podzemljem; etnografski zapisi Wilhelma Radloffa iz devetnaestog stolje\u0107a detaljno dokumentiraju taj <span class=\"iwg-fachbegriff\" data-tooltip=\"Ukupnost bogova jedne religije ili kulture.\" tabindex=\"0\">panteon<\/span>.<\/p>\t\t\t\t\t\t\t\t<\/div>\n\t\t\t\t\t<\/div>\n\t\t\t\t<\/div>\n\t\t<div class=\"elementor-element elementor-element-iwgw-uelgen-kwd e-flex e-con-boxed e-con e-parent\" data-id=\"iwgw-uelgen-kwd\" data-element_type=\"container\" data-e-type=\"container\">\n\t\t\t\t\t<div class=\"e-con-inner\">\n\t\t<div class=\"elementor-element elementor-element-iwgw-uelgen-kwdc e-con-full e-flex e-con e-child\" data-id=\"iwgw-uelgen-kwdc\" data-element_type=\"container\" data-e-type=\"container\">\n\t\t\t\t<div class=\"elementor-element elementor-element-iwgw-uelgen-kwdt elementor-widget elementor-widget-text-editor\" data-id=\"iwgw-uelgen-kwdt\" data-element_type=\"widget\" data-e-type=\"widget\" data-widget_type=\"text-editor.default\">\n\t\t\t\t\t\t\t\t\t<p><em>Srodni klju\u010dni pojmovi: \u00dclgen Aq Kam bijeli \u0161amani devet nebesa altajsko stvaranje.<\/em><\/p>\t\t\t\t\t\t\t\t<\/div>\n\t\t\t\t<\/div>\n\t\t\t\t\t<\/div>\n\t\t\t\t<\/div>\n\t\t<div class=\"elementor-element elementor-element-iwgw-uelgen-cc e-flex e-con-boxed e-con e-parent\" data-id=\"iwgw-uelgen-cc\" data-element_type=\"container\" data-e-type=\"container\" id=\"iwg-cc-uelgen\">\n\t\t\t\t\t<div class=\"e-con-inner\">\n\t\t<div class=\"elementor-element elementor-element-iwgw-uelgen-ccinner e-flex e-con-boxed e-con e-parent\" data-id=\"iwgw-uelgen-ccinner\" data-element_type=\"container\" data-e-type=\"container\" data-settings=\"{&quot;background_background&quot;:&quot;classic&quot;}\">\n\t\t\t\t\t<div class=\"e-con-inner\">\n\t\t\t\t<div class=\"elementor-element elementor-element-iwgw-uelgen-cch elementor-widget elementor-widget-heading\" data-id=\"iwgw-uelgen-cch\" data-element_type=\"widget\" data-e-type=\"widget\" data-widget_type=\"heading.default\">\n\t\t\t\t\t<h2 class=\"elementor-heading-title elementor-size-default\">iWell Guard i tradicije za\u0161tite<\/h2>\t\t\t\t<\/div>\n\t\t\t\t<div class=\"elementor-element elementor-element-iwgw-uelgen-cct elementor-widget elementor-widget-text-editor\" data-id=\"iwgw-uelgen-cct\" data-element_type=\"widget\" data-e-type=\"widget\" data-widget_type=\"text-editor.default\">\n\t\t\t\t\t\t\t\t\t<div data-nosnippet=\"true\"><p>iWell Guard nastavlja kulturno-povijesnu tradiciju prenosivih za\u0161titnih predmeta, u tradiciji <a href=\"https:\/\/iwell-guard.com\/hr\/sibirski-samanizam-i-tengrizam\/\">Sibira \/ tengrizma<\/a> i mnogih drugih kultura \u0161irom svijeta. 41 razina, pravo zlato, platina, srebro, izra\u0111eno u Njema\u010dkoj. 30-dnevno pravo na povrat.<\/p><\/div>\t\t\t\t\t\t\t\t<\/div>\n\t\t\t\t<div class=\"elementor-element elementor-element-iwgw-uelgen-ccb iwg-cc-button iwg-cc-cta-2026-05-13 elementor-widget elementor-widget-jet-button\" data-id=\"iwgw-uelgen-ccb\" data-element_type=\"widget\" data-e-type=\"widget\" data-widget_type=\"jet-button.default\">\n\t\t\t\t<div class=\"elementor-widget-container\">\n\t\t\t\t\t<div class=\"elementor-jet-button jet-elements\"><div class=\"jet-button__container\"><a class=\"jet-button__instance jet-button__instance--icon-left hover-effect-1\" href=\"\/ueber-iwell-guard\/?utm_source=iwell-guard.com&amp;utm_medium=info-box&amp;utm_campaign=wesen-tradition\"><div class=\"jet-button__plane jet-button__plane-normal\"><\/div><div class=\"jet-button__plane jet-button__plane-hover\"><\/div><div class=\"jet-button__state jet-button__state-normal\"><span class=\"jet-button__label\">Vi\u0161e o iWell Guardu<\/span><\/div><div class=\"jet-button__state jet-button__state-hover\"><span class=\"jet-button__label\">Vi\u0161e o iWell Guardu<\/span><\/div><\/a><\/div><\/div><style>.elementor-element.elementor-element-iwgw-uelgen-ccb .jet-button__instance{width:320px;height:56px;}.elementor-element.elementor-element-iwgw-uelgen-ccb .jet-button__state-normal .jet-button__label{text-align:center;margin:0px 0px 0px 0px;color:#1a1b20;font-family:Montserrat,sans-serif;font-size:13px;font-weight:400;letter-spacing:4px;line-height:1.714em;text-transform:uppercase;}.elementor-element.elementor-element-iwgw-uelgen-ccb .jet-button__state-hover .jet-button__label{text-align:center;margin:0px 0px 0px 0px;color:#FECC76;font-family:Montserrat,sans-serif;font-size:13px;font-weight:400;letter-spacing:4px;line-height:1.714em;text-transform:uppercase;}.elementor-element.elementor-element-iwgw-uelgen-ccb .jet-button__plane-normal{background-color:#FECC76;border-style:solid;border-color:#C99540;border-width:2px 2px 2px 2px;}.elementor-element.elementor-element-iwgw-uelgen-ccb .jet-button__plane-hover{background-color:rgba(0,0,0,0.55);border-style:solid;border-color:#FECC76;border-width:2px 2px 2px 2px;}<\/style>\t\t\t\t<\/div>\n\t\t\t\t<\/div>\n\t\t\t\t<div class=\"elementor-element elementor-element-iwgw-uelgen-ccd elementor-widget elementor-widget-text-editor\" data-id=\"iwgw-uelgen-ccd\" data-element_type=\"widget\" data-e-type=\"widget\" data-widget_type=\"text-editor.default\">\n\t\t\t\t\t\t\t\t\t<div data-nosnippet=\"true\"><p style=\"text-align:center;font-size:13px;opacity:0.7;margin-top:14px\" data-nosnippet=\"true\">Osobna iskustva mogu se razlikovati. Nije medicinski proizvod. Nema obe\u0107anja izlje\u010denja.<\/p><\/div>\t\t\t\t\t\t\t\t<\/div>\n\t\t\t\t\t<\/div>\n\t\t\t\t<\/div>\n\t\t\t\t\t<\/div>\n\t\t\t\t<\/div>\n\t\t<div class=\"elementor-element elementor-element-iwgw-uelgen-disc e-flex e-con-boxed e-con e-parent\" data-id=\"iwgw-uelgen-disc\" data-element_type=\"container\" data-e-type=\"container\">\n\t\t\t\t\t<div class=\"e-con-inner\">\n\t\t\t\t<div class=\"elementor-element elementor-element-iwgw-uelgen-discw elementor-widget elementor-widget-html\" data-id=\"iwgw-uelgen-discw\" data-element_type=\"widget\" data-e-type=\"widget\" data-widget_type=\"html.default\">\n\t\t\t\t\t<footer data-nosnippet=\"true\" class=\"iwg-disclaimer-block\"><p data-nosnippet=\"true\">iWell Guard <strong>nije medicinski proizvod<\/strong> i ne zamjenjuje lije\u010dni\u010dko ili psihoterapeutsko lije\u010denje. Religijsko-znanstveni sadr\u017eaji predstavljaju kulturno-povijesnu interpretaciju, a ne preporuku duhovne prakse.<\/p><\/footer>\t\t\t\t<\/div>\n\t\t\t\t\t<\/div>\n\t\t\t\t<\/div>\n\t\t\t\t<\/div>\n\t\t","protected":false},"excerpt":{"rendered":"","protected":false},"author":3,"featured_media":2858,"parent":0,"menu_order":0,"comment_status":"closed","ping_status":"closed","template":"elementor_header_footer","meta":{"_yoast_wpseo_focuskw":"\u00dclgen bog svjetlosti Altaj","_yoast_wpseo_title":"\u00dclgen \u2013 altajski bog svjetlosti, stvaranje i izvori","_yoast_wpseo_metadesc":"\u00dclgen je u ju\u017enosibirskom tengrizmu tvorac i bog svjetlosti gornjeg svijeta. Prikaz s mitom i kultom.","_yoast_wpseo_meta-robots-noindex":"","_yoast_wpseo_canonical":"","_angie_page":false,"gefaehrdungsstufe":"1","wesen_kultur":"sibirisch-tengrismus","wesen_klasse":"goetter","footnotes":""},"categories":[],"class_list":["post-149718","page","type-page","status-publish","has-post-thumbnail","hentry"],"yoast_head":"<!-- This site is optimized with the Yoast SEO Premium plugin v27.7 (Yoast SEO v28.3) - https:\/\/yoast.com\/product\/yoast-seo-premium-wordpress\/ -->\n<title>\u00dclgen \u2013 altajski bog svjetlosti, stvaranje i izvori<\/title>\n<meta name=\"description\" content=\"\u00dclgen je u ju\u017enosibirskom tengrizmu tvorac i bog svjetlosti gornjeg svijeta. Prikaz s mitom i kultom.\" \/>\n<meta name=\"robots\" content=\"index, follow, max-snippet:-1, max-image-preview:large, max-video-preview:-1\" \/>\n<link rel=\"canonical\" href=\"https:\/\/iwell-guard.com\/hr\/ulgen-bog-svjetlosti-altajaca\/\" \/>\n<meta property=\"og:locale\" content=\"hr_HR\" \/>\n<meta property=\"og:type\" content=\"article\" \/>\n<meta property=\"og:title\" content=\"\u00dclgen \u2013 bog svjetlosti Altajaca\" \/>\n<meta property=\"og:description\" content=\"\u00dclgen je u ju\u017enosibirskom tengrizmu tvorac i bog svjetlosti gornjeg svijeta. Prikaz s mitom i kultom.\" \/>\n<meta property=\"og:url\" content=\"https:\/\/iwell-guard.com\/hr\/ulgen-bog-svjetlosti-altajaca\/\" \/>\n<meta property=\"og:site_name\" content=\"iWell Guard\" \/>\n<meta property=\"article:modified_time\" content=\"2026-09-04T05:53:18+00:00\" \/>\n<meta property=\"og:image\" content=\"https:\/\/iwell-guard.com\/wp-content\/uploads\/2026\/05\/goetter_sibirisch-tengrismus_uelgen.webp\" \/>\n\t<meta property=\"og:image:width\" content=\"1024\" \/>\n\t<meta property=\"og:image:height\" content=\"1536\" \/>\n\t<meta property=\"og:image:type\" content=\"image\/webp\" \/>\n<meta name=\"twitter:card\" content=\"summary_large_image\" \/>\n<script type=\"application\/ld+json\" class=\"yoast-schema-graph\">{\"@context\":\"https:\\\/\\\/schema.org\",\"@graph\":[{\"@type\":\"WebPage\",\"@id\":\"https:\\\/\\\/iwell-guard.com\\\/hr\\\/ulgen-bog-svjetlosti-altajaca\\\/\",\"url\":\"https:\\\/\\\/iwell-guard.com\\\/hr\\\/ulgen-bog-svjetlosti-altajaca\\\/\",\"name\":\"\u00dclgen \u2013 altajski bog svjetlosti, stvaranje i izvori\",\"isPartOf\":{\"@id\":\"https:\\\/\\\/iwell-guard.com\\\/hr\\\/#website\"},\"primaryImageOfPage\":{\"@id\":\"https:\\\/\\\/iwell-guard.com\\\/hr\\\/ulgen-bog-svjetlosti-altajaca\\\/#primaryimage\"},\"image\":{\"@id\":\"https:\\\/\\\/iwell-guard.com\\\/hr\\\/ulgen-bog-svjetlosti-altajaca\\\/#primaryimage\"},\"thumbnailUrl\":\"https:\\\/\\\/iwell-guard.com\\\/wp-content\\\/uploads\\\/2026\\\/05\\\/goetter_sibirisch-tengrismus_uelgen.webp\",\"datePublished\":\"2026-09-04T05:12:55+00:00\",\"dateModified\":\"2026-09-04T05:53:18+00:00\",\"description\":\"\u00dclgen je u ju\u017enosibirskom tengrizmu tvorac i bog svjetlosti gornjeg svijeta. Prikaz s mitom i kultom.\",\"breadcrumb\":{\"@id\":\"https:\\\/\\\/iwell-guard.com\\\/hr\\\/ulgen-bog-svjetlosti-altajaca\\\/#breadcrumb\"},\"inLanguage\":\"hr\",\"potentialAction\":[{\"@type\":\"ReadAction\",\"target\":[\"https:\\\/\\\/iwell-guard.com\\\/hr\\\/ulgen-bog-svjetlosti-altajaca\\\/\"]}]},{\"@type\":\"ImageObject\",\"inLanguage\":\"hr\",\"@id\":\"https:\\\/\\\/iwell-guard.com\\\/hr\\\/ulgen-bog-svjetlosti-altajaca\\\/#primaryimage\",\"url\":\"https:\\\/\\\/iwell-guard.com\\\/wp-content\\\/uploads\\\/2026\\\/05\\\/goetter_sibirisch-tengrismus_uelgen.webp\",\"contentUrl\":\"https:\\\/\\\/iwell-guard.com\\\/wp-content\\\/uploads\\\/2026\\\/05\\\/goetter_sibirisch-tengrismus_uelgen.webp\",\"width\":1024,\"height\":1536,\"caption\":\"Bogovi iz sibirsko-tengristi\u010dke tradicije.\"},{\"@type\":\"BreadcrumbList\",\"@id\":\"https:\\\/\\\/iwell-guard.com\\\/hr\\\/ulgen-bog-svjetlosti-altajaca\\\/#breadcrumb\",\"itemListElement\":[{\"@type\":\"ListItem\",\"position\":1,\"name\":\"Start\",\"item\":\"https:\\\/\\\/iwell-guard.com\\\/hr\\\/?page_id=149317\"},{\"@type\":\"ListItem\",\"position\":2,\"name\":\"\u00dclgen \u2013 bog svjetlosti Altajaca\"}]},{\"@type\":\"WebSite\",\"@id\":\"https:\\\/\\\/iwell-guard.com\\\/hr\\\/#website\",\"url\":\"https:\\\/\\\/iwell-guard.com\\\/hr\\\/\",\"name\":\"iWell Guard\",\"description\":\"Schutz vor dunklen Einfl\u00fcssen\",\"publisher\":{\"@id\":\"https:\\\/\\\/iwell-guard.com\\\/hr\\\/#organization\"},\"potentialAction\":[{\"@type\":\"SearchAction\",\"target\":{\"@type\":\"EntryPoint\",\"urlTemplate\":\"https:\\\/\\\/iwell-guard.com\\\/hr\\\/?s={search_term_string}\"},\"query-input\":{\"@type\":\"PropertyValueSpecification\",\"valueRequired\":true,\"valueName\":\"search_term_string\"}}],\"inLanguage\":\"hr\"},{\"@type\":\"Organization\",\"@id\":\"https:\\\/\\\/iwell-guard.com\\\/hr\\\/#organization\",\"name\":\"Ittermann electronic GmbH\",\"url\":\"https:\\\/\\\/iwell-guard.com\\\/hr\\\/\",\"logo\":{\"@type\":\"ImageObject\",\"inLanguage\":\"hr\",\"@id\":\"https:\\\/\\\/iwell-guard.com\\\/hr\\\/#\\\/schema\\\/logo\\\/image\\\/\",\"url\":\"https:\\\/\\\/iwell-guard.com\\\/wp-content\\\/uploads\\\/2026\\\/05\\\/Ittermann-Logo-1182x237-1.png\",\"contentUrl\":\"https:\\\/\\\/iwell-guard.com\\\/wp-content\\\/uploads\\\/2026\\\/05\\\/Ittermann-Logo-1182x237-1.png\",\"width\":1182,\"height\":237,\"caption\":\"Ittermann electronic GmbH\"},\"image\":{\"@id\":\"https:\\\/\\\/iwell-guard.com\\\/hr\\\/#\\\/schema\\\/logo\\\/image\\\/\"},\"sameAs\":[\"https:\\\/\\\/pantip.com\\\/profile\\\/9367242\",\"https:\\\/\\\/micro.blog\\\/iwellguard\",\"https:\\\/\\\/www.diggerslist.com\\\/iwellguard\\\/about\",\"https:\\\/\\\/skitterphoto.com\\\/photographers\\\/2870314\\\/iwell-guard\",\"https:\\\/\\\/iwellguard.wordpress.com\\\/2026\\\/06\\\/06\\\/iwell-guard\\\/\",\"https:\\\/\\\/hub.docker.com\\\/u\\\/iwellguard\",\"https:\\\/\\\/www.pinterest.com\\\/iwellguard\\\/\",\"https:\\\/\\\/bit.ly\\\/m\\\/iwellguard\",\"https:\\\/\\\/entre-vos-mains.alsace.eu\\\/profiles\\\/iwellguard\\\/activity\",\"https:\\\/\\\/gravatar.com\\\/reallybeded8fd34\",\"https:\\\/\\\/naijamatta.com\\\/iwellguard\",\"https:\\\/\\\/www.goodreads.com\\\/iwellguard\",\"https:\\\/\\\/profile.hatena.ne.jp\\\/iwellguard\\\/\",\"https:\\\/\\\/experiment.com\\\/users\\\/iwellguard\",\"https:\\\/\\\/wakelet.com\\\/@iWellGuard82270\",\"https:\\\/\\\/www.chordie.com\\\/forum\\\/profile.php?id=2555664\",\"https:\\\/\\\/www.instapaper.com\\\/p\\\/17757966\",\"https:\\\/\\\/www.mapleprimes.com\\\/users\\\/iwellguard\",\"https:\\\/\\\/businesslistingplus.com\\\/profile\\\/iwell-guard\\\/\",\"https:\\\/\\\/telegra.ph\\\/iWell-Guard-06-06\",\"https:\\\/\\\/pbase.com\\\/iwellguard\\\/iwellguard\",\"https:\\\/\\\/b.hatena.ne.jp\\\/iwellguard\\\/20260607#bookmark-4788405196491818882\",\"https:\\\/\\\/fliphtml5.com\\\/home\\\/iwellguard\",\"https:\\\/\\\/anyflip.com\\\/homepage\\\/cmiwl#About\",\"https:\\\/\\\/transfur.com\\\/Users\\\/iwellguard\",\"http:\\\/\\\/delphi.larsbo.org\\\/user\\\/iwellguard\",\"https:\\\/\\\/jobs.lajobsportal.org\\\/profiles\\\/8380803-iwell-guard\",\"https:\\\/\\\/md.chaosdorf.de\\\/s\\\/jfbe5SBdJD\",\"https:\\\/\\\/www.lingvolive.com\\\/en-us\\\/profile\\\/9ecaeaca-ce11-4e51-9e71-01d55e2bff36\\\/translations\",\"https:\\\/\\\/www.fitday.com\\\/fitness\\\/forums\\\/members\\\/iwellguard.html\",\"https:\\\/\\\/www.mymeetbook.com\\\/iwellguard\",\"https:\\\/\\\/pxhere.com\\\/en\\\/photographer-me\\\/5040798\",\"https:\\\/\\\/disqus.com\\\/by\\\/iwellguard\\\/about\\\/\",\"https:\\\/\\\/pastelink.net\\\/hjwciqwq\",\"https:\\\/\\\/pubhtml5.com\\\/homepage\\\/scjhn\\\/\",\"https:\\\/\\\/www.bitchute.com\\\/channel\\\/2O2eOKzNqujT\",\"https:\\\/\\\/audiomack.com\\\/iwellguard\"]},{\"@type\":\"Article\",\"@id\":\"https:\\\/\\\/iwell-guard.com\\\/hr\\\/ulgen-bog-svjetlosti-altajaca\\\/#article\",\"isPartOf\":{\"@id\":\"https:\\\/\\\/iwell-guard.com\\\/hr\\\/ulgen-bog-svjetlosti-altajaca\\\/\"},\"author\":{\"name\":\"Ralf Ittermann\",\"@id\":\"https:\\\/\\\/iwell-guard.com\\\/hr\\\/#\\\/schema\\\/person\\\/ee2a27f1cac3406c7c6fb5820cb7349f\"},\"headline\":\"\u00dclgen \u2013 bog svjetlosti Altajaca\",\"datePublished\":\"2026-09-04T05:12:55+00:00\",\"dateModified\":\"2026-09-04T05:53:18+00:00\",\"mainEntityOfPage\":{\"@id\":\"https:\\\/\\\/iwell-guard.com\\\/hr\\\/ulgen-bog-svjetlosti-altajaca\\\/\"},\"publisher\":{\"@id\":\"https:\\\/\\\/iwell-guard.com\\\/hr\\\/#organization\"},\"image\":{\"@id\":\"https:\\\/\\\/iwell-guard.com\\\/hr\\\/ulgen-bog-svjetlosti-altajaca\\\/#primaryimage\"},\"thumbnailUrl\":\"https:\\\/\\\/iwell-guard.com\\\/wp-content\\\/uploads\\\/2026\\\/05\\\/goetter_sibirisch-tengrismus_uelgen.webp\",\"inLanguage\":\"hr\",\"description\":\"\u00dclgen je u ju\u017enosibirskom tengrizmu tvorac i bog svjetlosti gornjeg svijeta. Prikaz s mitom i kultom.\"}]}<\/script>\n<!-- \/ Yoast SEO Premium plugin. -->","yoast_head_json":{"title":"\u00dclgen \u2013 altajski bog svjetlosti, stvaranje i izvori","description":"\u00dclgen je u ju\u017enosibirskom tengrizmu tvorac i bog svjetlosti gornjeg svijeta. Prikaz s mitom i kultom.","robots":{"index":"index","follow":"follow","max-snippet":"max-snippet:-1","max-image-preview":"max-image-preview:large","max-video-preview":"max-video-preview:-1"},"canonical":"https:\/\/iwell-guard.com\/hr\/ulgen-bog-svjetlosti-altajaca\/","og_locale":"hr_HR","og_type":"article","og_title":"\u00dclgen \u2013 bog svjetlosti Altajaca","og_description":"\u00dclgen je u ju\u017enosibirskom tengrizmu tvorac i bog svjetlosti gornjeg svijeta. Prikaz s mitom i kultom.","og_url":"https:\/\/iwell-guard.com\/hr\/ulgen-bog-svjetlosti-altajaca\/","og_site_name":"iWell Guard","article_modified_time":"2026-09-04T05:53:18+00:00","og_image":[{"width":1024,"height":1536,"url":"https:\/\/iwell-guard.com\/wp-content\/uploads\/2026\/05\/goetter_sibirisch-tengrismus_uelgen.webp","type":"image\/webp"}],"twitter_card":"summary_large_image","schema":{"@context":"https:\/\/schema.org","@graph":[{"@type":"Article","@id":"https:\/\/iwell-guard.com\/hr\/ulgen-bog-svjetlosti-altajaca\/#article","isPartOf":{"@id":"https:\/\/iwell-guard.com\/hr\/ulgen-bog-svjetlosti-altajaca\/"},"author":{"name":"Ralf Ittermann","@id":"https:\/\/iwell-guard.com\/hr\/#\/schema\/person\/ee2a27f1cac3406c7c6fb5820cb7349f"},"headline":"\u00dclgen \u2013 bog svjetlosti Altajaca","datePublished":"2026-09-04T05:12:55+00:00","dateModified":"2026-09-04T05:53:18+00:00","mainEntityOfPage":{"@id":"https:\/\/iwell-guard.com\/hr\/ulgen-bog-svjetlosti-altajaca\/"},"publisher":{"@id":"https:\/\/iwell-guard.com\/hr\/#organization"},"image":{"@id":"https:\/\/iwell-guard.com\/hr\/ulgen-bog-svjetlosti-altajaca\/#primaryimage"},"thumbnailUrl":"https:\/\/iwell-guard.com\/wp-content\/uploads\/2026\/05\/goetter_sibirisch-tengrismus_uelgen.webp","inLanguage":"hr","description":"\u00dclgen je u ju\u017enosibirskom tengrizmu tvorac i bog svjetlosti gornjeg svijeta. Prikaz s mitom i kultom."},{"@type":"WebPage","@id":"https:\/\/iwell-guard.com\/hr\/ulgen-bog-svjetlosti-altajaca\/","url":"https:\/\/iwell-guard.com\/hr\/ulgen-bog-svjetlosti-altajaca\/","name":"\u00dclgen \u2013 altajski bog svjetlosti, stvaranje i izvori","isPartOf":{"@id":"https:\/\/iwell-guard.com\/hr\/#website"},"primaryImageOfPage":{"@id":"https:\/\/iwell-guard.com\/hr\/ulgen-bog-svjetlosti-altajaca\/#primaryimage"},"image":{"@id":"https:\/\/iwell-guard.com\/hr\/ulgen-bog-svjetlosti-altajaca\/#primaryimage"},"thumbnailUrl":"https:\/\/iwell-guard.com\/wp-content\/uploads\/2026\/05\/goetter_sibirisch-tengrismus_uelgen.webp","datePublished":"2026-09-04T05:12:55+00:00","dateModified":"2026-09-04T05:53:18+00:00","description":"\u00dclgen je u ju\u017enosibirskom tengrizmu tvorac i bog svjetlosti gornjeg svijeta. Prikaz s mitom i kultom.","breadcrumb":{"@id":"https:\/\/iwell-guard.com\/hr\/ulgen-bog-svjetlosti-altajaca\/#breadcrumb"},"inLanguage":"hr","potentialAction":[{"@type":"ReadAction","target":["https:\/\/iwell-guard.com\/hr\/ulgen-bog-svjetlosti-altajaca\/"]}]},{"@type":"ImageObject","inLanguage":"hr","@id":"https:\/\/iwell-guard.com\/hr\/ulgen-bog-svjetlosti-altajaca\/#primaryimage","url":"https:\/\/iwell-guard.com\/wp-content\/uploads\/2026\/05\/goetter_sibirisch-tengrismus_uelgen.webp","contentUrl":"https:\/\/iwell-guard.com\/wp-content\/uploads\/2026\/05\/goetter_sibirisch-tengrismus_uelgen.webp","width":1024,"height":1536,"caption":"Bogovi iz sibirsko-tengristi\u010dke tradicije."},{"@type":"BreadcrumbList","@id":"https:\/\/iwell-guard.com\/hr\/ulgen-bog-svjetlosti-altajaca\/#breadcrumb","itemListElement":[{"@type":"ListItem","position":1,"name":"Start","item":"https:\/\/iwell-guard.com\/hr\/?page_id=149317"},{"@type":"ListItem","position":2,"name":"\u00dclgen \u2013 bog svjetlosti Altajaca"}]},{"@type":"WebSite","@id":"https:\/\/iwell-guard.com\/hr\/#website","url":"https:\/\/iwell-guard.com\/hr\/","name":"iWell Guard","description":"Schutz vor dunklen Einfl\u00fcssen","publisher":{"@id":"https:\/\/iwell-guard.com\/hr\/#organization"},"potentialAction":[{"@type":"SearchAction","target":{"@type":"EntryPoint","urlTemplate":"https:\/\/iwell-guard.com\/hr\/?s={search_term_string}"},"query-input":{"@type":"PropertyValueSpecification","valueRequired":true,"valueName":"search_term_string"}}],"inLanguage":"hr"},{"@type":"Organization","@id":"https:\/\/iwell-guard.com\/hr\/#organization","name":"Ittermann electronic GmbH","url":"https:\/\/iwell-guard.com\/hr\/","logo":{"@type":"ImageObject","inLanguage":"hr","@id":"https:\/\/iwell-guard.com\/hr\/#\/schema\/logo\/image\/","url":"https:\/\/iwell-guard.com\/wp-content\/uploads\/2026\/05\/Ittermann-Logo-1182x237-1.png","contentUrl":"https:\/\/iwell-guard.com\/wp-content\/uploads\/2026\/05\/Ittermann-Logo-1182x237-1.png","width":1182,"height":237,"caption":"Ittermann electronic GmbH"},"image":{"@id":"https:\/\/iwell-guard.com\/hr\/#\/schema\/logo\/image\/"},"sameAs":["https:\/\/pantip.com\/profile\/9367242","https:\/\/micro.blog\/iwellguard","https:\/\/www.diggerslist.com\/iwellguard\/about","https:\/\/skitterphoto.com\/photographers\/2870314\/iwell-guard","https:\/\/iwellguard.wordpress.com\/2026\/06\/06\/iwell-guard\/","https:\/\/hub.docker.com\/u\/iwellguard","https:\/\/www.pinterest.com\/iwellguard\/","https:\/\/bit.ly\/m\/iwellguard","https:\/\/entre-vos-mains.alsace.eu\/profiles\/iwellguard\/activity","https:\/\/gravatar.com\/reallybeded8fd34","https:\/\/naijamatta.com\/iwellguard","https:\/\/www.goodreads.com\/iwellguard","https:\/\/profile.hatena.ne.jp\/iwellguard\/","https:\/\/experiment.com\/users\/iwellguard","https:\/\/wakelet.com\/@iWellGuard82270","https:\/\/www.chordie.com\/forum\/profile.php?id=2555664","https:\/\/www.instapaper.com\/p\/17757966","https:\/\/www.mapleprimes.com\/users\/iwellguard","https:\/\/businesslistingplus.com\/profile\/iwell-guard\/","https:\/\/telegra.ph\/iWell-Guard-06-06","https:\/\/pbase.com\/iwellguard\/iwellguard","https:\/\/b.hatena.ne.jp\/iwellguard\/20260607#bookmark-4788405196491818882","https:\/\/fliphtml5.com\/home\/iwellguard","https:\/\/anyflip.com\/homepage\/cmiwl#About","https:\/\/transfur.com\/Users\/iwellguard","http:\/\/delphi.larsbo.org\/user\/iwellguard","https:\/\/jobs.lajobsportal.org\/profiles\/8380803-iwell-guard","https:\/\/md.chaosdorf.de\/s\/jfbe5SBdJD","https:\/\/www.lingvolive.com\/en-us\/profile\/9ecaeaca-ce11-4e51-9e71-01d55e2bff36\/translations","https:\/\/www.fitday.com\/fitness\/forums\/members\/iwellguard.html","https:\/\/www.mymeetbook.com\/iwellguard","https:\/\/pxhere.com\/en\/photographer-me\/5040798","https:\/\/disqus.com\/by\/iwellguard\/about\/","https:\/\/pastelink.net\/hjwciqwq","https:\/\/pubhtml5.com\/homepage\/scjhn\/","https:\/\/www.bitchute.com\/channel\/2O2eOKzNqujT","https:\/\/audiomack.com\/iwellguard"]},{"@type":"Person","@id":"https:\/\/iwell-guard.com\/hr\/#\/schema\/person\/ee2a27f1cac3406c7c6fb5820cb7349f","name":"Ralf Ittermann","image":{"@type":"ImageObject","inLanguage":"hr","@id":"https:\/\/secure.gravatar.com\/avatar\/073c0153e350a5005b68eb752b445fea71f6b24a26da9449ad7e155e6b446c9d?s=96&d=mm&r=g","url":"https:\/\/secure.gravatar.com\/avatar\/073c0153e350a5005b68eb752b445fea71f6b24a26da9449ad7e155e6b446c9d?s=96&d=mm&r=g","contentUrl":"https:\/\/secure.gravatar.com\/avatar\/073c0153e350a5005b68eb752b445fea71f6b24a26da9449ad7e155e6b446c9d?s=96&d=mm&r=g","caption":"Ralf Ittermann"},"givenName":"Ralf","familyName":"Ittermann","jobTitle":"Gesch\u00e4ftsf\u00fchrer und redaktioneller Verantwortlicher","url":"https:\/\/iwell-guard.com\/hr\/author\/claude\/","description":"Ralf Ittermann ist Gesch\u00e4ftsf\u00fchrer der Ittermann electronic GmbH und redaktioneller Verantwortlicher des iWell-Guard-Lexikons. Er verbindet langj\u00e4hrige Erfahrung in der Pr\u00e4zisionsfertigung mit medialer Praxis und religionsgeschichtlicher Quellenarbeit.","worksFor":{"@type":"Organization","name":"Ittermann electronic GmbH","url":"https:\/\/ittermann.de\/","address":{"@type":"PostalAddress","streetAddress":"K\u00f6hlergasse 16-18","postalCode":"99842","addressLocality":"Ruhla","addressCountry":"DE"}},"knowsAbout":["Religionsgeschichte","Mythologie","Mediale Praxis","Energetische Diagnostik","Schutzpraxis","Volksglauben","Westliche Esoterik"]},{"@type":"Article","@id":"https:\/\/iwell-guard.com\/hr\/ulgen-bog-svjetlosti-altajaca\/#article","isPartOf":{"@id":"https:\/\/iwell-guard.com\/hr\/ulgen-bog-svjetlosti-altajaca\/"},"author":{"name":"Ralf Ittermann","@id":"https:\/\/iwell-guard.com\/hr\/#\/schema\/person\/ee2a27f1cac3406c7c6fb5820cb7349f"},"headline":"\u00dclgen \u2013 bog svjetlosti Altajaca","datePublished":"2026-09-04T05:12:55+00:00","dateModified":"2026-09-04T05:53:18+00:00","mainEntityOfPage":{"@id":"https:\/\/iwell-guard.com\/hr\/ulgen-bog-svjetlosti-altajaca\/"},"publisher":{"@id":"https:\/\/iwell-guard.com\/hr\/#organization"},"image":{"@id":"https:\/\/iwell-guard.com\/hr\/ulgen-bog-svjetlosti-altajaca\/#primaryimage"},"thumbnailUrl":"https:\/\/iwell-guard.com\/wp-content\/uploads\/2026\/05\/goetter_sibirisch-tengrismus_uelgen.webp","inLanguage":"hr","description":"\u00dclgen je u ju\u017enosibirskom tengrizmu tvorac i bog svjetlosti gornjeg svijeta. Prikaz s mitom i kultom."}]}},"_links":{"self":[{"href":"https:\/\/iwell-guard.com\/hr\/wp-json\/wp\/v2\/pages\/149718","targetHints":{"allow":["GET"]}}],"collection":[{"href":"https:\/\/iwell-guard.com\/hr\/wp-json\/wp\/v2\/pages"}],"about":[{"href":"https:\/\/iwell-guard.com\/hr\/wp-json\/wp\/v2\/types\/page"}],"author":[{"embeddable":true,"href":"https:\/\/iwell-guard.com\/hr\/wp-json\/wp\/v2\/users\/3"}],"replies":[{"embeddable":true,"href":"https:\/\/iwell-guard.com\/hr\/wp-json\/wp\/v2\/comments?post=149718"}],"version-history":[{"count":0,"href":"https:\/\/iwell-guard.com\/hr\/wp-json\/wp\/v2\/pages\/149718\/revisions"}],"wp:featuredmedia":[{"embeddable":true,"href":"https:\/\/iwell-guard.com\/hr\/wp-json\/wp\/v2\/media\/2858"}],"wp:attachment":[{"href":"https:\/\/iwell-guard.com\/hr\/wp-json\/wp\/v2\/media?parent=149718"}],"wp:term":[{"taxonomy":"category","embeddable":true,"href":"https:\/\/iwell-guard.com\/hr\/wp-json\/wp\/v2\/categories?post=149718"}],"curies":[{"name":"wp","href":"https:\/\/api.w.org\/{rel}","templated":true}]}}