{"id":149717,"date":"2026-09-04T05:12:55","date_gmt":"2026-09-04T05:12:55","guid":{"rendered":"https:\/\/iwell-guard.com\/?page_id=149717"},"modified":"2026-09-04T05:53:19","modified_gmt":"2026-09-04T05:53:19","slug":"erlik-khan-vladar-podzemlja-altajaca","status":"publish","type":"page","link":"https:\/\/iwell-guard.com\/hr\/erlik-khan-vladar-podzemlja-altajaca\/","title":{"rendered":"Erlik Khan \u2013 vladar podzemlja Altajaca"},"content":{"rendered":"\t\t<div data-elementor-type=\"wp-page\" data-elementor-id=\"149717\" class=\"elementor elementor-149717 elementor-2636 elementor-bc-flex-widget\" data-elementor-post-type=\"page\">\n\t\t\t\t<div class=\"elementor-element elementor-element-iwgw-erlikkhan-hero e-flex e-con-boxed e-con e-parent\" data-id=\"iwgw-erlikkhan-hero\" data-element_type=\"container\" data-e-type=\"container\" data-settings=\"{&quot;background_background&quot;:&quot;classic&quot;}\">\n\t\t\t\t\t<div class=\"e-con-inner\">\n\t\t<div class=\"elementor-element elementor-element-iwgw-erlikkhan-hl e-flex e-con-boxed e-con e-child\" data-id=\"iwgw-erlikkhan-hl\" data-element_type=\"container\" data-e-type=\"container\">\n\t\t\t\t\t<div class=\"e-con-inner\">\n\t\t<div class=\"elementor-element elementor-element-iwgw-erlikkhan-htxt e-con-full e-flex e-con e-child\" data-id=\"iwgw-erlikkhan-htxt\" data-element_type=\"container\" data-e-type=\"container\">\n\t\t\t\t<div class=\"elementor-element elementor-element-iwgw-erlikkhan-h1 elementor-widget elementor-widget-heading\" data-id=\"iwgw-erlikkhan-h1\" data-element_type=\"widget\" data-e-type=\"widget\" data-widget_type=\"heading.default\">\n\t\t\t\t\t<h1 class=\"elementor-heading-title elementor-size-default\">Erlik Khan, altajsko-sibirski gospodar podzemlja i protivnik \u00dclgena<\/h1>\t\t\t\t<\/div>\n\t\t\t\t<div class=\"elementor-element elementor-element-iwgw-erlikkhan-lead elementor-widget elementor-widget-text-editor\" data-id=\"iwgw-erlikkhan-lead\" data-element_type=\"widget\" data-e-type=\"widget\" data-widget_type=\"text-editor.default\">\n\t\t\t\t\t\t\t\t\t<p>Erlik Khan je u ju\u017enosibirskom tengrizmu vladar podzemlja i mitski protivnik boga svjetlosti <a href=\"https:\/\/iwell-guard.com\/hr\/ulgen-bog-svjetlosti-altajaca\/\">\u00dclgena<\/a>. On istovremeno predstavlja smrt i bolest, ali i nu\u017enu, ure\u0111enu sjenovitu stranu svijeta.<\/p>\t\t\t\t\t\t\t\t<\/div>\n\t\t\t\t<\/div>\n\t\t<div class=\"elementor-element elementor-element-iwgw-erlikkhan-pillc e-con-full e-flex e-con e-child\" data-id=\"iwgw-erlikkhan-pillc\" data-element_type=\"container\" data-e-type=\"container\">\n\t\t\t\t<div class=\"elementor-element elementor-element-iwgw-erlikkhan-pills elementor-widget elementor-widget-html\" data-id=\"iwgw-erlikkhan-pills\" data-element_type=\"widget\" data-e-type=\"widget\" data-widget_type=\"html.default\">\n\t\t\t\t\t<div class=\"iwg-pill-row\"><span class=\"iwg-klasse-badge\" tabindex=\"0\" data-tooltip=\"\u0160tetno bi\u0107e tradicije Sibir \/ tengrizam.\">\u0160tetno bi\u0107e<\/span><a href=\"https:\/\/iwell-guard.com\/hr\/sibirski-samanizam-i-tengrizam\/\" class=\"iwg-kultur-badge\" tabindex=\"0\" data-tooltip=\"Mitologija tradicije Sibir \/ tengrizam.\">Sibir \/ tengrizam<\/a><span class=\"iwg-tradition-badge\" tabindex=\"0\" data-tooltip=\"Bog podzemlja.\">Bog podzemlja<\/span><\/div>\t\t\t\t<\/div>\n\t\t\t\t<\/div>\n\t\t<div class=\"elementor-element elementor-element-iwgw-erlikkhan-tocc e-con-full e-flex e-con e-child\" data-id=\"iwgw-erlikkhan-tocc\" data-element_type=\"container\" data-e-type=\"container\">\n\t\t\t\t<div class=\"elementor-element elementor-element-iwgw-erlikkhan-toc elementor-toc--minimized-on-tablet elementor-widget elementor-widget-table-of-contents\" data-id=\"iwgw-erlikkhan-toc\" data-element_type=\"widget\" data-e-type=\"widget\" data-settings=\"{&quot;headings_by_tags&quot;:[&quot;h2&quot;,&quot;h3&quot;],&quot;minimize_box&quot;:&quot;yes&quot;,&quot;marker_view&quot;:&quot;bullets&quot;,&quot;no_headings_message&quot;:&quot;Na ovoj stranici nisu prona\\u0111eni naslovi.&quot;,&quot;exclude_headings_by_selector&quot;:[],&quot;icon&quot;:{&quot;value&quot;:&quot;fas fa-circle&quot;,&quot;library&quot;:&quot;fa-solid&quot;,&quot;rendered_tag&quot;:&quot;&lt;svg class=\\&quot;e-font-icon-svg e-fas-circle\\&quot; viewBox=\\&quot;0 0 512 512\\&quot; xmlns=\\&quot;http:\\\/\\\/www.w3.org\\\/2000\\\/svg\\&quot;&gt;&lt;path d=\\&quot;M256 8C119 8 8 119 8 256s111 248 248 248 248-111 248-248S393 8 256 8z\\&quot;&gt;&lt;\\\/path&gt;&lt;\\\/svg&gt;&quot;},&quot;minimized_on&quot;:&quot;tablet&quot;,&quot;hierarchical_view&quot;:&quot;yes&quot;,&quot;min_height&quot;:{&quot;unit&quot;:&quot;px&quot;,&quot;size&quot;:&quot;&quot;,&quot;sizes&quot;:[]},&quot;min_height_tablet&quot;:{&quot;unit&quot;:&quot;px&quot;,&quot;size&quot;:&quot;&quot;,&quot;sizes&quot;:[]},&quot;min_height_mobile&quot;:{&quot;unit&quot;:&quot;px&quot;,&quot;size&quot;:&quot;&quot;,&quot;sizes&quot;:[]}}\" data-widget_type=\"table-of-contents.default\">\n\t\t\t\t\t\t\t\t\t<div class=\"elementor-toc__header\">\n\t\t\t\t\t\t<h2 class=\"elementor-toc__header-title\">\n\t\t\t\tSadr\u017eaj\t\t\t<\/h2>\n\t\t\t\t\t\t\t\t\t\t<div class=\"elementor-toc__toggle-button elementor-toc__toggle-button--expand\" role=\"button\" tabindex=\"0\" aria-controls=\"elementor-toc__iwgw-erlikkhan-toc\" aria-expanded=\"true\" aria-label=\"Open table of contents\"><svg aria-hidden=\"true\" class=\"e-font-icon-svg e-fas-chevron-down\" viewBox=\"0 0 448 512\" xmlns=\"http:\/\/www.w3.org\/2000\/svg\"><path d=\"M207.029 381.476L12.686 187.132c-9.373-9.373-9.373-24.569 0-33.941l22.667-22.667c9.357-9.357 24.522-9.375 33.901-.04L224 284.505l154.745-154.021c9.379-9.335 24.544-9.317 33.901.04l22.667 22.667c9.373 9.373 9.373 24.569 0 33.941L240.971 381.476c-9.373 9.372-24.569 9.372-33.942 0z\"><\/path><\/svg><\/div>\n\t\t\t\t<div class=\"elementor-toc__toggle-button elementor-toc__toggle-button--collapse\" role=\"button\" tabindex=\"0\" aria-controls=\"elementor-toc__iwgw-erlikkhan-toc\" aria-expanded=\"true\" aria-label=\"Close table of contents\"><svg aria-hidden=\"true\" class=\"e-font-icon-svg e-fas-chevron-up\" viewBox=\"0 0 448 512\" xmlns=\"http:\/\/www.w3.org\/2000\/svg\"><path d=\"M240.971 130.524l194.343 194.343c9.373 9.373 9.373 24.569 0 33.941l-22.667 22.667c-9.357 9.357-24.522 9.375-33.901.04L224 227.495 69.255 381.516c-9.379 9.335-24.544 9.317-33.901-.04l-22.667-22.667c-9.373-9.373-9.373-24.569 0-33.941L207.03 130.525c9.372-9.373 24.568-9.373 33.941-.001z\"><\/path><\/svg><\/div>\n\t\t\t\t\t<\/div>\n\t\t\t\t<div id=\"elementor-toc__iwgw-erlikkhan-toc\" class=\"elementor-toc__body\">\n\t\t\t<div class=\"elementor-toc__spinner-container\">\n\t\t\t\t<svg class=\"elementor-toc__spinner eicon-animation-spin e-font-icon-svg e-eicon-loading\" aria-hidden=\"true\" viewBox=\"0 0 1000 1000\" xmlns=\"http:\/\/www.w3.org\/2000\/svg\"><path d=\"M500 975V858C696 858 858 696 858 500S696 142 500 142 142 304 142 500H25C25 237 238 25 500 25S975 237 975 500 763 975 500 975Z\"><\/path><\/svg>\t\t\t<\/div>\n\t\t<\/div>\n\t\t\t\t\t\t<\/div>\n\t\t\t\t<\/div>\n\t\t\t\t\t<\/div>\n\t\t\t\t<\/div>\n\t\t<div class=\"elementor-element elementor-element-iwgw-erlikkhan-hr e-con-full e-flex e-con e-child\" data-id=\"iwgw-erlikkhan-hr\" data-element_type=\"container\" data-e-type=\"container\">\n\t\t\t\t<div class=\"elementor-element elementor-element-iwgw-erlikkhan-heroimg iwg-hero-image elementor-widget elementor-widget-image\" data-id=\"iwgw-erlikkhan-heroimg\" data-element_type=\"widget\" data-e-type=\"widget\" data-widget_type=\"image.default\">\n\t\t\t\t\t\t\t\t\t\t\t\t\t\t\t<img fetchpriority=\"high\" decoding=\"async\" width=\"683\" height=\"1024\" src=\"https:\/\/iwell-guard.com\/wp-content\/uploads\/2026\/05\/daemonen_sibirisch-tengrismus_erlik-khan-683x1024.webp\" class=\"attachment-large size-large wp-image-151538\" alt=\"Erlik Khan - demoni iz sibirsko-tengristi\u010dke tradicije, povijesno-ilustrativno\" srcset=\"https:\/\/iwell-guard.com\/wp-content\/uploads\/2026\/05\/daemonen_sibirisch-tengrismus_erlik-khan-683x1024.webp 683w, https:\/\/iwell-guard.com\/wp-content\/uploads\/2026\/05\/daemonen_sibirisch-tengrismus_erlik-khan-200x300.webp 200w, https:\/\/iwell-guard.com\/wp-content\/uploads\/2026\/05\/daemonen_sibirisch-tengrismus_erlik-khan-768x1152.webp 768w, https:\/\/iwell-guard.com\/wp-content\/uploads\/2026\/05\/daemonen_sibirisch-tengrismus_erlik-khan.webp 1024w\" sizes=\"(max-width: 683px) 100vw, 683px\" \/>\t\t\t\t\t\t\t\t\t\t\t\t\t\t\t<\/div>\n\t\t\t\t<\/div>\n\t\t\t\t\t<\/div>\n\t\t\t\t<\/div>\n\t\t\t\t<section class=\"elementor-section elementor-top-section elementor-element elementor-element-sec-iwgcomp2-erlik-khan elementor-section-boxed elementor-section-height-default elementor-section-height-default\" data-id=\"sec-iwgcomp2-erlik-khan\" data-element_type=\"section\" data-e-type=\"section\">\n\t\t\t\t\t\t<div class=\"elementor-container elementor-column-gap-default\">\n\t\t\t\t\t<div class=\"elementor-column elementor-col-100 elementor-top-column elementor-element elementor-element-col-iwgcomp2-erlik-khan\" data-id=\"col-iwgcomp2-erlik-khan\" data-element_type=\"column\" data-e-type=\"column\">\n\t\t\t<div class=\"elementor-widget-wrap elementor-element-populated\">\n\t\t\t\t\t\t<div class=\"elementor-element elementor-element-iwgcomp2-erlik-khan elementor-widget elementor-widget-text-editor\" data-id=\"iwgcomp2-erlik-khan\" data-element_type=\"widget\" data-e-type=\"widget\" data-widget_type=\"text-editor.default\">\n\t\t\t\t\t\t\t\t\t<p>Erlik Khan je <strong>altajsko-sibirski<\/strong> bog podzemlja u tengrizmu.<\/p>\t\t\t\t\t\t\t\t<\/div>\n\t\t\t\t\t<\/div>\n\t\t<\/div>\n\t\t\t\t\t<\/div>\n\t\t<\/section>\n\t\t\t\t<section class=\"elementor-section elementor-top-section elementor-element elementor-element-sec-iwgcomp-erlik-khan elementor-section-boxed elementor-section-height-default elementor-section-height-default\" data-id=\"sec-iwgcomp-erlik-khan\" data-element_type=\"section\" data-e-type=\"section\">\n\t\t\t\t\t\t<div class=\"elementor-container elementor-column-gap-default\">\n\t\t\t\t\t<div class=\"elementor-column elementor-col-100 elementor-top-column elementor-element elementor-element-col-iwgcomp-erlik-khan\" data-id=\"col-iwgcomp-erlik-khan\" data-element_type=\"column\" data-e-type=\"column\">\n\t\t\t<div class=\"elementor-widget-wrap elementor-element-populated\">\n\t\t\t\t\t\t<div class=\"elementor-element elementor-element-iwgcomp-erlik-khan elementor-widget elementor-widget-text-editor\" data-id=\"iwgcomp-erlik-khan\" data-element_type=\"widget\" data-e-type=\"widget\" data-widget_type=\"text-editor.default\">\n\t\t\t\t\t\t\t\t\t<p>Erlik Khan, <strong>altajski bog podzemlja<\/strong>, vlada nad mrtvima i podzemnim svijetom u tengristi\u010dko-\u0161amanskoj <span class=\"iwg-fachbegriff\" data-tooltip=\"Ukupnost predanih pripovijesti o bogovima jedne kulture.\" tabindex=\"0\">mitologiji<\/span>.<\/p>\t\t\t\t\t\t\t\t<\/div>\n\t\t\t\t\t<\/div>\n\t\t<\/div>\n\t\t\t\t\t<\/div>\n\t\t<\/section>\n\t\t<div class=\"elementor-element elementor-element-iwgw-erlikkhan-s0 e-flex e-con-boxed e-con e-parent\" data-id=\"iwgw-erlikkhan-s0\" data-element_type=\"container\" data-e-type=\"container\">\n\t\t\t\t\t<div class=\"e-con-inner\">\n\t\t\t\t<div class=\"elementor-element elementor-element-iwgw-erlikkhan-s0h elementor-widget elementor-widget-heading\" data-id=\"iwgw-erlikkhan-s0h\" data-element_type=\"widget\" data-e-type=\"widget\" data-widget_type=\"heading.default\">\n\t\t\t\t\t<h2 class=\"elementor-heading-title elementor-size-default\">Uvod i kratki profil<\/h2>\t\t\t\t<\/div>\n\t\t<div class=\"elementor-element elementor-element-iwgw-erlikkhan-s0c e-con-full e-flex e-con e-child\" data-id=\"iwgw-erlikkhan-s0c\" data-element_type=\"container\" data-e-type=\"container\">\n\t\t\t\t<div class=\"elementor-element elementor-element-iwgw-erlikkhan-s0t elementor-widget elementor-widget-text-editor\" data-id=\"iwgw-erlikkhan-s0t\" data-element_type=\"widget\" data-e-type=\"widget\" data-widget_type=\"text-editor.default\">\n\t\t\t\t\t\t\t\t\t<p>Erlik Khan (tako\u0111er Erlik, Erklik, Erlig, mong. Erlig Khaan) pripada najvi\u0161em sloju bogova ju\u017enosibirskog panteona. U altajskom i tuvinskom vjerovanju on je gospodar donjeg carstva, ne zla samog po sebi, ve\u0107 razgrani\u010denog podru\u010dja u kojem obitavaju mrtvi i duhovi bolesti i gladi.<\/p><p>U kasnijim slojevima predaje pojavljuje se kao izopa\u010deno-zla figura, \u0161to se prije svega mo\u017ee pripisati budisti\u010dkom preoblikovanju u mongolskom svijetu (Erlig Khaan \u2248 Yama) te kr\u0161\u0107ansko-misionarskoj demonizaciji u 18. i 19. stolje\u0107u.<\/p><p>U okviru <a href=\"https:\/\/iwell-guard.com\/hr\/sibirski-samanizam-i-tengrizam\/\">sibirsko-tengristi\u010dke tradicije<\/a> Erlik s <a href=\"https:\/\/iwell-guard.com\/hr\/ulgen-bog-svjetlosti-altajaca\/\">\u00dclgenom<\/a> \u010dini dualni par. To se ipak nikako ne smije shvatiti moralno u smislu manihejskog dualizma, ve\u0107 kao komplementarni poredak gornjeg i donjeg, ljeta i zime, ro\u0111enja i smrti. Ovo shva\u0107anje razjasnio je A. V. Anohin u svojim <em>Materijalima o <span class=\"iwg-fachbegriff\" data-tooltip=\"Religijski sustav u kojem stru\u010dnjaci komuniciraju s duhovnim svijetom.\" tabindex=\"0\">\u0161amanizmu<\/span> Altajaca<\/em> (1924).<\/p><p>Religioznoznanstvena rasprav\u0430 o Erliku toliko je bogata upravo zato \u0161to na njegovom primjeru pokazuje kako misionarske vanjske perspektive mogu iskriviti autohtonu religiju. Ono \u0161to su Altajci poznavali kao \u201egospodara donjih\u201c, rusko-pravoslavni i budisti\u010dki prijevodi pretvorili su u \u201evraga\u201c, klasi\u010dan primjer u postkolonijalnim religijskim studijama.<\/p>\t\t\t\t\t\t\t\t<\/div>\n\t\t\t\t<\/div>\n\t\t\t\t\t<\/div>\n\t\t\t\t<\/div>\n\t\t<div class=\"elementor-element elementor-element-iwgw-erlikkhan-s1 e-flex e-con-boxed e-con e-parent\" data-id=\"iwgw-erlikkhan-s1\" data-element_type=\"container\" data-e-type=\"container\">\n\t\t\t\t\t<div class=\"e-con-inner\">\n\t\t\t\t<div class=\"elementor-element elementor-element-iwgw-erlikkhan-s1h elementor-widget elementor-widget-heading\" data-id=\"iwgw-erlikkhan-s1h\" data-element_type=\"widget\" data-e-type=\"widget\" data-widget_type=\"heading.default\">\n\t\t\t\t\t<h2 class=\"elementor-heading-title elementor-size-default\">Ime i etimologija<\/h2>\t\t\t\t<\/div>\n\t\t<div class=\"elementor-element elementor-element-iwgw-erlikkhan-s1c e-con-full e-flex e-con e-child\" data-id=\"iwgw-erlikkhan-s1c\" data-element_type=\"container\" data-e-type=\"container\">\n\t\t\t\t<div class=\"elementor-element elementor-element-iwgw-erlikkhan-s1t elementor-widget elementor-widget-text-editor\" data-id=\"iwgw-erlikkhan-s1t\" data-element_type=\"widget\" data-e-type=\"widget\" data-widget_type=\"text-editor.default\">\n\t\t\t\t\t\t\t\t\t<p>Ime <em>Erlik<\/em> starotursko je i u znanosti se obi\u010dno povezuje s rije\u010dju <em>er<\/em> (\u201emu\u0161karac, junak\u201c); alternativna izvedenica povezuje ga s korijenom u zna\u010denju \u201ehrabar, sna\u017ean, gospodarski\u201c.<\/p><p>U mongolskom postaje <em>Erlig Khaan<\/em>; u budisti\u010dkom preoblikovanju stapa se s indo-tibetanskim Yamom \/ Shinjeom. Walther Heissig je to stapanje detaljno opisao u djelu <em>Die Religionen der Mongolei<\/em> (1970).<\/p><p>Dodatak titule <em>Khan<\/em> ozna\u010dava ga kao vladara; u altajskim \u0161amanskim pjevanjima nazivaju ga i <em>Yer-Tine Khan<\/em>, \u201ekralj zemaljskih dubina\u201c. Va\u017eno je napomenuti: u izvornom sibirskom kontekstu Erlik nije vrag u kr\u0161\u0107anskom smislu; kr\u0161\u0107anski misionari 19. stolje\u0107a (Verbickij i drugi) sugerirali su takav prijevod, a znanost ga je dugo nekriti\u010dki preuzimala.<\/p><p>Lingvisti\u010dki je zanimljiva mogu\u0107a povezanost s <em>er-lig<\/em>, \u201emu\u017eevni\u201c, \u010dime se Erlik opisuje kao \u201eVeliki mu\u017e\u201c s druge strane smrti. U ovom tuma\u010denju on bi bio manje \u0161tetno bi\u0107e, a vi\u0161e predstavnik nu\u017ene antropolo\u0161ke funkcije: smrti kao dijela mu\u0161kosti.<\/p>\t\t\t\t\t\t\t\t<\/div>\n\t\t\t\t<\/div>\n\t\t\t\t\t<\/div>\n\t\t\t\t<\/div>\n\t\t<div class=\"elementor-element elementor-element-iwgw-erlikkhan-s2 e-flex e-con-boxed e-con e-parent\" data-id=\"iwgw-erlikkhan-s2\" data-element_type=\"container\" data-e-type=\"container\">\n\t\t\t\t\t<div class=\"e-con-inner\">\n\t\t\t\t<div class=\"elementor-element elementor-element-iwgw-erlikkhan-s2h elementor-widget elementor-widget-heading\" data-id=\"iwgw-erlikkhan-s2h\" data-element_type=\"widget\" data-e-type=\"widget\" data-widget_type=\"heading.default\">\n\t\t\t\t\t<h2 class=\"elementor-heading-title elementor-size-default\">Opis i ikonografija<\/h2>\t\t\t\t<\/div>\n\t\t<div class=\"elementor-element elementor-element-iwgw-erlikkhan-s2c e-con-full e-flex e-con e-child\" data-id=\"iwgw-erlikkhan-s2c\" data-element_type=\"container\" data-e-type=\"container\">\n\t\t\t\t<div class=\"elementor-element elementor-element-iwgw-erlikkhan-s2t elementor-widget elementor-widget-text-editor\" data-id=\"iwgw-erlikkhan-s2t\" data-element_type=\"widget\" data-e-type=\"widget\" data-widget_type=\"text-editor.default\">\n\t\t\t\t\t\t\t\t\t<p>Erlik se opisuje kao starac crne kose s veprovim kljovama, \u017eeljeznim pand\u017eama i buzdovanom od ljudskih kralje\u017eaka.<\/p><p>Ja\u0161e na crnom biku ili crnom konju; njegova pala\u010da le\u017ei na obali podzemne rijeke, gdje \u017eivi s devet sinova i devet k\u0107eri. Altajski \u0161amanski bubanj prikazuje ga u donjoj tre\u0107ini, \u010desto s obrnutim sun\u010devim <span class=\"iwg-fachbegriff\" data-tooltip=\"Znak koji predstavlja neku predstavu ili zna\u010denje.\" tabindex=\"0\">simbolom<\/span>.<\/p><p>Ova ikonografija klasi\u010dno je opisana kod Anohina (1924) i N. Direnkove; kasnije ju je preuzeo Mircea Eliade u djelu <em>Le chamanisme<\/em>. Budisti\u010dko preoblikovanje dodatno mu daje atribute indo-tibetanskog Yame: bivolje rogove, laso, zrcalo djela.<\/p><p>U zbirkama Muzeja Kunstkamera (Sankt Peterburg) sa\u010duvano je nekoliko altajskih prikaza Erlika, koje je L. P. Potapov katalogizirao u svom temeljnom djelu <em>Altaiskij \u0161amanizm<\/em> (1991). Oni pokazuju zapanjuju\u0107u ikonografsku stabilnost kroz vi\u0161e od 200 godina povijesti zbirki.<\/p>\t\t\t\t\t\t\t\t<\/div>\n\t\t\t\t<\/div>\n\t\t\t\t\t<\/div>\n\t\t\t\t<\/div>\n\t\t<div class=\"elementor-element elementor-element-iwgw-erlikkhan-s3 e-flex e-con-boxed e-con e-parent\" data-id=\"iwgw-erlikkhan-s3\" data-element_type=\"container\" data-e-type=\"container\">\n\t\t\t\t\t<div class=\"e-con-inner\">\n\t\t\t\t<div class=\"elementor-element elementor-element-iwgw-erlikkhan-s3h elementor-widget elementor-widget-heading\" data-id=\"iwgw-erlikkhan-s3h\" data-element_type=\"widget\" data-e-type=\"widget\" data-widget_type=\"heading.default\">\n\t\t\t\t\t<h2 class=\"elementor-heading-title elementor-size-default\">Mitolo\u0161ke pri\u010de<\/h2>\t\t\t\t<\/div>\n\t\t<div class=\"elementor-element elementor-element-iwgw-erlikkhan-s3c e-con-full e-flex e-con e-child\" data-id=\"iwgw-erlikkhan-s3c\" data-element_type=\"container\" data-e-type=\"container\">\n\t\t\t\t<div class=\"elementor-element elementor-element-iwgw-erlikkhan-s3t elementor-widget elementor-widget-text-editor\" data-id=\"iwgw-erlikkhan-s3t\" data-element_type=\"widget\" data-e-type=\"widget\" data-widget_type=\"text-editor.default\">\n\t\t\t\t\t\t\t\t\t<p>Altajski mit o stvaranju svijeta pripovijeda kako <a href=\"https:\/\/iwell-guard.com\/hr\/ulgen-bog-svjetlosti-altajaca\/\">\u00dclgen<\/a> iz iskonskog mora \u017eeli stvoriti zemlju te za pomo\u0107 zamoli Erlika, koji se pojavljuje u obliku ptice.<\/p><p>Erlik se zaroni, donese na povr\u0161inu ilova\u010du, ali dio njezin potajno zadr\u017ei u ustima; iz tog ostatka nastaju mo\u010dvare, planine i naposljetku sam Erlik kao samostalna sila. Kasnije iz prevelike samouvjerenosti poku\u0161a sjesti pored \u00dclgena, biva izgnan i od tada vlada donjim svijetom.<\/p><p>Druga pripovijest opisuje kako Erlik prve ljude \u010dini bolesnima \u201e\u010ditaju\u0107i\u201c im kosti iz tijela. \u0160amani su ro\u0111eni da bi te kosti vratili, mitska osnova koja <span class=\"iwg-fachbegriff\" data-tooltip=\"Pripadaju\u0107i utvr\u0111enom religijskom obrednom slijedu.\" tabindex=\"0\">ritualno<\/span> opravdava \u0161amansko putovanje u podzemlje i zauzima prototipsko mjesto u Eliadeovom modelu <span class=\"iwg-fachbegriff\" data-tooltip=\"Religijski sustav u kojem stru\u010dnjaci komuniciraju s duhovnim svijetom.\" tabindex=\"0\">\u0161amanizma<\/span>.<\/p><p>Tre\u0107a, manje poznata pripovijest govori kako se Erlik u sporu oko du\u0161a umrlih dogovara s glasnicima <a href=\"https:\/\/iwell-guard.com\/hr\/tengri-bog-neba\/\">Tengrija<\/a>: onaj koji je vodio dobar \u017eivot mo\u017ee se vratiti gore, a onaj koji je \u010dinio zlo ostaje kod Erlika. Ova moraliziraju\u0107a ina\u010dica vjerojatno je mla\u0111eg, postbudisti\u010dkog podrijetla.<\/p>\t\t\t\t\t\t\t\t<\/div>\n\t\t\t\t<\/div>\n\t\t\t\t\t<\/div>\n\t\t\t\t<\/div>\n\t\t<div class=\"elementor-element elementor-element-iwgw-erlikkhan-s4 e-flex e-con-boxed e-con e-parent\" data-id=\"iwgw-erlikkhan-s4\" data-element_type=\"container\" data-e-type=\"container\">\n\t\t\t\t\t<div class=\"e-con-inner\">\n\t\t\t\t<div class=\"elementor-element elementor-element-iwgw-erlikkhan-s4h elementor-widget elementor-widget-heading\" data-id=\"iwgw-erlikkhan-s4h\" data-element_type=\"widget\" data-e-type=\"widget\" data-widget_type=\"heading.default\">\n\t\t\t\t\t<h2 class=\"elementor-heading-title elementor-size-default\">Kult i \u0161tovanje<\/h2>\t\t\t\t<\/div>\n\t\t<div class=\"elementor-element elementor-element-iwgw-erlikkhan-s4c e-con-full e-flex e-con e-child\" data-id=\"iwgw-erlikkhan-s4c\" data-element_type=\"container\" data-e-type=\"container\">\n\t\t\t\t<div class=\"elementor-element elementor-element-iwgw-erlikkhan-s4t elementor-widget elementor-widget-text-editor\" data-id=\"iwgw-erlikkhan-s4t\" data-element_type=\"widget\" data-e-type=\"widget\" data-widget_type=\"text-editor.default\">\n\t\t\t\t\t\t\t\t\t<p>U u\u017eem smislu nije postojalo \u201epo\u0161tovanje\u201c Erlika, ve\u0107 prije ritualizirano razgrani\u010denje. Altajski \u0161amani razlikovali su <em>aq kam<\/em> (bijeli <span class=\"iwg-fachbegriff\" data-tooltip=\"Religijski specijalist kojemu se pripisuje posredovanje izme\u0111u ljudi i svijeta duhova.\" tabindex=\"0\">\u0161aman<\/span>), koji je uzlazio k \u00dclgenu, i <em>kara kam<\/em> (crni <span class=\"iwg-fachbegriff\" data-tooltip=\"Religijski specijalist kojemu se pripisuje posredovanje izme\u0111u ljudi i svijeta duhova.\" tabindex=\"0\">\u0161aman<\/span>), koji je silazio k Erliku.<\/p><p>Oba pozivanja smatrala su se legitimnima i potrebnima; etnografski prikaz kod Anokhina jasno pokazuje da \u201ecrno\u201c ovdje zna\u010di \u201eusmjereno prema dolje\u201c, a ne \u201ezlo\u201c.<\/p><p>Kod epidemija, naglih smrti ili gubitka djeteta pozivao se crni <span class=\"iwg-fachbegriff\" data-tooltip=\"Religijski specijalist kojemu se pripisuje posredovanje izme\u0111u ljudi i svijeta duhova.\" tabindex=\"0\">\u0161aman<\/span>. On je tijekom seanse <span class=\"iwg-fachbegriff\" data-tooltip=\"Pripada utvr\u0111enom religijskom tijeku radnji.\" tabindex=\"0\">ritualno<\/span> ulazio u Erlikovo carstvo, pregovarao s njim i vra\u0107ao \u201eodvedenu du\u0161u\u201c. <span class=\"iwg-fachbegriff\" data-tooltip=\"Dar bo\u017eanstvu kojim se izra\u017eava zahvala, molba ili po\u0161tovanje.\" tabindex=\"0\">\u017drtve<\/span> su bile crne ovce ili konji; krv se izlijevala u zemlju, umjesto da se prinosi Suncu.<\/p><p>U sovjetsko doba ovaj <span class=\"iwg-fachbegriff\" data-tooltip=\"Ukupnost religijskih obreda po\u0161tovanja za neko bo\u017eanstvo ili sveti lik.\" tabindex=\"0\">kult<\/span> je gotovo potpuno izumro; u altajskoj renesansi od 1991. do\u017eivljava oprezno o\u017eivljavanje, iako znatno manje vidljivo od \u00dclgenova <span class=\"iwg-fachbegriff\" data-tooltip=\"Ukupnost religijskih obreda po\u0161tovanja za neko bo\u017eanstvo ili sveti lik.\" tabindex=\"0\">kulta<\/span>, jer se Erlik u modernoj percepciji i dalje povezuje s \u201ecrnom magijom\u201c.<\/p>\t\t\t\t\t\t\t\t<\/div>\n\t\t\t\t<\/div>\n\t\t\t\t\t<\/div>\n\t\t\t\t<\/div>\n\t\t<div class=\"elementor-element elementor-element-iwgw-erlikkhan-s5 e-flex e-con-boxed e-con e-parent\" data-id=\"iwgw-erlikkhan-s5\" data-element_type=\"container\" data-e-type=\"container\">\n\t\t\t\t\t<div class=\"e-con-inner\">\n\t\t\t\t<div class=\"elementor-element elementor-element-iwgw-erlikkhan-s5h elementor-widget elementor-widget-heading\" data-id=\"iwgw-erlikkhan-s5h\" data-element_type=\"widget\" data-e-type=\"widget\" data-widget_type=\"heading.default\">\n\t\t\t\t\t<h2 class=\"elementor-heading-title elementor-size-default\">Za\u0161titna praksa i apotropejski elementi<\/h2>\t\t\t\t<\/div>\n\t\t<div class=\"elementor-element elementor-element-iwgw-erlikkhan-s5c e-con-full e-flex e-con e-child\" data-id=\"iwgw-erlikkhan-s5c\" data-element_type=\"container\" data-e-type=\"container\">\n\t\t\t\t<div class=\"elementor-element elementor-element-iwgw-erlikkhan-s5t elementor-widget elementor-widget-text-editor\" data-id=\"iwgw-erlikkhan-s5t\" data-element_type=\"widget\" data-e-type=\"widget\" data-widget_type=\"text-editor.default\">\n\t\t\t\t\t\t\t\t\t<p>Religioznoznanstveno opisano (bez obe\u0107anja djelovanja): apotropejske prakse protiv Erlika obuhva\u0107ale su vje\u0161anje bijelih vunenih vrpci na dovratak, postavljanje malih drvenih figura (\u201eErlikovih slugu\u201c) kao simboli\u010dnu zamjensku \u017ertvu, tabu izgovaranja Erlikova imena naglas nakon zalaska sunca te dimljenje ku\u0107e kleka.<\/p><p>I odre\u0111ena pravila pona\u0161anja imala su <span class=\"iwg-fachbegriff\" data-tooltip=\"Otklanjaju\u0107e zlo: odnosi se na znakove i predmete koji trebaju otjerati \u0161tetne utjecaje.\" tabindex=\"0\">apotropejski<\/span> prizvuk: posjet bolesniku nije se smio obaviti s pokrivenom glavom, jer Erlik \u201eskuplja glave\u201c; pragovi vrata mazani su ugljenom, jer je zamra\u010deno crno navodno sprje\u010davalo crno, klasi\u010dan primjer simpateti\u010dke <span class=\"iwg-fachbegriff\" data-tooltip=\"Prakse koje posebnim radnjama ili formulama \u017eele utjecati na tok doga\u0111aja.\" tabindex=\"0\">magije<\/span> u smislu Jamesa Frazera.<\/p><p>Ove se prakse valja shvatiti u okviru koncepta tabua i \u010disto\u0107e ju\u017enosibirske religije, koja brojnim detaljnim pravilima razgrani\u010dava ure\u0111eni svjetski poredak od donjeg svijeta. Roberte Hamayon ih je u djelu <em>La chasse \u00e0 l&#8217;\u00e2me<\/em> (1990) protuma\u010dila kao dio \u201eekonomije srodstva\u201c, u kojoj se bolest i smrt tretiraju kao prekidi poretka.<\/p>\t\t\t\t\t\t\t\t<\/div>\n\t\t\t\t<\/div>\n\t\t\t\t\t<\/div>\n\t\t\t\t<\/div>\n\t\t<div class=\"elementor-element elementor-element-iwgw-erlikkhan-s6 e-flex e-con-boxed e-con e-parent\" data-id=\"iwgw-erlikkhan-s6\" data-element_type=\"container\" data-e-type=\"container\">\n\t\t\t\t\t<div class=\"e-con-inner\">\n\t\t\t\t<div class=\"elementor-element elementor-element-iwgw-erlikkhan-s6h elementor-widget elementor-widget-heading\" data-id=\"iwgw-erlikkhan-s6h\" data-element_type=\"widget\" data-e-type=\"widget\" data-widget_type=\"heading.default\">\n\t\t\t\t\t<h2 class=\"elementor-heading-title elementor-size-default\">Paralele u drugim kulturama<\/h2>\t\t\t\t<\/div>\n\t\t<div class=\"elementor-element elementor-element-iwgw-erlikkhan-s6c e-con-full e-flex e-con e-child\" data-id=\"iwgw-erlikkhan-s6c\" data-element_type=\"container\" data-e-type=\"container\">\n\t\t\t\t<div class=\"elementor-element elementor-element-iwgw-erlikkhan-s6t elementor-widget elementor-widget-text-editor\" data-id=\"iwgw-erlikkhan-s6t\" data-element_type=\"widget\" data-e-type=\"widget\" data-widget_type=\"text-editor.default\">\n\t\t\t\t\t\t\t\t\t<p>Strukturno usporedivi su: Yama u vedskoj i budisti\u010dkoj Indiji; Had u gr\u010dkoj; Hel u nordijskoj <span class=\"iwg-fachbegriff\" data-tooltip=\"Ukupnost predanih pri\u010da o bogovima jedne kulture.\" tabindex=\"0\">mitologiji<\/span>; Mictlantecuhtli u aste\u010dkom <span class=\"iwg-fachbegriff\" data-tooltip=\"Ukupnost bogova jedne religije ili kulture.\" tabindex=\"0\">panteonu<\/span>; Oziris u svojoj funkciji suca mrtvih, manje kao umiru\u0107i bog. U samom Sibiru postoje paralelni likovi poput protivnika bo\u017eanstva <em>Aiy Tojon<\/em>, <em>Yer-Khana<\/em> kod Jakuta.<\/p><p>Budisti\u010dko-tibetska preobrazba Erlika u Erlig Khaana, poistovje\u0107enog s Yamom, predmet je zasebne studije Walthera Heissiga (<em>Die Religionen der Mongolei<\/em>, 1970). Ona pokazuje kako je autohtoni lik bo\u017eanstva podzemlja integriran u tantrizam i tamo prekriven vlastitim slojevima atributa.<\/p><p>Fenomenologija religije ovdje uo\u010dava zanimljivu pravilnost: gotovo svi trodijelni kozmolo\u0161ki sustavi (gore, sredina, dolje) poznaju bo\u017eanstvo podzemlja koje je istodobno figura strave i jamac poretka. Erlik stoga nije iznimka, nego \u0161kolski primjer.<\/p>\t\t\t\t\t\t\t\t<\/div>\n\t\t\t\t<\/div>\n\t\t\t\t\t<\/div>\n\t\t\t\t<\/div>\n\t\t<div class=\"elementor-element elementor-element-iwgw-erlikkhan-s7 e-flex e-con-boxed e-con e-parent\" data-id=\"iwgw-erlikkhan-s7\" data-element_type=\"container\" data-e-type=\"container\">\n\t\t\t\t\t<div class=\"e-con-inner\">\n\t\t\t\t<div class=\"elementor-element elementor-element-iwgw-erlikkhan-s7h elementor-widget elementor-widget-heading\" data-id=\"iwgw-erlikkhan-s7h\" data-element_type=\"widget\" data-e-type=\"widget\" data-widget_type=\"heading.default\">\n\t\t\t\t\t<h2 class=\"elementor-heading-title elementor-size-default\">Suvremena recepcija i istra\u017eivanja<\/h2>\t\t\t\t<\/div>\n\t\t<div class=\"elementor-element elementor-element-iwgw-erlikkhan-s7c e-con-full e-flex e-con e-child\" data-id=\"iwgw-erlikkhan-s7c\" data-element_type=\"container\" data-e-type=\"container\">\n\t\t\t\t<div class=\"elementor-element elementor-element-iwgw-erlikkhan-s7t elementor-widget elementor-widget-text-editor\" data-id=\"iwgw-erlikkhan-s7t\" data-element_type=\"widget\" data-e-type=\"widget\" data-widget_type=\"text-editor.default\">\n\t\t\t\t\t\t\t\t\t<p>U modernoj tuvinskoj i altajskoj <span class=\"iwg-fachbegriff\" data-tooltip=\"Predana narodna kultura s obi\u010dajima, pripovijestima i pjesmama.\" tabindex=\"0\">folklornoj<\/span> tradiciji Erlik je danas prije stra\u0161ni lik nego kultni objekt; u popularnoj recepciji (fantasti\u010dni romani, online igre) povremeno se pojavljuje kao \u201etamni protivnik\u201c. Znanstveno pouzdani prikazi nalaze se kod Andreija Znamenskog, Roberte Hamayon i u rusofonoj zbirci <em>Mify narodov mira<\/em> (sv. 2, 1992).<\/p><p>Va\u017ena znanstvena raspava odnosi se na pitanje koliko je dana\u0161nje \u201etamno\u201c Erlikovo lice predislamsko\/predbudisti\u010dko, a koliko je nastalo kao kr\u0161\u0107ansko-misionarsko demoniziranje u 18. i 19. stolje\u0107u. Verbickij i drugi misionari u svojim su rje\u010dnicima \u201eErlika\u201c jednostavno prevodili kao \u201evrag\u201c, \u0161to je kasnija znanost dugo nekriti\u010dki prihva\u0107ala.<\/p><p>Djelo Andreija Znamenskog <em>Shamanism and Western Imagination<\/em> (Oxford 2007) opse\u017eno je rekonstruiralo ovu povijest iskrivljavanja i zagovara vra\u0107anje povijesnog Erlika kao ambivalentnog lika poretka izvan kr\u0161\u0107ansko-dualisti\u010dkih obrazaca.<\/p>\t\t\t\t\t\t\t\t<\/div>\n\t\t\t\t<\/div>\n\t\t\t\t\t<\/div>\n\t\t\t\t<\/div>\n\t\t<div class=\"elementor-element elementor-element-iwgw-erlikkhan-s8 e-flex e-con-boxed e-con e-parent\" data-id=\"iwgw-erlikkhan-s8\" data-element_type=\"container\" data-e-type=\"container\">\n\t\t\t\t\t<div class=\"e-con-inner\">\n\t\t\t\t<div class=\"elementor-element elementor-element-iwgw-erlikkhan-s8h elementor-widget elementor-widget-heading\" data-id=\"iwgw-erlikkhan-s8h\" data-element_type=\"widget\" data-e-type=\"widget\" data-widget_type=\"heading.default\">\n\t\t\t\t\t<h2 class=\"elementor-heading-title elementor-size-default\">Znanstvene rasprave i otvorena pitanja<\/h2>\t\t\t\t<\/div>\n\t\t<div class=\"elementor-element elementor-element-iwgw-erlikkhan-s8c e-con-full e-flex e-con e-child\" data-id=\"iwgw-erlikkhan-s8c\" data-element_type=\"container\" data-e-type=\"container\">\n\t\t\t\t<div class=\"elementor-element elementor-element-iwgw-erlikkhan-s8t elementor-widget elementor-widget-text-editor\" data-id=\"iwgw-erlikkhan-s8t\" data-element_type=\"widget\" data-e-type=\"widget\" data-widget_type=\"text-editor.default\">\n\t\t\t\t\t\t\t\t\t<p>Tri istra\u017eiva\u010dka pitanja i dalje su otvorena. Prvo: kakav je bio prethodni oblik Erlika u prototurskoj religiji prije dodira s budizmom i kr\u0161\u0107anstvom? Anohinova gra\u0111a upu\u0107uje na to da je bio starije i samostalnije naravi nego \u0161to to sugerira budisti\u010dka identifikacija s Yamom.<\/p><p>Drugo: u kojoj je mjeri altajska tradicija o Erliku kontinuirana s jakutskom tradicijom o <em>abasy<\/em>, a diskontinuirana s mongolskom tradicijom o Erlig-Khaanu? L. P. Potapov je u tom pogledu argumentirao u prilog hipotezi o razdvajanju, koju novija istra\u017eivanja iznova preuzimaju.<\/p><p>Tre\u0107e: kakvu ulogu Erlik ima u suvremenoj tuvinskoj i altajskoj sceni neo-<span class=\"iwg-fachbegriff\" data-tooltip=\"Religijski sustav u kojem specijalisti komuniciraju sa svijetom duhova.\" tabindex=\"0\">\u0161amanizma<\/span>, koja se razvija dijelom protiv, a dijelom u sprezi s ruskim mainstreamom? Marjorie Mandelstam Balzer je u nekoliko radova pokazala da suvremeni \u0161amani svjesno koriste Erlika za profiliranje autohtone alternative dominantnoj rusko-pravoslavnoj simbolici.<\/p>\t\t\t\t\t\t\t\t<\/div>\n\t\t\t\t<\/div>\n\t\t\t\t\t<\/div>\n\t\t\t\t<\/div>\n\t\t<div class=\"elementor-element elementor-element-iwgw-erlikkhan-s9 e-flex e-con-boxed e-con e-parent\" data-id=\"iwgw-erlikkhan-s9\" data-element_type=\"container\" data-e-type=\"container\">\n\t\t\t\t\t<div class=\"e-con-inner\">\n\t\t\t\t<div class=\"elementor-element elementor-element-iwgw-erlikkhan-s9h elementor-widget elementor-widget-heading\" data-id=\"iwgw-erlikkhan-s9h\" data-element_type=\"widget\" data-e-type=\"widget\" data-widget_type=\"heading.default\">\n\t\t\t\t\t<h2 class=\"elementor-heading-title elementor-size-default\">Odnos prema tradiciji o Yami<\/h2>\t\t\t\t<\/div>\n\t\t<div class=\"elementor-element elementor-element-iwgw-erlikkhan-s9c e-con-full e-flex e-con e-child\" data-id=\"iwgw-erlikkhan-s9c\" data-element_type=\"container\" data-e-type=\"container\">\n\t\t\t\t<div class=\"elementor-element elementor-element-iwgw-erlikkhan-s9t elementor-widget elementor-widget-text-editor\" data-id=\"iwgw-erlikkhan-s9t\" data-element_type=\"widget\" data-e-type=\"widget\" data-widget_type=\"text-editor.default\">\n\t\t\t\t\t\t\t\t\t<p>Identifikacija Erlika s budisti\u010dkim Yamom jedan je od religijsko-povijesno najbolje dokumentiranih slu\u010dajeva mongolsko-tibetanske religije. Walther Heissig je u djelu <em>Die Religionen der Mongolei<\/em> (1970) pokazao kako se altajski Erlik tijekom nekoliko stolje\u0107a stapao s indo-tibetanskim Yamom \/ Shinjeom, bez potpune zamjene jednoga drugim.<\/p><p>Umjesto toga nastao je dvoslojni lik, kod kojega se, ovisno o kontekstu, aktualizira altajski ili budisti\u010dki sloj.<\/p><p>Ovo slojevito preplitanje predstavlja ud\u017ebeni\u010dki primjer za znanstvene \u201etranslation studies\u201c: kako se to\u010dno neki koncept prenosi iz jedne tradicije u drugu, koji su semanti\u010dki pomaci nu\u017eni te kakvi neobi\u010dni hibridni oblici nastaju u procesu prevo\u0111enja?<\/p><p>Konkretan primjer: u tibetanskom <em>Bardo Th\u00f6drolu<\/em> (\u201eTibetanska knjiga mrtvih\u201c) Yama se pojavljuje kao onaj koji dr\u017ei zrcalo i pokojniku pokazuje njegova \u017eivotna djela. Ta predod\u017eba nedostaje u autohtono-altajskom kompleksu Erlika, ali je prisutna u kasnijoj mongolskoj predod\u017ebi o Erliku, \u0161to upu\u0107uje na budisti\u010dki sloj.<\/p>\t\t\t\t\t\t\t\t<\/div>\n\t\t\t\t<\/div>\n\t\t\t\t\t<\/div>\n\t\t\t\t<\/div>\n\t\t<div class=\"elementor-element elementor-element-iwgw-erlikkhan-s10 e-flex e-con-boxed e-con e-parent\" data-id=\"iwgw-erlikkhan-s10\" data-element_type=\"container\" data-e-type=\"container\">\n\t\t\t\t\t<div class=\"e-con-inner\">\n\t\t\t\t<div class=\"elementor-element elementor-element-iwgw-erlikkhan-s10h elementor-widget elementor-widget-heading\" data-id=\"iwgw-erlikkhan-s10h\" data-element_type=\"widget\" data-e-type=\"widget\" data-widget_type=\"heading.default\">\n\t\t\t\t\t<h2 class=\"elementor-heading-title elementor-size-default\">Izvori i veza s kulturnim \u010dvori\u0161tem<\/h2>\t\t\t\t<\/div>\n\t\t<div class=\"elementor-element elementor-element-iwgw-erlikkhan-s10c e-con-full e-flex e-con e-child\" data-id=\"iwgw-erlikkhan-s10c\" data-element_type=\"container\" data-e-type=\"container\">\n\t\t\t\t<div class=\"elementor-element elementor-element-iwgw-erlikkhan-s10t elementor-widget elementor-widget-text-editor\" data-id=\"iwgw-erlikkhan-s10t\" data-element_type=\"widget\" data-e-type=\"widget\" data-widget_type=\"text-editor.default\">\n\t\t\t\t\t\t\t\t\t<p>Onome koji \u017eeli prou\u010diti kompleks Erlika u njegovoj \u0161irini, na pregledoj stranici <a href=\"https:\/\/iwell-guard.com\/hr\/sibirski-samanizam-i-tengrizam\/\">Sibirsko-tengrijska tradicija<\/a> nalaze se najva\u017enije poveznice na srodne likove kao \u0161to su <a href=\"https:\/\/iwell-guard.com\/hr\/ulgen-bog-svjetlosti-altajaca\/\">\u00dclgen<\/a> i ni\u017ea \u0161tetna bi\u0107a <em>abasy<\/em>. Djelo A. V. Anohina <em>Materijali o <span class=\"iwg-fachbegriff\" data-tooltip=\"Religijski sustav u kojem specijalisti komuniciraju sa svijetom duhova.\" tabindex=\"0\">\u0161amanizmu<\/span> Altajaca<\/em> (1924) i dalje je najva\u017eniji primarni izvor.<\/p><p>Za budisti\u010dko nadslojavanje relevantni su Waltherova Heissiga djelo <em>Die Religionen der Mongolei<\/em> (1970) i studije Klausa Sagastera. Za kriti\u010dku obradu misionarskih distorzija najbolje je dostupno djelo Andreja Znamenskog <em>Shamanism and Western Imagination<\/em> (Oxford 2007).<\/p><p>Standardno djelo L. P. Potapova <em>Altaiskij \u0161amanizm<\/em> (Sankt Peterburg 1991) donosi najopse\u017eniju sovjetsko-rusku sintezu i ne treba ga zaobi\u0107i u istra\u017eivanju Erlika.<\/p>\t\t\t\t\t\t\t\t<\/div>\n\t\t\t\t<\/div>\n\t\t\t\t\t<\/div>\n\t\t\t\t<\/div>\n\t\t<div class=\"elementor-element elementor-element-iwgw-erlikkhan-s11 e-flex e-con-boxed e-con e-parent\" data-id=\"iwgw-erlikkhan-s11\" data-element_type=\"container\" data-e-type=\"container\">\n\t\t\t\t\t<div class=\"e-con-inner\">\n\t\t\t\t<div class=\"elementor-element elementor-element-iwgw-erlikkhan-s11h elementor-widget elementor-widget-heading\" data-id=\"iwgw-erlikkhan-s11h\" data-element_type=\"widget\" data-e-type=\"widget\" data-widget_type=\"heading.default\">\n\t\t\t\t\t<h2 class=\"elementor-heading-title elementor-size-default\">Fenomenologija religije podzemnog svijeta<\/h2>\t\t\t\t<\/div>\n\t\t<div class=\"elementor-element elementor-element-iwgw-erlikkhan-s11c e-con-full e-flex e-con e-child\" data-id=\"iwgw-erlikkhan-s11c\" data-element_type=\"container\" data-e-type=\"container\">\n\t\t\t\t<div class=\"elementor-element elementor-element-iwgw-erlikkhan-s11t elementor-widget elementor-widget-text-editor\" data-id=\"iwgw-erlikkhan-s11t\" data-element_type=\"widget\" data-e-type=\"widget\" data-widget_type=\"text-editor.default\">\n\t\t\t\t\t\t\t\t\t<p>Erlik pripada fenomenolo\u0161kom spektru bo\u017eanstava podzemnog svijeta, koji je Mircea Eliade op\u0161irno obradio u djelu <em>Forgerons et alchimistes<\/em> (1956) i u svojoj knjizi o <span class=\"iwg-fachbegriff\" data-tooltip=\"Religijski sustav u kojem specijalisti komuniciraju sa svijetom duhova.\" tabindex=\"0\">\u0161amanizmu<\/span>. Karakteristi\u010dna je ambivalencija: bo\u017eanstva podzemnog svijeta predstavljaju nu\u017eno sjenovito podru\u010dje kozmi\u010dkog poretka, a jednostavna oznaka \u201ezlo\u201c ne odgovara njihovoj naravi.<\/p><p>Posebna je zanimljivost Erlika njegova dvostruka funkcija uzro\u010dnika bolesti i onoga koji bolest ukida. Crni <span class=\"iwg-fachbegriff\" data-tooltip=\"Religijski specijalist kojemu se pripisuje posredovanje izme\u0111u ljudi i svijeta duhova.\" tabindex=\"0\">\u0161aman<\/span> pregovara s Erlikom o vra\u0107anju izgubljenih du\u0161a, klasi\u010dan model \u201e\u0161amanskog pregovaranja\u201c, koji je Roberte Hamayon razvila nasuprot Eliadeovu modelu \u201eekstaze\u201c.<\/p><p>Religijsko-antropolo\u0161ki zanimljivo je razdvajanje \u201ebijelih\u201c i \u201ecrnih\u201c \u0161amana s odvojenim adresama bo\u017eanstava. Ta dvostruka struktura pojavljuje se tako jasno tek u nekoliko sibirskih tradicija, poput altajske i tuvinske; povijesno je vjerojatno kasnijeg podrijetla, mo\u017eda nastala pod budisti\u010dkim utjecajem.<\/p>\t\t\t\t\t\t\t\t<\/div>\n\t\t\t\t<\/div>\n\t\t\t\t\t<\/div>\n\t\t\t\t<\/div>\n\t\t<div class=\"elementor-element elementor-element-iwgw-erlikkhan-s12 e-flex e-con-boxed e-con e-parent\" data-id=\"iwgw-erlikkhan-s12\" data-element_type=\"container\" data-e-type=\"container\">\n\t\t\t\t\t<div class=\"e-con-inner\">\n\t\t\t\t<div class=\"elementor-element elementor-element-iwgw-erlikkhan-s12h elementor-widget elementor-widget-heading\" data-id=\"iwgw-erlikkhan-s12h\" data-element_type=\"widget\" data-e-type=\"widget\" data-widget_type=\"heading.default\">\n\t\t\t\t\t<h2 class=\"elementor-heading-title elementor-size-default\">Metodolo\u0161ka refleksija<\/h2>\t\t\t\t<\/div>\n\t\t<div class=\"elementor-element elementor-element-iwgw-erlikkhan-s12c e-con-full e-flex e-con e-child\" data-id=\"iwgw-erlikkhan-s12c\" data-element_type=\"container\" data-e-type=\"container\">\n\t\t\t\t<div class=\"elementor-element elementor-element-iwgw-erlikkhan-s12t elementor-widget elementor-widget-text-editor\" data-id=\"iwgw-erlikkhan-s12t\" data-element_type=\"widget\" data-e-type=\"widget\" data-widget_type=\"text-editor.default\">\n\t\t\t\t\t\t\t\t\t<p>Pri radu s izvorima o Erliku javlja se nekoliko metodolo\u0161kih problema. Prvo: najstariji izvori su zapisi kr\u0161\u0107anskih misionara (Verbickij, \u010civalkov) iz 19. stolje\u0107a, koji su ga sustavno identificirali s kr\u0161\u0107anskim vragom. Skidanje tog misionarskog sloja metodolo\u0161ki je zahtjevno.<\/p><p>Drugo: budisti\u010dka identifikacija s Yamom unijela je dodatne razine zna\u010denja koje se ne mogu jednostavno odvojiti od altajskog izvornog sloja Erlika. Walther Heissigov model slojevitosti poma\u017ee, ali i dalje je predmet rasprave.<\/p><p>Tre\u0107e: suvremena \u0161amanska praksa oko Erlika nakon sovjetskog razdoblja je fragmentirana; ono \u0161to danas vidimo predstavlja preoblikovanje na temelju etnografskih tekstova, a ne neprekinutu kontinuitet. Andrei Znamenski je to kriti\u010dki promi\u0161ljao.<\/p>\t\t\t\t\t\t\t\t<\/div>\n\t\t\t\t<\/div>\n\t\t\t\t\t<\/div>\n\t\t\t\t<\/div>\n\t\t<div class=\"elementor-element elementor-element-iwgw-erlikkhan-s13 e-flex e-con-boxed e-con e-parent\" data-id=\"iwgw-erlikkhan-s13\" data-element_type=\"container\" data-e-type=\"container\">\n\t\t\t\t\t<div class=\"e-con-inner\">\n\t\t\t\t<div class=\"elementor-element elementor-element-iwgw-erlikkhan-s13h elementor-widget elementor-widget-heading\" data-id=\"iwgw-erlikkhan-s13h\" data-element_type=\"widget\" data-e-type=\"widget\" data-widget_type=\"heading.default\">\n\t\t\t\t\t<h2 class=\"elementor-heading-title elementor-size-default\">Erlik u suvremenoj popularnoj kulturi<\/h2>\t\t\t\t<\/div>\n\t\t<div class=\"elementor-element elementor-element-iwgw-erlikkhan-s13c e-con-full e-flex e-con e-child\" data-id=\"iwgw-erlikkhan-s13c\" data-element_type=\"container\" data-e-type=\"container\">\n\t\t\t\t<div class=\"elementor-element elementor-element-iwgw-erlikkhan-s13t elementor-widget elementor-widget-text-editor\" data-id=\"iwgw-erlikkhan-s13t\" data-element_type=\"widget\" data-e-type=\"widget\" data-widget_type=\"text-editor.default\">\n\t\t\t\t\t\t\t\t\t<p>U suvremenoj popularnoj kulturi Erlik je iznena\u0111uju\u0107e prisutan. Pojavljuje se u nekoliko ruskih fantasy romana, u online ra\u010dunalnim igrama (poput <em>Path of Exile<\/em>, <em>Smite<\/em>), u tekstovima heavy metal pjesama i u svijetu mange i animea. Ova recepcija \u010desto sna\u017eno iskrivljuje povijesnu slika, ali Erlika pretvara u kulturno aktivnog lika.<\/p><p>Znanstveno je ova recepcija ambivalentna: odr\u017eava Erlika u kulturnom pam\u0107enju, ali ga istovremeno banalizira. Andrei Znamenski je u djelu <em>Shamanism and Western Imagination<\/em> (2007) upozorio na napetost izme\u0111u znanstvene rekonstrukcije i popularnog preuzimanja.<\/p><p>U samim altajskim i tuvinskim republikama Erlik je u narodnoj kulturi manje prisutan nego \u00dclgen ili Tengri; ostaje prete\u017eno periferan lik, koji ima ulogu u \u0161amanskoj praksi, ali ne u javnoj reprezentaciji regije.<\/p>\t\t\t\t\t\t\t\t<\/div>\n\t\t\t\t<\/div>\n\t\t\t\t\t<\/div>\n\t\t\t\t<\/div>\n\t\t<div class=\"elementor-element elementor-element-cp27518a4a e-flex e-con-boxed e-con e-parent\" data-id=\"cp27518a4a\" data-element_type=\"container\" data-e-type=\"container\">\n\t\t\t\t\t<div class=\"e-con-inner\">\n\t\t\t\t<div class=\"elementor-element elementor-element-cp20374ec2 elementor-widget elementor-widget-heading\" data-id=\"cp20374ec2\" data-element_type=\"widget\" data-e-type=\"widget\" data-widget_type=\"heading.default\">\n\t\t\t\t\t<h2 class=\"elementor-heading-title elementor-size-default\">Erlik u altajskoj pri\u010di o postanku: su-tvorac nesavr\u0161enog svijeta<\/h2>\t\t\t\t<\/div>\n\t\t<div class=\"elementor-element elementor-element-cp23d083fe e-flex e-con-boxed e-con e-child\" data-id=\"cp23d083fe\" data-element_type=\"container\" data-e-type=\"container\">\n\t\t\t\t\t<div class=\"e-con-inner\">\n\t\t\t\t<div class=\"elementor-element elementor-element-cp2fdabf2c elementor-widget elementor-widget-text-editor\" data-id=\"cp2fdabf2c\" data-element_type=\"widget\" data-e-type=\"widget\" data-widget_type=\"text-editor.default\">\n\t\t\t\t\t\t\t\t\t<p>U kozmogonijskim pripovijestima turkijskih naroda Altaja Erlik, poznat i kao <em>Erlik Khan<\/em> ili <em>Erlik<\/em>, ima dvosmislenu, ali neophodnu ulogu.<\/p><p>Nekoliko verzija koje su zabilje\u017eili etnografi u 19. i ranom 20. stolje\u0107u opisuje kako je na po\u010detku postojala samo voda i kako je tvorac svijeta, \u010desto izjedna\u010davan s <a href=\"https:\/\/iwell-guard.com\/hr\/ulgen-bog-svjetlosti-altajaca\/\">\u00dclgenom<\/a>, uz Erlikovo sudjelovanje izvukao zemlju iz prvobitnih voda.<\/p><p>U jednoj ra\u0161irenoj verziji pripovijesti dvojica se pretvaraju u ptice ili \u0161alju stvorenje da zaroni i donese zemlju s dna prastarog mora. Erlik pri tome potajno zadr\u017ei malo zemlje u ustima, s namjerom da stvori vlastiti svijet.<\/p><p>Kada tvorac svijeta u\u010dini da donesena zemlja poraste, po\u010dne rasti i skrivena zemlja u Erlikovim ustima, tako da je on mora izbaciti. Iz te izba\u010dene zemlje nastaju mo\u010dvare, te\u0161ko prohodni i neplodni krajevi. Taj <span class=\"iwg-fachbegriff\" data-tooltip=\"Element sadr\u017eaja koji se ponavlja u umjetnosti ili pripovijedanju.\" tabindex=\"0\">motiv<\/span> mitolo\u0161ki obja\u0161njava za\u0161to svijet nije savr\u0161en.<\/p><p>Ova se pripovijest ubraja u \u0161iroko rasprostranjeni tip mitova o stvaranju svijeta ronjenjem po zemlju, koji je zabilje\u017een u \u010ditavoj sjevernoj Euroaziji i Sjevernoj Americi. Upada u o\u010di moralno dvosmislen polo\u017eaj Erlika: mit ga ne prikazuje kao pukog razoritelja, nego kao sutvorca \u010dija samovolja i lukavstvo istovremeno dovr\u0161avaju i o\u0161te\u0107uju svijet.<\/p><p>Pri procjeni ovih pripovijesti treba imati na umu da zapisi potje\u010du iz vremena kada je altajska religija ve\u0107 bila pod utjecajem kr\u0161\u0107anskih i budisti\u010dkih predod\u017ebi. Neki su istra\u017eiva\u010di zato postavili pitanje je li naglasak na protivni\u010dkom sutvorcu bio poja\u010dan takvim utjecajima. Pouzdan odgovor nije mogu\u0107.<\/p>\t\t\t\t\t\t\t\t<\/div>\n\t\t\t\t\t<\/div>\n\t\t\t\t<\/div>\n\t\t\t\t\t<\/div>\n\t\t\t\t<\/div>\n\t\t<div class=\"elementor-element elementor-element-cp2032381e e-flex e-con-boxed e-con e-parent\" data-id=\"cp2032381e\" data-element_type=\"container\" data-e-type=\"container\">\n\t\t\t\t\t<div class=\"e-con-inner\">\n\t\t\t\t<div class=\"elementor-element elementor-element-cp2549d4d3 elementor-widget elementor-widget-heading\" data-id=\"cp2549d4d3\" data-element_type=\"widget\" data-e-type=\"widget\" data-widget_type=\"heading.default\">\n\t\t\t\t\t<h2 class=\"elementor-heading-title elementor-size-default\">Gospodar podzemlja: Erlikovo carstvo i \u0161amansko putovanje u dubinu<\/h2>\t\t\t\t<\/div>\n\t\t<div class=\"elementor-element elementor-element-cp2699d7d9 e-flex e-con-boxed e-con e-child\" data-id=\"cp2699d7d9\" data-element_type=\"container\" data-e-type=\"container\">\n\t\t\t\t\t<div class=\"e-con-inner\">\n\t\t\t\t<div class=\"elementor-element elementor-element-cp215c60fe elementor-widget elementor-widget-text-editor\" data-id=\"cp215c60fe\" data-element_type=\"widget\" data-e-type=\"widget\" data-widget_type=\"text-editor.default\">\n\t\t\t\t\t\t\t\t\t<p>Osim u kozmogonijskim pripovijestima, Erlik je u altajskoj i op\u0107enito sibirskoj religiji poznat prije svega kao gospodar podzemlja i vladar nad mrtvima. Njegovo carstvo izvori opisuju kao mra\u010dno podru\u010dje pod zemljom, u koje odlaze pokojnici.<\/p><p>Erlik se smatra i uzro\u010dnikom bolesti i smrti; prema altajskoj predod\u017ebi, onoga tko bi te\u0161ko obolio, njegovu \u017eivotnu snagu ili du\u0161u mogao je Erlik ili njegovi izaslanici odvesti u podzemlje.<\/p><p>Na tu se predod\u017ebu nadovezivao odre\u0111eni oblik \u0161amanske prakse. Dok je nebesko putovanje k \u00dclgenu bilo uzdizanje, put k Erliku bio je silazak.<\/p><p>\u0160amanski stru\u010dnjak u ritualnim pjevanjima opisivao je kako silazi u Erlikovo carstvo, kako tamo svladava prepreke i naposljetku stupa pred Erlika da s njim pregovara, na primjer da zatra\u017ei povratak odvedene du\u0161e bolesnika ili da mu preda \u017ertvene darove.<\/p><p>Wilhelm Radloff zabilje\u017eio je takva opisivanja silaska, koja su potom privukla veliku pa\u017enju u komparativnim istra\u017eivanjima \u0161amanizma.<\/p><p>Pri tuma\u010denju je potreban oprez. Zapisani tekstovi su konkretne izvedbe, a ne bezvremenski predlo\u0161ci, a njihovo poop\u0107avanje u obrazac \u0161amanskog putovanja u podzemlje, kako je to u\u010dinio Mircea Eliade, novija istra\u017eivanja kritiziraju kao pretjerano izgla\u0111uju\u0107e.<\/p><p>Mo\u017ee se zaklju\u010diti da je Erlik u altajskoj praksi bio daleko vi\u0161e od pukog zastra\u0161uju\u0107eg bi\u0107a kojeg se izbjegavalo: bio je to sila s kojom je stru\u010dnjak u <span class=\"iwg-fachbegriff\" data-tooltip=\"Ure\u0111en slijed simboli\u010dkih radnji s religijskim ili kulturnim zna\u010denjem.\" tabindex=\"0\">ritualu<\/span> aktivno stupao u pregovore. Odnos prema Erliku nadilazio je puko odbijanje; bila je to ure\u0111ena, riskantna komunikacija.<\/p>\t\t\t\t\t\t\t\t<\/div>\n\t\t\t\t\t<\/div>\n\t\t\t\t<\/div>\n\t\t\t\t\t<\/div>\n\t\t\t\t<\/div>\n\t\t<div class=\"elementor-element elementor-element-cp2907420d e-flex e-con-boxed e-con e-parent\" data-id=\"cp2907420d\" data-element_type=\"container\" data-e-type=\"container\">\n\t\t\t\t\t<div class=\"e-con-inner\">\n\t\t\t\t<div class=\"elementor-element elementor-element-cp2fc29be0 elementor-widget elementor-widget-heading\" data-id=\"cp2fc29be0\" data-element_type=\"widget\" data-e-type=\"widget\" data-widget_type=\"heading.default\">\n\t\t\t\t\t<h2 class=\"elementor-heading-title elementor-size-default\">Erlik izme\u0111u doma\u0107e tradicije i tu\u0111eg utjecaja: znanstvena rasprava<\/h2>\t\t\t\t<\/div>\n\t\t<div class=\"elementor-element elementor-element-cp215c8e40 e-flex e-con-boxed e-con e-child\" data-id=\"cp215c8e40\" data-element_type=\"container\" data-e-type=\"container\">\n\t\t\t\t\t<div class=\"e-con-inner\">\n\t\t\t\t<div class=\"elementor-element elementor-element-cp27662833 elementor-widget elementor-widget-text-editor\" data-id=\"cp27662833\" data-element_type=\"widget\" data-e-type=\"widget\" data-widget_type=\"text-editor.default\">\n\t\t\t\t\t\t\t\t\t<p>Lik Erlika u sredi\u0161tu je dugotrajne znanstvene rasprave o tu\u0111im utjecajima na sredinjoazijsku religiju. Odmah upada u o\u010di samo ime: Erlik, odnosno Erlik Khan, jezi\u010dno i konceptualno povezan je s Yamom iz budisti\u010dke tradicije, koji je u mongolski i tibetsko-budisti\u010dki svijet predod\u017ebi u\u0161ao upravo kao Erlik Khan.<\/p><p>Pitanje je je li altajski lik podzemlja od po\u010detka bio takav ili je bio preoblikovan pod utjecajem budizma.<\/p><p>Druga linija rasprave odnosi se na dualizam.<\/p><p>Suprotnost \u00dclgena gore i Erlika dolje, stvaranja i o\u0161te\u0107ivanja, neba i podzemlja, neke istra\u017eiva\u010de podsje\u0107a na dualisti\u010dka religijska sustavi, na primjer na zoroastrijske predod\u017ebe koje su mogle djelovati preko srednjoazijskih trgova\u010dkih putova, ili na kr\u0161\u0107ansko suprotstavljanje Boga i vraga koje je stiglo s ruskom misijom.<\/p><p>Kako izvori potje\u010du tek iz vremena kada su svi ti dodiri ve\u0107 dugo postojali, izvorni sloj te\u0161ko se mo\u017ee izdvojiti.<\/p><p>Metodolo\u0161ki oprezna istra\u017eivanja iz toga izvode zaklju\u010dak da Erlik vjerojatno potje\u010de od doma\u0107e predod\u017ebe o podzemnoj sili, ali da je ta predod\u017eba budisti\u010dkim i mo\u017eda drugim utjecajima preoblikovana i izo\u0161trena u svojim obrisima. Pri tome je va\u017eno upozorenje na uobi\u010dajenu zabludu: Erlika se ne smije prenagljeno izjedna\u010davati s kr\u0161\u0107anskim vragom.<\/p><p>U altajskim pripovijestima on nije apsolutno zlo, nego nu\u017ean dio svjetskog poretka, s kojim su se ljudi i njihovi ritualni stru\u010dnjaci morali nositi. Njegova ulogu protivnika \u00dclgenu opisuje napetu komplementarnost, a ne moralni rat. Sli\u010dne vladare podzemlja poznaju i druge <a href=\"https:\/\/iwell-guard.com\/hr\/sibirski-samanizam-i-tengrizam\/\">sredinjoazijske kulture<\/a>.<\/p>\t\t\t\t\t\t\t\t<\/div>\n\t\t\t\t\t<\/div>\n\t\t\t\t<\/div>\n\t\t\t\t\t<\/div>\n\t\t\t\t<\/div>\n\t\t<div class=\"elementor-element elementor-element-iwgw-erlikkhan-lit e-flex e-con-boxed e-con e-parent\" data-id=\"iwgw-erlikkhan-lit\" data-element_type=\"container\" data-e-type=\"container\">\n\t\t\t\t\t<div class=\"e-con-inner\">\n\t\t\t\t<div class=\"elementor-element elementor-element-iwgw-erlikkhan-lith elementor-widget elementor-widget-heading\" data-id=\"iwgw-erlikkhan-lith\" data-element_type=\"widget\" data-e-type=\"widget\" data-widget_type=\"heading.default\">\n\t\t\t\t\t<h2 class=\"elementor-heading-title elementor-size-default\">Literatura (izbor)<\/h2>\t\t\t\t<\/div>\n\t\t<div class=\"elementor-element elementor-element-iwgw-erlikkhan-litc e-con-full e-flex e-con e-child\" data-id=\"iwgw-erlikkhan-litc\" data-element_type=\"container\" data-e-type=\"container\">\n\t\t\t\t<div class=\"elementor-element elementor-element-iwgw-erlikkhan-litt elementor-widget elementor-widget-text-editor\" data-id=\"iwgw-erlikkhan-litt\" data-element_type=\"widget\" data-e-type=\"widget\" data-widget_type=\"text-editor.default\">\n\t\t\t\t\t\t\t\t\t<ul><li>A. V. Anokhin: <em>Materialien zum <span class=\"iwg-fachbegriff\" data-tooltip=\"Religijski sustav u kojem stru\u010dnjaci komuniciraju sa svijetom duhova.\" tabindex=\"0\">\u0161amanismus<\/span> der Altaier<\/em> (1924)<\/li><li>Mircea Eliade: <em>Le chamanisme<\/em> (1951)<\/li><li>Walther Heissig: <em>Die Religionen der Mongolei<\/em> (1970)<\/li><li>Vladimir Basilov: <em>Shamanism in Siberia<\/em> (1984)<\/li><li>Roberte Hamayon: <em>La chasse \u00e0 l&#8217;\u00e2me<\/em> (1990)<\/li><li>Andrei Znamenski: <em>Shamanism and Western Imagination<\/em> (2007)<\/li><li>L. P. Potapov: <em>Altaiskij schamanizm<\/em> (1991)<\/li><\/ul>\t\t\t\t\t\t\t\t<\/div>\n\t\t\t\t<\/div>\n\t\t\t\t\t<\/div>\n\t\t\t\t<\/div>\n\t\t<div class=\"elementor-element elementor-element-iwgkw2-add-erlikkhan e-flex e-con-boxed e-con e-parent\" data-id=\"iwgkw2-add-erlikkhan\" data-element_type=\"container\" data-e-type=\"container\">\n\t\t\t\t\t<div class=\"e-con-inner\">\n\t\t\t\t<div class=\"elementor-element elementor-element-iwgkw2-add-erlikkhan-t elementor-widget elementor-widget-text-editor\" data-id=\"iwgkw2-add-erlikkhan-t\" data-element_type=\"widget\" data-e-type=\"widget\" data-widget_type=\"text-editor.default\">\n\t\t\t\t\t\t\t\t\t<p>U <em>altajskom<\/em> i <em>sibirskom<\/em> vjerovanju <em><span class=\"iwg-fachbegriff\" data-tooltip=\"Predana pripovijest o bogovima, podrijetlima i poretku svijeta.\" tabindex=\"0\">mit<\/span><\/em> prikazuje Erlik Khana kao vladara podzemlja i protivnika \u00dclgenu; \u0161amanske pjesme altajskih Turaka i Burjata prenose njegovu ulogu u bolesti, smrti i vo\u0111enju du\u0161a.<\/p>\t\t\t\t\t\t\t\t<\/div>\n\t\t\t\t\t<\/div>\n\t\t\t\t<\/div>\n\t\t<div class=\"elementor-element elementor-element-iwgw-erlikkhan-kwd e-flex e-con-boxed e-con e-parent\" data-id=\"iwgw-erlikkhan-kwd\" data-element_type=\"container\" data-e-type=\"container\">\n\t\t\t\t\t<div class=\"e-con-inner\">\n\t\t<div class=\"elementor-element elementor-element-iwgw-erlikkhan-kwdc e-con-full e-flex e-con e-child\" data-id=\"iwgw-erlikkhan-kwdc\" data-element_type=\"container\" data-e-type=\"container\">\n\t\t\t\t<div class=\"elementor-element elementor-element-iwgw-erlikkhan-kwdt elementor-widget elementor-widget-text-editor\" data-id=\"iwgw-erlikkhan-kwdt\" data-element_type=\"widget\" data-e-type=\"widget\" data-widget_type=\"text-editor.default\">\n\t\t\t\t\t\t\t\t\t<p><em>Povezani klju\u010dni pojmovi: Erlik Khan Erlig Khaan Altaj podzemni svijet Yama budisti\u010dka preobrazba.<\/em><\/p>\t\t\t\t\t\t\t\t<\/div>\n\t\t\t\t<\/div>\n\t\t\t\t\t<\/div>\n\t\t\t\t<\/div>\n\t\t<div class=\"elementor-element elementor-element-iwgw-erlikkhan-cc e-flex e-con-boxed e-con e-parent\" data-id=\"iwgw-erlikkhan-cc\" data-element_type=\"container\" data-e-type=\"container\" id=\"iwg-cc-erlik-khan\">\n\t\t\t\t\t<div class=\"e-con-inner\">\n\t\t<div class=\"elementor-element elementor-element-iwgw-erlikkhan-ccinner e-flex e-con-boxed e-con e-parent\" data-id=\"iwgw-erlikkhan-ccinner\" data-element_type=\"container\" data-e-type=\"container\" data-settings=\"{&quot;background_background&quot;:&quot;classic&quot;}\">\n\t\t\t\t\t<div class=\"e-con-inner\">\n\t\t\t\t<div class=\"elementor-element elementor-element-iwgw-erlikkhan-cch elementor-widget elementor-widget-heading\" data-id=\"iwgw-erlikkhan-cch\" data-element_type=\"widget\" data-e-type=\"widget\" data-widget_type=\"heading.default\">\n\t\t\t\t\t<h2 class=\"elementor-heading-title elementor-size-default\">iWell Guard i tradicije za\u0161tite<\/h2>\t\t\t\t<\/div>\n\t\t\t\t<div class=\"elementor-element elementor-element-iwgw-erlikkhan-cct elementor-widget elementor-widget-text-editor\" data-id=\"iwgw-erlikkhan-cct\" data-element_type=\"widget\" data-e-type=\"widget\" data-widget_type=\"text-editor.default\">\n\t\t\t\t\t\t\t\t\t<div data-nosnippet=\"true\"><p>iWell Guard nastavlja kulturno-povijesnu tradiciju prenosivih za\u0161titnih predmeta, u tradiciji <a href=\"https:\/\/iwell-guard.com\/hr\/sibirski-samanizam-i-tengrizam\/\">Sibira \/ tengrizma<\/a> i mnogih drugih kultura \u0161irom svijeta. 41 razina, pravo zlato, platina, srebro, izra\u0111eno u Njema\u010dkoj. 30-dnevno pravo na povrat.<\/p><\/div>\t\t\t\t\t\t\t\t<\/div>\n\t\t\t\t<div class=\"elementor-element elementor-element-iwgw-erlikkhan-ccb iwg-cc-button iwg-cc-cta-2026-05-13 elementor-widget elementor-widget-jet-button\" data-id=\"iwgw-erlikkhan-ccb\" data-element_type=\"widget\" data-e-type=\"widget\" data-widget_type=\"jet-button.default\">\n\t\t\t\t<div class=\"elementor-widget-container\">\n\t\t\t\t\t<div class=\"elementor-jet-button jet-elements\"><div class=\"jet-button__container\"><a class=\"jet-button__instance jet-button__instance--icon-left hover-effect-1\" href=\"\/ueber-iwell-guard\/?utm_source=iwell-guard.com&amp;utm_medium=info-box&amp;utm_campaign=wesen-tradition\"><div class=\"jet-button__plane jet-button__plane-normal\"><\/div><div class=\"jet-button__plane jet-button__plane-hover\"><\/div><div class=\"jet-button__state jet-button__state-normal\"><span class=\"jet-button__label\">Vi\u0161e o iWell Guardu<\/span><\/div><div class=\"jet-button__state jet-button__state-hover\"><span class=\"jet-button__label\">Vi\u0161e o iWell Guardu<\/span><\/div><\/a><\/div><\/div><style>.elementor-element.elementor-element-iwgw-erlikkhan-ccb .jet-button__instance{width:320px;height:56px;}.elementor-element.elementor-element-iwgw-erlikkhan-ccb .jet-button__state-normal .jet-button__label{text-align:center;margin:0px 0px 0px 0px;color:#1a1b20;font-family:Montserrat,sans-serif;font-size:13px;font-weight:400;letter-spacing:4px;line-height:1.714em;text-transform:uppercase;}.elementor-element.elementor-element-iwgw-erlikkhan-ccb .jet-button__state-hover .jet-button__label{text-align:center;margin:0px 0px 0px 0px;color:#FECC76;font-family:Montserrat,sans-serif;font-size:13px;font-weight:400;letter-spacing:4px;line-height:1.714em;text-transform:uppercase;}.elementor-element.elementor-element-iwgw-erlikkhan-ccb .jet-button__plane-normal{background-color:#FECC76;border-style:solid;border-color:#C99540;border-width:2px 2px 2px 2px;}.elementor-element.elementor-element-iwgw-erlikkhan-ccb .jet-button__plane-hover{background-color:rgba(0,0,0,0.55);border-style:solid;border-color:#FECC76;border-width:2px 2px 2px 2px;}<\/style>\t\t\t\t<\/div>\n\t\t\t\t<\/div>\n\t\t\t\t<div class=\"elementor-element elementor-element-iwgw-erlikkhan-ccd elementor-widget elementor-widget-text-editor\" data-id=\"iwgw-erlikkhan-ccd\" data-element_type=\"widget\" data-e-type=\"widget\" data-widget_type=\"text-editor.default\">\n\t\t\t\t\t\t\t\t\t<div data-nosnippet=\"true\"><p style=\"text-align:center;font-size:13px;opacity:0.7;margin-top:14px\" data-nosnippet=\"true\">Osobna iskustva mogu se razlikovati. Nije medicinski proizvod. Nema obe\u0107anja izlje\u010denja.<\/p><\/div>\t\t\t\t\t\t\t\t<\/div>\n\t\t\t\t\t<\/div>\n\t\t\t\t<\/div>\n\t\t\t\t\t<\/div>\n\t\t\t\t<\/div>\n\t\t<div class=\"elementor-element elementor-element-iwgw-erlikkhan-disc e-flex e-con-boxed e-con e-parent\" data-id=\"iwgw-erlikkhan-disc\" data-element_type=\"container\" data-e-type=\"container\">\n\t\t\t\t\t<div class=\"e-con-inner\">\n\t\t\t\t<div class=\"elementor-element elementor-element-iwgw-erlikkhan-discw elementor-widget elementor-widget-html\" data-id=\"iwgw-erlikkhan-discw\" data-element_type=\"widget\" data-e-type=\"widget\" data-widget_type=\"html.default\">\n\t\t\t\t\t<footer data-nosnippet=\"true\" class=\"iwg-disclaimer-block\"><p data-nosnippet=\"true\">iWell Guard <strong>nije medicinski proizvod<\/strong> i ne zamjenjuje lije\u010dni\u010dko ili psihoterapeutsko lije\u010denje. Religijsko-znanstveni sadr\u017eaji predstavljaju kulturno-povijesnu interpretaciju, a ne preporuku duhovne prakse.<\/p><\/footer>\t\t\t\t<\/div>\n\t\t\t\t\t<\/div>\n\t\t\t\t<\/div>\n\t\t\t\t<\/div>\n\t\t","protected":false},"excerpt":{"rendered":"","protected":false},"author":3,"featured_media":2855,"parent":0,"menu_order":0,"comment_status":"closed","ping_status":"closed","template":"elementor_header_footer","meta":{"_yoast_wpseo_focuskw":"Erlik Khan bog podzemlja Altaj","_yoast_wpseo_title":"Erlik Khan \u2013 altajski bog podzemlja, mit i izvori","_yoast_wpseo_metadesc":"Erlik Khan je u ju\u017enosibirskom tengrizmu gospodar podzemlja i protivnik \u00dclgena. Pregled s mitom i kultom.","_yoast_wpseo_meta-robots-noindex":"","_yoast_wpseo_canonical":"","_angie_page":false,"gefaehrdungsstufe":"4","wesen_kultur":"sibirisch-tengrismus","wesen_klasse":"daemonen","footnotes":""},"categories":[],"class_list":["post-149717","page","type-page","status-publish","has-post-thumbnail","hentry"],"yoast_head":"<!-- This site is optimized with the Yoast SEO Premium plugin v27.7 (Yoast SEO v28.3) - https:\/\/yoast.com\/product\/yoast-seo-premium-wordpress\/ -->\n<title>Erlik Khan \u2013 altajski bog podzemlja, mit i izvori<\/title>\n<meta name=\"description\" content=\"Erlik Khan je u ju\u017enosibirskom tengrizmu gospodar podzemlja i protivnik \u00dclgena. Pregled s mitom i kultom.\" \/>\n<meta name=\"robots\" content=\"index, follow, max-snippet:-1, max-image-preview:large, max-video-preview:-1\" \/>\n<link rel=\"canonical\" href=\"https:\/\/iwell-guard.com\/hr\/erlik-khan-vladar-podzemlja-altajaca\/\" \/>\n<meta property=\"og:locale\" content=\"hr_HR\" \/>\n<meta property=\"og:type\" content=\"article\" \/>\n<meta property=\"og:title\" content=\"Erlik Khan \u2013 vladar podzemlja Altajaca\" \/>\n<meta property=\"og:description\" content=\"Erlik Khan je u ju\u017enosibirskom tengrizmu gospodar podzemlja i protivnik \u00dclgena. Pregled s mitom i kultom.\" \/>\n<meta property=\"og:url\" content=\"https:\/\/iwell-guard.com\/hr\/erlik-khan-vladar-podzemlja-altajaca\/\" \/>\n<meta property=\"og:site_name\" content=\"iWell Guard\" \/>\n<meta property=\"article:modified_time\" content=\"2026-09-04T05:53:19+00:00\" \/>\n<meta property=\"og:image\" content=\"https:\/\/iwell-guard.com\/wp-content\/uploads\/2026\/05\/daemonen_sibirisch-tengrismus_erlik-khan.webp\" \/>\n\t<meta property=\"og:image:width\" content=\"1024\" \/>\n\t<meta property=\"og:image:height\" content=\"1536\" \/>\n\t<meta property=\"og:image:type\" content=\"image\/webp\" \/>\n<meta name=\"twitter:card\" content=\"summary_large_image\" \/>\n<script type=\"application\/ld+json\" class=\"yoast-schema-graph\">{\"@context\":\"https:\\\/\\\/schema.org\",\"@graph\":[{\"@type\":\"WebPage\",\"@id\":\"https:\\\/\\\/iwell-guard.com\\\/hr\\\/erlik-khan-vladar-podzemlja-altajaca\\\/\",\"url\":\"https:\\\/\\\/iwell-guard.com\\\/hr\\\/erlik-khan-vladar-podzemlja-altajaca\\\/\",\"name\":\"Erlik Khan \u2013 altajski bog podzemlja, mit i izvori\",\"isPartOf\":{\"@id\":\"https:\\\/\\\/iwell-guard.com\\\/hr\\\/#website\"},\"primaryImageOfPage\":{\"@id\":\"https:\\\/\\\/iwell-guard.com\\\/hr\\\/erlik-khan-vladar-podzemlja-altajaca\\\/#primaryimage\"},\"image\":{\"@id\":\"https:\\\/\\\/iwell-guard.com\\\/hr\\\/erlik-khan-vladar-podzemlja-altajaca\\\/#primaryimage\"},\"thumbnailUrl\":\"https:\\\/\\\/iwell-guard.com\\\/wp-content\\\/uploads\\\/2026\\\/05\\\/daemonen_sibirisch-tengrismus_erlik-khan.webp\",\"datePublished\":\"2026-09-04T05:12:55+00:00\",\"dateModified\":\"2026-09-04T05:53:19+00:00\",\"description\":\"Erlik Khan je u ju\u017enosibirskom tengrizmu gospodar podzemlja i protivnik \u00dclgena. Pregled s mitom i kultom.\",\"breadcrumb\":{\"@id\":\"https:\\\/\\\/iwell-guard.com\\\/hr\\\/erlik-khan-vladar-podzemlja-altajaca\\\/#breadcrumb\"},\"inLanguage\":\"hr\",\"potentialAction\":[{\"@type\":\"ReadAction\",\"target\":[\"https:\\\/\\\/iwell-guard.com\\\/hr\\\/erlik-khan-vladar-podzemlja-altajaca\\\/\"]}]},{\"@type\":\"ImageObject\",\"inLanguage\":\"hr\",\"@id\":\"https:\\\/\\\/iwell-guard.com\\\/hr\\\/erlik-khan-vladar-podzemlja-altajaca\\\/#primaryimage\",\"url\":\"https:\\\/\\\/iwell-guard.com\\\/wp-content\\\/uploads\\\/2026\\\/05\\\/daemonen_sibirisch-tengrismus_erlik-khan.webp\",\"contentUrl\":\"https:\\\/\\\/iwell-guard.com\\\/wp-content\\\/uploads\\\/2026\\\/05\\\/daemonen_sibirisch-tengrismus_erlik-khan.webp\",\"width\":1024,\"height\":1536,\"caption\":\"Demoni iz sibirsko-tengristi\u010dke tradicije.\"},{\"@type\":\"BreadcrumbList\",\"@id\":\"https:\\\/\\\/iwell-guard.com\\\/hr\\\/erlik-khan-vladar-podzemlja-altajaca\\\/#breadcrumb\",\"itemListElement\":[{\"@type\":\"ListItem\",\"position\":1,\"name\":\"Start\",\"item\":\"https:\\\/\\\/iwell-guard.com\\\/hr\\\/?page_id=149317\"},{\"@type\":\"ListItem\",\"position\":2,\"name\":\"Erlik Khan \u2013 vladar podzemlja Altajaca\"}]},{\"@type\":\"WebSite\",\"@id\":\"https:\\\/\\\/iwell-guard.com\\\/hr\\\/#website\",\"url\":\"https:\\\/\\\/iwell-guard.com\\\/hr\\\/\",\"name\":\"iWell Guard\",\"description\":\"Schutz vor dunklen Einfl\u00fcssen\",\"publisher\":{\"@id\":\"https:\\\/\\\/iwell-guard.com\\\/hr\\\/#organization\"},\"potentialAction\":[{\"@type\":\"SearchAction\",\"target\":{\"@type\":\"EntryPoint\",\"urlTemplate\":\"https:\\\/\\\/iwell-guard.com\\\/hr\\\/?s={search_term_string}\"},\"query-input\":{\"@type\":\"PropertyValueSpecification\",\"valueRequired\":true,\"valueName\":\"search_term_string\"}}],\"inLanguage\":\"hr\"},{\"@type\":\"Organization\",\"@id\":\"https:\\\/\\\/iwell-guard.com\\\/hr\\\/#organization\",\"name\":\"Ittermann electronic GmbH\",\"url\":\"https:\\\/\\\/iwell-guard.com\\\/hr\\\/\",\"logo\":{\"@type\":\"ImageObject\",\"inLanguage\":\"hr\",\"@id\":\"https:\\\/\\\/iwell-guard.com\\\/hr\\\/#\\\/schema\\\/logo\\\/image\\\/\",\"url\":\"https:\\\/\\\/iwell-guard.com\\\/wp-content\\\/uploads\\\/2026\\\/05\\\/Ittermann-Logo-1182x237-1.png\",\"contentUrl\":\"https:\\\/\\\/iwell-guard.com\\\/wp-content\\\/uploads\\\/2026\\\/05\\\/Ittermann-Logo-1182x237-1.png\",\"width\":1182,\"height\":237,\"caption\":\"Ittermann electronic GmbH\"},\"image\":{\"@id\":\"https:\\\/\\\/iwell-guard.com\\\/hr\\\/#\\\/schema\\\/logo\\\/image\\\/\"},\"sameAs\":[\"https:\\\/\\\/pantip.com\\\/profile\\\/9367242\",\"https:\\\/\\\/micro.blog\\\/iwellguard\",\"https:\\\/\\\/www.diggerslist.com\\\/iwellguard\\\/about\",\"https:\\\/\\\/skitterphoto.com\\\/photographers\\\/2870314\\\/iwell-guard\",\"https:\\\/\\\/iwellguard.wordpress.com\\\/2026\\\/06\\\/06\\\/iwell-guard\\\/\",\"https:\\\/\\\/hub.docker.com\\\/u\\\/iwellguard\",\"https:\\\/\\\/www.pinterest.com\\\/iwellguard\\\/\",\"https:\\\/\\\/bit.ly\\\/m\\\/iwellguard\",\"https:\\\/\\\/entre-vos-mains.alsace.eu\\\/profiles\\\/iwellguard\\\/activity\",\"https:\\\/\\\/gravatar.com\\\/reallybeded8fd34\",\"https:\\\/\\\/naijamatta.com\\\/iwellguard\",\"https:\\\/\\\/www.goodreads.com\\\/iwellguard\",\"https:\\\/\\\/profile.hatena.ne.jp\\\/iwellguard\\\/\",\"https:\\\/\\\/experiment.com\\\/users\\\/iwellguard\",\"https:\\\/\\\/wakelet.com\\\/@iWellGuard82270\",\"https:\\\/\\\/www.chordie.com\\\/forum\\\/profile.php?id=2555664\",\"https:\\\/\\\/www.instapaper.com\\\/p\\\/17757966\",\"https:\\\/\\\/www.mapleprimes.com\\\/users\\\/iwellguard\",\"https:\\\/\\\/businesslistingplus.com\\\/profile\\\/iwell-guard\\\/\",\"https:\\\/\\\/telegra.ph\\\/iWell-Guard-06-06\",\"https:\\\/\\\/pbase.com\\\/iwellguard\\\/iwellguard\",\"https:\\\/\\\/b.hatena.ne.jp\\\/iwellguard\\\/20260607#bookmark-4788405196491818882\",\"https:\\\/\\\/fliphtml5.com\\\/home\\\/iwellguard\",\"https:\\\/\\\/anyflip.com\\\/homepage\\\/cmiwl#About\",\"https:\\\/\\\/transfur.com\\\/Users\\\/iwellguard\",\"http:\\\/\\\/delphi.larsbo.org\\\/user\\\/iwellguard\",\"https:\\\/\\\/jobs.lajobsportal.org\\\/profiles\\\/8380803-iwell-guard\",\"https:\\\/\\\/md.chaosdorf.de\\\/s\\\/jfbe5SBdJD\",\"https:\\\/\\\/www.lingvolive.com\\\/en-us\\\/profile\\\/9ecaeaca-ce11-4e51-9e71-01d55e2bff36\\\/translations\",\"https:\\\/\\\/www.fitday.com\\\/fitness\\\/forums\\\/members\\\/iwellguard.html\",\"https:\\\/\\\/www.mymeetbook.com\\\/iwellguard\",\"https:\\\/\\\/pxhere.com\\\/en\\\/photographer-me\\\/5040798\",\"https:\\\/\\\/disqus.com\\\/by\\\/iwellguard\\\/about\\\/\",\"https:\\\/\\\/pastelink.net\\\/hjwciqwq\",\"https:\\\/\\\/pubhtml5.com\\\/homepage\\\/scjhn\\\/\",\"https:\\\/\\\/www.bitchute.com\\\/channel\\\/2O2eOKzNqujT\",\"https:\\\/\\\/audiomack.com\\\/iwellguard\"]},{\"@type\":\"Article\",\"@id\":\"https:\\\/\\\/iwell-guard.com\\\/hr\\\/erlik-khan-vladar-podzemlja-altajaca\\\/#article\",\"isPartOf\":{\"@id\":\"https:\\\/\\\/iwell-guard.com\\\/hr\\\/erlik-khan-vladar-podzemlja-altajaca\\\/\"},\"author\":{\"name\":\"Ralf Ittermann\",\"@id\":\"https:\\\/\\\/iwell-guard.com\\\/hr\\\/#\\\/schema\\\/person\\\/ee2a27f1cac3406c7c6fb5820cb7349f\"},\"headline\":\"Erlik Khan \u2013 vladar podzemlja Altajaca\",\"datePublished\":\"2026-09-04T05:12:55+00:00\",\"dateModified\":\"2026-09-04T05:53:19+00:00\",\"mainEntityOfPage\":{\"@id\":\"https:\\\/\\\/iwell-guard.com\\\/hr\\\/erlik-khan-vladar-podzemlja-altajaca\\\/\"},\"publisher\":{\"@id\":\"https:\\\/\\\/iwell-guard.com\\\/hr\\\/#organization\"},\"image\":{\"@id\":\"https:\\\/\\\/iwell-guard.com\\\/hr\\\/erlik-khan-vladar-podzemlja-altajaca\\\/#primaryimage\"},\"thumbnailUrl\":\"https:\\\/\\\/iwell-guard.com\\\/wp-content\\\/uploads\\\/2026\\\/05\\\/daemonen_sibirisch-tengrismus_erlik-khan.webp\",\"inLanguage\":\"hr\",\"description\":\"Erlik Khan je u ju\u017enosibirskom tengrizmu gospodar podzemlja i protivnik \u00dclgena. Pregled s mitom i kultom.\"}]}<\/script>\n<!-- \/ Yoast SEO Premium plugin. -->","yoast_head_json":{"title":"Erlik Khan \u2013 altajski bog podzemlja, mit i izvori","description":"Erlik Khan je u ju\u017enosibirskom tengrizmu gospodar podzemlja i protivnik \u00dclgena. Pregled s mitom i kultom.","robots":{"index":"index","follow":"follow","max-snippet":"max-snippet:-1","max-image-preview":"max-image-preview:large","max-video-preview":"max-video-preview:-1"},"canonical":"https:\/\/iwell-guard.com\/hr\/erlik-khan-vladar-podzemlja-altajaca\/","og_locale":"hr_HR","og_type":"article","og_title":"Erlik Khan \u2013 vladar podzemlja Altajaca","og_description":"Erlik Khan je u ju\u017enosibirskom tengrizmu gospodar podzemlja i protivnik \u00dclgena. Pregled s mitom i kultom.","og_url":"https:\/\/iwell-guard.com\/hr\/erlik-khan-vladar-podzemlja-altajaca\/","og_site_name":"iWell Guard","article_modified_time":"2026-09-04T05:53:19+00:00","og_image":[{"width":1024,"height":1536,"url":"https:\/\/iwell-guard.com\/wp-content\/uploads\/2026\/05\/daemonen_sibirisch-tengrismus_erlik-khan.webp","type":"image\/webp"}],"twitter_card":"summary_large_image","schema":{"@context":"https:\/\/schema.org","@graph":[{"@type":"Article","@id":"https:\/\/iwell-guard.com\/hr\/erlik-khan-vladar-podzemlja-altajaca\/#article","isPartOf":{"@id":"https:\/\/iwell-guard.com\/hr\/erlik-khan-vladar-podzemlja-altajaca\/"},"author":{"name":"Ralf Ittermann","@id":"https:\/\/iwell-guard.com\/hr\/#\/schema\/person\/ee2a27f1cac3406c7c6fb5820cb7349f"},"headline":"Erlik Khan \u2013 vladar podzemlja Altajaca","datePublished":"2026-09-04T05:12:55+00:00","dateModified":"2026-09-04T05:53:19+00:00","mainEntityOfPage":{"@id":"https:\/\/iwell-guard.com\/hr\/erlik-khan-vladar-podzemlja-altajaca\/"},"publisher":{"@id":"https:\/\/iwell-guard.com\/hr\/#organization"},"image":{"@id":"https:\/\/iwell-guard.com\/hr\/erlik-khan-vladar-podzemlja-altajaca\/#primaryimage"},"thumbnailUrl":"https:\/\/iwell-guard.com\/wp-content\/uploads\/2026\/05\/daemonen_sibirisch-tengrismus_erlik-khan.webp","inLanguage":"hr","description":"Erlik Khan je u ju\u017enosibirskom tengrizmu gospodar podzemlja i protivnik \u00dclgena. Pregled s mitom i kultom."},{"@type":"WebPage","@id":"https:\/\/iwell-guard.com\/hr\/erlik-khan-vladar-podzemlja-altajaca\/","url":"https:\/\/iwell-guard.com\/hr\/erlik-khan-vladar-podzemlja-altajaca\/","name":"Erlik Khan \u2013 altajski bog podzemlja, mit i izvori","isPartOf":{"@id":"https:\/\/iwell-guard.com\/hr\/#website"},"primaryImageOfPage":{"@id":"https:\/\/iwell-guard.com\/hr\/erlik-khan-vladar-podzemlja-altajaca\/#primaryimage"},"image":{"@id":"https:\/\/iwell-guard.com\/hr\/erlik-khan-vladar-podzemlja-altajaca\/#primaryimage"},"thumbnailUrl":"https:\/\/iwell-guard.com\/wp-content\/uploads\/2026\/05\/daemonen_sibirisch-tengrismus_erlik-khan.webp","datePublished":"2026-09-04T05:12:55+00:00","dateModified":"2026-09-04T05:53:19+00:00","description":"Erlik Khan je u ju\u017enosibirskom tengrizmu gospodar podzemlja i protivnik \u00dclgena. Pregled s mitom i kultom.","breadcrumb":{"@id":"https:\/\/iwell-guard.com\/hr\/erlik-khan-vladar-podzemlja-altajaca\/#breadcrumb"},"inLanguage":"hr","potentialAction":[{"@type":"ReadAction","target":["https:\/\/iwell-guard.com\/hr\/erlik-khan-vladar-podzemlja-altajaca\/"]}]},{"@type":"ImageObject","inLanguage":"hr","@id":"https:\/\/iwell-guard.com\/hr\/erlik-khan-vladar-podzemlja-altajaca\/#primaryimage","url":"https:\/\/iwell-guard.com\/wp-content\/uploads\/2026\/05\/daemonen_sibirisch-tengrismus_erlik-khan.webp","contentUrl":"https:\/\/iwell-guard.com\/wp-content\/uploads\/2026\/05\/daemonen_sibirisch-tengrismus_erlik-khan.webp","width":1024,"height":1536,"caption":"Demoni iz sibirsko-tengristi\u010dke tradicije."},{"@type":"BreadcrumbList","@id":"https:\/\/iwell-guard.com\/hr\/erlik-khan-vladar-podzemlja-altajaca\/#breadcrumb","itemListElement":[{"@type":"ListItem","position":1,"name":"Start","item":"https:\/\/iwell-guard.com\/hr\/?page_id=149317"},{"@type":"ListItem","position":2,"name":"Erlik Khan \u2013 vladar podzemlja Altajaca"}]},{"@type":"WebSite","@id":"https:\/\/iwell-guard.com\/hr\/#website","url":"https:\/\/iwell-guard.com\/hr\/","name":"iWell Guard","description":"Schutz vor dunklen Einfl\u00fcssen","publisher":{"@id":"https:\/\/iwell-guard.com\/hr\/#organization"},"potentialAction":[{"@type":"SearchAction","target":{"@type":"EntryPoint","urlTemplate":"https:\/\/iwell-guard.com\/hr\/?s={search_term_string}"},"query-input":{"@type":"PropertyValueSpecification","valueRequired":true,"valueName":"search_term_string"}}],"inLanguage":"hr"},{"@type":"Organization","@id":"https:\/\/iwell-guard.com\/hr\/#organization","name":"Ittermann electronic GmbH","url":"https:\/\/iwell-guard.com\/hr\/","logo":{"@type":"ImageObject","inLanguage":"hr","@id":"https:\/\/iwell-guard.com\/hr\/#\/schema\/logo\/image\/","url":"https:\/\/iwell-guard.com\/wp-content\/uploads\/2026\/05\/Ittermann-Logo-1182x237-1.png","contentUrl":"https:\/\/iwell-guard.com\/wp-content\/uploads\/2026\/05\/Ittermann-Logo-1182x237-1.png","width":1182,"height":237,"caption":"Ittermann electronic GmbH"},"image":{"@id":"https:\/\/iwell-guard.com\/hr\/#\/schema\/logo\/image\/"},"sameAs":["https:\/\/pantip.com\/profile\/9367242","https:\/\/micro.blog\/iwellguard","https:\/\/www.diggerslist.com\/iwellguard\/about","https:\/\/skitterphoto.com\/photographers\/2870314\/iwell-guard","https:\/\/iwellguard.wordpress.com\/2026\/06\/06\/iwell-guard\/","https:\/\/hub.docker.com\/u\/iwellguard","https:\/\/www.pinterest.com\/iwellguard\/","https:\/\/bit.ly\/m\/iwellguard","https:\/\/entre-vos-mains.alsace.eu\/profiles\/iwellguard\/activity","https:\/\/gravatar.com\/reallybeded8fd34","https:\/\/naijamatta.com\/iwellguard","https:\/\/www.goodreads.com\/iwellguard","https:\/\/profile.hatena.ne.jp\/iwellguard\/","https:\/\/experiment.com\/users\/iwellguard","https:\/\/wakelet.com\/@iWellGuard82270","https:\/\/www.chordie.com\/forum\/profile.php?id=2555664","https:\/\/www.instapaper.com\/p\/17757966","https:\/\/www.mapleprimes.com\/users\/iwellguard","https:\/\/businesslistingplus.com\/profile\/iwell-guard\/","https:\/\/telegra.ph\/iWell-Guard-06-06","https:\/\/pbase.com\/iwellguard\/iwellguard","https:\/\/b.hatena.ne.jp\/iwellguard\/20260607#bookmark-4788405196491818882","https:\/\/fliphtml5.com\/home\/iwellguard","https:\/\/anyflip.com\/homepage\/cmiwl#About","https:\/\/transfur.com\/Users\/iwellguard","http:\/\/delphi.larsbo.org\/user\/iwellguard","https:\/\/jobs.lajobsportal.org\/profiles\/8380803-iwell-guard","https:\/\/md.chaosdorf.de\/s\/jfbe5SBdJD","https:\/\/www.lingvolive.com\/en-us\/profile\/9ecaeaca-ce11-4e51-9e71-01d55e2bff36\/translations","https:\/\/www.fitday.com\/fitness\/forums\/members\/iwellguard.html","https:\/\/www.mymeetbook.com\/iwellguard","https:\/\/pxhere.com\/en\/photographer-me\/5040798","https:\/\/disqus.com\/by\/iwellguard\/about\/","https:\/\/pastelink.net\/hjwciqwq","https:\/\/pubhtml5.com\/homepage\/scjhn\/","https:\/\/www.bitchute.com\/channel\/2O2eOKzNqujT","https:\/\/audiomack.com\/iwellguard"]},{"@type":"Person","@id":"https:\/\/iwell-guard.com\/hr\/#\/schema\/person\/ee2a27f1cac3406c7c6fb5820cb7349f","name":"Ralf Ittermann","image":{"@type":"ImageObject","inLanguage":"hr","@id":"https:\/\/secure.gravatar.com\/avatar\/073c0153e350a5005b68eb752b445fea71f6b24a26da9449ad7e155e6b446c9d?s=96&d=mm&r=g","url":"https:\/\/secure.gravatar.com\/avatar\/073c0153e350a5005b68eb752b445fea71f6b24a26da9449ad7e155e6b446c9d?s=96&d=mm&r=g","contentUrl":"https:\/\/secure.gravatar.com\/avatar\/073c0153e350a5005b68eb752b445fea71f6b24a26da9449ad7e155e6b446c9d?s=96&d=mm&r=g","caption":"Ralf Ittermann"},"givenName":"Ralf","familyName":"Ittermann","jobTitle":"Gesch\u00e4ftsf\u00fchrer und redaktioneller Verantwortlicher","url":"https:\/\/iwell-guard.com\/hr\/author\/claude\/","description":"Ralf Ittermann ist Gesch\u00e4ftsf\u00fchrer der Ittermann electronic GmbH und redaktioneller Verantwortlicher des iWell-Guard-Lexikons. Er verbindet langj\u00e4hrige Erfahrung in der Pr\u00e4zisionsfertigung mit medialer Praxis und religionsgeschichtlicher Quellenarbeit.","worksFor":{"@type":"Organization","name":"Ittermann electronic GmbH","url":"https:\/\/ittermann.de\/","address":{"@type":"PostalAddress","streetAddress":"K\u00f6hlergasse 16-18","postalCode":"99842","addressLocality":"Ruhla","addressCountry":"DE"}},"knowsAbout":["Religionsgeschichte","Mythologie","Mediale Praxis","Energetische Diagnostik","Schutzpraxis","Volksglauben","Westliche Esoterik"]},{"@type":"Article","@id":"https:\/\/iwell-guard.com\/hr\/erlik-khan-vladar-podzemlja-altajaca\/#article","isPartOf":{"@id":"https:\/\/iwell-guard.com\/hr\/erlik-khan-vladar-podzemlja-altajaca\/"},"author":{"name":"Ralf Ittermann","@id":"https:\/\/iwell-guard.com\/hr\/#\/schema\/person\/ee2a27f1cac3406c7c6fb5820cb7349f"},"headline":"Erlik Khan \u2013 vladar podzemlja Altajaca","datePublished":"2026-09-04T05:12:55+00:00","dateModified":"2026-09-04T05:53:19+00:00","mainEntityOfPage":{"@id":"https:\/\/iwell-guard.com\/hr\/erlik-khan-vladar-podzemlja-altajaca\/"},"publisher":{"@id":"https:\/\/iwell-guard.com\/hr\/#organization"},"image":{"@id":"https:\/\/iwell-guard.com\/hr\/erlik-khan-vladar-podzemlja-altajaca\/#primaryimage"},"thumbnailUrl":"https:\/\/iwell-guard.com\/wp-content\/uploads\/2026\/05\/daemonen_sibirisch-tengrismus_erlik-khan.webp","inLanguage":"hr","description":"Erlik Khan je u ju\u017enosibirskom tengrizmu gospodar podzemlja i protivnik \u00dclgena. Pregled s mitom i kultom."}]}},"_links":{"self":[{"href":"https:\/\/iwell-guard.com\/hr\/wp-json\/wp\/v2\/pages\/149717","targetHints":{"allow":["GET"]}}],"collection":[{"href":"https:\/\/iwell-guard.com\/hr\/wp-json\/wp\/v2\/pages"}],"about":[{"href":"https:\/\/iwell-guard.com\/hr\/wp-json\/wp\/v2\/types\/page"}],"author":[{"embeddable":true,"href":"https:\/\/iwell-guard.com\/hr\/wp-json\/wp\/v2\/users\/3"}],"replies":[{"embeddable":true,"href":"https:\/\/iwell-guard.com\/hr\/wp-json\/wp\/v2\/comments?post=149717"}],"version-history":[{"count":0,"href":"https:\/\/iwell-guard.com\/hr\/wp-json\/wp\/v2\/pages\/149717\/revisions"}],"wp:featuredmedia":[{"embeddable":true,"href":"https:\/\/iwell-guard.com\/hr\/wp-json\/wp\/v2\/media\/2855"}],"wp:attachment":[{"href":"https:\/\/iwell-guard.com\/hr\/wp-json\/wp\/v2\/media?parent=149717"}],"wp:term":[{"taxonomy":"category","embeddable":true,"href":"https:\/\/iwell-guard.com\/hr\/wp-json\/wp\/v2\/categories?post=149717"}],"curies":[{"name":"wp","href":"https:\/\/api.w.org\/{rel}","templated":true}]}}