{"id":149714,"date":"2026-09-04T05:12:53","date_gmt":"2026-09-04T05:12:53","guid":{"rendered":"https:\/\/iwell-guard.com\/?page_id=149714"},"modified":"2026-09-04T05:30:23","modified_gmt":"2026-09-04T05:30:23","slug":"reshef-fenicanski-bog-kuge-i-rata","status":"publish","type":"page","link":"https:\/\/iwell-guard.com\/hr\/reshef-fenicanski-bog-kuge-i-rata\/","title":{"rendered":"Reshef \u2013 Feni\u010danski bog kuge i rata"},"content":{"rendered":"\t\t<div data-elementor-type=\"wp-page\" data-elementor-id=\"149714\" class=\"elementor elementor-149714 elementor-2633 elementor-bc-flex-widget\" data-elementor-post-type=\"page\">\n\t\t\t\t<div class=\"elementor-element elementor-element-iwgw-reshef-hero e-flex e-con-boxed e-con e-parent\" data-id=\"iwgw-reshef-hero\" data-element_type=\"container\" data-e-type=\"container\" data-settings=\"{&quot;background_background&quot;:&quot;classic&quot;}\">\n\t\t\t\t\t<div class=\"e-con-inner\">\n\t\t<div class=\"elementor-element elementor-element-iwgw-reshef-hl e-flex e-con-boxed e-con e-child\" data-id=\"iwgw-reshef-hl\" data-element_type=\"container\" data-e-type=\"container\">\n\t\t\t\t\t<div class=\"e-con-inner\">\n\t\t<div class=\"elementor-element elementor-element-iwgw-reshef-htxt e-con-full e-flex e-con e-child\" data-id=\"iwgw-reshef-htxt\" data-element_type=\"container\" data-e-type=\"container\">\n\t\t\t\t<div class=\"elementor-element elementor-element-iwgw-reshef-h1 elementor-widget elementor-widget-heading\" data-id=\"iwgw-reshef-h1\" data-element_type=\"widget\" data-e-type=\"widget\" data-widget_type=\"heading.default\">\n\t\t\t\t\t<h1 class=\"elementor-heading-title elementor-size-default\">Reshef, feni\u010dansko-kanaanski bog kuge i rata<\/h1>\t\t\t\t<\/div>\n\t\t\t\t<div class=\"elementor-element elementor-element-iwgw-reshef-lead elementor-widget elementor-widget-text-editor\" data-id=\"iwgw-reshef-lead\" data-element_type=\"widget\" data-e-type=\"widget\" data-widget_type=\"text-editor.default\">\n\t\t\t\t\t\t\t\t\t<p>Reshef (feni\u010danski <em>r\u0161p<\/em>, ugaritski <em>r\u0161p<\/em>) je feni\u010dansko-kanaanski bog kuge, rata i luka. Po\u0161tovan je na Bliskom istoku i u faraonskom Egiptu kao ambivalentna sila: donositelj bolesti i smrti, a istovremeno i za\u0161titnik od tih zla.<\/p>\t\t\t\t\t\t\t\t<\/div>\n\t\t\t\t<\/div>\n\t\t<div class=\"elementor-element elementor-element-iwgw-reshef-pillc e-con-full e-flex e-con e-child\" data-id=\"iwgw-reshef-pillc\" data-element_type=\"container\" data-e-type=\"container\">\n\t\t\t\t<div class=\"elementor-element elementor-element-iwgw-reshef-pills elementor-widget elementor-widget-html\" data-id=\"iwgw-reshef-pills\" data-element_type=\"widget\" data-e-type=\"widget\" data-widget_type=\"html.default\">\n\t\t\t\t\t<div class=\"iwg-pill-row\"><span class=\"iwg-klasse-badge\" tabindex=\"0\" data-tooltip=\"Bog tradicije Feni\u010danske.\">Bog<\/span><a href=\"https:\/\/iwell-guard.com\/hr\/?page_id=149650\" class=\"iwg-kultur-badge\" tabindex=\"0\" data-tooltip=\"Mitologija feni\u010danske tradicije.\">Feni\u010danski<\/a><span class=\"iwg-tradition-badge\" tabindex=\"0\" data-tooltip=\"Bog kuge i rata.\">Bog kuge i rata<\/span><\/div>\t\t\t\t<\/div>\n\t\t\t\t<\/div>\n\t\t<div class=\"elementor-element elementor-element-iwgw-reshef-tocc e-con-full e-flex e-con e-child\" data-id=\"iwgw-reshef-tocc\" data-element_type=\"container\" data-e-type=\"container\">\n\t\t\t\t<div class=\"elementor-element elementor-element-iwgw-reshef-toc elementor-toc--minimized-on-tablet elementor-widget elementor-widget-table-of-contents\" data-id=\"iwgw-reshef-toc\" data-element_type=\"widget\" data-e-type=\"widget\" data-settings=\"{&quot;headings_by_tags&quot;:[&quot;h2&quot;,&quot;h3&quot;],&quot;minimize_box&quot;:&quot;yes&quot;,&quot;marker_view&quot;:&quot;bullets&quot;,&quot;no_headings_message&quot;:&quot;Na ovoj stranici nisu prona\\u0111eni naslovi.&quot;,&quot;exclude_headings_by_selector&quot;:[],&quot;icon&quot;:{&quot;value&quot;:&quot;fas fa-circle&quot;,&quot;library&quot;:&quot;fa-solid&quot;,&quot;rendered_tag&quot;:&quot;&lt;svg class=\\&quot;e-font-icon-svg e-fas-circle\\&quot; viewBox=\\&quot;0 0 512 512\\&quot; xmlns=\\&quot;http:\\\/\\\/www.w3.org\\\/2000\\\/svg\\&quot;&gt;&lt;path d=\\&quot;M256 8C119 8 8 119 8 256s111 248 248 248 248-111 248-248S393 8 256 8z\\&quot;&gt;&lt;\\\/path&gt;&lt;\\\/svg&gt;&quot;},&quot;minimized_on&quot;:&quot;tablet&quot;,&quot;hierarchical_view&quot;:&quot;yes&quot;,&quot;min_height&quot;:{&quot;unit&quot;:&quot;px&quot;,&quot;size&quot;:&quot;&quot;,&quot;sizes&quot;:[]},&quot;min_height_tablet&quot;:{&quot;unit&quot;:&quot;px&quot;,&quot;size&quot;:&quot;&quot;,&quot;sizes&quot;:[]},&quot;min_height_mobile&quot;:{&quot;unit&quot;:&quot;px&quot;,&quot;size&quot;:&quot;&quot;,&quot;sizes&quot;:[]}}\" data-widget_type=\"table-of-contents.default\">\n\t\t\t\t\t\t\t\t\t<div class=\"elementor-toc__header\">\n\t\t\t\t\t\t<h2 class=\"elementor-toc__header-title\">\n\t\t\t\tSadr\u017eaj\t\t\t<\/h2>\n\t\t\t\t\t\t\t\t\t\t<div class=\"elementor-toc__toggle-button elementor-toc__toggle-button--expand\" role=\"button\" tabindex=\"0\" aria-controls=\"elementor-toc__iwgw-reshef-toc\" aria-expanded=\"true\" aria-label=\"Open table of contents\"><svg aria-hidden=\"true\" class=\"e-font-icon-svg e-fas-chevron-down\" viewBox=\"0 0 448 512\" xmlns=\"http:\/\/www.w3.org\/2000\/svg\"><path d=\"M207.029 381.476L12.686 187.132c-9.373-9.373-9.373-24.569 0-33.941l22.667-22.667c9.357-9.357 24.522-9.375 33.901-.04L224 284.505l154.745-154.021c9.379-9.335 24.544-9.317 33.901.04l22.667 22.667c9.373 9.373 9.373 24.569 0 33.941L240.971 381.476c-9.373 9.372-24.569 9.372-33.942 0z\"><\/path><\/svg><\/div>\n\t\t\t\t<div class=\"elementor-toc__toggle-button elementor-toc__toggle-button--collapse\" role=\"button\" tabindex=\"0\" aria-controls=\"elementor-toc__iwgw-reshef-toc\" aria-expanded=\"true\" aria-label=\"Close table of contents\"><svg aria-hidden=\"true\" class=\"e-font-icon-svg e-fas-chevron-up\" viewBox=\"0 0 448 512\" xmlns=\"http:\/\/www.w3.org\/2000\/svg\"><path d=\"M240.971 130.524l194.343 194.343c9.373 9.373 9.373 24.569 0 33.941l-22.667 22.667c-9.357 9.357-24.522 9.375-33.901.04L224 227.495 69.255 381.516c-9.379 9.335-24.544 9.317-33.901-.04l-22.667-22.667c-9.373-9.373-9.373-24.569 0-33.941L207.03 130.525c9.372-9.373 24.568-9.373 33.941-.001z\"><\/path><\/svg><\/div>\n\t\t\t\t\t<\/div>\n\t\t\t\t<div id=\"elementor-toc__iwgw-reshef-toc\" class=\"elementor-toc__body\">\n\t\t\t<div class=\"elementor-toc__spinner-container\">\n\t\t\t\t<svg class=\"elementor-toc__spinner eicon-animation-spin e-font-icon-svg e-eicon-loading\" aria-hidden=\"true\" viewBox=\"0 0 1000 1000\" xmlns=\"http:\/\/www.w3.org\/2000\/svg\"><path d=\"M500 975V858C696 858 858 696 858 500S696 142 500 142 142 304 142 500H25C25 237 238 25 500 25S975 237 975 500 763 975 500 975Z\"><\/path><\/svg>\t\t\t<\/div>\n\t\t<\/div>\n\t\t\t\t\t\t<\/div>\n\t\t\t\t<\/div>\n\t\t\t\t\t<\/div>\n\t\t\t\t<\/div>\n\t\t<div class=\"elementor-element elementor-element-iwgw-reshef-hr e-con-full e-flex e-con e-child\" data-id=\"iwgw-reshef-hr\" data-element_type=\"container\" data-e-type=\"container\">\n\t\t\t\t<div class=\"elementor-element elementor-element-iwgw-reshef-heroimg iwg-hero-image elementor-widget elementor-widget-image\" data-id=\"iwgw-reshef-heroimg\" data-element_type=\"widget\" data-e-type=\"widget\" data-widget_type=\"image.default\">\n\t\t\t\t\t\t\t\t\t\t\t\t\t\t\t<img fetchpriority=\"high\" decoding=\"async\" width=\"683\" height=\"1024\" src=\"https:\/\/iwell-guard.com\/wp-content\/uploads\/2026\/05\/goetter_phoenizisch_reshef-683x1024.webp\" class=\"attachment-large size-large wp-image-151541\" alt=\"Re\u0161ef \u2013 bog iz feni\u010danske tradicije, povijesno-ilustrativno\" srcset=\"https:\/\/iwell-guard.com\/wp-content\/uploads\/2026\/05\/goetter_phoenizisch_reshef-683x1024.webp 683w, https:\/\/iwell-guard.com\/wp-content\/uploads\/2026\/05\/goetter_phoenizisch_reshef-200x300.webp 200w, https:\/\/iwell-guard.com\/wp-content\/uploads\/2026\/05\/goetter_phoenizisch_reshef-768x1152.webp 768w, https:\/\/iwell-guard.com\/wp-content\/uploads\/2026\/05\/goetter_phoenizisch_reshef.webp 1024w\" sizes=\"(max-width: 683px) 100vw, 683px\" \/>\t\t\t\t\t\t\t\t\t\t\t\t\t\t\t<\/div>\n\t\t\t\t<\/div>\n\t\t\t\t\t<\/div>\n\t\t\t\t<\/div>\n\t\t\t\t<section class=\"elementor-section elementor-top-section elementor-element elementor-element-sec-iwgcomp2-reshef elementor-section-boxed elementor-section-height-default elementor-section-height-default\" data-id=\"sec-iwgcomp2-reshef\" data-element_type=\"section\" data-e-type=\"section\">\n\t\t\t\t\t\t<div class=\"elementor-container elementor-column-gap-default\">\n\t\t\t\t\t<div class=\"elementor-column elementor-col-100 elementor-top-column elementor-element elementor-element-col-iwgcomp2-reshef\" data-id=\"col-iwgcomp2-reshef\" data-element_type=\"column\" data-e-type=\"column\">\n\t\t\t<div class=\"elementor-widget-wrap elementor-element-populated\">\n\t\t\t\t\t\t<div class=\"elementor-element elementor-element-iwgcomp2-reshef elementor-widget elementor-widget-text-editor\" data-id=\"iwgcomp2-reshef\" data-element_type=\"widget\" data-e-type=\"widget\" data-widget_type=\"text-editor.default\">\n\t\t\t\t\t\t\t\t\t<p>Reshef se javlja kao <strong>feni\u010dansko-kanaanski<\/strong> bog kuge i rata u tekstovima Ugarita i Levanta.<\/p>\t\t\t\t\t\t\t\t<\/div>\n\t\t\t\t\t<\/div>\n\t\t<\/div>\n\t\t\t\t\t<\/div>\n\t\t<\/section>\n\t\t<div class=\"elementor-element elementor-element-iwgw-reshef-s0 e-flex e-con-boxed e-con e-parent\" data-id=\"iwgw-reshef-s0\" data-element_type=\"container\" data-e-type=\"container\">\n\t\t\t\t\t<div class=\"e-con-inner\">\n\t\t\t\t<div class=\"elementor-element elementor-element-iwgw-reshef-s0h elementor-widget elementor-widget-heading\" data-id=\"iwgw-reshef-s0h\" data-element_type=\"widget\" data-e-type=\"widget\" data-widget_type=\"heading.default\">\n\t\t\t\t\t<h2 class=\"elementor-heading-title elementor-size-default\">Uvod i kratki profil<\/h2>\t\t\t\t<\/div>\n\t\t<div class=\"elementor-element elementor-element-iwgw-reshef-s0c e-con-full e-flex e-con e-child\" data-id=\"iwgw-reshef-s0c\" data-element_type=\"container\" data-e-type=\"container\">\n\t\t\t\t<div class=\"elementor-element elementor-element-iwgw-reshef-s0t elementor-widget elementor-widget-text-editor\" data-id=\"iwgw-reshef-s0t\" data-element_type=\"widget\" data-e-type=\"widget\" data-widget_type=\"text-editor.default\">\n\t\t\t\t\t\t\t\t\t<p>Reshef pripada najstarijim bogovima zapadnosemitske tradicije; potvr\u0111en je od starosirijskog razdoblja (kraj 3. tisu\u0107lje\u0107a pr. Kr.) u Ebli, a djelatan ostaje sve do helenisti\u010dko-rimskog razdoblja.<\/p><p>Sabatino Moscati je u djelu <em>Die Ph\u00f6niker<\/em> (1966) pokazao da Reshef ima va\u017enu ulogu u gotovo svakom feni\u010danskom gradu-dr\u017eavi; njegov profil boga kuge i rata \u010dini ga ambivalentnim, strahovanim, ali istovremeno prizivanim za pomo\u0107.<\/p><p>Paolo Xella je u djelu <em>I testi rituali di Ugarit<\/em> (1981), a Maciej M\u00fcnnich u djelu <em>The God Resheph<\/em> (2013) sveobuhvatno istra\u017eili tekstove o Reshefu. M\u00fcnnichova monografija najdetaljnija je moderna studija o ovom bogu i standardna je referenca. Unutar <a href=\"https:\/\/iwell-guard.com\/hr\/?page_id=149650\">feni\u010danske tradicije<\/a> Reshef je prototipski ambivalentni bog bolesti i nasilne smrti.<\/p><p>U povijesti religije Reshef pripada me\u0111unarodnoj obitelji bogova &#8216;strijele kuge&#8217;, koji se javljaju u gotovo svim starim mezopotamskim mitologijama: Erra\/Nergal u Mezopotamiji, aspekti boga kuge gr\u010dkog Apolona, hetitski Yarri i nekoliko drugih. Ovi bogovi \u0161alju strijele koje donose bolest i smrt, ali se mogu i prizivati za za\u0161titu od tih zla. Ta ambivalentnost je klju\u010dno obilje\u017eje Reshefova profila.<\/p><p>Zanimljiva osobitost Reshefa je povezanost s konjem: u ugaritskim tekstovima povremeno se naziva &#8216;Reshef konja&#8217;, \u0161to mo\u017eda upu\u0107uje na funkciju za\u0161titnika bornih kola. Ta \u0161irina funkcija, kuga, rat, konj, luk, \u010dini Reshefa slo\u017eenim bogom s vi\u0161estrukim aspektima.<\/p>\t\t\t\t\t\t\t\t<\/div>\n\t\t\t\t<\/div>\n\t\t\t\t\t<\/div>\n\t\t\t\t<\/div>\n\t\t<div class=\"elementor-element elementor-element-iwgw-reshef-s1 e-flex e-con-boxed e-con e-parent\" data-id=\"iwgw-reshef-s1\" data-element_type=\"container\" data-e-type=\"container\">\n\t\t\t\t\t<div class=\"e-con-inner\">\n\t\t\t\t<div class=\"elementor-element elementor-element-iwgw-reshef-s1h elementor-widget elementor-widget-heading\" data-id=\"iwgw-reshef-s1h\" data-element_type=\"widget\" data-e-type=\"widget\" data-widget_type=\"heading.default\">\n\t\t\t\t\t<h2 class=\"elementor-heading-title elementor-size-default\">Ime i etimologija<\/h2>\t\t\t\t<\/div>\n\t\t<div class=\"elementor-element elementor-element-iwgw-reshef-s1c e-con-full e-flex e-con e-child\" data-id=\"iwgw-reshef-s1c\" data-element_type=\"container\" data-e-type=\"container\">\n\t\t\t\t<div class=\"elementor-element elementor-element-iwgw-reshef-s1t elementor-widget elementor-widget-text-editor\" data-id=\"iwgw-reshef-s1t\" data-element_type=\"widget\" data-e-type=\"widget\" data-widget_type=\"text-editor.default\">\n\t\t\t\t\t\t\t\t\t<p>Ime <em>r\u0161p<\/em> zapadnosemitsko je podrijetla; etimologija nije kona\u010dno razja\u0161njena. Jedno mogu\u0107e tuma\u010denje povezuje ga s korijenom <em>r\u0161p<\/em> &#8216;plamen, munja, iskra&#8217;, \u0161to bi odgovaralo njegovoj ikonografiji strijele i kuge. U hebrejskom se <em>re\u0161ef<\/em> javlja kao imenica za &#8216;strijelu&#8217; ili &#8216;gorljivu bolest&#8217; (Dtn 32,24; Job 5,7; Pj 8,6), izravno semanti\u010dko naslije\u0111e.<\/p><p>U natpisima se javlja kao <em>r\u0161p<\/em>, \u010desto s epitetima: Reshef-Hagab (&#8216;Reshef skakavca&#8217;), Reshef-Mlk (&#8216;Reshef kralj&#8217;), Reshef-\u0160uluman (&#8216;Reshef mira&#8217;). Ta raznolikost epiteta odra\u017eava njegove vi\u0161estruke hipostaze u razli\u010ditim lokalnim kontekstima. U Ebli se javlja ve\u0107 u 24. stolje\u0107u pr. Kr.; u Ugaritu je istaknuti bog.<\/p><p>U Egiptu se javlja od Novog kraljevstva kao &#8216;Reshep&#8217;, uvezen u egipatski <span class=\"iwg-fachbegriff\" data-tooltip=\"Ukupnost bogova jedne religije ili kulture.\" tabindex=\"0\">panteon<\/span>. Faraon Amenhotep II. (15. stolje\u0107e pr. Kr.) po\u0161tovao ga je kao boga rata i luka; na brojnim stelama iz tebanskog podru\u010dja prikazan je kao bradati ratnik sa \u0161ljemom i lukom.<\/p><p>Egipatsko po\u0161tovanje Reshefa zanimljiv je religijskopovijesni primjer preuzimanja i detaljno je obra\u0111eno u studijama Izaka Corneliusa (<em>The Iconography of the Canaanite Gods Reshef and Ba\u02bfal<\/em>, 1994).<\/p><p>I u aramejskom materijalu 1. tisu\u0107lje\u0107a pr. Kr. Reshef se javlja u nekoliko natpisa, primjerice na <span class=\"iwg-fachbegriff\" data-tooltip=\"Uspravna, ispisana ili ukra\u0161ena kamena ili drvena plo\u010da.\" tabindex=\"0\">steli<\/span> Bar-Rakiba iz Sam&#8217;ala (8. stolje\u0107e pr. Kr.). Ta aramejska tradicija Reshefa pokazuje trajnost njegova po\u0161tovanja u isto\u010dnosemitskom <span class=\"iwg-fachbegriff\" data-tooltip=\"Prapovijesno razdoblje nakon bronzanog doba, obilje\u017eeno obradom \u017eeljeza.\" tabindex=\"0\">\u017eeljeznom dobu<\/span>.<\/p>\t\t\t\t\t\t\t\t<\/div>\n\t\t\t\t<\/div>\n\t\t\t\t\t<\/div>\n\t\t\t\t<\/div>\n\t\t<div class=\"elementor-element elementor-element-iwgw-reshef-s2 e-flex e-con-boxed e-con e-parent\" data-id=\"iwgw-reshef-s2\" data-element_type=\"container\" data-e-type=\"container\">\n\t\t\t\t\t<div class=\"e-con-inner\">\n\t\t\t\t<div class=\"elementor-element elementor-element-iwgw-reshef-s2h elementor-widget elementor-widget-heading\" data-id=\"iwgw-reshef-s2h\" data-element_type=\"widget\" data-e-type=\"widget\" data-widget_type=\"heading.default\">\n\t\t\t\t\t<h2 class=\"elementor-heading-title elementor-size-default\">Opis i ikonografija<\/h2>\t\t\t\t<\/div>\n\t\t<div class=\"elementor-element elementor-element-iwgw-reshef-s2c e-con-full e-flex e-con e-child\" data-id=\"iwgw-reshef-s2c\" data-element_type=\"container\" data-e-type=\"container\">\n\t\t\t\t<div class=\"elementor-element elementor-element-iwgw-reshef-s2t elementor-widget elementor-widget-text-editor\" data-id=\"iwgw-reshef-s2t\" data-element_type=\"widget\" data-e-type=\"widget\" data-widget_type=\"text-editor.default\">\n\t\t\t\t\t\t\t\t\t<p>Reshef se u zapadnosemitskoj i egipatskoj ikonografiji prikazuje kao bradati mu\u0161karac u kratkoj prega\u010di, sa \u0161ljemom ili visokom \u0161iljastom kapom, s lukom ili ratnom sjekirom u jednoj ruci, a kopljem ili \u0161titom u drugoj.<\/p><p>Karakteristi\u010dna slikovna tradicija prikazuje ga sa strijelom u podignutoj ruci, spremnog za pucanje; drugi tip prikaza pokazuje ga s glavom gazele na \u010delu.<\/p><p>Njegova sveta \u017eivotinja je gazela; na nekim prikazima ja\u0161e na gazeli ili je dr\u017ei za rogove. Gazela je religijskopovijesno zanimljiva: predstavlja brzinu strijela kuge i prolaznost bolesti. Konj i bik povremeno se tako\u0111er javljaju kao njegove pratila\u010dke \u017eivotinje.<\/p><p>U Egiptu je Reshef \u010desto prikazivan zajedno s Minom (egipatski bog plodnosti) i Qadeshet (semitska boginja ljubavi, povezana s Astarte) kao trijada; ta &#8216;Reshef-Min-Qadeshet&#8217; trijada javlja se na nekoliko stela iz Memfisa i Tanisa. Ta egipatska trijada samostalan je povijesni razvoj koji u domovini Feniciji nije potvr\u0111en na isti na\u010din.<\/p><p>Posebna egipatska slikovna tradicija prikazuje Reshefa s karakteristi\u010dnom krunom &#8216;\u0160sm&#8217; od prstenova ili \u0161iljastih kapa, konvencijom koja ga razlikuje od egipatskih bogova i ozna\u010dava njegovo semitsko podrijetlo.<\/p>\t\t\t\t\t\t\t\t<\/div>\n\t\t\t\t<\/div>\n\t\t\t\t\t<\/div>\n\t\t\t\t<\/div>\n\t\t<div class=\"elementor-element elementor-element-iwgw-reshef-s3 e-flex e-con-boxed e-con e-parent\" data-id=\"iwgw-reshef-s3\" data-element_type=\"container\" data-e-type=\"container\">\n\t\t\t\t\t<div class=\"e-con-inner\">\n\t\t\t\t<div class=\"elementor-element elementor-element-iwgw-reshef-s3h elementor-widget elementor-widget-heading\" data-id=\"iwgw-reshef-s3h\" data-element_type=\"widget\" data-e-type=\"widget\" data-widget_type=\"heading.default\">\n\t\t\t\t\t<h2 class=\"elementor-heading-title elementor-size-default\">Mitolo\u0161ke pri\u010de<\/h2>\t\t\t\t<\/div>\n\t\t<div class=\"elementor-element elementor-element-iwgw-reshef-s3c e-con-full e-flex e-con e-child\" data-id=\"iwgw-reshef-s3c\" data-element_type=\"container\" data-e-type=\"container\">\n\t\t\t\t<div class=\"elementor-element elementor-element-iwgw-reshef-s3t elementor-widget elementor-widget-text-editor\" data-id=\"iwgw-reshef-s3t\" data-element_type=\"widget\" data-e-type=\"widget\" data-widget_type=\"text-editor.default\">\n\t\t\t\t\t\t\t\t\t<p>O Reshefu su sa\u010duvani tek malobrojni izvorni mitovi; on je prije svega kultno-ritualni lik. U ugaritskim tekstovima povremeno se javlja kao bog glasnik ili bog bolesti, bez vlastitog narativnog slijeda. U feni\u010dkim natpisima prizivan je kao bog kuge i rata, bez mitolo\u0161ke podloge.<\/p><p>Jedna fragmentarna pri\u010da povezuje Reshefa sa &#8216;sedam strijela&#8217; koje \u0161alje protiv neprijatelja Izraela (u hebrejskom materijalu) ili protiv neprijatelja Feni\u010dana (u zapadnosemitskim tekstovima).<\/p><p>U hebrejskoj Knjizi Habakuka (Hab 3,5) Reshef se javlja kao pratitelj Jahve, koji ide pred bo\u017eanskim ratnikom: &#8216;Pred njim ide po\u0161ast, a Resef mu prati korake.&#8217; Ova dvostruka pojava religijsko-povijesno je vrlo indikativna i pokazuje trajnost predod\u017ebi o Reshefu u hebrejskoj pjesni\u010dkoj tradiciji.<\/p><p>U epu o Aqhatu i epu o Keretu Reshef se povremeno priziva, ali se ne javlja kao aktivan lik. Maciej M\u00fcnnich je u djelu <em>The God Resheph<\/em> (2013) pregledao i komentirao cjelokupnu tekstualnu gra\u0111u; siroma\u0161tvo mitova o Reshefu nalaz je, a ne manjkavost <span class=\"iwg-fachbegriff\" data-tooltip=\"Preno\u0161enje znanja i pri\u010da kroz generacije.\" tabindex=\"0\">predaje<\/span>.<\/p><p>U Habakukovoj teofanijskoj viziji (Hab 3,3, 6) Reshef se javlja u dojmljivoj konstelaciji: pred Jahvom idu &#8216;po\u0161ast&#8217; (Deber) i &#8216;Reshef&#8217; kao kozmi\u010dke predvodnice.<\/p><p>Ovaj kasni hebrejski nalaz povijesno je iznimno indikativan, jer dokumentira trajnost predod\u017ebi o Reshefu u monoteisti\u010dkoj <span class=\"iwg-fachbegriff\" data-tooltip=\"Znanstveno prou\u010davanje Boga i vjere neke religije.\" tabindex=\"0\">teologiji<\/span>; od samostalnog boga ovdje postaje &#8216;bo\u017eanski glasnik&#8217; ili personifikacija Jahvinih kaznenih sredstava.<\/p>\t\t\t\t\t\t\t\t<\/div>\n\t\t\t\t<\/div>\n\t\t\t\t\t<\/div>\n\t\t\t\t<\/div>\n\t\t<div class=\"elementor-element elementor-element-iwgw-reshef-s4 e-flex e-con-boxed e-con e-parent\" data-id=\"iwgw-reshef-s4\" data-element_type=\"container\" data-e-type=\"container\">\n\t\t\t\t\t<div class=\"e-con-inner\">\n\t\t\t\t<div class=\"elementor-element elementor-element-iwgw-reshef-s4h elementor-widget elementor-widget-heading\" data-id=\"iwgw-reshef-s4h\" data-element_type=\"widget\" data-e-type=\"widget\" data-widget_type=\"heading.default\">\n\t\t\t\t\t<h2 class=\"elementor-heading-title elementor-size-default\">Kult i \u0161tovanje<\/h2>\t\t\t\t<\/div>\n\t\t<div class=\"elementor-element elementor-element-iwgw-reshef-s4c e-con-full e-flex e-con e-child\" data-id=\"iwgw-reshef-s4c\" data-element_type=\"container\" data-e-type=\"container\">\n\t\t\t\t<div class=\"elementor-element elementor-element-iwgw-reshef-s4t elementor-widget elementor-widget-text-editor\" data-id=\"iwgw-reshef-s4t\" data-element_type=\"widget\" data-e-type=\"widget\" data-widget_type=\"text-editor.default\">\n\t\t\t\t\t\t\t\t\t<p>Glavna Reshefova kultna mjesta u Feniciji bila su Biblos, Tir, Sidon, Beirut, Idalion na Cipru i Sarepta. U faraonskom Egiptu \u0161tovan je u Memfisu i Tanisu; u nekim tekstovima spominje se posebni &#8216;grad Reshefa&#8217; (danas Tell Reshef u Feniciji?), ali arheolo\u0161ki nije jednozna\u010dno utvr\u0111en.<\/p><p>Najva\u017eniju izvornu osnovu \u010dine stele i zavjetni natpisi; u Kartagi, Motyi i Sulcisu Reshef se redovito javlja kao primatelj zavjetnih darova, \u010desto zajedno s <a href=\"https:\/\/iwell-guard.com\/hr\/?page_id=149708\">Baal-Hammonom<\/a>, <a href=\"https:\/\/iwell-guard.com\/hr\/?page_id=149709\">Tanit<\/a> ili <a href=\"https:\/\/iwell-guard.com\/hr\/?page_id=149710\">Eshmunom<\/a>. Charles Krahmalkov je u djelu <em>A Phoenician-Punic Grammar<\/em> (2001), a Wolfgang R\u00f6llig u <em>Kanaan\u00e4ischen und aram\u00e4ischen Inschriften<\/em> prikupio najva\u017enije epigrafske dokaze.<\/p><p>U faraonskom Egiptu Reshef je pripadao kategoriji &#8216;azijskih bogova&#8217;, koji su u Novom kraljevstvu aktivno promicani.<\/p><p>Faraon Amenhotep II. i njegovi nasljednici \u0161tovali su ga kao boga luka i rata; Reshefove stele javljaju se i u kraljevskom okru\u017eenju, primjerice u tebanskim kraljevskim grobnicama. Faraoni su se identificirali s Reshefom kao ratni\u010dkim likom i njegovu za\u0161titni\u010dku mo\u0107 prenosili na kraljevsku osobu.<\/p><p>U faraonskom Egiptu Reshefa su \u0161tovali i privatnici; poznata <span class=\"iwg-fachbegriff\" data-tooltip=\"Uspravna kamena ili drvena plo\u010da s natpisom ili slikom.\" tabindex=\"0\">stela<\/span> iz Tanisa prikazuje privatnika po imenu &#8216;Pa-Aper-Reshef&#8217;, koji upu\u0107uje bogu molbu za iscjeljenje od bolesti oka. Ova osobna pobo\u017enost va\u017ean je pokazatelj pu\u010dke ra\u0161irenosti kulta u egipatskom Novom kraljevstvu.<\/p>\t\t\t\t\t\t\t\t<\/div>\n\t\t\t\t<\/div>\n\t\t\t\t\t<\/div>\n\t\t\t\t<\/div>\n\t\t<div class=\"elementor-element elementor-element-iwgw-reshef-s5 e-flex e-con-boxed e-con e-parent\" data-id=\"iwgw-reshef-s5\" data-element_type=\"container\" data-e-type=\"container\">\n\t\t\t\t\t<div class=\"e-con-inner\">\n\t\t\t\t<div class=\"elementor-element elementor-element-iwgw-reshef-s5h elementor-widget elementor-widget-heading\" data-id=\"iwgw-reshef-s5h\" data-element_type=\"widget\" data-e-type=\"widget\" data-widget_type=\"heading.default\">\n\t\t\t\t\t<h2 class=\"elementor-heading-title elementor-size-default\">Za\u0161titna praksa i apotropejski elementi<\/h2>\t\t\t\t<\/div>\n\t\t<div class=\"elementor-element elementor-element-iwgw-reshef-s5c e-con-full e-flex e-con e-child\" data-id=\"iwgw-reshef-s5c\" data-element_type=\"container\" data-e-type=\"container\">\n\t\t\t\t<div class=\"elementor-element elementor-element-iwgw-reshef-s5t elementor-widget elementor-widget-text-editor\" data-id=\"iwgw-reshef-s5t\" data-element_type=\"widget\" data-e-type=\"widget\" data-widget_type=\"text-editor.default\">\n\t\t\t\t\t\t\t\t\t<p>Reshefova za\u0161titna funkcija bila je dvostruko usmjerena: za\u0161tita od bolesti (posebno epidemija, vru\u0107ice, kuge) i za\u0161tita u ratu. U vrijeme po\u0161asti prizivan je da okon\u010da epidemiju; u vrijeme rata da donese pobjedu nad neprijateljima. Ova dvosmislena funkcija \u010dini ga prototipnim apotropejskim bogom.<\/p><p><span class=\"iwg-fachbegriff\" data-tooltip=\"Onaj koji odbija zlo: odnosi se na znakove i predmete koji trebaju odagnati \u0161tetne utjecaje.\" tabindex=\"0\">Apotropejski<\/span> su Reshefove statuete i amuleti postavljani u ku\u0107ama; u brojnim feni\u010dkim nalazi\u0161tima prona\u0111ene su male bronzane figure kora\u010daju\u0107eg ratnika s podignutom borbenom sjekirom. Skarabeji s motivima Reshefova luka no\u0161eni su kao osobni za\u0161titni amuleti. U Ugaritu su Reshefove strijele bile ra\u0161irene kao &#8216;amuleti u obliku strijele&#8217;.<\/p><p data-nosnippet=\"true\">U feni\u010dkim osobnim imenima teonimi izvedeni od Reshefa \u010desti su: Bod-Reshef, Reshef-Bar, Reshef-Jaton (&#8216;Reshef je dao&#8217;). Ova \u010destota pokazuje intenzivnu osobnu pobo\u017enost. Iz znanstvene perspektive Reshefova ambivalentna za\u0161titna funkcija primjer je staroorijentalnog shva\u0107anja da razorna i za\u0161titni\u010dka mo\u0107 mogu le\u017eati u istim rukama. iWell Guard bilje\u017ei Reshefa kao povijesno-religijsku figuru bez ikakvih suvremenih obe\u0107anja iscjeljenja.<\/p><p>Reshefovi amuleti u obliku luka bili su me\u0111u najra\u0161irenijim feni\u010dko-egipatskim za\u0161titnim predmetima. Polagani su u grobne priloge, u ku\u0107e i u hramove. Oblik je naj\u010de\u0161\u0107e napeti luk ili luk sa strijelom; neki su ozna\u010deni Reshefovim imenom ili feni\u010dkim za\u0161titnim formulama.<\/p>\t\t\t\t\t\t\t\t<\/div>\n\t\t\t\t<\/div>\n\t\t\t\t\t<\/div>\n\t\t\t\t<\/div>\n\t\t<div class=\"elementor-element elementor-element-iwgw-reshef-s6 e-flex e-con-boxed e-con e-parent\" data-id=\"iwgw-reshef-s6\" data-element_type=\"container\" data-e-type=\"container\">\n\t\t\t\t\t<div class=\"e-con-inner\">\n\t\t\t\t<div class=\"elementor-element elementor-element-iwgw-reshef-s6h elementor-widget elementor-widget-heading\" data-id=\"iwgw-reshef-s6h\" data-element_type=\"widget\" data-e-type=\"widget\" data-widget_type=\"heading.default\">\n\t\t\t\t\t<h2 class=\"elementor-heading-title elementor-size-default\">Paralele u drugim kulturama<\/h2>\t\t\t\t<\/div>\n\t\t<div class=\"elementor-element elementor-element-iwgw-reshef-s6c e-con-full e-flex e-con e-child\" data-id=\"iwgw-reshef-s6c\" data-element_type=\"container\" data-e-type=\"container\">\n\t\t\t\t<div class=\"elementor-element elementor-element-iwgw-reshef-s6t elementor-widget elementor-widget-text-editor\" data-id=\"iwgw-reshef-s6t\" data-element_type=\"widget\" data-e-type=\"widget\" data-widget_type=\"text-editor.default\">\n\t\t\t\t\t\t\t\t\t<p>Reshef je povijesno tijesno povezan s Nergalom i Errom u Mezopotamiji, oba boga kuge i rata. S Errom deli motiv strijele i kuge (<span class=\"iwg-fachbegriff\" data-tooltip=\"Element sadr\u017eaja koji se ponavlja u umjetnosti ili pripovijedanju.\" tabindex=\"0\">motiv<\/span>); s Nergalom komponentu podzemnog svijeta u nekim kasnijim tekstovima.<\/p><p>I hetitski Yarri, bog kuge s lukom, s njim je funkcionalno tijesno povezan; Volkert Haas je u djelu <em>Materia Magica et Medica Hethitica<\/em> (2003) obradio <a href=\"https:\/\/iwell-guard.com\/hr\/?page_id=149649\">hetitsku<\/a> tradiciju bogova kuge.<\/p><p>S gr\u010dkim Apolonom Reshef deli komponentu luka i kuge; u Ilijadi Apolon ispaljuje strijele kuge na ahejsku vojsku, \u0161to je izravna paralela s ikonografijom Reshe\u0444a. Walter Burkert je u djelu <em>Die orientalisierende Epoche<\/em> (1984) upozorio na vjerojatno preno\u0161enje motiva strijele kuge iz zapadnosemitskog prostora u gr\u010dku tradiciju Apolona.<\/p><p>U hebrejskom materijalu Reshef je i dalje prisutan kao &#8216;re\u0161ef&#8217; za strijelu i kugu; u Hab 3,5 pojavljuje se \u010dak kao bo\u017eanski pratitelj. Ova postojana prisutnost predstava o Reshefu religijsko-povijesno je vrijedna pa\u017enje. U kasnijoj \u017eidovskoj i kr\u0161\u0107anskoj tradiciji svodi se na &#8216;strijelu Bo\u017eju&#8217; ili &#8216;po\u0161ast&#8217;, bez samostalne bo\u017eanske naravi.<\/p><p>I na kiparskom Idalionu Reshef je bio istaknuto \u0161tovan; bilingvalni <span class=\"iwg-fachbegriff\" data-tooltip=\"Tekst urezan ili uklesan u \u010dvrsti nosa\u010d.\" tabindex=\"0\">natpis<\/span> iz Idaliona (5. stolje\u0107e prije Krista, feni\u010dko-gr\u010dki) identificira Reshef-Mikala s gr\u010dkim Apolonom Amiklajskim. Ova identifikacija povijesno je iznimno pou\u010dna.<\/p>\t\t\t\t\t\t\t\t<\/div>\n\t\t\t\t<\/div>\n\t\t\t\t\t<\/div>\n\t\t\t\t<\/div>\n\t\t<div class=\"elementor-element elementor-element-iwgw-reshef-s7 e-flex e-con-boxed e-con e-parent\" data-id=\"iwgw-reshef-s7\" data-element_type=\"container\" data-e-type=\"container\">\n\t\t\t\t\t<div class=\"e-con-inner\">\n\t\t\t\t<div class=\"elementor-element elementor-element-iwgw-reshef-s7h elementor-widget elementor-widget-heading\" data-id=\"iwgw-reshef-s7h\" data-element_type=\"widget\" data-e-type=\"widget\" data-widget_type=\"heading.default\">\n\t\t\t\t\t<h2 class=\"elementor-heading-title elementor-size-default\">Suvremena recepcija i istra\u017eivanja<\/h2>\t\t\t\t<\/div>\n\t\t<div class=\"elementor-element elementor-element-iwgw-reshef-s7c e-con-full e-flex e-con e-child\" data-id=\"iwgw-reshef-s7c\" data-element_type=\"container\" data-e-type=\"container\">\n\t\t\t\t<div class=\"elementor-element elementor-element-iwgw-reshef-s7t elementor-widget elementor-widget-text-editor\" data-id=\"iwgw-reshef-s7t\" data-element_type=\"widget\" data-e-type=\"widget\" data-widget_type=\"text-editor.default\">\n\t\t\t\t\t\t\t\t\t<p>Istra\u017eivanje Reshefa danas je na visokoj razini. Monografija Macieja M\u00fcnnicha <em>The God Resheph<\/em> (2013) standardna je referenca; ikonografska studija Izaka Corneliusa (1994) donosi egipatsku slikovnu povijest; Paolo Xella priredio je ritualne tekstove iz Ugarita. Sabatino Moscati i H\u00e9l\u00e8ne Sader dali su va\u017ene doprinose feni\u010dkom \u0161tovanju Reshefa.<\/p><p>U popularnoj recepciji Reshef je poznat prvenstveno po svom egipatskom \u0161tovanju i po hebrejsko-biblijskim naznakama. Duhovno o\u017eivljavanje u neopaganskom smislu izostaje; ambivalentni bog kuge i rata previ\u0161e je stran i teolo\u0161ki problemati\u010dan za suvremene oblike pobo\u017enosti.<\/p><p>Znanstveno se Reshef danas smatra sredi\u0161njim predmetom prou\u010davanja starorientalske teologije kuge i rata. Trenuta\u010dna istra\u017eiva\u010dka te\u017ei\u0161ta usmjerena su na razlikovanje lokalnih hipostaza Reshefa, na egipatsku trijadu Reshef-Min-Qadeshet i na pitanje puteva preno\u0161enja u gr\u010dku tradiciju Apolona. iWell Guard navodi Reshefa kao religijsko-povijesni primjer bez prakti\u010dne za\u0161titne veze.<\/p><p>Aktualna istra\u017eivanja Macieja M\u00fcnnicha i H\u00e9l\u00e8ne Sader smje\u0161taju Reshefa u \u0161iri povijesni kontekst: kao predstavnika starosirijsko-zapadnosemitske obitelji bogova, \u010dija postojanost od 3. tisu\u0107lje\u0107a prije Krista do <span class=\"iwg-fachbegriff\" data-tooltip=\"Prapovijesno razdoblje nakon bronzanog doba, obilje\u017eeno obradom \u017eeljeza.\" tabindex=\"0\">\u017eeljeznog doba<\/span> predstavlja zapa\u017eenu religijsko-povijesnu pojavu.<\/p>\t\t\t\t\t\t\t\t<\/div>\n\t\t\t\t<\/div>\n\t\t\t\t\t<\/div>\n\t\t\t\t<\/div>\n\t\t<div class=\"elementor-element elementor-element-iwgw-reshef-s8 e-flex e-con-boxed e-con e-parent\" data-id=\"iwgw-reshef-s8\" data-element_type=\"container\" data-e-type=\"container\">\n\t\t\t\t\t<div class=\"e-con-inner\">\n\t\t\t\t<div class=\"elementor-element elementor-element-iwgw-reshef-s8h elementor-widget elementor-widget-heading\" data-id=\"iwgw-reshef-s8h\" data-element_type=\"widget\" data-e-type=\"widget\" data-widget_type=\"heading.default\">\n\t\t\t\t\t<h2 class=\"elementor-heading-title elementor-size-default\">Literatura i izvori<\/h2>\t\t\t\t<\/div>\n\t\t<div class=\"elementor-element elementor-element-iwgw-reshef-s8c e-con-full e-flex e-con e-child\" data-id=\"iwgw-reshef-s8c\" data-element_type=\"container\" data-e-type=\"container\">\n\t\t\t\t<div class=\"elementor-element elementor-element-iwgw-reshef-s8t elementor-widget elementor-widget-text-editor\" data-id=\"iwgw-reshef-s8t\" data-element_type=\"widget\" data-e-type=\"widget\" data-widget_type=\"text-editor.default\">\n\t\t\t\t\t\t\t\t\t<p>Sljede\u0107i izbor okuplja najva\u017enija standardna djela o istra\u017eivanju Reshefa. Obuhva\u0107a monografije, ikonografske studije, izdanja tekstova i povijesne sinteze. M\u00fcnnichova monografija najopse\u017enija je moderna studija; Cornelius donosi ikonografsku perspektivu; Xella ritualisti\u010dku tekstualnu osnovu; Moscati kulturnopovijesni okvir.<\/p>\t\t\t\t\t\t\t\t<\/div>\n\t\t\t\t<\/div>\n\t\t\t\t\t<\/div>\n\t\t\t\t<\/div>\n\t\t<div class=\"elementor-element elementor-element-cp21744d88 e-flex e-con-boxed e-con e-parent\" data-id=\"cp21744d88\" data-element_type=\"container\" data-e-type=\"container\">\n\t\t\t\t\t<div class=\"e-con-inner\">\n\t\t\t\t<div class=\"elementor-element elementor-element-cp2be1cbf0 elementor-widget elementor-widget-heading\" data-id=\"cp2be1cbf0\" data-element_type=\"widget\" data-e-type=\"widget\" data-widget_type=\"heading.default\">\n\t\t\t\t\t<h2 class=\"elementor-heading-title elementor-size-default\">Reshef u egipatskoj predaji Novog kraljevstva<\/h2>\t\t\t\t<\/div>\n\t\t<div class=\"elementor-element elementor-element-cp2c20c806 e-flex e-con-boxed e-con e-child\" data-id=\"cp2c20c806\" data-element_type=\"container\" data-e-type=\"container\">\n\t\t\t\t\t<div class=\"e-con-inner\">\n\t\t\t\t<div class=\"elementor-element elementor-element-cp2f07db72 elementor-widget elementor-widget-text-editor\" data-id=\"cp2f07db72\" data-element_type=\"widget\" data-e-type=\"widget\" data-widget_type=\"text-editor.default\">\n\t\t\t\t\t\t\t\t\t<p>Posebnost <em>Reshefa<\/em> je da se pojavljuje u dvama odvojenim skupovima izvora: u zapadnosemitskim tekstovima njegove izvorne regije i, veoma opse\u017eno, u egipatskim spomenicima Novog kraljevstva.<\/p><p>Najkasnije u 18. dinastiji Reshef je preuzet u Egiptu, vjerojatno preko tijesne vojne i politi\u010dke povezanosti s Levantom. Faraoni ramesidskog doba voljno su se prikazivali u blizini Reshefa, jer je smatran ratobornim, sna\u017enim bogom.<\/p><p>Na egipatskim stelama, mnoge su ih podigli privatnici, Reshef se pojavljuje s ustaljenom ikonografijom: kora\u010daju\u0107i bog s podignutom rukom koji zamahuje toljagom ili sjekirom, \u010desto sa \u0161titom i kopljem, na glavi gornjoegipatska kruna, na \u010dijem \u010delu se umjesto uraeus zmije \u010desto nalazi glava gazele.<\/p><p>Ta glava gazele smatra se jednim od najpouzdanijih obilje\u017eja prepoznavanja.<\/p><p>U Egiptu se njegova funkcija promijenila. Od boga koji donosi po\u0161ast i naglu smrt postao je istovremeno bog kojem se obra\u0107alo za za\u0161titu i iscjeljenje. To se djelomi\u010dno doga\u0111alo u skupini s bo\u017eicom Qadeshu i bogom Minom. Ovaj egipatski sloj bogatiji je izvorima od nekih levantinskih predaja, ali ve\u0107 pokazuje Reshefa u stranom okru\u017eenju.<\/p><p>Onaj koji tra\u017ei &#8220;izvornog&#8221; Reshefa mora egipatske dokaze tuma\u010diti kao preuzimanje, a ne kao neposredan odraz.<\/p>\t\t\t\t\t\t\t\t<\/div>\n\t\t\t\t\t<\/div>\n\t\t\t\t<\/div>\n\t\t\t\t\t<\/div>\n\t\t\t\t<\/div>\n\t\t<div class=\"elementor-element elementor-element-cp2858e9e2 e-flex e-con-boxed e-con e-parent\" data-id=\"cp2858e9e2\" data-element_type=\"container\" data-e-type=\"container\">\n\t\t\t\t\t<div class=\"e-con-inner\">\n\t\t\t\t<div class=\"elementor-element elementor-element-cp2c2fb1d4 elementor-widget elementor-widget-heading\" data-id=\"cp2c2fb1d4\" data-element_type=\"widget\" data-e-type=\"widget\" data-widget_type=\"heading.default\">\n\t\t\t\t\t<h2 class=\"elementor-heading-title elementor-size-default\">Strijela i kuga: Reshef kao gospodar po\u0161asti<\/h2>\t\t\t\t<\/div>\n\t\t<div class=\"elementor-element elementor-element-cp2d0acbb6 e-flex e-con-boxed e-con e-child\" data-id=\"cp2d0acbb6\" data-element_type=\"container\" data-e-type=\"container\">\n\t\t\t\t\t<div class=\"e-con-inner\">\n\t\t\t\t<div class=\"elementor-element elementor-element-cp28af87e0 elementor-widget elementor-widget-text-editor\" data-id=\"cp28af87e0\" data-element_type=\"widget\" data-e-type=\"widget\" data-widget_type=\"text-editor.default\">\n\t\t\t\t\t\t\t\t\t<p>Jezgra predod\u017ebe o Re\u0161efu u zapadnosemitskim izvorima temelji se na povezanosti luka, strijele i epidemije. Re\u0161ef donosi bolest i masovnu smrt, zami\u0161ljenu kao strijele koje ispaljuje na ljude i stoku.<\/p><p>Ta se predod\u017eba mo\u017ee pratiti kroz vi\u0161e kultura: u ugaritskim tekstovima <em>Rashap<\/em> se pojavljuje u popisima bogova i ritualnim tekstovima, dok se u mezopotamskim izvorima povezuje s bogom kuge i podzemlja Nergalom.<\/p><p>Posebno je pou\u010dna hebrejska Biblija. Ondje <em>re\u0161ef<\/em> vi\u0161e nije \u0161tovani bog, nego op\u0107a imenica, odnosno obogotvorena mo\u0107 li\u0161ena bo\u017eanskog statusa. U Habakuku 3,5 Bog izlazi u pohod, a <em>Re\u0161ef<\/em> ga prati poput pratitelja, uz kugu.<\/p><p>Na drugim mjestima rije\u010d zna\u010di &#8220;\u017ear&#8221;, &#8220;iskra&#8221; ili upravo trzavu bolest kuge. Ta biblijska naknadna povijest klasi\u010dan je primjer kako je susjedno bo\u017eanstvo kod pisaca hebrejskih tekstova svedeno na puku prirodnu silu ili pjesni\u010dku sliku.<\/p><p>Simbolika strijele povezuje Re\u0161efa sa \u0161irokom skupinom bo\u017eanstava epidemija, poput dalekometnog Apolona iz rane gr\u010dke poezije, koji na po\u010detku Ilijade \u0161alje kugu u gr\u010dki tabor. Ta se paralela u istra\u017eivanjima \u010desto spominje, no treba je shvatiti kao tipolo\u0161ku sli\u010dnost, a ne izravnu ovisnost. Standardna monografija o Re\u0161efu potje\u010de od Williama J. Fulca; va\u017ene dopune donijeli su radovi Paola Xelle i Macieja M\u00fcnnicha, \u010dija opse\u017ena studija kriti\u010dki obra\u0111uje sve dostupne izvore.\t\t\t\t\t\t\t\t<\/div>\n\t\t\t\t\t<\/div>\n\t\t\t\t<\/div>\n\t\t\t\t\t<\/div>\n\t\t\t\t<\/div>\n\t\t<div class=\"elementor-element elementor-element-iwgw-reshef-lit e-flex e-con-boxed e-con e-parent\" data-id=\"iwgw-reshef-lit\" data-element_type=\"container\" data-e-type=\"container\">\n\t\t\t\t\t<div class=\"e-con-inner\">\n\t\t\t\t<div class=\"elementor-element elementor-element-iwgw-reshef-lith elementor-widget elementor-widget-heading\" data-id=\"iwgw-reshef-lith\" data-element_type=\"widget\" data-e-type=\"widget\" data-widget_type=\"heading.default\">\n\t\t\t\t\t<h2 class=\"elementor-heading-title elementor-size-default\">Literatura (izbor)<\/h2>\t\t\t\t<\/div>\n\t\t<div class=\"elementor-element elementor-element-iwgw-reshef-litc e-con-full e-flex e-con e-child\" data-id=\"iwgw-reshef-litc\" data-element_type=\"container\" data-e-type=\"container\">\n\t\t\t\t<div class=\"elementor-element elementor-element-iwgw-reshef-litt elementor-widget elementor-widget-text-editor\" data-id=\"iwgw-reshef-litt\" data-element_type=\"widget\" data-e-type=\"widget\" data-widget_type=\"text-editor.default\">\n\t\t\t\t\t\t\t\t\t<div data-nosnippet=\"true\"><ul><li>Maciej M\u00fcnnich: <em>The God Resheph in the Ancient Near East<\/em> (T\u00fcbingen 2013)<\/li><li>Izak Cornelius: <em>The Iconography of the Canaanite Gods Reshef and Ba\u02bfal<\/em> (Fribourg 1994)<\/li><li>Paolo Xella: <em>I testi rituali di Ugarit<\/em> (Rom 1981)<\/li><li>Sabatino Moscati: <em>Die Ph\u00f6niker<\/em> (Stuttgart 1966)<\/li><li>H\u00e9l\u00e8ne Sader: <em>The History and Archaeology of Phoenicia<\/em> (Atlanta 2019)<\/li><li>Wolfgang R\u00f6llig: <em>Kanaan\u00e4ische und aram\u00e4ische Inschriften<\/em> (Wiesbaden, mit Donner)<\/li><\/ul><\/div>\t\t\t\t\t\t\t\t<\/div>\n\t\t\t\t<\/div>\n\t\t\t\t\t<\/div>\n\t\t\t\t<\/div>\n\t\t<div class=\"elementor-element elementor-element-iwgkw-add-reshef e-flex e-con-boxed e-con e-parent\" data-id=\"iwgkw-add-reshef\" data-element_type=\"container\" data-e-type=\"container\">\n\t\t\t\t\t<div class=\"e-con-inner\">\n\t\t\t\t<div class=\"elementor-element elementor-element-iwgkw-add-reshef-t elementor-widget elementor-widget-text-editor\" data-id=\"iwgkw-add-reshef-t\" data-element_type=\"widget\" data-e-type=\"widget\" data-widget_type=\"text-editor.default\">\n\t\t\t\t\t\t\t\t\t<p><em><span class=\"iwg-fachbegriff\" data-tooltip=\"Skup svih vjerskih obreda \u0161tovanja neke bo\u017eanske ili svete pojave.\" tabindex=\"0\">Kult<\/span><\/em> Reshefa potvr\u0111en je od tre\u0107eg tisu\u0107lje\u0107a prije Krista u Ebli, a kasnije i u Ugaritu, Byblosu i na Cipru. Kao bog kuge i rata prikazivan je s lukom i \u0161titom, smatran je uzro\u010dnikom \u0161irenja epidemija, ali i za\u0161titnikom ratnika. U Egiptu je Reshef pod Amenhotepom II. uveden u slu\u017ebeni <span class=\"iwg-fachbegriff\" data-tooltip=\"Skup svih bogova neke religije ili kulture.\" tabindex=\"0\">panteon<\/span>.<\/p>\t\t\t\t\t\t\t\t<\/div>\n\t\t\t\t\t<\/div>\n\t\t\t\t<\/div>\n\t\t<div class=\"elementor-element elementor-element-iwgkw2-add-reshef e-flex e-con-boxed e-con e-parent\" data-id=\"iwgkw2-add-reshef\" data-element_type=\"container\" data-e-type=\"container\">\n\t\t\t\t\t<div class=\"e-con-inner\">\n\t\t\t\t<div class=\"elementor-element elementor-element-iwgkw2-add-reshef-t elementor-widget elementor-widget-text-editor\" data-id=\"iwgkw2-add-reshef-t\" data-element_type=\"widget\" data-e-type=\"widget\" data-widget_type=\"text-editor.default\">\n\t\t\t\t\t\t\t\t\t<p>Reshef se u izvorima iz Ugarita i Kartage smatra <em>kanaanskim<\/em> i <em>feni\u010dkim<\/em> bogom epidemije i strijeljanja lukom, \u010diji se <span class=\"iwg-fachbegriff\" data-tooltip=\"Skup svih vjerskih obreda \u0161tovanja neke bo\u017eanske ili svete pojave.\" tabindex=\"0\">kult<\/span> pro\u0161irio uz levantsku obalu i preko Cipra sve do Egipta.<\/p>\t\t\t\t\t\t\t\t<\/div>\n\t\t\t\t\t<\/div>\n\t\t\t\t<\/div>\n\t\t<div class=\"elementor-element elementor-element-iwgw-reshef-kwd e-flex e-con-boxed e-con e-parent\" data-id=\"iwgw-reshef-kwd\" data-element_type=\"container\" data-e-type=\"container\">\n\t\t\t\t\t<div class=\"e-con-inner\">\n\t\t<div class=\"elementor-element elementor-element-iwgw-reshef-kwdc e-con-full e-flex e-con e-child\" data-id=\"iwgw-reshef-kwdc\" data-element_type=\"container\" data-e-type=\"container\">\n\t\t\t\t<div class=\"elementor-element elementor-element-iwgw-reshef-kwdt elementor-widget elementor-widget-text-editor\" data-id=\"iwgw-reshef-kwdt\" data-element_type=\"widget\" data-e-type=\"widget\" data-widget_type=\"text-editor.default\">\n\t\t\t\t\t\t\t\t\t<p><em>Srodni klju\u010dni pojmovi: Reshef Feni\u010dani bog kuge bog luka rat gazela Apolon Yarri.<\/em><\/p>\t\t\t\t\t\t\t\t<\/div>\n\t\t\t\t<\/div>\n\t\t\t\t\t<\/div>\n\t\t\t\t<\/div>\n\t\t<div class=\"elementor-element elementor-element-iwgw-reshef-cc e-flex e-con-boxed e-con e-parent\" data-id=\"iwgw-reshef-cc\" data-element_type=\"container\" data-e-type=\"container\" id=\"iwg-cc-reshef\">\n\t\t\t\t\t<div class=\"e-con-inner\">\n\t\t<div class=\"elementor-element elementor-element-iwgw-reshef-ccinner e-flex e-con-boxed e-con e-parent\" data-id=\"iwgw-reshef-ccinner\" data-element_type=\"container\" data-e-type=\"container\" data-settings=\"{&quot;background_background&quot;:&quot;classic&quot;}\">\n\t\t\t\t\t<div class=\"e-con-inner\">\n\t\t\t\t<div class=\"elementor-element elementor-element-iwgw-reshef-cch elementor-widget elementor-widget-heading\" data-id=\"iwgw-reshef-cch\" data-element_type=\"widget\" data-e-type=\"widget\" data-widget_type=\"heading.default\">\n\t\t\t\t\t<h2 class=\"elementor-heading-title elementor-size-default\">iWell Guard i tradicije za\u0161tite<\/h2>\t\t\t\t<\/div>\n\t\t\t\t<div class=\"elementor-element elementor-element-iwgw-reshef-cct elementor-widget elementor-widget-text-editor\" data-id=\"iwgw-reshef-cct\" data-element_type=\"widget\" data-e-type=\"widget\" data-widget_type=\"text-editor.default\">\n\t\t\t\t\t\t\t\t\t<div data-nosnippet=\"true\"><p>iWell Guard nadovezuje se na kulturnopovijesnu tradiciju prenosivih za\u0161titnih predmeta, u tradiciji <a href=\"https:\/\/iwell-guard.com\/hr\/?page_id=149650\">Feni\u010dana<\/a> i mnogih drugih kultura \u0161irom svijeta. 41 razina, pravo zlato, platina, srebro, izra\u0111eno u Njema\u010dkoj. 30-dnevno pravo povrata.<\/p><\/div>\t\t\t\t\t\t\t\t<\/div>\n\t\t\t\t<div class=\"elementor-element elementor-element-iwgw-reshef-ccb iwg-cc-button iwg-cc-cta-2026-05-13 elementor-widget elementor-widget-jet-button\" data-id=\"iwgw-reshef-ccb\" data-element_type=\"widget\" data-e-type=\"widget\" data-widget_type=\"jet-button.default\">\n\t\t\t\t<div class=\"elementor-widget-container\">\n\t\t\t\t\t<div class=\"elementor-jet-button jet-elements\"><div class=\"jet-button__container\"><a class=\"jet-button__instance jet-button__instance--icon-left hover-effect-1\" href=\"\/ueber-iwell-guard\/?utm_source=iwell-guard.com&amp;utm_medium=info-box&amp;utm_campaign=wesen-tradition\"><div class=\"jet-button__plane jet-button__plane-normal\"><\/div><div class=\"jet-button__plane jet-button__plane-hover\"><\/div><div class=\"jet-button__state jet-button__state-normal\"><span class=\"jet-button__label\">Vi\u0161e o iWell Guardu<\/span><\/div><div class=\"jet-button__state jet-button__state-hover\"><span class=\"jet-button__label\">Vi\u0161e o iWell Guardu<\/span><\/div><\/a><\/div><\/div><style>.elementor-element.elementor-element-iwgw-reshef-ccb .jet-button__instance{width:320px;height:56px;}.elementor-element.elementor-element-iwgw-reshef-ccb .jet-button__state-normal .jet-button__label{text-align:center;margin:0px 0px 0px 0px;color:#1a1b20;font-family:Montserrat,sans-serif;font-size:13px;font-weight:400;letter-spacing:4px;line-height:1.714em;text-transform:uppercase;}.elementor-element.elementor-element-iwgw-reshef-ccb .jet-button__state-hover .jet-button__label{text-align:center;margin:0px 0px 0px 0px;color:#FECC76;font-family:Montserrat,sans-serif;font-size:13px;font-weight:400;letter-spacing:4px;line-height:1.714em;text-transform:uppercase;}.elementor-element.elementor-element-iwgw-reshef-ccb .jet-button__plane-normal{background-color:#FECC76;border-style:solid;border-color:#C99540;border-width:2px 2px 2px 2px;}.elementor-element.elementor-element-iwgw-reshef-ccb .jet-button__plane-hover{background-color:rgba(0,0,0,0.55);border-style:solid;border-color:#FECC76;border-width:2px 2px 2px 2px;}<\/style>\t\t\t\t<\/div>\n\t\t\t\t<\/div>\n\t\t\t\t<div class=\"elementor-element elementor-element-iwgw-reshef-ccd elementor-widget elementor-widget-text-editor\" data-id=\"iwgw-reshef-ccd\" data-element_type=\"widget\" data-e-type=\"widget\" data-widget_type=\"text-editor.default\">\n\t\t\t\t\t\t\t\t\t<div data-nosnippet=\"true\"><p style=\"text-align:center;font-size:13px;opacity:0.7;margin-top:14px\" data-nosnippet=\"true\">Osobna iskustva mogu se razlikovati. Nije medicinski proizvod. Nema obe\u0107anja izlje\u010denja.<\/p><\/div>\t\t\t\t\t\t\t\t<\/div>\n\t\t\t\t\t<\/div>\n\t\t\t\t<\/div>\n\t\t\t\t\t<\/div>\n\t\t\t\t<\/div>\n\t\t<div class=\"elementor-element elementor-element-iwgw-reshef-disc e-flex e-con-boxed e-con e-parent\" data-id=\"iwgw-reshef-disc\" data-element_type=\"container\" data-e-type=\"container\">\n\t\t\t\t\t<div class=\"e-con-inner\">\n\t\t\t\t<div class=\"elementor-element elementor-element-iwgw-reshef-discw elementor-widget elementor-widget-html\" data-id=\"iwgw-reshef-discw\" data-element_type=\"widget\" data-e-type=\"widget\" data-widget_type=\"html.default\">\n\t\t\t\t\t<footer data-nosnippet=\"true\" class=\"iwg-disclaimer-block\"><p data-nosnippet=\"true\">iWell Guard <strong>nije medicinski proizvod<\/strong> i ne zamjenjuje lije\u010dni\u010dko ili psihoterapeutsko lije\u010denje. Religijsko-znanstveni sadr\u017eaji predstavljaju kulturno-povijesnu interpretaciju, a ne preporuku duhovne prakse.<\/p><\/footer>\t\t\t\t<\/div>\n\t\t\t\t\t<\/div>\n\t\t\t\t<\/div>\n\t\t\t\t<\/div>\n\t\t","protected":false},"excerpt":{"rendered":"","protected":false},"author":3,"featured_media":2852,"parent":0,"menu_order":0,"comment_status":"closed","ping_status":"closed","template":"elementor_header_footer","meta":{"_yoast_wpseo_focuskw":"Reshef Feni\u010dani bog kuge bog luka","_yoast_wpseo_title":"Reshef \u2013 Feni\u010danski bog kuge, bog rata, kult","_yoast_wpseo_metadesc":"Reshef je feni\u010dansko-kanaanski bog kuge i rata, bog luka i za\u0161titnik. Religiologijska klasifikacija s izvorima.","_yoast_wpseo_meta-robots-noindex":"","_yoast_wpseo_canonical":"","_angie_page":false,"gefaehrdungsstufe":"4","wesen_kultur":"phoenizisch","wesen_klasse":"goetter","footnotes":""},"categories":[],"class_list":["post-149714","page","type-page","status-publish","has-post-thumbnail","hentry"],"yoast_head":"<!-- This site is optimized with the Yoast SEO Premium plugin v27.7 (Yoast SEO v28.3) - https:\/\/yoast.com\/product\/yoast-seo-premium-wordpress\/ -->\n<title>Reshef \u2013 Feni\u010danski bog kuge, bog rata, kult<\/title>\n<meta name=\"description\" content=\"Reshef je feni\u010dansko-kanaanski bog kuge i rata, bog luka i za\u0161titnik. Religiologijska klasifikacija s izvorima.\" \/>\n<meta name=\"robots\" content=\"index, follow, max-snippet:-1, max-image-preview:large, max-video-preview:-1\" \/>\n<link rel=\"canonical\" href=\"https:\/\/iwell-guard.com\/hr\/reshef-fenicanski-bog-kuge-i-rata\/\" \/>\n<meta property=\"og:locale\" content=\"hr_HR\" \/>\n<meta property=\"og:type\" content=\"article\" \/>\n<meta property=\"og:title\" content=\"Reshef \u2013 Feni\u010danski bog kuge i rata\" \/>\n<meta property=\"og:description\" content=\"Reshef je feni\u010dansko-kanaanski bog kuge i rata, bog luka i za\u0161titnik. Religiologijska klasifikacija s izvorima.\" \/>\n<meta property=\"og:url\" content=\"https:\/\/iwell-guard.com\/hr\/reshef-fenicanski-bog-kuge-i-rata\/\" \/>\n<meta property=\"og:site_name\" content=\"iWell Guard\" \/>\n<meta property=\"article:modified_time\" content=\"2026-09-04T05:30:23+00:00\" \/>\n<meta property=\"og:image\" content=\"https:\/\/iwell-guard.com\/wp-content\/uploads\/2026\/05\/goetter_phoenizisch_reshef.webp\" \/>\n\t<meta property=\"og:image:width\" content=\"1024\" \/>\n\t<meta property=\"og:image:height\" content=\"1536\" \/>\n\t<meta property=\"og:image:type\" content=\"image\/webp\" \/>\n<meta name=\"twitter:card\" content=\"summary_large_image\" \/>\n<script type=\"application\/ld+json\" class=\"yoast-schema-graph\">{\"@context\":\"https:\\\/\\\/schema.org\",\"@graph\":[{\"@type\":\"WebPage\",\"@id\":\"https:\\\/\\\/iwell-guard.com\\\/hr\\\/reshef-fenicanski-bog-kuge-i-rata\\\/\",\"url\":\"https:\\\/\\\/iwell-guard.com\\\/hr\\\/reshef-fenicanski-bog-kuge-i-rata\\\/\",\"name\":\"Reshef \u2013 Feni\u010danski bog kuge, bog rata, kult\",\"isPartOf\":{\"@id\":\"https:\\\/\\\/iwell-guard.com\\\/hr\\\/#website\"},\"primaryImageOfPage\":{\"@id\":\"https:\\\/\\\/iwell-guard.com\\\/hr\\\/reshef-fenicanski-bog-kuge-i-rata\\\/#primaryimage\"},\"image\":{\"@id\":\"https:\\\/\\\/iwell-guard.com\\\/hr\\\/reshef-fenicanski-bog-kuge-i-rata\\\/#primaryimage\"},\"thumbnailUrl\":\"https:\\\/\\\/iwell-guard.com\\\/wp-content\\\/uploads\\\/2026\\\/05\\\/goetter_phoenizisch_reshef.webp\",\"datePublished\":\"2026-09-04T05:12:53+00:00\",\"dateModified\":\"2026-09-04T05:30:23+00:00\",\"description\":\"Reshef je feni\u010dansko-kanaanski bog kuge i rata, bog luka i za\u0161titnik. Religiologijska klasifikacija s izvorima.\",\"breadcrumb\":{\"@id\":\"https:\\\/\\\/iwell-guard.com\\\/hr\\\/reshef-fenicanski-bog-kuge-i-rata\\\/#breadcrumb\"},\"inLanguage\":\"hr\",\"potentialAction\":[{\"@type\":\"ReadAction\",\"target\":[\"https:\\\/\\\/iwell-guard.com\\\/hr\\\/reshef-fenicanski-bog-kuge-i-rata\\\/\"]}]},{\"@type\":\"ImageObject\",\"inLanguage\":\"hr\",\"@id\":\"https:\\\/\\\/iwell-guard.com\\\/hr\\\/reshef-fenicanski-bog-kuge-i-rata\\\/#primaryimage\",\"url\":\"https:\\\/\\\/iwell-guard.com\\\/wp-content\\\/uploads\\\/2026\\\/05\\\/goetter_phoenizisch_reshef.webp\",\"contentUrl\":\"https:\\\/\\\/iwell-guard.com\\\/wp-content\\\/uploads\\\/2026\\\/05\\\/goetter_phoenizisch_reshef.webp\",\"width\":1024,\"height\":1536,\"caption\":\"Bo\u017eanstva iz feni\u010danske tradicije.\"},{\"@type\":\"BreadcrumbList\",\"@id\":\"https:\\\/\\\/iwell-guard.com\\\/hr\\\/reshef-fenicanski-bog-kuge-i-rata\\\/#breadcrumb\",\"itemListElement\":[{\"@type\":\"ListItem\",\"position\":1,\"name\":\"Start\",\"item\":\"https:\\\/\\\/iwell-guard.com\\\/hr\\\/?page_id=149317\"},{\"@type\":\"ListItem\",\"position\":2,\"name\":\"Reshef \u2013 Feni\u010danski bog kuge i rata\"}]},{\"@type\":\"WebSite\",\"@id\":\"https:\\\/\\\/iwell-guard.com\\\/hr\\\/#website\",\"url\":\"https:\\\/\\\/iwell-guard.com\\\/hr\\\/\",\"name\":\"iWell Guard\",\"description\":\"Schutz vor dunklen Einfl\u00fcssen\",\"publisher\":{\"@id\":\"https:\\\/\\\/iwell-guard.com\\\/hr\\\/#organization\"},\"potentialAction\":[{\"@type\":\"SearchAction\",\"target\":{\"@type\":\"EntryPoint\",\"urlTemplate\":\"https:\\\/\\\/iwell-guard.com\\\/hr\\\/?s={search_term_string}\"},\"query-input\":{\"@type\":\"PropertyValueSpecification\",\"valueRequired\":true,\"valueName\":\"search_term_string\"}}],\"inLanguage\":\"hr\"},{\"@type\":\"Organization\",\"@id\":\"https:\\\/\\\/iwell-guard.com\\\/hr\\\/#organization\",\"name\":\"Ittermann electronic GmbH\",\"url\":\"https:\\\/\\\/iwell-guard.com\\\/hr\\\/\",\"logo\":{\"@type\":\"ImageObject\",\"inLanguage\":\"hr\",\"@id\":\"https:\\\/\\\/iwell-guard.com\\\/hr\\\/#\\\/schema\\\/logo\\\/image\\\/\",\"url\":\"https:\\\/\\\/iwell-guard.com\\\/wp-content\\\/uploads\\\/2026\\\/05\\\/Ittermann-Logo-1182x237-1.png\",\"contentUrl\":\"https:\\\/\\\/iwell-guard.com\\\/wp-content\\\/uploads\\\/2026\\\/05\\\/Ittermann-Logo-1182x237-1.png\",\"width\":1182,\"height\":237,\"caption\":\"Ittermann electronic GmbH\"},\"image\":{\"@id\":\"https:\\\/\\\/iwell-guard.com\\\/hr\\\/#\\\/schema\\\/logo\\\/image\\\/\"},\"sameAs\":[\"https:\\\/\\\/pantip.com\\\/profile\\\/9367242\",\"https:\\\/\\\/micro.blog\\\/iwellguard\",\"https:\\\/\\\/www.diggerslist.com\\\/iwellguard\\\/about\",\"https:\\\/\\\/skitterphoto.com\\\/photographers\\\/2870314\\\/iwell-guard\",\"https:\\\/\\\/iwellguard.wordpress.com\\\/2026\\\/06\\\/06\\\/iwell-guard\\\/\",\"https:\\\/\\\/hub.docker.com\\\/u\\\/iwellguard\",\"https:\\\/\\\/www.pinterest.com\\\/iwellguard\\\/\",\"https:\\\/\\\/bit.ly\\\/m\\\/iwellguard\",\"https:\\\/\\\/entre-vos-mains.alsace.eu\\\/profiles\\\/iwellguard\\\/activity\",\"https:\\\/\\\/gravatar.com\\\/reallybeded8fd34\",\"https:\\\/\\\/naijamatta.com\\\/iwellguard\",\"https:\\\/\\\/www.goodreads.com\\\/iwellguard\",\"https:\\\/\\\/profile.hatena.ne.jp\\\/iwellguard\\\/\",\"https:\\\/\\\/experiment.com\\\/users\\\/iwellguard\",\"https:\\\/\\\/wakelet.com\\\/@iWellGuard82270\",\"https:\\\/\\\/www.chordie.com\\\/forum\\\/profile.php?id=2555664\",\"https:\\\/\\\/www.instapaper.com\\\/p\\\/17757966\",\"https:\\\/\\\/www.mapleprimes.com\\\/users\\\/iwellguard\",\"https:\\\/\\\/businesslistingplus.com\\\/profile\\\/iwell-guard\\\/\",\"https:\\\/\\\/telegra.ph\\\/iWell-Guard-06-06\",\"https:\\\/\\\/pbase.com\\\/iwellguard\\\/iwellguard\",\"https:\\\/\\\/b.hatena.ne.jp\\\/iwellguard\\\/20260607#bookmark-4788405196491818882\",\"https:\\\/\\\/fliphtml5.com\\\/home\\\/iwellguard\",\"https:\\\/\\\/anyflip.com\\\/homepage\\\/cmiwl#About\",\"https:\\\/\\\/transfur.com\\\/Users\\\/iwellguard\",\"http:\\\/\\\/delphi.larsbo.org\\\/user\\\/iwellguard\",\"https:\\\/\\\/jobs.lajobsportal.org\\\/profiles\\\/8380803-iwell-guard\",\"https:\\\/\\\/md.chaosdorf.de\\\/s\\\/jfbe5SBdJD\",\"https:\\\/\\\/www.lingvolive.com\\\/en-us\\\/profile\\\/9ecaeaca-ce11-4e51-9e71-01d55e2bff36\\\/translations\",\"https:\\\/\\\/www.fitday.com\\\/fitness\\\/forums\\\/members\\\/iwellguard.html\",\"https:\\\/\\\/www.mymeetbook.com\\\/iwellguard\",\"https:\\\/\\\/pxhere.com\\\/en\\\/photographer-me\\\/5040798\",\"https:\\\/\\\/disqus.com\\\/by\\\/iwellguard\\\/about\\\/\",\"https:\\\/\\\/pastelink.net\\\/hjwciqwq\",\"https:\\\/\\\/pubhtml5.com\\\/homepage\\\/scjhn\\\/\",\"https:\\\/\\\/www.bitchute.com\\\/channel\\\/2O2eOKzNqujT\",\"https:\\\/\\\/audiomack.com\\\/iwellguard\"]},{\"@type\":\"Article\",\"@id\":\"https:\\\/\\\/iwell-guard.com\\\/hr\\\/reshef-fenicanski-bog-kuge-i-rata\\\/#article\",\"isPartOf\":{\"@id\":\"https:\\\/\\\/iwell-guard.com\\\/hr\\\/reshef-fenicanski-bog-kuge-i-rata\\\/\"},\"author\":{\"name\":\"Ralf Ittermann\",\"@id\":\"https:\\\/\\\/iwell-guard.com\\\/hr\\\/#\\\/schema\\\/person\\\/ee2a27f1cac3406c7c6fb5820cb7349f\"},\"headline\":\"Reshef \u2013 Feni\u010danski bog kuge i rata\",\"datePublished\":\"2026-09-04T05:12:53+00:00\",\"dateModified\":\"2026-09-04T05:30:23+00:00\",\"mainEntityOfPage\":{\"@id\":\"https:\\\/\\\/iwell-guard.com\\\/hr\\\/reshef-fenicanski-bog-kuge-i-rata\\\/\"},\"publisher\":{\"@id\":\"https:\\\/\\\/iwell-guard.com\\\/hr\\\/#organization\"},\"image\":{\"@id\":\"https:\\\/\\\/iwell-guard.com\\\/hr\\\/reshef-fenicanski-bog-kuge-i-rata\\\/#primaryimage\"},\"thumbnailUrl\":\"https:\\\/\\\/iwell-guard.com\\\/wp-content\\\/uploads\\\/2026\\\/05\\\/goetter_phoenizisch_reshef.webp\",\"inLanguage\":\"hr\",\"description\":\"Reshef je feni\u010dansko-kanaanski bog kuge i rata, bog luka i za\u0161titnik. Religiologijska klasifikacija s izvorima.\"}]}<\/script>\n<!-- \/ Yoast SEO Premium plugin. -->","yoast_head_json":{"title":"Reshef \u2013 Feni\u010danski bog kuge, bog rata, kult","description":"Reshef je feni\u010dansko-kanaanski bog kuge i rata, bog luka i za\u0161titnik. Religiologijska klasifikacija s izvorima.","robots":{"index":"index","follow":"follow","max-snippet":"max-snippet:-1","max-image-preview":"max-image-preview:large","max-video-preview":"max-video-preview:-1"},"canonical":"https:\/\/iwell-guard.com\/hr\/reshef-fenicanski-bog-kuge-i-rata\/","og_locale":"hr_HR","og_type":"article","og_title":"Reshef \u2013 Feni\u010danski bog kuge i rata","og_description":"Reshef je feni\u010dansko-kanaanski bog kuge i rata, bog luka i za\u0161titnik. Religiologijska klasifikacija s izvorima.","og_url":"https:\/\/iwell-guard.com\/hr\/reshef-fenicanski-bog-kuge-i-rata\/","og_site_name":"iWell Guard","article_modified_time":"2026-09-04T05:30:23+00:00","og_image":[{"width":1024,"height":1536,"url":"https:\/\/iwell-guard.com\/wp-content\/uploads\/2026\/05\/goetter_phoenizisch_reshef.webp","type":"image\/webp"}],"twitter_card":"summary_large_image","schema":{"@context":"https:\/\/schema.org","@graph":[{"@type":"Article","@id":"https:\/\/iwell-guard.com\/hr\/reshef-fenicanski-bog-kuge-i-rata\/#article","isPartOf":{"@id":"https:\/\/iwell-guard.com\/hr\/reshef-fenicanski-bog-kuge-i-rata\/"},"author":{"name":"Ralf Ittermann","@id":"https:\/\/iwell-guard.com\/hr\/#\/schema\/person\/ee2a27f1cac3406c7c6fb5820cb7349f"},"headline":"Reshef \u2013 Feni\u010danski bog kuge i rata","datePublished":"2026-09-04T05:12:53+00:00","dateModified":"2026-09-04T05:30:23+00:00","mainEntityOfPage":{"@id":"https:\/\/iwell-guard.com\/hr\/reshef-fenicanski-bog-kuge-i-rata\/"},"publisher":{"@id":"https:\/\/iwell-guard.com\/hr\/#organization"},"image":{"@id":"https:\/\/iwell-guard.com\/hr\/reshef-fenicanski-bog-kuge-i-rata\/#primaryimage"},"thumbnailUrl":"https:\/\/iwell-guard.com\/wp-content\/uploads\/2026\/05\/goetter_phoenizisch_reshef.webp","inLanguage":"hr","description":"Reshef je feni\u010dansko-kanaanski bog kuge i rata, bog luka i za\u0161titnik. Religiologijska klasifikacija s izvorima."},{"@type":"WebPage","@id":"https:\/\/iwell-guard.com\/hr\/reshef-fenicanski-bog-kuge-i-rata\/","url":"https:\/\/iwell-guard.com\/hr\/reshef-fenicanski-bog-kuge-i-rata\/","name":"Reshef \u2013 Feni\u010danski bog kuge, bog rata, kult","isPartOf":{"@id":"https:\/\/iwell-guard.com\/hr\/#website"},"primaryImageOfPage":{"@id":"https:\/\/iwell-guard.com\/hr\/reshef-fenicanski-bog-kuge-i-rata\/#primaryimage"},"image":{"@id":"https:\/\/iwell-guard.com\/hr\/reshef-fenicanski-bog-kuge-i-rata\/#primaryimage"},"thumbnailUrl":"https:\/\/iwell-guard.com\/wp-content\/uploads\/2026\/05\/goetter_phoenizisch_reshef.webp","datePublished":"2026-09-04T05:12:53+00:00","dateModified":"2026-09-04T05:30:23+00:00","description":"Reshef je feni\u010dansko-kanaanski bog kuge i rata, bog luka i za\u0161titnik. Religiologijska klasifikacija s izvorima.","breadcrumb":{"@id":"https:\/\/iwell-guard.com\/hr\/reshef-fenicanski-bog-kuge-i-rata\/#breadcrumb"},"inLanguage":"hr","potentialAction":[{"@type":"ReadAction","target":["https:\/\/iwell-guard.com\/hr\/reshef-fenicanski-bog-kuge-i-rata\/"]}]},{"@type":"ImageObject","inLanguage":"hr","@id":"https:\/\/iwell-guard.com\/hr\/reshef-fenicanski-bog-kuge-i-rata\/#primaryimage","url":"https:\/\/iwell-guard.com\/wp-content\/uploads\/2026\/05\/goetter_phoenizisch_reshef.webp","contentUrl":"https:\/\/iwell-guard.com\/wp-content\/uploads\/2026\/05\/goetter_phoenizisch_reshef.webp","width":1024,"height":1536,"caption":"Bo\u017eanstva iz feni\u010danske tradicije."},{"@type":"BreadcrumbList","@id":"https:\/\/iwell-guard.com\/hr\/reshef-fenicanski-bog-kuge-i-rata\/#breadcrumb","itemListElement":[{"@type":"ListItem","position":1,"name":"Start","item":"https:\/\/iwell-guard.com\/hr\/?page_id=149317"},{"@type":"ListItem","position":2,"name":"Reshef \u2013 Feni\u010danski bog kuge i rata"}]},{"@type":"WebSite","@id":"https:\/\/iwell-guard.com\/hr\/#website","url":"https:\/\/iwell-guard.com\/hr\/","name":"iWell Guard","description":"Schutz vor dunklen Einfl\u00fcssen","publisher":{"@id":"https:\/\/iwell-guard.com\/hr\/#organization"},"potentialAction":[{"@type":"SearchAction","target":{"@type":"EntryPoint","urlTemplate":"https:\/\/iwell-guard.com\/hr\/?s={search_term_string}"},"query-input":{"@type":"PropertyValueSpecification","valueRequired":true,"valueName":"search_term_string"}}],"inLanguage":"hr"},{"@type":"Organization","@id":"https:\/\/iwell-guard.com\/hr\/#organization","name":"Ittermann electronic GmbH","url":"https:\/\/iwell-guard.com\/hr\/","logo":{"@type":"ImageObject","inLanguage":"hr","@id":"https:\/\/iwell-guard.com\/hr\/#\/schema\/logo\/image\/","url":"https:\/\/iwell-guard.com\/wp-content\/uploads\/2026\/05\/Ittermann-Logo-1182x237-1.png","contentUrl":"https:\/\/iwell-guard.com\/wp-content\/uploads\/2026\/05\/Ittermann-Logo-1182x237-1.png","width":1182,"height":237,"caption":"Ittermann electronic GmbH"},"image":{"@id":"https:\/\/iwell-guard.com\/hr\/#\/schema\/logo\/image\/"},"sameAs":["https:\/\/pantip.com\/profile\/9367242","https:\/\/micro.blog\/iwellguard","https:\/\/www.diggerslist.com\/iwellguard\/about","https:\/\/skitterphoto.com\/photographers\/2870314\/iwell-guard","https:\/\/iwellguard.wordpress.com\/2026\/06\/06\/iwell-guard\/","https:\/\/hub.docker.com\/u\/iwellguard","https:\/\/www.pinterest.com\/iwellguard\/","https:\/\/bit.ly\/m\/iwellguard","https:\/\/entre-vos-mains.alsace.eu\/profiles\/iwellguard\/activity","https:\/\/gravatar.com\/reallybeded8fd34","https:\/\/naijamatta.com\/iwellguard","https:\/\/www.goodreads.com\/iwellguard","https:\/\/profile.hatena.ne.jp\/iwellguard\/","https:\/\/experiment.com\/users\/iwellguard","https:\/\/wakelet.com\/@iWellGuard82270","https:\/\/www.chordie.com\/forum\/profile.php?id=2555664","https:\/\/www.instapaper.com\/p\/17757966","https:\/\/www.mapleprimes.com\/users\/iwellguard","https:\/\/businesslistingplus.com\/profile\/iwell-guard\/","https:\/\/telegra.ph\/iWell-Guard-06-06","https:\/\/pbase.com\/iwellguard\/iwellguard","https:\/\/b.hatena.ne.jp\/iwellguard\/20260607#bookmark-4788405196491818882","https:\/\/fliphtml5.com\/home\/iwellguard","https:\/\/anyflip.com\/homepage\/cmiwl#About","https:\/\/transfur.com\/Users\/iwellguard","http:\/\/delphi.larsbo.org\/user\/iwellguard","https:\/\/jobs.lajobsportal.org\/profiles\/8380803-iwell-guard","https:\/\/md.chaosdorf.de\/s\/jfbe5SBdJD","https:\/\/www.lingvolive.com\/en-us\/profile\/9ecaeaca-ce11-4e51-9e71-01d55e2bff36\/translations","https:\/\/www.fitday.com\/fitness\/forums\/members\/iwellguard.html","https:\/\/www.mymeetbook.com\/iwellguard","https:\/\/pxhere.com\/en\/photographer-me\/5040798","https:\/\/disqus.com\/by\/iwellguard\/about\/","https:\/\/pastelink.net\/hjwciqwq","https:\/\/pubhtml5.com\/homepage\/scjhn\/","https:\/\/www.bitchute.com\/channel\/2O2eOKzNqujT","https:\/\/audiomack.com\/iwellguard"]},{"@type":"Person","@id":"https:\/\/iwell-guard.com\/hr\/#\/schema\/person\/ee2a27f1cac3406c7c6fb5820cb7349f","name":"Ralf Ittermann","image":{"@type":"ImageObject","inLanguage":"hr","@id":"https:\/\/secure.gravatar.com\/avatar\/073c0153e350a5005b68eb752b445fea71f6b24a26da9449ad7e155e6b446c9d?s=96&d=mm&r=g","url":"https:\/\/secure.gravatar.com\/avatar\/073c0153e350a5005b68eb752b445fea71f6b24a26da9449ad7e155e6b446c9d?s=96&d=mm&r=g","contentUrl":"https:\/\/secure.gravatar.com\/avatar\/073c0153e350a5005b68eb752b445fea71f6b24a26da9449ad7e155e6b446c9d?s=96&d=mm&r=g","caption":"Ralf Ittermann"},"givenName":"Ralf","familyName":"Ittermann","jobTitle":"Gesch\u00e4ftsf\u00fchrer und redaktioneller Verantwortlicher","url":"https:\/\/iwell-guard.com\/hr\/author\/claude\/","description":"Ralf Ittermann ist Gesch\u00e4ftsf\u00fchrer der Ittermann electronic GmbH und redaktioneller Verantwortlicher des iWell-Guard-Lexikons. Er verbindet langj\u00e4hrige Erfahrung in der Pr\u00e4zisionsfertigung mit medialer Praxis und religionsgeschichtlicher Quellenarbeit.","worksFor":{"@type":"Organization","name":"Ittermann electronic GmbH","url":"https:\/\/ittermann.de\/","address":{"@type":"PostalAddress","streetAddress":"K\u00f6hlergasse 16-18","postalCode":"99842","addressLocality":"Ruhla","addressCountry":"DE"}},"knowsAbout":["Religionsgeschichte","Mythologie","Mediale Praxis","Energetische Diagnostik","Schutzpraxis","Volksglauben","Westliche Esoterik"]},{"@type":"Article","@id":"https:\/\/iwell-guard.com\/hr\/reshef-fenicanski-bog-kuge-i-rata\/#article","isPartOf":{"@id":"https:\/\/iwell-guard.com\/hr\/reshef-fenicanski-bog-kuge-i-rata\/"},"author":{"name":"Ralf Ittermann","@id":"https:\/\/iwell-guard.com\/hr\/#\/schema\/person\/ee2a27f1cac3406c7c6fb5820cb7349f"},"headline":"Reshef \u2013 Feni\u010danski bog kuge i rata","datePublished":"2026-09-04T05:12:53+00:00","dateModified":"2026-09-04T05:30:23+00:00","mainEntityOfPage":{"@id":"https:\/\/iwell-guard.com\/hr\/reshef-fenicanski-bog-kuge-i-rata\/"},"publisher":{"@id":"https:\/\/iwell-guard.com\/hr\/#organization"},"image":{"@id":"https:\/\/iwell-guard.com\/hr\/reshef-fenicanski-bog-kuge-i-rata\/#primaryimage"},"thumbnailUrl":"https:\/\/iwell-guard.com\/wp-content\/uploads\/2026\/05\/goetter_phoenizisch_reshef.webp","inLanguage":"hr","description":"Reshef je feni\u010dansko-kanaanski bog kuge i rata, bog luka i za\u0161titnik. Religiologijska klasifikacija s izvorima."}]}},"_links":{"self":[{"href":"https:\/\/iwell-guard.com\/hr\/wp-json\/wp\/v2\/pages\/149714","targetHints":{"allow":["GET"]}}],"collection":[{"href":"https:\/\/iwell-guard.com\/hr\/wp-json\/wp\/v2\/pages"}],"about":[{"href":"https:\/\/iwell-guard.com\/hr\/wp-json\/wp\/v2\/types\/page"}],"author":[{"embeddable":true,"href":"https:\/\/iwell-guard.com\/hr\/wp-json\/wp\/v2\/users\/3"}],"replies":[{"embeddable":true,"href":"https:\/\/iwell-guard.com\/hr\/wp-json\/wp\/v2\/comments?post=149714"}],"version-history":[{"count":0,"href":"https:\/\/iwell-guard.com\/hr\/wp-json\/wp\/v2\/pages\/149714\/revisions"}],"wp:featuredmedia":[{"embeddable":true,"href":"https:\/\/iwell-guard.com\/hr\/wp-json\/wp\/v2\/media\/2852"}],"wp:attachment":[{"href":"https:\/\/iwell-guard.com\/hr\/wp-json\/wp\/v2\/media?parent=149714"}],"wp:term":[{"taxonomy":"category","embeddable":true,"href":"https:\/\/iwell-guard.com\/hr\/wp-json\/wp\/v2\/categories?post=149714"}],"curies":[{"name":"wp","href":"https:\/\/api.w.org\/{rel}","templated":true}]}}