{"id":149711,"date":"2026-09-04T05:12:52","date_gmt":"2026-09-04T05:12:52","guid":{"rendered":"https:\/\/iwell-guard.com\/?page_id=149711"},"modified":"2026-09-04T05:30:18","modified_gmt":"2026-09-04T05:30:18","slug":"yam-fenicanski-bog-mora","status":"publish","type":"page","link":"https:\/\/iwell-guard.com\/hr\/yam-fenicanski-bog-mora\/","title":{"rendered":"Yam \u2013 Feni\u010danski bog mora"},"content":{"rendered":"\t\t<div data-elementor-type=\"wp-page\" data-elementor-id=\"149711\" class=\"elementor elementor-149711 elementor-2630 elementor-bc-flex-widget\" data-elementor-post-type=\"page\">\n\t\t\t\t<div class=\"elementor-element elementor-element-iwgw-yam-hero e-flex e-con-boxed e-con e-parent\" data-id=\"iwgw-yam-hero\" data-element_type=\"container\" data-e-type=\"container\" data-settings=\"{&quot;background_background&quot;:&quot;classic&quot;}\">\n\t\t\t\t\t<div class=\"e-con-inner\">\n\t\t<div class=\"elementor-element elementor-element-iwgw-yam-hl e-flex e-con-boxed e-con e-child\" data-id=\"iwgw-yam-hl\" data-element_type=\"container\" data-e-type=\"container\">\n\t\t\t\t\t<div class=\"e-con-inner\">\n\t\t<div class=\"elementor-element elementor-element-iwgw-yam-htxt e-con-full e-flex e-con e-child\" data-id=\"iwgw-yam-htxt\" data-element_type=\"container\" data-e-type=\"container\">\n\t\t\t\t<div class=\"elementor-element elementor-element-iwgw-yam-h1 elementor-widget elementor-widget-heading\" data-id=\"iwgw-yam-h1\" data-element_type=\"widget\" data-e-type=\"widget\" data-widget_type=\"heading.default\">\n\t\t\t\t\t<h1 class=\"elementor-heading-title elementor-size-default\">Yam, feni\u010dansko-ugaritski bog mora i protivnik Baala<\/h1>\t\t\t\t<\/div>\n\t\t\t\t<div class=\"elementor-element elementor-element-iwgw-yam-lead elementor-widget elementor-widget-text-editor\" data-id=\"iwgw-yam-lead\" data-element_type=\"widget\" data-e-type=\"widget\" data-widget_type=\"text-editor.default\">\n\t\t\t\t\t\t\t\t\t<p>Yam (ugaritski <em>ym<\/em>, feni\u010danski <em>ym<\/em>) je bog mora ugaritsko-feni\u010danske tradicije i glavni protivnik boga <a href=\"https:\/\/iwell-guard.com\/hr\/?page_id=149705\">Baala<\/a> u Ciklusu o Baalu. Njegov pad obilje\u017eava uspostavu bo\u017eanskog poretka; pripada obitelji kaoti\u010dnih bi\u0107a starovjekovne <span class=\"iwg-fachbegriff\" data-tooltip=\"Ukupnost predaje o bogovima jedne kulture.\" tabindex=\"0\">mitologije<\/span> Bliskog istoka.<\/p>\t\t\t\t\t\t\t\t<\/div>\n\t\t\t\t<\/div>\n\t\t<div class=\"elementor-element elementor-element-iwgw-yam-pillc e-con-full e-flex e-con e-child\" data-id=\"iwgw-yam-pillc\" data-element_type=\"container\" data-e-type=\"container\">\n\t\t\t\t<div class=\"elementor-element elementor-element-iwgw-yam-pills elementor-widget elementor-widget-html\" data-id=\"iwgw-yam-pills\" data-element_type=\"widget\" data-e-type=\"widget\" data-widget_type=\"html.default\">\n\t\t\t\t\t<div class=\"iwg-pill-row\"><span class=\"iwg-klasse-badge\" tabindex=\"0\" data-tooltip=\"Morsko bi\u0107e feni\u010danske tradicije.\">Morsko bi\u0107e<\/span><a href=\"https:\/\/iwell-guard.com\/hr\/?page_id=149650\" class=\"iwg-kultur-badge\" tabindex=\"0\" data-tooltip=\"Mitologija feni\u010danske tradicije.\">Feni\u010danski<\/a><span class=\"iwg-tradition-badge\" tabindex=\"0\" data-tooltip=\"Bog mora.\">Bog mora<\/span><\/div>\t\t\t\t<\/div>\n\t\t\t\t<\/div>\n\t\t<div class=\"elementor-element elementor-element-iwgw-yam-tocc e-con-full e-flex e-con e-child\" data-id=\"iwgw-yam-tocc\" data-element_type=\"container\" data-e-type=\"container\">\n\t\t\t\t<div class=\"elementor-element elementor-element-iwgw-yam-toc elementor-toc--minimized-on-tablet elementor-widget elementor-widget-table-of-contents\" data-id=\"iwgw-yam-toc\" data-element_type=\"widget\" data-e-type=\"widget\" data-settings=\"{&quot;headings_by_tags&quot;:[&quot;h2&quot;,&quot;h3&quot;],&quot;minimize_box&quot;:&quot;yes&quot;,&quot;marker_view&quot;:&quot;bullets&quot;,&quot;no_headings_message&quot;:&quot;Na ovoj stranici nisu prona\\u0111eni naslovi.&quot;,&quot;exclude_headings_by_selector&quot;:[],&quot;icon&quot;:{&quot;value&quot;:&quot;fas fa-circle&quot;,&quot;library&quot;:&quot;fa-solid&quot;,&quot;rendered_tag&quot;:&quot;&lt;svg class=\\&quot;e-font-icon-svg e-fas-circle\\&quot; viewBox=\\&quot;0 0 512 512\\&quot; xmlns=\\&quot;http:\\\/\\\/www.w3.org\\\/2000\\\/svg\\&quot;&gt;&lt;path d=\\&quot;M256 8C119 8 8 119 8 256s111 248 248 248 248-111 248-248S393 8 256 8z\\&quot;&gt;&lt;\\\/path&gt;&lt;\\\/svg&gt;&quot;},&quot;minimized_on&quot;:&quot;tablet&quot;,&quot;hierarchical_view&quot;:&quot;yes&quot;,&quot;min_height&quot;:{&quot;unit&quot;:&quot;px&quot;,&quot;size&quot;:&quot;&quot;,&quot;sizes&quot;:[]},&quot;min_height_tablet&quot;:{&quot;unit&quot;:&quot;px&quot;,&quot;size&quot;:&quot;&quot;,&quot;sizes&quot;:[]},&quot;min_height_mobile&quot;:{&quot;unit&quot;:&quot;px&quot;,&quot;size&quot;:&quot;&quot;,&quot;sizes&quot;:[]}}\" data-widget_type=\"table-of-contents.default\">\n\t\t\t\t\t\t\t\t\t<div class=\"elementor-toc__header\">\n\t\t\t\t\t\t<h2 class=\"elementor-toc__header-title\">\n\t\t\t\tSadr\u017eaj\t\t\t<\/h2>\n\t\t\t\t\t\t\t\t\t\t<div class=\"elementor-toc__toggle-button elementor-toc__toggle-button--expand\" role=\"button\" tabindex=\"0\" aria-controls=\"elementor-toc__iwgw-yam-toc\" aria-expanded=\"true\" aria-label=\"Open table of contents\"><svg aria-hidden=\"true\" class=\"e-font-icon-svg e-fas-chevron-down\" viewBox=\"0 0 448 512\" xmlns=\"http:\/\/www.w3.org\/2000\/svg\"><path d=\"M207.029 381.476L12.686 187.132c-9.373-9.373-9.373-24.569 0-33.941l22.667-22.667c9.357-9.357 24.522-9.375 33.901-.04L224 284.505l154.745-154.021c9.379-9.335 24.544-9.317 33.901.04l22.667 22.667c9.373 9.373 9.373 24.569 0 33.941L240.971 381.476c-9.373 9.372-24.569 9.372-33.942 0z\"><\/path><\/svg><\/div>\n\t\t\t\t<div class=\"elementor-toc__toggle-button elementor-toc__toggle-button--collapse\" role=\"button\" tabindex=\"0\" aria-controls=\"elementor-toc__iwgw-yam-toc\" aria-expanded=\"true\" aria-label=\"Close table of contents\"><svg aria-hidden=\"true\" class=\"e-font-icon-svg e-fas-chevron-up\" viewBox=\"0 0 448 512\" xmlns=\"http:\/\/www.w3.org\/2000\/svg\"><path d=\"M240.971 130.524l194.343 194.343c9.373 9.373 9.373 24.569 0 33.941l-22.667 22.667c-9.357 9.357-24.522 9.375-33.901.04L224 227.495 69.255 381.516c-9.379 9.335-24.544 9.317-33.901-.04l-22.667-22.667c-9.373-9.373-9.373-24.569 0-33.941L207.03 130.525c9.372-9.373 24.568-9.373 33.941-.001z\"><\/path><\/svg><\/div>\n\t\t\t\t\t<\/div>\n\t\t\t\t<div id=\"elementor-toc__iwgw-yam-toc\" class=\"elementor-toc__body\">\n\t\t\t<div class=\"elementor-toc__spinner-container\">\n\t\t\t\t<svg class=\"elementor-toc__spinner eicon-animation-spin e-font-icon-svg e-eicon-loading\" aria-hidden=\"true\" viewBox=\"0 0 1000 1000\" xmlns=\"http:\/\/www.w3.org\/2000\/svg\"><path d=\"M500 975V858C696 858 858 696 858 500S696 142 500 142 142 304 142 500H25C25 237 238 25 500 25S975 237 975 500 763 975 500 975Z\"><\/path><\/svg>\t\t\t<\/div>\n\t\t<\/div>\n\t\t\t\t\t\t<\/div>\n\t\t\t\t<\/div>\n\t\t\t\t\t<\/div>\n\t\t\t\t<\/div>\n\t\t<div class=\"elementor-element elementor-element-iwgw-yam-hr e-con-full e-flex e-con e-child\" data-id=\"iwgw-yam-hr\" data-element_type=\"container\" data-e-type=\"container\">\n\t\t\t\t<div class=\"elementor-element elementor-element-iwgw-yam-heroimg iwg-hero-image elementor-widget elementor-widget-image\" data-id=\"iwgw-yam-heroimg\" data-element_type=\"widget\" data-e-type=\"widget\" data-widget_type=\"image.default\">\n\t\t\t\t\t\t\t\t\t\t\t\t\t\t\t<img fetchpriority=\"high\" decoding=\"async\" width=\"683\" height=\"1024\" src=\"https:\/\/iwell-guard.com\/wp-content\/uploads\/2026\/05\/goetter_phoenizisch_yam-683x1024.webp\" class=\"attachment-large size-large wp-image-151539\" alt=\"Jam \u2013 bog iz feni\u010danske tradicije, povijesno-ilustrativno\" srcset=\"https:\/\/iwell-guard.com\/wp-content\/uploads\/2026\/05\/goetter_phoenizisch_yam-683x1024.webp 683w, https:\/\/iwell-guard.com\/wp-content\/uploads\/2026\/05\/goetter_phoenizisch_yam-200x300.webp 200w, https:\/\/iwell-guard.com\/wp-content\/uploads\/2026\/05\/goetter_phoenizisch_yam-768x1152.webp 768w, https:\/\/iwell-guard.com\/wp-content\/uploads\/2026\/05\/goetter_phoenizisch_yam.webp 1024w\" sizes=\"(max-width: 683px) 100vw, 683px\" \/>\t\t\t\t\t\t\t\t\t\t\t\t\t\t\t<\/div>\n\t\t\t\t<\/div>\n\t\t\t\t\t<\/div>\n\t\t\t\t<\/div>\n\t\t\t\t<section class=\"elementor-section elementor-top-section elementor-element elementor-element-sec-iwgcomp2-yam elementor-section-boxed elementor-section-height-default elementor-section-height-default\" data-id=\"sec-iwgcomp2-yam\" data-element_type=\"section\" data-e-type=\"section\">\n\t\t\t\t\t\t<div class=\"elementor-container elementor-column-gap-default\">\n\t\t\t\t\t<div class=\"elementor-column elementor-col-100 elementor-top-column elementor-element elementor-element-col-iwgcomp2-yam\" data-id=\"col-iwgcomp2-yam\" data-element_type=\"column\" data-e-type=\"column\">\n\t\t\t<div class=\"elementor-widget-wrap elementor-element-populated\">\n\t\t\t\t\t\t<div class=\"elementor-element elementor-element-iwgcomp2-yam elementor-widget elementor-widget-text-editor\" data-id=\"iwgcomp2-yam\" data-element_type=\"widget\" data-e-type=\"widget\" data-widget_type=\"text-editor.default\">\n\t\t\t\t\t\t\t\t\t<p>Yam je <strong>feni\u010dansko-ugaritski<\/strong> bog mora i protivnik Baala u Ciklusu o Baalu.<\/p>\t\t\t\t\t\t\t\t<\/div>\n\t\t\t\t\t<\/div>\n\t\t<\/div>\n\t\t\t\t\t<\/div>\n\t\t<\/section>\n\t\t<div class=\"elementor-element elementor-element-iwgw-yam-s0 e-flex e-con-boxed e-con e-parent\" data-id=\"iwgw-yam-s0\" data-element_type=\"container\" data-e-type=\"container\">\n\t\t\t\t\t<div class=\"e-con-inner\">\n\t\t\t\t<div class=\"elementor-element elementor-element-iwgw-yam-s0h elementor-widget elementor-widget-heading\" data-id=\"iwgw-yam-s0h\" data-element_type=\"widget\" data-e-type=\"widget\" data-widget_type=\"heading.default\">\n\t\t\t\t\t<h2 class=\"elementor-heading-title elementor-size-default\">Uvod i kratki profil<\/h2>\t\t\t\t<\/div>\n\t\t<div class=\"elementor-element elementor-element-iwgw-yam-s0c e-con-full e-flex e-con e-child\" data-id=\"iwgw-yam-s0c\" data-element_type=\"container\" data-e-type=\"container\">\n\t\t\t\t<div class=\"elementor-element elementor-element-iwgw-yam-s0t elementor-widget elementor-widget-text-editor\" data-id=\"iwgw-yam-s0t\" data-element_type=\"widget\" data-e-type=\"widget\" data-widget_type=\"text-editor.default\">\n\t\t\t\t\t\t\t\t\t<p>Yam je feni\u010dansko-kanaanska personifikacija kaoti\u010dnog mora. Mark Smith je u djelu <em>The Ugaritic Baal Cycle<\/em> (1994\/2009) pokazao da je Yam u Ciklusu o Baalu sredi\u0161nji protivnik \u010diji pad utemeljuje kraljevsku vlast <a href=\"https:\/\/iwell-guard.com\/hr\/?page_id=149705\">Baala<\/a>. Unutar <a href=\"https:\/\/iwell-guard.com\/hr\/?page_id=149650\">feni\u010danske tradicije<\/a> Yam je prototipski kaoti\u010dni bog mora.<\/p><p>Religijskopovijesno Yam predstavlja tip bo\u017eanske kaoti\u010dne vode koji se javlja u gotovo svim mitologijama Prednje Azije: Tiamat u Mezopotamiji, Apsu, sukob Marduka i Tiamat, <a href=\"https:\/\/iwell-guard.com\/hr\/?page_id=149703\">Hedammu<\/a> u <a href=\"https:\/\/iwell-guard.com\/hr\/?page_id=149649\">hurijskoj tradiciji<\/a>, Tifon u Gr\u010dkoj. Ovi bogovi kaoti\u010dne vode nisu jednostavno zli, ve\u0107 ambivalentna kozmi\u010dka bi\u0107a \u010dije svladavanje uspostavlja bo\u017eanski poredak.<\/p><p>Za razliku od <a href=\"https:\/\/iwell-guard.com\/hr\/?page_id=149703\">Hedammua<\/a> ili <a href=\"https:\/\/iwell-guard.com\/hr\/?page_id=149702\">Ullikummija<\/a>, Yam je punopravni bog; ima svoju pala\u010du, glasnike i pola\u017ee pravo na kraljevsku vlast. Njegov poraz od Baala nije uni\u0161tenje \u010dudovi\u0161ta, ve\u0107 ishod bo\u017eanske borbe za vlast. Ova teolo\u0161ka razlika religijskopovijesno je va\u017ena i razlikuje ugaritsko-feni\u010dansku tradiciju od hurijske.<\/p><p>Posebna teolo\u0161ka poanta sukoba Baal-Yam sastoji se u tome da je Yam prvobitno legitimno postavljen za kralja odlukom Ela, staroga oca bogova. Baalov uzdignu\u0107e odvija se dakle protiv uspostavljene bo\u017eanske hijerarhije, a ne u skladu s njom. Ovaj detalj nagla\u0161ava revolucionarnu <span class=\"iwg-fachbegriff\" data-tooltip=\"Znanstveno u\u010denje o Bogu i vjeri jedne religije.\" tabindex=\"0\">teologiju<\/span> Ciklusa o Baalu, koji uspostavlja novi bo\u017eanski poredak.<\/p><p>Ova teolo\u0161ka konfiguracija s vladaju\u0107im kraljem (Yam) i revolucionarnim bogom oluje (Baal) ima blizu paralelu u hetitskom Kumarbijevu ciklusu, gdje se <a href=\"https:\/\/iwell-guard.com\/hr\/?page_id=149699\">Teshub<\/a> uzdi\u017ee protiv uspostavljenog oca bogova <a href=\"https:\/\/iwell-guard.com\/hr\/?page_id=149698\">Kumarbija<\/a>. Religijskopovijesna povezanost isto\u010dnog Mediterana kasnog bronzanog doba ovdje je posebno gusta.<\/p>\t\t\t\t\t\t\t\t<\/div>\n\t\t\t\t<\/div>\n\t\t\t\t\t<\/div>\n\t\t\t\t<\/div>\n\t\t<div class=\"elementor-element elementor-element-iwgw-yam-s1 e-flex e-con-boxed e-con e-parent\" data-id=\"iwgw-yam-s1\" data-element_type=\"container\" data-e-type=\"container\">\n\t\t\t\t\t<div class=\"e-con-inner\">\n\t\t\t\t<div class=\"elementor-element elementor-element-iwgw-yam-s1h elementor-widget elementor-widget-heading\" data-id=\"iwgw-yam-s1h\" data-element_type=\"widget\" data-e-type=\"widget\" data-widget_type=\"heading.default\">\n\t\t\t\t\t<h2 class=\"elementor-heading-title elementor-size-default\">Ime i etimologija<\/h2>\t\t\t\t<\/div>\n\t\t<div class=\"elementor-element elementor-element-iwgw-yam-s1c e-con-full e-flex e-con e-child\" data-id=\"iwgw-yam-s1c\" data-element_type=\"container\" data-e-type=\"container\">\n\t\t\t\t<div class=\"elementor-element elementor-element-iwgw-yam-s1t elementor-widget elementor-widget-text-editor\" data-id=\"iwgw-yam-s1t\" data-element_type=\"widget\" data-e-type=\"widget\" data-widget_type=\"text-editor.default\">\n\t\t\t\t\t\t\t\t\t<p>Ime <em>ym<\/em> zajedni\u010dka je zapadnosemitska rije\u010d za &#8216;more&#8217;; Yam je dakle doslovno &#8216;more&#8217; samo. Ova istovjetnost imena boga i kozmi\u010dke kategorije tipi\u010dna je za starovjekovnu teogoniju Bliskog istoka. U akadskom bi odgovarala rije\u010d <em>t\u00e2mtu<\/em> (Tiamat); u hebrejskom <em>y\u0101m<\/em> (istog podrijetla, ali ne personificirano kao bo\u017eanstvo).<\/p><p>U ugaritskim tekstovima Yam se javlja pod vi\u0161e naziva: <em>zbl ym<\/em> &#8216;knez Yam&#8217;, <em>tp\u1e6d nhr<\/em> &#8216;sudac Rijeka&#8217;, <em>\u02beyl rbn<\/em> &#8216;Mo\u0107ni bog&#8217; i <em>tnn<\/em> &#8216;Tannin&#8217; (morski zmaj). Vi\u0161estruko nazivanje odra\u017eava kozmi\u010dku vi\u0161efunkcionalnost: Yam je istovremeno more, rijeka, zmaj i pretendent na kraljevsku vlast.<\/p><p>U hebrejskim izvorima Yam se javlja kao kozmi\u010dki protivnik Jahve u nekoliko psalama i proro\u010dkih tekstova (Ps 74; Ps 89; Iz 27; Hab 3); i Livjatan (Levijatan) i Tannin pripadaju \u0161irokoj obitelji Yama.<\/p><p>John Day je u djelu <em>God&#8217;s Conflict with the Dragon and the Sea<\/em> (1985) detaljno istra\u017eio hebrejske izvore; Mark Smith je u <em>The Origins of Biblical Monotheism<\/em> (2001) provedeno povijesno smje\u0161tanje.<\/p><p>U aramejskim i feni\u010danskim natpisima 1. tisu\u0107lje\u0107a pr. Kr. personificirani lik Yama i\u0161\u010dezava; more se sve vi\u0161e spominje samo kao kozmi\u010dka sfera, a ne kao djelatni bog. Ova &#8216;debo\u017eanstvenje&#8217; mora religijskopovijesno je pou\u010dno i te\u010de paralelno s konsolidacijom Baalova kulta kao glavnog kulta.<\/p>\t\t\t\t\t\t\t\t<\/div>\n\t\t\t\t<\/div>\n\t\t\t\t\t<\/div>\n\t\t\t\t<\/div>\n\t\t<div class=\"elementor-element elementor-element-iwgw-yam-s2 e-flex e-con-boxed e-con e-parent\" data-id=\"iwgw-yam-s2\" data-element_type=\"container\" data-e-type=\"container\">\n\t\t\t\t\t<div class=\"e-con-inner\">\n\t\t\t\t<div class=\"elementor-element elementor-element-iwgw-yam-s2h elementor-widget elementor-widget-heading\" data-id=\"iwgw-yam-s2h\" data-element_type=\"widget\" data-e-type=\"widget\" data-widget_type=\"heading.default\">\n\t\t\t\t\t<h2 class=\"elementor-heading-title elementor-size-default\">Opis i ikonografija<\/h2>\t\t\t\t<\/div>\n\t\t<div class=\"elementor-element elementor-element-iwgw-yam-s2c e-con-full e-flex e-con e-child\" data-id=\"iwgw-yam-s2c\" data-element_type=\"container\" data-e-type=\"container\">\n\t\t\t\t<div class=\"elementor-element elementor-element-iwgw-yam-s2t elementor-widget elementor-widget-text-editor\" data-id=\"iwgw-yam-s2t\" data-element_type=\"widget\" data-e-type=\"widget\" data-widget_type=\"text-editor.default\">\n\t\t\t\t\t\t\t\t\t<p>Yam se u ikonografiji rijetko prikazuje u personificiranom obliku; naj\u010de\u0161\u0107e se predstavlja kao samo more ili kao golema morska zmija (Tannin). Na nekim ugaritskim pe\u010datima iz 14.\/13. stolje\u0107a pr. Kr. borba Baala i Yama prikazana je u simboli\u010dkom obliku: Baal s podignutom kija\u010dom iznad zmijskog lika.<\/p><p>U feni\u010danskim kontekstima ikonografija Yama jo\u0161 je rje\u0111a; more se \u010de\u0161\u0107e simbolizira kao kozmi\u010dko okru\u017eenje feni\u010danske pomorske plovidbe, s prikazima brodskih pramaca, motivima riba i ornamentima valova, bez izravne personifikacije Yama.<\/p><p>Va\u017ena ikonografska tradicija razvija se u helenisti\u010dko-rimskom razdoblju: Yam-Poseidon s trozubom i konjskom zapregom. Ovo preslikavanje gr\u010dkih prikaza Poseidona na feni\u010dansko-zapadnosemitsku tradiciju boga mora manje je izra\u017eeno u feni\u010danskoj domovini nego u zapadnomediteranskim kolonijama, gdje je gr\u010dki utjecaj bio sna\u017eniji.<\/p><p>Poznata bikovska <span class=\"iwg-fachbegriff\" data-tooltip=\"Uspravna kamena ili drvena plo\u010da s natpisom ili slikom.\" tabindex=\"0\">stela<\/span> iz Ras Shamre prikazuje malen zmijski oblik pod Baalovim nogama; u istra\u017eivanjima se ta zmija \u010desto identificira s Yam-Tanninom. Ova ikonografska potvrda Baalove pobjede nad zmijom jedan je od najva\u017enijih slikovnih svjedo\u010danstava Ciklusa o Baalu.<\/p>\t\t\t\t\t\t\t\t<\/div>\n\t\t\t\t<\/div>\n\t\t\t\t\t<\/div>\n\t\t\t\t<\/div>\n\t\t<div class=\"elementor-element elementor-element-iwgw-yam-s3 e-flex e-con-boxed e-con e-parent\" data-id=\"iwgw-yam-s3\" data-element_type=\"container\" data-e-type=\"container\">\n\t\t\t\t\t<div class=\"e-con-inner\">\n\t\t\t\t<div class=\"elementor-element elementor-element-iwgw-yam-s3h elementor-widget elementor-widget-heading\" data-id=\"iwgw-yam-s3h\" data-element_type=\"widget\" data-e-type=\"widget\" data-widget_type=\"heading.default\">\n\t\t\t\t\t<h2 class=\"elementor-heading-title elementor-size-default\">Mitolo\u0161ke pri\u010de<\/h2>\t\t\t\t<\/div>\n\t\t<div class=\"elementor-element elementor-element-iwgw-yam-s3c e-con-full e-flex e-con e-child\" data-id=\"iwgw-yam-s3c\" data-element_type=\"container\" data-e-type=\"container\">\n\t\t\t\t<div class=\"elementor-element elementor-element-iwgw-yam-s3t elementor-widget elementor-widget-text-editor\" data-id=\"iwgw-yam-s3t\" data-element_type=\"widget\" data-e-type=\"widget\" data-widget_type=\"text-editor.default\">\n\t\t\t\t\t\t\t\t\t<p>Glavni izvor za Yama je ugaritski Baalov ciklus (KTU 1.1, 1.2), u kojem je prikazan sukob izme\u0111u Yama i <a href=\"https:\/\/iwell-guard.com\/hr\/?page_id=149705\">Baala<\/a>. Radnja u osnovnim crtama: Yam, kojeg je El slu\u017ebeno proglasio kraljem, \u0161alje svoje glasnike vije\u0107u bogova i zahtijeva Baalovo izru\u010denje. Bogovi dr\u0161\u0107u i sagibaju glave; jedino se Baal odupire i prihva\u0107a borbu.<\/p><p>Kova\u010dki bog Kothar-wa-Khasis izra\u0111uje za Baala dva magi\u010dna oru\u017eja \u010dija su imena &#8216;Ayamur&#8217; i &#8216;Yagrush&#8217; (&#8216;onaj koji tjera&#8217; i &#8216;onaj koji progoni&#8217;). Baal se njima bori protiv Yama; prvi udarac Yama zatetura, drugi ga smrska.<\/p><p>Yam pada na tlo; Baal progla\u0161ava: &#8216;Yam je mrtav, Baal je kralj!&#8217; Mark Smith je detaljno komentirao ovaj tekst u svom monumentalnom izdanju.<\/p><p>Druga ugaritska epizoda opisuje borbu <a href=\"https:\/\/iwell-guard.com\/hr\/?page_id=149713\">Anat<\/a> protiv Yama, u kojoj ona podupire svog brata Baala. Anat &#8216;ubija more, pora\u017eava rijeku, ponizuje Tannina, svladava zavijenu zmiju&#8217;. Ovaj slijed Anat-Yam povijesno je pou\u010dan i pokazuje da je borba protiv kaoti\u010dnih voda bila zajedni\u010dki bo\u017eanski napor, a ne samo Baalov usamljeni \u010din.<\/p><p>Jo\u0161 jedna fragmentarna epizoda opisuje Yama u vezi s &#8216;Elovim sinovima&#8217; (<em>bn \u02beil<\/em>), koji funkcioniraju kao vije\u0107e bogova. Yamov zahtjev razmatra se u vije\u0107u bogova, El pristaje, a jedino se Baal usprotivi. Ova tradicija &#8216;bo\u017eanskog vije\u0107a&#8217; religijskopovijesno je zna\u010dajna i ima paralele s hebrejskim <span class=\"iwg-fachbegriff\" data-tooltip=\"Element sadr\u017eaja koji se ponavlja u umjetnosti ili pripovijedanju.\" tabindex=\"0\">motivom<\/span> &#8216;sinova Bo\u017ejih&#8217; (Job 1; Ps 82).<\/p><p>Ugaritski pjeva\u010di vjerojatno su izvodili sukob Baala i Yama u potpunoj izvedbi, s nositeljima plo\u010da, glazbalima i kultnim plesovima. Ova dimenzija izvedbe sustavno je obra\u0111ena u novijim istra\u017eivanjima Ugarita, primjerice kod Wilfreda Watsona i Pierrea Bordreuila.<\/p>\t\t\t\t\t\t\t\t<\/div>\n\t\t\t\t<\/div>\n\t\t\t\t\t<\/div>\n\t\t\t\t<\/div>\n\t\t<div class=\"elementor-element elementor-element-iwgw-yam-s4 e-flex e-con-boxed e-con e-parent\" data-id=\"iwgw-yam-s4\" data-element_type=\"container\" data-e-type=\"container\">\n\t\t\t\t\t<div class=\"e-con-inner\">\n\t\t\t\t<div class=\"elementor-element elementor-element-iwgw-yam-s4h elementor-widget elementor-widget-heading\" data-id=\"iwgw-yam-s4h\" data-element_type=\"widget\" data-e-type=\"widget\" data-widget_type=\"heading.default\">\n\t\t\t\t\t<h2 class=\"elementor-heading-title elementor-size-default\">Kult i \u0161tovanje<\/h2>\t\t\t\t<\/div>\n\t\t<div class=\"elementor-element elementor-element-iwgw-yam-s4c e-con-full e-flex e-con e-child\" data-id=\"iwgw-yam-s4c\" data-element_type=\"container\" data-e-type=\"container\">\n\t\t\t\t<div class=\"elementor-element elementor-element-iwgw-yam-s4t elementor-widget elementor-widget-text-editor\" data-id=\"iwgw-yam-s4t\" data-element_type=\"widget\" data-e-type=\"widget\" data-widget_type=\"text-editor.default\">\n\t\t\t\t\t\t\t\t\t<p>Yam nije bio predmet kulta; kao bog kaosa nije bio \u0161tovan, ve\u0107 je u ritualima <span class=\"iwg-fachbegriff\" data-tooltip=\"Pripada utvr\u0111enom vjerskom obrednom slijedu.\" tabindex=\"0\">ritualno<\/span> pobje\u0111ivan. U nekim za\u0161titnim ritualima javlja se kao prototipni primjer kozmi\u010dke opasnosti koju treba odbiti bo\u017eanskom intervencijom.<\/p><p>Njegov <span class=\"iwg-fachbegriff\" data-tooltip=\"Predana pri\u010da o bogovima, izvorima i poretku svijeta.\" tabindex=\"0\">mit<\/span> je, me\u0111utim, recitiran u dr\u017eavnom kultu; Baalov ciklus bio je dio repertoara ugaritskih pjeva\u010da i vjerojatno se izvodio na velikim svetkovinama. Mogu\u0107e je da je obredno ponovno izvo\u0111enje slijeda Baal-Yam bilo dio proljetnog svetkovinskog obreda, sli\u010dno mezopotamskom Enuma Eli\u0161u na Novoj godini.<\/p><p>U feni\u010dkim pomorskim ritualima more se <span class=\"iwg-fachbegriff\" data-tooltip=\"Pripada utvr\u0111enom vjerskom obrednom slijedu.\" tabindex=\"0\">ritualno<\/span> umirivalo; brodski kapetani i putnici prinosili su <span class=\"iwg-fachbegriff\" data-tooltip=\"Dar bo\u017eanstvu kojim se izra\u017eava zahvala, molba ili po\u0161tovanje.\" tabindex=\"0\">\u017ertve<\/span> moru, u nadi da \u0107e ostvariti siguran prijelaz. Ta pomorska pobo\u017enost nije se izravno odnosila na Yama, ali je bila dio istog kozmolo\u0161kog svjetonazora. Sabatino Moscati opisao je feni\u010dku pomorsku kulturu u vi\u0161e studija.<\/p><p>Postoji va\u017ena obredna veza izme\u0111u pobjede nad Yamom i ugaritske proljetne svetkovine; sukob se vjerojatno <span class=\"iwg-fachbegriff\" data-tooltip=\"Pripada utvr\u0111enom vjerskom obrednom slijedu.\" tabindex=\"0\">ritualno<\/span> obnavljao u vrijeme proljetnih oluja, kad su jake zimske ki\u0161e jenjavale i po\u010dinjala pomorska sezona. Ta obredna sezonalnost povijesno je karakteristi\u010dna za isto\u010dno sredozemno kasno bronzano doba.<\/p>\t\t\t\t\t\t\t\t<\/div>\n\t\t\t\t<\/div>\n\t\t\t\t\t<\/div>\n\t\t\t\t<\/div>\n\t\t<div class=\"elementor-element elementor-element-iwgw-yam-s5 e-flex e-con-boxed e-con e-parent\" data-id=\"iwgw-yam-s5\" data-element_type=\"container\" data-e-type=\"container\">\n\t\t\t\t\t<div class=\"e-con-inner\">\n\t\t\t\t<div class=\"elementor-element elementor-element-iwgw-yam-s5h elementor-widget elementor-widget-heading\" data-id=\"iwgw-yam-s5h\" data-element_type=\"widget\" data-e-type=\"widget\" data-widget_type=\"heading.default\">\n\t\t\t\t\t<h2 class=\"elementor-heading-title elementor-size-default\">Za\u0161titna praksa i apotropejski elementi<\/h2>\t\t\t\t<\/div>\n\t\t<div class=\"elementor-element elementor-element-iwgw-yam-s5c e-con-full e-flex e-con e-child\" data-id=\"iwgw-yam-s5c\" data-element_type=\"container\" data-e-type=\"container\">\n\t\t\t\t<div class=\"elementor-element elementor-element-iwgw-yam-s5t elementor-widget elementor-widget-text-editor\" data-id=\"iwgw-yam-s5t\" data-element_type=\"widget\" data-e-type=\"widget\" data-widget_type=\"text-editor.default\">\n\t\t\t\t\t\t\t\t\t<p>Apotropejske su prakse protiv kaoti\u010dnog mora bile ra\u0161irene u feni\u010dkim kontekstima. Na ukrasima brodskih pramaca javljaju se apotropejske o\u010di, simboli bikovih rogova ili &#8216;Tanitov znak&#8217; kao za\u0161tita od morskih opasnosti. Ti su prikazi bili standardna oprema feni\u010dkih trgova\u010dkih i ratnih brodova.<\/p><p>U lu\u010dkim gradovima kori\u0161tene su za\u0161titne formule protiv &#8216;razjarenog mora i njegovih bi\u0107a&#8217;; u punskim natpisima nalaze se zavjetni darovi za sretan povratak s morskih putovanja. Ta putna pobo\u017enost religijskopovijesno je zanimljiva jer izravno vjerski okvirje daje me\u0111unarodnoj mobilnosti feni\u010dkog svijeta.<\/p><p data-nosnippet=\"true\">Sa znanstvenog gledi\u0161ta Yam je primjer personifikacije kaoti\u010dnog mora. Njegov narativni poraz Baalovim magi\u010dnim oru\u017ejem povijesno je usporediv s sukobom Marduka i Tiamat, u kojem magi\u010dno oru\u017eje tako\u0111er donosi pobjedu. iWell Guard navodi Yama kao povijesno-mitolo\u0161ki lik bez dana\u0161nje za\u0161titne funkcije i bez suvremenih obe\u0107anja iscjeljenja.<\/p><p>U punskim natpisima iz Kartage i Motye javljaju se &#8216;bogovi mora&#8217; (feni\u010dki <em>\u02belm ym<\/em>) kao primatelji zavjetnih darova prije morskih putovanja; je li ovdje rije\u010d o izravnom sje\u0107anju na Yama ili o generi\u010dkom <span class=\"iwg-fachbegriff\" data-tooltip=\"Molbeno ili zazivno obra\u0107anje bo\u017eanstvu ili sili.\" tabindex=\"0\">prizivanju<\/span> boga mora, ostaje sporno.<\/p><p>Feni\u010dka brodska prama\u010dna oka religijskopovijesno se tuma\u010de kao <span class=\"iwg-fachbegriff\" data-tooltip=\"Odbija zlo: odnosi se na znakove i predmete koji trebaju odbiti \u0161tetne utjecaje.\" tabindex=\"0\">apotropejska<\/span>; pretvaraju pogled broda u za\u0161titnu snagu protiv Yama i njegovih bi\u0107a.<\/p>\t\t\t\t\t\t\t\t<\/div>\n\t\t\t\t<\/div>\n\t\t\t\t\t<\/div>\n\t\t\t\t<\/div>\n\t\t<div class=\"elementor-element elementor-element-iwgw-yam-s6 e-flex e-con-boxed e-con e-parent\" data-id=\"iwgw-yam-s6\" data-element_type=\"container\" data-e-type=\"container\">\n\t\t\t\t\t<div class=\"e-con-inner\">\n\t\t\t\t<div class=\"elementor-element elementor-element-iwgw-yam-s6h elementor-widget elementor-widget-heading\" data-id=\"iwgw-yam-s6h\" data-element_type=\"widget\" data-e-type=\"widget\" data-widget_type=\"heading.default\">\n\t\t\t\t\t<h2 class=\"elementor-heading-title elementor-size-default\">Paralele u drugim kulturama<\/h2>\t\t\t\t<\/div>\n\t\t<div class=\"elementor-element elementor-element-iwgw-yam-s6c e-con-full e-flex e-con e-child\" data-id=\"iwgw-yam-s6c\" data-element_type=\"container\" data-e-type=\"container\">\n\t\t\t\t<div class=\"elementor-element elementor-element-iwgw-yam-s6t elementor-widget elementor-widget-text-editor\" data-id=\"iwgw-yam-s6t\" data-element_type=\"widget\" data-e-type=\"widget\" data-widget_type=\"text-editor.default\">\n\t\t\t\t\t\t\t\t\t<p>Yam pripada me\u0111unarodnoj obitelji bogova kaoti\u010dnih voda. U mezopotamskoj tradiciji odgovara mu Tiamat iz Enuma Eli\u0161a; u <a href=\"https:\/\/iwell-guard.com\/hr\/?page_id=149649\">huritsko-hetitskoj tradiciji<\/a> to su <a href=\"https:\/\/iwell-guard.com\/hr\/?page_id=149703\">Hedammu<\/a> i fragmentarna &#8216;Pjesma o moru&#8217; (CTH 346) protiv <a href=\"https:\/\/iwell-guard.com\/hr\/?page_id=149699\">Te\u0161uba<\/a>. Mark Smith i Mary Bachvarova u vi\u0161e studija dokumentirali su povezanost tih mitologija.<\/p><p>U hebrejskom materijalu Yam je kozmi\u010dki protivnik Jahve u nekoliko psalama; stvaranje se tuma\u010di kao Jahvina pobjeda nad Yamom, Livjatanom i Taninom (Ps 74:13, 14; Iz 27:1). Ti tekstovi pripadaju &#8216;<span class=\"iwg-fachbegriff\" data-tooltip=\"Znanstveno u\u010denje o Bogu i o vjeri neke religije.\" tabindex=\"0\">teologiji<\/span> kaosbitke&#8217; hebrejske Biblije i povijesno su izravno ovisni o ugaritskoj Yam-tradiciji.<\/p><p>S gr\u010dkim Tifonom Yam deli profil protivnika kaosa; s Posejdonom personifikaciju mora, iako u znatno druk\u010dijoj teolo\u0161koj konfiguraciji. U helenisti\u010dko-rimskom razdoblju feni\u010danski Yam je izjedna\u010den s Posejdonom; pri tome je aktivni profil protivnika kaosa preina\u010den u korist funkcije boga pomorstva.<\/p><p>U urartskim natpisima javlja se bog mora Quera, \u010dija se povijesno-religijska veza s Yamom posljednjih godina raspravlja. Istra\u017eivanja Mirjo Salvinija donose ovdje va\u017ene nove spoznaje.<\/p>\t\t\t\t\t\t\t\t<\/div>\n\t\t\t\t<\/div>\n\t\t\t\t\t<\/div>\n\t\t\t\t<\/div>\n\t\t<div class=\"elementor-element elementor-element-iwgw-yam-s7 e-flex e-con-boxed e-con e-parent\" data-id=\"iwgw-yam-s7\" data-element_type=\"container\" data-e-type=\"container\">\n\t\t\t\t\t<div class=\"e-con-inner\">\n\t\t\t\t<div class=\"elementor-element elementor-element-iwgw-yam-s7h elementor-widget elementor-widget-heading\" data-id=\"iwgw-yam-s7h\" data-element_type=\"widget\" data-e-type=\"widget\" data-widget_type=\"heading.default\">\n\t\t\t\t\t<h2 class=\"elementor-heading-title elementor-size-default\">Suvremena recepcija i istra\u017eivanja<\/h2>\t\t\t\t<\/div>\n\t\t<div class=\"elementor-element elementor-element-iwgw-yam-s7c e-con-full e-flex e-con e-child\" data-id=\"iwgw-yam-s7c\" data-element_type=\"container\" data-e-type=\"container\">\n\t\t\t\t<div class=\"elementor-element elementor-element-iwgw-yam-s7t elementor-widget elementor-widget-text-editor\" data-id=\"iwgw-yam-s7t\" data-element_type=\"widget\" data-e-type=\"widget\" data-widget_type=\"text-editor.default\">\n\t\t\t\t\t\t\t\t\t<p>Istra\u017eivanje Yama danas je na visokoj razini. Izdanje Baalskog ciklusa autora Marka Smitha i Waynea Pitarda standardna je referenca; John Day u djelu <em>God&#8217;s Conflict with the Dragon and the Sea<\/em> (1985) detaljno je istra\u017eio hebrejske paralele. Daniel Schwemer je u <em>Die Wettergottgestalten<\/em> (2001) dao povijesni okvir.<\/p><p>U popularnoj recepciji Yam je poznat prije svega kroz ugaritske mitove i hebrejsko-biblijske aluzije. Duhovno o\u017eivljavanje u novopaganskom smislu ne postoji.<\/p><p>Znanstveno se Yam danas smatra sredi\u0161njim predmetom prou\u010davanja starobliskoisto\u010dne <span class=\"iwg-fachbegriff\" data-tooltip=\"Znanstveno u\u010denje o Bogu i o vjeri neke religije.\" tabindex=\"0\">teologije<\/span> kaoti\u010dnih voda i mitske obitelji sukoba boga oluje s morem.<\/p><p>Trenuta\u010dna te\u017ei\u0161ta istra\u017eivanja usmjerena su na razlikovanje raznih morskih bi\u0107a (Yam, Livjatan, Tanin), na biblijske paralele i na pitanje to\u010dnog povijesno-religijskog odnosa prema mezopotamskoj tradiciji Tiamat. iWell Guard navodi Yama kao povijesni primjer bez prakti\u010dne za\u0161titne funkcije.<\/p><p>U modernom biblijskom istra\u017eivanju Yam se sve sustavnije obra\u0111uje kao povijesno-religijska podloga tekstova o stvaranju i sukobu s kaosom. Bernard Batto i John Day u vi\u0161e studija detaljno su istra\u017eili povezanost Yam-tradicije s hebrejskim izvje\u0161tajem o stvaranju.<\/p>\t\t\t\t\t\t\t\t<\/div>\n\t\t\t\t<\/div>\n\t\t\t\t\t<\/div>\n\t\t\t\t<\/div>\n\t\t<div class=\"elementor-element elementor-element-iwgw-yam-s8 e-flex e-con-boxed e-con e-parent\" data-id=\"iwgw-yam-s8\" data-element_type=\"container\" data-e-type=\"container\">\n\t\t\t\t\t<div class=\"e-con-inner\">\n\t\t\t\t<div class=\"elementor-element elementor-element-iwgw-yam-s8h elementor-widget elementor-widget-heading\" data-id=\"iwgw-yam-s8h\" data-element_type=\"widget\" data-e-type=\"widget\" data-widget_type=\"heading.default\">\n\t\t\t\t\t<h2 class=\"elementor-heading-title elementor-size-default\">Literatura i izvori<\/h2>\t\t\t\t<\/div>\n\t\t<div class=\"elementor-element elementor-element-iwgw-yam-s8c e-con-full e-flex e-con e-child\" data-id=\"iwgw-yam-s8c\" data-element_type=\"container\" data-e-type=\"container\">\n\t\t\t\t<div class=\"elementor-element elementor-element-iwgw-yam-s8t elementor-widget elementor-widget-text-editor\" data-id=\"iwgw-yam-s8t\" data-element_type=\"widget\" data-e-type=\"widget\" data-widget_type=\"text-editor.default\">\n\t\t\t\t\t\t\t\t\t<p>Sljede\u0107i izbor okuplja najva\u017enija standardna djela o istra\u017eivanju Yama. Obuhva\u0107a izdanja izvornih tekstova, povijesne sinteze i studije o hebrejsko-biblijskim paralelama. Izdanje Baalskog ciklusa Marka Smitha temelj je primarnih izvora; John Day i Schwemer donose povijesno-religijsku kontekstualizaciju. Mary Bachvarova nudi poveznicu prema gr\u010dkoj tradiciji.<\/p>\t\t\t\t\t\t\t\t<\/div>\n\t\t\t\t<\/div>\n\t\t\t\t\t<\/div>\n\t\t\t\t<\/div>\n\t\t<div class=\"elementor-element elementor-element-cp267ce5fe e-flex e-con-boxed e-con e-parent\" data-id=\"cp267ce5fe\" data-element_type=\"container\" data-e-type=\"container\">\n\t\t\t\t\t<div class=\"e-con-inner\">\n\t\t\t\t<div class=\"elementor-element elementor-element-cp2c5eeff3 elementor-widget elementor-widget-heading\" data-id=\"cp2c5eeff3\" data-element_type=\"widget\" data-e-type=\"widget\" data-widget_type=\"heading.default\">\n\t\t\t\t\t<h2 class=\"elementor-heading-title elementor-size-default\">Ugaritski Baalski ciklus kao glavni izvor<\/h2>\t\t\t\t<\/div>\n\t\t<div class=\"elementor-element elementor-element-cp24751ec0 e-flex e-con-boxed e-con e-child\" data-id=\"cp24751ec0\" data-element_type=\"container\" data-e-type=\"container\">\n\t\t\t\t\t<div class=\"e-con-inner\">\n\t\t\t\t<div class=\"elementor-element elementor-element-cp20cca71c elementor-widget elementor-widget-text-editor\" data-id=\"cp20cca71c\" data-element_type=\"widget\" data-e-type=\"widget\" data-widget_type=\"text-editor.default\">\n\t\t\t\t\t\t\t\t\t<p>Skoro sve \u0161to se mo\u017ee re\u0107i o <em>Yammuu<\/em> kao djeluju\u0107em liku potje\u010de iz jednog jedinog skupa tekstova: takozvanog Baalskog ciklusa, serije glinenih plo\u010dica pisanih alfabetskim klinopisom, koje su izme\u0111u 1929. i tridesetih godina 20. stolje\u0107a prona\u0111ene tijekom francuskih iskopavanja pod vodstvom Claudea Schaeffera na <em>Tell Ras \u0160amri<\/em> na sirijskoj obali.<\/p><p>Plo\u010dice se danas vode pod signaturama KTU 1.1 do 1.6; epizoda o Yamu koncentrirana je na KTU 1.1 i 1.2. Prema podacima u kolofonu napisao ih je pisar Ilimilku, vjerojatno u 14. ili 13. stolje\u0107u pr. Kr.<\/p><p><span class=\"iwg-fachbegriff\" data-tooltip=\"Preno\u0161enje znanja i pri\u010da kroz generacije.\" tabindex=\"0\">Predaja<\/span> je nepotpuna. Plo\u010dica KTU 1.1 jako je o\u0161te\u0107ena, po\u010detak sukoba ve\u0107im dijelom nedostaje. Tek KTU 1.2 po\u010dinje povezanom scenom: Yam \u0161alje glasnike na skup\u0161tinu bogova i zahtijeva predaju Baala.<\/p><p>Istra\u017eivanje se od prvih izdanja Charlesa Virolleauda pita je li postojala jo\u0161 jedna, izgubljena plo\u010dica koja je sadr\u017eavala po\u010detak sukoba. Sam redoslijed plo\u010dica nije potvr\u0111en kolofonima, ve\u0107 je rekonstrukcija urednika.<\/p><p>Za znanstveni rad ova situacija izvora presudna je: Yam nije lik \u0161iroke, mnogoglasne <span class=\"iwg-fachbegriff\" data-tooltip=\"Preno\u0161enje znanja i pri\u010da kroz generacije.\" tabindex=\"0\">predaje<\/span>, nego je dostupan skoro isklju\u010divo iz perspektive pro-baalskog pripovjednog teksta. Izjave o samostalnom <span class=\"iwg-fachbegriff\" data-tooltip=\"Ukupnost religijskih obrednih radnji posve\u0107enih nekom bo\u017eanstvu ili svetom liku.\" tabindex=\"0\">kultu<\/span> Yama, o himnama upu\u0107enim njemu ili o njegovoj ulozi izvan sukoba s Baalom ostaju stoga spekulativne.<\/p><p>Standardno izdanje danas je <em>Die keilalphabetischen Texte aus Ugarit<\/em> (KTU) autora Manfrieda Dietricha, Oswalda Loretza i Joaqu\u00edna Sanmart\u00edna; \u010desto kori\u0161ten engleski prijevod s komentarom potje\u010de od Marka S. Smitha.<\/p>\t\t\t\t\t\t\t\t<\/div>\n\t\t\t\t\t<\/div>\n\t\t\t\t<\/div>\n\t\t\t\t\t<\/div>\n\t\t\t\t<\/div>\n\t\t<div class=\"elementor-element elementor-element-cp24e2e352 e-flex e-con-boxed e-con e-parent\" data-id=\"cp24e2e352\" data-element_type=\"container\" data-e-type=\"container\">\n\t\t\t\t\t<div class=\"e-con-inner\">\n\t\t\t\t<div class=\"elementor-element elementor-element-cp22d58ce9 elementor-widget elementor-widget-heading\" data-id=\"cp22d58ce9\" data-element_type=\"widget\" data-e-type=\"widget\" data-widget_type=\"heading.default\">\n\t\t\t\t\t<h2 class=\"elementor-heading-title elementor-size-default\">Skup\u0161tina bogova i Yamova poruka<\/h2>\t\t\t\t<\/div>\n\t\t<div class=\"elementor-element elementor-element-cp248e4b3c e-flex e-con-boxed e-con e-child\" data-id=\"cp248e4b3c\" data-element_type=\"container\" data-e-type=\"container\">\n\t\t\t\t\t<div class=\"e-con-inner\">\n\t\t\t\t<div class=\"elementor-element elementor-element-cp220d4b7a elementor-widget elementor-widget-text-editor\" data-id=\"cp220d4b7a\" data-element_type=\"widget\" data-e-type=\"widget\" data-widget_type=\"text-editor.default\">\n\t\t\t\t\t\t\t\t\t<p>Najbolje sa\u010duvana scena s Yamom (KTU 1.2 i) prikazuje sjednicu bogova pod predsjedanjem vrhovnog boga <em>Ela<\/em>. Yam \u0161alje dva glasnika sa zahtjevom da im se preda Baal, bilo kao onaj koji pla\u0107a danak, bilo kao zarobljenik.<\/p><p>Tekst scenu opisuje s preciznom koreografijom: bogovi, u trenutku dolaska glasnika, spu\u0161taju glave na koljena, gesta straha. Baal ih za to prekorava i ustaje.<\/p><p>El, patrijarh skupa, reagira popustljivo. U nekoliko odlomaka Yama naziva svojim \u0161ti\u0107enikom i djeluje spreman udovoljiti zahtjevu, nazivaju\u0107i Baala Yamovim slugom.<\/p><p>Ovaj Elov stav predmet je brojnih rasprav\u0430: pokazuje da u ugaritskom <span class=\"iwg-fachbegriff\" data-tooltip=\"Ukupnost bogova neke religije ili kulture.\" tabindex=\"0\">panteonu<\/span> vrhovni bog nije istovjetan pobjedni\u010dkom bogu vremena, i konfliktu daje politi\u010dku notu, gotovo poput sukoba za prijestolje unutar obitelji.<\/p><p>Yam u ovim stihovima nosi ustaljene dvostruke nazive. Uz <em>ym<\/em> javlja se i kao <em>tpt nhr<\/em>, \u010desto prevo\u0111eno kao &#8220;sudac Rijeka&#8221; ili &#8220;vladar Struja&#8221;. Paralelno postavljanje &#8220;mora&#8221; i &#8220;rijeke&#8221; tipi\u010dno je stilsko sredstvo ugaritskog pjesni\u0161tva i poja\u0161njava da Yam utjelovljuje svu neukro\u0107enu vodu, a ne samo otvoreno more.<\/p><p>Scena zavr\u0161ava Baalovim odbijanjem i njegovom objavom da \u0107e napasti glasnike i njihovog gospodara. Ona tako \u010dini izravnu pripremu za dvoboj, koji je opisan na istoj plo\u010di u KTU 1.2 iv. Za suprotnu figuru vidi i <a href=\"https:\/\/iwell-guard.com\/hr\/?page_id=149708\">Baal-Hammon<\/a> kao kasniji feni\u010danski oblik Baalova imena.<\/p>\t\t\t\t\t\t\t\t<\/div>\n\t\t\t\t\t<\/div>\n\t\t\t\t<\/div>\n\t\t\t\t\t<\/div>\n\t\t\t\t<\/div>\n\t\t<div class=\"elementor-element elementor-element-iwgw-yam-lit e-flex e-con-boxed e-con e-parent\" data-id=\"iwgw-yam-lit\" data-element_type=\"container\" data-e-type=\"container\">\n\t\t\t\t\t<div class=\"e-con-inner\">\n\t\t\t\t<div class=\"elementor-element elementor-element-iwgw-yam-lith elementor-widget elementor-widget-heading\" data-id=\"iwgw-yam-lith\" data-element_type=\"widget\" data-e-type=\"widget\" data-widget_type=\"heading.default\">\n\t\t\t\t\t<h2 class=\"elementor-heading-title elementor-size-default\">Literatura (izbor)<\/h2>\t\t\t\t<\/div>\n\t\t<div class=\"elementor-element elementor-element-iwgw-yam-litc e-con-full e-flex e-con e-child\" data-id=\"iwgw-yam-litc\" data-element_type=\"container\" data-e-type=\"container\">\n\t\t\t\t<div class=\"elementor-element elementor-element-iwgw-yam-litt elementor-widget elementor-widget-text-editor\" data-id=\"iwgw-yam-litt\" data-element_type=\"widget\" data-e-type=\"widget\" data-widget_type=\"text-editor.default\">\n\t\t\t\t\t\t\t\t\t<div data-nosnippet=\"true\"><ul><li>Mark Smith \/ Wayne Pitard: <em>The Ugaritic Baal Cycle<\/em> (Leiden 1994\/2009)<\/li><li>John Day: <em>God&#8217;s Conflict with the Dragon and the Sea<\/em> (Cambridge 1985)<\/li><li>Daniel Schwemer: <em>Die Wettergottgestalten Mesopotamiens und Nordsyriens<\/em> (Wiesbaden 2001)<\/li><li>Mark Smith: <em>The Origins of Biblical Monotheism<\/em> (Oxford 2001)<\/li><li>Sabatino Moscati: <em>Die Ph\u00f6niker<\/em> (Stuttgart 1966)<\/li><li>Mary Bachvarova: <em>From Hittite to Homer<\/em> (Cambridge 2016)<\/li><\/ul><\/div>\t\t\t\t\t\t\t\t<\/div>\n\t\t\t\t<\/div>\n\t\t\t\t\t<\/div>\n\t\t\t\t<\/div>\n\t\t<div class=\"elementor-element elementor-element-iwgkw2-add-yam e-flex e-con-boxed e-con e-parent\" data-id=\"iwgkw2-add-yam\" data-element_type=\"container\" data-e-type=\"container\">\n\t\t\t\t\t<div class=\"e-con-inner\">\n\t\t\t\t<div class=\"elementor-element elementor-element-iwgkw2-add-yam-t elementor-widget elementor-widget-text-editor\" data-id=\"iwgkw2-add-yam-t\" data-element_type=\"widget\" data-e-type=\"widget\" data-widget_type=\"text-editor.default\">\n\t\t\t\t\t\t\t\t\t<p>U <em>ugaritskom<\/em> Baalovom ciklusu, sa\u010duvanom na glinenim plo\u010dicama iz Ras \u0160amre iz \u010detrnaestog stolje\u0107a prije Krista, Yam se javlja kao bog mora i Baalov protivnik, kojega ovaj naposljetku pobje\u0111uje baca\u010dkim oru\u017ejem Ajamurom i Jagru\u0161om.<\/p>\t\t\t\t\t\t\t\t<\/div>\n\t\t\t\t\t<\/div>\n\t\t\t\t<\/div>\n\t\t<div class=\"elementor-element elementor-element-iwgw-yam-kwd e-flex e-con-boxed e-con e-parent\" data-id=\"iwgw-yam-kwd\" data-element_type=\"container\" data-e-type=\"container\">\n\t\t\t\t\t<div class=\"e-con-inner\">\n\t\t<div class=\"elementor-element elementor-element-iwgw-yam-kwdc e-con-full e-flex e-con e-child\" data-id=\"iwgw-yam-kwdc\" data-element_type=\"container\" data-e-type=\"container\">\n\t\t\t\t<div class=\"elementor-element elementor-element-iwgw-yam-kwdt elementor-widget elementor-widget-text-editor\" data-id=\"iwgw-yam-kwdt\" data-element_type=\"widget\" data-e-type=\"widget\" data-widget_type=\"text-editor.default\">\n\t\t\t\t\t\t\t\t\t<p><em>Srodni klju\u010dni pojmovi: Yam Feni\u010dani bog mora Baalov ciklus Tannin Levijatan kaoti\u010dne vode.<\/em><\/p>\t\t\t\t\t\t\t\t<\/div>\n\t\t\t\t<\/div>\n\t\t\t\t\t<\/div>\n\t\t\t\t<\/div>\n\t\t<div class=\"elementor-element elementor-element-iwgw-yam-cc e-flex e-con-boxed e-con e-parent\" data-id=\"iwgw-yam-cc\" data-element_type=\"container\" data-e-type=\"container\" id=\"iwg-cc-yam\">\n\t\t\t\t\t<div class=\"e-con-inner\">\n\t\t<div class=\"elementor-element elementor-element-iwgw-yam-ccinner e-flex e-con-boxed e-con e-parent\" data-id=\"iwgw-yam-ccinner\" data-element_type=\"container\" data-e-type=\"container\" data-settings=\"{&quot;background_background&quot;:&quot;classic&quot;}\">\n\t\t\t\t\t<div class=\"e-con-inner\">\n\t\t\t\t<div class=\"elementor-element elementor-element-iwgw-yam-cch elementor-widget elementor-widget-heading\" data-id=\"iwgw-yam-cch\" data-element_type=\"widget\" data-e-type=\"widget\" data-widget_type=\"heading.default\">\n\t\t\t\t\t<h2 class=\"elementor-heading-title elementor-size-default\">iWell Guard i tradicije za\u0161tite<\/h2>\t\t\t\t<\/div>\n\t\t\t\t<div class=\"elementor-element elementor-element-iwgw-yam-cct elementor-widget elementor-widget-text-editor\" data-id=\"iwgw-yam-cct\" data-element_type=\"widget\" data-e-type=\"widget\" data-widget_type=\"text-editor.default\">\n\t\t\t\t\t\t\t\t\t<div data-nosnippet=\"true\"><p>iWell Guard nadovezuje se na kulturnopovijesnu tradiciju prenosivih za\u0161titnih predmeta, u tradiciji <a href=\"https:\/\/iwell-guard.com\/hr\/?page_id=149650\">Feni\u010dana<\/a> i mnogih drugih kultura \u0161irom svijeta. 41 razina, pravo zlato, platina, srebro, izra\u0111eno u Njema\u010dkoj. 30-dnevno pravo povrata.<\/p><\/div>\t\t\t\t\t\t\t\t<\/div>\n\t\t\t\t<div class=\"elementor-element elementor-element-iwgw-yam-ccb iwg-cc-button iwg-cc-cta-2026-05-13 elementor-widget elementor-widget-jet-button\" data-id=\"iwgw-yam-ccb\" data-element_type=\"widget\" data-e-type=\"widget\" data-widget_type=\"jet-button.default\">\n\t\t\t\t<div class=\"elementor-widget-container\">\n\t\t\t\t\t<div class=\"elementor-jet-button jet-elements\"><div class=\"jet-button__container\"><a class=\"jet-button__instance jet-button__instance--icon-left hover-effect-1\" href=\"\/ueber-iwell-guard\/?utm_source=iwell-guard.com&amp;utm_medium=info-box&amp;utm_campaign=wesen-tradition\"><div class=\"jet-button__plane jet-button__plane-normal\"><\/div><div class=\"jet-button__plane jet-button__plane-hover\"><\/div><div class=\"jet-button__state jet-button__state-normal\"><span class=\"jet-button__label\">Vi\u0161e o iWell Guardu<\/span><\/div><div class=\"jet-button__state jet-button__state-hover\"><span class=\"jet-button__label\">Vi\u0161e o iWell Guardu<\/span><\/div><\/a><\/div><\/div><style>.elementor-element.elementor-element-iwgw-yam-ccb .jet-button__instance{width:320px;height:56px;}.elementor-element.elementor-element-iwgw-yam-ccb .jet-button__state-normal .jet-button__label{text-align:center;margin:0px 0px 0px 0px;color:#1a1b20;font-family:Montserrat,sans-serif;font-size:13px;font-weight:400;letter-spacing:4px;line-height:1.714em;text-transform:uppercase;}.elementor-element.elementor-element-iwgw-yam-ccb .jet-button__state-hover .jet-button__label{text-align:center;margin:0px 0px 0px 0px;color:#FECC76;font-family:Montserrat,sans-serif;font-size:13px;font-weight:400;letter-spacing:4px;line-height:1.714em;text-transform:uppercase;}.elementor-element.elementor-element-iwgw-yam-ccb .jet-button__plane-normal{background-color:#FECC76;border-style:solid;border-color:#C99540;border-width:2px 2px 2px 2px;}.elementor-element.elementor-element-iwgw-yam-ccb .jet-button__plane-hover{background-color:rgba(0,0,0,0.55);border-style:solid;border-color:#FECC76;border-width:2px 2px 2px 2px;}<\/style>\t\t\t\t<\/div>\n\t\t\t\t<\/div>\n\t\t\t\t<div class=\"elementor-element elementor-element-iwgw-yam-ccd elementor-widget elementor-widget-text-editor\" data-id=\"iwgw-yam-ccd\" data-element_type=\"widget\" data-e-type=\"widget\" data-widget_type=\"text-editor.default\">\n\t\t\t\t\t\t\t\t\t<div data-nosnippet=\"true\"><p style=\"text-align:center;font-size:13px;opacity:0.7;margin-top:14px\" data-nosnippet=\"true\">Osobna iskustva mogu se razlikovati. Nije medicinski proizvod. Nema obe\u0107anja izlje\u010denja.<\/p><\/div>\t\t\t\t\t\t\t\t<\/div>\n\t\t\t\t\t<\/div>\n\t\t\t\t<\/div>\n\t\t\t\t\t<\/div>\n\t\t\t\t<\/div>\n\t\t<div class=\"elementor-element elementor-element-iwgw-yam-disc e-flex e-con-boxed e-con e-parent\" data-id=\"iwgw-yam-disc\" data-element_type=\"container\" data-e-type=\"container\">\n\t\t\t\t\t<div class=\"e-con-inner\">\n\t\t\t\t<div class=\"elementor-element elementor-element-iwgw-yam-discw elementor-widget elementor-widget-html\" data-id=\"iwgw-yam-discw\" data-element_type=\"widget\" data-e-type=\"widget\" data-widget_type=\"html.default\">\n\t\t\t\t\t<footer data-nosnippet=\"true\" class=\"iwg-disclaimer-block\"><p data-nosnippet=\"true\">iWell Guard <strong>nije medicinski proizvod<\/strong> i ne zamjenjuje lije\u010dni\u010dko ili psihoterapeutsko lije\u010denje. Religijsko-znanstveni sadr\u017eaji predstavljaju kulturno-povijesnu interpretaciju, a ne preporuku duhovne prakse.<\/p><\/footer>\t\t\t\t<\/div>\n\t\t\t\t\t<\/div>\n\t\t\t\t<\/div>\n\t\t\t\t<\/div>\n\t\t","protected":false},"excerpt":{"rendered":"","protected":false},"author":3,"featured_media":2854,"parent":0,"menu_order":0,"comment_status":"closed","ping_status":"closed","template":"elementor_header_footer","meta":{"_yoast_wpseo_focuskw":"Yam Feni\u010dani bog mora Baal","_yoast_wpseo_title":"Yam \u2013 Feni\u010danski bog mora, Ciklus o Baalu","_yoast_wpseo_metadesc":"Yam je feni\u010dansko-ugaritski bog mora, glavni protivnik Baala u Ciklusu o Baalu. Religijskopovijesna analiza s mitom.","_yoast_wpseo_meta-robots-noindex":"","_yoast_wpseo_canonical":"","_angie_page":false,"gefaehrdungsstufe":"3","wesen_kultur":"phoenizisch","wesen_klasse":"geister","footnotes":""},"categories":[],"class_list":["post-149711","page","type-page","status-publish","has-post-thumbnail","hentry"],"yoast_head":"<!-- This site is optimized with the Yoast SEO Premium plugin v27.7 (Yoast SEO v28.3) - https:\/\/yoast.com\/product\/yoast-seo-premium-wordpress\/ -->\n<title>Yam \u2013 Feni\u010danski bog mora, Ciklus o Baalu<\/title>\n<meta name=\"description\" content=\"Yam je feni\u010dansko-ugaritski bog mora, glavni protivnik Baala u Ciklusu o Baalu. Religijskopovijesna analiza s mitom.\" \/>\n<meta name=\"robots\" content=\"index, follow, max-snippet:-1, max-image-preview:large, max-video-preview:-1\" \/>\n<link rel=\"canonical\" href=\"https:\/\/iwell-guard.com\/hr\/yam-fenicanski-bog-mora\/\" \/>\n<meta property=\"og:locale\" content=\"hr_HR\" \/>\n<meta property=\"og:type\" content=\"article\" \/>\n<meta property=\"og:title\" content=\"Yam \u2013 Feni\u010danski bog mora\" \/>\n<meta property=\"og:description\" content=\"Yam je feni\u010dansko-ugaritski bog mora, glavni protivnik Baala u Ciklusu o Baalu. Religijskopovijesna analiza s mitom.\" \/>\n<meta property=\"og:url\" content=\"https:\/\/iwell-guard.com\/hr\/yam-fenicanski-bog-mora\/\" \/>\n<meta property=\"og:site_name\" content=\"iWell Guard\" \/>\n<meta property=\"article:modified_time\" content=\"2026-09-04T05:30:18+00:00\" \/>\n<meta property=\"og:image\" content=\"https:\/\/iwell-guard.com\/wp-content\/uploads\/2026\/05\/goetter_phoenizisch_yam.webp\" \/>\n\t<meta property=\"og:image:width\" content=\"1024\" \/>\n\t<meta property=\"og:image:height\" content=\"1536\" \/>\n\t<meta property=\"og:image:type\" content=\"image\/webp\" \/>\n<meta name=\"twitter:card\" content=\"summary_large_image\" \/>\n<script type=\"application\/ld+json\" class=\"yoast-schema-graph\">{\"@context\":\"https:\\\/\\\/schema.org\",\"@graph\":[{\"@type\":\"WebPage\",\"@id\":\"https:\\\/\\\/iwell-guard.com\\\/hr\\\/yam-fenicanski-bog-mora\\\/\",\"url\":\"https:\\\/\\\/iwell-guard.com\\\/hr\\\/yam-fenicanski-bog-mora\\\/\",\"name\":\"Yam \u2013 Feni\u010danski bog mora, Ciklus o Baalu\",\"isPartOf\":{\"@id\":\"https:\\\/\\\/iwell-guard.com\\\/hr\\\/#website\"},\"primaryImageOfPage\":{\"@id\":\"https:\\\/\\\/iwell-guard.com\\\/hr\\\/yam-fenicanski-bog-mora\\\/#primaryimage\"},\"image\":{\"@id\":\"https:\\\/\\\/iwell-guard.com\\\/hr\\\/yam-fenicanski-bog-mora\\\/#primaryimage\"},\"thumbnailUrl\":\"https:\\\/\\\/iwell-guard.com\\\/wp-content\\\/uploads\\\/2026\\\/05\\\/goetter_phoenizisch_yam.webp\",\"datePublished\":\"2026-09-04T05:12:52+00:00\",\"dateModified\":\"2026-09-04T05:30:18+00:00\",\"description\":\"Yam je feni\u010dansko-ugaritski bog mora, glavni protivnik Baala u Ciklusu o Baalu. Religijskopovijesna analiza s mitom.\",\"breadcrumb\":{\"@id\":\"https:\\\/\\\/iwell-guard.com\\\/hr\\\/yam-fenicanski-bog-mora\\\/#breadcrumb\"},\"inLanguage\":\"hr\",\"potentialAction\":[{\"@type\":\"ReadAction\",\"target\":[\"https:\\\/\\\/iwell-guard.com\\\/hr\\\/yam-fenicanski-bog-mora\\\/\"]}]},{\"@type\":\"ImageObject\",\"inLanguage\":\"hr\",\"@id\":\"https:\\\/\\\/iwell-guard.com\\\/hr\\\/yam-fenicanski-bog-mora\\\/#primaryimage\",\"url\":\"https:\\\/\\\/iwell-guard.com\\\/wp-content\\\/uploads\\\/2026\\\/05\\\/goetter_phoenizisch_yam.webp\",\"contentUrl\":\"https:\\\/\\\/iwell-guard.com\\\/wp-content\\\/uploads\\\/2026\\\/05\\\/goetter_phoenizisch_yam.webp\",\"width\":1024,\"height\":1536,\"caption\":\"Bo\u017eanstva iz feni\u010danske tradicije.\"},{\"@type\":\"BreadcrumbList\",\"@id\":\"https:\\\/\\\/iwell-guard.com\\\/hr\\\/yam-fenicanski-bog-mora\\\/#breadcrumb\",\"itemListElement\":[{\"@type\":\"ListItem\",\"position\":1,\"name\":\"Start\",\"item\":\"https:\\\/\\\/iwell-guard.com\\\/hr\\\/?page_id=149317\"},{\"@type\":\"ListItem\",\"position\":2,\"name\":\"Yam \u2013 Feni\u010danski bog mora\"}]},{\"@type\":\"WebSite\",\"@id\":\"https:\\\/\\\/iwell-guard.com\\\/hr\\\/#website\",\"url\":\"https:\\\/\\\/iwell-guard.com\\\/hr\\\/\",\"name\":\"iWell Guard\",\"description\":\"Schutz vor dunklen Einfl\u00fcssen\",\"publisher\":{\"@id\":\"https:\\\/\\\/iwell-guard.com\\\/hr\\\/#organization\"},\"potentialAction\":[{\"@type\":\"SearchAction\",\"target\":{\"@type\":\"EntryPoint\",\"urlTemplate\":\"https:\\\/\\\/iwell-guard.com\\\/hr\\\/?s={search_term_string}\"},\"query-input\":{\"@type\":\"PropertyValueSpecification\",\"valueRequired\":true,\"valueName\":\"search_term_string\"}}],\"inLanguage\":\"hr\"},{\"@type\":\"Organization\",\"@id\":\"https:\\\/\\\/iwell-guard.com\\\/hr\\\/#organization\",\"name\":\"Ittermann electronic GmbH\",\"url\":\"https:\\\/\\\/iwell-guard.com\\\/hr\\\/\",\"logo\":{\"@type\":\"ImageObject\",\"inLanguage\":\"hr\",\"@id\":\"https:\\\/\\\/iwell-guard.com\\\/hr\\\/#\\\/schema\\\/logo\\\/image\\\/\",\"url\":\"https:\\\/\\\/iwell-guard.com\\\/wp-content\\\/uploads\\\/2026\\\/05\\\/Ittermann-Logo-1182x237-1.png\",\"contentUrl\":\"https:\\\/\\\/iwell-guard.com\\\/wp-content\\\/uploads\\\/2026\\\/05\\\/Ittermann-Logo-1182x237-1.png\",\"width\":1182,\"height\":237,\"caption\":\"Ittermann electronic GmbH\"},\"image\":{\"@id\":\"https:\\\/\\\/iwell-guard.com\\\/hr\\\/#\\\/schema\\\/logo\\\/image\\\/\"},\"sameAs\":[\"https:\\\/\\\/pantip.com\\\/profile\\\/9367242\",\"https:\\\/\\\/micro.blog\\\/iwellguard\",\"https:\\\/\\\/www.diggerslist.com\\\/iwellguard\\\/about\",\"https:\\\/\\\/skitterphoto.com\\\/photographers\\\/2870314\\\/iwell-guard\",\"https:\\\/\\\/iwellguard.wordpress.com\\\/2026\\\/06\\\/06\\\/iwell-guard\\\/\",\"https:\\\/\\\/hub.docker.com\\\/u\\\/iwellguard\",\"https:\\\/\\\/www.pinterest.com\\\/iwellguard\\\/\",\"https:\\\/\\\/bit.ly\\\/m\\\/iwellguard\",\"https:\\\/\\\/entre-vos-mains.alsace.eu\\\/profiles\\\/iwellguard\\\/activity\",\"https:\\\/\\\/gravatar.com\\\/reallybeded8fd34\",\"https:\\\/\\\/naijamatta.com\\\/iwellguard\",\"https:\\\/\\\/www.goodreads.com\\\/iwellguard\",\"https:\\\/\\\/profile.hatena.ne.jp\\\/iwellguard\\\/\",\"https:\\\/\\\/experiment.com\\\/users\\\/iwellguard\",\"https:\\\/\\\/wakelet.com\\\/@iWellGuard82270\",\"https:\\\/\\\/www.chordie.com\\\/forum\\\/profile.php?id=2555664\",\"https:\\\/\\\/www.instapaper.com\\\/p\\\/17757966\",\"https:\\\/\\\/www.mapleprimes.com\\\/users\\\/iwellguard\",\"https:\\\/\\\/businesslistingplus.com\\\/profile\\\/iwell-guard\\\/\",\"https:\\\/\\\/telegra.ph\\\/iWell-Guard-06-06\",\"https:\\\/\\\/pbase.com\\\/iwellguard\\\/iwellguard\",\"https:\\\/\\\/b.hatena.ne.jp\\\/iwellguard\\\/20260607#bookmark-4788405196491818882\",\"https:\\\/\\\/fliphtml5.com\\\/home\\\/iwellguard\",\"https:\\\/\\\/anyflip.com\\\/homepage\\\/cmiwl#About\",\"https:\\\/\\\/transfur.com\\\/Users\\\/iwellguard\",\"http:\\\/\\\/delphi.larsbo.org\\\/user\\\/iwellguard\",\"https:\\\/\\\/jobs.lajobsportal.org\\\/profiles\\\/8380803-iwell-guard\",\"https:\\\/\\\/md.chaosdorf.de\\\/s\\\/jfbe5SBdJD\",\"https:\\\/\\\/www.lingvolive.com\\\/en-us\\\/profile\\\/9ecaeaca-ce11-4e51-9e71-01d55e2bff36\\\/translations\",\"https:\\\/\\\/www.fitday.com\\\/fitness\\\/forums\\\/members\\\/iwellguard.html\",\"https:\\\/\\\/www.mymeetbook.com\\\/iwellguard\",\"https:\\\/\\\/pxhere.com\\\/en\\\/photographer-me\\\/5040798\",\"https:\\\/\\\/disqus.com\\\/by\\\/iwellguard\\\/about\\\/\",\"https:\\\/\\\/pastelink.net\\\/hjwciqwq\",\"https:\\\/\\\/pubhtml5.com\\\/homepage\\\/scjhn\\\/\",\"https:\\\/\\\/www.bitchute.com\\\/channel\\\/2O2eOKzNqujT\",\"https:\\\/\\\/audiomack.com\\\/iwellguard\"]},{\"@type\":\"Article\",\"@id\":\"https:\\\/\\\/iwell-guard.com\\\/hr\\\/yam-fenicanski-bog-mora\\\/#article\",\"isPartOf\":{\"@id\":\"https:\\\/\\\/iwell-guard.com\\\/hr\\\/yam-fenicanski-bog-mora\\\/\"},\"author\":{\"name\":\"Ralf Ittermann\",\"@id\":\"https:\\\/\\\/iwell-guard.com\\\/hr\\\/#\\\/schema\\\/person\\\/ee2a27f1cac3406c7c6fb5820cb7349f\"},\"headline\":\"Yam \u2013 Feni\u010danski bog mora\",\"datePublished\":\"2026-09-04T05:12:52+00:00\",\"dateModified\":\"2026-09-04T05:30:18+00:00\",\"mainEntityOfPage\":{\"@id\":\"https:\\\/\\\/iwell-guard.com\\\/hr\\\/yam-fenicanski-bog-mora\\\/\"},\"publisher\":{\"@id\":\"https:\\\/\\\/iwell-guard.com\\\/hr\\\/#organization\"},\"image\":{\"@id\":\"https:\\\/\\\/iwell-guard.com\\\/hr\\\/yam-fenicanski-bog-mora\\\/#primaryimage\"},\"thumbnailUrl\":\"https:\\\/\\\/iwell-guard.com\\\/wp-content\\\/uploads\\\/2026\\\/05\\\/goetter_phoenizisch_yam.webp\",\"inLanguage\":\"hr\",\"description\":\"Yam je feni\u010dansko-ugaritski bog mora, glavni protivnik Baala u Ciklusu o Baalu. Religijskopovijesna analiza s mitom.\"}]}<\/script>\n<!-- \/ Yoast SEO Premium plugin. -->","yoast_head_json":{"title":"Yam \u2013 Feni\u010danski bog mora, Ciklus o Baalu","description":"Yam je feni\u010dansko-ugaritski bog mora, glavni protivnik Baala u Ciklusu o Baalu. Religijskopovijesna analiza s mitom.","robots":{"index":"index","follow":"follow","max-snippet":"max-snippet:-1","max-image-preview":"max-image-preview:large","max-video-preview":"max-video-preview:-1"},"canonical":"https:\/\/iwell-guard.com\/hr\/yam-fenicanski-bog-mora\/","og_locale":"hr_HR","og_type":"article","og_title":"Yam \u2013 Feni\u010danski bog mora","og_description":"Yam je feni\u010dansko-ugaritski bog mora, glavni protivnik Baala u Ciklusu o Baalu. Religijskopovijesna analiza s mitom.","og_url":"https:\/\/iwell-guard.com\/hr\/yam-fenicanski-bog-mora\/","og_site_name":"iWell Guard","article_modified_time":"2026-09-04T05:30:18+00:00","og_image":[{"width":1024,"height":1536,"url":"https:\/\/iwell-guard.com\/wp-content\/uploads\/2026\/05\/goetter_phoenizisch_yam.webp","type":"image\/webp"}],"twitter_card":"summary_large_image","schema":{"@context":"https:\/\/schema.org","@graph":[{"@type":"Article","@id":"https:\/\/iwell-guard.com\/hr\/yam-fenicanski-bog-mora\/#article","isPartOf":{"@id":"https:\/\/iwell-guard.com\/hr\/yam-fenicanski-bog-mora\/"},"author":{"name":"Ralf Ittermann","@id":"https:\/\/iwell-guard.com\/hr\/#\/schema\/person\/ee2a27f1cac3406c7c6fb5820cb7349f"},"headline":"Yam \u2013 Feni\u010danski bog mora","datePublished":"2026-09-04T05:12:52+00:00","dateModified":"2026-09-04T05:30:18+00:00","mainEntityOfPage":{"@id":"https:\/\/iwell-guard.com\/hr\/yam-fenicanski-bog-mora\/"},"publisher":{"@id":"https:\/\/iwell-guard.com\/hr\/#organization"},"image":{"@id":"https:\/\/iwell-guard.com\/hr\/yam-fenicanski-bog-mora\/#primaryimage"},"thumbnailUrl":"https:\/\/iwell-guard.com\/wp-content\/uploads\/2026\/05\/goetter_phoenizisch_yam.webp","inLanguage":"hr","description":"Yam je feni\u010dansko-ugaritski bog mora, glavni protivnik Baala u Ciklusu o Baalu. Religijskopovijesna analiza s mitom."},{"@type":"WebPage","@id":"https:\/\/iwell-guard.com\/hr\/yam-fenicanski-bog-mora\/","url":"https:\/\/iwell-guard.com\/hr\/yam-fenicanski-bog-mora\/","name":"Yam \u2013 Feni\u010danski bog mora, Ciklus o Baalu","isPartOf":{"@id":"https:\/\/iwell-guard.com\/hr\/#website"},"primaryImageOfPage":{"@id":"https:\/\/iwell-guard.com\/hr\/yam-fenicanski-bog-mora\/#primaryimage"},"image":{"@id":"https:\/\/iwell-guard.com\/hr\/yam-fenicanski-bog-mora\/#primaryimage"},"thumbnailUrl":"https:\/\/iwell-guard.com\/wp-content\/uploads\/2026\/05\/goetter_phoenizisch_yam.webp","datePublished":"2026-09-04T05:12:52+00:00","dateModified":"2026-09-04T05:30:18+00:00","description":"Yam je feni\u010dansko-ugaritski bog mora, glavni protivnik Baala u Ciklusu o Baalu. Religijskopovijesna analiza s mitom.","breadcrumb":{"@id":"https:\/\/iwell-guard.com\/hr\/yam-fenicanski-bog-mora\/#breadcrumb"},"inLanguage":"hr","potentialAction":[{"@type":"ReadAction","target":["https:\/\/iwell-guard.com\/hr\/yam-fenicanski-bog-mora\/"]}]},{"@type":"ImageObject","inLanguage":"hr","@id":"https:\/\/iwell-guard.com\/hr\/yam-fenicanski-bog-mora\/#primaryimage","url":"https:\/\/iwell-guard.com\/wp-content\/uploads\/2026\/05\/goetter_phoenizisch_yam.webp","contentUrl":"https:\/\/iwell-guard.com\/wp-content\/uploads\/2026\/05\/goetter_phoenizisch_yam.webp","width":1024,"height":1536,"caption":"Bo\u017eanstva iz feni\u010danske tradicije."},{"@type":"BreadcrumbList","@id":"https:\/\/iwell-guard.com\/hr\/yam-fenicanski-bog-mora\/#breadcrumb","itemListElement":[{"@type":"ListItem","position":1,"name":"Start","item":"https:\/\/iwell-guard.com\/hr\/?page_id=149317"},{"@type":"ListItem","position":2,"name":"Yam \u2013 Feni\u010danski bog mora"}]},{"@type":"WebSite","@id":"https:\/\/iwell-guard.com\/hr\/#website","url":"https:\/\/iwell-guard.com\/hr\/","name":"iWell Guard","description":"Schutz vor dunklen Einfl\u00fcssen","publisher":{"@id":"https:\/\/iwell-guard.com\/hr\/#organization"},"potentialAction":[{"@type":"SearchAction","target":{"@type":"EntryPoint","urlTemplate":"https:\/\/iwell-guard.com\/hr\/?s={search_term_string}"},"query-input":{"@type":"PropertyValueSpecification","valueRequired":true,"valueName":"search_term_string"}}],"inLanguage":"hr"},{"@type":"Organization","@id":"https:\/\/iwell-guard.com\/hr\/#organization","name":"Ittermann electronic GmbH","url":"https:\/\/iwell-guard.com\/hr\/","logo":{"@type":"ImageObject","inLanguage":"hr","@id":"https:\/\/iwell-guard.com\/hr\/#\/schema\/logo\/image\/","url":"https:\/\/iwell-guard.com\/wp-content\/uploads\/2026\/05\/Ittermann-Logo-1182x237-1.png","contentUrl":"https:\/\/iwell-guard.com\/wp-content\/uploads\/2026\/05\/Ittermann-Logo-1182x237-1.png","width":1182,"height":237,"caption":"Ittermann electronic GmbH"},"image":{"@id":"https:\/\/iwell-guard.com\/hr\/#\/schema\/logo\/image\/"},"sameAs":["https:\/\/pantip.com\/profile\/9367242","https:\/\/micro.blog\/iwellguard","https:\/\/www.diggerslist.com\/iwellguard\/about","https:\/\/skitterphoto.com\/photographers\/2870314\/iwell-guard","https:\/\/iwellguard.wordpress.com\/2026\/06\/06\/iwell-guard\/","https:\/\/hub.docker.com\/u\/iwellguard","https:\/\/www.pinterest.com\/iwellguard\/","https:\/\/bit.ly\/m\/iwellguard","https:\/\/entre-vos-mains.alsace.eu\/profiles\/iwellguard\/activity","https:\/\/gravatar.com\/reallybeded8fd34","https:\/\/naijamatta.com\/iwellguard","https:\/\/www.goodreads.com\/iwellguard","https:\/\/profile.hatena.ne.jp\/iwellguard\/","https:\/\/experiment.com\/users\/iwellguard","https:\/\/wakelet.com\/@iWellGuard82270","https:\/\/www.chordie.com\/forum\/profile.php?id=2555664","https:\/\/www.instapaper.com\/p\/17757966","https:\/\/www.mapleprimes.com\/users\/iwellguard","https:\/\/businesslistingplus.com\/profile\/iwell-guard\/","https:\/\/telegra.ph\/iWell-Guard-06-06","https:\/\/pbase.com\/iwellguard\/iwellguard","https:\/\/b.hatena.ne.jp\/iwellguard\/20260607#bookmark-4788405196491818882","https:\/\/fliphtml5.com\/home\/iwellguard","https:\/\/anyflip.com\/homepage\/cmiwl#About","https:\/\/transfur.com\/Users\/iwellguard","http:\/\/delphi.larsbo.org\/user\/iwellguard","https:\/\/jobs.lajobsportal.org\/profiles\/8380803-iwell-guard","https:\/\/md.chaosdorf.de\/s\/jfbe5SBdJD","https:\/\/www.lingvolive.com\/en-us\/profile\/9ecaeaca-ce11-4e51-9e71-01d55e2bff36\/translations","https:\/\/www.fitday.com\/fitness\/forums\/members\/iwellguard.html","https:\/\/www.mymeetbook.com\/iwellguard","https:\/\/pxhere.com\/en\/photographer-me\/5040798","https:\/\/disqus.com\/by\/iwellguard\/about\/","https:\/\/pastelink.net\/hjwciqwq","https:\/\/pubhtml5.com\/homepage\/scjhn\/","https:\/\/www.bitchute.com\/channel\/2O2eOKzNqujT","https:\/\/audiomack.com\/iwellguard"]},{"@type":"Person","@id":"https:\/\/iwell-guard.com\/hr\/#\/schema\/person\/ee2a27f1cac3406c7c6fb5820cb7349f","name":"Ralf Ittermann","image":{"@type":"ImageObject","inLanguage":"hr","@id":"https:\/\/secure.gravatar.com\/avatar\/073c0153e350a5005b68eb752b445fea71f6b24a26da9449ad7e155e6b446c9d?s=96&d=mm&r=g","url":"https:\/\/secure.gravatar.com\/avatar\/073c0153e350a5005b68eb752b445fea71f6b24a26da9449ad7e155e6b446c9d?s=96&d=mm&r=g","contentUrl":"https:\/\/secure.gravatar.com\/avatar\/073c0153e350a5005b68eb752b445fea71f6b24a26da9449ad7e155e6b446c9d?s=96&d=mm&r=g","caption":"Ralf Ittermann"},"givenName":"Ralf","familyName":"Ittermann","jobTitle":"Gesch\u00e4ftsf\u00fchrer und redaktioneller Verantwortlicher","url":"https:\/\/iwell-guard.com\/hr\/author\/claude\/","description":"Ralf Ittermann ist Gesch\u00e4ftsf\u00fchrer der Ittermann electronic GmbH und redaktioneller Verantwortlicher des iWell-Guard-Lexikons. Er verbindet langj\u00e4hrige Erfahrung in der Pr\u00e4zisionsfertigung mit medialer Praxis und religionsgeschichtlicher Quellenarbeit.","worksFor":{"@type":"Organization","name":"Ittermann electronic GmbH","url":"https:\/\/ittermann.de\/","address":{"@type":"PostalAddress","streetAddress":"K\u00f6hlergasse 16-18","postalCode":"99842","addressLocality":"Ruhla","addressCountry":"DE"}},"knowsAbout":["Religionsgeschichte","Mythologie","Mediale Praxis","Energetische Diagnostik","Schutzpraxis","Volksglauben","Westliche Esoterik"]},{"@type":"Article","@id":"https:\/\/iwell-guard.com\/hr\/yam-fenicanski-bog-mora\/#article","isPartOf":{"@id":"https:\/\/iwell-guard.com\/hr\/yam-fenicanski-bog-mora\/"},"author":{"name":"Ralf Ittermann","@id":"https:\/\/iwell-guard.com\/hr\/#\/schema\/person\/ee2a27f1cac3406c7c6fb5820cb7349f"},"headline":"Yam \u2013 Feni\u010danski bog mora","datePublished":"2026-09-04T05:12:52+00:00","dateModified":"2026-09-04T05:30:18+00:00","mainEntityOfPage":{"@id":"https:\/\/iwell-guard.com\/hr\/yam-fenicanski-bog-mora\/"},"publisher":{"@id":"https:\/\/iwell-guard.com\/hr\/#organization"},"image":{"@id":"https:\/\/iwell-guard.com\/hr\/yam-fenicanski-bog-mora\/#primaryimage"},"thumbnailUrl":"https:\/\/iwell-guard.com\/wp-content\/uploads\/2026\/05\/goetter_phoenizisch_yam.webp","inLanguage":"hr","description":"Yam je feni\u010dansko-ugaritski bog mora, glavni protivnik Baala u Ciklusu o Baalu. Religijskopovijesna analiza s mitom."}]}},"_links":{"self":[{"href":"https:\/\/iwell-guard.com\/hr\/wp-json\/wp\/v2\/pages\/149711","targetHints":{"allow":["GET"]}}],"collection":[{"href":"https:\/\/iwell-guard.com\/hr\/wp-json\/wp\/v2\/pages"}],"about":[{"href":"https:\/\/iwell-guard.com\/hr\/wp-json\/wp\/v2\/types\/page"}],"author":[{"embeddable":true,"href":"https:\/\/iwell-guard.com\/hr\/wp-json\/wp\/v2\/users\/3"}],"replies":[{"embeddable":true,"href":"https:\/\/iwell-guard.com\/hr\/wp-json\/wp\/v2\/comments?post=149711"}],"version-history":[{"count":0,"href":"https:\/\/iwell-guard.com\/hr\/wp-json\/wp\/v2\/pages\/149711\/revisions"}],"wp:featuredmedia":[{"embeddable":true,"href":"https:\/\/iwell-guard.com\/hr\/wp-json\/wp\/v2\/media\/2854"}],"wp:attachment":[{"href":"https:\/\/iwell-guard.com\/hr\/wp-json\/wp\/v2\/media?parent=149711"}],"wp:term":[{"taxonomy":"category","embeddable":true,"href":"https:\/\/iwell-guard.com\/hr\/wp-json\/wp\/v2\/categories?post=149711"}],"curies":[{"name":"wp","href":"https:\/\/api.w.org\/{rel}","templated":true}]}}