{"id":149691,"date":"2026-09-04T05:12:42","date_gmt":"2026-09-04T05:12:42","guid":{"rendered":"https:\/\/iwell-guard.com\/?page_id=149691"},"modified":"2026-09-04T05:29:44","modified_gmt":"2026-09-04T05:29:44","slug":"vanth-etrurska-demonka-podzemnog-svijeta","status":"publish","type":"page","link":"https:\/\/iwell-guard.com\/hr\/vanth-etrurska-demonka-podzemnog-svijeta\/","title":{"rendered":"Vanth &#8211; etrurska demonka podzemnog svijeta"},"content":{"rendered":"\t\t<div data-elementor-type=\"wp-page\" data-elementor-id=\"149691\" class=\"elementor elementor-149691 elementor-2610 elementor-bc-flex-widget\" data-elementor-post-type=\"page\">\n\t\t\t\t<div class=\"elementor-element elementor-element-iwgw-vanth-hero e-flex e-con-boxed e-con e-parent\" data-id=\"iwgw-vanth-hero\" data-element_type=\"container\" data-e-type=\"container\" data-settings=\"{&quot;background_background&quot;:&quot;classic&quot;}\">\n\t\t\t\t\t<div class=\"e-con-inner\">\n\t\t<div class=\"elementor-element elementor-element-iwgw-vanth-hl e-flex e-con-boxed e-con e-child\" data-id=\"iwgw-vanth-hl\" data-element_type=\"container\" data-e-type=\"container\">\n\t\t\t\t\t<div class=\"e-con-inner\">\n\t\t<div class=\"elementor-element elementor-element-iwgw-vanth-htxt e-con-full e-flex e-con e-child\" data-id=\"iwgw-vanth-htxt\" data-element_type=\"container\" data-e-type=\"container\">\n\t\t\t\t<div class=\"elementor-element elementor-element-iwgw-vanth-h1 elementor-widget elementor-widget-heading\" data-id=\"iwgw-vanth-h1\" data-element_type=\"widget\" data-e-type=\"widget\" data-widget_type=\"heading.default\">\n\t\t\t\t\t<h1 class=\"elementor-heading-title elementor-size-default\">Vanth - etrurska krilata demonka i pratiteljica mrtvih<\/h1>\t\t\t\t<\/div>\n\t\t\t\t<div class=\"elementor-element elementor-element-iwgw-vanth-lead elementor-widget elementor-widget-text-editor\" data-id=\"iwgw-vanth-lead\" data-element_type=\"widget\" data-e-type=\"widget\" data-widget_type=\"text-editor.default\">\n\t\t\t\t\t\t\t\t\t<p>Vanth je u etrurskoj religiji krilata demonka podzemnog svijeta koja se javlja kao pratiteljica mrtvih i glasnica sudbine. Za razliku od mu\u0161kog <span class=\"iwg-fachbegriff\" data-tooltip=\"Duhovno bi\u0107e kojemu se pripisuje \u0161tetno ili dvojako djelovanje.\" tabindex=\"0\">demona<\/span> <a href=\"https:\/\/iwell-guard.com\/hr\/?page_id=149689\">Charuna<\/a> ona je \u010desto prikazana kao manje prijete\u0107a, vi\u0161e kao glasnica sudbine i suputnica. Ovaj prikaz opisuje njezin religijskopovijesni polo\u017eaj u etrurskom eshatolo\u0161kom sustavu.<\/p>\t\t\t\t\t\t\t\t<\/div>\n\t\t\t\t<\/div>\n\t\t<div class=\"elementor-element elementor-element-iwgw-vanth-pillc e-con-full e-flex e-con e-child\" data-id=\"iwgw-vanth-pillc\" data-element_type=\"container\" data-e-type=\"container\">\n\t\t\t\t<div class=\"elementor-element elementor-element-iwgw-vanth-pills elementor-widget elementor-widget-html\" data-id=\"iwgw-vanth-pills\" data-element_type=\"widget\" data-e-type=\"widget\" data-widget_type=\"html.default\">\n\t\t\t\t\t<div class=\"iwg-pill-row\"><span class=\"iwg-klasse-badge\" tabindex=\"0\" data-tooltip=\"Bi\u0107e smrti tradicije Etrurska.\">Bi\u0107e smrti<\/span><a href=\"https:\/\/iwell-guard.com\/hr\/?page_id=149648\" class=\"iwg-kultur-badge\" tabindex=\"0\" data-tooltip=\"Mitologija tradicije Etrurska.\">Etrurska<\/a><span class=\"iwg-tradition-badge\" tabindex=\"0\" data-tooltip=\"Demonka smrti.\">Demonka smrti<\/span><\/div>\t\t\t\t<\/div>\n\t\t\t\t<\/div>\n\t\t<div class=\"elementor-element elementor-element-iwgw-vanth-tocc e-con-full e-flex e-con e-child\" data-id=\"iwgw-vanth-tocc\" data-element_type=\"container\" data-e-type=\"container\">\n\t\t\t\t<div class=\"elementor-element elementor-element-iwgw-vanth-toc elementor-toc--minimized-on-tablet elementor-widget elementor-widget-table-of-contents\" data-id=\"iwgw-vanth-toc\" data-element_type=\"widget\" data-e-type=\"widget\" data-settings=\"{&quot;headings_by_tags&quot;:[&quot;h2&quot;,&quot;h3&quot;],&quot;minimize_box&quot;:&quot;yes&quot;,&quot;marker_view&quot;:&quot;bullets&quot;,&quot;no_headings_message&quot;:&quot;Na ovoj stranici nisu prona\\u0111eni naslovi.&quot;,&quot;exclude_headings_by_selector&quot;:[],&quot;icon&quot;:{&quot;value&quot;:&quot;fas fa-circle&quot;,&quot;library&quot;:&quot;fa-solid&quot;,&quot;rendered_tag&quot;:&quot;&lt;svg class=\\&quot;e-font-icon-svg e-fas-circle\\&quot; viewBox=\\&quot;0 0 512 512\\&quot; xmlns=\\&quot;http:\\\/\\\/www.w3.org\\\/2000\\\/svg\\&quot;&gt;&lt;path d=\\&quot;M256 8C119 8 8 119 8 256s111 248 248 248 248-111 248-248S393 8 256 8z\\&quot;&gt;&lt;\\\/path&gt;&lt;\\\/svg&gt;&quot;},&quot;minimized_on&quot;:&quot;tablet&quot;,&quot;hierarchical_view&quot;:&quot;yes&quot;,&quot;min_height&quot;:{&quot;unit&quot;:&quot;px&quot;,&quot;size&quot;:&quot;&quot;,&quot;sizes&quot;:[]},&quot;min_height_tablet&quot;:{&quot;unit&quot;:&quot;px&quot;,&quot;size&quot;:&quot;&quot;,&quot;sizes&quot;:[]},&quot;min_height_mobile&quot;:{&quot;unit&quot;:&quot;px&quot;,&quot;size&quot;:&quot;&quot;,&quot;sizes&quot;:[]}}\" data-widget_type=\"table-of-contents.default\">\n\t\t\t\t\t\t\t\t\t<div class=\"elementor-toc__header\">\n\t\t\t\t\t\t<h2 class=\"elementor-toc__header-title\">\n\t\t\t\tSadr\u017eaj\t\t\t<\/h2>\n\t\t\t\t\t\t\t\t\t\t<div class=\"elementor-toc__toggle-button elementor-toc__toggle-button--expand\" role=\"button\" tabindex=\"0\" aria-controls=\"elementor-toc__iwgw-vanth-toc\" aria-expanded=\"true\" aria-label=\"Open table of contents\"><svg aria-hidden=\"true\" class=\"e-font-icon-svg e-fas-chevron-down\" viewBox=\"0 0 448 512\" xmlns=\"http:\/\/www.w3.org\/2000\/svg\"><path d=\"M207.029 381.476L12.686 187.132c-9.373-9.373-9.373-24.569 0-33.941l22.667-22.667c9.357-9.357 24.522-9.375 33.901-.04L224 284.505l154.745-154.021c9.379-9.335 24.544-9.317 33.901.04l22.667 22.667c9.373 9.373 9.373 24.569 0 33.941L240.971 381.476c-9.373 9.372-24.569 9.372-33.942 0z\"><\/path><\/svg><\/div>\n\t\t\t\t<div class=\"elementor-toc__toggle-button elementor-toc__toggle-button--collapse\" role=\"button\" tabindex=\"0\" aria-controls=\"elementor-toc__iwgw-vanth-toc\" aria-expanded=\"true\" aria-label=\"Close table of contents\"><svg aria-hidden=\"true\" class=\"e-font-icon-svg e-fas-chevron-up\" viewBox=\"0 0 448 512\" xmlns=\"http:\/\/www.w3.org\/2000\/svg\"><path d=\"M240.971 130.524l194.343 194.343c9.373 9.373 9.373 24.569 0 33.941l-22.667 22.667c-9.357 9.357-24.522 9.375-33.901.04L224 227.495 69.255 381.516c-9.379 9.335-24.544 9.317-33.901-.04l-22.667-22.667c-9.373-9.373-9.373-24.569 0-33.941L207.03 130.525c9.372-9.373 24.568-9.373 33.941-.001z\"><\/path><\/svg><\/div>\n\t\t\t\t\t<\/div>\n\t\t\t\t<div id=\"elementor-toc__iwgw-vanth-toc\" class=\"elementor-toc__body\">\n\t\t\t<div class=\"elementor-toc__spinner-container\">\n\t\t\t\t<svg class=\"elementor-toc__spinner eicon-animation-spin e-font-icon-svg e-eicon-loading\" aria-hidden=\"true\" viewBox=\"0 0 1000 1000\" xmlns=\"http:\/\/www.w3.org\/2000\/svg\"><path d=\"M500 975V858C696 858 858 696 858 500S696 142 500 142 142 304 142 500H25C25 237 238 25 500 25S975 237 975 500 763 975 500 975Z\"><\/path><\/svg>\t\t\t<\/div>\n\t\t<\/div>\n\t\t\t\t\t\t<\/div>\n\t\t\t\t<\/div>\n\t\t\t\t\t<\/div>\n\t\t\t\t<\/div>\n\t\t<div class=\"elementor-element elementor-element-iwgw-vanth-hr e-con-full e-flex e-con e-child\" data-id=\"iwgw-vanth-hr\" data-element_type=\"container\" data-e-type=\"container\">\n\t\t\t\t<div class=\"elementor-element elementor-element-iwgw-vanth-heroimg iwg-hero-image elementor-widget elementor-widget-image\" data-id=\"iwgw-vanth-heroimg\" data-element_type=\"widget\" data-e-type=\"widget\" data-widget_type=\"image.default\">\n\t\t\t\t\t\t\t\t\t\t\t\t\t\t\t<img fetchpriority=\"high\" decoding=\"async\" width=\"683\" height=\"1024\" src=\"https:\/\/iwell-guard.com\/wp-content\/uploads\/2026\/05\/daemonen_etruskisch_vanth-683x1024.webp\" class=\"attachment-large size-large wp-image-151568\" alt=\"Vanth - demoni iz etru\u0161\u010danske tradicije, povijesno-ilustrativno\" srcset=\"https:\/\/iwell-guard.com\/wp-content\/uploads\/2026\/05\/daemonen_etruskisch_vanth-683x1024.webp 683w, https:\/\/iwell-guard.com\/wp-content\/uploads\/2026\/05\/daemonen_etruskisch_vanth-200x300.webp 200w, https:\/\/iwell-guard.com\/wp-content\/uploads\/2026\/05\/daemonen_etruskisch_vanth-768x1152.webp 768w, https:\/\/iwell-guard.com\/wp-content\/uploads\/2026\/05\/daemonen_etruskisch_vanth.webp 1024w\" sizes=\"(max-width: 683px) 100vw, 683px\" \/>\t\t\t\t\t\t\t\t\t\t\t\t\t\t\t<\/div>\n\t\t\t\t<\/div>\n\t\t\t\t\t<\/div>\n\t\t\t\t<\/div>\n\t\t<div class=\"elementor-element elementor-element-iwgw-vanth-s0 e-flex e-con-boxed e-con e-parent\" data-id=\"iwgw-vanth-s0\" data-element_type=\"container\" data-e-type=\"container\">\n\t\t\t\t\t<div class=\"e-con-inner\">\n\t\t\t\t<div class=\"elementor-element elementor-element-iwgw-vanth-s0h elementor-widget elementor-widget-heading\" data-id=\"iwgw-vanth-s0h\" data-element_type=\"widget\" data-e-type=\"widget\" data-widget_type=\"heading.default\">\n\t\t\t\t\t<h2 class=\"elementor-heading-title elementor-size-default\">Polo\u017eaj u etru\u0161\u010danskom panteonu<\/h2>\t\t\t\t<\/div>\n\t\t<div class=\"elementor-element elementor-element-iwgw-vanth-s0c e-con-full e-flex e-con e-child\" data-id=\"iwgw-vanth-s0c\" data-element_type=\"container\" data-e-type=\"container\">\n\t\t\t\t<div class=\"elementor-element elementor-element-iwgw-vanth-s0t elementor-widget elementor-widget-text-editor\" data-id=\"iwgw-vanth-s0t\" data-element_type=\"widget\" data-e-type=\"widget\" data-widget_type=\"text-editor.default\">\n\t\t\t\t\t\t\t\t\t<p>Vanth, poput <a href=\"https:\/\/iwell-guard.com\/hr\/?page_id=149689\">Charuna<\/a>, pripada uglednim demonima etrurskog podzemnog svijeta. \u010cesto je prikazana kao pratiteljica mrtvih ili glasnica sudbine. U etrurskoj eshatologiji ima stalno mjesto i \u010desto se javlja zajedno s Charunom u prizorima rastanka i pratnje.<\/p><p>Larissa Bonfante i Erika Simon obradile su Vanth u svojim djelima o etrurskoj religiji. Ona je \u010desta figura u etrurskoj likovnoj umjetnosti, \u010desto na sarkofazima i u grobnim slikarijama.<\/p><p>Etrurska religija, u kojoj krilata pratiteljica mrtvih Vanth ima svoje mjesto, religijskopovijesno je posebno plodna upravo zato \u0161to stoji izme\u0111u gr\u010dko-mediteranske i italsko-rimske <span class=\"iwg-fachbegriff\" data-tooltip=\"Preno\u0161enje znanja i pri\u010da kroz generacije.\" tabindex=\"0\">predaje<\/span>.<\/p><p>Massimo Pallottino, Jacques Heurgon, Sybille Haynes, Mauro Cristofani i Giovanni Colonna u svojim su istra\u017eivanjima pokazali da se ovdje radi o samostalnoj tradiciji, a ne o pukom izdanku.<\/p><p>To \u0161to Vanth ispunjava jasno odre\u0111enu zada\u0107u pratiteljice mrtvih odgovara etrurskoj <span class=\"iwg-fachbegriff\" data-tooltip=\"Znanstveno u\u010denje o Bogu i vjeri neke religije.\" tabindex=\"0\">teologiji<\/span> koja je svoj <span class=\"iwg-fachbegriff\" data-tooltip=\"Skup svih bogova neke religije ili kulture.\" tabindex=\"0\">panteon<\/span> sna\u017eno strukturirala i raspodijelila funkcije. Starija pri\u010da o &#8216;misti\u010dnoj&#8217; ili &#8216;tu\u0111inskoj&#8217; vjeri Etru\u0161\u010dana ne odgovara istini: radi se o samostalnoj varijanti mediteranske religije.<\/p><p>Vanth zorno pokazuje kako su Etru\u0161\u010dani u povijesti italske religije posredovali izme\u0111u gr\u010dkih poticaja i religije koja se u Rimu tek oblikovala. Ta posredni\u010dka funkcija \u010dini njezinu <span class=\"iwg-fachbegriff\" data-tooltip=\"Preno\u0161enje znanja i pri\u010da kroz generacije.\" tabindex=\"0\">predaju<\/span> znanstveno posebno zanimljivom.<\/p><p>Vanthin perjasti oblik prije se brzo poistovje\u0107ivao s gr\u010dkim uzorima. Religijsko-etnolo\u0161ka istra\u017eivanja posljednjih desetlje\u0107a, me\u0111utim, priznala su etrursku religiju kao zatvoren, samostalan sustav i zamijenila raniju tendenciju izvo\u0111enja iz gr\u010dke religije kao &#8216;derivativne&#8217; pomnijim promatranjem.<\/p>\t\t\t\t\t\t\t\t<\/div>\n\t\t\t\t<\/div>\n\t\t\t\t\t<\/div>\n\t\t\t\t<\/div>\n\t\t<div class=\"elementor-element elementor-element-iwgw-vanth-s1 e-flex e-con-boxed e-con e-parent\" data-id=\"iwgw-vanth-s1\" data-element_type=\"container\" data-e-type=\"container\">\n\t\t\t\t\t<div class=\"e-con-inner\">\n\t\t\t\t<div class=\"elementor-element elementor-element-iwgw-vanth-s1h elementor-widget elementor-widget-heading\" data-id=\"iwgw-vanth-s1h\" data-element_type=\"widget\" data-e-type=\"widget\" data-widget_type=\"heading.default\">\n\t\t\t\t\t<h2 class=\"elementor-heading-title elementor-size-default\">Ime i etimologija<\/h2>\t\t\t\t<\/div>\n\t\t<div class=\"elementor-element elementor-element-iwgw-vanth-s1c e-con-full e-flex e-con e-child\" data-id=\"iwgw-vanth-s1c\" data-element_type=\"container\" data-e-type=\"container\">\n\t\t\t\t<div class=\"elementor-element elementor-element-iwgw-vanth-s1t elementor-widget elementor-widget-text-editor\" data-id=\"iwgw-vanth-s1t\" data-element_type=\"widget\" data-e-type=\"widget\" data-widget_type=\"text-editor.default\">\n\t\t\t\t\t\t\t\t\t<p>Ime Vanth potvr\u0111eno je na etrurskim slikovnim prikazima i natpisima. Pouzdano etimolo\u0161ko zna\u010denje nije rekonstruirano. <em>Editio Minor<\/em> Helmuta Rixa dokumentira te potvrde.<\/p><p>Vanth se ponekad javlja u mno\u017eini, \u0161to upu\u0107uje na to da je postojalo vi\u0161e demonki Vanth, sli\u010dno kao \u0161to je postojalo vi\u0161e demona Charun. Ta mno\u017einskost religijskofenomenolo\u0161ki je zanimljiva.<\/p><p>Ime Vanth susre\u0107e se na etrurskim slikovnim prikazima, ali zapisano je jezikom koji se smatra jezi\u010dno izoliranim ili bi mogao pripadati pretpostavljenoj &#8216;tirzenskoj&#8217; porodici zajedno s lemni\u010dkim i retijskim jezikom. Od 19. stolje\u0107a znanost radi na de\u0161ifriranju tih tekstova, bez kona\u010dnog rezultata.<\/p><p>Editio Minor Helmuta Rixa temeljna je epigrafska zbirka etrurskog jezi\u010dnog korpusa i dokumentira i natpisne potvrde za Vanth. Danas se tome pridru\u017euju Thesaurus Linguae Etruscae i internetska baza podataka ETP (Etruscan Texts Project).<\/p><p>Pitanje podrijetla Etru\u0161\u010dana ostaje nerije\u0161eno: Herodot je pretpostavljao seobu iz Lidije, Dionizije Halikarna\u0161anin doma\u0107i, italski postanak. Za razumijevanje likova kao \u0161to je Vanth to je religijskopovijesno relevantno, jer se time otvara raspravu o mogu\u0107im vezama s maloazijskim kultovima.<\/p><p>Uska povezanost jezi\u010dnih i epigrafskih istra\u017eivanja koristi i Vanthinoj <span class=\"iwg-fachbegriff\" data-tooltip=\"Preno\u0161enje znanja i pri\u010da kroz generacije.\" tabindex=\"0\">predaji<\/span>: digitalno izdanje etrurskih tekstova u ETP-u (Etruscan Texts Project) znatno olak\u0161ava usporedne studije. Marie-Laurence Haack i Vincent Jolivet dali su ovdje pionirske doprinose.<\/p>\t\t\t\t\t\t\t\t<\/div>\n\t\t\t\t<\/div>\n\t\t\t\t\t<\/div>\n\t\t\t\t<\/div>\n\t\t<div class=\"elementor-element elementor-element-iwgw-vanth-s2 e-flex e-con-boxed e-con e-parent\" data-id=\"iwgw-vanth-s2\" data-element_type=\"container\" data-e-type=\"container\">\n\t\t\t\t\t<div class=\"e-con-inner\">\n\t\t\t\t<div class=\"elementor-element elementor-element-iwgw-vanth-s2h elementor-widget elementor-widget-heading\" data-id=\"iwgw-vanth-s2h\" data-element_type=\"widget\" data-e-type=\"widget\" data-widget_type=\"heading.default\">\n\t\t\t\t\t<h2 class=\"elementor-heading-title elementor-size-default\">Opis i ikonografija<\/h2>\t\t\t\t<\/div>\n\t\t<div class=\"elementor-element elementor-element-iwgw-vanth-s2c e-con-full e-flex e-con e-child\" data-id=\"iwgw-vanth-s2c\" data-element_type=\"container\" data-e-type=\"container\">\n\t\t\t\t<div class=\"elementor-element elementor-element-iwgw-vanth-s2t elementor-widget elementor-widget-text-editor\" data-id=\"iwgw-vanth-s2t\" data-element_type=\"widget\" data-e-type=\"widget\" data-widget_type=\"text-editor.default\">\n\t\t\t\t\t\t\t\t\t<p>Vanth se u etru\u0161\u010danskoj umjetnosti prikazuje kao krilata \u017eena, \u010desto s bakljom ili klju\u010dem. Njezina perjana krila jasno je razlikuju od gr\u010dkog Haronova tipa i pribli\u017eavaju je gr\u010dkim Erinijama ili Erosovim figurama. Povezanost s klju\u010dem upu\u0107uje na njezinu funkciju \u010duvarice vrata podzemnog svijeta.<\/p><p>Na etru\u0161\u010danskim sarkofazima i grobnim slikarijama (Tomba dei Vipinana u Tarquiniji) Vanth se javlja u brojnim scenama. Njezina je odje\u0107a \u010desto kratka i pripasana, \u0161to upu\u0107uje na slobodu kretanja. Larissa Bonfante detaljno je istra\u017eila tu <span class=\"iwg-fachbegriff\" data-tooltip=\"Nauka o slikovnim sadr\u017eajima i njihovu zna\u010denju.\" tabindex=\"0\">ikonografiju<\/span>.<\/p><p>Vanth je uglavnom dostupna kroz likovna djela, a etru\u0161\u010danska likovna umjetnost pokazuje se religijsko-fenomenolo\u0161ki iznimno bogatom: zrcala, vaze, grobno slikarstvo i bronce glavni su izvori. Larissa Bonfante u svojim radovima cijeni tu slikovnu tradiciju kao samostalnu, a ne kao pukog izdanka.<\/p><p>Vanth se \u010desto javlja u etru\u0161\u010danskom grobnom slikarstvu Tarquinije, Cerveterija i Vulcija, koje ubrajamo me\u0111u najva\u017enije izvore etru\u0161\u010danske religije i eshatologije. U prizorima banketa, plesa, glazbe i mitolo\u0161kih epizoda zagrobni \u017eivot prikazan je kao nastavak \u017eivota.<\/p><p>Vanth se \u010desto javlja zajedno s Charunom u prizorima pratnje, \u0161to potvr\u0111uje sklonost etru\u0161\u010danske <span class=\"iwg-fachbegriff\" data-tooltip=\"Nauka o slikovnim sadr\u017eajima i njihovu zna\u010denju.\" tabindex=\"0\">ikonografije<\/span> prema vi\u0161efiguralnim scenama, narativnim vezama i simboli\u010dkim zgusnutostima. Ta slikovna tradicija \u010dini posebno podru\u010dje istra\u017eivanja etru\u0161\u010danske religijske ikonografije.<\/p><p>Vanth se ponekad javlja u mno\u017eini i uz druge likove, \u0161to potvr\u0111uje narativnu gusto\u0107u etru\u0161\u010danske likovne umjetnosti: jedno jedino zrcalo ili vaza mo\u017ee istovremeno nositi vi\u0161e mitolo\u0161kih referenci. Ta zgusnutost prisiljava istra\u017eivanje na pa\u017eljivu kontekstualnu analizu.<\/p>\t\t\t\t\t\t\t\t<\/div>\n\t\t\t\t<\/div>\n\t\t\t\t\t<\/div>\n\t\t\t\t<\/div>\n\t\t<div class=\"elementor-element elementor-element-iwgw-vanth-s3 e-flex e-con-boxed e-con e-parent\" data-id=\"iwgw-vanth-s3\" data-element_type=\"container\" data-e-type=\"container\">\n\t\t\t\t\t<div class=\"e-con-inner\">\n\t\t\t\t<div class=\"elementor-element elementor-element-iwgw-vanth-s3h elementor-widget elementor-widget-heading\" data-id=\"iwgw-vanth-s3h\" data-element_type=\"widget\" data-e-type=\"widget\" data-widget_type=\"heading.default\">\n\t\t\t\t\t<h2 class=\"elementor-heading-title elementor-size-default\">Vanth u etru\u0161\u010danskoj eshatologiji<\/h2>\t\t\t\t<\/div>\n\t\t<div class=\"elementor-element elementor-element-iwgw-vanth-s3c e-con-full e-flex e-con e-child\" data-id=\"iwgw-vanth-s3c\" data-element_type=\"container\" data-e-type=\"container\">\n\t\t\t\t<div class=\"elementor-element elementor-element-iwgw-vanth-s3t elementor-widget elementor-widget-text-editor\" data-id=\"iwgw-vanth-s3t\" data-element_type=\"widget\" data-e-type=\"widget\" data-widget_type=\"text-editor.default\">\n\t\t\t\t\t\t\t\t\t<p>Vanth je dio slo\u017eenog etru\u0161\u010danskog sustava podzemnog svijeta. Ona pratnju mrtvih do podzemlja, nekad sama, \u010desto zajedno s Charunom. Njezina je funkcija prije funkcija &#8216;glasnice sudbine&#8217; nego aktivnog uzro\u010dnika smrti: dolazi kad je vrijeme do\u0161lo i vodi mrtvog.<\/p><p>Jean-Ren\u00e9 Jannot etru\u0161\u010dansku predod\u017ebu podzemlja opisuje kao dobro strukturiran sustav s jasno odre\u0111enim funkcijama demona. Vanth je unutar tog sustava \u017eenska pratiteljica, dok je Charun mu\u0161ki izvr\u0161itelj.<\/p><p>Etru\u0161\u010danska <span class=\"iwg-fachbegriff\" data-tooltip=\"Ukupnost predanih pripovijesti o bogovima jedne kulture.\" tabindex=\"0\">mitologija<\/span> nije sa\u010duvana u razra\u0111enim pripovjednim tekstovima, kakve poznaje gr\u010dka i rimska tradicija. Slika Vanth proizlazi tek iz sveobuhvatnog pregleda likovnih izvora, natpisa i gr\u010dko-rimske posredne predaje, izvorne situacije koja zahtijeva metodolo\u0161ku opreznost.<\/p><p>Odnos etru\u0161\u010danske i gr\u010dke <span class=\"iwg-fachbegriff\" data-tooltip=\"Ukupnost predanih pripovijesti o bogovima jedne kulture.\" tabindex=\"0\">mitologije<\/span> slojevit je: s jedne strane Etru\u0161\u010dani su preuzimali gr\u010dke mitove o Ahileju, Odiseju ili Edipu, s druge su ih samostalno preoblikovali. Vanth, koja nema izravan gr\u010dki pandan, pokazuje tu samostalnu obradu; ta adaptacija predmet je intenzivnog istra\u017eivanja.<\/p><p>Vanth se redovito javlja zajedno s Charunom, \u0161to odgovara jednoj od osnovnih odlika etru\u0161\u010danske <span class=\"iwg-fachbegriff\" data-tooltip=\"Znanstvena nauka o Bogu i vjeri jedne religije.\" tabindex=\"0\">teologije<\/span>: vije\u0107u bogova (consensus deorum). Ni sam Tinia ne djeluje sam, ve\u0107 se savjetuje s drugim bogovima. Taj koncept smatra se religijsko-fenomenolo\u0161ki specifi\u010dnim.<\/p><p>Kako mitolo\u0161ka predaja Etru\u0161\u010dana nije sa\u010duvana u zatvorenim pripovijestima, i funkciju Vanth potrebno je rekonstruirati iz likovnih prizora, natpisa i posrednih izvora. Pri tome se pokazala korisnom kombinacija etru\u0161\u010danskog natpisa, gr\u010dkog likovnog predlo\u0161ka i kontekstualnog \u010ditanja, koja zahtijeva pa\u017eljivo tuma\u010denje.<\/p>\t\t\t\t\t\t\t\t<\/div>\n\t\t\t\t<\/div>\n\t\t\t\t\t<\/div>\n\t\t\t\t<\/div>\n\t\t<div class=\"elementor-element elementor-element-iwgw-vanth-s4 e-flex e-con-boxed e-con e-parent\" data-id=\"iwgw-vanth-s4\" data-element_type=\"container\" data-e-type=\"container\">\n\t\t\t\t\t<div class=\"e-con-inner\">\n\t\t\t\t<div class=\"elementor-element elementor-element-iwgw-vanth-s4h elementor-widget elementor-widget-heading\" data-id=\"iwgw-vanth-s4h\" data-element_type=\"widget\" data-e-type=\"widget\" data-widget_type=\"heading.default\">\n\t\t\t\t\t<h2 class=\"elementor-heading-title elementor-size-default\">Mitolo\u0161ke pri\u010de<\/h2>\t\t\t\t<\/div>\n\t\t<div class=\"elementor-element elementor-element-iwgw-vanth-s4c e-con-full e-flex e-con e-child\" data-id=\"iwgw-vanth-s4c\" data-element_type=\"container\" data-e-type=\"container\">\n\t\t\t\t<div class=\"elementor-element elementor-element-iwgw-vanth-s4t elementor-widget elementor-widget-text-editor\" data-id=\"iwgw-vanth-s4t\" data-element_type=\"widget\" data-e-type=\"widget\" data-widget_type=\"text-editor.default\">\n\t\t\t\t\t\t\t\t\t<p>Predaje o Vanth prenesene su prije svega likovno. Na sarkofazima i u grobnom slikarstvu javlja se u prizorima rastanka: pokojnik se opra\u0161ta od \u017eivih, a Vanth ga odvodi. U nekim prikazima sjedi u zami\u0161ljenoj pozi na kamenu i \u010deka \u010dovjekovu smrt.<\/p><p>U etru\u0161\u010danskoj adaptaciji gr\u010dkih mitova Vanth se ponekad javlja u prizorima u kojima nema gr\u010dki pandan, primjerice pri smrti Ahileja. Taj samostalan umetak dokumentira religijsku posebnost etru\u0161\u010danske tradicije.<\/p><p>Disciplina Etrusca, etru\u0161\u010danski sustav proricanja, obuhva\u0107ala je gledanje u utrobu (haruspicina), tuma\u010denje munja (fulguratio) i gledanje u letu ptica (auspicia). Etru\u0161\u010dani su je prenijeli Rimljanima, a ona je ostala \u017eiva praksa sve do 4. stolje\u0107a poslije Krista, a opisali su je i Ciceron i Seneka.<\/p><p>Specijalizirane sve\u0107eni\u010dke \u0161kole prenosile su Disciplina Etrusca. Njezini najva\u017eniji tekstovi bili su Libri Rituales, Libri Haruspicini i Libri Fulgurales. Nisu sa\u010duvani, ali su djelomi\u010dno rekonstruirani na temelju citata kod Cicerona, Festa i Makrobija.<\/p><p>Etru\u0161\u010danski <span class=\"iwg-fachbegriff\" data-tooltip=\"Ukupnost religijskih obreda \u0161tovanja jednog bo\u017eanstva ili svetog lika.\" tabindex=\"0\">kult<\/span> obilje\u017eavala je vezanost za grad: Tarquinia, u \u010dijim se grobnicama Vanth \u010desto javlja, imala je svoje glavne kultove i religijske posebnosti, kao i Caere, Vulci, Veji, Clusium, Volsinii, Cortona, Perugia, Arezzo, Volterra, Populonia i Roselle.<\/p><p>Disciplina Etrusca \u010dini koherentan religijsko-divinacijski sustav i ubraja se me\u0111u najrazvijenije prakse proricanja <span class=\"iwg-fachbegriff\" data-tooltip=\"Razdoblje gr\u010dke i rimske kulture, otprilike od 800. pr. Kr. do 600. po. Kr.\" tabindex=\"0\">antike<\/span>. Rimljani su je sustavno preuzeli, a prakti\u010dala se sve do kasne <span class=\"iwg-fachbegriff\" data-tooltip=\"Razdoblje gr\u010dke i rimske kulture, otprilike od 800. pr. Kr. do 600. po. Kr.\" tabindex=\"0\">antike<\/span>, \u0161to predstavlja povijesno vrijedan kontinuitet.<\/p>\t\t\t\t\t\t\t\t<\/div>\n\t\t\t\t<\/div>\n\t\t\t\t\t<\/div>\n\t\t\t\t<\/div>\n\t\t<div class=\"elementor-element elementor-element-iwgw-vanth-s5 e-flex e-con-boxed e-con e-parent\" data-id=\"iwgw-vanth-s5\" data-element_type=\"container\" data-e-type=\"container\">\n\t\t\t\t\t<div class=\"e-con-inner\">\n\t\t\t\t<div class=\"elementor-element elementor-element-iwgw-vanth-s5h elementor-widget elementor-widget-heading\" data-id=\"iwgw-vanth-s5h\" data-element_type=\"widget\" data-e-type=\"widget\" data-widget_type=\"heading.default\">\n\t\t\t\t\t<h2 class=\"elementor-heading-title elementor-size-default\">Kult i rituali<\/h2>\t\t\t\t<\/div>\n\t\t<div class=\"elementor-element elementor-element-iwgw-vanth-s5c e-con-full e-flex e-con e-child\" data-id=\"iwgw-vanth-s5c\" data-element_type=\"container\" data-e-type=\"container\">\n\t\t\t\t<div class=\"elementor-element elementor-element-iwgw-vanth-s5t elementor-widget elementor-widget-text-editor\" data-id=\"iwgw-vanth-s5t\" data-element_type=\"widget\" data-e-type=\"widget\" data-widget_type=\"text-editor.default\">\n\t\t\t\t\t\t\t\t\t<p>Vanth se, kao ni Charun, nije &#8220;\u0161tovala&#8221; u istom smislu kao olimpski Atua. Njezina povezanost bila je primarno vezana za kontekst pogreba: prikazi Vanth ukra\u0161avali su sarkofage i urne za pepeo, a formule posve\u0107ene Vanth vjerojatno su izgovarane u pogrebnim obredima.<\/p><p>Prilaganje prikaza Vanth u grobovima imalo je simpateti\u010dku funkciju: trebalo je pokojniku olak\u0161ati put u podzemni svijet i u\u010diniti prisutnost demonice stvarnom.<\/p><p>Arhitektonski su etru\u0161\u010danski <span class=\"iwg-fachbegriff\" data-tooltip=\"Gra\u0111evina namijenjena \u0161tovanju jednog ili vi\u0161e bo\u017eanstava.\" tabindex=\"0\">hramovi<\/span> samostalni: tuskanski stil predstavlja vlastiti stupovni red, koji Vitruvije opisuje u djelu De Architectura. Nacrti isti\u010du celu i \u0161iroku prednju predvorje, \u010dime se jasno odvajaju od gr\u010dkih uzora.<\/p><p>Etru\u0161\u010danski <span class=\"iwg-fachbegriff\" data-tooltip=\"Gra\u0111evina namijenjena \u0161tovanju jednog ili vi\u0161e bo\u017eanstava.\" tabindex=\"0\">hramovi<\/span> \u010desto su bili monumentalnih dimenzija. Kao arhitektonski svjedok etru\u0161\u010danske religioznosti u ranom Rimu smatra se Jupiterov <span class=\"iwg-fachbegriff\" data-tooltip=\"Gra\u0111evina namijenjena \u0161tovanju jednog ili vi\u0161e bo\u017eanstava.\" tabindex=\"0\">hram<\/span> na Kapitoliju, koji su izgradili etru\u0161\u010danski arhitekti i umjetnici, prije svega Vulca iz Veja.<\/p><p>Godi\u0161nje se etru\u0161\u010danski savez dvanaest gradova okupljao na Fanum Voltumnae kod Volsinija radi religijskog i politi\u010dkog sastanka. Voltumna, savezni bog etru\u0161\u010danske konfederacije gradova, imao je pri tome nadre\u0111eno religijsko zna\u010denje.<\/p><p>Etru\u0161\u010danski <span class=\"iwg-fachbegriff\" data-tooltip=\"Gra\u0111evina namijenjena \u0161tovanju jednog ili vi\u0161e bo\u017eanstava.\" tabindex=\"0\">hramovi<\/span> po\u010divali su \u010desto na temeljima od tufa, imali su drvene gornje konstrukcije i bili ukra\u0161eni terakotom. Slavna Apolonova statua iz Veja, djelo Vulce, smatra se glavnim arhitektonskim i religijskim svjedo\u010danstvom te tradicije.<\/p>\t\t\t\t\t\t\t\t<\/div>\n\t\t\t\t<\/div>\n\t\t\t\t\t<\/div>\n\t\t\t\t<\/div>\n\t\t<div class=\"elementor-element elementor-element-iwgw-vanth-s6 e-flex e-con-boxed e-con e-parent\" data-id=\"iwgw-vanth-s6\" data-element_type=\"container\" data-e-type=\"container\">\n\t\t\t\t\t<div class=\"e-con-inner\">\n\t\t\t\t<div class=\"elementor-element elementor-element-iwgw-vanth-s6h elementor-widget elementor-widget-heading\" data-id=\"iwgw-vanth-s6h\" data-element_type=\"widget\" data-e-type=\"widget\" data-widget_type=\"heading.default\">\n\t\t\t\t\t<h2 class=\"elementor-heading-title elementor-size-default\">Tradicije za\u0161tite<\/h2>\t\t\t\t<\/div>\n\t\t<div class=\"elementor-element elementor-element-iwgw-vanth-s6c e-con-full e-flex e-con e-child\" data-id=\"iwgw-vanth-s6c\" data-element_type=\"container\" data-e-type=\"container\">\n\t\t\t\t<div class=\"elementor-element elementor-element-iwgw-vanth-s6t elementor-widget elementor-widget-text-editor\" data-id=\"iwgw-vanth-s6t\" data-element_type=\"widget\" data-e-type=\"widget\" data-widget_type=\"text-editor.default\">\n\t\t\t\t\t\t\t\t\t<p>Vanth je u za\u0161titnim kontekstima primarno bila zazivana u pogrebnim i o\u017ealo\u0161\u0107enim obredima. Nije bila &#8220;za\u0161titnica&#8221; u pozitivnom smislu, ve\u0107 nu\u017ena pratiteljica u prijelazu iz \u017eivota u smrt.<\/p><p>Apotropejske prakse protiv prijevremenog pojavljivanja Vanth manje su dokumentirane nego kod Charuna. Sveukupno djeluje manje prijete\u0107e, vi\u0161e kao prirodna sudbinska sila.<\/p><p><span data-nosnippet>Brojni apotropejski simboli bili su dio etru\u0161\u010danske za\u0161titne prakse: falusni amuleti, prikazi gorgoneiona, simboli oka, bule i odre\u0111ene formule. Slikovni jezik ovih za\u0161titnih simbola istra\u017eila je Larissa Bonfante u djelu Etruscan Mirrors (1980. i dalje).<\/span><\/p><p>U etru\u0161\u010danskoj kulturi bili su vrlo ra\u0161ireni apotropejski simboli poput Tinijeva oka, falusnih amuleta i gorgoneiona. Njima su bili ukra\u0161eni <span class=\"iwg-fachbegriff\" data-tooltip=\"Gra\u0111evina namijenjena \u0161tovanju jednog ili vi\u0161e bo\u017eanstava.\" tabindex=\"0\">hramovi<\/span>, grobovi, ku\u0107na sveti\u0161ta i osobni predmeti; u rimskom i mediteranskom narodnom vjerovanju ova se praksa nastavila.<\/p><p>Etru\u0161\u010danska za\u0161titna praksa bila je u uskoj vezi s Disciplinom Etrusca. Prije va\u017enih poduhvata, poput osnivanja grada, ratnog pohoda ili gradnje ku\u0107e, redovito se provodilo divinacijsko savjetovanje.<\/p><p>U etru\u0161\u010danskoj religiji za\u0161titna tradicija i Disciplina Etrusca \u010dvrsto su povezane. Onaj koji je izvodio za\u0161titni obred \u010desto je istovremeno pozivao haruspika ili augura. Ova institucionalna povezanost znanstveno je karakteristi\u010dna.<\/p>\t\t\t\t\t\t\t\t<\/div>\n\t\t\t\t<\/div>\n\t\t\t\t\t<\/div>\n\t\t\t\t<\/div>\n\t\t<div class=\"elementor-element elementor-element-iwgw-vanth-s7 e-flex e-con-boxed e-con e-parent\" data-id=\"iwgw-vanth-s7\" data-element_type=\"container\" data-e-type=\"container\">\n\t\t\t\t\t<div class=\"e-con-inner\">\n\t\t\t\t<div class=\"elementor-element elementor-element-iwgw-vanth-s7h elementor-widget elementor-widget-heading\" data-id=\"iwgw-vanth-s7h\" data-element_type=\"widget\" data-e-type=\"widget\" data-widget_type=\"heading.default\">\n\t\t\t\t\t<h2 class=\"elementor-heading-title elementor-size-default\">Paralele u drugim kulturama<\/h2>\t\t\t\t<\/div>\n\t\t<div class=\"elementor-element elementor-element-iwgw-vanth-s7c e-con-full e-flex e-con e-child\" data-id=\"iwgw-vanth-s7c\" data-element_type=\"container\" data-e-type=\"container\">\n\t\t\t\t<div class=\"elementor-element elementor-element-iwgw-vanth-s7t elementor-widget elementor-widget-text-editor\" data-id=\"iwgw-vanth-s7t\" data-element_type=\"widget\" data-e-type=\"widget\" data-widget_type=\"text-editor.default\">\n\t\t\t\t\t\t\t\t\t<p>Vanth se u religijskoj usporedbi mo\u017ee povezati s gr\u010dkim Erinijama (Furijama), s nordijskim Valkirama, s kr\u0161\u0107anskom tradicijom &#8220;svetog pogreba&#8221; ili s iranskim Daenama. Svima je zajedni\u010dko da su \u017eenske pratiteljice mrtvih ili glasnice sudbine.<\/p><p>Specifi\u010dno etru\u0161\u010danska osobitost Vanth jest spajanje krila, baklje ili klju\u010da i funkcije pratiteljice u jednoj figuri. Ta se koncentracija smatra fenomenolo\u0161ki samostalnom u povijesti religija.<\/p><p>Interpretatio Romana pridavala je etru\u0161\u010danskim bo\u017eanstvima rimska imena: od Tinije je postao Jupiter, od Uni Junona, od Menrve Minerva. Ta identifikacija bila je uglavnom selektivna, a ne potpuna; istra\u017eivanja posljednjih pedeset godina prou\u010davaju \u0161to je od etru\u0161\u010danske osobitosti nastavilo postojati.<\/p><p>Anatolske, feni\u010dke i bliskoisto\u010dne tradicije mnogostruko se dodiruju s etru\u0161\u010danskom religijom. Feni\u010dko posredovanje dokumentiraju plo\u010dice iz Pirgija; ova transmediteranska umre\u017eenost va\u017eno je istra\u017eiva\u010dko podru\u010dje posljednjih desetlje\u0107a.<\/p><p>U religijskoj usporedbi etru\u0161\u010danski se <span class=\"iwg-fachbegriff\" data-tooltip=\"Skup vjerskih obreda \u0161tovanja posve\u0107enih jednom bo\u017eanstvu ili svetoj osobi.\" tabindex=\"0\">kult<\/span> mo\u017ee svrstati u mediteransku obitelj religija, povezanu s Gr\u010dkom, Fenicijom, Egiptom, Anatolijom i Latijem. Ta umre\u017eenost va\u017eno je istra\u017eiva\u010dko polje.<\/p>\t\t\t\t\t\t\t\t<\/div>\n\t\t\t\t<\/div>\n\t\t\t\t\t<\/div>\n\t\t\t\t<\/div>\n\t\t<div class=\"elementor-element elementor-element-iwgw-vanth-s8 e-flex e-con-boxed e-con e-parent\" data-id=\"iwgw-vanth-s8\" data-element_type=\"container\" data-e-type=\"container\">\n\t\t\t\t\t<div class=\"e-con-inner\">\n\t\t\t\t<div class=\"elementor-element elementor-element-iwgw-vanth-s8h elementor-widget elementor-widget-heading\" data-id=\"iwgw-vanth-s8h\" data-element_type=\"widget\" data-e-type=\"widget\" data-widget_type=\"heading.default\">\n\t\t\t\t\t<h2 class=\"elementor-heading-title elementor-size-default\">Suvremena istra\u017eivanja<\/h2>\t\t\t\t<\/div>\n\t\t<div class=\"elementor-element elementor-element-iwgw-vanth-s8c e-con-full e-flex e-con e-child\" data-id=\"iwgw-vanth-s8c\" data-element_type=\"container\" data-e-type=\"container\">\n\t\t\t\t<div class=\"elementor-element elementor-element-iwgw-vanth-s8t elementor-widget elementor-widget-text-editor\" data-id=\"iwgw-vanth-s8t\" data-element_type=\"widget\" data-e-type=\"widget\" data-widget_type=\"text-editor.default\">\n\t\t\t\t\t\t\t\t\t<p>Istra\u017eivanje Vanth ostvarilo je posljednjih 30 godina pomake sustavnom analizom etru\u0161\u010danskih sarkofaga i grobnih slikarija. Erika Simon, Cornelia Weber-Lehmann i Larissa Bonfante dale su va\u017ene doprinose.<\/p><p>I feministi\u010dka povijest religije zanima se za Vanth kao \u017eensku sudbinsku figuru koja ne odgovara klasi\u010dnim stereotipima &#8220;majke&#8221; ili &#8220;ljubavnice&#8221;. Ova perspektiva otvara nova tuma\u010denja.<\/p><p>Danas je etru\u0161\u010danska religija predmet me\u0111unarodnih istra\u017eivanja. Me\u0111u va\u017enim sredi\u0161tima su sveu\u010dili\u0161ta u Firenci, Rimu (Sapienza), Pisi, T\u00fcbingenu i Princetonu; svake godine nekoliko me\u0111unarodnih kongresa obra\u0111uje pojedina pitanja ove religije.<\/p><p>Suvremeni me\u0111unarodni istra\u017eiva\u010dki projekti o etru\u0161\u010danskoj religiji koriste digitalne metode: 3D skeniranje hramova i grobova, baze podataka natpisa i slikovnih izvora te GIS analize etru\u0161\u010danske naseobinske strukture. Iz toga proizlaze nove spoznaje.<\/p><p>Izlo\u017ebe u Vatikanskom muzeju, u Museo Nazionale Etrusco di Villa Giulia i u Boston Museum of Fine Arts prenose suvremena etru\u0161\u010danska istra\u017eivanja \u0161iroj publici, isto kao i brojne publikacije.<\/p>\t\t\t\t\t\t\t\t<\/div>\n\t\t\t\t<\/div>\n\t\t\t\t\t<\/div>\n\t\t\t\t<\/div>\n\t\t<div class=\"elementor-element elementor-element-iwgw-vanth-s9 e-flex e-con-boxed e-con e-parent\" data-id=\"iwgw-vanth-s9\" data-element_type=\"container\" data-e-type=\"container\">\n\t\t\t\t\t<div class=\"e-con-inner\">\n\t\t\t\t<div class=\"elementor-element elementor-element-iwgw-vanth-s9h elementor-widget elementor-widget-heading\" data-id=\"iwgw-vanth-s9h\" data-element_type=\"widget\" data-e-type=\"widget\" data-widget_type=\"heading.default\">\n\t\t\t\t\t<h2 class=\"elementor-heading-title elementor-size-default\">Izvori i stanje istra\u017eivanja<\/h2>\t\t\t\t<\/div>\n\t\t<div class=\"elementor-element elementor-element-iwgw-vanth-s9c e-con-full e-flex e-con e-child\" data-id=\"iwgw-vanth-s9c\" data-element_type=\"container\" data-e-type=\"container\">\n\t\t\t\t<div class=\"elementor-element elementor-element-iwgw-vanth-s9t elementor-widget elementor-widget-text-editor\" data-id=\"iwgw-vanth-s9t\" data-element_type=\"widget\" data-e-type=\"widget\" data-widget_type=\"text-editor.default\">\n\t\t\t\t\t\t\t\t\t<p>Najva\u017eniji izvori za istra\u017eivanje Vanth su etrurski sarkofazi (Tarquinia, Volterra, Chiusi), grobno slikarstvo, urne za pepeo i natpisi. Larissa Bonfante u djelu <em>Etruscan Mythology<\/em> nudi dobar pregled.<\/p><p>Dublje smje\u0161tanje u cjelokupnu <a href=\"https:\/\/iwell-guard.com\/hr\/?page_id=149648\">etrursku povijest religije<\/a> pokazuje kako Vanth treba razumjeti u odnosu prema Charunu, <a href=\"https:\/\/iwell-guard.com\/hr\/?page_id=149692\">Aiti<\/a> i drugim bi\u0107ima podzemnog svijeta. Ta povezanost znanstveno je od su\u0161tinske va\u017enosti.<\/p><p>Stanje izvora o etrurskoj religiji izrazito je heterogeno: obuhva\u0107a epigrafske svjedo\u010danstva, kao \u0161to je Helmut Rixov Editio Minor, arheolo\u0161ke nalaze i slikovne izvore, sve do sekundarne literature. Ova vi\u0161estruka izvorna situacija zahtijeva interdisciplinarni pristup, zbog \u010dega novija istra\u017eivanja sustavno spajaju filologiju, <span class=\"iwg-fachbegriff\" data-tooltip=\"Znanost koja istra\u017euje pro\u0161le kulture na temelju materijalnih nalaza.\" tabindex=\"0\">arheologiju<\/span>, <span class=\"iwg-fachbegriff\" data-tooltip=\"Znanost koja religije istra\u017euje komparativno i bez konfesionalne pristranosti.\" tabindex=\"0\">religiologiju<\/span> i antropologiju.<\/p><p>Izvorna kritika etrurske religije zahtijeva poznavanje kako izvornih etrurskih vrela, tako i gr\u010dko-rimske sekundarne predaje. Ova dvostruka perspektiva zahtjevna je, ali neizostavna za primjerenu religijsko-povijesnu rekonstrukciju.<\/p><p>Tko \u017eeli dublje razumjeti etrursku povijest religije, treba poznavati epigrafske, arheolo\u0161ke i knji\u017eevne izvore kao i moderna dostignu\u0107a <span class=\"iwg-fachbegriff\" data-tooltip=\"Znanost koja religije istra\u017euje komparativno i bez konfesionalne pristranosti.\" tabindex=\"0\">religiologije<\/span>. Takav vi\u0161eslojni pristup standard je u istra\u017eivanju.<\/p>\t\t\t\t\t\t\t\t<\/div>\n\t\t\t\t<\/div>\n\t\t\t\t\t<\/div>\n\t\t\t\t<\/div>\n\t\t<div class=\"elementor-element elementor-element-cp2c4ef1fa e-flex e-con-boxed e-con e-parent\" data-id=\"cp2c4ef1fa\" data-element_type=\"container\" data-e-type=\"container\">\n\t\t\t\t\t<div class=\"e-con-inner\">\n\t\t\t\t<div class=\"elementor-element elementor-element-cp25c7ac94 elementor-widget elementor-widget-heading\" data-id=\"cp25c7ac94\" data-element_type=\"widget\" data-e-type=\"widget\" data-widget_type=\"heading.default\">\n\t\t\t\t\t<h2 class=\"elementor-heading-title elementor-size-default\">Vanth u grobnom slikarstvu Tarquinije i Orvieta<\/h2>\t\t\t\t<\/div>\n\t\t<div class=\"elementor-element elementor-element-cp2e7a473e e-flex e-con-boxed e-con e-child\" data-id=\"cp2e7a473e\" data-element_type=\"container\" data-e-type=\"container\">\n\t\t\t\t\t<div class=\"e-con-inner\">\n\t\t\t\t<div class=\"elementor-element elementor-element-cp2eda3d20 elementor-widget elementor-widget-text-editor\" data-id=\"cp2eda3d20\" data-element_type=\"widget\" data-e-type=\"widget\" data-widget_type=\"text-editor.default\">\n\t\t\t\t\t\t\t\t\t<p>Najva\u017eniji izvor za Vanth nije tekst, nego likovna umjetnost etrurskih grobnih komora. U oslikanim grobnicama Tarquinije, poput <em>Tomba dell&#8217;Orco<\/em> iz 4. stolje\u0107a prije Krista, te u <em>Tomba Golini<\/em> kod Orvieta, Vanth se pojavljuje kao krilata \u017eenska prilika koja pokojnika prati na putu u podzemni svijet.<\/p><p>Naj\u010de\u0161\u0107e je prikazana kao mlada \u017eena, \u010desto golog torza, u visokim \u010dizmama i s trakama preba\u010denim preko ramena.<\/p><p>Karakteristi\u010dni su njezini atributi: zapaljena baklja kojom osvjetljava taman put, zmija koju nosi omotanu oko ruke, a povremeno i klju\u010d ili svitak. Krila mogu izlaziti iz ramena ili iz le\u0111a.<\/p><p>Za razliku od gr\u010dkih Erinija, s kojima se povremeno uspore\u0111uje, Vanth u likovnoj umjetnosti ne djeluje prvenstveno prijete\u0107e, ve\u0107 prije kao mirna pratiteljica koja prati prijelaz bez ka\u017enjavanja.<\/p><p>\u010cesto se pojavljuje zajedno s <a href=\"https:\/\/iwell-guard.com\/hr\/?page_id=149689\">Charunom<\/a>, demonom podzemlja koji nosi \u010deki\u0107, tako da ovaj par \u010dini stalan motiv etrurske ikonografije zagrobnog \u017eivota. U prizorima bitaka ili \u017ertvenih obreda, poput ubijanja trojanskih zarobljenika u Tomba Fran\u00e7ois kod Vulcija, Vanth stoji kao svjedok smrti. Znanstveno je va\u017eno da se cjelokupna slika Vanth mora rekonstruirati iz te arheolo\u0161ke <span class=\"iwg-fachbegriff\" data-tooltip=\"Preno\u0161enje znanja i pri\u010da kroz generacije.\" tabindex=\"0\">predaje<\/span>. Etru\u0161\u010dani nisu ostavili sa\u010duvanu, cjelovitu <span class=\"iwg-fachbegriff\" data-tooltip=\"Ukupnost predanih pri\u010da o bo\u017eanstvima jedne kulture.\" tabindex=\"0\">mitologiju<\/span>, pa je grobno slikarstvo, zajedno s reljefnim urnama i zrcalima, glavni prvorazredni izvor za sve \u0161to se mo\u017ee re\u0107i o ovoj bo\u017eici.\t\t\t\t\t\t\t\t<\/div>\n\t\t\t\t\t<\/div>\n\t\t\t\t<\/div>\n\t\t\t\t\t<\/div>\n\t\t\t\t<\/div>\n\t\t<div class=\"elementor-element elementor-element-cp24932bc4 e-flex e-con-boxed e-con e-parent\" data-id=\"cp24932bc4\" data-element_type=\"container\" data-e-type=\"container\">\n\t\t\t\t\t<div class=\"e-con-inner\">\n\t\t\t\t<div class=\"elementor-element elementor-element-cp2d38051c elementor-widget elementor-widget-heading\" data-id=\"cp2d38051c\" data-element_type=\"widget\" data-e-type=\"widget\" data-widget_type=\"heading.default\">\n\t\t\t\t\t<h2 class=\"elementor-heading-title elementor-size-default\">Natpisni dokazi i pitanje o postojanju vi\u0161e Vanth-likova<\/h2>\t\t\t\t<\/div>\n\t\t<div class=\"elementor-element elementor-element-cp2e96bb04 e-flex e-con-boxed e-con e-child\" data-id=\"cp2e96bb04\" data-element_type=\"container\" data-e-type=\"container\">\n\t\t\t\t\t<div class=\"e-con-inner\">\n\t\t\t\t<div class=\"elementor-element elementor-element-cp2b1c1fdf elementor-widget elementor-widget-text-editor\" data-id=\"cp2b1c1fdf\" data-element_type=\"widget\" data-e-type=\"widget\" data-widget_type=\"text-editor.default\">\n\t\t\t\t\t\t\t\t\t<p>Uz likovnu umjetnost, natpisi potvr\u0111uju postojanje Vanth kao imenovane prilike. U nekoliko grobnica i na bronzanim zrcalima ime <em>van\u03b8<\/em> zapisano je etrurskim pismom neposredno uz prikazanu figuru, \u010dime se ikonografska identifikacija stavlja na \u010dvrste temelje.<\/p><p>Ovi popratni natpisi metodolo\u0161ki su presudni, jer nedvojbeno ozna\u010duju krilatu \u017eensku priliku kao Vanth, umjesto da to prepuste modernom tuma\u010denju.<\/p><p>Zanimljiva je pojava da se u pojedinim prikazima javlja vi\u0161e krilatih \u017eena, koje sve mogu biti ozna\u010dene kao Vanth ili se pojavljuju u skupinama.<\/p><p>To je u istra\u017eivanjima otvorilo pitanje je li Vanth osobno ime pojedine bo\u017eice ili prije naziv za \u010ditavu klasu podzemnih bi\u0107a, sli\u010dno kao \u0161to gr\u010dka rije\u010d za Erinije ozna\u010dava skupinu.<\/p><p>Jasan odgovor materijal ne dopu\u0161ta; istra\u017eivanja, primjerice kod Ingrid Krauskopf i u relevantnim prilozima <em>Lexicon Iconographicum Mythologiae Classicae<\/em>, ostavljaju otvorene obje mogu\u0107nosti.<\/p><p>K tome, Vanth se povremeno pojavljuje s pridjevcima ili u vezi s drugim nazivima bi\u0107a, \u0161to upu\u0107uje na diferenciranu predod\u017ebu o podzemnim demonima. Kako je etrurski jezik samo djelomi\u010dno razumljiv, a ve\u0107ina natpisa kratka, mnogi ovi dokazi te\u0161ko se tuma\u010de. Znanstveno je stanje time dvostruko ograni\u010deno: slikovni materijal je bogat, ali nijem, a tekstovi su \u0161krti i jezi\u010dno \u010desto potpuno nedoku\u010divi. Svaka izjava o naravi Vanth zapravo je rekonstrukcija iz ova dva nepotpuna predajna toka.\t\t\t\t\t\t\t\t<\/div>\n\t\t\t\t\t<\/div>\n\t\t\t\t<\/div>\n\t\t\t\t\t<\/div>\n\t\t\t\t<\/div>\n\t\t<div class=\"elementor-element elementor-element-cp2548b519 e-flex e-con-boxed e-con e-parent\" data-id=\"cp2548b519\" data-element_type=\"container\" data-e-type=\"container\">\n\t\t\t\t\t<div class=\"e-con-inner\">\n\t\t\t\t<div class=\"elementor-element elementor-element-cp29750e1e elementor-widget elementor-widget-heading\" data-id=\"cp29750e1e\" data-element_type=\"widget\" data-e-type=\"widget\" data-widget_type=\"heading.default\">\n\t\t\t\t\t<h2 class=\"elementor-heading-title elementor-size-default\">Vanth i etrurska predod\u017eba o vo\u0111enom prijelazu<\/h2>\t\t\t\t<\/div>\n\t\t<div class=\"elementor-element elementor-element-cp22032c6f e-flex e-con-boxed e-con e-child\" data-id=\"cp22032c6f\" data-element_type=\"container\" data-e-type=\"container\">\n\t\t\t\t\t<div class=\"e-con-inner\">\n\t\t\t\t<div class=\"elementor-element elementor-element-cp222c0f93 elementor-widget elementor-widget-text-editor\" data-id=\"cp222c0f93\" data-element_type=\"widget\" data-e-type=\"widget\" data-widget_type=\"text-editor.default\">\n\t\t\t\t\t\t\t\t\t<p>U\u010destalost, s kojom se Vanth pojavljuje u grobnoj umjetnosti, omogu\u0107uje zaklju\u010dak o etru\u0161\u010danskom poimanju smrti kao prate\u0107eg prijelaza.<\/p><p>Za razliku od gr\u010dke predod\u017ebe, u kojoj du\u0161a uglavnom sama kre\u0107e na put u Had, Etru\u0161\u010dani su smrt vjerojatno zami\u0161ljali kao proces u kojem pokojnika do\u010dekuju i vode bi\u0107a kao \u0161to je Vanth. Njezina zublja je slikovni znak te pratiteljske funkcije.<\/p><p>U brojnim prikazima Vanth koraca pred pokojnikom ili ga slijedi, \u010desto pje\u0161ice pored kola ili konja kojim pokojnik putuje u podzemni svijet.<\/p><p>Ona otvara, kako sugeriraju prizori s motivima vrata i klju\u010deva, vrata podzemlja. Time pripada malenoj skupini etru\u0161\u010danskih zagrobnih bi\u0107a koja prijelaz ne nadziru niti ka\u017enjavaju, nego ga omogu\u0107uju i ure\u0111uju.<\/p><p>Ovo tuma\u010denje potkrepljuje smje\u0161taj prikaza: Vanth se pojavljuje na zidovima, dovratnicima i sarkofazima, dakle na samim pragovima grobnice, koja je u etru\u0161\u010danskoj predod\u017ebi bila ku\u0107a pokojnika i istodobno ulaz u podzemlje. Znanstveno gledano, Vanth je time manje kaznena, a vi\u0161e prijelazna gestalt. Starija istra\u017eivanja povremeno su je prebrzo izjedna\u010davala s osvetni\u010dkim Erinijama ili s an\u0111elima smrti; novije radove, primjerice Nancy de Grummond u <em>Etruscan Myth, Sacred History, and Legend<\/em> (2006), nagla\u0161avaju naprotiv njezin smiren, pratiteljski karakter i upozoravaju na to da gr\u010dke ili moderne koncepte ne treba nekriti\u010dki prenositi na etru\u0161\u010danski zagrobni svijet.\t\t\t\t\t\t\t\t<\/div>\n\t\t\t\t\t<\/div>\n\t\t\t\t<\/div>\n\t\t\t\t\t<\/div>\n\t\t\t\t<\/div>\n\t\t<div class=\"elementor-element elementor-element-iwgw-vanth-lit e-flex e-con-boxed e-con e-parent\" data-id=\"iwgw-vanth-lit\" data-element_type=\"container\" data-e-type=\"container\">\n\t\t\t\t\t<div class=\"e-con-inner\">\n\t\t\t\t<div class=\"elementor-element elementor-element-iwgw-vanth-lith elementor-widget elementor-widget-heading\" data-id=\"iwgw-vanth-lith\" data-element_type=\"widget\" data-e-type=\"widget\" data-widget_type=\"heading.default\">\n\t\t\t\t\t<h2 class=\"elementor-heading-title elementor-size-default\">Literatura (izbor)<\/h2>\t\t\t\t<\/div>\n\t\t<div class=\"elementor-element elementor-element-iwgw-vanth-litc e-con-full e-flex e-con e-child\" data-id=\"iwgw-vanth-litc\" data-element_type=\"container\" data-e-type=\"container\">\n\t\t\t\t<div class=\"elementor-element elementor-element-iwgw-vanth-litt elementor-widget elementor-widget-text-editor\" data-id=\"iwgw-vanth-litt\" data-element_type=\"widget\" data-e-type=\"widget\" data-widget_type=\"text-editor.default\">\n\t\t\t\t\t\t\t\t\t<ul><li>Larissa Bonfante: <em>Etruscan Mythology<\/em> (2006)<\/li><li>Stephan Steingr\u00e4ber: <em>Etruscan Painting<\/em> (1986)<\/li><li>Jean-Rene Jannot: <em>Religion in Ancient Etruria<\/em> (2005)<\/li><li>Erika Simon: <em>Die G\u00f6tter der R\u00f6mer und Etrusker<\/em><\/li><li>Cornelia Weber-Lehmann: prilozi etru\u0161\u010danskoj sepulkralnoj umjetnosti<\/li><li><span data-nosnippet>Helmut Rix: <em>Etruscan Texts: Editio Minor<\/em> (1991)<\/span><\/li><\/ul>\t\t\t\t\t\t\t\t<\/div>\n\t\t\t\t<\/div>\n\t\t\t\t\t<\/div>\n\t\t\t\t<\/div>\n\t\t<div class=\"elementor-element elementor-element-iwgkw2-add-vanth e-flex e-con-boxed e-con e-parent\" data-id=\"iwgkw2-add-vanth\" data-element_type=\"container\" data-e-type=\"container\">\n\t\t\t\t\t<div class=\"e-con-inner\">\n\t\t\t\t<div class=\"elementor-element elementor-element-iwgkw2-add-vanth-t elementor-widget elementor-widget-text-editor\" data-id=\"iwgkw2-add-vanth-t\" data-element_type=\"widget\" data-e-type=\"widget\" data-widget_type=\"text-editor.default\">\n\t\t\t\t\t\t\t\t\t<p>Etru\u0161\u010danski <em><span class=\"iwg-fachbegriff\" data-tooltip=\"Predaja o bogovima, podrijetlu i poretku svijeta.\" tabindex=\"0\">mit<\/span><\/em> prikazuje Vanth kao krilatu pratiteljicu pokojnika, koja zubljom i svitkom potvr\u0111uje sudbinu; njezini prikazi nalaze se na sarkofazima i grobnim slikama od \u010detvrtog stolje\u0107a prije Krista.<\/p>\t\t\t\t\t\t\t\t<\/div>\n\t\t\t\t\t<\/div>\n\t\t\t\t<\/div>\n\t\t<div class=\"elementor-element elementor-element-iwgw-vanth-kwd e-flex e-con-boxed e-con e-parent\" data-id=\"iwgw-vanth-kwd\" data-element_type=\"container\" data-e-type=\"container\">\n\t\t\t\t\t<div class=\"e-con-inner\">\n\t\t<div class=\"elementor-element elementor-element-iwgw-vanth-kwdc e-con-full e-flex e-con e-child\" data-id=\"iwgw-vanth-kwdc\" data-element_type=\"container\" data-e-type=\"container\">\n\t\t\t\t<div class=\"elementor-element elementor-element-iwgw-vanth-kwdt elementor-widget elementor-widget-text-editor\" data-id=\"iwgw-vanth-kwdt\" data-element_type=\"widget\" data-e-type=\"widget\" data-widget_type=\"text-editor.default\">\n\t\t\t\t\t\t\t\t\t<p><em>Srodni klju\u010dni pojmovi: Vanth Etru\u0161\u010dani demon smrti krila zublja klju\u010d Charun Tomba dei Vipinana.<\/em><\/p>\t\t\t\t\t\t\t\t<\/div>\n\t\t\t\t<\/div>\n\t\t\t\t\t<\/div>\n\t\t\t\t<\/div>\n\t\t<div class=\"elementor-element elementor-element-iwgw-vanth-cc e-flex e-con-boxed e-con e-parent\" data-id=\"iwgw-vanth-cc\" data-element_type=\"container\" data-e-type=\"container\" id=\"iwg-cc-vanth\">\n\t\t\t\t\t<div class=\"e-con-inner\">\n\t\t<div class=\"elementor-element elementor-element-iwgw-vanth-ccinner e-flex e-con-boxed e-con e-parent\" data-id=\"iwgw-vanth-ccinner\" data-element_type=\"container\" data-e-type=\"container\" data-settings=\"{&quot;background_background&quot;:&quot;classic&quot;}\">\n\t\t\t\t\t<div class=\"e-con-inner\">\n\t\t\t\t<div class=\"elementor-element elementor-element-iwgw-vanth-cch elementor-widget elementor-widget-heading\" data-id=\"iwgw-vanth-cch\" data-element_type=\"widget\" data-e-type=\"widget\" data-widget_type=\"heading.default\">\n\t\t\t\t\t<h2 class=\"elementor-heading-title elementor-size-default\">iWell Guard i tradicije za\u0161tite<\/h2>\t\t\t\t<\/div>\n\t\t\t\t<div class=\"elementor-element elementor-element-iwgw-vanth-cct elementor-widget elementor-widget-text-editor\" data-id=\"iwgw-vanth-cct\" data-element_type=\"widget\" data-e-type=\"widget\" data-widget_type=\"text-editor.default\">\n\t\t\t\t\t\t\t\t\t<div data-nosnippet=\"true\"><p>iWell Guard nastavlja kulturnopovijesnu tradiciju nosivih za\u0161titnih predmeta, u tradiciji <a href=\"https:\/\/iwell-guard.com\/hr\/?page_id=149648\">Etru\u0161\u010dana<\/a> i mnogih drugih kultura svijeta. 41 razina, pravo zlato, platina, srebro, izra\u0111eno u Njema\u010dkoj. Pravo povrata u roku od 30 dana.<\/p><\/div>\t\t\t\t\t\t\t\t<\/div>\n\t\t\t\t<div class=\"elementor-element elementor-element-iwgw-vanth-ccb iwg-cc-button iwg-cc-cta-2026-05-13 elementor-widget elementor-widget-jet-button\" data-id=\"iwgw-vanth-ccb\" data-element_type=\"widget\" data-e-type=\"widget\" data-widget_type=\"jet-button.default\">\n\t\t\t\t<div class=\"elementor-widget-container\">\n\t\t\t\t\t<div class=\"elementor-jet-button jet-elements\"><div class=\"jet-button__container\"><a class=\"jet-button__instance jet-button__instance--icon-left hover-effect-1\" href=\"\/ueber-iwell-guard\/?utm_source=iwell-guard.com&amp;utm_medium=info-box&amp;utm_campaign=wesen-tradition\"><div class=\"jet-button__plane jet-button__plane-normal\"><\/div><div class=\"jet-button__plane jet-button__plane-hover\"><\/div><div class=\"jet-button__state jet-button__state-normal\"><span class=\"jet-button__label\">Vi\u0161e o iWell Guardu<\/span><\/div><div class=\"jet-button__state jet-button__state-hover\"><span class=\"jet-button__label\">Vi\u0161e o iWell Guardu<\/span><\/div><\/a><\/div><\/div><style>.elementor-element.elementor-element-iwgw-vanth-ccb .jet-button__instance{width:320px;height:56px;}.elementor-element.elementor-element-iwgw-vanth-ccb .jet-button__state-normal .jet-button__label{text-align:center;margin:0px 0px 0px 0px;color:#1a1b20;font-family:Montserrat,sans-serif;font-size:13px;font-weight:400;letter-spacing:4px;line-height:1.714em;text-transform:uppercase;}.elementor-element.elementor-element-iwgw-vanth-ccb .jet-button__state-hover .jet-button__label{text-align:center;margin:0px 0px 0px 0px;color:#FECC76;font-family:Montserrat,sans-serif;font-size:13px;font-weight:400;letter-spacing:4px;line-height:1.714em;text-transform:uppercase;}.elementor-element.elementor-element-iwgw-vanth-ccb .jet-button__plane-normal{background-color:#FECC76;border-style:solid;border-color:#C99540;border-width:2px 2px 2px 2px;}.elementor-element.elementor-element-iwgw-vanth-ccb .jet-button__plane-hover{background-color:rgba(0,0,0,0.55);border-style:solid;border-color:#FECC76;border-width:2px 2px 2px 2px;}<\/style>\t\t\t\t<\/div>\n\t\t\t\t<\/div>\n\t\t\t\t<div class=\"elementor-element elementor-element-iwgw-vanth-ccd elementor-widget elementor-widget-text-editor\" data-id=\"iwgw-vanth-ccd\" data-element_type=\"widget\" data-e-type=\"widget\" data-widget_type=\"text-editor.default\">\n\t\t\t\t\t\t\t\t\t<div data-nosnippet=\"true\"><p style=\"text-align:center;font-size:13px;opacity:0.7;margin-top:14px\" data-nosnippet=\"true\">Osobna iskustva mogu se razlikovati. Nije medicinski proizvod. Nema obe\u0107anja izlje\u010denja.<\/p><\/div>\t\t\t\t\t\t\t\t<\/div>\n\t\t\t\t\t<\/div>\n\t\t\t\t<\/div>\n\t\t\t\t\t<\/div>\n\t\t\t\t<\/div>\n\t\t<div class=\"elementor-element elementor-element-iwgw-vanth-disc e-flex e-con-boxed e-con e-parent\" data-id=\"iwgw-vanth-disc\" data-element_type=\"container\" data-e-type=\"container\">\n\t\t\t\t\t<div class=\"e-con-inner\">\n\t\t\t\t<div class=\"elementor-element elementor-element-iwgw-vanth-discw elementor-widget elementor-widget-html\" data-id=\"iwgw-vanth-discw\" data-element_type=\"widget\" data-e-type=\"widget\" data-widget_type=\"html.default\">\n\t\t\t\t\t<footer data-nosnippet=\"true\" class=\"iwg-disclaimer-block\"><p data-nosnippet=\"true\">iWell Guard <strong>nije medicinski proizvod<\/strong> i ne zamjenjuje lije\u010dni\u010dko ili psihoterapeutsko lije\u010denje. Religijsko-znanstveni sadr\u017eaji predstavljaju kulturno-povijesnu interpretaciju, a ne preporuku duhovne prakse.<\/p><\/footer>\t\t\t\t<\/div>\n\t\t\t\t\t<\/div>\n\t\t\t\t<\/div>\n\t\t\t\t<\/div>\n\t\t","protected":false},"excerpt":{"rendered":"","protected":false},"author":3,"featured_media":2814,"parent":0,"menu_order":0,"comment_status":"closed","ping_status":"closed","template":"elementor_header_footer","meta":{"_yoast_wpseo_focuskw":"Vanth Etru\u0161\u010dani","_yoast_wpseo_title":"Vanth - etrurska demonka, mit i kult","_yoast_wpseo_metadesc":"Vanth je etrurska krilata demonka podzemnog svijeta, pratiteljica mrtvih. Religijskopovijesno tuma\u010denje s mitom i izvorima.","_yoast_wpseo_meta-robots-noindex":"","_yoast_wpseo_canonical":"","_angie_page":false,"gefaehrdungsstufe":"2","wesen_kultur":"etruskisch","wesen_klasse":"geister","footnotes":""},"categories":[],"class_list":["post-149691","page","type-page","status-publish","has-post-thumbnail","hentry"],"yoast_head":"<!-- This site is optimized with the Yoast SEO Premium plugin v27.7 (Yoast SEO v28.3) - https:\/\/yoast.com\/product\/yoast-seo-premium-wordpress\/ -->\n<title>Vanth - etrurska demonka, mit i kult<\/title>\n<meta name=\"description\" content=\"Vanth je etrurska krilata demonka podzemnog svijeta, pratiteljica mrtvih. Religijskopovijesno tuma\u010denje s mitom i izvorima.\" \/>\n<meta name=\"robots\" content=\"index, follow, max-snippet:-1, max-image-preview:large, max-video-preview:-1\" \/>\n<link rel=\"canonical\" href=\"https:\/\/iwell-guard.com\/hr\/vanth-etrurska-demonka-podzemnog-svijeta\/\" \/>\n<meta property=\"og:locale\" content=\"hr_HR\" \/>\n<meta property=\"og:type\" content=\"article\" \/>\n<meta property=\"og:title\" content=\"Vanth - etrurska demonka podzemnog svijeta\" \/>\n<meta property=\"og:description\" content=\"Vanth je etrurska krilata demonka podzemnog svijeta, pratiteljica mrtvih. Religijskopovijesno tuma\u010denje s mitom i izvorima.\" \/>\n<meta property=\"og:url\" content=\"https:\/\/iwell-guard.com\/hr\/vanth-etrurska-demonka-podzemnog-svijeta\/\" \/>\n<meta property=\"og:site_name\" content=\"iWell Guard\" \/>\n<meta property=\"article:modified_time\" content=\"2026-09-04T05:29:44+00:00\" \/>\n<meta property=\"og:image\" content=\"https:\/\/iwell-guard.com\/wp-content\/uploads\/2026\/05\/daemonen_etruskisch_vanth.webp\" \/>\n\t<meta property=\"og:image:width\" content=\"1024\" \/>\n\t<meta property=\"og:image:height\" content=\"1536\" \/>\n\t<meta property=\"og:image:type\" content=\"image\/webp\" \/>\n<meta name=\"twitter:card\" content=\"summary_large_image\" \/>\n<script type=\"application\/ld+json\" class=\"yoast-schema-graph\">{\"@context\":\"https:\\\/\\\/schema.org\",\"@graph\":[{\"@type\":\"WebPage\",\"@id\":\"https:\\\/\\\/iwell-guard.com\\\/hr\\\/vanth-etrurska-demonka-podzemnog-svijeta\\\/\",\"url\":\"https:\\\/\\\/iwell-guard.com\\\/hr\\\/vanth-etrurska-demonka-podzemnog-svijeta\\\/\",\"name\":\"Vanth - etrurska demonka, mit i kult\",\"isPartOf\":{\"@id\":\"https:\\\/\\\/iwell-guard.com\\\/hr\\\/#website\"},\"primaryImageOfPage\":{\"@id\":\"https:\\\/\\\/iwell-guard.com\\\/hr\\\/vanth-etrurska-demonka-podzemnog-svijeta\\\/#primaryimage\"},\"image\":{\"@id\":\"https:\\\/\\\/iwell-guard.com\\\/hr\\\/vanth-etrurska-demonka-podzemnog-svijeta\\\/#primaryimage\"},\"thumbnailUrl\":\"https:\\\/\\\/iwell-guard.com\\\/wp-content\\\/uploads\\\/2026\\\/05\\\/daemonen_etruskisch_vanth.webp\",\"datePublished\":\"2026-09-04T05:12:42+00:00\",\"dateModified\":\"2026-09-04T05:29:44+00:00\",\"description\":\"Vanth je etrurska krilata demonka podzemnog svijeta, pratiteljica mrtvih. Religijskopovijesno tuma\u010denje s mitom i izvorima.\",\"breadcrumb\":{\"@id\":\"https:\\\/\\\/iwell-guard.com\\\/hr\\\/vanth-etrurska-demonka-podzemnog-svijeta\\\/#breadcrumb\"},\"inLanguage\":\"hr\",\"potentialAction\":[{\"@type\":\"ReadAction\",\"target\":[\"https:\\\/\\\/iwell-guard.com\\\/hr\\\/vanth-etrurska-demonka-podzemnog-svijeta\\\/\"]}]},{\"@type\":\"ImageObject\",\"inLanguage\":\"hr\",\"@id\":\"https:\\\/\\\/iwell-guard.com\\\/hr\\\/vanth-etrurska-demonka-podzemnog-svijeta\\\/#primaryimage\",\"url\":\"https:\\\/\\\/iwell-guard.com\\\/wp-content\\\/uploads\\\/2026\\\/05\\\/daemonen_etruskisch_vanth.webp\",\"contentUrl\":\"https:\\\/\\\/iwell-guard.com\\\/wp-content\\\/uploads\\\/2026\\\/05\\\/daemonen_etruskisch_vanth.webp\",\"width\":1024,\"height\":1536,\"caption\":\"Demoni iz etru\u0161\u010danske tradicije.\"},{\"@type\":\"BreadcrumbList\",\"@id\":\"https:\\\/\\\/iwell-guard.com\\\/hr\\\/vanth-etrurska-demonka-podzemnog-svijeta\\\/#breadcrumb\",\"itemListElement\":[{\"@type\":\"ListItem\",\"position\":1,\"name\":\"Start\",\"item\":\"https:\\\/\\\/iwell-guard.com\\\/hr\\\/?page_id=149317\"},{\"@type\":\"ListItem\",\"position\":2,\"name\":\"Vanth &#8211; etrurska demonka podzemnog svijeta\"}]},{\"@type\":\"WebSite\",\"@id\":\"https:\\\/\\\/iwell-guard.com\\\/hr\\\/#website\",\"url\":\"https:\\\/\\\/iwell-guard.com\\\/hr\\\/\",\"name\":\"iWell Guard\",\"description\":\"Schutz vor dunklen Einfl\u00fcssen\",\"publisher\":{\"@id\":\"https:\\\/\\\/iwell-guard.com\\\/hr\\\/#organization\"},\"potentialAction\":[{\"@type\":\"SearchAction\",\"target\":{\"@type\":\"EntryPoint\",\"urlTemplate\":\"https:\\\/\\\/iwell-guard.com\\\/hr\\\/?s={search_term_string}\"},\"query-input\":{\"@type\":\"PropertyValueSpecification\",\"valueRequired\":true,\"valueName\":\"search_term_string\"}}],\"inLanguage\":\"hr\"},{\"@type\":\"Organization\",\"@id\":\"https:\\\/\\\/iwell-guard.com\\\/hr\\\/#organization\",\"name\":\"Ittermann electronic GmbH\",\"url\":\"https:\\\/\\\/iwell-guard.com\\\/hr\\\/\",\"logo\":{\"@type\":\"ImageObject\",\"inLanguage\":\"hr\",\"@id\":\"https:\\\/\\\/iwell-guard.com\\\/hr\\\/#\\\/schema\\\/logo\\\/image\\\/\",\"url\":\"https:\\\/\\\/iwell-guard.com\\\/wp-content\\\/uploads\\\/2026\\\/05\\\/Ittermann-Logo-1182x237-1.png\",\"contentUrl\":\"https:\\\/\\\/iwell-guard.com\\\/wp-content\\\/uploads\\\/2026\\\/05\\\/Ittermann-Logo-1182x237-1.png\",\"width\":1182,\"height\":237,\"caption\":\"Ittermann electronic GmbH\"},\"image\":{\"@id\":\"https:\\\/\\\/iwell-guard.com\\\/hr\\\/#\\\/schema\\\/logo\\\/image\\\/\"},\"sameAs\":[\"https:\\\/\\\/pantip.com\\\/profile\\\/9367242\",\"https:\\\/\\\/micro.blog\\\/iwellguard\",\"https:\\\/\\\/www.diggerslist.com\\\/iwellguard\\\/about\",\"https:\\\/\\\/skitterphoto.com\\\/photographers\\\/2870314\\\/iwell-guard\",\"https:\\\/\\\/iwellguard.wordpress.com\\\/2026\\\/06\\\/06\\\/iwell-guard\\\/\",\"https:\\\/\\\/hub.docker.com\\\/u\\\/iwellguard\",\"https:\\\/\\\/www.pinterest.com\\\/iwellguard\\\/\",\"https:\\\/\\\/bit.ly\\\/m\\\/iwellguard\",\"https:\\\/\\\/entre-vos-mains.alsace.eu\\\/profiles\\\/iwellguard\\\/activity\",\"https:\\\/\\\/gravatar.com\\\/reallybeded8fd34\",\"https:\\\/\\\/naijamatta.com\\\/iwellguard\",\"https:\\\/\\\/www.goodreads.com\\\/iwellguard\",\"https:\\\/\\\/profile.hatena.ne.jp\\\/iwellguard\\\/\",\"https:\\\/\\\/experiment.com\\\/users\\\/iwellguard\",\"https:\\\/\\\/wakelet.com\\\/@iWellGuard82270\",\"https:\\\/\\\/www.chordie.com\\\/forum\\\/profile.php?id=2555664\",\"https:\\\/\\\/www.instapaper.com\\\/p\\\/17757966\",\"https:\\\/\\\/www.mapleprimes.com\\\/users\\\/iwellguard\",\"https:\\\/\\\/businesslistingplus.com\\\/profile\\\/iwell-guard\\\/\",\"https:\\\/\\\/telegra.ph\\\/iWell-Guard-06-06\",\"https:\\\/\\\/pbase.com\\\/iwellguard\\\/iwellguard\",\"https:\\\/\\\/b.hatena.ne.jp\\\/iwellguard\\\/20260607#bookmark-4788405196491818882\",\"https:\\\/\\\/fliphtml5.com\\\/home\\\/iwellguard\",\"https:\\\/\\\/anyflip.com\\\/homepage\\\/cmiwl#About\",\"https:\\\/\\\/transfur.com\\\/Users\\\/iwellguard\",\"http:\\\/\\\/delphi.larsbo.org\\\/user\\\/iwellguard\",\"https:\\\/\\\/jobs.lajobsportal.org\\\/profiles\\\/8380803-iwell-guard\",\"https:\\\/\\\/md.chaosdorf.de\\\/s\\\/jfbe5SBdJD\",\"https:\\\/\\\/www.lingvolive.com\\\/en-us\\\/profile\\\/9ecaeaca-ce11-4e51-9e71-01d55e2bff36\\\/translations\",\"https:\\\/\\\/www.fitday.com\\\/fitness\\\/forums\\\/members\\\/iwellguard.html\",\"https:\\\/\\\/www.mymeetbook.com\\\/iwellguard\",\"https:\\\/\\\/pxhere.com\\\/en\\\/photographer-me\\\/5040798\",\"https:\\\/\\\/disqus.com\\\/by\\\/iwellguard\\\/about\\\/\",\"https:\\\/\\\/pastelink.net\\\/hjwciqwq\",\"https:\\\/\\\/pubhtml5.com\\\/homepage\\\/scjhn\\\/\",\"https:\\\/\\\/www.bitchute.com\\\/channel\\\/2O2eOKzNqujT\",\"https:\\\/\\\/audiomack.com\\\/iwellguard\"]},{\"@type\":\"Article\",\"@id\":\"https:\\\/\\\/iwell-guard.com\\\/hr\\\/vanth-etrurska-demonka-podzemnog-svijeta\\\/#article\",\"isPartOf\":{\"@id\":\"https:\\\/\\\/iwell-guard.com\\\/hr\\\/vanth-etrurska-demonka-podzemnog-svijeta\\\/\"},\"author\":{\"name\":\"Ralf Ittermann\",\"@id\":\"https:\\\/\\\/iwell-guard.com\\\/hr\\\/#\\\/schema\\\/person\\\/ee2a27f1cac3406c7c6fb5820cb7349f\"},\"headline\":\"Vanth &#8211; etrurska demonka podzemnog svijeta\",\"datePublished\":\"2026-09-04T05:12:42+00:00\",\"dateModified\":\"2026-09-04T05:29:44+00:00\",\"mainEntityOfPage\":{\"@id\":\"https:\\\/\\\/iwell-guard.com\\\/hr\\\/vanth-etrurska-demonka-podzemnog-svijeta\\\/\"},\"publisher\":{\"@id\":\"https:\\\/\\\/iwell-guard.com\\\/hr\\\/#organization\"},\"image\":{\"@id\":\"https:\\\/\\\/iwell-guard.com\\\/hr\\\/vanth-etrurska-demonka-podzemnog-svijeta\\\/#primaryimage\"},\"thumbnailUrl\":\"https:\\\/\\\/iwell-guard.com\\\/wp-content\\\/uploads\\\/2026\\\/05\\\/daemonen_etruskisch_vanth.webp\",\"inLanguage\":\"hr\",\"description\":\"Vanth je etrurska krilata demonka podzemnog svijeta, pratiteljica mrtvih. Religijskopovijesno tuma\u010denje s mitom i izvorima.\"}]}<\/script>\n<!-- \/ Yoast SEO Premium plugin. -->","yoast_head_json":{"title":"Vanth - etrurska demonka, mit i kult","description":"Vanth je etrurska krilata demonka podzemnog svijeta, pratiteljica mrtvih. Religijskopovijesno tuma\u010denje s mitom i izvorima.","robots":{"index":"index","follow":"follow","max-snippet":"max-snippet:-1","max-image-preview":"max-image-preview:large","max-video-preview":"max-video-preview:-1"},"canonical":"https:\/\/iwell-guard.com\/hr\/vanth-etrurska-demonka-podzemnog-svijeta\/","og_locale":"hr_HR","og_type":"article","og_title":"Vanth - etrurska demonka podzemnog svijeta","og_description":"Vanth je etrurska krilata demonka podzemnog svijeta, pratiteljica mrtvih. Religijskopovijesno tuma\u010denje s mitom i izvorima.","og_url":"https:\/\/iwell-guard.com\/hr\/vanth-etrurska-demonka-podzemnog-svijeta\/","og_site_name":"iWell Guard","article_modified_time":"2026-09-04T05:29:44+00:00","og_image":[{"width":1024,"height":1536,"url":"https:\/\/iwell-guard.com\/wp-content\/uploads\/2026\/05\/daemonen_etruskisch_vanth.webp","type":"image\/webp"}],"twitter_card":"summary_large_image","schema":{"@context":"https:\/\/schema.org","@graph":[{"@type":"Article","@id":"https:\/\/iwell-guard.com\/hr\/vanth-etrurska-demonka-podzemnog-svijeta\/#article","isPartOf":{"@id":"https:\/\/iwell-guard.com\/hr\/vanth-etrurska-demonka-podzemnog-svijeta\/"},"author":{"name":"Ralf Ittermann","@id":"https:\/\/iwell-guard.com\/hr\/#\/schema\/person\/ee2a27f1cac3406c7c6fb5820cb7349f"},"headline":"Vanth &#8211; etrurska demonka podzemnog svijeta","datePublished":"2026-09-04T05:12:42+00:00","dateModified":"2026-09-04T05:29:44+00:00","mainEntityOfPage":{"@id":"https:\/\/iwell-guard.com\/hr\/vanth-etrurska-demonka-podzemnog-svijeta\/"},"publisher":{"@id":"https:\/\/iwell-guard.com\/hr\/#organization"},"image":{"@id":"https:\/\/iwell-guard.com\/hr\/vanth-etrurska-demonka-podzemnog-svijeta\/#primaryimage"},"thumbnailUrl":"https:\/\/iwell-guard.com\/wp-content\/uploads\/2026\/05\/daemonen_etruskisch_vanth.webp","inLanguage":"hr","description":"Vanth je etrurska krilata demonka podzemnog svijeta, pratiteljica mrtvih. Religijskopovijesno tuma\u010denje s mitom i izvorima."},{"@type":"WebPage","@id":"https:\/\/iwell-guard.com\/hr\/vanth-etrurska-demonka-podzemnog-svijeta\/","url":"https:\/\/iwell-guard.com\/hr\/vanth-etrurska-demonka-podzemnog-svijeta\/","name":"Vanth - etrurska demonka, mit i kult","isPartOf":{"@id":"https:\/\/iwell-guard.com\/hr\/#website"},"primaryImageOfPage":{"@id":"https:\/\/iwell-guard.com\/hr\/vanth-etrurska-demonka-podzemnog-svijeta\/#primaryimage"},"image":{"@id":"https:\/\/iwell-guard.com\/hr\/vanth-etrurska-demonka-podzemnog-svijeta\/#primaryimage"},"thumbnailUrl":"https:\/\/iwell-guard.com\/wp-content\/uploads\/2026\/05\/daemonen_etruskisch_vanth.webp","datePublished":"2026-09-04T05:12:42+00:00","dateModified":"2026-09-04T05:29:44+00:00","description":"Vanth je etrurska krilata demonka podzemnog svijeta, pratiteljica mrtvih. Religijskopovijesno tuma\u010denje s mitom i izvorima.","breadcrumb":{"@id":"https:\/\/iwell-guard.com\/hr\/vanth-etrurska-demonka-podzemnog-svijeta\/#breadcrumb"},"inLanguage":"hr","potentialAction":[{"@type":"ReadAction","target":["https:\/\/iwell-guard.com\/hr\/vanth-etrurska-demonka-podzemnog-svijeta\/"]}]},{"@type":"ImageObject","inLanguage":"hr","@id":"https:\/\/iwell-guard.com\/hr\/vanth-etrurska-demonka-podzemnog-svijeta\/#primaryimage","url":"https:\/\/iwell-guard.com\/wp-content\/uploads\/2026\/05\/daemonen_etruskisch_vanth.webp","contentUrl":"https:\/\/iwell-guard.com\/wp-content\/uploads\/2026\/05\/daemonen_etruskisch_vanth.webp","width":1024,"height":1536,"caption":"Demoni iz etru\u0161\u010danske tradicije."},{"@type":"BreadcrumbList","@id":"https:\/\/iwell-guard.com\/hr\/vanth-etrurska-demonka-podzemnog-svijeta\/#breadcrumb","itemListElement":[{"@type":"ListItem","position":1,"name":"Start","item":"https:\/\/iwell-guard.com\/hr\/?page_id=149317"},{"@type":"ListItem","position":2,"name":"Vanth &#8211; etrurska demonka podzemnog svijeta"}]},{"@type":"WebSite","@id":"https:\/\/iwell-guard.com\/hr\/#website","url":"https:\/\/iwell-guard.com\/hr\/","name":"iWell Guard","description":"Schutz vor dunklen Einfl\u00fcssen","publisher":{"@id":"https:\/\/iwell-guard.com\/hr\/#organization"},"potentialAction":[{"@type":"SearchAction","target":{"@type":"EntryPoint","urlTemplate":"https:\/\/iwell-guard.com\/hr\/?s={search_term_string}"},"query-input":{"@type":"PropertyValueSpecification","valueRequired":true,"valueName":"search_term_string"}}],"inLanguage":"hr"},{"@type":"Organization","@id":"https:\/\/iwell-guard.com\/hr\/#organization","name":"Ittermann electronic GmbH","url":"https:\/\/iwell-guard.com\/hr\/","logo":{"@type":"ImageObject","inLanguage":"hr","@id":"https:\/\/iwell-guard.com\/hr\/#\/schema\/logo\/image\/","url":"https:\/\/iwell-guard.com\/wp-content\/uploads\/2026\/05\/Ittermann-Logo-1182x237-1.png","contentUrl":"https:\/\/iwell-guard.com\/wp-content\/uploads\/2026\/05\/Ittermann-Logo-1182x237-1.png","width":1182,"height":237,"caption":"Ittermann electronic GmbH"},"image":{"@id":"https:\/\/iwell-guard.com\/hr\/#\/schema\/logo\/image\/"},"sameAs":["https:\/\/pantip.com\/profile\/9367242","https:\/\/micro.blog\/iwellguard","https:\/\/www.diggerslist.com\/iwellguard\/about","https:\/\/skitterphoto.com\/photographers\/2870314\/iwell-guard","https:\/\/iwellguard.wordpress.com\/2026\/06\/06\/iwell-guard\/","https:\/\/hub.docker.com\/u\/iwellguard","https:\/\/www.pinterest.com\/iwellguard\/","https:\/\/bit.ly\/m\/iwellguard","https:\/\/entre-vos-mains.alsace.eu\/profiles\/iwellguard\/activity","https:\/\/gravatar.com\/reallybeded8fd34","https:\/\/naijamatta.com\/iwellguard","https:\/\/www.goodreads.com\/iwellguard","https:\/\/profile.hatena.ne.jp\/iwellguard\/","https:\/\/experiment.com\/users\/iwellguard","https:\/\/wakelet.com\/@iWellGuard82270","https:\/\/www.chordie.com\/forum\/profile.php?id=2555664","https:\/\/www.instapaper.com\/p\/17757966","https:\/\/www.mapleprimes.com\/users\/iwellguard","https:\/\/businesslistingplus.com\/profile\/iwell-guard\/","https:\/\/telegra.ph\/iWell-Guard-06-06","https:\/\/pbase.com\/iwellguard\/iwellguard","https:\/\/b.hatena.ne.jp\/iwellguard\/20260607#bookmark-4788405196491818882","https:\/\/fliphtml5.com\/home\/iwellguard","https:\/\/anyflip.com\/homepage\/cmiwl#About","https:\/\/transfur.com\/Users\/iwellguard","http:\/\/delphi.larsbo.org\/user\/iwellguard","https:\/\/jobs.lajobsportal.org\/profiles\/8380803-iwell-guard","https:\/\/md.chaosdorf.de\/s\/jfbe5SBdJD","https:\/\/www.lingvolive.com\/en-us\/profile\/9ecaeaca-ce11-4e51-9e71-01d55e2bff36\/translations","https:\/\/www.fitday.com\/fitness\/forums\/members\/iwellguard.html","https:\/\/www.mymeetbook.com\/iwellguard","https:\/\/pxhere.com\/en\/photographer-me\/5040798","https:\/\/disqus.com\/by\/iwellguard\/about\/","https:\/\/pastelink.net\/hjwciqwq","https:\/\/pubhtml5.com\/homepage\/scjhn\/","https:\/\/www.bitchute.com\/channel\/2O2eOKzNqujT","https:\/\/audiomack.com\/iwellguard"]},{"@type":"Person","@id":"https:\/\/iwell-guard.com\/hr\/#\/schema\/person\/ee2a27f1cac3406c7c6fb5820cb7349f","name":"Ralf Ittermann","image":{"@type":"ImageObject","inLanguage":"hr","@id":"https:\/\/secure.gravatar.com\/avatar\/073c0153e350a5005b68eb752b445fea71f6b24a26da9449ad7e155e6b446c9d?s=96&d=mm&r=g","url":"https:\/\/secure.gravatar.com\/avatar\/073c0153e350a5005b68eb752b445fea71f6b24a26da9449ad7e155e6b446c9d?s=96&d=mm&r=g","contentUrl":"https:\/\/secure.gravatar.com\/avatar\/073c0153e350a5005b68eb752b445fea71f6b24a26da9449ad7e155e6b446c9d?s=96&d=mm&r=g","caption":"Ralf Ittermann"},"givenName":"Ralf","familyName":"Ittermann","jobTitle":"Gesch\u00e4ftsf\u00fchrer und redaktioneller Verantwortlicher","url":"https:\/\/iwell-guard.com\/hr\/author\/claude\/","description":"Ralf Ittermann ist Gesch\u00e4ftsf\u00fchrer der Ittermann electronic GmbH und redaktioneller Verantwortlicher des iWell-Guard-Lexikons. Er verbindet langj\u00e4hrige Erfahrung in der Pr\u00e4zisionsfertigung mit medialer Praxis und religionsgeschichtlicher Quellenarbeit.","worksFor":{"@type":"Organization","name":"Ittermann electronic GmbH","url":"https:\/\/ittermann.de\/","address":{"@type":"PostalAddress","streetAddress":"K\u00f6hlergasse 16-18","postalCode":"99842","addressLocality":"Ruhla","addressCountry":"DE"}},"knowsAbout":["Religionsgeschichte","Mythologie","Mediale Praxis","Energetische Diagnostik","Schutzpraxis","Volksglauben","Westliche Esoterik"]},{"@type":"Article","@id":"https:\/\/iwell-guard.com\/hr\/vanth-etrurska-demonka-podzemnog-svijeta\/#article","isPartOf":{"@id":"https:\/\/iwell-guard.com\/hr\/vanth-etrurska-demonka-podzemnog-svijeta\/"},"author":{"name":"Ralf Ittermann","@id":"https:\/\/iwell-guard.com\/hr\/#\/schema\/person\/ee2a27f1cac3406c7c6fb5820cb7349f"},"headline":"Vanth &#8211; etrurska demonka podzemnog svijeta","datePublished":"2026-09-04T05:12:42+00:00","dateModified":"2026-09-04T05:29:44+00:00","mainEntityOfPage":{"@id":"https:\/\/iwell-guard.com\/hr\/vanth-etrurska-demonka-podzemnog-svijeta\/"},"publisher":{"@id":"https:\/\/iwell-guard.com\/hr\/#organization"},"image":{"@id":"https:\/\/iwell-guard.com\/hr\/vanth-etrurska-demonka-podzemnog-svijeta\/#primaryimage"},"thumbnailUrl":"https:\/\/iwell-guard.com\/wp-content\/uploads\/2026\/05\/daemonen_etruskisch_vanth.webp","inLanguage":"hr","description":"Vanth je etrurska krilata demonka podzemnog svijeta, pratiteljica mrtvih. Religijskopovijesno tuma\u010denje s mitom i izvorima."}]}},"_links":{"self":[{"href":"https:\/\/iwell-guard.com\/hr\/wp-json\/wp\/v2\/pages\/149691","targetHints":{"allow":["GET"]}}],"collection":[{"href":"https:\/\/iwell-guard.com\/hr\/wp-json\/wp\/v2\/pages"}],"about":[{"href":"https:\/\/iwell-guard.com\/hr\/wp-json\/wp\/v2\/types\/page"}],"author":[{"embeddable":true,"href":"https:\/\/iwell-guard.com\/hr\/wp-json\/wp\/v2\/users\/3"}],"replies":[{"embeddable":true,"href":"https:\/\/iwell-guard.com\/hr\/wp-json\/wp\/v2\/comments?post=149691"}],"version-history":[{"count":0,"href":"https:\/\/iwell-guard.com\/hr\/wp-json\/wp\/v2\/pages\/149691\/revisions"}],"wp:featuredmedia":[{"embeddable":true,"href":"https:\/\/iwell-guard.com\/hr\/wp-json\/wp\/v2\/media\/2814"}],"wp:attachment":[{"href":"https:\/\/iwell-guard.com\/hr\/wp-json\/wp\/v2\/media?parent=149691"}],"wp:term":[{"taxonomy":"category","embeddable":true,"href":"https:\/\/iwell-guard.com\/hr\/wp-json\/wp\/v2\/categories?post=149691"}],"curies":[{"name":"wp","href":"https:\/\/api.w.org\/{rel}","templated":true}]}}