{"id":149686,"date":"2026-09-04T05:12:40","date_gmt":"2026-09-04T05:12:40","guid":{"rendered":"https:\/\/iwell-guard.com\/?page_id=149686"},"modified":"2026-09-04T05:29:39","modified_gmt":"2026-09-04T05:29:39","slug":"menrva-etruscanska-boginja-mudrosti-rata","status":"publish","type":"page","link":"https:\/\/iwell-guard.com\/hr\/menrva-etruscanska-boginja-mudrosti-rata\/","title":{"rendered":"Menrva \u2013 Etru\u0161\u010danska bo\u017eica mudrosti i rata"},"content":{"rendered":"\t\t<div data-elementor-type=\"wp-page\" data-elementor-id=\"149686\" class=\"elementor elementor-149686 elementor-2606 elementor-bc-flex-widget\" data-elementor-post-type=\"page\">\n\t\t\t\t<div class=\"elementor-element elementor-element-iwgw-menrva-hero e-flex e-con-boxed e-con e-parent\" data-id=\"iwgw-menrva-hero\" data-element_type=\"container\" data-e-type=\"container\" data-settings=\"{&quot;background_background&quot;:&quot;classic&quot;}\">\n\t\t\t\t\t<div class=\"e-con-inner\">\n\t\t<div class=\"elementor-element elementor-element-iwgw-menrva-hl e-flex e-con-boxed e-con e-child\" data-id=\"iwgw-menrva-hl\" data-element_type=\"container\" data-e-type=\"container\">\n\t\t\t\t\t<div class=\"e-con-inner\">\n\t\t<div class=\"elementor-element elementor-element-iwgw-menrva-htxt e-con-full e-flex e-con e-child\" data-id=\"iwgw-menrva-htxt\" data-element_type=\"container\" data-e-type=\"container\">\n\t\t\t\t<div class=\"elementor-element elementor-element-iwgw-menrva-h1 elementor-widget elementor-widget-heading\" data-id=\"iwgw-menrva-h1\" data-element_type=\"widget\" data-e-type=\"widget\" data-widget_type=\"heading.default\">\n\t\t\t\t\t<h1 class=\"elementor-heading-title elementor-size-default\">Menrva \u2013 Etru\u0161\u010danska bo\u017eica mudrosti, obrta i rata<\/h1>\t\t\t\t<\/div>\n\t\t\t\t<div class=\"elementor-element elementor-element-iwgw-menrva-lead elementor-widget elementor-widget-text-editor\" data-id=\"iwgw-menrva-lead\" data-element_type=\"widget\" data-e-type=\"widget\" data-widget_type=\"text-editor.default\">\n\t\t\t\t\t\t\t\t\t<p>Menrva (pi\u0161e se i Menerva, Menarva) je u etru\u0161\u010danskoj religiji bo\u017eica mudrosti, obrta, rata i iscjeljivanja. Zajedno s <a href=\"https:\/\/iwell-guard.com\/hr\/?page_id=149685\">Tinijom<\/a> i <a href=\"https:\/\/iwell-guard.com\/hr\/?page_id=149687\">Uni<\/a> \u010dini kapitolinsku trijadu i izravna je prethodnica rimske Minerve. Ovaj prikaz opisuje njezin religijsko-znanstveni polo\u017eaj u etru\u0161\u010danskom <span class=\"iwg-fachbegriff\" data-tooltip=\"Skup svih bogova neke religije ili kulture.\" tabindex=\"0\">panteonu<\/span>.<\/p>\t\t\t\t\t\t\t\t<\/div>\n\t\t\t\t<\/div>\n\t\t<div class=\"elementor-element elementor-element-iwgw-menrva-pillc e-con-full e-flex e-con e-child\" data-id=\"iwgw-menrva-pillc\" data-element_type=\"container\" data-e-type=\"container\">\n\t\t\t\t<div class=\"elementor-element elementor-element-iwgw-menrva-pills elementor-widget elementor-widget-html\" data-id=\"iwgw-menrva-pills\" data-element_type=\"widget\" data-e-type=\"widget\" data-widget_type=\"html.default\">\n\t\t\t\t\t<div class=\"iwg-pill-row\"><span class=\"iwg-klasse-badge\" tabindex=\"0\" data-tooltip=\"Bo\u017eica tradicije Etru\u0161\u010danska.\">Bo\u017eica<\/span><a href=\"https:\/\/iwell-guard.com\/hr\/?page_id=149648\" class=\"iwg-kultur-badge\" tabindex=\"0\" data-tooltip=\"Mitologija tradicije Etru\u0161\u010danska.\">Etru\u0161\u010danska<\/a><span class=\"iwg-tradition-badge\" tabindex=\"0\" data-tooltip=\"Bo\u017eica mudrosti.\">Bo\u017eica mudrosti<\/span><\/div>\t\t\t\t<\/div>\n\t\t\t\t<\/div>\n\t\t<div class=\"elementor-element elementor-element-iwgw-menrva-tocc e-con-full e-flex e-con e-child\" data-id=\"iwgw-menrva-tocc\" data-element_type=\"container\" data-e-type=\"container\">\n\t\t\t\t<div class=\"elementor-element elementor-element-iwgw-menrva-toc elementor-toc--minimized-on-tablet elementor-widget elementor-widget-table-of-contents\" data-id=\"iwgw-menrva-toc\" data-element_type=\"widget\" data-e-type=\"widget\" data-settings=\"{&quot;headings_by_tags&quot;:[&quot;h2&quot;,&quot;h3&quot;],&quot;minimize_box&quot;:&quot;yes&quot;,&quot;marker_view&quot;:&quot;bullets&quot;,&quot;no_headings_message&quot;:&quot;Na ovoj stranici nisu prona\\u0111eni naslovi.&quot;,&quot;exclude_headings_by_selector&quot;:[],&quot;icon&quot;:{&quot;value&quot;:&quot;fas fa-circle&quot;,&quot;library&quot;:&quot;fa-solid&quot;,&quot;rendered_tag&quot;:&quot;&lt;svg class=\\&quot;e-font-icon-svg e-fas-circle\\&quot; viewBox=\\&quot;0 0 512 512\\&quot; xmlns=\\&quot;http:\\\/\\\/www.w3.org\\\/2000\\\/svg\\&quot;&gt;&lt;path d=\\&quot;M256 8C119 8 8 119 8 256s111 248 248 248 248-111 248-248S393 8 256 8z\\&quot;&gt;&lt;\\\/path&gt;&lt;\\\/svg&gt;&quot;},&quot;minimized_on&quot;:&quot;tablet&quot;,&quot;hierarchical_view&quot;:&quot;yes&quot;,&quot;min_height&quot;:{&quot;unit&quot;:&quot;px&quot;,&quot;size&quot;:&quot;&quot;,&quot;sizes&quot;:[]},&quot;min_height_tablet&quot;:{&quot;unit&quot;:&quot;px&quot;,&quot;size&quot;:&quot;&quot;,&quot;sizes&quot;:[]},&quot;min_height_mobile&quot;:{&quot;unit&quot;:&quot;px&quot;,&quot;size&quot;:&quot;&quot;,&quot;sizes&quot;:[]}}\" data-widget_type=\"table-of-contents.default\">\n\t\t\t\t\t\t\t\t\t<div class=\"elementor-toc__header\">\n\t\t\t\t\t\t<h2 class=\"elementor-toc__header-title\">\n\t\t\t\tSadr\u017eaj\t\t\t<\/h2>\n\t\t\t\t\t\t\t\t\t\t<div class=\"elementor-toc__toggle-button elementor-toc__toggle-button--expand\" role=\"button\" tabindex=\"0\" aria-controls=\"elementor-toc__iwgw-menrva-toc\" aria-expanded=\"true\" aria-label=\"Open table of contents\"><svg aria-hidden=\"true\" class=\"e-font-icon-svg e-fas-chevron-down\" viewBox=\"0 0 448 512\" xmlns=\"http:\/\/www.w3.org\/2000\/svg\"><path d=\"M207.029 381.476L12.686 187.132c-9.373-9.373-9.373-24.569 0-33.941l22.667-22.667c9.357-9.357 24.522-9.375 33.901-.04L224 284.505l154.745-154.021c9.379-9.335 24.544-9.317 33.901.04l22.667 22.667c9.373 9.373 9.373 24.569 0 33.941L240.971 381.476c-9.373 9.372-24.569 9.372-33.942 0z\"><\/path><\/svg><\/div>\n\t\t\t\t<div class=\"elementor-toc__toggle-button elementor-toc__toggle-button--collapse\" role=\"button\" tabindex=\"0\" aria-controls=\"elementor-toc__iwgw-menrva-toc\" aria-expanded=\"true\" aria-label=\"Close table of contents\"><svg aria-hidden=\"true\" class=\"e-font-icon-svg e-fas-chevron-up\" viewBox=\"0 0 448 512\" xmlns=\"http:\/\/www.w3.org\/2000\/svg\"><path d=\"M240.971 130.524l194.343 194.343c9.373 9.373 9.373 24.569 0 33.941l-22.667 22.667c-9.357 9.357-24.522 9.375-33.901.04L224 227.495 69.255 381.516c-9.379 9.335-24.544 9.317-33.901-.04l-22.667-22.667c-9.373-9.373-9.373-24.569 0-33.941L207.03 130.525c9.372-9.373 24.568-9.373 33.941-.001z\"><\/path><\/svg><\/div>\n\t\t\t\t\t<\/div>\n\t\t\t\t<div id=\"elementor-toc__iwgw-menrva-toc\" class=\"elementor-toc__body\">\n\t\t\t<div class=\"elementor-toc__spinner-container\">\n\t\t\t\t<svg class=\"elementor-toc__spinner eicon-animation-spin e-font-icon-svg e-eicon-loading\" aria-hidden=\"true\" viewBox=\"0 0 1000 1000\" xmlns=\"http:\/\/www.w3.org\/2000\/svg\"><path d=\"M500 975V858C696 858 858 696 858 500S696 142 500 142 142 304 142 500H25C25 237 238 25 500 25S975 237 975 500 763 975 500 975Z\"><\/path><\/svg>\t\t\t<\/div>\n\t\t<\/div>\n\t\t\t\t\t\t<\/div>\n\t\t\t\t<\/div>\n\t\t\t\t\t<\/div>\n\t\t\t\t<\/div>\n\t\t<div class=\"elementor-element elementor-element-iwgw-menrva-hr e-con-full e-flex e-con e-child\" data-id=\"iwgw-menrva-hr\" data-element_type=\"container\" data-e-type=\"container\">\n\t\t\t\t<div class=\"elementor-element elementor-element-iwgw-menrva-heroimg iwg-hero-image elementor-widget elementor-widget-image\" data-id=\"iwgw-menrva-heroimg\" data-element_type=\"widget\" data-e-type=\"widget\" data-widget_type=\"image.default\">\n\t\t\t\t\t\t\t\t\t\t\t\t\t\t\t<img fetchpriority=\"high\" decoding=\"async\" width=\"683\" height=\"1024\" src=\"https:\/\/iwell-guard.com\/wp-content\/uploads\/2026\/05\/goetter_etruskisch_menrva-683x1024.webp\" class=\"attachment-large size-large wp-image-151566\" alt=\"Menrva - bo\u017eica iz etru\u0161\u010danske tradicije, povijesno-ilustrativni prikaz\" srcset=\"https:\/\/iwell-guard.com\/wp-content\/uploads\/2026\/05\/goetter_etruskisch_menrva-683x1024.webp 683w, https:\/\/iwell-guard.com\/wp-content\/uploads\/2026\/05\/goetter_etruskisch_menrva-200x300.webp 200w, https:\/\/iwell-guard.com\/wp-content\/uploads\/2026\/05\/goetter_etruskisch_menrva-768x1152.webp 768w, https:\/\/iwell-guard.com\/wp-content\/uploads\/2026\/05\/goetter_etruskisch_menrva.webp 1024w\" sizes=\"(max-width: 683px) 100vw, 683px\" \/>\t\t\t\t\t\t\t\t\t\t\t\t\t\t\t<\/div>\n\t\t\t\t<\/div>\n\t\t\t\t\t<\/div>\n\t\t\t\t<\/div>\n\t\t<div class=\"elementor-element elementor-element-iwgw-menrva-s0 e-flex e-con-boxed e-con e-parent\" data-id=\"iwgw-menrva-s0\" data-element_type=\"container\" data-e-type=\"container\">\n\t\t\t\t\t<div class=\"e-con-inner\">\n\t\t\t\t<div class=\"elementor-element elementor-element-iwgw-menrva-s0h elementor-widget elementor-widget-heading\" data-id=\"iwgw-menrva-s0h\" data-element_type=\"widget\" data-e-type=\"widget\" data-widget_type=\"heading.default\">\n\t\t\t\t\t<h2 class=\"elementor-heading-title elementor-size-default\">Polo\u017eaj u etru\u0161\u010danskom panteonu<\/h2>\t\t\t\t<\/div>\n\t\t<div class=\"elementor-element elementor-element-iwgw-menrva-s0c e-con-full e-flex e-con e-child\" data-id=\"iwgw-menrva-s0c\" data-element_type=\"container\" data-e-type=\"container\">\n\t\t\t\t<div class=\"elementor-element elementor-element-iwgw-menrva-s0t elementor-widget elementor-widget-text-editor\" data-id=\"iwgw-menrva-s0t\" data-element_type=\"widget\" data-e-type=\"widget\" data-widget_type=\"text-editor.default\">\n\t\t\t\t\t\t\t\t\t<p>Menrva ubraja se u najvi\u0161e bogove etru\u0161\u010danske religije. Kao dio kapitolinske trijade Tinia-Uni-Menrva bila je sredi\u0161nja za etru\u0161\u010danski dr\u017eavni kult, koji je s etru\u0161\u010danskom izgradnjom rimskog Kapitolija (kraj 6. st. pr. Kr.) pre\u0161ao i u rimski dr\u017eavni sustav.<\/p><p>Larissa Bonfante i Nancy Thomson de Grummond obradile su Menrvu u svojim temeljnim djelima o etru\u0161\u010danskoj religiji. Ona je u etru\u0161\u010danskoj slikovnoj umjetnosti jedna od naj\u010de\u0161\u0107ih bo\u017eica, \u0161to potvr\u0111uje njezino zna\u010denje.<\/p><p>Menrva je dio religije \u010dija znanstvena privla\u010dnost le\u017ei u tome \u0161to posreduje izme\u0111u gr\u010dko-mediteranske i italsko-rimske <span class=\"iwg-fachbegriff\" data-tooltip=\"Preno\u0161enje znanja i pri\u010da kroz generacije.\" tabindex=\"0\">predaje<\/span>. Zna\u010dajne znanstvene doprinose dali su Massimo Pallottino, Jacques Heurgon, Sybille Haynes, Mauro Cristofani i Giovanni Colonna, \u010diji su radovi pokazali da etru\u0161\u010danska religija predstavlja samostalnu tradiciju.<\/p><p>Etru\u0161\u010danska <span class=\"iwg-fachbegriff\" data-tooltip=\"Znanstveno prou\u010davanje Boga i vjere jedne religije.\" tabindex=\"0\">teologija<\/span> imala je jasno strukturiran <span class=\"iwg-fachbegriff\" data-tooltip=\"Skup svih bogova neke religije ili kulture.\" tabindex=\"0\">panteon<\/span> s utvr\u0111enim rangovima i precizno raspodijeljenim nadle\u017enostima; Menrva je u njemu bila \u010dvrsto ukorijenjena kao bo\u017eica mudrosti, obrta i rata. Dok su je stariji radovi rado prikazivali kao tajanstvenu ili tu\u0111u, danas se smatra samostalnom varijantom mediteranske religije.<\/p><p>U religijskoj povijesti Italije Etru\u0161\u010dani su zauzimali posredni\u010dku poziciju izme\u0111u gr\u010dkih utjecaja i nastaju\u0107e rimske religije. To \u0161to je iz Menrve nastala rimska Minerva primjer je te posredni\u010dke uloge, koja pobu\u0111uje posebno znanstveno zanimanje.<\/p><p>Religijsko-etnolo\u0161ka istra\u017eivanja proteklih desetlje\u0107a etru\u0161\u010dansku religiju promatraju kao zatvorenu, religijsko-fenomenolo\u0161ki samostalnu cjelinu. Mjesto starijeg tuma\u010denja koje ju je smatralo pukom izvedenicom gr\u010dke religije zauzelo je znatno diferenciranije gledi\u0161te, od kojeg profitira i razumijevanje Menrve.<\/p>\t\t\t\t\t\t\t\t<\/div>\n\t\t\t\t<\/div>\n\t\t\t\t\t<\/div>\n\t\t\t\t<\/div>\n\t\t<div class=\"elementor-element elementor-element-iwgw-menrva-s1 e-flex e-con-boxed e-con e-parent\" data-id=\"iwgw-menrva-s1\" data-element_type=\"container\" data-e-type=\"container\">\n\t\t\t\t\t<div class=\"e-con-inner\">\n\t\t\t\t<div class=\"elementor-element elementor-element-iwgw-menrva-s1h elementor-widget elementor-widget-heading\" data-id=\"iwgw-menrva-s1h\" data-element_type=\"widget\" data-e-type=\"widget\" data-widget_type=\"heading.default\">\n\t\t\t\t\t<h2 class=\"elementor-heading-title elementor-size-default\">Ime i etimologija<\/h2>\t\t\t\t<\/div>\n\t\t<div class=\"elementor-element elementor-element-iwgw-menrva-s1c e-con-full e-flex e-con e-child\" data-id=\"iwgw-menrva-s1c\" data-element_type=\"container\" data-e-type=\"container\">\n\t\t\t\t<div class=\"elementor-element elementor-element-iwgw-menrva-s1t elementor-widget elementor-widget-text-editor\" data-id=\"iwgw-menrva-s1t\" data-element_type=\"widget\" data-e-type=\"widget\" data-widget_type=\"text-editor.default\">\n\t\t\t\t\t\t\t\t\t<p>Ime Menrva povezuje se s indoeuropskim korijenom *men- (&#8216;misliti, mi\u0161ljenje, sje\u0107ati se&#8217;), \u0161to odgovara njezinoj funkciji bo\u017eice mudrosti. Ova etimologija potvr\u0111ena je i za rimsku Minervu; etru\u0161\u010danska Menrva i rimska Minerva jezi\u010dno su srodne.<\/p><p>U etru\u0161\u010danskim natpisima pojavljuje se i kao Menerva ili Menarva. To\u010dna glasovna povijest predmet je istra\u017eivanja. Helmut Rixova <em>Editio Minor<\/em> okuplja epigrafske izvore.<\/p><p>Etru\u0161\u010danski se ne mo\u017ee svrstati u nijednu potvr\u0111enu jezi\u010dnu obitelj; smatra se izoliranim ili se hipotetski pripisuje tirsenskoj skupini, kojoj mo\u017eda pripadaju i lemnijski i retski jezik. De\u0161ifriranje tekstova zaokuplja istra\u017eiva\u010de od 19. stolje\u0107a i do danas nije okon\u010dano.<\/p><p>Kao temeljno epigrafsko djelo slu\u017ei Helmut Rixova Editio Minor, koja sa\u017eima etru\u0161\u010danski jezi\u010dni korpus; u njoj su dokumentirane i varijante pisanja imena Menrva. Danas je nadopunjuje Thesaurus Linguae Etruscae i online baza podataka ETP, Etruscan Texts Project.<\/p><p>O podrijetlu Etru\u0161\u010dana nesuglasice su postojale ve\u0107 u <span class=\"iwg-fachbegriff\" data-tooltip=\"Razdoblje gr\u010dke i rimske kulture, otprilike od 800. pr. Kr. do 600. n. Kr.\" tabindex=\"0\">antici<\/span>: Herodot ih je izvodio iz Lidije, dok je Dionizije Halikarna\u0161anin u njima vidio doma\u0107i italski narod. Ovo je pitanje religijsko-povijesno relevantno jer se doti\u010de mogu\u0107ih veza etru\u0161\u010danske religije s malazijskim kultovima.<\/p><p>Jezikoslovlje i epigrafija danas usko sura\u0111uju. Usporedna istra\u017eivanja, i teonima kao Menrva, znatno su olak\u0161ana digitalnim izdanjem etru\u0161\u010danskih tekstova, Etruscan Texts Project (ETP). Prekretni\u010dke doprinose tomu dale su Marie-Laurence Haack i Vincent Jolivet.<\/p>\t\t\t\t\t\t\t\t<\/div>\n\t\t\t\t<\/div>\n\t\t\t\t\t<\/div>\n\t\t\t\t<\/div>\n\t\t<div class=\"elementor-element elementor-element-iwgw-menrva-s2 e-flex e-con-boxed e-con e-parent\" data-id=\"iwgw-menrva-s2\" data-element_type=\"container\" data-e-type=\"container\">\n\t\t\t\t\t<div class=\"e-con-inner\">\n\t\t\t\t<div class=\"elementor-element elementor-element-iwgw-menrva-s2h elementor-widget elementor-widget-heading\" data-id=\"iwgw-menrva-s2h\" data-element_type=\"widget\" data-e-type=\"widget\" data-widget_type=\"heading.default\">\n\t\t\t\t\t<h2 class=\"elementor-heading-title elementor-size-default\">Opis i ikonografija<\/h2>\t\t\t\t<\/div>\n\t\t<div class=\"elementor-element elementor-element-iwgw-menrva-s2c e-con-full e-flex e-con e-child\" data-id=\"iwgw-menrva-s2c\" data-element_type=\"container\" data-e-type=\"container\">\n\t\t\t\t<div class=\"elementor-element elementor-element-iwgw-menrva-s2t elementor-widget elementor-widget-text-editor\" data-id=\"iwgw-menrva-s2t\" data-element_type=\"widget\" data-e-type=\"widget\" data-widget_type=\"text-editor.default\">\n\t\t\t\t\t\t\t\t\t<p>Menrva se u etru\u0161\u010danskoj umjetnosti prikazuje kao naoru\u017eana bo\u017eica \u2013 s kacigom, kopljem, \u0161titom i ponekad s gorgoneionom na egidi. Ova <span class=\"iwg-fachbegriff\" data-tooltip=\"Nauka o sadr\u017eaju slika i njihovom zna\u010denju.\" tabindex=\"0\">ikonografija<\/span> preuzeta je od gr\u010dke Atene, ali s vlastitim etru\u0161\u010danskim naglascima.<\/p><p>Na etru\u0161\u010danskim zrcalima Menrva se \u010desto pojavljuje u mitolo\u0161kim scenama, \u010desto s natpisom. Jedan va\u017ean prikaz pokazuje njezino ro\u0111enje iz Tinijine glave \u2013 izravnu paralelu s ro\u0111enjem Atene iz Zeusove glave. Ova scena potvr\u0111ena je na vi\u0161e zrcala iz 4.\/3. stolje\u0107a prije Krista.<\/p><p>S religiofenomenolo\u0161kog gledi\u0161ta likovna umjetnost Etru\u0161\u010dana izuzetno je bogata i istovremeno predstavlja glavni izvor na\u0161eg znanja, upravo i za brojne prikaze Menrve. Zrcala, vaze, grobne slike i bronce daju najve\u0107i dio gra\u0111e. Larissa Bonfante u svojim istra\u017eivanjima nagla\u0161ava da je ovaj likovni jezik samostalna tradicija, a ne samo izvedenica.<\/p><p>Prvorazredan izvor za religiju i eshatologiju Etru\u0161\u010dana su grobne slike, prije svega iz Tarquinije, Cerveterija i Vulcija. Njihovi prikazi pokazuju gozbe, mitolo\u0161ke epizode te ples i muziku, oblikuju\u0107i zagrobni svijet zami\u0161ljen kao nastavak zemaljskog \u017eivota.<\/p><p>U etru\u0161\u010danskoj <span class=\"iwg-fachbegriff\" data-tooltip=\"Nauka o sadr\u017eaju slika i njihovom zna\u010denju.\" tabindex=\"0\">ikonografiji<\/span> prevladavaju vi\u0161efiguralne scene, pripovjedne poveznice i simboli\u010dki zgusnute poruke; i Menrva se redovito javlja u takvim likovnim cjelinama. Otkrivanjem tog likovnog jezika bavi se etru\u0161\u010danska religijska ikonografija.<\/p><p>Za etru\u0161\u010dansku likovnu umjetnost karakteristi\u010dno je gusto pripovjedno slojevito prikazivanje. Ve\u0107 jedno jedino zrcalo ili jedna vaza mo\u017ee istovremeno sadr\u017eavati vi\u0161e mitolo\u0161kih poveznica, na primjer kada se Menrva prikazuje uz druge likove. Ta zgusnutost od istra\u017eiva\u010da zahtijeva pa\u017eljivu analizu likovnog konteksta.<\/p>\t\t\t\t\t\t\t\t<\/div>\n\t\t\t\t<\/div>\n\t\t\t\t\t<\/div>\n\t\t\t\t<\/div>\n\t\t<div class=\"elementor-element elementor-element-iwgw-menrva-s3 e-flex e-con-boxed e-con e-parent\" data-id=\"iwgw-menrva-s3\" data-element_type=\"container\" data-e-type=\"container\">\n\t\t\t\t\t<div class=\"e-con-inner\">\n\t\t\t\t<div class=\"elementor-element elementor-element-iwgw-menrva-s3h elementor-widget elementor-widget-heading\" data-id=\"iwgw-menrva-s3h\" data-element_type=\"widget\" data-e-type=\"widget\" data-widget_type=\"heading.default\">\n\t\t\t\t\t<h2 class=\"elementor-heading-title elementor-size-default\">Mitolo\u0161ke pri\u010de<\/h2>\t\t\t\t<\/div>\n\t\t<div class=\"elementor-element elementor-element-iwgw-menrva-s3c e-con-full e-flex e-con e-child\" data-id=\"iwgw-menrva-s3c\" data-element_type=\"container\" data-e-type=\"container\">\n\t\t\t\t<div class=\"elementor-element elementor-element-iwgw-menrva-s3t elementor-widget elementor-widget-text-editor\" data-id=\"iwgw-menrva-s3t\" data-element_type=\"widget\" data-e-type=\"widget\" data-widget_type=\"text-editor.default\">\n\t\t\t\t\t\t\t\t\t<p>Etru\u0161\u010danska Menrvina <span class=\"iwg-fachbegriff\" data-tooltip=\"Ukupnost predanih pripovijesti o bogovima jedne kulture.\" tabindex=\"0\">mitologija<\/span> pokazuje brojne veze s gr\u010dkom Atenskom tradicijom. Poznata je pri\u010da o Menrvinom ro\u0111enju iz glave Tinije \u2013 izravna adaptacija gr\u010dkog <span class=\"iwg-fachbegriff\" data-tooltip=\"Predana pri\u010da o bogovima, podrijetlu i poretku svijeta.\" tabindex=\"0\">mita<\/span>. Na etru\u0161\u010danskim zrcalima ova scena potvr\u0111ena je natpisom &#8216;Menrva&#8217;.<\/p><p>Druge pri\u010de prikazuju Menrvu kao pomo\u0107nicu junaka, savjetnicu i za\u0161titnicu. U etru\u0161\u010danskoj adaptaciji Trojanskog rata (na zrcalima i sarkofazima) Menrva se \u010desto pojavljuje uz gr\u010dke junake.<\/p><p><span class=\"iwg-fachbegriff\" data-tooltip=\"Ukupnost predanih pripovijesti o bogovima jedne kulture.\" tabindex=\"0\">Mitologija<\/span> Etru\u0161\u010dana, za razliku od gr\u010dke ili rimske, nije predana u razra\u0111enim pripovjednim tekstovima. Mitovi o Menrvi moraju se rekonstruirati iz likovnih prikaza, natpisa i gr\u010dko-rimske sekundarne predaje. Ta posredna izvorna situacija zahtijeva posebnu metodolo\u0161ku opreznost.<\/p><p>Odnos etru\u0161\u010danske i gr\u010dke <span class=\"iwg-fachbegriff\" data-tooltip=\"Ukupnost predanih pripovijesti o bogovima jedne kulture.\" tabindex=\"0\">mitologije<\/span> je slojevit. Etru\u0161\u010dani su s jedne strane preuzeli brojne gr\u010dke motive, na primjer o Ahileju, Odiseju i Edipu, ali su im s druge strane dali vlastita tuma\u010denja i naglaske. Kako je ta prilagodba tekla u detalje, na primjer pri preuzimanju Atenskih obilje\u017eja na Menrvu, intenzivno istra\u017euje znanost.<\/p><p>Tipi\u010dno obilje\u017eje etru\u0161\u010danske <span class=\"iwg-fachbegriff\" data-tooltip=\"Znanstvena nauka o Bogu i vjeri jedne religije.\" tabindex=\"0\">teologije<\/span> jest vije\u0107e bogova, consensus deorum. Vrhovni bog Tinija, iz \u010dije glave se prema etru\u0161\u010danskoj <span class=\"iwg-fachbegriff\" data-tooltip=\"Preno\u0161enje znanja i pri\u010da kroz generacije.\" tabindex=\"0\">predaji<\/span> rodila Menrva, ne djeluje sam, nego se savjetuje s ostalim bogovima. S religiofenomenolo\u0161kog gledi\u0161ta ovo vije\u0107e predstavlja posebnost.<\/p><p>Etru\u0161\u010danska <span class=\"iwg-fachbegriff\" data-tooltip=\"Ukupnost predanih pripovijesti o bogovima jedne kulture.\" tabindex=\"0\">mitologija<\/span> nije ostavila zatvorenu pripovjednu tradiciju; ona se mora sastaviti iz likovnih scena, natpisa i sekundarnih izvora, \u0161to zahtijeva pa\u017eljivo tuma\u010denje. Kod bo\u017eice kao Menrva pri tome se posebno dobro pokazuje postupak koji povezuje etru\u0161\u010danski natpis, gr\u010dki likovni predlo\u017eak i kontekstualno \u010ditanje scene.<\/p>\t\t\t\t\t\t\t\t<\/div>\n\t\t\t\t<\/div>\n\t\t\t\t\t<\/div>\n\t\t\t\t<\/div>\n\t\t<div class=\"elementor-element elementor-element-iwgw-menrva-s4 e-flex e-con-boxed e-con e-parent\" data-id=\"iwgw-menrva-s4\" data-element_type=\"container\" data-e-type=\"container\">\n\t\t\t\t\t<div class=\"e-con-inner\">\n\t\t\t\t<div class=\"elementor-element elementor-element-iwgw-menrva-s4h elementor-widget elementor-widget-heading\" data-id=\"iwgw-menrva-s4h\" data-element_type=\"widget\" data-e-type=\"widget\" data-widget_type=\"heading.default\">\n\t\t\t\t\t<h2 class=\"elementor-heading-title elementor-size-default\">Menrva kao bo\u017eica obrta<\/h2>\t\t\t\t<\/div>\n\t\t<div class=\"elementor-element elementor-element-iwgw-menrva-s4c e-con-full e-flex e-con e-child\" data-id=\"iwgw-menrva-s4c\" data-element_type=\"container\" data-e-type=\"container\">\n\t\t\t\t<div class=\"elementor-element elementor-element-iwgw-menrva-s4t elementor-widget elementor-widget-text-editor\" data-id=\"iwgw-menrva-s4t\" data-element_type=\"widget\" data-e-type=\"widget\" data-widget_type=\"text-editor.default\">\n\t\t\t\t\t\t\t\t\t<p>Menrva nije samo bo\u017eica rata, nego i bo\u017eica obrta, tkala\u010dke umjetnosti, ljekarske vje\u0161tine i stvarala\u010dkih umije\u0107a. Ta vi\u0161edimenzionalna funkcija odgovara gr\u010dkoj Ateni. Etru\u0161\u010danska tradicija, me\u0111utim, posebno nagla\u0161ava obrtni\u010dku i umjetni\u010dku stranu.<\/p><p>Etru\u0161\u010danski obrtnici, posebice kova\u010di bronce i kipari, pozivali su se na Menrvu kao za\u0161titni\u010dku bo\u017eicu. Etru\u0161\u010danska umjetnost obrade bronce smatra se u <span class=\"iwg-fachbegriff\" data-tooltip=\"Razdoblje gr\u010dke i rimske kulture, otprilike od 800. pr. Kr. do 600. po. Kr.\" tabindex=\"0\">antici<\/span> izvrsnom, \u010dime se veza s Menrvom vjerski utemeljila. Larissa Bonfante je u djelu <em>Etruscan Bronzes<\/em> dokumentirala tu vezu.<\/p><p>Disciplina Etrusca, ure\u0111eni etru\u0161\u010danski sustav proricanja, obuhva\u0107a tri grane: promatranje utrobe (haruspicina), tuma\u010denje munja (fulguratio) i promatranje ptica (auspicia). Preneseno od Etru\u0161\u010dana na Rimljane, odr\u017ealo se u praksi sve do 4. stolje\u0107a po. Kr. Detaljne opise dugujemo Ciceronu i Seneki.<\/p><p>Disciplina Etrusca prenosila se u posebnim sve\u0107eni\u010dkim \u0161kolama. Me\u0111u njezinim va\u017enim spisima bili su Libri Rituales, Libri Haruspicini i Libri Fulgurales. Te knjige nisu sa\u010duvane, ali se dijelom mogu rekonstruirati iz citata rimskih autora kao \u0161to su Ciceron, Fest i Makrobije.<\/p><p>Etru\u0161\u010danski kultni \u017eivot bio je sna\u017eno vezan uz pojedini grad. Svako od velikih sredi\u0161ta, odnosno Tarquinia, Caere, Vulci, Veji, Clusium, Volsinii, Cortona, Perugia, Arezzo, Volterra, Populonia i Roselle, imalo je svoje glavne kultove i religijske posebnosti, tako da se i \u0161tovanje Menrve razlikovalo od mjesta do mjesta.<\/p><p>Kao zatvoreni religijsko-divinacijski sustav, Disciplina Etrusca ubraja se me\u0111u najrazvijenije prakse proricanja u <span class=\"iwg-fachbegriff\" data-tooltip=\"Razdoblje gr\u010dke i rimske kulture, otprilike od 800. pr. Kr. do 600. po. Kr.\" tabindex=\"0\">antici<\/span>. Rimljani su je sustavno preuzeli, a odr\u017eala se sve do kasne <span class=\"iwg-fachbegriff\" data-tooltip=\"Razdoblje gr\u010dke i rimske kulture, otprilike od 800. pr. Kr. do 600. po. Kr.\" tabindex=\"0\">antike<\/span>. Ta kontinuiranost povijesno je izuzetno zanimljiva.<\/p>\t\t\t\t\t\t\t\t<\/div>\n\t\t\t\t<\/div>\n\t\t\t\t\t<\/div>\n\t\t\t\t<\/div>\n\t\t<div class=\"elementor-element elementor-element-iwgw-menrva-s5 e-flex e-con-boxed e-con e-parent\" data-id=\"iwgw-menrva-s5\" data-element_type=\"container\" data-e-type=\"container\">\n\t\t\t\t\t<div class=\"e-con-inner\">\n\t\t\t\t<div class=\"elementor-element elementor-element-iwgw-menrva-s5h elementor-widget elementor-widget-heading\" data-id=\"iwgw-menrva-s5h\" data-element_type=\"widget\" data-e-type=\"widget\" data-widget_type=\"heading.default\">\n\t\t\t\t\t<h2 class=\"elementor-heading-title elementor-size-default\">Kult i rituali<\/h2>\t\t\t\t<\/div>\n\t\t<div class=\"elementor-element elementor-element-iwgw-menrva-s5c e-con-full e-flex e-con e-child\" data-id=\"iwgw-menrva-s5c\" data-element_type=\"container\" data-e-type=\"container\">\n\t\t\t\t<div class=\"elementor-element elementor-element-iwgw-menrva-s5t elementor-widget elementor-widget-text-editor\" data-id=\"iwgw-menrva-s5t\" data-element_type=\"widget\" data-e-type=\"widget\" data-widget_type=\"text-editor.default\">\n\t\t\t\t\t\t\t\t\t<p>Menrva se \u0161tovala u brojnim etru\u0161\u010danskim gradskim hramovima. Va\u017ena kultna mjesta bila su Veji, Tarquinia, Volsinii i Kapitolski bre\u017euljak u Rimu. <span class=\"iwg-fachbegriff\" data-tooltip=\"Gra\u0111evina namijenjena \u0161tovanju jednog ili vi\u0161e bo\u017eanstava.\" tabindex=\"0\">Hram<\/span> u Portonacciju kod Veja (6. st. pr. Kr.) bio joj je posve\u0107en i jedno je od najbolje sa\u010duvanih etru\u0161\u010danskih sveti\u0161ta.<\/p><p>Obredi su uklju\u010divali <span class=\"iwg-fachbegriff\" data-tooltip=\"Dar bo\u017eanstvu kao izraz zahvale, molbe ili \u0161tovanja.\" tabindex=\"0\">\u017ertve<\/span>, molitve i procesije. Obrtnici i vojnici bili su me\u0111u njezinim najva\u017enijim \u0161tovateljima. Blagdani Quinquatria u Rimu (19. &#8211; 23. o\u017eujka), posve\u0107eni Minervi, vjerojatno potje\u010du od etru\u0161\u010danskih prethodnika.<\/p><p>Arhitektonski se etru\u0161\u010danski <span class=\"iwg-fachbegriff\" data-tooltip=\"Gra\u0111evina namijenjena \u0161tovanju jednog ili vi\u0161e bo\u017eanstava.\" tabindex=\"0\">hramovi<\/span>, u kojima se \u0161tovala i Menrva, isti\u010du tuskanskim stilom, vlastitim stupovnim redom koji Vitruvije opisuje u djelu De Architectura. Njihovi tlocrti nagla\u0161avaju celu i \u0161iroku prednju predvorje te se time bitno razlikuju od gr\u010dkih uzora.<\/p><p>Mnogi etru\u0161\u010danski <span class=\"iwg-fachbegriff\" data-tooltip=\"Gra\u0111evina namijenjena \u0161tovanju jednog ili vi\u0161e bo\u017eanstava.\" tabindex=\"0\">hramovi<\/span> bili su monumentalno zami\u0161ljeni. Jupiterov <span class=\"iwg-fachbegriff\" data-tooltip=\"Gra\u0111evina namijenjena \u0161tovanju jednog ili vi\u0161e bo\u017eanstava.\" tabindex=\"0\">hram<\/span> na rimskom Kapitoliju, na primjer, podigli su etru\u0161\u010danski arhitekti i umjetnici, prije svega Vulca iz Veja. Budu\u0107i da je ta gra\u0111evina bila dom kapitolinske trijade s Minervom, odnosno Menrvom, smatra se arhitektonskim svjedo\u010danstvom etru\u0161\u010danske religioznosti u ranom Rimu.<\/p><p>Savez dvanaest etru\u0161\u010danskih gradova okupljao se svake godine na Fanum Voltumnae kod Volsinija na istovremeno religijskom i politi\u010dkom skupu. Za\u0161titni\u010dko bo\u017eanstvo tog gradskog saveza bila je Voltumna, \u010diji je religijski zna\u010daj nadilazio pojedina\u010dne gradske kultove.<\/p>\t\t\t\t\t\t\t\t<\/div>\n\t\t\t\t<\/div>\n\t\t\t\t\t<\/div>\n\t\t\t\t<\/div>\n\t\t<div class=\"elementor-element elementor-element-iwgw-menrva-s6 e-flex e-con-boxed e-con e-parent\" data-id=\"iwgw-menrva-s6\" data-element_type=\"container\" data-e-type=\"container\">\n\t\t\t\t\t<div class=\"e-con-inner\">\n\t\t\t\t<div class=\"elementor-element elementor-element-iwgw-menrva-s6h elementor-widget elementor-widget-heading\" data-id=\"iwgw-menrva-s6h\" data-element_type=\"widget\" data-e-type=\"widget\" data-widget_type=\"heading.default\">\n\t\t\t\t\t<h2 class=\"elementor-heading-title elementor-size-default\">Za\u0161titne tradicije i apotropejski elementi<\/h2>\t\t\t\t<\/div>\n\t\t<div class=\"elementor-element elementor-element-iwgw-menrva-s6c e-con-full e-flex e-con e-child\" data-id=\"iwgw-menrva-s6c\" data-element_type=\"container\" data-e-type=\"container\">\n\t\t\t\t<div class=\"elementor-element elementor-element-iwgw-menrva-s6t elementor-widget elementor-widget-text-editor\" data-id=\"iwgw-menrva-s6t\" data-element_type=\"widget\" data-e-type=\"widget\" data-widget_type=\"text-editor.default\">\n\t\t\t\t\t\t\t\t\t<p>Menrva se u za\u0161titnim kontekstima prizivala prije svega u vezi s ratom, obrtom i lije\u010denjem. Vojnici su joj se molili prije bitke, obrtnici prije va\u017enih poslova, iscjelitelji prije lije\u010denja. Gorgoneion-egida sredi\u0161nji je apotropejski <span class=\"iwg-fachbegriff\" data-tooltip=\"Znak koji predstavlja neku ideju ili zna\u010denje.\" tabindex=\"0\">simbol<\/span> Menrve.<\/p><p>Apotropejske slike vezane uz Menrvu nalaze se na \u0161titovima, hramskim pro\u010deljima i osobnim amuletima. Larissa Bonfante analizirala je tu simboliku u nekoliko svojih radova.<\/p><p><span data-nosnippet>Etru\u0161\u010danski za\u0161titni obi\u010daji obuhva\u0107aju brojne apotropejske znakove: falusne amulete, prikaze Gorgoneiona, simbole oka, bulle i odre\u0111ene formule. Gorgoneion se pojavljuje i na Menvinoj egidi. Simboliku tih za\u0161titnih znakova obradila je Larissa Bonfante u svojem djelu Etruscan Mirrors, objavljenom od 1980. godine nadalje.<\/span><\/p><p>Apotropejski simboli bili su u etru\u0161\u010danskoj kulturi \u0161iroko rasprostranjeni, primjerice Tinijino oko, falusni amuleti i Gorgoneioni. Postavljali su ih na hramove, grobnice, ku\u0107na sveti\u0161ta i osobne predmete. Ta se praksa nastavila i u rimskom, kao i u \u0161irem sredozemnom pu\u010dkom vjerovanju.<\/p><p>U etru\u0161\u010danskom kontekstu za\u0161titno djelovanje bilo je usko povezano s Disciplinom Etruscom. Prije svakog va\u017enog pothvata, bio to osnivanje grada, ratni pohod ili gradnja ku\u0107e, <span class=\"iwg-fachbegriff\" data-tooltip=\"Tuma\u010denje znakova radi otkrivanja skrivenog ili budu\u0107eg.\" tabindex=\"0\">proricanjem<\/span> se ispitivala volja bogova.<\/p>\t\t\t\t\t\t\t\t<\/div>\n\t\t\t\t<\/div>\n\t\t\t\t\t<\/div>\n\t\t\t\t<\/div>\n\t\t<div class=\"elementor-element elementor-element-iwgw-menrva-s7 e-flex e-con-boxed e-con e-parent\" data-id=\"iwgw-menrva-s7\" data-element_type=\"container\" data-e-type=\"container\">\n\t\t\t\t\t<div class=\"e-con-inner\">\n\t\t\t\t<div class=\"elementor-element elementor-element-iwgw-menrva-s7h elementor-widget elementor-widget-heading\" data-id=\"iwgw-menrva-s7h\" data-element_type=\"widget\" data-e-type=\"widget\" data-widget_type=\"heading.default\">\n\t\t\t\t\t<h2 class=\"elementor-heading-title elementor-size-default\">Paralele u drugim kulturama<\/h2>\t\t\t\t<\/div>\n\t\t<div class=\"elementor-element elementor-element-iwgw-menrva-s7c e-con-full e-flex e-con e-child\" data-id=\"iwgw-menrva-s7c\" data-element_type=\"container\" data-e-type=\"container\">\n\t\t\t\t<div class=\"elementor-element elementor-element-iwgw-menrva-s7t elementor-widget elementor-widget-text-editor\" data-id=\"iwgw-menrva-s7t\" data-element_type=\"widget\" data-e-type=\"widget\" data-widget_type=\"text-editor.default\">\n\t\t\t\t\t\t\t\t\t<p>Menrva funkcionalno odgovara gr\u010dkoj Ateni i rimskoj Minervi. Veza izme\u0111u Atene i Menrve tijesna je i ikonografski i mitolo\u0161ki &#8211; Etru\u0161\u010dani su preuzeli ikonografski tip Atene, ali i brojne atenske mitove. Rimska tradicija Minerve potom se, posredstvom etru\u0161\u010danskog, vra\u0107a na gr\u010dki <span class=\"iwg-fachbegriff\" data-tooltip=\"Ukupnost obrednih radnji po\u0161tovanja usmjerenih prema bo\u017eanstvu ili svetom liku.\" tabindex=\"0\">kult<\/span> Atene.<\/p><p>U religijskoj usporedbi Menrva se mo\u017ee povezati s drugim bo\u017eicama mudrosti i obrta: Sarasvati (vedska), Brigid (keltska), Neith (egipatska). Ta usporedivost pokazuje univerzalnu religijsku konfiguraciju &#8216;bo\u017eice-mislitelja&#8217;.<\/p><p>Kroz interpretatio Romana etru\u0161\u010danska su bo\u017eanstva dobila rimska imena: Tinia je postala Iupiter, Uni Iuno, a Menrva Minerva. Takva su izjedna\u010davanja obi\u010dno obuhva\u0107ala samo pojedine crte, a ne cijeli lik. Istra\u017eivanja posljednjih pedesetak godina razra\u0111uju koje su etru\u0161\u010danske osobitosti Menrve pri tome ostale sa\u010duvane.<\/p><p>Etru\u0161\u010dansku religiju obilje\u017eavaju brojni dodiri s anatolskim, feni\u010dkim i bliskoisto\u010dnim predajama. Feni\u010dki razmjeni posebno svjedo\u010de Pirgijeve plo\u010dice. Ta mediteranska umre\u017eenost jedno je od va\u017enih podru\u010dja istra\u017eivanja posljednjih desetlje\u0107a.<\/p><p>U religijskoj usporedbi etru\u0161\u010danski <span class=\"iwg-fachbegriff\" data-tooltip=\"Ukupnost obrednih radnji po\u0161tovanja usmjerenih prema bo\u017eanstvu ili svetom liku.\" tabindex=\"0\">kult<\/span>, uklju\u010duju\u0107i i po\u0161tovanje Menrve, pripada \u0161irem mediteranskom religijskom krugu i u vezi je s Gr\u010dkom, Fenicijom, Egiptom, Anatolijom i Latijem. Ta povezanost predstavlja zna\u010dajno podru\u010dje istra\u017eivanja.<\/p>\t\t\t\t\t\t\t\t<\/div>\n\t\t\t\t<\/div>\n\t\t\t\t\t<\/div>\n\t\t\t\t<\/div>\n\t\t<div class=\"elementor-element elementor-element-iwgw-menrva-s8 e-flex e-con-boxed e-con e-parent\" data-id=\"iwgw-menrva-s8\" data-element_type=\"container\" data-e-type=\"container\">\n\t\t\t\t\t<div class=\"e-con-inner\">\n\t\t\t\t<div class=\"elementor-element elementor-element-iwgw-menrva-s8h elementor-widget elementor-widget-heading\" data-id=\"iwgw-menrva-s8h\" data-element_type=\"widget\" data-e-type=\"widget\" data-widget_type=\"heading.default\">\n\t\t\t\t\t<h2 class=\"elementor-heading-title elementor-size-default\">Suvremena istra\u017eivanja<\/h2>\t\t\t\t<\/div>\n\t\t<div class=\"elementor-element elementor-element-iwgw-menrva-s8c e-con-full e-flex e-con e-child\" data-id=\"iwgw-menrva-s8c\" data-element_type=\"container\" data-e-type=\"container\">\n\t\t\t\t<div class=\"elementor-element elementor-element-iwgw-menrva-s8t elementor-widget elementor-widget-text-editor\" data-id=\"iwgw-menrva-s8t\" data-element_type=\"widget\" data-e-type=\"widget\" data-widget_type=\"text-editor.default\">\n\t\t\t\t\t\t\t\t\t<p>Istra\u017eivanja o Menrvi u posljednjih 50 godina ostvarila su znatan napredak. Novi nalazi iz Veja, Tarkvinije, Cervetera i Volsinija razgranali su sliku o njoj. Va\u017eni istra\u017eiva\u010di i istra\u017eiva\u010dice su Larissa Bonfante, Nancy Thomson de Grummond, Mauro Cristofani i Anna Marina Moretti Sgubini.<\/p><p>Istra\u017eivanja intenzivno prou\u010davaju odnos izme\u0111u gr\u010dke Atene i etru\u0161\u010danske Menrve: gdje su izravna preuzimanja, a gdje samostalni etru\u0161\u010danski razvoji? To je pitanje predmet aktualne rasprave.<\/p><p>Etru\u0161\u010danskom religijom, a time i bo\u017eicama kao \u0161to je Menrva, danas se bavi me\u0111unarodno povezana znanstvena zajednica. Me\u0111u va\u017enim sredi\u0161tima su sveu\u010dili\u0161ta u Firenci, Rimu (Sapienza), Pisi, T\u00fcbingenu i Princetonu. Svake godine nekoliko me\u0111unarodnih skupova posve\u0107eno je pojedinim aspektima te teme.<\/p><p>Me\u0111unarodni projekti o etru\u0161\u010danskoj religiji danas se koriste digitalnim postupcima: trodimenzionalnim skeniranjem hramova i grobnica, bazama podataka za natpise i slikovne izvore te GIS-analizama strukture naseljenosti. Takve metode otvaraju nove uvide, i u vezi s kultnim mjestima Menrve.<\/p><p>\u0160iroj javnosti dana\u0161nja etruskologija predo\u010dena je putem izlo\u017ebi, primjerice u Vatikanskim muzejima, u Museo Nazionale Etrusco di Villa Giulia i u Boston Museum of Fine Arts, kao i putem brojnih publikacija.<\/p>\t\t\t\t\t\t\t\t<\/div>\n\t\t\t\t<\/div>\n\t\t\t\t\t<\/div>\n\t\t\t\t<\/div>\n\t\t<div class=\"elementor-element elementor-element-iwgw-menrva-s9 e-flex e-con-boxed e-con e-parent\" data-id=\"iwgw-menrva-s9\" data-element_type=\"container\" data-e-type=\"container\">\n\t\t\t\t\t<div class=\"e-con-inner\">\n\t\t\t\t<div class=\"elementor-element elementor-element-iwgw-menrva-s9h elementor-widget elementor-widget-heading\" data-id=\"iwgw-menrva-s9h\" data-element_type=\"widget\" data-e-type=\"widget\" data-widget_type=\"heading.default\">\n\t\t\t\t\t<h2 class=\"elementor-heading-title elementor-size-default\">Izvori i stanje istra\u017eivanja<\/h2>\t\t\t\t<\/div>\n\t\t<div class=\"elementor-element elementor-element-iwgw-menrva-s9c e-con-full e-flex e-con e-child\" data-id=\"iwgw-menrva-s9c\" data-element_type=\"container\" data-e-type=\"container\">\n\t\t\t\t<div class=\"elementor-element elementor-element-iwgw-menrva-s9t elementor-widget elementor-widget-text-editor\" data-id=\"iwgw-menrva-s9t\" data-element_type=\"widget\" data-e-type=\"widget\" data-widget_type=\"text-editor.default\">\n\t\t\t\t\t\t\t\t\t<p>Najva\u017eniji izvori za istra\u017eivanje Menrve su etru\u0161\u010danski natpisi, etru\u0161\u010danski zrcala s natpisima, hramski kompleksi (Portonaccio, Veji) te gr\u010dko-rimski sekundarni izvori. <em>Editio Minor<\/em> Helmuta Rixa standardno je izdanje tih tekstova.<\/p><p>Dublje uklapanje u <a href=\"https:\/\/iwell-guard.com\/hr\/?page_id=149648\">etru\u0161\u010dansku religijsku povijest<\/a> u cjelini pokazuje kako Menrvu treba razumjeti u odnosnom sklopu s Tinijom, Uni i drugim Atua. Ta povezanost znanstveno je bitna za razumijevanje etru\u0161\u010danskog panteona.<\/p><p>Izvorna osnova za etru\u0161\u010dansku religiju nije jednoobrazna: epigrafska svjedo\u010danstva, prikupljena u Editio Minor Helmuta Rixa, arheolo\u0161ki nalazi, slikovni izvori i sekundarna literatura. Onaj tko \u017eeli na primjeren na\u010din obuhvatiti Menrvu, mora tu raznolikost sustavno obraditi na interdisciplinaran na\u010din; novija istra\u017eivanja u tome povezuju filologiju, <span class=\"iwg-fachbegriff\" data-tooltip=\"Znanost koja istra\u017euje pro\u0161le kulture na temelju materijalnih nalaza.\" tabindex=\"0\">arheologiju<\/span>, <span class=\"iwg-fachbegriff\" data-tooltip=\"Znanost koja uspore\u0111uje religije bez vjerskog opredjeljenja.\" tabindex=\"0\">religiologiju<\/span> i antropologiju.<\/p><p>Ispravna kritika izvora zahtijeva poznavanje i izvornih etru\u0161\u010danskih svjedo\u010danstava i gr\u010dko-rimske sekundarne predaje. Taj dvojaki pristup zahtjevan je, ali je nezaobilazan za utemeljenu religijsko-povijesnu rekonstrukciju Menrve.<\/p><p>Temeljita povijesna procjena Menrve zahtijeva poznavanje epigrafskih, arheolo\u0161kih i knji\u017eevnih izvora, kao i pristupa suvremene <span class=\"iwg-fachbegriff\" data-tooltip=\"Znanost koja uspore\u0111uje religije bez vjerskog opredjeljenja.\" tabindex=\"0\">religiologije<\/span>. Ta slojevita analiza smatra se standardom u struci.<\/p>\t\t\t\t\t\t\t\t<\/div>\n\t\t\t\t<\/div>\n\t\t\t\t\t<\/div>\n\t\t\t\t<\/div>\n\t\t<div class=\"elementor-element elementor-element-cp2831c424 e-flex e-con-boxed e-con e-parent\" data-id=\"cp2831c424\" data-element_type=\"container\" data-e-type=\"container\">\n\t\t\t\t\t<div class=\"e-con-inner\">\n\t\t\t\t<div class=\"elementor-element elementor-element-cp209d5a25 elementor-widget elementor-widget-heading\" data-id=\"cp209d5a25\" data-element_type=\"widget\" data-e-type=\"widget\" data-widget_type=\"heading.default\">\n\t\t\t\t\t<h2 class=\"elementor-heading-title elementor-size-default\">Menrva na etru\u0161\u010danskim bronzanim zrcalima: najva\u017eniji slikovni izvor<\/h2>\t\t\t\t<\/div>\n\t\t<div class=\"elementor-element elementor-element-cp25a0aa3d e-flex e-con-boxed e-con e-child\" data-id=\"cp25a0aa3d\" data-element_type=\"container\" data-e-type=\"container\">\n\t\t\t\t\t<div class=\"e-con-inner\">\n\t\t\t\t<div class=\"elementor-element elementor-element-cp2f1bb64a elementor-widget elementor-widget-text-editor\" data-id=\"cp2f1bb64a\" data-element_type=\"widget\" data-e-type=\"widget\" data-widget_type=\"text-editor.default\">\n\t\t\t\t\t\t\t\t\t<p>Etru\u0161\u010danska bo\u017eica Menrva poznata nam je prije svega po graviranim bron\u010danim zrcalima koja su u velikom broju izra\u0111ivana izme\u0111u 5. i 2. stolje\u0107a prije na\u0161e ere.<\/p><p>Ta zrcala, na pole\u0111ini ukra\u0161ena mitolo\u0161kim prizorima, najbogatiji su likovni izvor za etru\u0161\u010dansku <span class=\"iwg-fachbegriff\" data-tooltip=\"Ukupnost predanih pripovijesti o bogovima jedne kulture.\" tabindex=\"0\">mitologiju<\/span> uop\u0107e. Menrva se na njima javlja posebno \u010desto, \u010desto jasno imenovana natpisom, \u0161to je \u010dini jednim od najlak\u0161e prepoznatljivih etru\u0161\u010danskih bo\u017eanstava.<\/p><p>Na zrcalima se Menrva obi\u010dno prikazuje kao naoru\u017eana bo\u017eica, s kacigom, kopljem i \u0161titom, a povremeno sa zmijama na odje\u0107i ili sa stra\u0161nim licem Gorgone.<\/p><p>Ta ratni\u010dka <span class=\"iwg-fachbegriff\" data-tooltip=\"Znanost o sadr\u017eaju slika i njihovu zna\u010denju.\" tabindex=\"0\">ikonografija<\/span> u velikoj mjeri odgovara slici gr\u010dke Atene, pri \u010demu se etru\u0161\u010danska umjetnost ovdje jasno ugledala na gr\u010dke uzore. Istodobno se Menrva javlja u specifi\u010dno etru\u0161\u010danskim prizorima koji u gr\u010dkoj <span class=\"iwg-fachbegriff\" data-tooltip=\"Ukupnost predanih pripovijesti o bogovima jedne kulture.\" tabindex=\"0\">mitologiji<\/span> nemaju to\u010dan pandan.<\/p><p>Vrlo raspravljan primjer je prikaz na jednom zrcalu na kojem Menrva vadi dijete iz posude ili mu poma\u017ee; ta se scena povezuje s etru\u0161\u010danskim Marisom i upu\u0107uje na predod\u017ebe o ro\u0111enju, odgoju ili \u010dak nekom obliku ponovnog ro\u0111enja koje nadilaze funkciju gr\u010dke Atene.<\/p><p>Takve slike pokazuju da Menrva nije bila jednostavno etru\u0161\u010danska Atena, nego samostalno <span class=\"iwg-fachbegriff\" data-tooltip=\"Bi\u0107e koje se u nekoj religiji \u0161tuje kao bo\u017eansko.\" tabindex=\"0\">bo\u017eanstvo<\/span> s djelomi\u010dno druk\u010dijim spektrom nadle\u017enosti, u koji su spadala i podru\u010dja iscjeljenja, rasta i djetinjstva. Sli\u010dne bo\u017ei\u010dine likove poznaju i susjedne <a href=\"https:\/\/iwell-guard.com\/hr\/?page_id=149648\">italske kulture<\/a>.<\/p>\t\t\t\t\t\t\t\t<\/div>\n\t\t\t\t\t<\/div>\n\t\t\t\t<\/div>\n\t\t\t\t\t<\/div>\n\t\t\t\t<\/div>\n\t\t<div class=\"elementor-element elementor-element-cp23cfeee3 e-flex e-con-boxed e-con e-parent\" data-id=\"cp23cfeee3\" data-element_type=\"container\" data-e-type=\"container\">\n\t\t\t\t\t<div class=\"e-con-inner\">\n\t\t\t\t<div class=\"elementor-element elementor-element-cp2f04d6ba elementor-widget elementor-widget-heading\" data-id=\"cp2f04d6ba\" data-element_type=\"widget\" data-e-type=\"widget\" data-widget_type=\"heading.default\">\n\t\t\t\t\t<h2 class=\"elementor-heading-title elementor-size-default\">Od etru\u0161\u010danske Menrve do rimske Minerve: proces preuzimanja<\/h2>\t\t\t\t<\/div>\n\t\t<div class=\"elementor-element elementor-element-cp260f78a4 e-flex e-con-boxed e-con e-child\" data-id=\"cp260f78a4\" data-element_type=\"container\" data-e-type=\"container\">\n\t\t\t\t\t<div class=\"e-con-inner\">\n\t\t\t\t<div class=\"elementor-element elementor-element-cp2934c062 elementor-widget elementor-widget-text-editor\" data-id=\"cp2934c062\" data-element_type=\"widget\" data-e-type=\"widget\" data-widget_type=\"text-editor.default\">\n\t\t\t\t\t\t\t\t\t<p>Ime Menrva i ime rimske bo\u017eice Minerve o\u010dito su povezani, a jezi\u010dna istra\u017eivanja pretpostavljaju da je rimska Minerva svoje ime preuzela iz etru\u0161\u010danskog jezika ili iz zajedni\u010dkog italskog okru\u017eenja. Time je Menrva jedan od rijetkih slu\u010dajeva u kojima se etru\u0161\u010dansko ime bo\u017eanstva izravno nastavlja u rimskoj religiji.<\/p><p>Proces preuzimanja se, me\u0111utim, mo\u017ee rekonstruirati samo u obrisima. Rim i etru\u0161\u010danski gradovi bili su stolje\u0107ima u tijesnom dodiru, a Rim je jedno vrijeme sam bio dio etru\u0161\u010danskog utjecajnog podru\u010dja. U tom razdoblju prenesena su brojna kulturna i religijska obilje\u017eja, me\u0111u njima aspekti hramske arhitekture, <span class=\"iwg-fachbegriff\" data-tooltip=\"Predvi\u0111anje budu\u0107ih doga\u0111aja religijskim ili magijskim sredstvima.\" tabindex=\"0\">proricanja<\/span> i upravo imena bogova.<\/p><p>Minerva je u Rimu postala dijelom kapitolske trijade uz Jupitera i Junonu, dakle dovedena u polo\u017eaj koji bi mogao odgovarati etru\u0161\u010danskoj konstelaciji Tinije, <a href=\"https:\/\/iwell-guard.com\/hr\/?page_id=149687\">Uni<\/a> i Menrve.<\/p><p>Ba\u0161 na ovom mjestu potreban je oprez. Uredna podudarnost dviju trojki djeluje uvjerljivo, ali mo\u017ee djelomi\u010dno biti zaklju\u010dak izveden iz bolje poznatog rimskog modela na etru\u0161\u010dansku stranu. Sigurno je da je Menrva bila <span class=\"iwg-fachbegriff\" data-tooltip=\"Bi\u0107e koje se u nekoj religiji \u0161tuje kao bo\u017eansko.\" tabindex=\"0\">bo\u017eanstvo<\/span> najvi\u0161eg ranga i da je njezino ime na\u0161lo put u rimsku religiju.<\/p><p>Kako su se to\u010dno pri tome pomicale njezine funkcije, je li etru\u0161\u010danska Menrva sa svojim vezama s obrtom, iscjeljenjem i djetinjstvom preuzeta identi\u010dno ili preoblikovana, iz izvora se ne mo\u017ee pojedina\u010dno razjasniti.<\/p><p>Slu\u010daj Menrve primjerno pokazuje koliko su etru\u0161\u010danska i rimska religija bile isprepletene, a istodobno koliko je te\u0161ko precizno utvrditi smjer i sadr\u017eaj takvih preuzimanja.<\/p>\t\t\t\t\t\t\t\t<\/div>\n\t\t\t\t\t<\/div>\n\t\t\t\t<\/div>\n\t\t\t\t\t<\/div>\n\t\t\t\t<\/div>\n\t\t<div class=\"elementor-element elementor-element-cp2d8bee14 e-flex e-con-boxed e-con e-parent\" data-id=\"cp2d8bee14\" data-element_type=\"container\" data-e-type=\"container\">\n\t\t\t\t\t<div class=\"e-con-inner\">\n\t\t\t\t<div class=\"elementor-element elementor-element-cp24a35acd elementor-widget elementor-widget-heading\" data-id=\"cp24a35acd\" data-element_type=\"widget\" data-e-type=\"widget\" data-widget_type=\"heading.default\">\n\t\t\t\t\t<h2 class=\"elementor-heading-title elementor-size-default\">Menrva na bron\u010danoj jetri iz Piacenze i u sustavu proricanja<\/h2>\t\t\t\t<\/div>\n\t\t<div class=\"elementor-element elementor-element-cp24f26b71 e-flex e-con-boxed e-con e-child\" data-id=\"cp24f26b71\" data-element_type=\"container\" data-e-type=\"container\">\n\t\t\t\t\t<div class=\"e-con-inner\">\n\t\t\t\t<div class=\"elementor-element elementor-element-cp22f28ce4 elementor-widget elementor-widget-text-editor\" data-id=\"cp22f28ce4\" data-element_type=\"widget\" data-e-type=\"widget\" data-widget_type=\"text-editor.default\">\n\t\t\t\t\t\t\t\t\t<p><span data-nosnippet>Kao i druga va\u017ena etru\u0161\u010danska bo\u017eanstva, i Menrva je zabilje\u017eena na bron\u010danoj jetri iz Piacenze, onom bron\u010danom modelu jetre prona\u0111enom 1877. godine, koji potje\u010de iz 2. ili 1. stolje\u0107a prije na\u0161e ere i vjerojatno je slu\u017eio kao nastavno pomagalo za proricatelje iz nutrine. Povr\u0161ina je podijeljena u brojna polja s ugraviranim imenima bogova, a Menrva u njima zauzima \u010dvrsto mjesto.<\/span><\/p><p>To \u0161to se Menrva javlja na jetri vi\u0161e je od usputnog detalja. Pokazuje da je bila uklopljena u visoko formalizirani sustav etru\u0161\u010danske proro\u010danske discipline, <em>disciplina etrusca<\/em>. \u0160esnaest polja na rubu jetre tuma\u010di se kao odraz podjele neba na \u0161esnaest podru\u010dja, kojima su bila pridru\u017eena pojedina bo\u017eanstva.<\/p><p>Iz polo\u017eaja posebnosti na promatranoj \u017eivotinjskoj jetri stru\u010dnjak je zaklju\u010divao o volji nadle\u017enog <span class=\"iwg-fachbegriff\" data-tooltip=\"Bi\u0107e koje se u nekoj religiji \u0161tuje kao bo\u017eansko.\" tabindex=\"0\">bo\u017eanstva<\/span>. Menrva time nije bila samo predmet <span class=\"iwg-fachbegriff\" data-tooltip=\"Predana pripovijest o bogovima, podrijetlu i poretku svijeta.\" tabindex=\"0\">mita<\/span>, umjetnosti zrcala i hramskog kulta, nego i veli\u010dina s kojom se u praksi ra\u010dunalo pri <span class=\"iwg-fachbegriff\" data-tooltip=\"Predvi\u0111anje budu\u0107ih doga\u0111aja religijskim ili magijskim sredstvima.\" tabindex=\"0\">proricanju<\/span>.<\/p><p>To\u010dan na\u010din funkcioniranja ostaje, me\u0111utim, nejasan, jer nam nije sa\u010duvan potpun etru\u0161\u010danski nastavni tekst o proricanju iz jetre. Znamo da je Menrva imala svoje mjesto u sustavu, ali ne pojedinosti o tome kakvo je zna\u010denje nosilo njezino polje ili u kojem je odnosu bilo prema poljima susjednih bo\u017eanstava.<\/p><p>Bron\u010dana jetra ostaje fascinantan, ali samo djelomi\u010dno razumljiv dokument. Za razumijevanje Menrve ipak je va\u017ena: dokazuje da je bo\u017eica bila prisutna u sva tri velika podru\u010dja etru\u0161\u010danske religije, u <span class=\"iwg-fachbegriff\" data-tooltip=\"Predana pripovijest o bogovima, podrijetlu i poretku svijeta.\" tabindex=\"0\">mitu<\/span> zrcala, u javnom <span class=\"iwg-fachbegriff\" data-tooltip=\"Ukupnost religijskih obreda \u0161tovanja nekog bo\u017eanstva ili svetog bi\u0107a.\" tabindex=\"0\">kultu<\/span> i u u\u010denoj disciplini proricanja, koja je Etru\u0161\u010danima u anti\u010dkom svijetu donijela osobit glas.<\/p>\t\t\t\t\t\t\t\t<\/div>\n\t\t\t\t\t<\/div>\n\t\t\t\t<\/div>\n\t\t\t\t\t<\/div>\n\t\t\t\t<\/div>\n\t\t<div class=\"elementor-element elementor-element-iwgw-menrva-lit e-flex e-con-boxed e-con e-parent\" data-id=\"iwgw-menrva-lit\" data-element_type=\"container\" data-e-type=\"container\">\n\t\t\t\t\t<div class=\"e-con-inner\">\n\t\t\t\t<div class=\"elementor-element elementor-element-iwgw-menrva-lith elementor-widget elementor-widget-heading\" data-id=\"iwgw-menrva-lith\" data-element_type=\"widget\" data-e-type=\"widget\" data-widget_type=\"heading.default\">\n\t\t\t\t\t<h2 class=\"elementor-heading-title elementor-size-default\">Literatura (izbor)<\/h2>\t\t\t\t<\/div>\n\t\t<div class=\"elementor-element elementor-element-iwgw-menrva-litc e-con-full e-flex e-con e-child\" data-id=\"iwgw-menrva-litc\" data-element_type=\"container\" data-e-type=\"container\">\n\t\t\t\t<div class=\"elementor-element elementor-element-iwgw-menrva-litt elementor-widget elementor-widget-text-editor\" data-id=\"iwgw-menrva-litt\" data-element_type=\"widget\" data-e-type=\"widget\" data-widget_type=\"text-editor.default\">\n\t\t\t\t\t\t\t\t\t<ul><li>Larissa Bonfante: <em>Etruscan Mythology<\/em> (2006)<\/li><li>Jean-Rene Jannot: <em>Religion in Ancient Etruria<\/em> (2005)<\/li><li>Massimo Pallottino: <em>Die Etrusker<\/em> (1942)<\/li><li>Larissa Bonfante: <em>Etruscan Bronzes<\/em><\/li><\/ul>\n<p class=\"iwg-bib-more\"><span data-nosnippet>Ostala standardna djela u <a href=\"https:\/\/iwell-guard.com\/hr\/?page_id=149465\">popisu literature<\/a>.<\/span><\/p>\t\t\t\t\t\t\t\t<\/div>\n\t\t\t\t<\/div>\n\t\t\t\t\t<\/div>\n\t\t\t\t<\/div>\n\t\t<div class=\"elementor-element elementor-element-iwgw-menrva-kwd e-flex e-con-boxed e-con e-parent\" data-id=\"iwgw-menrva-kwd\" data-element_type=\"container\" data-e-type=\"container\">\n\t\t\t\t\t<div class=\"e-con-inner\">\n\t\t<div class=\"elementor-element elementor-element-iwgw-menrva-kwdc e-con-full e-flex e-con e-child\" data-id=\"iwgw-menrva-kwdc\" data-element_type=\"container\" data-e-type=\"container\">\n\t\t\t\t<div class=\"elementor-element elementor-element-iwgw-menrva-kwdt elementor-widget elementor-widget-text-editor\" data-id=\"iwgw-menrva-kwdt\" data-element_type=\"widget\" data-e-type=\"widget\" data-widget_type=\"text-editor.default\">\n\t\t\t\t\t\t\t\t\t<p><em>Povezani klju\u010dni pojmovi: Menrva, Etru\u0161\u010dani, bo\u017eica, mudrost, rat, obrt, Portonaccio, Veji, Atena.<\/em><\/p>\t\t\t\t\t\t\t\t<\/div>\n\t\t\t\t<\/div>\n\t\t\t\t\t<\/div>\n\t\t\t\t<\/div>\n\t\t<div class=\"elementor-element elementor-element-iwgw-menrva-cc e-flex e-con-boxed e-con e-parent\" data-id=\"iwgw-menrva-cc\" data-element_type=\"container\" data-e-type=\"container\" id=\"iwg-cc-menrva\">\n\t\t\t\t\t<div class=\"e-con-inner\">\n\t\t<div class=\"elementor-element elementor-element-iwgw-menrva-ccinner e-flex e-con-boxed e-con e-parent\" data-id=\"iwgw-menrva-ccinner\" data-element_type=\"container\" data-e-type=\"container\" data-settings=\"{&quot;background_background&quot;:&quot;classic&quot;}\">\n\t\t\t\t\t<div class=\"e-con-inner\">\n\t\t\t\t<div class=\"elementor-element elementor-element-iwgw-menrva-cch elementor-widget elementor-widget-heading\" data-id=\"iwgw-menrva-cch\" data-element_type=\"widget\" data-e-type=\"widget\" data-widget_type=\"heading.default\">\n\t\t\t\t\t<h2 class=\"elementor-heading-title elementor-size-default\">iWell Guard i tradicije za\u0161tite<\/h2>\t\t\t\t<\/div>\n\t\t\t\t<div class=\"elementor-element elementor-element-iwgw-menrva-cct elementor-widget elementor-widget-text-editor\" data-id=\"iwgw-menrva-cct\" data-element_type=\"widget\" data-e-type=\"widget\" data-widget_type=\"text-editor.default\">\n\t\t\t\t\t\t\t\t\t<div data-nosnippet=\"true\"><p>iWell Guard nastavlja kulturnopovijesnu tradiciju nosivih za\u0161titnih predmeta, u tradiciji <a href=\"https:\/\/iwell-guard.com\/hr\/?page_id=149648\">Etru\u0161\u010dana<\/a> i mnogih drugih kultura svijeta. 41 razina, pravo zlato, platina, srebro, izra\u0111eno u Njema\u010dkoj. Pravo povrata u roku od 30 dana.<\/p><\/div>\t\t\t\t\t\t\t\t<\/div>\n\t\t\t\t<div class=\"elementor-element elementor-element-iwgw-menrva-ccb iwg-cc-button iwg-cc-cta-2026-05-13 elementor-widget elementor-widget-jet-button\" data-id=\"iwgw-menrva-ccb\" data-element_type=\"widget\" data-e-type=\"widget\" data-widget_type=\"jet-button.default\">\n\t\t\t\t<div class=\"elementor-widget-container\">\n\t\t\t\t\t<div class=\"elementor-jet-button jet-elements\"><div class=\"jet-button__container\"><a class=\"jet-button__instance jet-button__instance--icon-left hover-effect-1\" href=\"\/ueber-iwell-guard\/?utm_source=iwell-guard.com&amp;utm_medium=info-box&amp;utm_campaign=wesen-tradition\"><div class=\"jet-button__plane jet-button__plane-normal\"><\/div><div class=\"jet-button__plane jet-button__plane-hover\"><\/div><div class=\"jet-button__state jet-button__state-normal\"><span class=\"jet-button__label\">Vi\u0161e o iWell Guardu<\/span><\/div><div class=\"jet-button__state jet-button__state-hover\"><span class=\"jet-button__label\">Vi\u0161e o iWell Guardu<\/span><\/div><\/a><\/div><\/div><style>.elementor-element.elementor-element-iwgw-menrva-ccb .jet-button__instance{width:320px;height:56px;}.elementor-element.elementor-element-iwgw-menrva-ccb .jet-button__state-normal .jet-button__label{text-align:center;margin:0px 0px 0px 0px;color:#1a1b20;font-family:Montserrat,sans-serif;font-size:13px;font-weight:400;letter-spacing:4px;line-height:1.714em;text-transform:uppercase;}.elementor-element.elementor-element-iwgw-menrva-ccb .jet-button__state-hover .jet-button__label{text-align:center;margin:0px 0px 0px 0px;color:#FECC76;font-family:Montserrat,sans-serif;font-size:13px;font-weight:400;letter-spacing:4px;line-height:1.714em;text-transform:uppercase;}.elementor-element.elementor-element-iwgw-menrva-ccb .jet-button__plane-normal{background-color:#FECC76;border-style:solid;border-color:#C99540;border-width:2px 2px 2px 2px;}.elementor-element.elementor-element-iwgw-menrva-ccb .jet-button__plane-hover{background-color:rgba(0,0,0,0.55);border-style:solid;border-color:#FECC76;border-width:2px 2px 2px 2px;}<\/style>\t\t\t\t<\/div>\n\t\t\t\t<\/div>\n\t\t\t\t<div class=\"elementor-element elementor-element-iwgw-menrva-ccd elementor-widget elementor-widget-text-editor\" data-id=\"iwgw-menrva-ccd\" data-element_type=\"widget\" data-e-type=\"widget\" data-widget_type=\"text-editor.default\">\n\t\t\t\t\t\t\t\t\t<div data-nosnippet=\"true\"><p style=\"text-align:center;font-size:13px;opacity:0.7;margin-top:14px\" data-nosnippet=\"true\">Osobna iskustva mogu se razlikovati. Nije medicinski proizvod. Nema obe\u0107anja izlje\u010denja.<\/p><\/div>\t\t\t\t\t\t\t\t<\/div>\n\t\t\t\t\t<\/div>\n\t\t\t\t<\/div>\n\t\t\t\t\t<\/div>\n\t\t\t\t<\/div>\n\t\t<div class=\"elementor-element elementor-element-iwgw-menrva-disc e-flex e-con-boxed e-con e-parent\" data-id=\"iwgw-menrva-disc\" data-element_type=\"container\" data-e-type=\"container\">\n\t\t\t\t\t<div class=\"e-con-inner\">\n\t\t\t\t<div class=\"elementor-element elementor-element-iwgw-menrva-discw elementor-widget elementor-widget-html\" data-id=\"iwgw-menrva-discw\" data-element_type=\"widget\" data-e-type=\"widget\" data-widget_type=\"html.default\">\n\t\t\t\t\t<footer data-nosnippet=\"true\" class=\"iwg-disclaimer-block\"><p data-nosnippet=\"true\">iWell Guard <strong>nije medicinski proizvod<\/strong> i ne zamjenjuje lije\u010dni\u010dko ili psihoterapeutsko lije\u010denje. Religijsko-znanstveni sadr\u017eaji predstavljaju kulturno-povijesnu interpretaciju, a ne preporuku duhovne prakse.<\/p><\/footer>\t\t\t\t<\/div>\n\t\t\t\t\t<\/div>\n\t\t\t\t<\/div>\n\t\t\t\t<\/div>\n\t\t","protected":false},"excerpt":{"rendered":"","protected":false},"author":3,"featured_media":2817,"parent":0,"menu_order":0,"comment_status":"closed","ping_status":"closed","template":"elementor_header_footer","meta":{"_yoast_wpseo_focuskw":"Menrva Etru\u0161\u010dani","_yoast_wpseo_title":"Menrva \u2013 Etru\u0161\u010danska bo\u017eica, mit i kult","_yoast_wpseo_metadesc":"Menrva je etru\u0161\u010danska bo\u017eica mudrosti, obrta i rata. Religijsko-znanstvena obrada s mitom, kultom i izvorima.","_yoast_wpseo_meta-robots-noindex":"","_yoast_wpseo_canonical":"","_angie_page":false,"gefaehrdungsstufe":"2","wesen_kultur":"etruskisch","wesen_klasse":"goetter","footnotes":""},"categories":[],"class_list":["post-149686","page","type-page","status-publish","has-post-thumbnail","hentry"],"yoast_head":"<!-- This site is optimized with the Yoast SEO Premium plugin v27.7 (Yoast SEO v28.3) - https:\/\/yoast.com\/product\/yoast-seo-premium-wordpress\/ -->\n<title>Menrva \u2013 Etru\u0161\u010danska bo\u017eica, mit i kult<\/title>\n<meta name=\"description\" content=\"Menrva je etru\u0161\u010danska bo\u017eica mudrosti, obrta i rata. Religijsko-znanstvena obrada s mitom, kultom i izvorima.\" \/>\n<meta name=\"robots\" content=\"index, follow, max-snippet:-1, max-image-preview:large, max-video-preview:-1\" \/>\n<link rel=\"canonical\" href=\"https:\/\/iwell-guard.com\/hr\/menrva-etruscanska-boginja-mudrosti-rata\/\" \/>\n<meta property=\"og:locale\" content=\"hr_HR\" \/>\n<meta property=\"og:type\" content=\"article\" \/>\n<meta property=\"og:title\" content=\"Menrva \u2013 Etru\u0161\u010danska bo\u017eica mudrosti i rata\" \/>\n<meta property=\"og:description\" content=\"Menrva je etru\u0161\u010danska bo\u017eica mudrosti, obrta i rata. Religijsko-znanstvena obrada s mitom, kultom i izvorima.\" \/>\n<meta property=\"og:url\" content=\"https:\/\/iwell-guard.com\/hr\/menrva-etruscanska-boginja-mudrosti-rata\/\" \/>\n<meta property=\"og:site_name\" content=\"iWell Guard\" \/>\n<meta property=\"article:modified_time\" content=\"2026-09-04T05:29:39+00:00\" \/>\n<meta property=\"og:image\" content=\"https:\/\/iwell-guard.com\/wp-content\/uploads\/2026\/05\/goetter_etruskisch_menrva.webp\" \/>\n\t<meta property=\"og:image:width\" content=\"1024\" \/>\n\t<meta property=\"og:image:height\" content=\"1536\" \/>\n\t<meta property=\"og:image:type\" content=\"image\/webp\" \/>\n<meta name=\"twitter:card\" content=\"summary_large_image\" \/>\n<script type=\"application\/ld+json\" class=\"yoast-schema-graph\">{\"@context\":\"https:\\\/\\\/schema.org\",\"@graph\":[{\"@type\":\"WebPage\",\"@id\":\"https:\\\/\\\/iwell-guard.com\\\/hr\\\/menrva-etruscanska-boginja-mudrosti-rata\\\/\",\"url\":\"https:\\\/\\\/iwell-guard.com\\\/hr\\\/menrva-etruscanska-boginja-mudrosti-rata\\\/\",\"name\":\"Menrva \u2013 Etru\u0161\u010danska bo\u017eica, mit i kult\",\"isPartOf\":{\"@id\":\"https:\\\/\\\/iwell-guard.com\\\/hr\\\/#website\"},\"primaryImageOfPage\":{\"@id\":\"https:\\\/\\\/iwell-guard.com\\\/hr\\\/menrva-etruscanska-boginja-mudrosti-rata\\\/#primaryimage\"},\"image\":{\"@id\":\"https:\\\/\\\/iwell-guard.com\\\/hr\\\/menrva-etruscanska-boginja-mudrosti-rata\\\/#primaryimage\"},\"thumbnailUrl\":\"https:\\\/\\\/iwell-guard.com\\\/wp-content\\\/uploads\\\/2026\\\/05\\\/goetter_etruskisch_menrva.webp\",\"datePublished\":\"2026-09-04T05:12:40+00:00\",\"dateModified\":\"2026-09-04T05:29:39+00:00\",\"description\":\"Menrva je etru\u0161\u010danska bo\u017eica mudrosti, obrta i rata. Religijsko-znanstvena obrada s mitom, kultom i izvorima.\",\"breadcrumb\":{\"@id\":\"https:\\\/\\\/iwell-guard.com\\\/hr\\\/menrva-etruscanska-boginja-mudrosti-rata\\\/#breadcrumb\"},\"inLanguage\":\"hr\",\"potentialAction\":[{\"@type\":\"ReadAction\",\"target\":[\"https:\\\/\\\/iwell-guard.com\\\/hr\\\/menrva-etruscanska-boginja-mudrosti-rata\\\/\"]}]},{\"@type\":\"ImageObject\",\"inLanguage\":\"hr\",\"@id\":\"https:\\\/\\\/iwell-guard.com\\\/hr\\\/menrva-etruscanska-boginja-mudrosti-rata\\\/#primaryimage\",\"url\":\"https:\\\/\\\/iwell-guard.com\\\/wp-content\\\/uploads\\\/2026\\\/05\\\/goetter_etruskisch_menrva.webp\",\"contentUrl\":\"https:\\\/\\\/iwell-guard.com\\\/wp-content\\\/uploads\\\/2026\\\/05\\\/goetter_etruskisch_menrva.webp\",\"width\":1024,\"height\":1536,\"caption\":\"Bogovi iz etru\u0161\u010danske tradicije.\"},{\"@type\":\"BreadcrumbList\",\"@id\":\"https:\\\/\\\/iwell-guard.com\\\/hr\\\/menrva-etruscanska-boginja-mudrosti-rata\\\/#breadcrumb\",\"itemListElement\":[{\"@type\":\"ListItem\",\"position\":1,\"name\":\"Start\",\"item\":\"https:\\\/\\\/iwell-guard.com\\\/hr\\\/?page_id=149317\"},{\"@type\":\"ListItem\",\"position\":2,\"name\":\"Menrva \u2013 Etru\u0161\u010danska bo\u017eica mudrosti i rata\"}]},{\"@type\":\"WebSite\",\"@id\":\"https:\\\/\\\/iwell-guard.com\\\/hr\\\/#website\",\"url\":\"https:\\\/\\\/iwell-guard.com\\\/hr\\\/\",\"name\":\"iWell Guard\",\"description\":\"Schutz vor dunklen Einfl\u00fcssen\",\"publisher\":{\"@id\":\"https:\\\/\\\/iwell-guard.com\\\/hr\\\/#organization\"},\"potentialAction\":[{\"@type\":\"SearchAction\",\"target\":{\"@type\":\"EntryPoint\",\"urlTemplate\":\"https:\\\/\\\/iwell-guard.com\\\/hr\\\/?s={search_term_string}\"},\"query-input\":{\"@type\":\"PropertyValueSpecification\",\"valueRequired\":true,\"valueName\":\"search_term_string\"}}],\"inLanguage\":\"hr\"},{\"@type\":\"Organization\",\"@id\":\"https:\\\/\\\/iwell-guard.com\\\/hr\\\/#organization\",\"name\":\"Ittermann electronic GmbH\",\"url\":\"https:\\\/\\\/iwell-guard.com\\\/hr\\\/\",\"logo\":{\"@type\":\"ImageObject\",\"inLanguage\":\"hr\",\"@id\":\"https:\\\/\\\/iwell-guard.com\\\/hr\\\/#\\\/schema\\\/logo\\\/image\\\/\",\"url\":\"https:\\\/\\\/iwell-guard.com\\\/wp-content\\\/uploads\\\/2026\\\/05\\\/Ittermann-Logo-1182x237-1.png\",\"contentUrl\":\"https:\\\/\\\/iwell-guard.com\\\/wp-content\\\/uploads\\\/2026\\\/05\\\/Ittermann-Logo-1182x237-1.png\",\"width\":1182,\"height\":237,\"caption\":\"Ittermann electronic GmbH\"},\"image\":{\"@id\":\"https:\\\/\\\/iwell-guard.com\\\/hr\\\/#\\\/schema\\\/logo\\\/image\\\/\"},\"sameAs\":[\"https:\\\/\\\/pantip.com\\\/profile\\\/9367242\",\"https:\\\/\\\/micro.blog\\\/iwellguard\",\"https:\\\/\\\/www.diggerslist.com\\\/iwellguard\\\/about\",\"https:\\\/\\\/skitterphoto.com\\\/photographers\\\/2870314\\\/iwell-guard\",\"https:\\\/\\\/iwellguard.wordpress.com\\\/2026\\\/06\\\/06\\\/iwell-guard\\\/\",\"https:\\\/\\\/hub.docker.com\\\/u\\\/iwellguard\",\"https:\\\/\\\/www.pinterest.com\\\/iwellguard\\\/\",\"https:\\\/\\\/bit.ly\\\/m\\\/iwellguard\",\"https:\\\/\\\/entre-vos-mains.alsace.eu\\\/profiles\\\/iwellguard\\\/activity\",\"https:\\\/\\\/gravatar.com\\\/reallybeded8fd34\",\"https:\\\/\\\/naijamatta.com\\\/iwellguard\",\"https:\\\/\\\/www.goodreads.com\\\/iwellguard\",\"https:\\\/\\\/profile.hatena.ne.jp\\\/iwellguard\\\/\",\"https:\\\/\\\/experiment.com\\\/users\\\/iwellguard\",\"https:\\\/\\\/wakelet.com\\\/@iWellGuard82270\",\"https:\\\/\\\/www.chordie.com\\\/forum\\\/profile.php?id=2555664\",\"https:\\\/\\\/www.instapaper.com\\\/p\\\/17757966\",\"https:\\\/\\\/www.mapleprimes.com\\\/users\\\/iwellguard\",\"https:\\\/\\\/businesslistingplus.com\\\/profile\\\/iwell-guard\\\/\",\"https:\\\/\\\/telegra.ph\\\/iWell-Guard-06-06\",\"https:\\\/\\\/pbase.com\\\/iwellguard\\\/iwellguard\",\"https:\\\/\\\/b.hatena.ne.jp\\\/iwellguard\\\/20260607#bookmark-4788405196491818882\",\"https:\\\/\\\/fliphtml5.com\\\/home\\\/iwellguard\",\"https:\\\/\\\/anyflip.com\\\/homepage\\\/cmiwl#About\",\"https:\\\/\\\/transfur.com\\\/Users\\\/iwellguard\",\"http:\\\/\\\/delphi.larsbo.org\\\/user\\\/iwellguard\",\"https:\\\/\\\/jobs.lajobsportal.org\\\/profiles\\\/8380803-iwell-guard\",\"https:\\\/\\\/md.chaosdorf.de\\\/s\\\/jfbe5SBdJD\",\"https:\\\/\\\/www.lingvolive.com\\\/en-us\\\/profile\\\/9ecaeaca-ce11-4e51-9e71-01d55e2bff36\\\/translations\",\"https:\\\/\\\/www.fitday.com\\\/fitness\\\/forums\\\/members\\\/iwellguard.html\",\"https:\\\/\\\/www.mymeetbook.com\\\/iwellguard\",\"https:\\\/\\\/pxhere.com\\\/en\\\/photographer-me\\\/5040798\",\"https:\\\/\\\/disqus.com\\\/by\\\/iwellguard\\\/about\\\/\",\"https:\\\/\\\/pastelink.net\\\/hjwciqwq\",\"https:\\\/\\\/pubhtml5.com\\\/homepage\\\/scjhn\\\/\",\"https:\\\/\\\/www.bitchute.com\\\/channel\\\/2O2eOKzNqujT\",\"https:\\\/\\\/audiomack.com\\\/iwellguard\"]},{\"@type\":\"Article\",\"@id\":\"https:\\\/\\\/iwell-guard.com\\\/hr\\\/menrva-etruscanska-boginja-mudrosti-rata\\\/#article\",\"isPartOf\":{\"@id\":\"https:\\\/\\\/iwell-guard.com\\\/hr\\\/menrva-etruscanska-boginja-mudrosti-rata\\\/\"},\"author\":{\"name\":\"Ralf Ittermann\",\"@id\":\"https:\\\/\\\/iwell-guard.com\\\/hr\\\/#\\\/schema\\\/person\\\/ee2a27f1cac3406c7c6fb5820cb7349f\"},\"headline\":\"Menrva \u2013 Etru\u0161\u010danska bo\u017eica mudrosti i rata\",\"datePublished\":\"2026-09-04T05:12:40+00:00\",\"dateModified\":\"2026-09-04T05:29:39+00:00\",\"mainEntityOfPage\":{\"@id\":\"https:\\\/\\\/iwell-guard.com\\\/hr\\\/menrva-etruscanska-boginja-mudrosti-rata\\\/\"},\"publisher\":{\"@id\":\"https:\\\/\\\/iwell-guard.com\\\/hr\\\/#organization\"},\"image\":{\"@id\":\"https:\\\/\\\/iwell-guard.com\\\/hr\\\/menrva-etruscanska-boginja-mudrosti-rata\\\/#primaryimage\"},\"thumbnailUrl\":\"https:\\\/\\\/iwell-guard.com\\\/wp-content\\\/uploads\\\/2026\\\/05\\\/goetter_etruskisch_menrva.webp\",\"inLanguage\":\"hr\",\"description\":\"Menrva je etru\u0161\u010danska bo\u017eica mudrosti, obrta i rata. Religijsko-znanstvena obrada s mitom, kultom i izvorima.\"}]}<\/script>\n<!-- \/ Yoast SEO Premium plugin. -->","yoast_head_json":{"title":"Menrva \u2013 Etru\u0161\u010danska bo\u017eica, mit i kult","description":"Menrva je etru\u0161\u010danska bo\u017eica mudrosti, obrta i rata. Religijsko-znanstvena obrada s mitom, kultom i izvorima.","robots":{"index":"index","follow":"follow","max-snippet":"max-snippet:-1","max-image-preview":"max-image-preview:large","max-video-preview":"max-video-preview:-1"},"canonical":"https:\/\/iwell-guard.com\/hr\/menrva-etruscanska-boginja-mudrosti-rata\/","og_locale":"hr_HR","og_type":"article","og_title":"Menrva \u2013 Etru\u0161\u010danska bo\u017eica mudrosti i rata","og_description":"Menrva je etru\u0161\u010danska bo\u017eica mudrosti, obrta i rata. Religijsko-znanstvena obrada s mitom, kultom i izvorima.","og_url":"https:\/\/iwell-guard.com\/hr\/menrva-etruscanska-boginja-mudrosti-rata\/","og_site_name":"iWell Guard","article_modified_time":"2026-09-04T05:29:39+00:00","og_image":[{"width":1024,"height":1536,"url":"https:\/\/iwell-guard.com\/wp-content\/uploads\/2026\/05\/goetter_etruskisch_menrva.webp","type":"image\/webp"}],"twitter_card":"summary_large_image","schema":{"@context":"https:\/\/schema.org","@graph":[{"@type":"Article","@id":"https:\/\/iwell-guard.com\/hr\/menrva-etruscanska-boginja-mudrosti-rata\/#article","isPartOf":{"@id":"https:\/\/iwell-guard.com\/hr\/menrva-etruscanska-boginja-mudrosti-rata\/"},"author":{"name":"Ralf Ittermann","@id":"https:\/\/iwell-guard.com\/hr\/#\/schema\/person\/ee2a27f1cac3406c7c6fb5820cb7349f"},"headline":"Menrva \u2013 Etru\u0161\u010danska bo\u017eica mudrosti i rata","datePublished":"2026-09-04T05:12:40+00:00","dateModified":"2026-09-04T05:29:39+00:00","mainEntityOfPage":{"@id":"https:\/\/iwell-guard.com\/hr\/menrva-etruscanska-boginja-mudrosti-rata\/"},"publisher":{"@id":"https:\/\/iwell-guard.com\/hr\/#organization"},"image":{"@id":"https:\/\/iwell-guard.com\/hr\/menrva-etruscanska-boginja-mudrosti-rata\/#primaryimage"},"thumbnailUrl":"https:\/\/iwell-guard.com\/wp-content\/uploads\/2026\/05\/goetter_etruskisch_menrva.webp","inLanguage":"hr","description":"Menrva je etru\u0161\u010danska bo\u017eica mudrosti, obrta i rata. Religijsko-znanstvena obrada s mitom, kultom i izvorima."},{"@type":"WebPage","@id":"https:\/\/iwell-guard.com\/hr\/menrva-etruscanska-boginja-mudrosti-rata\/","url":"https:\/\/iwell-guard.com\/hr\/menrva-etruscanska-boginja-mudrosti-rata\/","name":"Menrva \u2013 Etru\u0161\u010danska bo\u017eica, mit i kult","isPartOf":{"@id":"https:\/\/iwell-guard.com\/hr\/#website"},"primaryImageOfPage":{"@id":"https:\/\/iwell-guard.com\/hr\/menrva-etruscanska-boginja-mudrosti-rata\/#primaryimage"},"image":{"@id":"https:\/\/iwell-guard.com\/hr\/menrva-etruscanska-boginja-mudrosti-rata\/#primaryimage"},"thumbnailUrl":"https:\/\/iwell-guard.com\/wp-content\/uploads\/2026\/05\/goetter_etruskisch_menrva.webp","datePublished":"2026-09-04T05:12:40+00:00","dateModified":"2026-09-04T05:29:39+00:00","description":"Menrva je etru\u0161\u010danska bo\u017eica mudrosti, obrta i rata. Religijsko-znanstvena obrada s mitom, kultom i izvorima.","breadcrumb":{"@id":"https:\/\/iwell-guard.com\/hr\/menrva-etruscanska-boginja-mudrosti-rata\/#breadcrumb"},"inLanguage":"hr","potentialAction":[{"@type":"ReadAction","target":["https:\/\/iwell-guard.com\/hr\/menrva-etruscanska-boginja-mudrosti-rata\/"]}]},{"@type":"ImageObject","inLanguage":"hr","@id":"https:\/\/iwell-guard.com\/hr\/menrva-etruscanska-boginja-mudrosti-rata\/#primaryimage","url":"https:\/\/iwell-guard.com\/wp-content\/uploads\/2026\/05\/goetter_etruskisch_menrva.webp","contentUrl":"https:\/\/iwell-guard.com\/wp-content\/uploads\/2026\/05\/goetter_etruskisch_menrva.webp","width":1024,"height":1536,"caption":"Bogovi iz etru\u0161\u010danske tradicije."},{"@type":"BreadcrumbList","@id":"https:\/\/iwell-guard.com\/hr\/menrva-etruscanska-boginja-mudrosti-rata\/#breadcrumb","itemListElement":[{"@type":"ListItem","position":1,"name":"Start","item":"https:\/\/iwell-guard.com\/hr\/?page_id=149317"},{"@type":"ListItem","position":2,"name":"Menrva \u2013 Etru\u0161\u010danska bo\u017eica mudrosti i rata"}]},{"@type":"WebSite","@id":"https:\/\/iwell-guard.com\/hr\/#website","url":"https:\/\/iwell-guard.com\/hr\/","name":"iWell Guard","description":"Schutz vor dunklen Einfl\u00fcssen","publisher":{"@id":"https:\/\/iwell-guard.com\/hr\/#organization"},"potentialAction":[{"@type":"SearchAction","target":{"@type":"EntryPoint","urlTemplate":"https:\/\/iwell-guard.com\/hr\/?s={search_term_string}"},"query-input":{"@type":"PropertyValueSpecification","valueRequired":true,"valueName":"search_term_string"}}],"inLanguage":"hr"},{"@type":"Organization","@id":"https:\/\/iwell-guard.com\/hr\/#organization","name":"Ittermann electronic GmbH","url":"https:\/\/iwell-guard.com\/hr\/","logo":{"@type":"ImageObject","inLanguage":"hr","@id":"https:\/\/iwell-guard.com\/hr\/#\/schema\/logo\/image\/","url":"https:\/\/iwell-guard.com\/wp-content\/uploads\/2026\/05\/Ittermann-Logo-1182x237-1.png","contentUrl":"https:\/\/iwell-guard.com\/wp-content\/uploads\/2026\/05\/Ittermann-Logo-1182x237-1.png","width":1182,"height":237,"caption":"Ittermann electronic GmbH"},"image":{"@id":"https:\/\/iwell-guard.com\/hr\/#\/schema\/logo\/image\/"},"sameAs":["https:\/\/pantip.com\/profile\/9367242","https:\/\/micro.blog\/iwellguard","https:\/\/www.diggerslist.com\/iwellguard\/about","https:\/\/skitterphoto.com\/photographers\/2870314\/iwell-guard","https:\/\/iwellguard.wordpress.com\/2026\/06\/06\/iwell-guard\/","https:\/\/hub.docker.com\/u\/iwellguard","https:\/\/www.pinterest.com\/iwellguard\/","https:\/\/bit.ly\/m\/iwellguard","https:\/\/entre-vos-mains.alsace.eu\/profiles\/iwellguard\/activity","https:\/\/gravatar.com\/reallybeded8fd34","https:\/\/naijamatta.com\/iwellguard","https:\/\/www.goodreads.com\/iwellguard","https:\/\/profile.hatena.ne.jp\/iwellguard\/","https:\/\/experiment.com\/users\/iwellguard","https:\/\/wakelet.com\/@iWellGuard82270","https:\/\/www.chordie.com\/forum\/profile.php?id=2555664","https:\/\/www.instapaper.com\/p\/17757966","https:\/\/www.mapleprimes.com\/users\/iwellguard","https:\/\/businesslistingplus.com\/profile\/iwell-guard\/","https:\/\/telegra.ph\/iWell-Guard-06-06","https:\/\/pbase.com\/iwellguard\/iwellguard","https:\/\/b.hatena.ne.jp\/iwellguard\/20260607#bookmark-4788405196491818882","https:\/\/fliphtml5.com\/home\/iwellguard","https:\/\/anyflip.com\/homepage\/cmiwl#About","https:\/\/transfur.com\/Users\/iwellguard","http:\/\/delphi.larsbo.org\/user\/iwellguard","https:\/\/jobs.lajobsportal.org\/profiles\/8380803-iwell-guard","https:\/\/md.chaosdorf.de\/s\/jfbe5SBdJD","https:\/\/www.lingvolive.com\/en-us\/profile\/9ecaeaca-ce11-4e51-9e71-01d55e2bff36\/translations","https:\/\/www.fitday.com\/fitness\/forums\/members\/iwellguard.html","https:\/\/www.mymeetbook.com\/iwellguard","https:\/\/pxhere.com\/en\/photographer-me\/5040798","https:\/\/disqus.com\/by\/iwellguard\/about\/","https:\/\/pastelink.net\/hjwciqwq","https:\/\/pubhtml5.com\/homepage\/scjhn\/","https:\/\/www.bitchute.com\/channel\/2O2eOKzNqujT","https:\/\/audiomack.com\/iwellguard"]},{"@type":"Person","@id":"https:\/\/iwell-guard.com\/hr\/#\/schema\/person\/ee2a27f1cac3406c7c6fb5820cb7349f","name":"Ralf Ittermann","image":{"@type":"ImageObject","inLanguage":"hr","@id":"https:\/\/secure.gravatar.com\/avatar\/073c0153e350a5005b68eb752b445fea71f6b24a26da9449ad7e155e6b446c9d?s=96&d=mm&r=g","url":"https:\/\/secure.gravatar.com\/avatar\/073c0153e350a5005b68eb752b445fea71f6b24a26da9449ad7e155e6b446c9d?s=96&d=mm&r=g","contentUrl":"https:\/\/secure.gravatar.com\/avatar\/073c0153e350a5005b68eb752b445fea71f6b24a26da9449ad7e155e6b446c9d?s=96&d=mm&r=g","caption":"Ralf Ittermann"},"givenName":"Ralf","familyName":"Ittermann","jobTitle":"Gesch\u00e4ftsf\u00fchrer und redaktioneller Verantwortlicher","url":"https:\/\/iwell-guard.com\/hr\/author\/claude\/","description":"Ralf Ittermann ist Gesch\u00e4ftsf\u00fchrer der Ittermann electronic GmbH und redaktioneller Verantwortlicher des iWell-Guard-Lexikons. Er verbindet langj\u00e4hrige Erfahrung in der Pr\u00e4zisionsfertigung mit medialer Praxis und religionsgeschichtlicher Quellenarbeit.","worksFor":{"@type":"Organization","name":"Ittermann electronic GmbH","url":"https:\/\/ittermann.de\/","address":{"@type":"PostalAddress","streetAddress":"K\u00f6hlergasse 16-18","postalCode":"99842","addressLocality":"Ruhla","addressCountry":"DE"}},"knowsAbout":["Religionsgeschichte","Mythologie","Mediale Praxis","Energetische Diagnostik","Schutzpraxis","Volksglauben","Westliche Esoterik"]},{"@type":"Article","@id":"https:\/\/iwell-guard.com\/hr\/menrva-etruscanska-boginja-mudrosti-rata\/#article","isPartOf":{"@id":"https:\/\/iwell-guard.com\/hr\/menrva-etruscanska-boginja-mudrosti-rata\/"},"author":{"name":"Ralf Ittermann","@id":"https:\/\/iwell-guard.com\/hr\/#\/schema\/person\/ee2a27f1cac3406c7c6fb5820cb7349f"},"headline":"Menrva \u2013 Etru\u0161\u010danska bo\u017eica mudrosti i rata","datePublished":"2026-09-04T05:12:40+00:00","dateModified":"2026-09-04T05:29:39+00:00","mainEntityOfPage":{"@id":"https:\/\/iwell-guard.com\/hr\/menrva-etruscanska-boginja-mudrosti-rata\/"},"publisher":{"@id":"https:\/\/iwell-guard.com\/hr\/#organization"},"image":{"@id":"https:\/\/iwell-guard.com\/hr\/menrva-etruscanska-boginja-mudrosti-rata\/#primaryimage"},"thumbnailUrl":"https:\/\/iwell-guard.com\/wp-content\/uploads\/2026\/05\/goetter_etruskisch_menrva.webp","inLanguage":"hr","description":"Menrva je etru\u0161\u010danska bo\u017eica mudrosti, obrta i rata. Religijsko-znanstvena obrada s mitom, kultom i izvorima."}]}},"_links":{"self":[{"href":"https:\/\/iwell-guard.com\/hr\/wp-json\/wp\/v2\/pages\/149686","targetHints":{"allow":["GET"]}}],"collection":[{"href":"https:\/\/iwell-guard.com\/hr\/wp-json\/wp\/v2\/pages"}],"about":[{"href":"https:\/\/iwell-guard.com\/hr\/wp-json\/wp\/v2\/types\/page"}],"author":[{"embeddable":true,"href":"https:\/\/iwell-guard.com\/hr\/wp-json\/wp\/v2\/users\/3"}],"replies":[{"embeddable":true,"href":"https:\/\/iwell-guard.com\/hr\/wp-json\/wp\/v2\/comments?post=149686"}],"version-history":[{"count":0,"href":"https:\/\/iwell-guard.com\/hr\/wp-json\/wp\/v2\/pages\/149686\/revisions"}],"wp:featuredmedia":[{"embeddable":true,"href":"https:\/\/iwell-guard.com\/hr\/wp-json\/wp\/v2\/media\/2817"}],"wp:attachment":[{"href":"https:\/\/iwell-guard.com\/hr\/wp-json\/wp\/v2\/media?parent=149686"}],"wp:term":[{"taxonomy":"category","embeddable":true,"href":"https:\/\/iwell-guard.com\/hr\/wp-json\/wp\/v2\/categories?post=149686"}],"curies":[{"name":"wp","href":"https:\/\/api.w.org\/{rel}","templated":true}]}}