{"id":149669,"date":"2026-09-04T05:12:30","date_gmt":"2026-09-04T05:12:30","guid":{"rendered":"https:\/\/iwell-guard.com\/?page_id=149669"},"modified":"2026-09-04T05:29:14","modified_gmt":"2026-09-04T05:29:14","slug":"wendigo-kanibalisticki-duh-sumskih-naroda","status":"publish","type":"page","link":"https:\/\/iwell-guard.com\/hr\/wendigo-kanibalisticki-duh-sumskih-naroda\/","title":{"rendered":"Wendigo \u2013 kanibalisti\u010dki duh \u0161umskih naroda Sjeverne Amerike"},"content":{"rendered":"\t\t<div data-elementor-type=\"wp-page\" data-elementor-id=\"149669\" class=\"elementor elementor-149669 elementor-2588 elementor-bc-flex-widget\" data-elementor-post-type=\"page\">\n\t\t\t\t<div class=\"elementor-element elementor-element-iwgw-wendigo-hero e-flex e-con-boxed e-con e-parent\" data-id=\"iwgw-wendigo-hero\" data-element_type=\"container\" data-e-type=\"container\" data-settings=\"{&quot;background_background&quot;:&quot;classic&quot;}\">\n\t\t\t\t\t<div class=\"e-con-inner\">\n\t\t<div class=\"elementor-element elementor-element-iwgw-wendigo-hl e-flex e-con-boxed e-con e-child\" data-id=\"iwgw-wendigo-hl\" data-element_type=\"container\" data-e-type=\"container\">\n\t\t\t\t\t<div class=\"e-con-inner\">\n\t\t<div class=\"elementor-element elementor-element-iwgw-wendigo-htxt e-con-full e-flex e-con e-child\" data-id=\"iwgw-wendigo-htxt\" data-element_type=\"container\" data-e-type=\"container\">\n\t\t\t\t<div class=\"elementor-element elementor-element-iwgw-wendigo-h1 elementor-widget elementor-widget-heading\" data-id=\"iwgw-wendigo-h1\" data-element_type=\"widget\" data-e-type=\"widget\" data-widget_type=\"heading.default\">\n\t\t\t\t\t<h1 class=\"elementor-heading-title elementor-size-default\">Wendigo, kanibalisti\u010dki duh i demon hladno\u0107e \u0161umskih naroda Sjeverne Amerike<\/h1>\t\t\t\t<\/div>\n\t\t\t\t<div class=\"elementor-element elementor-element-iwgw-wendigo-lead elementor-widget elementor-widget-text-editor\" data-id=\"iwgw-wendigo-lead\" data-element_type=\"widget\" data-e-type=\"widget\" data-widget_type=\"text-editor.default\">\n\t\t\t\t\t\t\t\t\t<p>Wendigo (algonkinski <em>Wiindigoo<\/em>, u raznim jezicima i Witiko, Wetiko, Windigo) je kanibalisti\u010dki duh i demon hladno\u0107e \u0161umskih naroda Sjeverne Amerike, posebice Anishinabe (Ojibwa, Algonkin, Cree). Ubraja se me\u0111u najintenzivnije strahovane zlo\u0107udne duhove u vjerskoj povijesti Amerike.<\/p>\t\t\t\t\t\t\t\t<\/div>\n\t\t\t\t<\/div>\n\t\t<div class=\"elementor-element elementor-element-iwgw-wendigo-pillc e-con-full e-flex e-con e-child\" data-id=\"iwgw-wendigo-pillc\" data-element_type=\"container\" data-e-type=\"container\">\n\t\t\t\t<div class=\"elementor-element elementor-element-iwgw-wendigo-pills elementor-widget elementor-widget-html\" data-id=\"iwgw-wendigo-pills\" data-element_type=\"widget\" data-e-type=\"widget\" data-widget_type=\"html.default\">\n\t\t\t\t\t<div class=\"iwg-pill-row\"><span class=\"iwg-klasse-badge\" tabindex=\"0\" data-tooltip=\"Zlo\u0107udni duh tradicije Native American.\">Zlo\u0107udni duh<\/span><a href=\"https:\/\/iwell-guard.com\/hr\/?page_id=149646\" class=\"iwg-kultur-badge\" tabindex=\"0\" data-tooltip=\"Mitologija tradicije Native American.\">Native American<\/a><span class=\"iwg-tradition-badge\" tabindex=\"0\" data-tooltip=\"Kanibalisti\u010dki demon.\">Kanibalisti\u010dki demon<\/span><\/div>\t\t\t\t<\/div>\n\t\t\t\t<\/div>\n\t\t<div class=\"elementor-element elementor-element-iwgw-wendigo-tocc e-con-full e-flex e-con e-child\" data-id=\"iwgw-wendigo-tocc\" data-element_type=\"container\" data-e-type=\"container\">\n\t\t\t\t<div class=\"elementor-element elementor-element-iwgw-wendigo-toc elementor-toc--minimized-on-tablet elementor-widget elementor-widget-table-of-contents\" data-id=\"iwgw-wendigo-toc\" data-element_type=\"widget\" data-e-type=\"widget\" data-settings=\"{&quot;headings_by_tags&quot;:[&quot;h2&quot;,&quot;h3&quot;],&quot;minimize_box&quot;:&quot;yes&quot;,&quot;marker_view&quot;:&quot;bullets&quot;,&quot;no_headings_message&quot;:&quot;Na ovoj stranici nisu prona\\u0111eni naslovi.&quot;,&quot;exclude_headings_by_selector&quot;:[],&quot;icon&quot;:{&quot;value&quot;:&quot;fas fa-circle&quot;,&quot;library&quot;:&quot;fa-solid&quot;,&quot;rendered_tag&quot;:&quot;&lt;svg class=\\&quot;e-font-icon-svg e-fas-circle\\&quot; viewBox=\\&quot;0 0 512 512\\&quot; xmlns=\\&quot;http:\\\/\\\/www.w3.org\\\/2000\\\/svg\\&quot;&gt;&lt;path d=\\&quot;M256 8C119 8 8 119 8 256s111 248 248 248 248-111 248-248S393 8 256 8z\\&quot;&gt;&lt;\\\/path&gt;&lt;\\\/svg&gt;&quot;},&quot;minimized_on&quot;:&quot;tablet&quot;,&quot;hierarchical_view&quot;:&quot;yes&quot;,&quot;min_height&quot;:{&quot;unit&quot;:&quot;px&quot;,&quot;size&quot;:&quot;&quot;,&quot;sizes&quot;:[]},&quot;min_height_tablet&quot;:{&quot;unit&quot;:&quot;px&quot;,&quot;size&quot;:&quot;&quot;,&quot;sizes&quot;:[]},&quot;min_height_mobile&quot;:{&quot;unit&quot;:&quot;px&quot;,&quot;size&quot;:&quot;&quot;,&quot;sizes&quot;:[]}}\" data-widget_type=\"table-of-contents.default\">\n\t\t\t\t\t\t\t\t\t<div class=\"elementor-toc__header\">\n\t\t\t\t\t\t<h2 class=\"elementor-toc__header-title\">\n\t\t\t\tSadr\u017eaj\t\t\t<\/h2>\n\t\t\t\t\t\t\t\t\t\t<div class=\"elementor-toc__toggle-button elementor-toc__toggle-button--expand\" role=\"button\" tabindex=\"0\" aria-controls=\"elementor-toc__iwgw-wendigo-toc\" aria-expanded=\"true\" aria-label=\"Open table of contents\"><svg aria-hidden=\"true\" class=\"e-font-icon-svg e-fas-chevron-down\" viewBox=\"0 0 448 512\" xmlns=\"http:\/\/www.w3.org\/2000\/svg\"><path d=\"M207.029 381.476L12.686 187.132c-9.373-9.373-9.373-24.569 0-33.941l22.667-22.667c9.357-9.357 24.522-9.375 33.901-.04L224 284.505l154.745-154.021c9.379-9.335 24.544-9.317 33.901.04l22.667 22.667c9.373 9.373 9.373 24.569 0 33.941L240.971 381.476c-9.373 9.372-24.569 9.372-33.942 0z\"><\/path><\/svg><\/div>\n\t\t\t\t<div class=\"elementor-toc__toggle-button elementor-toc__toggle-button--collapse\" role=\"button\" tabindex=\"0\" aria-controls=\"elementor-toc__iwgw-wendigo-toc\" aria-expanded=\"true\" aria-label=\"Close table of contents\"><svg aria-hidden=\"true\" class=\"e-font-icon-svg e-fas-chevron-up\" viewBox=\"0 0 448 512\" xmlns=\"http:\/\/www.w3.org\/2000\/svg\"><path d=\"M240.971 130.524l194.343 194.343c9.373 9.373 9.373 24.569 0 33.941l-22.667 22.667c-9.357 9.357-24.522 9.375-33.901.04L224 227.495 69.255 381.516c-9.379 9.335-24.544 9.317-33.901-.04l-22.667-22.667c-9.373-9.373-9.373-24.569 0-33.941L207.03 130.525c9.372-9.373 24.568-9.373 33.941-.001z\"><\/path><\/svg><\/div>\n\t\t\t\t\t<\/div>\n\t\t\t\t<div id=\"elementor-toc__iwgw-wendigo-toc\" class=\"elementor-toc__body\">\n\t\t\t<div class=\"elementor-toc__spinner-container\">\n\t\t\t\t<svg class=\"elementor-toc__spinner eicon-animation-spin e-font-icon-svg e-eicon-loading\" aria-hidden=\"true\" viewBox=\"0 0 1000 1000\" xmlns=\"http:\/\/www.w3.org\/2000\/svg\"><path d=\"M500 975V858C696 858 858 696 858 500S696 142 500 142 142 304 142 500H25C25 237 238 25 500 25S975 237 975 500 763 975 500 975Z\"><\/path><\/svg>\t\t\t<\/div>\n\t\t<\/div>\n\t\t\t\t\t\t<\/div>\n\t\t\t\t<\/div>\n\t\t\t\t\t<\/div>\n\t\t\t\t<\/div>\n\t\t<div class=\"elementor-element elementor-element-iwgw-wendigo-hr e-con-full e-flex e-con e-child\" data-id=\"iwgw-wendigo-hr\" data-element_type=\"container\" data-e-type=\"container\">\n\t\t\t\t<div class=\"elementor-element elementor-element-iwgw-wendigo-heroimg iwg-hero-image elementor-widget elementor-widget-image\" data-id=\"iwgw-wendigo-heroimg\" data-element_type=\"widget\" data-e-type=\"widget\" data-widget_type=\"image.default\">\n\t\t\t\t\t\t\t\t\t\t\t\t\t\t\t<img fetchpriority=\"high\" decoding=\"async\" width=\"683\" height=\"1024\" src=\"https:\/\/iwell-guard.com\/wp-content\/uploads\/2026\/05\/geister_native-american_wendigo-683x1024.webp\" class=\"attachment-large size-large wp-image-151587\" alt=\"Wendigo - duhovi iz tradicije domoroda\u010dkih naroda Sjeverne Amerike, povijesno-ilustrativno\" srcset=\"https:\/\/iwell-guard.com\/wp-content\/uploads\/2026\/05\/geister_native-american_wendigo-683x1024.webp 683w, https:\/\/iwell-guard.com\/wp-content\/uploads\/2026\/05\/geister_native-american_wendigo-200x300.webp 200w, https:\/\/iwell-guard.com\/wp-content\/uploads\/2026\/05\/geister_native-american_wendigo-768x1152.webp 768w, https:\/\/iwell-guard.com\/wp-content\/uploads\/2026\/05\/geister_native-american_wendigo.webp 1024w\" sizes=\"(max-width: 683px) 100vw, 683px\" \/>\t\t\t\t\t\t\t\t\t\t\t\t\t\t\t<\/div>\n\t\t\t\t<\/div>\n\t\t\t\t\t<\/div>\n\t\t\t\t<\/div>\n\t\t\t\t<section class=\"elementor-section elementor-top-section elementor-element elementor-element-sec-iwgcomp-wendigo elementor-section-boxed elementor-section-height-default elementor-section-height-default\" data-id=\"sec-iwgcomp-wendigo\" data-element_type=\"section\" data-e-type=\"section\">\n\t\t\t\t\t\t<div class=\"elementor-container elementor-column-gap-default\">\n\t\t\t\t\t<div class=\"elementor-column elementor-col-100 elementor-top-column elementor-element elementor-element-col-iwgcomp-wendigo\" data-id=\"col-iwgcomp-wendigo\" data-element_type=\"column\" data-e-type=\"column\">\n\t\t\t<div class=\"elementor-widget-wrap elementor-element-populated\">\n\t\t\t\t\t\t<div class=\"elementor-element elementor-element-iwgcomp-wendigo elementor-widget elementor-widget-text-editor\" data-id=\"iwgcomp-wendigo\" data-element_type=\"widget\" data-e-type=\"widget\" data-widget_type=\"text-editor.default\">\n\t\t\t\t\t\t\t\t\t<p>Wendigo je kao <strong>algonkinski kanibalisti\u010dki duh<\/strong> sredi\u0161nje utjelovljenje gladi, zimske nu\u017ede i kulturnog tabua u pripovijestima govornika algonkinskih jezika Sjeverne Amerike.<\/p>\t\t\t\t\t\t\t\t<\/div>\n\t\t\t\t\t<\/div>\n\t\t<\/div>\n\t\t\t\t\t<\/div>\n\t\t<\/section>\n\t\t<div class=\"elementor-element elementor-element-iwgw-wendigo-s0 e-flex e-con-boxed e-con e-parent\" data-id=\"iwgw-wendigo-s0\" data-element_type=\"container\" data-e-type=\"container\">\n\t\t\t\t\t<div class=\"e-con-inner\">\n\t\t\t\t<div class=\"elementor-element elementor-element-iwgw-wendigo-s0h elementor-widget elementor-widget-heading\" data-id=\"iwgw-wendigo-s0h\" data-element_type=\"widget\" data-e-type=\"widget\" data-widget_type=\"heading.default\">\n\t\t\t\t\t<h2 class=\"elementor-heading-title elementor-size-default\">Uklapanje u algonkinsku religiju<\/h2>\t\t\t\t<\/div>\n\t\t<div class=\"elementor-element elementor-element-iwgw-wendigo-s0c e-con-full e-flex e-con e-child\" data-id=\"iwgw-wendigo-s0c\" data-element_type=\"container\" data-e-type=\"container\">\n\t\t\t\t<div class=\"elementor-element elementor-element-iwgw-wendigo-s0t elementor-widget elementor-widget-text-editor\" data-id=\"iwgw-wendigo-s0t\" data-element_type=\"widget\" data-e-type=\"widget\" data-widget_type=\"text-editor.default\">\n\t\t\t\t\t\t\t\t\t<p>Wendigo pripada panteonu zlih duhova naroda koji govore algonkinskim jezicima na sjeveroameri\u010dkom \u0161umskom podru\u010dju: Anishinabe (Ojibwa, Chippewa, Algonkin), Cree, Innu, Naskapi.<\/p><p>Geografski se podru\u010dje rasprostranjenosti pri\u010da o Wendigu prote\u017ee od Velikih jezera na jugu do poluotoka Labrador na sjeveru, te od atlantske obale na istoku do Stjenjaka na zapadu. Wendigo je time pan-algonkinska tradicija koja je iznena\u0111uju\u0107e dosljedno ra\u0161irena preko jezi\u010dnih i plemenskih granica.<\/p><p>S religioznoznanstvenog stajali\u0161ta Wendigo pripada klasi <em>kanibalskih duhova<\/em>, bi\u0107a koja nastaju konzumiranjem ljudskog mesa ili koja sama pro\u017ediru ljude. Strukturno usporediva bi\u0107a su australsko-aborid\u017einski Kurdaitcha, slavensko-ju\u017enoeuropska bi\u0107a vampira, japanske Onibaba te, uz velike kulturne razlike, karipska bi\u0107a Soucouyant.<\/p><p>Specifi\u010dna algonkinska koncepcija Wendiga ipak povezuje motiv kanibalizma s motivom hladno\u0107e: Wendigo nije samo ljudo\u017eder, ve\u0107 i personificirana hladno\u0107a i glad.<\/p><p>Najraniji europski zapisi o Wendigu potje\u010du iz izvje\u0161taja francuskih isusova\u010dkih misionara u prvoj polovici 17. stolje\u0107a. Paul LeJeune spominje to bi\u0107e 1636. godine u svojim <em>Relations<\/em>; kasniji isusovci pru\u017eili su detaljnije opise.<\/p><p><span data-nosnippet>Moderno etnografsko istra\u017eivanje osobito je obilje\u017eeno radovima Diamonda Jennessa (<em>The Ojibwa Indians<\/em>, 1935), Ruth Landes (<em>Ojibwa Religion and the Midewiwin<\/em>, 1968) i Basila Johnstona (<em>The Manitous<\/em>, 1995).<\/span><\/p><p>Zanimljivo je opa\u017eanje da tradicija Wendiga, unato\u010d svojoj geografskoj rasprostranjenosti, u detaljima pokazuje znatne regionalne razlike. Kod sjevernije smje\u0161tenih naroda Cree i Innu ledena je komponenta osobito izra\u017eena, jer su tamo zime najo\u0161trije.<\/p><p>Kod ju\u017enijih Anishinabe naroda regije Velikih jezera ja\u010de dolazi do izra\u017eaja dru\u0161tvena komponenta: Wendigo je ovdje manje personificirana hladno\u0107a, a vi\u0161e personificirana pohlepa koja razara zajednicu. Tu je regionalnu razliku kanadska antropologinja Heather Howard u djelu <em>Aboriginal Peoples in Canadian Cities<\/em> (2011) opisala kao primjer kulturnopovijesne raznolikosti autohtone religije unutar naizgled jedinstvene tradicije.<\/p>\t\t\t\t\t\t\t\t<\/div>\n\t\t\t\t<\/div>\n\t\t\t\t\t<\/div>\n\t\t\t\t<\/div>\n\t\t<div class=\"elementor-element elementor-element-iwgw-wendigo-s1 e-flex e-con-boxed e-con e-parent\" data-id=\"iwgw-wendigo-s1\" data-element_type=\"container\" data-e-type=\"container\">\n\t\t\t\t\t<div class=\"e-con-inner\">\n\t\t\t\t<div class=\"elementor-element elementor-element-iwgw-wendigo-s1h elementor-widget elementor-widget-heading\" data-id=\"iwgw-wendigo-s1h\" data-element_type=\"widget\" data-e-type=\"widget\" data-widget_type=\"heading.default\">\n\t\t\t\t\t<h2 class=\"elementor-heading-title elementor-size-default\">Ime i etimologija<\/h2>\t\t\t\t<\/div>\n\t\t<div class=\"elementor-element elementor-element-iwgw-wendigo-s1c e-con-full e-flex e-con e-child\" data-id=\"iwgw-wendigo-s1c\" data-element_type=\"container\" data-e-type=\"container\">\n\t\t\t\t<div class=\"elementor-element elementor-element-iwgw-wendigo-s1t elementor-widget elementor-widget-text-editor\" data-id=\"iwgw-wendigo-s1t\" data-element_type=\"widget\" data-e-type=\"widget\" data-widget_type=\"text-editor.default\">\n\t\t\t\t\t\t\t\t\t<p>Algonkinsko ime razlikuje se ovisno o jeziku. Na ojibwaskom se bi\u0107e zove <em>Wiindigoo<\/em> ili <em>Windigo<\/em>; na creeskom <em>Witiko<\/em> ili <em>Wetiko<\/em>; na innuskom <em>Atshen<\/em>; u francusko-kanadskoj voyageur tradiciji (zapa\u017een primjer preuzimanja autohtone tradicije od strane neautohtonih trgovaca ko\u017eom) <em>Wendigo<\/em>. Standardni engleski oblik <em>Wendigo<\/em> uvrije\u017eio se tek u 19. stolje\u0107u.<\/p><p>Etimologija nije jednozna\u010dno utvr\u0111ena. Kanadski lingvist Rand Valentine predla\u017ee izvo\u0111enje rije\u010di <em>wiindigoo<\/em> iz korijena <em>wiind-<\/em> (zao, \u0161tetan) i sufiksa za bi\u0107e <em>-igoo<\/em>, \u010dime bi Wiindigoo bio doslovno <em>Zli<\/em>. Alternativna etimologija povezuje korijen sa zna\u010denjem <em>pro\u017edrijeti<\/em>, iz \u010dega bi proiza\u0161ao <em>Pro\u017edira\u010d<\/em>.<\/p><p>Zanimljiva je jezi\u010dna funkcija rije\u010di <em>wiindigoo<\/em>: u ojibwaskom jeziku ne koristi se samo kao imenica (bi\u0107e Wendigo), nego i kao glagol (<em>wiindigowin<\/em>, pretvoriti se u Wendiga) i kao pridjev (pona\u0161anje sli\u010dno wendigu). Ta gibljiva gramati\u010dka upotreba pokazuje sredi\u0161nje mjesto koncepta u algonkinskom svjetonazoru.<\/p>\t\t\t\t\t\t\t\t<\/div>\n\t\t\t\t<\/div>\n\t\t\t\t\t<\/div>\n\t\t\t\t<\/div>\n\t\t<div class=\"elementor-element elementor-element-iwgw-wendigo-s2 e-flex e-con-boxed e-con e-parent\" data-id=\"iwgw-wendigo-s2\" data-element_type=\"container\" data-e-type=\"container\">\n\t\t\t\t\t<div class=\"e-con-inner\">\n\t\t\t\t<div class=\"elementor-element elementor-element-iwgw-wendigo-s2h elementor-widget elementor-widget-heading\" data-id=\"iwgw-wendigo-s2h\" data-element_type=\"widget\" data-e-type=\"widget\" data-widget_type=\"heading.default\">\n\t\t\t\t\t<h2 class=\"elementor-heading-title elementor-size-default\">Opis i ikonografija<\/h2>\t\t\t\t<\/div>\n\t\t<div class=\"elementor-element elementor-element-iwgw-wendigo-s2c e-con-full e-flex e-con e-child\" data-id=\"iwgw-wendigo-s2c\" data-element_type=\"container\" data-e-type=\"container\">\n\t\t\t\t<div class=\"elementor-element elementor-element-iwgw-wendigo-s2t elementor-widget elementor-widget-text-editor\" data-id=\"iwgw-wendigo-s2t\" data-element_type=\"widget\" data-e-type=\"widget\" data-widget_type=\"text-editor.default\">\n\t\t\t\t\t\t\t\t\t<p>U tradicionalnim algonkinskim pripovijestima Wendigo se opisuje kao velika, mr\u0161ava, iscrpljena prilika. Njegovo tijelo je posve izmr\u0161avjelo i prekriveno ko\u017eom koja se izbo\u010duje po kostima; usta su mu opremljena dugim, o\u0161trim zubima, dah mu je leden i zaudara na truljenje.<\/p><p>Ponekad se prikazuje kao uzvi\u0161ena varijanta ljudskog tijela, visoka nekoliko metara, a ponekad kao izobli\u010dena, dehidrirana prilika s ledenom ko\u017eom.<\/p><p>Karakteristi\u010dna je konotacija leda: Wendigo se \u010desto opisuje kao bi\u0107e <em>od leda<\/em> ili <em>pro\u017eeto ledom<\/em>. Njegov dah navodno stvara ledenu maglu; kamo god krene, zrak se smrzava. Ta ledena komponenta povezuje ga s oporom kanadskom zimskom tradicijom i \u010dini ga personificiranom percepcijom zimske opasnosti.<\/p><p>U modernoj popularnoj ikonografiji, posebice zbog \u0161irenja motiva Wendiga u horor filmovima i fantasti\u010dnoj knji\u017eevnosti od 1980-ih, oblikovala se posebna slikovna tradicija koja Wendiga oprema jelenjim rogovima, \u017eivotinjskom glavom i nagla\u0161eno natprirodnim proporcijama. Ta slikovna tradicija nije, me\u0111utim, algonkinska tradicija, nego suvremeno pop-kulturno preuzimanje koje se u autohtonoj raspravi \u010desto kritizira.<\/p>\t\t\t\t\t\t\t\t<\/div>\n\t\t\t\t<\/div>\n\t\t\t\t\t<\/div>\n\t\t\t\t<\/div>\n\t\t<div class=\"elementor-element elementor-element-iwgw-wendigo-s3 e-flex e-con-boxed e-con e-parent\" data-id=\"iwgw-wendigo-s3\" data-element_type=\"container\" data-e-type=\"container\">\n\t\t\t\t\t<div class=\"e-con-inner\">\n\t\t\t\t<div class=\"elementor-element elementor-element-iwgw-wendigo-s3h elementor-widget elementor-widget-heading\" data-id=\"iwgw-wendigo-s3h\" data-element_type=\"widget\" data-e-type=\"widget\" data-widget_type=\"heading.default\">\n\t\t\t\t\t<h2 class=\"elementor-heading-title elementor-size-default\">Mitolo\u0161ke pri\u010de<\/h2>\t\t\t\t<\/div>\n\t\t<div class=\"elementor-element elementor-element-iwgw-wendigo-s3c e-con-full e-flex e-con e-child\" data-id=\"iwgw-wendigo-s3c\" data-element_type=\"container\" data-e-type=\"container\">\n\t\t\t\t<div class=\"elementor-element elementor-element-iwgw-wendigo-s3t elementor-widget elementor-widget-text-editor\" data-id=\"iwgw-wendigo-s3t\" data-element_type=\"widget\" data-e-type=\"widget\" data-widget_type=\"text-editor.default\">\n\t\t\t\t\t\t\t\t\t<p>Mitolo\u0161ka <span class=\"iwg-fachbegriff\" data-tooltip=\"Preno\u0161enje znanja i pri\u010da kroz generacije.\" tabindex=\"0\">predaja<\/span> o Wendigu je opse\u017ena i sa\u010duvana u brojnim verzijama. Jedna sredi\u0161nja klasa pri\u010da opisuje kako \u010dovjek jedenjem ljudskog mesa postaje Wendigo.<\/p><p>Prema vjerovanju Algonkina, taj je proces nepovratan: onaj koji jednom pojede ljudsko meso (na primjer u ekstremnoj nu\u017edi tijekom sjevernokanadske zime) razvija neuta\u017eivu glad za novim mesom i postaje kanibalski duh.<\/p><p>Druga klasa pri\u010da opisuje <em>san o Wendigu<\/em>: mladi\u0107 ili mlada \u017eena sanjaju ponovljeno da se pretvaraju u Wendiga. Ta pojava sna smatra se ozbiljnom duhovnom krizom koja zahtijeva ritualnu intervenciju.<\/p><p>Ako se snovi ne prevladaju, sanja\u010d mo\u017ee stvarno prije\u0107i u stanje Wendiga, du\u0161evnu bolest koja je u etnopsihijatrijskoj literaturi opisana kao <em>Wendigo-psihoza<\/em> ili <em>Wiindigoo sindrom<\/em>.<\/p><p>Tre\u0107a klasa pri\u010da govori o susretima s Wendigom u divljini. Mladi lovci koji love preudaljeni od glavne skupine mogu nai\u0107i na Wendiga, naj\u010de\u0161\u0107e nakon pada mraka, \u010desto u snje\u017enim zimskim mjesecima.<\/p><p>Susret je naj\u010de\u0161\u0107e smrtonosan; o njemu svjedo\u010di tek malo ljudi, a u tim slu\u010dajevima osoba se mora odmah podvrgnuti opse\u017enoj \u010di\u0161\u0107enoj <span class=\"iwg-fachbegriff\" data-tooltip=\"Sve\u010dan obred koji se odvija prema utvr\u0111enim pravilima.\" tabindex=\"0\">ceremoniji<\/span> da i sama ne bi postala Wendigo.<\/p><p>\u010cetvrta va\u017ena klasa pri\u010da odnosi se na <em>Wendigo obitelj<\/em>: u nekim predajama Wendigo se javlja u okviru obitelji, sa Wendigo-suprugom, Wendigo-djecom i \u0161irom Wendigo-obitelji.<\/p><p>Ovaj dru\u0161tveni oblik Wendiga pokazuje da se ne radi o usamljenoj stra\u0161noj figuri, ve\u0107 o vlastitom dru\u0161tvenom antisvijetu koji, prema predaji, u zaba\u010denim divljinama sjeverne Kanade i regije Velikih jezera vodi paralelno postojanje.<\/p><p>Taj Wendigov dru\u0161tveni svijet u pri\u010dama se prikazuje kao groteskn\u043e ogledalo ljudskog dru\u0161tva, sa sli\u010dnim strukturama, ali potpuno kanibalskim i pokvarenim.<\/p>\t\t\t\t\t\t\t\t<\/div>\n\t\t\t\t<\/div>\n\t\t\t\t\t<\/div>\n\t\t\t\t<\/div>\n\t\t<div class=\"elementor-element elementor-element-iwgw-wendigo-s4 e-flex e-con-boxed e-con e-parent\" data-id=\"iwgw-wendigo-s4\" data-element_type=\"container\" data-e-type=\"container\">\n\t\t\t\t\t<div class=\"e-con-inner\">\n\t\t\t\t<div class=\"elementor-element elementor-element-iwgw-wendigo-s4h elementor-widget elementor-widget-heading\" data-id=\"iwgw-wendigo-s4h\" data-element_type=\"widget\" data-e-type=\"widget\" data-widget_type=\"heading.default\">\n\t\t\t\t\t<h2 class=\"elementor-heading-title elementor-size-default\">Wendigo-psihoza i etnopsihijatrijska rasprava<\/h2>\t\t\t\t<\/div>\n\t\t<div class=\"elementor-element elementor-element-iwgw-wendigo-s4c e-con-full e-flex e-con e-child\" data-id=\"iwgw-wendigo-s4c\" data-element_type=\"container\" data-e-type=\"container\">\n\t\t\t\t<div class=\"elementor-element elementor-element-iwgw-wendigo-s4t elementor-widget elementor-widget-text-editor\" data-id=\"iwgw-wendigo-s4t\" data-element_type=\"widget\" data-e-type=\"widget\" data-widget_type=\"text-editor.default\">\n\t\t\t\t\t\t\t\t\t<p>U etnopsihijatrijskoj literaturi tzv. <em>Wendigo-psihoza<\/em> ili <em>Wiindigoo sindrom<\/em> predstavlja koncept o kojem se mnogo raspravlja. Opisuje klini\u010dku sliku u kojoj \u010dovjek vjeruje da se pretvara u Wendiga, s neuta\u017eivom gla\u0111u za ljudskim mesom, s predvi\u0111anjima svojih budu\u0107ih kanibalskih djela, a u nekim slu\u010dajevima i sa stvarnim kanibalskim pona\u0161anjem.<\/p><p><span data-nosnippet>Psihijatrijski status Wendigo-psihoze je osporavan. Starija etnopsihijatrijska literatura (Morton Teicher, <em>Windigo Psychosis<\/em>, 1960) svrstala je tu dijagnozu u kulturno specifi\u010dan psihijatrijski sindrom.<\/span><\/p><p><span data-nosnippet>Novije kriti\u010dke studije, posebice radovi Loua Marana (<em>Windigo Psychosis: The Anatomy of an Emic-Etic Confusion<\/em>, 1982), odbacile su tu dijagnozu kao etnografsku konstrukciju koja prikriva stvarne dru\u0161tveno-ekonomske okolnosti sjevernokanadske zimske gladi.<\/span><\/p><p>Religioznopovijesno gledi\u0161te je da je Wendigo-predaja prije svega kulturna obrada egzistencijalne nu\u017ede sjevernokanadske zime.<\/p><p>U ekstremnim uvjetima, kada su izolirane lova\u010dke obitelji morale pre\u017eivjeti tjedne ili mjesece bez opskrbe, kanibalizam je bio stvarna prijetnja koja se shva\u0107ala ne samo kao fizi\u010dki, ve\u0107 i kao religijsko-duhovni problem. Wendigo je personificirano oli\u010denje te prijetnje, a istodobno i ritualno-prakti\u010dki oblik njezine obrane.<\/p>\t\t\t\t\t\t\t\t<\/div>\n\t\t\t\t<\/div>\n\t\t\t\t\t<\/div>\n\t\t\t\t<\/div>\n\t\t<div class=\"elementor-element elementor-element-iwgw-wendigo-s5 e-flex e-con-boxed e-con e-parent\" data-id=\"iwgw-wendigo-s5\" data-element_type=\"container\" data-e-type=\"container\">\n\t\t\t\t\t<div class=\"e-con-inner\">\n\t\t\t\t<div class=\"elementor-element elementor-element-iwgw-wendigo-s5h elementor-widget elementor-widget-heading\" data-id=\"iwgw-wendigo-s5h\" data-element_type=\"widget\" data-e-type=\"widget\" data-widget_type=\"heading.default\">\n\t\t\t\t\t<h2 class=\"elementor-heading-title elementor-size-default\">Za\u0161titna praksa i apotropejsko djelovanje<\/h2>\t\t\t\t<\/div>\n\t\t<div class=\"elementor-element elementor-element-iwgw-wendigo-s5c e-con-full e-flex e-con e-child\" data-id=\"iwgw-wendigo-s5c\" data-element_type=\"container\" data-e-type=\"container\">\n\t\t\t\t<div class=\"elementor-element elementor-element-iwgw-wendigo-s5t elementor-widget elementor-widget-text-editor\" data-id=\"iwgw-wendigo-s5t\" data-element_type=\"widget\" data-e-type=\"widget\" data-widget_type=\"text-editor.default\">\n\t\t\t\t\t\t\t\t\t<p>Za\u0161titna praksa protiv Wendiga predstavlja va\u017eno podru\u010dje religije Algonkina. Usredoto\u010duje se na \u010detiri podru\u010dja: izbjegavanje kanibalizma (i u ekstremnoj nu\u017edi), \u010di\u0161\u0107enje nakon mogu\u0107e kontaminacije Wendigom, prepoznavanje znakova Wendiga kod sebe ili drugih, te ritualno ubijanje potvr\u0111enog Wendiga.<\/p><p>Konkretne za\u0161titne prakse uklju\u010duju paljenje tabaka u sva \u010detiri smjera neba prije svake dulje ekspedicije u divljinu, \u0161irenje bivolje <span class=\"iwg-fachbegriff\" data-tooltip=\"Predaja s \u010desto povijesnom jezgrom i \u010dudesnim obilje\u017ejima.\" tabindex=\"0\">legende<\/span> i mirisne trave po logorskom prostoru, ritualno pijenje masti radi ja\u010danja unutarnje toplin\u0435 (konkretna antikanibalisti\u010dka praksa) te no\u0161enje malih za\u0161titnih amuleta od kosti ili kamena koji su darovani u viziji.<\/p><p>Posebno upe\u010datljiva za\u0161titna praksa je ritualno ubijanje potvr\u0111enog Wendiga. Ako se \u010dovjek kona\u010dno pretvorio u Wendiga, obi\u010dno prepoznato po njegovom pona\u0161anju, predvi\u0111anjima ili kanibalskim djelima, prema predaji Algonkina morao je biti <span class=\"iwg-fachbegriff\" data-tooltip=\"Ono \u0161to pripada utvr\u0111enom vjerskom obrednom slijedu.\" tabindex=\"0\">ritualno<\/span> ubijen.<\/p><p>To ubojstvo je zajednica kolektivno odlu\u010divala i provodila; tijelo je nakon toga trebalo spaliti vatrom, a srce probu\u0161iti \u017eeljezom ili kamenom da se sprije\u010di njegov povratak. Ta praksa je u vi\u0161e povijesnih slu\u010dajeva zabilje\u017eena kod kanadskih vlasti, \u0161to je dovelo do kompliciranih kolonijalno-pravnih sporova.<\/p><p>Unutar religije Anishinabe-Mide (Midewiwin, institucionalizirano sveto dru\u0161tvo Ojibwa) postoje specifi\u010dni ritualni postupci za suzbijanje prijetnje Wendiga. <em>Mide<\/em>-iscjelitelj, visoko inicirani \u010dlan Mide-dru\u0161tva, raspola\u017ee postupcima lije\u010denja koji se primjenjuju kod prvih znakova pretvorbe u Wendiga.<\/p><p>Ti postupci uklju\u010duju pijenje masne masti, dimljenje smolom jele, ritualno pjevanje posebnih Mide-pjesama i u ekstremnim slu\u010dajevima izgon Wendigovog duha kolektivnim bubnjanjem. Ruth Landes je tu Mide-praksu lije\u010denja od Wendiga sustavno opisala u svojim etnografskim djelima.<\/p>\t\t\t\t\t\t\t\t<\/div>\n\t\t\t\t<\/div>\n\t\t\t\t\t<\/div>\n\t\t\t\t<\/div>\n\t\t<div class=\"elementor-element elementor-element-iwgw-wendigo-s6 e-flex e-con-boxed e-con e-parent\" data-id=\"iwgw-wendigo-s6\" data-element_type=\"container\" data-e-type=\"container\">\n\t\t\t\t\t<div class=\"e-con-inner\">\n\t\t\t\t<div class=\"elementor-element elementor-element-iwgw-wendigo-s6h elementor-widget elementor-widget-heading\" data-id=\"iwgw-wendigo-s6h\" data-element_type=\"widget\" data-e-type=\"widget\" data-widget_type=\"heading.default\">\n\t\t\t\t\t<h2 class=\"elementor-heading-title elementor-size-default\">Paralele u drugim kulturama<\/h2>\t\t\t\t<\/div>\n\t\t<div class=\"elementor-element elementor-element-iwgw-wendigo-s6c e-con-full e-flex e-con e-child\" data-id=\"iwgw-wendigo-s6c\" data-element_type=\"container\" data-e-type=\"container\">\n\t\t\t\t<div class=\"elementor-element elementor-element-iwgw-wendigo-s6t elementor-widget elementor-widget-text-editor\" data-id=\"iwgw-wendigo-s6t\" data-element_type=\"widget\" data-e-type=\"widget\" data-widget_type=\"text-editor.default\">\n\t\t\t\t\t\t\t\t\t<p>Wendigo je u komparativnoj <span class=\"iwg-fachbegriff\" data-tooltip=\"Znanost koja prou\u010dava religije uspore\u0111uju\u0107i ih, bez vjerske pripadnosti.\" tabindex=\"0\">religiologiji<\/span> redovito uspore\u0111ivan s drugim konceptima kanibalskog duha. Strukturno usporedivi su: jugoisto\u010dnoeuropski vampir (posebno u srpskoj tradiciji <em>Vrykolakas<\/em>), zapadnoafri\u010dki Were-Hyaena, meksi\u010dki Tlazolteotl u svojim kanibalskim aspektima, japanski Onibaba i polinezijski Atua-Kasai.<\/p><p>Unutar Sjeverne Amerike wendigo-tradicija je u tijesnoj srodnosti sa <em>Skadegamutc<\/em> naroda Wabanaki i s kanibalskim duhovima naroda sjeverozapadne obale (primjerice <em>Hamatsa<\/em> plesom kanibala kod Kwakwaka&#8217;wakwa). Ovaj posljednji je religijsko-etnolo\u0161ki posebno zanimljiv, jer wendigo-sli\u010dnu tradiciju prevodi u ritualiziranom obliku u mladena\u010dku <span class=\"iwg-fachbegriff\" data-tooltip=\"Ritualni prijelaz kroz koji se nekoga uvodi u novi status ili zajednicu.\" tabindex=\"0\">inicijaciju<\/span>&#8211;<span class=\"iwg-fachbegriff\" data-tooltip=\"Ure\u0111eni niz simboli\u010dkih radnji s religijskim ili kulturnim zna\u010denjem.\" tabindex=\"0\">ritual<\/span>.<\/p><p>Psihoanaliti\u010dka rasprava od Junga naovamo tuma\u010di wendiga kao simboli\u010dki izraz nesvjesnog sjenovitog dijela osobnosti. Ameri\u010dki psihijatar John Mack opisao je wendiga kao kulturno specifi\u010dno utjelovljenje <em>oralne agresije<\/em>. Ova psihoanaliti\u010dka tuma\u010denja znanstveno su prijeporna, jer napu\u0161taju kulturnohistorijsku specifi\u010dnost algonkinske tradicije u korist univerzalisti\u010dke dubinske psihologije.<\/p><p>Dodatnu paralelu pokazuje sjevernoeuropska tradicija <em>trolla<\/em> i <em>draugra<\/em>, u kojoj je razorna snaga zime i nepokopanih mrtvih tako\u0111er sjedinjena u jedinstvenom bi\u0107u.<\/p><p>Ova konvergencija izme\u0111u udaljenih subarkti\u010dkih kultura religijsko-etnolo\u0161ki je zanimljiva i upu\u0107uje na to da egzistencijalno iskustvo dugih, tamnih, gladnih zima usmjerava religijsku imaginaciju u odre\u0111enom pravcu. Ipak, povijesna povezanost izme\u0111u algonkinskih wendigo-tradicija i nordijskih draugr-tradicija je isklju\u010dena; radi se o konvergentnim razvojima pod sli\u010dnim ekolo\u0161kim uvjetima.<\/p>\t\t\t\t\t\t\t\t<\/div>\n\t\t\t\t<\/div>\n\t\t\t\t\t<\/div>\n\t\t\t\t<\/div>\n\t\t<div class=\"elementor-element elementor-element-iwgw-wendigo-s7 e-flex e-con-boxed e-con e-parent\" data-id=\"iwgw-wendigo-s7\" data-element_type=\"container\" data-e-type=\"container\">\n\t\t\t\t\t<div class=\"e-con-inner\">\n\t\t\t\t<div class=\"elementor-element elementor-element-iwgw-wendigo-s7h elementor-widget elementor-widget-heading\" data-id=\"iwgw-wendigo-s7h\" data-element_type=\"widget\" data-e-type=\"widget\" data-widget_type=\"heading.default\">\n\t\t\t\t\t<h2 class=\"elementor-heading-title elementor-size-default\">Suvremena recepcija i istra\u017eivanja<\/h2>\t\t\t\t<\/div>\n\t\t<div class=\"elementor-element elementor-element-iwgw-wendigo-s7c e-con-full e-flex e-con e-child\" data-id=\"iwgw-wendigo-s7c\" data-element_type=\"container\" data-e-type=\"container\">\n\t\t\t\t<div class=\"elementor-element elementor-element-iwgw-wendigo-s7t elementor-widget elementor-widget-text-editor\" data-id=\"iwgw-wendigo-s7t\" data-element_type=\"widget\" data-e-type=\"widget\" data-widget_type=\"text-editor.default\">\n\t\t\t\t\t\t\t\t\t<p>Wendigo je danas jedna od najpoznatijih indijanskih religijskih figura u zapadnoj popularnoj kulturi. Roman Stephena Kinga <em>Pet Sematary<\/em> (1983), filmska adaptacija <em>Wendigo<\/em> (2001) Larryja Fessendena i brojni drugi romani, filmovi i stripovi znatno su pro\u0161irili wendigo-<span class=\"iwg-fachbegriff\" data-tooltip=\"Ponavljaju\u0107i sadr\u017eajni element u umjetnosti ili pripovijedanju.\" tabindex=\"0\">motiv<\/span>. Ovo popularnokulturno \u0161irenje ipak je \u010desto iskrivilo specifi\u010dno algonkinsko-religijsku tradiciju i svelo je na slobodno lebde\u0107u figuru horora.<\/p><p>U autohtonoj akademskoj raspravi anishinabe-teolog Basil Johnston (<em>The Manitous<\/em>, 1995) branio je izvornu wendigo-tradiciju od popularnokulturnog prisvajanja. Johnston tuma\u010di wendiga kao kulturno-kriti\u010dku simboli\u010dku figuru: on predstavlja zajednicu razaraju\u0107u snagu pohlepe, nezasitne potro\u0161nje i sebi\u010dnosti. Moderna kapitalisti\u010dka ekonomija iz te je perspektive oblik dru\u0161tvene wendigo-nadle\u017enosti.<\/p><p>Sa znanstvenog gledi\u0161ta wendigo je va\u017ena opomena da se autohtoni zli duhovi ne mogu jednostavno smjestiti u europske kategorije <span class=\"iwg-fachbegriff\" data-tooltip=\"Duhovno bi\u0107e kojem se pripisuje \u0161tetno ili dvojako djelovanje.\" tabindex=\"0\">demona<\/span>. Specifi\u010dno isprepletanje kanibalizma, hladno\u0107e, ludila i dru\u0161tvene krize u konceptu wendiga izvorna je algonkinska <span class=\"iwg-fachbegriff\" data-tooltip=\"Znanstveno prou\u010davanje Boga i vjerskih uvjerenja neke religije.\" tabindex=\"0\">teolo\u0161ka<\/span> konstrukcija koja u komparativnoj povijesti religija zaslu\u017euje posebnu pa\u017enju.<\/p><p>Poveznica iWell Guarda s wendigo-tradicijom opisuje ove nalaze religijskohistorijski, bez obe\u0107anja djelovanja ili duhovnih preporuka. U pan-autohtonom kontekstu leksikona wendigo se svrstava me\u0111u <a href=\"https:\/\/iwell-guard.com\/hr\/?page_id=149646\">Native American<\/a> bi\u0107e od najvi\u0161eg povijesnog interesa.<\/p><p>Jedan va\u017ean noviji smjer istra\u017eivanja povezuje wendiga s ekolo\u0161kim diskursima. Suvremena anishinabe spisateljica Louise Erdrich u svom romanu <em>The Sentence<\/em> (2021) i indijanska aktivistica Winona LaDuke u <em>The Winona LaDuke Reader<\/em> (2002) tuma\u010de wendiga kao <span class=\"iwg-fachbegriff\" data-tooltip=\"Znak koji predstavlja neku ideju ili zna\u010denje.\" tabindex=\"0\">simbol<\/span> industrijskog iskori\u0161tavanja resursa.<\/p><p>Ovo tuma\u010denje povezuje tradicionalnu wendigo-tradiciju s modernom autohtonom klimatskom raspravom i pretvara kanibalskog duha u opominju\u0107u figuru protiv razorne ekonomije fosilnog doba. Wendigo se time pretvara iz isklju\u010divo negativne figure zlog duha u kriti\u010dku refleksivnu figuru o razornim tendencijama ljudskih dru\u0161tava.<\/p>\t\t\t\t\t\t\t\t<\/div>\n\t\t\t\t<\/div>\n\t\t\t\t\t<\/div>\n\t\t\t\t<\/div>\n\t\t<div class=\"elementor-element elementor-element-iwgw-wendigo-s8 e-flex e-con-boxed e-con e-parent\" data-id=\"iwgw-wendigo-s8\" data-element_type=\"container\" data-e-type=\"container\">\n\t\t\t\t\t<div class=\"e-con-inner\">\n\t\t\t\t<div class=\"elementor-element elementor-element-iwgw-wendigo-s8h elementor-widget elementor-widget-heading\" data-id=\"iwgw-wendigo-s8h\" data-element_type=\"widget\" data-e-type=\"widget\" data-widget_type=\"heading.default\">\n\t\t\t\t\t<h2 class=\"elementor-heading-title elementor-size-default\">Literatura i izvori<\/h2>\t\t\t\t<\/div>\n\t\t<div class=\"elementor-element elementor-element-iwgw-wendigo-s8c e-con-full e-flex e-con e-child\" data-id=\"iwgw-wendigo-s8c\" data-element_type=\"container\" data-e-type=\"container\">\n\t\t\t\t<div class=\"elementor-element elementor-element-iwgw-wendigo-s8t elementor-widget elementor-widget-text-editor\" data-id=\"iwgw-wendigo-s8t\" data-element_type=\"widget\" data-e-type=\"widget\" data-widget_type=\"text-editor.default\">\n\t\t\t\t\t\t\t\t\t<p>Sljede\u0107i izbor navodi klju\u010dna djela algonkinske religije i etnopsihijatrijskih istra\u017eivanja wendigo-tradicije.<\/p>\t\t\t\t\t\t\t\t<\/div>\n\t\t\t\t<\/div>\n\t\t\t\t\t<\/div>\n\t\t\t\t<\/div>\n\t\t<div class=\"elementor-element elementor-element-cp23d235ba e-flex e-con-boxed e-con e-parent\" data-id=\"cp23d235ba\" data-element_type=\"container\" data-e-type=\"container\">\n\t\t\t\t\t<div class=\"e-con-inner\">\n\t\t\t\t<div class=\"elementor-element elementor-element-cp2ba62cba elementor-widget elementor-widget-heading\" data-id=\"cp2ba62cba\" data-element_type=\"widget\" data-e-type=\"widget\" data-widget_type=\"heading.default\">\n\t\t\t\t\t<h2 class=\"elementor-heading-title elementor-size-default\">Etnografska dokumentacija kod algonkinskih skupina<\/h2>\t\t\t\t<\/div>\n\t\t<div class=\"elementor-element elementor-element-cp28ccd276 e-flex e-con-boxed e-con e-child\" data-id=\"cp28ccd276\" data-element_type=\"container\" data-e-type=\"container\">\n\t\t\t\t\t<div class=\"e-con-inner\">\n\t\t\t\t<div class=\"elementor-element elementor-element-cp2c891751 elementor-widget elementor-widget-text-editor\" data-id=\"cp2c891751\" data-element_type=\"widget\" data-e-type=\"widget\" data-widget_type=\"text-editor.default\">\n\t\t\t\t\t\t\t\t\t<p>Predod\u017eba o Wendigu prisutna je me\u0111u skupinama koje govore algonkinskim jezicima na sjeveroistoku \u0161umovitog podru\u010dja i u subarkti\u010dkoj regiji, me\u0111u njima su Ojibwe, Cree i Innu.<\/p><p>Pravopis znatno varira, jer potje\u010de iz razli\u010ditih jezika i sustava zapisivanja; uobi\u010dajeni su, me\u0111u ostalim, oblici <em>wiindigoo<\/em> u jeziku Ojibwe i <em>witiko<\/em> u zapisu bliskom jeziku Cree. Ve\u0107 ta raznolikost pokazuje da se ne radi o jedinstvenom liku, nego o kompleksu regionalno razli\u010ditih predod\u017ebi.<\/p><p>Rani spomeni nalaze se u izvje\u0161tajima isusovaca iz 17. stolje\u0107a te u zapisima trgovaca ko\u017eom. Sustavnije je gradivo dokumentirano u 20. stolje\u0107u, primjerice putem A. Irvinga Hallowella, koji je radio me\u0111u Ojibwe zajednicama u regiji Berens River, te putem radova o zajednicama Cree i Innu.<\/p><p>U tim izvorima Wendigo se javlja kao bi\u0107e povezano sa zimom, gla\u0111u i kanibalizmom. Mo\u017ee biti samostalno duhovno bi\u0107e ili \u010dovjek koji se, jedu\u0107i ljudsko meso, pretvara u takvo bi\u0107e.<\/p><p>Istra\u017eivanja nagla\u0161avaju da Wendigo u svom izvornom kontekstu nije bio samo stra\u0161an lik. Predstavljao je stvarnu opasnost u okoli\u0161u u kojem je smrt od gladi zimi bila poznata sudbina, a istovremeno i moralnu zabranu.<\/p><p>Jedenje ljudskog mesa smatralo se krajnjim prekora\u010denjem granice, a Wendigo je utjelovljivao i primamljivost i posljedicu tog prekora\u010denja. Prikaz koji ga svodi na \u010dudovi\u0161te ne obuhva\u0107a tu dru\u0161tvenu i moralnu dimenziju.<\/p>\t\t\t\t\t\t\t\t<\/div>\n\t\t\t\t\t<\/div>\n\t\t\t\t<\/div>\n\t\t\t\t\t<\/div>\n\t\t\t\t<\/div>\n\t\t<div class=\"elementor-element elementor-element-cp27114041 e-flex e-con-boxed e-con e-parent\" data-id=\"cp27114041\" data-element_type=\"container\" data-e-type=\"container\">\n\t\t\t\t\t<div class=\"e-con-inner\">\n\t\t\t\t<div class=\"elementor-element elementor-element-cp217c0701 elementor-widget elementor-widget-heading\" data-id=\"cp217c0701\" data-element_type=\"widget\" data-e-type=\"widget\" data-widget_type=\"heading.default\">\n\t\t\t\t\t<h2 class=\"elementor-heading-title elementor-size-default\">Rasprava o tzv. konceptu windigo-psihoze<\/h2>\t\t\t\t<\/div>\n\t\t<div class=\"elementor-element elementor-element-cp203ce08e e-flex e-con-boxed e-con e-child\" data-id=\"cp203ce08e\" data-element_type=\"container\" data-e-type=\"container\">\n\t\t\t\t\t<div class=\"e-con-inner\">\n\t\t\t\t<div class=\"elementor-element elementor-element-cp2971d777 elementor-widget elementor-widget-text-editor\" data-id=\"cp2971d777\" data-element_type=\"widget\" data-e-type=\"widget\" data-widget_type=\"text-editor.default\">\n\t\t\t\t\t\t\t\t\t<p>Poseban istra\u017eiva\u010dki pravac odnosi se na pitanje je li postojao poseban psihi\u010dki poreme\u0107aj, koji se u starijoj literaturi nazivao windigo-psihoza.<\/p><p>Antropolozi ranog 20. stolje\u0107a time su opisivali slu\u010dajeve u kojima su osobe navodno razvijale opsesivnu \u017eudnju za ljudskim mesom te su same sebe smatrale Wendigom. Ovaj koncept dugo se smatrao primjerom kulturno uvjetovanog poreme\u0107aja.<\/p><p>Od 1980-ih godina to je tuma\u010denje temeljito dovedeno u pitanje. Lou Marano je u utjecajnom radu pokazao da se te\u0161ko mo\u017ee prona\u0107i dokumentiran slu\u010daj koji podupire tu dijagnozu.<\/p><p>Sa\u010duvani izvje\u0161taji, pri pobli\u017eem ispitivanju, \u010desto su se pokazali pri\u010dama iz druge ili tre\u0107e ruke, ubojstvima opravdanim sumnjom na Wendiga, ili materijalom koji je bio protuma\u010den izvana. Marano je govorio o konstruktu same antropologije.<\/p><p>Suvremena istra\u017eivanja u windigo-psihozi vide prije svega primjer nastanka znanstvenih mitova. Autohtoni autori dodali su da je fiksacija na egzoti\u010dnu du\u0161evnu bolest zamaglila stvarno razumijevanje Wendiga. U perspektivama zajednica Cree i Ojibwe Wendigo se sve vi\u0161e tuma\u010di kao slika pohlepe, izrabljivanja i nesmiljenog rasta.<\/p><p>Autori kao Basil Johnston, znanstvenik iz zajednice Ojibwe, izri\u010dito su povezali Wendiga s razaranjem zemlje i zajednice kroz nekontrolirano tro\u0161enje.<\/p><p>Ovo tuma\u010denje nije samo suvremeni prijenos zna\u010denja, nego se nastavlja na izvornu vezu izme\u0111u Wendiga i pretjerane sebi\u010dnosti. Znanstvena rasprava time pokazuje dvoje: nepouzdanost starijih etnografskih nalaza i \u017eivost tog lika u dana\u0161njem autohtonom promi\u0161ljanju.<\/p>\t\t\t\t\t\t\t\t<\/div>\n\t\t\t\t\t<\/div>\n\t\t\t\t<\/div>\n\t\t\t\t\t<\/div>\n\t\t\t\t<\/div>\n\t\t<div class=\"elementor-element elementor-element-iwgw-wendigo-lit e-flex e-con-boxed e-con e-parent\" data-id=\"iwgw-wendigo-lit\" data-element_type=\"container\" data-e-type=\"container\">\n\t\t\t\t\t<div class=\"e-con-inner\">\n\t\t\t\t<div class=\"elementor-element elementor-element-iwgw-wendigo-lith elementor-widget elementor-widget-heading\" data-id=\"iwgw-wendigo-lith\" data-element_type=\"widget\" data-e-type=\"widget\" data-widget_type=\"heading.default\">\n\t\t\t\t\t<h2 class=\"elementor-heading-title elementor-size-default\">Literatura (izbor)<\/h2>\t\t\t\t<\/div>\n\t\t<div class=\"elementor-element elementor-element-iwgw-wendigo-litc e-con-full e-flex e-con e-child\" data-id=\"iwgw-wendigo-litc\" data-element_type=\"container\" data-e-type=\"container\">\n\t\t\t\t<div class=\"elementor-element elementor-element-iwgw-wendigo-litt elementor-widget elementor-widget-text-editor\" data-id=\"iwgw-wendigo-litt\" data-element_type=\"widget\" data-e-type=\"widget\" data-widget_type=\"text-editor.default\">\n\t\t\t\t\t\t\t\t\t<ul><li>Basil Johnston: <em>The Manitous<\/em> (1995)<\/li><li>Morton Teicher: <em>Windigo Psychosis<\/em> (1960)<\/li><li><span data-nosnippet>Lou Marano: <em>Windigo Psychosis: The Anatomy of an Emic-Etic Confusion<\/em> (1982)<\/span><\/li><li>Diamond Jenness: <em>The Ojibwa Indians<\/em> (1935)<\/li><li>Ruth Landes: <em>Ojibwa Religion and the Midewiwin<\/em> (1968)<\/li><li>Paul LeJeune: <em>Relations<\/em> (1636)<\/li><\/ul>\t\t\t\t\t\t\t\t<\/div>\n\t\t\t\t<\/div>\n\t\t\t\t\t<\/div>\n\t\t\t\t<\/div>\n\t\t<div class=\"elementor-element elementor-element-iwgw-wendigo-kwd e-flex e-con-boxed e-con e-parent\" data-id=\"iwgw-wendigo-kwd\" data-element_type=\"container\" data-e-type=\"container\">\n\t\t\t\t\t<div class=\"e-con-inner\">\n\t\t<div class=\"elementor-element elementor-element-iwgw-wendigo-kwdc e-con-full e-flex e-con e-child\" data-id=\"iwgw-wendigo-kwdc\" data-element_type=\"container\" data-e-type=\"container\">\n\t\t\t\t<div class=\"elementor-element elementor-element-iwgw-wendigo-kwdt elementor-widget elementor-widget-text-editor\" data-id=\"iwgw-wendigo-kwdt\" data-element_type=\"widget\" data-e-type=\"widget\" data-widget_type=\"text-editor.default\">\n\t\t\t\t\t\t\t\t\t<p><em>Srodni klju\u010dni pojmovi: Wendigo Wiindigoo Witiko Wetiko Algonkin Ojibwa Cree Wendigo psihoza Hamatsa.<\/em><\/p>\t\t\t\t\t\t\t\t<\/div>\n\t\t\t\t<\/div>\n\t\t\t\t\t<\/div>\n\t\t\t\t<\/div>\n\t\t<div class=\"elementor-element elementor-element-iwgw-wendigo-cc e-flex e-con-boxed e-con e-parent\" data-id=\"iwgw-wendigo-cc\" data-element_type=\"container\" data-e-type=\"container\" id=\"iwg-cc-wendigo\">\n\t\t\t\t\t<div class=\"e-con-inner\">\n\t\t<div class=\"elementor-element elementor-element-iwgw-wendigo-ccinner e-flex e-con-boxed e-con e-parent\" data-id=\"iwgw-wendigo-ccinner\" data-element_type=\"container\" data-e-type=\"container\" data-settings=\"{&quot;background_background&quot;:&quot;classic&quot;}\">\n\t\t\t\t\t<div class=\"e-con-inner\">\n\t\t\t\t<div class=\"elementor-element elementor-element-iwgw-wendigo-cch elementor-widget elementor-widget-heading\" data-id=\"iwgw-wendigo-cch\" data-element_type=\"widget\" data-e-type=\"widget\" data-widget_type=\"heading.default\">\n\t\t\t\t\t<h2 class=\"elementor-heading-title elementor-size-default\">iWell Guard i tradicije za\u0161tite<\/h2>\t\t\t\t<\/div>\n\t\t\t\t<div class=\"elementor-element elementor-element-iwgw-wendigo-cct elementor-widget elementor-widget-text-editor\" data-id=\"iwgw-wendigo-cct\" data-element_type=\"widget\" data-e-type=\"widget\" data-widget_type=\"text-editor.default\">\n\t\t\t\t\t\t\t\t\t<div data-nosnippet=\"true\"><p>iWell Guard nastavlja kulturnopovijesnu tradiciju nosivih za\u0161titnih predmeta, u tradiciji <a href=\"https:\/\/iwell-guard.com\/hr\/?page_id=149646\">Native American<\/a> i mnogih drugih kultura \u0161irom svijeta. 41 razina, pravo zlato, platina, srebro, izra\u0111eno u Njema\u010dkoj. 30-dnevno pravo povrata.<\/p><\/div>\t\t\t\t\t\t\t\t<\/div>\n\t\t\t\t<div class=\"elementor-element elementor-element-iwgw-wendigo-ccb iwg-cc-button iwg-cc-cta-2026-05-13 elementor-widget elementor-widget-jet-button\" data-id=\"iwgw-wendigo-ccb\" data-element_type=\"widget\" data-e-type=\"widget\" data-widget_type=\"jet-button.default\">\n\t\t\t\t<div class=\"elementor-widget-container\">\n\t\t\t\t\t<div class=\"elementor-jet-button jet-elements\"><div class=\"jet-button__container\"><a class=\"jet-button__instance jet-button__instance--icon-left hover-effect-1\" href=\"\/ueber-iwell-guard\/?utm_source=iwell-guard.com&amp;utm_medium=info-box&amp;utm_campaign=wesen-tradition\"><div class=\"jet-button__plane jet-button__plane-normal\"><\/div><div class=\"jet-button__plane jet-button__plane-hover\"><\/div><div class=\"jet-button__state jet-button__state-normal\"><span class=\"jet-button__label\">Vi\u0161e o iWell Guardu<\/span><\/div><div class=\"jet-button__state jet-button__state-hover\"><span class=\"jet-button__label\">Vi\u0161e o iWell Guardu<\/span><\/div><\/a><\/div><\/div><style>.elementor-element.elementor-element-iwgw-wendigo-ccb .jet-button__instance{width:320px;height:56px;}.elementor-element.elementor-element-iwgw-wendigo-ccb .jet-button__state-normal .jet-button__label{text-align:center;margin:0px 0px 0px 0px;color:#1a1b20;font-family:Montserrat,sans-serif;font-size:13px;font-weight:400;letter-spacing:4px;line-height:1.714em;text-transform:uppercase;}.elementor-element.elementor-element-iwgw-wendigo-ccb .jet-button__state-hover .jet-button__label{text-align:center;margin:0px 0px 0px 0px;color:#FECC76;font-family:Montserrat,sans-serif;font-size:13px;font-weight:400;letter-spacing:4px;line-height:1.714em;text-transform:uppercase;}.elementor-element.elementor-element-iwgw-wendigo-ccb .jet-button__plane-normal{background-color:#FECC76;border-style:solid;border-color:#C99540;border-width:2px 2px 2px 2px;}.elementor-element.elementor-element-iwgw-wendigo-ccb .jet-button__plane-hover{background-color:rgba(0,0,0,0.55);border-style:solid;border-color:#FECC76;border-width:2px 2px 2px 2px;}<\/style>\t\t\t\t<\/div>\n\t\t\t\t<\/div>\n\t\t\t\t<div class=\"elementor-element elementor-element-iwgw-wendigo-ccd elementor-widget elementor-widget-text-editor\" data-id=\"iwgw-wendigo-ccd\" data-element_type=\"widget\" data-e-type=\"widget\" data-widget_type=\"text-editor.default\">\n\t\t\t\t\t\t\t\t\t<div data-nosnippet=\"true\"><p style=\"text-align:center;font-size:13px;opacity:0.7;margin-top:14px\" data-nosnippet=\"true\">Osobna iskustva mogu se razlikovati. Nije medicinski proizvod. Nema obe\u0107anja izlje\u010denja.<\/p><\/div>\t\t\t\t\t\t\t\t<\/div>\n\t\t\t\t\t<\/div>\n\t\t\t\t<\/div>\n\t\t\t\t\t<\/div>\n\t\t\t\t<\/div>\n\t\t<div class=\"elementor-element elementor-element-iwgw-wendigo-disc e-flex e-con-boxed e-con e-parent\" data-id=\"iwgw-wendigo-disc\" data-element_type=\"container\" data-e-type=\"container\">\n\t\t\t\t\t<div class=\"e-con-inner\">\n\t\t\t\t<div class=\"elementor-element elementor-element-iwgw-wendigo-discw elementor-widget elementor-widget-html\" data-id=\"iwgw-wendigo-discw\" data-element_type=\"widget\" data-e-type=\"widget\" data-widget_type=\"html.default\">\n\t\t\t\t\t<footer data-nosnippet=\"true\" class=\"iwg-disclaimer-block\"><p data-nosnippet=\"true\">iWell Guard <strong>nije medicinski proizvod<\/strong> i ne zamjenjuje lije\u010dni\u010dko ili psihoterapeutsko lije\u010denje. Religijsko-znanstveni sadr\u017eaji predstavljaju kulturno-povijesnu interpretaciju, a ne preporuku duhovne prakse.<\/p><\/footer>\t\t\t\t<\/div>\n\t\t\t\t\t<\/div>\n\t\t\t\t<\/div>\n\t\t\t\t<\/div>\n\t\t","protected":false},"excerpt":{"rendered":"","protected":false},"author":3,"featured_media":2701,"parent":0,"menu_order":0,"comment_status":"closed","ping_status":"closed","template":"elementor_header_footer","meta":{"_yoast_wpseo_focuskw":"Wendigo Algonkin kanibalisti\u010dki duh","_yoast_wpseo_title":"Wendigo \u2013 kanibalisti\u010dki duh Algonkina","_yoast_wpseo_metadesc":"Wendigo, kanibalisti\u010dki duh \u0161umskih naroda Sjeverne Amerike, sredi\u0161nji je zlo\u0107udni duh algonkinske tradicije s vlastitim mitom.","_yoast_wpseo_meta-robots-noindex":"","_yoast_wpseo_canonical":"","_angie_page":false,"gefaehrdungsstufe":"5","wesen_kultur":"native-american","wesen_klasse":"geister","footnotes":""},"categories":[],"class_list":["post-149669","page","type-page","status-publish","has-post-thumbnail","hentry"],"yoast_head":"<!-- This site is optimized with the Yoast SEO Premium plugin v27.7 (Yoast SEO v28.3) - https:\/\/yoast.com\/product\/yoast-seo-premium-wordpress\/ -->\n<title>Wendigo \u2013 kanibalisti\u010dki duh Algonkina<\/title>\n<meta name=\"description\" content=\"Wendigo, kanibalisti\u010dki duh \u0161umskih naroda Sjeverne Amerike, sredi\u0161nji je zlo\u0107udni duh algonkinske tradicije s vlastitim mitom.\" \/>\n<meta name=\"robots\" content=\"index, follow, max-snippet:-1, max-image-preview:large, max-video-preview:-1\" \/>\n<link rel=\"canonical\" href=\"https:\/\/iwell-guard.com\/hr\/wendigo-kanibalisticki-duh-sumskih-naroda\/\" \/>\n<meta property=\"og:locale\" content=\"hr_HR\" \/>\n<meta property=\"og:type\" content=\"article\" \/>\n<meta property=\"og:title\" content=\"Wendigo \u2013 kanibalisti\u010dki duh \u0161umskih naroda Sjeverne Amerike\" \/>\n<meta property=\"og:description\" content=\"Wendigo, kanibalisti\u010dki duh \u0161umskih naroda Sjeverne Amerike, sredi\u0161nji je zlo\u0107udni duh algonkinske tradicije s vlastitim mitom.\" \/>\n<meta property=\"og:url\" content=\"https:\/\/iwell-guard.com\/hr\/wendigo-kanibalisticki-duh-sumskih-naroda\/\" \/>\n<meta property=\"og:site_name\" content=\"iWell Guard\" \/>\n<meta property=\"article:modified_time\" content=\"2026-09-04T05:29:14+00:00\" \/>\n<meta property=\"og:image\" content=\"https:\/\/iwell-guard.com\/wp-content\/uploads\/2026\/05\/geister_native-american_wendigo.webp\" \/>\n\t<meta property=\"og:image:width\" content=\"1024\" \/>\n\t<meta property=\"og:image:height\" content=\"1536\" \/>\n\t<meta property=\"og:image:type\" content=\"image\/webp\" \/>\n<meta name=\"twitter:card\" content=\"summary_large_image\" \/>\n<script type=\"application\/ld+json\" class=\"yoast-schema-graph\">{\"@context\":\"https:\\\/\\\/schema.org\",\"@graph\":[{\"@type\":\"WebPage\",\"@id\":\"https:\\\/\\\/iwell-guard.com\\\/hr\\\/wendigo-kanibalisticki-duh-sumskih-naroda\\\/\",\"url\":\"https:\\\/\\\/iwell-guard.com\\\/hr\\\/wendigo-kanibalisticki-duh-sumskih-naroda\\\/\",\"name\":\"Wendigo \u2013 kanibalisti\u010dki duh Algonkina\",\"isPartOf\":{\"@id\":\"https:\\\/\\\/iwell-guard.com\\\/hr\\\/#website\"},\"primaryImageOfPage\":{\"@id\":\"https:\\\/\\\/iwell-guard.com\\\/hr\\\/wendigo-kanibalisticki-duh-sumskih-naroda\\\/#primaryimage\"},\"image\":{\"@id\":\"https:\\\/\\\/iwell-guard.com\\\/hr\\\/wendigo-kanibalisticki-duh-sumskih-naroda\\\/#primaryimage\"},\"thumbnailUrl\":\"https:\\\/\\\/iwell-guard.com\\\/wp-content\\\/uploads\\\/2026\\\/05\\\/geister_native-american_wendigo.webp\",\"datePublished\":\"2026-09-04T05:12:30+00:00\",\"dateModified\":\"2026-09-04T05:29:14+00:00\",\"description\":\"Wendigo, kanibalisti\u010dki duh \u0161umskih naroda Sjeverne Amerike, sredi\u0161nji je zlo\u0107udni duh algonkinske tradicije s vlastitim mitom.\",\"breadcrumb\":{\"@id\":\"https:\\\/\\\/iwell-guard.com\\\/hr\\\/wendigo-kanibalisticki-duh-sumskih-naroda\\\/#breadcrumb\"},\"inLanguage\":\"hr\",\"potentialAction\":[{\"@type\":\"ReadAction\",\"target\":[\"https:\\\/\\\/iwell-guard.com\\\/hr\\\/wendigo-kanibalisticki-duh-sumskih-naroda\\\/\"]}]},{\"@type\":\"ImageObject\",\"inLanguage\":\"hr\",\"@id\":\"https:\\\/\\\/iwell-guard.com\\\/hr\\\/wendigo-kanibalisticki-duh-sumskih-naroda\\\/#primaryimage\",\"url\":\"https:\\\/\\\/iwell-guard.com\\\/wp-content\\\/uploads\\\/2026\\\/05\\\/geister_native-american_wendigo.webp\",\"contentUrl\":\"https:\\\/\\\/iwell-guard.com\\\/wp-content\\\/uploads\\\/2026\\\/05\\\/geister_native-american_wendigo.webp\",\"width\":1024,\"height\":1536,\"caption\":\"Duhovi iz native-ameri\u010dke tradicije.\"},{\"@type\":\"BreadcrumbList\",\"@id\":\"https:\\\/\\\/iwell-guard.com\\\/hr\\\/wendigo-kanibalisticki-duh-sumskih-naroda\\\/#breadcrumb\",\"itemListElement\":[{\"@type\":\"ListItem\",\"position\":1,\"name\":\"Start\",\"item\":\"https:\\\/\\\/iwell-guard.com\\\/hr\\\/?page_id=149317\"},{\"@type\":\"ListItem\",\"position\":2,\"name\":\"Wendigo \u2013 kanibalisti\u010dki duh \u0161umskih naroda Sjeverne Amerike\"}]},{\"@type\":\"WebSite\",\"@id\":\"https:\\\/\\\/iwell-guard.com\\\/hr\\\/#website\",\"url\":\"https:\\\/\\\/iwell-guard.com\\\/hr\\\/\",\"name\":\"iWell Guard\",\"description\":\"Schutz vor dunklen Einfl\u00fcssen\",\"publisher\":{\"@id\":\"https:\\\/\\\/iwell-guard.com\\\/hr\\\/#organization\"},\"potentialAction\":[{\"@type\":\"SearchAction\",\"target\":{\"@type\":\"EntryPoint\",\"urlTemplate\":\"https:\\\/\\\/iwell-guard.com\\\/hr\\\/?s={search_term_string}\"},\"query-input\":{\"@type\":\"PropertyValueSpecification\",\"valueRequired\":true,\"valueName\":\"search_term_string\"}}],\"inLanguage\":\"hr\"},{\"@type\":\"Organization\",\"@id\":\"https:\\\/\\\/iwell-guard.com\\\/hr\\\/#organization\",\"name\":\"Ittermann electronic GmbH\",\"url\":\"https:\\\/\\\/iwell-guard.com\\\/hr\\\/\",\"logo\":{\"@type\":\"ImageObject\",\"inLanguage\":\"hr\",\"@id\":\"https:\\\/\\\/iwell-guard.com\\\/hr\\\/#\\\/schema\\\/logo\\\/image\\\/\",\"url\":\"https:\\\/\\\/iwell-guard.com\\\/wp-content\\\/uploads\\\/2026\\\/05\\\/Ittermann-Logo-1182x237-1.png\",\"contentUrl\":\"https:\\\/\\\/iwell-guard.com\\\/wp-content\\\/uploads\\\/2026\\\/05\\\/Ittermann-Logo-1182x237-1.png\",\"width\":1182,\"height\":237,\"caption\":\"Ittermann electronic GmbH\"},\"image\":{\"@id\":\"https:\\\/\\\/iwell-guard.com\\\/hr\\\/#\\\/schema\\\/logo\\\/image\\\/\"},\"sameAs\":[\"https:\\\/\\\/pantip.com\\\/profile\\\/9367242\",\"https:\\\/\\\/micro.blog\\\/iwellguard\",\"https:\\\/\\\/www.diggerslist.com\\\/iwellguard\\\/about\",\"https:\\\/\\\/skitterphoto.com\\\/photographers\\\/2870314\\\/iwell-guard\",\"https:\\\/\\\/iwellguard.wordpress.com\\\/2026\\\/06\\\/06\\\/iwell-guard\\\/\",\"https:\\\/\\\/hub.docker.com\\\/u\\\/iwellguard\",\"https:\\\/\\\/www.pinterest.com\\\/iwellguard\\\/\",\"https:\\\/\\\/bit.ly\\\/m\\\/iwellguard\",\"https:\\\/\\\/entre-vos-mains.alsace.eu\\\/profiles\\\/iwellguard\\\/activity\",\"https:\\\/\\\/gravatar.com\\\/reallybeded8fd34\",\"https:\\\/\\\/naijamatta.com\\\/iwellguard\",\"https:\\\/\\\/www.goodreads.com\\\/iwellguard\",\"https:\\\/\\\/profile.hatena.ne.jp\\\/iwellguard\\\/\",\"https:\\\/\\\/experiment.com\\\/users\\\/iwellguard\",\"https:\\\/\\\/wakelet.com\\\/@iWellGuard82270\",\"https:\\\/\\\/www.chordie.com\\\/forum\\\/profile.php?id=2555664\",\"https:\\\/\\\/www.instapaper.com\\\/p\\\/17757966\",\"https:\\\/\\\/www.mapleprimes.com\\\/users\\\/iwellguard\",\"https:\\\/\\\/businesslistingplus.com\\\/profile\\\/iwell-guard\\\/\",\"https:\\\/\\\/telegra.ph\\\/iWell-Guard-06-06\",\"https:\\\/\\\/pbase.com\\\/iwellguard\\\/iwellguard\",\"https:\\\/\\\/b.hatena.ne.jp\\\/iwellguard\\\/20260607#bookmark-4788405196491818882\",\"https:\\\/\\\/fliphtml5.com\\\/home\\\/iwellguard\",\"https:\\\/\\\/anyflip.com\\\/homepage\\\/cmiwl#About\",\"https:\\\/\\\/transfur.com\\\/Users\\\/iwellguard\",\"http:\\\/\\\/delphi.larsbo.org\\\/user\\\/iwellguard\",\"https:\\\/\\\/jobs.lajobsportal.org\\\/profiles\\\/8380803-iwell-guard\",\"https:\\\/\\\/md.chaosdorf.de\\\/s\\\/jfbe5SBdJD\",\"https:\\\/\\\/www.lingvolive.com\\\/en-us\\\/profile\\\/9ecaeaca-ce11-4e51-9e71-01d55e2bff36\\\/translations\",\"https:\\\/\\\/www.fitday.com\\\/fitness\\\/forums\\\/members\\\/iwellguard.html\",\"https:\\\/\\\/www.mymeetbook.com\\\/iwellguard\",\"https:\\\/\\\/pxhere.com\\\/en\\\/photographer-me\\\/5040798\",\"https:\\\/\\\/disqus.com\\\/by\\\/iwellguard\\\/about\\\/\",\"https:\\\/\\\/pastelink.net\\\/hjwciqwq\",\"https:\\\/\\\/pubhtml5.com\\\/homepage\\\/scjhn\\\/\",\"https:\\\/\\\/www.bitchute.com\\\/channel\\\/2O2eOKzNqujT\",\"https:\\\/\\\/audiomack.com\\\/iwellguard\"]},{\"@type\":\"Article\",\"@id\":\"https:\\\/\\\/iwell-guard.com\\\/hr\\\/wendigo-kanibalisticki-duh-sumskih-naroda\\\/#article\",\"isPartOf\":{\"@id\":\"https:\\\/\\\/iwell-guard.com\\\/hr\\\/wendigo-kanibalisticki-duh-sumskih-naroda\\\/\"},\"author\":{\"name\":\"Ralf Ittermann\",\"@id\":\"https:\\\/\\\/iwell-guard.com\\\/hr\\\/#\\\/schema\\\/person\\\/ee2a27f1cac3406c7c6fb5820cb7349f\"},\"headline\":\"Wendigo \u2013 kanibalisti\u010dki duh \u0161umskih naroda Sjeverne Amerike\",\"datePublished\":\"2026-09-04T05:12:30+00:00\",\"dateModified\":\"2026-09-04T05:29:14+00:00\",\"mainEntityOfPage\":{\"@id\":\"https:\\\/\\\/iwell-guard.com\\\/hr\\\/wendigo-kanibalisticki-duh-sumskih-naroda\\\/\"},\"publisher\":{\"@id\":\"https:\\\/\\\/iwell-guard.com\\\/hr\\\/#organization\"},\"image\":{\"@id\":\"https:\\\/\\\/iwell-guard.com\\\/hr\\\/wendigo-kanibalisticki-duh-sumskih-naroda\\\/#primaryimage\"},\"thumbnailUrl\":\"https:\\\/\\\/iwell-guard.com\\\/wp-content\\\/uploads\\\/2026\\\/05\\\/geister_native-american_wendigo.webp\",\"inLanguage\":\"hr\",\"description\":\"Wendigo, kanibalisti\u010dki duh \u0161umskih naroda Sjeverne Amerike, sredi\u0161nji je zlo\u0107udni duh algonkinske tradicije s vlastitim mitom.\"}]}<\/script>\n<!-- \/ Yoast SEO Premium plugin. -->","yoast_head_json":{"title":"Wendigo \u2013 kanibalisti\u010dki duh Algonkina","description":"Wendigo, kanibalisti\u010dki duh \u0161umskih naroda Sjeverne Amerike, sredi\u0161nji je zlo\u0107udni duh algonkinske tradicije s vlastitim mitom.","robots":{"index":"index","follow":"follow","max-snippet":"max-snippet:-1","max-image-preview":"max-image-preview:large","max-video-preview":"max-video-preview:-1"},"canonical":"https:\/\/iwell-guard.com\/hr\/wendigo-kanibalisticki-duh-sumskih-naroda\/","og_locale":"hr_HR","og_type":"article","og_title":"Wendigo \u2013 kanibalisti\u010dki duh \u0161umskih naroda Sjeverne Amerike","og_description":"Wendigo, kanibalisti\u010dki duh \u0161umskih naroda Sjeverne Amerike, sredi\u0161nji je zlo\u0107udni duh algonkinske tradicije s vlastitim mitom.","og_url":"https:\/\/iwell-guard.com\/hr\/wendigo-kanibalisticki-duh-sumskih-naroda\/","og_site_name":"iWell Guard","article_modified_time":"2026-09-04T05:29:14+00:00","og_image":[{"width":1024,"height":1536,"url":"https:\/\/iwell-guard.com\/wp-content\/uploads\/2026\/05\/geister_native-american_wendigo.webp","type":"image\/webp"}],"twitter_card":"summary_large_image","schema":{"@context":"https:\/\/schema.org","@graph":[{"@type":"Article","@id":"https:\/\/iwell-guard.com\/hr\/wendigo-kanibalisticki-duh-sumskih-naroda\/#article","isPartOf":{"@id":"https:\/\/iwell-guard.com\/hr\/wendigo-kanibalisticki-duh-sumskih-naroda\/"},"author":{"name":"Ralf Ittermann","@id":"https:\/\/iwell-guard.com\/hr\/#\/schema\/person\/ee2a27f1cac3406c7c6fb5820cb7349f"},"headline":"Wendigo \u2013 kanibalisti\u010dki duh \u0161umskih naroda Sjeverne Amerike","datePublished":"2026-09-04T05:12:30+00:00","dateModified":"2026-09-04T05:29:14+00:00","mainEntityOfPage":{"@id":"https:\/\/iwell-guard.com\/hr\/wendigo-kanibalisticki-duh-sumskih-naroda\/"},"publisher":{"@id":"https:\/\/iwell-guard.com\/hr\/#organization"},"image":{"@id":"https:\/\/iwell-guard.com\/hr\/wendigo-kanibalisticki-duh-sumskih-naroda\/#primaryimage"},"thumbnailUrl":"https:\/\/iwell-guard.com\/wp-content\/uploads\/2026\/05\/geister_native-american_wendigo.webp","inLanguage":"hr","description":"Wendigo, kanibalisti\u010dki duh \u0161umskih naroda Sjeverne Amerike, sredi\u0161nji je zlo\u0107udni duh algonkinske tradicije s vlastitim mitom."},{"@type":"WebPage","@id":"https:\/\/iwell-guard.com\/hr\/wendigo-kanibalisticki-duh-sumskih-naroda\/","url":"https:\/\/iwell-guard.com\/hr\/wendigo-kanibalisticki-duh-sumskih-naroda\/","name":"Wendigo \u2013 kanibalisti\u010dki duh Algonkina","isPartOf":{"@id":"https:\/\/iwell-guard.com\/hr\/#website"},"primaryImageOfPage":{"@id":"https:\/\/iwell-guard.com\/hr\/wendigo-kanibalisticki-duh-sumskih-naroda\/#primaryimage"},"image":{"@id":"https:\/\/iwell-guard.com\/hr\/wendigo-kanibalisticki-duh-sumskih-naroda\/#primaryimage"},"thumbnailUrl":"https:\/\/iwell-guard.com\/wp-content\/uploads\/2026\/05\/geister_native-american_wendigo.webp","datePublished":"2026-09-04T05:12:30+00:00","dateModified":"2026-09-04T05:29:14+00:00","description":"Wendigo, kanibalisti\u010dki duh \u0161umskih naroda Sjeverne Amerike, sredi\u0161nji je zlo\u0107udni duh algonkinske tradicije s vlastitim mitom.","breadcrumb":{"@id":"https:\/\/iwell-guard.com\/hr\/wendigo-kanibalisticki-duh-sumskih-naroda\/#breadcrumb"},"inLanguage":"hr","potentialAction":[{"@type":"ReadAction","target":["https:\/\/iwell-guard.com\/hr\/wendigo-kanibalisticki-duh-sumskih-naroda\/"]}]},{"@type":"ImageObject","inLanguage":"hr","@id":"https:\/\/iwell-guard.com\/hr\/wendigo-kanibalisticki-duh-sumskih-naroda\/#primaryimage","url":"https:\/\/iwell-guard.com\/wp-content\/uploads\/2026\/05\/geister_native-american_wendigo.webp","contentUrl":"https:\/\/iwell-guard.com\/wp-content\/uploads\/2026\/05\/geister_native-american_wendigo.webp","width":1024,"height":1536,"caption":"Duhovi iz native-ameri\u010dke tradicije."},{"@type":"BreadcrumbList","@id":"https:\/\/iwell-guard.com\/hr\/wendigo-kanibalisticki-duh-sumskih-naroda\/#breadcrumb","itemListElement":[{"@type":"ListItem","position":1,"name":"Start","item":"https:\/\/iwell-guard.com\/hr\/?page_id=149317"},{"@type":"ListItem","position":2,"name":"Wendigo \u2013 kanibalisti\u010dki duh \u0161umskih naroda Sjeverne Amerike"}]},{"@type":"WebSite","@id":"https:\/\/iwell-guard.com\/hr\/#website","url":"https:\/\/iwell-guard.com\/hr\/","name":"iWell Guard","description":"Schutz vor dunklen Einfl\u00fcssen","publisher":{"@id":"https:\/\/iwell-guard.com\/hr\/#organization"},"potentialAction":[{"@type":"SearchAction","target":{"@type":"EntryPoint","urlTemplate":"https:\/\/iwell-guard.com\/hr\/?s={search_term_string}"},"query-input":{"@type":"PropertyValueSpecification","valueRequired":true,"valueName":"search_term_string"}}],"inLanguage":"hr"},{"@type":"Organization","@id":"https:\/\/iwell-guard.com\/hr\/#organization","name":"Ittermann electronic GmbH","url":"https:\/\/iwell-guard.com\/hr\/","logo":{"@type":"ImageObject","inLanguage":"hr","@id":"https:\/\/iwell-guard.com\/hr\/#\/schema\/logo\/image\/","url":"https:\/\/iwell-guard.com\/wp-content\/uploads\/2026\/05\/Ittermann-Logo-1182x237-1.png","contentUrl":"https:\/\/iwell-guard.com\/wp-content\/uploads\/2026\/05\/Ittermann-Logo-1182x237-1.png","width":1182,"height":237,"caption":"Ittermann electronic GmbH"},"image":{"@id":"https:\/\/iwell-guard.com\/hr\/#\/schema\/logo\/image\/"},"sameAs":["https:\/\/pantip.com\/profile\/9367242","https:\/\/micro.blog\/iwellguard","https:\/\/www.diggerslist.com\/iwellguard\/about","https:\/\/skitterphoto.com\/photographers\/2870314\/iwell-guard","https:\/\/iwellguard.wordpress.com\/2026\/06\/06\/iwell-guard\/","https:\/\/hub.docker.com\/u\/iwellguard","https:\/\/www.pinterest.com\/iwellguard\/","https:\/\/bit.ly\/m\/iwellguard","https:\/\/entre-vos-mains.alsace.eu\/profiles\/iwellguard\/activity","https:\/\/gravatar.com\/reallybeded8fd34","https:\/\/naijamatta.com\/iwellguard","https:\/\/www.goodreads.com\/iwellguard","https:\/\/profile.hatena.ne.jp\/iwellguard\/","https:\/\/experiment.com\/users\/iwellguard","https:\/\/wakelet.com\/@iWellGuard82270","https:\/\/www.chordie.com\/forum\/profile.php?id=2555664","https:\/\/www.instapaper.com\/p\/17757966","https:\/\/www.mapleprimes.com\/users\/iwellguard","https:\/\/businesslistingplus.com\/profile\/iwell-guard\/","https:\/\/telegra.ph\/iWell-Guard-06-06","https:\/\/pbase.com\/iwellguard\/iwellguard","https:\/\/b.hatena.ne.jp\/iwellguard\/20260607#bookmark-4788405196491818882","https:\/\/fliphtml5.com\/home\/iwellguard","https:\/\/anyflip.com\/homepage\/cmiwl#About","https:\/\/transfur.com\/Users\/iwellguard","http:\/\/delphi.larsbo.org\/user\/iwellguard","https:\/\/jobs.lajobsportal.org\/profiles\/8380803-iwell-guard","https:\/\/md.chaosdorf.de\/s\/jfbe5SBdJD","https:\/\/www.lingvolive.com\/en-us\/profile\/9ecaeaca-ce11-4e51-9e71-01d55e2bff36\/translations","https:\/\/www.fitday.com\/fitness\/forums\/members\/iwellguard.html","https:\/\/www.mymeetbook.com\/iwellguard","https:\/\/pxhere.com\/en\/photographer-me\/5040798","https:\/\/disqus.com\/by\/iwellguard\/about\/","https:\/\/pastelink.net\/hjwciqwq","https:\/\/pubhtml5.com\/homepage\/scjhn\/","https:\/\/www.bitchute.com\/channel\/2O2eOKzNqujT","https:\/\/audiomack.com\/iwellguard"]},{"@type":"Person","@id":"https:\/\/iwell-guard.com\/hr\/#\/schema\/person\/ee2a27f1cac3406c7c6fb5820cb7349f","name":"Ralf Ittermann","image":{"@type":"ImageObject","inLanguage":"hr","@id":"https:\/\/secure.gravatar.com\/avatar\/073c0153e350a5005b68eb752b445fea71f6b24a26da9449ad7e155e6b446c9d?s=96&d=mm&r=g","url":"https:\/\/secure.gravatar.com\/avatar\/073c0153e350a5005b68eb752b445fea71f6b24a26da9449ad7e155e6b446c9d?s=96&d=mm&r=g","contentUrl":"https:\/\/secure.gravatar.com\/avatar\/073c0153e350a5005b68eb752b445fea71f6b24a26da9449ad7e155e6b446c9d?s=96&d=mm&r=g","caption":"Ralf Ittermann"},"givenName":"Ralf","familyName":"Ittermann","jobTitle":"Gesch\u00e4ftsf\u00fchrer und redaktioneller Verantwortlicher","url":"https:\/\/iwell-guard.com\/hr\/author\/claude\/","description":"Ralf Ittermann ist Gesch\u00e4ftsf\u00fchrer der Ittermann electronic GmbH und redaktioneller Verantwortlicher des iWell-Guard-Lexikons. Er verbindet langj\u00e4hrige Erfahrung in der Pr\u00e4zisionsfertigung mit medialer Praxis und religionsgeschichtlicher Quellenarbeit.","worksFor":{"@type":"Organization","name":"Ittermann electronic GmbH","url":"https:\/\/ittermann.de\/","address":{"@type":"PostalAddress","streetAddress":"K\u00f6hlergasse 16-18","postalCode":"99842","addressLocality":"Ruhla","addressCountry":"DE"}},"knowsAbout":["Religionsgeschichte","Mythologie","Mediale Praxis","Energetische Diagnostik","Schutzpraxis","Volksglauben","Westliche Esoterik"]},{"@type":"Article","@id":"https:\/\/iwell-guard.com\/hr\/wendigo-kanibalisticki-duh-sumskih-naroda\/#article","isPartOf":{"@id":"https:\/\/iwell-guard.com\/hr\/wendigo-kanibalisticki-duh-sumskih-naroda\/"},"author":{"name":"Ralf Ittermann","@id":"https:\/\/iwell-guard.com\/hr\/#\/schema\/person\/ee2a27f1cac3406c7c6fb5820cb7349f"},"headline":"Wendigo \u2013 kanibalisti\u010dki duh \u0161umskih naroda Sjeverne Amerike","datePublished":"2026-09-04T05:12:30+00:00","dateModified":"2026-09-04T05:29:14+00:00","mainEntityOfPage":{"@id":"https:\/\/iwell-guard.com\/hr\/wendigo-kanibalisticki-duh-sumskih-naroda\/"},"publisher":{"@id":"https:\/\/iwell-guard.com\/hr\/#organization"},"image":{"@id":"https:\/\/iwell-guard.com\/hr\/wendigo-kanibalisticki-duh-sumskih-naroda\/#primaryimage"},"thumbnailUrl":"https:\/\/iwell-guard.com\/wp-content\/uploads\/2026\/05\/geister_native-american_wendigo.webp","inLanguage":"hr","description":"Wendigo, kanibalisti\u010dki duh \u0161umskih naroda Sjeverne Amerike, sredi\u0161nji je zlo\u0107udni duh algonkinske tradicije s vlastitim mitom."}]}},"_links":{"self":[{"href":"https:\/\/iwell-guard.com\/hr\/wp-json\/wp\/v2\/pages\/149669","targetHints":{"allow":["GET"]}}],"collection":[{"href":"https:\/\/iwell-guard.com\/hr\/wp-json\/wp\/v2\/pages"}],"about":[{"href":"https:\/\/iwell-guard.com\/hr\/wp-json\/wp\/v2\/types\/page"}],"author":[{"embeddable":true,"href":"https:\/\/iwell-guard.com\/hr\/wp-json\/wp\/v2\/users\/3"}],"replies":[{"embeddable":true,"href":"https:\/\/iwell-guard.com\/hr\/wp-json\/wp\/v2\/comments?post=149669"}],"version-history":[{"count":0,"href":"https:\/\/iwell-guard.com\/hr\/wp-json\/wp\/v2\/pages\/149669\/revisions"}],"wp:featuredmedia":[{"embeddable":true,"href":"https:\/\/iwell-guard.com\/hr\/wp-json\/wp\/v2\/media\/2701"}],"wp:attachment":[{"href":"https:\/\/iwell-guard.com\/hr\/wp-json\/wp\/v2\/media?parent=149669"}],"wp:term":[{"taxonomy":"category","embeddable":true,"href":"https:\/\/iwell-guard.com\/hr\/wp-json\/wp\/v2\/categories?post=149669"}],"curies":[{"name":"wp","href":"https:\/\/api.w.org\/{rel}","templated":true}]}}