{"id":149658,"date":"2026-09-04T05:12:25","date_gmt":"2026-09-04T05:12:25","guid":{"rendered":"https:\/\/iwell-guard.com\/?page_id=149658"},"modified":"2026-09-04T05:28:58","modified_gmt":"2026-09-04T05:28:58","slug":"mama-killa-mjeseceva-bozica-inka","status":"publish","type":"page","link":"https:\/\/iwell-guard.com\/hr\/mama-killa-mjeseceva-bozica-inka\/","title":{"rendered":"Mama Killa \u2013 Inkanska mjese\u010deva bo\u017eica"},"content":{"rendered":"\t\t<div data-elementor-type=\"wp-page\" data-elementor-id=\"149658\" class=\"elementor elementor-149658 elementor-2577 elementor-bc-flex-widget\" data-elementor-post-type=\"page\">\n\t\t\t\t<div class=\"elementor-element elementor-element-iwgw-mamakilla-hero e-flex e-con-boxed e-con e-parent\" data-id=\"iwgw-mamakilla-hero\" data-element_type=\"container\" data-e-type=\"container\" data-settings=\"{&quot;background_background&quot;:&quot;classic&quot;}\">\n\t\t\t\t\t<div class=\"e-con-inner\">\n\t\t<div class=\"elementor-element elementor-element-iwgw-mamakilla-hl e-flex e-con-boxed e-con e-child\" data-id=\"iwgw-mamakilla-hl\" data-element_type=\"container\" data-e-type=\"container\">\n\t\t\t\t\t<div class=\"e-con-inner\">\n\t\t<div class=\"elementor-element elementor-element-iwgw-mamakilla-htxt e-con-full e-flex e-con e-child\" data-id=\"iwgw-mamakilla-htxt\" data-element_type=\"container\" data-e-type=\"container\">\n\t\t\t\t<div class=\"elementor-element elementor-element-iwgw-mamakilla-h1 elementor-widget elementor-widget-heading\" data-id=\"iwgw-mamakilla-h1\" data-element_type=\"widget\" data-e-type=\"widget\" data-widget_type=\"heading.default\">\n\t\t\t\t\t<h1 class=\"elementor-heading-title elementor-size-default\">Mama Killa, mjese\u010deva bo\u017eica i sestra-supruga sun\u010devog boga<\/h1>\t\t\t\t<\/div>\n\t\t\t\t<div class=\"elementor-element elementor-element-iwgw-mamakilla-lead elementor-widget elementor-widget-text-editor\" data-id=\"iwgw-mamakilla-lead\" data-element_type=\"widget\" data-e-type=\"widget\" data-widget_type=\"text-editor.default\">\n\t\t\t\t\t\t\t\t\t<p>Mama Killa (ke\u010dua <em>Mama Killa<\/em>) mjese\u010deva je bo\u017eica Inka, sestra-supruga sun\u010devog boga <a href=\"https:\/\/iwell-guard.com\/hr\/?page_id=149655\">Intija<\/a> i za\u0161titnica \u017eena, kalendarskog poretka vremena i ritualne \u010disto\u0107e. Njezino sveti\u0161te u Coricanchi u Cuscu bilo je oblo\u017eeno srebrnim plo\u010dama.<\/p>\t\t\t\t\t\t\t\t<\/div>\n\t\t\t\t<\/div>\n\t\t<div class=\"elementor-element elementor-element-iwgw-mamakilla-pillc e-con-full e-flex e-con e-child\" data-id=\"iwgw-mamakilla-pillc\" data-element_type=\"container\" data-e-type=\"container\">\n\t\t\t\t<div class=\"elementor-element elementor-element-iwgw-mamakilla-pills elementor-widget elementor-widget-html\" data-id=\"iwgw-mamakilla-pills\" data-element_type=\"widget\" data-e-type=\"widget\" data-widget_type=\"html.default\">\n\t\t\t\t\t<div class=\"iwg-pill-row\"><span class=\"iwg-klasse-badge\" tabindex=\"0\" data-tooltip=\"Bo\u017eica tradicije Andi \/ Inka.\">Bo\u017eica<\/span><a href=\"https:\/\/iwell-guard.com\/hr\/?page_id=149645\" class=\"iwg-kultur-badge\" tabindex=\"0\" data-tooltip=\"Mitologija tradicije Andi \/ Inka.\">Andi \/ Inka<\/a><span class=\"iwg-tradition-badge\" tabindex=\"0\" data-tooltip=\"Mjese\u010deva bo\u017eica.\">Mjese\u010deva bo\u017eica<\/span><\/div>\t\t\t\t<\/div>\n\t\t\t\t<\/div>\n\t\t<div class=\"elementor-element elementor-element-iwgw-mamakilla-tocc e-con-full e-flex e-con e-child\" data-id=\"iwgw-mamakilla-tocc\" data-element_type=\"container\" data-e-type=\"container\">\n\t\t\t\t<div class=\"elementor-element elementor-element-iwgw-mamakilla-toc elementor-toc--minimized-on-tablet elementor-widget elementor-widget-table-of-contents\" data-id=\"iwgw-mamakilla-toc\" data-element_type=\"widget\" data-e-type=\"widget\" data-settings=\"{&quot;headings_by_tags&quot;:[&quot;h2&quot;,&quot;h3&quot;],&quot;minimize_box&quot;:&quot;yes&quot;,&quot;marker_view&quot;:&quot;bullets&quot;,&quot;no_headings_message&quot;:&quot;Na ovoj stranici nisu prona\\u0111eni naslovi.&quot;,&quot;exclude_headings_by_selector&quot;:[],&quot;icon&quot;:{&quot;value&quot;:&quot;fas fa-circle&quot;,&quot;library&quot;:&quot;fa-solid&quot;,&quot;rendered_tag&quot;:&quot;&lt;svg class=\\&quot;e-font-icon-svg e-fas-circle\\&quot; viewBox=\\&quot;0 0 512 512\\&quot; xmlns=\\&quot;http:\\\/\\\/www.w3.org\\\/2000\\\/svg\\&quot;&gt;&lt;path d=\\&quot;M256 8C119 8 8 119 8 256s111 248 248 248 248-111 248-248S393 8 256 8z\\&quot;&gt;&lt;\\\/path&gt;&lt;\\\/svg&gt;&quot;},&quot;minimized_on&quot;:&quot;tablet&quot;,&quot;hierarchical_view&quot;:&quot;yes&quot;,&quot;min_height&quot;:{&quot;unit&quot;:&quot;px&quot;,&quot;size&quot;:&quot;&quot;,&quot;sizes&quot;:[]},&quot;min_height_tablet&quot;:{&quot;unit&quot;:&quot;px&quot;,&quot;size&quot;:&quot;&quot;,&quot;sizes&quot;:[]},&quot;min_height_mobile&quot;:{&quot;unit&quot;:&quot;px&quot;,&quot;size&quot;:&quot;&quot;,&quot;sizes&quot;:[]}}\" data-widget_type=\"table-of-contents.default\">\n\t\t\t\t\t\t\t\t\t<div class=\"elementor-toc__header\">\n\t\t\t\t\t\t<h2 class=\"elementor-toc__header-title\">\n\t\t\t\tSadr\u017eaj\t\t\t<\/h2>\n\t\t\t\t\t\t\t\t\t\t<div class=\"elementor-toc__toggle-button elementor-toc__toggle-button--expand\" role=\"button\" tabindex=\"0\" aria-controls=\"elementor-toc__iwgw-mamakilla-toc\" aria-expanded=\"true\" aria-label=\"Open table of contents\"><svg aria-hidden=\"true\" class=\"e-font-icon-svg e-fas-chevron-down\" viewBox=\"0 0 448 512\" xmlns=\"http:\/\/www.w3.org\/2000\/svg\"><path d=\"M207.029 381.476L12.686 187.132c-9.373-9.373-9.373-24.569 0-33.941l22.667-22.667c9.357-9.357 24.522-9.375 33.901-.04L224 284.505l154.745-154.021c9.379-9.335 24.544-9.317 33.901.04l22.667 22.667c9.373 9.373 9.373 24.569 0 33.941L240.971 381.476c-9.373 9.372-24.569 9.372-33.942 0z\"><\/path><\/svg><\/div>\n\t\t\t\t<div class=\"elementor-toc__toggle-button elementor-toc__toggle-button--collapse\" role=\"button\" tabindex=\"0\" aria-controls=\"elementor-toc__iwgw-mamakilla-toc\" aria-expanded=\"true\" aria-label=\"Close table of contents\"><svg aria-hidden=\"true\" class=\"e-font-icon-svg e-fas-chevron-up\" viewBox=\"0 0 448 512\" xmlns=\"http:\/\/www.w3.org\/2000\/svg\"><path d=\"M240.971 130.524l194.343 194.343c9.373 9.373 9.373 24.569 0 33.941l-22.667 22.667c-9.357 9.357-24.522 9.375-33.901.04L224 227.495 69.255 381.516c-9.379 9.335-24.544 9.317-33.901-.04l-22.667-22.667c-9.373-9.373-9.373-24.569 0-33.941L207.03 130.525c9.372-9.373 24.568-9.373 33.941-.001z\"><\/path><\/svg><\/div>\n\t\t\t\t\t<\/div>\n\t\t\t\t<div id=\"elementor-toc__iwgw-mamakilla-toc\" class=\"elementor-toc__body\">\n\t\t\t<div class=\"elementor-toc__spinner-container\">\n\t\t\t\t<svg class=\"elementor-toc__spinner eicon-animation-spin e-font-icon-svg e-eicon-loading\" aria-hidden=\"true\" viewBox=\"0 0 1000 1000\" xmlns=\"http:\/\/www.w3.org\/2000\/svg\"><path d=\"M500 975V858C696 858 858 696 858 500S696 142 500 142 142 304 142 500H25C25 237 238 25 500 25S975 237 975 500 763 975 500 975Z\"><\/path><\/svg>\t\t\t<\/div>\n\t\t<\/div>\n\t\t\t\t\t\t<\/div>\n\t\t\t\t<\/div>\n\t\t\t\t\t<\/div>\n\t\t\t\t<\/div>\n\t\t<div class=\"elementor-element elementor-element-iwgw-mamakilla-hr e-con-full e-flex e-con e-child\" data-id=\"iwgw-mamakilla-hr\" data-element_type=\"container\" data-e-type=\"container\">\n\t\t\t\t<div class=\"elementor-element elementor-element-iwgw-mamakilla-heroimg iwg-hero-image elementor-widget elementor-widget-image\" data-id=\"iwgw-mamakilla-heroimg\" data-element_type=\"widget\" data-e-type=\"widget\" data-widget_type=\"image.default\">\n\t\t\t\t\t\t\t\t\t\t\t\t\t\t\t<img fetchpriority=\"high\" decoding=\"async\" width=\"683\" height=\"1024\" src=\"https:\/\/iwell-guard.com\/wp-content\/uploads\/2026\/05\/goetter_anden-inka_mama-killa-683x1024.webp\" class=\"attachment-large size-large wp-image-151598\" alt=\"Mama Killa - bo\u017eanstvo iz andsko-inkanske tradicije, povijesno-ilustrativni prikaz\" srcset=\"https:\/\/iwell-guard.com\/wp-content\/uploads\/2026\/05\/goetter_anden-inka_mama-killa-683x1024.webp 683w, https:\/\/iwell-guard.com\/wp-content\/uploads\/2026\/05\/goetter_anden-inka_mama-killa-200x300.webp 200w, https:\/\/iwell-guard.com\/wp-content\/uploads\/2026\/05\/goetter_anden-inka_mama-killa-768x1152.webp 768w, https:\/\/iwell-guard.com\/wp-content\/uploads\/2026\/05\/goetter_anden-inka_mama-killa.webp 1024w\" sizes=\"(max-width: 683px) 100vw, 683px\" \/>\t\t\t\t\t\t\t\t\t\t\t\t\t\t\t<\/div>\n\t\t\t\t<\/div>\n\t\t\t\t\t<\/div>\n\t\t\t\t<\/div>\n\t\t\t\t<section class=\"elementor-section elementor-top-section elementor-element elementor-element-sec-iwgcomp-mama-killa elementor-section-boxed elementor-section-height-default elementor-section-height-default\" data-id=\"sec-iwgcomp-mama-killa\" data-element_type=\"section\" data-e-type=\"section\">\n\t\t\t\t\t\t<div class=\"elementor-container elementor-column-gap-default\">\n\t\t\t\t\t<div class=\"elementor-column elementor-col-100 elementor-top-column elementor-element elementor-element-col-iwgcomp-mama-killa\" data-id=\"col-iwgcomp-mama-killa\" data-element_type=\"column\" data-e-type=\"column\">\n\t\t\t<div class=\"elementor-widget-wrap elementor-element-populated\">\n\t\t\t\t\t\t<div class=\"elementor-element elementor-element-iwgcomp-mama-killa elementor-widget elementor-widget-text-editor\" data-id=\"iwgcomp-mama-killa\" data-element_type=\"widget\" data-e-type=\"widget\" data-widget_type=\"text-editor.default\">\n\t\t\t\t\t\t\t\t\t<p>Mama Killa, <strong>inkanska mjese\u010deva bo\u017eica<\/strong>, smatra se sestrom i suprugom Intija te vlada no\u0107nom sferom.<\/p>\t\t\t\t\t\t\t\t<\/div>\n\t\t\t\t\t<\/div>\n\t\t<\/div>\n\t\t\t\t\t<\/div>\n\t\t<\/section>\n\t\t<div class=\"elementor-element elementor-element-iwgw-mamakilla-s0 e-flex e-con-boxed e-con e-parent\" data-id=\"iwgw-mamakilla-s0\" data-element_type=\"container\" data-e-type=\"container\">\n\t\t\t\t\t<div class=\"e-con-inner\">\n\t\t\t\t<div class=\"elementor-element elementor-element-iwgw-mamakilla-s0h elementor-widget elementor-widget-heading\" data-id=\"iwgw-mamakilla-s0h\" data-element_type=\"widget\" data-e-type=\"widget\" data-widget_type=\"heading.default\">\n\t\t\t\t\t<h2 class=\"elementor-heading-title elementor-size-default\">Polo\u017eaj u andskom panteonu<\/h2>\t\t\t\t<\/div>\n\t\t<div class=\"elementor-element elementor-element-iwgw-mamakilla-s0c e-con-full e-flex e-con e-child\" data-id=\"iwgw-mamakilla-s0c\" data-element_type=\"container\" data-e-type=\"container\">\n\t\t\t\t<div class=\"elementor-element elementor-element-iwgw-mamakilla-s0t elementor-widget elementor-widget-text-editor\" data-id=\"iwgw-mamakilla-s0t\" data-element_type=\"widget\" data-e-type=\"widget\" data-widget_type=\"text-editor.default\">\n\t\t\t\t\t\t\t\t\t<p>Mama Killa ubraja se me\u0111u najvi\u0161e \u017eensko bo\u017eanstvo dr\u017eavnog kulta Inka.<\/p><p>Garcilaso de la Vega u svojim <em>Comentarios Reales<\/em> (1609) opisuje je kao sestru i suprugu <a href=\"https:\/\/iwell-guard.com\/hr\/?page_id=149655\">Intija<\/a>; njezino vlastito sveti\u0161te u Coricanchi u Cuscu le\u017ealo je odmah pored Hrama Sunca, ali je bilo oblo\u017eeno srebrnim, a ne zlatnim plo\u010dama, dosljedan ikonografski izraz podre\u0111enog, ali istovremeno samostalnog polo\u017eaja mjese\u010deve bo\u017eice.<\/p><p>Religijsko-znanstveno se uklapa u ra\u0161iren obrazac lunarno-solarnih parova bra\u0107e i sestara, koji se prote\u017eu od staroegipatske konstelacije Hator\/Re preko japanskog para Tsukiyomi\/Amaterasu do mezopotamskog odnosa I\u0161tar\/\u0160ama\u0161. Unutar andskog prostora ona \u010dini \u017eensku dopunu mu\u0161kom kompleksu solarne teologije te istovremeno odre\u0111uje kultni status visokorangirane <em>Coye<\/em>, glavne supruge Inke.<\/p><p>Catherine Allen napominje da je Mama Killa u modernim selima govornika ke\u010due znatno manje prisutna nego <a href=\"https:\/\/iwell-guard.com\/hr\/?page_id=149656\">Pa\u010damama<\/a>; djeluje vi\u0161e kao vremensko-kalendarsko na\u010delo poretka koje odre\u0111uje vrijeme sjetve i \u017eetve, a manje kao osobno prizivano za\u0161titni\u010dko bo\u017eanstvo.<\/p><p>Ta distanca obja\u0161njava se dr\u017eavno-imperijalnim karakterom njezinog kulta u vrijeme Inka, koji je s propa\u0161\u0107u politi\u010dke strukture Inka izgubio svoj institucionalni okvir.<\/p><p>Inkanska glavna prijestolnica Cusco bila je kozmolo\u0161ki podijeljena na <em>hanan<\/em> (gornji) i <em>hurin<\/em> (donji) Cusco, koji su, prema Tomu Zuidemi, bili obilje\u017eeni komplementarnim zna\u010denjima mu\u0161ko\/\u017eensko, solarno\/lunarno.<\/p><p>Mama Killa se posebno \u0161tovala u \u010detvrtima hurin-Cusca, koje su predstavljale donju, vla\u017eniju, \u017eenskije obilje\u017eenu polovicu grada. Ta struktura nije bila samo formalna shema, nego je odre\u0111ivala pravila \u017eenidbe, obveze izme\u0111u \u010detvrti i kalendarske ritualne funkcije.<\/p>\t\t\t\t\t\t\t\t<\/div>\n\t\t\t\t<\/div>\n\t\t\t\t\t<\/div>\n\t\t\t\t<\/div>\n\t\t<div class=\"elementor-element elementor-element-iwgw-mamakilla-s1 e-flex e-con-boxed e-con e-parent\" data-id=\"iwgw-mamakilla-s1\" data-element_type=\"container\" data-e-type=\"container\">\n\t\t\t\t\t<div class=\"e-con-inner\">\n\t\t\t\t<div class=\"elementor-element elementor-element-iwgw-mamakilla-s1h elementor-widget elementor-widget-heading\" data-id=\"iwgw-mamakilla-s1h\" data-element_type=\"widget\" data-e-type=\"widget\" data-widget_type=\"heading.default\">\n\t\t\t\t\t<h2 class=\"elementor-heading-title elementor-size-default\">Ime i etimologija<\/h2>\t\t\t\t<\/div>\n\t\t<div class=\"elementor-element elementor-element-iwgw-mamakilla-s1c e-con-full e-flex e-con e-child\" data-id=\"iwgw-mamakilla-s1c\" data-element_type=\"container\" data-e-type=\"container\">\n\t\t\t\t<div class=\"elementor-element elementor-element-iwgw-mamakilla-s1t elementor-widget elementor-widget-text-editor\" data-id=\"iwgw-mamakilla-s1t\" data-element_type=\"widget\" data-e-type=\"widget\" data-widget_type=\"text-editor.default\">\n\t\t\t\t\t\t\t\t\t<p>Ime <em>Mama Killa<\/em> jednostavna je ke\u010duanska slo\u017eenica od <em>mama<\/em> (majka, \u017eena, visoka \u017eenska osoba) i <em>killa<\/em> (mjesec, mjesec kao vremenska jedinica). Kao i kod <em>intija<\/em>, rije\u010d ozna\u010dava i fizi\u010dko nebesko tijelo i personificirano <span class=\"iwg-fachbegriff\" data-tooltip=\"Kao bo\u017eansko \u0161tovano bi\u0107e unutar neke religije.\" tabindex=\"0\">bo\u017eanstvo<\/span>, tipi\u010dno andsko stapanje razine prirode i razine numinoznoga.<\/p><p>Diego Gonzalez Holguin u svom <em>Vocabulariju<\/em> (1608) navodi zna\u010denje rije\u010di <em>killa<\/em> kao <em>luna o mes<\/em>. Dvostruko zna\u010denje mjesec\/mjesec kao vremenska jedinica je znakovito: Mama Killa nije samo mjese\u010dev lik na nebu, nego i personifikacija kalendarskog mjese\u010dnog vremena, prema kojem se ravnaju \u017eenska biologija, sjetva i \u017eetva.<\/p><p>U ajmarskom prostoru nalazi se ekvivalent <em>Phaxsi Mama<\/em>, tako\u0111er mjese\u010deva majka. Regionalna varijanta <em>Quilla<\/em> s dvostrukim <em>l<\/em> nalazi se u nekim starijim \u0161panjolskim kronikama (Sarmiento, Cobo) i odra\u017eava ranu ortografiju \u0161panjolskih misionara.<\/p><p>Jezikoslovno je zanimljiva bliska srodnost rije\u010di <em>killa<\/em> i <em>killay<\/em>, ke\u010duanskog glagola za <em>\u010dekati<\/em> ili <em>\u010dekati na<\/em>. Cesar Itier u svojim lingvisti\u010dkim radovima o inkanskoj <span class=\"iwg-fachbegriff\" data-tooltip=\"Znanstveno prou\u010davanje Boga i vjerovanja neke religije.\" tabindex=\"0\">teologiji<\/span> iznio je hipotezu da je <em>killa<\/em> izvorno mogla ozna\u010davati fazu \u010dekanja izme\u0111u sjetvi, u kojoj su mjese\u010devi ciklusi seljacima strukturirali strpljenje izme\u0111u sjetve i \u017eetve.<\/p><p>Ta hipoteza obja\u0161njava neobi\u010dnu dvostruku funkciju mjese\u010deve bo\u017eice, personifikacije vremena \u010dekanja i kalendarskog na\u010dela poretka, na na\u010din koji je nadmo\u0107niji od \u010disto astronomskog tuma\u010denja.<\/p>\t\t\t\t\t\t\t\t<\/div>\n\t\t\t\t<\/div>\n\t\t\t\t\t<\/div>\n\t\t\t\t<\/div>\n\t\t<div class=\"elementor-element elementor-element-iwgw-mamakilla-s2 e-flex e-con-boxed e-con e-parent\" data-id=\"iwgw-mamakilla-s2\" data-element_type=\"container\" data-e-type=\"container\">\n\t\t\t\t\t<div class=\"e-con-inner\">\n\t\t\t\t<div class=\"elementor-element elementor-element-iwgw-mamakilla-s2h elementor-widget elementor-widget-heading\" data-id=\"iwgw-mamakilla-s2h\" data-element_type=\"widget\" data-e-type=\"widget\" data-widget_type=\"heading.default\">\n\t\t\t\t\t<h2 class=\"elementor-heading-title elementor-size-default\">Opis i ikonografija<\/h2>\t\t\t\t<\/div>\n\t\t<div class=\"elementor-element elementor-element-iwgw-mamakilla-s2c e-con-full e-flex e-con e-child\" data-id=\"iwgw-mamakilla-s2c\" data-element_type=\"container\" data-e-type=\"container\">\n\t\t\t\t<div class=\"elementor-element elementor-element-iwgw-mamakilla-s2t elementor-widget elementor-widget-text-editor\" data-id=\"iwgw-mamakilla-s2t\" data-element_type=\"widget\" data-e-type=\"widget\" data-widget_type=\"text-editor.default\">\n\t\t\t\t\t\t\t\t\t<p>U izvorima se Mama Killa opisuje kao srebrno sjajna plo\u010da s antropomorfnim licem, \u017eensko pandan zlatnom Punchau Intiju. Ta se srebrna plo\u010da nalazila u takozvanom <em>Killakanchi<\/em>, mjese\u010devu odjeljku Coricancha. Polo de Ondegardo i Bernab\u00e9 Cobo izvje\u0161tavaju da je mjese\u010deva plo\u010da nakon \u0161panjolskog osvajanja pretopljena te stoga nije sa\u010duvana.<\/p><p>U kolonijalnom slikarstvu Cusque\u00f1a Mama Killa se \u010desto prikazuje kao \u017eenski lik sa srebrnom dijademom u obliku mjese\u010deve plo\u010de, \u010desto u pratnji stiliziranog zvjezdanog neba. U nekim djelima cuskanske \u0161kole prikazuje se kao <em>sinkreza Djevice Marije, Pachamame i Mama Kille<\/em>, primjerice na an\u0111eoskim prikazima u crkvi San Pedro u Andahuaylillasu.<\/p><p>Zanimljivo je astronomsko promatranje mjese\u010devih pjega u inkanskoj <span class=\"iwg-fachbegriff\" data-tooltip=\"Znanstveno u\u010denje o Bogu i vjeri neke religije.\" tabindex=\"0\">teologiji<\/span>: tamne mrlje na Mjesecu tuma\u010dene su kao lisica koja se iz ljubavi privinula uz Mama Killu i zauvijek se utisnula u njezino lice. Ovu pri\u010du o mjese\u010devim pjegama prenosi Crist\u00f3bal de Molina i ona spada me\u0111u rijetke sa\u010duvane inkanske mitove astronomsko-etiolo\u0161kog karaktera.<\/p><p>Srebrna plo\u010da Mama Kille u Killakanchi bila je, prema Garcilasu, otprilike iste veli\u010dine kao zlatna slika Punchao Intija.<\/p><p>Za razliku od Punchaa, koji se iz sveti\u0161ta iznosio samo na blagdane, mjese\u010deva je plo\u010da bila stalno vidljiva, jer mjese\u010deva <span class=\"iwg-fachbegriff\" data-tooltip=\"Znanstveno u\u010denje o Bogu i vjeri neke religije.\" tabindex=\"0\">teologija<\/span> nije bila u sredi\u0161tu inkanske politi\u010dke samoprezentacije, pa ju nije trebalo prikazivati s toliko ograni\u010denja.<\/p><p>Uz unutarnje zidove Killakanche stajala su i mumificirana tijela preminulih glavnih supruga (<em>Mallqui Coya<\/em>), \u017eensko pandan galeriji predaka Mallqui u hramu Intija.<\/p>\t\t\t\t\t\t\t\t<\/div>\n\t\t\t\t<\/div>\n\t\t\t\t\t<\/div>\n\t\t\t\t<\/div>\n\t\t<div class=\"elementor-element elementor-element-iwgw-mamakilla-s3 e-flex e-con-boxed e-con e-parent\" data-id=\"iwgw-mamakilla-s3\" data-element_type=\"container\" data-e-type=\"container\">\n\t\t\t\t\t<div class=\"e-con-inner\">\n\t\t\t\t<div class=\"elementor-element elementor-element-iwgw-mamakilla-s3h elementor-widget elementor-widget-heading\" data-id=\"iwgw-mamakilla-s3h\" data-element_type=\"widget\" data-e-type=\"widget\" data-widget_type=\"heading.default\">\n\t\t\t\t\t<h2 class=\"elementor-heading-title elementor-size-default\">Mitolo\u0161ke pri\u010de<\/h2>\t\t\t\t<\/div>\n\t\t<div class=\"elementor-element elementor-element-iwgw-mamakilla-s3c e-con-full e-flex e-con e-child\" data-id=\"iwgw-mamakilla-s3c\" data-element_type=\"container\" data-e-type=\"container\">\n\t\t\t\t<div class=\"elementor-element elementor-element-iwgw-mamakilla-s3t elementor-widget elementor-widget-text-editor\" data-id=\"iwgw-mamakilla-s3t\" data-element_type=\"widget\" data-e-type=\"widget\" data-widget_type=\"text-editor.default\">\n\t\t\t\t\t\t\t\t\t<p>Najva\u017eniji <span class=\"iwg-fachbegriff\" data-tooltip=\"Predaja koja pripovijeda o bogovima, podrijetlu i poretku svijeta.\" tabindex=\"0\">mit<\/span> o Mama Killi obja\u0161njava pomr\u010dine Mjeseca. Prema Garcilasu de la Vegi, Inke su vjerovali da tijekom pomr\u010dine Mjeseca kozmi\u010dki <em>puma<\/em> ili <em>zmija<\/em> napada bo\u017eicu Mjeseca i prijeti da \u0107e je progutati.<\/p><p>Kako bi odbili taj napad, ljudi su u no\u0107ima pomr\u010dine u Cuscu dizali veliku buku: udarali su po tavama, tjerali pse da laju, ispaljivali strijele prema Mjesecu i tako poku\u0161avali otjerati \u017eivotinju napada\u010da. Ova je praksa prikazana i u kronici Felipea Guamana Pome de Ayale (1615).<\/p><p>Druga pri\u010da povezuje Mama Killu s etiologijom naslaga srebra u Andama. Prema <span class=\"iwg-fachbegriff\" data-tooltip=\"Preno\u0161enje znanja i pri\u010da kroz generacije.\" tabindex=\"0\">predaji<\/span> kroni\u010dara Antonija Vazqueza de Espinose, Mama Killa je plakala srebrne suze koje su se u pukotinama planina skrutnule u srebrne \u017eile, mitsko obja\u0161njenje andskog bogatstva srebrom, koje je \u0161panjolsku kolonizaciju u\u010dinilo ekonomski isplativom.<\/p><p>U mitovima o \u017eivotnom ciklusu Inka, Mama Killa je za\u0161titnica \u017eenske zrelosti. Prilikom prvog obreda menstruacije mlade djevojke (<em>quikuchikuy<\/em>) prizivala se Mama Killa, jednako kao i na vjen\u010danjima te tijekom babinja. Cobo izvje\u0161tava o ustaljenom ritualnom tekstu u kojem se bo\u017eicu Mjeseca molilo za za\u0161titu majke i djeteta.<\/p><p>Tre\u0107a mitolo\u0161ka pri\u010da povezuje Mama Killu s osnutkom Inkanskog Carstva. Prema izvje\u0161taju Sarmienta de Gamboe, Mama Ocllo, jedna od mitskih sestara Manca Capaca, dobila je ime po aspektu <em>Ocllo<\/em> same bo\u017eice Mjeseca.<\/p><p>Time osniva\u010dica carstva nije samo k\u0107i Intija, nego istovremeno i manifestacija Mama Kille, teolo\u0161ka konstrukcija koja je dvostruko osiguravala legitimitet inkanske dinastije i legitimirala polo\u017eaj Coye ne samo krvlju Sunca, nego i krvlju Mjeseca.<\/p>\t\t\t\t\t\t\t\t<\/div>\n\t\t\t\t<\/div>\n\t\t\t\t\t<\/div>\n\t\t\t\t<\/div>\n\t\t<div class=\"elementor-element elementor-element-iwgw-mamakilla-s4 e-flex e-con-boxed e-con e-parent\" data-id=\"iwgw-mamakilla-s4\" data-element_type=\"container\" data-e-type=\"container\">\n\t\t\t\t\t<div class=\"e-con-inner\">\n\t\t\t\t<div class=\"elementor-element elementor-element-iwgw-mamakilla-s4h elementor-widget elementor-widget-heading\" data-id=\"iwgw-mamakilla-s4h\" data-element_type=\"widget\" data-e-type=\"widget\" data-widget_type=\"heading.default\">\n\t\t\t\t\t<h2 class=\"elementor-heading-title elementor-size-default\">Kult i \u0161tovanje<\/h2>\t\t\t\t<\/div>\n\t\t<div class=\"elementor-element elementor-element-iwgw-mamakilla-s4c e-con-full e-flex e-con e-child\" data-id=\"iwgw-mamakilla-s4c\" data-element_type=\"container\" data-e-type=\"container\">\n\t\t\t\t<div class=\"elementor-element elementor-element-iwgw-mamakilla-s4t elementor-widget elementor-widget-text-editor\" data-id=\"iwgw-mamakilla-s4t\" data-element_type=\"widget\" data-e-type=\"widget\" data-widget_type=\"text-editor.default\">\n\t\t\t\t\t\t\t\t\t<p><span class=\"iwg-fachbegriff\" data-tooltip=\"Cjelina obrednih \u0161tovanja neke bo\u017eanske ili svete pojave.\" tabindex=\"0\">Kult<\/span> Mama Kille bio je institucionaliziran u <span class=\"iwg-fachbegriff\" data-tooltip=\"Gra\u0111evina namijenjena \u0161tovanju jednog ili vi\u0161e bo\u017eanstava.\" tabindex=\"0\">hramu<\/span> Coricancha u Cuscu. Njegovo osoblje sa\u010dinjavale su isklju\u010divo \u017eene, na \u010delu s glavnom sve\u0107enicom, koja je redovito bila sestra vladaju\u0107e <em>Coye<\/em> (glavne supruge Inke). Te \u017eene, <em>Acllacuna<\/em> (vidi i <a href=\"https:\/\/iwell-guard.com\/hr\/?page_id=149655\">Inti<\/a>), tkale su srebrom ukra\u0161ene mjese\u010deve haljine, kuhale su \u010di\u010du od bijele kukuruzne ka\u0161e i provodile su mjese\u010dne obrede Mjeseca.<\/p><p>Vrhunac kultne godine bio je rujanski blagdan <em>Coya Raymi<\/em> (Blagdan Coye\/mjese\u010deve boginje), koji je ozna\u010davao po\u010detak sezone sjetve.<\/p><p>Na tom blagdanu odvijao se i obred pro\u010di\u0161\u0107enja <em>citua<\/em>, tijekom kojeg su mu\u0161ki ratnici inkanske prijestolnice tr\u010dali ulicama s bakljama, izgonili iz grada sve poznate bolesti i zle duhove, uklju\u010duju\u0107i \u0161tetne <a href=\"https:\/\/iwell-guard.com\/hr\/?page_id=149661\">Supaye<\/a>, te ih na kraju simboli\u010dno isprali u \u010detiri strane svijeta.<\/p><p>Astronomsko pra\u0107enje mjese\u010devih mijena bilo je zadatak specijaliziranih sve\u0107enika (<em>kallpa-rikoq<\/em>), koji su na kamenim opservatorijima Cusca (npr. <em>Saqsaywamanu<\/em>) utvr\u0111ivali mjese\u010dev kalendar. Brian Bauer je u djelu <em>The Sacred Landscape of the Inca<\/em> (1998) rekonstruirao topografiju tih mjese\u010devih opservatorija.<\/p><p>Mjese\u010dni slijed blagdana u carstvu Inka redovito se odnosio na Mama Killu: mjese\u010dev kalendar odre\u0111ivao je i vrijeme sjetve i unutarnja upravna razdoblja. Cieza de Leon i Polo de Ondegardo opisuju da je svaka mjese\u010deva mijena imala odre\u0111enu funkciju u svakodnevici carstva: pun Mjesec za blagdane i sjetvu, mladi Mjesec za obrede pro\u010di\u0161\u0107enja i \u017ealovanje.<\/p><p>Ta mjese\u010dna vremenska struktura bila je u slo\u017eenoj korespondenciji sa solarnom vremenskom strukturom velikih sun\u010devih blagdana, \u010dime je nastao dvoslojni kalendarski sustav \u010dija potpuna rekonstrukcija jo\u0161 danas zaokuplja andska istra\u017eivanja.<\/p>\t\t\t\t\t\t\t\t<\/div>\n\t\t\t\t<\/div>\n\t\t\t\t\t<\/div>\n\t\t\t\t<\/div>\n\t\t<div class=\"elementor-element elementor-element-iwgw-mamakilla-s5 e-flex e-con-boxed e-con e-parent\" data-id=\"iwgw-mamakilla-s5\" data-element_type=\"container\" data-e-type=\"container\">\n\t\t\t\t\t<div class=\"e-con-inner\">\n\t\t\t\t<div class=\"elementor-element elementor-element-iwgw-mamakilla-s5h elementor-widget elementor-widget-heading\" data-id=\"iwgw-mamakilla-s5h\" data-element_type=\"widget\" data-e-type=\"widget\" data-widget_type=\"heading.default\">\n\t\t\t\t\t<h2 class=\"elementor-heading-title elementor-size-default\">Za\u0161titna praksa i apotropejski elementi<\/h2>\t\t\t\t<\/div>\n\t\t<div class=\"elementor-element elementor-element-iwgw-mamakilla-s5c e-con-full e-flex e-con e-child\" data-id=\"iwgw-mamakilla-s5c\" data-element_type=\"container\" data-e-type=\"container\">\n\t\t\t\t<div class=\"elementor-element elementor-element-iwgw-mamakilla-s5t elementor-widget elementor-widget-text-editor\" data-id=\"iwgw-mamakilla-s5t\" data-element_type=\"widget\" data-e-type=\"widget\" data-widget_type=\"text-editor.default\">\n\t\t\t\t\t\t\t\t\t<p>Mama Killa je u inkanskoj praksi posebno bila prizivana kod poro\u0111aja, bolesti \u017eena i no\u0107nih putovanja. Cobo bilje\u017ei <span class=\"iwg-fachbegriff\" data-tooltip=\"Predana, u zajednici redovito ponavljana radnja.\" tabindex=\"0\">obi\u010daj<\/span> stavljanja srebrnog nov\u010di\u0107a (u inkansko doba srebrnog listi\u0107a) pod jastuk uo\u010di dugog putovanja, kako bi se zamolila za\u0161tita mjese\u010deve bo\u017eice.<\/p><p><span class=\"iwg-fachbegriff\" data-tooltip=\"Onaj koji odbija zlo: o znakovima i predmetima koji trebaju odagnati \u0161tetne utjecaje.\" tabindex=\"0\">Apotropejski<\/span> protiv no\u0107nih mora i no\u0107nih zlih duhova, posebno protiv no\u0107no aktivnih <a href=\"https:\/\/iwell-guard.com\/hr\/?page_id=149661\">Supay<\/a>, smatrani su mali srebrni amuleti u obliku polumjeseca (<em>tumi<\/em>) ili stilizirane \u017eenske figure. Ti su predmeti djeci stavljani na \u010delo prije spavanja ili pri\u010dvr\u0161\u0107ivani na okvir kreveta.<\/p><p>U dana\u0161njim selima govornika ke\u010dua ova praksa je u velikoj mjeri pre\u0161la u katoli\u010dko \u0161tovanje Djevice Marije. Marijanske medaljice, koje nose brojni andski mesticksi, funkcionalno su zamijenile srebrne amulete Mama Kille. Religijsko-etnolo\u0161ka istra\u017eivanja, posebno radovi Olivije Harris i Marisol de la Cadena, detaljno su opisala ovaj funkcionalni kontinuitet uz istodobni teolo\u0161ki preokret.<\/p><p>Posebno je zanimljiva praksa kori\u0161tenja mjese\u010devog srebra protiv pomr\u010dina Mjeseca: na dane najavljene pomr\u010dine majke s malom djecom nosile su srebrne trake za \u010delo, kako bi sprije\u010dile da napadaju\u0107a \u017eivotinja, iskoristiv\u0161i slabost Mama Kille, dobije pristup svijetu \u017eivih.<\/p><p>Ovu praksu podudarno opisuju Cobo i Albornoz, \u0161to pokazuje kako je astronomski doga\u0111aj kozmolo\u0161ki tuma\u010den i povezan s konkretnim apotropejskim postupcima.<\/p>\t\t\t\t\t\t\t\t<\/div>\n\t\t\t\t<\/div>\n\t\t\t\t\t<\/div>\n\t\t\t\t<\/div>\n\t\t<div class=\"elementor-element elementor-element-iwgw-mamakilla-s6 e-flex e-con-boxed e-con e-parent\" data-id=\"iwgw-mamakilla-s6\" data-element_type=\"container\" data-e-type=\"container\">\n\t\t\t\t\t<div class=\"e-con-inner\">\n\t\t\t\t<div class=\"elementor-element elementor-element-iwgw-mamakilla-s6h elementor-widget elementor-widget-heading\" data-id=\"iwgw-mamakilla-s6h\" data-element_type=\"widget\" data-e-type=\"widget\" data-widget_type=\"heading.default\">\n\t\t\t\t\t<h2 class=\"elementor-heading-title elementor-size-default\">Paralele u drugim kulturama<\/h2>\t\t\t\t<\/div>\n\t\t<div class=\"elementor-element elementor-element-iwgw-mamakilla-s6c e-con-full e-flex e-con e-child\" data-id=\"iwgw-mamakilla-s6c\" data-element_type=\"container\" data-e-type=\"container\">\n\t\t\t\t<div class=\"elementor-element elementor-element-iwgw-mamakilla-s6t elementor-widget elementor-widget-text-editor\" data-id=\"iwgw-mamakilla-s6t\" data-element_type=\"widget\" data-e-type=\"widget\" data-widget_type=\"text-editor.default\">\n\t\t\t\t\t\t\t\t\t<p>Mama Killa se uklapa u svjetski obrazac \u017eenskih bo\u017eica Mjeseca. Strukturno usporedive su gr\u010dka <em>Artemida-Selena<\/em>, rimska <em>Diana-Luna<\/em>, egipatska <em>Izida<\/em> u svom lunarnom aspektu, mezopotamski odnos <em>Nanna-Sin<\/em> i hinduisti\u010dka figura <em>Chandra<\/em> (koja je, me\u0111utim, zami\u0161ljena kao mu\u0161ka).<\/p><p>Unutar Amerike Mama Killa pokazuje sli\u010dnosti s aste\u010dkom mjese\u010devom bo\u017eicom <em>Coyolxauhqui<\/em>, koju u glavnom aste\u010dkom <span class=\"iwg-fachbegriff\" data-tooltip=\"Predana pri\u010da o bogovima, podrijetlu i poretku svijeta.\" tabindex=\"0\">mitu<\/span> o ro\u0111enju Sunca njezin brat Huitzilopochtli komada. Dinamika sukoba izme\u0111u Sunca i Mjeseca o\u0161trija je u aste\u010dkom mitu nego u inkanskom, gdje je odnos sestre i supruge shva\u0107en skladnije.<\/p><p>Vrijedna je pa\u017enje i usporedba sa sjevernoameri\u010dkom <a href=\"https:\/\/iwell-guard.com\/hr\/?page_id=149673\">Changing Woman<\/a> naroda Navajo, koja tako\u0111er povezuje \u017eivotni ciklus, \u017eensku zrelost i kalendarsko vrijeme u jednoj figuri, ali bez specifi\u010dno lunarne dimenzije. Eliade je u svom djelu <em>Patterns in Comparative Religion<\/em> (1958) sustavno opisao obrazac \u017eena-Mjesec.<\/p><p>Unutar inkanske komparativne perspektive zna\u010dajne su i ajmarska varijanta <em>Phaxsi Mama<\/em> te sjevernoandska varijanta religije Cara u okolici Quita. Ova posljednja poznavala je mjese\u010devu bo\u017eicu <em>Quillu<\/em>, \u010diji <span class=\"iwg-fachbegriff\" data-tooltip=\"Gra\u0111evina namijenjena \u0161tovanju jednog ili vi\u0161e bo\u017eanstava.\" tabindex=\"0\">hram<\/span> opisuje \u0161panjolski kroni\u010dar Padre Velasco; postoje, dakle, naznake pred-inkanske mjese\u010deve <span class=\"iwg-fachbegriff\" data-tooltip=\"Znanstveno u\u010denje o Bogu i vjerovanjima jedne religije.\" tabindex=\"0\">teologije<\/span> na dalekom sjeveru Tawantinsuyua.<\/p><p>Frank Salomon je u djelu <em>Native Lords of Quito<\/em> (1986) sustavno opisao ovaj sjevernoandski kult Mjeseca i razgrani\u010dio ga od inkanske dr\u017eavne <span class=\"iwg-fachbegriff\" data-tooltip=\"Znanstveno u\u010denje o Bogu i vjerovanjima jedne religije.\" tabindex=\"0\">teologije<\/span>.<\/p>\t\t\t\t\t\t\t\t<\/div>\n\t\t\t\t<\/div>\n\t\t\t\t\t<\/div>\n\t\t\t\t<\/div>\n\t\t<div class=\"elementor-element elementor-element-iwgw-mamakilla-s7 e-flex e-con-boxed e-con e-parent\" data-id=\"iwgw-mamakilla-s7\" data-element_type=\"container\" data-e-type=\"container\">\n\t\t\t\t\t<div class=\"e-con-inner\">\n\t\t\t\t<div class=\"elementor-element elementor-element-iwgw-mamakilla-s7h elementor-widget elementor-widget-heading\" data-id=\"iwgw-mamakilla-s7h\" data-element_type=\"widget\" data-e-type=\"widget\" data-widget_type=\"heading.default\">\n\t\t\t\t\t<h2 class=\"elementor-heading-title elementor-size-default\">Suvremena recepcija i istra\u017eivanja<\/h2>\t\t\t\t<\/div>\n\t\t<div class=\"elementor-element elementor-element-iwgw-mamakilla-s7c e-con-full e-flex e-con e-child\" data-id=\"iwgw-mamakilla-s7c\" data-element_type=\"container\" data-e-type=\"container\">\n\t\t\t\t<div class=\"elementor-element elementor-element-iwgw-mamakilla-s7t elementor-widget elementor-widget-text-editor\" data-id=\"iwgw-mamakilla-s7t\" data-element_type=\"widget\" data-e-type=\"widget\" data-widget_type=\"text-editor.default\">\n\t\t\t\t\t\t\t\t\t<p>U suvremenom andskom prostoru Mama Killa nije vi\u0161e samostalni kultni objekt, ali \u017eivi dalje u <span class=\"iwg-fachbegriff\" data-tooltip=\"Predana narodna kultura s obi\u010dajima, pripovijestima i pjesmama.\" tabindex=\"0\">folkloru<\/span>, blagdanima i u rastu\u0107em pokretu autohtone kulture. Na obnovljenoj svetkovini <em>Coya Raymi<\/em> (od 1990-ih ponovno o\u017eivljenoj u nekim selima oko Cusca) ona se priziva kao za\u0161titnica \u017eenskosti i vremena sjetve.<\/p><p>U akademskim istra\u017eivanjima danas u prvom planu nije toliko institucionalna mjese\u010deva <span class=\"iwg-fachbegriff\" data-tooltip=\"Znanstveno u\u010denje o Bogu i vjerovanjima jedne religije.\" tabindex=\"0\">teologija<\/span> koliko arheoastronomsko pitanje inkanskog mjese\u010devog kalendara.<\/p><p>Tom Zuidema je u djelu <em>The Calendar of the Incas<\/em> (2010, posthumno) iznio tezu da su Inke koristile mjese\u010devu godinu od 328 dana, koja je odgovarala 328 huaca-sveti\u0161tima ceque-sustava. Ova teza je osporavana; Brian Bauer i Gary Urton djelomi\u010dno su je relativizirali.<\/p><p>Iz religiologijske perspektive Mama Killa ostaje va\u017ean primjer institucionalnog \u017eensko bo\u017eanstva unutar mu\u0161kim rodom dominirane visoke kulture. Njezin polo\u017eaj pokazuje da Inkansko Carstvo nije poznavalo \u010distu patrijarhalnu <span class=\"iwg-fachbegriff\" data-tooltip=\"Znanstveno u\u010denje o Bogu i vjerovanjima jedne religije.\" tabindex=\"0\">teologiju<\/span>, ve\u0107 je razvilo komplementarne rodne strukture, koje su politi\u010dki bile izra\u017eene u dvostrukom vladarskom paru Coya-Inka, a teolo\u0161ki u sestrinsko-bra\u010dnom odnosu Inti-Killa.<\/p><p>U suvremenom pokretu Pachakuti Mama u Boliviji i Peruu Mama Killa se osim toga pojavljuje kao identifikacijska figura autohtonih feministica. Autorice kao Domitila Barrios de Chungara i kasnije Silvia Rivera Cusicanqui u\u010dinile su ponovno otkrivanje \u017eenske komplementarnosti u andskom religijskom sustavu predmetom sociolo\u0161kog istra\u017eivanja.<\/p><p>Figura Mama Kille ovdje ne slu\u017ei kao povijesna restauracija kultnog objekta, ve\u0107 kao simboli\u010dka referentna to\u010dka vlastitog autohtonog rodnog poretka izvan eurocentri\u010dne kritike patrijarhata.<\/p>\t\t\t\t\t\t\t\t<\/div>\n\t\t\t\t<\/div>\n\t\t\t\t\t<\/div>\n\t\t\t\t<\/div>\n\t\t<div class=\"elementor-element elementor-element-iwgw-mamakilla-s8 e-flex e-con-boxed e-con e-parent\" data-id=\"iwgw-mamakilla-s8\" data-element_type=\"container\" data-e-type=\"container\">\n\t\t\t\t\t<div class=\"e-con-inner\">\n\t\t\t\t<div class=\"elementor-element elementor-element-iwgw-mamakilla-s8h elementor-widget elementor-widget-heading\" data-id=\"iwgw-mamakilla-s8h\" data-element_type=\"widget\" data-e-type=\"widget\" data-widget_type=\"heading.default\">\n\t\t\t\t\t<h2 class=\"elementor-heading-title elementor-size-default\">Literatura i izvori<\/h2>\t\t\t\t<\/div>\n\t\t<div class=\"elementor-element elementor-element-iwgw-mamakilla-s8c e-con-full e-flex e-con e-child\" data-id=\"iwgw-mamakilla-s8c\" data-element_type=\"container\" data-e-type=\"container\">\n\t\t\t\t<div class=\"elementor-element elementor-element-iwgw-mamakilla-s8t elementor-widget elementor-widget-text-editor\" data-id=\"iwgw-mamakilla-s8t\" data-element_type=\"widget\" data-e-type=\"widget\" data-widget_type=\"text-editor.default\">\n\t\t\t\t\t\t\t\t\t<p>Sljede\u0107i izbor navodi klju\u010dna djela andske etnologije i povijesti religija o Mama Killi, s naglaskom na arheoastronomske i studije iz povijesti \u017eena.<\/p>\t\t\t\t\t\t\t\t<\/div>\n\t\t\t\t<\/div>\n\t\t\t\t\t<\/div>\n\t\t\t\t<\/div>\n\t\t<div class=\"elementor-element elementor-element-cp2d79402e e-flex e-con-boxed e-con e-parent\" data-id=\"cp2d79402e\" data-element_type=\"container\" data-e-type=\"container\">\n\t\t\t\t\t<div class=\"e-con-inner\">\n\t\t\t\t<div class=\"elementor-element elementor-element-cp236ff127 elementor-widget elementor-widget-heading\" data-id=\"cp236ff127\" data-element_type=\"widget\" data-e-type=\"widget\" data-widget_type=\"heading.default\">\n\t\t\t\t\t<h2 class=\"elementor-heading-title elementor-size-default\">Mama Killa u mjese\u010devom kalendaru i u tuma\u010denju pomr\u010dine Mjeseca<\/h2>\t\t\t\t<\/div>\n\t\t<div class=\"elementor-element elementor-element-cp26302e24 e-flex e-con-boxed e-con e-child\" data-id=\"cp26302e24\" data-element_type=\"container\" data-e-type=\"container\">\n\t\t\t\t\t<div class=\"e-con-inner\">\n\t\t\t\t<div class=\"elementor-element elementor-element-cp23bc8ee2 elementor-widget elementor-widget-text-editor\" data-id=\"cp23bc8ee2\" data-element_type=\"widget\" data-e-type=\"widget\" data-widget_type=\"text-editor.default\">\n\t\t\t\t\t\t\t\t\t<p>Mama Killa, mjese\u010deva bo\u017eica Inka, bila je usko povezana s mjerenjem vremena u Carstvu. Dok je bog sunca <em>Inti<\/em> strukturirao godi\u0161nji ciklus i velike svetkovine sjetve i berbe, mjesec je ure\u0111ivao kra\u0107i ciklus, prema kojem su se ravnale religijske svetkovine i vjerojatno dijelovi poljoprivrednog kalendara.<\/p><p>\u0160panjolski kroni\u010dari, poput Bernab\u00e9a Coba, izvje\u0161tavaju da su se brojne svetkovine u kalendaru Cusca ra\u010dunale prema Mjesecu, \u010dak i ako je to\u010dan na\u010din funkcioniranja inkanskog kalendara i danas predmet rasprav\u0435.<\/p><p>Posebno su rje\u010diti izvje\u0161taji o tuma\u010denju pomr\u010dine Mjeseca. Kroni\u010dari prenose da su Inke pomra\u010denje Mjeseca shva\u0107ali kao napad grabe\u017eljivca, naj\u010de\u0161\u0107e se spominje puma ili zmija, na Mama Killu.<\/p><p>Da bi spasili bo\u017eicu, ljudi su stvarali buku: udarali su po posudama, vikali i pu\u0161tali pse da laju, kako bi se napadaju\u0107u \u017eivotinju otjeralo. Ova praksa nije specifi\u010dna samo za Inke, jer je zabilje\u017eena u brojnim kulturama, ali njezino svjedo\u010danstvo za Ande pokazuje da se Mjesec smatrao ranjivim bi\u0107em kojem je potrebna skrb.<\/p><p>S izvorno-kriti\u010dkog gledi\u0161ta treba napomenuti da su kroni\u010dari te obrede \u010desto opisivali iz druge ruke i s ciljem da andsku religiju predstave kao praznovjerje. Ipak, razli\u010diti izvje\u0161taji podudaraju se u glavnim crtama, \u0161to ovu epizodu \u010dini vjerodostojnom.<\/p><p>Strah za Mama Killu tijekom pomr\u010dine zorno pokazuje njezinu ulogu kao garantice pouzdanog protoka vremena, \u010diji privremeni nestanak se do\u017eivljavao kao kozmi\u010dka prijetnja. O sun\u010devoj strani ovog bo\u017eanskog para vidi \u010dlanak o <a href=\"https:\/\/iwell-guard.com\/hr\/?page_id=149655\">Intiju<\/a>.<\/p>\t\t\t\t\t\t\t\t<\/div>\n\t\t\t\t\t<\/div>\n\t\t\t\t<\/div>\n\t\t\t\t\t<\/div>\n\t\t\t\t<\/div>\n\t\t<div class=\"elementor-element elementor-element-cp260f00e7 e-flex e-con-boxed e-con e-parent\" data-id=\"cp260f00e7\" data-element_type=\"container\" data-e-type=\"container\">\n\t\t\t\t\t<div class=\"e-con-inner\">\n\t\t\t\t<div class=\"elementor-element elementor-element-cp2d717866 elementor-widget elementor-widget-heading\" data-id=\"cp2d717866\" data-element_type=\"widget\" data-e-type=\"widget\" data-widget_type=\"heading.default\">\n\t\t\t\t\t<h2 class=\"elementor-heading-title elementor-size-default\">Mjese\u010dev hram u Coricanchi i srebrna ikonografija<\/h2>\t\t\t\t<\/div>\n\t\t<div class=\"elementor-element elementor-element-cp25918dee e-flex e-con-boxed e-con e-child\" data-id=\"cp25918dee\" data-element_type=\"container\" data-e-type=\"container\">\n\t\t\t\t\t<div class=\"e-con-inner\">\n\t\t\t\t<div class=\"elementor-element elementor-element-cp2a3e6774 elementor-widget elementor-widget-text-editor\" data-id=\"cp2a3e6774\" data-element_type=\"widget\" data-e-type=\"widget\" data-widget_type=\"text-editor.default\">\n\t\t\t\t\t\t\t\t\t<p>U Coricanchi, sredi\u0161njem <span class=\"iwg-fachbegriff\" data-tooltip=\"Sveto mjesto posve\u0107eno \u0161tovanju bo\u017eanstva.\" tabindex=\"0\">sveti\u0161tu<\/span> Cusca, Mama Killa je, prema usugla\u0161enim izvje\u0161tajima kroni\u010dara, imala svoje vlastito podru\u010dje. Dok je hramski dio boga <em>Intija<\/em> bio ukra\u0161en zlatom, metalom koji se povezivao sa Suncem, izvori navode da je mjese\u010devo podru\u010dje bilo oblo\u017eeno srebrom.<\/p><p>Garcilaso de la Vega, sam sin inkanske majke, opisuje srebrni disk ili prikaz Mama Kille i isti\u010de rodnu simboliku: zlato i Sunce kao mu\u0161ko, srebro i Mjesec kao \u017eensko.<\/p><p>Te izvje\u0161taje treba \u010ditati s oprezom. Garcilaso je svoje <em>Comentarios Reales<\/em> napisao desetlje\u0107ima nakon osvajanja, u \u0160panjolskoj, iz sje\u0107anja i sa \u017eeljom da inkansku pro\u0161lost prika\u017ee dostojanstveno.<\/p><p>Sam Coricancha je \u0160panjolci uglavnom razgradili; na njegovim zidovima danas stoji samostan Santo Domingo. Arheolo\u0161ki se srebrna obloga stoga ne mo\u017ee vi\u0161e potvrditi, ali je plja\u010dka plemenitih metala od strane osvaja\u010da dobro zabilje\u017eena, \u0161to izvje\u0161taj \u010dini uvjerljivim.<\/p><p>U tom mjese\u010devom podru\u010dju, prema kroni\u010darima, \u010duvala su se i \u0161tovala i mumificirana tijela pokojnih <em>Coya<\/em>, inkanskih kraljica. Mama Killa je tako bila ne samo kozmi\u010dka bo\u017eica, nego i uklopljena u obo\u017eavanje predaka po \u017eenskoj vladarskoj liniji.<\/p><p>Povezanost Mjeseca, srebra, \u017eenskosti i kraljevske loze predaka pokazuje da je Mama Killa u religijskom sustavu Inka zauzimala jasno odre\u0111enu sferu, koja je bila komplementarna onoj boga Sunca, a ne njemu podre\u0111ena u smislu potpune ovisnosti.<\/p>\t\t\t\t\t\t\t\t<\/div>\n\t\t\t\t\t<\/div>\n\t\t\t\t<\/div>\n\t\t\t\t\t<\/div>\n\t\t\t\t<\/div>\n\t\t<div class=\"elementor-element elementor-element-iwgw-mamakilla-lit e-flex e-con-boxed e-con e-parent\" data-id=\"iwgw-mamakilla-lit\" data-element_type=\"container\" data-e-type=\"container\">\n\t\t\t\t\t<div class=\"e-con-inner\">\n\t\t\t\t<div class=\"elementor-element elementor-element-iwgw-mamakilla-lith elementor-widget elementor-widget-heading\" data-id=\"iwgw-mamakilla-lith\" data-element_type=\"widget\" data-e-type=\"widget\" data-widget_type=\"heading.default\">\n\t\t\t\t\t<h2 class=\"elementor-heading-title elementor-size-default\">Literatura (izbor)<\/h2>\t\t\t\t<\/div>\n\t\t<div class=\"elementor-element elementor-element-iwgw-mamakilla-litc e-con-full e-flex e-con e-child\" data-id=\"iwgw-mamakilla-litc\" data-element_type=\"container\" data-e-type=\"container\">\n\t\t\t\t<div class=\"elementor-element elementor-element-iwgw-mamakilla-litt elementor-widget elementor-widget-text-editor\" data-id=\"iwgw-mamakilla-litt\" data-element_type=\"widget\" data-e-type=\"widget\" data-widget_type=\"text-editor.default\">\n\t\t\t\t\t\t\t\t\t<ul><li>Garcilaso de la Vega: <em>Comentarios Reales de los Incas<\/em> (1609)<\/li><li>Bernabe Cobo: <em>Historia del Nuevo Mundo<\/em> (1653)<\/li><li>Tom Zuidema: <em>The Calendar of the Incas<\/em> (2010)<\/li><li>Brian Bauer: <em>The Sacred Landscape of the Inca<\/em> (1998)<\/li><li>Felipe Guaman Poma de Ayala: <em>Nueva Coronica y Buen Gobierno<\/em> (1615)<\/li><li>Catherine Allen: <em>The Hold Life Has<\/em> (2002)<\/li><li>Sabine MacCormack: <em>Religion in the Andes<\/em> (1991)<\/li><\/ul>\t\t\t\t\t\t\t\t<\/div>\n\t\t\t\t<\/div>\n\t\t\t\t\t<\/div>\n\t\t\t\t<\/div>\n\t\t<div class=\"elementor-element elementor-element-iwgw-mamakilla-kwd e-flex e-con-boxed e-con e-parent\" data-id=\"iwgw-mamakilla-kwd\" data-element_type=\"container\" data-e-type=\"container\">\n\t\t\t\t\t<div class=\"e-con-inner\">\n\t\t<div class=\"elementor-element elementor-element-iwgw-mamakilla-kwdc e-con-full e-flex e-con e-child\" data-id=\"iwgw-mamakilla-kwdc\" data-element_type=\"container\" data-e-type=\"container\">\n\t\t\t\t<div class=\"elementor-element elementor-element-iwgw-mamakilla-kwdt elementor-widget elementor-widget-text-editor\" data-id=\"iwgw-mamakilla-kwdt\" data-element_type=\"widget\" data-e-type=\"widget\" data-widget_type=\"text-editor.default\">\n\t\t\t\t\t\t\t\t\t<p><em>Srodni klju\u010dni pojmovi: Mama Killa Quilla Killakancha Coya Raymi Quikuchikuy Citua pomr\u010dina Mjeseca.<\/em><\/p>\t\t\t\t\t\t\t\t<\/div>\n\t\t\t\t<\/div>\n\t\t\t\t\t<\/div>\n\t\t\t\t<\/div>\n\t\t<div class=\"elementor-element elementor-element-iwgw-mamakilla-cc e-flex e-con-boxed e-con e-parent\" data-id=\"iwgw-mamakilla-cc\" data-element_type=\"container\" data-e-type=\"container\" id=\"iwg-cc-mama-killa\">\n\t\t\t\t\t<div class=\"e-con-inner\">\n\t\t<div class=\"elementor-element elementor-element-iwgw-mamakilla-ccinner e-flex e-con-boxed e-con e-parent\" data-id=\"iwgw-mamakilla-ccinner\" data-element_type=\"container\" data-e-type=\"container\" data-settings=\"{&quot;background_background&quot;:&quot;classic&quot;}\">\n\t\t\t\t\t<div class=\"e-con-inner\">\n\t\t\t\t<div class=\"elementor-element elementor-element-iwgw-mamakilla-cch elementor-widget elementor-widget-heading\" data-id=\"iwgw-mamakilla-cch\" data-element_type=\"widget\" data-e-type=\"widget\" data-widget_type=\"heading.default\">\n\t\t\t\t\t<h2 class=\"elementor-heading-title elementor-size-default\">iWell Guard i tradicije za\u0161tite<\/h2>\t\t\t\t<\/div>\n\t\t\t\t<div class=\"elementor-element elementor-element-iwgw-mamakilla-cct elementor-widget elementor-widget-text-editor\" data-id=\"iwgw-mamakilla-cct\" data-element_type=\"widget\" data-e-type=\"widget\" data-widget_type=\"text-editor.default\">\n\t\t\t\t\t\t\t\t\t<div data-nosnippet=\"true\"><p>iWell Guard nastavlja kulturno-povijesnu tradiciju prenosivih za\u0161titnih predmeta, u tradiciji <a href=\"https:\/\/iwell-guard.com\/hr\/?page_id=149645\">Anda \/ Inka<\/a> i brojnih drugih kultura \u0161irom svijeta. 41 razina, pravo zlato, platina, srebro, izra\u0111eno u Njema\u010dkoj. Pravo povrata u roku od 30 dana.<\/p><\/div>\t\t\t\t\t\t\t\t<\/div>\n\t\t\t\t<div class=\"elementor-element elementor-element-iwgw-mamakilla-ccb iwg-cc-button iwg-cc-cta-2026-05-13 elementor-widget elementor-widget-jet-button\" data-id=\"iwgw-mamakilla-ccb\" data-element_type=\"widget\" data-e-type=\"widget\" data-widget_type=\"jet-button.default\">\n\t\t\t\t<div class=\"elementor-widget-container\">\n\t\t\t\t\t<div class=\"elementor-jet-button jet-elements\"><div class=\"jet-button__container\"><a class=\"jet-button__instance jet-button__instance--icon-left hover-effect-1\" href=\"\/ueber-iwell-guard\/?utm_source=iwell-guard.com&amp;utm_medium=info-box&amp;utm_campaign=wesen-tradition\"><div class=\"jet-button__plane jet-button__plane-normal\"><\/div><div class=\"jet-button__plane jet-button__plane-hover\"><\/div><div class=\"jet-button__state jet-button__state-normal\"><span class=\"jet-button__label\">Vi\u0161e o iWell Guardu<\/span><\/div><div class=\"jet-button__state jet-button__state-hover\"><span class=\"jet-button__label\">Vi\u0161e o iWell Guardu<\/span><\/div><\/a><\/div><\/div><style>.elementor-element.elementor-element-iwgw-mamakilla-ccb .jet-button__instance{width:320px;height:56px;}.elementor-element.elementor-element-iwgw-mamakilla-ccb .jet-button__state-normal .jet-button__label{text-align:center;margin:0px 0px 0px 0px;color:#1a1b20;font-family:Montserrat,sans-serif;font-size:13px;font-weight:400;letter-spacing:4px;line-height:1.714em;text-transform:uppercase;}.elementor-element.elementor-element-iwgw-mamakilla-ccb .jet-button__state-hover .jet-button__label{text-align:center;margin:0px 0px 0px 0px;color:#FECC76;font-family:Montserrat,sans-serif;font-size:13px;font-weight:400;letter-spacing:4px;line-height:1.714em;text-transform:uppercase;}.elementor-element.elementor-element-iwgw-mamakilla-ccb .jet-button__plane-normal{background-color:#FECC76;border-style:solid;border-color:#C99540;border-width:2px 2px 2px 2px;}.elementor-element.elementor-element-iwgw-mamakilla-ccb .jet-button__plane-hover{background-color:rgba(0,0,0,0.55);border-style:solid;border-color:#FECC76;border-width:2px 2px 2px 2px;}<\/style>\t\t\t\t<\/div>\n\t\t\t\t<\/div>\n\t\t\t\t<div class=\"elementor-element elementor-element-iwgw-mamakilla-ccd elementor-widget elementor-widget-text-editor\" data-id=\"iwgw-mamakilla-ccd\" data-element_type=\"widget\" data-e-type=\"widget\" data-widget_type=\"text-editor.default\">\n\t\t\t\t\t\t\t\t\t<div data-nosnippet=\"true\"><p style=\"text-align:center;font-size:13px;opacity:0.7;margin-top:14px\" data-nosnippet=\"true\">Osobna iskustva mogu se razlikovati. Nije medicinski proizvod. Nema obe\u0107anja izlje\u010denja.<\/p><\/div>\t\t\t\t\t\t\t\t<\/div>\n\t\t\t\t\t<\/div>\n\t\t\t\t<\/div>\n\t\t\t\t\t<\/div>\n\t\t\t\t<\/div>\n\t\t<div class=\"elementor-element elementor-element-iwgw-mamakilla-disc e-flex e-con-boxed e-con e-parent\" data-id=\"iwgw-mamakilla-disc\" data-element_type=\"container\" data-e-type=\"container\">\n\t\t\t\t\t<div class=\"e-con-inner\">\n\t\t\t\t<div class=\"elementor-element elementor-element-iwgw-mamakilla-discw elementor-widget elementor-widget-html\" data-id=\"iwgw-mamakilla-discw\" data-element_type=\"widget\" data-e-type=\"widget\" data-widget_type=\"html.default\">\n\t\t\t\t\t<footer data-nosnippet=\"true\" class=\"iwg-disclaimer-block\"><p data-nosnippet=\"true\">iWell Guard <strong>nije medicinski proizvod<\/strong> i ne zamjenjuje lije\u010dni\u010dko ili psihoterapeutsko lije\u010denje. Religijsko-znanstveni sadr\u017eaji predstavljaju kulturno-povijesnu interpretaciju, a ne preporuku duhovne prakse.<\/p><\/footer>\t\t\t\t<\/div>\n\t\t\t\t\t<\/div>\n\t\t\t\t<\/div>\n\t\t\t\t<\/div>\n\t\t","protected":false},"excerpt":{"rendered":"","protected":false},"author":3,"featured_media":2680,"parent":0,"menu_order":0,"comment_status":"closed","ping_status":"closed","template":"elementor_header_footer","meta":{"_yoast_wpseo_focuskw":"Mama Killa mjese\u010deva bo\u017eica Inka","_yoast_wpseo_title":"Mama Killa \u2013 Inkanska mjese\u010deva bo\u017eica","_yoast_wpseo_metadesc":"Mama Killa, mjese\u010deva bo\u017eica Inka, sestra-supruga Intija i za\u0161titnica \u017eena, kalendara i vremena. Religijsko-znanstveni prikaz.","_yoast_wpseo_meta-robots-noindex":"","_yoast_wpseo_canonical":"","_angie_page":false,"gefaehrdungsstufe":"","wesen_kultur":"","wesen_klasse":"","footnotes":""},"categories":[],"class_list":["post-149658","page","type-page","status-publish","has-post-thumbnail","hentry"],"yoast_head":"<!-- This site is optimized with the Yoast SEO Premium plugin v27.7 (Yoast SEO v28.3) - https:\/\/yoast.com\/product\/yoast-seo-premium-wordpress\/ -->\n<title>Mama Killa \u2013 Inkanska mjese\u010deva bo\u017eica<\/title>\n<meta name=\"description\" content=\"Mama Killa, mjese\u010deva bo\u017eica Inka, sestra-supruga Intija i za\u0161titnica \u017eena, kalendara i vremena. Religijsko-znanstveni prikaz.\" \/>\n<meta name=\"robots\" content=\"index, follow, max-snippet:-1, max-image-preview:large, max-video-preview:-1\" \/>\n<link rel=\"canonical\" href=\"https:\/\/iwell-guard.com\/hr\/mama-killa-mjeseceva-bozica-inka\/\" \/>\n<meta property=\"og:locale\" content=\"hr_HR\" \/>\n<meta property=\"og:type\" content=\"article\" \/>\n<meta property=\"og:title\" content=\"Mama Killa \u2013 Inkanska mjese\u010deva bo\u017eica\" \/>\n<meta property=\"og:description\" content=\"Mama Killa, mjese\u010deva bo\u017eica Inka, sestra-supruga Intija i za\u0161titnica \u017eena, kalendara i vremena. Religijsko-znanstveni prikaz.\" \/>\n<meta property=\"og:url\" content=\"https:\/\/iwell-guard.com\/hr\/mama-killa-mjeseceva-bozica-inka\/\" \/>\n<meta property=\"og:site_name\" content=\"iWell Guard\" \/>\n<meta property=\"article:modified_time\" content=\"2026-09-04T05:28:58+00:00\" \/>\n<meta property=\"og:image\" content=\"https:\/\/iwell-guard.com\/wp-content\/uploads\/2026\/05\/goetter_anden-inka_mama-killa.webp\" \/>\n\t<meta property=\"og:image:width\" content=\"1024\" \/>\n\t<meta property=\"og:image:height\" content=\"1536\" \/>\n\t<meta property=\"og:image:type\" content=\"image\/webp\" \/>\n<meta name=\"twitter:card\" content=\"summary_large_image\" \/>\n<script type=\"application\/ld+json\" class=\"yoast-schema-graph\">{\"@context\":\"https:\\\/\\\/schema.org\",\"@graph\":[{\"@type\":\"WebPage\",\"@id\":\"https:\\\/\\\/iwell-guard.com\\\/hr\\\/mama-killa-mjeseceva-bozica-inka\\\/\",\"url\":\"https:\\\/\\\/iwell-guard.com\\\/hr\\\/mama-killa-mjeseceva-bozica-inka\\\/\",\"name\":\"Mama Killa \u2013 Inkanska mjese\u010deva bo\u017eica\",\"isPartOf\":{\"@id\":\"https:\\\/\\\/iwell-guard.com\\\/hr\\\/#website\"},\"primaryImageOfPage\":{\"@id\":\"https:\\\/\\\/iwell-guard.com\\\/hr\\\/mama-killa-mjeseceva-bozica-inka\\\/#primaryimage\"},\"image\":{\"@id\":\"https:\\\/\\\/iwell-guard.com\\\/hr\\\/mama-killa-mjeseceva-bozica-inka\\\/#primaryimage\"},\"thumbnailUrl\":\"https:\\\/\\\/iwell-guard.com\\\/wp-content\\\/uploads\\\/2026\\\/05\\\/goetter_anden-inka_mama-killa.webp\",\"datePublished\":\"2026-09-04T05:12:25+00:00\",\"dateModified\":\"2026-09-04T05:28:58+00:00\",\"description\":\"Mama Killa, mjese\u010deva bo\u017eica Inka, sestra-supruga Intija i za\u0161titnica \u017eena, kalendara i vremena. Religijsko-znanstveni prikaz.\",\"breadcrumb\":{\"@id\":\"https:\\\/\\\/iwell-guard.com\\\/hr\\\/mama-killa-mjeseceva-bozica-inka\\\/#breadcrumb\"},\"inLanguage\":\"hr\",\"potentialAction\":[{\"@type\":\"ReadAction\",\"target\":[\"https:\\\/\\\/iwell-guard.com\\\/hr\\\/mama-killa-mjeseceva-bozica-inka\\\/\"]}]},{\"@type\":\"ImageObject\",\"inLanguage\":\"hr\",\"@id\":\"https:\\\/\\\/iwell-guard.com\\\/hr\\\/mama-killa-mjeseceva-bozica-inka\\\/#primaryimage\",\"url\":\"https:\\\/\\\/iwell-guard.com\\\/wp-content\\\/uploads\\\/2026\\\/05\\\/goetter_anden-inka_mama-killa.webp\",\"contentUrl\":\"https:\\\/\\\/iwell-guard.com\\\/wp-content\\\/uploads\\\/2026\\\/05\\\/goetter_anden-inka_mama-killa.webp\",\"width\":1024,\"height\":1536,\"caption\":\"Bogovi iz andsko-inkanske tradicije.\"},{\"@type\":\"BreadcrumbList\",\"@id\":\"https:\\\/\\\/iwell-guard.com\\\/hr\\\/mama-killa-mjeseceva-bozica-inka\\\/#breadcrumb\",\"itemListElement\":[{\"@type\":\"ListItem\",\"position\":1,\"name\":\"Start\",\"item\":\"https:\\\/\\\/iwell-guard.com\\\/hr\\\/?page_id=149317\"},{\"@type\":\"ListItem\",\"position\":2,\"name\":\"Mama Killa \u2013 Inkanska mjese\u010deva bo\u017eica\"}]},{\"@type\":\"WebSite\",\"@id\":\"https:\\\/\\\/iwell-guard.com\\\/hr\\\/#website\",\"url\":\"https:\\\/\\\/iwell-guard.com\\\/hr\\\/\",\"name\":\"iWell Guard\",\"description\":\"Schutz vor dunklen Einfl\u00fcssen\",\"publisher\":{\"@id\":\"https:\\\/\\\/iwell-guard.com\\\/hr\\\/#organization\"},\"potentialAction\":[{\"@type\":\"SearchAction\",\"target\":{\"@type\":\"EntryPoint\",\"urlTemplate\":\"https:\\\/\\\/iwell-guard.com\\\/hr\\\/?s={search_term_string}\"},\"query-input\":{\"@type\":\"PropertyValueSpecification\",\"valueRequired\":true,\"valueName\":\"search_term_string\"}}],\"inLanguage\":\"hr\"},{\"@type\":\"Organization\",\"@id\":\"https:\\\/\\\/iwell-guard.com\\\/hr\\\/#organization\",\"name\":\"Ittermann electronic GmbH\",\"url\":\"https:\\\/\\\/iwell-guard.com\\\/hr\\\/\",\"logo\":{\"@type\":\"ImageObject\",\"inLanguage\":\"hr\",\"@id\":\"https:\\\/\\\/iwell-guard.com\\\/hr\\\/#\\\/schema\\\/logo\\\/image\\\/\",\"url\":\"https:\\\/\\\/iwell-guard.com\\\/wp-content\\\/uploads\\\/2026\\\/05\\\/Ittermann-Logo-1182x237-1.png\",\"contentUrl\":\"https:\\\/\\\/iwell-guard.com\\\/wp-content\\\/uploads\\\/2026\\\/05\\\/Ittermann-Logo-1182x237-1.png\",\"width\":1182,\"height\":237,\"caption\":\"Ittermann electronic GmbH\"},\"image\":{\"@id\":\"https:\\\/\\\/iwell-guard.com\\\/hr\\\/#\\\/schema\\\/logo\\\/image\\\/\"},\"sameAs\":[\"https:\\\/\\\/pantip.com\\\/profile\\\/9367242\",\"https:\\\/\\\/micro.blog\\\/iwellguard\",\"https:\\\/\\\/www.diggerslist.com\\\/iwellguard\\\/about\",\"https:\\\/\\\/skitterphoto.com\\\/photographers\\\/2870314\\\/iwell-guard\",\"https:\\\/\\\/iwellguard.wordpress.com\\\/2026\\\/06\\\/06\\\/iwell-guard\\\/\",\"https:\\\/\\\/hub.docker.com\\\/u\\\/iwellguard\",\"https:\\\/\\\/www.pinterest.com\\\/iwellguard\\\/\",\"https:\\\/\\\/bit.ly\\\/m\\\/iwellguard\",\"https:\\\/\\\/entre-vos-mains.alsace.eu\\\/profiles\\\/iwellguard\\\/activity\",\"https:\\\/\\\/gravatar.com\\\/reallybeded8fd34\",\"https:\\\/\\\/naijamatta.com\\\/iwellguard\",\"https:\\\/\\\/www.goodreads.com\\\/iwellguard\",\"https:\\\/\\\/profile.hatena.ne.jp\\\/iwellguard\\\/\",\"https:\\\/\\\/experiment.com\\\/users\\\/iwellguard\",\"https:\\\/\\\/wakelet.com\\\/@iWellGuard82270\",\"https:\\\/\\\/www.chordie.com\\\/forum\\\/profile.php?id=2555664\",\"https:\\\/\\\/www.instapaper.com\\\/p\\\/17757966\",\"https:\\\/\\\/www.mapleprimes.com\\\/users\\\/iwellguard\",\"https:\\\/\\\/businesslistingplus.com\\\/profile\\\/iwell-guard\\\/\",\"https:\\\/\\\/telegra.ph\\\/iWell-Guard-06-06\",\"https:\\\/\\\/pbase.com\\\/iwellguard\\\/iwellguard\",\"https:\\\/\\\/b.hatena.ne.jp\\\/iwellguard\\\/20260607#bookmark-4788405196491818882\",\"https:\\\/\\\/fliphtml5.com\\\/home\\\/iwellguard\",\"https:\\\/\\\/anyflip.com\\\/homepage\\\/cmiwl#About\",\"https:\\\/\\\/transfur.com\\\/Users\\\/iwellguard\",\"http:\\\/\\\/delphi.larsbo.org\\\/user\\\/iwellguard\",\"https:\\\/\\\/jobs.lajobsportal.org\\\/profiles\\\/8380803-iwell-guard\",\"https:\\\/\\\/md.chaosdorf.de\\\/s\\\/jfbe5SBdJD\",\"https:\\\/\\\/www.lingvolive.com\\\/en-us\\\/profile\\\/9ecaeaca-ce11-4e51-9e71-01d55e2bff36\\\/translations\",\"https:\\\/\\\/www.fitday.com\\\/fitness\\\/forums\\\/members\\\/iwellguard.html\",\"https:\\\/\\\/www.mymeetbook.com\\\/iwellguard\",\"https:\\\/\\\/pxhere.com\\\/en\\\/photographer-me\\\/5040798\",\"https:\\\/\\\/disqus.com\\\/by\\\/iwellguard\\\/about\\\/\",\"https:\\\/\\\/pastelink.net\\\/hjwciqwq\",\"https:\\\/\\\/pubhtml5.com\\\/homepage\\\/scjhn\\\/\",\"https:\\\/\\\/www.bitchute.com\\\/channel\\\/2O2eOKzNqujT\",\"https:\\\/\\\/audiomack.com\\\/iwellguard\"]}]}<\/script>\n<!-- \/ Yoast SEO Premium plugin. -->","yoast_head_json":{"title":"Mama Killa \u2013 Inkanska mjese\u010deva bo\u017eica","description":"Mama Killa, mjese\u010deva bo\u017eica Inka, sestra-supruga Intija i za\u0161titnica \u017eena, kalendara i vremena. Religijsko-znanstveni prikaz.","robots":{"index":"index","follow":"follow","max-snippet":"max-snippet:-1","max-image-preview":"max-image-preview:large","max-video-preview":"max-video-preview:-1"},"canonical":"https:\/\/iwell-guard.com\/hr\/mama-killa-mjeseceva-bozica-inka\/","og_locale":"hr_HR","og_type":"article","og_title":"Mama Killa \u2013 Inkanska mjese\u010deva bo\u017eica","og_description":"Mama Killa, mjese\u010deva bo\u017eica Inka, sestra-supruga Intija i za\u0161titnica \u017eena, kalendara i vremena. Religijsko-znanstveni prikaz.","og_url":"https:\/\/iwell-guard.com\/hr\/mama-killa-mjeseceva-bozica-inka\/","og_site_name":"iWell Guard","article_modified_time":"2026-09-04T05:28:58+00:00","og_image":[{"width":1024,"height":1536,"url":"https:\/\/iwell-guard.com\/wp-content\/uploads\/2026\/05\/goetter_anden-inka_mama-killa.webp","type":"image\/webp"}],"twitter_card":"summary_large_image","schema":{"@context":"https:\/\/schema.org","@graph":[{"@type":"WebPage","@id":"https:\/\/iwell-guard.com\/hr\/mama-killa-mjeseceva-bozica-inka\/","url":"https:\/\/iwell-guard.com\/hr\/mama-killa-mjeseceva-bozica-inka\/","name":"Mama Killa \u2013 Inkanska mjese\u010deva bo\u017eica","isPartOf":{"@id":"https:\/\/iwell-guard.com\/hr\/#website"},"primaryImageOfPage":{"@id":"https:\/\/iwell-guard.com\/hr\/mama-killa-mjeseceva-bozica-inka\/#primaryimage"},"image":{"@id":"https:\/\/iwell-guard.com\/hr\/mama-killa-mjeseceva-bozica-inka\/#primaryimage"},"thumbnailUrl":"https:\/\/iwell-guard.com\/wp-content\/uploads\/2026\/05\/goetter_anden-inka_mama-killa.webp","datePublished":"2026-09-04T05:12:25+00:00","dateModified":"2026-09-04T05:28:58+00:00","description":"Mama Killa, mjese\u010deva bo\u017eica Inka, sestra-supruga Intija i za\u0161titnica \u017eena, kalendara i vremena. Religijsko-znanstveni prikaz.","breadcrumb":{"@id":"https:\/\/iwell-guard.com\/hr\/mama-killa-mjeseceva-bozica-inka\/#breadcrumb"},"inLanguage":"hr","potentialAction":[{"@type":"ReadAction","target":["https:\/\/iwell-guard.com\/hr\/mama-killa-mjeseceva-bozica-inka\/"]}]},{"@type":"ImageObject","inLanguage":"hr","@id":"https:\/\/iwell-guard.com\/hr\/mama-killa-mjeseceva-bozica-inka\/#primaryimage","url":"https:\/\/iwell-guard.com\/wp-content\/uploads\/2026\/05\/goetter_anden-inka_mama-killa.webp","contentUrl":"https:\/\/iwell-guard.com\/wp-content\/uploads\/2026\/05\/goetter_anden-inka_mama-killa.webp","width":1024,"height":1536,"caption":"Bogovi iz andsko-inkanske tradicije."},{"@type":"BreadcrumbList","@id":"https:\/\/iwell-guard.com\/hr\/mama-killa-mjeseceva-bozica-inka\/#breadcrumb","itemListElement":[{"@type":"ListItem","position":1,"name":"Start","item":"https:\/\/iwell-guard.com\/hr\/?page_id=149317"},{"@type":"ListItem","position":2,"name":"Mama Killa \u2013 Inkanska mjese\u010deva bo\u017eica"}]},{"@type":"WebSite","@id":"https:\/\/iwell-guard.com\/hr\/#website","url":"https:\/\/iwell-guard.com\/hr\/","name":"iWell Guard","description":"Schutz vor dunklen Einfl\u00fcssen","publisher":{"@id":"https:\/\/iwell-guard.com\/hr\/#organization"},"potentialAction":[{"@type":"SearchAction","target":{"@type":"EntryPoint","urlTemplate":"https:\/\/iwell-guard.com\/hr\/?s={search_term_string}"},"query-input":{"@type":"PropertyValueSpecification","valueRequired":true,"valueName":"search_term_string"}}],"inLanguage":"hr"},{"@type":"Organization","@id":"https:\/\/iwell-guard.com\/hr\/#organization","name":"Ittermann electronic GmbH","url":"https:\/\/iwell-guard.com\/hr\/","logo":{"@type":"ImageObject","inLanguage":"hr","@id":"https:\/\/iwell-guard.com\/hr\/#\/schema\/logo\/image\/","url":"https:\/\/iwell-guard.com\/wp-content\/uploads\/2026\/05\/Ittermann-Logo-1182x237-1.png","contentUrl":"https:\/\/iwell-guard.com\/wp-content\/uploads\/2026\/05\/Ittermann-Logo-1182x237-1.png","width":1182,"height":237,"caption":"Ittermann electronic GmbH"},"image":{"@id":"https:\/\/iwell-guard.com\/hr\/#\/schema\/logo\/image\/"},"sameAs":["https:\/\/pantip.com\/profile\/9367242","https:\/\/micro.blog\/iwellguard","https:\/\/www.diggerslist.com\/iwellguard\/about","https:\/\/skitterphoto.com\/photographers\/2870314\/iwell-guard","https:\/\/iwellguard.wordpress.com\/2026\/06\/06\/iwell-guard\/","https:\/\/hub.docker.com\/u\/iwellguard","https:\/\/www.pinterest.com\/iwellguard\/","https:\/\/bit.ly\/m\/iwellguard","https:\/\/entre-vos-mains.alsace.eu\/profiles\/iwellguard\/activity","https:\/\/gravatar.com\/reallybeded8fd34","https:\/\/naijamatta.com\/iwellguard","https:\/\/www.goodreads.com\/iwellguard","https:\/\/profile.hatena.ne.jp\/iwellguard\/","https:\/\/experiment.com\/users\/iwellguard","https:\/\/wakelet.com\/@iWellGuard82270","https:\/\/www.chordie.com\/forum\/profile.php?id=2555664","https:\/\/www.instapaper.com\/p\/17757966","https:\/\/www.mapleprimes.com\/users\/iwellguard","https:\/\/businesslistingplus.com\/profile\/iwell-guard\/","https:\/\/telegra.ph\/iWell-Guard-06-06","https:\/\/pbase.com\/iwellguard\/iwellguard","https:\/\/b.hatena.ne.jp\/iwellguard\/20260607#bookmark-4788405196491818882","https:\/\/fliphtml5.com\/home\/iwellguard","https:\/\/anyflip.com\/homepage\/cmiwl#About","https:\/\/transfur.com\/Users\/iwellguard","http:\/\/delphi.larsbo.org\/user\/iwellguard","https:\/\/jobs.lajobsportal.org\/profiles\/8380803-iwell-guard","https:\/\/md.chaosdorf.de\/s\/jfbe5SBdJD","https:\/\/www.lingvolive.com\/en-us\/profile\/9ecaeaca-ce11-4e51-9e71-01d55e2bff36\/translations","https:\/\/www.fitday.com\/fitness\/forums\/members\/iwellguard.html","https:\/\/www.mymeetbook.com\/iwellguard","https:\/\/pxhere.com\/en\/photographer-me\/5040798","https:\/\/disqus.com\/by\/iwellguard\/about\/","https:\/\/pastelink.net\/hjwciqwq","https:\/\/pubhtml5.com\/homepage\/scjhn\/","https:\/\/www.bitchute.com\/channel\/2O2eOKzNqujT","https:\/\/audiomack.com\/iwellguard"]}]}},"_links":{"self":[{"href":"https:\/\/iwell-guard.com\/hr\/wp-json\/wp\/v2\/pages\/149658","targetHints":{"allow":["GET"]}}],"collection":[{"href":"https:\/\/iwell-guard.com\/hr\/wp-json\/wp\/v2\/pages"}],"about":[{"href":"https:\/\/iwell-guard.com\/hr\/wp-json\/wp\/v2\/types\/page"}],"author":[{"embeddable":true,"href":"https:\/\/iwell-guard.com\/hr\/wp-json\/wp\/v2\/users\/3"}],"replies":[{"embeddable":true,"href":"https:\/\/iwell-guard.com\/hr\/wp-json\/wp\/v2\/comments?post=149658"}],"version-history":[{"count":0,"href":"https:\/\/iwell-guard.com\/hr\/wp-json\/wp\/v2\/pages\/149658\/revisions"}],"wp:featuredmedia":[{"embeddable":true,"href":"https:\/\/iwell-guard.com\/hr\/wp-json\/wp\/v2\/media\/2680"}],"wp:attachment":[{"href":"https:\/\/iwell-guard.com\/hr\/wp-json\/wp\/v2\/media?parent=149658"}],"wp:term":[{"taxonomy":"category","embeddable":true,"href":"https:\/\/iwell-guard.com\/hr\/wp-json\/wp\/v2\/categories?post=149658"}],"curies":[{"name":"wp","href":"https:\/\/api.w.org\/{rel}","templated":true}]}}