{"id":149657,"date":"2026-09-04T05:12:24","date_gmt":"2026-09-04T05:12:24","guid":{"rendered":"https:\/\/iwell-guard.com\/?page_id=149657"},"modified":"2026-09-04T05:28:57","modified_gmt":"2026-09-04T05:28:57","slug":"viracocha-stvoriteljski-bog-anda","status":"publish","type":"page","link":"https:\/\/iwell-guard.com\/hr\/viracocha-stvoriteljski-bog-anda\/","title":{"rendered":"Viracocha \u2013 Stvoriteljski bog Anda"},"content":{"rendered":"\t\t<div data-elementor-type=\"wp-page\" data-elementor-id=\"149657\" class=\"elementor elementor-149657 elementor-2576 elementor-bc-flex-widget\" data-elementor-post-type=\"page\">\n\t\t\t\t<div class=\"elementor-element elementor-element-iwgw-viracocha-hero e-flex e-con-boxed e-con e-parent\" data-id=\"iwgw-viracocha-hero\" data-element_type=\"container\" data-e-type=\"container\" data-settings=\"{&quot;background_background&quot;:&quot;classic&quot;}\">\n\t\t\t\t\t<div class=\"e-con-inner\">\n\t\t<div class=\"elementor-element elementor-element-iwgw-viracocha-hl e-flex e-con-boxed e-con e-child\" data-id=\"iwgw-viracocha-hl\" data-element_type=\"container\" data-e-type=\"container\">\n\t\t\t\t\t<div class=\"e-con-inner\">\n\t\t<div class=\"elementor-element elementor-element-iwgw-viracocha-htxt e-con-full e-flex e-con e-child\" data-id=\"iwgw-viracocha-htxt\" data-element_type=\"container\" data-e-type=\"container\">\n\t\t\t\t<div class=\"elementor-element elementor-element-iwgw-viracocha-h1 elementor-widget elementor-widget-heading\" data-id=\"iwgw-viracocha-h1\" data-element_type=\"widget\" data-e-type=\"widget\" data-widget_type=\"heading.default\">\n\t\t\t\t\t<h1 class=\"elementor-heading-title elementor-size-default\">Viracocha, bog stvoritelj i kozmi\u010dki utemeljitelj poretka andskog svijeta<\/h1>\t\t\t\t<\/div>\n\t\t\t\t<div class=\"elementor-element elementor-element-iwgw-viracocha-lead elementor-widget elementor-widget-text-editor\" data-id=\"iwgw-viracocha-lead\" data-element_type=\"widget\" data-e-type=\"widget\" data-widget_type=\"text-editor.default\">\n\t\t\t\t\t\t\t\t\t<p>Viracocha (ke\u010dua: <em>Wiraqucha<\/em>) je u ranim kronikama \u0161panjolskog Perua najvi\u0161i stvoriteljski bog Anda, koji stvara svijet iz jezera Titicaca i oblikuje \u010dovje\u010danstvo od kamena. U dr\u017eavnoj <span class=\"iwg-fachbegriff\" data-tooltip=\"Znanstveno u\u010denje o Bogu i vjerovanjima neke religije.\" tabindex=\"0\">teologiji<\/span> kasnog Inkanskog Carstva povukao se u drugi plan pred <a href=\"https:\/\/iwell-guard.com\/hr\/?page_id=149655\">Intijem<\/a>, ali je ostao istaknut kao kozmolo\u0161ki princip.<\/p>\t\t\t\t\t\t\t\t<\/div>\n\t\t\t\t<\/div>\n\t\t<div class=\"elementor-element elementor-element-iwgw-viracocha-pillc e-con-full e-flex e-con e-child\" data-id=\"iwgw-viracocha-pillc\" data-element_type=\"container\" data-e-type=\"container\">\n\t\t\t\t<div class=\"elementor-element elementor-element-iwgw-viracocha-pills elementor-widget elementor-widget-html\" data-id=\"iwgw-viracocha-pills\" data-element_type=\"widget\" data-e-type=\"widget\" data-widget_type=\"html.default\">\n\t\t\t\t\t<div class=\"iwg-pill-row\"><span class=\"iwg-klasse-badge\" tabindex=\"0\" data-tooltip=\"Stvoritelj u tradiciji Anda \/ Inka.\">Stvoritelj<\/span><a href=\"https:\/\/iwell-guard.com\/hr\/?page_id=149645\" class=\"iwg-kultur-badge\" tabindex=\"0\" data-tooltip=\"Mitologija tradicije Anda \/ Inka.\">Andi \/ Inke<\/a><span class=\"iwg-tradition-badge\" tabindex=\"0\" data-tooltip=\"Bog stvoritelj.\">Bog stvoritelj<\/span><\/div>\t\t\t\t<\/div>\n\t\t\t\t<\/div>\n\t\t<div class=\"elementor-element elementor-element-iwgw-viracocha-tocc e-con-full e-flex e-con e-child\" data-id=\"iwgw-viracocha-tocc\" data-element_type=\"container\" data-e-type=\"container\">\n\t\t\t\t<div class=\"elementor-element elementor-element-iwgw-viracocha-toc elementor-toc--minimized-on-tablet elementor-widget elementor-widget-table-of-contents\" data-id=\"iwgw-viracocha-toc\" data-element_type=\"widget\" data-e-type=\"widget\" data-settings=\"{&quot;headings_by_tags&quot;:[&quot;h2&quot;,&quot;h3&quot;],&quot;minimize_box&quot;:&quot;yes&quot;,&quot;marker_view&quot;:&quot;bullets&quot;,&quot;no_headings_message&quot;:&quot;Na ovoj stranici nisu prona\\u0111eni naslovi.&quot;,&quot;exclude_headings_by_selector&quot;:[],&quot;icon&quot;:{&quot;value&quot;:&quot;fas fa-circle&quot;,&quot;library&quot;:&quot;fa-solid&quot;,&quot;rendered_tag&quot;:&quot;&lt;svg class=\\&quot;e-font-icon-svg e-fas-circle\\&quot; viewBox=\\&quot;0 0 512 512\\&quot; xmlns=\\&quot;http:\\\/\\\/www.w3.org\\\/2000\\\/svg\\&quot;&gt;&lt;path d=\\&quot;M256 8C119 8 8 119 8 256s111 248 248 248 248-111 248-248S393 8 256 8z\\&quot;&gt;&lt;\\\/path&gt;&lt;\\\/svg&gt;&quot;},&quot;minimized_on&quot;:&quot;tablet&quot;,&quot;hierarchical_view&quot;:&quot;yes&quot;,&quot;min_height&quot;:{&quot;unit&quot;:&quot;px&quot;,&quot;size&quot;:&quot;&quot;,&quot;sizes&quot;:[]},&quot;min_height_tablet&quot;:{&quot;unit&quot;:&quot;px&quot;,&quot;size&quot;:&quot;&quot;,&quot;sizes&quot;:[]},&quot;min_height_mobile&quot;:{&quot;unit&quot;:&quot;px&quot;,&quot;size&quot;:&quot;&quot;,&quot;sizes&quot;:[]}}\" data-widget_type=\"table-of-contents.default\">\n\t\t\t\t\t\t\t\t\t<div class=\"elementor-toc__header\">\n\t\t\t\t\t\t<h2 class=\"elementor-toc__header-title\">\n\t\t\t\tSadr\u017eaj\t\t\t<\/h2>\n\t\t\t\t\t\t\t\t\t\t<div class=\"elementor-toc__toggle-button elementor-toc__toggle-button--expand\" role=\"button\" tabindex=\"0\" aria-controls=\"elementor-toc__iwgw-viracocha-toc\" aria-expanded=\"true\" aria-label=\"Open table of contents\"><svg aria-hidden=\"true\" class=\"e-font-icon-svg e-fas-chevron-down\" viewBox=\"0 0 448 512\" xmlns=\"http:\/\/www.w3.org\/2000\/svg\"><path d=\"M207.029 381.476L12.686 187.132c-9.373-9.373-9.373-24.569 0-33.941l22.667-22.667c9.357-9.357 24.522-9.375 33.901-.04L224 284.505l154.745-154.021c9.379-9.335 24.544-9.317 33.901.04l22.667 22.667c9.373 9.373 9.373 24.569 0 33.941L240.971 381.476c-9.373 9.372-24.569 9.372-33.942 0z\"><\/path><\/svg><\/div>\n\t\t\t\t<div class=\"elementor-toc__toggle-button elementor-toc__toggle-button--collapse\" role=\"button\" tabindex=\"0\" aria-controls=\"elementor-toc__iwgw-viracocha-toc\" aria-expanded=\"true\" aria-label=\"Close table of contents\"><svg aria-hidden=\"true\" class=\"e-font-icon-svg e-fas-chevron-up\" viewBox=\"0 0 448 512\" xmlns=\"http:\/\/www.w3.org\/2000\/svg\"><path d=\"M240.971 130.524l194.343 194.343c9.373 9.373 9.373 24.569 0 33.941l-22.667 22.667c-9.357 9.357-24.522 9.375-33.901.04L224 227.495 69.255 381.516c-9.379 9.335-24.544 9.317-33.901-.04l-22.667-22.667c-9.373-9.373-9.373-24.569 0-33.941L207.03 130.525c9.372-9.373 24.568-9.373 33.941-.001z\"><\/path><\/svg><\/div>\n\t\t\t\t\t<\/div>\n\t\t\t\t<div id=\"elementor-toc__iwgw-viracocha-toc\" class=\"elementor-toc__body\">\n\t\t\t<div class=\"elementor-toc__spinner-container\">\n\t\t\t\t<svg class=\"elementor-toc__spinner eicon-animation-spin e-font-icon-svg e-eicon-loading\" aria-hidden=\"true\" viewBox=\"0 0 1000 1000\" xmlns=\"http:\/\/www.w3.org\/2000\/svg\"><path d=\"M500 975V858C696 858 858 696 858 500S696 142 500 142 142 304 142 500H25C25 237 238 25 500 25S975 237 975 500 763 975 500 975Z\"><\/path><\/svg>\t\t\t<\/div>\n\t\t<\/div>\n\t\t\t\t\t\t<\/div>\n\t\t\t\t<\/div>\n\t\t\t\t\t<\/div>\n\t\t\t\t<\/div>\n\t\t<div class=\"elementor-element elementor-element-iwgw-viracocha-hr e-con-full e-flex e-con e-child\" data-id=\"iwgw-viracocha-hr\" data-element_type=\"container\" data-e-type=\"container\">\n\t\t\t\t<div class=\"elementor-element elementor-element-iwgw-viracocha-heroimg iwg-hero-image elementor-widget elementor-widget-image\" data-id=\"iwgw-viracocha-heroimg\" data-element_type=\"widget\" data-e-type=\"widget\" data-widget_type=\"image.default\">\n\t\t\t\t\t\t\t\t\t\t\t\t\t\t\t<img fetchpriority=\"high\" decoding=\"async\" width=\"683\" height=\"1024\" src=\"https:\/\/iwell-guard.com\/wp-content\/uploads\/2026\/05\/goetter_anden-inka_viracocha-683x1024.webp\" class=\"attachment-large size-large wp-image-151594\" alt=\"Viracocha - bogovi iz andsko-inkanske tradicije, povijesno-ilustrativno\" srcset=\"https:\/\/iwell-guard.com\/wp-content\/uploads\/2026\/05\/goetter_anden-inka_viracocha-683x1024.webp 683w, https:\/\/iwell-guard.com\/wp-content\/uploads\/2026\/05\/goetter_anden-inka_viracocha-200x300.webp 200w, https:\/\/iwell-guard.com\/wp-content\/uploads\/2026\/05\/goetter_anden-inka_viracocha-768x1152.webp 768w, https:\/\/iwell-guard.com\/wp-content\/uploads\/2026\/05\/goetter_anden-inka_viracocha.webp 1024w\" sizes=\"(max-width: 683px) 100vw, 683px\" \/>\t\t\t\t\t\t\t\t\t\t\t\t\t\t\t<\/div>\n\t\t\t\t<\/div>\n\t\t\t\t\t<\/div>\n\t\t\t\t<\/div>\n\t\t\t\t<section class=\"elementor-section elementor-top-section elementor-element elementor-element-sec-iwgcomp-viracocha elementor-section-boxed elementor-section-height-default elementor-section-height-default\" data-id=\"sec-iwgcomp-viracocha\" data-element_type=\"section\" data-e-type=\"section\">\n\t\t\t\t\t\t<div class=\"elementor-container elementor-column-gap-default\">\n\t\t\t\t\t<div class=\"elementor-column elementor-col-100 elementor-top-column elementor-element elementor-element-col-iwgcomp-viracocha\" data-id=\"col-iwgcomp-viracocha\" data-element_type=\"column\" data-e-type=\"column\">\n\t\t\t<div class=\"elementor-widget-wrap elementor-element-populated\">\n\t\t\t\t\t\t<div class=\"elementor-element elementor-element-iwgcomp-viracocha elementor-widget elementor-widget-text-editor\" data-id=\"iwgcomp-viracocha\" data-element_type=\"widget\" data-e-type=\"widget\" data-widget_type=\"text-editor.default\">\n\t\t\t\t\t\t\t\t\t<p>Viracocha, <strong>inkanski bog stvoritelj<\/strong>, smatra se najstarijim i najvi\u0161im visokim bo\u017eanstvom inkanske <span class=\"iwg-fachbegriff\" data-tooltip=\"Predstava o ustroju i poretku svijeta unutar neke kulture.\" tabindex=\"0\">kozmologije<\/span>.<\/p>\t\t\t\t\t\t\t\t<\/div>\n\t\t\t\t\t<\/div>\n\t\t<\/div>\n\t\t\t\t\t<\/div>\n\t\t<\/section>\n\t\t<div class=\"elementor-element elementor-element-iwgw-viracocha-s0 e-flex e-con-boxed e-con e-parent\" data-id=\"iwgw-viracocha-s0\" data-element_type=\"container\" data-e-type=\"container\">\n\t\t\t\t\t<div class=\"e-con-inner\">\n\t\t\t\t<div class=\"elementor-element elementor-element-iwgw-viracocha-s0h elementor-widget elementor-widget-heading\" data-id=\"iwgw-viracocha-s0h\" data-element_type=\"widget\" data-e-type=\"widget\" data-widget_type=\"heading.default\">\n\t\t\t\t\t<h2 class=\"elementor-heading-title elementor-size-default\">Polo\u017eaj u andskom panteonu<\/h2>\t\t\t\t<\/div>\n\t\t<div class=\"elementor-element elementor-element-iwgw-viracocha-s0c e-con-full e-flex e-con e-child\" data-id=\"iwgw-viracocha-s0c\" data-element_type=\"container\" data-e-type=\"container\">\n\t\t\t\t<div class=\"elementor-element elementor-element-iwgw-viracocha-s0t elementor-widget elementor-widget-text-editor\" data-id=\"iwgw-viracocha-s0t\" data-element_type=\"widget\" data-e-type=\"widget\" data-widget_type=\"text-editor.default\">\n\t\t\t\t\t\t\t\t\t<p>Viracocha je teolo\u0161ki slo\u017eena figura koja se u kronikama javlja pod brojnim epitetima: <em>Apu Qun Tiqsi Wiraqucha<\/em>, <em>Pachayachachiq<\/em> (U\u010ditelj svijeta), <em>Illa Tiqsi Wiraqucha<\/em> (Wiraqucha svjetlosnog temelja). Ta imena aspekata treba, prema tuma\u010denju Pierrea Duviola, \u010ditati kao izraz izvorno andske, filozofsko-spekulativne <span class=\"iwg-fachbegriff\" data-tooltip=\"Znanstveno u\u010denje o Bogu i vjerovanjima neke religije.\" tabindex=\"0\">teologije<\/span> koja je djelovala ispod povr\u0161ine osobno-bo\u017eanskog visokog kulta.<\/p><p>Rane kronike (Cieza de Le\u00f3n, Sarmiento de Gamboa, Crist\u00f3bal de Molina) prikazuju Viracochu kao najvi\u0161e bi\u0107e ispred svih drugih bo\u017eanstava.<\/p><p>Garcilaso de la Vega, koji pi\u0161e kasnije i vi\u0161e se oslanja na inkansko poimanje kasnijeg uzdizanja Intija, opisuje odnos slo\u017eenije: Inti je vidljivi vladar, Viracocha nevidljivi stvoritelj. S religiologijskog gledi\u0161ta ovdje se prepoznaje teolo\u0161ko naslojavanje, u kojem supostoje starije vjerovanje u boga stvoritelja i mla\u0111a carska solarna <span class=\"iwg-fachbegriff\" data-tooltip=\"Znanstveno u\u010denje o Bogu i vjerovanjima neke religije.\" tabindex=\"0\">teologija<\/span>.<\/p><p>Zanimljivo je da se Viracocha na aymarskom podru\u010dju nazivao <em>Tunupa<\/em> ili <em>Tonopa<\/em>, figura s vlastitim mitolo\u0161kim pripovijestima koju je religijska etnologinja Therese Bouysse-Cassagne detaljno istra\u017eila u djelu <em>Lluvias y cenizas<\/em> (1988).<\/p><p>Kod Aymara je Tunupa manje jasno stvoritelj nego inkanski Viracocha, pokazuje i tricksterske crte i tijesno je povezan s vulkanizmom te regije.<\/p>\t\t\t\t\t\t\t\t<\/div>\n\t\t\t\t<\/div>\n\t\t\t\t\t<\/div>\n\t\t\t\t<\/div>\n\t\t<div class=\"elementor-element elementor-element-iwgw-viracocha-s1 e-flex e-con-boxed e-con e-parent\" data-id=\"iwgw-viracocha-s1\" data-element_type=\"container\" data-e-type=\"container\">\n\t\t\t\t\t<div class=\"e-con-inner\">\n\t\t\t\t<div class=\"elementor-element elementor-element-iwgw-viracocha-s1h elementor-widget elementor-widget-heading\" data-id=\"iwgw-viracocha-s1h\" data-element_type=\"widget\" data-e-type=\"widget\" data-widget_type=\"heading.default\">\n\t\t\t\t\t<h2 class=\"elementor-heading-title elementor-size-default\">Ime i etimologija<\/h2>\t\t\t\t<\/div>\n\t\t<div class=\"elementor-element elementor-element-iwgw-viracocha-s1c e-con-full e-flex e-con e-child\" data-id=\"iwgw-viracocha-s1c\" data-element_type=\"container\" data-e-type=\"container\">\n\t\t\t\t<div class=\"elementor-element elementor-element-iwgw-viracocha-s1t elementor-widget elementor-widget-text-editor\" data-id=\"iwgw-viracocha-s1t\" data-element_type=\"widget\" data-e-type=\"widget\" data-widget_type=\"text-editor.default\">\n\t\t\t\t\t\t\t\t\t<p>Etimologija imena <em>Wiraqucha<\/em> odavno je sporna. Garcilaso de la Vega izvodi ga iz <em>wira<\/em> (mast, vrhnje) i <em>qucha<\/em> (jezero) te ga prevodi kao <em>mast jezera<\/em> odnosno <em>pjena na vodi<\/em>. Ta etimologija dobro se uklapa u <span class=\"iwg-fachbegriff\" data-tooltip=\"Predana pri\u010da o bogovima, podrijetlu i poretku svijeta.\" tabindex=\"0\">mit<\/span> o vodenom stvoritelju iz Titicace, ali jezikoslovno nije nu\u017ena.<\/p><p>Alternativno tuma\u010denje povezuje prvi slog s rije\u010dju <em>wila<\/em> (aymarski: krv) i dolazi do zna\u010denja <em>krv jezera<\/em> ili predstave o crvenoj, vulkanskoj vodi.<\/p><p>C\u00e9sar Itier je u svojim jezikoslovnim radovima (2008, 2013) ukazao na mogu\u0107i tre\u0107i smjer tuma\u010denja, prema kojem bi <em>wira<\/em> mogao potjecati od starinskog korijena <em>wir-<\/em> u zna\u010denju <em>blistavost<\/em> ili <em>svjetlosni sjaj<\/em>, \u010dime bi Wiraqucha bio <em>svjetlosni sjaj jezera<\/em>.<\/p><p>U kolonijalnoj upotrebi jezika rije\u010d <em>wiraqucha<\/em> vrlo se brzo po\u010dela koristiti kao naziv za \u0160panjolce, najprije zato \u0161to su Inke bradate osvaja\u010de smatrali o\u010ditovanjima bradatog boga stvoritelja, a zatim kao op\u0107i \u010dasni naziv koji se u nekim ke\u010dua-govornim podru\u010djima jo\u0161 danas koristi za <em>gospodina<\/em> ili <em>se\u00f1ora<\/em>.<\/p>\t\t\t\t\t\t\t\t<\/div>\n\t\t\t\t<\/div>\n\t\t\t\t\t<\/div>\n\t\t\t\t<\/div>\n\t\t<div class=\"elementor-element elementor-element-iwgw-viracocha-s2 e-flex e-con-boxed e-con e-parent\" data-id=\"iwgw-viracocha-s2\" data-element_type=\"container\" data-e-type=\"container\">\n\t\t\t\t\t<div class=\"e-con-inner\">\n\t\t\t\t<div class=\"elementor-element elementor-element-iwgw-viracocha-s2h elementor-widget elementor-widget-heading\" data-id=\"iwgw-viracocha-s2h\" data-element_type=\"widget\" data-e-type=\"widget\" data-widget_type=\"heading.default\">\n\t\t\t\t\t<h2 class=\"elementor-heading-title elementor-size-default\">Opis i ikonografija<\/h2>\t\t\t\t<\/div>\n\t\t<div class=\"elementor-element elementor-element-iwgw-viracocha-s2c e-con-full e-flex e-con e-child\" data-id=\"iwgw-viracocha-s2c\" data-element_type=\"container\" data-e-type=\"container\">\n\t\t\t\t<div class=\"elementor-element elementor-element-iwgw-viracocha-s2t elementor-widget elementor-widget-text-editor\" data-id=\"iwgw-viracocha-s2t\" data-element_type=\"widget\" data-e-type=\"widget\" data-widget_type=\"text-editor.default\">\n\t\t\t\t\t\t\t\t\t<p>Viracocha se u izvorima neobi\u010dno \u010desto opisuje kao bradati starac koji hoda Andama u dugom pla\u0161tu, sa \u0161tapom i sun\u010danom krunom.<\/p><p>Taj opis odstupa od tipi\u010dne doma\u0107e ikonografije Anda, u kojoj su bradati mu\u0161karci prakti\u010dki nepoznati, i doveo je do ranije spekulacije da je Viracocha povijesni odjek predkolumbovskog posjetitelja iz Euroazije. Tu je spekulaciju moderna znanost odbacila.<\/p><p>Glavni ikonografski izvor \u010dine poznata <em>Sun\u010deva vrata Tiwanakua<\/em> (oko 600. do 1000. n. Kr.), u \u010dijem se sredi\u0161tu nalazi sredi\u0161nja figura sa zrakastom krunom i simetri\u010dno ra\u0161irenim rukama, u kojima dr\u017ei dva \u0161tapa (\u010desto tuma\u010dena kao koplja ili baca\u010di).<\/p><p>Ta tzv. figura <em>Staffgod<\/em> redovito se u arheolo\u0161koj literaturi identificira s Viracochom, iako emski naziv kulture Tiwanaku za tu figuru nije sa\u010duvan. Karen Wise i John Janusek u svojim su istra\u017eivanjima Tiwanakua vi\u0161e puta upozorili na potrebu opreza pri toj identifikaciji.<\/p><p>Uvrije\u017eena je i povezanost Viracoche s inkanskom prijestolnicom Cuscom i njezinim sredi\u0161njim <span class=\"iwg-fachbegriff\" data-tooltip=\"Gra\u0111evina namijenjena \u0161tovanju jednog ili vi\u0161e bo\u017eanstava.\" tabindex=\"0\">hramom<\/span>, Coricanchom. Prema Sarmientu, inka Pachacuti je u Coricanchi navodno postavio vlastitu statuu Wiraquche, potpuno zlatno obli\u010dje koje su \u0160panjolci jo\u0161 zatekli 1532. godine.<\/p>\t\t\t\t\t\t\t\t<\/div>\n\t\t\t\t<\/div>\n\t\t\t\t\t<\/div>\n\t\t\t\t<\/div>\n\t\t<div class=\"elementor-element elementor-element-iwgw-viracocha-s3 e-flex e-con-boxed e-con e-parent\" data-id=\"iwgw-viracocha-s3\" data-element_type=\"container\" data-e-type=\"container\">\n\t\t\t\t\t<div class=\"e-con-inner\">\n\t\t\t\t<div class=\"elementor-element elementor-element-iwgw-viracocha-s3h elementor-widget elementor-widget-heading\" data-id=\"iwgw-viracocha-s3h\" data-element_type=\"widget\" data-e-type=\"widget\" data-widget_type=\"heading.default\">\n\t\t\t\t\t<h2 class=\"elementor-heading-title elementor-size-default\">Mitolo\u0161ke pri\u010de<\/h2>\t\t\t\t<\/div>\n\t\t<div class=\"elementor-element elementor-element-iwgw-viracocha-s3c e-con-full e-flex e-con e-child\" data-id=\"iwgw-viracocha-s3c\" data-element_type=\"container\" data-e-type=\"container\">\n\t\t\t\t<div class=\"elementor-element elementor-element-iwgw-viracocha-s3t elementor-widget elementor-widget-text-editor\" data-id=\"iwgw-viracocha-s3t\" data-element_type=\"widget\" data-e-type=\"widget\" data-widget_type=\"text-editor.default\">\n\t\t\t\t\t\t\t\t\t<p>Glavni mit po\u010dinje u fazi svjetske tame. Viracocha se pojavljuje na <em>Isla del Sol<\/em> u jezeru Titicaca i najprije stvara prvo \u010dovje\u010danstvo od kamena, koje zbog neposluha uni\u0161tava velikim potopom.<\/p><p>Prema Cristobalu de Molini, on zatim u <em>Tiwanaku<\/em> oblikuje drugo \u010dovje\u010danstvo od glave, dodjeljuje svakoj skupini njezin jezik, no\u0161nju i domovinu i \u0161alje ih da putuju preko Anda.<\/p><p>Zatim Viracocha sam luta Andama prema sjeveru, u\u010di ljude zemljoradnji, tkanju i religiji te naposljetku napu\u0161ta svijet na obali Pacifika, kro\u010de\u0107i po vodi i nestaju\u0107i u pravcu zapada.<\/p><p>Neki inkanski teolozi tuma\u010dili su ovu zavr\u0161nu epizodu kao znak da \u0107e se Viracocha jednog dana vratiti sa zapada, mesijansko o\u010dekivanje koje je u ranim godinama \u0161panjolskog osvajanja nakratko projicirano na konkvistadore, \u0161to djelomi\u010dno obja\u0161njava brzi vojni slom Inkanskog Carstva.<\/p><p>Sin Viracoche u nekim izvorima pojavljuje se kao <em>Imaymana Viracocha<\/em> ili kao <em>Tocapo Viracocha<\/em>, koji kao bra\u0107a ili pratitelji stvoritelja putuju Andama i stvaraju kozmi\u010dki poredak.<\/p><p>Ova trijada trojice Wiraquchi podsje\u0107ala je \u0161panjolske kroni\u010dare na kr\u0161\u0107ansko Trojstvo, \u0161to je pokrenulo raspravu o mogu\u0107oj prekr\u0161\u0107anskoj andskoj misiji, koja povijesno nije dokaziva.<\/p><p>Osobito va\u017ean izvor je <span class=\"iwg-fachbegriff\" data-tooltip=\"Predana pri\u010da o bogovima, podrijetlu i poretku svijeta.\" tabindex=\"0\">mit<\/span> o <em>vulkanu Cacha<\/em>, koji prenosi Cieza de Leon (1553): prema njemu, Viracocha je do\u0161ao u Cachu, gdje mu stanovnici zbog njegovog stranog izgleda nisu htjeli vjerovati i napali su ga.<\/p><p>Na to je stvoritelj spustio vatru s neba i spalio zemlju, sve dok stanovnici Cache nisu uvidjeli svoju krivnju i zamolili za njegov oprost.<\/p><p>Arheolo\u0161ki nalaz vulkanskog lavinog sloja kod Raqchija\/Cache dao je ovom <span class=\"iwg-fachbegriff\" data-tooltip=\"Predana pri\u010da o bogovima, podrijetlu i poretku svijeta.\" tabindex=\"0\">mitu<\/span> obja\u0161njivu geolo\u0161ku pozadinu. Sarmiento de Gamboa navodi da su Inke na tom mjestu kasnije podigli veliki dvostruki hram s visokim zidovima od adobea, \u010diji ostatci i danas dominiraju dolinom.<\/p>\t\t\t\t\t\t\t\t<\/div>\n\t\t\t\t<\/div>\n\t\t\t\t\t<\/div>\n\t\t\t\t<\/div>\n\t\t<div class=\"elementor-element elementor-element-iwgw-viracocha-s4 e-flex e-con-boxed e-con e-parent\" data-id=\"iwgw-viracocha-s4\" data-element_type=\"container\" data-e-type=\"container\">\n\t\t\t\t\t<div class=\"e-con-inner\">\n\t\t\t\t<div class=\"elementor-element elementor-element-iwgw-viracocha-s4h elementor-widget elementor-widget-heading\" data-id=\"iwgw-viracocha-s4h\" data-element_type=\"widget\" data-e-type=\"widget\" data-widget_type=\"heading.default\">\n\t\t\t\t\t<h2 class=\"elementor-heading-title elementor-size-default\">Kult i \u0161tovanje<\/h2>\t\t\t\t<\/div>\n\t\t<div class=\"elementor-element elementor-element-iwgw-viracocha-s4c e-con-full e-flex e-con e-child\" data-id=\"iwgw-viracocha-s4c\" data-element_type=\"container\" data-e-type=\"container\">\n\t\t\t\t<div class=\"elementor-element elementor-element-iwgw-viracocha-s4t elementor-widget elementor-widget-text-editor\" data-id=\"iwgw-viracocha-s4t\" data-element_type=\"widget\" data-e-type=\"widget\" data-widget_type=\"text-editor.default\">\n\t\t\t\t\t\t\t\t\t<p>Specifi\u010dan Viracochin <span class=\"iwg-fachbegriff\" data-tooltip=\"Ukupnost religijskih obreda \u0161tovanja neke bo\u017eanske ili svete pojave.\" tabindex=\"0\">kult<\/span> bio je manje institucionalno razvijen od Intijeva <span class=\"iwg-fachbegriff\" data-tooltip=\"Ukupnost religijskih obreda \u0161tovanja neke bo\u017eanske ili svete pojave.\" tabindex=\"0\">kulta<\/span>. Glavna kultna mjesta nalazila su se u Coricanchi u Cuscu, gdje je postojala posebna Viracochina odaja, te u predinka\u0161kim sveti\u0161tima Pacaritamba, Tiwanakua i otoka Isla del Sol.<\/p><p>I veliki kultni kompleks Pachacamaca na peruanskoj pacifi\u010dkoj obali neki su kroni\u010dari pripisivali Viracochi, iako se ondje prije svega \u0161tovao proro\u010dki vrhovni bog <a href=\"https:\/\/iwell-guard.com\/hr\/?page_id=149659\">Pachakamak<\/a>.<\/p><p>Inka Pachacuti (vladao 1438, 1471) prema Sarmientu de Gamboi smatra se velikim promicateljem Viracochina kulta. Pachacuti je navodno u viziji \u010duo glas Stvoritelja te potom dao izgraditi <span class=\"iwg-fachbegriff\" data-tooltip=\"Gra\u0111evina namijenjena \u0161tovanju jednog ili vi\u0161e bo\u017eanstava.\" tabindex=\"0\">hramove<\/span> u Cuscu i u regiji Cacha.<\/p><p>Arheolo\u0161ki kompleks <em>Raqchija<\/em> kod San Pedra de Cache, sa svojim monumentalnim zidovima od nepe\u010dene opeke u obliku broda, tradicionalno se poistovje\u0107uje s velikim Viracochinim <span class=\"iwg-fachbegriff\" data-tooltip=\"Gra\u0111evina namijenjena \u0161tovanju jednog ili vi\u0161e bo\u017eanstava.\" tabindex=\"0\">hramom<\/span> Pachacutija.<\/p><p>Ritualna praksa \u017ertvovanja Viracochi uklju\u010divala je \u017ertvovanje lama (uobi\u010dajena je bila bijela \u017eenka lame, za razliku od sme\u0111e \u017eenke za Intija), spaljivanje kukuruza i li\u0161\u0107a koke te \u017ertvene ljevanice od chiche. Za razliku od Intijeva <span class=\"iwg-fachbegriff\" data-tooltip=\"Ukupnost religijskih obreda \u0161tovanja neke bo\u017eanske ili svete pojave.\" tabindex=\"0\">kulta<\/span>, doba dana nije bilo strogo odre\u0111eno, jer se Viracochu zami\u0161ljalo kao bi\u0107e koje stoji iznad nebeskih tijela.<\/p>\t\t\t\t\t\t\t\t<\/div>\n\t\t\t\t<\/div>\n\t\t\t\t\t<\/div>\n\t\t\t\t<\/div>\n\t\t<div class=\"elementor-element elementor-element-iwgw-viracocha-s5 e-flex e-con-boxed e-con e-parent\" data-id=\"iwgw-viracocha-s5\" data-element_type=\"container\" data-e-type=\"container\">\n\t\t\t\t\t<div class=\"e-con-inner\">\n\t\t\t\t<div class=\"elementor-element elementor-element-iwgw-viracocha-s5h elementor-widget elementor-widget-heading\" data-id=\"iwgw-viracocha-s5h\" data-element_type=\"widget\" data-e-type=\"widget\" data-widget_type=\"heading.default\">\n\t\t\t\t\t<h2 class=\"elementor-heading-title elementor-size-default\">Za\u0161titna praksa i apotropejski elementi<\/h2>\t\t\t\t<\/div>\n\t\t<div class=\"elementor-element elementor-element-iwgw-viracocha-s5c e-con-full e-flex e-con e-child\" data-id=\"iwgw-viracocha-s5c\" data-element_type=\"container\" data-e-type=\"container\">\n\t\t\t\t<div class=\"elementor-element elementor-element-iwgw-viracocha-s5t elementor-widget elementor-widget-text-editor\" data-id=\"iwgw-viracocha-s5t\" data-element_type=\"widget\" data-e-type=\"widget\" data-widget_type=\"text-editor.default\">\n\t\t\t\t\t\t\t\t\t<p>Posebna za\u0161titna praksa vezana za Viracochu te\u0161ko je uo\u010dljiva u izvorima. Stvoriteljski bog bio je u inkanskoj <span class=\"iwg-fachbegriff\" data-tooltip=\"Znanstveno u\u010denje o Bogu i vjerovanjima jedne religije.\" tabindex=\"0\">teologiji<\/span> previ\u0161e dalek i previ\u0161e op\u0107enit da bi ga se izravno prizivalo u pojedinim \u017eivotnim situacijama. Za\u0161titno \u0161tovanje bilo je usmjereno prije na posredni\u010dke figure, Intija, <a href=\"https:\/\/iwell-guard.com\/hr\/?page_id=149660\">Illapu<\/a> i lokalne gospodare gora <em>Apu<\/em>, dok je Viracocha djelovao kao pozadinsko na\u010delo poretka.<\/p><p>Me\u0111utim, u aktima <em>extirpaci\u00f3n de idolatr\u00edas<\/em> (17. stolje\u0107e) vi\u0161e se puta spominju ku\u0107ni amuleti u obliku malih kamenih figurica, nazivanih <em>conopa<\/em> ili <em>illa<\/em>, koji pokazuju veze s Viracochinom <span class=\"iwg-fachbegriff\" data-tooltip=\"Znanstveno u\u010denje o Bogu i vjerovanjima jedne religije.\" tabindex=\"0\">teologijom<\/span>.<\/p><p>Te kamene figurice, naj\u010de\u0161\u0107e u obliku malih lama, kukuruza ili ljudskih oblika, smatrane su otjelovljenjem stvarala\u010dke snage koja je trebala useliti u ku\u0107anstvo i \u0161tititi ga. \u010cuvane su u donjim slojevima zidne oplate ili ispod ognji\u0161ta, a na blagdane su bile prskane lama\u010djom ma\u0161\u0107u i chichom.<\/p><p>Religijsko-znanstveno je relevantno da ova praksa s conopama nije bila zami\u0161ljena kao magijsko-obvezuju\u0107a, nego kao njegovanje odnosa prema stvarala\u010dkoj svjetskoj tvari koja je bila \u017eiva u ku\u0107i, na polju i u stadu. Kontekst iWell Guarda opisuje ovu praksu kao povijesnu pojavu, a ne kao preporuku djelovanja.<\/p><p>U dana\u0161njoj narodno-religijskoj praksi peruanskih i bolivijskih visokoravninskih zajednica, kamene figurice conopa u mnogim su slu\u010dajevima i dalje u uporabi, ali pod novim nazivom <em>illa<\/em>.<\/p><p>Njima se prije svega koriste pastiri koji \u010duvaju male kamene lame ili izrezbarene figurice alpake ispod praga vrata ili u spava\u0107oj sobi, kako bi osigurali zdravlje stada. Olivia Harris u djelu <em>Of Bread and Blood<\/em> (2000) dokumentirala je trajnu prisutnost ove prakse u ajmarskim selima Bolivije.<\/p>\t\t\t\t\t\t\t\t<\/div>\n\t\t\t\t<\/div>\n\t\t\t\t\t<\/div>\n\t\t\t\t<\/div>\n\t\t<div class=\"elementor-element elementor-element-iwgw-viracocha-s6 e-flex e-con-boxed e-con e-parent\" data-id=\"iwgw-viracocha-s6\" data-element_type=\"container\" data-e-type=\"container\">\n\t\t\t\t\t<div class=\"e-con-inner\">\n\t\t\t\t<div class=\"elementor-element elementor-element-iwgw-viracocha-s6h elementor-widget elementor-widget-heading\" data-id=\"iwgw-viracocha-s6h\" data-element_type=\"widget\" data-e-type=\"widget\" data-widget_type=\"heading.default\">\n\t\t\t\t\t<h2 class=\"elementor-heading-title elementor-size-default\">Paralele u drugim kulturama<\/h2>\t\t\t\t<\/div>\n\t\t<div class=\"elementor-element elementor-element-iwgw-viracocha-s6c e-con-full e-flex e-con e-child\" data-id=\"iwgw-viracocha-s6c\" data-element_type=\"container\" data-e-type=\"container\">\n\t\t\t\t<div class=\"elementor-element elementor-element-iwgw-viracocha-s6t elementor-widget elementor-widget-text-editor\" data-id=\"iwgw-viracocha-s6t\" data-element_type=\"widget\" data-e-type=\"widget\" data-widget_type=\"text-editor.default\">\n\t\t\t\t\t\t\t\t\t<p>Strukturno se Viracocha mo\u017ee usporediti s drugim figurama tipa <em>deus otiosus<\/em> u povijesti religija, sa stvoriteljskim bogovima koji se nakon stvaranja povla\u010de u pozadinu i primaju manje izravan <span class=\"iwg-fachbegriff\" data-tooltip=\"Ukupnost religijskih obreda \u0161tovanja neke bo\u017eanske ili svete pojave.\" tabindex=\"0\">kult<\/span> od mla\u0111ih specijaliziranih bogova. Mircea Eliade opisao je taj obrazac za afri\u010dke i sibirske religije; Pierre Duviols i Henrique Urbano primijenili su ga na Viracochu.<\/p><p>Srodni su primjerice starodrevni afri\u010dki visoki bog <em>Nyame<\/em> naroda Akan, polinezijski visoki bog <em>Io<\/em> Maora ili australsko-aborid\u017einski <em>Baiame<\/em>. U svim tim slu\u010dajevima nailazimo na stvoritelja koji povu\u010deno po\u010diva na nebu, dok se svakodnevna religijska praksa usmjerava prema mla\u0111im, bli\u017eim bo\u017eanstvima.<\/p><p>Unutar Andi Viracocha je usko povezan s bogom obale Pachakamakom; u nekim kronikama dvojica su opisani kao otac i sin ili kao bra\u0107a.<\/p><p>Mary Eyzaguirre u svom radu o Pachakamak-<span class=\"iwg-fachbegriff\" data-tooltip=\"Ukupnost religijskih obreda \u0161tovanja neke bo\u017eanske ili svete pojave.\" tabindex=\"0\">kultu<\/span> (2003) detaljno je istra\u017eila teolo\u0161ku povezanost dvaju visokih bogova. Usporedive figure stvoriteljskih bogova nalaze se u sjevernoameri\u010dkom kontekstu, primjerice u <a href=\"https:\/\/iwell-guard.com\/hr\/?page_id=149665\">Wakan Tanki<\/a> Lakota i u djedu <a href=\"https:\/\/iwell-guard.com\/hr\/?page_id=149668\">Tunkasili<\/a>.<\/p><p>Znanstvena specijalisti\u010dka rasprava o Viracochi otvorila je tako\u0111er pitanje u kojoj je mjeri teologiju stvaranja u Andama potrebno klasificirati kao monoteisti\u010dku ili politeisti\u010dku.<\/p><p>Pierre Duviols u djelu <em>Cultura andina y represion<\/em> (1986) argumentirao je da inkanska <span class=\"iwg-fachbegriff\" data-tooltip=\"Znanstvena doktrina o Bogu i o vjerovanjima neke religije.\" tabindex=\"0\">teologija<\/span> ne odgovara ni klasi\u010dnom <span class=\"iwg-fachbegriff\" data-tooltip=\"Vjerovanje u jednog jedinog boga.\" tabindex=\"0\">monoteizmu<\/span> ni klasi\u010dnom <span class=\"iwg-fachbegriff\" data-tooltip=\"Vjerovanje u vi\u0161e bogova.\" tabindex=\"0\">politeizmu<\/span>, ve\u0107 prije <em>henoteizmu<\/em>, u kojem visoki bog ostaje u pozadini, dok se brojna ni\u017ea bi\u0107a \u0161tuju.<\/p><p>Tu je kategoriju Max Mueller u 19. stolje\u0107u uveo za vedski hinduizam, a prenosiva je i na andske prilike.<\/p><p>Usporedba sa staroperzijskim <em>Ahura Mazdom<\/em>, mezopotamskim <em>Anom<\/em> ili starogr\u010dkim <em>Ouranosom<\/em> tako\u0111er je ostavila trag u znanstvenoj literaturi. U sva tri slu\u010daja rije\u010d je o stvoriteljskim figurama koje se strukturno povla\u010de pred mla\u0111im glavnim bogovima (Mitra, Marduk, Zeus), a ipak ostaju sredi\u0161nje u teolo\u0161ko-filozofskoj refleksiji.<\/p>\t\t\t\t\t\t\t\t<\/div>\n\t\t\t\t<\/div>\n\t\t\t\t\t<\/div>\n\t\t\t\t<\/div>\n\t\t<div class=\"elementor-element elementor-element-iwgw-viracocha-s7 e-flex e-con-boxed e-con e-parent\" data-id=\"iwgw-viracocha-s7\" data-element_type=\"container\" data-e-type=\"container\">\n\t\t\t\t\t<div class=\"e-con-inner\">\n\t\t\t\t<div class=\"elementor-element elementor-element-iwgw-viracocha-s7h elementor-widget elementor-widget-heading\" data-id=\"iwgw-viracocha-s7h\" data-element_type=\"widget\" data-e-type=\"widget\" data-widget_type=\"heading.default\">\n\t\t\t\t\t<h2 class=\"elementor-heading-title elementor-size-default\">Suvremena recepcija i istra\u017eivanja<\/h2>\t\t\t\t<\/div>\n\t\t<div class=\"elementor-element elementor-element-iwgw-viracocha-s7c e-con-full e-flex e-con e-child\" data-id=\"iwgw-viracocha-s7c\" data-element_type=\"container\" data-e-type=\"container\">\n\t\t\t\t<div class=\"elementor-element elementor-element-iwgw-viracocha-s7t elementor-widget elementor-widget-text-editor\" data-id=\"iwgw-viracocha-s7t\" data-element_type=\"widget\" data-e-type=\"widget\" data-widget_type=\"text-editor.default\">\n\t\t\t\t\t\t\t\t\t<p>Viracocha-<span class=\"iwg-fachbegriff\" data-tooltip=\"Ukupnost religijskih obreda \u0161tovanja neke bo\u017eanske ili svete pojave.\" tabindex=\"0\">kult<\/span> je s osvajanjem uglavnom nestao. \u0160panjolska misija brzo je identificirala stvoriteljskog boga s kr\u0161\u0107anskim Bogom, \u0161to je olak\u0161alo kristijanizaciju, ali je istovremeno gasilo samostalno \u0161tovanje Viracoche.<\/p><p>U suvremenim zajednicama govornika ke\u010dua u visoravnima, <em>Wiraqucha<\/em> danas nije samostalan predmet kulta, ve\u0107 oznaka za katoli\u010dko-kr\u0161\u0107anskog Boga (<em>Dios Wiraqucha<\/em>) ili za po\u0161tovanog, starog \u010dovjeka.<\/p><p>U akademskom istra\u017eivanju Viracocha kao figura predimperijalne teologije stvaranja i dalje ima zna\u010denje. Henrique Urbano (<em>Wiraqocha y Ayar<\/em>, 1981), Pierre Duviols, Therese Bouysse-Cassagne i Cesar Itier posljednjih desetlje\u0107a pokazali su kako su \u0161panjolski kroni\u010dari andske koncepte <span class=\"iwg-fachbegriff\" data-tooltip=\"Znanstvena doktrina o Bogu i o vjerovanjima neke religije.\" tabindex=\"0\">teologije<\/span> \u010ditali kroz kr\u0161\u0107anske nao\u010dale i djelomi\u010dno ih preoblikovali.<\/p><p>Zbog toga je metodolo\u0161ki te\u0161ko iz kroni\u010darskih izvora rekonstruirati izvornu, pred-inkansku i inkansku Viracochu.<\/p><p>Arheolo\u0161ki je istra\u017eivanje <em>Staffgoda<\/em> na Tiwanaku, Chavinu (s poznatim reljefom Raimondi-<span class=\"iwg-fachbegriff\" data-tooltip=\"Uspravno postavljena, natpisom ili slikom ukra\u0161ena kamena ili drvena plo\u010da.\" tabindex=\"0\">stele<\/span>) i Wariju donijelo nove tragove mogu\u0107e daleko unatrag posegnute kontinuirane tradicije stvoriteljskog boga.<\/p><p>Luk od Chavina (oko 900. pr. Kr.) preko Tiwanaku\/Warija (oko 500., 1000. n. Kr.) do Inka (1438., 1532.) bio bi, ako se potvrdi, jedan od dugih lukova latinoameri\u010dke povijesti religija.<\/p><p>Va\u017enu novu istra\u017eiva\u010dku liniju \u010dini arheoastronomsko istra\u017eivanje odnosa Viracoche prema zvjezdanom nebu. Gary Urton je u djelu <em>At the Crossroads of the Earth and the Sky<\/em> (1981) pokazao da su Inke <em>Mlije\u010dnu stazu<\/em> (Mayu) razumijevali kao kozmi\u010dku rijeku koju Wiraqucha usmjerava kroz nebo.<\/p><p>Ta kozmolo\u0161ka dubinska struktura ostala je neprimije\u0107ena tijekom \u0161panjolske misije i tek je putem moderne etnoastronomije postala dostupna.<\/p>\t\t\t\t\t\t\t\t<\/div>\n\t\t\t\t<\/div>\n\t\t\t\t\t<\/div>\n\t\t\t\t<\/div>\n\t\t<div class=\"elementor-element elementor-element-iwgw-viracocha-s8 e-flex e-con-boxed e-con e-parent\" data-id=\"iwgw-viracocha-s8\" data-element_type=\"container\" data-e-type=\"container\">\n\t\t\t\t\t<div class=\"e-con-inner\">\n\t\t\t\t<div class=\"elementor-element elementor-element-iwgw-viracocha-s8h elementor-widget elementor-widget-heading\" data-id=\"iwgw-viracocha-s8h\" data-element_type=\"widget\" data-e-type=\"widget\" data-widget_type=\"heading.default\">\n\t\t\t\t\t<h2 class=\"elementor-heading-title elementor-size-default\">Literatura i izvori<\/h2>\t\t\t\t<\/div>\n\t\t<div class=\"elementor-element elementor-element-iwgw-viracocha-s8c e-con-full e-flex e-con e-child\" data-id=\"iwgw-viracocha-s8c\" data-element_type=\"container\" data-e-type=\"container\">\n\t\t\t\t<div class=\"elementor-element elementor-element-iwgw-viracocha-s8t elementor-widget elementor-widget-text-editor\" data-id=\"iwgw-viracocha-s8t\" data-element_type=\"widget\" data-e-type=\"widget\" data-widget_type=\"text-editor.default\">\n\t\t\t\t\t\t\t\t\t<p>Sljede\u0107i izbor navodi klju\u010dna djela andske etnologije i povijesti religija o pitanju Viracoche, s posebnim naglaskom na teolo\u0161ko-filozofski dubinski sloj inkanske religije.<\/p>\t\t\t\t\t\t\t\t<\/div>\n\t\t\t\t<\/div>\n\t\t\t\t\t<\/div>\n\t\t\t\t<\/div>\n\t\t<div class=\"elementor-element elementor-element-cp20b19ce8 e-flex e-con-boxed e-con e-parent\" data-id=\"cp20b19ce8\" data-element_type=\"container\" data-e-type=\"container\">\n\t\t\t\t\t<div class=\"e-con-inner\">\n\t\t\t\t<div class=\"elementor-element elementor-element-cp2cd2ff6b elementor-widget elementor-widget-heading\" data-id=\"cp2cd2ff6b\" data-element_type=\"widget\" data-e-type=\"widget\" data-widget_type=\"heading.default\">\n\t\t\t\t\t<h2 class=\"elementor-heading-title elementor-size-default\">Viracocha u kronikama 16. stolje\u0107a<\/h2>\t\t\t\t<\/div>\n\t\t<div class=\"elementor-element elementor-element-cp270124ee e-flex e-con-boxed e-con e-child\" data-id=\"cp270124ee\" data-element_type=\"container\" data-e-type=\"container\">\n\t\t\t\t\t<div class=\"e-con-inner\">\n\t\t\t\t<div class=\"elementor-element elementor-element-cp2c92af90 elementor-widget elementor-widget-text-editor\" data-id=\"cp2c92af90\" data-element_type=\"widget\" data-e-type=\"widget\" data-widget_type=\"text-editor.default\">\n\t\t\t\t\t\t\t\t\t<p>Gotovo sve \u0161to se znade o Viracochi potje\u010de iz \u0161panjolskih i mesti\u010dkih kronika napisanih nakon osvajanja Inkanskog Carstva.<\/p><p>Me\u0111u najva\u017enije izvore ubrajaju se djela Juana de Betanzosa, koji je bio o\u017eenjen \u017eenom iz inkanskog plemstva i pisao oko 1551., Pedra Ciezu de Le\u00f3na, Crist\u00f3bala de Molinu iz Cusca te opse\u017eno djelo Bernab\u00e9a Coba iz 17. stolje\u0107a.<\/p><p>Ovi se tekstovi u osnovnim crtama podudaraju, ali se u pojedinostima znatno razlikuju.<\/p><p>U kronikama se Viracocha pojavljuje kao stvoriteljska prilika koja na jezeru Titicaca stvara svijet, sunce, mjesec i prve ljude, zatim putuje kroz zemlju i kona\u010dno odlazi preko mora.<\/p><p>Znanstvenici su rano uo\u010dili da ova pripovijest mo\u017eda sna\u017eno odra\u017eava europske predod\u017ebe. Neki su kroni\u010dari imali tendenciju pribli\u017eiti Viracochu vrhovnom, gotovo monoteisti\u010dkom bogu, \u0161to je odgovaralo misionarskim interesima da se prona\u0111e poveznica s kr\u0161\u0107anskim Bogom Stvoriteljem.<\/p><p>Sabine MacCormack i drugi pokazali su da su kronike Viracochu dijelom stilizirale u apstraktno vrhovno bi\u0107e, koje mo\u017eda u pretkolonijalnom <span class=\"iwg-fachbegriff\" data-tooltip=\"Ukupnost obreda \u0161tovanja neke bo\u017eanske ili svete prilike.\" tabindex=\"0\">kultu<\/span> nije bilo u sredi\u0161tu. Stvar dodatno komplicira \u010dinjenica da je Viracocha bio i ime povijesnog inkanskog vladara te da \u0161panjolski promatra\u010di to dvoje nisu uvijek jasno razlikovali.<\/p><p>Ozbiljan prikaz zato mora naglasiti da sa\u010duvana slika Viracoche sadr\u017ei kolonijalnu konstrukciju \u010diju je pretkolonijalnu podlogu mogu\u0107e rekonstruirati samo s velikom nesigurno\u0161\u0107u. O regionalnoj religijskoj praksi Inka vidi i <a href=\"https:\/\/iwell-guard.com\/hr\/?page_id=149655\">Inti<\/a>.<\/p>\t\t\t\t\t\t\t\t<\/div>\n\t\t\t\t\t<\/div>\n\t\t\t\t<\/div>\n\t\t\t\t\t<\/div>\n\t\t\t\t<\/div>\n\t\t<div class=\"elementor-element elementor-element-cp287f08ac e-flex e-con-boxed e-con e-parent\" data-id=\"cp287f08ac\" data-element_type=\"container\" data-e-type=\"container\">\n\t\t\t\t\t<div class=\"e-con-inner\">\n\t\t\t\t<div class=\"elementor-element elementor-element-cp286b8694 elementor-widget elementor-widget-heading\" data-id=\"cp286b8694\" data-element_type=\"widget\" data-e-type=\"widget\" data-widget_type=\"heading.default\">\n\t\t\t\t\t<h2 class=\"elementor-heading-title elementor-size-default\">Spor o Viracochi kao vrhovnom bogu<\/h2>\t\t\t\t<\/div>\n\t\t<div class=\"elementor-element elementor-element-cp2779dfd9 e-flex e-con-boxed e-con e-child\" data-id=\"cp2779dfd9\" data-element_type=\"container\" data-e-type=\"container\">\n\t\t\t\t\t<div class=\"e-con-inner\">\n\t\t\t\t<div class=\"elementor-element elementor-element-cp27b87720 elementor-widget elementor-widget-text-editor\" data-id=\"cp27b87720\" data-element_type=\"widget\" data-e-type=\"widget\" data-widget_type=\"text-editor.default\">\n\t\t\t\t\t\t\t\t\t<p>Jedna dugotrajna raspava u andskoj znanosti ti\u010de se pitanja je li Viracocha u pretkolonijalnom Inkanskom Carstvu bio vrhovni bog koji je stajao iznad ostalih bo\u017eanstava.<\/p><p>Krajem 19. i po\u010detkom 20. stolje\u0107a neki su istra\u017eiva\u010di zastupali mi\u0161ljenje da su Inke ispod povr\u0161ine kulta Sunca \u0161tovali apstraktnog boga Stvoritelja koji je bio blizak kr\u0161\u0107anskom pojmu Boga. Ovo se gledi\u0161te uklapalo u teorije koje su u visokim kulturama tra\u017eile tendenciju prema <span class=\"iwg-fachbegriff\" data-tooltip=\"Vjerovanje u jednoga jedinog boga.\" tabindex=\"0\">monoteizmu<\/span>.<\/p><p>Kasnija su istra\u017eivanja ovo tuma\u010denje znatno relativizirala. Kriti\u010dari kao Pierre Duviols i R. T. Zuidema ukazali su da su izvori koji prikazuju Viracochu kao vrhovnog boga skoro svi pod misionarskim utjecajem.<\/p><p>U stvarno dokazivom <span class=\"iwg-fachbegriff\" data-tooltip=\"Ukupnost obreda \u0161tovanja neke bo\u017eanske ili svete prilike.\" tabindex=\"0\">kultu<\/span> Inka, bog Sunca stajao je u sredi\u0161tu dr\u017eavnog \u0161tovanja, s Coricanchom u Cuscu kao najva\u017enijim <span class=\"iwg-fachbegriff\" data-tooltip=\"Sveto mjesto posve\u0107eno \u0161tovanju neke bo\u017eanske prilike.\" tabindex=\"0\">sveti\u0161tem<\/span>. Viracocha je doista imao <span class=\"iwg-fachbegriff\" data-tooltip=\"Gra\u0111evina namijenjena \u0161tovanju jednog ili vi\u0161e bo\u017eanstava.\" tabindex=\"0\">hram<\/span> i <span class=\"iwg-fachbegriff\" data-tooltip=\"Ukupnost obreda \u0161tovanja neke bo\u017eanske ili svete prilike.\" tabindex=\"0\">kult<\/span>, ali njegova navodna nadre\u0111enost svim ostalim bo\u017eanstvima te\u0161ko se mo\u017ee dokazati izvorima.<\/p><p>Suvremena znanost naginje srednjoj poziciji. Viracocha je bio zna\u010dajna stvoriteljska i praiskonska prilika \u010dije je \u0161tovanje bilo va\u017eno regionalno i u odre\u0111enim kontekstima, ali nije predstavljao sredi\u0161te monoteisti\u010dki zami\u0161ljenog sustava.<\/p><p>Predod\u017eba o vrhovnom bogu Viracochi danas se uglavnom smatra proizvodom kolonijalne <span class=\"iwg-fachbegriff\" data-tooltip=\"Znanstveno prou\u010davanje Boga i vjere neke religije.\" tabindex=\"0\">teologije<\/span>, koja je u andskoj religiji tra\u017eila protute\u017eu vlastitoj slici o Bogu.<\/p><p>Ovaj slu\u010daj u <span class=\"iwg-fachbegriff\" data-tooltip=\"Znanost koja usporedno i bez vjerskog opredjeljenja istra\u017euje religije.\" tabindex=\"0\">religiologiji<\/span> \u010desto se navodi kao primjer kako misionarski interesi mogu utjecati na rekonstrukciju izumrle religije. Za prikaz Viracoche to zna\u010di da svaku izjavu o njegovu rangu u <span class=\"iwg-fachbegriff\" data-tooltip=\"Ukupnost bogova jedne religije ili kulture.\" tabindex=\"0\">panteonu<\/span> treba uzeti s oprezom.<\/p>\t\t\t\t\t\t\t\t<\/div>\n\t\t\t\t\t<\/div>\n\t\t\t\t<\/div>\n\t\t\t\t\t<\/div>\n\t\t\t\t<\/div>\n\t\t<div class=\"elementor-element elementor-element-iwgw-viracocha-lit e-flex e-con-boxed e-con e-parent\" data-id=\"iwgw-viracocha-lit\" data-element_type=\"container\" data-e-type=\"container\">\n\t\t\t\t\t<div class=\"e-con-inner\">\n\t\t\t\t<div class=\"elementor-element elementor-element-iwgw-viracocha-lith elementor-widget elementor-widget-heading\" data-id=\"iwgw-viracocha-lith\" data-element_type=\"widget\" data-e-type=\"widget\" data-widget_type=\"heading.default\">\n\t\t\t\t\t<h2 class=\"elementor-heading-title elementor-size-default\">Literatura (izbor)<\/h2>\t\t\t\t<\/div>\n\t\t<div class=\"elementor-element elementor-element-iwgw-viracocha-litc e-con-full e-flex e-con e-child\" data-id=\"iwgw-viracocha-litc\" data-element_type=\"container\" data-e-type=\"container\">\n\t\t\t\t<div class=\"elementor-element elementor-element-iwgw-viracocha-litt elementor-widget elementor-widget-text-editor\" data-id=\"iwgw-viracocha-litt\" data-element_type=\"widget\" data-e-type=\"widget\" data-widget_type=\"text-editor.default\">\n\t\t\t\t\t\t\t\t\t<ul><li>Henrique Urbano: <em>Wiraqocha y Ayar<\/em> (1981)<\/li><li>Pierre Duviols: <em>La lutte contre les religions autochtones<\/em> (1971)<\/li><li>Therese Bouysse-Cassagne: <em>Lluvias y cenizas<\/em> (1988)<\/li><li>Cesar Itier: <em>Les Incas<\/em> (2008)<\/li><li>Pedro Sarmiento de Gamboa: <em>Historia indica<\/em> (1572)<\/li><li>Cristobal de Molina: <em>Relacion de las fabulas y ritos de los Incas<\/em> (1575)<\/li><li>John Janusek: <em>Ancient Tiwanaku<\/em> (2008)<\/li><\/ul>\t\t\t\t\t\t\t\t<\/div>\n\t\t\t\t<\/div>\n\t\t\t\t\t<\/div>\n\t\t\t\t<\/div>\n\t\t<div class=\"elementor-element elementor-element-iwgkw2-add-viracocha e-flex e-con-boxed e-con e-parent\" data-id=\"iwgkw2-add-viracocha\" data-element_type=\"container\" data-e-type=\"container\">\n\t\t\t\t\t<div class=\"e-con-inner\">\n\t\t\t\t<div class=\"elementor-element elementor-element-iwgkw2-add-viracocha-t elementor-widget elementor-widget-text-editor\" data-id=\"iwgkw2-add-viracocha-t\" data-element_type=\"widget\" data-e-type=\"widget\" data-widget_type=\"text-editor.default\">\n\t\t\t\t\t\t\t\t\t<p>U andskim predajama Viracocha se smatra <em>kozmi\u010dkim<\/em> <em>utemeljiteljem poretka<\/em> koji je postavio sunce, mjesec i zvijezde te stvorio ljude iz voda jezera Titicaca; \u0161panjolski kroni\u010dari Cieza de Le\u00f3n i Betanzos dokumentiraju taj <span class=\"iwg-fachbegriff\" data-tooltip=\"Ukupnost bogova jedne religije ili kulture.\" tabindex=\"0\">panteon<\/span>.<\/p>\t\t\t\t\t\t\t\t<\/div>\n\t\t\t\t\t<\/div>\n\t\t\t\t<\/div>\n\t\t<div class=\"elementor-element elementor-element-iwgw-viracocha-kwd e-flex e-con-boxed e-con e-parent\" data-id=\"iwgw-viracocha-kwd\" data-element_type=\"container\" data-e-type=\"container\">\n\t\t\t\t\t<div class=\"e-con-inner\">\n\t\t<div class=\"elementor-element elementor-element-iwgw-viracocha-kwdc e-con-full e-flex e-con e-child\" data-id=\"iwgw-viracocha-kwdc\" data-element_type=\"container\" data-e-type=\"container\">\n\t\t\t\t<div class=\"elementor-element elementor-element-iwgw-viracocha-kwdt elementor-widget elementor-widget-text-editor\" data-id=\"iwgw-viracocha-kwdt\" data-element_type=\"widget\" data-e-type=\"widget\" data-widget_type=\"text-editor.default\">\n\t\t\t\t\t\t\t\t\t<p><em>Povezani klju\u010dni pojmovi: Viracocha Wiraqucha Tunupa Pachayachachiq Tiwanaku Staffgod Pacaritambo Raqchi Cacha.<\/em><\/p>\t\t\t\t\t\t\t\t<\/div>\n\t\t\t\t<\/div>\n\t\t\t\t\t<\/div>\n\t\t\t\t<\/div>\n\t\t<div class=\"elementor-element elementor-element-iwgw-viracocha-cc e-flex e-con-boxed e-con e-parent\" data-id=\"iwgw-viracocha-cc\" data-element_type=\"container\" data-e-type=\"container\" id=\"iwg-cc-viracocha\">\n\t\t\t\t\t<div class=\"e-con-inner\">\n\t\t<div class=\"elementor-element elementor-element-iwgw-viracocha-ccinner e-flex e-con-boxed e-con e-parent\" data-id=\"iwgw-viracocha-ccinner\" data-element_type=\"container\" data-e-type=\"container\" data-settings=\"{&quot;background_background&quot;:&quot;classic&quot;}\">\n\t\t\t\t\t<div class=\"e-con-inner\">\n\t\t\t\t<div class=\"elementor-element elementor-element-iwgw-viracocha-cch elementor-widget elementor-widget-heading\" data-id=\"iwgw-viracocha-cch\" data-element_type=\"widget\" data-e-type=\"widget\" data-widget_type=\"heading.default\">\n\t\t\t\t\t<h2 class=\"elementor-heading-title elementor-size-default\">iWell Guard i tradicije za\u0161tite<\/h2>\t\t\t\t<\/div>\n\t\t\t\t<div class=\"elementor-element elementor-element-iwgw-viracocha-cct elementor-widget elementor-widget-text-editor\" data-id=\"iwgw-viracocha-cct\" data-element_type=\"widget\" data-e-type=\"widget\" data-widget_type=\"text-editor.default\">\n\t\t\t\t\t\t\t\t\t<div data-nosnippet=\"true\"><p>iWell Guard nastavlja kulturno-povijesnu tradiciju prenosivih za\u0161titnih predmeta, u tradiciji <a href=\"https:\/\/iwell-guard.com\/hr\/?page_id=149645\">Anda \/ Inka<\/a> i brojnih drugih kultura \u0161irom svijeta. 41 razina, pravo zlato, platina, srebro, izra\u0111eno u Njema\u010dkoj. Pravo povrata u roku od 30 dana.<\/p><\/div>\t\t\t\t\t\t\t\t<\/div>\n\t\t\t\t<div class=\"elementor-element elementor-element-iwgw-viracocha-ccb iwg-cc-button iwg-cc-cta-2026-05-13 elementor-widget elementor-widget-jet-button\" data-id=\"iwgw-viracocha-ccb\" data-element_type=\"widget\" data-e-type=\"widget\" data-widget_type=\"jet-button.default\">\n\t\t\t\t<div class=\"elementor-widget-container\">\n\t\t\t\t\t<div class=\"elementor-jet-button jet-elements\"><div class=\"jet-button__container\"><a class=\"jet-button__instance jet-button__instance--icon-left hover-effect-1\" href=\"\/ueber-iwell-guard\/?utm_source=iwell-guard.com&amp;utm_medium=info-box&amp;utm_campaign=wesen-tradition\"><div class=\"jet-button__plane jet-button__plane-normal\"><\/div><div class=\"jet-button__plane jet-button__plane-hover\"><\/div><div class=\"jet-button__state jet-button__state-normal\"><span class=\"jet-button__label\">Vi\u0161e o iWell Guardu<\/span><\/div><div class=\"jet-button__state jet-button__state-hover\"><span class=\"jet-button__label\">Vi\u0161e o iWell Guardu<\/span><\/div><\/a><\/div><\/div><style>.elementor-element.elementor-element-iwgw-viracocha-ccb .jet-button__instance{width:320px;height:56px;}.elementor-element.elementor-element-iwgw-viracocha-ccb .jet-button__state-normal .jet-button__label{text-align:center;margin:0px 0px 0px 0px;color:#1a1b20;font-family:Montserrat,sans-serif;font-size:13px;font-weight:400;letter-spacing:4px;line-height:1.714em;text-transform:uppercase;}.elementor-element.elementor-element-iwgw-viracocha-ccb .jet-button__state-hover .jet-button__label{text-align:center;margin:0px 0px 0px 0px;color:#FECC76;font-family:Montserrat,sans-serif;font-size:13px;font-weight:400;letter-spacing:4px;line-height:1.714em;text-transform:uppercase;}.elementor-element.elementor-element-iwgw-viracocha-ccb .jet-button__plane-normal{background-color:#FECC76;border-style:solid;border-color:#C99540;border-width:2px 2px 2px 2px;}.elementor-element.elementor-element-iwgw-viracocha-ccb .jet-button__plane-hover{background-color:rgba(0,0,0,0.55);border-style:solid;border-color:#FECC76;border-width:2px 2px 2px 2px;}<\/style>\t\t\t\t<\/div>\n\t\t\t\t<\/div>\n\t\t\t\t<div class=\"elementor-element elementor-element-iwgw-viracocha-ccd elementor-widget elementor-widget-text-editor\" data-id=\"iwgw-viracocha-ccd\" data-element_type=\"widget\" data-e-type=\"widget\" data-widget_type=\"text-editor.default\">\n\t\t\t\t\t\t\t\t\t<div data-nosnippet=\"true\"><p style=\"text-align:center;font-size:13px;opacity:0.7;margin-top:14px\" data-nosnippet=\"true\">Osobna iskustva mogu se razlikovati. Nije medicinski proizvod. Nema obe\u0107anja izlje\u010denja.<\/p><\/div>\t\t\t\t\t\t\t\t<\/div>\n\t\t\t\t\t<\/div>\n\t\t\t\t<\/div>\n\t\t\t\t\t<\/div>\n\t\t\t\t<\/div>\n\t\t<div class=\"elementor-element elementor-element-iwgw-viracocha-disc e-flex e-con-boxed e-con e-parent\" data-id=\"iwgw-viracocha-disc\" data-element_type=\"container\" data-e-type=\"container\">\n\t\t\t\t\t<div class=\"e-con-inner\">\n\t\t\t\t<div class=\"elementor-element elementor-element-iwgw-viracocha-discw elementor-widget elementor-widget-html\" data-id=\"iwgw-viracocha-discw\" data-element_type=\"widget\" data-e-type=\"widget\" data-widget_type=\"html.default\">\n\t\t\t\t\t<footer data-nosnippet=\"true\" class=\"iwg-disclaimer-block\"><p data-nosnippet=\"true\">iWell Guard <strong>nije medicinski proizvod<\/strong> i ne zamjenjuje lije\u010dni\u010dko ili psihoterapeutsko lije\u010denje. Religijsko-znanstveni sadr\u017eaji predstavljaju kulturno-povijesnu interpretaciju, a ne preporuku duhovne prakse.<\/p><\/footer>\t\t\t\t<\/div>\n\t\t\t\t\t<\/div>\n\t\t\t\t<\/div>\n\t\t\t\t<\/div>\n\t\t","protected":false},"excerpt":{"rendered":"","protected":false},"author":3,"featured_media":2684,"parent":0,"menu_order":0,"comment_status":"closed","ping_status":"closed","template":"elementor_header_footer","meta":{"_yoast_wpseo_focuskw":"Viracocha stvoriteljski bog Inka","_yoast_wpseo_title":"Viracocha \u2013 Inkanski bog stvoritelj i mit","_yoast_wpseo_metadesc":"Viracocha, stvoriteljski bog Anda, smatra se u ranim kronikama najvi\u0161im bi\u0107em prije Intija. Religiologijska analiza s kultom.","_yoast_wpseo_meta-robots-noindex":"","_yoast_wpseo_canonical":"","_angie_page":false,"gefaehrdungsstufe":"1","wesen_kultur":"anden-inka","wesen_klasse":"goetter","footnotes":""},"categories":[],"class_list":["post-149657","page","type-page","status-publish","has-post-thumbnail","hentry"],"yoast_head":"<!-- This site is optimized with the Yoast SEO Premium plugin v27.7 (Yoast SEO v28.3) - https:\/\/yoast.com\/product\/yoast-seo-premium-wordpress\/ -->\n<title>Viracocha \u2013 Inkanski bog stvoritelj i mit<\/title>\n<meta name=\"description\" content=\"Viracocha, stvoriteljski bog Anda, smatra se u ranim kronikama najvi\u0161im bi\u0107em prije Intija. Religiologijska analiza s kultom.\" \/>\n<meta name=\"robots\" content=\"index, follow, max-snippet:-1, max-image-preview:large, max-video-preview:-1\" \/>\n<link rel=\"canonical\" href=\"https:\/\/iwell-guard.com\/hr\/viracocha-stvoriteljski-bog-anda\/\" \/>\n<meta property=\"og:locale\" content=\"hr_HR\" \/>\n<meta property=\"og:type\" content=\"article\" \/>\n<meta property=\"og:title\" content=\"Viracocha \u2013 Stvoriteljski bog Anda\" \/>\n<meta property=\"og:description\" content=\"Viracocha, stvoriteljski bog Anda, smatra se u ranim kronikama najvi\u0161im bi\u0107em prije Intija. Religiologijska analiza s kultom.\" \/>\n<meta property=\"og:url\" content=\"https:\/\/iwell-guard.com\/hr\/viracocha-stvoriteljski-bog-anda\/\" \/>\n<meta property=\"og:site_name\" content=\"iWell Guard\" \/>\n<meta property=\"article:modified_time\" content=\"2026-09-04T05:28:57+00:00\" \/>\n<meta property=\"og:image\" content=\"https:\/\/iwell-guard.com\/wp-content\/uploads\/2026\/05\/goetter_anden-inka_viracocha.webp\" \/>\n\t<meta property=\"og:image:width\" content=\"1024\" \/>\n\t<meta property=\"og:image:height\" content=\"1536\" \/>\n\t<meta property=\"og:image:type\" content=\"image\/webp\" \/>\n<meta name=\"twitter:card\" content=\"summary_large_image\" \/>\n<script type=\"application\/ld+json\" class=\"yoast-schema-graph\">{\"@context\":\"https:\\\/\\\/schema.org\",\"@graph\":[{\"@type\":\"WebPage\",\"@id\":\"https:\\\/\\\/iwell-guard.com\\\/hr\\\/viracocha-stvoriteljski-bog-anda\\\/\",\"url\":\"https:\\\/\\\/iwell-guard.com\\\/hr\\\/viracocha-stvoriteljski-bog-anda\\\/\",\"name\":\"Viracocha \u2013 Inkanski bog stvoritelj i mit\",\"isPartOf\":{\"@id\":\"https:\\\/\\\/iwell-guard.com\\\/hr\\\/#website\"},\"primaryImageOfPage\":{\"@id\":\"https:\\\/\\\/iwell-guard.com\\\/hr\\\/viracocha-stvoriteljski-bog-anda\\\/#primaryimage\"},\"image\":{\"@id\":\"https:\\\/\\\/iwell-guard.com\\\/hr\\\/viracocha-stvoriteljski-bog-anda\\\/#primaryimage\"},\"thumbnailUrl\":\"https:\\\/\\\/iwell-guard.com\\\/wp-content\\\/uploads\\\/2026\\\/05\\\/goetter_anden-inka_viracocha.webp\",\"datePublished\":\"2026-09-04T05:12:24+00:00\",\"dateModified\":\"2026-09-04T05:28:57+00:00\",\"description\":\"Viracocha, stvoriteljski bog Anda, smatra se u ranim kronikama najvi\u0161im bi\u0107em prije Intija. Religiologijska analiza s kultom.\",\"breadcrumb\":{\"@id\":\"https:\\\/\\\/iwell-guard.com\\\/hr\\\/viracocha-stvoriteljski-bog-anda\\\/#breadcrumb\"},\"inLanguage\":\"hr\",\"potentialAction\":[{\"@type\":\"ReadAction\",\"target\":[\"https:\\\/\\\/iwell-guard.com\\\/hr\\\/viracocha-stvoriteljski-bog-anda\\\/\"]}]},{\"@type\":\"ImageObject\",\"inLanguage\":\"hr\",\"@id\":\"https:\\\/\\\/iwell-guard.com\\\/hr\\\/viracocha-stvoriteljski-bog-anda\\\/#primaryimage\",\"url\":\"https:\\\/\\\/iwell-guard.com\\\/wp-content\\\/uploads\\\/2026\\\/05\\\/goetter_anden-inka_viracocha.webp\",\"contentUrl\":\"https:\\\/\\\/iwell-guard.com\\\/wp-content\\\/uploads\\\/2026\\\/05\\\/goetter_anden-inka_viracocha.webp\",\"width\":1024,\"height\":1536,\"caption\":\"Bogovi iz andsko-inkanske tradicije.\"},{\"@type\":\"BreadcrumbList\",\"@id\":\"https:\\\/\\\/iwell-guard.com\\\/hr\\\/viracocha-stvoriteljski-bog-anda\\\/#breadcrumb\",\"itemListElement\":[{\"@type\":\"ListItem\",\"position\":1,\"name\":\"Start\",\"item\":\"https:\\\/\\\/iwell-guard.com\\\/hr\\\/?page_id=149317\"},{\"@type\":\"ListItem\",\"position\":2,\"name\":\"Viracocha \u2013 Stvoriteljski bog Anda\"}]},{\"@type\":\"WebSite\",\"@id\":\"https:\\\/\\\/iwell-guard.com\\\/hr\\\/#website\",\"url\":\"https:\\\/\\\/iwell-guard.com\\\/hr\\\/\",\"name\":\"iWell Guard\",\"description\":\"Schutz vor dunklen Einfl\u00fcssen\",\"publisher\":{\"@id\":\"https:\\\/\\\/iwell-guard.com\\\/hr\\\/#organization\"},\"potentialAction\":[{\"@type\":\"SearchAction\",\"target\":{\"@type\":\"EntryPoint\",\"urlTemplate\":\"https:\\\/\\\/iwell-guard.com\\\/hr\\\/?s={search_term_string}\"},\"query-input\":{\"@type\":\"PropertyValueSpecification\",\"valueRequired\":true,\"valueName\":\"search_term_string\"}}],\"inLanguage\":\"hr\"},{\"@type\":\"Organization\",\"@id\":\"https:\\\/\\\/iwell-guard.com\\\/hr\\\/#organization\",\"name\":\"Ittermann electronic GmbH\",\"url\":\"https:\\\/\\\/iwell-guard.com\\\/hr\\\/\",\"logo\":{\"@type\":\"ImageObject\",\"inLanguage\":\"hr\",\"@id\":\"https:\\\/\\\/iwell-guard.com\\\/hr\\\/#\\\/schema\\\/logo\\\/image\\\/\",\"url\":\"https:\\\/\\\/iwell-guard.com\\\/wp-content\\\/uploads\\\/2026\\\/05\\\/Ittermann-Logo-1182x237-1.png\",\"contentUrl\":\"https:\\\/\\\/iwell-guard.com\\\/wp-content\\\/uploads\\\/2026\\\/05\\\/Ittermann-Logo-1182x237-1.png\",\"width\":1182,\"height\":237,\"caption\":\"Ittermann electronic GmbH\"},\"image\":{\"@id\":\"https:\\\/\\\/iwell-guard.com\\\/hr\\\/#\\\/schema\\\/logo\\\/image\\\/\"},\"sameAs\":[\"https:\\\/\\\/pantip.com\\\/profile\\\/9367242\",\"https:\\\/\\\/micro.blog\\\/iwellguard\",\"https:\\\/\\\/www.diggerslist.com\\\/iwellguard\\\/about\",\"https:\\\/\\\/skitterphoto.com\\\/photographers\\\/2870314\\\/iwell-guard\",\"https:\\\/\\\/iwellguard.wordpress.com\\\/2026\\\/06\\\/06\\\/iwell-guard\\\/\",\"https:\\\/\\\/hub.docker.com\\\/u\\\/iwellguard\",\"https:\\\/\\\/www.pinterest.com\\\/iwellguard\\\/\",\"https:\\\/\\\/bit.ly\\\/m\\\/iwellguard\",\"https:\\\/\\\/entre-vos-mains.alsace.eu\\\/profiles\\\/iwellguard\\\/activity\",\"https:\\\/\\\/gravatar.com\\\/reallybeded8fd34\",\"https:\\\/\\\/naijamatta.com\\\/iwellguard\",\"https:\\\/\\\/www.goodreads.com\\\/iwellguard\",\"https:\\\/\\\/profile.hatena.ne.jp\\\/iwellguard\\\/\",\"https:\\\/\\\/experiment.com\\\/users\\\/iwellguard\",\"https:\\\/\\\/wakelet.com\\\/@iWellGuard82270\",\"https:\\\/\\\/www.chordie.com\\\/forum\\\/profile.php?id=2555664\",\"https:\\\/\\\/www.instapaper.com\\\/p\\\/17757966\",\"https:\\\/\\\/www.mapleprimes.com\\\/users\\\/iwellguard\",\"https:\\\/\\\/businesslistingplus.com\\\/profile\\\/iwell-guard\\\/\",\"https:\\\/\\\/telegra.ph\\\/iWell-Guard-06-06\",\"https:\\\/\\\/pbase.com\\\/iwellguard\\\/iwellguard\",\"https:\\\/\\\/b.hatena.ne.jp\\\/iwellguard\\\/20260607#bookmark-4788405196491818882\",\"https:\\\/\\\/fliphtml5.com\\\/home\\\/iwellguard\",\"https:\\\/\\\/anyflip.com\\\/homepage\\\/cmiwl#About\",\"https:\\\/\\\/transfur.com\\\/Users\\\/iwellguard\",\"http:\\\/\\\/delphi.larsbo.org\\\/user\\\/iwellguard\",\"https:\\\/\\\/jobs.lajobsportal.org\\\/profiles\\\/8380803-iwell-guard\",\"https:\\\/\\\/md.chaosdorf.de\\\/s\\\/jfbe5SBdJD\",\"https:\\\/\\\/www.lingvolive.com\\\/en-us\\\/profile\\\/9ecaeaca-ce11-4e51-9e71-01d55e2bff36\\\/translations\",\"https:\\\/\\\/www.fitday.com\\\/fitness\\\/forums\\\/members\\\/iwellguard.html\",\"https:\\\/\\\/www.mymeetbook.com\\\/iwellguard\",\"https:\\\/\\\/pxhere.com\\\/en\\\/photographer-me\\\/5040798\",\"https:\\\/\\\/disqus.com\\\/by\\\/iwellguard\\\/about\\\/\",\"https:\\\/\\\/pastelink.net\\\/hjwciqwq\",\"https:\\\/\\\/pubhtml5.com\\\/homepage\\\/scjhn\\\/\",\"https:\\\/\\\/www.bitchute.com\\\/channel\\\/2O2eOKzNqujT\",\"https:\\\/\\\/audiomack.com\\\/iwellguard\"]},{\"@type\":\"Article\",\"@id\":\"https:\\\/\\\/iwell-guard.com\\\/hr\\\/viracocha-stvoriteljski-bog-anda\\\/#article\",\"isPartOf\":{\"@id\":\"https:\\\/\\\/iwell-guard.com\\\/hr\\\/viracocha-stvoriteljski-bog-anda\\\/\"},\"author\":{\"name\":\"Ralf Ittermann\",\"@id\":\"https:\\\/\\\/iwell-guard.com\\\/hr\\\/#\\\/schema\\\/person\\\/ee2a27f1cac3406c7c6fb5820cb7349f\"},\"headline\":\"Viracocha \u2013 Stvoriteljski bog Anda\",\"datePublished\":\"2026-09-04T05:12:24+00:00\",\"dateModified\":\"2026-09-04T05:28:57+00:00\",\"mainEntityOfPage\":{\"@id\":\"https:\\\/\\\/iwell-guard.com\\\/hr\\\/viracocha-stvoriteljski-bog-anda\\\/\"},\"publisher\":{\"@id\":\"https:\\\/\\\/iwell-guard.com\\\/hr\\\/#organization\"},\"image\":{\"@id\":\"https:\\\/\\\/iwell-guard.com\\\/hr\\\/viracocha-stvoriteljski-bog-anda\\\/#primaryimage\"},\"thumbnailUrl\":\"https:\\\/\\\/iwell-guard.com\\\/wp-content\\\/uploads\\\/2026\\\/05\\\/goetter_anden-inka_viracocha.webp\",\"inLanguage\":\"hr\",\"description\":\"Viracocha, stvoriteljski bog Anda, smatra se u ranim kronikama najvi\u0161im bi\u0107em prije Intija. Religiologijska analiza s kultom.\"}]}<\/script>\n<!-- \/ Yoast SEO Premium plugin. -->","yoast_head_json":{"title":"Viracocha \u2013 Inkanski bog stvoritelj i mit","description":"Viracocha, stvoriteljski bog Anda, smatra se u ranim kronikama najvi\u0161im bi\u0107em prije Intija. Religiologijska analiza s kultom.","robots":{"index":"index","follow":"follow","max-snippet":"max-snippet:-1","max-image-preview":"max-image-preview:large","max-video-preview":"max-video-preview:-1"},"canonical":"https:\/\/iwell-guard.com\/hr\/viracocha-stvoriteljski-bog-anda\/","og_locale":"hr_HR","og_type":"article","og_title":"Viracocha \u2013 Stvoriteljski bog Anda","og_description":"Viracocha, stvoriteljski bog Anda, smatra se u ranim kronikama najvi\u0161im bi\u0107em prije Intija. Religiologijska analiza s kultom.","og_url":"https:\/\/iwell-guard.com\/hr\/viracocha-stvoriteljski-bog-anda\/","og_site_name":"iWell Guard","article_modified_time":"2026-09-04T05:28:57+00:00","og_image":[{"width":1024,"height":1536,"url":"https:\/\/iwell-guard.com\/wp-content\/uploads\/2026\/05\/goetter_anden-inka_viracocha.webp","type":"image\/webp"}],"twitter_card":"summary_large_image","schema":{"@context":"https:\/\/schema.org","@graph":[{"@type":"Article","@id":"https:\/\/iwell-guard.com\/hr\/viracocha-stvoriteljski-bog-anda\/#article","isPartOf":{"@id":"https:\/\/iwell-guard.com\/hr\/viracocha-stvoriteljski-bog-anda\/"},"author":{"name":"Ralf Ittermann","@id":"https:\/\/iwell-guard.com\/hr\/#\/schema\/person\/ee2a27f1cac3406c7c6fb5820cb7349f"},"headline":"Viracocha \u2013 Stvoriteljski bog Anda","datePublished":"2026-09-04T05:12:24+00:00","dateModified":"2026-09-04T05:28:57+00:00","mainEntityOfPage":{"@id":"https:\/\/iwell-guard.com\/hr\/viracocha-stvoriteljski-bog-anda\/"},"publisher":{"@id":"https:\/\/iwell-guard.com\/hr\/#organization"},"image":{"@id":"https:\/\/iwell-guard.com\/hr\/viracocha-stvoriteljski-bog-anda\/#primaryimage"},"thumbnailUrl":"https:\/\/iwell-guard.com\/wp-content\/uploads\/2026\/05\/goetter_anden-inka_viracocha.webp","inLanguage":"hr","description":"Viracocha, stvoriteljski bog Anda, smatra se u ranim kronikama najvi\u0161im bi\u0107em prije Intija. Religiologijska analiza s kultom."},{"@type":"WebPage","@id":"https:\/\/iwell-guard.com\/hr\/viracocha-stvoriteljski-bog-anda\/","url":"https:\/\/iwell-guard.com\/hr\/viracocha-stvoriteljski-bog-anda\/","name":"Viracocha \u2013 Inkanski bog stvoritelj i mit","isPartOf":{"@id":"https:\/\/iwell-guard.com\/hr\/#website"},"primaryImageOfPage":{"@id":"https:\/\/iwell-guard.com\/hr\/viracocha-stvoriteljski-bog-anda\/#primaryimage"},"image":{"@id":"https:\/\/iwell-guard.com\/hr\/viracocha-stvoriteljski-bog-anda\/#primaryimage"},"thumbnailUrl":"https:\/\/iwell-guard.com\/wp-content\/uploads\/2026\/05\/goetter_anden-inka_viracocha.webp","datePublished":"2026-09-04T05:12:24+00:00","dateModified":"2026-09-04T05:28:57+00:00","description":"Viracocha, stvoriteljski bog Anda, smatra se u ranim kronikama najvi\u0161im bi\u0107em prije Intija. Religiologijska analiza s kultom.","breadcrumb":{"@id":"https:\/\/iwell-guard.com\/hr\/viracocha-stvoriteljski-bog-anda\/#breadcrumb"},"inLanguage":"hr","potentialAction":[{"@type":"ReadAction","target":["https:\/\/iwell-guard.com\/hr\/viracocha-stvoriteljski-bog-anda\/"]}]},{"@type":"ImageObject","inLanguage":"hr","@id":"https:\/\/iwell-guard.com\/hr\/viracocha-stvoriteljski-bog-anda\/#primaryimage","url":"https:\/\/iwell-guard.com\/wp-content\/uploads\/2026\/05\/goetter_anden-inka_viracocha.webp","contentUrl":"https:\/\/iwell-guard.com\/wp-content\/uploads\/2026\/05\/goetter_anden-inka_viracocha.webp","width":1024,"height":1536,"caption":"Bogovi iz andsko-inkanske tradicije."},{"@type":"BreadcrumbList","@id":"https:\/\/iwell-guard.com\/hr\/viracocha-stvoriteljski-bog-anda\/#breadcrumb","itemListElement":[{"@type":"ListItem","position":1,"name":"Start","item":"https:\/\/iwell-guard.com\/hr\/?page_id=149317"},{"@type":"ListItem","position":2,"name":"Viracocha \u2013 Stvoriteljski bog Anda"}]},{"@type":"WebSite","@id":"https:\/\/iwell-guard.com\/hr\/#website","url":"https:\/\/iwell-guard.com\/hr\/","name":"iWell Guard","description":"Schutz vor dunklen Einfl\u00fcssen","publisher":{"@id":"https:\/\/iwell-guard.com\/hr\/#organization"},"potentialAction":[{"@type":"SearchAction","target":{"@type":"EntryPoint","urlTemplate":"https:\/\/iwell-guard.com\/hr\/?s={search_term_string}"},"query-input":{"@type":"PropertyValueSpecification","valueRequired":true,"valueName":"search_term_string"}}],"inLanguage":"hr"},{"@type":"Organization","@id":"https:\/\/iwell-guard.com\/hr\/#organization","name":"Ittermann electronic GmbH","url":"https:\/\/iwell-guard.com\/hr\/","logo":{"@type":"ImageObject","inLanguage":"hr","@id":"https:\/\/iwell-guard.com\/hr\/#\/schema\/logo\/image\/","url":"https:\/\/iwell-guard.com\/wp-content\/uploads\/2026\/05\/Ittermann-Logo-1182x237-1.png","contentUrl":"https:\/\/iwell-guard.com\/wp-content\/uploads\/2026\/05\/Ittermann-Logo-1182x237-1.png","width":1182,"height":237,"caption":"Ittermann electronic GmbH"},"image":{"@id":"https:\/\/iwell-guard.com\/hr\/#\/schema\/logo\/image\/"},"sameAs":["https:\/\/pantip.com\/profile\/9367242","https:\/\/micro.blog\/iwellguard","https:\/\/www.diggerslist.com\/iwellguard\/about","https:\/\/skitterphoto.com\/photographers\/2870314\/iwell-guard","https:\/\/iwellguard.wordpress.com\/2026\/06\/06\/iwell-guard\/","https:\/\/hub.docker.com\/u\/iwellguard","https:\/\/www.pinterest.com\/iwellguard\/","https:\/\/bit.ly\/m\/iwellguard","https:\/\/entre-vos-mains.alsace.eu\/profiles\/iwellguard\/activity","https:\/\/gravatar.com\/reallybeded8fd34","https:\/\/naijamatta.com\/iwellguard","https:\/\/www.goodreads.com\/iwellguard","https:\/\/profile.hatena.ne.jp\/iwellguard\/","https:\/\/experiment.com\/users\/iwellguard","https:\/\/wakelet.com\/@iWellGuard82270","https:\/\/www.chordie.com\/forum\/profile.php?id=2555664","https:\/\/www.instapaper.com\/p\/17757966","https:\/\/www.mapleprimes.com\/users\/iwellguard","https:\/\/businesslistingplus.com\/profile\/iwell-guard\/","https:\/\/telegra.ph\/iWell-Guard-06-06","https:\/\/pbase.com\/iwellguard\/iwellguard","https:\/\/b.hatena.ne.jp\/iwellguard\/20260607#bookmark-4788405196491818882","https:\/\/fliphtml5.com\/home\/iwellguard","https:\/\/anyflip.com\/homepage\/cmiwl#About","https:\/\/transfur.com\/Users\/iwellguard","http:\/\/delphi.larsbo.org\/user\/iwellguard","https:\/\/jobs.lajobsportal.org\/profiles\/8380803-iwell-guard","https:\/\/md.chaosdorf.de\/s\/jfbe5SBdJD","https:\/\/www.lingvolive.com\/en-us\/profile\/9ecaeaca-ce11-4e51-9e71-01d55e2bff36\/translations","https:\/\/www.fitday.com\/fitness\/forums\/members\/iwellguard.html","https:\/\/www.mymeetbook.com\/iwellguard","https:\/\/pxhere.com\/en\/photographer-me\/5040798","https:\/\/disqus.com\/by\/iwellguard\/about\/","https:\/\/pastelink.net\/hjwciqwq","https:\/\/pubhtml5.com\/homepage\/scjhn\/","https:\/\/www.bitchute.com\/channel\/2O2eOKzNqujT","https:\/\/audiomack.com\/iwellguard"]},{"@type":"Person","@id":"https:\/\/iwell-guard.com\/hr\/#\/schema\/person\/ee2a27f1cac3406c7c6fb5820cb7349f","name":"Ralf Ittermann","image":{"@type":"ImageObject","inLanguage":"hr","@id":"https:\/\/secure.gravatar.com\/avatar\/073c0153e350a5005b68eb752b445fea71f6b24a26da9449ad7e155e6b446c9d?s=96&d=mm&r=g","url":"https:\/\/secure.gravatar.com\/avatar\/073c0153e350a5005b68eb752b445fea71f6b24a26da9449ad7e155e6b446c9d?s=96&d=mm&r=g","contentUrl":"https:\/\/secure.gravatar.com\/avatar\/073c0153e350a5005b68eb752b445fea71f6b24a26da9449ad7e155e6b446c9d?s=96&d=mm&r=g","caption":"Ralf Ittermann"},"givenName":"Ralf","familyName":"Ittermann","jobTitle":"Gesch\u00e4ftsf\u00fchrer und redaktioneller Verantwortlicher","url":"https:\/\/iwell-guard.com\/hr\/author\/claude\/","description":"Ralf Ittermann ist Gesch\u00e4ftsf\u00fchrer der Ittermann electronic GmbH und redaktioneller Verantwortlicher des iWell-Guard-Lexikons. Er verbindet langj\u00e4hrige Erfahrung in der Pr\u00e4zisionsfertigung mit medialer Praxis und religionsgeschichtlicher Quellenarbeit.","worksFor":{"@type":"Organization","name":"Ittermann electronic GmbH","url":"https:\/\/ittermann.de\/","address":{"@type":"PostalAddress","streetAddress":"K\u00f6hlergasse 16-18","postalCode":"99842","addressLocality":"Ruhla","addressCountry":"DE"}},"knowsAbout":["Religionsgeschichte","Mythologie","Mediale Praxis","Energetische Diagnostik","Schutzpraxis","Volksglauben","Westliche Esoterik"]},{"@type":"Article","@id":"https:\/\/iwell-guard.com\/hr\/viracocha-stvoriteljski-bog-anda\/#article","isPartOf":{"@id":"https:\/\/iwell-guard.com\/hr\/viracocha-stvoriteljski-bog-anda\/"},"author":{"name":"Ralf Ittermann","@id":"https:\/\/iwell-guard.com\/hr\/#\/schema\/person\/ee2a27f1cac3406c7c6fb5820cb7349f"},"headline":"Viracocha \u2013 Stvoriteljski bog Anda","datePublished":"2026-09-04T05:12:24+00:00","dateModified":"2026-09-04T05:28:57+00:00","mainEntityOfPage":{"@id":"https:\/\/iwell-guard.com\/hr\/viracocha-stvoriteljski-bog-anda\/"},"publisher":{"@id":"https:\/\/iwell-guard.com\/hr\/#organization"},"image":{"@id":"https:\/\/iwell-guard.com\/hr\/viracocha-stvoriteljski-bog-anda\/#primaryimage"},"thumbnailUrl":"https:\/\/iwell-guard.com\/wp-content\/uploads\/2026\/05\/goetter_anden-inka_viracocha.webp","inLanguage":"hr","description":"Viracocha, stvoriteljski bog Anda, smatra se u ranim kronikama najvi\u0161im bi\u0107em prije Intija. Religiologijska analiza s kultom."}]}},"_links":{"self":[{"href":"https:\/\/iwell-guard.com\/hr\/wp-json\/wp\/v2\/pages\/149657","targetHints":{"allow":["GET"]}}],"collection":[{"href":"https:\/\/iwell-guard.com\/hr\/wp-json\/wp\/v2\/pages"}],"about":[{"href":"https:\/\/iwell-guard.com\/hr\/wp-json\/wp\/v2\/types\/page"}],"author":[{"embeddable":true,"href":"https:\/\/iwell-guard.com\/hr\/wp-json\/wp\/v2\/users\/3"}],"replies":[{"embeddable":true,"href":"https:\/\/iwell-guard.com\/hr\/wp-json\/wp\/v2\/comments?post=149657"}],"version-history":[{"count":0,"href":"https:\/\/iwell-guard.com\/hr\/wp-json\/wp\/v2\/pages\/149657\/revisions"}],"wp:featuredmedia":[{"embeddable":true,"href":"https:\/\/iwell-guard.com\/hr\/wp-json\/wp\/v2\/media\/2684"}],"wp:attachment":[{"href":"https:\/\/iwell-guard.com\/hr\/wp-json\/wp\/v2\/media?parent=149657"}],"wp:term":[{"taxonomy":"category","embeddable":true,"href":"https:\/\/iwell-guard.com\/hr\/wp-json\/wp\/v2\/categories?post=149657"}],"curies":[{"name":"wp","href":"https:\/\/api.w.org\/{rel}","templated":true}]}}