{"id":149655,"date":"2026-09-04T05:12:23","date_gmt":"2026-09-04T05:12:23","guid":{"rendered":"https:\/\/iwell-guard.com\/?page_id=149655"},"modified":"2026-09-04T05:28:53","modified_gmt":"2026-09-04T05:28:53","slug":"inti-suncani-bog-inka","status":"publish","type":"page","link":"https:\/\/iwell-guard.com\/hr\/inti-suncani-bog-inka\/","title":{"rendered":"Inti \u2013 Sun\u010dani bog Inka"},"content":{"rendered":"\t\t<div data-elementor-type=\"wp-page\" data-elementor-id=\"149655\" class=\"elementor elementor-149655 elementor-2574 elementor-bc-flex-widget\" data-elementor-post-type=\"page\">\n\t\t\t\t<div class=\"elementor-element elementor-element-iwgw-inti-hero e-flex e-con-boxed e-con e-parent\" data-id=\"iwgw-inti-hero\" data-element_type=\"container\" data-e-type=\"container\" data-settings=\"{&quot;background_background&quot;:&quot;classic&quot;}\">\n\t\t\t\t\t<div class=\"e-con-inner\">\n\t\t<div class=\"elementor-element elementor-element-iwgw-inti-hl e-flex e-con-boxed e-con e-child\" data-id=\"iwgw-inti-hl\" data-element_type=\"container\" data-e-type=\"container\">\n\t\t\t\t\t<div class=\"e-con-inner\">\n\t\t<div class=\"elementor-element elementor-element-iwgw-inti-htxt e-con-full e-flex e-con e-child\" data-id=\"iwgw-inti-htxt\" data-element_type=\"container\" data-e-type=\"container\">\n\t\t\t\t<div class=\"elementor-element elementor-element-iwgw-inti-h1 elementor-widget elementor-widget-heading\" data-id=\"iwgw-inti-h1\" data-element_type=\"widget\" data-e-type=\"widget\" data-widget_type=\"heading.default\">\n\t\t\t\t\t<h1 class=\"elementor-heading-title elementor-size-default\">Inti, sun\u010dani bog Inka i praotac vladarske dinastije<\/h1>\t\t\t\t<\/div>\n\t\t\t\t<div class=\"elementor-element elementor-element-iwgw-inti-lead elementor-widget elementor-widget-text-editor\" data-id=\"iwgw-inti-lead\" data-element_type=\"widget\" data-e-type=\"widget\" data-widget_type=\"text-editor.default\">\n\t\t\t\t\t\t\t\t\t<p>Inti, sun\u010dani bog Inka, smatra se ocem vladarske dinastije i stoji u sredi\u0161tu velikog sun\u010danog festivala Inti Raymi. Njegov <span class=\"iwg-fachbegriff\" data-tooltip=\"Sveukupnost religijskih obreda \u0161tovanja neke bo\u017eanske ili svete pojave.\" tabindex=\"0\">kult<\/span> klju\u010dan je dio andske religijske povijesti i Inkansko carstvo ga je slu\u017ebeno uzdiglo na razinu dr\u017eavne religije.<\/p>\t\t\t\t\t\t\t\t<\/div>\n\t\t\t\t<\/div>\n\t\t<div class=\"elementor-element elementor-element-iwgw-inti-pillc e-con-full e-flex e-con e-child\" data-id=\"iwgw-inti-pillc\" data-element_type=\"container\" data-e-type=\"container\">\n\t\t\t\t<div class=\"elementor-element elementor-element-iwgw-inti-pills elementor-widget elementor-widget-html\" data-id=\"iwgw-inti-pills\" data-element_type=\"widget\" data-e-type=\"widget\" data-widget_type=\"html.default\">\n\t\t\t\t\t<div class=\"iwg-pill-row\"><span class=\"iwg-klasse-badge\" tabindex=\"0\" data-tooltip=\"Bog tradicije Andi \/ Inke.\">Bog<\/span><a href=\"https:\/\/iwell-guard.com\/hr\/?page_id=149645\" class=\"iwg-kultur-badge\" tabindex=\"0\" data-tooltip=\"Mitologija tradicije Andi \/ Inke.\">Andi \/ Inke<\/a><span class=\"iwg-tradition-badge\" tabindex=\"0\" data-tooltip=\"Vrhovno bo\u017eanstvo.\">Vrhovno bo\u017eanstvo<\/span><\/div>\t\t\t\t<\/div>\n\t\t\t\t<\/div>\n\t\t<div class=\"elementor-element elementor-element-iwgw-inti-tocc e-con-full e-flex e-con e-child\" data-id=\"iwgw-inti-tocc\" data-element_type=\"container\" data-e-type=\"container\">\n\t\t\t\t<div class=\"elementor-element elementor-element-iwgw-inti-toc elementor-toc--minimized-on-tablet elementor-widget elementor-widget-table-of-contents\" data-id=\"iwgw-inti-toc\" data-element_type=\"widget\" data-e-type=\"widget\" data-settings=\"{&quot;headings_by_tags&quot;:[&quot;h2&quot;,&quot;h3&quot;],&quot;minimize_box&quot;:&quot;yes&quot;,&quot;marker_view&quot;:&quot;bullets&quot;,&quot;no_headings_message&quot;:&quot;Na ovoj stranici nisu prona\\u0111eni naslovi.&quot;,&quot;exclude_headings_by_selector&quot;:[],&quot;icon&quot;:{&quot;value&quot;:&quot;fas fa-circle&quot;,&quot;library&quot;:&quot;fa-solid&quot;,&quot;rendered_tag&quot;:&quot;&lt;svg class=\\&quot;e-font-icon-svg e-fas-circle\\&quot; viewBox=\\&quot;0 0 512 512\\&quot; xmlns=\\&quot;http:\\\/\\\/www.w3.org\\\/2000\\\/svg\\&quot;&gt;&lt;path d=\\&quot;M256 8C119 8 8 119 8 256s111 248 248 248 248-111 248-248S393 8 256 8z\\&quot;&gt;&lt;\\\/path&gt;&lt;\\\/svg&gt;&quot;},&quot;minimized_on&quot;:&quot;tablet&quot;,&quot;hierarchical_view&quot;:&quot;yes&quot;,&quot;min_height&quot;:{&quot;unit&quot;:&quot;px&quot;,&quot;size&quot;:&quot;&quot;,&quot;sizes&quot;:[]},&quot;min_height_tablet&quot;:{&quot;unit&quot;:&quot;px&quot;,&quot;size&quot;:&quot;&quot;,&quot;sizes&quot;:[]},&quot;min_height_mobile&quot;:{&quot;unit&quot;:&quot;px&quot;,&quot;size&quot;:&quot;&quot;,&quot;sizes&quot;:[]}}\" data-widget_type=\"table-of-contents.default\">\n\t\t\t\t\t\t\t\t\t<div class=\"elementor-toc__header\">\n\t\t\t\t\t\t<h2 class=\"elementor-toc__header-title\">\n\t\t\t\tSadr\u017eaj\t\t\t<\/h2>\n\t\t\t\t\t\t\t\t\t\t<div class=\"elementor-toc__toggle-button elementor-toc__toggle-button--expand\" role=\"button\" tabindex=\"0\" aria-controls=\"elementor-toc__iwgw-inti-toc\" aria-expanded=\"true\" aria-label=\"Open table of contents\"><svg aria-hidden=\"true\" class=\"e-font-icon-svg e-fas-chevron-down\" viewBox=\"0 0 448 512\" xmlns=\"http:\/\/www.w3.org\/2000\/svg\"><path d=\"M207.029 381.476L12.686 187.132c-9.373-9.373-9.373-24.569 0-33.941l22.667-22.667c9.357-9.357 24.522-9.375 33.901-.04L224 284.505l154.745-154.021c9.379-9.335 24.544-9.317 33.901.04l22.667 22.667c9.373 9.373 9.373 24.569 0 33.941L240.971 381.476c-9.373 9.372-24.569 9.372-33.942 0z\"><\/path><\/svg><\/div>\n\t\t\t\t<div class=\"elementor-toc__toggle-button elementor-toc__toggle-button--collapse\" role=\"button\" tabindex=\"0\" aria-controls=\"elementor-toc__iwgw-inti-toc\" aria-expanded=\"true\" aria-label=\"Close table of contents\"><svg aria-hidden=\"true\" class=\"e-font-icon-svg e-fas-chevron-up\" viewBox=\"0 0 448 512\" xmlns=\"http:\/\/www.w3.org\/2000\/svg\"><path d=\"M240.971 130.524l194.343 194.343c9.373 9.373 9.373 24.569 0 33.941l-22.667 22.667c-9.357 9.357-24.522 9.375-33.901.04L224 227.495 69.255 381.516c-9.379 9.335-24.544 9.317-33.901-.04l-22.667-22.667c-9.373-9.373-9.373-24.569 0-33.941L207.03 130.525c9.372-9.373 24.568-9.373 33.941-.001z\"><\/path><\/svg><\/div>\n\t\t\t\t\t<\/div>\n\t\t\t\t<div id=\"elementor-toc__iwgw-inti-toc\" class=\"elementor-toc__body\">\n\t\t\t<div class=\"elementor-toc__spinner-container\">\n\t\t\t\t<svg class=\"elementor-toc__spinner eicon-animation-spin e-font-icon-svg e-eicon-loading\" aria-hidden=\"true\" viewBox=\"0 0 1000 1000\" xmlns=\"http:\/\/www.w3.org\/2000\/svg\"><path d=\"M500 975V858C696 858 858 696 858 500S696 142 500 142 142 304 142 500H25C25 237 238 25 500 25S975 237 975 500 763 975 500 975Z\"><\/path><\/svg>\t\t\t<\/div>\n\t\t<\/div>\n\t\t\t\t\t\t<\/div>\n\t\t\t\t<\/div>\n\t\t\t\t\t<\/div>\n\t\t\t\t<\/div>\n\t\t<div class=\"elementor-element elementor-element-iwgw-inti-hr e-con-full e-flex e-con e-child\" data-id=\"iwgw-inti-hr\" data-element_type=\"container\" data-e-type=\"container\">\n\t\t\t\t<div class=\"elementor-element elementor-element-iwgw-inti-heroimg iwg-hero-image elementor-widget elementor-widget-image\" data-id=\"iwgw-inti-heroimg\" data-element_type=\"widget\" data-e-type=\"widget\" data-widget_type=\"image.default\">\n\t\t\t\t\t\t\t\t\t\t\t\t\t\t\t<img fetchpriority=\"high\" decoding=\"async\" width=\"683\" height=\"1024\" src=\"https:\/\/iwell-guard.com\/wp-content\/uploads\/2026\/05\/goetter_anden-inka_inti-683x1024.webp\" class=\"attachment-large size-large wp-image-151600\" alt=\"Inti \u2013 bog iz andsko-inkanske tradicije, povijesno-ilustrativno\" srcset=\"https:\/\/iwell-guard.com\/wp-content\/uploads\/2026\/05\/goetter_anden-inka_inti-683x1024.webp 683w, https:\/\/iwell-guard.com\/wp-content\/uploads\/2026\/05\/goetter_anden-inka_inti-200x300.webp 200w, https:\/\/iwell-guard.com\/wp-content\/uploads\/2026\/05\/goetter_anden-inka_inti-768x1152.webp 768w, https:\/\/iwell-guard.com\/wp-content\/uploads\/2026\/05\/goetter_anden-inka_inti.webp 1024w\" sizes=\"(max-width: 683px) 100vw, 683px\" \/>\t\t\t\t\t\t\t\t\t\t\t\t\t\t\t<\/div>\n\t\t\t\t<\/div>\n\t\t\t\t\t<\/div>\n\t\t\t\t<\/div>\n\t\t\t\t<section class=\"elementor-section elementor-top-section elementor-element elementor-element-sec-iwgcomp-inti elementor-section-boxed elementor-section-height-default elementor-section-height-default\" data-id=\"sec-iwgcomp-inti\" data-element_type=\"section\" data-e-type=\"section\">\n\t\t\t\t\t\t<div class=\"elementor-container elementor-column-gap-default\">\n\t\t\t\t\t<div class=\"elementor-column elementor-col-100 elementor-top-column elementor-element elementor-element-col-iwgcomp-inti\" data-id=\"col-iwgcomp-inti\" data-element_type=\"column\" data-e-type=\"column\">\n\t\t\t<div class=\"elementor-widget-wrap elementor-element-populated\">\n\t\t\t\t\t\t<div class=\"elementor-element elementor-element-iwgcomp-inti elementor-widget elementor-widget-text-editor\" data-id=\"iwgcomp-inti\" data-element_type=\"widget\" data-e-type=\"widget\" data-widget_type=\"text-editor.default\">\n\t\t\t\t\t\t\t\t\t<p>Inti je <strong>inka sun\u010dani bog<\/strong> i stoji kao sredi\u0161nja pojava u <span class=\"iwg-fachbegriff\" data-tooltip=\"Sveukupnost bogova neke religije ili kulture.\" tabindex=\"0\">panteonu<\/span> andske visoke kulture.<\/p>\t\t\t\t\t\t\t\t<\/div>\n\t\t\t\t\t<\/div>\n\t\t<\/div>\n\t\t\t\t\t<\/div>\n\t\t<\/section>\n\t\t<div class=\"elementor-element elementor-element-iwgw-inti-s0 e-flex e-con-boxed e-con e-parent\" data-id=\"iwgw-inti-s0\" data-element_type=\"container\" data-e-type=\"container\">\n\t\t\t\t\t<div class=\"e-con-inner\">\n\t\t\t\t<div class=\"elementor-element elementor-element-iwgw-inti-s0h elementor-widget elementor-widget-heading\" data-id=\"iwgw-inti-s0h\" data-element_type=\"widget\" data-e-type=\"widget\" data-widget_type=\"heading.default\">\n\t\t\t\t\t<h2 class=\"elementor-heading-title elementor-size-default\">Polo\u017eaj u andskom panteonu<\/h2>\t\t\t\t<\/div>\n\t\t<div class=\"elementor-element elementor-element-iwgw-inti-s0c e-con-full e-flex e-con e-child\" data-id=\"iwgw-inti-s0c\" data-element_type=\"container\" data-e-type=\"container\">\n\t\t\t\t<div class=\"elementor-element elementor-element-iwgw-inti-s0t elementor-widget elementor-widget-text-editor\" data-id=\"iwgw-inti-s0t\" data-element_type=\"widget\" data-e-type=\"widget\" data-widget_type=\"text-editor.default\">\n\t\t\t\t\t\t\t\t\t<p>Inti (ke\u010dua: <em>inti<\/em>, sunce) \u010dini u slu\u017ebenom <span class=\"iwg-fachbegriff\" data-tooltip=\"Ukupnost bogova neke religije ili kulture.\" tabindex=\"0\">panteonu<\/span> Inkanskog Carstva (Tawantinsuyu, oko 1438, 1533) jedno od sredi\u0161njih visokih bo\u017eanstava i redovito se pojavljuje u kolonijalnim kronikama uz boga stvoritelja <a href=\"https:\/\/iwell-guard.com\/hr\/?page_id=149657\">Viracochu<\/a> i bo\u017eicu Mjeseca <a href=\"https:\/\/iwell-guard.com\/hr\/?page_id=149658\">Mama Killu<\/a>.<\/p><p>Peruanski kroni\u010dar Garcilaso de la Vega naziva ga u svojim <em>Comentarios Reales de los Incas<\/em> (1609) vidljivim licem najvi\u0161eg bi\u0107a, koje je legitimiralo inkanske vladare i organiziralo carstvo gospodarski i kalendarski.<\/p><p>S religioznopovijesnog gledi\u0161ta Inti pripada skupini dinasti\u010dkih solarnih teologija, kakve su u usporedivom obliku poznate iz staroegipatskog <span class=\"iwg-fachbegriff\" data-tooltip=\"Ukupnost vjerskih obreda \u0161tovanja za neko bo\u017eanstvo ili svetu osobu.\" tabindex=\"0\">kulta<\/span> Re, japanskog <span class=\"iwg-fachbegriff\" data-tooltip=\"Ukupnost vjerskih obreda \u0161tovanja za neko bo\u017eanstvo ili svetu osobu.\" tabindex=\"0\">kulta<\/span> Amaterasu ili prednjeazijskih sun\u010danih kultova.<\/p><p>Mircea Eliade u svojoj <em>Povijesti religijskih ideja<\/em> opisuje tendenciju kasnih visokih kultura da sun\u010dano bo\u017eanstvo uzdignu na jamca politi\u010dkog poretka; Inti se uklapa u taj obrazac. Inkanski vladari nosili su titulu <em>Intip Churin<\/em> (Sin Sunca) i iz nje su izvodili svoj univerzalni vladarski zahtjev nad andskom visoravni i svijetom <a href=\"https:\/\/iwell-guard.com\/hr\/?page_id=149645\">Anda-Inka<\/a>.<\/p><p>Zanimljivo je da Inti u predinkanskim visokim kulturama Anda (Chavin, Moche, Tiwanaku, Wari) nije imao usporedivo istaknut polo\u017eaj. Tek je dr\u017eavotvorna <span class=\"iwg-fachbegriff\" data-tooltip=\"Znanstveno u\u010denje o Bogu i vjeri neke religije.\" tabindex=\"0\">teologija<\/span> Inkanskog Carstva postavila ga na vrh vidljivog panteona.<\/p><p>Catherine Allen u djelu <em>The Hold Life Has<\/em> (2002) isti\u010de da je \u0161tovanje majke Zemlje <a href=\"https:\/\/iwell-guard.com\/hr\/?page_id=149656\">Pachamame<\/a> i lokalnih planinskih duhova Apu u mnogim zajednicama i danas prakti\u010dki va\u017enije od vi\u0161e solarne teologije Intija, \u0161to upu\u0107uje na to da je Inti prvenstveno djelovao kao carsko <span class=\"iwg-fachbegriff\" data-tooltip=\"Bi\u0107e \u0161tovano kao bo\u017eansko unutar neke religije.\" tabindex=\"0\">bo\u017eanstvo<\/span>, dok je konkretnu svakodnevicu andske religioznosti odre\u0111ivala prije majka Zemlja i lokalni planinski gospodari.<\/p>\t\t\t\t\t\t\t\t<\/div>\n\t\t\t\t<\/div>\n\t\t\t\t\t<\/div>\n\t\t\t\t<\/div>\n\t\t<div class=\"elementor-element elementor-element-iwgw-inti-s1 e-flex e-con-boxed e-con e-parent\" data-id=\"iwgw-inti-s1\" data-element_type=\"container\" data-e-type=\"container\">\n\t\t\t\t\t<div class=\"e-con-inner\">\n\t\t\t\t<div class=\"elementor-element elementor-element-iwgw-inti-s1h elementor-widget elementor-widget-heading\" data-id=\"iwgw-inti-s1h\" data-element_type=\"widget\" data-e-type=\"widget\" data-widget_type=\"heading.default\">\n\t\t\t\t\t<h2 class=\"elementor-heading-title elementor-size-default\">Ime i etimologija<\/h2>\t\t\t\t<\/div>\n\t\t<div class=\"elementor-element elementor-element-iwgw-inti-s1c e-con-full e-flex e-con e-child\" data-id=\"iwgw-inti-s1c\" data-element_type=\"container\" data-e-type=\"container\">\n\t\t\t\t<div class=\"elementor-element elementor-element-iwgw-inti-s1t elementor-widget elementor-widget-text-editor\" data-id=\"iwgw-inti-s1t\" data-element_type=\"widget\" data-e-type=\"widget\" data-widget_type=\"text-editor.default\">\n\t\t\t\t\t\t\t\t\t<p>Ime <em>Inti<\/em> potvr\u0111eno je ve\u0107 u najranijim kolonijalnim ke\u010duanskim rje\u010dnicima (Domingo de Santo Tom\u00e1s 1560, Diego Gonz\u00e1lez Holgu\u00edn 1608) kao op\u0107i naziv i za sunce kao nebesko tijelo i za personificirano <span class=\"iwg-fachbegriff\" data-tooltip=\"Bi\u0107e koje se u nekoj religiji \u0161tuje kao bo\u017eansko.\" tabindex=\"0\">bo\u017eanstvo<\/span>.<\/p><p>Dvostruko zna\u010denje, fizi\u010dko nebesko tijelo i bo\u017eanska osoba, tipi\u010dno je za andsko religijsko mi\u0161ljenje, u kojem razdvajanje razine prirode i numinoznog nije tako o\u0161tro povu\u010deno kao u europskim teologijama.<\/p><p>Inti se u izvorima javlja pod vi\u0161e aspektnih imena: <em>Apu Inti<\/em> (Gospodar Sunce), <em>Churi Inti<\/em> (Sin-Sunce), <em>Wayna Inti<\/em> (Mladi\u0107-Sunce) i <em>Inti Illapa<\/em> (Grom-Sunce) ozna\u010davaju svaki razli\u010dit oblik pojavljivanja, koje kroni\u010dar Juan de Betanzos u svojem djelu <em>Suma y narraci\u00f3n de los Incas<\/em> (1551) opisuje kao tri osobe trojstvene sun\u010dane teologije.<\/p><p>Ta trojnost navela je religijske etnologe kao Pierre Duviols na opreznost: kr\u0161\u0107anska doktrina Trojstva \u0161panjolskih kroni\u010dara ovdje mo\u017eda prekriva izvornu domoroda\u010dku vi\u0161estruku pojavnost.<\/p><p>Naziv najvi\u0161eg festivala <em>Inti Raymi<\/em> ke\u010duanska je tvorba od <em>inti<\/em> i <em>raymi<\/em> (svetkovina, festivalsko okupljanje). Ozna\u010dava festival zimskog solsticija ju\u017ene hemisfere (lipanj) i od 1944. godine u Cuscu se godi\u0161nje iznova izvodi kao rekonstruirana folklorna svetkovina, no bez povijesne prakse \u017ertvovanja \u017eivotinja.<\/p><p>Naziv festivala uz to se ustalio i kao oznaka za posebno andsko ra\u010dunanje vremena, u kojem se godine broje od mitskog po\u010detka carstva.<\/p>\t\t\t\t\t\t\t\t<\/div>\n\t\t\t\t<\/div>\n\t\t\t\t\t<\/div>\n\t\t\t\t<\/div>\n\t\t<div class=\"elementor-element elementor-element-iwgw-inti-s2 e-flex e-con-boxed e-con e-parent\" data-id=\"iwgw-inti-s2\" data-element_type=\"container\" data-e-type=\"container\">\n\t\t\t\t\t<div class=\"e-con-inner\">\n\t\t\t\t<div class=\"elementor-element elementor-element-iwgw-inti-s2h elementor-widget elementor-widget-heading\" data-id=\"iwgw-inti-s2h\" data-element_type=\"widget\" data-e-type=\"widget\" data-widget_type=\"heading.default\">\n\t\t\t\t\t<h2 class=\"elementor-heading-title elementor-size-default\">Opis i ikonografija<\/h2>\t\t\t\t<\/div>\n\t\t<div class=\"elementor-element elementor-element-iwgw-inti-s2c e-con-full e-flex e-con e-child\" data-id=\"iwgw-inti-s2c\" data-element_type=\"container\" data-e-type=\"container\">\n\t\t\t\t<div class=\"elementor-element elementor-element-iwgw-inti-s2t elementor-widget elementor-widget-text-editor\" data-id=\"iwgw-inti-s2t\" data-element_type=\"widget\" data-e-type=\"widget\" data-widget_type=\"text-editor.default\">\n\t\t\t\t\t\t\t\t\t<p>Ikonografski prikaz Intija u prehispanskim izvorima mo\u017ee se rekonstruirati samo fragmentarno, jer Inkansko Carstvo nije poznavalo pisanu likovnu tradiciju u u\u017eem smislu.<\/p><p>Glavni izvor predstavlja kolonijalna sekundarna predaja, kao i poznata zlatna plo\u010da koja je navodno stajala u hramu Sunca <em>Coricancha<\/em> u Cuscu: okrugla plo\u010da okru\u017eena zrakama, s antropomorfnim licem, poznata kao <em>Punchao<\/em>. Ovu <span class=\"iwg-fachbegriff\" data-tooltip=\"Likovni prikaz bo\u017eanstva koji se \u0161tuje u hramu ili sveti\u0161tu.\" tabindex=\"0\">kultnu sliku<\/span> zaplijenili su \u0160panjolci prilikom osvajanja Vilcabambe 1572. godine i otpremili je u \u0160panjolsku, gdje se od tada gubi svaki trag.<\/p><p>Garcilaso de la Vega opisuje <span class=\"iwg-fachbegriff\" data-tooltip=\"Sveto mjesto posve\u0107eno \u0161tovanju bo\u017eanstva.\" tabindex=\"0\">sveti\u0161te<\/span> Coricancha kao unutarnji prostor u potpunosti oblo\u017een zlatnim plo\u010dama. U sredi\u0161tu se nalazio Punchao, okru\u017een mumificiranim tijelima preminulih inkanskih vladara (<em>mallqui<\/em>), koji su se smatrali vje\u010dno \u017eivu\u0107im utjelovljenjem Intijeva rodoslovlja.<\/p><p>\u0160panjolski kroni\u010dari Polo de Ondegardo i Cristobal de Albornoz potvr\u0111uju ovaj raspored u svojim inspekcijskim izvje\u0161tajima iz 1560-ih godina. Dvorjani Inke na sve\u010dane dane nosili su zlatne krune sa zrakama koje su formalno preuzimale oblik Punchaa.<\/p><p>Na sa\u010duvanim inkanskim tekstilima, keroima (posudama za pi\u0107e) i kolonijalnim zidnim slikarijama (na primjer u \u0161koli Cusco) Inti se naj\u010de\u0161\u0107e prikazuje kao zlatno lice sa zup\u010dastim zrakama, ponekad s vijencem od klasova kukuruza ili kvinoje.<\/p><p>U gornjim slikovnim ravninama kolonijalnog andskog slikarstva (npr. <em>Trijumf svetog Mihaela<\/em>, \u0161kola Cusque\u00f1a, 17. stolje\u0107e) ikonografija Intija preklapa se s kr\u0161\u0107anskim motivima <span class=\"iwg-fachbegriff\" data-tooltip=\"U abrahamskim religijama nebesko bi\u0107e koje prenosi Bo\u017eje poruke.\" tabindex=\"0\">an\u0111ela<\/span> i Sol Iustitiae, trag ikonografskog sinkretizma koji je povjesni\u010darka umjetnosti Teresa Gisbert sustavno prikazala u djelu <em>Iconografia y mitos indigenas en el arte<\/em> (1980).<\/p>\t\t\t\t\t\t\t\t<\/div>\n\t\t\t\t<\/div>\n\t\t\t\t\t<\/div>\n\t\t\t\t<\/div>\n\t\t<div class=\"elementor-element elementor-element-iwgw-inti-s3 e-flex e-con-boxed e-con e-parent\" data-id=\"iwgw-inti-s3\" data-element_type=\"container\" data-e-type=\"container\">\n\t\t\t\t\t<div class=\"e-con-inner\">\n\t\t\t\t<div class=\"elementor-element elementor-element-iwgw-inti-s3h elementor-widget elementor-widget-heading\" data-id=\"iwgw-inti-s3h\" data-element_type=\"widget\" data-e-type=\"widget\" data-widget_type=\"heading.default\">\n\t\t\t\t\t<h2 class=\"elementor-heading-title elementor-size-default\">Mitolo\u0161ke pri\u010de<\/h2>\t\t\t\t<\/div>\n\t\t<div class=\"elementor-element elementor-element-iwgw-inti-s3c e-con-full e-flex e-con e-child\" data-id=\"iwgw-inti-s3c\" data-element_type=\"container\" data-e-type=\"container\">\n\t\t\t\t<div class=\"elementor-element elementor-element-iwgw-inti-s3t elementor-widget elementor-widget-text-editor\" data-id=\"iwgw-inti-s3t\" data-element_type=\"widget\" data-e-type=\"widget\" data-widget_type=\"text-editor.default\">\n\t\t\t\t\t\t\t\t\t<p>Najva\u017eniji <span class=\"iwg-fachbegriff\" data-tooltip=\"Predaja koja pripovijeda o bogovima, podrijetlu i poretku svijeta.\" tabindex=\"0\">mit<\/span> o Intiju jest inkanski mit o podrijetlu iz jezera Titicaca, koji su prenijeli prije svega Garcilaso de la Vega i Juan de Betanzos. Prema njemu, Inti se nakon razdoblja tame svijeta izdi\u017ee iz jezera Titicaca i \u0161alje svoju djecu <em>Manca Capaca<\/em> i <em>Mamu Ocllo<\/em> da ljude nau\u010d\u0435 poljodjelstvu, tkanju i religijskom poretku.<\/p><p>Na mjestu na kojem se zlatni \u0161tap Manca Capaca zabio u zemlju, trebao se osnovati grad Cusco, kasnija prijestolnica Tawantinsuyua.<\/p><p>U paralelnoj predaji, koju je zabilje\u017eio Pedro Sarmiento de Gamboa u djelu <em>Historia indica<\/em> (1572), Manco Capac i njegova bra\u0107a i sestre pojavljuju se, naprotiv, iz sustava \u0161pilja Pacaritambo kraj Cusca. Ove su dvije predaje o podrijetlu ve\u0107 u inkansko doba u okviru <span class=\"iwg-fachbegriff\" data-tooltip=\"Znanstveno prou\u010davanje Boga i vjerovanja neke religije.\" tabindex=\"0\">teologije<\/span> bile uskla\u0111ene, tako da se doga\u0111aj kod Titicace tuma\u010dio kao kozmi\u010dka, a doga\u0111aj kod Pacaritamba kao zemaljska faza istog poslanja.<\/p><p>Jo\u0161 jedna mitska linija povezuje Intija sa stvoriteljskim bogom <a href=\"https:\/\/iwell-guard.com\/hr\/?page_id=149657\">Viracochom<\/a>. Prema Cristobalu de Molini (<em>Relacion de las fabulas y ritos de los Incas<\/em>, 1575), Viracocha stvara na Titicaci Sunce, Mjesec i zvijezde te im zapovijeda da zauzmu svoje putanje na nebu.<\/p><p>Inti je u ovom slu\u010daju sekundarni proizvod vi\u0161eg stvoriteljskog na\u010dela. Ovu je kozmogonijsku hijerarhiju u korist sna\u017enijeg polo\u017eaja Intija preoblikovao poneki inkanski vladar, posebice <em>Pachacuti<\/em> (vladao 1438, 1471), \u0161to je odredilo kasniju dr\u017eavnu teologiju.<\/p><p>Mitolo\u0161ki su s Intijem povezani i njegova sestra-supruga <a href=\"https:\/\/iwell-guard.com\/hr\/?page_id=149658\">Mama Killa<\/a> (Mjesec) te bog gromova <a href=\"https:\/\/iwell-guard.com\/hr\/?page_id=149660\">Illapa<\/a>, koji se u nekim izvorima smatra aspektom ili bratom Intija. Pomr\u010dinu Mjeseca inkanski su sve\u0107enici tuma\u010dili kao napad kozmi\u010dke \u017eivotinje na Mamu Killu, protiv \u010dega se moralo djelovati bukom i strelicama.<\/p>\t\t\t\t\t\t\t\t<\/div>\n\t\t\t\t<\/div>\n\t\t\t\t\t<\/div>\n\t\t\t\t<\/div>\n\t\t<div class=\"elementor-element elementor-element-iwgw-inti-s4 e-flex e-con-boxed e-con e-parent\" data-id=\"iwgw-inti-s4\" data-element_type=\"container\" data-e-type=\"container\">\n\t\t\t\t\t<div class=\"e-con-inner\">\n\t\t\t\t<div class=\"elementor-element elementor-element-iwgw-inti-s4h elementor-widget elementor-widget-heading\" data-id=\"iwgw-inti-s4h\" data-element_type=\"widget\" data-e-type=\"widget\" data-widget_type=\"heading.default\">\n\t\t\t\t\t<h2 class=\"elementor-heading-title elementor-size-default\">Kult i \u0161tovanje u Tawantinsuyuu<\/h2>\t\t\t\t<\/div>\n\t\t<div class=\"elementor-element elementor-element-iwgw-inti-s4c e-con-full e-flex e-con e-child\" data-id=\"iwgw-inti-s4c\" data-element_type=\"container\" data-e-type=\"container\">\n\t\t\t\t<div class=\"elementor-element elementor-element-iwgw-inti-s4t elementor-widget elementor-widget-text-editor\" data-id=\"iwgw-inti-s4t\" data-element_type=\"widget\" data-e-type=\"widget\" data-widget_type=\"text-editor.default\">\n\t\t\t\t\t\t\t\t\t<p>Dr\u017eavni <span class=\"iwg-fachbegriff\" data-tooltip=\"Ukupnost vjerskih obreda \u0161tovanja za neko bo\u017eanstvo ili svetu osobu.\" tabindex=\"0\">kult<\/span> Intija bio je u Inkanskom Carstvu razra\u0111eno institucionaliziran. U sredi\u0161tu se nalazio Sun\u010dev hram <em>Coricancha<\/em> (ke\u010dua <em>quri kancha<\/em>, zlatni okrug) u Cuscu, \u010diji temelji i danas \u010dine podno\u017eje dominikanskog samostana Santo Domingo.<\/p><p>Ovdje su se mumije inkanskih vladara njegovale kao \u017eive pretke, svakodnevno hranile i na blagdane nosile u procesijama preko glavnog trga <em>Huacaypate<\/em>.<\/p><p><span class=\"iwg-fachbegriff\" data-tooltip=\"Gra\u0111evina namijenjena \u0161tovanju jednog ili vi\u0161e bo\u017eanstava.\" tabindex=\"0\">Hramu<\/span> je bilo pridru\u017eeno vi\u0161e od 4000 sve\u0107enika i <em>Acllacuna<\/em>, izabrane sun\u010deve djevice.<\/p><p>One su \u017eivjele u zatvorenim \u017eenskim ku\u0107ama (<em>acllahuasi<\/em>), tkale najfinije tkanine (<em>cumbi<\/em>) za <span class=\"iwg-fachbegriff\" data-tooltip=\"Ukupnost vjerskih obreda \u0161tovanja za neko bo\u017eanstvo ili svetu osobu.\" tabindex=\"0\">kult<\/span> i pripremale obredno kukuruzno pivo <em>chicha<\/em>. Skromno o\u010duvani Acllahuasi u Cuscu (danas Santa Catalina) te inkanski natpisi u Choquequiraou daju dojam o materijalnoj dimenziji tog \u017eenskog sve\u0107enstva.<\/p><p>Vrhunac kultne godine bio je <em>Inti Raymi<\/em>, blagdan ljetnog solsticija 21.\/24. lipnja. Sam je Inka na glavnom trgu u Cuscu \u017ertvovao lame i zamor\u010di\u0107e, lio chichu iz zlatne posude i upu\u0107ivao svoju <span class=\"iwg-fachbegriff\" data-tooltip=\"Jezi\u010dno obra\u0107anje \u010dovjeka bo\u017eanstvu.\" tabindex=\"0\">molitvu<\/span> izlaze\u0107em suncu.<\/p><p>Polo de Ondegardo izvje\u0161tava o procesijama du\u017e linija <em>ceque<\/em>, sustavu <span class=\"iwg-fachbegriff\" data-tooltip=\"Sveto mjesto posve\u0107eno \u0161tovanju nekog bo\u017eanstva.\" tabindex=\"0\">sveti\u0161ta<\/span> koje se radijalno \u0161irilo iz Coricanche i sastojalo od 41 pravca i 328 takozvanih sveti\u0161ta huaca, a koji je Tom Zuidema prvi sustavno rekonstruirao u djelu <em>The Ceque System of Cuzco<\/em> (1964).<\/p><p>Uz glavni kult u Cuscu postojali su regionalni Sun\u010devi hramovi, me\u0111u ostalim u Vilcashuamanu, Pachacamacu (u sinkrezi sa starijim proro\u010di\u0161nim bogom <a href=\"https:\/\/iwell-guard.com\/hr\/?page_id=149659\">Pachakamakom<\/a>), na <em>Isla del Sol<\/em> u jezeru Titicaca te u sjeveroperuanskoj provinciji Cajamarca.<\/p><p>Ta su regionalna sveti\u0161ta bila me\u0111usobno povezana cestovnom mre\u017eom <em>Qhapaq Nan<\/em> i tvorila su carsku komunikacijsku mre\u017eu u kojoj su sun\u010deva <span class=\"iwg-fachbegriff\" data-tooltip=\"Znanstveno u\u010denje o Bogu i vjeri neke religije.\" tabindex=\"0\">teologija<\/span> i upravna kontrola bile nerazdvojno isprepletene.<\/p>\t\t\t\t\t\t\t\t<\/div>\n\t\t\t\t<\/div>\n\t\t\t\t\t<\/div>\n\t\t\t\t<\/div>\n\t\t<div class=\"elementor-element elementor-element-iwgw-inti-s5 e-flex e-con-boxed e-con e-parent\" data-id=\"iwgw-inti-s5\" data-element_type=\"container\" data-e-type=\"container\">\n\t\t\t\t\t<div class=\"e-con-inner\">\n\t\t\t\t<div class=\"elementor-element elementor-element-iwgw-inti-s5h elementor-widget elementor-widget-heading\" data-id=\"iwgw-inti-s5h\" data-element_type=\"widget\" data-e-type=\"widget\" data-widget_type=\"heading.default\">\n\t\t\t\t\t<h2 class=\"elementor-heading-title elementor-size-default\">Za\u0161titna praksa i apotropejski elementi<\/h2>\t\t\t\t<\/div>\n\t\t<div class=\"elementor-element elementor-element-iwgw-inti-s5c e-con-full e-flex e-con e-child\" data-id=\"iwgw-inti-s5c\" data-element_type=\"container\" data-e-type=\"container\">\n\t\t\t\t<div class=\"elementor-element elementor-element-iwgw-inti-s5t elementor-widget elementor-widget-text-editor\" data-id=\"iwgw-inti-s5t\" data-element_type=\"widget\" data-e-type=\"widget\" data-widget_type=\"text-editor.default\">\n\t\t\t\t\t\t\t\t\t<p>Dok je Inti kao vrhovno bo\u017eanstvo djelovao na carskoj razini, postojala je i svakodnevna solarna praksa koja djelomi\u010dno do danas opstaje u selima cuskanske i bolivijske visoravni. Nju se ne treba razumjeti u smislu modernih obe\u0107anja djelovanja, ve\u0107 ona dokumentira odre\u0111enu vjersku praksu opa\u017eanja.<\/p><p>Catherine Allen (<em>The Hold Life Has<\/em>, 2002) opisuje za selo Sonqo kako starije \u017eene ujutro otvaraju vrata prema istoku i prvim sun\u010devim zrakama prelaze rukom preko glave, uz ke\u010duansko mrmljanje kojim mole Inti za <em>samay<\/em> (dah \u017eivota).<\/p><p>U inkanskoj praksi sve\u0107enici su koristili zlatne zrcala za usmjeravanje sun\u010deve svjetlosti kako bi zapalili obredni oganj na <span class=\"iwg-fachbegriff\" data-tooltip=\"Uzdignuto mjesto ili stol za \u017ertve i vjerske obrede.\" tabindex=\"0\">\u017ertveniku<\/span> Coricanche. Cobo izvje\u0161tava o odgovaraju\u0107em ure\u0111aju s ugla\u010danim konkavnim zrcalima.<\/p><p>Kao <span class=\"iwg-fachbegriff\" data-tooltip=\"Koji odbija zlo: o znakovima i predmetima koji trebaju dr\u017ei \u0161tetne utjecaje na distanci.\" tabindex=\"0\">apotropejsko<\/span> sredstvo protiv no\u0107nih opasnosti, posebice protiv zlih duhova koji se u <span class=\"iwg-fachbegriff\" data-tooltip=\"Predana pri\u010da o bogovima, podrijetlu i poretku svijeta.\" tabindex=\"0\">mitu<\/span> nazivaju <em>supay<\/em> (vidi <a href=\"https:\/\/iwell-guard.com\/hr\/?page_id=149661\">Supay<\/a>), smatrali su se amuleti Sunca od zlatnog lima, koji su se nosili na prsima kao <em>chacana<\/em> ili kao okrugle replike Punchaa.<\/p><p>Religiologijski je relevantno da se ove prakse nisu shva\u0107ale kao magijska vladavina, ve\u0107 kao <em>ayni<\/em>, uzajamna obveza. Onaj koji ujutro pozdravlja Sunce ulazi u reciprocitetnu mre\u017eu koja, prema andskom shva\u0107anju, povezuje ljude, pretke, planine i nebeska tijela.<\/p><p>Religijski etnolog Frank Salomon pokazao je u djelu <em>The Cord Keepers<\/em> (2004) kako ta reciprocitetna logika dose\u017ee i do modernih ke\u010duanskih zajednica.<\/p>\t\t\t\t\t\t\t\t<\/div>\n\t\t\t\t<\/div>\n\t\t\t\t\t<\/div>\n\t\t\t\t<\/div>\n\t\t<div class=\"elementor-element elementor-element-iwgw-inti-s6 e-flex e-con-boxed e-con e-parent\" data-id=\"iwgw-inti-s6\" data-element_type=\"container\" data-e-type=\"container\">\n\t\t\t\t\t<div class=\"e-con-inner\">\n\t\t\t\t<div class=\"elementor-element elementor-element-iwgw-inti-s6h elementor-widget elementor-widget-heading\" data-id=\"iwgw-inti-s6h\" data-element_type=\"widget\" data-e-type=\"widget\" data-widget_type=\"heading.default\">\n\t\t\t\t\t<h2 class=\"elementor-heading-title elementor-size-default\">Paralele u drugim kulturama<\/h2>\t\t\t\t<\/div>\n\t\t<div class=\"elementor-element elementor-element-iwgw-inti-s6c e-con-full e-flex e-con e-child\" data-id=\"iwgw-inti-s6c\" data-element_type=\"container\" data-e-type=\"container\">\n\t\t\t\t<div class=\"elementor-element elementor-element-iwgw-inti-s6t elementor-widget elementor-widget-text-editor\" data-id=\"iwgw-inti-s6t\" data-element_type=\"widget\" data-e-type=\"widget\" data-widget_type=\"text-editor.default\">\n\t\t\t\t\t\t\t\t\t<p>Znanstveno-usporedna istra\u017eivanja od Eduarda Selera i Konrada Theodora Preussa nadalje ponovno su isticala paralele izme\u0111u Intija i drugih dinasti\u010dkih solarnih teologija. Posebno su upadljive strukturne sli\u010dnosti s drevnoegipatskim <span class=\"iwg-fachbegriff\" data-tooltip=\"Sveukupnost religijskih \u0161tovanja neke bo\u017eanske ili svete osobe.\" tabindex=\"0\">kultom<\/span> Re odnosno Atona, s japanskim <span class=\"iwg-fachbegriff\" data-tooltip=\"Sveukupnost religijskih \u0161tovanja neke bo\u017eanske ili svete osobe.\" tabindex=\"0\">kultom<\/span> Amaterasu dinastije Yamato te s rimskom <span class=\"iwg-fachbegriff\" data-tooltip=\"Znanstveno u\u010denje o Bogu i vjeri neke religije.\" tabindex=\"0\">teologijom<\/span> <em>Sol Invictus<\/em> iz 3. stolje\u0107a.<\/p><p>U svim tim slu\u010dajevima sunce se pojavljuje kao jamac vladarske dinastije, kao sredi\u0161nje kalendarsko na\u010delo i kao ikonografski dominantan element dr\u017eavne umjetnosti. Francuski povjesni\u010dar religije Henri Frankfort u djelu <em>Kingship and the Gods<\/em> (1948) opisao je strukturni obrazac bo\u017eanskog kraljevstva u kojem Inti, Re i Amaterasu zauzimaju funkcionalno usporedive pozicije.<\/p><p>Va\u017eno je pritom naglasiti da Frankfortov obrazac ne podrazumijeva genealo\u0161ku povezanost izme\u0111u solarnih teologija, rije\u010d je o konvergentnim razvojima pod sli\u010dnim dru\u0161tvenostrukturnim uvjetima agrarno utemeljene visoke kulture.<\/p><p>Unutar Amerike Inti pokazuje jasne paralele s aste\u010dkim Huitzilopochtlijem i mezoameri\u010dkim bogom sunca Tonatiuhom, iako se izravan dodir tih kultura prije 1532. ne mo\u017ee dokazati. Andski kulturni kompleksi ostali su uglavnom izolirani. U \u0161irem ameri\u010dkom prostoru solarna glavna figura manje je zastupljena: kod sjevernoameri\u010dkih Lakota <a href=\"https:\/\/iwell-guard.com\/hr\/?page_id=149665\">Wakan Tanka<\/a> predstavlja prete\u017eno sveobuhvatno, manje izrazito solarno vrhovno bi\u0107e.<\/p>\t\t\t\t\t\t\t\t<\/div>\n\t\t\t\t<\/div>\n\t\t\t\t\t<\/div>\n\t\t\t\t<\/div>\n\t\t<div class=\"elementor-element elementor-element-iwgw-inti-s7 e-flex e-con-boxed e-con e-parent\" data-id=\"iwgw-inti-s7\" data-element_type=\"container\" data-e-type=\"container\">\n\t\t\t\t\t<div class=\"e-con-inner\">\n\t\t\t\t<div class=\"elementor-element elementor-element-iwgw-inti-s7h elementor-widget elementor-widget-heading\" data-id=\"iwgw-inti-s7h\" data-element_type=\"widget\" data-e-type=\"widget\" data-widget_type=\"heading.default\">\n\t\t\t\t\t<h2 class=\"elementor-heading-title elementor-size-default\">Suvremena recepcija i istra\u017eivanja<\/h2>\t\t\t\t<\/div>\n\t\t<div class=\"elementor-element elementor-element-iwgw-inti-s7c e-con-full e-flex e-con e-child\" data-id=\"iwgw-inti-s7c\" data-element_type=\"container\" data-e-type=\"container\">\n\t\t\t\t<div class=\"elementor-element elementor-element-iwgw-inti-s7t elementor-widget elementor-widget-text-editor\" data-id=\"iwgw-inti-s7t\" data-element_type=\"widget\" data-e-type=\"widget\" data-widget_type=\"text-editor.default\">\n\t\t\t\t\t\t\t\t\t<p>Nakon osvajanja 1532. godine, 1572. \u0161panjolska kolonijalna uprava sustavno je suzbila dr\u017eavni Intijev <span class=\"iwg-fachbegriff\" data-tooltip=\"Skup svih religijskih obreda \u0161tovanja posve\u0107enih nekom bo\u017eanstvu ili svetoj pojavi.\" tabindex=\"0\">kult<\/span>. Nadbiskup Bartolom\u00e9 Lobo Guerrero i njegov vizitator Francisco de \u00c1vila u 1610-ima i 1620-ima provodili su velike kampanje <em>extirpaci\u00f3n de idolatr\u00edas<\/em>, u kojima je uni\u0161teno tisu\u0107e huaca-sveti\u0161ta.<\/p><p>Ipak, sun\u010dev kult sa\u010duvao se u pu\u010dkim religijskim oblicima, primjerice u planinskim procesijama <em>Qoyllur Riti<\/em> kraj Cusca, gdje se posljednji jutarnji led s gle\u010dera (danas znatno povu\u010den zbog klimatskih promjena) tuma\u010di kao manifestacija Intija.<\/p><p>Od 1944. godine u Cuscu se svake godine 24. lipnja izvodi rekonstruirana folklorna svetkovina <em>Inti Raymi<\/em> na utvrdi Sacsayhuam\u00e1n.<\/p><p>Inscenacija potje\u010de od perujskog knji\u017eevnika Faustina Espinoze Navarra i temelji se prije svega na opisima Garcilasa de la Vege. Ima znatan turisti\u010dki karakter, ali je istodobno i oslonac ponovno otkrivenog domoroda\u010dkog identiteta (<em>movimiento indigenista<\/em>).<\/p><p>U akademskim istra\u017eivanjima danas u prvom planu nije toliko monolitni Intijev <span class=\"iwg-fachbegriff\" data-tooltip=\"Skup svih religijskih obreda \u0161tovanja posve\u0107enih nekom bo\u017eanstvu ili svetoj pojavi.\" tabindex=\"0\">kult<\/span>, koliko pitanje lokalne religioznosti.<\/p><p>Frank Salomon, Tom Zuidema, Catherine Allen, Sabine MacCormack (<em>Religion in the Andes<\/em>, 1991) i Brian Bauer (<em>The Sacred Landscape of the Inca<\/em>, 1998) pokazali su kako se dr\u017eavni sun\u010dev kult nadogra\u0111ivao na gustu mre\u017eu lokalnih huaca-sveti\u0161ta i apu-\u0161tovanja planina te je nakon 1532. nastavio djelovati u sinkreti\u010dkom obliku.<\/p><p>Aktualne arheoastronomske studije kamenih sveti\u0161ta, poput Machu Picchua (Reinhard 2007, Ziegler 2015), neprestano usavr\u0161avaju tu slika.<\/p>\t\t\t\t\t\t\t\t<\/div>\n\t\t\t\t<\/div>\n\t\t\t\t\t<\/div>\n\t\t\t\t<\/div>\n\t\t<div class=\"elementor-element elementor-element-iwgw-inti-s8 e-flex e-con-boxed e-con e-parent\" data-id=\"iwgw-inti-s8\" data-element_type=\"container\" data-e-type=\"container\">\n\t\t\t\t\t<div class=\"e-con-inner\">\n\t\t\t\t<div class=\"elementor-element elementor-element-iwgw-inti-s8h elementor-widget elementor-widget-heading\" data-id=\"iwgw-inti-s8h\" data-element_type=\"widget\" data-e-type=\"widget\" data-widget_type=\"heading.default\">\n\t\t\t\t\t<h2 class=\"elementor-heading-title elementor-size-default\">Literatura i izvori<\/h2>\t\t\t\t<\/div>\n\t\t<div class=\"elementor-element elementor-element-iwgw-inti-s8c e-con-full e-flex e-con e-child\" data-id=\"iwgw-inti-s8c\" data-element_type=\"container\" data-e-type=\"container\">\n\t\t\t\t<div class=\"elementor-element elementor-element-iwgw-inti-s8t elementor-widget elementor-widget-text-editor\" data-id=\"iwgw-inti-s8t\" data-element_type=\"widget\" data-e-type=\"widget\" data-widget_type=\"text-editor.default\">\n\t\t\t\t\t\t\t\t\t<p>Sljede\u0107i popis navodi klju\u010dne povijesne izvore i suvremena znanstvena istra\u017eivanja o Intijevu <span class=\"iwg-fachbegriff\" data-tooltip=\"Skup svih religijskih obreda \u0161tovanja posve\u0107enih nekom bo\u017eanstvu ili svetoj pojavi.\" tabindex=\"0\">kultu<\/span> u Inkarstvu. Obuhva\u0107a kolonijalne kronike iz 16. i 17. stolje\u0107a, sve do djela moderne andske etnologije i <span class=\"iwg-fachbegriff\" data-tooltip=\"Znanost koja istra\u017euje pro\u0161le kulture na temelju materijalnih nalaza.\" tabindex=\"0\">arheologije<\/span>.<\/p>\t\t\t\t\t\t\t\t<\/div>\n\t\t\t\t<\/div>\n\t\t\t\t\t<\/div>\n\t\t\t\t<\/div>\n\t\t<div class=\"elementor-element elementor-element-cp2e221a20 e-flex e-con-boxed e-con e-parent\" data-id=\"cp2e221a20\" data-element_type=\"container\" data-e-type=\"container\">\n\t\t\t\t\t<div class=\"e-con-inner\">\n\t\t\t\t<div class=\"elementor-element elementor-element-cp28758ced elementor-widget elementor-widget-heading\" data-id=\"cp28758ced\" data-element_type=\"widget\" data-e-type=\"widget\" data-widget_type=\"heading.default\">\n\t\t\t\t\t<h2 class=\"elementor-heading-title elementor-size-default\">Inti Raymi kao dr\u017eavna svetkovina Inkarstva<\/h2>\t\t\t\t<\/div>\n\t\t<div class=\"elementor-element elementor-element-cp264cc543 e-flex e-con-boxed e-con e-child\" data-id=\"cp264cc543\" data-element_type=\"container\" data-e-type=\"container\">\n\t\t\t\t\t<div class=\"e-con-inner\">\n\t\t\t\t<div class=\"elementor-element elementor-element-cp2c0825f5 elementor-widget elementor-widget-text-editor\" data-id=\"cp2c0825f5\" data-element_type=\"widget\" data-e-type=\"widget\" data-widget_type=\"text-editor.default\">\n\t\t\t\t\t\t\t\t\t<p>Najva\u017enija zabilje\u017eena svetkovina sun\u010deva kulta bila je <em>Inti Raymi<\/em>, koja se slavila u vrijeme zimskog solsticija u lipnju u Cuscu.<\/p><p>Poznata je prije svega po opisu kroni\u010dara Crist\u00f3bala de Moline iz Cusca, koji je 1570-ih dokumentirao inkanske svetkovine, te po podacima Garcilasa de la Vege i Bernab\u00e9a Coba. Svetkovina je ozna\u010davala po\u010detak novog godi\u0161njeg ciklusa i povezivala sunce, plodnost zemlje i vladavinu Inke.<\/p><p>Prema kronikama, plemstvo se okupljalo na sredi\u0161njem trgu Cusca. \u017drtvovane su lame, prinosili su se kukuruz i kukuruzno pivo, a suncu se odavala po\u010dast u <span class=\"iwg-fachbegriff\" data-tooltip=\"Sve\u010dan \u010din koji se odvija po utvr\u0111enim pravilima.\" tabindex=\"0\">ceremoniji<\/span> u kojoj je Inka, kao sin sunca, imao istaknutu ulogu.<\/p><p>Svetkovina je tako slu\u017eila i religijskom \u0161tovanju i potvr\u0111ivanju politi\u010dkog poretka. \u0160panjolska kolonijalna uprava zabranila je svetkovinu krajem 16. stolje\u0107a, smatraju\u0107i je idolopoklonstvom.<\/p><p>Dana\u0161nji <em>Inti Raymi<\/em>, koji se od 1944. svake godine izvodi u Cuscu, nije neprekinuti nastavak, nego moderna rekonstrukcija. Potje\u010de od inicijative knji\u017eevnika i indigenista Faustina Espinoze Navarra i temelji se prije svega na tekstu Garcilasa.<\/p><p>Istra\u017eivanja modernu svetkovinu svrstavaju u perujski indigenizam 20. stolje\u0107a, pokret koji je inkansku ba\u0161tinu nagla\u0161avao kao temelj nacionalnog identiteta. Rije\u010d je dakle o dobro dokumentiranom slu\u010daju u kojem je predkolonijalni <span class=\"iwg-fachbegriff\" data-tooltip=\"Ure\u0111en slijed simboli\u010dnih radnji s religijskim ili kulturnim zna\u010denjem.\" tabindex=\"0\">ritual<\/span> iznova stvoren na temelju kronika i postao elementom modernog identiteta, bez postojanja neprekinute kultne <span class=\"iwg-fachbegriff\" data-tooltip=\"Preno\u0161enje znanja i pri\u010da kroz generacije.\" tabindex=\"0\">predaje<\/span>.<\/p>\t\t\t\t\t\t\t\t<\/div>\n\t\t\t\t\t<\/div>\n\t\t\t\t<\/div>\n\t\t\t\t\t<\/div>\n\t\t\t\t<\/div>\n\t\t<div class=\"elementor-element elementor-element-cp220ba088 e-flex e-con-boxed e-con e-parent\" data-id=\"cp220ba088\" data-element_type=\"container\" data-e-type=\"container\">\n\t\t\t\t\t<div class=\"e-con-inner\">\n\t\t\t\t<div class=\"elementor-element elementor-element-cp2dc475fc elementor-widget elementor-widget-heading\" data-id=\"cp2dc475fc\" data-element_type=\"widget\" data-e-type=\"widget\" data-widget_type=\"heading.default\">\n\t\t\t\t\t<h2 class=\"elementor-heading-title elementor-size-default\">Coricancha i materijalna predaja sun\u010deva kulta<\/h2>\t\t\t\t<\/div>\n\t\t<div class=\"elementor-element elementor-element-cp259331e8 e-flex e-con-boxed e-con e-child\" data-id=\"cp259331e8\" data-element_type=\"container\" data-e-type=\"container\">\n\t\t\t\t\t<div class=\"e-con-inner\">\n\t\t\t\t<div class=\"elementor-element elementor-element-cp2dcafdd8 elementor-widget elementor-widget-text-editor\" data-id=\"cp2dcafdd8\" data-element_type=\"widget\" data-e-type=\"widget\" data-widget_type=\"text-editor.default\">\n\t\t\t\t\t\t\t\t\t<p>Sredi\u0161nje <span class=\"iwg-fachbegriff\" data-tooltip=\"Sveto mjesto posve\u0107eno \u0161tovanju nekog bo\u017eanstva.\" tabindex=\"0\">sveti\u0161te<\/span> boga sunca bio je <em>Coricancha<\/em> u Cuscu, \u010diji se naziv mo\u017ee prevesti kao Zlatno dvori\u0161te ili zlatna ograda. \u0160panjolski izvori opisuju ga kao rasko\u0161no ukra\u0161enog zlatom, sa zidovima koji su djelomi\u010dno bili oblo\u017eeni zlatnim plo\u010dama.<\/p><p>Nakon osvajanja zlato je pretopljeno, a \u0160panjolci su na temeljima sveti\u0161ta podigli samostan Santo Domingo. Masivni inkanski kameni zid sa\u010duvan je do danas i vidljiv je u urbanoj slici Cusca.<\/p><p>Za znanstvenu analizu <em>Coricancha<\/em> je va\u017ena jer predstavlja rijedak slu\u010daj u kojem se pisani izvori i arhitektonski ostaci nadopunjuju. Sa\u010duvana arhitektura omogu\u0107uje zaklju\u010dke o razmje\u0161taju prostorija, iako precizna funkcija pojedinih dijelova ostaje predmet rasprav\u0430.<\/p><p>Raspravlja se, me\u0111u ostalim, o tome da se u <em>Coricanchi<\/em> nije \u010duvalo samo sunce, nego i vi\u0161e bo\u017eanstava, a i balzamirana tijela pokojnih vladara.<\/p><p>Astronom i antropolog R. T. Zuidema u nizu radova iznio je tezu da je iz <em>Coricanche<\/em> polazio sustav zami\u0161ljenih linija, tzv. <em>ceque<\/em>, na kojima su se nalazila brojna sveti\u0161ta u okolici Cusca. Te su linije, prema toj tezi, imale i ritualnu i kalendarsku funkciju.<\/p><p>Ta je teza utjecajna, ali nije bez prigovora, jer se uglavnom oslanja na popis sveti\u0161ta kod Bernab\u00e9a Coba, \u010dije je tuma\u010denje osporavano. <em>Coricancha<\/em> tako ostaje klju\u010dna, ali samo djelomi\u010dno razja\u0161njena referentna to\u010dka za razumijevanje sun\u010deva kulta.<\/p>\t\t\t\t\t\t\t\t<\/div>\n\t\t\t\t\t<\/div>\n\t\t\t\t<\/div>\n\t\t\t\t\t<\/div>\n\t\t\t\t<\/div>\n\t\t<div class=\"elementor-element elementor-element-iwgw-inti-lit e-flex e-con-boxed e-con e-parent\" data-id=\"iwgw-inti-lit\" data-element_type=\"container\" data-e-type=\"container\">\n\t\t\t\t\t<div class=\"e-con-inner\">\n\t\t\t\t<div class=\"elementor-element elementor-element-iwgw-inti-lith elementor-widget elementor-widget-heading\" data-id=\"iwgw-inti-lith\" data-element_type=\"widget\" data-e-type=\"widget\" data-widget_type=\"heading.default\">\n\t\t\t\t\t<h2 class=\"elementor-heading-title elementor-size-default\">Literatura (izbor)<\/h2>\t\t\t\t<\/div>\n\t\t<div class=\"elementor-element elementor-element-iwgw-inti-litc e-con-full e-flex e-con e-child\" data-id=\"iwgw-inti-litc\" data-element_type=\"container\" data-e-type=\"container\">\n\t\t\t\t<div class=\"elementor-element elementor-element-iwgw-inti-litt elementor-widget elementor-widget-text-editor\" data-id=\"iwgw-inti-litt\" data-element_type=\"widget\" data-e-type=\"widget\" data-widget_type=\"text-editor.default\">\n\t\t\t\t\t\t\t\t\t<ul><li>Garcilaso de la Vega: <em>Comentarios Reales de los Incas<\/em> (1609)<\/li><li>Bernabe Cobo: <em>Historia del Nuevo Mundo<\/em> (1653)<\/li><li>Catherine Allen: <em>The Hold Life Has<\/em> (2002)<\/li><li>Tom Zuidema: <em>The Ceque System of Cuzco<\/em> (1964)<\/li><li>Sabine MacCormack: <em>Religion in the Andes<\/em> (1991)<\/li><li>Brian Bauer: <em>The Sacred Landscape of the Inca<\/em> (1998)<\/li><li>Teresa Gisbert: <em>Iconografia y mitos indigenas en el arte<\/em> (1980)<\/li><\/ul>\t\t\t\t\t\t\t\t<\/div>\n\t\t\t\t<\/div>\n\t\t\t\t\t<\/div>\n\t\t\t\t<\/div>\n\t\t<div class=\"elementor-element elementor-element-iwgkw2-add-inti e-flex e-con-boxed e-con e-parent\" data-id=\"iwgkw2-add-inti\" data-element_type=\"container\" data-e-type=\"container\">\n\t\t\t\t\t<div class=\"e-con-inner\">\n\t\t\t\t<div class=\"elementor-element elementor-element-iwgkw2-add-inti-t elementor-widget elementor-widget-text-editor\" data-id=\"iwgkw2-add-inti-t\" data-element_type=\"widget\" data-e-type=\"widget\" data-widget_type=\"text-editor.default\">\n\t\t\t\t\t\t\t\t\t<p>Kao <strong>praotac<\/strong> inkanskih vladara, Inti je legitimizirao kraljevsku liniju Cusca i povezao politi\u010dki centar carstva s kozmi\u010dkom pripovijesti o podrijetlu.<\/p>\t\t\t\t\t\t\t\t<\/div>\n\t\t\t\t\t<\/div>\n\t\t\t\t<\/div>\n\t\t<div class=\"elementor-element elementor-element-iwgw-inti-kwd e-flex e-con-boxed e-con e-parent\" data-id=\"iwgw-inti-kwd\" data-element_type=\"container\" data-e-type=\"container\">\n\t\t\t\t\t<div class=\"e-con-inner\">\n\t\t<div class=\"elementor-element elementor-element-iwgw-inti-kwdc e-con-full e-flex e-con e-child\" data-id=\"iwgw-inti-kwdc\" data-element_type=\"container\" data-e-type=\"container\">\n\t\t\t\t<div class=\"elementor-element elementor-element-iwgw-inti-kwdt elementor-widget elementor-widget-text-editor\" data-id=\"iwgw-inti-kwdt\" data-element_type=\"widget\" data-e-type=\"widget\" data-widget_type=\"text-editor.default\">\n\t\t\t\t\t\t\t\t\t<p><em>Srodni klju\u010dni pojmovi: Inti Quechua Capac Inti Raymi Cusco Coricancha Pachakuti Punchao Tawantinsuyu.<\/em><\/p>\t\t\t\t\t\t\t\t<\/div>\n\t\t\t\t<\/div>\n\t\t\t\t\t<\/div>\n\t\t\t\t<\/div>\n\t\t<div class=\"elementor-element elementor-element-iwgw-inti-cc e-flex e-con-boxed e-con e-parent\" data-id=\"iwgw-inti-cc\" data-element_type=\"container\" data-e-type=\"container\" id=\"iwg-cc-inti\">\n\t\t\t\t\t<div class=\"e-con-inner\">\n\t\t<div class=\"elementor-element elementor-element-iwgw-inti-ccinner e-flex e-con-boxed e-con e-parent\" data-id=\"iwgw-inti-ccinner\" data-element_type=\"container\" data-e-type=\"container\" data-settings=\"{&quot;background_background&quot;:&quot;classic&quot;}\">\n\t\t\t\t\t<div class=\"e-con-inner\">\n\t\t\t\t<div class=\"elementor-element elementor-element-iwgw-inti-cch elementor-widget elementor-widget-heading\" data-id=\"iwgw-inti-cch\" data-element_type=\"widget\" data-e-type=\"widget\" data-widget_type=\"heading.default\">\n\t\t\t\t\t<h2 class=\"elementor-heading-title elementor-size-default\">iWell Guard i tradicije za\u0161tite<\/h2>\t\t\t\t<\/div>\n\t\t\t\t<div class=\"elementor-element elementor-element-iwgw-inti-cct elementor-widget elementor-widget-text-editor\" data-id=\"iwgw-inti-cct\" data-element_type=\"widget\" data-e-type=\"widget\" data-widget_type=\"text-editor.default\">\n\t\t\t\t\t\t\t\t\t<div data-nosnippet=\"true\"><p>iWell Guard nastavlja kulturno-povijesnu tradiciju prenosivih za\u0161titnih predmeta, u tradiciji <a href=\"https:\/\/iwell-guard.com\/hr\/?page_id=149645\">Anda \/ Inka<\/a> i brojnih drugih kultura \u0161irom svijeta. 41 razina, pravo zlato, platina, srebro, izra\u0111eno u Njema\u010dkoj. Pravo povrata u roku od 30 dana.<\/p><\/div>\t\t\t\t\t\t\t\t<\/div>\n\t\t\t\t<div class=\"elementor-element elementor-element-iwgw-inti-ccb iwg-cc-button iwg-cc-cta-2026-05-13 elementor-widget elementor-widget-jet-button\" data-id=\"iwgw-inti-ccb\" data-element_type=\"widget\" data-e-type=\"widget\" data-widget_type=\"jet-button.default\">\n\t\t\t\t<div class=\"elementor-widget-container\">\n\t\t\t\t\t<div class=\"elementor-jet-button jet-elements\"><div class=\"jet-button__container\"><a class=\"jet-button__instance jet-button__instance--icon-left hover-effect-1\" href=\"\/ueber-iwell-guard\/?utm_source=iwell-guard.com&amp;utm_medium=info-box&amp;utm_campaign=wesen-tradition\"><div class=\"jet-button__plane jet-button__plane-normal\"><\/div><div class=\"jet-button__plane jet-button__plane-hover\"><\/div><div class=\"jet-button__state jet-button__state-normal\"><span class=\"jet-button__label\">Vi\u0161e o iWell Guardu<\/span><\/div><div class=\"jet-button__state jet-button__state-hover\"><span class=\"jet-button__label\">Vi\u0161e o iWell Guardu<\/span><\/div><\/a><\/div><\/div><style>.elementor-element.elementor-element-iwgw-inti-ccb .jet-button__instance{width:320px;height:56px;}.elementor-element.elementor-element-iwgw-inti-ccb .jet-button__state-normal .jet-button__label{text-align:center;margin:0px 0px 0px 0px;color:#1a1b20;font-family:Montserrat,sans-serif;font-size:13px;font-weight:400;letter-spacing:4px;line-height:1.714em;text-transform:uppercase;}.elementor-element.elementor-element-iwgw-inti-ccb .jet-button__state-hover .jet-button__label{text-align:center;margin:0px 0px 0px 0px;color:#FECC76;font-family:Montserrat,sans-serif;font-size:13px;font-weight:400;letter-spacing:4px;line-height:1.714em;text-transform:uppercase;}.elementor-element.elementor-element-iwgw-inti-ccb .jet-button__plane-normal{background-color:#FECC76;border-style:solid;border-color:#C99540;border-width:2px 2px 2px 2px;}.elementor-element.elementor-element-iwgw-inti-ccb .jet-button__plane-hover{background-color:rgba(0,0,0,0.55);border-style:solid;border-color:#FECC76;border-width:2px 2px 2px 2px;}<\/style>\t\t\t\t<\/div>\n\t\t\t\t<\/div>\n\t\t\t\t<div class=\"elementor-element elementor-element-iwgw-inti-ccd elementor-widget elementor-widget-text-editor\" data-id=\"iwgw-inti-ccd\" data-element_type=\"widget\" data-e-type=\"widget\" data-widget_type=\"text-editor.default\">\n\t\t\t\t\t\t\t\t\t<div data-nosnippet=\"true\"><p style=\"text-align:center;font-size:13px;opacity:0.7;margin-top:14px\" data-nosnippet=\"true\">Osobna iskustva mogu se razlikovati. Nije medicinski proizvod. Nema obe\u0107anja izlje\u010denja.<\/p><\/div>\t\t\t\t\t\t\t\t<\/div>\n\t\t\t\t\t<\/div>\n\t\t\t\t<\/div>\n\t\t\t\t\t<\/div>\n\t\t\t\t<\/div>\n\t\t<div class=\"elementor-element elementor-element-iwgw-inti-disc e-flex e-con-boxed e-con e-parent\" data-id=\"iwgw-inti-disc\" data-element_type=\"container\" data-e-type=\"container\">\n\t\t\t\t\t<div class=\"e-con-inner\">\n\t\t\t\t<div class=\"elementor-element elementor-element-iwgw-inti-discw elementor-widget elementor-widget-html\" data-id=\"iwgw-inti-discw\" data-element_type=\"widget\" data-e-type=\"widget\" data-widget_type=\"html.default\">\n\t\t\t\t\t<footer data-nosnippet=\"true\" class=\"iwg-disclaimer-block\"><p data-nosnippet=\"true\">iWell Guard <strong>nije medicinski proizvod<\/strong> i ne zamjenjuje lije\u010dni\u010dko ili psihoterapeutsko lije\u010denje. Religijsko-znanstveni sadr\u017eaji predstavljaju kulturno-povijesnu interpretaciju, a ne preporuku duhovne prakse.<\/p><\/footer>\t\t\t\t<\/div>\n\t\t\t\t\t<\/div>\n\t\t\t\t<\/div>\n\t\t\t\t<\/div>\n\t\t","protected":false},"excerpt":{"rendered":"","protected":false},"author":3,"featured_media":2678,"parent":0,"menu_order":0,"comment_status":"closed","ping_status":"closed","template":"elementor_header_footer","meta":{"_yoast_wpseo_focuskw":"Inti inka sun\u010dani bog","_yoast_wpseo_title":"Inti \u2013 inka sun\u010dani bog i panteon","_yoast_wpseo_metadesc":"Inti, sun\u010dani bog Inka, smatra se ocem vladarske dinastije i sredi\u0161tem festivala Inti Raymi, dr\u017eavnog kulta uz Viracochu i Mama Killu.","_yoast_wpseo_meta-robots-noindex":"","_yoast_wpseo_canonical":"","_angie_page":false,"gefaehrdungsstufe":"2","wesen_kultur":"anden-inka","wesen_klasse":"goetter","footnotes":""},"categories":[],"class_list":["post-149655","page","type-page","status-publish","has-post-thumbnail","hentry"],"yoast_head":"<!-- This site is optimized with the Yoast SEO Premium plugin v27.7 (Yoast SEO v28.3) - https:\/\/yoast.com\/product\/yoast-seo-premium-wordpress\/ -->\n<title>Inti \u2013 inka sun\u010dani bog i panteon<\/title>\n<meta name=\"description\" content=\"Inti, sun\u010dani bog Inka, smatra se ocem vladarske dinastije i sredi\u0161tem festivala Inti Raymi, dr\u017eavnog kulta uz Viracochu i Mama Killu.\" \/>\n<meta name=\"robots\" content=\"index, follow, max-snippet:-1, max-image-preview:large, max-video-preview:-1\" \/>\n<link rel=\"canonical\" href=\"https:\/\/iwell-guard.com\/hr\/inti-suncani-bog-inka\/\" \/>\n<meta property=\"og:locale\" content=\"hr_HR\" \/>\n<meta property=\"og:type\" content=\"article\" \/>\n<meta property=\"og:title\" content=\"Inti \u2013 Sun\u010dani bog Inka\" \/>\n<meta property=\"og:description\" content=\"Inti, sun\u010dani bog Inka, smatra se ocem vladarske dinastije i sredi\u0161tem festivala Inti Raymi, dr\u017eavnog kulta uz Viracochu i Mama Killu.\" \/>\n<meta property=\"og:url\" content=\"https:\/\/iwell-guard.com\/hr\/inti-suncani-bog-inka\/\" \/>\n<meta property=\"og:site_name\" content=\"iWell Guard\" \/>\n<meta property=\"article:modified_time\" content=\"2026-09-04T05:28:53+00:00\" \/>\n<meta property=\"og:image\" content=\"https:\/\/iwell-guard.com\/wp-content\/uploads\/2026\/05\/goetter_anden-inka_inti.webp\" \/>\n\t<meta property=\"og:image:width\" content=\"1024\" \/>\n\t<meta property=\"og:image:height\" content=\"1536\" \/>\n\t<meta property=\"og:image:type\" content=\"image\/webp\" \/>\n<meta name=\"twitter:card\" content=\"summary_large_image\" \/>\n<script type=\"application\/ld+json\" class=\"yoast-schema-graph\">{\"@context\":\"https:\\\/\\\/schema.org\",\"@graph\":[{\"@type\":\"WebPage\",\"@id\":\"https:\\\/\\\/iwell-guard.com\\\/hr\\\/inti-suncani-bog-inka\\\/\",\"url\":\"https:\\\/\\\/iwell-guard.com\\\/hr\\\/inti-suncani-bog-inka\\\/\",\"name\":\"Inti \u2013 inka sun\u010dani bog i panteon\",\"isPartOf\":{\"@id\":\"https:\\\/\\\/iwell-guard.com\\\/hr\\\/#website\"},\"primaryImageOfPage\":{\"@id\":\"https:\\\/\\\/iwell-guard.com\\\/hr\\\/inti-suncani-bog-inka\\\/#primaryimage\"},\"image\":{\"@id\":\"https:\\\/\\\/iwell-guard.com\\\/hr\\\/inti-suncani-bog-inka\\\/#primaryimage\"},\"thumbnailUrl\":\"https:\\\/\\\/iwell-guard.com\\\/wp-content\\\/uploads\\\/2026\\\/05\\\/goetter_anden-inka_inti.webp\",\"datePublished\":\"2026-09-04T05:12:23+00:00\",\"dateModified\":\"2026-09-04T05:28:53+00:00\",\"description\":\"Inti, sun\u010dani bog Inka, smatra se ocem vladarske dinastije i sredi\u0161tem festivala Inti Raymi, dr\u017eavnog kulta uz Viracochu i Mama Killu.\",\"breadcrumb\":{\"@id\":\"https:\\\/\\\/iwell-guard.com\\\/hr\\\/inti-suncani-bog-inka\\\/#breadcrumb\"},\"inLanguage\":\"hr\",\"potentialAction\":[{\"@type\":\"ReadAction\",\"target\":[\"https:\\\/\\\/iwell-guard.com\\\/hr\\\/inti-suncani-bog-inka\\\/\"]}]},{\"@type\":\"ImageObject\",\"inLanguage\":\"hr\",\"@id\":\"https:\\\/\\\/iwell-guard.com\\\/hr\\\/inti-suncani-bog-inka\\\/#primaryimage\",\"url\":\"https:\\\/\\\/iwell-guard.com\\\/wp-content\\\/uploads\\\/2026\\\/05\\\/goetter_anden-inka_inti.webp\",\"contentUrl\":\"https:\\\/\\\/iwell-guard.com\\\/wp-content\\\/uploads\\\/2026\\\/05\\\/goetter_anden-inka_inti.webp\",\"width\":1024,\"height\":1536,\"caption\":\"Bogovi iz andsko-inkanske tradicije.\"},{\"@type\":\"BreadcrumbList\",\"@id\":\"https:\\\/\\\/iwell-guard.com\\\/hr\\\/inti-suncani-bog-inka\\\/#breadcrumb\",\"itemListElement\":[{\"@type\":\"ListItem\",\"position\":1,\"name\":\"Start\",\"item\":\"https:\\\/\\\/iwell-guard.com\\\/hr\\\/?page_id=149317\"},{\"@type\":\"ListItem\",\"position\":2,\"name\":\"Inti \u2013 Sun\u010dani bog Inka\"}]},{\"@type\":\"WebSite\",\"@id\":\"https:\\\/\\\/iwell-guard.com\\\/hr\\\/#website\",\"url\":\"https:\\\/\\\/iwell-guard.com\\\/hr\\\/\",\"name\":\"iWell Guard\",\"description\":\"Schutz vor dunklen Einfl\u00fcssen\",\"publisher\":{\"@id\":\"https:\\\/\\\/iwell-guard.com\\\/hr\\\/#organization\"},\"potentialAction\":[{\"@type\":\"SearchAction\",\"target\":{\"@type\":\"EntryPoint\",\"urlTemplate\":\"https:\\\/\\\/iwell-guard.com\\\/hr\\\/?s={search_term_string}\"},\"query-input\":{\"@type\":\"PropertyValueSpecification\",\"valueRequired\":true,\"valueName\":\"search_term_string\"}}],\"inLanguage\":\"hr\"},{\"@type\":\"Organization\",\"@id\":\"https:\\\/\\\/iwell-guard.com\\\/hr\\\/#organization\",\"name\":\"Ittermann electronic GmbH\",\"url\":\"https:\\\/\\\/iwell-guard.com\\\/hr\\\/\",\"logo\":{\"@type\":\"ImageObject\",\"inLanguage\":\"hr\",\"@id\":\"https:\\\/\\\/iwell-guard.com\\\/hr\\\/#\\\/schema\\\/logo\\\/image\\\/\",\"url\":\"https:\\\/\\\/iwell-guard.com\\\/wp-content\\\/uploads\\\/2026\\\/05\\\/Ittermann-Logo-1182x237-1.png\",\"contentUrl\":\"https:\\\/\\\/iwell-guard.com\\\/wp-content\\\/uploads\\\/2026\\\/05\\\/Ittermann-Logo-1182x237-1.png\",\"width\":1182,\"height\":237,\"caption\":\"Ittermann electronic GmbH\"},\"image\":{\"@id\":\"https:\\\/\\\/iwell-guard.com\\\/hr\\\/#\\\/schema\\\/logo\\\/image\\\/\"},\"sameAs\":[\"https:\\\/\\\/pantip.com\\\/profile\\\/9367242\",\"https:\\\/\\\/micro.blog\\\/iwellguard\",\"https:\\\/\\\/www.diggerslist.com\\\/iwellguard\\\/about\",\"https:\\\/\\\/skitterphoto.com\\\/photographers\\\/2870314\\\/iwell-guard\",\"https:\\\/\\\/iwellguard.wordpress.com\\\/2026\\\/06\\\/06\\\/iwell-guard\\\/\",\"https:\\\/\\\/hub.docker.com\\\/u\\\/iwellguard\",\"https:\\\/\\\/www.pinterest.com\\\/iwellguard\\\/\",\"https:\\\/\\\/bit.ly\\\/m\\\/iwellguard\",\"https:\\\/\\\/entre-vos-mains.alsace.eu\\\/profiles\\\/iwellguard\\\/activity\",\"https:\\\/\\\/gravatar.com\\\/reallybeded8fd34\",\"https:\\\/\\\/naijamatta.com\\\/iwellguard\",\"https:\\\/\\\/www.goodreads.com\\\/iwellguard\",\"https:\\\/\\\/profile.hatena.ne.jp\\\/iwellguard\\\/\",\"https:\\\/\\\/experiment.com\\\/users\\\/iwellguard\",\"https:\\\/\\\/wakelet.com\\\/@iWellGuard82270\",\"https:\\\/\\\/www.chordie.com\\\/forum\\\/profile.php?id=2555664\",\"https:\\\/\\\/www.instapaper.com\\\/p\\\/17757966\",\"https:\\\/\\\/www.mapleprimes.com\\\/users\\\/iwellguard\",\"https:\\\/\\\/businesslistingplus.com\\\/profile\\\/iwell-guard\\\/\",\"https:\\\/\\\/telegra.ph\\\/iWell-Guard-06-06\",\"https:\\\/\\\/pbase.com\\\/iwellguard\\\/iwellguard\",\"https:\\\/\\\/b.hatena.ne.jp\\\/iwellguard\\\/20260607#bookmark-4788405196491818882\",\"https:\\\/\\\/fliphtml5.com\\\/home\\\/iwellguard\",\"https:\\\/\\\/anyflip.com\\\/homepage\\\/cmiwl#About\",\"https:\\\/\\\/transfur.com\\\/Users\\\/iwellguard\",\"http:\\\/\\\/delphi.larsbo.org\\\/user\\\/iwellguard\",\"https:\\\/\\\/jobs.lajobsportal.org\\\/profiles\\\/8380803-iwell-guard\",\"https:\\\/\\\/md.chaosdorf.de\\\/s\\\/jfbe5SBdJD\",\"https:\\\/\\\/www.lingvolive.com\\\/en-us\\\/profile\\\/9ecaeaca-ce11-4e51-9e71-01d55e2bff36\\\/translations\",\"https:\\\/\\\/www.fitday.com\\\/fitness\\\/forums\\\/members\\\/iwellguard.html\",\"https:\\\/\\\/www.mymeetbook.com\\\/iwellguard\",\"https:\\\/\\\/pxhere.com\\\/en\\\/photographer-me\\\/5040798\",\"https:\\\/\\\/disqus.com\\\/by\\\/iwellguard\\\/about\\\/\",\"https:\\\/\\\/pastelink.net\\\/hjwciqwq\",\"https:\\\/\\\/pubhtml5.com\\\/homepage\\\/scjhn\\\/\",\"https:\\\/\\\/www.bitchute.com\\\/channel\\\/2O2eOKzNqujT\",\"https:\\\/\\\/audiomack.com\\\/iwellguard\"]},{\"@type\":\"Article\",\"@id\":\"https:\\\/\\\/iwell-guard.com\\\/hr\\\/inti-suncani-bog-inka\\\/#article\",\"isPartOf\":{\"@id\":\"https:\\\/\\\/iwell-guard.com\\\/hr\\\/inti-suncani-bog-inka\\\/\"},\"author\":{\"name\":\"Ralf Ittermann\",\"@id\":\"https:\\\/\\\/iwell-guard.com\\\/hr\\\/#\\\/schema\\\/person\\\/ee2a27f1cac3406c7c6fb5820cb7349f\"},\"headline\":\"Inti \u2013 Sun\u010dani bog Inka\",\"datePublished\":\"2026-09-04T05:12:23+00:00\",\"dateModified\":\"2026-09-04T05:28:53+00:00\",\"mainEntityOfPage\":{\"@id\":\"https:\\\/\\\/iwell-guard.com\\\/hr\\\/inti-suncani-bog-inka\\\/\"},\"publisher\":{\"@id\":\"https:\\\/\\\/iwell-guard.com\\\/hr\\\/#organization\"},\"image\":{\"@id\":\"https:\\\/\\\/iwell-guard.com\\\/hr\\\/inti-suncani-bog-inka\\\/#primaryimage\"},\"thumbnailUrl\":\"https:\\\/\\\/iwell-guard.com\\\/wp-content\\\/uploads\\\/2026\\\/05\\\/goetter_anden-inka_inti.webp\",\"inLanguage\":\"hr\",\"description\":\"Inti, sun\u010dani bog Inka, smatra se ocem vladarske dinastije i sredi\u0161tem festivala Inti Raymi, dr\u017eavnog kulta uz Viracochu i Mama Killu.\"}]}<\/script>\n<!-- \/ Yoast SEO Premium plugin. -->","yoast_head_json":{"title":"Inti \u2013 inka sun\u010dani bog i panteon","description":"Inti, sun\u010dani bog Inka, smatra se ocem vladarske dinastije i sredi\u0161tem festivala Inti Raymi, dr\u017eavnog kulta uz Viracochu i Mama Killu.","robots":{"index":"index","follow":"follow","max-snippet":"max-snippet:-1","max-image-preview":"max-image-preview:large","max-video-preview":"max-video-preview:-1"},"canonical":"https:\/\/iwell-guard.com\/hr\/inti-suncani-bog-inka\/","og_locale":"hr_HR","og_type":"article","og_title":"Inti \u2013 Sun\u010dani bog Inka","og_description":"Inti, sun\u010dani bog Inka, smatra se ocem vladarske dinastije i sredi\u0161tem festivala Inti Raymi, dr\u017eavnog kulta uz Viracochu i Mama Killu.","og_url":"https:\/\/iwell-guard.com\/hr\/inti-suncani-bog-inka\/","og_site_name":"iWell Guard","article_modified_time":"2026-09-04T05:28:53+00:00","og_image":[{"width":1024,"height":1536,"url":"https:\/\/iwell-guard.com\/wp-content\/uploads\/2026\/05\/goetter_anden-inka_inti.webp","type":"image\/webp"}],"twitter_card":"summary_large_image","schema":{"@context":"https:\/\/schema.org","@graph":[{"@type":"Article","@id":"https:\/\/iwell-guard.com\/hr\/inti-suncani-bog-inka\/#article","isPartOf":{"@id":"https:\/\/iwell-guard.com\/hr\/inti-suncani-bog-inka\/"},"author":{"name":"Ralf Ittermann","@id":"https:\/\/iwell-guard.com\/hr\/#\/schema\/person\/ee2a27f1cac3406c7c6fb5820cb7349f"},"headline":"Inti \u2013 Sun\u010dani bog Inka","datePublished":"2026-09-04T05:12:23+00:00","dateModified":"2026-09-04T05:28:53+00:00","mainEntityOfPage":{"@id":"https:\/\/iwell-guard.com\/hr\/inti-suncani-bog-inka\/"},"publisher":{"@id":"https:\/\/iwell-guard.com\/hr\/#organization"},"image":{"@id":"https:\/\/iwell-guard.com\/hr\/inti-suncani-bog-inka\/#primaryimage"},"thumbnailUrl":"https:\/\/iwell-guard.com\/wp-content\/uploads\/2026\/05\/goetter_anden-inka_inti.webp","inLanguage":"hr","description":"Inti, sun\u010dani bog Inka, smatra se ocem vladarske dinastije i sredi\u0161tem festivala Inti Raymi, dr\u017eavnog kulta uz Viracochu i Mama Killu."},{"@type":"WebPage","@id":"https:\/\/iwell-guard.com\/hr\/inti-suncani-bog-inka\/","url":"https:\/\/iwell-guard.com\/hr\/inti-suncani-bog-inka\/","name":"Inti \u2013 inka sun\u010dani bog i panteon","isPartOf":{"@id":"https:\/\/iwell-guard.com\/hr\/#website"},"primaryImageOfPage":{"@id":"https:\/\/iwell-guard.com\/hr\/inti-suncani-bog-inka\/#primaryimage"},"image":{"@id":"https:\/\/iwell-guard.com\/hr\/inti-suncani-bog-inka\/#primaryimage"},"thumbnailUrl":"https:\/\/iwell-guard.com\/wp-content\/uploads\/2026\/05\/goetter_anden-inka_inti.webp","datePublished":"2026-09-04T05:12:23+00:00","dateModified":"2026-09-04T05:28:53+00:00","description":"Inti, sun\u010dani bog Inka, smatra se ocem vladarske dinastije i sredi\u0161tem festivala Inti Raymi, dr\u017eavnog kulta uz Viracochu i Mama Killu.","breadcrumb":{"@id":"https:\/\/iwell-guard.com\/hr\/inti-suncani-bog-inka\/#breadcrumb"},"inLanguage":"hr","potentialAction":[{"@type":"ReadAction","target":["https:\/\/iwell-guard.com\/hr\/inti-suncani-bog-inka\/"]}]},{"@type":"ImageObject","inLanguage":"hr","@id":"https:\/\/iwell-guard.com\/hr\/inti-suncani-bog-inka\/#primaryimage","url":"https:\/\/iwell-guard.com\/wp-content\/uploads\/2026\/05\/goetter_anden-inka_inti.webp","contentUrl":"https:\/\/iwell-guard.com\/wp-content\/uploads\/2026\/05\/goetter_anden-inka_inti.webp","width":1024,"height":1536,"caption":"Bogovi iz andsko-inkanske tradicije."},{"@type":"BreadcrumbList","@id":"https:\/\/iwell-guard.com\/hr\/inti-suncani-bog-inka\/#breadcrumb","itemListElement":[{"@type":"ListItem","position":1,"name":"Start","item":"https:\/\/iwell-guard.com\/hr\/?page_id=149317"},{"@type":"ListItem","position":2,"name":"Inti \u2013 Sun\u010dani bog Inka"}]},{"@type":"WebSite","@id":"https:\/\/iwell-guard.com\/hr\/#website","url":"https:\/\/iwell-guard.com\/hr\/","name":"iWell Guard","description":"Schutz vor dunklen Einfl\u00fcssen","publisher":{"@id":"https:\/\/iwell-guard.com\/hr\/#organization"},"potentialAction":[{"@type":"SearchAction","target":{"@type":"EntryPoint","urlTemplate":"https:\/\/iwell-guard.com\/hr\/?s={search_term_string}"},"query-input":{"@type":"PropertyValueSpecification","valueRequired":true,"valueName":"search_term_string"}}],"inLanguage":"hr"},{"@type":"Organization","@id":"https:\/\/iwell-guard.com\/hr\/#organization","name":"Ittermann electronic GmbH","url":"https:\/\/iwell-guard.com\/hr\/","logo":{"@type":"ImageObject","inLanguage":"hr","@id":"https:\/\/iwell-guard.com\/hr\/#\/schema\/logo\/image\/","url":"https:\/\/iwell-guard.com\/wp-content\/uploads\/2026\/05\/Ittermann-Logo-1182x237-1.png","contentUrl":"https:\/\/iwell-guard.com\/wp-content\/uploads\/2026\/05\/Ittermann-Logo-1182x237-1.png","width":1182,"height":237,"caption":"Ittermann electronic GmbH"},"image":{"@id":"https:\/\/iwell-guard.com\/hr\/#\/schema\/logo\/image\/"},"sameAs":["https:\/\/pantip.com\/profile\/9367242","https:\/\/micro.blog\/iwellguard","https:\/\/www.diggerslist.com\/iwellguard\/about","https:\/\/skitterphoto.com\/photographers\/2870314\/iwell-guard","https:\/\/iwellguard.wordpress.com\/2026\/06\/06\/iwell-guard\/","https:\/\/hub.docker.com\/u\/iwellguard","https:\/\/www.pinterest.com\/iwellguard\/","https:\/\/bit.ly\/m\/iwellguard","https:\/\/entre-vos-mains.alsace.eu\/profiles\/iwellguard\/activity","https:\/\/gravatar.com\/reallybeded8fd34","https:\/\/naijamatta.com\/iwellguard","https:\/\/www.goodreads.com\/iwellguard","https:\/\/profile.hatena.ne.jp\/iwellguard\/","https:\/\/experiment.com\/users\/iwellguard","https:\/\/wakelet.com\/@iWellGuard82270","https:\/\/www.chordie.com\/forum\/profile.php?id=2555664","https:\/\/www.instapaper.com\/p\/17757966","https:\/\/www.mapleprimes.com\/users\/iwellguard","https:\/\/businesslistingplus.com\/profile\/iwell-guard\/","https:\/\/telegra.ph\/iWell-Guard-06-06","https:\/\/pbase.com\/iwellguard\/iwellguard","https:\/\/b.hatena.ne.jp\/iwellguard\/20260607#bookmark-4788405196491818882","https:\/\/fliphtml5.com\/home\/iwellguard","https:\/\/anyflip.com\/homepage\/cmiwl#About","https:\/\/transfur.com\/Users\/iwellguard","http:\/\/delphi.larsbo.org\/user\/iwellguard","https:\/\/jobs.lajobsportal.org\/profiles\/8380803-iwell-guard","https:\/\/md.chaosdorf.de\/s\/jfbe5SBdJD","https:\/\/www.lingvolive.com\/en-us\/profile\/9ecaeaca-ce11-4e51-9e71-01d55e2bff36\/translations","https:\/\/www.fitday.com\/fitness\/forums\/members\/iwellguard.html","https:\/\/www.mymeetbook.com\/iwellguard","https:\/\/pxhere.com\/en\/photographer-me\/5040798","https:\/\/disqus.com\/by\/iwellguard\/about\/","https:\/\/pastelink.net\/hjwciqwq","https:\/\/pubhtml5.com\/homepage\/scjhn\/","https:\/\/www.bitchute.com\/channel\/2O2eOKzNqujT","https:\/\/audiomack.com\/iwellguard"]},{"@type":"Person","@id":"https:\/\/iwell-guard.com\/hr\/#\/schema\/person\/ee2a27f1cac3406c7c6fb5820cb7349f","name":"Ralf Ittermann","image":{"@type":"ImageObject","inLanguage":"hr","@id":"https:\/\/secure.gravatar.com\/avatar\/073c0153e350a5005b68eb752b445fea71f6b24a26da9449ad7e155e6b446c9d?s=96&d=mm&r=g","url":"https:\/\/secure.gravatar.com\/avatar\/073c0153e350a5005b68eb752b445fea71f6b24a26da9449ad7e155e6b446c9d?s=96&d=mm&r=g","contentUrl":"https:\/\/secure.gravatar.com\/avatar\/073c0153e350a5005b68eb752b445fea71f6b24a26da9449ad7e155e6b446c9d?s=96&d=mm&r=g","caption":"Ralf Ittermann"},"givenName":"Ralf","familyName":"Ittermann","jobTitle":"Gesch\u00e4ftsf\u00fchrer und redaktioneller Verantwortlicher","url":"https:\/\/iwell-guard.com\/hr\/author\/claude\/","description":"Ralf Ittermann ist Gesch\u00e4ftsf\u00fchrer der Ittermann electronic GmbH und redaktioneller Verantwortlicher des iWell-Guard-Lexikons. Er verbindet langj\u00e4hrige Erfahrung in der Pr\u00e4zisionsfertigung mit medialer Praxis und religionsgeschichtlicher Quellenarbeit.","worksFor":{"@type":"Organization","name":"Ittermann electronic GmbH","url":"https:\/\/ittermann.de\/","address":{"@type":"PostalAddress","streetAddress":"K\u00f6hlergasse 16-18","postalCode":"99842","addressLocality":"Ruhla","addressCountry":"DE"}},"knowsAbout":["Religionsgeschichte","Mythologie","Mediale Praxis","Energetische Diagnostik","Schutzpraxis","Volksglauben","Westliche Esoterik"]},{"@type":"Article","@id":"https:\/\/iwell-guard.com\/hr\/inti-suncani-bog-inka\/#article","isPartOf":{"@id":"https:\/\/iwell-guard.com\/hr\/inti-suncani-bog-inka\/"},"author":{"name":"Ralf Ittermann","@id":"https:\/\/iwell-guard.com\/hr\/#\/schema\/person\/ee2a27f1cac3406c7c6fb5820cb7349f"},"headline":"Inti \u2013 Sun\u010dani bog Inka","datePublished":"2026-09-04T05:12:23+00:00","dateModified":"2026-09-04T05:28:53+00:00","mainEntityOfPage":{"@id":"https:\/\/iwell-guard.com\/hr\/inti-suncani-bog-inka\/"},"publisher":{"@id":"https:\/\/iwell-guard.com\/hr\/#organization"},"image":{"@id":"https:\/\/iwell-guard.com\/hr\/inti-suncani-bog-inka\/#primaryimage"},"thumbnailUrl":"https:\/\/iwell-guard.com\/wp-content\/uploads\/2026\/05\/goetter_anden-inka_inti.webp","inLanguage":"hr","description":"Inti, sun\u010dani bog Inka, smatra se ocem vladarske dinastije i sredi\u0161tem festivala Inti Raymi, dr\u017eavnog kulta uz Viracochu i Mama Killu."}]}},"_links":{"self":[{"href":"https:\/\/iwell-guard.com\/hr\/wp-json\/wp\/v2\/pages\/149655","targetHints":{"allow":["GET"]}}],"collection":[{"href":"https:\/\/iwell-guard.com\/hr\/wp-json\/wp\/v2\/pages"}],"about":[{"href":"https:\/\/iwell-guard.com\/hr\/wp-json\/wp\/v2\/types\/page"}],"author":[{"embeddable":true,"href":"https:\/\/iwell-guard.com\/hr\/wp-json\/wp\/v2\/users\/3"}],"replies":[{"embeddable":true,"href":"https:\/\/iwell-guard.com\/hr\/wp-json\/wp\/v2\/comments?post=149655"}],"version-history":[{"count":0,"href":"https:\/\/iwell-guard.com\/hr\/wp-json\/wp\/v2\/pages\/149655\/revisions"}],"wp:featuredmedia":[{"embeddable":true,"href":"https:\/\/iwell-guard.com\/hr\/wp-json\/wp\/v2\/media\/2678"}],"wp:attachment":[{"href":"https:\/\/iwell-guard.com\/hr\/wp-json\/wp\/v2\/media?parent=149655"}],"wp:term":[{"taxonomy":"category","embeddable":true,"href":"https:\/\/iwell-guard.com\/hr\/wp-json\/wp\/v2\/categories?post=149655"}],"curies":[{"name":"wp","href":"https:\/\/api.w.org\/{rel}","templated":true}]}}