{"id":149654,"date":"2026-09-04T05:12:23","date_gmt":"2026-09-04T05:12:23","guid":{"rendered":"https:\/\/iwell-guard.com\/?page_id=149654"},"modified":"2026-09-04T05:28:52","modified_gmt":"2026-09-04T05:28:52","slug":"sami-i-finougorska-tradicija-noaidi-bubanj","status":"publish","type":"page","link":"https:\/\/iwell-guard.com\/hr\/sami-i-finougorska-tradicija-noaidi-bubanj\/","title":{"rendered":"Sami i finougorska tradicija \u2013 Noaidi i bubanj"},"content":{"rendered":"\t\t<div data-elementor-type=\"wp-page\" data-elementor-id=\"149654\" class=\"elementor elementor-149654 elementor-2573 elementor-bc-flex-widget\" data-elementor-post-type=\"page\">\n\t\t\t\t<div class=\"elementor-element elementor-element-iwgcn-sami-hero iwg-kultur-hero e-flex e-con-boxed e-con e-parent\" data-id=\"iwgcn-sami-hero\" data-element_type=\"container\" data-e-type=\"container\">\n\t\t\t\t\t<div class=\"e-con-inner\">\n\t\t<div class=\"elementor-element elementor-element-iwgcn-sami-hl iwg-kultur-hero-left e-flex e-con-boxed e-con e-child\" data-id=\"iwgcn-sami-hl\" data-element_type=\"container\" data-e-type=\"container\">\n\t\t\t\t\t<div class=\"e-con-inner\">\n\t\t\t\t<div class=\"elementor-element elementor-element-iwgcn-sami-h1 elementor-widget elementor-widget-heading\" data-id=\"iwgcn-sami-h1\" data-element_type=\"widget\" data-e-type=\"widget\" data-widget_type=\"heading.default\">\n\t\t\t\t\t<h1 class=\"elementor-heading-title elementor-size-default\">Sami bogovi i panteon Laponije<\/h1>\t\t\t\t<\/div>\n\t\t<div class=\"elementor-element elementor-element-iwgcn-sami-leadc e-con-full e-flex e-con e-child\" data-id=\"iwgcn-sami-leadc\" data-element_type=\"container\" data-e-type=\"container\">\n\t\t\t\t<div class=\"elementor-element elementor-element-iwgcn-sami-lead elementor-widget elementor-widget-text-editor\" data-id=\"iwgcn-sami-lead\" data-element_type=\"widget\" data-e-type=\"widget\" data-widget_type=\"text-editor.default\">\n\t\t\t\t\t\t\t\t\t<p>Sami u Laponiji, raspore\u0111eni po Norve\u0161koj, \u0160vedskoj, Finskoj i Rusiji, \u010duvaju jedinu autohtonu europsku tradiciju koja je do 17. stolje\u0107a, unato\u010d blizini kr\u0161\u0107anske misionarske djelatnosti, sa\u010duvala \u0161amansku praksu. \u0160amani noaidi, njihovi bubnjevi s dijagramima bogova sunca i mjeseca te sveta mjesta seita u tundri \u010dine samostalan finougorski religijski sloj.<\/p>\n<p class=\"iwg-kwfix\">Samski panteon usko je povezan s prirodom, lovom i silama krajolika.<\/p>\t\t\t\t\t\t\t\t<\/div>\n\t\t\t\t<\/div>\n\t\t\t\t\t<\/div>\n\t\t\t\t<\/div>\n\t\t<div class=\"elementor-element elementor-element-iwgcn-sami-hr iwg-kultur-hero-right e-flex e-con-boxed e-con e-child\" data-id=\"iwgcn-sami-hr\" data-element_type=\"container\" data-e-type=\"container\">\n\t\t\t\t\t<div class=\"e-con-inner\">\n\t\t\t\t<div class=\"elementor-element elementor-element-iwgcn-sami-himg iwg-hero-image elementor-widget elementor-widget-image\" data-id=\"iwgcn-sami-himg\" data-element_type=\"widget\" data-e-type=\"widget\" data-widget_type=\"image.default\">\n\t\t\t\t\t\t\t\t\t\t\t\t\t\t\t<img fetchpriority=\"high\" decoding=\"async\" width=\"683\" height=\"1024\" src=\"https:\/\/iwell-guard.com\/wp-content\/uploads\/2026\/05\/goetter_sami_beaivi-683x1024.webp\" class=\"attachment-large size-large wp-image-151505\" alt=\"Beaivi - bo\u017eanstva iz samske tradicije, povijesno-ilustrativno\" srcset=\"https:\/\/iwell-guard.com\/wp-content\/uploads\/2026\/05\/goetter_sami_beaivi-683x1024.webp 683w, https:\/\/iwell-guard.com\/wp-content\/uploads\/2026\/05\/goetter_sami_beaivi-200x300.webp 200w, https:\/\/iwell-guard.com\/wp-content\/uploads\/2026\/05\/goetter_sami_beaivi-768x1152.webp 768w, https:\/\/iwell-guard.com\/wp-content\/uploads\/2026\/05\/goetter_sami_beaivi.webp 1024w\" sizes=\"(max-width: 683px) 100vw, 683px\" \/>\t\t\t\t\t\t\t\t\t\t\t\t\t\t\t<\/div>\n\t\t\t\t\t<\/div>\n\t\t\t\t<\/div>\n\t\t\t\t\t<\/div>\n\t\t\t\t<\/div>\n\t\t\t\t<section class=\"elementor-section elementor-top-section elementor-element elementor-element-sec-iwgcomp-sami elementor-section-boxed elementor-section-height-default elementor-section-height-default\" data-id=\"sec-iwgcomp-sami\" data-element_type=\"section\" data-e-type=\"section\">\n\t\t\t\t\t\t<div class=\"elementor-container elementor-column-gap-default\">\n\t\t\t\t\t<div class=\"elementor-column elementor-col-100 elementor-top-column elementor-element elementor-element-col-iwgcomp-sami\" data-id=\"col-iwgcomp-sami\" data-element_type=\"column\" data-e-type=\"column\">\n\t\t\t<div class=\"elementor-widget-wrap elementor-element-populated\">\n\t\t\t\t\t\t<div class=\"elementor-element elementor-element-iwgcomp-sami elementor-widget elementor-widget-text-editor\" data-id=\"iwgcomp-sami\" data-element_type=\"widget\" data-e-type=\"widget\" data-widget_type=\"text-editor.default\">\n\t\t\t\t\t\t\t\t\t<p>Samski <strong>\u0161amanizam noaidi (<span class=\"iwg-fachbegriff\" data-tooltip=\"Religijski sustav u kojem specijalisti komuniciraju sa svijetom duhova.\" tabindex=\"0\">\u0161amanizam<\/span>)<\/strong> temelj je predkr\u0161\u0107anske religije u S\u00e1pmiju.<\/p>\n<p class=\"iwg-kwfix\">Sami bogovi dijele se na tri sfere: gornji svijet oko Radien-attjea, srednji svijet s bogom grmljavine Horagallesom i donji svijet pod J\u00e1bmiid\u00e1hkkom. I danas se prenose u noaidi tradiciji Laponije.<\/p>\t\t\t\t\t\t\t\t<\/div>\n\t\t\t\t\t<\/div>\n\t\t<\/div>\n\t\t\t\t\t<\/div>\n\t\t<\/section>\n\t\t<div class=\"elementor-element elementor-element-iwgcn-sami-s0 e-flex e-con-boxed e-con e-parent\" data-id=\"iwgcn-sami-s0\" data-element_type=\"container\" data-e-type=\"container\">\n\t\t\t\t\t<div class=\"e-con-inner\">\n\t\t\t\t<div class=\"elementor-element elementor-element-iwgcn-sami-s0h elementor-widget elementor-widget-heading\" data-id=\"iwgcn-sami-s0h\" data-element_type=\"widget\" data-e-type=\"widget\" data-widget_type=\"heading.default\">\n\t\t\t\t\t<h2 class=\"elementor-heading-title elementor-size-default\">Sami jezici i naseljeno podru\u010dje<\/h2>\t\t\t\t<\/div>\n\t\t<div class=\"elementor-element elementor-element-iwgcn-sami-s0-c e-con-full e-flex e-con e-child\" data-id=\"iwgcn-sami-s0-c\" data-element_type=\"container\" data-e-type=\"container\">\n\t\t\t\t<div class=\"elementor-element elementor-element-iwgcn-sami-s0t elementor-widget elementor-widget-text-editor\" data-id=\"iwgcn-sami-s0t\" data-element_type=\"widget\" data-e-type=\"widget\" data-widget_type=\"text-editor.default\">\n\t\t\t\t\t\t\t\t\t<p>Sami govore posebnu jezi\u010dnu obitelj s devet \u017eivih jezika, od kojih je sjevernosamski najve\u0107i. Srodni su finougorskim jezicima (finski, ma\u0111arski, estonski).<\/p><p>Naseljeno podru\u010dje Samija, S\u00e1pmi, obuhva\u0107a najsjevernije dijelove Norve\u0161ke, \u0160vedske, Finske i poluotok Kola u Rusiji. Tradicionalni na\u010din \u017eivota: nomadsko uzgajanje sobova, ribolov, obalna ekonomija. Danas u tom podru\u010dju \u017eivi izme\u0111u 80.000 i 135.000 Samija, s vlastitim parlamentima u Norve\u0161koj, \u0160vedskoj i Finskoj.<\/p>\n<p class=\"iwg-kwfix\">Tri sfere ure\u0111uju svijet bogova Samija: gore Radien-attje, u sredini bog grmljavine Horagalles, dolje J\u00e1bmiid\u00e1hkka. Noaidi tradicija Laponije to znanje \u010duva \u017eivim do danas.<\/p>\t\t\t\t\t\t\t\t<\/div>\n\t\t\t\t<\/div>\n\t\t\t\t\t<\/div>\n\t\t\t\t<\/div>\n\t\t<div class=\"elementor-element elementor-element-iwgcn-sami-s1 e-flex e-con-boxed e-con e-parent\" data-id=\"iwgcn-sami-s1\" data-element_type=\"container\" data-e-type=\"container\">\n\t\t\t\t\t<div class=\"e-con-inner\">\n\t\t\t\t<div class=\"elementor-element elementor-element-iwgcn-sami-s1h elementor-widget elementor-widget-heading\" data-id=\"iwgcn-sami-s1h\" data-element_type=\"widget\" data-e-type=\"widget\" data-widget_type=\"heading.default\">\n\t\t\t\t\t<h2 class=\"elementor-heading-title elementor-size-default\">Panteon, Beaivi, M\u00e1nnu, R\u00e1hka, Stallo<\/h2>\t\t\t\t<\/div>\n\t\t<div class=\"elementor-element elementor-element-iwgcn-sami-s1-c e-con-full e-flex e-con e-child\" data-id=\"iwgcn-sami-s1-c\" data-element_type=\"container\" data-e-type=\"container\">\n\t\t\t\t<div class=\"elementor-element elementor-element-iwgcn-sami-s1t elementor-widget elementor-widget-text-editor\" data-id=\"iwgcn-sami-s1t\" data-element_type=\"widget\" data-e-type=\"widget\" data-widget_type=\"text-editor.default\">\n\t\t\t\t\t\t\t\t\t<p>Beaivi (Pejvve) je sun\u010dano bo\u017eanstvo, mitska majka Samija; M\u00e1nnu je bog mjeseca; R\u00e1hka je bo\u017eanstvo grmljavine (usporedivo s nordijskim Thorom); bo\u017eanstva Akka su \u017eenske ku\u0107ne bo\u017eice razli\u010ditih sfera (Sara-Akka na ulazu, Uksakka kod ognji\u0161ta, Juksakka kao za\u0161titnica mu\u0161ke djece).<\/p><p>Stallo su golemi ljudo\u017ederski divovi iz divljine. Saivo je mitski drugi svijet, koji se ponekad zami\u0161lja kao podzemlje pod svetim planinama ili jezerima.<\/p>\t\t\t\t\t\t\t\t<\/div>\n\t\t\t\t<\/div>\n\t\t\t\t\t<\/div>\n\t\t\t\t<\/div>\n\t\t<div class=\"elementor-element elementor-element-iwgcn-sami-s2 e-flex e-con-boxed e-con e-parent\" data-id=\"iwgcn-sami-s2\" data-element_type=\"container\" data-e-type=\"container\">\n\t\t\t\t\t<div class=\"e-con-inner\">\n\t\t\t\t<div class=\"elementor-element elementor-element-iwgcn-sami-s2h elementor-widget elementor-widget-heading\" data-id=\"iwgcn-sami-s2h\" data-element_type=\"widget\" data-e-type=\"widget\" data-widget_type=\"heading.default\">\n\t\t\t\t\t<h2 class=\"elementor-heading-title elementor-size-default\">Noaidi, samski \u0161aman<\/h2>\t\t\t\t<\/div>\n\t\t<div class=\"elementor-element elementor-element-iwgcn-sami-s2-c e-con-full e-flex e-con e-child\" data-id=\"iwgcn-sami-s2-c\" data-element_type=\"container\" data-e-type=\"container\">\n\t\t\t\t<div class=\"elementor-element elementor-element-iwgcn-sami-s2t elementor-widget elementor-widget-text-editor\" data-id=\"iwgcn-sami-s2t\" data-element_type=\"widget\" data-e-type=\"widget\" data-widget_type=\"text-editor.default\">\n\t\t\t\t\t\t\t\t\t<p>Noaidi (u starijim izvorima noaide, \u0161vedski \u201etrollkarl\u201c, lat. \u201emagus\u201c) religijski je specijalist. Svoje transno stanje posti\u017ee bubnjanjem, joikom (tradicionalnim pjevanjem) i koncentracijom.<\/p><p>Putovanja du\u0161e vode u tri svijeta: gornji svijet k bogovima, donji svijet k umrlima, srednji svijet radi iscjeljenja zemlje. Njegove zada\u0107e bile su lije\u010denje, predvi\u0111anje vremena, otkrivanje kra\u0111e i za\u0161tita krda sobova. U 17. i 18. stolje\u0107u misionari su sustavno prikupljali bubnjeve noaidi, a mnoge su i spalili.<\/p>\t\t\t\t\t\t\t\t<\/div>\n\t\t\t\t<\/div>\n\t\t\t\t\t<\/div>\n\t\t\t\t<\/div>\n\t\t<div class=\"elementor-element elementor-element-iwgcn-sami-s3 e-flex e-con-boxed e-con e-parent\" data-id=\"iwgcn-sami-s3\" data-element_type=\"container\" data-e-type=\"container\">\n\t\t\t\t\t<div class=\"e-con-inner\">\n\t\t\t\t<div class=\"elementor-element elementor-element-iwgcn-sami-s3h elementor-widget elementor-widget-heading\" data-id=\"iwgcn-sami-s3h\" data-element_type=\"widget\" data-e-type=\"widget\" data-widget_type=\"heading.default\">\n\t\t\t\t\t<h2 class=\"elementor-heading-title elementor-size-default\">Samski bubanj, dijagram svijeta<\/h2>\t\t\t\t<\/div>\n\t\t<div class=\"elementor-element elementor-element-iwgcn-sami-s3-c e-con-full e-flex e-con e-child\" data-id=\"iwgcn-sami-s3-c\" data-element_type=\"container\" data-e-type=\"container\">\n\t\t\t\t<div class=\"elementor-element elementor-element-iwgcn-sami-s3t elementor-widget elementor-widget-text-editor\" data-id=\"iwgcn-sami-s3t\" data-element_type=\"widget\" data-e-type=\"widget\" data-widget_type=\"text-editor.default\">\n\t\t\t\t\t\t\t\t\t<p>Bubanj noaidi (govadas, gievrie) ovalnog je ili okruglog oblika, s membranom od ko\u017ee sobova, oslikanom crvenom bojom od kore johe. Slikarija prikazuje kosmolo\u0161ki dijagram: sunce u sredi\u0161tu, bogove, \u017eivotinje, planinske vodi\u010de, umrle.<\/p><p>\u201e\u010ceki\u0107\u201c, obi\u010dno od rogova sobova, provla\u010di se preko membrane pri udaranju, a kazaljka u obliku prstena (vuorbi, \u201e\u017eaba\u201c od kosti) ska\u010de preko polja; iz njezina polo\u017eaja \u010dita se odgovor. Sa\u010duvano je otprilike 70 samskih bubnjeva, u \u0161vedskom Nacionalnom muzeju, Nordiska museet i samskim muzejima.<\/p>\t\t\t\t\t\t\t\t<\/div>\n\t\t\t\t<\/div>\n\t\t\t\t\t<\/div>\n\t\t\t\t<\/div>\n\t\t<div class=\"elementor-element elementor-element-x-sami-s-faq e-flex e-con-boxed e-con e-parent\" data-id=\"x-sami-s-faq\" data-element_type=\"container\" data-e-type=\"container\">\n\t\t\t\t\t<div class=\"e-con-inner\">\n\t\t\t\t<div class=\"elementor-element elementor-element-x-sami-h-faq elementor-widget elementor-widget-heading\" data-id=\"x-sami-h-faq\" data-element_type=\"widget\" data-e-type=\"widget\" data-widget_type=\"heading.default\">\n\t\t\t\t\t<h2 class=\"elementor-heading-title elementor-size-default\">\u010cesto postavljana pitanja o religiji Samija<\/h2>\t\t\t\t<\/div>\n\t\t<div class=\"elementor-element elementor-element-iwgcn-sami-s3-c e-con-full e-flex e-con e-child\" data-id=\"iwgcn-sami-s3-c\" data-element_type=\"container\" data-e-type=\"container\">\n\t\t\t\t<div class=\"elementor-element elementor-element-x-sami-t-faq elementor-widget elementor-widget-text-editor\" data-id=\"x-sami-t-faq\" data-element_type=\"widget\" data-e-type=\"widget\" data-widget_type=\"text-editor.default\">\n\t\t\t\t\t\t\t\t\t<h3>Tko su Sami?<\/h3>\n<p>Sami su autohtoni narod Laponije, oko 80.000 ljudi u Norve\u0161koj, \u0160vedskoj, Finskoj i ruskoj Karelijskoj regiji. Govore samskim jezicima (uralskim). Od 1989. dr\u017eavno su priznato autohtono stanovni\u0161tvo.<\/p>\n<h3>Tko je bog grmljavine?<\/h3>\n<p>Bog grmljavine je samski bog grmljavine, za\u0161titnik Samija i pa\u0161njaka za sobove. Njegovo ime izvodi se iz staronordijskog Thor-karl, preuzeto od germanskog Thora.<\/p>\n<h3>\u0160to je samski bubanj?<\/h3>\n<p>\u0160amanski bubanj Samija bio je sredi\u0161nji alat noaidija (\u0161amana). Na ko\u017ei bubnja bili su naslikani bogovi, duhovi i kozmi\u010dka podru\u010dja. U 17. i 18. stolje\u0107u ve\u0107inu bubnjeva spalili su kr\u0161\u0107anski misionari.<\/p>\n<h3>\u0160to se dogodilo s religijom Samija?<\/h3>\n<p>Norve\u0161ki, \u0161vedski i finski misionari brutalno su suzbijali religiju Samija izme\u0111u 1600. i 1900. godine, \u0161amani su bili pogubljivani, bubnjevi spaljivani. Renesansa je po\u010dela tek u 20. stolje\u0107u, a danas malobrojni Sami otvoreno prakticiraju staru religiju.<\/p>\n<script type=\"application\/ld+json\">{\"@context\": \"https:\/\/schema.org\", \"@type\": \"FAQPage\", \"mainEntity\": [{\"@type\": \"Question\", \"name\": \"Tko su Sami?\", \"acceptedAnswer\": {\"@type\": \"Answer\", \"text\": \"Sami su autohtoni narod Laponije, oko 80.000 ljudi u Norve\u0161koj, \u0160vedskoj, Finskoj i ruskoj Karelijskoj regiji. Govore samskim jezicima (uralskim). Od 1989. dr\u017eavno su priznato autohtono stanovni\u0161tvo.\"}}, {\"@type\": \"Question\", \"name\": \"Tko je bog grmljavine?\", \"acceptedAnswer\": {\"@type\": \"Answer\", \"text\": \"Bog grmljavine je samski bog grmljavine, za\u0161titnik Samija i pa\u0161njaka za sobove. Njegovo ime izvodi se iz staronordijskog Thor-karl, preuzeto od germanskog Thora.\"}}, {\"@type\": \"Question\", \"name\": \"\u0160to je samski bubanj?\", \"acceptedAnswer\": {\"@type\": \"Answer\", \"text\": \"\u0160amanski bubanj Samija bio je sredi\u0161nji alat noaidija (\u0161amana). Na ko\u017ei bubnja bili su naslikani bogovi, duhovi i kozmi\u010dka podru\u010dja. U 17. i 18. stolje\u0107u ve\u0107inu bubnjeva spalili su kr\u0161\u0107anski misionari.\"}}, {\"@type\": \"Question\", \"name\": \"\u0160to se dogodilo s religijom Samija?\", \"acceptedAnswer\": {\"@type\": \"Answer\", \"text\": \"Norve\u0161ki, \u0161vedski i finski misionari brutalno su suzbijali religiju Samija izme\u0111u 1600. i 1900. godine, \u0161amani su bili pogubljivani, bubnjevi spaljivani. Renesansa je po\u010dela tek u 20. stolje\u0107u, a danas malobrojni Sami otvoreno prakticiraju staru religiju.\"}}]}<\/script>\t\t\t\t\t\t\t\t<\/div>\n\t\t\t\t<\/div>\n\t\t\t\t\t<\/div>\n\t\t\t\t<\/div>\n\t\t<div class=\"elementor-element elementor-element-iwgcn-sami-s4 e-flex e-con-boxed e-con e-parent\" data-id=\"iwgcn-sami-s4\" data-element_type=\"container\" data-e-type=\"container\">\n\t\t\t\t\t<div class=\"e-con-inner\">\n\t\t\t\t<div class=\"elementor-element elementor-element-iwgcn-sami-s4h elementor-widget elementor-widget-heading\" data-id=\"iwgcn-sami-s4h\" data-element_type=\"widget\" data-e-type=\"widget\" data-widget_type=\"heading.default\">\n\t\t\t\t\t<h2 class=\"elementor-heading-title elementor-size-default\">Seita \/ Sieidi, sveto kamenje i svetost zemlje<\/h2>\t\t\t\t<\/div>\n\t\t<div class=\"elementor-element elementor-element-iwgcn-sami-s4-c e-con-full e-flex e-con e-child\" data-id=\"iwgcn-sami-s4-c\" data-element_type=\"container\" data-e-type=\"container\">\n\t\t\t\t<div class=\"elementor-element elementor-element-iwgcn-sami-s4t elementor-widget elementor-widget-text-editor\" data-id=\"iwgcn-sami-s4t\" data-element_type=\"widget\" data-e-type=\"widget\" data-widget_type=\"text-editor.default\">\n\t\t\t\t\t\t\t\t\t<p>Seita (i Sieidi) su posebni kameni, stijene, stabla ili drveni stupovi koji se po\u0161tuju kao boravi\u0161te zemljinih duhova. Dobivali su <span class=\"iwg-fachbegriff\" data-tooltip=\"Dar bo\u017eanstvu radi izra\u017eavanja zahvale, molbe ili po\u0161tovanja.\" tabindex=\"0\">\u017ertve<\/span>, krv sobova, kosti, rogove, nov\u010di\u0107e, tabak. Va\u017ena mjesta seita: St\u00e1llog\u00e1rgu u Finnmarku, masiv \u00c1hkka u \u0160vedskoj, jezero Inari u Finskoj. Svaki obiteljski klan imao je vlastite odnose sa svojim seita. Religiologijsko gledi\u0161te: po\u0161tovanje seita u svojoj je sr\u017ei odnos sa zemljom, a ne apstraktni teizam.<\/p>\t\t\t\t\t\t\t\t<\/div>\n\t\t\t\t<\/div>\n\t\t\t\t\t<\/div>\n\t\t\t\t<\/div>\n\t\t<div class=\"elementor-element elementor-element-iwgcn-sami-s5 e-flex e-con-boxed e-con e-parent\" data-id=\"iwgcn-sami-s5\" data-element_type=\"container\" data-e-type=\"container\">\n\t\t\t\t\t<div class=\"e-con-inner\">\n\t\t\t\t<div class=\"elementor-element elementor-element-iwgcn-sami-s5h elementor-widget elementor-widget-heading\" data-id=\"iwgcn-sami-s5h\" data-element_type=\"widget\" data-e-type=\"widget\" data-widget_type=\"heading.default\">\n\t\t\t\t\t<h2 class=\"elementor-heading-title elementor-size-default\">Predmeti za\u0161tite, bubanj, joik, g\u00e1kti<\/h2>\t\t\t\t<\/div>\n\t\t<div class=\"elementor-element elementor-element-iwgcn-sami-s5-c e-con-full e-flex e-con e-child\" data-id=\"iwgcn-sami-s5-c\" data-element_type=\"container\" data-e-type=\"container\">\n\t\t\t\t<div class=\"elementor-element elementor-element-iwgcn-sami-s5t elementor-widget elementor-widget-text-editor\" data-id=\"iwgcn-sami-s5t\" data-element_type=\"widget\" data-e-type=\"widget\" data-widget_type=\"text-editor.default\">\n\t\t\t\t\t\t\t\t\t<p>Prenosivi za\u0161titni predmeti rijetko su oblikovani kao materijalni privjesci, jer je religija Sama prije svega ritualna povezanost sa zemljom. Ipak, g\u00e1kti (narodna no\u0161nja) sadr\u017ei simboli\u010dke tkanine i ukrase koji kodiraju regiju, obitelj i status; odre\u0111eni vezovi imaju za\u0161titni karakter.<\/p><p>Joik, osobna pjesma koja pripada \u010dovjeku, \u017eivotinji ili mjestu, akusti\u010dki je oblik \u201eza\u0161tite\u201c i \u201esje\u0107anja\u201c. Dodatno se koriste minijaturni bubnjevi, privjesci od kosti i pojasevi od brezovog korijena.<\/p>\t\t\t\t\t\t\t\t<\/div>\n\t\t\t\t<\/div>\n\t\t\t\t\t<\/div>\n\t\t\t\t<\/div>\n\t\t<div class=\"elementor-element elementor-element-iwgcn-sami-s6 e-flex e-con-boxed e-con e-parent\" data-id=\"iwgcn-sami-s6\" data-element_type=\"container\" data-e-type=\"container\">\n\t\t\t\t\t<div class=\"e-con-inner\">\n\t\t\t\t<div class=\"elementor-element elementor-element-iwgcn-sami-s6h elementor-widget elementor-widget-heading\" data-id=\"iwgcn-sami-s6h\" data-element_type=\"widget\" data-e-type=\"widget\" data-widget_type=\"heading.default\">\n\t\t\t\t\t<h2 class=\"elementor-heading-title elementor-size-default\">Kolonizacija, misionarstvo i revitalizacija<\/h2>\t\t\t\t<\/div>\n\t\t<div class=\"elementor-element elementor-element-iwgcn-sami-s6-c e-con-full e-flex e-con e-child\" data-id=\"iwgcn-sami-s6-c\" data-element_type=\"container\" data-e-type=\"container\">\n\t\t\t\t<div class=\"elementor-element elementor-element-iwgcn-sami-s6t elementor-widget elementor-widget-text-editor\" data-id=\"iwgcn-sami-s6t\" data-element_type=\"widget\" data-e-type=\"widget\" data-widget_type=\"text-editor.default\">\n\t\t\t\t\t\t\t\t\t<p>Kristijanizacija se odvijala izme\u0111u 17. i 19. stolje\u0107a, \u010desto uz nasilje i spaljivanje bubnjeva (1693. u Arjeplogu javno je spaljeno 30 bubnjeva). Laestadijanski pokret duhovne obnove iz 19. stolje\u0107a (koji je osnovao samski pastor Lars Levi Laestadius) ostao je za mnoge Same dominantan religijski identitet, sa svojim vlastitim obrascima.<\/p><p>Od kraja 20. stolje\u0107a odvija se kulturno-religijska revitalizacija: samski jezik, obnova izrade bubnjeva, renesansa joika. Religiologijska djela: H\u00e5kan Rydving, <em>The End of Drum-Time<\/em> (1993), Juha Pentik\u00e4inen, Anne-Lise Karlsen.<\/p>\t\t\t\t\t\t\t\t<\/div>\n\t\t\t\t<\/div>\n\t\t\t\t\t<\/div>\n\t\t\t\t<\/div>\n\t\t<div class=\"elementor-element elementor-element-cp2d9a92a3 e-flex e-con-boxed e-con e-parent\" data-id=\"cp2d9a92a3\" data-element_type=\"container\" data-e-type=\"container\">\n\t\t\t\t\t<div class=\"e-con-inner\">\n\t\t\t\t<div class=\"elementor-element elementor-element-cp2515827f elementor-widget elementor-widget-heading\" data-id=\"cp2515827f\" data-element_type=\"widget\" data-e-type=\"widget\" data-widget_type=\"heading.default\">\n\t\t\t\t\t<h2 class=\"elementor-heading-title elementor-size-default\">Narod raspore\u0111en kroz \u010detiri dr\u017eave i njegove unutarnje razlike<\/h2>\t\t\t\t<\/div>\n\t\t<div class=\"elementor-element elementor-element-cp25cbddf2 e-flex e-con-boxed e-con e-child\" data-id=\"cp25cbddf2\" data-element_type=\"container\" data-e-type=\"container\">\n\t\t\t\t\t<div class=\"e-con-inner\">\n\t\t\t\t<div class=\"elementor-element elementor-element-cp240cdc6c elementor-widget elementor-widget-text-editor\" data-id=\"cp240cdc6c\" data-element_type=\"widget\" data-e-type=\"widget\" data-widget_type=\"text-editor.default\">\n\t\t\t\t\t\t\t\t\t<p>Sami \u017eive na sjeveru Norve\u0161ke, \u0160vedske i Finske, kao i na ruskom poluotoku Kola. Ovo podru\u010dje, \u010desto nazvano S\u00e1pmi, dr\u017eavno je podijeljeno na \u010detiri dijela, a i sami Sami nisu jedinstvena skupina.<\/p><p>Postoji vi\u0161e samskih jezika koji me\u0111usobno nisu bez daljnjega razumljivi, me\u0111u njima sjevernosamski, lulesamski, ju\u017enosamski, inarisamski i skoltsamski. U skladu s time razlikovale su se i religijske tradicije, ovisno o regiji i na\u010dinu \u017eivota.<\/p><p>Na\u010dini \u017eivota obuhva\u0107ali su uzgoj sobova, ribolov na obali i uz jezera u unutra\u0161njosti, te lov. Te gospodarske razlike odrazile su se i u religiji. Obalni Sami, \u0161umski Sami i skupine koje su putovale sa stadima sobova imali su donekle razli\u010dita te\u017ei\u0161ta u svojim kultovima. Uop\u0107ene tvrdnje o samskoj religiji prikrivaju ovu unutarnju raznolikost.<\/p><p>Mnogim skupinama zajedni\u010dko je bilo po\u0161tovanje prirodnih sila i predaka, va\u017enost odre\u0111enih svetih mjesta u krajoliku, \u017ertvenih mjesta koja se nazivaju <em>sieidi<\/em>, te lik ritualnog specijalista, <em>noaidija<\/em>. Ipak, i ovi zajedni\u010dki elementi u izvorima su regionalno razli\u010dito potvr\u0111eni, a mnogo toga poznato je samo djelomi\u010dno.<\/p>\t\t\t\t\t\t\t\t<\/div>\n\t\t\t\t\t<\/div>\n\t\t\t\t<\/div>\n\t\t\t\t\t<\/div>\n\t\t\t\t<\/div>\n\t\t<div class=\"elementor-element elementor-element-cp2b1a3dae e-flex e-con-boxed e-con e-parent\" data-id=\"cp2b1a3dae\" data-element_type=\"container\" data-e-type=\"container\">\n\t\t\t\t\t<div class=\"e-con-inner\">\n\t\t\t\t<div class=\"elementor-element elementor-element-cp282c06ff elementor-widget elementor-widget-heading\" data-id=\"cp282c06ff\" data-element_type=\"widget\" data-e-type=\"widget\" data-widget_type=\"heading.default\">\n\t\t\t\t\t<h2 class=\"elementor-heading-title elementor-size-default\">Sveti bubanj i sile samskog svjetonazora<\/h2>\t\t\t\t<\/div>\n\t\t<div class=\"elementor-element elementor-element-cp228b4522 e-flex e-con-boxed e-con e-child\" data-id=\"cp228b4522\" data-element_type=\"container\" data-e-type=\"container\">\n\t\t\t\t\t<div class=\"e-con-inner\">\n\t\t\t\t<div class=\"elementor-element elementor-element-cp261454c5 elementor-widget elementor-widget-text-editor\" data-id=\"cp261454c5\" data-element_type=\"widget\" data-e-type=\"widget\" data-widget_type=\"text-editor.default\">\n\t\t\t\t\t\t\t\t\t<p>Najpoznatiji vjerski predmet Sama je bubanj, na sjevernosamskom nazvan <em>goavddis<\/em> ili <em>meavrresg\u00e1rri<\/em>. Sastojao se od drvenog okvira ili izdubljenog drvenog tijela prekrivenog oslikanom ko\u017eom. Slike na ko\u017ei prikazivale su bo\u017eanstva, duhove, \u017eivotinje, ljude i elemente krajolika te predstavljale sliku svijeta.<\/p><p><em>Noaidi<\/em> je bubanj koristio na dva na\u010dina. S jedne strane, po ko\u017ei je pomicao pokaziva\u010d kako bi iz njegova kretanja preko slika i\u0161\u010ditao predznake. S druge strane, ritam bubnja dovodio ga je u izmijenjeno stanje svijesti u kojem je njegova du\u0161a mogla putovati do duhova.<\/p><p>Samska slika svijeta poznavala je vi\u0161e razina i mno\u0161tvo sila. Posvjedo\u010dena su, me\u0111u ostalim, sun\u010dana bo\u017eanstva, bog groma, niz maj\u010dinskih bo\u017eanstava zadu\u017eenih za ro\u0111enje i djecu, kao i gospodari \u017eivotinja, primjerice medvjeda i sobova.<\/p><p>Mrtvi i podzemni svijet imali su svoje mjesto, a <em>sieidi<\/em>, \u010desto upadljive stijene ili kamenje, smatrali su se mjestima na kojima se moglo stupiti u dodir s tim silama i prinositi im \u017ertve.<\/p><p>O to\u010dnoj sustavnosti tog panteona ne postoji sigurnost, jer su izvori raspr\u0161eni i dijelom proturje\u010dni. Sa\u010duvani bubnjevi, kojih je diljem svijeta pre\u017eivjelo tek oko sedamdeset, va\u017ean su izvor, no njihove se slike ne mogu uvijek jednozna\u010dno protuma\u010diti.<\/p>\t\t\t\t\t\t\t\t<\/div>\n\t\t\t\t\t<\/div>\n\t\t\t\t<\/div>\n\t\t\t\t\t<\/div>\n\t\t\t\t<\/div>\n\t\t<div class=\"elementor-element elementor-element-cp295547c2 e-flex e-con-boxed e-con e-parent\" data-id=\"cp295547c2\" data-element_type=\"container\" data-e-type=\"container\">\n\t\t\t\t\t<div class=\"e-con-inner\">\n\t\t\t\t<div class=\"elementor-element elementor-element-cp28944fb0 elementor-widget elementor-widget-heading\" data-id=\"cp28944fb0\" data-element_type=\"widget\" data-e-type=\"widget\" data-widget_type=\"heading.default\">\n\t\t\t\t\t<h2 class=\"elementor-heading-title elementor-size-default\">Izvori: misionarski izvje\u0161taji, zaplijenjeni bubnjevi i jojk<\/h2>\t\t\t\t<\/div>\n\t\t<div class=\"elementor-element elementor-element-cp23d59da4 e-flex e-con-boxed e-con e-child\" data-id=\"cp23d59da4\" data-element_type=\"container\" data-e-type=\"container\">\n\t\t\t\t\t<div class=\"e-con-inner\">\n\t\t\t\t<div class=\"elementor-element elementor-element-cp2ce157b6 elementor-widget elementor-widget-text-editor\" data-id=\"cp2ce157b6\" data-element_type=\"widget\" data-e-type=\"widget\" data-widget_type=\"text-editor.default\">\n\t\t\t\t\t\t\t\t\t<p>Pisana <span class=\"iwg-fachbegriff\" data-tooltip=\"Preno\u0161enje znanja i pri\u010da kroz generacije.\" tabindex=\"0\">predaja<\/span> o samskoj religiji potje\u010de skoro isklju\u010divo izvana, uglavnom od misionara. U sedamnaestom i osamnaestom stolje\u0107u luteranski sve\u0107enici u Norve\u0161koj i \u0160vedskoj pisali su izvje\u0161taje o praksama koje su progonili kao <span class=\"iwg-fachbegriff\" data-tooltip=\"Iz kr\u0161\u0107anske perspektive: pripadnost predkr\u0161\u0107anskoj ili nekr\u0161\u0107anskoj religiji.\" tabindex=\"0\">poganske<\/span>.<\/p><p>Me\u0111u poznatijim izvorima su spisi norve\u0161kog misionara Thomasa von Westena i njegovih suradnika, te kasniji prikazi, poput onoga Knuda Leema. Ovi tekstovi su sadr\u017eajno bogati, ali izrazito jednostrani, jer im je cilj bio iskorjenjivanje starije religije, a ne njezin opis.<\/p><p>Druga skupina izvora su same bubnjevi, od kojih su mnogi zaplijenjeni tijekom misionarskih pohoda. Neki su dospjeli u europske zbirke, drugi su spaljeni.<\/p><p>Neki su misionari zatra\u017eili obja\u0161njenje slika i zapisali tuma\u010denja, tako da je za odre\u0111ene bubnjeve sa\u010duvano suvremeno tuma\u010denje. Najpoznatiji takav izvor je rukopis koji za bubanj zaplijenjen 1691. navodi zna\u010denje prikazanih figura.<\/p><p>Tre\u0107i izvor posebne vrste je jojk, tradicionalno samsko pjevanje. Nije u strogom smislu bio religijski tekst, no misija ga je progonila kao <span class=\"iwg-fachbegriff\" data-tooltip=\"Iz kr\u0161\u0107anske perspektive: pripadnost predkr\u0161\u0107anskoj ili nekr\u0161\u0107anskoj religiji.\" tabindex=\"0\">poganski<\/span>, a u njegovim oblicima i sadr\u017eajima sa\u010duvale su se poveznice sa starijim svijetom vjerovanja.<\/p><p>Istra\u017eiva\u010di kao H\u00e5kan Rydving pokazali su koliko je stanje izvora sna\u017eno iskrivljeno misionarskim pogledom, i upozoravaju da svaka rekonstrukcija samske religije mora ra\u010dunati s velikim nesigurnostima.<\/p>\t\t\t\t\t\t\t\t<\/div>\n\t\t\t\t\t<\/div>\n\t\t\t\t<\/div>\n\t\t\t\t\t<\/div>\n\t\t\t\t<\/div>\n\t\t<div class=\"elementor-element elementor-element-cp2c009332 e-flex e-con-boxed e-con e-parent\" data-id=\"cp2c009332\" data-element_type=\"container\" data-e-type=\"container\">\n\t\t\t\t\t<div class=\"e-con-inner\">\n\t\t\t\t<div class=\"elementor-element elementor-element-cp225c94da elementor-widget elementor-widget-heading\" data-id=\"cp225c94da\" data-element_type=\"widget\" data-e-type=\"widget\" data-widget_type=\"heading.default\">\n\t\t\t\t\t<h2 class=\"elementor-heading-title elementor-size-default\">Prisilno misionarstvo, potiskivanje i dana\u0161nja ponovna prisvajanja<\/h2>\t\t\t\t<\/div>\n\t\t<div class=\"elementor-element elementor-element-cp2c7191ab e-flex e-con-boxed e-con e-child\" data-id=\"cp2c7191ab\" data-element_type=\"container\" data-e-type=\"container\">\n\t\t\t\t\t<div class=\"e-con-inner\">\n\t\t\t\t<div class=\"elementor-element elementor-element-cp23f4061d elementor-widget elementor-widget-text-editor\" data-id=\"cp23f4061d\" data-element_type=\"widget\" data-e-type=\"widget\" data-widget_type=\"text-editor.default\">\n\t\t\t\t\t\t\t\t\t<p>Kristijanizacija Sama bila je dugotrajan i nasilan proces. Prvi dodiri postojali su ve\u0107 u srednjem vijeku, ali sustavna misija po\u010dela je u sedamnaestom i osamnaestom stolje\u0107u. Bubnjevi su oduzimani i spaljivani, <em>noaidi<\/em> su bili proganjani, a u pojedinim slu\u010dajevima dolazilo je i do pogubljenja.<\/p><p>U devetnaestom i dvadesetom stolje\u0107u religijski pritisak povezao se s dr\u017eavnom politikom asimilacije. U Norve\u0161koj je ta politika poznata kao Fornorsking, odnosno norveganizacija. Samski jezik i kultura bili su suzbijani u \u0161kolama i internatima.<\/p><p>Posebnu ulogu ima laestadijanski pokret duhovnog bu\u0111enja, luteranski smjer koji je u devetnaestom stolje\u0107u osnovao Lars Levi Laestadius, a koji se me\u0111u Samima \u0161iroko pro\u0161irio. S jedne strane bio je dijelom kr\u0161\u0107anskog prodora, ali je s druge strane otvarao prostor za samsku religijsku praksu, pa ga neki smatraju posudom u kojoj su djelomi\u010dno sa\u010duvani i stariji elementi.<\/p><p>Od kasnog dvadesetog stolje\u0107a prisutno je kulturno i politi\u010dko ja\u010danje Sama, vidljivo u vlastitim parlamentima i u njegovanju jezika.<\/p><p>U tom se okviru javlja i novi interes za predkr\u0161\u0107ansku <span class=\"iwg-fachbegriff\" data-tooltip=\"Preno\u0161enje znanja i pri\u010da kroz generacije.\" tabindex=\"0\">predaju<\/span>. To se o\u010dituje u istra\u017eivanjima koje Sami provode o vlastitoj povijesti, u zahtjevima za povratom oduzetih bubnjeva iz muzeja te u umjetni\u010dkom preuzimanju starih motiva.<\/p><p>Ipak, ne mo\u017ee se govoriti o \u0161irokoj obnovi star\u0435 religije kao \u017eive prakse. Ve\u0107ina Sama su kr\u0161\u0107ani, a bavljenje predkr\u0161\u0107anskom pro\u0161lo\u0161\u0107u uglavnom je oblik kulturnog samopotvr\u0111ivanja i povijesne obrade.<\/p>\t\t\t\t\t\t\t\t<\/div>\n\t\t\t\t\t<\/div>\n\t\t\t\t<\/div>\n\t\t\t\t\t<\/div>\n\t\t\t\t<\/div>\n\t\t<div class=\"elementor-element elementor-element-iwgha-sami-sec e-flex e-con-boxed e-con e-parent\" data-id=\"iwgha-sami-sec\" data-element_type=\"container\" data-e-type=\"container\">\n\t\t\t\t\t<div class=\"e-con-inner\">\n\t\t\t\t<div class=\"elementor-element elementor-element-iwgha-sami-h elementor-widget elementor-widget-heading\" data-id=\"iwgha-sami-h\" data-element_type=\"widget\" data-e-type=\"widget\" data-widget_type=\"heading.default\">\n\t\t\t\t\t<h2 class=\"elementor-heading-title elementor-size-default\">Bi\u0107a ove tradicije (10)<\/h2>\t\t\t\t<\/div>\n\t\t<div class=\"elementor-element elementor-element-iwgha-sami-gc e-flex e-con-boxed e-con e-parent\" data-id=\"iwgha-sami-gc\" data-element_type=\"container\" data-e-type=\"container\">\n\t\t\t\t\t<div class=\"e-con-inner\">\n\t\t\t\t<div class=\"elementor-element elementor-element-iwgha-sami-grid elementor-widget elementor-widget-text-editor\" data-id=\"iwgha-sami-grid\" data-element_type=\"widget\" data-e-type=\"widget\" data-widget_type=\"text-editor.default\">\n\t\t\t\t\t\t\t\t\t<div class=\"iwg-wesen-grid\"><a class=\"iwg-wesen-card\" href=\"https:\/\/iwell-guard.com\/hr\/beaivi-boginja-sunca-samijaca\/\" aria-label=\"Beaivi \u2013 bo\u017eica Sunca kod Samijaca\"><div class=\"iwg-wesen-card-imgwrap\"><img decoding=\"async\" src=\"https:\/\/iwell-guard.com\/wp-content\/uploads\/2026\/05\/goetter_sami_beaivi-200x300.webp\" alt=\"Beaivi \u2013 bo\u017eica Sunca kod Samijaca\" loading=\"lazy\"><\/div><div class=\"iwg-wesen-card-body\"><div class=\"iwg-wesen-card-name\">Beaivi \u2013 bo\u017eica Sunca kod Samijaca<\/div><div class=\"iwg-wesen-card-arrow\">\u2192 Na bi\u0107e<\/div><\/div><\/a><a class=\"iwg-wesen-card\" href=\"https:\/\/iwell-guard.com\/hr\/horagalles\/\" aria-label=\"Horagalles\"><div class=\"iwg-wesen-card-imgwrap\"><img decoding=\"async\" src=\"https:\/\/iwell-guard.com\/wp-content\/uploads\/2026\/05\/goetter_sami_horagalles-200x300.webp\" alt=\"Horagalles\" loading=\"lazy\"><\/div><div class=\"iwg-wesen-card-body\"><div class=\"iwg-wesen-card-name\">Horagalles<\/div><div class=\"iwg-wesen-card-arrow\">\u2192 Na bi\u0107e<\/div><\/div><\/a><a class=\"iwg-wesen-card\" href=\"https:\/\/iwell-guard.com\/hr\/jabmiidaibmu-zemlja-mrtvih-sama\/\" aria-label=\"Jabmiidaibmu \u2013 zemlja mrtvih i carstvo pokojnika Sama\"><div class=\"iwg-wesen-card-imgwrap\"><img decoding=\"async\" src=\"https:\/\/iwell-guard.com\/wp-content\/uploads\/2026\/05\/geister_sami_jabmiidaibmu-200x300.webp\" alt=\"Jabmiidaibmu \u2013 zemlja mrtvih i carstvo pokojnika Sama\" loading=\"lazy\"><\/div><div class=\"iwg-wesen-card-body\"><div class=\"iwg-wesen-card-name\">Jabmiidaibmu \u2013 zemlja mrtvih i carstvo pokojnika Sama<\/div><div class=\"iwg-wesen-card-arrow\">\u2192 Na bi\u0107e<\/div><\/div><\/a><a class=\"iwg-wesen-card\" href=\"https:\/\/iwell-guard.com\/hr\/juksakka-bozica-luka-zastitnica-djecaka\/\" aria-label=\"Juksakka \u2013 bo\u017eica luka i za\u0161titnica dje\u010daka\"><div class=\"iwg-wesen-card-imgwrap\"><img decoding=\"async\" src=\"https:\/\/iwell-guard.com\/wp-content\/uploads\/2026\/05\/goetter_sami_juksakka-200x300.webp\" alt=\"Juksakka \u2013 bo\u017eica luka i za\u0161titnica dje\u010daka\" loading=\"lazy\"><\/div><div class=\"iwg-wesen-card-body\"><div class=\"iwg-wesen-card-name\">Juksakka \u2013 bo\u017eica luka i za\u0161titnica dje\u010daka<\/div><div class=\"iwg-wesen-card-arrow\">\u2192 Na bi\u0107e<\/div><\/div><\/a><a class=\"iwg-wesen-card\" href=\"https:\/\/iwell-guard.com\/hr\/madderakka-praroditeljica-najvisa-akka-samija\/\" aria-label=\"Madderakka \u2013 praroditeljica i najvi\u0161a Akka Samija\"><div class=\"iwg-wesen-card-imgwrap\"><img decoding=\"async\" src=\"https:\/\/iwell-guard.com\/wp-content\/uploads\/2026\/05\/goetter_sami_madderakka-200x300.webp\" alt=\"Madderakka \u2013 praroditeljica i najvi\u0161a Akka Samija\" loading=\"lazy\"><\/div><div class=\"iwg-wesen-card-body\"><div class=\"iwg-wesen-card-name\">Madderakka \u2013 praroditeljica i najvi\u0161a Akka Samija<\/div><div class=\"iwg-wesen-card-arrow\">\u2192 Na bi\u0107e<\/div><\/div><\/a><a class=\"iwg-wesen-card\" href=\"https:\/\/iwell-guard.com\/hr\/mannu-bog-mjeseca-sami\/\" aria-label=\"M\u00e1nnu \u2013 bog Mjeseca kod Samijaca\"><div class=\"iwg-wesen-card-imgwrap\"><img decoding=\"async\" src=\"https:\/\/iwell-guard.com\/wp-content\/uploads\/2026\/05\/goetter_sami_maennu-sami-200x300.webp\" alt=\"M\u00e1nnu \u2013 bog Mjeseca kod Samijaca\" loading=\"lazy\"><\/div><div class=\"iwg-wesen-card-body\"><div class=\"iwg-wesen-card-name\">M\u00e1nnu \u2013 bog Mjeseca kod Samijaca<\/div><div class=\"iwg-wesen-card-arrow\">\u2192 Na bi\u0107e<\/div><\/div><\/a><a class=\"iwg-wesen-card\" href=\"https:\/\/iwell-guard.com\/hr\/rahka-otac-bog-samske-religije\/\" aria-label=\"R\u00e1hka \u2013 otac-bog samske religije\"><div class=\"iwg-wesen-card-imgwrap\"><img decoding=\"async\" src=\"https:\/\/iwell-guard.com\/wp-content\/uploads\/2026\/05\/goetter_sami_raehka-200x300.webp\" alt=\"R\u00e1hka \u2013 otac-bog samske religije\" loading=\"lazy\"><\/div><div class=\"iwg-wesen-card-body\"><div class=\"iwg-wesen-card-name\">R\u00e1hka \u2013 otac-bog samske religije<\/div><div class=\"iwg-wesen-card-arrow\">\u2192 Na bi\u0107e<\/div><\/div><\/a><a class=\"iwg-wesen-card\" href=\"https:\/\/iwell-guard.com\/hr\/saivo-sveti-planinski-jezerski-svijet-sama\/\" aria-label=\"Saivo \u2013 sveti planinski i jezerski svijet Sama\"><div class=\"iwg-wesen-card-imgwrap\"><img decoding=\"async\" src=\"https:\/\/iwell-guard.com\/wp-content\/uploads\/2026\/05\/geister_sami_saivo-200x300.webp\" alt=\"Saivo \u2013 sveti planinski i jezerski svijet Sama\" loading=\"lazy\"><\/div><div class=\"iwg-wesen-card-body\"><div class=\"iwg-wesen-card-name\">Saivo \u2013 sveti planinski i jezerski svijet Sama<\/div><div class=\"iwg-wesen-card-arrow\">\u2192 Na bi\u0107e<\/div><\/div><\/a><a class=\"iwg-wesen-card\" href=\"https:\/\/iwell-guard.com\/hr\/sara-akka-boginja-porodaja-sama\/\" aria-label=\"Sara-Akka \u2013 Boginja poro\u0111aja Sama\"><div class=\"iwg-wesen-card-imgwrap\"><img decoding=\"async\" src=\"https:\/\/iwell-guard.com\/wp-content\/uploads\/2026\/05\/goetter_sami_sara-akka-200x300.webp\" alt=\"Sara-Akka \u2013 Boginja poro\u0111aja Sama\" loading=\"lazy\"><\/div><div class=\"iwg-wesen-card-body\"><div class=\"iwg-wesen-card-name\">Sara-Akka \u2013 Boginja poro\u0111aja Sama<\/div><div class=\"iwg-wesen-card-arrow\">\u2192 Na bi\u0107e<\/div><\/div><\/a><a class=\"iwg-wesen-card\" href=\"https:\/\/iwell-guard.com\/hr\/stallo-ljudozderski-div-samske-tradicije\/\" aria-label=\"Stallo \u2013 Ljudo\u017ederski div samske tradicije\"><div class=\"iwg-wesen-card-imgwrap\"><img decoding=\"async\" src=\"https:\/\/iwell-guard.com\/wp-content\/uploads\/2026\/05\/goetter_sami_stallo-200x300.webp\" alt=\"Stallo \u2013 Ljudo\u017ederski div samske tradicije\" loading=\"lazy\"><\/div><div class=\"iwg-wesen-card-body\"><div class=\"iwg-wesen-card-name\">Stallo \u2013 Ljudo\u017ederski div samske tradicije<\/div><div class=\"iwg-wesen-card-arrow\">\u2192 Na bi\u0107e<\/div><\/div><\/a><a class=\"iwg-wesen-card\" href=\"https:\/\/iwell-guard.com\/hr\/uksakka-bozica-vrata-cuvarica-praga\/\" aria-label=\"Uksakka \u2013 bo\u017eica vrata i \u010duvarica praga u Sami vjerovanju\"><div class=\"iwg-wesen-card-imgwrap\"><img decoding=\"async\" src=\"https:\/\/iwell-guard.com\/wp-content\/uploads\/2026\/05\/goetter_sami_uksakka-1-200x300.webp\" alt=\"Uksakka \u2013 bo\u017eica vrata i \u010duvarica praga u Sami vjerovanju\" loading=\"lazy\"><\/div><div class=\"iwg-wesen-card-body\"><div class=\"iwg-wesen-card-name\">Uksakka \u2013 bo\u017eica vrata i \u010duvarica praga u Sami vjerovanju<\/div><div class=\"iwg-wesen-card-arrow\">\u2192 Na bi\u0107e<\/div><\/div><\/a><\/div>\t\t\t\t\t\t\t\t<\/div>\n\t\t\t\t\t<\/div>\n\t\t\t\t<\/div>\n\t\t\t\t\t<\/div>\n\t\t\t\t<\/div>\n\t\t<div class=\"elementor-element elementor-element-iwgkw2-add-sami e-flex e-con-boxed e-con e-parent\" data-id=\"iwgkw2-add-sami\" data-element_type=\"container\" data-e-type=\"container\">\n\t\t\t\t\t<div class=\"e-con-inner\">\n\t\t\t\t<div class=\"elementor-element elementor-element-iwgkw2-add-sami-t elementor-widget elementor-widget-text-editor\" data-id=\"iwgkw2-add-sami-t\" data-element_type=\"widget\" data-e-type=\"widget\" data-widget_type=\"text-editor.default\">\n\t\t\t\t\t\t\t\t\t<p>Samski <em><span class=\"iwg-fachbegriff\" data-tooltip=\"Religijski sustav u kojem specijalisti stupaju u kontakt sa svijetom duhova.\" tabindex=\"0\">\u0161amanizam<\/span><\/em> povezuje noaidija, bubanj i seita-kamenje u samostalnu <em>praksu za\u0161tite<\/em>, koja je trebala \u0161tititi obitelji, sobolove krda i naseobine od duhova bolesti i prirode.<\/p>\t\t\t\t\t\t\t\t<\/div>\n\t\t\t\t\t<\/div>\n\t\t\t\t<\/div>\n\t\t<div class=\"elementor-element elementor-element-iwgcn-sami-kwd e-flex e-con-boxed e-con e-parent\" data-id=\"iwgcn-sami-kwd\" data-element_type=\"container\" data-e-type=\"container\">\n\t\t\t\t\t<div class=\"e-con-inner\">\n\t\t<div class=\"elementor-element elementor-element-iwgcn-sami-kwd-c e-con-full e-flex e-con e-child\" data-id=\"iwgcn-sami-kwd-c\" data-element_type=\"container\" data-e-type=\"container\">\n\t\t\t\t<div class=\"elementor-element elementor-element-iwgcn-sami-kwdt elementor-widget elementor-widget-text-editor\" data-id=\"iwgcn-sami-kwdt\" data-element_type=\"widget\" data-e-type=\"widget\" data-widget_type=\"text-editor.default\">\n\t\t\t\t\t\t\t\t\t<p><em>Srodni klju\u010dni pojmovi: Sami Noaidi Sieidi Seita Pejvve Beaivi R\u00e1hka M\u00e1nnu Lapland Trommel Joik Reindeer.<\/em><\/p>\t\t\t\t\t\t\t\t<\/div>\n\t\t\t\t<\/div>\n\t\t\t\t\t<\/div>\n\t\t\t\t<\/div>\n\t\t<div class=\"elementor-element elementor-element-iwgcn-sami-cc e-flex e-con-boxed e-con e-parent\" data-id=\"iwgcn-sami-cc\" data-element_type=\"container\" data-e-type=\"container\" id=\"iwg-cc-sami\">\n\t\t\t\t\t<div class=\"e-con-inner\">\n\t\t<div class=\"elementor-element elementor-element-iwgcn-sami-ccinner e-flex e-con-boxed e-con e-parent\" data-id=\"iwgcn-sami-ccinner\" data-element_type=\"container\" data-e-type=\"container\" data-settings=\"{&quot;background_background&quot;:&quot;classic&quot;}\">\n\t\t\t\t\t<div class=\"e-con-inner\">\n\t\t\t\t<div class=\"elementor-element elementor-element-iwgcn-sami-cch elementor-widget elementor-widget-heading\" data-id=\"iwgcn-sami-cch\" data-element_type=\"widget\" data-e-type=\"widget\" data-widget_type=\"heading.default\">\n\t\t\t\t\t<h2 class=\"elementor-heading-title elementor-size-default\">Za\u0161titni predmeti u ovoj kulturnoj tradiciji<\/h2>\t\t\t\t<\/div>\n\t\t\t\t<div class=\"elementor-element elementor-element-iwgcn-sami-cct elementor-widget elementor-widget-text-editor\" data-id=\"iwgcn-sami-cct\" data-element_type=\"widget\" data-e-type=\"widget\" data-widget_type=\"text-editor.default\">\n\t\t\t\t\t\t\t\t\t<p>Samska tradicija poznaje kosmolo\u0161ki oslikan \u0161amanski bubanj s vuorbi-pokaziva\u010dima, seita-kamenje kao stalna sveti\u0161ta i vezenu g\u00e1kti-no\u0161nju s regionalnim za\u0161titnim uzorcima; prenosivi za\u0161titni predmeti su rijetki, a odnos sa zemljom primarni je religijski nositelj za\u0161tite.<\/p><div data-nosnippet=\"true\"><p>iWell Guard se uklapa u tu kulturno-povijesnu liniju prenosivih za\u0161titnih predmeta, u suvremenoj materijalnoj izvedbi, izra\u0111en u Njema\u010dkoj. 41 razina, pravo zlato, platina, srebro. Pravo povrata u 30 dana.<\/p><\/div>\t\t\t\t\t\t\t\t<\/div>\n\t\t\t\t<div class=\"elementor-element elementor-element-iwgcn-sami-ccb iwg-cc-button iwg-cc-cta-2026-05-13 elementor-widget elementor-widget-jet-button\" data-id=\"iwgcn-sami-ccb\" data-element_type=\"widget\" data-e-type=\"widget\" data-widget_type=\"jet-button.default\">\n\t\t\t\t<div class=\"elementor-widget-container\">\n\t\t\t\t\t<div class=\"elementor-jet-button jet-elements\"><div class=\"jet-button__container\"><a class=\"jet-button__instance jet-button__instance--icon-left hover-effect-1\" href=\"\/ueber-iwell-guard\/?utm_source=iwell-guard.com&amp;utm_medium=info-box&amp;utm_campaign=kultur-tradition\"><div class=\"jet-button__plane jet-button__plane-normal\"><\/div><div class=\"jet-button__plane jet-button__plane-hover\"><\/div><div class=\"jet-button__state jet-button__state-normal\"><span class=\"jet-button__label\">Vi\u0161e o iWell Guardu<\/span><\/div><div class=\"jet-button__state jet-button__state-hover\"><span class=\"jet-button__label\">Vi\u0161e o iWell Guardu<\/span><\/div><\/a><\/div><\/div><style>.elementor-element.elementor-element-iwgcn-sami-ccb .jet-button__instance{width:320px;height:56px;}.elementor-element.elementor-element-iwgcn-sami-ccb .jet-button__state-normal .jet-button__label{text-align:center;margin:0px 0px 0px 0px;color:#1a1b20;font-family:Montserrat,sans-serif;font-size:13px;font-weight:400;letter-spacing:4px;line-height:1.714em;text-transform:uppercase;}.elementor-element.elementor-element-iwgcn-sami-ccb .jet-button__state-hover .jet-button__label{text-align:center;margin:0px 0px 0px 0px;color:#FECC76;font-family:Montserrat,sans-serif;font-size:13px;font-weight:400;letter-spacing:4px;line-height:1.714em;text-transform:uppercase;}.elementor-element.elementor-element-iwgcn-sami-ccb .jet-button__plane-normal{background-color:#FECC76;border-style:solid;border-color:#C99540;border-width:2px 2px 2px 2px;}.elementor-element.elementor-element-iwgcn-sami-ccb .jet-button__plane-hover{background-color:rgba(0,0,0,0.55);border-style:solid;border-color:#FECC76;border-width:2px 2px 2px 2px;}<\/style>\t\t\t\t<\/div>\n\t\t\t\t<\/div>\n\t\t\t\t<div class=\"elementor-element elementor-element-iwgcn-sami-ccd elementor-widget elementor-widget-text-editor\" data-id=\"iwgcn-sami-ccd\" data-element_type=\"widget\" data-e-type=\"widget\" data-widget_type=\"text-editor.default\">\n\t\t\t\t\t\t\t\t\t<div data-nosnippet=\"true\"><p style=\"text-align:center;font-size:13px;opacity:0.7;margin-top:14px\" data-nosnippet=\"true\">Osobna iskustva mogu se razlikovati. Nije medicinski proizvod. Nema obe\u0107anja izlje\u010denja.<\/p><\/div>\t\t\t\t\t\t\t\t<\/div>\n\t\t\t\t\t<\/div>\n\t\t\t\t<\/div>\n\t\t\t\t\t<\/div>\n\t\t\t\t<\/div>\n\t\t<div class=\"elementor-element elementor-element-iwgcn-sami-disc e-flex e-con-boxed e-con e-parent\" data-id=\"iwgcn-sami-disc\" data-element_type=\"container\" data-e-type=\"container\">\n\t\t\t\t\t<div class=\"e-con-inner\">\n\t\t\t\t<div class=\"elementor-element elementor-element-iwgcn-sami-discw elementor-widget elementor-widget-html\" data-id=\"iwgcn-sami-discw\" data-element_type=\"widget\" data-e-type=\"widget\" data-widget_type=\"html.default\">\n\t\t\t\t\t<footer data-nosnippet=\"true\" class=\"iwg-disclaimer-block\"><p data-nosnippet=\"true\">iWell Guard <strong>nije medicinski proizvod<\/strong> i ne zamjenjuje lije\u010dni\u010dko ili psihoterapeutsko lije\u010denje. Religijsko-znanstveni sadr\u017eaji predstavljaju kulturno-povijesnu interpretaciju, a ne preporuku duhovne prakse.<\/p><\/footer>\t\t\t\t<\/div>\n\t\t\t\t\t<\/div>\n\t\t\t\t<\/div>\n\t\t\t\t<\/div>\n\t\t","protected":false},"excerpt":{"rendered":"","protected":false},"author":3,"featured_media":2890,"parent":0,"menu_order":0,"comment_status":"closed","ping_status":"closed","template":"elementor_header_footer","meta":{"_yoast_wpseo_focuskw":"sami bogovi","_yoast_wpseo_title":"Sami bogovi \u2013 panteon Laponije","_yoast_wpseo_metadesc":"Bogovi Samija: Horagalles (grmljavina), Beaivi (sunce), M\u00e1nnu (mjesec), V\u00e1r\u00e1lden olmm\u00e1i. \u0160amanizam, sveti bubnjevi i kamenje sieidi.","_yoast_wpseo_meta-robots-noindex":"","_yoast_wpseo_canonical":"","_angie_page":false,"gefaehrdungsstufe":"","wesen_kultur":"","wesen_klasse":"","footnotes":""},"categories":[],"class_list":["post-149654","page","type-page","status-publish","has-post-thumbnail","hentry"],"yoast_head":"<!-- This site is optimized with the Yoast SEO Premium plugin v27.7 (Yoast SEO v28.3) - https:\/\/yoast.com\/product\/yoast-seo-premium-wordpress\/ -->\n<title>Sami bogovi \u2013 panteon Laponije<\/title>\n<meta name=\"description\" content=\"Bogovi Samija: Horagalles (grmljavina), Beaivi (sunce), M\u00e1nnu (mjesec), V\u00e1r\u00e1lden olmm\u00e1i. \u0160amanizam, sveti bubnjevi i kamenje sieidi.\" \/>\n<meta name=\"robots\" content=\"index, follow, max-snippet:-1, max-image-preview:large, max-video-preview:-1\" \/>\n<link rel=\"canonical\" href=\"https:\/\/iwell-guard.com\/hr\/sami-i-finougorska-tradicija-noaidi-bubanj\/\" \/>\n<meta property=\"og:locale\" content=\"hr_HR\" \/>\n<meta property=\"og:type\" content=\"article\" \/>\n<meta property=\"og:title\" content=\"Sami i finougorska tradicija \u2013 Noaidi i bubanj\" \/>\n<meta property=\"og:description\" content=\"Bogovi Samija: Horagalles (grmljavina), Beaivi (sunce), M\u00e1nnu (mjesec), V\u00e1r\u00e1lden olmm\u00e1i. \u0160amanizam, sveti bubnjevi i kamenje sieidi.\" \/>\n<meta property=\"og:url\" content=\"https:\/\/iwell-guard.com\/hr\/sami-i-finougorska-tradicija-noaidi-bubanj\/\" \/>\n<meta property=\"og:site_name\" content=\"iWell Guard\" \/>\n<meta property=\"article:modified_time\" content=\"2026-09-04T05:28:52+00:00\" \/>\n<meta property=\"og:image\" content=\"https:\/\/iwell-guard.com\/wp-content\/uploads\/2026\/05\/goetter_sami_beaivi.webp\" \/>\n\t<meta property=\"og:image:width\" content=\"1024\" \/>\n\t<meta property=\"og:image:height\" content=\"1536\" \/>\n\t<meta property=\"og:image:type\" content=\"image\/webp\" \/>\n<meta name=\"twitter:card\" content=\"summary_large_image\" \/>\n<script type=\"application\/ld+json\" class=\"yoast-schema-graph\">{\"@context\":\"https:\\\/\\\/schema.org\",\"@graph\":[{\"@type\":\"WebPage\",\"@id\":\"https:\\\/\\\/iwell-guard.com\\\/hr\\\/sami-i-finougorska-tradicija-noaidi-bubanj\\\/\",\"url\":\"https:\\\/\\\/iwell-guard.com\\\/hr\\\/sami-i-finougorska-tradicija-noaidi-bubanj\\\/\",\"name\":\"Sami bogovi \u2013 panteon Laponije\",\"isPartOf\":{\"@id\":\"https:\\\/\\\/iwell-guard.com\\\/hr\\\/#website\"},\"primaryImageOfPage\":{\"@id\":\"https:\\\/\\\/iwell-guard.com\\\/hr\\\/sami-i-finougorska-tradicija-noaidi-bubanj\\\/#primaryimage\"},\"image\":{\"@id\":\"https:\\\/\\\/iwell-guard.com\\\/hr\\\/sami-i-finougorska-tradicija-noaidi-bubanj\\\/#primaryimage\"},\"thumbnailUrl\":\"https:\\\/\\\/iwell-guard.com\\\/wp-content\\\/uploads\\\/2026\\\/05\\\/goetter_sami_beaivi.webp\",\"datePublished\":\"2026-09-04T05:12:23+00:00\",\"dateModified\":\"2026-09-04T05:28:52+00:00\",\"description\":\"Bogovi Samija: Horagalles (grmljavina), Beaivi (sunce), M\u00e1nnu (mjesec), V\u00e1r\u00e1lden olmm\u00e1i. \u0160amanizam, sveti bubnjevi i kamenje sieidi.\",\"breadcrumb\":{\"@id\":\"https:\\\/\\\/iwell-guard.com\\\/hr\\\/sami-i-finougorska-tradicija-noaidi-bubanj\\\/#breadcrumb\"},\"inLanguage\":\"hr\",\"potentialAction\":[{\"@type\":\"ReadAction\",\"target\":[\"https:\\\/\\\/iwell-guard.com\\\/hr\\\/sami-i-finougorska-tradicija-noaidi-bubanj\\\/\"]}]},{\"@type\":\"ImageObject\",\"inLanguage\":\"hr\",\"@id\":\"https:\\\/\\\/iwell-guard.com\\\/hr\\\/sami-i-finougorska-tradicija-noaidi-bubanj\\\/#primaryimage\",\"url\":\"https:\\\/\\\/iwell-guard.com\\\/wp-content\\\/uploads\\\/2026\\\/05\\\/goetter_sami_beaivi.webp\",\"contentUrl\":\"https:\\\/\\\/iwell-guard.com\\\/wp-content\\\/uploads\\\/2026\\\/05\\\/goetter_sami_beaivi.webp\",\"width\":1024,\"height\":1536,\"caption\":\"Bogovi iz s\u00e1mske tradicije.\"},{\"@type\":\"BreadcrumbList\",\"@id\":\"https:\\\/\\\/iwell-guard.com\\\/hr\\\/sami-i-finougorska-tradicija-noaidi-bubanj\\\/#breadcrumb\",\"itemListElement\":[{\"@type\":\"ListItem\",\"position\":1,\"name\":\"Start\",\"item\":\"https:\\\/\\\/iwell-guard.com\\\/hr\\\/?page_id=149317\"},{\"@type\":\"ListItem\",\"position\":2,\"name\":\"Sami i finougorska tradicija \u2013 Noaidi i bubanj\"}]},{\"@type\":\"WebSite\",\"@id\":\"https:\\\/\\\/iwell-guard.com\\\/hr\\\/#website\",\"url\":\"https:\\\/\\\/iwell-guard.com\\\/hr\\\/\",\"name\":\"iWell Guard\",\"description\":\"Schutz vor dunklen Einfl\u00fcssen\",\"publisher\":{\"@id\":\"https:\\\/\\\/iwell-guard.com\\\/hr\\\/#organization\"},\"potentialAction\":[{\"@type\":\"SearchAction\",\"target\":{\"@type\":\"EntryPoint\",\"urlTemplate\":\"https:\\\/\\\/iwell-guard.com\\\/hr\\\/?s={search_term_string}\"},\"query-input\":{\"@type\":\"PropertyValueSpecification\",\"valueRequired\":true,\"valueName\":\"search_term_string\"}}],\"inLanguage\":\"hr\"},{\"@type\":\"Organization\",\"@id\":\"https:\\\/\\\/iwell-guard.com\\\/hr\\\/#organization\",\"name\":\"Ittermann electronic GmbH\",\"url\":\"https:\\\/\\\/iwell-guard.com\\\/hr\\\/\",\"logo\":{\"@type\":\"ImageObject\",\"inLanguage\":\"hr\",\"@id\":\"https:\\\/\\\/iwell-guard.com\\\/hr\\\/#\\\/schema\\\/logo\\\/image\\\/\",\"url\":\"https:\\\/\\\/iwell-guard.com\\\/wp-content\\\/uploads\\\/2026\\\/05\\\/Ittermann-Logo-1182x237-1.png\",\"contentUrl\":\"https:\\\/\\\/iwell-guard.com\\\/wp-content\\\/uploads\\\/2026\\\/05\\\/Ittermann-Logo-1182x237-1.png\",\"width\":1182,\"height\":237,\"caption\":\"Ittermann electronic GmbH\"},\"image\":{\"@id\":\"https:\\\/\\\/iwell-guard.com\\\/hr\\\/#\\\/schema\\\/logo\\\/image\\\/\"},\"sameAs\":[\"https:\\\/\\\/pantip.com\\\/profile\\\/9367242\",\"https:\\\/\\\/micro.blog\\\/iwellguard\",\"https:\\\/\\\/www.diggerslist.com\\\/iwellguard\\\/about\",\"https:\\\/\\\/skitterphoto.com\\\/photographers\\\/2870314\\\/iwell-guard\",\"https:\\\/\\\/iwellguard.wordpress.com\\\/2026\\\/06\\\/06\\\/iwell-guard\\\/\",\"https:\\\/\\\/hub.docker.com\\\/u\\\/iwellguard\",\"https:\\\/\\\/www.pinterest.com\\\/iwellguard\\\/\",\"https:\\\/\\\/bit.ly\\\/m\\\/iwellguard\",\"https:\\\/\\\/entre-vos-mains.alsace.eu\\\/profiles\\\/iwellguard\\\/activity\",\"https:\\\/\\\/gravatar.com\\\/reallybeded8fd34\",\"https:\\\/\\\/naijamatta.com\\\/iwellguard\",\"https:\\\/\\\/www.goodreads.com\\\/iwellguard\",\"https:\\\/\\\/profile.hatena.ne.jp\\\/iwellguard\\\/\",\"https:\\\/\\\/experiment.com\\\/users\\\/iwellguard\",\"https:\\\/\\\/wakelet.com\\\/@iWellGuard82270\",\"https:\\\/\\\/www.chordie.com\\\/forum\\\/profile.php?id=2555664\",\"https:\\\/\\\/www.instapaper.com\\\/p\\\/17757966\",\"https:\\\/\\\/www.mapleprimes.com\\\/users\\\/iwellguard\",\"https:\\\/\\\/businesslistingplus.com\\\/profile\\\/iwell-guard\\\/\",\"https:\\\/\\\/telegra.ph\\\/iWell-Guard-06-06\",\"https:\\\/\\\/pbase.com\\\/iwellguard\\\/iwellguard\",\"https:\\\/\\\/b.hatena.ne.jp\\\/iwellguard\\\/20260607#bookmark-4788405196491818882\",\"https:\\\/\\\/fliphtml5.com\\\/home\\\/iwellguard\",\"https:\\\/\\\/anyflip.com\\\/homepage\\\/cmiwl#About\",\"https:\\\/\\\/transfur.com\\\/Users\\\/iwellguard\",\"http:\\\/\\\/delphi.larsbo.org\\\/user\\\/iwellguard\",\"https:\\\/\\\/jobs.lajobsportal.org\\\/profiles\\\/8380803-iwell-guard\",\"https:\\\/\\\/md.chaosdorf.de\\\/s\\\/jfbe5SBdJD\",\"https:\\\/\\\/www.lingvolive.com\\\/en-us\\\/profile\\\/9ecaeaca-ce11-4e51-9e71-01d55e2bff36\\\/translations\",\"https:\\\/\\\/www.fitday.com\\\/fitness\\\/forums\\\/members\\\/iwellguard.html\",\"https:\\\/\\\/www.mymeetbook.com\\\/iwellguard\",\"https:\\\/\\\/pxhere.com\\\/en\\\/photographer-me\\\/5040798\",\"https:\\\/\\\/disqus.com\\\/by\\\/iwellguard\\\/about\\\/\",\"https:\\\/\\\/pastelink.net\\\/hjwciqwq\",\"https:\\\/\\\/pubhtml5.com\\\/homepage\\\/scjhn\\\/\",\"https:\\\/\\\/www.bitchute.com\\\/channel\\\/2O2eOKzNqujT\",\"https:\\\/\\\/audiomack.com\\\/iwellguard\"]}]}<\/script>\n<!-- \/ Yoast SEO Premium plugin. -->","yoast_head_json":{"title":"Sami bogovi \u2013 panteon Laponije","description":"Bogovi Samija: Horagalles (grmljavina), Beaivi (sunce), M\u00e1nnu (mjesec), V\u00e1r\u00e1lden olmm\u00e1i. \u0160amanizam, sveti bubnjevi i kamenje sieidi.","robots":{"index":"index","follow":"follow","max-snippet":"max-snippet:-1","max-image-preview":"max-image-preview:large","max-video-preview":"max-video-preview:-1"},"canonical":"https:\/\/iwell-guard.com\/hr\/sami-i-finougorska-tradicija-noaidi-bubanj\/","og_locale":"hr_HR","og_type":"article","og_title":"Sami i finougorska tradicija \u2013 Noaidi i bubanj","og_description":"Bogovi Samija: Horagalles (grmljavina), Beaivi (sunce), M\u00e1nnu (mjesec), V\u00e1r\u00e1lden olmm\u00e1i. \u0160amanizam, sveti bubnjevi i kamenje sieidi.","og_url":"https:\/\/iwell-guard.com\/hr\/sami-i-finougorska-tradicija-noaidi-bubanj\/","og_site_name":"iWell Guard","article_modified_time":"2026-09-04T05:28:52+00:00","og_image":[{"width":1024,"height":1536,"url":"https:\/\/iwell-guard.com\/wp-content\/uploads\/2026\/05\/goetter_sami_beaivi.webp","type":"image\/webp"}],"twitter_card":"summary_large_image","schema":{"@context":"https:\/\/schema.org","@graph":[{"@type":"WebPage","@id":"https:\/\/iwell-guard.com\/hr\/sami-i-finougorska-tradicija-noaidi-bubanj\/","url":"https:\/\/iwell-guard.com\/hr\/sami-i-finougorska-tradicija-noaidi-bubanj\/","name":"Sami bogovi \u2013 panteon Laponije","isPartOf":{"@id":"https:\/\/iwell-guard.com\/hr\/#website"},"primaryImageOfPage":{"@id":"https:\/\/iwell-guard.com\/hr\/sami-i-finougorska-tradicija-noaidi-bubanj\/#primaryimage"},"image":{"@id":"https:\/\/iwell-guard.com\/hr\/sami-i-finougorska-tradicija-noaidi-bubanj\/#primaryimage"},"thumbnailUrl":"https:\/\/iwell-guard.com\/wp-content\/uploads\/2026\/05\/goetter_sami_beaivi.webp","datePublished":"2026-09-04T05:12:23+00:00","dateModified":"2026-09-04T05:28:52+00:00","description":"Bogovi Samija: Horagalles (grmljavina), Beaivi (sunce), M\u00e1nnu (mjesec), V\u00e1r\u00e1lden olmm\u00e1i. \u0160amanizam, sveti bubnjevi i kamenje sieidi.","breadcrumb":{"@id":"https:\/\/iwell-guard.com\/hr\/sami-i-finougorska-tradicija-noaidi-bubanj\/#breadcrumb"},"inLanguage":"hr","potentialAction":[{"@type":"ReadAction","target":["https:\/\/iwell-guard.com\/hr\/sami-i-finougorska-tradicija-noaidi-bubanj\/"]}]},{"@type":"ImageObject","inLanguage":"hr","@id":"https:\/\/iwell-guard.com\/hr\/sami-i-finougorska-tradicija-noaidi-bubanj\/#primaryimage","url":"https:\/\/iwell-guard.com\/wp-content\/uploads\/2026\/05\/goetter_sami_beaivi.webp","contentUrl":"https:\/\/iwell-guard.com\/wp-content\/uploads\/2026\/05\/goetter_sami_beaivi.webp","width":1024,"height":1536,"caption":"Bogovi iz s\u00e1mske tradicije."},{"@type":"BreadcrumbList","@id":"https:\/\/iwell-guard.com\/hr\/sami-i-finougorska-tradicija-noaidi-bubanj\/#breadcrumb","itemListElement":[{"@type":"ListItem","position":1,"name":"Start","item":"https:\/\/iwell-guard.com\/hr\/?page_id=149317"},{"@type":"ListItem","position":2,"name":"Sami i finougorska tradicija \u2013 Noaidi i bubanj"}]},{"@type":"WebSite","@id":"https:\/\/iwell-guard.com\/hr\/#website","url":"https:\/\/iwell-guard.com\/hr\/","name":"iWell Guard","description":"Schutz vor dunklen Einfl\u00fcssen","publisher":{"@id":"https:\/\/iwell-guard.com\/hr\/#organization"},"potentialAction":[{"@type":"SearchAction","target":{"@type":"EntryPoint","urlTemplate":"https:\/\/iwell-guard.com\/hr\/?s={search_term_string}"},"query-input":{"@type":"PropertyValueSpecification","valueRequired":true,"valueName":"search_term_string"}}],"inLanguage":"hr"},{"@type":"Organization","@id":"https:\/\/iwell-guard.com\/hr\/#organization","name":"Ittermann electronic GmbH","url":"https:\/\/iwell-guard.com\/hr\/","logo":{"@type":"ImageObject","inLanguage":"hr","@id":"https:\/\/iwell-guard.com\/hr\/#\/schema\/logo\/image\/","url":"https:\/\/iwell-guard.com\/wp-content\/uploads\/2026\/05\/Ittermann-Logo-1182x237-1.png","contentUrl":"https:\/\/iwell-guard.com\/wp-content\/uploads\/2026\/05\/Ittermann-Logo-1182x237-1.png","width":1182,"height":237,"caption":"Ittermann electronic GmbH"},"image":{"@id":"https:\/\/iwell-guard.com\/hr\/#\/schema\/logo\/image\/"},"sameAs":["https:\/\/pantip.com\/profile\/9367242","https:\/\/micro.blog\/iwellguard","https:\/\/www.diggerslist.com\/iwellguard\/about","https:\/\/skitterphoto.com\/photographers\/2870314\/iwell-guard","https:\/\/iwellguard.wordpress.com\/2026\/06\/06\/iwell-guard\/","https:\/\/hub.docker.com\/u\/iwellguard","https:\/\/www.pinterest.com\/iwellguard\/","https:\/\/bit.ly\/m\/iwellguard","https:\/\/entre-vos-mains.alsace.eu\/profiles\/iwellguard\/activity","https:\/\/gravatar.com\/reallybeded8fd34","https:\/\/naijamatta.com\/iwellguard","https:\/\/www.goodreads.com\/iwellguard","https:\/\/profile.hatena.ne.jp\/iwellguard\/","https:\/\/experiment.com\/users\/iwellguard","https:\/\/wakelet.com\/@iWellGuard82270","https:\/\/www.chordie.com\/forum\/profile.php?id=2555664","https:\/\/www.instapaper.com\/p\/17757966","https:\/\/www.mapleprimes.com\/users\/iwellguard","https:\/\/businesslistingplus.com\/profile\/iwell-guard\/","https:\/\/telegra.ph\/iWell-Guard-06-06","https:\/\/pbase.com\/iwellguard\/iwellguard","https:\/\/b.hatena.ne.jp\/iwellguard\/20260607#bookmark-4788405196491818882","https:\/\/fliphtml5.com\/home\/iwellguard","https:\/\/anyflip.com\/homepage\/cmiwl#About","https:\/\/transfur.com\/Users\/iwellguard","http:\/\/delphi.larsbo.org\/user\/iwellguard","https:\/\/jobs.lajobsportal.org\/profiles\/8380803-iwell-guard","https:\/\/md.chaosdorf.de\/s\/jfbe5SBdJD","https:\/\/www.lingvolive.com\/en-us\/profile\/9ecaeaca-ce11-4e51-9e71-01d55e2bff36\/translations","https:\/\/www.fitday.com\/fitness\/forums\/members\/iwellguard.html","https:\/\/www.mymeetbook.com\/iwellguard","https:\/\/pxhere.com\/en\/photographer-me\/5040798","https:\/\/disqus.com\/by\/iwellguard\/about\/","https:\/\/pastelink.net\/hjwciqwq","https:\/\/pubhtml5.com\/homepage\/scjhn\/","https:\/\/www.bitchute.com\/channel\/2O2eOKzNqujT","https:\/\/audiomack.com\/iwellguard"]}]}},"_links":{"self":[{"href":"https:\/\/iwell-guard.com\/hr\/wp-json\/wp\/v2\/pages\/149654","targetHints":{"allow":["GET"]}}],"collection":[{"href":"https:\/\/iwell-guard.com\/hr\/wp-json\/wp\/v2\/pages"}],"about":[{"href":"https:\/\/iwell-guard.com\/hr\/wp-json\/wp\/v2\/types\/page"}],"author":[{"embeddable":true,"href":"https:\/\/iwell-guard.com\/hr\/wp-json\/wp\/v2\/users\/3"}],"replies":[{"embeddable":true,"href":"https:\/\/iwell-guard.com\/hr\/wp-json\/wp\/v2\/comments?post=149654"}],"version-history":[{"count":0,"href":"https:\/\/iwell-guard.com\/hr\/wp-json\/wp\/v2\/pages\/149654\/revisions"}],"wp:featuredmedia":[{"embeddable":true,"href":"https:\/\/iwell-guard.com\/hr\/wp-json\/wp\/v2\/media\/2890"}],"wp:attachment":[{"href":"https:\/\/iwell-guard.com\/hr\/wp-json\/wp\/v2\/media?parent=149654"}],"wp:term":[{"taxonomy":"category","embeddable":true,"href":"https:\/\/iwell-guard.com\/hr\/wp-json\/wp\/v2\/categories?post=149654"}],"curies":[{"name":"wp","href":"https:\/\/api.w.org\/{rel}","templated":true}]}}