{"id":149644,"date":"2026-09-04T05:12:18","date_gmt":"2026-09-04T05:12:18","guid":{"rendered":"https:\/\/iwell-guard.com\/?page_id=149644"},"modified":"2026-09-04T05:28:38","modified_gmt":"2026-09-04T05:28:38","slug":"mezoamericka-mitologija-maje-asteci-olmeci","status":"publish","type":"page","link":"https:\/\/iwell-guard.com\/hr\/mezoamericka-mitologija-maje-asteci-olmeci\/","title":{"rendered":"Mezoameri\u010dka mitologija \u2013 Maje, Asteci, Olmeci"},"content":{"rendered":"\t\t<div data-elementor-type=\"wp-page\" data-elementor-id=\"149644\" class=\"elementor elementor-149644 elementor-2557 elementor-bc-flex-widget\" data-elementor-post-type=\"page\">\n\t\t\t\t<div class=\"elementor-element elementor-element-iwgcn-mythologie-hero iwg-kultur-hero e-flex e-con-boxed e-con e-parent\" data-id=\"iwgcn-mythologie-hero\" data-element_type=\"container\" data-e-type=\"container\">\n\t\t\t\t\t<div class=\"e-con-inner\">\n\t\t<div class=\"elementor-element elementor-element-iwgcn-mythologie-hl iwg-kultur-hero-left e-flex e-con-boxed e-con e-child\" data-id=\"iwgcn-mythologie-hl\" data-element_type=\"container\" data-e-type=\"container\">\n\t\t\t\t\t<div class=\"e-con-inner\">\n\t\t\t\t<div class=\"elementor-element elementor-element-iwgcn-mythologie-h1 elementor-widget elementor-widget-heading\" data-id=\"iwgcn-mythologie-h1\" data-element_type=\"widget\" data-e-type=\"widget\" data-widget_type=\"heading.default\">\n\t\t\t\t\t<h1 class=\"elementor-heading-title elementor-size-default\">Mezoamerika, mitologija Olmeka, Maja i Asteka<\/h1>\t\t\t\t<\/div>\n\t\t<div class=\"elementor-element elementor-element-iwgcn-mythologie-leadc e-con-full e-flex e-con e-child\" data-id=\"iwgcn-mythologie-leadc\" data-element_type=\"container\" data-e-type=\"container\">\n\t\t\t\t<div class=\"elementor-element elementor-element-iwgcn-mythologie-lead elementor-widget elementor-widget-text-editor\" data-id=\"iwgcn-mythologie-lead\" data-element_type=\"widget\" data-e-type=\"widget\" data-widget_type=\"text-editor.default\">\n\t\t\t\t\t\t\t\t\t<p>Mezoameri\u010dke visoke kulture, Olmeci (oko 1500. do 400. pr. n. e.), Maje (klasi\u010dna faza 250. do 900. n. e.), Tolteci, Asteci (14. do 16. stolje\u0107e), razvile su religijske sustave iznimne slo\u017eenosti. Unato\u010d zemljopisnoj odvojenosti od Eurazije, dijele strukturna obilje\u017eja s drugim visokim religijama: slojevit <span class=\"iwg-fachbegriff\" data-tooltip=\"Ukupnost bogova neke religije ili kulture.\" tabindex=\"0\">panteon<\/span>, mitove o postanku, kalendarske obrede, \u017ertvenu praksu i prenosive za\u0161titne predmete.<\/p><p>Ovdje se u pregledu prikazuje <span class=\"iwg-fachbegriff\" data-tooltip=\"Ukupnost prenesenih pripovijesti o bogovima neke kulture.\" tabindex=\"0\">mitologija<\/span> Mezoamerike i njezina praksa za\u0161tite.<\/p>\t\t\t\t\t\t\t\t<\/div>\n\t\t\t\t<\/div>\n\t\t\t\t\t<\/div>\n\t\t\t\t<\/div>\n\t\t<div class=\"elementor-element elementor-element-iwgcn-mythologie-hr iwg-kultur-hero-right e-flex e-con-boxed e-con e-child\" data-id=\"iwgcn-mythologie-hr\" data-element_type=\"container\" data-e-type=\"container\">\n\t\t\t\t\t<div class=\"e-con-inner\">\n\t\t\t\t<div class=\"elementor-element elementor-element-iwgcn-mythologie-himg iwg-hero-image elementor-widget elementor-widget-image\" data-id=\"iwgcn-mythologie-himg\" data-element_type=\"widget\" data-e-type=\"widget\" data-widget_type=\"image.default\">\n\t\t\t\t\t\t\t\t\t\t\t\t\t\t\t<img fetchpriority=\"high\" decoding=\"async\" width=\"683\" height=\"1024\" src=\"https:\/\/iwell-guard.com\/wp-content\/uploads\/2026\/05\/goetter_mythologie-mesoamerika_quetzalcoatl-683x1024.webp\" class=\"attachment-large size-large wp-image-151495\" alt=\"Quetzalcoatl - bogovi iz tradicije mitologije Mezoamerike, povijesno-ilustrativno\" srcset=\"https:\/\/iwell-guard.com\/wp-content\/uploads\/2026\/05\/goetter_mythologie-mesoamerika_quetzalcoatl-683x1024.webp 683w, https:\/\/iwell-guard.com\/wp-content\/uploads\/2026\/05\/goetter_mythologie-mesoamerika_quetzalcoatl-200x300.webp 200w, https:\/\/iwell-guard.com\/wp-content\/uploads\/2026\/05\/goetter_mythologie-mesoamerika_quetzalcoatl-768x1152.webp 768w, https:\/\/iwell-guard.com\/wp-content\/uploads\/2026\/05\/goetter_mythologie-mesoamerika_quetzalcoatl.webp 1024w\" sizes=\"(max-width: 683px) 100vw, 683px\" \/>\t\t\t\t\t\t\t\t\t\t\t\t\t\t\t<\/div>\n\t\t\t\t\t<\/div>\n\t\t\t\t<\/div>\n\t\t\t\t\t<\/div>\n\t\t\t\t<\/div>\n\t\t<div class=\"elementor-element elementor-element-iwgcn-mythologie-s0 e-flex e-con-boxed e-con e-parent\" data-id=\"iwgcn-mythologie-s0\" data-element_type=\"container\" data-e-type=\"container\">\n\t\t\t\t\t<div class=\"e-con-inner\">\n\t\t\t\t<div class=\"elementor-element elementor-element-iwgcn-mythologie-s0h elementor-widget elementor-widget-heading\" data-id=\"iwgcn-mythologie-s0h\" data-element_type=\"widget\" data-e-type=\"widget\" data-widget_type=\"heading.default\">\n\t\t\t\t\t<h2 class=\"elementor-heading-title elementor-size-default\">Olmeci, maj\u010dinska kultura<\/h2>\t\t\t\t<\/div>\n\t\t<div class=\"elementor-element elementor-element-iwgcn-mythologie-s0-c e-con-full e-flex e-con e-child\" data-id=\"iwgcn-mythologie-s0-c\" data-element_type=\"container\" data-e-type=\"container\">\n\t\t\t\t<div class=\"elementor-element elementor-element-iwgcn-mythologie-s0t elementor-widget elementor-widget-text-editor\" data-id=\"iwgcn-mythologie-s0t\" data-element_type=\"widget\" data-e-type=\"widget\" data-widget_type=\"text-editor.default\">\n\t\t\t\t\t\t\t\t\t<p>Olmeci u ju\u017enom Veracruzu i Tabascu (oko 1500. do 400. pr. n. e.) smatraju se \u201emaj\u010dinskom kulturom\u201c Mezoamerike. Njihove kolosalne bazaltne glave, ikonografija jaguar-\u0161amana i prvi pristupi kalendarskoj i pismenoj notaciji obilje\u017eili su sve kasnije kulture.<\/p><p>Religijskoznanstveno je olme\u010dka religija dostupna samo ikonografski; sredi\u0161nje figure bogova, poput \u010dovjeka-jaguara, perjane zmije kao rane prete\u010de Quetzalcoatla i lika ki\u0161e, kasnije se strukturno vra\u0107aju.<\/p>\t\t\t\t\t\t\t\t<\/div>\n\t\t\t\t<\/div>\n\t\t\t\t\t<\/div>\n\t\t\t\t<\/div>\n\t\t<div class=\"elementor-element elementor-element-iwgcn-mythologie-s1 e-flex e-con-boxed e-con e-parent\" data-id=\"iwgcn-mythologie-s1\" data-element_type=\"container\" data-e-type=\"container\">\n\t\t\t\t\t<div class=\"e-con-inner\">\n\t\t\t\t<div class=\"elementor-element elementor-element-iwgcn-mythologie-s1h elementor-widget elementor-widget-heading\" data-id=\"iwgcn-mythologie-s1h\" data-element_type=\"widget\" data-e-type=\"widget\" data-widget_type=\"heading.default\">\n\t\t\t\t\t<h2 class=\"elementor-heading-title elementor-size-default\">Maje, panteon i postanak<\/h2>\t\t\t\t<\/div>\n\t\t<div class=\"elementor-element elementor-element-iwgcn-mythologie-s1-c e-con-full e-flex e-con e-child\" data-id=\"iwgcn-mythologie-s1-c\" data-element_type=\"container\" data-e-type=\"container\">\n\t\t\t\t<div class=\"elementor-element elementor-element-iwgcn-mythologie-s1t elementor-widget elementor-widget-text-editor\" data-id=\"iwgcn-mythologie-s1t\" data-element_type=\"widget\" data-e-type=\"widget\" data-widget_type=\"text-editor.default\">\n\t\t\t\t\t\t\t\t\t<p>Maje poznaju slojevit <span class=\"iwg-fachbegriff\" data-tooltip=\"Ukupnost bogova neke religije ili kulture.\" tabindex=\"0\">panteon<\/span>: Itzamnu kao starog stvoritelja i boga pisma, Kukulkana (perjanu zmiju, paralelno s Quetzalcoatlom) kao kosmi\u010dkog posrednika, Chaca kao boga ki\u0161e u \u010detiri manifestacije prema stranama svijeta, Ah Pucha kao boga podzemnog svijeta te Ix Chel kao boginju Mjeseca i iscjeljivanja.<\/p><p>Popol Vuh, sveta knjiga Maja Quich\u00e9 (16. stolje\u0107e, ali temeljena na starijim predajama), prenosi \u010detverostruko stvaranje i mit o junacima, blizancima Hunahpuu i Xbalanqueu, koji silaze u podzemni svijet Xibalba i pobje\u0111uju, kozmolo\u0161ku parabolu o pobjedi svjetla.<\/p>\t\t\t\t\t\t\t\t<\/div>\n\t\t\t\t<\/div>\n\t\t\t\t\t<\/div>\n\t\t\t\t<\/div>\n\t\t<div class=\"elementor-element elementor-element-iwgcn-mythologie-s2 e-flex e-con-boxed e-con e-parent\" data-id=\"iwgcn-mythologie-s2\" data-element_type=\"container\" data-e-type=\"container\">\n\t\t\t\t\t<div class=\"e-con-inner\">\n\t\t\t\t<div class=\"elementor-element elementor-element-iwgcn-mythologie-s2h elementor-widget elementor-widget-heading\" data-id=\"iwgcn-mythologie-s2h\" data-element_type=\"widget\" data-e-type=\"widget\" data-widget_type=\"heading.default\">\n\t\t\t\t\t<h2 class=\"elementor-heading-title elementor-size-default\">Asteci, religija Mexica i \u017ertvena praksa<\/h2>\t\t\t\t<\/div>\n\t\t<div class=\"elementor-element elementor-element-iwgcn-mythologie-s2-c e-con-full e-flex e-con e-child\" data-id=\"iwgcn-mythologie-s2-c\" data-element_type=\"container\" data-e-type=\"container\">\n\t\t\t\t<div class=\"elementor-element elementor-element-iwgcn-mythologie-s2t elementor-widget elementor-widget-text-editor\" data-id=\"iwgcn-mythologie-s2t\" data-element_type=\"widget\" data-e-type=\"widget\" data-widget_type=\"text-editor.default\">\n\t\t\t\t\t\t\t\t\t<p>Asteci (Mexica) svoju su religiju shva\u0107ali kao sudjelovanje u kosmi\u010dkoj drami odr\u017eanja: da bi Sunce mogao izlaziti, bog Sunca Huitzilopochtli trebao je krv i srca.<\/p><p>Quetzalcoatl se paralelno javlja kao kulturni junak i stvoritelj, Tezcatlipoca (dime\u0107e zrcalo) kao protivnik i bog sudbine, Tlaloc kao bog ki\u0161e i planina, Mictlantecuhtli kao vladar podzemnog svijeta. Coatlicue je majka Zemlja, Tonatiuh personificirano Sunce. Tonalpohualli (obredni kalendar od 260 dana) i xiuhpohualli (solarni kalendar od 365 dana) strukturirali su tijek godine; njihova kombinacija davala je ciklus od 52 godine.<\/p>\t\t\t\t\t\t\t\t<\/div>\n\t\t\t\t<\/div>\n\t\t\t\t\t<\/div>\n\t\t\t\t<\/div>\n\t\t<div class=\"elementor-element elementor-element-iwgcn-mythologie-s3 e-flex e-con-boxed e-con e-parent\" data-id=\"iwgcn-mythologie-s3\" data-element_type=\"container\" data-e-type=\"container\">\n\t\t\t\t\t<div class=\"e-con-inner\">\n\t\t\t\t<div class=\"elementor-element elementor-element-iwgcn-mythologie-s3h elementor-widget elementor-widget-heading\" data-id=\"iwgcn-mythologie-s3h\" data-element_type=\"widget\" data-e-type=\"widget\" data-widget_type=\"heading.default\">\n\t\t\t\t\t<h2 class=\"elementor-heading-title elementor-size-default\">Kozmologija i svjetska doba<\/h2>\t\t\t\t<\/div>\n\t\t<div class=\"elementor-element elementor-element-iwgcn-mythologie-s3-c e-con-full e-flex e-con e-child\" data-id=\"iwgcn-mythologie-s3-c\" data-element_type=\"container\" data-e-type=\"container\">\n\t\t\t\t<div class=\"elementor-element elementor-element-iwgcn-mythologie-s3t elementor-widget elementor-widget-text-editor\" data-id=\"iwgcn-mythologie-s3t\" data-element_type=\"widget\" data-e-type=\"widget\" data-widget_type=\"text-editor.default\">\n\t\t\t\t\t\t\t\t\t<p>Aste\u010dka <span class=\"iwg-fachbegriff\" data-tooltip=\"Predod\u017eba o ustroju i poretku svijeta unutar neke kulture.\" tabindex=\"0\">kozmologija<\/span> poznaje pet svjetskih doba (Sunaca): \u010detiri pro\u0161la Sunca koja su okon\u010dana vodom, vatrom, vjetrom ili jaguarima, i peto Sunce, na\u0161a sada\u0161njost, koje \u0107e okon\u010dati zemljotres.<\/p><p>Vertikalno slojevit svijet obuhva\u0107a trinaest nebesa i devet podzemnih svjetova. Kod Maja se nalaze sli\u010dne strukture: trinaest nebesa, devet podzemnih svjetova, svjetsko stablo ceiba u sredi\u0161tu. Ovi koncepti obilje\u017eavaju smje\u0161taj bogova i za\u0161titnih bi\u0107a.<\/p>\t\t\t\t\t\t\t\t<\/div>\n\t\t\t\t<\/div>\n\t\t\t\t\t<\/div>\n\t\t\t\t<\/div>\n\t\t<div class=\"elementor-element elementor-element-iwgcn-mythologie-s4 e-flex e-con-boxed e-con e-parent\" data-id=\"iwgcn-mythologie-s4\" data-element_type=\"container\" data-e-type=\"container\">\n\t\t\t\t\t<div class=\"e-con-inner\">\n\t\t\t\t<div class=\"elementor-element elementor-element-iwgcn-mythologie-s4h elementor-widget elementor-widget-heading\" data-id=\"iwgcn-mythologie-s4h\" data-element_type=\"widget\" data-e-type=\"widget\" data-widget_type=\"heading.default\">\n\t\t\t\t\t<h2 class=\"elementor-heading-title elementor-size-default\">Za\u0161titni predmeti i materijalna kultura<\/h2>\t\t\t\t<\/div>\n\t\t<div class=\"elementor-element elementor-element-iwgcn-mythologie-s4-c e-con-full e-flex e-con e-child\" data-id=\"iwgcn-mythologie-s4-c\" data-element_type=\"container\" data-e-type=\"container\">\n\t\t\t\t<div class=\"elementor-element elementor-element-iwgcn-mythologie-s4t elementor-widget elementor-widget-text-editor\" data-id=\"iwgcn-mythologie-s4t\" data-element_type=\"widget\" data-e-type=\"widget\" data-widget_type=\"text-editor.default\">\n\t\t\t\t\t\t\t\t\t<p>Prenosivi za\u0161titni predmeti ovog podru\u010dja izra\u0111ivani su od \u017eada, obsidijana, tirkiza, brdskog kristala, perja i keramike. \u017dad se, sli\u010dno kao u kineskoj tradiciji, smatrao najvrjednijim materijalom, s kozmolo\u0161kom funkcijom vezanom za zagrobni svijet.<\/p><p>Privjesci od \u017eada u obliku bo\u017eanskih lica polagani su uz pokojnike. Perjana kruna (penacho), nakit s tirkiznim mozaikom i oslikavanje kod ceremonijalnih nositelja obilje\u017eavali su status i zahtjev za za\u0161titom. \u010ca\u0161e za pulque i posude za tamjan (copal) bile su prenosivi obredni predmeti.<\/p>\t\t\t\t\t\t\t\t<\/div>\n\t\t\t\t<\/div>\n\t\t\t\t\t<\/div>\n\t\t\t\t<\/div>\n\t\t<div class=\"elementor-element elementor-element-iwgcn-mythologie-s5 e-flex e-con-boxed e-con e-parent\" data-id=\"iwgcn-mythologie-s5\" data-element_type=\"container\" data-e-type=\"container\">\n\t\t\t\t\t<div class=\"e-con-inner\">\n\t\t\t\t<div class=\"elementor-element elementor-element-iwgcn-mythologie-s5h elementor-widget elementor-widget-heading\" data-id=\"iwgcn-mythologie-s5h\" data-element_type=\"widget\" data-e-type=\"widget\" data-widget_type=\"heading.default\">\n\t\t\t\t\t<h2 class=\"elementor-heading-title elementor-size-default\">Kalendar, kodeksi i pismo<\/h2>\t\t\t\t<\/div>\n\t\t<div class=\"elementor-element elementor-element-iwgcn-mythologie-s5-c e-con-full e-flex e-con e-child\" data-id=\"iwgcn-mythologie-s5-c\" data-element_type=\"container\" data-e-type=\"container\">\n\t\t\t\t<div class=\"elementor-element elementor-element-iwgcn-mythologie-s5t elementor-widget elementor-widget-text-editor\" data-id=\"iwgcn-mythologie-s5t\" data-element_type=\"widget\" data-e-type=\"widget\" data-widget_type=\"text-editor.default\">\n\t\t\t\t\t\t\t\t\t<p>Maje su razvili logografski pismovni sustav s vi\u0161e od 800 glifova, koji je uglavnom de\u0161ifriran tek u 20. stolje\u0107u (Tatiana Proskouriakoff, Yuri Knorosow, David Stuart). Sa\u010duvani kodeksi: Dresdensis, Madrid, Paris, Grolier. Kod Asteka su Boturinijev kodeks, Mendozin kodeks i skupina Borgia va\u017eni izvori, dopunjeni \u0161panjolskim kronikama (Sahag\u00fan, Dur\u00e1n, Motolin\u00eda). Podaci Calendar Round omogu\u0107uju precizno povijesno datiranje.<\/p>\t\t\t\t\t\t\t\t<\/div>\n\t\t\t\t<\/div>\n\t\t\t\t\t<\/div>\n\t\t\t\t<\/div>\n\t\t<div class=\"elementor-element elementor-element-iwgcn-mythologie-s6 e-flex e-con-boxed e-con e-parent\" data-id=\"iwgcn-mythologie-s6\" data-element_type=\"container\" data-e-type=\"container\">\n\t\t\t\t\t<div class=\"e-con-inner\">\n\t\t\t\t<div class=\"elementor-element elementor-element-iwgcn-mythologie-s6h elementor-widget elementor-widget-heading\" data-id=\"iwgcn-mythologie-s6h\" data-element_type=\"widget\" data-e-type=\"widget\" data-widget_type=\"heading.default\">\n\t\t\t\t\t<h2 class=\"elementor-heading-title elementor-size-default\">Dana\u0161nje zna\u010denje i istra\u017eivanje<\/h2>\t\t\t\t<\/div>\n\t\t<div class=\"elementor-element elementor-element-iwgcn-mythologie-s6-c e-con-full e-flex e-con e-child\" data-id=\"iwgcn-mythologie-s6-c\" data-element_type=\"container\" data-e-type=\"container\">\n\t\t\t\t<div class=\"elementor-element elementor-element-iwgcn-mythologie-s6t elementor-widget elementor-widget-text-editor\" data-id=\"iwgcn-mythologie-s6t\" data-element_type=\"widget\" data-e-type=\"widget\" data-widget_type=\"text-editor.default\">\n\t\t\t\t\t\t\t\t\t<p>Jezike Maja danas jo\u0161 govori milijuni ljudi u Meksiku (Yucat\u00e1n, Chiapas), Gvatemali i Belizeu. Aste\u010dki potomci (Nahua) \u017eive u srednjem Meksiku. Religijskoznanstveno istra\u017eivanje: David Carrasco, Karl Taube, Susan Gillespie, Michael Coe, Mary Miller. Aktualni pokreti indigenizma revitaliziraju dijelove predkolonijalnih tradicija.<\/p>\t\t\t\t\t\t\t\t<\/div>\n\t\t\t\t<\/div>\n\t\t\t\t\t<\/div>\n\t\t\t\t<\/div>\n\t\t<div class=\"elementor-element elementor-element-cp27acb7c1 e-flex e-con-boxed e-con e-parent\" data-id=\"cp27acb7c1\" data-element_type=\"container\" data-e-type=\"container\">\n\t\t\t\t\t<div class=\"e-con-inner\">\n\t\t\t\t<div class=\"elementor-element elementor-element-cp216b408e elementor-widget elementor-widget-heading\" data-id=\"cp216b408e\" data-element_type=\"widget\" data-e-type=\"widget\" data-widget_type=\"heading.default\">\n\t\t\t\t\t<h2 class=\"elementor-heading-title elementor-size-default\">Kulture Mezoamerike u pregledu<\/h2>\t\t\t\t<\/div>\n\t\t<div class=\"elementor-element elementor-element-cp264d1f5c e-flex e-con-boxed e-con e-child\" data-id=\"cp264d1f5c\" data-element_type=\"container\" data-e-type=\"container\">\n\t\t\t\t\t<div class=\"e-con-inner\">\n\t\t\t\t<div class=\"elementor-element elementor-element-cp2432086c elementor-widget elementor-widget-text-editor\" data-id=\"cp2432086c\" data-element_type=\"widget\" data-e-type=\"widget\" data-widget_type=\"text-editor.default\">\n\t\t\t\t\t\t\t\t\t<p>Mezoamerika je naziv za kulturni prostor koji obuhva\u0107a pribli\u017eno srednji i ju\u017eni Meksiko, kao i dijelove Gvatemale, Belizea, Hondurasa i El Salvadora. Tijekom nekoliko tisu\u0107lje\u0107a tamo su se razvile razli\u010dite kulture koje su razmjenjivale religijske predod\u017ebe, kalendarske sustave i slikovni jezik, a nikada nisu bile politi\u010dki ujedinjene. Uop\u0107ena pri\u010da o mezoameri\u010dkoj religiji zamagljuje znatne regionalne i vremenske razlike.<\/p><p>Rano su presudan utjecaj imali Olmeci na obali Meksi\u010dkog zaljeva, \u010diji su se slikovni motivi po\u010deli \u0161iriti otprilike od drugog tisu\u0107lje\u0107a prije na\u0161e ere.<\/p><p>U sljede\u0107im stolje\u0107ima nastale su nizinske kulture Maja, visoravanska metropola Teotihuacan, Zapoteci u Oaxaci te kultura Monte Alb\u00e1na. Potom su slijedili Tolteci i naposljetku, u kasnoj fazi prije \u0161panjolskog osvajanja, Mexica, koje se u starijoj literaturi obi\u010dno nazivaju Aztecima.<\/p><p>Te su kulture imale zajedni\u010dke temeljne osobine, kao dvostruki kalendarski sustav, stepenaste piramide, terene za loptu i predod\u017ebu o ponavljaju\u0107im svjetskim razdobljima. Istodobno su imale svoje jezike, svoje hijerarhije bogova i vlastita te\u017ei\u0161ta. Maje su, na primjer, razvile potpuno izgra\u0111eno pismo, dok su za azte\u010dki Meksiko sa\u010duvani prije svega slikovni rukopisi.<\/p><p>Znanost obi\u010dno razlikuje prijeklasi\u010dno, klasi\u010dno i poklasi\u010dno razdoblje. Va\u017eno je napomenuti da propast klasi\u010dnih majanskih gradova oko 9. stolje\u0107a nije bio kraj majanske kulture. Zajednice Maja postoje i danas. Srodne teme obra\u0111uju stranice <a href=\"https:\/\/iwell-guard.com\/hr\/?page_id=149645\">Ande i Inke<\/a> te pojedina\u010dne stranice o bi\u0107ima ovog kulturnog prostora.<\/p>\t\t\t\t\t\t\t\t<\/div>\n\t\t\t\t\t<\/div>\n\t\t\t\t<\/div>\n\t\t\t\t\t<\/div>\n\t\t\t\t<\/div>\n\t\t<div class=\"elementor-element elementor-element-cp2e78a2c4 e-flex e-con-boxed e-con e-parent\" data-id=\"cp2e78a2c4\" data-element_type=\"container\" data-e-type=\"container\">\n\t\t\t\t\t<div class=\"e-con-inner\">\n\t\t\t\t<div class=\"elementor-element elementor-element-cp2be7af02 elementor-widget elementor-widget-heading\" data-id=\"cp2be7af02\" data-element_type=\"widget\" data-e-type=\"widget\" data-widget_type=\"heading.default\">\n\t\t\t\t\t<h2 class=\"elementor-heading-title elementor-size-default\">Vrijeme, kalendar i slika svijeta<\/h2>\t\t\t\t<\/div>\n\t\t<div class=\"elementor-element elementor-element-cp2b9f2994 e-flex e-con-boxed e-con e-child\" data-id=\"cp2b9f2994\" data-element_type=\"container\" data-e-type=\"container\">\n\t\t\t\t\t<div class=\"e-con-inner\">\n\t\t\t\t<div class=\"elementor-element elementor-element-cp217ea40c elementor-widget elementor-widget-text-editor\" data-id=\"cp217ea40c\" data-element_type=\"widget\" data-e-type=\"widget\" data-widget_type=\"text-editor.default\">\n\t\t\t\t\t\t\t\t\t<p>U sredi\u0161tu mezoameri\u010dkih religija stoji visoko razvijeno poimanje vremena. Bio je ra\u0161iren ritualni ciklus od 260 dana, kod Maja zvan <em>tzolkin<\/em>, kod Mexica <em>tonalpohualli<\/em>, koji se kombinirao sa solarnom godinom od 365 dana.<\/p><p>Oba ciklusa isprepletala su se i vra\u0107ala u isti polo\u017eaj tek nakon 52 godine. Kraj takvog 52-godi\u0161njeg razdoblja smatran je kriti\u010dnim trenutkom koji su Mexica svladavali u <span class=\"iwg-fachbegriff\" data-tooltip=\"Ure\u0111en slijed simboli\u010dnih radnji s religijskim ili kulturnim zna\u010denjem.\" tabindex=\"0\">ritualu<\/span> Novog ognja.<\/p><p>Maje su razvile i tzv. Dugo brojenje, kojim su mogle kontinuirano ozna\u010davati dane od mitskog po\u010detnog datuma. Time su se povijesni doga\u0111aji i mitska prapovijesna zbivanja mogli precizno datirati. Ta ra\u010dunska umjetnost pokazuje koliko su kalendar, matematika, astronomija i religija bili me\u0111usobno povezani.<\/p><p>Vrijeme se nije zami\u0161ljalo kao ravnomjeran tok, nego kao slijed svjetskih razdoblja, od kojih svako zavr\u0161ava katastrofom. Azte\u010dki <span class=\"iwg-fachbegriff\" data-tooltip=\"Predaja o bogovima, podrijetlu i poretku svijeta.\" tabindex=\"0\">mit<\/span> o pet Sunaca govori o nekoliko ranijih svjetova koji su uni\u0161teni vodom, vjetrom, vatrom ili grabe\u017eljivim \u017eivotinjama. Sada\u0161nji svijet je prema tome nestabilan i ovisi o ritualnoj podupori.<\/p><p>Prostor je bio strukturiran koliko i vrijeme. Bila je ra\u0161irena predod\u017eba o svijetu s \u010detiri strane svijeta i sredi\u0161tem, svaka povezana s vlastitim bojama, stablima i bo\u017eanskim nositeljima.<\/p><p>Iznad zemlje nalazilo se nekoliko nebeskih razina, me\u0111u njima i stupnjevi podzemnog svijeta, kod Maja nazvanog <em>Xibalba<\/em>, koji je op\u0161irno opisan u kozmogonijskom tekstu <em>Popol Vuh<\/em>. Taj vertikalni i horizontalni poredak davao je kozmosu njegov oblik.<\/p>\t\t\t\t\t\t\t\t<\/div>\n\t\t\t\t\t<\/div>\n\t\t\t\t<\/div>\n\t\t\t\t\t<\/div>\n\t\t\t\t<\/div>\n\t\t<div class=\"elementor-element elementor-element-cp21ed1f2c e-flex e-con-boxed e-con e-parent\" data-id=\"cp21ed1f2c\" data-element_type=\"container\" data-e-type=\"container\">\n\t\t\t\t\t<div class=\"e-con-inner\">\n\t\t\t\t<div class=\"elementor-element elementor-element-cp2691682b elementor-widget elementor-widget-heading\" data-id=\"cp2691682b\" data-element_type=\"widget\" data-e-type=\"widget\" data-widget_type=\"heading.default\">\n\t\t\t\t\t<h2 class=\"elementor-heading-title elementor-size-default\">Pismo, slikovni rukopisi i predaja<\/h2>\t\t\t\t<\/div>\n\t\t<div class=\"elementor-element elementor-element-cp246cadee e-flex e-con-boxed e-con e-child\" data-id=\"cp246cadee\" data-element_type=\"container\" data-e-type=\"container\">\n\t\t\t\t\t<div class=\"e-con-inner\">\n\t\t\t\t<div class=\"elementor-element elementor-element-cp262c2722 elementor-widget elementor-widget-text-editor\" data-id=\"cp262c2722\" data-element_type=\"widget\" data-e-type=\"widget\" data-widget_type=\"text-editor.default\">\n\t\t\t\t\t\t\t\t\t<p><span class=\"iwg-fachbegriff\" data-tooltip=\"Preno\u0161enje znanja i pri\u010da kroz generacije.\" tabindex=\"0\">Predaja<\/span> mezoameri\u010dke religije oslanja se na veoma raznolike izvore. Maje su imale pismo od logograma i slogovnih znakova, koje je bilje\u017eeno na kamenim spomenicima, keramici i u knjigama u obliku harmonike.<\/p><p>Od tih knjiga vjerski progoni i spaljivanje knjiga u kolonijalno doba ostavili su tek nekoliko, me\u0111u njima Drezdenski, Madridski i Pari\u0161ki majanski kodeks, koji sadr\u017ee prije svega astronomske i ritualne sadr\u017eaje.<\/p><p>De\u0161ifriranje majanskog pisma bio je dug proc\u00e8s. Prekretnicu je 1950-ih donio ruski istra\u017eiva\u010d Jurij Knorozov, koji je prepoznao slogovni karakter pisma, unato\u010d otporu vode\u0107ih majanologa svojega doba.<\/p><p>Kasniji radovi, primjerice Tatiane Proskouriakoff o povijesnom \u010ditanju natpisa, razjasnili su da tekstovi opisuju stvarnu povijest vladara, a ne samo <span class=\"iwg-fachbegriff\" data-tooltip=\"Predaja o bogovima, podrijetlu i poretku svijeta.\" tabindex=\"0\">mitove<\/span> i kalendar.<\/p><p>Za sredi\u0161nji Meksiko, s druge strane, sa\u010duvano je tek malo pred\u0161panskih knjiga. Sa\u010duvani su prije svega slikovni rukopisi, koji su nastali djelomi\u010dno u pred\u0161panskom, djelomi\u010dno u ranom kolonijalnom razdoblju, primjerice Codex Borgia ili Codex Borbonicus. Oni koriste standardizirane slikovne znakove koje je obu\u010deni promatra\u010d mogao \u010ditati.<\/p><p>Posebnu vrstu izvora predstavljaju kolonijalni zapisi. Franjevac Bernardino de Sahag\u00fan u 16. stolje\u0107u je sa doma\u0107im suradnicima sastavio opse\u017ean <em>Codex Florentinus<\/em> na nahuatlu i \u0161panjolskom.<\/p><p>Takva djela su nezamjenjiva, ali se moraju \u010ditati kriti\u010dki, jer su nastala iz misionarskog interesa i materijal ure\u0111uju kroz \u0161panjolsku prizmu. Znanost zato kombinira <span class=\"iwg-fachbegriff\" data-tooltip=\"Znanost koja istra\u017euje pro\u0161le kulture na temelju materijalnih nalaza.\" tabindex=\"0\">arheologiju<\/span>, slikovne izvore, de\u0161ifrirane natpise i kolonijalne tekstove te je svjesna postoje\u0107ih praznina.<\/p>\t\t\t\t\t\t\t\t<\/div>\n\t\t\t\t\t<\/div>\n\t\t\t\t<\/div>\n\t\t\t\t\t<\/div>\n\t\t\t\t<\/div>\n\t\t<div class=\"elementor-element elementor-element-cp26e81dae e-flex e-con-boxed e-con e-parent\" data-id=\"cp26e81dae\" data-element_type=\"container\" data-e-type=\"container\">\n\t\t\t\t\t<div class=\"e-con-inner\">\n\t\t\t\t<div class=\"elementor-element elementor-element-cp28f4a656 elementor-widget elementor-widget-heading\" data-id=\"cp28f4a656\" data-element_type=\"widget\" data-e-type=\"widget\" data-widget_type=\"heading.default\">\n\t\t\t\t\t<h2 class=\"elementor-heading-title elementor-size-default\">Doma\u0107a sada\u0161njost i nastavak tradicije<\/h2>\t\t\t\t<\/div>\n\t\t<div class=\"elementor-element elementor-element-cp29e7d3b7 e-flex e-con-boxed e-con e-child\" data-id=\"cp29e7d3b7\" data-element_type=\"container\" data-e-type=\"container\">\n\t\t\t\t\t<div class=\"e-con-inner\">\n\t\t\t\t<div class=\"elementor-element elementor-element-cp2440cd0b elementor-widget elementor-widget-text-editor\" data-id=\"cp2440cd0b\" data-element_type=\"widget\" data-e-type=\"widget\" data-widget_type=\"text-editor.default\">\n\t\t\t\t\t\t\t\t\t<p>\u0160panjolsko osvajanje okon\u010dalo je velike pred\u0161panjolske dr\u017eave, ali ne i autohtona dru\u0161tva Mezoamerike. Do danas milijuni ljudi govore majanske jezike, nahuatl, zapote\u010dki, mikste\u0161ki i druge autohtone jezike. Njihova je vjerska praksa naj\u010de\u0161\u0107e spoj katoli\u010dkih oblika i starijih predod\u017ebi, koji se od regije do regije uvelike razlikuje.<\/p><p>U mnogim majanskim zajednicama Gvatemale i meksi\u010dke visoravni Chiapas postoje slu\u017ebe i bratstva koja organiziraju svetkovine svetaca, poljske obrede i obrede \u017eivotnog ciklusa. Stru\u010dnjaci, \u010desto nazivani poznavateljima dana, i dalje koriste kalendar od 260 dana te ga primjenjuju za <span class=\"iwg-fachbegriff\" data-tooltip=\"Zbirni pojam za prakse kojima se istra\u017euje bo\u017eja volja.\" tabindex=\"0\">divinaciju<\/span> i lije\u010denje. Takve tradicije nisu muzejsko sje\u0107anje, nego dio \u017eive, promjenjive svakodnevice.<\/p><p>Od kasnog 20. stolje\u0107a postoje i pokreti kulturnog ponovnog prisvajanja. Majanske organizacije u Gvatemali nakon okon\u010danja tamo\u0161njeg gra\u0111anskog rata bave se njegovanjem jezika, prou\u010davanjem kalendara i brigom o svetim mjestima. U Meksiku se autohtoni aktivisti povezuju s borbama oko zemlje, autonomije i priznanja. Ti su pokreti jednako politi\u010dki koliko i vjerski nabijeni.<\/p><p>Istodobno pred\u0161panjolsku ba\u0161tinu prisvajaju i akteri koji sami ne potje\u010du iz autohtonih zajednica, primjerice u nacionalnom mitu, turizmu i ezoteri\u010dnoj sceni. Medijska pomama oko navodnog kraja majanskog kalendara 2012. godine pokazala je koliko sna\u017eno moderne projekcije mogu oblikovati tu sliku.<\/p><p><span class=\"iwg-fachbegriff\" data-tooltip=\"Znanost koja religije istra\u017euje usporedno i bez vjerske pristranosti.\" tabindex=\"0\">Religiologija<\/span> stoga pomno razlikuje povijesne tradicije, dana\u0161nju autohtonu praksu i njezino prisvajanje od strane vanjskih aktera, ne mije\u0161aju\u0107i jednu razinu s drugom.<\/p>\t\t\t\t\t\t\t\t<\/div>\n\t\t\t\t\t<\/div>\n\t\t\t\t<\/div>\n\t\t\t\t\t<\/div>\n\t\t\t\t<\/div>\n\t\t<div class=\"elementor-element elementor-element-iwgcn-mythologie-kwd e-flex e-con-boxed e-con e-parent\" data-id=\"iwgcn-mythologie-kwd\" data-element_type=\"container\" data-e-type=\"container\">\n\t\t\t\t\t<div class=\"e-con-inner\">\n\t\t<div class=\"elementor-element elementor-element-iwgcn-mythologie-kwd-c e-con-full e-flex e-con e-child\" data-id=\"iwgcn-mythologie-kwd-c\" data-element_type=\"container\" data-e-type=\"container\">\n\t\t\t\t<div class=\"elementor-element elementor-element-iwgcn-mythologie-kwdt elementor-widget elementor-widget-text-editor\" data-id=\"iwgcn-mythologie-kwdt\" data-element_type=\"widget\" data-e-type=\"widget\" data-widget_type=\"text-editor.default\">\n\t\t\t\t\t\t\t\t\t<p><em>Srodni klju\u010dni pojmovi: Quetzalcoatl Tezcatlipoca Huitzilopochtli Tlaloc Itzamna Kukulkan Olmek Tikal Tenochtitlan Popol Vuh Codex tonalpohualli.<\/em><\/p>\t\t\t\t\t\t\t\t<\/div>\n\t\t\t\t<\/div>\n\t\t\t\t\t<\/div>\n\t\t\t\t<\/div>\n\t\t<div class=\"elementor-element elementor-element-iwgcn-mythologie-cc e-flex e-con-boxed e-con e-parent\" data-id=\"iwgcn-mythologie-cc\" data-element_type=\"container\" data-e-type=\"container\" id=\"iwg-cc-mythologie-mesoamerika\">\n\t\t\t\t\t<div class=\"e-con-inner\">\n\t\t<div class=\"elementor-element elementor-element-iwgcn-mythologie-ccinner e-flex e-con-boxed e-con e-parent\" data-id=\"iwgcn-mythologie-ccinner\" data-element_type=\"container\" data-e-type=\"container\" data-settings=\"{&quot;background_background&quot;:&quot;classic&quot;}\">\n\t\t\t\t\t<div class=\"e-con-inner\">\n\t\t\t\t<div class=\"elementor-element elementor-element-iwgcn-mythologie-cch elementor-widget elementor-widget-heading\" data-id=\"iwgcn-mythologie-cch\" data-element_type=\"widget\" data-e-type=\"widget\" data-widget_type=\"heading.default\">\n\t\t\t\t\t<h2 class=\"elementor-heading-title elementor-size-default\">Za\u0161titni predmeti u ovoj kulturnoj tradiciji<\/h2>\t\t\t\t<\/div>\n\t\t\t\t<div class=\"elementor-element elementor-element-iwgcn-mythologie-cct elementor-widget elementor-widget-text-editor\" data-id=\"iwgcn-mythologie-cct\" data-element_type=\"widget\" data-e-type=\"widget\" data-widget_type=\"text-editor.default\">\n\t\t\t\t\t\t\t\t\t<p>Mezoamerikanske kulture, Olmeci, Maje, Azteci, koristile su privjeske od \u017eada, insignije s krunama od perja i figure bo\u017eanstava od kamena, tirkiza i obsidijana kao svakodnevne za\u0161titne predmete.<\/p><div data-nosnippet=\"true\"><p>iWell Guard nastavlja se na tu kulturno-povijesnu liniju nosivih za\u0161titnih predmeta, u suvremenoj arhitekturi materijala, izra\u0111en u Njema\u010dkoj. 41 razina, pravo zlato, platina, srebro. 30-dnevno pravo povrata.<\/p><\/div>\t\t\t\t\t\t\t\t<\/div>\n\t\t\t\t<div class=\"elementor-element elementor-element-iwgcn-mythologie-ccb iwg-cc-button iwg-cc-cta-2026-05-13 elementor-widget elementor-widget-jet-button\" data-id=\"iwgcn-mythologie-ccb\" data-element_type=\"widget\" data-e-type=\"widget\" data-widget_type=\"jet-button.default\">\n\t\t\t\t<div class=\"elementor-widget-container\">\n\t\t\t\t\t<div class=\"elementor-jet-button jet-elements\"><div class=\"jet-button__container\"><a class=\"jet-button__instance jet-button__instance--icon-left hover-effect-1\" href=\"\/ueber-iwell-guard\/?utm_source=iwell-guard.com&amp;utm_medium=info-box&amp;utm_campaign=kultur-tradition\"><div class=\"jet-button__plane jet-button__plane-normal\"><\/div><div class=\"jet-button__plane jet-button__plane-hover\"><\/div><div class=\"jet-button__state jet-button__state-normal\"><span class=\"jet-button__label\">Vi\u0161e o iWell Guardu<\/span><\/div><div class=\"jet-button__state jet-button__state-hover\"><span class=\"jet-button__label\">Vi\u0161e o iWell Guardu<\/span><\/div><\/a><\/div><\/div><style>.elementor-element.elementor-element-iwgcn-mythologie-ccb .jet-button__instance{width:320px;height:56px;}.elementor-element.elementor-element-iwgcn-mythologie-ccb .jet-button__state-normal .jet-button__label{text-align:center;margin:0px 0px 0px 0px;color:#1a1b20;font-family:Montserrat,sans-serif;font-size:13px;font-weight:400;letter-spacing:4px;line-height:1.714em;text-transform:uppercase;}.elementor-element.elementor-element-iwgcn-mythologie-ccb .jet-button__state-hover .jet-button__label{text-align:center;margin:0px 0px 0px 0px;color:#FECC76;font-family:Montserrat,sans-serif;font-size:13px;font-weight:400;letter-spacing:4px;line-height:1.714em;text-transform:uppercase;}.elementor-element.elementor-element-iwgcn-mythologie-ccb .jet-button__plane-normal{background-color:#FECC76;border-style:solid;border-color:#C99540;border-width:2px 2px 2px 2px;}.elementor-element.elementor-element-iwgcn-mythologie-ccb .jet-button__plane-hover{background-color:rgba(0,0,0,0.55);border-style:solid;border-color:#FECC76;border-width:2px 2px 2px 2px;}<\/style>\t\t\t\t<\/div>\n\t\t\t\t<\/div>\n\t\t\t\t<div class=\"elementor-element elementor-element-iwgcn-mythologie-ccd elementor-widget elementor-widget-text-editor\" data-id=\"iwgcn-mythologie-ccd\" data-element_type=\"widget\" data-e-type=\"widget\" data-widget_type=\"text-editor.default\">\n\t\t\t\t\t\t\t\t\t<div data-nosnippet=\"true\"><p style=\"text-align:center;font-size:13px;opacity:0.7;margin-top:14px\" data-nosnippet=\"true\">Osobna iskustva mogu se razlikovati. Nije medicinski proizvod. Nema obe\u0107anja izlje\u010denja.<\/p><\/div>\t\t\t\t\t\t\t\t<\/div>\n\t\t\t\t\t<\/div>\n\t\t\t\t<\/div>\n\t\t\t\t\t<\/div>\n\t\t\t\t<\/div>\n\t\t<div class=\"elementor-element elementor-element-iwgcn-mythologie-disc e-flex e-con-boxed e-con e-parent\" data-id=\"iwgcn-mythologie-disc\" data-element_type=\"container\" data-e-type=\"container\">\n\t\t\t\t\t<div class=\"e-con-inner\">\n\t\t\t\t<div class=\"elementor-element elementor-element-iwgcn-mythologie-discw elementor-widget elementor-widget-html\" data-id=\"iwgcn-mythologie-discw\" data-element_type=\"widget\" data-e-type=\"widget\" data-widget_type=\"html.default\">\n\t\t\t\t\t<footer data-nosnippet=\"true\" class=\"iwg-disclaimer-block\"><p data-nosnippet=\"true\">iWell Guard <strong>nije medicinski proizvod<\/strong> i ne zamjenjuje lije\u010dni\u010dko ili psihoterapeutsko lije\u010denje. Religijsko-znanstveni sadr\u017eaji predstavljaju kulturno-povijesnu interpretaciju, a ne preporuku duhovne prakse.<\/p><\/footer>\t\t\t\t<\/div>\n\t\t\t\t\t<\/div>\n\t\t\t\t<\/div>\n\t\t\t\t<\/div>\n\t\t","protected":false},"excerpt":{"rendered":"","protected":false},"author":3,"featured_media":2902,"parent":0,"menu_order":0,"comment_status":"closed","ping_status":"closed","template":"elementor_header_footer","meta":{"_yoast_wpseo_focuskw":"Mezoamerika mitologija","_yoast_wpseo_title":"Mezoamerika \u2013 Maje, Asteci i praksa za\u0161tite","_yoast_wpseo_metadesc":"Mezoameri\u010dka mitologija na iWell Guardu. Maje, Asteci, Olmeci: Quetzalcoatl, Tezcatlipoca, Tlaloc i za\u0161titni predmeti od \u017eada, perja i kamena.","_yoast_wpseo_meta-robots-noindex":"","_yoast_wpseo_canonical":"","_angie_page":false,"gefaehrdungsstufe":"","wesen_kultur":"","wesen_klasse":"","footnotes":""},"categories":[],"class_list":["post-149644","page","type-page","status-publish","has-post-thumbnail","hentry"],"yoast_head":"<!-- This site is optimized with the Yoast SEO Premium plugin v27.7 (Yoast SEO v28.3) - https:\/\/yoast.com\/product\/yoast-seo-premium-wordpress\/ -->\n<title>Mezoamerika \u2013 Maje, Asteci i praksa za\u0161tite<\/title>\n<meta name=\"description\" content=\"Mezoameri\u010dka mitologija na iWell Guardu. Maje, Asteci, Olmeci: Quetzalcoatl, Tezcatlipoca, Tlaloc i za\u0161titni predmeti od \u017eada, perja i kamena.\" \/>\n<meta name=\"robots\" content=\"index, follow, max-snippet:-1, max-image-preview:large, max-video-preview:-1\" \/>\n<link rel=\"canonical\" href=\"https:\/\/iwell-guard.com\/hr\/mezoamericka-mitologija-maje-asteci-olmeci\/\" \/>\n<meta property=\"og:locale\" content=\"hr_HR\" \/>\n<meta property=\"og:type\" content=\"article\" \/>\n<meta property=\"og:title\" content=\"Mezoameri\u010dka mitologija \u2013 Maje, Asteci, Olmeci\" \/>\n<meta property=\"og:description\" content=\"Mezoameri\u010dka mitologija na iWell Guardu. Maje, Asteci, Olmeci: Quetzalcoatl, Tezcatlipoca, Tlaloc i za\u0161titni predmeti od \u017eada, perja i kamena.\" \/>\n<meta property=\"og:url\" content=\"https:\/\/iwell-guard.com\/hr\/mezoamericka-mitologija-maje-asteci-olmeci\/\" \/>\n<meta property=\"og:site_name\" content=\"iWell Guard\" \/>\n<meta property=\"article:modified_time\" content=\"2026-09-04T05:28:38+00:00\" \/>\n<meta property=\"og:image\" content=\"https:\/\/iwell-guard.com\/wp-content\/uploads\/2026\/05\/goetter_mythologie-mesoamerika_quetzalcoatl.webp\" \/>\n\t<meta property=\"og:image:width\" content=\"1024\" \/>\n\t<meta property=\"og:image:height\" content=\"1536\" \/>\n\t<meta property=\"og:image:type\" content=\"image\/webp\" \/>\n<meta name=\"twitter:card\" content=\"summary_large_image\" \/>\n<script type=\"application\/ld+json\" class=\"yoast-schema-graph\">{\"@context\":\"https:\\\/\\\/schema.org\",\"@graph\":[{\"@type\":\"WebPage\",\"@id\":\"https:\\\/\\\/iwell-guard.com\\\/hr\\\/mezoamericka-mitologija-maje-asteci-olmeci\\\/\",\"url\":\"https:\\\/\\\/iwell-guard.com\\\/hr\\\/mezoamericka-mitologija-maje-asteci-olmeci\\\/\",\"name\":\"Mezoamerika \u2013 Maje, Asteci i praksa za\u0161tite\",\"isPartOf\":{\"@id\":\"https:\\\/\\\/iwell-guard.com\\\/hr\\\/#website\"},\"primaryImageOfPage\":{\"@id\":\"https:\\\/\\\/iwell-guard.com\\\/hr\\\/mezoamericka-mitologija-maje-asteci-olmeci\\\/#primaryimage\"},\"image\":{\"@id\":\"https:\\\/\\\/iwell-guard.com\\\/hr\\\/mezoamericka-mitologija-maje-asteci-olmeci\\\/#primaryimage\"},\"thumbnailUrl\":\"https:\\\/\\\/iwell-guard.com\\\/wp-content\\\/uploads\\\/2026\\\/05\\\/goetter_mythologie-mesoamerika_quetzalcoatl.webp\",\"datePublished\":\"2026-09-04T05:12:18+00:00\",\"dateModified\":\"2026-09-04T05:28:38+00:00\",\"description\":\"Mezoameri\u010dka mitologija na iWell Guardu. Maje, Asteci, Olmeci: Quetzalcoatl, Tezcatlipoca, Tlaloc i za\u0161titni predmeti od \u017eada, perja i kamena.\",\"breadcrumb\":{\"@id\":\"https:\\\/\\\/iwell-guard.com\\\/hr\\\/mezoamericka-mitologija-maje-asteci-olmeci\\\/#breadcrumb\"},\"inLanguage\":\"hr\",\"potentialAction\":[{\"@type\":\"ReadAction\",\"target\":[\"https:\\\/\\\/iwell-guard.com\\\/hr\\\/mezoamericka-mitologija-maje-asteci-olmeci\\\/\"]}]},{\"@type\":\"ImageObject\",\"inLanguage\":\"hr\",\"@id\":\"https:\\\/\\\/iwell-guard.com\\\/hr\\\/mezoamericka-mitologija-maje-asteci-olmeci\\\/#primaryimage\",\"url\":\"https:\\\/\\\/iwell-guard.com\\\/wp-content\\\/uploads\\\/2026\\\/05\\\/goetter_mythologie-mesoamerika_quetzalcoatl.webp\",\"contentUrl\":\"https:\\\/\\\/iwell-guard.com\\\/wp-content\\\/uploads\\\/2026\\\/05\\\/goetter_mythologie-mesoamerika_quetzalcoatl.webp\",\"width\":1024,\"height\":1536,\"caption\":\"Bogovi iz tradicije mitologije Mezoamerike.\"},{\"@type\":\"BreadcrumbList\",\"@id\":\"https:\\\/\\\/iwell-guard.com\\\/hr\\\/mezoamericka-mitologija-maje-asteci-olmeci\\\/#breadcrumb\",\"itemListElement\":[{\"@type\":\"ListItem\",\"position\":1,\"name\":\"Start\",\"item\":\"https:\\\/\\\/iwell-guard.com\\\/hr\\\/?page_id=149317\"},{\"@type\":\"ListItem\",\"position\":2,\"name\":\"Mezoameri\u010dka mitologija \u2013 Maje, Asteci, Olmeci\"}]},{\"@type\":\"WebSite\",\"@id\":\"https:\\\/\\\/iwell-guard.com\\\/hr\\\/#website\",\"url\":\"https:\\\/\\\/iwell-guard.com\\\/hr\\\/\",\"name\":\"iWell Guard\",\"description\":\"Schutz vor dunklen Einfl\u00fcssen\",\"publisher\":{\"@id\":\"https:\\\/\\\/iwell-guard.com\\\/hr\\\/#organization\"},\"potentialAction\":[{\"@type\":\"SearchAction\",\"target\":{\"@type\":\"EntryPoint\",\"urlTemplate\":\"https:\\\/\\\/iwell-guard.com\\\/hr\\\/?s={search_term_string}\"},\"query-input\":{\"@type\":\"PropertyValueSpecification\",\"valueRequired\":true,\"valueName\":\"search_term_string\"}}],\"inLanguage\":\"hr\"},{\"@type\":\"Organization\",\"@id\":\"https:\\\/\\\/iwell-guard.com\\\/hr\\\/#organization\",\"name\":\"Ittermann electronic GmbH\",\"url\":\"https:\\\/\\\/iwell-guard.com\\\/hr\\\/\",\"logo\":{\"@type\":\"ImageObject\",\"inLanguage\":\"hr\",\"@id\":\"https:\\\/\\\/iwell-guard.com\\\/hr\\\/#\\\/schema\\\/logo\\\/image\\\/\",\"url\":\"https:\\\/\\\/iwell-guard.com\\\/wp-content\\\/uploads\\\/2026\\\/05\\\/Ittermann-Logo-1182x237-1.png\",\"contentUrl\":\"https:\\\/\\\/iwell-guard.com\\\/wp-content\\\/uploads\\\/2026\\\/05\\\/Ittermann-Logo-1182x237-1.png\",\"width\":1182,\"height\":237,\"caption\":\"Ittermann electronic GmbH\"},\"image\":{\"@id\":\"https:\\\/\\\/iwell-guard.com\\\/hr\\\/#\\\/schema\\\/logo\\\/image\\\/\"},\"sameAs\":[\"https:\\\/\\\/pantip.com\\\/profile\\\/9367242\",\"https:\\\/\\\/micro.blog\\\/iwellguard\",\"https:\\\/\\\/www.diggerslist.com\\\/iwellguard\\\/about\",\"https:\\\/\\\/skitterphoto.com\\\/photographers\\\/2870314\\\/iwell-guard\",\"https:\\\/\\\/iwellguard.wordpress.com\\\/2026\\\/06\\\/06\\\/iwell-guard\\\/\",\"https:\\\/\\\/hub.docker.com\\\/u\\\/iwellguard\",\"https:\\\/\\\/www.pinterest.com\\\/iwellguard\\\/\",\"https:\\\/\\\/bit.ly\\\/m\\\/iwellguard\",\"https:\\\/\\\/entre-vos-mains.alsace.eu\\\/profiles\\\/iwellguard\\\/activity\",\"https:\\\/\\\/gravatar.com\\\/reallybeded8fd34\",\"https:\\\/\\\/naijamatta.com\\\/iwellguard\",\"https:\\\/\\\/www.goodreads.com\\\/iwellguard\",\"https:\\\/\\\/profile.hatena.ne.jp\\\/iwellguard\\\/\",\"https:\\\/\\\/experiment.com\\\/users\\\/iwellguard\",\"https:\\\/\\\/wakelet.com\\\/@iWellGuard82270\",\"https:\\\/\\\/www.chordie.com\\\/forum\\\/profile.php?id=2555664\",\"https:\\\/\\\/www.instapaper.com\\\/p\\\/17757966\",\"https:\\\/\\\/www.mapleprimes.com\\\/users\\\/iwellguard\",\"https:\\\/\\\/businesslistingplus.com\\\/profile\\\/iwell-guard\\\/\",\"https:\\\/\\\/telegra.ph\\\/iWell-Guard-06-06\",\"https:\\\/\\\/pbase.com\\\/iwellguard\\\/iwellguard\",\"https:\\\/\\\/b.hatena.ne.jp\\\/iwellguard\\\/20260607#bookmark-4788405196491818882\",\"https:\\\/\\\/fliphtml5.com\\\/home\\\/iwellguard\",\"https:\\\/\\\/anyflip.com\\\/homepage\\\/cmiwl#About\",\"https:\\\/\\\/transfur.com\\\/Users\\\/iwellguard\",\"http:\\\/\\\/delphi.larsbo.org\\\/user\\\/iwellguard\",\"https:\\\/\\\/jobs.lajobsportal.org\\\/profiles\\\/8380803-iwell-guard\",\"https:\\\/\\\/md.chaosdorf.de\\\/s\\\/jfbe5SBdJD\",\"https:\\\/\\\/www.lingvolive.com\\\/en-us\\\/profile\\\/9ecaeaca-ce11-4e51-9e71-01d55e2bff36\\\/translations\",\"https:\\\/\\\/www.fitday.com\\\/fitness\\\/forums\\\/members\\\/iwellguard.html\",\"https:\\\/\\\/www.mymeetbook.com\\\/iwellguard\",\"https:\\\/\\\/pxhere.com\\\/en\\\/photographer-me\\\/5040798\",\"https:\\\/\\\/disqus.com\\\/by\\\/iwellguard\\\/about\\\/\",\"https:\\\/\\\/pastelink.net\\\/hjwciqwq\",\"https:\\\/\\\/pubhtml5.com\\\/homepage\\\/scjhn\\\/\",\"https:\\\/\\\/www.bitchute.com\\\/channel\\\/2O2eOKzNqujT\",\"https:\\\/\\\/audiomack.com\\\/iwellguard\"]}]}<\/script>\n<!-- \/ Yoast SEO Premium plugin. -->","yoast_head_json":{"title":"Mezoamerika \u2013 Maje, Asteci i praksa za\u0161tite","description":"Mezoameri\u010dka mitologija na iWell Guardu. Maje, Asteci, Olmeci: Quetzalcoatl, Tezcatlipoca, Tlaloc i za\u0161titni predmeti od \u017eada, perja i kamena.","robots":{"index":"index","follow":"follow","max-snippet":"max-snippet:-1","max-image-preview":"max-image-preview:large","max-video-preview":"max-video-preview:-1"},"canonical":"https:\/\/iwell-guard.com\/hr\/mezoamericka-mitologija-maje-asteci-olmeci\/","og_locale":"hr_HR","og_type":"article","og_title":"Mezoameri\u010dka mitologija \u2013 Maje, Asteci, Olmeci","og_description":"Mezoameri\u010dka mitologija na iWell Guardu. Maje, Asteci, Olmeci: Quetzalcoatl, Tezcatlipoca, Tlaloc i za\u0161titni predmeti od \u017eada, perja i kamena.","og_url":"https:\/\/iwell-guard.com\/hr\/mezoamericka-mitologija-maje-asteci-olmeci\/","og_site_name":"iWell Guard","article_modified_time":"2026-09-04T05:28:38+00:00","og_image":[{"width":1024,"height":1536,"url":"https:\/\/iwell-guard.com\/wp-content\/uploads\/2026\/05\/goetter_mythologie-mesoamerika_quetzalcoatl.webp","type":"image\/webp"}],"twitter_card":"summary_large_image","schema":{"@context":"https:\/\/schema.org","@graph":[{"@type":"WebPage","@id":"https:\/\/iwell-guard.com\/hr\/mezoamericka-mitologija-maje-asteci-olmeci\/","url":"https:\/\/iwell-guard.com\/hr\/mezoamericka-mitologija-maje-asteci-olmeci\/","name":"Mezoamerika \u2013 Maje, Asteci i praksa za\u0161tite","isPartOf":{"@id":"https:\/\/iwell-guard.com\/hr\/#website"},"primaryImageOfPage":{"@id":"https:\/\/iwell-guard.com\/hr\/mezoamericka-mitologija-maje-asteci-olmeci\/#primaryimage"},"image":{"@id":"https:\/\/iwell-guard.com\/hr\/mezoamericka-mitologija-maje-asteci-olmeci\/#primaryimage"},"thumbnailUrl":"https:\/\/iwell-guard.com\/wp-content\/uploads\/2026\/05\/goetter_mythologie-mesoamerika_quetzalcoatl.webp","datePublished":"2026-09-04T05:12:18+00:00","dateModified":"2026-09-04T05:28:38+00:00","description":"Mezoameri\u010dka mitologija na iWell Guardu. Maje, Asteci, Olmeci: Quetzalcoatl, Tezcatlipoca, Tlaloc i za\u0161titni predmeti od \u017eada, perja i kamena.","breadcrumb":{"@id":"https:\/\/iwell-guard.com\/hr\/mezoamericka-mitologija-maje-asteci-olmeci\/#breadcrumb"},"inLanguage":"hr","potentialAction":[{"@type":"ReadAction","target":["https:\/\/iwell-guard.com\/hr\/mezoamericka-mitologija-maje-asteci-olmeci\/"]}]},{"@type":"ImageObject","inLanguage":"hr","@id":"https:\/\/iwell-guard.com\/hr\/mezoamericka-mitologija-maje-asteci-olmeci\/#primaryimage","url":"https:\/\/iwell-guard.com\/wp-content\/uploads\/2026\/05\/goetter_mythologie-mesoamerika_quetzalcoatl.webp","contentUrl":"https:\/\/iwell-guard.com\/wp-content\/uploads\/2026\/05\/goetter_mythologie-mesoamerika_quetzalcoatl.webp","width":1024,"height":1536,"caption":"Bogovi iz tradicije mitologije Mezoamerike."},{"@type":"BreadcrumbList","@id":"https:\/\/iwell-guard.com\/hr\/mezoamericka-mitologija-maje-asteci-olmeci\/#breadcrumb","itemListElement":[{"@type":"ListItem","position":1,"name":"Start","item":"https:\/\/iwell-guard.com\/hr\/?page_id=149317"},{"@type":"ListItem","position":2,"name":"Mezoameri\u010dka mitologija \u2013 Maje, Asteci, Olmeci"}]},{"@type":"WebSite","@id":"https:\/\/iwell-guard.com\/hr\/#website","url":"https:\/\/iwell-guard.com\/hr\/","name":"iWell Guard","description":"Schutz vor dunklen Einfl\u00fcssen","publisher":{"@id":"https:\/\/iwell-guard.com\/hr\/#organization"},"potentialAction":[{"@type":"SearchAction","target":{"@type":"EntryPoint","urlTemplate":"https:\/\/iwell-guard.com\/hr\/?s={search_term_string}"},"query-input":{"@type":"PropertyValueSpecification","valueRequired":true,"valueName":"search_term_string"}}],"inLanguage":"hr"},{"@type":"Organization","@id":"https:\/\/iwell-guard.com\/hr\/#organization","name":"Ittermann electronic GmbH","url":"https:\/\/iwell-guard.com\/hr\/","logo":{"@type":"ImageObject","inLanguage":"hr","@id":"https:\/\/iwell-guard.com\/hr\/#\/schema\/logo\/image\/","url":"https:\/\/iwell-guard.com\/wp-content\/uploads\/2026\/05\/Ittermann-Logo-1182x237-1.png","contentUrl":"https:\/\/iwell-guard.com\/wp-content\/uploads\/2026\/05\/Ittermann-Logo-1182x237-1.png","width":1182,"height":237,"caption":"Ittermann electronic GmbH"},"image":{"@id":"https:\/\/iwell-guard.com\/hr\/#\/schema\/logo\/image\/"},"sameAs":["https:\/\/pantip.com\/profile\/9367242","https:\/\/micro.blog\/iwellguard","https:\/\/www.diggerslist.com\/iwellguard\/about","https:\/\/skitterphoto.com\/photographers\/2870314\/iwell-guard","https:\/\/iwellguard.wordpress.com\/2026\/06\/06\/iwell-guard\/","https:\/\/hub.docker.com\/u\/iwellguard","https:\/\/www.pinterest.com\/iwellguard\/","https:\/\/bit.ly\/m\/iwellguard","https:\/\/entre-vos-mains.alsace.eu\/profiles\/iwellguard\/activity","https:\/\/gravatar.com\/reallybeded8fd34","https:\/\/naijamatta.com\/iwellguard","https:\/\/www.goodreads.com\/iwellguard","https:\/\/profile.hatena.ne.jp\/iwellguard\/","https:\/\/experiment.com\/users\/iwellguard","https:\/\/wakelet.com\/@iWellGuard82270","https:\/\/www.chordie.com\/forum\/profile.php?id=2555664","https:\/\/www.instapaper.com\/p\/17757966","https:\/\/www.mapleprimes.com\/users\/iwellguard","https:\/\/businesslistingplus.com\/profile\/iwell-guard\/","https:\/\/telegra.ph\/iWell-Guard-06-06","https:\/\/pbase.com\/iwellguard\/iwellguard","https:\/\/b.hatena.ne.jp\/iwellguard\/20260607#bookmark-4788405196491818882","https:\/\/fliphtml5.com\/home\/iwellguard","https:\/\/anyflip.com\/homepage\/cmiwl#About","https:\/\/transfur.com\/Users\/iwellguard","http:\/\/delphi.larsbo.org\/user\/iwellguard","https:\/\/jobs.lajobsportal.org\/profiles\/8380803-iwell-guard","https:\/\/md.chaosdorf.de\/s\/jfbe5SBdJD","https:\/\/www.lingvolive.com\/en-us\/profile\/9ecaeaca-ce11-4e51-9e71-01d55e2bff36\/translations","https:\/\/www.fitday.com\/fitness\/forums\/members\/iwellguard.html","https:\/\/www.mymeetbook.com\/iwellguard","https:\/\/pxhere.com\/en\/photographer-me\/5040798","https:\/\/disqus.com\/by\/iwellguard\/about\/","https:\/\/pastelink.net\/hjwciqwq","https:\/\/pubhtml5.com\/homepage\/scjhn\/","https:\/\/www.bitchute.com\/channel\/2O2eOKzNqujT","https:\/\/audiomack.com\/iwellguard"]}]}},"_links":{"self":[{"href":"https:\/\/iwell-guard.com\/hr\/wp-json\/wp\/v2\/pages\/149644","targetHints":{"allow":["GET"]}}],"collection":[{"href":"https:\/\/iwell-guard.com\/hr\/wp-json\/wp\/v2\/pages"}],"about":[{"href":"https:\/\/iwell-guard.com\/hr\/wp-json\/wp\/v2\/types\/page"}],"author":[{"embeddable":true,"href":"https:\/\/iwell-guard.com\/hr\/wp-json\/wp\/v2\/users\/3"}],"replies":[{"embeddable":true,"href":"https:\/\/iwell-guard.com\/hr\/wp-json\/wp\/v2\/comments?post=149644"}],"version-history":[{"count":0,"href":"https:\/\/iwell-guard.com\/hr\/wp-json\/wp\/v2\/pages\/149644\/revisions"}],"wp:featuredmedia":[{"embeddable":true,"href":"https:\/\/iwell-guard.com\/hr\/wp-json\/wp\/v2\/media\/2902"}],"wp:attachment":[{"href":"https:\/\/iwell-guard.com\/hr\/wp-json\/wp\/v2\/media?parent=149644"}],"wp:term":[{"taxonomy":"category","embeddable":true,"href":"https:\/\/iwell-guard.com\/hr\/wp-json\/wp\/v2\/categories?post=149644"}],"curies":[{"name":"wp","href":"https:\/\/api.w.org\/{rel}","templated":true}]}}