{"id":149637,"date":"2026-09-04T05:12:15","date_gmt":"2026-09-04T05:12:15","guid":{"rendered":"https:\/\/iwell-guard.com\/?page_id=149637"},"modified":"2026-09-04T05:28:27","modified_gmt":"2026-09-04T05:28:27","slug":"zli-pogled","status":"publish","type":"page","link":"https:\/\/iwell-guard.com\/hr\/zli-pogled\/","title":{"rendered":"Zli pogled"},"content":{"rendered":"\t\t<div data-elementor-type=\"wp-page\" data-elementor-id=\"149637\" class=\"elementor elementor-149637 elementor-2466 elementor-bc-flex-widget\" data-elementor-post-type=\"page\">\n\t\t\t\t<div class=\"elementor-element elementor-element-azboehero e-flex e-con-boxed e-con e-parent\" data-id=\"azboehero\" data-element_type=\"container\" data-e-type=\"container\" data-settings=\"{&quot;background_background&quot;:&quot;classic&quot;}\">\n\t\t\t\t\t<div class=\"e-con-inner\">\n\t\t<div class=\"elementor-element elementor-element-azboelft e-flex e-con-boxed e-con e-parent\" data-id=\"azboelft\" data-element_type=\"container\" data-e-type=\"container\">\n\t\t\t\t\t<div class=\"e-con-inner\">\n\t\t<div class=\"elementor-element elementor-element-azboeh1c e-con-full e-flex e-con e-parent\" data-id=\"azboeh1c\" data-element_type=\"container\" data-e-type=\"container\">\n\t\t\t\t<div class=\"elementor-element elementor-element-azboeh1 elementor-widget elementor-widget-heading\" data-id=\"azboeh1\" data-element_type=\"widget\" data-e-type=\"widget\" data-widget_type=\"heading.default\">\n\t\t\t\t\t<h1 class=\"elementor-heading-title elementor-size-default\">Zli pogled kao zlonamjerno vjerovanje kultura<\/h1>\t\t\t\t<\/div>\n\t\t\t\t<div class=\"elementor-element elementor-element-azboelead elementor-widget elementor-widget-text-editor\" data-id=\"azboelead\" data-element_type=\"widget\" data-e-type=\"widget\" data-widget_type=\"text-editor.default\">\n\t\t\t\t\t\t\t\t\t<p>Zli pogled, hebrejski ayin hara, arapski al-ayn, turski nazar, talijanski malocchio, predstava je da jedan zlonamjeran pogled mo\u017ee nanijeti \u0161tetu drugoj osobi. Vjerovanje je zabilje\u017eeno u vi\u0161e od \u0161ezdeset kultura i iznjedrilo je bogat repertoar za\u0161titnih predmeta.<\/p>\t\t\t\t\t\t\t\t<\/div>\n\t\t\t\t<\/div>\n\t\t<div class=\"elementor-element elementor-element-azboeplc e-con-full e-flex e-con e-parent\" data-id=\"azboeplc\" data-element_type=\"container\" data-e-type=\"container\">\n\t\t\t\t<div class=\"elementor-element elementor-element-azboepl elementor-widget elementor-widget-html\" data-id=\"azboepl\" data-element_type=\"widget\" data-e-type=\"widget\" data-widget_type=\"html.default\">\n\t\t\t\t\t<div class=\"iwg-pill-row\"><span class=\"iwg-klasse-badge\" tabindex=\"0\" data-tooltip=\"Vjerovanje o \u0161teti: predstava da osoba pogledom, rije\u010dju ili djelom mo\u017ee nanijeti \u0161tetu drugima. Antropolo\u0161ki zabilje\u017eeno u vi\u0161e od \u0161ezdeset kultura, s vlastitim repertoarom za\u0161tite.\">Vjerovanje o \u0161teti<\/span><span class=\"iwg-kultur-badge\" tabindex=\"0\" data-tooltip=\"Vjerovanje u zli pogled potvr\u0111eno je globalno, s naglaskom na Sredozemlju, Bliskom istoku, ju\u017enoj Aziji i Latinskoj Americi. Najstariji dokazi se\u017eu u 3. tisu\u0107lje\u0107e pr. Kr.\">Sredozemlje<\/span><\/div>\t\t\t\t<\/div>\n\t\t\t\t<\/div>\n\t\t<div class=\"elementor-element elementor-element-azboetoc e-con-full e-flex e-con e-parent\" data-id=\"azboetoc\" data-element_type=\"container\" data-e-type=\"container\">\n\t\t\t\t<div class=\"elementor-element elementor-element-azboet elementor-toc--minimized-on-tablet elementor-widget elementor-widget-table-of-contents\" data-id=\"azboet\" data-element_type=\"widget\" data-e-type=\"widget\" data-settings=\"{&quot;exclude_headings_by_selector&quot;:[],&quot;no_headings_message&quot;:&quot;Na ovoj stranici nisu prona\\u0111eni naslovi.&quot;,&quot;headings_by_tags&quot;:[&quot;h2&quot;,&quot;h3&quot;],&quot;marker_view&quot;:&quot;bullets&quot;,&quot;icon&quot;:{&quot;value&quot;:&quot;fas fa-circle&quot;,&quot;library&quot;:&quot;fa-solid&quot;,&quot;rendered_tag&quot;:&quot;&lt;svg class=\\&quot;e-font-icon-svg e-fas-circle\\&quot; viewBox=\\&quot;0 0 512 512\\&quot; xmlns=\\&quot;http:\\\/\\\/www.w3.org\\\/2000\\\/svg\\&quot;&gt;&lt;path d=\\&quot;M256 8C119 8 8 119 8 256s111 248 248 248 248-111 248-248S393 8 256 8z\\&quot;&gt;&lt;\\\/path&gt;&lt;\\\/svg&gt;&quot;},&quot;minimize_box&quot;:&quot;yes&quot;,&quot;minimized_on&quot;:&quot;tablet&quot;,&quot;hierarchical_view&quot;:&quot;yes&quot;,&quot;min_height&quot;:{&quot;unit&quot;:&quot;px&quot;,&quot;size&quot;:&quot;&quot;,&quot;sizes&quot;:[]},&quot;min_height_tablet&quot;:{&quot;unit&quot;:&quot;px&quot;,&quot;size&quot;:&quot;&quot;,&quot;sizes&quot;:[]},&quot;min_height_mobile&quot;:{&quot;unit&quot;:&quot;px&quot;,&quot;size&quot;:&quot;&quot;,&quot;sizes&quot;:[]}}\" data-widget_type=\"table-of-contents.default\">\n\t\t\t\t\t\t\t\t\t<div class=\"elementor-toc__header\">\n\t\t\t\t\t\t<h2 class=\"elementor-toc__header-title\">\n\t\t\t\tSadr\u017eaj\t\t\t<\/h2>\n\t\t\t\t\t\t\t\t\t\t<div class=\"elementor-toc__toggle-button elementor-toc__toggle-button--expand\" role=\"button\" tabindex=\"0\" aria-controls=\"elementor-toc__azboet\" aria-expanded=\"true\" aria-label=\"Open table of contents\"><svg aria-hidden=\"true\" class=\"e-font-icon-svg e-fas-chevron-down\" viewBox=\"0 0 448 512\" xmlns=\"http:\/\/www.w3.org\/2000\/svg\"><path d=\"M207.029 381.476L12.686 187.132c-9.373-9.373-9.373-24.569 0-33.941l22.667-22.667c9.357-9.357 24.522-9.375 33.901-.04L224 284.505l154.745-154.021c9.379-9.335 24.544-9.317 33.901.04l22.667 22.667c9.373 9.373 9.373 24.569 0 33.941L240.971 381.476c-9.373 9.372-24.569 9.372-33.942 0z\"><\/path><\/svg><\/div>\n\t\t\t\t<div class=\"elementor-toc__toggle-button elementor-toc__toggle-button--collapse\" role=\"button\" tabindex=\"0\" aria-controls=\"elementor-toc__azboet\" aria-expanded=\"true\" aria-label=\"Close table of contents\"><svg aria-hidden=\"true\" class=\"e-font-icon-svg e-fas-chevron-up\" viewBox=\"0 0 448 512\" xmlns=\"http:\/\/www.w3.org\/2000\/svg\"><path d=\"M240.971 130.524l194.343 194.343c9.373 9.373 9.373 24.569 0 33.941l-22.667 22.667c-9.357 9.357-24.522 9.375-33.901.04L224 227.495 69.255 381.516c-9.379 9.335-24.544 9.317-33.901-.04l-22.667-22.667c-9.373-9.373-9.373-24.569 0-33.941L207.03 130.525c9.372-9.373 24.568-9.373 33.941-.001z\"><\/path><\/svg><\/div>\n\t\t\t\t\t<\/div>\n\t\t\t\t<div id=\"elementor-toc__azboet\" class=\"elementor-toc__body\">\n\t\t\t<div class=\"elementor-toc__spinner-container\">\n\t\t\t\t<svg class=\"elementor-toc__spinner eicon-animation-spin e-font-icon-svg e-eicon-loading\" aria-hidden=\"true\" viewBox=\"0 0 1000 1000\" xmlns=\"http:\/\/www.w3.org\/2000\/svg\"><path d=\"M500 975V858C696 858 858 696 858 500S696 142 500 142 142 304 142 500H25C25 237 238 25 500 25S975 237 975 500 763 975 500 975Z\"><\/path><\/svg>\t\t\t<\/div>\n\t\t<\/div>\n\t\t\t\t\t\t<\/div>\n\t\t\t\t<\/div>\n\t\t\t\t\t<\/div>\n\t\t\t\t<\/div>\n\t\t<div class=\"elementor-element elementor-element-azboergt e-flex e-con-boxed e-con e-parent\" data-id=\"azboergt\" data-element_type=\"container\" data-e-type=\"container\" data-settings=\"{&quot;background_background&quot;:&quot;classic&quot;}\">\n\t\t\t\t\t<div class=\"e-con-inner\">\n\t\t\t\t<div class=\"elementor-element elementor-element-azboeimg iwg-hero-image elementor-widget elementor-widget-image\" data-id=\"azboeimg\" data-element_type=\"widget\" data-e-type=\"widget\" data-widget_type=\"image.default\">\n\t\t\t\t\t\t\t\t\t\t\t\t\t\t\t<img fetchpriority=\"high\" decoding=\"async\" width=\"683\" height=\"1024\" src=\"https:\/\/iwell-guard.com\/wp-content\/uploads\/2026\/05\/schutzsymbol_mediterran_boeser-blick-683x1024.webp\" class=\"attachment-large size-large wp-image-151608\" alt=\"Tri tradicionalna turska za\u0161titna oka nazar boncu\u011fu od plavog stakla s koncentri\u010dnim krugovima na tamnoj podlozi\" srcset=\"https:\/\/iwell-guard.com\/wp-content\/uploads\/2026\/05\/schutzsymbol_mediterran_boeser-blick-683x1024.webp 683w, https:\/\/iwell-guard.com\/wp-content\/uploads\/2026\/05\/schutzsymbol_mediterran_boeser-blick-200x300.webp 200w, https:\/\/iwell-guard.com\/wp-content\/uploads\/2026\/05\/schutzsymbol_mediterran_boeser-blick-768x1152.webp 768w, https:\/\/iwell-guard.com\/wp-content\/uploads\/2026\/05\/schutzsymbol_mediterran_boeser-blick.webp 1024w\" sizes=\"(max-width: 683px) 100vw, 683px\" \/>\t\t\t\t\t\t\t\t\t\t\t\t\t\t\t<\/div>\n\t\t\t\t\t<\/div>\n\t\t\t\t<\/div>\n\t\t\t\t\t<\/div>\n\t\t\t\t<\/div>\n\t\t<div class=\"elementor-element elementor-element-azboes1 e-flex e-con-boxed e-con e-parent\" data-id=\"azboes1\" data-element_type=\"container\" data-e-type=\"container\">\n\t\t\t\t\t<div class=\"e-con-inner\">\n\t\t\t\t<div class=\"elementor-element elementor-element-azboes1h elementor-widget elementor-widget-heading\" data-id=\"azboes1h\" data-element_type=\"widget\" data-e-type=\"widget\" data-widget_type=\"heading.default\">\n\t\t\t\t\t<h2 class=\"elementor-heading-title elementor-size-default\">\u0160to je zli pogled<\/h2>\t\t\t\t<\/div>\n\t\t<div class=\"elementor-element elementor-element-azboes1b e-con-full e-flex e-con e-parent\" data-id=\"azboes1b\" data-element_type=\"container\" data-e-type=\"container\">\n\t\t\t\t<div class=\"elementor-element elementor-element-azboes1t elementor-widget elementor-widget-text-editor\" data-id=\"azboes1t\" data-element_type=\"widget\" data-e-type=\"widget\" data-widget_type=\"text-editor.default\">\n\t\t\t\t\t\t\t\t\t<p>Zli pogled je predstava da \u010dovjek jednim, \u010desto zavidnim ili zlonamjernim pogledom mo\u017ee nanijeti \u0161tetu drugoj osobi. \u0160teta u sa\u010duvanim predajama se\u017ee od bolesti preko nesre\u0107e do smrti, od prosute vr\u010deve mlijeka do stvarno umrlog dojen\u010deta.<\/p><p>Vjerovanje u zli pogled jedno je od najra\u0161irenijih i istovremeno najstarijih vjerovanja o \u0161teti u \u010dovje\u010danstvu. Ameri\u010dki folklorist Alan Dundes dokumentirao ga je u vi\u0161e od \u0161ezdeset kultura, od Irske do Indije, od Maroka do Meksika, u rasponu koji rijetko koje drugo pu\u010dko vjerovanje posti\u017ee.<\/p><p>U sr\u017ei stoji model obja\u0161njenja za nespecifi\u010dnu nesre\u0107u. Kada se dijete naglo razboli, krava prestane davati mlijeko ili je vjen\u010danje pod lo\u0161im predznakom, pu\u010dka tradicija mnogih kultura ne tra\u017ei prvo prirodni uzrok, nego dru\u0161tveni.<\/p><p>Tko je pogledao? Tko je pohvalio? Tko je bio zavidan? Iz tog traganja razvija se cijeli kompleks za\u0161titnih predmeta, obrambenih gesta i preventivnih praksi.<\/p>\t\t\t\t\t\t\t\t<\/div>\n\t\t\t\t<\/div>\n\t\t\t\t\t<\/div>\n\t\t\t\t<\/div>\n\t\t<div class=\"elementor-element elementor-element-azboes2 e-flex e-con-boxed e-con e-parent\" data-id=\"azboes2\" data-element_type=\"container\" data-e-type=\"container\">\n\t\t\t\t\t<div class=\"e-con-inner\">\n\t\t\t\t<div class=\"elementor-element elementor-element-azboes2h elementor-widget elementor-widget-heading\" data-id=\"azboes2h\" data-element_type=\"widget\" data-e-type=\"widget\" data-widget_type=\"heading.default\">\n\t\t\t\t\t<h2 class=\"elementor-heading-title elementor-size-default\">Nazivi u kulturama<\/h2>\t\t\t\t<\/div>\n\t\t<div class=\"elementor-element elementor-element-azboes2b e-con-full e-flex e-con e-parent\" data-id=\"azboes2b\" data-element_type=\"container\" data-e-type=\"container\">\n\t\t\t\t<div class=\"elementor-element elementor-element-azboes2t elementor-widget elementor-widget-text-editor\" data-id=\"azboes2t\" data-element_type=\"widget\" data-e-type=\"widget\" data-widget_type=\"text-editor.default\">\n\t\t\t\t\t\t\t\t\t<p>U hebrejskom jezi\u010dnom prostoru zli pogled zove se ayin hara, u prijevodu jednostavno \u201ezlo oko\u201c. U arapskom prostoru to je al-ayn, \u010desto skra\u0107eno od al-ayn al-hasud, zavidno oko. U turskom i perzijskom jezi\u010dnom prostoru to je nazar ili nazar boncu\u011fu, doslovno \u201eperla pogleda\u201c, rije\u010d koja ozna\u010dava i vjerovanje i za\u0161titni predmet.<\/p><p>U gr\u010dkom kulturnom prostoru to je mati, u talijanskom malocchio, u \u0161panjolskom mal de ojo, u rumunjskom deochi. U ju\u017enoazijskom prostoru to je drishti dosha u sanskrtskoj ba\u0161tini, nazar u hindi-urdu.<\/p><p>Ta jezi\u010dna raznolikost dokazuje da se ne radi o jedinstvenoj tradiciji, nego o konvergentnoj predstavi koja je u mnogim religijama i pu\u010dkim zajednicama nastala neovisno ili razmjenom.<\/p>\t\t\t\t\t\t\t\t<\/div>\n\t\t\t\t<\/div>\n\t\t\t\t\t<\/div>\n\t\t\t\t<\/div>\n\t\t<div class=\"elementor-element elementor-element-azboes3 e-flex e-con-boxed e-con e-parent\" data-id=\"azboes3\" data-element_type=\"container\" data-e-type=\"container\">\n\t\t\t\t\t<div class=\"e-con-inner\">\n\t\t\t\t<div class=\"elementor-element elementor-element-azboes3h elementor-widget elementor-widget-heading\" data-id=\"azboes3h\" data-element_type=\"widget\" data-e-type=\"widget\" data-widget_type=\"heading.default\">\n\t\t\t\t\t<h2 class=\"elementor-heading-title elementor-size-default\">Rani dokazi<\/h2>\t\t\t\t<\/div>\n\t\t<div class=\"elementor-element elementor-element-azboes3b e-con-full e-flex e-con e-parent\" data-id=\"azboes3b\" data-element_type=\"container\" data-e-type=\"container\">\n\t\t\t\t<div class=\"elementor-element elementor-element-azboes3t elementor-widget elementor-widget-text-editor\" data-id=\"azboes3t\" data-element_type=\"widget\" data-e-type=\"widget\" data-widget_type=\"text-editor.default\">\n\t\t\t\t\t\t\t\t\t<p>Najstariji dokumentirani spomeni zlog pogleda se\u017eu u tre\u0107e tisu\u0107lje\u0107e prije na\u0161e ere. Iz starog Sumera i Akada sa\u010duvani su zavjetni tekstovi koji imenuju \u0161tetno oko i izgovaraju za\u0161titne formule protiv njega.<\/p><p>U starom Egiptu Horovo oko wadjet spada me\u0111u najstarije za\u0161titne simbole usmjerene protiv opasnog oka. Wadjet-amuleti od fajanse i poludragog kamenja prona\u0111eni su u grobovima i stani\u0161tima iz vi\u0161e dinastija.<\/p><p>U Hebrejskoj Bibliji izraz ayin hara javlja se vi\u0161e puta, primjerice u Izrekama 23,6 i 28,22. U <span class=\"iwg-fachbegriff\" data-tooltip=\"Glavno djelo rabinskog judaizma s tuma\u010denjem religijske predaje.\" tabindex=\"0\">Talmudu<\/span> zli pogled se op\u0161irno raspravlja u Bava Metzia 107b.<\/p><p>Rabi Yochanan, vode\u0107a osoba palestinskog <span class=\"iwg-fachbegriff\" data-tooltip=\"Glavno djelo rabinskog judaizma s tuma\u010denjem religijske predaje.\" tabindex=\"0\">Talmuda<\/span>, ka\u017ee tamo da od sto mrtvih devedesetdevetero umire zbog zlog pogleda, a samo jedan zbog prirodnog uzroka, izjava koja se u kasnijem tuma\u010denju shva\u0107a kao retori\u010dko poja\u010davanje, ali pokazuje va\u017enost te teme.<\/p><p>U Kur\u2019anu za\u0161tita od zavidnih bi\u0107a javlja se u suri 113 Al-Falaq i suri 114 An-Nas, obje za\u0161titne sure izgovaraju se u islamskoj svakodnevici protiv al-ayn.<\/p>\t\t\t\t\t\t\t\t<\/div>\n\t\t\t\t<\/div>\n\t\t\t\t\t<\/div>\n\t\t\t\t<\/div>\n\t\t<div class=\"elementor-element elementor-element-azboes4 e-flex e-con-boxed e-con e-parent\" data-id=\"azboes4\" data-element_type=\"container\" data-e-type=\"container\">\n\t\t\t\t\t<div class=\"e-con-inner\">\n\t\t\t\t<div class=\"elementor-element elementor-element-azboes4h elementor-widget elementor-widget-heading\" data-id=\"azboes4h\" data-element_type=\"widget\" data-e-type=\"widget\" data-widget_type=\"heading.default\">\n\t\t\t\t\t<h2 class=\"elementor-heading-title elementor-size-default\">Anti\u010dki pisani izvori<\/h2>\t\t\t\t<\/div>\n\t\t<div class=\"elementor-element elementor-element-azboes4b e-con-full e-flex e-con e-parent\" data-id=\"azboes4b\" data-element_type=\"container\" data-e-type=\"container\">\n\t\t\t\t<div class=\"elementor-element elementor-element-azboes4t elementor-widget elementor-widget-text-editor\" data-id=\"azboes4t\" data-element_type=\"widget\" data-e-type=\"widget\" data-widget_type=\"text-editor.default\">\n\t\t\t\t\t\t\t\t\t<p>U gr\u010dko-rimskoj <span class=\"iwg-fachbegriff\" data-tooltip=\"Epoha gr\u010dke i rimske kulture, otprilike 800. pr. Kr. do 600. n. Kr.\" tabindex=\"0\">antici<\/span> Plinije Stariji u svojoj Naturalis Historia i Plutarh u svojim Quaestiones Convivales opisuju zli pogled kao ozbiljan fenomen.<\/p><p>Plutarh mu posve\u0107uje \u010ditavu raspravu u kojoj razmatra teorije o tome kako pogled mo\u017ee djelovati fizi\u010dki, primjerice putem sitnih \u010destica koje oko ispu\u0161ta. Ove anti\u010dke rasprave kulturno-povijesno su va\u017ene jer pokazuju da su i obrazovani promatra\u010di to vjerovanje shva\u0107ali ozbiljno.<\/p>\t\t\t\t\t\t\t\t<\/div>\n\t\t\t\t<\/div>\n\t\t\t\t\t<\/div>\n\t\t\t\t<\/div>\n\t\t<div class=\"elementor-element elementor-element-azboes5 e-flex e-con-boxed e-con e-parent\" data-id=\"azboes5\" data-element_type=\"container\" data-e-type=\"container\">\n\t\t\t\t\t<div class=\"e-con-inner\">\n\t\t\t\t<div class=\"elementor-element elementor-element-azboes5h elementor-widget elementor-widget-heading\" data-id=\"azboes5h\" data-element_type=\"widget\" data-e-type=\"widget\" data-widget_type=\"heading.default\">\n\t\t\t\t\t<h2 class=\"elementor-heading-title elementor-size-default\">Srednji vijek i pu\u010dko vjerovanje<\/h2>\t\t\t\t<\/div>\n\t\t<div class=\"elementor-element elementor-element-azboes5b e-con-full e-flex e-con e-parent\" data-id=\"azboes5b\" data-element_type=\"container\" data-e-type=\"container\">\n\t\t\t\t<div class=\"elementor-element elementor-element-azboes5t elementor-widget elementor-widget-text-editor\" data-id=\"azboes5t\" data-element_type=\"widget\" data-e-type=\"widget\" data-widget_type=\"text-editor.default\">\n\t\t\t\t\t\t\t\t\t<p>U srednjovjekovnoj Europi zli pogled postaje \u010dimbenik u progonima vje\u0161tica. \u017dene koje su bile osumnji\u010dene za vje\u0161ti\u010darstvo \u010desto su bile suo\u010dene s optu\u017ebom da su pogledom nanijele \u0161tetu, bilo stoci, dojen\u010dadi ili mu\u0161karcima.<\/p><p>U Malleus Maleficarum iz 1486. zli pogled se razmatra kao dokazno sredstvo. Ta veza <span class=\"iwg-fachbegriff\" data-tooltip=\"Religijske predstave i obi\u010daji ra\u0161ireni u svakodnevnom \u017eivotu.\" tabindex=\"0\">pu\u010dkog vjerovanja<\/span> i kaznenog prava doveo je u ranom novom vijeku do brojnih osuda.<\/p><p>U \u017eidovskoj pu\u010dkoj tradiciji paralelno su se razvile opse\u017ene za\u0161titne prakse, primjerice dodavanje formule \u201ebli ayin hara\u201c, u prijevodu otprilike \u201ebez zlog pogleda\u201c, nakon svake pozitivne izjave o djetetu ili nekom nastojanju.<\/p><p>U arapskom prostoru hvalospjevima se dodavalo \u201emashallah\u201c, \u010dime se pohvala stavlja pod Bo\u017eju za\u0161titu i tako \u010duva od hasuda, zavidnog promatra\u010da.<\/p>\t\t\t\t\t\t\t\t<\/div>\n\t\t\t\t<\/div>\n\t\t\t\t\t<\/div>\n\t\t\t\t<\/div>\n\t\t<div class=\"elementor-element elementor-element-azboes6 e-flex e-con-boxed e-con e-parent\" data-id=\"azboes6\" data-element_type=\"container\" data-e-type=\"container\">\n\t\t\t\t\t<div class=\"e-con-inner\">\n\t\t\t\t<div class=\"elementor-element elementor-element-azboes6h elementor-widget elementor-widget-heading\" data-id=\"azboes6h\" data-element_type=\"widget\" data-e-type=\"widget\" data-widget_type=\"heading.default\">\n\t\t\t\t\t<h2 class=\"elementor-heading-title elementor-size-default\">Za\u0161titni predmeti protiv zlog pogleda<\/h2>\t\t\t\t<\/div>\n\t\t<div class=\"elementor-element elementor-element-azboes6b e-con-full e-flex e-con e-parent\" data-id=\"azboes6b\" data-element_type=\"container\" data-e-type=\"container\">\n\t\t\t\t<div class=\"elementor-element elementor-element-azboes6t elementor-widget elementor-widget-text-editor\" data-id=\"azboes6t\" data-element_type=\"widget\" data-e-type=\"widget\" data-widget_type=\"text-editor.default\">\n\t\t\t\t\t\t\t\t\t<p>Protiv urokljivog pogleda razvila se tijekom tisu\u0107lje\u0107a cijela paleta za\u0161titnih predmeta. Danas je vjerojatno najpoznatiji nazar boncu\u011fu, tursko plavo oko od stakl\u0430, s koncentri\u010dnim krugovima u plavoj, bijeloj i crnoj boji.<\/p><p>Smatra se slikom samoga zla oka, koje odbija \u0161tetu putem odraza. U gr\u010dkom kulturnom prostoru to je mati, \u010desto malo plavo oko na lan\u010di\u0107u ili narukvici.<\/p><p>Ista za\u0161titna obitelj obuhva\u0107a i <a href=\"https:\/\/iwell-guard.com\/hr\/?page_id=149635\" data-tooltip=\"Za\u0161titna ruka s pet prstiju, \u017eidovsko-arapski za\u0161titni simbol, iz iste za\u0161titne obitelji.\">Hamsu<\/a>, Fatimin dlan ili Chamsu. \u010cesto se prikazuje s okom u sredini, \u010dime se za\u0161titno djelovanje udvostru\u010duje. Uz to postoje i regionalno specifi\u010dni predmeti, poput talijanskog cornicella, uvijenog ro\u0161\u010di\u0107a od korala ili zlata, koji se u ju\u017enoj Italiji nosi protiv malocchia.<\/p><p>U \u017eidovskoj narodnoj tradiciji tome se pridru\u017euju crveni konop\u010di\u0107i koji se nose oko zape\u0161\u0107a ili ve\u017eu na dje\u010dje kolijevke. U ju\u017enoazijskom prostoru majke svojoj bebi crtaju crne to\u010dke od ugljena na \u010delo, malene svjesne &#8220;nedostatke&#8221; koji promatra\u010du trebaju oduzeti povod za zavist.<\/p>\t\t\t\t\t\t\t\t<\/div>\n\t\t\t\t<\/div>\n\t\t\t\t\t<\/div>\n\t\t\t\t<\/div>\n\t\t<div class=\"elementor-element elementor-element-azboes7 e-flex e-con-boxed e-con e-parent\" data-id=\"azboes7\" data-element_type=\"container\" data-e-type=\"container\">\n\t\t\t\t\t<div class=\"e-con-inner\">\n\t\t\t\t<div class=\"elementor-element elementor-element-azboes7h elementor-widget elementor-widget-heading\" data-id=\"azboes7h\" data-element_type=\"widget\" data-e-type=\"widget\" data-widget_type=\"heading.default\">\n\t\t\t\t\t<h2 class=\"elementor-heading-title elementor-size-default\">Ikonografija za\u0161titnog oka<\/h2>\t\t\t\t<\/div>\n\t\t<div class=\"elementor-element elementor-element-azboes7b e-con-full e-flex e-con e-parent\" data-id=\"azboes7b\" data-element_type=\"container\" data-e-type=\"container\">\n\t\t\t\t<div class=\"elementor-element elementor-element-azboes7t elementor-widget elementor-widget-text-editor\" data-id=\"azboes7t\" data-element_type=\"widget\" data-e-type=\"widget\" data-widget_type=\"text-editor.default\">\n\t\t\t\t\t\t\t\t\t<p>Nazar boncu\u011fu ima svoj vlastiti likovni jezik. Koncentri\u010dni krugovi u plavoj, svjetloplavoj, bijeloj boji i crna to\u010dka u sredi\u0161tu oblikuju oko koje promatra\u010du vra\u0107a njegov pogled.<\/p><p>Staklarske radionice u turskom gradu \u0130zmiru i u unutra\u0161njosti oblikovale su ovaj oblik tijekom stolje\u0107a. Sli\u010dni predmeti u obliku oka postoje i u perzijskom, gr\u010dkom i armenskom prostoru, svi dijele istu osnovnu ideju apotropejskog zrcala.<\/p><p>U modernom dizajnu nakita oko je postalo univerzalni <span class=\"iwg-fachbegriff\" data-tooltip=\"Element sadr\u017eaja koji se ponavlja u umjetnosti ili pripovijedanju.\" tabindex=\"0\">motiv<\/span> koji se pojavljuje u kolekcijama od Amerike do Australije, \u010desto bez da nositelji poznaju izvorno vjersko podrijetlo.<\/p>\t\t\t\t\t\t\t\t<\/div>\n\t\t\t\t<\/div>\n\t\t\t\t\t<\/div>\n\t\t\t\t<\/div>\n\t\t<div class=\"elementor-element elementor-element-azboes8 e-flex e-con-boxed e-con e-parent\" data-id=\"azboes8\" data-element_type=\"container\" data-e-type=\"container\">\n\t\t\t\t\t<div class=\"e-con-inner\">\n\t\t\t\t<div class=\"elementor-element elementor-element-azboes8h elementor-widget elementor-widget-heading\" data-id=\"azboes8h\" data-element_type=\"widget\" data-e-type=\"widget\" data-widget_type=\"heading.default\">\n\t\t\t\t\t<h2 class=\"elementor-heading-title elementor-size-default\">Gestovi obrane<\/h2>\t\t\t\t<\/div>\n\t\t<div class=\"elementor-element elementor-element-azboes8b e-con-full e-flex e-con e-parent\" data-id=\"azboes8b\" data-element_type=\"container\" data-e-type=\"container\">\n\t\t\t\t<div class=\"elementor-element elementor-element-azboes8t elementor-widget elementor-widget-text-editor\" data-id=\"azboes8t\" data-element_type=\"widget\" data-e-type=\"widget\" data-widget_type=\"text-editor.default\">\n\t\t\t\t\t\t\t\t\t<p>Osim predmeta, mnoge kulture poznaju i geste obrane. U ju\u017enoeuropskom prostoru mano fica je stisnuta \u0161aka s palcem uguranim izme\u0111u ka\u017eiprsta i srednjeg prsta, dok je u ju\u017enoj Italiji poznata i mano cornuta, s ispru\u017eenim ka\u017eiprstom i malim prstom te sklopljenim srednjim prstima.<\/p><p>Obje geste smatraju se za\u0161titnim formulama. U \u017eidovskoj i islamskoj tradiciji pljuvanje, \u010desto simboli\u010dki tri puta, \u010din je obrane nakon ne\u017eeljenog kompliment. Sol na ku\u0107nom pragu jedna je od za\u0161titnih gesta koje se javljaju i u mediteranskom i u sjevernoeuropskom prostoru.<\/p>\t\t\t\t\t\t\t\t<\/div>\n\t\t\t\t<\/div>\n\t\t\t\t\t<\/div>\n\t\t\t\t<\/div>\n\t\t<div class=\"elementor-element elementor-element-azboes9 e-flex e-con-boxed e-con e-parent\" data-id=\"azboes9\" data-element_type=\"container\" data-e-type=\"container\">\n\t\t\t\t\t<div class=\"e-con-inner\">\n\t\t\t\t<div class=\"elementor-element elementor-element-azboes9h elementor-widget elementor-widget-heading\" data-id=\"azboes9h\" data-element_type=\"widget\" data-e-type=\"widget\" data-widget_type=\"heading.default\">\n\t\t\t\t\t<h2 class=\"elementor-heading-title elementor-size-default\">Religijsko-znanstvena klasifikacija<\/h2>\t\t\t\t<\/div>\n\t\t<div class=\"elementor-element elementor-element-azboes9b e-con-full e-flex e-con e-parent\" data-id=\"azboes9b\" data-element_type=\"container\" data-e-type=\"container\">\n\t\t\t\t<div class=\"elementor-element elementor-element-azboes9t elementor-widget elementor-widget-text-editor\" data-id=\"azboes9t\" data-element_type=\"widget\" data-e-type=\"widget\" data-widget_type=\"text-editor.default\">\n\t\t\t\t\t\t\t\t\t<p><span data-nosnippet>Znanstveno bavljenje urokljivim pogledom po\u010dinje u 19. stolje\u0107u etnolo\u0161kim putopisnim opisima, a kao ozbiljno polje <span class=\"iwg-fachbegriff\" data-tooltip=\"Predana narodna kultura s obi\u010dajima, pripovijestima i pjesmama.\" tabindex=\"0\">folklora<\/span> uspostavlja se tek studijama Alana Dundesa u 1980-ima. Njegov zbornik The Evil Eye, A <span class=\"iwg-fachbegriff\" data-tooltip=\"Predana narodna kultura s obi\u010dajima, pripovijestima i pjesmama.\" tabindex=\"0\">Folklore<\/span> Casebook iz 1981. okuplja trideset radova iz razli\u010ditih kulturnih krugova.<\/span><\/p><p>Clarence Maloney je 1976. djelom The Evil Eye ponudio opse\u017enu etnolo\u0161ku sintezu.<\/p><p>John H. Elliott istra\u017eivao je taj fenomen u biblijskom svijetu u svojoj \u010detverotomnoj serije Beware the Evil Eye. Ta istra\u017eivanja ne svrstavaju vjerovanje u praznovjerje, nego ga tuma\u010de kao koherentan kulturni sustav koji ispunjava dru\u0161tvene funkcije, prije svega upravljanje zavisti u zajednicama s ograni\u010denim resursima.<\/p>\t\t\t\t\t\t\t\t<\/div>\n\t\t\t\t<\/div>\n\t\t\t\t\t<\/div>\n\t\t\t\t<\/div>\n\t\t<div class=\"elementor-element elementor-element-azboes10 e-flex e-con-boxed e-con e-parent\" data-id=\"azboes10\" data-element_type=\"container\" data-e-type=\"container\">\n\t\t\t\t\t<div class=\"e-con-inner\">\n\t\t\t\t<div class=\"elementor-element elementor-element-azboes10h elementor-widget elementor-widget-heading\" data-id=\"azboes10h\" data-element_type=\"widget\" data-e-type=\"widget\" data-widget_type=\"heading.default\">\n\t\t\t\t\t<h2 class=\"elementor-heading-title elementor-size-default\">Pop-kultura i moda<\/h2>\t\t\t\t<\/div>\n\t\t<div class=\"elementor-element elementor-element-azboes10b e-con-full e-flex e-con e-parent\" data-id=\"azboes10b\" data-element_type=\"container\" data-e-type=\"container\">\n\t\t\t\t<div class=\"elementor-element elementor-element-azboes10t elementor-widget elementor-widget-text-editor\" data-id=\"azboes10t\" data-element_type=\"widget\" data-e-type=\"widget\" data-widget_type=\"text-editor.default\">\n\t\t\t\t\t\t\t\t\t<p>Od 2010-ih plavo oko jedan je od najuspje\u0161nijih motiva nakita u zapadnom mainstreamu. Kim Kardashian ga redovito javno pokazuje, Gigi Hadid ga nosi, a mlade marke iz Istanbula, Atene i Tel Aviva izvoze ga po cijelom svijetu.<\/p><p>Veza izme\u0111u mode i izvornog za\u0161titnog zna\u010denja pri tome je \u010desto izgubljena, \u0161to je kod nekih kulturnih povjesni\u010dara i predstavnika izvornih kultura izazvalo kritiku.<\/p><p>Ipak, taj trend istovremeno pokazuje da <span class=\"iwg-fachbegriff\" data-tooltip=\"Znak koji simbolizira neku predstavu ili zna\u010denje.\" tabindex=\"0\">simbol<\/span> za moderne nositeljice i nositelje ima zna\u010denje koje nadilazi \u010distu modu. Oko kao podsjetnik na mogu\u0107nost zavisti i na \u017eelju za za\u0161titnim gestom o\u010dito je predstava koja ne nestaje ni u sekularno-znanstveno obilje\u017eenom svijetu.<\/p>\t\t\t\t\t\t\t\t<\/div>\n\t\t\t\t<\/div>\n\t\t\t\t\t<\/div>\n\t\t\t\t<\/div>\n\t\t<div class=\"elementor-element elementor-element-azboes11 e-flex e-con-boxed e-con e-parent\" data-id=\"azboes11\" data-element_type=\"container\" data-e-type=\"container\">\n\t\t\t\t\t<div class=\"e-con-inner\">\n\t\t\t\t<div class=\"elementor-element elementor-element-azboes11h elementor-widget elementor-widget-heading\" data-id=\"azboes11h\" data-element_type=\"widget\" data-e-type=\"widget\" data-widget_type=\"heading.default\">\n\t\t\t\t\t<h2 class=\"elementor-heading-title elementor-size-default\">Uklapanje u leksikon iwell-guard<\/h2>\t\t\t\t<\/div>\n\t\t<div class=\"elementor-element elementor-element-azboes11b e-con-full e-flex e-con e-parent\" data-id=\"azboes11b\" data-element_type=\"container\" data-e-type=\"container\">\n\t\t\t\t<div class=\"elementor-element elementor-element-azboes11t elementor-widget elementor-widget-text-editor\" data-id=\"azboes11t\" data-element_type=\"widget\" data-e-type=\"widget\" data-widget_type=\"text-editor.default\">\n\t\t\t\t\t\t\t\t\t<p>Urokljivi pogled u leksikonu iwell-guard predstavlja popre\u010dnu natuknicu.<\/p><p>Povezuje za\u0161titne predmete iz vi\u0161e kultura i pru\u017ea zajedni\u010dku funkcionalnu podlogu za mnoge nosive za\u0161titne predmete, od <a href=\"https:\/\/iwell-guard.com\/hr\/?page_id=149320\" data-tooltip=\"Mezopotamski za\u0161titni demon, \u010diji privjesci trebaju \u0161tititi trudnice od Lamashtu.\">Pazuzuovih<\/a> privjesaka preko <a href=\"https:\/\/iwell-guard.com\/hr\/?page_id=149327\" data-tooltip=\"Egipatski za\u0161titni bog za obitelji, djecu i trudnice.\">Besovih<\/a> statueta do <a href=\"https:\/\/iwell-guard.com\/hr\/?page_id=149635\" data-tooltip=\"Za\u0161titna ruka s pet prstiju, \u017eidovsko-arapski za\u0161titni simbol, iz iste za\u0161titne obitelji.\">Hamse<\/a> i <a href=\"https:\/\/iwell-guard.com\/hr\/?page_id=149636\" data-tooltip=\"\u017didovski svitak na dovratku, srodni za\u0161titni predmet.\">Mezuze<\/a>. Tko razumije koncept urokljivog pogleda, bolje razumije i za\u0161to su se ti za\u0161titni predmeti u toliko mnogo kultura nosili tako dugo vremena.<\/p>\t\t\t\t\t\t\t\t<\/div>\n\t\t\t\t<\/div>\n\t\t\t\t\t<\/div>\n\t\t\t\t<\/div>\n\t\t<div class=\"elementor-element elementor-element-azboes12 e-flex e-con-boxed e-con e-parent\" data-id=\"azboes12\" data-element_type=\"container\" data-e-type=\"container\">\n\t\t\t\t\t<div class=\"e-con-inner\">\n\t\t\t\t<div class=\"elementor-element elementor-element-azboes12h elementor-widget elementor-widget-heading\" data-id=\"azboes12h\" data-element_type=\"widget\" data-e-type=\"widget\" data-widget_type=\"heading.default\">\n\t\t\t\t\t<h2 class=\"elementor-heading-title elementor-size-default\">Literatura i izvori<\/h2>\t\t\t\t<\/div>\n\t\t<div class=\"elementor-element elementor-element-azboes12b e-con-full e-flex e-con e-parent\" data-id=\"azboes12b\" data-element_type=\"container\" data-e-type=\"container\">\n\t\t\t\t<div class=\"elementor-element elementor-element-azboes12t elementor-widget elementor-widget-text-editor\" data-id=\"azboes12t\" data-element_type=\"widget\" data-e-type=\"widget\" data-widget_type=\"text-editor.default\">\n\t\t\t\t\t\t\t\t\t<footer class=\"iwg-literatur\"><ul><li><span data-nosnippet>Alan Dundes (ur.): The Evil Eye, A <span class=\"iwg-fachbegriff\" data-tooltip=\"Predana narodna kultura s obi\u010dajima, pri\u010dama i pjesmama.\" tabindex=\"0\">Folklore<\/span> Casebook. Garland Publishing, New York 1981.<\/span><\/li><li><span data-nosnippet>Clarence Maloney (ur.): The Evil Eye. Columbia University Press, New York 1976.<\/span><\/li><li><span data-nosnippet>John H. Elliott: Beware the Evil Eye, The Evil Eye in the Bible and the Ancient World. 4 sveska, Cascade Books 2015 do 2017.<\/span><\/li><li>Plutarh: Quaestiones Convivales 5,7. <span class=\"iwg-fachbegriff\" data-tooltip=\"Razdoblje gr\u010dke i rimske kulture, otprilike od 800. pr. Kr. do 600. po. Kr.\" tabindex=\"0\">Antika<\/span>, rasprava o na\u010dinu djelovanja.<\/li><li>Plinije Stariji: Naturalis Historia 7,16. <span class=\"iwg-fachbegriff\" data-tooltip=\"Razdoblje gr\u010dke i rimske kulture, otprilike od 800. pr. Kr. do 600. po. Kr.\" tabindex=\"0\">Antika<\/span>, izvje\u0161taji o o\u0161te\u0107enju oka.<\/li><li>Babilonski <span class=\"iwg-fachbegriff\" data-tooltip=\"Glavno djelo rabinskog judaizma s tuma\u010denjem vjerske predaje.\" tabindex=\"0\">Talmud<\/span>, Bava Metzia 107b. Rabinska rasprava o ayin hara.<\/li><li><span data-nosnippet>Edward Westermarck: <span class=\"iwg-fachbegriff\" data-tooltip=\"Ure\u0111en slijed simboli\u010dnih radnji s vjerskim ili kulturnim zna\u010denjem.\" tabindex=\"0\">Ritual<\/span> and Belief in Morocco. Macmillan, London 1926. Rana studija o Magrebu.<\/span><\/li><li><span data-nosnippet>Salim al-Hassani: The Evil Eye in Islamic Tradition. Foundation for Science, Technology and Civilisation 2010.<\/span><\/li><\/ul><p>Vanjske poveznice za stranicu s detaljima:<\/p><ul><li>JSTOR unos Dundes 1981<\/li><li>Unos u Encyclopaedia Iranica \u201eCheshm-zakhm&#8221; za perzijski pojam<\/li><li>Unos u Encyclopaedia Judaica \u201eEvil Eye&#8221;<\/li><li>British Museum, zbirka apotropejskih amuleta u obliku oka<\/li><li>Mus\u00e9e du Quai Branly Pariz, zbirka za\u0161titnih predmeta iz sredozemnog prostora<\/li><\/ul><\/footer>\t\t\t\t\t\t\t\t<\/div>\n\t\t\t\t<\/div>\n\t\t\t\t\t<\/div>\n\t\t\t\t<\/div>\n\t\t<div class=\"elementor-element elementor-element-azboes13 e-flex e-con-boxed e-con e-parent\" data-id=\"azboes13\" data-element_type=\"container\" data-e-type=\"container\">\n\t\t\t\t\t<div class=\"e-con-inner\">\n\t\t\t\t<div class=\"elementor-element elementor-element-azboes13h elementor-widget elementor-widget-heading\" data-id=\"azboes13h\" data-element_type=\"widget\" data-e-type=\"widget\" data-widget_type=\"heading.default\">\n\t\t\t\t\t<div class=\"elementor-heading-title elementor-size-default\">Napomena na kraju stranice<\/div>\t\t\t\t<\/div>\n\t\t<div class=\"elementor-element elementor-element-azboes13b e-con-full e-flex e-con e-parent\" data-id=\"azboes13b\" data-element_type=\"container\" data-e-type=\"container\">\n\t\t\t\t<div class=\"elementor-element elementor-element-azboes13t elementor-widget elementor-widget-text-editor\" data-id=\"azboes13t\" data-element_type=\"widget\" data-e-type=\"widget\" data-widget_type=\"text-editor.default\">\n\t\t\t\t\t\t\t\t\t<footer data-nosnippet=\"true\" class=\"iwg-disclaimer-block\"><p data-nosnippet=\"true\">Sadr\u017eaji na ovoj stranici predstavljaju religijsko-znanstveno i kulturno-povijesno tuma\u010denje. iwell-guard nije medicinski proizvod i ne zamjenjuje lije\u010dni\u010dko ili psihoterapijsko lije\u010denje. Osobni do\u017eivljaji mogu se razlikovati. Bez obe\u0107anja iscjeljenja.<\/p><\/footer>\t\t\t\t\t\t\t\t<\/div>\n\t\t\t\t<\/div>\n\t\t\t\t\t<\/div>\n\t\t\t\t<\/div>\n\t\t<div class=\"elementor-element elementor-element-azboecta e-flex e-con-boxed e-con e-parent\" data-id=\"azboecta\" data-element_type=\"container\" data-e-type=\"container\">\n\t\t\t\t\t<div class=\"e-con-inner\">\n\t\t\t\t<div class=\"elementor-element elementor-element-azboectab elementor-align-center elementor-widget elementor-widget-button\" data-id=\"azboectab\" data-element_type=\"widget\" data-e-type=\"widget\" data-widget_type=\"button.default\">\n\t\t\t\t\t\t\t\t\t\t<a class=\"elementor-button elementor-button-link elementor-size-md\" href=\"\/ueber-iwell-guard\/\">\n\t\t\t\t\t\t<span class=\"elementor-button-content-wrapper\">\n\t\t\t\t\t\t\t\t\t<span class=\"elementor-button-text\">Vi\u0161e o iWell Guardu<\/span>\n\t\t\t\t\t<\/span>\n\t\t\t\t\t<\/a>\n\t\t\t\t\t\t\t\t<\/div>\n\t\t\t\t\t<\/div>\n\t\t\t\t<\/div>\n\t\t<div class=\"elementor-element elementor-element-iwgkw-add-boeserblick e-flex e-con-boxed e-con e-parent\" data-id=\"iwgkw-add-boeserblick\" data-element_type=\"container\" data-e-type=\"container\">\n\t\t\t\t\t<div class=\"e-con-inner\">\n\t\t\t\t<div class=\"elementor-element elementor-element-iwgkw-add-boeserblick-t elementor-widget elementor-widget-text-editor\" data-id=\"iwgkw-add-boeserblick-t\" data-element_type=\"widget\" data-e-type=\"widget\" data-widget_type=\"text-editor.default\">\n\t\t\t\t\t\t\t\t\t<p>Usporedba pojmova <em>ayin hara<\/em>, <em>mati<\/em>, <em>malocchio<\/em> i <em>nazar<\/em> pokazuje da <span class=\"iwg-fachbegriff\" data-tooltip=\"Rasprostranjeno vjerovanje da zavidan pogled druge osobe mo\u017ee nanijeti \u0161tetu.\" tabindex=\"0\">zli pogled<\/span> nije izolirana predod\u017eba jedne kulture, ve\u0107 obrazac tuma\u010denja zavisti, \u0161tete i nesre\u0107e ra\u0161iren na podru\u010dju Sredozemlja, Prednje Azije i ju\u017ene Europe.<\/p><p>U usporedbi se isti\u010du razli\u010dite za\u0161titne prakse, oblici <span class=\"iwg-fachbegriff\" data-tooltip=\"Predmet koji se nosi na tijelu i kojemu se pripisuje za\u0161titno, \u0161tetu odbijaju\u0107e djelovanje.\" tabindex=\"0\">amuleta<\/span> i ritualna protusredstva, koji su svaki na svoj na\u010din ukorijenjeni u povijesti religije i jezika.<\/p>\t\t\t\t\t\t\t\t<\/div>\n\t\t\t\t\t<\/div>\n\t\t\t\t<\/div>\n\t\t\t\t<\/div>\n\t\t","protected":false},"excerpt":{"rendered":"","protected":false},"author":3,"featured_media":2472,"parent":0,"menu_order":0,"comment_status":"closed","ping_status":"closed","template":"elementor_header_footer","meta":{"_yoast_wpseo_focuskw":"zli pogled","_yoast_wpseo_title":"Zli pogled, ayin hara, mati, malocchio, nazar","_yoast_wpseo_metadesc":"Zli pogled jedna je od najstarijih i najra\u0161irenijih vjerovanja o \u0161teti. Povijest, za\u0161titni predmeti","_yoast_wpseo_meta-robots-noindex":"","_yoast_wpseo_canonical":"","_angie_page":false,"gefaehrdungsstufe":"","wesen_kultur":"","wesen_klasse":"","footnotes":""},"categories":[],"class_list":["post-149637","page","type-page","status-publish","has-post-thumbnail","hentry"],"yoast_head":"<!-- This site is optimized with the Yoast SEO Premium plugin v27.7 (Yoast SEO v28.3) - https:\/\/yoast.com\/product\/yoast-seo-premium-wordpress\/ -->\n<title>Zli pogled, ayin hara, mati, malocchio, nazar<\/title>\n<meta name=\"description\" content=\"Zli pogled jedna je od najstarijih i najra\u0161irenijih vjerovanja o \u0161teti. Povijest, za\u0161titni predmeti\" \/>\n<meta name=\"robots\" content=\"index, follow, max-snippet:-1, max-image-preview:large, max-video-preview:-1\" \/>\n<link rel=\"canonical\" href=\"https:\/\/iwell-guard.com\/hr\/zli-pogled\/\" \/>\n<meta property=\"og:locale\" content=\"hr_HR\" \/>\n<meta property=\"og:type\" content=\"article\" \/>\n<meta property=\"og:title\" content=\"Zli pogled\" \/>\n<meta property=\"og:description\" content=\"Zli pogled jedna je od najstarijih i najra\u0161irenijih vjerovanja o \u0161teti. Povijest, za\u0161titni predmeti\" \/>\n<meta property=\"og:url\" content=\"https:\/\/iwell-guard.com\/hr\/zli-pogled\/\" \/>\n<meta property=\"og:site_name\" content=\"iWell Guard\" \/>\n<meta property=\"article:modified_time\" content=\"2026-09-04T05:28:27+00:00\" \/>\n<meta property=\"og:image\" content=\"https:\/\/iwell-guard.com\/wp-content\/uploads\/2026\/05\/schutzsymbol_mediterran_boeser-blick.webp\" \/>\n\t<meta property=\"og:image:width\" content=\"1024\" \/>\n\t<meta property=\"og:image:height\" content=\"1536\" \/>\n\t<meta property=\"og:image:type\" content=\"image\/webp\" \/>\n<meta name=\"twitter:card\" content=\"summary_large_image\" \/>\n<script type=\"application\/ld+json\" class=\"yoast-schema-graph\">{\"@context\":\"https:\\\/\\\/schema.org\",\"@graph\":[{\"@type\":\"WebPage\",\"@id\":\"https:\\\/\\\/iwell-guard.com\\\/hr\\\/zli-pogled\\\/\",\"url\":\"https:\\\/\\\/iwell-guard.com\\\/hr\\\/zli-pogled\\\/\",\"name\":\"Zli pogled, ayin hara, mati, malocchio, nazar\",\"isPartOf\":{\"@id\":\"https:\\\/\\\/iwell-guard.com\\\/hr\\\/#website\"},\"primaryImageOfPage\":{\"@id\":\"https:\\\/\\\/iwell-guard.com\\\/hr\\\/zli-pogled\\\/#primaryimage\"},\"image\":{\"@id\":\"https:\\\/\\\/iwell-guard.com\\\/hr\\\/zli-pogled\\\/#primaryimage\"},\"thumbnailUrl\":\"https:\\\/\\\/iwell-guard.com\\\/wp-content\\\/uploads\\\/2026\\\/05\\\/schutzsymbol_mediterran_boeser-blick.webp\",\"datePublished\":\"2026-09-04T05:12:15+00:00\",\"dateModified\":\"2026-09-04T05:28:27+00:00\",\"description\":\"Zli pogled jedna je od najstarijih i najra\u0161irenijih vjerovanja o \u0161teti. Povijest, za\u0161titni predmeti\",\"breadcrumb\":{\"@id\":\"https:\\\/\\\/iwell-guard.com\\\/hr\\\/zli-pogled\\\/#breadcrumb\"},\"inLanguage\":\"hr\",\"potentialAction\":[{\"@type\":\"ReadAction\",\"target\":[\"https:\\\/\\\/iwell-guard.com\\\/hr\\\/zli-pogled\\\/\"]}]},{\"@type\":\"ImageObject\",\"inLanguage\":\"hr\",\"@id\":\"https:\\\/\\\/iwell-guard.com\\\/hr\\\/zli-pogled\\\/#primaryimage\",\"url\":\"https:\\\/\\\/iwell-guard.com\\\/wp-content\\\/uploads\\\/2026\\\/05\\\/schutzsymbol_mediterran_boeser-blick.webp\",\"contentUrl\":\"https:\\\/\\\/iwell-guard.com\\\/wp-content\\\/uploads\\\/2026\\\/05\\\/schutzsymbol_mediterran_boeser-blick.webp\",\"width\":1024,\"height\":1536,\"caption\":\"Tri tradicionalna turska za\u0161titna oka nazar boncu\u011fu od plavog stakla s koncentri\u010dnim krugovima na tamnoj podlozi\"},{\"@type\":\"BreadcrumbList\",\"@id\":\"https:\\\/\\\/iwell-guard.com\\\/hr\\\/zli-pogled\\\/#breadcrumb\",\"itemListElement\":[{\"@type\":\"ListItem\",\"position\":1,\"name\":\"Start\",\"item\":\"https:\\\/\\\/iwell-guard.com\\\/hr\\\/?page_id=149317\"},{\"@type\":\"ListItem\",\"position\":2,\"name\":\"Zli pogled\"}]},{\"@type\":\"WebSite\",\"@id\":\"https:\\\/\\\/iwell-guard.com\\\/hr\\\/#website\",\"url\":\"https:\\\/\\\/iwell-guard.com\\\/hr\\\/\",\"name\":\"iWell Guard\",\"description\":\"Schutz vor dunklen Einfl\u00fcssen\",\"publisher\":{\"@id\":\"https:\\\/\\\/iwell-guard.com\\\/hr\\\/#organization\"},\"potentialAction\":[{\"@type\":\"SearchAction\",\"target\":{\"@type\":\"EntryPoint\",\"urlTemplate\":\"https:\\\/\\\/iwell-guard.com\\\/hr\\\/?s={search_term_string}\"},\"query-input\":{\"@type\":\"PropertyValueSpecification\",\"valueRequired\":true,\"valueName\":\"search_term_string\"}}],\"inLanguage\":\"hr\"},{\"@type\":\"Organization\",\"@id\":\"https:\\\/\\\/iwell-guard.com\\\/hr\\\/#organization\",\"name\":\"Ittermann electronic GmbH\",\"url\":\"https:\\\/\\\/iwell-guard.com\\\/hr\\\/\",\"logo\":{\"@type\":\"ImageObject\",\"inLanguage\":\"hr\",\"@id\":\"https:\\\/\\\/iwell-guard.com\\\/hr\\\/#\\\/schema\\\/logo\\\/image\\\/\",\"url\":\"https:\\\/\\\/iwell-guard.com\\\/wp-content\\\/uploads\\\/2026\\\/05\\\/Ittermann-Logo-1182x237-1.png\",\"contentUrl\":\"https:\\\/\\\/iwell-guard.com\\\/wp-content\\\/uploads\\\/2026\\\/05\\\/Ittermann-Logo-1182x237-1.png\",\"width\":1182,\"height\":237,\"caption\":\"Ittermann electronic GmbH\"},\"image\":{\"@id\":\"https:\\\/\\\/iwell-guard.com\\\/hr\\\/#\\\/schema\\\/logo\\\/image\\\/\"},\"sameAs\":[\"https:\\\/\\\/pantip.com\\\/profile\\\/9367242\",\"https:\\\/\\\/micro.blog\\\/iwellguard\",\"https:\\\/\\\/www.diggerslist.com\\\/iwellguard\\\/about\",\"https:\\\/\\\/skitterphoto.com\\\/photographers\\\/2870314\\\/iwell-guard\",\"https:\\\/\\\/iwellguard.wordpress.com\\\/2026\\\/06\\\/06\\\/iwell-guard\\\/\",\"https:\\\/\\\/hub.docker.com\\\/u\\\/iwellguard\",\"https:\\\/\\\/www.pinterest.com\\\/iwellguard\\\/\",\"https:\\\/\\\/bit.ly\\\/m\\\/iwellguard\",\"https:\\\/\\\/entre-vos-mains.alsace.eu\\\/profiles\\\/iwellguard\\\/activity\",\"https:\\\/\\\/gravatar.com\\\/reallybeded8fd34\",\"https:\\\/\\\/naijamatta.com\\\/iwellguard\",\"https:\\\/\\\/www.goodreads.com\\\/iwellguard\",\"https:\\\/\\\/profile.hatena.ne.jp\\\/iwellguard\\\/\",\"https:\\\/\\\/experiment.com\\\/users\\\/iwellguard\",\"https:\\\/\\\/wakelet.com\\\/@iWellGuard82270\",\"https:\\\/\\\/www.chordie.com\\\/forum\\\/profile.php?id=2555664\",\"https:\\\/\\\/www.instapaper.com\\\/p\\\/17757966\",\"https:\\\/\\\/www.mapleprimes.com\\\/users\\\/iwellguard\",\"https:\\\/\\\/businesslistingplus.com\\\/profile\\\/iwell-guard\\\/\",\"https:\\\/\\\/telegra.ph\\\/iWell-Guard-06-06\",\"https:\\\/\\\/pbase.com\\\/iwellguard\\\/iwellguard\",\"https:\\\/\\\/b.hatena.ne.jp\\\/iwellguard\\\/20260607#bookmark-4788405196491818882\",\"https:\\\/\\\/fliphtml5.com\\\/home\\\/iwellguard\",\"https:\\\/\\\/anyflip.com\\\/homepage\\\/cmiwl#About\",\"https:\\\/\\\/transfur.com\\\/Users\\\/iwellguard\",\"http:\\\/\\\/delphi.larsbo.org\\\/user\\\/iwellguard\",\"https:\\\/\\\/jobs.lajobsportal.org\\\/profiles\\\/8380803-iwell-guard\",\"https:\\\/\\\/md.chaosdorf.de\\\/s\\\/jfbe5SBdJD\",\"https:\\\/\\\/www.lingvolive.com\\\/en-us\\\/profile\\\/9ecaeaca-ce11-4e51-9e71-01d55e2bff36\\\/translations\",\"https:\\\/\\\/www.fitday.com\\\/fitness\\\/forums\\\/members\\\/iwellguard.html\",\"https:\\\/\\\/www.mymeetbook.com\\\/iwellguard\",\"https:\\\/\\\/pxhere.com\\\/en\\\/photographer-me\\\/5040798\",\"https:\\\/\\\/disqus.com\\\/by\\\/iwellguard\\\/about\\\/\",\"https:\\\/\\\/pastelink.net\\\/hjwciqwq\",\"https:\\\/\\\/pubhtml5.com\\\/homepage\\\/scjhn\\\/\",\"https:\\\/\\\/www.bitchute.com\\\/channel\\\/2O2eOKzNqujT\",\"https:\\\/\\\/audiomack.com\\\/iwellguard\"]}]}<\/script>\n<!-- \/ Yoast SEO Premium plugin. -->","yoast_head_json":{"title":"Zli pogled, ayin hara, mati, malocchio, nazar","description":"Zli pogled jedna je od najstarijih i najra\u0161irenijih vjerovanja o \u0161teti. Povijest, za\u0161titni predmeti","robots":{"index":"index","follow":"follow","max-snippet":"max-snippet:-1","max-image-preview":"max-image-preview:large","max-video-preview":"max-video-preview:-1"},"canonical":"https:\/\/iwell-guard.com\/hr\/zli-pogled\/","og_locale":"hr_HR","og_type":"article","og_title":"Zli pogled","og_description":"Zli pogled jedna je od najstarijih i najra\u0161irenijih vjerovanja o \u0161teti. Povijest, za\u0161titni predmeti","og_url":"https:\/\/iwell-guard.com\/hr\/zli-pogled\/","og_site_name":"iWell Guard","article_modified_time":"2026-09-04T05:28:27+00:00","og_image":[{"width":1024,"height":1536,"url":"https:\/\/iwell-guard.com\/wp-content\/uploads\/2026\/05\/schutzsymbol_mediterran_boeser-blick.webp","type":"image\/webp"}],"twitter_card":"summary_large_image","schema":{"@context":"https:\/\/schema.org","@graph":[{"@type":"WebPage","@id":"https:\/\/iwell-guard.com\/hr\/zli-pogled\/","url":"https:\/\/iwell-guard.com\/hr\/zli-pogled\/","name":"Zli pogled, ayin hara, mati, malocchio, nazar","isPartOf":{"@id":"https:\/\/iwell-guard.com\/hr\/#website"},"primaryImageOfPage":{"@id":"https:\/\/iwell-guard.com\/hr\/zli-pogled\/#primaryimage"},"image":{"@id":"https:\/\/iwell-guard.com\/hr\/zli-pogled\/#primaryimage"},"thumbnailUrl":"https:\/\/iwell-guard.com\/wp-content\/uploads\/2026\/05\/schutzsymbol_mediterran_boeser-blick.webp","datePublished":"2026-09-04T05:12:15+00:00","dateModified":"2026-09-04T05:28:27+00:00","description":"Zli pogled jedna je od najstarijih i najra\u0161irenijih vjerovanja o \u0161teti. Povijest, za\u0161titni predmeti","breadcrumb":{"@id":"https:\/\/iwell-guard.com\/hr\/zli-pogled\/#breadcrumb"},"inLanguage":"hr","potentialAction":[{"@type":"ReadAction","target":["https:\/\/iwell-guard.com\/hr\/zli-pogled\/"]}]},{"@type":"ImageObject","inLanguage":"hr","@id":"https:\/\/iwell-guard.com\/hr\/zli-pogled\/#primaryimage","url":"https:\/\/iwell-guard.com\/wp-content\/uploads\/2026\/05\/schutzsymbol_mediterran_boeser-blick.webp","contentUrl":"https:\/\/iwell-guard.com\/wp-content\/uploads\/2026\/05\/schutzsymbol_mediterran_boeser-blick.webp","width":1024,"height":1536,"caption":"Tri tradicionalna turska za\u0161titna oka nazar boncu\u011fu od plavog stakla s koncentri\u010dnim krugovima na tamnoj podlozi"},{"@type":"BreadcrumbList","@id":"https:\/\/iwell-guard.com\/hr\/zli-pogled\/#breadcrumb","itemListElement":[{"@type":"ListItem","position":1,"name":"Start","item":"https:\/\/iwell-guard.com\/hr\/?page_id=149317"},{"@type":"ListItem","position":2,"name":"Zli pogled"}]},{"@type":"WebSite","@id":"https:\/\/iwell-guard.com\/hr\/#website","url":"https:\/\/iwell-guard.com\/hr\/","name":"iWell Guard","description":"Schutz vor dunklen Einfl\u00fcssen","publisher":{"@id":"https:\/\/iwell-guard.com\/hr\/#organization"},"potentialAction":[{"@type":"SearchAction","target":{"@type":"EntryPoint","urlTemplate":"https:\/\/iwell-guard.com\/hr\/?s={search_term_string}"},"query-input":{"@type":"PropertyValueSpecification","valueRequired":true,"valueName":"search_term_string"}}],"inLanguage":"hr"},{"@type":"Organization","@id":"https:\/\/iwell-guard.com\/hr\/#organization","name":"Ittermann electronic GmbH","url":"https:\/\/iwell-guard.com\/hr\/","logo":{"@type":"ImageObject","inLanguage":"hr","@id":"https:\/\/iwell-guard.com\/hr\/#\/schema\/logo\/image\/","url":"https:\/\/iwell-guard.com\/wp-content\/uploads\/2026\/05\/Ittermann-Logo-1182x237-1.png","contentUrl":"https:\/\/iwell-guard.com\/wp-content\/uploads\/2026\/05\/Ittermann-Logo-1182x237-1.png","width":1182,"height":237,"caption":"Ittermann electronic GmbH"},"image":{"@id":"https:\/\/iwell-guard.com\/hr\/#\/schema\/logo\/image\/"},"sameAs":["https:\/\/pantip.com\/profile\/9367242","https:\/\/micro.blog\/iwellguard","https:\/\/www.diggerslist.com\/iwellguard\/about","https:\/\/skitterphoto.com\/photographers\/2870314\/iwell-guard","https:\/\/iwellguard.wordpress.com\/2026\/06\/06\/iwell-guard\/","https:\/\/hub.docker.com\/u\/iwellguard","https:\/\/www.pinterest.com\/iwellguard\/","https:\/\/bit.ly\/m\/iwellguard","https:\/\/entre-vos-mains.alsace.eu\/profiles\/iwellguard\/activity","https:\/\/gravatar.com\/reallybeded8fd34","https:\/\/naijamatta.com\/iwellguard","https:\/\/www.goodreads.com\/iwellguard","https:\/\/profile.hatena.ne.jp\/iwellguard\/","https:\/\/experiment.com\/users\/iwellguard","https:\/\/wakelet.com\/@iWellGuard82270","https:\/\/www.chordie.com\/forum\/profile.php?id=2555664","https:\/\/www.instapaper.com\/p\/17757966","https:\/\/www.mapleprimes.com\/users\/iwellguard","https:\/\/businesslistingplus.com\/profile\/iwell-guard\/","https:\/\/telegra.ph\/iWell-Guard-06-06","https:\/\/pbase.com\/iwellguard\/iwellguard","https:\/\/b.hatena.ne.jp\/iwellguard\/20260607#bookmark-4788405196491818882","https:\/\/fliphtml5.com\/home\/iwellguard","https:\/\/anyflip.com\/homepage\/cmiwl#About","https:\/\/transfur.com\/Users\/iwellguard","http:\/\/delphi.larsbo.org\/user\/iwellguard","https:\/\/jobs.lajobsportal.org\/profiles\/8380803-iwell-guard","https:\/\/md.chaosdorf.de\/s\/jfbe5SBdJD","https:\/\/www.lingvolive.com\/en-us\/profile\/9ecaeaca-ce11-4e51-9e71-01d55e2bff36\/translations","https:\/\/www.fitday.com\/fitness\/forums\/members\/iwellguard.html","https:\/\/www.mymeetbook.com\/iwellguard","https:\/\/pxhere.com\/en\/photographer-me\/5040798","https:\/\/disqus.com\/by\/iwellguard\/about\/","https:\/\/pastelink.net\/hjwciqwq","https:\/\/pubhtml5.com\/homepage\/scjhn\/","https:\/\/www.bitchute.com\/channel\/2O2eOKzNqujT","https:\/\/audiomack.com\/iwellguard"]}]}},"_links":{"self":[{"href":"https:\/\/iwell-guard.com\/hr\/wp-json\/wp\/v2\/pages\/149637","targetHints":{"allow":["GET"]}}],"collection":[{"href":"https:\/\/iwell-guard.com\/hr\/wp-json\/wp\/v2\/pages"}],"about":[{"href":"https:\/\/iwell-guard.com\/hr\/wp-json\/wp\/v2\/types\/page"}],"author":[{"embeddable":true,"href":"https:\/\/iwell-guard.com\/hr\/wp-json\/wp\/v2\/users\/3"}],"replies":[{"embeddable":true,"href":"https:\/\/iwell-guard.com\/hr\/wp-json\/wp\/v2\/comments?post=149637"}],"version-history":[{"count":0,"href":"https:\/\/iwell-guard.com\/hr\/wp-json\/wp\/v2\/pages\/149637\/revisions"}],"wp:featuredmedia":[{"embeddable":true,"href":"https:\/\/iwell-guard.com\/hr\/wp-json\/wp\/v2\/media\/2472"}],"wp:attachment":[{"href":"https:\/\/iwell-guard.com\/hr\/wp-json\/wp\/v2\/media?parent=149637"}],"wp:term":[{"taxonomy":"category","embeddable":true,"href":"https:\/\/iwell-guard.com\/hr\/wp-json\/wp\/v2\/categories?post=149637"}],"curies":[{"name":"wp","href":"https:\/\/api.w.org\/{rel}","templated":true}]}}