{"id":149604,"date":"2026-09-04T05:11:59","date_gmt":"2026-09-04T05:11:59","guid":{"rendered":"https:\/\/iwell-guard.com\/?page_id=149604"},"modified":"2026-09-04T05:27:41","modified_gmt":"2026-09-04T05:27:41","slug":"gello","status":"publish","type":"page","link":"https:\/\/iwell-guard.com\/hr\/gello\/","title":{"rendered":"Gello"},"content":{"rendered":"\t\t<div data-elementor-type=\"wp-page\" data-elementor-id=\"149604\" class=\"elementor elementor-149604 elementor-2207 elementor-bc-flex-widget\" data-elementor-post-type=\"page\">\n\t\t\t\t<div class=\"elementor-element elementor-element-x-h1-2207 e-con-boxed e-flex e-con e-parent\" data-id=\"x-h1-2207\" data-element_type=\"container\" data-e-type=\"container\">\n\t\t\t\t\t<div class=\"e-con-inner\">\n\t\t\t\t<div class=\"elementor-element elementor-element-x-h1w-2207 elementor-widget elementor-widget-heading\" data-id=\"x-h1w-2207\" data-element_type=\"widget\" data-e-type=\"widget\" data-widget_type=\"heading.default\">\n\t\t\t\t\t<h1 class=\"elementor-heading-title elementor-size-default\">Gello, dje\u010dja demonica gr\u010dke tradicije<\/h1>\t\t\t\t<\/div>\n\t\t\t\t\t<\/div>\n\t\t\t\t<\/div>\n\t\t<div class=\"elementor-element elementor-element-bld-h-gello e-con-boxed e-flex e-con e-parent\" data-id=\"bld-h-gello\" data-element_type=\"container\" data-e-type=\"container\">\n\t\t\t\t\t<div class=\"e-con-inner\">\n\t\t\t\t<div class=\"elementor-element elementor-element-bld-i-gello elementor-widget elementor-widget-image\" data-id=\"bld-i-gello\" data-element_type=\"widget\" data-e-type=\"widget\" data-widget_type=\"image.default\">\n\t\t\t\t\t\t\t\t\t\t\t\t\t\t\t<img fetchpriority=\"high\" decoding=\"async\" width=\"683\" height=\"1024\" src=\"https:\/\/iwell-guard.com\/wp-content\/uploads\/2026\/05\/daemonen_griechenland_gello-683x1024.webp\" class=\"attachment-large size-large wp-image-151643\" alt=\"Gello - demoni iz gr\u010dke tradicije, povijesno-ilustrativno\" srcset=\"https:\/\/iwell-guard.com\/wp-content\/uploads\/2026\/05\/daemonen_griechenland_gello-683x1024.webp 683w, https:\/\/iwell-guard.com\/wp-content\/uploads\/2026\/05\/daemonen_griechenland_gello-200x300.webp 200w, https:\/\/iwell-guard.com\/wp-content\/uploads\/2026\/05\/daemonen_griechenland_gello-768x1152.webp 768w, https:\/\/iwell-guard.com\/wp-content\/uploads\/2026\/05\/daemonen_griechenland_gello.webp 1024w\" sizes=\"(max-width: 683px) 100vw, 683px\" \/>\t\t\t\t\t\t\t\t\t\t\t\t\t\t\t<\/div>\n\t\t\t\t\t<\/div>\n\t\t\t\t<\/div>\n\t\t<div class=\"elementor-element elementor-element-x404-s0 e-con-boxed e-flex e-con e-parent\" data-id=\"x404-s0\" data-element_type=\"container\" data-e-type=\"container\">\n\t\t\t\t\t<div class=\"e-con-inner\">\n\t\t\t\t<div class=\"elementor-element elementor-element-x404-h0 elementor-widget elementor-widget-heading\" data-id=\"x404-h0\" data-element_type=\"widget\" data-e-type=\"widget\" data-widget_type=\"heading.default\">\n\t\t\t\t\t<h2 class=\"elementor-heading-title elementor-size-default\">Gello<\/h2>\t\t\t\t<\/div>\n\t\t<div class=\"elementor-element elementor-element-x404-s0-bw e-flex e-con-boxed e-con e-parent\" data-id=\"x404-s0-bw\" data-element_type=\"container\" data-e-type=\"container\" data-settings=\"{&quot;background_background&quot;:&quot;classic&quot;}\">\n\t\t\t\t\t<div class=\"e-con-inner\">\n\t\t\t\t<div class=\"elementor-element elementor-element-x404-t0 elementor-widget elementor-widget-text-editor\" data-id=\"x404-t0\" data-element_type=\"widget\" data-e-type=\"widget\" data-widget_type=\"text-editor.default\">\n\t\t\t\t\t\t\t\t\t<p>Gello (\u0393\u03b5\u03bb\u03bb\u03ce) je demonica koja prijeti djeci u gr\u010dkoj tradiciji, s korijenima u kasnoanti\u010dkoj i bizantskoj narodnoj magiji.<\/p><p>Pripada \u0161irokoj kulturnoantropolo\u0161koj obitelji bi\u0107a koja ugro\u017eavaju trudnice, \u017eene na porodu i dojen\u010dad, srodna mezopotamskoj Lamashtu, \u017eidovskoj Lilith, rimskoj Strix i sirijskoj Lilitu. Tko \u017eeli razumjeti taj kompleks u cjelini, u pregledu <a href=\"https:\/\/iwell-guard.com\/hr\/?page_id=149481\">Dje\u010dji demoni<\/a> pronalazi njegovu me\u0111ukulturnu klasifikaciju.<\/p><p>Ime Gello prvi se put spominje kod gr\u010dke pjesnikinje Sapfo (oko 600. pr. Kr., fragment 178 Lobel-Page) kao poslovica: &#8220;djecoljubivija od Gello&#8221; bio je ironi\u010dan izraz za okrutnu osobu.<\/p><p>Kasnija tradicija iz te napomene razvija cjelovit profil bi\u0107a: Gello je preminula prerano umrla mlada \u017eena koja se kao osvetoljubivi <span class=\"iwg-fachbegriff\" data-tooltip=\"Bestjelesno bi\u0107e kojemu se pripisuje djelovanje u svijetu.\" tabindex=\"0\">duh<\/span> vra\u0107a u ovaj svijet i napada djecu drugih majki, jer sama nije mogla dobiti ili podi\u0107i djecu.<\/p><div><h3>Gello u gr\u010dko-bizantskoj tradiciji<\/h3><p>Gello (tako\u0111er <em>Gylou<\/em>, <em>Gelloudes<\/em> ili <em>Gillo<\/em>) je \u017eensko demonsko bi\u0107e gr\u010dko-bizantske tradicije koje strukturno pripada \u0161irokoj klasi sukubusa, s posebnom usmjereno\u0161\u0107u na ugro\u017eavanje trudnica, \u017eena na porodu i dojen\u010dadi. Najstariji spomen nalazi se kod Sapfo (fragment 178), gdje se Gello javlja kao bi\u0107e koje utjelovljuje rano umrle djevojke.<\/p><p>U bizantskoj tradiciji ona postaje razra\u0111ena figura demona bolesti, protiv koje se koriste amuleti i liturgijske za\u0161titne formule. Novija istra\u017eivanja (Sarah Iles Johnston, <em>Restless Dead<\/em>, 1999; Richard Greenfield, <em>Traditions of Belief in Late Byzantine Demonology<\/em>, 1988) obradila su religijsko-povijesnu dubinu tradicije o Gello.<\/p><\/div>\t\t\t\t\t\t\t\t<\/div>\n\t\t\t\t\t<\/div>\n\t\t\t\t<\/div>\n\t\t\t\t\t<\/div>\n\t\t\t\t<\/div>\n\t\t<div class=\"elementor-element elementor-element-x404-s1 e-con-boxed e-flex e-con e-parent\" data-id=\"x404-s1\" data-element_type=\"container\" data-e-type=\"container\">\n\t\t\t\t\t<div class=\"e-con-inner\">\n\t\t\t\t<div class=\"elementor-element elementor-element-x404-h1 elementor-widget elementor-widget-heading\" data-id=\"x404-h1\" data-element_type=\"widget\" data-e-type=\"widget\" data-widget_type=\"heading.default\">\n\t\t\t\t\t<h2 class=\"elementor-heading-title elementor-size-default\">Kontekst i pozadina<\/h2>\t\t\t\t<\/div>\n\t\t<div class=\"elementor-element elementor-element-x404-s1-bw e-flex e-con-boxed e-con e-parent\" data-id=\"x404-s1-bw\" data-element_type=\"container\" data-e-type=\"container\" data-settings=\"{&quot;background_background&quot;:&quot;classic&quot;}\">\n\t\t\t\t\t<div class=\"e-con-inner\">\n\t\t\t\t<div class=\"elementor-element elementor-element-x404-t1 elementor-widget elementor-widget-text-editor\" data-id=\"x404-t1\" data-element_type=\"widget\" data-e-type=\"widget\" data-widget_type=\"text-editor.default\">\n\t\t\t\t\t\t\t\t\t<p>Tradicija potje\u010de iz kasnoanti\u010dke gr\u010dke i bizantske narodne magije i u religijsko-povijesnim istra\u017eivanjima dobro je dokumentirana kao kasnoanti\u010dki kompleks dje\u010djih demonica.<\/p>\t\t\t\t\t\t\t\t<\/div>\n\t\t\t\t\t<\/div>\n\t\t\t\t<\/div>\n\t\t\t\t\t<\/div>\n\t\t\t\t<\/div>\n\t\t<div class=\"elementor-element elementor-element-add-gello-s0 e-con-boxed e-flex e-con e-parent\" data-id=\"add-gello-s0\" data-element_type=\"container\" data-e-type=\"container\">\n\t\t\t\t\t<div class=\"e-con-inner\">\n\t\t\t\t<div class=\"elementor-element elementor-element-add-gello-h0 elementor-widget elementor-widget-heading\" data-id=\"add-gello-h0\" data-element_type=\"widget\" data-e-type=\"widget\" data-widget_type=\"heading.default\">\n\t\t\t\t\t<h2 class=\"elementor-heading-title elementor-size-default\">Mitolo\u0161ka pozadina<\/h2>\t\t\t\t<\/div>\n\t\t<div class=\"elementor-element elementor-element-add-gello-s0-bw e-flex e-con-boxed e-con e-parent\" data-id=\"add-gello-s0-bw\" data-element_type=\"container\" data-e-type=\"container\" data-settings=\"{&quot;background_background&quot;:&quot;classic&quot;}\">\n\t\t\t\t\t<div class=\"e-con-inner\">\n\t\t\t\t<div class=\"elementor-element elementor-element-add-gello-t0 elementor-widget elementor-widget-text-editor\" data-id=\"add-gello-t0\" data-element_type=\"widget\" data-e-type=\"widget\" data-widget_type=\"text-editor.default\">\n\t\t\t\t\t\t\t\t\t<p>Najva\u017eniji izvori za tradiciju o Gello su kasnoanti\u010dki i bizantski za\u0161titni tekstovi protiv dje\u010djih demonica. Sredi\u0161nji tekst je &#8220;Pri\u010da o svetom Sisiniju&#8221;, apokrifna hagiografska legenda u kojoj sveti Sisinije i njegova bra\u0107a Sinidoros i Sinodoros progone dje\u010dju demonicu po imenu Gyllou (u toj bizantskoj ina\u010dici pisanja) i prisiljavaju je da otkrije svojih dvanaest imena.<\/p><p>Popis imena je <span class=\"iwg-fachbegriff\" tabindex=\"0\" data-tooltip=\"Za\u0161titno usmjeren protiv zla; apotropejski simboli (Pazuzu, Hamsa, Nazar) \u0161tite od \u0161tetne magije i urokljivog pogleda.\">apotropejski<\/span>: onaj koji zna svih dvanaest imena, ima mo\u0107 nad demonicom.<\/p><p>Osim toga, sa\u010duvane su olovne plo\u010dice iz 6. do 10. stolje\u0107a, koje su se nosile kao za\u0161titni amuleti i na kojima su urezane za\u0161titne formule protiv Gello. Ta epigrafska skupina izvora povijesno-religijski je posebno vrijedna, jer pokazuje da je tradicija bila ra\u0161irena i knji\u017eevno i u konkretnoj praksi.<\/p><p>Va\u017ene filolo\u0161ke studije su A. Greenfield (&#8220;Traditions of Belief in Late Byzantine Demonology&#8221;, 1988) i R. P. H. Greenfield (&#8220;St. Sisinnios, the Archangel Michael and the Female Demon Gylou&#8221;, 1989).<\/p><div><h3>Srodnost s Lilith i Lamijom<\/h3><p>Gello zajedno sa \u017eidovskom Lilith, gr\u010dkom Lamijom i mezopotamskom Lamashtu \u010dini klasu \u017eenskih demona povezanih s poro\u0111ajem, \u010diju je povijesnu vezu u komparativnoj <span class=\"iwg-fachbegriff\" data-tooltip=\"Znanost koja istra\u017euje religije uspore\u0111uju\u0107i ih, bez vjerske pripadnosti.\" tabindex=\"0\">religiologiji<\/span> sustavno istra\u017eio ve\u0107 Bernhard Bare (<em>The Demon Child Killer in Greek and Mesopotamian Tradition<\/em>, 1976).<\/p><p>Strukturne paralele tako su blizu da se mora pretpostaviti zajedni\u010dki starinski isto\u010dni korijen, koji se u razli\u010ditim mediteranskim kulturama razvio u vlastite oblike. Bizantsko-pravoslavna marijanska tradicija poznaje vlastiti sustav za\u0161titnih zaziva i amuleta protiv Gello, koji se djelomi\u010dno nastavljaju u gr\u010dko-pravoslavnoj narodnoj religiji sve do danas.<\/p><\/div>\t\t\t\t\t\t\t\t<\/div>\n\t\t\t\t\t<\/div>\n\t\t\t\t<\/div>\n\t\t\t\t\t<\/div>\n\t\t\t\t<\/div>\n\t\t<div class=\"elementor-element elementor-element-add-gello-s1 e-con-boxed e-flex e-con e-parent\" data-id=\"add-gello-s1\" data-element_type=\"container\" data-e-type=\"container\">\n\t\t\t\t\t<div class=\"e-con-inner\">\n\t\t\t\t<div class=\"elementor-element elementor-element-add-gello-h1 elementor-widget elementor-widget-heading\" data-id=\"add-gello-h1\" data-element_type=\"widget\" data-e-type=\"widget\" data-widget_type=\"heading.default\">\n\t\t\t\t\t<h2 class=\"elementor-heading-title elementor-size-default\">Izvori<\/h2>\t\t\t\t<\/div>\n\t\t<div class=\"elementor-element elementor-element-add-gello-s1-bw e-flex e-con-boxed e-con e-parent\" data-id=\"add-gello-s1-bw\" data-element_type=\"container\" data-e-type=\"container\" data-settings=\"{&quot;background_background&quot;:&quot;classic&quot;}\">\n\t\t\t\t\t<div class=\"e-con-inner\">\n\t\t\t\t<div class=\"elementor-element elementor-element-add-gello-t1 elementor-widget elementor-widget-text-editor\" data-id=\"add-gello-t1\" data-element_type=\"widget\" data-e-type=\"widget\" data-widget_type=\"text-editor.default\">\n\t\t\t\t\t\t\t\t\t<p>Glavna literatura: A. Greenfield, &#8220;Traditions of Belief in Late Byzantine Demonology&#8221; (1988); R. P. H. Greenfield o Sisiniju i Gylou (1989); Karl Preisendanz, &#8220;Papyri Graecae Magicae&#8221; za <span class=\"iwg-fachbegriff\" data-tooltip=\"Prijelazno razdoblje izme\u0111u antike i srednjeg vijeka, otprilike od 3. do 7. stolje\u0107a.\" tabindex=\"0\">kasnoanti\u010dku<\/span> <span class=\"iwg-fachbegriff\" data-tooltip=\"Prakse koje posebnim postupcima ili formulama \u017eele utjecati na tijek stvari.\" tabindex=\"0\">magijsku<\/span> tradiciju. Uz to, arheolo\u0161ko-epigrafska skupina izvora olovnih amuleta iz 6. do 10. stolje\u0107a, objavljena u nekoliko zbirnih izdanja.<\/p><div><h3>Gello u za\u0161titnom polju iWell Guard<\/h3><p>Gello spada u drugi sloj za\u0161titnog polja iWell Guard (vidi <a href=\"https:\/\/iwell-guard.com\/hr\/?page_id=149610\">pregled funkcija<\/a>): poku\u0161aje duhova i demona da ugroze nositelja ili njegovu trudno\u0107u, porod ili dojen\u010dad za\u0161titni \u0161tit odbija.<\/p><p>Povijesna tradicija za\u0161tite od Gello nudi religijsko-povijesnu lekciju: za\u0161titne prakse protiv ove klase demona razra\u0111ene su u gotovo svim razvijenim mediteranskim kulturama, \u0161to upu\u0107uje na univerzalnu iskustvenu podlogu iza tih izvje\u0161taja.<\/p><\/div>\t\t\t\t\t\t\t\t<\/div>\n\t\t\t\t\t<\/div>\n\t\t\t\t<\/div>\n\t\t\t\t\t<\/div>\n\t\t\t\t<\/div>\n\t\t<div class=\"elementor-element elementor-element-add-gello-s2 e-con-boxed e-flex e-con e-parent\" data-id=\"add-gello-s2\" data-element_type=\"container\" data-e-type=\"container\">\n\t\t\t\t\t<div class=\"e-con-inner\">\n\t\t\t\t<div class=\"elementor-element elementor-element-add-gello-h2 elementor-widget elementor-widget-heading\" data-id=\"add-gello-h2\" data-element_type=\"widget\" data-e-type=\"widget\" data-widget_type=\"heading.default\">\n\t\t\t\t\t<h2 class=\"elementor-heading-title elementor-size-default\">Paralele<\/h2>\t\t\t\t<\/div>\n\t\t<div class=\"elementor-element elementor-element-add-gello-s2-bw e-flex e-con-boxed e-con e-parent\" data-id=\"add-gello-s2-bw\" data-element_type=\"container\" data-e-type=\"container\" data-settings=\"{&quot;background_background&quot;:&quot;classic&quot;}\">\n\t\t\t\t\t<div class=\"e-con-inner\">\n\t\t\t\t<div class=\"elementor-element elementor-element-add-gello-t2 elementor-widget elementor-widget-text-editor\" data-id=\"add-gello-t2\" data-element_type=\"widget\" data-e-type=\"widget\" data-widget_type=\"text-editor.default\">\n\t\t\t\t\t\t\t\t\t<footer class=\"iwg-literatur\"><p>Gello ima brojne paralele u susjednim tradicijama: u semitskom svijetu u velikoj mjeri odgovara Lilith i akadskoj Lamashtu, s kojima djeli profil bi\u0107a koje prijeti djeci, \u017eensko je, iznimno pokretljivo (putuje kroz zrak) i ima ambivalentan status izme\u0111u duha i demona.<\/p><p>U rimskoj tradiciji najbli\u017ea srodnica joj je Strix (demonica djece u obliku ptice), u slavenskoj tradiciji Mora ili Mara, a u \u017eidovskoj tradiciji Lilith sa svojim prethodnicama.<\/p><p>Kulturnoantropolo\u0161ka istra\u017eivanja u toj kulturnoj postojanosti vide manje u\u010dinak difuzije, a vi\u0161e funkcionalnu konvergenciju: visoka smrtnost dojen\u010dadi i \u017eena u babinjama u premodernim dru\u0161tvima stvarala je potrebu za obja\u0161njenjem i za\u0161titom, \u0161to je u brojnim kulturama iznjedrilo sli\u010dne profile bi\u0107a.<\/p><p>Tradicija za\u0161tite od Gello i njezinih srodnica naj\u0161ira je povijesna osnova kasnije tradicije za\u0161tite u cjelini: apotropejski amuleti, za\u0161titni prizivi i ritualizirane prakse \u010di\u0161\u0107enja imaju upravo ovdje svoje najstarije i kulturno najstalnije podru\u010dje primjene.<\/p><h3>Poveznice s iWell Guard<\/h3><p>Na iWell Guard Gello je unos u leksikonu gr\u010dke tradicije (vidi <a href=\"https:\/\/iwell-guard.com\/hr\/?page_id=149331\">Gr\u010dka<\/a>) i istovremeno dio pregleda klase <a href=\"https:\/\/iwell-guard.com\/hr\/?page_id=149481\">Demoni djece<\/a>. Srodni pojedina\u010dni \u010dlanci su <a href=\"https:\/\/iwell-guard.com\/hr\/?page_id=149334\">Lamia<\/a> kao najpoznatija gr\u010dka demonica djece, <a href=\"https:\/\/iwell-guard.com\/hr\/?page_id=149333\">Empusa<\/a> iz srodnog kompleksa sukuba i <a href=\"https:\/\/iwell-guard.com\/hr\/?page_id=149344\">Lilith<\/a> kao \u017eidovski pandan.<\/p><p>Tradicija o Gello dio je kasnoanti\u010dke gr\u010dke <span class=\"iwg-fachbegriff\" data-tooltip=\"Ukupnost predanih pri\u010da o bogovima jedne kulture.\" tabindex=\"0\">mitologije<\/span> i istra\u017eivanja narodnih vjerovanja o demonima djece.<\/p><p>Tradicija o Gello dio je kasnoanti\u010dke gr\u010dke <span class=\"iwg-fachbegriff\" data-tooltip=\"Ukupnost predanih pri\u010da o bogovima jedne kulture.\" tabindex=\"0\">mitologije<\/span> i istra\u017eivanja narodnih vjerovanja o demonima djece.<\/p><p>Tradicija o Gello dio je kasnoanti\u010dke gr\u010dke <span class=\"iwg-fachbegriff\" data-tooltip=\"Ukupnost predanih pri\u010da o bogovima jedne kulture.\" tabindex=\"0\">mitologije<\/span> i tradicije narodnih vjerovanja.<\/p><\/footer>\t\t\t\t\t\t\t\t<\/div>\n\t\t\t\t\t<\/div>\n\t\t\t\t<\/div>\n\t\t\t\t\t<\/div>\n\t\t\t\t<\/div>\n\t\t\t\t<\/div>\n\t\t","protected":false},"excerpt":{"rendered":"","protected":false},"author":3,"featured_media":2279,"parent":0,"menu_order":0,"comment_status":"closed","ping_status":"closed","template":"elementor_header_footer","meta":{"_yoast_wpseo_focuskw":"gello","_yoast_wpseo_title":"Gello \u2013 dje\u010dja demonica bizantske tradicije","_yoast_wpseo_metadesc":"Dje\u010dja demonica gr\u010dko-bizantske tradicije, usporediva s Lamijom i Mormo. Vjeruje se da nanosi \u0161tetu trudnicama i novoro\u0111en\u010dadi. O njoj se govori u ranim","_yoast_wpseo_meta-robots-noindex":"1","_yoast_wpseo_canonical":"","_angie_page":false,"gefaehrdungsstufe":"","wesen_kultur":"","wesen_klasse":"","footnotes":""},"categories":[],"class_list":["post-149604","page","type-page","status-publish","has-post-thumbnail","hentry"],"yoast_head":"<!-- This site is optimized with the Yoast SEO Premium plugin v27.7 (Yoast SEO v28.3) - https:\/\/yoast.com\/product\/yoast-seo-premium-wordpress\/ -->\n<title>Gello \u2013 dje\u010dja demonica bizantske tradicije<\/title>\n<meta name=\"description\" content=\"Dje\u010dja demonica gr\u010dko-bizantske tradicije, usporediva s Lamijom i Mormo. Vjeruje se da nanosi \u0161tetu trudnicama i novoro\u0111en\u010dadi. O njoj se govori u ranim\" \/>\n<meta name=\"robots\" content=\"noindex, follow\" \/>\n<meta property=\"og:locale\" content=\"hr_HR\" \/>\n<meta property=\"og:type\" content=\"article\" \/>\n<meta property=\"og:title\" content=\"Gello\" \/>\n<meta property=\"og:description\" content=\"Dje\u010dja demonica gr\u010dko-bizantske tradicije, usporediva s Lamijom i Mormo. Vjeruje se da nanosi \u0161tetu trudnicama i novoro\u0111en\u010dadi. O njoj se govori u ranim\" \/>\n<meta property=\"og:url\" content=\"https:\/\/iwell-guard.com\/hr\/gello\/\" \/>\n<meta property=\"og:site_name\" content=\"iWell Guard\" \/>\n<meta property=\"article:modified_time\" content=\"2026-09-04T05:27:41+00:00\" \/>\n<meta property=\"og:image\" content=\"https:\/\/iwell-guard.com\/wp-content\/uploads\/2026\/05\/daemonen_griechenland_gello.webp\" \/>\n\t<meta property=\"og:image:width\" content=\"1024\" \/>\n\t<meta property=\"og:image:height\" content=\"1536\" \/>\n\t<meta property=\"og:image:type\" content=\"image\/webp\" \/>\n<meta name=\"twitter:card\" content=\"summary_large_image\" \/>\n<script type=\"application\/ld+json\" class=\"yoast-schema-graph\">{\"@context\":\"https:\\\/\\\/schema.org\",\"@graph\":[{\"@type\":\"WebPage\",\"@id\":\"https:\\\/\\\/iwell-guard.com\\\/hr\\\/gello\\\/\",\"url\":\"https:\\\/\\\/iwell-guard.com\\\/hr\\\/gello\\\/\",\"name\":\"Gello \u2013 dje\u010dja demonica bizantske tradicije\",\"isPartOf\":{\"@id\":\"https:\\\/\\\/iwell-guard.com\\\/hr\\\/#website\"},\"primaryImageOfPage\":{\"@id\":\"https:\\\/\\\/iwell-guard.com\\\/hr\\\/gello\\\/#primaryimage\"},\"image\":{\"@id\":\"https:\\\/\\\/iwell-guard.com\\\/hr\\\/gello\\\/#primaryimage\"},\"thumbnailUrl\":\"https:\\\/\\\/iwell-guard.com\\\/wp-content\\\/uploads\\\/2026\\\/05\\\/daemonen_griechenland_gello.webp\",\"datePublished\":\"2026-09-04T05:11:59+00:00\",\"dateModified\":\"2026-09-04T05:27:41+00:00\",\"description\":\"Dje\u010dja demonica gr\u010dko-bizantske tradicije, usporediva s Lamijom i Mormo. Vjeruje se da nanosi \u0161tetu trudnicama i novoro\u0111en\u010dadi. O njoj se govori u ranim\",\"breadcrumb\":{\"@id\":\"https:\\\/\\\/iwell-guard.com\\\/hr\\\/gello\\\/#breadcrumb\"},\"inLanguage\":\"hr\",\"potentialAction\":[{\"@type\":\"ReadAction\",\"target\":[\"https:\\\/\\\/iwell-guard.com\\\/hr\\\/gello\\\/\"]}]},{\"@type\":\"ImageObject\",\"inLanguage\":\"hr\",\"@id\":\"https:\\\/\\\/iwell-guard.com\\\/hr\\\/gello\\\/#primaryimage\",\"url\":\"https:\\\/\\\/iwell-guard.com\\\/wp-content\\\/uploads\\\/2026\\\/05\\\/daemonen_griechenland_gello.webp\",\"contentUrl\":\"https:\\\/\\\/iwell-guard.com\\\/wp-content\\\/uploads\\\/2026\\\/05\\\/daemonen_griechenland_gello.webp\",\"width\":1024,\"height\":1536,\"caption\":\"Demoni iz gr\u010dke tradicije.\"},{\"@type\":\"BreadcrumbList\",\"@id\":\"https:\\\/\\\/iwell-guard.com\\\/hr\\\/gello\\\/#breadcrumb\",\"itemListElement\":[{\"@type\":\"ListItem\",\"position\":1,\"name\":\"Start\",\"item\":\"https:\\\/\\\/iwell-guard.com\\\/hr\\\/?page_id=149317\"},{\"@type\":\"ListItem\",\"position\":2,\"name\":\"Gello\"}]},{\"@type\":\"WebSite\",\"@id\":\"https:\\\/\\\/iwell-guard.com\\\/hr\\\/#website\",\"url\":\"https:\\\/\\\/iwell-guard.com\\\/hr\\\/\",\"name\":\"iWell Guard\",\"description\":\"Schutz vor dunklen Einfl\u00fcssen\",\"publisher\":{\"@id\":\"https:\\\/\\\/iwell-guard.com\\\/hr\\\/#organization\"},\"potentialAction\":[{\"@type\":\"SearchAction\",\"target\":{\"@type\":\"EntryPoint\",\"urlTemplate\":\"https:\\\/\\\/iwell-guard.com\\\/hr\\\/?s={search_term_string}\"},\"query-input\":{\"@type\":\"PropertyValueSpecification\",\"valueRequired\":true,\"valueName\":\"search_term_string\"}}],\"inLanguage\":\"hr\"},{\"@type\":\"Organization\",\"@id\":\"https:\\\/\\\/iwell-guard.com\\\/hr\\\/#organization\",\"name\":\"Ittermann electronic GmbH\",\"url\":\"https:\\\/\\\/iwell-guard.com\\\/hr\\\/\",\"logo\":{\"@type\":\"ImageObject\",\"inLanguage\":\"hr\",\"@id\":\"https:\\\/\\\/iwell-guard.com\\\/hr\\\/#\\\/schema\\\/logo\\\/image\\\/\",\"url\":\"https:\\\/\\\/iwell-guard.com\\\/wp-content\\\/uploads\\\/2026\\\/05\\\/Ittermann-Logo-1182x237-1.png\",\"contentUrl\":\"https:\\\/\\\/iwell-guard.com\\\/wp-content\\\/uploads\\\/2026\\\/05\\\/Ittermann-Logo-1182x237-1.png\",\"width\":1182,\"height\":237,\"caption\":\"Ittermann electronic GmbH\"},\"image\":{\"@id\":\"https:\\\/\\\/iwell-guard.com\\\/hr\\\/#\\\/schema\\\/logo\\\/image\\\/\"},\"sameAs\":[\"https:\\\/\\\/pantip.com\\\/profile\\\/9367242\",\"https:\\\/\\\/micro.blog\\\/iwellguard\",\"https:\\\/\\\/www.diggerslist.com\\\/iwellguard\\\/about\",\"https:\\\/\\\/skitterphoto.com\\\/photographers\\\/2870314\\\/iwell-guard\",\"https:\\\/\\\/iwellguard.wordpress.com\\\/2026\\\/06\\\/06\\\/iwell-guard\\\/\",\"https:\\\/\\\/hub.docker.com\\\/u\\\/iwellguard\",\"https:\\\/\\\/www.pinterest.com\\\/iwellguard\\\/\",\"https:\\\/\\\/bit.ly\\\/m\\\/iwellguard\",\"https:\\\/\\\/entre-vos-mains.alsace.eu\\\/profiles\\\/iwellguard\\\/activity\",\"https:\\\/\\\/gravatar.com\\\/reallybeded8fd34\",\"https:\\\/\\\/naijamatta.com\\\/iwellguard\",\"https:\\\/\\\/www.goodreads.com\\\/iwellguard\",\"https:\\\/\\\/profile.hatena.ne.jp\\\/iwellguard\\\/\",\"https:\\\/\\\/experiment.com\\\/users\\\/iwellguard\",\"https:\\\/\\\/wakelet.com\\\/@iWellGuard82270\",\"https:\\\/\\\/www.chordie.com\\\/forum\\\/profile.php?id=2555664\",\"https:\\\/\\\/www.instapaper.com\\\/p\\\/17757966\",\"https:\\\/\\\/www.mapleprimes.com\\\/users\\\/iwellguard\",\"https:\\\/\\\/businesslistingplus.com\\\/profile\\\/iwell-guard\\\/\",\"https:\\\/\\\/telegra.ph\\\/iWell-Guard-06-06\",\"https:\\\/\\\/pbase.com\\\/iwellguard\\\/iwellguard\",\"https:\\\/\\\/b.hatena.ne.jp\\\/iwellguard\\\/20260607#bookmark-4788405196491818882\",\"https:\\\/\\\/fliphtml5.com\\\/home\\\/iwellguard\",\"https:\\\/\\\/anyflip.com\\\/homepage\\\/cmiwl#About\",\"https:\\\/\\\/transfur.com\\\/Users\\\/iwellguard\",\"http:\\\/\\\/delphi.larsbo.org\\\/user\\\/iwellguard\",\"https:\\\/\\\/jobs.lajobsportal.org\\\/profiles\\\/8380803-iwell-guard\",\"https:\\\/\\\/md.chaosdorf.de\\\/s\\\/jfbe5SBdJD\",\"https:\\\/\\\/www.lingvolive.com\\\/en-us\\\/profile\\\/9ecaeaca-ce11-4e51-9e71-01d55e2bff36\\\/translations\",\"https:\\\/\\\/www.fitday.com\\\/fitness\\\/forums\\\/members\\\/iwellguard.html\",\"https:\\\/\\\/www.mymeetbook.com\\\/iwellguard\",\"https:\\\/\\\/pxhere.com\\\/en\\\/photographer-me\\\/5040798\",\"https:\\\/\\\/disqus.com\\\/by\\\/iwellguard\\\/about\\\/\",\"https:\\\/\\\/pastelink.net\\\/hjwciqwq\",\"https:\\\/\\\/pubhtml5.com\\\/homepage\\\/scjhn\\\/\",\"https:\\\/\\\/www.bitchute.com\\\/channel\\\/2O2eOKzNqujT\",\"https:\\\/\\\/audiomack.com\\\/iwellguard\"]}]}<\/script>\n<!-- \/ Yoast SEO Premium plugin. -->","yoast_head_json":{"title":"Gello \u2013 dje\u010dja demonica bizantske tradicije","description":"Dje\u010dja demonica gr\u010dko-bizantske tradicije, usporediva s Lamijom i Mormo. Vjeruje se da nanosi \u0161tetu trudnicama i novoro\u0111en\u010dadi. O njoj se govori u ranim","robots":{"index":"noindex","follow":"follow"},"og_locale":"hr_HR","og_type":"article","og_title":"Gello","og_description":"Dje\u010dja demonica gr\u010dko-bizantske tradicije, usporediva s Lamijom i Mormo. Vjeruje se da nanosi \u0161tetu trudnicama i novoro\u0111en\u010dadi. O njoj se govori u ranim","og_url":"https:\/\/iwell-guard.com\/hr\/gello\/","og_site_name":"iWell Guard","article_modified_time":"2026-09-04T05:27:41+00:00","og_image":[{"width":1024,"height":1536,"url":"https:\/\/iwell-guard.com\/wp-content\/uploads\/2026\/05\/daemonen_griechenland_gello.webp","type":"image\/webp"}],"twitter_card":"summary_large_image","schema":{"@context":"https:\/\/schema.org","@graph":[{"@type":"WebPage","@id":"https:\/\/iwell-guard.com\/hr\/gello\/","url":"https:\/\/iwell-guard.com\/hr\/gello\/","name":"Gello \u2013 dje\u010dja demonica bizantske tradicije","isPartOf":{"@id":"https:\/\/iwell-guard.com\/hr\/#website"},"primaryImageOfPage":{"@id":"https:\/\/iwell-guard.com\/hr\/gello\/#primaryimage"},"image":{"@id":"https:\/\/iwell-guard.com\/hr\/gello\/#primaryimage"},"thumbnailUrl":"https:\/\/iwell-guard.com\/wp-content\/uploads\/2026\/05\/daemonen_griechenland_gello.webp","datePublished":"2026-09-04T05:11:59+00:00","dateModified":"2026-09-04T05:27:41+00:00","description":"Dje\u010dja demonica gr\u010dko-bizantske tradicije, usporediva s Lamijom i Mormo. Vjeruje se da nanosi \u0161tetu trudnicama i novoro\u0111en\u010dadi. O njoj se govori u ranim","breadcrumb":{"@id":"https:\/\/iwell-guard.com\/hr\/gello\/#breadcrumb"},"inLanguage":"hr","potentialAction":[{"@type":"ReadAction","target":["https:\/\/iwell-guard.com\/hr\/gello\/"]}]},{"@type":"ImageObject","inLanguage":"hr","@id":"https:\/\/iwell-guard.com\/hr\/gello\/#primaryimage","url":"https:\/\/iwell-guard.com\/wp-content\/uploads\/2026\/05\/daemonen_griechenland_gello.webp","contentUrl":"https:\/\/iwell-guard.com\/wp-content\/uploads\/2026\/05\/daemonen_griechenland_gello.webp","width":1024,"height":1536,"caption":"Demoni iz gr\u010dke tradicije."},{"@type":"BreadcrumbList","@id":"https:\/\/iwell-guard.com\/hr\/gello\/#breadcrumb","itemListElement":[{"@type":"ListItem","position":1,"name":"Start","item":"https:\/\/iwell-guard.com\/hr\/?page_id=149317"},{"@type":"ListItem","position":2,"name":"Gello"}]},{"@type":"WebSite","@id":"https:\/\/iwell-guard.com\/hr\/#website","url":"https:\/\/iwell-guard.com\/hr\/","name":"iWell Guard","description":"Schutz vor dunklen Einfl\u00fcssen","publisher":{"@id":"https:\/\/iwell-guard.com\/hr\/#organization"},"potentialAction":[{"@type":"SearchAction","target":{"@type":"EntryPoint","urlTemplate":"https:\/\/iwell-guard.com\/hr\/?s={search_term_string}"},"query-input":{"@type":"PropertyValueSpecification","valueRequired":true,"valueName":"search_term_string"}}],"inLanguage":"hr"},{"@type":"Organization","@id":"https:\/\/iwell-guard.com\/hr\/#organization","name":"Ittermann electronic GmbH","url":"https:\/\/iwell-guard.com\/hr\/","logo":{"@type":"ImageObject","inLanguage":"hr","@id":"https:\/\/iwell-guard.com\/hr\/#\/schema\/logo\/image\/","url":"https:\/\/iwell-guard.com\/wp-content\/uploads\/2026\/05\/Ittermann-Logo-1182x237-1.png","contentUrl":"https:\/\/iwell-guard.com\/wp-content\/uploads\/2026\/05\/Ittermann-Logo-1182x237-1.png","width":1182,"height":237,"caption":"Ittermann electronic GmbH"},"image":{"@id":"https:\/\/iwell-guard.com\/hr\/#\/schema\/logo\/image\/"},"sameAs":["https:\/\/pantip.com\/profile\/9367242","https:\/\/micro.blog\/iwellguard","https:\/\/www.diggerslist.com\/iwellguard\/about","https:\/\/skitterphoto.com\/photographers\/2870314\/iwell-guard","https:\/\/iwellguard.wordpress.com\/2026\/06\/06\/iwell-guard\/","https:\/\/hub.docker.com\/u\/iwellguard","https:\/\/www.pinterest.com\/iwellguard\/","https:\/\/bit.ly\/m\/iwellguard","https:\/\/entre-vos-mains.alsace.eu\/profiles\/iwellguard\/activity","https:\/\/gravatar.com\/reallybeded8fd34","https:\/\/naijamatta.com\/iwellguard","https:\/\/www.goodreads.com\/iwellguard","https:\/\/profile.hatena.ne.jp\/iwellguard\/","https:\/\/experiment.com\/users\/iwellguard","https:\/\/wakelet.com\/@iWellGuard82270","https:\/\/www.chordie.com\/forum\/profile.php?id=2555664","https:\/\/www.instapaper.com\/p\/17757966","https:\/\/www.mapleprimes.com\/users\/iwellguard","https:\/\/businesslistingplus.com\/profile\/iwell-guard\/","https:\/\/telegra.ph\/iWell-Guard-06-06","https:\/\/pbase.com\/iwellguard\/iwellguard","https:\/\/b.hatena.ne.jp\/iwellguard\/20260607#bookmark-4788405196491818882","https:\/\/fliphtml5.com\/home\/iwellguard","https:\/\/anyflip.com\/homepage\/cmiwl#About","https:\/\/transfur.com\/Users\/iwellguard","http:\/\/delphi.larsbo.org\/user\/iwellguard","https:\/\/jobs.lajobsportal.org\/profiles\/8380803-iwell-guard","https:\/\/md.chaosdorf.de\/s\/jfbe5SBdJD","https:\/\/www.lingvolive.com\/en-us\/profile\/9ecaeaca-ce11-4e51-9e71-01d55e2bff36\/translations","https:\/\/www.fitday.com\/fitness\/forums\/members\/iwellguard.html","https:\/\/www.mymeetbook.com\/iwellguard","https:\/\/pxhere.com\/en\/photographer-me\/5040798","https:\/\/disqus.com\/by\/iwellguard\/about\/","https:\/\/pastelink.net\/hjwciqwq","https:\/\/pubhtml5.com\/homepage\/scjhn\/","https:\/\/www.bitchute.com\/channel\/2O2eOKzNqujT","https:\/\/audiomack.com\/iwellguard"]}]}},"_links":{"self":[{"href":"https:\/\/iwell-guard.com\/hr\/wp-json\/wp\/v2\/pages\/149604","targetHints":{"allow":["GET"]}}],"collection":[{"href":"https:\/\/iwell-guard.com\/hr\/wp-json\/wp\/v2\/pages"}],"about":[{"href":"https:\/\/iwell-guard.com\/hr\/wp-json\/wp\/v2\/types\/page"}],"author":[{"embeddable":true,"href":"https:\/\/iwell-guard.com\/hr\/wp-json\/wp\/v2\/users\/3"}],"replies":[{"embeddable":true,"href":"https:\/\/iwell-guard.com\/hr\/wp-json\/wp\/v2\/comments?post=149604"}],"version-history":[{"count":0,"href":"https:\/\/iwell-guard.com\/hr\/wp-json\/wp\/v2\/pages\/149604\/revisions"}],"wp:featuredmedia":[{"embeddable":true,"href":"https:\/\/iwell-guard.com\/hr\/wp-json\/wp\/v2\/media\/2279"}],"wp:attachment":[{"href":"https:\/\/iwell-guard.com\/hr\/wp-json\/wp\/v2\/media?parent=149604"}],"wp:term":[{"taxonomy":"category","embeddable":true,"href":"https:\/\/iwell-guard.com\/hr\/wp-json\/wp\/v2\/categories?post=149604"}],"curies":[{"name":"wp","href":"https:\/\/api.w.org\/{rel}","templated":true}]}}