{"id":149601,"date":"2026-09-04T05:11:57","date_gmt":"2026-09-04T05:11:57","guid":{"rendered":"https:\/\/iwell-guard.com\/?page_id=149601"},"modified":"2026-09-04T05:27:36","modified_gmt":"2026-09-04T05:27:36","slug":"genij","status":"publish","type":"page","link":"https:\/\/iwell-guard.com\/hr\/genij\/","title":{"rendered":"Genij"},"content":{"rendered":"\t\t<div data-elementor-type=\"wp-page\" data-elementor-id=\"149601\" class=\"elementor elementor-149601 elementor-2194 elementor-bc-flex-widget\" data-elementor-post-type=\"page\">\n\t\t\t\t<div class=\"elementor-element elementor-element-10fdade e-flex e-con-boxed e-con e-parent\" data-id=\"10fdade\" data-element_type=\"container\" data-e-type=\"container\" data-settings=\"{&quot;background_background&quot;:&quot;classic&quot;}\">\n\t\t\t\t\t<div class=\"e-con-inner\">\n\t\t<div class=\"elementor-element elementor-element-herohlft0 e-flex e-con-boxed e-con e-child\" data-id=\"herohlft0\" data-element_type=\"container\" data-e-type=\"container\">\n\t\t\t\t\t<div class=\"e-con-inner\">\n\t\t<div class=\"elementor-element elementor-element-c3ceb64 e-con-full e-flex e-con e-child\" data-id=\"c3ceb64\" data-element_type=\"container\" data-e-type=\"container\">\n\t\t\t\t<div class=\"elementor-element elementor-element-96ae5e1 elementor-widget elementor-widget-heading\" data-id=\"96ae5e1\" data-element_type=\"widget\" data-e-type=\"widget\" data-widget_type=\"heading.default\">\n\t\t\t\t\t<h1 class=\"elementor-heading-title elementor-size-default\">Genij Rimski, duh rimske tradicije<\/h1>\t\t\t\t<\/div>\n\t\t\t\t<div class=\"elementor-element elementor-element-e45238a elementor-widget elementor-widget-text-editor\" data-id=\"e45238a\" data-element_type=\"widget\" data-e-type=\"widget\" data-widget_type=\"text-editor.default\">\n\t\t\t\t\t\t\t\t\t<p>Genij je za\u0161titni\u010dki duh osobe, obitelji ili mjesta u rimskoj tradiciji. Ime u izvornom zna\u010denju zna\u010di \u201eonaj koji ra\u0111a\u201d i upu\u0107uje na snagu koja stvara i odr\u017eava \u017eivot. Religijskopovijesno gledano, Genij je primjer <span class=\"iwg-fachbegriff\" data-tooltip=\"Vjerovanje prema kojem i \u017eivotinje, biljke i predmeti posjeduju du\u0161u.\" tabindex=\"0\">animizma<\/span> u <span class=\"iwg-fachbegriff\" data-tooltip=\"Vjerovanje u vi\u0161e bogova.\" tabindex=\"0\">politeizmu<\/span>, jer nisu sva bi\u0107a bogovi, ali svako ima svoj za\u0161titni\u010dki <span class=\"iwg-fachbegriff\" data-tooltip=\"Netjelesno bi\u0107e kojemu se pripisuje djelovanje u svijetu.\" tabindex=\"0\">duh<\/span>. Kao rimski za\u0161titni\u010dki duh, Genij pratio je pojedinca od ro\u0111enja do smrti.<\/p>\t\t\t\t\t\t\t\t<\/div>\n\t\t\t\t<\/div>\n\t\t<div class=\"elementor-element elementor-element-klsbdg01 e-con-full e-flex e-con e-parent\" data-id=\"klsbdg01\" data-element_type=\"container\" data-e-type=\"container\">\n\t\t\t\t<div class=\"elementor-element elementor-element-klshtm01 elementor-widget elementor-widget-html\" data-id=\"klshtm01\" data-element_type=\"widget\" data-e-type=\"widget\" data-widget_type=\"html.default\">\n\t\t\t\t\t<div class=\"iwg-pill-row\"><span class=\"iwg-klasse-badge\" tabindex=\"0\" data-tooltip=\"Duh: Nekorporealno ili poludukorporealno bi\u0107e, preminuli, prirodna bi\u0107a, ku\u0107ni duhovi ili \u010duvari pragova. Djeluje u svakodnevnom \u017eivotu, \u010desto vezan za mjesta ili obitelji.\">Duh<\/span><a href=\"https:\/\/iwell-guard.com\/hr\/?page_id=149330\" class=\"iwg-kultur-badge\" tabindex=\"0\" data-tooltip=\"Rimska religija od kraljevskog doba do kasne antike, sinkretisti\u010dki povezana s gr\u010dkim i etru\u0161\u010danskim slojevima.\">Rim<\/a><a href=\"https:\/\/iwell-guard.com\/hr\/?page_id=149445\" class=\"iwg-tradition-badge\" tabindex=\"0\" data-tooltip=\"Za\u0161titni\u010dka bo\u017eanstva, \u010duvari ku\u0107e, grada, ro\u0111enja, putovanja ili \u017eivotnih razdoblja.\">Za\u0161titni\u010dko bo\u017eanstvo<\/a><\/div>\t\t\t\t<\/div>\n\t\t\t\t<\/div>\n\t\t<div class=\"elementor-element elementor-element-3f74855 e-con-full e-flex e-con e-child\" data-id=\"3f74855\" data-element_type=\"container\" data-e-type=\"container\">\n\t\t\t\t<div class=\"elementor-element elementor-element-1c30362 elementor-toc--minimized-on-tablet elementor-widget elementor-widget-table-of-contents\" data-id=\"1c30362\" data-element_type=\"widget\" data-e-type=\"widget\" data-settings=\"{&quot;exclude_headings_by_selector&quot;:[],&quot;no_headings_message&quot;:&quot;Na ovoj stranici nisu prona\\u0111eni naslovi.&quot;,&quot;headings_by_tags&quot;:[&quot;h2&quot;,&quot;h3&quot;],&quot;marker_view&quot;:&quot;bullets&quot;,&quot;minimize_box&quot;:&quot;yes&quot;,&quot;icon&quot;:{&quot;value&quot;:&quot;fas fa-circle&quot;,&quot;library&quot;:&quot;fa-solid&quot;,&quot;rendered_tag&quot;:&quot;&lt;svg class=\\&quot;e-font-icon-svg e-fas-circle\\&quot; viewBox=\\&quot;0 0 512 512\\&quot; xmlns=\\&quot;http:\\\/\\\/www.w3.org\\\/2000\\\/svg\\&quot;&gt;&lt;path d=\\&quot;M256 8C119 8 8 119 8 256s111 248 248 248 248-111 248-248S393 8 256 8z\\&quot;&gt;&lt;\\\/path&gt;&lt;\\\/svg&gt;&quot;},&quot;minimized_on&quot;:&quot;tablet&quot;,&quot;hierarchical_view&quot;:&quot;yes&quot;,&quot;min_height&quot;:{&quot;unit&quot;:&quot;px&quot;,&quot;size&quot;:&quot;&quot;,&quot;sizes&quot;:[]},&quot;min_height_tablet&quot;:{&quot;unit&quot;:&quot;px&quot;,&quot;size&quot;:&quot;&quot;,&quot;sizes&quot;:[]},&quot;min_height_mobile&quot;:{&quot;unit&quot;:&quot;px&quot;,&quot;size&quot;:&quot;&quot;,&quot;sizes&quot;:[]}}\" data-widget_type=\"table-of-contents.default\">\n\t\t\t\t\t\t\t\t\t<div class=\"elementor-toc__header\">\n\t\t\t\t\t\t<h2 class=\"elementor-toc__header-title\">\n\t\t\t\tSadr\u017eaj\t\t\t<\/h2>\n\t\t\t\t\t\t\t\t\t\t<div class=\"elementor-toc__toggle-button elementor-toc__toggle-button--expand\" role=\"button\" tabindex=\"0\" aria-controls=\"elementor-toc__1c30362\" aria-expanded=\"true\" aria-label=\"Open table of contents\"><svg aria-hidden=\"true\" class=\"e-font-icon-svg e-fas-chevron-down\" viewBox=\"0 0 448 512\" xmlns=\"http:\/\/www.w3.org\/2000\/svg\"><path d=\"M207.029 381.476L12.686 187.132c-9.373-9.373-9.373-24.569 0-33.941l22.667-22.667c9.357-9.357 24.522-9.375 33.901-.04L224 284.505l154.745-154.021c9.379-9.335 24.544-9.317 33.901.04l22.667 22.667c9.373 9.373 9.373 24.569 0 33.941L240.971 381.476c-9.373 9.372-24.569 9.372-33.942 0z\"><\/path><\/svg><\/div>\n\t\t\t\t<div class=\"elementor-toc__toggle-button elementor-toc__toggle-button--collapse\" role=\"button\" tabindex=\"0\" aria-controls=\"elementor-toc__1c30362\" aria-expanded=\"true\" aria-label=\"Close table of contents\"><svg aria-hidden=\"true\" class=\"e-font-icon-svg e-fas-chevron-up\" viewBox=\"0 0 448 512\" xmlns=\"http:\/\/www.w3.org\/2000\/svg\"><path d=\"M240.971 130.524l194.343 194.343c9.373 9.373 9.373 24.569 0 33.941l-22.667 22.667c-9.357 9.357-24.522 9.375-33.901.04L224 227.495 69.255 381.516c-9.379 9.335-24.544 9.317-33.901-.04l-22.667-22.667c-9.373-9.373-9.373-24.569 0-33.941L207.03 130.525c9.372-9.373 24.568-9.373 33.941-.001z\"><\/path><\/svg><\/div>\n\t\t\t\t\t<\/div>\n\t\t\t\t<div id=\"elementor-toc__1c30362\" class=\"elementor-toc__body\">\n\t\t\t<div class=\"elementor-toc__spinner-container\">\n\t\t\t\t<svg class=\"elementor-toc__spinner eicon-animation-spin e-font-icon-svg e-eicon-loading\" aria-hidden=\"true\" viewBox=\"0 0 1000 1000\" xmlns=\"http:\/\/www.w3.org\/2000\/svg\"><path d=\"M500 975V858C696 858 858 696 858 500S696 142 500 142 142 304 142 500H25C25 237 238 25 500 25S975 237 975 500 763 975 500 975Z\"><\/path><\/svg>\t\t\t<\/div>\n\t\t<\/div>\n\t\t\t\t\t\t<\/div>\n\t\t\t\t<\/div>\n\t\t\t\t\t<\/div>\n\t\t\t\t<\/div>\n\t\t<div class=\"elementor-element elementor-element-herorght0 e-con-full e-flex e-con e-child\" data-id=\"herorght0\" data-element_type=\"container\" data-e-type=\"container\">\n\t\t\t\t<div class=\"elementor-element elementor-element-heroimg00 iwg-hero-image elementor-widget elementor-widget-image\" data-id=\"heroimg00\" data-element_type=\"widget\" data-e-type=\"widget\" data-widget_type=\"image.default\">\n\t\t\t\t\t\t\t\t\t\t\t\t\t\t\t<img fetchpriority=\"high\" decoding=\"async\" width=\"683\" height=\"1024\" src=\"https:\/\/iwell-guard.com\/wp-content\/uploads\/2026\/04\/goetter_rom_genius-683x1024.webp\" class=\"attachment-large size-large wp-image-151677\" alt=\"Genij - bogovi iz rimske tradicije, povijesno-ilustrativno\" srcset=\"https:\/\/iwell-guard.com\/wp-content\/uploads\/2026\/04\/goetter_rom_genius-683x1024.webp 683w, https:\/\/iwell-guard.com\/wp-content\/uploads\/2026\/04\/goetter_rom_genius-200x300.webp 200w, https:\/\/iwell-guard.com\/wp-content\/uploads\/2026\/04\/goetter_rom_genius-768x1152.webp 768w, https:\/\/iwell-guard.com\/wp-content\/uploads\/2026\/04\/goetter_rom_genius.webp 1024w\" sizes=\"(max-width: 683px) 100vw, 683px\" \/>\t\t\t\t\t\t\t\t\t\t\t\t\t\t\t<\/div>\n\t\t\t\t<\/div>\n\t\t\t\t\t<\/div>\n\t\t\t\t<\/div>\n\t\t<div class=\"elementor-element elementor-element-32917199 e-flex e-con-boxed e-con e-parent\" data-id=\"32917199\" data-element_type=\"container\" data-e-type=\"container\">\n\t\t\t\t\t<div class=\"e-con-inner\">\n\t\t<div class=\"elementor-element elementor-element-26e916cb e-flex e-con-boxed e-con e-child\" data-id=\"26e916cb\" data-element_type=\"container\" data-e-type=\"container\">\n\t\t\t\t\t<div class=\"e-con-inner\">\n\t\t<div class=\"elementor-element elementor-element-253a40d4 e-flex e-con-boxed e-con e-child\" data-id=\"253a40d4\" data-element_type=\"container\" data-e-type=\"container\">\n\t\t\t\t\t<div class=\"e-con-inner\">\n\t\t\t\t<div class=\"elementor-element elementor-element-1200c304 elementor-widget elementor-widget-heading\" data-id=\"1200c304\" data-element_type=\"widget\" data-e-type=\"widget\" data-widget_type=\"heading.default\">\n\t\t\t\t\t<h2 class=\"elementor-heading-title elementor-size-default\">Genij Rimski<\/h2>\t\t\t\t<\/div>\n\t\t\t\t<div class=\"elementor-element elementor-element-11758e7f elementor-widget elementor-widget-text-editor\" data-id=\"11758e7f\" data-element_type=\"widget\" data-e-type=\"widget\" data-widget_type=\"text-editor.default\">\n\t\t\t\t\t\t\t\t\t<p>Genij je osobni ili zajedni\u010dki za\u0161titni\u010dki duh, koji ne djeluje samostalno kao bogovi, ali je djelotvoran u za\u0161titi i obnovi. Svaki \u010dovjek ima svog Genija (lat. tutelaris), svaka obitelj svog ku\u0107nog genija, a svaki grad svog gradskog genija.<\/p><p>Sredi\u0161nji su aspekti tjelesna dobrobit, plodnost, obilje i kontinuitet. Genij cara bio je predmet dr\u017eavnog kulta, znak carske apoteoze.<\/p>\t\t\t\t\t\t\t\t<\/div>\n\t\t\t\t\t<\/div>\n\t\t\t\t<\/div>\n\t\t<div class=\"elementor-element elementor-element-159dcf9a e-flex e-con-boxed e-con e-child\" data-id=\"159dcf9a\" data-element_type=\"container\" data-e-type=\"container\">\n\t\t\t\t\t<div class=\"e-con-inner\">\n\t\t\t\t<div class=\"elementor-element elementor-element-48cee66f elementor-widget elementor-widget-heading\" data-id=\"48cee66f\" data-element_type=\"widget\" data-e-type=\"widget\" data-widget_type=\"heading.default\">\n\t\t\t\t\t<h2 class=\"elementor-heading-title elementor-size-default\">Ukratko: Genij Rimski<\/h2>\t\t\t\t<\/div>\n\t\t\t\t<div class=\"elementor-element elementor-element-3f50d82c elementor-widget elementor-widget-text-editor\" data-id=\"3f50d82c\" data-element_type=\"widget\" data-e-type=\"widget\" data-widget_type=\"text-editor.default\">\n\t\t\t\t\t\t\t\t\t<p>Izvori: Ciceron De Natura Deorum, Seneka, Marcijal, Plinije Naturalis Historia, Valerije Maksim, latinski natpisi i ku\u0107ni oltari (reljefi lararija). Sekundarno: Georg Wissowa, Rudolf Simek (za germanske paralele), Hubert Cancik, Karl Latte. Vjerovanje u Genija bilo je ra\u0161ireno u svim dru\u0161tvenim slojevima i obilato je dokumentirano u arheolo\u0161kim nalazima iz Pompeja, Herkulaneuma i Galije.<\/p>\t\t\t\t\t\t\t\t<\/div>\n\t\t\t\t\t<\/div>\n\t\t\t\t<\/div>\n\t\t\t\t\t<\/div>\n\t\t\t\t<\/div>\n\t\t\t\t\t<\/div>\n\t\t\t\t<\/div>\n\t\t<div class=\"elementor-element elementor-element-18613602 e-flex e-con-boxed e-con e-parent\" data-id=\"18613602\" data-element_type=\"container\" data-e-type=\"container\">\n\t\t\t\t\t<div class=\"e-con-inner\">\n\t\t\t\t<div class=\"elementor-element elementor-element-262b8a9f elementor-widget elementor-widget-heading\" data-id=\"262b8a9f\" data-element_type=\"widget\" data-e-type=\"widget\" data-widget_type=\"heading.default\">\n\t\t\t\t\t<h2 class=\"elementor-heading-title elementor-size-default\">Kontekst<\/h2>\t\t\t\t<\/div>\n\t\t<div class=\"elementor-element elementor-element-46dcb7d e-con-full e-flex e-con e-child\" data-id=\"46dcb7d\" data-element_type=\"container\" data-e-type=\"container\">\n\t\t<div class=\"elementor-element elementor-element-61d3ab3 e-flex e-con-boxed e-con e-child\" data-id=\"61d3ab3\" data-element_type=\"container\" data-e-type=\"container\">\n\t\t\t\t\t<div class=\"e-con-inner\">\n\t\t\t\t<div class=\"elementor-element elementor-element-117c166 elementor-widget elementor-widget-heading\" data-id=\"117c166\" data-element_type=\"widget\" data-e-type=\"widget\" data-widget_type=\"heading.default\">\n\t\t\t\t\t<h3 class=\"elementor-heading-title elementor-size-default\">Zeitraum der Texte<\/h3>\t\t\t\t<\/div>\n\t\t\t\t<div class=\"elementor-element elementor-element-73997a0 elementor-widget elementor-widget-text-editor\" data-id=\"73997a0\" data-element_type=\"widget\" data-e-type=\"widget\" data-widget_type=\"text-editor.default\">\n\t\t\t\t\t\t\t\t\t<p><span class=\"iwg-fachbegriff\" data-tooltip=\"Preno\u0161enje znanja i pri\u010da kroz generacije.\" tabindex=\"0\">Predaja<\/span> o Geniju se\u017ee duboko u povijest Rima, s dokumentacijom od 1. stolje\u0107a i vjerojatno jo\u0161 starijim usmenim tradicijama. Pisani izvori su fragmentarni, ali dosljedni, pokazuju stabilnu slikuovog entiteta kroz dugi vremenski period.<\/p><p>Kulturni kontinuitet bio je izniman: tradicije i prakse preno\u0161ene su kroz generacije, \u010desto usmeno, \u010desto u obliku svakodnevnih rituala. Rimljani su ovu figuru ili koncept duboko integrirali u svoje duhovne sustave, tako da opstaje do modernih vremena.<\/p>\t\t\t\t\t\t\t\t<\/div>\n\t\t\t\t\t<\/div>\n\t\t\t\t<\/div>\n\t\t<div class=\"elementor-element elementor-element-d47b156 e-flex e-con-boxed e-con e-child\" data-id=\"d47b156\" data-element_type=\"container\" data-e-type=\"container\">\n\t\t\t\t\t<div class=\"e-con-inner\">\n\t\t\t\t<div class=\"elementor-element elementor-element-ff38c2b elementor-widget elementor-widget-heading\" data-id=\"ff38c2b\" data-element_type=\"widget\" data-e-type=\"widget\" data-widget_type=\"heading.default\">\n\t\t\t\t\t<h3 class=\"elementor-heading-title elementor-size-default\">Verbreitungsraum<\/h3>\t\t\t\t<\/div>\n\t\t\t\t<div class=\"elementor-element elementor-element-4e49fcc elementor-widget elementor-widget-text-editor\" data-id=\"4e49fcc\" data-element_type=\"widget\" data-e-type=\"widget\" data-widget_type=\"text-editor.default\">\n\t\t\t\t\t\t\t\t\t<p>Genij je bio ra\u0161iren u cijelom rimskom svijetu, ne ograni\u010den na jednu regiju, ve\u0107 univerzalan. Bilo u urbanim sredi\u0161tima ili ruralnim selima, \u0161tovanje ili razumijevanje ovog entiteta bilo je dosljedno. To govori o njegovoj sredi\u0161njoj ulozi u kulturnom i duhovnom \u017eivotu Rimljana. Geografska ujedna\u010denost prakse izuzetna je i upu\u0107uje na duboke kulturne korijene.<\/p>\t\t\t\t\t\t\t\t<\/div>\n\t\t\t\t\t<\/div>\n\t\t\t\t<\/div>\n\t\t\t\t<\/div>\n\t\t<div class=\"elementor-element elementor-element-db03c39 e-con-full e-flex e-con e-child\" data-id=\"db03c39\" data-element_type=\"container\" data-e-type=\"container\">\n\t\t<div class=\"elementor-element elementor-element-229a87b e-flex e-con-boxed e-con e-child\" data-id=\"229a87b\" data-element_type=\"container\" data-e-type=\"container\">\n\t\t\t\t\t<div class=\"e-con-inner\">\n\t\t\t\t<div class=\"elementor-element elementor-element-1f471fc elementor-widget elementor-widget-heading\" data-id=\"1f471fc\" data-element_type=\"widget\" data-e-type=\"widget\" data-widget_type=\"heading.default\">\n\t\t\t\t\t<h3 class=\"elementor-heading-title elementor-size-default\">Quellenlage<\/h3>\t\t\t\t<\/div>\n\t\t\t\t<div class=\"elementor-element elementor-element-36b1201 elementor-widget elementor-widget-text-editor\" data-id=\"36b1201\" data-element_type=\"widget\" data-e-type=\"widget\" data-widget_type=\"text-editor.default\">\n\t\t\t\t\t\t\t\t\t<p>Primarni izvori su <span class=\"iwg-fachbegriff\" data-tooltip=\"Epoha gr\u010dke i rimske kulture, otprilike od 800. pr. Kr. do 600. po. Kr.\" tabindex=\"0\">anti\u010dki<\/span> tekstovi, knji\u017eevna djela i religijski kanoni Rimljana. Sekundarni su etnografski zapisi, narodna predaja i arheolo\u0161ki nalazi. Usmene tradicije, koje su \u017eive i danas, pru\u017eaju dodatne perspektive. Cjelokupna konstelacija izvora omogu\u0107uje koherentnu slikuGenija i njegova zna\u010denja.<\/p>\t\t\t\t\t\t\t\t<\/div>\n\t\t\t\t\t<\/div>\n\t\t\t\t<\/div>\n\t\t\t\t<\/div>\n\t\t\t\t\t<\/div>\n\t\t\t\t<\/div>\n\t\t<div class=\"elementor-element elementor-element-3ae0637c e-flex e-con-boxed e-con e-parent\" data-id=\"3ae0637c\" data-element_type=\"container\" data-e-type=\"container\">\n\t\t\t\t\t<div class=\"e-con-inner\">\n\t\t\t\t<div class=\"elementor-element elementor-element-31d07739 elementor-widget elementor-widget-heading\" data-id=\"31d07739\" data-element_type=\"widget\" data-e-type=\"widget\" data-widget_type=\"heading.default\">\n\t\t\t\t\t<h2 class=\"elementor-heading-title elementor-size-default\">Naziv i pravopisni oblici<\/h2>\t\t\t\t<\/div>\n\t\t<div class=\"elementor-element elementor-element-b7642947 e-con-full e-flex e-con e-child\" data-id=\"b7642947\" data-element_type=\"container\" data-e-type=\"container\">\n\t\t\t\t<div class=\"elementor-element elementor-element-a086266 elementor-widget elementor-widget-text-editor\" data-id=\"a086266\" data-element_type=\"widget\" data-e-type=\"widget\" data-widget_type=\"text-editor.default\">\n\t\t\t\t\t\t\t\t\t<p>Genij se u razli\u010ditim tradicijama prikazuje s odre\u0111enim ikonografskim elementima koji ostaju relativno dosljedni kroz vrijeme i prostor. Ti elementi nisu slu\u010dajni, ve\u0107 nose simboli\u010dno zna\u010denje.<\/p><p>Izra\u017eavaju funkcije, mo\u0107i i nadle\u017enosti. Boje, predmeti, tjelesni atributi, sve ima svoju te\u017einu. Vizualni sustav je kodiran i mogu ga \u010ditati upu\u0107eni kao tekst.<\/p>\t\t\t\t\t\t\t\t<\/div>\n\t\t\t\t<\/div>\n\t\t\t\t\t<\/div>\n\t\t\t\t<\/div>\n\t\t<div class=\"elementor-element elementor-element-709a44a8 e-flex e-con-boxed e-con e-parent\" data-id=\"709a44a8\" data-element_type=\"container\" data-e-type=\"container\">\n\t\t\t\t\t<div class=\"e-con-inner\">\n\t\t\t\t<div class=\"elementor-element elementor-element-2f585873 elementor-widget elementor-widget-heading\" data-id=\"2f585873\" data-element_type=\"widget\" data-e-type=\"widget\" data-widget_type=\"heading.default\">\n\t\t\t\t\t<h2 class=\"elementor-heading-title elementor-size-default\">Zna\u010dajke bi\u0107a<\/h2>\t\t\t\t<\/div>\n\t\t<div class=\"elementor-element elementor-element-70621c12 e-con-full e-flex e-con e-child\" data-id=\"70621c12\" data-element_type=\"container\" data-e-type=\"container\">\n\t\t\t\t<div class=\"elementor-element elementor-element-4296eb49 elementor-widget elementor-widget-text-editor\" data-id=\"4296eb49\" data-element_type=\"widget\" data-e-type=\"widget\" data-widget_type=\"text-editor.default\">\n\t\t\t\t\t\t\t\t\t<p>Funkcija Genija u religijskom i dru\u0161tvenom \u017eivotu Rimljana bila je sredi\u0161nja. Ljudi su se ovom entitetu obra\u0107ali u odre\u0111enim \u017eivotnim situacijama, uz odre\u0111ene molitve ili obrede.<\/p><p>Praksa nije bila arbitrarna, ve\u0107 strukturirana i predana s nara\u0161taja na nara\u0161taj. Generacije ljudi njegovale su ove oblike \u0161tovanja, prenosile ih, prilago\u0111avale. Kontinuitet pokazuje da je praksa bila u\u010dinkovita, ili se barem smatrala u\u010dinkovitom.<\/p>\t\t\t\t\t\t\t\t<\/div>\n\t\t\t\t<\/div>\n\t\t\t\t\t<\/div>\n\t\t\t\t<\/div>\n\t\t<div class=\"elementor-element elementor-element-44e71476 e-flex e-con-boxed e-con e-parent\" data-id=\"44e71476\" data-element_type=\"container\" data-e-type=\"container\">\n\t\t\t\t\t<div class=\"e-con-inner\">\n\t\t\t\t<div class=\"elementor-element elementor-element-3c1fc3f0 elementor-widget elementor-widget-heading\" data-id=\"3c1fc3f0\" data-element_type=\"widget\" data-e-type=\"widget\" data-widget_type=\"heading.default\">\n\t\t\t\t\t<h2 class=\"elementor-heading-title elementor-size-default\">Profil: Genij Rimski<\/h2>\t\t\t\t<\/div>\n\t\t<div class=\"elementor-element elementor-element-84f33b8e e-con-full e-flex e-con e-child\" data-id=\"84f33b8e\" data-element_type=\"container\" data-e-type=\"container\">\n\t\t\t\t<div class=\"elementor-element elementor-element-hqkdc67p elementor-widget elementor-widget-text-editor\" data-id=\"hqkdc67p\" data-element_type=\"widget\" data-e-type=\"widget\" data-widget_type=\"text-editor.default\">\n\t\t\t\t\t\t\t\t\t<p>Profil razotkriva Genija kroz \u0161est perspektiva: njegovo idejno-povijesno i kulturno podrijetlo, \u017eivu praksu njegova \u0161tovanja u privatnim i dr\u017eavnim kontekstima, njegov tipi\u010dan prikaz na ku\u0107nim oltarima i u umjetnosti, zna\u010denje <span class=\"iwg-fachbegriff\" data-tooltip=\"Molbeno ili zazivaju\u0107e obra\u0107anje bo\u017eanstvu ili sili.\" tabindex=\"0\">zazivanja<\/span> i za\u0161titnih praksi, usporedive figure za\u0161titni\u010dkih duhova u drugim kulturama i zavr\u0161no cjelovito tuma\u010denje njegove uloge u kozmosu.<\/p>\t\t\t\t\t\t\t\t<\/div>\n\t\t\t\t<\/div>\n\t\t<div class=\"elementor-element elementor-element-pemmx7c5 e-con-full e-flex e-con e-child\" data-id=\"pemmx7c5\" data-element_type=\"container\" data-e-type=\"container\">\n\t\t<div class=\"elementor-element elementor-element-pemmx7c1 e-con-full e-flex e-con e-child\" data-id=\"pemmx7c1\" data-element_type=\"container\" data-e-type=\"container\">\n\t\t<div class=\"elementor-element elementor-element-qh9oavvu iwg-steckbrief-card e-flex e-con-boxed e-con e-child\" data-id=\"qh9oavvu\" data-element_type=\"container\" data-e-type=\"container\">\n\t\t\t\t\t<div class=\"e-con-inner\">\n\t\t\t\t<div class=\"elementor-element elementor-element-awzx8k2k elementor-widget elementor-widget-heading\" data-id=\"awzx8k2k\" data-element_type=\"widget\" data-e-type=\"widget\" data-widget_type=\"heading.default\">\n\t\t\t\t\t<h3 class=\"elementor-heading-title elementor-size-default\">Tradicija<\/h3>\t\t\t\t<\/div>\n\t\t\t\t<div class=\"elementor-element elementor-element-x6rowhv0 elementor-widget elementor-widget-text-editor\" data-id=\"x6rowhv0\" data-element_type=\"widget\" data-e-type=\"widget\" data-widget_type=\"text-editor.default\">\n\t\t\t\t\t\t\t\t\t<p>Genij je izvorno rimska tvorevina bez izravnih gr\u010dkih ili etru\u0161\u010danskih prethodnika. Korijeni le\u017ee u italskim demonima plodnosti i u indoeuropskim konceptima osobnih za\u0161titni\u010dkih duhova. Najranije potvrde potje\u010du iz 3. stolje\u0107a pr. Kr., ali se intenziviraju pod Augustom.<\/p><p><span class=\"iwg-fachbegriff\" data-tooltip=\"Ukupnost obred\u00e2 \u0161tovanja za neko bo\u017eanstvo ili svetu figuru.\" tabindex=\"0\">Kult<\/span> Genija bio je posebno ukorijenjen u Laciju i \u0161irio se s ekspanzijom Rima. Svoj najve\u0107i razvoj do\u017eivio je pod carevima, kada se Genius Caesaris (carski za\u0161titni\u010dki duh) slu\u017ebeno \u0161tovao.<\/p>\t\t\t\t\t\t\t\t<\/div>\n\t\t\t\t\t<\/div>\n\t\t\t\t<\/div>\n\t\t<div class=\"elementor-element elementor-element-8e3o4kxs iwg-steckbrief-card e-flex e-con-boxed e-con e-child\" data-id=\"8e3o4kxs\" data-element_type=\"container\" data-e-type=\"container\">\n\t\t\t\t\t<div class=\"e-con-inner\">\n\t\t\t\t<div class=\"elementor-element elementor-element-08rkdgov elementor-widget elementor-widget-heading\" data-id=\"08rkdgov\" data-element_type=\"widget\" data-e-type=\"widget\" data-widget_type=\"heading.default\">\n\t\t\t\t\t<h3 class=\"elementor-heading-title elementor-size-default\">Ciljna skupina Genija Rimskog<\/h3>\t\t\t\t<\/div>\n\t\t\t\t<div class=\"elementor-element elementor-element-uwjelx8s elementor-widget elementor-widget-text-editor\" data-id=\"uwjelx8s\" data-element_type=\"widget\" data-e-type=\"widget\" data-widget_type=\"text-editor.default\">\n\t\t\t\t\t\t\t\t\t<p>Geniju su se obra\u0107ali svaki gra\u0111anin, svaka obitelj i cijela dr\u017eava. U privatnim ku\u0107ama molilo se svakodnevno Geniju i Larima (ku\u0107nim duhovima) u lararijumu (ku\u0107nom sveti\u0161tu). Ro\u0111endan pojedinca bio je blagdan njegovog vlastitog Genija.<\/p><p>Seljaci su se molili Geniju agri (Geniju polja), obrtnici Geniju svog ceha, vojnici Geniju legije. Car je javno prinosio \u017ertve Geniju Caesarisu, praksa koja je oblikovala kasniji carski kult.<\/p>\t\t\t\t\t\t\t\t<\/div>\n\t\t\t\t\t<\/div>\n\t\t\t\t<\/div>\n\t\t<div class=\"elementor-element elementor-element-jm2n74ec iwg-steckbrief-card e-flex e-con-boxed e-con e-child\" data-id=\"jm2n74ec\" data-element_type=\"container\" data-e-type=\"container\">\n\t\t\t\t\t<div class=\"e-con-inner\">\n\t\t\t\t<div class=\"elementor-element elementor-element-8vufse4c elementor-widget elementor-widget-heading\" data-id=\"8vufse4c\" data-element_type=\"widget\" data-e-type=\"widget\" data-widget_type=\"heading.default\">\n\t\t\t\t\t<h3 class=\"elementor-heading-title elementor-size-default\">Prikaz<\/h3>\t\t\t\t<\/div>\n\t\t\t\t<div class=\"elementor-element elementor-element-mwb9u015 elementor-widget elementor-widget-text-editor\" data-id=\"mwb9u015\" data-element_type=\"widget\" data-e-type=\"widget\" data-widget_type=\"text-editor.default\">\n\t\t\t\t\t\t\t\t\t<p>Genij je prikazivan kao mladi\u0107 ili mu\u0161karac s posudom (patella) za <span class=\"iwg-fachbegriff\" data-tooltip=\"Dar bo\u017eanstvu radi izra\u017eavanja zahvale, molbe ili po\u0161tovanja.\" tabindex=\"0\">\u017ertvu<\/span>, \u010desto uz Lare ili na ku\u0107nim \u017ertvenicima. Na kovanicama nosi ponekad modius (mjeru za \u017eito), <span class=\"iwg-fachbegriff\" data-tooltip=\"Znak koji predstavlja neku predod\u017ebu ili zna\u010denje.\" tabindex=\"0\">simbol<\/span> blagoslova.<\/p><p>Na reljefima ku\u0107nih \u017ertvenika sjedi izme\u0111u ku\u0107nih bogova. Ikonografija je uglavnom apstraktnija i promjenjivija nego kod bogova. \u010cesto je prikazivan u obliku zmije, gdje zmija simbolizira regenerativnu, podzemnu snagu.<\/p>\t\t\t\t\t\t\t\t<\/div>\n\t\t\t\t\t<\/div>\n\t\t\t\t<\/div>\n\t\t\t\t<\/div>\n\t\t<div class=\"elementor-element elementor-element-pemmx7c2 e-con-full e-flex e-con e-child\" data-id=\"pemmx7c2\" data-element_type=\"container\" data-e-type=\"container\">\n\t\t<div class=\"elementor-element elementor-element-37ss2yr6 iwg-steckbrief-card e-flex e-con-boxed e-con e-child\" data-id=\"37ss2yr6\" data-element_type=\"container\" data-e-type=\"container\">\n\t\t\t\t\t<div class=\"e-con-inner\">\n\t\t\t\t<div class=\"elementor-element elementor-element-3v0wp3wx elementor-widget elementor-widget-heading\" data-id=\"3v0wp3wx\" data-element_type=\"widget\" data-e-type=\"widget\" data-widget_type=\"heading.default\">\n\t\t\t\t\t<h3 class=\"elementor-heading-title elementor-size-default\">Funkcija<\/h3>\t\t\t\t<\/div>\n\t\t\t\t<div class=\"elementor-element elementor-element-w3247g2m elementor-widget elementor-widget-text-editor\" data-id=\"w3247g2m\" data-element_type=\"widget\" data-e-type=\"widget\" data-widget_type=\"text-editor.default\">\n\t\t\t\t\t\t\t\t\t<p><strong>Podru\u010dje djelovanja:<\/strong> <em>Genij<\/em> je u rimskom religijskom shva\u0107anju stvarala\u010dki i \u017eivotni duh mu\u0161karca, njegov bo\u017eanski dvojnik koji se ra\u0111a s njim i koji s njim nestaje na dan njegove smrti. Svaki pater familias imao je svoga <em>genija<\/em>, a svaka \u017eena svoju <em>iunonu<\/em> (paralelni \u017eenski oblik).<\/p><p>Osim osobne razine, pojam se razvio u kolektivnu za\u0161titnu silu mjesta (<em>Genius loci<\/em>), udru\u017eenja (<em>Genius collegii<\/em>), senata (<em>Genius Senatus<\/em>) i, od Augusta nadalje, cara (<em>Genius Augusti<\/em>).<\/p><p>Plinije Stariji (<em>Naturalis Historia<\/em> II, 16) i Servije (komentar na Vergilija, <em>Aen.<\/em> V, 95) svjedo\u010de o ku\u0107noj dimenziji ovoga kulta. Ovidije (<em>Tristia<\/em> III, 13) opisuje ro\u0111endan (<em>dies natalis<\/em>) kao sredi\u0161nji blagdan genija, obilje\u017een vinom, tamjanom i medenim kola\u010dima kod Lararija.<\/p>\t\t\t\t\t\t\t\t<\/div>\n\t\t\t\t\t<\/div>\n\t\t\t\t<\/div>\n\t\t<div class=\"elementor-element elementor-element-0qpjal9w iwg-steckbrief-card e-flex e-con-boxed e-con e-child\" data-id=\"0qpjal9w\" data-element_type=\"container\" data-e-type=\"container\">\n\t\t\t\t\t<div class=\"e-con-inner\">\n\t\t\t\t<div class=\"elementor-element elementor-element-6ndoih0o elementor-widget elementor-widget-heading\" data-id=\"6ndoih0o\" data-element_type=\"widget\" data-e-type=\"widget\" data-widget_type=\"heading.default\">\n\t\t\t\t\t<h3 class=\"elementor-heading-title elementor-size-default\">Za\u0161titna sredstva<\/h3>\t\t\t\t<\/div>\n\t\t\t\t<div class=\"elementor-element elementor-element-6684tyh9 elementor-widget elementor-widget-text-editor\" data-id=\"6684tyh9\" data-element_type=\"widget\" data-e-type=\"widget\" data-widget_type=\"text-editor.default\">\n\t\t\t\t\t\t\t\t\t<p>Genij je bio predmet pobo\u017enog <span class=\"iwg-fachbegriff\" data-tooltip=\"Molbeno ili prizivno obra\u0107anje bo\u017eanstvu ili sili.\" tabindex=\"0\">zazivanja<\/span> i <span class=\"iwg-fachbegriff\" data-tooltip=\"Dar bo\u017eanstvu radi izra\u017eavanja zahvale, molbe ili po\u0161tovanja.\" tabindex=\"0\">\u017ertvovanja<\/span>, ne radi za\u0161tite od \u0161tete, ve\u0107 radi osiguranja blagostanja i kontinuiteta. <span class=\"iwg-fachbegriff\" data-tooltip=\"Dar bo\u017eanstvu radi izra\u017eavanja zahvale, molbe ili po\u0161tovanja.\" tabindex=\"0\">\u017drtve<\/span> su bile vino, med, prvi plodovi \u017eetve i povremeno male krvne \u017ertve.<\/p><p>Na ro\u0111endan prinosili su se kola\u010di kao darovi. Supruge su \u017ertvovale na dan vjen\u010danja. Zakletva pred vlastitim genijem smatrala se apsolutno obvezuju\u0107om. Klevetanje carskoga genija smatralo se veleizdajom.<\/p>\t\t\t\t\t\t\t\t<\/div>\n\t\t\t\t\t<\/div>\n\t\t\t\t<\/div>\n\t\t<div class=\"elementor-element elementor-element-3lfi7x32 iwg-steckbrief-card e-flex e-con-boxed e-con e-child\" data-id=\"3lfi7x32\" data-element_type=\"container\" data-e-type=\"container\">\n\t\t\t\t\t<div class=\"e-con-inner\">\n\t\t\t\t<div class=\"elementor-element elementor-element-0kg99ga1 elementor-widget elementor-widget-heading\" data-id=\"0kg99ga1\" data-element_type=\"widget\" data-e-type=\"widget\" data-widget_type=\"heading.default\">\n\t\t\t\t\t<h3 class=\"elementor-heading-title elementor-size-default\">Usporedivi likovi<\/h3>\t\t\t\t<\/div>\n\t\t\t\t<div class=\"elementor-element elementor-element-n0fum6kp elementor-widget elementor-widget-text-editor\" data-id=\"n0fum6kp\" data-element_type=\"widget\" data-e-type=\"widget\" data-widget_type=\"text-editor.default\">\n\t\t\t\t\t\t\t\t\t<p>U germanskoj tradiciji pojmu osobnog za\u0161titnog duha odgovara hamramr ili fylgja (nordijski). Egipatski ka je sli\u010dno shva\u0107anje, \u017eivotna snaga svakog \u010dovjeka. U gr\u010dkom svijetu postoji daimon (daimonion) kao osobni za\u0161titni duh, ali manje institucionaliziran nego rimski genij. \u017didovska koncepcija za\u0161titnog an\u0111ela pokazuje strukturne paralele, ali je teolo\u0161ki druk\u010dije utemeljena.<\/p>\t\t\t\t\t\t\t\t<\/div>\n\t\t\t\t\t<\/div>\n\t\t\t\t<\/div>\n\t\t\t\t<\/div>\n\t\t\t\t<\/div>\n\t\t\t\t\t<\/div>\n\t\t\t\t<\/div>\n\t\t<div class=\"elementor-element elementor-element-5a584676 e-flex e-con-boxed e-con e-parent\" data-id=\"5a584676\" data-element_type=\"container\" data-e-type=\"container\">\n\t\t\t\t\t<div class=\"e-con-inner\">\n\t\t\t\t<div class=\"elementor-element elementor-element-6d0757bf elementor-widget elementor-widget-heading\" data-id=\"6d0757bf\" data-element_type=\"widget\" data-e-type=\"widget\" data-widget_type=\"heading.default\">\n\t\t\t\t\t<h2 class=\"elementor-heading-title elementor-size-default\">Genij, rimski \u2013 paralele u drugim kulturama<\/h2>\t\t\t\t<\/div>\n\t\t<div class=\"elementor-element elementor-element-60563f68 e-con-full e-flex e-con e-child\" data-id=\"60563f68\" data-element_type=\"container\" data-e-type=\"container\">\n\t\t\t\t<div class=\"elementor-element elementor-element-5a93fdd6 elementor-widget elementor-widget-text-editor\" data-id=\"5a93fdd6\" data-element_type=\"widget\" data-e-type=\"widget\" data-widget_type=\"text-editor.default\">\n\t\t\t\t\t\t\t\t\t<p>U drugim kulturama nalaze se sli\u010dni arhetipovi, \u010desto s podudarnim funkcijama i atributima, ali lokalizirani i prilago\u0111eni pojedinoj kulturi. Univerzalnost tih obrazaca upu\u0107uje na dubinske arhetipske strukture u ljudskoj psihi i duhovnosti. Rije\u010d je o razli\u010ditim izrazima zajedni\u010dke osnovne teme.<\/p>\n<p><p><strong>\u017didovska tradicija:<\/strong> <span class=\"iwg-fachbegriff\" data-tooltip=\"An\u0111eo kojemu se pridaje za\u0161tita pojedinog \u010dovjeka.\" tabindex=\"0\">Za\u0161titni an\u0111eo<\/span> u kasnijoj \u017eidovskoj angelologiji (posebno u <span class=\"iwg-fachbegriff\" tabindex=\"0\" data-tooltip=\"Religijski spisi izvan biblijskog kanona; u \u017eidovskoj i kr\u0161\u0107anskoj tradiciji smje\u0161teni izme\u0111u kanonskoga i nekanonskoga.\">apokrifima<\/span> i <span class=\"iwg-fachbegriff\" tabindex=\"0\" data-tooltip=\"\u017didovska mistika s glavnim djelima Sefer Jecira, Zohar i lurijanskom \u0161kolom.\">kabali<\/span>) nije izravno izveden iz genija, ali pokazuje sli\u010dnu funkciju: osobnu za\u0161titu i posredovanje. U Tanahu se nalaze nagovje\u0161taji za\u0161titnih duhova, ali nema sustavne teologije poput one o geniju.<\/p><p><strong>Gr\u010dko-rimski svijet:<\/strong> Gr\u010dki daimonion (osobni <span class=\"iwg-fachbegriff\" data-tooltip=\"Duhovno bi\u0107e kojemu se pripisuje \u0161tetno ili dvosmisleno djelovanje.\" tabindex=\"0\">demon<\/span> po Platonu i Sokratu) sli\u010dan je geniju, ali je vi\u0161e filozofski nego kultno utemeljen. Kasniji neoplatonisti spojili su oba koncepta u jedinstveno kozmi\u010dko na\u010delo poretka.<\/p><p><strong>Mezopotamija:<\/strong> Za\u0161titni duh (koncepcija ilu) u Mezopotamiji funkcionalno je sli\u010dan geniju, ali je manje vezan za pojedine osobe, a vi\u0161e za zemlje i obrtni\u010dke cehove. Nema izravne paralele u <span class=\"iwg-fachbegriff\" data-tooltip=\"Ukupnost religijskih obreda \u0161tovanja nekog bo\u017eanstva ili svete pojave.\" tabindex=\"0\">kultu<\/span> i hijerarhiji.<\/p><p><strong>Indija\/Azija:<\/strong> U hinduizmu ili budizmu nema izravne paralele. Koncepcija osobnog duha sudbine (povezanost s <span class=\"iwg-fachbegriff\" tabindex=\"0\" data-tooltip=\"U hinduizmu du\u017enost i kozmi\u010dki poredak; u budizmu Buddhino u\u010denje.\">dharmom<\/span>\/<span class=\"iwg-fachbegriff\" tabindex=\"0\" data-tooltip=\"U hinduizmu, budizmu i d\u017eainizmu zakon posljedica djela: svaka radnja djeluje na sljede\u0107a postojanja.\">karmom<\/span>) tematski je udaljena, ali bez izravnog <span class=\"iwg-fachbegriff\" data-tooltip=\"Ukupnost religijskih obreda \u0161tovanja nekog bo\u017eanstva ili svete pojave.\" tabindex=\"0\">kulta<\/span> kakav postoji oko genija.<\/p>\t\t\t\t\t\t\t\t<\/div>\n\t\t\t\t<\/div>\n\t\t\t\t\t<\/div>\n\t\t\t\t<\/div>\n\t\t<div class=\"elementor-element elementor-element-cp4f16ba0 e-flex e-con-boxed e-con e-parent\" data-id=\"cp4f16ba0\" data-element_type=\"container\" data-e-type=\"container\">\n\t\t\t\t\t<div class=\"e-con-inner\">\n\t\t\t\t<div class=\"elementor-element elementor-element-cpd95ba75 elementor-widget elementor-widget-heading\" data-id=\"cpd95ba75\" data-element_type=\"widget\" data-e-type=\"widget\" data-widget_type=\"heading.default\">\n\t\t\t\t\t<h2 class=\"elementor-heading-title elementor-size-default\">Genij i Iuno: za\u0161titni duh mu\u0161karca i \u017eene<\/h2>\t\t\t\t<\/div>\n\t\t<div class=\"elementor-element elementor-element-cp2c52a1a e-con-full e-flex e-con e-child\" data-id=\"cp2c52a1a\" data-element_type=\"container\" data-e-type=\"container\">\n\t\t\t\t<div class=\"elementor-element elementor-element-cpd79e1b5 elementor-widget elementor-widget-text-editor\" data-id=\"cpd79e1b5\" data-element_type=\"widget\" data-e-type=\"widget\" data-widget_type=\"text-editor.default\">\n\t\t\t\t\t\t\t\t\t<p>Rimska predstava o geniju bila je izvorno rodno odre\u0111ena. <em>Genij<\/em> je bio ra\u0111aju\u0107i, \u017eivotni pratitelj, <span class=\"iwg-fachbegriff\" data-tooltip=\"Bezobli\u010dno bi\u0107e kojemu se pripisuje djelovanje u svijetu.\" tabindex=\"0\">duh<\/span> mu\u0161karca; njegov \u017eenski protivnik bila je <em>Iuno<\/em>, koja je bila svojstvena svakoj \u017eeni. Kao \u0161to je svaki mu\u0161karac imao svog genija, tako je svaka \u017eena imala svoju Iunu, i oboje su pratili \u010dovjeka od ro\u0111enja do smrti.<\/p><p>Naziv <em>Genius<\/em> jezi\u010dno je povezan s glagolom <em>gignere<\/em>, ra\u0111ati, stvarati. Ta etimologija upu\u0107uje na sr\u017e te predstave: genij je snaga koja utjelovljuje \u017eivot, a posebno plodnost mu\u0161karca.<\/p><p>Bio je tijesno povezan s bra\u010dnom postljom, koja se zbog toga zvala <em>lectus genialis<\/em>. Neobuzdano, radosno slavlje nazivalo se <em>indulgere genio<\/em>, dakle prepustiti se vlastitom geniju, \u0161to u njema\u010dkom jeziku odjekuje u rije\u010di \u201egenie\u00dfen&#8221; (u\u017eivati).<\/p><p>Ta tijesna povezanost s pojedincem vidljiva je i u najva\u017enijem prazniku: ro\u0111endan, <em>dies natalis<\/em>, bio je istovremeno i svetkovina osobnog genija.<\/p><p>Na taj dan prinosile su se vlastitom geniju nekrvne <span class=\"iwg-fachbegriff\" data-tooltip=\"Dar bo\u017eanstvu kojim se izra\u017eava zahvala, molba ili po\u0161tovanje.\" tabindex=\"0\">\u017ertve<\/span>, prije svega vino, tamjan i cvije\u0107e, a \u010dovjek se dodatno ukra\u0161avao. Genij je tako bio religijska referentna to\u010dka za identitet i dobrobit pojedinca.<\/p><p>Znanost raspravlja o tome je li se genij izvorno zami\u0161ljao prije svega kao vanjski za\u0161titni duh ili kao dio same osobe. Izvori pokazuju oba shva\u0107anja jedno uz drugo. U svakom slu\u010daju, genij ne stoji izvan \u010dovjeka, nego je najtje\u0161nje povezan s njegovom \u017eivotnom snagom.<\/p>\t\t\t\t\t\t\t\t<\/div>\n\t\t\t\t<\/div>\n\t\t\t\t\t<\/div>\n\t\t\t\t<\/div>\n\t\t<div class=\"elementor-element elementor-element-cpcb60698 e-flex e-con-boxed e-con e-parent\" data-id=\"cpcb60698\" data-element_type=\"container\" data-e-type=\"container\">\n\t\t\t\t\t<div class=\"e-con-inner\">\n\t\t\t\t<div class=\"elementor-element elementor-element-cp747ad47 elementor-widget elementor-widget-heading\" data-id=\"cp747ad47\" data-element_type=\"widget\" data-e-type=\"widget\" data-widget_type=\"heading.default\">\n\t\t\t\t\t<h2 class=\"elementor-heading-title elementor-size-default\">Genij mjesta i zajednica<\/h2>\t\t\t\t<\/div>\n\t\t<div class=\"elementor-element elementor-element-cp7b04ee0 e-con-full e-flex e-con e-child\" data-id=\"cp7b04ee0\" data-element_type=\"container\" data-e-type=\"container\">\n\t\t\t\t<div class=\"elementor-element elementor-element-cp0d0a7b1 elementor-widget elementor-widget-text-editor\" data-id=\"cp0d0a7b1\" data-element_type=\"widget\" data-e-type=\"widget\" data-widget_type=\"text-editor.default\">\n\t\t\t\t\t\t\t\t\t<p>Uz osobnog za\u0161titnog duha razvila se i predstava da su i mjesta, skupine i institucije imale svog vlastitog genija. Ovo \u0161irenje osobito je zanimljivo iz religijsko-povijesne perspektive, jer pokazuje koliko je fleksibilno rimsko mi\u0161ljenje pristupalo tom konceptu.<\/p><p>Poznat je <em>Genius loci<\/em>, <span class=\"iwg-fachbegriff\" data-tooltip=\"Bezobli\u010dno bi\u0107e kojemu se pripisuje djelovanje u svijetu.\" tabindex=\"0\">duh<\/span> jednog mjesta. Ku\u0107a, <span class=\"iwg-fachbegriff\" data-tooltip=\"Sveti \u0161umarak koji je slu\u017eio kao kultno mjesto.\" tabindex=\"0\">sveti \u0161umarak<\/span>, izvor, grad, svi su mogli imati svog genija koji je bdio nad njihovim napretkom.<\/p><p>U ku\u0107nim sveti\u0161tima, <em>Lararijima<\/em>, genij glave obitelji \u010desto se pojavljuje zajedno s Larima i Penatima; na pompejanskim zidnim slikama \u010desto je prikazan kao \u017ertvuju\u0107a, u togu zavijena prilika, ponekad okru\u017eena dvama Larima i zmijom koja utjelovljuje genija mjesta.<\/p><p>Svoje genije imale su i zajednice. Postojao je <em>Genius populi Romani<\/em>, genij rimskog narod\u0430, <em>Genius<\/em> vojnih jedinica kao legija i kohorti, strukovnih udru\u017eenja, tr\u017enica i \u010dak kazali\u0161ta.<\/p><p>Vojnici su podizali zavjetne natpise geniju svoje jedinice; takvi natpisi rasuti su po cijelom Carstvu i pripadaju najva\u017enijim svjedo\u010danstvima o \u0161irenju ovog kulta.<\/p><p>Ovo umno\u017eavanje pojma genija u\u010dinilo ga je jednim od naj\u0161ire potvr\u0111enih religijskih koncepata u rimskoj svakodnevici. Omogu\u0107avalo je da se skoro svakoj dru\u0161tvenoj ili prostornoj jedinici pridijeli vlastita za\u0161titna mo\u0107, bez potrebe da se za to izmi\u0161lja nova, imenovana <span class=\"iwg-fachbegriff\" data-tooltip=\"Bi\u0107e koje se u okviru neke religije \u010dasti kao bo\u017eansko.\" tabindex=\"0\">bo\u017eanstvo<\/span>.<\/p>\t\t\t\t\t\t\t\t<\/div>\n\t\t\t\t<\/div>\n\t\t\t\t\t<\/div>\n\t\t\t\t<\/div>\n\t\t<div class=\"elementor-element elementor-element-cpcd7f3af e-flex e-con-boxed e-con e-parent\" data-id=\"cpcd7f3af\" data-element_type=\"container\" data-e-type=\"container\">\n\t\t\t\t\t<div class=\"e-con-inner\">\n\t\t\t\t<div class=\"elementor-element elementor-element-cp83701b3 elementor-widget elementor-widget-heading\" data-id=\"cp83701b3\" data-element_type=\"widget\" data-e-type=\"widget\" data-widget_type=\"heading.default\">\n\t\t\t\t\t<h2 class=\"elementor-heading-title elementor-size-default\">Genij cara i politi\u010dka religija<\/h2>\t\t\t\t<\/div>\n\t\t<div class=\"elementor-element elementor-element-cpdabaae1 e-con-full e-flex e-con e-child\" data-id=\"cpdabaae1\" data-element_type=\"container\" data-e-type=\"container\">\n\t\t\t\t<div class=\"elementor-element elementor-element-cp08bd109 elementor-widget elementor-widget-text-editor\" data-id=\"cp08bd109\" data-element_type=\"widget\" data-e-type=\"widget\" data-widget_type=\"text-editor.default\">\n\t\t\t\t\t\t\t\t\t<p>Osobito dalekose\u017ean razvoj bio je povezivanje kulta genija s carskom vla\u0161\u0107u. Prema slu\u017ebenom rimskom shva\u0107anju, \u017eivi car nije smio bez daljnjega biti \u0161tovan kao bog; to bi se smatralo uzurpacijom i formalno je bilo pridr\u017eano preminulim vladarima koje je senat proglasio bogovima. Genij cara ovdje je nudio izlaz iz te situacije.<\/p><p>Nije se \u0161tovao sam car, nego njegov genij, dakle njegova osobna za\u0161titna i \u017eivotna snaga. Ta je razlika omogu\u0107avala kult vladara koji je formalno po\u0161tovao religijsku tradiciju.<\/p><p>August je poticao ovaj oblik \u0161tovanja: prilikom preustroja gradskih rimskih kultova oko 7. pr. Kr. genij Augusta pridru\u017een je larima raskri\u017eja, <em>Lares Compitales<\/em>, tako da se na svakom raskri\u017eju ulica zajedno \u0161tovao i genij princepsa.<\/p><p>Prisega genijem cara postala je jedna od najobvezuju\u0107ijih formula javnog \u017eivota. Njezino kr\u0161enje ili odbijanje imalo je politi\u010dko zna\u010denje. U progonima kr\u0161\u0107ana pitanje je li netko spreman prinijeti \u017ertvu geniju cara imalo je konkretnu ulogu, jer se odbijanje tuma\u010dilo kao nelojalnost.<\/p><p>Kult genija time pokazuje kako je izvorno privatno vjerovanje, vezano uz pojedinog mu\u0161karca, moglo postati instrumentom integracije Carstva. Znanstvena istra\u017eivanja, primjerice radovi Duncana Fishwicka o vladarskom kultu, detaljno su rekonstruirala ovaj razvoj i nagla\u0161avaju da se kult genija upravo zbog svoje prilagodljivosti tako \u0161iroko pro\u0161irio.<\/p>\t\t\t\t\t\t\t\t<\/div>\n\t\t\t\t<\/div>\n\t\t\t\t\t<\/div>\n\t\t\t\t<\/div>\n\t\t<div class=\"elementor-element elementor-element-cped3481e e-flex e-con-boxed e-con e-parent\" data-id=\"cped3481e\" data-element_type=\"container\" data-e-type=\"container\">\n\t\t\t\t\t<div class=\"e-con-inner\">\n\t\t\t\t<div class=\"elementor-element elementor-element-cpe35807e elementor-widget elementor-widget-heading\" data-id=\"cpe35807e\" data-element_type=\"widget\" data-e-type=\"widget\" data-widget_type=\"heading.default\">\n\t\t\t\t\t<h2 class=\"elementor-heading-title elementor-size-default\">Genij u umjetnosti, natpisima i naslje\u0111u<\/h2>\t\t\t\t<\/div>\n\t\t<div class=\"elementor-element elementor-element-cp0c2ebf8 e-con-full e-flex e-con e-child\" data-id=\"cp0c2ebf8\" data-element_type=\"container\" data-e-type=\"container\">\n\t\t\t\t<div class=\"elementor-element elementor-element-cp2611286 elementor-widget elementor-widget-text-editor\" data-id=\"cp2611286\" data-element_type=\"widget\" data-e-type=\"widget\" data-widget_type=\"text-editor.default\">\n\t\t\t\t\t\t\t\t\t<p>Materijalna <span class=\"iwg-fachbegriff\" data-tooltip=\"Preno\u0161enje znanja i pri\u010da kroz generacije.\" tabindex=\"0\">predaja<\/span> o Geniju je bogata. Na reljefima, kovanicama, zidnim slikama i statuetama Genije se naj\u010de\u0161\u0107e prikazuje kao mu\u0161karac u togi, \u010desto s pokrivenom glavom u gestu \u017ertvovanja, u ruci dr\u017ee\u0107i rog izobilja ili \u017ertvenu zdjelu.<\/p><p>Genije zajednice mogao je biti prikazan i kao mladi\u0107 s krunom u obliku zidina, sli\u010dno gradskoj bo\u017eici. Zmija, koja se u lararijima javlja pored ili ispod slike Genija, smatra se otjelovljenjem za\u0161titni\u010dkog duha ku\u0107e i sa\u010duvana je na brojnim pompejanskim zidnim slikama.<\/p><p>Zavjetni natpisi posve\u0107eni Geniju broje se u tisu\u0107ama. Se\u017eu od <em>Genija<\/em> pojedine osobe, preko Genija udruga, radionica i vojnih jedinica, do <em>Genius loci<\/em> \u010ditavih pokrajinskih gradova.<\/p><p>Ti natpisi predstavljaju klju\u010dan izvor, jer pokazuju koliko je Genije bio samorazumljivo ukorijenjen u svakodnevnom \u017eivotu svih dru\u0161tvenih slojeva, uklju\u010duju\u0107i robove i oslobo\u0111enike, koji su \u0161tovali svoje vlastite genije udruga.<\/p><p>Posljedice ovog pojma u kasnijim razdobljima znatne su. U latinskoj <span class=\"iwg-fachbegriff\" data-tooltip=\"Prijelazno razdoblje izme\u0111u antike i srednjeg vijeka, otprilike od 3. do 7. stolje\u0107a.\" tabindex=\"0\">kasnoj antici<\/span> i u srednjem vijeku Genije se djelomi\u010dno povezao s kr\u0161\u0107anskom predod\u017ebom o <span class=\"iwg-fachbegriff\" data-tooltip=\"An\u0111eo kojemu se pripisuje za\u0161tita pojedinog \u010dovjeka.\" tabindex=\"0\">an\u0111elu \u010duvaru<\/span>, a djelomi\u010dno je opstao kao u\u010deni pojam.<\/p><p>U talijanskoj renesansi i u ranom novom vijeku zna\u010denje se promijenilo: od za\u0161titni\u010dkog duha postala je uro\u0111ena duhovna darovitost, a naposljetku je nastao moderni pojam genija kao stvarala\u010dki izvanrednog \u010dovjeka.<\/p><p>Ovaj pomak u zna\u010denju primjer je toga kako religijski koncept <span class=\"iwg-fachbegriff\" data-tooltip=\"Razdoblje gr\u010dke i rimske kulture, otprilike od 800. pr. Kr. do 600. po. Kr.\" tabindex=\"0\">antike<\/span> nastavlja djelovati u europskoj povijesti ideja, bez da sa\u010duva svoje kultno podrijetlo.<\/p>\t\t\t\t\t\t\t\t<\/div>\n\t\t\t\t<\/div>\n\t\t\t\t\t<\/div>\n\t\t\t\t<\/div>\n\t\t<div class=\"elementor-element elementor-element-36dd7469 e-flex e-con-boxed e-con e-parent\" data-id=\"36dd7469\" data-element_type=\"container\" data-e-type=\"container\">\n\t\t\t\t\t<div class=\"e-con-inner\">\n\t\t\t\t<div class=\"elementor-element elementor-element-13760ab4 elementor-widget elementor-widget-heading\" data-id=\"13760ab4\" data-element_type=\"widget\" data-e-type=\"widget\" data-widget_type=\"heading.default\">\n\t\t\t\t\t<h2 class=\"elementor-heading-title elementor-size-default\">Daljnje poveznice<\/h2>\t\t\t\t<\/div>\n\t\t<div class=\"elementor-element elementor-element-28c87796 e-con-full e-flex e-con e-child\" data-id=\"28c87796\" data-element_type=\"container\" data-e-type=\"container\">\n\t\t\t\t<div class=\"elementor-element elementor-element-5d6538df elementor-widget elementor-widget-text-editor\" data-id=\"5d6538df\" data-element_type=\"widget\" data-e-type=\"widget\" data-widget_type=\"text-editor.default\">\n\t\t\t\t\t\t\t\t\t<ul><li><a href=\"https:\/\/iwell-guard.com\/hr\/?page_id=149572\">Iuno, \u017eenski pandan za \u017eene<\/a><\/li><li><a href=\"https:\/\/iwell-guard.com\/hr\/?page_id=149330\">Rimska religija, cjelokupni kontekst<\/a><\/li><\/ul>\t\t\t\t\t\t\t\t<\/div>\n\t\t\t\t<\/div>\n\t\t\t\t\t<\/div>\n\t\t\t\t<\/div>\n\t\t<div class=\"elementor-element elementor-element-grl4kl40 e-flex e-con-boxed e-con e-parent\" data-id=\"grl4kl40\" data-element_type=\"container\" data-e-type=\"container\">\n\t\t\t\t\t<div class=\"e-con-inner\">\n\t\t\t\t<div class=\"elementor-element elementor-element-bzsbfrmh elementor-widget elementor-widget-heading\" data-id=\"bzsbfrmh\" data-element_type=\"widget\" data-e-type=\"widget\" data-widget_type=\"heading.default\">\n\t\t\t\t\t<h2 class=\"elementor-heading-title elementor-size-default\">Znanstvena literatura<\/h2>\t\t\t\t<\/div>\n\t\t<div class=\"elementor-element elementor-element-2c13224a e-con-full e-flex e-con e-child\" data-id=\"2c13224a\" data-element_type=\"container\" data-e-type=\"container\">\n\t\t\t\t<div class=\"elementor-element elementor-element-0eymh9ub elementor-widget elementor-widget-text-editor\" data-id=\"0eymh9ub\" data-element_type=\"widget\" data-e-type=\"widget\" data-widget_type=\"text-editor.default\">\n\t\t\t\t\t\t\t\t\t<footer class=\"iwg-literatur\" data-nosnippet=\"true\"><ul><li><span data-nosnippet>Beard, Mary \/ North, John \/ Price, Simon: <em>Religions of Rome<\/em>. 2 Bde. Cambridge UP, Cambridge 1998.<\/span><\/li><li><span data-nosnippet>Scheid, John: <em>An Introduction to Roman Religion<\/em>. Edinburgh UP, Edinburgh 2003.<\/span><\/li><li><span data-nosnippet>Dum\u00e9zil, Georges: <em>La religion romaine archa\u00efque<\/em>. Payot, Paris 1974.<\/span><\/li><li><span data-nosnippet>Latte, Kurt: <em>R\u00f6mische Religionsgeschichte<\/em>. C.H. Beck, M\u00fcnchen 1960.<\/span><\/li><li><span data-nosnippet>Wissowa, Georg: <em>Religion und Kultus der R\u00f6mer<\/em>. Beck, M\u00fcnchen 1912.<\/span><\/li><li><span data-nosnippet>Orr, David G.: <em>Roman Domestic Religion: The Evidence of the Household Shrines<\/em>. ANRW II.16.2 (1978), 1557-1591.<\/span><\/li><\/ul><\/footer>\t\t\t\t\t\t\t\t<\/div>\n\t\t\t\t<\/div>\n\t\t\t\t\t<\/div>\n\t\t\t\t<\/div>\n\t\t<div class=\"elementor-element elementor-element-iwgkw2-add-geniusroemisch e-flex e-con-boxed e-con e-parent\" data-id=\"iwgkw2-add-geniusroemisch\" data-element_type=\"container\" data-e-type=\"container\">\n\t\t\t\t\t<div class=\"e-con-inner\">\n\t\t\t\t<div class=\"elementor-element elementor-element-iwgkw2-add-geniusroemisch-t elementor-widget elementor-widget-text-editor\" data-id=\"iwgkw2-add-geniusroemisch-t\" data-element_type=\"widget\" data-e-type=\"widget\" data-widget_type=\"text-editor.default\">\n\t\t\t\t\t\t\t\t\t<p>Genije u <em>rimskom<\/em> shva\u0107anju ozna\u010dava osobnog za\u0161titni\u010dkog duha mu\u0161karca, koji nastaje s njegovim ro\u0111enjem i \u0161tovao se u ku\u0107nom kultu prino\u0161enjem zavjetnih darova na ro\u0111endan i na \u017ertvenicima Lara.<\/p>\t\t\t\t\t\t\t\t<\/div>\n\t\t\t\t\t<\/div>\n\t\t\t\t<\/div>\n\t\t\t\t<\/div>\n\t\t","protected":false},"excerpt":{"rendered":"","protected":false},"author":3,"featured_media":1761,"parent":0,"menu_order":0,"comment_status":"closed","ping_status":"closed","template":"elementor_header_footer","meta":{"_yoast_wpseo_focuskw":"Genij","_yoast_wpseo_title":"Genij \u2013 rimski za\u0161titni\u010dki duh pojedinca","_yoast_wpseo_metadesc":"Predaja o Geniju se\u017ee duboko u povijest Rima, s dokumentacijom od 1. stolje\u0107a.","_yoast_wpseo_meta-robots-noindex":"","_yoast_wpseo_canonical":"","_angie_page":false,"gefaehrdungsstufe":"","wesen_kultur":"rom","wesen_klasse":"lichtwesen","footnotes":""},"categories":[],"class_list":["post-149601","page","type-page","status-publish","has-post-thumbnail","hentry"],"yoast_head":"<!-- This site is optimized with the Yoast SEO Premium plugin v27.7 (Yoast SEO v28.3) - https:\/\/yoast.com\/product\/yoast-seo-premium-wordpress\/ -->\n<title>Genij \u2013 rimski za\u0161titni\u010dki duh pojedinca<\/title>\n<meta name=\"description\" content=\"Predaja o Geniju se\u017ee duboko u povijest Rima, s dokumentacijom od 1. stolje\u0107a.\" \/>\n<meta name=\"robots\" content=\"index, follow, max-snippet:-1, max-image-preview:large, max-video-preview:-1\" \/>\n<link rel=\"canonical\" href=\"https:\/\/iwell-guard.com\/hr\/genij\/\" \/>\n<meta property=\"og:locale\" content=\"hr_HR\" \/>\n<meta property=\"og:type\" content=\"article\" \/>\n<meta property=\"og:title\" content=\"Genij\" \/>\n<meta property=\"og:description\" content=\"Predaja o Geniju se\u017ee duboko u povijest Rima, s dokumentacijom od 1. stolje\u0107a.\" \/>\n<meta property=\"og:url\" content=\"https:\/\/iwell-guard.com\/hr\/genij\/\" \/>\n<meta property=\"og:site_name\" content=\"iWell Guard\" \/>\n<meta property=\"article:modified_time\" content=\"2026-09-04T05:27:36+00:00\" \/>\n<meta property=\"og:image\" content=\"https:\/\/iwell-guard.com\/wp-content\/uploads\/2026\/04\/goetter_rom_genius.webp\" \/>\n\t<meta property=\"og:image:width\" content=\"1024\" \/>\n\t<meta property=\"og:image:height\" content=\"1536\" \/>\n\t<meta property=\"og:image:type\" content=\"image\/webp\" \/>\n<meta name=\"twitter:card\" content=\"summary_large_image\" \/>\n<script type=\"application\/ld+json\" class=\"yoast-schema-graph\">{\"@context\":\"https:\\\/\\\/schema.org\",\"@graph\":[{\"@type\":\"WebPage\",\"@id\":\"https:\\\/\\\/iwell-guard.com\\\/hr\\\/genij\\\/\",\"url\":\"https:\\\/\\\/iwell-guard.com\\\/hr\\\/genij\\\/\",\"name\":\"Genij \u2013 rimski za\u0161titni\u010dki duh pojedinca\",\"isPartOf\":{\"@id\":\"https:\\\/\\\/iwell-guard.com\\\/hr\\\/#website\"},\"primaryImageOfPage\":{\"@id\":\"https:\\\/\\\/iwell-guard.com\\\/hr\\\/genij\\\/#primaryimage\"},\"image\":{\"@id\":\"https:\\\/\\\/iwell-guard.com\\\/hr\\\/genij\\\/#primaryimage\"},\"thumbnailUrl\":\"https:\\\/\\\/iwell-guard.com\\\/wp-content\\\/uploads\\\/2026\\\/04\\\/goetter_rom_genius.webp\",\"datePublished\":\"2026-09-04T05:11:57+00:00\",\"dateModified\":\"2026-09-04T05:27:36+00:00\",\"description\":\"Predaja o Geniju se\u017ee duboko u povijest Rima, s dokumentacijom od 1. stolje\u0107a.\",\"breadcrumb\":{\"@id\":\"https:\\\/\\\/iwell-guard.com\\\/hr\\\/genij\\\/#breadcrumb\"},\"inLanguage\":\"hr\",\"potentialAction\":[{\"@type\":\"ReadAction\",\"target\":[\"https:\\\/\\\/iwell-guard.com\\\/hr\\\/genij\\\/\"]}]},{\"@type\":\"ImageObject\",\"inLanguage\":\"hr\",\"@id\":\"https:\\\/\\\/iwell-guard.com\\\/hr\\\/genij\\\/#primaryimage\",\"url\":\"https:\\\/\\\/iwell-guard.com\\\/wp-content\\\/uploads\\\/2026\\\/04\\\/goetter_rom_genius.webp\",\"contentUrl\":\"https:\\\/\\\/iwell-guard.com\\\/wp-content\\\/uploads\\\/2026\\\/04\\\/goetter_rom_genius.webp\",\"width\":1024,\"height\":1536,\"caption\":\"Bogovi iz rimske tradicije.\"},{\"@type\":\"BreadcrumbList\",\"@id\":\"https:\\\/\\\/iwell-guard.com\\\/hr\\\/genij\\\/#breadcrumb\",\"itemListElement\":[{\"@type\":\"ListItem\",\"position\":1,\"name\":\"Start\",\"item\":\"https:\\\/\\\/iwell-guard.com\\\/hr\\\/?page_id=149317\"},{\"@type\":\"ListItem\",\"position\":2,\"name\":\"Genij\"}]},{\"@type\":\"WebSite\",\"@id\":\"https:\\\/\\\/iwell-guard.com\\\/hr\\\/#website\",\"url\":\"https:\\\/\\\/iwell-guard.com\\\/hr\\\/\",\"name\":\"iWell Guard\",\"description\":\"Schutz vor dunklen Einfl\u00fcssen\",\"publisher\":{\"@id\":\"https:\\\/\\\/iwell-guard.com\\\/hr\\\/#organization\"},\"potentialAction\":[{\"@type\":\"SearchAction\",\"target\":{\"@type\":\"EntryPoint\",\"urlTemplate\":\"https:\\\/\\\/iwell-guard.com\\\/hr\\\/?s={search_term_string}\"},\"query-input\":{\"@type\":\"PropertyValueSpecification\",\"valueRequired\":true,\"valueName\":\"search_term_string\"}}],\"inLanguage\":\"hr\"},{\"@type\":\"Organization\",\"@id\":\"https:\\\/\\\/iwell-guard.com\\\/hr\\\/#organization\",\"name\":\"Ittermann electronic GmbH\",\"url\":\"https:\\\/\\\/iwell-guard.com\\\/hr\\\/\",\"logo\":{\"@type\":\"ImageObject\",\"inLanguage\":\"hr\",\"@id\":\"https:\\\/\\\/iwell-guard.com\\\/hr\\\/#\\\/schema\\\/logo\\\/image\\\/\",\"url\":\"https:\\\/\\\/iwell-guard.com\\\/wp-content\\\/uploads\\\/2026\\\/05\\\/Ittermann-Logo-1182x237-1.png\",\"contentUrl\":\"https:\\\/\\\/iwell-guard.com\\\/wp-content\\\/uploads\\\/2026\\\/05\\\/Ittermann-Logo-1182x237-1.png\",\"width\":1182,\"height\":237,\"caption\":\"Ittermann electronic GmbH\"},\"image\":{\"@id\":\"https:\\\/\\\/iwell-guard.com\\\/hr\\\/#\\\/schema\\\/logo\\\/image\\\/\"},\"sameAs\":[\"https:\\\/\\\/pantip.com\\\/profile\\\/9367242\",\"https:\\\/\\\/micro.blog\\\/iwellguard\",\"https:\\\/\\\/www.diggerslist.com\\\/iwellguard\\\/about\",\"https:\\\/\\\/skitterphoto.com\\\/photographers\\\/2870314\\\/iwell-guard\",\"https:\\\/\\\/iwellguard.wordpress.com\\\/2026\\\/06\\\/06\\\/iwell-guard\\\/\",\"https:\\\/\\\/hub.docker.com\\\/u\\\/iwellguard\",\"https:\\\/\\\/www.pinterest.com\\\/iwellguard\\\/\",\"https:\\\/\\\/bit.ly\\\/m\\\/iwellguard\",\"https:\\\/\\\/entre-vos-mains.alsace.eu\\\/profiles\\\/iwellguard\\\/activity\",\"https:\\\/\\\/gravatar.com\\\/reallybeded8fd34\",\"https:\\\/\\\/naijamatta.com\\\/iwellguard\",\"https:\\\/\\\/www.goodreads.com\\\/iwellguard\",\"https:\\\/\\\/profile.hatena.ne.jp\\\/iwellguard\\\/\",\"https:\\\/\\\/experiment.com\\\/users\\\/iwellguard\",\"https:\\\/\\\/wakelet.com\\\/@iWellGuard82270\",\"https:\\\/\\\/www.chordie.com\\\/forum\\\/profile.php?id=2555664\",\"https:\\\/\\\/www.instapaper.com\\\/p\\\/17757966\",\"https:\\\/\\\/www.mapleprimes.com\\\/users\\\/iwellguard\",\"https:\\\/\\\/businesslistingplus.com\\\/profile\\\/iwell-guard\\\/\",\"https:\\\/\\\/telegra.ph\\\/iWell-Guard-06-06\",\"https:\\\/\\\/pbase.com\\\/iwellguard\\\/iwellguard\",\"https:\\\/\\\/b.hatena.ne.jp\\\/iwellguard\\\/20260607#bookmark-4788405196491818882\",\"https:\\\/\\\/fliphtml5.com\\\/home\\\/iwellguard\",\"https:\\\/\\\/anyflip.com\\\/homepage\\\/cmiwl#About\",\"https:\\\/\\\/transfur.com\\\/Users\\\/iwellguard\",\"http:\\\/\\\/delphi.larsbo.org\\\/user\\\/iwellguard\",\"https:\\\/\\\/jobs.lajobsportal.org\\\/profiles\\\/8380803-iwell-guard\",\"https:\\\/\\\/md.chaosdorf.de\\\/s\\\/jfbe5SBdJD\",\"https:\\\/\\\/www.lingvolive.com\\\/en-us\\\/profile\\\/9ecaeaca-ce11-4e51-9e71-01d55e2bff36\\\/translations\",\"https:\\\/\\\/www.fitday.com\\\/fitness\\\/forums\\\/members\\\/iwellguard.html\",\"https:\\\/\\\/www.mymeetbook.com\\\/iwellguard\",\"https:\\\/\\\/pxhere.com\\\/en\\\/photographer-me\\\/5040798\",\"https:\\\/\\\/disqus.com\\\/by\\\/iwellguard\\\/about\\\/\",\"https:\\\/\\\/pastelink.net\\\/hjwciqwq\",\"https:\\\/\\\/pubhtml5.com\\\/homepage\\\/scjhn\\\/\",\"https:\\\/\\\/www.bitchute.com\\\/channel\\\/2O2eOKzNqujT\",\"https:\\\/\\\/audiomack.com\\\/iwellguard\"]},{\"@type\":\"Article\",\"@id\":\"https:\\\/\\\/iwell-guard.com\\\/hr\\\/genij\\\/#article\",\"isPartOf\":{\"@id\":\"https:\\\/\\\/iwell-guard.com\\\/hr\\\/genij\\\/\"},\"author\":{\"name\":\"Ralf Ittermann\",\"@id\":\"https:\\\/\\\/iwell-guard.com\\\/hr\\\/#\\\/schema\\\/person\\\/ee2a27f1cac3406c7c6fb5820cb7349f\"},\"headline\":\"Genij\",\"datePublished\":\"2026-09-04T05:11:57+00:00\",\"dateModified\":\"2026-09-04T05:27:36+00:00\",\"mainEntityOfPage\":{\"@id\":\"https:\\\/\\\/iwell-guard.com\\\/hr\\\/genij\\\/\"},\"publisher\":{\"@id\":\"https:\\\/\\\/iwell-guard.com\\\/hr\\\/#organization\"},\"image\":{\"@id\":\"https:\\\/\\\/iwell-guard.com\\\/hr\\\/genij\\\/#primaryimage\"},\"thumbnailUrl\":\"https:\\\/\\\/iwell-guard.com\\\/wp-content\\\/uploads\\\/2026\\\/04\\\/goetter_rom_genius.webp\",\"inLanguage\":\"hr\",\"description\":\"Predaja o Geniju se\u017ee duboko u povijest Rima, s dokumentacijom od 1. stolje\u0107a.\"}]}<\/script>\n<!-- \/ Yoast SEO Premium plugin. -->","yoast_head_json":{"title":"Genij \u2013 rimski za\u0161titni\u010dki duh pojedinca","description":"Predaja o Geniju se\u017ee duboko u povijest Rima, s dokumentacijom od 1. stolje\u0107a.","robots":{"index":"index","follow":"follow","max-snippet":"max-snippet:-1","max-image-preview":"max-image-preview:large","max-video-preview":"max-video-preview:-1"},"canonical":"https:\/\/iwell-guard.com\/hr\/genij\/","og_locale":"hr_HR","og_type":"article","og_title":"Genij","og_description":"Predaja o Geniju se\u017ee duboko u povijest Rima, s dokumentacijom od 1. stolje\u0107a.","og_url":"https:\/\/iwell-guard.com\/hr\/genij\/","og_site_name":"iWell Guard","article_modified_time":"2026-09-04T05:27:36+00:00","og_image":[{"width":1024,"height":1536,"url":"https:\/\/iwell-guard.com\/wp-content\/uploads\/2026\/04\/goetter_rom_genius.webp","type":"image\/webp"}],"twitter_card":"summary_large_image","schema":{"@context":"https:\/\/schema.org","@graph":[{"@type":"Article","@id":"https:\/\/iwell-guard.com\/hr\/genij\/#article","isPartOf":{"@id":"https:\/\/iwell-guard.com\/hr\/genij\/"},"author":{"name":"Ralf Ittermann","@id":"https:\/\/iwell-guard.com\/hr\/#\/schema\/person\/ee2a27f1cac3406c7c6fb5820cb7349f"},"headline":"Genij","datePublished":"2026-09-04T05:11:57+00:00","dateModified":"2026-09-04T05:27:36+00:00","mainEntityOfPage":{"@id":"https:\/\/iwell-guard.com\/hr\/genij\/"},"publisher":{"@id":"https:\/\/iwell-guard.com\/hr\/#organization"},"image":{"@id":"https:\/\/iwell-guard.com\/hr\/genij\/#primaryimage"},"thumbnailUrl":"https:\/\/iwell-guard.com\/wp-content\/uploads\/2026\/04\/goetter_rom_genius.webp","inLanguage":"hr","description":"Predaja o Geniju se\u017ee duboko u povijest Rima, s dokumentacijom od 1. stolje\u0107a."},{"@type":"WebPage","@id":"https:\/\/iwell-guard.com\/hr\/genij\/","url":"https:\/\/iwell-guard.com\/hr\/genij\/","name":"Genij \u2013 rimski za\u0161titni\u010dki duh pojedinca","isPartOf":{"@id":"https:\/\/iwell-guard.com\/hr\/#website"},"primaryImageOfPage":{"@id":"https:\/\/iwell-guard.com\/hr\/genij\/#primaryimage"},"image":{"@id":"https:\/\/iwell-guard.com\/hr\/genij\/#primaryimage"},"thumbnailUrl":"https:\/\/iwell-guard.com\/wp-content\/uploads\/2026\/04\/goetter_rom_genius.webp","datePublished":"2026-09-04T05:11:57+00:00","dateModified":"2026-09-04T05:27:36+00:00","description":"Predaja o Geniju se\u017ee duboko u povijest Rima, s dokumentacijom od 1. stolje\u0107a.","breadcrumb":{"@id":"https:\/\/iwell-guard.com\/hr\/genij\/#breadcrumb"},"inLanguage":"hr","potentialAction":[{"@type":"ReadAction","target":["https:\/\/iwell-guard.com\/hr\/genij\/"]}]},{"@type":"ImageObject","inLanguage":"hr","@id":"https:\/\/iwell-guard.com\/hr\/genij\/#primaryimage","url":"https:\/\/iwell-guard.com\/wp-content\/uploads\/2026\/04\/goetter_rom_genius.webp","contentUrl":"https:\/\/iwell-guard.com\/wp-content\/uploads\/2026\/04\/goetter_rom_genius.webp","width":1024,"height":1536,"caption":"Bogovi iz rimske tradicije."},{"@type":"BreadcrumbList","@id":"https:\/\/iwell-guard.com\/hr\/genij\/#breadcrumb","itemListElement":[{"@type":"ListItem","position":1,"name":"Start","item":"https:\/\/iwell-guard.com\/hr\/?page_id=149317"},{"@type":"ListItem","position":2,"name":"Genij"}]},{"@type":"WebSite","@id":"https:\/\/iwell-guard.com\/hr\/#website","url":"https:\/\/iwell-guard.com\/hr\/","name":"iWell Guard","description":"Schutz vor dunklen Einfl\u00fcssen","publisher":{"@id":"https:\/\/iwell-guard.com\/hr\/#organization"},"potentialAction":[{"@type":"SearchAction","target":{"@type":"EntryPoint","urlTemplate":"https:\/\/iwell-guard.com\/hr\/?s={search_term_string}"},"query-input":{"@type":"PropertyValueSpecification","valueRequired":true,"valueName":"search_term_string"}}],"inLanguage":"hr"},{"@type":"Organization","@id":"https:\/\/iwell-guard.com\/hr\/#organization","name":"Ittermann electronic GmbH","url":"https:\/\/iwell-guard.com\/hr\/","logo":{"@type":"ImageObject","inLanguage":"hr","@id":"https:\/\/iwell-guard.com\/hr\/#\/schema\/logo\/image\/","url":"https:\/\/iwell-guard.com\/wp-content\/uploads\/2026\/05\/Ittermann-Logo-1182x237-1.png","contentUrl":"https:\/\/iwell-guard.com\/wp-content\/uploads\/2026\/05\/Ittermann-Logo-1182x237-1.png","width":1182,"height":237,"caption":"Ittermann electronic GmbH"},"image":{"@id":"https:\/\/iwell-guard.com\/hr\/#\/schema\/logo\/image\/"},"sameAs":["https:\/\/pantip.com\/profile\/9367242","https:\/\/micro.blog\/iwellguard","https:\/\/www.diggerslist.com\/iwellguard\/about","https:\/\/skitterphoto.com\/photographers\/2870314\/iwell-guard","https:\/\/iwellguard.wordpress.com\/2026\/06\/06\/iwell-guard\/","https:\/\/hub.docker.com\/u\/iwellguard","https:\/\/www.pinterest.com\/iwellguard\/","https:\/\/bit.ly\/m\/iwellguard","https:\/\/entre-vos-mains.alsace.eu\/profiles\/iwellguard\/activity","https:\/\/gravatar.com\/reallybeded8fd34","https:\/\/naijamatta.com\/iwellguard","https:\/\/www.goodreads.com\/iwellguard","https:\/\/profile.hatena.ne.jp\/iwellguard\/","https:\/\/experiment.com\/users\/iwellguard","https:\/\/wakelet.com\/@iWellGuard82270","https:\/\/www.chordie.com\/forum\/profile.php?id=2555664","https:\/\/www.instapaper.com\/p\/17757966","https:\/\/www.mapleprimes.com\/users\/iwellguard","https:\/\/businesslistingplus.com\/profile\/iwell-guard\/","https:\/\/telegra.ph\/iWell-Guard-06-06","https:\/\/pbase.com\/iwellguard\/iwellguard","https:\/\/b.hatena.ne.jp\/iwellguard\/20260607#bookmark-4788405196491818882","https:\/\/fliphtml5.com\/home\/iwellguard","https:\/\/anyflip.com\/homepage\/cmiwl#About","https:\/\/transfur.com\/Users\/iwellguard","http:\/\/delphi.larsbo.org\/user\/iwellguard","https:\/\/jobs.lajobsportal.org\/profiles\/8380803-iwell-guard","https:\/\/md.chaosdorf.de\/s\/jfbe5SBdJD","https:\/\/www.lingvolive.com\/en-us\/profile\/9ecaeaca-ce11-4e51-9e71-01d55e2bff36\/translations","https:\/\/www.fitday.com\/fitness\/forums\/members\/iwellguard.html","https:\/\/www.mymeetbook.com\/iwellguard","https:\/\/pxhere.com\/en\/photographer-me\/5040798","https:\/\/disqus.com\/by\/iwellguard\/about\/","https:\/\/pastelink.net\/hjwciqwq","https:\/\/pubhtml5.com\/homepage\/scjhn\/","https:\/\/www.bitchute.com\/channel\/2O2eOKzNqujT","https:\/\/audiomack.com\/iwellguard"]},{"@type":"Person","@id":"https:\/\/iwell-guard.com\/hr\/#\/schema\/person\/ee2a27f1cac3406c7c6fb5820cb7349f","name":"Ralf Ittermann","image":{"@type":"ImageObject","inLanguage":"hr","@id":"https:\/\/secure.gravatar.com\/avatar\/073c0153e350a5005b68eb752b445fea71f6b24a26da9449ad7e155e6b446c9d?s=96&d=mm&r=g","url":"https:\/\/secure.gravatar.com\/avatar\/073c0153e350a5005b68eb752b445fea71f6b24a26da9449ad7e155e6b446c9d?s=96&d=mm&r=g","contentUrl":"https:\/\/secure.gravatar.com\/avatar\/073c0153e350a5005b68eb752b445fea71f6b24a26da9449ad7e155e6b446c9d?s=96&d=mm&r=g","caption":"Ralf Ittermann"},"givenName":"Ralf","familyName":"Ittermann","jobTitle":"Gesch\u00e4ftsf\u00fchrer und redaktioneller Verantwortlicher","url":"https:\/\/iwell-guard.com\/hr\/author\/claude\/","description":"Ralf Ittermann ist Gesch\u00e4ftsf\u00fchrer der Ittermann electronic GmbH und redaktioneller Verantwortlicher des iWell-Guard-Lexikons. Er verbindet langj\u00e4hrige Erfahrung in der Pr\u00e4zisionsfertigung mit medialer Praxis und religionsgeschichtlicher Quellenarbeit.","worksFor":{"@type":"Organization","name":"Ittermann electronic GmbH","url":"https:\/\/ittermann.de\/","address":{"@type":"PostalAddress","streetAddress":"K\u00f6hlergasse 16-18","postalCode":"99842","addressLocality":"Ruhla","addressCountry":"DE"}},"knowsAbout":["Religionsgeschichte","Mythologie","Mediale Praxis","Energetische Diagnostik","Schutzpraxis","Volksglauben","Westliche Esoterik"]},{"@type":"Article","@id":"https:\/\/iwell-guard.com\/hr\/genij\/#article","isPartOf":{"@id":"https:\/\/iwell-guard.com\/hr\/genij\/"},"author":{"name":"Ralf Ittermann","@id":"https:\/\/iwell-guard.com\/hr\/#\/schema\/person\/ee2a27f1cac3406c7c6fb5820cb7349f"},"headline":"Genij","datePublished":"2026-09-04T05:11:57+00:00","dateModified":"2026-09-04T05:27:36+00:00","mainEntityOfPage":{"@id":"https:\/\/iwell-guard.com\/hr\/genij\/"},"publisher":{"@id":"https:\/\/iwell-guard.com\/hr\/#organization"},"image":{"@id":"https:\/\/iwell-guard.com\/hr\/genij\/#primaryimage"},"thumbnailUrl":"https:\/\/iwell-guard.com\/wp-content\/uploads\/2026\/04\/goetter_rom_genius.webp","inLanguage":"hr","description":"Predaja o Geniju se\u017ee duboko u povijest Rima, s dokumentacijom od 1. stolje\u0107a."}]}},"_links":{"self":[{"href":"https:\/\/iwell-guard.com\/hr\/wp-json\/wp\/v2\/pages\/149601","targetHints":{"allow":["GET"]}}],"collection":[{"href":"https:\/\/iwell-guard.com\/hr\/wp-json\/wp\/v2\/pages"}],"about":[{"href":"https:\/\/iwell-guard.com\/hr\/wp-json\/wp\/v2\/types\/page"}],"author":[{"embeddable":true,"href":"https:\/\/iwell-guard.com\/hr\/wp-json\/wp\/v2\/users\/3"}],"replies":[{"embeddable":true,"href":"https:\/\/iwell-guard.com\/hr\/wp-json\/wp\/v2\/comments?post=149601"}],"version-history":[{"count":0,"href":"https:\/\/iwell-guard.com\/hr\/wp-json\/wp\/v2\/pages\/149601\/revisions"}],"wp:featuredmedia":[{"embeddable":true,"href":"https:\/\/iwell-guard.com\/hr\/wp-json\/wp\/v2\/media\/1761"}],"wp:attachment":[{"href":"https:\/\/iwell-guard.com\/hr\/wp-json\/wp\/v2\/media?parent=149601"}],"wp:term":[{"taxonomy":"category","embeddable":true,"href":"https:\/\/iwell-guard.com\/hr\/wp-json\/wp\/v2\/categories?post=149601"}],"curies":[{"name":"wp","href":"https:\/\/api.w.org\/{rel}","templated":true}]}}